{"id":134142,"date":"2024-08-15T16:41:14","date_gmt":"2024-08-15T14:41:14","guid":{"rendered":"https:\/\/www.humboldtforum.org\/?post_type=dossier&#038;p=134142"},"modified":"2024-08-15T17:19:55","modified_gmt":"2024-08-15T15:19:55","slug":"kritische-auseinandersetzung-mit-der-architektur","status":"publish","type":"dossier","link":"https:\/\/www.humboldtforum.org\/de\/presse\/dossiers\/kritische-auseinandersetzung-mit-der-architektur\/","title":{"rendered":"Kritische Auseinandersetzung mit der Architektur"},"content":{"rendered":"<section class=\"block block-standard-image\">\n\t<div class=\"container-fluid\">\n\t\t<div class=\"row\">\n\t\t\t<div class=\"col-xs-12 col-md-12\">\n\t\t\t\t\n\t<lazy-media-inline inline-template>\n\t\t<figure itemscope itemtype=\"http:\/\/schema.org\/ImageObject\" class=\"lazy-media-inline \" role=\"group\" id=\"media_69f3b90028a55\" aria-labelledby=\"desc_media_69f3b90028a55\">\n\t\t\t<script type=\"application\/json\" ref=\"data\">\n\t\t\t\t{\n\t\t\t\t\"sizes\" : {\"medium\":{\"file\":\"CF023039-300x225.jpg\",\"width\":300,\"height\":225,\"mime-type\":\"image\\\/jpeg\",\"filesize\":21767},\"large\":{\"file\":\"CF023039-1024x768.jpg\",\"width\":1024,\"height\":768,\"mime-type\":\"image\\\/jpeg\",\"filesize\":196116},\"thumbnail\":{\"file\":\"CF023039-150x150.jpg\",\"width\":150,\"height\":150,\"mime-type\":\"image\\\/jpeg\",\"filesize\":8376},\"medium_large\":{\"file\":\"CF023039-768x576.jpg\",\"width\":768,\"height\":576,\"mime-type\":\"image\\\/jpeg\",\"filesize\":117565},\"small\":{\"file\":\"CF023039-440x330.jpg\",\"width\":440,\"height\":330,\"mime-type\":\"image\\\/jpeg\",\"filesize\":43107},\"semi\":{\"file\":\"CF023039-580x435.jpg\",\"width\":580,\"height\":435,\"mime-type\":\"image\\\/jpeg\",\"filesize\":72002},\"mobile\":{\"file\":\"CF023039-720x540.jpg\",\"width\":720,\"height\":540,\"mime-type\":\"image\\\/jpeg\",\"filesize\":105093},\"hd\":{\"file\":\"CF023039-1280x960.jpg\",\"width\":1280,\"height\":960,\"mime-type\":\"image\\\/jpeg\",\"filesize\":286236},\"original\":{\"file\":\"CF023039.jpg\",\"width\":1333,\"height\":1000}},\n\t\t\t\t\"alt\" : \"Menschen \\u00fcberqueren eine Stra\\u00dfe vor einem historischen Geb\\u00e4ude unter einem blauen Himmel mit Wolken.\",\n\t\t\t\t\"path\" : \"\\\/wp-content\\\/uploads\\\/2024\\\/07\\\/\",\n\t\t\t\t\"video\" : null,\n\t\t\t\t\"autoplay\" : null,\n\t\t\t\t\"youtube\" : null,\n\t\t\t\t\"youtubelabel\" : \"Video abspielen\",\n\t\t\t\t\"brightness\" : 100,\n\t\t\t\t\"crop\" : {\"top\":\"87.81\",\"left\":\"49.15\"},\n\t\t\t\t\"background\" : true,\n\t\t\t\t\"scale\" : 2\t\t\t\t}\n\t\t\t<\/script>\n\n\t\t\t<div class=\"height-container\" style=\"padding-bottom:75.018754688672%;\" v-if=\"sizes\">\n\t\t\t\t\t\t\t\t<lazy-media :inline=\"true\" :alt=\"alt\" :sizes=\"sizes\" :scale=\"scale\" :brightness=\"brightness\" :path=\"path\" :video=\"video\" :autoplay=\"autoplay\" :youtube=\"youtube\" :crop=\"crop\" :youtubelabel=\"youtubelabel\" :background=\"background\" media-id=\"desc_media_69f3b90028a55\"><\/lazy-media>\n\t\t\t\t\t\t\t<\/div>\n\n\t\t\t\t\t\t\t<figcaption class=\"\" id=\"desc_media_69f3b90028a55\">\n\t\t\t\t\t<div class=\"lazy-media-info-body-content\">\n\t\t\t\t\t\t\t\t\t\t\t\t\t<div>Banner und Enzis an der Nordfassade des Humboldt Forums.<\/div>\n\t\t\t\t\t\t\t\t\t\t\t\t\t\t\t\t\t\t\t\t\t\t\t\t\t<div class=\"insignificant\">\u00a9 Stiftung Humboldt Forum im Berliner Schloss \/ Foto: Alexander Schippel<\/div>\n\t\t\t\t\t\t\t\t\t\t\t<\/div>\n\t\t\t\t<\/figcaption>\n\t\t\t\t\t\t\t\t\t<\/figure>\n\t<\/lazy-media-inline>\n\t\t\t<\/div>\n\t\t<\/div>\n\t<\/div>\n<\/section>\n\n<section class=\"block block-header-headline\" >\n    <div class=\"container-fluid\">\n        <div class=\"row\">\n\t\t\t\n                            <div class=\"col-xs-12 col-md-offset-2 col-md-8\">\n                    <div class=\"box\">\n                        <h1>Kritische Auseinandersetzung mit der Architektur und der Geschichte des Ortes<\/h1>\n                    <\/div>\n                <\/div>\n                    <\/div>\n    <\/div>\n<\/section>\n\n\n\n\n<section class=\"block block-standard-image\">\n\t<div class=\"container-fluid\">\n\t\t<div class=\"row\">\n\t\t\t<div class=\"col-xs-10 col-md-6 col-xs-offset-1 col-md-offset-3\">\n\t\t\t\t\t\t\t<\/div>\n\t\t<\/div>\n\t<\/div>\n<\/section>\n\n<section class=\"block block-copy\" >\n    <div class=\"container-fluid\">\n\t\t<div class=\"row \">\n            <div class=\"col-xs-12 col-md-offset-2 col-md-8\">\n                <div class=\"box\">\n                    <div class=\"copy\"><p>Das Humboldt Forum im Berliner Schloss ist ein Ort der Gegens\u00e4tze. Das von Franco Stella entworfene Geb\u00e4ude mit historischen Fassaden ist von au\u00dfen gleicherma\u00dfen als Rekonstruktion und Neubau erkennbar. Mit Kunst am Bau sowie in Ausstellungen, Veranstaltungen und k\u00fcnstlerischen Interventionen setzt sich die Stiftung Humboldt Forum im Berliner Schloss gemeinsam mit den Akteuren kritisch mit der Geschichte und Architektur dieses Ortes auseinander.<\/p>\n<p>Dabei geht es weniger darum, die rekonstruierten historischen Fassaden \u201eaufzubrechen\u201c, wie es aktuell eine Initiative fordert, sondern darum, sie kritisch zu kommentieren und die Geschichte des Ortes sichtbar zu machen. Dies geschieht seit Beginn der Arbeit am und im Humboldt Forum und wird kontinuierlich weitergehen. Sowohl permanent als auch tempor\u00e4r, sowohl in der Programmarbeit als auch am Geb\u00e4ude des teilrekonstruierten Schlosses selbst. <\/p>\n<p>Weitere Informationen finden Sie <a href=\"https:\/\/www.humboldtforum.org\/de\/magazin\/artikel\/kritische-auseinandersetzung-mit-der-architektur\/\">hier<\/a>.<\/p>\n<\/div>\n                <\/div>\n            <\/div>\n\t\t<\/div>\n\t\t    <\/div>\n<\/section>\n\n<section class=\"block block-headline block-no-margin \" >\n\t<div class=\"container-fluid\">\n\t\t<div class=\"row\">\n\t\t\t\t\t\t\t<div class=\"col-xs-12\">\n\t\t\t\t\t<div class=\"box\">\n\t\t\t\t\t\t<h2 class=\".h2\">Bilder<\/h2>\n\t\t\t\t\t<\/div>\n\t\t\t\t<\/div>\n\t\t\t\t\t<\/div>\n\t<\/div>\n<\/section>\n\n\n\n\n\n<section class=\"block block-press-image-select\">\n\t\t<div class=\"container-fluid\">\n\t\t<div class=\"row\">\n\t\t\t\t\t\t<div class=\"block-press-item col-xs-6 col-md-3\">\n\t\t\t\t<div class=\"box\">\n\t\t\t\t\n\t<lazy-media-inline inline-template>\n\t\t<figure itemscope itemtype=\"http:\/\/schema.org\/ImageObject\" class=\"lazy-media-inline \" role=\"group\" id=\"media_69f3b90030c5f\" aria-labelledby=\"desc_media_69f3b90030c5f\">\n\t\t\t<script type=\"application\/json\" ref=\"data\">\n\t\t\t\t{\n\t\t\t\t\"sizes\" : {\"medium\":{\"file\":\"CF023082-300x225.jpg\",\"width\":300,\"height\":225,\"mime-type\":\"image\\\/jpeg\",\"filesize\":22643},\"thumbnail\":{\"file\":\"CF023082-150x150.jpg\",\"width\":150,\"height\":150,\"mime-type\":\"image\\\/jpeg\",\"filesize\":8010},\"small\":{\"file\":\"CF023082-440x330.jpg\",\"width\":440,\"height\":330,\"mime-type\":\"image\\\/jpeg\",\"filesize\":42347},\"semi\":{\"file\":\"CF023082-580x435.jpg\",\"width\":580,\"height\":435,\"mime-type\":\"image\\\/jpeg\",\"filesize\":71495},\"original\":{\"file\":\"CF023082.jpg\",\"width\":600,\"height\":450}},\n\t\t\t\t\"alt\" : \"Historisches Geb\\u00e4ude mit gro\\u00dfem Eingang, bunten Bannern und modernen Sitzgelegenheiten im Vordergrund.\",\n\t\t\t\t\"path\" : \"\\\/wp-content\\\/uploads\\\/2024\\\/07\\\/\",\n\t\t\t\t\"video\" : null,\n\t\t\t\t\"autoplay\" : null,\n\t\t\t\t\"youtube\" : null,\n\t\t\t\t\"youtubelabel\" : \"Video abspielen\",\n\t\t\t\t\"brightness\" : 100,\n\t\t\t\t\"crop\" : null,\n\t\t\t\t\"background\" : false,\n\t\t\t\t\"scale\" : 1\t\t\t\t}\n\t\t\t<\/script>\n\n\t\t\t<div class=\"height-container\" style=\"padding-bottom:75%;\" v-if=\"sizes\">\n\t\t\t\t\t\t\t\t<lazy-media :inline=\"true\" :alt=\"alt\" :sizes=\"sizes\" :scale=\"scale\" :brightness=\"brightness\" :path=\"path\" :video=\"video\" :autoplay=\"autoplay\" :youtube=\"youtube\" :crop=\"crop\" :youtubelabel=\"youtubelabel\" :background=\"background\" media-id=\"desc_media_69f3b90030c5f\"><\/lazy-media>\n\t\t\t\t\t\t\t<\/div>\n\n\t\t\t\t\t\t\t<figcaption class=\"lazy-info-margin-exception\" id=\"desc_media_69f3b90030c5f\">\n\t\t\t\t\t<div class=\"lazy-media-info-body-content\">\n\t\t\t\t\t\t\t\t\t\t\t\t\t<div>Nordfassade des Humboldt Forums<\/div>\n\t\t\t\t\t\t\t\t\t\t\t\t\t\t\t\t\t\t\t\t\t\t\t\t\t<div class=\"insignificant\">\u00a9 Stiftung Humboldt Forum im Berliner Schloss. Foto: Alexander Schippel<\/div>\n\t\t\t\t\t\t\t\t\t\t\t<\/div>\n\t\t\t\t<\/figcaption>\n\t\t\t\t\t\t\t\t\t<\/figure>\n\t<\/lazy-media-inline>\n<press-shopping-cart-inline inline-template>\n\t<div class=\"press-shopping-cart-inline\"  v-bind:class=\"{ 'isNotSelected': !isSelected, 'isSelected': isSelected }\">\n\t\t<script type=\"application\/json\" ref=\"data\">\n{\n\"id\" : \"134004\",\n\"type\" : \"image\",\n\"snackbar_added\" : \"Zu Downloads hinzugef\u00fcgt\",\n\"snackbar_removed\" : \"Aus Downloads gel\u00f6scht\",\n\"snackbar_link\" : \"https:\/\/www.humboldtforum.org\/de\/presse\/download\/\",\n\"additional_data\" : null,\n\"name\" : \"Nordfassade des Humboldt Forums\"}\n\t\t<\/script>\n\t\t<div class=\"vue-initialize\" ref=\"item\">\n\t\t\t<button class=\"button-with-icon\" :class=\"{hidden:isSelected}\" @click=\"add\"><span class=\"button-icon icon-plus\" aria-hidden=\"true\"><\/span><span class=\"button-label\">zu Downloads hinzuf\u00fcgen<\/span><\/button>\n\t\t\t<button class=\"button-with-icon rem\" :class=\"{hidden:!isSelected}\" @click=\"remove\"><span class=\"button-icon icon-close\" aria-hidden=\"true\"><\/span><span class=\"button-label\">aus downloads entfernen<\/span><\/button>\n\t\t<\/div>\n\t<\/div>\n<\/press-shopping-cart-inline>\n\t\t\t\t<\/div>\n\t\t\t<\/div>\n\t\t\t\t\t\t<div class=\"block-press-item col-xs-6 col-md-3\">\n\t\t\t\t<div class=\"box\">\n\t\t\t\t\n\t<lazy-media-inline inline-template>\n\t\t<figure itemscope itemtype=\"http:\/\/schema.org\/ImageObject\" class=\"lazy-media-inline \" role=\"group\" id=\"media_69f3b9003136e\" aria-labelledby=\"desc_media_69f3b9003136e\">\n\t\t\t<script type=\"application\/json\" ref=\"data\">\n\t\t\t\t{\n\t\t\t\t\"sizes\" : {\"medium\":{\"file\":\"SHF_eb00129736_Der-Kosmos-_-Things-Fall-Apart-300x237.jpg\",\"width\":300,\"height\":237,\"mime-type\":\"image\\\/jpeg\"},\"large\":{\"file\":\"SHF_eb00129736_Der-Kosmos-_-Things-Fall-Apart-1024x810.jpg\",\"width\":1024,\"height\":810,\"mime-type\":\"image\\\/jpeg\"},\"thumbnail\":{\"file\":\"SHF_eb00129736_Der-Kosmos-_-Things-Fall-Apart-150x150.jpg\",\"width\":150,\"height\":150,\"mime-type\":\"image\\\/jpeg\"},\"medium_large\":{\"file\":\"SHF_eb00129736_Der-Kosmos-_-Things-Fall-Apart-768x607.jpg\",\"width\":768,\"height\":607,\"mime-type\":\"image\\\/jpeg\"},\"small\":{\"file\":\"SHF_eb00129736_Der-Kosmos-_-Things-Fall-Apart-440x348.jpg\",\"width\":440,\"height\":348,\"mime-type\":\"image\\\/jpeg\"},\"semi\":{\"file\":\"SHF_eb00129736_Der-Kosmos-_-Things-Fall-Apart-580x459.jpg\",\"width\":580,\"height\":459,\"mime-type\":\"image\\\/jpeg\"},\"mobile\":{\"file\":\"SHF_eb00129736_Der-Kosmos-_-Things-Fall-Apart-720x569.jpg\",\"width\":720,\"height\":569,\"mime-type\":\"image\\\/jpeg\"},\"hd\":{\"file\":\"SHF_eb00129736_Der-Kosmos-_-Things-Fall-Apart-1280x1012.jpg\",\"width\":1280,\"height\":1012,\"mime-type\":\"image\\\/jpeg\"},\"full\":{\"file\":\"SHF_eb00129736_Der-Kosmos-_-Things-Fall-Apart-1920x1518.jpg\",\"width\":1920,\"height\":1518,\"mime-type\":\"image\\\/jpeg\"},\"1536x1536\":{\"file\":\"SHF_eb00129736_Der-Kosmos-_-Things-Fall-Apart-1536x1214.jpg\",\"width\":1536,\"height\":1214,\"mime-type\":\"image\\\/jpeg\"},\"2048x2048\":{\"file\":\"SHF_eb00129736_Der-Kosmos-_-Things-Fall-Apart-2048x1619.jpg\",\"width\":2048,\"height\":1619,\"mime-type\":\"image\\\/jpeg\"},\"original\":{\"file\":\"SHF_eb00129736_Der-Kosmos-_-Things-Fall-Apart.jpg\",\"width\":3000,\"height\":2372}},\n\t\t\t\t\"alt\" : \"Mann steht vor einem historischen Geb\\u00e4ude mit Kunstinstallationen auf dem Dach. Blauer Himmel und Sonnenschein.\",\n\t\t\t\t\"path\" : \"\\\/wp-content\\\/uploads\\\/2021\\\/12\\\/\",\n\t\t\t\t\"video\" : null,\n\t\t\t\t\"autoplay\" : null,\n\t\t\t\t\"youtube\" : null,\n\t\t\t\t\"youtubelabel\" : \"Video abspielen\",\n\t\t\t\t\"brightness\" : 100,\n\t\t\t\t\"crop\" : null,\n\t\t\t\t\"background\" : false,\n\t\t\t\t\"scale\" : 1\t\t\t\t}\n\t\t\t<\/script>\n\n\t\t\t<div class=\"height-container\" style=\"padding-bottom:79.066666666667%;\" v-if=\"sizes\">\n\t\t\t\t\t\t\t\t<lazy-media :inline=\"true\" :alt=\"alt\" :sizes=\"sizes\" :scale=\"scale\" :brightness=\"brightness\" :path=\"path\" :video=\"video\" :autoplay=\"autoplay\" :youtube=\"youtube\" :crop=\"crop\" :youtubelabel=\"youtubelabel\" :background=\"background\" media-id=\"desc_media_69f3b9003136e\"><\/lazy-media>\n\t\t\t\t\t\t\t<\/div>\n\n\t\t\t\t\t\t\t<figcaption class=\"lazy-info-margin-exception\" id=\"desc_media_69f3b9003136e\">\n\t\t\t\t\t<div class=\"lazy-media-info-body-content\">\n\t\t\t\t\t\t\t\t\t\t\t\t\t\t\t\t\t\t\t<div>&quot;Der Kosmos &#8211; Things Fall Apart&quot; auf der Dachterrasse: Die Klanginstallation des nigerianischen K&uuml;nstlers Emeka Ogboh &uuml;bt auch mit Blick auf die Inschrift und das Kreuz der Kuppel Kritik an den zerst&ouml;rerischen Einfl&uuml;ssen des Christentums auf die Kultur der Igbo. <\/div>\n\t\t\t\t\t\t\t\t\t\t\t\t\t\t\t\t\t\t\t<div class=\"insignificant\">\u00a9 Emeka Ogboh, Der Kosmos \u2013 Things Fall Apart, 2021 \/ Stiftung Humboldt Forum im Berliner Schloss, Foto: Felix Zahn \/ photothek.de<\/div>\n\t\t\t\t\t\t\t\t\t\t\t<\/div>\n\t\t\t\t<\/figcaption>\n\t\t\t\t\t\t\t\t\t<\/figure>\n\t<\/lazy-media-inline>\n<press-shopping-cart-inline inline-template>\n\t<div class=\"press-shopping-cart-inline\"  v-bind:class=\"{ 'isNotSelected': !isSelected, 'isSelected': isSelected }\">\n\t\t<script type=\"application\/json\" ref=\"data\">\n{\n\"id\" : \"35949\",\n\"type\" : \"image\",\n\"snackbar_added\" : \"Zu Downloads hinzugef\u00fcgt\",\n\"snackbar_removed\" : \"Aus Downloads gel\u00f6scht\",\n\"snackbar_link\" : \"https:\/\/www.humboldtforum.org\/de\/presse\/download\/\",\n\"additional_data\" : null,\n\"name\" : \"\"}\n\t\t<\/script>\n\t\t<div class=\"vue-initialize\" ref=\"item\">\n\t\t\t<button class=\"button-with-icon\" :class=\"{hidden:isSelected}\" @click=\"add\"><span class=\"button-icon icon-plus\" aria-hidden=\"true\"><\/span><span class=\"button-label\">zu Downloads hinzuf\u00fcgen<\/span><\/button>\n\t\t\t<button class=\"button-with-icon rem\" :class=\"{hidden:!isSelected}\" @click=\"remove\"><span class=\"button-icon icon-close\" aria-hidden=\"true\"><\/span><span class=\"button-label\">aus downloads entfernen<\/span><\/button>\n\t\t<\/div>\n\t<\/div>\n<\/press-shopping-cart-inline>\n\t\t\t\t<\/div>\n\t\t\t<\/div>\n\t\t\t\t\t\t<div class=\"block-press-item col-xs-6 col-md-3\">\n\t\t\t\t<div class=\"box\">\n\t\t\t\t\n\t<lazy-media-inline inline-template>\n\t\t<figure itemscope itemtype=\"http:\/\/schema.org\/ImageObject\" class=\"lazy-media-inline \" role=\"group\" id=\"media_69f3b900316bf\" aria-labelledby=\"desc_media_69f3b900316bf\">\n\t\t\t<script type=\"application\/json\" ref=\"data\">\n\t\t\t\t{\n\t\t\t\t\"sizes\" : {\"medium\":{\"file\":\"Umrissmarkierung_-300x144.jpg\",\"width\":300,\"height\":144,\"mime-type\":\"image\\\/jpeg\",\"filesize\":16502},\"large\":{\"file\":\"Umrissmarkierung_-1024x492.jpg\",\"width\":1024,\"height\":492,\"mime-type\":\"image\\\/jpeg\",\"filesize\":140220},\"thumbnail\":{\"file\":\"Umrissmarkierung_-150x150.jpg\",\"width\":150,\"height\":150,\"mime-type\":\"image\\\/jpeg\",\"filesize\":8839},\"medium_large\":{\"file\":\"Umrissmarkierung_-768x369.jpg\",\"width\":768,\"height\":369,\"mime-type\":\"image\\\/jpeg\",\"filesize\":87799},\"small\":{\"file\":\"Umrissmarkierung_-440x211.jpg\",\"width\":440,\"height\":211,\"mime-type\":\"image\\\/jpeg\",\"filesize\":33184},\"semi\":{\"file\":\"Umrissmarkierung_-580x278.jpg\",\"width\":580,\"height\":278,\"mime-type\":\"image\\\/jpeg\",\"filesize\":54339},\"mobile\":{\"file\":\"Umrissmarkierung_-720x346.jpg\",\"width\":720,\"height\":346,\"mime-type\":\"image\\\/jpeg\",\"filesize\":78857},\"hd\":{\"file\":\"Umrissmarkierung_-1280x614.jpg\",\"width\":1280,\"height\":614,\"mime-type\":\"image\\\/jpeg\",\"filesize\":199433},\"original\":{\"file\":\"Umrissmarkierung_.jpg\",\"width\":1500,\"height\":720}},\n\t\t\t\t\"alt\" : \"Luftaufnahme eines modernen Geb\\u00e4udes mit Stadtlandschaft und Blick auf historische Architektur.\",\n\t\t\t\t\"path\" : \"\\\/wp-content\\\/uploads\\\/2024\\\/07\\\/\",\n\t\t\t\t\"video\" : null,\n\t\t\t\t\"autoplay\" : null,\n\t\t\t\t\"youtube\" : null,\n\t\t\t\t\"youtubelabel\" : \"Video abspielen\",\n\t\t\t\t\"brightness\" : 100,\n\t\t\t\t\"crop\" : null,\n\t\t\t\t\"background\" : false,\n\t\t\t\t\"scale\" : 1\t\t\t\t}\n\t\t\t<\/script>\n\n\t\t\t<div class=\"height-container\" style=\"padding-bottom:48%;\" v-if=\"sizes\">\n\t\t\t\t\t\t\t\t<lazy-media :inline=\"true\" :alt=\"alt\" :sizes=\"sizes\" :scale=\"scale\" :brightness=\"brightness\" :path=\"path\" :video=\"video\" :autoplay=\"autoplay\" :youtube=\"youtube\" :crop=\"crop\" :youtubelabel=\"youtubelabel\" :background=\"background\" media-id=\"desc_media_69f3b900316bf\"><\/lazy-media>\n\t\t\t\t\t\t\t<\/div>\n\n\t\t\t\t\t\t\t<figcaption class=\"lazy-info-margin-exception\" id=\"desc_media_69f3b900316bf\">\n\t\t\t\t\t<div class=\"lazy-media-info-body-content\">\n\t\t\t\t\t\t\t\t\t\t\t\t\t\t\t\t\t\t\t<div>Eine tempor&auml;re orangefarbene Linie zum Jahresschwerpunkt &quot;Hin und weg. Der Palast der Republik ist Gegenwart&quot; markiert den einstigen Umriss des Palastes der Republik. <\/div>\n\t\t\t\t\t\t\t\t\t\t\t\t\t\t\t\t\t\t\t<div class=\"insignificant\">\u00a9 Foto links: Stiftung Humboldt Forum im Berliner Schloss, Drohnenaufnahme: Boheifilm. Foto rechts: Michael Mathis<\/div>\n\t\t\t\t\t\t\t\t\t\t\t<\/div>\n\t\t\t\t<\/figcaption>\n\t\t\t\t\t\t\t\t\t<\/figure>\n\t<\/lazy-media-inline>\n<press-shopping-cart-inline inline-template>\n\t<div class=\"press-shopping-cart-inline\"  v-bind:class=\"{ 'isNotSelected': !isSelected, 'isSelected': isSelected }\">\n\t\t<script type=\"application\/json\" ref=\"data\">\n{\n\"id\" : \"134655\",\n\"type\" : \"image\",\n\"snackbar_added\" : \"Zu Downloads hinzugef\u00fcgt\",\n\"snackbar_removed\" : \"Aus Downloads gel\u00f6scht\",\n\"snackbar_link\" : \"https:\/\/www.humboldtforum.org\/de\/presse\/download\/\",\n\"additional_data\" : null,\n\"name\" : \"\"}\n\t\t<\/script>\n\t\t<div class=\"vue-initialize\" ref=\"item\">\n\t\t\t<button class=\"button-with-icon\" :class=\"{hidden:isSelected}\" @click=\"add\"><span class=\"button-icon icon-plus\" aria-hidden=\"true\"><\/span><span class=\"button-label\">zu Downloads hinzuf\u00fcgen<\/span><\/button>\n\t\t\t<button class=\"button-with-icon rem\" :class=\"{hidden:!isSelected}\" @click=\"remove\"><span class=\"button-icon icon-close\" aria-hidden=\"true\"><\/span><span class=\"button-label\">aus downloads entfernen<\/span><\/button>\n\t\t<\/div>\n\t<\/div>\n<\/press-shopping-cart-inline>\n\t\t\t\t<\/div>\n\t\t\t<\/div>\n\t\t\t\t\t\t<div class=\"block-press-item col-xs-6 col-md-3\">\n\t\t\t\t<div class=\"box\">\n\t\t\t\t\n\t<lazy-media-inline inline-template>\n\t\t<figure itemscope itemtype=\"http:\/\/schema.org\/ImageObject\" class=\"lazy-media-inline \" role=\"group\" id=\"media_69f3b9003197e\" aria-labelledby=\"desc_media_69f3b9003197e\">\n\t\t\t<script type=\"application\/json\" ref=\"data\">\n\t\t\t\t{\n\t\t\t\t\"sizes\" : {\"medium\":{\"file\":\"SHF_eb00212870-300x200.jpg\",\"width\":300,\"height\":200,\"mime-type\":\"image\\\/jpeg\",\"filesize\":11326},\"large\":{\"file\":\"SHF_eb00212870-1024x683.jpg\",\"width\":1024,\"height\":683,\"mime-type\":\"image\\\/jpeg\",\"filesize\":75871},\"thumbnail\":{\"file\":\"SHF_eb00212870-150x150.jpg\",\"width\":150,\"height\":150,\"mime-type\":\"image\\\/jpeg\",\"filesize\":5575},\"medium_large\":{\"file\":\"SHF_eb00212870-768x512.jpg\",\"width\":768,\"height\":512,\"mime-type\":\"image\\\/jpeg\",\"filesize\":48270},\"small\":{\"file\":\"SHF_eb00212870-440x294.jpg\",\"width\":440,\"height\":294,\"mime-type\":\"image\\\/jpeg\",\"filesize\":20481},\"semi\":{\"file\":\"SHF_eb00212870-580x387.jpg\",\"width\":580,\"height\":387,\"mime-type\":\"image\\\/jpeg\",\"filesize\":31286},\"mobile\":{\"file\":\"SHF_eb00212870-720x480.jpg\",\"width\":720,\"height\":480,\"mime-type\":\"image\\\/jpeg\",\"filesize\":43803},\"original\":{\"file\":\"SHF_eb00212870.jpg\",\"width\":1280,\"height\":854}},\n\t\t\t\t\"alt\" : \"Besucher stehen vor interaktiven Bildschirmen in einem zeitgem\\u00e4\\u00dfen Ausstellungsraum.\",\n\t\t\t\t\"path\" : \"\\\/wp-content\\\/uploads\\\/2024\\\/03\\\/\",\n\t\t\t\t\"video\" : null,\n\t\t\t\t\"autoplay\" : null,\n\t\t\t\t\"youtube\" : null,\n\t\t\t\t\"youtubelabel\" : \"Video abspielen\",\n\t\t\t\t\"brightness\" : 100,\n\t\t\t\t\"crop\" : {\"top\":\"51.69\",\"left\":\"50.31\"},\n\t\t\t\t\"background\" : true,\n\t\t\t\t\"scale\" : 2\t\t\t\t}\n\t\t\t<\/script>\n\n\t\t\t<div class=\"height-container\" style=\"padding-bottom:66.71875%;\" v-if=\"sizes\">\n\t\t\t\t\t\t\t\t<lazy-media :inline=\"true\" :alt=\"alt\" :sizes=\"sizes\" :scale=\"scale\" :brightness=\"brightness\" :path=\"path\" :video=\"video\" :autoplay=\"autoplay\" :youtube=\"youtube\" :crop=\"crop\" :youtubelabel=\"youtubelabel\" :background=\"background\" media-id=\"desc_media_69f3b9003197e\"><\/lazy-media>\n\t\t\t\t\t\t\t<\/div>\n\n\t\t\t\t\t\t\t<figcaption class=\"lazy-info-margin-exception\" id=\"desc_media_69f3b9003197e\">\n\t\t\t\t\t<div class=\"lazy-media-info-body-content\">\n\t\t\t\t\t\t\t\t\t\t\t\t\t\t\t\t\t\t\t<div> Im gesamten Geb&auml;ude verteilt erinnern 36 Spuren an wichtige Ereignisse und Aspekte aus der Vergangenheit des Ortes. Zeugnisse aus dem Schloss und der Palast der Republik vergegenw&auml;rtigen ungew&ouml;hnliche und allt&auml;gliche Momente der langen Geschichte. Dazu geh&ouml;ren im Portaldurchgang 1 sowie 5 Fotos, Objekte und Filme der Revolutionen 1848, 1918 und 1989. <\/div>\n\t\t\t\t\t\t\t\t\t\t\t\t\t\t\t\t\t\t\t<div class=\"insignificant\">\u00a9 Stiftung Humboldt Forum im Berliner Schloss, Foto: Andreas K\u00f6nig<\/div>\n\t\t\t\t\t\t\t\t\t\t\t<\/div>\n\t\t\t\t<\/figcaption>\n\t\t\t\t\t\t\t\t\t<\/figure>\n\t<\/lazy-media-inline>\n<press-shopping-cart-inline inline-template>\n\t<div class=\"press-shopping-cart-inline\"  v-bind:class=\"{ 'isNotSelected': !isSelected, 'isSelected': isSelected }\">\n\t\t<script type=\"application\/json\" ref=\"data\">\n{\n\"id\" : \"125414\",\n\"type\" : \"image\",\n\"snackbar_added\" : \"Zu Downloads hinzugef\u00fcgt\",\n\"snackbar_removed\" : \"Aus Downloads gel\u00f6scht\",\n\"snackbar_link\" : \"https:\/\/www.humboldtforum.org\/de\/presse\/download\/\",\n\"additional_data\" : null,\n\"name\" : \"\"}\n\t\t<\/script>\n\t\t<div class=\"vue-initialize\" ref=\"item\">\n\t\t\t<button class=\"button-with-icon\" :class=\"{hidden:isSelected}\" @click=\"add\"><span class=\"button-icon icon-plus\" aria-hidden=\"true\"><\/span><span class=\"button-label\">zu Downloads hinzuf\u00fcgen<\/span><\/button>\n\t\t\t<button class=\"button-with-icon rem\" :class=\"{hidden:!isSelected}\" @click=\"remove\"><span class=\"button-icon icon-close\" aria-hidden=\"true\"><\/span><span class=\"button-label\">aus downloads entfernen<\/span><\/button>\n\t\t<\/div>\n\t<\/div>\n<\/press-shopping-cart-inline>\n\t\t\t\t<\/div>\n\t\t\t<\/div>\n\t\t\t\t\t\t<div class=\"block-press-item col-xs-6 col-md-3\">\n\t\t\t\t<div class=\"box\">\n\t\t\t\t\n\t<lazy-media-inline inline-template>\n\t\t<figure itemscope itemtype=\"http:\/\/schema.org\/ImageObject\" class=\"lazy-media-inline \" role=\"group\" id=\"media_69f3b90031bdd\" aria-labelledby=\"desc_media_69f3b90031bdd\">\n\t\t\t<script type=\"application\/json\" ref=\"data\">\n\t\t\t\t{\n\t\t\t\t\"sizes\" : {\"medium\":{\"file\":\"SHF_eb00135578-300x200.jpg\",\"width\":300,\"height\":200,\"mime-type\":\"image\\\/jpeg\",\"filesize\":11590},\"large\":{\"file\":\"SHF_eb00135578-1024x683.jpg\",\"width\":1024,\"height\":683,\"mime-type\":\"image\\\/jpeg\",\"filesize\":78722},\"thumbnail\":{\"file\":\"SHF_eb00135578-150x150.jpg\",\"width\":150,\"height\":150,\"mime-type\":\"image\\\/jpeg\",\"filesize\":5896},\"medium_large\":{\"file\":\"SHF_eb00135578-768x512.jpg\",\"width\":768,\"height\":512,\"mime-type\":\"image\\\/jpeg\",\"filesize\":50454},\"small\":{\"file\":\"SHF_eb00135578-440x294.jpg\",\"width\":440,\"height\":294,\"mime-type\":\"image\\\/jpeg\",\"filesize\":21306},\"semi\":{\"file\":\"SHF_eb00135578-580x387.jpg\",\"width\":580,\"height\":387,\"mime-type\":\"image\\\/jpeg\",\"filesize\":32840},\"mobile\":{\"file\":\"SHF_eb00135578-720x480.jpg\",\"width\":720,\"height\":480,\"mime-type\":\"image\\\/jpeg\",\"filesize\":46245},\"original\":{\"file\":\"SHF_eb00135578.jpg\",\"width\":1280,\"height\":854}},\n\t\t\t\t\"alt\" : \"Eine Person betrachtet eine reliefartige Wandskulptur mit menschlichen Figuren in einer modernen Galerie.\",\n\t\t\t\t\"path\" : \"\\\/wp-content\\\/uploads\\\/2024\\\/07\\\/\",\n\t\t\t\t\"video\" : null,\n\t\t\t\t\"autoplay\" : null,\n\t\t\t\t\"youtube\" : null,\n\t\t\t\t\"youtubelabel\" : \"Video abspielen\",\n\t\t\t\t\"brightness\" : 100,\n\t\t\t\t\"crop\" : null,\n\t\t\t\t\"background\" : true,\n\t\t\t\t\"scale\" : 2\t\t\t\t}\n\t\t\t<\/script>\n\n\t\t\t<div class=\"height-container\" style=\"padding-bottom:66.71875%;\" v-if=\"sizes\">\n\t\t\t\t\t\t\t\t<lazy-media :inline=\"true\" :alt=\"alt\" :sizes=\"sizes\" :scale=\"scale\" :brightness=\"brightness\" :path=\"path\" :video=\"video\" :autoplay=\"autoplay\" :youtube=\"youtube\" :crop=\"crop\" :youtubelabel=\"youtubelabel\" :background=\"background\" media-id=\"desc_media_69f3b90031bdd\"><\/lazy-media>\n\t\t\t\t\t\t\t<\/div>\n\n\t\t\t\t\t\t\t<figcaption class=\"lazy-info-margin-exception\" id=\"desc_media_69f3b90031bdd\">\n\t\t\t\t\t<div class=\"lazy-media-info-body-content\">\n\t\t\t\t\t\t\t\t\t\t\t\t\t\t\t\t\t\t\t<div>Spur 19: &quot;Lob des Kommunismus&quot; von Jo Jastram im zentralen Treppenhaus. Dieses Segment war Teil des 14 Meter langen Bronzereliefs &quot;Lob des Kommunismus&quot; im Foyer des Volkskammersaals im Palast der Republik. Angeregt durch Gedichte von\nBertolt Brecht zeigte der Bildhauer Jo Jastram die Entwicklung der Menschheit als eine Folge von Klassenk&auml;mpfen, an deren Ende die kommunistische Gesellschaft steht. Nach der Demontage 1998 wurde das Relief entlang der historischen Schwei&szlig;n&auml;hte zertrennt. <\/div>\n\t\t\t\t\t\t\t\t\t\t\t\t\t\t\t\t\t\t\t<div class=\"insignificant\">\u00a9 Jo Jastram \/ Bundesrepublik Deutschland \/ Stiftung Humboldt Forum im Berliner Schloss, Foto: Thomas Trutschel\/photothek.de<\/div>\n\t\t\t\t\t\t\t\t\t\t\t<\/div>\n\t\t\t\t<\/figcaption>\n\t\t\t\t\t\t\t\t\t<\/figure>\n\t<\/lazy-media-inline>\n<press-shopping-cart-inline inline-template>\n\t<div class=\"press-shopping-cart-inline\"  v-bind:class=\"{ 'isNotSelected': !isSelected, 'isSelected': isSelected }\">\n\t\t<script type=\"application\/json\" ref=\"data\">\n{\n\"id\" : \"134066\",\n\"type\" : \"image\",\n\"snackbar_added\" : \"Zu Downloads hinzugef\u00fcgt\",\n\"snackbar_removed\" : \"Aus Downloads gel\u00f6scht\",\n\"snackbar_link\" : \"https:\/\/www.humboldtforum.org\/de\/presse\/download\/\",\n\"additional_data\" : null,\n\"name\" : \"\"}\n\t\t<\/script>\n\t\t<div class=\"vue-initialize\" ref=\"item\">\n\t\t\t<button class=\"button-with-icon\" :class=\"{hidden:isSelected}\" @click=\"add\"><span class=\"button-icon icon-plus\" aria-hidden=\"true\"><\/span><span class=\"button-label\">zu Downloads hinzuf\u00fcgen<\/span><\/button>\n\t\t\t<button class=\"button-with-icon rem\" :class=\"{hidden:!isSelected}\" @click=\"remove\"><span class=\"button-icon icon-close\" aria-hidden=\"true\"><\/span><span class=\"button-label\">aus downloads entfernen<\/span><\/button>\n\t\t<\/div>\n\t<\/div>\n<\/press-shopping-cart-inline>\n\t\t\t\t<\/div>\n\t\t\t<\/div>\n\t\t\t\t\t\t<div class=\"block-press-item col-xs-6 col-md-3\">\n\t\t\t\t<div class=\"box\">\n\t\t\t\t\n\t<lazy-media-inline inline-template>\n\t\t<figure itemscope itemtype=\"http:\/\/schema.org\/ImageObject\" class=\"lazy-media-inline \" role=\"group\" id=\"media_69f3b90031e81\" aria-labelledby=\"desc_media_69f3b90031e81\">\n\t\t\t<script type=\"application\/json\" ref=\"data\">\n\t\t\t\t{\n\t\t\t\t\"sizes\" : {\"medium\":{\"file\":\"SHF_eb00201730-kleiner-300x190.jpg\",\"width\":300,\"height\":190,\"mime-type\":\"image\\\/jpeg\",\"filesize\":14662},\"large\":{\"file\":\"SHF_eb00201730-kleiner-1024x648.jpg\",\"width\":1024,\"height\":648,\"mime-type\":\"image\\\/jpeg\",\"filesize\":102679},\"thumbnail\":{\"file\":\"SHF_eb00201730-kleiner-150x150.jpg\",\"width\":150,\"height\":150,\"mime-type\":\"image\\\/jpeg\",\"filesize\":6772},\"medium_large\":{\"file\":\"SHF_eb00201730-kleiner-768x486.jpg\",\"width\":768,\"height\":486,\"mime-type\":\"image\\\/jpeg\",\"filesize\":65215},\"small\":{\"file\":\"SHF_eb00201730-kleiner-440x278.jpg\",\"width\":440,\"height\":278,\"mime-type\":\"image\\\/jpeg\",\"filesize\":27197},\"semi\":{\"file\":\"SHF_eb00201730-kleiner-580x367.jpg\",\"width\":580,\"height\":367,\"mime-type\":\"image\\\/jpeg\",\"filesize\":41938},\"mobile\":{\"file\":\"SHF_eb00201730-kleiner-720x456.jpg\",\"width\":720,\"height\":456,\"mime-type\":\"image\\\/jpeg\",\"filesize\":58673},\"original\":{\"file\":\"SHF_eb00201730-kleiner.jpg\",\"width\":1144,\"height\":724}},\n\t\t\t\t\"alt\" : \"Menschenmenge bei n\\u00e4chtlichem Event vor einem historischen Geb\\u00e4ude, erleuchtet von bunten Lichtern.\",\n\t\t\t\t\"path\" : \"\\\/wp-content\\\/uploads\\\/2024\\\/07\\\/\",\n\t\t\t\t\"video\" : null,\n\t\t\t\t\"autoplay\" : null,\n\t\t\t\t\"youtube\" : null,\n\t\t\t\t\"youtubelabel\" : \"Video abspielen\",\n\t\t\t\t\"brightness\" : 100,\n\t\t\t\t\"crop\" : null,\n\t\t\t\t\"background\" : true,\n\t\t\t\t\"scale\" : 2\t\t\t\t}\n\t\t\t<\/script>\n\n\t\t\t<div class=\"height-container\" style=\"padding-bottom:63.286713286713%;\" v-if=\"sizes\">\n\t\t\t\t\t\t\t\t<lazy-media :inline=\"true\" :alt=\"alt\" :sizes=\"sizes\" :scale=\"scale\" :brightness=\"brightness\" :path=\"path\" :video=\"video\" :autoplay=\"autoplay\" :youtube=\"youtube\" :crop=\"crop\" :youtubelabel=\"youtubelabel\" :background=\"background\" media-id=\"desc_media_69f3b90031e81\"><\/lazy-media>\n\t\t\t\t\t\t\t<\/div>\n\n\t\t\t\t\t\t\t<figcaption class=\"lazy-info-margin-exception\" id=\"desc_media_69f3b90031e81\">\n\t\t\t\t\t<div class=\"lazy-media-info-body-content\">\n\t\t\t\t\t\t\t\t\t\t\t\t\t\t\t\t\t\t\t<div>Veranstaltungen und k&uuml;nstlerische Interventionen sind auch kritische Kommentare zur Architektur, z.B. das transkulturelle Musikfestival &bdquo;Durchl&uuml;ften&ldquo; mit Musiker*innen aus den Berliner Communities und internationalen G&auml;sten. <\/div>\n\t\t\t\t\t\t\t\t\t\t\t\t\t\t\t\t\t\t\t<div class=\"insignificant\">\u00a9 Stiftung Humboldt Forum im Berliner Schloss, Foto: Frank Sperling<\/div>\n\t\t\t\t\t\t\t\t\t\t\t<\/div>\n\t\t\t\t<\/figcaption>\n\t\t\t\t\t\t\t\t\t<\/figure>\n\t<\/lazy-media-inline>\n<press-shopping-cart-inline inline-template>\n\t<div class=\"press-shopping-cart-inline\"  v-bind:class=\"{ 'isNotSelected': !isSelected, 'isSelected': isSelected }\">\n\t\t<script type=\"application\/json\" ref=\"data\">\n{\n\"id\" : \"135006\",\n\"type\" : \"image\",\n\"snackbar_added\" : \"Zu Downloads hinzugef\u00fcgt\",\n\"snackbar_removed\" : \"Aus Downloads gel\u00f6scht\",\n\"snackbar_link\" : \"https:\/\/www.humboldtforum.org\/de\/presse\/download\/\",\n\"additional_data\" : null,\n\"name\" : \"\"}\n\t\t<\/script>\n\t\t<div class=\"vue-initialize\" ref=\"item\">\n\t\t\t<button class=\"button-with-icon\" :class=\"{hidden:isSelected}\" @click=\"add\"><span class=\"button-icon icon-plus\" aria-hidden=\"true\"><\/span><span class=\"button-label\">zu Downloads hinzuf\u00fcgen<\/span><\/button>\n\t\t\t<button class=\"button-with-icon rem\" :class=\"{hidden:!isSelected}\" @click=\"remove\"><span class=\"button-icon icon-close\" aria-hidden=\"true\"><\/span><span class=\"button-label\">aus downloads entfernen<\/span><\/button>\n\t\t<\/div>\n\t<\/div>\n<\/press-shopping-cart-inline>\n\t\t\t\t<\/div>\n\t\t\t<\/div>\n\t\t\t\t\t<\/div>\n\t<\/div>\n\t<\/section>\n\n\n","protected":false},"excerpt":{"rendered":"","protected":false},"featured_media":134004,"template":"","class_list":["post-134142","dossier","type-dossier","status-publish","has-post-thumbnail","hentry"],"acf":[],"_links":{"self":[{"href":"https:\/\/www.humboldtforum.org\/de\/wp-json\/wp\/v2\/dossier\/134142","targetHints":{"allow":["GET"]}}],"collection":[{"href":"https:\/\/www.humboldtforum.org\/de\/wp-json\/wp\/v2\/dossier"}],"about":[{"href":"https:\/\/www.humboldtforum.org\/de\/wp-json\/wp\/v2\/types\/dossier"}],"version-history":[{"count":12,"href":"https:\/\/www.humboldtforum.org\/de\/wp-json\/wp\/v2\/dossier\/134142\/revisions"}],"predecessor-version":[{"id":135083,"href":"https:\/\/www.humboldtforum.org\/de\/wp-json\/wp\/v2\/dossier\/134142\/revisions\/135083"}],"wp:featuredmedia":[{"embeddable":true,"href":"https:\/\/www.humboldtforum.org\/de\/wp-json\/wp\/v2\/media\/134004"}],"wp:attachment":[{"href":"https:\/\/www.humboldtforum.org\/de\/wp-json\/wp\/v2\/media?parent=134142"}],"curies":[{"name":"wp","href":"https:\/\/api.w.org\/{rel}","templated":true}]}}