{"id":117323,"date":"2023-12-19T09:27:50","date_gmt":"2023-12-19T08:27:50","guid":{"rendered":"https:\/\/www.humboldtforum.org\/?post_type=event-bookable&#038;p=117323"},"modified":"2024-10-17T12:57:16","modified_gmt":"2024-10-17T10:57:16","slug":"was-ist-buddhismus","status":"publish","type":"event-bookable","link":"https:\/\/www.humboldtforum.org\/de\/programm\/angebot\/fuehrung\/was-ist-buddhismus-117323\/","title":{"rendered":"Was ist Buddhismus?"},"content":{"rendered":"<section class=\"block block-copy\" >\n    <div class=\"container-fluid\">\n\t\t<div class=\"row \">\n            <div class=\"col-xs-12 col-md-offset-2 col-md-8\">\n                <div class=\"box\">\n                    <div class=\"copy\"><p>Meditation, Achtsamkeit, Yoga \u2013 viele buddhistische Praktiken haben heutzutage Einzug in den Alltag gefunden. Anhand von Skulpturen und Reliefs erkunden die Sch\u00fcler*innen die Anf\u00e4nge des Buddhismus und lernen die Lebensgeschichte von Siddhartha Gautama kennen. Welche Wege f\u00fchren zur Erleuchtung? Und was haben Mudras (symbolische Handgesten) und Emojis gemeinsam? Die Sch\u00fcler*innen gehen diesen Fragen nach und lernen atmosph\u00e4rische Orte im Museum, wie die H\u00f6hle der Ringtragenden Tauben und die projizierten Sternbilder \u00fcber der Seidenstra\u00dfe kennen.<\/p>\n<\/div>\n                <\/div>\n            <\/div>\n\t\t<\/div>\n\t\t    <\/div>\n<\/section>\n\n<section class=\"block block-teaser col-1 has-bg\" style=\"--teaser-bg:#f2f2f2\">\n\t<lazy-component :fixed-min-height=\"400\">\n\t\n\t\t\t\t\t<div class=\"container-fluid\">\n\t\t\t\t<div class=\"row bottom-xs\">\n\t\t\t\t\t<div class=\"col-xs-12 col-sm-10 col-md-8 col-sm-offset-1 col-md-offset-2\">\n\t\t\t\t\t\t<h4>geh\u00f6rt zu<\/h4>\t\t\t\t\t\t\t\t\t\t\t\t\t\t\t\t\t\t\t<\/div>\n\t\t\t\t\t<div class=\"col-xs-12 col-sm-10 col-md-8 col-sm-offset-1 col-md-offset-2 start-xs end-md margin-bottom-sixth\">\n\t\t\t\t\t\t\t\t\t\t\t<\/div>\n\t\t\t\t<\/div>\n\t\t\t\t<ul class=\"row\">\n\t\t\t\n<li class=\"col-xs-12 teaser-wrapper col-padding-remove\">\n\t<calendarteaser key=\"460213147\" rawitem='{&quot;postId&quot;:46021,&quot;title&quot;:&quot;Ethnologische Sammlungen und Asiatische Kunst&quot;,&quot;excerpt&quot;:&quot;Neu kuratiert, mitten in Berlin: Die Ausstellungen des Ethnologischen Museums und des Museums f\\u00fcr Asiatische Kunst der Staatlichen Museen zu Berlin im Humboldt Forum erm\\u00f6glichen verschiedene Blicke auf vergangene und gegenw\\u00e4rtige Kulturen Afrikas, Amerikas, Asiens und Ozeaniens.&quot;,&quot;slug&quot;:&quot;ethnologische-sammlungen-und-asiatische-kunst&quot;,&quot;post_date&quot;:&quot;2022-07-12T18:45&quot;,&quot;type&quot;:&quot;event-permanent&quot;,&quot;permalink&quot;:&quot;https:\\\/\\\/www.humboldtforum.org\\\/de\\\/programm\\\/dauerangebot\\\/ausstellung\\\/ethnologische-sammlungen-und-asiatische-kunst-46021\\\/&quot;,&quot;genre&quot;:[391],&quot;genre_details&quot;:[{&quot;text&quot;:&quot;Ausstellung&quot;,&quot;id&quot;:391,&quot;icon&quot;:null,&quot;parent&quot;:0}],&quot;stakeholder&quot;:[530],&quot;stakeholder_details&quot;:[{&quot;text&quot;:&quot;Staatliche Museen zu Berlin&quot;,&quot;id&quot;:530,&quot;icon&quot;:null,&quot;parent&quot;:0}],&quot;editorial&quot;:[479,1132,1133],&quot;editorial_details&quot;:[{&quot;text&quot;:&quot;\\u00fcberraschend&quot;,&quot;id&quot;:479,&quot;icon&quot;:null,&quot;parent&quot;:0},{&quot;text&quot;:&quot;vielseitig&quot;,&quot;id&quot;:1132,&quot;icon&quot;:null,&quot;parent&quot;:0},{&quot;text&quot;:&quot;weitr\\u00e4umig&quot;,&quot;id&quot;:1133,&quot;icon&quot;:null,&quot;parent&quot;:0}],&quot;targetgroup&quot;:[383],&quot;targetgroup_details&quot;:[{&quot;text&quot;:&quot;Erwachsene&quot;,&quot;id&quot;:383,&quot;icon&quot;:null,&quot;parent&quot;:0}],&quot;language&quot;:[384,385],&quot;language_details&quot;:[{&quot;text&quot;:&quot;Deutsch&quot;,&quot;id&quot;:384,&quot;icon&quot;:null,&quot;parent&quot;:0},{&quot;text&quot;:&quot;Englisch&quot;,&quot;id&quot;:385,&quot;icon&quot;:null,&quot;parent&quot;:0}],&quot;accessability&quot;:[430],&quot;accessability_details&quot;:[{&quot;text&quot;:&quot;Rollstuhlgerecht&quot;,&quot;id&quot;:430,&quot;icon&quot;:null,&quot;parent&quot;:0}],&quot;place&quot;:[899,896,895],&quot;place_details&quot;:{&quot;place&quot;:&quot;Humboldt Forum&quot;,&quot;map&quot;:&quot;Humboldt Forum, Schlossplatz, Berlin&quot;,&quot;room&quot;:&quot;Afrika, 2. OG, Asien, 3. OG, Ozeanien, 2. OG&quot;},&quot;icon_overwrite&quot;:&quot;&quot;,&quot;acf&quot;:{&quot;shorturl&quot;:&quot;museen&quot;,&quot;planning&quot;:{&quot;price&quot;:&quot;14 \\u20ac \\\/ 7 \\u20ac&quot;,&quot;status&quot;:&quot;BUY&quot;,&quot;info&quot;:&quot;Ausstellungsticket erforderlich&quot;,&quot;shop&quot;:&quot;https:\\\/\\\/tickets.humboldtforum.org\\\/#\\\/tickets\\\/time?museum_id=1&amp;exhibition_id=17&amp;group=day&amp;date=2025-10-03&quot;,&quot;can_purchase&quot;:true},&quot;periods&quot;:[{&quot;label&quot;:&quot;&quot;,&quot;dates&quot;:[{&quot;start&quot;:&quot;202301020000&quot;,&quot;end&quot;:&quot;202212310000&quot;,&quot;has_end&quot;:false,&quot;start_HRFSHORT&quot;:&quot;02.01.23&quot;,&quot;start_HRFSHORT_WD&quot;:&quot;Mo 02.01.2023&quot;}],&quot;monday&quot;:[{&quot;start&quot;:&quot;10:30&quot;,&quot;end&quot;:&quot;18:30&quot;,&quot;closed&quot;:false}],&quot;tuesday&quot;:[{&quot;start&quot;:null,&quot;end&quot;:null,&quot;closed&quot;:true}],&quot;wednesday&quot;:[{&quot;start&quot;:&quot;10:30&quot;,&quot;end&quot;:&quot;18:30&quot;,&quot;closed&quot;:false}],&quot;thursday&quot;:[{&quot;start&quot;:&quot;10:30&quot;,&quot;end&quot;:&quot;18:30&quot;,&quot;closed&quot;:false}],&quot;friday&quot;:[{&quot;start&quot;:&quot;10:30&quot;,&quot;end&quot;:&quot;18:30&quot;,&quot;closed&quot;:false}],&quot;saturday&quot;:[{&quot;start&quot;:&quot;10:30&quot;,&quot;end&quot;:&quot;18:30&quot;,&quot;closed&quot;:false}],&quot;sunday&quot;:[{&quot;start&quot;:&quot;10:30&quot;,&quot;end&quot;:&quot;18:30&quot;,&quot;closed&quot;:false}],&quot;info&quot;:&quot;&quot;,&quot;description&quot;:&quot;&quot;}],&quot;display_as_single&quot;:false,&quot;subline&quot;:&quot;Neupr\\u00e4sentation der Sammlungen&quot;,&quot;marketing_text&quot;:&quot;Neupr\\u00e4sentation der Sammlungen&quot;,&quot;shorttext&quot;:&quot;Neu kuratiert, mitten in Berlin: Die Ausstellungen des Ethnologischen Museums und des Museums f\\u00fcr Asiatische Kunst der Staatlichen Museen zu Berlin im Humboldt Forum erm\\u00f6glichen verschiedene Blicke auf vergangene und gegenw\\u00e4rtige Kulturen Afrikas, Amerikas, Asiens und Ozeaniens.&quot;,&quot;highlight_header&quot;:true,&quot;highlight_header_image&quot;:139470,&quot;has_mobile_format&quot;:true,&quot;highlight_header_image_mobile&quot;:139468,&quot;hyphenation&quot;:false,&quot;tipp&quot;:false,&quot;joker&quot;:false,&quot;live&quot;:false,&quot;noindex&quot;:false,&quot;keywords&quot;:&quot;&quot;,&quot;use_opening_hours_of_the_house&quot;:true,&quot;additional_info&quot;:{&quot;icon&quot;:&quot;0&quot;,&quot;text&quot;:&quot;&quot;},&quot;use_video_in_teasers&quot;:false,&quot;hide_event_in_program&quot;:false,&quot;video_brightness&quot;:&quot;80&quot;,&quot;period_exception&quot;:[{&quot;label&quot;:&quot;&quot;,&quot;date&quot;:&quot;202209150000&quot;,&quot;closed&quot;:true,&quot;start&quot;:null,&quot;end&quot;:null,&quot;date_HRFSHORT&quot;:&quot;15.09.22&quot;},{&quot;label&quot;:&quot;&quot;,&quot;date&quot;:&quot;202209160000&quot;,&quot;closed&quot;:true,&quot;start&quot;:null,&quot;end&quot;:null,&quot;date_HRFSHORT&quot;:&quot;16.09.22&quot;},{&quot;label&quot;:&quot;&quot;,&quot;date&quot;:&quot;202512240000&quot;,&quot;closed&quot;:true,&quot;start&quot;:null,&quot;end&quot;:null,&quot;date_HRFSHORT&quot;:&quot;24.12.25&quot;},{&quot;label&quot;:&quot;&quot;,&quot;date&quot;:&quot;202512250000&quot;,&quot;closed&quot;:false,&quot;start&quot;:&quot;12:00&quot;,&quot;end&quot;:&quot;18:00&quot;,&quot;date_HRFSHORT&quot;:&quot;25.12.25&quot;},{&quot;label&quot;:&quot;&quot;,&quot;date&quot;:&quot;202512260000&quot;,&quot;closed&quot;:false,&quot;start&quot;:&quot;12:00&quot;,&quot;end&quot;:&quot;18:00&quot;,&quot;date_HRFSHORT&quot;:&quot;26.12.25&quot;},{&quot;label&quot;:&quot;&quot;,&quot;date&quot;:&quot;202512300000&quot;,&quot;closed&quot;:false,&quot;start&quot;:&quot;10:30&quot;,&quot;end&quot;:&quot;18:30&quot;,&quot;date_HRFSHORT&quot;:&quot;30.12.25&quot;},{&quot;label&quot;:&quot;&quot;,&quot;date&quot;:&quot;202512310000&quot;,&quot;closed&quot;:false,&quot;start&quot;:&quot;10:30&quot;,&quot;end&quot;:&quot;16:30&quot;,&quot;date_HRFSHORT&quot;:&quot;31.12.25&quot;},{&quot;label&quot;:&quot;&quot;,&quot;date&quot;:&quot;202601010000&quot;,&quot;closed&quot;:false,&quot;start&quot;:&quot;12:00&quot;,&quot;end&quot;:&quot;18:00&quot;,&quot;date_HRFSHORT&quot;:&quot;01.01.26&quot;}],&quot;events&quot;:[120975,124114,124205,124802,126089,126277,126466,126511,32427,44022,42920,40399,42686,42680,42631,42620,40438,40478,40458,30274,39452,39449,127878,30276,129597,131797,132013,132086,128801,132716,133852,134112,135428,135561,136004,141147,142763,145372,148356,148641,148710,149451,153328,154811,156852,157929,158305,158753,159460,159618,159627,159647,160717,161570],&quot;infotext&quot;:&quot;Einzelne wenige Teilbereiche k\\u00f6nnen aufgrund technisch organisatorischer Erfordernisse vor\\u00fcbergehend geschlossen sein. Die Ausstellungsfl\\u00e4chen sind aufgrund von Wartungsarbeiten im 3. OG vom 27. - 30.4.2026 nicht zug\\u00e4nglich.&quot;},&quot;period_list&quot;:&quot;&lt;strong&gt;\\u00d6ffnungszeiten&lt;\\\/strong&gt;\\nMo, Mi, Do, Fr, Sa, So: 10:30 \\u2013 18:30 Uhr\\nDi: geschlossen\\n\\n&quot;,&quot;period_exception&quot;:&quot;&quot;,&quot;date&quot;:{&quot;infinite&quot;:true,&quot;from_DATE&quot;:202301020000,&quot;from&quot;:1672655400,&quot;from_TIME&quot;:&quot;10:30&quot;,&quot;to&quot;:1809251880,&quot;to_DATE&quot;:202705011528,&quot;to_TIME&quot;:&quot;18:30&quot;,&quot;from_HRFSHORT&quot;:&quot; 2. Jan 2023&quot;,&quot;from_HRFSHORT_WD&quot;:&quot;Mo 02.01.2023&quot;,&quot;from_HRF&quot;:&quot;Mo,  2. Januar 2023&quot;,&quot;to_HRF&quot;:&quot;So,  2. Mai 2027&quot;,&quot;to_HRFSHORT&quot;:&quot; 2. Mai 2027&quot;,&quot;to_HRFSHORT_WD&quot;:&quot;So 02.05.2027&quot;,&quot;from_to_HRF&quot;:&quot;Mo,  2. Januar 2023 \\u2013 So,  2. Mai 2027&quot;,&quot;from_to_HRFSHORT&quot;:&quot; 2. Jan 2023 \\u2013  2. Mai 2027&quot;,&quot;NXX&quot;:&quot;202605011528&quot;,&quot;NLAST&quot;:&quot;202705020958&quot;,&quot;NX&quot;:&quot;20260501&quot;},&quot;alert&quot;:&quot;Highlight&quot;,&quot;partof&quot;:[],&quot;marketing_topic&quot;:&quot;&quot;}' inline-template>\n\t<a href=\"https:\/\/www.humboldtforum.org\/de\/programm\/dauerangebot\/ausstellung\/ethnologische-sammlungen-und-asiatische-kunst-46021\/\" class=\"teaser teaser-event-permanent teaser-event-standard\">\n\t\t<div class=\"row\">\n\t\t\t<div class=\"col-xs-12 col-sm-6 col-md-5 col-sm-offset-1 col-md-offset-2 first-sm teaser-event-text Infos\">\n\t\t\t\t<div class=\"teaser-event-standard-text\">\n\t\t\t\t\t<div class=\"margin-bottom-atom\">\n\t\t\t\t\t\t<div class=\"subline clamp-1\" v-html=\"maingenre\"><\/div>\n\t\t\t\t\t\t\t\t\t\t\t<\/div>\n\t\t\t\t\n\t\t\t\t\t<strong class=\"margin-bottom-atom h5\">Ethnologische Sammlungen und Asiatische Kunst<\/strong>\n\n\t\t\t\t\t\t\t\t\t\t\t<div class=\"\">Neupr\u00e4sentation der Sammlungen<\/div>\n\t\t\t\t\t\t\t\t\t<\/div>\n\t\t\t\t<div class=\"teaser-bottom border-bottom\">\n\t\t\t\t<calendardateline :rawitem='item' :show-icon=\"true\"><\/calendardateline>\n\t\t\t\t\t<hr>\n\t\t\t\t<\/div>\n\t\t\t<\/div>\n\t\t\t<div class=\"col-xs-12 col-sm-4 col-md-3 teaser-event-image bottom-xs first-xs\">\n\t\t\t\t<div class=\"teaser-image teaser-image-no-alternate\">\n\t\t\t\t\t\t\t\t\t\t\t\t\t<span class=\"alert\">Highlight<\/span>\n\t\t\t\t\t\t\t\t\t\t\t\n\t<lazy-media-inline inline-template>\n\t\t<figure itemscope itemtype=\"http:\/\/schema.org\/ImageObject\" class=\"lazy-media-inline \" role=\"group\" id=\"media_69f4c6b4ba13f\" aria-labelledby=\"desc_media_69f4c6b4ba13f\">\n\t\t\t<script type=\"application\/json\" ref=\"data\">\n\t\t\t\t{\n\t\t\t\t\"sizes\" : {\"medium\":{\"file\":\"SHF_eb00226127-176x300.jpg\",\"width\":176,\"height\":300,\"mime-type\":\"image\\\/jpeg\",\"filesize\":10736},\"large\":{\"file\":\"SHF_eb00226127-600x1024.jpg\",\"width\":600,\"height\":1024,\"mime-type\":\"image\\\/jpeg\",\"filesize\":91736},\"thumbnail\":{\"file\":\"SHF_eb00226127-150x150.jpg\",\"width\":150,\"height\":150,\"mime-type\":\"image\\\/jpeg\",\"filesize\":5912},\"medium_large\":{\"file\":\"SHF_eb00226127-768x1311.jpg\",\"width\":768,\"height\":1311,\"mime-type\":\"image\\\/jpeg\",\"filesize\":143600},\"small\":{\"file\":\"SHF_eb00226127-258x440.jpg\",\"width\":258,\"height\":440,\"mime-type\":\"image\\\/jpeg\",\"filesize\":20778},\"semi\":{\"file\":\"SHF_eb00226127-340x580.jpg\",\"width\":340,\"height\":580,\"mime-type\":\"image\\\/jpeg\",\"filesize\":33486},\"mobile\":{\"file\":\"SHF_eb00226127-422x720.jpg\",\"width\":422,\"height\":720,\"mime-type\":\"image\\\/jpeg\",\"filesize\":48702},\"hd\":{\"file\":\"SHF_eb00226127-750x1280.jpg\",\"width\":750,\"height\":1280,\"mime-type\":\"image\\\/jpeg\",\"filesize\":137620},\"full\":{\"file\":\"SHF_eb00226127-1124x1920.jpg\",\"width\":1124,\"height\":1920,\"mime-type\":\"image\\\/jpeg\",\"filesize\":286887},\"1536x1536\":{\"file\":\"SHF_eb00226127-899x1536.jpg\",\"width\":899,\"height\":1536,\"mime-type\":\"image\\\/jpeg\",\"filesize\":191741},\"2048x2048\":{\"file\":\"SHF_eb00226127-1199x2048.jpg\",\"width\":1199,\"height\":2048,\"mime-type\":\"image\\\/jpeg\",\"filesize\":321534},\"original\":{\"file\":\"SHF_eb00226127.jpg\",\"width\":1464,\"height\":2500}},\n\t\t\t\t\"alt\" : \"Zwei Statuen stehen nebeneinander: eine hinduistische Gottheit und eine traditionelle Figur in lebhaften Rott\\u00f6nen.\",\n\t\t\t\t\"path\" : \"\\\/wp-content\\\/uploads\\\/2024\\\/11\\\/\",\n\t\t\t\t\"video\" : null,\n\t\t\t\t\"autoplay\" : null,\n\t\t\t\t\"youtube\" : null,\n\t\t\t\t\"youtubelabel\" : \"Video abspielen\",\n\t\t\t\t\"brightness\" : 100,\n\t\t\t\t\"crop\" : null,\n\t\t\t\t\"background\" : true,\n\t\t\t\t\"scale\" : 1\t\t\t\t}\n\t\t\t<\/script>\n\n\t\t\t<div class=\"height-container\" style=\"padding-bottom:170.7650273224%;\" v-if=\"sizes\">\n\t\t\t\t\t\t\t\t<lazy-media :inline=\"true\" :alt=\"alt\" :sizes=\"sizes\" :scale=\"scale\" :brightness=\"brightness\" :path=\"path\" :video=\"video\" :autoplay=\"autoplay\" :youtube=\"youtube\" :crop=\"crop\" :youtubelabel=\"youtubelabel\" :background=\"background\" media-id=\"desc_media_69f4c6b4ba13f\"><\/lazy-media>\n\t\t\t\t\t\t\t<\/div>\n\n\t\t\t\t\t\t\t<figcaption class=\"sr-only\" ref=\"body\" id=\"desc_media_69f4c6b4ba13f\">\n\t\t\t\t\t\t\t\t\t\t\t\t\t\t\t\t<div>Mangaaka-Kraftfigur <\/div>\n\t\t\t\t\t\t\t\t\t\t\t\t\t\t\t\t<div class=\"insignificant\">\u00a9 Stiftung Humboldt Forum im Berliner Schloss \/ Staatliche Museen zu Berlin, Museum f\u00fcr Asiatische Kunst und Ethnologisches Museum \/ Fotos: Philipp Jester | Jens Blank<\/div>\n\t\t\t\t\t\t\t\t\t<\/figcaption>\n\t\t\t\t\t<\/figure>\n\t<\/lazy-media-inline>\n\t\t\t\t<\/div>\n\t\t\t<\/div>\n\t\t<\/div>\n\t<\/a>\n\t<\/calendarteaser>\n<\/li>\n\n\t\t\t\t<\/ul>\n\t\t\t<\/div>\n\t\t\t\t<\/lazy-component>\n<\/section>\n\n\n\n<section class=\"block block-CTA block-CTA-long leftgradient\">\n\t<div class=\"container-fluid\">\n\t\t<div class=\"row center-xs\">\n\t\t\t<div class=\"col-xs-12\">\n\t\t\t\t<div class=\"box\">\n\t\t\t\t\t<a href=\"https:\/\/www.humboldtforum.org\/de\/newsletter-2\/\" aria-label=\"Bleiben Sie auf dem Laufenden!\" class=\"teaser teaser-cta-wide \">\n\t\t\t\t\t\t<div class=\"teaser-image\">\n\t\t\t\t\t\t\t\n\t<lazy-media-inline inline-template>\n\t\t<figure itemscope itemtype=\"http:\/\/schema.org\/ImageObject\" class=\"lazy-media-inline \" role=\"group\" id=\"media_69f4c6b4bbf38\" aria-labelledby=\"desc_media_69f4c6b4bbf38\">\n\t\t\t<script type=\"application\/json\" ref=\"data\">\n\t\t\t\t{\n\t\t\t\t\"sizes\" : {\"medium\":{\"file\":\"HF_eb00061823-scaled-300x200.jpg\",\"width\":300,\"height\":200,\"mime-type\":\"image\\\/jpeg\",\"filesize\":19186},\"large\":{\"file\":\"HF_eb00061823-scaled-1024x683.jpg\",\"width\":1024,\"height\":683,\"mime-type\":\"image\\\/jpeg\",\"filesize\":138597},\"thumbnail\":{\"file\":\"HF_eb00061823-scaled-150x150.jpg\",\"width\":150,\"height\":150,\"mime-type\":\"image\\\/jpeg\",\"filesize\":8513},\"medium_large\":{\"file\":\"HF_eb00061823-scaled-768x512.jpg\",\"width\":768,\"height\":512,\"mime-type\":\"image\\\/jpeg\",\"filesize\":86200},\"small\":{\"file\":\"HF_eb00061823-scaled-440x293.jpg\",\"width\":440,\"height\":293,\"mime-type\":\"image\\\/jpeg\",\"filesize\":35525},\"semi\":{\"file\":\"HF_eb00061823-scaled-580x387.jpg\",\"width\":580,\"height\":387,\"mime-type\":\"image\\\/jpeg\",\"filesize\":55724},\"mobile\":{\"file\":\"HF_eb00061823-scaled-720x480.jpg\",\"width\":720,\"height\":480,\"mime-type\":\"image\\\/jpeg\",\"filesize\":77971},\"hd\":{\"file\":\"HF_eb00061823-scaled-1280x854.jpg\",\"width\":1280,\"height\":854,\"mime-type\":\"image\\\/jpeg\",\"filesize\":202477},\"full\":{\"file\":\"HF_eb00061823-scaled-1920x1280.jpg\",\"width\":1920,\"height\":1280,\"mime-type\":\"image\\\/jpeg\",\"filesize\":386736},\"1536x1536\":{\"file\":\"HF_eb00061823-scaled-1536x1024.jpg\",\"width\":1536,\"height\":1024,\"mime-type\":\"image\\\/jpeg\",\"filesize\":266197},\"2048x2048\":{\"file\":\"HF_eb00061823-scaled-2048x1366.jpg\",\"width\":2048,\"height\":1366,\"mime-type\":\"image\\\/jpeg\",\"filesize\":430206},\"original\":{\"file\":\"HF_eb00061823-scaled.jpg\",\"width\":2560,\"height\":1707}},\n\t\t\t\t\"alt\" : \"Blick in das beleuchtete Foyer von der Galerie im ersten Stock mit Besuchenden, Infopoint und Medienturm\",\n\t\t\t\t\"path\" : \"\\\/wp-content\\\/uploads\\\/2020\\\/04\\\/\",\n\t\t\t\t\"video\" : null,\n\t\t\t\t\"autoplay\" : null,\n\t\t\t\t\"youtube\" : null,\n\t\t\t\t\"youtubelabel\" : \"Video abspielen\",\n\t\t\t\t\"brightness\" : \"70\",\n\t\t\t\t\"crop\" : {\"top\":\"90.37\",\"left\":\"39.93\"},\n\t\t\t\t\"background\" : true,\n\t\t\t\t\"scale\" : 2\t\t\t\t}\n\t\t\t<\/script>\n\n\t\t\t<div class=\"height-container\" style=\"padding-bottom:66.6796875%;\" v-if=\"sizes\">\n\t\t\t\t\t\t\t\t<lazy-media :inline=\"true\" :alt=\"alt\" :sizes=\"sizes\" :scale=\"scale\" :brightness=\"brightness\" :path=\"path\" :video=\"video\" :autoplay=\"autoplay\" :youtube=\"youtube\" :crop=\"crop\" :youtubelabel=\"youtubelabel\" :background=\"background\" media-id=\"desc_media_69f4c6b4bbf38\"><\/lazy-media>\n\t\t\t\t\t\t\t<\/div>\n\n\t\t\t\t\t\t\t<figcaption class=\"sr-only\" ref=\"body\" id=\"desc_media_69f4c6b4bbf38\">\n\t\t\t\t\t\t\t\t\t\t\t<div>Blick in das Foyer, November 2019.<\/div>\n\t\t\t\t\t\t\t\t\t\t\t\t\t\t\t\t\t\t\t\t\t<div class=\"insignificant\">\u00a9 Stiftung Humboldt Forum im Berliner Schloss \/ David von Becker<\/div>\n\t\t\t\t\t\t\t\t\t<\/figcaption>\n\t\t\t\t\t<\/figure>\n\t<\/lazy-media-inline>\n\t\t\t\t\t\t<\/div>\n\t\t\t\t\t\t<div class=\"teaser-content \">\n\t\t\t\t\t\t\t<div>\n\t\t\t\t\t\t\t\t\t\t\t\t\t\t\t\t<div class=\"teaser-header\"><span class=\"h3\">Bleiben Sie auf dem Laufenden!<\/span><\/div>\n\t\t\t\t\t\t\t\t<div class=\"teaser-subline\"><span class=\"font-decoration\">Abonnieren Sie unseren Newsletter.<\/span><\/div>\t\t\t\t\t\t\t\t<button tabindex=\"-1\" class=\"border\">Hier klicken<\/button>\n\t\t\t\t\t\t\t<\/div>\n\t\t\t\t\t\t<\/div>\n\t\t\t\t\t<\/a>\n\t\t\t\t<\/div>\n\t\t\t<\/div>\n\t\t<\/div>\n\t<\/div>\n<\/section>\n","protected":false},"template":"","genre":[821],"digital":[],"topic":[],"stakeholder":[530],"editorial":[],"editorialfilter":[],"targetgroup":[1080,1043],"language":[384,385],"accessability":[],"age":[],"school":[954,955,958,959,960,961,962],"groupsize":[956],"place":[532],"class_list":["post-117323","event-bookable","type-event-bookable","status-publish","hentry","genre-fuehrung","stakeholder-staatliche-museen-zu-berlin","targetgroup-gruppen","targetgroup-kitas-und-schulen","language-deutsch","language-englisch","school-7-klasse","school-8-klasse","school-9-klasse","school-10-klasse","school-11-klasse","school-12-klasse","school-13-klasse","groupsize-20-schuelerinnen","place-3-og"],"acf":[],"_links":{"self":[{"href":"https:\/\/www.humboldtforum.org\/de\/wp-json\/wp\/v2\/event-bookable\/117323","targetHints":{"allow":["GET"]}}],"collection":[{"href":"https:\/\/www.humboldtforum.org\/de\/wp-json\/wp\/v2\/event-bookable"}],"about":[{"href":"https:\/\/www.humboldtforum.org\/de\/wp-json\/wp\/v2\/types\/event-bookable"}],"version-history":[{"count":9,"href":"https:\/\/www.humboldtforum.org\/de\/wp-json\/wp\/v2\/event-bookable\/117323\/revisions"}],"predecessor-version":[{"id":124101,"href":"https:\/\/www.humboldtforum.org\/de\/wp-json\/wp\/v2\/event-bookable\/117323\/revisions\/124101"}],"wp:attachment":[{"href":"https:\/\/www.humboldtforum.org\/de\/wp-json\/wp\/v2\/media?parent=117323"}],"wp:term":[{"taxonomy":"genre","embeddable":true,"href":"https:\/\/www.humboldtforum.org\/de\/wp-json\/wp\/v2\/genre?post=117323"},{"taxonomy":"digital","embeddable":true,"href":"https:\/\/www.humboldtforum.org\/de\/wp-json\/wp\/v2\/digital?post=117323"},{"taxonomy":"topic","embeddable":true,"href":"https:\/\/www.humboldtforum.org\/de\/wp-json\/wp\/v2\/topic?post=117323"},{"taxonomy":"stakeholder","embeddable":true,"href":"https:\/\/www.humboldtforum.org\/de\/wp-json\/wp\/v2\/stakeholder?post=117323"},{"taxonomy":"editorial","embeddable":true,"href":"https:\/\/www.humboldtforum.org\/de\/wp-json\/wp\/v2\/editorial?post=117323"},{"taxonomy":"editorialfilter","embeddable":true,"href":"https:\/\/www.humboldtforum.org\/de\/wp-json\/wp\/v2\/editorialfilter?post=117323"},{"taxonomy":"targetgroup","embeddable":true,"href":"https:\/\/www.humboldtforum.org\/de\/wp-json\/wp\/v2\/targetgroup?post=117323"},{"taxonomy":"language","embeddable":true,"href":"https:\/\/www.humboldtforum.org\/de\/wp-json\/wp\/v2\/language?post=117323"},{"taxonomy":"accessability","embeddable":true,"href":"https:\/\/www.humboldtforum.org\/de\/wp-json\/wp\/v2\/accessability?post=117323"},{"taxonomy":"age","embeddable":true,"href":"https:\/\/www.humboldtforum.org\/de\/wp-json\/wp\/v2\/age?post=117323"},{"taxonomy":"school","embeddable":true,"href":"https:\/\/www.humboldtforum.org\/de\/wp-json\/wp\/v2\/school?post=117323"},{"taxonomy":"groupsize","embeddable":true,"href":"https:\/\/www.humboldtforum.org\/de\/wp-json\/wp\/v2\/groupsize?post=117323"},{"taxonomy":"place","embeddable":true,"href":"https:\/\/www.humboldtforum.org\/de\/wp-json\/wp\/v2\/place?post=117323"}],"curies":[{"name":"wp","href":"https:\/\/api.w.org\/{rel}","templated":true}]}}