{"id":51736,"date":"2022-09-09T10:49:37","date_gmt":"2022-09-09T08:49:37","guid":{"rendered":"https:\/\/www.humboldtforum.org\/?post_type=event-bookable&#038;p=51736"},"modified":"2026-01-30T08:26:24","modified_gmt":"2026-01-30T07:26:24","slug":"transkulturell-denken","status":"publish","type":"event-bookable","link":"https:\/\/www.humboldtforum.org\/de\/programm\/angebot\/workshop\/transkulturell-denken-51736\/","title":{"rendered":"Transkulturell denken"},"content":{"rendered":"<section class=\"block block-copy\" >\n    <div class=\"container-fluid\">\n\t\t<div class=\"row \">\n            <div class=\"col-xs-12 col-md-offset-2 col-md-8\">\n                <div class=\"box\">\n                    <div class=\"copy\"><p>Wie k\u00f6nnte ein Austausch von Wissen, Informationen, F\u00e4higkeiten und Objekten zwischen Gesellschaften und Gruppen aussehen, der nicht Machtverh\u00e4ltnisse wie Rassismus und Kolonialismus reproduziert? Was sind unsere eigenen Erwartungen an (Tausch-)Beziehungen und an den Umgang mit von uns Geschaffenem? Die Sch\u00fcler*innen bauen Masken und diskutieren ihre pers\u00f6nlichen Vorstellungen, wie diese ausgestellt werden sollten. Anhand von Kulturg\u00fctern aus S\u00fcd- und Zentralamerika stellen sie die Arbeit von Museen infrage und diskutieren dar\u00fcber, wie die Objekte nach Berlin gekommen sind.<\/p>\n<p>&nbsp;<\/p>\n<\/div>\n                <\/div>\n            <\/div>\n\t\t<\/div>\n\t\t    <\/div>\n<\/section>\n\n<section class=\"block block-standard-image\">\n\t<div class=\"container-fluid\">\n\t\t<div class=\"row\">\n\t\t\t<div class=\"col-xs-12 col-md-12\">\n\t\t\t\t\n\t<lazy-media-inline inline-template>\n\t\t<figure itemscope itemtype=\"http:\/\/schema.org\/ImageObject\" class=\"lazy-media-inline \" role=\"group\" id=\"media_69f29b4587599\" aria-labelledby=\"desc_media_69f29b4587599\">\n\t\t\t<script type=\"application\/json\" ref=\"data\">\n\t\t\t\t{\n\t\t\t\t\"sizes\" : {\"medium\":{\"file\":\"SHF_eb00237615-300x200.jpg\",\"width\":300,\"height\":200,\"mime-type\":\"image\\\/jpeg\",\"filesize\":16612},\"large\":{\"file\":\"SHF_eb00237615-1024x683.jpg\",\"width\":1024,\"height\":683,\"mime-type\":\"image\\\/jpeg\",\"filesize\":102241},\"thumbnail\":{\"file\":\"SHF_eb00237615-150x150.jpg\",\"width\":150,\"height\":150,\"mime-type\":\"image\\\/jpeg\",\"filesize\":8169},\"medium_large\":{\"file\":\"SHF_eb00237615-768x512.jpg\",\"width\":768,\"height\":512,\"mime-type\":\"image\\\/jpeg\",\"filesize\":66590},\"small\":{\"file\":\"SHF_eb00237615-440x293.jpg\",\"width\":440,\"height\":293,\"mime-type\":\"image\\\/jpeg\",\"filesize\":29129},\"semi\":{\"file\":\"SHF_eb00237615-580x387.jpg\",\"width\":580,\"height\":387,\"mime-type\":\"image\\\/jpeg\",\"filesize\":44496},\"mobile\":{\"file\":\"SHF_eb00237615-720x480.jpg\",\"width\":720,\"height\":480,\"mime-type\":\"image\\\/jpeg\",\"filesize\":60827},\"hd\":{\"file\":\"SHF_eb00237615-1280x854.jpg\",\"width\":1280,\"height\":854,\"mime-type\":\"image\\\/jpeg\",\"filesize\":145151},\"full\":{\"file\":\"SHF_eb00237615-1920x1281.jpg\",\"width\":1920,\"height\":1281,\"mime-type\":\"image\\\/jpeg\",\"filesize\":286722},\"xxl\":{\"file\":\"SHF_eb00237615-4048x2700.jpg\",\"width\":4048,\"height\":2700,\"mime-type\":\"image\\\/jpeg\",\"filesize\":1307010},\"1536x1536\":{\"file\":\"SHF_eb00237615-1536x1024.jpg\",\"width\":1536,\"height\":1024,\"mime-type\":\"image\\\/jpeg\",\"filesize\":194767},\"2048x2048\":{\"file\":\"SHF_eb00237615-2048x1366.jpg\",\"width\":2048,\"height\":1366,\"mime-type\":\"image\\\/jpeg\",\"filesize\":321373},\"original\":{\"file\":\"SHF_eb00237615.jpg\",\"width\":7360,\"height\":4909}},\n\t\t\t\t\"alt\" : \"Vier Frauen stehen in einem Museum vor einer Skulptur und betrachten die Ausstellungsst\\u00fccke.\",\n\t\t\t\t\"path\" : \"\\\/wp-content\\\/uploads\\\/2022\\\/09\\\/\",\n\t\t\t\t\"video\" : null,\n\t\t\t\t\"autoplay\" : null,\n\t\t\t\t\"youtube\" : null,\n\t\t\t\t\"youtubelabel\" : \"Video abspielen\",\n\t\t\t\t\"brightness\" : 100,\n\t\t\t\t\"crop\" : {\"top\":\"50.00\",\"left\":\"50.00\"},\n\t\t\t\t\"background\" : true,\n\t\t\t\t\"scale\" : 2\t\t\t\t}\n\t\t\t<\/script>\n\n\t\t\t<div class=\"height-container\" style=\"padding-bottom:66.698369565217%;\" v-if=\"sizes\">\n\t\t\t\t\t\t\t\t<lazy-media :inline=\"true\" :alt=\"alt\" :sizes=\"sizes\" :scale=\"scale\" :brightness=\"brightness\" :path=\"path\" :video=\"video\" :autoplay=\"autoplay\" :youtube=\"youtube\" :crop=\"crop\" :youtubelabel=\"youtubelabel\" :background=\"background\" media-id=\"desc_media_69f29b4587599\"><\/lazy-media>\n\t\t\t\t\t\t\t<\/div>\n\n\t\t\t\t\t\t\t<figcaption class=\"\" id=\"desc_media_69f29b4587599\">\n\t\t\t\t\t<div class=\"lazy-media-info-body-content\">\n\t\t\t\t\t\t\t\t\t\t\t\t\t<div>Sch&uuml;lerinnen diskutieren &uuml;ber die Provenienz der Adlerschlange im Workshop &quot;Transkulturell denken&quot;<\/div>\n\t\t\t\t\t\t\t\t\t\t\t\t\t\t\t\t\t\t\t\t\t\t\t\t\t<div class=\"insignificant\">\u00a9 Staatliche Museen zu Berlin \/ Ethnologisches Museum, Foto: Frank Sperling<\/div>\n\t\t\t\t\t\t\t\t\t\t\t<\/div>\n\t\t\t\t<\/figcaption>\n\t\t\t\t\t\t\t\t\t<\/figure>\n\t<\/lazy-media-inline>\n\t\t\t<\/div>\n\t\t<\/div>\n\t<\/div>\n<\/section>\n\n\n\n<section class=\"block block-CTA block-CTA-long leftgradient\">\n\t<div class=\"container-fluid\">\n\t\t<div class=\"row center-xs\">\n\t\t\t<div class=\"col-xs-12\">\n\t\t\t\t<div class=\"box\">\n\t\t\t\t\t<a href=\"https:\/\/www.humboldtforum.org\/de\/programm\/dauerangebot\/ausstellung\/2022-ethnologisches-museum-und-museum-fuer-asiatische-kunst-46021\/\" aria-label=\"\" class=\"teaser teaser-cta-wide \">\n\t\t\t\t\t\t<div class=\"teaser-image\">\n\t\t\t\t\t\t\t\n\t<lazy-media-inline inline-template>\n\t\t<figure itemscope itemtype=\"http:\/\/schema.org\/ImageObject\" class=\"lazy-media-inline \" role=\"group\" id=\"media_69f29b458b3eb\" aria-labelledby=\"desc_media_69f29b458b3eb\">\n\t\t\t<script type=\"application\/json\" ref=\"data\">\n\t\t\t\t{\n\t\t\t\t\"sizes\" : {\"medium\":{\"file\":\"SHF_eb00158094_Key-Visual-SMB-300x157.jpg\",\"width\":300,\"height\":157,\"mime-type\":\"image\\\/jpeg\",\"filesize\":5666},\"large\":{\"file\":\"SHF_eb00158094_Key-Visual-SMB-1024x536.jpg\",\"width\":1024,\"height\":536,\"mime-type\":\"image\\\/jpeg\",\"filesize\":32341},\"thumbnail\":{\"file\":\"SHF_eb00158094_Key-Visual-SMB-150x150.jpg\",\"width\":150,\"height\":150,\"mime-type\":\"image\\\/jpeg\",\"filesize\":4994},\"medium_large\":{\"file\":\"SHF_eb00158094_Key-Visual-SMB-768x402.jpg\",\"width\":768,\"height\":402,\"mime-type\":\"image\\\/jpeg\",\"filesize\":20951},\"small\":{\"file\":\"SHF_eb00158094_Key-Visual-SMB-440x230.jpg\",\"width\":440,\"height\":230,\"mime-type\":\"image\\\/jpeg\",\"filesize\":9474},\"semi\":{\"file\":\"SHF_eb00158094_Key-Visual-SMB-580x304.jpg\",\"width\":580,\"height\":304,\"mime-type\":\"image\\\/jpeg\",\"filesize\":13901},\"mobile\":{\"file\":\"SHF_eb00158094_Key-Visual-SMB-720x377.jpg\",\"width\":720,\"height\":377,\"mime-type\":\"image\\\/jpeg\",\"filesize\":19038},\"original\":{\"file\":\"SHF_eb00158094_Key-Visual-SMB.jpg\",\"width\":1200,\"height\":628}},\n\t\t\t\t\"alt\" : \"Skulptur einer G\\u00f6ttin vor pinkem Hintergrund, umrahmt von einem wei\\u00dfen Rechteck.\",\n\t\t\t\t\"path\" : \"\\\/wp-content\\\/uploads\\\/2022\\\/12\\\/\",\n\t\t\t\t\"video\" : null,\n\t\t\t\t\"autoplay\" : null,\n\t\t\t\t\"youtube\" : null,\n\t\t\t\t\"youtubelabel\" : \"Video abspielen\",\n\t\t\t\t\"brightness\" : \"80\",\n\t\t\t\t\"crop\" : {\"top\":\"21.21\",\"left\":\"50.16\"},\n\t\t\t\t\"background\" : true,\n\t\t\t\t\"scale\" : 2\t\t\t\t}\n\t\t\t<\/script>\n\n\t\t\t<div class=\"height-container\" style=\"padding-bottom:52.333333333333%;\" v-if=\"sizes\">\n\t\t\t\t\t\t\t\t<lazy-media :inline=\"true\" :alt=\"alt\" :sizes=\"sizes\" :scale=\"scale\" :brightness=\"brightness\" :path=\"path\" :video=\"video\" :autoplay=\"autoplay\" :youtube=\"youtube\" :crop=\"crop\" :youtubelabel=\"youtubelabel\" :background=\"background\" media-id=\"desc_media_69f29b458b3eb\"><\/lazy-media>\n\t\t\t\t\t\t\t<\/div>\n\n\t\t\t\t\t\t\t<figcaption class=\"sr-only\" ref=\"body\" id=\"desc_media_69f29b458b3eb\">\n\t\t\t\t\t\t\t\t\t\t\t\t\t\t\t\t\t\t\t\t\t<div class=\"insignificant\">\u00a9 Stiftung Humboldt Forum im Berliner Schloss \/ Staatliche Museen zu Berlin, Museum f\u00fcr Asiatische Kunst und Ethnologisches Museum, Fotos: Claudia Obrocki; Martin Franken; Philipp Jester \/ Jens Blank<\/div>\n\t\t\t\t\t\t\t\t\t<\/figcaption>\n\t\t\t\t\t<\/figure>\n\t<\/lazy-media-inline>\n\t\t\t\t\t\t<\/div>\n\t\t\t\t\t\t<div class=\"teaser-content \">\n\t\t\t\t\t\t\t<div>\n\t\t\t\t\t\t\t\t<div class=\"teaser-overline subline\">Besuchen Sie die Sammlungen in der 2. und 3. Etage<\/div>\t\t\t\t\t\t\t\t<div class=\"teaser-header\"><span class=\"h3\"><\/span><\/div>\n\t\t\t\t\t\t\t\t\t\t\t\t\t\t\t\t<button tabindex=\"-1\" class=\"border\">Ethnologische Sammlungen und Asiatische Kunst<\/button>\n\t\t\t\t\t\t\t<\/div>\n\t\t\t\t\t\t<\/div>\n\t\t\t\t\t<\/a>\n\t\t\t\t<\/div>\n\t\t\t<\/div>\n\t\t<\/div>\n\t<\/div>\n<\/section>\n","protected":false},"template":"","genre":[837],"digital":[],"topic":[],"stakeholder":[530],"editorial":[],"editorialfilter":[],"targetgroup":[1080,1043],"language":[384],"accessability":[430],"age":[],"school":[954,955,958,959,960,961,962],"groupsize":[1500],"place":[531],"class_list":["post-51736","event-bookable","type-event-bookable","status-publish","has-post-thumbnail","hentry","genre-workshop","stakeholder-staatliche-museen-zu-berlin","targetgroup-gruppen","targetgroup-kitas-und-schulen","language-deutsch","accessability-rollstuhlgerecht","school-7-klasse","school-8-klasse","school-9-klasse","school-10-klasse","school-11-klasse","school-12-klasse","school-13-klasse","groupsize-30-personen","place-2-og"],"acf":[],"_links":{"self":[{"href":"https:\/\/www.humboldtforum.org\/de\/wp-json\/wp\/v2\/event-bookable\/51736","targetHints":{"allow":["GET"]}}],"collection":[{"href":"https:\/\/www.humboldtforum.org\/de\/wp-json\/wp\/v2\/event-bookable"}],"about":[{"href":"https:\/\/www.humboldtforum.org\/de\/wp-json\/wp\/v2\/types\/event-bookable"}],"version-history":[{"count":12,"href":"https:\/\/www.humboldtforum.org\/de\/wp-json\/wp\/v2\/event-bookable\/51736\/revisions"}],"predecessor-version":[{"id":146001,"href":"https:\/\/www.humboldtforum.org\/de\/wp-json\/wp\/v2\/event-bookable\/51736\/revisions\/146001"}],"wp:featuredmedia":[{"embeddable":true,"href":"https:\/\/www.humboldtforum.org\/de\/wp-json\/wp\/v2\/media\/107225"}],"wp:attachment":[{"href":"https:\/\/www.humboldtforum.org\/de\/wp-json\/wp\/v2\/media?parent=51736"}],"wp:term":[{"taxonomy":"genre","embeddable":true,"href":"https:\/\/www.humboldtforum.org\/de\/wp-json\/wp\/v2\/genre?post=51736"},{"taxonomy":"digital","embeddable":true,"href":"https:\/\/www.humboldtforum.org\/de\/wp-json\/wp\/v2\/digital?post=51736"},{"taxonomy":"topic","embeddable":true,"href":"https:\/\/www.humboldtforum.org\/de\/wp-json\/wp\/v2\/topic?post=51736"},{"taxonomy":"stakeholder","embeddable":true,"href":"https:\/\/www.humboldtforum.org\/de\/wp-json\/wp\/v2\/stakeholder?post=51736"},{"taxonomy":"editorial","embeddable":true,"href":"https:\/\/www.humboldtforum.org\/de\/wp-json\/wp\/v2\/editorial?post=51736"},{"taxonomy":"editorialfilter","embeddable":true,"href":"https:\/\/www.humboldtforum.org\/de\/wp-json\/wp\/v2\/editorialfilter?post=51736"},{"taxonomy":"targetgroup","embeddable":true,"href":"https:\/\/www.humboldtforum.org\/de\/wp-json\/wp\/v2\/targetgroup?post=51736"},{"taxonomy":"language","embeddable":true,"href":"https:\/\/www.humboldtforum.org\/de\/wp-json\/wp\/v2\/language?post=51736"},{"taxonomy":"accessability","embeddable":true,"href":"https:\/\/www.humboldtforum.org\/de\/wp-json\/wp\/v2\/accessability?post=51736"},{"taxonomy":"age","embeddable":true,"href":"https:\/\/www.humboldtforum.org\/de\/wp-json\/wp\/v2\/age?post=51736"},{"taxonomy":"school","embeddable":true,"href":"https:\/\/www.humboldtforum.org\/de\/wp-json\/wp\/v2\/school?post=51736"},{"taxonomy":"groupsize","embeddable":true,"href":"https:\/\/www.humboldtforum.org\/de\/wp-json\/wp\/v2\/groupsize?post=51736"},{"taxonomy":"place","embeddable":true,"href":"https:\/\/www.humboldtforum.org\/de\/wp-json\/wp\/v2\/place?post=51736"}],"curies":[{"name":"wp","href":"https:\/\/api.w.org\/{rel}","templated":true}]}}