{"id":32872,"date":"2021-09-22T17:54:00","date_gmt":"2021-09-22T15:54:00","guid":{"rendered":"https:\/\/www.humboldtforum.org\/?post_type=event-digital&#038;p=32872"},"modified":"2025-02-14T13:58:12","modified_gmt":"2025-02-14T12:58:12","slug":"festrede-von-chimamanda-adichie","status":"publish","type":"event-digital","link":"https:\/\/www.humboldtforum.org\/de\/programm\/digitales-angebot\/digital\/festrede-von-chimamanda-adichie-32872\/","title":{"rendered":"Festrede von Chimamanda Adichie"},"content":{"rendered":"<section class=\"block block-copy\" >\n    <div class=\"container-fluid\">\n\t\t<div class=\"row \">\n            <div class=\"col-xs-12 col-md-offset-2 col-md-8\">\n                <div class=\"box\">\n                    <div class=\"copy\"><p>Am Mittwoch, den 22. September 2021, wurden die Ausstellungen des <a href=\"https:\/\/www.humboldtforum.org\/de\/programm\/dauerangebot\/ausstellung\/ethnologisches-museum-und-museum-fuer-asiatische-kunst-31113\/\">Ethnologischen Museums und des Museums f\u00fcr Asiatische Kunst<\/a> im Humboldt Forum in einem offiziellen <a href=\"https:\/\/www.humboldtforum.org\/de\/programm\/termin\/eroeffnung\/festakt-31422\/\">Festakt<\/a> mit Reden von Bundespr\u00e4sident Frank-Walter Steinmeier, der Staatsministerin f\u00fcr Kultur und Medien Monika Gr\u00fctters und der Autorin Chimamanda Ngozi Adichie er\u00f6ffnet.<\/p>\n<\/div>\n                <\/div>\n            <\/div>\n\t\t<\/div>\n\t\t    <\/div>\n<\/section>\n\n<section class=\"block block-media\">\n\t\t<div class=\"container-fluid\">\n\t\t<div class=\"row\">\n\t\t\t<div class=\"col-xs-12 col-md-12\">\n\t\t\t\n\t<lazy-media-inline inline-template>\n\t\t<figure itemscope itemtype=\"http:\/\/schema.org\/ImageObject\" class=\"lazy-media-inline \" role=\"group\" id=\"media_69f20c3144f67\" aria-labelledby=\"desc_media_69f20c3144f67\">\n\t\t\t<script type=\"application\/json\" ref=\"data\">\n\t\t\t\t{\n\t\t\t\t\"sizes\" : {\"medium\":{\"file\":\"SHF_eb00119798-300x169.jpg\",\"width\":300,\"height\":169,\"mime-type\":\"image\\\/jpeg\"},\"large\":{\"file\":\"SHF_eb00119798-1024x576.jpg\",\"width\":1024,\"height\":576,\"mime-type\":\"image\\\/jpeg\"},\"thumbnail\":{\"file\":\"SHF_eb00119798-150x150.jpg\",\"width\":150,\"height\":150,\"mime-type\":\"image\\\/jpeg\"},\"medium_large\":{\"file\":\"SHF_eb00119798-768x432.jpg\",\"width\":768,\"height\":432,\"mime-type\":\"image\\\/jpeg\"},\"small\":{\"file\":\"SHF_eb00119798-440x247.jpg\",\"width\":440,\"height\":247,\"mime-type\":\"image\\\/jpeg\"},\"semi\":{\"file\":\"SHF_eb00119798-580x326.jpg\",\"width\":580,\"height\":326,\"mime-type\":\"image\\\/jpeg\"},\"mobile\":{\"file\":\"SHF_eb00119798-720x405.jpg\",\"width\":720,\"height\":405,\"mime-type\":\"image\\\/jpeg\"},\"hd\":{\"file\":\"SHF_eb00119798-1280x720.jpg\",\"width\":1280,\"height\":720,\"mime-type\":\"image\\\/jpeg\"},\"original\":{\"file\":\"SHF_eb00119798.jpg\",\"width\":1396,\"height\":785}},\n\t\t\t\t\"alt\" : \"Frau mit Hochsteckfrisur spricht am Podium mit Humboldt-Forum-Logo, im Hintergrund farbige geometrische Formen.\",\n\t\t\t\t\"path\" : \"\\\/wp-content\\\/uploads\\\/2021\\\/09\\\/\",\n\t\t\t\t\"video\" : null,\n\t\t\t\t\"autoplay\" : null,\n\t\t\t\t\"youtube\" : \"https:\\\/\\\/www.youtube.com\\\/watch?v=gMRv5xhMCo4\",\n\t\t\t\t\"youtubelabel\" : \"Video abspielen\",\n\t\t\t\t\"brightness\" : \"100\",\n\t\t\t\t\"crop\" : {\"top\":\"50.00\",\"left\":\"50.00\"},\n\t\t\t\t\"background\" : true,\n\t\t\t\t\"scale\" : 2\t\t\t\t}\n\t\t\t<\/script>\n\n\t\t\t<div class=\"height-container\" style=\"padding-bottom:56.232091690544%;\" v-if=\"sizes\">\n\t\t\t\t\t\t\t\t<lazy-media :inline=\"true\" :alt=\"alt\" :sizes=\"sizes\" :scale=\"scale\" :brightness=\"brightness\" :path=\"path\" :video=\"video\" :autoplay=\"autoplay\" :youtube=\"youtube\" :crop=\"crop\" :youtubelabel=\"youtubelabel\" :background=\"background\" media-id=\"desc_media_69f20c3144f67\"><\/lazy-media>\n\t\t\t\t\t\t\t<\/div>\n\n\t\t\t\t\t\t\t\t<\/figure>\n\t<\/lazy-media-inline>\n\t\t\t<\/div>\n\t\t<\/div>\n\t<\/div>\n<\/section>\n\n<section class=\"block block-teaser col-lane has-bg\" style=\"--teaser-bg:#f2f2f2\">\n\t<lazy-component :fixed-min-height=\"400\">\n\t\n\t\t\t\t\t<teaser-lane-with-buttons inline-template tracking-label=\"Kolonialismus und Kolonialit\u00e4t\">\n\t\t\t\t<div class=\"teaser-lane-with-buttons\">\n\t\t\t\t\t<div class=\"container-fluid\">\n\t\t\t\t\t\t<div class=\"row bottom-xs\">\n\t\t\t\t\t\t\t<div class=\"col-xs-12 col-md-8\">\n\t\t\t\t\t\t\t\t\t\t\t\t\t\t\t\t\t<h4>Kolonialismus und Kolonialit\u00e4t<\/h4>\t\t\t\t\t\t\t\t\t\t\t\t\t\t\t\t\t\t\t\t\t\t\t\t<\/div>\n\t\t\t\t\t\t\t<div class=\"col-xs-12 col-md-4 start-xs end-md margin-bottom-sixth teaser-lane-buttons-wrapper teaser-lane-buttons-wrapper-with-tax\">\n\t\t\t\t\t\t\t\t<a href=\"https:\/\/www.humboldtforum.org\/de\/programm\/thema\/kolonialismus-und-kolonialitat\/\" class=\"normalcase small noborder\" role=\"button\">Alle anzeigen (24)<\/a>\t\t\t\t\t\t\t\t<teaser-lane-buttons :visible_prev=\"visible_prev\" :visible_next=\"visible_next\" @prev=\"prev\" @next=\"next\"><\/teaser-lane-buttons>\n\t\t\t\t\t\t\t<\/div>\n\t\t\t\t\t\t<\/div>\n\t\t\t\t\t<\/div>\n\t\t\t\t\t<div class=\"teaser-lane-wrapper\">\n\t\t\t\t\t\t<ul class=\"teaser-lane\">\n\t\t\t\t\t\t\t\t\t\t\t\t\t\t<li class=\"teaser-lane-slide col-xs-9 col-sm-4 col-md-3 teaser-wrapper col-padding-remove\">\n\t<calendarteaser key=\"4670912015\" rawitem='{&quot;postId&quot;:46709,&quot;title&quot;:&quot;Leerstellen.Ausstellen.&quot;,&quot;excerpt&quot;:&quot;&quot;,&quot;slug&quot;:&quot;leerstellen-ausstellen&quot;,&quot;post_date&quot;:&quot;2022-07-29T14:22&quot;,&quot;type&quot;:&quot;event-permanent&quot;,&quot;permalink&quot;:&quot;https:\\\/\\\/www.humboldtforum.org\\\/de\\\/programm\\\/dauerangebot\\\/ausstellung\\\/leerstellen-ausstellen-46709\\\/&quot;,&quot;genre&quot;:[391],&quot;genre_details&quot;:[{&quot;text&quot;:&quot;Ausstellung&quot;,&quot;id&quot;:391,&quot;icon&quot;:null,&quot;parent&quot;:0}],&quot;topic&quot;:[782],&quot;topic_details&quot;:[{&quot;text&quot;:&quot;Kolonialismus und Kolonialit\\u00e4t&quot;,&quot;id&quot;:782,&quot;icon&quot;:null,&quot;parent&quot;:0}],&quot;stakeholder&quot;:[530,382],&quot;stakeholder_details&quot;:[{&quot;text&quot;:&quot;Staatliche Museen zu Berlin&quot;,&quot;id&quot;:530,&quot;icon&quot;:null,&quot;parent&quot;:0},{&quot;text&quot;:&quot;Stiftung Humboldt Forum im Berliner Schloss&quot;,&quot;id&quot;:382,&quot;icon&quot;:null,&quot;parent&quot;:0}],&quot;targetgroup&quot;:[383,455],&quot;targetgroup_details&quot;:[{&quot;text&quot;:&quot;Erwachsene&quot;,&quot;id&quot;:383,&quot;icon&quot;:null,&quot;parent&quot;:0},{&quot;text&quot;:&quot;Jugendliche&quot;,&quot;id&quot;:455,&quot;icon&quot;:null,&quot;parent&quot;:0}],&quot;language&quot;:[384,385,1946],&quot;language_details&quot;:[{&quot;text&quot;:&quot;Deutsch&quot;,&quot;id&quot;:384,&quot;icon&quot;:null,&quot;parent&quot;:0},{&quot;text&quot;:&quot;Englisch&quot;,&quot;id&quot;:385,&quot;icon&quot;:null,&quot;parent&quot;:0},{&quot;text&quot;:&quot;Swahili&quot;,&quot;id&quot;:1946,&quot;icon&quot;:null,&quot;parent&quot;:0}],&quot;place&quot;:[531],&quot;place_details&quot;:{&quot;place&quot;:&quot;Humboldt Forum&quot;,&quot;map&quot;:&quot;Humboldt Forum, Schlossplatz, Berlin&quot;,&quot;room&quot;:&quot;2. OG&quot;},&quot;icon_overwrite&quot;:&quot;&quot;,&quot;acf&quot;:{&quot;noindex&quot;:false,&quot;keywords&quot;:&quot;&quot;,&quot;shorturl&quot;:&quot;&quot;,&quot;planning&quot;:{&quot;price&quot;:&quot;Eintritt frei&quot;,&quot;status&quot;:&quot;JOIN&quot;,&quot;info&quot;:&quot;Eintritt frei&quot;,&quot;shop&quot;:&quot;&quot;,&quot;can_purchase&quot;:false},&quot;use_opening_hours_of_the_house&quot;:true,&quot;display_as_single&quot;:false,&quot;subline&quot;:&quot;Objekte aus Tansania und das koloniale Archiv&quot;,&quot;additional_info&quot;:{&quot;icon&quot;:&quot;0&quot;,&quot;text&quot;:&quot;&quot;},&quot;highlight_header&quot;:false,&quot;featured_images&quot;:[55602],&quot;use_video_in_teasers&quot;:false,&quot;hyphenation&quot;:true,&quot;tipp&quot;:false,&quot;joker&quot;:false,&quot;live&quot;:false,&quot;hide_event_in_program&quot;:false,&quot;periods&quot;:[{&quot;label&quot;:&quot;&quot;,&quot;dates&quot;:[{&quot;start&quot;:&quot;202301020000&quot;,&quot;end&quot;:&quot;202212310000&quot;,&quot;has_end&quot;:false,&quot;start_HRFSHORT&quot;:&quot;02.01.23&quot;,&quot;start_HRFSHORT_WD&quot;:&quot;Mo 02.01.2023&quot;}],&quot;monday&quot;:[{&quot;start&quot;:&quot;10:30&quot;,&quot;end&quot;:&quot;18:30&quot;,&quot;closed&quot;:false}],&quot;tuesday&quot;:[{&quot;start&quot;:null,&quot;end&quot;:null,&quot;closed&quot;:true}],&quot;wednesday&quot;:[{&quot;start&quot;:&quot;10:30&quot;,&quot;end&quot;:&quot;18:30&quot;,&quot;closed&quot;:false}],&quot;thursday&quot;:[{&quot;start&quot;:&quot;10:30&quot;,&quot;end&quot;:&quot;18:30&quot;,&quot;closed&quot;:false}],&quot;friday&quot;:[{&quot;start&quot;:&quot;10:30&quot;,&quot;end&quot;:&quot;18:30&quot;,&quot;closed&quot;:false}],&quot;saturday&quot;:[{&quot;start&quot;:&quot;10:30&quot;,&quot;end&quot;:&quot;18:30&quot;,&quot;closed&quot;:false}],&quot;sunday&quot;:[{&quot;start&quot;:&quot;10:30&quot;,&quot;end&quot;:&quot;18:30&quot;,&quot;closed&quot;:false}],&quot;info&quot;:&quot;&quot;,&quot;description&quot;:&quot;&quot;}],&quot;highlight_header_image&quot;:46707,&quot;has_mobile_format&quot;:false,&quot;overwrite_date&quot;:&quot;15.09.2022 bis 16.06.2024&quot;,&quot;events&quot;:{&quot;1&quot;:129534},&quot;period_exception&quot;:[{&quot;label&quot;:&quot;&quot;,&quot;date&quot;:&quot;202512240000&quot;,&quot;closed&quot;:true,&quot;start&quot;:null,&quot;end&quot;:null,&quot;date_HRFSHORT&quot;:&quot;24.12.25&quot;},{&quot;label&quot;:&quot;&quot;,&quot;date&quot;:&quot;202512250000&quot;,&quot;closed&quot;:false,&quot;start&quot;:&quot;12:00&quot;,&quot;end&quot;:&quot;18:00&quot;,&quot;date_HRFSHORT&quot;:&quot;25.12.25&quot;},{&quot;label&quot;:&quot;&quot;,&quot;date&quot;:&quot;202512260000&quot;,&quot;closed&quot;:false,&quot;start&quot;:&quot;12:00&quot;,&quot;end&quot;:&quot;18:00&quot;,&quot;date_HRFSHORT&quot;:&quot;26.12.25&quot;},{&quot;label&quot;:&quot;&quot;,&quot;date&quot;:&quot;202512300000&quot;,&quot;closed&quot;:false,&quot;start&quot;:&quot;10:30&quot;,&quot;end&quot;:&quot;18:30&quot;,&quot;date_HRFSHORT&quot;:&quot;30.12.25&quot;},{&quot;label&quot;:&quot;&quot;,&quot;date&quot;:&quot;202512310000&quot;,&quot;closed&quot;:false,&quot;start&quot;:&quot;10:30&quot;,&quot;end&quot;:&quot;16:30&quot;,&quot;date_HRFSHORT&quot;:&quot;31.12.25&quot;},{&quot;label&quot;:&quot;&quot;,&quot;date&quot;:&quot;202601010000&quot;,&quot;closed&quot;:false,&quot;start&quot;:&quot;12:00&quot;,&quot;end&quot;:&quot;18:00&quot;,&quot;date_HRFSHORT&quot;:&quot;01.01.26&quot;}]},&quot;period_list&quot;:&quot;&lt;strong&gt;\\u00d6ffnungszeiten&lt;\\\/strong&gt;\\nMo, Mi, Do, Fr, Sa, So: 10:30 \\u2013 18:30 Uhr\\nDi: geschlossen\\n\\n&quot;,&quot;period_exception&quot;:&quot;&quot;,&quot;date&quot;:{&quot;infinite&quot;:true,&quot;from_DATE&quot;:202301020000,&quot;from&quot;:1672655400,&quot;from_TIME&quot;:&quot;10:30&quot;,&quot;to&quot;:1809054120,&quot;to_DATE&quot;:202704290832,&quot;to_TIME&quot;:&quot;18:30&quot;,&quot;from_HRFSHORT&quot;:&quot; 2. Jan 2023&quot;,&quot;from_HRFSHORT_WD&quot;:&quot;Mo 02.01.2023&quot;,&quot;from_HRF&quot;:&quot;Mo,  2. Januar 2023&quot;,&quot;to_HRF&quot;:&quot;Fr, 30. April 2027&quot;,&quot;to_HRFSHORT&quot;:&quot;30. Apr 2027&quot;,&quot;to_HRFSHORT_WD&quot;:&quot;Fr 30.04.2027&quot;,&quot;from_to_HRF&quot;:&quot;Mo,  2. Januar 2023 \\u2013 Fr, 30. April 2027&quot;,&quot;from_to_HRFSHORT&quot;:&quot; 2. Jan 2023 \\u2013 30. Apr 2027&quot;,&quot;NXX&quot;:&quot;202604290832&quot;,&quot;NLAST&quot;:&quot;202704300302&quot;,&quot;NX&quot;:&quot;20260429&quot;},&quot;alert&quot;:null,&quot;partof&quot;:[],&quot;marketing_topic&quot;:&quot;&quot;}' inline-template>\n\t<a href=\"https:\/\/www.humboldtforum.org\/de\/programm\/dauerangebot\/ausstellung\/leerstellen-ausstellen-46709\/\" class=\"teaser teaser-event-permanent teaser-event-standard\">\n\t\t<div class=\"row\">\n\t\t\t<div class=\"col-xs-12 teaser-event-image\">\n\t\t\t\t<div class=\"teaser-image teaser-image-no-alternate\">\n\t\t\t\t\t\t\t\t\t\t\t\n\t<lazy-media-inline inline-template>\n\t\t<figure itemscope itemtype=\"http:\/\/schema.org\/ImageObject\" class=\"lazy-media-inline \" role=\"group\" id=\"media_69f20c31545c7\" aria-labelledby=\"desc_media_69f20c31545c7\">\n\t\t\t<script type=\"application\/json\" ref=\"data\">\n\t\t\t\t{\n\t\t\t\t\"sizes\" : {\"medium\":{\"file\":\"SHF_eb00154726-300x225.jpg\",\"width\":300,\"height\":225,\"mime-type\":\"image\\\/jpeg\",\"filesize\":15623},\"large\":{\"file\":\"SHF_eb00154726-1024x768.jpg\",\"width\":1024,\"height\":768,\"mime-type\":\"image\\\/jpeg\",\"filesize\":102324},\"thumbnail\":{\"file\":\"SHF_eb00154726-150x150.jpg\",\"width\":150,\"height\":150,\"mime-type\":\"image\\\/jpeg\",\"filesize\":6907},\"medium_large\":{\"file\":\"SHF_eb00154726-768x576.jpg\",\"width\":768,\"height\":576,\"mime-type\":\"image\\\/jpeg\",\"filesize\":67521},\"small\":{\"file\":\"SHF_eb00154726-440x330.jpg\",\"width\":440,\"height\":330,\"mime-type\":\"image\\\/jpeg\",\"filesize\":28501},\"semi\":{\"file\":\"SHF_eb00154726-580x435.jpg\",\"width\":580,\"height\":435,\"mime-type\":\"image\\\/jpeg\",\"filesize\":43445},\"mobile\":{\"file\":\"SHF_eb00154726-720x540.jpg\",\"width\":720,\"height\":540,\"mime-type\":\"image\\\/jpeg\",\"filesize\":60864},\"original\":{\"file\":\"SHF_eb00154726.jpg\",\"width\":1280,\"height\":960}},\n\t\t\t\t\"alt\" : \"Moderne Ausstellung mit Holzrahmen und Vitrinen, die kreative Objekte und Informationen zeigen.\",\n\t\t\t\t\"path\" : \"\\\/wp-content\\\/uploads\\\/2022\\\/10\\\/\",\n\t\t\t\t\"video\" : null,\n\t\t\t\t\"autoplay\" : null,\n\t\t\t\t\"youtube\" : null,\n\t\t\t\t\"youtubelabel\" : \"Video abspielen\",\n\t\t\t\t\"brightness\" : 100,\n\t\t\t\t\"crop\" : null,\n\t\t\t\t\"background\" : true,\n\t\t\t\t\"scale\" : 1\t\t\t\t}\n\t\t\t<\/script>\n\n\t\t\t<div class=\"height-container\" style=\"padding-bottom:75%;\" v-if=\"sizes\">\n\t\t\t\t\t\t\t\t<lazy-media :inline=\"true\" :alt=\"alt\" :sizes=\"sizes\" :scale=\"scale\" :brightness=\"brightness\" :path=\"path\" :video=\"video\" :autoplay=\"autoplay\" :youtube=\"youtube\" :crop=\"crop\" :youtubelabel=\"youtubelabel\" :background=\"background\" media-id=\"desc_media_69f20c31545c7\"><\/lazy-media>\n\t\t\t\t\t\t\t<\/div>\n\n\t\t\t\t\t\t\t<figcaption class=\"sr-only\" ref=\"body\" id=\"desc_media_69f20c31545c7\">\n\t\t\t\t\t\t\t\t\t\t\t<div>Leerstellen.Ausstellen<\/div>\n\t\t\t\t\t\t\t\t\t\t\t\t\t\t\t\t<div>Leere Vitrinen? Zum Umgang mit Objekten aus Tansania <\/div>\n\t\t\t\t\t\t\t\t\t\t\t\t\t\t\t\t<div class=\"insignificant\">\u00a9 Humboldt Forum im Berliner Schloss\/ Foto: Alexander Schippel<\/div>\n\t\t\t\t\t\t\t\t\t<\/figcaption>\n\t\t\t\t\t<\/figure>\n\t<\/lazy-media-inline>\n\t\t\t\t<\/div>\n\t\t\t<\/div>\n\t\t\t<div class=\"col-xs-12 teaser-event-text Infos\">\n\t\t\t\t<div class=\"teaser-event-standard-text\">\n\t\t\t\t\t<div class=\"margin-bottom-atom\">\n\t\t\t\t\t\t<div class=\"subline clamp-1\" v-html=\"maingenre\"><\/div>\n\t\t\t\t\t\t\t\t\t\t\t<\/div>\n\t\t\t\t\n\t\t\t\t\t<strong class=\"margin-bottom-atom\">Leerstellen.Ausstellen.<\/strong>\n\n\t\t\t\t\t\t\t\t\t\t\t<div class=\"\">Objekte aus Tansania und das koloniale Archiv<\/div>\n\t\t\t\t\t\t\t\t\t<\/div>\n\t\t\t\t<div class=\"teaser-bottom border-bottom\">\n\t\t\t\t<calendardateline :rawitem='item' :show-icon=\"true\"><\/calendardateline>\n\t\t\t\t\t<hr>\n\t\t\t\t<\/div>\n\t\t\t<\/div>\n\t\t<\/div>\n\t<\/a>\n\t<\/calendarteaser>\n<\/li>\n\n<li class=\"teaser-lane-slide col-xs-9 col-sm-4 col-md-3 teaser-wrapper col-padding-remove\">\n\t<calendarteaser key=\"15685221598\" rawitem='{&quot;postId&quot;:156852,&quot;title&quot;:&quot;Kulturen der Welt im Humboldt Forum&quot;,&quot;excerpt&quot;:&quot;&quot;,&quot;slug&quot;:&quot;kulturen-der-welt-im-humboldt-forum&quot;,&quot;post_date&quot;:&quot;2025-12-10T15:57&quot;,&quot;type&quot;:&quot;event&quot;,&quot;permalink&quot;:&quot;https:\\\/\\\/www.humboldtforum.org\\\/de\\\/programm\\\/termin\\\/fuehrung\\\/kulturen-der-welt-im-humboldt-forum-156852\\\/&quot;,&quot;genre&quot;:[821],&quot;genre_details&quot;:[{&quot;text&quot;:&quot;F\\u00fchrung&quot;,&quot;id&quot;:821,&quot;icon&quot;:null,&quot;parent&quot;:0}],&quot;topic&quot;:[782],&quot;topic_details&quot;:[{&quot;text&quot;:&quot;Kolonialismus und Kolonialit\\u00e4t&quot;,&quot;id&quot;:782,&quot;icon&quot;:null,&quot;parent&quot;:0}],&quot;icon_overwrite&quot;:&quot;&quot;,&quot;acf&quot;:{&quot;noindex&quot;:false,&quot;keywords&quot;:&quot;&quot;,&quot;hashtag&quot;:&quot;HumboldtForum&quot;,&quot;belongsto&quot;:[46021],&quot;shorturl&quot;:&quot;&quot;,&quot;times&quot;:[{&quot;start&quot;:&quot;20260502 16:00&quot;,&quot;end&quot;:&quot;17:30&quot;,&quot;status&quot;:&quot;BUY&quot;,&quot;info&quot;:&quot;12 EUR zzgl. Ausstellungseintritt&quot;,&quot;shop&quot;:&quot;https:\\\/\\\/tickets.humboldtforum.org\\\/#\\\/product\\\/event\\\/568?date=2026-05-02&amp;date_id=28359&amp;lang=de&quot;,&quot;i&quot;:7,&quot;start_hour&quot;:&quot;16:00&quot;,&quot;start_HRF&quot;:&quot;Sa,  2. Mai 2026&quot;,&quot;_date&quot;:{&quot;date&quot;:&quot;2026-05-02 17:30:00.000000&quot;,&quot;timezone_type&quot;:3,&quot;timezone&quot;:&quot;Europe\\\/Berlin&quot;},&quot;_fromdate&quot;:&quot;20260502 16:00&quot;,&quot;start_TS&quot;:1777730400,&quot;start_HRFSHORT&quot;:&quot;02.05.26&quot;,&quot;start_HRFSHORT_WD&quot;:&quot;Sa 02.05.2026&quot;,&quot;end_TS&quot;:1777735800,&quot;can_purchase&quot;:true},{&quot;start&quot;:&quot;20260509 16:00&quot;,&quot;end&quot;:&quot;17:00&quot;,&quot;status&quot;:&quot;BUY&quot;,&quot;info&quot;:&quot;12 EUR zzgl. Ausstellungseintritt&quot;,&quot;shop&quot;:&quot;https:\\\/\\\/tickets.humboldtforum.org\\\/#\\\/product\\\/event\\\/568?date=2026-05-09&amp;date_id=28257&amp;lang=de&quot;,&quot;i&quot;:3,&quot;start_hour&quot;:&quot;16:00&quot;,&quot;start_HRF&quot;:&quot;Sa,  9. Mai 2026&quot;,&quot;_date&quot;:{&quot;date&quot;:&quot;2026-05-09 17:00:00.000000&quot;,&quot;timezone_type&quot;:3,&quot;timezone&quot;:&quot;Europe\\\/Berlin&quot;},&quot;_fromdate&quot;:&quot;20260509 16:00&quot;,&quot;start_TS&quot;:1778335200,&quot;start_HRFSHORT&quot;:&quot;09.05.26&quot;,&quot;start_HRFSHORT_WD&quot;:&quot;Sa 09.05.2026&quot;,&quot;end_TS&quot;:1778338800,&quot;can_purchase&quot;:true},{&quot;start&quot;:&quot;20260516 16:00&quot;,&quot;end&quot;:&quot;17:30&quot;,&quot;status&quot;:&quot;BUY&quot;,&quot;info&quot;:&quot;12 EUR zzgl. Ausstellungseintritt&quot;,&quot;shop&quot;:&quot;https:\\\/\\\/tickets.humboldtforum.org\\\/#\\\/product\\\/event\\\/568?date=2026-05-16&amp;date_id=28258&amp;lang=de&quot;,&quot;i&quot;:4,&quot;start_hour&quot;:&quot;16:00&quot;,&quot;start_HRF&quot;:&quot;Sa, 16. Mai 2026&quot;,&quot;_date&quot;:{&quot;date&quot;:&quot;2026-05-16 17:30:00.000000&quot;,&quot;timezone_type&quot;:3,&quot;timezone&quot;:&quot;Europe\\\/Berlin&quot;},&quot;_fromdate&quot;:&quot;20260516 16:00&quot;,&quot;start_TS&quot;:1778940000,&quot;start_HRFSHORT&quot;:&quot;16.05.26&quot;,&quot;start_HRFSHORT_WD&quot;:&quot;Sa 16.05.2026&quot;,&quot;end_TS&quot;:1778945400,&quot;can_purchase&quot;:true},{&quot;start&quot;:&quot;20260523 16:00&quot;,&quot;end&quot;:&quot;17:30&quot;,&quot;status&quot;:&quot;BUY&quot;,&quot;info&quot;:&quot;12 EUR zzgl. Ausstellungseintritt&quot;,&quot;shop&quot;:&quot;https:\\\/\\\/tickets.humboldtforum.org\\\/#\\\/product\\\/event\\\/568?date=2026-05-23&amp;date_id=28259&amp;lang=de&quot;,&quot;i&quot;:5,&quot;start_hour&quot;:&quot;16:00&quot;,&quot;start_HRF&quot;:&quot;Sa, 23. Mai 2026&quot;,&quot;_date&quot;:{&quot;date&quot;:&quot;2026-05-23 17:30:00.000000&quot;,&quot;timezone_type&quot;:3,&quot;timezone&quot;:&quot;Europe\\\/Berlin&quot;},&quot;_fromdate&quot;:&quot;20260523 16:00&quot;,&quot;start_TS&quot;:1779544800,&quot;start_HRFSHORT&quot;:&quot;23.05.26&quot;,&quot;start_HRFSHORT_WD&quot;:&quot;Sa 23.05.2026&quot;,&quot;end_TS&quot;:1779550200,&quot;can_purchase&quot;:true},{&quot;start&quot;:&quot;20260530 16:00&quot;,&quot;end&quot;:&quot;17:30&quot;,&quot;status&quot;:&quot;BUY&quot;,&quot;info&quot;:&quot;12 EUR zzgl. Ausstellungseintritt&quot;,&quot;shop&quot;:&quot;https:\\\/\\\/tickets.humboldtforum.org\\\/#\\\/product\\\/event\\\/568?date=2026-05-30&amp;date_id=28260&amp;lang=de&quot;,&quot;i&quot;:6,&quot;start_hour&quot;:&quot;16:00&quot;,&quot;start_HRF&quot;:&quot;Sa, 30. Mai 2026&quot;,&quot;_date&quot;:{&quot;date&quot;:&quot;2026-05-30 17:30:00.000000&quot;,&quot;timezone_type&quot;:3,&quot;timezone&quot;:&quot;Europe\\\/Berlin&quot;},&quot;_fromdate&quot;:&quot;20260530 16:00&quot;,&quot;start_TS&quot;:1780149600,&quot;start_HRFSHORT&quot;:&quot;30.05.26&quot;,&quot;start_HRFSHORT_WD&quot;:&quot;Sa 30.05.2026&quot;,&quot;end_TS&quot;:1780155000,&quot;can_purchase&quot;:true}],&quot;planning&quot;:{&quot;price&quot;:&quot;12 EUR zzgl. Ausstellungseintritt&quot;,&quot;admission&quot;:&quot;&quot;,&quot;pause&quot;:&quot;&quot;,&quot;duration&quot;:&quot;90&quot;},&quot;additional_info&quot;:{&quot;icon&quot;:&quot;0&quot;,&quot;text&quot;:&quot;&quot;},&quot;highlight_header&quot;:false,&quot;use_video_in_teasers&quot;:false,&quot;hyphenation&quot;:true,&quot;tipp&quot;:false,&quot;joker&quot;:false,&quot;live&quot;:false,&quot;hide_event_in_program&quot;:false,&quot;gomus_id&quot;:&quot;&quot;,&quot;subline&quot;:&quot;Highlights aus Asien, Afrika, Amerika und Ozeanien &quot;,&quot;tickettext&quot;:&quot;Bitte buchen Sie Ihr Ticket vorab online oder an der Kasse im Foyer.&quot;,&quot;featured_images&quot;:[156869],&quot;hm_id&quot;:&quot;&quot;},&quot;date&quot;:{&quot;NX&quot;:&quot;20260502&quot;,&quot;NXX&quot;:&quot;202605021600&quot;,&quot;NLAST&quot;:&quot;202606201200&quot;,&quot;from_DATE&quot;:&quot;20260502 16:00&quot;,&quot;from&quot;:1777723200,&quot;to&quot;:1781956800,&quot;to_DATE&quot;:&quot;20260620 16:00&quot;,&quot;from_HRFSHORT&quot;:&quot; 2. Mai 2026&quot;,&quot;from_HRFSHORT_WD&quot;:&quot;Sa 02.05.2026&quot;,&quot;to_HRFSHORT&quot;:&quot;20. Jun 2026&quot;,&quot;to_HRFSHORT_WD&quot;:&quot;Sa 20.06.2026&quot;,&quot;from_HRF&quot;:&quot;Sa,  2. Mai 2026&quot;,&quot;to_HRF&quot;:&quot;Sa, 20. Juni 2026&quot;,&quot;from_to_HRF&quot;:&quot;Sa,  2. Mai \\u2013 Sa, 20. Juni 2026&quot;,&quot;from_to_HRFSHORT&quot;:&quot; 2. Mai \\u2013 20. Jun 2026&quot;},&quot;alert&quot;:null,&quot;partof&quot;:[],&quot;marketing_topic&quot;:{&quot;title&quot;:&quot;Ethnologische Sammlungen und Asiatische Kunst&quot;,&quot;ID&quot;:46021,&quot;reason&quot;:&quot;belongsto&quot;}}' inline-template>\n\t<a href=\"https:\/\/www.humboldtforum.org\/de\/programm\/termin\/fuehrung\/kulturen-der-welt-im-humboldt-forum-156852\/\" class=\"teaser teaser-event teaser-event-standard\">\n\t\t<div class=\"row\">\n\t\t\t<div class=\"col-xs-12 teaser-event-image\">\n\t\t\t\t<div class=\"teaser-image teaser-image-no-alternate\">\n\t\t\t\t\t\t\t\t\t\t\t\n\t<lazy-media-inline inline-template>\n\t\t<figure itemscope itemtype=\"http:\/\/schema.org\/ImageObject\" class=\"lazy-media-inline \" role=\"group\" id=\"media_69f20c3155b0a\" aria-labelledby=\"desc_media_69f20c3155b0a\">\n\t\t\t<script type=\"application\/json\" ref=\"data\">\n\t\t\t\t{\n\t\t\t\t\"sizes\" : {\"medium\":{\"file\":\"SHF_eb00208611-1-300x200.jpg\",\"width\":300,\"height\":200,\"mime-type\":\"image\\\/jpeg\",\"filesize\":9190},\"large\":{\"file\":\"SHF_eb00208611-1-1024x683.jpg\",\"width\":1024,\"height\":683,\"mime-type\":\"image\\\/jpeg\",\"filesize\":51227},\"thumbnail\":{\"file\":\"SHF_eb00208611-1-150x150.jpg\",\"width\":150,\"height\":150,\"mime-type\":\"image\\\/jpeg\",\"filesize\":4953},\"medium_large\":{\"file\":\"SHF_eb00208611-1-768x512.jpg\",\"width\":768,\"height\":512,\"mime-type\":\"image\\\/jpeg\",\"filesize\":33426},\"small\":{\"file\":\"SHF_eb00208611-1-440x293.jpg\",\"width\":440,\"height\":293,\"mime-type\":\"image\\\/jpeg\",\"filesize\":15634},\"semi\":{\"file\":\"SHF_eb00208611-1-580x387.jpg\",\"width\":580,\"height\":387,\"mime-type\":\"image\\\/jpeg\",\"filesize\":22746},\"mobile\":{\"file\":\"SHF_eb00208611-1-720x480.jpg\",\"width\":720,\"height\":480,\"mime-type\":\"image\\\/jpeg\",\"filesize\":30426},\"hd\":{\"file\":\"SHF_eb00208611-1-1280x853.jpg\",\"width\":1280,\"height\":853,\"mime-type\":\"image\\\/jpeg\",\"filesize\":72703},\"full\":{\"file\":\"SHF_eb00208611-1-1920x1280.jpg\",\"width\":1920,\"height\":1280,\"mime-type\":\"image\\\/jpeg\",\"filesize\":151159},\"xxl\":{\"file\":\"SHF_eb00208611-1-4048x2699.jpg\",\"width\":4048,\"height\":2699,\"mime-type\":\"image\\\/jpeg\",\"filesize\":859221},\"1536x1536\":{\"file\":\"SHF_eb00208611-1-1536x1024.jpg\",\"width\":1536,\"height\":1024,\"mime-type\":\"image\\\/jpeg\",\"filesize\":98752},\"2048x2048\":{\"file\":\"SHF_eb00208611-1-2048x1365.jpg\",\"width\":2048,\"height\":1365,\"mime-type\":\"image\\\/jpeg\",\"filesize\":172135},\"original\":{\"file\":\"SHF_eb00208611-1.jpg\",\"width\":6000,\"height\":4000}},\n\t\t\t\t\"alt\" : \"Eine Frau erkl\\u00e4rt eine Buddha-Statue in einem Kunstmuseum, w\\u00e4hrend ein Mann interessiert zuh\\u00f6rt.\",\n\t\t\t\t\"path\" : \"\\\/wp-content\\\/uploads\\\/2025\\\/12\\\/\",\n\t\t\t\t\"video\" : null,\n\t\t\t\t\"autoplay\" : null,\n\t\t\t\t\"youtube\" : null,\n\t\t\t\t\"youtubelabel\" : \"Video abspielen\",\n\t\t\t\t\"brightness\" : 100,\n\t\t\t\t\"crop\" : {\"top\":\"36.26\",\"left\":\"56.11\"},\n\t\t\t\t\"background\" : true,\n\t\t\t\t\"scale\" : 2\t\t\t\t}\n\t\t\t<\/script>\n\n\t\t\t<div class=\"height-container\" style=\"padding-bottom:66.666666666667%;\" v-if=\"sizes\">\n\t\t\t\t\t\t\t\t<lazy-media :inline=\"true\" :alt=\"alt\" :sizes=\"sizes\" :scale=\"scale\" :brightness=\"brightness\" :path=\"path\" :video=\"video\" :autoplay=\"autoplay\" :youtube=\"youtube\" :crop=\"crop\" :youtubelabel=\"youtubelabel\" :background=\"background\" media-id=\"desc_media_69f20c3155b0a\"><\/lazy-media>\n\t\t\t\t\t\t\t<\/div>\n\n\t\t\t\t\t\t\t<figcaption class=\"sr-only\" ref=\"body\" id=\"desc_media_69f20c3155b0a\">\n\t\t\t\t\t\t\t\t\t\t\t\t\t\t\t\t<div>F&uuml;hrung Un-sichtbare H&auml;nde im Museum f&uuml;r Asiatische Kunst <\/div>\n\t\t\t\t\t\t\t\t\t\t\t\t\t\t\t\t<div class=\"insignificant\">\u00a9 Staatliche Museen zu Berlin, Museum f\u00fcr Asiatische Kunst \/ Stiftung Humboldt Forum im Berliner Schloss, Foto: Frank Sperling<\/div>\n\t\t\t\t\t\t\t\t\t<\/figcaption>\n\t\t\t\t\t<\/figure>\n\t<\/lazy-media-inline>\n\t\t\t\t<\/div>\n\t\t\t<\/div>\n\t\t\t<div class=\"col-xs-12 teaser-event-text Infos\">\n\t\t\t\t<div class=\"teaser-event-standard-text\">\n\t\t\t\t\t<div class=\"margin-bottom-atom\">\n\t\t\t\t\t\t<div class=\"subline clamp-1\" v-html=\"maingenre\"><\/div>\n\t\t\t\t\t\t\t\t\t\t\t\t\t<div class=\"insignificant clamp-2\">Ethnologische Sammlungen und Asiatische Kunst<\/div>\n\t\t\t\t\t\t\t\t\t\t\t<\/div>\n\t\t\t\t\n\t\t\t\t\t<strong class=\"margin-bottom-atom\">Kulturen der Welt im Humboldt Forum<\/strong>\n\n\t\t\t\t\t\t\t\t\t\t\t<div class=\"\">Highlights aus Asien, Afrika, Amerika und Ozeanien <\/div>\n\t\t\t\t\t\t\t\t\t<\/div>\n\t\t\t\t<div class=\"teaser-bottom border-bottom\">\n\t\t\t\t<calendardateline :rawitem='item' :show-icon=\"true\"><\/calendardateline>\n\t\t\t\t\t<hr>\n\t\t\t\t<\/div>\n\t\t\t<\/div>\n\t\t<\/div>\n\t<\/a>\n\t<\/calendarteaser>\n<\/li>\n\n<li class=\"teaser-lane-slide col-xs-9 col-sm-4 col-md-3 teaser-wrapper col-padding-remove\">\n\t<calendarteaser key=\"357191686\" rawitem='{&quot;postId&quot;:35719,&quot;title&quot;:&quot;Vorbilder f\\u00fcr dich und mich&quot;,&quot;excerpt&quot;:&quot;Gelesen werden die Bilderb\\u00fccher \\&quot;Der kleine Kolibri\\&quot; von Michael Nicoll Yahgulanaas, \\&quot;Im Garten von Oma Apo\\&quot; von Wei Tang sowie \\&quot;Onkel Flores\\&quot; von Eymard Toledo.&quot;,&quot;slug&quot;:&quot;vorbilder-fuer-dich-und-mich&quot;,&quot;post_date&quot;:&quot;2021-12-13T06:00&quot;,&quot;type&quot;:&quot;event&quot;,&quot;permalink&quot;:&quot;https:\\\/\\\/www.humboldtforum.org\\\/de\\\/programm\\\/termin\\\/lesung\\\/vorbilder-fuer-dich-und-mich-35719\\\/&quot;,&quot;genre&quot;:[1144,823],&quot;genre_details&quot;:[{&quot;text&quot;:&quot;Lesung&quot;,&quot;id&quot;:1144,&quot;icon&quot;:null,&quot;parent&quot;:0},{&quot;text&quot;:&quot;Schauspiel&quot;,&quot;id&quot;:823,&quot;icon&quot;:null,&quot;parent&quot;:0}],&quot;topic&quot;:[782],&quot;topic_details&quot;:[{&quot;text&quot;:&quot;Kolonialismus und Kolonialit\\u00e4t&quot;,&quot;id&quot;:782,&quot;icon&quot;:null,&quot;parent&quot;:0}],&quot;stakeholder&quot;:[382],&quot;stakeholder_details&quot;:[{&quot;text&quot;:&quot;Stiftung Humboldt Forum im Berliner Schloss&quot;,&quot;id&quot;:382,&quot;icon&quot;:null,&quot;parent&quot;:0}],&quot;targetgroup&quot;:[454],&quot;targetgroup_details&quot;:[{&quot;text&quot;:&quot;Kinder und Familien&quot;,&quot;id&quot;:454,&quot;icon&quot;:null,&quot;parent&quot;:0}],&quot;language&quot;:[384],&quot;language_details&quot;:[{&quot;text&quot;:&quot;Deutsch&quot;,&quot;id&quot;:384,&quot;icon&quot;:null,&quot;parent&quot;:0}],&quot;accessability&quot;:[430],&quot;accessability_details&quot;:[{&quot;text&quot;:&quot;Rollstuhlgerecht&quot;,&quot;id&quot;:430,&quot;icon&quot;:null,&quot;parent&quot;:0}],&quot;age&quot;:[443],&quot;age_details&quot;:[{&quot;text&quot;:&quot;Kinder (3-6 Jahre)&quot;,&quot;id&quot;:443,&quot;icon&quot;:null,&quot;parent&quot;:0}],&quot;place&quot;:[424],&quot;place_details&quot;:{&quot;place&quot;:&quot;Humboldt Forum&quot;,&quot;map&quot;:&quot;Humboldt Forum, Schlossplatz, Berlin&quot;,&quot;room&quot;:&quot;Saal 3, EG&quot;},&quot;icon_overwrite&quot;:&quot;&quot;,&quot;acf&quot;:{&quot;hashtag&quot;:&quot;HumboldtForum&quot;,&quot;noindex&quot;:false,&quot;keywords&quot;:&quot;&quot;,&quot;shorturl&quot;:&quot;&quot;,&quot;times&quot;:[{&quot;start&quot;:&quot;20260517 13:00&quot;,&quot;end&quot;:&quot;13:30&quot;,&quot;status&quot;:&quot;BUY&quot;,&quot;info&quot;:&quot;4 EUR \\\/ erm\\u00e4\\u00dfigt 2 EUR&quot;,&quot;shop&quot;:&quot;https:\\\/\\\/tickets.humboldtforum.org\\\/#\\\/product\\\/event\\\/142?date=2026-05-17&amp;date_id=27929&amp;lang=de&quot;,&quot;i&quot;:3,&quot;start_hour&quot;:&quot;13:00&quot;,&quot;start_HRF&quot;:&quot;So, 17. Mai 2026&quot;,&quot;_date&quot;:{&quot;date&quot;:&quot;2026-05-17 13:30:00.000000&quot;,&quot;timezone_type&quot;:3,&quot;timezone&quot;:&quot;Europe\\\/Berlin&quot;},&quot;_fromdate&quot;:&quot;20260517 13:00&quot;,&quot;start_TS&quot;:1779015600,&quot;start_HRFSHORT&quot;:&quot;17.05.26&quot;,&quot;start_HRFSHORT_WD&quot;:&quot;So 17.05.2026&quot;,&quot;end_TS&quot;:1779017400,&quot;can_purchase&quot;:true},{&quot;start&quot;:&quot;20260531 13:00&quot;,&quot;end&quot;:&quot;13:30&quot;,&quot;status&quot;:&quot;BUY&quot;,&quot;info&quot;:&quot;4 EUR \\\/ erm\\u00e4\\u00dfigt 2 EUR&quot;,&quot;shop&quot;:&quot;https:\\\/\\\/tickets.humboldtforum.org\\\/#\\\/product\\\/event\\\/142?date=2026-05-31&amp;date_id=27935&amp;lang=de&quot;,&quot;i&quot;:4,&quot;start_hour&quot;:&quot;13:00&quot;,&quot;start_HRF&quot;:&quot;So, 31. Mai 2026&quot;,&quot;_date&quot;:{&quot;date&quot;:&quot;2026-05-31 13:30:00.000000&quot;,&quot;timezone_type&quot;:3,&quot;timezone&quot;:&quot;Europe\\\/Berlin&quot;},&quot;_fromdate&quot;:&quot;20260531 13:00&quot;,&quot;start_TS&quot;:1780225200,&quot;start_HRFSHORT&quot;:&quot;31.05.26&quot;,&quot;start_HRFSHORT_WD&quot;:&quot;So 31.05.2026&quot;,&quot;end_TS&quot;:1780227000,&quot;can_purchase&quot;:true}],&quot;planning&quot;:{&quot;price&quot;:&quot;4 EUR \\\/ erm\\u00e4\\u00dfigt 2 EUR&quot;,&quot;admission&quot;:&quot;&quot;,&quot;pause&quot;:&quot;&quot;,&quot;duration&quot;:&quot;30&quot;},&quot;subline&quot;:&quot;Der kleine Kolibri, Oma Apo &amp; Onkel Flores&quot;,&quot;shorttext&quot;:&quot;Gelesen werden die Bilderb\\u00fccher \\&quot;Der kleine Kolibri\\&quot; von Michael Nicoll Yahgulanaas, \\&quot;Im Garten von Oma Apo\\&quot; von Wei Tang sowie \\&quot;Onkel Flores\\&quot; von Eymard Toledo.&quot;,&quot;tickettext&quot;:&quot;Bitte buchen Sie Ihr Ticket vorab online oder an der Kasse im Foyer.&quot;,&quot;infotext&quot;:&quot;Wir bitten um Verst\\u00e4ndnis: Erwachsenen ist die Teilnahme am Programm nur in Begleitung von Kindern gestattet.&quot;,&quot;additional_info&quot;:{&quot;icon&quot;:&quot;icon-pin&quot;,&quot;text&quot;:&quot;Der Zugang zum Saal 3 ist im Schl\\u00fcterhof neben dem Skulpturensaal.&quot;},&quot;highlight_header&quot;:false,&quot;featured_images&quot;:[68920],&quot;use_video_in_teasers&quot;:false,&quot;hyphenation&quot;:true,&quot;tipp&quot;:false,&quot;joker&quot;:false,&quot;live&quot;:false,&quot;hide_event_in_program&quot;:false,&quot;gomus_id&quot;:&quot;&quot;,&quot;hm_id&quot;:&quot;&quot;,&quot;belongsto&quot;:[31647]},&quot;date&quot;:{&quot;NX&quot;:&quot;20260517&quot;,&quot;NXX&quot;:&quot;202605171300&quot;,&quot;NLAST&quot;:&quot;202605311000&quot;,&quot;from_DATE&quot;:&quot;20260314 13:00&quot;,&quot;from&quot;:1773486000,&quot;to&quot;:1780221600,&quot;to_DATE&quot;:&quot;20260531 13:00&quot;,&quot;from_HRFSHORT&quot;:&quot;14. M\\u00e4r 2026&quot;,&quot;from_HRFSHORT_WD&quot;:&quot;Sa 14.03.2026&quot;,&quot;to_HRFSHORT&quot;:&quot;31. Mai 2026&quot;,&quot;to_HRFSHORT_WD&quot;:&quot;So 31.05.2026&quot;,&quot;from_HRF&quot;:&quot;Sa, 14. M\\u00e4rz 2026&quot;,&quot;to_HRF&quot;:&quot;So, 31. Mai 2026&quot;,&quot;from_to_HRF&quot;:&quot;Sa, 14. M\\u00e4rz \\u2013 So, 31. Mai 2026&quot;,&quot;from_to_HRFSHORT&quot;:&quot;14. M\\u00e4r \\u2013 31. Mai 2026&quot;},&quot;alert&quot;:null,&quot;partof&quot;:[&quot;31647&quot;],&quot;marketing_topic&quot;:{&quot;title&quot;:&quot;Bilderbuchkino&quot;,&quot;ID&quot;:&quot;31647&quot;,&quot;reason&quot;:&quot;sequence&quot;}}' inline-template>\n\t<a href=\"https:\/\/www.humboldtforum.org\/de\/programm\/termin\/lesung\/vorbilder-fuer-dich-und-mich-35719\/\" class=\"teaser teaser-event teaser-event-standard\">\n\t\t<div class=\"row\">\n\t\t\t<div class=\"col-xs-12 teaser-event-image\">\n\t\t\t\t<div class=\"teaser-image teaser-image-no-alternate\">\n\t\t\t\t\t\t\t\t\t\t\t\n\t<lazy-media-inline inline-template>\n\t\t<figure itemscope itemtype=\"http:\/\/schema.org\/ImageObject\" class=\"lazy-media-inline \" role=\"group\" id=\"media_69f20c3157610\" aria-labelledby=\"desc_media_69f20c3157610\">\n\t\t\t<script type=\"application\/json\" ref=\"data\">\n\t\t\t\t{\n\t\t\t\t\"sizes\" : {\"medium\":{\"file\":\"1034434_Web-1-300x141.jpg\",\"width\":300,\"height\":141,\"mime-type\":\"image\\\/jpeg\",\"filesize\":10090},\"large\":{\"file\":\"1034434_Web-1-1024x480.jpg\",\"width\":1024,\"height\":480,\"mime-type\":\"image\\\/jpeg\",\"filesize\":82843},\"thumbnail\":{\"file\":\"1034434_Web-1-150x150.jpg\",\"width\":150,\"height\":150,\"mime-type\":\"image\\\/jpeg\",\"filesize\":5988},\"medium_large\":{\"file\":\"1034434_Web-1-768x360.jpg\",\"width\":768,\"height\":360,\"mime-type\":\"image\\\/jpeg\",\"filesize\":49638},\"small\":{\"file\":\"1034434_Web-1-440x206.jpg\",\"width\":440,\"height\":206,\"mime-type\":\"image\\\/jpeg\",\"filesize\":18550},\"semi\":{\"file\":\"1034434_Web-1-580x272.jpg\",\"width\":580,\"height\":272,\"mime-type\":\"image\\\/jpeg\",\"filesize\":29901},\"mobile\":{\"file\":\"1034434_Web-1-720x338.jpg\",\"width\":720,\"height\":338,\"mime-type\":\"image\\\/jpeg\",\"filesize\":44260},\"original\":{\"file\":\"1034434_Web-1.jpg\",\"width\":1280,\"height\":600}},\n\t\t\t\t\"alt\" : \"Ein Kinderbuch mit dem Titel \\\"Onkel Flores\\\" liegt auf einem Tisch, umgeben von bunten Stiften und Dekoration.\",\n\t\t\t\t\"path\" : \"\\\/wp-content\\\/uploads\\\/2021\\\/12\\\/\",\n\t\t\t\t\"video\" : null,\n\t\t\t\t\"autoplay\" : null,\n\t\t\t\t\"youtube\" : null,\n\t\t\t\t\"youtubelabel\" : \"Video abspielen\",\n\t\t\t\t\"brightness\" : 100,\n\t\t\t\t\"crop\" : {\"top\":\"67.87\",\"left\":\"50.59\"},\n\t\t\t\t\"background\" : true,\n\t\t\t\t\"scale\" : 2\t\t\t\t}\n\t\t\t<\/script>\n\n\t\t\t<div class=\"height-container\" style=\"padding-bottom:46.875%;\" v-if=\"sizes\">\n\t\t\t\t\t\t\t\t<lazy-media :inline=\"true\" :alt=\"alt\" :sizes=\"sizes\" :scale=\"scale\" :brightness=\"brightness\" :path=\"path\" :video=\"video\" :autoplay=\"autoplay\" :youtube=\"youtube\" :crop=\"crop\" :youtubelabel=\"youtubelabel\" :background=\"background\" media-id=\"desc_media_69f20c3157610\"><\/lazy-media>\n\t\t\t\t\t\t\t<\/div>\n\n\t\t\t\t\t\t\t<figcaption class=\"sr-only\" ref=\"body\" id=\"desc_media_69f20c3157610\">\n\t\t\t\t\t\t\t\t\t\t\t<div>Cover zum Bilderbuch &quot;Onkel Flores. Eine ziemlich wahre Geschichte aus Brasilien&quot; von Eymard Toledo<\/div>\n\t\t\t\t\t\t\t\t\t\t\t\t\t\t\t\t\t\t\t\t\t<div class=\"insignificant\">\u00a9 2016 Baobab Books \/ Stiftung Humboldt Forum im Berliner Schloss, Foto: Andreas K\u00f6nig<\/div>\n\t\t\t\t\t\t\t\t\t<\/figcaption>\n\t\t\t\t\t<\/figure>\n\t<\/lazy-media-inline>\n\t\t\t\t<\/div>\n\t\t\t<\/div>\n\t\t\t<div class=\"col-xs-12 teaser-event-text Infos\">\n\t\t\t\t<div class=\"teaser-event-standard-text\">\n\t\t\t\t\t<div class=\"margin-bottom-atom\">\n\t\t\t\t\t\t<div class=\"subline clamp-1\" v-html=\"maingenre\"><\/div>\n\t\t\t\t\t\t\t\t\t\t\t\t\t<div class=\"insignificant clamp-2\">Bilderbuchkino<\/div>\n\t\t\t\t\t\t\t\t\t\t\t<\/div>\n\t\t\t\t\n\t\t\t\t\t<strong class=\"margin-bottom-atom\">Vorbilder f\u00fcr dich und mich<\/strong>\n\n\t\t\t\t\t\t\t\t\t\t\t<div class=\"\">Der kleine Kolibri, Oma Apo &#038; Onkel Flores<\/div>\n\t\t\t\t\t\t\t\t\t<\/div>\n\t\t\t\t<div class=\"teaser-bottom border-bottom\">\n\t\t\t\t<calendardateline :rawitem='item' :show-icon=\"true\"><\/calendardateline>\n\t\t\t\t\t<hr>\n\t\t\t\t<\/div>\n\t\t\t<\/div>\n\t\t<\/div>\n\t<\/a>\n\t<\/calendarteaser>\n<\/li>\n\n<li class=\"teaser-lane-slide col-xs-9 col-sm-4 col-md-3 teaser-wrapper col-padding-remove\">\n\t<calendarteaser key=\"4020015087\" rawitem='{&quot;postId&quot;:40200,&quot;title&quot;:&quot;Jitdam Kapeel*&quot;,&quot;excerpt&quot;:&quot;&quot;,&quot;slug&quot;:&quot;jitdam-kapeel&quot;,&quot;type&quot;:&quot;event-sequence&quot;,&quot;post_date&quot;:&quot;2022-03-22T13:34&quot;,&quot;permalink&quot;:&quot;https:\\\/\\\/www.humboldtforum.org\\\/de\\\/programm\\\/event-reihe\\\/programm\\\/jitdam-kapeel-40200\\\/&quot;,&quot;genre&quot;:[879],&quot;genre_details&quot;:[{&quot;text&quot;:&quot;Programm&quot;,&quot;id&quot;:879,&quot;icon&quot;:null,&quot;parent&quot;:0}],&quot;topic&quot;:[782],&quot;topic_details&quot;:[{&quot;text&quot;:&quot;Kolonialismus und Kolonialit\\u00e4t&quot;,&quot;id&quot;:782,&quot;icon&quot;:null,&quot;parent&quot;:0}],&quot;stakeholder&quot;:[530,382],&quot;stakeholder_details&quot;:[{&quot;text&quot;:&quot;Staatliche Museen zu Berlin&quot;,&quot;id&quot;:530,&quot;icon&quot;:null,&quot;parent&quot;:0},{&quot;text&quot;:&quot;Stiftung Humboldt Forum im Berliner Schloss&quot;,&quot;id&quot;:382,&quot;icon&quot;:null,&quot;parent&quot;:0}],&quot;targetgroup&quot;:[383,455],&quot;targetgroup_details&quot;:[{&quot;text&quot;:&quot;Erwachsene&quot;,&quot;id&quot;:383,&quot;icon&quot;:null,&quot;parent&quot;:0},{&quot;text&quot;:&quot;Jugendliche&quot;,&quot;id&quot;:455,&quot;icon&quot;:null,&quot;parent&quot;:0}],&quot;language&quot;:[384,385],&quot;language_details&quot;:[{&quot;text&quot;:&quot;Deutsch&quot;,&quot;id&quot;:384,&quot;icon&quot;:null,&quot;parent&quot;:0},{&quot;text&quot;:&quot;Englisch&quot;,&quot;id&quot;:385,&quot;icon&quot;:null,&quot;parent&quot;:0}],&quot;place&quot;:[895],&quot;place_details&quot;:{&quot;place&quot;:&quot;Humboldt Forum&quot;,&quot;map&quot;:&quot;Humboldt Forum, Schlossplatz, Berlin&quot;,&quot;room&quot;:&quot;Ozeanien, 2. OG&quot;},&quot;icon_overwrite&quot;:&quot;&quot;,&quot;acf&quot;:{&quot;noindex&quot;:false,&quot;keywords&quot;:&quot;&quot;,&quot;belongsto&quot;:false,&quot;shorturl&quot;:&quot;afrikamera&quot;,&quot;subline&quot;:&quot;Marshall Islands meets Wei\\u00dfensee. Eine kollaborative Pr\\u00e4sentation Studierender aus Majuro und Berlin&quot;,&quot;shorttext&quot;:&quot;*\\&quot;Das Suchen und Teilen von Insel-Wissen\\&quot; ist das marshallesische Motto der Zusammenarbeit zwischen Studierenden des College of the Marshall Islands im S\\u00fcdpazifik und internationalen Studierenden  der Kunsthochschule Weissensee. F\\u00fcr drei Tage treten sie im Boote-Kubus in den Dialog mit den dort ausgestellten Objekten aus den Marshall-Islands - in Form von Installationen, kurzen Performances und einer Live-Schaltung zwischen dem Major-Atoll und Berlin. &quot;,&quot;additional_info&quot;:{&quot;icon&quot;:&quot;0&quot;,&quot;text&quot;:&quot;&quot;},&quot;highlight_header&quot;:false,&quot;highlight_header_image&quot;:40205,&quot;has_mobile_format&quot;:true,&quot;use_video_in_teasers&quot;:false,&quot;hyphenation&quot;:false,&quot;manual_period&quot;:true,&quot;tipp&quot;:false,&quot;joker&quot;:false,&quot;live&quot;:false,&quot;hide_event_in_program&quot;:false,&quot;from&quot;:&quot;20220402&quot;,&quot;to&quot;:&quot;20220404&quot;,&quot;tickettext&quot;:&quot;Eintritt mit Zeitfenster-Ticket frei&quot;,&quot;featured_images&quot;:[40073]},&quot;date&quot;:{&quot;NLAST&quot;:&quot;202204040800&quot;,&quot;NX&quot;:&quot;20220404&quot;,&quot;from_DATE&quot;:&quot;20220402 08:00&quot;,&quot;from&quot;:1648872000,&quot;to&quot;:1649044800,&quot;to_DATE&quot;:&quot;20220404 08:00&quot;,&quot;from_HRFSHORT&quot;:&quot; 2. Apr 2022&quot;,&quot;from_HRFSHORT_WD&quot;:&quot;Sa 02.04.2022&quot;,&quot;to_HRFSHORT&quot;:&quot; 4. Apr 2022&quot;,&quot;to_HRFSHORT_WD&quot;:&quot;Mo 04.04.2022&quot;,&quot;from_HRF&quot;:&quot;Sa,  2. April 2022&quot;,&quot;to_HRF&quot;:&quot;Mo,  4. April 2022&quot;,&quot;from_to_HRF&quot;:&quot;Sa,  2. April \\u2013 Mo,  4. April 2022&quot;,&quot;from_to_HRFSHORT&quot;:&quot; 2. Apr \\u2013  4. Apr 2022&quot;},&quot;alert&quot;:null,&quot;partof&quot;:[],&quot;marketing_topic&quot;:&quot;&quot;}' inline-template>\n\t<a href=\"https:\/\/www.humboldtforum.org\/de\/programm\/event-reihe\/programm\/jitdam-kapeel-40200\/\" class=\"teaser teaser-event-sequence teaser-event-standard\">\n\t\t<div class=\"row\">\n\t\t\t<div class=\"col-xs-12 teaser-event-image\">\n\t\t\t\t<div class=\"teaser-image teaser-image-no-alternate\">\n\t\t\t\t\t\t\t\t\t\t\t\n\t<lazy-media-inline inline-template>\n\t\t<figure itemscope itemtype=\"http:\/\/schema.org\/ImageObject\" class=\"lazy-media-inline \" role=\"group\" id=\"media_69f20c31593dc\" aria-labelledby=\"desc_media_69f20c31593dc\">\n\t\t\t<script type=\"application\/json\" ref=\"data\">\n\t\t\t\t{\n\t\t\t\t\"sizes\" : {\"medium\":{\"file\":\"SHF_eb00132784-300x168.jpg\",\"width\":300,\"height\":168,\"mime-type\":\"image\\\/jpeg\"},\"thumbnail\":{\"file\":\"SHF_eb00132784-150x150.jpg\",\"width\":150,\"height\":150,\"mime-type\":\"image\\\/jpeg\"},\"medium_large\":{\"file\":\"SHF_eb00132784-768x430.jpg\",\"width\":768,\"height\":430,\"mime-type\":\"image\\\/jpeg\"},\"small\":{\"file\":\"SHF_eb00132784-440x247.jpg\",\"width\":440,\"height\":247,\"mime-type\":\"image\\\/jpeg\"},\"semi\":{\"file\":\"SHF_eb00132784-580x325.jpg\",\"width\":580,\"height\":325,\"mime-type\":\"image\\\/jpeg\"},\"mobile\":{\"file\":\"SHF_eb00132784-720x404.jpg\",\"width\":720,\"height\":404,\"mime-type\":\"image\\\/jpeg\"},\"original\":{\"file\":\"SHF_eb00132784.jpg\",\"width\":885,\"height\":496}},\n\t\t\t\t\"alt\" : \"Eine Frau mit Halsschmuck l\\u00e4chelt vor einem traditionellen Boot in die Kamera.\",\n\t\t\t\t\"path\" : \"\\\/wp-content\\\/uploads\\\/2022\\\/03\\\/\",\n\t\t\t\t\"video\" : null,\n\t\t\t\t\"autoplay\" : null,\n\t\t\t\t\"youtube\" : null,\n\t\t\t\t\"youtubelabel\" : \"Video abspielen\",\n\t\t\t\t\"brightness\" : 100,\n\t\t\t\t\"crop\" : null,\n\t\t\t\t\"background\" : true,\n\t\t\t\t\"scale\" : 2\t\t\t\t}\n\t\t\t<\/script>\n\n\t\t\t<div class=\"height-container\" style=\"padding-bottom:56.045197740113%;\" v-if=\"sizes\">\n\t\t\t\t\t\t\t\t<lazy-media :inline=\"true\" :alt=\"alt\" :sizes=\"sizes\" :scale=\"scale\" :brightness=\"brightness\" :path=\"path\" :video=\"video\" :autoplay=\"autoplay\" :youtube=\"youtube\" :crop=\"crop\" :youtubelabel=\"youtubelabel\" :background=\"background\" media-id=\"desc_media_69f20c31593dc\"><\/lazy-media>\n\t\t\t\t\t\t\t<\/div>\n\n\t\t\t\t\t\t\t<figcaption class=\"sr-only\" ref=\"body\" id=\"desc_media_69f20c31593dc\">\n\t\t\t\t\t\t\t\t\t\t\t<div>Meitaka Kendall vor einem Segelboot von den Marshall Islands<\/div>\n\t\t\t\t\t\t\t\t\t\t\t\t\t\t\t\t\t\t\t\t\t<div class=\"insignificant\">\u00a9 Foto: Gina Knapp<\/div>\n\t\t\t\t\t\t\t\t\t<\/figcaption>\n\t\t\t\t\t<\/figure>\n\t<\/lazy-media-inline>\n\t\t\t\t<\/div>\n\t\t\t<\/div>\n\t\t\t<div class=\"col-xs-12 teaser-event-text Infos\">\n\t\t\t\t<div class=\"teaser-event-standard-text\">\n\t\t\t\t\t<div class=\"margin-bottom-atom\">\n\t\t\t\t\t\t<div class=\"subline clamp-1\" v-html=\"maingenre\"><\/div>\n\t\t\t\t\t\t\t\t\t\t\t<\/div>\n\t\t\t\t\n\t\t\t\t\t<strong class=\"margin-bottom-atom\">Jitdam Kapeel*<\/strong>\n\n\t\t\t\t\t\t\t\t\t\t\t<div class=\"\">Marshall Islands meets Wei\u00dfensee. Eine kollaborative Pr\u00e4sentation Studierender aus Majuro und Berlin<\/div>\n\t\t\t\t\t\t\t\t\t<\/div>\n\t\t\t\t<div class=\"teaser-bottom border-bottom\">\n\t\t\t\t<calendardateline :rawitem='item' :show-icon=\"true\"><\/calendardateline>\n\t\t\t\t\t<hr>\n\t\t\t\t<\/div>\n\t\t\t<\/div>\n\t\t<\/div>\n\t<\/a>\n\t<\/calendarteaser>\n<\/li>\n\n<li class=\"teaser-lane-slide col-xs-9 col-sm-4 col-md-3 teaser-wrapper col-padding-remove\">\n\t<calendarteaser key=\"1587535801\" rawitem='{&quot;postId&quot;:158753,&quot;title&quot;:&quot;Kulturen der Welt im Humboldt Forum&quot;,&quot;excerpt&quot;:&quot;&quot;,&quot;slug&quot;:&quot;kulturen-der-welt-im-humboldt-forum&quot;,&quot;post_date&quot;:&quot;2026-01-29T14:41&quot;,&quot;type&quot;:&quot;event-bookable&quot;,&quot;permalink&quot;:&quot;https:\\\/\\\/www.humboldtforum.org\\\/de\\\/programm\\\/angebot\\\/fuehrung\\\/kulturen-der-welt-im-humboldt-forum-158753\\\/&quot;,&quot;genre&quot;:[821],&quot;genre_details&quot;:[{&quot;text&quot;:&quot;F\\u00fchrung&quot;,&quot;id&quot;:821,&quot;icon&quot;:null,&quot;parent&quot;:0}],&quot;topic&quot;:[782],&quot;topic_details&quot;:[{&quot;text&quot;:&quot;Kolonialismus und Kolonialit\\u00e4t&quot;,&quot;id&quot;:782,&quot;icon&quot;:null,&quot;parent&quot;:0}],&quot;stakeholder&quot;:[530],&quot;stakeholder_details&quot;:[{&quot;text&quot;:&quot;Staatliche Museen zu Berlin&quot;,&quot;id&quot;:530,&quot;icon&quot;:null,&quot;parent&quot;:0}],&quot;targetgroup&quot;:[383,1080],&quot;targetgroup_details&quot;:[{&quot;text&quot;:&quot;Erwachsene&quot;,&quot;id&quot;:383,&quot;icon&quot;:null,&quot;parent&quot;:0},{&quot;text&quot;:&quot;Gruppen&quot;,&quot;id&quot;:1080,&quot;icon&quot;:null,&quot;parent&quot;:0}],&quot;language&quot;:[384,385,1599,789,1042,386,1419,1177],&quot;language_details&quot;:[{&quot;text&quot;:&quot;Deutsch&quot;,&quot;id&quot;:384,&quot;icon&quot;:null,&quot;parent&quot;:0},{&quot;text&quot;:&quot;Englisch&quot;,&quot;id&quot;:385,&quot;icon&quot;:null,&quot;parent&quot;:0},{&quot;text&quot;:&quot;Farsi&quot;,&quot;id&quot;:1599,&quot;icon&quot;:null,&quot;parent&quot;:0},{&quot;text&quot;:&quot;Franz\\u00f6sisch&quot;,&quot;id&quot;:789,&quot;icon&quot;:null,&quot;parent&quot;:0},{&quot;text&quot;:&quot;Portugiesisch&quot;,&quot;id&quot;:1042,&quot;icon&quot;:null,&quot;parent&quot;:0},{&quot;text&quot;:&quot;Spanisch&quot;,&quot;id&quot;:386,&quot;icon&quot;:null,&quot;parent&quot;:0},{&quot;text&quot;:&quot;Ukrainisch&quot;,&quot;id&quot;:1419,&quot;icon&quot;:null,&quot;parent&quot;:0},{&quot;text&quot;:&quot;Vietnamesisch&quot;,&quot;id&quot;:1177,&quot;icon&quot;:null,&quot;parent&quot;:0}],&quot;age&quot;:[1321],&quot;age_details&quot;:[{&quot;text&quot;:&quot;ab 16 Jahre&quot;,&quot;id&quot;:1321,&quot;icon&quot;:null,&quot;parent&quot;:0}],&quot;place&quot;:[899,898,896,895],&quot;place_details&quot;:{&quot;place&quot;:&quot;Humboldt Forum&quot;,&quot;map&quot;:&quot;Humboldt Forum, Schlossplatz, Berlin&quot;,&quot;room&quot;:&quot;Afrika, 2. OG, Amerika, 2. OG, Asien, 3. OG, Ozeanien, 2. OG&quot;},&quot;icon_overwrite&quot;:&quot;&quot;,&quot;acf&quot;:{&quot;noindex&quot;:false,&quot;keywords&quot;:&quot;&quot;,&quot;belongsto&quot;:[46021],&quot;shorturl&quot;:&quot;&quot;,&quot;planning&quot;:{&quot;price&quot;:&quot;120 EUR zzgl. Ausstellungseintritt&quot;,&quot;admission&quot;:&quot;&quot;,&quot;pause&quot;:&quot;&quot;,&quot;duration&quot;:&quot;90&quot;,&quot;status&quot;:&quot;CTA&quot;,&quot;info&quot;:&quot;Uhrzeit nach Absprache&quot;,&quot;shop&quot;:&quot;&quot;,&quot;can_purchase&quot;:false},&quot;subline&quot;:&quot;Highlights aus Asien, Afrika, Amerika und Ozeanien&quot;,&quot;subline_feature&quot;:&quot;- \\u00dcberblicksf\\u00fchrung&quot;,&quot;tickettext&quot;:&quot;Bitte buchen Sie die F\\u00fchrung telefonisch unter +49 30 99 211 89 89 oder via E-Mail an education@humboldtforum.org.&quot;,&quot;additional_info&quot;:{&quot;icon&quot;:&quot;icon-contact&quot;,&quot;text&quot;:&quot;Unsere Vermittler*innen sprechen viele verschiedene Sprachen. Bitte wenden Sie sich bei Bedarf an den Besucherservice.&quot;},&quot;highlight_header&quot;:false,&quot;featured_images&quot;:[156869],&quot;use_video_in_teasers&quot;:false,&quot;hyphenation&quot;:true,&quot;tipp&quot;:false,&quot;alert_text&quot;:&quot;ab sofort buchbar&quot;,&quot;joker&quot;:false,&quot;live&quot;:false,&quot;announcement&quot;:&quot;buchbar f\\u00fcr Gruppen&quot;,&quot;hide_event_in_program&quot;:false},&quot;date&quot;:[],&quot;alert&quot;:&quot;ab sofort buchbar&quot;,&quot;partof&quot;:[],&quot;marketing_topic&quot;:{&quot;title&quot;:&quot;Ethnologische Sammlungen und Asiatische Kunst&quot;,&quot;ID&quot;:46021,&quot;reason&quot;:&quot;belongsto&quot;}}' inline-template>\n\t<a href=\"https:\/\/www.humboldtforum.org\/de\/programm\/angebot\/fuehrung\/kulturen-der-welt-im-humboldt-forum-158753\/\" class=\"teaser teaser-event-bookable teaser-event-standard\">\n\t\t<div class=\"row\">\n\t\t\t<div class=\"col-xs-12 teaser-event-image\">\n\t\t\t\t<div class=\"teaser-image teaser-image-no-alternate\">\n\t\t\t\t\t\t\t\t\t\t\t\t\t<span class=\"alert\">ab sofort buchbar<\/span>\n\t\t\t\t\t\t\t\t\t\t\t\n\t<lazy-media-inline inline-template>\n\t\t<figure itemscope itemtype=\"http:\/\/schema.org\/ImageObject\" class=\"lazy-media-inline \" role=\"group\" id=\"media_69f20c315ade0\" aria-labelledby=\"desc_media_69f20c315ade0\">\n\t\t\t<script type=\"application\/json\" ref=\"data\">\n\t\t\t\t{\n\t\t\t\t\"sizes\" : {\"medium\":{\"file\":\"SHF_eb00208611-1-300x200.jpg\",\"width\":300,\"height\":200,\"mime-type\":\"image\\\/jpeg\",\"filesize\":9190},\"large\":{\"file\":\"SHF_eb00208611-1-1024x683.jpg\",\"width\":1024,\"height\":683,\"mime-type\":\"image\\\/jpeg\",\"filesize\":51227},\"thumbnail\":{\"file\":\"SHF_eb00208611-1-150x150.jpg\",\"width\":150,\"height\":150,\"mime-type\":\"image\\\/jpeg\",\"filesize\":4953},\"medium_large\":{\"file\":\"SHF_eb00208611-1-768x512.jpg\",\"width\":768,\"height\":512,\"mime-type\":\"image\\\/jpeg\",\"filesize\":33426},\"small\":{\"file\":\"SHF_eb00208611-1-440x293.jpg\",\"width\":440,\"height\":293,\"mime-type\":\"image\\\/jpeg\",\"filesize\":15634},\"semi\":{\"file\":\"SHF_eb00208611-1-580x387.jpg\",\"width\":580,\"height\":387,\"mime-type\":\"image\\\/jpeg\",\"filesize\":22746},\"mobile\":{\"file\":\"SHF_eb00208611-1-720x480.jpg\",\"width\":720,\"height\":480,\"mime-type\":\"image\\\/jpeg\",\"filesize\":30426},\"hd\":{\"file\":\"SHF_eb00208611-1-1280x853.jpg\",\"width\":1280,\"height\":853,\"mime-type\":\"image\\\/jpeg\",\"filesize\":72703},\"full\":{\"file\":\"SHF_eb00208611-1-1920x1280.jpg\",\"width\":1920,\"height\":1280,\"mime-type\":\"image\\\/jpeg\",\"filesize\":151159},\"xxl\":{\"file\":\"SHF_eb00208611-1-4048x2699.jpg\",\"width\":4048,\"height\":2699,\"mime-type\":\"image\\\/jpeg\",\"filesize\":859221},\"1536x1536\":{\"file\":\"SHF_eb00208611-1-1536x1024.jpg\",\"width\":1536,\"height\":1024,\"mime-type\":\"image\\\/jpeg\",\"filesize\":98752},\"2048x2048\":{\"file\":\"SHF_eb00208611-1-2048x1365.jpg\",\"width\":2048,\"height\":1365,\"mime-type\":\"image\\\/jpeg\",\"filesize\":172135},\"original\":{\"file\":\"SHF_eb00208611-1.jpg\",\"width\":6000,\"height\":4000}},\n\t\t\t\t\"alt\" : \"Eine Frau erkl\\u00e4rt eine Buddha-Statue in einem Kunstmuseum, w\\u00e4hrend ein Mann interessiert zuh\\u00f6rt.\",\n\t\t\t\t\"path\" : \"\\\/wp-content\\\/uploads\\\/2025\\\/12\\\/\",\n\t\t\t\t\"video\" : null,\n\t\t\t\t\"autoplay\" : null,\n\t\t\t\t\"youtube\" : null,\n\t\t\t\t\"youtubelabel\" : \"Video abspielen\",\n\t\t\t\t\"brightness\" : 100,\n\t\t\t\t\"crop\" : {\"top\":\"36.26\",\"left\":\"56.11\"},\n\t\t\t\t\"background\" : true,\n\t\t\t\t\"scale\" : 2\t\t\t\t}\n\t\t\t<\/script>\n\n\t\t\t<div class=\"height-container\" style=\"padding-bottom:66.666666666667%;\" v-if=\"sizes\">\n\t\t\t\t\t\t\t\t<lazy-media :inline=\"true\" :alt=\"alt\" :sizes=\"sizes\" :scale=\"scale\" :brightness=\"brightness\" :path=\"path\" :video=\"video\" :autoplay=\"autoplay\" :youtube=\"youtube\" :crop=\"crop\" :youtubelabel=\"youtubelabel\" :background=\"background\" media-id=\"desc_media_69f20c315ade0\"><\/lazy-media>\n\t\t\t\t\t\t\t<\/div>\n\n\t\t\t\t\t\t\t<figcaption class=\"sr-only\" ref=\"body\" id=\"desc_media_69f20c315ade0\">\n\t\t\t\t\t\t\t\t\t\t\t\t\t\t\t\t<div>F&uuml;hrung Un-sichtbare H&auml;nde im Museum f&uuml;r Asiatische Kunst <\/div>\n\t\t\t\t\t\t\t\t\t\t\t\t\t\t\t\t<div class=\"insignificant\">\u00a9 Staatliche Museen zu Berlin, Museum f\u00fcr Asiatische Kunst \/ Stiftung Humboldt Forum im Berliner Schloss, Foto: Frank Sperling<\/div>\n\t\t\t\t\t\t\t\t\t<\/figcaption>\n\t\t\t\t\t<\/figure>\n\t<\/lazy-media-inline>\n\t\t\t\t<\/div>\n\t\t\t<\/div>\n\t\t\t<div class=\"col-xs-12 teaser-event-text Infos\">\n\t\t\t\t<div class=\"teaser-event-standard-text\">\n\t\t\t\t\t<div class=\"margin-bottom-atom\">\n\t\t\t\t\t\t<div class=\"subline clamp-1\" v-html=\"maingenre\"><\/div>\n\t\t\t\t\t\t\t\t\t\t\t\t\t<div class=\"insignificant clamp-2\">Ethnologische Sammlungen und Asiatische Kunst<\/div>\n\t\t\t\t\t\t\t\t\t\t\t<\/div>\n\t\t\t\t\n\t\t\t\t\t<strong class=\"margin-bottom-atom\">Kulturen der Welt im Humboldt Forum<\/strong>\n\n\t\t\t\t\t\t\t\t\t\t\t<div class=\"\">Highlights aus Asien, Afrika, Amerika und Ozeanien<\/div>\n\t\t\t\t\t\t\t\t\t<\/div>\n\t\t\t\t<div class=\"teaser-bottom border-bottom\">\n\t\t\t\t<calendardateline :rawitem='item' :show-icon=\"true\"><\/calendardateline>\n\t\t\t\t\t<hr>\n\t\t\t\t<\/div>\n\t\t\t<\/div>\n\t\t<\/div>\n\t<\/a>\n\t<\/calendarteaser>\n<\/li>\n\n<li class=\"teaser-lane-slide col-xs-9 col-sm-4 col-md-3 teaser-wrapper col-padding-remove\">\n\t<calendarteaser key=\"15626811960\" rawitem='{&quot;postId&quot;:156268,&quot;title&quot;:&quot;Weltpolitik und\\u00a0Berliner Schloss&quot;,&quot;excerpt&quot;:&quot;&quot;,&quot;slug&quot;:&quot;weltpolitik-und-berliner-schloss&quot;,&quot;post_date&quot;:&quot;2025-11-24T17:09&quot;,&quot;type&quot;:&quot;event-bookable&quot;,&quot;permalink&quot;:&quot;https:\\\/\\\/www.humboldtforum.org\\\/de\\\/programm\\\/angebot\\\/fuehrung\\\/weltpolitik-und-berliner-schloss-156268\\\/&quot;,&quot;genre&quot;:[821],&quot;genre_details&quot;:[{&quot;text&quot;:&quot;F\\u00fchrung&quot;,&quot;id&quot;:821,&quot;icon&quot;:null,&quot;parent&quot;:0}],&quot;topic&quot;:[431,782],&quot;topic_details&quot;:[{&quot;text&quot;:&quot;Geschichte und Architektur des Ortes&quot;,&quot;id&quot;:431,&quot;icon&quot;:null,&quot;parent&quot;:0},{&quot;text&quot;:&quot;Kolonialismus und Kolonialit\\u00e4t&quot;,&quot;id&quot;:782,&quot;icon&quot;:null,&quot;parent&quot;:0}],&quot;stakeholder&quot;:[382],&quot;stakeholder_details&quot;:[{&quot;text&quot;:&quot;Stiftung Humboldt Forum im Berliner Schloss&quot;,&quot;id&quot;:382,&quot;icon&quot;:null,&quot;parent&quot;:0}],&quot;targetgroup&quot;:[1080],&quot;targetgroup_details&quot;:[{&quot;text&quot;:&quot;Gruppen&quot;,&quot;id&quot;:1080,&quot;icon&quot;:null,&quot;parent&quot;:0}],&quot;language&quot;:[384,385],&quot;language_details&quot;:[{&quot;text&quot;:&quot;Deutsch&quot;,&quot;id&quot;:384,&quot;icon&quot;:null,&quot;parent&quot;:0},{&quot;text&quot;:&quot;Englisch&quot;,&quot;id&quot;:385,&quot;icon&quot;:null,&quot;parent&quot;:0}],&quot;age&quot;:[1321],&quot;age_details&quot;:[{&quot;text&quot;:&quot;ab 16 Jahre&quot;,&quot;id&quot;:1321,&quot;icon&quot;:null,&quot;parent&quot;:0}],&quot;groupsize&quot;:[1049],&quot;groupsize_details&quot;:[{&quot;text&quot;:&quot;max. 25 Personen&quot;,&quot;id&quot;:1049,&quot;icon&quot;:null,&quot;parent&quot;:0}],&quot;place&quot;:[475],&quot;place_details&quot;:{&quot;place&quot;:&quot;Humboldt Forum&quot;,&quot;map&quot;:&quot;Humboldt Forum, Schlossplatz, Berlin&quot;,&quot;room&quot;:&quot;EG&quot;},&quot;icon_overwrite&quot;:&quot;&quot;,&quot;acf&quot;:{&quot;noindex&quot;:false,&quot;keywords&quot;:&quot;&quot;,&quot;belongsto&quot;:false,&quot;shorturl&quot;:&quot;&quot;,&quot;planning&quot;:{&quot;price&quot;:&quot;196 EUR&quot;,&quot;admission&quot;:&quot;&quot;,&quot;pause&quot;:&quot;&quot;,&quot;duration&quot;:&quot;60&quot;,&quot;status&quot;:&quot;CTA&quot;,&quot;info&quot;:&quot;&quot;,&quot;shop&quot;:&quot;&quot;,&quot;can_purchase&quot;:false},&quot;subline&quot;:&quot;Themenf\\u00fchrung zu kolonialen Spuren im Humboldt Forum&quot;,&quot;marketing_text&quot;:&quot;Buchbare Gruppenf\\u00fchrung&quot;,&quot;tickettext&quot;:&quot;Bitte buchen Sie die F\\u00fchrung telefonisch unter +49 30 99 211 89 89 oder via E-Mail an education@humboldtforum.org.&quot;,&quot;additional_info&quot;:{&quot;icon&quot;:&quot;icon-ort&quot;,&quot;text&quot;:&quot;&quot;},&quot;highlight_header&quot;:false,&quot;featured_images&quot;:[156269],&quot;use_video_in_teasers&quot;:false,&quot;hyphenation&quot;:true,&quot;tipp&quot;:false,&quot;alert_text&quot;:&quot;&quot;,&quot;joker&quot;:false,&quot;live&quot;:false,&quot;announcement&quot;:&quot;buchbar f\\u00fcr Gruppen&quot;,&quot;hide_event_in_program&quot;:false},&quot;date&quot;:[],&quot;alert&quot;:null,&quot;partof&quot;:[],&quot;marketing_topic&quot;:{&quot;title&quot;:&quot;Geschichte und Architektur des Ortes, Kolonialismus und Kolonialit\\u00e4t&quot;,&quot;0&quot;:&quot;topic&quot;}}' inline-template>\n\t<a href=\"https:\/\/www.humboldtforum.org\/de\/programm\/angebot\/fuehrung\/weltpolitik-und-berliner-schloss-156268\/\" class=\"teaser teaser-event-bookable teaser-event-standard\">\n\t\t<div class=\"row\">\n\t\t\t<div class=\"col-xs-12 teaser-event-image\">\n\t\t\t\t<div class=\"teaser-image teaser-image-no-alternate\">\n\t\t\t\t\t\t\t\t\t\t\t\n\t<lazy-media-inline inline-template>\n\t\t<figure itemscope itemtype=\"http:\/\/schema.org\/ImageObject\" class=\"lazy-media-inline \" role=\"group\" id=\"media_69f20c315cc98\" aria-labelledby=\"desc_media_69f20c315cc98\">\n\t\t\t<script type=\"application\/json\" ref=\"data\">\n\t\t\t\t{\n\t\t\t\t\"sizes\" : {\"medium\":{\"file\":\"SHF_eb00193595-224x300.jpg\",\"width\":224,\"height\":300,\"mime-type\":\"image\\\/jpeg\",\"filesize\":17470},\"large\":{\"file\":\"SHF_eb00193595-763x1024.jpg\",\"width\":763,\"height\":1024,\"mime-type\":\"image\\\/jpeg\",\"filesize\":197113},\"thumbnail\":{\"file\":\"SHF_eb00193595-150x150.jpg\",\"width\":150,\"height\":150,\"mime-type\":\"image\\\/jpeg\",\"filesize\":7345},\"medium_large\":{\"file\":\"SHF_eb00193595-768x1031.jpg\",\"width\":768,\"height\":1031,\"mime-type\":\"image\\\/jpeg\",\"filesize\":199778},\"small\":{\"file\":\"SHF_eb00193595-328x440.jpg\",\"width\":328,\"height\":440,\"mime-type\":\"image\\\/jpeg\",\"filesize\":35855},\"semi\":{\"file\":\"SHF_eb00193595-432x580.jpg\",\"width\":432,\"height\":580,\"mime-type\":\"image\\\/jpeg\",\"filesize\":61799},\"mobile\":{\"file\":\"SHF_eb00193595-536x720.jpg\",\"width\":536,\"height\":720,\"mime-type\":\"image\\\/jpeg\",\"filesize\":95230},\"hd\":{\"file\":\"SHF_eb00193595-954x1280.jpg\",\"width\":954,\"height\":1280,\"mime-type\":\"image\\\/jpeg\",\"filesize\":316379},\"full\":{\"file\":\"SHF_eb00193595-1430x1920.jpg\",\"width\":1430,\"height\":1920,\"mime-type\":\"image\\\/jpeg\",\"filesize\":748600},\"xxl\":{\"file\":\"SHF_eb00193595-3016x4048.jpg\",\"width\":3016,\"height\":4048,\"mime-type\":\"image\\\/jpeg\",\"filesize\":3225894},\"1536x1536\":{\"file\":\"SHF_eb00193595-1144x1536.jpg\",\"width\":1144,\"height\":1536,\"mime-type\":\"image\\\/jpeg\",\"filesize\":465649},\"2048x2048\":{\"file\":\"SHF_eb00193595-1526x2048.jpg\",\"width\":1526,\"height\":2048,\"mime-type\":\"image\\\/jpeg\",\"filesize\":857138},\"original\":{\"file\":\"SHF_eb00193595.jpg\",\"width\":3080,\"height\":4134}},\n\t\t\t\t\"alt\" : \"Karikatur eines Mannes mit vielen Armen, der verschiedene Instrumente und Gegenst\\u00e4nde h\\u00e4lt, vor einer tanzenden Gruppe.\",\n\t\t\t\t\"path\" : \"\\\/wp-content\\\/uploads\\\/2025\\\/11\\\/\",\n\t\t\t\t\"video\" : null,\n\t\t\t\t\"autoplay\" : null,\n\t\t\t\t\"youtube\" : null,\n\t\t\t\t\"youtubelabel\" : \"Video abspielen\",\n\t\t\t\t\"brightness\" : 100,\n\t\t\t\t\"crop\" : {\"top\":\"29.48\",\"left\":\"60.34\"},\n\t\t\t\t\"background\" : true,\n\t\t\t\t\"scale\" : 2\t\t\t\t}\n\t\t\t<\/script>\n\n\t\t\t<div class=\"height-container\" style=\"padding-bottom:134.22077922078%;\" v-if=\"sizes\">\n\t\t\t\t\t\t\t\t<lazy-media :inline=\"true\" :alt=\"alt\" :sizes=\"sizes\" :scale=\"scale\" :brightness=\"brightness\" :path=\"path\" :video=\"video\" :autoplay=\"autoplay\" :youtube=\"youtube\" :crop=\"crop\" :youtubelabel=\"youtubelabel\" :background=\"background\" media-id=\"desc_media_69f20c315cc98\"><\/lazy-media>\n\t\t\t\t\t\t\t<\/div>\n\n\t\t\t\t\t\t\t<figcaption class=\"sr-only\" ref=\"body\" id=\"desc_media_69f20c315cc98\">\n\t\t\t\t\t\t\t\t\t\t\t\t\t\t\t\t<div>Kaiser Wilhelm II. &#8211; Karikatur von Jean Veber in &quot;Le Rire&quot; vom 26. November 1898 <\/div>\n\t\t\t\t\t\t\t\t\t\t\t\t\t\t\t\t<div class=\"insignificant\">\u00a9 Private Collection \/ Stefano Bianchetti \/ Bridgeman Images<\/div>\n\t\t\t\t\t\t\t\t\t<\/figcaption>\n\t\t\t\t\t<\/figure>\n\t<\/lazy-media-inline>\n\t\t\t\t<\/div>\n\t\t\t<\/div>\n\t\t\t<div class=\"col-xs-12 teaser-event-text Infos\">\n\t\t\t\t<div class=\"teaser-event-standard-text\">\n\t\t\t\t\t<div class=\"margin-bottom-atom\">\n\t\t\t\t\t\t<div class=\"subline clamp-1\" v-html=\"maingenre\"><\/div>\n\t\t\t\t\t\t\t\t\t\t\t\t\t<div class=\"insignificant clamp-2\">Geschichte und Architektur des Ortes, Kolonialismus und Kolonialit\u00e4t<\/div>\n\t\t\t\t\t\t\t\t\t\t\t<\/div>\n\t\t\t\t\n\t\t\t\t\t<strong class=\"margin-bottom-atom\">Weltpolitik und\u00a0Berliner Schloss<\/strong>\n\n\t\t\t\t\t\t\t\t\t\t\t<div class=\"\">Buchbare Gruppenf\u00fchrung<\/div>\n\t\t\t\t\t\t\t\t\t<\/div>\n\t\t\t\t<div class=\"teaser-bottom border-bottom\">\n\t\t\t\t<calendardateline :rawitem='item' :show-icon=\"true\"><\/calendardateline>\n\t\t\t\t\t<hr>\n\t\t\t\t<\/div>\n\t\t\t<\/div>\n\t\t<\/div>\n\t<\/a>\n\t<\/calendarteaser>\n<\/li>\n\n<li class=\"teaser-lane-slide col-xs-9 col-sm-4 col-md-3 teaser-wrapper col-padding-remove\">\n\t<calendarteaser key=\"1098475014\" rawitem='{&quot;postId&quot;:109847,&quot;title&quot;:&quot;Feminisms in the Museum&quot;,&quot;excerpt&quot;:&quot;&quot;,&quot;slug&quot;:&quot;feminisms-in-the-museum&quot;,&quot;post_date&quot;:&quot;2023-11-24T11:18&quot;,&quot;type&quot;:&quot;event-digital&quot;,&quot;permalink&quot;:&quot;https:\\\/\\\/www.humboldtforum.org\\\/de\\\/programm\\\/digitales-angebot\\\/digital\\\/feminisms-in-the-museum-109847\\\/&quot;,&quot;genre&quot;:[687,392],&quot;genre_details&quot;:[{&quot;text&quot;:&quot;Digital&quot;,&quot;id&quot;:687,&quot;icon&quot;:null,&quot;parent&quot;:0},{&quot;text&quot;:&quot;Diskurs&quot;,&quot;id&quot;:392,&quot;icon&quot;:null,&quot;parent&quot;:0}],&quot;digital&quot;:[768],&quot;digital_details&quot;:[{&quot;text&quot;:&quot;Podcast&quot;,&quot;id&quot;:768,&quot;icon&quot;:null,&quot;parent&quot;:0}],&quot;topic&quot;:[782],&quot;topic_details&quot;:[{&quot;text&quot;:&quot;Kolonialismus und Kolonialit\\u00e4t&quot;,&quot;id&quot;:782,&quot;icon&quot;:null,&quot;parent&quot;:0}],&quot;stakeholder&quot;:[382],&quot;stakeholder_details&quot;:[{&quot;text&quot;:&quot;Stiftung Humboldt Forum im Berliner Schloss&quot;,&quot;id&quot;:382,&quot;icon&quot;:null,&quot;parent&quot;:0}],&quot;targetgroup&quot;:[383],&quot;targetgroup_details&quot;:[{&quot;text&quot;:&quot;Erwachsene&quot;,&quot;id&quot;:383,&quot;icon&quot;:null,&quot;parent&quot;:0}],&quot;language&quot;:[385],&quot;language_details&quot;:[{&quot;text&quot;:&quot;Englisch&quot;,&quot;id&quot;:385,&quot;icon&quot;:null,&quot;parent&quot;:0}],&quot;icon_overwrite&quot;:&quot;&quot;,&quot;acf&quot;:{&quot;noindex&quot;:false,&quot;keywords&quot;:&quot;&quot;,&quot;belongsto&quot;:[14188],&quot;shorturl&quot;:&quot;&quot;,&quot;planning&quot;:{&quot;price&quot;:&quot;kostenlos&quot;,&quot;status&quot;:&quot;BUY&quot;,&quot;info&quot;:&quot;&quot;,&quot;shop&quot;:&quot;&quot;,&quot;can_purchase&quot;:false},&quot;additional_info&quot;:{&quot;icon&quot;:&quot;0&quot;,&quot;text&quot;:&quot;&quot;},&quot;highlight_header&quot;:false,&quot;featured_images&quot;:[109848],&quot;use_video_in_teasers&quot;:false,&quot;hyphenation&quot;:false,&quot;tipp&quot;:false,&quot;joker&quot;:false,&quot;live&quot;:false,&quot;hide_event_in_program&quot;:false,&quot;announcement&quot;:&quot;Jetzt h\\u00f6ren&quot;},&quot;date&quot;:[],&quot;alert&quot;:null,&quot;partof&quot;:[14188],&quot;marketing_topic&quot;:{&quot;title&quot;:&quot;99 Fragen&quot;,&quot;ID&quot;:14188,&quot;reason&quot;:&quot;sequence&quot;}}' inline-template>\n\t<a href=\"https:\/\/www.humboldtforum.org\/de\/programm\/digitales-angebot\/digital\/feminisms-in-the-museum-109847\/\" class=\"teaser teaser-event-digital teaser-event-standard\">\n\t\t<div class=\"row\">\n\t\t\t<div class=\"col-xs-12 teaser-event-image\">\n\t\t\t\t<div class=\"teaser-image teaser-image-no-alternate\">\n\t\t\t\t\t\t\t\t\t\t\t\n\t<lazy-media-inline inline-template>\n\t\t<figure itemscope itemtype=\"http:\/\/schema.org\/ImageObject\" class=\"lazy-media-inline \" role=\"group\" id=\"media_69f20c315ec57\" aria-labelledby=\"desc_media_69f20c315ec57\">\n\t\t\t<script type=\"application\/json\" ref=\"data\">\n\t\t\t\t{\n\t\t\t\t\"sizes\" : {\"medium\":{\"file\":\"SHF_eb00213327-300x129.jpg\",\"width\":300,\"height\":129,\"mime-type\":\"image\\\/jpeg\",\"filesize\":11325},\"large\":{\"file\":\"SHF_eb00213327-1024x439.jpg\",\"width\":1024,\"height\":439,\"mime-type\":\"image\\\/jpeg\",\"filesize\":67533},\"thumbnail\":{\"file\":\"SHF_eb00213327-150x150.jpg\",\"width\":150,\"height\":150,\"mime-type\":\"image\\\/jpeg\",\"filesize\":6041},\"medium_large\":{\"file\":\"SHF_eb00213327-768x329.jpg\",\"width\":768,\"height\":329,\"mime-type\":\"image\\\/jpeg\",\"filesize\":43191},\"small\":{\"file\":\"SHF_eb00213327-440x189.jpg\",\"width\":440,\"height\":189,\"mime-type\":\"image\\\/jpeg\",\"filesize\":19065},\"semi\":{\"file\":\"SHF_eb00213327-580x249.jpg\",\"width\":580,\"height\":249,\"mime-type\":\"image\\\/jpeg\",\"filesize\":28680},\"mobile\":{\"file\":\"SHF_eb00213327-720x309.jpg\",\"width\":720,\"height\":309,\"mime-type\":\"image\\\/jpeg\",\"filesize\":38728},\"hd\":{\"file\":\"SHF_eb00213327-1280x549.jpg\",\"width\":1280,\"height\":549,\"mime-type\":\"image\\\/jpeg\",\"filesize\":97171},\"full\":{\"file\":\"SHF_eb00213327-1920x823.jpg\",\"width\":1920,\"height\":823,\"mime-type\":\"image\\\/jpeg\",\"filesize\":194715},\"xxl\":{\"file\":\"SHF_eb00213327-4048x1735.jpg\",\"width\":4048,\"height\":1735,\"mime-type\":\"image\\\/jpeg\",\"filesize\":747584},\"1536x1536\":{\"file\":\"SHF_eb00213327-1536x658.jpg\",\"width\":1536,\"height\":658,\"mime-type\":\"image\\\/jpeg\",\"filesize\":132720},\"2048x2048\":{\"file\":\"SHF_eb00213327-2048x878.jpg\",\"width\":2048,\"height\":878,\"mime-type\":\"image\\\/jpeg\",\"filesize\":218818},\"original\":{\"file\":\"SHF_eb00213327.jpg\",\"width\":4200,\"height\":1800}},\n\t\t\t\t\"alt\" : \"Abstrakte Darstellung von Figuren in schwarzen Silhouetten, umgeben von bunten geometrischen Elementen im Hintergrund.\",\n\t\t\t\t\"path\" : \"\\\/wp-content\\\/uploads\\\/2023\\\/11\\\/\",\n\t\t\t\t\"video\" : null,\n\t\t\t\t\"autoplay\" : null,\n\t\t\t\t\"youtube\" : null,\n\t\t\t\t\"youtubelabel\" : \"Video abspielen\",\n\t\t\t\t\"brightness\" : 100,\n\t\t\t\t\"crop\" : null,\n\t\t\t\t\"background\" : true,\n\t\t\t\t\"scale\" : 2\t\t\t\t}\n\t\t\t<\/script>\n\n\t\t\t<div class=\"height-container\" style=\"padding-bottom:42.857142857143%;\" v-if=\"sizes\">\n\t\t\t\t\t\t\t\t<lazy-media :inline=\"true\" :alt=\"alt\" :sizes=\"sizes\" :scale=\"scale\" :brightness=\"brightness\" :path=\"path\" :video=\"video\" :autoplay=\"autoplay\" :youtube=\"youtube\" :crop=\"crop\" :youtubelabel=\"youtubelabel\" :background=\"background\" media-id=\"desc_media_69f20c315ec57\"><\/lazy-media>\n\t\t\t\t\t\t\t<\/div>\n\n\t\t\t\t\t\t\t<figcaption class=\"sr-only\" ref=\"body\" id=\"desc_media_69f20c315ec57\">\n\t\t\t\t\t\t\t\t\t\t\t<div>Banner &quot;Feminisms in the Museum&quot; Podcast &#8211; 99 Questions<\/div>\n\t\t\t\t\t\t\t\t\t\t\t\t\t\t\t\t\t\t\t\t\t<div class=\"insignificant\">\u00a9 Diana Ejaita<\/div>\n\t\t\t\t\t\t\t\t\t<\/figcaption>\n\t\t\t\t\t<\/figure>\n\t<\/lazy-media-inline>\n\t\t\t\t<\/div>\n\t\t\t<\/div>\n\t\t\t<div class=\"col-xs-12 teaser-event-text Infos\">\n\t\t\t\t<div class=\"teaser-event-standard-text\">\n\t\t\t\t\t<div class=\"margin-bottom-atom\">\n\t\t\t\t\t\t<div class=\"subline clamp-1\" v-html=\"maingenre\"><\/div>\n\t\t\t\t\t\t\t\t\t\t\t\t\t<div class=\"insignificant clamp-2\">99 Fragen<\/div>\n\t\t\t\t\t\t\t\t\t\t\t<\/div>\n\t\t\t\t\n\t\t\t\t\t<strong class=\"margin-bottom-atom\">Feminisms in the Museum<\/strong>\n\n\t\t\t\t\t\t\t\t\t\t\t<div class=\"\"><\/div>\n\t\t\t\t\t\t\t\t\t<\/div>\n\t\t\t\t<div class=\"teaser-bottom border-bottom\">\n\t\t\t\t<calendardateline :rawitem='item' :show-icon=\"true\"><\/calendardateline>\n\t\t\t\t\t<hr>\n\t\t\t\t<\/div>\n\t\t\t<\/div>\n\t\t<\/div>\n\t<\/a>\n\t<\/calendarteaser>\n<\/li>\n\n<li class=\"teaser-lane-slide col-xs-9 col-sm-4 col-md-3 teaser-wrapper col-padding-remove\">\n\t<calendarteaser key=\"760209646\" rawitem='{&quot;postId&quot;:76020,&quot;title&quot;:&quot;Decolonial Ecologies&quot;,&quot;excerpt&quot;:&quot;Eine Gespr\\u00e4chsreihe, die versucht die erforderliche F\\u00fcrsorge und Ethik beim Vorgang der Digitalisierung von kulturellem Erbe aus Afrika zu beleuchten; insbesondere im Zeitalter von Restitutionen.&quot;,&quot;slug&quot;:&quot;decolonial-ecologies&quot;,&quot;post_date&quot;:&quot;2023-03-29T09:24&quot;,&quot;type&quot;:&quot;event-digital&quot;,&quot;permalink&quot;:&quot;https:\\\/\\\/www.humboldtforum.org\\\/de\\\/programm\\\/digitales-angebot\\\/digital\\\/decolonial-ecologies-76020\\\/&quot;,&quot;genre&quot;:[687],&quot;genre_details&quot;:[{&quot;text&quot;:&quot;Digital&quot;,&quot;id&quot;:687,&quot;icon&quot;:null,&quot;parent&quot;:0}],&quot;digital&quot;:[768,874],&quot;digital_details&quot;:[{&quot;text&quot;:&quot;Podcast&quot;,&quot;id&quot;:768,&quot;icon&quot;:null,&quot;parent&quot;:0},{&quot;text&quot;:&quot;Podcast&quot;,&quot;id&quot;:874,&quot;icon&quot;:null,&quot;parent&quot;:0}],&quot;topic&quot;:[782],&quot;topic_details&quot;:[{&quot;text&quot;:&quot;Kolonialismus und Kolonialit\\u00e4t&quot;,&quot;id&quot;:782,&quot;icon&quot;:null,&quot;parent&quot;:0}],&quot;stakeholder&quot;:[530,382],&quot;stakeholder_details&quot;:[{&quot;text&quot;:&quot;Staatliche Museen zu Berlin&quot;,&quot;id&quot;:530,&quot;icon&quot;:null,&quot;parent&quot;:0},{&quot;text&quot;:&quot;Stiftung Humboldt Forum im Berliner Schloss&quot;,&quot;id&quot;:382,&quot;icon&quot;:null,&quot;parent&quot;:0}],&quot;targetgroup&quot;:[383],&quot;targetgroup_details&quot;:[{&quot;text&quot;:&quot;Erwachsene&quot;,&quot;id&quot;:383,&quot;icon&quot;:null,&quot;parent&quot;:0}],&quot;language&quot;:[385],&quot;language_details&quot;:[{&quot;text&quot;:&quot;Englisch&quot;,&quot;id&quot;:385,&quot;icon&quot;:null,&quot;parent&quot;:0}],&quot;icon_overwrite&quot;:&quot;&quot;,&quot;acf&quot;:{&quot;noindex&quot;:false,&quot;keywords&quot;:&quot;&quot;,&quot;belongsto&quot;:[14188],&quot;shorturl&quot;:&quot;99-questions&quot;,&quot;planning&quot;:{&quot;price&quot;:&quot;&quot;,&quot;status&quot;:&quot;JOIN&quot;,&quot;info&quot;:&quot;&quot;,&quot;shop&quot;:&quot;&quot;,&quot;can_purchase&quot;:false},&quot;shorttext&quot;:&quot;Eine Gespr\\u00e4chsreihe, die versucht die erforderliche F\\u00fcrsorge und Ethik beim Vorgang der Digitalisierung von kulturellem Erbe aus Afrika zu beleuchten; insbesondere im Zeitalter von Restitutionen.&quot;,&quot;highlight_header&quot;:false,&quot;featured_images&quot;:[76022],&quot;hyphenation&quot;:true,&quot;tipp&quot;:false,&quot;joker&quot;:false,&quot;live&quot;:false,&quot;announcement&quot;:&quot;Jetzt h\\u00f6ren&quot;,&quot;additional_info&quot;:{&quot;icon&quot;:&quot;0&quot;,&quot;text&quot;:&quot;&quot;},&quot;use_video_in_teasers&quot;:false,&quot;hide_event_in_program&quot;:false,&quot;subline&quot;:&quot;Eine 99 Fragen-Podcastreihe von Aouefa Amoussouvi&quot;},&quot;date&quot;:[],&quot;alert&quot;:null,&quot;partof&quot;:[14188],&quot;marketing_topic&quot;:{&quot;title&quot;:&quot;99 Fragen&quot;,&quot;ID&quot;:14188,&quot;reason&quot;:&quot;sequence&quot;}}' inline-template>\n\t<a href=\"https:\/\/www.humboldtforum.org\/de\/programm\/digitales-angebot\/digital\/decolonial-ecologies-76020\/\" class=\"teaser teaser-event-digital teaser-event-standard\">\n\t\t<div class=\"row\">\n\t\t\t<div class=\"col-xs-12 teaser-event-image\">\n\t\t\t\t<div class=\"teaser-image teaser-image-no-alternate\">\n\t\t\t\t\t\t\t\t\t\t\t\n\t<lazy-media-inline inline-template>\n\t\t<figure itemscope itemtype=\"http:\/\/schema.org\/ImageObject\" class=\"lazy-media-inline \" role=\"group\" id=\"media_69f20c3160b68\" aria-labelledby=\"desc_media_69f20c3160b68\">\n\t\t\t<script type=\"application\/json\" ref=\"data\">\n\t\t\t\t{\n\t\t\t\t\"sizes\" : {\"medium\":{\"file\":\"SHF_eb00189091-300x129.jpg\",\"width\":300,\"height\":129,\"mime-type\":\"image\\\/jpeg\",\"filesize\":15583},\"large\":{\"file\":\"SHF_eb00189091-1024x439.jpg\",\"width\":1024,\"height\":439,\"mime-type\":\"image\\\/jpeg\",\"filesize\":144789},\"thumbnail\":{\"file\":\"SHF_eb00189091-150x150.jpg\",\"width\":150,\"height\":150,\"mime-type\":\"image\\\/jpeg\",\"filesize\":9967},\"medium_large\":{\"file\":\"SHF_eb00189091-768x329.jpg\",\"width\":768,\"height\":329,\"mime-type\":\"image\\\/jpeg\",\"filesize\":85764},\"small\":{\"file\":\"SHF_eb00189091-440x189.jpg\",\"width\":440,\"height\":189,\"mime-type\":\"image\\\/jpeg\",\"filesize\":30593},\"semi\":{\"file\":\"SHF_eb00189091-580x249.jpg\",\"width\":580,\"height\":249,\"mime-type\":\"image\\\/jpeg\",\"filesize\":51508},\"mobile\":{\"file\":\"SHF_eb00189091-720x309.jpg\",\"width\":720,\"height\":309,\"mime-type\":\"image\\\/jpeg\",\"filesize\":76488},\"hd\":{\"file\":\"SHF_eb00189091-1280x549.jpg\",\"width\":1280,\"height\":549,\"mime-type\":\"image\\\/jpeg\",\"filesize\":214757},\"full\":{\"file\":\"SHF_eb00189091-1920x823.jpg\",\"width\":1920,\"height\":823,\"mime-type\":\"image\\\/jpeg\",\"filesize\":420809},\"1536x1536\":{\"file\":\"SHF_eb00189091-1536x658.jpg\",\"width\":1536,\"height\":658,\"mime-type\":\"image\\\/jpeg\",\"filesize\":293064},\"2048x2048\":{\"file\":\"SHF_eb00189091-2048x878.jpg\",\"width\":2048,\"height\":878,\"mime-type\":\"image\\\/jpeg\",\"filesize\":466126},\"original\":{\"file\":\"SHF_eb00189091.jpg\",\"width\":2100,\"height\":900}},\n\t\t\t\t\"alt\" : \"K\\u00fcnstlerische Darstellung der Erde, umgeben von vielf\\u00e4ltigen Landschaften und Naturelementen.\",\n\t\t\t\t\"path\" : \"\\\/wp-content\\\/uploads\\\/2023\\\/03\\\/\",\n\t\t\t\t\"video\" : null,\n\t\t\t\t\"autoplay\" : null,\n\t\t\t\t\"youtube\" : null,\n\t\t\t\t\"youtubelabel\" : \"Video abspielen\",\n\t\t\t\t\"brightness\" : 100,\n\t\t\t\t\"crop\" : null,\n\t\t\t\t\"background\" : true,\n\t\t\t\t\"scale\" : 2\t\t\t\t}\n\t\t\t<\/script>\n\n\t\t\t<div class=\"height-container\" style=\"padding-bottom:42.857142857143%;\" v-if=\"sizes\">\n\t\t\t\t\t\t\t\t<lazy-media :inline=\"true\" :alt=\"alt\" :sizes=\"sizes\" :scale=\"scale\" :brightness=\"brightness\" :path=\"path\" :video=\"video\" :autoplay=\"autoplay\" :youtube=\"youtube\" :crop=\"crop\" :youtubelabel=\"youtubelabel\" :background=\"background\" media-id=\"desc_media_69f20c3160b68\"><\/lazy-media>\n\t\t\t\t\t\t\t<\/div>\n\n\t\t\t\t\t\t\t<figcaption class=\"sr-only\" ref=\"body\" id=\"desc_media_69f20c3160b68\">\n\t\t\t\t\t\t\t\t\t\t\t\t\t\t\t\t\t\t\t\t\t<div class=\"insignificant\">\u00a9 Elia Diane Fushi Bekene, selflovetribute.com \/ Hintergrundbild: Sasha Engelmann &#038; Sophie Dyer, &#8222;Image transmitted by satellite NOAA-19&#8220;<\/div>\n\t\t\t\t\t\t\t\t\t<\/figcaption>\n\t\t\t\t\t<\/figure>\n\t<\/lazy-media-inline>\n\t\t\t\t<\/div>\n\t\t\t<\/div>\n\t\t\t<div class=\"col-xs-12 teaser-event-text Infos\">\n\t\t\t\t<div class=\"teaser-event-standard-text\">\n\t\t\t\t\t<div class=\"margin-bottom-atom\">\n\t\t\t\t\t\t<div class=\"subline clamp-1\" v-html=\"maingenre\"><\/div>\n\t\t\t\t\t\t\t\t\t\t\t\t\t<div class=\"insignificant clamp-2\">99 Fragen<\/div>\n\t\t\t\t\t\t\t\t\t\t\t<\/div>\n\t\t\t\t\n\t\t\t\t\t<strong class=\"margin-bottom-atom\">Decolonial Ecologies<\/strong>\n\n\t\t\t\t\t\t\t\t\t\t\t<div class=\"\">Eine 99 Fragen-Podcastreihe von Aouefa Amoussouvi<\/div>\n\t\t\t\t\t\t\t\t\t<\/div>\n\t\t\t\t<div class=\"teaser-bottom border-bottom\">\n\t\t\t\t<calendardateline :rawitem='item' :show-icon=\"true\"><\/calendardateline>\n\t\t\t\t\t<hr>\n\t\t\t\t<\/div>\n\t\t\t<\/div>\n\t\t<\/div>\n\t<\/a>\n\t<\/calendarteaser>\n<\/li>\n\n\t\t\t\t\t\t<\/ul>\n\t\t\t\t\t<\/div>\n\t\t\t\t<\/div>\n\t\t\t<\/teaser-lane-with-buttons>\n\t\t\t\t<\/lazy-component>\n<\/section>\n\n","protected":false},"template":"","genre":[687],"digital":[776],"topic":[],"stakeholder":[530,382],"editorial":[],"editorialfilter":[],"targetgroup":[383],"language":[385],"accessability":[],"school":[],"class_list":["post-32872","event-digital","type-event-digital","status-publish","has-post-thumbnail","hentry","genre-digital","digital-video","stakeholder-staatliche-museen-zu-berlin","stakeholder-stiftung-humboldt-forum-im-berliner-schloss","targetgroup-erwachsene","language-englisch"],"acf":[],"_links":{"self":[{"href":"https:\/\/www.humboldtforum.org\/de\/wp-json\/wp\/v2\/event-digital\/32872","targetHints":{"allow":["GET"]}}],"collection":[{"href":"https:\/\/www.humboldtforum.org\/de\/wp-json\/wp\/v2\/event-digital"}],"about":[{"href":"https:\/\/www.humboldtforum.org\/de\/wp-json\/wp\/v2\/types\/event-digital"}],"version-history":[{"count":1,"href":"https:\/\/www.humboldtforum.org\/de\/wp-json\/wp\/v2\/event-digital\/32872\/revisions"}],"predecessor-version":[{"id":143329,"href":"https:\/\/www.humboldtforum.org\/de\/wp-json\/wp\/v2\/event-digital\/32872\/revisions\/143329"}],"wp:featuredmedia":[{"embeddable":true,"href":"https:\/\/www.humboldtforum.org\/de\/wp-json\/wp\/v2\/media\/32862"}],"wp:attachment":[{"href":"https:\/\/www.humboldtforum.org\/de\/wp-json\/wp\/v2\/media?parent=32872"}],"wp:term":[{"taxonomy":"genre","embeddable":true,"href":"https:\/\/www.humboldtforum.org\/de\/wp-json\/wp\/v2\/genre?post=32872"},{"taxonomy":"digital","embeddable":true,"href":"https:\/\/www.humboldtforum.org\/de\/wp-json\/wp\/v2\/digital?post=32872"},{"taxonomy":"topic","embeddable":true,"href":"https:\/\/www.humboldtforum.org\/de\/wp-json\/wp\/v2\/topic?post=32872"},{"taxonomy":"stakeholder","embeddable":true,"href":"https:\/\/www.humboldtforum.org\/de\/wp-json\/wp\/v2\/stakeholder?post=32872"},{"taxonomy":"editorial","embeddable":true,"href":"https:\/\/www.humboldtforum.org\/de\/wp-json\/wp\/v2\/editorial?post=32872"},{"taxonomy":"editorialfilter","embeddable":true,"href":"https:\/\/www.humboldtforum.org\/de\/wp-json\/wp\/v2\/editorialfilter?post=32872"},{"taxonomy":"targetgroup","embeddable":true,"href":"https:\/\/www.humboldtforum.org\/de\/wp-json\/wp\/v2\/targetgroup?post=32872"},{"taxonomy":"language","embeddable":true,"href":"https:\/\/www.humboldtforum.org\/de\/wp-json\/wp\/v2\/language?post=32872"},{"taxonomy":"accessability","embeddable":true,"href":"https:\/\/www.humboldtforum.org\/de\/wp-json\/wp\/v2\/accessability?post=32872"},{"taxonomy":"school","embeddable":true,"href":"https:\/\/www.humboldtforum.org\/de\/wp-json\/wp\/v2\/school?post=32872"}],"curies":[{"name":"wp","href":"https:\/\/api.w.org\/{rel}","templated":true}]}}