{"id":106089,"date":"2023-10-25T13:51:40","date_gmt":"2023-10-25T11:51:40","guid":{"rendered":"https:\/\/www.humboldtforum.org\/?post_type=event-multi&#038;p=106089"},"modified":"2023-11-04T19:19:43","modified_gmt":"2023-11-04T18:19:43","slug":"ofrenda","status":"publish","type":"event-multi","link":"https:\/\/www.humboldtforum.org\/de\/programm\/event\/other\/ofrenda-106089\/","title":{"rendered":"Ofrenda"},"content":{"rendered":"<section class=\"block block-copy block-no-margin\" >\n    <div class=\"container-fluid\">\n\t\t<div class=\"row \">\n            <div class=\"col-xs-12 col-md-offset-2 col-md-8\">\n                <div class=\"box\">\n                    <div class=\"copy\"><p>Die Ofrenda, ein Altar zu Ehren aller Toten, wird mit Blumen, Speisen, Getr\u00e4nken sowie mit pers\u00f6nlichen Gegenst\u00e4nden und Fotos von Verstorbenen geschm\u00fcckt.<br \/>\nSie sind herzlich eingeladen, im Laufe des Abends die Ofrenda mit Kerzen und kleinen Erinnerungsst\u00fccken an die eigenen Verstorbenen zu vollenden.<br \/>\nWir lassen Raum f\u00fcr Besinnlichkeit und Nachdenklichkeit und laden gleichzeitig dazu ein, in einem fr\u00f6hlichen Ambiente unseren Verstorbenen zu gedenken.<\/p>\n<p>&nbsp;<\/p>\n<h4>Beteiligte:<\/h4>\n<p>Mario V\u00e1zquez<br \/>\nFlorence Rojas<br \/>\nMario Hernandez<br \/>\nIlona Maennchen<br \/>\nBirgit Ginkel<br \/>\nMarco A. Susano Lerma<br \/>\nM\u00f3nica Toimil<br \/>\nMarie-Louise Stille<\/p>\n<p><strong>und das ganze Team der Blumenwerkstatt<br \/>\n<\/strong>Maite Lamu\u00f1o, Petra Guercke, Patricia Mart\u00ednez, Irma Sandoval, \u00c1ngeles Llorca, Malena Meneses Gelpi, Elise und Amada Toimil<\/p>\n<p>&nbsp;<\/p>\n<p>&nbsp;<\/p>\n<\/div>\n                <\/div>\n            <\/div>\n\t\t<\/div>\n\t\t    <\/div>\n<\/section>\n\n\n<section class=\"block block-accordion\">\n\t<div class=\"container-fluid\">\n\t\t<div class=\"row\">\n\t\t\t<div class=\"col-xs-12 col-md-offset-2 col-md-8\">\n\t\t\t\t<div class=\"box\">\n\t\t\t\t\t\t\t\t\t\t\t<block-accordion inline-template>\n\t\t\t\t\t\t\t<div class=\"accordion\">\n\t\t\t\t\t\t\t\t\t\t\t\t\t\t\t<block-accordion-item inline-template item-headline=\"Birgit Ginkel\">\n\t\t\t\t\t\t\t\t<div ref=\"item\" data-id=\"BirgitGinkel\" class=\"block-accordion-item vue-initialize\" aria-expanded=\"false\" :aria-expanded=\"active ? 'true' : 'false'\">\n\t\t\t\t\t\t\t\t\t<button class=\"accordion-button-with-icon block-accordion-item-head\" :class=\"{'button-active': active}\" ref=\"head\" aria-controls=\"acc_69efdbed1ac2f\" id=\"acc_title_69efdbed1ac32\" @click=\"toggle\" @keydown=\"key\">\n\t\t\t\t\t\t\t\t\t<div><span class=\"button-label\">Birgit Ginkel<\/span><\/div><span class=\"button-icon icon-plus\" aria-hidden=\"true\"><\/span>\n\t\t\t\t\t\t\t\t<\/button>\n\t\t\t\t\t\t\t\t\t<div ref=\"body\" class=\"block-accordion-item-content\" id=\"acc_69efdbed1ac2f\" role=\"region\">\n\t\t\t\t\t\t\t\t\t\t<div class=\"wrapper copy\">\n\t\t\t\t\t\t\t\t\t\t\t<p>Malerin und Kultur\u00f6konomin, Referentin im Landtag Brandenburg.<\/p>\n<p>Seit vielen Jahre Gestalterin von Requisiten und Figuren bei Calaca e.V.<br \/>\nNach dem Tod ihres Sohnes Willem fand sie in Mexiko einen Weg, ihre Trauer zu verarbeiten. Seither bringt sie ihre Erfahrungen und Kenntnisse im Verein ein.<\/p>\n<p>Au\u00dferdem backt sie ganz wunderbares Totenbrot.<\/p>\n\n\t\t\t\t\t\t\t\t\t\t\t\t\t\t\t\t\t\t\t\t\t\t\t\t\t\t\t\t\t\t\t\t\t\n\t\t\t\t\t\t\t\t\t\t\t<div class=\"row\">\n\t\t\t\t\t\t\t\t\t\t\t\t<div class=\"col-xs-9 col-md-9\">\n\t\t\t\t\t\t\t\t\t\t\t\t\t<div class=\"box\">\n\t\t\t\t\t\t\t\t\t\t\t\t\t\t\t\t\t\t\t\t\t\t\t\t\t\t\t<\/div>\n\t\t\t\t\t\t\t\t\t\t\t\t<\/div>\n\t\t\t\t\t\t\t\t\t\t\t<\/div>\n\n\t\t\t\t\t\t\t\t\t\t\t\t\t\t\t\t\t\t\t\t\t<\/div>\n\t\t\t\t\t\t\t\t\t<\/div>\n\t\t\t\t\t\t\t\t<\/div>\n\t\t\t\t\t\t\t\t<\/block-accordion-item>\n\t\t\t\t\t\t\t\t\t\t\t\t\t\t<block-accordion-item inline-template item-headline=\"Ilona Maennchen\">\n\t\t\t\t\t\t\t\t<div ref=\"item\" data-id=\"IlonaMaennchen\" class=\"block-accordion-item vue-initialize\" aria-expanded=\"false\" :aria-expanded=\"active ? 'true' : 'false'\">\n\t\t\t\t\t\t\t\t\t<button class=\"accordion-button-with-icon block-accordion-item-head\" :class=\"{'button-active': active}\" ref=\"head\" aria-controls=\"acc_69efdbed1af2e\" id=\"acc_title_69efdbed1af2f\" @click=\"toggle\" @keydown=\"key\">\n\t\t\t\t\t\t\t\t\t<div><span class=\"button-label\">Ilona Maennchen<\/span><\/div><span class=\"button-icon icon-plus\" aria-hidden=\"true\"><\/span>\n\t\t\t\t\t\t\t\t<\/button>\n\t\t\t\t\t\t\t\t\t<div ref=\"body\" class=\"block-accordion-item-content\" id=\"acc_69efdbed1af2e\" role=\"region\">\n\t\t\t\t\t\t\t\t\t\t<div class=\"wrapper copy\">\n\t\t\t\t\t\t\t\t\t\t\t<p>Freischaffende K\u00fcnstlerin mit den Schwerpunkten Art &amp; Scenography Design, Requisiten- und Skulpturenbau, Kost\u00fcmbild.<br \/>\nSie ist seit 1999 Mitglied bei Calaca e.V. und hat f\u00fcr das Mexikanische Totenfest unz\u00e4hlige Skelett-Figuren geschaffen und Kost\u00fcme gen\u00e4ht und gestaltet. Au\u00dferdem schminkt sie die Kinder beim Familienfest.<\/p>\n\n\t\t\t\t\t\t\t\t\t\t\t\t\t\t\t\t\t\t\t\t\t\t\t\t\t\t\t\t\t\t\t\t\t\n\t\t\t\t\t\t\t\t\t\t\t<div class=\"row\">\n\t\t\t\t\t\t\t\t\t\t\t\t<div class=\"col-xs-9 col-md-9\">\n\t\t\t\t\t\t\t\t\t\t\t\t\t<div class=\"box\">\n\t\t\t\t\t\t\t\t\t\t\t\t\t\t\t\t\t\t\t\t\t\t\t\t\t\t\t<\/div>\n\t\t\t\t\t\t\t\t\t\t\t\t<\/div>\n\t\t\t\t\t\t\t\t\t\t\t<\/div>\n\n\t\t\t\t\t\t\t\t\t\t\t\t\t\t\t\t\t\t\t\t\t<\/div>\n\t\t\t\t\t\t\t\t\t<\/div>\n\t\t\t\t\t\t\t\t<\/div>\n\t\t\t\t\t\t\t\t<\/block-accordion-item>\n\t\t\t\t\t\t\t\t\t\t\t\t\t<\/div>\n\t\t\t\t\t\t<\/block-accordion>\n\t\t\t\t\t\t\t\t\t<\/div>\n\t\t\t<\/div>\n\t\t<\/div>\n\t<\/div>\n<\/section>\n\n\n<section class=\"block block-teaser col-1 \" style=\"\">\n\t<lazy-component :fixed-min-height=\"400\">\n\t\n\t\t\t\t\t<div class=\"container-fluid\">\n\t\t\t\t<div class=\"row bottom-xs\">\n\t\t\t\t\t<div class=\"col-xs-12 col-sm-10 col-md-8 col-sm-offset-1 col-md-offset-2\">\n\t\t\t\t\t\t<h4>Programm<\/h4>\t\t\t\t\t\t\t\t\t\t\t\t\t\t\t\t\t\t\t<\/div>\n\t\t\t\t\t<div class=\"col-xs-12 col-sm-10 col-md-8 col-sm-offset-1 col-md-offset-2 start-xs end-md margin-bottom-sixth\">\n\t\t\t\t\t\t\t\t\t\t\t<\/div>\n\t\t\t\t<\/div>\n\t\t\t\t<ul class=\"row\">\n\t\t\t\n<li class=\"col-xs-12 teaser-wrapper col-padding-remove\">\n\t<calendarteaser key=\"9990612318\" rawitem='{&quot;postId&quot;:99906,&quot;title&quot;:&quot;Zeremonien an der Ofrenda&quot;,&quot;excerpt&quot;:&quot;&quot;,&quot;slug&quot;:&quot;zeremonien-der-ofrenda&quot;,&quot;post_date&quot;:&quot;2023-09-13T14:03&quot;,&quot;type&quot;:&quot;event&quot;,&quot;permalink&quot;:&quot;https:\\\/\\\/www.humboldtforum.org\\\/de\\\/programm\\\/termin\\\/performance\\\/zeremonien-der-ofrenda-99906\\\/&quot;,&quot;genre&quot;:[930],&quot;genre_details&quot;:[{&quot;text&quot;:&quot;Performance&quot;,&quot;id&quot;:930,&quot;icon&quot;:null,&quot;parent&quot;:0}],&quot;stakeholder&quot;:[382],&quot;stakeholder_details&quot;:[{&quot;text&quot;:&quot;Stiftung Humboldt Forum im Berliner Schloss&quot;,&quot;id&quot;:382,&quot;icon&quot;:null,&quot;parent&quot;:0}],&quot;targetgroup&quot;:[383,455,454],&quot;targetgroup_details&quot;:[{&quot;text&quot;:&quot;Erwachsene&quot;,&quot;id&quot;:383,&quot;icon&quot;:null,&quot;parent&quot;:0},{&quot;text&quot;:&quot;Jugendliche&quot;,&quot;id&quot;:455,&quot;icon&quot;:null,&quot;parent&quot;:0},{&quot;text&quot;:&quot;Kinder und Familien&quot;,&quot;id&quot;:454,&quot;icon&quot;:null,&quot;parent&quot;:0}],&quot;language&quot;:[422],&quot;language_details&quot;:[{&quot;text&quot;:&quot;Keine Sprachkenntnisse erforderlich&quot;,&quot;id&quot;:422,&quot;icon&quot;:null,&quot;parent&quot;:0}],&quot;accessability&quot;:[430],&quot;accessability_details&quot;:[{&quot;text&quot;:&quot;Rollstuhlgerecht&quot;,&quot;id&quot;:430,&quot;icon&quot;:null,&quot;parent&quot;:0}],&quot;place&quot;:[957,1179],&quot;place_details&quot;:{&quot;place&quot;:&quot;Humboldt Forum&quot;,&quot;map&quot;:&quot;Humboldt Forum, Schlossplatz, Berlin&quot;,&quot;room&quot;:&quot;Foyer, Saal 1, EG&quot;},&quot;icon_overwrite&quot;:&quot;&quot;,&quot;acf&quot;:{&quot;belongsto&quot;:[97040],&quot;hashtag&quot;:&quot;HumboldtForum&quot;,&quot;noindex&quot;:false,&quot;keywords&quot;:&quot;&quot;,&quot;shorturl&quot;:&quot;&quot;,&quot;times&quot;:[],&quot;planning&quot;:{&quot;price&quot;:&quot;Kostenfrei&quot;,&quot;admission&quot;:&quot;&quot;,&quot;pause&quot;:&quot;&quot;,&quot;duration&quot;:&quot;&quot;},&quot;additional_info&quot;:{&quot;icon&quot;:&quot;0&quot;,&quot;text&quot;:&quot;&quot;},&quot;highlight_header&quot;:false,&quot;use_video_in_teasers&quot;:false,&quot;hyphenation&quot;:true,&quot;tipp&quot;:false,&quot;joker&quot;:false,&quot;live&quot;:false,&quot;hide_event_in_program&quot;:false,&quot;gomus_id&quot;:&quot;&quot;,&quot;featured_images&quot;:[99583,99834,99868],&quot;hm_id&quot;:&quot;&quot;},&quot;date&quot;:{&quot;NX&quot;:null,&quot;NXX&quot;:null,&quot;NLAST&quot;:&quot;202311051500&quot;,&quot;from_DATE&quot;:&quot;20231102 18:30&quot;,&quot;from&quot;:1698942600,&quot;to&quot;:1699196400,&quot;to_DATE&quot;:&quot;20231105 17:00&quot;,&quot;from_HRFSHORT&quot;:&quot; 2. Nov 2023&quot;,&quot;from_HRFSHORT_WD&quot;:&quot;Do 02.11.2023&quot;,&quot;to_HRFSHORT&quot;:&quot; 5. Nov 2023&quot;,&quot;to_HRFSHORT_WD&quot;:&quot;So 05.11.2023&quot;,&quot;from_HRF&quot;:&quot;Do,  2. November 2023&quot;,&quot;to_HRF&quot;:&quot;So,  5. November 2023&quot;,&quot;from_to_HRF&quot;:&quot;Do,  2. November \\u2013 So,  5. November 2023&quot;,&quot;from_to_HRFSHORT&quot;:&quot; 2. Nov \\u2013  5. Nov 2023&quot;},&quot;alert&quot;:null,&quot;partof&quot;:[],&quot;marketing_topic&quot;:{&quot;title&quot;:&quot;Fiesta de D\\u00eda de Muertos&quot;,&quot;ID&quot;:97040,&quot;reason&quot;:&quot;belongsto&quot;}}' inline-template>\n\t<a href=\"https:\/\/www.humboldtforum.org\/de\/programm\/termin\/performance\/zeremonien-der-ofrenda-99906\/\" class=\"teaser teaser-event teaser-event-standard\">\n\t\t<div class=\"row\">\n\t\t\t<div class=\"col-xs-12 col-sm-6 col-md-5 col-sm-offset-1 col-md-offset-2 first-sm teaser-event-text Infos\">\n\t\t\t\t<div class=\"teaser-event-standard-text\">\n\t\t\t\t\t<div class=\"margin-bottom-atom\">\n\t\t\t\t\t\t<div class=\"subline clamp-1\" v-html=\"maingenre\"><\/div>\n\t\t\t\t\t\t\t\t\t\t\t\t\t<div class=\"insignificant clamp-2\">Fiesta de D\u00eda de Muertos<\/div>\n\t\t\t\t\t\t\t\t\t\t\t<\/div>\n\t\t\t\t\n\t\t\t\t\t<strong class=\"margin-bottom-atom h5\">Zeremonien an der Ofrenda<\/strong>\n\n\t\t\t\t\t\t\t\t\t<\/div>\n\t\t\t\t<div class=\"teaser-bottom border-bottom\">\n\t\t\t\t<calendardateline :rawitem='item' :show-icon=\"true\"><\/calendardateline>\n\t\t\t\t\t<hr>\n\t\t\t\t<\/div>\n\t\t\t<\/div>\n\t\t\t<div class=\"col-xs-12 col-sm-4 col-md-3 teaser-event-image bottom-xs first-xs\">\n\t\t\t\t<div class=\"teaser-image teaser-image-no-alternate\">\n\t\t\t\t\t\t\t\t\t\t\t\n\t<lazy-media-inline inline-template>\n\t\t<figure itemscope itemtype=\"http:\/\/schema.org\/ImageObject\" class=\"lazy-media-inline \" role=\"group\" id=\"media_69efdbed38d88\" aria-labelledby=\"desc_media_69efdbed38d88\">\n\t\t\t<script type=\"application\/json\" ref=\"data\">\n\t\t\t\t{\n\t\t\t\t\"sizes\" : {\"medium\":{\"file\":\"SHF_eb00202372-300x200.jpg\",\"width\":300,\"height\":200,\"mime-type\":\"image\\\/jpeg\",\"filesize\":17504},\"large\":{\"file\":\"SHF_eb00202372-1024x681.jpg\",\"width\":1024,\"height\":681,\"mime-type\":\"image\\\/jpeg\",\"filesize\":110552},\"thumbnail\":{\"file\":\"SHF_eb00202372-150x150.jpg\",\"width\":150,\"height\":150,\"mime-type\":\"image\\\/jpeg\",\"filesize\":8801},\"medium_large\":{\"file\":\"SHF_eb00202372-768x511.jpg\",\"width\":768,\"height\":511,\"mime-type\":\"image\\\/jpeg\",\"filesize\":72231},\"small\":{\"file\":\"SHF_eb00202372-440x293.jpg\",\"width\":440,\"height\":293,\"mime-type\":\"image\\\/jpeg\",\"filesize\":31557},\"semi\":{\"file\":\"SHF_eb00202372-580x386.jpg\",\"width\":580,\"height\":386,\"mime-type\":\"image\\\/jpeg\",\"filesize\":48280},\"mobile\":{\"file\":\"SHF_eb00202372-720x479.jpg\",\"width\":720,\"height\":479,\"mime-type\":\"image\\\/jpeg\",\"filesize\":65448},\"hd\":{\"file\":\"SHF_eb00202372-1280x852.jpg\",\"width\":1280,\"height\":852,\"mime-type\":\"image\\\/jpeg\",\"filesize\":152570},\"full\":{\"file\":\"SHF_eb00202372-1920x1277.jpg\",\"width\":1920,\"height\":1277,\"mime-type\":\"image\\\/jpeg\",\"filesize\":272496},\"xxl\":{\"file\":\"SHF_eb00202372-4048x2693.jpg\",\"width\":4048,\"height\":2693,\"mime-type\":\"image\\\/jpeg\",\"filesize\":877084},\"1536x1536\":{\"file\":\"SHF_eb00202372-1536x1022.jpg\",\"width\":1536,\"height\":1022,\"mime-type\":\"image\\\/jpeg\",\"filesize\":197748},\"2048x2048\":{\"file\":\"SHF_eb00202372-2048x1363.jpg\",\"width\":2048,\"height\":1363,\"mime-type\":\"image\\\/jpeg\",\"filesize\":299925},\"original\":{\"file\":\"SHF_eb00202372.jpg\",\"width\":6048,\"height\":4024}},\n\t\t\t\t\"alt\" : \"Bunte D\\u00eda de los Muertos-Dekoration mit Skeletfigur, Blumen und traditionellem Schmuck.\",\n\t\t\t\t\"path\" : \"\\\/wp-content\\\/uploads\\\/2023\\\/08\\\/\",\n\t\t\t\t\"video\" : null,\n\t\t\t\t\"autoplay\" : null,\n\t\t\t\t\"youtube\" : null,\n\t\t\t\t\"youtubelabel\" : \"Video abspielen\",\n\t\t\t\t\"brightness\" : 100,\n\t\t\t\t\"crop\" : null,\n\t\t\t\t\"background\" : true,\n\t\t\t\t\"scale\" : 1\t\t\t\t}\n\t\t\t<\/script>\n\n\t\t\t<div class=\"height-container\" style=\"padding-bottom:66.534391534392%;\" v-if=\"sizes\">\n\t\t\t\t\t\t\t\t<lazy-media :inline=\"true\" :alt=\"alt\" :sizes=\"sizes\" :scale=\"scale\" :brightness=\"brightness\" :path=\"path\" :video=\"video\" :autoplay=\"autoplay\" :youtube=\"youtube\" :crop=\"crop\" :youtubelabel=\"youtubelabel\" :background=\"background\" media-id=\"desc_media_69efdbed38d88\"><\/lazy-media>\n\t\t\t\t\t\t\t<\/div>\n\n\t\t\t\t\t\t\t<figcaption class=\"sr-only\" ref=\"body\" id=\"desc_media_69efdbed38d88\">\n\t\t\t\t\t\t\t\t\t\t\t<div>Geschm&uuml;ckter Altar f&uuml;r das mexikanische Totenfest<\/div>\n\t\t\t\t\t\t\t\t\t\t\t\t\t\t\t\t\t\t\t\t\t<div class=\"insignificant\">\u00a9 Ernesto Mendez<\/div>\n\t\t\t\t\t\t\t\t\t<\/figcaption>\n\t\t\t\t\t<\/figure>\n\t<\/lazy-media-inline>\n\t\t\t\t<\/div>\n\t\t\t<\/div>\n\t\t<\/div>\n\t<\/a>\n\t<\/calendarteaser>\n<\/li>\n\n\n<li class=\"col-xs-12 teaser-wrapper col-padding-remove\">\n\t<calendarteaser key=\"1000483382\" rawitem='{&quot;postId&quot;:100048,&quot;title&quot;:&quot;\\u201eWas kommt auf die Ofrenda?\\u201c&quot;,&quot;excerpt&quot;:&quot;&quot;,&quot;slug&quot;:&quot;was-kommt-auf-die-ofrenda&quot;,&quot;post_date&quot;:&quot;2023-09-13T14:18&quot;,&quot;type&quot;:&quot;event&quot;,&quot;permalink&quot;:&quot;https:\\\/\\\/www.humboldtforum.org\\\/de\\\/programm\\\/termin\\\/bildung\\\/was-kommt-auf-die-ofrenda-100048\\\/&quot;,&quot;genre&quot;:[835,930],&quot;genre_details&quot;:[{&quot;text&quot;:&quot;Bildung&quot;,&quot;id&quot;:835,&quot;icon&quot;:null,&quot;parent&quot;:0},{&quot;text&quot;:&quot;Performance&quot;,&quot;id&quot;:930,&quot;icon&quot;:null,&quot;parent&quot;:0}],&quot;stakeholder&quot;:[382],&quot;stakeholder_details&quot;:[{&quot;text&quot;:&quot;Stiftung Humboldt Forum im Berliner Schloss&quot;,&quot;id&quot;:382,&quot;icon&quot;:null,&quot;parent&quot;:0}],&quot;targetgroup&quot;:[455,454],&quot;targetgroup_details&quot;:[{&quot;text&quot;:&quot;Jugendliche&quot;,&quot;id&quot;:455,&quot;icon&quot;:null,&quot;parent&quot;:0},{&quot;text&quot;:&quot;Kinder und Familien&quot;,&quot;id&quot;:454,&quot;icon&quot;:null,&quot;parent&quot;:0}],&quot;language&quot;:[384],&quot;language_details&quot;:[{&quot;text&quot;:&quot;Deutsch&quot;,&quot;id&quot;:384,&quot;icon&quot;:null,&quot;parent&quot;:0}],&quot;accessability&quot;:[430],&quot;accessability_details&quot;:[{&quot;text&quot;:&quot;Rollstuhlgerecht&quot;,&quot;id&quot;:430,&quot;icon&quot;:null,&quot;parent&quot;:0}],&quot;place&quot;:[957,1558,1179],&quot;place_details&quot;:{&quot;place&quot;:&quot;Humboldt Forum&quot;,&quot;map&quot;:&quot;Humboldt Forum, Schlossplatz, Berlin&quot;,&quot;room&quot;:&quot;Foyer, Saal 1, EG&quot;},&quot;icon_overwrite&quot;:&quot;&quot;,&quot;acf&quot;:{&quot;belongsto&quot;:[97040],&quot;hashtag&quot;:&quot;HumboldtForum&quot;,&quot;noindex&quot;:false,&quot;keywords&quot;:&quot;&quot;,&quot;shorturl&quot;:&quot;&quot;,&quot;times&quot;:[],&quot;planning&quot;:{&quot;price&quot;:&quot;Kostenfrei&quot;,&quot;admission&quot;:&quot;&quot;,&quot;pause&quot;:&quot;&quot;,&quot;duration&quot;:&quot;&quot;},&quot;additional_info&quot;:{&quot;icon&quot;:&quot;0&quot;,&quot;text&quot;:&quot;&quot;},&quot;highlight_header&quot;:false,&quot;use_video_in_teasers&quot;:false,&quot;hyphenation&quot;:true,&quot;tipp&quot;:false,&quot;joker&quot;:false,&quot;live&quot;:false,&quot;hide_event_in_program&quot;:false,&quot;gomus_id&quot;:&quot;&quot;,&quot;featured_images&quot;:[99848,99850],&quot;subline&quot;:&quot;Er\\u00f6ffnung der Ofrenda f\\u00fcr Kinder &quot;,&quot;hm_id&quot;:&quot;&quot;},&quot;date&quot;:{&quot;NX&quot;:null,&quot;NXX&quot;:null,&quot;NLAST&quot;:&quot;202311051200&quot;,&quot;from_DATE&quot;:&quot;20231104 14:00&quot;,&quot;from&quot;:1699099200,&quot;to&quot;:1699185600,&quot;to_DATE&quot;:&quot;20231105 14:00&quot;,&quot;from_HRFSHORT&quot;:&quot; 4. Nov 2023&quot;,&quot;from_HRFSHORT_WD&quot;:&quot;Sa 04.11.2023&quot;,&quot;to_HRFSHORT&quot;:&quot; 5. Nov 2023&quot;,&quot;to_HRFSHORT_WD&quot;:&quot;So 05.11.2023&quot;,&quot;from_HRF&quot;:&quot;Sa,  4. November 2023&quot;,&quot;to_HRF&quot;:&quot;So,  5. November 2023&quot;,&quot;from_to_HRF&quot;:&quot;Sa,  4. November \\u2013 So,  5. November 2023&quot;,&quot;from_to_HRFSHORT&quot;:&quot; 4. Nov \\u2013  5. Nov 2023&quot;},&quot;alert&quot;:null,&quot;partof&quot;:[],&quot;marketing_topic&quot;:{&quot;title&quot;:&quot;Fiesta de D\\u00eda de Muertos&quot;,&quot;ID&quot;:97040,&quot;reason&quot;:&quot;belongsto&quot;}}' inline-template>\n\t<a href=\"https:\/\/www.humboldtforum.org\/de\/programm\/termin\/bildung\/was-kommt-auf-die-ofrenda-100048\/\" class=\"teaser teaser-event teaser-event-standard\">\n\t\t<div class=\"row\">\n\t\t\t<div class=\"col-xs-12 col-sm-6 col-md-5 col-sm-offset-1 col-md-offset-2 first-sm teaser-event-text Infos\">\n\t\t\t\t<div class=\"teaser-event-standard-text\">\n\t\t\t\t\t<div class=\"margin-bottom-atom\">\n\t\t\t\t\t\t<div class=\"subline clamp-1\" v-html=\"maingenre\"><\/div>\n\t\t\t\t\t\t\t\t\t\t\t\t\t<div class=\"insignificant clamp-2\">Fiesta de D\u00eda de Muertos<\/div>\n\t\t\t\t\t\t\t\t\t\t\t<\/div>\n\t\t\t\t\n\t\t\t\t\t<strong class=\"margin-bottom-atom h5\">\u201eWas kommt auf die Ofrenda?\u201c<\/strong>\n\n\t\t\t\t\t\t\t\t\t\t\t<div class=\"\">Er\u00f6ffnung der Ofrenda f\u00fcr Kinder <\/div>\n\t\t\t\t\t\t\t\t\t<\/div>\n\t\t\t\t<div class=\"teaser-bottom border-bottom\">\n\t\t\t\t<calendardateline :rawitem='item' :show-icon=\"true\"><\/calendardateline>\n\t\t\t\t\t<hr>\n\t\t\t\t<\/div>\n\t\t\t<\/div>\n\t\t\t<div class=\"col-xs-12 col-sm-4 col-md-3 teaser-event-image bottom-xs first-xs\">\n\t\t\t\t<div class=\"teaser-image teaser-image-no-alternate\">\n\t\t\t\t\t\t\t\t\t\t\t\n\t<lazy-media-inline inline-template>\n\t\t<figure itemscope itemtype=\"http:\/\/schema.org\/ImageObject\" class=\"lazy-media-inline \" role=\"group\" id=\"media_69efdbed397ec\" aria-labelledby=\"desc_media_69efdbed397ec\">\n\t\t\t<script type=\"application\/json\" ref=\"data\">\n\t\t\t\t{\n\t\t\t\t\"sizes\" : {\"medium\":{\"file\":\"SHF_eb00202419-300x200.jpg\",\"width\":300,\"height\":200,\"mime-type\":\"image\\\/jpeg\",\"filesize\":12302},\"large\":{\"file\":\"SHF_eb00202419-1024x682.jpg\",\"width\":1024,\"height\":682,\"mime-type\":\"image\\\/jpeg\",\"filesize\":74292},\"thumbnail\":{\"file\":\"SHF_eb00202419-150x150.jpg\",\"width\":150,\"height\":150,\"mime-type\":\"image\\\/jpeg\",\"filesize\":6043},\"medium_large\":{\"file\":\"SHF_eb00202419-768x512.jpg\",\"width\":768,\"height\":512,\"mime-type\":\"image\\\/jpeg\",\"filesize\":46806},\"small\":{\"file\":\"SHF_eb00202419-440x293.jpg\",\"width\":440,\"height\":293,\"mime-type\":\"image\\\/jpeg\",\"filesize\":21173},\"semi\":{\"file\":\"SHF_eb00202419-580x387.jpg\",\"width\":580,\"height\":387,\"mime-type\":\"image\\\/jpeg\",\"filesize\":31497},\"mobile\":{\"file\":\"SHF_eb00202419-720x480.jpg\",\"width\":720,\"height\":480,\"mime-type\":\"image\\\/jpeg\",\"filesize\":42318},\"hd\":{\"file\":\"SHF_eb00202419-1280x853.jpg\",\"width\":1280,\"height\":853,\"mime-type\":\"image\\\/jpeg\",\"filesize\":108743},\"full\":{\"file\":\"SHF_eb00202419-1920x1280.jpg\",\"width\":1920,\"height\":1280,\"mime-type\":\"image\\\/jpeg\",\"filesize\":233767},\"1536x1536\":{\"file\":\"SHF_eb00202419-1536x1024.jpg\",\"width\":1536,\"height\":1024,\"mime-type\":\"image\\\/jpeg\",\"filesize\":151367},\"original\":{\"file\":\"SHF_eb00202419.jpg\",\"width\":2000,\"height\":1333}},\n\t\t\t\t\"alt\" : \"Kinder und Erwachsene entz\\u00fcnden Kerzen an einem Gedenktisch, um Liebe und Erinnerung zu zeigen.\",\n\t\t\t\t\"path\" : \"\\\/wp-content\\\/uploads\\\/2023\\\/09\\\/\",\n\t\t\t\t\"video\" : null,\n\t\t\t\t\"autoplay\" : null,\n\t\t\t\t\"youtube\" : null,\n\t\t\t\t\"youtubelabel\" : \"Video abspielen\",\n\t\t\t\t\"brightness\" : 100,\n\t\t\t\t\"crop\" : null,\n\t\t\t\t\"background\" : true,\n\t\t\t\t\"scale\" : 1\t\t\t\t}\n\t\t\t<\/script>\n\n\t\t\t<div class=\"height-container\" style=\"padding-bottom:66.65%;\" v-if=\"sizes\">\n\t\t\t\t\t\t\t\t<lazy-media :inline=\"true\" :alt=\"alt\" :sizes=\"sizes\" :scale=\"scale\" :brightness=\"brightness\" :path=\"path\" :video=\"video\" :autoplay=\"autoplay\" :youtube=\"youtube\" :crop=\"crop\" :youtubelabel=\"youtubelabel\" :background=\"background\" media-id=\"desc_media_69efdbed397ec\"><\/lazy-media>\n\t\t\t\t\t\t\t<\/div>\n\n\t\t\t\t\t\t\t<figcaption class=\"sr-only\" ref=\"body\" id=\"desc_media_69efdbed397ec\">\n\t\t\t\t\t\t\t\t\t\t\t<div>Kinderfest und Workshops im Rahmen des mexikanischen Totenfestes des Vereins Calaca e.V.<\/div>\n\t\t\t\t\t\t\t\t\t\t\t\t\t\t\t\t\t\t\t\t\t<div class=\"insignificant\">\u00a9 Ruben Nitsche<\/div>\n\t\t\t\t\t\t\t\t\t<\/figcaption>\n\t\t\t\t\t<\/figure>\n\t<\/lazy-media-inline>\n\t\t\t\t<\/div>\n\t\t\t<\/div>\n\t\t<\/div>\n\t<\/a>\n\t<\/calendarteaser>\n<\/li>\n\n\t\t\t\t<\/ul>\n\t\t\t<\/div>\n\t\t\t\t<\/lazy-component>\n<\/section>\n\n\n\n\n<section class=\"block block-gallery\">\n\t<div class=\"container-fluid\">\n\t\t<div class=\"row center-xs\">\n\t\t\t<div class=\"col-xs-12\">\n\t\t\t\t<div class=\"box text-align-left\">\n\t\t\t\t\t<block-gallery inline-template>\n\t\t\t\t\t\t<div :class=\"{ firstLoaded: firstLoaded }\">\n\t\t\t\t\t\t\t<script type=\"application\/json\" ref=\"data\">\n\t\t\t\t\t\t\t{\n\t\t\t\t\t\t\t\t\"images\" : [{\"id\":0,\"width\":1280,\"height\":853,\"alt\":\"Sch&auml;delpuppen zwischen leuchtend orangefarbenen Blumen, umgeben von Masken und festlicher Atmosph&auml;re.\",\"title\":\"\",\"description\":\"\",\"label\":\"Geschm&uuml;ckter Altar f&uuml;r das mexikanische Totenfest\",\"copyright\":\"Viktoria Schwenze\",\"path\":\"\\\/wp-content\\\/uploads\\\/2023\\\/10\\\/\",\"sizes\":{\"medium\":{\"file\":\"SHF_eb00202377-300x200.jpg\",\"width\":300,\"height\":200,\"mime-type\":\"image\\\/jpeg\",\"filesize\":18918},\"large\":{\"file\":\"SHF_eb00202377-1024x682.jpg\",\"width\":1024,\"height\":682,\"mime-type\":\"image\\\/jpeg\",\"filesize\":119628},\"thumbnail\":{\"file\":\"SHF_eb00202377-150x150.jpg\",\"width\":150,\"height\":150,\"mime-type\":\"image\\\/jpeg\",\"filesize\":8741},\"medium_large\":{\"file\":\"SHF_eb00202377-768x512.jpg\",\"width\":768,\"height\":512,\"mime-type\":\"image\\\/jpeg\",\"filesize\":77479},\"small\":{\"file\":\"SHF_eb00202377-440x293.jpg\",\"width\":440,\"height\":293,\"mime-type\":\"image\\\/jpeg\",\"filesize\":34009},\"semi\":{\"file\":\"SHF_eb00202377-580x387.jpg\",\"width\":580,\"height\":387,\"mime-type\":\"image\\\/jpeg\",\"filesize\":52051},\"mobile\":{\"file\":\"SHF_eb00202377-720x480.jpg\",\"width\":720,\"height\":480,\"mime-type\":\"image\\\/jpeg\",\"filesize\":70587},\"original\":{\"file\":\"SHF_eb00202377.jpg\",\"width\":1280,\"height\":853}}},{\"id\":1,\"width\":1280,\"height\":853,\"alt\":\"Drei bunte Skelettfiguren in einem festlichen Umfeld mit traditionellem Geb&auml;ck.\",\"title\":\"\",\"description\":\"\",\"label\":\"Geschm&uuml;ckter Altar f&uuml;r das mexikanische Totenfest\",\"copyright\":\"Viktoria Schwenze\",\"path\":\"\\\/wp-content\\\/uploads\\\/2023\\\/10\\\/\",\"sizes\":{\"medium\":{\"file\":\"SHF_eb00202376-300x200.jpg\",\"width\":300,\"height\":200,\"mime-type\":\"image\\\/jpeg\",\"filesize\":18671},\"large\":{\"file\":\"SHF_eb00202376-1024x682.jpg\",\"width\":1024,\"height\":682,\"mime-type\":\"image\\\/jpeg\",\"filesize\":109491},\"thumbnail\":{\"file\":\"SHF_eb00202376-150x150.jpg\",\"width\":150,\"height\":150,\"mime-type\":\"image\\\/jpeg\",\"filesize\":9253},\"medium_large\":{\"file\":\"SHF_eb00202376-768x512.jpg\",\"width\":768,\"height\":512,\"mime-type\":\"image\\\/jpeg\",\"filesize\":72976},\"small\":{\"file\":\"SHF_eb00202376-440x293.jpg\",\"width\":440,\"height\":293,\"mime-type\":\"image\\\/jpeg\",\"filesize\":32835},\"semi\":{\"file\":\"SHF_eb00202376-580x387.jpg\",\"width\":580,\"height\":387,\"mime-type\":\"image\\\/jpeg\",\"filesize\":49411},\"mobile\":{\"file\":\"SHF_eb00202376-720x480.jpg\",\"width\":720,\"height\":480,\"mime-type\":\"image\\\/jpeg\",\"filesize\":66640},\"original\":{\"file\":\"SHF_eb00202376.jpg\",\"width\":1280,\"height\":853}}},{\"id\":2,\"width\":1280,\"height\":853,\"alt\":\"Bunt dekorierter Altartisch mit Totensch&auml;deln, Skeletten, Fr&uuml;chten und Ringelblumen f&uuml;r den D&iacute;a de los Muertos.\",\"title\":\"\",\"description\":\"\",\"label\":\"Geschm&uuml;ckter Altar f&uuml;r das mexikanische Totenfest\",\"copyright\":\"Viktoria Schwenze\",\"path\":\"\\\/wp-content\\\/uploads\\\/2023\\\/10\\\/\",\"sizes\":{\"medium\":{\"file\":\"SHF_eb00202375-300x200.jpg\",\"width\":300,\"height\":200,\"mime-type\":\"image\\\/jpeg\",\"filesize\":21664},\"large\":{\"file\":\"SHF_eb00202375-1024x682.jpg\",\"width\":1024,\"height\":682,\"mime-type\":\"image\\\/jpeg\",\"filesize\":144139},\"thumbnail\":{\"file\":\"SHF_eb00202375-150x150.jpg\",\"width\":150,\"height\":150,\"mime-type\":\"image\\\/jpeg\",\"filesize\":9914},\"medium_large\":{\"file\":\"SHF_eb00202375-768x512.jpg\",\"width\":768,\"height\":512,\"mime-type\":\"image\\\/jpeg\",\"filesize\":93940},\"small\":{\"file\":\"SHF_eb00202375-440x293.jpg\",\"width\":440,\"height\":293,\"mime-type\":\"image\\\/jpeg\",\"filesize\":40140},\"semi\":{\"file\":\"SHF_eb00202375-580x387.jpg\",\"width\":580,\"height\":387,\"mime-type\":\"image\\\/jpeg\",\"filesize\":62229},\"mobile\":{\"file\":\"SHF_eb00202375-720x480.jpg\",\"width\":720,\"height\":480,\"mime-type\":\"image\\\/jpeg\",\"filesize\":85252},\"original\":{\"file\":\"SHF_eb00202375.jpg\",\"width\":1280,\"height\":853}}},{\"id\":3,\"width\":1280,\"height\":853,\"alt\":\"Bunt verzierte Totenkopf-Dekoration mit Stickereien und Figuren, umgeben von gelben Blumen und traditionellen Elementen.\",\"title\":\"\",\"description\":\"\",\"label\":\"Geschm&uuml;ckter Altar f&uuml;r das mexikanische Totenfest\",\"copyright\":\"Viktoria Schwenze\",\"path\":\"\\\/wp-content\\\/uploads\\\/2023\\\/10\\\/\",\"sizes\":{\"medium\":{\"file\":\"SHF_eb00202378-300x200.jpg\",\"width\":300,\"height\":200,\"mime-type\":\"image\\\/jpeg\",\"filesize\":18208},\"large\":{\"file\":\"SHF_eb00202378-1024x682.jpg\",\"width\":1024,\"height\":682,\"mime-type\":\"image\\\/jpeg\",\"filesize\":113154},\"thumbnail\":{\"file\":\"SHF_eb00202378-150x150.jpg\",\"width\":150,\"height\":150,\"mime-type\":\"image\\\/jpeg\",\"filesize\":8678},\"medium_large\":{\"file\":\"SHF_eb00202378-768x512.jpg\",\"width\":768,\"height\":512,\"mime-type\":\"image\\\/jpeg\",\"filesize\":74696},\"small\":{\"file\":\"SHF_eb00202378-440x293.jpg\",\"width\":440,\"height\":293,\"mime-type\":\"image\\\/jpeg\",\"filesize\":32625},\"semi\":{\"file\":\"SHF_eb00202378-580x387.jpg\",\"width\":580,\"height\":387,\"mime-type\":\"image\\\/jpeg\",\"filesize\":49890},\"mobile\":{\"file\":\"SHF_eb00202378-720x480.jpg\",\"width\":720,\"height\":480,\"mime-type\":\"image\\\/jpeg\",\"filesize\":67844},\"original\":{\"file\":\"SHF_eb00202378.jpg\",\"width\":1280,\"height\":853}}},{\"id\":4,\"width\":2000,\"height\":1333,\"alt\":\"Kinder und Erwachsene entz&uuml;nden Kerzen an einem Gedenktisch, um Liebe und Erinnerung zu zeigen.\",\"title\":\"\",\"description\":\"\",\"label\":\"Kinderfest und Workshops im Rahmen des mexikanischen Totenfestes des Vereins Calaca e.V.\",\"copyright\":\"Ruben Nitsche\",\"path\":\"\\\/wp-content\\\/uploads\\\/2023\\\/09\\\/\",\"sizes\":{\"medium\":{\"file\":\"SHF_eb00202419-300x200.jpg\",\"width\":300,\"height\":200,\"mime-type\":\"image\\\/jpeg\",\"filesize\":12302},\"large\":{\"file\":\"SHF_eb00202419-1024x682.jpg\",\"width\":1024,\"height\":682,\"mime-type\":\"image\\\/jpeg\",\"filesize\":74292},\"thumbnail\":{\"file\":\"SHF_eb00202419-150x150.jpg\",\"width\":150,\"height\":150,\"mime-type\":\"image\\\/jpeg\",\"filesize\":6043},\"medium_large\":{\"file\":\"SHF_eb00202419-768x512.jpg\",\"width\":768,\"height\":512,\"mime-type\":\"image\\\/jpeg\",\"filesize\":46806},\"small\":{\"file\":\"SHF_eb00202419-440x293.jpg\",\"width\":440,\"height\":293,\"mime-type\":\"image\\\/jpeg\",\"filesize\":21173},\"semi\":{\"file\":\"SHF_eb00202419-580x387.jpg\",\"width\":580,\"height\":387,\"mime-type\":\"image\\\/jpeg\",\"filesize\":31497},\"mobile\":{\"file\":\"SHF_eb00202419-720x480.jpg\",\"width\":720,\"height\":480,\"mime-type\":\"image\\\/jpeg\",\"filesize\":42318},\"hd\":{\"file\":\"SHF_eb00202419-1280x853.jpg\",\"width\":1280,\"height\":853,\"mime-type\":\"image\\\/jpeg\",\"filesize\":108743},\"full\":{\"file\":\"SHF_eb00202419-1920x1280.jpg\",\"width\":1920,\"height\":1280,\"mime-type\":\"image\\\/jpeg\",\"filesize\":233767},\"1536x1536\":{\"file\":\"SHF_eb00202419-1536x1024.jpg\",\"width\":1536,\"height\":1024,\"mime-type\":\"image\\\/jpeg\",\"filesize\":151367},\"original\":{\"file\":\"SHF_eb00202419.jpg\",\"width\":2000,\"height\":1333}}}]\t\t\t\t\t\t\t}\n\t\t\t\t\t\t\t<\/script>\n\n\t\t\t\t\t\t\t<swiper :options=\"options\" @slide-change=\"track\">\n\t\t\t\t\t\t\t\t<div class=\"swiper-slide\" :key=\"image.id\" v-for=\"image in images\">\n\t\t\t\t\t\t\t\t\t<block-gallery-item inline-template :image=\"image\">\n\t\t\t\t\t\t\t\t\t\t<figure class=\"swiper-slide-image-wrapper\" ref=\"parent\">\n\t\t\t\t\t\t\t\t\t\t\t<div class=\"width-container\" ref=\"container\" :style=\"style\">\n\t\t\t\t\t\t\t\t\t\t\t\t<div data-swiper-parallax-x=\"50%\">\n\t\t\t\t\t\t\t\t\t\t\t\t<img :src=\"image.src\" :alt=\"image.alt\" v-if=\"image.id < 2\">\n\t\t\t\t\t\t\t\t\t\t\t\t<img class=\"swiper-lazy\" :data-src=\"image.src\" :alt=\"image.alt\" v-else>\n\t\t\t\t\t\t\t\t\t\t\t\t<\/div>\n\t\t\t\t\t\t\t\t\t\t\t<\/div>\n\t\t\t\t\t\t\t\t\t\t<\/figure>\n\t\t\t\t\t\t\t\t\t<\/block-gallery-item>\n\n\t\t\t\t\t\t\t\t\t<figcaption>\n\t\t\t\t\t\t\t\t\t\t<div class=\"lazy-media-info-body-content\">\n\t\t\t\t\t\t\t\t\t\t\t<div v-html=\"image.label\"><\/div>\n\t\t\t\t\t\t\t\t\t\t\t<div v-html=\"image.description\"><\/div>\n\t\t\t\t\t\t\t\t\t\t\t<div class=\"insignificant\" v-if=\"image.copyright\" v-html=\"'\u00a9 '+image.copyright\"><\/div>\n\t\t\t\t\t\t\t\t\t\t<\/div>\n\t\t\t\t\t\t\t\t\t<\/figcaption>\n\t\t\t\t\t\t\t\t<\/div>\n\n\t\t\t\t\t\t\t\t<div class=\"swiper-pagination\"  slot=\"pagination\"><\/div>\n\n\t\t\t\t\t\t\t\t<button class=\"icon-round swiper-button-prev\" slot=\"button-prev\" aria-label=\"Vorheriges Bild\">\n\t\t\t\t\t\t\t\t\t<span class=\"icon-next\" aria-hidden=\"true\"><\/span>\n\t\t\t\t\t\t\t\t<\/button>\n\n\t\t\t\t\t\t\t\t<button class=\"icon-round swiper-button-next\" slot=\"button-next\" aria-label=\"N\u00e4chstes Bild\">\n\t\t\t\t\t\t\t\t\t<span class=\"icon-next\" aria-hidden=\"true\"><\/span>\n\t\t\t\t\t\t\t\t<\/button>\n\t\t\t\t\t\t\t<\/swiper>\n\t\t\t\t\t\t<\/div>\n\t\t\t\t\t<\/block-gallery>\n\t\t\t\t<\/div>\n\t\t\t<\/div>\n\t\t<\/div>\n\t<\/div>\n<\/section>\n\n<section class=\"block block-CTA block-CTA-long leftgradient\">\n\t<div class=\"container-fluid\">\n\t\t<div class=\"row center-xs\">\n\t\t\t<div class=\"col-xs-12\">\n\t\t\t\t<div class=\"box\">\n\t\t\t\t\t<a href=\"https:\/\/www.humboldtforum.org\/de\/newsletter-2\/\" aria-label=\"Bleiben Sie auf dem Laufenden!\" class=\"teaser teaser-cta-wide \">\n\t\t\t\t\t\t<div class=\"teaser-image\">\n\t\t\t\t\t\t\t\n\t<lazy-media-inline inline-template>\n\t\t<figure itemscope itemtype=\"http:\/\/schema.org\/ImageObject\" class=\"lazy-media-inline \" role=\"group\" id=\"media_69efdbed3e487\" aria-labelledby=\"desc_media_69efdbed3e487\">\n\t\t\t<script type=\"application\/json\" ref=\"data\">\n\t\t\t\t{\n\t\t\t\t\"sizes\" : {\"medium\":{\"file\":\"HF_eb00061823-scaled-300x200.jpg\",\"width\":300,\"height\":200,\"mime-type\":\"image\\\/jpeg\",\"filesize\":19186},\"large\":{\"file\":\"HF_eb00061823-scaled-1024x683.jpg\",\"width\":1024,\"height\":683,\"mime-type\":\"image\\\/jpeg\",\"filesize\":138597},\"thumbnail\":{\"file\":\"HF_eb00061823-scaled-150x150.jpg\",\"width\":150,\"height\":150,\"mime-type\":\"image\\\/jpeg\",\"filesize\":8513},\"medium_large\":{\"file\":\"HF_eb00061823-scaled-768x512.jpg\",\"width\":768,\"height\":512,\"mime-type\":\"image\\\/jpeg\",\"filesize\":86200},\"small\":{\"file\":\"HF_eb00061823-scaled-440x293.jpg\",\"width\":440,\"height\":293,\"mime-type\":\"image\\\/jpeg\",\"filesize\":35525},\"semi\":{\"file\":\"HF_eb00061823-scaled-580x387.jpg\",\"width\":580,\"height\":387,\"mime-type\":\"image\\\/jpeg\",\"filesize\":55724},\"mobile\":{\"file\":\"HF_eb00061823-scaled-720x480.jpg\",\"width\":720,\"height\":480,\"mime-type\":\"image\\\/jpeg\",\"filesize\":77971},\"hd\":{\"file\":\"HF_eb00061823-scaled-1280x854.jpg\",\"width\":1280,\"height\":854,\"mime-type\":\"image\\\/jpeg\",\"filesize\":202477},\"full\":{\"file\":\"HF_eb00061823-scaled-1920x1280.jpg\",\"width\":1920,\"height\":1280,\"mime-type\":\"image\\\/jpeg\",\"filesize\":386736},\"1536x1536\":{\"file\":\"HF_eb00061823-scaled-1536x1024.jpg\",\"width\":1536,\"height\":1024,\"mime-type\":\"image\\\/jpeg\",\"filesize\":266197},\"2048x2048\":{\"file\":\"HF_eb00061823-scaled-2048x1366.jpg\",\"width\":2048,\"height\":1366,\"mime-type\":\"image\\\/jpeg\",\"filesize\":430206},\"original\":{\"file\":\"HF_eb00061823-scaled.jpg\",\"width\":2560,\"height\":1707}},\n\t\t\t\t\"alt\" : \"Blick in das beleuchtete Foyer von der Galerie im ersten Stock mit Besuchenden, Infopoint und Medienturm\",\n\t\t\t\t\"path\" : \"\\\/wp-content\\\/uploads\\\/2020\\\/04\\\/\",\n\t\t\t\t\"video\" : null,\n\t\t\t\t\"autoplay\" : null,\n\t\t\t\t\"youtube\" : null,\n\t\t\t\t\"youtubelabel\" : \"Video abspielen\",\n\t\t\t\t\"brightness\" : \"70\",\n\t\t\t\t\"crop\" : {\"top\":\"90.37\",\"left\":\"39.93\"},\n\t\t\t\t\"background\" : true,\n\t\t\t\t\"scale\" : 2\t\t\t\t}\n\t\t\t<\/script>\n\n\t\t\t<div class=\"height-container\" style=\"padding-bottom:66.6796875%;\" v-if=\"sizes\">\n\t\t\t\t\t\t\t\t<lazy-media :inline=\"true\" :alt=\"alt\" :sizes=\"sizes\" :scale=\"scale\" :brightness=\"brightness\" :path=\"path\" :video=\"video\" :autoplay=\"autoplay\" :youtube=\"youtube\" :crop=\"crop\" :youtubelabel=\"youtubelabel\" :background=\"background\" media-id=\"desc_media_69efdbed3e487\"><\/lazy-media>\n\t\t\t\t\t\t\t<\/div>\n\n\t\t\t\t\t\t\t<figcaption class=\"sr-only\" ref=\"body\" id=\"desc_media_69efdbed3e487\">\n\t\t\t\t\t\t\t\t\t\t\t<div>Blick in das Foyer, November 2019.<\/div>\n\t\t\t\t\t\t\t\t\t\t\t\t\t\t\t\t\t\t\t\t\t<div class=\"insignificant\">\u00a9 Stiftung Humboldt Forum im Berliner Schloss \/ David von Becker<\/div>\n\t\t\t\t\t\t\t\t\t<\/figcaption>\n\t\t\t\t\t<\/figure>\n\t<\/lazy-media-inline>\n\t\t\t\t\t\t<\/div>\n\t\t\t\t\t\t<div class=\"teaser-content \">\n\t\t\t\t\t\t\t<div>\n\t\t\t\t\t\t\t\t\t\t\t\t\t\t\t\t<div class=\"teaser-header\"><span class=\"h3\">Bleiben Sie auf dem Laufenden!<\/span><\/div>\n\t\t\t\t\t\t\t\t<div class=\"teaser-subline\"><span class=\"font-decoration\">Abonnieren Sie unseren Newsletter.<\/span><\/div>\t\t\t\t\t\t\t\t<button tabindex=\"-1\" class=\"border\">Hier klicken<\/button>\n\t\t\t\t\t\t\t<\/div>\n\t\t\t\t\t\t<\/div>\n\t\t\t\t\t<\/a>\n\t\t\t\t<\/div>\n\t\t\t<\/div>\n\t\t<\/div>\n\t<\/div>\n<\/section>\n","protected":false},"template":"","genre":[563],"digital":[],"topic":[],"stakeholder":[382],"editorial":[],"editorialfilter":[],"targetgroup":[],"language":[422],"accessability":[430],"age":[],"school":[],"groupsize":[],"place":[957,1179],"class_list":["post-106089","event-multi","type-event-multi","status-publish","has-post-thumbnail","hentry","genre-other","stakeholder-stiftung-humboldt-forum-im-berliner-schloss","language-keine-sprachkenntnisse-erforderlich","accessability-rollstuhlgerecht","place-foyer","place-saal-1"],"acf":[],"_links":{"self":[{"href":"https:\/\/www.humboldtforum.org\/de\/wp-json\/wp\/v2\/event-multi\/106089","targetHints":{"allow":["GET"]}}],"collection":[{"href":"https:\/\/www.humboldtforum.org\/de\/wp-json\/wp\/v2\/event-multi"}],"about":[{"href":"https:\/\/www.humboldtforum.org\/de\/wp-json\/wp\/v2\/types\/event-multi"}],"version-history":[{"count":12,"href":"https:\/\/www.humboldtforum.org\/de\/wp-json\/wp\/v2\/event-multi\/106089\/revisions"}],"predecessor-version":[{"id":107692,"href":"https:\/\/www.humboldtforum.org\/de\/wp-json\/wp\/v2\/event-multi\/106089\/revisions\/107692"}],"wp:featuredmedia":[{"embeddable":true,"href":"https:\/\/www.humboldtforum.org\/de\/wp-json\/wp\/v2\/media\/99868"}],"wp:attachment":[{"href":"https:\/\/www.humboldtforum.org\/de\/wp-json\/wp\/v2\/media?parent=106089"}],"wp:term":[{"taxonomy":"genre","embeddable":true,"href":"https:\/\/www.humboldtforum.org\/de\/wp-json\/wp\/v2\/genre?post=106089"},{"taxonomy":"digital","embeddable":true,"href":"https:\/\/www.humboldtforum.org\/de\/wp-json\/wp\/v2\/digital?post=106089"},{"taxonomy":"topic","embeddable":true,"href":"https:\/\/www.humboldtforum.org\/de\/wp-json\/wp\/v2\/topic?post=106089"},{"taxonomy":"stakeholder","embeddable":true,"href":"https:\/\/www.humboldtforum.org\/de\/wp-json\/wp\/v2\/stakeholder?post=106089"},{"taxonomy":"editorial","embeddable":true,"href":"https:\/\/www.humboldtforum.org\/de\/wp-json\/wp\/v2\/editorial?post=106089"},{"taxonomy":"editorialfilter","embeddable":true,"href":"https:\/\/www.humboldtforum.org\/de\/wp-json\/wp\/v2\/editorialfilter?post=106089"},{"taxonomy":"targetgroup","embeddable":true,"href":"https:\/\/www.humboldtforum.org\/de\/wp-json\/wp\/v2\/targetgroup?post=106089"},{"taxonomy":"language","embeddable":true,"href":"https:\/\/www.humboldtforum.org\/de\/wp-json\/wp\/v2\/language?post=106089"},{"taxonomy":"accessability","embeddable":true,"href":"https:\/\/www.humboldtforum.org\/de\/wp-json\/wp\/v2\/accessability?post=106089"},{"taxonomy":"age","embeddable":true,"href":"https:\/\/www.humboldtforum.org\/de\/wp-json\/wp\/v2\/age?post=106089"},{"taxonomy":"school","embeddable":true,"href":"https:\/\/www.humboldtforum.org\/de\/wp-json\/wp\/v2\/school?post=106089"},{"taxonomy":"groupsize","embeddable":true,"href":"https:\/\/www.humboldtforum.org\/de\/wp-json\/wp\/v2\/groupsize?post=106089"},{"taxonomy":"place","embeddable":true,"href":"https:\/\/www.humboldtforum.org\/de\/wp-json\/wp\/v2\/place?post=106089"}],"curies":[{"name":"wp","href":"https:\/\/api.w.org\/{rel}","templated":true}]}}