{"id":141278,"date":"2024-12-13T09:21:52","date_gmt":"2024-12-13T08:21:52","guid":{"rendered":"https:\/\/www.humboldtforum.org\/?post_type=event-multi&#038;p=141278"},"modified":"2025-03-12T16:22:15","modified_gmt":"2025-03-12T15:22:15","slug":"auf-wiedersehen-palast","status":"publish","type":"event-multi","link":"https:\/\/www.humboldtforum.org\/de\/programm\/event\/thementag\/auf-wiedersehen-palast-141278\/","title":{"rendered":"Auf Wiedersehen, Palast"},"content":{"rendered":"<section class=\"block block-copy\" >\n    <div class=\"container-fluid\">\n\t\t<div class=\"row margin-bottom-sixth\">\n            <div class=\"col-xs-12 col-md-offset-2 col-md-8\">\n                <div class=\"box\">\n                    <div class=\"copy\"><p>Der <span class=\"w-term-highlight\">Palast der Republik<\/span> bleibt auch 35 Jahre nach dem Ende der <span class=\"w-term-highlight\">DDR<\/span> das Symbol f\u00fcr die tiefgreifenden Umbr\u00fcche der deutschen <span class=\"w-term-highlight\">Wiedervereinigung<\/span>. Kein anderes Geb\u00e4ude verk\u00f6rpert die gesellschaftlichen, politischen und kulturellen Transformationen dieser Zeit so nachdr\u00fccklich. Das Humboldt Forum l\u00e4dt im Rahmen des Jahresschwerpunktes <em>Hin und weg. Der <span class=\"w-term-highlight\">Palast der Republik<\/span> ist Gegenwart <\/em>zum letzten Themenwochenende <strong><em>Auf Wiedersehen, Palast \u2013 Vom Abbruch und Aufbruch<\/em><\/strong> ein und richtet unterschiedliche Blicke auf Orte und Menschen, die bis heute mit dem Erbe der <span class=\"w-term-highlight\">Friedlichen Revolution<\/span> umgehen.<\/p>\n<\/div>\n                <\/div>\n            <\/div>\n\t\t<\/div>\n\t\t\t\t\t<div class=\"row margin-bottom-sixth\">\n\t\t\t\t<div class=\"col-xs-12 col-md-offset-2 col-md-8\">\n\t\t\t\t\t<div class=\"box\">\n\t\t\t\t\t\t<read-more inline-template>\n\t\t\t\t\t\t\t<div class=\"copy margin-bottom-sixth\">\n\t\t\t\t\t\t\t\t<div ref=\"body\" style=\"height:0;overflow: hidden;display: none;\">\n\t\t\t\t\t\t\t\t\t<div class=\"margin-bottom-sixth\"><p>Die Veranstaltungen am 15. und 16. Februar im Humboldt Forum blicken auf Orte und soziale Beziehungen, an denen das Verm\u00e4chtnis der <span class=\"w-term-highlight\">DDR<\/span> und der Wendezeit noch immer lebendig ist. Viviana Medina beleuchtet in ihrer Arbeit<em> KUBA ORANGEN<\/em> das Leben der kubanischen Vertragsarbeitenden, die ab den 60er Jahren in die <span class=\"w-term-highlight\">DDR<\/span> kamen und macht sichtbar, welches Erbe die staatliche Kultur- und Arbeitspolitik hinterlassen hat. In der Performance <em>Namen, die wir tragen<\/em> von Michikazu Matsune zeigt sich, wie die sozialen und \u00f6konomischen Umw\u00e4lzungen der Nachwendezeit in den Biografien und Namen der Menschen in der ostdeutschen Provinz in Bitterfeld-Wolfen widerspiegeln.<\/p>\n<p>Im Foyer des Humboldt Forums werden auf der B\u00fchne die Ergebnisse des Symposiums <em>Gef\u00e4hrlich gef\u00e4hrdet &#8211; Neuaneignung von Orten mit DDR Geschichte<\/em>, das am 13. und 14.2.\u00a0 im Humboldt Forum stattfindet, pr\u00e4sentiert. Anschlie\u00dfend kann das Publikum in <em>Palast Treffs<\/em> mit Expert*innen ins Gespr\u00e4ch kommen, die von Orten berichten, die umgenutzt werden und mal durch Abriss oder fehlende F\u00f6rdermittel bedroht sind.<\/p>\n<p>Den ganzen Tag \u00fcber wird das Foyer zum Ort f\u00fcr Musik, Wissenschaft und Kunst: am Sonntag wird die <em>Ursonate<\/em> von Kurt Schwitters zu h\u00f6ren sein, und DJ Yuriy Gurzhy sorgt mit seiner Musik f\u00fcr eine besondere Atmosph\u00e4re. Zudem wird sich in einer Lesung aus dem G\u00e4stebuch der <em><span class=\"w-term-highlight\">Palast der Republik<\/span><\/em>-Ausstellung zeigen, wie das Publikum in den letzten Monaten auf die Thematisierung des Palastes im Humboldt Forum zu sprechen ist.<\/p>\n<p>Die letzten Thementage im Rahmen des Themenschwerpunkts\u00a0 <em>Hin und Weg. Der <span class=\"w-term-highlight\">Palast der Republik<\/span> ist Gegenwart<\/em> bringen Themen und Menschen zusammen, die das Erbe der <span class=\"w-term-highlight\">DDR<\/span> aktiv gestalten und bewahren. Alle Veranstaltungen bieten die Gelegenheit, sich mit den Herausforderungen auseinanderzusetzen, die mit der Pflege und Weitergabe des Erbes der <span class=\"w-term-highlight\">DDR<\/span> verbunden sind.<\/p>\n<\/div>\n\t\t\t\t\t\t\t\t<\/div>\n\t\t\t\t\t\t\t\t<a ref=\"toggleButton\" class=\"Button\" @click=\"toggle\">\n\t\t\t\t\t\t\t\t\t<span v-if=\"!active\">mehr lesen<\/span>\n\t\t\t\t\t\t\t\t\t<span v-else>weniger lesen<\/span>\n\t\t\t\t\t\t\t\t<\/a>\n\t\t\t\t\t\t\t<\/div>\n\t\t\t\t\t\t<\/read-mode>\n\t\t\t\t\t<\/div>\n\t\t\t\t<\/div>\n\t\t\t<\/div>\n\t\t    <\/div>\n<\/section>\n\n\n<section class=\"block block-CTA-huge block-CTA-huge\">\n\t<div class=\"container-fluid\">\n\t\t\t<a href=\"https:\/\/www.humboldtforum.org\/de\/top-die-wette-gilt\/\" class=\"teaser\" aria-label=\"Haben Sie im Palast der Republik gearbeitet?\">\n\t\t\t<div class=\"box\">\n\n\t\t\t\t<div class=\"row CTA-image\">\n\t\t\t\t\t<div class=\"col-xs-12 col-sm-6  teaser-image\">\n\t\t\t\t\t\t\n\t<lazy-media-inline inline-template>\n\t\t<figure itemscope itemtype=\"http:\/\/schema.org\/ImageObject\" class=\"lazy-media-inline \" role=\"group\" id=\"media_69f03d83887ff\" aria-labelledby=\"desc_media_69f03d83887ff\">\n\t\t\t<script type=\"application\/json\" ref=\"data\">\n\t\t\t\t{\n\t\t\t\t\"sizes\" : {\"medium\":{\"file\":\"SHF_eb00242264-300x200.jpg\",\"width\":300,\"height\":200,\"mime-type\":\"image\\\/jpeg\",\"filesize\":14865},\"large\":{\"file\":\"SHF_eb00242264-1024x683.jpg\",\"width\":1024,\"height\":683,\"mime-type\":\"image\\\/jpeg\",\"filesize\":98958},\"thumbnail\":{\"file\":\"SHF_eb00242264-150x150.jpg\",\"width\":150,\"height\":150,\"mime-type\":\"image\\\/jpeg\",\"filesize\":7055},\"medium_large\":{\"file\":\"SHF_eb00242264-768x512.jpg\",\"width\":768,\"height\":512,\"mime-type\":\"image\\\/jpeg\",\"filesize\":61801},\"small\":{\"file\":\"SHF_eb00242264-440x293.jpg\",\"width\":440,\"height\":293,\"mime-type\":\"image\\\/jpeg\",\"filesize\":26309},\"semi\":{\"file\":\"SHF_eb00242264-580x387.jpg\",\"width\":580,\"height\":387,\"mime-type\":\"image\\\/jpeg\",\"filesize\":40320},\"mobile\":{\"file\":\"SHF_eb00242264-720x480.jpg\",\"width\":720,\"height\":480,\"mime-type\":\"image\\\/jpeg\",\"filesize\":55562},\"hd\":{\"file\":\"SHF_eb00242264-1280x853.jpg\",\"width\":1280,\"height\":853,\"mime-type\":\"image\\\/jpeg\",\"filesize\":145295},\"full\":{\"file\":\"SHF_eb00242264-1920x1280.jpg\",\"width\":1920,\"height\":1280,\"mime-type\":\"image\\\/jpeg\",\"filesize\":309495},\"xxl\":{\"file\":\"SHF_eb00242264-4048x2699.jpg\",\"width\":4048,\"height\":2699,\"mime-type\":\"image\\\/jpeg\",\"filesize\":1521114},\"1536x1536\":{\"file\":\"SHF_eb00242264-1536x1024.jpg\",\"width\":1536,\"height\":1024,\"mime-type\":\"image\\\/jpeg\",\"filesize\":201786},\"2048x2048\":{\"file\":\"SHF_eb00242264-2048x1365.jpg\",\"width\":2048,\"height\":1365,\"mime-type\":\"image\\\/jpeg\",\"filesize\":351347},\"original\":{\"file\":\"SHF_eb00242264.jpg\",\"width\":6000,\"height\":4000}},\n\t\t\t\t\"alt\" : \"Vier Personen l\\u00e4cheln an einer Br\\u00fcstung vor einer bunten Wand in einem modernen Raum.\",\n\t\t\t\t\"path\" : \"\\\/wp-content\\\/uploads\\\/2025\\\/01\\\/\",\n\t\t\t\t\"video\" : null,\n\t\t\t\t\"autoplay\" : null,\n\t\t\t\t\"youtube\" : null,\n\t\t\t\t\"youtubelabel\" : \"Video abspielen\",\n\t\t\t\t\"brightness\" : \"80\",\n\t\t\t\t\"crop\" : null,\n\t\t\t\t\"background\" : true,\n\t\t\t\t\"scale\" : 1\t\t\t\t}\n\t\t\t<\/script>\n\n\t\t\t<div class=\"height-container\" style=\"padding-bottom:66.666666666667%;\" v-if=\"sizes\">\n\t\t\t\t\t\t\t\t<lazy-media :inline=\"true\" :alt=\"alt\" :sizes=\"sizes\" :scale=\"scale\" :brightness=\"brightness\" :path=\"path\" :video=\"video\" :autoplay=\"autoplay\" :youtube=\"youtube\" :crop=\"crop\" :youtubelabel=\"youtubelabel\" :background=\"background\" media-id=\"desc_media_69f03d83887ff\"><\/lazy-media>\n\t\t\t\t\t\t\t<\/div>\n\n\t\t\t\t\t\t\t<figcaption class=\"sr-only\" ref=\"body\" id=\"desc_media_69f03d83887ff\">\n\t\t\t\t\t\t\t\t\t\t\t<div>Die ehemaligen Mitarbeiterinnen im Palast der Republik Gabriela Braden-Becker, Brigitte Fahlisch, Werner Feierabend und Sigfried Wein im Humboldt Forum im Berliner Schloss am 15. Januar 2025.\nFoto: Stefanie Loos | Stiftung Humboldt Forum im Berliner Schloss<\/div>\n\t\t\t\t\t\t\t\t\t\t\t\t\t\t\t\t\t\t\t\t\t<div class=\"insignificant\">\u00a9 Stiftung Humboldt Forum im Berliner Schloss, Foto: Stefanie Loos<\/div>\n\t\t\t\t\t\t\t\t\t<\/figcaption>\n\t\t\t\t\t<\/figure>\n\t<\/lazy-media-inline>\n\t\t\t\t\t<\/div>\n\t\t\t\t<\/div>\n\t\t\t\t<div class=\"CTA-border-wrapper\">\n\t\t\t\t\t<div class=\"row middle-sm center-xs CTA-border\">\n\t\t\t\t\t\t<div class=\"col-xs-10 col-sm-4 col-sm-offset-5\">\n\t\t\t\t\t\t\t<div class=\"box\">\n\t\t\t\t\t\t\t\t\t\t\t\t\t\t\t\t<div>\n\t\t\t\t\t\t\t\t\t<h3>Haben Sie im Palast der Republik gearbeitet?<\/h3>\n\t\t\t\t\t\t\t\t\t<div class=\"Teaser-copy\">Dann machen Sie mit bei unserer Wette!<\/div>\t\t\t\t\t\t\t\t\t\t\t\t\t\t\t\t\t\t\t<div class=\"Button\" style=\"margin-top: var(--spacing-third)\" ><span>Top, die Wette gilt!<\/span><\/div>\n\t\t\t\t\t\t\t\t\t\t\t\t\t\t\t\t\t<\/div>\n\t\t\t\t\t\t\t<\/div>\n\t\t\t\t\t\t<\/div>\n\t\t\t\t\t<\/div>\n\t\t\t\t<\/div>\n\t\t\t<\/div>\n\t\t<\/a>\n\t<\/div>\n<\/section>\n\n\n\n<section class=\"block block-teaser col-lane \" style=\"\">\n\t<lazy-component :fixed-min-height=\"400\">\n\t\n\t\t\t\t\t<teaser-lane-with-buttons inline-template tracking-label=\"Programm\">\n\t\t\t\t<div class=\"teaser-lane-with-buttons\">\n\t\t\t\t\t<div class=\"container-fluid\">\n\t\t\t\t\t\t<div class=\"row bottom-xs\">\n\t\t\t\t\t\t\t<div class=\"col-xs-12 col-md-8\">\n\t\t\t\t\t\t\t\t\t\t\t\t\t\t\t\t\t<h4>Programm<\/h4>\t\t\t\t\t\t\t\t\t\t\t\t\t\t\t\t\t\t\t\t\t\t\t\t<\/div>\n\t\t\t\t\t\t\t<div class=\"col-xs-12 col-md-4 start-xs end-md margin-bottom-sixth teaser-lane-buttons-wrapper \">\n\t\t\t\t\t\t\t\t\t\t\t\t\t\t\t\t<teaser-lane-buttons :visible_prev=\"visible_prev\" :visible_next=\"visible_next\" @prev=\"prev\" @next=\"next\"><\/teaser-lane-buttons>\n\t\t\t\t\t\t\t<\/div>\n\t\t\t\t\t\t<\/div>\n\t\t\t\t\t<\/div>\n\t\t\t\t\t<div class=\"teaser-lane-wrapper\">\n\t\t\t\t\t\t<ul class=\"teaser-lane\">\n\t\t\t\t\t\t\t\t\t\t\t\t\t\t<li class=\"teaser-lane-slide col-xs-9 col-sm-4 col-md-3 teaser-wrapper col-padding-remove\">\n\t<calendarteaser key=\"1415315153\" rawitem='{&quot;postId&quot;:141531,&quot;title&quot;:&quot;Die Ursonate&quot;,&quot;excerpt&quot;:&quot;&quot;,&quot;slug&quot;:&quot;die-ursonate&quot;,&quot;post_date&quot;:&quot;2024-12-18T09:52&quot;,&quot;type&quot;:&quot;event&quot;,&quot;permalink&quot;:&quot;https:\\\/\\\/www.humboldtforum.org\\\/de\\\/programm\\\/termin\\\/konzert\\\/die-ursonate-141531\\\/&quot;,&quot;genre&quot;:[393],&quot;genre_details&quot;:[{&quot;text&quot;:&quot;Konzert&quot;,&quot;id&quot;:393,&quot;icon&quot;:null,&quot;parent&quot;:0}],&quot;targetgroup&quot;:[383,455],&quot;targetgroup_details&quot;:[{&quot;text&quot;:&quot;Erwachsene&quot;,&quot;id&quot;:383,&quot;icon&quot;:null,&quot;parent&quot;:0},{&quot;text&quot;:&quot;Jugendliche&quot;,&quot;id&quot;:455,&quot;icon&quot;:null,&quot;parent&quot;:0}],&quot;language&quot;:[384],&quot;language_details&quot;:[{&quot;text&quot;:&quot;Deutsch&quot;,&quot;id&quot;:384,&quot;icon&quot;:null,&quot;parent&quot;:0}],&quot;place&quot;:[957],&quot;place_details&quot;:{&quot;place&quot;:&quot;Humboldt Forum&quot;,&quot;map&quot;:&quot;Humboldt Forum, Schlossplatz, Berlin&quot;,&quot;room&quot;:&quot;Foyer&quot;},&quot;icon_overwrite&quot;:&quot;&quot;,&quot;acf&quot;:{&quot;noindex&quot;:false,&quot;keywords&quot;:&quot;&quot;,&quot;hashtag&quot;:&quot;HumboldtForum&quot;,&quot;belongsto&quot;:[141278],&quot;shorturl&quot;:&quot;&quot;,&quot;times&quot;:[],&quot;planning&quot;:{&quot;price&quot;:&quot;kostenfrei&quot;,&quot;admission&quot;:&quot;&quot;,&quot;pause&quot;:&quot;&quot;,&quot;duration&quot;:&quot;&quot;},&quot;subline&quot;:&quot;Thomas Kr\\u00fcger &amp; Anke Lucks F\\u00fcmms B\\u00f6 Brass&quot;,&quot;additional_info&quot;:{&quot;icon&quot;:&quot;0&quot;,&quot;text&quot;:&quot;&quot;},&quot;highlight_header&quot;:false,&quot;featured_images&quot;:[141599],&quot;use_video_in_teasers&quot;:false,&quot;hyphenation&quot;:true,&quot;tipp&quot;:false,&quot;joker&quot;:false,&quot;live&quot;:false,&quot;hide_event_in_program&quot;:false,&quot;gomus_id&quot;:&quot;&quot;,&quot;hm_id&quot;:&quot;&quot;,&quot;tickettext&quot;:&quot;kein Ticket erforderlich&quot;},&quot;date&quot;:{&quot;NX&quot;:null,&quot;NXX&quot;:null,&quot;NLAST&quot;:&quot;202502160900&quot;,&quot;from_DATE&quot;:&quot;20250216 11:00&quot;,&quot;from&quot;:1739696400,&quot;to&quot;:1739696400,&quot;to_DATE&quot;:&quot;20250216 11:00&quot;,&quot;from_HRFSHORT&quot;:&quot;16. Feb 2025&quot;,&quot;from_HRFSHORT_WD&quot;:&quot;So 16.02.2025&quot;,&quot;to_HRFSHORT&quot;:&quot;16. Feb 2025&quot;,&quot;to_HRFSHORT_WD&quot;:&quot;So 16.02.2025&quot;,&quot;from_HRF&quot;:&quot;So, 16. Februar 2025&quot;,&quot;to_HRF&quot;:&quot;So, 16. Februar 2025&quot;,&quot;from_to_HRF&quot;:&quot;So, 16. Februar \\u2013 So, 16. Februar 2025&quot;,&quot;from_to_HRFSHORT&quot;:&quot;16. Feb \\u2013 16. Feb 2025&quot;},&quot;alert&quot;:null,&quot;partof&quot;:[],&quot;marketing_topic&quot;:{&quot;title&quot;:&quot;Auf Wiedersehen, Palast&quot;,&quot;ID&quot;:141278,&quot;reason&quot;:&quot;belongsto&quot;}}' inline-template>\n\t<a href=\"https:\/\/www.humboldtforum.org\/de\/programm\/termin\/konzert\/die-ursonate-141531\/\" class=\"teaser teaser-event teaser-event-standard\">\n\t\t<div class=\"row\">\n\t\t\t<div class=\"col-xs-12 teaser-event-image\">\n\t\t\t\t<div class=\"teaser-image teaser-image-no-alternate\">\n\t\t\t\t\t\t\t\t\t\t\t\n\t<lazy-media-inline inline-template>\n\t\t<figure itemscope itemtype=\"http:\/\/schema.org\/ImageObject\" class=\"lazy-media-inline \" role=\"group\" id=\"media_69f03d83e1677\" aria-labelledby=\"desc_media_69f03d83e1677\">\n\t\t\t<script type=\"application\/json\" ref=\"data\">\n\t\t\t\t{\n\t\t\t\t\"sizes\" : {\"medium\":{\"file\":\"SHF_eb00237733-300x200.jpg\",\"width\":300,\"height\":200,\"mime-type\":\"image\\\/jpeg\",\"filesize\":14248},\"large\":{\"file\":\"SHF_eb00237733-1024x683.jpg\",\"width\":1024,\"height\":683,\"mime-type\":\"image\\\/jpeg\",\"filesize\":89038},\"thumbnail\":{\"file\":\"SHF_eb00237733-150x150.jpg\",\"width\":150,\"height\":150,\"mime-type\":\"image\\\/jpeg\",\"filesize\":6300},\"medium_large\":{\"file\":\"SHF_eb00237733-768x512.jpg\",\"width\":768,\"height\":512,\"mime-type\":\"image\\\/jpeg\",\"filesize\":57107},\"small\":{\"file\":\"SHF_eb00237733-440x293.jpg\",\"width\":440,\"height\":293,\"mime-type\":\"image\\\/jpeg\",\"filesize\":25225},\"semi\":{\"file\":\"SHF_eb00237733-580x387.jpg\",\"width\":580,\"height\":387,\"mime-type\":\"image\\\/jpeg\",\"filesize\":37969},\"mobile\":{\"file\":\"SHF_eb00237733-720x480.jpg\",\"width\":720,\"height\":480,\"mime-type\":\"image\\\/jpeg\",\"filesize\":52006},\"hd\":{\"file\":\"SHF_eb00237733-1280x854.jpg\",\"width\":1280,\"height\":854,\"mime-type\":\"image\\\/jpeg\",\"filesize\":126914},\"full\":{\"file\":\"SHF_eb00237733-1920x1280.jpg\",\"width\":1920,\"height\":1280,\"mime-type\":\"image\\\/jpeg\",\"filesize\":247998},\"1536x1536\":{\"file\":\"SHF_eb00237733-1536x1024.jpg\",\"width\":1536,\"height\":1024,\"mime-type\":\"image\\\/jpeg\",\"filesize\":170399},\"2048x2048\":{\"file\":\"SHF_eb00237733-2048x1366.jpg\",\"width\":2048,\"height\":1366,\"mime-type\":\"image\\\/jpeg\",\"filesize\":277412},\"original\":{\"file\":\"SHF_eb00237733.jpg\",\"width\":2500,\"height\":1667}},\n\t\t\t\t\"alt\" : \"Zwei Musiker auf der B\\u00fchne: einer spielt Posaune, der andere singt leidenschaftlich. Im Hintergrund dunkel, Instrumente sichtbar.\",\n\t\t\t\t\"path\" : \"\\\/wp-content\\\/uploads\\\/2024\\\/12\\\/\",\n\t\t\t\t\"video\" : null,\n\t\t\t\t\"autoplay\" : null,\n\t\t\t\t\"youtube\" : null,\n\t\t\t\t\"youtubelabel\" : \"Video abspielen\",\n\t\t\t\t\"brightness\" : 100,\n\t\t\t\t\"crop\" : {\"top\":\"17.86\",\"left\":\"49.93\"},\n\t\t\t\t\"background\" : true,\n\t\t\t\t\"scale\" : 2\t\t\t\t}\n\t\t\t<\/script>\n\n\t\t\t<div class=\"height-container\" style=\"padding-bottom:66.68%;\" v-if=\"sizes\">\n\t\t\t\t\t\t\t\t<lazy-media :inline=\"true\" :alt=\"alt\" :sizes=\"sizes\" :scale=\"scale\" :brightness=\"brightness\" :path=\"path\" :video=\"video\" :autoplay=\"autoplay\" :youtube=\"youtube\" :crop=\"crop\" :youtubelabel=\"youtubelabel\" :background=\"background\" media-id=\"desc_media_69f03d83e1677\"><\/lazy-media>\n\t\t\t\t\t\t\t<\/div>\n\n\t\t\t\t\t\t\t<figcaption class=\"sr-only\" ref=\"body\" id=\"desc_media_69f03d83e1677\">\n\t\t\t\t\t\t\t\t\t\t\t<div>Auff&uuml;hrung der &quot;Ursonate&quot; von Kurt Schwitters in der Version von Thomas Kr&uuml;ger &amp; Anke Lucks F&uuml;mms B&ouml; Brass<\/div>\n\t\t\t\t\t\t\t\t\t\t\t\t\t\t\t\t\t\t\t\t\t<div class=\"insignificant\">\u00a9 Sergei Gavrylov<\/div>\n\t\t\t\t\t\t\t\t\t<\/figcaption>\n\t\t\t\t\t<\/figure>\n\t<\/lazy-media-inline>\n\t\t\t\t<\/div>\n\t\t\t<\/div>\n\t\t\t<div class=\"col-xs-12 teaser-event-text Infos\">\n\t\t\t\t<div class=\"teaser-event-standard-text\">\n\t\t\t\t\t<div class=\"margin-bottom-atom\">\n\t\t\t\t\t\t<div class=\"subline clamp-1\" v-html=\"maingenre\"><\/div>\n\t\t\t\t\t\t\t\t\t\t\t\t\t<div class=\"insignificant clamp-2\">Auf Wiedersehen, Palast<\/div>\n\t\t\t\t\t\t\t\t\t\t\t<\/div>\n\t\t\t\t\n\t\t\t\t\t<strong class=\"margin-bottom-atom\">Die Ursonate<\/strong>\n\n\t\t\t\t\t\t\t\t\t\t\t<div class=\"\">Thomas Kr\u00fcger &#038; Anke Lucks F\u00fcmms B\u00f6 Brass<\/div>\n\t\t\t\t\t\t\t\t\t<\/div>\n\t\t\t\t<div class=\"teaser-bottom border-bottom\">\n\t\t\t\t<calendardateline :rawitem='item' :show-icon=\"true\"><\/calendardateline>\n\t\t\t\t\t<hr>\n\t\t\t\t<\/div>\n\t\t\t<\/div>\n\t\t<\/div>\n\t<\/a>\n\t<\/calendarteaser>\n<\/li>\n\n<li class=\"teaser-lane-slide col-xs-9 col-sm-4 col-md-3 teaser-wrapper col-padding-remove\">\n\t<calendarteaser key=\"1418859494\" rawitem='{&quot;postId&quot;:141885,&quot;title&quot;:&quot;Kuba Orangen&quot;,&quot;excerpt&quot;:&quot;&quot;,&quot;slug&quot;:&quot;kuba-orangen&quot;,&quot;post_date&quot;:&quot;2025-01-08T15:33&quot;,&quot;type&quot;:&quot;event&quot;,&quot;permalink&quot;:&quot;https:\\\/\\\/www.humboldtforum.org\\\/de\\\/programm\\\/termin\\\/performance-en\\\/kuba-orangen-141885\\\/&quot;,&quot;genre&quot;:[1028],&quot;genre_details&quot;:[{&quot;text&quot;:&quot;Performance&quot;,&quot;id&quot;:1028,&quot;icon&quot;:null,&quot;parent&quot;:0}],&quot;stakeholder&quot;:[382,595],&quot;stakeholder_details&quot;:[{&quot;text&quot;:&quot;Stiftung Humboldt Forum im Berliner Schloss&quot;,&quot;id&quot;:382,&quot;icon&quot;:null,&quot;parent&quot;:0},{&quot;text&quot;:&quot;Stiftung Humboldt Forum im Berliner Schloss&quot;,&quot;id&quot;:595,&quot;icon&quot;:null,&quot;parent&quot;:0}],&quot;targetgroup&quot;:[383,455],&quot;targetgroup_details&quot;:[{&quot;text&quot;:&quot;Erwachsene&quot;,&quot;id&quot;:383,&quot;icon&quot;:null,&quot;parent&quot;:0},{&quot;text&quot;:&quot;Jugendliche&quot;,&quot;id&quot;:455,&quot;icon&quot;:null,&quot;parent&quot;:0}],&quot;language&quot;:[384,579],&quot;language_details&quot;:[{&quot;text&quot;:&quot;Deutsch&quot;,&quot;id&quot;:384,&quot;icon&quot;:null,&quot;parent&quot;:0},{&quot;text&quot;:&quot;German&quot;,&quot;id&quot;:579,&quot;icon&quot;:null,&quot;parent&quot;:0}],&quot;place&quot;:[884,1179],&quot;place_details&quot;:{&quot;place&quot;:&quot;Humboldt Forum&quot;,&quot;map&quot;:&quot;Humboldt Forum, Schlossplatz, Berlin&quot;,&quot;room&quot;:&quot;Ground Floor, Hall 2, Saal 1, EG&quot;},&quot;icon_overwrite&quot;:&quot;&quot;,&quot;acf&quot;:{&quot;noindex&quot;:false,&quot;keywords&quot;:&quot;&quot;,&quot;hashtag&quot;:&quot;HumboldtForum&quot;,&quot;belongsto&quot;:[141278,116558],&quot;shorturl&quot;:&quot;&quot;,&quot;times&quot;:[],&quot;planning&quot;:{&quot;price&quot;:&quot;8 EUR, erm\\u00e4\\u00dfigt 4 EUR&quot;,&quot;admission&quot;:&quot;&quot;,&quot;pause&quot;:&quot;&quot;,&quot;duration&quot;:&quot;&quot;},&quot;additional_info&quot;:{&quot;icon&quot;:&quot;icon-sprachen&quot;,&quot;text&quot;:&quot;Mit spanischen Untertiteln&quot;},&quot;highlight_header&quot;:false,&quot;use_video_in_teasers&quot;:false,&quot;hyphenation&quot;:true,&quot;tipp&quot;:false,&quot;joker&quot;:false,&quot;live&quot;:false,&quot;hide_event_in_program&quot;:false,&quot;gomus_id&quot;:&quot;&quot;,&quot;hm_id&quot;:&quot;&quot;,&quot;featured_images&quot;:[142019],&quot;tickettext&quot;:&quot;Bitte buchen Sie Ihr Ticket vorab online oder an der Kasse im Foyer. Einlass ab 20 Minuten vor Vorstellungsbeginn.&quot;,&quot;subline&quot;:&quot;zwischen dir und mir&quot;,&quot;infotext&quot;:&quot;Am 15.02. Nachgespr\\u00e4ch mit der Regisseurin Viviana Medina im Anschluss an die Vorstellung.&quot;},&quot;date&quot;:{&quot;NX&quot;:null,&quot;NXX&quot;:null,&quot;NLAST&quot;:&quot;202502161400&quot;,&quot;from_DATE&quot;:&quot;20250214 19:00&quot;,&quot;from&quot;:1739552400,&quot;to&quot;:1739714400,&quot;to_DATE&quot;:&quot;20250216 16:00&quot;,&quot;from_HRFSHORT&quot;:&quot;14. Feb 2025&quot;,&quot;from_HRFSHORT_WD&quot;:&quot;Fr 14.02.2025&quot;,&quot;to_HRFSHORT&quot;:&quot;16. Feb 2025&quot;,&quot;to_HRFSHORT_WD&quot;:&quot;So 16.02.2025&quot;,&quot;from_HRF&quot;:&quot;Fr, 14. Februar 2025&quot;,&quot;to_HRF&quot;:&quot;So, 16. Februar 2025&quot;,&quot;from_to_HRF&quot;:&quot;Fr, 14. Februar \\u2013 So, 16. Februar 2025&quot;,&quot;from_to_HRFSHORT&quot;:&quot;14. Feb \\u2013 16. Feb 2025&quot;},&quot;alert&quot;:null,&quot;partof&quot;:[],&quot;marketing_topic&quot;:{&quot;title&quot;:&quot;Auf Wiedersehen, Palast&quot;,&quot;ID&quot;:141278,&quot;reason&quot;:&quot;belongsto&quot;}}' inline-template>\n\t<a href=\"https:\/\/www.humboldtforum.org\/de\/programm\/termin\/performance-en\/kuba-orangen-141885\/\" class=\"teaser teaser-event teaser-event-standard\">\n\t\t<div class=\"row\">\n\t\t\t<div class=\"col-xs-12 teaser-event-image\">\n\t\t\t\t<div class=\"teaser-image teaser-image-no-alternate\">\n\t\t\t\t\t\t\t\t\t\t\t\n\t<lazy-media-inline inline-template>\n\t\t<figure itemscope itemtype=\"http:\/\/schema.org\/ImageObject\" class=\"lazy-media-inline \" role=\"group\" id=\"media_69f03d83e2416\" aria-labelledby=\"desc_media_69f03d83e2416\">\n\t\t\t<script type=\"application\/json\" ref=\"data\">\n\t\t\t\t{\n\t\t\t\t\"sizes\" : {\"medium\":{\"file\":\"SHF_eb00235365-1-300x148.jpg\",\"width\":300,\"height\":148,\"mime-type\":\"image\\\/jpeg\",\"filesize\":9367},\"large\":{\"file\":\"SHF_eb00235365-1-1024x505.jpg\",\"width\":1024,\"height\":505,\"mime-type\":\"image\\\/jpeg\",\"filesize\":72960},\"thumbnail\":{\"file\":\"SHF_eb00235365-1-150x150.jpg\",\"width\":150,\"height\":150,\"mime-type\":\"image\\\/jpeg\",\"filesize\":5249},\"medium_large\":{\"file\":\"SHF_eb00235365-1-768x379.jpg\",\"width\":768,\"height\":379,\"mime-type\":\"image\\\/jpeg\",\"filesize\":44126},\"small\":{\"file\":\"SHF_eb00235365-1-440x217.jpg\",\"width\":440,\"height\":217,\"mime-type\":\"image\\\/jpeg\",\"filesize\":17052},\"semi\":{\"file\":\"SHF_eb00235365-1-580x286.jpg\",\"width\":580,\"height\":286,\"mime-type\":\"image\\\/jpeg\",\"filesize\":26928},\"mobile\":{\"file\":\"SHF_eb00235365-1-720x355.jpg\",\"width\":720,\"height\":355,\"mime-type\":\"image\\\/jpeg\",\"filesize\":39038},\"hd\":{\"file\":\"SHF_eb00235365-1-1280x631.jpg\",\"width\":1280,\"height\":631,\"mime-type\":\"image\\\/jpeg\",\"filesize\":109160},\"original\":{\"file\":\"SHF_eb00235365-1.jpg\",\"width\":1500,\"height\":740}},\n\t\t\t\t\"alt\" : \"Ein einfach gestalteter Raum mit Tisch, St\\u00fchlen, Fenstern und Fotografien an der Wand.\",\n\t\t\t\t\"path\" : \"\\\/wp-content\\\/uploads\\\/2025\\\/01\\\/\",\n\t\t\t\t\"video\" : null,\n\t\t\t\t\"autoplay\" : null,\n\t\t\t\t\"youtube\" : null,\n\t\t\t\t\"youtubelabel\" : \"Video abspielen\",\n\t\t\t\t\"brightness\" : 100,\n\t\t\t\t\"crop\" : null,\n\t\t\t\t\"background\" : true,\n\t\t\t\t\"scale\" : 2\t\t\t\t}\n\t\t\t<\/script>\n\n\t\t\t<div class=\"height-container\" style=\"padding-bottom:49.333333333333%;\" v-if=\"sizes\">\n\t\t\t\t\t\t\t\t<lazy-media :inline=\"true\" :alt=\"alt\" :sizes=\"sizes\" :scale=\"scale\" :brightness=\"brightness\" :path=\"path\" :video=\"video\" :autoplay=\"autoplay\" :youtube=\"youtube\" :crop=\"crop\" :youtubelabel=\"youtubelabel\" :background=\"background\" media-id=\"desc_media_69f03d83e2416\"><\/lazy-media>\n\t\t\t\t\t\t\t<\/div>\n\n\t\t\t\t\t\t\t<figcaption class=\"sr-only\" ref=\"body\" id=\"desc_media_69f03d83e2416\">\n\t\t\t\t\t\t\t\t\t\t\t\t\t\t\t\t<div>Die Installation &quot;Kuba Orangen&quot; von Viviana Medina <\/div>\n\t\t\t\t\t\t\t\t\t\t\t\t\t\t\t\t<div class=\"insignificant\">\u00a9 Falk Wenzel<\/div>\n\t\t\t\t\t\t\t\t\t<\/figcaption>\n\t\t\t\t\t<\/figure>\n\t<\/lazy-media-inline>\n\t\t\t\t<\/div>\n\t\t\t<\/div>\n\t\t\t<div class=\"col-xs-12 teaser-event-text Infos\">\n\t\t\t\t<div class=\"teaser-event-standard-text\">\n\t\t\t\t\t<div class=\"margin-bottom-atom\">\n\t\t\t\t\t\t<div class=\"subline clamp-1\" v-html=\"maingenre\"><\/div>\n\t\t\t\t\t\t\t\t\t\t\t\t\t<div class=\"insignificant clamp-2\">Auf Wiedersehen, Palast<\/div>\n\t\t\t\t\t\t\t\t\t\t\t<\/div>\n\t\t\t\t\n\t\t\t\t\t<strong class=\"margin-bottom-atom\">Kuba Orangen<\/strong>\n\n\t\t\t\t\t\t\t\t\t\t\t<div class=\"\">zwischen dir und mir<\/div>\n\t\t\t\t\t\t\t\t\t<\/div>\n\t\t\t\t<div class=\"teaser-bottom border-bottom\">\n\t\t\t\t<calendardateline :rawitem='item' :show-icon=\"true\"><\/calendardateline>\n\t\t\t\t\t<hr>\n\t\t\t\t<\/div>\n\t\t\t<\/div>\n\t\t<\/div>\n\t<\/a>\n\t<\/calendarteaser>\n<\/li>\n\n<li class=\"teaser-lane-slide col-xs-9 col-sm-4 col-md-3 teaser-wrapper col-padding-remove\">\n\t<calendarteaser key=\"14255413277\" rawitem='{&quot;postId&quot;:142554,&quot;title&quot;:&quot;Zerfallene Geschichte&quot;,&quot;excerpt&quot;:&quot;&quot;,&quot;slug&quot;:&quot;zerfallene-geschichte&quot;,&quot;post_date&quot;:&quot;2025-01-22T12:16&quot;,&quot;type&quot;:&quot;event&quot;,&quot;permalink&quot;:&quot;https:\\\/\\\/www.humboldtforum.org\\\/de\\\/programm\\\/termin\\\/gespraech\\\/zerfallene-geschichte-142554\\\/&quot;,&quot;genre&quot;:[1078],&quot;genre_details&quot;:[{&quot;text&quot;:&quot;Gespr\\u00e4ch&quot;,&quot;id&quot;:1078,&quot;icon&quot;:null,&quot;parent&quot;:0}],&quot;stakeholder&quot;:[382],&quot;stakeholder_details&quot;:[{&quot;text&quot;:&quot;Stiftung Humboldt Forum im Berliner Schloss&quot;,&quot;id&quot;:382,&quot;icon&quot;:null,&quot;parent&quot;:0}],&quot;language&quot;:[384],&quot;language_details&quot;:[{&quot;text&quot;:&quot;Deutsch&quot;,&quot;id&quot;:384,&quot;icon&quot;:null,&quot;parent&quot;:0}],&quot;place&quot;:[957],&quot;place_details&quot;:{&quot;place&quot;:&quot;Humboldt Forum&quot;,&quot;map&quot;:&quot;Humboldt Forum, Schlossplatz, Berlin&quot;,&quot;room&quot;:&quot;Foyer&quot;},&quot;icon_overwrite&quot;:&quot;&quot;,&quot;acf&quot;:{&quot;noindex&quot;:false,&quot;keywords&quot;:&quot;&quot;,&quot;hashtag&quot;:&quot;HumboldtForum&quot;,&quot;belongsto&quot;:[141278],&quot;shorturl&quot;:&quot;&quot;,&quot;times&quot;:[],&quot;planning&quot;:{&quot;price&quot;:&quot;kostenfrei&quot;,&quot;admission&quot;:&quot;&quot;,&quot;pause&quot;:&quot;&quot;,&quot;duration&quot;:&quot;&quot;},&quot;subline&quot;:&quot;DDR-Orte im Wandel&quot;,&quot;additional_info&quot;:{&quot;icon&quot;:&quot;0&quot;,&quot;text&quot;:&quot;&quot;},&quot;highlight_header&quot;:false,&quot;use_video_in_teasers&quot;:false,&quot;hyphenation&quot;:true,&quot;tipp&quot;:false,&quot;joker&quot;:false,&quot;live&quot;:false,&quot;hide_event_in_program&quot;:false,&quot;gomus_id&quot;:&quot;&quot;,&quot;featured_images&quot;:[142556],&quot;hm_id&quot;:&quot;&quot;},&quot;date&quot;:{&quot;NX&quot;:null,&quot;NXX&quot;:null,&quot;NLAST&quot;:&quot;202502151100&quot;,&quot;from_DATE&quot;:&quot;20250215 11:00&quot;,&quot;from&quot;:1739610000,&quot;to&quot;:1739617200,&quot;to_DATE&quot;:&quot;20250215 13:00&quot;,&quot;from_HRFSHORT&quot;:&quot;15. Feb 2025&quot;,&quot;from_HRFSHORT_WD&quot;:&quot;Sa 15.02.2025&quot;,&quot;to_HRFSHORT&quot;:&quot;15. Feb 2025&quot;,&quot;to_HRFSHORT_WD&quot;:&quot;Sa 15.02.2025&quot;,&quot;from_HRF&quot;:&quot;Sa, 15. Februar 2025&quot;,&quot;to_HRF&quot;:&quot;Sa, 15. Februar 2025&quot;,&quot;from_to_HRF&quot;:&quot;Sa, 15. Februar \\u2013 Sa, 15. Februar 2025&quot;,&quot;from_to_HRFSHORT&quot;:&quot;15. Feb \\u2013 15. Feb 2025&quot;},&quot;alert&quot;:null,&quot;partof&quot;:[],&quot;marketing_topic&quot;:{&quot;title&quot;:&quot;Auf Wiedersehen, Palast&quot;,&quot;ID&quot;:141278,&quot;reason&quot;:&quot;belongsto&quot;}}' inline-template>\n\t<a href=\"https:\/\/www.humboldtforum.org\/de\/programm\/termin\/gespraech\/zerfallene-geschichte-142554\/\" class=\"teaser teaser-event teaser-event-standard\">\n\t\t<div class=\"row\">\n\t\t\t<div class=\"col-xs-12 teaser-event-image\">\n\t\t\t\t<div class=\"teaser-image teaser-image-no-alternate\">\n\t\t\t\t\t\t\t\t\t\t\t\n\t<lazy-media-inline inline-template>\n\t\t<figure itemscope itemtype=\"http:\/\/schema.org\/ImageObject\" class=\"lazy-media-inline \" role=\"group\" id=\"media_69f03d83e312f\" aria-labelledby=\"desc_media_69f03d83e312f\">\n\t\t\t<script type=\"application\/json\" ref=\"data\">\n\t\t\t\t{\n\t\t\t\t\"sizes\" : {\"medium\":{\"file\":\"SHF_eb00230929-212x300.jpg\",\"width\":212,\"height\":300,\"mime-type\":\"image\\\/jpeg\",\"filesize\":11624},\"large\":{\"file\":\"SHF_eb00230929-724x1024.jpg\",\"width\":724,\"height\":1024,\"mime-type\":\"image\\\/jpeg\",\"filesize\":62931},\"thumbnail\":{\"file\":\"SHF_eb00230929-150x150.jpg\",\"width\":150,\"height\":150,\"mime-type\":\"image\\\/jpeg\",\"filesize\":5246},\"medium_large\":{\"file\":\"SHF_eb00230929-768x1086.jpg\",\"width\":768,\"height\":1086,\"mime-type\":\"image\\\/jpeg\",\"filesize\":68771},\"small\":{\"file\":\"SHF_eb00230929-311x440.jpg\",\"width\":311,\"height\":440,\"mime-type\":\"image\\\/jpeg\",\"filesize\":20250},\"semi\":{\"file\":\"SHF_eb00230929-410x580.jpg\",\"width\":410,\"height\":580,\"mime-type\":\"image\\\/jpeg\",\"filesize\":29578},\"mobile\":{\"file\":\"SHF_eb00230929-509x720.jpg\",\"width\":509,\"height\":720,\"mime-type\":\"image\\\/jpeg\",\"filesize\":39107},\"hd\":{\"file\":\"SHF_eb00230929-905x1280.jpg\",\"width\":905,\"height\":1280,\"mime-type\":\"image\\\/jpeg\",\"filesize\":86477},\"full\":{\"file\":\"SHF_eb00230929-1358x1920.jpg\",\"width\":1358,\"height\":1920,\"mime-type\":\"image\\\/jpeg\",\"filesize\":156029},\"1536x1536\":{\"file\":\"SHF_eb00230929-1086x1536.jpg\",\"width\":1086,\"height\":1536,\"mime-type\":\"image\\\/jpeg\",\"filesize\":112496},\"2048x2048\":{\"file\":\"SHF_eb00230929-1448x2048.jpg\",\"width\":1448,\"height\":2048,\"mime-type\":\"image\\\/jpeg\",\"filesize\":170687},\"original\":{\"file\":\"SHF_eb00230929.jpg\",\"width\":2263,\"height\":3200}},\n\t\t\t\t\"alt\" : \"Skizze eines Geb\\u00e4udes mit Beinen und dem Text \\\"Ich bin zum Tagungszentrum mutiert\\\" neben \\\"Ehemaliger Palast\\\".\",\n\t\t\t\t\"path\" : \"\\\/wp-content\\\/uploads\\\/2025\\\/01\\\/\",\n\t\t\t\t\"video\" : null,\n\t\t\t\t\"autoplay\" : null,\n\t\t\t\t\"youtube\" : null,\n\t\t\t\t\"youtubelabel\" : \"Video abspielen\",\n\t\t\t\t\"brightness\" : 100,\n\t\t\t\t\"crop\" : {\"top\":\"26.91\",\"left\":\"48.82\"},\n\t\t\t\t\"background\" : true,\n\t\t\t\t\"scale\" : 2\t\t\t\t}\n\t\t\t<\/script>\n\n\t\t\t<div class=\"height-container\" style=\"padding-bottom:141.40521431728%;\" v-if=\"sizes\">\n\t\t\t\t\t\t\t\t<lazy-media :inline=\"true\" :alt=\"alt\" :sizes=\"sizes\" :scale=\"scale\" :brightness=\"brightness\" :path=\"path\" :video=\"video\" :autoplay=\"autoplay\" :youtube=\"youtube\" :crop=\"crop\" :youtubelabel=\"youtubelabel\" :background=\"background\" media-id=\"desc_media_69f03d83e312f\"><\/lazy-media>\n\t\t\t\t\t\t\t<\/div>\n\n\t\t\t\t\t\t\t<figcaption class=\"sr-only\" ref=\"body\" id=\"desc_media_69f03d83e312f\">\n\t\t\t\t\t\t\t\t\t\t\t\t\t\t\t\t\t\t\t\t\t<div class=\"insignificant\">\u00a9 graphicrecording.cool (Johanna Benz, Tiziana Beck) \/ Stiftung Humboldt Forum im Berliner Schloss\r\n<\/div>\n\t\t\t\t\t\t\t\t\t<\/figcaption>\n\t\t\t\t\t<\/figure>\n\t<\/lazy-media-inline>\n\t\t\t\t<\/div>\n\t\t\t<\/div>\n\t\t\t<div class=\"col-xs-12 teaser-event-text Infos\">\n\t\t\t\t<div class=\"teaser-event-standard-text\">\n\t\t\t\t\t<div class=\"margin-bottom-atom\">\n\t\t\t\t\t\t<div class=\"subline clamp-1\" v-html=\"maingenre\"><\/div>\n\t\t\t\t\t\t\t\t\t\t\t\t\t<div class=\"insignificant clamp-2\">Auf Wiedersehen, Palast<\/div>\n\t\t\t\t\t\t\t\t\t\t\t<\/div>\n\t\t\t\t\n\t\t\t\t\t<strong class=\"margin-bottom-atom\">Zerfallene Geschichte<\/strong>\n\n\t\t\t\t\t\t\t\t\t\t\t<div class=\"\">DDR-Orte im Wandel<\/div>\n\t\t\t\t\t\t\t\t\t<\/div>\n\t\t\t\t<div class=\"teaser-bottom border-bottom\">\n\t\t\t\t<calendardateline :rawitem='item' :show-icon=\"true\"><\/calendardateline>\n\t\t\t\t\t<hr>\n\t\t\t\t<\/div>\n\t\t\t<\/div>\n\t\t<\/div>\n\t<\/a>\n\t<\/calendarteaser>\n<\/li>\n\n<li class=\"teaser-lane-slide col-xs-9 col-sm-4 col-md-3 teaser-wrapper col-padding-remove\">\n\t<calendarteaser key=\"366327902\" rawitem='{&quot;postId&quot;:36632,&quot;title&quot;:&quot;Bunte Pal\\u00e4ste&quot;,&quot;excerpt&quot;:&quot;&quot;,&quot;slug&quot;:&quot;bunte-palaeste&quot;,&quot;post_date&quot;:&quot;2022-01-14T12:33&quot;,&quot;type&quot;:&quot;event&quot;,&quot;permalink&quot;:&quot;https:\\\/\\\/www.humboldtforum.org\\\/de\\\/programm\\\/termin\\\/drop-in\\\/bunte-palaeste-36632\\\/&quot;,&quot;genre&quot;:[839],&quot;genre_details&quot;:[{&quot;text&quot;:&quot;Drop-In&quot;,&quot;id&quot;:839,&quot;icon&quot;:null,&quot;parent&quot;:0}],&quot;topic&quot;:[431],&quot;topic_details&quot;:[{&quot;text&quot;:&quot;Geschichte und Architektur des Ortes&quot;,&quot;id&quot;:431,&quot;icon&quot;:null,&quot;parent&quot;:0}],&quot;stakeholder&quot;:[382],&quot;stakeholder_details&quot;:[{&quot;text&quot;:&quot;Stiftung Humboldt Forum im Berliner Schloss&quot;,&quot;id&quot;:382,&quot;icon&quot;:null,&quot;parent&quot;:0}],&quot;targetgroup&quot;:[454],&quot;targetgroup_details&quot;:[{&quot;text&quot;:&quot;Kinder und Familien&quot;,&quot;id&quot;:454,&quot;icon&quot;:null,&quot;parent&quot;:0}],&quot;language&quot;:[384,385],&quot;language_details&quot;:[{&quot;text&quot;:&quot;Deutsch&quot;,&quot;id&quot;:384,&quot;icon&quot;:null,&quot;parent&quot;:0},{&quot;text&quot;:&quot;Englisch&quot;,&quot;id&quot;:385,&quot;icon&quot;:null,&quot;parent&quot;:0}],&quot;place&quot;:[1677,1034],&quot;place_details&quot;:{&quot;place&quot;:&quot;Werkraum 2, 1. OG&quot;,&quot;map&quot;:&quot;Humboldt Forum, Schlossplatz, Berlin&quot;,&quot;room&quot;:&quot;Werkr\\u00e4ume, 1. OG&quot;},&quot;icon_overwrite&quot;:&quot;&quot;,&quot;acf&quot;:{&quot;noindex&quot;:false,&quot;keywords&quot;:&quot;&quot;,&quot;hashtag&quot;:&quot;HumboldtForum&quot;,&quot;shorturl&quot;:&quot;&quot;,&quot;times&quot;:[{&quot;start&quot;:&quot;20260516 14:00&quot;,&quot;end&quot;:&quot;17:00&quot;,&quot;status&quot;:&quot;JOIN&quot;,&quot;info&quot;:&quot;kostenfrei&quot;,&quot;shop&quot;:&quot;&quot;,&quot;i&quot;:2,&quot;start_hour&quot;:&quot;14:00&quot;,&quot;start_HRF&quot;:&quot;Sa, 16. Mai 2026&quot;,&quot;_date&quot;:{&quot;date&quot;:&quot;2026-05-16 17:00:00.000000&quot;,&quot;timezone_type&quot;:3,&quot;timezone&quot;:&quot;Europe\\\/Berlin&quot;},&quot;_fromdate&quot;:&quot;20260516 14:00&quot;,&quot;start_TS&quot;:1778932800,&quot;start_HRFSHORT&quot;:&quot;16.05.26&quot;,&quot;start_HRFSHORT_WD&quot;:&quot;Sa 16.05.2026&quot;,&quot;end_TS&quot;:1778943600,&quot;can_purchase&quot;:false}],&quot;planning&quot;:{&quot;price&quot;:&quot;kostenfrei&quot;,&quot;admission&quot;:&quot;&quot;,&quot;pause&quot;:&quot;&quot;,&quot;duration&quot;:&quot;&quot;},&quot;marketing_text&quot;:&quot;Drop-In f\\u00fcr Kinder &amp; Familien&quot;,&quot;additional_info&quot;:{&quot;icon&quot;:&quot;icon-alterfreigabe&quot;,&quot;text&quot;:&quot;3 bis 103 Jahre&quot;},&quot;highlight_header&quot;:false,&quot;featured_images&quot;:[133039],&quot;use_video_in_teasers&quot;:false,&quot;hyphenation&quot;:false,&quot;tipp&quot;:false,&quot;joker&quot;:false,&quot;live&quot;:false,&quot;hide_event_in_program&quot;:false,&quot;belongsto&quot;:false,&quot;tickettext&quot;:&quot;Eine Ticketbuchung vorab ist nicht notwendig. Kommen Sie gerne direkt in die Werkr\\u00e4ume im 1. OG.&quot;,&quot;gomus_id&quot;:&quot;&quot;,&quot;hm_id&quot;:&quot;&quot;},&quot;date&quot;:{&quot;NX&quot;:&quot;20260516&quot;,&quot;NXX&quot;:&quot;202605161400&quot;,&quot;NLAST&quot;:&quot;202605161100&quot;,&quot;from_DATE&quot;:&quot;20260321 14:00&quot;,&quot;from&quot;:1774094400,&quot;to&quot;:1778929200,&quot;to_DATE&quot;:&quot;20260516 14:00&quot;,&quot;from_HRFSHORT&quot;:&quot;21. M\\u00e4r 2026&quot;,&quot;from_HRFSHORT_WD&quot;:&quot;Sa 21.03.2026&quot;,&quot;to_HRFSHORT&quot;:&quot;16. Mai 2026&quot;,&quot;to_HRFSHORT_WD&quot;:&quot;Sa 16.05.2026&quot;,&quot;from_HRF&quot;:&quot;Sa, 21. M\\u00e4rz 2026&quot;,&quot;to_HRF&quot;:&quot;Sa, 16. Mai 2026&quot;,&quot;from_to_HRF&quot;:&quot;Sa, 21. M\\u00e4rz \\u2013 Sa, 16. Mai 2026&quot;,&quot;from_to_HRFSHORT&quot;:&quot;21. M\\u00e4r \\u2013 16. Mai 2026&quot;},&quot;alert&quot;:null,&quot;partof&quot;:[],&quot;marketing_topic&quot;:{&quot;title&quot;:&quot;Geschichte und Architektur des Ortes&quot;,&quot;0&quot;:&quot;topic&quot;}}' inline-template>\n\t<a href=\"https:\/\/www.humboldtforum.org\/de\/programm\/termin\/drop-in\/bunte-palaeste-36632\/\" class=\"teaser teaser-event teaser-event-standard\">\n\t\t<div class=\"row\">\n\t\t\t<div class=\"col-xs-12 teaser-event-image\">\n\t\t\t\t<div class=\"teaser-image teaser-image-no-alternate\">\n\t\t\t\t\t\t\t\t\t\t\t\n\t<lazy-media-inline inline-template>\n\t\t<figure itemscope itemtype=\"http:\/\/schema.org\/ImageObject\" class=\"lazy-media-inline \" role=\"group\" id=\"media_69f03d83e401d\" aria-labelledby=\"desc_media_69f03d83e401d\">\n\t\t\t<script type=\"application\/json\" ref=\"data\">\n\t\t\t\t{\n\t\t\t\t\"sizes\" : {\"medium\":{\"file\":\"SHF_eb00226162-300x200.jpg\",\"width\":300,\"height\":200,\"mime-type\":\"image\\\/jpeg\",\"filesize\":14332},\"large\":{\"file\":\"SHF_eb00226162-1024x683.jpg\",\"width\":1024,\"height\":683,\"mime-type\":\"image\\\/jpeg\",\"filesize\":91792},\"thumbnail\":{\"file\":\"SHF_eb00226162-150x150.jpg\",\"width\":150,\"height\":150,\"mime-type\":\"image\\\/jpeg\",\"filesize\":6909},\"medium_large\":{\"file\":\"SHF_eb00226162-768x512.jpg\",\"width\":768,\"height\":512,\"mime-type\":\"image\\\/jpeg\",\"filesize\":58542},\"small\":{\"file\":\"SHF_eb00226162-440x293.jpg\",\"width\":440,\"height\":293,\"mime-type\":\"image\\\/jpeg\",\"filesize\":25360},\"semi\":{\"file\":\"SHF_eb00226162-580x387.jpg\",\"width\":580,\"height\":387,\"mime-type\":\"image\\\/jpeg\",\"filesize\":38692},\"mobile\":{\"file\":\"SHF_eb00226162-720x480.jpg\",\"width\":720,\"height\":480,\"mime-type\":\"image\\\/jpeg\",\"filesize\":53106},\"hd\":{\"file\":\"SHF_eb00226162-1280x854.jpg\",\"width\":1280,\"height\":854,\"mime-type\":\"image\\\/jpeg\",\"filesize\":129161},\"full\":{\"file\":\"SHF_eb00226162-1920x1280.jpg\",\"width\":1920,\"height\":1280,\"mime-type\":\"image\\\/jpeg\",\"filesize\":241805},\"1536x1536\":{\"file\":\"SHF_eb00226162-1536x1024.jpg\",\"width\":1536,\"height\":1024,\"mime-type\":\"image\\\/jpeg\",\"filesize\":170441},\"2048x2048\":{\"file\":\"SHF_eb00226162-2048x1366.jpg\",\"width\":2048,\"height\":1366,\"mime-type\":\"image\\\/jpeg\",\"filesize\":268373},\"original\":{\"file\":\"SHF_eb00226162.jpg\",\"width\":2500,\"height\":1667}},\n\t\t\t\t\"alt\" : \"Ein Kind konstruiert in einem kreativen Workshop ein Modell aus Pappe und Bastelmaterialien.\",\n\t\t\t\t\"path\" : \"\\\/wp-content\\\/uploads\\\/2022\\\/01\\\/\",\n\t\t\t\t\"video\" : null,\n\t\t\t\t\"autoplay\" : null,\n\t\t\t\t\"youtube\" : null,\n\t\t\t\t\"youtubelabel\" : \"Video abspielen\",\n\t\t\t\t\"brightness\" : 100,\n\t\t\t\t\"crop\" : null,\n\t\t\t\t\"background\" : true,\n\t\t\t\t\"scale\" : 2\t\t\t\t}\n\t\t\t<\/script>\n\n\t\t\t<div class=\"height-container\" style=\"padding-bottom:66.68%;\" v-if=\"sizes\">\n\t\t\t\t\t\t\t\t<lazy-media :inline=\"true\" :alt=\"alt\" :sizes=\"sizes\" :scale=\"scale\" :brightness=\"brightness\" :path=\"path\" :video=\"video\" :autoplay=\"autoplay\" :youtube=\"youtube\" :crop=\"crop\" :youtubelabel=\"youtubelabel\" :background=\"background\" media-id=\"desc_media_69f03d83e401d\"><\/lazy-media>\n\t\t\t\t\t\t\t<\/div>\n\n\t\t\t\t\t\t\t<figcaption class=\"sr-only\" ref=\"body\" id=\"desc_media_69f03d83e401d\">\n\t\t\t\t\t\t\t\t\t\t\t<div>Thementag &bdquo;Ohne Ende Palast&ldquo;<\/div>\n\t\t\t\t\t\t\t\t\t\t\t\t\t\t\t\t\t\t\t\t\t<div class=\"insignificant\">\u00a9 Stiftung Humboldt Forum im Berliner Schloss, Foto: Stefanie Loos<\/div>\n\t\t\t\t\t\t\t\t\t<\/figcaption>\n\t\t\t\t\t<\/figure>\n\t<\/lazy-media-inline>\n\t\t\t\t<\/div>\n\t\t\t<\/div>\n\t\t\t<div class=\"col-xs-12 teaser-event-text Infos\">\n\t\t\t\t<div class=\"teaser-event-standard-text\">\n\t\t\t\t\t<div class=\"margin-bottom-atom\">\n\t\t\t\t\t\t<div class=\"subline clamp-1\" v-html=\"maingenre\"><\/div>\n\t\t\t\t\t\t\t\t\t\t\t\t\t<div class=\"insignificant clamp-2\">Geschichte und Architektur des Ortes<\/div>\n\t\t\t\t\t\t\t\t\t\t\t<\/div>\n\t\t\t\t\n\t\t\t\t\t<strong class=\"margin-bottom-atom\">Bunte Pal\u00e4ste<\/strong>\n\n\t\t\t\t\t\t\t\t\t\t\t<div class=\"\">Drop-In f\u00fcr Kinder &#038; Familien<\/div>\n\t\t\t\t\t\t\t\t\t<\/div>\n\t\t\t\t<div class=\"teaser-bottom border-bottom\">\n\t\t\t\t<calendardateline :rawitem='item' :show-icon=\"true\"><\/calendardateline>\n\t\t\t\t\t<hr>\n\t\t\t\t<\/div>\n\t\t\t<\/div>\n\t\t<\/div>\n\t<\/a>\n\t<\/calendarteaser>\n<\/li>\n\n<li class=\"teaser-lane-slide col-xs-9 col-sm-4 col-md-3 teaser-wrapper col-padding-remove\">\n\t<calendarteaser key=\"142250713\" rawitem='{&quot;postId&quot;:142250,&quot;title&quot;:&quot;Zwischen Glas und Beton&quot;,&quot;excerpt&quot;:&quot;&quot;,&quot;slug&quot;:&quot;zwischen-glas-und-beton&quot;,&quot;post_date&quot;:&quot;2025-01-16T14:05&quot;,&quot;type&quot;:&quot;event&quot;,&quot;permalink&quot;:&quot;https:\\\/\\\/www.humboldtforum.org\\\/de\\\/programm\\\/termin\\\/literatur\\\/zwischen-glas-und-beton-142250\\\/&quot;,&quot;genre&quot;:[423],&quot;genre_details&quot;:[{&quot;text&quot;:&quot;Literatur&quot;,&quot;id&quot;:423,&quot;icon&quot;:null,&quot;parent&quot;:0}],&quot;stakeholder&quot;:[382],&quot;stakeholder_details&quot;:[{&quot;text&quot;:&quot;Stiftung Humboldt Forum im Berliner Schloss&quot;,&quot;id&quot;:382,&quot;icon&quot;:null,&quot;parent&quot;:0}],&quot;targetgroup&quot;:[383,455],&quot;targetgroup_details&quot;:[{&quot;text&quot;:&quot;Erwachsene&quot;,&quot;id&quot;:383,&quot;icon&quot;:null,&quot;parent&quot;:0},{&quot;text&quot;:&quot;Jugendliche&quot;,&quot;id&quot;:455,&quot;icon&quot;:null,&quot;parent&quot;:0}],&quot;place&quot;:[957],&quot;place_details&quot;:{&quot;place&quot;:&quot;Humboldt Forum&quot;,&quot;map&quot;:&quot;Humboldt Forum, Schlossplatz, Berlin&quot;,&quot;room&quot;:&quot;Foyer&quot;},&quot;icon_overwrite&quot;:&quot;&quot;,&quot;acf&quot;:{&quot;noindex&quot;:false,&quot;keywords&quot;:&quot;&quot;,&quot;hashtag&quot;:&quot;HumboldtForum&quot;,&quot;belongsto&quot;:[141278,116558],&quot;shorturl&quot;:&quot;&quot;,&quot;times&quot;:[],&quot;planning&quot;:{&quot;price&quot;:&quot;kostenfrei \\\/ kein Ticket erforderlich&quot;,&quot;admission&quot;:&quot;&quot;,&quot;pause&quot;:&quot;&quot;,&quot;duration&quot;:&quot;&quot;},&quot;additional_info&quot;:{&quot;icon&quot;:&quot;0&quot;,&quot;text&quot;:&quot;&quot;},&quot;highlight_header&quot;:false,&quot;use_video_in_teasers&quot;:false,&quot;hyphenation&quot;:true,&quot;tipp&quot;:false,&quot;joker&quot;:false,&quot;live&quot;:false,&quot;hide_event_in_program&quot;:false,&quot;gomus_id&quot;:&quot;&quot;,&quot;hm_id&quot;:&quot;&quot;,&quot;tickettext&quot;:&quot;kein Ticket erforderlich&quot;,&quot;subline&quot;:&quot;Stimmen aus dem G\\u00e4stebuch&quot;,&quot;featured_images&quot;:[142252]},&quot;date&quot;:{&quot;NX&quot;:null,&quot;NXX&quot;:null,&quot;NLAST&quot;:&quot;202502151200&quot;,&quot;from_DATE&quot;:&quot;20250215 12:30&quot;,&quot;from&quot;:1739615400,&quot;to&quot;:1739620800,&quot;to_DATE&quot;:&quot;20250215 14:00&quot;,&quot;from_HRFSHORT&quot;:&quot;15. Feb 2025&quot;,&quot;from_HRFSHORT_WD&quot;:&quot;Sa 15.02.2025&quot;,&quot;to_HRFSHORT&quot;:&quot;15. Feb 2025&quot;,&quot;to_HRFSHORT_WD&quot;:&quot;Sa 15.02.2025&quot;,&quot;from_HRF&quot;:&quot;Sa, 15. Februar 2025&quot;,&quot;to_HRF&quot;:&quot;Sa, 15. Februar 2025&quot;,&quot;from_to_HRF&quot;:&quot;Sa, 15. Februar \\u2013 Sa, 15. Februar 2025&quot;,&quot;from_to_HRFSHORT&quot;:&quot;15. Feb \\u2013 15. Feb 2025&quot;},&quot;alert&quot;:null,&quot;partof&quot;:[],&quot;marketing_topic&quot;:{&quot;title&quot;:&quot;Auf Wiedersehen, Palast&quot;,&quot;ID&quot;:141278,&quot;reason&quot;:&quot;belongsto&quot;}}' inline-template>\n\t<a href=\"https:\/\/www.humboldtforum.org\/de\/programm\/termin\/literatur\/zwischen-glas-und-beton-142250\/\" class=\"teaser teaser-event teaser-event-standard\">\n\t\t<div class=\"row\">\n\t\t\t<div class=\"col-xs-12 teaser-event-image\">\n\t\t\t\t<div class=\"teaser-image teaser-image-no-alternate\">\n\t\t\t\t\t\t\t\t\t\t\t\n\t<lazy-media-inline inline-template>\n\t\t<figure itemscope itemtype=\"http:\/\/schema.org\/ImageObject\" class=\"lazy-media-inline \" role=\"group\" id=\"media_69f03d83e4cd1\" aria-labelledby=\"desc_media_69f03d83e4cd1\">\n\t\t\t<script type=\"application\/json\" ref=\"data\">\n\t\t\t\t{\n\t\t\t\t\"sizes\" : {\"medium\":{\"file\":\"SHF_eb00233752_-300x200.jpg\",\"width\":300,\"height\":200,\"mime-type\":\"image\\\/jpeg\",\"filesize\":21317},\"large\":{\"file\":\"SHF_eb00233752_-1024x683.jpg\",\"width\":1024,\"height\":683,\"mime-type\":\"image\\\/jpeg\",\"filesize\":198001},\"thumbnail\":{\"file\":\"SHF_eb00233752_-150x150.jpg\",\"width\":150,\"height\":150,\"mime-type\":\"image\\\/jpeg\",\"filesize\":8530},\"medium_large\":{\"file\":\"SHF_eb00233752_-768x512.jpg\",\"width\":768,\"height\":512,\"mime-type\":\"image\\\/jpeg\",\"filesize\":119372},\"small\":{\"file\":\"SHF_eb00233752_-440x293.jpg\",\"width\":440,\"height\":293,\"mime-type\":\"image\\\/jpeg\",\"filesize\":43967},\"semi\":{\"file\":\"SHF_eb00233752_-580x387.jpg\",\"width\":580,\"height\":387,\"mime-type\":\"image\\\/jpeg\",\"filesize\":73267},\"mobile\":{\"file\":\"SHF_eb00233752_-720x480.jpg\",\"width\":720,\"height\":480,\"mime-type\":\"image\\\/jpeg\",\"filesize\":106497},\"hd\":{\"file\":\"SHF_eb00233752_-1280x854.jpg\",\"width\":1280,\"height\":854,\"mime-type\":\"image\\\/jpeg\",\"filesize\":290207},\"full\":{\"file\":\"SHF_eb00233752_-1920x1281.jpg\",\"width\":1920,\"height\":1281,\"mime-type\":\"image\\\/jpeg\",\"filesize\":581827},\"xxl\":{\"file\":\"SHF_eb00233752_-4048x2700.jpg\",\"width\":4048,\"height\":2700,\"mime-type\":\"image\\\/jpeg\",\"filesize\":2148912},\"1536x1536\":{\"file\":\"SHF_eb00233752_-1536x1025.jpg\",\"width\":1536,\"height\":1025,\"mime-type\":\"image\\\/jpeg\",\"filesize\":396822},\"2048x2048\":{\"file\":\"SHF_eb00233752_-2048x1366.jpg\",\"width\":2048,\"height\":1366,\"mime-type\":\"image\\\/jpeg\",\"filesize\":649954},\"original\":{\"file\":\"SHF_eb00233752_.jpg\",\"width\":7973,\"height\":5318}},\n\t\t\t\t\"alt\" : \"W\\u00e4nde mit handgeschriebenen Botschaften und Zeichnungen in verschiedenen Sprachen, Ausdruck von Gedanken und Kreativit\\u00e4t.\",\n\t\t\t\t\"path\" : \"\\\/wp-content\\\/uploads\\\/2025\\\/01\\\/\",\n\t\t\t\t\"video\" : null,\n\t\t\t\t\"autoplay\" : null,\n\t\t\t\t\"youtube\" : null,\n\t\t\t\t\"youtubelabel\" : \"Video abspielen\",\n\t\t\t\t\"brightness\" : 100,\n\t\t\t\t\"crop\" : null,\n\t\t\t\t\"background\" : true,\n\t\t\t\t\"scale\" : 2\t\t\t\t}\n\t\t\t<\/script>\n\n\t\t\t<div class=\"height-container\" style=\"padding-bottom:66.700112880973%;\" v-if=\"sizes\">\n\t\t\t\t\t\t\t\t<lazy-media :inline=\"true\" :alt=\"alt\" :sizes=\"sizes\" :scale=\"scale\" :brightness=\"brightness\" :path=\"path\" :video=\"video\" :autoplay=\"autoplay\" :youtube=\"youtube\" :crop=\"crop\" :youtubelabel=\"youtubelabel\" :background=\"background\" media-id=\"desc_media_69f03d83e4cd1\"><\/lazy-media>\n\t\t\t\t\t\t\t<\/div>\n\n\t\t\t\t\t\t\t<figcaption class=\"sr-only\" ref=\"body\" id=\"desc_media_69f03d83e4cd1\">\n\t\t\t\t\t\t\t\t\t\t\t\t\t\t\t\t\t\t\t\t\t<div class=\"insignificant\">\u00a9 Stiftung Humboldt Forum im Berliner Schloss, Foto: Frank Sperling<\/div>\n\t\t\t\t\t\t\t\t\t<\/figcaption>\n\t\t\t\t\t<\/figure>\n\t<\/lazy-media-inline>\n\t\t\t\t<\/div>\n\t\t\t<\/div>\n\t\t\t<div class=\"col-xs-12 teaser-event-text Infos\">\n\t\t\t\t<div class=\"teaser-event-standard-text\">\n\t\t\t\t\t<div class=\"margin-bottom-atom\">\n\t\t\t\t\t\t<div class=\"subline clamp-1\" v-html=\"maingenre\"><\/div>\n\t\t\t\t\t\t\t\t\t\t\t\t\t<div class=\"insignificant clamp-2\">Auf Wiedersehen, Palast<\/div>\n\t\t\t\t\t\t\t\t\t\t\t<\/div>\n\t\t\t\t\n\t\t\t\t\t<strong class=\"margin-bottom-atom\">Zwischen Glas und Beton<\/strong>\n\n\t\t\t\t\t\t\t\t\t\t\t<div class=\"\">Stimmen aus dem G\u00e4stebuch<\/div>\n\t\t\t\t\t\t\t\t\t<\/div>\n\t\t\t\t<div class=\"teaser-bottom border-bottom\">\n\t\t\t\t<calendardateline :rawitem='item' :show-icon=\"true\"><\/calendardateline>\n\t\t\t\t\t<hr>\n\t\t\t\t<\/div>\n\t\t\t<\/div>\n\t\t<\/div>\n\t<\/a>\n\t<\/calendarteaser>\n<\/li>\n\n<li class=\"teaser-lane-slide col-xs-9 col-sm-4 col-md-3 teaser-wrapper col-padding-remove\">\n\t<calendarteaser key=\"1344369361\" rawitem='{&quot;postId&quot;:134436,&quot;title&quot;:&quot;Sagt\\u2018 was und werdet Bestimmer&quot;,&quot;excerpt&quot;:&quot;&quot;,&quot;slug&quot;:&quot;sagt-was-und-werdet-bestimmer&quot;,&quot;post_date&quot;:&quot;2024-08-08T15:16&quot;,&quot;type&quot;:&quot;event&quot;,&quot;permalink&quot;:&quot;https:\\\/\\\/www.humboldtforum.org\\\/de\\\/programm\\\/termin\\\/lesung\\\/sagt-was-und-werdet-bestimmer-134436\\\/&quot;,&quot;genre&quot;:[1144,823],&quot;genre_details&quot;:[{&quot;text&quot;:&quot;Lesung&quot;,&quot;id&quot;:1144,&quot;icon&quot;:null,&quot;parent&quot;:0},{&quot;text&quot;:&quot;Schauspiel&quot;,&quot;id&quot;:823,&quot;icon&quot;:null,&quot;parent&quot;:0}],&quot;stakeholder&quot;:[382],&quot;stakeholder_details&quot;:[{&quot;text&quot;:&quot;Stiftung Humboldt Forum im Berliner Schloss&quot;,&quot;id&quot;:382,&quot;icon&quot;:null,&quot;parent&quot;:0}],&quot;targetgroup&quot;:[454],&quot;targetgroup_details&quot;:[{&quot;text&quot;:&quot;Kinder und Familien&quot;,&quot;id&quot;:454,&quot;icon&quot;:null,&quot;parent&quot;:0}],&quot;language&quot;:[384],&quot;language_details&quot;:[{&quot;text&quot;:&quot;Deutsch&quot;,&quot;id&quot;:384,&quot;icon&quot;:null,&quot;parent&quot;:0}],&quot;accessability&quot;:[430],&quot;accessability_details&quot;:[{&quot;text&quot;:&quot;Rollstuhlgerecht&quot;,&quot;id&quot;:430,&quot;icon&quot;:null,&quot;parent&quot;:0}],&quot;age&quot;:[443],&quot;age_details&quot;:[{&quot;text&quot;:&quot;Kinder (3-6 Jahre)&quot;,&quot;id&quot;:443,&quot;icon&quot;:null,&quot;parent&quot;:0}],&quot;place&quot;:[424],&quot;place_details&quot;:{&quot;place&quot;:&quot;Humboldt Forum&quot;,&quot;map&quot;:&quot;Humboldt Forum, Schlossplatz, Berlin&quot;,&quot;room&quot;:&quot;Saal 3, EG&quot;},&quot;icon_overwrite&quot;:&quot;&quot;,&quot;acf&quot;:{&quot;noindex&quot;:false,&quot;keywords&quot;:&quot;&quot;,&quot;hashtag&quot;:&quot;HumboldtForum&quot;,&quot;belongsto&quot;:[31647,116558],&quot;shorturl&quot;:&quot;&quot;,&quot;planning&quot;:{&quot;price&quot;:&quot;4 EUR \\\/ erm\\u00e4\\u00dfigt 2 EUR&quot;,&quot;admission&quot;:&quot;&quot;,&quot;pause&quot;:&quot;&quot;,&quot;duration&quot;:&quot;&quot;},&quot;subline&quot;:&quot;Mitbestimmung ist wichtig!&quot;,&quot;additional_info&quot;:{&quot;icon&quot;:&quot;icon-pin&quot;,&quot;text&quot;:&quot;Der Zugang zum Saal 3 ist im Schl\\u00fcterhof neben dem Skulpturensaal.&quot;},&quot;highlight_header&quot;:false,&quot;featured_images&quot;:[134432,134430,134434],&quot;use_video_in_teasers&quot;:false,&quot;hyphenation&quot;:true,&quot;tipp&quot;:false,&quot;joker&quot;:false,&quot;live&quot;:false,&quot;hide_event_in_program&quot;:false,&quot;gomus_id&quot;:&quot;&quot;,&quot;hm_id&quot;:&quot;&quot;,&quot;tickettext&quot;:&quot;Bitte buchen Sie Ihr Ticket vorab online oder an der Kasse im Foyer.&quot;,&quot;infotext&quot;:&quot;Wir bitten um Verst\\u00e4ndnis: Erwachsenen ist die Teilnahme am Programm nur in Begleitung von Kindern gestattet.&quot;,&quot;times&quot;:[]},&quot;date&quot;:{&quot;NX&quot;:null,&quot;NXX&quot;:null,&quot;NLAST&quot;:&quot;202604190900&quot;,&quot;from_DATE&quot;:&quot;20260419 13:00&quot;,&quot;from&quot;:1776589200,&quot;to&quot;:1776589200,&quot;to_DATE&quot;:&quot;20260419 13:00&quot;,&quot;from_HRFSHORT&quot;:&quot;19. Apr 2026&quot;,&quot;from_HRFSHORT_WD&quot;:&quot;So 19.04.2026&quot;,&quot;to_HRFSHORT&quot;:&quot;19. Apr 2026&quot;,&quot;to_HRFSHORT_WD&quot;:&quot;So 19.04.2026&quot;,&quot;from_HRF&quot;:&quot;So, 19. April 2026&quot;,&quot;to_HRF&quot;:&quot;So, 19. April 2026&quot;,&quot;from_to_HRF&quot;:&quot;So, 19. April \\u2013 So, 19. April 2026&quot;,&quot;from_to_HRFSHORT&quot;:&quot;19. Apr \\u2013 19. Apr 2026&quot;},&quot;alert&quot;:null,&quot;partof&quot;:[&quot;31647&quot;],&quot;marketing_topic&quot;:{&quot;title&quot;:&quot;Bilderbuchkino&quot;,&quot;ID&quot;:&quot;31647&quot;,&quot;reason&quot;:&quot;sequence&quot;}}' inline-template>\n\t<a href=\"https:\/\/www.humboldtforum.org\/de\/programm\/termin\/lesung\/sagt-was-und-werdet-bestimmer-134436\/\" class=\"teaser teaser-event teaser-event-standard\">\n\t\t<div class=\"row\">\n\t\t\t<div class=\"col-xs-12 teaser-event-image\">\n\t\t\t\t<div class=\"teaser-image teaser-image-no-alternate\">\n\t\t\t\t\t\t\t\t\t\t\t\n\t<lazy-media-inline inline-template>\n\t\t<figure itemscope itemtype=\"http:\/\/schema.org\/ImageObject\" class=\"lazy-media-inline \" role=\"group\" id=\"media_69f03d83e593a\" aria-labelledby=\"desc_media_69f03d83e593a\">\n\t\t\t<script type=\"application\/json\" ref=\"data\">\n\t\t\t\t{\n\t\t\t\t\"sizes\" : {\"medium\":{\"file\":\"SHF_eb00228641-225x300.jpg\",\"width\":225,\"height\":300,\"mime-type\":\"image\\\/jpeg\",\"filesize\":20719},\"large\":{\"file\":\"SHF_eb00228641-768x1024.jpg\",\"width\":768,\"height\":1024,\"mime-type\":\"image\\\/jpeg\",\"filesize\":145546},\"thumbnail\":{\"file\":\"SHF_eb00228641-150x150.jpg\",\"width\":150,\"height\":150,\"mime-type\":\"image\\\/jpeg\",\"filesize\":8307},\"medium_large\":{\"file\":\"SHF_eb00228641-768x1024.jpg\",\"width\":768,\"height\":1024,\"mime-type\":\"image\\\/jpeg\",\"filesize\":145546},\"small\":{\"file\":\"SHF_eb00228641-330x440.jpg\",\"width\":330,\"height\":440,\"mime-type\":\"image\\\/jpeg\",\"filesize\":38297},\"semi\":{\"file\":\"SHF_eb00228641-435x580.jpg\",\"width\":435,\"height\":580,\"mime-type\":\"image\\\/jpeg\",\"filesize\":59472},\"mobile\":{\"file\":\"SHF_eb00228641-540x720.jpg\",\"width\":540,\"height\":720,\"mime-type\":\"image\\\/jpeg\",\"filesize\":83652},\"hd\":{\"file\":\"SHF_eb00228641-960x1280.jpg\",\"width\":960,\"height\":1280,\"mime-type\":\"image\\\/jpeg\",\"filesize\":208272},\"full\":{\"file\":\"SHF_eb00228641-1440x1920.jpg\",\"width\":1440,\"height\":1920,\"mime-type\":\"image\\\/jpeg\",\"filesize\":390089},\"1536x1536\":{\"file\":\"SHF_eb00228641-1152x1536.jpg\",\"width\":1152,\"height\":1536,\"mime-type\":\"image\\\/jpeg\",\"filesize\":276470},\"2048x2048\":{\"file\":\"SHF_eb00228641-1536x2048.jpg\",\"width\":1536,\"height\":2048,\"mime-type\":\"image\\\/jpeg\",\"filesize\":430175},\"original\":{\"file\":\"SHF_eb00228641.jpg\",\"width\":1600,\"height\":2133}},\n\t\t\t\t\"alt\" : \"Buchcover: Ein Elefant und Dschungeltiere, Titel: \\\"Bestimmer sein: Wie Elvis die Demokratie erfand\\\".\",\n\t\t\t\t\"path\" : \"\\\/wp-content\\\/uploads\\\/2024\\\/08\\\/\",\n\t\t\t\t\"video\" : null,\n\t\t\t\t\"autoplay\" : null,\n\t\t\t\t\"youtube\" : null,\n\t\t\t\t\"youtubelabel\" : \"Video abspielen\",\n\t\t\t\t\"brightness\" : 100,\n\t\t\t\t\"crop\" : {\"top\":\"50.00\",\"left\":\"50.00\"},\n\t\t\t\t\"background\" : true,\n\t\t\t\t\"scale\" : 2\t\t\t\t}\n\t\t\t<\/script>\n\n\t\t\t<div class=\"height-container\" style=\"padding-bottom:133.3125%;\" v-if=\"sizes\">\n\t\t\t\t\t\t\t\t<lazy-media :inline=\"true\" :alt=\"alt\" :sizes=\"sizes\" :scale=\"scale\" :brightness=\"brightness\" :path=\"path\" :video=\"video\" :autoplay=\"autoplay\" :youtube=\"youtube\" :crop=\"crop\" :youtubelabel=\"youtubelabel\" :background=\"background\" media-id=\"desc_media_69f03d83e593a\"><\/lazy-media>\n\t\t\t\t\t\t\t<\/div>\n\n\t\t\t\t\t\t\t<figcaption class=\"sr-only\" ref=\"body\" id=\"desc_media_69f03d83e593a\">\n\t\t\t\t\t\t\t\t\t\t\t<div>Buchcover &quot;Bestimmer sein &ndash; Wie Elvis die Demokratie erfand&quot; von Katja Reider und Cornelia Haas<\/div>\n\t\t\t\t\t\t\t\t\t\t\t\t\t\t\t\t\t\t\t\t\t<div class=\"insignificant\">\u00a9 Hanser Literaturverlage<\/div>\n\t\t\t\t\t\t\t\t\t<\/figcaption>\n\t\t\t\t\t<\/figure>\n\t<\/lazy-media-inline>\n\t\t\t\t<\/div>\n\t\t\t<\/div>\n\t\t\t<div class=\"col-xs-12 teaser-event-text Infos\">\n\t\t\t\t<div class=\"teaser-event-standard-text\">\n\t\t\t\t\t<div class=\"margin-bottom-atom\">\n\t\t\t\t\t\t<div class=\"subline clamp-1\" v-html=\"maingenre\"><\/div>\n\t\t\t\t\t\t\t\t\t\t\t\t\t<div class=\"insignificant clamp-2\">Bilderbuchkino<\/div>\n\t\t\t\t\t\t\t\t\t\t\t<\/div>\n\t\t\t\t\n\t\t\t\t\t<strong class=\"margin-bottom-atom\">Sagt\u2018 was und werdet Bestimmer<\/strong>\n\n\t\t\t\t\t\t\t\t\t\t\t<div class=\"\">Mitbestimmung ist wichtig!<\/div>\n\t\t\t\t\t\t\t\t\t<\/div>\n\t\t\t\t<div class=\"teaser-bottom border-bottom\">\n\t\t\t\t<calendardateline :rawitem='item' :show-icon=\"true\"><\/calendardateline>\n\t\t\t\t\t<hr>\n\t\t\t\t<\/div>\n\t\t\t<\/div>\n\t\t<\/div>\n\t<\/a>\n\t<\/calendarteaser>\n<\/li>\n\n<li class=\"teaser-lane-slide col-xs-9 col-sm-4 col-md-3 teaser-wrapper col-padding-remove\">\n\t<calendarteaser key=\"14139317674\" rawitem='{&quot;postId&quot;:141393,&quot;title&quot;:&quot;Palastplatten&quot;,&quot;excerpt&quot;:&quot;&quot;,&quot;slug&quot;:&quot;palastplatten&quot;,&quot;post_date&quot;:&quot;2024-12-13T14:33&quot;,&quot;type&quot;:&quot;event&quot;,&quot;permalink&quot;:&quot;https:\\\/\\\/www.humboldtforum.org\\\/de\\\/programm\\\/termin\\\/dj-set\\\/palastplatten-141393\\\/&quot;,&quot;genre&quot;:[946],&quot;genre_details&quot;:[{&quot;text&quot;:&quot;DJ Set&quot;,&quot;id&quot;:946,&quot;icon&quot;:null,&quot;parent&quot;:0}],&quot;stakeholder&quot;:[382],&quot;stakeholder_details&quot;:[{&quot;text&quot;:&quot;Stiftung Humboldt Forum im Berliner Schloss&quot;,&quot;id&quot;:382,&quot;icon&quot;:null,&quot;parent&quot;:0}],&quot;targetgroup&quot;:[383,455],&quot;targetgroup_details&quot;:[{&quot;text&quot;:&quot;Erwachsene&quot;,&quot;id&quot;:383,&quot;icon&quot;:null,&quot;parent&quot;:0},{&quot;text&quot;:&quot;Jugendliche&quot;,&quot;id&quot;:455,&quot;icon&quot;:null,&quot;parent&quot;:0}],&quot;language&quot;:[422],&quot;language_details&quot;:[{&quot;text&quot;:&quot;Keine Sprachkenntnisse erforderlich&quot;,&quot;id&quot;:422,&quot;icon&quot;:null,&quot;parent&quot;:0}],&quot;place&quot;:[957],&quot;place_details&quot;:{&quot;place&quot;:&quot;Humboldt Forum&quot;,&quot;map&quot;:&quot;Humboldt Forum, Schlossplatz, Berlin&quot;,&quot;room&quot;:&quot;Foyer&quot;},&quot;icon_overwrite&quot;:&quot;&quot;,&quot;acf&quot;:{&quot;noindex&quot;:false,&quot;keywords&quot;:&quot;&quot;,&quot;hashtag&quot;:&quot;HumboldtForum&quot;,&quot;belongsto&quot;:[141278,116558],&quot;shorturl&quot;:&quot;&quot;,&quot;times&quot;:[],&quot;planning&quot;:{&quot;price&quot;:&quot;kostenfrei&quot;,&quot;admission&quot;:&quot;&quot;,&quot;pause&quot;:&quot;&quot;,&quot;duration&quot;:&quot;&quot;},&quot;additional_info&quot;:{&quot;icon&quot;:&quot;0&quot;,&quot;text&quot;:&quot;&quot;},&quot;highlight_header&quot;:false,&quot;use_video_in_teasers&quot;:false,&quot;hyphenation&quot;:true,&quot;tipp&quot;:false,&quot;joker&quot;:false,&quot;live&quot;:false,&quot;hide_event_in_program&quot;:false,&quot;gomus_id&quot;:&quot;&quot;,&quot;hm_id&quot;:&quot;&quot;,&quot;featured_images&quot;:[141381]},&quot;date&quot;:{&quot;NX&quot;:null,&quot;NXX&quot;:null,&quot;NLAST&quot;:&quot;202502151300&quot;,&quot;from_DATE&quot;:&quot;20250215 15:00&quot;,&quot;from&quot;:1739624400,&quot;to&quot;:1739624400,&quot;to_DATE&quot;:&quot;20250215 15:00&quot;,&quot;from_HRFSHORT&quot;:&quot;15. Feb 2025&quot;,&quot;from_HRFSHORT_WD&quot;:&quot;Sa 15.02.2025&quot;,&quot;to_HRFSHORT&quot;:&quot;15. Feb 2025&quot;,&quot;to_HRFSHORT_WD&quot;:&quot;Sa 15.02.2025&quot;,&quot;from_HRF&quot;:&quot;Sa, 15. Februar 2025&quot;,&quot;to_HRF&quot;:&quot;Sa, 15. Februar 2025&quot;,&quot;from_to_HRF&quot;:&quot;Sa, 15. Februar \\u2013 Sa, 15. Februar 2025&quot;,&quot;from_to_HRFSHORT&quot;:&quot;15. Feb \\u2013 15. Feb 2025&quot;},&quot;alert&quot;:null,&quot;partof&quot;:[],&quot;marketing_topic&quot;:{&quot;title&quot;:&quot;Auf Wiedersehen, Palast&quot;,&quot;ID&quot;:141278,&quot;reason&quot;:&quot;belongsto&quot;}}' inline-template>\n\t<a href=\"https:\/\/www.humboldtforum.org\/de\/programm\/termin\/dj-set\/palastplatten-141393\/\" class=\"teaser teaser-event teaser-event-standard\">\n\t\t<div class=\"row\">\n\t\t\t<div class=\"col-xs-12 teaser-event-image\">\n\t\t\t\t<div class=\"teaser-image teaser-image-no-alternate\">\n\t\t\t\t\t\t\t\t\t\t\t\n\t<lazy-media-inline inline-template>\n\t\t<figure itemscope itemtype=\"http:\/\/schema.org\/ImageObject\" class=\"lazy-media-inline \" role=\"group\" id=\"media_69f03d83e65d4\" aria-labelledby=\"desc_media_69f03d83e65d4\">\n\t\t\t<script type=\"application\/json\" ref=\"data\">\n\t\t\t\t{\n\t\t\t\t\"sizes\" : {\"medium\":{\"file\":\"SHF_eb00191059-300x200.jpg\",\"width\":300,\"height\":200,\"mime-type\":\"image\\\/jpeg\",\"filesize\":18022},\"large\":{\"file\":\"SHF_eb00191059-1024x683.jpg\",\"width\":1024,\"height\":683,\"mime-type\":\"image\\\/jpeg\",\"filesize\":129253},\"thumbnail\":{\"file\":\"SHF_eb00191059-150x150.jpg\",\"width\":150,\"height\":150,\"mime-type\":\"image\\\/jpeg\",\"filesize\":8085},\"medium_large\":{\"file\":\"SHF_eb00191059-768x512.jpg\",\"width\":768,\"height\":512,\"mime-type\":\"image\\\/jpeg\",\"filesize\":81907},\"small\":{\"file\":\"SHF_eb00191059-440x293.jpg\",\"width\":440,\"height\":293,\"mime-type\":\"image\\\/jpeg\",\"filesize\":33746},\"semi\":{\"file\":\"SHF_eb00191059-580x387.jpg\",\"width\":580,\"height\":387,\"mime-type\":\"image\\\/jpeg\",\"filesize\":53177},\"mobile\":{\"file\":\"SHF_eb00191059-720x480.jpg\",\"width\":720,\"height\":480,\"mime-type\":\"image\\\/jpeg\",\"filesize\":74005},\"hd\":{\"file\":\"SHF_eb00191059-1280x853.jpg\",\"width\":1280,\"height\":853,\"mime-type\":\"image\\\/jpeg\",\"filesize\":182956},\"full\":{\"file\":\"SHF_eb00191059-1920x1280.jpg\",\"width\":1920,\"height\":1280,\"mime-type\":\"image\\\/jpeg\",\"filesize\":339201},\"1536x1536\":{\"file\":\"SHF_eb00191059-1536x1024.jpg\",\"width\":1536,\"height\":1024,\"mime-type\":\"image\\\/jpeg\",\"filesize\":241527},\"2048x2048\":{\"file\":\"SHF_eb00191059-2048x1365.jpg\",\"width\":2048,\"height\":1365,\"mime-type\":\"image\\\/jpeg\",\"filesize\":375798},\"original\":{\"file\":\"SHF_eb00191059.jpg\",\"width\":3000,\"height\":2000}},\n\t\t\t\t\"alt\" : \"DJ an einem Mischpult, w\\u00e4hrend im Hintergrund eine tanzende Menge in einem modernen Raum feiert.\",\n\t\t\t\t\"path\" : \"\\\/wp-content\\\/uploads\\\/2024\\\/12\\\/\",\n\t\t\t\t\"video\" : null,\n\t\t\t\t\"autoplay\" : null,\n\t\t\t\t\"youtube\" : null,\n\t\t\t\t\"youtubelabel\" : \"Video abspielen\",\n\t\t\t\t\"brightness\" : 100,\n\t\t\t\t\"crop\" : null,\n\t\t\t\t\"background\" : true,\n\t\t\t\t\"scale\" : 2\t\t\t\t}\n\t\t\t<\/script>\n\n\t\t\t<div class=\"height-container\" style=\"padding-bottom:66.666666666667%;\" v-if=\"sizes\">\n\t\t\t\t\t\t\t\t<lazy-media :inline=\"true\" :alt=\"alt\" :sizes=\"sizes\" :scale=\"scale\" :brightness=\"brightness\" :path=\"path\" :video=\"video\" :autoplay=\"autoplay\" :youtube=\"youtube\" :crop=\"crop\" :youtubelabel=\"youtubelabel\" :background=\"background\" media-id=\"desc_media_69f03d83e65d4\"><\/lazy-media>\n\t\t\t\t\t\t\t<\/div>\n\n\t\t\t\t\t\t\t<figcaption class=\"sr-only\" ref=\"body\" id=\"desc_media_69f03d83e65d4\">\n\t\t\t\t\t\t\t\t\t\t\t<div>Berliner Wochenende f&uuml;r die Demokratie zum 175. Jubil&auml;um der M&auml;rzrevolution im Humboldt Forum am 18. M&auml;rz 2023<\/div>\n\t\t\t\t\t\t\t\t\t\t\t\t\t\t\t\t\t\t\t\t\t<div class=\"insignificant\">\u00a9 Stiftung Humboldt Forum im Berliner Schloss\/ Foto: Stefanie Loos <\/div>\n\t\t\t\t\t\t\t\t\t<\/figcaption>\n\t\t\t\t\t<\/figure>\n\t<\/lazy-media-inline>\n\t\t\t\t<\/div>\n\t\t\t<\/div>\n\t\t\t<div class=\"col-xs-12 teaser-event-text Infos\">\n\t\t\t\t<div class=\"teaser-event-standard-text\">\n\t\t\t\t\t<div class=\"margin-bottom-atom\">\n\t\t\t\t\t\t<div class=\"subline clamp-1\" v-html=\"maingenre\"><\/div>\n\t\t\t\t\t\t\t\t\t\t\t\t\t<div class=\"insignificant clamp-2\">Auf Wiedersehen, Palast<\/div>\n\t\t\t\t\t\t\t\t\t\t\t<\/div>\n\t\t\t\t\n\t\t\t\t\t<strong class=\"margin-bottom-atom\">Palastplatten<\/strong>\n\n\t\t\t\t\t\t\t\t\t\t\t<div class=\"\"><\/div>\n\t\t\t\t\t\t\t\t\t<\/div>\n\t\t\t\t<div class=\"teaser-bottom border-bottom\">\n\t\t\t\t<calendardateline :rawitem='item' :show-icon=\"true\"><\/calendardateline>\n\t\t\t\t\t<hr>\n\t\t\t\t<\/div>\n\t\t\t<\/div>\n\t\t<\/div>\n\t<\/a>\n\t<\/calendarteaser>\n<\/li>\n\n<li class=\"teaser-lane-slide col-xs-9 col-sm-4 col-md-3 teaser-wrapper col-padding-remove\">\n\t<calendarteaser key=\"1425279764\" rawitem='{&quot;postId&quot;:142527,&quot;title&quot;:&quot;Second World Music&quot;,&quot;excerpt&quot;:&quot;&quot;,&quot;slug&quot;:&quot;second-world-music&quot;,&quot;post_date&quot;:&quot;2025-01-22T11:23&quot;,&quot;type&quot;:&quot;event&quot;,&quot;permalink&quot;:&quot;https:\\\/\\\/www.humboldtforum.org\\\/de\\\/programm\\\/termin\\\/gespraech\\\/second-world-music-142527\\\/&quot;,&quot;genre&quot;:[1078],&quot;genre_details&quot;:[{&quot;text&quot;:&quot;Gespr\\u00e4ch&quot;,&quot;id&quot;:1078,&quot;icon&quot;:null,&quot;parent&quot;:0}],&quot;stakeholder&quot;:[530,382],&quot;stakeholder_details&quot;:[{&quot;text&quot;:&quot;Staatliche Museen zu Berlin&quot;,&quot;id&quot;:530,&quot;icon&quot;:null,&quot;parent&quot;:0},{&quot;text&quot;:&quot;Stiftung Humboldt Forum im Berliner Schloss&quot;,&quot;id&quot;:382,&quot;icon&quot;:null,&quot;parent&quot;:0}],&quot;language&quot;:[384],&quot;language_details&quot;:[{&quot;text&quot;:&quot;Deutsch&quot;,&quot;id&quot;:384,&quot;icon&quot;:null,&quot;parent&quot;:0}],&quot;place&quot;:[957],&quot;place_details&quot;:{&quot;place&quot;:&quot;Humboldt Forum&quot;,&quot;map&quot;:&quot;Humboldt Forum, Schlossplatz, Berlin&quot;,&quot;room&quot;:&quot;Foyer&quot;},&quot;icon_overwrite&quot;:&quot;&quot;,&quot;acf&quot;:{&quot;noindex&quot;:false,&quot;keywords&quot;:&quot;&quot;,&quot;hashtag&quot;:&quot;HumboldtForum&quot;,&quot;belongsto&quot;:[141278],&quot;shorturl&quot;:&quot;&quot;,&quot;times&quot;:[],&quot;planning&quot;:{&quot;price&quot;:&quot;kostenfrei&quot;,&quot;admission&quot;:&quot;&quot;,&quot;pause&quot;:&quot;&quot;,&quot;duration&quot;:&quot;&quot;},&quot;additional_info&quot;:{&quot;icon&quot;:&quot;icon-uhr&quot;,&quot;text&quot;:&quot;Gespr\\u00e4ch bis 17:00 Uhr - anschlie\\u00dfend F\\u00fchrung auf Fl\\u00e4che \\&quot;\\u00dcber Grenzen\\&quot;&quot;},&quot;highlight_header&quot;:false,&quot;use_video_in_teasers&quot;:false,&quot;hyphenation&quot;:true,&quot;tipp&quot;:false,&quot;joker&quot;:false,&quot;live&quot;:false,&quot;hide_event_in_program&quot;:false,&quot;gomus_id&quot;:&quot;&quot;,&quot;hm_id&quot;:&quot;&quot;,&quot;featured_images&quot;:[142794]},&quot;date&quot;:{&quot;NX&quot;:null,&quot;NXX&quot;:null,&quot;NLAST&quot;:&quot;202502151400&quot;,&quot;from_DATE&quot;:&quot;20250215 16:00&quot;,&quot;from&quot;:1739628000,&quot;to&quot;:1739628000,&quot;to_DATE&quot;:&quot;20250215 16:00&quot;,&quot;from_HRFSHORT&quot;:&quot;15. Feb 2025&quot;,&quot;from_HRFSHORT_WD&quot;:&quot;Sa 15.02.2025&quot;,&quot;to_HRFSHORT&quot;:&quot;15. Feb 2025&quot;,&quot;to_HRFSHORT_WD&quot;:&quot;Sa 15.02.2025&quot;,&quot;from_HRF&quot;:&quot;Sa, 15. Februar 2025&quot;,&quot;to_HRF&quot;:&quot;Sa, 15. Februar 2025&quot;,&quot;from_to_HRF&quot;:&quot;Sa, 15. Februar \\u2013 Sa, 15. Februar 2025&quot;,&quot;from_to_HRFSHORT&quot;:&quot;15. Feb \\u2013 15. Feb 2025&quot;},&quot;alert&quot;:null,&quot;partof&quot;:[],&quot;marketing_topic&quot;:{&quot;title&quot;:&quot;Auf Wiedersehen, Palast&quot;,&quot;ID&quot;:141278,&quot;reason&quot;:&quot;belongsto&quot;}}' inline-template>\n\t<a href=\"https:\/\/www.humboldtforum.org\/de\/programm\/termin\/gespraech\/second-world-music-142527\/\" class=\"teaser teaser-event teaser-event-standard\">\n\t\t<div class=\"row\">\n\t\t\t<div class=\"col-xs-12 teaser-event-image\">\n\t\t\t\t<div class=\"teaser-image teaser-image-no-alternate\">\n\t\t\t\t\t\t\t\t\t\t\t\n\t<lazy-media-inline inline-template>\n\t\t<figure itemscope itemtype=\"http:\/\/schema.org\/ImageObject\" class=\"lazy-media-inline \" role=\"group\" id=\"media_69f03d83e7349\" aria-labelledby=\"desc_media_69f03d83e7349\">\n\t\t\t<script type=\"application\/json\" ref=\"data\">\n\t\t\t\t{\n\t\t\t\t\"sizes\" : {\"medium\":{\"file\":\"SHF_eb00243886-300x225.jpg\",\"width\":300,\"height\":225,\"mime-type\":\"image\\\/jpeg\",\"filesize\":16517},\"large\":{\"file\":\"SHF_eb00243886-1024x768.jpg\",\"width\":1024,\"height\":768,\"mime-type\":\"image\\\/jpeg\",\"filesize\":135614},\"thumbnail\":{\"file\":\"SHF_eb00243886-150x150.jpg\",\"width\":150,\"height\":150,\"mime-type\":\"image\\\/jpeg\",\"filesize\":6550},\"medium_large\":{\"file\":\"SHF_eb00243886-768x576.jpg\",\"width\":768,\"height\":576,\"mime-type\":\"image\\\/jpeg\",\"filesize\":82227},\"small\":{\"file\":\"SHF_eb00243886-440x330.jpg\",\"width\":440,\"height\":330,\"mime-type\":\"image\\\/jpeg\",\"filesize\":31249},\"semi\":{\"file\":\"SHF_eb00243886-580x435.jpg\",\"width\":580,\"height\":435,\"mime-type\":\"image\\\/jpeg\",\"filesize\":51262},\"mobile\":{\"file\":\"SHF_eb00243886-720x540.jpg\",\"width\":720,\"height\":540,\"mime-type\":\"image\\\/jpeg\",\"filesize\":73845},\"hd\":{\"file\":\"SHF_eb00243886-1280x960.jpg\",\"width\":1280,\"height\":960,\"mime-type\":\"image\\\/jpeg\",\"filesize\":199992},\"full\":{\"file\":\"SHF_eb00243886-1920x1440.jpg\",\"width\":1920,\"height\":1440,\"mime-type\":\"image\\\/jpeg\",\"filesize\":407766},\"1536x1536\":{\"file\":\"SHF_eb00243886-1536x1152.jpg\",\"width\":1536,\"height\":1152,\"mime-type\":\"image\\\/jpeg\",\"filesize\":274800},\"2048x2048\":{\"file\":\"SHF_eb00243886-2048x1536.jpg\",\"width\":2048,\"height\":1536,\"mime-type\":\"image\\\/jpeg\",\"filesize\":458613},\"original\":{\"file\":\"SHF_eb00243886.jpg\",\"width\":4000,\"height\":3000}},\n\t\t\t\t\"alt\" : \"Drei ge\\u00f6ffnete Akten mit historischen Dokumenten oder Schallplatten in einem Archiv, im Hintergrund runde Objekte.\",\n\t\t\t\t\"path\" : \"\\\/wp-content\\\/uploads\\\/2025\\\/01\\\/\",\n\t\t\t\t\"video\" : null,\n\t\t\t\t\"autoplay\" : null,\n\t\t\t\t\"youtube\" : null,\n\t\t\t\t\"youtubelabel\" : \"Video abspielen\",\n\t\t\t\t\"brightness\" : 100,\n\t\t\t\t\"crop\" : {\"top\":\"67.20\",\"left\":\"54.92\"},\n\t\t\t\t\"background\" : true,\n\t\t\t\t\"scale\" : 2\t\t\t\t}\n\t\t\t<\/script>\n\n\t\t\t<div class=\"height-container\" style=\"padding-bottom:75%;\" v-if=\"sizes\">\n\t\t\t\t\t\t\t\t<lazy-media :inline=\"true\" :alt=\"alt\" :sizes=\"sizes\" :scale=\"scale\" :brightness=\"brightness\" :path=\"path\" :video=\"video\" :autoplay=\"autoplay\" :youtube=\"youtube\" :crop=\"crop\" :youtubelabel=\"youtubelabel\" :background=\"background\" media-id=\"desc_media_69f03d83e7349\"><\/lazy-media>\n\t\t\t\t\t\t\t<\/div>\n\n\t\t\t\t\t\t\t<figcaption class=\"sr-only\" ref=\"body\" id=\"desc_media_69f03d83e7349\">\n\t\t\t\t\t\t\t\t\t\t\t<div>Tonband vom Rundfunk der Deutschen Demokratischen Republik f&uuml;r die Veranstaltung &quot;Second World Music&quot; <\/div>\n\t\t\t\t\t\t\t\t\t\t\t\t\t\t\t\t\t\t\t\t\t<div class=\"insignificant\">\u00a9 Sydney Hutchinson<\/div>\n\t\t\t\t\t\t\t\t\t<\/figcaption>\n\t\t\t\t\t<\/figure>\n\t<\/lazy-media-inline>\n\t\t\t\t<\/div>\n\t\t\t<\/div>\n\t\t\t<div class=\"col-xs-12 teaser-event-text Infos\">\n\t\t\t\t<div class=\"teaser-event-standard-text\">\n\t\t\t\t\t<div class=\"margin-bottom-atom\">\n\t\t\t\t\t\t<div class=\"subline clamp-1\" v-html=\"maingenre\"><\/div>\n\t\t\t\t\t\t\t\t\t\t\t\t\t<div class=\"insignificant clamp-2\">Auf Wiedersehen, Palast<\/div>\n\t\t\t\t\t\t\t\t\t\t\t<\/div>\n\t\t\t\t\n\t\t\t\t\t<strong class=\"margin-bottom-atom\">Second World Music<\/strong>\n\n\t\t\t\t\t\t\t\t\t\t\t<div class=\"\"><\/div>\n\t\t\t\t\t\t\t\t\t<\/div>\n\t\t\t\t<div class=\"teaser-bottom border-bottom\">\n\t\t\t\t<calendardateline :rawitem='item' :show-icon=\"true\"><\/calendardateline>\n\t\t\t\t\t<hr>\n\t\t\t\t<\/div>\n\t\t\t<\/div>\n\t\t<\/div>\n\t<\/a>\n\t<\/calendarteaser>\n<\/li>\n\n<li class=\"teaser-lane-slide col-xs-9 col-sm-4 col-md-3 teaser-wrapper col-padding-remove\">\n\t<calendarteaser key=\"141282260\" rawitem='{&quot;postId&quot;:141282,&quot;title&quot;:&quot;Namen, die wir tragen&quot;,&quot;excerpt&quot;:&quot;&quot;,&quot;slug&quot;:&quot;namen-die-wir-tragen&quot;,&quot;post_date&quot;:&quot;2024-12-13T11:05&quot;,&quot;type&quot;:&quot;event&quot;,&quot;permalink&quot;:&quot;https:\\\/\\\/www.humboldtforum.org\\\/de\\\/programm\\\/termin\\\/performance\\\/namen-die-wir-tragen-141282\\\/&quot;,&quot;genre&quot;:[930],&quot;genre_details&quot;:[{&quot;text&quot;:&quot;Performance&quot;,&quot;id&quot;:930,&quot;icon&quot;:null,&quot;parent&quot;:0}],&quot;stakeholder&quot;:[382],&quot;stakeholder_details&quot;:[{&quot;text&quot;:&quot;Stiftung Humboldt Forum im Berliner Schloss&quot;,&quot;id&quot;:382,&quot;icon&quot;:null,&quot;parent&quot;:0}],&quot;targetgroup&quot;:[383,455],&quot;targetgroup_details&quot;:[{&quot;text&quot;:&quot;Erwachsene&quot;,&quot;id&quot;:383,&quot;icon&quot;:null,&quot;parent&quot;:0},{&quot;text&quot;:&quot;Jugendliche&quot;,&quot;id&quot;:455,&quot;icon&quot;:null,&quot;parent&quot;:0}],&quot;language&quot;:[384],&quot;language_details&quot;:[{&quot;text&quot;:&quot;Deutsch&quot;,&quot;id&quot;:384,&quot;icon&quot;:null,&quot;parent&quot;:0}],&quot;place&quot;:[1179],&quot;place_details&quot;:{&quot;place&quot;:&quot;Humboldt Forum&quot;,&quot;map&quot;:&quot;Humboldt Forum, Schlossplatz, Berlin&quot;,&quot;room&quot;:&quot;Saal 1, EG&quot;},&quot;icon_overwrite&quot;:&quot;&quot;,&quot;acf&quot;:{&quot;noindex&quot;:false,&quot;keywords&quot;:&quot;&quot;,&quot;hashtag&quot;:&quot;HumboldtForum&quot;,&quot;belongsto&quot;:[141278,116558],&quot;shorturl&quot;:&quot;&quot;,&quot;times&quot;:[],&quot;planning&quot;:{&quot;price&quot;:&quot;8 EUR, erm\\u00e4\\u00dfigt 4 EUR&quot;,&quot;admission&quot;:&quot;&quot;,&quot;pause&quot;:&quot;&quot;,&quot;duration&quot;:&quot;&quot;},&quot;additional_info&quot;:{&quot;icon&quot;:&quot;0&quot;,&quot;text&quot;:&quot;&quot;},&quot;highlight_header&quot;:false,&quot;use_video_in_teasers&quot;:false,&quot;hyphenation&quot;:true,&quot;tipp&quot;:false,&quot;joker&quot;:false,&quot;live&quot;:false,&quot;hide_event_in_program&quot;:false,&quot;gomus_id&quot;:&quot;&quot;,&quot;hm_id&quot;:&quot;&quot;,&quot;featured_images&quot;:[141313],&quot;tickettext&quot;:&quot;Bitte buchen Sie Ihr Ticket vorab online oder an der Kasse im Foyer.&quot;,&quot;infotext&quot;:&quot;In Kombination mit \\&quot;neubelichtung\\&quot; von Anke Heelemann&quot;},&quot;date&quot;:{&quot;NX&quot;:null,&quot;NXX&quot;:null,&quot;NLAST&quot;:&quot;202502161600&quot;,&quot;from_DATE&quot;:&quot;20250215 18:00&quot;,&quot;from&quot;:1739635200,&quot;to&quot;:1739721600,&quot;to_DATE&quot;:&quot;20250216 18:00&quot;,&quot;from_HRFSHORT&quot;:&quot;15. Feb 2025&quot;,&quot;from_HRFSHORT_WD&quot;:&quot;Sa 15.02.2025&quot;,&quot;to_HRFSHORT&quot;:&quot;16. Feb 2025&quot;,&quot;to_HRFSHORT_WD&quot;:&quot;So 16.02.2025&quot;,&quot;from_HRF&quot;:&quot;Sa, 15. Februar 2025&quot;,&quot;to_HRF&quot;:&quot;So, 16. Februar 2025&quot;,&quot;from_to_HRF&quot;:&quot;Sa, 15. Februar \\u2013 So, 16. Februar 2025&quot;,&quot;from_to_HRFSHORT&quot;:&quot;15. Feb \\u2013 16. Feb 2025&quot;},&quot;alert&quot;:null,&quot;partof&quot;:[],&quot;marketing_topic&quot;:{&quot;title&quot;:&quot;Auf Wiedersehen, Palast&quot;,&quot;ID&quot;:141278,&quot;reason&quot;:&quot;belongsto&quot;}}' inline-template>\n\t<a href=\"https:\/\/www.humboldtforum.org\/de\/programm\/termin\/performance\/namen-die-wir-tragen-141282\/\" class=\"teaser teaser-event teaser-event-standard\">\n\t\t<div class=\"row\">\n\t\t\t<div class=\"col-xs-12 teaser-event-image\">\n\t\t\t\t<div class=\"teaser-image teaser-image-no-alternate\">\n\t\t\t\t\t\t\t\t\t\t\t\n\t<lazy-media-inline inline-template>\n\t\t<figure itemscope itemtype=\"http:\/\/schema.org\/ImageObject\" class=\"lazy-media-inline \" role=\"group\" id=\"media_69f03d83e8113\" aria-labelledby=\"desc_media_69f03d83e8113\">\n\t\t\t<script type=\"application\/json\" ref=\"data\">\n\t\t\t\t{\n\t\t\t\t\"sizes\" : {\"medium\":{\"file\":\"SHF_eb00237713-300x169.jpg\",\"width\":300,\"height\":169,\"mime-type\":\"image\\\/jpeg\",\"filesize\":14741},\"large\":{\"file\":\"SHF_eb00237713-1024x576.jpg\",\"width\":1024,\"height\":576,\"mime-type\":\"image\\\/jpeg\",\"filesize\":135284},\"thumbnail\":{\"file\":\"SHF_eb00237713-150x150.jpg\",\"width\":150,\"height\":150,\"mime-type\":\"image\\\/jpeg\",\"filesize\":7102},\"medium_large\":{\"file\":\"SHF_eb00237713-768x432.jpg\",\"width\":768,\"height\":432,\"mime-type\":\"image\\\/jpeg\",\"filesize\":82592},\"small\":{\"file\":\"SHF_eb00237713-440x247.jpg\",\"width\":440,\"height\":247,\"mime-type\":\"image\\\/jpeg\",\"filesize\":30017},\"semi\":{\"file\":\"SHF_eb00237713-580x326.jpg\",\"width\":580,\"height\":326,\"mime-type\":\"image\\\/jpeg\",\"filesize\":50610},\"mobile\":{\"file\":\"SHF_eb00237713-720x405.jpg\",\"width\":720,\"height\":405,\"mime-type\":\"image\\\/jpeg\",\"filesize\":74383},\"hd\":{\"file\":\"SHF_eb00237713-1280x720.jpg\",\"width\":1280,\"height\":720,\"mime-type\":\"image\\\/jpeg\",\"filesize\":194195},\"full\":{\"file\":\"SHF_eb00237713-1920x1080.jpg\",\"width\":1920,\"height\":1080,\"mime-type\":\"image\\\/jpeg\",\"filesize\":363093},\"1536x1536\":{\"file\":\"SHF_eb00237713-1536x864.jpg\",\"width\":1536,\"height\":864,\"mime-type\":\"image\\\/jpeg\",\"filesize\":258684},\"2048x2048\":{\"file\":\"SHF_eb00237713-2048x1152.jpg\",\"width\":2048,\"height\":1152,\"mime-type\":\"image\\\/jpeg\",\"filesize\":398854},\"original\":{\"file\":\"SHF_eb00237713.jpg\",\"width\":2162,\"height\":1216}},\n\t\t\t\t\"alt\" : \"Ein Junge liegt auf dem Boden und schreit die Frage: \\\"Wie hei\\u00dft du?\\\" neben sich.\",\n\t\t\t\t\"path\" : \"\\\/wp-content\\\/uploads\\\/2024\\\/12\\\/\",\n\t\t\t\t\"video\" : null,\n\t\t\t\t\"autoplay\" : null,\n\t\t\t\t\"youtube\" : null,\n\t\t\t\t\"youtubelabel\" : \"Video abspielen\",\n\t\t\t\t\"brightness\" : 100,\n\t\t\t\t\"crop\" : {\"top\":\"43.02\",\"left\":\"8.05\"},\n\t\t\t\t\"background\" : true,\n\t\t\t\t\"scale\" : 2\t\t\t\t}\n\t\t\t<\/script>\n\n\t\t\t<div class=\"height-container\" style=\"padding-bottom:56.244218316374%;\" v-if=\"sizes\">\n\t\t\t\t\t\t\t\t<lazy-media :inline=\"true\" :alt=\"alt\" :sizes=\"sizes\" :scale=\"scale\" :brightness=\"brightness\" :path=\"path\" :video=\"video\" :autoplay=\"autoplay\" :youtube=\"youtube\" :crop=\"crop\" :youtubelabel=\"youtubelabel\" :background=\"background\" media-id=\"desc_media_69f03d83e8113\"><\/lazy-media>\n\t\t\t\t\t\t\t<\/div>\n\n\t\t\t\t\t\t\t<figcaption class=\"sr-only\" ref=\"body\" id=\"desc_media_69f03d83e8113\">\n\t\t\t\t\t\t\t\t\t\t\t<div>Motiv des Projekts &quot;Namen, die wir tragen&quot; von Michikazu Matsune<\/div>\n\t\t\t\t\t\t\t\t\t\t\t\t\t\t\t\t\t\t\t\t\t<div class=\"insignificant\">\u00a9 Foto: T. Matsune<\/div>\n\t\t\t\t\t\t\t\t\t<\/figcaption>\n\t\t\t\t\t<\/figure>\n\t<\/lazy-media-inline>\n\t\t\t\t<\/div>\n\t\t\t<\/div>\n\t\t\t<div class=\"col-xs-12 teaser-event-text Infos\">\n\t\t\t\t<div class=\"teaser-event-standard-text\">\n\t\t\t\t\t<div class=\"margin-bottom-atom\">\n\t\t\t\t\t\t<div class=\"subline clamp-1\" v-html=\"maingenre\"><\/div>\n\t\t\t\t\t\t\t\t\t\t\t\t\t<div class=\"insignificant clamp-2\">Auf Wiedersehen, Palast<\/div>\n\t\t\t\t\t\t\t\t\t\t\t<\/div>\n\t\t\t\t\n\t\t\t\t\t<strong class=\"margin-bottom-atom\">Namen, die wir tragen<\/strong>\n\n\t\t\t\t\t\t\t\t\t\t\t<div class=\"\"><\/div>\n\t\t\t\t\t\t\t\t\t<\/div>\n\t\t\t\t<div class=\"teaser-bottom border-bottom\">\n\t\t\t\t<calendardateline :rawitem='item' :show-icon=\"true\"><\/calendardateline>\n\t\t\t\t\t<hr>\n\t\t\t\t<\/div>\n\t\t\t<\/div>\n\t\t<\/div>\n\t<\/a>\n\t<\/calendarteaser>\n<\/li>\n\n<li class=\"teaser-lane-slide col-xs-9 col-sm-4 col-md-3 teaser-wrapper col-padding-remove\">\n\t<calendarteaser key=\"1413717819\" rawitem='{&quot;postId&quot;:141371,&quot;title&quot;:&quot;neubelichtung&quot;,&quot;excerpt&quot;:&quot;&quot;,&quot;slug&quot;:&quot;neubelichtung&quot;,&quot;post_date&quot;:&quot;2024-12-17T09:53&quot;,&quot;type&quot;:&quot;event&quot;,&quot;permalink&quot;:&quot;https:\\\/\\\/www.humboldtforum.org\\\/de\\\/programm\\\/termin\\\/installation\\\/neubelichtung-141371\\\/&quot;,&quot;genre&quot;:[394],&quot;genre_details&quot;:[{&quot;text&quot;:&quot;Installation&quot;,&quot;id&quot;:394,&quot;icon&quot;:null,&quot;parent&quot;:0}],&quot;stakeholder&quot;:[382],&quot;stakeholder_details&quot;:[{&quot;text&quot;:&quot;Stiftung Humboldt Forum im Berliner Schloss&quot;,&quot;id&quot;:382,&quot;icon&quot;:null,&quot;parent&quot;:0}],&quot;targetgroup&quot;:[383,455],&quot;targetgroup_details&quot;:[{&quot;text&quot;:&quot;Erwachsene&quot;,&quot;id&quot;:383,&quot;icon&quot;:null,&quot;parent&quot;:0},{&quot;text&quot;:&quot;Jugendliche&quot;,&quot;id&quot;:455,&quot;icon&quot;:null,&quot;parent&quot;:0}],&quot;place&quot;:[957],&quot;place_details&quot;:{&quot;place&quot;:&quot;Humboldt Forum&quot;,&quot;map&quot;:&quot;Humboldt Forum, Schlossplatz, Berlin&quot;,&quot;room&quot;:&quot;Foyer&quot;},&quot;icon_overwrite&quot;:&quot;&quot;,&quot;acf&quot;:{&quot;noindex&quot;:false,&quot;keywords&quot;:&quot;&quot;,&quot;hashtag&quot;:&quot;HumboldtForum&quot;,&quot;belongsto&quot;:[141278,116558],&quot;shorturl&quot;:&quot;&quot;,&quot;times&quot;:[],&quot;planning&quot;:{&quot;price&quot;:&quot;kostenfrei&quot;,&quot;admission&quot;:&quot;&quot;,&quot;pause&quot;:&quot;&quot;,&quot;duration&quot;:&quot;&quot;},&quot;additional_info&quot;:{&quot;icon&quot;:&quot;0&quot;,&quot;text&quot;:&quot;&quot;},&quot;highlight_header&quot;:false,&quot;use_video_in_teasers&quot;:false,&quot;hyphenation&quot;:true,&quot;tipp&quot;:false,&quot;joker&quot;:false,&quot;live&quot;:false,&quot;hide_event_in_program&quot;:false,&quot;gomus_id&quot;:&quot;&quot;,&quot;hm_id&quot;:&quot;&quot;,&quot;tickettext&quot;:&quot;kein Ticket erforderlich&quot;,&quot;subline&quot;:&quot;Ein Album mit Bitterfeld-Wolfen&quot;,&quot;featured_images&quot;:[159021],&quot;infotext&quot;:&quot;in Kombination mit: \\&quot;Namen, die wir tragen\\&quot; von Michikazu Matsune&quot;},&quot;date&quot;:{&quot;NX&quot;:null,&quot;NXX&quot;:null,&quot;NLAST&quot;:&quot;202502160830&quot;,&quot;from_DATE&quot;:&quot;20250214 10:30&quot;,&quot;from&quot;:1739521800,&quot;to&quot;:1739694600,&quot;to_DATE&quot;:&quot;20250216 10:30&quot;,&quot;from_HRFSHORT&quot;:&quot;14. Feb 2025&quot;,&quot;from_HRFSHORT_WD&quot;:&quot;Fr 14.02.2025&quot;,&quot;to_HRFSHORT&quot;:&quot;16. Feb 2025&quot;,&quot;to_HRFSHORT_WD&quot;:&quot;So 16.02.2025&quot;,&quot;from_HRF&quot;:&quot;Fr, 14. Februar 2025&quot;,&quot;to_HRF&quot;:&quot;So, 16. Februar 2025&quot;,&quot;from_to_HRF&quot;:&quot;Fr, 14. Februar \\u2013 So, 16. Februar 2025&quot;,&quot;from_to_HRFSHORT&quot;:&quot;14. Feb \\u2013 16. Feb 2025&quot;},&quot;alert&quot;:null,&quot;partof&quot;:[],&quot;marketing_topic&quot;:{&quot;title&quot;:&quot;Auf Wiedersehen, Palast&quot;,&quot;ID&quot;:141278,&quot;reason&quot;:&quot;belongsto&quot;}}' inline-template>\n\t<a href=\"https:\/\/www.humboldtforum.org\/de\/programm\/termin\/installation\/neubelichtung-141371\/\" class=\"teaser teaser-event teaser-event-standard\">\n\t\t<div class=\"row\">\n\t\t\t<div class=\"col-xs-12 teaser-event-image\">\n\t\t\t\t<div class=\"teaser-image teaser-image-no-alternate\">\n\t\t\t\t\t\t\t\t\t\t\t\n\t<lazy-media-inline inline-template>\n\t\t<figure itemscope itemtype=\"http:\/\/schema.org\/ImageObject\" class=\"lazy-media-inline \" role=\"group\" id=\"media_69f03d83e8f4b\" aria-labelledby=\"desc_media_69f03d83e8f4b\">\n\t\t\t<script type=\"application\/json\" ref=\"data\">\n\t\t\t\t{\n\t\t\t\t\"sizes\" : {\"medium\":{\"file\":\"SHF_eb00237709-300x233.jpg\",\"width\":300,\"height\":233,\"mime-type\":\"image\\\/jpeg\",\"filesize\":23298},\"large\":{\"file\":\"SHF_eb00237709-1024x796.jpg\",\"width\":1024,\"height\":796,\"mime-type\":\"image\\\/jpeg\",\"filesize\":156529},\"thumbnail\":{\"file\":\"SHF_eb00237709-150x150.jpg\",\"width\":150,\"height\":150,\"mime-type\":\"image\\\/jpeg\",\"filesize\":9027},\"medium_large\":{\"file\":\"SHF_eb00237709-768x597.jpg\",\"width\":768,\"height\":597,\"mime-type\":\"image\\\/jpeg\",\"filesize\":101919},\"small\":{\"file\":\"SHF_eb00237709-440x342.jpg\",\"width\":440,\"height\":342,\"mime-type\":\"image\\\/jpeg\",\"filesize\":43281},\"semi\":{\"file\":\"SHF_eb00237709-580x451.jpg\",\"width\":580,\"height\":451,\"mime-type\":\"image\\\/jpeg\",\"filesize\":67436},\"mobile\":{\"file\":\"SHF_eb00237709-720x560.jpg\",\"width\":720,\"height\":560,\"mime-type\":\"image\\\/jpeg\",\"filesize\":92737},\"hd\":{\"file\":\"SHF_eb00237709-1280x995.jpg\",\"width\":1280,\"height\":995,\"mime-type\":\"image\\\/jpeg\",\"filesize\":217175},\"full\":{\"file\":\"SHF_eb00237709-1920x1493.jpg\",\"width\":1920,\"height\":1493,\"mime-type\":\"image\\\/jpeg\",\"filesize\":390655},\"1536x1536\":{\"file\":\"SHF_eb00237709-1536x1195.jpg\",\"width\":1536,\"height\":1195,\"mime-type\":\"image\\\/jpeg\",\"filesize\":281605},\"2048x2048\":{\"file\":\"SHF_eb00237709-2048x1593.jpg\",\"width\":2048,\"height\":1593,\"mime-type\":\"image\\\/jpeg\",\"filesize\":428850},\"original\":{\"file\":\"SHF_eb00237709.jpg\",\"width\":2362,\"height\":1837}},\n\t\t\t\t\"alt\" : \"Frau mit verschr\\u00e4nkten Armen vor einem B\\u00fccherregal voller Notizb\\u00fccher und Alben in bunten Farben.\",\n\t\t\t\t\"path\" : \"\\\/wp-content\\\/uploads\\\/2024\\\/12\\\/\",\n\t\t\t\t\"video\" : null,\n\t\t\t\t\"autoplay\" : null,\n\t\t\t\t\"youtube\" : null,\n\t\t\t\t\"youtubelabel\" : \"Video abspielen\",\n\t\t\t\t\"brightness\" : 100,\n\t\t\t\t\"crop\" : {\"top\":\"21.12\",\"left\":\"51.29\"},\n\t\t\t\t\"background\" : true,\n\t\t\t\t\"scale\" : 2\t\t\t\t}\n\t\t\t<\/script>\n\n\t\t\t<div class=\"height-container\" style=\"padding-bottom:77.773073666384%;\" v-if=\"sizes\">\n\t\t\t\t\t\t\t\t<lazy-media :inline=\"true\" :alt=\"alt\" :sizes=\"sizes\" :scale=\"scale\" :brightness=\"brightness\" :path=\"path\" :video=\"video\" :autoplay=\"autoplay\" :youtube=\"youtube\" :crop=\"crop\" :youtubelabel=\"youtubelabel\" :background=\"background\" media-id=\"desc_media_69f03d83e8f4b\"><\/lazy-media>\n\t\t\t\t\t\t\t<\/div>\n\n\t\t\t\t\t\t\t<figcaption class=\"sr-only\" ref=\"body\" id=\"desc_media_69f03d83e8f4b\">\n\t\t\t\t\t\t\t\t\t\t\t\t\t\t\t\t<div>Portr&auml;t der K&uuml;nstlerin Anke Heelemann <\/div>\n\t\t\t\t\t\t\t\t\t\t\t\t\t\t\t\t<div class=\"insignificant\">\u00a9 Foto: privat, 2023<\/div>\n\t\t\t\t\t\t\t\t\t<\/figcaption>\n\t\t\t\t\t<\/figure>\n\t<\/lazy-media-inline>\n\t\t\t\t<\/div>\n\t\t\t<\/div>\n\t\t\t<div class=\"col-xs-12 teaser-event-text Infos\">\n\t\t\t\t<div class=\"teaser-event-standard-text\">\n\t\t\t\t\t<div class=\"margin-bottom-atom\">\n\t\t\t\t\t\t<div class=\"subline clamp-1\" v-html=\"maingenre\"><\/div>\n\t\t\t\t\t\t\t\t\t\t\t\t\t<div class=\"insignificant clamp-2\">Auf Wiedersehen, Palast<\/div>\n\t\t\t\t\t\t\t\t\t\t\t<\/div>\n\t\t\t\t\n\t\t\t\t\t<strong class=\"margin-bottom-atom\">neubelichtung<\/strong>\n\n\t\t\t\t\t\t\t\t\t\t\t<div class=\"\">Ein Album mit Bitterfeld-Wolfen<\/div>\n\t\t\t\t\t\t\t\t\t<\/div>\n\t\t\t\t<div class=\"teaser-bottom border-bottom\">\n\t\t\t\t<calendardateline :rawitem='item' :show-icon=\"true\"><\/calendardateline>\n\t\t\t\t\t<hr>\n\t\t\t\t<\/div>\n\t\t\t<\/div>\n\t\t<\/div>\n\t<\/a>\n\t<\/calendarteaser>\n<\/li>\n\n<li class=\"teaser-lane-slide col-xs-9 col-sm-4 col-md-3 teaser-wrapper col-padding-remove\">\n\t<calendarteaser key=\"9761712895\" rawitem='{&quot;postId&quot;:97617,&quot;title&quot;:&quot;Puzzle Challenge&quot;,&quot;excerpt&quot;:&quot;&quot;,&quot;slug&quot;:&quot;spiel-der-palaeste&quot;,&quot;post_date&quot;:&quot;2023-08-29T17:34&quot;,&quot;type&quot;:&quot;event&quot;,&quot;permalink&quot;:&quot;https:\\\/\\\/www.humboldtforum.org\\\/de\\\/programm\\\/termin\\\/entertainment\\\/spiel-der-palaeste-97617\\\/&quot;,&quot;genre&quot;:[829],&quot;genre_details&quot;:[{&quot;text&quot;:&quot;Entertainment&quot;,&quot;id&quot;:829,&quot;icon&quot;:null,&quot;parent&quot;:0}],&quot;topic&quot;:[431],&quot;topic_details&quot;:[{&quot;text&quot;:&quot;Geschichte und Architektur des Ortes&quot;,&quot;id&quot;:431,&quot;icon&quot;:null,&quot;parent&quot;:0}],&quot;stakeholder&quot;:[382],&quot;stakeholder_details&quot;:[{&quot;text&quot;:&quot;Stiftung Humboldt Forum im Berliner Schloss&quot;,&quot;id&quot;:382,&quot;icon&quot;:null,&quot;parent&quot;:0}],&quot;targetgroup&quot;:[383],&quot;targetgroup_details&quot;:[{&quot;text&quot;:&quot;Erwachsene&quot;,&quot;id&quot;:383,&quot;icon&quot;:null,&quot;parent&quot;:0}],&quot;language&quot;:[384],&quot;language_details&quot;:[{&quot;text&quot;:&quot;Deutsch&quot;,&quot;id&quot;:384,&quot;icon&quot;:null,&quot;parent&quot;:0}],&quot;place&quot;:[957],&quot;place_details&quot;:{&quot;place&quot;:&quot;Humboldt Forum&quot;,&quot;map&quot;:&quot;Humboldt Forum, Schlossplatz, Berlin&quot;,&quot;room&quot;:&quot;Foyer&quot;},&quot;icon_overwrite&quot;:&quot;&quot;,&quot;acf&quot;:{&quot;noindex&quot;:false,&quot;keywords&quot;:&quot;&quot;,&quot;belongsto&quot;:[141278],&quot;shorturl&quot;:&quot;&quot;,&quot;hashtag&quot;:&quot;HumboldtForum&quot;,&quot;planning&quot;:{&quot;price&quot;:&quot;kostenfrei&quot;,&quot;admission&quot;:&quot;&quot;,&quot;pause&quot;:&quot;&quot;,&quot;duration&quot;:&quot;&quot;},&quot;additional_info&quot;:{&quot;icon&quot;:&quot;0&quot;,&quot;text&quot;:&quot;&quot;},&quot;highlight_header&quot;:false,&quot;use_video_in_teasers&quot;:false,&quot;hyphenation&quot;:true,&quot;tipp&quot;:false,&quot;joker&quot;:false,&quot;live&quot;:false,&quot;hide_event_in_program&quot;:false,&quot;gomus_id&quot;:&quot;&quot;,&quot;hm_id&quot;:&quot;&quot;,&quot;times&quot;:[],&quot;featured_images&quot;:[97625]},&quot;date&quot;:{&quot;NX&quot;:null,&quot;NXX&quot;:null,&quot;NLAST&quot;:&quot;202502160830&quot;,&quot;from_DATE&quot;:&quot;20250215 10:30&quot;,&quot;from&quot;:1739608200,&quot;to&quot;:1739694600,&quot;to_DATE&quot;:&quot;20250216 10:30&quot;,&quot;from_HRFSHORT&quot;:&quot;15. Feb 2025&quot;,&quot;from_HRFSHORT_WD&quot;:&quot;Sa 15.02.2025&quot;,&quot;to_HRFSHORT&quot;:&quot;16. Feb 2025&quot;,&quot;to_HRFSHORT_WD&quot;:&quot;So 16.02.2025&quot;,&quot;from_HRF&quot;:&quot;Sa, 15. Februar 2025&quot;,&quot;to_HRF&quot;:&quot;So, 16. Februar 2025&quot;,&quot;from_to_HRF&quot;:&quot;Sa, 15. Februar \\u2013 So, 16. Februar 2025&quot;,&quot;from_to_HRFSHORT&quot;:&quot;15. Feb \\u2013 16. Feb 2025&quot;},&quot;alert&quot;:null,&quot;partof&quot;:[],&quot;marketing_topic&quot;:{&quot;title&quot;:&quot;Auf Wiedersehen, Palast&quot;,&quot;ID&quot;:141278,&quot;reason&quot;:&quot;belongsto&quot;}}' inline-template>\n\t<a href=\"https:\/\/www.humboldtforum.org\/de\/programm\/termin\/entertainment\/spiel-der-palaeste-97617\/\" class=\"teaser teaser-event teaser-event-standard\">\n\t\t<div class=\"row\">\n\t\t\t<div class=\"col-xs-12 teaser-event-image\">\n\t\t\t\t<div class=\"teaser-image teaser-image-no-alternate\">\n\t\t\t\t\t\t\t\t\t\t\t\n\t<lazy-media-inline inline-template>\n\t\t<figure itemscope itemtype=\"http:\/\/schema.org\/ImageObject\" class=\"lazy-media-inline \" role=\"group\" id=\"media_69f03d83e9d31\" aria-labelledby=\"desc_media_69f03d83e9d31\">\n\t\t\t<script type=\"application\/json\" ref=\"data\">\n\t\t\t\t{\n\t\t\t\t\"sizes\" : {\"medium\":{\"file\":\"SHF_eb00194743-300x200.jpg\",\"width\":300,\"height\":200,\"mime-type\":\"image\\\/jpeg\",\"filesize\":13182},\"large\":{\"file\":\"SHF_eb00194743-1024x682.jpg\",\"width\":1024,\"height\":682,\"mime-type\":\"image\\\/jpeg\",\"filesize\":75369},\"thumbnail\":{\"file\":\"SHF_eb00194743-150x150.jpg\",\"width\":150,\"height\":150,\"mime-type\":\"image\\\/jpeg\",\"filesize\":6204},\"medium_large\":{\"file\":\"SHF_eb00194743-768x512.jpg\",\"width\":768,\"height\":512,\"mime-type\":\"image\\\/jpeg\",\"filesize\":49126},\"small\":{\"file\":\"SHF_eb00194743-440x293.jpg\",\"width\":440,\"height\":293,\"mime-type\":\"image\\\/jpeg\",\"filesize\":22252},\"semi\":{\"file\":\"SHF_eb00194743-580x387.jpg\",\"width\":580,\"height\":387,\"mime-type\":\"image\\\/jpeg\",\"filesize\":33264},\"mobile\":{\"file\":\"SHF_eb00194743-720x480.jpg\",\"width\":720,\"height\":480,\"mime-type\":\"image\\\/jpeg\",\"filesize\":44553},\"hd\":{\"file\":\"SHF_eb00194743-1280x853.jpg\",\"width\":1280,\"height\":853,\"mime-type\":\"image\\\/jpeg\",\"filesize\":107111},\"full\":{\"file\":\"SHF_eb00194743-1920x1280.jpg\",\"width\":1920,\"height\":1280,\"mime-type\":\"image\\\/jpeg\",\"filesize\":216791},\"1536x1536\":{\"file\":\"SHF_eb00194743-1536x1024.jpg\",\"width\":1536,\"height\":1024,\"mime-type\":\"image\\\/jpeg\",\"filesize\":144707},\"original\":{\"file\":\"SHF_eb00194743.jpg\",\"width\":2000,\"height\":1333}},\n\t\t\t\t\"alt\" : \"Detailaufnahme eines unvollst\\u00e4ndigen Puzzles mit fehlendem Teil auf einer Holzoberfl\\u00e4che.\",\n\t\t\t\t\"path\" : \"\\\/wp-content\\\/uploads\\\/2023\\\/08\\\/\",\n\t\t\t\t\"video\" : null,\n\t\t\t\t\"autoplay\" : null,\n\t\t\t\t\"youtube\" : null,\n\t\t\t\t\"youtubelabel\" : \"Video abspielen\",\n\t\t\t\t\"brightness\" : 100,\n\t\t\t\t\"crop\" : null,\n\t\t\t\t\"background\" : true,\n\t\t\t\t\"scale\" : 2\t\t\t\t}\n\t\t\t<\/script>\n\n\t\t\t<div class=\"height-container\" style=\"padding-bottom:66.65%;\" v-if=\"sizes\">\n\t\t\t\t\t\t\t\t<lazy-media :inline=\"true\" :alt=\"alt\" :sizes=\"sizes\" :scale=\"scale\" :brightness=\"brightness\" :path=\"path\" :video=\"video\" :autoplay=\"autoplay\" :youtube=\"youtube\" :crop=\"crop\" :youtubelabel=\"youtubelabel\" :background=\"background\" media-id=\"desc_media_69f03d83e9d31\"><\/lazy-media>\n\t\t\t\t\t\t\t<\/div>\n\n\t\t\t\t\t\t\t<figcaption class=\"sr-only\" ref=\"body\" id=\"desc_media_69f03d83e9d31\">\n\t\t\t\t\t\t\t\t\t\t\t\t\t\t\t\t<div>Puzzle <\/div>\n\t\t\t\t\t\t\t\t\t\t\t\t\t\t\t\t<div class=\"insignificant\">\u00a9 Sigmund \/ Unsplash\r\n<\/div>\n\t\t\t\t\t\t\t\t\t<\/figcaption>\n\t\t\t\t\t<\/figure>\n\t<\/lazy-media-inline>\n\t\t\t\t<\/div>\n\t\t\t<\/div>\n\t\t\t<div class=\"col-xs-12 teaser-event-text Infos\">\n\t\t\t\t<div class=\"teaser-event-standard-text\">\n\t\t\t\t\t<div class=\"margin-bottom-atom\">\n\t\t\t\t\t\t<div class=\"subline clamp-1\" v-html=\"maingenre\"><\/div>\n\t\t\t\t\t\t\t\t\t\t\t\t\t<div class=\"insignificant clamp-2\">Auf Wiedersehen, Palast<\/div>\n\t\t\t\t\t\t\t\t\t\t\t<\/div>\n\t\t\t\t\n\t\t\t\t\t<strong class=\"margin-bottom-atom\">Puzzle Challenge<\/strong>\n\n\t\t\t\t\t\t\t\t\t\t\t<div class=\"\"><\/div>\n\t\t\t\t\t\t\t\t\t<\/div>\n\t\t\t\t<div class=\"teaser-bottom border-bottom\">\n\t\t\t\t<calendardateline :rawitem='item' :show-icon=\"true\"><\/calendardateline>\n\t\t\t\t\t<hr>\n\t\t\t\t<\/div>\n\t\t\t<\/div>\n\t\t<\/div>\n\t<\/a>\n\t<\/calendarteaser>\n<\/li>\n\n<li class=\"teaser-lane-slide col-xs-9 col-sm-4 col-md-3 teaser-wrapper col-padding-remove\">\n\t<calendarteaser key=\"1424389922\" rawitem='{&quot;postId&quot;:142438,&quot;title&quot;:&quot;Textile Talks&quot;,&quot;excerpt&quot;:&quot;&quot;,&quot;slug&quot;:&quot;textile-talks&quot;,&quot;post_date&quot;:&quot;2025-01-21T15:32&quot;,&quot;type&quot;:&quot;event&quot;,&quot;permalink&quot;:&quot;https:\\\/\\\/www.humboldtforum.org\\\/de\\\/programm\\\/termin\\\/gespraech\\\/textile-talks-142438\\\/&quot;,&quot;genre&quot;:[1078],&quot;genre_details&quot;:[{&quot;text&quot;:&quot;Gespr\\u00e4ch&quot;,&quot;id&quot;:1078,&quot;icon&quot;:null,&quot;parent&quot;:0}],&quot;stakeholder&quot;:[530,382],&quot;stakeholder_details&quot;:[{&quot;text&quot;:&quot;Staatliche Museen zu Berlin&quot;,&quot;id&quot;:530,&quot;icon&quot;:null,&quot;parent&quot;:0},{&quot;text&quot;:&quot;Stiftung Humboldt Forum im Berliner Schloss&quot;,&quot;id&quot;:382,&quot;icon&quot;:null,&quot;parent&quot;:0}],&quot;language&quot;:[384],&quot;language_details&quot;:[{&quot;text&quot;:&quot;Deutsch&quot;,&quot;id&quot;:384,&quot;icon&quot;:null,&quot;parent&quot;:0}],&quot;place&quot;:[957],&quot;place_details&quot;:{&quot;place&quot;:&quot;Humboldt Forum&quot;,&quot;map&quot;:&quot;Humboldt Forum, Schlossplatz, Berlin&quot;,&quot;room&quot;:&quot;Foyer&quot;},&quot;icon_overwrite&quot;:&quot;&quot;,&quot;acf&quot;:{&quot;noindex&quot;:false,&quot;keywords&quot;:&quot;&quot;,&quot;hashtag&quot;:&quot;HumboldtForum&quot;,&quot;belongsto&quot;:[141278],&quot;shorturl&quot;:&quot;&quot;,&quot;times&quot;:[],&quot;planning&quot;:{&quot;price&quot;:&quot;kostenfrei&quot;,&quot;admission&quot;:&quot;&quot;,&quot;pause&quot;:&quot;&quot;,&quot;duration&quot;:&quot;&quot;},&quot;additional_info&quot;:{&quot;icon&quot;:&quot;0&quot;,&quot;text&quot;:&quot;&quot;},&quot;highlight_header&quot;:false,&quot;featured_images&quot;:[142622],&quot;use_video_in_teasers&quot;:false,&quot;hyphenation&quot;:true,&quot;tipp&quot;:false,&quot;joker&quot;:false,&quot;live&quot;:false,&quot;hide_event_in_program&quot;:false,&quot;gomus_id&quot;:&quot;&quot;,&quot;hm_id&quot;:&quot;&quot;},&quot;date&quot;:{&quot;NX&quot;:null,&quot;NXX&quot;:null,&quot;NLAST&quot;:&quot;202502161030&quot;,&quot;from_DATE&quot;:&quot;20250216 12:30&quot;,&quot;from&quot;:1739701800,&quot;to&quot;:1739701800,&quot;to_DATE&quot;:&quot;20250216 12:30&quot;,&quot;from_HRFSHORT&quot;:&quot;16. Feb 2025&quot;,&quot;from_HRFSHORT_WD&quot;:&quot;So 16.02.2025&quot;,&quot;to_HRFSHORT&quot;:&quot;16. Feb 2025&quot;,&quot;to_HRFSHORT_WD&quot;:&quot;So 16.02.2025&quot;,&quot;from_HRF&quot;:&quot;So, 16. Februar 2025&quot;,&quot;to_HRF&quot;:&quot;So, 16. Februar 2025&quot;,&quot;from_to_HRF&quot;:&quot;So, 16. Februar \\u2013 So, 16. Februar 2025&quot;,&quot;from_to_HRFSHORT&quot;:&quot;16. Feb \\u2013 16. Feb 2025&quot;},&quot;alert&quot;:null,&quot;partof&quot;:[],&quot;marketing_topic&quot;:{&quot;title&quot;:&quot;Auf Wiedersehen, Palast&quot;,&quot;ID&quot;:141278,&quot;reason&quot;:&quot;belongsto&quot;}}' inline-template>\n\t<a href=\"https:\/\/www.humboldtforum.org\/de\/programm\/termin\/gespraech\/textile-talks-142438\/\" class=\"teaser teaser-event teaser-event-standard\">\n\t\t<div class=\"row\">\n\t\t\t<div class=\"col-xs-12 teaser-event-image\">\n\t\t\t\t<div class=\"teaser-image teaser-image-no-alternate\">\n\t\t\t\t\t\t\t\t\t\t\t\n\t<lazy-media-inline inline-template>\n\t\t<figure itemscope itemtype=\"http:\/\/schema.org\/ImageObject\" class=\"lazy-media-inline \" role=\"group\" id=\"media_69f03d83eaa6b\" aria-labelledby=\"desc_media_69f03d83eaa6b\">\n\t\t\t<script type=\"application\/json\" ref=\"data\">\n\t\t\t\t{\n\t\t\t\t\"sizes\" : {\"medium\":{\"file\":\"SHF_eb00243750-300x200.jpg\",\"width\":300,\"height\":200,\"mime-type\":\"image\\\/jpeg\",\"filesize\":15005},\"large\":{\"file\":\"SHF_eb00243750-1024x683.jpg\",\"width\":1024,\"height\":683,\"mime-type\":\"image\\\/jpeg\",\"filesize\":124850},\"thumbnail\":{\"file\":\"SHF_eb00243750-150x150.jpg\",\"width\":150,\"height\":150,\"mime-type\":\"image\\\/jpeg\",\"filesize\":7421},\"medium_large\":{\"file\":\"SHF_eb00243750-768x512.jpg\",\"width\":768,\"height\":512,\"mime-type\":\"image\\\/jpeg\",\"filesize\":75551},\"small\":{\"file\":\"SHF_eb00243750-440x293.jpg\",\"width\":440,\"height\":293,\"mime-type\":\"image\\\/jpeg\",\"filesize\":28912},\"semi\":{\"file\":\"SHF_eb00243750-580x387.jpg\",\"width\":580,\"height\":387,\"mime-type\":\"image\\\/jpeg\",\"filesize\":46800},\"mobile\":{\"file\":\"SHF_eb00243750-720x480.jpg\",\"width\":720,\"height\":480,\"mime-type\":\"image\\\/jpeg\",\"filesize\":67716},\"hd\":{\"file\":\"SHF_eb00243750-1280x853.jpg\",\"width\":1280,\"height\":853,\"mime-type\":\"image\\\/jpeg\",\"filesize\":182994},\"full\":{\"file\":\"SHF_eb00243750-1920x1280.jpg\",\"width\":1920,\"height\":1280,\"mime-type\":\"image\\\/jpeg\",\"filesize\":362887},\"xxl\":{\"file\":\"SHF_eb00243750-4048x2699.jpg\",\"width\":4048,\"height\":2699,\"mime-type\":\"image\\\/jpeg\",\"filesize\":1290242},\"1536x1536\":{\"file\":\"SHF_eb00243750-1536x1024.jpg\",\"width\":1536,\"height\":1024,\"mime-type\":\"image\\\/jpeg\",\"filesize\":249069},\"2048x2048\":{\"file\":\"SHF_eb00243750-2048x1365.jpg\",\"width\":2048,\"height\":1365,\"mime-type\":\"image\\\/jpeg\",\"filesize\":404779},\"original\":{\"file\":\"SHF_eb00243750.jpg\",\"width\":5988,\"height\":3992}},\n\t\t\t\t\"alt\" : \"Moderne Kunstgalerie mit bunten Wandteppichen und abstrakter Wandkunst.\",\n\t\t\t\t\"path\" : \"\\\/wp-content\\\/uploads\\\/2025\\\/01\\\/\",\n\t\t\t\t\"video\" : null,\n\t\t\t\t\"autoplay\" : null,\n\t\t\t\t\"youtube\" : null,\n\t\t\t\t\"youtubelabel\" : \"Video abspielen\",\n\t\t\t\t\"brightness\" : 100,\n\t\t\t\t\"crop\" : null,\n\t\t\t\t\"background\" : true,\n\t\t\t\t\"scale\" : 2\t\t\t\t}\n\t\t\t<\/script>\n\n\t\t\t<div class=\"height-container\" style=\"padding-bottom:66.666666666667%;\" v-if=\"sizes\">\n\t\t\t\t\t\t\t\t<lazy-media :inline=\"true\" :alt=\"alt\" :sizes=\"sizes\" :scale=\"scale\" :brightness=\"brightness\" :path=\"path\" :video=\"video\" :autoplay=\"autoplay\" :youtube=\"youtube\" :crop=\"crop\" :youtubelabel=\"youtubelabel\" :background=\"background\" media-id=\"desc_media_69f03d83eaa6b\"><\/lazy-media>\n\t\t\t\t\t\t\t<\/div>\n\n\t\t\t\t\t\t\t<figcaption class=\"sr-only\" ref=\"body\" id=\"desc_media_69f03d83eaa6b\">\n\t\t\t\t\t\t\t\t\t\t\t<div>Ausstellung &quot;Ueber Grenzen&quot; im ethnologischen Museum.<\/div>\n\t\t\t\t\t\t\t\t\t\t\t\t\t\t\t\t\t\t\t\t\t<div class=\"insignificant\">\u00a9 Staatliche Museen zu Berlin, Foto: Pierre Adenis<\/div>\n\t\t\t\t\t\t\t\t\t<\/figcaption>\n\t\t\t\t\t<\/figure>\n\t<\/lazy-media-inline>\n\t\t\t\t<\/div>\n\t\t\t<\/div>\n\t\t\t<div class=\"col-xs-12 teaser-event-text Infos\">\n\t\t\t\t<div class=\"teaser-event-standard-text\">\n\t\t\t\t\t<div class=\"margin-bottom-atom\">\n\t\t\t\t\t\t<div class=\"subline clamp-1\" v-html=\"maingenre\"><\/div>\n\t\t\t\t\t\t\t\t\t\t\t\t\t<div class=\"insignificant clamp-2\">Auf Wiedersehen, Palast<\/div>\n\t\t\t\t\t\t\t\t\t\t\t<\/div>\n\t\t\t\t\n\t\t\t\t\t<strong class=\"margin-bottom-atom\">Textile Talks<\/strong>\n\n\t\t\t\t\t\t\t\t\t\t\t<div class=\"\"><\/div>\n\t\t\t\t\t\t\t\t\t<\/div>\n\t\t\t\t<div class=\"teaser-bottom border-bottom\">\n\t\t\t\t<calendardateline :rawitem='item' :show-icon=\"true\"><\/calendardateline>\n\t\t\t\t\t<hr>\n\t\t\t\t<\/div>\n\t\t\t<\/div>\n\t\t<\/div>\n\t<\/a>\n\t<\/calendarteaser>\n<\/li>\n\n<li class=\"teaser-lane-slide col-xs-9 col-sm-4 col-md-3 teaser-wrapper col-padding-remove\">\n\t<calendarteaser key=\"14253514611\" rawitem='{&quot;postId&quot;:142535,&quot;title&quot;:&quot;Kann schon sein...&quot;,&quot;excerpt&quot;:&quot;&quot;,&quot;slug&quot;:&quot;kann-schon-sein&quot;,&quot;post_date&quot;:&quot;2025-01-22T11:42&quot;,&quot;type&quot;:&quot;event&quot;,&quot;permalink&quot;:&quot;https:\\\/\\\/www.humboldtforum.org\\\/de\\\/programm\\\/termin\\\/konzert\\\/kann-schon-sein-142535\\\/&quot;,&quot;genre&quot;:[393],&quot;genre_details&quot;:[{&quot;text&quot;:&quot;Konzert&quot;,&quot;id&quot;:393,&quot;icon&quot;:null,&quot;parent&quot;:0}],&quot;stakeholder&quot;:[382],&quot;stakeholder_details&quot;:[{&quot;text&quot;:&quot;Stiftung Humboldt Forum im Berliner Schloss&quot;,&quot;id&quot;:382,&quot;icon&quot;:null,&quot;parent&quot;:0}],&quot;language&quot;:[384],&quot;language_details&quot;:[{&quot;text&quot;:&quot;Deutsch&quot;,&quot;id&quot;:384,&quot;icon&quot;:null,&quot;parent&quot;:0}],&quot;place&quot;:[957],&quot;place_details&quot;:{&quot;place&quot;:&quot;Humboldt Forum&quot;,&quot;map&quot;:&quot;Humboldt Forum, Schlossplatz, Berlin&quot;,&quot;room&quot;:&quot;Foyer&quot;},&quot;icon_overwrite&quot;:&quot;&quot;,&quot;acf&quot;:{&quot;noindex&quot;:false,&quot;keywords&quot;:&quot;&quot;,&quot;hashtag&quot;:&quot;HumboldtForum&quot;,&quot;belongsto&quot;:[141278],&quot;shorturl&quot;:&quot;&quot;,&quot;times&quot;:[],&quot;planning&quot;:{&quot;price&quot;:&quot;kostenfrei&quot;,&quot;admission&quot;:&quot;&quot;,&quot;pause&quot;:&quot;&quot;,&quot;duration&quot;:&quot;60&quot;},&quot;subline&quot;:&quot;Pop und Jazz der DDR&quot;,&quot;additional_info&quot;:{&quot;icon&quot;:&quot;0&quot;,&quot;text&quot;:&quot;&quot;},&quot;highlight_header&quot;:false,&quot;use_video_in_teasers&quot;:false,&quot;hyphenation&quot;:true,&quot;tipp&quot;:false,&quot;joker&quot;:false,&quot;live&quot;:false,&quot;hide_event_in_program&quot;:false,&quot;gomus_id&quot;:&quot;&quot;,&quot;featured_images&quot;:[142539],&quot;hm_id&quot;:&quot;&quot;},&quot;date&quot;:{&quot;NX&quot;:null,&quot;NXX&quot;:null,&quot;NLAST&quot;:&quot;202502161600&quot;,&quot;from_DATE&quot;:&quot;20250215 18:30&quot;,&quot;from&quot;:1739637000,&quot;to&quot;:1739721600,&quot;to_DATE&quot;:&quot;20250216 18:00&quot;,&quot;from_HRFSHORT&quot;:&quot;15. Feb 2025&quot;,&quot;from_HRFSHORT_WD&quot;:&quot;Sa 15.02.2025&quot;,&quot;to_HRFSHORT&quot;:&quot;16. Feb 2025&quot;,&quot;to_HRFSHORT_WD&quot;:&quot;So 16.02.2025&quot;,&quot;from_HRF&quot;:&quot;Sa, 15. Februar 2025&quot;,&quot;to_HRF&quot;:&quot;So, 16. Februar 2025&quot;,&quot;from_to_HRF&quot;:&quot;Sa, 15. Februar \\u2013 So, 16. Februar 2025&quot;,&quot;from_to_HRFSHORT&quot;:&quot;15. Feb \\u2013 16. Feb 2025&quot;},&quot;alert&quot;:null,&quot;partof&quot;:[],&quot;marketing_topic&quot;:{&quot;title&quot;:&quot;Auf Wiedersehen, Palast&quot;,&quot;ID&quot;:141278,&quot;reason&quot;:&quot;belongsto&quot;}}' inline-template>\n\t<a href=\"https:\/\/www.humboldtforum.org\/de\/programm\/termin\/konzert\/kann-schon-sein-142535\/\" class=\"teaser teaser-event teaser-event-standard\">\n\t\t<div class=\"row\">\n\t\t\t<div class=\"col-xs-12 teaser-event-image\">\n\t\t\t\t<div class=\"teaser-image teaser-image-no-alternate\">\n\t\t\t\t\t\t\t\t\t\t\t\n\t<lazy-media-inline inline-template>\n\t\t<figure itemscope itemtype=\"http:\/\/schema.org\/ImageObject\" class=\"lazy-media-inline \" role=\"group\" id=\"media_69f03d83eb5c8\" aria-labelledby=\"desc_media_69f03d83eb5c8\">\n\t\t\t<script type=\"application\/json\" ref=\"data\">\n\t\t\t\t{\n\t\t\t\t\"sizes\" : {\"medium\":{\"file\":\"SHF_eb00220248-300x200.jpg\",\"width\":300,\"height\":200,\"mime-type\":\"image\\\/jpeg\",\"filesize\":15306},\"large\":{\"file\":\"SHF_eb00220248-1024x683.jpg\",\"width\":1024,\"height\":683,\"mime-type\":\"image\\\/jpeg\",\"filesize\":95051},\"thumbnail\":{\"file\":\"SHF_eb00220248-150x150.jpg\",\"width\":150,\"height\":150,\"mime-type\":\"image\\\/jpeg\",\"filesize\":7646},\"medium_large\":{\"file\":\"SHF_eb00220248-768x512.jpg\",\"width\":768,\"height\":512,\"mime-type\":\"image\\\/jpeg\",\"filesize\":60324},\"small\":{\"file\":\"SHF_eb00220248-440x293.jpg\",\"width\":440,\"height\":293,\"mime-type\":\"image\\\/jpeg\",\"filesize\":26948},\"semi\":{\"file\":\"SHF_eb00220248-580x387.jpg\",\"width\":580,\"height\":387,\"mime-type\":\"image\\\/jpeg\",\"filesize\":40692},\"mobile\":{\"file\":\"SHF_eb00220248-720x480.jpg\",\"width\":720,\"height\":480,\"mime-type\":\"image\\\/jpeg\",\"filesize\":54662},\"hd\":{\"file\":\"SHF_eb00220248-1280x853.jpg\",\"width\":1280,\"height\":853,\"mime-type\":\"image\\\/jpeg\",\"filesize\":138591},\"full\":{\"file\":\"SHF_eb00220248-1920x1280.jpg\",\"width\":1920,\"height\":1280,\"mime-type\":\"image\\\/jpeg\",\"filesize\":294179},\"xxl\":{\"file\":\"SHF_eb00220248-4048x2699.jpg\",\"width\":4048,\"height\":2699,\"mime-type\":\"image\\\/jpeg\",\"filesize\":1442215},\"1536x1536\":{\"file\":\"SHF_eb00220248-1536x1024.jpg\",\"width\":1536,\"height\":1024,\"mime-type\":\"image\\\/jpeg\",\"filesize\":191096},\"2048x2048\":{\"file\":\"SHF_eb00220248-2048x1365.jpg\",\"width\":2048,\"height\":1365,\"mime-type\":\"image\\\/jpeg\",\"filesize\":334642},\"original\":{\"file\":\"SHF_eb00220248.jpg\",\"width\":6000,\"height\":4000}},\n\t\t\t\t\"alt\" : \"Musiker auf der B\\u00fchne mit Keyboards, w\\u00e4hrend ein in Wei\\u00df gekleideter S\\u00e4nger mit Sonnenbrille auftritt. Publikum im Hintergrund.\",\n\t\t\t\t\"path\" : \"\\\/wp-content\\\/uploads\\\/2025\\\/01\\\/\",\n\t\t\t\t\"video\" : null,\n\t\t\t\t\"autoplay\" : null,\n\t\t\t\t\"youtube\" : null,\n\t\t\t\t\"youtubelabel\" : \"Video abspielen\",\n\t\t\t\t\"brightness\" : 100,\n\t\t\t\t\"crop\" : {\"top\":\"27.03\",\"left\":\"50.38\"},\n\t\t\t\t\"background\" : true,\n\t\t\t\t\"scale\" : 2\t\t\t\t}\n\t\t\t<\/script>\n\n\t\t\t<div class=\"height-container\" style=\"padding-bottom:66.666666666667%;\" v-if=\"sizes\">\n\t\t\t\t\t\t\t\t<lazy-media :inline=\"true\" :alt=\"alt\" :sizes=\"sizes\" :scale=\"scale\" :brightness=\"brightness\" :path=\"path\" :video=\"video\" :autoplay=\"autoplay\" :youtube=\"youtube\" :crop=\"crop\" :youtubelabel=\"youtubelabel\" :background=\"background\" media-id=\"desc_media_69f03d83eb5c8\"><\/lazy-media>\n\t\t\t\t\t\t\t<\/div>\n\n\t\t\t\t\t\t\t<figcaption class=\"sr-only\" ref=\"body\" id=\"desc_media_69f03d83eb5c8\">\n\t\t\t\t\t\t\t\t\t\t\t\t\t\t\t\t\t\t\t\t\t<div class=\"insignificant\">\u00a9 Stiftung Humboldt Forum im Berliner Schloss\/ Foto: Frank Sperling<\/div>\n\t\t\t\t\t\t\t\t\t<\/figcaption>\n\t\t\t\t\t<\/figure>\n\t<\/lazy-media-inline>\n\t\t\t\t<\/div>\n\t\t\t<\/div>\n\t\t\t<div class=\"col-xs-12 teaser-event-text Infos\">\n\t\t\t\t<div class=\"teaser-event-standard-text\">\n\t\t\t\t\t<div class=\"margin-bottom-atom\">\n\t\t\t\t\t\t<div class=\"subline clamp-1\" v-html=\"maingenre\"><\/div>\n\t\t\t\t\t\t\t\t\t\t\t\t\t<div class=\"insignificant clamp-2\">Auf Wiedersehen, Palast<\/div>\n\t\t\t\t\t\t\t\t\t\t\t<\/div>\n\t\t\t\t\n\t\t\t\t\t<strong class=\"margin-bottom-atom\">Kann schon sein&#8230;<\/strong>\n\n\t\t\t\t\t\t\t\t\t\t\t<div class=\"\">Pop und Jazz der DDR<\/div>\n\t\t\t\t\t\t\t\t\t<\/div>\n\t\t\t\t<div class=\"teaser-bottom border-bottom\">\n\t\t\t\t<calendardateline :rawitem='item' :show-icon=\"true\"><\/calendardateline>\n\t\t\t\t\t<hr>\n\t\t\t\t<\/div>\n\t\t\t<\/div>\n\t\t<\/div>\n\t<\/a>\n\t<\/calendarteaser>\n<\/li>\n\n<li class=\"teaser-lane-slide col-xs-9 col-sm-4 col-md-3 teaser-wrapper col-padding-remove\">\n\t<calendarteaser key=\"1428253807\" rawitem='{&quot;postId&quot;:142825,&quot;title&quot;:&quot;Palast-Treff I&quot;,&quot;excerpt&quot;:&quot;&quot;,&quot;slug&quot;:&quot;palast-treff-i&quot;,&quot;post_date&quot;:&quot;2025-01-29T15:01&quot;,&quot;type&quot;:&quot;event&quot;,&quot;permalink&quot;:&quot;https:\\\/\\\/www.humboldtforum.org\\\/de\\\/programm\\\/termin\\\/gespraech\\\/palast-treff-i-142825\\\/&quot;,&quot;genre&quot;:[1078],&quot;genre_details&quot;:[{&quot;text&quot;:&quot;Gespr\\u00e4ch&quot;,&quot;id&quot;:1078,&quot;icon&quot;:null,&quot;parent&quot;:0}],&quot;stakeholder&quot;:[382],&quot;stakeholder_details&quot;:[{&quot;text&quot;:&quot;Stiftung Humboldt Forum im Berliner Schloss&quot;,&quot;id&quot;:382,&quot;icon&quot;:null,&quot;parent&quot;:0}],&quot;language&quot;:[384],&quot;language_details&quot;:[{&quot;text&quot;:&quot;Deutsch&quot;,&quot;id&quot;:384,&quot;icon&quot;:null,&quot;parent&quot;:0}],&quot;place&quot;:[1179],&quot;place_details&quot;:{&quot;place&quot;:&quot;Humboldt Forum&quot;,&quot;map&quot;:&quot;Humboldt Forum, Schlossplatz, Berlin&quot;,&quot;room&quot;:&quot;Saal 1, EG&quot;},&quot;icon_overwrite&quot;:&quot;&quot;,&quot;acf&quot;:{&quot;noindex&quot;:false,&quot;keywords&quot;:&quot;&quot;,&quot;hashtag&quot;:&quot;HumboldtForum&quot;,&quot;belongsto&quot;:[141278],&quot;shorturl&quot;:&quot;&quot;,&quot;times&quot;:[],&quot;planning&quot;:{&quot;price&quot;:&quot;kostenfrei&quot;,&quot;admission&quot;:&quot;&quot;,&quot;pause&quot;:&quot;&quot;,&quot;duration&quot;:&quot;&quot;},&quot;subline&quot;:&quot;Orte mit DDR-Geschichte&quot;,&quot;additional_info&quot;:{&quot;icon&quot;:&quot;0&quot;,&quot;text&quot;:&quot;&quot;},&quot;highlight_header&quot;:false,&quot;featured_images&quot;:[142826],&quot;use_video_in_teasers&quot;:false,&quot;hyphenation&quot;:true,&quot;tipp&quot;:false,&quot;joker&quot;:false,&quot;live&quot;:false,&quot;hide_event_in_program&quot;:false,&quot;gomus_id&quot;:&quot;&quot;,&quot;hm_id&quot;:&quot;&quot;},&quot;date&quot;:{&quot;NX&quot;:null,&quot;NXX&quot;:null,&quot;NLAST&quot;:&quot;202502151200&quot;,&quot;from_DATE&quot;:&quot;20250215 12:00&quot;,&quot;from&quot;:1739613600,&quot;to&quot;:1739620800,&quot;to_DATE&quot;:&quot;20250215 14:00&quot;,&quot;from_HRFSHORT&quot;:&quot;15. Feb 2025&quot;,&quot;from_HRFSHORT_WD&quot;:&quot;Sa 15.02.2025&quot;,&quot;to_HRFSHORT&quot;:&quot;15. Feb 2025&quot;,&quot;to_HRFSHORT_WD&quot;:&quot;Sa 15.02.2025&quot;,&quot;from_HRF&quot;:&quot;Sa, 15. Februar 2025&quot;,&quot;to_HRF&quot;:&quot;Sa, 15. Februar 2025&quot;,&quot;from_to_HRF&quot;:&quot;Sa, 15. Februar \\u2013 Sa, 15. Februar 2025&quot;,&quot;from_to_HRFSHORT&quot;:&quot;15. Feb \\u2013 15. Feb 2025&quot;},&quot;alert&quot;:null,&quot;partof&quot;:[],&quot;marketing_topic&quot;:{&quot;title&quot;:&quot;Auf Wiedersehen, Palast&quot;,&quot;ID&quot;:141278,&quot;reason&quot;:&quot;belongsto&quot;}}' inline-template>\n\t<a href=\"https:\/\/www.humboldtforum.org\/de\/programm\/termin\/gespraech\/palast-treff-i-142825\/\" class=\"teaser teaser-event teaser-event-standard\">\n\t\t<div class=\"row\">\n\t\t\t<div class=\"col-xs-12 teaser-event-image\">\n\t\t\t\t<div class=\"teaser-image teaser-image-no-alternate\">\n\t\t\t\t\t\t\t\t\t\t\t\n\t<lazy-media-inline inline-template>\n\t\t<figure itemscope itemtype=\"http:\/\/schema.org\/ImageObject\" class=\"lazy-media-inline \" role=\"group\" id=\"media_69f03d83ec11c\" aria-labelledby=\"desc_media_69f03d83ec11c\">\n\t\t\t<script type=\"application\/json\" ref=\"data\">\n\t\t\t\t{\n\t\t\t\t\"sizes\" : {\"medium\":{\"file\":\"SHF_eb00157393_Palast-Treff-300x200.jpg\",\"width\":300,\"height\":200,\"mime-type\":\"image\\\/jpeg\",\"filesize\":15461},\"large\":{\"file\":\"SHF_eb00157393_Palast-Treff-1024x683.jpg\",\"width\":1024,\"height\":683,\"mime-type\":\"image\\\/jpeg\",\"filesize\":103191},\"thumbnail\":{\"file\":\"SHF_eb00157393_Palast-Treff-150x150.jpg\",\"width\":150,\"height\":150,\"mime-type\":\"image\\\/jpeg\",\"filesize\":7220},\"medium_large\":{\"file\":\"SHF_eb00157393_Palast-Treff-768x512.jpg\",\"width\":768,\"height\":512,\"mime-type\":\"image\\\/jpeg\",\"filesize\":66602},\"small\":{\"file\":\"SHF_eb00157393_Palast-Treff-440x293.jpg\",\"width\":440,\"height\":293,\"mime-type\":\"image\\\/jpeg\",\"filesize\":27918},\"semi\":{\"file\":\"SHF_eb00157393_Palast-Treff-580x387.jpg\",\"width\":580,\"height\":387,\"mime-type\":\"image\\\/jpeg\",\"filesize\":43320},\"mobile\":{\"file\":\"SHF_eb00157393_Palast-Treff-720x480.jpg\",\"width\":720,\"height\":480,\"mime-type\":\"image\\\/jpeg\",\"filesize\":60090},\"hd\":{\"file\":\"SHF_eb00157393_Palast-Treff-1280x854.jpg\",\"width\":1280,\"height\":854,\"mime-type\":\"image\\\/jpeg\",\"filesize\":145701},\"full\":{\"file\":\"SHF_eb00157393_Palast-Treff-1920x1281.jpg\",\"width\":1920,\"height\":1281,\"mime-type\":\"image\\\/jpeg\",\"filesize\":268409},\"xxl\":{\"file\":\"SHF_eb00157393_Palast-Treff-4048x2700.jpg\",\"width\":4048,\"height\":2700,\"mime-type\":\"image\\\/jpeg\",\"filesize\":893816},\"1536x1536\":{\"file\":\"SHF_eb00157393_Palast-Treff-1536x1024.jpg\",\"width\":1536,\"height\":1024,\"mime-type\":\"image\\\/jpeg\",\"filesize\":191165},\"2048x2048\":{\"file\":\"SHF_eb00157393_Palast-Treff-2048x1366.jpg\",\"width\":2048,\"height\":1366,\"mime-type\":\"image\\\/jpeg\",\"filesize\":295353},\"original\":{\"file\":\"SHF_eb00157393_Palast-Treff.jpg\",\"width\":8011,\"height\":5343}},\n\t\t\t\t\"alt\" : \"Ein Veranstaltungsraum mit Teilnehmern, roten Lichtern und historischen Fotos an den W\\u00e4nden.\",\n\t\t\t\t\"path\" : \"\\\/wp-content\\\/uploads\\\/2025\\\/01\\\/\",\n\t\t\t\t\"video\" : null,\n\t\t\t\t\"autoplay\" : null,\n\t\t\t\t\"youtube\" : null,\n\t\t\t\t\"youtubelabel\" : \"Video abspielen\",\n\t\t\t\t\"brightness\" : 100,\n\t\t\t\t\"crop\" : {\"top\":\"64.45\",\"left\":\"51.79\"},\n\t\t\t\t\"background\" : true,\n\t\t\t\t\"scale\" : 2\t\t\t\t}\n\t\t\t<\/script>\n\n\t\t\t<div class=\"height-container\" style=\"padding-bottom:66.695793284234%;\" v-if=\"sizes\">\n\t\t\t\t\t\t\t\t<lazy-media :inline=\"true\" :alt=\"alt\" :sizes=\"sizes\" :scale=\"scale\" :brightness=\"brightness\" :path=\"path\" :video=\"video\" :autoplay=\"autoplay\" :youtube=\"youtube\" :crop=\"crop\" :youtubelabel=\"youtubelabel\" :background=\"background\" media-id=\"desc_media_69f03d83ec11c\"><\/lazy-media>\n\t\t\t\t\t\t\t<\/div>\n\n\t\t\t\t\t\t\t<figcaption class=\"sr-only\" ref=\"body\" id=\"desc_media_69f03d83ec11c\">\n\t\t\t\t\t\t\t\t\t\t\t<div>Besucher des Thementages &quot;Palast-Treff &#8211; Tischgespr&auml;che &uuml;ber einen verschwundenen Ort&quot; im Humboldt Forum<\/div>\n\t\t\t\t\t\t\t\t\t\t\t\t\t\t\t\t\t\t\t\t\t<div class=\"insignificant\">\u00a9 Stiftung Humboldt Forum in Berliner Schloss, Photo: Photothek\/Leon K\u00fcgler<\/div>\n\t\t\t\t\t\t\t\t\t<\/figcaption>\n\t\t\t\t\t<\/figure>\n\t<\/lazy-media-inline>\n\t\t\t\t<\/div>\n\t\t\t<\/div>\n\t\t\t<div class=\"col-xs-12 teaser-event-text Infos\">\n\t\t\t\t<div class=\"teaser-event-standard-text\">\n\t\t\t\t\t<div class=\"margin-bottom-atom\">\n\t\t\t\t\t\t<div class=\"subline clamp-1\" v-html=\"maingenre\"><\/div>\n\t\t\t\t\t\t\t\t\t\t\t\t\t<div class=\"insignificant clamp-2\">Auf Wiedersehen, Palast<\/div>\n\t\t\t\t\t\t\t\t\t\t\t<\/div>\n\t\t\t\t\n\t\t\t\t\t<strong class=\"margin-bottom-atom\">Palast-Treff I<\/strong>\n\n\t\t\t\t\t\t\t\t\t\t\t<div class=\"\">Orte mit DDR-Geschichte<\/div>\n\t\t\t\t\t\t\t\t\t<\/div>\n\t\t\t\t<div class=\"teaser-bottom border-bottom\">\n\t\t\t\t<calendardateline :rawitem='item' :show-icon=\"true\"><\/calendardateline>\n\t\t\t\t\t<hr>\n\t\t\t\t<\/div>\n\t\t\t<\/div>\n\t\t<\/div>\n\t<\/a>\n\t<\/calendarteaser>\n<\/li>\n\n<li class=\"teaser-lane-slide col-xs-9 col-sm-4 col-md-3 teaser-wrapper col-padding-remove\">\n\t<calendarteaser key=\"14315016160\" rawitem='{&quot;postId&quot;:143150,&quot;title&quot;:&quot;Palast-Treff II&quot;,&quot;excerpt&quot;:&quot;&quot;,&quot;slug&quot;:&quot;palast-treff-ii&quot;,&quot;post_date&quot;:&quot;2025-02-04T11:45&quot;,&quot;type&quot;:&quot;event&quot;,&quot;permalink&quot;:&quot;https:\\\/\\\/www.humboldtforum.org\\\/de\\\/programm\\\/termin\\\/gespraech\\\/palast-treff-ii-143150\\\/&quot;,&quot;genre&quot;:[1078],&quot;genre_details&quot;:[{&quot;text&quot;:&quot;Gespr\\u00e4ch&quot;,&quot;id&quot;:1078,&quot;icon&quot;:null,&quot;parent&quot;:0}],&quot;stakeholder&quot;:[382],&quot;stakeholder_details&quot;:[{&quot;text&quot;:&quot;Stiftung Humboldt Forum im Berliner Schloss&quot;,&quot;id&quot;:382,&quot;icon&quot;:null,&quot;parent&quot;:0}],&quot;language&quot;:[384],&quot;language_details&quot;:[{&quot;text&quot;:&quot;Deutsch&quot;,&quot;id&quot;:384,&quot;icon&quot;:null,&quot;parent&quot;:0}],&quot;place&quot;:[1179],&quot;place_details&quot;:{&quot;place&quot;:&quot;Humboldt Forum&quot;,&quot;map&quot;:&quot;Humboldt Forum, Schlossplatz, Berlin&quot;,&quot;room&quot;:&quot;Saal 1, EG&quot;},&quot;icon_overwrite&quot;:&quot;&quot;,&quot;acf&quot;:{&quot;noindex&quot;:false,&quot;keywords&quot;:&quot;&quot;,&quot;hashtag&quot;:&quot;HumboldtForum&quot;,&quot;belongsto&quot;:[141278],&quot;shorturl&quot;:&quot;&quot;,&quot;times&quot;:[],&quot;planning&quot;:{&quot;price&quot;:&quot;kostenfrei&quot;,&quot;admission&quot;:&quot;&quot;,&quot;pause&quot;:&quot;&quot;,&quot;duration&quot;:&quot;&quot;},&quot;subline&quot;:&quot;Tischgespr\\u00e4che \\u00fcber den Palast&quot;,&quot;additional_info&quot;:{&quot;icon&quot;:&quot;0&quot;,&quot;text&quot;:&quot;&quot;},&quot;highlight_header&quot;:false,&quot;featured_images&quot;:[143152],&quot;use_video_in_teasers&quot;:false,&quot;hyphenation&quot;:true,&quot;tipp&quot;:false,&quot;joker&quot;:false,&quot;live&quot;:false,&quot;hide_event_in_program&quot;:false,&quot;gomus_id&quot;:&quot;&quot;,&quot;hm_id&quot;:&quot;&quot;},&quot;date&quot;:{&quot;NX&quot;:null,&quot;NXX&quot;:null,&quot;NLAST&quot;:&quot;202502161200&quot;,&quot;from_DATE&quot;:&quot;20250216 14:00&quot;,&quot;from&quot;:1739707200,&quot;to&quot;:1739707200,&quot;to_DATE&quot;:&quot;20250216 14:00&quot;,&quot;from_HRFSHORT&quot;:&quot;16. Feb 2025&quot;,&quot;from_HRFSHORT_WD&quot;:&quot;So 16.02.2025&quot;,&quot;to_HRFSHORT&quot;:&quot;16. Feb 2025&quot;,&quot;to_HRFSHORT_WD&quot;:&quot;So 16.02.2025&quot;,&quot;from_HRF&quot;:&quot;So, 16. Februar 2025&quot;,&quot;to_HRF&quot;:&quot;So, 16. Februar 2025&quot;,&quot;from_to_HRF&quot;:&quot;So, 16. Februar \\u2013 So, 16. Februar 2025&quot;,&quot;from_to_HRFSHORT&quot;:&quot;16. Feb \\u2013 16. Feb 2025&quot;},&quot;alert&quot;:null,&quot;partof&quot;:[],&quot;marketing_topic&quot;:{&quot;title&quot;:&quot;Auf Wiedersehen, Palast&quot;,&quot;ID&quot;:141278,&quot;reason&quot;:&quot;belongsto&quot;}}' inline-template>\n\t<a href=\"https:\/\/www.humboldtforum.org\/de\/programm\/termin\/gespraech\/palast-treff-ii-143150\/\" class=\"teaser teaser-event teaser-event-standard\">\n\t\t<div class=\"row\">\n\t\t\t<div class=\"col-xs-12 teaser-event-image\">\n\t\t\t\t<div class=\"teaser-image teaser-image-no-alternate\">\n\t\t\t\t\t\t\t\t\t\t\t\n\t<lazy-media-inline inline-template>\n\t\t<figure itemscope itemtype=\"http:\/\/schema.org\/ImageObject\" class=\"lazy-media-inline \" role=\"group\" id=\"media_69f03d83ecbf9\" aria-labelledby=\"desc_media_69f03d83ecbf9\">\n\t\t\t<script type=\"application\/json\" ref=\"data\">\n\t\t\t\t{\n\t\t\t\t\"sizes\" : {\"medium\":{\"file\":\"SHF_eb00157403_Palast-Treff-300x200.jpg\",\"width\":300,\"height\":200,\"mime-type\":\"image\\\/jpeg\",\"filesize\":12066},\"large\":{\"file\":\"SHF_eb00157403_Palast-Treff-1024x683.jpg\",\"width\":1024,\"height\":683,\"mime-type\":\"image\\\/jpeg\",\"filesize\":70198},\"thumbnail\":{\"file\":\"SHF_eb00157403_Palast-Treff-150x150.jpg\",\"width\":150,\"height\":150,\"mime-type\":\"image\\\/jpeg\",\"filesize\":5910},\"medium_large\":{\"file\":\"SHF_eb00157403_Palast-Treff-768x512.jpg\",\"width\":768,\"height\":512,\"mime-type\":\"image\\\/jpeg\",\"filesize\":45808},\"small\":{\"file\":\"SHF_eb00157403_Palast-Treff-440x293.jpg\",\"width\":440,\"height\":293,\"mime-type\":\"image\\\/jpeg\",\"filesize\":20940},\"semi\":{\"file\":\"SHF_eb00157403_Palast-Treff-580x387.jpg\",\"width\":580,\"height\":387,\"mime-type\":\"image\\\/jpeg\",\"filesize\":31043},\"mobile\":{\"file\":\"SHF_eb00157403_Palast-Treff-720x480.jpg\",\"width\":720,\"height\":480,\"mime-type\":\"image\\\/jpeg\",\"filesize\":41728},\"hd\":{\"file\":\"SHF_eb00157403_Palast-Treff-1280x854.jpg\",\"width\":1280,\"height\":854,\"mime-type\":\"image\\\/jpeg\",\"filesize\":98104},\"full\":{\"file\":\"SHF_eb00157403_Palast-Treff-1920x1281.jpg\",\"width\":1920,\"height\":1281,\"mime-type\":\"image\\\/jpeg\",\"filesize\":185732},\"xxl\":{\"file\":\"SHF_eb00157403_Palast-Treff-4048x2700.jpg\",\"width\":4048,\"height\":2700,\"mime-type\":\"image\\\/jpeg\",\"filesize\":800051},\"1536x1536\":{\"file\":\"SHF_eb00157403_Palast-Treff-1536x1024.jpg\",\"width\":1536,\"height\":1024,\"mime-type\":\"image\\\/jpeg\",\"filesize\":129190},\"2048x2048\":{\"file\":\"SHF_eb00157403_Palast-Treff-2048x1366.jpg\",\"width\":2048,\"height\":1366,\"mime-type\":\"image\\\/jpeg\",\"filesize\":206292},\"original\":{\"file\":\"SHF_eb00157403_Palast-Treff.jpg\",\"width\":6285,\"height\":4192}},\n\t\t\t\t\"alt\" : \"Person pr\\u00e4sentiert Bilder bei einer kreativen Besprechung am Tisch, umgeben von weiteren Teilnehmern.\",\n\t\t\t\t\"path\" : \"\\\/wp-content\\\/uploads\\\/2025\\\/02\\\/\",\n\t\t\t\t\"video\" : null,\n\t\t\t\t\"autoplay\" : null,\n\t\t\t\t\"youtube\" : null,\n\t\t\t\t\"youtubelabel\" : \"Video abspielen\",\n\t\t\t\t\"brightness\" : 100,\n\t\t\t\t\"crop\" : null,\n\t\t\t\t\"background\" : true,\n\t\t\t\t\"scale\" : 2\t\t\t\t}\n\t\t\t<\/script>\n\n\t\t\t<div class=\"height-container\" style=\"padding-bottom:66.698488464598%;\" v-if=\"sizes\">\n\t\t\t\t\t\t\t\t<lazy-media :inline=\"true\" :alt=\"alt\" :sizes=\"sizes\" :scale=\"scale\" :brightness=\"brightness\" :path=\"path\" :video=\"video\" :autoplay=\"autoplay\" :youtube=\"youtube\" :crop=\"crop\" :youtubelabel=\"youtubelabel\" :background=\"background\" media-id=\"desc_media_69f03d83ecbf9\"><\/lazy-media>\n\t\t\t\t\t\t\t<\/div>\n\n\t\t\t\t\t\t\t<figcaption class=\"sr-only\" ref=\"body\" id=\"desc_media_69f03d83ecbf9\">\n\t\t\t\t\t\t\t\t\t\t\t<div>Veranstaltung ORTS-Termin: Der Palasttreff in Berlin, 03.10.2022. Copyright: Leon Kuegeler\/photothek.de<\/div>\n\t\t\t\t\t\t\t\t\t\t\t\t\t\t\t\t\t\t\t\t\t<div class=\"insignificant\">\u00a9 Stiftung Humboldt Forum in Berliner Schloss, Photo: Photothek\/Leon K\u00fcgler<\/div>\n\t\t\t\t\t\t\t\t\t<\/figcaption>\n\t\t\t\t\t<\/figure>\n\t<\/lazy-media-inline>\n\t\t\t\t<\/div>\n\t\t\t<\/div>\n\t\t\t<div class=\"col-xs-12 teaser-event-text Infos\">\n\t\t\t\t<div class=\"teaser-event-standard-text\">\n\t\t\t\t\t<div class=\"margin-bottom-atom\">\n\t\t\t\t\t\t<div class=\"subline clamp-1\" v-html=\"maingenre\"><\/div>\n\t\t\t\t\t\t\t\t\t\t\t\t\t<div class=\"insignificant clamp-2\">Auf Wiedersehen, Palast<\/div>\n\t\t\t\t\t\t\t\t\t\t\t<\/div>\n\t\t\t\t\n\t\t\t\t\t<strong class=\"margin-bottom-atom\">Palast-Treff II<\/strong>\n\n\t\t\t\t\t\t\t\t\t\t\t<div class=\"\">Tischgespr\u00e4che \u00fcber den Palast<\/div>\n\t\t\t\t\t\t\t\t\t<\/div>\n\t\t\t\t<div class=\"teaser-bottom border-bottom\">\n\t\t\t\t<calendardateline :rawitem='item' :show-icon=\"true\"><\/calendardateline>\n\t\t\t\t\t<hr>\n\t\t\t\t<\/div>\n\t\t\t<\/div>\n\t\t<\/div>\n\t<\/a>\n\t<\/calendarteaser>\n<\/li>\n\n\t\t\t\t\t\t<\/ul>\n\t\t\t\t\t<\/div>\n\t\t\t\t<\/div>\n\t\t\t<\/teaser-lane-with-buttons>\n\t\t\t\t<\/lazy-component>\n<\/section>\n\n\n\n<section class=\"block block-CTA block-CTA-long leftgradient\">\n\t<div class=\"container-fluid\">\n\t\t<div class=\"row center-xs\">\n\t\t\t<div class=\"col-xs-12\">\n\t\t\t\t<div class=\"box\">\n\t\t\t\t\t<a href=\"https:\/\/tickets.humboldtforum.org\/#\/tickets\/time?museum_id=1&#038;exhibition_id=16&#038;group=day&#038;date=2025-02-15\" aria-label=\"Bald vorbei - Erm\u00e4\u00dfigter Eintritt am Themenwochenende!\" class=\"teaser teaser-cta-wide teaser-cta-wide-and-high\">\n\t\t\t\t\t\t<div class=\"teaser-image\">\n\t\t\t\t\t\t\t\n\t<lazy-media-inline inline-template>\n\t\t<figure itemscope itemtype=\"http:\/\/schema.org\/ImageObject\" class=\"lazy-media-inline \" role=\"group\" id=\"media_69f03d83eed29\" aria-labelledby=\"desc_media_69f03d83eed29\">\n\t\t\t<script type=\"application\/json\" ref=\"data\">\n\t\t\t\t{\n\t\t\t\t\"sizes\" : {\"medium\":{\"file\":\"SHF_eb00004108-300x155.jpg\",\"width\":300,\"height\":155,\"mime-type\":\"image\\\/jpeg\",\"filesize\":11521},\"large\":{\"file\":\"SHF_eb00004108-1024x530.jpg\",\"width\":1024,\"height\":530,\"mime-type\":\"image\\\/jpeg\",\"filesize\":99154},\"thumbnail\":{\"file\":\"SHF_eb00004108-150x150.jpg\",\"width\":150,\"height\":150,\"mime-type\":\"image\\\/jpeg\",\"filesize\":6338},\"medium_large\":{\"file\":\"SHF_eb00004108-768x398.jpg\",\"width\":768,\"height\":398,\"mime-type\":\"image\\\/jpeg\",\"filesize\":60693},\"small\":{\"file\":\"SHF_eb00004108-440x228.jpg\",\"width\":440,\"height\":228,\"mime-type\":\"image\\\/jpeg\",\"filesize\":22727},\"semi\":{\"file\":\"SHF_eb00004108-580x300.jpg\",\"width\":580,\"height\":300,\"mime-type\":\"image\\\/jpeg\",\"filesize\":36937},\"mobile\":{\"file\":\"SHF_eb00004108-720x373.jpg\",\"width\":720,\"height\":373,\"mime-type\":\"image\\\/jpeg\",\"filesize\":54252},\"original\":{\"file\":\"SHF_eb00004108.jpg\",\"width\":1238,\"height\":641}},\n\t\t\t\t\"alt\" : \"Modernes Geb\\u00e4ude mit gro\\u00dfen Fenstern, Autos auf dem Parkplatz und einem Fernsehturm im Hintergrund.\",\n\t\t\t\t\"path\" : \"\\\/wp-content\\\/uploads\\\/2024\\\/02\\\/\",\n\t\t\t\t\"video\" : null,\n\t\t\t\t\"autoplay\" : null,\n\t\t\t\t\"youtube\" : null,\n\t\t\t\t\"youtubelabel\" : \"Video abspielen\",\n\t\t\t\t\"brightness\" : \"60\",\n\t\t\t\t\"crop\" : {\"top\":\"77.27\",\"left\":\"55.12\"},\n\t\t\t\t\"background\" : true,\n\t\t\t\t\"scale\" : 2\t\t\t\t}\n\t\t\t<\/script>\n\n\t\t\t<div class=\"height-container\" style=\"padding-bottom:51.777059773829%;\" v-if=\"sizes\">\n\t\t\t\t\t\t\t\t<lazy-media :inline=\"true\" :alt=\"alt\" :sizes=\"sizes\" :scale=\"scale\" :brightness=\"brightness\" :path=\"path\" :video=\"video\" :autoplay=\"autoplay\" :youtube=\"youtube\" :crop=\"crop\" :youtubelabel=\"youtubelabel\" :background=\"background\" media-id=\"desc_media_69f03d83eed29\"><\/lazy-media>\n\t\t\t\t\t\t\t<\/div>\n\n\t\t\t\t\t\t\t<figcaption class=\"sr-only\" ref=\"body\" id=\"desc_media_69f03d83eed29\">\n\t\t\t\t\t\t\t\t\t\t\t<div>Palast der Republik<\/div>\n\t\t\t\t\t\t\t\t\t\t\t\t\t\t\t\t\t\t\t\t\t<div class=\"insignificant\">\u00a9 Wikimedia Commons \/ Istvan, CC-BY-SA 3.0<\/div>\n\t\t\t\t\t\t\t\t\t<\/figcaption>\n\t\t\t\t\t<\/figure>\n\t<\/lazy-media-inline>\n\t\t\t\t\t\t<\/div>\n\t\t\t\t\t\t<div class=\"teaser-content \">\n\t\t\t\t\t\t\t<div>\n\t\t\t\t\t\t\t\t<div class=\"teaser-overline subline\">15.-16.02.2025<\/div>\t\t\t\t\t\t\t\t<div class=\"teaser-header\"><span class=\"h3\">Bald vorbei &#8211; Erm\u00e4\u00dfigter Eintritt am Themenwochenende!<\/span><\/div>\n\t\t\t\t\t\t\t\t<div class=\"teaser-subline\"><span class=\"font-decoration\">Ausstellung Hin und Weg &#8211; Der Palast der Republik ist Gegenwart<\/span><\/div>\t\t\t\t\t\t\t\t<button tabindex=\"-1\" class=\"border\">Tickets buchen<\/button>\n\t\t\t\t\t\t\t<\/div>\n\t\t\t\t\t\t<\/div>\n\t\t\t\t\t<\/a>\n\t\t\t\t<\/div>\n\t\t\t<\/div>\n\t\t<\/div>\n\t<\/div>\n<\/section>\n\n\n\n<section class=\"block block-gallery\">\n\t<div class=\"container-fluid\">\n\t\t<div class=\"row center-xs\">\n\t\t\t<div class=\"col-xs-12\">\n\t\t\t\t<div class=\"box text-align-left\">\n\t\t\t\t\t<block-gallery inline-template>\n\t\t\t\t\t\t<div :class=\"{ firstLoaded: firstLoaded }\">\n\t\t\t\t\t\t\t<script type=\"application\/json\" ref=\"data\">\n\t\t\t\t\t\t\t{\n\t\t\t\t\t\t\t\t\"images\" : [{\"id\":0,\"width\":3000,\"height\":2000,\"alt\":\"Personen mit VR-Headsets interagieren in einem Raum, der ein Geb&auml;ude projiziert, mit der digitalen Umgebung.\",\"title\":\"\",\"description\":\"\",\"label\":\"&quot;Palast der Erinnerung. Die Macht der Bilder&quot; &ndash; Installation der CyberR&auml;uber\",\"copyright\":\"Stiftung Humboldt Forum im Berliner Schloss, Foto: Stefanie Loos\",\"path\":\"\\\/wp-content\\\/uploads\\\/2024\\\/12\\\/\",\"sizes\":{\"medium\":{\"file\":\"SHF_eb00226430-300x200.jpg\",\"width\":300,\"height\":200,\"mime-type\":\"image\\\/jpeg\",\"filesize\":12656},\"large\":{\"file\":\"SHF_eb00226430-1024x683.jpg\",\"width\":1024,\"height\":683,\"mime-type\":\"image\\\/jpeg\",\"filesize\":70539},\"thumbnail\":{\"file\":\"SHF_eb00226430-150x150.jpg\",\"width\":150,\"height\":150,\"mime-type\":\"image\\\/jpeg\",\"filesize\":6324},\"medium_large\":{\"file\":\"SHF_eb00226430-768x512.jpg\",\"width\":768,\"height\":512,\"mime-type\":\"image\\\/jpeg\",\"filesize\":47151},\"small\":{\"file\":\"SHF_eb00226430-440x293.jpg\",\"width\":440,\"height\":293,\"mime-type\":\"image\\\/jpeg\",\"filesize\":21882},\"semi\":{\"file\":\"SHF_eb00226430-580x387.jpg\",\"width\":580,\"height\":387,\"mime-type\":\"image\\\/jpeg\",\"filesize\":32384},\"mobile\":{\"file\":\"SHF_eb00226430-720x480.jpg\",\"width\":720,\"height\":480,\"mime-type\":\"image\\\/jpeg\",\"filesize\":43183},\"hd\":{\"file\":\"SHF_eb00226430-1280x853.jpg\",\"width\":1280,\"height\":853,\"mime-type\":\"image\\\/jpeg\",\"filesize\":95850},\"full\":{\"file\":\"SHF_eb00226430-1920x1280.jpg\",\"width\":1920,\"height\":1280,\"mime-type\":\"image\\\/jpeg\",\"filesize\":168845},\"1536x1536\":{\"file\":\"SHF_eb00226430-1536x1024.jpg\",\"width\":1536,\"height\":1024,\"mime-type\":\"image\\\/jpeg\",\"filesize\":123499},\"2048x2048\":{\"file\":\"SHF_eb00226430-2048x1365.jpg\",\"width\":2048,\"height\":1365,\"mime-type\":\"image\\\/jpeg\",\"filesize\":186485},\"original\":{\"file\":\"SHF_eb00226430.jpg\",\"width\":3000,\"height\":2000}}},{\"id\":1,\"width\":1280,\"height\":853,\"alt\":\"Menschen in grauen M&auml;nteln und spitzen H&uuml;ten marschieren auf einem Platz vor einem historischen Geb&auml;ude in Berlin.\",\"title\":\"\",\"description\":\"\",\"label\":\"Thementage &quot;Transformiert euch!&quot; im Rahmen der Ausstellung &quot;Hin und weg. Der Palast der Republik ist Gegenwart&quot; \",\"copyright\":\"Stiftung Humboldt Forum im Berliner Schloss, Foto: Stefanie Loos\",\"path\":\"\\\/wp-content\\\/uploads\\\/2024\\\/12\\\/\",\"sizes\":{\"medium\":{\"file\":\"SHF_eb00233331-Webqualitaet-300x200.jpg\",\"width\":300,\"height\":200,\"mime-type\":\"image\\\/jpeg\",\"filesize\":17457},\"large\":{\"file\":\"SHF_eb00233331-Webqualitaet-1024x682.jpg\",\"width\":1024,\"height\":682,\"mime-type\":\"image\\\/jpeg\",\"filesize\":136057},\"thumbnail\":{\"file\":\"SHF_eb00233331-Webqualitaet-150x150.jpg\",\"width\":150,\"height\":150,\"mime-type\":\"image\\\/jpeg\",\"filesize\":7517},\"medium_large\":{\"file\":\"SHF_eb00233331-Webqualitaet-768x512.jpg\",\"width\":768,\"height\":512,\"mime-type\":\"image\\\/jpeg\",\"filesize\":86256},\"small\":{\"file\":\"SHF_eb00233331-Webqualitaet-440x293.jpg\",\"width\":440,\"height\":293,\"mime-type\":\"image\\\/jpeg\",\"filesize\":34331},\"semi\":{\"file\":\"SHF_eb00233331-Webqualitaet-580x387.jpg\",\"width\":580,\"height\":387,\"mime-type\":\"image\\\/jpeg\",\"filesize\":55216},\"mobile\":{\"file\":\"SHF_eb00233331-Webqualitaet-720x480.jpg\",\"width\":720,\"height\":480,\"mime-type\":\"image\\\/jpeg\",\"filesize\":77475},\"original\":{\"file\":\"SHF_eb00233331-Webqualitaet.jpg\",\"width\":1280,\"height\":853}}},{\"id\":2,\"width\":1280,\"height\":853,\"alt\":\"Fotos sind an einer Schnur aufgeh&auml;ngt, im Hintergrund sind Menschen und eine Blume in einer modernen Umgebung zu sehen.\",\"title\":\"\",\"description\":\"\",\"label\":\"Thementag &quot;Ohne Ende Palast&quot;\",\"copyright\":\"Stiftung Humboldt Forum im Berliner Schloss, Foto: Stefanie Loos\",\"path\":\"\\\/wp-content\\\/uploads\\\/2024\\\/12\\\/\",\"sizes\":{\"medium\":{\"file\":\"SHF_eb00226241-Webqualitaet-300x200.jpg\",\"width\":300,\"height\":200,\"mime-type\":\"image\\\/jpeg\",\"filesize\":14171},\"large\":{\"file\":\"SHF_eb00226241-Webqualitaet-1024x682.jpg\",\"width\":1024,\"height\":682,\"mime-type\":\"image\\\/jpeg\",\"filesize\":75115},\"thumbnail\":{\"file\":\"SHF_eb00226241-Webqualitaet-150x150.jpg\",\"width\":150,\"height\":150,\"mime-type\":\"image\\\/jpeg\",\"filesize\":7048},\"medium_large\":{\"file\":\"SHF_eb00226241-Webqualitaet-768x512.jpg\",\"width\":768,\"height\":512,\"mime-type\":\"image\\\/jpeg\",\"filesize\":51268},\"small\":{\"file\":\"SHF_eb00226241-Webqualitaet-440x293.jpg\",\"width\":440,\"height\":293,\"mime-type\":\"image\\\/jpeg\",\"filesize\":24095},\"semi\":{\"file\":\"SHF_eb00226241-Webqualitaet-580x387.jpg\",\"width\":580,\"height\":387,\"mime-type\":\"image\\\/jpeg\",\"filesize\":35501},\"mobile\":{\"file\":\"SHF_eb00226241-Webqualitaet-720x480.jpg\",\"width\":720,\"height\":480,\"mime-type\":\"image\\\/jpeg\",\"filesize\":46831},\"original\":{\"file\":\"SHF_eb00226241-Webqualitaet.jpg\",\"width\":1280,\"height\":853}}},{\"id\":3,\"width\":1280,\"height\":853,\"alt\":\"DJ spielt Musik an einem Mischpult, tr&auml;gt eine Jeansjacke und M&uuml;tze, umgeben von Menschen in einem Innenraum.\",\"title\":\"\",\"description\":\"\",\"label\":\"&quot;Songs of Palace&quot; mit DJ Yuriy Gurzhy im Foyer beim Thementag &quot;Ohne Ende Palast&quot;\",\"copyright\":\"Stiftung Humboldt Forum im Berliner Schloss, Foto: Stefanie Loos\",\"path\":\"\\\/wp-content\\\/uploads\\\/2024\\\/12\\\/\",\"sizes\":{\"medium\":{\"file\":\"SHF_eb00226607-Webqualitaet-300x200.jpg\",\"width\":300,\"height\":200,\"mime-type\":\"image\\\/jpeg\",\"filesize\":16727},\"large\":{\"file\":\"SHF_eb00226607-Webqualitaet-1024x682.jpg\",\"width\":1024,\"height\":682,\"mime-type\":\"image\\\/jpeg\",\"filesize\":103735},\"thumbnail\":{\"file\":\"SHF_eb00226607-Webqualitaet-150x150.jpg\",\"width\":150,\"height\":150,\"mime-type\":\"image\\\/jpeg\",\"filesize\":7909},\"medium_large\":{\"file\":\"SHF_eb00226607-Webqualitaet-768x512.jpg\",\"width\":768,\"height\":512,\"mime-type\":\"image\\\/jpeg\",\"filesize\":67856},\"small\":{\"file\":\"SHF_eb00226607-Webqualitaet-440x293.jpg\",\"width\":440,\"height\":293,\"mime-type\":\"image\\\/jpeg\",\"filesize\":29507},\"semi\":{\"file\":\"SHF_eb00226607-Webqualitaet-580x387.jpg\",\"width\":580,\"height\":387,\"mime-type\":\"image\\\/jpeg\",\"filesize\":45052},\"mobile\":{\"file\":\"SHF_eb00226607-Webqualitaet-720x480.jpg\",\"width\":720,\"height\":480,\"mime-type\":\"image\\\/jpeg\",\"filesize\":61280},\"original\":{\"file\":\"SHF_eb00226607-Webqualitaet.jpg\",\"width\":1280,\"height\":853}}},{\"id\":4,\"width\":1280,\"height\":853,\"alt\":\"Menschen liegen und sitzen im Eingangsbereich des Museums, umgeben von Besuchern und Ausstellungen.\",\"title\":\"\",\"description\":\"\",\"label\":\"Performative Audiotour. &quot;Zwischen Macht und Zweifel&quot; beim Thementag &quot;Ohne Ende Palast&quot; im Juni 2024\",\"copyright\":\"Stiftung Humboldt Forum im Berliner Schloss, Foto: Stefanie Loos\",\"path\":\"\\\/wp-content\\\/uploads\\\/2024\\\/12\\\/\",\"sizes\":{\"medium\":{\"file\":\"SHF_eb00226645-Webqualitaet-300x200.jpg\",\"width\":300,\"height\":200,\"mime-type\":\"image\\\/jpeg\",\"filesize\":16160},\"large\":{\"file\":\"SHF_eb00226645-Webqualitaet-1024x682.jpg\",\"width\":1024,\"height\":682,\"mime-type\":\"image\\\/jpeg\",\"filesize\":109257},\"thumbnail\":{\"file\":\"SHF_eb00226645-Webqualitaet-150x150.jpg\",\"width\":150,\"height\":150,\"mime-type\":\"image\\\/jpeg\",\"filesize\":7634},\"medium_large\":{\"file\":\"SHF_eb00226645-Webqualitaet-768x512.jpg\",\"width\":768,\"height\":512,\"mime-type\":\"image\\\/jpeg\",\"filesize\":70603},\"small\":{\"file\":\"SHF_eb00226645-Webqualitaet-440x293.jpg\",\"width\":440,\"height\":293,\"mime-type\":\"image\\\/jpeg\",\"filesize\":29801},\"semi\":{\"file\":\"SHF_eb00226645-Webqualitaet-580x387.jpg\",\"width\":580,\"height\":387,\"mime-type\":\"image\\\/jpeg\",\"filesize\":46381},\"mobile\":{\"file\":\"SHF_eb00226645-Webqualitaet-720x480.jpg\",\"width\":720,\"height\":480,\"mime-type\":\"image\\\/jpeg\",\"filesize\":63902},\"original\":{\"file\":\"SHF_eb00226645-Webqualitaet.jpg\",\"width\":1280,\"height\":853}}},{\"id\":5,\"width\":1280,\"height\":853,\"alt\":\"H&auml;nde von Personen, die an einem Tisch ein Puzzle mit vielen bunten Teilen zusammensetzen.\",\"title\":\"\",\"description\":\"\",\"label\":\"Thementag &quot;Ohne Ende Palast&quot;, Erinnerungen an den Palast der Republik im Humboldt Forum am 15. Juni 2024\",\"copyright\":\"Stiftung Humboldt Forum im Berliner Schloss, Foto: Stefanie Loos\",\"path\":\"\\\/wp-content\\\/uploads\\\/2024\\\/12\\\/\",\"sizes\":{\"medium\":{\"file\":\"SHF_eb00226178-Webqualitaet-300x200.jpg\",\"width\":300,\"height\":200,\"mime-type\":\"image\\\/jpeg\",\"filesize\":18999},\"large\":{\"file\":\"SHF_eb00226178-Webqualitaet-1024x682.jpg\",\"width\":1024,\"height\":682,\"mime-type\":\"image\\\/jpeg\",\"filesize\":115474},\"thumbnail\":{\"file\":\"SHF_eb00226178-Webqualitaet-150x150.jpg\",\"width\":150,\"height\":150,\"mime-type\":\"image\\\/jpeg\",\"filesize\":8967},\"medium_large\":{\"file\":\"SHF_eb00226178-Webqualitaet-768x512.jpg\",\"width\":768,\"height\":512,\"mime-type\":\"image\\\/jpeg\",\"filesize\":76444},\"small\":{\"file\":\"SHF_eb00226178-Webqualitaet-440x293.jpg\",\"width\":440,\"height\":293,\"mime-type\":\"image\\\/jpeg\",\"filesize\":34158},\"semi\":{\"file\":\"SHF_eb00226178-Webqualitaet-580x387.jpg\",\"width\":580,\"height\":387,\"mime-type\":\"image\\\/jpeg\",\"filesize\":51682},\"mobile\":{\"file\":\"SHF_eb00226178-Webqualitaet-720x480.jpg\",\"width\":720,\"height\":480,\"mime-type\":\"image\\\/jpeg\",\"filesize\":69623},\"original\":{\"file\":\"SHF_eb00226178-Webqualitaet.jpg\",\"width\":1280,\"height\":853}}},{\"id\":6,\"width\":1280,\"height\":853,\"alt\":\"Menschenmenge im Museum, um eine kreisf&ouml;rmige B&uuml;hne bei einer Live-Veranstaltung oder Auff&uuml;hrung versammelt.\",\"title\":\"\",\"description\":\"\",\"label\":\"Thementage &quot;Transformiert euch!&quot; im Rahmen der Ausstellung &quot;Hin und weg. Der Palast der Republik ist Gegenwart&quot;\",\"copyright\":\"Stiftung Humboldt Forum im Berliner Schloss, Foto: Stefanie Loos\",\"path\":\"\\\/wp-content\\\/uploads\\\/2024\\\/12\\\/\",\"sizes\":{\"medium\":{\"file\":\"SHF_eb00233316-Webqualitaet-300x200.jpg\",\"width\":300,\"height\":200,\"mime-type\":\"image\\\/jpeg\",\"filesize\":23070},\"large\":{\"file\":\"SHF_eb00233316-Webqualitaet-1024x682.jpg\",\"width\":1024,\"height\":682,\"mime-type\":\"image\\\/jpeg\",\"filesize\":165569},\"thumbnail\":{\"file\":\"SHF_eb00233316-Webqualitaet-150x150.jpg\",\"width\":150,\"height\":150,\"mime-type\":\"image\\\/jpeg\",\"filesize\":10318},\"medium_large\":{\"file\":\"SHF_eb00233316-Webqualitaet-768x512.jpg\",\"width\":768,\"height\":512,\"mime-type\":\"image\\\/jpeg\",\"filesize\":106782},\"small\":{\"file\":\"SHF_eb00233316-Webqualitaet-440x293.jpg\",\"width\":440,\"height\":293,\"mime-type\":\"image\\\/jpeg\",\"filesize\":43590},\"semi\":{\"file\":\"SHF_eb00233316-Webqualitaet-580x387.jpg\",\"width\":580,\"height\":387,\"mime-type\":\"image\\\/jpeg\",\"filesize\":68909},\"mobile\":{\"file\":\"SHF_eb00233316-Webqualitaet-720x480.jpg\",\"width\":720,\"height\":480,\"mime-type\":\"image\\\/jpeg\",\"filesize\":96071},\"original\":{\"file\":\"SHF_eb00233316-Webqualitaet.jpg\",\"width\":1280,\"height\":853}}}]\t\t\t\t\t\t\t}\n\t\t\t\t\t\t\t<\/script>\n\n\t\t\t\t\t\t\t<swiper :options=\"options\" @slide-change=\"track\">\n\t\t\t\t\t\t\t\t<div class=\"swiper-slide\" :key=\"image.id\" v-for=\"image in images\">\n\t\t\t\t\t\t\t\t\t<block-gallery-item inline-template :image=\"image\">\n\t\t\t\t\t\t\t\t\t\t<figure class=\"swiper-slide-image-wrapper\" ref=\"parent\">\n\t\t\t\t\t\t\t\t\t\t\t<div class=\"width-container\" ref=\"container\" :style=\"style\">\n\t\t\t\t\t\t\t\t\t\t\t\t<div data-swiper-parallax-x=\"50%\">\n\t\t\t\t\t\t\t\t\t\t\t\t<img :src=\"image.src\" :alt=\"image.alt\" v-if=\"image.id < 2\">\n\t\t\t\t\t\t\t\t\t\t\t\t<img class=\"swiper-lazy\" :data-src=\"image.src\" :alt=\"image.alt\" v-else>\n\t\t\t\t\t\t\t\t\t\t\t\t<\/div>\n\t\t\t\t\t\t\t\t\t\t\t<\/div>\n\t\t\t\t\t\t\t\t\t\t<\/figure>\n\t\t\t\t\t\t\t\t\t<\/block-gallery-item>\n\n\t\t\t\t\t\t\t\t\t<figcaption>\n\t\t\t\t\t\t\t\t\t\t<div class=\"lazy-media-info-body-content\">\n\t\t\t\t\t\t\t\t\t\t\t<div v-html=\"image.label\"><\/div>\n\t\t\t\t\t\t\t\t\t\t\t<div v-html=\"image.description\"><\/div>\n\t\t\t\t\t\t\t\t\t\t\t<div class=\"insignificant\" v-if=\"image.copyright\" v-html=\"'\u00a9 '+image.copyright\"><\/div>\n\t\t\t\t\t\t\t\t\t\t<\/div>\n\t\t\t\t\t\t\t\t\t<\/figcaption>\n\t\t\t\t\t\t\t\t<\/div>\n\n\t\t\t\t\t\t\t\t<div class=\"swiper-pagination\"  slot=\"pagination\"><\/div>\n\n\t\t\t\t\t\t\t\t<button class=\"icon-round swiper-button-prev\" slot=\"button-prev\" aria-label=\"Vorheriges Bild\">\n\t\t\t\t\t\t\t\t\t<span class=\"icon-next\" aria-hidden=\"true\"><\/span>\n\t\t\t\t\t\t\t\t<\/button>\n\n\t\t\t\t\t\t\t\t<button class=\"icon-round swiper-button-next\" slot=\"button-next\" aria-label=\"N\u00e4chstes Bild\">\n\t\t\t\t\t\t\t\t\t<span class=\"icon-next\" aria-hidden=\"true\"><\/span>\n\t\t\t\t\t\t\t\t<\/button>\n\t\t\t\t\t\t\t<\/swiper>\n\t\t\t\t\t\t<\/div>\n\t\t\t\t\t<\/block-gallery>\n\t\t\t\t<\/div>\n\t\t\t<\/div>\n\t\t<\/div>\n\t<\/div>\n<\/section>\n\n<section class=\"block block-CTA block-CTA-long leftgradient\">\n\t<div class=\"container-fluid\">\n\t\t<div class=\"row center-xs\">\n\t\t\t<div class=\"col-xs-12\">\n\t\t\t\t<div class=\"box\">\n\t\t\t\t\t<a href=\"https:\/\/www.humboldtforum.org\/de\/programm\/laufzeitangebot\/ausstellung\/hin-und-weg-der-palast-der-republik-ist-gegenwart-116558\/\" aria-label=\"HIN UND WEG\" class=\"teaser teaser-cta-wide teaser-cta-wide-and-high\">\n\t\t\t\t\t\t<div class=\"teaser-image\">\n\t\t\t\t\t\t\t\n\t<lazy-media-inline inline-template>\n\t\t<figure itemscope itemtype=\"http:\/\/schema.org\/ImageObject\" class=\"lazy-media-inline \" role=\"group\" id=\"media_69f03d83f34f7\" aria-labelledby=\"desc_media_69f03d83f34f7\">\n\t\t\t<script type=\"application\/json\" ref=\"data\">\n\t\t\t\t{\n\t\t\t\t\"sizes\" : {\"medium\":{\"file\":\"SHF_eb00216212-1-300x176.jpg\",\"width\":300,\"height\":176,\"mime-type\":\"image\\\/jpeg\",\"filesize\":15697},\"large\":{\"file\":\"SHF_eb00216212-1-1024x600.jpg\",\"width\":1024,\"height\":600,\"mime-type\":\"image\\\/jpeg\",\"filesize\":113424},\"thumbnail\":{\"file\":\"SHF_eb00216212-1-150x150.jpg\",\"width\":150,\"height\":150,\"mime-type\":\"image\\\/jpeg\",\"filesize\":8318},\"medium_large\":{\"file\":\"SHF_eb00216212-1-768x450.jpg\",\"width\":768,\"height\":450,\"mime-type\":\"image\\\/jpeg\",\"filesize\":73176},\"small\":{\"file\":\"SHF_eb00216212-1-440x258.jpg\",\"width\":440,\"height\":258,\"mime-type\":\"image\\\/jpeg\",\"filesize\":29869},\"semi\":{\"file\":\"SHF_eb00216212-1-580x340.jpg\",\"width\":580,\"height\":340,\"mime-type\":\"image\\\/jpeg\",\"filesize\":47012},\"mobile\":{\"file\":\"SHF_eb00216212-1-720x422.jpg\",\"width\":720,\"height\":422,\"mime-type\":\"image\\\/jpeg\",\"filesize\":66174},\"hd\":{\"file\":\"SHF_eb00216212-1-1280x749.jpg\",\"width\":1280,\"height\":749,\"mime-type\":\"image\\\/jpeg\",\"filesize\":161899},\"full\":{\"file\":\"SHF_eb00216212-1-1920x1124.jpg\",\"width\":1920,\"height\":1124,\"mime-type\":\"image\\\/jpeg\",\"filesize\":317807},\"1536x1536\":{\"file\":\"SHF_eb00216212-1-1536x899.jpg\",\"width\":1536,\"height\":899,\"mime-type\":\"image\\\/jpeg\",\"filesize\":219224},\"2048x2048\":{\"file\":\"SHF_eb00216212-1-2048x1199.jpg\",\"width\":2048,\"height\":1199,\"mime-type\":\"image\\\/jpeg\",\"filesize\":353308},\"original\":{\"file\":\"SHF_eb00216212-1.jpg\",\"width\":3040,\"height\":1780}},\n\t\t\t\t\"alt\" : \"Symbolische Darstellung eines Emblems in Orange-Blau, umgeben von stilisierten Elementen.\",\n\t\t\t\t\"path\" : \"\\\/wp-content\\\/uploads\\\/2024\\\/02\\\/\",\n\t\t\t\t\"video\" : null,\n\t\t\t\t\"autoplay\" : null,\n\t\t\t\t\"youtube\" : null,\n\t\t\t\t\"youtubelabel\" : \"Video abspielen\",\n\t\t\t\t\"brightness\" : \"80\",\n\t\t\t\t\"crop\" : {\"top\":\"50.00\",\"left\":\"50.00\"},\n\t\t\t\t\"background\" : true,\n\t\t\t\t\"scale\" : 2\t\t\t\t}\n\t\t\t<\/script>\n\n\t\t\t<div class=\"height-container\" style=\"padding-bottom:58.552631578947%;\" v-if=\"sizes\">\n\t\t\t\t\t\t\t\t<lazy-media :inline=\"true\" :alt=\"alt\" :sizes=\"sizes\" :scale=\"scale\" :brightness=\"brightness\" :path=\"path\" :video=\"video\" :autoplay=\"autoplay\" :youtube=\"youtube\" :crop=\"crop\" :youtubelabel=\"youtubelabel\" :background=\"background\" media-id=\"desc_media_69f03d83f34f7\"><\/lazy-media>\n\t\t\t\t\t\t\t<\/div>\n\n\t\t\t\t\t\t\t<figcaption class=\"sr-only\" ref=\"body\" id=\"desc_media_69f03d83f34f7\">\n\t\t\t\t\t\t\t\t\t\t\t<div>Visual der Ausstellung &quot;Hin und Weg. Der Palast der Republik ist Gegenwart&quot;, welche 2024 im Humboldt Forum er&ouml;ffnet<\/div>\n\t\t\t\t\t\t\t\t\t\t\t\t\t\t\t\t\t\t\t\t\t<div class=\"insignificant\">\u00a9 Stiftung Humboldt Forum im Berliner Schloss; bpk \/ Gerhard Kiesling<\/div>\n\t\t\t\t\t\t\t\t\t<\/figcaption>\n\t\t\t\t\t<\/figure>\n\t<\/lazy-media-inline>\n\t\t\t\t\t\t<\/div>\n\t\t\t\t\t\t<div class=\"teaser-content \">\n\t\t\t\t\t\t\t<div>\n\t\t\t\t\t\t\t\t<div class=\"teaser-overline subline\">geh\u00f6rt zu<\/div>\t\t\t\t\t\t\t\t<div class=\"teaser-header\"><span class=\"h3\">HIN UND WEG<\/span><\/div>\n\t\t\t\t\t\t\t\t<div class=\"teaser-subline\"><span class=\"font-decoration\">Der Palast der Republik ist Gegenwart<\/span><\/div>\t\t\t\t\t\t\t\t<button tabindex=\"-1\" class=\"border\">Zum Programm<\/button>\n\t\t\t\t\t\t\t<\/div>\n\t\t\t\t\t\t<\/div>\n\t\t\t\t\t<\/a>\n\t\t\t\t<\/div>\n\t\t\t<\/div>\n\t\t<\/div>\n\t<\/div>\n<\/section>\n\n\n<section class=\"block block-CTA block-CTA-long leftgradient\">\n\t<div class=\"container-fluid\">\n\t\t<div class=\"row center-xs\">\n\t\t\t<div class=\"col-xs-12\">\n\t\t\t\t<div class=\"box\">\n\t\t\t\t\t<a href=\"https:\/\/www.humboldtforum.org\/de\/newsletter-2\/\" aria-label=\"Bleiben Sie auf dem Laufenden!\" class=\"teaser teaser-cta-wide \">\n\t\t\t\t\t\t<div class=\"teaser-image\">\n\t\t\t\t\t\t\t\n\t<lazy-media-inline inline-template>\n\t\t<figure itemscope itemtype=\"http:\/\/schema.org\/ImageObject\" class=\"lazy-media-inline \" role=\"group\" id=\"media_69f03d8400678\" aria-labelledby=\"desc_media_69f03d8400678\">\n\t\t\t<script type=\"application\/json\" ref=\"data\">\n\t\t\t\t{\n\t\t\t\t\"sizes\" : {\"medium\":{\"file\":\"HF_eb00061823-scaled-300x200.jpg\",\"width\":300,\"height\":200,\"mime-type\":\"image\\\/jpeg\",\"filesize\":19186},\"large\":{\"file\":\"HF_eb00061823-scaled-1024x683.jpg\",\"width\":1024,\"height\":683,\"mime-type\":\"image\\\/jpeg\",\"filesize\":138597},\"thumbnail\":{\"file\":\"HF_eb00061823-scaled-150x150.jpg\",\"width\":150,\"height\":150,\"mime-type\":\"image\\\/jpeg\",\"filesize\":8513},\"medium_large\":{\"file\":\"HF_eb00061823-scaled-768x512.jpg\",\"width\":768,\"height\":512,\"mime-type\":\"image\\\/jpeg\",\"filesize\":86200},\"small\":{\"file\":\"HF_eb00061823-scaled-440x293.jpg\",\"width\":440,\"height\":293,\"mime-type\":\"image\\\/jpeg\",\"filesize\":35525},\"semi\":{\"file\":\"HF_eb00061823-scaled-580x387.jpg\",\"width\":580,\"height\":387,\"mime-type\":\"image\\\/jpeg\",\"filesize\":55724},\"mobile\":{\"file\":\"HF_eb00061823-scaled-720x480.jpg\",\"width\":720,\"height\":480,\"mime-type\":\"image\\\/jpeg\",\"filesize\":77971},\"hd\":{\"file\":\"HF_eb00061823-scaled-1280x854.jpg\",\"width\":1280,\"height\":854,\"mime-type\":\"image\\\/jpeg\",\"filesize\":202477},\"full\":{\"file\":\"HF_eb00061823-scaled-1920x1280.jpg\",\"width\":1920,\"height\":1280,\"mime-type\":\"image\\\/jpeg\",\"filesize\":386736},\"1536x1536\":{\"file\":\"HF_eb00061823-scaled-1536x1024.jpg\",\"width\":1536,\"height\":1024,\"mime-type\":\"image\\\/jpeg\",\"filesize\":266197},\"2048x2048\":{\"file\":\"HF_eb00061823-scaled-2048x1366.jpg\",\"width\":2048,\"height\":1366,\"mime-type\":\"image\\\/jpeg\",\"filesize\":430206},\"original\":{\"file\":\"HF_eb00061823-scaled.jpg\",\"width\":2560,\"height\":1707}},\n\t\t\t\t\"alt\" : \"Blick in das beleuchtete Foyer von der Galerie im ersten Stock mit Besuchenden, Infopoint und Medienturm\",\n\t\t\t\t\"path\" : \"\\\/wp-content\\\/uploads\\\/2020\\\/04\\\/\",\n\t\t\t\t\"video\" : null,\n\t\t\t\t\"autoplay\" : null,\n\t\t\t\t\"youtube\" : null,\n\t\t\t\t\"youtubelabel\" : \"Video abspielen\",\n\t\t\t\t\"brightness\" : \"70\",\n\t\t\t\t\"crop\" : {\"top\":\"90.37\",\"left\":\"39.93\"},\n\t\t\t\t\"background\" : true,\n\t\t\t\t\"scale\" : 2\t\t\t\t}\n\t\t\t<\/script>\n\n\t\t\t<div class=\"height-container\" style=\"padding-bottom:66.6796875%;\" v-if=\"sizes\">\n\t\t\t\t\t\t\t\t<lazy-media :inline=\"true\" :alt=\"alt\" :sizes=\"sizes\" :scale=\"scale\" :brightness=\"brightness\" :path=\"path\" :video=\"video\" :autoplay=\"autoplay\" :youtube=\"youtube\" :crop=\"crop\" :youtubelabel=\"youtubelabel\" :background=\"background\" media-id=\"desc_media_69f03d8400678\"><\/lazy-media>\n\t\t\t\t\t\t\t<\/div>\n\n\t\t\t\t\t\t\t<figcaption class=\"sr-only\" ref=\"body\" id=\"desc_media_69f03d8400678\">\n\t\t\t\t\t\t\t\t\t\t\t<div>Blick in das Foyer, November 2019.<\/div>\n\t\t\t\t\t\t\t\t\t\t\t\t\t\t\t\t\t\t\t\t\t<div class=\"insignificant\">\u00a9 Stiftung Humboldt Forum im Berliner Schloss \/ David von Becker<\/div>\n\t\t\t\t\t\t\t\t\t<\/figcaption>\n\t\t\t\t\t<\/figure>\n\t<\/lazy-media-inline>\n\t\t\t\t\t\t<\/div>\n\t\t\t\t\t\t<div class=\"teaser-content \">\n\t\t\t\t\t\t\t<div>\n\t\t\t\t\t\t\t\t\t\t\t\t\t\t\t\t<div class=\"teaser-header\"><span class=\"h3\">Bleiben Sie auf dem Laufenden!<\/span><\/div>\n\t\t\t\t\t\t\t\t<div class=\"teaser-subline\"><span class=\"font-decoration\">Abonnieren Sie unseren Newsletter.<\/span><\/div>\t\t\t\t\t\t\t\t<button tabindex=\"-1\" class=\"border\">Hier klicken<\/button>\n\t\t\t\t\t\t\t<\/div>\n\t\t\t\t\t\t<\/div>\n\t\t\t\t\t<\/a>\n\t\t\t\t<\/div>\n\t\t\t<\/div>\n\t\t<\/div>\n\t<\/div>\n<\/section>\n","protected":false},"template":"","genre":[820],"digital":[],"topic":[],"stakeholder":[382],"editorial":[],"editorialfilter":[],"targetgroup":[383,455,454],"language":[384,385],"accessability":[],"age":[],"school":[],"groupsize":[],"place":[957,1179,883],"class_list":["post-141278","event-multi","type-event-multi","status-publish","hentry","genre-thementag","stakeholder-stiftung-humboldt-forum-im-berliner-schloss","targetgroup-erwachsene","targetgroup-jugendliche","targetgroup-kinder-und-familien","language-deutsch","language-englisch","place-foyer","place-saal-1","place-saal-2-eg"],"acf":[],"_links":{"self":[{"href":"https:\/\/www.humboldtforum.org\/de\/wp-json\/wp\/v2\/event-multi\/141278","targetHints":{"allow":["GET"]}}],"collection":[{"href":"https:\/\/www.humboldtforum.org\/de\/wp-json\/wp\/v2\/event-multi"}],"about":[{"href":"https:\/\/www.humboldtforum.org\/de\/wp-json\/wp\/v2\/types\/event-multi"}],"version-history":[{"count":12,"href":"https:\/\/www.humboldtforum.org\/de\/wp-json\/wp\/v2\/event-multi\/141278\/revisions"}],"predecessor-version":[{"id":144165,"href":"https:\/\/www.humboldtforum.org\/de\/wp-json\/wp\/v2\/event-multi\/141278\/revisions\/144165"}],"wp:attachment":[{"href":"https:\/\/www.humboldtforum.org\/de\/wp-json\/wp\/v2\/media?parent=141278"}],"wp:term":[{"taxonomy":"genre","embeddable":true,"href":"https:\/\/www.humboldtforum.org\/de\/wp-json\/wp\/v2\/genre?post=141278"},{"taxonomy":"digital","embeddable":true,"href":"https:\/\/www.humboldtforum.org\/de\/wp-json\/wp\/v2\/digital?post=141278"},{"taxonomy":"topic","embeddable":true,"href":"https:\/\/www.humboldtforum.org\/de\/wp-json\/wp\/v2\/topic?post=141278"},{"taxonomy":"stakeholder","embeddable":true,"href":"https:\/\/www.humboldtforum.org\/de\/wp-json\/wp\/v2\/stakeholder?post=141278"},{"taxonomy":"editorial","embeddable":true,"href":"https:\/\/www.humboldtforum.org\/de\/wp-json\/wp\/v2\/editorial?post=141278"},{"taxonomy":"editorialfilter","embeddable":true,"href":"https:\/\/www.humboldtforum.org\/de\/wp-json\/wp\/v2\/editorialfilter?post=141278"},{"taxonomy":"targetgroup","embeddable":true,"href":"https:\/\/www.humboldtforum.org\/de\/wp-json\/wp\/v2\/targetgroup?post=141278"},{"taxonomy":"language","embeddable":true,"href":"https:\/\/www.humboldtforum.org\/de\/wp-json\/wp\/v2\/language?post=141278"},{"taxonomy":"accessability","embeddable":true,"href":"https:\/\/www.humboldtforum.org\/de\/wp-json\/wp\/v2\/accessability?post=141278"},{"taxonomy":"age","embeddable":true,"href":"https:\/\/www.humboldtforum.org\/de\/wp-json\/wp\/v2\/age?post=141278"},{"taxonomy":"school","embeddable":true,"href":"https:\/\/www.humboldtforum.org\/de\/wp-json\/wp\/v2\/school?post=141278"},{"taxonomy":"groupsize","embeddable":true,"href":"https:\/\/www.humboldtforum.org\/de\/wp-json\/wp\/v2\/groupsize?post=141278"},{"taxonomy":"place","embeddable":true,"href":"https:\/\/www.humboldtforum.org\/de\/wp-json\/wp\/v2\/place?post=141278"}],"curies":[{"name":"wp","href":"https:\/\/api.w.org\/{rel}","templated":true}]}}