{"id":151103,"date":"2025-09-03T10:02:59","date_gmt":"2025-09-03T08:02:59","guid":{"rendered":"https:\/\/www.humboldtforum.org\/?post_type=event-multi&#038;p=151103"},"modified":"2025-10-01T17:40:48","modified_gmt":"2025-10-01T15:40:48","slug":"care-oder-chaos","status":"publish","type":"event-multi","link":"https:\/\/www.humboldtforum.org\/de\/programm\/event\/thementag\/care-oder-chaos-151103\/","title":{"rendered":"Care oder Chaos?"},"content":{"rendered":"<section class=\"block block-copy\" >\n    <div class=\"container-fluid\">\n\t\t<div class=\"row \">\n            <div class=\"col-xs-12 col-md-offset-2 col-md-8\">\n                <div class=\"box\">\n                    <div class=\"copy\"><p>Mit einem erlebnisreichen Er\u00f6ffnungsprogramm startet Anfang Oktober das Jahresprogramm <em>Beziehungsweise Familie<\/em>.<\/p>\n<p>Pflege, N\u00e4he und famili\u00e4re Beziehungen stehen drei Tage lang im Mittelpunkt. Kleine Gesten, gro\u00dfe Wirkung \u2013 in k\u00fcnstlerischen Interventionen, Performances, Lesungen und Gespr\u00e4chen wird Familie neu gedacht: beim Selfcare-Workshop \u201eIn the Dreamhouse\u201c, bei t\u00e4nzerischen Interventionen in der Dauerausstellung, einem Kuchenbuffet dekoriert mit \u00fcppigen und essbaren Blumen oder bei <em>African Street Games<\/em> f\u00fcr die ganze Familie.<\/p>\n<p>Mit dabei sind die Autorin und Musikerin Christiane R\u00f6singer, das <em>Resident Music Collective<\/em>, die feministische Autorin Sophie Lewis, der Film <em>Im Prinzip Familie<\/em> von Regisseur Daniel Abma und vieles mehr.<\/p>\n<p>In den Werkr\u00e4umen gibt es <em>Drop-ins<\/em> zum Mitmachen, Schatzkisten gestalten und Neues entdecken, und das Bilderbuchkino bringt eindr\u00fcckliche Geschichten auf die Leinwand \u2013 gelesen von bekannten Stimmen mit musikalischer Begleitung.<\/p>\n<p>Zwei weitere Thementage sind f\u00fcr 2026 geplant, zum Thema Familiengeheimnisse\u00a0und zu alternativen Formen des Zusammenlebens.<\/p>\n<\/div>\n                <\/div>\n            <\/div>\n\t\t<\/div>\n\t\t    <\/div>\n<\/section>\n\n\n<section class=\"block block-accordion\">\n\t<div class=\"container-fluid\">\n\t\t<div class=\"row\">\n\t\t\t<div class=\"col-xs-12 col-md-offset-2 col-md-8\">\n\t\t\t\t<div class=\"box\">\n\t\t\t\t\t\t\t\t\t\t\t<block-accordion inline-template>\n\t\t\t\t\t\t\t<div class=\"accordion\">\n\t\t\t\t\t\t\t\t\t\t\t\t\t\t\t<block-accordion-item inline-template item-headline=\"Freitag, 3. Oktober: F\u00fcreinander sorgen \u2013 Kleine Gesten, gro\u00dfe Wirkung\">\n\t\t\t\t\t\t\t\t<div ref=\"item\" data-id=\"Freitag3OktoberFreinandersorgenKleineGestengroeWirkung\" class=\"block-accordion-item vue-initialize\" aria-expanded=\"false\" :aria-expanded=\"active ? 'true' : 'false'\">\n\t\t\t\t\t\t\t\t\t<button class=\"accordion-button-with-icon block-accordion-item-head\" :class=\"{'button-active': active}\" ref=\"head\" aria-controls=\"acc_69f474a0edaf0\" id=\"acc_title_69f474a0edaf4\" @click=\"toggle\" @keydown=\"key\">\n\t\t\t\t\t\t\t\t\t<div><span class=\"button-label\">Freitag, 3. Oktober: F\u00fcreinander sorgen \u2013 Kleine Gesten, gro\u00dfe Wirkung<\/span><\/div><span class=\"button-icon icon-plus\" aria-hidden=\"true\"><\/span>\n\t\t\t\t\t\t\t\t<\/button>\n\t\t\t\t\t\t\t\t\t<div ref=\"body\" class=\"block-accordion-item-content\" id=\"acc_69f474a0edaf0\" role=\"region\">\n\t\t\t\t\t\t\t\t\t\t<div class=\"wrapper copy\">\n\t\t\t\t\t\t\t\t\t\t\t<p>Wir alle leisten t\u00e4glich F\u00fcrsorgearbeit \u2013 sei es in der Familie oder als Selbstf\u00fcrsorge. Zu dieser Erfahrung l\u00e4dt der erste Tag ein. Zwischen Lesungen und <strong>African Street Games<\/strong> im gro\u00dfen Foyer und dem Floristaurant, einem opulenten Kuchentisch voller Blumen, Fr\u00fcchten und D\u00fcften, entstehen R\u00e4ume der Aufmerksamkeit \u2013 f\u00fcr kleine Gesten mit gro\u00dfer Wirkung.<\/p>\n<p>Die Rauminstallation <strong>Im Traumhaus<\/strong> von Anguezomo Bikoro schenkt Momente der Ruhe f\u00fcr alle, die sonst immer geben \u2013 in Form von kurzen Workshops und kreativen Care-Angeboten. Als Installation kann der Raum dauerhaft erkundet werden.<\/p>\n<p>Im Ethnologischen Museum (2. OG) zeigt Kristy Nataraja im Dialog mit der Ausstellung die Tanzperformance <strong>Transpersonal \u2013 Jenseits des Ichs<\/strong> zu Fragen von Gender- und Herkunft: \u201eWie werden wir gepr\u00e4gt, was tragen wir weiter, was ver\u00e4ndern wir?\u201c Am Ende ist Raum f\u00fcr Fragen und Austausch mit der Performerin.<\/p>\n<p>Die feministische Autorin Sophie Lewis stellt ihre Thesen zur Zukunft von Care-Arbeit und neuen Konzepten von Verwandtschaft zur Diskussion. Anschlie\u00dfend kommt sie dazu mit Logan February ins Gespr\u00e4ch, der aktuell Poet in Residence im Humboldt Forum ist.<\/p>\n<p><strong>Am Anfang war das Feuer, dann kam die b\u00fcrgerliche Familie<\/strong><strong>, <\/strong>stellt Christiane R\u00f6singer fest. Die Berliner Musikerin, Autorin und scharfsinnige Chronistin des Alltags bringt gemeinsam mit ihrer Band Geschichten auf die B\u00fchne f\u00fcr alle, die Familie, Liebe, Gemeinschaft und N\u00e4he auf ihre ganz eigene Weise leben \u2013 und zeigt: Hier muss niemand etwas sein, aber jede*r darf alles.<\/p>\n<hr \/>\n\n\t\t\t\t\t\t\t\t\t\t\t\t\t\t\t\t\t\t\t\t\t\t\t\t\t\t\t\t\t\t\t\t\t\n\t\t\t\t\t\t\t\t\t\t\t<div class=\"row\">\n\t\t\t\t\t\t\t\t\t\t\t\t<div class=\"col-xs-9 col-md-9\">\n\t\t\t\t\t\t\t\t\t\t\t\t\t<div class=\"box\">\n\t\t\t\t\t\t\t\t\t\t\t\t\t\t\t\t\t\t\t\t\t\t\t\t\t\t\t<\/div>\n\t\t\t\t\t\t\t\t\t\t\t\t<\/div>\n\t\t\t\t\t\t\t\t\t\t\t<\/div>\n\n\t\t\t\t\t\t\t\t\t\t\t\t\t\t\t\t\t\t\t\t\t<\/div>\n\t\t\t\t\t\t\t\t\t<\/div>\n\t\t\t\t\t\t\t\t<\/div>\n\t\t\t\t\t\t\t\t<\/block-accordion-item>\n\t\t\t\t\t\t\t\t\t\t\t\t\t\t<block-accordion-item inline-template item-headline=\"Samstag, 4. Oktober: Pflege &amp; Gesellschaft \u2013 Wie wollen wir leben und wer sorgt f\u00fcr wen?\">\n\t\t\t\t\t\t\t\t<div ref=\"item\" data-id=\"Samstag4OktoberPflegeampGesellschaftWiewollenwirlebenundwersorgtfrwen\" class=\"block-accordion-item vue-initialize\" aria-expanded=\"false\" :aria-expanded=\"active ? 'true' : 'false'\">\n\t\t\t\t\t\t\t\t\t<button class=\"accordion-button-with-icon block-accordion-item-head\" :class=\"{'button-active': active}\" ref=\"head\" aria-controls=\"acc_69f474a0ede68\" id=\"acc_title_69f474a0ede69\" @click=\"toggle\" @keydown=\"key\">\n\t\t\t\t\t\t\t\t\t<div><span class=\"button-label\">Samstag, 4. Oktober: Pflege &amp; Gesellschaft \u2013 Wie wollen wir leben und wer sorgt f\u00fcr wen?<\/span><\/div><span class=\"button-icon icon-plus\" aria-hidden=\"true\"><\/span>\n\t\t\t\t\t\t\t\t<\/button>\n\t\t\t\t\t\t\t\t\t<div ref=\"body\" class=\"block-accordion-item-content\" id=\"acc_69f474a0ede68\" role=\"region\">\n\t\t\t\t\t\t\t\t\t\t<div class=\"wrapper copy\">\n\t\t\t\t\t\t\t\t\t\t\t<p>Am zweiten Tag weitet sich der Blick: Wer \u00fcbernimmt heute Sorgearbeit in unserer Gesellschaft \u2013 jenseits der klassischen Familie? Wie funktioniert das Pflegesystem in Deutschland? Was brauchen Pflegende und Menschen, die auf Hilfe angewiesen sind? Und wie sieht F\u00fcrsorge in Zukunft aus?<\/p>\n<p>Wir beginnen den Tag mit dem Film\u00a0<strong>Im Prinzip Familie<\/strong>. Zwischen Elternliebe, B\u00fcrokratie und Jugendamt geben drei Erzieher*innen alles, um f\u00fcr Kinder ein Zuhause zu schaffen. Gespr\u00e4che und k\u00fcnstlerische Beitr\u00e4ge setzen sich anschlie\u00dfend mit aktuellen Entwicklungen in der Pflege, mit Generationenvertr\u00e4gen und gesellschaftlichem Wandel auseinander.<\/p>\n<p>In drei <strong>Podiumsdiskussionen<\/strong> bietet sich die Gelegenheit, F\u00fcrsorge aus unterschiedlichen gesellschaftlichen Perspektiven zu verhandeln: Betroffene aus der Jugendhilfe fragen \u201eWer hilft eigentlich wem?\u201c Anschlie\u00dfend diskutieren wir, wie Pflege im Alter neu gedacht werden kann, insbesondere in einer Migrationsgesellschaft. Neue Wege jenseits des Kernfamili\u00e4ren erkunden auch Sophie Lewis und Ge Wang: kapitalismuskritische Forderungen einer \u201eAbschaffung der Familie\u201c sto\u00dfen hier auf daoistische und buddhistische Ans\u00e4tze.<\/p>\n<p>Nachmittags erwarten die Besucher*innen bewegende Tanzperformances im Ethnologischen Museum (2. OG) mit der Animationst\u00e4nzerin Kristy Nataraja sowie die partizipative Tanzf\u00fchrung\u00a0<strong>Tanzende Generationen<\/strong>\u00a0der Bewegungsk\u00fcnstlerin Yuko Matsuyama in den Asiatischen Sammlungen (3. OG). Den ganzen Tag \u00fcber bietet sich zudem die Gelegenheit das <strong>Traumhaus<\/strong> von Anguezomo Bikoro zu besuchen.<\/p>\n<p>Das\u00a0<strong>Resident Music Collective<\/strong>\u00a0mit 15 Berliner Musiker*innen aus vielen Kulturen der Welt spielt sein neues Programm\u00a0<strong>Klangverwandtschaften<\/strong>.<\/p>\n<p>Im Anschluss ist noch einmal Christiane R\u00f6singer mit ihrer humoristischen Konzertlesung\u00a0zu erleben: <strong>Am Anfang war das Feuer, dann kam die b\u00fcrgerliche Familie<\/strong>\u00a0\u2013 f\u00fcr alle, die Familie, Liebe,\u00a0Gemeinschaft\u00a0und N\u00e4he auf ihre ganz eigene Weise leben.<\/p>\n\n\t\t\t\t\t\t\t\t\t\t\t\t\t\t\t\t\t\t\t\t\t\t\t\t\t\t\t\t\t\t\t\t\t\n\t\t\t\t\t\t\t\t\t\t\t<div class=\"row\">\n\t\t\t\t\t\t\t\t\t\t\t\t<div class=\"col-xs-9 col-md-9\">\n\t\t\t\t\t\t\t\t\t\t\t\t\t<div class=\"box\">\n\t\t\t\t\t\t\t\t\t\t\t\t\t\t\t\t\t\t\t\t\t\t\t\t\t\t\t<\/div>\n\t\t\t\t\t\t\t\t\t\t\t\t<\/div>\n\t\t\t\t\t\t\t\t\t\t\t<\/div>\n\n\t\t\t\t\t\t\t\t\t\t\t\t\t\t\t\t\t\t\t\t\t<\/div>\n\t\t\t\t\t\t\t\t\t<\/div>\n\t\t\t\t\t\t\t\t<\/div>\n\t\t\t\t\t\t\t\t<\/block-accordion-item>\n\t\t\t\t\t\t\t\t\t\t\t\t\t\t<block-accordion-item inline-template item-headline=\"Sonntag, 5. Oktober: Geschichten, Kl\u00e4nge und gemeinsames Gestalten\">\n\t\t\t\t\t\t\t\t<div ref=\"item\" data-id=\"Sonntag5OktoberGeschichtenKlngeundgemeinsamesGestalten\" class=\"block-accordion-item vue-initialize\" aria-expanded=\"false\" :aria-expanded=\"active ? 'true' : 'false'\">\n\t\t\t\t\t\t\t\t\t<button class=\"accordion-button-with-icon block-accordion-item-head\" :class=\"{'button-active': active}\" ref=\"head\" aria-controls=\"acc_69f474a0ee1a5\" id=\"acc_title_69f474a0ee1a7\" @click=\"toggle\" @keydown=\"key\">\n\t\t\t\t\t\t\t\t\t<div><span class=\"button-label\">Sonntag, 5. Oktober: Geschichten, Kl\u00e4nge und gemeinsames Gestalten<\/span><\/div><span class=\"button-icon icon-plus\" aria-hidden=\"true\"><\/span>\n\t\t\t\t\t\t\t\t<\/button>\n\t\t\t\t\t\t\t\t\t<div ref=\"body\" class=\"block-accordion-item-content\" id=\"acc_69f474a0ee1a5\" role=\"region\">\n\t\t\t\t\t\t\t\t\t\t<div class=\"wrapper copy\">\n\t\t\t\t\t\t\t\t\t\t\t<p>Am Sonntag steht die kommende Generation im Mittelpunkt: Kinder, Familien und alle, die mit ihnen leben, lernen und tr\u00e4umen.<\/p>\n<p>Der Deutschlandfunk bringt seinen beliebten Kinderpodcast <strong>Kakadu<\/strong> live ins Humboldt Forum. Im Bilderbuchkino werden B\u00fccher von Chimamanda Ngozi Adiche, Edith Schreiber-Wicke, Carola Holland, Satomi Ichikawa und weiteren gelesen und in den Werkr\u00e4umen l\u00e4dt der\u00a0<em>Drop-In<\/em>-Workshop\u00a0<strong>Schatzkiste<\/strong>\u00a0zum Mitmachen, Gestalten und Entdecken ein \u2013 generations\u00fcbergreifend, offen und inklusiv.<\/p>\n<p>Zum Abschluss der Thementage pr\u00e4sentiert das\u00a0<strong>Resident Music Collective<\/strong> noch einmal seine musikalischen Familiengeschichten.<\/p>\n\n\t\t\t\t\t\t\t\t\t\t\t\t\t\t\t\t\t\t\t\t\t\t\t\t\t\t\t\t\t\t\t\t\t\n\t\t\t\t\t\t\t\t\t\t\t<div class=\"row\">\n\t\t\t\t\t\t\t\t\t\t\t\t<div class=\"col-xs-9 col-md-9\">\n\t\t\t\t\t\t\t\t\t\t\t\t\t<div class=\"box\">\n\t\t\t\t\t\t\t\t\t\t\t\t\t\t\t\t\t\t\t\t\t\t\t\t\t\t\t<\/div>\n\t\t\t\t\t\t\t\t\t\t\t\t<\/div>\n\t\t\t\t\t\t\t\t\t\t\t<\/div>\n\n\t\t\t\t\t\t\t\t\t\t\t\t\t\t\t\t\t\t\t\t\t<\/div>\n\t\t\t\t\t\t\t\t\t<\/div>\n\t\t\t\t\t\t\t\t<\/div>\n\t\t\t\t\t\t\t\t<\/block-accordion-item>\n\t\t\t\t\t\t\t\t\t\t\t\t\t<\/div>\n\t\t\t\t\t\t<\/block-accordion>\n\t\t\t\t\t\t\t\t\t<\/div>\n\t\t\t<\/div>\n\t\t<\/div>\n\t<\/div>\n<\/section>\n\n\n<section class=\"block block-button\">\n    <div class=\"container-fluid\">\n\t\t<div class=\"row\">\n            <div class=\"col-xs-12 col-md-offset-2 col-md-8\">\n                <div class=\"box text-align-center\">\n                 \t\t<a href=\"https:\/\/www.humboldtforum.org\/wp-content\/uploads\/2025\/10\/Care_oder_Chaos_Programmuebersicht.pdf\" class=\"button-extern\" role=\"button\" target=\"_blank\">\n\t\t<span class=\"button-label\">Programm\u00fcbersicht (PDF)<\/span>\n\t<\/a>\n                <\/div>\n            <\/div>\n        <\/div>\n    <\/div>\n<\/section>\n\n<section class=\"block block-headline block-no-margin \" >\n\t<div class=\"container-fluid\">\n\t\t<div class=\"row\">\n\t\t\t\t\t\t\t<div class=\"col-xs-12 col-md-offset-2 col-md-8\">\n\t\t\t\t\t<div class=\"box\">\n\t\t\t\t\t\t<h2 class=\".h4\">Programm<\/h2>\n\t\t\t\t\t<\/div>\n\t\t\t\t<\/div>\n\t\t\t\t\t<\/div>\n\t<\/div>\n<\/section>\n\n\n\n\n<section class=\"block block-teaser col-multitimes \" style=\"\">\n\t<lazy-component :fixed-min-height=\"400\">\n\t\n\t\t\t\t\t<div class=\"container-fluid\">\n\t\t\t\t<div class=\"row bottom-xs\">\n\t\t\t\t\t<div class=\"col-xs-12 col-md-8\">\n\t\t\t\t\t\t\t\t\t\t\t\t\t\t\t\t\t\t\t\t\t\t\t\t\t<\/div>\n\t\t\t\t\t<div class=\"col-xs-12 col-md-4 start-xs end-md margin-bottom-sixth\">\n\t\t\t\t\t\t\t\t\t\t\t<\/div>\n\t\t\t\t<\/div>\n\t\t\t\t<ul class=\"row\"> <li class=\"col-xs-6 col-sm-4 col-md-3 teaser-wrapper col-padding-remove\">\n\t<calendarteaser key=\"15089814008\" rawitem='{&quot;postId&quot;:150898,&quot;title&quot;:&quot;African Street Games&quot;,&quot;excerpt&quot;:&quot;&quot;,&quot;slug&quot;:&quot;african-street-games&quot;,&quot;post_date&quot;:&quot;2025-08-27T12:30&quot;,&quot;type&quot;:&quot;event&quot;,&quot;permalink&quot;:&quot;https:\\\/\\\/www.humboldtforum.org\\\/de\\\/programm\\\/termin\\\/entertainment\\\/african-street-games-150898\\\/&quot;,&quot;genre&quot;:[829],&quot;genre_details&quot;:[{&quot;text&quot;:&quot;Entertainment&quot;,&quot;id&quot;:829,&quot;icon&quot;:null,&quot;parent&quot;:0}],&quot;stakeholder&quot;:[382],&quot;stakeholder_details&quot;:[{&quot;text&quot;:&quot;Stiftung Humboldt Forum im Berliner Schloss&quot;,&quot;id&quot;:382,&quot;icon&quot;:null,&quot;parent&quot;:0}],&quot;targetgroup&quot;:[455,454],&quot;targetgroup_details&quot;:[{&quot;text&quot;:&quot;Jugendliche&quot;,&quot;id&quot;:455,&quot;icon&quot;:null,&quot;parent&quot;:0},{&quot;text&quot;:&quot;Kinder und Familien&quot;,&quot;id&quot;:454,&quot;icon&quot;:null,&quot;parent&quot;:0}],&quot;language&quot;:[384,385],&quot;language_details&quot;:[{&quot;text&quot;:&quot;Deutsch&quot;,&quot;id&quot;:384,&quot;icon&quot;:null,&quot;parent&quot;:0},{&quot;text&quot;:&quot;Englisch&quot;,&quot;id&quot;:385,&quot;icon&quot;:null,&quot;parent&quot;:0}],&quot;age&quot;:[1809],&quot;age_details&quot;:[{&quot;text&quot;:&quot;ab 3 Jahre&quot;,&quot;id&quot;:1809,&quot;icon&quot;:null,&quot;parent&quot;:0}],&quot;place&quot;:[982,1179],&quot;place_details&quot;:{&quot;place&quot;:&quot;Humboldt Forum&quot;,&quot;map&quot;:&quot;Humboldt Forum, Schlossplatz, Berlin&quot;,&quot;room&quot;:&quot;Portal 3, Saal 1, EG&quot;},&quot;icon_overwrite&quot;:&quot;&quot;,&quot;acf&quot;:{&quot;noindex&quot;:false,&quot;keywords&quot;:&quot;&quot;,&quot;hashtag&quot;:&quot;HumboldtForum&quot;,&quot;belongsto&quot;:[160159,148458],&quot;shorturl&quot;:&quot;&quot;,&quot;times&quot;:[{&quot;start&quot;:&quot;20260501 10:30&quot;,&quot;end&quot;:&quot;16:00&quot;,&quot;status&quot;:&quot;BUY&quot;,&quot;info&quot;:&quot;kostenfrei&quot;,&quot;shop&quot;:&quot;&quot;,&quot;i&quot;:0,&quot;start_hour&quot;:&quot;10:30&quot;,&quot;start_HRF&quot;:&quot;Fr,  1. Mai 2026&quot;,&quot;_date&quot;:{&quot;date&quot;:&quot;2026-05-01 16:00:00.000000&quot;,&quot;timezone_type&quot;:3,&quot;timezone&quot;:&quot;Europe\\\/Berlin&quot;},&quot;_fromdate&quot;:&quot;20260501 10:30&quot;,&quot;start_TS&quot;:1777624200,&quot;start_HRFSHORT&quot;:&quot;01.05.26&quot;,&quot;start_HRFSHORT_WD&quot;:&quot;Fr 01.05.2026&quot;,&quot;end_TS&quot;:1777644000,&quot;can_purchase&quot;:false},{&quot;start&quot;:&quot;20260502 10:30&quot;,&quot;end&quot;:&quot;16:00&quot;,&quot;status&quot;:&quot;BUY&quot;,&quot;info&quot;:&quot;kostenfrei&quot;,&quot;shop&quot;:&quot;&quot;,&quot;i&quot;:1,&quot;start_hour&quot;:&quot;10:30&quot;,&quot;start_HRF&quot;:&quot;Sa,  2. Mai 2026&quot;,&quot;_date&quot;:{&quot;date&quot;:&quot;2026-05-02 16:00:00.000000&quot;,&quot;timezone_type&quot;:3,&quot;timezone&quot;:&quot;Europe\\\/Berlin&quot;},&quot;_fromdate&quot;:&quot;20260502 10:30&quot;,&quot;start_TS&quot;:1777710600,&quot;start_HRFSHORT&quot;:&quot;02.05.26&quot;,&quot;start_HRFSHORT_WD&quot;:&quot;Sa 02.05.2026&quot;,&quot;end_TS&quot;:1777730400,&quot;can_purchase&quot;:false}],&quot;planning&quot;:{&quot;price&quot;:&quot;kostenfrei&quot;,&quot;admission&quot;:&quot;&quot;,&quot;pause&quot;:&quot;&quot;,&quot;duration&quot;:&quot;&quot;},&quot;additional_info&quot;:{&quot;icon&quot;:&quot;0&quot;,&quot;text&quot;:&quot;&quot;},&quot;highlight_header&quot;:false,&quot;featured_images&quot;:[162702],&quot;use_video_in_teasers&quot;:false,&quot;hyphenation&quot;:true,&quot;tipp&quot;:false,&quot;joker&quot;:false,&quot;live&quot;:false,&quot;hide_event_in_program&quot;:false,&quot;gomus_id&quot;:&quot;&quot;,&quot;hm_id&quot;:&quot;&quot;},&quot;date&quot;:{&quot;NX&quot;:&quot;20260501&quot;,&quot;NXX&quot;:&quot;202605011030&quot;,&quot;NLAST&quot;:&quot;202605020630&quot;,&quot;from_DATE&quot;:&quot;20260501 10:30&quot;,&quot;from&quot;:1777617000,&quot;to&quot;:1777703400,&quot;to_DATE&quot;:&quot;20260502 10:30&quot;,&quot;from_HRFSHORT&quot;:&quot; 1. Mai 2026&quot;,&quot;from_HRFSHORT_WD&quot;:&quot;Fr 01.05.2026&quot;,&quot;to_HRFSHORT&quot;:&quot; 2. Mai 2026&quot;,&quot;to_HRFSHORT_WD&quot;:&quot;Sa 02.05.2026&quot;,&quot;from_HRF&quot;:&quot;Fr,  1. Mai 2026&quot;,&quot;to_HRF&quot;:&quot;Sa,  2. Mai 2026&quot;,&quot;from_to_HRF&quot;:&quot;Fr,  1. Mai \\u2013 Sa,  2. Mai 2026&quot;,&quot;from_to_HRFSHORT&quot;:&quot; 1. Mai \\u2013  2. Mai 2026&quot;},&quot;alert&quot;:null,&quot;partof&quot;:[],&quot;marketing_topic&quot;:{&quot;title&quot;:&quot;Schicksal oder Wahl?&quot;,&quot;ID&quot;:160159,&quot;reason&quot;:&quot;belongsto&quot;}}' inline-template>\n\t<a href=\"https:\/\/www.humboldtforum.org\/de\/programm\/termin\/entertainment\/african-street-games-150898\/\" class=\"teaser teaser-event teaser-event-standard\">\n\t\t<div class=\"row row-stretch\">\n\t\t\t<div class=\"col-xs-12\">\n\t\t\t\t<div class=\"teaser-event-image\">\n\t\t\t\t\t<div class=\"teaser-image teaser-image-no-alternate\">\n\t\t\t\t\t\t\t\t\t\t\t\t\t\n\t<lazy-media-inline inline-template>\n\t\t<figure itemscope itemtype=\"http:\/\/schema.org\/ImageObject\" class=\"lazy-media-inline \" role=\"group\" id=\"media_69f474a186688\" aria-labelledby=\"desc_media_69f474a186688\">\n\t\t\t<script type=\"application\/json\" ref=\"data\">\n\t\t\t\t{\n\t\t\t\t\"sizes\" : {\"medium\":{\"file\":\"SHF_eb00255324-300x200.jpg\",\"width\":300,\"height\":200,\"mime-type\":\"image\\\/jpeg\",\"filesize\":19081},\"large\":{\"file\":\"SHF_eb00255324-1024x682.jpg\",\"width\":1024,\"height\":682,\"mime-type\":\"image\\\/jpeg\",\"filesize\":125446},\"thumbnail\":{\"file\":\"SHF_eb00255324-150x150.jpg\",\"width\":150,\"height\":150,\"mime-type\":\"image\\\/jpeg\",\"filesize\":8465},\"medium_large\":{\"file\":\"SHF_eb00255324-768x512.jpg\",\"width\":768,\"height\":512,\"mime-type\":\"image\\\/jpeg\",\"filesize\":81998},\"small\":{\"file\":\"SHF_eb00255324-440x293.jpg\",\"width\":440,\"height\":293,\"mime-type\":\"image\\\/jpeg\",\"filesize\":35433},\"semi\":{\"file\":\"SHF_eb00255324-580x387.jpg\",\"width\":580,\"height\":387,\"mime-type\":\"image\\\/jpeg\",\"filesize\":54026},\"mobile\":{\"file\":\"SHF_eb00255324-720x480.jpg\",\"width\":720,\"height\":480,\"mime-type\":\"image\\\/jpeg\",\"filesize\":74239},\"original\":{\"file\":\"SHF_eb00255324.jpg\",\"width\":1280,\"height\":853}},\n\t\t\t\t\"alt\" : \"Kinder und Erwachsene spielen aktiv auf einer blauen Matte mit Holzstangen in einem gro\\u00dfen, offenen Raum.\",\n\t\t\t\t\"path\" : \"\\\/wp-content\\\/uploads\\\/2025\\\/08\\\/\",\n\t\t\t\t\"video\" : null,\n\t\t\t\t\"autoplay\" : null,\n\t\t\t\t\"youtube\" : null,\n\t\t\t\t\"youtubelabel\" : \"Video abspielen\",\n\t\t\t\t\"brightness\" : 100,\n\t\t\t\t\"crop\" : {\"top\":\"50.00\",\"left\":\"50.00\"},\n\t\t\t\t\"background\" : true,\n\t\t\t\t\"scale\" : 2\t\t\t\t}\n\t\t\t<\/script>\n\n\t\t\t<div class=\"height-container\" style=\"padding-bottom:66.640625%;\" v-if=\"sizes\">\n\t\t\t\t\t\t\t\t<lazy-media :inline=\"true\" :alt=\"alt\" :sizes=\"sizes\" :scale=\"scale\" :brightness=\"brightness\" :path=\"path\" :video=\"video\" :autoplay=\"autoplay\" :youtube=\"youtube\" :crop=\"crop\" :youtubelabel=\"youtubelabel\" :background=\"background\" media-id=\"desc_media_69f474a186688\"><\/lazy-media>\n\t\t\t\t\t\t\t<\/div>\n\n\t\t\t\t\t\t\t<figcaption class=\"sr-only\" ref=\"body\" id=\"desc_media_69f474a186688\">\n\t\t\t\t\t\t\t\t\t\t\t<div>Tunte, African Street Games Festival, Mayibuye e. V.<\/div>\n\t\t\t\t\t\t\t\t\t\t\t\t\t\t\t\t\t\t\t\t\t<div class=\"insignificant\">\u00a9 Stiftung Humboldt Forum im Berliner Schloss, Foto: Frank Sperling<\/div>\n\t\t\t\t\t\t\t\t\t<\/figcaption>\n\t\t\t\t\t<\/figure>\n\t<\/lazy-media-inline>\n\t\t\t\t\t<\/div>\n\t\t\t\t<\/div>\n\t\t\t\t<div class=\"teaser-event-text Infos\">\n\t\t\t\t\t<div class=\"margin-bottom-sixth\">\n\t\t\t\t\t\t<div class=\"margin-bottom-atom\">\n\t\t\t\t\t\t\t<div class=\"subline clamp-1\" v-html=\"maingenre\"><\/div>\n\t\t\t\t\t\t\t\t\t\t\t\t\t\t\t<div class=\"insignificant clamp-2\">Schicksal oder Wahl?<\/div>\n\t\t\t\t\t\t\t\t\t\t\t\t\t<\/div>\n\t\t\t\t\t\n\t\t\t\t\t\t<strong class=\"margin-bottom-atom\">African Street Games<\/strong>\n\n\t\t\t\t\t\t\t\t\t\t\t\t\t<div class=\"\"><\/div>\n\t\t\t\t\t\t\t\t\t\t\t<\/div>\n\t\t\t\t<\/div>\n\t\t\t<\/div>\n\t\t\t<div class=\"col-xs-12 Infos\">\n\t\t\t\t<div class=\"border-bottom \">\n\t\t\t\t\t\t\t\t\t\t\t\t\t\t<calendardateline :rawitem=\"{&quot;postId&quot;:150898,&quot;title&quot;:&quot;African Street Games&quot;,&quot;excerpt&quot;:&quot;&quot;,&quot;slug&quot;:&quot;african-street-games&quot;,&quot;post_date&quot;:&quot;2025-08-27T12:30&quot;,&quot;type&quot;:&quot;event&quot;,&quot;permalink&quot;:&quot;https:\\\/\\\/www.humboldtforum.org\\\/de\\\/programm\\\/termin\\\/entertainment\\\/african-street-games-150898\\\/&quot;,&quot;genre&quot;:[829],&quot;genre_details&quot;:[{&quot;text&quot;:&quot;Entertainment&quot;,&quot;id&quot;:829,&quot;icon&quot;:null,&quot;parent&quot;:0}],&quot;stakeholder&quot;:[382],&quot;stakeholder_details&quot;:[{&quot;text&quot;:&quot;Stiftung Humboldt Forum im Berliner Schloss&quot;,&quot;id&quot;:382,&quot;icon&quot;:null,&quot;parent&quot;:0}],&quot;targetgroup&quot;:[455,454],&quot;targetgroup_details&quot;:[{&quot;text&quot;:&quot;Jugendliche&quot;,&quot;id&quot;:455,&quot;icon&quot;:null,&quot;parent&quot;:0},{&quot;text&quot;:&quot;Kinder und Familien&quot;,&quot;id&quot;:454,&quot;icon&quot;:null,&quot;parent&quot;:0}],&quot;language&quot;:[384,385],&quot;language_details&quot;:[{&quot;text&quot;:&quot;Deutsch&quot;,&quot;id&quot;:384,&quot;icon&quot;:null,&quot;parent&quot;:0},{&quot;text&quot;:&quot;Englisch&quot;,&quot;id&quot;:385,&quot;icon&quot;:null,&quot;parent&quot;:0}],&quot;age&quot;:[1809],&quot;age_details&quot;:[{&quot;text&quot;:&quot;ab 3 Jahre&quot;,&quot;id&quot;:1809,&quot;icon&quot;:null,&quot;parent&quot;:0}],&quot;place&quot;:[982,1179],&quot;place_details&quot;:{&quot;place&quot;:&quot;Humboldt Forum&quot;,&quot;map&quot;:&quot;Humboldt Forum, Schlossplatz, Berlin&quot;,&quot;room&quot;:&quot;Portal 3, Saal 1, EG&quot;},&quot;icon_overwrite&quot;:&quot;&quot;,&quot;acf&quot;:{&quot;noindex&quot;:false,&quot;keywords&quot;:&quot;&quot;,&quot;hashtag&quot;:&quot;HumboldtForum&quot;,&quot;belongsto&quot;:[160159,148458],&quot;shorturl&quot;:&quot;&quot;,&quot;times&quot;:[{&quot;start&quot;:&quot;20260501 10:30&quot;,&quot;end&quot;:&quot;16:00&quot;,&quot;status&quot;:&quot;BUY&quot;,&quot;info&quot;:&quot;kostenfrei&quot;,&quot;shop&quot;:&quot;&quot;,&quot;i&quot;:0,&quot;start_hour&quot;:&quot;10:30&quot;,&quot;start_HRF&quot;:&quot;Fr,  1. Mai 2026&quot;,&quot;_date&quot;:{&quot;date&quot;:&quot;2026-05-01 16:00:00.000000&quot;,&quot;timezone_type&quot;:3,&quot;timezone&quot;:&quot;Europe\\\/Berlin&quot;},&quot;_fromdate&quot;:&quot;20260501 10:30&quot;,&quot;start_TS&quot;:1777624200,&quot;start_HRFSHORT&quot;:&quot;01.05.26&quot;,&quot;start_HRFSHORT_WD&quot;:&quot;Fr 01.05.2026&quot;,&quot;end_TS&quot;:1777644000,&quot;can_purchase&quot;:false}],&quot;planning&quot;:{&quot;price&quot;:&quot;kostenfrei&quot;,&quot;admission&quot;:&quot;&quot;,&quot;pause&quot;:&quot;&quot;,&quot;duration&quot;:&quot;&quot;},&quot;additional_info&quot;:{&quot;icon&quot;:&quot;0&quot;,&quot;text&quot;:&quot;&quot;},&quot;highlight_header&quot;:false,&quot;featured_images&quot;:[162702],&quot;use_video_in_teasers&quot;:false,&quot;hyphenation&quot;:true,&quot;tipp&quot;:false,&quot;joker&quot;:false,&quot;live&quot;:false,&quot;hide_event_in_program&quot;:false,&quot;gomus_id&quot;:&quot;&quot;,&quot;hm_id&quot;:&quot;&quot;},&quot;date&quot;:{&quot;NX&quot;:&quot;20260501&quot;,&quot;NXX&quot;:&quot;202605011030&quot;,&quot;NLAST&quot;:&quot;202605020630&quot;,&quot;from_DATE&quot;:&quot;20260501 10:30&quot;,&quot;from&quot;:1777617000,&quot;to&quot;:1777703400,&quot;to_DATE&quot;:&quot;20260502 10:30&quot;,&quot;from_HRFSHORT&quot;:&quot; 1. Mai 2026&quot;,&quot;from_HRFSHORT_WD&quot;:&quot;Fr 01.05.2026&quot;,&quot;to_HRFSHORT&quot;:&quot; 2. Mai 2026&quot;,&quot;to_HRFSHORT_WD&quot;:&quot;Sa 02.05.2026&quot;,&quot;from_HRF&quot;:&quot;Fr,  1. Mai 2026&quot;,&quot;to_HRF&quot;:&quot;Sa,  2. Mai 2026&quot;,&quot;from_to_HRF&quot;:&quot;Fr,  1. Mai \\u2013 Sa,  2. Mai 2026&quot;,&quot;from_to_HRFSHORT&quot;:&quot; 1. Mai \\u2013  2. Mai 2026&quot;},&quot;alert&quot;:null,&quot;partof&quot;:[],&quot;marketing_topic&quot;:{&quot;title&quot;:&quot;Schicksal oder Wahl?&quot;,&quot;ID&quot;:160159,&quot;reason&quot;:&quot;belongsto&quot;}}\" :force-first=\"true\" :show-icon=\"true\"><\/calendardateline>\n\t\t\t\t\t\t\t\t\t<div class=\"margin-bottom-atom\"><hr><\/div>\n\t\t\t\t\t\t\t\t\t\t\t\t\t\t\t\t\t<calendardateline :rawitem=\"{&quot;postId&quot;:150898,&quot;title&quot;:&quot;African Street Games&quot;,&quot;excerpt&quot;:&quot;&quot;,&quot;slug&quot;:&quot;african-street-games&quot;,&quot;post_date&quot;:&quot;2025-08-27T12:30&quot;,&quot;type&quot;:&quot;event&quot;,&quot;permalink&quot;:&quot;https:\\\/\\\/www.humboldtforum.org\\\/de\\\/programm\\\/termin\\\/entertainment\\\/african-street-games-150898\\\/&quot;,&quot;genre&quot;:[829],&quot;genre_details&quot;:[{&quot;text&quot;:&quot;Entertainment&quot;,&quot;id&quot;:829,&quot;icon&quot;:null,&quot;parent&quot;:0}],&quot;stakeholder&quot;:[382],&quot;stakeholder_details&quot;:[{&quot;text&quot;:&quot;Stiftung Humboldt Forum im Berliner Schloss&quot;,&quot;id&quot;:382,&quot;icon&quot;:null,&quot;parent&quot;:0}],&quot;targetgroup&quot;:[455,454],&quot;targetgroup_details&quot;:[{&quot;text&quot;:&quot;Jugendliche&quot;,&quot;id&quot;:455,&quot;icon&quot;:null,&quot;parent&quot;:0},{&quot;text&quot;:&quot;Kinder und Familien&quot;,&quot;id&quot;:454,&quot;icon&quot;:null,&quot;parent&quot;:0}],&quot;language&quot;:[384,385],&quot;language_details&quot;:[{&quot;text&quot;:&quot;Deutsch&quot;,&quot;id&quot;:384,&quot;icon&quot;:null,&quot;parent&quot;:0},{&quot;text&quot;:&quot;Englisch&quot;,&quot;id&quot;:385,&quot;icon&quot;:null,&quot;parent&quot;:0}],&quot;age&quot;:[1809],&quot;age_details&quot;:[{&quot;text&quot;:&quot;ab 3 Jahre&quot;,&quot;id&quot;:1809,&quot;icon&quot;:null,&quot;parent&quot;:0}],&quot;place&quot;:[982,1179],&quot;place_details&quot;:{&quot;place&quot;:&quot;Humboldt Forum&quot;,&quot;map&quot;:&quot;Humboldt Forum, Schlossplatz, Berlin&quot;,&quot;room&quot;:&quot;Portal 3, Saal 1, EG&quot;},&quot;icon_overwrite&quot;:&quot;&quot;,&quot;acf&quot;:{&quot;noindex&quot;:false,&quot;keywords&quot;:&quot;&quot;,&quot;hashtag&quot;:&quot;HumboldtForum&quot;,&quot;belongsto&quot;:[160159,148458],&quot;shorturl&quot;:&quot;&quot;,&quot;times&quot;:[{&quot;start&quot;:&quot;20260502 10:30&quot;,&quot;end&quot;:&quot;16:00&quot;,&quot;status&quot;:&quot;BUY&quot;,&quot;info&quot;:&quot;kostenfrei&quot;,&quot;shop&quot;:&quot;&quot;,&quot;i&quot;:1,&quot;start_hour&quot;:&quot;10:30&quot;,&quot;start_HRF&quot;:&quot;Sa,  2. Mai 2026&quot;,&quot;_date&quot;:{&quot;date&quot;:&quot;2026-05-02 16:00:00.000000&quot;,&quot;timezone_type&quot;:3,&quot;timezone&quot;:&quot;Europe\\\/Berlin&quot;},&quot;_fromdate&quot;:&quot;20260502 10:30&quot;,&quot;start_TS&quot;:1777710600,&quot;start_HRFSHORT&quot;:&quot;02.05.26&quot;,&quot;start_HRFSHORT_WD&quot;:&quot;Sa 02.05.2026&quot;,&quot;end_TS&quot;:1777730400,&quot;can_purchase&quot;:false}],&quot;planning&quot;:{&quot;price&quot;:&quot;kostenfrei&quot;,&quot;admission&quot;:&quot;&quot;,&quot;pause&quot;:&quot;&quot;,&quot;duration&quot;:&quot;&quot;},&quot;additional_info&quot;:{&quot;icon&quot;:&quot;0&quot;,&quot;text&quot;:&quot;&quot;},&quot;highlight_header&quot;:false,&quot;featured_images&quot;:[162702],&quot;use_video_in_teasers&quot;:false,&quot;hyphenation&quot;:true,&quot;tipp&quot;:false,&quot;joker&quot;:false,&quot;live&quot;:false,&quot;hide_event_in_program&quot;:false,&quot;gomus_id&quot;:&quot;&quot;,&quot;hm_id&quot;:&quot;&quot;},&quot;date&quot;:{&quot;NX&quot;:&quot;20260501&quot;,&quot;NXX&quot;:&quot;202605011030&quot;,&quot;NLAST&quot;:&quot;202605020630&quot;,&quot;from_DATE&quot;:&quot;20260501 10:30&quot;,&quot;from&quot;:1777617000,&quot;to&quot;:1777703400,&quot;to_DATE&quot;:&quot;20260502 10:30&quot;,&quot;from_HRFSHORT&quot;:&quot; 1. Mai 2026&quot;,&quot;from_HRFSHORT_WD&quot;:&quot;Fr 01.05.2026&quot;,&quot;to_HRFSHORT&quot;:&quot; 2. Mai 2026&quot;,&quot;to_HRFSHORT_WD&quot;:&quot;Sa 02.05.2026&quot;,&quot;from_HRF&quot;:&quot;Fr,  1. Mai 2026&quot;,&quot;to_HRF&quot;:&quot;Sa,  2. Mai 2026&quot;,&quot;from_to_HRF&quot;:&quot;Fr,  1. Mai \\u2013 Sa,  2. Mai 2026&quot;,&quot;from_to_HRFSHORT&quot;:&quot; 1. Mai \\u2013  2. Mai 2026&quot;},&quot;alert&quot;:null,&quot;partof&quot;:[],&quot;marketing_topic&quot;:{&quot;title&quot;:&quot;Schicksal oder Wahl?&quot;,&quot;ID&quot;:160159,&quot;reason&quot;:&quot;belongsto&quot;}}\" :force-first=\"true\" :show-icon=\"true\"><\/calendardateline>\n\t\t\t\t\t\t\t\t\t<div class=\"margin-bottom-atom\"><hr><\/div>\n\t\t\t\t\t\t\t\t<div class=\"event-times-fadeout center-xs\">&nbsp;<\/div>\t\t\t\t\t\n\t\t\t\t<\/div>\n\t\t\t<\/div>\n\t\t<\/div>\n\t<\/a>\n\t<\/calendarteaser>\n<\/li>\n<li class=\"col-xs-6 col-sm-4 col-md-3 teaser-wrapper col-padding-remove\">\n\t<calendarteaser key=\"1513456526\" rawitem='{&quot;postId&quot;:151345,&quot;title&quot;:&quot;Was sind deine Wurzeln?&quot;,&quot;excerpt&quot;:&quot;&quot;,&quot;slug&quot;:&quot;was-sind-deine-wurzeln&quot;,&quot;post_date&quot;:&quot;2025-09-05T13:17&quot;,&quot;type&quot;:&quot;event&quot;,&quot;permalink&quot;:&quot;https:\\\/\\\/www.humboldtforum.org\\\/de\\\/programm\\\/termin\\\/gespraech\\\/was-sind-deine-wurzeln-151345\\\/&quot;,&quot;genre&quot;:[1078],&quot;genre_details&quot;:[{&quot;text&quot;:&quot;Gespr\\u00e4ch&quot;,&quot;id&quot;:1078,&quot;icon&quot;:null,&quot;parent&quot;:0}],&quot;language&quot;:[384],&quot;language_details&quot;:[{&quot;text&quot;:&quot;Deutsch&quot;,&quot;id&quot;:384,&quot;icon&quot;:null,&quot;parent&quot;:0}],&quot;icon_overwrite&quot;:&quot;&quot;,&quot;acf&quot;:{&quot;noindex&quot;:false,&quot;keywords&quot;:&quot;&quot;,&quot;hashtag&quot;:&quot;HumboldtForum&quot;,&quot;belongsto&quot;:[160159],&quot;shorturl&quot;:&quot;&quot;,&quot;planning&quot;:{&quot;price&quot;:&quot;kostenfrei, Ausstellungsticket notwendig&quot;,&quot;admission&quot;:&quot;&quot;,&quot;pause&quot;:&quot;&quot;,&quot;duration&quot;:&quot;&quot;},&quot;subline&quot;:&quot;Kuratorische Einblicke in den Treffpunkt der GCA in der Station \\&quot;Beziehungsweise Familie\\&quot;&quot;,&quot;additional_info&quot;:{&quot;icon&quot;:&quot;icon-ort&quot;,&quot;text&quot;:&quot;Treffpunkt: Vor dem Eingang zu den Sonderausstellungfl\\u00e4chen, EG&quot;},&quot;highlight_header&quot;:false,&quot;use_video_in_teasers&quot;:false,&quot;hyphenation&quot;:true,&quot;tipp&quot;:false,&quot;joker&quot;:false,&quot;live&quot;:false,&quot;hide_event_in_program&quot;:false,&quot;gomus_id&quot;:&quot;&quot;,&quot;times&quot;:[{&quot;start&quot;:&quot;20260502 11:00&quot;,&quot;end&quot;:&quot;11:30&quot;,&quot;status&quot;:&quot;BUY&quot;,&quot;info&quot;:&quot;kostenfrei, Ausstellungsticket notwendig&quot;,&quot;shop&quot;:&quot;https:\\\/\\\/tickets.humboldtforum.org\\\/#\\\/tickets\\\/time?museum_id=1&amp;exhibition_id=17&amp;group=day&amp;date=2026-05-02&quot;,&quot;i&quot;:0,&quot;start_hour&quot;:&quot;11:00&quot;,&quot;start_HRF&quot;:&quot;Sa,  2. Mai 2026&quot;,&quot;_date&quot;:{&quot;date&quot;:&quot;2026-05-02 11:30:00.000000&quot;,&quot;timezone_type&quot;:3,&quot;timezone&quot;:&quot;Europe\\\/Berlin&quot;},&quot;_fromdate&quot;:&quot;20260502 11:00&quot;,&quot;start_TS&quot;:1777712400,&quot;start_HRFSHORT&quot;:&quot;02.05.26&quot;,&quot;start_HRFSHORT_WD&quot;:&quot;Sa 02.05.2026&quot;,&quot;end_TS&quot;:1777714200,&quot;can_purchase&quot;:true}],&quot;featured_images&quot;:[161492],&quot;hm_id&quot;:&quot;&quot;},&quot;date&quot;:{&quot;NX&quot;:&quot;20260502&quot;,&quot;NXX&quot;:&quot;202605021100&quot;,&quot;NLAST&quot;:&quot;202605020700&quot;,&quot;from_DATE&quot;:&quot;20260502 11:00&quot;,&quot;from&quot;:1777705200,&quot;to&quot;:1777705200,&quot;to_DATE&quot;:&quot;20260502 11:00&quot;,&quot;from_HRFSHORT&quot;:&quot; 2. Mai 2026&quot;,&quot;from_HRFSHORT_WD&quot;:&quot;Sa 02.05.2026&quot;,&quot;to_HRFSHORT&quot;:&quot; 2. Mai 2026&quot;,&quot;to_HRFSHORT_WD&quot;:&quot;Sa 02.05.2026&quot;,&quot;from_HRF&quot;:&quot;Sa,  2. Mai 2026&quot;,&quot;to_HRF&quot;:&quot;Sa,  2. Mai 2026&quot;,&quot;from_to_HRF&quot;:&quot;Sa,  2. Mai \\u2013 Sa,  2. Mai 2026&quot;,&quot;from_to_HRFSHORT&quot;:&quot; 2. Mai \\u2013  2. Mai 2026&quot;},&quot;alert&quot;:null,&quot;partof&quot;:[],&quot;marketing_topic&quot;:{&quot;title&quot;:&quot;Schicksal oder Wahl?&quot;,&quot;ID&quot;:160159,&quot;reason&quot;:&quot;belongsto&quot;}}' inline-template>\n\t<a href=\"https:\/\/www.humboldtforum.org\/de\/programm\/termin\/gespraech\/was-sind-deine-wurzeln-151345\/\" class=\"teaser teaser-event teaser-event-standard\">\n\t\t<div class=\"row row-stretch\">\n\t\t\t<div class=\"col-xs-12\">\n\t\t\t\t<div class=\"teaser-event-image\">\n\t\t\t\t\t<div class=\"teaser-image teaser-image-no-alternate\">\n\t\t\t\t\t\t\t\t\t\t\t\t\t\n\t<lazy-media-inline inline-template>\n\t\t<figure itemscope itemtype=\"http:\/\/schema.org\/ImageObject\" class=\"lazy-media-inline \" role=\"group\" id=\"media_69f474a187789\" aria-labelledby=\"desc_media_69f474a187789\">\n\t\t\t<script type=\"application\/json\" ref=\"data\">\n\t\t\t\t{\n\t\t\t\t\"sizes\" : {\"medium\":{\"file\":\"SHF_eb00255157-300x200.jpg\",\"width\":300,\"height\":200,\"mime-type\":\"image\\\/jpeg\",\"filesize\":16248},\"large\":{\"file\":\"SHF_eb00255157-1024x682.jpg\",\"width\":1024,\"height\":682,\"mime-type\":\"image\\\/jpeg\",\"filesize\":103264},\"thumbnail\":{\"file\":\"SHF_eb00255157-150x150.jpg\",\"width\":150,\"height\":150,\"mime-type\":\"image\\\/jpeg\",\"filesize\":7992},\"medium_large\":{\"file\":\"SHF_eb00255157-768x512.jpg\",\"width\":768,\"height\":512,\"mime-type\":\"image\\\/jpeg\",\"filesize\":67615},\"small\":{\"file\":\"SHF_eb00255157-440x293.jpg\",\"width\":440,\"height\":293,\"mime-type\":\"image\\\/jpeg\",\"filesize\":29471},\"semi\":{\"file\":\"SHF_eb00255157-580x387.jpg\",\"width\":580,\"height\":387,\"mime-type\":\"image\\\/jpeg\",\"filesize\":44921},\"mobile\":{\"file\":\"SHF_eb00255157-720x480.jpg\",\"width\":720,\"height\":480,\"mime-type\":\"image\\\/jpeg\",\"filesize\":61703},\"original\":{\"file\":\"SHF_eb00255157.jpg\",\"width\":1280,\"height\":853}},\n\t\t\t\t\"alt\" : \"Eine Person erl\\u00e4utert Kunstwerke in einer Ausstellung, w\\u00e4hrend die Zuschauer gebannt zuh\\u00f6ren.\",\n\t\t\t\t\"path\" : \"\\\/wp-content\\\/uploads\\\/2025\\\/09\\\/\",\n\t\t\t\t\"video\" : null,\n\t\t\t\t\"autoplay\" : null,\n\t\t\t\t\"youtube\" : null,\n\t\t\t\t\"youtubelabel\" : \"Video abspielen\",\n\t\t\t\t\"brightness\" : 100,\n\t\t\t\t\"crop\" : null,\n\t\t\t\t\"background\" : true,\n\t\t\t\t\"scale\" : 2\t\t\t\t}\n\t\t\t<\/script>\n\n\t\t\t<div class=\"height-container\" style=\"padding-bottom:66.640625%;\" v-if=\"sizes\">\n\t\t\t\t\t\t\t\t<lazy-media :inline=\"true\" :alt=\"alt\" :sizes=\"sizes\" :scale=\"scale\" :brightness=\"brightness\" :path=\"path\" :video=\"video\" :autoplay=\"autoplay\" :youtube=\"youtube\" :crop=\"crop\" :youtubelabel=\"youtubelabel\" :background=\"background\" media-id=\"desc_media_69f474a187789\"><\/lazy-media>\n\t\t\t\t\t\t\t<\/div>\n\n\t\t\t\t\t\t\t<figcaption class=\"sr-only\" ref=\"body\" id=\"desc_media_69f474a187789\">\n\t\t\t\t\t\t\t\t\t\t\t<div>Feride Funda G&ouml;k&ccedil;imen-Gen&ccedil;aslan beim Kurator*innengespr&auml;ch &quot;Was sind deine Wurzeln?&quot; zum GCA Treffpunkt am Themenwochenende zur Er&ouml;ffnung der Sonderausstellung &quot;Beziehungsweise Familie \/ Family Matters&quot;<\/div>\n\t\t\t\t\t\t\t\t\t\t\t\t\t\t\t\t\t\t\t\t\t<div class=\"insignificant\">\u00a9 Stiftung Humboldt Forum im Berliner Schloss, Foto: Frank Sperling<\/div>\n\t\t\t\t\t\t\t\t\t<\/figcaption>\n\t\t\t\t\t<\/figure>\n\t<\/lazy-media-inline>\n\t\t\t\t\t<\/div>\n\t\t\t\t<\/div>\n\t\t\t\t<div class=\"teaser-event-text Infos\">\n\t\t\t\t\t<div class=\"margin-bottom-sixth\">\n\t\t\t\t\t\t<div class=\"margin-bottom-atom\">\n\t\t\t\t\t\t\t<div class=\"subline clamp-1\" v-html=\"maingenre\"><\/div>\n\t\t\t\t\t\t\t\t\t\t\t\t\t\t\t<div class=\"insignificant clamp-2\">Schicksal oder Wahl?<\/div>\n\t\t\t\t\t\t\t\t\t\t\t\t\t<\/div>\n\t\t\t\t\t\n\t\t\t\t\t\t<strong class=\"margin-bottom-atom\">Was sind deine Wurzeln?<\/strong>\n\n\t\t\t\t\t\t\t\t\t\t\t\t\t<div class=\"\">Kuratorische Einblicke in den Treffpunkt der GCA in der Station &#8222;Beziehungsweise Familie&#8220;<\/div>\n\t\t\t\t\t\t\t\t\t\t\t<\/div>\n\t\t\t\t<\/div>\n\t\t\t<\/div>\n\t\t\t<div class=\"col-xs-12 Infos\">\n\t\t\t\t<div class=\"border-bottom \">\n\t\t\t\t\t\t\t\t\t\t\t\t\t\t<calendardateline :rawitem=\"{&quot;postId&quot;:151345,&quot;title&quot;:&quot;Was sind deine Wurzeln?&quot;,&quot;excerpt&quot;:&quot;&quot;,&quot;slug&quot;:&quot;was-sind-deine-wurzeln&quot;,&quot;post_date&quot;:&quot;2025-09-05T13:17&quot;,&quot;type&quot;:&quot;event&quot;,&quot;permalink&quot;:&quot;https:\\\/\\\/www.humboldtforum.org\\\/de\\\/programm\\\/termin\\\/gespraech\\\/was-sind-deine-wurzeln-151345\\\/&quot;,&quot;genre&quot;:[1078],&quot;genre_details&quot;:[{&quot;text&quot;:&quot;Gespr\\u00e4ch&quot;,&quot;id&quot;:1078,&quot;icon&quot;:null,&quot;parent&quot;:0}],&quot;language&quot;:[384],&quot;language_details&quot;:[{&quot;text&quot;:&quot;Deutsch&quot;,&quot;id&quot;:384,&quot;icon&quot;:null,&quot;parent&quot;:0}],&quot;icon_overwrite&quot;:&quot;&quot;,&quot;acf&quot;:{&quot;noindex&quot;:false,&quot;keywords&quot;:&quot;&quot;,&quot;hashtag&quot;:&quot;HumboldtForum&quot;,&quot;belongsto&quot;:[160159],&quot;shorturl&quot;:&quot;&quot;,&quot;planning&quot;:{&quot;price&quot;:&quot;kostenfrei, Ausstellungsticket notwendig&quot;,&quot;admission&quot;:&quot;&quot;,&quot;pause&quot;:&quot;&quot;,&quot;duration&quot;:&quot;&quot;},&quot;subline&quot;:&quot;Kuratorische Einblicke in den Treffpunkt der GCA in der Station \\&quot;Beziehungsweise Familie\\&quot;&quot;,&quot;additional_info&quot;:{&quot;icon&quot;:&quot;icon-ort&quot;,&quot;text&quot;:&quot;Treffpunkt: Vor dem Eingang zu den Sonderausstellungfl\\u00e4chen, EG&quot;},&quot;highlight_header&quot;:false,&quot;use_video_in_teasers&quot;:false,&quot;hyphenation&quot;:true,&quot;tipp&quot;:false,&quot;joker&quot;:false,&quot;live&quot;:false,&quot;hide_event_in_program&quot;:false,&quot;gomus_id&quot;:&quot;&quot;,&quot;times&quot;:[{&quot;start&quot;:&quot;20260502 11:00&quot;,&quot;end&quot;:&quot;11:30&quot;,&quot;status&quot;:&quot;BUY&quot;,&quot;info&quot;:&quot;kostenfrei, Ausstellungsticket notwendig&quot;,&quot;shop&quot;:&quot;https:\\\/\\\/tickets.humboldtforum.org\\\/#\\\/tickets\\\/time?museum_id=1&amp;exhibition_id=17&amp;group=day&amp;date=2026-05-02&quot;,&quot;i&quot;:0,&quot;start_hour&quot;:&quot;11:00&quot;,&quot;start_HRF&quot;:&quot;Sa,  2. Mai 2026&quot;,&quot;_date&quot;:{&quot;date&quot;:&quot;2026-05-02 11:30:00.000000&quot;,&quot;timezone_type&quot;:3,&quot;timezone&quot;:&quot;Europe\\\/Berlin&quot;},&quot;_fromdate&quot;:&quot;20260502 11:00&quot;,&quot;start_TS&quot;:1777712400,&quot;start_HRFSHORT&quot;:&quot;02.05.26&quot;,&quot;start_HRFSHORT_WD&quot;:&quot;Sa 02.05.2026&quot;,&quot;end_TS&quot;:1777714200,&quot;can_purchase&quot;:true}],&quot;featured_images&quot;:[161492],&quot;hm_id&quot;:&quot;&quot;},&quot;date&quot;:{&quot;NX&quot;:&quot;20260502&quot;,&quot;NXX&quot;:&quot;202605021100&quot;,&quot;NLAST&quot;:&quot;202605020700&quot;,&quot;from_DATE&quot;:&quot;20260502 11:00&quot;,&quot;from&quot;:1777705200,&quot;to&quot;:1777705200,&quot;to_DATE&quot;:&quot;20260502 11:00&quot;,&quot;from_HRFSHORT&quot;:&quot; 2. Mai 2026&quot;,&quot;from_HRFSHORT_WD&quot;:&quot;Sa 02.05.2026&quot;,&quot;to_HRFSHORT&quot;:&quot; 2. Mai 2026&quot;,&quot;to_HRFSHORT_WD&quot;:&quot;Sa 02.05.2026&quot;,&quot;from_HRF&quot;:&quot;Sa,  2. Mai 2026&quot;,&quot;to_HRF&quot;:&quot;Sa,  2. Mai 2026&quot;,&quot;from_to_HRF&quot;:&quot;Sa,  2. Mai \\u2013 Sa,  2. Mai 2026&quot;,&quot;from_to_HRFSHORT&quot;:&quot; 2. Mai \\u2013  2. Mai 2026&quot;},&quot;alert&quot;:null,&quot;partof&quot;:[],&quot;marketing_topic&quot;:{&quot;title&quot;:&quot;Schicksal oder Wahl?&quot;,&quot;ID&quot;:160159,&quot;reason&quot;:&quot;belongsto&quot;}}\" :force-first=\"true\" :show-icon=\"true\"><\/calendardateline>\n\t\t\t\t\t\t\t\t\t<div class=\"margin-bottom-atom\"><hr><\/div>\n\t\t\t\t\t\t\t\t<div class=\"event-times-fadeout center-xs\">&nbsp;<\/div>\t\t\t\t\t\n\t\t\t\t<\/div>\n\t\t\t<\/div>\n\t\t<\/div>\n\t<\/a>\n\t<\/calendarteaser>\n<\/li>\n<li class=\"col-xs-6 col-sm-4 col-md-3 teaser-wrapper col-padding-remove\">\n\t<calendarteaser key=\"15107021901\" rawitem='{&quot;postId&quot;:151070,&quot;title&quot;:&quot;Lesung \\&quot;Black Dads\\&quot; lesen f\\u00fcr die ganze Familie&quot;,&quot;excerpt&quot;:&quot;&quot;,&quot;slug&quot;:&quot;lesung-black-dads-lesen-fuer-die-ganze-familie&quot;,&quot;post_date&quot;:&quot;2025-09-04T14:17&quot;,&quot;type&quot;:&quot;event&quot;,&quot;permalink&quot;:&quot;https:\\\/\\\/www.humboldtforum.org\\\/de\\\/programm\\\/termin\\\/lesung\\\/lesung-black-dads-lesen-fuer-die-ganze-familie-151070\\\/&quot;,&quot;genre&quot;:[1144,423],&quot;genre_details&quot;:[{&quot;text&quot;:&quot;Lesung&quot;,&quot;id&quot;:1144,&quot;icon&quot;:null,&quot;parent&quot;:0},{&quot;text&quot;:&quot;Literatur&quot;,&quot;id&quot;:423,&quot;icon&quot;:null,&quot;parent&quot;:0}],&quot;stakeholder&quot;:[382],&quot;stakeholder_details&quot;:[{&quot;text&quot;:&quot;Stiftung Humboldt Forum im Berliner Schloss&quot;,&quot;id&quot;:382,&quot;icon&quot;:null,&quot;parent&quot;:0}],&quot;targetgroup&quot;:[454],&quot;targetgroup_details&quot;:[{&quot;text&quot;:&quot;Kinder und Familien&quot;,&quot;id&quot;:454,&quot;icon&quot;:null,&quot;parent&quot;:0}],&quot;language&quot;:[384,793],&quot;language_details&quot;:[{&quot;text&quot;:&quot;Deutsch&quot;,&quot;id&quot;:384,&quot;icon&quot;:null,&quot;parent&quot;:0},{&quot;text&quot;:&quot;Deutsche Audiodeskreption&quot;,&quot;id&quot;:793,&quot;icon&quot;:null,&quot;parent&quot;:0}],&quot;place&quot;:[1558],&quot;place_details&quot;:{&quot;place&quot;:&quot;Mechanische Arena im Foyer&quot;,&quot;map&quot;:&quot;Humboldt Forum, Schlossplatz, Berlin&quot;,&quot;room&quot;:&quot;&quot;},&quot;icon_overwrite&quot;:&quot;&quot;,&quot;acf&quot;:{&quot;noindex&quot;:false,&quot;keywords&quot;:&quot;&quot;,&quot;hashtag&quot;:&quot;HumboldtForum&quot;,&quot;belongsto&quot;:[151103,148458],&quot;shorturl&quot;:&quot;&quot;,&quot;times&quot;:[],&quot;planning&quot;:{&quot;price&quot;:&quot;kostenfrei&quot;,&quot;admission&quot;:&quot;&quot;,&quot;pause&quot;:&quot;&quot;,&quot;duration&quot;:&quot;&quot;},&quot;additional_info&quot;:{&quot;icon&quot;:&quot;0&quot;,&quot;text&quot;:&quot;&quot;},&quot;highlight_header&quot;:false,&quot;use_video_in_teasers&quot;:false,&quot;hyphenation&quot;:true,&quot;tipp&quot;:false,&quot;joker&quot;:false,&quot;live&quot;:false,&quot;hide_event_in_program&quot;:false,&quot;gomus_id&quot;:&quot;&quot;,&quot;featured_images&quot;:[151071,151073,151075],&quot;hm_id&quot;:&quot;&quot;},&quot;date&quot;:{&quot;NX&quot;:null,&quot;NXX&quot;:null,&quot;NLAST&quot;:&quot;202510030830&quot;,&quot;from_DATE&quot;:&quot;20251003 11:00&quot;,&quot;from&quot;:1759474800,&quot;to&quot;:1759480200,&quot;to_DATE&quot;:&quot;20251003 12:30&quot;,&quot;from_HRFSHORT&quot;:&quot; 3. Okt 2025&quot;,&quot;from_HRFSHORT_WD&quot;:&quot;Fr 03.10.2025&quot;,&quot;to_HRFSHORT&quot;:&quot; 3. Okt 2025&quot;,&quot;to_HRFSHORT_WD&quot;:&quot;Fr 03.10.2025&quot;,&quot;from_HRF&quot;:&quot;Fr,  3. Oktober 2025&quot;,&quot;to_HRF&quot;:&quot;Fr,  3. Oktober 2025&quot;,&quot;from_to_HRF&quot;:&quot;Fr,  3. Oktober \\u2013 Fr,  3. Oktober 2025&quot;,&quot;from_to_HRFSHORT&quot;:&quot; 3. Okt \\u2013  3. Okt 2025&quot;},&quot;alert&quot;:null,&quot;partof&quot;:[],&quot;marketing_topic&quot;:{&quot;title&quot;:&quot;Care oder Chaos?&quot;,&quot;ID&quot;:151103,&quot;reason&quot;:&quot;belongsto&quot;}}' inline-template>\n\t<a href=\"https:\/\/www.humboldtforum.org\/de\/programm\/termin\/lesung\/lesung-black-dads-lesen-fuer-die-ganze-familie-151070\/\" class=\"teaser teaser-event teaser-event-standard\">\n\t\t<div class=\"row row-stretch\">\n\t\t\t<div class=\"col-xs-12\">\n\t\t\t\t<div class=\"teaser-event-image\">\n\t\t\t\t\t<div class=\"teaser-image teaser-image-no-alternate\">\n\t\t\t\t\t\t\t\t\t\t\t\t\t\n\t<lazy-media-inline inline-template>\n\t\t<figure itemscope itemtype=\"http:\/\/schema.org\/ImageObject\" class=\"lazy-media-inline \" role=\"group\" id=\"media_69f474a1886da\" aria-labelledby=\"desc_media_69f474a1886da\">\n\t\t\t<script type=\"application\/json\" ref=\"data\">\n\t\t\t\t{\n\t\t\t\t\"sizes\" : {\"medium\":{\"file\":\"SHF_eb00252895-200x300.jpg\",\"width\":200,\"height\":300,\"mime-type\":\"image\\\/jpeg\",\"filesize\":9683},\"large\":{\"file\":\"SHF_eb00252895-682x1024.jpg\",\"width\":682,\"height\":1024,\"mime-type\":\"image\\\/jpeg\",\"filesize\":91133},\"thumbnail\":{\"file\":\"SHF_eb00252895-150x150.jpg\",\"width\":150,\"height\":150,\"mime-type\":\"image\\\/jpeg\",\"filesize\":4541},\"medium_large\":{\"file\":\"SHF_eb00252895-768x1152.jpg\",\"width\":768,\"height\":1152,\"mime-type\":\"image\\\/jpeg\",\"filesize\":111715},\"small\":{\"file\":\"SHF_eb00252895-293x440.jpg\",\"width\":293,\"height\":440,\"mime-type\":\"image\\\/jpeg\",\"filesize\":18520},\"semi\":{\"file\":\"SHF_eb00252895-387x580.jpg\",\"width\":387,\"height\":580,\"mime-type\":\"image\\\/jpeg\",\"filesize\":30936},\"mobile\":{\"file\":\"SHF_eb00252895-480x720.jpg\",\"width\":480,\"height\":720,\"mime-type\":\"image\\\/jpeg\",\"filesize\":46193},\"original\":{\"file\":\"SHF_eb00252895.jpg\",\"width\":853,\"height\":1280}},\n\t\t\t\t\"alt\" : \"Alain Missala von den Black Dads Germany\",\n\t\t\t\t\"path\" : \"\\\/wp-content\\\/uploads\\\/2025\\\/09\\\/\",\n\t\t\t\t\"video\" : null,\n\t\t\t\t\"autoplay\" : null,\n\t\t\t\t\"youtube\" : null,\n\t\t\t\t\"youtubelabel\" : \"Video abspielen\",\n\t\t\t\t\"brightness\" : 100,\n\t\t\t\t\"crop\" : {\"top\":\"27.34\",\"left\":\"39.89\"},\n\t\t\t\t\"background\" : true,\n\t\t\t\t\"scale\" : 2\t\t\t\t}\n\t\t\t<\/script>\n\n\t\t\t<div class=\"height-container\" style=\"padding-bottom:150.05861664713%;\" v-if=\"sizes\">\n\t\t\t\t\t\t\t\t<lazy-media :inline=\"true\" :alt=\"alt\" :sizes=\"sizes\" :scale=\"scale\" :brightness=\"brightness\" :path=\"path\" :video=\"video\" :autoplay=\"autoplay\" :youtube=\"youtube\" :crop=\"crop\" :youtubelabel=\"youtubelabel\" :background=\"background\" media-id=\"desc_media_69f474a1886da\"><\/lazy-media>\n\t\t\t\t\t\t\t<\/div>\n\n\t\t\t\t\t\t\t<figcaption class=\"sr-only\" ref=\"body\" id=\"desc_media_69f474a1886da\">\n\t\t\t\t\t\t\t\t\t\t\t<div>Alain Missala von den Black Dads Germany<\/div>\n\t\t\t\t\t\t\t\t\t\t\t\t\t\t\t\t\t\t\t\t\t<div class=\"insignificant\">\u00a9 Black Dads Germany, Alain Missala<\/div>\n\t\t\t\t\t\t\t\t\t<\/figcaption>\n\t\t\t\t\t<\/figure>\n\t<\/lazy-media-inline>\n\t\t\t\t\t<\/div>\n\t\t\t\t<\/div>\n\t\t\t\t<div class=\"teaser-event-text Infos\">\n\t\t\t\t\t<div class=\"margin-bottom-sixth\">\n\t\t\t\t\t\t<div class=\"margin-bottom-atom\">\n\t\t\t\t\t\t\t<div class=\"subline clamp-1\" v-html=\"maingenre\"><\/div>\n\t\t\t\t\t\t\t\t\t\t\t\t\t\t\t<div class=\"insignificant clamp-2\">Care oder Chaos?<\/div>\n\t\t\t\t\t\t\t\t\t\t\t\t\t<\/div>\n\t\t\t\t\t\n\t\t\t\t\t\t<strong class=\"margin-bottom-atom\">Lesung &#8222;Black Dads&#8220; lesen f\u00fcr die ganze Familie<\/strong>\n\n\t\t\t\t\t\t\t\t\t\t\t\t\t<div class=\"\"><\/div>\n\t\t\t\t\t\t\t\t\t\t\t<\/div>\n\t\t\t\t<\/div>\n\t\t\t<\/div>\n\t\t\t<div class=\"col-xs-12 Infos\">\n\t\t\t\t<div class=\"border-bottom \">\n\t\t\t\t\t\t\t\t\t\t\t<calendardateline :rawitem='item' :show-icon=\"true\"><\/calendardateline>\n\t\t\t\t\t\t<div class=\"margin-bottom-atom\"><hr><\/div>\n\t\t\t\t\t\t<div class=\"event-times-fadeout center-xs\">&nbsp;<\/div>\n\t\t\t\t\t\t\t\t\t\t\n\t\t\t\t<\/div>\n\t\t\t<\/div>\n\t\t<\/div>\n\t<\/a>\n\t<\/calendarteaser>\n<\/li>\n<li class=\"col-xs-6 col-sm-4 col-md-3 teaser-wrapper col-padding-remove\">\n\t<calendarteaser key=\"1507497924\" rawitem='{&quot;postId&quot;:150749,&quot;title&quot;:&quot;Im Traumhaus&quot;,&quot;excerpt&quot;:&quot;&quot;,&quot;slug&quot;:&quot;im-traumhaus&quot;,&quot;post_date&quot;:&quot;2025-08-26T14:29&quot;,&quot;type&quot;:&quot;event&quot;,&quot;permalink&quot;:&quot;https:\\\/\\\/www.humboldtforum.org\\\/de\\\/programm\\\/termin\\\/performance\\\/im-traumhaus-150749\\\/&quot;,&quot;genre&quot;:[930],&quot;genre_details&quot;:[{&quot;text&quot;:&quot;Performance&quot;,&quot;id&quot;:930,&quot;icon&quot;:null,&quot;parent&quot;:0}],&quot;stakeholder&quot;:[382],&quot;stakeholder_details&quot;:[{&quot;text&quot;:&quot;Stiftung Humboldt Forum im Berliner Schloss&quot;,&quot;id&quot;:382,&quot;icon&quot;:null,&quot;parent&quot;:0}],&quot;targetgroup&quot;:[1080],&quot;targetgroup_details&quot;:[{&quot;text&quot;:&quot;Gruppen&quot;,&quot;id&quot;:1080,&quot;icon&quot;:null,&quot;parent&quot;:0}],&quot;language&quot;:[384,385],&quot;language_details&quot;:[{&quot;text&quot;:&quot;Deutsch&quot;,&quot;id&quot;:384,&quot;icon&quot;:null,&quot;parent&quot;:0},{&quot;text&quot;:&quot;Englisch&quot;,&quot;id&quot;:385,&quot;icon&quot;:null,&quot;parent&quot;:0}],&quot;age&quot;:[1601],&quot;age_details&quot;:[{&quot;text&quot;:&quot;ab 12 Jahre&quot;,&quot;id&quot;:1601,&quot;icon&quot;:null,&quot;parent&quot;:0}],&quot;icon_overwrite&quot;:&quot;&quot;,&quot;acf&quot;:{&quot;noindex&quot;:false,&quot;keywords&quot;:&quot;&quot;,&quot;hashtag&quot;:&quot;HumboldtForum&quot;,&quot;belongsto&quot;:[148458,151103],&quot;shorturl&quot;:&quot;&quot;,&quot;times&quot;:[],&quot;planning&quot;:{&quot;price&quot;:&quot;kostenfrei&quot;,&quot;admission&quot;:&quot;&quot;,&quot;pause&quot;:&quot;&quot;,&quot;duration&quot;:&quot;&quot;},&quot;subline&quot;:&quot;K\\u00f6rper- und Klangmeditationen in einer Rauminstallation&quot;,&quot;additional_info&quot;:{&quot;icon&quot;:&quot;icon-ort&quot;,&quot;text&quot;:&quot;Seminarraum 2a\\\/b&quot;},&quot;highlight_header&quot;:false,&quot;featured_images&quot;:[150750,150752],&quot;use_video_in_teasers&quot;:false,&quot;hyphenation&quot;:true,&quot;tipp&quot;:false,&quot;joker&quot;:false,&quot;live&quot;:false,&quot;hide_event_in_program&quot;:false,&quot;gomus_id&quot;:&quot;&quot;,&quot;hm_id&quot;:&quot;&quot;,&quot;tickettext&quot;:&quot;Bitte buchen Sie vorab ein kostenfreies Ticket online oder vor Ort an den Kassen im Humboldt Forum. Die Tickets sind ab dem 10. September verf\\u00fcgbar.&quot;},&quot;date&quot;:{&quot;NX&quot;:null,&quot;NXX&quot;:null,&quot;NLAST&quot;:&quot;202510041400&quot;,&quot;from_DATE&quot;:&quot;20251003 12:00&quot;,&quot;from&quot;:1759478400,&quot;to&quot;:1759586400,&quot;to_DATE&quot;:&quot;20251004 18:00&quot;,&quot;from_HRFSHORT&quot;:&quot; 3. Okt 2025&quot;,&quot;from_HRFSHORT_WD&quot;:&quot;Fr 03.10.2025&quot;,&quot;to_HRFSHORT&quot;:&quot; 4. Okt 2025&quot;,&quot;to_HRFSHORT_WD&quot;:&quot;Sa 04.10.2025&quot;,&quot;from_HRF&quot;:&quot;Fr,  3. Oktober 2025&quot;,&quot;to_HRF&quot;:&quot;Sa,  4. Oktober 2025&quot;,&quot;from_to_HRF&quot;:&quot;Fr,  3. Oktober \\u2013 Sa,  4. Oktober 2025&quot;,&quot;from_to_HRFSHORT&quot;:&quot; 3. Okt \\u2013  4. Okt 2025&quot;},&quot;alert&quot;:null,&quot;partof&quot;:[],&quot;marketing_topic&quot;:{&quot;title&quot;:&quot;Beziehungsweise Familie&quot;,&quot;ID&quot;:148458,&quot;reason&quot;:&quot;belongsto&quot;}}' inline-template>\n\t<a href=\"https:\/\/www.humboldtforum.org\/de\/programm\/termin\/performance\/im-traumhaus-150749\/\" class=\"teaser teaser-event teaser-event-standard\">\n\t\t<div class=\"row row-stretch\">\n\t\t\t<div class=\"col-xs-12\">\n\t\t\t\t<div class=\"teaser-event-image\">\n\t\t\t\t\t<div class=\"teaser-image teaser-image-no-alternate\">\n\t\t\t\t\t\t\t\t\t\t\t\t\t\n\t<lazy-media-inline inline-template>\n\t\t<figure itemscope itemtype=\"http:\/\/schema.org\/ImageObject\" class=\"lazy-media-inline \" role=\"group\" id=\"media_69f474a1895e7\" aria-labelledby=\"desc_media_69f474a1895e7\">\n\t\t\t<script type=\"application\/json\" ref=\"data\">\n\t\t\t\t{\n\t\t\t\t\"sizes\" : {\"medium\":{\"file\":\"SHF_eb00250375-300x249.jpg\",\"width\":300,\"height\":249,\"mime-type\":\"image\\\/jpeg\",\"filesize\":13751},\"large\":{\"file\":\"SHF_eb00250375-1024x850.jpg\",\"width\":1024,\"height\":850,\"mime-type\":\"image\\\/jpeg\",\"filesize\":115842},\"thumbnail\":{\"file\":\"SHF_eb00250375-150x150.jpg\",\"width\":150,\"height\":150,\"mime-type\":\"image\\\/jpeg\",\"filesize\":5830},\"medium_large\":{\"file\":\"SHF_eb00250375-768x638.jpg\",\"width\":768,\"height\":638,\"mime-type\":\"image\\\/jpeg\",\"filesize\":72229},\"small\":{\"file\":\"SHF_eb00250375-440x365.jpg\",\"width\":440,\"height\":365,\"mime-type\":\"image\\\/jpeg\",\"filesize\":26712},\"semi\":{\"file\":\"SHF_eb00250375-580x482.jpg\",\"width\":580,\"height\":482,\"mime-type\":\"image\\\/jpeg\",\"filesize\":44953},\"mobile\":{\"file\":\"SHF_eb00250375-720x598.jpg\",\"width\":720,\"height\":598,\"mime-type\":\"image\\\/jpeg\",\"filesize\":64576},\"original\":{\"file\":\"SHF_eb00250375.jpg\",\"width\":1125,\"height\":934}},\n\t\t\t\t\"alt\" : \"Obeah: Thiouraye - Decolonising Herbalist Practices von Anguezomo Nz\\u00e9 \\u200bMboulou Mba Bikoro\",\n\t\t\t\t\"path\" : \"\\\/wp-content\\\/uploads\\\/2025\\\/08\\\/\",\n\t\t\t\t\"video\" : null,\n\t\t\t\t\"autoplay\" : null,\n\t\t\t\t\"youtube\" : null,\n\t\t\t\t\"youtubelabel\" : \"Video abspielen\",\n\t\t\t\t\"brightness\" : 100,\n\t\t\t\t\"crop\" : {\"top\":\"50.00\",\"left\":\"50.00\"},\n\t\t\t\t\"background\" : true,\n\t\t\t\t\"scale\" : 2\t\t\t\t}\n\t\t\t<\/script>\n\n\t\t\t<div class=\"height-container\" style=\"padding-bottom:83.022222222222%;\" v-if=\"sizes\">\n\t\t\t\t\t\t\t\t<lazy-media :inline=\"true\" :alt=\"alt\" :sizes=\"sizes\" :scale=\"scale\" :brightness=\"brightness\" :path=\"path\" :video=\"video\" :autoplay=\"autoplay\" :youtube=\"youtube\" :crop=\"crop\" :youtubelabel=\"youtubelabel\" :background=\"background\" media-id=\"desc_media_69f474a1895e7\"><\/lazy-media>\n\t\t\t\t\t\t\t<\/div>\n\n\t\t\t\t\t\t\t<figcaption class=\"sr-only\" ref=\"body\" id=\"desc_media_69f474a1895e7\">\n\t\t\t\t\t\t\t\t\t\t\t<div>Obeah: Thiouraye &#8211; Decolonising Herbalist Practices von Anguezomo Nz&eacute;\n\u200bMboulou Mba Bikoro<\/div>\n\t\t\t\t\t\t\t\t\t\t\t\t\t\t\t\t\t\t\t\t\t<div class=\"insignificant\">\u00a9 Anguezomo Nz\u00e9 \u200bMboulou Mba Bikoro \/ Courtesy of Kunstraum Bethanien, Foto: Eric Tschernow<\/div>\n\t\t\t\t\t\t\t\t\t<\/figcaption>\n\t\t\t\t\t<\/figure>\n\t<\/lazy-media-inline>\n\t\t\t\t\t<\/div>\n\t\t\t\t<\/div>\n\t\t\t\t<div class=\"teaser-event-text Infos\">\n\t\t\t\t\t<div class=\"margin-bottom-sixth\">\n\t\t\t\t\t\t<div class=\"margin-bottom-atom\">\n\t\t\t\t\t\t\t<div class=\"subline clamp-1\" v-html=\"maingenre\"><\/div>\n\t\t\t\t\t\t\t\t\t\t\t\t\t\t\t<div class=\"insignificant clamp-2\">Beziehungsweise Familie<\/div>\n\t\t\t\t\t\t\t\t\t\t\t\t\t<\/div>\n\t\t\t\t\t\n\t\t\t\t\t\t<strong class=\"margin-bottom-atom\">Im Traumhaus<\/strong>\n\n\t\t\t\t\t\t\t\t\t\t\t\t\t<div class=\"\">K\u00f6rper- und Klangmeditationen in einer Rauminstallation<\/div>\n\t\t\t\t\t\t\t\t\t\t\t<\/div>\n\t\t\t\t<\/div>\n\t\t\t<\/div>\n\t\t\t<div class=\"col-xs-12 Infos\">\n\t\t\t\t<div class=\"border-bottom \">\n\t\t\t\t\t\t\t\t\t\t\t<calendardateline :rawitem='item' :show-icon=\"true\"><\/calendardateline>\n\t\t\t\t\t\t<div class=\"margin-bottom-atom\"><hr><\/div>\n\t\t\t\t\t\t<div class=\"event-times-fadeout center-xs\">&nbsp;<\/div>\n\t\t\t\t\t\t\t\t\t\t\n\t\t\t\t<\/div>\n\t\t\t<\/div>\n\t\t<\/div>\n\t<\/a>\n\t<\/calendarteaser>\n<\/li>\n<li class=\"col-xs-6 col-sm-4 col-md-3 teaser-wrapper col-padding-remove\">\n\t<calendarteaser key=\"15099721626\" rawitem='{&quot;postId&quot;:150997,&quot;title&quot;:&quot;Floristaurant\\u00a0&quot;,&quot;excerpt&quot;:&quot;&quot;,&quot;slug&quot;:&quot;floristaurant&quot;,&quot;post_date&quot;:&quot;2025-09-01T12:35&quot;,&quot;type&quot;:&quot;event&quot;,&quot;permalink&quot;:&quot;https:\\\/\\\/www.humboldtforum.org\\\/de\\\/programm\\\/termin\\\/entertainment\\\/floristaurant-150997\\\/&quot;,&quot;genre&quot;:[829],&quot;genre_details&quot;:[{&quot;text&quot;:&quot;Entertainment&quot;,&quot;id&quot;:829,&quot;icon&quot;:null,&quot;parent&quot;:0}],&quot;stakeholder&quot;:[382],&quot;stakeholder_details&quot;:[{&quot;text&quot;:&quot;Stiftung Humboldt Forum im Berliner Schloss&quot;,&quot;id&quot;:382,&quot;icon&quot;:null,&quot;parent&quot;:0}],&quot;targetgroup&quot;:[383,455,454,1933],&quot;targetgroup_details&quot;:[{&quot;text&quot;:&quot;Erwachsene&quot;,&quot;id&quot;:383,&quot;icon&quot;:null,&quot;parent&quot;:0},{&quot;text&quot;:&quot;Jugendliche&quot;,&quot;id&quot;:455,&quot;icon&quot;:null,&quot;parent&quot;:0},{&quot;text&quot;:&quot;Kinder und Familien&quot;,&quot;id&quot;:454,&quot;icon&quot;:null,&quot;parent&quot;:0},{&quot;text&quot;:&quot;Schulklassen&quot;,&quot;id&quot;:1933,&quot;icon&quot;:null,&quot;parent&quot;:0}],&quot;language&quot;:[384,385],&quot;language_details&quot;:[{&quot;text&quot;:&quot;Deutsch&quot;,&quot;id&quot;:384,&quot;icon&quot;:null,&quot;parent&quot;:0},{&quot;text&quot;:&quot;Englisch&quot;,&quot;id&quot;:385,&quot;icon&quot;:null,&quot;parent&quot;:0}],&quot;accessability&quot;:[1038],&quot;accessability_details&quot;:[{&quot;text&quot;:&quot;Einfache Sprache&quot;,&quot;id&quot;:1038,&quot;icon&quot;:null,&quot;parent&quot;:0}],&quot;age&quot;:[1809],&quot;age_details&quot;:[{&quot;text&quot;:&quot;ab 3 Jahre&quot;,&quot;id&quot;:1809,&quot;icon&quot;:null,&quot;parent&quot;:0}],&quot;place&quot;:[957],&quot;place_details&quot;:{&quot;place&quot;:&quot;Humboldt Forum&quot;,&quot;map&quot;:&quot;Humboldt Forum, Schlossplatz, Berlin&quot;,&quot;room&quot;:&quot;Foyer&quot;},&quot;icon_overwrite&quot;:&quot;&quot;,&quot;acf&quot;:{&quot;noindex&quot;:false,&quot;keywords&quot;:&quot;&quot;,&quot;hashtag&quot;:&quot;HumboldtForum&quot;,&quot;belongsto&quot;:[148458,151103],&quot;shorturl&quot;:&quot;&quot;,&quot;times&quot;:[],&quot;planning&quot;:{&quot;price&quot;:&quot;kostenfrei&quot;,&quot;admission&quot;:&quot;&quot;,&quot;pause&quot;:&quot;&quot;,&quot;duration&quot;:&quot;&quot;},&quot;additional_info&quot;:{&quot;icon&quot;:&quot;0&quot;,&quot;text&quot;:&quot;&quot;},&quot;highlight_header&quot;:false,&quot;featured_images&quot;:[151001],&quot;use_video_in_teasers&quot;:false,&quot;hyphenation&quot;:true,&quot;tipp&quot;:false,&quot;joker&quot;:false,&quot;live&quot;:false,&quot;hide_event_in_program&quot;:false,&quot;gomus_id&quot;:&quot;&quot;,&quot;hm_id&quot;:&quot;&quot;},&quot;date&quot;:{&quot;NX&quot;:null,&quot;NXX&quot;:null,&quot;NLAST&quot;:&quot;202510030900&quot;,&quot;from_DATE&quot;:&quot;20251003 13:00&quot;,&quot;from&quot;:1759482000,&quot;to&quot;:1759482000,&quot;to_DATE&quot;:&quot;20251003 13:00&quot;,&quot;from_HRFSHORT&quot;:&quot; 3. Okt 2025&quot;,&quot;from_HRFSHORT_WD&quot;:&quot;Fr 03.10.2025&quot;,&quot;to_HRFSHORT&quot;:&quot; 3. Okt 2025&quot;,&quot;to_HRFSHORT_WD&quot;:&quot;Fr 03.10.2025&quot;,&quot;from_HRF&quot;:&quot;Fr,  3. Oktober 2025&quot;,&quot;to_HRF&quot;:&quot;Fr,  3. Oktober 2025&quot;,&quot;from_to_HRF&quot;:&quot;Fr,  3. Oktober \\u2013 Fr,  3. Oktober 2025&quot;,&quot;from_to_HRFSHORT&quot;:&quot; 3. Okt \\u2013  3. Okt 2025&quot;},&quot;alert&quot;:null,&quot;partof&quot;:[],&quot;marketing_topic&quot;:{&quot;title&quot;:&quot;Beziehungsweise Familie&quot;,&quot;ID&quot;:148458,&quot;reason&quot;:&quot;belongsto&quot;}}' inline-template>\n\t<a href=\"https:\/\/www.humboldtforum.org\/de\/programm\/termin\/entertainment\/floristaurant-150997\/\" class=\"teaser teaser-event teaser-event-standard\">\n\t\t<div class=\"row row-stretch\">\n\t\t\t<div class=\"col-xs-12\">\n\t\t\t\t<div class=\"teaser-event-image\">\n\t\t\t\t\t<div class=\"teaser-image teaser-image-no-alternate\">\n\t\t\t\t\t\t\t\t\t\t\t\t\t\n\t<lazy-media-inline inline-template>\n\t\t<figure itemscope itemtype=\"http:\/\/schema.org\/ImageObject\" class=\"lazy-media-inline \" role=\"group\" id=\"media_69f474a18a4b4\" aria-labelledby=\"desc_media_69f474a18a4b4\">\n\t\t\t<script type=\"application\/json\" ref=\"data\">\n\t\t\t\t{\n\t\t\t\t\"sizes\" : {\"medium\":{\"file\":\"SHF_eb00249470-300x200.jpg\",\"width\":300,\"height\":200,\"mime-type\":\"image\\\/jpeg\",\"filesize\":13149},\"large\":{\"file\":\"SHF_eb00249470-1024x684.jpg\",\"width\":1024,\"height\":684,\"mime-type\":\"image\\\/jpeg\",\"filesize\":78034},\"thumbnail\":{\"file\":\"SHF_eb00249470-150x150.jpg\",\"width\":150,\"height\":150,\"mime-type\":\"image\\\/jpeg\",\"filesize\":6694},\"medium_large\":{\"file\":\"SHF_eb00249470-768x513.jpg\",\"width\":768,\"height\":513,\"mime-type\":\"image\\\/jpeg\",\"filesize\":52234},\"small\":{\"file\":\"SHF_eb00249470-440x294.jpg\",\"width\":440,\"height\":294,\"mime-type\":\"image\\\/jpeg\",\"filesize\":23252},\"semi\":{\"file\":\"SHF_eb00249470-580x387.jpg\",\"width\":580,\"height\":387,\"mime-type\":\"image\\\/jpeg\",\"filesize\":34962},\"mobile\":{\"file\":\"SHF_eb00249470-720x481.jpg\",\"width\":720,\"height\":481,\"mime-type\":\"image\\\/jpeg\",\"filesize\":47512},\"hd\":{\"file\":\"SHF_eb00249470-1280x854.jpg\",\"width\":1280,\"height\":854,\"mime-type\":\"image\\\/jpeg\",\"filesize\":106664},\"full\":{\"file\":\"SHF_eb00249470-1920x1282.jpg\",\"width\":1920,\"height\":1282,\"mime-type\":\"image\\\/jpeg\",\"filesize\":189602},\"xxl\":{\"file\":\"SHF_eb00249470-4048x2702.jpg\",\"width\":4048,\"height\":2702,\"mime-type\":\"image\\\/jpeg\",\"filesize\":576651},\"1536x1536\":{\"file\":\"SHF_eb00249470-1536x1025.jpg\",\"width\":1536,\"height\":1025,\"mime-type\":\"image\\\/jpeg\",\"filesize\":137758},\"2048x2048\":{\"file\":\"SHF_eb00249470-2048x1367.jpg\",\"width\":2048,\"height\":1367,\"mime-type\":\"image\\\/jpeg\",\"filesize\":207446},\"original\":{\"file\":\"SHF_eb00249470.jpg\",\"width\":6016,\"height\":4016}},\n\t\t\t\t\"alt\" : \"Eine Hand h\\u00e4lt ein Holzbrett mit einem bunten, essbaren Kunstwerk aus Blumen und frischen Zutaten.\",\n\t\t\t\t\"path\" : \"\\\/wp-content\\\/uploads\\\/2025\\\/09\\\/\",\n\t\t\t\t\"video\" : null,\n\t\t\t\t\"autoplay\" : null,\n\t\t\t\t\"youtube\" : null,\n\t\t\t\t\"youtubelabel\" : \"Video abspielen\",\n\t\t\t\t\"brightness\" : 100,\n\t\t\t\t\"crop\" : {\"top\":\"50.00\",\"left\":\"50.00\"},\n\t\t\t\t\"background\" : true,\n\t\t\t\t\"scale\" : 2\t\t\t\t}\n\t\t\t<\/script>\n\n\t\t\t<div class=\"height-container\" style=\"padding-bottom:66.755319148936%;\" v-if=\"sizes\">\n\t\t\t\t\t\t\t\t<lazy-media :inline=\"true\" :alt=\"alt\" :sizes=\"sizes\" :scale=\"scale\" :brightness=\"brightness\" :path=\"path\" :video=\"video\" :autoplay=\"autoplay\" :youtube=\"youtube\" :crop=\"crop\" :youtubelabel=\"youtubelabel\" :background=\"background\" media-id=\"desc_media_69f474a18a4b4\"><\/lazy-media>\n\t\t\t\t\t\t\t<\/div>\n\n\t\t\t\t\t\t\t<figcaption class=\"sr-only\" ref=\"body\" id=\"desc_media_69f474a18a4b4\">\n\t\t\t\t\t\t\t\t\t\t\t<div>Das Floristaurant<\/div>\n\t\t\t\t\t\t\t\t\t\t\t\t\t\t\t\t\t\t\t\t\t<div class=\"insignificant\">\u00a9 Andreas Galeano<\/div>\n\t\t\t\t\t\t\t\t\t<\/figcaption>\n\t\t\t\t\t<\/figure>\n\t<\/lazy-media-inline>\n\t\t\t\t\t<\/div>\n\t\t\t\t<\/div>\n\t\t\t\t<div class=\"teaser-event-text Infos\">\n\t\t\t\t\t<div class=\"margin-bottom-sixth\">\n\t\t\t\t\t\t<div class=\"margin-bottom-atom\">\n\t\t\t\t\t\t\t<div class=\"subline clamp-1\" v-html=\"maingenre\"><\/div>\n\t\t\t\t\t\t\t\t\t\t\t\t\t\t\t<div class=\"insignificant clamp-2\">Beziehungsweise Familie<\/div>\n\t\t\t\t\t\t\t\t\t\t\t\t\t<\/div>\n\t\t\t\t\t\n\t\t\t\t\t\t<strong class=\"margin-bottom-atom\">Floristaurant\u00a0<\/strong>\n\n\t\t\t\t\t\t\t\t\t\t\t\t\t<div class=\"\"><\/div>\n\t\t\t\t\t\t\t\t\t\t\t<\/div>\n\t\t\t\t<\/div>\n\t\t\t<\/div>\n\t\t\t<div class=\"col-xs-12 Infos\">\n\t\t\t\t<div class=\"border-bottom \">\n\t\t\t\t\t\t\t\t\t\t\t<calendardateline :rawitem='item' :show-icon=\"true\"><\/calendardateline>\n\t\t\t\t\t\t<div class=\"margin-bottom-atom\"><hr><\/div>\n\t\t\t\t\t\t<div class=\"event-times-fadeout center-xs\">&nbsp;<\/div>\n\t\t\t\t\t\t\t\t\t\t\n\t\t\t\t<\/div>\n\t\t\t<\/div>\n\t\t<\/div>\n\t<\/a>\n\t<\/calendarteaser>\n<\/li>\n<li class=\"col-xs-6 col-sm-4 col-md-3 teaser-wrapper col-padding-remove\">\n\t<calendarteaser key=\"15086018901\" rawitem='{&quot;postId&quot;:150860,&quot;title&quot;:&quot;Transpersonal - Jenseits des Ichs&quot;,&quot;excerpt&quot;:&quot;&quot;,&quot;slug&quot;:&quot;transpersonal-jenseits-des-ichs&quot;,&quot;post_date&quot;:&quot;2025-08-27T12:10&quot;,&quot;type&quot;:&quot;event&quot;,&quot;permalink&quot;:&quot;https:\\\/\\\/www.humboldtforum.org\\\/de\\\/programm\\\/termin\\\/performance\\\/transpersonal-jenseits-des-ichs-150860\\\/&quot;,&quot;genre&quot;:[930],&quot;genre_details&quot;:[{&quot;text&quot;:&quot;Performance&quot;,&quot;id&quot;:930,&quot;icon&quot;:null,&quot;parent&quot;:0}],&quot;stakeholder&quot;:[382],&quot;stakeholder_details&quot;:[{&quot;text&quot;:&quot;Stiftung Humboldt Forum im Berliner Schloss&quot;,&quot;id&quot;:382,&quot;icon&quot;:null,&quot;parent&quot;:0}],&quot;targetgroup&quot;:[454],&quot;targetgroup_details&quot;:[{&quot;text&quot;:&quot;Kinder und Familien&quot;,&quot;id&quot;:454,&quot;icon&quot;:null,&quot;parent&quot;:0}],&quot;accessability&quot;:[1797],&quot;accessability_details&quot;:[{&quot;text&quot;:&quot;For the hearing-impaired&quot;,&quot;id&quot;:1797,&quot;icon&quot;:null,&quot;parent&quot;:0}],&quot;age&quot;:[1911],&quot;age_details&quot;:[{&quot;text&quot;:&quot;ab 9 Jahre&quot;,&quot;id&quot;:1911,&quot;icon&quot;:null,&quot;parent&quot;:0}],&quot;icon_overwrite&quot;:&quot;&quot;,&quot;acf&quot;:{&quot;noindex&quot;:false,&quot;keywords&quot;:&quot;&quot;,&quot;hashtag&quot;:&quot;HumboldtForum&quot;,&quot;belongsto&quot;:[160159,151103,148458],&quot;shorturl&quot;:&quot;&quot;,&quot;times&quot;:[{&quot;start&quot;:&quot;20260501 12:00&quot;,&quot;end&quot;:&quot;13:00&quot;,&quot;status&quot;:&quot;BUY&quot;,&quot;info&quot;:&quot;Teilnahme kostenfrei \\u2013 Humboldt Forum Ticket erforderlich &quot;,&quot;shop&quot;:&quot;https:\\\/\\\/tickets.humboldtforum.org\\\/#\\\/tickets\\\/time?museum_id=1&amp;exhibition_id=17&amp;group=day&amp;date=2026-05-01 &quot;,&quot;i&quot;:0,&quot;start_hour&quot;:&quot;12:00&quot;,&quot;start_HRF&quot;:&quot;Fr,  1. Mai 2026&quot;,&quot;_date&quot;:{&quot;date&quot;:&quot;2026-05-01 13:00:00.000000&quot;,&quot;timezone_type&quot;:3,&quot;timezone&quot;:&quot;Europe\\\/Berlin&quot;},&quot;_fromdate&quot;:&quot;20260501 12:00&quot;,&quot;start_TS&quot;:1777629600,&quot;start_HRFSHORT&quot;:&quot;01.05.26&quot;,&quot;start_HRFSHORT_WD&quot;:&quot;Fr 01.05.2026&quot;,&quot;end_TS&quot;:1777633200,&quot;can_purchase&quot;:true},{&quot;start&quot;:&quot;20260501 17:00&quot;,&quot;end&quot;:&quot;18:00&quot;,&quot;status&quot;:&quot;BUY&quot;,&quot;info&quot;:&quot;Teilnahme kostenfrei \\u2013 Humboldt Forum Ticket erforderlich &quot;,&quot;shop&quot;:&quot;https:\\\/\\\/tickets.humboldtforum.org\\\/#\\\/tickets\\\/time?museum_id=1&amp;exhibition_id=17&amp;group=day&amp;date=2026-05-01 &quot;,&quot;i&quot;:1,&quot;start_hour&quot;:&quot;17:00&quot;,&quot;start_HRF&quot;:&quot;Fr,  1. Mai 2026&quot;,&quot;_date&quot;:{&quot;date&quot;:&quot;2026-05-01 18:00:00.000000&quot;,&quot;timezone_type&quot;:3,&quot;timezone&quot;:&quot;Europe\\\/Berlin&quot;},&quot;_fromdate&quot;:&quot;20260501 17:00&quot;,&quot;start_TS&quot;:1777647600,&quot;start_HRFSHORT&quot;:&quot;01.05.26&quot;,&quot;start_HRFSHORT_WD&quot;:&quot;Fr 01.05.2026&quot;,&quot;end_TS&quot;:1777651200,&quot;can_purchase&quot;:true},{&quot;start&quot;:&quot;20260502 16:00&quot;,&quot;end&quot;:&quot;17:00&quot;,&quot;status&quot;:&quot;BUY&quot;,&quot;info&quot;:&quot;Teilnahme kostenfrei \\u2013 Humboldt Forum Ticket erforderlich &quot;,&quot;shop&quot;:&quot;https:\\\/\\\/tickets.humboldtforum.org\\\/#\\\/tickets\\\/time?museum_id=1&amp;exhibition_id=17&amp;group=day&amp;date=2026-05-02 &quot;,&quot;i&quot;:2,&quot;start_hour&quot;:&quot;16:00&quot;,&quot;start_HRF&quot;:&quot;Sa,  2. Mai 2026&quot;,&quot;_date&quot;:{&quot;date&quot;:&quot;2026-05-02 17:00:00.000000&quot;,&quot;timezone_type&quot;:3,&quot;timezone&quot;:&quot;Europe\\\/Berlin&quot;},&quot;_fromdate&quot;:&quot;20260502 16:00&quot;,&quot;start_TS&quot;:1777730400,&quot;start_HRFSHORT&quot;:&quot;02.05.26&quot;,&quot;start_HRFSHORT_WD&quot;:&quot;Sa 02.05.2026&quot;,&quot;end_TS&quot;:1777734000,&quot;can_purchase&quot;:true}],&quot;planning&quot;:{&quot;price&quot;:&quot;Teilnahme kostenfrei \\u2013 Humboldt Forum Ticket erforderlich &quot;,&quot;admission&quot;:&quot;&quot;,&quot;pause&quot;:&quot;&quot;,&quot;duration&quot;:&quot;60&quot;},&quot;subline&quot;:&quot;Animationstanz in den Sammlungen&quot;,&quot;additional_info&quot;:{&quot;icon&quot;:&quot;icon-ort&quot;,&quot;text&quot;:&quot;Treffpunkt im 2. OG (Treppenhaus)&quot;},&quot;highlight_header&quot;:false,&quot;featured_images&quot;:[150861],&quot;use_video_in_teasers&quot;:false,&quot;hyphenation&quot;:true,&quot;tipp&quot;:false,&quot;joker&quot;:false,&quot;live&quot;:false,&quot;hide_event_in_program&quot;:false,&quot;gomus_id&quot;:&quot;&quot;,&quot;hm_id&quot;:&quot;&quot;,&quot;tickettext&quot;:&quot;Bitte buchen Sie ihr Ticket vorab online oder an der Kasse im Foyer. &quot;},&quot;date&quot;:{&quot;NX&quot;:&quot;20260501&quot;,&quot;NXX&quot;:&quot;202605011200&quot;,&quot;NLAST&quot;:&quot;202605021200&quot;,&quot;from_DATE&quot;:&quot;20260501 12:00&quot;,&quot;from&quot;:1777622400,&quot;to&quot;:1777723200,&quot;to_DATE&quot;:&quot;20260502 16:00&quot;,&quot;from_HRFSHORT&quot;:&quot; 1. Mai 2026&quot;,&quot;from_HRFSHORT_WD&quot;:&quot;Fr 01.05.2026&quot;,&quot;to_HRFSHORT&quot;:&quot; 2. Mai 2026&quot;,&quot;to_HRFSHORT_WD&quot;:&quot;Sa 02.05.2026&quot;,&quot;from_HRF&quot;:&quot;Fr,  1. Mai 2026&quot;,&quot;to_HRF&quot;:&quot;Sa,  2. Mai 2026&quot;,&quot;from_to_HRF&quot;:&quot;Fr,  1. Mai \\u2013 Sa,  2. Mai 2026&quot;,&quot;from_to_HRFSHORT&quot;:&quot; 1. Mai \\u2013  2. Mai 2026&quot;},&quot;alert&quot;:null,&quot;partof&quot;:[],&quot;marketing_topic&quot;:{&quot;title&quot;:&quot;Schicksal oder Wahl?&quot;,&quot;ID&quot;:160159,&quot;reason&quot;:&quot;belongsto&quot;}}' inline-template>\n\t<a href=\"https:\/\/www.humboldtforum.org\/de\/programm\/termin\/performance\/transpersonal-jenseits-des-ichs-150860\/\" class=\"teaser teaser-event teaser-event-standard\">\n\t\t<div class=\"row row-stretch\">\n\t\t\t<div class=\"col-xs-12\">\n\t\t\t\t<div class=\"teaser-event-image\">\n\t\t\t\t\t<div class=\"teaser-image teaser-image-no-alternate\">\n\t\t\t\t\t\t\t\t\t\t\t\t\t\n\t<lazy-media-inline inline-template>\n\t\t<figure itemscope itemtype=\"http:\/\/schema.org\/ImageObject\" class=\"lazy-media-inline \" role=\"group\" id=\"media_69f474a18b052\" aria-labelledby=\"desc_media_69f474a18b052\">\n\t\t\t<script type=\"application\/json\" ref=\"data\">\n\t\t\t\t{\n\t\t\t\t\"sizes\" : {\"medium\":{\"file\":\"SHF_eb00251982-225x300.jpg\",\"width\":225,\"height\":300,\"mime-type\":\"image\\\/jpeg\",\"filesize\":24000},\"large\":{\"file\":\"SHF_eb00251982-768x1024.jpg\",\"width\":768,\"height\":1024,\"mime-type\":\"image\\\/jpeg\",\"filesize\":214657},\"thumbnail\":{\"file\":\"SHF_eb00251982-150x150.jpg\",\"width\":150,\"height\":150,\"mime-type\":\"image\\\/jpeg\",\"filesize\":9995},\"medium_large\":{\"file\":\"SHF_eb00251982-768x1024.jpg\",\"width\":768,\"height\":1024,\"mime-type\":\"image\\\/jpeg\",\"filesize\":214657},\"small\":{\"file\":\"SHF_eb00251982-330x440.jpg\",\"width\":330,\"height\":440,\"mime-type\":\"image\\\/jpeg\",\"filesize\":47800},\"semi\":{\"file\":\"SHF_eb00251982-435x580.jpg\",\"width\":435,\"height\":580,\"mime-type\":\"image\\\/jpeg\",\"filesize\":79096},\"mobile\":{\"file\":\"SHF_eb00251982-540x720.jpg\",\"width\":540,\"height\":720,\"mime-type\":\"image\\\/jpeg\",\"filesize\":116418},\"hd\":{\"file\":\"SHF_eb00251982-960x1280.jpg\",\"width\":960,\"height\":1280,\"mime-type\":\"image\\\/jpeg\",\"filesize\":314808},\"full\":{\"file\":\"SHF_eb00251982-1440x1920.jpg\",\"width\":1440,\"height\":1920,\"mime-type\":\"image\\\/jpeg\",\"filesize\":610512},\"1536x1536\":{\"file\":\"SHF_eb00251982-1152x1536.jpg\",\"width\":1152,\"height\":1536,\"mime-type\":\"image\\\/jpeg\",\"filesize\":425668},\"2048x2048\":{\"file\":\"SHF_eb00251982-1536x2048.jpg\",\"width\":1536,\"height\":2048,\"mime-type\":\"image\\\/jpeg\",\"filesize\":676235},\"original\":{\"file\":\"SHF_eb00251982.jpg\",\"width\":3024,\"height\":4032}},\n\t\t\t\t\"alt\" : \"Eine Person sitzt in einem Museum und macht eine Handbewegung vor einer kunstvoll gestalteten Wand.\",\n\t\t\t\t\"path\" : \"\\\/wp-content\\\/uploads\\\/2025\\\/08\\\/\",\n\t\t\t\t\"video\" : null,\n\t\t\t\t\"autoplay\" : null,\n\t\t\t\t\"youtube\" : null,\n\t\t\t\t\"youtubelabel\" : \"Video abspielen\",\n\t\t\t\t\"brightness\" : 100,\n\t\t\t\t\"crop\" : {\"top\":\"50.00\",\"left\":\"50.00\"},\n\t\t\t\t\"background\" : true,\n\t\t\t\t\"scale\" : 2\t\t\t\t}\n\t\t\t<\/script>\n\n\t\t\t<div class=\"height-container\" style=\"padding-bottom:133.33333333333%;\" v-if=\"sizes\">\n\t\t\t\t\t\t\t\t<lazy-media :inline=\"true\" :alt=\"alt\" :sizes=\"sizes\" :scale=\"scale\" :brightness=\"brightness\" :path=\"path\" :video=\"video\" :autoplay=\"autoplay\" :youtube=\"youtube\" :crop=\"crop\" :youtubelabel=\"youtubelabel\" :background=\"background\" media-id=\"desc_media_69f474a18b052\"><\/lazy-media>\n\t\t\t\t\t\t\t<\/div>\n\n\t\t\t\t\t\t\t<figcaption class=\"sr-only\" ref=\"body\" id=\"desc_media_69f474a18b052\">\n\t\t\t\t\t\t\t\t\t\t\t<div>Kristy Nataraja mit einer Performance vor einem H&auml;userkubus aus Papua-Neuguinea<\/div>\n\t\t\t\t\t\t\t\t\t\t\t\t\t\t\t\t\t\t\t\t\t<div class=\"insignificant\">\u00a9 Staatliche Museen zu Berlin, Ethnologisches Museum \/ Stiftung Humboldt Forum im Berliner Schloss, Foto: Maria Altnau<\/div>\n\t\t\t\t\t\t\t\t\t<\/figcaption>\n\t\t\t\t\t<\/figure>\n\t<\/lazy-media-inline>\n\t\t\t\t\t<\/div>\n\t\t\t\t<\/div>\n\t\t\t\t<div class=\"teaser-event-text Infos\">\n\t\t\t\t\t<div class=\"margin-bottom-sixth\">\n\t\t\t\t\t\t<div class=\"margin-bottom-atom\">\n\t\t\t\t\t\t\t<div class=\"subline clamp-1\" v-html=\"maingenre\"><\/div>\n\t\t\t\t\t\t\t\t\t\t\t\t\t\t\t<div class=\"insignificant clamp-2\">Schicksal oder Wahl?<\/div>\n\t\t\t\t\t\t\t\t\t\t\t\t\t<\/div>\n\t\t\t\t\t\n\t\t\t\t\t\t<strong class=\"margin-bottom-atom\">Transpersonal &#8211; Jenseits des Ichs<\/strong>\n\n\t\t\t\t\t\t\t\t\t\t\t\t\t<div class=\"\">Animationstanz in den Sammlungen<\/div>\n\t\t\t\t\t\t\t\t\t\t\t<\/div>\n\t\t\t\t<\/div>\n\t\t\t<\/div>\n\t\t\t<div class=\"col-xs-12 Infos\">\n\t\t\t\t<div class=\"border-bottom \">\n\t\t\t\t\t\t\t\t\t\t\t\t\t\t<calendardateline :rawitem=\"{&quot;postId&quot;:150860,&quot;title&quot;:&quot;Transpersonal - Jenseits des Ichs&quot;,&quot;excerpt&quot;:&quot;&quot;,&quot;slug&quot;:&quot;transpersonal-jenseits-des-ichs&quot;,&quot;post_date&quot;:&quot;2025-08-27T12:10&quot;,&quot;type&quot;:&quot;event&quot;,&quot;permalink&quot;:&quot;https:\\\/\\\/www.humboldtforum.org\\\/de\\\/programm\\\/termin\\\/performance\\\/transpersonal-jenseits-des-ichs-150860\\\/&quot;,&quot;genre&quot;:[930],&quot;genre_details&quot;:[{&quot;text&quot;:&quot;Performance&quot;,&quot;id&quot;:930,&quot;icon&quot;:null,&quot;parent&quot;:0}],&quot;stakeholder&quot;:[382],&quot;stakeholder_details&quot;:[{&quot;text&quot;:&quot;Stiftung Humboldt Forum im Berliner Schloss&quot;,&quot;id&quot;:382,&quot;icon&quot;:null,&quot;parent&quot;:0}],&quot;targetgroup&quot;:[454],&quot;targetgroup_details&quot;:[{&quot;text&quot;:&quot;Kinder und Familien&quot;,&quot;id&quot;:454,&quot;icon&quot;:null,&quot;parent&quot;:0}],&quot;accessability&quot;:[1797],&quot;accessability_details&quot;:[{&quot;text&quot;:&quot;For the hearing-impaired&quot;,&quot;id&quot;:1797,&quot;icon&quot;:null,&quot;parent&quot;:0}],&quot;age&quot;:[1911],&quot;age_details&quot;:[{&quot;text&quot;:&quot;ab 9 Jahre&quot;,&quot;id&quot;:1911,&quot;icon&quot;:null,&quot;parent&quot;:0}],&quot;icon_overwrite&quot;:&quot;&quot;,&quot;acf&quot;:{&quot;noindex&quot;:false,&quot;keywords&quot;:&quot;&quot;,&quot;hashtag&quot;:&quot;HumboldtForum&quot;,&quot;belongsto&quot;:[160159,151103,148458],&quot;shorturl&quot;:&quot;&quot;,&quot;times&quot;:[{&quot;start&quot;:&quot;20260501 12:00&quot;,&quot;end&quot;:&quot;13:00&quot;,&quot;status&quot;:&quot;BUY&quot;,&quot;info&quot;:&quot;Teilnahme kostenfrei \\u2013 Humboldt Forum Ticket erforderlich &quot;,&quot;shop&quot;:&quot;https:\\\/\\\/tickets.humboldtforum.org\\\/#\\\/tickets\\\/time?museum_id=1&amp;exhibition_id=17&amp;group=day&amp;date=2026-05-01 &quot;,&quot;i&quot;:0,&quot;start_hour&quot;:&quot;12:00&quot;,&quot;start_HRF&quot;:&quot;Fr,  1. Mai 2026&quot;,&quot;_date&quot;:{&quot;date&quot;:&quot;2026-05-01 13:00:00.000000&quot;,&quot;timezone_type&quot;:3,&quot;timezone&quot;:&quot;Europe\\\/Berlin&quot;},&quot;_fromdate&quot;:&quot;20260501 12:00&quot;,&quot;start_TS&quot;:1777629600,&quot;start_HRFSHORT&quot;:&quot;01.05.26&quot;,&quot;start_HRFSHORT_WD&quot;:&quot;Fr 01.05.2026&quot;,&quot;end_TS&quot;:1777633200,&quot;can_purchase&quot;:true}],&quot;planning&quot;:{&quot;price&quot;:&quot;Teilnahme kostenfrei \\u2013 Humboldt Forum Ticket erforderlich &quot;,&quot;admission&quot;:&quot;&quot;,&quot;pause&quot;:&quot;&quot;,&quot;duration&quot;:&quot;60&quot;},&quot;subline&quot;:&quot;Animationstanz in den Sammlungen&quot;,&quot;additional_info&quot;:{&quot;icon&quot;:&quot;icon-ort&quot;,&quot;text&quot;:&quot;Treffpunkt im 2. OG (Treppenhaus)&quot;},&quot;highlight_header&quot;:false,&quot;featured_images&quot;:[150861],&quot;use_video_in_teasers&quot;:false,&quot;hyphenation&quot;:true,&quot;tipp&quot;:false,&quot;joker&quot;:false,&quot;live&quot;:false,&quot;hide_event_in_program&quot;:false,&quot;gomus_id&quot;:&quot;&quot;,&quot;hm_id&quot;:&quot;&quot;,&quot;tickettext&quot;:&quot;Bitte buchen Sie ihr Ticket vorab online oder an der Kasse im Foyer. &quot;},&quot;date&quot;:{&quot;NX&quot;:&quot;20260501&quot;,&quot;NXX&quot;:&quot;202605011200&quot;,&quot;NLAST&quot;:&quot;202605021200&quot;,&quot;from_DATE&quot;:&quot;20260501 12:00&quot;,&quot;from&quot;:1777622400,&quot;to&quot;:1777723200,&quot;to_DATE&quot;:&quot;20260502 16:00&quot;,&quot;from_HRFSHORT&quot;:&quot; 1. Mai 2026&quot;,&quot;from_HRFSHORT_WD&quot;:&quot;Fr 01.05.2026&quot;,&quot;to_HRFSHORT&quot;:&quot; 2. Mai 2026&quot;,&quot;to_HRFSHORT_WD&quot;:&quot;Sa 02.05.2026&quot;,&quot;from_HRF&quot;:&quot;Fr,  1. Mai 2026&quot;,&quot;to_HRF&quot;:&quot;Sa,  2. Mai 2026&quot;,&quot;from_to_HRF&quot;:&quot;Fr,  1. Mai \\u2013 Sa,  2. Mai 2026&quot;,&quot;from_to_HRFSHORT&quot;:&quot; 1. Mai \\u2013  2. Mai 2026&quot;},&quot;alert&quot;:null,&quot;partof&quot;:[],&quot;marketing_topic&quot;:{&quot;title&quot;:&quot;Schicksal oder Wahl?&quot;,&quot;ID&quot;:160159,&quot;reason&quot;:&quot;belongsto&quot;}}\" :force-first=\"true\" :show-icon=\"true\"><\/calendardateline>\n\t\t\t\t\t\t\t\t\t<div class=\"margin-bottom-atom\"><hr><\/div>\n\t\t\t\t\t\t\t\t\t\t\t\t\t\t\t\t\t<calendardateline :rawitem=\"{&quot;postId&quot;:150860,&quot;title&quot;:&quot;Transpersonal - Jenseits des Ichs&quot;,&quot;excerpt&quot;:&quot;&quot;,&quot;slug&quot;:&quot;transpersonal-jenseits-des-ichs&quot;,&quot;post_date&quot;:&quot;2025-08-27T12:10&quot;,&quot;type&quot;:&quot;event&quot;,&quot;permalink&quot;:&quot;https:\\\/\\\/www.humboldtforum.org\\\/de\\\/programm\\\/termin\\\/performance\\\/transpersonal-jenseits-des-ichs-150860\\\/&quot;,&quot;genre&quot;:[930],&quot;genre_details&quot;:[{&quot;text&quot;:&quot;Performance&quot;,&quot;id&quot;:930,&quot;icon&quot;:null,&quot;parent&quot;:0}],&quot;stakeholder&quot;:[382],&quot;stakeholder_details&quot;:[{&quot;text&quot;:&quot;Stiftung Humboldt Forum im Berliner Schloss&quot;,&quot;id&quot;:382,&quot;icon&quot;:null,&quot;parent&quot;:0}],&quot;targetgroup&quot;:[454],&quot;targetgroup_details&quot;:[{&quot;text&quot;:&quot;Kinder und Familien&quot;,&quot;id&quot;:454,&quot;icon&quot;:null,&quot;parent&quot;:0}],&quot;accessability&quot;:[1797],&quot;accessability_details&quot;:[{&quot;text&quot;:&quot;For the hearing-impaired&quot;,&quot;id&quot;:1797,&quot;icon&quot;:null,&quot;parent&quot;:0}],&quot;age&quot;:[1911],&quot;age_details&quot;:[{&quot;text&quot;:&quot;ab 9 Jahre&quot;,&quot;id&quot;:1911,&quot;icon&quot;:null,&quot;parent&quot;:0}],&quot;icon_overwrite&quot;:&quot;&quot;,&quot;acf&quot;:{&quot;noindex&quot;:false,&quot;keywords&quot;:&quot;&quot;,&quot;hashtag&quot;:&quot;HumboldtForum&quot;,&quot;belongsto&quot;:[160159,151103,148458],&quot;shorturl&quot;:&quot;&quot;,&quot;times&quot;:[{&quot;start&quot;:&quot;20260501 17:00&quot;,&quot;end&quot;:&quot;18:00&quot;,&quot;status&quot;:&quot;BUY&quot;,&quot;info&quot;:&quot;Teilnahme kostenfrei \\u2013 Humboldt Forum Ticket erforderlich &quot;,&quot;shop&quot;:&quot;https:\\\/\\\/tickets.humboldtforum.org\\\/#\\\/tickets\\\/time?museum_id=1&amp;exhibition_id=17&amp;group=day&amp;date=2026-05-01 &quot;,&quot;i&quot;:1,&quot;start_hour&quot;:&quot;17:00&quot;,&quot;start_HRF&quot;:&quot;Fr,  1. Mai 2026&quot;,&quot;_date&quot;:{&quot;date&quot;:&quot;2026-05-01 18:00:00.000000&quot;,&quot;timezone_type&quot;:3,&quot;timezone&quot;:&quot;Europe\\\/Berlin&quot;},&quot;_fromdate&quot;:&quot;20260501 17:00&quot;,&quot;start_TS&quot;:1777647600,&quot;start_HRFSHORT&quot;:&quot;01.05.26&quot;,&quot;start_HRFSHORT_WD&quot;:&quot;Fr 01.05.2026&quot;,&quot;end_TS&quot;:1777651200,&quot;can_purchase&quot;:true}],&quot;planning&quot;:{&quot;price&quot;:&quot;Teilnahme kostenfrei \\u2013 Humboldt Forum Ticket erforderlich &quot;,&quot;admission&quot;:&quot;&quot;,&quot;pause&quot;:&quot;&quot;,&quot;duration&quot;:&quot;60&quot;},&quot;subline&quot;:&quot;Animationstanz in den Sammlungen&quot;,&quot;additional_info&quot;:{&quot;icon&quot;:&quot;icon-ort&quot;,&quot;text&quot;:&quot;Treffpunkt im 2. OG (Treppenhaus)&quot;},&quot;highlight_header&quot;:false,&quot;featured_images&quot;:[150861],&quot;use_video_in_teasers&quot;:false,&quot;hyphenation&quot;:true,&quot;tipp&quot;:false,&quot;joker&quot;:false,&quot;live&quot;:false,&quot;hide_event_in_program&quot;:false,&quot;gomus_id&quot;:&quot;&quot;,&quot;hm_id&quot;:&quot;&quot;,&quot;tickettext&quot;:&quot;Bitte buchen Sie ihr Ticket vorab online oder an der Kasse im Foyer. &quot;},&quot;date&quot;:{&quot;NX&quot;:&quot;20260501&quot;,&quot;NXX&quot;:&quot;202605011200&quot;,&quot;NLAST&quot;:&quot;202605021200&quot;,&quot;from_DATE&quot;:&quot;20260501 12:00&quot;,&quot;from&quot;:1777622400,&quot;to&quot;:1777723200,&quot;to_DATE&quot;:&quot;20260502 16:00&quot;,&quot;from_HRFSHORT&quot;:&quot; 1. Mai 2026&quot;,&quot;from_HRFSHORT_WD&quot;:&quot;Fr 01.05.2026&quot;,&quot;to_HRFSHORT&quot;:&quot; 2. Mai 2026&quot;,&quot;to_HRFSHORT_WD&quot;:&quot;Sa 02.05.2026&quot;,&quot;from_HRF&quot;:&quot;Fr,  1. Mai 2026&quot;,&quot;to_HRF&quot;:&quot;Sa,  2. Mai 2026&quot;,&quot;from_to_HRF&quot;:&quot;Fr,  1. Mai \\u2013 Sa,  2. Mai 2026&quot;,&quot;from_to_HRFSHORT&quot;:&quot; 1. Mai \\u2013  2. Mai 2026&quot;},&quot;alert&quot;:null,&quot;partof&quot;:[],&quot;marketing_topic&quot;:{&quot;title&quot;:&quot;Schicksal oder Wahl?&quot;,&quot;ID&quot;:160159,&quot;reason&quot;:&quot;belongsto&quot;}}\" :force-first=\"true\" :show-icon=\"true\"><\/calendardateline>\n\t\t\t\t\t\t\t\t\t<div class=\"margin-bottom-atom\"><hr><\/div>\n\t\t\t\t\t\t\t\t\t\t\t\t\t\t\t\t\t<calendardateline :rawitem=\"{&quot;postId&quot;:150860,&quot;title&quot;:&quot;Transpersonal - Jenseits des Ichs&quot;,&quot;excerpt&quot;:&quot;&quot;,&quot;slug&quot;:&quot;transpersonal-jenseits-des-ichs&quot;,&quot;post_date&quot;:&quot;2025-08-27T12:10&quot;,&quot;type&quot;:&quot;event&quot;,&quot;permalink&quot;:&quot;https:\\\/\\\/www.humboldtforum.org\\\/de\\\/programm\\\/termin\\\/performance\\\/transpersonal-jenseits-des-ichs-150860\\\/&quot;,&quot;genre&quot;:[930],&quot;genre_details&quot;:[{&quot;text&quot;:&quot;Performance&quot;,&quot;id&quot;:930,&quot;icon&quot;:null,&quot;parent&quot;:0}],&quot;stakeholder&quot;:[382],&quot;stakeholder_details&quot;:[{&quot;text&quot;:&quot;Stiftung Humboldt Forum im Berliner Schloss&quot;,&quot;id&quot;:382,&quot;icon&quot;:null,&quot;parent&quot;:0}],&quot;targetgroup&quot;:[454],&quot;targetgroup_details&quot;:[{&quot;text&quot;:&quot;Kinder und Familien&quot;,&quot;id&quot;:454,&quot;icon&quot;:null,&quot;parent&quot;:0}],&quot;accessability&quot;:[1797],&quot;accessability_details&quot;:[{&quot;text&quot;:&quot;For the hearing-impaired&quot;,&quot;id&quot;:1797,&quot;icon&quot;:null,&quot;parent&quot;:0}],&quot;age&quot;:[1911],&quot;age_details&quot;:[{&quot;text&quot;:&quot;ab 9 Jahre&quot;,&quot;id&quot;:1911,&quot;icon&quot;:null,&quot;parent&quot;:0}],&quot;icon_overwrite&quot;:&quot;&quot;,&quot;acf&quot;:{&quot;noindex&quot;:false,&quot;keywords&quot;:&quot;&quot;,&quot;hashtag&quot;:&quot;HumboldtForum&quot;,&quot;belongsto&quot;:[160159,151103,148458],&quot;shorturl&quot;:&quot;&quot;,&quot;times&quot;:[{&quot;start&quot;:&quot;20260502 16:00&quot;,&quot;end&quot;:&quot;17:00&quot;,&quot;status&quot;:&quot;BUY&quot;,&quot;info&quot;:&quot;Teilnahme kostenfrei \\u2013 Humboldt Forum Ticket erforderlich &quot;,&quot;shop&quot;:&quot;https:\\\/\\\/tickets.humboldtforum.org\\\/#\\\/tickets\\\/time?museum_id=1&amp;exhibition_id=17&amp;group=day&amp;date=2026-05-02 &quot;,&quot;i&quot;:2,&quot;start_hour&quot;:&quot;16:00&quot;,&quot;start_HRF&quot;:&quot;Sa,  2. Mai 2026&quot;,&quot;_date&quot;:{&quot;date&quot;:&quot;2026-05-02 17:00:00.000000&quot;,&quot;timezone_type&quot;:3,&quot;timezone&quot;:&quot;Europe\\\/Berlin&quot;},&quot;_fromdate&quot;:&quot;20260502 16:00&quot;,&quot;start_TS&quot;:1777730400,&quot;start_HRFSHORT&quot;:&quot;02.05.26&quot;,&quot;start_HRFSHORT_WD&quot;:&quot;Sa 02.05.2026&quot;,&quot;end_TS&quot;:1777734000,&quot;can_purchase&quot;:true}],&quot;planning&quot;:{&quot;price&quot;:&quot;Teilnahme kostenfrei \\u2013 Humboldt Forum Ticket erforderlich &quot;,&quot;admission&quot;:&quot;&quot;,&quot;pause&quot;:&quot;&quot;,&quot;duration&quot;:&quot;60&quot;},&quot;subline&quot;:&quot;Animationstanz in den Sammlungen&quot;,&quot;additional_info&quot;:{&quot;icon&quot;:&quot;icon-ort&quot;,&quot;text&quot;:&quot;Treffpunkt im 2. OG (Treppenhaus)&quot;},&quot;highlight_header&quot;:false,&quot;featured_images&quot;:[150861],&quot;use_video_in_teasers&quot;:false,&quot;hyphenation&quot;:true,&quot;tipp&quot;:false,&quot;joker&quot;:false,&quot;live&quot;:false,&quot;hide_event_in_program&quot;:false,&quot;gomus_id&quot;:&quot;&quot;,&quot;hm_id&quot;:&quot;&quot;,&quot;tickettext&quot;:&quot;Bitte buchen Sie ihr Ticket vorab online oder an der Kasse im Foyer. &quot;},&quot;date&quot;:{&quot;NX&quot;:&quot;20260501&quot;,&quot;NXX&quot;:&quot;202605011200&quot;,&quot;NLAST&quot;:&quot;202605021200&quot;,&quot;from_DATE&quot;:&quot;20260501 12:00&quot;,&quot;from&quot;:1777622400,&quot;to&quot;:1777723200,&quot;to_DATE&quot;:&quot;20260502 16:00&quot;,&quot;from_HRFSHORT&quot;:&quot; 1. Mai 2026&quot;,&quot;from_HRFSHORT_WD&quot;:&quot;Fr 01.05.2026&quot;,&quot;to_HRFSHORT&quot;:&quot; 2. Mai 2026&quot;,&quot;to_HRFSHORT_WD&quot;:&quot;Sa 02.05.2026&quot;,&quot;from_HRF&quot;:&quot;Fr,  1. Mai 2026&quot;,&quot;to_HRF&quot;:&quot;Sa,  2. Mai 2026&quot;,&quot;from_to_HRF&quot;:&quot;Fr,  1. Mai \\u2013 Sa,  2. Mai 2026&quot;,&quot;from_to_HRFSHORT&quot;:&quot; 1. Mai \\u2013  2. Mai 2026&quot;},&quot;alert&quot;:null,&quot;partof&quot;:[],&quot;marketing_topic&quot;:{&quot;title&quot;:&quot;Schicksal oder Wahl?&quot;,&quot;ID&quot;:160159,&quot;reason&quot;:&quot;belongsto&quot;}}\" :force-first=\"true\" :show-icon=\"true\"><\/calendardateline>\n\t\t\t\t\t\t\t\t\t<div class=\"margin-bottom-atom\"><hr><\/div>\n\t\t\t\t\t\t\t\t<div class=\"event-times-fadeout center-xs\">&nbsp;<\/div>\t\t\t\t\t\n\t\t\t\t<\/div>\n\t\t\t<\/div>\n\t\t<\/div>\n\t<\/a>\n\t<\/calendarteaser>\n<\/li>\n<li class=\"col-xs-6 col-sm-4 col-md-3 teaser-wrapper col-padding-remove\">\n\t<calendarteaser key=\"15128365\" rawitem='{&quot;postId&quot;:151283,&quot;title&quot;:&quot;Sophie Lewis: Die Familie abschaffen, um ihre Versprechen zu erf\\u00fcllen?\\u00a0\\u00a0&quot;,&quot;excerpt&quot;:&quot;&quot;,&quot;slug&quot;:&quot;sophie-lewis-die-familie-abschaffen-um-ihre-versprechen-zu-erfuellen&quot;,&quot;post_date&quot;:&quot;2025-09-04T17:45&quot;,&quot;type&quot;:&quot;event&quot;,&quot;permalink&quot;:&quot;https:\\\/\\\/www.humboldtforum.org\\\/de\\\/programm\\\/termin\\\/gespraech\\\/sophie-lewis-die-familie-abschaffen-um-ihre-versprechen-zu-erfuellen-151283\\\/&quot;,&quot;genre&quot;:[1078,1144],&quot;genre_details&quot;:[{&quot;text&quot;:&quot;Gespr\\u00e4ch&quot;,&quot;id&quot;:1078,&quot;icon&quot;:null,&quot;parent&quot;:0},{&quot;text&quot;:&quot;Lesung&quot;,&quot;id&quot;:1144,&quot;icon&quot;:null,&quot;parent&quot;:0}],&quot;language&quot;:[385],&quot;language_details&quot;:[{&quot;text&quot;:&quot;Englisch&quot;,&quot;id&quot;:385,&quot;icon&quot;:null,&quot;parent&quot;:0}],&quot;place&quot;:[1558],&quot;place_details&quot;:{&quot;place&quot;:&quot;Mechanische Arena im Foyer&quot;,&quot;map&quot;:&quot;Humboldt Forum, Schlossplatz, Berlin&quot;,&quot;room&quot;:&quot;&quot;},&quot;icon_overwrite&quot;:&quot;&quot;,&quot;acf&quot;:{&quot;noindex&quot;:false,&quot;keywords&quot;:&quot;&quot;,&quot;hashtag&quot;:&quot;HumboldtForum&quot;,&quot;belongsto&quot;:[151103],&quot;shorturl&quot;:&quot;&quot;,&quot;times&quot;:[],&quot;planning&quot;:{&quot;price&quot;:&quot;&quot;,&quot;admission&quot;:&quot;&quot;,&quot;pause&quot;:&quot;&quot;,&quot;duration&quot;:&quot;&quot;},&quot;subline&quot;:&quot;Keynote und Gespr\\u00e4ch&quot;,&quot;additional_info&quot;:{&quot;icon&quot;:&quot;0&quot;,&quot;text&quot;:&quot;&quot;},&quot;highlight_header&quot;:false,&quot;featured_images&quot;:[151294,151296],&quot;use_video_in_teasers&quot;:false,&quot;hyphenation&quot;:true,&quot;tipp&quot;:false,&quot;joker&quot;:false,&quot;live&quot;:false,&quot;hide_event_in_program&quot;:false,&quot;gomus_id&quot;:&quot;&quot;,&quot;hm_id&quot;:&quot;&quot;},&quot;date&quot;:{&quot;NX&quot;:null,&quot;NXX&quot;:null,&quot;NLAST&quot;:&quot;202510031000&quot;,&quot;from_DATE&quot;:&quot;20251003 14:00&quot;,&quot;from&quot;:1759485600,&quot;to&quot;:1759485600,&quot;to_DATE&quot;:&quot;20251003 14:00&quot;,&quot;from_HRFSHORT&quot;:&quot; 3. Okt 2025&quot;,&quot;from_HRFSHORT_WD&quot;:&quot;Fr 03.10.2025&quot;,&quot;to_HRFSHORT&quot;:&quot; 3. Okt 2025&quot;,&quot;to_HRFSHORT_WD&quot;:&quot;Fr 03.10.2025&quot;,&quot;from_HRF&quot;:&quot;Fr,  3. Oktober 2025&quot;,&quot;to_HRF&quot;:&quot;Fr,  3. Oktober 2025&quot;,&quot;from_to_HRF&quot;:&quot;Fr,  3. Oktober \\u2013 Fr,  3. Oktober 2025&quot;,&quot;from_to_HRFSHORT&quot;:&quot; 3. Okt \\u2013  3. Okt 2025&quot;},&quot;alert&quot;:null,&quot;partof&quot;:[],&quot;marketing_topic&quot;:{&quot;title&quot;:&quot;Care oder Chaos?&quot;,&quot;ID&quot;:151103,&quot;reason&quot;:&quot;belongsto&quot;}}' inline-template>\n\t<a href=\"https:\/\/www.humboldtforum.org\/de\/programm\/termin\/gespraech\/sophie-lewis-die-familie-abschaffen-um-ihre-versprechen-zu-erfuellen-151283\/\" class=\"teaser teaser-event teaser-event-standard\">\n\t\t<div class=\"row row-stretch\">\n\t\t\t<div class=\"col-xs-12\">\n\t\t\t\t<div class=\"teaser-event-image\">\n\t\t\t\t\t<div class=\"teaser-image teaser-image-no-alternate\">\n\t\t\t\t\t\t\t\t\t\t\t\t\t\n\t<lazy-media-inline inline-template>\n\t\t<figure itemscope itemtype=\"http:\/\/schema.org\/ImageObject\" class=\"lazy-media-inline \" role=\"group\" id=\"media_69f474a18bd47\" aria-labelledby=\"desc_media_69f474a18bd47\">\n\t\t\t<script type=\"application\/json\" ref=\"data\">\n\t\t\t\t{\n\t\t\t\t\"sizes\" : {\"medium\":{\"file\":\"SHF_eb00249432-1-300x300.jpg\",\"width\":300,\"height\":300,\"mime-type\":\"image\\\/jpeg\",\"filesize\":18413},\"large\":{\"file\":\"SHF_eb00249432-1-1024x1024.jpg\",\"width\":1024,\"height\":1024,\"mime-type\":\"image\\\/jpeg\",\"filesize\":131059},\"thumbnail\":{\"file\":\"SHF_eb00249432-1-150x150.jpg\",\"width\":150,\"height\":150,\"mime-type\":\"image\\\/jpeg\",\"filesize\":6481},\"medium_large\":{\"file\":\"SHF_eb00249432-1-768x769.jpg\",\"width\":768,\"height\":769,\"mime-type\":\"image\\\/jpeg\",\"filesize\":79770},\"small\":{\"file\":\"SHF_eb00249432-1-440x440.jpg\",\"width\":440,\"height\":440,\"mime-type\":\"image\\\/jpeg\",\"filesize\":32541},\"semi\":{\"file\":\"SHF_eb00249432-1-580x580.jpg\",\"width\":580,\"height\":580,\"mime-type\":\"image\\\/jpeg\",\"filesize\":50674},\"mobile\":{\"file\":\"SHF_eb00249432-1-720x720.jpg\",\"width\":720,\"height\":720,\"mime-type\":\"image\\\/jpeg\",\"filesize\":70930},\"original\":{\"file\":\"SHF_eb00249432-1.jpg\",\"width\":1264,\"height\":1265}},\n\t\t\t\t\"alt\" : \"Junge Frau in buntem Kleid sitzt im Sessel vor dem Fenster und blickt direkt in die Kamera.\",\n\t\t\t\t\"path\" : \"\\\/wp-content\\\/uploads\\\/2025\\\/09\\\/\",\n\t\t\t\t\"video\" : null,\n\t\t\t\t\"autoplay\" : null,\n\t\t\t\t\"youtube\" : null,\n\t\t\t\t\"youtubelabel\" : \"Video abspielen\",\n\t\t\t\t\"brightness\" : 100,\n\t\t\t\t\"crop\" : null,\n\t\t\t\t\"background\" : true,\n\t\t\t\t\"scale\" : 2\t\t\t\t}\n\t\t\t<\/script>\n\n\t\t\t<div class=\"height-container\" style=\"padding-bottom:100.07911392405%;\" v-if=\"sizes\">\n\t\t\t\t\t\t\t\t<lazy-media :inline=\"true\" :alt=\"alt\" :sizes=\"sizes\" :scale=\"scale\" :brightness=\"brightness\" :path=\"path\" :video=\"video\" :autoplay=\"autoplay\" :youtube=\"youtube\" :crop=\"crop\" :youtubelabel=\"youtubelabel\" :background=\"background\" media-id=\"desc_media_69f474a18bd47\"><\/lazy-media>\n\t\t\t\t\t\t\t<\/div>\n\n\t\t\t\t\t\t\t<figcaption class=\"sr-only\" ref=\"body\" id=\"desc_media_69f474a18bd47\">\n\t\t\t\t\t\t\t\t\t\t\t<div>Portr&auml;t der Schriftstellerin Sophie Lewis\n<\/div>\n\t\t\t\t\t\t\t\t\t\t\t\t\t\t\t\t\t\t\t\t\t<div class=\"insignificant\">\u00a9 Christopher Leaman<\/div>\n\t\t\t\t\t\t\t\t\t<\/figcaption>\n\t\t\t\t\t<\/figure>\n\t<\/lazy-media-inline>\n\t\t\t\t\t<\/div>\n\t\t\t\t<\/div>\n\t\t\t\t<div class=\"teaser-event-text Infos\">\n\t\t\t\t\t<div class=\"margin-bottom-sixth\">\n\t\t\t\t\t\t<div class=\"margin-bottom-atom\">\n\t\t\t\t\t\t\t<div class=\"subline clamp-1\" v-html=\"maingenre\"><\/div>\n\t\t\t\t\t\t\t\t\t\t\t\t\t\t\t<div class=\"insignificant clamp-2\">Care oder Chaos?<\/div>\n\t\t\t\t\t\t\t\t\t\t\t\t\t<\/div>\n\t\t\t\t\t\n\t\t\t\t\t\t<strong class=\"margin-bottom-atom\">Sophie Lewis: Die Familie abschaffen, um ihre Versprechen zu erf\u00fcllen?\u00a0\u00a0<\/strong>\n\n\t\t\t\t\t\t\t\t\t\t\t\t\t<div class=\"\">Keynote und Gespr\u00e4ch<\/div>\n\t\t\t\t\t\t\t\t\t\t\t<\/div>\n\t\t\t\t<\/div>\n\t\t\t<\/div>\n\t\t\t<div class=\"col-xs-12 Infos\">\n\t\t\t\t<div class=\"border-bottom \">\n\t\t\t\t\t\t\t\t\t\t\t<calendardateline :rawitem='item' :show-icon=\"true\"><\/calendardateline>\n\t\t\t\t\t\t<div class=\"margin-bottom-atom\"><hr><\/div>\n\t\t\t\t\t\t<div class=\"event-times-fadeout center-xs\">&nbsp;<\/div>\n\t\t\t\t\t\t\t\t\t\t\n\t\t\t\t<\/div>\n\t\t\t<\/div>\n\t\t<\/div>\n\t<\/a>\n\t<\/calendarteaser>\n<\/li>\n<li class=\"col-xs-6 col-sm-4 col-md-3 teaser-wrapper col-padding-remove\">\n\t<calendarteaser key=\"15108013828\" rawitem='{&quot;postId&quot;:151080,&quot;title&quot;:&quot;Christiane R\\u00f6singer: \\&quot;Am Anfang war das Feuer, dann kam die b\\u00fcrgerliche Familie\\&quot;&quot;,&quot;excerpt&quot;:&quot;&quot;,&quot;slug&quot;:&quot;am-anfang-war-das-feuer-dann-kam-die-buergerliche-familie&quot;,&quot;post_date&quot;:&quot;2025-09-02T10:57&quot;,&quot;type&quot;:&quot;event&quot;,&quot;permalink&quot;:&quot;https:\\\/\\\/www.humboldtforum.org\\\/de\\\/programm\\\/termin\\\/konzert\\\/am-anfang-war-das-feuer-dann-kam-die-buergerliche-familie-151080\\\/&quot;,&quot;genre&quot;:[393],&quot;genre_details&quot;:[{&quot;text&quot;:&quot;Konzert&quot;,&quot;id&quot;:393,&quot;icon&quot;:null,&quot;parent&quot;:0}],&quot;stakeholder&quot;:[382],&quot;stakeholder_details&quot;:[{&quot;text&quot;:&quot;Stiftung Humboldt Forum im Berliner Schloss&quot;,&quot;id&quot;:382,&quot;icon&quot;:null,&quot;parent&quot;:0}],&quot;place&quot;:[883],&quot;place_details&quot;:{&quot;place&quot;:&quot;Humboldt Forum&quot;,&quot;map&quot;:&quot;Humboldt Forum, Schlossplatz, Berlin&quot;,&quot;room&quot;:&quot;Saal 2, EG&quot;},&quot;icon_overwrite&quot;:&quot;&quot;,&quot;acf&quot;:{&quot;noindex&quot;:false,&quot;keywords&quot;:&quot;&quot;,&quot;hashtag&quot;:&quot;HumboldtForum&quot;,&quot;belongsto&quot;:[148458,151103],&quot;shorturl&quot;:&quot;&quot;,&quot;times&quot;:[],&quot;planning&quot;:{&quot;price&quot;:&quot;20 EUR, erm\\u00e4\\u00dfigt 10 EUR&quot;,&quot;admission&quot;:&quot;&quot;,&quot;pause&quot;:&quot;&quot;,&quot;duration&quot;:&quot;&quot;},&quot;subline&quot;:&quot;Konzert und Lesung&quot;,&quot;additional_info&quot;:{&quot;icon&quot;:&quot;0&quot;,&quot;text&quot;:&quot;&quot;},&quot;highlight_header&quot;:false,&quot;featured_images&quot;:[151255,151252],&quot;use_video_in_teasers&quot;:false,&quot;hyphenation&quot;:true,&quot;tipp&quot;:true,&quot;joker&quot;:false,&quot;live&quot;:false,&quot;hide_event_in_program&quot;:false,&quot;gomus_id&quot;:&quot;&quot;,&quot;hm_id&quot;:&quot;&quot;},&quot;date&quot;:{&quot;NX&quot;:null,&quot;NXX&quot;:null,&quot;NLAST&quot;:&quot;202510041500&quot;,&quot;from_DATE&quot;:&quot;20251003 19:00&quot;,&quot;from&quot;:1759503600,&quot;to&quot;:1759590000,&quot;to_DATE&quot;:&quot;20251004 19:00&quot;,&quot;from_HRFSHORT&quot;:&quot; 3. Okt 2025&quot;,&quot;from_HRFSHORT_WD&quot;:&quot;Fr 03.10.2025&quot;,&quot;to_HRFSHORT&quot;:&quot; 4. Okt 2025&quot;,&quot;to_HRFSHORT_WD&quot;:&quot;Sa 04.10.2025&quot;,&quot;from_HRF&quot;:&quot;Fr,  3. Oktober 2025&quot;,&quot;to_HRF&quot;:&quot;Sa,  4. Oktober 2025&quot;,&quot;from_to_HRF&quot;:&quot;Fr,  3. Oktober \\u2013 Sa,  4. Oktober 2025&quot;,&quot;from_to_HRFSHORT&quot;:&quot; 3. Okt \\u2013  4. Okt 2025&quot;},&quot;alert&quot;:&quot;Tipp&quot;,&quot;partof&quot;:[],&quot;marketing_topic&quot;:{&quot;title&quot;:&quot;Beziehungsweise Familie&quot;,&quot;ID&quot;:148458,&quot;reason&quot;:&quot;belongsto&quot;}}' inline-template>\n\t<a href=\"https:\/\/www.humboldtforum.org\/de\/programm\/termin\/konzert\/am-anfang-war-das-feuer-dann-kam-die-buergerliche-familie-151080\/\" class=\"teaser teaser-event teaser-event-standard\">\n\t\t<div class=\"row row-stretch\">\n\t\t\t<div class=\"col-xs-12\">\n\t\t\t\t<div class=\"teaser-event-image\">\n\t\t\t\t\t<div class=\"teaser-image teaser-image-no-alternate\">\n\t\t\t\t\t\t\t\t\t\t\t\t\t\t\t<span class=\"alert\">Tipp<\/span>\n\t\t\t\t\t\t\t\t\t\t\t\t\t\n\t<lazy-media-inline inline-template>\n\t\t<figure itemscope itemtype=\"http:\/\/schema.org\/ImageObject\" class=\"lazy-media-inline \" role=\"group\" id=\"media_69f474a18c7f9\" aria-labelledby=\"desc_media_69f474a18c7f9\">\n\t\t\t<script type=\"application\/json\" ref=\"data\">\n\t\t\t\t{\n\t\t\t\t\"sizes\" : {\"medium\":{\"file\":\"Roesinger_2-300x300.jpg\",\"width\":300,\"height\":300,\"mime-type\":\"image\\\/jpeg\",\"filesize\":17865},\"thumbnail\":{\"file\":\"Roesinger_2-150x150.jpg\",\"width\":150,\"height\":150,\"mime-type\":\"image\\\/jpeg\",\"filesize\":6241},\"medium_large\":{\"file\":\"Roesinger_2-768x768.jpg\",\"width\":768,\"height\":768,\"mime-type\":\"image\\\/jpeg\",\"filesize\":76738},\"small\":{\"file\":\"Roesinger_2-440x440.jpg\",\"width\":440,\"height\":440,\"mime-type\":\"image\\\/jpeg\",\"filesize\":32640},\"semi\":{\"file\":\"Roesinger_2-580x580.jpg\",\"width\":580,\"height\":580,\"mime-type\":\"image\\\/jpeg\",\"filesize\":50532},\"mobile\":{\"file\":\"Roesinger_2-720x720.jpg\",\"width\":720,\"height\":720,\"mime-type\":\"image\\\/jpeg\",\"filesize\":69588},\"original\":{\"file\":\"Roesinger_2.jpg\",\"width\":960,\"height\":960}},\n\t\t\t\t\"alt\" : \"Live-Auftritt einer S\\u00e4ngerin auf der B\\u00fchne, begleitet von einer Bassistin, umgeben von bunten Lichtern.\",\n\t\t\t\t\"path\" : \"\\\/wp-content\\\/uploads\\\/2025\\\/09\\\/\",\n\t\t\t\t\"video\" : null,\n\t\t\t\t\"autoplay\" : null,\n\t\t\t\t\"youtube\" : null,\n\t\t\t\t\"youtubelabel\" : \"Video abspielen\",\n\t\t\t\t\"brightness\" : 100,\n\t\t\t\t\"crop\" : null,\n\t\t\t\t\"background\" : true,\n\t\t\t\t\"scale\" : 2\t\t\t\t}\n\t\t\t<\/script>\n\n\t\t\t<div class=\"height-container\" style=\"padding-bottom:100%;\" v-if=\"sizes\">\n\t\t\t\t\t\t\t\t<lazy-media :inline=\"true\" :alt=\"alt\" :sizes=\"sizes\" :scale=\"scale\" :brightness=\"brightness\" :path=\"path\" :video=\"video\" :autoplay=\"autoplay\" :youtube=\"youtube\" :crop=\"crop\" :youtubelabel=\"youtubelabel\" :background=\"background\" media-id=\"desc_media_69f474a18c7f9\"><\/lazy-media>\n\t\t\t\t\t\t\t<\/div>\n\n\t\t\t\t\t\t\t<figcaption class=\"sr-only\" ref=\"body\" id=\"desc_media_69f474a18c7f9\">\n\t\t\t\t\t\t\t\t\t\t\t\t\t\t\t\t<div>Christiane R&ouml;singer <\/div>\n\t\t\t\t\t\t\t\t\t\t\t\t\t\t\t\t<div class=\"insignificant\">\u00a9 Florian Moritz<\/div>\n\t\t\t\t\t\t\t\t\t<\/figcaption>\n\t\t\t\t\t<\/figure>\n\t<\/lazy-media-inline>\n\t\t\t\t\t<\/div>\n\t\t\t\t<\/div>\n\t\t\t\t<div class=\"teaser-event-text Infos\">\n\t\t\t\t\t<div class=\"margin-bottom-sixth\">\n\t\t\t\t\t\t<div class=\"margin-bottom-atom\">\n\t\t\t\t\t\t\t<div class=\"subline clamp-1\" v-html=\"maingenre\"><\/div>\n\t\t\t\t\t\t\t\t\t\t\t\t\t\t\t<div class=\"insignificant clamp-2\">Beziehungsweise Familie<\/div>\n\t\t\t\t\t\t\t\t\t\t\t\t\t<\/div>\n\t\t\t\t\t\n\t\t\t\t\t\t<strong class=\"margin-bottom-atom\">Christiane R\u00f6singer: &#8222;Am Anfang war das Feuer, dann kam die b\u00fcrgerliche Familie&#8220;<\/strong>\n\n\t\t\t\t\t\t\t\t\t\t\t\t\t<div class=\"\">Konzert und Lesung<\/div>\n\t\t\t\t\t\t\t\t\t\t\t<\/div>\n\t\t\t\t<\/div>\n\t\t\t<\/div>\n\t\t\t<div class=\"col-xs-12 Infos\">\n\t\t\t\t<div class=\"border-bottom \">\n\t\t\t\t\t\t\t\t\t\t\t<calendardateline :rawitem='item' :show-icon=\"true\"><\/calendardateline>\n\t\t\t\t\t\t<div class=\"margin-bottom-atom\"><hr><\/div>\n\t\t\t\t\t\t<div class=\"event-times-fadeout center-xs\">&nbsp;<\/div>\n\t\t\t\t\t\t\t\t\t\t\n\t\t\t\t<\/div>\n\t\t\t<\/div>\n\t\t<\/div>\n\t<\/a>\n\t<\/calendarteaser>\n<\/li>\n<li class=\"col-xs-6 col-sm-4 col-md-3 teaser-wrapper col-padding-remove\">\n\t<calendarteaser key=\"15139119891\" rawitem='{&quot;postId&quot;:151391,&quot;title&quot;:&quot;Im Prinzip Familie\\u00a0&quot;,&quot;excerpt&quot;:&quot;&quot;,&quot;slug&quot;:&quot;im-prinzip-familie&quot;,&quot;post_date&quot;:&quot;2025-09-08T12:54&quot;,&quot;type&quot;:&quot;event&quot;,&quot;permalink&quot;:&quot;https:\\\/\\\/www.humboldtforum.org\\\/de\\\/programm\\\/termin\\\/film-video\\\/im-prinzip-familie-151391\\\/&quot;,&quot;genre&quot;:[729],&quot;genre_details&quot;:[{&quot;text&quot;:&quot;Film\\\/Video&quot;,&quot;id&quot;:729,&quot;icon&quot;:null,&quot;parent&quot;:0}],&quot;stakeholder&quot;:[382],&quot;stakeholder_details&quot;:[{&quot;text&quot;:&quot;Stiftung Humboldt Forum im Berliner Schloss&quot;,&quot;id&quot;:382,&quot;icon&quot;:null,&quot;parent&quot;:0}],&quot;language&quot;:[384,385],&quot;language_details&quot;:[{&quot;text&quot;:&quot;Deutsch&quot;,&quot;id&quot;:384,&quot;icon&quot;:null,&quot;parent&quot;:0},{&quot;text&quot;:&quot;Englisch&quot;,&quot;id&quot;:385,&quot;icon&quot;:null,&quot;parent&quot;:0}],&quot;place&quot;:[407],&quot;place_details&quot;:{&quot;place&quot;:&quot;Humboldt Forum&quot;,&quot;map&quot;:&quot;Humboldt Forum, Schlossplatz, Berlin&quot;,&quot;room&quot;:&quot;Videopanorama, EG&quot;},&quot;icon_overwrite&quot;:&quot;&quot;,&quot;acf&quot;:{&quot;noindex&quot;:false,&quot;keywords&quot;:&quot;&quot;,&quot;hashtag&quot;:&quot;HumboldtForum&quot;,&quot;belongsto&quot;:[148458,151103],&quot;shorturl&quot;:&quot;&quot;,&quot;times&quot;:[],&quot;planning&quot;:{&quot;price&quot;:&quot;5 EUR, erm\\u00e4\\u00dfigt 2,50 EUR&quot;,&quot;admission&quot;:&quot;&quot;,&quot;pause&quot;:&quot;&quot;,&quot;duration&quot;:&quot;&quot;},&quot;subline&quot;:&quot;Filmscreening (mit anschlie\\u00dfendem Publikumsgespr\\u00e4ch)&quot;,&quot;additional_info&quot;:{&quot;icon&quot;:&quot;icon-play&quot;,&quot;text&quot;:&quot;Dokumentarfilm von Daniel Abma, D 2024, 91 min&quot;},&quot;highlight_header&quot;:false,&quot;featured_images&quot;:[151397],&quot;use_video_in_teasers&quot;:false,&quot;hyphenation&quot;:true,&quot;tipp&quot;:false,&quot;joker&quot;:false,&quot;live&quot;:false,&quot;hide_event_in_program&quot;:false,&quot;gomus_id&quot;:&quot;&quot;,&quot;hm_id&quot;:&quot;&quot;},&quot;date&quot;:{&quot;NX&quot;:null,&quot;NXX&quot;:null,&quot;NLAST&quot;:&quot;202510041100&quot;,&quot;from_DATE&quot;:&quot;20251004 11:30&quot;,&quot;from&quot;:1759563000,&quot;to&quot;:1759575600,&quot;to_DATE&quot;:&quot;20251004 15:00&quot;,&quot;from_HRFSHORT&quot;:&quot; 4. Okt 2025&quot;,&quot;from_HRFSHORT_WD&quot;:&quot;Sa 04.10.2025&quot;,&quot;to_HRFSHORT&quot;:&quot; 4. Okt 2025&quot;,&quot;to_HRFSHORT_WD&quot;:&quot;Sa 04.10.2025&quot;,&quot;from_HRF&quot;:&quot;Sa,  4. Oktober 2025&quot;,&quot;to_HRF&quot;:&quot;Sa,  4. Oktober 2025&quot;,&quot;from_to_HRF&quot;:&quot;Sa,  4. Oktober \\u2013 Sa,  4. Oktober 2025&quot;,&quot;from_to_HRFSHORT&quot;:&quot; 4. Okt \\u2013  4. Okt 2025&quot;},&quot;alert&quot;:null,&quot;partof&quot;:[],&quot;marketing_topic&quot;:{&quot;title&quot;:&quot;Beziehungsweise Familie&quot;,&quot;ID&quot;:148458,&quot;reason&quot;:&quot;belongsto&quot;}}' inline-template>\n\t<a href=\"https:\/\/www.humboldtforum.org\/de\/programm\/termin\/film-video\/im-prinzip-familie-151391\/\" class=\"teaser teaser-event teaser-event-standard\">\n\t\t<div class=\"row row-stretch\">\n\t\t\t<div class=\"col-xs-12\">\n\t\t\t\t<div class=\"teaser-event-image\">\n\t\t\t\t\t<div class=\"teaser-image teaser-image-no-alternate\">\n\t\t\t\t\t\t\t\t\t\t\t\t\t\n\t<lazy-media-inline inline-template>\n\t\t<figure itemscope itemtype=\"http:\/\/schema.org\/ImageObject\" class=\"lazy-media-inline \" role=\"group\" id=\"media_69f474a18d1ce\" aria-labelledby=\"desc_media_69f474a18d1ce\">\n\t\t\t<script type=\"application\/json\" ref=\"data\">\n\t\t\t\t{\n\t\t\t\t\"sizes\" : {\"medium\":{\"file\":\"SHF_eb00251457-300x158.jpg\",\"width\":300,\"height\":158,\"mime-type\":\"image\\\/jpeg\",\"filesize\":11952},\"large\":{\"file\":\"SHF_eb00251457-1024x540.jpg\",\"width\":1024,\"height\":540,\"mime-type\":\"image\\\/jpeg\",\"filesize\":76530},\"thumbnail\":{\"file\":\"SHF_eb00251457-150x150.jpg\",\"width\":150,\"height\":150,\"mime-type\":\"image\\\/jpeg\",\"filesize\":6913},\"medium_large\":{\"file\":\"SHF_eb00251457-768x405.jpg\",\"width\":768,\"height\":405,\"mime-type\":\"image\\\/jpeg\",\"filesize\":49196},\"small\":{\"file\":\"SHF_eb00251457-440x232.jpg\",\"width\":440,\"height\":232,\"mime-type\":\"image\\\/jpeg\",\"filesize\":21031},\"semi\":{\"file\":\"SHF_eb00251457-580x306.jpg\",\"width\":580,\"height\":306,\"mime-type\":\"image\\\/jpeg\",\"filesize\":32514},\"mobile\":{\"file\":\"SHF_eb00251457-720x380.jpg\",\"width\":720,\"height\":380,\"mime-type\":\"image\\\/jpeg\",\"filesize\":44663},\"hd\":{\"file\":\"SHF_eb00251457-1280x675.jpg\",\"width\":1280,\"height\":675,\"mime-type\":\"image\\\/jpeg\",\"filesize\":108109},\"full\":{\"file\":\"SHF_eb00251457-1920x1013.jpg\",\"width\":1920,\"height\":1013,\"mime-type\":\"image\\\/jpeg\",\"filesize\":208955},\"xxl\":{\"file\":\"SHF_eb00251457-4048x2135.jpg\",\"width\":4048,\"height\":2135,\"mime-type\":\"image\\\/jpeg\",\"filesize\":861157},\"1536x1536\":{\"file\":\"SHF_eb00251457-1536x810.jpg\",\"width\":1536,\"height\":810,\"mime-type\":\"image\\\/jpeg\",\"filesize\":144758},\"2048x2048\":{\"file\":\"SHF_eb00251457-2048x1080.jpg\",\"width\":2048,\"height\":1080,\"mime-type\":\"image\\\/jpeg\",\"filesize\":238985},\"original\":{\"file\":\"SHF_eb00251457.jpg\",\"width\":4096,\"height\":2160}},\n\t\t\t\t\"alt\" : \"Sill aus dem Film \\\"Im Prinzip Familie\\\": eine Frau schaut einem Kind beim Malen zu\",\n\t\t\t\t\"path\" : \"\\\/wp-content\\\/uploads\\\/2025\\\/09\\\/\",\n\t\t\t\t\"video\" : null,\n\t\t\t\t\"autoplay\" : null,\n\t\t\t\t\"youtube\" : null,\n\t\t\t\t\"youtubelabel\" : \"Video abspielen\",\n\t\t\t\t\"brightness\" : 100,\n\t\t\t\t\"crop\" : {\"top\":\"62.91\",\"left\":\"47.62\"},\n\t\t\t\t\"background\" : true,\n\t\t\t\t\"scale\" : 2\t\t\t\t}\n\t\t\t<\/script>\n\n\t\t\t<div class=\"height-container\" style=\"padding-bottom:52.734375%;\" v-if=\"sizes\">\n\t\t\t\t\t\t\t\t<lazy-media :inline=\"true\" :alt=\"alt\" :sizes=\"sizes\" :scale=\"scale\" :brightness=\"brightness\" :path=\"path\" :video=\"video\" :autoplay=\"autoplay\" :youtube=\"youtube\" :crop=\"crop\" :youtubelabel=\"youtubelabel\" :background=\"background\" media-id=\"desc_media_69f474a18d1ce\"><\/lazy-media>\n\t\t\t\t\t\t\t<\/div>\n\n\t\t\t\t\t\t\t<figcaption class=\"sr-only\" ref=\"body\" id=\"desc_media_69f474a18d1ce\">\n\t\t\t\t\t\t\t\t\t\t\t<div>Still aus dem Film &quot;Im Prinzip Familie&quot;<\/div>\n\t\t\t\t\t\t\t\t\t\t\t\t\t\t\t\t\t\t\t\t\t<div class=\"insignificant\">\u00a9 Bandenfilm \/ Jonas Ludwig Walter<\/div>\n\t\t\t\t\t\t\t\t\t<\/figcaption>\n\t\t\t\t\t<\/figure>\n\t<\/lazy-media-inline>\n\t\t\t\t\t<\/div>\n\t\t\t\t<\/div>\n\t\t\t\t<div class=\"teaser-event-text Infos\">\n\t\t\t\t\t<div class=\"margin-bottom-sixth\">\n\t\t\t\t\t\t<div class=\"margin-bottom-atom\">\n\t\t\t\t\t\t\t<div class=\"subline clamp-1\" v-html=\"maingenre\"><\/div>\n\t\t\t\t\t\t\t\t\t\t\t\t\t\t\t<div class=\"insignificant clamp-2\">Beziehungsweise Familie<\/div>\n\t\t\t\t\t\t\t\t\t\t\t\t\t<\/div>\n\t\t\t\t\t\n\t\t\t\t\t\t<strong class=\"margin-bottom-atom\">Im Prinzip Familie\u00a0<\/strong>\n\n\t\t\t\t\t\t\t\t\t\t\t\t\t<div class=\"\">Filmscreening (mit anschlie\u00dfendem Publikumsgespr\u00e4ch)<\/div>\n\t\t\t\t\t\t\t\t\t\t\t<\/div>\n\t\t\t\t<\/div>\n\t\t\t<\/div>\n\t\t\t<div class=\"col-xs-12 Infos\">\n\t\t\t\t<div class=\"border-bottom \">\n\t\t\t\t\t\t\t\t\t\t\t<calendardateline :rawitem='item' :show-icon=\"true\"><\/calendardateline>\n\t\t\t\t\t\t<div class=\"margin-bottom-atom\"><hr><\/div>\n\t\t\t\t\t\t<div class=\"event-times-fadeout center-xs\">&nbsp;<\/div>\n\t\t\t\t\t\t\t\t\t\t\n\t\t\t\t<\/div>\n\t\t\t<\/div>\n\t\t<\/div>\n\t<\/a>\n\t<\/calendarteaser>\n<\/li>\n<li class=\"col-xs-6 col-sm-4 col-md-3 teaser-wrapper col-padding-remove\">\n\t<calendarteaser key=\"15073013186\" rawitem='{&quot;postId&quot;:150730,&quot;title&quot;:&quot;Tanzende Generationen&quot;,&quot;excerpt&quot;:&quot;&quot;,&quot;slug&quot;:&quot;tanzende-generationen&quot;,&quot;post_date&quot;:&quot;2025-08-26T13:56&quot;,&quot;type&quot;:&quot;event&quot;,&quot;permalink&quot;:&quot;https:\\\/\\\/www.humboldtforum.org\\\/de\\\/programm\\\/termin\\\/fuehrung\\\/tanzende-generationen-150730\\\/&quot;,&quot;genre&quot;:[821],&quot;genre_details&quot;:[{&quot;text&quot;:&quot;F\\u00fchrung&quot;,&quot;id&quot;:821,&quot;icon&quot;:null,&quot;parent&quot;:0}],&quot;stakeholder&quot;:[530],&quot;stakeholder_details&quot;:[{&quot;text&quot;:&quot;Staatliche Museen zu Berlin&quot;,&quot;id&quot;:530,&quot;icon&quot;:null,&quot;parent&quot;:0}],&quot;targetgroup&quot;:[454],&quot;targetgroup_details&quot;:[{&quot;text&quot;:&quot;Kinder und Familien&quot;,&quot;id&quot;:454,&quot;icon&quot;:null,&quot;parent&quot;:0}],&quot;language&quot;:[384,385],&quot;language_details&quot;:[{&quot;text&quot;:&quot;Deutsch&quot;,&quot;id&quot;:384,&quot;icon&quot;:null,&quot;parent&quot;:0},{&quot;text&quot;:&quot;Englisch&quot;,&quot;id&quot;:385,&quot;icon&quot;:null,&quot;parent&quot;:0}],&quot;groupsize&quot;:[1049],&quot;groupsize_details&quot;:[{&quot;text&quot;:&quot;max. 25 Personen&quot;,&quot;id&quot;:1049,&quot;icon&quot;:null,&quot;parent&quot;:0}],&quot;icon_overwrite&quot;:&quot;&quot;,&quot;acf&quot;:{&quot;noindex&quot;:false,&quot;keywords&quot;:&quot;&quot;,&quot;hashtag&quot;:&quot;HumboldtForum&quot;,&quot;belongsto&quot;:[148458],&quot;shorturl&quot;:&quot;&quot;,&quot;times&quot;:[{&quot;start&quot;:&quot;20260502 15:00&quot;,&quot;end&quot;:&quot;16:00&quot;,&quot;status&quot;:&quot;BUY&quot;,&quot;info&quot;:&quot;5 EUR zzgl. Eintritt&quot;,&quot;shop&quot;:&quot;https:\\\/\\\/tickets.humboldtforum.org\\\/#\\\/product\\\/event\\\/538?date=2026-05-02&amp;date_id=28358&amp;lang=de&quot;,&quot;i&quot;:2,&quot;start_hour&quot;:&quot;15:00&quot;,&quot;start_HRF&quot;:&quot;Sa,  2. Mai 2026&quot;,&quot;_date&quot;:{&quot;date&quot;:&quot;2026-05-02 16:00:00.000000&quot;,&quot;timezone_type&quot;:3,&quot;timezone&quot;:&quot;Europe\\\/Berlin&quot;},&quot;_fromdate&quot;:&quot;20260502 15:00&quot;,&quot;start_TS&quot;:1777726800,&quot;start_HRFSHORT&quot;:&quot;02.05.26&quot;,&quot;start_HRFSHORT_WD&quot;:&quot;Sa 02.05.2026&quot;,&quot;end_TS&quot;:1777730400,&quot;can_purchase&quot;:true},{&quot;start&quot;:&quot;20260530 15:00&quot;,&quot;end&quot;:&quot;16:00&quot;,&quot;status&quot;:&quot;BUY&quot;,&quot;info&quot;:&quot;5 EUR zzgl. Eintritt&quot;,&quot;shop&quot;:&quot;https:\\\/\\\/tickets.humboldtforum.org\\\/#\\\/product\\\/event\\\/538?date=2026-05-30&amp;date_id=28254&amp;lang=de&quot;,&quot;i&quot;:1,&quot;start_hour&quot;:&quot;15:00&quot;,&quot;start_HRF&quot;:&quot;Sa, 30. Mai 2026&quot;,&quot;_date&quot;:{&quot;date&quot;:&quot;2026-05-30 16:00:00.000000&quot;,&quot;timezone_type&quot;:3,&quot;timezone&quot;:&quot;Europe\\\/Berlin&quot;},&quot;_fromdate&quot;:&quot;20260530 15:00&quot;,&quot;start_TS&quot;:1780146000,&quot;start_HRFSHORT&quot;:&quot;30.05.26&quot;,&quot;start_HRFSHORT_WD&quot;:&quot;Sa 30.05.2026&quot;,&quot;end_TS&quot;:1780149600,&quot;can_purchase&quot;:true},{&quot;start&quot;:&quot;20260613 15:00&quot;,&quot;end&quot;:&quot;16:00&quot;,&quot;status&quot;:&quot;BUY&quot;,&quot;info&quot;:&quot;5 EUR zzgl. Eintritt&quot;,&quot;shop&quot;:&quot;https:\\\/\\\/tickets.humboldtforum.org\\\/#\\\/product\\\/event\\\/538?date=2026-06-13&amp;date_id=28600&amp;lang=de&quot;,&quot;i&quot;:0,&quot;start_hour&quot;:&quot;15:00&quot;,&quot;start_HRF&quot;:&quot;Sa, 13. Juni 2026&quot;,&quot;_date&quot;:{&quot;date&quot;:&quot;2026-06-13 16:00:00.000000&quot;,&quot;timezone_type&quot;:3,&quot;timezone&quot;:&quot;Europe\\\/Berlin&quot;},&quot;_fromdate&quot;:&quot;20260613 15:00&quot;,&quot;start_TS&quot;:1781355600,&quot;start_HRFSHORT&quot;:&quot;13.06.26&quot;,&quot;start_HRFSHORT_WD&quot;:&quot;Sa 13.06.2026&quot;,&quot;end_TS&quot;:1781359200,&quot;can_purchase&quot;:true}],&quot;planning&quot;:{&quot;price&quot;:&quot;5 EUR zzgl. Eintritt&quot;,&quot;admission&quot;:&quot;&quot;,&quot;pause&quot;:&quot;&quot;,&quot;duration&quot;:&quot;&quot;},&quot;subline&quot;:&quot;Macht Wind im Museum!&quot;,&quot;additional_info&quot;:{&quot;icon&quot;:&quot;0&quot;,&quot;text&quot;:&quot;&quot;},&quot;highlight_header&quot;:false,&quot;use_video_in_teasers&quot;:false,&quot;hyphenation&quot;:true,&quot;tipp&quot;:false,&quot;joker&quot;:false,&quot;live&quot;:false,&quot;hide_event_in_program&quot;:false,&quot;gomus_id&quot;:&quot;&quot;,&quot;featured_images&quot;:[150734],&quot;hm_id&quot;:&quot;&quot;,&quot;tickettext&quot;:&quot;Bitte buchen Sie Ihr Ticket vorab online oder an der Kasse im Foyer.&quot;},&quot;date&quot;:{&quot;NX&quot;:&quot;20260502&quot;,&quot;NXX&quot;:&quot;202605021500&quot;,&quot;NLAST&quot;:&quot;202606131100&quot;,&quot;from_DATE&quot;:&quot;20260502 15:00&quot;,&quot;from&quot;:1777719600,&quot;to&quot;:1781348400,&quot;to_DATE&quot;:&quot;20260613 15:00&quot;,&quot;from_HRFSHORT&quot;:&quot; 2. Mai 2026&quot;,&quot;from_HRFSHORT_WD&quot;:&quot;Sa 02.05.2026&quot;,&quot;to_HRFSHORT&quot;:&quot;13. Jun 2026&quot;,&quot;to_HRFSHORT_WD&quot;:&quot;Sa 13.06.2026&quot;,&quot;from_HRF&quot;:&quot;Sa,  2. Mai 2026&quot;,&quot;to_HRF&quot;:&quot;Sa, 13. Juni 2026&quot;,&quot;from_to_HRF&quot;:&quot;Sa,  2. Mai \\u2013 Sa, 13. Juni 2026&quot;,&quot;from_to_HRFSHORT&quot;:&quot; 2. Mai \\u2013 13. Jun 2026&quot;},&quot;alert&quot;:null,&quot;partof&quot;:[],&quot;marketing_topic&quot;:{&quot;title&quot;:&quot;Beziehungsweise Familie&quot;,&quot;ID&quot;:148458,&quot;reason&quot;:&quot;belongsto&quot;}}' inline-template>\n\t<a href=\"https:\/\/www.humboldtforum.org\/de\/programm\/termin\/fuehrung\/tanzende-generationen-150730\/\" class=\"teaser teaser-event teaser-event-standard\">\n\t\t<div class=\"row row-stretch\">\n\t\t\t<div class=\"col-xs-12\">\n\t\t\t\t<div class=\"teaser-event-image\">\n\t\t\t\t\t<div class=\"teaser-image teaser-image-no-alternate\">\n\t\t\t\t\t\t\t\t\t\t\t\t\t\n\t<lazy-media-inline inline-template>\n\t\t<figure itemscope itemtype=\"http:\/\/schema.org\/ImageObject\" class=\"lazy-media-inline \" role=\"group\" id=\"media_69f474a18db6e\" aria-labelledby=\"desc_media_69f474a18db6e\">\n\t\t\t<script type=\"application\/json\" ref=\"data\">\n\t\t\t\t{\n\t\t\t\t\"sizes\" : {\"medium\":{\"file\":\"SHF_eb00253141-300x128.jpg\",\"width\":300,\"height\":128,\"mime-type\":\"image\\\/jpeg\",\"filesize\":10626},\"large\":{\"file\":\"SHF_eb00253141-1024x437.jpg\",\"width\":1024,\"height\":437,\"mime-type\":\"image\\\/jpeg\",\"filesize\":69702},\"thumbnail\":{\"file\":\"SHF_eb00253141-150x150.jpg\",\"width\":150,\"height\":150,\"mime-type\":\"image\\\/jpeg\",\"filesize\":6848},\"medium_large\":{\"file\":\"SHF_eb00253141-768x328.jpg\",\"width\":768,\"height\":328,\"mime-type\":\"image\\\/jpeg\",\"filesize\":44029},\"small\":{\"file\":\"SHF_eb00253141-440x188.jpg\",\"width\":440,\"height\":188,\"mime-type\":\"image\\\/jpeg\",\"filesize\":19003},\"semi\":{\"file\":\"SHF_eb00253141-580x247.jpg\",\"width\":580,\"height\":247,\"mime-type\":\"image\\\/jpeg\",\"filesize\":28546},\"mobile\":{\"file\":\"SHF_eb00253141-720x307.jpg\",\"width\":720,\"height\":307,\"mime-type\":\"image\\\/jpeg\",\"filesize\":39990},\"hd\":{\"file\":\"SHF_eb00253141-1280x546.jpg\",\"width\":1280,\"height\":546,\"mime-type\":\"image\\\/jpeg\",\"filesize\":101211},\"full\":{\"file\":\"SHF_eb00253141-1920x819.jpg\",\"width\":1920,\"height\":819,\"mime-type\":\"image\\\/jpeg\",\"filesize\":201769},\"1536x1536\":{\"file\":\"SHF_eb00253141-1536x655.jpg\",\"width\":1536,\"height\":655,\"mime-type\":\"image\\\/jpeg\",\"filesize\":136482},\"2048x2048\":{\"file\":\"SHF_eb00253141-2048x873.jpg\",\"width\":2048,\"height\":873,\"mime-type\":\"image\\\/jpeg\",\"filesize\":224661},\"original\":{\"file\":\"SHF_eb00253141.jpg\",\"width\":2659,\"height\":1134}},\n\t\t\t\t\"alt\" : \"Drei verschiedene Portr\\u00e4ts: eine Geisha, eine Tanzstunde und eine \\u00e4ltere Frau in traditioneller Tracht.\",\n\t\t\t\t\"path\" : \"\\\/wp-content\\\/uploads\\\/2025\\\/08\\\/\",\n\t\t\t\t\"video\" : null,\n\t\t\t\t\"autoplay\" : null,\n\t\t\t\t\"youtube\" : null,\n\t\t\t\t\"youtubelabel\" : \"Video abspielen\",\n\t\t\t\t\"brightness\" : 100,\n\t\t\t\t\"crop\" : {\"top\":\"50.00\",\"left\":\"50.00\"},\n\t\t\t\t\"background\" : true,\n\t\t\t\t\"scale\" : 2\t\t\t\t}\n\t\t\t<\/script>\n\n\t\t\t<div class=\"height-container\" style=\"padding-bottom:42.647611884167%;\" v-if=\"sizes\">\n\t\t\t\t\t\t\t\t<lazy-media :inline=\"true\" :alt=\"alt\" :sizes=\"sizes\" :scale=\"scale\" :brightness=\"brightness\" :path=\"path\" :video=\"video\" :autoplay=\"autoplay\" :youtube=\"youtube\" :crop=\"crop\" :youtubelabel=\"youtubelabel\" :background=\"background\" media-id=\"desc_media_69f474a18db6e\"><\/lazy-media>\n\t\t\t\t\t\t\t<\/div>\n\n\t\t\t\t\t\t\t<figcaption class=\"sr-only\" ref=\"body\" id=\"desc_media_69f474a18db6e\">\n\t\t\t\t\t\t\t\t\t\t\t<div>links: Michiko Umemura (Gro&szlig;mutter von Yuko Matsuyama), mittig: Hans-Werner Klohe und Yuko Matsuyama, rechts: Frieda K&ouml;&szlig;ler (Urgro&szlig;mutter von Hans-Werner Klohe)<\/div>\n\t\t\t\t\t\t\t\t\t\t\t\t\t\t\t\t\t\t\t\t\t<div class=\"insignificant\">\u00a9 Staatliche Museen zu Berlin, Ethnologisches Museum \/ Fotos: Yuko Matsuyama (links), Valerie von Stillfried (Mitte), Hans-Werner Klohe (rechts)<\/div>\n\t\t\t\t\t\t\t\t\t<\/figcaption>\n\t\t\t\t\t<\/figure>\n\t<\/lazy-media-inline>\n\t\t\t\t\t<\/div>\n\t\t\t\t<\/div>\n\t\t\t\t<div class=\"teaser-event-text Infos\">\n\t\t\t\t\t<div class=\"margin-bottom-sixth\">\n\t\t\t\t\t\t<div class=\"margin-bottom-atom\">\n\t\t\t\t\t\t\t<div class=\"subline clamp-1\" v-html=\"maingenre\"><\/div>\n\t\t\t\t\t\t\t\t\t\t\t\t\t\t\t<div class=\"insignificant clamp-2\">Beziehungsweise Familie<\/div>\n\t\t\t\t\t\t\t\t\t\t\t\t\t<\/div>\n\t\t\t\t\t\n\t\t\t\t\t\t<strong class=\"margin-bottom-atom\">Tanzende Generationen<\/strong>\n\n\t\t\t\t\t\t\t\t\t\t\t\t\t<div class=\"\">Macht Wind im Museum!<\/div>\n\t\t\t\t\t\t\t\t\t\t\t<\/div>\n\t\t\t\t<\/div>\n\t\t\t<\/div>\n\t\t\t<div class=\"col-xs-12 Infos\">\n\t\t\t\t<div class=\"border-bottom \">\n\t\t\t\t\t\t\t\t\t\t\t\t\t\t<calendardateline :rawitem=\"{&quot;postId&quot;:150730,&quot;title&quot;:&quot;Tanzende Generationen&quot;,&quot;excerpt&quot;:&quot;&quot;,&quot;slug&quot;:&quot;tanzende-generationen&quot;,&quot;post_date&quot;:&quot;2025-08-26T13:56&quot;,&quot;type&quot;:&quot;event&quot;,&quot;permalink&quot;:&quot;https:\\\/\\\/www.humboldtforum.org\\\/de\\\/programm\\\/termin\\\/fuehrung\\\/tanzende-generationen-150730\\\/&quot;,&quot;genre&quot;:[821],&quot;genre_details&quot;:[{&quot;text&quot;:&quot;F\\u00fchrung&quot;,&quot;id&quot;:821,&quot;icon&quot;:null,&quot;parent&quot;:0}],&quot;stakeholder&quot;:[530],&quot;stakeholder_details&quot;:[{&quot;text&quot;:&quot;Staatliche Museen zu Berlin&quot;,&quot;id&quot;:530,&quot;icon&quot;:null,&quot;parent&quot;:0}],&quot;targetgroup&quot;:[454],&quot;targetgroup_details&quot;:[{&quot;text&quot;:&quot;Kinder und Familien&quot;,&quot;id&quot;:454,&quot;icon&quot;:null,&quot;parent&quot;:0}],&quot;language&quot;:[384,385],&quot;language_details&quot;:[{&quot;text&quot;:&quot;Deutsch&quot;,&quot;id&quot;:384,&quot;icon&quot;:null,&quot;parent&quot;:0},{&quot;text&quot;:&quot;Englisch&quot;,&quot;id&quot;:385,&quot;icon&quot;:null,&quot;parent&quot;:0}],&quot;groupsize&quot;:[1049],&quot;groupsize_details&quot;:[{&quot;text&quot;:&quot;max. 25 Personen&quot;,&quot;id&quot;:1049,&quot;icon&quot;:null,&quot;parent&quot;:0}],&quot;icon_overwrite&quot;:&quot;&quot;,&quot;acf&quot;:{&quot;noindex&quot;:false,&quot;keywords&quot;:&quot;&quot;,&quot;hashtag&quot;:&quot;HumboldtForum&quot;,&quot;belongsto&quot;:[148458],&quot;shorturl&quot;:&quot;&quot;,&quot;times&quot;:[{&quot;start&quot;:&quot;20260502 15:00&quot;,&quot;end&quot;:&quot;16:00&quot;,&quot;status&quot;:&quot;BUY&quot;,&quot;info&quot;:&quot;5 EUR zzgl. Eintritt&quot;,&quot;shop&quot;:&quot;https:\\\/\\\/tickets.humboldtforum.org\\\/#\\\/product\\\/event\\\/538?date=2026-05-02&amp;date_id=28358&amp;lang=de&quot;,&quot;i&quot;:2,&quot;start_hour&quot;:&quot;15:00&quot;,&quot;start_HRF&quot;:&quot;Sa,  2. Mai 2026&quot;,&quot;_date&quot;:{&quot;date&quot;:&quot;2026-05-02 16:00:00.000000&quot;,&quot;timezone_type&quot;:3,&quot;timezone&quot;:&quot;Europe\\\/Berlin&quot;},&quot;_fromdate&quot;:&quot;20260502 15:00&quot;,&quot;start_TS&quot;:1777726800,&quot;start_HRFSHORT&quot;:&quot;02.05.26&quot;,&quot;start_HRFSHORT_WD&quot;:&quot;Sa 02.05.2026&quot;,&quot;end_TS&quot;:1777730400,&quot;can_purchase&quot;:true}],&quot;planning&quot;:{&quot;price&quot;:&quot;5 EUR zzgl. Eintritt&quot;,&quot;admission&quot;:&quot;&quot;,&quot;pause&quot;:&quot;&quot;,&quot;duration&quot;:&quot;&quot;},&quot;subline&quot;:&quot;Macht Wind im Museum!&quot;,&quot;additional_info&quot;:{&quot;icon&quot;:&quot;0&quot;,&quot;text&quot;:&quot;&quot;},&quot;highlight_header&quot;:false,&quot;use_video_in_teasers&quot;:false,&quot;hyphenation&quot;:true,&quot;tipp&quot;:false,&quot;joker&quot;:false,&quot;live&quot;:false,&quot;hide_event_in_program&quot;:false,&quot;gomus_id&quot;:&quot;&quot;,&quot;featured_images&quot;:[150734],&quot;hm_id&quot;:&quot;&quot;,&quot;tickettext&quot;:&quot;Bitte buchen Sie Ihr Ticket vorab online oder an der Kasse im Foyer.&quot;},&quot;date&quot;:{&quot;NX&quot;:&quot;20260502&quot;,&quot;NXX&quot;:&quot;202605021500&quot;,&quot;NLAST&quot;:&quot;202606131100&quot;,&quot;from_DATE&quot;:&quot;20260502 15:00&quot;,&quot;from&quot;:1777719600,&quot;to&quot;:1781348400,&quot;to_DATE&quot;:&quot;20260613 15:00&quot;,&quot;from_HRFSHORT&quot;:&quot; 2. Mai 2026&quot;,&quot;from_HRFSHORT_WD&quot;:&quot;Sa 02.05.2026&quot;,&quot;to_HRFSHORT&quot;:&quot;13. Jun 2026&quot;,&quot;to_HRFSHORT_WD&quot;:&quot;Sa 13.06.2026&quot;,&quot;from_HRF&quot;:&quot;Sa,  2. Mai 2026&quot;,&quot;to_HRF&quot;:&quot;Sa, 13. Juni 2026&quot;,&quot;from_to_HRF&quot;:&quot;Sa,  2. Mai \\u2013 Sa, 13. Juni 2026&quot;,&quot;from_to_HRFSHORT&quot;:&quot; 2. Mai \\u2013 13. Jun 2026&quot;},&quot;alert&quot;:null,&quot;partof&quot;:[],&quot;marketing_topic&quot;:{&quot;title&quot;:&quot;Beziehungsweise Familie&quot;,&quot;ID&quot;:148458,&quot;reason&quot;:&quot;belongsto&quot;}}\" :force-first=\"true\" :show-icon=\"true\"><\/calendardateline>\n\t\t\t\t\t\t\t\t\t<div class=\"margin-bottom-atom\"><hr><\/div>\n\t\t\t\t\t\t\t\t\t\t\t\t\t\t\t\t\t<calendardateline :rawitem=\"{&quot;postId&quot;:150730,&quot;title&quot;:&quot;Tanzende Generationen&quot;,&quot;excerpt&quot;:&quot;&quot;,&quot;slug&quot;:&quot;tanzende-generationen&quot;,&quot;post_date&quot;:&quot;2025-08-26T13:56&quot;,&quot;type&quot;:&quot;event&quot;,&quot;permalink&quot;:&quot;https:\\\/\\\/www.humboldtforum.org\\\/de\\\/programm\\\/termin\\\/fuehrung\\\/tanzende-generationen-150730\\\/&quot;,&quot;genre&quot;:[821],&quot;genre_details&quot;:[{&quot;text&quot;:&quot;F\\u00fchrung&quot;,&quot;id&quot;:821,&quot;icon&quot;:null,&quot;parent&quot;:0}],&quot;stakeholder&quot;:[530],&quot;stakeholder_details&quot;:[{&quot;text&quot;:&quot;Staatliche Museen zu Berlin&quot;,&quot;id&quot;:530,&quot;icon&quot;:null,&quot;parent&quot;:0}],&quot;targetgroup&quot;:[454],&quot;targetgroup_details&quot;:[{&quot;text&quot;:&quot;Kinder und Familien&quot;,&quot;id&quot;:454,&quot;icon&quot;:null,&quot;parent&quot;:0}],&quot;language&quot;:[384,385],&quot;language_details&quot;:[{&quot;text&quot;:&quot;Deutsch&quot;,&quot;id&quot;:384,&quot;icon&quot;:null,&quot;parent&quot;:0},{&quot;text&quot;:&quot;Englisch&quot;,&quot;id&quot;:385,&quot;icon&quot;:null,&quot;parent&quot;:0}],&quot;groupsize&quot;:[1049],&quot;groupsize_details&quot;:[{&quot;text&quot;:&quot;max. 25 Personen&quot;,&quot;id&quot;:1049,&quot;icon&quot;:null,&quot;parent&quot;:0}],&quot;icon_overwrite&quot;:&quot;&quot;,&quot;acf&quot;:{&quot;noindex&quot;:false,&quot;keywords&quot;:&quot;&quot;,&quot;hashtag&quot;:&quot;HumboldtForum&quot;,&quot;belongsto&quot;:[148458],&quot;shorturl&quot;:&quot;&quot;,&quot;times&quot;:[{&quot;start&quot;:&quot;20260530 15:00&quot;,&quot;end&quot;:&quot;16:00&quot;,&quot;status&quot;:&quot;BUY&quot;,&quot;info&quot;:&quot;5 EUR zzgl. Eintritt&quot;,&quot;shop&quot;:&quot;https:\\\/\\\/tickets.humboldtforum.org\\\/#\\\/product\\\/event\\\/538?date=2026-05-30&amp;date_id=28254&amp;lang=de&quot;,&quot;i&quot;:1,&quot;start_hour&quot;:&quot;15:00&quot;,&quot;start_HRF&quot;:&quot;Sa, 30. Mai 2026&quot;,&quot;_date&quot;:{&quot;date&quot;:&quot;2026-05-30 16:00:00.000000&quot;,&quot;timezone_type&quot;:3,&quot;timezone&quot;:&quot;Europe\\\/Berlin&quot;},&quot;_fromdate&quot;:&quot;20260530 15:00&quot;,&quot;start_TS&quot;:1780146000,&quot;start_HRFSHORT&quot;:&quot;30.05.26&quot;,&quot;start_HRFSHORT_WD&quot;:&quot;Sa 30.05.2026&quot;,&quot;end_TS&quot;:1780149600,&quot;can_purchase&quot;:true}],&quot;planning&quot;:{&quot;price&quot;:&quot;5 EUR zzgl. Eintritt&quot;,&quot;admission&quot;:&quot;&quot;,&quot;pause&quot;:&quot;&quot;,&quot;duration&quot;:&quot;&quot;},&quot;subline&quot;:&quot;Macht Wind im Museum!&quot;,&quot;additional_info&quot;:{&quot;icon&quot;:&quot;0&quot;,&quot;text&quot;:&quot;&quot;},&quot;highlight_header&quot;:false,&quot;use_video_in_teasers&quot;:false,&quot;hyphenation&quot;:true,&quot;tipp&quot;:false,&quot;joker&quot;:false,&quot;live&quot;:false,&quot;hide_event_in_program&quot;:false,&quot;gomus_id&quot;:&quot;&quot;,&quot;featured_images&quot;:[150734],&quot;hm_id&quot;:&quot;&quot;,&quot;tickettext&quot;:&quot;Bitte buchen Sie Ihr Ticket vorab online oder an der Kasse im Foyer.&quot;},&quot;date&quot;:{&quot;NX&quot;:&quot;20260502&quot;,&quot;NXX&quot;:&quot;202605021500&quot;,&quot;NLAST&quot;:&quot;202606131100&quot;,&quot;from_DATE&quot;:&quot;20260502 15:00&quot;,&quot;from&quot;:1777719600,&quot;to&quot;:1781348400,&quot;to_DATE&quot;:&quot;20260613 15:00&quot;,&quot;from_HRFSHORT&quot;:&quot; 2. Mai 2026&quot;,&quot;from_HRFSHORT_WD&quot;:&quot;Sa 02.05.2026&quot;,&quot;to_HRFSHORT&quot;:&quot;13. Jun 2026&quot;,&quot;to_HRFSHORT_WD&quot;:&quot;Sa 13.06.2026&quot;,&quot;from_HRF&quot;:&quot;Sa,  2. Mai 2026&quot;,&quot;to_HRF&quot;:&quot;Sa, 13. Juni 2026&quot;,&quot;from_to_HRF&quot;:&quot;Sa,  2. Mai \\u2013 Sa, 13. Juni 2026&quot;,&quot;from_to_HRFSHORT&quot;:&quot; 2. Mai \\u2013 13. Jun 2026&quot;},&quot;alert&quot;:null,&quot;partof&quot;:[],&quot;marketing_topic&quot;:{&quot;title&quot;:&quot;Beziehungsweise Familie&quot;,&quot;ID&quot;:148458,&quot;reason&quot;:&quot;belongsto&quot;}}\" :force-first=\"true\" :show-icon=\"true\"><\/calendardateline>\n\t\t\t\t\t\t\t\t\t<div class=\"margin-bottom-atom\"><hr><\/div>\n\t\t\t\t\t\t\t\t\t\t\t\t\t\t\t\t\t<calendardateline :rawitem=\"{&quot;postId&quot;:150730,&quot;title&quot;:&quot;Tanzende Generationen&quot;,&quot;excerpt&quot;:&quot;&quot;,&quot;slug&quot;:&quot;tanzende-generationen&quot;,&quot;post_date&quot;:&quot;2025-08-26T13:56&quot;,&quot;type&quot;:&quot;event&quot;,&quot;permalink&quot;:&quot;https:\\\/\\\/www.humboldtforum.org\\\/de\\\/programm\\\/termin\\\/fuehrung\\\/tanzende-generationen-150730\\\/&quot;,&quot;genre&quot;:[821],&quot;genre_details&quot;:[{&quot;text&quot;:&quot;F\\u00fchrung&quot;,&quot;id&quot;:821,&quot;icon&quot;:null,&quot;parent&quot;:0}],&quot;stakeholder&quot;:[530],&quot;stakeholder_details&quot;:[{&quot;text&quot;:&quot;Staatliche Museen zu Berlin&quot;,&quot;id&quot;:530,&quot;icon&quot;:null,&quot;parent&quot;:0}],&quot;targetgroup&quot;:[454],&quot;targetgroup_details&quot;:[{&quot;text&quot;:&quot;Kinder und Familien&quot;,&quot;id&quot;:454,&quot;icon&quot;:null,&quot;parent&quot;:0}],&quot;language&quot;:[384,385],&quot;language_details&quot;:[{&quot;text&quot;:&quot;Deutsch&quot;,&quot;id&quot;:384,&quot;icon&quot;:null,&quot;parent&quot;:0},{&quot;text&quot;:&quot;Englisch&quot;,&quot;id&quot;:385,&quot;icon&quot;:null,&quot;parent&quot;:0}],&quot;groupsize&quot;:[1049],&quot;groupsize_details&quot;:[{&quot;text&quot;:&quot;max. 25 Personen&quot;,&quot;id&quot;:1049,&quot;icon&quot;:null,&quot;parent&quot;:0}],&quot;icon_overwrite&quot;:&quot;&quot;,&quot;acf&quot;:{&quot;noindex&quot;:false,&quot;keywords&quot;:&quot;&quot;,&quot;hashtag&quot;:&quot;HumboldtForum&quot;,&quot;belongsto&quot;:[148458],&quot;shorturl&quot;:&quot;&quot;,&quot;times&quot;:[{&quot;start&quot;:&quot;20260613 15:00&quot;,&quot;end&quot;:&quot;16:00&quot;,&quot;status&quot;:&quot;BUY&quot;,&quot;info&quot;:&quot;5 EUR zzgl. Eintritt&quot;,&quot;shop&quot;:&quot;https:\\\/\\\/tickets.humboldtforum.org\\\/#\\\/product\\\/event\\\/538?date=2026-06-13&amp;date_id=28600&amp;lang=de&quot;,&quot;i&quot;:0,&quot;start_hour&quot;:&quot;15:00&quot;,&quot;start_HRF&quot;:&quot;Sa, 13. Juni 2026&quot;,&quot;_date&quot;:{&quot;date&quot;:&quot;2026-06-13 16:00:00.000000&quot;,&quot;timezone_type&quot;:3,&quot;timezone&quot;:&quot;Europe\\\/Berlin&quot;},&quot;_fromdate&quot;:&quot;20260613 15:00&quot;,&quot;start_TS&quot;:1781355600,&quot;start_HRFSHORT&quot;:&quot;13.06.26&quot;,&quot;start_HRFSHORT_WD&quot;:&quot;Sa 13.06.2026&quot;,&quot;end_TS&quot;:1781359200,&quot;can_purchase&quot;:true}],&quot;planning&quot;:{&quot;price&quot;:&quot;5 EUR zzgl. Eintritt&quot;,&quot;admission&quot;:&quot;&quot;,&quot;pause&quot;:&quot;&quot;,&quot;duration&quot;:&quot;&quot;},&quot;subline&quot;:&quot;Macht Wind im Museum!&quot;,&quot;additional_info&quot;:{&quot;icon&quot;:&quot;0&quot;,&quot;text&quot;:&quot;&quot;},&quot;highlight_header&quot;:false,&quot;use_video_in_teasers&quot;:false,&quot;hyphenation&quot;:true,&quot;tipp&quot;:false,&quot;joker&quot;:false,&quot;live&quot;:false,&quot;hide_event_in_program&quot;:false,&quot;gomus_id&quot;:&quot;&quot;,&quot;featured_images&quot;:[150734],&quot;hm_id&quot;:&quot;&quot;,&quot;tickettext&quot;:&quot;Bitte buchen Sie Ihr Ticket vorab online oder an der Kasse im Foyer.&quot;},&quot;date&quot;:{&quot;NX&quot;:&quot;20260502&quot;,&quot;NXX&quot;:&quot;202605021500&quot;,&quot;NLAST&quot;:&quot;202606131100&quot;,&quot;from_DATE&quot;:&quot;20260502 15:00&quot;,&quot;from&quot;:1777719600,&quot;to&quot;:1781348400,&quot;to_DATE&quot;:&quot;20260613 15:00&quot;,&quot;from_HRFSHORT&quot;:&quot; 2. Mai 2026&quot;,&quot;from_HRFSHORT_WD&quot;:&quot;Sa 02.05.2026&quot;,&quot;to_HRFSHORT&quot;:&quot;13. Jun 2026&quot;,&quot;to_HRFSHORT_WD&quot;:&quot;Sa 13.06.2026&quot;,&quot;from_HRF&quot;:&quot;Sa,  2. Mai 2026&quot;,&quot;to_HRF&quot;:&quot;Sa, 13. Juni 2026&quot;,&quot;from_to_HRF&quot;:&quot;Sa,  2. Mai \\u2013 Sa, 13. Juni 2026&quot;,&quot;from_to_HRFSHORT&quot;:&quot; 2. Mai \\u2013 13. Jun 2026&quot;},&quot;alert&quot;:null,&quot;partof&quot;:[],&quot;marketing_topic&quot;:{&quot;title&quot;:&quot;Beziehungsweise Familie&quot;,&quot;ID&quot;:148458,&quot;reason&quot;:&quot;belongsto&quot;}}\" :force-first=\"true\" :show-icon=\"true\"><\/calendardateline>\n\t\t\t\t\t\t\t\t\t<div class=\"margin-bottom-atom\"><hr><\/div>\n\t\t\t\t\t\t\t\t<div class=\"event-times-fadeout center-xs\">&nbsp;<\/div>\t\t\t\t\t\n\t\t\t\t<\/div>\n\t\t\t<\/div>\n\t\t<\/div>\n\t<\/a>\n\t<\/calendarteaser>\n<\/li>\n<li class=\"col-xs-6 col-sm-4 col-md-3 teaser-wrapper col-padding-remove\">\n\t<calendarteaser key=\"1519561881\" rawitem='{&quot;postId&quot;:151956,&quot;title&quot;:&quot;Wer hilft wem? Perspektiven auf Jugendhilfe mal anders&quot;,&quot;excerpt&quot;:&quot;&quot;,&quot;slug&quot;:&quot;fuersorge-care-perspektiven-aus-der-jugendhilfe&quot;,&quot;post_date&quot;:&quot;2025-09-18T13:18&quot;,&quot;type&quot;:&quot;event&quot;,&quot;permalink&quot;:&quot;https:\\\/\\\/www.humboldtforum.org\\\/de\\\/programm\\\/termin\\\/gespraech\\\/fuersorge-care-perspektiven-aus-der-jugendhilfe-151956\\\/&quot;,&quot;genre&quot;:[1078],&quot;genre_details&quot;:[{&quot;text&quot;:&quot;Gespr\\u00e4ch&quot;,&quot;id&quot;:1078,&quot;icon&quot;:null,&quot;parent&quot;:0}],&quot;stakeholder&quot;:[382],&quot;stakeholder_details&quot;:[{&quot;text&quot;:&quot;Stiftung Humboldt Forum im Berliner Schloss&quot;,&quot;id&quot;:382,&quot;icon&quot;:null,&quot;parent&quot;:0}],&quot;language&quot;:[384,385],&quot;language_details&quot;:[{&quot;text&quot;:&quot;Deutsch&quot;,&quot;id&quot;:384,&quot;icon&quot;:null,&quot;parent&quot;:0},{&quot;text&quot;:&quot;Englisch&quot;,&quot;id&quot;:385,&quot;icon&quot;:null,&quot;parent&quot;:0}],&quot;place&quot;:[1558],&quot;place_details&quot;:{&quot;place&quot;:&quot;Mechanische Arena im Foyer&quot;,&quot;map&quot;:&quot;Humboldt Forum, Schlossplatz, Berlin&quot;,&quot;room&quot;:&quot;&quot;},&quot;icon_overwrite&quot;:&quot;&quot;,&quot;acf&quot;:{&quot;noindex&quot;:false,&quot;keywords&quot;:&quot;&quot;,&quot;belongsto&quot;:[151103],&quot;shorturl&quot;:&quot;&quot;,&quot;hashtag&quot;:&quot;HumboldtForum&quot;,&quot;times&quot;:[],&quot;planning&quot;:{&quot;price&quot;:&quot;kostenfrei&quot;,&quot;admission&quot;:&quot;&quot;,&quot;pause&quot;:&quot;&quot;,&quot;duration&quot;:&quot;&quot;},&quot;subline&quot;:&quot;Podiumsgespr\\u00e4ch mit\\u00a0Sibel E\\u011filmez, Philipp Sandermann und ein Mitglied von Careleaver e.V., Moderation: Alia Rayyan&quot;,&quot;additional_info&quot;:{&quot;icon&quot;:&quot;0&quot;,&quot;text&quot;:&quot;&quot;},&quot;highlight_header&quot;:false,&quot;use_video_in_teasers&quot;:false,&quot;hyphenation&quot;:true,&quot;tipp&quot;:false,&quot;joker&quot;:false,&quot;live&quot;:false,&quot;hide_event_in_program&quot;:false,&quot;gomus_id&quot;:&quot;&quot;,&quot;featured_images&quot;:[151976,151963,151966],&quot;hm_id&quot;:&quot;&quot;},&quot;date&quot;:{&quot;NX&quot;:null,&quot;NXX&quot;:null,&quot;NLAST&quot;:&quot;202510040915&quot;,&quot;from_DATE&quot;:&quot;20251004 13:15&quot;,&quot;from&quot;:1759569300,&quot;to&quot;:1759569300,&quot;to_DATE&quot;:&quot;20251004 13:15&quot;,&quot;from_HRFSHORT&quot;:&quot; 4. Okt 2025&quot;,&quot;from_HRFSHORT_WD&quot;:&quot;Sa 04.10.2025&quot;,&quot;to_HRFSHORT&quot;:&quot; 4. Okt 2025&quot;,&quot;to_HRFSHORT_WD&quot;:&quot;Sa 04.10.2025&quot;,&quot;from_HRF&quot;:&quot;Sa,  4. Oktober 2025&quot;,&quot;to_HRF&quot;:&quot;Sa,  4. Oktober 2025&quot;,&quot;from_to_HRF&quot;:&quot;Sa,  4. Oktober \\u2013 Sa,  4. Oktober 2025&quot;,&quot;from_to_HRFSHORT&quot;:&quot; 4. Okt \\u2013  4. Okt 2025&quot;},&quot;alert&quot;:null,&quot;partof&quot;:[],&quot;marketing_topic&quot;:{&quot;title&quot;:&quot;Care oder Chaos?&quot;,&quot;ID&quot;:151103,&quot;reason&quot;:&quot;belongsto&quot;}}' inline-template>\n\t<a href=\"https:\/\/www.humboldtforum.org\/de\/programm\/termin\/gespraech\/fuersorge-care-perspektiven-aus-der-jugendhilfe-151956\/\" class=\"teaser teaser-event teaser-event-standard\">\n\t\t<div class=\"row row-stretch\">\n\t\t\t<div class=\"col-xs-12\">\n\t\t\t\t<div class=\"teaser-event-image\">\n\t\t\t\t\t<div class=\"teaser-image teaser-image-no-alternate\">\n\t\t\t\t\t\t\t\t\t\t\t\t\t\n\t<lazy-media-inline inline-template>\n\t\t<figure itemscope itemtype=\"http:\/\/schema.org\/ImageObject\" class=\"lazy-media-inline \" role=\"group\" id=\"media_69f474a18e656\" aria-labelledby=\"desc_media_69f474a18e656\">\n\t\t\t<script type=\"application\/json\" ref=\"data\">\n\t\t\t\t{\n\t\t\t\t\"sizes\" : {\"medium\":{\"file\":\"SHF_eb00196976-300x200.jpg\",\"width\":300,\"height\":200,\"mime-type\":\"image\\\/jpeg\",\"filesize\":17674},\"large\":{\"file\":\"SHF_eb00196976-1024x683.jpg\",\"width\":1024,\"height\":683,\"mime-type\":\"image\\\/jpeg\",\"filesize\":130405},\"thumbnail\":{\"file\":\"SHF_eb00196976-150x150.jpg\",\"width\":150,\"height\":150,\"mime-type\":\"image\\\/jpeg\",\"filesize\":7649},\"medium_large\":{\"file\":\"SHF_eb00196976-768x512.jpg\",\"width\":768,\"height\":512,\"mime-type\":\"image\\\/jpeg\",\"filesize\":82396},\"small\":{\"file\":\"SHF_eb00196976-440x293.jpg\",\"width\":440,\"height\":293,\"mime-type\":\"image\\\/jpeg\",\"filesize\":32912},\"semi\":{\"file\":\"SHF_eb00196976-580x387.jpg\",\"width\":580,\"height\":387,\"mime-type\":\"image\\\/jpeg\",\"filesize\":51951},\"mobile\":{\"file\":\"SHF_eb00196976-720x480.jpg\",\"width\":720,\"height\":480,\"mime-type\":\"image\\\/jpeg\",\"filesize\":73739},\"hd\":{\"file\":\"SHF_eb00196976-1280x853.jpg\",\"width\":1280,\"height\":853,\"mime-type\":\"image\\\/jpeg\",\"filesize\":186056},\"1536x1536\":{\"file\":\"SHF_eb00196976-1536x1024.jpg\",\"width\":1536,\"height\":1024,\"mime-type\":\"image\\\/jpeg\",\"filesize\":243857},\"original\":{\"file\":\"SHF_eb00196976.jpg\",\"width\":1920,\"height\":1280}},\n\t\t\t\t\"alt\" : \"Interaktive Veranstaltung mit Publikum in einem runden Raum, umgeben von Lichtquellen und bequemen Sitzm\\u00f6beln.\",\n\t\t\t\t\"path\" : \"\\\/wp-content\\\/uploads\\\/2025\\\/09\\\/\",\n\t\t\t\t\"video\" : null,\n\t\t\t\t\"autoplay\" : null,\n\t\t\t\t\"youtube\" : null,\n\t\t\t\t\"youtubelabel\" : \"Video abspielen\",\n\t\t\t\t\"brightness\" : 100,\n\t\t\t\t\"crop\" : null,\n\t\t\t\t\"background\" : true,\n\t\t\t\t\"scale\" : 2\t\t\t\t}\n\t\t\t<\/script>\n\n\t\t\t<div class=\"height-container\" style=\"padding-bottom:66.666666666667%;\" v-if=\"sizes\">\n\t\t\t\t\t\t\t\t<lazy-media :inline=\"true\" :alt=\"alt\" :sizes=\"sizes\" :scale=\"scale\" :brightness=\"brightness\" :path=\"path\" :video=\"video\" :autoplay=\"autoplay\" :youtube=\"youtube\" :crop=\"crop\" :youtubelabel=\"youtubelabel\" :background=\"background\" media-id=\"desc_media_69f474a18e656\"><\/lazy-media>\n\t\t\t\t\t\t\t<\/div>\n\n\t\t\t\t\t\t\t<figcaption class=\"sr-only\" ref=\"body\" id=\"desc_media_69f474a18e656\">\n\t\t\t\t\t\t\t\t\t\t\t\t\t\t\t\t<div>Mechanische Arena im Foyer <\/div>\n\t\t\t\t\t\t\t\t\t\t\t\t\t\t\t\t<div class=\"insignificant\">\u00a9 Stiftung Humboldt Forum im Berliner Schloss, Foto: Andreas K\u00f6nig<\/div>\n\t\t\t\t\t\t\t\t\t<\/figcaption>\n\t\t\t\t\t<\/figure>\n\t<\/lazy-media-inline>\n\t\t\t\t\t<\/div>\n\t\t\t\t<\/div>\n\t\t\t\t<div class=\"teaser-event-text Infos\">\n\t\t\t\t\t<div class=\"margin-bottom-sixth\">\n\t\t\t\t\t\t<div class=\"margin-bottom-atom\">\n\t\t\t\t\t\t\t<div class=\"subline clamp-1\" v-html=\"maingenre\"><\/div>\n\t\t\t\t\t\t\t\t\t\t\t\t\t\t\t<div class=\"insignificant clamp-2\">Care oder Chaos?<\/div>\n\t\t\t\t\t\t\t\t\t\t\t\t\t<\/div>\n\t\t\t\t\t\n\t\t\t\t\t\t<strong class=\"margin-bottom-atom\">Wer hilft wem? Perspektiven auf Jugendhilfe mal anders<\/strong>\n\n\t\t\t\t\t\t\t\t\t\t\t\t\t<div class=\"\">Podiumsgespr\u00e4ch mit\u00a0Sibel E\u011filmez, Philipp Sandermann und ein Mitglied von Careleaver e.V., Moderation: Alia Rayyan<\/div>\n\t\t\t\t\t\t\t\t\t\t\t<\/div>\n\t\t\t\t<\/div>\n\t\t\t<\/div>\n\t\t\t<div class=\"col-xs-12 Infos\">\n\t\t\t\t<div class=\"border-bottom \">\n\t\t\t\t\t\t\t\t\t\t\t<calendardateline :rawitem='item' :show-icon=\"true\"><\/calendardateline>\n\t\t\t\t\t\t<div class=\"margin-bottom-atom\"><hr><\/div>\n\t\t\t\t\t\t<div class=\"event-times-fadeout center-xs\">&nbsp;<\/div>\n\t\t\t\t\t\t\t\t\t\t\n\t\t\t\t<\/div>\n\t\t\t<\/div>\n\t\t<\/div>\n\t<\/a>\n\t<\/calendarteaser>\n<\/li>\n<li class=\"col-xs-6 col-sm-4 col-md-3 teaser-wrapper col-padding-remove\">\n\t<calendarteaser key=\"15193012292\" rawitem='{&quot;postId&quot;:151930,&quot;title&quot;:&quot;Pflege im Wandel \\u2013 Lebenssituationen, Eigeninitiative und gesellschaftliche Teilhabe im Alter&quot;,&quot;excerpt&quot;:&quot;&quot;,&quot;slug&quot;:&quot;pflege-im-wandel-lebenssituationen-eigeninitiative-und-gesellschaftliche-teilhabe-im-alter&quot;,&quot;post_date&quot;:&quot;2025-09-18T13:19&quot;,&quot;type&quot;:&quot;event&quot;,&quot;permalink&quot;:&quot;https:\\\/\\\/www.humboldtforum.org\\\/de\\\/programm\\\/termin\\\/gespraech\\\/pflege-im-wandel-lebenssituationen-eigeninitiative-und-gesellschaftliche-teilhabe-im-alter-151930\\\/&quot;,&quot;genre&quot;:[1078],&quot;genre_details&quot;:[{&quot;text&quot;:&quot;Gespr\\u00e4ch&quot;,&quot;id&quot;:1078,&quot;icon&quot;:null,&quot;parent&quot;:0}],&quot;stakeholder&quot;:[382],&quot;stakeholder_details&quot;:[{&quot;text&quot;:&quot;Stiftung Humboldt Forum im Berliner Schloss&quot;,&quot;id&quot;:382,&quot;icon&quot;:null,&quot;parent&quot;:0}],&quot;language&quot;:[384,385],&quot;language_details&quot;:[{&quot;text&quot;:&quot;Deutsch&quot;,&quot;id&quot;:384,&quot;icon&quot;:null,&quot;parent&quot;:0},{&quot;text&quot;:&quot;Englisch&quot;,&quot;id&quot;:385,&quot;icon&quot;:null,&quot;parent&quot;:0}],&quot;place&quot;:[1558],&quot;place_details&quot;:{&quot;place&quot;:&quot;Mechanische Arena im Foyer&quot;,&quot;map&quot;:&quot;Humboldt Forum, Schlossplatz, Berlin&quot;,&quot;room&quot;:&quot;&quot;},&quot;icon_overwrite&quot;:&quot;&quot;,&quot;acf&quot;:{&quot;noindex&quot;:false,&quot;keywords&quot;:&quot;&quot;,&quot;belongsto&quot;:[151103],&quot;shorturl&quot;:&quot;&quot;,&quot;hashtag&quot;:&quot;HumboldtForum&quot;,&quot;times&quot;:[],&quot;planning&quot;:{&quot;price&quot;:&quot;kostenfrei&quot;,&quot;admission&quot;:&quot;&quot;,&quot;pause&quot;:&quot;&quot;,&quot;duration&quot;:&quot;&quot;},&quot;subline&quot;:&quot;Podiumsgespr\\u00e4ch mit Almina Zisi, Nazife Sari, Susanne Lucie Bauer &amp; Gabriele Garms, Mod.: Julia Vismann&quot;,&quot;additional_info&quot;:{&quot;icon&quot;:&quot;0&quot;,&quot;text&quot;:&quot;&quot;},&quot;highlight_header&quot;:false,&quot;use_video_in_teasers&quot;:false,&quot;hyphenation&quot;:true,&quot;tipp&quot;:false,&quot;joker&quot;:false,&quot;live&quot;:false,&quot;hide_event_in_program&quot;:false,&quot;gomus_id&quot;:&quot;&quot;,&quot;featured_images&quot;:[151934],&quot;hm_id&quot;:&quot;&quot;},&quot;date&quot;:{&quot;NX&quot;:null,&quot;NXX&quot;:null,&quot;NLAST&quot;:&quot;202510041100&quot;,&quot;from_DATE&quot;:&quot;20251004 15:00&quot;,&quot;from&quot;:1759575600,&quot;to&quot;:1759575600,&quot;to_DATE&quot;:&quot;20251004 15:00&quot;,&quot;from_HRFSHORT&quot;:&quot; 4. Okt 2025&quot;,&quot;from_HRFSHORT_WD&quot;:&quot;Sa 04.10.2025&quot;,&quot;to_HRFSHORT&quot;:&quot; 4. Okt 2025&quot;,&quot;to_HRFSHORT_WD&quot;:&quot;Sa 04.10.2025&quot;,&quot;from_HRF&quot;:&quot;Sa,  4. Oktober 2025&quot;,&quot;to_HRF&quot;:&quot;Sa,  4. Oktober 2025&quot;,&quot;from_to_HRF&quot;:&quot;Sa,  4. Oktober \\u2013 Sa,  4. Oktober 2025&quot;,&quot;from_to_HRFSHORT&quot;:&quot; 4. Okt \\u2013  4. Okt 2025&quot;},&quot;alert&quot;:null,&quot;partof&quot;:[],&quot;marketing_topic&quot;:{&quot;title&quot;:&quot;Care oder Chaos?&quot;,&quot;ID&quot;:151103,&quot;reason&quot;:&quot;belongsto&quot;}}' inline-template>\n\t<a href=\"https:\/\/www.humboldtforum.org\/de\/programm\/termin\/gespraech\/pflege-im-wandel-lebenssituationen-eigeninitiative-und-gesellschaftliche-teilhabe-im-alter-151930\/\" class=\"teaser teaser-event teaser-event-standard\">\n\t\t<div class=\"row row-stretch\">\n\t\t\t<div class=\"col-xs-12\">\n\t\t\t\t<div class=\"teaser-event-image\">\n\t\t\t\t\t<div class=\"teaser-image teaser-image-no-alternate\">\n\t\t\t\t\t\t\t\t\t\t\t\t\t\n\t<lazy-media-inline inline-template>\n\t\t<figure itemscope itemtype=\"http:\/\/schema.org\/ImageObject\" class=\"lazy-media-inline \" role=\"group\" id=\"media_69f474a18f04b\" aria-labelledby=\"desc_media_69f474a18f04b\">\n\t\t\t<script type=\"application\/json\" ref=\"data\">\n\t\t\t\t{\n\t\t\t\t\"sizes\" : {\"medium\":{\"file\":\"SHF_eb00233278-300x200.jpg\",\"width\":300,\"height\":200,\"mime-type\":\"image\\\/jpeg\",\"filesize\":25991},\"large\":{\"file\":\"SHF_eb00233278-1024x683.jpg\",\"width\":1024,\"height\":683,\"mime-type\":\"image\\\/jpeg\",\"filesize\":215009},\"thumbnail\":{\"file\":\"SHF_eb00233278-150x150.jpg\",\"width\":150,\"height\":150,\"mime-type\":\"image\\\/jpeg\",\"filesize\":11187},\"medium_large\":{\"file\":\"SHF_eb00233278-768x512.jpg\",\"width\":768,\"height\":512,\"mime-type\":\"image\\\/jpeg\",\"filesize\":131119},\"small\":{\"file\":\"SHF_eb00233278-440x293.jpg\",\"width\":440,\"height\":293,\"mime-type\":\"image\\\/jpeg\",\"filesize\":50221},\"semi\":{\"file\":\"SHF_eb00233278-580x387.jpg\",\"width\":580,\"height\":387,\"mime-type\":\"image\\\/jpeg\",\"filesize\":81499},\"mobile\":{\"file\":\"SHF_eb00233278-720x480.jpg\",\"width\":720,\"height\":480,\"mime-type\":\"image\\\/jpeg\",\"filesize\":117255},\"hd\":{\"file\":\"SHF_eb00233278-1280x853.jpg\",\"width\":1280,\"height\":853,\"mime-type\":\"image\\\/jpeg\",\"filesize\":311727},\"original\":{\"file\":\"SHF_eb00233278.jpg\",\"width\":1500,\"height\":1000}},\n\t\t\t\t\"alt\" : \"Luftaufnahme einer gro\\u00dfen Menschenmenge, die in einem kreisf\\u00f6rmigen Raum um eine B\\u00fchne versammelt ist.\",\n\t\t\t\t\"path\" : \"\\\/wp-content\\\/uploads\\\/2025\\\/09\\\/\",\n\t\t\t\t\"video\" : null,\n\t\t\t\t\"autoplay\" : null,\n\t\t\t\t\"youtube\" : null,\n\t\t\t\t\"youtubelabel\" : \"Video abspielen\",\n\t\t\t\t\"brightness\" : 100,\n\t\t\t\t\"crop\" : null,\n\t\t\t\t\"background\" : true,\n\t\t\t\t\"scale\" : 2\t\t\t\t}\n\t\t\t<\/script>\n\n\t\t\t<div class=\"height-container\" style=\"padding-bottom:66.666666666667%;\" v-if=\"sizes\">\n\t\t\t\t\t\t\t\t<lazy-media :inline=\"true\" :alt=\"alt\" :sizes=\"sizes\" :scale=\"scale\" :brightness=\"brightness\" :path=\"path\" :video=\"video\" :autoplay=\"autoplay\" :youtube=\"youtube\" :crop=\"crop\" :youtubelabel=\"youtubelabel\" :background=\"background\" media-id=\"desc_media_69f474a18f04b\"><\/lazy-media>\n\t\t\t\t\t\t\t<\/div>\n\n\t\t\t\t\t\t\t<figcaption class=\"sr-only\" ref=\"body\" id=\"desc_media_69f474a18f04b\">\n\t\t\t\t\t\t\t\t\t\t\t\t\t\t\t\t<div>Mechanische Arena im Foyer <\/div>\n\t\t\t\t\t\t\t\t\t\t\t\t\t\t\t\t<div class=\"insignificant\">\u00a9 Stiftung Humboldt Forum im Berliner Schloss, Foto: Frank Sperling\r\n<\/div>\n\t\t\t\t\t\t\t\t\t<\/figcaption>\n\t\t\t\t\t<\/figure>\n\t<\/lazy-media-inline>\n\t\t\t\t\t<\/div>\n\t\t\t\t<\/div>\n\t\t\t\t<div class=\"teaser-event-text Infos\">\n\t\t\t\t\t<div class=\"margin-bottom-sixth\">\n\t\t\t\t\t\t<div class=\"margin-bottom-atom\">\n\t\t\t\t\t\t\t<div class=\"subline clamp-1\" v-html=\"maingenre\"><\/div>\n\t\t\t\t\t\t\t\t\t\t\t\t\t\t\t<div class=\"insignificant clamp-2\">Care oder Chaos?<\/div>\n\t\t\t\t\t\t\t\t\t\t\t\t\t<\/div>\n\t\t\t\t\t\n\t\t\t\t\t\t<strong class=\"margin-bottom-atom\">Pflege im Wandel \u2013 Lebenssituationen, Eigeninitiative und gesellschaftliche Teilhabe im Alter<\/strong>\n\n\t\t\t\t\t\t\t\t\t\t\t\t\t<div class=\"\">Podiumsgespr\u00e4ch mit Almina Zisi, Nazife Sari, Susanne Lucie Bauer &#038; Gabriele Garms, Mod.: Julia Vismann<\/div>\n\t\t\t\t\t\t\t\t\t\t\t<\/div>\n\t\t\t\t<\/div>\n\t\t\t<\/div>\n\t\t\t<div class=\"col-xs-12 Infos\">\n\t\t\t\t<div class=\"border-bottom \">\n\t\t\t\t\t\t\t\t\t\t\t<calendardateline :rawitem='item' :show-icon=\"true\"><\/calendardateline>\n\t\t\t\t\t\t<div class=\"margin-bottom-atom\"><hr><\/div>\n\t\t\t\t\t\t<div class=\"event-times-fadeout center-xs\">&nbsp;<\/div>\n\t\t\t\t\t\t\t\t\t\t\n\t\t\t\t<\/div>\n\t\t\t<\/div>\n\t\t<\/div>\n\t<\/a>\n\t<\/calendarteaser>\n<\/li>\n<li class=\"col-xs-6 col-sm-4 col-md-3 teaser-wrapper col-padding-remove\">\n\t<calendarteaser key=\"15188212248\" rawitem='{&quot;postId&quot;:151882,&quot;title&quot;:&quot;Care ohne Familie? Vom Mythos der Kernfamilie zur kollektiven Praxis&quot;,&quot;excerpt&quot;:&quot;&quot;,&quot;slug&quot;:&quot;care-ohne-familie-vom-mythos-der-kernzelle-zur-kollektiven-praxis&quot;,&quot;post_date&quot;:&quot;2025-09-18T13:20&quot;,&quot;type&quot;:&quot;event&quot;,&quot;permalink&quot;:&quot;https:\\\/\\\/www.humboldtforum.org\\\/de\\\/programm\\\/termin\\\/gespraech\\\/care-ohne-familie-vom-mythos-der-kernzelle-zur-kollektiven-praxis-151882\\\/&quot;,&quot;genre&quot;:[1078],&quot;genre_details&quot;:[{&quot;text&quot;:&quot;Gespr\\u00e4ch&quot;,&quot;id&quot;:1078,&quot;icon&quot;:null,&quot;parent&quot;:0}],&quot;language&quot;:[384,385],&quot;language_details&quot;:[{&quot;text&quot;:&quot;Deutsch&quot;,&quot;id&quot;:384,&quot;icon&quot;:null,&quot;parent&quot;:0},{&quot;text&quot;:&quot;Englisch&quot;,&quot;id&quot;:385,&quot;icon&quot;:null,&quot;parent&quot;:0}],&quot;place&quot;:[1558],&quot;place_details&quot;:{&quot;place&quot;:&quot;Mechanische Arena im Foyer&quot;,&quot;map&quot;:&quot;Humboldt Forum, Schlossplatz, Berlin&quot;,&quot;room&quot;:&quot;&quot;},&quot;icon_overwrite&quot;:&quot;&quot;,&quot;acf&quot;:{&quot;noindex&quot;:false,&quot;keywords&quot;:&quot;&quot;,&quot;belongsto&quot;:[151103],&quot;shorturl&quot;:&quot;&quot;,&quot;hashtag&quot;:&quot;HumboldtForum&quot;,&quot;planning&quot;:{&quot;price&quot;:&quot;kostenfrei&quot;,&quot;admission&quot;:&quot;&quot;,&quot;pause&quot;:&quot;&quot;,&quot;duration&quot;:&quot;&quot;},&quot;subline&quot;:&quot;Podiumsgespr\\u00e4ch mit Sophie Lewis und Ge Wang, Moderation: Susanne Lettow&quot;,&quot;additional_info&quot;:{&quot;icon&quot;:&quot;0&quot;,&quot;text&quot;:&quot;&quot;},&quot;highlight_header&quot;:false,&quot;use_video_in_teasers&quot;:false,&quot;hyphenation&quot;:true,&quot;tipp&quot;:false,&quot;joker&quot;:false,&quot;live&quot;:false,&quot;hide_event_in_program&quot;:false,&quot;gomus_id&quot;:&quot;&quot;,&quot;times&quot;:[],&quot;featured_images&quot;:[152013,152030],&quot;hm_id&quot;:&quot;&quot;},&quot;date&quot;:{&quot;NX&quot;:null,&quot;NXX&quot;:null,&quot;NLAST&quot;:&quot;202510041245&quot;,&quot;from_DATE&quot;:&quot;20251004 16:45&quot;,&quot;from&quot;:1759581900,&quot;to&quot;:1759581900,&quot;to_DATE&quot;:&quot;20251004 16:45&quot;,&quot;from_HRFSHORT&quot;:&quot; 4. Okt 2025&quot;,&quot;from_HRFSHORT_WD&quot;:&quot;Sa 04.10.2025&quot;,&quot;to_HRFSHORT&quot;:&quot; 4. Okt 2025&quot;,&quot;to_HRFSHORT_WD&quot;:&quot;Sa 04.10.2025&quot;,&quot;from_HRF&quot;:&quot;Sa,  4. Oktober 2025&quot;,&quot;to_HRF&quot;:&quot;Sa,  4. Oktober 2025&quot;,&quot;from_to_HRF&quot;:&quot;Sa,  4. Oktober \\u2013 Sa,  4. Oktober 2025&quot;,&quot;from_to_HRFSHORT&quot;:&quot; 4. Okt \\u2013  4. Okt 2025&quot;},&quot;alert&quot;:null,&quot;partof&quot;:[],&quot;marketing_topic&quot;:{&quot;title&quot;:&quot;Care oder Chaos?&quot;,&quot;ID&quot;:151103,&quot;reason&quot;:&quot;belongsto&quot;}}' inline-template>\n\t<a href=\"https:\/\/www.humboldtforum.org\/de\/programm\/termin\/gespraech\/care-ohne-familie-vom-mythos-der-kernzelle-zur-kollektiven-praxis-151882\/\" class=\"teaser teaser-event teaser-event-standard\">\n\t\t<div class=\"row row-stretch\">\n\t\t\t<div class=\"col-xs-12\">\n\t\t\t\t<div class=\"teaser-event-image\">\n\t\t\t\t\t<div class=\"teaser-image teaser-image-no-alternate\">\n\t\t\t\t\t\t\t\t\t\t\t\t\t\n\t<lazy-media-inline inline-template>\n\t\t<figure itemscope itemtype=\"http:\/\/schema.org\/ImageObject\" class=\"lazy-media-inline \" role=\"group\" id=\"media_69f474a18facc\" aria-labelledby=\"desc_media_69f474a18facc\">\n\t\t\t<script type=\"application\/json\" ref=\"data\">\n\t\t\t\t{\n\t\t\t\t\"sizes\" : {\"medium\":{\"file\":\"Foto1-300x300.jpg\",\"width\":300,\"height\":300,\"mime-type\":\"image\\\/jpeg\",\"filesize\":16144},\"thumbnail\":{\"file\":\"Foto1-150x150.jpg\",\"width\":150,\"height\":150,\"mime-type\":\"image\\\/jpeg\",\"filesize\":6203},\"small\":{\"file\":\"Foto1-440x440.jpg\",\"width\":440,\"height\":440,\"mime-type\":\"image\\\/jpeg\",\"filesize\":28181},\"semi\":{\"file\":\"Foto1-580x580.jpg\",\"width\":580,\"height\":580,\"mime-type\":\"image\\\/jpeg\",\"filesize\":44618},\"original\":{\"file\":\"Foto1.jpg\",\"width\":698,\"height\":697}},\n\t\t\t\t\"alt\" : \"Portr\\u00e4t zweier Frauen: eine mit dunklen Haaren in Schwarz-Wei\\u00df, die andere mit roten Haaren und buntem Outfit.\",\n\t\t\t\t\"path\" : \"\\\/wp-content\\\/uploads\\\/2025\\\/09\\\/\",\n\t\t\t\t\"video\" : null,\n\t\t\t\t\"autoplay\" : null,\n\t\t\t\t\"youtube\" : null,\n\t\t\t\t\"youtubelabel\" : \"Video abspielen\",\n\t\t\t\t\"brightness\" : 100,\n\t\t\t\t\"crop\" : {\"top\":\"34.69\",\"left\":\"49.78\"},\n\t\t\t\t\"background\" : true,\n\t\t\t\t\"scale\" : 2\t\t\t\t}\n\t\t\t<\/script>\n\n\t\t\t<div class=\"height-container\" style=\"padding-bottom:99.856733524355%;\" v-if=\"sizes\">\n\t\t\t\t\t\t\t\t<lazy-media :inline=\"true\" :alt=\"alt\" :sizes=\"sizes\" :scale=\"scale\" :brightness=\"brightness\" :path=\"path\" :video=\"video\" :autoplay=\"autoplay\" :youtube=\"youtube\" :crop=\"crop\" :youtubelabel=\"youtubelabel\" :background=\"background\" media-id=\"desc_media_69f474a18facc\"><\/lazy-media>\n\t\t\t\t\t\t\t<\/div>\n\n\t\t\t\t\t\t\t<figcaption class=\"sr-only\" ref=\"body\" id=\"desc_media_69f474a18facc\">\n\t\t\t\t\t\t\t\t\t\t\t\t\t\t\t\t<div>Portr&auml;t Ge Wang; Portr&auml;t Sophie Lewis <\/div>\n\t\t\t\t\t\t\t\t\t\t\t\t\t\t\t\t<div class=\"insignificant\">\u00a9 Yue Lu; \u00a9 Christopher Leaman<\/div>\n\t\t\t\t\t\t\t\t\t<\/figcaption>\n\t\t\t\t\t<\/figure>\n\t<\/lazy-media-inline>\n\t\t\t\t\t<\/div>\n\t\t\t\t<\/div>\n\t\t\t\t<div class=\"teaser-event-text Infos\">\n\t\t\t\t\t<div class=\"margin-bottom-sixth\">\n\t\t\t\t\t\t<div class=\"margin-bottom-atom\">\n\t\t\t\t\t\t\t<div class=\"subline clamp-1\" v-html=\"maingenre\"><\/div>\n\t\t\t\t\t\t\t\t\t\t\t\t\t\t\t<div class=\"insignificant clamp-2\">Care oder Chaos?<\/div>\n\t\t\t\t\t\t\t\t\t\t\t\t\t<\/div>\n\t\t\t\t\t\n\t\t\t\t\t\t<strong class=\"margin-bottom-atom\">Care ohne Familie? Vom Mythos der Kernfamilie zur kollektiven Praxis<\/strong>\n\n\t\t\t\t\t\t\t\t\t\t\t\t\t<div class=\"\">Podiumsgespr\u00e4ch mit Sophie Lewis und Ge Wang, Moderation: Susanne Lettow<\/div>\n\t\t\t\t\t\t\t\t\t\t\t<\/div>\n\t\t\t\t<\/div>\n\t\t\t<\/div>\n\t\t\t<div class=\"col-xs-12 Infos\">\n\t\t\t\t<div class=\"border-bottom \">\n\t\t\t\t\t\t\t\t\t\t\t<calendardateline :rawitem='item' :show-icon=\"true\"><\/calendardateline>\n\t\t\t\t\t\t<div class=\"margin-bottom-atom\"><hr><\/div>\n\t\t\t\t\t\t<div class=\"event-times-fadeout center-xs\">&nbsp;<\/div>\n\t\t\t\t\t\t\t\t\t\t\n\t\t\t\t<\/div>\n\t\t\t<\/div>\n\t\t<\/div>\n\t<\/a>\n\t<\/calendarteaser>\n<\/li>\n<li class=\"col-xs-6 col-sm-4 col-md-3 teaser-wrapper col-padding-remove\">\n\t<calendarteaser key=\"1507392597\" rawitem='{&quot;postId&quot;:150739,&quot;title&quot;:&quot;Aufr\\u00e4umen und Putzen \\u2013 wer macht das bei euch?&quot;,&quot;excerpt&quot;:&quot;&quot;,&quot;slug&quot;:&quot;aufraeumen-und-putzen-wer-macht-das-bei-euch&quot;,&quot;post_date&quot;:&quot;2025-08-26T12:39&quot;,&quot;type&quot;:&quot;event&quot;,&quot;permalink&quot;:&quot;https:\\\/\\\/www.humboldtforum.org\\\/de\\\/programm\\\/termin\\\/entertainment\\\/aufraeumen-und-putzen-wer-macht-das-bei-euch-150739\\\/&quot;,&quot;genre&quot;:[829],&quot;genre_details&quot;:[{&quot;text&quot;:&quot;Entertainment&quot;,&quot;id&quot;:829,&quot;icon&quot;:null,&quot;parent&quot;:0}],&quot;stakeholder&quot;:[382],&quot;stakeholder_details&quot;:[{&quot;text&quot;:&quot;Stiftung Humboldt Forum im Berliner Schloss&quot;,&quot;id&quot;:382,&quot;icon&quot;:null,&quot;parent&quot;:0}],&quot;targetgroup&quot;:[454],&quot;targetgroup_details&quot;:[{&quot;text&quot;:&quot;Kinder und Familien&quot;,&quot;id&quot;:454,&quot;icon&quot;:null,&quot;parent&quot;:0}],&quot;language&quot;:[384],&quot;language_details&quot;:[{&quot;text&quot;:&quot;Deutsch&quot;,&quot;id&quot;:384,&quot;icon&quot;:null,&quot;parent&quot;:0}],&quot;place&quot;:[424],&quot;place_details&quot;:{&quot;place&quot;:&quot;Humboldt Forum&quot;,&quot;map&quot;:&quot;Humboldt Forum, Schlossplatz, Berlin&quot;,&quot;room&quot;:&quot;Saal 3, EG&quot;},&quot;icon_overwrite&quot;:&quot;&quot;,&quot;acf&quot;:{&quot;noindex&quot;:false,&quot;keywords&quot;:&quot;&quot;,&quot;hashtag&quot;:&quot;HumboldtForum&quot;,&quot;belongsto&quot;:[148458,151103],&quot;shorturl&quot;:&quot;&quot;,&quot;times&quot;:[],&quot;planning&quot;:{&quot;price&quot;:&quot;kostenfrei, Ticket erforderlich&quot;,&quot;admission&quot;:&quot;&quot;,&quot;pause&quot;:&quot;&quot;,&quot;duration&quot;:&quot;&quot;},&quot;subline&quot;:&quot;Kakadu. Der Kinderpodcast live im Humboldt Forum&quot;,&quot;additional_info&quot;:{&quot;icon&quot;:&quot;0&quot;,&quot;text&quot;:&quot;&quot;},&quot;highlight_header&quot;:false,&quot;use_video_in_teasers&quot;:false,&quot;hyphenation&quot;:true,&quot;tipp&quot;:false,&quot;joker&quot;:false,&quot;live&quot;:false,&quot;hide_event_in_program&quot;:false,&quot;gomus_id&quot;:&quot;&quot;,&quot;featured_images&quot;:[150743],&quot;hm_id&quot;:&quot;&quot;,&quot;tickettext&quot;:&quot;Bitte buchen Sie Ihr kostenfreies Ticket vorab online oder an der Kasse im Foyer.&quot;,&quot;infotext&quot;:&quot;Der Zugang zum Saal 3 ist im Schl\\u00fcterhof neben dem Skulpturensaal.&quot;},&quot;date&quot;:{&quot;NX&quot;:null,&quot;NXX&quot;:null,&quot;NLAST&quot;:&quot;202510040700&quot;,&quot;from_DATE&quot;:&quot;20251004 11:00&quot;,&quot;from&quot;:1759561200,&quot;to&quot;:1759561200,&quot;to_DATE&quot;:&quot;20251004 11:00&quot;,&quot;from_HRFSHORT&quot;:&quot; 4. Okt 2025&quot;,&quot;from_HRFSHORT_WD&quot;:&quot;Sa 04.10.2025&quot;,&quot;to_HRFSHORT&quot;:&quot; 4. Okt 2025&quot;,&quot;to_HRFSHORT_WD&quot;:&quot;Sa 04.10.2025&quot;,&quot;from_HRF&quot;:&quot;Sa,  4. Oktober 2025&quot;,&quot;to_HRF&quot;:&quot;Sa,  4. Oktober 2025&quot;,&quot;from_to_HRF&quot;:&quot;Sa,  4. Oktober \\u2013 Sa,  4. Oktober 2025&quot;,&quot;from_to_HRFSHORT&quot;:&quot; 4. Okt \\u2013  4. Okt 2025&quot;},&quot;alert&quot;:null,&quot;partof&quot;:[],&quot;marketing_topic&quot;:{&quot;title&quot;:&quot;Beziehungsweise Familie&quot;,&quot;ID&quot;:148458,&quot;reason&quot;:&quot;belongsto&quot;}}' inline-template>\n\t<a href=\"https:\/\/www.humboldtforum.org\/de\/programm\/termin\/entertainment\/aufraeumen-und-putzen-wer-macht-das-bei-euch-150739\/\" class=\"teaser teaser-event teaser-event-standard\">\n\t\t<div class=\"row row-stretch\">\n\t\t\t<div class=\"col-xs-12\">\n\t\t\t\t<div class=\"teaser-event-image\">\n\t\t\t\t\t<div class=\"teaser-image teaser-image-no-alternate\">\n\t\t\t\t\t\t\t\t\t\t\t\t\t\n\t<lazy-media-inline inline-template>\n\t\t<figure itemscope itemtype=\"http:\/\/schema.org\/ImageObject\" class=\"lazy-media-inline \" role=\"group\" id=\"media_69f474a19047f\" aria-labelledby=\"desc_media_69f474a19047f\">\n\t\t\t<script type=\"application\/json\" ref=\"data\">\n\t\t\t\t{\n\t\t\t\t\"sizes\" : {\"medium\":{\"file\":\"SHF_eb00251461-300x169.jpg\",\"width\":300,\"height\":169,\"mime-type\":\"image\\\/jpeg\",\"filesize\":13955},\"large\":{\"file\":\"SHF_eb00251461-1024x576.jpg\",\"width\":1024,\"height\":576,\"mime-type\":\"image\\\/jpeg\",\"filesize\":73867},\"thumbnail\":{\"file\":\"SHF_eb00251461-150x150.jpg\",\"width\":150,\"height\":150,\"mime-type\":\"image\\\/jpeg\",\"filesize\":6421},\"medium_large\":{\"file\":\"SHF_eb00251461-768x432.jpg\",\"width\":768,\"height\":432,\"mime-type\":\"image\\\/jpeg\",\"filesize\":50502},\"small\":{\"file\":\"SHF_eb00251461-440x248.jpg\",\"width\":440,\"height\":248,\"mime-type\":\"image\\\/jpeg\",\"filesize\":23346},\"semi\":{\"file\":\"SHF_eb00251461-580x326.jpg\",\"width\":580,\"height\":326,\"mime-type\":\"image\\\/jpeg\",\"filesize\":34364},\"mobile\":{\"file\":\"SHF_eb00251461-720x405.jpg\",\"width\":720,\"height\":405,\"mime-type\":\"image\\\/jpeg\",\"filesize\":46403},\"hd\":{\"file\":\"SHF_eb00251461-1280x720.jpg\",\"width\":1280,\"height\":720,\"mime-type\":\"image\\\/jpeg\",\"filesize\":100613},\"1536x1536\":{\"file\":\"SHF_eb00251461-1536x864.jpg\",\"width\":1536,\"height\":864,\"mime-type\":\"image\\\/jpeg\",\"filesize\":126560},\"original\":{\"file\":\"SHF_eb00251461.jpg\",\"width\":1920,\"height\":1080}},\n\t\t\t\t\"alt\" : \"Logo der Sendung Kakadu bei Deutschlandfunk Kultur\",\n\t\t\t\t\"path\" : \"\\\/wp-content\\\/uploads\\\/2025\\\/08\\\/\",\n\t\t\t\t\"video\" : null,\n\t\t\t\t\"autoplay\" : null,\n\t\t\t\t\"youtube\" : null,\n\t\t\t\t\"youtubelabel\" : \"Video abspielen\",\n\t\t\t\t\"brightness\" : 100,\n\t\t\t\t\"crop\" : {\"top\":\"50.00\",\"left\":\"50.00\"},\n\t\t\t\t\"background\" : true,\n\t\t\t\t\"scale\" : 2\t\t\t\t}\n\t\t\t<\/script>\n\n\t\t\t<div class=\"height-container\" style=\"padding-bottom:56.25%;\" v-if=\"sizes\">\n\t\t\t\t\t\t\t\t<lazy-media :inline=\"true\" :alt=\"alt\" :sizes=\"sizes\" :scale=\"scale\" :brightness=\"brightness\" :path=\"path\" :video=\"video\" :autoplay=\"autoplay\" :youtube=\"youtube\" :crop=\"crop\" :youtubelabel=\"youtubelabel\" :background=\"background\" media-id=\"desc_media_69f474a19047f\"><\/lazy-media>\n\t\t\t\t\t\t\t<\/div>\n\n\t\t\t\t\t\t\t<figcaption class=\"sr-only\" ref=\"body\" id=\"desc_media_69f474a19047f\">\n\t\t\t\t\t\t\t\t\t\t\t<div>Logo der Sendung Kakadu bei Deutschlandfunk Kultur<\/div>\n\t\t\t\t\t\t\t\t\t\t\t\t\t\t\t\t\t\t\t\t\t<div class=\"insignificant\">\u00a9 Deutschlandfunk Kultur<\/div>\n\t\t\t\t\t\t\t\t\t<\/figcaption>\n\t\t\t\t\t<\/figure>\n\t<\/lazy-media-inline>\n\t\t\t\t\t<\/div>\n\t\t\t\t<\/div>\n\t\t\t\t<div class=\"teaser-event-text Infos\">\n\t\t\t\t\t<div class=\"margin-bottom-sixth\">\n\t\t\t\t\t\t<div class=\"margin-bottom-atom\">\n\t\t\t\t\t\t\t<div class=\"subline clamp-1\" v-html=\"maingenre\"><\/div>\n\t\t\t\t\t\t\t\t\t\t\t\t\t\t\t<div class=\"insignificant clamp-2\">Beziehungsweise Familie<\/div>\n\t\t\t\t\t\t\t\t\t\t\t\t\t<\/div>\n\t\t\t\t\t\n\t\t\t\t\t\t<strong class=\"margin-bottom-atom\">Aufr\u00e4umen und Putzen \u2013 wer macht das bei euch?<\/strong>\n\n\t\t\t\t\t\t\t\t\t\t\t\t\t<div class=\"\">Kakadu. Der Kinderpodcast live im Humboldt Forum<\/div>\n\t\t\t\t\t\t\t\t\t\t\t<\/div>\n\t\t\t\t<\/div>\n\t\t\t<\/div>\n\t\t\t<div class=\"col-xs-12 Infos\">\n\t\t\t\t<div class=\"border-bottom \">\n\t\t\t\t\t\t\t\t\t\t\t<calendardateline :rawitem='item' :show-icon=\"true\"><\/calendardateline>\n\t\t\t\t\t\t<div class=\"margin-bottom-atom\"><hr><\/div>\n\t\t\t\t\t\t<div class=\"event-times-fadeout center-xs\">&nbsp;<\/div>\n\t\t\t\t\t\t\t\t\t\t\n\t\t\t\t<\/div>\n\t\t\t<\/div>\n\t\t<\/div>\n\t<\/a>\n\t<\/calendarteaser>\n<\/li>\n<li class=\"col-xs-6 col-sm-4 col-md-3 teaser-wrapper col-padding-remove\">\n\t<calendarteaser key=\"149467890\" rawitem='{&quot;postId&quot;:149467,&quot;title&quot;:&quot;Papas, Weit-weg-Omas und Gro\\u00dfm\\u00fctter mit gr\\u00fcnem Daumen!&quot;,&quot;excerpt&quot;:&quot;&quot;,&quot;slug&quot;:&quot;papas-weit-weg-omas-und-grosmutter-mit-grunem-daumen&quot;,&quot;post_date&quot;:&quot;2025-07-22T15:36&quot;,&quot;type&quot;:&quot;event&quot;,&quot;permalink&quot;:&quot;https:\\\/\\\/www.humboldtforum.org\\\/de\\\/programm\\\/termin\\\/lesung\\\/papas-weit-weg-omas-und-grosmutter-mit-grunem-daumen-149467\\\/&quot;,&quot;genre&quot;:[1144,823],&quot;genre_details&quot;:[{&quot;text&quot;:&quot;Lesung&quot;,&quot;id&quot;:1144,&quot;icon&quot;:null,&quot;parent&quot;:0},{&quot;text&quot;:&quot;Schauspiel&quot;,&quot;id&quot;:823,&quot;icon&quot;:null,&quot;parent&quot;:0}],&quot;stakeholder&quot;:[382],&quot;stakeholder_details&quot;:[{&quot;text&quot;:&quot;Stiftung Humboldt Forum im Berliner Schloss&quot;,&quot;id&quot;:382,&quot;icon&quot;:null,&quot;parent&quot;:0}],&quot;targetgroup&quot;:[454],&quot;targetgroup_details&quot;:[{&quot;text&quot;:&quot;Kinder und Familien&quot;,&quot;id&quot;:454,&quot;icon&quot;:null,&quot;parent&quot;:0}],&quot;language&quot;:[384],&quot;language_details&quot;:[{&quot;text&quot;:&quot;Deutsch&quot;,&quot;id&quot;:384,&quot;icon&quot;:null,&quot;parent&quot;:0}],&quot;age&quot;:[443],&quot;age_details&quot;:[{&quot;text&quot;:&quot;Kinder (3-6 Jahre)&quot;,&quot;id&quot;:443,&quot;icon&quot;:null,&quot;parent&quot;:0}],&quot;place&quot;:[424],&quot;place_details&quot;:{&quot;place&quot;:&quot;Humboldt Forum&quot;,&quot;map&quot;:&quot;Humboldt Forum, Schlossplatz, Berlin&quot;,&quot;room&quot;:&quot;Saal 3, EG&quot;},&quot;icon_overwrite&quot;:&quot;&quot;,&quot;acf&quot;:{&quot;noindex&quot;:false,&quot;keywords&quot;:&quot;&quot;,&quot;hashtag&quot;:&quot;HumboldtForum&quot;,&quot;belongsto&quot;:[31647,148458,151103],&quot;shorturl&quot;:&quot;&quot;,&quot;planning&quot;:{&quot;price&quot;:&quot;4 EUR \\\/ erm\\u00e4\\u00dfigt 2 EUR&quot;,&quot;admission&quot;:&quot;&quot;,&quot;pause&quot;:&quot;&quot;,&quot;duration&quot;:&quot;30&quot;},&quot;tickettext&quot;:&quot;Bitte buchen Sie Ihr Ticket vorab online oder an der Kasse im Foyer.&quot;,&quot;infotext&quot;:&quot;Wir bitten um Verst\\u00e4ndnis: Erwachsenen ist die Teilnahme am Programm nur in Begleitung von Kindern gestattet.&quot;,&quot;additional_info&quot;:{&quot;icon&quot;:&quot;icon-pin&quot;,&quot;text&quot;:&quot;Der Zugang zum Saal 3 ist im Schl\\u00fcterhof neben dem Skulpturensaal.&quot;},&quot;highlight_header&quot;:false,&quot;use_video_in_teasers&quot;:false,&quot;hyphenation&quot;:true,&quot;tipp&quot;:false,&quot;joker&quot;:false,&quot;live&quot;:false,&quot;hide_event_in_program&quot;:false,&quot;gomus_id&quot;:&quot;&quot;,&quot;hm_id&quot;:&quot;&quot;,&quot;featured_images&quot;:[149569],&quot;times&quot;:[{&quot;start&quot;:&quot;20260517 14:00&quot;,&quot;end&quot;:&quot;14:30&quot;,&quot;status&quot;:&quot;BUY&quot;,&quot;info&quot;:&quot;4 EUR \\\/ erm\\u00e4\\u00dfigt 2 EUR&quot;,&quot;shop&quot;:&quot;https:\\\/\\\/tickets.humboldtforum.org\\\/#\\\/product\\\/event\\\/142?date=2026-05-17&amp;date_id=27930&amp;lang=de&quot;,&quot;i&quot;:3,&quot;start_hour&quot;:&quot;14:00&quot;,&quot;start_HRF&quot;:&quot;So, 17. Mai 2026&quot;,&quot;_date&quot;:{&quot;date&quot;:&quot;2026-05-17 14:30:00.000000&quot;,&quot;timezone_type&quot;:3,&quot;timezone&quot;:&quot;Europe\\\/Berlin&quot;},&quot;_fromdate&quot;:&quot;20260517 14:00&quot;,&quot;start_TS&quot;:1779019200,&quot;start_HRFSHORT&quot;:&quot;17.05.26&quot;,&quot;start_HRFSHORT_WD&quot;:&quot;So 17.05.2026&quot;,&quot;end_TS&quot;:1779021000,&quot;can_purchase&quot;:true},{&quot;start&quot;:&quot;20260531 14:00&quot;,&quot;end&quot;:&quot;14:30&quot;,&quot;status&quot;:&quot;BUY&quot;,&quot;info&quot;:&quot;4 EUR \\\/ erm\\u00e4\\u00dfigt 2 EUR&quot;,&quot;shop&quot;:&quot;https:\\\/\\\/tickets.humboldtforum.org\\\/#\\\/product\\\/event\\\/142?date=2026-05-31&amp;date_id=27936&amp;lang=de&quot;,&quot;i&quot;:4,&quot;start_hour&quot;:&quot;14:00&quot;,&quot;start_HRF&quot;:&quot;So, 31. Mai 2026&quot;,&quot;_date&quot;:{&quot;date&quot;:&quot;2026-05-31 14:30:00.000000&quot;,&quot;timezone_type&quot;:3,&quot;timezone&quot;:&quot;Europe\\\/Berlin&quot;},&quot;_fromdate&quot;:&quot;20260531 14:00&quot;,&quot;start_TS&quot;:1780228800,&quot;start_HRFSHORT&quot;:&quot;31.05.26&quot;,&quot;start_HRFSHORT_WD&quot;:&quot;So 31.05.2026&quot;,&quot;end_TS&quot;:1780230600,&quot;can_purchase&quot;:true}]},&quot;date&quot;:{&quot;NX&quot;:&quot;20260517&quot;,&quot;NXX&quot;:&quot;202605171400&quot;,&quot;NLAST&quot;:&quot;202605311100&quot;,&quot;from_DATE&quot;:&quot;20260314 14:00&quot;,&quot;from&quot;:1773489600,&quot;to&quot;:1780225200,&quot;to_DATE&quot;:&quot;20260531 14:00&quot;,&quot;from_HRFSHORT&quot;:&quot;14. M\\u00e4r 2026&quot;,&quot;from_HRFSHORT_WD&quot;:&quot;Sa 14.03.2026&quot;,&quot;to_HRFSHORT&quot;:&quot;31. Mai 2026&quot;,&quot;to_HRFSHORT_WD&quot;:&quot;So 31.05.2026&quot;,&quot;from_HRF&quot;:&quot;Sa, 14. M\\u00e4rz 2026&quot;,&quot;to_HRF&quot;:&quot;So, 31. Mai 2026&quot;,&quot;from_to_HRF&quot;:&quot;Sa, 14. M\\u00e4rz \\u2013 So, 31. Mai 2026&quot;,&quot;from_to_HRFSHORT&quot;:&quot;14. M\\u00e4r \\u2013 31. Mai 2026&quot;},&quot;alert&quot;:null,&quot;partof&quot;:[&quot;31647&quot;],&quot;marketing_topic&quot;:{&quot;title&quot;:&quot;Bilderbuchkino&quot;,&quot;ID&quot;:&quot;31647&quot;,&quot;reason&quot;:&quot;sequence&quot;}}' inline-template>\n\t<a href=\"https:\/\/www.humboldtforum.org\/de\/programm\/termin\/lesung\/papas-weit-weg-omas-und-grosmutter-mit-grunem-daumen-149467\/\" class=\"teaser teaser-event teaser-event-standard\">\n\t\t<div class=\"row row-stretch\">\n\t\t\t<div class=\"col-xs-12\">\n\t\t\t\t<div class=\"teaser-event-image\">\n\t\t\t\t\t<div class=\"teaser-image teaser-image-no-alternate\">\n\t\t\t\t\t\t\t\t\t\t\t\t\t\n\t<lazy-media-inline inline-template>\n\t\t<figure itemscope itemtype=\"http:\/\/schema.org\/ImageObject\" class=\"lazy-media-inline \" role=\"group\" id=\"media_69f474a190e54\" aria-labelledby=\"desc_media_69f474a190e54\">\n\t\t\t<script type=\"application\/json\" ref=\"data\">\n\t\t\t\t{\n\t\t\t\t\"sizes\" : {\"medium\":{\"file\":\"SHF_eb00250524-251x300.jpg\",\"width\":251,\"height\":300,\"mime-type\":\"image\\\/jpeg\",\"filesize\":14703},\"large\":{\"file\":\"SHF_eb00250524-858x1024.jpg\",\"width\":858,\"height\":1024,\"mime-type\":\"image\\\/jpeg\",\"filesize\":84005},\"thumbnail\":{\"file\":\"SHF_eb00250524-150x150.jpg\",\"width\":150,\"height\":150,\"mime-type\":\"image\\\/jpeg\",\"filesize\":7090},\"medium_large\":{\"file\":\"SHF_eb00250524-768x916.jpg\",\"width\":768,\"height\":916,\"mime-type\":\"image\\\/jpeg\",\"filesize\":71878},\"small\":{\"file\":\"SHF_eb00250524-369x440.jpg\",\"width\":369,\"height\":440,\"mime-type\":\"image\\\/jpeg\",\"filesize\":25280},\"semi\":{\"file\":\"SHF_eb00250524-486x580.jpg\",\"width\":486,\"height\":580,\"mime-type\":\"image\\\/jpeg\",\"filesize\":37679},\"mobile\":{\"file\":\"SHF_eb00250524-603x720.jpg\",\"width\":603,\"height\":720,\"mime-type\":\"image\\\/jpeg\",\"filesize\":50930},\"hd\":{\"file\":\"SHF_eb00250524-1073x1280.jpg\",\"width\":1073,\"height\":1280,\"mime-type\":\"image\\\/jpeg\",\"filesize\":115799},\"original\":{\"file\":\"SHF_eb00250524.jpg\",\"width\":1257,\"height\":1500}},\n\t\t\t\t\"alt\" : \"Buchcover \\\"Zwei Papas f\\u00fcr Tango\\\" mit fr\\u00f6hlichem Pinguin, der schwingend auf einem Seil ist.\",\n\t\t\t\t\"path\" : \"\\\/wp-content\\\/uploads\\\/2025\\\/07\\\/\",\n\t\t\t\t\"video\" : null,\n\t\t\t\t\"autoplay\" : null,\n\t\t\t\t\"youtube\" : null,\n\t\t\t\t\"youtubelabel\" : \"Video abspielen\",\n\t\t\t\t\"brightness\" : 100,\n\t\t\t\t\"crop\" : {\"top\":\"49.33\",\"left\":\"50.40\"},\n\t\t\t\t\"background\" : true,\n\t\t\t\t\"scale\" : 2\t\t\t\t}\n\t\t\t<\/script>\n\n\t\t\t<div class=\"height-container\" style=\"padding-bottom:119.33174224344%;\" v-if=\"sizes\">\n\t\t\t\t\t\t\t\t<lazy-media :inline=\"true\" :alt=\"alt\" :sizes=\"sizes\" :scale=\"scale\" :brightness=\"brightness\" :path=\"path\" :video=\"video\" :autoplay=\"autoplay\" :youtube=\"youtube\" :crop=\"crop\" :youtubelabel=\"youtubelabel\" :background=\"background\" media-id=\"desc_media_69f474a190e54\"><\/lazy-media>\n\t\t\t\t\t\t\t<\/div>\n\n\t\t\t\t\t\t\t<figcaption class=\"sr-only\" ref=\"body\" id=\"desc_media_69f474a190e54\">\n\t\t\t\t\t\t\t\t\t\t\t<div>Buchcover &quot;Zwei Papas f&uuml;r Tango&quot; von Edith Schreiber-Wicke und Carola Holland<\/div>\n\t\t\t\t\t\t\t\t\t\t\t\t\t\t\t\t\t\t\t\t\t<div class=\"insignificant\">\u00a9 Thienemann-Esslinger Verlag GmbH<\/div>\n\t\t\t\t\t\t\t\t\t<\/figcaption>\n\t\t\t\t\t<\/figure>\n\t<\/lazy-media-inline>\n\t\t\t\t\t<\/div>\n\t\t\t\t<\/div>\n\t\t\t\t<div class=\"teaser-event-text Infos\">\n\t\t\t\t\t<div class=\"margin-bottom-sixth\">\n\t\t\t\t\t\t<div class=\"margin-bottom-atom\">\n\t\t\t\t\t\t\t<div class=\"subline clamp-1\" v-html=\"maingenre\"><\/div>\n\t\t\t\t\t\t\t\t\t\t\t\t\t\t\t<div class=\"insignificant clamp-2\">Bilderbuchkino<\/div>\n\t\t\t\t\t\t\t\t\t\t\t\t\t<\/div>\n\t\t\t\t\t\n\t\t\t\t\t\t<strong class=\"margin-bottom-atom\">Papas, Weit-weg-Omas und Gro\u00dfm\u00fctter mit gr\u00fcnem Daumen!<\/strong>\n\n\t\t\t\t\t\t\t\t\t\t\t\t\t<div class=\"\"><\/div>\n\t\t\t\t\t\t\t\t\t\t\t<\/div>\n\t\t\t\t<\/div>\n\t\t\t<\/div>\n\t\t\t<div class=\"col-xs-12 Infos\">\n\t\t\t\t<div class=\"border-bottom \">\n\t\t\t\t\t\t\t\t\t\t\t\t\t\t<calendardateline :rawitem=\"{&quot;postId&quot;:149467,&quot;title&quot;:&quot;Papas, Weit-weg-Omas und Gro\\u00dfm\\u00fctter mit gr\\u00fcnem Daumen!&quot;,&quot;excerpt&quot;:&quot;&quot;,&quot;slug&quot;:&quot;papas-weit-weg-omas-und-grosmutter-mit-grunem-daumen&quot;,&quot;post_date&quot;:&quot;2025-07-22T15:36&quot;,&quot;type&quot;:&quot;event&quot;,&quot;permalink&quot;:&quot;https:\\\/\\\/www.humboldtforum.org\\\/de\\\/programm\\\/termin\\\/lesung\\\/papas-weit-weg-omas-und-grosmutter-mit-grunem-daumen-149467\\\/&quot;,&quot;genre&quot;:[1144,823],&quot;genre_details&quot;:[{&quot;text&quot;:&quot;Lesung&quot;,&quot;id&quot;:1144,&quot;icon&quot;:null,&quot;parent&quot;:0},{&quot;text&quot;:&quot;Schauspiel&quot;,&quot;id&quot;:823,&quot;icon&quot;:null,&quot;parent&quot;:0}],&quot;stakeholder&quot;:[382],&quot;stakeholder_details&quot;:[{&quot;text&quot;:&quot;Stiftung Humboldt Forum im Berliner Schloss&quot;,&quot;id&quot;:382,&quot;icon&quot;:null,&quot;parent&quot;:0}],&quot;targetgroup&quot;:[454],&quot;targetgroup_details&quot;:[{&quot;text&quot;:&quot;Kinder und Familien&quot;,&quot;id&quot;:454,&quot;icon&quot;:null,&quot;parent&quot;:0}],&quot;language&quot;:[384],&quot;language_details&quot;:[{&quot;text&quot;:&quot;Deutsch&quot;,&quot;id&quot;:384,&quot;icon&quot;:null,&quot;parent&quot;:0}],&quot;age&quot;:[443],&quot;age_details&quot;:[{&quot;text&quot;:&quot;Kinder (3-6 Jahre)&quot;,&quot;id&quot;:443,&quot;icon&quot;:null,&quot;parent&quot;:0}],&quot;place&quot;:[424],&quot;place_details&quot;:{&quot;place&quot;:&quot;Humboldt Forum&quot;,&quot;map&quot;:&quot;Humboldt Forum, Schlossplatz, Berlin&quot;,&quot;room&quot;:&quot;Saal 3, EG&quot;},&quot;icon_overwrite&quot;:&quot;&quot;,&quot;acf&quot;:{&quot;noindex&quot;:false,&quot;keywords&quot;:&quot;&quot;,&quot;hashtag&quot;:&quot;HumboldtForum&quot;,&quot;belongsto&quot;:[31647,148458,151103],&quot;shorturl&quot;:&quot;&quot;,&quot;planning&quot;:{&quot;price&quot;:&quot;4 EUR \\\/ erm\\u00e4\\u00dfigt 2 EUR&quot;,&quot;admission&quot;:&quot;&quot;,&quot;pause&quot;:&quot;&quot;,&quot;duration&quot;:&quot;30&quot;},&quot;tickettext&quot;:&quot;Bitte buchen Sie Ihr Ticket vorab online oder an der Kasse im Foyer.&quot;,&quot;infotext&quot;:&quot;Wir bitten um Verst\\u00e4ndnis: Erwachsenen ist die Teilnahme am Programm nur in Begleitung von Kindern gestattet.&quot;,&quot;additional_info&quot;:{&quot;icon&quot;:&quot;icon-pin&quot;,&quot;text&quot;:&quot;Der Zugang zum Saal 3 ist im Schl\\u00fcterhof neben dem Skulpturensaal.&quot;},&quot;highlight_header&quot;:false,&quot;use_video_in_teasers&quot;:false,&quot;hyphenation&quot;:true,&quot;tipp&quot;:false,&quot;joker&quot;:false,&quot;live&quot;:false,&quot;hide_event_in_program&quot;:false,&quot;gomus_id&quot;:&quot;&quot;,&quot;hm_id&quot;:&quot;&quot;,&quot;featured_images&quot;:[149569],&quot;times&quot;:[{&quot;start&quot;:&quot;20260517 14:00&quot;,&quot;end&quot;:&quot;14:30&quot;,&quot;status&quot;:&quot;BUY&quot;,&quot;info&quot;:&quot;4 EUR \\\/ erm\\u00e4\\u00dfigt 2 EUR&quot;,&quot;shop&quot;:&quot;https:\\\/\\\/tickets.humboldtforum.org\\\/#\\\/product\\\/event\\\/142?date=2026-05-17&amp;date_id=27930&amp;lang=de&quot;,&quot;i&quot;:3,&quot;start_hour&quot;:&quot;14:00&quot;,&quot;start_HRF&quot;:&quot;So, 17. Mai 2026&quot;,&quot;_date&quot;:{&quot;date&quot;:&quot;2026-05-17 14:30:00.000000&quot;,&quot;timezone_type&quot;:3,&quot;timezone&quot;:&quot;Europe\\\/Berlin&quot;},&quot;_fromdate&quot;:&quot;20260517 14:00&quot;,&quot;start_TS&quot;:1779019200,&quot;start_HRFSHORT&quot;:&quot;17.05.26&quot;,&quot;start_HRFSHORT_WD&quot;:&quot;So 17.05.2026&quot;,&quot;end_TS&quot;:1779021000,&quot;can_purchase&quot;:true}]},&quot;date&quot;:{&quot;NX&quot;:&quot;20260517&quot;,&quot;NXX&quot;:&quot;202605171400&quot;,&quot;NLAST&quot;:&quot;202605311100&quot;,&quot;from_DATE&quot;:&quot;20260314 14:00&quot;,&quot;from&quot;:1773489600,&quot;to&quot;:1780225200,&quot;to_DATE&quot;:&quot;20260531 14:00&quot;,&quot;from_HRFSHORT&quot;:&quot;14. M\\u00e4r 2026&quot;,&quot;from_HRFSHORT_WD&quot;:&quot;Sa 14.03.2026&quot;,&quot;to_HRFSHORT&quot;:&quot;31. Mai 2026&quot;,&quot;to_HRFSHORT_WD&quot;:&quot;So 31.05.2026&quot;,&quot;from_HRF&quot;:&quot;Sa, 14. M\\u00e4rz 2026&quot;,&quot;to_HRF&quot;:&quot;So, 31. Mai 2026&quot;,&quot;from_to_HRF&quot;:&quot;Sa, 14. M\\u00e4rz \\u2013 So, 31. Mai 2026&quot;,&quot;from_to_HRFSHORT&quot;:&quot;14. M\\u00e4r \\u2013 31. Mai 2026&quot;},&quot;alert&quot;:null,&quot;partof&quot;:[&quot;31647&quot;],&quot;marketing_topic&quot;:{&quot;title&quot;:&quot;Bilderbuchkino&quot;,&quot;ID&quot;:&quot;31647&quot;,&quot;reason&quot;:&quot;sequence&quot;}}\" :force-first=\"true\" :show-icon=\"true\"><\/calendardateline>\n\t\t\t\t\t\t\t\t\t<div class=\"margin-bottom-atom\"><hr><\/div>\n\t\t\t\t\t\t\t\t\t\t\t\t\t\t\t\t\t<calendardateline :rawitem=\"{&quot;postId&quot;:149467,&quot;title&quot;:&quot;Papas, Weit-weg-Omas und Gro\\u00dfm\\u00fctter mit gr\\u00fcnem Daumen!&quot;,&quot;excerpt&quot;:&quot;&quot;,&quot;slug&quot;:&quot;papas-weit-weg-omas-und-grosmutter-mit-grunem-daumen&quot;,&quot;post_date&quot;:&quot;2025-07-22T15:36&quot;,&quot;type&quot;:&quot;event&quot;,&quot;permalink&quot;:&quot;https:\\\/\\\/www.humboldtforum.org\\\/de\\\/programm\\\/termin\\\/lesung\\\/papas-weit-weg-omas-und-grosmutter-mit-grunem-daumen-149467\\\/&quot;,&quot;genre&quot;:[1144,823],&quot;genre_details&quot;:[{&quot;text&quot;:&quot;Lesung&quot;,&quot;id&quot;:1144,&quot;icon&quot;:null,&quot;parent&quot;:0},{&quot;text&quot;:&quot;Schauspiel&quot;,&quot;id&quot;:823,&quot;icon&quot;:null,&quot;parent&quot;:0}],&quot;stakeholder&quot;:[382],&quot;stakeholder_details&quot;:[{&quot;text&quot;:&quot;Stiftung Humboldt Forum im Berliner Schloss&quot;,&quot;id&quot;:382,&quot;icon&quot;:null,&quot;parent&quot;:0}],&quot;targetgroup&quot;:[454],&quot;targetgroup_details&quot;:[{&quot;text&quot;:&quot;Kinder und Familien&quot;,&quot;id&quot;:454,&quot;icon&quot;:null,&quot;parent&quot;:0}],&quot;language&quot;:[384],&quot;language_details&quot;:[{&quot;text&quot;:&quot;Deutsch&quot;,&quot;id&quot;:384,&quot;icon&quot;:null,&quot;parent&quot;:0}],&quot;age&quot;:[443],&quot;age_details&quot;:[{&quot;text&quot;:&quot;Kinder (3-6 Jahre)&quot;,&quot;id&quot;:443,&quot;icon&quot;:null,&quot;parent&quot;:0}],&quot;place&quot;:[424],&quot;place_details&quot;:{&quot;place&quot;:&quot;Humboldt Forum&quot;,&quot;map&quot;:&quot;Humboldt Forum, Schlossplatz, Berlin&quot;,&quot;room&quot;:&quot;Saal 3, EG&quot;},&quot;icon_overwrite&quot;:&quot;&quot;,&quot;acf&quot;:{&quot;noindex&quot;:false,&quot;keywords&quot;:&quot;&quot;,&quot;hashtag&quot;:&quot;HumboldtForum&quot;,&quot;belongsto&quot;:[31647,148458,151103],&quot;shorturl&quot;:&quot;&quot;,&quot;planning&quot;:{&quot;price&quot;:&quot;4 EUR \\\/ erm\\u00e4\\u00dfigt 2 EUR&quot;,&quot;admission&quot;:&quot;&quot;,&quot;pause&quot;:&quot;&quot;,&quot;duration&quot;:&quot;30&quot;},&quot;tickettext&quot;:&quot;Bitte buchen Sie Ihr Ticket vorab online oder an der Kasse im Foyer.&quot;,&quot;infotext&quot;:&quot;Wir bitten um Verst\\u00e4ndnis: Erwachsenen ist die Teilnahme am Programm nur in Begleitung von Kindern gestattet.&quot;,&quot;additional_info&quot;:{&quot;icon&quot;:&quot;icon-pin&quot;,&quot;text&quot;:&quot;Der Zugang zum Saal 3 ist im Schl\\u00fcterhof neben dem Skulpturensaal.&quot;},&quot;highlight_header&quot;:false,&quot;use_video_in_teasers&quot;:false,&quot;hyphenation&quot;:true,&quot;tipp&quot;:false,&quot;joker&quot;:false,&quot;live&quot;:false,&quot;hide_event_in_program&quot;:false,&quot;gomus_id&quot;:&quot;&quot;,&quot;hm_id&quot;:&quot;&quot;,&quot;featured_images&quot;:[149569],&quot;times&quot;:[{&quot;start&quot;:&quot;20260531 14:00&quot;,&quot;end&quot;:&quot;14:30&quot;,&quot;status&quot;:&quot;BUY&quot;,&quot;info&quot;:&quot;4 EUR \\\/ erm\\u00e4\\u00dfigt 2 EUR&quot;,&quot;shop&quot;:&quot;https:\\\/\\\/tickets.humboldtforum.org\\\/#\\\/product\\\/event\\\/142?date=2026-05-31&amp;date_id=27936&amp;lang=de&quot;,&quot;i&quot;:4,&quot;start_hour&quot;:&quot;14:00&quot;,&quot;start_HRF&quot;:&quot;So, 31. Mai 2026&quot;,&quot;_date&quot;:{&quot;date&quot;:&quot;2026-05-31 14:30:00.000000&quot;,&quot;timezone_type&quot;:3,&quot;timezone&quot;:&quot;Europe\\\/Berlin&quot;},&quot;_fromdate&quot;:&quot;20260531 14:00&quot;,&quot;start_TS&quot;:1780228800,&quot;start_HRFSHORT&quot;:&quot;31.05.26&quot;,&quot;start_HRFSHORT_WD&quot;:&quot;So 31.05.2026&quot;,&quot;end_TS&quot;:1780230600,&quot;can_purchase&quot;:true}]},&quot;date&quot;:{&quot;NX&quot;:&quot;20260517&quot;,&quot;NXX&quot;:&quot;202605171400&quot;,&quot;NLAST&quot;:&quot;202605311100&quot;,&quot;from_DATE&quot;:&quot;20260314 14:00&quot;,&quot;from&quot;:1773489600,&quot;to&quot;:1780225200,&quot;to_DATE&quot;:&quot;20260531 14:00&quot;,&quot;from_HRFSHORT&quot;:&quot;14. M\\u00e4r 2026&quot;,&quot;from_HRFSHORT_WD&quot;:&quot;Sa 14.03.2026&quot;,&quot;to_HRFSHORT&quot;:&quot;31. Mai 2026&quot;,&quot;to_HRFSHORT_WD&quot;:&quot;So 31.05.2026&quot;,&quot;from_HRF&quot;:&quot;Sa, 14. M\\u00e4rz 2026&quot;,&quot;to_HRF&quot;:&quot;So, 31. Mai 2026&quot;,&quot;from_to_HRF&quot;:&quot;Sa, 14. M\\u00e4rz \\u2013 So, 31. Mai 2026&quot;,&quot;from_to_HRFSHORT&quot;:&quot;14. M\\u00e4r \\u2013 31. Mai 2026&quot;},&quot;alert&quot;:null,&quot;partof&quot;:[&quot;31647&quot;],&quot;marketing_topic&quot;:{&quot;title&quot;:&quot;Bilderbuchkino&quot;,&quot;ID&quot;:&quot;31647&quot;,&quot;reason&quot;:&quot;sequence&quot;}}\" :force-first=\"true\" :show-icon=\"true\"><\/calendardateline>\n\t\t\t\t\t\t\t\t\t<div class=\"margin-bottom-atom\"><hr><\/div>\n\t\t\t\t\t\t\t\t<div class=\"event-times-fadeout center-xs\">&nbsp;<\/div>\t\t\t\t\t\n\t\t\t\t<\/div>\n\t\t\t<\/div>\n\t\t<\/div>\n\t<\/a>\n\t<\/calendarteaser>\n<\/li>\n<li class=\"col-xs-6 col-sm-4 col-md-3 teaser-wrapper col-padding-remove\">\n\t<calendarteaser key=\"1494766728\" rawitem='{&quot;postId&quot;:149476,&quot;title&quot;:&quot;Spiel, Fantasie und Familienzauber&quot;,&quot;excerpt&quot;:&quot;&quot;,&quot;slug&quot;:&quot;spiel-fantasie-und-familienzauber&quot;,&quot;post_date&quot;:&quot;2025-07-22T15:38&quot;,&quot;type&quot;:&quot;event&quot;,&quot;permalink&quot;:&quot;https:\\\/\\\/www.humboldtforum.org\\\/de\\\/programm\\\/termin\\\/lesung\\\/spiel-fantasie-und-familienzauber-149476\\\/&quot;,&quot;genre&quot;:[1144,823],&quot;genre_details&quot;:[{&quot;text&quot;:&quot;Lesung&quot;,&quot;id&quot;:1144,&quot;icon&quot;:null,&quot;parent&quot;:0},{&quot;text&quot;:&quot;Schauspiel&quot;,&quot;id&quot;:823,&quot;icon&quot;:null,&quot;parent&quot;:0}],&quot;stakeholder&quot;:[382],&quot;stakeholder_details&quot;:[{&quot;text&quot;:&quot;Stiftung Humboldt Forum im Berliner Schloss&quot;,&quot;id&quot;:382,&quot;icon&quot;:null,&quot;parent&quot;:0}],&quot;targetgroup&quot;:[454],&quot;targetgroup_details&quot;:[{&quot;text&quot;:&quot;Kinder und Familien&quot;,&quot;id&quot;:454,&quot;icon&quot;:null,&quot;parent&quot;:0}],&quot;language&quot;:[384],&quot;language_details&quot;:[{&quot;text&quot;:&quot;Deutsch&quot;,&quot;id&quot;:384,&quot;icon&quot;:null,&quot;parent&quot;:0}],&quot;age&quot;:[443],&quot;age_details&quot;:[{&quot;text&quot;:&quot;Kinder (3-6 Jahre)&quot;,&quot;id&quot;:443,&quot;icon&quot;:null,&quot;parent&quot;:0}],&quot;place&quot;:[424],&quot;place_details&quot;:{&quot;place&quot;:&quot;Humboldt Forum&quot;,&quot;map&quot;:&quot;Humboldt Forum, Schlossplatz, Berlin&quot;,&quot;room&quot;:&quot;Saal 3, EG&quot;},&quot;icon_overwrite&quot;:&quot;&quot;,&quot;acf&quot;:{&quot;noindex&quot;:false,&quot;keywords&quot;:&quot;&quot;,&quot;hashtag&quot;:&quot;HumboldtForum&quot;,&quot;belongsto&quot;:[31647,148458,151103],&quot;shorturl&quot;:&quot;&quot;,&quot;planning&quot;:{&quot;price&quot;:&quot;4 EUR \\\/ erm\\u00e4\\u00dfigt 2 EUR&quot;,&quot;admission&quot;:&quot;&quot;,&quot;pause&quot;:&quot;&quot;,&quot;duration&quot;:&quot;30&quot;},&quot;tickettext&quot;:&quot;Bitte buchen Sie Ihr Ticket vorab online oder an der Kasse im Foyer.&quot;,&quot;infotext&quot;:&quot;Wir bitten um Verst\\u00e4ndnis: Erwachsenen ist die Teilnahme am Programm nur in Begleitung von Kindern gestattet.&quot;,&quot;additional_info&quot;:{&quot;icon&quot;:&quot;icon-pin&quot;,&quot;text&quot;:&quot;Der Zugang zum Saal 3 ist im Schl\\u00fcterhof neben dem Skulpturensaal.&quot;},&quot;highlight_header&quot;:false,&quot;featured_images&quot;:[149453],&quot;use_video_in_teasers&quot;:false,&quot;hyphenation&quot;:true,&quot;tipp&quot;:false,&quot;joker&quot;:false,&quot;live&quot;:false,&quot;hide_event_in_program&quot;:false,&quot;gomus_id&quot;:&quot;&quot;,&quot;hm_id&quot;:&quot;&quot;,&quot;times&quot;:[{&quot;start&quot;:&quot;20260517 15:00&quot;,&quot;end&quot;:&quot;15:30&quot;,&quot;status&quot;:&quot;BUY&quot;,&quot;info&quot;:&quot;4 EUR \\\/ erm\\u00e4\\u00dfigt 2 EUR&quot;,&quot;shop&quot;:&quot;https:\\\/\\\/tickets.humboldtforum.org\\\/#\\\/product\\\/event\\\/142?date=2026-05-17&amp;date_id=27931&amp;lang=de&quot;,&quot;i&quot;:3,&quot;start_hour&quot;:&quot;15:00&quot;,&quot;start_HRF&quot;:&quot;So, 17. Mai 2026&quot;,&quot;_date&quot;:{&quot;date&quot;:&quot;2026-05-17 15:30:00.000000&quot;,&quot;timezone_type&quot;:3,&quot;timezone&quot;:&quot;Europe\\\/Berlin&quot;},&quot;_fromdate&quot;:&quot;20260517 15:00&quot;,&quot;start_TS&quot;:1779022800,&quot;start_HRFSHORT&quot;:&quot;17.05.26&quot;,&quot;start_HRFSHORT_WD&quot;:&quot;So 17.05.2026&quot;,&quot;end_TS&quot;:1779024600,&quot;can_purchase&quot;:true},{&quot;start&quot;:&quot;20260531 15:00&quot;,&quot;end&quot;:&quot;15:30&quot;,&quot;status&quot;:&quot;BUY&quot;,&quot;info&quot;:&quot;4 EUR \\\/ erm\\u00e4\\u00dfigt 2 EUR&quot;,&quot;shop&quot;:&quot;https:\\\/\\\/tickets.humboldtforum.org\\\/#\\\/product\\\/event\\\/142?date=2026-05-31&amp;date_id=27937&amp;lang=de&quot;,&quot;i&quot;:4,&quot;start_hour&quot;:&quot;15:00&quot;,&quot;start_HRF&quot;:&quot;So, 31. Mai 2026&quot;,&quot;_date&quot;:{&quot;date&quot;:&quot;2026-05-31 15:30:00.000000&quot;,&quot;timezone_type&quot;:3,&quot;timezone&quot;:&quot;Europe\\\/Berlin&quot;},&quot;_fromdate&quot;:&quot;20260531 15:00&quot;,&quot;start_TS&quot;:1780232400,&quot;start_HRFSHORT&quot;:&quot;31.05.26&quot;,&quot;start_HRFSHORT_WD&quot;:&quot;So 31.05.2026&quot;,&quot;end_TS&quot;:1780234200,&quot;can_purchase&quot;:true}]},&quot;date&quot;:{&quot;NX&quot;:&quot;20260517&quot;,&quot;NXX&quot;:&quot;202605171500&quot;,&quot;NLAST&quot;:&quot;202605311200&quot;,&quot;from_DATE&quot;:&quot;20260314 15:00&quot;,&quot;from&quot;:1773493200,&quot;to&quot;:1780228800,&quot;to_DATE&quot;:&quot;20260531 15:00&quot;,&quot;from_HRFSHORT&quot;:&quot;14. M\\u00e4r 2026&quot;,&quot;from_HRFSHORT_WD&quot;:&quot;Sa 14.03.2026&quot;,&quot;to_HRFSHORT&quot;:&quot;31. Mai 2026&quot;,&quot;to_HRFSHORT_WD&quot;:&quot;So 31.05.2026&quot;,&quot;from_HRF&quot;:&quot;Sa, 14. M\\u00e4rz 2026&quot;,&quot;to_HRF&quot;:&quot;So, 31. Mai 2026&quot;,&quot;from_to_HRF&quot;:&quot;Sa, 14. M\\u00e4rz \\u2013 So, 31. Mai 2026&quot;,&quot;from_to_HRFSHORT&quot;:&quot;14. M\\u00e4r \\u2013 31. Mai 2026&quot;},&quot;alert&quot;:null,&quot;partof&quot;:[&quot;31647&quot;],&quot;marketing_topic&quot;:{&quot;title&quot;:&quot;Bilderbuchkino&quot;,&quot;ID&quot;:&quot;31647&quot;,&quot;reason&quot;:&quot;sequence&quot;}}' inline-template>\n\t<a href=\"https:\/\/www.humboldtforum.org\/de\/programm\/termin\/lesung\/spiel-fantasie-und-familienzauber-149476\/\" class=\"teaser teaser-event teaser-event-standard\">\n\t\t<div class=\"row row-stretch\">\n\t\t\t<div class=\"col-xs-12\">\n\t\t\t\t<div class=\"teaser-event-image\">\n\t\t\t\t\t<div class=\"teaser-image teaser-image-no-alternate\">\n\t\t\t\t\t\t\t\t\t\t\t\t\t\n\t<lazy-media-inline inline-template>\n\t\t<figure itemscope itemtype=\"http:\/\/schema.org\/ImageObject\" class=\"lazy-media-inline \" role=\"group\" id=\"media_69f474a191b09\" aria-labelledby=\"desc_media_69f474a191b09\">\n\t\t\t<script type=\"application\/json\" ref=\"data\">\n\t\t\t\t{\n\t\t\t\t\"sizes\" : {\"medium\":{\"file\":\"SHF_eb00250539-264x300.jpg\",\"width\":264,\"height\":300,\"mime-type\":\"image\\\/jpeg\",\"filesize\":25736},\"large\":{\"file\":\"SHF_eb00250539-902x1024.jpg\",\"width\":902,\"height\":1024,\"mime-type\":\"image\\\/jpeg\",\"filesize\":143700},\"thumbnail\":{\"file\":\"SHF_eb00250539-150x150.jpg\",\"width\":150,\"height\":150,\"mime-type\":\"image\\\/jpeg\",\"filesize\":9896},\"medium_large\":{\"file\":\"SHF_eb00250539-768x871.jpg\",\"width\":768,\"height\":871,\"mime-type\":\"image\\\/jpeg\",\"filesize\":114956},\"small\":{\"file\":\"SHF_eb00250539-388x440.jpg\",\"width\":388,\"height\":440,\"mime-type\":\"image\\\/jpeg\",\"filesize\":44962},\"semi\":{\"file\":\"SHF_eb00250539-511x580.jpg\",\"width\":511,\"height\":580,\"mime-type\":\"image\\\/jpeg\",\"filesize\":65860},\"mobile\":{\"file\":\"SHF_eb00250539-635x720.jpg\",\"width\":635,\"height\":720,\"mime-type\":\"image\\\/jpeg\",\"filesize\":87925},\"hd\":{\"file\":\"SHF_eb00250539-1128x1280.jpg\",\"width\":1128,\"height\":1280,\"mime-type\":\"image\\\/jpeg\",\"filesize\":194718},\"original\":{\"file\":\"SHF_eb00250539.jpg\",\"width\":1322,\"height\":1500}},\n\t\t\t\t\"alt\" : \"Buchcover \\\"Mamas Zaubertuch\\\": Eine Mutter mit Baby, umgeben von bunten, fantasievollen Mustern.\",\n\t\t\t\t\"path\" : \"\\\/wp-content\\\/uploads\\\/2025\\\/07\\\/\",\n\t\t\t\t\"video\" : null,\n\t\t\t\t\"autoplay\" : null,\n\t\t\t\t\"youtube\" : null,\n\t\t\t\t\"youtubelabel\" : \"Video abspielen\",\n\t\t\t\t\"brightness\" : 100,\n\t\t\t\t\"crop\" : {\"top\":\"66.77\",\"left\":\"32.54\"},\n\t\t\t\t\"background\" : true,\n\t\t\t\t\"scale\" : 2\t\t\t\t}\n\t\t\t<\/script>\n\n\t\t\t<div class=\"height-container\" style=\"padding-bottom:113.46444780635%;\" v-if=\"sizes\">\n\t\t\t\t\t\t\t\t<lazy-media :inline=\"true\" :alt=\"alt\" :sizes=\"sizes\" :scale=\"scale\" :brightness=\"brightness\" :path=\"path\" :video=\"video\" :autoplay=\"autoplay\" :youtube=\"youtube\" :crop=\"crop\" :youtubelabel=\"youtubelabel\" :background=\"background\" media-id=\"desc_media_69f474a191b09\"><\/lazy-media>\n\t\t\t\t\t\t\t<\/div>\n\n\t\t\t\t\t\t\t<figcaption class=\"sr-only\" ref=\"body\" id=\"desc_media_69f474a191b09\">\n\t\t\t\t\t\t\t\t\t\t\t<div>Buchcover &quot;Mamas Zaubertuch&quot; von Chimamanda Ngozi Adichie<\/div>\n\t\t\t\t\t\t\t\t\t\t\t\t\t\t\t\t\t\t\t\t\t<div class=\"insignificant\">\u00a9 Fischer Sauerl\u00e4nder<\/div>\n\t\t\t\t\t\t\t\t\t<\/figcaption>\n\t\t\t\t\t<\/figure>\n\t<\/lazy-media-inline>\n\t\t\t\t\t<\/div>\n\t\t\t\t<\/div>\n\t\t\t\t<div class=\"teaser-event-text Infos\">\n\t\t\t\t\t<div class=\"margin-bottom-sixth\">\n\t\t\t\t\t\t<div class=\"margin-bottom-atom\">\n\t\t\t\t\t\t\t<div class=\"subline clamp-1\" v-html=\"maingenre\"><\/div>\n\t\t\t\t\t\t\t\t\t\t\t\t\t\t\t<div class=\"insignificant clamp-2\">Bilderbuchkino<\/div>\n\t\t\t\t\t\t\t\t\t\t\t\t\t<\/div>\n\t\t\t\t\t\n\t\t\t\t\t\t<strong class=\"margin-bottom-atom\">Spiel, Fantasie und Familienzauber<\/strong>\n\n\t\t\t\t\t\t\t\t\t\t\t\t\t<div class=\"\"><\/div>\n\t\t\t\t\t\t\t\t\t\t\t<\/div>\n\t\t\t\t<\/div>\n\t\t\t<\/div>\n\t\t\t<div class=\"col-xs-12 Infos\">\n\t\t\t\t<div class=\"border-bottom \">\n\t\t\t\t\t\t\t\t\t\t\t\t\t\t<calendardateline :rawitem=\"{&quot;postId&quot;:149476,&quot;title&quot;:&quot;Spiel, Fantasie und Familienzauber&quot;,&quot;excerpt&quot;:&quot;&quot;,&quot;slug&quot;:&quot;spiel-fantasie-und-familienzauber&quot;,&quot;post_date&quot;:&quot;2025-07-22T15:38&quot;,&quot;type&quot;:&quot;event&quot;,&quot;permalink&quot;:&quot;https:\\\/\\\/www.humboldtforum.org\\\/de\\\/programm\\\/termin\\\/lesung\\\/spiel-fantasie-und-familienzauber-149476\\\/&quot;,&quot;genre&quot;:[1144,823],&quot;genre_details&quot;:[{&quot;text&quot;:&quot;Lesung&quot;,&quot;id&quot;:1144,&quot;icon&quot;:null,&quot;parent&quot;:0},{&quot;text&quot;:&quot;Schauspiel&quot;,&quot;id&quot;:823,&quot;icon&quot;:null,&quot;parent&quot;:0}],&quot;stakeholder&quot;:[382],&quot;stakeholder_details&quot;:[{&quot;text&quot;:&quot;Stiftung Humboldt Forum im Berliner Schloss&quot;,&quot;id&quot;:382,&quot;icon&quot;:null,&quot;parent&quot;:0}],&quot;targetgroup&quot;:[454],&quot;targetgroup_details&quot;:[{&quot;text&quot;:&quot;Kinder und Familien&quot;,&quot;id&quot;:454,&quot;icon&quot;:null,&quot;parent&quot;:0}],&quot;language&quot;:[384],&quot;language_details&quot;:[{&quot;text&quot;:&quot;Deutsch&quot;,&quot;id&quot;:384,&quot;icon&quot;:null,&quot;parent&quot;:0}],&quot;age&quot;:[443],&quot;age_details&quot;:[{&quot;text&quot;:&quot;Kinder (3-6 Jahre)&quot;,&quot;id&quot;:443,&quot;icon&quot;:null,&quot;parent&quot;:0}],&quot;place&quot;:[424],&quot;place_details&quot;:{&quot;place&quot;:&quot;Humboldt Forum&quot;,&quot;map&quot;:&quot;Humboldt Forum, Schlossplatz, Berlin&quot;,&quot;room&quot;:&quot;Saal 3, EG&quot;},&quot;icon_overwrite&quot;:&quot;&quot;,&quot;acf&quot;:{&quot;noindex&quot;:false,&quot;keywords&quot;:&quot;&quot;,&quot;hashtag&quot;:&quot;HumboldtForum&quot;,&quot;belongsto&quot;:[31647,148458,151103],&quot;shorturl&quot;:&quot;&quot;,&quot;planning&quot;:{&quot;price&quot;:&quot;4 EUR \\\/ erm\\u00e4\\u00dfigt 2 EUR&quot;,&quot;admission&quot;:&quot;&quot;,&quot;pause&quot;:&quot;&quot;,&quot;duration&quot;:&quot;30&quot;},&quot;tickettext&quot;:&quot;Bitte buchen Sie Ihr Ticket vorab online oder an der Kasse im Foyer.&quot;,&quot;infotext&quot;:&quot;Wir bitten um Verst\\u00e4ndnis: Erwachsenen ist die Teilnahme am Programm nur in Begleitung von Kindern gestattet.&quot;,&quot;additional_info&quot;:{&quot;icon&quot;:&quot;icon-pin&quot;,&quot;text&quot;:&quot;Der Zugang zum Saal 3 ist im Schl\\u00fcterhof neben dem Skulpturensaal.&quot;},&quot;highlight_header&quot;:false,&quot;featured_images&quot;:[149453],&quot;use_video_in_teasers&quot;:false,&quot;hyphenation&quot;:true,&quot;tipp&quot;:false,&quot;joker&quot;:false,&quot;live&quot;:false,&quot;hide_event_in_program&quot;:false,&quot;gomus_id&quot;:&quot;&quot;,&quot;hm_id&quot;:&quot;&quot;,&quot;times&quot;:[{&quot;start&quot;:&quot;20260517 15:00&quot;,&quot;end&quot;:&quot;15:30&quot;,&quot;status&quot;:&quot;BUY&quot;,&quot;info&quot;:&quot;4 EUR \\\/ erm\\u00e4\\u00dfigt 2 EUR&quot;,&quot;shop&quot;:&quot;https:\\\/\\\/tickets.humboldtforum.org\\\/#\\\/product\\\/event\\\/142?date=2026-05-17&amp;date_id=27931&amp;lang=de&quot;,&quot;i&quot;:3,&quot;start_hour&quot;:&quot;15:00&quot;,&quot;start_HRF&quot;:&quot;So, 17. Mai 2026&quot;,&quot;_date&quot;:{&quot;date&quot;:&quot;2026-05-17 15:30:00.000000&quot;,&quot;timezone_type&quot;:3,&quot;timezone&quot;:&quot;Europe\\\/Berlin&quot;},&quot;_fromdate&quot;:&quot;20260517 15:00&quot;,&quot;start_TS&quot;:1779022800,&quot;start_HRFSHORT&quot;:&quot;17.05.26&quot;,&quot;start_HRFSHORT_WD&quot;:&quot;So 17.05.2026&quot;,&quot;end_TS&quot;:1779024600,&quot;can_purchase&quot;:true}]},&quot;date&quot;:{&quot;NX&quot;:&quot;20260517&quot;,&quot;NXX&quot;:&quot;202605171500&quot;,&quot;NLAST&quot;:&quot;202605311200&quot;,&quot;from_DATE&quot;:&quot;20260314 15:00&quot;,&quot;from&quot;:1773493200,&quot;to&quot;:1780228800,&quot;to_DATE&quot;:&quot;20260531 15:00&quot;,&quot;from_HRFSHORT&quot;:&quot;14. M\\u00e4r 2026&quot;,&quot;from_HRFSHORT_WD&quot;:&quot;Sa 14.03.2026&quot;,&quot;to_HRFSHORT&quot;:&quot;31. Mai 2026&quot;,&quot;to_HRFSHORT_WD&quot;:&quot;So 31.05.2026&quot;,&quot;from_HRF&quot;:&quot;Sa, 14. M\\u00e4rz 2026&quot;,&quot;to_HRF&quot;:&quot;So, 31. Mai 2026&quot;,&quot;from_to_HRF&quot;:&quot;Sa, 14. M\\u00e4rz \\u2013 So, 31. Mai 2026&quot;,&quot;from_to_HRFSHORT&quot;:&quot;14. M\\u00e4r \\u2013 31. Mai 2026&quot;},&quot;alert&quot;:null,&quot;partof&quot;:[&quot;31647&quot;],&quot;marketing_topic&quot;:{&quot;title&quot;:&quot;Bilderbuchkino&quot;,&quot;ID&quot;:&quot;31647&quot;,&quot;reason&quot;:&quot;sequence&quot;}}\" :force-first=\"true\" :show-icon=\"true\"><\/calendardateline>\n\t\t\t\t\t\t\t\t\t<div class=\"margin-bottom-atom\"><hr><\/div>\n\t\t\t\t\t\t\t\t\t\t\t\t\t\t\t\t\t<calendardateline :rawitem=\"{&quot;postId&quot;:149476,&quot;title&quot;:&quot;Spiel, Fantasie und Familienzauber&quot;,&quot;excerpt&quot;:&quot;&quot;,&quot;slug&quot;:&quot;spiel-fantasie-und-familienzauber&quot;,&quot;post_date&quot;:&quot;2025-07-22T15:38&quot;,&quot;type&quot;:&quot;event&quot;,&quot;permalink&quot;:&quot;https:\\\/\\\/www.humboldtforum.org\\\/de\\\/programm\\\/termin\\\/lesung\\\/spiel-fantasie-und-familienzauber-149476\\\/&quot;,&quot;genre&quot;:[1144,823],&quot;genre_details&quot;:[{&quot;text&quot;:&quot;Lesung&quot;,&quot;id&quot;:1144,&quot;icon&quot;:null,&quot;parent&quot;:0},{&quot;text&quot;:&quot;Schauspiel&quot;,&quot;id&quot;:823,&quot;icon&quot;:null,&quot;parent&quot;:0}],&quot;stakeholder&quot;:[382],&quot;stakeholder_details&quot;:[{&quot;text&quot;:&quot;Stiftung Humboldt Forum im Berliner Schloss&quot;,&quot;id&quot;:382,&quot;icon&quot;:null,&quot;parent&quot;:0}],&quot;targetgroup&quot;:[454],&quot;targetgroup_details&quot;:[{&quot;text&quot;:&quot;Kinder und Familien&quot;,&quot;id&quot;:454,&quot;icon&quot;:null,&quot;parent&quot;:0}],&quot;language&quot;:[384],&quot;language_details&quot;:[{&quot;text&quot;:&quot;Deutsch&quot;,&quot;id&quot;:384,&quot;icon&quot;:null,&quot;parent&quot;:0}],&quot;age&quot;:[443],&quot;age_details&quot;:[{&quot;text&quot;:&quot;Kinder (3-6 Jahre)&quot;,&quot;id&quot;:443,&quot;icon&quot;:null,&quot;parent&quot;:0}],&quot;place&quot;:[424],&quot;place_details&quot;:{&quot;place&quot;:&quot;Humboldt Forum&quot;,&quot;map&quot;:&quot;Humboldt Forum, Schlossplatz, Berlin&quot;,&quot;room&quot;:&quot;Saal 3, EG&quot;},&quot;icon_overwrite&quot;:&quot;&quot;,&quot;acf&quot;:{&quot;noindex&quot;:false,&quot;keywords&quot;:&quot;&quot;,&quot;hashtag&quot;:&quot;HumboldtForum&quot;,&quot;belongsto&quot;:[31647,148458,151103],&quot;shorturl&quot;:&quot;&quot;,&quot;planning&quot;:{&quot;price&quot;:&quot;4 EUR \\\/ erm\\u00e4\\u00dfigt 2 EUR&quot;,&quot;admission&quot;:&quot;&quot;,&quot;pause&quot;:&quot;&quot;,&quot;duration&quot;:&quot;30&quot;},&quot;tickettext&quot;:&quot;Bitte buchen Sie Ihr Ticket vorab online oder an der Kasse im Foyer.&quot;,&quot;infotext&quot;:&quot;Wir bitten um Verst\\u00e4ndnis: Erwachsenen ist die Teilnahme am Programm nur in Begleitung von Kindern gestattet.&quot;,&quot;additional_info&quot;:{&quot;icon&quot;:&quot;icon-pin&quot;,&quot;text&quot;:&quot;Der Zugang zum Saal 3 ist im Schl\\u00fcterhof neben dem Skulpturensaal.&quot;},&quot;highlight_header&quot;:false,&quot;featured_images&quot;:[149453],&quot;use_video_in_teasers&quot;:false,&quot;hyphenation&quot;:true,&quot;tipp&quot;:false,&quot;joker&quot;:false,&quot;live&quot;:false,&quot;hide_event_in_program&quot;:false,&quot;gomus_id&quot;:&quot;&quot;,&quot;hm_id&quot;:&quot;&quot;,&quot;times&quot;:[{&quot;start&quot;:&quot;20260531 15:00&quot;,&quot;end&quot;:&quot;15:30&quot;,&quot;status&quot;:&quot;BUY&quot;,&quot;info&quot;:&quot;4 EUR \\\/ erm\\u00e4\\u00dfigt 2 EUR&quot;,&quot;shop&quot;:&quot;https:\\\/\\\/tickets.humboldtforum.org\\\/#\\\/product\\\/event\\\/142?date=2026-05-31&amp;date_id=27937&amp;lang=de&quot;,&quot;i&quot;:4,&quot;start_hour&quot;:&quot;15:00&quot;,&quot;start_HRF&quot;:&quot;So, 31. Mai 2026&quot;,&quot;_date&quot;:{&quot;date&quot;:&quot;2026-05-31 15:30:00.000000&quot;,&quot;timezone_type&quot;:3,&quot;timezone&quot;:&quot;Europe\\\/Berlin&quot;},&quot;_fromdate&quot;:&quot;20260531 15:00&quot;,&quot;start_TS&quot;:1780232400,&quot;start_HRFSHORT&quot;:&quot;31.05.26&quot;,&quot;start_HRFSHORT_WD&quot;:&quot;So 31.05.2026&quot;,&quot;end_TS&quot;:1780234200,&quot;can_purchase&quot;:true}]},&quot;date&quot;:{&quot;NX&quot;:&quot;20260517&quot;,&quot;NXX&quot;:&quot;202605171500&quot;,&quot;NLAST&quot;:&quot;202605311200&quot;,&quot;from_DATE&quot;:&quot;20260314 15:00&quot;,&quot;from&quot;:1773493200,&quot;to&quot;:1780228800,&quot;to_DATE&quot;:&quot;20260531 15:00&quot;,&quot;from_HRFSHORT&quot;:&quot;14. M\\u00e4r 2026&quot;,&quot;from_HRFSHORT_WD&quot;:&quot;Sa 14.03.2026&quot;,&quot;to_HRFSHORT&quot;:&quot;31. Mai 2026&quot;,&quot;to_HRFSHORT_WD&quot;:&quot;So 31.05.2026&quot;,&quot;from_HRF&quot;:&quot;Sa, 14. M\\u00e4rz 2026&quot;,&quot;to_HRF&quot;:&quot;So, 31. Mai 2026&quot;,&quot;from_to_HRF&quot;:&quot;Sa, 14. M\\u00e4rz \\u2013 So, 31. Mai 2026&quot;,&quot;from_to_HRFSHORT&quot;:&quot;14. M\\u00e4r \\u2013 31. Mai 2026&quot;},&quot;alert&quot;:null,&quot;partof&quot;:[&quot;31647&quot;],&quot;marketing_topic&quot;:{&quot;title&quot;:&quot;Bilderbuchkino&quot;,&quot;ID&quot;:&quot;31647&quot;,&quot;reason&quot;:&quot;sequence&quot;}}\" :force-first=\"true\" :show-icon=\"true\"><\/calendardateline>\n\t\t\t\t\t\t\t\t\t<div class=\"margin-bottom-atom\"><hr><\/div>\n\t\t\t\t\t\t\t\t<div class=\"event-times-fadeout center-xs\">&nbsp;<\/div>\t\t\t\t\t\n\t\t\t\t<\/div>\n\t\t\t<\/div>\n\t\t<\/div>\n\t<\/a>\n\t<\/calendarteaser>\n<\/li>\n<li class=\"col-xs-6 col-sm-4 col-md-3 teaser-wrapper col-padding-remove\">\n\t<calendarteaser key=\"1513586181\" rawitem='{&quot;postId&quot;:151358,&quot;title&quot;:&quot;Klangverwandtschaften&quot;,&quot;excerpt&quot;:&quot;&quot;,&quot;slug&quot;:&quot;klangverwandschaften&quot;,&quot;post_date&quot;:&quot;2025-09-05T16:46&quot;,&quot;type&quot;:&quot;event&quot;,&quot;permalink&quot;:&quot;https:\\\/\\\/www.humboldtforum.org\\\/de\\\/programm\\\/termin\\\/konzert\\\/klangverwandschaften-151358\\\/&quot;,&quot;genre&quot;:[393],&quot;genre_details&quot;:[{&quot;text&quot;:&quot;Konzert&quot;,&quot;id&quot;:393,&quot;icon&quot;:null,&quot;parent&quot;:0}],&quot;place&quot;:[1179],&quot;place_details&quot;:{&quot;place&quot;:&quot;Humboldt Forum&quot;,&quot;map&quot;:&quot;Humboldt Forum, Schlossplatz, Berlin&quot;,&quot;room&quot;:&quot;Saal 1, EG&quot;},&quot;icon_overwrite&quot;:&quot;&quot;,&quot;acf&quot;:{&quot;noindex&quot;:false,&quot;keywords&quot;:&quot;&quot;,&quot;hashtag&quot;:&quot;HumboldtForum&quot;,&quot;belongsto&quot;:[148458],&quot;shorturl&quot;:&quot;&quot;,&quot;times&quot;:[],&quot;planning&quot;:{&quot;price&quot;:&quot;20 EUR \\\/ erm\\u00e4\\u00dfigt 10 EUR &quot;,&quot;admission&quot;:&quot;&quot;,&quot;pause&quot;:&quot;&quot;,&quot;duration&quot;:&quot;&quot;},&quot;subline&quot;:&quot;Das Resident Music Collective spielt Musik zum Programm \\&quot;Beziehungsweise Familie\\&quot;&quot;,&quot;additional_info&quot;:{&quot;icon&quot;:&quot;0&quot;,&quot;text&quot;:&quot;&quot;},&quot;highlight_header&quot;:false,&quot;use_video_in_teasers&quot;:false,&quot;hyphenation&quot;:true,&quot;tipp&quot;:false,&quot;joker&quot;:false,&quot;live&quot;:false,&quot;hide_event_in_program&quot;:false,&quot;gomus_id&quot;:&quot;&quot;,&quot;featured_images&quot;:[151360],&quot;hm_id&quot;:&quot;&quot;,&quot;highlight_header_image&quot;:151360,&quot;has_mobile_format&quot;:false},&quot;date&quot;:{&quot;NX&quot;:null,&quot;NXX&quot;:null,&quot;NLAST&quot;:&quot;202604051500&quot;,&quot;from_DATE&quot;:&quot;20260403 19:00&quot;,&quot;from&quot;:1775228400,&quot;to&quot;:1775401200,&quot;to_DATE&quot;:&quot;20260405 19:00&quot;,&quot;from_HRFSHORT&quot;:&quot; 3. Apr 2026&quot;,&quot;from_HRFSHORT_WD&quot;:&quot;Fr 03.04.2026&quot;,&quot;to_HRFSHORT&quot;:&quot; 5. Apr 2026&quot;,&quot;to_HRFSHORT_WD&quot;:&quot;So 05.04.2026&quot;,&quot;from_HRF&quot;:&quot;Fr,  3. April 2026&quot;,&quot;to_HRF&quot;:&quot;So,  5. April 2026&quot;,&quot;from_to_HRF&quot;:&quot;Fr,  3. April \\u2013 So,  5. April 2026&quot;,&quot;from_to_HRFSHORT&quot;:&quot; 3. Apr \\u2013  5. Apr 2026&quot;},&quot;alert&quot;:null,&quot;partof&quot;:[],&quot;marketing_topic&quot;:{&quot;title&quot;:&quot;Beziehungsweise Familie&quot;,&quot;ID&quot;:148458,&quot;reason&quot;:&quot;belongsto&quot;}}' inline-template>\n\t<a href=\"https:\/\/www.humboldtforum.org\/de\/programm\/termin\/konzert\/klangverwandschaften-151358\/\" class=\"teaser teaser-event teaser-event-standard\">\n\t\t<div class=\"row row-stretch\">\n\t\t\t<div class=\"col-xs-12\">\n\t\t\t\t<div class=\"teaser-event-image\">\n\t\t\t\t\t<div class=\"teaser-image teaser-image-no-alternate\">\n\t\t\t\t\t\t\t\t\t\t\t\t\t\n\t<lazy-media-inline inline-template>\n\t\t<figure itemscope itemtype=\"http:\/\/schema.org\/ImageObject\" class=\"lazy-media-inline \" role=\"group\" id=\"media_69f474a192570\" aria-labelledby=\"desc_media_69f474a192570\">\n\t\t\t<script type=\"application\/json\" ref=\"data\">\n\t\t\t\t{\n\t\t\t\t\"sizes\" : {\"medium\":{\"file\":\"SHF_eb00220209-300x200.jpg\",\"width\":300,\"height\":200,\"mime-type\":\"image\\\/jpeg\",\"filesize\":13759},\"large\":{\"file\":\"SHF_eb00220209-1024x683.jpg\",\"width\":1024,\"height\":683,\"mime-type\":\"image\\\/jpeg\",\"filesize\":92455},\"thumbnail\":{\"file\":\"SHF_eb00220209-150x150.jpg\",\"width\":150,\"height\":150,\"mime-type\":\"image\\\/jpeg\",\"filesize\":6636},\"medium_large\":{\"file\":\"SHF_eb00220209-768x512.jpg\",\"width\":768,\"height\":512,\"mime-type\":\"image\\\/jpeg\",\"filesize\":55908},\"small\":{\"file\":\"SHF_eb00220209-440x293.jpg\",\"width\":440,\"height\":293,\"mime-type\":\"image\\\/jpeg\",\"filesize\":24064},\"semi\":{\"file\":\"SHF_eb00220209-580x387.jpg\",\"width\":580,\"height\":387,\"mime-type\":\"image\\\/jpeg\",\"filesize\":36579},\"mobile\":{\"file\":\"SHF_eb00220209-720x480.jpg\",\"width\":720,\"height\":480,\"mime-type\":\"image\\\/jpeg\",\"filesize\":50391},\"hd\":{\"file\":\"SHF_eb00220209-1280x853.jpg\",\"width\":1280,\"height\":853,\"mime-type\":\"image\\\/jpeg\",\"filesize\":140713},\"full\":{\"file\":\"SHF_eb00220209-1920x1280.jpg\",\"width\":1920,\"height\":1280,\"mime-type\":\"image\\\/jpeg\",\"filesize\":324955},\"xxl\":{\"file\":\"SHF_eb00220209-4048x2699.jpg\",\"width\":4048,\"height\":2699,\"mime-type\":\"image\\\/jpeg\",\"filesize\":1723460},\"1536x1536\":{\"file\":\"SHF_eb00220209-1536x1024.jpg\",\"width\":1536,\"height\":1024,\"mime-type\":\"image\\\/jpeg\",\"filesize\":201653},\"2048x2048\":{\"file\":\"SHF_eb00220209-2048x1365.jpg\",\"width\":2048,\"height\":1365,\"mime-type\":\"image\\\/jpeg\",\"filesize\":373663},\"original\":{\"file\":\"SHF_eb00220209.jpg\",\"width\":6000,\"height\":4000}},\n\t\t\t\t\"alt\" : \"Resident Music Collective\",\n\t\t\t\t\"path\" : \"\\\/wp-content\\\/uploads\\\/2025\\\/09\\\/\",\n\t\t\t\t\"video\" : null,\n\t\t\t\t\"autoplay\" : null,\n\t\t\t\t\"youtube\" : null,\n\t\t\t\t\"youtubelabel\" : \"Video abspielen\",\n\t\t\t\t\"brightness\" : 100,\n\t\t\t\t\"crop\" : {\"top\":\"39.58\",\"left\":\"49.45\"},\n\t\t\t\t\"background\" : true,\n\t\t\t\t\"scale\" : 2\t\t\t\t}\n\t\t\t<\/script>\n\n\t\t\t<div class=\"height-container\" style=\"padding-bottom:66.666666666667%;\" v-if=\"sizes\">\n\t\t\t\t\t\t\t\t<lazy-media :inline=\"true\" :alt=\"alt\" :sizes=\"sizes\" :scale=\"scale\" :brightness=\"brightness\" :path=\"path\" :video=\"video\" :autoplay=\"autoplay\" :youtube=\"youtube\" :crop=\"crop\" :youtubelabel=\"youtubelabel\" :background=\"background\" media-id=\"desc_media_69f474a192570\"><\/lazy-media>\n\t\t\t\t\t\t\t<\/div>\n\n\t\t\t\t\t\t\t<figcaption class=\"sr-only\" ref=\"body\" id=\"desc_media_69f474a192570\">\n\t\t\t\t\t\t\t\t\t\t\t\t\t\t\t\t<div>Resident Music Collective <\/div>\n\t\t\t\t\t\t\t\t\t\t\t\t\t\t\t\t<div class=\"insignificant\">\u00a9 Stiftung Humboldt Forum im Berliner Schloss, Foto: Frank Sperling<\/div>\n\t\t\t\t\t\t\t\t\t<\/figcaption>\n\t\t\t\t\t<\/figure>\n\t<\/lazy-media-inline>\n\t\t\t\t\t<\/div>\n\t\t\t\t<\/div>\n\t\t\t\t<div class=\"teaser-event-text Infos\">\n\t\t\t\t\t<div class=\"margin-bottom-sixth\">\n\t\t\t\t\t\t<div class=\"margin-bottom-atom\">\n\t\t\t\t\t\t\t<div class=\"subline clamp-1\" v-html=\"maingenre\"><\/div>\n\t\t\t\t\t\t\t\t\t\t\t\t\t\t\t<div class=\"insignificant clamp-2\">Beziehungsweise Familie<\/div>\n\t\t\t\t\t\t\t\t\t\t\t\t\t<\/div>\n\t\t\t\t\t\n\t\t\t\t\t\t<strong class=\"margin-bottom-atom\">Klangverwandtschaften<\/strong>\n\n\t\t\t\t\t\t\t\t\t\t\t\t\t<div class=\"\">Das Resident Music Collective spielt Musik zum Programm &#8222;Beziehungsweise Familie&#8220;<\/div>\n\t\t\t\t\t\t\t\t\t\t\t<\/div>\n\t\t\t\t<\/div>\n\t\t\t<\/div>\n\t\t\t<div class=\"col-xs-12 Infos\">\n\t\t\t\t<div class=\"border-bottom \">\n\t\t\t\t\t\t\t\t\t\t\t<calendardateline :rawitem='item' :show-icon=\"true\"><\/calendardateline>\n\t\t\t\t\t\t<div class=\"margin-bottom-atom\"><hr><\/div>\n\t\t\t\t\t\t<div class=\"event-times-fadeout center-xs\">&nbsp;<\/div>\n\t\t\t\t\t\t\t\t\t\t\n\t\t\t\t<\/div>\n\t\t\t<\/div>\n\t\t<\/div>\n\t<\/a>\n\t<\/calendarteaser>\n<\/li>\n<li class=\"col-xs-6 col-sm-4 col-md-3 teaser-wrapper col-padding-remove\">\n\t<calendarteaser key=\"1513696087\" rawitem='{&quot;postId&quot;:151369,&quot;title&quot;:&quot;P\\u00e8re(s)-Fille(s)&quot;,&quot;excerpt&quot;:&quot;&quot;,&quot;slug&quot;:&quot;peres-filles&quot;,&quot;post_date&quot;:&quot;2025-09-05T17:37&quot;,&quot;type&quot;:&quot;event&quot;,&quot;permalink&quot;:&quot;https:\\\/\\\/www.humboldtforum.org\\\/de\\\/programm\\\/termin\\\/film-video\\\/peres-filles-151369\\\/&quot;,&quot;genre&quot;:[729],&quot;genre_details&quot;:[{&quot;text&quot;:&quot;Film\\\/Video&quot;,&quot;id&quot;:729,&quot;icon&quot;:null,&quot;parent&quot;:0}],&quot;targetgroup&quot;:[383,455,454],&quot;targetgroup_details&quot;:[{&quot;text&quot;:&quot;Erwachsene&quot;,&quot;id&quot;:383,&quot;icon&quot;:null,&quot;parent&quot;:0},{&quot;text&quot;:&quot;Jugendliche&quot;,&quot;id&quot;:455,&quot;icon&quot;:null,&quot;parent&quot;:0},{&quot;text&quot;:&quot;Kinder und Familien&quot;,&quot;id&quot;:454,&quot;icon&quot;:null,&quot;parent&quot;:0}],&quot;place&quot;:[957],&quot;place_details&quot;:{&quot;place&quot;:&quot;Humboldt Forum&quot;,&quot;map&quot;:&quot;Humboldt Forum, Schlossplatz, Berlin&quot;,&quot;room&quot;:&quot;Foyer&quot;},&quot;icon_overwrite&quot;:&quot;&quot;,&quot;acf&quot;:{&quot;noindex&quot;:false,&quot;keywords&quot;:&quot;&quot;,&quot;hashtag&quot;:&quot;HumboldtForum&quot;,&quot;belongsto&quot;:[148458],&quot;shorturl&quot;:&quot;&quot;,&quot;times&quot;:[],&quot;planning&quot;:{&quot;price&quot;:&quot;Eintritt frei&quot;,&quot;admission&quot;:&quot;&quot;,&quot;pause&quot;:&quot;&quot;,&quot;duration&quot;:&quot;&quot;},&quot;subline&quot;:&quot;Eine Filmserie \\u00fcber Vater\\u2013Tochter-Beziehungen &quot;,&quot;additional_info&quot;:{&quot;icon&quot;:&quot;icon-sprachen&quot;,&quot;text&quot;:&quot;Franz\\u00f6sisch mit deutscher Untertitelung&quot;},&quot;highlight_header&quot;:false,&quot;featured_images&quot;:[151372],&quot;use_video_in_teasers&quot;:false,&quot;hyphenation&quot;:true,&quot;tipp&quot;:false,&quot;joker&quot;:false,&quot;live&quot;:false,&quot;hide_event_in_program&quot;:false,&quot;gomus_id&quot;:&quot;&quot;,&quot;hm_id&quot;:&quot;&quot;},&quot;date&quot;:{&quot;NX&quot;:null,&quot;NXX&quot;:null,&quot;NLAST&quot;:&quot;202510050630&quot;,&quot;from_DATE&quot;:&quot;20251005 10:30&quot;,&quot;from&quot;:1759645800,&quot;to&quot;:1759645800,&quot;to_DATE&quot;:&quot;20251005 10:30&quot;,&quot;from_HRFSHORT&quot;:&quot; 5. Okt 2025&quot;,&quot;from_HRFSHORT_WD&quot;:&quot;So 05.10.2025&quot;,&quot;to_HRFSHORT&quot;:&quot; 5. Okt 2025&quot;,&quot;to_HRFSHORT_WD&quot;:&quot;So 05.10.2025&quot;,&quot;from_HRF&quot;:&quot;So,  5. Oktober 2025&quot;,&quot;to_HRF&quot;:&quot;So,  5. Oktober 2025&quot;,&quot;from_to_HRF&quot;:&quot;So,  5. Oktober \\u2013 So,  5. Oktober 2025&quot;,&quot;from_to_HRFSHORT&quot;:&quot; 5. Okt \\u2013  5. Okt 2025&quot;},&quot;alert&quot;:null,&quot;partof&quot;:[],&quot;marketing_topic&quot;:{&quot;title&quot;:&quot;Beziehungsweise Familie&quot;,&quot;ID&quot;:148458,&quot;reason&quot;:&quot;belongsto&quot;}}' inline-template>\n\t<a href=\"https:\/\/www.humboldtforum.org\/de\/programm\/termin\/film-video\/peres-filles-151369\/\" class=\"teaser teaser-event teaser-event-standard\">\n\t\t<div class=\"row row-stretch\">\n\t\t\t<div class=\"col-xs-12\">\n\t\t\t\t<div class=\"teaser-event-image\">\n\t\t\t\t\t<div class=\"teaser-image teaser-image-no-alternate\">\n\t\t\t\t\t\t\t\t\t\t\t\t\t\n\t<lazy-media-inline inline-template>\n\t\t<figure itemscope itemtype=\"http:\/\/schema.org\/ImageObject\" class=\"lazy-media-inline \" role=\"group\" id=\"media_69f474a192e70\" aria-labelledby=\"desc_media_69f474a192e70\">\n\t\t\t<script type=\"application\/json\" ref=\"data\">\n\t\t\t\t{\n\t\t\t\t\"sizes\" : {\"medium\":{\"file\":\"SHF_eb00251268-1-300x165.jpg\",\"width\":300,\"height\":165,\"mime-type\":\"image\\\/jpeg\",\"filesize\":8752},\"large\":{\"file\":\"SHF_eb00251268-1-1024x565.jpg\",\"width\":1024,\"height\":565,\"mime-type\":\"image\\\/jpeg\",\"filesize\":51598},\"thumbnail\":{\"file\":\"SHF_eb00251268-1-150x150.jpg\",\"width\":150,\"height\":150,\"mime-type\":\"image\\\/jpeg\",\"filesize\":5063},\"medium_large\":{\"file\":\"SHF_eb00251268-1-768x424.jpg\",\"width\":768,\"height\":424,\"mime-type\":\"image\\\/jpeg\",\"filesize\":33619},\"small\":{\"file\":\"SHF_eb00251268-1-440x243.jpg\",\"width\":440,\"height\":243,\"mime-type\":\"image\\\/jpeg\",\"filesize\":15126},\"semi\":{\"file\":\"SHF_eb00251268-1-580x320.jpg\",\"width\":580,\"height\":320,\"mime-type\":\"image\\\/jpeg\",\"filesize\":21999},\"mobile\":{\"file\":\"SHF_eb00251268-1-720x397.jpg\",\"width\":720,\"height\":397,\"mime-type\":\"image\\\/jpeg\",\"filesize\":29863},\"original\":{\"file\":\"SHF_eb00251268-1.jpg\",\"width\":1280,\"height\":706}},\n\t\t\t\t\"alt\" : \"Junge Frau und \\u00e4lterer Mann in urbaner Umgebung, in einem emotionalen, nachdenklichen Moment. Schwarz-Wei\\u00df.\",\n\t\t\t\t\"path\" : \"\\\/wp-content\\\/uploads\\\/2025\\\/09\\\/\",\n\t\t\t\t\"video\" : null,\n\t\t\t\t\"autoplay\" : null,\n\t\t\t\t\"youtube\" : null,\n\t\t\t\t\"youtubelabel\" : \"Video abspielen\",\n\t\t\t\t\"brightness\" : 100,\n\t\t\t\t\"crop\" : {\"top\":\"50.00\",\"left\":\"50.00\"},\n\t\t\t\t\"background\" : true,\n\t\t\t\t\"scale\" : 2\t\t\t\t}\n\t\t\t<\/script>\n\n\t\t\t<div class=\"height-container\" style=\"padding-bottom:55.15625%;\" v-if=\"sizes\">\n\t\t\t\t\t\t\t\t<lazy-media :inline=\"true\" :alt=\"alt\" :sizes=\"sizes\" :scale=\"scale\" :brightness=\"brightness\" :path=\"path\" :video=\"video\" :autoplay=\"autoplay\" :youtube=\"youtube\" :crop=\"crop\" :youtubelabel=\"youtubelabel\" :background=\"background\" media-id=\"desc_media_69f474a192e70\"><\/lazy-media>\n\t\t\t\t\t\t\t<\/div>\n\n\t\t\t\t\t\t\t<figcaption class=\"sr-only\" ref=\"body\" id=\"desc_media_69f474a192e70\">\n\t\t\t\t\t\t\t\t\t\t\t\t\t\t\t\t<div>Foto aus der Serie &quot;P&egrave;re(s)-Fille(s)&quot;  <\/div>\n\t\t\t\t\t\t\t\t\t\t\t\t\t\t\t\t<div class=\"insignificant\">\u00a9 GIZ &#8211; S4D S\u00e9n\u00e9gal, Foto: Jimmy Sohm<\/div>\n\t\t\t\t\t\t\t\t\t<\/figcaption>\n\t\t\t\t\t<\/figure>\n\t<\/lazy-media-inline>\n\t\t\t\t\t<\/div>\n\t\t\t\t<\/div>\n\t\t\t\t<div class=\"teaser-event-text Infos\">\n\t\t\t\t\t<div class=\"margin-bottom-sixth\">\n\t\t\t\t\t\t<div class=\"margin-bottom-atom\">\n\t\t\t\t\t\t\t<div class=\"subline clamp-1\" v-html=\"maingenre\"><\/div>\n\t\t\t\t\t\t\t\t\t\t\t\t\t\t\t<div class=\"insignificant clamp-2\">Beziehungsweise Familie<\/div>\n\t\t\t\t\t\t\t\t\t\t\t\t\t<\/div>\n\t\t\t\t\t\n\t\t\t\t\t\t<strong class=\"margin-bottom-atom\">P\u00e8re(s)-Fille(s)<\/strong>\n\n\t\t\t\t\t\t\t\t\t\t\t\t\t<div class=\"\">Eine Filmserie \u00fcber Vater\u2013Tochter-Beziehungen <\/div>\n\t\t\t\t\t\t\t\t\t\t\t<\/div>\n\t\t\t\t<\/div>\n\t\t\t<\/div>\n\t\t\t<div class=\"col-xs-12 Infos\">\n\t\t\t\t<div class=\"border-bottom \">\n\t\t\t\t\t\t\t\t\t\t\t<calendardateline :rawitem='item' :show-icon=\"true\"><\/calendardateline>\n\t\t\t\t\t\t<div class=\"margin-bottom-atom\"><hr><\/div>\n\t\t\t\t\t\t<div class=\"event-times-fadeout center-xs\">&nbsp;<\/div>\n\t\t\t\t\t\t\t\t\t\t\n\t\t\t\t<\/div>\n\t\t\t<\/div>\n\t\t<\/div>\n\t<\/a>\n\t<\/calendarteaser>\n<\/li>\n<li class=\"col-xs-6 col-sm-4 col-md-3 teaser-wrapper col-padding-remove\">\n\t<calendarteaser key=\"14390521305\" rawitem='{&quot;postId&quot;:143905,&quot;title&quot;:&quot;Schatzkiste&quot;,&quot;excerpt&quot;:&quot;&quot;,&quot;slug&quot;:&quot;schatzkiste-2&quot;,&quot;post_date&quot;:&quot;2025-03-06T11:54&quot;,&quot;type&quot;:&quot;event&quot;,&quot;permalink&quot;:&quot;https:\\\/\\\/www.humboldtforum.org\\\/de\\\/programm\\\/termin\\\/drop-in\\\/schatzkiste-2-143905\\\/&quot;,&quot;genre&quot;:[839],&quot;genre_details&quot;:[{&quot;text&quot;:&quot;Drop-In&quot;,&quot;id&quot;:839,&quot;icon&quot;:null,&quot;parent&quot;:0}],&quot;stakeholder&quot;:[382],&quot;stakeholder_details&quot;:[{&quot;text&quot;:&quot;Stiftung Humboldt Forum im Berliner Schloss&quot;,&quot;id&quot;:382,&quot;icon&quot;:null,&quot;parent&quot;:0}],&quot;targetgroup&quot;:[454],&quot;targetgroup_details&quot;:[{&quot;text&quot;:&quot;Kinder und Familien&quot;,&quot;id&quot;:454,&quot;icon&quot;:null,&quot;parent&quot;:0}],&quot;language&quot;:[384,385],&quot;language_details&quot;:[{&quot;text&quot;:&quot;Deutsch&quot;,&quot;id&quot;:384,&quot;icon&quot;:null,&quot;parent&quot;:0},{&quot;text&quot;:&quot;Englisch&quot;,&quot;id&quot;:385,&quot;icon&quot;:null,&quot;parent&quot;:0}],&quot;place&quot;:[1034],&quot;place_details&quot;:{&quot;place&quot;:&quot;Humboldt Forum&quot;,&quot;map&quot;:&quot;Humboldt Forum, Schlossplatz, Berlin&quot;,&quot;room&quot;:&quot;Werkr\\u00e4ume, 1. OG&quot;},&quot;icon_overwrite&quot;:&quot;&quot;,&quot;acf&quot;:{&quot;noindex&quot;:false,&quot;keywords&quot;:&quot;&quot;,&quot;hashtag&quot;:&quot;HumboldtForum&quot;,&quot;belongsto&quot;:false,&quot;shorturl&quot;:&quot;&quot;,&quot;times&quot;:[{&quot;start&quot;:&quot;20260503 12:00&quot;,&quot;end&quot;:&quot;15:00&quot;,&quot;status&quot;:&quot;JOIN&quot;,&quot;info&quot;:&quot;kostenfrei&quot;,&quot;shop&quot;:&quot;&quot;,&quot;i&quot;:0,&quot;start_hour&quot;:&quot;12:00&quot;,&quot;start_HRF&quot;:&quot;So,  3. Mai 2026&quot;,&quot;_date&quot;:{&quot;date&quot;:&quot;2026-05-03 15:00:00.000000&quot;,&quot;timezone_type&quot;:3,&quot;timezone&quot;:&quot;Europe\\\/Berlin&quot;},&quot;_fromdate&quot;:&quot;20260503 12:00&quot;,&quot;start_TS&quot;:1777802400,&quot;start_HRFSHORT&quot;:&quot;03.05.26&quot;,&quot;start_HRFSHORT_WD&quot;:&quot;So 03.05.2026&quot;,&quot;end_TS&quot;:1777813200,&quot;can_purchase&quot;:false},{&quot;start&quot;:&quot;20260517 12:00&quot;,&quot;end&quot;:&quot;15:00&quot;,&quot;status&quot;:&quot;JOIN&quot;,&quot;info&quot;:&quot;kostenfrei&quot;,&quot;shop&quot;:&quot;&quot;,&quot;i&quot;:1,&quot;start_hour&quot;:&quot;12:00&quot;,&quot;start_HRF&quot;:&quot;So, 17. Mai 2026&quot;,&quot;_date&quot;:{&quot;date&quot;:&quot;2026-05-17 15:00:00.000000&quot;,&quot;timezone_type&quot;:3,&quot;timezone&quot;:&quot;Europe\\\/Berlin&quot;},&quot;_fromdate&quot;:&quot;20260517 12:00&quot;,&quot;start_TS&quot;:1779012000,&quot;start_HRFSHORT&quot;:&quot;17.05.26&quot;,&quot;start_HRFSHORT_WD&quot;:&quot;So 17.05.2026&quot;,&quot;end_TS&quot;:1779022800,&quot;can_purchase&quot;:false},{&quot;start&quot;:&quot;20260531 12:00&quot;,&quot;end&quot;:&quot;15:00&quot;,&quot;status&quot;:&quot;JOIN&quot;,&quot;info&quot;:&quot;kostenfrei&quot;,&quot;shop&quot;:&quot;&quot;,&quot;i&quot;:2,&quot;start_hour&quot;:&quot;12:00&quot;,&quot;start_HRF&quot;:&quot;So, 31. Mai 2026&quot;,&quot;_date&quot;:{&quot;date&quot;:&quot;2026-05-31 15:00:00.000000&quot;,&quot;timezone_type&quot;:3,&quot;timezone&quot;:&quot;Europe\\\/Berlin&quot;},&quot;_fromdate&quot;:&quot;20260531 12:00&quot;,&quot;start_TS&quot;:1780221600,&quot;start_HRFSHORT&quot;:&quot;31.05.26&quot;,&quot;start_HRFSHORT_WD&quot;:&quot;So 31.05.2026&quot;,&quot;end_TS&quot;:1780232400,&quot;can_purchase&quot;:false},{&quot;start&quot;:&quot;20260614 12:00&quot;,&quot;end&quot;:&quot;15:00&quot;,&quot;status&quot;:&quot;JOIN&quot;,&quot;info&quot;:&quot;kostenfrei&quot;,&quot;shop&quot;:&quot;&quot;,&quot;i&quot;:3,&quot;start_hour&quot;:&quot;12:00&quot;,&quot;start_HRF&quot;:&quot;So, 14. Juni 2026&quot;,&quot;_date&quot;:{&quot;date&quot;:&quot;2026-06-14 15:00:00.000000&quot;,&quot;timezone_type&quot;:3,&quot;timezone&quot;:&quot;Europe\\\/Berlin&quot;},&quot;_fromdate&quot;:&quot;20260614 12:00&quot;,&quot;start_TS&quot;:1781431200,&quot;start_HRFSHORT&quot;:&quot;14.06.26&quot;,&quot;start_HRFSHORT_WD&quot;:&quot;So 14.06.2026&quot;,&quot;end_TS&quot;:1781442000,&quot;can_purchase&quot;:false},{&quot;start&quot;:&quot;20260628 12:00&quot;,&quot;end&quot;:&quot;15:00&quot;,&quot;status&quot;:&quot;JOIN&quot;,&quot;info&quot;:&quot;kostenfrei&quot;,&quot;shop&quot;:&quot;&quot;,&quot;i&quot;:4,&quot;start_hour&quot;:&quot;12:00&quot;,&quot;start_HRF&quot;:&quot;So, 28. Juni 2026&quot;,&quot;_date&quot;:{&quot;date&quot;:&quot;2026-06-28 15:00:00.000000&quot;,&quot;timezone_type&quot;:3,&quot;timezone&quot;:&quot;Europe\\\/Berlin&quot;},&quot;_fromdate&quot;:&quot;20260628 12:00&quot;,&quot;start_TS&quot;:1782640800,&quot;start_HRFSHORT&quot;:&quot;28.06.26&quot;,&quot;start_HRFSHORT_WD&quot;:&quot;So 28.06.2026&quot;,&quot;end_TS&quot;:1782651600,&quot;can_purchase&quot;:false}],&quot;planning&quot;:{&quot;price&quot;:&quot;kostenfrei&quot;,&quot;admission&quot;:&quot;&quot;,&quot;pause&quot;:&quot;&quot;,&quot;duration&quot;:&quot;&quot;},&quot;additional_info&quot;:{&quot;icon&quot;:&quot;icon-alterfreigabe&quot;,&quot;text&quot;:&quot;3 bis 103 Jahre&quot;},&quot;highlight_header&quot;:false,&quot;featured_images&quot;:[143906],&quot;use_video_in_teasers&quot;:false,&quot;hyphenation&quot;:true,&quot;tipp&quot;:false,&quot;joker&quot;:false,&quot;live&quot;:false,&quot;hide_event_in_program&quot;:false,&quot;gomus_id&quot;:&quot;&quot;,&quot;hm_id&quot;:&quot;&quot;},&quot;date&quot;:{&quot;NX&quot;:&quot;20260503&quot;,&quot;NXX&quot;:&quot;202605031200&quot;,&quot;NLAST&quot;:&quot;202606280800&quot;,&quot;from_DATE&quot;:&quot;20260503 12:00&quot;,&quot;from&quot;:1777795200,&quot;to&quot;:1782633600,&quot;to_DATE&quot;:&quot;20260628 12:00&quot;,&quot;from_HRFSHORT&quot;:&quot; 3. Mai 2026&quot;,&quot;from_HRFSHORT_WD&quot;:&quot;So 03.05.2026&quot;,&quot;to_HRFSHORT&quot;:&quot;28. Jun 2026&quot;,&quot;to_HRFSHORT_WD&quot;:&quot;So 28.06.2026&quot;,&quot;from_HRF&quot;:&quot;So,  3. Mai 2026&quot;,&quot;to_HRF&quot;:&quot;So, 28. Juni 2026&quot;,&quot;from_to_HRF&quot;:&quot;So,  3. Mai \\u2013 So, 28. Juni 2026&quot;,&quot;from_to_HRFSHORT&quot;:&quot; 3. Mai \\u2013 28. Jun 2026&quot;},&quot;alert&quot;:null,&quot;partof&quot;:[],&quot;marketing_topic&quot;:&quot;&quot;}' inline-template>\n\t<a href=\"https:\/\/www.humboldtforum.org\/de\/programm\/termin\/drop-in\/schatzkiste-2-143905\/\" class=\"teaser teaser-event teaser-event-standard\">\n\t\t<div class=\"row row-stretch\">\n\t\t\t<div class=\"col-xs-12\">\n\t\t\t\t<div class=\"teaser-event-image\">\n\t\t\t\t\t<div class=\"teaser-image teaser-image-no-alternate\">\n\t\t\t\t\t\t\t\t\t\t\t\t\t\n\t<lazy-media-inline inline-template>\n\t\t<figure itemscope itemtype=\"http:\/\/schema.org\/ImageObject\" class=\"lazy-media-inline \" role=\"group\" id=\"media_69f474a1937c7\" aria-labelledby=\"desc_media_69f474a1937c7\">\n\t\t\t<script type=\"application\/json\" ref=\"data\">\n\t\t\t\t{\n\t\t\t\t\"sizes\" : {\"medium\":{\"file\":\"SHF_eb00244826-300x249.jpg\",\"width\":300,\"height\":249,\"mime-type\":\"image\\\/jpeg\",\"filesize\":13397},\"large\":{\"file\":\"SHF_eb00244826-1024x849.jpg\",\"width\":1024,\"height\":849,\"mime-type\":\"image\\\/jpeg\",\"filesize\":103309},\"thumbnail\":{\"file\":\"SHF_eb00244826-150x150.jpg\",\"width\":150,\"height\":150,\"mime-type\":\"image\\\/jpeg\",\"filesize\":5905},\"medium_large\":{\"file\":\"SHF_eb00244826-768x637.jpg\",\"width\":768,\"height\":637,\"mime-type\":\"image\\\/jpeg\",\"filesize\":63999},\"small\":{\"file\":\"SHF_eb00244826-440x365.jpg\",\"width\":440,\"height\":365,\"mime-type\":\"image\\\/jpeg\",\"filesize\":25131},\"semi\":{\"file\":\"SHF_eb00244826-580x481.jpg\",\"width\":580,\"height\":481,\"mime-type\":\"image\\\/jpeg\",\"filesize\":40331},\"mobile\":{\"file\":\"SHF_eb00244826-720x597.jpg\",\"width\":720,\"height\":597,\"mime-type\":\"image\\\/jpeg\",\"filesize\":57499},\"hd\":{\"file\":\"SHF_eb00244826-1280x1061.jpg\",\"width\":1280,\"height\":1061,\"mime-type\":\"image\\\/jpeg\",\"filesize\":148427},\"full\":{\"file\":\"SHF_eb00244826-1920x1592.jpg\",\"width\":1920,\"height\":1592,\"mime-type\":\"image\\\/jpeg\",\"filesize\":288189},\"1536x1536\":{\"file\":\"SHF_eb00244826-1536x1274.jpg\",\"width\":1536,\"height\":1274,\"mime-type\":\"image\\\/jpeg\",\"filesize\":199942},\"2048x2048\":{\"file\":\"SHF_eb00244826-2048x1698.jpg\",\"width\":2048,\"height\":1698,\"mime-type\":\"image\\\/jpeg\",\"filesize\":321270},\"original\":{\"file\":\"SHF_eb00244826.jpg\",\"width\":2681,\"height\":2223}},\n\t\t\t\t\"alt\" : \"Bunte Box mit t\\u00fcrkisfarbenem Tuch und einer Zeichnung von zwei Minions darauf.\",\n\t\t\t\t\"path\" : \"\\\/wp-content\\\/uploads\\\/2025\\\/03\\\/\",\n\t\t\t\t\"video\" : null,\n\t\t\t\t\"autoplay\" : null,\n\t\t\t\t\"youtube\" : null,\n\t\t\t\t\"youtubelabel\" : \"Video abspielen\",\n\t\t\t\t\"brightness\" : 100,\n\t\t\t\t\"crop\" : {\"top\":\"18.31\",\"left\":\"43.69\"},\n\t\t\t\t\"background\" : true,\n\t\t\t\t\"scale\" : 2\t\t\t\t}\n\t\t\t<\/script>\n\n\t\t\t<div class=\"height-container\" style=\"padding-bottom:82.916822081313%;\" v-if=\"sizes\">\n\t\t\t\t\t\t\t\t<lazy-media :inline=\"true\" :alt=\"alt\" :sizes=\"sizes\" :scale=\"scale\" :brightness=\"brightness\" :path=\"path\" :video=\"video\" :autoplay=\"autoplay\" :youtube=\"youtube\" :crop=\"crop\" :youtubelabel=\"youtubelabel\" :background=\"background\" media-id=\"desc_media_69f474a1937c7\"><\/lazy-media>\n\t\t\t\t\t\t\t<\/div>\n\n\t\t\t\t\t\t\t<figcaption class=\"sr-only\" ref=\"body\" id=\"desc_media_69f474a1937c7\">\n\t\t\t\t\t\t\t\t\t\t\t<div>&quot;Schatzkiste Minions&quot; f&uuml;r die Ausstellung &quot;Nimm Platz!&quot;<\/div>\n\t\t\t\t\t\t\t\t\t\t\t\t\t\t\t\t\t\t\t\t\t<div class=\"insignificant\">\u00a9 Stiftung Humboldt Forum im Berliner Schloss \/ Foto: Martina Schilling<\/div>\n\t\t\t\t\t\t\t\t\t<\/figcaption>\n\t\t\t\t\t<\/figure>\n\t<\/lazy-media-inline>\n\t\t\t\t\t<\/div>\n\t\t\t\t<\/div>\n\t\t\t\t<div class=\"teaser-event-text Infos\">\n\t\t\t\t\t<div class=\"margin-bottom-sixth\">\n\t\t\t\t\t\t<div class=\"margin-bottom-atom\">\n\t\t\t\t\t\t\t<div class=\"subline clamp-1\" v-html=\"maingenre\"><\/div>\n\t\t\t\t\t\t\t\t\t\t\t\t\t<\/div>\n\t\t\t\t\t\n\t\t\t\t\t\t<strong class=\"margin-bottom-atom\">Schatzkiste<\/strong>\n\n\t\t\t\t\t\t\t\t\t\t\t\t\t<div class=\"\"><\/div>\n\t\t\t\t\t\t\t\t\t\t\t<\/div>\n\t\t\t\t<\/div>\n\t\t\t<\/div>\n\t\t\t<div class=\"col-xs-12 Infos\">\n\t\t\t\t<div class=\"border-bottom \">\n\t\t\t\t\t\t\t\t\t\t\t\t\t\t<calendardateline :rawitem=\"{&quot;postId&quot;:143905,&quot;title&quot;:&quot;Schatzkiste&quot;,&quot;excerpt&quot;:&quot;&quot;,&quot;slug&quot;:&quot;schatzkiste-2&quot;,&quot;post_date&quot;:&quot;2025-03-06T11:54&quot;,&quot;type&quot;:&quot;event&quot;,&quot;permalink&quot;:&quot;https:\\\/\\\/www.humboldtforum.org\\\/de\\\/programm\\\/termin\\\/drop-in\\\/schatzkiste-2-143905\\\/&quot;,&quot;genre&quot;:[839],&quot;genre_details&quot;:[{&quot;text&quot;:&quot;Drop-In&quot;,&quot;id&quot;:839,&quot;icon&quot;:null,&quot;parent&quot;:0}],&quot;stakeholder&quot;:[382],&quot;stakeholder_details&quot;:[{&quot;text&quot;:&quot;Stiftung Humboldt Forum im Berliner Schloss&quot;,&quot;id&quot;:382,&quot;icon&quot;:null,&quot;parent&quot;:0}],&quot;targetgroup&quot;:[454],&quot;targetgroup_details&quot;:[{&quot;text&quot;:&quot;Kinder und Familien&quot;,&quot;id&quot;:454,&quot;icon&quot;:null,&quot;parent&quot;:0}],&quot;language&quot;:[384,385],&quot;language_details&quot;:[{&quot;text&quot;:&quot;Deutsch&quot;,&quot;id&quot;:384,&quot;icon&quot;:null,&quot;parent&quot;:0},{&quot;text&quot;:&quot;Englisch&quot;,&quot;id&quot;:385,&quot;icon&quot;:null,&quot;parent&quot;:0}],&quot;place&quot;:[1034],&quot;place_details&quot;:{&quot;place&quot;:&quot;Humboldt Forum&quot;,&quot;map&quot;:&quot;Humboldt Forum, Schlossplatz, Berlin&quot;,&quot;room&quot;:&quot;Werkr\\u00e4ume, 1. OG&quot;},&quot;icon_overwrite&quot;:&quot;&quot;,&quot;acf&quot;:{&quot;noindex&quot;:false,&quot;keywords&quot;:&quot;&quot;,&quot;hashtag&quot;:&quot;HumboldtForum&quot;,&quot;belongsto&quot;:false,&quot;shorturl&quot;:&quot;&quot;,&quot;times&quot;:[{&quot;start&quot;:&quot;20260503 12:00&quot;,&quot;end&quot;:&quot;15:00&quot;,&quot;status&quot;:&quot;JOIN&quot;,&quot;info&quot;:&quot;kostenfrei&quot;,&quot;shop&quot;:&quot;&quot;,&quot;i&quot;:0,&quot;start_hour&quot;:&quot;12:00&quot;,&quot;start_HRF&quot;:&quot;So,  3. Mai 2026&quot;,&quot;_date&quot;:{&quot;date&quot;:&quot;2026-05-03 15:00:00.000000&quot;,&quot;timezone_type&quot;:3,&quot;timezone&quot;:&quot;Europe\\\/Berlin&quot;},&quot;_fromdate&quot;:&quot;20260503 12:00&quot;,&quot;start_TS&quot;:1777802400,&quot;start_HRFSHORT&quot;:&quot;03.05.26&quot;,&quot;start_HRFSHORT_WD&quot;:&quot;So 03.05.2026&quot;,&quot;end_TS&quot;:1777813200,&quot;can_purchase&quot;:false}],&quot;planning&quot;:{&quot;price&quot;:&quot;kostenfrei&quot;,&quot;admission&quot;:&quot;&quot;,&quot;pause&quot;:&quot;&quot;,&quot;duration&quot;:&quot;&quot;},&quot;additional_info&quot;:{&quot;icon&quot;:&quot;icon-alterfreigabe&quot;,&quot;text&quot;:&quot;3 bis 103 Jahre&quot;},&quot;highlight_header&quot;:false,&quot;featured_images&quot;:[143906],&quot;use_video_in_teasers&quot;:false,&quot;hyphenation&quot;:true,&quot;tipp&quot;:false,&quot;joker&quot;:false,&quot;live&quot;:false,&quot;hide_event_in_program&quot;:false,&quot;gomus_id&quot;:&quot;&quot;,&quot;hm_id&quot;:&quot;&quot;},&quot;date&quot;:{&quot;NX&quot;:&quot;20260503&quot;,&quot;NXX&quot;:&quot;202605031200&quot;,&quot;NLAST&quot;:&quot;202606280800&quot;,&quot;from_DATE&quot;:&quot;20260503 12:00&quot;,&quot;from&quot;:1777795200,&quot;to&quot;:1782633600,&quot;to_DATE&quot;:&quot;20260628 12:00&quot;,&quot;from_HRFSHORT&quot;:&quot; 3. Mai 2026&quot;,&quot;from_HRFSHORT_WD&quot;:&quot;So 03.05.2026&quot;,&quot;to_HRFSHORT&quot;:&quot;28. Jun 2026&quot;,&quot;to_HRFSHORT_WD&quot;:&quot;So 28.06.2026&quot;,&quot;from_HRF&quot;:&quot;So,  3. Mai 2026&quot;,&quot;to_HRF&quot;:&quot;So, 28. Juni 2026&quot;,&quot;from_to_HRF&quot;:&quot;So,  3. Mai \\u2013 So, 28. Juni 2026&quot;,&quot;from_to_HRFSHORT&quot;:&quot; 3. Mai \\u2013 28. Jun 2026&quot;},&quot;alert&quot;:null,&quot;partof&quot;:[],&quot;marketing_topic&quot;:&quot;&quot;}\" :force-first=\"true\" :show-icon=\"true\"><\/calendardateline>\n\t\t\t\t\t\t\t\t\t<div class=\"margin-bottom-atom\"><hr><\/div>\n\t\t\t\t\t\t\t\t\t\t\t\t\t\t\t\t\t<calendardateline :rawitem=\"{&quot;postId&quot;:143905,&quot;title&quot;:&quot;Schatzkiste&quot;,&quot;excerpt&quot;:&quot;&quot;,&quot;slug&quot;:&quot;schatzkiste-2&quot;,&quot;post_date&quot;:&quot;2025-03-06T11:54&quot;,&quot;type&quot;:&quot;event&quot;,&quot;permalink&quot;:&quot;https:\\\/\\\/www.humboldtforum.org\\\/de\\\/programm\\\/termin\\\/drop-in\\\/schatzkiste-2-143905\\\/&quot;,&quot;genre&quot;:[839],&quot;genre_details&quot;:[{&quot;text&quot;:&quot;Drop-In&quot;,&quot;id&quot;:839,&quot;icon&quot;:null,&quot;parent&quot;:0}],&quot;stakeholder&quot;:[382],&quot;stakeholder_details&quot;:[{&quot;text&quot;:&quot;Stiftung Humboldt Forum im Berliner Schloss&quot;,&quot;id&quot;:382,&quot;icon&quot;:null,&quot;parent&quot;:0}],&quot;targetgroup&quot;:[454],&quot;targetgroup_details&quot;:[{&quot;text&quot;:&quot;Kinder und Familien&quot;,&quot;id&quot;:454,&quot;icon&quot;:null,&quot;parent&quot;:0}],&quot;language&quot;:[384,385],&quot;language_details&quot;:[{&quot;text&quot;:&quot;Deutsch&quot;,&quot;id&quot;:384,&quot;icon&quot;:null,&quot;parent&quot;:0},{&quot;text&quot;:&quot;Englisch&quot;,&quot;id&quot;:385,&quot;icon&quot;:null,&quot;parent&quot;:0}],&quot;place&quot;:[1034],&quot;place_details&quot;:{&quot;place&quot;:&quot;Humboldt Forum&quot;,&quot;map&quot;:&quot;Humboldt Forum, Schlossplatz, Berlin&quot;,&quot;room&quot;:&quot;Werkr\\u00e4ume, 1. OG&quot;},&quot;icon_overwrite&quot;:&quot;&quot;,&quot;acf&quot;:{&quot;noindex&quot;:false,&quot;keywords&quot;:&quot;&quot;,&quot;hashtag&quot;:&quot;HumboldtForum&quot;,&quot;belongsto&quot;:false,&quot;shorturl&quot;:&quot;&quot;,&quot;times&quot;:[{&quot;start&quot;:&quot;20260517 12:00&quot;,&quot;end&quot;:&quot;15:00&quot;,&quot;status&quot;:&quot;JOIN&quot;,&quot;info&quot;:&quot;kostenfrei&quot;,&quot;shop&quot;:&quot;&quot;,&quot;i&quot;:1,&quot;start_hour&quot;:&quot;12:00&quot;,&quot;start_HRF&quot;:&quot;So, 17. Mai 2026&quot;,&quot;_date&quot;:{&quot;date&quot;:&quot;2026-05-17 15:00:00.000000&quot;,&quot;timezone_type&quot;:3,&quot;timezone&quot;:&quot;Europe\\\/Berlin&quot;},&quot;_fromdate&quot;:&quot;20260517 12:00&quot;,&quot;start_TS&quot;:1779012000,&quot;start_HRFSHORT&quot;:&quot;17.05.26&quot;,&quot;start_HRFSHORT_WD&quot;:&quot;So 17.05.2026&quot;,&quot;end_TS&quot;:1779022800,&quot;can_purchase&quot;:false}],&quot;planning&quot;:{&quot;price&quot;:&quot;kostenfrei&quot;,&quot;admission&quot;:&quot;&quot;,&quot;pause&quot;:&quot;&quot;,&quot;duration&quot;:&quot;&quot;},&quot;additional_info&quot;:{&quot;icon&quot;:&quot;icon-alterfreigabe&quot;,&quot;text&quot;:&quot;3 bis 103 Jahre&quot;},&quot;highlight_header&quot;:false,&quot;featured_images&quot;:[143906],&quot;use_video_in_teasers&quot;:false,&quot;hyphenation&quot;:true,&quot;tipp&quot;:false,&quot;joker&quot;:false,&quot;live&quot;:false,&quot;hide_event_in_program&quot;:false,&quot;gomus_id&quot;:&quot;&quot;,&quot;hm_id&quot;:&quot;&quot;},&quot;date&quot;:{&quot;NX&quot;:&quot;20260503&quot;,&quot;NXX&quot;:&quot;202605031200&quot;,&quot;NLAST&quot;:&quot;202606280800&quot;,&quot;from_DATE&quot;:&quot;20260503 12:00&quot;,&quot;from&quot;:1777795200,&quot;to&quot;:1782633600,&quot;to_DATE&quot;:&quot;20260628 12:00&quot;,&quot;from_HRFSHORT&quot;:&quot; 3. Mai 2026&quot;,&quot;from_HRFSHORT_WD&quot;:&quot;So 03.05.2026&quot;,&quot;to_HRFSHORT&quot;:&quot;28. Jun 2026&quot;,&quot;to_HRFSHORT_WD&quot;:&quot;So 28.06.2026&quot;,&quot;from_HRF&quot;:&quot;So,  3. Mai 2026&quot;,&quot;to_HRF&quot;:&quot;So, 28. Juni 2026&quot;,&quot;from_to_HRF&quot;:&quot;So,  3. Mai \\u2013 So, 28. Juni 2026&quot;,&quot;from_to_HRFSHORT&quot;:&quot; 3. Mai \\u2013 28. Jun 2026&quot;},&quot;alert&quot;:null,&quot;partof&quot;:[],&quot;marketing_topic&quot;:&quot;&quot;}\" :force-first=\"true\" :show-icon=\"true\"><\/calendardateline>\n\t\t\t\t\t\t\t\t\t<div class=\"margin-bottom-atom\"><hr><\/div>\n\t\t\t\t\t\t\t\t\t\t\t\t\t\t\t\t\t<calendardateline :rawitem=\"{&quot;postId&quot;:143905,&quot;title&quot;:&quot;Schatzkiste&quot;,&quot;excerpt&quot;:&quot;&quot;,&quot;slug&quot;:&quot;schatzkiste-2&quot;,&quot;post_date&quot;:&quot;2025-03-06T11:54&quot;,&quot;type&quot;:&quot;event&quot;,&quot;permalink&quot;:&quot;https:\\\/\\\/www.humboldtforum.org\\\/de\\\/programm\\\/termin\\\/drop-in\\\/schatzkiste-2-143905\\\/&quot;,&quot;genre&quot;:[839],&quot;genre_details&quot;:[{&quot;text&quot;:&quot;Drop-In&quot;,&quot;id&quot;:839,&quot;icon&quot;:null,&quot;parent&quot;:0}],&quot;stakeholder&quot;:[382],&quot;stakeholder_details&quot;:[{&quot;text&quot;:&quot;Stiftung Humboldt Forum im Berliner Schloss&quot;,&quot;id&quot;:382,&quot;icon&quot;:null,&quot;parent&quot;:0}],&quot;targetgroup&quot;:[454],&quot;targetgroup_details&quot;:[{&quot;text&quot;:&quot;Kinder und Familien&quot;,&quot;id&quot;:454,&quot;icon&quot;:null,&quot;parent&quot;:0}],&quot;language&quot;:[384,385],&quot;language_details&quot;:[{&quot;text&quot;:&quot;Deutsch&quot;,&quot;id&quot;:384,&quot;icon&quot;:null,&quot;parent&quot;:0},{&quot;text&quot;:&quot;Englisch&quot;,&quot;id&quot;:385,&quot;icon&quot;:null,&quot;parent&quot;:0}],&quot;place&quot;:[1034],&quot;place_details&quot;:{&quot;place&quot;:&quot;Humboldt Forum&quot;,&quot;map&quot;:&quot;Humboldt Forum, Schlossplatz, Berlin&quot;,&quot;room&quot;:&quot;Werkr\\u00e4ume, 1. OG&quot;},&quot;icon_overwrite&quot;:&quot;&quot;,&quot;acf&quot;:{&quot;noindex&quot;:false,&quot;keywords&quot;:&quot;&quot;,&quot;hashtag&quot;:&quot;HumboldtForum&quot;,&quot;belongsto&quot;:false,&quot;shorturl&quot;:&quot;&quot;,&quot;times&quot;:[{&quot;start&quot;:&quot;20260531 12:00&quot;,&quot;end&quot;:&quot;15:00&quot;,&quot;status&quot;:&quot;JOIN&quot;,&quot;info&quot;:&quot;kostenfrei&quot;,&quot;shop&quot;:&quot;&quot;,&quot;i&quot;:2,&quot;start_hour&quot;:&quot;12:00&quot;,&quot;start_HRF&quot;:&quot;So, 31. Mai 2026&quot;,&quot;_date&quot;:{&quot;date&quot;:&quot;2026-05-31 15:00:00.000000&quot;,&quot;timezone_type&quot;:3,&quot;timezone&quot;:&quot;Europe\\\/Berlin&quot;},&quot;_fromdate&quot;:&quot;20260531 12:00&quot;,&quot;start_TS&quot;:1780221600,&quot;start_HRFSHORT&quot;:&quot;31.05.26&quot;,&quot;start_HRFSHORT_WD&quot;:&quot;So 31.05.2026&quot;,&quot;end_TS&quot;:1780232400,&quot;can_purchase&quot;:false}],&quot;planning&quot;:{&quot;price&quot;:&quot;kostenfrei&quot;,&quot;admission&quot;:&quot;&quot;,&quot;pause&quot;:&quot;&quot;,&quot;duration&quot;:&quot;&quot;},&quot;additional_info&quot;:{&quot;icon&quot;:&quot;icon-alterfreigabe&quot;,&quot;text&quot;:&quot;3 bis 103 Jahre&quot;},&quot;highlight_header&quot;:false,&quot;featured_images&quot;:[143906],&quot;use_video_in_teasers&quot;:false,&quot;hyphenation&quot;:true,&quot;tipp&quot;:false,&quot;joker&quot;:false,&quot;live&quot;:false,&quot;hide_event_in_program&quot;:false,&quot;gomus_id&quot;:&quot;&quot;,&quot;hm_id&quot;:&quot;&quot;},&quot;date&quot;:{&quot;NX&quot;:&quot;20260503&quot;,&quot;NXX&quot;:&quot;202605031200&quot;,&quot;NLAST&quot;:&quot;202606280800&quot;,&quot;from_DATE&quot;:&quot;20260503 12:00&quot;,&quot;from&quot;:1777795200,&quot;to&quot;:1782633600,&quot;to_DATE&quot;:&quot;20260628 12:00&quot;,&quot;from_HRFSHORT&quot;:&quot; 3. Mai 2026&quot;,&quot;from_HRFSHORT_WD&quot;:&quot;So 03.05.2026&quot;,&quot;to_HRFSHORT&quot;:&quot;28. Jun 2026&quot;,&quot;to_HRFSHORT_WD&quot;:&quot;So 28.06.2026&quot;,&quot;from_HRF&quot;:&quot;So,  3. Mai 2026&quot;,&quot;to_HRF&quot;:&quot;So, 28. Juni 2026&quot;,&quot;from_to_HRF&quot;:&quot;So,  3. Mai \\u2013 So, 28. Juni 2026&quot;,&quot;from_to_HRFSHORT&quot;:&quot; 3. Mai \\u2013 28. Jun 2026&quot;},&quot;alert&quot;:null,&quot;partof&quot;:[],&quot;marketing_topic&quot;:&quot;&quot;}\" :force-first=\"true\" :show-icon=\"true\"><\/calendardateline>\n\t\t\t\t\t\t\t\t\t<div class=\"margin-bottom-atom\"><hr><\/div>\n\t\t\t\t\t\t\t\t\t\t\t\t\t\t\t\t\t<calendardateline :rawitem=\"{&quot;postId&quot;:143905,&quot;title&quot;:&quot;Schatzkiste&quot;,&quot;excerpt&quot;:&quot;&quot;,&quot;slug&quot;:&quot;schatzkiste-2&quot;,&quot;post_date&quot;:&quot;2025-03-06T11:54&quot;,&quot;type&quot;:&quot;event&quot;,&quot;permalink&quot;:&quot;https:\\\/\\\/www.humboldtforum.org\\\/de\\\/programm\\\/termin\\\/drop-in\\\/schatzkiste-2-143905\\\/&quot;,&quot;genre&quot;:[839],&quot;genre_details&quot;:[{&quot;text&quot;:&quot;Drop-In&quot;,&quot;id&quot;:839,&quot;icon&quot;:null,&quot;parent&quot;:0}],&quot;stakeholder&quot;:[382],&quot;stakeholder_details&quot;:[{&quot;text&quot;:&quot;Stiftung Humboldt Forum im Berliner Schloss&quot;,&quot;id&quot;:382,&quot;icon&quot;:null,&quot;parent&quot;:0}],&quot;targetgroup&quot;:[454],&quot;targetgroup_details&quot;:[{&quot;text&quot;:&quot;Kinder und Familien&quot;,&quot;id&quot;:454,&quot;icon&quot;:null,&quot;parent&quot;:0}],&quot;language&quot;:[384,385],&quot;language_details&quot;:[{&quot;text&quot;:&quot;Deutsch&quot;,&quot;id&quot;:384,&quot;icon&quot;:null,&quot;parent&quot;:0},{&quot;text&quot;:&quot;Englisch&quot;,&quot;id&quot;:385,&quot;icon&quot;:null,&quot;parent&quot;:0}],&quot;place&quot;:[1034],&quot;place_details&quot;:{&quot;place&quot;:&quot;Humboldt Forum&quot;,&quot;map&quot;:&quot;Humboldt Forum, Schlossplatz, Berlin&quot;,&quot;room&quot;:&quot;Werkr\\u00e4ume, 1. OG&quot;},&quot;icon_overwrite&quot;:&quot;&quot;,&quot;acf&quot;:{&quot;noindex&quot;:false,&quot;keywords&quot;:&quot;&quot;,&quot;hashtag&quot;:&quot;HumboldtForum&quot;,&quot;belongsto&quot;:false,&quot;shorturl&quot;:&quot;&quot;,&quot;times&quot;:[{&quot;start&quot;:&quot;20260614 12:00&quot;,&quot;end&quot;:&quot;15:00&quot;,&quot;status&quot;:&quot;JOIN&quot;,&quot;info&quot;:&quot;kostenfrei&quot;,&quot;shop&quot;:&quot;&quot;,&quot;i&quot;:3,&quot;start_hour&quot;:&quot;12:00&quot;,&quot;start_HRF&quot;:&quot;So, 14. Juni 2026&quot;,&quot;_date&quot;:{&quot;date&quot;:&quot;2026-06-14 15:00:00.000000&quot;,&quot;timezone_type&quot;:3,&quot;timezone&quot;:&quot;Europe\\\/Berlin&quot;},&quot;_fromdate&quot;:&quot;20260614 12:00&quot;,&quot;start_TS&quot;:1781431200,&quot;start_HRFSHORT&quot;:&quot;14.06.26&quot;,&quot;start_HRFSHORT_WD&quot;:&quot;So 14.06.2026&quot;,&quot;end_TS&quot;:1781442000,&quot;can_purchase&quot;:false}],&quot;planning&quot;:{&quot;price&quot;:&quot;kostenfrei&quot;,&quot;admission&quot;:&quot;&quot;,&quot;pause&quot;:&quot;&quot;,&quot;duration&quot;:&quot;&quot;},&quot;additional_info&quot;:{&quot;icon&quot;:&quot;icon-alterfreigabe&quot;,&quot;text&quot;:&quot;3 bis 103 Jahre&quot;},&quot;highlight_header&quot;:false,&quot;featured_images&quot;:[143906],&quot;use_video_in_teasers&quot;:false,&quot;hyphenation&quot;:true,&quot;tipp&quot;:false,&quot;joker&quot;:false,&quot;live&quot;:false,&quot;hide_event_in_program&quot;:false,&quot;gomus_id&quot;:&quot;&quot;,&quot;hm_id&quot;:&quot;&quot;},&quot;date&quot;:{&quot;NX&quot;:&quot;20260503&quot;,&quot;NXX&quot;:&quot;202605031200&quot;,&quot;NLAST&quot;:&quot;202606280800&quot;,&quot;from_DATE&quot;:&quot;20260503 12:00&quot;,&quot;from&quot;:1777795200,&quot;to&quot;:1782633600,&quot;to_DATE&quot;:&quot;20260628 12:00&quot;,&quot;from_HRFSHORT&quot;:&quot; 3. Mai 2026&quot;,&quot;from_HRFSHORT_WD&quot;:&quot;So 03.05.2026&quot;,&quot;to_HRFSHORT&quot;:&quot;28. Jun 2026&quot;,&quot;to_HRFSHORT_WD&quot;:&quot;So 28.06.2026&quot;,&quot;from_HRF&quot;:&quot;So,  3. Mai 2026&quot;,&quot;to_HRF&quot;:&quot;So, 28. Juni 2026&quot;,&quot;from_to_HRF&quot;:&quot;So,  3. Mai \\u2013 So, 28. Juni 2026&quot;,&quot;from_to_HRFSHORT&quot;:&quot; 3. Mai \\u2013 28. Jun 2026&quot;},&quot;alert&quot;:null,&quot;partof&quot;:[],&quot;marketing_topic&quot;:&quot;&quot;}\" :force-first=\"true\" :show-icon=\"true\"><\/calendardateline>\n\t\t\t\t\t\t\t\t\t<div class=\"margin-bottom-atom\"><hr><\/div>\n\t\t\t\t\t\t\t\t\t\t\t\t\t\t\t\t\t<calendardateline :rawitem=\"{&quot;postId&quot;:143905,&quot;title&quot;:&quot;Schatzkiste&quot;,&quot;excerpt&quot;:&quot;&quot;,&quot;slug&quot;:&quot;schatzkiste-2&quot;,&quot;post_date&quot;:&quot;2025-03-06T11:54&quot;,&quot;type&quot;:&quot;event&quot;,&quot;permalink&quot;:&quot;https:\\\/\\\/www.humboldtforum.org\\\/de\\\/programm\\\/termin\\\/drop-in\\\/schatzkiste-2-143905\\\/&quot;,&quot;genre&quot;:[839],&quot;genre_details&quot;:[{&quot;text&quot;:&quot;Drop-In&quot;,&quot;id&quot;:839,&quot;icon&quot;:null,&quot;parent&quot;:0}],&quot;stakeholder&quot;:[382],&quot;stakeholder_details&quot;:[{&quot;text&quot;:&quot;Stiftung Humboldt Forum im Berliner Schloss&quot;,&quot;id&quot;:382,&quot;icon&quot;:null,&quot;parent&quot;:0}],&quot;targetgroup&quot;:[454],&quot;targetgroup_details&quot;:[{&quot;text&quot;:&quot;Kinder und Familien&quot;,&quot;id&quot;:454,&quot;icon&quot;:null,&quot;parent&quot;:0}],&quot;language&quot;:[384,385],&quot;language_details&quot;:[{&quot;text&quot;:&quot;Deutsch&quot;,&quot;id&quot;:384,&quot;icon&quot;:null,&quot;parent&quot;:0},{&quot;text&quot;:&quot;Englisch&quot;,&quot;id&quot;:385,&quot;icon&quot;:null,&quot;parent&quot;:0}],&quot;place&quot;:[1034],&quot;place_details&quot;:{&quot;place&quot;:&quot;Humboldt Forum&quot;,&quot;map&quot;:&quot;Humboldt Forum, Schlossplatz, Berlin&quot;,&quot;room&quot;:&quot;Werkr\\u00e4ume, 1. OG&quot;},&quot;icon_overwrite&quot;:&quot;&quot;,&quot;acf&quot;:{&quot;noindex&quot;:false,&quot;keywords&quot;:&quot;&quot;,&quot;hashtag&quot;:&quot;HumboldtForum&quot;,&quot;belongsto&quot;:false,&quot;shorturl&quot;:&quot;&quot;,&quot;times&quot;:[{&quot;start&quot;:&quot;20260628 12:00&quot;,&quot;end&quot;:&quot;15:00&quot;,&quot;status&quot;:&quot;JOIN&quot;,&quot;info&quot;:&quot;kostenfrei&quot;,&quot;shop&quot;:&quot;&quot;,&quot;i&quot;:4,&quot;start_hour&quot;:&quot;12:00&quot;,&quot;start_HRF&quot;:&quot;So, 28. Juni 2026&quot;,&quot;_date&quot;:{&quot;date&quot;:&quot;2026-06-28 15:00:00.000000&quot;,&quot;timezone_type&quot;:3,&quot;timezone&quot;:&quot;Europe\\\/Berlin&quot;},&quot;_fromdate&quot;:&quot;20260628 12:00&quot;,&quot;start_TS&quot;:1782640800,&quot;start_HRFSHORT&quot;:&quot;28.06.26&quot;,&quot;start_HRFSHORT_WD&quot;:&quot;So 28.06.2026&quot;,&quot;end_TS&quot;:1782651600,&quot;can_purchase&quot;:false}],&quot;planning&quot;:{&quot;price&quot;:&quot;kostenfrei&quot;,&quot;admission&quot;:&quot;&quot;,&quot;pause&quot;:&quot;&quot;,&quot;duration&quot;:&quot;&quot;},&quot;additional_info&quot;:{&quot;icon&quot;:&quot;icon-alterfreigabe&quot;,&quot;text&quot;:&quot;3 bis 103 Jahre&quot;},&quot;highlight_header&quot;:false,&quot;featured_images&quot;:[143906],&quot;use_video_in_teasers&quot;:false,&quot;hyphenation&quot;:true,&quot;tipp&quot;:false,&quot;joker&quot;:false,&quot;live&quot;:false,&quot;hide_event_in_program&quot;:false,&quot;gomus_id&quot;:&quot;&quot;,&quot;hm_id&quot;:&quot;&quot;},&quot;date&quot;:{&quot;NX&quot;:&quot;20260503&quot;,&quot;NXX&quot;:&quot;202605031200&quot;,&quot;NLAST&quot;:&quot;202606280800&quot;,&quot;from_DATE&quot;:&quot;20260503 12:00&quot;,&quot;from&quot;:1777795200,&quot;to&quot;:1782633600,&quot;to_DATE&quot;:&quot;20260628 12:00&quot;,&quot;from_HRFSHORT&quot;:&quot; 3. Mai 2026&quot;,&quot;from_HRFSHORT_WD&quot;:&quot;So 03.05.2026&quot;,&quot;to_HRFSHORT&quot;:&quot;28. Jun 2026&quot;,&quot;to_HRFSHORT_WD&quot;:&quot;So 28.06.2026&quot;,&quot;from_HRF&quot;:&quot;So,  3. Mai 2026&quot;,&quot;to_HRF&quot;:&quot;So, 28. Juni 2026&quot;,&quot;from_to_HRF&quot;:&quot;So,  3. Mai \\u2013 So, 28. Juni 2026&quot;,&quot;from_to_HRFSHORT&quot;:&quot; 3. Mai \\u2013 28. Jun 2026&quot;},&quot;alert&quot;:null,&quot;partof&quot;:[],&quot;marketing_topic&quot;:&quot;&quot;}\" :force-first=\"true\" :show-icon=\"true\"><\/calendardateline>\n\t\t\t\t\t\t\t\t\t<div class=\"margin-bottom-atom\"><hr><\/div>\n\t\t\t\t\t\t\t\t<div class=\"event-times-fadeout center-xs\">&nbsp;<\/div>\t\t\t\t\t\n\t\t\t\t<\/div>\n\t\t\t<\/div>\n\t\t<\/div>\n\t<\/a>\n\t<\/calendarteaser>\n<\/li>\n<\/ul>\n\t\t\t<\/div>\n\t\t\t\t<\/lazy-component>\n<\/section>\n\n\n\n<section class=\"block block-CTA block-CTA-long leftgradient\">\n\t<div class=\"container-fluid\">\n\t\t<div class=\"row center-xs\">\n\t\t\t<div class=\"col-xs-12\">\n\t\t\t\t<div class=\"box\">\n\t\t\t\t\t<a href=\"https:\/\/www.humboldtforum.org\/de\/programm\/laufzeitangebot\/ausstellung\/beziehungsweise-familie-148458\/\" aria-label=\"Beziehungsweise Familie\" class=\"teaser teaser-cta-wide \">\n\t\t\t\t\t\t<div class=\"teaser-image\">\n\t\t\t\t\t\t\t\n\t<lazy-media-inline inline-template>\n\t\t<figure itemscope itemtype=\"http:\/\/schema.org\/ImageObject\" class=\"lazy-media-inline \" role=\"group\" id=\"media_69f474a19650b\" aria-labelledby=\"desc_media_69f474a19650b\">\n\t\t\t<script type=\"application\/json\" ref=\"data\">\n\t\t\t\t{\n\t\t\t\t\"sizes\" : {\"medium\":{\"file\":\"SHF_eb00253557-300x176.jpg\",\"width\":300,\"height\":176,\"mime-type\":\"image\\\/jpeg\",\"filesize\":9249},\"large\":{\"file\":\"SHF_eb00253557-1024x600.jpg\",\"width\":1024,\"height\":600,\"mime-type\":\"image\\\/jpeg\",\"filesize\":62231},\"thumbnail\":{\"file\":\"SHF_eb00253557-150x150.jpg\",\"width\":150,\"height\":150,\"mime-type\":\"image\\\/jpeg\",\"filesize\":5213},\"medium_large\":{\"file\":\"SHF_eb00253557-768x450.jpg\",\"width\":768,\"height\":450,\"mime-type\":\"image\\\/jpeg\",\"filesize\":39710},\"small\":{\"file\":\"SHF_eb00253557-440x258.jpg\",\"width\":440,\"height\":258,\"mime-type\":\"image\\\/jpeg\",\"filesize\":16894},\"semi\":{\"file\":\"SHF_eb00253557-580x340.jpg\",\"width\":580,\"height\":340,\"mime-type\":\"image\\\/jpeg\",\"filesize\":25797},\"mobile\":{\"file\":\"SHF_eb00253557-720x422.jpg\",\"width\":720,\"height\":422,\"mime-type\":\"image\\\/jpeg\",\"filesize\":35593},\"hd\":{\"file\":\"SHF_eb00253557-1280x749.jpg\",\"width\":1280,\"height\":749,\"mime-type\":\"image\\\/jpeg\",\"filesize\":88673},\"full\":{\"file\":\"SHF_eb00253557-1920x1124.jpg\",\"width\":1920,\"height\":1124,\"mime-type\":\"image\\\/jpeg\",\"filesize\":172402},\"1536x1536\":{\"file\":\"SHF_eb00253557-1536x899.jpg\",\"width\":1536,\"height\":899,\"mime-type\":\"image\\\/jpeg\",\"filesize\":119484},\"2048x2048\":{\"file\":\"SHF_eb00253557-2048x1199.jpg\",\"width\":2048,\"height\":1199,\"mime-type\":\"image\\\/jpeg\",\"filesize\":191052},\"original\":{\"file\":\"SHF_eb00253557.jpg\",\"width\":3040,\"height\":1780}},\n\t\t\t\t\"alt\" : \"Key Visual Beziehungsweise Familie\",\n\t\t\t\t\"path\" : \"\\\/wp-content\\\/uploads\\\/2025\\\/09\\\/\",\n\t\t\t\t\"video\" : null,\n\t\t\t\t\"autoplay\" : null,\n\t\t\t\t\"youtube\" : null,\n\t\t\t\t\"youtubelabel\" : \"Video abspielen\",\n\t\t\t\t\"brightness\" : \"100\",\n\t\t\t\t\"crop\" : {\"top\":\"33.06\",\"left\":\"49.64\"},\n\t\t\t\t\"background\" : true,\n\t\t\t\t\"scale\" : 2\t\t\t\t}\n\t\t\t<\/script>\n\n\t\t\t<div class=\"height-container\" style=\"padding-bottom:58.552631578947%;\" v-if=\"sizes\">\n\t\t\t\t\t\t\t\t<lazy-media :inline=\"true\" :alt=\"alt\" :sizes=\"sizes\" :scale=\"scale\" :brightness=\"brightness\" :path=\"path\" :video=\"video\" :autoplay=\"autoplay\" :youtube=\"youtube\" :crop=\"crop\" :youtubelabel=\"youtubelabel\" :background=\"background\" media-id=\"desc_media_69f474a19650b\"><\/lazy-media>\n\t\t\t\t\t\t\t<\/div>\n\n\t\t\t\t\t\t\t<figcaption class=\"sr-only\" ref=\"body\" id=\"desc_media_69f474a19650b\">\n\t\t\t\t\t\t\t\t\t\t\t\t\t\t\t\t<div>Key Visual Beziehungsweise Familie <\/div>\n\t\t\t\t\t\t\t\t\t\t\t\t\t\t\t\t<div class=\"insignificant\">\u00a9 Stiftung Humboldt Forum im Berliner Schloss, Foto: Getty Images, The Image Bank, Karan Kapoor<\/div>\n\t\t\t\t\t\t\t\t\t<\/figcaption>\n\t\t\t\t\t<\/figure>\n\t<\/lazy-media-inline>\n\t\t\t\t\t\t<\/div>\n\t\t\t\t\t\t<div class=\"teaser-content \">\n\t\t\t\t\t\t\t<div>\n\t\t\t\t\t\t\t\t<div class=\"teaser-overline subline\">Geh\u00f6rt zu <\/div>\t\t\t\t\t\t\t\t<div class=\"teaser-header\"><span class=\"h3\">Beziehungsweise Familie<\/span><\/div>\n\t\t\t\t\t\t\t\t\t\t\t\t\t\t\t\t<button tabindex=\"-1\" class=\"border\">Zum Programm<\/button>\n\t\t\t\t\t\t\t<\/div>\n\t\t\t\t\t\t<\/div>\n\t\t\t\t\t<\/a>\n\t\t\t\t<\/div>\n\t\t\t<\/div>\n\t\t<\/div>\n\t<\/div>\n<\/section>\n","protected":false},"template":"","genre":[820],"digital":[],"topic":[],"stakeholder":[409,400,530,382],"editorial":[],"editorialfilter":[],"targetgroup":[454],"language":[],"accessability":[],"age":[],"school":[],"groupsize":[],"place":[404,1938],"class_list":["post-151103","event-multi","type-event-multi","status-publish","hentry","genre-thementag","stakeholder-humboldt-universitaet-zu-berlin","stakeholder-kulturprojekte-berlin-stadtmuseum-berlin","stakeholder-staatliche-museen-zu-berlin","stakeholder-stiftung-humboldt-forum-im-berliner-schloss","targetgroup-kinder-und-familien","place-humboldt-forum","place-humboldt-forum-museum-knoblauchhaus"],"acf":[],"_links":{"self":[{"href":"https:\/\/www.humboldtforum.org\/de\/wp-json\/wp\/v2\/event-multi\/151103","targetHints":{"allow":["GET"]}}],"collection":[{"href":"https:\/\/www.humboldtforum.org\/de\/wp-json\/wp\/v2\/event-multi"}],"about":[{"href":"https:\/\/www.humboldtforum.org\/de\/wp-json\/wp\/v2\/types\/event-multi"}],"version-history":[{"count":13,"href":"https:\/\/www.humboldtforum.org\/de\/wp-json\/wp\/v2\/event-multi\/151103\/revisions"}],"predecessor-version":[{"id":161028,"href":"https:\/\/www.humboldtforum.org\/de\/wp-json\/wp\/v2\/event-multi\/151103\/revisions\/161028"}],"wp:attachment":[{"href":"https:\/\/www.humboldtforum.org\/de\/wp-json\/wp\/v2\/media?parent=151103"}],"wp:term":[{"taxonomy":"genre","embeddable":true,"href":"https:\/\/www.humboldtforum.org\/de\/wp-json\/wp\/v2\/genre?post=151103"},{"taxonomy":"digital","embeddable":true,"href":"https:\/\/www.humboldtforum.org\/de\/wp-json\/wp\/v2\/digital?post=151103"},{"taxonomy":"topic","embeddable":true,"href":"https:\/\/www.humboldtforum.org\/de\/wp-json\/wp\/v2\/topic?post=151103"},{"taxonomy":"stakeholder","embeddable":true,"href":"https:\/\/www.humboldtforum.org\/de\/wp-json\/wp\/v2\/stakeholder?post=151103"},{"taxonomy":"editorial","embeddable":true,"href":"https:\/\/www.humboldtforum.org\/de\/wp-json\/wp\/v2\/editorial?post=151103"},{"taxonomy":"editorialfilter","embeddable":true,"href":"https:\/\/www.humboldtforum.org\/de\/wp-json\/wp\/v2\/editorialfilter?post=151103"},{"taxonomy":"targetgroup","embeddable":true,"href":"https:\/\/www.humboldtforum.org\/de\/wp-json\/wp\/v2\/targetgroup?post=151103"},{"taxonomy":"language","embeddable":true,"href":"https:\/\/www.humboldtforum.org\/de\/wp-json\/wp\/v2\/language?post=151103"},{"taxonomy":"accessability","embeddable":true,"href":"https:\/\/www.humboldtforum.org\/de\/wp-json\/wp\/v2\/accessability?post=151103"},{"taxonomy":"age","embeddable":true,"href":"https:\/\/www.humboldtforum.org\/de\/wp-json\/wp\/v2\/age?post=151103"},{"taxonomy":"school","embeddable":true,"href":"https:\/\/www.humboldtforum.org\/de\/wp-json\/wp\/v2\/school?post=151103"},{"taxonomy":"groupsize","embeddable":true,"href":"https:\/\/www.humboldtforum.org\/de\/wp-json\/wp\/v2\/groupsize?post=151103"},{"taxonomy":"place","embeddable":true,"href":"https:\/\/www.humboldtforum.org\/de\/wp-json\/wp\/v2\/place?post=151103"}],"curies":[{"name":"wp","href":"https:\/\/api.w.org\/{rel}","templated":true}]}}