{"id":29604,"date":"2021-08-03T17:03:06","date_gmt":"2021-08-03T15:03:06","guid":{"rendered":"https:\/\/www.humboldtforum.org\/?post_type=event-multi&#038;p=29604"},"modified":"2021-08-18T13:49:05","modified_gmt":"2021-08-18T11:49:05","slug":"mitten-drin","status":"publish","type":"event-multi","link":"https:\/\/www.humboldtforum.org\/de\/programm\/event\/eroeffnung\/mitten-drin-29604\/","title":{"rendered":"Mitten drin"},"content":{"rendered":"<section class=\"block block-headline \" >\n\t<div class=\"container-fluid\">\n\t\t<div class=\"row\">\n\t\t\t\t\t\t\t<div class=\"col-xs-12 col-md-offset-2 col-md-8\">\n\t\t\t\t\t<div class=\"box\">\n\t\t\t\t\t\t<h2 class=\".h2\">Ein Fest f\u00fcr alle, die Kulturelle Bildung im Humboldt Forum entdecken und mitmachen wollen<\/h2>\n\t\t\t\t\t<\/div>\n\t\t\t\t<\/div>\n\t\t\t\t\t<\/div>\n\t<\/div>\n<\/section>\n\n\n\n\n\n<section class=\"block block-gallery-moderated\" >\n\t<block-gallery-moderated inline-template>\n\t\t<div>\n\t\t\t<div class=\"block-gallery-moderated-video\" :class=\"{ firstLoaded: firstLoaded }\">\n\t<script type=\"application\/json\" ref=\"data\">\n\t\t{\n\t\t\t\"images\" : [{\"id\":0,\"width\":1333,\"height\":1000,\"alt\":\"Moderne, gut beleuchtete Lernumgebung mit Tischen, St&uuml;hlen und Sch&uuml;lern, die konzentriert arbeiten.\",\"title\":\"\",\"description\":\"\",\"label\":\"Werkraum III\",\"copyright\":\"Stiftung Humboldt Forum im Berliner Schloss \\\/ Foto: Alexander Schippel \\r\\n\\r\\n\",\"path\":\"\\\/wp-content\\\/uploads\\\/2021\\\/07\\\/\",\"sizes\":{\"medium\":{\"file\":\"SHF_eb00110368-300x225.jpg\",\"width\":300,\"height\":225,\"mime-type\":\"image\\\/jpeg\"},\"large\":{\"file\":\"SHF_eb00110368-1024x768.jpg\",\"width\":1024,\"height\":768,\"mime-type\":\"image\\\/jpeg\"},\"thumbnail\":{\"file\":\"SHF_eb00110368-150x150.jpg\",\"width\":150,\"height\":150,\"mime-type\":\"image\\\/jpeg\"},\"medium_large\":{\"file\":\"SHF_eb00110368-768x576.jpg\",\"width\":768,\"height\":576,\"mime-type\":\"image\\\/jpeg\"},\"small\":{\"file\":\"SHF_eb00110368-440x330.jpg\",\"width\":440,\"height\":330,\"mime-type\":\"image\\\/jpeg\"},\"semi\":{\"file\":\"SHF_eb00110368-580x435.jpg\",\"width\":580,\"height\":435,\"mime-type\":\"image\\\/jpeg\"},\"mobile\":{\"file\":\"SHF_eb00110368-720x540.jpg\",\"width\":720,\"height\":540,\"mime-type\":\"image\\\/jpeg\"},\"hd\":{\"file\":\"SHF_eb00110368-1280x960.jpg\",\"width\":1280,\"height\":960,\"mime-type\":\"image\\\/jpeg\"},\"original\":{\"file\":\"SHF_eb00110368.jpg\",\"width\":1333,\"height\":1000}},\"autoplay\":false},{\"id\":1,\"width\":1784,\"height\":1257,\"alt\":\"Ein Kind steht an einem Tisch mit Bastelmaterialien vor einer Wand mit dem Schriftzug &quot;ZUM GESTALTEN&quot;.\",\"title\":\"\",\"description\":\"\",\"label\":\"Workshop zu &quot;Nimm Platz!&quot;\",\"copyright\":\"Stiftung Humboldt Forum im Berliner Schloss \\\/ Foto: Alexander Schippel\",\"path\":\"\\\/wp-content\\\/uploads\\\/2021\\\/08\\\/\",\"sizes\":{\"medium\":{\"file\":\"SHF_eb00110332-300x211.jpg\",\"width\":300,\"height\":211,\"mime-type\":\"image\\\/jpeg\"},\"large\":{\"file\":\"SHF_eb00110332-1024x722.jpg\",\"width\":1024,\"height\":722,\"mime-type\":\"image\\\/jpeg\"},\"thumbnail\":{\"file\":\"SHF_eb00110332-150x150.jpg\",\"width\":150,\"height\":150,\"mime-type\":\"image\\\/jpeg\"},\"medium_large\":{\"file\":\"SHF_eb00110332-768x541.jpg\",\"width\":768,\"height\":541,\"mime-type\":\"image\\\/jpeg\"},\"small\":{\"file\":\"SHF_eb00110332-440x310.jpg\",\"width\":440,\"height\":310,\"mime-type\":\"image\\\/jpeg\"},\"semi\":{\"file\":\"SHF_eb00110332-580x409.jpg\",\"width\":580,\"height\":409,\"mime-type\":\"image\\\/jpeg\"},\"mobile\":{\"file\":\"SHF_eb00110332-720x507.jpg\",\"width\":720,\"height\":507,\"mime-type\":\"image\\\/jpeg\"},\"hd\":{\"file\":\"SHF_eb00110332-1280x902.jpg\",\"width\":1280,\"height\":902,\"mime-type\":\"image\\\/jpeg\"},\"1536x1536\":{\"file\":\"SHF_eb00110332-1536x1082.jpg\",\"width\":1536,\"height\":1082,\"mime-type\":\"image\\\/jpeg\"},\"original\":{\"file\":\"SHF_eb00110332.jpg\",\"width\":1784,\"height\":1257}},\"autoplay\":false},{\"id\":2,\"width\":2000,\"height\":1333,\"alt\":\"Zwei Personen errichten gemeinsam eine Struktur aus gro&szlig;en, wei&szlig;en Modulen in einem hellen Raum.\",\"title\":\"\",\"description\":\"\",\"label\":\"\",\"copyright\":\"Boaz Arad Photography \\\/ Collective Paper Aesthetics:\",\"path\":\"\\\/wp-content\\\/uploads\\\/2021\\\/08\\\/\",\"sizes\":{\"medium\":{\"file\":\"3W3A0173_web-300x200.jpg\",\"width\":300,\"height\":200,\"mime-type\":\"image\\\/jpeg\"},\"large\":{\"file\":\"3W3A0173_web-1024x682.jpg\",\"width\":1024,\"height\":682,\"mime-type\":\"image\\\/jpeg\"},\"thumbnail\":{\"file\":\"3W3A0173_web-150x150.jpg\",\"width\":150,\"height\":150,\"mime-type\":\"image\\\/jpeg\"},\"medium_large\":{\"file\":\"3W3A0173_web-768x512.jpg\",\"width\":768,\"height\":512,\"mime-type\":\"image\\\/jpeg\"},\"small\":{\"file\":\"3W3A0173_web-440x293.jpg\",\"width\":440,\"height\":293,\"mime-type\":\"image\\\/jpeg\"},\"semi\":{\"file\":\"3W3A0173_web-580x387.jpg\",\"width\":580,\"height\":387,\"mime-type\":\"image\\\/jpeg\"},\"mobile\":{\"file\":\"3W3A0173_web-720x480.jpg\",\"width\":720,\"height\":480,\"mime-type\":\"image\\\/jpeg\"},\"hd\":{\"file\":\"3W3A0173_web-1280x853.jpg\",\"width\":1280,\"height\":853,\"mime-type\":\"image\\\/jpeg\"},\"full\":{\"file\":\"3W3A0173_web-1920x1280.jpg\",\"width\":1920,\"height\":1280,\"mime-type\":\"image\\\/jpeg\"},\"1536x1536\":{\"file\":\"3W3A0173_web-1536x1024.jpg\",\"width\":1536,\"height\":1024,\"mime-type\":\"image\\\/jpeg\"},\"original\":{\"file\":\"3W3A0173_web.jpg\",\"width\":2000,\"height\":1333}},\"autoplay\":false},{\"id\":3,\"width\":2000,\"height\":1334,\"alt\":\"Blick durch eine geometrische Struktur mit roten Akzenten und spiegelnden Fl&auml;chen.\",\"title\":\"\",\"description\":\"\",\"label\":\"\",\"copyright\":\"Stiftung Humboldt Forum im Berliner Schloss \\\/ Foto: Photothek \\\/ Felix Zahn \",\"path\":\"\\\/wp-content\\\/uploads\\\/2021\\\/08\\\/\",\"sizes\":{\"medium\":{\"file\":\"210813_ZHF_PHT0015_web-300x200.jpg\",\"width\":300,\"height\":200,\"mime-type\":\"image\\\/jpeg\"},\"large\":{\"file\":\"210813_ZHF_PHT0015_web-1024x683.jpg\",\"width\":1024,\"height\":683,\"mime-type\":\"image\\\/jpeg\"},\"thumbnail\":{\"file\":\"210813_ZHF_PHT0015_web-150x150.jpg\",\"width\":150,\"height\":150,\"mime-type\":\"image\\\/jpeg\"},\"medium_large\":{\"file\":\"210813_ZHF_PHT0015_web-768x512.jpg\",\"width\":768,\"height\":512,\"mime-type\":\"image\\\/jpeg\"},\"small\":{\"file\":\"210813_ZHF_PHT0015_web-440x293.jpg\",\"width\":440,\"height\":293,\"mime-type\":\"image\\\/jpeg\"},\"semi\":{\"file\":\"210813_ZHF_PHT0015_web-580x387.jpg\",\"width\":580,\"height\":387,\"mime-type\":\"image\\\/jpeg\"},\"mobile\":{\"file\":\"210813_ZHF_PHT0015_web-720x480.jpg\",\"width\":720,\"height\":480,\"mime-type\":\"image\\\/jpeg\"},\"hd\":{\"file\":\"210813_ZHF_PHT0015_web-1280x854.jpg\",\"width\":1280,\"height\":854,\"mime-type\":\"image\\\/jpeg\"},\"full\":{\"file\":\"210813_ZHF_PHT0015_web-1920x1281.jpg\",\"width\":1920,\"height\":1281,\"mime-type\":\"image\\\/jpeg\"},\"1536x1536\":{\"file\":\"210813_ZHF_PHT0015_web-1536x1025.jpg\",\"width\":1536,\"height\":1025,\"mime-type\":\"image\\\/jpeg\"},\"original\":{\"file\":\"210813_ZHF_PHT0015_web.jpg\",\"width\":2000,\"height\":1334}},\"autoplay\":false}],\n\t\t\t\"mobileImages\" : [{\"id\":0,\"width\":563,\"height\":1000,\"alt\":\"Moderner Raum mit Tischen, in dem Kinder und Erwachsene kreativ arbeiten und spielen. Helle, einladende Atmosph&auml;re.\",\"title\":\"\",\"description\":\"\",\"label\":\"\",\"copyright\":\"Stiftung Humboldt Forum im Berliner Schloss \\\/ Foto: Alexander Schippel\",\"path\":\"\\\/wp-content\\\/uploads\\\/2021\\\/08\\\/\",\"sizes\":{\"medium\":{\"file\":\"SHF_eb00110368_mobile-169x300.jpg\",\"width\":169,\"height\":300,\"mime-type\":\"image\\\/jpeg\"},\"thumbnail\":{\"file\":\"SHF_eb00110368_mobile-150x150.jpg\",\"width\":150,\"height\":150,\"mime-type\":\"image\\\/jpeg\"},\"small\":{\"file\":\"SHF_eb00110368_mobile-248x440.jpg\",\"width\":248,\"height\":440,\"mime-type\":\"image\\\/jpeg\"},\"semi\":{\"file\":\"SHF_eb00110368_mobile-327x580.jpg\",\"width\":327,\"height\":580,\"mime-type\":\"image\\\/jpeg\"},\"mobile\":{\"file\":\"SHF_eb00110368_mobile-405x720.jpg\",\"width\":405,\"height\":720,\"mime-type\":\"image\\\/jpeg\"},\"original\":{\"file\":\"SHF_eb00110368_mobile.jpg\",\"width\":563,\"height\":1000}},\"autoplay\":false},{\"id\":1,\"width\":708,\"height\":1257,\"alt\":\"Ein M&auml;dchen mit lockigem, braunem Haar steht an einem Tisch voller Bastelmaterialien und lacht fr&ouml;hlich.\",\"title\":\"\",\"description\":\"\",\"label\":\"Workshop zu &quot;Nimm Platz!&quot;\",\"copyright\":\"Stiftung Humboldt Forum im Berliner Schloss \\\/ Foto: Alexander Schippel\",\"path\":\"\\\/wp-content\\\/uploads\\\/2021\\\/08\\\/\",\"sizes\":{\"medium\":{\"file\":\"SHF_eb00110332_mobile-169x300.jpg\",\"width\":169,\"height\":300,\"mime-type\":\"image\\\/jpeg\"},\"large\":{\"file\":\"SHF_eb00110332_mobile-577x1024.jpg\",\"width\":577,\"height\":1024,\"mime-type\":\"image\\\/jpeg\"},\"thumbnail\":{\"file\":\"SHF_eb00110332_mobile-150x150.jpg\",\"width\":150,\"height\":150,\"mime-type\":\"image\\\/jpeg\"},\"small\":{\"file\":\"SHF_eb00110332_mobile-248x440.jpg\",\"width\":248,\"height\":440,\"mime-type\":\"image\\\/jpeg\"},\"semi\":{\"file\":\"SHF_eb00110332_mobile-327x580.jpg\",\"width\":327,\"height\":580,\"mime-type\":\"image\\\/jpeg\"},\"mobile\":{\"file\":\"SHF_eb00110332_mobile-406x720.jpg\",\"width\":406,\"height\":720,\"mime-type\":\"image\\\/jpeg\"},\"original\":{\"file\":\"SHF_eb00110332_mobile.jpg\",\"width\":708,\"height\":1257}},\"autoplay\":false},{\"id\":2,\"width\":1125,\"height\":2000,\"alt\":\"Modulares geometrisches Objekt aus Papier in modernem Innenraum. Eine Person betrachtet das Design aufmerksam.\",\"title\":\"\",\"description\":\"\",\"label\":\"\",\"copyright\":\"Boaz Arad Photography \\\/ Collective Paper Aesthetics\",\"path\":\"\\\/wp-content\\\/uploads\\\/2021\\\/08\\\/\",\"sizes\":{\"medium\":{\"file\":\"3W3A9995_mobile-169x300.jpg\",\"width\":169,\"height\":300,\"mime-type\":\"image\\\/jpeg\"},\"large\":{\"file\":\"3W3A9995_mobile-576x1024.jpg\",\"width\":576,\"height\":1024,\"mime-type\":\"image\\\/jpeg\"},\"thumbnail\":{\"file\":\"3W3A9995_mobile-150x150.jpg\",\"width\":150,\"height\":150,\"mime-type\":\"image\\\/jpeg\"},\"medium_large\":{\"file\":\"3W3A9995_mobile-768x1365.jpg\",\"width\":768,\"height\":1365,\"mime-type\":\"image\\\/jpeg\"},\"small\":{\"file\":\"3W3A9995_mobile-248x440.jpg\",\"width\":248,\"height\":440,\"mime-type\":\"image\\\/jpeg\"},\"semi\":{\"file\":\"3W3A9995_mobile-326x580.jpg\",\"width\":326,\"height\":580,\"mime-type\":\"image\\\/jpeg\"},\"mobile\":{\"file\":\"3W3A9995_mobile-405x720.jpg\",\"width\":405,\"height\":720,\"mime-type\":\"image\\\/jpeg\"},\"hd\":{\"file\":\"3W3A9995_mobile-720x1280.jpg\",\"width\":720,\"height\":1280,\"mime-type\":\"image\\\/jpeg\"},\"full\":{\"file\":\"3W3A9995_mobile-1080x1920.jpg\",\"width\":1080,\"height\":1920,\"mime-type\":\"image\\\/jpeg\"},\"1536x1536\":{\"file\":\"3W3A9995_mobile-864x1536.jpg\",\"width\":864,\"height\":1536,\"mime-type\":\"image\\\/jpeg\"},\"original\":{\"file\":\"3W3A9995_mobile.jpg\",\"width\":1125,\"height\":2000}},\"autoplay\":false},{\"id\":3,\"width\":1125,\"height\":2000,\"alt\":\"Blick durch eine geometrische Struktur auf eine Person, die in einer hellen Umgebung sitzt.\",\"title\":\"\",\"description\":\"\",\"label\":\"\",\"copyright\":\"Stiftung Humboldt Forum im Berliner Schloss \\\/ Foto: Photothek \\\/ Felix Zahn\",\"path\":\"\\\/wp-content\\\/uploads\\\/2021\\\/08\\\/\",\"sizes\":{\"medium\":{\"file\":\"210813_ZHF_PHT0015_mobile-169x300.jpg\",\"width\":169,\"height\":300,\"mime-type\":\"image\\\/jpeg\"},\"large\":{\"file\":\"210813_ZHF_PHT0015_mobile-576x1024.jpg\",\"width\":576,\"height\":1024,\"mime-type\":\"image\\\/jpeg\"},\"thumbnail\":{\"file\":\"210813_ZHF_PHT0015_mobile-150x150.jpg\",\"width\":150,\"height\":150,\"mime-type\":\"image\\\/jpeg\"},\"medium_large\":{\"file\":\"210813_ZHF_PHT0015_mobile-768x1365.jpg\",\"width\":768,\"height\":1365,\"mime-type\":\"image\\\/jpeg\"},\"small\":{\"file\":\"210813_ZHF_PHT0015_mobile-248x440.jpg\",\"width\":248,\"height\":440,\"mime-type\":\"image\\\/jpeg\"},\"semi\":{\"file\":\"210813_ZHF_PHT0015_mobile-326x580.jpg\",\"width\":326,\"height\":580,\"mime-type\":\"image\\\/jpeg\"},\"mobile\":{\"file\":\"210813_ZHF_PHT0015_mobile-405x720.jpg\",\"width\":405,\"height\":720,\"mime-type\":\"image\\\/jpeg\"},\"hd\":{\"file\":\"210813_ZHF_PHT0015_mobile-720x1280.jpg\",\"width\":720,\"height\":1280,\"mime-type\":\"image\\\/jpeg\"},\"full\":{\"file\":\"210813_ZHF_PHT0015_mobile-1080x1920.jpg\",\"width\":1080,\"height\":1920,\"mime-type\":\"image\\\/jpeg\"},\"1536x1536\":{\"file\":\"210813_ZHF_PHT0015_mobile-864x1536.jpg\",\"width\":864,\"height\":1536,\"mime-type\":\"image\\\/jpeg\"},\"original\":{\"file\":\"210813_ZHF_PHT0015_mobile.jpg\",\"width\":1125,\"height\":2000}},\"autoplay\":false}]\t\t}\n\t<\/script>\n\n\t<swiper :options=\"swiperVideoOptions\" ref=\"swiperVideo\">\n\t\t<div class=\"swiper-slide\" :key=\"image.id\" v-for=\"image in images\">\n\t\t\t<div class=\"width-container\">\n\t\t\t\t<div class=\"wrapper\">\n\t\t\t\t\t<img :src=\"image.src\" :alt=\"image.alt\" v-if=\"image.id < 1\">\n\t\t\t\t\t<img :src=\"image.src\" :alt=\"image.alt\" v-else-if=\"firstLoaded\">\n\t\t\t\t\t<div class=\"swiper-slide-autoplay\" v-if=\"image.autoplay\" :data-autoplay=\"image.autoplay\"><\/div>\n\t\t\t\t<\/div>\n\t\t\t<\/div>\n\t\t<\/div>\n\t<\/swiper>\n<\/div>\t\t\t<div class=\"block-gallery-moderated-copy\">\n\t<swiper :options=\"swiperCopyOptions\" ref=\"swiperCopy\">\n\t\t\n\t\t\t\t<div class=\"swiper-slide swiper-slide-active\">\n\t\t\t\t\t\t\t\t\t\t<div class=\"block-gallery-moderated-copy-item\">\n\t\t\t\t\t\t<div class=\"block-gallery-moderated-copy-item-dot\"><\/div>\n\t\t\t\t\t\t<div class=\"Teaser-subinfo-small uppercase overline\">\n\t\t\t\t\t\t\t1.000 qm Freiraum \t\t\t\t\t\t<\/div>\n\t\t\t\t\t\t<h6 class=\"H6 H6-copy headline\">Austausch und Anregung: Die Werkr\u00e4ume bieten Platz f\u00fcr kreatives Arbeiten.<\/h6>\n\t\t\t\t\t<\/div>\n\t\t\t\t\t\t\t\t\t<\/div>\n\t\t\t\n\t\t\t\t<div class=\"swiper-slide\">\n\t\t\t\t\t\t\t\t\t\t<div class=\"block-gallery-moderated-copy-item\">\n\t\t\t\t\t\t<div class=\"block-gallery-moderated-copy-item-dot\"><\/div>\n\t\t\t\t\t\t<div class=\"Teaser-subinfo-small uppercase overline\">\n\t\t\t\t\t\t\tDrop-Ins laden ein zum Mitmachen\t\t\t\t\t\t<\/div>\n\t\t\t\t\t\t<h6 class=\"H6 H6-copy headline\">Ob Maker Space oder WELTSTUDIO: In den kostenfreien Workshops k\u00f6nnen Kinder und Familien selbst aktiv werden.<\/h6>\n\t\t\t\t\t<\/div>\n\t\t\t\t\t\t\t\t\t<\/div>\n\t\t\t\n\t\t\t\t<div class=\"swiper-slide\">\n\t\t\t\t\t\t\t\t\t\t<div class=\"block-gallery-moderated-copy-item\">\n\t\t\t\t\t\t<div class=\"block-gallery-moderated-copy-item-dot\"><\/div>\n\t\t\t\t\t\t<div class=\"Teaser-subinfo-small uppercase overline\">\n\t\t\t\t\t\t\tGemeinsames Bauen der Papierskulptur\t\t\t\t\t\t<\/div>\n\t\t\t\t\t\t<h6 class=\"H6 H6-copy headline\">Die Architektin und Designerin Noa Haim entwickelte f\u00fcr das Humboldt Forum eine besondere Form f\u00fcr die Cardboards.<\/h6>\n\t\t\t\t\t<\/div>\n\t\t\t\t\t\t\t\t\t<\/div>\n\t\t\t\n\t\t\t\t<div class=\"swiper-slide\">\n\t\t\t\t\t\t\t\t\t\t<div class=\"block-gallery-moderated-copy-item\">\n\t\t\t\t\t\t<div class=\"block-gallery-moderated-copy-item-dot\"><\/div>\n\t\t\t\t\t\t<div class=\"Teaser-subinfo-small uppercase overline\">\n\t\t\t\t\t\t\tWachsendes Kunstwerk\t\t\t\t\t\t<\/div>\n\t\t\t\t\t\t<h6 class=\"H6 H6-copy headline\">Gefaltet und ineinander gesteckt entsteht aus den Cardboards eine raumgreifende, immer gr\u00f6\u00dfer werdende Skulptur.<\/h6>\n\t\t\t\t\t<\/div>\n\t\t\t\t\t\t\t\t\t<\/div>\n\t\t\t\t<\/swiper>\n<\/div>\n\n\t\t\t<div class=\"block-gallery-moderated-nav\">\n\t\t<div class=\"block-gallery-moderated-nav-shadow\"><\/div>\n\t<div class=\"swiper-progress-pos\" v-html=\"(currentSlide+1)\">1<\/div>\n\t<div class=\"swiper-progress-count\">4<\/div>\n\n\t<div class=\"swiper-progress\" ref=\"progress\">\n\t\t\t\t\t<div class=\"swiper-progress-item swiper-progress-item-0\" data-index=\"0\">\n\t\t\t\t<div class=\"swiper-progress-item-progress\"><\/div>\n\t\t\t<\/div>\n\t\t\t\t\t<div class=\"swiper-progress-item swiper-progress-item-1\" data-index=\"1\">\n\t\t\t\t<div class=\"swiper-progress-item-progress\"><\/div>\n\t\t\t<\/div>\n\t\t\t\t\t<div class=\"swiper-progress-item swiper-progress-item-2\" data-index=\"2\">\n\t\t\t\t<div class=\"swiper-progress-item-progress\"><\/div>\n\t\t\t<\/div>\n\t\t\t\t\t<div class=\"swiper-progress-item swiper-progress-item-3\" data-index=\"3\">\n\t\t\t\t<div class=\"swiper-progress-item-progress\"><\/div>\n\t\t\t<\/div>\n\t\t\t<\/div>\n\n\t<button class=\"icon-background-white swiper-button-prev  swiper-button-disabled\" slot=\"button-prev\" @click=\"prevVideo\" aria-label=\"Vorheriges Bild\">\n\t\t<span class=\"icon-arrow-rechts\"><\/span>\n\t<\/button>\n\n\t<button class=\"icon-background-white swiper-button-next\" slot=\"button-next\" @click=\"nextVideo\" aria-label=\"N\u00e4chstes Bild\">\n\t\t<span class=\"icon-arrow-rechts\"><\/span>\n\t<\/button>\n\n\n\t<button class=\"swiper-toggle-btn icon-background icon-play\" @click=\"toggle\" v-if=\"!isPlaying\" aria-label=\"Abspielen\"><\/button>\n\t<button class=\"swiper-toggle-btn icon-background icon-pause\" @click=\"toggle\" v-if=\"isPlaying\" aria-label=\"Pause\"><\/button>\n\t<\/div>\t\t<\/div>\n\t<\/block-gallery-moderated>\n<\/section>\n\n<section class=\"block block-lazy-media-info\">\n\t<div class=\"container-fluid\">\n\t\t<div class=\"row end-xs\">\n\t\t\t<div class=\"col-xs-12\">\n\t\t\t\t<lazy-media-info-as-block inline-template>\n\t\t\t\t\t<div class=\"lazy-media-info\" aria-expanded=\"false\" :aria-expanded=\"isOpen ? 'true' : 'false'\">\n\t\t\t\t\t\t<button class=\"lazy-media-info-head button-tiny\" :class=\"{'button-active': isOpen}\" @click=\"toggle\" ref=\"head\"><span class=\"button-label insignificant\">Bildinfo<\/span><\/button>\n\t\t\t\t\t\t<figcaption class=\"lazy-media-info-body\" ref=\"body\">\n\t\t\t\t\t\t\t\n\t\t\t\t\t\t\t<div class=\"lazy-media-info-body-content\">\n\t\t\t\t\t\t\t\t<div><strong>Bild 1:<\/strong><\/div>\n\t\t\t\t\t\t\t\t\t\t\t\t\t\t\t\t\t<div>Werkraum III<\/div>\n\t\t\t\t\t\t\t\t\t\t\t\t\t\t\t\t\t\t\t\t\t\t\t\t\t\t\t\t\t\t\t\t\t<div class=\"insignificant\">\u00a9 Stiftung Humboldt Forum im Berliner Schloss \/ Foto: Alexander Schippel \r\n\r\n<\/div>\n\t\t\t\t\t\t\t\t\t\t\t\t\t\t\t<\/div>\n\t\t\t\t\t\t\t\n\t\t\t\t\t\t\t<div class=\"lazy-media-info-body-content\">\n\t\t\t\t\t\t\t\t<div><strong>Bild 2:<\/strong><\/div>\n\t\t\t\t\t\t\t\t\t\t\t\t\t\t\t\t\t<div>Workshop zu &quot;Nimm Platz!&quot;<\/div>\n\t\t\t\t\t\t\t\t\t\t\t\t\t\t\t\t\t\t\t\t\t\t\t\t\t\t\t\t\t\t\t\t\t<div class=\"insignificant\">\u00a9 Stiftung Humboldt Forum im Berliner Schloss \/ Foto: Alexander Schippel<\/div>\n\t\t\t\t\t\t\t\t\t\t\t\t\t\t\t<\/div>\n\t\t\t\t\t\t\t\n\t\t\t\t\t\t\t<div class=\"lazy-media-info-body-content\">\n\t\t\t\t\t\t\t\t<div><strong>Bild 3:<\/strong><\/div>\n\t\t\t\t\t\t\t\t\t\t\t\t\t\t\t\t\t\t\t\t\t\t\t\t\t\t\t\t\t\t\t\t\t<div class=\"insignificant\">\u00a9 Boaz Arad Photography \/ Collective Paper Aesthetics:<\/div>\n\t\t\t\t\t\t\t\t\t\t\t\t\t\t\t<\/div>\n\t\t\t\t\t\t\t\n\t\t\t\t\t\t\t<div class=\"lazy-media-info-body-content\">\n\t\t\t\t\t\t\t\t<div><strong>Bild 4:<\/strong><\/div>\n\t\t\t\t\t\t\t\t\t\t\t\t\t\t\t\t\t\t\t\t\t\t\t\t\t\t\t\t\t\t\t\t\t<div class=\"insignificant\">\u00a9 Stiftung Humboldt Forum im Berliner Schloss \/ Foto: Photothek \/ Felix Zahn <\/div>\n\t\t\t\t\t\t\t\t\t\t\t\t\t\t\t<\/div>\n\t\t\t\t\t\t\t\t\t\t\t\t\t<\/figcaption>\n\t\t\t\t\t\t<div class=\"lazy-media-info-head-border\"><\/div>\n\t\t\t\t\t<\/div>\n\t\t\t\t<\/lazy-media-info-as-block>\n\t\t\t<\/div>\n\t\t<\/div>\n\t<\/div>\n<\/section>\n\n<section class=\"block block-copy\" >\n    <div class=\"container-fluid\">\n\t\t<div class=\"row \">\n            <div class=\"col-xs-12 col-md-offset-2 col-md-8\">\n                <div class=\"box\">\n                    <div class=\"copy\"><p><span class=\"anleser\" style=\"font-weight: bolder;\">1.000 qm Freiraum \u2013 flexibel zu nutzen und mittendrin. Hier findet Vermittlung in ganz unterschiedlichen Formaten statt \u2013 als kreativer Prozess, der alle Sinne einbezieht, inspiriert und ermutigt.<\/span><\/p>\n<p>Kulturelle Bildung wird im Humboldt Forum gro\u00df geschrieben. Sie er\u00f6ffnet R\u00e4ume f\u00fcr Begegnungen eines diversen Publikums, f\u00fcr Austausch und Besch\u00e4ftigung mit gesellschaftlich relevanten Themen. Deshalb liegen auch die Werkr\u00e4ume ganz zentral und mitten drin. Mit einem gro\u00dfen Familienfest feiern wir die Er\u00f6ffnung dieser 1.000 Quadratmeter Freiraum \u2013 seien Sie herzlich willkommen und machen Sie mit!<\/p>\n<p>Im Foyer k\u00f6nnen Sie an einer Papierskulptur von Collective Paper Aesthetics mitbauen, vier verschiedene, frei zug\u00e4ngliche Workshops \u2013 die Drop-Ins \u2013 laden ein, aktiv zu werden, Theaterperformances und DJs runden den Tag ab.<\/p>\n<\/div>\n                <\/div>\n            <\/div>\n\t\t<\/div>\n\t\t    <\/div>\n<\/section>\n\n<section class=\"block block-headline block-no-margin \" >\n\t<div class=\"container-fluid\">\n\t\t<div class=\"row\">\n\t\t\t\t\t\t\t<div class=\"col-xs-12 col-md-offset-2 col-md-8\">\n\t\t\t\t\t<div class=\"box\">\n\t\t\t\t\t\t<h2 class=\".h4\">Programm <\/h2>\n\t\t\t\t\t<\/div>\n\t\t\t\t<\/div>\n\t\t\t\t\t<\/div>\n\t<\/div>\n<\/section>\n\n\n\n\n\n<section class=\"block block-accordion\">\n\t<div class=\"container-fluid\">\n\t\t<div class=\"row\">\n\t\t\t<div class=\"col-xs-12 col-md-offset-2 col-md-8\">\n\t\t\t\t<div class=\"box\">\n\t\t\t\t\t\t\t\t\t\t\t<block-accordion inline-template>\n\t\t\t\t\t\t\t<div class=\"accordion\">\n\t\t\t\t\t\t\t\t\t\t\t\t\t\t\t<block-accordion-item inline-template item-headline=\"Sa. 21.08.21 \/ Familienfest\">\n\t\t\t\t\t\t\t\t<div ref=\"item\" data-id=\"Sa210821Familienfest\" class=\"block-accordion-item vue-initialize\" aria-expanded=\"false\" :aria-expanded=\"active ? 'true' : 'false'\">\n\t\t\t\t\t\t\t\t\t<button class=\"accordion-button-with-icon block-accordion-item-head\" :class=\"{'button-active': active}\" ref=\"head\" aria-controls=\"acc_69f275935631c\" id=\"acc_title_69f275935631e\" @click=\"toggle\" @keydown=\"key\">\n\t\t\t\t\t\t\t\t\t<div><span class=\"button-label\">Sa. 21.08.21 \/ Familienfest<\/span><\/div><span class=\"button-icon icon-plus\" aria-hidden=\"true\"><\/span>\n\t\t\t\t\t\t\t\t<\/button>\n\t\t\t\t\t\t\t\t\t<div ref=\"body\" class=\"block-accordion-item-content\" id=\"acc_69f275935631c\" role=\"region\">\n\t\t\t\t\t\t\t\t\t\t<div class=\"wrapper copy\">\n\t\t\t\t\t\t\t\t\t\t\t<p><strong>10:00\u201320:00 Uhr<\/strong><br \/>\n<em>Gemeinsames Bauen einer Papierskulptur<\/em><br \/>\nFoyer<br \/>\nMit der K\u00fcnstlerin Noa Haim, Collective Paper Aesthetics<br \/>\nMusikalisch begleitet von DJ IPEK (Berlin, Istanbul)<\/p>\n<p><strong>14:00 Uhr<\/strong><br \/>\n<em>Feierliche Er\u00f6ffnung der Werkr\u00e4ume<\/em><br \/>\nWerkr\u00e4ume<br \/>\nHartmut Dorgerloh, Generalintendant Humboldt Forum<br \/>\nKathrin Kollmeier, Leiterin Akademie der Stiftung Humboldt Forum im Berliner Schloss<\/p>\n<p><strong>13:00, 14:30 und 16:00 Uhr<\/strong><br \/>\n<em>Ich sehe was, was Du nicht siehst<\/em><br \/>\nTheaterperformance vom Foyer in die Werkr\u00e4ume<br \/>\n<strong>Regie<\/strong>: Franziska Ritter, <strong>B\u00fchne:<\/strong> Klaus Noak<br \/>\n<strong>Mit<\/strong>: Ngako Keuni, Franziska Kleinert, Franziska Krol<\/p>\n<p>Die Cardboards der Papierskulptur werden Requisite und B\u00fchnenbild einer Performance. Folgen Sie den Spieler*innen in die Werkr\u00e4ume und erdenken Sie gemeinsam, ob das Objekt ein Ufo, ein Schwimmring, ein riesiger Ohrring, ein Boot oder ein Miniaturstadion sein kann \u2013 oder vielleicht doch etwas ganz anderes? Multiperspektivit\u00e4t f\u00fcr alle Besucher*innen ab 4 Jahren, einfach erkl\u00e4rt.<\/p>\n<p><strong>14:00\u201317:00 Uhr<\/strong><br \/>\n<em>Drop-Ins f\u00fcr alle<\/em><br \/>\nWerkr\u00e4ume, WELTSTUDIO, Humboldt Labor<\/p>\n<p><strong>11:00 und 14:30 Uhr <\/strong><br \/>\n<a href=\"https:\/\/www.humboldtforum.org\/de\/programm\/termin\/performance-und-installation\/erzaehlt-mir-was-25379\/\"><em>Erz\u00e4hlt mir was!<\/em><\/a><br \/>\nSchl\u00fcterhof<br \/>\nMehrsprachiges Erz\u00e4hlprogramm<\/p>\n<p><strong>12:30 und 16:00 Uhr <\/strong><br \/>\n<a href=\"https:\/\/www.humboldtforum.org\/de\/programm\/termin\/workshop\/street-radio-blaster-24735\/\"><em>Street Radio Blaster<\/em><\/a><br \/>\nSchl\u00fcterhof<br \/>\nMobile Radio Community zum Mitmachen<\/p>\n\n\t\t\t\t\t\t\t\t\t\t\t\t\t\t\t\t\t\t\t\t\t\t\t\t\t\t\t\t\t\t\t\t\t\n\t\t\t\t\t\t\t\t\t\t\t<div class=\"row\">\n\t\t\t\t\t\t\t\t\t\t\t\t<div class=\"col-xs-9 col-md-9\">\n\t\t\t\t\t\t\t\t\t\t\t\t\t<div class=\"box\">\n\t\t\t\t\t\t\t\t\t\t\t\t\t\t\t\t\t\t\t\t\t\t\t\t\t\t\t<\/div>\n\t\t\t\t\t\t\t\t\t\t\t\t<\/div>\n\t\t\t\t\t\t\t\t\t\t\t<\/div>\n\n\t\t\t\t\t\t\t\t\t\t\t\t\t\t\t\t\t\t\t\t\t<\/div>\n\t\t\t\t\t\t\t\t\t<\/div>\n\t\t\t\t\t\t\t\t<\/div>\n\t\t\t\t\t\t\t\t<\/block-accordion-item>\n\t\t\t\t\t\t\t\t\t\t\t\t\t\t<block-accordion-item inline-template item-headline=\"Sa. 21.08.21 \/ Drop-Ins\">\n\t\t\t\t\t\t\t\t<div ref=\"item\" data-id=\"Sa210821Drop-Ins\" class=\"block-accordion-item vue-initialize\" aria-expanded=\"false\" :aria-expanded=\"active ? 'true' : 'false'\">\n\t\t\t\t\t\t\t\t\t<button class=\"accordion-button-with-icon block-accordion-item-head\" :class=\"{'button-active': active}\" ref=\"head\" aria-controls=\"acc_69f27593566dd\" id=\"acc_title_69f27593566de\" @click=\"toggle\" @keydown=\"key\">\n\t\t\t\t\t\t\t\t\t<div><span class=\"button-label\">Sa. 21.08.21 \/ Drop-Ins<\/span><\/div><span class=\"button-icon icon-plus\" aria-hidden=\"true\"><\/span>\n\t\t\t\t\t\t\t\t<\/button>\n\t\t\t\t\t\t\t\t\t<div ref=\"body\" class=\"block-accordion-item-content\" id=\"acc_69f27593566dd\" role=\"region\">\n\t\t\t\t\t\t\t\t\t\t<div class=\"wrapper copy\">\n\t\t\t\t\t\t\t\t\t\t\t<p>Jeweils um 14:00, 15:00 und 16:00 Uhr starten vier verschiedene Drop-Ins. Die Anmeldung erfolgt am Veranstaltungstag an einem Informationstresen in der Treppenhalle des Humboldt Forums. Es stehen f\u00fcr Sie kostenfreie Stunden-Tickets ab 14:00, 15:00 oder 16:00 Uhr zur Verf\u00fcgung.<\/p>\n<p><em><strong>Maker Space \u2013 Humboldt Hologramm<\/strong><\/em><\/p>\n<p>Spannende Forschungen Alexander von Humboldts entdecken und sie zum Leben erwecken!\u00a0In Zusammenarbeit mit den Jungen T\u00fcftler*innen haben Sie die M\u00f6glichkeit, Bilder von Pflanzen, Tieren, Hieroglyphen und anderen ber\u00fchmten Illustrationen von Humboldt als faszinierendes Hologramm zu programmieren. Mit selbst gebauten Projektoren verwandeln Sie diese in ein dreidimensionales Lichtbild.<\/p>\n<p style=\"background: white; margin: 7.5pt 0cm .0001pt 0cm;\"><em>Ort: Werkr\u00e4ume 1. OG<\/em><\/p>\n<p><em><strong>Trickster, Tierwesen und Gestaltenwandler<\/strong><\/em><\/p>\n<p>Geschichten von Trickster-Figuren gibt es auf allen Kontinenten. Viele Objekte des Ethnologischen Museums thematisieren diese Tierwesen <em><strong>\u2013<\/strong><\/em> in West-Afrika beispielsweise die schlaue Spinne Anansi oder in Papua-Neuguinea der kluge Hornvogel. Diese Charaktere handeln meist trickreich, ambivalent und held*innenhaft! Inspiriert von diesen Geschichten und mit vielen bunten Ideen und Materialien erwecken die Familien gemeinsam selbsterfundene Trickster zum Leben.<\/p>\n<p><em>Ort: Werkr\u00e4ume, 1. OG<\/em><\/p>\n<p><em><strong>Das WELTSTUDIO l\u00e4dt ein \u2013 Karten mal ganz anders<\/strong><\/em><\/p>\n<p>Zum kreativen Gestalten von ungew\u00f6hnlichen Karten stehen im WELTSTUDIO drei raumgreifende Kartographen bereit: der Personenkartograph, der Fadenkartograph und der Kugelkartograph. Hier entstehen Karten aus F\u00e4den, riesige Poster mit individuellen Geschichten zur Welt und kleine Weganleitungen zu Lieblingsorten. Es wird gemeinsam kreativ gebaut, gewebt, gezeichnet, gestempelt und vieles, vieles mehr. Karten zu erstellen wird in einer Art und Weise in Frage gestellt, die sowohl Erwachsenen als auch Kindern gleicherma\u00dfen Spa\u00df macht.<\/p>\n<p><em>Ort: WELTSTUDIO, 1. OG (Zugang \u00fcber <a href=\"https:\/\/www.humboldtforum.org\/de\/programm\/dauerangebot\/ausstellung\/berlin-global-14140\/\">BERLIN GLOBAL<\/a>)<\/em><\/p>\n<p><em><strong>Hinter dem Fischschwarm \u2013 interaktiv eintauchen ins Humboldt Labor<\/strong><\/em><\/p>\n<p>Wie funktioniert ein Fischschwarm? Wie landet die Hand eines Schimpansen aus dem 19. Jahrhundert in einem Berliner Museum? Wie kann man aus einer versteinerten Fu\u00dfspur ein ganzes Urzeit-Tier rekonstruieren? Was machen Forscher*innen genau? Und was hat Wissenschaft mit unserem eigenen Leben zu tun? Fragen wie diese sind interaktiv in der Ausstellung <a href=\"https:\/\/www.humboldtforum.org\/de\/programm\/dauerangebot\/ausstellung\/nach-der-natur-14144\/\"><em>Nach der Natur<\/em><\/a> im Humboldt Labor zu entdecken.<\/p>\n<p><em>Ort: Humboldt Labor, 1. OG<\/em><\/p>\n\n\t\t\t\t\t\t\t\t\t\t\t\t\t\t\t\t\t\t\t\t\t\t\t\t\t\t\t\t\t\t\t\t\t\n\t\t\t\t\t\t\t\t\t\t\t<div class=\"row\">\n\t\t\t\t\t\t\t\t\t\t\t\t<div class=\"col-xs-9 col-md-9\">\n\t\t\t\t\t\t\t\t\t\t\t\t\t<div class=\"box\">\n\t\t\t\t\t\t\t\t\t\t\t\t\t\t\t\t\t\t\t\t\t\t\t\t\t\t\t<\/div>\n\t\t\t\t\t\t\t\t\t\t\t\t<\/div>\n\t\t\t\t\t\t\t\t\t\t\t<\/div>\n\n\t\t\t\t\t\t\t\t\t\t\t\t\t\t\t\t\t\t\t\t\t<\/div>\n\t\t\t\t\t\t\t\t\t<\/div>\n\t\t\t\t\t\t\t\t<\/div>\n\t\t\t\t\t\t\t\t<\/block-accordion-item>\n\t\t\t\t\t\t\t\t\t\t\t\t\t\t<block-accordion-item inline-template item-headline=\"So. 22.08.21 \/ Papierskulptur &amp; Vermittler*innen vor Ort\">\n\t\t\t\t\t\t\t\t<div ref=\"item\" data-id=\"So220821PapierskulpturVermittlerinnenvorOrt\" class=\"block-accordion-item vue-initialize\" aria-expanded=\"false\" :aria-expanded=\"active ? 'true' : 'false'\">\n\t\t\t\t\t\t\t\t\t<button class=\"accordion-button-with-icon block-accordion-item-head\" :class=\"{'button-active': active}\" ref=\"head\" aria-controls=\"acc_69f2759356975\" id=\"acc_title_69f2759356976\" @click=\"toggle\" @keydown=\"key\">\n\t\t\t\t\t\t\t\t\t<div><span class=\"button-label\">So. 22.08.21 \/ Papierskulptur &#038; Vermittler*innen vor Ort<\/span><\/div><span class=\"button-icon icon-plus\" aria-hidden=\"true\"><\/span>\n\t\t\t\t\t\t\t\t<\/button>\n\t\t\t\t\t\t\t\t\t<div ref=\"body\" class=\"block-accordion-item-content\" id=\"acc_69f2759356975\" role=\"region\">\n\t\t\t\t\t\t\t\t\t\t<div class=\"wrapper copy\">\n\t\t\t\t\t\t\t\t\t\t\t<p><strong>10:00\u201320:00 Uhr<br \/>\n<\/strong>Das gemeinsame Bauen der Papierskulptur im Foyer geht weiter. Machen Sie mit!<\/p>\n<p><strong>12:00\u201316:00 Uhr<br \/>\n<\/strong>Die Werkr\u00e4ume haben f\u00fcr Sie ge\u00f6ffnet. Kommen Sie mit uns ins Gespr\u00e4ch!<\/p>\n<p><strong>12:00\u201318:00 Uhr<br \/>\n<\/strong>Kurze F\u00fchrungen ohne Anmeldung: Vermittler*innen vor Ort geben Ihnen Einblicke in die Geschichte und Architektur des Ortes <em><strong>\u2013 <\/strong><\/em>in den H\u00f6fen und in den Ausstellungen zur Geschichte des Ortes.<\/p>\n\n\t\t\t\t\t\t\t\t\t\t\t\t\t\t\t\t\t\t\t\t\t\t\t\t\t\t\t\t\t\t\t\t\t\n\t\t\t\t\t\t\t\t\t\t\t<div class=\"row\">\n\t\t\t\t\t\t\t\t\t\t\t\t<div class=\"col-xs-9 col-md-9\">\n\t\t\t\t\t\t\t\t\t\t\t\t\t<div class=\"box\">\n\t\t\t\t\t\t\t\t\t\t\t\t\t\t\t\t\t\t\t\t\t\t\t\t\t\t\t<\/div>\n\t\t\t\t\t\t\t\t\t\t\t\t<\/div>\n\t\t\t\t\t\t\t\t\t\t\t<\/div>\n\n\t\t\t\t\t\t\t\t\t\t\t\t\t\t\t\t\t\t\t\t\t<\/div>\n\t\t\t\t\t\t\t\t\t<\/div>\n\t\t\t\t\t\t\t\t<\/div>\n\t\t\t\t\t\t\t\t<\/block-accordion-item>\n\t\t\t\t\t\t\t\t\t\t\t\t\t<\/div>\n\t\t\t\t\t\t<\/block-accordion>\n\t\t\t\t\t\t\t\t\t<\/div>\n\t\t\t<\/div>\n\t\t<\/div>\n\t<\/div>\n<\/section>\n\n\n<section class=\"block block-teaser col-lane \" style=\"\">\n\t<lazy-component :fixed-min-height=\"400\">\n\t\n\t\t\t\t\t<teaser-lane-with-buttons inline-template tracking-label=\"Weitere Angebote f\u00fcr Kinder &amp; Familien\">\n\t\t\t\t<div class=\"teaser-lane-with-buttons\">\n\t\t\t\t\t<div class=\"container-fluid\">\n\t\t\t\t\t\t<div class=\"row bottom-xs\">\n\t\t\t\t\t\t\t<div class=\"col-xs-12 col-md-8\">\n\t\t\t\t\t\t\t\t\t\t\t\t\t\t\t\t\t<h4>Weitere Angebote f\u00fcr Kinder &#038; Familien<\/h4>\t\t\t\t\t\t\t\t\t\t\t\t\t\t\t\t\t\t\t\t\t\t\t\t<\/div>\n\t\t\t\t\t\t\t<div class=\"col-xs-12 col-md-4 start-xs end-md margin-bottom-sixth teaser-lane-buttons-wrapper \">\n\t\t\t\t\t\t\t\t\t\t\t\t\t\t\t\t<teaser-lane-buttons :visible_prev=\"visible_prev\" :visible_next=\"visible_next\" @prev=\"prev\" @next=\"next\"><\/teaser-lane-buttons>\n\t\t\t\t\t\t\t<\/div>\n\t\t\t\t\t\t<\/div>\n\t\t\t\t\t<\/div>\n\t\t\t\t\t<div class=\"teaser-lane-wrapper\">\n\t\t\t\t\t\t<ul class=\"teaser-lane\">\n\t\t\t\t\t\t\t\t\t\t\t\t\t\t<li class=\"teaser-lane-slide col-xs-9 col-sm-4 col-md-3 teaser-wrapper col-padding-remove\">\n\t<calendarteaser key=\"2473514019\" rawitem='{&quot;postId&quot;:24735,&quot;title&quot;:&quot;Street Radio Blaster&quot;,&quot;excerpt&quot;:&quot;Samstagnachmittags im Wechsel mit \\&quot;Erz\\u00e4hlt mir was!\\&quot; k\\u00f6nnen Jugendliche ab 10 Jahren Teil der mobilen Radio-Community im Schl\\u00fcterhof werden \\u2013 spontane Besucher*innen sind willkommen!&quot;,&quot;slug&quot;:&quot;street-radio-blaster&quot;,&quot;post_date&quot;:&quot;2021-06-16T11:33&quot;,&quot;type&quot;:&quot;event&quot;,&quot;permalink&quot;:&quot;https:\\\/\\\/www.humboldtforum.org\\\/de\\\/programm\\\/termin\\\/workshop\\\/street-radio-blaster-24735\\\/&quot;,&quot;genre&quot;:[837],&quot;genre_details&quot;:[{&quot;text&quot;:&quot;Workshop&quot;,&quot;id&quot;:837,&quot;icon&quot;:null,&quot;parent&quot;:0}],&quot;stakeholder&quot;:[382],&quot;stakeholder_details&quot;:[{&quot;text&quot;:&quot;Stiftung Humboldt Forum im Berliner Schloss&quot;,&quot;id&quot;:382,&quot;icon&quot;:null,&quot;parent&quot;:0}],&quot;targetgroup&quot;:[383,455,454],&quot;targetgroup_details&quot;:[{&quot;text&quot;:&quot;Erwachsene&quot;,&quot;id&quot;:383,&quot;icon&quot;:null,&quot;parent&quot;:0},{&quot;text&quot;:&quot;Jugendliche&quot;,&quot;id&quot;:455,&quot;icon&quot;:null,&quot;parent&quot;:0},{&quot;text&quot;:&quot;Kinder und Familien&quot;,&quot;id&quot;:454,&quot;icon&quot;:null,&quot;parent&quot;:0}],&quot;language&quot;:[384],&quot;language_details&quot;:[{&quot;text&quot;:&quot;Deutsch&quot;,&quot;id&quot;:384,&quot;icon&quot;:null,&quot;parent&quot;:0}],&quot;groupsize&quot;:[945],&quot;groupsize_details&quot;:[{&quot;text&quot;:&quot;10 Personen&quot;,&quot;id&quot;:945,&quot;icon&quot;:null,&quot;parent&quot;:0}],&quot;place&quot;:[510],&quot;place_details&quot;:{&quot;place&quot;:&quot;Humboldt Forum&quot;,&quot;map&quot;:&quot;Humboldt Forum, Schlossplatz, Berlin&quot;,&quot;room&quot;:&quot;Schl\\u00fcterhof&quot;},&quot;icon_overwrite&quot;:&quot;&quot;,&quot;acf&quot;:{&quot;hashtag&quot;:&quot;HumboldtForum&quot;,&quot;shorturl&quot;:&quot;&quot;,&quot;noindex&quot;:false,&quot;keywords&quot;:&quot;&quot;,&quot;times&quot;:[],&quot;planning&quot;:{&quot;price&quot;:&quot;Eintritt frei&quot;,&quot;admission&quot;:&quot;&quot;,&quot;pause&quot;:&quot;Vom 07.08. bis 11.09. immer samstags von 12:30 bis 13:30 und von 16:00 bis 17:00 Uhr&quot;,&quot;duration&quot;:&quot;&quot;},&quot;subline&quot;:&quot;Mobile Radio Community zum Mitmachen&quot;,&quot;subline_feature&quot;:&quot;Von Gi\\u00f3 Di Sera &amp; friends&quot;,&quot;marketing_text&quot;:&quot;Mobile Radio Community zum Mitmachen&quot;,&quot;shorttext&quot;:&quot;Samstagnachmittags im Wechsel mit \\&quot;Erz\\u00e4hlt mir was!\\&quot; k\\u00f6nnen Jugendliche ab 10 Jahren Teil der mobilen Radio-Community im Schl\\u00fcterhof werden \\u2013 spontane Besucher*innen sind willkommen!&quot;,&quot;longtext&quot;:&quot;&quot;,&quot;highlight_header&quot;:false,&quot;featured_images&quot;:[26210],&quot;video&quot;:false,&quot;hyphenation&quot;:true,&quot;tipp&quot;:false,&quot;alert_text&quot;:&quot;&quot;,&quot;joker&quot;:false,&quot;live&quot;:false,&quot;announcement&quot;:&quot;&quot;,&quot;overwrite_date&quot;:&quot;&quot;,&quot;belongsto&quot;:[24740],&quot;additional_info&quot;:{&quot;icon&quot;:&quot;0&quot;,&quot;text&quot;:&quot;&quot;},&quot;use_video_in_teasers&quot;:false,&quot;hide_event_in_program&quot;:false,&quot;infotext&quot;:&quot;Bei Regen findet die Veranstaltung im Innenraum statt. Bitte folgen Sie den Hinweisen im Schl\\u00fcterhof oder informieren Sie sich bei unserem Servicepersonal. FFP-Maske f\\u00fcr Menschen ab 12 Jahren, Registrierung vor Ort und GGG-Nachweis f\\u00fcr Erwachsene n\\u00f6tig.&quot;,&quot;tickettext&quot;:&quot;Keine Ticket-Buchung erforderlich.&quot;},&quot;date&quot;:{&quot;NX&quot;:null,&quot;NXX&quot;:null,&quot;NLAST&quot;:&quot;202109111200&quot;,&quot;from_DATE&quot;:&quot;20210807 12:30&quot;,&quot;from&quot;:1628325000,&quot;to&quot;:1631361600,&quot;to_DATE&quot;:&quot;20210911 16:00&quot;,&quot;from_HRFSHORT&quot;:&quot; 7. Aug 2021&quot;,&quot;from_HRFSHORT_WD&quot;:&quot;Sa 07.08.2021&quot;,&quot;to_HRFSHORT&quot;:&quot;11. Sep 2021&quot;,&quot;to_HRFSHORT_WD&quot;:&quot;Sa 11.09.2021&quot;,&quot;from_HRF&quot;:&quot;Sa,  7. August 2021&quot;,&quot;to_HRF&quot;:&quot;Sa, 11. September 2021&quot;,&quot;from_to_HRF&quot;:&quot;Sa,  7. August \\u2013 Sa, 11. September 2021&quot;,&quot;from_to_HRFSHORT&quot;:&quot; 7. Aug \\u2013 11. Sep 2021&quot;},&quot;alert&quot;:null,&quot;partof&quot;:[],&quot;marketing_topic&quot;:{&quot;title&quot;:&quot;Durchl\\u00fcften. Open Air im Schl\\u00fcterhof&quot;,&quot;ID&quot;:24740,&quot;reason&quot;:&quot;belongsto&quot;}}' inline-template>\n\t<a href=\"https:\/\/www.humboldtforum.org\/de\/programm\/termin\/workshop\/street-radio-blaster-24735\/\" class=\"teaser teaser-event teaser-event-standard\">\n\t\t<div class=\"row\">\n\t\t\t<div class=\"col-xs-12 teaser-event-image\">\n\t\t\t\t<div class=\"teaser-image teaser-image-no-alternate\">\n\t\t\t\t\t\t\t\t\t\t\t\n\t<lazy-media-inline inline-template>\n\t\t<figure itemscope itemtype=\"http:\/\/schema.org\/ImageObject\" class=\"lazy-media-inline \" role=\"group\" id=\"media_69f275937f641\" aria-labelledby=\"desc_media_69f275937f641\">\n\t\t\t<script type=\"application\/json\" ref=\"data\">\n\t\t\t\t{\n\t\t\t\t\"sizes\" : {\"medium\":{\"file\":\"SHF_eb00111731-196x300.jpg\",\"width\":196,\"height\":300,\"mime-type\":\"image\\\/jpeg\"},\"large\":{\"file\":\"SHF_eb00111731-668x1024.jpg\",\"width\":668,\"height\":1024,\"mime-type\":\"image\\\/jpeg\"},\"thumbnail\":{\"file\":\"SHF_eb00111731-150x150.jpg\",\"width\":150,\"height\":150,\"mime-type\":\"image\\\/jpeg\"},\"medium_large\":{\"file\":\"SHF_eb00111731-768x1178.jpg\",\"width\":768,\"height\":1178,\"mime-type\":\"image\\\/jpeg\"},\"small\":{\"file\":\"SHF_eb00111731-287x440.jpg\",\"width\":287,\"height\":440,\"mime-type\":\"image\\\/jpeg\"},\"semi\":{\"file\":\"SHF_eb00111731-378x580.jpg\",\"width\":378,\"height\":580,\"mime-type\":\"image\\\/jpeg\"},\"mobile\":{\"file\":\"SHF_eb00111731-469x720.jpg\",\"width\":469,\"height\":720,\"mime-type\":\"image\\\/jpeg\"},\"hd\":{\"file\":\"SHF_eb00111731-835x1280.jpg\",\"width\":835,\"height\":1280,\"mime-type\":\"image\\\/jpeg\"},\"1536x1536\":{\"file\":\"SHF_eb00111731-1001x1536.jpg\",\"width\":1001,\"height\":1536,\"mime-type\":\"image\\\/jpeg\"},\"original\":{\"file\":\"SHF_eb00111731.jpg\",\"width\":1109,\"height\":1701}},\n\t\t\t\t\"alt\" : \"Skizze eines mobilen Radios mit Beschreibungen, einschlie\\u00dflich Lautsprechern und grafischen Elementen.\",\n\t\t\t\t\"path\" : \"\\\/wp-content\\\/uploads\\\/2021\\\/06\\\/\",\n\t\t\t\t\"video\" : null,\n\t\t\t\t\"autoplay\" : null,\n\t\t\t\t\"youtube\" : null,\n\t\t\t\t\"youtubelabel\" : \"Video abspielen\",\n\t\t\t\t\"brightness\" : 100,\n\t\t\t\t\"crop\" : {\"top\":\"56.00\",\"left\":\"50.00\"},\n\t\t\t\t\"background\" : true,\n\t\t\t\t\"scale\" : 2\t\t\t\t}\n\t\t\t<\/script>\n\n\t\t\t<div class=\"height-container\" style=\"padding-bottom:153.38142470694%;\" v-if=\"sizes\">\n\t\t\t\t\t\t\t\t<lazy-media :inline=\"true\" :alt=\"alt\" :sizes=\"sizes\" :scale=\"scale\" :brightness=\"brightness\" :path=\"path\" :video=\"video\" :autoplay=\"autoplay\" :youtube=\"youtube\" :crop=\"crop\" :youtubelabel=\"youtubelabel\" :background=\"background\" media-id=\"desc_media_69f275937f641\"><\/lazy-media>\n\t\t\t\t\t\t\t<\/div>\n\n\t\t\t\t\t\t\t<figcaption class=\"sr-only\" ref=\"body\" id=\"desc_media_69f275937f641\">\n\t\t\t\t\t\t\t\t\t\t\t<div>Visual &bdquo;Street Radio Blaster&rdquo;, Gi&oacute; di Sera, 2021<\/div>\n\t\t\t\t\t\t\t\t\t\t\t\t\t\t\t\t\t\t\t\t\t<div class=\"insignificant\">\u00a9 Gi\u00f2 Di Sera<\/div>\n\t\t\t\t\t\t\t\t\t<\/figcaption>\n\t\t\t\t\t<\/figure>\n\t<\/lazy-media-inline>\n\t\t\t\t<\/div>\n\t\t\t<\/div>\n\t\t\t<div class=\"col-xs-12 teaser-event-text Infos\">\n\t\t\t\t<div class=\"teaser-event-standard-text\">\n\t\t\t\t\t<div class=\"margin-bottom-atom\">\n\t\t\t\t\t\t<div class=\"subline clamp-1\" v-html=\"maingenre\"><\/div>\n\t\t\t\t\t\t\t\t\t\t\t\t\t<div class=\"insignificant clamp-2\">Durchl\u00fcften. Open Air im Schl\u00fcterhof<\/div>\n\t\t\t\t\t\t\t\t\t\t\t<\/div>\n\t\t\t\t\n\t\t\t\t\t<strong class=\"margin-bottom-atom\">Street Radio Blaster<\/strong>\n\n\t\t\t\t\t\t\t\t\t\t\t<div class=\"\">Mobile Radio Community zum Mitmachen<\/div>\n\t\t\t\t\t\t\t\t\t<\/div>\n\t\t\t\t<div class=\"teaser-bottom border-bottom\">\n\t\t\t\t<calendardateline :rawitem='item' :show-icon=\"true\"><\/calendardateline>\n\t\t\t\t\t<hr>\n\t\t\t\t<\/div>\n\t\t\t<\/div>\n\t\t<\/div>\n\t<\/a>\n\t<\/calendarteaser>\n<\/li>\n\n<li class=\"teaser-lane-slide col-xs-9 col-sm-4 col-md-3 teaser-wrapper col-padding-remove\">\n\t<calendarteaser key=\"145349217\" rawitem='{&quot;postId&quot;:14534,&quot;title&quot;:&quot;Nimm Platz!&quot;,&quot;excerpt&quot;:&quot;Eine Ausstellung \\u00fcber das Sitzen, Platznehmen und Platz haben f\\u00fcr Kinder und Familien.&quot;,&quot;slug&quot;:&quot;nimm-platz&quot;,&quot;post_date&quot;:&quot;2020-11-06T18:23&quot;,&quot;type&quot;:&quot;event-period&quot;,&quot;permalink&quot;:&quot;https:\\\/\\\/www.humboldtforum.org\\\/de\\\/programm\\\/laufzeitangebot\\\/ausstellung\\\/nimm-platz-14534\\\/&quot;,&quot;genre&quot;:[391],&quot;genre_details&quot;:[{&quot;text&quot;:&quot;Ausstellung&quot;,&quot;id&quot;:391,&quot;icon&quot;:null,&quot;parent&quot;:0}],&quot;stakeholder&quot;:[382],&quot;stakeholder_details&quot;:[{&quot;text&quot;:&quot;Stiftung Humboldt Forum im Berliner Schloss&quot;,&quot;id&quot;:382,&quot;icon&quot;:null,&quot;parent&quot;:0}],&quot;editorial&quot;:[402,529,472],&quot;editorial_details&quot;:[{&quot;text&quot;:&quot;interaktiv&quot;,&quot;id&quot;:402,&quot;icon&quot;:null,&quot;parent&quot;:0},{&quot;text&quot;:&quot;lehrreich&quot;,&quot;id&quot;:529,&quot;icon&quot;:null,&quot;parent&quot;:0},{&quot;text&quot;:&quot;spielerisch&quot;,&quot;id&quot;:472,&quot;icon&quot;:null,&quot;parent&quot;:0}],&quot;targetgroup&quot;:[454],&quot;targetgroup_details&quot;:[{&quot;text&quot;:&quot;Kinder und Familien&quot;,&quot;id&quot;:454,&quot;icon&quot;:null,&quot;parent&quot;:0}],&quot;language&quot;:[422],&quot;language_details&quot;:[{&quot;text&quot;:&quot;Keine Sprachkenntnisse erforderlich&quot;,&quot;id&quot;:422,&quot;icon&quot;:null,&quot;parent&quot;:0}],&quot;accessability&quot;:[966,430],&quot;accessability_details&quot;:[{&quot;text&quot;:&quot;Filme in Deutscher Geb\\u00e4rdensprache&quot;,&quot;id&quot;:966,&quot;icon&quot;:null,&quot;parent&quot;:0},{&quot;text&quot;:&quot;Rollstuhlgerecht&quot;,&quot;id&quot;:430,&quot;icon&quot;:null,&quot;parent&quot;:0}],&quot;place&quot;:[475,404],&quot;place_details&quot;:{&quot;place&quot;:&quot;Humboldt Forum&quot;,&quot;map&quot;:&quot;Humboldt Forum, Schlossplatz, Berlin&quot;,&quot;room&quot;:&quot;EG&quot;},&quot;icon_overwrite&quot;:&quot;&quot;,&quot;acf&quot;:{&quot;shorturl&quot;:&quot;nimmplatz&quot;,&quot;planning&quot;:{&quot;price&quot;:&quot;10 EUR \\\/ erm. 5 EUR \\\/ Kinder Eintritt frei&quot;,&quot;status&quot;:&quot;TIMEFRAME&quot;,&quot;info&quot;:&quot;10 EUR \\\/ erm. 5 EUR \\\/ Kinder Eintritt frei&quot;,&quot;shop&quot;:&quot;https:\\\/\\\/tickets.humboldtforum.org\\\/#\\\/tickets\\\/time?exhibition_id=4&amp;group=timeSlot&quot;,&quot;can_purchase&quot;:true},&quot;periods&quot;:[{&quot;label&quot;:&quot;&quot;,&quot;dates&quot;:[{&quot;start&quot;:&quot;202107200000&quot;,&quot;end&quot;:&quot;202203270000&quot;,&quot;has_end&quot;:true,&quot;start_HRFSHORT&quot;:&quot;20.07.21&quot;,&quot;start_HRFSHORT_WD&quot;:&quot;Di 20.07.2021&quot;,&quot;end_HRFSHORT&quot;:&quot;27.03.22&quot;}],&quot;monday&quot;:[{&quot;start&quot;:&quot;10:00&quot;,&quot;end&quot;:&quot;18:00&quot;,&quot;closed&quot;:false}],&quot;tuesday&quot;:[{&quot;start&quot;:&quot;&quot;,&quot;end&quot;:&quot;&quot;,&quot;closed&quot;:true}],&quot;wednesday&quot;:[{&quot;start&quot;:&quot;10:00&quot;,&quot;end&quot;:&quot;18:00&quot;,&quot;closed&quot;:false}],&quot;thursday&quot;:[{&quot;start&quot;:&quot;10:00&quot;,&quot;end&quot;:&quot;18:00&quot;,&quot;closed&quot;:false}],&quot;friday&quot;:[{&quot;start&quot;:&quot;10:00&quot;,&quot;end&quot;:&quot;18:00&quot;,&quot;closed&quot;:false}],&quot;saturday&quot;:[{&quot;start&quot;:&quot;10:00&quot;,&quot;end&quot;:&quot;18:00&quot;,&quot;closed&quot;:false}],&quot;sunday&quot;:[{&quot;start&quot;:&quot;10:00&quot;,&quot;end&quot;:&quot;18:00&quot;,&quot;closed&quot;:false}],&quot;info&quot;:&quot;&quot;,&quot;description&quot;:&quot;&quot;},{&quot;label&quot;:&quot;&quot;,&quot;dates&quot;:[{&quot;start&quot;:&quot;202202070000&quot;,&quot;end&quot;:&quot;202202280000&quot;,&quot;has_end&quot;:true,&quot;start_HRFSHORT&quot;:&quot;07.02.22&quot;,&quot;start_HRFSHORT_WD&quot;:&quot;Mo 07.02.2022&quot;,&quot;end_HRFSHORT&quot;:&quot;28.02.22&quot;}],&quot;monday&quot;:[{&quot;start&quot;:&quot;11:00&quot;,&quot;end&quot;:&quot;18:00&quot;,&quot;closed&quot;:false}],&quot;tuesday&quot;:[{&quot;start&quot;:null,&quot;end&quot;:null,&quot;closed&quot;:true}],&quot;wednesday&quot;:[{&quot;start&quot;:&quot;11:00&quot;,&quot;end&quot;:&quot;18:00&quot;,&quot;closed&quot;:false}],&quot;thursday&quot;:[{&quot;start&quot;:&quot;11:00&quot;,&quot;end&quot;:&quot;18:00&quot;,&quot;closed&quot;:false}],&quot;friday&quot;:[{&quot;start&quot;:&quot;11:00&quot;,&quot;end&quot;:&quot;18:00&quot;,&quot;closed&quot;:false}],&quot;saturday&quot;:[{&quot;start&quot;:&quot;12:00&quot;,&quot;end&quot;:&quot;18:00&quot;,&quot;closed&quot;:false}],&quot;sunday&quot;:[{&quot;start&quot;:&quot;12:00&quot;,&quot;end&quot;:&quot;18:00&quot;,&quot;closed&quot;:false}],&quot;info&quot;:&quot;&quot;,&quot;description&quot;:&quot;&quot;}],&quot;subline&quot;:&quot;F\\u00fcr Kinder und Familien&quot;,&quot;marketing_text&quot;:&quot;Eine Ausstellung f\\u00fcr Kinder und Familien&quot;,&quot;shorttext&quot;:&quot;Eine Ausstellung \\u00fcber das Sitzen, Platznehmen und Platz haben f\\u00fcr Kinder und Familien.&quot;,&quot;highlight_header&quot;:true,&quot;featured_images&quot;:false,&quot;tipp&quot;:false,&quot;joker&quot;:false,&quot;live&quot;:false,&quot;display_as_single&quot;:false,&quot;highlight_header_image&quot;:26135,&quot;highlight_header_image_mobile&quot;:26131,&quot;hyphenation&quot;:true,&quot;has_mobile_format&quot;:true,&quot;noindex&quot;:false,&quot;keywords&quot;:&quot;&quot;,&quot;use_opening_hours_of_the_house&quot;:false,&quot;tickettext&quot;:&quot;Zeitfenster-Ticket erforderlich: 12\\\/14\\\/16 Uhr&quot;,&quot;infotext&quot;:&quot;Zutritt f\\u00fcr Erwachsene nur in Begleitung von Kindern&quot;,&quot;additional_info&quot;:{&quot;icon&quot;:&quot;0&quot;,&quot;text&quot;:&quot;&quot;},&quot;use_video_in_teasers&quot;:false,&quot;hide_event_in_program&quot;:false,&quot;period_exception&quot;:[]},&quot;period_list&quot;:&quot;&quot;,&quot;period_exception&quot;:&quot;&quot;,&quot;date&quot;:{&quot;infinite&quot;:false,&quot;from_DATE&quot;:202107200000,&quot;from&quot;:1626739200,&quot;from_TIME&quot;:&quot;00:00&quot;,&quot;to&quot;:1648404000,&quot;to_DATE&quot;:202203270000,&quot;to_TIME&quot;:&quot;18:00&quot;,&quot;from_HRFSHORT&quot;:&quot;20. Jul 2021&quot;,&quot;from_HRFSHORT_WD&quot;:&quot;Di 20.07.2021&quot;,&quot;from_HRF&quot;:&quot;Di, 20. Juli 2021&quot;,&quot;to_HRF&quot;:&quot;So, 27. M\\u00e4rz 2022&quot;,&quot;to_HRFSHORT&quot;:&quot;27. M\\u00e4r 2022&quot;,&quot;to_HRFSHORT_WD&quot;:&quot;So 27.03.2022&quot;,&quot;from_to_HRF&quot;:&quot;Di, 20. Juli 2021 \\u2013 So, 27. M\\u00e4rz 2022&quot;,&quot;from_to_HRFSHORT&quot;:&quot;20. Jul 2021 \\u2013 27. M\\u00e4r 2022&quot;,&quot;NXX&quot;:null,&quot;NLAST&quot;:&quot;202203271800&quot;},&quot;alert&quot;:&quot;Highlight&quot;,&quot;partof&quot;:[],&quot;marketing_topic&quot;:&quot;&quot;}' inline-template>\n\t<a href=\"https:\/\/www.humboldtforum.org\/de\/programm\/laufzeitangebot\/ausstellung\/nimm-platz-14534\/\" class=\"teaser teaser-event-period teaser-event-standard\">\n\t\t<div class=\"row\">\n\t\t\t<div class=\"col-xs-12 teaser-event-image\">\n\t\t\t\t<div class=\"teaser-image teaser-image-no-alternate\">\n\t\t\t\t\t\t\t\t\t\t\t\t\t<span class=\"alert\">Highlight<\/span>\n\t\t\t\t\t\t\t\t\t\t\t\n\t<lazy-media-inline inline-template>\n\t\t<figure itemscope itemtype=\"http:\/\/schema.org\/ImageObject\" class=\"lazy-media-inline \" role=\"group\" id=\"media_69f275938012e\" aria-labelledby=\"desc_media_69f275938012e\">\n\t\t\t<script type=\"application\/json\" ref=\"data\">\n\t\t\t\t{\n\t\t\t\t\"sizes\" : {\"medium\":{\"file\":\"SHF_eb00111627-176x300.jpg\",\"width\":176,\"height\":300,\"mime-type\":\"image\\\/jpeg\"},\"large\":{\"file\":\"SHF_eb00111627-600x1024.jpg\",\"width\":600,\"height\":1024,\"mime-type\":\"image\\\/jpeg\"},\"thumbnail\":{\"file\":\"SHF_eb00111627-150x150.jpg\",\"width\":150,\"height\":150,\"mime-type\":\"image\\\/jpeg\"},\"medium_large\":{\"file\":\"SHF_eb00111627-768x1312.jpg\",\"width\":768,\"height\":1312,\"mime-type\":\"image\\\/jpeg\"},\"small\":{\"file\":\"SHF_eb00111627-258x440.jpg\",\"width\":258,\"height\":440,\"mime-type\":\"image\\\/jpeg\"},\"semi\":{\"file\":\"SHF_eb00111627-340x580.jpg\",\"width\":340,\"height\":580,\"mime-type\":\"image\\\/jpeg\"},\"mobile\":{\"file\":\"SHF_eb00111627-422x720.jpg\",\"width\":422,\"height\":720,\"mime-type\":\"image\\\/jpeg\"},\"hd\":{\"file\":\"SHF_eb00111627-749x1280.jpg\",\"width\":749,\"height\":1280,\"mime-type\":\"image\\\/jpeg\"},\"full\":{\"file\":\"SHF_eb00111627-1124x1920.jpg\",\"width\":1124,\"height\":1920,\"mime-type\":\"image\\\/jpeg\"},\"1536x1536\":{\"file\":\"SHF_eb00111627-899x1536.jpg\",\"width\":899,\"height\":1536,\"mime-type\":\"image\\\/jpeg\"},\"original\":{\"file\":\"SHF_eb00111627.jpg\",\"width\":1199,\"height\":2048}},\n\t\t\t\t\"alt\" : \"Illustration mit gelbem Hintergrund und Skizzen von Menschen und Geb\\u00e4uden, im Fokus steht der Text \\\"Nimm! Platz!\\\".\",\n\t\t\t\t\"path\" : \"\\\/wp-content\\\/uploads\\\/2020\\\/11\\\/\",\n\t\t\t\t\"video\" : null,\n\t\t\t\t\"autoplay\" : null,\n\t\t\t\t\"youtube\" : null,\n\t\t\t\t\"youtubelabel\" : \"Video abspielen\",\n\t\t\t\t\"brightness\" : 100,\n\t\t\t\t\"crop\" : {\"top\":\"41.00\",\"left\":\"50.00\"},\n\t\t\t\t\"background\" : true,\n\t\t\t\t\"scale\" : 2\t\t\t\t}\n\t\t\t<\/script>\n\n\t\t\t<div class=\"height-container\" style=\"padding-bottom:170.80900750626%;\" v-if=\"sizes\">\n\t\t\t\t\t\t\t\t<lazy-media :inline=\"true\" :alt=\"alt\" :sizes=\"sizes\" :scale=\"scale\" :brightness=\"brightness\" :path=\"path\" :video=\"video\" :autoplay=\"autoplay\" :youtube=\"youtube\" :crop=\"crop\" :youtubelabel=\"youtubelabel\" :background=\"background\" media-id=\"desc_media_69f275938012e\"><\/lazy-media>\n\t\t\t\t\t\t\t<\/div>\n\n\t\t\t\t\t\t\t<figcaption class=\"sr-only\" ref=\"body\" id=\"desc_media_69f275938012e\">\n\t\t\t\t\t\t\t\t\t\t\t\t\t\t\t\t\t\t\t\t\t<div class=\"insignificant\">\u00a9 Stiftung Humboldt Forum im Berliner Schloss \/ Larissa Cerny\r\n<\/div>\n\t\t\t\t\t\t\t\t\t<\/figcaption>\n\t\t\t\t\t<\/figure>\n\t<\/lazy-media-inline>\n\t\t\t\t<\/div>\n\t\t\t<\/div>\n\t\t\t<div class=\"col-xs-12 teaser-event-text Infos\">\n\t\t\t\t<div class=\"teaser-event-standard-text\">\n\t\t\t\t\t<div class=\"margin-bottom-atom\">\n\t\t\t\t\t\t<div class=\"subline clamp-1\" v-html=\"maingenre\"><\/div>\n\t\t\t\t\t\t\t\t\t\t\t<\/div>\n\t\t\t\t\n\t\t\t\t\t<strong class=\"margin-bottom-atom\">Nimm Platz!<\/strong>\n\n\t\t\t\t\t\t\t\t\t\t\t<div class=\"\">Eine Ausstellung f\u00fcr Kinder und Familien<\/div>\n\t\t\t\t\t\t\t\t\t<\/div>\n\t\t\t\t<div class=\"teaser-bottom border-bottom\">\n\t\t\t\t<calendardateline :rawitem='item' :show-icon=\"true\"><\/calendardateline>\n\t\t\t\t\t<hr>\n\t\t\t\t<\/div>\n\t\t\t<\/div>\n\t\t<\/div>\n\t<\/a>\n\t<\/calendarteaser>\n<\/li>\n\n\t\t\t\t\t\t<\/ul>\n\t\t\t\t\t<\/div>\n\t\t\t\t<\/div>\n\t\t\t<\/teaser-lane-with-buttons>\n\t\t\t\t<\/lazy-component>\n<\/section>\n\n","protected":false},"template":"","genre":[390],"digital":[],"topic":[],"stakeholder":[],"editorial":[],"editorialfilter":[],"targetgroup":[455,454],"language":[384,385,422],"accessability":[],"age":[],"school":[],"groupsize":[],"place":[957,404,413,1031,1034],"class_list":["post-29604","event-multi","type-event-multi","status-publish","has-post-thumbnail","hentry","genre-eroeffnung","targetgroup-jugendliche","targetgroup-kinder-und-familien","language-deutsch","language-englisch","language-keine-sprachkenntnisse-erforderlich","place-foyer","place-humboldt-forum","place-humboldt-labor-1-og","place-weltstudio","place-werkraeume"],"acf":[],"_links":{"self":[{"href":"https:\/\/www.humboldtforum.org\/de\/wp-json\/wp\/v2\/event-multi\/29604","targetHints":{"allow":["GET"]}}],"collection":[{"href":"https:\/\/www.humboldtforum.org\/de\/wp-json\/wp\/v2\/event-multi"}],"about":[{"href":"https:\/\/www.humboldtforum.org\/de\/wp-json\/wp\/v2\/types\/event-multi"}],"version-history":[{"count":0,"href":"https:\/\/www.humboldtforum.org\/de\/wp-json\/wp\/v2\/event-multi\/29604\/revisions"}],"wp:featuredmedia":[{"embeddable":true,"href":"https:\/\/www.humboldtforum.org\/de\/wp-json\/wp\/v2\/media\/29607"}],"wp:attachment":[{"href":"https:\/\/www.humboldtforum.org\/de\/wp-json\/wp\/v2\/media?parent=29604"}],"wp:term":[{"taxonomy":"genre","embeddable":true,"href":"https:\/\/www.humboldtforum.org\/de\/wp-json\/wp\/v2\/genre?post=29604"},{"taxonomy":"digital","embeddable":true,"href":"https:\/\/www.humboldtforum.org\/de\/wp-json\/wp\/v2\/digital?post=29604"},{"taxonomy":"topic","embeddable":true,"href":"https:\/\/www.humboldtforum.org\/de\/wp-json\/wp\/v2\/topic?post=29604"},{"taxonomy":"stakeholder","embeddable":true,"href":"https:\/\/www.humboldtforum.org\/de\/wp-json\/wp\/v2\/stakeholder?post=29604"},{"taxonomy":"editorial","embeddable":true,"href":"https:\/\/www.humboldtforum.org\/de\/wp-json\/wp\/v2\/editorial?post=29604"},{"taxonomy":"editorialfilter","embeddable":true,"href":"https:\/\/www.humboldtforum.org\/de\/wp-json\/wp\/v2\/editorialfilter?post=29604"},{"taxonomy":"targetgroup","embeddable":true,"href":"https:\/\/www.humboldtforum.org\/de\/wp-json\/wp\/v2\/targetgroup?post=29604"},{"taxonomy":"language","embeddable":true,"href":"https:\/\/www.humboldtforum.org\/de\/wp-json\/wp\/v2\/language?post=29604"},{"taxonomy":"accessability","embeddable":true,"href":"https:\/\/www.humboldtforum.org\/de\/wp-json\/wp\/v2\/accessability?post=29604"},{"taxonomy":"age","embeddable":true,"href":"https:\/\/www.humboldtforum.org\/de\/wp-json\/wp\/v2\/age?post=29604"},{"taxonomy":"school","embeddable":true,"href":"https:\/\/www.humboldtforum.org\/de\/wp-json\/wp\/v2\/school?post=29604"},{"taxonomy":"groupsize","embeddable":true,"href":"https:\/\/www.humboldtforum.org\/de\/wp-json\/wp\/v2\/groupsize?post=29604"},{"taxonomy":"place","embeddable":true,"href":"https:\/\/www.humboldtforum.org\/de\/wp-json\/wp\/v2\/place?post=29604"}],"curies":[{"name":"wp","href":"https:\/\/api.w.org\/{rel}","templated":true}]}}