{"id":151877,"date":"2025-09-18T12:13:20","date_gmt":"2025-09-18T10:13:20","guid":{"rendered":"https:\/\/www.humboldtforum.org\/?post_type=event-period&#038;p=151877"},"modified":"2026-01-12T15:38:48","modified_gmt":"2026-01-12T14:38:48","slug":"tischgemeinschaft-was-faellt-unter-den-tisch","status":"publish","type":"event-period","link":"https:\/\/www.humboldtforum.org\/de\/programm\/laufzeitangebot\/installation\/tischgemeinschaft-was-faellt-unter-den-tisch-151877\/","title":{"rendered":"Tischgemeinschaft. Was f\u00e4llt unter den Tisch?"},"content":{"rendered":"<section class=\"block block-copy block-no-margin\" >\n    <div class=\"container-fluid\">\n\t\t<div class=\"row \">\n            <div class=\"col-xs-12 col-md-offset-2 col-md-8\">\n                <div class=\"box\">\n                    <div class=\"copy\"><p>Zusammen zu essen ist f\u00fcr viele Familien ein wichtiger Moment im Alltag. Es ist eine Gelegenheit, Nahrung zu sich zu nehmen \u2013 und zugleich bedeutet es Zusammensein, Austausch und Diskussion, Freude am Miteinander. An einem Esstisch werden aber oft auch Konflikte ausgetragen und manchmal gel\u00f6st, es werden Beziehungen gest\u00e4rkt oder gekl\u00e4rt. Es ist ein Ort, an dem kulturelle und soziale Traditionen gelebt und weitergegeben werden. Doch wer sitzt mit wem am Tisch? Wer hat das Wort und wer h\u00f6rt zu? Wer reagiert wie auf Unstimmigkeiten? Wie werden Entscheidungen getroffen? Wer bestimmt, wer macht die Regeln? Welche Rolle spielt die Sitzordnung? Und welche Konflikte werden umgangen?<\/p>\n<p>Vielleicht kommt eine traditionelle Familienspeise auf den Tisch, vielleicht einfach ein Fertiggericht. Auf den Tisch kommen auf jeden Fall \u2013 mehr oder weniger sichtbar \u2013 die Beziehungen der Familienmitglieder untereinander, ihre Anspr\u00fcche und Verpflichtungen, die diskutiert und bewahrt werden. So ist die Tischgemeinschaft auch so etwas wie ein regelm\u00e4\u00dfiges Aushandeln des Miteinanders. Wer dazugeh\u00f6rt, wie die Rituale aussehen, kann dabei sehr unterschiedlich sein.<\/p>\n<p>In einem offenen Bereich der Ausstellung <em>Beziehungsweise Familie<\/em> laden zwei Tische zu einem gemeinschaftlichen Erlebnis ein. W\u00e4hrend am gro\u00dfen Tisch die Besucher*innen \u00fcber VR-Brillen und Top-Down-Projektion an verschiedenen Gespr\u00e4chs- und Tischsituationen partizipieren k\u00f6nnen, ist ein kleinerer Tisch f\u00fcr das j\u00fcngere Publikum und entsprechende Vermittlungsangebote vorhanden. Parallel dazu gibt es an der Wand die M\u00f6glichkeit Gedanken und \u00dcberlegungen zu hinterlassen.<\/p>\n<p>&nbsp;<\/p>\n<\/div>\n                <\/div>\n            <\/div>\n\t\t<\/div>\n\t\t    <\/div>\n<\/section>\n\n\n<section class=\"block block-gallery\">\n\t<div class=\"container-fluid\">\n\t\t<div class=\"row center-xs\">\n\t\t\t<div class=\"col-xs-12\">\n\t\t\t\t<div class=\"box text-align-left\">\n\t\t\t\t\t<block-gallery inline-template>\n\t\t\t\t\t\t<div :class=\"{ firstLoaded: firstLoaded }\">\n\t\t\t\t\t\t\t<script type=\"application\/json\" ref=\"data\">\n\t\t\t\t\t\t\t{\n\t\t\t\t\t\t\t\t\"images\" : [{\"id\":0,\"width\":8192,\"height\":4096,\"alt\":\"Zwei Personen sitzen an einem modernen Tisch und genie&szlig;en eine Mahlzeit in einer stilvollen, hellen Atmosph&auml;re.\",\"title\":\"\",\"description\":\"VR-Installation Tischgemeinschaft f&uuml;r Cluster Beziehungsweise Familie - Szene 1 Demokratie\",\"label\":\"\",\"copyright\":\"Stiftung Humboldt Forum im Berliner Schloss \\\/ Hannah Ley & Clemens Bechtel\",\"path\":\"\\\/wp-content\\\/uploads\\\/2025\\\/07\\\/\",\"sizes\":{\"medium\":{\"file\":\"SHF_eb00251499-1-300x150.jpg\",\"width\":300,\"height\":150,\"mime-type\":\"image\\\/jpeg\",\"filesize\":6703},\"large\":{\"file\":\"SHF_eb00251499-1-1024x512.jpg\",\"width\":1024,\"height\":512,\"mime-type\":\"image\\\/jpeg\",\"filesize\":37877},\"thumbnail\":{\"file\":\"SHF_eb00251499-1-150x150.jpg\",\"width\":150,\"height\":150,\"mime-type\":\"image\\\/jpeg\",\"filesize\":4744},\"medium_large\":{\"file\":\"SHF_eb00251499-1-768x384.jpg\",\"width\":768,\"height\":384,\"mime-type\":\"image\\\/jpeg\",\"filesize\":24702},\"small\":{\"file\":\"SHF_eb00251499-1-440x220.jpg\",\"width\":440,\"height\":220,\"mime-type\":\"image\\\/jpeg\",\"filesize\":11210},\"semi\":{\"file\":\"SHF_eb00251499-1-580x290.jpg\",\"width\":580,\"height\":290,\"mime-type\":\"image\\\/jpeg\",\"filesize\":16639},\"mobile\":{\"file\":\"SHF_eb00251499-1-720x360.jpg\",\"width\":720,\"height\":360,\"mime-type\":\"image\\\/jpeg\",\"filesize\":22441},\"hd\":{\"file\":\"SHF_eb00251499-1-1280x640.jpg\",\"width\":1280,\"height\":640,\"mime-type\":\"image\\\/jpeg\",\"filesize\":53178},\"full\":{\"file\":\"SHF_eb00251499-1-1920x960.jpg\",\"width\":1920,\"height\":960,\"mime-type\":\"image\\\/jpeg\",\"filesize\":99631},\"xxl\":{\"file\":\"SHF_eb00251499-1-4048x2024.jpg\",\"width\":4048,\"height\":2024,\"mime-type\":\"image\\\/jpeg\",\"filesize\":332765},\"1536x1536\":{\"file\":\"SHF_eb00251499-1-1536x768.jpg\",\"width\":1536,\"height\":768,\"mime-type\":\"image\\\/jpeg\",\"filesize\":70350},\"2048x2048\":{\"file\":\"SHF_eb00251499-1-2048x1024.jpg\",\"width\":2048,\"height\":1024,\"mime-type\":\"image\\\/jpeg\",\"filesize\":110768},\"original\":{\"file\":\"SHF_eb00251499-1.jpg\",\"width\":8192,\"height\":4096}}},{\"id\":1,\"width\":8192,\"height\":4096,\"alt\":\"Zwei Personen sitzen an einem runden Tisch in einem klaren, hellen Raum mit minimalistischer Einrichtung.\",\"title\":\"\",\"description\":\"VR-Installation Tischgemeinschaft f&uuml;r Cluster Beziehungsweise Familie - Szene 2 Kein Sch&ouml;ner Land\",\"label\":\"\",\"copyright\":\"Stiftung Humboldt Forum im Berliner Schloss \\\/ Hannah Ley & Clemens Bechtel\",\"path\":\"\\\/wp-content\\\/uploads\\\/2025\\\/07\\\/\",\"sizes\":{\"medium\":{\"file\":\"SHF_eb00251486-1-300x150.jpg\",\"width\":300,\"height\":150,\"mime-type\":\"image\\\/jpeg\",\"filesize\":6641},\"large\":{\"file\":\"SHF_eb00251486-1-1024x512.jpg\",\"width\":1024,\"height\":512,\"mime-type\":\"image\\\/jpeg\",\"filesize\":38607},\"thumbnail\":{\"file\":\"SHF_eb00251486-1-150x150.jpg\",\"width\":150,\"height\":150,\"mime-type\":\"image\\\/jpeg\",\"filesize\":4546},\"medium_large\":{\"file\":\"SHF_eb00251486-1-768x384.jpg\",\"width\":768,\"height\":384,\"mime-type\":\"image\\\/jpeg\",\"filesize\":24804},\"small\":{\"file\":\"SHF_eb00251486-1-440x220.jpg\",\"width\":440,\"height\":220,\"mime-type\":\"image\\\/jpeg\",\"filesize\":11046},\"semi\":{\"file\":\"SHF_eb00251486-1-580x290.jpg\",\"width\":580,\"height\":290,\"mime-type\":\"image\\\/jpeg\",\"filesize\":16656},\"mobile\":{\"file\":\"SHF_eb00251486-1-720x360.jpg\",\"width\":720,\"height\":360,\"mime-type\":\"image\\\/jpeg\",\"filesize\":22570},\"hd\":{\"file\":\"SHF_eb00251486-1-1280x640.jpg\",\"width\":1280,\"height\":640,\"mime-type\":\"image\\\/jpeg\",\"filesize\":54939},\"full\":{\"file\":\"SHF_eb00251486-1-1920x960.jpg\",\"width\":1920,\"height\":960,\"mime-type\":\"image\\\/jpeg\",\"filesize\":106165},\"xxl\":{\"file\":\"SHF_eb00251486-1-4048x2024.jpg\",\"width\":4048,\"height\":2024,\"mime-type\":\"image\\\/jpeg\",\"filesize\":383722},\"1536x1536\":{\"file\":\"SHF_eb00251486-1-1536x768.jpg\",\"width\":1536,\"height\":768,\"mime-type\":\"image\\\/jpeg\",\"filesize\":73658},\"2048x2048\":{\"file\":\"SHF_eb00251486-1-2048x1024.jpg\",\"width\":2048,\"height\":1024,\"mime-type\":\"image\\\/jpeg\",\"filesize\":119029},\"original\":{\"file\":\"SHF_eb00251486-1.jpg\",\"width\":8192,\"height\":4096}}},{\"id\":2,\"width\":8192,\"height\":4096,\"alt\":\"Ein Mann steht an einem runden Tisch und serviert ein Gericht aus einer Pfanne in einem minimalistischen Raum.\",\"title\":\"\",\"description\":\"VR-Installation Tischgemeinschaft f&uuml;r Cluster Beziehungsweise Familie - Szene 3 Radio\",\"label\":\"\",\"copyright\":\"Stiftung Humboldt Forum im Berliner Schloss \\\/ Hannah Ley & Clemens Bechtel\",\"path\":\"\\\/wp-content\\\/uploads\\\/2025\\\/07\\\/\",\"sizes\":{\"medium\":{\"file\":\"SHF_eb00251490-2-300x150.jpg\",\"width\":300,\"height\":150,\"mime-type\":\"image\\\/jpeg\",\"filesize\":6584},\"large\":{\"file\":\"SHF_eb00251490-2-1024x512.jpg\",\"width\":1024,\"height\":512,\"mime-type\":\"image\\\/jpeg\",\"filesize\":37872},\"thumbnail\":{\"file\":\"SHF_eb00251490-2-150x150.jpg\",\"width\":150,\"height\":150,\"mime-type\":\"image\\\/jpeg\",\"filesize\":4588},\"medium_large\":{\"file\":\"SHF_eb00251490-2-768x384.jpg\",\"width\":768,\"height\":384,\"mime-type\":\"image\\\/jpeg\",\"filesize\":24572},\"small\":{\"file\":\"SHF_eb00251490-2-440x220.jpg\",\"width\":440,\"height\":220,\"mime-type\":\"image\\\/jpeg\",\"filesize\":11022},\"semi\":{\"file\":\"SHF_eb00251490-2-580x290.jpg\",\"width\":580,\"height\":290,\"mime-type\":\"image\\\/jpeg\",\"filesize\":16412},\"mobile\":{\"file\":\"SHF_eb00251490-2-720x360.jpg\",\"width\":720,\"height\":360,\"mime-type\":\"image\\\/jpeg\",\"filesize\":22277},\"hd\":{\"file\":\"SHF_eb00251490-2-1280x640.jpg\",\"width\":1280,\"height\":640,\"mime-type\":\"image\\\/jpeg\",\"filesize\":53303},\"full\":{\"file\":\"SHF_eb00251490-2-1920x960.jpg\",\"width\":1920,\"height\":960,\"mime-type\":\"image\\\/jpeg\",\"filesize\":101753},\"xxl\":{\"file\":\"SHF_eb00251490-2-4048x2024.jpg\",\"width\":4048,\"height\":2024,\"mime-type\":\"image\\\/jpeg\",\"filesize\":362066},\"1536x1536\":{\"file\":\"SHF_eb00251490-2-1536x768.jpg\",\"width\":1536,\"height\":768,\"mime-type\":\"image\\\/jpeg\",\"filesize\":71084},\"2048x2048\":{\"file\":\"SHF_eb00251490-2-2048x1024.jpg\",\"width\":2048,\"height\":1024,\"mime-type\":\"image\\\/jpeg\",\"filesize\":113400},\"original\":{\"file\":\"SHF_eb00251490-2.jpg\",\"width\":8192,\"height\":4096}}},{\"id\":3,\"width\":8192,\"height\":4096,\"alt\":\"Drei Frauen sitzen in einem modernen, lichtdurchfluteten Raum an einem Tisch mit Essen.\",\"title\":\"\",\"description\":\"VR-Installation Tischgemeinschaft f&uuml;r Cluster Beziehungsweise Familie - Szene 4 Herrgotts B&#039;scheisserle\",\"label\":\"\",\"copyright\":\"Stiftung Humboldt Forum im Berliner Schloss \\\/ Hannah Ley & Clemens Bechtel\",\"path\":\"\\\/wp-content\\\/uploads\\\/2025\\\/07\\\/\",\"sizes\":{\"medium\":{\"file\":\"SHF_eb00251478-1-300x150.jpg\",\"width\":300,\"height\":150,\"mime-type\":\"image\\\/jpeg\",\"filesize\":8130},\"large\":{\"file\":\"SHF_eb00251478-1-1024x512.jpg\",\"width\":1024,\"height\":512,\"mime-type\":\"image\\\/jpeg\",\"filesize\":55859},\"thumbnail\":{\"file\":\"SHF_eb00251478-1-150x150.jpg\",\"width\":150,\"height\":150,\"mime-type\":\"image\\\/jpeg\",\"filesize\":4971},\"medium_large\":{\"file\":\"SHF_eb00251478-1-768x384.jpg\",\"width\":768,\"height\":384,\"mime-type\":\"image\\\/jpeg\",\"filesize\":34593},\"small\":{\"file\":\"SHF_eb00251478-1-440x220.jpg\",\"width\":440,\"height\":220,\"mime-type\":\"image\\\/jpeg\",\"filesize\":14510},\"semi\":{\"file\":\"SHF_eb00251478-1-580x290.jpg\",\"width\":580,\"height\":290,\"mime-type\":\"image\\\/jpeg\",\"filesize\":22643},\"mobile\":{\"file\":\"SHF_eb00251478-1-720x360.jpg\",\"width\":720,\"height\":360,\"mime-type\":\"image\\\/jpeg\",\"filesize\":31228},\"hd\":{\"file\":\"SHF_eb00251478-1-1280x640.jpg\",\"width\":1280,\"height\":640,\"mime-type\":\"image\\\/jpeg\",\"filesize\":80643},\"full\":{\"file\":\"SHF_eb00251478-1-1920x960.jpg\",\"width\":1920,\"height\":960,\"mime-type\":\"image\\\/jpeg\",\"filesize\":156610},\"xxl\":{\"file\":\"SHF_eb00251478-1-4048x2024.jpg\",\"width\":4048,\"height\":2024,\"mime-type\":\"image\\\/jpeg\",\"filesize\":522605},\"1536x1536\":{\"file\":\"SHF_eb00251478-1-1536x768.jpg\",\"width\":1536,\"height\":768,\"mime-type\":\"image\\\/jpeg\",\"filesize\":108793},\"2048x2048\":{\"file\":\"SHF_eb00251478-1-2048x1024.jpg\",\"width\":2048,\"height\":1024,\"mime-type\":\"image\\\/jpeg\",\"filesize\":175212},\"original\":{\"file\":\"SHF_eb00251478-1.jpg\",\"width\":8192,\"height\":4096}}},{\"id\":4,\"width\":8192,\"height\":4096,\"alt\":\"Eine Gruppe von Personen sitzt an einem Tisch und genie&szlig;t Essen in einem hellen, modernen Raum.\",\"title\":\"\",\"description\":\"\",\"label\":\"VR-Installation Tischgemeinschaft f&uuml;r Cluster Beziehungsweise Familie - Szene 5 Machtwechsel\",\"copyright\":\"Stiftung Humboldt Forum im Berliner Schloss \\\/ Hannah Ley & Clemens Bechtel\",\"path\":\"\\\/wp-content\\\/uploads\\\/2025\\\/07\\\/\",\"sizes\":{\"medium\":{\"file\":\"SHF_eb00251483-2-300x150.jpg\",\"width\":300,\"height\":150,\"mime-type\":\"image\\\/jpeg\",\"filesize\":7699},\"large\":{\"file\":\"SHF_eb00251483-2-1024x512.jpg\",\"width\":1024,\"height\":512,\"mime-type\":\"image\\\/jpeg\",\"filesize\":47777},\"thumbnail\":{\"file\":\"SHF_eb00251483-2-150x150.jpg\",\"width\":150,\"height\":150,\"mime-type\":\"image\\\/jpeg\",\"filesize\":4947},\"medium_large\":{\"file\":\"SHF_eb00251483-2-768x384.jpg\",\"width\":768,\"height\":384,\"mime-type\":\"image\\\/jpeg\",\"filesize\":30456},\"small\":{\"file\":\"SHF_eb00251483-2-440x220.jpg\",\"width\":440,\"height\":220,\"mime-type\":\"image\\\/jpeg\",\"filesize\":13155},\"semi\":{\"file\":\"SHF_eb00251483-2-580x290.jpg\",\"width\":580,\"height\":290,\"mime-type\":\"image\\\/jpeg\",\"filesize\":20089},\"mobile\":{\"file\":\"SHF_eb00251483-2-720x360.jpg\",\"width\":720,\"height\":360,\"mime-type\":\"image\\\/jpeg\",\"filesize\":27633},\"hd\":{\"file\":\"SHF_eb00251483-2-1280x640.jpg\",\"width\":1280,\"height\":640,\"mime-type\":\"image\\\/jpeg\",\"filesize\":67325},\"full\":{\"file\":\"SHF_eb00251483-2-1920x960.jpg\",\"width\":1920,\"height\":960,\"mime-type\":\"image\\\/jpeg\",\"filesize\":128786},\"xxl\":{\"file\":\"SHF_eb00251483-2-4048x2024.jpg\",\"width\":4048,\"height\":2024,\"mime-type\":\"image\\\/jpeg\",\"filesize\":435438},\"1536x1536\":{\"file\":\"SHF_eb00251483-2-1536x768.jpg\",\"width\":1536,\"height\":768,\"mime-type\":\"image\\\/jpeg\",\"filesize\":90472},\"2048x2048\":{\"file\":\"SHF_eb00251483-2-2048x1024.jpg\",\"width\":2048,\"height\":1024,\"mime-type\":\"image\\\/jpeg\",\"filesize\":143694},\"original\":{\"file\":\"SHF_eb00251483-2.jpg\",\"width\":8192,\"height\":4096}}},{\"id\":5,\"width\":8192,\"height\":4096,\"alt\":\"Gruppe von Menschen in einem hellen, minimalistischen Raum, alle stehen vor einer wei&szlig;en Wand.\",\"title\":\"\",\"description\":\"\",\"label\":\"VR-Installation Tischgemeinschaft f&uuml;r Cluster Beziehungsweise Familie\",\"copyright\":\"Stiftung Humboldt Forum im Berliner Schloss \\\/ Hannah Ley & Clemens Bechtel\",\"path\":\"\\\/wp-content\\\/uploads\\\/2025\\\/07\\\/\",\"sizes\":{\"medium\":{\"file\":\"SHF_eb00251497-300x150.jpg\",\"width\":300,\"height\":150,\"mime-type\":\"image\\\/jpeg\",\"filesize\":4792},\"large\":{\"file\":\"SHF_eb00251497-1024x512.jpg\",\"width\":1024,\"height\":512,\"mime-type\":\"image\\\/jpeg\",\"filesize\":27132},\"thumbnail\":{\"file\":\"SHF_eb00251497-150x150.jpg\",\"width\":150,\"height\":150,\"mime-type\":\"image\\\/jpeg\",\"filesize\":3478},\"medium_large\":{\"file\":\"SHF_eb00251497-768x384.jpg\",\"width\":768,\"height\":384,\"mime-type\":\"image\\\/jpeg\",\"filesize\":17585},\"small\":{\"file\":\"SHF_eb00251497-440x220.jpg\",\"width\":440,\"height\":220,\"mime-type\":\"image\\\/jpeg\",\"filesize\":7944},\"semi\":{\"file\":\"SHF_eb00251497-580x290.jpg\",\"width\":580,\"height\":290,\"mime-type\":\"image\\\/jpeg\",\"filesize\":11891},\"mobile\":{\"file\":\"SHF_eb00251497-720x360.jpg\",\"width\":720,\"height\":360,\"mime-type\":\"image\\\/jpeg\",\"filesize\":16017},\"hd\":{\"file\":\"SHF_eb00251497-1280x640.jpg\",\"width\":1280,\"height\":640,\"mime-type\":\"image\\\/jpeg\",\"filesize\":38334},\"full\":{\"file\":\"SHF_eb00251497-1920x960.jpg\",\"width\":1920,\"height\":960,\"mime-type\":\"image\\\/jpeg\",\"filesize\":73259},\"xxl\":{\"file\":\"SHF_eb00251497-4048x2024.jpg\",\"width\":4048,\"height\":2024,\"mime-type\":\"image\\\/jpeg\",\"filesize\":258306},\"1536x1536\":{\"file\":\"SHF_eb00251497-1536x768.jpg\",\"width\":1536,\"height\":768,\"mime-type\":\"image\\\/jpeg\",\"filesize\":51270},\"2048x2048\":{\"file\":\"SHF_eb00251497-2048x1024.jpg\",\"width\":2048,\"height\":1024,\"mime-type\":\"image\\\/jpeg\",\"filesize\":81669},\"original\":{\"file\":\"SHF_eb00251497.jpg\",\"width\":8192,\"height\":4096}}}]\t\t\t\t\t\t\t}\n\t\t\t\t\t\t\t<\/script>\n\n\t\t\t\t\t\t\t<swiper :options=\"options\" @slide-change=\"track\">\n\t\t\t\t\t\t\t\t<div class=\"swiper-slide\" :key=\"image.id\" v-for=\"image in images\">\n\t\t\t\t\t\t\t\t\t<block-gallery-item inline-template :image=\"image\">\n\t\t\t\t\t\t\t\t\t\t<figure class=\"swiper-slide-image-wrapper\" ref=\"parent\">\n\t\t\t\t\t\t\t\t\t\t\t<div class=\"width-container\" ref=\"container\" :style=\"style\">\n\t\t\t\t\t\t\t\t\t\t\t\t<div data-swiper-parallax-x=\"50%\">\n\t\t\t\t\t\t\t\t\t\t\t\t<img :src=\"image.src\" :alt=\"image.alt\" v-if=\"image.id < 2\">\n\t\t\t\t\t\t\t\t\t\t\t\t<img class=\"swiper-lazy\" :data-src=\"image.src\" :alt=\"image.alt\" v-else>\n\t\t\t\t\t\t\t\t\t\t\t\t<\/div>\n\t\t\t\t\t\t\t\t\t\t\t<\/div>\n\t\t\t\t\t\t\t\t\t\t<\/figure>\n\t\t\t\t\t\t\t\t\t<\/block-gallery-item>\n\n\t\t\t\t\t\t\t\t\t<figcaption>\n\t\t\t\t\t\t\t\t\t\t<div class=\"lazy-media-info-body-content\">\n\t\t\t\t\t\t\t\t\t\t\t<div v-html=\"image.label\"><\/div>\n\t\t\t\t\t\t\t\t\t\t\t<div v-html=\"image.description\"><\/div>\n\t\t\t\t\t\t\t\t\t\t\t<div class=\"insignificant\" v-if=\"image.copyright\" v-html=\"'\u00a9 '+image.copyright\"><\/div>\n\t\t\t\t\t\t\t\t\t\t<\/div>\n\t\t\t\t\t\t\t\t\t<\/figcaption>\n\t\t\t\t\t\t\t\t<\/div>\n\n\t\t\t\t\t\t\t\t<div class=\"swiper-pagination\"  slot=\"pagination\"><\/div>\n\n\t\t\t\t\t\t\t\t<button class=\"icon-round swiper-button-prev\" slot=\"button-prev\" aria-label=\"Vorheriges Bild\">\n\t\t\t\t\t\t\t\t\t<span class=\"icon-next\" aria-hidden=\"true\"><\/span>\n\t\t\t\t\t\t\t\t<\/button>\n\n\t\t\t\t\t\t\t\t<button class=\"icon-round swiper-button-next\" slot=\"button-next\" aria-label=\"N\u00e4chstes Bild\">\n\t\t\t\t\t\t\t\t\t<span class=\"icon-next\" aria-hidden=\"true\"><\/span>\n\t\t\t\t\t\t\t\t<\/button>\n\t\t\t\t\t\t\t<\/swiper>\n\t\t\t\t\t\t<\/div>\n\t\t\t\t\t<\/block-gallery>\n\t\t\t\t<\/div>\n\t\t\t<\/div>\n\t\t<\/div>\n\t<\/div>\n<\/section>\n\n<section class=\"block block-headline \" >\n\t<div class=\"container-fluid\">\n\t\t<div class=\"row\">\n\t\t\t\t\t\t\t<div class=\"col-xs-12 col-md-offset-2 col-md-8\">\n\t\t\t\t\t<div class=\"box\">\n\t\t\t\t\t\t<h2 class=\".h3\">Ein St\u00fcck Berliner Leben<\/h2>\n\t\t\t\t\t<\/div>\n\t\t\t\t<\/div>\n\t\t\t\t\t<\/div>\n\t<\/div>\n<\/section>\n\n\n\n\n<section class=\"block block-copy block-no-margin\" >\n    <div class=\"container-fluid\">\n\t\t<div class=\"row \">\n            <div class=\"col-xs-12 col-md-offset-2 col-md-8\">\n                <div class=\"box\">\n                    <div class=\"copy\"><p>Die Szenen basieren auf realen Erz\u00e4hlungen aus der Berliner Stadtgesellschaft und werden von neun Schauspieler*innen eindrucksvoll dargestellt. Grundlage bildeten 15 Interviews mit Personen, die sowohl \u00fcber ihre pers\u00f6nlichen Erfahrungen am Familientisch als auch \u00fcber ihre besonderen Familienkonstellationen berichteten.<\/p>\n<p>Aus diesem Material entwickelten die Drehbuchautor*innen Hannah Ley und Clemens Bechtel die Szenen f\u00fcr die Installation.<\/p>\n<p>&nbsp;<\/p>\n<\/div>\n                <\/div>\n            <\/div>\n\t\t<\/div>\n\t\t    <\/div>\n<\/section>\n\n<section class=\"block block-copy block-no-margin\" >\n    <div class=\"container-fluid\">\n\t\t<div class=\"row \">\n            <div class=\"col-xs-12 col-md-offset-2 col-md-8\">\n                <div class=\"box\">\n                    <div class=\"copy\"><p><strong>Idee\/Konzeption, kuratorisches Team\u00a0<\/strong>Team Digitales, Clemens Bechtel, Julia Kuhnert, Vivien Kunde, Andreas K\u00f6nig, Hannah Ley, Isabel Meixner, Daniela Prochaska,\u00a0<strong>Recherche und Interviews\u00a0<\/strong>Clemens Bechtel, Andreas K\u00f6nig, Hannah Ley,\u00a0<strong>Drehbuch<\/strong> Hannah Ley, Clemens Bechtel<\/p>\n<p><strong>Regie\u00a0<\/strong>Hannah Ley, Clemens Bechtel, <strong>Schauspieler*innen\u00a0<\/strong>Verena Bonkirch, Sora Ley, Thembi Menck , Martin Ontrop , Yola Otufowora , Susanne Scholl , Salim Saglam, Christina Tzatzaraki, Mehmet Yilmaz\u00a0<strong>Innere Stimmen<\/strong>\u00a0Elsa Kahrmann,\u00a0Niklas Ulonska,\u00a0Hannah Ley,\u00a0Martin Ontrop,\u00a0<strong>Kamera\u00a0<\/strong>Andreas K\u00f6nig,\u00a0<strong>Licht\u00a0<\/strong>Andreas K\u00f6nig, Franzi Busl,\u00a0<strong>Audio\u00a0<\/strong>Nils Plambeck, Andreas K\u00f6nig,\u00a0<strong>B\u00fchnenbild <\/strong>Andreas K\u00f6nig,\u00a0<strong>Szenenbild\u00a0<\/strong>Daniela Prochaska,\u00a0<strong>Kost\u00fcmbild\u00a0<\/strong>Tanja Liebermann,\u00a0<strong>Kost\u00fcmassistenz\u00a0<\/strong>Julika K\u00f6nig, Penny Beiersdorf,\u00a0<strong>Maskenbild\u00a0<\/strong>Julia Grieshaber,\u00a0<strong>Bau Lampe\u00a0<\/strong>Mischa Rhode,\u00a0<strong>Projektleitung\u00a0<\/strong>Julia Kuhnert<\/p>\n<p><strong>Produktion\u00a0<\/strong>Sitftung Humboldt Forum, Timeprints,\u00a0<strong>Produktionsassistenz\u00a0<\/strong>Kersten Johannsen,\u00a0<strong>Teamassistenz\u00a0<\/strong>Anika Ziemer,\u00a0<strong>Postproduktion\u00a0<\/strong>Daniela Prochaska, Andreas K\u00f6nig,\u00a0<strong>Musik\u00a0<\/strong>Andreas K\u00f6nig,\u00a0<strong>Sprecher Voice Over\u00a0<\/strong>Mark Mullens<\/p>\n<p>&nbsp;<\/p>\n<\/div>\n                <\/div>\n            <\/div>\n\t\t<\/div>\n\t\t    <\/div>\n<\/section>\n\n<section class=\"block block-teaser col-1 has-bg\" style=\"--teaser-bg:#eaeaea\">\n\t<lazy-component :fixed-min-height=\"400\">\n\t\n\t\t\t\t\t<div class=\"container-fluid\">\n\t\t\t\t<div class=\"row bottom-xs\">\n\t\t\t\t\t<div class=\"col-xs-12 col-sm-10 col-md-8 col-sm-offset-1 col-md-offset-2\">\n\t\t\t\t\t\t<h4>geh\u00f6rt zu<\/h4>\t\t\t\t\t\t\t\t\t\t\t\t\t\t\t\t\t\t\t<\/div>\n\t\t\t\t\t<div class=\"col-xs-12 col-sm-10 col-md-8 col-sm-offset-1 col-md-offset-2 start-xs end-md margin-bottom-sixth\">\n\t\t\t\t\t\t\t\t\t\t\t<\/div>\n\t\t\t\t<\/div>\n\t\t\t\t<ul class=\"row\">\n\t\t\t\n<li class=\"col-xs-12 teaser-wrapper col-padding-remove\">\n\t<calendarteaser key=\"14845810011\" rawitem='{&quot;postId&quot;:148458,&quot;title&quot;:&quot;Beziehungsweise Familie&quot;,&quot;excerpt&quot;:&quot;&quot;,&quot;slug&quot;:&quot;beziehungsweise-familie&quot;,&quot;post_date&quot;:&quot;2025-06-24T12:35&quot;,&quot;type&quot;:&quot;event-period&quot;,&quot;permalink&quot;:&quot;https:\\\/\\\/www.humboldtforum.org\\\/de\\\/programm\\\/laufzeitangebot\\\/ausstellung\\\/beziehungsweise-familie-148458\\\/&quot;,&quot;genre&quot;:[391,879],&quot;genre_details&quot;:[{&quot;text&quot;:&quot;Ausstellung&quot;,&quot;id&quot;:391,&quot;icon&quot;:null,&quot;parent&quot;:0},{&quot;text&quot;:&quot;Programm&quot;,&quot;id&quot;:879,&quot;icon&quot;:null,&quot;parent&quot;:0}],&quot;stakeholder&quot;:[409,400,530,382],&quot;stakeholder_details&quot;:[{&quot;text&quot;:&quot;Humboldt-Universit\\u00e4t zu Berlin&quot;,&quot;id&quot;:409,&quot;icon&quot;:null,&quot;parent&quot;:0},{&quot;text&quot;:&quot;Kulturprojekte Berlin \\\/ Stadtmuseum Berlin&quot;,&quot;id&quot;:400,&quot;icon&quot;:null,&quot;parent&quot;:0},{&quot;text&quot;:&quot;Staatliche Museen zu Berlin&quot;,&quot;id&quot;:530,&quot;icon&quot;:null,&quot;parent&quot;:0},{&quot;text&quot;:&quot;Stiftung Humboldt Forum im Berliner Schloss&quot;,&quot;id&quot;:382,&quot;icon&quot;:null,&quot;parent&quot;:0}],&quot;icon_overwrite&quot;:&quot;&quot;,&quot;acf&quot;:{&quot;noindex&quot;:false,&quot;keywords&quot;:&quot;&quot;,&quot;shorturl&quot;:&quot;familie&quot;,&quot;planning&quot;:{&quot;price&quot;:&quot;14 EUR \\\/ 7 EUR&quot;,&quot;status&quot;:&quot;BUY&quot;,&quot;info&quot;:&quot;&quot;,&quot;shop&quot;:&quot;https:\\\/\\\/tickets.humboldtforum.org\\\/#\\\/tickets\\\/time?museum_id=1&amp;exhibition_id=17&amp;group=day&amp;date=2025-10-03&quot;,&quot;can_purchase&quot;:true},&quot;use_opening_hours_of_the_house&quot;:false,&quot;display_as_single&quot;:false,&quot;additional_info&quot;:{&quot;icon&quot;:&quot;icon-ort&quot;,&quot;text&quot;:&quot;Alle Etagen im Humboldt Forum und im Museum Knoblauchhaus im Nikolaiviertel&quot;},&quot;highlight_header&quot;:true,&quot;use_video_in_teasers&quot;:false,&quot;hyphenation&quot;:true,&quot;tipp&quot;:false,&quot;joker&quot;:false,&quot;live&quot;:false,&quot;hide_event_in_program&quot;:false,&quot;featured_images&quot;:[149331],&quot;periods&quot;:[{&quot;label&quot;:&quot;&quot;,&quot;dates&quot;:[{&quot;start&quot;:&quot;202510030000&quot;,&quot;end&quot;:&quot;202607120000&quot;,&quot;has_end&quot;:true,&quot;start_HRFSHORT&quot;:&quot;03.10.25&quot;,&quot;start_HRFSHORT_WD&quot;:&quot;Fr 03.10.2025&quot;,&quot;end_HRFSHORT&quot;:&quot;12.07.26&quot;}],&quot;monday&quot;:[{&quot;start&quot;:&quot;10:30&quot;,&quot;end&quot;:&quot;18:30&quot;,&quot;closed&quot;:false}],&quot;tuesday&quot;:[{&quot;start&quot;:null,&quot;end&quot;:null,&quot;closed&quot;:true}],&quot;wednesday&quot;:[{&quot;start&quot;:&quot;10:30&quot;,&quot;end&quot;:&quot;18:30&quot;,&quot;closed&quot;:false}],&quot;thursday&quot;:[{&quot;start&quot;:&quot;10:30&quot;,&quot;end&quot;:&quot;18:30&quot;,&quot;closed&quot;:false}],&quot;friday&quot;:[{&quot;start&quot;:&quot;10:30&quot;,&quot;end&quot;:&quot;18:30&quot;,&quot;closed&quot;:false}],&quot;saturday&quot;:[{&quot;start&quot;:&quot;10:30&quot;,&quot;end&quot;:&quot;18:30&quot;,&quot;closed&quot;:false}],&quot;sunday&quot;:[{&quot;start&quot;:&quot;10:30&quot;,&quot;end&quot;:&quot;18:30&quot;,&quot;closed&quot;:false}],&quot;info&quot;:&quot;&quot;,&quot;description&quot;:&quot;&quot;}],&quot;highlight_header_image&quot;:151143,&quot;has_mobile_format&quot;:true,&quot;events&quot;:[149594,149467,149476,149696,149906,150023,150673,150771,151070,150898,150749,150997,150860,151080,150730,150739,151391,151103,139802,151417,151379,151573,151861,150620,152754,152859,153328,152516,151369,153528,153754,154577,154585,154811,155004,155550,155770,156288,156307,156318,156341,156359,156403,157180,157796,157929,158048,158320,159002,151358,160047,160159,161548,161620,161710,162349,162392,162444],&quot;video&quot;:151139,&quot;highlight_header_image_mobile&quot;:151331,&quot;video_brightness&quot;:&quot;100&quot;,&quot;period_exception&quot;:[]},&quot;period_list&quot;:&quot;&lt;strong&gt;\\u00d6ffnungszeiten&lt;\\\/strong&gt;\\nMo, Mi, Do, Fr, Sa, So: 10:30 \\u2013 18:30 Uhr\\nDi: geschlossen\\n\\n&quot;,&quot;period_exception&quot;:&quot;&quot;,&quot;date&quot;:{&quot;infinite&quot;:false,&quot;from_DATE&quot;:202510030000,&quot;from&quot;:1759487400,&quot;from_TIME&quot;:&quot;10:30&quot;,&quot;to&quot;:1783881000,&quot;to_DATE&quot;:202607120000,&quot;to_TIME&quot;:&quot;18:30&quot;,&quot;from_HRFSHORT&quot;:&quot; 3. Okt 2025&quot;,&quot;from_HRFSHORT_WD&quot;:&quot;Fr 03.10.2025&quot;,&quot;from_HRF&quot;:&quot;Fr,  3. Oktober 2025&quot;,&quot;to_HRF&quot;:&quot;So, 12. Juli 2026&quot;,&quot;to_HRFSHORT&quot;:&quot;12. Jul 2026&quot;,&quot;to_HRFSHORT_WD&quot;:&quot;So 12.07.2026&quot;,&quot;from_to_HRF&quot;:&quot;Fr,  3. Oktober 2025 \\u2013 So, 12. Juli 2026&quot;,&quot;from_to_HRFSHORT&quot;:&quot; 3. Okt 2025 \\u2013 12. Jul 2026&quot;,&quot;NXX&quot;:&quot;202604300953&quot;,&quot;NLAST&quot;:&quot;202607121830&quot;,&quot;NX&quot;:&quot;20260430&quot;},&quot;alert&quot;:&quot;Highlight&quot;,&quot;partof&quot;:[],&quot;marketing_topic&quot;:&quot;&quot;}' inline-template>\n\t<a href=\"https:\/\/www.humboldtforum.org\/de\/programm\/laufzeitangebot\/ausstellung\/beziehungsweise-familie-148458\/\" class=\"teaser teaser-event-period teaser-event-standard\">\n\t\t<div class=\"row\">\n\t\t\t<div class=\"col-xs-12 col-sm-6 col-md-5 col-sm-offset-1 col-md-offset-2 first-sm teaser-event-text Infos\">\n\t\t\t\t<div class=\"teaser-event-standard-text\">\n\t\t\t\t\t<div class=\"margin-bottom-atom\">\n\t\t\t\t\t\t<div class=\"subline clamp-1\" v-html=\"maingenre\"><\/div>\n\t\t\t\t\t\t\t\t\t\t\t<\/div>\n\t\t\t\t\n\t\t\t\t\t<strong class=\"margin-bottom-atom h5\">Beziehungsweise Familie<\/strong>\n\n\t\t\t\t\t\t\t\t\t<\/div>\n\t\t\t\t<div class=\"teaser-bottom border-bottom\">\n\t\t\t\t<calendardateline :rawitem='item' :show-icon=\"true\"><\/calendardateline>\n\t\t\t\t\t<hr>\n\t\t\t\t<\/div>\n\t\t\t<\/div>\n\t\t\t<div class=\"col-xs-12 col-sm-4 col-md-3 teaser-event-image bottom-xs first-xs\">\n\t\t\t\t<div class=\"teaser-image teaser-image-no-alternate\">\n\t\t\t\t\t\t\t\t\t\t\t\t\t<span class=\"alert\">Highlight<\/span>\n\t\t\t\t\t\t\t\t\t\t\t\n\t<lazy-media-inline inline-template>\n\t\t<figure itemscope itemtype=\"http:\/\/schema.org\/ImageObject\" class=\"lazy-media-inline \" role=\"group\" id=\"media_69f326b6ddf30\" aria-labelledby=\"desc_media_69f326b6ddf30\">\n\t\t\t<script type=\"application\/json\" ref=\"data\">\n\t\t\t\t{\n\t\t\t\t\"sizes\" : {\"medium\":{\"file\":\"SHF_eb00253556-176x300.jpg\",\"width\":176,\"height\":300,\"mime-type\":\"image\\\/jpeg\",\"filesize\":8824},\"large\":{\"file\":\"SHF_eb00253556-600x1024.jpg\",\"width\":600,\"height\":1024,\"mime-type\":\"image\\\/jpeg\",\"filesize\":63590},\"thumbnail\":{\"file\":\"SHF_eb00253556-150x150.jpg\",\"width\":150,\"height\":150,\"mime-type\":\"image\\\/jpeg\",\"filesize\":4998},\"medium_large\":{\"file\":\"SHF_eb00253556-768x1312.jpg\",\"width\":768,\"height\":1312,\"mime-type\":\"image\\\/jpeg\",\"filesize\":95606},\"small\":{\"file\":\"SHF_eb00253556-258x440.jpg\",\"width\":258,\"height\":440,\"mime-type\":\"image\\\/jpeg\",\"filesize\":16410},\"semi\":{\"file\":\"SHF_eb00253556-340x580.jpg\",\"width\":340,\"height\":580,\"mime-type\":\"image\\\/jpeg\",\"filesize\":25318},\"mobile\":{\"file\":\"SHF_eb00253556-422x720.jpg\",\"width\":422,\"height\":720,\"mime-type\":\"image\\\/jpeg\",\"filesize\":35714},\"hd\":{\"file\":\"SHF_eb00253556-749x1280.jpg\",\"width\":749,\"height\":1280,\"mime-type\":\"image\\\/jpeg\",\"filesize\":92136},\"full\":{\"file\":\"SHF_eb00253556-1124x1920.jpg\",\"width\":1124,\"height\":1920,\"mime-type\":\"image\\\/jpeg\",\"filesize\":180186},\"1536x1536\":{\"file\":\"SHF_eb00253556-899x1536.jpg\",\"width\":899,\"height\":1536,\"mime-type\":\"image\\\/jpeg\",\"filesize\":124765},\"2048x2048\":{\"file\":\"SHF_eb00253556-1199x2048.jpg\",\"width\":1199,\"height\":2048,\"mime-type\":\"image\\\/jpeg\",\"filesize\":199378},\"original\":{\"file\":\"SHF_eb00253556.jpg\",\"width\":1780,\"height\":3040}},\n\t\t\t\t\"alt\" : \"Key Visual Beziehungsweise Familie\",\n\t\t\t\t\"path\" : \"\\\/wp-content\\\/uploads\\\/2025\\\/06\\\/\",\n\t\t\t\t\"video\" : null,\n\t\t\t\t\"autoplay\" : null,\n\t\t\t\t\"youtube\" : null,\n\t\t\t\t\"youtubelabel\" : \"Video abspielen\",\n\t\t\t\t\"brightness\" : 100,\n\t\t\t\t\"crop\" : {\"top\":\"26.77\",\"left\":\"49.25\"},\n\t\t\t\t\"background\" : true,\n\t\t\t\t\"scale\" : 2\t\t\t\t}\n\t\t\t<\/script>\n\n\t\t\t<div class=\"height-container\" style=\"padding-bottom:170.78651685393%;\" v-if=\"sizes\">\n\t\t\t\t\t\t\t\t<lazy-media :inline=\"true\" :alt=\"alt\" :sizes=\"sizes\" :scale=\"scale\" :brightness=\"brightness\" :path=\"path\" :video=\"video\" :autoplay=\"autoplay\" :youtube=\"youtube\" :crop=\"crop\" :youtubelabel=\"youtubelabel\" :background=\"background\" media-id=\"desc_media_69f326b6ddf30\"><\/lazy-media>\n\t\t\t\t\t\t\t<\/div>\n\n\t\t\t\t\t\t\t<figcaption class=\"sr-only\" ref=\"body\" id=\"desc_media_69f326b6ddf30\">\n\t\t\t\t\t\t\t\t\t\t\t\t\t\t\t\t<div>Key Visual Beziehungsweise Familie <\/div>\n\t\t\t\t\t\t\t\t\t\t\t\t\t\t\t\t<div class=\"insignificant\">\u00a9 Stiftung Humboldt Forum im Berliner Schloss, Foto: Getty Images, The Image Bank, Karan Kapoor<\/div>\n\t\t\t\t\t\t\t\t\t<\/figcaption>\n\t\t\t\t\t<\/figure>\n\t<\/lazy-media-inline>\n\t\t\t\t<\/div>\n\t\t\t<\/div>\n\t\t<\/div>\n\t<\/a>\n\t<\/calendarteaser>\n<\/li>\n\n\t\t\t\t<\/ul>\n\t\t\t<\/div>\n\t\t\t\t<\/lazy-component>\n<\/section>\n\n","protected":false},"template":"","genre":[394],"digital":[],"topic":[],"stakeholder":[409],"editorial":[],"editorialfilter":[],"targetgroup":[],"language":[384,793,385],"accessability":[918],"age":[1601],"school":[],"groupsize":[],"place":[1119],"class_list":["post-151877","event-period","type-event-period","status-publish","hentry","genre-installation","stakeholder-humboldt-universitaet-zu-berlin","language-deutsch","language-deutsche-audiodeskreption","language-englisch","accessability-audiodeskription-deutsch","age-ab-12-jahre","place-sonderausstellung-1-eg"],"acf":[],"_links":{"self":[{"href":"https:\/\/www.humboldtforum.org\/de\/wp-json\/wp\/v2\/event-period\/151877","targetHints":{"allow":["GET"]}}],"collection":[{"href":"https:\/\/www.humboldtforum.org\/de\/wp-json\/wp\/v2\/event-period"}],"about":[{"href":"https:\/\/www.humboldtforum.org\/de\/wp-json\/wp\/v2\/types\/event-period"}],"version-history":[{"count":12,"href":"https:\/\/www.humboldtforum.org\/de\/wp-json\/wp\/v2\/event-period\/151877\/revisions"}],"predecessor-version":[{"id":155639,"href":"https:\/\/www.humboldtforum.org\/de\/wp-json\/wp\/v2\/event-period\/151877\/revisions\/155639"}],"wp:attachment":[{"href":"https:\/\/www.humboldtforum.org\/de\/wp-json\/wp\/v2\/media?parent=151877"}],"wp:term":[{"taxonomy":"genre","embeddable":true,"href":"https:\/\/www.humboldtforum.org\/de\/wp-json\/wp\/v2\/genre?post=151877"},{"taxonomy":"digital","embeddable":true,"href":"https:\/\/www.humboldtforum.org\/de\/wp-json\/wp\/v2\/digital?post=151877"},{"taxonomy":"topic","embeddable":true,"href":"https:\/\/www.humboldtforum.org\/de\/wp-json\/wp\/v2\/topic?post=151877"},{"taxonomy":"stakeholder","embeddable":true,"href":"https:\/\/www.humboldtforum.org\/de\/wp-json\/wp\/v2\/stakeholder?post=151877"},{"taxonomy":"editorial","embeddable":true,"href":"https:\/\/www.humboldtforum.org\/de\/wp-json\/wp\/v2\/editorial?post=151877"},{"taxonomy":"editorialfilter","embeddable":true,"href":"https:\/\/www.humboldtforum.org\/de\/wp-json\/wp\/v2\/editorialfilter?post=151877"},{"taxonomy":"targetgroup","embeddable":true,"href":"https:\/\/www.humboldtforum.org\/de\/wp-json\/wp\/v2\/targetgroup?post=151877"},{"taxonomy":"language","embeddable":true,"href":"https:\/\/www.humboldtforum.org\/de\/wp-json\/wp\/v2\/language?post=151877"},{"taxonomy":"accessability","embeddable":true,"href":"https:\/\/www.humboldtforum.org\/de\/wp-json\/wp\/v2\/accessability?post=151877"},{"taxonomy":"age","embeddable":true,"href":"https:\/\/www.humboldtforum.org\/de\/wp-json\/wp\/v2\/age?post=151877"},{"taxonomy":"school","embeddable":true,"href":"https:\/\/www.humboldtforum.org\/de\/wp-json\/wp\/v2\/school?post=151877"},{"taxonomy":"groupsize","embeddable":true,"href":"https:\/\/www.humboldtforum.org\/de\/wp-json\/wp\/v2\/groupsize?post=151877"},{"taxonomy":"place","embeddable":true,"href":"https:\/\/www.humboldtforum.org\/de\/wp-json\/wp\/v2\/place?post=151877"}],"curies":[{"name":"wp","href":"https:\/\/api.w.org\/{rel}","templated":true}]}}