{"id":166531,"date":"2026-07-15T12:13:46","date_gmt":"2026-07-15T10:13:46","guid":{"rendered":"https:\/\/www.humboldtforum.org\/?post_type=event-period&#038;p=166531"},"modified":"2026-08-17T14:23:11","modified_gmt":"2026-08-17T12:23:11","slug":"mein-dein-unser","status":"publish","type":"event-period","link":"https:\/\/www.humboldtforum.org\/de\/programm\/laufzeitangebot\/thema\/mein-dein-unser-166531\/","title":{"rendered":"Mein. Dein. Unser!?"},"content":{"rendered":"<section class=\"block block-copy block-no-margin\" >\n    <div class=\"container-fluid\">\n\t\t<div class=\"row \">\n            <div class=\"col-xs-12 col-md-offset-2 col-md-8\">\n                <div class=\"box\">\n                    <div class=\"copy\"><\/div>\n                <\/div>\n            <\/div>\n\t\t<\/div>\n\t\t    <\/div>\n<\/section>\n\n<section class=\"block block-copy\" >\n    <div class=\"container-fluid\">\n\t\t<div class=\"row \">\n            <div class=\"col-xs-12 col-md-offset-2 col-md-8\">\n                <div class=\"box\">\n                    <div class=\"copy\"><p><span class=\"anleser\"><strong>Ab Ende November 2026 widmet sich das Humboldt Forum in einem zweij\u00e4hrigen Programmschwerpunkt dem Thema Eigentum und Erbe. Den Auftakt bildet ein gro\u00dfes Er\u00f6ffnungswochenende mit Diskussionen, F\u00fchrungen und der Er\u00f6ffnung von drei Ausstellungen, die mit den Regionen S\u00fcdamerika, Asien und Afrika verkn\u00fcpft sind.<\/strong><\/span><\/p>\n<p>Wem geh\u00f6rt die Welt, wem die Stadt, wem Wasser? Und was vererben wir denen, die kommen? Wie formen Erbe und Besitz unsere Chancen, Identit\u00e4ten und Zukunftsbilder? Was bedeutet Eigentum in einer Zeit, in der Ressourcen knapper und Anspr\u00fcche gr\u00f6\u00dfer werden? Wie beeinflussen historische Ungleichheiten unseren heutigen Zugang zu Macht, Raum und Wohlstand?<\/p>\n<p>Der Programmschwerpunkt <em>Mein. Dein. Unser!?<\/em> nimmt den Umgang mit Natur- und Kulturerbe aus globalen und lokalen Perspektiven in den Blick. Ausstellungen, Veranstaltungen, Workshops und F\u00fchrungen laden dazu ein, in den Dialog zu treten \u2013 etwa \u00fcber lebensnotwendige Ressourcen wie Wasser und Erde, \u00fcber Vorstellungen von Besitz und Verm\u00e4chtnis in verschiedenen Gesellschaften, \u00fcber Formen des Zusammenlebens, kulturelle Aneignung sowie \u00fcber die Herkunft und Zukunft von Sammlungen in Museen.<\/p>\n<\/div>\n                <\/div>\n            <\/div>\n\t\t<\/div>\n\t\t    <\/div>\n<\/section>\n\n<section class=\"block block-teaser col-3 \" style=\"\">\n\t<lazy-component :fixed-min-height=\"400\">\n\t\n\t\t\t\t\t<div class=\"container-fluid\">\n\t\t\t\t<div class=\"row bottom-xs\">\n\t\t\t\t\t<div class=\"col-xs-12 col-md-8\">\n\t\t\t\t\t\t<h4>Ausstellungen ab November 2026<\/h4>\t\t\t\t\t\t\t\t\t\t\t\t\t\t\t\t\t\t\t<\/div>\n\t\t\t\t\t<div class=\"col-xs-12 col-md-4 start-xs end-md margin-bottom-sixth\">\n\t\t\t\t\t\t\t\t\t\t\t<\/div>\n\t\t\t\t<\/div>\n\t\t\t\t<ul class=\"row\"> <li class=\"col-xs-12 col-sm-6 col-md-4  teaser-wrapper col-padding-remove\">\n\t<div class=\"box\">\n\t\t<calendarteaser key=\"16657710398\" rawitem='{&quot;postId&quot;:166577,&quot;title&quot;:&quot;Agua.\\u00a0Kunst\\u00a0und Kosmologien des Wassers&quot;,&quot;excerpt&quot;:&quot;&quot;,&quot;slug&quot;:&quot;agua-kunst-und-kosmologien-des-wassers&quot;,&quot;post_date&quot;:&quot;2026-07-15T12:14&quot;,&quot;type&quot;:&quot;event-period&quot;,&quot;permalink&quot;:&quot;https:\\\/\\\/www.humboldtforum.org\\\/de\\\/programm\\\/laufzeitangebot\\\/ausstellung\\\/agua-kunst-und-kosmologien-des-wassers-166577\\\/&quot;,&quot;genre&quot;:[391],&quot;genre_details&quot;:[{&quot;text&quot;:&quot;Ausstellung&quot;,&quot;id&quot;:391,&quot;icon&quot;:null,&quot;parent&quot;:0}],&quot;stakeholder&quot;:[530,382],&quot;stakeholder_details&quot;:[{&quot;text&quot;:&quot;Staatliche Museen zu Berlin&quot;,&quot;id&quot;:530,&quot;icon&quot;:null,&quot;parent&quot;:0},{&quot;text&quot;:&quot;Stiftung Humboldt Forum im Berliner Schloss&quot;,&quot;id&quot;:382,&quot;icon&quot;:null,&quot;parent&quot;:0}],&quot;place&quot;:[404,1119],&quot;place_details&quot;:{&quot;place&quot;:&quot;Humboldt Forum&quot;,&quot;map&quot;:&quot;Humboldt Forum, Schlossplatz, Berlin&quot;,&quot;room&quot;:&quot;Sonderausstellung 1, EG&quot;},&quot;icon_overwrite&quot;:&quot;&quot;,&quot;acf&quot;:{&quot;noindex&quot;:false,&quot;keywords&quot;:&quot;&quot;,&quot;shorturl&quot;:&quot;&quot;,&quot;planning&quot;:{&quot;price&quot;:&quot;Tickets in K\\u00fcrze buchbar&quot;,&quot;status&quot;:&quot;BUY&quot;,&quot;info&quot;:&quot;&quot;,&quot;shop&quot;:&quot;&quot;,&quot;can_purchase&quot;:false},&quot;use_opening_hours_of_the_house&quot;:false,&quot;display_as_single&quot;:false,&quot;additional_info&quot;:{&quot;icon&quot;:&quot;0&quot;,&quot;text&quot;:&quot;&quot;},&quot;highlight_header&quot;:true,&quot;use_video_in_teasers&quot;:false,&quot;hyphenation&quot;:true,&quot;tipp&quot;:false,&quot;joker&quot;:false,&quot;live&quot;:false,&quot;hide_event_in_program&quot;:false,&quot;periods&quot;:[{&quot;label&quot;:&quot;&quot;,&quot;dates&quot;:[{&quot;start&quot;:&quot;202611280000&quot;,&quot;end&quot;:&quot;202706300000&quot;,&quot;has_end&quot;:true,&quot;start_HRFSHORT&quot;:&quot;28.11.26&quot;,&quot;start_HRFSHORT_WD&quot;:&quot;Sa 28.11.2026&quot;,&quot;end_HRFSHORT&quot;:&quot;30.06.27&quot;}],&quot;monday&quot;:[{&quot;start&quot;:null,&quot;end&quot;:null,&quot;closed&quot;:true}],&quot;tuesday&quot;:[{&quot;start&quot;:null,&quot;end&quot;:null,&quot;closed&quot;:true}],&quot;wednesday&quot;:[{&quot;start&quot;:null,&quot;end&quot;:null,&quot;closed&quot;:true}],&quot;thursday&quot;:[{&quot;start&quot;:null,&quot;end&quot;:null,&quot;closed&quot;:true}],&quot;friday&quot;:[{&quot;start&quot;:null,&quot;end&quot;:null,&quot;closed&quot;:true}],&quot;saturday&quot;:[{&quot;start&quot;:null,&quot;end&quot;:null,&quot;closed&quot;:true}],&quot;sunday&quot;:[{&quot;start&quot;:null,&quot;end&quot;:null,&quot;closed&quot;:true}],&quot;info&quot;:&quot;&quot;,&quot;description&quot;:&quot;&quot;}],&quot;highlight_header_image&quot;:166553,&quot;has_mobile_format&quot;:false,&quot;announcement&quot;:&quot;Ab November 2026&quot;,&quot;period_exception&quot;:[]},&quot;period_list&quot;:&quot;&lt;strong&gt;\\u00d6ffnungszeiten&lt;\\\/strong&gt;\\ngeschlossen\\n\\n&quot;,&quot;period_exception&quot;:&quot;&quot;,&quot;date&quot;:{&quot;infinite&quot;:false,&quot;from_DATE&quot;:202611280000,&quot;from&quot;:1795824000,&quot;from_TIME&quot;:&quot;00:00&quot;,&quot;to&quot;:1814313600,&quot;to_DATE&quot;:202706300000,&quot;to_TIME&quot;:&quot;00:00&quot;,&quot;from_HRFSHORT&quot;:&quot;28. Nov 2026&quot;,&quot;from_HRFSHORT_WD&quot;:&quot;Sa 28.11.2026&quot;,&quot;from_HRF&quot;:&quot;Sa, 28. November 2026&quot;,&quot;to_HRF&quot;:&quot;Mi, 30. Juni 2027&quot;,&quot;to_HRFSHORT&quot;:&quot;30. Jun 2027&quot;,&quot;to_HRFSHORT_WD&quot;:&quot;Mi 30.06.2027&quot;,&quot;from_to_HRF&quot;:&quot;Sa, 28. November 2026 \\u2013 Mi, 30. Juni 2027&quot;,&quot;from_to_HRFSHORT&quot;:&quot;28. Nov 2026 \\u2013 30. Jun 2027&quot;,&quot;NXX&quot;:null,&quot;NLAST&quot;:&quot;202706300000&quot;},&quot;alert&quot;:&quot;Highlight&quot;,&quot;partof&quot;:[],&quot;marketing_topic&quot;:&quot;&quot;}' inline-template>\n\t\t<a href=\"https:\/\/www.humboldtforum.org\/de\/programm\/laufzeitangebot\/ausstellung\/agua-kunst-und-kosmologien-des-wassers-166577\/\" class=\"teaser teaser-page teaser-event-period teaser-event-highlight\">\n\t\t\t<div class=\"teaser-image teaser-image-full footer-gradient\">\n\t\t\t\t\n\t<lazy-media-inline inline-template>\n\t\t<figure itemscope itemtype=\"http:\/\/schema.org\/ImageObject\" class=\"lazy-media-inline \" role=\"group\" id=\"media_6a9928ad2a2d6\" aria-labelledby=\"desc_media_6a9928ad2a2d6\">\n\t\t\t<script type=\"application\/json\" ref=\"data\">\n\t\t\t\t{\n\t\t\t\t\"sizes\" : {\"medium\":{\"file\":\"SHF_eb00268652-300x169.jpg\",\"width\":300,\"height\":169,\"mime-type\":\"image\\\/jpeg\",\"filesize\":12628},\"large\":{\"file\":\"SHF_eb00268652-1024x576.jpg\",\"width\":1024,\"height\":576,\"mime-type\":\"image\\\/jpeg\",\"filesize\":87881},\"thumbnail\":{\"file\":\"SHF_eb00268652-150x150.jpg\",\"width\":150,\"height\":150,\"mime-type\":\"image\\\/jpeg\",\"filesize\":7053},\"medium_large\":{\"file\":\"SHF_eb00268652-768x432.jpg\",\"width\":768,\"height\":432,\"mime-type\":\"image\\\/jpeg\",\"filesize\":53952},\"small\":{\"file\":\"SHF_eb00268652-440x248.jpg\",\"width\":440,\"height\":248,\"mime-type\":\"image\\\/jpeg\",\"filesize\":22303},\"semi\":{\"file\":\"SHF_eb00268652-580x326.jpg\",\"width\":580,\"height\":326,\"mime-type\":\"image\\\/jpeg\",\"filesize\":34597},\"mobile\":{\"file\":\"SHF_eb00268652-720x405.jpg\",\"width\":720,\"height\":405,\"mime-type\":\"image\\\/jpeg\",\"filesize\":48811},\"hd\":{\"file\":\"SHF_eb00268652-1280x720.jpg\",\"width\":1280,\"height\":720,\"mime-type\":\"image\\\/jpeg\",\"filesize\":129757},\"1536x1536\":{\"file\":\"SHF_eb00268652-1536x864.jpg\",\"width\":1536,\"height\":864,\"mime-type\":\"image\\\/jpeg\",\"filesize\":176457},\"original\":{\"file\":\"SHF_eb00268652.jpg\",\"width\":1600,\"height\":900}},\n\t\t\t\t\"alt\" : \"Eine Person malt ein farbenfrohes Muster mit Pinsel auf einer Leinwand in Blau- und Oranget\\u00f6nen.\",\n\t\t\t\t\"path\" : \"\\\/wp-content\\\/uploads\\\/2026\\\/06\\\/\",\n\t\t\t\t\"video\" : null,\n\t\t\t\t\"autoplay\" : null,\n\t\t\t\t\"youtube\" : null,\n\t\t\t\t\"youtubelabel\" : \"Video abspielen\",\n\t\t\t\t\"brightness\" : 100,\n\t\t\t\t\"crop\" : null,\n\t\t\t\t\"background\" : true,\n\t\t\t\t\"scale\" : 3\t\t\t\t}\n\t\t\t<\/script>\n\n\t\t\t<div class=\"height-container\" style=\"padding-bottom:56.25%;\" v-if=\"sizes\">\n\t\t\t\t\t\t\t\t<lazy-media :inline=\"true\" :alt=\"alt\" :sizes=\"sizes\" :scale=\"scale\" :brightness=\"brightness\" :path=\"path\" :video=\"video\" :autoplay=\"autoplay\" :youtube=\"youtube\" :crop=\"crop\" :youtubelabel=\"youtubelabel\" :background=\"background\" media-id=\"desc_media_6a9928ad2a2d6\"><\/lazy-media>\n\t\t\t\t\t\t\t<\/div>\n\n\t\t\t\t\t\t\t<figcaption class=\"sr-only\" ref=\"body\" id=\"desc_media_6a9928ad2a2d6\">\n\t\t\t\t\t\t\t\t\t\t\t\t\t\t\t\t<div>die indigene K&uuml;nstlerin Keyla Palikur beim Malen einer Schlange <\/div>\n\t\t\t\t\t\t\t\t\t\t\t\t\t\t\t\t<div class=\"insignificant\">\u00a9 Rodrigo Duarte<\/div>\n\t\t\t\t\t\t\t\t\t<\/figcaption>\n\t\t\t\t\t<\/figure>\n\t<\/lazy-media-inline>\n\t\t\t\t\t\t\t<\/div>\n\t\t\t<div class=\"teaser-header teaser-header-bottom\"><div>\n\t\t\t\t<div class=\"margin-bottom-atom\">\n\t\t\t\t\t<div class=\"subline clamp-1\" v-html=\"maingenre\"><\/div>\n\t\t\t\t\t\t\t\t\t<\/div>\n\t\t\t\t<h4 class=\"h3 clamp-4\">Agua.\u00a0Kunst\u00a0und Kosmologien des Wassers<\/h4>\n\t\t\t\t<div class=\"Untertitel margin-bottom-atom\">\n\t\t\t\t\t\t\t\t\t\t<p class=\"Infos\">\n\t\t\t\t\t\t<calendardateline :rawitem='item' :show-icon=\"false\"><\/calendardateline>\n\t\t\t\t\t<\/p>\n\t\t\t\t<\/div>\n\t\t\t<\/div><\/div>\n\t\t<\/a>\n\t\t<\/calendarteaser>\n\t<\/div>\n<\/li>\n<li class=\"col-xs-12 col-sm-6 col-md-4  teaser-wrapper col-padding-remove\">\n\t<div class=\"box\">\n\t\t<calendarteaser key=\"1685888261\" rawitem='{&quot;postId&quot;:168588,&quot;title&quot;:&quot;Togo: Neue Verbindungen kn\\u00fcpfen&quot;,&quot;excerpt&quot;:&quot;&quot;,&quot;slug&quot;:&quot;togo-neue-verbindungen-knuepfen&quot;,&quot;post_date&quot;:&quot;2026-07-20T15:29&quot;,&quot;type&quot;:&quot;event-permanent&quot;,&quot;permalink&quot;:&quot;https:\\\/\\\/www.humboldtforum.org\\\/de\\\/programm\\\/dauerangebot\\\/ausstellung\\\/togo-neue-verbindungen-knuepfen-168588\\\/&quot;,&quot;genre&quot;:[391],&quot;genre_details&quot;:[{&quot;text&quot;:&quot;Ausstellung&quot;,&quot;id&quot;:391,&quot;icon&quot;:null,&quot;parent&quot;:0}],&quot;stakeholder&quot;:[530],&quot;stakeholder_details&quot;:[{&quot;text&quot;:&quot;Staatliche Museen zu Berlin&quot;,&quot;id&quot;:530,&quot;icon&quot;:null,&quot;parent&quot;:0}],&quot;place&quot;:[1989,1988],&quot;place_details&quot;:{&quot;place&quot;:&quot;Ethnologisches Museum, 2. OG, Raum 210&quot;,&quot;map&quot;:&quot;Humboldt Forum, Schlossplatz, Berlin&quot;,&quot;room&quot;:&quot;&quot;},&quot;icon_overwrite&quot;:&quot;&quot;,&quot;acf&quot;:{&quot;noindex&quot;:false,&quot;keywords&quot;:&quot;&quot;,&quot;shorturl&quot;:&quot;&quot;,&quot;planning&quot;:{&quot;price&quot;:&quot;  9 EUR - Ausstellungsticket f\\u00fcr Ethnologische Sammlungen und Museum f\\u00fcr Asiatische Kunst erforderlich &quot;,&quot;status&quot;:&quot;BUY&quot;,&quot;info&quot;:&quot;&quot;,&quot;shop&quot;:&quot;&quot;,&quot;can_purchase&quot;:false},&quot;use_opening_hours_of_the_house&quot;:false,&quot;display_as_single&quot;:false,&quot;additional_info&quot;:{&quot;icon&quot;:&quot;0&quot;,&quot;text&quot;:&quot;&quot;},&quot;highlight_header&quot;:true,&quot;use_video_in_teasers&quot;:false,&quot;hyphenation&quot;:true,&quot;tipp&quot;:false,&quot;joker&quot;:false,&quot;live&quot;:false,&quot;hide_event_in_program&quot;:false,&quot;highlight_header_image&quot;:167125,&quot;has_mobile_format&quot;:false,&quot;periods&quot;:[{&quot;label&quot;:&quot;&quot;,&quot;dates&quot;:[{&quot;start&quot;:&quot;202611280000&quot;,&quot;end&quot;:null,&quot;has_end&quot;:false,&quot;start_HRFSHORT&quot;:&quot;28.11.26&quot;,&quot;start_HRFSHORT_WD&quot;:&quot;Sa 28.11.2026&quot;}],&quot;monday&quot;:[{&quot;start&quot;:null,&quot;end&quot;:null,&quot;closed&quot;:true}],&quot;tuesday&quot;:[{&quot;start&quot;:null,&quot;end&quot;:null,&quot;closed&quot;:true}],&quot;wednesday&quot;:[{&quot;start&quot;:null,&quot;end&quot;:null,&quot;closed&quot;:true}],&quot;thursday&quot;:[{&quot;start&quot;:null,&quot;end&quot;:null,&quot;closed&quot;:true}],&quot;friday&quot;:[{&quot;start&quot;:null,&quot;end&quot;:null,&quot;closed&quot;:true}],&quot;saturday&quot;:[{&quot;start&quot;:null,&quot;end&quot;:null,&quot;closed&quot;:true}],&quot;sunday&quot;:[{&quot;start&quot;:null,&quot;end&quot;:null,&quot;closed&quot;:true}],&quot;info&quot;:&quot;&quot;,&quot;description&quot;:&quot;&quot;}],&quot;period_exception&quot;:[]},&quot;period_list&quot;:&quot;&lt;strong&gt;\\u00d6ffnungszeiten&lt;\\\/strong&gt;\\ngeschlossen\\n\\n&quot;,&quot;period_exception&quot;:&quot;&quot;,&quot;date&quot;:{&quot;infinite&quot;:true,&quot;from_DATE&quot;:202611280000,&quot;from&quot;:1795824000,&quot;from_TIME&quot;:&quot;00:00&quot;,&quot;to&quot;:1819958280,&quot;to_DATE&quot;:202709030758,&quot;to_TIME&quot;:&quot;00:00&quot;,&quot;from_HRFSHORT&quot;:&quot;28. Nov 2026&quot;,&quot;from_HRFSHORT_WD&quot;:&quot;Sa 28.11.2026&quot;,&quot;from_HRF&quot;:&quot;Sa, 28. November 2026&quot;,&quot;to_HRF&quot;:&quot;Fr,  3. September 2027&quot;,&quot;to_HRFSHORT&quot;:&quot; 3. Sep 2027&quot;,&quot;to_HRFSHORT_WD&quot;:&quot;Fr 03.09.2027&quot;,&quot;from_to_HRF&quot;:&quot;Sa, 28. November 2026 \\u2013 Fr,  3. September 2027&quot;,&quot;from_to_HRFSHORT&quot;:&quot;28. Nov 2026 \\u2013  3. Sep 2027&quot;,&quot;NXX&quot;:null,&quot;NLAST&quot;:&quot;202709030758&quot;},&quot;alert&quot;:&quot;Highlight&quot;,&quot;partof&quot;:[],&quot;marketing_topic&quot;:&quot;&quot;}' inline-template>\n\t\t<a href=\"https:\/\/www.humboldtforum.org\/de\/programm\/dauerangebot\/ausstellung\/togo-neue-verbindungen-knuepfen-168588\/\" class=\"teaser teaser-page teaser-event-permanent teaser-event-highlight\">\n\t\t\t<div class=\"teaser-image teaser-image-full footer-gradient\">\n\t\t\t\t\n\t<lazy-media-inline inline-template>\n\t\t<figure itemscope itemtype=\"http:\/\/schema.org\/ImageObject\" class=\"lazy-media-inline \" role=\"group\" id=\"media_6a9928ad2adf6\" aria-labelledby=\"desc_media_6a9928ad2adf6\">\n\t\t\t<script type=\"application\/json\" ref=\"data\">\n\t\t\t\t{\n\t\t\t\t\"sizes\" : {\"medium\":{\"file\":\"SHF_eb00268831-1-300x197.jpg\",\"width\":300,\"height\":197,\"mime-type\":\"image\\\/jpeg\",\"filesize\":16879},\"large\":{\"file\":\"SHF_eb00268831-1-1024x674.jpg\",\"width\":1024,\"height\":674,\"mime-type\":\"image\\\/jpeg\",\"filesize\":133584},\"thumbnail\":{\"file\":\"SHF_eb00268831-1-150x150.jpg\",\"width\":150,\"height\":150,\"mime-type\":\"image\\\/jpeg\",\"filesize\":7253},\"medium_large\":{\"file\":\"SHF_eb00268831-1-768x505.jpg\",\"width\":768,\"height\":505,\"mime-type\":\"image\\\/jpeg\",\"filesize\":83632},\"small\":{\"file\":\"SHF_eb00268831-1-440x289.jpg\",\"width\":440,\"height\":289,\"mime-type\":\"image\\\/jpeg\",\"filesize\":32674},\"semi\":{\"file\":\"SHF_eb00268831-1-580x382.jpg\",\"width\":580,\"height\":382,\"mime-type\":\"image\\\/jpeg\",\"filesize\":52041},\"mobile\":{\"file\":\"SHF_eb00268831-1-720x474.jpg\",\"width\":720,\"height\":474,\"mime-type\":\"image\\\/jpeg\",\"filesize\":74797},\"hd\":{\"file\":\"SHF_eb00268831-1-1280x842.jpg\",\"width\":1280,\"height\":842,\"mime-type\":\"image\\\/jpeg\",\"filesize\":192548},\"full\":{\"file\":\"SHF_eb00268831-1-1920x1263.jpg\",\"width\":1920,\"height\":1263,\"mime-type\":\"image\\\/jpeg\",\"filesize\":368623},\"1536x1536\":{\"file\":\"SHF_eb00268831-1-1536x1010.jpg\",\"width\":1536,\"height\":1010,\"mime-type\":\"image\\\/jpeg\",\"filesize\":253928},\"2048x2048\":{\"file\":\"SHF_eb00268831-1-2048x1347.jpg\",\"width\":2048,\"height\":1347,\"mime-type\":\"image\\\/jpeg\",\"filesize\":395991},\"original\":{\"file\":\"SHF_eb00268831-1.jpg\",\"width\":3840,\"height\":2526}},\n\t\t\t\t\"alt\" : \"Das Bild zeigt eine historische und moderne Ansicht von Lom\\u00e9, Togo, mit einem Mann im Vordergrund.\",\n\t\t\t\t\"path\" : \"\\\/wp-content\\\/uploads\\\/2026\\\/06\\\/\",\n\t\t\t\t\"video\" : null,\n\t\t\t\t\"autoplay\" : null,\n\t\t\t\t\"youtube\" : null,\n\t\t\t\t\"youtubelabel\" : \"Video abspielen\",\n\t\t\t\t\"brightness\" : 100,\n\t\t\t\t\"crop\" : null,\n\t\t\t\t\"background\" : true,\n\t\t\t\t\"scale\" : 3\t\t\t\t}\n\t\t\t<\/script>\n\n\t\t\t<div class=\"height-container\" style=\"padding-bottom:65.78125%;\" v-if=\"sizes\">\n\t\t\t\t\t\t\t\t<lazy-media :inline=\"true\" :alt=\"alt\" :sizes=\"sizes\" :scale=\"scale\" :brightness=\"brightness\" :path=\"path\" :video=\"video\" :autoplay=\"autoplay\" :youtube=\"youtube\" :crop=\"crop\" :youtubelabel=\"youtubelabel\" :background=\"background\" media-id=\"desc_media_6a9928ad2adf6\"><\/lazy-media>\n\t\t\t\t\t\t\t<\/div>\n\n\t\t\t\t\t\t\t<figcaption class=\"sr-only\" ref=\"body\" id=\"desc_media_6a9928ad2adf6\">\n\t\t\t\t\t\t\t\t\t\t\t<div>Jacques Do Kokou, Fusion, 2025\n&#8211; Ausstellung &quot;Togo: Neue Verbindungen kn&uuml;pfen&quot;<\/div>\n\t\t\t\t\t\t\t\t\t\t\t\t\t\t\t\t\t\t\t\t\t<div class=\"insignificant\">\u00a9 Jacques Do Kokou, Fusion, 2025<\/div>\n\t\t\t\t\t\t\t\t\t<\/figcaption>\n\t\t\t\t\t<\/figure>\n\t<\/lazy-media-inline>\n\t\t\t\t\t\t\t<\/div>\n\t\t\t<div class=\"teaser-header teaser-header-bottom\"><div>\n\t\t\t\t<div class=\"margin-bottom-atom\">\n\t\t\t\t\t<div class=\"subline clamp-1\" v-html=\"maingenre\"><\/div>\n\t\t\t\t\t\t\t\t\t<\/div>\n\t\t\t\t<h4 class=\"h3 clamp-4\">Togo: Neue Verbindungen kn\u00fcpfen<\/h4>\n\t\t\t\t<div class=\"Untertitel margin-bottom-atom\">\n\t\t\t\t\t\t\t\t\t\t<p class=\"Infos\">\n\t\t\t\t\t\t<calendardateline :rawitem='item' :show-icon=\"false\"><\/calendardateline>\n\t\t\t\t\t<\/p>\n\t\t\t\t<\/div>\n\t\t\t<\/div><\/div>\n\t\t<\/a>\n\t\t<\/calendarteaser>\n\t<\/div>\n<\/li>\n<li class=\"col-xs-12 col-sm-6 col-md-4  teaser-wrapper col-padding-remove\">\n\t<div class=\"box\">\n\t\t<calendarteaser key=\"1665906114\" rawitem='{&quot;postId&quot;:166590,&quot;title&quot;:&quot;Auf den Spuren von Shiva. Zwischen Berlin und Kathmandu&quot;,&quot;excerpt&quot;:&quot;&quot;,&quot;slug&quot;:&quot;auf-den-spuren-von-shiva-zwischen-berlin-und-kathmandu&quot;,&quot;post_date&quot;:&quot;2026-07-15T12:16&quot;,&quot;type&quot;:&quot;event-period&quot;,&quot;permalink&quot;:&quot;https:\\\/\\\/www.humboldtforum.org\\\/de\\\/programm\\\/laufzeitangebot\\\/ausstellung\\\/auf-den-spuren-von-shiva-zwischen-berlin-und-kathmandu-166590\\\/&quot;,&quot;genre&quot;:[391],&quot;genre_details&quot;:[{&quot;text&quot;:&quot;Ausstellung&quot;,&quot;id&quot;:391,&quot;icon&quot;:null,&quot;parent&quot;:0}],&quot;place&quot;:[1682,1896],&quot;place_details&quot;:{&quot;place&quot;:&quot;Museum f\\u00fcr Asiatische Kunst, 3. OG&quot;,&quot;map&quot;:&quot;Humboldt Forum, Schlossplatz, Berlin&quot;,&quot;room&quot;:&quot;3. OG, Raum 312&quot;},&quot;icon_overwrite&quot;:&quot;&quot;,&quot;acf&quot;:{&quot;noindex&quot;:false,&quot;keywords&quot;:&quot;&quot;,&quot;shorturl&quot;:&quot;&quot;,&quot;planning&quot;:{&quot;price&quot;:&quot; 9 EUR - Ausstellungsticket f\\u00fcr Ethnologische Sammlungen und Museum f\\u00fcr Asiatische Kunst erforderlich &quot;,&quot;status&quot;:&quot;BUY&quot;,&quot;info&quot;:&quot; 9 EUR - Ausstellungsticket f\\u00fcr Ethnologische Sammlungen und Museum f\\u00fcr Asiatische Kunst erforderlich &quot;,&quot;shop&quot;:&quot;&quot;,&quot;can_purchase&quot;:false},&quot;use_opening_hours_of_the_house&quot;:false,&quot;display_as_single&quot;:false,&quot;additional_info&quot;:{&quot;icon&quot;:&quot;0&quot;,&quot;text&quot;:&quot;&quot;},&quot;highlight_header&quot;:true,&quot;use_video_in_teasers&quot;:false,&quot;hyphenation&quot;:true,&quot;tipp&quot;:false,&quot;joker&quot;:false,&quot;live&quot;:false,&quot;hide_event_in_program&quot;:false,&quot;highlight_header_image&quot;:158640,&quot;has_mobile_format&quot;:true,&quot;periods&quot;:[{&quot;label&quot;:&quot;&quot;,&quot;dates&quot;:[{&quot;start&quot;:&quot;202611280000&quot;,&quot;end&quot;:&quot;202710310000&quot;,&quot;has_end&quot;:true,&quot;start_HRFSHORT&quot;:&quot;28.11.26&quot;,&quot;start_HRFSHORT_WD&quot;:&quot;Sa 28.11.2026&quot;,&quot;end_HRFSHORT&quot;:&quot;31.10.27&quot;}],&quot;monday&quot;:[{&quot;start&quot;:null,&quot;end&quot;:null,&quot;closed&quot;:true}],&quot;tuesday&quot;:[{&quot;start&quot;:null,&quot;end&quot;:null,&quot;closed&quot;:true}],&quot;wednesday&quot;:[{&quot;start&quot;:null,&quot;end&quot;:null,&quot;closed&quot;:true}],&quot;thursday&quot;:[{&quot;start&quot;:null,&quot;end&quot;:null,&quot;closed&quot;:true}],&quot;friday&quot;:[{&quot;start&quot;:null,&quot;end&quot;:null,&quot;closed&quot;:true}],&quot;saturday&quot;:[{&quot;start&quot;:null,&quot;end&quot;:null,&quot;closed&quot;:true}],&quot;sunday&quot;:[{&quot;start&quot;:null,&quot;end&quot;:null,&quot;closed&quot;:true}],&quot;info&quot;:&quot;&quot;,&quot;description&quot;:&quot;&quot;}],&quot;highlight_header_image_mobile&quot;:170024,&quot;period_exception&quot;:[]},&quot;period_list&quot;:&quot;&lt;strong&gt;\\u00d6ffnungszeiten&lt;\\\/strong&gt;\\ngeschlossen\\n\\n&quot;,&quot;period_exception&quot;:&quot;&quot;,&quot;date&quot;:{&quot;infinite&quot;:false,&quot;from_DATE&quot;:202611280000,&quot;from&quot;:1795824000,&quot;from_TIME&quot;:&quot;00:00&quot;,&quot;to&quot;:1824940800,&quot;to_DATE&quot;:202710310000,&quot;to_TIME&quot;:&quot;00:00&quot;,&quot;from_HRFSHORT&quot;:&quot;28. Nov 2026&quot;,&quot;from_HRFSHORT_WD&quot;:&quot;Sa 28.11.2026&quot;,&quot;from_HRF&quot;:&quot;Sa, 28. November 2026&quot;,&quot;to_HRF&quot;:&quot;So, 31. Oktober 2027&quot;,&quot;to_HRFSHORT&quot;:&quot;31. Okt 2027&quot;,&quot;to_HRFSHORT_WD&quot;:&quot;So 31.10.2027&quot;,&quot;from_to_HRF&quot;:&quot;Sa, 28. November 2026 \\u2013 So, 31. Oktober 2027&quot;,&quot;from_to_HRFSHORT&quot;:&quot;28. Nov 2026 \\u2013 31. Okt 2027&quot;,&quot;NXX&quot;:null,&quot;NLAST&quot;:&quot;202710310000&quot;},&quot;alert&quot;:&quot;Highlight&quot;,&quot;partof&quot;:[],&quot;marketing_topic&quot;:&quot;&quot;}' inline-template>\n\t\t<a href=\"https:\/\/www.humboldtforum.org\/de\/programm\/laufzeitangebot\/ausstellung\/auf-den-spuren-von-shiva-zwischen-berlin-und-kathmandu-166590\/\" class=\"teaser teaser-page teaser-event-period teaser-event-highlight\">\n\t\t\t<div class=\"teaser-image teaser-image-full footer-gradient\">\n\t\t\t\t\n\t<lazy-media-inline inline-template>\n\t\t<figure itemscope itemtype=\"http:\/\/schema.org\/ImageObject\" class=\"lazy-media-inline \" role=\"group\" id=\"media_6a9928ad2b882\" aria-labelledby=\"desc_media_6a9928ad2b882\">\n\t\t\t<script type=\"application\/json\" ref=\"data\">\n\t\t\t\t{\n\t\t\t\t\"sizes\" : {\"medium\":{\"file\":\"SHF_eb00268299-222x300.jpg\",\"width\":222,\"height\":300,\"mime-type\":\"image\\\/jpeg\",\"filesize\":14913},\"large\":{\"file\":\"SHF_eb00268299-757x1024.jpg\",\"width\":757,\"height\":1024,\"mime-type\":\"image\\\/jpeg\",\"filesize\":133068},\"thumbnail\":{\"file\":\"SHF_eb00268299-150x150.jpg\",\"width\":150,\"height\":150,\"mime-type\":\"image\\\/jpeg\",\"filesize\":6478},\"medium_large\":{\"file\":\"SHF_eb00268299-768x1038.jpg\",\"width\":768,\"height\":1038,\"mime-type\":\"image\\\/jpeg\",\"filesize\":136595},\"small\":{\"file\":\"SHF_eb00268299-325x440.jpg\",\"width\":325,\"height\":440,\"mime-type\":\"image\\\/jpeg\",\"filesize\":29064},\"semi\":{\"file\":\"SHF_eb00268299-429x580.jpg\",\"width\":429,\"height\":580,\"mime-type\":\"image\\\/jpeg\",\"filesize\":47712},\"mobile\":{\"file\":\"SHF_eb00268299-533x720.jpg\",\"width\":533,\"height\":720,\"mime-type\":\"image\\\/jpeg\",\"filesize\":70276},\"hd\":{\"file\":\"SHF_eb00268299-947x1280.jpg\",\"width\":947,\"height\":1280,\"mime-type\":\"image\\\/jpeg\",\"filesize\":199239},\"full\":{\"file\":\"SHF_eb00268299-1420x1920.jpg\",\"width\":1420,\"height\":1920,\"mime-type\":\"image\\\/jpeg\",\"filesize\":407929},\"1536x1536\":{\"file\":\"SHF_eb00268299-1136x1536.jpg\",\"width\":1136,\"height\":1536,\"mime-type\":\"image\\\/jpeg\",\"filesize\":275172},\"original\":{\"file\":\"SHF_eb00268299.jpg\",\"width\":1500,\"height\":2028}},\n\t\t\t\t\"alt\" : \"Bronzeskulptur eines g\\u00f6ttlichen Wesens mit detaillierten Gesichtsz\\u00fcgen und H\\u00e4nden in unterschiedlichen Positionen.\",\n\t\t\t\t\"path\" : \"\\\/wp-content\\\/uploads\\\/2026\\\/07\\\/\",\n\t\t\t\t\"video\" : null,\n\t\t\t\t\"autoplay\" : null,\n\t\t\t\t\"youtube\" : null,\n\t\t\t\t\"youtubelabel\" : \"Video abspielen\",\n\t\t\t\t\"brightness\" : 100,\n\t\t\t\t\"crop\" : {\"top\":\"81.33\",\"left\":\"50.76\"},\n\t\t\t\t\"background\" : true,\n\t\t\t\t\"scale\" : 3\t\t\t\t}\n\t\t\t<\/script>\n\n\t\t\t<div class=\"height-container\" style=\"padding-bottom:135.2%;\" v-if=\"sizes\">\n\t\t\t\t\t\t\t\t<lazy-media :inline=\"true\" :alt=\"alt\" :sizes=\"sizes\" :scale=\"scale\" :brightness=\"brightness\" :path=\"path\" :video=\"video\" :autoplay=\"autoplay\" :youtube=\"youtube\" :crop=\"crop\" :youtubelabel=\"youtubelabel\" :background=\"background\" media-id=\"desc_media_6a9928ad2b882\"><\/lazy-media>\n\t\t\t\t\t\t\t<\/div>\n\n\t\t\t\t\t\t\t<figcaption class=\"sr-only\" ref=\"body\" id=\"desc_media_6a9928ad2b882\">\n\t\t\t\t\t\t\t\t\t\t\t\t\t\t\t\t<div>Shiva Linga kosh (H&uuml;lle) mit f&uuml;nf Gesichtern <\/div>\n\t\t\t\t\t\t\t\t\t\t\t\t\t\t\t\t<div class=\"insignificant\">\u00a9 Staatliche Museen zu Berlin, Museum f\u00fcr Asiatische Kunst \/ Stiftung Humboldt Forum im Berliner Schloss, Foto: J\u00f6rg von Bruchhausen<\/div>\n\t\t\t\t\t\t\t\t\t<\/figcaption>\n\t\t\t\t\t<\/figure>\n\t<\/lazy-media-inline>\n\t\t\t\t\t\t\t<\/div>\n\t\t\t<div class=\"teaser-header teaser-header-bottom\"><div>\n\t\t\t\t<div class=\"margin-bottom-atom\">\n\t\t\t\t\t<div class=\"subline clamp-1\" v-html=\"maingenre\"><\/div>\n\t\t\t\t\t\t\t\t\t<\/div>\n\t\t\t\t<h4 class=\"h3 clamp-4\">Auf den Spuren von Shiva. Zwischen Berlin und Kathmandu<\/h4>\n\t\t\t\t<div class=\"Untertitel margin-bottom-atom\">\n\t\t\t\t\t\t\t\t\t\t<p class=\"Infos\">\n\t\t\t\t\t\t<calendardateline :rawitem='item' :show-icon=\"false\"><\/calendardateline>\n\t\t\t\t\t<\/p>\n\t\t\t\t<\/div>\n\t\t\t<\/div><\/div>\n\t\t<\/a>\n\t\t<\/calendarteaser>\n\t<\/div>\n<\/li>\n<\/ul>\n\t\t\t<\/div>\n\t\t\t\t<\/lazy-component>\n<\/section>\n\n\n\n<section class=\"block block-copy block-no-margin\" >\n    <div class=\"container-fluid\">\n\t\t<div class=\"row \">\n            <div class=\"col-xs-12 col-md-offset-2 col-md-8\">\n                <div class=\"box\">\n                    <div class=\"copy\"><p><em>Mein. Dein. Unser!? ist ein zweij\u00e4hriger Programmschwerpunkt der Akteure des Humboldt Forums \u2013 der Stiftung Humboldt Forum im Berliner Schloss sowie der Stiftung Preu\u00dfischer Kulturbesitz mit dem Ethnologischen Museum und dem Museum f\u00fcr Asiatische Kunst, dem Berlin Museum und der Humboldt-Universit\u00e4t zu Berlin. Er wird in Kooperation mit dem Goethe-Institut sowie gemeinsam mit der Global Cultural Assembly und weiteren lokalen und internationalen Partner*innen entwickelt und kuratiert.<\/em><\/p>\n<\/div>\n                <\/div>\n            <\/div>\n\t\t<\/div>\n\t\t    <\/div>\n<\/section>\n\n<section class=\"block block-logos\" >\n    <div class=\"container-fluid\">\n\t\t<div class=\"row\">\n\t\t\t<div class=\"col-xs-12 col-sm-8 col-sm-offset-2\">\n\t\t\t\t<div class=\"box\">\n\t\t\t\t\t<div class=\"row center-xs middle-xs\">\n\t\t\t\t\t\t\n\t\t\t\t\t\t<div class=\"col-xs-4 col-sm-3 col-sm-2\">\n\t\t\t\t\t\t\t<div class=\"box margin-sixth-top\">\n\t\t\t\t\t\t\t\t<img decoding=\"async\" alt=\"Stiftung Humboldt Forum im Berliner Schloss (SHF)\" src=\"https:\/\/www.humboldtforum.org\/wp-content\/uploads\/2020\/04\/SHF_Logo_sRGB.svg\" style=\"display: inline-block; width: 100%\" \/>\n\t\t\t\t\t\t\t<\/div>\n\t\t\t\t\t\t<\/div>\n\t\t\t\t\t\t\n\t\t\t\t\t\t<div class=\"col-xs-4 col-sm-3 col-sm-2\">\n\t\t\t\t\t\t\t<div class=\"box margin-sixth-top\">\n\t\t\t\t\t\t\t\t<img decoding=\"async\" alt=\"Stiftung Preu\u00dfischer Kulturbesitz (SPK)\" src=\"https:\/\/www.humboldtforum.org\/wp-content\/uploads\/2025\/07\/SHF_eb00005039-1.jpg\" style=\"display: inline-block; width: 100%\" \/>\n\t\t\t\t\t\t\t<\/div>\n\t\t\t\t\t\t<\/div>\n\t\t\t\t\t\t\n\t\t\t\t\t\t<div class=\"col-xs-4 col-sm-3 col-sm-2\">\n\t\t\t\t\t\t\t<div class=\"box margin-sixth-top\">\n\t\t\t\t\t\t\t\t<img decoding=\"async\" alt=\"Berlin Museum\" src=\"https:\/\/www.humboldtforum.org\/wp-content\/uploads\/2020\/04\/SHF_eb00270888.jpg\" style=\"display: inline-block; width: 80%\" \/>\n\t\t\t\t\t\t\t<\/div>\n\t\t\t\t\t\t<\/div>\n\t\t\t\t\t\t\n\t\t\t\t\t\t<div class=\"col-xs-4 col-sm-3 col-sm-2\">\n\t\t\t\t\t\t\t<div class=\"box margin-sixth-top\">\n\t\t\t\t\t\t\t\t<img decoding=\"async\" alt=\"Humboldt-Universit\u00e4t zu Berlin (HU)\" src=\"https:\/\/www.humboldtforum.org\/wp-content\/uploads\/2020\/04\/Huberlin-logo.svg\" style=\"display: inline-block; width: 50%\" \/>\n\t\t\t\t\t\t\t<\/div>\n\t\t\t\t\t\t<\/div>\n\t\t\t\t\t\t\n\t\t\t\t\t\t<div class=\"col-xs-4 col-sm-3 col-sm-2\">\n\t\t\t\t\t\t\t<div class=\"box margin-sixth-top\">\n\t\t\t\t\t\t\t\t<img decoding=\"async\" alt=\"Goethe-Institut\" src=\"https:\/\/www.humboldtforum.org\/wp-content\/uploads\/2021\/09\/GI_Logo_horizontal_green_sRGB_klein.png\" style=\"display: inline-block; width: 100%\" \/>\n\t\t\t\t\t\t\t<\/div>\n\t\t\t\t\t\t<\/div>\n\t\t\t\t\t\t\n\t\t\t\t\t\t<div class=\"col-xs-4 col-sm-3 col-sm-2\">\n\t\t\t\t\t\t\t<div class=\"box margin-sixth-top\">\n\t\t\t\t\t\t\t\t<img decoding=\"async\" alt=\"Global Cultural Assembly\" src=\"https:\/\/www.humboldtforum.org\/wp-content\/uploads\/2025\/10\/SHF_eb00243775.jpg\" style=\"display: inline-block; width: 100%\" \/>\n\t\t\t\t\t\t\t<\/div>\n\t\t\t\t\t\t<\/div>\n\t\t\t\t\t\t\t\t\t\t\t<\/div>\n\t\t\t\t<\/div>\n\t\t\t<\/div>\n        <\/div>\n    <\/div>\n<\/section>\n","protected":false},"template":"","genre":[1111],"digital":[],"topic":[],"stakeholder":[],"editorial":[],"editorialfilter":[],"targetgroup":[],"language":[],"accessability":[],"age":[],"school":[],"groupsize":[],"place":[],"class_list":["post-166531","event-period","type-event-period","status-publish","hentry","genre-thema"],"acf":[],"_links":{"self":[{"href":"https:\/\/www.humboldtforum.org\/de\/wp-json\/wp\/v2\/event-period\/166531","targetHints":{"allow":["GET"]}}],"collection":[{"href":"https:\/\/www.humboldtforum.org\/de\/wp-json\/wp\/v2\/event-period"}],"about":[{"href":"https:\/\/www.humboldtforum.org\/de\/wp-json\/wp\/v2\/types\/event-period"}],"version-history":[{"count":5,"href":"https:\/\/www.humboldtforum.org\/de\/wp-json\/wp\/v2\/event-period\/166531\/revisions"}],"predecessor-version":[{"id":170092,"href":"https:\/\/www.humboldtforum.org\/de\/wp-json\/wp\/v2\/event-period\/166531\/revisions\/170092"}],"wp:attachment":[{"href":"https:\/\/www.humboldtforum.org\/de\/wp-json\/wp\/v2\/media?parent=166531"}],"wp:term":[{"taxonomy":"genre","embeddable":true,"href":"https:\/\/www.humboldtforum.org\/de\/wp-json\/wp\/v2\/genre?post=166531"},{"taxonomy":"digital","embeddable":true,"href":"https:\/\/www.humboldtforum.org\/de\/wp-json\/wp\/v2\/digital?post=166531"},{"taxonomy":"topic","embeddable":true,"href":"https:\/\/www.humboldtforum.org\/de\/wp-json\/wp\/v2\/topic?post=166531"},{"taxonomy":"stakeholder","embeddable":true,"href":"https:\/\/www.humboldtforum.org\/de\/wp-json\/wp\/v2\/stakeholder?post=166531"},{"taxonomy":"editorial","embeddable":true,"href":"https:\/\/www.humboldtforum.org\/de\/wp-json\/wp\/v2\/editorial?post=166531"},{"taxonomy":"editorialfilter","embeddable":true,"href":"https:\/\/www.humboldtforum.org\/de\/wp-json\/wp\/v2\/editorialfilter?post=166531"},{"taxonomy":"targetgroup","embeddable":true,"href":"https:\/\/www.humboldtforum.org\/de\/wp-json\/wp\/v2\/targetgroup?post=166531"},{"taxonomy":"language","embeddable":true,"href":"https:\/\/www.humboldtforum.org\/de\/wp-json\/wp\/v2\/language?post=166531"},{"taxonomy":"accessability","embeddable":true,"href":"https:\/\/www.humboldtforum.org\/de\/wp-json\/wp\/v2\/accessability?post=166531"},{"taxonomy":"age","embeddable":true,"href":"https:\/\/www.humboldtforum.org\/de\/wp-json\/wp\/v2\/age?post=166531"},{"taxonomy":"school","embeddable":true,"href":"https:\/\/www.humboldtforum.org\/de\/wp-json\/wp\/v2\/school?post=166531"},{"taxonomy":"groupsize","embeddable":true,"href":"https:\/\/www.humboldtforum.org\/de\/wp-json\/wp\/v2\/groupsize?post=166531"},{"taxonomy":"place","embeddable":true,"href":"https:\/\/www.humboldtforum.org\/de\/wp-json\/wp\/v2\/place?post=166531"}],"curies":[{"name":"wp","href":"https:\/\/api.w.org\/{rel}","templated":true}]}}