{"id":69600,"date":"2023-02-01T09:48:32","date_gmt":"2023-02-01T08:48:32","guid":{"rendered":"https:\/\/www.humboldtforum.org\/?post_type=event-period&#038;p=69600"},"modified":"2023-02-08T10:35:22","modified_gmt":"2023-02-08T09:35:22","slug":"jugendkulturkarte","status":"publish","type":"event-period","link":"https:\/\/www.humboldtforum.org\/de\/programm\/laufzeitangebot\/sonstige\/jugendkulturkarte-69600\/","title":{"rendered":"Jugendkulturkarte"},"content":{"rendered":"<section class=\"block block-copy block-no-margin\" >\n    <div class=\"container-fluid\">\n\t\t<div class=\"row \">\n            <div class=\"col-xs-12 col-md-offset-2 col-md-8\">\n                <div class=\"box\">\n                    <div class=\"copy\"><h3>WIR SIND DABEI!<\/h3>\n<p>Ab 1. Februar 2023 steht allen 18- bis 23-j\u00e4hrigen Berliner*innen ein Kulturguthaben im Wert von 50 Euro zur Verf\u00fcgung. Dieses Guthaben k\u00f6nnt ihr f\u00fcr Tickets bei rund 200 Berliner Kulturorten einl\u00f6sen. Auch das Humboldt Forum ist z.B. mit der Ausstellung BERLIN GLOBAL, der Ausstellung. un_endlich. Leben mit dem Tod oder mit der Performance Revolution. Stachel im Fleisch dabei.<\/p>\n<p><strong>SO FUNKTIONIERT\u2019S:<\/strong><\/p>\n<p>Junge Erwachsene, die im Aktionszeitraum 1. Februar bis 30. April 2023 zwischen 18 und 23 Jahre alt und in Berlin gemeldet sind, k\u00f6nnen sich ab dem 1. Februar \u00fcber die Website <a href=\"http:\/\/www.jugendkulturkarte.berlin\">www.jugendkulturkarte.berlin<\/a> online registrieren und die Karte dann bis zum 28. Februar 2023 in einer von \u00fcber 40 \u00f6ffentlichen Berliner Bibliotheken abholen.<\/p>\n<p>Das Guthaben kann drei Monate lang bis zum 30. April 2023 im Humboldt Forum im Foyer an den Ticketkassen eingel\u00f6st werden. Der Erwerb muss Vorort erfolgen, der Erwerb von Online-Tickets ist ausgeschlossen.<\/p>\n<p><em>Die JUGENDKULTURKARTE ist eine Initiative der Senatsverwaltung f\u00fcr Kultur und Europa und wird umgesetzt von Kulturprojekte Berlin.<\/em><\/p>\n<p>&nbsp;<\/p>\n<\/div>\n                <\/div>\n            <\/div>\n\t\t<\/div>\n\t\t    <\/div>\n<\/section>\n\n<section class=\"block block-teaser col-lane \" style=\"\">\n\t<lazy-component :fixed-min-height=\"400\">\n\t\n\t\t\t\t\t<teaser-lane-with-buttons inline-template tracking-label=\"Ausstellungen\">\n\t\t\t\t<div class=\"teaser-lane-with-buttons\">\n\t\t\t\t\t<div class=\"container-fluid\">\n\t\t\t\t\t\t<div class=\"row bottom-xs\">\n\t\t\t\t\t\t\t<div class=\"col-xs-12 col-md-8\">\n\t\t\t\t\t\t\t\t\t\t\t\t\t\t\t\t\t<h4>Ausstellungen<\/h4>\t\t\t\t\t\t\t\t\t\t\t\t\t\t\t\t\t\t\t\t\t\t\t\t<\/div>\n\t\t\t\t\t\t\t<div class=\"col-xs-12 col-md-4 start-xs end-md margin-bottom-sixth teaser-lane-buttons-wrapper \">\n\t\t\t\t\t\t\t\t\t\t\t\t\t\t\t\t<teaser-lane-buttons :visible_prev=\"visible_prev\" :visible_next=\"visible_next\" @prev=\"prev\" @next=\"next\"><\/teaser-lane-buttons>\n\t\t\t\t\t\t\t<\/div>\n\t\t\t\t\t\t<\/div>\n\t\t\t\t\t<\/div>\n\t\t\t\t\t<div class=\"teaser-lane-wrapper\">\n\t\t\t\t\t\t<ul class=\"teaser-lane\">\n\t\t\t\t\t\t\t\t\t\t\t\t\t\t<li class=\"teaser-lane-slide col-xs-9 col-sm-4 col-md-3 teaser-wrapper col-padding-remove\">\n\t<calendarteaser key=\"460216544\" rawitem='{&quot;postId&quot;:46021,&quot;title&quot;:&quot;Ethnologische Sammlungen und Asiatische Kunst&quot;,&quot;excerpt&quot;:&quot;Neu kuratiert, mitten in Berlin: Die Ausstellungen des Ethnologischen Museums und des Museums f\\u00fcr Asiatische Kunst der Staatlichen Museen zu Berlin im Humboldt Forum erm\\u00f6glichen verschiedene Blicke auf vergangene und gegenw\\u00e4rtige Kulturen Afrikas, Amerikas, Asiens und Ozeaniens.&quot;,&quot;slug&quot;:&quot;ethnologische-sammlungen-und-asiatische-kunst&quot;,&quot;post_date&quot;:&quot;2022-07-12T18:45&quot;,&quot;type&quot;:&quot;event-permanent&quot;,&quot;permalink&quot;:&quot;https:\\\/\\\/www.humboldtforum.org\\\/de\\\/programm\\\/dauerangebot\\\/ausstellung\\\/ethnologische-sammlungen-und-asiatische-kunst-46021\\\/&quot;,&quot;genre&quot;:[391],&quot;genre_details&quot;:[{&quot;text&quot;:&quot;Ausstellung&quot;,&quot;id&quot;:391,&quot;icon&quot;:null,&quot;parent&quot;:0}],&quot;stakeholder&quot;:[530],&quot;stakeholder_details&quot;:[{&quot;text&quot;:&quot;Staatliche Museen zu Berlin&quot;,&quot;id&quot;:530,&quot;icon&quot;:null,&quot;parent&quot;:0}],&quot;editorial&quot;:[479,1132,1133],&quot;editorial_details&quot;:[{&quot;text&quot;:&quot;\\u00fcberraschend&quot;,&quot;id&quot;:479,&quot;icon&quot;:null,&quot;parent&quot;:0},{&quot;text&quot;:&quot;vielseitig&quot;,&quot;id&quot;:1132,&quot;icon&quot;:null,&quot;parent&quot;:0},{&quot;text&quot;:&quot;weitr\\u00e4umig&quot;,&quot;id&quot;:1133,&quot;icon&quot;:null,&quot;parent&quot;:0}],&quot;targetgroup&quot;:[383],&quot;targetgroup_details&quot;:[{&quot;text&quot;:&quot;Erwachsene&quot;,&quot;id&quot;:383,&quot;icon&quot;:null,&quot;parent&quot;:0}],&quot;language&quot;:[384,385],&quot;language_details&quot;:[{&quot;text&quot;:&quot;Deutsch&quot;,&quot;id&quot;:384,&quot;icon&quot;:null,&quot;parent&quot;:0},{&quot;text&quot;:&quot;Englisch&quot;,&quot;id&quot;:385,&quot;icon&quot;:null,&quot;parent&quot;:0}],&quot;accessability&quot;:[430],&quot;accessability_details&quot;:[{&quot;text&quot;:&quot;Rollstuhlgerecht&quot;,&quot;id&quot;:430,&quot;icon&quot;:null,&quot;parent&quot;:0}],&quot;place&quot;:[899,896,895],&quot;place_details&quot;:{&quot;place&quot;:&quot;Humboldt Forum&quot;,&quot;map&quot;:&quot;Humboldt Forum, Schlossplatz, Berlin&quot;,&quot;room&quot;:&quot;Afrika, 2. OG, Asien, 3. OG, Ozeanien, 2. OG&quot;},&quot;icon_overwrite&quot;:&quot;&quot;,&quot;acf&quot;:{&quot;shorturl&quot;:&quot;museen&quot;,&quot;planning&quot;:{&quot;price&quot;:&quot;14 \\u20ac \\\/ 7 \\u20ac&quot;,&quot;status&quot;:&quot;BUY&quot;,&quot;info&quot;:&quot;Ausstellungsticket erforderlich&quot;,&quot;shop&quot;:&quot;https:\\\/\\\/tickets.humboldtforum.org\\\/#\\\/tickets\\\/time?museum_id=1&amp;exhibition_id=17&amp;group=day&amp;date=2025-10-03&quot;,&quot;can_purchase&quot;:true},&quot;periods&quot;:[{&quot;label&quot;:&quot;&quot;,&quot;dates&quot;:[{&quot;start&quot;:&quot;202301020000&quot;,&quot;end&quot;:&quot;202212310000&quot;,&quot;has_end&quot;:false,&quot;start_HRFSHORT&quot;:&quot;02.01.23&quot;,&quot;start_HRFSHORT_WD&quot;:&quot;Mo 02.01.2023&quot;}],&quot;monday&quot;:[{&quot;start&quot;:&quot;10:30&quot;,&quot;end&quot;:&quot;18:30&quot;,&quot;closed&quot;:false}],&quot;tuesday&quot;:[{&quot;start&quot;:null,&quot;end&quot;:null,&quot;closed&quot;:true}],&quot;wednesday&quot;:[{&quot;start&quot;:&quot;10:30&quot;,&quot;end&quot;:&quot;18:30&quot;,&quot;closed&quot;:false}],&quot;thursday&quot;:[{&quot;start&quot;:&quot;10:30&quot;,&quot;end&quot;:&quot;18:30&quot;,&quot;closed&quot;:false}],&quot;friday&quot;:[{&quot;start&quot;:&quot;10:30&quot;,&quot;end&quot;:&quot;18:30&quot;,&quot;closed&quot;:false}],&quot;saturday&quot;:[{&quot;start&quot;:&quot;10:30&quot;,&quot;end&quot;:&quot;18:30&quot;,&quot;closed&quot;:false}],&quot;sunday&quot;:[{&quot;start&quot;:&quot;10:30&quot;,&quot;end&quot;:&quot;18:30&quot;,&quot;closed&quot;:false}],&quot;info&quot;:&quot;&quot;,&quot;description&quot;:&quot;&quot;}],&quot;display_as_single&quot;:false,&quot;subline&quot;:&quot;Neupr\\u00e4sentation der Sammlungen&quot;,&quot;marketing_text&quot;:&quot;Neupr\\u00e4sentation der Sammlungen&quot;,&quot;shorttext&quot;:&quot;Neu kuratiert, mitten in Berlin: Die Ausstellungen des Ethnologischen Museums und des Museums f\\u00fcr Asiatische Kunst der Staatlichen Museen zu Berlin im Humboldt Forum erm\\u00f6glichen verschiedene Blicke auf vergangene und gegenw\\u00e4rtige Kulturen Afrikas, Amerikas, Asiens und Ozeaniens.&quot;,&quot;highlight_header&quot;:true,&quot;highlight_header_image&quot;:139470,&quot;has_mobile_format&quot;:true,&quot;highlight_header_image_mobile&quot;:139468,&quot;hyphenation&quot;:false,&quot;tipp&quot;:false,&quot;joker&quot;:false,&quot;live&quot;:false,&quot;noindex&quot;:false,&quot;keywords&quot;:&quot;&quot;,&quot;use_opening_hours_of_the_house&quot;:true,&quot;additional_info&quot;:{&quot;icon&quot;:&quot;0&quot;,&quot;text&quot;:&quot;&quot;},&quot;use_video_in_teasers&quot;:false,&quot;hide_event_in_program&quot;:false,&quot;video_brightness&quot;:&quot;80&quot;,&quot;period_exception&quot;:[{&quot;label&quot;:&quot;&quot;,&quot;date&quot;:&quot;202209150000&quot;,&quot;closed&quot;:true,&quot;start&quot;:null,&quot;end&quot;:null,&quot;date_HRFSHORT&quot;:&quot;15.09.22&quot;},{&quot;label&quot;:&quot;&quot;,&quot;date&quot;:&quot;202209160000&quot;,&quot;closed&quot;:true,&quot;start&quot;:null,&quot;end&quot;:null,&quot;date_HRFSHORT&quot;:&quot;16.09.22&quot;},{&quot;label&quot;:&quot;&quot;,&quot;date&quot;:&quot;202512240000&quot;,&quot;closed&quot;:true,&quot;start&quot;:null,&quot;end&quot;:null,&quot;date_HRFSHORT&quot;:&quot;24.12.25&quot;},{&quot;label&quot;:&quot;&quot;,&quot;date&quot;:&quot;202512250000&quot;,&quot;closed&quot;:false,&quot;start&quot;:&quot;12:00&quot;,&quot;end&quot;:&quot;18:00&quot;,&quot;date_HRFSHORT&quot;:&quot;25.12.25&quot;},{&quot;label&quot;:&quot;&quot;,&quot;date&quot;:&quot;202512260000&quot;,&quot;closed&quot;:false,&quot;start&quot;:&quot;12:00&quot;,&quot;end&quot;:&quot;18:00&quot;,&quot;date_HRFSHORT&quot;:&quot;26.12.25&quot;},{&quot;label&quot;:&quot;&quot;,&quot;date&quot;:&quot;202512300000&quot;,&quot;closed&quot;:false,&quot;start&quot;:&quot;10:30&quot;,&quot;end&quot;:&quot;18:30&quot;,&quot;date_HRFSHORT&quot;:&quot;30.12.25&quot;},{&quot;label&quot;:&quot;&quot;,&quot;date&quot;:&quot;202512310000&quot;,&quot;closed&quot;:false,&quot;start&quot;:&quot;10:30&quot;,&quot;end&quot;:&quot;16:30&quot;,&quot;date_HRFSHORT&quot;:&quot;31.12.25&quot;},{&quot;label&quot;:&quot;&quot;,&quot;date&quot;:&quot;202601010000&quot;,&quot;closed&quot;:false,&quot;start&quot;:&quot;12:00&quot;,&quot;end&quot;:&quot;18:00&quot;,&quot;date_HRFSHORT&quot;:&quot;01.01.26&quot;}],&quot;events&quot;:[120975,124114,124205,124802,126089,126277,126466,126511,32427,44022,42920,40399,42686,42680,42631,42620,40438,40478,40458,30274,39452,39449,127878,30276,129597,131797,132013,132086,128801,132716,133852,134112,135428,135561,136004,141147,142763,145372,148356,148641,148710,149451,153328,154811,156852,157929,158305,158753,159460,159618,159627,159647,160717,161570],&quot;infotext&quot;:&quot;Einzelne wenige Teilbereiche k\\u00f6nnen aufgrund technisch organisatorischer Erfordernisse vor\\u00fcbergehend geschlossen sein. Die Ausstellungsfl\\u00e4chen sind aufgrund von Wartungsarbeiten im 3. OG vom 27. - 30.4.2026 nicht zug\\u00e4nglich.&quot;},&quot;period_list&quot;:&quot;&lt;strong&gt;\\u00d6ffnungszeiten&lt;\\\/strong&gt;\\nMo, Mi, Do, Fr, Sa, So: 10:30 \\u2013 18:30 Uhr\\nDi: geschlossen\\n\\n&quot;,&quot;period_exception&quot;:&quot;&quot;,&quot;date&quot;:{&quot;infinite&quot;:true,&quot;from_DATE&quot;:202301020000,&quot;from&quot;:1672655400,&quot;from_TIME&quot;:&quot;10:30&quot;,&quot;to&quot;:1808842380,&quot;to_DATE&quot;:202704271613,&quot;to_TIME&quot;:&quot;00:00&quot;,&quot;from_HRFSHORT&quot;:&quot; 2. Jan 2023&quot;,&quot;from_HRFSHORT_WD&quot;:&quot;Mo 02.01.2023&quot;,&quot;from_HRF&quot;:&quot;Mo,  2. Januar 2023&quot;,&quot;to_HRF&quot;:&quot;Di, 27. April 2027&quot;,&quot;to_HRFSHORT&quot;:&quot;27. Apr 2027&quot;,&quot;to_HRFSHORT_WD&quot;:&quot;Di 27.04.2027&quot;,&quot;from_to_HRF&quot;:&quot;Mo,  2. Januar 2023 \\u2013 Di, 27. April 2027&quot;,&quot;from_to_HRFSHORT&quot;:&quot; 2. Jan 2023 \\u2013 27. Apr 2027&quot;,&quot;NXX&quot;:&quot;202604271613&quot;,&quot;NLAST&quot;:&quot;202704271613&quot;,&quot;NX&quot;:&quot;20260427&quot;},&quot;alert&quot;:&quot;Highlight&quot;,&quot;partof&quot;:[],&quot;marketing_topic&quot;:&quot;&quot;}' inline-template>\n\t<a href=\"https:\/\/www.humboldtforum.org\/de\/programm\/dauerangebot\/ausstellung\/ethnologische-sammlungen-und-asiatische-kunst-46021\/\" class=\"teaser teaser-event-permanent teaser-event-standard\">\n\t\t<div class=\"row\">\n\t\t\t<div class=\"col-xs-12 teaser-event-image\">\n\t\t\t\t<div class=\"teaser-image teaser-image-no-alternate\">\n\t\t\t\t\t\t\t\t\t\t\t\t\t<span class=\"alert\">Highlight<\/span>\n\t\t\t\t\t\t\t\t\t\t\t\n\t<lazy-media-inline inline-template>\n\t\t<figure itemscope itemtype=\"http:\/\/schema.org\/ImageObject\" class=\"lazy-media-inline \" role=\"group\" id=\"media_69ef8b1fbb133\" aria-labelledby=\"desc_media_69ef8b1fbb133\">\n\t\t\t<script type=\"application\/json\" ref=\"data\">\n\t\t\t\t{\n\t\t\t\t\"sizes\" : {\"medium\":{\"file\":\"SHF_eb00226127-176x300.jpg\",\"width\":176,\"height\":300,\"mime-type\":\"image\\\/jpeg\",\"filesize\":10736},\"large\":{\"file\":\"SHF_eb00226127-600x1024.jpg\",\"width\":600,\"height\":1024,\"mime-type\":\"image\\\/jpeg\",\"filesize\":91736},\"thumbnail\":{\"file\":\"SHF_eb00226127-150x150.jpg\",\"width\":150,\"height\":150,\"mime-type\":\"image\\\/jpeg\",\"filesize\":5912},\"medium_large\":{\"file\":\"SHF_eb00226127-768x1311.jpg\",\"width\":768,\"height\":1311,\"mime-type\":\"image\\\/jpeg\",\"filesize\":143600},\"small\":{\"file\":\"SHF_eb00226127-258x440.jpg\",\"width\":258,\"height\":440,\"mime-type\":\"image\\\/jpeg\",\"filesize\":20778},\"semi\":{\"file\":\"SHF_eb00226127-340x580.jpg\",\"width\":340,\"height\":580,\"mime-type\":\"image\\\/jpeg\",\"filesize\":33486},\"mobile\":{\"file\":\"SHF_eb00226127-422x720.jpg\",\"width\":422,\"height\":720,\"mime-type\":\"image\\\/jpeg\",\"filesize\":48702},\"hd\":{\"file\":\"SHF_eb00226127-750x1280.jpg\",\"width\":750,\"height\":1280,\"mime-type\":\"image\\\/jpeg\",\"filesize\":137620},\"full\":{\"file\":\"SHF_eb00226127-1124x1920.jpg\",\"width\":1124,\"height\":1920,\"mime-type\":\"image\\\/jpeg\",\"filesize\":286887},\"1536x1536\":{\"file\":\"SHF_eb00226127-899x1536.jpg\",\"width\":899,\"height\":1536,\"mime-type\":\"image\\\/jpeg\",\"filesize\":191741},\"2048x2048\":{\"file\":\"SHF_eb00226127-1199x2048.jpg\",\"width\":1199,\"height\":2048,\"mime-type\":\"image\\\/jpeg\",\"filesize\":321534},\"original\":{\"file\":\"SHF_eb00226127.jpg\",\"width\":1464,\"height\":2500}},\n\t\t\t\t\"alt\" : \"Zwei Statuen stehen nebeneinander: eine hinduistische Gottheit und eine traditionelle Figur in lebhaften Rott\\u00f6nen.\",\n\t\t\t\t\"path\" : \"\\\/wp-content\\\/uploads\\\/2024\\\/11\\\/\",\n\t\t\t\t\"video\" : null,\n\t\t\t\t\"autoplay\" : null,\n\t\t\t\t\"youtube\" : null,\n\t\t\t\t\"youtubelabel\" : \"Video abspielen\",\n\t\t\t\t\"brightness\" : 100,\n\t\t\t\t\"crop\" : null,\n\t\t\t\t\"background\" : true,\n\t\t\t\t\"scale\" : 1\t\t\t\t}\n\t\t\t<\/script>\n\n\t\t\t<div class=\"height-container\" style=\"padding-bottom:170.7650273224%;\" v-if=\"sizes\">\n\t\t\t\t\t\t\t\t<lazy-media :inline=\"true\" :alt=\"alt\" :sizes=\"sizes\" :scale=\"scale\" :brightness=\"brightness\" :path=\"path\" :video=\"video\" :autoplay=\"autoplay\" :youtube=\"youtube\" :crop=\"crop\" :youtubelabel=\"youtubelabel\" :background=\"background\" media-id=\"desc_media_69ef8b1fbb133\"><\/lazy-media>\n\t\t\t\t\t\t\t<\/div>\n\n\t\t\t\t\t\t\t<figcaption class=\"sr-only\" ref=\"body\" id=\"desc_media_69ef8b1fbb133\">\n\t\t\t\t\t\t\t\t\t\t\t\t\t\t\t\t<div>Mangaaka-Kraftfigur <\/div>\n\t\t\t\t\t\t\t\t\t\t\t\t\t\t\t\t<div class=\"insignificant\">\u00a9 Stiftung Humboldt Forum im Berliner Schloss \/ Staatliche Museen zu Berlin, Museum f\u00fcr Asiatische Kunst und Ethnologisches Museum \/ Fotos: Philipp Jester | Jens Blank<\/div>\n\t\t\t\t\t\t\t\t\t<\/figcaption>\n\t\t\t\t\t<\/figure>\n\t<\/lazy-media-inline>\n\t\t\t\t<\/div>\n\t\t\t<\/div>\n\t\t\t<div class=\"col-xs-12 teaser-event-text Infos\">\n\t\t\t\t<div class=\"teaser-event-standard-text\">\n\t\t\t\t\t<div class=\"margin-bottom-atom\">\n\t\t\t\t\t\t<div class=\"subline clamp-1\" v-html=\"maingenre\"><\/div>\n\t\t\t\t\t\t\t\t\t\t\t<\/div>\n\t\t\t\t\n\t\t\t\t\t<strong class=\"margin-bottom-atom\">Ethnologische Sammlungen und Asiatische Kunst<\/strong>\n\n\t\t\t\t\t\t\t\t\t\t\t<div class=\"\">Neupr\u00e4sentation der Sammlungen<\/div>\n\t\t\t\t\t\t\t\t\t<\/div>\n\t\t\t\t<div class=\"teaser-bottom border-bottom\">\n\t\t\t\t<calendardateline :rawitem='item' :show-icon=\"true\"><\/calendardateline>\n\t\t\t\t\t<hr>\n\t\t\t\t<\/div>\n\t\t\t<\/div>\n\t\t<\/div>\n\t<\/a>\n\t<\/calendarteaser>\n<\/li>\n\n<li class=\"teaser-lane-slide col-xs-9 col-sm-4 col-md-3 teaser-wrapper col-padding-remove\">\n\t<calendarteaser key=\"1414014986\" rawitem='{&quot;postId&quot;:14140,&quot;title&quot;:&quot;BERLIN GLOBAL&quot;,&quot;excerpt&quot;:&quot;Gestern, heute, morgen: Vieles, was in Berlin passiert, hat Einfluss auf die Welt. Und vieles, was in der Welt passiert, wirkt auf Berlin. BERLIN GLOBAL zeigt auf 4000 Quadratmetern im Humboldt Forum, wie die Stadt und ihre Menschen mit der Welt verbunden sind. &quot;,&quot;slug&quot;:&quot;berlin-global&quot;,&quot;post_date&quot;:&quot;2020-10-23T08:36&quot;,&quot;type&quot;:&quot;event-permanent&quot;,&quot;permalink&quot;:&quot;https:\\\/\\\/www.humboldtforum.org\\\/de\\\/programm\\\/dauerangebot\\\/ausstellung\\\/berlin-global-14140\\\/&quot;,&quot;genre&quot;:[391],&quot;genre_details&quot;:[{&quot;text&quot;:&quot;Ausstellung&quot;,&quot;id&quot;:391,&quot;icon&quot;:null,&quot;parent&quot;:0}],&quot;stakeholder&quot;:[400],&quot;stakeholder_details&quot;:[{&quot;text&quot;:&quot;Kulturprojekte Berlin \\\/ Stadtmuseum Berlin&quot;,&quot;id&quot;:400,&quot;icon&quot;:null,&quot;parent&quot;:0}],&quot;editorial&quot;:[402,403,646],&quot;editorial_details&quot;:[{&quot;text&quot;:&quot;interaktiv&quot;,&quot;id&quot;:402,&quot;icon&quot;:null,&quot;parent&quot;:0},{&quot;text&quot;:&quot;verbindend&quot;,&quot;id&quot;:403,&quot;icon&quot;:null,&quot;parent&quot;:0},{&quot;text&quot;:&quot;vielstimmig&quot;,&quot;id&quot;:646,&quot;icon&quot;:null,&quot;parent&quot;:0}],&quot;targetgroup&quot;:[383],&quot;targetgroup_details&quot;:[{&quot;text&quot;:&quot;Erwachsene&quot;,&quot;id&quot;:383,&quot;icon&quot;:null,&quot;parent&quot;:0}],&quot;language&quot;:[384,385],&quot;language_details&quot;:[{&quot;text&quot;:&quot;Deutsch&quot;,&quot;id&quot;:384,&quot;icon&quot;:null,&quot;parent&quot;:0},{&quot;text&quot;:&quot;Englisch&quot;,&quot;id&quot;:385,&quot;icon&quot;:null,&quot;parent&quot;:0}],&quot;accessability&quot;:[430],&quot;accessability_details&quot;:[{&quot;text&quot;:&quot;Rollstuhlgerecht&quot;,&quot;id&quot;:430,&quot;icon&quot;:null,&quot;parent&quot;:0}],&quot;place&quot;:[405],&quot;place_details&quot;:{&quot;place&quot;:&quot;Humboldt Forum&quot;,&quot;map&quot;:&quot;Humboldt Forum, Schlossplatz, Berlin&quot;,&quot;room&quot;:&quot;Berlin Ausstellung, 1. OG&quot;},&quot;icon_overwrite&quot;:&quot;&quot;,&quot;acf&quot;:{&quot;shorturl&quot;:&quot;berlinglobal&quot;,&quot;planning&quot;:{&quot;price&quot;:&quot;9 EUR \\\/ 0 EUR&quot;,&quot;status&quot;:&quot;BUY&quot;,&quot;info&quot;:&quot;9 EUR, erm. 0 EUR&quot;,&quot;shop&quot;:&quot;https:\\\/\\\/tickets.humboldtforum.org\\\/#\\\/tickets\\\/time?museum_id=1&amp;exhibition_id=1&amp;group=day&quot;,&quot;can_purchase&quot;:true},&quot;periods&quot;:[{&quot;label&quot;:&quot;&quot;,&quot;dates&quot;:[{&quot;start&quot;:&quot;202302130000&quot;,&quot;end&quot;:&quot;204601020000&quot;,&quot;has_end&quot;:false,&quot;start_HRFSHORT&quot;:&quot;13.02.23&quot;,&quot;start_HRFSHORT_WD&quot;:&quot;Mo 13.02.2023&quot;}],&quot;monday&quot;:[{&quot;start&quot;:&quot;10:30&quot;,&quot;end&quot;:&quot;18:30&quot;,&quot;closed&quot;:false}],&quot;tuesday&quot;:[{&quot;start&quot;:&quot;10:00&quot;,&quot;end&quot;:&quot;20:00&quot;,&quot;closed&quot;:true}],&quot;wednesday&quot;:[{&quot;start&quot;:&quot;10:30&quot;,&quot;end&quot;:&quot;18:30&quot;,&quot;closed&quot;:false}],&quot;thursday&quot;:[{&quot;start&quot;:&quot;10:30&quot;,&quot;end&quot;:&quot;18:30&quot;,&quot;closed&quot;:false}],&quot;friday&quot;:[{&quot;start&quot;:&quot;10:30&quot;,&quot;end&quot;:&quot;18:30&quot;,&quot;closed&quot;:false}],&quot;saturday&quot;:[{&quot;start&quot;:&quot;10:30&quot;,&quot;end&quot;:&quot;18:30&quot;,&quot;closed&quot;:false}],&quot;sunday&quot;:[{&quot;start&quot;:&quot;10:30&quot;,&quot;end&quot;:&quot;18:30&quot;,&quot;closed&quot;:false}],&quot;info&quot;:&quot;&quot;,&quot;description&quot;:&quot;&quot;}],&quot;period_exception&quot;:[{&quot;label&quot;:&quot;&quot;,&quot;date&quot;:&quot;202512240000&quot;,&quot;closed&quot;:true,&quot;start&quot;:&quot;10:30&quot;,&quot;end&quot;:&quot;13:30&quot;,&quot;date_HRFSHORT&quot;:&quot;24.12.25&quot;},{&quot;label&quot;:&quot;&quot;,&quot;date&quot;:&quot;202512250000&quot;,&quot;closed&quot;:false,&quot;start&quot;:&quot;12:00&quot;,&quot;end&quot;:&quot;18:00&quot;,&quot;date_HRFSHORT&quot;:&quot;25.12.25&quot;},{&quot;label&quot;:&quot;&quot;,&quot;date&quot;:&quot;202512260000&quot;,&quot;closed&quot;:false,&quot;start&quot;:&quot;12:00&quot;,&quot;end&quot;:&quot;18:00&quot;,&quot;date_HRFSHORT&quot;:&quot;26.12.25&quot;},{&quot;label&quot;:&quot;&quot;,&quot;date&quot;:&quot;202512300000&quot;,&quot;closed&quot;:false,&quot;start&quot;:&quot;10:30&quot;,&quot;end&quot;:&quot;18:30&quot;,&quot;date_HRFSHORT&quot;:&quot;30.12.25&quot;},{&quot;label&quot;:&quot;&quot;,&quot;date&quot;:&quot;202512310000&quot;,&quot;closed&quot;:false,&quot;start&quot;:null,&quot;end&quot;:null,&quot;date_HRFSHORT&quot;:&quot;31.12.25&quot;},{&quot;label&quot;:&quot;&quot;,&quot;date&quot;:&quot;202601010000&quot;,&quot;closed&quot;:false,&quot;start&quot;:&quot;12:00&quot;,&quot;end&quot;:&quot;18:00&quot;,&quot;date_HRFSHORT&quot;:&quot;01.01.26&quot;}],&quot;subline&quot;:&quot;Berlin Ausstellung im Humboldt Forum&quot;,&quot;marketing_text&quot;:&quot;Erfahren Sie, wie die Stadt und ihre Menschen mit der Welt verbunden sind.&quot;,&quot;shorttext&quot;:&quot;Gestern, heute, morgen: Vieles, was in Berlin passiert, hat Einfluss auf die Welt. Und vieles, was in der Welt passiert, wirkt auf Berlin. BERLIN GLOBAL zeigt auf 4000 Quadratmetern im Humboldt Forum, wie die Stadt und ihre Menschen mit der Welt verbunden sind. &quot;,&quot;longtext&quot;:&quot;Gestern, heute, morgen: Vieles, was in Berlin passiert, hat Einfluss auf die Welt. Und vieles, was in der Welt passiert, wirkt auf Berlin. BERLIN GLOBAL zeigt auf 4000 Quadratmetern im Humboldt Forum, wie die Stadt und ihre Menschen mit der Welt verbunden sind. Der Raum Weltdenken hei\\u00dft die Besucher*innen willkommen, der Raum Berlin-Bilder f\\u00fchrt in die Themen der Ausstellung ein. Ihnen folgen die einzelnen Themenr\\u00e4ume: Sie erz\\u00e4hlen von Revolution, Freiraum, Grenzen, Vergn\\u00fcgen, Krieg, Mode und Verflechtung. Aspekte, die sich auch in anderen Metropolen finden lassen, die aber in dieser Kombination typisch f\\u00fcr Berlin sind.&quot;,&quot;highlight_header&quot;:true,&quot;highlight_header_image&quot;:66324,&quot;has_mobile_format&quot;:true,&quot;highlight_header_image_mobile&quot;:66322,&quot;tipp&quot;:false,&quot;joker&quot;:false,&quot;live&quot;:false,&quot;display_as_single&quot;:false,&quot;hyphenation&quot;:true,&quot;noindex&quot;:false,&quot;keywords&quot;:&quot;&quot;,&quot;use_opening_hours_of_the_house&quot;:false,&quot;additional_info&quot;:{&quot;icon&quot;:&quot;icon-bullet_active&quot;,&quot;text&quot;:&quot;Wartungsarbeiten: Vom 4. bis einschlie\\u00dflich 6.5.2026 wird die Ausstellung BERLIN GLOBAL nicht zug\\u00e4nglich sein.&quot;},&quot;use_video_in_teasers&quot;:false,&quot;hide_event_in_program&quot;:false,&quot;infotext&quot;:&quot;letzter Einlass 17:30 Uhr. &quot;,&quot;events&quot;:[126079,126641,128669,128606,128614,132200,132209,132198,132330,132555,132558,119976,135751,135756,135788,135796,135805,135823,136595,136602,136615,137214,136743,137696,136814,120403,140364,147928,148672,149576,153806,154671,157000,157020,157682,157684,158456,142900,158487,161422,163169],&quot;tickettext&quot;:&quot;Besuch von BERLIN GLOBAL auch mit Humboldt Forum Ticket m\\u00f6glich, s. Besuch &gt; Eintritt &amp; Tickets&quot;},&quot;period_list&quot;:&quot;&lt;strong&gt;\\u00d6ffnungszeiten&lt;\\\/strong&gt;\\nMo, Mi, Do, Fr, Sa, So: 10:30 \\u2013 18:30 Uhr\\nDi: geschlossen\\n\\n&quot;,&quot;period_exception&quot;:&quot;&quot;,&quot;date&quot;:{&quot;infinite&quot;:true,&quot;from_DATE&quot;:202302130000,&quot;from&quot;:1676284200,&quot;from_TIME&quot;:&quot;10:30&quot;,&quot;to&quot;:1808914380,&quot;to_DATE&quot;:202704271613,&quot;to_TIME&quot;:&quot;20:00&quot;,&quot;from_HRFSHORT&quot;:&quot;13. Feb 2023&quot;,&quot;from_HRFSHORT_WD&quot;:&quot;Mo 13.02.2023&quot;,&quot;from_HRF&quot;:&quot;Mo, 13. Februar 2023&quot;,&quot;to_HRF&quot;:&quot;Mi, 28. April 2027&quot;,&quot;to_HRFSHORT&quot;:&quot;28. Apr 2027&quot;,&quot;to_HRFSHORT_WD&quot;:&quot;Mi 28.04.2027&quot;,&quot;from_to_HRF&quot;:&quot;Mo, 13. Februar 2023 \\u2013 Mi, 28. April 2027&quot;,&quot;from_to_HRFSHORT&quot;:&quot;13. Feb 2023 \\u2013 28. Apr 2027&quot;,&quot;NXX&quot;:&quot;202604271613&quot;,&quot;NLAST&quot;:&quot;202704281213&quot;,&quot;NX&quot;:&quot;20260427&quot;},&quot;alert&quot;:&quot;Highlight&quot;,&quot;partof&quot;:[],&quot;marketing_topic&quot;:&quot;&quot;}' inline-template>\n\t<a href=\"https:\/\/www.humboldtforum.org\/de\/programm\/dauerangebot\/ausstellung\/berlin-global-14140\/\" class=\"teaser teaser-event-permanent teaser-event-standard\">\n\t\t<div class=\"row\">\n\t\t\t<div class=\"col-xs-12 teaser-event-image\">\n\t\t\t\t<div class=\"teaser-image teaser-image-no-alternate\">\n\t\t\t\t\t\t\t\t\t\t\t\t\t<span class=\"alert\">Highlight<\/span>\n\t\t\t\t\t\t\t\t\t\t\t\n\t<lazy-media-inline inline-template>\n\t\t<figure itemscope itemtype=\"http:\/\/schema.org\/ImageObject\" class=\"lazy-media-inline \" role=\"group\" id=\"media_69ef8b1fbbff8\" aria-labelledby=\"desc_media_69ef8b1fbbff8\">\n\t\t\t<script type=\"application\/json\" ref=\"data\">\n\t\t\t\t{\n\t\t\t\t\"sizes\" : {\"medium\":{\"file\":\"BG-Visual-2-176x300.jpg\",\"width\":176,\"height\":300,\"mime-type\":\"image\\\/jpeg\",\"filesize\":10918},\"large\":{\"file\":\"BG-Visual-2-600x1024.jpg\",\"width\":600,\"height\":1024,\"mime-type\":\"image\\\/jpeg\",\"filesize\":51578},\"thumbnail\":{\"file\":\"BG-Visual-2-150x150.jpg\",\"width\":150,\"height\":150,\"mime-type\":\"image\\\/jpeg\",\"filesize\":7184},\"medium_large\":{\"file\":\"BG-Visual-2-768x1312.jpg\",\"width\":768,\"height\":1312,\"mime-type\":\"image\\\/jpeg\",\"filesize\":71401},\"small\":{\"file\":\"BG-Visual-2-258x440.jpg\",\"width\":258,\"height\":440,\"mime-type\":\"image\\\/jpeg\",\"filesize\":17917},\"semi\":{\"file\":\"BG-Visual-2-340x580.jpg\",\"width\":340,\"height\":580,\"mime-type\":\"image\\\/jpeg\",\"filesize\":24870},\"mobile\":{\"file\":\"BG-Visual-2-422x720.jpg\",\"width\":422,\"height\":720,\"mime-type\":\"image\\\/jpeg\",\"filesize\":32315},\"hd\":{\"file\":\"BG-Visual-2-749x1280.jpg\",\"width\":749,\"height\":1280,\"mime-type\":\"image\\\/jpeg\",\"filesize\":68644},\"full\":{\"file\":\"BG-Visual-2-1124x1920.jpg\",\"width\":1124,\"height\":1920,\"mime-type\":\"image\\\/jpeg\",\"filesize\":120736},\"1536x1536\":{\"file\":\"BG-Visual-2-899x1536.jpg\",\"width\":899,\"height\":1536,\"mime-type\":\"image\\\/jpeg\",\"filesize\":87922},\"2048x2048\":{\"file\":\"BG-Visual-2-1199x2048.jpg\",\"width\":1199,\"height\":2048,\"mime-type\":\"image\\\/jpeg\",\"filesize\":131087},\"original\":{\"file\":\"BG-Visual-2.jpg\",\"width\":1780,\"height\":3040}},\n\t\t\t\t\"alt\" : \"Bunte Grafik mit dem Schriftzug \\\"BERLIN GLOBAL\\\" in gro\\u00dfen gelben Buchstaben auf pinkem Hintergrund.\",\n\t\t\t\t\"path\" : \"\\\/wp-content\\\/uploads\\\/2022\\\/12\\\/\",\n\t\t\t\t\"video\" : null,\n\t\t\t\t\"autoplay\" : null,\n\t\t\t\t\"youtube\" : null,\n\t\t\t\t\"youtubelabel\" : \"Video abspielen\",\n\t\t\t\t\"brightness\" : 100,\n\t\t\t\t\"crop\" : {\"top\":\"15.71\",\"left\":\"50.15\"},\n\t\t\t\t\"background\" : true,\n\t\t\t\t\"scale\" : 2\t\t\t\t}\n\t\t\t<\/script>\n\n\t\t\t<div class=\"height-container\" style=\"padding-bottom:170.78651685393%;\" v-if=\"sizes\">\n\t\t\t\t\t\t\t\t<lazy-media :inline=\"true\" :alt=\"alt\" :sizes=\"sizes\" :scale=\"scale\" :brightness=\"brightness\" :path=\"path\" :video=\"video\" :autoplay=\"autoplay\" :youtube=\"youtube\" :crop=\"crop\" :youtubelabel=\"youtubelabel\" :background=\"background\" media-id=\"desc_media_69ef8b1fbbff8\"><\/lazy-media>\n\t\t\t\t\t\t\t<\/div>\n\n\t\t\t\t\t\t\t<figcaption class=\"sr-only\" ref=\"body\" id=\"desc_media_69ef8b1fbbff8\">\n\t\t\t\t\t\t\t\t\t\t\t\t\t\t\t\t<div>Key Visual Berlin Global Bisky Kampagne 2022  <\/div>\n\t\t\t\t\t\t\t\t\t\t\t\t\t\t\t\t<div class=\"insignificant\">\u00a9 Stiftung Stadtmuseum Berlin und Kulturprojekte Berlin \/ caromarta Studio<\/div>\n\t\t\t\t\t\t\t\t\t<\/figcaption>\n\t\t\t\t\t<\/figure>\n\t<\/lazy-media-inline>\n\t\t\t\t<\/div>\n\t\t\t<\/div>\n\t\t\t<div class=\"col-xs-12 teaser-event-text Infos\">\n\t\t\t\t<div class=\"teaser-event-standard-text\">\n\t\t\t\t\t<div class=\"margin-bottom-atom\">\n\t\t\t\t\t\t<div class=\"subline clamp-1\" v-html=\"maingenre\"><\/div>\n\t\t\t\t\t\t\t\t\t\t\t<\/div>\n\t\t\t\t\n\t\t\t\t\t<strong class=\"margin-bottom-atom\">BERLIN GLOBAL<\/strong>\n\n\t\t\t\t\t\t\t\t\t\t\t<div class=\"\">Erfahren Sie, wie die Stadt und ihre Menschen mit der Welt verbunden sind.<\/div>\n\t\t\t\t\t\t\t\t\t<\/div>\n\t\t\t\t<div class=\"teaser-bottom border-bottom\">\n\t\t\t\t<calendardateline :rawitem='item' :show-icon=\"true\"><\/calendardateline>\n\t\t\t\t\t<hr>\n\t\t\t\t<\/div>\n\t\t\t<\/div>\n\t\t<\/div>\n\t<\/a>\n\t<\/calendarteaser>\n<\/li>\n\n<li class=\"teaser-lane-slide col-xs-9 col-sm-4 col-md-3 teaser-wrapper col-padding-remove\">\n\t<calendarteaser key=\"1414413629\" rawitem='{&quot;postId&quot;:14144,&quot;title&quot;:&quot;Nach der Natur&quot;,&quot;excerpt&quot;:&quot;&quot;,&quot;slug&quot;:&quot;nach-der-natur&quot;,&quot;post_date&quot;:&quot;2020-10-23T09:05&quot;,&quot;type&quot;:&quot;event-permanent&quot;,&quot;permalink&quot;:&quot;https:\\\/\\\/www.humboldtforum.org\\\/de\\\/programm\\\/dauerangebot\\\/ausstellung\\\/nach-der-natur-14144\\\/&quot;,&quot;genre&quot;:[391],&quot;genre_details&quot;:[{&quot;text&quot;:&quot;Ausstellung&quot;,&quot;id&quot;:391,&quot;icon&quot;:null,&quot;parent&quot;:0}],&quot;stakeholder&quot;:[409],&quot;stakeholder_details&quot;:[{&quot;text&quot;:&quot;Humboldt-Universit\\u00e4t zu Berlin&quot;,&quot;id&quot;:409,&quot;icon&quot;:null,&quot;parent&quot;:0}],&quot;editorial&quot;:[537,402,538],&quot;editorial_details&quot;:[{&quot;text&quot;:&quot;experimentell&quot;,&quot;id&quot;:537,&quot;icon&quot;:null,&quot;parent&quot;:0},{&quot;text&quot;:&quot;interaktiv&quot;,&quot;id&quot;:402,&quot;icon&quot;:null,&quot;parent&quot;:0},{&quot;text&quot;:&quot;wissenschaftlich&quot;,&quot;id&quot;:538,&quot;icon&quot;:null,&quot;parent&quot;:0}],&quot;targetgroup&quot;:[383],&quot;targetgroup_details&quot;:[{&quot;text&quot;:&quot;Erwachsene&quot;,&quot;id&quot;:383,&quot;icon&quot;:null,&quot;parent&quot;:0}],&quot;language&quot;:[384,385],&quot;language_details&quot;:[{&quot;text&quot;:&quot;Deutsch&quot;,&quot;id&quot;:384,&quot;icon&quot;:null,&quot;parent&quot;:0},{&quot;text&quot;:&quot;Englisch&quot;,&quot;id&quot;:385,&quot;icon&quot;:null,&quot;parent&quot;:0}],&quot;accessability&quot;:[430],&quot;accessability_details&quot;:[{&quot;text&quot;:&quot;Rollstuhlgerecht&quot;,&quot;id&quot;:430,&quot;icon&quot;:null,&quot;parent&quot;:0}],&quot;place&quot;:[413],&quot;place_details&quot;:{&quot;place&quot;:&quot;Humboldt Forum&quot;,&quot;map&quot;:&quot;Humboldt Forum, Schlossplatz, Berlin&quot;,&quot;room&quot;:&quot;Humboldt Labor, 1. OG&quot;},&quot;icon_overwrite&quot;:&quot;&quot;,&quot;acf&quot;:{&quot;shorturl&quot;:&quot;nachdernatur&quot;,&quot;planning&quot;:{&quot;price&quot;:&quot;Eintritt frei&quot;,&quot;status&quot;:&quot;TIMEFRAME&quot;,&quot;info&quot;:&quot;Eintritt frei&quot;,&quot;shop&quot;:&quot;&quot;,&quot;can_purchase&quot;:false},&quot;periods&quot;:[{&quot;label&quot;:&quot;&quot;,&quot;dates&quot;:[{&quot;start&quot;:&quot;202301020000&quot;,&quot;end&quot;:&quot;202212310000&quot;,&quot;has_end&quot;:false,&quot;start_HRFSHORT&quot;:&quot;02.01.23&quot;,&quot;start_HRFSHORT_WD&quot;:&quot;Mo 02.01.2023&quot;}],&quot;monday&quot;:[{&quot;start&quot;:&quot;10:30&quot;,&quot;end&quot;:&quot;18:30&quot;,&quot;closed&quot;:false}],&quot;tuesday&quot;:[{&quot;start&quot;:null,&quot;end&quot;:null,&quot;closed&quot;:true}],&quot;wednesday&quot;:[{&quot;start&quot;:&quot;10:30&quot;,&quot;end&quot;:&quot;18:30&quot;,&quot;closed&quot;:false}],&quot;thursday&quot;:[{&quot;start&quot;:&quot;10:30&quot;,&quot;end&quot;:&quot;18:30&quot;,&quot;closed&quot;:false}],&quot;friday&quot;:[{&quot;start&quot;:&quot;10:30&quot;,&quot;end&quot;:&quot;18:30&quot;,&quot;closed&quot;:false}],&quot;saturday&quot;:[{&quot;start&quot;:&quot;10:30&quot;,&quot;end&quot;:&quot;18:30&quot;,&quot;closed&quot;:false}],&quot;sunday&quot;:[{&quot;start&quot;:&quot;10:30&quot;,&quot;end&quot;:&quot;18:30&quot;,&quot;closed&quot;:false}],&quot;info&quot;:&quot;&quot;,&quot;description&quot;:&quot;&quot;}],&quot;subline&quot;:&quot;Er\\u00f6ffnungsausstellung des Humboldt Labors&quot;,&quot;marketing_text&quot;:&quot;Er\\u00f6ffnungsausstellung des Humboldt Labors&quot;,&quot;highlight_header&quot;:true,&quot;highlight_header_image&quot;:139474,&quot;has_mobile_format&quot;:true,&quot;highlight_header_image_mobile&quot;:139472,&quot;tipp&quot;:false,&quot;joker&quot;:false,&quot;live&quot;:false,&quot;display_as_single&quot;:false,&quot;hyphenation&quot;:false,&quot;yt&quot;:&quot;&quot;,&quot;noindex&quot;:false,&quot;keywords&quot;:&quot;&quot;,&quot;use_opening_hours_of_the_house&quot;:true,&quot;tickettext&quot;:&quot;Zeitfenster-Ticket erforderlich&quot;,&quot;additional_info&quot;:{&quot;icon&quot;:&quot;0&quot;,&quot;text&quot;:&quot;&quot;},&quot;use_video_in_teasers&quot;:false,&quot;hide_event_in_program&quot;:false,&quot;events&quot;:{&quot;1&quot;:126061,&quot;2&quot;:127906,&quot;3&quot;:129582,&quot;4&quot;:130000,&quot;5&quot;:130296,&quot;6&quot;:82911,&quot;7&quot;:131926,&quot;8&quot;:134454,&quot;9&quot;:134887,&quot;10&quot;:135431,&quot;11&quot;:136118,&quot;12&quot;:97155,&quot;13&quot;:136616,&quot;14&quot;:137424,&quot;15&quot;:138791,&quot;16&quot;:138804,&quot;17&quot;:139315,&quot;18&quot;:139452,&quot;19&quot;:139910,&quot;20&quot;:140214,&quot;21&quot;:141546,&quot;22&quot;:142753,&quot;23&quot;:143518,&quot;24&quot;:143797,&quot;25&quot;:145838,&quot;26&quot;:145876,&quot;27&quot;:146845},&quot;period_exception&quot;:[{&quot;label&quot;:&quot;&quot;,&quot;date&quot;:&quot;202406260000&quot;,&quot;closed&quot;:true,&quot;start&quot;:&quot;15:00&quot;,&quot;end&quot;:&quot;20:00&quot;,&quot;date_HRFSHORT&quot;:&quot;26.06.24&quot;},{&quot;label&quot;:&quot;&quot;,&quot;date&quot;:&quot;202406270000&quot;,&quot;closed&quot;:true,&quot;start&quot;:null,&quot;end&quot;:null,&quot;date_HRFSHORT&quot;:&quot;27.06.24&quot;},{&quot;label&quot;:&quot;&quot;,&quot;date&quot;:&quot;202406280000&quot;,&quot;closed&quot;:true,&quot;start&quot;:null,&quot;end&quot;:null,&quot;date_HRFSHORT&quot;:&quot;28.06.24&quot;},{&quot;label&quot;:&quot;&quot;,&quot;date&quot;:&quot;202409200000&quot;,&quot;closed&quot;:false,&quot;start&quot;:&quot;10:30&quot;,&quot;end&quot;:&quot;16:00&quot;,&quot;date_HRFSHORT&quot;:&quot;20.09.24&quot;},{&quot;label&quot;:&quot;&quot;,&quot;date&quot;:&quot;202410160000&quot;,&quot;closed&quot;:false,&quot;start&quot;:&quot;10:30&quot;,&quot;end&quot;:&quot;14:00&quot;,&quot;date_HRFSHORT&quot;:&quot;16.10.24&quot;},{&quot;label&quot;:&quot;&quot;,&quot;date&quot;:&quot;202512240000&quot;,&quot;closed&quot;:true,&quot;start&quot;:null,&quot;end&quot;:null,&quot;date_HRFSHORT&quot;:&quot;24.12.25&quot;},{&quot;label&quot;:&quot;&quot;,&quot;date&quot;:&quot;202512250000&quot;,&quot;closed&quot;:false,&quot;start&quot;:&quot;12:00&quot;,&quot;end&quot;:&quot;18:00&quot;,&quot;date_HRFSHORT&quot;:&quot;25.12.25&quot;},{&quot;label&quot;:&quot;&quot;,&quot;date&quot;:&quot;202512260000&quot;,&quot;closed&quot;:false,&quot;start&quot;:&quot;12:00&quot;,&quot;end&quot;:&quot;18:00&quot;,&quot;date_HRFSHORT&quot;:&quot;26.12.25&quot;},{&quot;label&quot;:&quot;&quot;,&quot;date&quot;:&quot;202512300000&quot;,&quot;closed&quot;:false,&quot;start&quot;:&quot;10:30&quot;,&quot;end&quot;:&quot;18:30&quot;,&quot;date_HRFSHORT&quot;:&quot;30.12.25&quot;},{&quot;label&quot;:&quot;&quot;,&quot;date&quot;:&quot;202512310000&quot;,&quot;closed&quot;:false,&quot;start&quot;:&quot;10:30&quot;,&quot;end&quot;:&quot;16:30&quot;,&quot;date_HRFSHORT&quot;:&quot;31.12.25&quot;},{&quot;label&quot;:&quot;&quot;,&quot;date&quot;:&quot;202601010000&quot;,&quot;closed&quot;:false,&quot;start&quot;:&quot;12:00&quot;,&quot;end&quot;:&quot;18:00&quot;,&quot;date_HRFSHORT&quot;:&quot;01.01.26&quot;}],&quot;overwrite_date&quot;:&quot;Bis 22.6.2025&quot;,&quot;alert_text&quot;:&quot;Bis 22.6.2025&quot;},&quot;period_list&quot;:&quot;&lt;strong&gt;\\u00d6ffnungszeiten&lt;\\\/strong&gt;\\nMo, Mi, Do, Fr, Sa, So: 10:30 \\u2013 18:30 Uhr\\nDi: geschlossen\\n\\n&quot;,&quot;period_exception&quot;:&quot;&quot;,&quot;date&quot;:{&quot;infinite&quot;:true,&quot;from_DATE&quot;:202301020000,&quot;from&quot;:1672655400,&quot;from_TIME&quot;:&quot;10:30&quot;,&quot;to&quot;:1808842380,&quot;to_DATE&quot;:202704271613,&quot;to_TIME&quot;:&quot;00:00&quot;,&quot;from_HRFSHORT&quot;:&quot; 2. Jan 2023&quot;,&quot;from_HRFSHORT_WD&quot;:&quot;Mo 02.01.2023&quot;,&quot;from_HRF&quot;:&quot;Mo,  2. Januar 2023&quot;,&quot;to_HRF&quot;:&quot;Di, 27. April 2027&quot;,&quot;to_HRFSHORT&quot;:&quot;27. Apr 2027&quot;,&quot;to_HRFSHORT_WD&quot;:&quot;Di 27.04.2027&quot;,&quot;from_to_HRF&quot;:&quot;Mo,  2. Januar 2023 \\u2013 Di, 27. April 2027&quot;,&quot;from_to_HRFSHORT&quot;:&quot; 2. Jan 2023 \\u2013 27. Apr 2027&quot;,&quot;NXX&quot;:&quot;202604271613&quot;,&quot;NLAST&quot;:&quot;202704271613&quot;,&quot;NX&quot;:&quot;20260427&quot;},&quot;alert&quot;:&quot;Highlight&quot;,&quot;partof&quot;:[],&quot;marketing_topic&quot;:&quot;&quot;}' inline-template>\n\t<a href=\"https:\/\/www.humboldtforum.org\/de\/programm\/dauerangebot\/ausstellung\/nach-der-natur-14144\/\" class=\"teaser teaser-event-permanent teaser-event-standard\">\n\t\t<div class=\"row\">\n\t\t\t<div class=\"col-xs-12 teaser-event-image\">\n\t\t\t\t<div class=\"teaser-image teaser-image-no-alternate\">\n\t\t\t\t\t\t\t\t\t\t\t\t\t<span class=\"alert\">Highlight<\/span>\n\t\t\t\t\t\t\t\t\t\t\t\n\t<lazy-media-inline inline-template>\n\t\t<figure itemscope itemtype=\"http:\/\/schema.org\/ImageObject\" class=\"lazy-media-inline \" role=\"group\" id=\"media_69ef8b1fbcefb\" aria-labelledby=\"desc_media_69ef8b1fbcefb\">\n\t\t\t<script type=\"application\/json\" ref=\"data\">\n\t\t\t\t{\n\t\t\t\t\"sizes\" : {\"medium\":{\"file\":\"SHF_eb00233700-176x300.jpg\",\"width\":176,\"height\":300,\"mime-type\":\"image\\\/jpeg\",\"filesize\":14578},\"large\":{\"file\":\"SHF_eb00233700-600x1024.jpg\",\"width\":600,\"height\":1024,\"mime-type\":\"image\\\/jpeg\",\"filesize\":118556},\"thumbnail\":{\"file\":\"SHF_eb00233700-150x150.jpg\",\"width\":150,\"height\":150,\"mime-type\":\"image\\\/jpeg\",\"filesize\":7808},\"medium_large\":{\"file\":\"SHF_eb00233700-768x1311.jpg\",\"width\":768,\"height\":1311,\"mime-type\":\"image\\\/jpeg\",\"filesize\":175678},\"small\":{\"file\":\"SHF_eb00233700-258x440.jpg\",\"width\":258,\"height\":440,\"mime-type\":\"image\\\/jpeg\",\"filesize\":28834},\"semi\":{\"file\":\"SHF_eb00233700-340x580.jpg\",\"width\":340,\"height\":580,\"mime-type\":\"image\\\/jpeg\",\"filesize\":46307},\"mobile\":{\"file\":\"SHF_eb00233700-422x720.jpg\",\"width\":422,\"height\":720,\"mime-type\":\"image\\\/jpeg\",\"filesize\":66378},\"hd\":{\"file\":\"SHF_eb00233700-750x1280.jpg\",\"width\":750,\"height\":1280,\"mime-type\":\"image\\\/jpeg\",\"filesize\":169475},\"full\":{\"file\":\"SHF_eb00233700-1124x1920.jpg\",\"width\":1124,\"height\":1920,\"mime-type\":\"image\\\/jpeg\",\"filesize\":318585},\"1536x1536\":{\"file\":\"SHF_eb00233700-899x1536.jpg\",\"width\":899,\"height\":1536,\"mime-type\":\"image\\\/jpeg\",\"filesize\":226343},\"2048x2048\":{\"file\":\"SHF_eb00233700-1199x2048.jpg\",\"width\":1199,\"height\":2048,\"mime-type\":\"image\\\/jpeg\",\"filesize\":350861},\"original\":{\"file\":\"SHF_eb00233700.jpg\",\"width\":1464,\"height\":2500}},\n\t\t\t\t\"alt\" : \"Fischschwarm im Wasser, umgeben von Flaschen, vor blauem Hintergrund.\",\n\t\t\t\t\"path\" : \"\\\/wp-content\\\/uploads\\\/2024\\\/11\\\/\",\n\t\t\t\t\"video\" : null,\n\t\t\t\t\"autoplay\" : null,\n\t\t\t\t\"youtube\" : null,\n\t\t\t\t\"youtubelabel\" : \"Video abspielen\",\n\t\t\t\t\"brightness\" : 100,\n\t\t\t\t\"crop\" : null,\n\t\t\t\t\"background\" : true,\n\t\t\t\t\"scale\" : 2\t\t\t\t}\n\t\t\t<\/script>\n\n\t\t\t<div class=\"height-container\" style=\"padding-bottom:170.7650273224%;\" v-if=\"sizes\">\n\t\t\t\t\t\t\t\t<lazy-media :inline=\"true\" :alt=\"alt\" :sizes=\"sizes\" :scale=\"scale\" :brightness=\"brightness\" :path=\"path\" :video=\"video\" :autoplay=\"autoplay\" :youtube=\"youtube\" :crop=\"crop\" :youtubelabel=\"youtubelabel\" :background=\"background\" media-id=\"desc_media_69ef8b1fbcefb\"><\/lazy-media>\n\t\t\t\t\t\t\t<\/div>\n\n\t\t\t\t\t\t\t<figcaption class=\"sr-only\" ref=\"body\" id=\"desc_media_69ef8b1fbcefb\">\n\t\t\t\t\t\t\t\t\t\t\t<div>Humboldt Labor Webteaser hoch 1780x3040px, Nach der Natur<\/div>\n\t\t\t\t\t\t\t\t\t\t\t\t\t\t\t\t\t\t\t\t\t<div class=\"insignificant\">\u00a9 Stiftung Humboldt Forum im Berliner Schloss, Fotos: iStockphoto \/ armiblue; solarseven<\/div>\n\t\t\t\t\t\t\t\t\t<\/figcaption>\n\t\t\t\t\t<\/figure>\n\t<\/lazy-media-inline>\n\t\t\t\t<\/div>\n\t\t\t<\/div>\n\t\t\t<div class=\"col-xs-12 teaser-event-text Infos\">\n\t\t\t\t<div class=\"teaser-event-standard-text\">\n\t\t\t\t\t<div class=\"margin-bottom-atom\">\n\t\t\t\t\t\t<div class=\"subline clamp-1\" v-html=\"maingenre\"><\/div>\n\t\t\t\t\t\t\t\t\t\t\t<\/div>\n\t\t\t\t\n\t\t\t\t\t<strong class=\"margin-bottom-atom\">Nach der Natur<\/strong>\n\n\t\t\t\t\t\t\t\t\t\t\t<div class=\"\">Er\u00f6ffnungsausstellung des Humboldt Labors<\/div>\n\t\t\t\t\t\t\t\t\t<\/div>\n\t\t\t\t<div class=\"teaser-bottom border-bottom\">\n\t\t\t\t<calendardateline :rawitem='item' :show-icon=\"true\"><\/calendardateline>\n\t\t\t\t\t<hr>\n\t\t\t\t<\/div>\n\t\t\t<\/div>\n\t\t<\/div>\n\t<\/a>\n\t<\/calendarteaser>\n<\/li>\n\n<li class=\"teaser-lane-slide col-xs-9 col-sm-4 col-md-3 teaser-wrapper col-padding-remove\">\n\t<calendarteaser key=\"1413210962\" rawitem='{&quot;postId&quot;:14132,&quot;title&quot;:&quot;Schlosskeller&quot;,&quot;excerpt&quot;:&quot;&quot;,&quot;slug&quot;:&quot;schlosskeller&quot;,&quot;post_date&quot;:&quot;2020-10-22T19:05&quot;,&quot;type&quot;:&quot;event-permanent&quot;,&quot;permalink&quot;:&quot;https:\\\/\\\/www.humboldtforum.org\\\/de\\\/programm\\\/dauerangebot\\\/ausstellung\\\/schlosskeller-14132\\\/&quot;,&quot;genre&quot;:[391,1221],&quot;genre_details&quot;:[{&quot;text&quot;:&quot;Ausstellung&quot;,&quot;id&quot;:391,&quot;icon&quot;:null,&quot;parent&quot;:0},{&quot;text&quot;:&quot;Must see&quot;,&quot;id&quot;:1221,&quot;icon&quot;:null,&quot;parent&quot;:0}],&quot;topic&quot;:[431],&quot;topic_details&quot;:[{&quot;text&quot;:&quot;Geschichte und Architektur des Ortes&quot;,&quot;id&quot;:431,&quot;icon&quot;:null,&quot;parent&quot;:0}],&quot;stakeholder&quot;:[382],&quot;stakeholder_details&quot;:[{&quot;text&quot;:&quot;Stiftung Humboldt Forum im Berliner Schloss&quot;,&quot;id&quot;:382,&quot;icon&quot;:null,&quot;parent&quot;:0}],&quot;editorial&quot;:[1356,615,1355],&quot;editorial_details&quot;:[{&quot;text&quot;:&quot;historisch&quot;,&quot;id&quot;:1356,&quot;icon&quot;:null,&quot;parent&quot;:0},{&quot;text&quot;:&quot;original&quot;,&quot;id&quot;:615,&quot;icon&quot;:null,&quot;parent&quot;:0},{&quot;text&quot;:&quot;unerwartet&quot;,&quot;id&quot;:1355,&quot;icon&quot;:null,&quot;parent&quot;:0}],&quot;targetgroup&quot;:[383],&quot;targetgroup_details&quot;:[{&quot;text&quot;:&quot;Erwachsene&quot;,&quot;id&quot;:383,&quot;icon&quot;:null,&quot;parent&quot;:0}],&quot;language&quot;:[384,385],&quot;language_details&quot;:[{&quot;text&quot;:&quot;Deutsch&quot;,&quot;id&quot;:384,&quot;icon&quot;:null,&quot;parent&quot;:0},{&quot;text&quot;:&quot;Englisch&quot;,&quot;id&quot;:385,&quot;icon&quot;:null,&quot;parent&quot;:0}],&quot;accessability&quot;:[430],&quot;accessability_details&quot;:[{&quot;text&quot;:&quot;Rollstuhlgerecht&quot;,&quot;id&quot;:430,&quot;icon&quot;:null,&quot;parent&quot;:0}],&quot;place&quot;:[408],&quot;place_details&quot;:{&quot;place&quot;:&quot;Humboldt Forum&quot;,&quot;map&quot;:&quot;Humboldt Forum, Schlossplatz, Berlin&quot;,&quot;room&quot;:&quot;Schlosskeller, UG&quot;},&quot;icon_overwrite&quot;:&quot;&quot;,&quot;acf&quot;:{&quot;shorturl&quot;:&quot;schlosskeller&quot;,&quot;planning&quot;:{&quot;price&quot;:&quot;Eintritt frei&quot;,&quot;status&quot;:&quot;JOIN&quot;,&quot;info&quot;:&quot;Eintritt frei&quot;,&quot;shop&quot;:&quot;&quot;,&quot;can_purchase&quot;:false},&quot;periods&quot;:[{&quot;label&quot;:&quot;&quot;,&quot;dates&quot;:[{&quot;start&quot;:&quot;202301020000&quot;,&quot;end&quot;:&quot;202212310000&quot;,&quot;has_end&quot;:false,&quot;start_HRFSHORT&quot;:&quot;02.01.23&quot;,&quot;start_HRFSHORT_WD&quot;:&quot;Mo 02.01.2023&quot;}],&quot;monday&quot;:[{&quot;start&quot;:&quot;10:30&quot;,&quot;end&quot;:&quot;18:30&quot;,&quot;closed&quot;:false}],&quot;tuesday&quot;:[{&quot;start&quot;:null,&quot;end&quot;:null,&quot;closed&quot;:true}],&quot;wednesday&quot;:[{&quot;start&quot;:&quot;10:30&quot;,&quot;end&quot;:&quot;18:30&quot;,&quot;closed&quot;:false}],&quot;thursday&quot;:[{&quot;start&quot;:&quot;10:30&quot;,&quot;end&quot;:&quot;18:30&quot;,&quot;closed&quot;:false}],&quot;friday&quot;:[{&quot;start&quot;:&quot;10:30&quot;,&quot;end&quot;:&quot;18:30&quot;,&quot;closed&quot;:false}],&quot;saturday&quot;:[{&quot;start&quot;:&quot;10:30&quot;,&quot;end&quot;:&quot;18:30&quot;,&quot;closed&quot;:false}],&quot;sunday&quot;:[{&quot;start&quot;:&quot;10:30&quot;,&quot;end&quot;:&quot;18:30&quot;,&quot;closed&quot;:false}],&quot;info&quot;:&quot;&quot;,&quot;description&quot;:&quot;&quot;}],&quot;subline&quot;:&quot;Geschichte des Ortes&quot;,&quot;marketing_text&quot;:&quot;Steigen Sie hinab zu den Mauerresten des Berliner Schlosses&quot;,&quot;highlight_header&quot;:true,&quot;highlight_header_image&quot;:142336,&quot;has_mobile_format&quot;:false,&quot;tipp&quot;:false,&quot;joker&quot;:false,&quot;live&quot;:false,&quot;display_as_single&quot;:false,&quot;featured_images&quot;:[14883,14877],&quot;hyphenation&quot;:true,&quot;noindex&quot;:false,&quot;keywords&quot;:&quot;&quot;,&quot;use_opening_hours_of_the_house&quot;:true,&quot;additional_info&quot;:{&quot;icon&quot;:&quot;0&quot;,&quot;text&quot;:&quot;&quot;},&quot;use_video_in_teasers&quot;:false,&quot;hide_event_in_program&quot;:false,&quot;events&quot;:[75150],&quot;infotext&quot;:&quot;&quot;,&quot;period_exception&quot;:[{&quot;label&quot;:&quot;&quot;,&quot;date&quot;:&quot;202512240000&quot;,&quot;closed&quot;:true,&quot;start&quot;:null,&quot;end&quot;:null,&quot;date_HRFSHORT&quot;:&quot;24.12.25&quot;},{&quot;label&quot;:&quot;&quot;,&quot;date&quot;:&quot;202512250000&quot;,&quot;closed&quot;:false,&quot;start&quot;:&quot;12:00&quot;,&quot;end&quot;:&quot;18:00&quot;,&quot;date_HRFSHORT&quot;:&quot;25.12.25&quot;},{&quot;label&quot;:&quot;&quot;,&quot;date&quot;:&quot;202512260000&quot;,&quot;closed&quot;:false,&quot;start&quot;:&quot;12:00&quot;,&quot;end&quot;:&quot;18:00&quot;,&quot;date_HRFSHORT&quot;:&quot;26.12.25&quot;},{&quot;label&quot;:&quot;&quot;,&quot;date&quot;:&quot;202512300000&quot;,&quot;closed&quot;:false,&quot;start&quot;:&quot;10:30&quot;,&quot;end&quot;:&quot;18:30&quot;,&quot;date_HRFSHORT&quot;:&quot;30.12.25&quot;},{&quot;label&quot;:&quot;&quot;,&quot;date&quot;:&quot;202512310000&quot;,&quot;closed&quot;:false,&quot;start&quot;:&quot;10:30&quot;,&quot;end&quot;:&quot;16:30&quot;,&quot;date_HRFSHORT&quot;:&quot;31.12.25&quot;},{&quot;label&quot;:&quot;&quot;,&quot;date&quot;:&quot;202601010000&quot;,&quot;closed&quot;:false,&quot;start&quot;:&quot;12:00&quot;,&quot;end&quot;:&quot;18:00&quot;,&quot;date_HRFSHORT&quot;:&quot;01.01.26&quot;}]},&quot;period_list&quot;:&quot;&lt;strong&gt;\\u00d6ffnungszeiten&lt;\\\/strong&gt;\\nMo, Mi, Do, Fr, Sa, So: 10:30 \\u2013 18:30 Uhr\\nDi: geschlossen\\n\\n&quot;,&quot;period_exception&quot;:&quot;&quot;,&quot;date&quot;:{&quot;infinite&quot;:true,&quot;from_DATE&quot;:202301020000,&quot;from&quot;:1672655400,&quot;from_TIME&quot;:&quot;10:30&quot;,&quot;to&quot;:1808842380,&quot;to_DATE&quot;:202704271613,&quot;to_TIME&quot;:&quot;00:00&quot;,&quot;from_HRFSHORT&quot;:&quot; 2. Jan 2023&quot;,&quot;from_HRFSHORT_WD&quot;:&quot;Mo 02.01.2023&quot;,&quot;from_HRF&quot;:&quot;Mo,  2. Januar 2023&quot;,&quot;to_HRF&quot;:&quot;Di, 27. April 2027&quot;,&quot;to_HRFSHORT&quot;:&quot;27. Apr 2027&quot;,&quot;to_HRFSHORT_WD&quot;:&quot;Di 27.04.2027&quot;,&quot;from_to_HRF&quot;:&quot;Mo,  2. Januar 2023 \\u2013 Di, 27. April 2027&quot;,&quot;from_to_HRFSHORT&quot;:&quot; 2. Jan 2023 \\u2013 27. Apr 2027&quot;,&quot;NXX&quot;:&quot;202604271613&quot;,&quot;NLAST&quot;:&quot;202704271613&quot;,&quot;NX&quot;:&quot;20260427&quot;},&quot;alert&quot;:&quot;Highlight&quot;,&quot;partof&quot;:[],&quot;marketing_topic&quot;:&quot;&quot;}' inline-template>\n\t<a href=\"https:\/\/www.humboldtforum.org\/de\/programm\/dauerangebot\/ausstellung\/schlosskeller-14132\/\" class=\"teaser teaser-event-permanent teaser-event-standard\">\n\t\t<div class=\"row\">\n\t\t\t<div class=\"col-xs-12 teaser-event-image\">\n\t\t\t\t<div class=\"teaser-image teaser-image-no-alternate\">\n\t\t\t\t\t\t\t\t\t\t\t\t\t<span class=\"alert\">Highlight<\/span>\n\t\t\t\t\t\t\t\t\t\t\t\n\t<lazy-media-inline inline-template>\n\t\t<figure itemscope itemtype=\"http:\/\/schema.org\/ImageObject\" class=\"lazy-media-inline \" role=\"group\" id=\"media_69ef8b1fbdce3\" aria-labelledby=\"desc_media_69ef8b1fbdce3\">\n\t\t\t<script type=\"application\/json\" ref=\"data\">\n\t\t\t\t{\n\t\t\t\t\"sizes\" : {\"medium\":{\"file\":\"SHF_eb00112679-300x225.jpg\",\"width\":300,\"height\":225,\"mime-type\":\"image\\\/jpeg\",\"filesize\":17829},\"large\":{\"file\":\"SHF_eb00112679-1024x768.jpg\",\"width\":1024,\"height\":768,\"mime-type\":\"image\\\/jpeg\",\"filesize\":152677},\"thumbnail\":{\"file\":\"SHF_eb00112679-150x150.jpg\",\"width\":150,\"height\":150,\"mime-type\":\"image\\\/jpeg\",\"filesize\":7115},\"medium_large\":{\"file\":\"SHF_eb00112679-768x576.jpg\",\"width\":768,\"height\":576,\"mime-type\":\"image\\\/jpeg\",\"filesize\":91072},\"small\":{\"file\":\"SHF_eb00112679-440x330.jpg\",\"width\":440,\"height\":330,\"mime-type\":\"image\\\/jpeg\",\"filesize\":34336},\"semi\":{\"file\":\"SHF_eb00112679-580x435.jpg\",\"width\":580,\"height\":435,\"mime-type\":\"image\\\/jpeg\",\"filesize\":55992},\"mobile\":{\"file\":\"SHF_eb00112679-720x540.jpg\",\"width\":720,\"height\":540,\"mime-type\":\"image\\\/jpeg\",\"filesize\":81597},\"hd\":{\"file\":\"SHF_eb00112679-1280x960.jpg\",\"width\":1280,\"height\":960,\"mime-type\":\"image\\\/jpeg\",\"filesize\":228603},\"full\":{\"file\":\"SHF_eb00112679-1920x1440.jpg\",\"width\":1920,\"height\":1440,\"mime-type\":\"image\\\/jpeg\",\"filesize\":481658},\"xxl\":{\"file\":\"SHF_eb00112679-4048x3037.jpg\",\"width\":4048,\"height\":3037,\"mime-type\":\"image\\\/jpeg\",\"filesize\":1955811},\"1536x1536\":{\"file\":\"SHF_eb00112679-1536x1152.jpg\",\"width\":1536,\"height\":1152,\"mime-type\":\"image\\\/jpeg\",\"filesize\":318994},\"2048x2048\":{\"file\":\"SHF_eb00112679-2048x1536.jpg\",\"width\":2048,\"height\":1536,\"mime-type\":\"image\\\/jpeg\",\"filesize\":542017},\"original\":{\"file\":\"SHF_eb00112679.jpg\",\"width\":11608,\"height\":8708}},\n\t\t\t\t\"alt\" : \"Arch\\u00e4ologische Ausgrabungen in einem Museumsraum, umgeben von historischen Fotografien.\",\n\t\t\t\t\"path\" : \"\\\/wp-content\\\/uploads\\\/2020\\\/10\\\/\",\n\t\t\t\t\"video\" : null,\n\t\t\t\t\"autoplay\" : null,\n\t\t\t\t\"youtube\" : null,\n\t\t\t\t\"youtubelabel\" : \"Video abspielen\",\n\t\t\t\t\"brightness\" : 100,\n\t\t\t\t\"crop\" : {\"top\":\"48.38\",\"left\":\"33.48\"},\n\t\t\t\t\"background\" : true,\n\t\t\t\t\"scale\" : 2\t\t\t\t}\n\t\t\t<\/script>\n\n\t\t\t<div class=\"height-container\" style=\"padding-bottom:75.017229496899%;\" v-if=\"sizes\">\n\t\t\t\t\t\t\t\t<lazy-media :inline=\"true\" :alt=\"alt\" :sizes=\"sizes\" :scale=\"scale\" :brightness=\"brightness\" :path=\"path\" :video=\"video\" :autoplay=\"autoplay\" :youtube=\"youtube\" :crop=\"crop\" :youtubelabel=\"youtubelabel\" :background=\"background\" media-id=\"desc_media_69ef8b1fbdce3\"><\/lazy-media>\n\t\t\t\t\t\t\t<\/div>\n\n\t\t\t\t\t\t\t<figcaption class=\"sr-only\" ref=\"body\" id=\"desc_media_69ef8b1fbdce3\">\n\t\t\t\t\t\t\t\t\t\t\t\t\t\t\t\t\t\t\t\t\t<div class=\"insignificant\">\u00a9 Stiftung Humboldt Forum im Berliner Schloss, Foto: Alexander Schippel<\/div>\n\t\t\t\t\t\t\t\t\t<\/figcaption>\n\t\t\t\t\t<\/figure>\n\t<\/lazy-media-inline>\n\t\t\t\t<\/div>\n\t\t\t<\/div>\n\t\t\t<div class=\"col-xs-12 teaser-event-text Infos\">\n\t\t\t\t<div class=\"teaser-event-standard-text\">\n\t\t\t\t\t<div class=\"margin-bottom-atom\">\n\t\t\t\t\t\t<div class=\"subline clamp-1\" v-html=\"maingenre\"><\/div>\n\t\t\t\t\t\t\t\t\t\t\t<\/div>\n\t\t\t\t\n\t\t\t\t\t<strong class=\"margin-bottom-atom\">Schlosskeller<\/strong>\n\n\t\t\t\t\t\t\t\t\t\t\t<div class=\"\">Steigen Sie hinab zu den Mauerresten des Berliner Schlosses<\/div>\n\t\t\t\t\t\t\t\t\t<\/div>\n\t\t\t\t<div class=\"teaser-bottom border-bottom\">\n\t\t\t\t<calendardateline :rawitem='item' :show-icon=\"true\"><\/calendardateline>\n\t\t\t\t\t<hr>\n\t\t\t\t<\/div>\n\t\t\t<\/div>\n\t\t<\/div>\n\t<\/a>\n\t<\/calendarteaser>\n<\/li>\n\n<li class=\"teaser-lane-slide col-xs-9 col-sm-4 col-md-3 teaser-wrapper col-padding-remove\">\n\t<calendarteaser key=\"140886263\" rawitem='{&quot;postId&quot;:14088,&quot;title&quot;:&quot;Skulpturensaal&quot;,&quot;excerpt&quot;:&quot;&quot;,&quot;slug&quot;:&quot;skulpturensaal&quot;,&quot;post_date&quot;:&quot;2020-10-22T08:49&quot;,&quot;type&quot;:&quot;event-permanent&quot;,&quot;permalink&quot;:&quot;https:\\\/\\\/www.humboldtforum.org\\\/de\\\/programm\\\/dauerangebot\\\/ausstellung\\\/skulpturensaal-14088\\\/&quot;,&quot;genre&quot;:[391],&quot;genre_details&quot;:[{&quot;text&quot;:&quot;Ausstellung&quot;,&quot;id&quot;:391,&quot;icon&quot;:null,&quot;parent&quot;:0}],&quot;topic&quot;:[431],&quot;topic_details&quot;:[{&quot;text&quot;:&quot;Geschichte und Architektur des Ortes&quot;,&quot;id&quot;:431,&quot;icon&quot;:null,&quot;parent&quot;:0}],&quot;stakeholder&quot;:[382],&quot;stakeholder_details&quot;:[{&quot;text&quot;:&quot;Stiftung Humboldt Forum im Berliner Schloss&quot;,&quot;id&quot;:382,&quot;icon&quot;:null,&quot;parent&quot;:0}],&quot;editorial&quot;:[547,1357,587],&quot;editorial_details&quot;:[{&quot;text&quot;:&quot;historisch&quot;,&quot;id&quot;:547,&quot;icon&quot;:null,&quot;parent&quot;:0},{&quot;text&quot;:&quot;kolossal&quot;,&quot;id&quot;:1357,&quot;icon&quot;:null,&quot;parent&quot;:0},{&quot;text&quot;:&quot;original&quot;,&quot;id&quot;:587,&quot;icon&quot;:null,&quot;parent&quot;:0}],&quot;targetgroup&quot;:[383],&quot;targetgroup_details&quot;:[{&quot;text&quot;:&quot;Erwachsene&quot;,&quot;id&quot;:383,&quot;icon&quot;:null,&quot;parent&quot;:0}],&quot;language&quot;:[384,385],&quot;language_details&quot;:[{&quot;text&quot;:&quot;Deutsch&quot;,&quot;id&quot;:384,&quot;icon&quot;:null,&quot;parent&quot;:0},{&quot;text&quot;:&quot;Englisch&quot;,&quot;id&quot;:385,&quot;icon&quot;:null,&quot;parent&quot;:0}],&quot;accessability&quot;:[430],&quot;accessability_details&quot;:[{&quot;text&quot;:&quot;Rollstuhlgerecht&quot;,&quot;id&quot;:430,&quot;icon&quot;:null,&quot;parent&quot;:0}],&quot;place&quot;:[434],&quot;place_details&quot;:{&quot;place&quot;:&quot;Humboldt Forum&quot;,&quot;map&quot;:&quot;Humboldt Forum, Schlossplatz, Berlin&quot;,&quot;room&quot;:&quot;Skulpturensaal, EG&quot;},&quot;icon_overwrite&quot;:&quot;&quot;,&quot;acf&quot;:{&quot;shorturl&quot;:&quot;skulpturensaal&quot;,&quot;planning&quot;:{&quot;price&quot;:&quot;Eintritt frei&quot;,&quot;status&quot;:&quot;JOIN&quot;,&quot;info&quot;:&quot;&quot;,&quot;shop&quot;:&quot;&quot;,&quot;can_purchase&quot;:false},&quot;periods&quot;:[{&quot;label&quot;:&quot;&quot;,&quot;dates&quot;:[{&quot;start&quot;:&quot;202107200000&quot;,&quot;end&quot;:&quot;204601020000&quot;,&quot;has_end&quot;:false,&quot;start_HRFSHORT&quot;:&quot;20.07.21&quot;,&quot;start_HRFSHORT_WD&quot;:&quot;Di 20.07.2021&quot;}],&quot;monday&quot;:[{&quot;start&quot;:&quot;10:30&quot;,&quot;end&quot;:&quot;18:30&quot;,&quot;closed&quot;:false}],&quot;tuesday&quot;:[{&quot;start&quot;:&quot;10:00&quot;,&quot;end&quot;:&quot;18:00&quot;,&quot;closed&quot;:true}],&quot;wednesday&quot;:[{&quot;start&quot;:&quot;10:30&quot;,&quot;end&quot;:&quot;18:30&quot;,&quot;closed&quot;:false}],&quot;thursday&quot;:[{&quot;start&quot;:&quot;10:30&quot;,&quot;end&quot;:&quot;18:30&quot;,&quot;closed&quot;:false}],&quot;friday&quot;:[{&quot;start&quot;:&quot;10:30&quot;,&quot;end&quot;:&quot;18:30&quot;,&quot;closed&quot;:false}],&quot;saturday&quot;:[{&quot;start&quot;:&quot;10:30&quot;,&quot;end&quot;:&quot;18:30&quot;,&quot;closed&quot;:false}],&quot;sunday&quot;:[{&quot;start&quot;:&quot;10:30&quot;,&quot;end&quot;:&quot;18:30&quot;,&quot;closed&quot;:false}],&quot;info&quot;:&quot;&quot;,&quot;description&quot;:&quot;&quot;}],&quot;period_exception&quot;:[{&quot;label&quot;:&quot;&quot;,&quot;date&quot;:&quot;202404030000&quot;,&quot;closed&quot;:false,&quot;start&quot;:&quot;10:30&quot;,&quot;end&quot;:&quot;13:00&quot;,&quot;date_HRFSHORT&quot;:&quot;03.04.24&quot;},{&quot;label&quot;:&quot;&quot;,&quot;date&quot;:&quot;202404030000&quot;,&quot;closed&quot;:false,&quot;start&quot;:&quot;17:00&quot;,&quot;end&quot;:&quot;18:30&quot;,&quot;date_HRFSHORT&quot;:&quot;03.04.24&quot;}],&quot;subline&quot;:&quot;Geschichte des Ortes&quot;,&quot;marketing_text&quot;:&quot;Original-Skulpturen der historischen Schlossfassade aus n\\u00e4chster N\\u00e4he&quot;,&quot;highlight_header&quot;:true,&quot;highlight_header_image&quot;:14089,&quot;has_mobile_format&quot;:true,&quot;tipp&quot;:false,&quot;joker&quot;:false,&quot;live&quot;:false,&quot;highlight_header_image_mobile&quot;:14094,&quot;featured_images&quot;:[16171,16179,14356,16177],&quot;display_as_single&quot;:false,&quot;hyphenation&quot;:false,&quot;noindex&quot;:false,&quot;keywords&quot;:&quot;&quot;,&quot;use_opening_hours_of_the_house&quot;:false,&quot;additional_info&quot;:{&quot;icon&quot;:&quot;icon-bullet_active&quot;,&quot;text&quot;:&quot;&quot;},&quot;use_video_in_teasers&quot;:false,&quot;hide_event_in_program&quot;:false,&quot;events&quot;:[75169,75178,160702]},&quot;period_list&quot;:&quot;&lt;strong&gt;\\u00d6ffnungszeiten&lt;\\\/strong&gt;\\nMo, Mi, Do, Fr, Sa, So: 10:30 \\u2013 18:30 Uhr\\nDi: geschlossen\\n\\n&quot;,&quot;period_exception&quot;:&quot;&quot;,&quot;date&quot;:{&quot;infinite&quot;:true,&quot;from_DATE&quot;:202107200000,&quot;from&quot;:1626775200,&quot;from_TIME&quot;:&quot;10:00&quot;,&quot;to&quot;:1808907180,&quot;to_DATE&quot;:202704271613,&quot;to_TIME&quot;:&quot;18:00&quot;,&quot;from_HRFSHORT&quot;:&quot;20. Jul 2021&quot;,&quot;from_HRFSHORT_WD&quot;:&quot;Di 20.07.2021&quot;,&quot;from_HRF&quot;:&quot;Di, 20. Juli 2021&quot;,&quot;to_HRF&quot;:&quot;Mi, 28. April 2027&quot;,&quot;to_HRFSHORT&quot;:&quot;28. Apr 2027&quot;,&quot;to_HRFSHORT_WD&quot;:&quot;Mi 28.04.2027&quot;,&quot;from_to_HRF&quot;:&quot;Di, 20. Juli 2021 \\u2013 Mi, 28. April 2027&quot;,&quot;from_to_HRFSHORT&quot;:&quot;20. Jul 2021 \\u2013 28. Apr 2027&quot;,&quot;NXX&quot;:&quot;202604271613&quot;,&quot;NLAST&quot;:&quot;202704281013&quot;,&quot;NX&quot;:&quot;20260427&quot;},&quot;alert&quot;:&quot;Highlight&quot;,&quot;partof&quot;:[],&quot;marketing_topic&quot;:&quot;&quot;}' inline-template>\n\t<a href=\"https:\/\/www.humboldtforum.org\/de\/programm\/dauerangebot\/ausstellung\/skulpturensaal-14088\/\" class=\"teaser teaser-event-permanent teaser-event-standard\">\n\t\t<div class=\"row\">\n\t\t\t<div class=\"col-xs-12 teaser-event-image\">\n\t\t\t\t<div class=\"teaser-image teaser-image-no-alternate\">\n\t\t\t\t\t\t\t\t\t\t\t\t\t<span class=\"alert\">Highlight<\/span>\n\t\t\t\t\t\t\t\t\t\t\t\n\t<lazy-media-inline inline-template>\n\t\t<figure itemscope itemtype=\"http:\/\/schema.org\/ImageObject\" class=\"lazy-media-inline \" role=\"group\" id=\"media_69ef8b1fbeadf\" aria-labelledby=\"desc_media_69ef8b1fbeadf\">\n\t\t\t<script type=\"application\/json\" ref=\"data\">\n\t\t\t\t{\n\t\t\t\t\"sizes\" : {\"medium\":{\"file\":\"Skulpturensaal_95297_mobile-214x300.jpg\",\"width\":214,\"height\":300,\"mime-type\":\"image\\\/jpeg\"},\"thumbnail\":{\"file\":\"Skulpturensaal_95297_mobile-150x150.jpg\",\"width\":150,\"height\":150,\"mime-type\":\"image\\\/jpeg\"},\"small\":{\"file\":\"Skulpturensaal_95297_mobile-314x440.jpg\",\"width\":314,\"height\":440,\"mime-type\":\"image\\\/jpeg\"},\"semi\":{\"file\":\"Skulpturensaal_95297_mobile-414x580.jpg\",\"width\":414,\"height\":580,\"mime-type\":\"image\\\/jpeg\"},\"mobile\":{\"file\":\"Skulpturensaal_95297_mobile-514x720.jpg\",\"width\":514,\"height\":720,\"mime-type\":\"image\\\/jpeg\"},\"original\":{\"file\":\"Skulpturensaal_95297_mobile.jpg\",\"width\":714,\"height\":1000}},\n\t\t\t\t\"alt\" : \"Drei Figurenstatuen auf Podesten, die unterschiedliche T\\u00e4tigkeiten symbolisieren, vor neutralem Hintergrund.\",\n\t\t\t\t\"path\" : \"\\\/wp-content\\\/uploads\\\/2020\\\/10\\\/\",\n\t\t\t\t\"video\" : null,\n\t\t\t\t\"autoplay\" : null,\n\t\t\t\t\"youtube\" : null,\n\t\t\t\t\"youtubelabel\" : \"Video abspielen\",\n\t\t\t\t\"brightness\" : 100,\n\t\t\t\t\"crop\" : {\"top\":\"50.00\",\"left\":\"50.00\"},\n\t\t\t\t\"background\" : true,\n\t\t\t\t\"scale\" : 2\t\t\t\t}\n\t\t\t<\/script>\n\n\t\t\t<div class=\"height-container\" style=\"padding-bottom:140.05602240896%;\" v-if=\"sizes\">\n\t\t\t\t\t\t\t\t<lazy-media :inline=\"true\" :alt=\"alt\" :sizes=\"sizes\" :scale=\"scale\" :brightness=\"brightness\" :path=\"path\" :video=\"video\" :autoplay=\"autoplay\" :youtube=\"youtube\" :crop=\"crop\" :youtubelabel=\"youtubelabel\" :background=\"background\" media-id=\"desc_media_69ef8b1fbeadf\"><\/lazy-media>\n\t\t\t\t\t\t\t<\/div>\n\n\t\t\t\t\t\t\t<figcaption class=\"sr-only\" ref=\"body\" id=\"desc_media_69ef8b1fbeadf\">\n\t\t\t\t\t\t\t\t\t\t\t<div>Skulpturensaal<\/div>\n\t\t\t\t\t\t\t\t\t\t\t\t\t\t\t\t\t\t\t\t\t<div class=\"insignificant\">\u00a9 Stiftung Humboldt Forum im Berliner Schloss \/ David von Becker<\/div>\n\t\t\t\t\t\t\t\t\t<\/figcaption>\n\t\t\t\t\t<\/figure>\n\t<\/lazy-media-inline>\n\t\t\t\t<\/div>\n\t\t\t<\/div>\n\t\t\t<div class=\"col-xs-12 teaser-event-text Infos\">\n\t\t\t\t<div class=\"teaser-event-standard-text\">\n\t\t\t\t\t<div class=\"margin-bottom-atom\">\n\t\t\t\t\t\t<div class=\"subline clamp-1\" v-html=\"maingenre\"><\/div>\n\t\t\t\t\t\t\t\t\t\t\t<\/div>\n\t\t\t\t\n\t\t\t\t\t<strong class=\"margin-bottom-atom\">Skulpturensaal<\/strong>\n\n\t\t\t\t\t\t\t\t\t\t\t<div class=\"\">Original-Skulpturen der historischen Schlossfassade aus n\u00e4chster N\u00e4he<\/div>\n\t\t\t\t\t\t\t\t\t<\/div>\n\t\t\t\t<div class=\"teaser-bottom border-bottom\">\n\t\t\t\t<calendardateline :rawitem='item' :show-icon=\"true\"><\/calendardateline>\n\t\t\t\t\t<hr>\n\t\t\t\t<\/div>\n\t\t\t<\/div>\n\t\t<\/div>\n\t<\/a>\n\t<\/calendarteaser>\n<\/li>\n\n<li class=\"teaser-lane-slide col-xs-9 col-sm-4 col-md-3 teaser-wrapper col-padding-remove\">\n\t<calendarteaser key=\"1414121374\" rawitem='{&quot;postId&quot;:14141,&quot;title&quot;:&quot;Videopanorama&quot;,&quot;excerpt&quot;:&quot;&quot;,&quot;slug&quot;:&quot;videopanorama&quot;,&quot;post_date&quot;:&quot;2020-10-23T08:52&quot;,&quot;type&quot;:&quot;event-permanent&quot;,&quot;permalink&quot;:&quot;https:\\\/\\\/www.humboldtforum.org\\\/de\\\/programm\\\/dauerangebot\\\/must-see\\\/videopanorama-14141\\\/&quot;,&quot;genre&quot;:[1221],&quot;genre_details&quot;:[{&quot;text&quot;:&quot;Must see&quot;,&quot;id&quot;:1221,&quot;icon&quot;:null,&quot;parent&quot;:0}],&quot;topic&quot;:[431],&quot;topic_details&quot;:[{&quot;text&quot;:&quot;Geschichte und Architektur des Ortes&quot;,&quot;id&quot;:431,&quot;icon&quot;:null,&quot;parent&quot;:0}],&quot;stakeholder&quot;:[382],&quot;stakeholder_details&quot;:[{&quot;text&quot;:&quot;Stiftung Humboldt Forum im Berliner Schloss&quot;,&quot;id&quot;:382,&quot;icon&quot;:null,&quot;parent&quot;:0}],&quot;editorial&quot;:[1354,547,418],&quot;editorial_details&quot;:[{&quot;text&quot;:&quot;eindrucksvoll&quot;,&quot;id&quot;:1354,&quot;icon&quot;:null,&quot;parent&quot;:0},{&quot;text&quot;:&quot;historisch&quot;,&quot;id&quot;:547,&quot;icon&quot;:null,&quot;parent&quot;:0},{&quot;text&quot;:&quot;informativ&quot;,&quot;id&quot;:418,&quot;icon&quot;:null,&quot;parent&quot;:0}],&quot;targetgroup&quot;:[383],&quot;targetgroup_details&quot;:[{&quot;text&quot;:&quot;Erwachsene&quot;,&quot;id&quot;:383,&quot;icon&quot;:null,&quot;parent&quot;:0}],&quot;language&quot;:[384,385],&quot;language_details&quot;:[{&quot;text&quot;:&quot;Deutsch&quot;,&quot;id&quot;:384,&quot;icon&quot;:null,&quot;parent&quot;:0},{&quot;text&quot;:&quot;Englisch&quot;,&quot;id&quot;:385,&quot;icon&quot;:null,&quot;parent&quot;:0}],&quot;accessability&quot;:[430],&quot;accessability_details&quot;:[{&quot;text&quot;:&quot;Rollstuhlgerecht&quot;,&quot;id&quot;:430,&quot;icon&quot;:null,&quot;parent&quot;:0}],&quot;place&quot;:[407],&quot;place_details&quot;:{&quot;place&quot;:&quot;Humboldt Forum&quot;,&quot;map&quot;:&quot;Humboldt Forum, Schlossplatz, Berlin&quot;,&quot;room&quot;:&quot;Videopanorama, EG&quot;},&quot;icon_overwrite&quot;:&quot;&quot;,&quot;acf&quot;:{&quot;shorturl&quot;:&quot;videopanorama&quot;,&quot;planning&quot;:{&quot;price&quot;:&quot;Eintritt frei&quot;,&quot;status&quot;:&quot;JOIN&quot;,&quot;info&quot;:&quot;&quot;,&quot;shop&quot;:&quot;&quot;,&quot;can_purchase&quot;:false},&quot;periods&quot;:[{&quot;label&quot;:&quot;&quot;,&quot;dates&quot;:[{&quot;start&quot;:&quot;202301020000&quot;,&quot;end&quot;:&quot;202212310000&quot;,&quot;has_end&quot;:false,&quot;start_HRFSHORT&quot;:&quot;02.01.23&quot;,&quot;start_HRFSHORT_WD&quot;:&quot;Mo 02.01.2023&quot;}],&quot;monday&quot;:[{&quot;start&quot;:&quot;10:30&quot;,&quot;end&quot;:&quot;18:30&quot;,&quot;closed&quot;:false}],&quot;tuesday&quot;:[{&quot;start&quot;:null,&quot;end&quot;:null,&quot;closed&quot;:true}],&quot;wednesday&quot;:[{&quot;start&quot;:&quot;10:30&quot;,&quot;end&quot;:&quot;18:30&quot;,&quot;closed&quot;:false}],&quot;thursday&quot;:[{&quot;start&quot;:&quot;10:30&quot;,&quot;end&quot;:&quot;18:30&quot;,&quot;closed&quot;:false}],&quot;friday&quot;:[{&quot;start&quot;:&quot;10:30&quot;,&quot;end&quot;:&quot;18:30&quot;,&quot;closed&quot;:false}],&quot;saturday&quot;:[{&quot;start&quot;:&quot;10:30&quot;,&quot;end&quot;:&quot;18:30&quot;,&quot;closed&quot;:false}],&quot;sunday&quot;:[{&quot;start&quot;:&quot;10:30&quot;,&quot;end&quot;:&quot;18:30&quot;,&quot;closed&quot;:false}],&quot;info&quot;:&quot;&quot;,&quot;description&quot;:&quot;&quot;}],&quot;period_exception&quot;:[{&quot;label&quot;:&quot;Silvester&quot;,&quot;date&quot;:&quot;202112310000&quot;,&quot;closed&quot;:false,&quot;start&quot;:null,&quot;end&quot;:null,&quot;date_HRFSHORT&quot;:&quot;31.12.21&quot;},{&quot;label&quot;:&quot;&quot;,&quot;date&quot;:&quot;202512240000&quot;,&quot;closed&quot;:true,&quot;start&quot;:null,&quot;end&quot;:null,&quot;date_HRFSHORT&quot;:&quot;24.12.25&quot;},{&quot;label&quot;:&quot;&quot;,&quot;date&quot;:&quot;202512250000&quot;,&quot;closed&quot;:false,&quot;start&quot;:&quot;12:00&quot;,&quot;end&quot;:&quot;18:00&quot;,&quot;date_HRFSHORT&quot;:&quot;25.12.25&quot;},{&quot;label&quot;:&quot;&quot;,&quot;date&quot;:&quot;202512260000&quot;,&quot;closed&quot;:false,&quot;start&quot;:&quot;12:00&quot;,&quot;end&quot;:&quot;18:00&quot;,&quot;date_HRFSHORT&quot;:&quot;26.12.25&quot;},{&quot;label&quot;:&quot;&quot;,&quot;date&quot;:&quot;202512300000&quot;,&quot;closed&quot;:false,&quot;start&quot;:&quot;10:30&quot;,&quot;end&quot;:&quot;18:30&quot;,&quot;date_HRFSHORT&quot;:&quot;30.12.25&quot;},{&quot;label&quot;:&quot;&quot;,&quot;date&quot;:&quot;202512310000&quot;,&quot;closed&quot;:false,&quot;start&quot;:&quot;10:30&quot;,&quot;end&quot;:&quot;16:30&quot;,&quot;date_HRFSHORT&quot;:&quot;31.12.25&quot;},{&quot;label&quot;:&quot;&quot;,&quot;date&quot;:&quot;202601010000&quot;,&quot;closed&quot;:false,&quot;start&quot;:&quot;12:00&quot;,&quot;end&quot;:&quot;18:00&quot;,&quot;date_HRFSHORT&quot;:&quot;01.01.26&quot;}],&quot;subline&quot;:&quot;Geschichte des Ortes&quot;,&quot;marketing_text&quot;:&quot;Eine visuelle Zeitreise durch acht Jahrhunderte&quot;,&quot;highlight_header&quot;:true,&quot;highlight_header_image&quot;:16683,&quot;has_mobile_format&quot;:true,&quot;tipp&quot;:false,&quot;joker&quot;:false,&quot;live&quot;:false,&quot;display_as_single&quot;:false,&quot;hyphenation&quot;:true,&quot;highlight_header_image_mobile&quot;:16750,&quot;noindex&quot;:false,&quot;keywords&quot;:&quot;&quot;,&quot;use_opening_hours_of_the_house&quot;:true,&quot;tickettext&quot;:&quot;kein Zeitfenster-Ticket erforderlich&quot;,&quot;additional_info&quot;:{&quot;icon&quot;:&quot;icon-bullet_active&quot;,&quot;text&quot;:&quot;&quot;},&quot;use_video_in_teasers&quot;:false,&quot;hide_event_in_program&quot;:false},&quot;period_list&quot;:&quot;&lt;strong&gt;\\u00d6ffnungszeiten&lt;\\\/strong&gt;\\nMo, Mi, Do, Fr, Sa, So: 10:30 \\u2013 18:30 Uhr\\nDi: geschlossen\\n\\n&quot;,&quot;period_exception&quot;:&quot;&quot;,&quot;date&quot;:{&quot;infinite&quot;:true,&quot;from_DATE&quot;:202301020000,&quot;from&quot;:1672655400,&quot;from_TIME&quot;:&quot;10:30&quot;,&quot;to&quot;:1808842380,&quot;to_DATE&quot;:202704271613,&quot;to_TIME&quot;:&quot;00:00&quot;,&quot;from_HRFSHORT&quot;:&quot; 2. Jan 2023&quot;,&quot;from_HRFSHORT_WD&quot;:&quot;Mo 02.01.2023&quot;,&quot;from_HRF&quot;:&quot;Mo,  2. Januar 2023&quot;,&quot;to_HRF&quot;:&quot;Di, 27. April 2027&quot;,&quot;to_HRFSHORT&quot;:&quot;27. Apr 2027&quot;,&quot;to_HRFSHORT_WD&quot;:&quot;Di 27.04.2027&quot;,&quot;from_to_HRF&quot;:&quot;Mo,  2. Januar 2023 \\u2013 Di, 27. April 2027&quot;,&quot;from_to_HRFSHORT&quot;:&quot; 2. Jan 2023 \\u2013 27. Apr 2027&quot;,&quot;NXX&quot;:&quot;202604271613&quot;,&quot;NLAST&quot;:&quot;202704271613&quot;,&quot;NX&quot;:&quot;20260427&quot;},&quot;alert&quot;:&quot;Highlight&quot;,&quot;partof&quot;:[],&quot;marketing_topic&quot;:&quot;&quot;}' inline-template>\n\t<a href=\"https:\/\/www.humboldtforum.org\/de\/programm\/dauerangebot\/must-see\/videopanorama-14141\/\" class=\"teaser teaser-event-permanent teaser-event-standard\">\n\t\t<div class=\"row\">\n\t\t\t<div class=\"col-xs-12 teaser-event-image\">\n\t\t\t\t<div class=\"teaser-image teaser-image-no-alternate\">\n\t\t\t\t\t\t\t\t\t\t\t\t\t<span class=\"alert\">Highlight<\/span>\n\t\t\t\t\t\t\t\t\t\t\t\n\t<lazy-media-inline inline-template>\n\t\t<figure itemscope itemtype=\"http:\/\/schema.org\/ImageObject\" class=\"lazy-media-inline \" role=\"group\" id=\"media_69ef8b1fbf8b3\" aria-labelledby=\"desc_media_69ef8b1fbf8b3\">\n\t\t\t<script type=\"application\/json\" ref=\"data\">\n\t\t\t\t{\n\t\t\t\t\"sizes\" : {\"medium\":{\"file\":\"Videopanorama_Mobile-169x300.jpg\",\"width\":169,\"height\":300,\"mime-type\":\"image\\\/jpeg\"},\"large\":{\"file\":\"Videopanorama_Mobile-576x1024.jpg\",\"width\":576,\"height\":1024,\"mime-type\":\"image\\\/jpeg\"},\"thumbnail\":{\"file\":\"Videopanorama_Mobile-150x150.jpg\",\"width\":150,\"height\":150,\"mime-type\":\"image\\\/jpeg\"},\"small\":{\"file\":\"Videopanorama_Mobile-248x440.jpg\",\"width\":248,\"height\":440,\"mime-type\":\"image\\\/jpeg\"},\"semi\":{\"file\":\"Videopanorama_Mobile-326x580.jpg\",\"width\":326,\"height\":580,\"mime-type\":\"image\\\/jpeg\"},\"mobile\":{\"file\":\"Videopanorama_Mobile-405x720.jpg\",\"width\":405,\"height\":720,\"mime-type\":\"image\\\/jpeg\"},\"original\":{\"file\":\"Videopanorama_Mobile.jpg\",\"width\":632,\"height\":1123}},\n\t\t\t\t\"alt\" : \"Personen betrachten eine Pr\\u00e4sentation mit Bildern von Architektur und Menschen in einem zeitgem\\u00e4\\u00dfen Ausstellungsraum.\",\n\t\t\t\t\"path\" : \"\\\/wp-content\\\/uploads\\\/2020\\\/10\\\/\",\n\t\t\t\t\"video\" : null,\n\t\t\t\t\"autoplay\" : null,\n\t\t\t\t\"youtube\" : null,\n\t\t\t\t\"youtubelabel\" : \"Video abspielen\",\n\t\t\t\t\"brightness\" : 100,\n\t\t\t\t\"crop\" : {\"top\":\"15.00\",\"left\":\"50.00\"},\n\t\t\t\t\"background\" : true,\n\t\t\t\t\"scale\" : 2\t\t\t\t}\n\t\t\t<\/script>\n\n\t\t\t<div class=\"height-container\" style=\"padding-bottom:177.68987341772%;\" v-if=\"sizes\">\n\t\t\t\t\t\t\t\t<lazy-media :inline=\"true\" :alt=\"alt\" :sizes=\"sizes\" :scale=\"scale\" :brightness=\"brightness\" :path=\"path\" :video=\"video\" :autoplay=\"autoplay\" :youtube=\"youtube\" :crop=\"crop\" :youtubelabel=\"youtubelabel\" :background=\"background\" media-id=\"desc_media_69ef8b1fbf8b3\"><\/lazy-media>\n\t\t\t\t\t\t\t<\/div>\n\n\t\t\t\t\t\t\t<figcaption class=\"sr-only\" ref=\"body\" id=\"desc_media_69ef8b1fbf8b3\">\n\t\t\t\t\t\t\t\t\t\t\t<div>Videopanorama<\/div>\n\t\t\t\t\t\t\t\t\t\t\t\t\t\t\t\t\t\t\t\t\t<div class=\"insignificant\">\u00a9 Stiftung Humboldt Forum im Berliner Schloss \/ Harry Schnitger<\/div>\n\t\t\t\t\t\t\t\t\t<\/figcaption>\n\t\t\t\t\t<\/figure>\n\t<\/lazy-media-inline>\n\t\t\t\t<\/div>\n\t\t\t<\/div>\n\t\t\t<div class=\"col-xs-12 teaser-event-text Infos\">\n\t\t\t\t<div class=\"teaser-event-standard-text\">\n\t\t\t\t\t<div class=\"margin-bottom-atom\">\n\t\t\t\t\t\t<div class=\"subline clamp-1\" v-html=\"maingenre\"><\/div>\n\t\t\t\t\t\t\t\t\t\t\t<\/div>\n\t\t\t\t\n\t\t\t\t\t<strong class=\"margin-bottom-atom\">Videopanorama<\/strong>\n\n\t\t\t\t\t\t\t\t\t\t\t<div class=\"\">Eine visuelle Zeitreise durch acht Jahrhunderte<\/div>\n\t\t\t\t\t\t\t\t\t<\/div>\n\t\t\t\t<div class=\"teaser-bottom border-bottom\">\n\t\t\t\t<calendardateline :rawitem='item' :show-icon=\"true\"><\/calendardateline>\n\t\t\t\t\t<hr>\n\t\t\t\t<\/div>\n\t\t\t<\/div>\n\t\t<\/div>\n\t<\/a>\n\t<\/calendarteaser>\n<\/li>\n\n<li class=\"teaser-lane-slide col-xs-9 col-sm-4 col-md-3 teaser-wrapper col-padding-remove\">\n\t<calendarteaser key=\"464628040\" rawitem='{&quot;postId&quot;:46462,&quot;title&quot;:&quot;Gegen den Strom&quot;,&quot;excerpt&quot;:&quot;&quot;,&quot;slug&quot;:&quot;gegen-den-strom&quot;,&quot;post_date&quot;:&quot;2022-07-26T10:27&quot;,&quot;type&quot;:&quot;event-permanent&quot;,&quot;permalink&quot;:&quot;https:\\\/\\\/www.humboldtforum.org\\\/de\\\/programm\\\/dauerangebot\\\/ausstellung\\\/gegen-den-strom-46462\\\/&quot;,&quot;genre&quot;:[391],&quot;genre_details&quot;:[{&quot;text&quot;:&quot;Ausstellung&quot;,&quot;id&quot;:391,&quot;icon&quot;:null,&quot;parent&quot;:0}],&quot;topic&quot;:[782],&quot;topic_details&quot;:[{&quot;text&quot;:&quot;Kolonialismus und Kolonialit\\u00e4t&quot;,&quot;id&quot;:782,&quot;icon&quot;:null,&quot;parent&quot;:0}],&quot;stakeholder&quot;:[530,382],&quot;stakeholder_details&quot;:[{&quot;text&quot;:&quot;Staatliche Museen zu Berlin&quot;,&quot;id&quot;:530,&quot;icon&quot;:null,&quot;parent&quot;:0},{&quot;text&quot;:&quot;Stiftung Humboldt Forum im Berliner Schloss&quot;,&quot;id&quot;:382,&quot;icon&quot;:null,&quot;parent&quot;:0}],&quot;targetgroup&quot;:[383],&quot;targetgroup_details&quot;:[{&quot;text&quot;:&quot;Erwachsene&quot;,&quot;id&quot;:383,&quot;icon&quot;:null,&quot;parent&quot;:0}],&quot;language&quot;:[384,385],&quot;language_details&quot;:[{&quot;text&quot;:&quot;Deutsch&quot;,&quot;id&quot;:384,&quot;icon&quot;:null,&quot;parent&quot;:0},{&quot;text&quot;:&quot;Englisch&quot;,&quot;id&quot;:385,&quot;icon&quot;:null,&quot;parent&quot;:0}],&quot;place&quot;:[531,1890],&quot;place_details&quot;:{&quot;place&quot;:&quot;Humboldt Forum&quot;,&quot;map&quot;:&quot;Humboldt Forum, Schlossplatz, Berlin&quot;,&quot;room&quot;:&quot;2. OG, Raum 203&quot;},&quot;icon_overwrite&quot;:&quot;&quot;,&quot;acf&quot;:{&quot;noindex&quot;:false,&quot;keywords&quot;:&quot;&quot;,&quot;shorturl&quot;:&quot;&quot;,&quot;planning&quot;:{&quot;price&quot;:&quot;Eintritt frei&quot;,&quot;status&quot;:&quot;JOIN&quot;,&quot;info&quot;:&quot;Eintritt frei&quot;,&quot;shop&quot;:&quot;&quot;,&quot;can_purchase&quot;:false},&quot;use_opening_hours_of_the_house&quot;:false,&quot;display_as_single&quot;:false,&quot;subline&quot;:&quot;Die Omaha, Francis La Flesche und seine Sammlung&quot;,&quot;additional_info&quot;:{&quot;icon&quot;:&quot;icon-uhr&quot;,&quot;text&quot;:&quot;bis 23.06.2025&quot;},&quot;highlight_header&quot;:false,&quot;featured_images&quot;:[53155,46460],&quot;use_video_in_teasers&quot;:false,&quot;hyphenation&quot;:true,&quot;tipp&quot;:false,&quot;joker&quot;:false,&quot;live&quot;:false,&quot;hide_event_in_program&quot;:false,&quot;periods&quot;:[{&quot;label&quot;:&quot;&quot;,&quot;dates&quot;:[{&quot;start&quot;:&quot;202209171000&quot;,&quot;end&quot;:&quot;202506230000&quot;,&quot;has_end&quot;:true,&quot;start_HRFSHORT&quot;:&quot;17.09.22&quot;,&quot;start_HRFSHORT_WD&quot;:&quot;Sa 17.09.2022&quot;,&quot;end_HRFSHORT&quot;:&quot;23.06.25&quot;}],&quot;monday&quot;:[{&quot;start&quot;:&quot;10:30&quot;,&quot;end&quot;:&quot;18:30&quot;,&quot;closed&quot;:false}],&quot;tuesday&quot;:[{&quot;start&quot;:null,&quot;end&quot;:null,&quot;closed&quot;:true}],&quot;wednesday&quot;:[{&quot;start&quot;:&quot;10:30&quot;,&quot;end&quot;:&quot;18:30&quot;,&quot;closed&quot;:false}],&quot;thursday&quot;:[{&quot;start&quot;:&quot;10:30&quot;,&quot;end&quot;:&quot;18:30&quot;,&quot;closed&quot;:false}],&quot;friday&quot;:[{&quot;start&quot;:&quot;10:30&quot;,&quot;end&quot;:&quot;18:30&quot;,&quot;closed&quot;:false}],&quot;saturday&quot;:[{&quot;start&quot;:&quot;10:30&quot;,&quot;end&quot;:&quot;18:30&quot;,&quot;closed&quot;:false}],&quot;sunday&quot;:[{&quot;start&quot;:&quot;10:30&quot;,&quot;end&quot;:&quot;18:30&quot;,&quot;closed&quot;:false}],&quot;info&quot;:&quot;&quot;,&quot;description&quot;:&quot;&quot;}],&quot;events&quot;:[46610],&quot;announcement&quot;:&quot;bis 23.06.2025&quot;,&quot;period_exception&quot;:[]},&quot;period_list&quot;:&quot;&quot;,&quot;period_exception&quot;:&quot;&quot;,&quot;date&quot;:{&quot;infinite&quot;:false,&quot;from_DATE&quot;:202209171000,&quot;from&quot;:1663446600,&quot;from_TIME&quot;:&quot;10:30&quot;,&quot;to&quot;:1750703400,&quot;to_DATE&quot;:202506230000,&quot;to_TIME&quot;:&quot;18:30&quot;,&quot;from_HRFSHORT&quot;:&quot;17. Sep 2022&quot;,&quot;from_HRFSHORT_WD&quot;:&quot;Sa 17.09.2022&quot;,&quot;from_HRF&quot;:&quot;Sa, 17. September 2022&quot;,&quot;to_HRF&quot;:&quot;Mo, 23. Juni 2025&quot;,&quot;to_HRFSHORT&quot;:&quot;23. Jun 2025&quot;,&quot;to_HRFSHORT_WD&quot;:&quot;Mo 23.06.2025&quot;,&quot;from_to_HRF&quot;:&quot;Sa, 17. September 2022 \\u2013 Mo, 23. Juni 2025&quot;,&quot;from_to_HRFSHORT&quot;:&quot;17. Sep 2022 \\u2013 23. Jun 2025&quot;,&quot;NXX&quot;:null,&quot;NLAST&quot;:&quot;202506231830&quot;},&quot;alert&quot;:null,&quot;partof&quot;:[],&quot;marketing_topic&quot;:&quot;&quot;}' inline-template>\n\t<a href=\"https:\/\/www.humboldtforum.org\/de\/programm\/dauerangebot\/ausstellung\/gegen-den-strom-46462\/\" class=\"teaser teaser-event-permanent teaser-event-standard\">\n\t\t<div class=\"row\">\n\t\t\t<div class=\"col-xs-12 teaser-event-image\">\n\t\t\t\t<div class=\"teaser-image teaser-image-no-alternate\">\n\t\t\t\t\t\t\t\t\t\t\t\n\t<lazy-media-inline inline-template>\n\t\t<figure itemscope itemtype=\"http:\/\/schema.org\/ImageObject\" class=\"lazy-media-inline \" role=\"group\" id=\"media_69ef8b1fc0662\" aria-labelledby=\"desc_media_69ef8b1fc0662\">\n\t\t\t<script type=\"application\/json\" ref=\"data\">\n\t\t\t\t{\n\t\t\t\t\"sizes\" : {\"medium\":{\"file\":\"SHF_eb00154344-300x225.jpg\",\"width\":300,\"height\":225,\"mime-type\":\"image\\\/jpeg\",\"filesize\":21604},\"large\":{\"file\":\"SHF_eb00154344-1024x769.jpg\",\"width\":1024,\"height\":769,\"mime-type\":\"image\\\/jpeg\",\"filesize\":152791},\"thumbnail\":{\"file\":\"SHF_eb00154344-150x150.jpg\",\"width\":150,\"height\":150,\"mime-type\":\"image\\\/jpeg\",\"filesize\":8830},\"medium_large\":{\"file\":\"SHF_eb00154344-768x577.jpg\",\"width\":768,\"height\":577,\"mime-type\":\"image\\\/jpeg\",\"filesize\":98528},\"small\":{\"file\":\"SHF_eb00154344-440x330.jpg\",\"width\":440,\"height\":330,\"mime-type\":\"image\\\/jpeg\",\"filesize\":40370},\"semi\":{\"file\":\"SHF_eb00154344-580x435.jpg\",\"width\":580,\"height\":435,\"mime-type\":\"image\\\/jpeg\",\"filesize\":63517},\"mobile\":{\"file\":\"SHF_eb00154344-720x541.jpg\",\"width\":720,\"height\":541,\"mime-type\":\"image\\\/jpeg\",\"filesize\":88145},\"original\":{\"file\":\"SHF_eb00154344.jpg\",\"width\":1280,\"height\":961}},\n\t\t\t\t\"alt\" : \"Ausstellung traditioneller indianischer Kleidung und Artefakte in einer Vitrine.\",\n\t\t\t\t\"path\" : \"\\\/wp-content\\\/uploads\\\/2022\\\/09\\\/\",\n\t\t\t\t\"video\" : null,\n\t\t\t\t\"autoplay\" : null,\n\t\t\t\t\"youtube\" : null,\n\t\t\t\t\"youtubelabel\" : \"Video abspielen\",\n\t\t\t\t\"brightness\" : 100,\n\t\t\t\t\"crop\" : null,\n\t\t\t\t\"background\" : true,\n\t\t\t\t\"scale\" : 2\t\t\t\t}\n\t\t\t<\/script>\n\n\t\t\t<div class=\"height-container\" style=\"padding-bottom:75.078125%;\" v-if=\"sizes\">\n\t\t\t\t\t\t\t\t<lazy-media :inline=\"true\" :alt=\"alt\" :sizes=\"sizes\" :scale=\"scale\" :brightness=\"brightness\" :path=\"path\" :video=\"video\" :autoplay=\"autoplay\" :youtube=\"youtube\" :crop=\"crop\" :youtubelabel=\"youtubelabel\" :background=\"background\" media-id=\"desc_media_69ef8b1fc0662\"><\/lazy-media>\n\t\t\t\t\t\t\t<\/div>\n\n\t\t\t\t\t\t\t<figcaption class=\"sr-only\" ref=\"body\" id=\"desc_media_69ef8b1fc0662\">\n\t\t\t\t\t\t\t\t\t\t\t<div>Ansicht der tempor&auml;ren Ausstellung &quot;Gegen den Strom. Die Omaha, Francis La Flesche und seine Sammlung&quot; im Humboldt Forum<\/div>\n\t\t\t\t\t\t\t\t\t\t\t\t\t\t\t\t\t\t\t\t\t<div class=\"insignificant\">\u00a9 Staatliche Museen zu Berlin, Ethnologisches Museum \/ Stiftung Humboldt Forum im Berliner Schloss, Foto: Alexander Schippel<\/div>\n\t\t\t\t\t\t\t\t\t<\/figcaption>\n\t\t\t\t\t<\/figure>\n\t<\/lazy-media-inline>\n\t\t\t\t<\/div>\n\t\t\t<\/div>\n\t\t\t<div class=\"col-xs-12 teaser-event-text Infos\">\n\t\t\t\t<div class=\"teaser-event-standard-text\">\n\t\t\t\t\t<div class=\"margin-bottom-atom\">\n\t\t\t\t\t\t<div class=\"subline clamp-1\" v-html=\"maingenre\"><\/div>\n\t\t\t\t\t\t\t\t\t\t\t<\/div>\n\t\t\t\t\n\t\t\t\t\t<strong class=\"margin-bottom-atom\">Gegen den Strom<\/strong>\n\n\t\t\t\t\t\t\t\t\t\t\t<div class=\"\">Die Omaha, Francis La Flesche und seine Sammlung<\/div>\n\t\t\t\t\t\t\t\t\t<\/div>\n\t\t\t\t<div class=\"teaser-bottom border-bottom\">\n\t\t\t\t<calendardateline :rawitem='item' :show-icon=\"true\"><\/calendardateline>\n\t\t\t\t\t<hr>\n\t\t\t\t<\/div>\n\t\t\t<\/div>\n\t\t<\/div>\n\t<\/a>\n\t<\/calendarteaser>\n<\/li>\n\n<li class=\"teaser-lane-slide col-xs-9 col-sm-4 col-md-3 teaser-wrapper col-padding-remove\">\n\t<calendarteaser key=\"4644718405\" rawitem='{&quot;postId&quot;:46447,&quot;title&quot;:&quot;Naga Land&quot;,&quot;excerpt&quot;:&quot;&quot;,&quot;slug&quot;:&quot;naga-land&quot;,&quot;post_date&quot;:&quot;2022-07-26T09:13&quot;,&quot;type&quot;:&quot;event-permanent&quot;,&quot;permalink&quot;:&quot;https:\\\/\\\/www.humboldtforum.org\\\/de\\\/programm\\\/dauerangebot\\\/ausstellung\\\/naga-land-46447\\\/&quot;,&quot;genre&quot;:[391],&quot;genre_details&quot;:[{&quot;text&quot;:&quot;Ausstellung&quot;,&quot;id&quot;:391,&quot;icon&quot;:null,&quot;parent&quot;:0}],&quot;topic&quot;:[782],&quot;topic_details&quot;:[{&quot;text&quot;:&quot;Kolonialismus und Kolonialit\\u00e4t&quot;,&quot;id&quot;:782,&quot;icon&quot;:null,&quot;parent&quot;:0}],&quot;stakeholder&quot;:[530,382],&quot;stakeholder_details&quot;:[{&quot;text&quot;:&quot;Staatliche Museen zu Berlin&quot;,&quot;id&quot;:530,&quot;icon&quot;:null,&quot;parent&quot;:0},{&quot;text&quot;:&quot;Stiftung Humboldt Forum im Berliner Schloss&quot;,&quot;id&quot;:382,&quot;icon&quot;:null,&quot;parent&quot;:0}],&quot;targetgroup&quot;:[383],&quot;targetgroup_details&quot;:[{&quot;text&quot;:&quot;Erwachsene&quot;,&quot;id&quot;:383,&quot;icon&quot;:null,&quot;parent&quot;:0}],&quot;icon_overwrite&quot;:&quot;&quot;,&quot;acf&quot;:{&quot;noindex&quot;:false,&quot;keywords&quot;:&quot;&quot;,&quot;shorturl&quot;:&quot;&quot;,&quot;planning&quot;:{&quot;price&quot;:&quot;&quot;,&quot;status&quot;:&quot;BUY&quot;,&quot;info&quot;:&quot;Zutritt mit Ticket&quot;,&quot;shop&quot;:&quot;https:\\\/\\\/tickets.humboldtforum.org\\\/#\\\/tickets\\\/time?museum_id=1&amp;exhibition_id=17&amp;group=day&amp;date=2025-10-03&quot;,&quot;can_purchase&quot;:true},&quot;use_opening_hours_of_the_house&quot;:false,&quot;display_as_single&quot;:false,&quot;subline&quot;:&quot;Stimmen aus Nordostindien&quot;,&quot;additional_info&quot;:{&quot;icon&quot;:&quot;icon-ort&quot;,&quot;text&quot;:&quot;3. OG, Raum 309, Zugang \\u00fcber den Eingang Museum f\\u00fcr Asiatische Kunst&quot;},&quot;highlight_header&quot;:true,&quot;featured_images&quot;:[46450],&quot;use_video_in_teasers&quot;:false,&quot;hyphenation&quot;:true,&quot;tipp&quot;:false,&quot;joker&quot;:false,&quot;live&quot;:false,&quot;hide_event_in_program&quot;:false,&quot;periods&quot;:[{&quot;label&quot;:&quot;&quot;,&quot;dates&quot;:[{&quot;start&quot;:&quot;202209171000&quot;,&quot;end&quot;:&quot;202603160000&quot;,&quot;has_end&quot;:true,&quot;start_HRFSHORT&quot;:&quot;17.09.22&quot;,&quot;start_HRFSHORT_WD&quot;:&quot;Sa 17.09.2022&quot;,&quot;end_HRFSHORT&quot;:&quot;16.03.26&quot;}],&quot;monday&quot;:[{&quot;start&quot;:&quot;10:30&quot;,&quot;end&quot;:&quot;18:30&quot;,&quot;closed&quot;:false}],&quot;tuesday&quot;:[{&quot;start&quot;:null,&quot;end&quot;:null,&quot;closed&quot;:true}],&quot;wednesday&quot;:[{&quot;start&quot;:&quot;10:30&quot;,&quot;end&quot;:&quot;18:30&quot;,&quot;closed&quot;:false}],&quot;thursday&quot;:[{&quot;start&quot;:&quot;10:30&quot;,&quot;end&quot;:&quot;18:30&quot;,&quot;closed&quot;:false}],&quot;friday&quot;:[{&quot;start&quot;:&quot;10:30&quot;,&quot;end&quot;:&quot;18:30&quot;,&quot;closed&quot;:false}],&quot;saturday&quot;:[{&quot;start&quot;:&quot;10:30&quot;,&quot;end&quot;:&quot;18:30&quot;,&quot;closed&quot;:false}],&quot;sunday&quot;:[{&quot;start&quot;:&quot;10:30&quot;,&quot;end&quot;:&quot;18:30&quot;,&quot;closed&quot;:false}],&quot;info&quot;:&quot;&quot;,&quot;description&quot;:&quot;&quot;}],&quot;events&quot;:[],&quot;highlight_header_image&quot;:46450,&quot;has_mobile_format&quot;:false,&quot;period_exception&quot;:[]},&quot;period_list&quot;:&quot;&quot;,&quot;period_exception&quot;:&quot;&quot;,&quot;date&quot;:{&quot;infinite&quot;:false,&quot;from_DATE&quot;:202209171000,&quot;from&quot;:1663446600,&quot;from_TIME&quot;:&quot;10:30&quot;,&quot;to&quot;:1773685800,&quot;to_DATE&quot;:202603160000,&quot;to_TIME&quot;:&quot;18:30&quot;,&quot;from_HRFSHORT&quot;:&quot;17. Sep 2022&quot;,&quot;from_HRFSHORT_WD&quot;:&quot;Sa 17.09.2022&quot;,&quot;from_HRF&quot;:&quot;Sa, 17. September 2022&quot;,&quot;to_HRF&quot;:&quot;Mo, 16. M\\u00e4rz 2026&quot;,&quot;to_HRFSHORT&quot;:&quot;16. M\\u00e4r 2026&quot;,&quot;to_HRFSHORT_WD&quot;:&quot;Mo 16.03.2026&quot;,&quot;from_to_HRF&quot;:&quot;Sa, 17. September 2022 \\u2013 Mo, 16. M\\u00e4rz 2026&quot;,&quot;from_to_HRFSHORT&quot;:&quot;17. Sep 2022 \\u2013 16. M\\u00e4r 2026&quot;,&quot;NXX&quot;:null,&quot;NLAST&quot;:&quot;202603161830&quot;},&quot;alert&quot;:&quot;Highlight&quot;,&quot;partof&quot;:[],&quot;marketing_topic&quot;:&quot;&quot;}' inline-template>\n\t<a href=\"https:\/\/www.humboldtforum.org\/de\/programm\/dauerangebot\/ausstellung\/naga-land-46447\/\" class=\"teaser teaser-event-permanent teaser-event-standard\">\n\t\t<div class=\"row\">\n\t\t\t<div class=\"col-xs-12 teaser-event-image\">\n\t\t\t\t<div class=\"teaser-image teaser-image-no-alternate\">\n\t\t\t\t\t\t\t\t\t\t\t\t\t<span class=\"alert\">Highlight<\/span>\n\t\t\t\t\t\t\t\t\t\t\t\n\t<lazy-media-inline inline-template>\n\t\t<figure itemscope itemtype=\"http:\/\/schema.org\/ImageObject\" class=\"lazy-media-inline \" role=\"group\" id=\"media_69ef8b1fc13c7\" aria-labelledby=\"desc_media_69ef8b1fc13c7\">\n\t\t\t<script type=\"application\/json\" ref=\"data\">\n\t\t\t\t{\n\t\t\t\t\"sizes\" : {\"medium\":{\"file\":\"SHF_eb00061695_A07-126-300x200.jpg\",\"width\":300,\"height\":200,\"mime-type\":\"image\\\/jpeg\",\"filesize\":15708},\"large\":{\"file\":\"SHF_eb00061695_A07-126-1024x682.jpg\",\"width\":1024,\"height\":682,\"mime-type\":\"image\\\/jpeg\",\"filesize\":122910},\"thumbnail\":{\"file\":\"SHF_eb00061695_A07-126-150x150.jpg\",\"width\":150,\"height\":150,\"mime-type\":\"image\\\/jpeg\",\"filesize\":6726},\"medium_large\":{\"file\":\"SHF_eb00061695_A07-126-768x512.jpg\",\"width\":768,\"height\":512,\"mime-type\":\"image\\\/jpeg\",\"filesize\":76450},\"small\":{\"file\":\"SHF_eb00061695_A07-126-440x293.jpg\",\"width\":440,\"height\":293,\"mime-type\":\"image\\\/jpeg\",\"filesize\":29941},\"semi\":{\"file\":\"SHF_eb00061695_A07-126-580x387.jpg\",\"width\":580,\"height\":387,\"mime-type\":\"image\\\/jpeg\",\"filesize\":47917},\"mobile\":{\"file\":\"SHF_eb00061695_A07-126-720x480.jpg\",\"width\":720,\"height\":480,\"mime-type\":\"image\\\/jpeg\",\"filesize\":68271},\"original\":{\"file\":\"SHF_eb00061695_A07-126.jpg\",\"width\":1280,\"height\":853}},\n\t\t\t\t\"alt\" : \"In einem Raum mit roten St\\u00fchlen und Wanddeko steht ein Stativ, w\\u00e4hrend eine Person sitzt.\",\n\t\t\t\t\"path\" : \"\\\/wp-content\\\/uploads\\\/2022\\\/07\\\/\",\n\t\t\t\t\"video\" : null,\n\t\t\t\t\"autoplay\" : null,\n\t\t\t\t\"youtube\" : null,\n\t\t\t\t\"youtubelabel\" : \"Video abspielen\",\n\t\t\t\t\"brightness\" : 100,\n\t\t\t\t\"crop\" : null,\n\t\t\t\t\"background\" : true,\n\t\t\t\t\"scale\" : 2\t\t\t\t}\n\t\t\t<\/script>\n\n\t\t\t<div class=\"height-container\" style=\"padding-bottom:66.640625%;\" v-if=\"sizes\">\n\t\t\t\t\t\t\t\t<lazy-media :inline=\"true\" :alt=\"alt\" :sizes=\"sizes\" :scale=\"scale\" :brightness=\"brightness\" :path=\"path\" :video=\"video\" :autoplay=\"autoplay\" :youtube=\"youtube\" :crop=\"crop\" :youtubelabel=\"youtubelabel\" :background=\"background\" media-id=\"desc_media_69ef8b1fc13c7\"><\/lazy-media>\n\t\t\t\t\t\t\t<\/div>\n\n\t\t\t\t\t\t\t<figcaption class=\"sr-only\" ref=\"body\" id=\"desc_media_69ef8b1fc13c7\">\n\t\t\t\t\t\t\t\t\t\t\t\t\t\t\t\t<div>Zubeni Lotha <\/div>\n\t\t\t\t\t\t\t\t\t\t\t\t\t\t\t\t<div class=\"insignificant\">\u00a9 Zubeni Lotha<\/div>\n\t\t\t\t\t\t\t\t\t<\/figcaption>\n\t\t\t\t\t<\/figure>\n\t<\/lazy-media-inline>\n\t\t\t\t<\/div>\n\t\t\t<\/div>\n\t\t\t<div class=\"col-xs-12 teaser-event-text Infos\">\n\t\t\t\t<div class=\"teaser-event-standard-text\">\n\t\t\t\t\t<div class=\"margin-bottom-atom\">\n\t\t\t\t\t\t<div class=\"subline clamp-1\" v-html=\"maingenre\"><\/div>\n\t\t\t\t\t\t\t\t\t\t\t<\/div>\n\t\t\t\t\n\t\t\t\t\t<strong class=\"margin-bottom-atom\">Naga Land<\/strong>\n\n\t\t\t\t\t\t\t\t\t\t\t<div class=\"\">Stimmen aus Nordostindien<\/div>\n\t\t\t\t\t\t\t\t\t<\/div>\n\t\t\t\t<div class=\"teaser-bottom border-bottom\">\n\t\t\t\t<calendardateline :rawitem='item' :show-icon=\"true\"><\/calendardateline>\n\t\t\t\t\t<hr>\n\t\t\t\t<\/div>\n\t\t\t<\/div>\n\t\t<\/div>\n\t<\/a>\n\t<\/calendarteaser>\n<\/li>\n\n<li class=\"teaser-lane-slide col-xs-9 col-sm-4 col-md-3 teaser-wrapper col-padding-remove\">\n\t<calendarteaser key=\"4670920894\" rawitem='{&quot;postId&quot;:46709,&quot;title&quot;:&quot;Leerstellen.Ausstellen.&quot;,&quot;excerpt&quot;:&quot;&quot;,&quot;slug&quot;:&quot;leerstellen-ausstellen&quot;,&quot;post_date&quot;:&quot;2022-07-29T14:22&quot;,&quot;type&quot;:&quot;event-permanent&quot;,&quot;permalink&quot;:&quot;https:\\\/\\\/www.humboldtforum.org\\\/de\\\/programm\\\/dauerangebot\\\/ausstellung\\\/leerstellen-ausstellen-46709\\\/&quot;,&quot;genre&quot;:[391],&quot;genre_details&quot;:[{&quot;text&quot;:&quot;Ausstellung&quot;,&quot;id&quot;:391,&quot;icon&quot;:null,&quot;parent&quot;:0}],&quot;topic&quot;:[782],&quot;topic_details&quot;:[{&quot;text&quot;:&quot;Kolonialismus und Kolonialit\\u00e4t&quot;,&quot;id&quot;:782,&quot;icon&quot;:null,&quot;parent&quot;:0}],&quot;stakeholder&quot;:[530,382],&quot;stakeholder_details&quot;:[{&quot;text&quot;:&quot;Staatliche Museen zu Berlin&quot;,&quot;id&quot;:530,&quot;icon&quot;:null,&quot;parent&quot;:0},{&quot;text&quot;:&quot;Stiftung Humboldt Forum im Berliner Schloss&quot;,&quot;id&quot;:382,&quot;icon&quot;:null,&quot;parent&quot;:0}],&quot;targetgroup&quot;:[383,455],&quot;targetgroup_details&quot;:[{&quot;text&quot;:&quot;Erwachsene&quot;,&quot;id&quot;:383,&quot;icon&quot;:null,&quot;parent&quot;:0},{&quot;text&quot;:&quot;Jugendliche&quot;,&quot;id&quot;:455,&quot;icon&quot;:null,&quot;parent&quot;:0}],&quot;language&quot;:[384,385,1946],&quot;language_details&quot;:[{&quot;text&quot;:&quot;Deutsch&quot;,&quot;id&quot;:384,&quot;icon&quot;:null,&quot;parent&quot;:0},{&quot;text&quot;:&quot;Englisch&quot;,&quot;id&quot;:385,&quot;icon&quot;:null,&quot;parent&quot;:0},{&quot;text&quot;:&quot;Swahili&quot;,&quot;id&quot;:1946,&quot;icon&quot;:null,&quot;parent&quot;:0}],&quot;place&quot;:[531],&quot;place_details&quot;:{&quot;place&quot;:&quot;Humboldt Forum&quot;,&quot;map&quot;:&quot;Humboldt Forum, Schlossplatz, Berlin&quot;,&quot;room&quot;:&quot;2. OG&quot;},&quot;icon_overwrite&quot;:&quot;&quot;,&quot;acf&quot;:{&quot;noindex&quot;:false,&quot;keywords&quot;:&quot;&quot;,&quot;shorturl&quot;:&quot;&quot;,&quot;planning&quot;:{&quot;price&quot;:&quot;Eintritt frei&quot;,&quot;status&quot;:&quot;JOIN&quot;,&quot;info&quot;:&quot;Eintritt frei&quot;,&quot;shop&quot;:&quot;&quot;,&quot;can_purchase&quot;:false},&quot;use_opening_hours_of_the_house&quot;:true,&quot;display_as_single&quot;:false,&quot;subline&quot;:&quot;Objekte aus Tansania und das koloniale Archiv&quot;,&quot;additional_info&quot;:{&quot;icon&quot;:&quot;0&quot;,&quot;text&quot;:&quot;&quot;},&quot;highlight_header&quot;:false,&quot;featured_images&quot;:[55602],&quot;use_video_in_teasers&quot;:false,&quot;hyphenation&quot;:true,&quot;tipp&quot;:false,&quot;joker&quot;:false,&quot;live&quot;:false,&quot;hide_event_in_program&quot;:false,&quot;periods&quot;:[{&quot;label&quot;:&quot;&quot;,&quot;dates&quot;:[{&quot;start&quot;:&quot;202301020000&quot;,&quot;end&quot;:&quot;202212310000&quot;,&quot;has_end&quot;:false,&quot;start_HRFSHORT&quot;:&quot;02.01.23&quot;,&quot;start_HRFSHORT_WD&quot;:&quot;Mo 02.01.2023&quot;}],&quot;monday&quot;:[{&quot;start&quot;:&quot;10:30&quot;,&quot;end&quot;:&quot;18:30&quot;,&quot;closed&quot;:false}],&quot;tuesday&quot;:[{&quot;start&quot;:null,&quot;end&quot;:null,&quot;closed&quot;:true}],&quot;wednesday&quot;:[{&quot;start&quot;:&quot;10:30&quot;,&quot;end&quot;:&quot;18:30&quot;,&quot;closed&quot;:false}],&quot;thursday&quot;:[{&quot;start&quot;:&quot;10:30&quot;,&quot;end&quot;:&quot;18:30&quot;,&quot;closed&quot;:false}],&quot;friday&quot;:[{&quot;start&quot;:&quot;10:30&quot;,&quot;end&quot;:&quot;18:30&quot;,&quot;closed&quot;:false}],&quot;saturday&quot;:[{&quot;start&quot;:&quot;10:30&quot;,&quot;end&quot;:&quot;18:30&quot;,&quot;closed&quot;:false}],&quot;sunday&quot;:[{&quot;start&quot;:&quot;10:30&quot;,&quot;end&quot;:&quot;18:30&quot;,&quot;closed&quot;:false}],&quot;info&quot;:&quot;&quot;,&quot;description&quot;:&quot;&quot;}],&quot;highlight_header_image&quot;:46707,&quot;has_mobile_format&quot;:false,&quot;overwrite_date&quot;:&quot;15.09.2022 bis 16.06.2024&quot;,&quot;events&quot;:{&quot;1&quot;:129534},&quot;period_exception&quot;:[{&quot;label&quot;:&quot;&quot;,&quot;date&quot;:&quot;202512240000&quot;,&quot;closed&quot;:true,&quot;start&quot;:null,&quot;end&quot;:null,&quot;date_HRFSHORT&quot;:&quot;24.12.25&quot;},{&quot;label&quot;:&quot;&quot;,&quot;date&quot;:&quot;202512250000&quot;,&quot;closed&quot;:false,&quot;start&quot;:&quot;12:00&quot;,&quot;end&quot;:&quot;18:00&quot;,&quot;date_HRFSHORT&quot;:&quot;25.12.25&quot;},{&quot;label&quot;:&quot;&quot;,&quot;date&quot;:&quot;202512260000&quot;,&quot;closed&quot;:false,&quot;start&quot;:&quot;12:00&quot;,&quot;end&quot;:&quot;18:00&quot;,&quot;date_HRFSHORT&quot;:&quot;26.12.25&quot;},{&quot;label&quot;:&quot;&quot;,&quot;date&quot;:&quot;202512300000&quot;,&quot;closed&quot;:false,&quot;start&quot;:&quot;10:30&quot;,&quot;end&quot;:&quot;18:30&quot;,&quot;date_HRFSHORT&quot;:&quot;30.12.25&quot;},{&quot;label&quot;:&quot;&quot;,&quot;date&quot;:&quot;202512310000&quot;,&quot;closed&quot;:false,&quot;start&quot;:&quot;10:30&quot;,&quot;end&quot;:&quot;16:30&quot;,&quot;date_HRFSHORT&quot;:&quot;31.12.25&quot;},{&quot;label&quot;:&quot;&quot;,&quot;date&quot;:&quot;202601010000&quot;,&quot;closed&quot;:false,&quot;start&quot;:&quot;12:00&quot;,&quot;end&quot;:&quot;18:00&quot;,&quot;date_HRFSHORT&quot;:&quot;01.01.26&quot;}]},&quot;period_list&quot;:&quot;&lt;strong&gt;\\u00d6ffnungszeiten&lt;\\\/strong&gt;\\nMo, Mi, Do, Fr, Sa, So: 10:30 \\u2013 18:30 Uhr\\nDi: geschlossen\\n\\n&quot;,&quot;period_exception&quot;:&quot;&quot;,&quot;date&quot;:{&quot;infinite&quot;:true,&quot;from_DATE&quot;:202301020000,&quot;from&quot;:1672655400,&quot;from_TIME&quot;:&quot;10:30&quot;,&quot;to&quot;:1808842380,&quot;to_DATE&quot;:202704271613,&quot;to_TIME&quot;:&quot;00:00&quot;,&quot;from_HRFSHORT&quot;:&quot; 2. Jan 2023&quot;,&quot;from_HRFSHORT_WD&quot;:&quot;Mo 02.01.2023&quot;,&quot;from_HRF&quot;:&quot;Mo,  2. Januar 2023&quot;,&quot;to_HRF&quot;:&quot;Di, 27. April 2027&quot;,&quot;to_HRFSHORT&quot;:&quot;27. Apr 2027&quot;,&quot;to_HRFSHORT_WD&quot;:&quot;Di 27.04.2027&quot;,&quot;from_to_HRF&quot;:&quot;Mo,  2. Januar 2023 \\u2013 Di, 27. April 2027&quot;,&quot;from_to_HRFSHORT&quot;:&quot; 2. Jan 2023 \\u2013 27. Apr 2027&quot;,&quot;NXX&quot;:&quot;202604271613&quot;,&quot;NLAST&quot;:&quot;202704271613&quot;,&quot;NX&quot;:&quot;20260427&quot;},&quot;alert&quot;:null,&quot;partof&quot;:[],&quot;marketing_topic&quot;:&quot;&quot;}' inline-template>\n\t<a href=\"https:\/\/www.humboldtforum.org\/de\/programm\/dauerangebot\/ausstellung\/leerstellen-ausstellen-46709\/\" class=\"teaser teaser-event-permanent teaser-event-standard\">\n\t\t<div class=\"row\">\n\t\t\t<div class=\"col-xs-12 teaser-event-image\">\n\t\t\t\t<div class=\"teaser-image teaser-image-no-alternate\">\n\t\t\t\t\t\t\t\t\t\t\t\n\t<lazy-media-inline inline-template>\n\t\t<figure itemscope itemtype=\"http:\/\/schema.org\/ImageObject\" class=\"lazy-media-inline \" role=\"group\" id=\"media_69ef8b1fc216a\" aria-labelledby=\"desc_media_69ef8b1fc216a\">\n\t\t\t<script type=\"application\/json\" ref=\"data\">\n\t\t\t\t{\n\t\t\t\t\"sizes\" : {\"medium\":{\"file\":\"SHF_eb00154726-300x225.jpg\",\"width\":300,\"height\":225,\"mime-type\":\"image\\\/jpeg\",\"filesize\":15623},\"large\":{\"file\":\"SHF_eb00154726-1024x768.jpg\",\"width\":1024,\"height\":768,\"mime-type\":\"image\\\/jpeg\",\"filesize\":102324},\"thumbnail\":{\"file\":\"SHF_eb00154726-150x150.jpg\",\"width\":150,\"height\":150,\"mime-type\":\"image\\\/jpeg\",\"filesize\":6907},\"medium_large\":{\"file\":\"SHF_eb00154726-768x576.jpg\",\"width\":768,\"height\":576,\"mime-type\":\"image\\\/jpeg\",\"filesize\":67521},\"small\":{\"file\":\"SHF_eb00154726-440x330.jpg\",\"width\":440,\"height\":330,\"mime-type\":\"image\\\/jpeg\",\"filesize\":28501},\"semi\":{\"file\":\"SHF_eb00154726-580x435.jpg\",\"width\":580,\"height\":435,\"mime-type\":\"image\\\/jpeg\",\"filesize\":43445},\"mobile\":{\"file\":\"SHF_eb00154726-720x540.jpg\",\"width\":720,\"height\":540,\"mime-type\":\"image\\\/jpeg\",\"filesize\":60864},\"original\":{\"file\":\"SHF_eb00154726.jpg\",\"width\":1280,\"height\":960}},\n\t\t\t\t\"alt\" : \"Moderne Ausstellung mit Holzrahmen und Vitrinen, die kreative Objekte und Informationen zeigen.\",\n\t\t\t\t\"path\" : \"\\\/wp-content\\\/uploads\\\/2022\\\/10\\\/\",\n\t\t\t\t\"video\" : null,\n\t\t\t\t\"autoplay\" : null,\n\t\t\t\t\"youtube\" : null,\n\t\t\t\t\"youtubelabel\" : \"Video abspielen\",\n\t\t\t\t\"brightness\" : 100,\n\t\t\t\t\"crop\" : null,\n\t\t\t\t\"background\" : true,\n\t\t\t\t\"scale\" : 2\t\t\t\t}\n\t\t\t<\/script>\n\n\t\t\t<div class=\"height-container\" style=\"padding-bottom:75%;\" v-if=\"sizes\">\n\t\t\t\t\t\t\t\t<lazy-media :inline=\"true\" :alt=\"alt\" :sizes=\"sizes\" :scale=\"scale\" :brightness=\"brightness\" :path=\"path\" :video=\"video\" :autoplay=\"autoplay\" :youtube=\"youtube\" :crop=\"crop\" :youtubelabel=\"youtubelabel\" :background=\"background\" media-id=\"desc_media_69ef8b1fc216a\"><\/lazy-media>\n\t\t\t\t\t\t\t<\/div>\n\n\t\t\t\t\t\t\t<figcaption class=\"sr-only\" ref=\"body\" id=\"desc_media_69ef8b1fc216a\">\n\t\t\t\t\t\t\t\t\t\t\t<div>Leerstellen.Ausstellen<\/div>\n\t\t\t\t\t\t\t\t\t\t\t\t\t\t\t\t<div>Leere Vitrinen? Zum Umgang mit Objekten aus Tansania <\/div>\n\t\t\t\t\t\t\t\t\t\t\t\t\t\t\t\t<div class=\"insignificant\">\u00a9 Humboldt Forum im Berliner Schloss\/ Foto: Alexander Schippel<\/div>\n\t\t\t\t\t\t\t\t\t<\/figcaption>\n\t\t\t\t\t<\/figure>\n\t<\/lazy-media-inline>\n\t\t\t\t<\/div>\n\t\t\t<\/div>\n\t\t\t<div class=\"col-xs-12 teaser-event-text Infos\">\n\t\t\t\t<div class=\"teaser-event-standard-text\">\n\t\t\t\t\t<div class=\"margin-bottom-atom\">\n\t\t\t\t\t\t<div class=\"subline clamp-1\" v-html=\"maingenre\"><\/div>\n\t\t\t\t\t\t\t\t\t\t\t<\/div>\n\t\t\t\t\n\t\t\t\t\t<strong class=\"margin-bottom-atom\">Leerstellen.Ausstellen.<\/strong>\n\n\t\t\t\t\t\t\t\t\t\t\t<div class=\"\">Objekte aus Tansania und das koloniale Archiv<\/div>\n\t\t\t\t\t\t\t\t\t<\/div>\n\t\t\t\t<div class=\"teaser-bottom border-bottom\">\n\t\t\t\t<calendardateline :rawitem='item' :show-icon=\"true\"><\/calendardateline>\n\t\t\t\t\t<hr>\n\t\t\t\t<\/div>\n\t\t\t<\/div>\n\t\t<\/div>\n\t<\/a>\n\t<\/calendarteaser>\n<\/li>\n\n<li class=\"teaser-lane-slide col-xs-9 col-sm-4 col-md-3 teaser-wrapper col-padding-remove\">\n\t<calendarteaser key=\"4652214765\" rawitem='{&quot;postId&quot;:46522,&quot;title&quot;:&quot;Ahnen, G\\u00f6ttinnen und Helden\\u00a0&quot;,&quot;excerpt&quot;:&quot;&quot;,&quot;slug&quot;:&quot;ahnen-goettinnen-und-helden&quot;,&quot;post_date&quot;:&quot;2022-07-26T13:04&quot;,&quot;type&quot;:&quot;event-permanent&quot;,&quot;permalink&quot;:&quot;https:\\\/\\\/www.humboldtforum.org\\\/de\\\/programm\\\/dauerangebot\\\/ausstellung\\\/ahnen-goettinnen-und-helden-46522\\\/&quot;,&quot;genre&quot;:[391],&quot;genre_details&quot;:[{&quot;text&quot;:&quot;Ausstellung&quot;,&quot;id&quot;:391,&quot;icon&quot;:null,&quot;parent&quot;:0}],&quot;stakeholder&quot;:[530,382],&quot;stakeholder_details&quot;:[{&quot;text&quot;:&quot;Staatliche Museen zu Berlin&quot;,&quot;id&quot;:530,&quot;icon&quot;:null,&quot;parent&quot;:0},{&quot;text&quot;:&quot;Stiftung Humboldt Forum im Berliner Schloss&quot;,&quot;id&quot;:382,&quot;icon&quot;:null,&quot;parent&quot;:0}],&quot;place&quot;:[532],&quot;place_details&quot;:{&quot;place&quot;:&quot;Humboldt Forum&quot;,&quot;map&quot;:&quot;Humboldt Forum, Schlossplatz, Berlin&quot;,&quot;room&quot;:&quot;3. OG&quot;},&quot;icon_overwrite&quot;:&quot;&quot;,&quot;acf&quot;:{&quot;noindex&quot;:false,&quot;keywords&quot;:&quot;&quot;,&quot;shorturl&quot;:&quot;&quot;,&quot;planning&quot;:{&quot;price&quot;:&quot;Eintritt frei&quot;,&quot;status&quot;:&quot;JOIN&quot;,&quot;info&quot;:&quot;Eintritt frei&quot;,&quot;shop&quot;:&quot;&quot;,&quot;can_purchase&quot;:false},&quot;use_opening_hours_of_the_house&quot;:false,&quot;display_as_single&quot;:false,&quot;subline&quot;:&quot;Skulpturen aus Asien, Afrika und Europa&quot;,&quot;additional_info&quot;:{&quot;icon&quot;:&quot;0&quot;,&quot;text&quot;:&quot;&quot;},&quot;highlight_header&quot;:false,&quot;featured_images&quot;:[46514,46520,46516],&quot;use_video_in_teasers&quot;:false,&quot;hyphenation&quot;:true,&quot;tipp&quot;:false,&quot;joker&quot;:false,&quot;live&quot;:false,&quot;hide_event_in_program&quot;:false,&quot;periods&quot;:[{&quot;label&quot;:&quot;&quot;,&quot;dates&quot;:[{&quot;start&quot;:&quot;202209150000&quot;,&quot;end&quot;:&quot;202401070000&quot;,&quot;has_end&quot;:true,&quot;start_HRFSHORT&quot;:&quot;15.09.22&quot;,&quot;start_HRFSHORT_WD&quot;:&quot;Do 15.09.2022&quot;,&quot;end_HRFSHORT&quot;:&quot;07.01.24&quot;}],&quot;monday&quot;:[{&quot;start&quot;:&quot;10:30&quot;,&quot;end&quot;:&quot;18:30&quot;,&quot;closed&quot;:false}],&quot;tuesday&quot;:[{&quot;start&quot;:null,&quot;end&quot;:null,&quot;closed&quot;:true}],&quot;wednesday&quot;:[{&quot;start&quot;:&quot;10:30&quot;,&quot;end&quot;:&quot;18:30&quot;,&quot;closed&quot;:false}],&quot;thursday&quot;:[{&quot;start&quot;:&quot;10:30&quot;,&quot;end&quot;:&quot;18:30&quot;,&quot;closed&quot;:false}],&quot;friday&quot;:[{&quot;start&quot;:&quot;10:30&quot;,&quot;end&quot;:&quot;18:30&quot;,&quot;closed&quot;:false}],&quot;saturday&quot;:[{&quot;start&quot;:&quot;10:30&quot;,&quot;end&quot;:&quot;18:30&quot;,&quot;closed&quot;:false}],&quot;sunday&quot;:[{&quot;start&quot;:&quot;10:30&quot;,&quot;end&quot;:&quot;18:30&quot;,&quot;closed&quot;:false}],&quot;info&quot;:&quot;&quot;,&quot;description&quot;:&quot;&quot;}],&quot;announcement&quot;:&quot;Bis 7.1.2024&quot;,&quot;period_exception&quot;:[]},&quot;period_list&quot;:&quot;&quot;,&quot;period_exception&quot;:&quot;&quot;,&quot;date&quot;:{&quot;infinite&quot;:false,&quot;from_DATE&quot;:202209150000,&quot;from&quot;:1663237800,&quot;from_TIME&quot;:&quot;10:30&quot;,&quot;to&quot;:1704652200,&quot;to_DATE&quot;:202401070000,&quot;to_TIME&quot;:&quot;18:30&quot;,&quot;from_HRFSHORT&quot;:&quot;15. Sep 2022&quot;,&quot;from_HRFSHORT_WD&quot;:&quot;Do 15.09.2022&quot;,&quot;from_HRF&quot;:&quot;Do, 15. September 2022&quot;,&quot;to_HRF&quot;:&quot;So,  7. Januar 2024&quot;,&quot;to_HRFSHORT&quot;:&quot; 7. Jan 2024&quot;,&quot;to_HRFSHORT_WD&quot;:&quot;So 07.01.2024&quot;,&quot;from_to_HRF&quot;:&quot;Do, 15. September 2022 \\u2013 So,  7. Januar 2024&quot;,&quot;from_to_HRFSHORT&quot;:&quot;15. Sep 2022 \\u2013  7. Jan 2024&quot;,&quot;NXX&quot;:null,&quot;NLAST&quot;:&quot;202401071830&quot;},&quot;alert&quot;:null,&quot;partof&quot;:[],&quot;marketing_topic&quot;:&quot;&quot;}' inline-template>\n\t<a href=\"https:\/\/www.humboldtforum.org\/de\/programm\/dauerangebot\/ausstellung\/ahnen-goettinnen-und-helden-46522\/\" class=\"teaser teaser-event-permanent teaser-event-standard\">\n\t\t<div class=\"row\">\n\t\t\t<div class=\"col-xs-12 teaser-event-image\">\n\t\t\t\t<div class=\"teaser-image teaser-image-no-alternate\">\n\t\t\t\t\t\t\t\t\t\t\t\n\t<lazy-media-inline inline-template>\n\t\t<figure itemscope itemtype=\"http:\/\/schema.org\/ImageObject\" class=\"lazy-media-inline \" role=\"group\" id=\"media_69ef8b1fc2e79\" aria-labelledby=\"desc_media_69ef8b1fc2e79\">\n\t\t\t<script type=\"application\/json\" ref=\"data\">\n\t\t\t\t{\n\t\t\t\t\"sizes\" : {\"medium\":{\"file\":\"SHF_eb00104387-218x300.jpg\",\"width\":218,\"height\":300,\"mime-type\":\"image\\\/jpeg\",\"filesize\":12108},\"large\":{\"file\":\"SHF_eb00104387-746x1024.jpg\",\"width\":746,\"height\":1024,\"mime-type\":\"image\\\/jpeg\",\"filesize\":115509},\"thumbnail\":{\"file\":\"SHF_eb00104387-150x150.jpg\",\"width\":150,\"height\":150,\"mime-type\":\"image\\\/jpeg\",\"filesize\":5550},\"medium_large\":{\"file\":\"SHF_eb00104387-768x1055.jpg\",\"width\":768,\"height\":1055,\"mime-type\":\"image\\\/jpeg\",\"filesize\":121218},\"small\":{\"file\":\"SHF_eb00104387-320x440.jpg\",\"width\":320,\"height\":440,\"mime-type\":\"image\\\/jpeg\",\"filesize\":24332},\"semi\":{\"file\":\"SHF_eb00104387-422x580.jpg\",\"width\":422,\"height\":580,\"mime-type\":\"image\\\/jpeg\",\"filesize\":41112},\"mobile\":{\"file\":\"SHF_eb00104387-524x720.jpg\",\"width\":524,\"height\":720,\"mime-type\":\"image\\\/jpeg\",\"filesize\":61078},\"original\":{\"file\":\"SHF_eb00104387.jpg\",\"width\":932,\"height\":1280}},\n\t\t\t\t\"alt\" : \"Ein kunstvoller, vergoldeter Pfau mit ausgebreiteten Federn auf einem stilvollen Sockel.\",\n\t\t\t\t\"path\" : \"\\\/wp-content\\\/uploads\\\/2022\\\/07\\\/\",\n\t\t\t\t\"video\" : null,\n\t\t\t\t\"autoplay\" : null,\n\t\t\t\t\"youtube\" : null,\n\t\t\t\t\"youtubelabel\" : \"Video abspielen\",\n\t\t\t\t\"brightness\" : 100,\n\t\t\t\t\"crop\" : {\"top\":\"48.27\",\"left\":\"51.07\"},\n\t\t\t\t\"background\" : true,\n\t\t\t\t\"scale\" : 2\t\t\t\t}\n\t\t\t<\/script>\n\n\t\t\t<div class=\"height-container\" style=\"padding-bottom:137.33905579399%;\" v-if=\"sizes\">\n\t\t\t\t\t\t\t\t<lazy-media :inline=\"true\" :alt=\"alt\" :sizes=\"sizes\" :scale=\"scale\" :brightness=\"brightness\" :path=\"path\" :video=\"video\" :autoplay=\"autoplay\" :youtube=\"youtube\" :crop=\"crop\" :youtubelabel=\"youtubelabel\" :background=\"background\" media-id=\"desc_media_69ef8b1fc2e79\"><\/lazy-media>\n\t\t\t\t\t\t\t<\/div>\n\n\t\t\t\t\t\t\t<figcaption class=\"sr-only\" ref=\"body\" id=\"desc_media_69ef8b1fc2e79\">\n\t\t\t\t\t\t\t\t\t\t\t<div>Mahamayuri Vidyarajni<\/div>\n\t\t\t\t\t\t\t\t\t\t\t\t\t\t\t\t<div>Kaiserliche Werkstatt, Peking (China), Inschrift datiert in die Ming-Xuande-Periode (1426&ndash;35), feuervergoldete Bronze, Pfauenfedern\nStaatliche Museen zu Berlin, Ethnologisches Museum, Inv.-Nr. I D 31831 <\/div>\n\t\t\t\t\t\t\t\t\t\t\t\t\t\t\t\t<div class=\"insignificant\">\u00a9 Copyright: bpk \/ Ethnologisches Museum, SMB \/ Waltraut Schneider-Sch\u00fctz<\/div>\n\t\t\t\t\t\t\t\t\t<\/figcaption>\n\t\t\t\t\t<\/figure>\n\t<\/lazy-media-inline>\n\t\t\t\t<\/div>\n\t\t\t<\/div>\n\t\t\t<div class=\"col-xs-12 teaser-event-text Infos\">\n\t\t\t\t<div class=\"teaser-event-standard-text\">\n\t\t\t\t\t<div class=\"margin-bottom-atom\">\n\t\t\t\t\t\t<div class=\"subline clamp-1\" v-html=\"maingenre\"><\/div>\n\t\t\t\t\t\t\t\t\t\t\t<\/div>\n\t\t\t\t\n\t\t\t\t\t<strong class=\"margin-bottom-atom\">Ahnen, G\u00f6ttinnen und Helden\u00a0<\/strong>\n\n\t\t\t\t\t\t\t\t\t\t\t<div class=\"\">Skulpturen aus Asien, Afrika und Europa<\/div>\n\t\t\t\t\t\t\t\t\t<\/div>\n\t\t\t\t<div class=\"teaser-bottom border-bottom\">\n\t\t\t\t<calendardateline :rawitem='item' :show-icon=\"true\"><\/calendardateline>\n\t\t\t\t\t<hr>\n\t\t\t\t<\/div>\n\t\t\t<\/div>\n\t\t<\/div>\n\t<\/a>\n\t<\/calendarteaser>\n<\/li>\n\n<li class=\"teaser-lane-slide col-xs-9 col-sm-4 col-md-3 teaser-wrapper col-padding-remove\">\n\t<calendarteaser key=\"4653716831\" rawitem='{&quot;postId&quot;:46537,&quot;title&quot;:&quot;Ts&#039;uu - Zeder&quot;,&quot;excerpt&quot;:&quot;&quot;,&quot;slug&quot;:&quot;tsuu-zeder&quot;,&quot;post_date&quot;:&quot;2022-07-26T15:14&quot;,&quot;type&quot;:&quot;event-permanent&quot;,&quot;permalink&quot;:&quot;https:\\\/\\\/www.humboldtforum.org\\\/de\\\/programm\\\/dauerangebot\\\/ausstellung\\\/tsuu-zeder-46537\\\/&quot;,&quot;genre&quot;:[391],&quot;genre_details&quot;:[{&quot;text&quot;:&quot;Ausstellung&quot;,&quot;id&quot;:391,&quot;icon&quot;:null,&quot;parent&quot;:0}],&quot;topic&quot;:[782],&quot;topic_details&quot;:[{&quot;text&quot;:&quot;Kolonialismus und Kolonialit\\u00e4t&quot;,&quot;id&quot;:782,&quot;icon&quot;:null,&quot;parent&quot;:0}],&quot;stakeholder&quot;:[530,382],&quot;stakeholder_details&quot;:[{&quot;text&quot;:&quot;Staatliche Museen zu Berlin&quot;,&quot;id&quot;:530,&quot;icon&quot;:null,&quot;parent&quot;:0},{&quot;text&quot;:&quot;Stiftung Humboldt Forum im Berliner Schloss&quot;,&quot;id&quot;:382,&quot;icon&quot;:null,&quot;parent&quot;:0}],&quot;targetgroup&quot;:[383,455],&quot;targetgroup_details&quot;:[{&quot;text&quot;:&quot;Erwachsene&quot;,&quot;id&quot;:383,&quot;icon&quot;:null,&quot;parent&quot;:0},{&quot;text&quot;:&quot;Jugendliche&quot;,&quot;id&quot;:455,&quot;icon&quot;:null,&quot;parent&quot;:0}],&quot;icon_overwrite&quot;:&quot;&quot;,&quot;acf&quot;:{&quot;noindex&quot;:false,&quot;keywords&quot;:&quot;&quot;,&quot;shorturl&quot;:&quot;&quot;,&quot;planning&quot;:{&quot;price&quot;:&quot;&quot;,&quot;status&quot;:&quot;BUY&quot;,&quot;info&quot;:&quot;Zutritt mit Ticket&quot;,&quot;shop&quot;:&quot;https:\\\/\\\/tickets.humboldtforum.org\\\/#\\\/tickets\\\/time?museum_id=1&amp;exhibition_id=17&amp;group=day&amp;date=2025-10-03&quot;,&quot;can_purchase&quot;:true},&quot;use_opening_hours_of_the_house&quot;:false,&quot;display_as_single&quot;:false,&quot;subline&quot;:&quot;Von B\\u00e4umen und Menschen&quot;,&quot;additional_info&quot;:{&quot;icon&quot;:&quot;icon-ort&quot;,&quot;text&quot;:&quot;2. OG, Raum 201, Zugang \\u00fcber den Eingang Ethnologisches Museum&quot;},&quot;highlight_header&quot;:true,&quot;featured_images&quot;:[64269],&quot;use_video_in_teasers&quot;:false,&quot;hyphenation&quot;:true,&quot;tipp&quot;:false,&quot;joker&quot;:false,&quot;live&quot;:false,&quot;hide_event_in_program&quot;:false,&quot;periods&quot;:[{&quot;label&quot;:&quot;&quot;,&quot;dates&quot;:[{&quot;start&quot;:&quot;202209170000&quot;,&quot;end&quot;:&quot;202602230000&quot;,&quot;has_end&quot;:true,&quot;start_HRFSHORT&quot;:&quot;17.09.22&quot;,&quot;start_HRFSHORT_WD&quot;:&quot;Sa 17.09.2022&quot;,&quot;end_HRFSHORT&quot;:&quot;23.02.26&quot;}],&quot;monday&quot;:[{&quot;start&quot;:&quot;10:30&quot;,&quot;end&quot;:&quot;18:30&quot;,&quot;closed&quot;:false}],&quot;tuesday&quot;:[{&quot;start&quot;:null,&quot;end&quot;:null,&quot;closed&quot;:true}],&quot;wednesday&quot;:[{&quot;start&quot;:&quot;10:30&quot;,&quot;end&quot;:&quot;18:30&quot;,&quot;closed&quot;:false}],&quot;thursday&quot;:[{&quot;start&quot;:&quot;10:30&quot;,&quot;end&quot;:&quot;18:30&quot;,&quot;closed&quot;:false}],&quot;friday&quot;:[{&quot;start&quot;:&quot;10:30&quot;,&quot;end&quot;:&quot;18:30&quot;,&quot;closed&quot;:false}],&quot;saturday&quot;:[{&quot;start&quot;:&quot;10:30&quot;,&quot;end&quot;:&quot;18:30&quot;,&quot;closed&quot;:false}],&quot;sunday&quot;:[{&quot;start&quot;:&quot;10:30&quot;,&quot;end&quot;:&quot;18:30&quot;,&quot;closed&quot;:false}],&quot;info&quot;:&quot;&quot;,&quot;description&quot;:&quot;&quot;}],&quot;highlight_header_image&quot;:64521,&quot;has_mobile_format&quot;:false,&quot;period_exception&quot;:[]},&quot;period_list&quot;:&quot;&quot;,&quot;period_exception&quot;:&quot;&quot;,&quot;date&quot;:{&quot;infinite&quot;:false,&quot;from_DATE&quot;:202209170000,&quot;from&quot;:1663410600,&quot;from_TIME&quot;:&quot;10:30&quot;,&quot;to&quot;:1771871400,&quot;to_DATE&quot;:202602230000,&quot;to_TIME&quot;:&quot;18:30&quot;,&quot;from_HRFSHORT&quot;:&quot;17. Sep 2022&quot;,&quot;from_HRFSHORT_WD&quot;:&quot;Sa 17.09.2022&quot;,&quot;from_HRF&quot;:&quot;Sa, 17. September 2022&quot;,&quot;to_HRF&quot;:&quot;Mo, 23. Februar 2026&quot;,&quot;to_HRFSHORT&quot;:&quot;23. Feb 2026&quot;,&quot;to_HRFSHORT_WD&quot;:&quot;Mo 23.02.2026&quot;,&quot;from_to_HRF&quot;:&quot;Sa, 17. September 2022 \\u2013 Mo, 23. Februar 2026&quot;,&quot;from_to_HRFSHORT&quot;:&quot;17. Sep 2022 \\u2013 23. Feb 2026&quot;,&quot;NXX&quot;:null,&quot;NLAST&quot;:&quot;202602231830&quot;},&quot;alert&quot;:&quot;Highlight&quot;,&quot;partof&quot;:[],&quot;marketing_topic&quot;:&quot;&quot;}' inline-template>\n\t<a href=\"https:\/\/www.humboldtforum.org\/de\/programm\/dauerangebot\/ausstellung\/tsuu-zeder-46537\/\" class=\"teaser teaser-event-permanent teaser-event-standard\">\n\t\t<div class=\"row\">\n\t\t\t<div class=\"col-xs-12 teaser-event-image\">\n\t\t\t\t<div class=\"teaser-image teaser-image-no-alternate\">\n\t\t\t\t\t\t\t\t\t\t\t\t\t<span class=\"alert\">Highlight<\/span>\n\t\t\t\t\t\t\t\t\t\t\t\n\t<lazy-media-inline inline-template>\n\t\t<figure itemscope itemtype=\"http:\/\/schema.org\/ImageObject\" class=\"lazy-media-inline \" role=\"group\" id=\"media_69ef8b1fc3b2c\" aria-labelledby=\"desc_media_69ef8b1fc3b2c\">\n\t\t\t<script type=\"application\/json\" ref=\"data\">\n\t\t\t\t{\n\t\t\t\t\"sizes\" : {\"medium\":{\"file\":\"SHF_eb00169861_WAF-18-1-300x225.jpg\",\"width\":300,\"height\":225,\"mime-type\":\"image\\\/jpeg\",\"filesize\":19966},\"large\":{\"file\":\"SHF_eb00169861_WAF-18-1-1024x768.jpg\",\"width\":1024,\"height\":768,\"mime-type\":\"image\\\/jpeg\",\"filesize\":182475},\"thumbnail\":{\"file\":\"SHF_eb00169861_WAF-18-1-150x150.jpg\",\"width\":150,\"height\":150,\"mime-type\":\"image\\\/jpeg\",\"filesize\":7749},\"medium_large\":{\"file\":\"SHF_eb00169861_WAF-18-1-768x576.jpg\",\"width\":768,\"height\":576,\"mime-type\":\"image\\\/jpeg\",\"filesize\":108842},\"small\":{\"file\":\"SHF_eb00169861_WAF-18-1-440x330.jpg\",\"width\":440,\"height\":330,\"mime-type\":\"image\\\/jpeg\",\"filesize\":39091},\"semi\":{\"file\":\"SHF_eb00169861_WAF-18-1-580x435.jpg\",\"width\":580,\"height\":435,\"mime-type\":\"image\\\/jpeg\",\"filesize\":65715},\"mobile\":{\"file\":\"SHF_eb00169861_WAF-18-1-720x540.jpg\",\"width\":720,\"height\":540,\"mime-type\":\"image\\\/jpeg\",\"filesize\":97206},\"hd\":{\"file\":\"SHF_eb00169861_WAF-18-1-1280x960.jpg\",\"width\":1280,\"height\":960,\"mime-type\":\"image\\\/jpeg\",\"filesize\":265746},\"original\":{\"file\":\"SHF_eb00169861_WAF-18-1.jpg\",\"width\":1333,\"height\":1000}},\n\t\t\t\t\"alt\" : \"Ausstellung mit Kunstwerken und Infotafeln in einer Galerie, die kulturelle Objekte pr\\u00e4sentiert.\",\n\t\t\t\t\"path\" : \"\\\/wp-content\\\/uploads\\\/2022\\\/12\\\/\",\n\t\t\t\t\"video\" : null,\n\t\t\t\t\"autoplay\" : null,\n\t\t\t\t\"youtube\" : null,\n\t\t\t\t\"youtubelabel\" : \"Video abspielen\",\n\t\t\t\t\"brightness\" : 100,\n\t\t\t\t\"crop\" : null,\n\t\t\t\t\"background\" : true,\n\t\t\t\t\"scale\" : 2\t\t\t\t}\n\t\t\t<\/script>\n\n\t\t\t<div class=\"height-container\" style=\"padding-bottom:75.018754688672%;\" v-if=\"sizes\">\n\t\t\t\t\t\t\t\t<lazy-media :inline=\"true\" :alt=\"alt\" :sizes=\"sizes\" :scale=\"scale\" :brightness=\"brightness\" :path=\"path\" :video=\"video\" :autoplay=\"autoplay\" :youtube=\"youtube\" :crop=\"crop\" :youtubelabel=\"youtubelabel\" :background=\"background\" media-id=\"desc_media_69ef8b1fc3b2c\"><\/lazy-media>\n\t\t\t\t\t\t\t<\/div>\n\n\t\t\t\t\t\t\t<figcaption class=\"sr-only\" ref=\"body\" id=\"desc_media_69ef8b1fc3b2c\">\n\t\t\t\t\t\t\t\t\t\t\t\t\t\t\t\t<div>Ansicht der tempor&auml;ren Ausstellung &quot;Ts&#039;uu &ndash; Zeder. Von B&auml;umen und Menschen&quot; <\/div>\n\t\t\t\t\t\t\t\t\t\t\t\t\t\t\t\t<div class=\"insignificant\">\u00a9 Stiftung Humboldt Forum im Berliner Schloss, Foto: Alexander Schippel<\/div>\n\t\t\t\t\t\t\t\t\t<\/figcaption>\n\t\t\t\t\t<\/figure>\n\t<\/lazy-media-inline>\n\t\t\t\t<\/div>\n\t\t\t<\/div>\n\t\t\t<div class=\"col-xs-12 teaser-event-text Infos\">\n\t\t\t\t<div class=\"teaser-event-standard-text\">\n\t\t\t\t\t<div class=\"margin-bottom-atom\">\n\t\t\t\t\t\t<div class=\"subline clamp-1\" v-html=\"maingenre\"><\/div>\n\t\t\t\t\t\t\t\t\t\t\t<\/div>\n\t\t\t\t\n\t\t\t\t\t<strong class=\"margin-bottom-atom\">Ts&#8217;uu &#8211; Zeder<\/strong>\n\n\t\t\t\t\t\t\t\t\t\t\t<div class=\"\">Von B\u00e4umen und Menschen<\/div>\n\t\t\t\t\t\t\t\t\t<\/div>\n\t\t\t\t<div class=\"teaser-bottom border-bottom\">\n\t\t\t\t<calendardateline :rawitem='item' :show-icon=\"true\"><\/calendardateline>\n\t\t\t\t\t<hr>\n\t\t\t\t<\/div>\n\t\t\t<\/div>\n\t\t<\/div>\n\t<\/a>\n\t<\/calendarteaser>\n<\/li>\n\n<li class=\"teaser-lane-slide col-xs-9 col-sm-4 col-md-3 teaser-wrapper col-padding-remove\">\n\t<calendarteaser key=\"4934413656\" rawitem='{&quot;postId&quot;:49344,&quot;title&quot;:&quot;Ansichtssache(n)&quot;,&quot;excerpt&quot;:&quot;&quot;,&quot;slug&quot;:&quot;ansichtssachen&quot;,&quot;post_date&quot;:&quot;2022-08-29T09:21&quot;,&quot;type&quot;:&quot;event-permanent&quot;,&quot;permalink&quot;:&quot;https:\\\/\\\/www.humboldtforum.org\\\/de\\\/programm\\\/dauerangebot\\\/ausstellung\\\/ansichtssachen-49344\\\/&quot;,&quot;genre&quot;:[391],&quot;genre_details&quot;:[{&quot;text&quot;:&quot;Ausstellung&quot;,&quot;id&quot;:391,&quot;icon&quot;:null,&quot;parent&quot;:0}],&quot;icon_overwrite&quot;:&quot;&quot;,&quot;acf&quot;:{&quot;noindex&quot;:false,&quot;keywords&quot;:&quot;&quot;,&quot;shorturl&quot;:&quot;&quot;,&quot;planning&quot;:{&quot;price&quot;:&quot;&quot;,&quot;status&quot;:&quot;BUY&quot;,&quot;info&quot;:&quot;Ausstellungsticket erforderlich&quot;,&quot;shop&quot;:&quot;https:\\\/\\\/tickets.humboldtforum.org\\\/#\\\/tickets\\\/time?museum_id=1&amp;exhibition_id=17&amp;group=day&amp;date=2025-10-03&quot;,&quot;can_purchase&quot;:true},&quot;use_opening_hours_of_the_house&quot;:true,&quot;display_as_single&quot;:false,&quot;additional_info&quot;:{&quot;icon&quot;:&quot;icon-ort&quot;,&quot;text&quot;:&quot;2. OG, Raum 214&quot;},&quot;highlight_header&quot;:false,&quot;featured_images&quot;:[49342],&quot;use_video_in_teasers&quot;:false,&quot;hyphenation&quot;:true,&quot;tipp&quot;:false,&quot;joker&quot;:false,&quot;live&quot;:false,&quot;hide_event_in_program&quot;:false,&quot;infotext&quot;:&quot;&quot;,&quot;periods&quot;:[{&quot;label&quot;:&quot;&quot;,&quot;dates&quot;:[{&quot;start&quot;:&quot;202301020000&quot;,&quot;end&quot;:&quot;202212310000&quot;,&quot;has_end&quot;:false,&quot;start_HRFSHORT&quot;:&quot;02.01.23&quot;,&quot;start_HRFSHORT_WD&quot;:&quot;Mo 02.01.2023&quot;}],&quot;monday&quot;:[{&quot;start&quot;:&quot;10:30&quot;,&quot;end&quot;:&quot;18:30&quot;,&quot;closed&quot;:false}],&quot;tuesday&quot;:[{&quot;start&quot;:null,&quot;end&quot;:null,&quot;closed&quot;:true}],&quot;wednesday&quot;:[{&quot;start&quot;:&quot;10:30&quot;,&quot;end&quot;:&quot;18:30&quot;,&quot;closed&quot;:false}],&quot;thursday&quot;:[{&quot;start&quot;:&quot;10:30&quot;,&quot;end&quot;:&quot;18:30&quot;,&quot;closed&quot;:false}],&quot;friday&quot;:[{&quot;start&quot;:&quot;10:30&quot;,&quot;end&quot;:&quot;18:30&quot;,&quot;closed&quot;:false}],&quot;saturday&quot;:[{&quot;start&quot;:&quot;10:30&quot;,&quot;end&quot;:&quot;18:30&quot;,&quot;closed&quot;:false}],&quot;sunday&quot;:[{&quot;start&quot;:&quot;10:30&quot;,&quot;end&quot;:&quot;18:30&quot;,&quot;closed&quot;:false}],&quot;info&quot;:&quot;&quot;,&quot;description&quot;:&quot;&quot;}],&quot;period_exception&quot;:[{&quot;label&quot;:&quot;&quot;,&quot;date&quot;:&quot;202512240000&quot;,&quot;closed&quot;:true,&quot;start&quot;:null,&quot;end&quot;:null,&quot;date_HRFSHORT&quot;:&quot;24.12.25&quot;},{&quot;label&quot;:&quot;&quot;,&quot;date&quot;:&quot;202512250000&quot;,&quot;closed&quot;:false,&quot;start&quot;:&quot;12:00&quot;,&quot;end&quot;:&quot;18:00&quot;,&quot;date_HRFSHORT&quot;:&quot;25.12.25&quot;},{&quot;label&quot;:&quot;&quot;,&quot;date&quot;:&quot;202512260000&quot;,&quot;closed&quot;:false,&quot;start&quot;:&quot;12:00&quot;,&quot;end&quot;:&quot;18:00&quot;,&quot;date_HRFSHORT&quot;:&quot;26.12.25&quot;},{&quot;label&quot;:&quot;&quot;,&quot;date&quot;:&quot;202512300000&quot;,&quot;closed&quot;:false,&quot;start&quot;:&quot;10:30&quot;,&quot;end&quot;:&quot;18:30&quot;,&quot;date_HRFSHORT&quot;:&quot;30.12.25&quot;},{&quot;label&quot;:&quot;&quot;,&quot;date&quot;:&quot;202512310000&quot;,&quot;closed&quot;:false,&quot;start&quot;:&quot;10:30&quot;,&quot;end&quot;:&quot;16:30&quot;,&quot;date_HRFSHORT&quot;:&quot;31.12.25&quot;},{&quot;label&quot;:&quot;&quot;,&quot;date&quot;:&quot;202601010000&quot;,&quot;closed&quot;:false,&quot;start&quot;:&quot;12:00&quot;,&quot;end&quot;:&quot;18:00&quot;,&quot;date_HRFSHORT&quot;:&quot;01.01.26&quot;}]},&quot;period_list&quot;:&quot;&lt;strong&gt;\\u00d6ffnungszeiten&lt;\\\/strong&gt;\\nMo, Mi, Do, Fr, Sa, So: 10:30 \\u2013 18:30 Uhr\\nDi: geschlossen\\n\\n&quot;,&quot;period_exception&quot;:&quot;&quot;,&quot;date&quot;:{&quot;infinite&quot;:true,&quot;from_DATE&quot;:202301020000,&quot;from&quot;:1672655400,&quot;from_TIME&quot;:&quot;10:30&quot;,&quot;to&quot;:1808842380,&quot;to_DATE&quot;:202704271613,&quot;to_TIME&quot;:&quot;00:00&quot;,&quot;from_HRFSHORT&quot;:&quot; 2. Jan 2023&quot;,&quot;from_HRFSHORT_WD&quot;:&quot;Mo 02.01.2023&quot;,&quot;from_HRF&quot;:&quot;Mo,  2. Januar 2023&quot;,&quot;to_HRF&quot;:&quot;Di, 27. April 2027&quot;,&quot;to_HRFSHORT&quot;:&quot;27. Apr 2027&quot;,&quot;to_HRFSHORT_WD&quot;:&quot;Di 27.04.2027&quot;,&quot;from_to_HRF&quot;:&quot;Mo,  2. Januar 2023 \\u2013 Di, 27. April 2027&quot;,&quot;from_to_HRFSHORT&quot;:&quot; 2. Jan 2023 \\u2013 27. Apr 2027&quot;,&quot;NXX&quot;:&quot;202604271613&quot;,&quot;NLAST&quot;:&quot;202704271613&quot;,&quot;NX&quot;:&quot;20260427&quot;},&quot;alert&quot;:null,&quot;partof&quot;:[],&quot;marketing_topic&quot;:&quot;&quot;}' inline-template>\n\t<a href=\"https:\/\/www.humboldtforum.org\/de\/programm\/dauerangebot\/ausstellung\/ansichtssachen-49344\/\" class=\"teaser teaser-event-permanent teaser-event-standard\">\n\t\t<div class=\"row\">\n\t\t\t<div class=\"col-xs-12 teaser-event-image\">\n\t\t\t\t<div class=\"teaser-image teaser-image-no-alternate\">\n\t\t\t\t\t\t\t\t\t\t\t\n\t<lazy-media-inline inline-template>\n\t\t<figure itemscope itemtype=\"http:\/\/schema.org\/ImageObject\" class=\"lazy-media-inline \" role=\"group\" id=\"media_69ef8b1fc47c3\" aria-labelledby=\"desc_media_69ef8b1fc47c3\">\n\t\t\t<script type=\"application\/json\" ref=\"data\">\n\t\t\t\t{\n\t\t\t\t\"sizes\" : {\"medium\":{\"file\":\"SHF_eb00119705-300x225.jpg\",\"width\":300,\"height\":225,\"mime-type\":\"image\\\/jpeg\",\"filesize\":19051},\"large\":{\"file\":\"SHF_eb00119705-1024x766.jpg\",\"width\":1024,\"height\":766,\"mime-type\":\"image\\\/jpeg\",\"filesize\":140610},\"thumbnail\":{\"file\":\"SHF_eb00119705-150x150.jpg\",\"width\":150,\"height\":150,\"mime-type\":\"image\\\/jpeg\",\"filesize\":8009},\"medium_large\":{\"file\":\"SHF_eb00119705-768x575.jpg\",\"width\":768,\"height\":575,\"mime-type\":\"image\\\/jpeg\",\"filesize\":90822},\"small\":{\"file\":\"SHF_eb00119705-440x329.jpg\",\"width\":440,\"height\":329,\"mime-type\":\"image\\\/jpeg\",\"filesize\":36405},\"semi\":{\"file\":\"SHF_eb00119705-580x434.jpg\",\"width\":580,\"height\":434,\"mime-type\":\"image\\\/jpeg\",\"filesize\":57614},\"mobile\":{\"file\":\"SHF_eb00119705-720x539.jpg\",\"width\":720,\"height\":539,\"mime-type\":\"image\\\/jpeg\",\"filesize\":82524},\"original\":{\"file\":\"SHF_eb00119705.jpg\",\"width\":1280,\"height\":958}},\n\t\t\t\t\"alt\" : \"Moderne Galerie mit schwarzem, offenen Regaldesign und minimalistischer \\u00c4sthetik in einem lichtdurchfluteten Raum.\",\n\t\t\t\t\"path\" : \"\\\/wp-content\\\/uploads\\\/2022\\\/08\\\/\",\n\t\t\t\t\"video\" : null,\n\t\t\t\t\"autoplay\" : null,\n\t\t\t\t\"youtube\" : null,\n\t\t\t\t\"youtubelabel\" : \"Video abspielen\",\n\t\t\t\t\"brightness\" : 100,\n\t\t\t\t\"crop\" : null,\n\t\t\t\t\"background\" : true,\n\t\t\t\t\"scale\" : 2\t\t\t\t}\n\t\t\t<\/script>\n\n\t\t\t<div class=\"height-container\" style=\"padding-bottom:74.84375%;\" v-if=\"sizes\">\n\t\t\t\t\t\t\t\t<lazy-media :inline=\"true\" :alt=\"alt\" :sizes=\"sizes\" :scale=\"scale\" :brightness=\"brightness\" :path=\"path\" :video=\"video\" :autoplay=\"autoplay\" :youtube=\"youtube\" :crop=\"crop\" :youtubelabel=\"youtubelabel\" :background=\"background\" media-id=\"desc_media_69ef8b1fc47c3\"><\/lazy-media>\n\t\t\t\t\t\t\t<\/div>\n\n\t\t\t\t\t\t\t<figcaption class=\"sr-only\" ref=\"body\" id=\"desc_media_69ef8b1fc47c3\">\n\t\t\t\t\t\t\t\t\t\t\t\t\t\t\t\t<div>Tempor&auml;re Ausstellung &quot;Ansichtssache(n)&quot; im Ethnologischen Museum <\/div>\n\t\t\t\t\t\t\t\t\t\t\t\t\t\t\t\t<div class=\"insignificant\">\u00a9 Staatliche Museen zu Berlin, Ethnologisches Museum \/ Stiftung Humboldt Forum im Berliner Schloss \/ Foto: Alexander Schippel \/ Szenographie Valentine Koppenh\u00f6fer<\/div>\n\t\t\t\t\t\t\t\t\t<\/figcaption>\n\t\t\t\t\t<\/figure>\n\t<\/lazy-media-inline>\n\t\t\t\t<\/div>\n\t\t\t<\/div>\n\t\t\t<div class=\"col-xs-12 teaser-event-text Infos\">\n\t\t\t\t<div class=\"teaser-event-standard-text\">\n\t\t\t\t\t<div class=\"margin-bottom-atom\">\n\t\t\t\t\t\t<div class=\"subline clamp-1\" v-html=\"maingenre\"><\/div>\n\t\t\t\t\t\t\t\t\t\t\t<\/div>\n\t\t\t\t\n\t\t\t\t\t<strong class=\"margin-bottom-atom\">Ansichtssache(n)<\/strong>\n\n\t\t\t\t\t\t\t\t\t\t\t<div class=\"\"><\/div>\n\t\t\t\t\t\t\t\t\t<\/div>\n\t\t\t\t<div class=\"teaser-bottom border-bottom\">\n\t\t\t\t<calendardateline :rawitem='item' :show-icon=\"true\"><\/calendardateline>\n\t\t\t\t\t<hr>\n\t\t\t\t<\/div>\n\t\t\t<\/div>\n\t\t<\/div>\n\t<\/a>\n\t<\/calendarteaser>\n<\/li>\n\n\t\t\t\t\t\t<\/ul>\n\t\t\t\t\t<\/div>\n\t\t\t\t<\/div>\n\t\t\t<\/teaser-lane-with-buttons>\n\t\t\t\t<\/lazy-component>\n<\/section>\n\n\n\n<section class=\"block block-CTA block-CTA-long leftgradient\">\n\t<div class=\"container-fluid\">\n\t\t<div class=\"row center-xs\">\n\t\t\t<div class=\"col-xs-12\">\n\t\t\t\t<div class=\"box\">\n\t\t\t\t\t<a href=\"https:\/\/www.humboldtforum.org\/de\/newsletter-2\/\" aria-label=\"Bleiben Sie auf dem Laufenden!\" class=\"teaser teaser-cta-wide \">\n\t\t\t\t\t\t<div class=\"teaser-image\">\n\t\t\t\t\t\t\t\n\t<lazy-media-inline inline-template>\n\t\t<figure itemscope itemtype=\"http:\/\/schema.org\/ImageObject\" class=\"lazy-media-inline \" role=\"group\" id=\"media_69ef8b1fc6b24\" aria-labelledby=\"desc_media_69ef8b1fc6b24\">\n\t\t\t<script type=\"application\/json\" ref=\"data\">\n\t\t\t\t{\n\t\t\t\t\"sizes\" : {\"medium\":{\"file\":\"HF_eb00061823-scaled-300x200.jpg\",\"width\":300,\"height\":200,\"mime-type\":\"image\\\/jpeg\",\"filesize\":19186},\"large\":{\"file\":\"HF_eb00061823-scaled-1024x683.jpg\",\"width\":1024,\"height\":683,\"mime-type\":\"image\\\/jpeg\",\"filesize\":138597},\"thumbnail\":{\"file\":\"HF_eb00061823-scaled-150x150.jpg\",\"width\":150,\"height\":150,\"mime-type\":\"image\\\/jpeg\",\"filesize\":8513},\"medium_large\":{\"file\":\"HF_eb00061823-scaled-768x512.jpg\",\"width\":768,\"height\":512,\"mime-type\":\"image\\\/jpeg\",\"filesize\":86200},\"small\":{\"file\":\"HF_eb00061823-scaled-440x293.jpg\",\"width\":440,\"height\":293,\"mime-type\":\"image\\\/jpeg\",\"filesize\":35525},\"semi\":{\"file\":\"HF_eb00061823-scaled-580x387.jpg\",\"width\":580,\"height\":387,\"mime-type\":\"image\\\/jpeg\",\"filesize\":55724},\"mobile\":{\"file\":\"HF_eb00061823-scaled-720x480.jpg\",\"width\":720,\"height\":480,\"mime-type\":\"image\\\/jpeg\",\"filesize\":77971},\"hd\":{\"file\":\"HF_eb00061823-scaled-1280x854.jpg\",\"width\":1280,\"height\":854,\"mime-type\":\"image\\\/jpeg\",\"filesize\":202477},\"full\":{\"file\":\"HF_eb00061823-scaled-1920x1280.jpg\",\"width\":1920,\"height\":1280,\"mime-type\":\"image\\\/jpeg\",\"filesize\":386736},\"1536x1536\":{\"file\":\"HF_eb00061823-scaled-1536x1024.jpg\",\"width\":1536,\"height\":1024,\"mime-type\":\"image\\\/jpeg\",\"filesize\":266197},\"2048x2048\":{\"file\":\"HF_eb00061823-scaled-2048x1366.jpg\",\"width\":2048,\"height\":1366,\"mime-type\":\"image\\\/jpeg\",\"filesize\":430206},\"original\":{\"file\":\"HF_eb00061823-scaled.jpg\",\"width\":2560,\"height\":1707}},\n\t\t\t\t\"alt\" : \"Blick in das beleuchtete Foyer von der Galerie im ersten Stock mit Besuchenden, Infopoint und Medienturm\",\n\t\t\t\t\"path\" : \"\\\/wp-content\\\/uploads\\\/2020\\\/04\\\/\",\n\t\t\t\t\"video\" : null,\n\t\t\t\t\"autoplay\" : null,\n\t\t\t\t\"youtube\" : null,\n\t\t\t\t\"youtubelabel\" : \"Video abspielen\",\n\t\t\t\t\"brightness\" : \"70\",\n\t\t\t\t\"crop\" : {\"top\":\"90.37\",\"left\":\"39.93\"},\n\t\t\t\t\"background\" : true,\n\t\t\t\t\"scale\" : 2\t\t\t\t}\n\t\t\t<\/script>\n\n\t\t\t<div class=\"height-container\" style=\"padding-bottom:66.6796875%;\" v-if=\"sizes\">\n\t\t\t\t\t\t\t\t<lazy-media :inline=\"true\" :alt=\"alt\" :sizes=\"sizes\" :scale=\"scale\" :brightness=\"brightness\" :path=\"path\" :video=\"video\" :autoplay=\"autoplay\" :youtube=\"youtube\" :crop=\"crop\" :youtubelabel=\"youtubelabel\" :background=\"background\" media-id=\"desc_media_69ef8b1fc6b24\"><\/lazy-media>\n\t\t\t\t\t\t\t<\/div>\n\n\t\t\t\t\t\t\t<figcaption class=\"sr-only\" ref=\"body\" id=\"desc_media_69ef8b1fc6b24\">\n\t\t\t\t\t\t\t\t\t\t\t<div>Blick in das Foyer, November 2019.<\/div>\n\t\t\t\t\t\t\t\t\t\t\t\t\t\t\t\t\t\t\t\t\t<div class=\"insignificant\">\u00a9 Stiftung Humboldt Forum im Berliner Schloss \/ David von Becker<\/div>\n\t\t\t\t\t\t\t\t\t<\/figcaption>\n\t\t\t\t\t<\/figure>\n\t<\/lazy-media-inline>\n\t\t\t\t\t\t<\/div>\n\t\t\t\t\t\t<div class=\"teaser-content \">\n\t\t\t\t\t\t\t<div>\n\t\t\t\t\t\t\t\t\t\t\t\t\t\t\t\t<div class=\"teaser-header\"><span class=\"h3\">Bleiben Sie auf dem Laufenden!<\/span><\/div>\n\t\t\t\t\t\t\t\t<div class=\"teaser-subline\"><span class=\"font-decoration\">Abonnieren Sie unseren Newsletter.<\/span><\/div>\t\t\t\t\t\t\t\t<button tabindex=\"-1\" class=\"border\">Hier klicken<\/button>\n\t\t\t\t\t\t\t<\/div>\n\t\t\t\t\t\t<\/div>\n\t\t\t\t\t<\/a>\n\t\t\t\t<\/div>\n\t\t\t<\/div>\n\t\t<\/div>\n\t<\/div>\n<\/section>\n","protected":false},"template":"","genre":[379],"digital":[],"topic":[],"stakeholder":[382],"editorial":[],"editorialfilter":[],"targetgroup":[],"language":[],"accessability":[],"age":[440],"school":[],"groupsize":[],"place":[],"class_list":["post-69600","event-period","type-event-period","status-publish","has-post-thumbnail","hentry","genre-sonstige","stakeholder-stiftung-humboldt-forum-im-berliner-schloss","age-ab-18-jahre"],"acf":[],"_links":{"self":[{"href":"https:\/\/www.humboldtforum.org\/de\/wp-json\/wp\/v2\/event-period\/69600","targetHints":{"allow":["GET"]}}],"collection":[{"href":"https:\/\/www.humboldtforum.org\/de\/wp-json\/wp\/v2\/event-period"}],"about":[{"href":"https:\/\/www.humboldtforum.org\/de\/wp-json\/wp\/v2\/types\/event-period"}],"version-history":[{"count":12,"href":"https:\/\/www.humboldtforum.org\/de\/wp-json\/wp\/v2\/event-period\/69600\/revisions"}],"predecessor-version":[{"id":70843,"href":"https:\/\/www.humboldtforum.org\/de\/wp-json\/wp\/v2\/event-period\/69600\/revisions\/70843"}],"wp:featuredmedia":[{"embeddable":true,"href":"https:\/\/www.humboldtforum.org\/de\/wp-json\/wp\/v2\/media\/70835"}],"wp:attachment":[{"href":"https:\/\/www.humboldtforum.org\/de\/wp-json\/wp\/v2\/media?parent=69600"}],"wp:term":[{"taxonomy":"genre","embeddable":true,"href":"https:\/\/www.humboldtforum.org\/de\/wp-json\/wp\/v2\/genre?post=69600"},{"taxonomy":"digital","embeddable":true,"href":"https:\/\/www.humboldtforum.org\/de\/wp-json\/wp\/v2\/digital?post=69600"},{"taxonomy":"topic","embeddable":true,"href":"https:\/\/www.humboldtforum.org\/de\/wp-json\/wp\/v2\/topic?post=69600"},{"taxonomy":"stakeholder","embeddable":true,"href":"https:\/\/www.humboldtforum.org\/de\/wp-json\/wp\/v2\/stakeholder?post=69600"},{"taxonomy":"editorial","embeddable":true,"href":"https:\/\/www.humboldtforum.org\/de\/wp-json\/wp\/v2\/editorial?post=69600"},{"taxonomy":"editorialfilter","embeddable":true,"href":"https:\/\/www.humboldtforum.org\/de\/wp-json\/wp\/v2\/editorialfilter?post=69600"},{"taxonomy":"targetgroup","embeddable":true,"href":"https:\/\/www.humboldtforum.org\/de\/wp-json\/wp\/v2\/targetgroup?post=69600"},{"taxonomy":"language","embeddable":true,"href":"https:\/\/www.humboldtforum.org\/de\/wp-json\/wp\/v2\/language?post=69600"},{"taxonomy":"accessability","embeddable":true,"href":"https:\/\/www.humboldtforum.org\/de\/wp-json\/wp\/v2\/accessability?post=69600"},{"taxonomy":"age","embeddable":true,"href":"https:\/\/www.humboldtforum.org\/de\/wp-json\/wp\/v2\/age?post=69600"},{"taxonomy":"school","embeddable":true,"href":"https:\/\/www.humboldtforum.org\/de\/wp-json\/wp\/v2\/school?post=69600"},{"taxonomy":"groupsize","embeddable":true,"href":"https:\/\/www.humboldtforum.org\/de\/wp-json\/wp\/v2\/groupsize?post=69600"},{"taxonomy":"place","embeddable":true,"href":"https:\/\/www.humboldtforum.org\/de\/wp-json\/wp\/v2\/place?post=69600"}],"curies":[{"name":"wp","href":"https:\/\/api.w.org\/{rel}","templated":true}]}}