{"id":14140,"date":"2020-10-23T08:36:27","date_gmt":"2020-10-23T06:36:27","guid":{"rendered":"https:\/\/www.humboldtforum.org\/?post_type=event-permanent&#038;p=14140"},"modified":"2026-04-24T09:56:53","modified_gmt":"2026-04-24T07:56:53","slug":"berlin-global","status":"publish","type":"event-permanent","link":"https:\/\/www.humboldtforum.org\/de\/programm\/dauerangebot\/ausstellung\/berlin-global-14140\/","title":{"rendered":"BERLIN GLOBAL"},"content":{"rendered":"<section class=\"block block-headline  hyph-disable\" >\n\t<div class=\"container-fluid\">\n\t\t<div class=\"row\">\n\t\t\t\t\t\t\t<div class=\"col-xs-12 col-md-offset-2 col-md-8\">\n\t\t\t\t\t<div class=\"box\">\n\t\t\t\t\t\t<h2 class=\".h2\">Berlin \u2013 Stadt der Geschichten<\/h2>\n\t\t\t\t\t<\/div>\n\t\t\t\t<\/div>\n\t\t\t\t\t<\/div>\n\t<\/div>\n<\/section>\n\n\n\n\n\n<section class=\"block block-gallery-moderated\" >\n\t<block-gallery-moderated inline-template>\n\t\t<div>\n\t\t\t<div class=\"block-gallery-moderated-video\" :class=\"{ firstLoaded: firstLoaded }\">\n\t<script type=\"application\/json\" ref=\"data\">\n\t\t{\n\t\t\t\"images\" : [{\"id\":0,\"width\":5894,\"height\":3315,\"alt\":\"Moderne Galerie mit bunten Wandmalereien von Comic- und Cartoonfiguren.\",\"title\":\"\",\"description\":\"\",\"label\":\"\",\"copyright\":\"How&Nosm \\\/ Kulturprojekte Berlin und Stiftung Stadtmuseum Berlin, Foto: Alexander Schippel\",\"path\":\"\\\/wp-content\\\/uploads\\\/2020\\\/10\\\/\",\"sizes\":{\"medium\":{\"file\":\"BG_202002_Weltdenken_HowNosm_Raumansicht1_Foto_Alexander-Schippel-16-9-300x169.jpg\",\"width\":300,\"height\":169,\"mime-type\":\"image\\\/jpeg\"},\"large\":{\"file\":\"BG_202002_Weltdenken_HowNosm_Raumansicht1_Foto_Alexander-Schippel-16-9-1024x576.jpg\",\"width\":1024,\"height\":576,\"mime-type\":\"image\\\/jpeg\"},\"thumbnail\":{\"file\":\"BG_202002_Weltdenken_HowNosm_Raumansicht1_Foto_Alexander-Schippel-16-9-150x150.jpg\",\"width\":150,\"height\":150,\"mime-type\":\"image\\\/jpeg\"},\"medium_large\":{\"file\":\"BG_202002_Weltdenken_HowNosm_Raumansicht1_Foto_Alexander-Schippel-16-9-768x432.jpg\",\"width\":768,\"height\":432,\"mime-type\":\"image\\\/jpeg\"},\"small\":{\"file\":\"BG_202002_Weltdenken_HowNosm_Raumansicht1_Foto_Alexander-Schippel-16-9-440x247.jpg\",\"width\":440,\"height\":247,\"mime-type\":\"image\\\/jpeg\"},\"semi\":{\"file\":\"BG_202002_Weltdenken_HowNosm_Raumansicht1_Foto_Alexander-Schippel-16-9-580x326.jpg\",\"width\":580,\"height\":326,\"mime-type\":\"image\\\/jpeg\"},\"mobile\":{\"file\":\"BG_202002_Weltdenken_HowNosm_Raumansicht1_Foto_Alexander-Schippel-16-9-720x405.jpg\",\"width\":720,\"height\":405,\"mime-type\":\"image\\\/jpeg\"},\"hd\":{\"file\":\"BG_202002_Weltdenken_HowNosm_Raumansicht1_Foto_Alexander-Schippel-16-9-1280x720.jpg\",\"width\":1280,\"height\":720,\"mime-type\":\"image\\\/jpeg\"},\"full\":{\"file\":\"BG_202002_Weltdenken_HowNosm_Raumansicht1_Foto_Alexander-Schippel-16-9-1920x1080.jpg\",\"width\":1920,\"height\":1080,\"mime-type\":\"image\\\/jpeg\"},\"xxl\":{\"file\":\"BG_202002_Weltdenken_HowNosm_Raumansicht1_Foto_Alexander-Schippel-16-9-4048x2277.jpg\",\"width\":4048,\"height\":2277,\"mime-type\":\"image\\\/jpeg\"},\"1536x1536\":{\"file\":\"BG_202002_Weltdenken_HowNosm_Raumansicht1_Foto_Alexander-Schippel-16-9-1536x864.jpg\",\"width\":1536,\"height\":864,\"mime-type\":\"image\\\/jpeg\"},\"2048x2048\":{\"file\":\"BG_202002_Weltdenken_HowNosm_Raumansicht1_Foto_Alexander-Schippel-16-9-2048x1152.jpg\",\"width\":2048,\"height\":1152,\"mime-type\":\"image\\\/jpeg\"},\"original\":{\"file\":\"BG_202002_Weltdenken_HowNosm_Raumansicht1_Foto_Alexander-Schippel-16-9.jpg\",\"width\":5894,\"height\":3315}},\"autoplay\":false},{\"id\":1,\"width\":3543,\"height\":1993,\"alt\":\"Interaktive Installation mit schwebendem, leuchtendem Globus in einem modernen Raum mit Graffiti-W&auml;nden.\",\"title\":\"\",\"description\":\"\",\"label\":\"\",\"copyright\":\"Kulturprojekte Berlin und Stiftung Stadtmuseum Berlin, Foto: Alexander Schippel\",\"path\":\"\\\/wp-content\\\/uploads\\\/2020\\\/10\\\/\",\"sizes\":{\"medium\":{\"file\":\"CF007584-16-9-300x169.jpg\",\"width\":300,\"height\":169,\"mime-type\":\"image\\\/jpeg\"},\"large\":{\"file\":\"CF007584-16-9-1024x576.jpg\",\"width\":1024,\"height\":576,\"mime-type\":\"image\\\/jpeg\"},\"thumbnail\":{\"file\":\"CF007584-16-9-150x150.jpg\",\"width\":150,\"height\":150,\"mime-type\":\"image\\\/jpeg\"},\"medium_large\":{\"file\":\"CF007584-16-9-768x432.jpg\",\"width\":768,\"height\":432,\"mime-type\":\"image\\\/jpeg\"},\"small\":{\"file\":\"CF007584-16-9-440x248.jpg\",\"width\":440,\"height\":248,\"mime-type\":\"image\\\/jpeg\"},\"semi\":{\"file\":\"CF007584-16-9-580x326.jpg\",\"width\":580,\"height\":326,\"mime-type\":\"image\\\/jpeg\"},\"mobile\":{\"file\":\"CF007584-16-9-720x405.jpg\",\"width\":720,\"height\":405,\"mime-type\":\"image\\\/jpeg\"},\"hd\":{\"file\":\"CF007584-16-9-1280x720.jpg\",\"width\":1280,\"height\":720,\"mime-type\":\"image\\\/jpeg\"},\"full\":{\"file\":\"CF007584-16-9-1920x1080.jpg\",\"width\":1920,\"height\":1080,\"mime-type\":\"image\\\/jpeg\"},\"1536x1536\":{\"file\":\"CF007584-16-9-1536x864.jpg\",\"width\":1536,\"height\":864,\"mime-type\":\"image\\\/jpeg\"},\"2048x2048\":{\"file\":\"CF007584-16-9-2048x1152.jpg\",\"width\":2048,\"height\":1152,\"mime-type\":\"image\\\/jpeg\"},\"original\":{\"file\":\"CF007584-16-9.jpg\",\"width\":3543,\"height\":1993}},\"autoplay\":false},{\"id\":2,\"width\":3543,\"height\":1993,\"alt\":\"Kunstinstallation mit bunten Plakaten an der Wand und gro&szlig;en, orangefarbenen Kugeln im Vordergrund.\",\"title\":\"\",\"description\":\"\",\"label\":\"\",\"copyright\":\"Kulturprojekte Berlin und Stiftung Stadtmuseum Berlin, Foto: Alexander Schippel\",\"path\":\"\\\/wp-content\\\/uploads\\\/2020\\\/10\\\/\",\"sizes\":{\"medium\":{\"file\":\"CF007602-1-16-9-300x169.jpg\",\"width\":300,\"height\":169,\"mime-type\":\"image\\\/jpeg\"},\"large\":{\"file\":\"CF007602-1-16-9-1024x576.jpg\",\"width\":1024,\"height\":576,\"mime-type\":\"image\\\/jpeg\"},\"thumbnail\":{\"file\":\"CF007602-1-16-9-150x150.jpg\",\"width\":150,\"height\":150,\"mime-type\":\"image\\\/jpeg\"},\"medium_large\":{\"file\":\"CF007602-1-16-9-768x432.jpg\",\"width\":768,\"height\":432,\"mime-type\":\"image\\\/jpeg\"},\"small\":{\"file\":\"CF007602-1-16-9-440x248.jpg\",\"width\":440,\"height\":248,\"mime-type\":\"image\\\/jpeg\"},\"semi\":{\"file\":\"CF007602-1-16-9-580x326.jpg\",\"width\":580,\"height\":326,\"mime-type\":\"image\\\/jpeg\"},\"mobile\":{\"file\":\"CF007602-1-16-9-720x405.jpg\",\"width\":720,\"height\":405,\"mime-type\":\"image\\\/jpeg\"},\"hd\":{\"file\":\"CF007602-1-16-9-1280x720.jpg\",\"width\":1280,\"height\":720,\"mime-type\":\"image\\\/jpeg\"},\"full\":{\"file\":\"CF007602-1-16-9-1920x1080.jpg\",\"width\":1920,\"height\":1080,\"mime-type\":\"image\\\/jpeg\"},\"1536x1536\":{\"file\":\"CF007602-1-16-9-1536x864.jpg\",\"width\":1536,\"height\":864,\"mime-type\":\"image\\\/jpeg\"},\"2048x2048\":{\"file\":\"CF007602-1-16-9-2048x1152.jpg\",\"width\":2048,\"height\":1152,\"mime-type\":\"image\\\/jpeg\"},\"original\":{\"file\":\"CF007602-1-16-9.jpg\",\"width\":3543,\"height\":1993}},\"autoplay\":false},{\"id\":3,\"width\":3543,\"height\":1993,\"alt\":\"Moderne Galerie mit Skulptur eines offenen, rustikalen Schranks und minimalistischer Raumgestaltung.\",\"title\":\"\",\"description\":\"\",\"label\":\"\",\"copyright\":\"Privatbesitz Dimitri Hegemann, Vincent Voignier und Barbara Bernardi \\\/ Kulturprojekte Berlin und Stiftung Stadtmuseum Berlin, Foto Alexander Schippel\",\"path\":\"\\\/wp-content\\\/uploads\\\/2020\\\/10\\\/\",\"sizes\":{\"medium\":{\"file\":\"CF007579-16-9-300x169.jpg\",\"width\":300,\"height\":169,\"mime-type\":\"image\\\/jpeg\"},\"large\":{\"file\":\"CF007579-16-9-1024x576.jpg\",\"width\":1024,\"height\":576,\"mime-type\":\"image\\\/jpeg\"},\"thumbnail\":{\"file\":\"CF007579-16-9-150x150.jpg\",\"width\":150,\"height\":150,\"mime-type\":\"image\\\/jpeg\"},\"medium_large\":{\"file\":\"CF007579-16-9-768x432.jpg\",\"width\":768,\"height\":432,\"mime-type\":\"image\\\/jpeg\"},\"small\":{\"file\":\"CF007579-16-9-440x248.jpg\",\"width\":440,\"height\":248,\"mime-type\":\"image\\\/jpeg\"},\"semi\":{\"file\":\"CF007579-16-9-580x326.jpg\",\"width\":580,\"height\":326,\"mime-type\":\"image\\\/jpeg\"},\"mobile\":{\"file\":\"CF007579-16-9-720x405.jpg\",\"width\":720,\"height\":405,\"mime-type\":\"image\\\/jpeg\"},\"hd\":{\"file\":\"CF007579-16-9-1280x720.jpg\",\"width\":1280,\"height\":720,\"mime-type\":\"image\\\/jpeg\"},\"full\":{\"file\":\"CF007579-16-9-1920x1080.jpg\",\"width\":1920,\"height\":1080,\"mime-type\":\"image\\\/jpeg\"},\"1536x1536\":{\"file\":\"CF007579-16-9-1536x864.jpg\",\"width\":1536,\"height\":864,\"mime-type\":\"image\\\/jpeg\"},\"2048x2048\":{\"file\":\"CF007579-16-9-2048x1152.jpg\",\"width\":2048,\"height\":1152,\"mime-type\":\"image\\\/jpeg\"},\"original\":{\"file\":\"CF007579-16-9.jpg\",\"width\":3543,\"height\":1993}},\"autoplay\":false}],\n\t\t\t\"mobileImages\" : [{\"id\":0,\"width\":5894,\"height\":3315,\"alt\":\"Moderne Galerie mit bunten Wandmalereien von Comic- und Cartoonfiguren.\",\"title\":\"\",\"description\":\"\",\"label\":\"\",\"copyright\":\"How&Nosm \\\/ Kulturprojekte Berlin und Stiftung Stadtmuseum Berlin, Foto: Alexander Schippel\",\"path\":\"\\\/wp-content\\\/uploads\\\/2020\\\/10\\\/\",\"sizes\":{\"medium\":{\"file\":\"BG_202002_Weltdenken_HowNosm_Raumansicht1_Foto_Alexander-Schippel-16-9-300x169.jpg\",\"width\":300,\"height\":169,\"mime-type\":\"image\\\/jpeg\"},\"large\":{\"file\":\"BG_202002_Weltdenken_HowNosm_Raumansicht1_Foto_Alexander-Schippel-16-9-1024x576.jpg\",\"width\":1024,\"height\":576,\"mime-type\":\"image\\\/jpeg\"},\"thumbnail\":{\"file\":\"BG_202002_Weltdenken_HowNosm_Raumansicht1_Foto_Alexander-Schippel-16-9-150x150.jpg\",\"width\":150,\"height\":150,\"mime-type\":\"image\\\/jpeg\"},\"medium_large\":{\"file\":\"BG_202002_Weltdenken_HowNosm_Raumansicht1_Foto_Alexander-Schippel-16-9-768x432.jpg\",\"width\":768,\"height\":432,\"mime-type\":\"image\\\/jpeg\"},\"small\":{\"file\":\"BG_202002_Weltdenken_HowNosm_Raumansicht1_Foto_Alexander-Schippel-16-9-440x247.jpg\",\"width\":440,\"height\":247,\"mime-type\":\"image\\\/jpeg\"},\"semi\":{\"file\":\"BG_202002_Weltdenken_HowNosm_Raumansicht1_Foto_Alexander-Schippel-16-9-580x326.jpg\",\"width\":580,\"height\":326,\"mime-type\":\"image\\\/jpeg\"},\"mobile\":{\"file\":\"BG_202002_Weltdenken_HowNosm_Raumansicht1_Foto_Alexander-Schippel-16-9-720x405.jpg\",\"width\":720,\"height\":405,\"mime-type\":\"image\\\/jpeg\"},\"hd\":{\"file\":\"BG_202002_Weltdenken_HowNosm_Raumansicht1_Foto_Alexander-Schippel-16-9-1280x720.jpg\",\"width\":1280,\"height\":720,\"mime-type\":\"image\\\/jpeg\"},\"full\":{\"file\":\"BG_202002_Weltdenken_HowNosm_Raumansicht1_Foto_Alexander-Schippel-16-9-1920x1080.jpg\",\"width\":1920,\"height\":1080,\"mime-type\":\"image\\\/jpeg\"},\"xxl\":{\"file\":\"BG_202002_Weltdenken_HowNosm_Raumansicht1_Foto_Alexander-Schippel-16-9-4048x2277.jpg\",\"width\":4048,\"height\":2277,\"mime-type\":\"image\\\/jpeg\"},\"1536x1536\":{\"file\":\"BG_202002_Weltdenken_HowNosm_Raumansicht1_Foto_Alexander-Schippel-16-9-1536x864.jpg\",\"width\":1536,\"height\":864,\"mime-type\":\"image\\\/jpeg\"},\"2048x2048\":{\"file\":\"BG_202002_Weltdenken_HowNosm_Raumansicht1_Foto_Alexander-Schippel-16-9-2048x1152.jpg\",\"width\":2048,\"height\":1152,\"mime-type\":\"image\\\/jpeg\"},\"original\":{\"file\":\"BG_202002_Weltdenken_HowNosm_Raumansicht1_Foto_Alexander-Schippel-16-9.jpg\",\"width\":5894,\"height\":3315}},\"autoplay\":false},{\"id\":1,\"width\":3543,\"height\":1993,\"alt\":\"Interaktive Installation mit schwebendem, leuchtendem Globus in einem modernen Raum mit Graffiti-W&auml;nden.\",\"title\":\"\",\"description\":\"\",\"label\":\"\",\"copyright\":\"Kulturprojekte Berlin und Stiftung Stadtmuseum Berlin, Foto: Alexander Schippel\",\"path\":\"\\\/wp-content\\\/uploads\\\/2020\\\/10\\\/\",\"sizes\":{\"medium\":{\"file\":\"CF007584-16-9-300x169.jpg\",\"width\":300,\"height\":169,\"mime-type\":\"image\\\/jpeg\"},\"large\":{\"file\":\"CF007584-16-9-1024x576.jpg\",\"width\":1024,\"height\":576,\"mime-type\":\"image\\\/jpeg\"},\"thumbnail\":{\"file\":\"CF007584-16-9-150x150.jpg\",\"width\":150,\"height\":150,\"mime-type\":\"image\\\/jpeg\"},\"medium_large\":{\"file\":\"CF007584-16-9-768x432.jpg\",\"width\":768,\"height\":432,\"mime-type\":\"image\\\/jpeg\"},\"small\":{\"file\":\"CF007584-16-9-440x248.jpg\",\"width\":440,\"height\":248,\"mime-type\":\"image\\\/jpeg\"},\"semi\":{\"file\":\"CF007584-16-9-580x326.jpg\",\"width\":580,\"height\":326,\"mime-type\":\"image\\\/jpeg\"},\"mobile\":{\"file\":\"CF007584-16-9-720x405.jpg\",\"width\":720,\"height\":405,\"mime-type\":\"image\\\/jpeg\"},\"hd\":{\"file\":\"CF007584-16-9-1280x720.jpg\",\"width\":1280,\"height\":720,\"mime-type\":\"image\\\/jpeg\"},\"full\":{\"file\":\"CF007584-16-9-1920x1080.jpg\",\"width\":1920,\"height\":1080,\"mime-type\":\"image\\\/jpeg\"},\"1536x1536\":{\"file\":\"CF007584-16-9-1536x864.jpg\",\"width\":1536,\"height\":864,\"mime-type\":\"image\\\/jpeg\"},\"2048x2048\":{\"file\":\"CF007584-16-9-2048x1152.jpg\",\"width\":2048,\"height\":1152,\"mime-type\":\"image\\\/jpeg\"},\"original\":{\"file\":\"CF007584-16-9.jpg\",\"width\":3543,\"height\":1993}},\"autoplay\":false},{\"id\":2,\"width\":3543,\"height\":1993,\"alt\":\"Kunstinstallation mit bunten Plakaten an der Wand und gro&szlig;en, orangefarbenen Kugeln im Vordergrund.\",\"title\":\"\",\"description\":\"\",\"label\":\"\",\"copyright\":\"Kulturprojekte Berlin und Stiftung Stadtmuseum Berlin, Foto: Alexander Schippel\",\"path\":\"\\\/wp-content\\\/uploads\\\/2020\\\/10\\\/\",\"sizes\":{\"medium\":{\"file\":\"CF007602-1-16-9-300x169.jpg\",\"width\":300,\"height\":169,\"mime-type\":\"image\\\/jpeg\"},\"large\":{\"file\":\"CF007602-1-16-9-1024x576.jpg\",\"width\":1024,\"height\":576,\"mime-type\":\"image\\\/jpeg\"},\"thumbnail\":{\"file\":\"CF007602-1-16-9-150x150.jpg\",\"width\":150,\"height\":150,\"mime-type\":\"image\\\/jpeg\"},\"medium_large\":{\"file\":\"CF007602-1-16-9-768x432.jpg\",\"width\":768,\"height\":432,\"mime-type\":\"image\\\/jpeg\"},\"small\":{\"file\":\"CF007602-1-16-9-440x248.jpg\",\"width\":440,\"height\":248,\"mime-type\":\"image\\\/jpeg\"},\"semi\":{\"file\":\"CF007602-1-16-9-580x326.jpg\",\"width\":580,\"height\":326,\"mime-type\":\"image\\\/jpeg\"},\"mobile\":{\"file\":\"CF007602-1-16-9-720x405.jpg\",\"width\":720,\"height\":405,\"mime-type\":\"image\\\/jpeg\"},\"hd\":{\"file\":\"CF007602-1-16-9-1280x720.jpg\",\"width\":1280,\"height\":720,\"mime-type\":\"image\\\/jpeg\"},\"full\":{\"file\":\"CF007602-1-16-9-1920x1080.jpg\",\"width\":1920,\"height\":1080,\"mime-type\":\"image\\\/jpeg\"},\"1536x1536\":{\"file\":\"CF007602-1-16-9-1536x864.jpg\",\"width\":1536,\"height\":864,\"mime-type\":\"image\\\/jpeg\"},\"2048x2048\":{\"file\":\"CF007602-1-16-9-2048x1152.jpg\",\"width\":2048,\"height\":1152,\"mime-type\":\"image\\\/jpeg\"},\"original\":{\"file\":\"CF007602-1-16-9.jpg\",\"width\":3543,\"height\":1993}},\"autoplay\":false},{\"id\":3,\"width\":3543,\"height\":1993,\"alt\":\"Moderne Galerie mit Skulptur eines offenen, rustikalen Schranks und minimalistischer Raumgestaltung.\",\"title\":\"\",\"description\":\"\",\"label\":\"\",\"copyright\":\"Privatbesitz Dimitri Hegemann, Vincent Voignier und Barbara Bernardi \\\/ Kulturprojekte Berlin und Stiftung Stadtmuseum Berlin, Foto Alexander Schippel\",\"path\":\"\\\/wp-content\\\/uploads\\\/2020\\\/10\\\/\",\"sizes\":{\"medium\":{\"file\":\"CF007579-16-9-300x169.jpg\",\"width\":300,\"height\":169,\"mime-type\":\"image\\\/jpeg\"},\"large\":{\"file\":\"CF007579-16-9-1024x576.jpg\",\"width\":1024,\"height\":576,\"mime-type\":\"image\\\/jpeg\"},\"thumbnail\":{\"file\":\"CF007579-16-9-150x150.jpg\",\"width\":150,\"height\":150,\"mime-type\":\"image\\\/jpeg\"},\"medium_large\":{\"file\":\"CF007579-16-9-768x432.jpg\",\"width\":768,\"height\":432,\"mime-type\":\"image\\\/jpeg\"},\"small\":{\"file\":\"CF007579-16-9-440x248.jpg\",\"width\":440,\"height\":248,\"mime-type\":\"image\\\/jpeg\"},\"semi\":{\"file\":\"CF007579-16-9-580x326.jpg\",\"width\":580,\"height\":326,\"mime-type\":\"image\\\/jpeg\"},\"mobile\":{\"file\":\"CF007579-16-9-720x405.jpg\",\"width\":720,\"height\":405,\"mime-type\":\"image\\\/jpeg\"},\"hd\":{\"file\":\"CF007579-16-9-1280x720.jpg\",\"width\":1280,\"height\":720,\"mime-type\":\"image\\\/jpeg\"},\"full\":{\"file\":\"CF007579-16-9-1920x1080.jpg\",\"width\":1920,\"height\":1080,\"mime-type\":\"image\\\/jpeg\"},\"1536x1536\":{\"file\":\"CF007579-16-9-1536x864.jpg\",\"width\":1536,\"height\":864,\"mime-type\":\"image\\\/jpeg\"},\"2048x2048\":{\"file\":\"CF007579-16-9-2048x1152.jpg\",\"width\":2048,\"height\":1152,\"mime-type\":\"image\\\/jpeg\"},\"original\":{\"file\":\"CF007579-16-9.jpg\",\"width\":3543,\"height\":1993}},\"autoplay\":false}]\t\t}\n\t<\/script>\n\n\t<swiper :options=\"swiperVideoOptions\" ref=\"swiperVideo\">\n\t\t<div class=\"swiper-slide\" :key=\"image.id\" v-for=\"image in images\">\n\t\t\t<div class=\"width-container\">\n\t\t\t\t<div class=\"wrapper\">\n\t\t\t\t\t<img :src=\"image.src\" :alt=\"image.alt\" v-if=\"image.id < 1\">\n\t\t\t\t\t<img :src=\"image.src\" :alt=\"image.alt\" v-else-if=\"firstLoaded\">\n\t\t\t\t\t<div class=\"swiper-slide-autoplay\" v-if=\"image.autoplay\" :data-autoplay=\"image.autoplay\"><\/div>\n\t\t\t\t<\/div>\n\t\t\t<\/div>\n\t\t<\/div>\n\t<\/swiper>\n<\/div>\t\t\t<div class=\"block-gallery-moderated-copy\">\n\t<swiper :options=\"swiperCopyOptions\" ref=\"swiperCopy\">\n\t\t\n\t\t\t\t<div class=\"swiper-slide swiper-slide-active\">\n\t\t\t\t\t\t\t\t\t\t<div class=\"block-gallery-moderated-copy-item\">\n\t\t\t\t\t\t<div class=\"block-gallery-moderated-copy-item-dot\"><\/div>\n\t\t\t\t\t\t<div class=\"Teaser-subinfo-small uppercase overline\">\n\t\t\t\t\t\t\tWeltdenken\t\t\t\t\t\t<\/div>\n\t\t\t\t\t\t<h6 class=\"H6 H6-copy headline\">Das raumgreifende Wandbild \u201eWeltdenken\u201c hei\u00dft atmosph\u00e4risch in der Berlin Ausstellung willkommen.<\/h6>\n\t\t\t\t\t<\/div>\n\t\t\t\t\t\t\t\t\t<\/div>\n\t\t\t\n\t\t\t\t<div class=\"swiper-slide\">\n\t\t\t\t\t\t\t\t\t\t<div class=\"block-gallery-moderated-copy-item\">\n\t\t\t\t\t\t<div class=\"block-gallery-moderated-copy-item-dot\"><\/div>\n\t\t\t\t\t\t<div class=\"Teaser-subinfo-small uppercase overline\">\n\t\t\t\t\t\t\tWeltdenken\t\t\t\t\t\t<\/div>\n\t\t\t\t\t\t<h6 class=\"H6 H6-copy headline\">Verbinden Sie sich bei ihrem interaktiven Rundgang mit der Weltkugel.<\/h6>\n\t\t\t\t\t<\/div>\n\t\t\t\t\t\t\t\t\t<\/div>\n\t\t\t\n\t\t\t\t<div class=\"swiper-slide\">\n\t\t\t\t\t\t\t\t\t\t<div class=\"block-gallery-moderated-copy-item\">\n\t\t\t\t\t\t<div class=\"block-gallery-moderated-copy-item-dot\"><\/div>\n\t\t\t\t\t\t<div class=\"Teaser-subinfo-small uppercase overline\">\n\t\t\t\t\t\t\tVergn\u00fcgen\t\t\t\t\t\t<\/div>\n\t\t\t\t\t\t<h6 class=\"H6 H6-copy headline\">In begehbaren Kugeln sieht und h\u00f6rt man 100 Jahre Unterhaltungskultur.<\/h6>\n\t\t\t\t\t<\/div>\n\t\t\t\t\t\t\t\t\t<\/div>\n\t\t\t\n\t\t\t\t<div class=\"swiper-slide\">\n\t\t\t\t\t\t\t\t\t\t<div class=\"block-gallery-moderated-copy-item\">\n\t\t\t\t\t\t<div class=\"block-gallery-moderated-copy-item-dot\"><\/div>\n\t\t\t\t\t\t<div class=\"Teaser-subinfo-small uppercase overline\">\n\t\t\t\t\t\t\tFreiraum\t\t\t\t\t\t<\/div>\n\t\t\t\t\t\t<h6 class=\"H6 H6-copy headline\">Die T\u00fcr des legend\u00e4ren Clubs \u201eTresor\u201c erz\u00e4hlt von Freiraum und Grenzen.<\/h6>\n\t\t\t\t\t<\/div>\n\t\t\t\t\t\t\t\t\t<\/div>\n\t\t\t\t<\/swiper>\n<\/div>\n\n\t\t\t<div class=\"block-gallery-moderated-nav\">\n\t\t<div class=\"block-gallery-moderated-nav-shadow\"><\/div>\n\t<div class=\"swiper-progress-pos\" v-html=\"(currentSlide+1)\">1<\/div>\n\t<div class=\"swiper-progress-count\">4<\/div>\n\n\t<div class=\"swiper-progress\" ref=\"progress\">\n\t\t\t\t\t<div class=\"swiper-progress-item swiper-progress-item-0\" data-index=\"0\">\n\t\t\t\t<div class=\"swiper-progress-item-progress\"><\/div>\n\t\t\t<\/div>\n\t\t\t\t\t<div class=\"swiper-progress-item swiper-progress-item-1\" data-index=\"1\">\n\t\t\t\t<div class=\"swiper-progress-item-progress\"><\/div>\n\t\t\t<\/div>\n\t\t\t\t\t<div class=\"swiper-progress-item swiper-progress-item-2\" data-index=\"2\">\n\t\t\t\t<div class=\"swiper-progress-item-progress\"><\/div>\n\t\t\t<\/div>\n\t\t\t\t\t<div class=\"swiper-progress-item swiper-progress-item-3\" data-index=\"3\">\n\t\t\t\t<div class=\"swiper-progress-item-progress\"><\/div>\n\t\t\t<\/div>\n\t\t\t<\/div>\n\n\t<button class=\"icon-background-white swiper-button-prev  swiper-button-disabled\" slot=\"button-prev\" @click=\"prevVideo\" aria-label=\"Vorheriges Bild\">\n\t\t<span class=\"icon-arrow-rechts\"><\/span>\n\t<\/button>\n\n\t<button class=\"icon-background-white swiper-button-next\" slot=\"button-next\" @click=\"nextVideo\" aria-label=\"N\u00e4chstes Bild\">\n\t\t<span class=\"icon-arrow-rechts\"><\/span>\n\t<\/button>\n\n\n\t<button class=\"swiper-toggle-btn icon-background icon-play\" @click=\"toggle\" v-if=\"!isPlaying\" aria-label=\"Abspielen\"><\/button>\n\t<button class=\"swiper-toggle-btn icon-background icon-pause\" @click=\"toggle\" v-if=\"isPlaying\" aria-label=\"Pause\"><\/button>\n\t<\/div>\t\t<\/div>\n\t<\/block-gallery-moderated>\n<\/section>\n\n<section class=\"block block-lazy-media-info\">\n\t<div class=\"container-fluid\">\n\t\t<div class=\"row end-xs\">\n\t\t\t<div class=\"col-xs-12\">\n\t\t\t\t<lazy-media-info-as-block inline-template>\n\t\t\t\t\t<div class=\"lazy-media-info\" aria-expanded=\"false\" :aria-expanded=\"isOpen ? 'true' : 'false'\">\n\t\t\t\t\t\t<button class=\"lazy-media-info-head button-tiny\" :class=\"{'button-active': isOpen}\" @click=\"toggle\" ref=\"head\"><span class=\"button-label insignificant\">Bildinfo<\/span><\/button>\n\t\t\t\t\t\t<figcaption class=\"lazy-media-info-body\" ref=\"body\">\n\t\t\t\t\t\t\t\n\t\t\t\t\t\t\t<div class=\"lazy-media-info-body-content\">\n\t\t\t\t\t\t\t\t<div><strong>Bild 1:<\/strong><\/div>\n\t\t\t\t\t\t\t\t\t\t\t\t\t\t\t\t\t\t\t\t\t\t\t\t\t\t\t\t\t\t\t\t\t<div class=\"insignificant\">\u00a9 How&#038;Nosm \/ Kulturprojekte Berlin und Stiftung Stadtmuseum Berlin, Foto: Alexander Schippel<\/div>\n\t\t\t\t\t\t\t\t\t\t\t\t\t\t\t<\/div>\n\t\t\t\t\t\t\t\n\t\t\t\t\t\t\t<div class=\"lazy-media-info-body-content\">\n\t\t\t\t\t\t\t\t<div><strong>Bild 2:<\/strong><\/div>\n\t\t\t\t\t\t\t\t\t\t\t\t\t\t\t\t\t\t\t\t\t\t\t\t\t\t\t\t\t\t\t\t\t<div class=\"insignificant\">\u00a9 Kulturprojekte Berlin und Stiftung Stadtmuseum Berlin, Foto: Alexander Schippel<\/div>\n\t\t\t\t\t\t\t\t\t\t\t\t\t\t\t<\/div>\n\t\t\t\t\t\t\t\n\t\t\t\t\t\t\t<div class=\"lazy-media-info-body-content\">\n\t\t\t\t\t\t\t\t<div><strong>Bild 3:<\/strong><\/div>\n\t\t\t\t\t\t\t\t\t\t\t\t\t\t\t\t\t\t\t\t\t\t\t\t\t\t\t\t\t\t\t\t\t<div class=\"insignificant\">\u00a9 Kulturprojekte Berlin und Stiftung Stadtmuseum Berlin, Foto: Alexander Schippel<\/div>\n\t\t\t\t\t\t\t\t\t\t\t\t\t\t\t<\/div>\n\t\t\t\t\t\t\t\n\t\t\t\t\t\t\t<div class=\"lazy-media-info-body-content\">\n\t\t\t\t\t\t\t\t<div><strong>Bild 4:<\/strong><\/div>\n\t\t\t\t\t\t\t\t\t\t\t\t\t\t\t\t\t\t\t\t\t\t\t\t\t\t\t\t\t\t\t\t\t<div class=\"insignificant\">\u00a9 Privatbesitz Dimitri Hegemann, Vincent Voignier und Barbara Bernardi \/ Kulturprojekte Berlin und Stiftung Stadtmuseum Berlin, Foto Alexander Schippel<\/div>\n\t\t\t\t\t\t\t\t\t\t\t\t\t\t\t<\/div>\n\t\t\t\t\t\t\t\t\t\t\t\t\t<\/figcaption>\n\t\t\t\t\t\t<div class=\"lazy-media-info-head-border\"><\/div>\n\t\t\t\t\t<\/div>\n\t\t\t\t<\/lazy-media-info-as-block>\n\t\t\t<\/div>\n\t\t<\/div>\n\t<\/div>\n<\/section>\n\n<section class=\"block block-copy\" >\n    <div class=\"container-fluid\">\n\t\t<div class=\"row margin-bottom-sixth\">\n            <div class=\"col-xs-12 col-md-offset-2 col-md-8\">\n                <div class=\"box\">\n                    <div class=\"copy\"><h5>Was Sie erwartet<\/h5>\n<p>Gestern, heute, morgen: Vieles, was in Berlin passiert, hat Einfluss auf die Welt. Und vieles, was in der Welt passiert, wirkt auf Berlin. BERLIN GLOBAL zeigt, wie die Stadt und ihre Menschen mit der Welt verbunden sind. Im ersten Obergeschoss des Humboldt Forums wird die Ausstellung Berlin als Teil einer vielf\u00e4ltig vernetzten Welt zeigen. Sie erz\u00e4hlt, wie die Stadt, ihre Menschen und von ihr ausgehende Geschehnisse die Welt ver\u00e4ndert haben, und wie zugleich globale Ereignisse auf Berlin wirken \u2013 damals wie heute.<\/p>\n<\/div>\n                <\/div>\n            <\/div>\n\t\t<\/div>\n\t\t\t\t\t<div class=\"row margin-bottom-sixth\">\n\t\t\t\t<div class=\"col-xs-12 col-md-offset-2 col-md-8\">\n\t\t\t\t\t<div class=\"box\">\n\t\t\t\t\t\t<read-more inline-template>\n\t\t\t\t\t\t\t<div class=\"copy margin-bottom-sixth\">\n\t\t\t\t\t\t\t\t<div ref=\"body\" style=\"height:0;overflow: hidden;display: none;\">\n\t\t\t\t\t\t\t\t\t<div class=\"margin-bottom-sixth\"><p>Es ist ein zeitgem\u00e4\u00dfer Blick auf die Stadt und ihre weltweiten Verbindungen auf 4.000 Quadratmetern. Die einzelnen Themenr\u00e4ume der Ausstellung erz\u00e4hlen von Revolution, Freiraum, Grenzen, Vergn\u00fcgen, Krieg, Mode und Verflechtung. Aspekte, die sich auch in anderen Metropolen finden lassen, doch in dieser Kombination exemplarisch f\u00fcr die Stadt Berlin sind. Abwechslungsreich und immer wieder \u00fcberraschend f\u00fchren raumgreifende Installationen und atmosph\u00e4rische Inszenierungen in unterschiedliche Themenwelten, in denen sich die Vielfalt Berlins widerspiegelt.<\/p>\n<\/div>\n\t\t\t\t\t\t\t\t<\/div>\n\t\t\t\t\t\t\t\t<a ref=\"toggleButton\" class=\"Button\" @click=\"toggle\">\n\t\t\t\t\t\t\t\t\t<span v-if=\"!active\">mehr lesen<\/span>\n\t\t\t\t\t\t\t\t\t<span v-else>weniger lesen<\/span>\n\t\t\t\t\t\t\t\t<\/a>\n\t\t\t\t\t\t\t<\/div>\n\t\t\t\t\t\t<\/read-mode>\n\t\t\t\t\t<\/div>\n\t\t\t\t<\/div>\n\t\t\t<\/div>\n\t\t    <\/div>\n<\/section>\n\n<section class=\"block block-teaser col-lane \" style=\"\">\n\t<lazy-component :fixed-min-height=\"400\">\n\t\n\t\t\t\t\t<teaser-lane-with-buttons inline-template tracking-label=\"Veranstaltungen\">\n\t\t\t\t<div class=\"teaser-lane-with-buttons\">\n\t\t\t\t\t<div class=\"container-fluid\">\n\t\t\t\t\t\t<div class=\"row bottom-xs\">\n\t\t\t\t\t\t\t<div class=\"col-xs-12 col-md-8\">\n\t\t\t\t\t\t\t\t\t\t\t\t\t\t\t\t\t<h4>Veranstaltungen<\/h4>\t\t\t\t\t\t\t\t\t\t\t\t\t\t\t\t\t\t\t\t\t\t\t\t<\/div>\n\t\t\t\t\t\t\t<div class=\"col-xs-12 col-md-4 start-xs end-md margin-bottom-sixth teaser-lane-buttons-wrapper teaser-lane-buttons-wrapper-with-tax\">\n\t\t\t\t\t\t\t\t<a href=\"https:\/\/www.humboldtforum.org\/de\/programm\/?belongsto=14140&#038;archive=1\" class=\"normalcase small noborder\" role=\"button\">Alle anzeigen (9)<\/a>\t\t\t\t\t\t\t\t<teaser-lane-buttons :visible_prev=\"visible_prev\" :visible_next=\"visible_next\" @prev=\"prev\" @next=\"next\"><\/teaser-lane-buttons>\n\t\t\t\t\t\t\t<\/div>\n\t\t\t\t\t\t<\/div>\n\t\t\t\t\t<\/div>\n\t\t\t\t\t<div class=\"teaser-lane-wrapper\">\n\t\t\t\t\t\t<ul class=\"teaser-lane\">\n\t\t\t\t\t\t\t\t\t\t\t\t\t\t<li class=\"teaser-lane-slide col-xs-9 col-sm-4 col-md-3 teaser-wrapper col-padding-remove\">\n\t<calendarteaser key=\"2966010068\" rawitem='{&quot;postId&quot;:29660,&quot;title&quot;:&quot;BERLIN GLOBAL in 60 Minuten&quot;,&quot;excerpt&quot;:&quot;&quot;,&quot;slug&quot;:&quot;berlin-global-in-60-minuten&quot;,&quot;post_date&quot;:&quot;2021-08-04T11:49&quot;,&quot;type&quot;:&quot;event&quot;,&quot;permalink&quot;:&quot;https:\\\/\\\/www.humboldtforum.org\\\/de\\\/programm\\\/termin\\\/fuehrung\\\/berlin-global-in-60-minuten-29660\\\/&quot;,&quot;genre&quot;:[821],&quot;genre_details&quot;:[{&quot;text&quot;:&quot;F\\u00fchrung&quot;,&quot;id&quot;:821,&quot;icon&quot;:null,&quot;parent&quot;:0}],&quot;stakeholder&quot;:[400],&quot;stakeholder_details&quot;:[{&quot;text&quot;:&quot;Kulturprojekte Berlin \\\/ Stadtmuseum Berlin&quot;,&quot;id&quot;:400,&quot;icon&quot;:null,&quot;parent&quot;:0}],&quot;targetgroup&quot;:[383],&quot;targetgroup_details&quot;:[{&quot;text&quot;:&quot;Erwachsene&quot;,&quot;id&quot;:383,&quot;icon&quot;:null,&quot;parent&quot;:0}],&quot;language&quot;:[384],&quot;language_details&quot;:[{&quot;text&quot;:&quot;Deutsch&quot;,&quot;id&quot;:384,&quot;icon&quot;:null,&quot;parent&quot;:0}],&quot;accessability&quot;:[430],&quot;accessability_details&quot;:[{&quot;text&quot;:&quot;Rollstuhlgerecht&quot;,&quot;id&quot;:430,&quot;icon&quot;:null,&quot;parent&quot;:0}],&quot;groupsize&quot;:[1047],&quot;groupsize_details&quot;:[{&quot;text&quot;:&quot;max. 20 Personen&quot;,&quot;id&quot;:1047,&quot;icon&quot;:null,&quot;parent&quot;:0}],&quot;icon_overwrite&quot;:&quot;&quot;,&quot;acf&quot;:{&quot;hashtag&quot;:&quot;HumboldtForum&quot;,&quot;belongsto&quot;:[14140],&quot;shorturl&quot;:&quot;&quot;,&quot;noindex&quot;:false,&quot;keywords&quot;:&quot;&quot;,&quot;times&quot;:[{&quot;start&quot;:&quot;20260429 11:00&quot;,&quot;end&quot;:&quot;12:00&quot;,&quot;status&quot;:&quot;BUY&quot;,&quot;info&quot;:&quot;F\\u00fchrung in deutscher Sprache - 16 EUR \\\/ 9 EUR&quot;,&quot;shop&quot;:&quot;https:\\\/\\\/tickets.humboldtforum.org\\\/#\\\/product\\\/event\\\/63?date=2026-04-29&amp;date_id=27716&amp;lang=de&quot;,&quot;i&quot;:16,&quot;start_hour&quot;:&quot;11:00&quot;,&quot;start_HRF&quot;:&quot;Mi, 29. April 2026&quot;,&quot;_date&quot;:{&quot;date&quot;:&quot;2026-04-29 12:00:00.000000&quot;,&quot;timezone_type&quot;:3,&quot;timezone&quot;:&quot;Europe\\\/Berlin&quot;},&quot;_fromdate&quot;:&quot;20260429 11:00&quot;,&quot;start_TS&quot;:1777453200,&quot;start_HRFSHORT&quot;:&quot;29.04.26&quot;,&quot;start_HRFSHORT_WD&quot;:&quot;Mi 29.04.2026&quot;,&quot;end_TS&quot;:1777456800,&quot;can_purchase&quot;:true},{&quot;start&quot;:&quot;20260501 17:00&quot;,&quot;end&quot;:&quot;18:00&quot;,&quot;status&quot;:&quot;BUY&quot;,&quot;info&quot;:&quot;F\\u00fchrung in deutscher Sprache - 16 EUR \\\/ 9 EUR&quot;,&quot;shop&quot;:&quot;https:\\\/\\\/tickets.humboldtforum.org\\\/#\\\/product\\\/event\\\/63?date=2026-05-01&amp;date_id=28352&amp;lang=de&quot;,&quot;i&quot;:31,&quot;start_hour&quot;:&quot;17:00&quot;,&quot;start_HRF&quot;:&quot;Fr,  1. Mai 2026&quot;,&quot;_date&quot;:{&quot;date&quot;:&quot;2026-05-01 18:00:00.000000&quot;,&quot;timezone_type&quot;:3,&quot;timezone&quot;:&quot;Europe\\\/Berlin&quot;},&quot;_fromdate&quot;:&quot;20260501 17:00&quot;,&quot;start_TS&quot;:1777647600,&quot;start_HRFSHORT&quot;:&quot;01.05.26&quot;,&quot;start_HRFSHORT_WD&quot;:&quot;Fr 01.05.2026&quot;,&quot;end_TS&quot;:1777651200,&quot;can_purchase&quot;:true},{&quot;start&quot;:&quot;20260502 11:00&quot;,&quot;end&quot;:&quot;12:00&quot;,&quot;status&quot;:&quot;BUY&quot;,&quot;info&quot;:&quot;F\\u00fchrung in deutscher Sprache - 16 EUR \\\/ 9 EUR&quot;,&quot;shop&quot;:&quot;https:\\\/\\\/tickets.humboldtforum.org\\\/#\\\/product\\\/event\\\/63?date=2026-05-02&amp;date_id=28353&amp;lang=de&quot;,&quot;i&quot;:32,&quot;start_hour&quot;:&quot;11:00&quot;,&quot;start_HRF&quot;:&quot;Sa,  2. Mai 2026&quot;,&quot;_date&quot;:{&quot;date&quot;:&quot;2026-05-02 12:00:00.000000&quot;,&quot;timezone_type&quot;:3,&quot;timezone&quot;:&quot;Europe\\\/Berlin&quot;},&quot;_fromdate&quot;:&quot;20260502 11:00&quot;,&quot;start_TS&quot;:1777712400,&quot;start_HRFSHORT&quot;:&quot;02.05.26&quot;,&quot;start_HRFSHORT_WD&quot;:&quot;Sa 02.05.2026&quot;,&quot;end_TS&quot;:1777716000,&quot;can_purchase&quot;:true},{&quot;start&quot;:&quot;20260508 17:00&quot;,&quot;end&quot;:&quot;18:00&quot;,&quot;status&quot;:&quot;BUY&quot;,&quot;info&quot;:&quot;F\\u00fchrung in deutscher Sprache - 16 EUR \\\/ 9 EUR&quot;,&quot;shop&quot;:&quot;https:\\\/\\\/tickets.humboldtforum.org\\\/#\\\/product\\\/event\\\/63?date=2026-05-08&amp;date_id=28168&amp;lang=de&quot;,&quot;i&quot;:27,&quot;start_hour&quot;:&quot;17:00&quot;,&quot;start_HRF&quot;:&quot;Fr,  8. Mai 2026&quot;,&quot;_date&quot;:{&quot;date&quot;:&quot;2026-05-08 18:00:00.000000&quot;,&quot;timezone_type&quot;:3,&quot;timezone&quot;:&quot;Europe\\\/Berlin&quot;},&quot;_fromdate&quot;:&quot;20260508 17:00&quot;,&quot;start_TS&quot;:1778252400,&quot;start_HRFSHORT&quot;:&quot;08.05.26&quot;,&quot;start_HRFSHORT_WD&quot;:&quot;Fr 08.05.2026&quot;,&quot;end_TS&quot;:1778256000,&quot;can_purchase&quot;:true},{&quot;start&quot;:&quot;20260509 11:00&quot;,&quot;end&quot;:&quot;12:00&quot;,&quot;status&quot;:&quot;BUY&quot;,&quot;info&quot;:&quot;F\\u00fchrung in deutscher Sprache - 16 EUR \\\/ 9 EUR&quot;,&quot;shop&quot;:&quot;https:\\\/\\\/tickets.humboldtforum.org\\\/#\\\/product\\\/event\\\/63?date=2026-05-09&amp;date_id=28158&amp;lang=de&quot;,&quot;i&quot;:17,&quot;start_hour&quot;:&quot;11:00&quot;,&quot;start_HRF&quot;:&quot;Sa,  9. Mai 2026&quot;,&quot;_date&quot;:{&quot;date&quot;:&quot;2026-05-09 12:00:00.000000&quot;,&quot;timezone_type&quot;:3,&quot;timezone&quot;:&quot;Europe\\\/Berlin&quot;},&quot;_fromdate&quot;:&quot;20260509 11:00&quot;,&quot;start_TS&quot;:1778317200,&quot;start_HRFSHORT&quot;:&quot;09.05.26&quot;,&quot;start_HRFSHORT_WD&quot;:&quot;Sa 09.05.2026&quot;,&quot;end_TS&quot;:1778320800,&quot;can_purchase&quot;:true}],&quot;planning&quot;:{&quot;price&quot;:&quot;16 EUR \\\/ erm\\u00e4\\u00dfigt 9 EUR&quot;,&quot;admission&quot;:&quot;&quot;,&quot;pause&quot;:&quot;&quot;,&quot;duration&quot;:&quot;60&quot;},&quot;subline&quot;:&quot;\\u00d6ffentliche F\\u00fchrung&quot;,&quot;marketing_text&quot;:&quot;\\u00d6ffentliche F\\u00fchrung durch die Berlin Ausstellung&quot;,&quot;tickettext&quot;:&quot;Besuch von BERLIN GLOBAL auch mit Humboldt Forum Ticket m\\u00f6glich, s. Besuch &gt; Eintritt &amp; Tickets&quot;,&quot;additional_info&quot;:{&quot;icon&quot;:&quot;icon-uhr&quot;,&quot;text&quot;:&quot;Termine und Ticketbuchung f\\u00fcr den kommenden Monat werden jeweils zum Ende des Vormonats freigeschaltet.&quot;},&quot;highlight_header&quot;:false,&quot;featured_images&quot;:[30350],&quot;use_video_in_teasers&quot;:false,&quot;hyphenation&quot;:true,&quot;tipp&quot;:false,&quot;joker&quot;:false,&quot;live&quot;:false,&quot;hide_event_in_program&quot;:false,&quot;alert_text&quot;:&quot;DE&quot;,&quot;gomus_id&quot;:&quot;&quot;,&quot;hm_id&quot;:&quot;&quot;,&quot;infotext&quot;:&quot;Bitte buchen Sie Ihr Ticket vorab online oder an der Kasse im Foyer.&quot;},&quot;date&quot;:{&quot;NX&quot;:&quot;20260429&quot;,&quot;NXX&quot;:&quot;202604291100&quot;,&quot;NLAST&quot;:&quot;202606290700&quot;,&quot;from_DATE&quot;:&quot;20260429 11:00&quot;,&quot;from&quot;:1777446000,&quot;to&quot;:1782716400,&quot;to_DATE&quot;:&quot;20260629 11:00&quot;,&quot;from_HRFSHORT&quot;:&quot;29. Apr 2026&quot;,&quot;from_HRFSHORT_WD&quot;:&quot;Mi 29.04.2026&quot;,&quot;to_HRFSHORT&quot;:&quot;29. Jun 2026&quot;,&quot;to_HRFSHORT_WD&quot;:&quot;Mo 29.06.2026&quot;,&quot;from_HRF&quot;:&quot;Mi, 29. April 2026&quot;,&quot;to_HRF&quot;:&quot;Mo, 29. Juni 2026&quot;,&quot;from_to_HRF&quot;:&quot;Mi, 29. April \\u2013 Mo, 29. Juni 2026&quot;,&quot;from_to_HRFSHORT&quot;:&quot;29. Apr \\u2013 29. Jun 2026&quot;},&quot;alert&quot;:&quot;DE&quot;,&quot;partof&quot;:[],&quot;marketing_topic&quot;:{&quot;title&quot;:&quot;BERLIN GLOBAL&quot;,&quot;ID&quot;:14140,&quot;reason&quot;:&quot;belongsto&quot;}}' inline-template>\n\t<a href=\"https:\/\/www.humboldtforum.org\/de\/programm\/termin\/fuehrung\/berlin-global-in-60-minuten-29660\/\" class=\"teaser teaser-event teaser-event-standard\">\n\t\t<div class=\"row\">\n\t\t\t<div class=\"col-xs-12 teaser-event-image\">\n\t\t\t\t<div class=\"teaser-image teaser-image-no-alternate\">\n\t\t\t\t\t\t\t\t\t\t\t\t\t<span class=\"alert\">DE<\/span>\n\t\t\t\t\t\t\t\t\t\t\t\n\t<lazy-media-inline inline-template>\n\t\t<figure itemscope itemtype=\"http:\/\/schema.org\/ImageObject\" class=\"lazy-media-inline \" role=\"group\" id=\"media_69f14da38ed7c\" aria-labelledby=\"desc_media_69f14da38ed7c\">\n\t\t\t<script type=\"application\/json\" ref=\"data\">\n\t\t\t\t{\n\t\t\t\t\"sizes\" : {\"medium\":{\"file\":\"SHF_eb00115718-300x200.jpg\",\"width\":300,\"height\":200,\"mime-type\":\"image\\\/jpeg\"},\"large\":{\"file\":\"SHF_eb00115718-1024x683.jpg\",\"width\":1024,\"height\":683,\"mime-type\":\"image\\\/jpeg\"},\"thumbnail\":{\"file\":\"SHF_eb00115718-150x150.jpg\",\"width\":150,\"height\":150,\"mime-type\":\"image\\\/jpeg\"},\"medium_large\":{\"file\":\"SHF_eb00115718-768x512.jpg\",\"width\":768,\"height\":512,\"mime-type\":\"image\\\/jpeg\"},\"small\":{\"file\":\"SHF_eb00115718-440x293.jpg\",\"width\":440,\"height\":293,\"mime-type\":\"image\\\/jpeg\"},\"semi\":{\"file\":\"SHF_eb00115718-580x387.jpg\",\"width\":580,\"height\":387,\"mime-type\":\"image\\\/jpeg\"},\"mobile\":{\"file\":\"SHF_eb00115718-720x480.jpg\",\"width\":720,\"height\":480,\"mime-type\":\"image\\\/jpeg\"},\"hd\":{\"file\":\"SHF_eb00115718-1280x853.jpg\",\"width\":1280,\"height\":853,\"mime-type\":\"image\\\/jpeg\"},\"1536x1536\":{\"file\":\"SHF_eb00115718-1536x1024.jpg\",\"width\":1536,\"height\":1024,\"mime-type\":\"image\\\/jpeg\"},\"original\":{\"file\":\"SHF_eb00115718.jpg\",\"width\":1800,\"height\":1200}},\n\t\t\t\t\"alt\" : \"Eine Gruppe junger Menschen schaut neugierig und begeistert zu einem Lehrer an einem Tisch.\",\n\t\t\t\t\"path\" : \"\\\/wp-content\\\/uploads\\\/2021\\\/08\\\/\",\n\t\t\t\t\"video\" : null,\n\t\t\t\t\"autoplay\" : null,\n\t\t\t\t\"youtube\" : null,\n\t\t\t\t\"youtubelabel\" : \"Video abspielen\",\n\t\t\t\t\"brightness\" : 100,\n\t\t\t\t\"crop\" : {\"top\":\"35.78\",\"left\":\"37.62\"},\n\t\t\t\t\"background\" : true,\n\t\t\t\t\"scale\" : 2\t\t\t\t}\n\t\t\t<\/script>\n\n\t\t\t<div class=\"height-container\" style=\"padding-bottom:66.666666666667%;\" v-if=\"sizes\">\n\t\t\t\t\t\t\t\t<lazy-media :inline=\"true\" :alt=\"alt\" :sizes=\"sizes\" :scale=\"scale\" :brightness=\"brightness\" :path=\"path\" :video=\"video\" :autoplay=\"autoplay\" :youtube=\"youtube\" :crop=\"crop\" :youtubelabel=\"youtubelabel\" :background=\"background\" media-id=\"desc_media_69f14da38ed7c\"><\/lazy-media>\n\t\t\t\t\t\t\t<\/div>\n\n\t\t\t\t\t\t\t<figcaption class=\"sr-only\" ref=\"body\" id=\"desc_media_69f14da38ed7c\">\n\t\t\t\t\t\t\t\t\t\t\t\t\t\t\t\t\t\t\t\t\t<div class=\"insignificant\">\u00a9 Stiftung Stadtmuseum Berlin, Foto: Anne Preussel<\/div>\n\t\t\t\t\t\t\t\t\t<\/figcaption>\n\t\t\t\t\t<\/figure>\n\t<\/lazy-media-inline>\n\t\t\t\t<\/div>\n\t\t\t<\/div>\n\t\t\t<div class=\"col-xs-12 teaser-event-text Infos\">\n\t\t\t\t<div class=\"teaser-event-standard-text\">\n\t\t\t\t\t<div class=\"margin-bottom-atom\">\n\t\t\t\t\t\t<div class=\"subline clamp-1\" v-html=\"maingenre\"><\/div>\n\t\t\t\t\t\t\t\t\t\t\t\t\t<div class=\"insignificant clamp-2\">BERLIN GLOBAL<\/div>\n\t\t\t\t\t\t\t\t\t\t\t<\/div>\n\t\t\t\t\n\t\t\t\t\t<strong class=\"margin-bottom-atom\">BERLIN GLOBAL in 60 Minuten<\/strong>\n\n\t\t\t\t\t\t\t\t\t\t\t<div class=\"\">\u00d6ffentliche F\u00fchrung durch die Berlin Ausstellung<\/div>\n\t\t\t\t\t\t\t\t\t<\/div>\n\t\t\t\t<div class=\"teaser-bottom border-bottom\">\n\t\t\t\t<calendardateline :rawitem='item' :show-icon=\"true\"><\/calendardateline>\n\t\t\t\t\t<hr>\n\t\t\t\t<\/div>\n\t\t\t<\/div>\n\t\t<\/div>\n\t<\/a>\n\t<\/calendarteaser>\n<\/li>\n\n<li class=\"teaser-lane-slide col-xs-9 col-sm-4 col-md-3 teaser-wrapper col-padding-remove\">\n\t<calendarteaser key=\"543639533\" rawitem='{&quot;postId&quot;:54363,&quot;title&quot;:&quot;Das Weltstudio l\\u00e4dt ein\\u00a0\\u2013 Karten mal ganz anders&quot;,&quot;excerpt&quot;:&quot;&quot;,&quot;slug&quot;:&quot;das-weltstudio-laedt-ein-karten-mal-ganz-anders-2&quot;,&quot;post_date&quot;:&quot;2022-09-16T17:20&quot;,&quot;type&quot;:&quot;event&quot;,&quot;permalink&quot;:&quot;https:\\\/\\\/www.humboldtforum.org\\\/de\\\/programm\\\/termin\\\/drop-in\\\/das-weltstudio-laedt-ein-karten-mal-ganz-anders-2-54363\\\/&quot;,&quot;genre&quot;:[839],&quot;genre_details&quot;:[{&quot;text&quot;:&quot;Drop-In&quot;,&quot;id&quot;:839,&quot;icon&quot;:null,&quot;parent&quot;:0}],&quot;stakeholder&quot;:[400],&quot;stakeholder_details&quot;:[{&quot;text&quot;:&quot;Kulturprojekte Berlin \\\/ Stadtmuseum Berlin&quot;,&quot;id&quot;:400,&quot;icon&quot;:null,&quot;parent&quot;:0}],&quot;targetgroup&quot;:[383,454],&quot;targetgroup_details&quot;:[{&quot;text&quot;:&quot;Erwachsene&quot;,&quot;id&quot;:383,&quot;icon&quot;:null,&quot;parent&quot;:0},{&quot;text&quot;:&quot;Kinder und Familien&quot;,&quot;id&quot;:454,&quot;icon&quot;:null,&quot;parent&quot;:0}],&quot;language&quot;:[384,422],&quot;language_details&quot;:[{&quot;text&quot;:&quot;Deutsch&quot;,&quot;id&quot;:384,&quot;icon&quot;:null,&quot;parent&quot;:0},{&quot;text&quot;:&quot;Keine Sprachkenntnisse erforderlich&quot;,&quot;id&quot;:422,&quot;icon&quot;:null,&quot;parent&quot;:0}],&quot;accessability&quot;:[430],&quot;accessability_details&quot;:[{&quot;text&quot;:&quot;Rollstuhlgerecht&quot;,&quot;id&quot;:430,&quot;icon&quot;:null,&quot;parent&quot;:0}],&quot;place&quot;:[405],&quot;place_details&quot;:{&quot;place&quot;:&quot;Humboldt Forum&quot;,&quot;map&quot;:&quot;Humboldt Forum, Schlossplatz, Berlin&quot;,&quot;room&quot;:&quot;Berlin Ausstellung, 1. OG&quot;},&quot;icon_overwrite&quot;:&quot;&quot;,&quot;acf&quot;:{&quot;hashtag&quot;:&quot;HumboldtForum&quot;,&quot;belongsto&quot;:[14140],&quot;shorturl&quot;:&quot;&quot;,&quot;noindex&quot;:false,&quot;keywords&quot;:&quot;&quot;,&quot;times&quot;:[{&quot;start&quot;:&quot;20260502 14:00&quot;,&quot;end&quot;:&quot;17:00&quot;,&quot;status&quot;:&quot;BUY&quot;,&quot;info&quot;:&quot;Teilnahme kostenfrei \\u2013 Ausstellungsticket notwendig&quot;,&quot;shop&quot;:&quot;&quot;,&quot;i&quot;:2,&quot;start_hour&quot;:&quot;14:00&quot;,&quot;start_HRF&quot;:&quot;Sa,  2. Mai 2026&quot;,&quot;_date&quot;:{&quot;date&quot;:&quot;2026-05-02 17:00:00.000000&quot;,&quot;timezone_type&quot;:3,&quot;timezone&quot;:&quot;Europe\\\/Berlin&quot;},&quot;_fromdate&quot;:&quot;20260502 14:00&quot;,&quot;start_TS&quot;:1777723200,&quot;start_HRFSHORT&quot;:&quot;02.05.26&quot;,&quot;start_HRFSHORT_WD&quot;:&quot;Sa 02.05.2026&quot;,&quot;end_TS&quot;:1777734000,&quot;can_purchase&quot;:false},{&quot;start&quot;:&quot;20260530 14:00&quot;,&quot;end&quot;:&quot;17:00&quot;,&quot;status&quot;:&quot;BUY&quot;,&quot;info&quot;:&quot;Teilnahme kostenfrei \\u2013 Ausstellungsticket notwendig&quot;,&quot;shop&quot;:&quot;&quot;,&quot;i&quot;:3,&quot;start_hour&quot;:&quot;14:00&quot;,&quot;start_HRF&quot;:&quot;Sa, 30. Mai 2026&quot;,&quot;_date&quot;:{&quot;date&quot;:&quot;2026-05-30 17:00:00.000000&quot;,&quot;timezone_type&quot;:3,&quot;timezone&quot;:&quot;Europe\\\/Berlin&quot;},&quot;_fromdate&quot;:&quot;20260530 14:00&quot;,&quot;start_TS&quot;:1780142400,&quot;start_HRFSHORT&quot;:&quot;30.05.26&quot;,&quot;start_HRFSHORT_WD&quot;:&quot;Sa 30.05.2026&quot;,&quot;end_TS&quot;:1780153200,&quot;can_purchase&quot;:false}],&quot;planning&quot;:{&quot;price&quot;:&quot;Teilnahme kostenfrei \\u2013 Ausstellungsticket notwendig&quot;,&quot;admission&quot;:&quot;&quot;,&quot;pause&quot;:&quot;&quot;,&quot;duration&quot;:&quot;90&quot;},&quot;marketing_text&quot;:&quot;Gestalten Sie kreativ ungew\\u00f6hnliche Karten&quot;,&quot;additional_info&quot;:{&quot;icon&quot;:&quot;icon-alterfreigabe&quot;,&quot;text&quot;:&quot;F\\u00fcr Kinder und Erwachsene&quot;},&quot;highlight_header&quot;:false,&quot;featured_images&quot;:[54365],&quot;use_video_in_teasers&quot;:false,&quot;hyphenation&quot;:true,&quot;tipp&quot;:true,&quot;joker&quot;:false,&quot;live&quot;:false,&quot;hide_event_in_program&quot;:false,&quot;tickettext&quot;:&quot;Besuch von BERLIN GLOBAL auch mit Humboldt Forum Ticket m\\u00f6glich, s. Besuch &gt; Eintritt &amp; Tickets&quot;,&quot;gomus_id&quot;:&quot;&quot;,&quot;hm_id&quot;:&quot;&quot;},&quot;date&quot;:{&quot;NX&quot;:&quot;20260502&quot;,&quot;NXX&quot;:&quot;202605021400&quot;,&quot;NLAST&quot;:&quot;202605301100&quot;,&quot;from_DATE&quot;:&quot;20260307 14:00&quot;,&quot;from&quot;:1772884800,&quot;to&quot;:1780138800,&quot;to_DATE&quot;:&quot;20260530 14:00&quot;,&quot;from_HRFSHORT&quot;:&quot; 7. M\\u00e4r 2026&quot;,&quot;from_HRFSHORT_WD&quot;:&quot;Sa 07.03.2026&quot;,&quot;to_HRFSHORT&quot;:&quot;30. Mai 2026&quot;,&quot;to_HRFSHORT_WD&quot;:&quot;Sa 30.05.2026&quot;,&quot;from_HRF&quot;:&quot;Sa,  7. M\\u00e4rz 2026&quot;,&quot;to_HRF&quot;:&quot;Sa, 30. Mai 2026&quot;,&quot;from_to_HRF&quot;:&quot;Sa,  7. M\\u00e4rz \\u2013 Sa, 30. Mai 2026&quot;,&quot;from_to_HRFSHORT&quot;:&quot; 7. M\\u00e4r \\u2013 30. Mai 2026&quot;},&quot;alert&quot;:&quot;Tipp&quot;,&quot;partof&quot;:[],&quot;marketing_topic&quot;:{&quot;title&quot;:&quot;BERLIN GLOBAL&quot;,&quot;ID&quot;:14140,&quot;reason&quot;:&quot;belongsto&quot;}}' inline-template>\n\t<a href=\"https:\/\/www.humboldtforum.org\/de\/programm\/termin\/drop-in\/das-weltstudio-laedt-ein-karten-mal-ganz-anders-2-54363\/\" class=\"teaser teaser-event teaser-event-standard\">\n\t\t<div class=\"row\">\n\t\t\t<div class=\"col-xs-12 teaser-event-image\">\n\t\t\t\t<div class=\"teaser-image teaser-image-no-alternate\">\n\t\t\t\t\t\t\t\t\t\t\t\t\t<span class=\"alert\">Tipp<\/span>\n\t\t\t\t\t\t\t\t\t\t\t\n\t<lazy-media-inline inline-template>\n\t\t<figure itemscope itemtype=\"http:\/\/schema.org\/ImageObject\" class=\"lazy-media-inline \" role=\"group\" id=\"media_69f14da3916ad\" aria-labelledby=\"desc_media_69f14da3916ad\">\n\t\t\t<script type=\"application\/json\" ref=\"data\">\n\t\t\t\t{\n\t\t\t\t\"sizes\" : {\"medium\":{\"file\":\"WELTSTUDIOJUGENDLICHEFADENKARTOGRAPH-300x200.jpg\",\"width\":300,\"height\":200,\"mime-type\":\"image\\\/jpeg\",\"filesize\":16827},\"large\":{\"file\":\"WELTSTUDIOJUGENDLICHEFADENKARTOGRAPH-1024x682.jpg\",\"width\":1024,\"height\":682,\"mime-type\":\"image\\\/jpeg\",\"filesize\":107878},\"thumbnail\":{\"file\":\"WELTSTUDIOJUGENDLICHEFADENKARTOGRAPH-150x150.jpg\",\"width\":150,\"height\":150,\"mime-type\":\"image\\\/jpeg\",\"filesize\":8190},\"medium_large\":{\"file\":\"WELTSTUDIOJUGENDLICHEFADENKARTOGRAPH-768x512.jpg\",\"width\":768,\"height\":512,\"mime-type\":\"image\\\/jpeg\",\"filesize\":69627},\"small\":{\"file\":\"WELTSTUDIOJUGENDLICHEFADENKARTOGRAPH-440x293.jpg\",\"width\":440,\"height\":293,\"mime-type\":\"image\\\/jpeg\",\"filesize\":30217},\"semi\":{\"file\":\"WELTSTUDIOJUGENDLICHEFADENKARTOGRAPH-580x386.jpg\",\"width\":580,\"height\":386,\"mime-type\":\"image\\\/jpeg\",\"filesize\":46509},\"mobile\":{\"file\":\"WELTSTUDIOJUGENDLICHEFADENKARTOGRAPH-720x480.jpg\",\"width\":720,\"height\":480,\"mime-type\":\"image\\\/jpeg\",\"filesize\":63107},\"hd\":{\"file\":\"WELTSTUDIOJUGENDLICHEFADENKARTOGRAPH-1280x853.jpg\",\"width\":1280,\"height\":853,\"mime-type\":\"image\\\/jpeg\",\"filesize\":149841},\"1536x1536\":{\"file\":\"WELTSTUDIOJUGENDLICHEFADENKARTOGRAPH-1536x1023.jpg\",\"width\":1536,\"height\":1023,\"mime-type\":\"image\\\/jpeg\",\"filesize\":196858},\"original\":{\"file\":\"WELTSTUDIOJUGENDLICHEFADENKARTOGRAPH.jpg\",\"width\":1600,\"height\":1066}},\n\t\t\t\t\"alt\" : \"Jugendliche und eine Erwachsene arbeiten gemeinsam am Webstuhl und lernen die Webtechnik.\",\n\t\t\t\t\"path\" : \"\\\/wp-content\\\/uploads\\\/2022\\\/09\\\/\",\n\t\t\t\t\"video\" : null,\n\t\t\t\t\"autoplay\" : null,\n\t\t\t\t\"youtube\" : null,\n\t\t\t\t\"youtubelabel\" : \"Video abspielen\",\n\t\t\t\t\"brightness\" : 100,\n\t\t\t\t\"crop\" : null,\n\t\t\t\t\"background\" : true,\n\t\t\t\t\"scale\" : 2\t\t\t\t}\n\t\t\t<\/script>\n\n\t\t\t<div class=\"height-container\" style=\"padding-bottom:66.625%;\" v-if=\"sizes\">\n\t\t\t\t\t\t\t\t<lazy-media :inline=\"true\" :alt=\"alt\" :sizes=\"sizes\" :scale=\"scale\" :brightness=\"brightness\" :path=\"path\" :video=\"video\" :autoplay=\"autoplay\" :youtube=\"youtube\" :crop=\"crop\" :youtubelabel=\"youtubelabel\" :background=\"background\" media-id=\"desc_media_69f14da3916ad\"><\/lazy-media>\n\t\t\t\t\t\t\t<\/div>\n\n\t\t\t\t\t\t\t<figcaption class=\"sr-only\" ref=\"body\" id=\"desc_media_69f14da3916ad\">\n\t\t\t\t\t\t\t\t\t\t\t<div>Konzentration! Der riesige Fadenkartograph fordert auch heraus<\/div>\n\t\t\t\t\t\t\t\t\t\t\t\t\t\t\t\t\t\t\t\t\t<div class=\"insignificant\">\u00a9 Stadtmuseum Berlin, Foto: Phil Dera<\/div>\n\t\t\t\t\t\t\t\t\t<\/figcaption>\n\t\t\t\t\t<\/figure>\n\t<\/lazy-media-inline>\n\t\t\t\t<\/div>\n\t\t\t<\/div>\n\t\t\t<div class=\"col-xs-12 teaser-event-text Infos\">\n\t\t\t\t<div class=\"teaser-event-standard-text\">\n\t\t\t\t\t<div class=\"margin-bottom-atom\">\n\t\t\t\t\t\t<div class=\"subline clamp-1\" v-html=\"maingenre\"><\/div>\n\t\t\t\t\t\t\t\t\t\t\t\t\t<div class=\"insignificant clamp-2\">BERLIN GLOBAL<\/div>\n\t\t\t\t\t\t\t\t\t\t\t<\/div>\n\t\t\t\t\n\t\t\t\t\t<strong class=\"margin-bottom-atom\">Das Weltstudio l\u00e4dt ein\u00a0\u2013 Karten mal ganz anders<\/strong>\n\n\t\t\t\t\t\t\t\t\t\t\t<div class=\"\">Gestalten Sie kreativ ungew\u00f6hnliche Karten<\/div>\n\t\t\t\t\t\t\t\t\t<\/div>\n\t\t\t\t<div class=\"teaser-bottom border-bottom\">\n\t\t\t\t<calendardateline :rawitem='item' :show-icon=\"true\"><\/calendardateline>\n\t\t\t\t\t<hr>\n\t\t\t\t<\/div>\n\t\t\t<\/div>\n\t\t<\/div>\n\t<\/a>\n\t<\/calendarteaser>\n<\/li>\n\n<li class=\"teaser-lane-slide col-xs-9 col-sm-4 col-md-3 teaser-wrapper col-padding-remove\">\n\t<calendarteaser key=\"2966311838\" rawitem='{&quot;postId&quot;:29663,&quot;title&quot;:&quot;BERLIN GLOBAL in 60 minutes&quot;,&quot;excerpt&quot;:&quot;&quot;,&quot;slug&quot;:&quot;berlin-global-in-60-minutes&quot;,&quot;post_date&quot;:&quot;2021-08-04T12:14&quot;,&quot;type&quot;:&quot;event&quot;,&quot;permalink&quot;:&quot;https:\\\/\\\/www.humboldtforum.org\\\/de\\\/programm\\\/termin\\\/fuehrung\\\/berlin-global-in-60-minutes-29663\\\/&quot;,&quot;genre&quot;:[821],&quot;genre_details&quot;:[{&quot;text&quot;:&quot;F\\u00fchrung&quot;,&quot;id&quot;:821,&quot;icon&quot;:null,&quot;parent&quot;:0}],&quot;stakeholder&quot;:[400],&quot;stakeholder_details&quot;:[{&quot;text&quot;:&quot;Kulturprojekte Berlin \\\/ Stadtmuseum Berlin&quot;,&quot;id&quot;:400,&quot;icon&quot;:null,&quot;parent&quot;:0}],&quot;targetgroup&quot;:[383],&quot;targetgroup_details&quot;:[{&quot;text&quot;:&quot;Erwachsene&quot;,&quot;id&quot;:383,&quot;icon&quot;:null,&quot;parent&quot;:0}],&quot;language&quot;:[385],&quot;language_details&quot;:[{&quot;text&quot;:&quot;Englisch&quot;,&quot;id&quot;:385,&quot;icon&quot;:null,&quot;parent&quot;:0}],&quot;groupsize&quot;:[945],&quot;groupsize_details&quot;:[{&quot;text&quot;:&quot;10 Personen&quot;,&quot;id&quot;:945,&quot;icon&quot;:null,&quot;parent&quot;:0}],&quot;icon_overwrite&quot;:&quot;&quot;,&quot;acf&quot;:{&quot;hashtag&quot;:&quot;HumboldtForum&quot;,&quot;belongsto&quot;:[14140],&quot;shorturl&quot;:&quot;&quot;,&quot;noindex&quot;:false,&quot;keywords&quot;:&quot;&quot;,&quot;times&quot;:[{&quot;start&quot;:&quot;20260503 11:00&quot;,&quot;end&quot;:&quot;12:00&quot;,&quot;status&quot;:&quot;BUY&quot;,&quot;info&quot;:&quot;Guided Tour in English - 16 EUR \\\/ 9 EUR&quot;,&quot;shop&quot;:&quot;https:\\\/\\\/tickets.humboldtforum.org\\\/#\\\/product\\\/event\\\/63?date=2026-05-03&amp;date_id=28172&amp;lang=de&quot;,&quot;i&quot;:4,&quot;start_hour&quot;:&quot;11:00&quot;,&quot;start_HRF&quot;:&quot;So,  3. Mai 2026&quot;,&quot;_date&quot;:{&quot;date&quot;:&quot;2026-05-03 12:00:00.000000&quot;,&quot;timezone_type&quot;:3,&quot;timezone&quot;:&quot;Europe\\\/Berlin&quot;},&quot;_fromdate&quot;:&quot;20260503 11:00&quot;,&quot;start_TS&quot;:1777798800,&quot;start_HRFSHORT&quot;:&quot;03.05.26&quot;,&quot;start_HRFSHORT_WD&quot;:&quot;So 03.05.2026&quot;,&quot;end_TS&quot;:1777802400,&quot;can_purchase&quot;:true},{&quot;start&quot;:&quot;20260510 11:00&quot;,&quot;end&quot;:&quot;12:00&quot;,&quot;status&quot;:&quot;BUY&quot;,&quot;info&quot;:&quot;Guided Tour in English - 16 EUR \\\/ 9 EUR&quot;,&quot;shop&quot;:&quot;https:\\\/\\\/tickets.humboldtforum.org\\\/#\\\/product\\\/event\\\/63?date=2026-05-10&amp;date_id=28173&amp;lang=de&quot;,&quot;i&quot;:5,&quot;start_hour&quot;:&quot;11:00&quot;,&quot;start_HRF&quot;:&quot;So, 10. Mai 2026&quot;,&quot;_date&quot;:{&quot;date&quot;:&quot;2026-05-10 12:00:00.000000&quot;,&quot;timezone_type&quot;:3,&quot;timezone&quot;:&quot;Europe\\\/Berlin&quot;},&quot;_fromdate&quot;:&quot;20260510 11:00&quot;,&quot;start_TS&quot;:1778403600,&quot;start_HRFSHORT&quot;:&quot;10.05.26&quot;,&quot;start_HRFSHORT_WD&quot;:&quot;So 10.05.2026&quot;,&quot;end_TS&quot;:1778407200,&quot;can_purchase&quot;:true},{&quot;start&quot;:&quot;20260517 00:00&quot;,&quot;end&quot;:&quot;12:00&quot;,&quot;status&quot;:&quot;BUY&quot;,&quot;info&quot;:&quot;Guided Tour in English - 16 EUR \\\/ 9 EUR&quot;,&quot;shop&quot;:&quot;https:\\\/\\\/tickets.humboldtforum.org\\\/#\\\/product\\\/event\\\/63?date=2026-05-17&amp;date_id=28174&amp;lang=de&quot;,&quot;i&quot;:6,&quot;start_hour&quot;:&quot;00:00&quot;,&quot;start_HRF&quot;:&quot;So, 17. Mai 2026&quot;,&quot;_date&quot;:{&quot;date&quot;:&quot;2026-05-17 12:00:00.000000&quot;,&quot;timezone_type&quot;:3,&quot;timezone&quot;:&quot;Europe\\\/Berlin&quot;},&quot;_fromdate&quot;:&quot;20260517 00:00&quot;,&quot;start_TS&quot;:1778968800,&quot;start_HRFSHORT&quot;:&quot;17.05.26&quot;,&quot;start_HRFSHORT_WD&quot;:&quot;So 17.05.2026&quot;,&quot;end_TS&quot;:1779012000,&quot;can_purchase&quot;:true},{&quot;start&quot;:&quot;20260524 11:00&quot;,&quot;end&quot;:&quot;12:00&quot;,&quot;status&quot;:&quot;BUY&quot;,&quot;info&quot;:&quot;Guided Tour in English - 16 EUR \\\/ 9 EUR&quot;,&quot;shop&quot;:&quot;https:\\\/\\\/tickets.humboldtforum.org\\\/#\\\/product\\\/event\\\/63?date=2026-05-24&amp;date_id=28175&amp;lang=de&quot;,&quot;i&quot;:7,&quot;start_hour&quot;:&quot;11:00&quot;,&quot;start_HRF&quot;:&quot;So, 24. Mai 2026&quot;,&quot;_date&quot;:{&quot;date&quot;:&quot;2026-05-24 12:00:00.000000&quot;,&quot;timezone_type&quot;:3,&quot;timezone&quot;:&quot;Europe\\\/Berlin&quot;},&quot;_fromdate&quot;:&quot;20260524 11:00&quot;,&quot;start_TS&quot;:1779613200,&quot;start_HRFSHORT&quot;:&quot;24.05.26&quot;,&quot;start_HRFSHORT_WD&quot;:&quot;So 24.05.2026&quot;,&quot;end_TS&quot;:1779616800,&quot;can_purchase&quot;:true},{&quot;start&quot;:&quot;20260531 11:00&quot;,&quot;end&quot;:&quot;12:00&quot;,&quot;status&quot;:&quot;BUY&quot;,&quot;info&quot;:&quot;Guided Tour in English - 16 EUR \\\/ 9 EUR&quot;,&quot;shop&quot;:&quot;https:\\\/\\\/tickets.humboldtforum.org\\\/#\\\/product\\\/event\\\/63?date=2026-05-31&amp;date_id=28176&amp;lang=de&quot;,&quot;i&quot;:8,&quot;start_hour&quot;:&quot;11:00&quot;,&quot;start_HRF&quot;:&quot;So, 31. Mai 2026&quot;,&quot;_date&quot;:{&quot;date&quot;:&quot;2026-05-31 12:00:00.000000&quot;,&quot;timezone_type&quot;:3,&quot;timezone&quot;:&quot;Europe\\\/Berlin&quot;},&quot;_fromdate&quot;:&quot;20260531 11:00&quot;,&quot;start_TS&quot;:1780218000,&quot;start_HRFSHORT&quot;:&quot;31.05.26&quot;,&quot;start_HRFSHORT_WD&quot;:&quot;So 31.05.2026&quot;,&quot;end_TS&quot;:1780221600,&quot;can_purchase&quot;:true}],&quot;planning&quot;:{&quot;price&quot;:&quot;16 EUR \\\/ reduced 9 EUR &quot;,&quot;admission&quot;:&quot;&quot;,&quot;pause&quot;:&quot;&quot;,&quot;duration&quot;:&quot;60&quot;},&quot;subline&quot;:&quot;Public tour&quot;,&quot;marketing_text&quot;:&quot;Public tour in the Berlin Exhibition&quot;,&quot;tickettext&quot;:&quot;BERLIN GLOBAL can also be visited with a Humboldt Forum ticket, see Visit &gt; Admission &amp; Tickets.&quot;,&quot;additional_info&quot;:{&quot;icon&quot;:&quot;icon-uhr&quot;,&quot;text&quot;:&quot;Dates and ticket booking for the coming month are released at the end of the previous month.&quot;},&quot;highlight_header&quot;:false,&quot;featured_images&quot;:[30350],&quot;use_video_in_teasers&quot;:false,&quot;hyphenation&quot;:true,&quot;tipp&quot;:false,&quot;alert_text&quot;:&quot;EN&quot;,&quot;joker&quot;:true,&quot;live&quot;:false,&quot;hide_event_in_program&quot;:false,&quot;gomus_id&quot;:&quot;&quot;,&quot;hm_id&quot;:&quot;&quot;},&quot;date&quot;:{&quot;NX&quot;:&quot;20260503&quot;,&quot;NXX&quot;:&quot;202605031100&quot;,&quot;NLAST&quot;:&quot;202606280700&quot;,&quot;from_DATE&quot;:&quot;20260503 11:00&quot;,&quot;from&quot;:1777791600,&quot;to&quot;:1782630000,&quot;to_DATE&quot;:&quot;20260628 11:00&quot;,&quot;from_HRFSHORT&quot;:&quot; 3. Mai 2026&quot;,&quot;from_HRFSHORT_WD&quot;:&quot;So 03.05.2026&quot;,&quot;to_HRFSHORT&quot;:&quot;28. Jun 2026&quot;,&quot;to_HRFSHORT_WD&quot;:&quot;So 28.06.2026&quot;,&quot;from_HRF&quot;:&quot;So,  3. Mai 2026&quot;,&quot;to_HRF&quot;:&quot;So, 28. Juni 2026&quot;,&quot;from_to_HRF&quot;:&quot;So,  3. Mai \\u2013 So, 28. Juni 2026&quot;,&quot;from_to_HRFSHORT&quot;:&quot; 3. Mai \\u2013 28. Jun 2026&quot;},&quot;alert&quot;:&quot;EN&quot;,&quot;partof&quot;:[],&quot;marketing_topic&quot;:{&quot;title&quot;:&quot;BERLIN GLOBAL&quot;,&quot;ID&quot;:14140,&quot;reason&quot;:&quot;belongsto&quot;}}' inline-template>\n\t<a href=\"https:\/\/www.humboldtforum.org\/de\/programm\/termin\/fuehrung\/berlin-global-in-60-minutes-29663\/\" class=\"teaser teaser-event teaser-event-standard\">\n\t\t<div class=\"row\">\n\t\t\t<div class=\"col-xs-12 teaser-event-image\">\n\t\t\t\t<div class=\"teaser-image teaser-image-no-alternate\">\n\t\t\t\t\t\t\t\t\t\t\t\t\t<span class=\"alert\">EN<\/span>\n\t\t\t\t\t\t\t\t\t\t\t\n\t<lazy-media-inline inline-template>\n\t\t<figure itemscope itemtype=\"http:\/\/schema.org\/ImageObject\" class=\"lazy-media-inline \" role=\"group\" id=\"media_69f14da3934d6\" aria-labelledby=\"desc_media_69f14da3934d6\">\n\t\t\t<script type=\"application\/json\" ref=\"data\">\n\t\t\t\t{\n\t\t\t\t\"sizes\" : {\"medium\":{\"file\":\"SHF_eb00115718-300x200.jpg\",\"width\":300,\"height\":200,\"mime-type\":\"image\\\/jpeg\"},\"large\":{\"file\":\"SHF_eb00115718-1024x683.jpg\",\"width\":1024,\"height\":683,\"mime-type\":\"image\\\/jpeg\"},\"thumbnail\":{\"file\":\"SHF_eb00115718-150x150.jpg\",\"width\":150,\"height\":150,\"mime-type\":\"image\\\/jpeg\"},\"medium_large\":{\"file\":\"SHF_eb00115718-768x512.jpg\",\"width\":768,\"height\":512,\"mime-type\":\"image\\\/jpeg\"},\"small\":{\"file\":\"SHF_eb00115718-440x293.jpg\",\"width\":440,\"height\":293,\"mime-type\":\"image\\\/jpeg\"},\"semi\":{\"file\":\"SHF_eb00115718-580x387.jpg\",\"width\":580,\"height\":387,\"mime-type\":\"image\\\/jpeg\"},\"mobile\":{\"file\":\"SHF_eb00115718-720x480.jpg\",\"width\":720,\"height\":480,\"mime-type\":\"image\\\/jpeg\"},\"hd\":{\"file\":\"SHF_eb00115718-1280x853.jpg\",\"width\":1280,\"height\":853,\"mime-type\":\"image\\\/jpeg\"},\"1536x1536\":{\"file\":\"SHF_eb00115718-1536x1024.jpg\",\"width\":1536,\"height\":1024,\"mime-type\":\"image\\\/jpeg\"},\"original\":{\"file\":\"SHF_eb00115718.jpg\",\"width\":1800,\"height\":1200}},\n\t\t\t\t\"alt\" : \"Eine Gruppe junger Menschen schaut neugierig und begeistert zu einem Lehrer an einem Tisch.\",\n\t\t\t\t\"path\" : \"\\\/wp-content\\\/uploads\\\/2021\\\/08\\\/\",\n\t\t\t\t\"video\" : null,\n\t\t\t\t\"autoplay\" : null,\n\t\t\t\t\"youtube\" : null,\n\t\t\t\t\"youtubelabel\" : \"Video abspielen\",\n\t\t\t\t\"brightness\" : 100,\n\t\t\t\t\"crop\" : {\"top\":\"35.78\",\"left\":\"37.62\"},\n\t\t\t\t\"background\" : true,\n\t\t\t\t\"scale\" : 2\t\t\t\t}\n\t\t\t<\/script>\n\n\t\t\t<div class=\"height-container\" style=\"padding-bottom:66.666666666667%;\" v-if=\"sizes\">\n\t\t\t\t\t\t\t\t<lazy-media :inline=\"true\" :alt=\"alt\" :sizes=\"sizes\" :scale=\"scale\" :brightness=\"brightness\" :path=\"path\" :video=\"video\" :autoplay=\"autoplay\" :youtube=\"youtube\" :crop=\"crop\" :youtubelabel=\"youtubelabel\" :background=\"background\" media-id=\"desc_media_69f14da3934d6\"><\/lazy-media>\n\t\t\t\t\t\t\t<\/div>\n\n\t\t\t\t\t\t\t<figcaption class=\"sr-only\" ref=\"body\" id=\"desc_media_69f14da3934d6\">\n\t\t\t\t\t\t\t\t\t\t\t\t\t\t\t\t\t\t\t\t\t<div class=\"insignificant\">\u00a9 Stiftung Stadtmuseum Berlin, Foto: Anne Preussel<\/div>\n\t\t\t\t\t\t\t\t\t<\/figcaption>\n\t\t\t\t\t<\/figure>\n\t<\/lazy-media-inline>\n\t\t\t\t<\/div>\n\t\t\t<\/div>\n\t\t\t<div class=\"col-xs-12 teaser-event-text Infos\">\n\t\t\t\t<div class=\"teaser-event-standard-text\">\n\t\t\t\t\t<div class=\"margin-bottom-atom\">\n\t\t\t\t\t\t<div class=\"subline clamp-1\" v-html=\"maingenre\"><\/div>\n\t\t\t\t\t\t\t\t\t\t\t\t\t<div class=\"insignificant clamp-2\">BERLIN GLOBAL<\/div>\n\t\t\t\t\t\t\t\t\t\t\t<\/div>\n\t\t\t\t\n\t\t\t\t\t<strong class=\"margin-bottom-atom\">BERLIN GLOBAL in 60 minutes<\/strong>\n\n\t\t\t\t\t\t\t\t\t\t\t<div class=\"\">Public tour in the Berlin Exhibition<\/div>\n\t\t\t\t\t\t\t\t\t<\/div>\n\t\t\t\t<div class=\"teaser-bottom border-bottom\">\n\t\t\t\t<calendardateline :rawitem='item' :show-icon=\"true\"><\/calendardateline>\n\t\t\t\t\t<hr>\n\t\t\t\t<\/div>\n\t\t\t<\/div>\n\t\t<\/div>\n\t<\/a>\n\t<\/calendarteaser>\n<\/li>\n\n<li class=\"teaser-lane-slide col-xs-9 col-sm-4 col-md-3 teaser-wrapper col-padding-remove\">\n\t<calendarteaser key=\"2973615866\" rawitem='{&quot;postId&quot;:29736,&quot;title&quot;:&quot;Elternzeit Kultur bei BERLIN GLOBAL&quot;,&quot;excerpt&quot;:&quot;&quot;,&quot;slug&quot;:&quot;elternzeitkultur&quot;,&quot;post_date&quot;:&quot;2021-08-06T14:30&quot;,&quot;type&quot;:&quot;event&quot;,&quot;permalink&quot;:&quot;https:\\\/\\\/www.humboldtforum.org\\\/de\\\/programm\\\/termin\\\/drop-in\\\/elternzeitkultur-29736\\\/&quot;,&quot;genre&quot;:[839],&quot;genre_details&quot;:[{&quot;text&quot;:&quot;Drop-In&quot;,&quot;id&quot;:839,&quot;icon&quot;:null,&quot;parent&quot;:0}],&quot;stakeholder&quot;:[400],&quot;stakeholder_details&quot;:[{&quot;text&quot;:&quot;Kulturprojekte Berlin \\\/ Stadtmuseum Berlin&quot;,&quot;id&quot;:400,&quot;icon&quot;:null,&quot;parent&quot;:0}],&quot;targetgroup&quot;:[454],&quot;targetgroup_details&quot;:[{&quot;text&quot;:&quot;Kinder und Familien&quot;,&quot;id&quot;:454,&quot;icon&quot;:null,&quot;parent&quot;:0}],&quot;language&quot;:[384],&quot;language_details&quot;:[{&quot;text&quot;:&quot;Deutsch&quot;,&quot;id&quot;:384,&quot;icon&quot;:null,&quot;parent&quot;:0}],&quot;place&quot;:[405],&quot;place_details&quot;:{&quot;place&quot;:&quot;Humboldt Forum&quot;,&quot;map&quot;:&quot;Humboldt Forum, Schlossplatz, Berlin&quot;,&quot;room&quot;:&quot;Berlin Ausstellung, 1. OG&quot;},&quot;icon_overwrite&quot;:&quot;&quot;,&quot;acf&quot;:{&quot;hashtag&quot;:&quot;HumboldtForum&quot;,&quot;belongsto&quot;:[14140],&quot;shorturl&quot;:&quot;&quot;,&quot;noindex&quot;:false,&quot;keywords&quot;:&quot;&quot;,&quot;times&quot;:[{&quot;start&quot;:&quot;20260507 11:00&quot;,&quot;end&quot;:&quot;14:00&quot;,&quot;status&quot;:&quot;BUY&quot;,&quot;info&quot;:&quot;Teilnahme kostenfrei \\u2013 Ausstellungsticket notwendig&quot;,&quot;shop&quot;:&quot;&quot;,&quot;i&quot;:0,&quot;start_hour&quot;:&quot;11:00&quot;,&quot;start_HRF&quot;:&quot;Do,  7. Mai 2026&quot;,&quot;_date&quot;:{&quot;date&quot;:&quot;2026-05-07 14:00:00.000000&quot;,&quot;timezone_type&quot;:3,&quot;timezone&quot;:&quot;Europe\\\/Berlin&quot;},&quot;_fromdate&quot;:&quot;20260507 11:00&quot;,&quot;start_TS&quot;:1778144400,&quot;start_HRFSHORT&quot;:&quot;07.05.26&quot;,&quot;start_HRFSHORT_WD&quot;:&quot;Do 07.05.2026&quot;,&quot;end_TS&quot;:1778155200,&quot;can_purchase&quot;:false},{&quot;start&quot;:&quot;20260521 14:00&quot;,&quot;end&quot;:&quot;17:00&quot;,&quot;status&quot;:&quot;BUY&quot;,&quot;info&quot;:&quot;Teilnahme kostenfrei \\u2013 Ausstellungsticket notwendig&quot;,&quot;shop&quot;:&quot;&quot;,&quot;i&quot;:1,&quot;start_hour&quot;:&quot;14:00&quot;,&quot;start_HRF&quot;:&quot;Do, 21. Mai 2026&quot;,&quot;_date&quot;:{&quot;date&quot;:&quot;2026-05-21 17:00:00.000000&quot;,&quot;timezone_type&quot;:3,&quot;timezone&quot;:&quot;Europe\\\/Berlin&quot;},&quot;_fromdate&quot;:&quot;20260521 14:00&quot;,&quot;start_TS&quot;:1779364800,&quot;start_HRFSHORT&quot;:&quot;21.05.26&quot;,&quot;start_HRFSHORT_WD&quot;:&quot;Do 21.05.2026&quot;,&quot;end_TS&quot;:1779375600,&quot;can_purchase&quot;:false},{&quot;start&quot;:&quot;20260604 11:00&quot;,&quot;end&quot;:&quot;14:00&quot;,&quot;status&quot;:&quot;BUY&quot;,&quot;info&quot;:&quot;Teilnahme kostenfrei \\u2013 Ausstellungsticket notwendig&quot;,&quot;shop&quot;:&quot;&quot;,&quot;i&quot;:2,&quot;start_hour&quot;:&quot;11:00&quot;,&quot;start_HRF&quot;:&quot;Do,  4. Juni 2026&quot;,&quot;_date&quot;:{&quot;date&quot;:&quot;2026-06-04 14:00:00.000000&quot;,&quot;timezone_type&quot;:3,&quot;timezone&quot;:&quot;Europe\\\/Berlin&quot;},&quot;_fromdate&quot;:&quot;20260604 11:00&quot;,&quot;start_TS&quot;:1780563600,&quot;start_HRFSHORT&quot;:&quot;04.06.26&quot;,&quot;start_HRFSHORT_WD&quot;:&quot;Do 04.06.2026&quot;,&quot;end_TS&quot;:1780574400,&quot;can_purchase&quot;:false},{&quot;start&quot;:&quot;20260618 14:00&quot;,&quot;end&quot;:&quot;17:00&quot;,&quot;status&quot;:&quot;BUY&quot;,&quot;info&quot;:&quot;Teilnahme kostenfrei \\u2013 Ausstellungsticket notwendig&quot;,&quot;shop&quot;:&quot;&quot;,&quot;i&quot;:3,&quot;start_hour&quot;:&quot;14:00&quot;,&quot;start_HRF&quot;:&quot;Do, 18. Juni 2026&quot;,&quot;_date&quot;:{&quot;date&quot;:&quot;2026-06-18 17:00:00.000000&quot;,&quot;timezone_type&quot;:3,&quot;timezone&quot;:&quot;Europe\\\/Berlin&quot;},&quot;_fromdate&quot;:&quot;20260618 14:00&quot;,&quot;start_TS&quot;:1781784000,&quot;start_HRFSHORT&quot;:&quot;18.06.26&quot;,&quot;start_HRFSHORT_WD&quot;:&quot;Do 18.06.2026&quot;,&quot;end_TS&quot;:1781794800,&quot;can_purchase&quot;:false}],&quot;planning&quot;:{&quot;price&quot;:&quot;kostenfrei zzgl. Ausstellungseintritt&quot;,&quot;admission&quot;:&quot;&quot;,&quot;pause&quot;:&quot;&quot;,&quot;duration&quot;:&quot;&quot;},&quot;subline&quot;:&quot;Mit dem Baby ins Museum&quot;,&quot;marketing_text&quot;:&quot;Mit dem Baby ins Museum&quot;,&quot;infotext&quot;:&quot;jeden ersten Donnerstag im Monat, 11\\u201314 Uhr, jeden dritten Donnerstag im Monat, 14\\u201317 Uhr&quot;,&quot;additional_info&quot;:{&quot;icon&quot;:&quot;icon-pin&quot;,&quot;text&quot;:&quot;Treffpunkt: Lounge bei BERLIN GLOBAL, direkt neben dem WELTSTUDIO. Fragen Sie am Ausstellungseingang von BERLIN GLOBAL gerne bei unseren Connector*innen nach dem direkten Weg durch das WELTSTUDIO zur Lounge.&quot;},&quot;highlight_header&quot;:false,&quot;featured_images&quot;:[30346],&quot;use_video_in_teasers&quot;:false,&quot;hyphenation&quot;:true,&quot;tipp&quot;:true,&quot;joker&quot;:false,&quot;live&quot;:false,&quot;hide_event_in_program&quot;:false,&quot;tickettext&quot;:&quot;Besuch von BERLIN GLOBAL auch mit Humboldt Forum Ticket m\\u00f6glich, s. Besuch &gt; Eintritt &amp; Tickets&quot;,&quot;gomus_id&quot;:&quot;&quot;,&quot;hm_id&quot;:&quot;&quot;},&quot;date&quot;:{&quot;NX&quot;:&quot;20260507&quot;,&quot;NXX&quot;:&quot;202605071100&quot;,&quot;NLAST&quot;:&quot;202606181000&quot;,&quot;from_DATE&quot;:&quot;20260507 11:00&quot;,&quot;from&quot;:1778137200,&quot;to&quot;:1781776800,&quot;to_DATE&quot;:&quot;20260618 14:00&quot;,&quot;from_HRFSHORT&quot;:&quot; 7. Mai 2026&quot;,&quot;from_HRFSHORT_WD&quot;:&quot;Do 07.05.2026&quot;,&quot;to_HRFSHORT&quot;:&quot;18. Jun 2026&quot;,&quot;to_HRFSHORT_WD&quot;:&quot;Do 18.06.2026&quot;,&quot;from_HRF&quot;:&quot;Do,  7. Mai 2026&quot;,&quot;to_HRF&quot;:&quot;Do, 18. Juni 2026&quot;,&quot;from_to_HRF&quot;:&quot;Do,  7. Mai \\u2013 Do, 18. Juni 2026&quot;,&quot;from_to_HRFSHORT&quot;:&quot; 7. Mai \\u2013 18. Jun 2026&quot;},&quot;alert&quot;:&quot;Tipp&quot;,&quot;partof&quot;:[],&quot;marketing_topic&quot;:{&quot;title&quot;:&quot;BERLIN GLOBAL&quot;,&quot;ID&quot;:14140,&quot;reason&quot;:&quot;belongsto&quot;}}' inline-template>\n\t<a href=\"https:\/\/www.humboldtforum.org\/de\/programm\/termin\/drop-in\/elternzeitkultur-29736\/\" class=\"teaser teaser-event teaser-event-standard\">\n\t\t<div class=\"row\">\n\t\t\t<div class=\"col-xs-12 teaser-event-image\">\n\t\t\t\t<div class=\"teaser-image teaser-image-no-alternate\">\n\t\t\t\t\t\t\t\t\t\t\t\t\t<span class=\"alert\">Tipp<\/span>\n\t\t\t\t\t\t\t\t\t\t\t\n\t<lazy-media-inline inline-template>\n\t\t<figure itemscope itemtype=\"http:\/\/schema.org\/ImageObject\" class=\"lazy-media-inline \" role=\"group\" id=\"media_69f14da39521e\" aria-labelledby=\"desc_media_69f14da39521e\">\n\t\t\t<script type=\"application\/json\" ref=\"data\">\n\t\t\t\t{\n\t\t\t\t\"sizes\" : {\"medium\":{\"file\":\"SHF_eb00115717-300x225.jpg\",\"width\":300,\"height\":225,\"mime-type\":\"image\\\/jpeg\"},\"thumbnail\":{\"file\":\"SHF_eb00115717-150x150.jpg\",\"width\":150,\"height\":150,\"mime-type\":\"image\\\/jpeg\"},\"small\":{\"file\":\"SHF_eb00115717-440x330.jpg\",\"width\":440,\"height\":330,\"mime-type\":\"image\\\/jpeg\"},\"semi\":{\"file\":\"SHF_eb00115717-580x435.jpg\",\"width\":580,\"height\":435,\"mime-type\":\"image\\\/jpeg\"},\"original\":{\"file\":\"SHF_eb00115717.jpg\",\"width\":640,\"height\":480}},\n\t\t\t\t\"alt\" : \"Eine Mutter h\\u00e4lt ein Baby und schaut sich bunte, durchsichtige Platten in einem modernen Raum an.\",\n\t\t\t\t\"path\" : \"\\\/wp-content\\\/uploads\\\/2021\\\/08\\\/\",\n\t\t\t\t\"video\" : null,\n\t\t\t\t\"autoplay\" : null,\n\t\t\t\t\"youtube\" : null,\n\t\t\t\t\"youtubelabel\" : \"Video abspielen\",\n\t\t\t\t\"brightness\" : 100,\n\t\t\t\t\"crop\" : {\"top\":\"66.99\",\"left\":\"34.54\"},\n\t\t\t\t\"background\" : true,\n\t\t\t\t\"scale\" : 2\t\t\t\t}\n\t\t\t<\/script>\n\n\t\t\t<div class=\"height-container\" style=\"padding-bottom:75%;\" v-if=\"sizes\">\n\t\t\t\t\t\t\t\t<lazy-media :inline=\"true\" :alt=\"alt\" :sizes=\"sizes\" :scale=\"scale\" :brightness=\"brightness\" :path=\"path\" :video=\"video\" :autoplay=\"autoplay\" :youtube=\"youtube\" :crop=\"crop\" :youtubelabel=\"youtubelabel\" :background=\"background\" media-id=\"desc_media_69f14da39521e\"><\/lazy-media>\n\t\t\t\t\t\t\t<\/div>\n\n\t\t\t\t\t\t\t<figcaption class=\"sr-only\" ref=\"body\" id=\"desc_media_69f14da39521e\">\n\t\t\t\t\t\t\t\t\t\t\t<div>Elternzeit Kultur im Weltstudio<\/div>\n\t\t\t\t\t\t\t\t\t\t\t\t\t\t\t\t\t\t\t\t\t<div class=\"insignificant\">\u00a9 Stiftung Stadtmuseum Berlin, Foto: Constanze Schr\u00f6der<\/div>\n\t\t\t\t\t\t\t\t\t<\/figcaption>\n\t\t\t\t\t<\/figure>\n\t<\/lazy-media-inline>\n\t\t\t\t<\/div>\n\t\t\t<\/div>\n\t\t\t<div class=\"col-xs-12 teaser-event-text Infos\">\n\t\t\t\t<div class=\"teaser-event-standard-text\">\n\t\t\t\t\t<div class=\"margin-bottom-atom\">\n\t\t\t\t\t\t<div class=\"subline clamp-1\" v-html=\"maingenre\"><\/div>\n\t\t\t\t\t\t\t\t\t\t\t\t\t<div class=\"insignificant clamp-2\">BERLIN GLOBAL<\/div>\n\t\t\t\t\t\t\t\t\t\t\t<\/div>\n\t\t\t\t\n\t\t\t\t\t<strong class=\"margin-bottom-atom\">Elternzeit Kultur bei BERLIN GLOBAL<\/strong>\n\n\t\t\t\t\t\t\t\t\t\t\t<div class=\"\">Mit dem Baby ins Museum<\/div>\n\t\t\t\t\t\t\t\t\t<\/div>\n\t\t\t\t<div class=\"teaser-bottom border-bottom\">\n\t\t\t\t<calendardateline :rawitem='item' :show-icon=\"true\"><\/calendardateline>\n\t\t\t\t\t<hr>\n\t\t\t\t<\/div>\n\t\t\t<\/div>\n\t\t<\/div>\n\t<\/a>\n\t<\/calendarteaser>\n<\/li>\n\n<li class=\"teaser-lane-slide col-xs-9 col-sm-4 col-md-3 teaser-wrapper col-padding-remove\">\n\t<calendarteaser key=\"2974711956\" rawitem='{&quot;postId&quot;:29747,&quot;title&quot;:&quot;In einfacher Sprache durch BERLIN GLOBAL&quot;,&quot;excerpt&quot;:&quot;&quot;,&quot;slug&quot;:&quot;in-einfacher-sprache-durch-berlin-global&quot;,&quot;post_date&quot;:&quot;2021-08-06T15:02&quot;,&quot;type&quot;:&quot;event&quot;,&quot;permalink&quot;:&quot;https:\\\/\\\/www.humboldtforum.org\\\/de\\\/programm\\\/termin\\\/fuehrung\\\/in-einfacher-sprache-durch-berlin-global-29747\\\/&quot;,&quot;genre&quot;:[821],&quot;genre_details&quot;:[{&quot;text&quot;:&quot;F\\u00fchrung&quot;,&quot;id&quot;:821,&quot;icon&quot;:null,&quot;parent&quot;:0}],&quot;stakeholder&quot;:[400],&quot;stakeholder_details&quot;:[{&quot;text&quot;:&quot;Kulturprojekte Berlin \\\/ Stadtmuseum Berlin&quot;,&quot;id&quot;:400,&quot;icon&quot;:null,&quot;parent&quot;:0}],&quot;targetgroup&quot;:[383,455],&quot;targetgroup_details&quot;:[{&quot;text&quot;:&quot;Erwachsene&quot;,&quot;id&quot;:383,&quot;icon&quot;:null,&quot;parent&quot;:0},{&quot;text&quot;:&quot;Jugendliche&quot;,&quot;id&quot;:455,&quot;icon&quot;:null,&quot;parent&quot;:0}],&quot;language&quot;:[384,1037],&quot;language_details&quot;:[{&quot;text&quot;:&quot;Deutsch&quot;,&quot;id&quot;:384,&quot;icon&quot;:null,&quot;parent&quot;:0},{&quot;text&quot;:&quot;Einfache Sprache&quot;,&quot;id&quot;:1037,&quot;icon&quot;:null,&quot;parent&quot;:0}],&quot;accessability&quot;:[1038,430],&quot;accessability_details&quot;:[{&quot;text&quot;:&quot;Einfache Sprache&quot;,&quot;id&quot;:1038,&quot;icon&quot;:null,&quot;parent&quot;:0},{&quot;text&quot;:&quot;Rollstuhlgerecht&quot;,&quot;id&quot;:430,&quot;icon&quot;:null,&quot;parent&quot;:0}],&quot;icon_overwrite&quot;:&quot;&quot;,&quot;acf&quot;:{&quot;hashtag&quot;:&quot;HumboldtForum&quot;,&quot;belongsto&quot;:[14140],&quot;shorturl&quot;:&quot;&quot;,&quot;noindex&quot;:false,&quot;keywords&quot;:&quot;&quot;,&quot;times&quot;:[{&quot;start&quot;:&quot;20260508 16:00&quot;,&quot;end&quot;:&quot;17:00&quot;,&quot;status&quot;:&quot;BUY&quot;,&quot;info&quot;:&quot;9 EUR \\\/ 4,50 EUR&quot;,&quot;shop&quot;:&quot;https:\\\/\\\/tickets.humboldtforum.org\\\/#\\\/product\\\/event\\\/61?date=2026-05-08&amp;date_id=28183&amp;lang=de&quot;,&quot;i&quot;:1,&quot;start_hour&quot;:&quot;16:00&quot;,&quot;start_HRF&quot;:&quot;Fr,  8. Mai 2026&quot;,&quot;_date&quot;:{&quot;date&quot;:&quot;2026-05-08 17:00:00.000000&quot;,&quot;timezone_type&quot;:3,&quot;timezone&quot;:&quot;Europe\\\/Berlin&quot;},&quot;_fromdate&quot;:&quot;20260508 16:00&quot;,&quot;start_TS&quot;:1778248800,&quot;start_HRFSHORT&quot;:&quot;08.05.26&quot;,&quot;start_HRFSHORT_WD&quot;:&quot;Fr 08.05.2026&quot;,&quot;end_TS&quot;:1778252400,&quot;can_purchase&quot;:true}],&quot;planning&quot;:{&quot;price&quot;:&quot;9 EUR \\\/ erm\\u00e4\\u00dfigt 4,50 EUR&quot;,&quot;admission&quot;:&quot;&quot;,&quot;pause&quot;:&quot;&quot;,&quot;duration&quot;:&quot;60&quot;},&quot;subline&quot;:&quot;\\u00d6ffentliche F\\u00fchrung in einfacher Sprache\\t&quot;,&quot;marketing_text&quot;:&quot;\\u00d6ffentliche F\\u00fchrung in einfacher Sprache\\t&quot;,&quot;additional_info&quot;:{&quot;icon&quot;:&quot;icon-serientermin&quot;,&quot;text&quot;:&quot;alle zwei Monate freitags 16:00 \\u2013 17:30 Uhr&quot;},&quot;highlight_header&quot;:false,&quot;featured_images&quot;:[30354],&quot;use_video_in_teasers&quot;:false,&quot;hyphenation&quot;:true,&quot;tipp&quot;:false,&quot;joker&quot;:true,&quot;live&quot;:false,&quot;hide_event_in_program&quot;:false,&quot;alert_text&quot;:&quot;inklusiv&quot;,&quot;gomus_id&quot;:&quot;&quot;,&quot;hm_id&quot;:&quot;&quot;,&quot;tickettext&quot;:&quot;Buchen Sie Ihr Ticket vorab online oder an der Kasse im Foyer.&quot;},&quot;date&quot;:{&quot;NX&quot;:&quot;20260508&quot;,&quot;NXX&quot;:&quot;202605081600&quot;,&quot;NLAST&quot;:&quot;202605081300&quot;,&quot;from_DATE&quot;:&quot;20260327 16:00&quot;,&quot;from&quot;:1774620000,&quot;to&quot;:1778245200,&quot;to_DATE&quot;:&quot;20260508 16:00&quot;,&quot;from_HRFSHORT&quot;:&quot;27. M\\u00e4r 2026&quot;,&quot;from_HRFSHORT_WD&quot;:&quot;Fr 27.03.2026&quot;,&quot;to_HRFSHORT&quot;:&quot; 8. Mai 2026&quot;,&quot;to_HRFSHORT_WD&quot;:&quot;Fr 08.05.2026&quot;,&quot;from_HRF&quot;:&quot;Fr, 27. M\\u00e4rz 2026&quot;,&quot;to_HRF&quot;:&quot;Fr,  8. Mai 2026&quot;,&quot;from_to_HRF&quot;:&quot;Fr, 27. M\\u00e4rz \\u2013 Fr,  8. Mai 2026&quot;,&quot;from_to_HRFSHORT&quot;:&quot;27. M\\u00e4r \\u2013  8. Mai 2026&quot;},&quot;alert&quot;:&quot;inklusiv&quot;,&quot;partof&quot;:[],&quot;marketing_topic&quot;:{&quot;title&quot;:&quot;BERLIN GLOBAL&quot;,&quot;ID&quot;:14140,&quot;reason&quot;:&quot;belongsto&quot;}}' inline-template>\n\t<a href=\"https:\/\/www.humboldtforum.org\/de\/programm\/termin\/fuehrung\/in-einfacher-sprache-durch-berlin-global-29747\/\" class=\"teaser teaser-event teaser-event-standard\">\n\t\t<div class=\"row\">\n\t\t\t<div class=\"col-xs-12 teaser-event-image\">\n\t\t\t\t<div class=\"teaser-image teaser-image-no-alternate\">\n\t\t\t\t\t\t\t\t\t\t\t\t\t<span class=\"alert\">inklusiv<\/span>\n\t\t\t\t\t\t\t\t\t\t\t\n\t<lazy-media-inline inline-template>\n\t\t<figure itemscope itemtype=\"http:\/\/schema.org\/ImageObject\" class=\"lazy-media-inline \" role=\"group\" id=\"media_69f14da397150\" aria-labelledby=\"desc_media_69f14da397150\">\n\t\t\t<script type=\"application\/json\" ref=\"data\">\n\t\t\t\t{\n\t\t\t\t\"sizes\" : {\"medium\":{\"file\":\"SHF_eb00115708-300x201.jpg\",\"width\":300,\"height\":201,\"mime-type\":\"image\\\/jpeg\"},\"large\":{\"file\":\"SHF_eb00115708-1024x685.jpg\",\"width\":1024,\"height\":685,\"mime-type\":\"image\\\/jpeg\"},\"thumbnail\":{\"file\":\"SHF_eb00115708-150x150.jpg\",\"width\":150,\"height\":150,\"mime-type\":\"image\\\/jpeg\"},\"medium_large\":{\"file\":\"SHF_eb00115708-768x514.jpg\",\"width\":768,\"height\":514,\"mime-type\":\"image\\\/jpeg\"},\"small\":{\"file\":\"SHF_eb00115708-440x294.jpg\",\"width\":440,\"height\":294,\"mime-type\":\"image\\\/jpeg\"},\"semi\":{\"file\":\"SHF_eb00115708-580x388.jpg\",\"width\":580,\"height\":388,\"mime-type\":\"image\\\/jpeg\"},\"mobile\":{\"file\":\"SHF_eb00115708-720x482.jpg\",\"width\":720,\"height\":482,\"mime-type\":\"image\\\/jpeg\"},\"hd\":{\"file\":\"SHF_eb00115708-1280x857.jpg\",\"width\":1280,\"height\":857,\"mime-type\":\"image\\\/jpeg\"},\"1536x1536\":{\"file\":\"SHF_eb00115708-1536x1028.jpg\",\"width\":1536,\"height\":1028,\"mime-type\":\"image\\\/jpeg\"},\"original\":{\"file\":\"SHF_eb00115708.jpg\",\"width\":1648,\"height\":1103}},\n\t\t\t\t\"alt\" : \"Eine Frau erkl\\u00e4rt einem Mann in einem Museum die Ausstellung; im Hintergrund sind W\\u00e4nde mit Dokumenten zu sehen.\",\n\t\t\t\t\"path\" : \"\\\/wp-content\\\/uploads\\\/2021\\\/08\\\/\",\n\t\t\t\t\"video\" : null,\n\t\t\t\t\"autoplay\" : null,\n\t\t\t\t\"youtube\" : null,\n\t\t\t\t\"youtubelabel\" : \"Video abspielen\",\n\t\t\t\t\"brightness\" : 100,\n\t\t\t\t\"crop\" : {\"top\":\"38.50\",\"left\":\"76.34\"},\n\t\t\t\t\"background\" : true,\n\t\t\t\t\"scale\" : 2\t\t\t\t}\n\t\t\t<\/script>\n\n\t\t\t<div class=\"height-container\" style=\"padding-bottom:66.929611650485%;\" v-if=\"sizes\">\n\t\t\t\t\t\t\t\t<lazy-media :inline=\"true\" :alt=\"alt\" :sizes=\"sizes\" :scale=\"scale\" :brightness=\"brightness\" :path=\"path\" :video=\"video\" :autoplay=\"autoplay\" :youtube=\"youtube\" :crop=\"crop\" :youtubelabel=\"youtubelabel\" :background=\"background\" media-id=\"desc_media_69f14da397150\"><\/lazy-media>\n\t\t\t\t\t\t\t<\/div>\n\n\t\t\t\t\t\t\t<figcaption class=\"sr-only\" ref=\"body\" id=\"desc_media_69f14da397150\">\n\t\t\t\t\t\t\t\t\t\t\t\t\t\t\t\t\t\t\t\t\t<div class=\"insignificant\">\u00a9 Stiftung Stadtmuseum Berlin, Foto: Anne Preussel<\/div>\n\t\t\t\t\t\t\t\t\t<\/figcaption>\n\t\t\t\t\t<\/figure>\n\t<\/lazy-media-inline>\n\t\t\t\t<\/div>\n\t\t\t<\/div>\n\t\t\t<div class=\"col-xs-12 teaser-event-text Infos\">\n\t\t\t\t<div class=\"teaser-event-standard-text\">\n\t\t\t\t\t<div class=\"margin-bottom-atom\">\n\t\t\t\t\t\t<div class=\"subline clamp-1\" v-html=\"maingenre\"><\/div>\n\t\t\t\t\t\t\t\t\t\t\t\t\t<div class=\"insignificant clamp-2\">BERLIN GLOBAL<\/div>\n\t\t\t\t\t\t\t\t\t\t\t<\/div>\n\t\t\t\t\n\t\t\t\t\t<strong class=\"margin-bottom-atom\">In einfacher Sprache durch BERLIN GLOBAL<\/strong>\n\n\t\t\t\t\t\t\t\t\t\t\t<div class=\"\">\u00d6ffentliche F\u00fchrung in einfacher Sprache\t<\/div>\n\t\t\t\t\t\t\t\t\t<\/div>\n\t\t\t\t<div class=\"teaser-bottom border-bottom\">\n\t\t\t\t<calendardateline :rawitem='item' :show-icon=\"true\"><\/calendardateline>\n\t\t\t\t\t<hr>\n\t\t\t\t<\/div>\n\t\t\t<\/div>\n\t\t<\/div>\n\t<\/a>\n\t<\/calendarteaser>\n<\/li>\n\n<li class=\"teaser-lane-slide col-xs-9 col-sm-4 col-md-3 teaser-wrapper col-padding-remove\">\n\t<calendarteaser key=\"297328074\" rawitem='{&quot;postId&quot;:29732,&quot;title&quot;:&quot;Geschichten von Berlin und der Welt&quot;,&quot;excerpt&quot;:&quot;&quot;,&quot;slug&quot;:&quot;geschichten-von-berlin-und-der-welt&quot;,&quot;post_date&quot;:&quot;2021-08-06T14:00&quot;,&quot;type&quot;:&quot;event&quot;,&quot;permalink&quot;:&quot;https:\\\/\\\/www.humboldtforum.org\\\/de\\\/programm\\\/termin\\\/fuehrung\\\/geschichten-von-berlin-und-der-welt-29732\\\/&quot;,&quot;genre&quot;:[821],&quot;genre_details&quot;:[{&quot;text&quot;:&quot;F\\u00fchrung&quot;,&quot;id&quot;:821,&quot;icon&quot;:null,&quot;parent&quot;:0}],&quot;stakeholder&quot;:[400],&quot;stakeholder_details&quot;:[{&quot;text&quot;:&quot;Kulturprojekte Berlin \\\/ Stadtmuseum Berlin&quot;,&quot;id&quot;:400,&quot;icon&quot;:null,&quot;parent&quot;:0}],&quot;targetgroup&quot;:[454],&quot;targetgroup_details&quot;:[{&quot;text&quot;:&quot;Kinder und Familien&quot;,&quot;id&quot;:454,&quot;icon&quot;:null,&quot;parent&quot;:0}],&quot;language&quot;:[384],&quot;language_details&quot;:[{&quot;text&quot;:&quot;Deutsch&quot;,&quot;id&quot;:384,&quot;icon&quot;:null,&quot;parent&quot;:0}],&quot;accessability&quot;:[430],&quot;accessability_details&quot;:[{&quot;text&quot;:&quot;Rollstuhlgerecht&quot;,&quot;id&quot;:430,&quot;icon&quot;:null,&quot;parent&quot;:0}],&quot;groupsize&quot;:[1059],&quot;groupsize_details&quot;:[{&quot;text&quot;:&quot;max. 15 Personen&quot;,&quot;id&quot;:1059,&quot;icon&quot;:null,&quot;parent&quot;:0}],&quot;icon_overwrite&quot;:&quot;&quot;,&quot;acf&quot;:{&quot;hashtag&quot;:&quot;HumboldtForum&quot;,&quot;belongsto&quot;:[14140],&quot;shorturl&quot;:&quot;&quot;,&quot;noindex&quot;:false,&quot;keywords&quot;:&quot;&quot;,&quot;times&quot;:[{&quot;start&quot;:&quot;20260523 11:30&quot;,&quot;end&quot;:&quot;12:30&quot;,&quot;status&quot;:&quot;BUY&quot;,&quot;info&quot;:&quot;F\\u00fchrung in deutscher Sprache - 5 EUR zzgl. Eintritt&quot;,&quot;shop&quot;:&quot;https:\\\/\\\/tickets.humboldtforum.org\\\/#\\\/product\\\/event\\\/59?date=2026-05-23&amp;date_id=28181&amp;lang=de&quot;,&quot;i&quot;:4,&quot;start_hour&quot;:&quot;11:30&quot;,&quot;start_HRF&quot;:&quot;Sa, 23. Mai 2026&quot;,&quot;_date&quot;:{&quot;date&quot;:&quot;2026-05-23 12:30:00.000000&quot;,&quot;timezone_type&quot;:3,&quot;timezone&quot;:&quot;Europe\\\/Berlin&quot;},&quot;_fromdate&quot;:&quot;20260523 11:30&quot;,&quot;start_TS&quot;:1779528600,&quot;start_HRFSHORT&quot;:&quot;23.05.26&quot;,&quot;start_HRFSHORT_WD&quot;:&quot;Sa 23.05.2026&quot;,&quot;end_TS&quot;:1779532200,&quot;can_purchase&quot;:true},{&quot;start&quot;:&quot;20260531 14:00&quot;,&quot;end&quot;:&quot;15:00&quot;,&quot;status&quot;:&quot;BUY&quot;,&quot;info&quot;:&quot;F\\u00fchrung in deutscher Sprache - 5 EUR zzgl. Eintritt&quot;,&quot;shop&quot;:&quot;https:\\\/\\\/tickets.humboldtforum.org\\\/#\\\/product\\\/event\\\/59?date=2026-05-31&amp;date_id=28182&amp;lang=de&quot;,&quot;i&quot;:5,&quot;start_hour&quot;:&quot;14:00&quot;,&quot;start_HRF&quot;:&quot;So, 31. Mai 2026&quot;,&quot;_date&quot;:{&quot;date&quot;:&quot;2026-05-31 15:00:00.000000&quot;,&quot;timezone_type&quot;:3,&quot;timezone&quot;:&quot;Europe\\\/Berlin&quot;},&quot;_fromdate&quot;:&quot;20260531 14:00&quot;,&quot;start_TS&quot;:1780228800,&quot;start_HRFSHORT&quot;:&quot;31.05.26&quot;,&quot;start_HRFSHORT_WD&quot;:&quot;So 31.05.2026&quot;,&quot;end_TS&quot;:1780232400,&quot;can_purchase&quot;:true}],&quot;planning&quot;:{&quot;price&quot;:&quot;5 EUR zzgl. Eintritt&quot;,&quot;admission&quot;:&quot;&quot;,&quot;pause&quot;:&quot;&quot;,&quot;duration&quot;:&quot;60&quot;},&quot;subline&quot;:&quot;\\u00d6ffentliche Familienf\\u00fchrung&quot;,&quot;marketing_text&quot;:&quot;\\u00d6ffentliche Familienf\\u00fchrung&quot;,&quot;tickettext&quot;:&quot;Besuch von BERLIN GLOBAL auch mit Humboldt Forum Ticket m\\u00f6glich, s. Besuch &gt; Eintritt &amp; Tickets&quot;,&quot;additional_info&quot;:{&quot;icon&quot;:&quot;icon-uhr&quot;,&quot;text&quot;:&quot;Termine und Ticketbuchung f\\u00fcr den kommenden Monat werden jeweils zum Ende des Vormonats freigeschaltet.&quot;},&quot;highlight_header&quot;:false,&quot;featured_images&quot;:[30348],&quot;use_video_in_teasers&quot;:false,&quot;hyphenation&quot;:false,&quot;tipp&quot;:false,&quot;joker&quot;:false,&quot;live&quot;:false,&quot;hide_event_in_program&quot;:false,&quot;alert_text&quot;:&quot;DE&quot;,&quot;gomus_id&quot;:&quot;&quot;,&quot;hm_id&quot;:&quot;&quot;},&quot;date&quot;:{&quot;NX&quot;:&quot;20260523&quot;,&quot;NXX&quot;:&quot;202605231130&quot;,&quot;NLAST&quot;:&quot;202605311100&quot;,&quot;from_DATE&quot;:&quot;20260308 14:00&quot;,&quot;from&quot;:1772971200,&quot;to&quot;:1780225200,&quot;to_DATE&quot;:&quot;20260531 14:00&quot;,&quot;from_HRFSHORT&quot;:&quot; 8. M\\u00e4r 2026&quot;,&quot;from_HRFSHORT_WD&quot;:&quot;So 08.03.2026&quot;,&quot;to_HRFSHORT&quot;:&quot;31. Mai 2026&quot;,&quot;to_HRFSHORT_WD&quot;:&quot;So 31.05.2026&quot;,&quot;from_HRF&quot;:&quot;So,  8. M\\u00e4rz 2026&quot;,&quot;to_HRF&quot;:&quot;So, 31. Mai 2026&quot;,&quot;from_to_HRF&quot;:&quot;So,  8. M\\u00e4rz \\u2013 So, 31. Mai 2026&quot;,&quot;from_to_HRFSHORT&quot;:&quot; 8. M\\u00e4r \\u2013 31. Mai 2026&quot;},&quot;alert&quot;:&quot;DE&quot;,&quot;partof&quot;:[],&quot;marketing_topic&quot;:{&quot;title&quot;:&quot;BERLIN GLOBAL&quot;,&quot;ID&quot;:14140,&quot;reason&quot;:&quot;belongsto&quot;}}' inline-template>\n\t<a href=\"https:\/\/www.humboldtforum.org\/de\/programm\/termin\/fuehrung\/geschichten-von-berlin-und-der-welt-29732\/\" class=\"teaser teaser-event teaser-event-standard\">\n\t\t<div class=\"row\">\n\t\t\t<div class=\"col-xs-12 teaser-event-image\">\n\t\t\t\t<div class=\"teaser-image teaser-image-no-alternate\">\n\t\t\t\t\t\t\t\t\t\t\t\t\t<span class=\"alert\">DE<\/span>\n\t\t\t\t\t\t\t\t\t\t\t\n\t<lazy-media-inline inline-template>\n\t\t<figure itemscope itemtype=\"http:\/\/schema.org\/ImageObject\" class=\"lazy-media-inline \" role=\"group\" id=\"media_69f14da399049\" aria-labelledby=\"desc_media_69f14da399049\">\n\t\t\t<script type=\"application\/json\" ref=\"data\">\n\t\t\t\t{\n\t\t\t\t\"sizes\" : {\"medium\":{\"file\":\"SHF_eb00115720-300x200.jpg\",\"width\":300,\"height\":200,\"mime-type\":\"image\\\/jpeg\"},\"large\":{\"file\":\"SHF_eb00115720-1024x683.jpg\",\"width\":1024,\"height\":683,\"mime-type\":\"image\\\/jpeg\"},\"thumbnail\":{\"file\":\"SHF_eb00115720-150x150.jpg\",\"width\":150,\"height\":150,\"mime-type\":\"image\\\/jpeg\"},\"medium_large\":{\"file\":\"SHF_eb00115720-768x512.jpg\",\"width\":768,\"height\":512,\"mime-type\":\"image\\\/jpeg\"},\"small\":{\"file\":\"SHF_eb00115720-440x293.jpg\",\"width\":440,\"height\":293,\"mime-type\":\"image\\\/jpeg\"},\"semi\":{\"file\":\"SHF_eb00115720-580x387.jpg\",\"width\":580,\"height\":387,\"mime-type\":\"image\\\/jpeg\"},\"mobile\":{\"file\":\"SHF_eb00115720-720x480.jpg\",\"width\":720,\"height\":480,\"mime-type\":\"image\\\/jpeg\"},\"hd\":{\"file\":\"SHF_eb00115720-1280x853.jpg\",\"width\":1280,\"height\":853,\"mime-type\":\"image\\\/jpeg\"},\"full\":{\"file\":\"SHF_eb00115720-1920x1280.jpg\",\"width\":1920,\"height\":1280,\"mime-type\":\"image\\\/jpeg\"},\"1536x1536\":{\"file\":\"SHF_eb00115720-1536x1024.jpg\",\"width\":1536,\"height\":1024,\"mime-type\":\"image\\\/jpeg\"},\"original\":{\"file\":\"SHF_eb00115720.jpg\",\"width\":2048,\"height\":1365}},\n\t\t\t\t\"alt\" : \"Ein M\\u00e4dchen und ein Junge beobachten l\\u00e4chelnd ein Ausstellungsst\\u00fcck in einem Museum.\",\n\t\t\t\t\"path\" : \"\\\/wp-content\\\/uploads\\\/2021\\\/08\\\/\",\n\t\t\t\t\"video\" : null,\n\t\t\t\t\"autoplay\" : null,\n\t\t\t\t\"youtube\" : null,\n\t\t\t\t\"youtubelabel\" : \"Video abspielen\",\n\t\t\t\t\"brightness\" : 100,\n\t\t\t\t\"crop\" : {\"top\":\"36.16\",\"left\":\"49.67\"},\n\t\t\t\t\"background\" : true,\n\t\t\t\t\"scale\" : 2\t\t\t\t}\n\t\t\t<\/script>\n\n\t\t\t<div class=\"height-container\" style=\"padding-bottom:66.650390625%;\" v-if=\"sizes\">\n\t\t\t\t\t\t\t\t<lazy-media :inline=\"true\" :alt=\"alt\" :sizes=\"sizes\" :scale=\"scale\" :brightness=\"brightness\" :path=\"path\" :video=\"video\" :autoplay=\"autoplay\" :youtube=\"youtube\" :crop=\"crop\" :youtubelabel=\"youtubelabel\" :background=\"background\" media-id=\"desc_media_69f14da399049\"><\/lazy-media>\n\t\t\t\t\t\t\t<\/div>\n\n\t\t\t\t\t\t\t<figcaption class=\"sr-only\" ref=\"body\" id=\"desc_media_69f14da399049\">\n\t\t\t\t\t\t\t\t\t\t\t\t\t\t\t\t\t\t\t\t\t<div class=\"insignificant\">\u00a9 Stiftung Stadtmuseum Berlin, Foto: Anne Preussel<\/div>\n\t\t\t\t\t\t\t\t\t<\/figcaption>\n\t\t\t\t\t<\/figure>\n\t<\/lazy-media-inline>\n\t\t\t\t<\/div>\n\t\t\t<\/div>\n\t\t\t<div class=\"col-xs-12 teaser-event-text Infos\">\n\t\t\t\t<div class=\"teaser-event-standard-text\">\n\t\t\t\t\t<div class=\"margin-bottom-atom\">\n\t\t\t\t\t\t<div class=\"subline clamp-1\" v-html=\"maingenre\"><\/div>\n\t\t\t\t\t\t\t\t\t\t\t\t\t<div class=\"insignificant clamp-2\">BERLIN GLOBAL<\/div>\n\t\t\t\t\t\t\t\t\t\t\t<\/div>\n\t\t\t\t\n\t\t\t\t\t<strong class=\"margin-bottom-atom\">Geschichten von Berlin und der Welt<\/strong>\n\n\t\t\t\t\t\t\t\t\t\t\t<div class=\"\">\u00d6ffentliche Familienf\u00fchrung<\/div>\n\t\t\t\t\t\t\t\t\t<\/div>\n\t\t\t\t<div class=\"teaser-bottom border-bottom\">\n\t\t\t\t<calendardateline :rawitem='item' :show-icon=\"true\"><\/calendardateline>\n\t\t\t\t\t<hr>\n\t\t\t\t<\/div>\n\t\t\t<\/div>\n\t\t<\/div>\n\t<\/a>\n\t<\/calendarteaser>\n<\/li>\n\n<li class=\"teaser-lane-slide col-xs-9 col-sm-4 col-md-3 teaser-wrapper col-padding-remove\">\n\t<calendarteaser key=\"297468322\" rawitem='{&quot;postId&quot;:29746,&quot;title&quot;:&quot;Akustisch und haptisch durch BERLIN GLOBAL&quot;,&quot;excerpt&quot;:&quot;&quot;,&quot;slug&quot;:&quot;akustisch-und-haptisch-durch-berlin-global&quot;,&quot;post_date&quot;:&quot;2021-08-06T15:19&quot;,&quot;type&quot;:&quot;event&quot;,&quot;permalink&quot;:&quot;https:\\\/\\\/www.humboldtforum.org\\\/de\\\/programm\\\/termin\\\/fuehrung\\\/akustisch-und-haptisch-durch-berlin-global-29746\\\/&quot;,&quot;genre&quot;:[821],&quot;genre_details&quot;:[{&quot;text&quot;:&quot;F\\u00fchrung&quot;,&quot;id&quot;:821,&quot;icon&quot;:null,&quot;parent&quot;:0}],&quot;stakeholder&quot;:[400],&quot;stakeholder_details&quot;:[{&quot;text&quot;:&quot;Kulturprojekte Berlin \\\/ Stadtmuseum Berlin&quot;,&quot;id&quot;:400,&quot;icon&quot;:null,&quot;parent&quot;:0}],&quot;language&quot;:[384],&quot;language_details&quot;:[{&quot;text&quot;:&quot;Deutsch&quot;,&quot;id&quot;:384,&quot;icon&quot;:null,&quot;parent&quot;:0}],&quot;accessability&quot;:[430,1209],&quot;accessability_details&quot;:[{&quot;text&quot;:&quot;Rollstuhlgerecht&quot;,&quot;id&quot;:430,&quot;icon&quot;:null,&quot;parent&quot;:0},{&quot;text&quot;:&quot;Taststationen&quot;,&quot;id&quot;:1209,&quot;icon&quot;:null,&quot;parent&quot;:0}],&quot;icon_overwrite&quot;:&quot;&quot;,&quot;acf&quot;:{&quot;noindex&quot;:false,&quot;keywords&quot;:&quot;&quot;,&quot;hashtag&quot;:&quot;HumboldtForum&quot;,&quot;belongsto&quot;:[14140],&quot;shorturl&quot;:&quot;&quot;,&quot;times&quot;:[{&quot;start&quot;:&quot;20260523 13:00&quot;,&quot;end&quot;:&quot;15:00&quot;,&quot;status&quot;:&quot;BUY&quot;,&quot;info&quot;:&quot;9 EUR \\\/ 4,50 EUR&quot;,&quot;shop&quot;:&quot;https:\\\/\\\/tickets.humboldtforum.org\\\/#\\\/product\\\/event\\\/62?date=2026-05-23&amp;date_id=28155&amp;lang=de&quot;,&quot;i&quot;:2,&quot;start_hour&quot;:&quot;13:00&quot;,&quot;start_HRF&quot;:&quot;Sa, 23. Mai 2026&quot;,&quot;_date&quot;:{&quot;date&quot;:&quot;2026-05-23 15:00:00.000000&quot;,&quot;timezone_type&quot;:3,&quot;timezone&quot;:&quot;Europe\\\/Berlin&quot;},&quot;_fromdate&quot;:&quot;20260523 13:00&quot;,&quot;start_TS&quot;:1779534000,&quot;start_HRFSHORT&quot;:&quot;23.05.26&quot;,&quot;start_HRFSHORT_WD&quot;:&quot;Sa 23.05.2026&quot;,&quot;end_TS&quot;:1779541200,&quot;can_purchase&quot;:true}],&quot;planning&quot;:{&quot;price&quot;:&quot;9 EUR \\\/ erm\\u00e4\\u00dfigt 4,50 EUR&quot;,&quot;admission&quot;:&quot;&quot;,&quot;pause&quot;:&quot;&quot;,&quot;duration&quot;:&quot;120&quot;},&quot;subline&quot;:&quot;\\u00d6ffentliche F\\u00fchrung f\\u00fcr blinde, sehbehinderte und sehende Menschen&quot;,&quot;additional_info&quot;:{&quot;icon&quot;:&quot;icon-serientermin&quot;,&quot;text&quot;:&quot;alle zwei Monate samstags 13:00 \\u201315:00 Uhr&quot;},&quot;highlight_header&quot;:false,&quot;featured_images&quot;:[30365],&quot;use_video_in_teasers&quot;:false,&quot;hyphenation&quot;:false,&quot;tipp&quot;:false,&quot;joker&quot;:false,&quot;live&quot;:false,&quot;hide_event_in_program&quot;:false,&quot;tickettext&quot;:&quot;Buchen Sie Ihr Ticket vorab online oder an der Kasse im Foyer.&quot;,&quot;alert_text&quot;:&quot;DE&quot;,&quot;gomus_id&quot;:&quot;&quot;,&quot;hm_id&quot;:&quot;&quot;},&quot;date&quot;:{&quot;NX&quot;:&quot;20260523&quot;,&quot;NXX&quot;:&quot;202605231300&quot;,&quot;NLAST&quot;:&quot;202605231000&quot;,&quot;from_DATE&quot;:&quot;20260124 13:00&quot;,&quot;from&quot;:1769252400,&quot;to&quot;:1779530400,&quot;to_DATE&quot;:&quot;20260523 13:00&quot;,&quot;from_HRFSHORT&quot;:&quot;24. Jan 2026&quot;,&quot;from_HRFSHORT_WD&quot;:&quot;Sa 24.01.2026&quot;,&quot;to_HRFSHORT&quot;:&quot;23. Mai 2026&quot;,&quot;to_HRFSHORT_WD&quot;:&quot;Sa 23.05.2026&quot;,&quot;from_HRF&quot;:&quot;Sa, 24. Januar 2026&quot;,&quot;to_HRF&quot;:&quot;Sa, 23. Mai 2026&quot;,&quot;from_to_HRF&quot;:&quot;Sa, 24. Januar \\u2013 Sa, 23. Mai 2026&quot;,&quot;from_to_HRFSHORT&quot;:&quot;24. Jan \\u2013 23. Mai 2026&quot;},&quot;alert&quot;:&quot;DE&quot;,&quot;partof&quot;:[],&quot;marketing_topic&quot;:{&quot;title&quot;:&quot;BERLIN GLOBAL&quot;,&quot;ID&quot;:14140,&quot;reason&quot;:&quot;belongsto&quot;}}' inline-template>\n\t<a href=\"https:\/\/www.humboldtforum.org\/de\/programm\/termin\/fuehrung\/akustisch-und-haptisch-durch-berlin-global-29746\/\" class=\"teaser teaser-event teaser-event-standard\">\n\t\t<div class=\"row\">\n\t\t\t<div class=\"col-xs-12 teaser-event-image\">\n\t\t\t\t<div class=\"teaser-image teaser-image-no-alternate\">\n\t\t\t\t\t\t\t\t\t\t\t\t\t<span class=\"alert\">DE<\/span>\n\t\t\t\t\t\t\t\t\t\t\t\n\t<lazy-media-inline inline-template>\n\t\t<figure itemscope itemtype=\"http:\/\/schema.org\/ImageObject\" class=\"lazy-media-inline \" role=\"group\" id=\"media_69f14da39a870\" aria-labelledby=\"desc_media_69f14da39a870\">\n\t\t\t<script type=\"application\/json\" ref=\"data\">\n\t\t\t\t{\n\t\t\t\t\"sizes\" : {\"medium\":{\"file\":\"SHF_eb00115713-300x197.jpg\",\"width\":300,\"height\":197,\"mime-type\":\"image\\\/jpeg\"},\"large\":{\"file\":\"SHF_eb00115713-1024x674.jpg\",\"width\":1024,\"height\":674,\"mime-type\":\"image\\\/jpeg\"},\"thumbnail\":{\"file\":\"SHF_eb00115713-150x150.jpg\",\"width\":150,\"height\":150,\"mime-type\":\"image\\\/jpeg\"},\"medium_large\":{\"file\":\"SHF_eb00115713-768x506.jpg\",\"width\":768,\"height\":506,\"mime-type\":\"image\\\/jpeg\"},\"small\":{\"file\":\"SHF_eb00115713-440x290.jpg\",\"width\":440,\"height\":290,\"mime-type\":\"image\\\/jpeg\"},\"semi\":{\"file\":\"SHF_eb00115713-580x382.jpg\",\"width\":580,\"height\":382,\"mime-type\":\"image\\\/jpeg\"},\"mobile\":{\"file\":\"SHF_eb00115713-720x474.jpg\",\"width\":720,\"height\":474,\"mime-type\":\"image\\\/jpeg\"},\"hd\":{\"file\":\"SHF_eb00115713-1280x843.jpg\",\"width\":1280,\"height\":843,\"mime-type\":\"image\\\/jpeg\"},\"full\":{\"file\":\"SHF_eb00115713-1920x1264.jpg\",\"width\":1920,\"height\":1264,\"mime-type\":\"image\\\/jpeg\"},\"1536x1536\":{\"file\":\"SHF_eb00115713-1536x1011.jpg\",\"width\":1536,\"height\":1011,\"mime-type\":\"image\\\/jpeg\"},\"original\":{\"file\":\"SHF_eb00115713.jpg\",\"width\":2048,\"height\":1348}},\n\t\t\t\t\"alt\" : \"H\\u00e4nde legen Unterlagen auf einen Tisch, darunter ein Blatt mit einer K\\u00f6rperumrisszeichnung.\",\n\t\t\t\t\"path\" : \"\\\/wp-content\\\/uploads\\\/2021\\\/08\\\/\",\n\t\t\t\t\"video\" : null,\n\t\t\t\t\"autoplay\" : null,\n\t\t\t\t\"youtube\" : null,\n\t\t\t\t\"youtubelabel\" : \"Video abspielen\",\n\t\t\t\t\"brightness\" : 100,\n\t\t\t\t\"crop\" : {\"top\":\"22.54\",\"left\":\"71.83\"},\n\t\t\t\t\"background\" : true,\n\t\t\t\t\"scale\" : 2\t\t\t\t}\n\t\t\t<\/script>\n\n\t\t\t<div class=\"height-container\" style=\"padding-bottom:65.8203125%;\" v-if=\"sizes\">\n\t\t\t\t\t\t\t\t<lazy-media :inline=\"true\" :alt=\"alt\" :sizes=\"sizes\" :scale=\"scale\" :brightness=\"brightness\" :path=\"path\" :video=\"video\" :autoplay=\"autoplay\" :youtube=\"youtube\" :crop=\"crop\" :youtubelabel=\"youtubelabel\" :background=\"background\" media-id=\"desc_media_69f14da39a870\"><\/lazy-media>\n\t\t\t\t\t\t\t<\/div>\n\n\t\t\t\t\t\t\t<figcaption class=\"sr-only\" ref=\"body\" id=\"desc_media_69f14da39a870\">\n\t\t\t\t\t\t\t\t\t\t\t\t\t\t\t\t\t\t\t\t\t<div class=\"insignificant\">\u00a9 Stiftung Stadtmuseum Berlin, Foto: Melanie Huber<\/div>\n\t\t\t\t\t\t\t\t\t<\/figcaption>\n\t\t\t\t\t<\/figure>\n\t<\/lazy-media-inline>\n\t\t\t\t<\/div>\n\t\t\t<\/div>\n\t\t\t<div class=\"col-xs-12 teaser-event-text Infos\">\n\t\t\t\t<div class=\"teaser-event-standard-text\">\n\t\t\t\t\t<div class=\"margin-bottom-atom\">\n\t\t\t\t\t\t<div class=\"subline clamp-1\" v-html=\"maingenre\"><\/div>\n\t\t\t\t\t\t\t\t\t\t\t\t\t<div class=\"insignificant clamp-2\">BERLIN GLOBAL<\/div>\n\t\t\t\t\t\t\t\t\t\t\t<\/div>\n\t\t\t\t\n\t\t\t\t\t<strong class=\"margin-bottom-atom\">Akustisch und haptisch durch BERLIN GLOBAL<\/strong>\n\n\t\t\t\t\t\t\t\t\t\t\t<div class=\"\">\u00d6ffentliche F\u00fchrung f\u00fcr blinde, sehbehinderte und sehende Menschen<\/div>\n\t\t\t\t\t\t\t\t\t<\/div>\n\t\t\t\t<div class=\"teaser-bottom border-bottom\">\n\t\t\t\t<calendardateline :rawitem='item' :show-icon=\"true\"><\/calendardateline>\n\t\t\t\t\t<hr>\n\t\t\t\t<\/div>\n\t\t\t<\/div>\n\t\t<\/div>\n\t<\/a>\n\t<\/calendarteaser>\n<\/li>\n\n<li class=\"teaser-lane-slide col-xs-9 col-sm-4 col-md-3 teaser-wrapper col-padding-remove\">\n\t<calendarteaser key=\"1614227124\" rawitem='{&quot;postId&quot;:161422,&quot;title&quot;:&quot;Krieg erz\\u00e4hlen: Lesung mit Ronya Othmann und Ela Pour&quot;,&quot;excerpt&quot;:&quot;&quot;,&quot;slug&quot;:&quot;krieg-erzaehlen-lesung-mit-ronya-othmann-und-ela-pour&quot;,&quot;post_date&quot;:&quot;2026-03-25T14:51&quot;,&quot;type&quot;:&quot;event&quot;,&quot;permalink&quot;:&quot;https:\\\/\\\/www.humboldtforum.org\\\/de\\\/programm\\\/termin\\\/gespraech\\\/krieg-erzaehlen-lesung-mit-ronya-othmann-und-ela-pour-161422\\\/&quot;,&quot;genre&quot;:[1078,423],&quot;genre_details&quot;:[{&quot;text&quot;:&quot;Gespr\\u00e4ch&quot;,&quot;id&quot;:1078,&quot;icon&quot;:null,&quot;parent&quot;:0},{&quot;text&quot;:&quot;Literatur&quot;,&quot;id&quot;:423,&quot;icon&quot;:null,&quot;parent&quot;:0}],&quot;stakeholder&quot;:[400],&quot;stakeholder_details&quot;:[{&quot;text&quot;:&quot;Kulturprojekte Berlin \\\/ Stadtmuseum Berlin&quot;,&quot;id&quot;:400,&quot;icon&quot;:null,&quot;parent&quot;:0}],&quot;language&quot;:[384],&quot;language_details&quot;:[{&quot;text&quot;:&quot;Deutsch&quot;,&quot;id&quot;:384,&quot;icon&quot;:null,&quot;parent&quot;:0}],&quot;age&quot;:[1321],&quot;age_details&quot;:[{&quot;text&quot;:&quot;ab 16 Jahre&quot;,&quot;id&quot;:1321,&quot;icon&quot;:null,&quot;parent&quot;:0}],&quot;icon_overwrite&quot;:&quot;&quot;,&quot;acf&quot;:{&quot;noindex&quot;:false,&quot;keywords&quot;:&quot;&quot;,&quot;hashtag&quot;:&quot;HumboldtForum&quot;,&quot;shorturl&quot;:&quot;&quot;,&quot;belongsto&quot;:[154652,14140],&quot;times&quot;:[{&quot;start&quot;:&quot;20260528 18:30&quot;,&quot;end&quot;:&quot;20:00&quot;,&quot;status&quot;:&quot;BUY&quot;,&quot;info&quot;:&quot;5 EUR \\\/ erm\\u00e4\\u00dfigt 3 EUR&quot;,&quot;shop&quot;:&quot;https:\\\/\\\/tickets.humboldtforum.org\\\/#\\\/product\\\/event\\\/592?date=2026-05-28&amp;date_id=28061&amp;lang=de&quot;,&quot;i&quot;:0,&quot;start_hour&quot;:&quot;18:30&quot;,&quot;start_HRF&quot;:&quot;Do, 28. Mai 2026&quot;,&quot;_date&quot;:{&quot;date&quot;:&quot;2026-05-28 20:00:00.000000&quot;,&quot;timezone_type&quot;:3,&quot;timezone&quot;:&quot;Europe\\\/Berlin&quot;},&quot;_fromdate&quot;:&quot;20260528 18:30&quot;,&quot;start_TS&quot;:1779985800,&quot;start_HRFSHORT&quot;:&quot;28.05.26&quot;,&quot;start_HRFSHORT_WD&quot;:&quot;Do 28.05.2026&quot;,&quot;end_TS&quot;:1779991200,&quot;can_purchase&quot;:true}],&quot;planning&quot;:{&quot;price&quot;:&quot;5 EUR \\\/ erm\\u00e4\\u00dfigt 3 EUR&quot;,&quot;admission&quot;:&quot;18:00&quot;,&quot;pause&quot;:&quot;&quot;,&quot;duration&quot;:&quot;&quot;},&quot;subline&quot;:&quot;Moderiert von Boussa Thiam&quot;,&quot;additional_info&quot;:{&quot;icon&quot;:&quot;icon-ort&quot;,&quot;text&quot;:&quot;Saal 5 in BERLIN GLOBAL, 1. OG&quot;},&quot;highlight_header&quot;:false,&quot;use_video_in_teasers&quot;:false,&quot;hyphenation&quot;:true,&quot;tipp&quot;:false,&quot;joker&quot;:false,&quot;live&quot;:false,&quot;hide_event_in_program&quot;:false,&quot;gomus_id&quot;:&quot;&quot;,&quot;featured_images&quot;:[161474],&quot;hm_id&quot;:&quot;&quot;},&quot;date&quot;:{&quot;NX&quot;:&quot;20260528&quot;,&quot;NXX&quot;:&quot;202605281830&quot;,&quot;NLAST&quot;:&quot;202605281430&quot;,&quot;from_DATE&quot;:&quot;20260528 18:30&quot;,&quot;from&quot;:1779978600,&quot;to&quot;:1779978600,&quot;to_DATE&quot;:&quot;20260528 18:30&quot;,&quot;from_HRFSHORT&quot;:&quot;28. Mai 2026&quot;,&quot;from_HRFSHORT_WD&quot;:&quot;Do 28.05.2026&quot;,&quot;to_HRFSHORT&quot;:&quot;28. Mai 2026&quot;,&quot;to_HRFSHORT_WD&quot;:&quot;Do 28.05.2026&quot;,&quot;from_HRF&quot;:&quot;Do, 28. Mai 2026&quot;,&quot;to_HRF&quot;:&quot;Do, 28. Mai 2026&quot;,&quot;from_to_HRF&quot;:&quot;Do, 28. Mai \\u2013 Do, 28. Mai 2026&quot;,&quot;from_to_HRFSHORT&quot;:&quot;28. Mai \\u2013 28. Mai 2026&quot;},&quot;alert&quot;:null,&quot;partof&quot;:[],&quot;marketing_topic&quot;:{&quot;title&quot;:&quot;Dara T\\u00fby\\u00ea \\u2013\\u00a0\\u062f\\u0631\\u062e\\u062a\\u00a0\\u062a\\u0648\\u062a\\u00a0\\u2013 Der Maulbeerbaum&quot;,&quot;ID&quot;:154652,&quot;reason&quot;:&quot;belongsto&quot;}}' inline-template>\n\t<a href=\"https:\/\/www.humboldtforum.org\/de\/programm\/termin\/gespraech\/krieg-erzaehlen-lesung-mit-ronya-othmann-und-ela-pour-161422\/\" class=\"teaser teaser-event teaser-event-standard\">\n\t\t<div class=\"row\">\n\t\t\t<div class=\"col-xs-12 teaser-event-image\">\n\t\t\t\t<div class=\"teaser-image teaser-image-no-alternate\">\n\t\t\t\t\t\t\t\t\t\t\t\n\t<lazy-media-inline inline-template>\n\t\t<figure itemscope itemtype=\"http:\/\/schema.org\/ImageObject\" class=\"lazy-media-inline \" role=\"group\" id=\"media_69f14da39cba4\" aria-labelledby=\"desc_media_69f14da39cba4\">\n\t\t\t<script type=\"application\/json\" ref=\"data\">\n\t\t\t\t{\n\t\t\t\t\"sizes\" : {\"medium\":{\"file\":\"Design-ohne-Titel-34-300x141.jpg\",\"width\":300,\"height\":141,\"mime-type\":\"image\\\/jpeg\",\"filesize\":6353},\"large\":{\"file\":\"Design-ohne-Titel-34-1024x480.jpg\",\"width\":1024,\"height\":480,\"mime-type\":\"image\\\/jpeg\",\"filesize\":36574},\"thumbnail\":{\"file\":\"Design-ohne-Titel-34-150x150.jpg\",\"width\":150,\"height\":150,\"mime-type\":\"image\\\/jpeg\",\"filesize\":5622},\"medium_large\":{\"file\":\"Design-ohne-Titel-34-768x360.jpg\",\"width\":768,\"height\":360,\"mime-type\":\"image\\\/jpeg\",\"filesize\":24173},\"small\":{\"file\":\"Design-ohne-Titel-34-440x206.jpg\",\"width\":440,\"height\":206,\"mime-type\":\"image\\\/jpeg\",\"filesize\":10817},\"semi\":{\"file\":\"Design-ohne-Titel-34-580x272.jpg\",\"width\":580,\"height\":272,\"mime-type\":\"image\\\/jpeg\",\"filesize\":15829},\"mobile\":{\"file\":\"Design-ohne-Titel-34-720x338.jpg\",\"width\":720,\"height\":338,\"mime-type\":\"image\\\/jpeg\",\"filesize\":22017},\"original\":{\"file\":\"Design-ohne-Titel-34.jpg\",\"width\":1280,\"height\":600}},\n\t\t\t\t\"alt\" : \"Zwei Portr\\u00e4ts von Frauen: eine mit roten Lippen und Brille, die andere mit den H\\u00e4nden im Gesicht vor schwarzem Hintergrund.\",\n\t\t\t\t\"path\" : \"\\\/wp-content\\\/uploads\\\/2026\\\/03\\\/\",\n\t\t\t\t\"video\" : null,\n\t\t\t\t\"autoplay\" : null,\n\t\t\t\t\"youtube\" : null,\n\t\t\t\t\"youtubelabel\" : \"Video abspielen\",\n\t\t\t\t\"brightness\" : 100,\n\t\t\t\t\"crop\" : {\"top\":\"50.00\",\"left\":\"50.00\"},\n\t\t\t\t\"background\" : true,\n\t\t\t\t\"scale\" : 2\t\t\t\t}\n\t\t\t<\/script>\n\n\t\t\t<div class=\"height-container\" style=\"padding-bottom:46.875%;\" v-if=\"sizes\">\n\t\t\t\t\t\t\t\t<lazy-media :inline=\"true\" :alt=\"alt\" :sizes=\"sizes\" :scale=\"scale\" :brightness=\"brightness\" :path=\"path\" :video=\"video\" :autoplay=\"autoplay\" :youtube=\"youtube\" :crop=\"crop\" :youtubelabel=\"youtubelabel\" :background=\"background\" media-id=\"desc_media_69f14da39cba4\"><\/lazy-media>\n\t\t\t\t\t\t\t<\/div>\n\n\t\t\t\t\t\t\t<figcaption class=\"sr-only\" ref=\"body\" id=\"desc_media_69f14da39cba4\">\n\t\t\t\t\t\t\t\t\t\t\t\t\t\t\t\t<div>Ronya Othmann und Ela Pour <\/div>\n\t\t\t\t\t\t\t\t\t\t\t\t\t\t\t\t<div class=\"insignificant\">\u00a9 Stadtmuseum Berlin, Design: Groupe Dejour \/ Fotos: Paula Winkler + Lene Mimikry<\/div>\n\t\t\t\t\t\t\t\t\t<\/figcaption>\n\t\t\t\t\t<\/figure>\n\t<\/lazy-media-inline>\n\t\t\t\t<\/div>\n\t\t\t<\/div>\n\t\t\t<div class=\"col-xs-12 teaser-event-text Infos\">\n\t\t\t\t<div class=\"teaser-event-standard-text\">\n\t\t\t\t\t<div class=\"margin-bottom-atom\">\n\t\t\t\t\t\t<div class=\"subline clamp-1\" v-html=\"maingenre\"><\/div>\n\t\t\t\t\t\t\t\t\t\t\t\t\t<div class=\"insignificant clamp-2\">Dara T\u00fby\u00ea \u2013\u00a0\u062f\u0631\u062e\u062a\u00a0\u062a\u0648\u062a\u00a0\u2013 Der Maulbeerbaum<\/div>\n\t\t\t\t\t\t\t\t\t\t\t<\/div>\n\t\t\t\t\n\t\t\t\t\t<strong class=\"margin-bottom-atom\">Krieg erz\u00e4hlen: Lesung mit Ronya Othmann und Ela Pour<\/strong>\n\n\t\t\t\t\t\t\t\t\t\t\t<div class=\"\">Moderiert von Boussa Thiam<\/div>\n\t\t\t\t\t\t\t\t\t<\/div>\n\t\t\t\t<div class=\"teaser-bottom border-bottom\">\n\t\t\t\t<calendardateline :rawitem='item' :show-icon=\"true\"><\/calendardateline>\n\t\t\t\t\t<hr>\n\t\t\t\t<\/div>\n\t\t\t<\/div>\n\t\t<\/div>\n\t<\/a>\n\t<\/calendarteaser>\n<\/li>\n\n<li class=\"teaser-lane-slide col-xs-9 col-sm-4 col-md-3 teaser-wrapper col-padding-remove\">\n\t<calendarteaser key=\"16316916304\" rawitem='{&quot;postId&quot;:163169,&quot;title&quot;:&quot;Er\\u00f6ffnung der Freifl\\u00e4che \\u201eTime Machine Infinitum. Queeres migrantisches Berlin\\u201c&quot;,&quot;excerpt&quot;:&quot;&quot;,&quot;slug&quot;:&quot;eroeffnung-der-freiflaeche-time-machine-infinitum-queeres-migrantisches-berlin&quot;,&quot;post_date&quot;:&quot;2026-04-20T15:15&quot;,&quot;type&quot;:&quot;event&quot;,&quot;permalink&quot;:&quot;https:\\\/\\\/www.humboldtforum.org\\\/de\\\/programm\\\/termin\\\/party\\\/eroeffnung-der-freiflaeche-time-machine-infinitum-queeres-migrantisches-berlin-163169\\\/&quot;,&quot;genre&quot;:[849],&quot;genre_details&quot;:[{&quot;text&quot;:&quot;Party&quot;,&quot;id&quot;:849,&quot;icon&quot;:null,&quot;parent&quot;:0}],&quot;stakeholder&quot;:[400],&quot;stakeholder_details&quot;:[{&quot;text&quot;:&quot;Kulturprojekte Berlin \\\/ Stadtmuseum Berlin&quot;,&quot;id&quot;:400,&quot;icon&quot;:null,&quot;parent&quot;:0}],&quot;language&quot;:[384,385],&quot;language_details&quot;:[{&quot;text&quot;:&quot;Deutsch&quot;,&quot;id&quot;:384,&quot;icon&quot;:null,&quot;parent&quot;:0},{&quot;text&quot;:&quot;Englisch&quot;,&quot;id&quot;:385,&quot;icon&quot;:null,&quot;parent&quot;:0}],&quot;age&quot;:[1321],&quot;age_details&quot;:[{&quot;text&quot;:&quot;ab 16 Jahre&quot;,&quot;id&quot;:1321,&quot;icon&quot;:null,&quot;parent&quot;:0}],&quot;icon_overwrite&quot;:&quot;&quot;,&quot;acf&quot;:{&quot;noindex&quot;:false,&quot;keywords&quot;:&quot;&quot;,&quot;hashtag&quot;:&quot;HumboldtForum&quot;,&quot;shorturl&quot;:&quot;&quot;,&quot;belongsto&quot;:[163150,14140],&quot;times&quot;:[{&quot;start&quot;:&quot;20260612 18:30&quot;,&quot;end&quot;:&quot;21:30&quot;,&quot;status&quot;:&quot;BUY&quot;,&quot;info&quot;:&quot;kostenfreier Eintritt - kein Ticket notwendig&quot;,&quot;shop&quot;:&quot;&quot;,&quot;i&quot;:0,&quot;start_hour&quot;:&quot;18:30&quot;,&quot;start_HRF&quot;:&quot;Fr, 12. Juni 2026&quot;,&quot;_date&quot;:{&quot;date&quot;:&quot;2026-06-12 21:30:00.000000&quot;,&quot;timezone_type&quot;:3,&quot;timezone&quot;:&quot;Europe\\\/Berlin&quot;},&quot;_fromdate&quot;:&quot;20260612 18:30&quot;,&quot;start_TS&quot;:1781281800,&quot;start_HRFSHORT&quot;:&quot;12.06.26&quot;,&quot;start_HRFSHORT_WD&quot;:&quot;Fr 12.06.2026&quot;,&quot;end_TS&quot;:1781292600,&quot;can_purchase&quot;:false}],&quot;planning&quot;:{&quot;price&quot;:&quot;kostenfreier Eintritt - kein Ticket notwendig&quot;,&quot;admission&quot;:&quot;18:00&quot;,&quot;pause&quot;:&quot;&quot;,&quot;duration&quot;:&quot;&quot;},&quot;subline&quot;:&quot;Mit einem DJ-Set von sherryaeri&quot;,&quot;infotext&quot;:&quot;Wir bitten um Verst\\u00e4ndnis, sollte es am Einlass zu Wartezeiten kommen.&quot;,&quot;additional_info&quot;:{&quot;icon&quot;:&quot;icon-ort&quot;,&quot;text&quot;:&quot;BERLIN GLOBAL, 1. OG \\u2013  Raum \\&quot;Verflechtung\\&quot; und \\&quot;Vergn\\u00fcgen\\&quot;&quot;},&quot;highlight_header&quot;:false,&quot;use_video_in_teasers&quot;:false,&quot;hyphenation&quot;:true,&quot;tipp&quot;:false,&quot;joker&quot;:false,&quot;live&quot;:false,&quot;hide_event_in_program&quot;:false,&quot;gomus_id&quot;:&quot;&quot;,&quot;featured_images&quot;:[163394],&quot;hm_id&quot;:&quot;&quot;},&quot;date&quot;:{&quot;NX&quot;:&quot;20260612&quot;,&quot;NXX&quot;:&quot;202606121830&quot;,&quot;NLAST&quot;:&quot;202606121430&quot;,&quot;from_DATE&quot;:&quot;20260612 18:30&quot;,&quot;from&quot;:1781274600,&quot;to&quot;:1781274600,&quot;to_DATE&quot;:&quot;20260612 18:30&quot;,&quot;from_HRFSHORT&quot;:&quot;12. Jun 2026&quot;,&quot;from_HRFSHORT_WD&quot;:&quot;Fr 12.06.2026&quot;,&quot;to_HRFSHORT&quot;:&quot;12. Jun 2026&quot;,&quot;to_HRFSHORT_WD&quot;:&quot;Fr 12.06.2026&quot;,&quot;from_HRF&quot;:&quot;Fr, 12. Juni 2026&quot;,&quot;to_HRF&quot;:&quot;Fr, 12. Juni 2026&quot;,&quot;from_to_HRF&quot;:&quot;Fr, 12. Juni \\u2013 Fr, 12. Juni 2026&quot;,&quot;from_to_HRFSHORT&quot;:&quot;12. Jun \\u2013 12. Jun 2026&quot;},&quot;alert&quot;:null,&quot;partof&quot;:[],&quot;marketing_topic&quot;:{&quot;title&quot;:&quot;Time Machine Infinitum. Queeres migrantisches Berlin&quot;,&quot;ID&quot;:163150,&quot;reason&quot;:&quot;belongsto&quot;}}' inline-template>\n\t<a href=\"https:\/\/www.humboldtforum.org\/de\/programm\/termin\/party\/eroeffnung-der-freiflaeche-time-machine-infinitum-queeres-migrantisches-berlin-163169\/\" class=\"teaser teaser-event teaser-event-standard\">\n\t\t<div class=\"row\">\n\t\t\t<div class=\"col-xs-12 teaser-event-image\">\n\t\t\t\t<div class=\"teaser-image teaser-image-no-alternate\">\n\t\t\t\t\t\t\t\t\t\t\t\n\t<lazy-media-inline inline-template>\n\t\t<figure itemscope itemtype=\"http:\/\/schema.org\/ImageObject\" class=\"lazy-media-inline \" role=\"group\" id=\"media_69f14da39f041\" aria-labelledby=\"desc_media_69f14da39f041\">\n\t\t\t<script type=\"application\/json\" ref=\"data\">\n\t\t\t\t{\n\t\t\t\t\"sizes\" : {\"medium\":{\"file\":\"SHF_eb00265978-300x141.jpg\",\"width\":300,\"height\":141,\"mime-type\":\"image\\\/jpeg\",\"filesize\":8778},\"large\":{\"file\":\"SHF_eb00265978-1024x480.jpg\",\"width\":1024,\"height\":480,\"mime-type\":\"image\\\/jpeg\",\"filesize\":53996},\"thumbnail\":{\"file\":\"SHF_eb00265978-150x150.jpg\",\"width\":150,\"height\":150,\"mime-type\":\"image\\\/jpeg\",\"filesize\":7958},\"medium_large\":{\"file\":\"SHF_eb00265978-768x360.jpg\",\"width\":768,\"height\":360,\"mime-type\":\"image\\\/jpeg\",\"filesize\":35002},\"small\":{\"file\":\"SHF_eb00265978-440x206.jpg\",\"width\":440,\"height\":206,\"mime-type\":\"image\\\/jpeg\",\"filesize\":16768},\"semi\":{\"file\":\"SHF_eb00265978-580x272.jpg\",\"width\":580,\"height\":272,\"mime-type\":\"image\\\/jpeg\",\"filesize\":25764},\"mobile\":{\"file\":\"SHF_eb00265978-720x338.jpg\",\"width\":720,\"height\":338,\"mime-type\":\"image\\\/jpeg\",\"filesize\":33829},\"original\":{\"file\":\"SHF_eb00265978.jpg\",\"width\":1280,\"height\":600}},\n\t\t\t\t\"alt\" : \"Ausstellungsplakat f\\u00fcr \\\"Time Machine Infinitum\\\" - Queeres Migrantes Berlin, 13.06.2026 bis 31.01.2028.\",\n\t\t\t\t\"path\" : \"\\\/wp-content\\\/uploads\\\/2026\\\/04\\\/\",\n\t\t\t\t\"video\" : null,\n\t\t\t\t\"autoplay\" : null,\n\t\t\t\t\"youtube\" : null,\n\t\t\t\t\"youtubelabel\" : \"Video abspielen\",\n\t\t\t\t\"brightness\" : 100,\n\t\t\t\t\"crop\" : {\"top\":\"6.67\",\"left\":\"49.90\"},\n\t\t\t\t\"background\" : true,\n\t\t\t\t\"scale\" : 2\t\t\t\t}\n\t\t\t<\/script>\n\n\t\t\t<div class=\"height-container\" style=\"padding-bottom:46.875%;\" v-if=\"sizes\">\n\t\t\t\t\t\t\t\t<lazy-media :inline=\"true\" :alt=\"alt\" :sizes=\"sizes\" :scale=\"scale\" :brightness=\"brightness\" :path=\"path\" :video=\"video\" :autoplay=\"autoplay\" :youtube=\"youtube\" :crop=\"crop\" :youtubelabel=\"youtubelabel\" :background=\"background\" media-id=\"desc_media_69f14da39f041\"><\/lazy-media>\n\t\t\t\t\t\t\t<\/div>\n\n\t\t\t\t\t\t\t<figcaption class=\"sr-only\" ref=\"body\" id=\"desc_media_69f14da39f041\">\n\t\t\t\t\t\t\t\t\t\t\t\t\t\t\t\t<div>Freifl&auml;che &bdquo;Time Machine Infinitum. Queeres migrantisches Berlin&ldquo; bei BERLIN GLOBAL im Humboldt Forum <\/div>\n\t\t\t\t\t\t\t\t\t\t\t\t\t\t\t\t<div class=\"insignificant\">\u00a9 Noam Gorbat, Omar Nicolas, Sama Ahmadi | Stiftung Stadtmuseum Berlin, Design: Groupe Dejour<\/div>\n\t\t\t\t\t\t\t\t\t<\/figcaption>\n\t\t\t\t\t<\/figure>\n\t<\/lazy-media-inline>\n\t\t\t\t<\/div>\n\t\t\t<\/div>\n\t\t\t<div class=\"col-xs-12 teaser-event-text Infos\">\n\t\t\t\t<div class=\"teaser-event-standard-text\">\n\t\t\t\t\t<div class=\"margin-bottom-atom\">\n\t\t\t\t\t\t<div class=\"subline clamp-1\" v-html=\"maingenre\"><\/div>\n\t\t\t\t\t\t\t\t\t\t\t\t\t<div class=\"insignificant clamp-2\">Time Machine Infinitum. Queeres migrantisches Berlin<\/div>\n\t\t\t\t\t\t\t\t\t\t\t<\/div>\n\t\t\t\t\n\t\t\t\t\t<strong class=\"margin-bottom-atom\">Er\u00f6ffnung der Freifl\u00e4che \u201eTime Machine Infinitum. Queeres migrantisches Berlin\u201c<\/strong>\n\n\t\t\t\t\t\t\t\t\t\t\t<div class=\"\">Mit einem DJ-Set von sherryaeri<\/div>\n\t\t\t\t\t\t\t\t\t<\/div>\n\t\t\t\t<div class=\"teaser-bottom border-bottom\">\n\t\t\t\t<calendardateline :rawitem='item' :show-icon=\"true\"><\/calendardateline>\n\t\t\t\t\t<hr>\n\t\t\t\t<\/div>\n\t\t\t<\/div>\n\t\t<\/div>\n\t<\/a>\n\t<\/calendarteaser>\n<\/li>\n\n\t\t\t\t\t\t<\/ul>\n\t\t\t\t\t<\/div>\n\t\t\t\t<\/div>\n\t\t\t<\/teaser-lane-with-buttons>\n\t\t\t\t<\/lazy-component>\n<\/section>\n\n\n\n<section class=\"block block-teaser col-1 has-bg\" style=\"--teaser-bg:#f2f2f2\">\n\t<lazy-component :fixed-min-height=\"400\">\n\t\n\t\t\t\t\t<div class=\"container-fluid\">\n\t\t\t\t<div class=\"row bottom-xs\">\n\t\t\t\t\t<div class=\"col-xs-12 col-sm-10 col-md-8 col-sm-offset-1 col-md-offset-2\">\n\t\t\t\t\t\t<h4>Freifl\u00e4chen<\/h4>\t\t\t\t\t\t\t\t\t\t\t\t\t\t\t\t\t\t\t<\/div>\n\t\t\t\t\t<div class=\"col-xs-12 col-sm-10 col-md-8 col-sm-offset-1 col-md-offset-2 start-xs end-md margin-bottom-sixth\">\n\t\t\t\t\t\t\t\t\t\t\t<\/div>\n\t\t\t\t<\/div>\n\t\t\t\t<ul class=\"row\">\n\t\t\t\n<li class=\"col-xs-12 teaser-wrapper col-padding-remove\">\n\t<calendarteaser key=\"1546526275\" rawitem='{&quot;postId&quot;:154652,&quot;title&quot;:&quot;Dara T\\u00fby\\u00ea \\u2013\\u00a0\\u062f\\u0631\\u062e\\u062a\\u00a0\\u062a\\u0648\\u062a\\u00a0\\u2013 Der Maulbeerbaum&quot;,&quot;excerpt&quot;:&quot;&quot;,&quot;slug&quot;:&quot;dara-tuye-%d8%af%d8%b1%d8%ae%d8%aa-%d8%aa%d9%88%d8%aa-der-maulbeerbaum&quot;,&quot;post_date&quot;:&quot;2025-10-23T13:55&quot;,&quot;type&quot;:&quot;event-period&quot;,&quot;permalink&quot;:&quot;https:\\\/\\\/www.humboldtforum.org\\\/de\\\/programm\\\/laufzeitangebot\\\/ausstellung\\\/dara-tuye-%d8%af%d8%b1%d8%ae%d8%aa-%d8%aa%d9%88%d8%aa-der-maulbeerbaum-154652\\\/&quot;,&quot;genre&quot;:[391],&quot;genre_details&quot;:[{&quot;text&quot;:&quot;Ausstellung&quot;,&quot;id&quot;:391,&quot;icon&quot;:null,&quot;parent&quot;:0}],&quot;stakeholder&quot;:[400],&quot;stakeholder_details&quot;:[{&quot;text&quot;:&quot;Kulturprojekte Berlin \\\/ Stadtmuseum Berlin&quot;,&quot;id&quot;:400,&quot;icon&quot;:null,&quot;parent&quot;:0}],&quot;targetgroup&quot;:[383,455],&quot;targetgroup_details&quot;:[{&quot;text&quot;:&quot;Erwachsene&quot;,&quot;id&quot;:383,&quot;icon&quot;:null,&quot;parent&quot;:0},{&quot;text&quot;:&quot;Jugendliche&quot;,&quot;id&quot;:455,&quot;icon&quot;:null,&quot;parent&quot;:0}],&quot;language&quot;:[384,385],&quot;language_details&quot;:[{&quot;text&quot;:&quot;Deutsch&quot;,&quot;id&quot;:384,&quot;icon&quot;:null,&quot;parent&quot;:0},{&quot;text&quot;:&quot;Englisch&quot;,&quot;id&quot;:385,&quot;icon&quot;:null,&quot;parent&quot;:0}],&quot;accessability&quot;:[430],&quot;accessability_details&quot;:[{&quot;text&quot;:&quot;Rollstuhlgerecht&quot;,&quot;id&quot;:430,&quot;icon&quot;:null,&quot;parent&quot;:0}],&quot;age&quot;:[1601],&quot;age_details&quot;:[{&quot;text&quot;:&quot;ab 12 Jahre&quot;,&quot;id&quot;:1601,&quot;icon&quot;:null,&quot;parent&quot;:0}],&quot;icon_overwrite&quot;:&quot;&quot;,&quot;acf&quot;:{&quot;noindex&quot;:false,&quot;keywords&quot;:&quot;&quot;,&quot;shorturl&quot;:&quot;&quot;,&quot;planning&quot;:{&quot;price&quot;:&quot;9 \\u20ac \\\/ 0 \\u20ac&quot;,&quot;status&quot;:&quot;BUY&quot;,&quot;info&quot;:&quot;Die Freifl\\u00e4che ist Teil der Ausstellung BERLIN GLOBAL&quot;,&quot;shop&quot;:&quot;https:\\\/\\\/tickets.humboldtforum.org\\\/#\\\/tickets\\\/time?museum_id=1&amp;exhibition_id=1&amp;group=day&quot;,&quot;can_purchase&quot;:true},&quot;use_opening_hours_of_the_house&quot;:false,&quot;periods&quot;:[{&quot;label&quot;:&quot;&quot;,&quot;dates&quot;:[{&quot;start&quot;:&quot;202511290000&quot;,&quot;end&quot;:&quot;202708300000&quot;,&quot;has_end&quot;:true,&quot;start_HRFSHORT&quot;:&quot;29.11.25&quot;,&quot;start_HRFSHORT_WD&quot;:&quot;Sa 29.11.2025&quot;,&quot;end_HRFSHORT&quot;:&quot;30.08.27&quot;}],&quot;monday&quot;:[{&quot;start&quot;:&quot;10:30&quot;,&quot;end&quot;:&quot;18:30&quot;,&quot;closed&quot;:false}],&quot;tuesday&quot;:[{&quot;start&quot;:null,&quot;end&quot;:null,&quot;closed&quot;:true}],&quot;wednesday&quot;:[{&quot;start&quot;:&quot;10:30&quot;,&quot;end&quot;:null,&quot;closed&quot;:false}],&quot;thursday&quot;:[{&quot;start&quot;:&quot;10:30&quot;,&quot;end&quot;:&quot;18:30&quot;,&quot;closed&quot;:false}],&quot;friday&quot;:[{&quot;start&quot;:&quot;10:30&quot;,&quot;end&quot;:&quot;18:30&quot;,&quot;closed&quot;:false}],&quot;saturday&quot;:[{&quot;start&quot;:&quot;10:30&quot;,&quot;end&quot;:&quot;18:30&quot;,&quot;closed&quot;:false}],&quot;sunday&quot;:[{&quot;start&quot;:&quot;10:30&quot;,&quot;end&quot;:&quot;18:30&quot;,&quot;closed&quot;:false}],&quot;info&quot;:&quot;&quot;,&quot;description&quot;:&quot;&quot;}],&quot;display_as_single&quot;:false,&quot;subline&quot;:&quot;Feministische Stimmen \\u00fcber Krieg und G\\u00e4rten&quot;,&quot;additional_info&quot;:{&quot;icon&quot;:&quot;icon-pin&quot;,&quot;text&quot;:&quot;BERLIN GLOBAL, 1. OG \\u2013\\u00a0Raum \\&quot;Berlin-Bilder\\&quot;&quot;},&quot;highlight_header&quot;:false,&quot;featured_images&quot;:[154628],&quot;use_video_in_teasers&quot;:false,&quot;hyphenation&quot;:false,&quot;tipp&quot;:false,&quot;joker&quot;:false,&quot;live&quot;:false,&quot;hide_event_in_program&quot;:false,&quot;tickettext&quot;:&quot;Bitte buchen Sie Ihr Ticket vorab online oder an der Kasse im Foyer.&quot;,&quot;events&quot;:[154671,156776,158503,161422,163287],&quot;period_exception&quot;:[]},&quot;period_list&quot;:&quot;&lt;strong&gt;\\u00d6ffnungszeiten&lt;\\\/strong&gt;\\nMo, Do, Fr, Sa, So: 10:30 \\u2013 18:30 Uhr\\nMi: 10:30 \\u2013  Uhr\\nDi: geschlossen\\n\\n&quot;,&quot;period_exception&quot;:&quot;&quot;,&quot;date&quot;:{&quot;infinite&quot;:false,&quot;from_DATE&quot;:202511290000,&quot;from&quot;:1764412200,&quot;from_TIME&quot;:&quot;10:30&quot;,&quot;to&quot;:1819650600,&quot;to_DATE&quot;:202708300000,&quot;to_TIME&quot;:&quot;18:30&quot;,&quot;from_HRFSHORT&quot;:&quot;29. Nov 2025&quot;,&quot;from_HRFSHORT_WD&quot;:&quot;Sa 29.11.2025&quot;,&quot;from_HRF&quot;:&quot;Sa, 29. November 2025&quot;,&quot;to_HRF&quot;:&quot;Mo, 30. August 2027&quot;,&quot;to_HRFSHORT&quot;:&quot;30. Aug 2027&quot;,&quot;to_HRFSHORT_WD&quot;:&quot;Mo 30.08.2027&quot;,&quot;from_to_HRF&quot;:&quot;Sa, 29. November 2025 \\u2013 Mo, 30. August 2027&quot;,&quot;from_to_HRFSHORT&quot;:&quot;29. Nov 2025 \\u2013 30. Aug 2027&quot;,&quot;NXX&quot;:&quot;202604290015&quot;,&quot;NLAST&quot;:&quot;202708301830&quot;,&quot;NX&quot;:&quot;20260429&quot;},&quot;alert&quot;:null,&quot;partof&quot;:[],&quot;marketing_topic&quot;:&quot;&quot;}' inline-template>\n\t<a href=\"https:\/\/www.humboldtforum.org\/de\/programm\/laufzeitangebot\/ausstellung\/dara-tuye-%d8%af%d8%b1%d8%ae%d8%aa-%d8%aa%d9%88%d8%aa-der-maulbeerbaum-154652\/\" class=\"teaser teaser-event-period teaser-event-standard\">\n\t\t<div class=\"row\">\n\t\t\t<div class=\"col-xs-12 col-sm-6 col-md-5 col-sm-offset-1 col-md-offset-2 first-sm teaser-event-text Infos\">\n\t\t\t\t<div class=\"teaser-event-standard-text\">\n\t\t\t\t\t<div class=\"margin-bottom-atom\">\n\t\t\t\t\t\t<div class=\"subline clamp-1\" v-html=\"maingenre\"><\/div>\n\t\t\t\t\t\t\t\t\t\t\t<\/div>\n\t\t\t\t\n\t\t\t\t\t<strong class=\"margin-bottom-atom h5\">Dara T\u00fby\u00ea \u2013\u00a0\u062f\u0631\u062e\u062a\u00a0\u062a\u0648\u062a\u00a0\u2013 Der Maulbeerbaum<\/strong>\n\n\t\t\t\t\t\t\t\t\t\t\t<div class=\"\">Feministische Stimmen \u00fcber Krieg und G\u00e4rten<\/div>\n\t\t\t\t\t\t\t\t\t<\/div>\n\t\t\t\t<div class=\"teaser-bottom border-bottom\">\n\t\t\t\t<calendardateline :rawitem='item' :show-icon=\"true\"><\/calendardateline>\n\t\t\t\t\t<hr>\n\t\t\t\t<\/div>\n\t\t\t<\/div>\n\t\t\t<div class=\"col-xs-12 col-sm-4 col-md-3 teaser-event-image bottom-xs first-xs\">\n\t\t\t\t<div class=\"teaser-image teaser-image-no-alternate\">\n\t\t\t\t\t\t\t\t\t\t\t\n\t<lazy-media-inline inline-template>\n\t\t<figure itemscope itemtype=\"http:\/\/schema.org\/ImageObject\" class=\"lazy-media-inline \" role=\"group\" id=\"media_69f14da3cebd7\" aria-labelledby=\"desc_media_69f14da3cebd7\">\n\t\t\t<script type=\"application\/json\" ref=\"data\">\n\t\t\t\t{\n\t\t\t\t\"sizes\" : {\"medium\":{\"file\":\"SHF_eb00255998-300x141.jpg\",\"width\":300,\"height\":141,\"mime-type\":\"image\\\/jpeg\",\"filesize\":9682},\"large\":{\"file\":\"SHF_eb00255998-1024x480.jpg\",\"width\":1024,\"height\":480,\"mime-type\":\"image\\\/jpeg\",\"filesize\":54936},\"thumbnail\":{\"file\":\"SHF_eb00255998-150x150.jpg\",\"width\":150,\"height\":150,\"mime-type\":\"image\\\/jpeg\",\"filesize\":8739},\"medium_large\":{\"file\":\"SHF_eb00255998-768x360.jpg\",\"width\":768,\"height\":360,\"mime-type\":\"image\\\/jpeg\",\"filesize\":38491},\"small\":{\"file\":\"SHF_eb00255998-440x206.jpg\",\"width\":440,\"height\":206,\"mime-type\":\"image\\\/jpeg\",\"filesize\":17672},\"semi\":{\"file\":\"SHF_eb00255998-580x272.jpg\",\"width\":580,\"height\":272,\"mime-type\":\"image\\\/jpeg\",\"filesize\":25548},\"mobile\":{\"file\":\"SHF_eb00255998-720x338.jpg\",\"width\":720,\"height\":338,\"mime-type\":\"image\\\/jpeg\",\"filesize\":34230},\"original\":{\"file\":\"SHF_eb00255998.jpg\",\"width\":1280,\"height\":600}},\n\t\t\t\t\"alt\" : \"Plakat zur Veranstaltung \\\"Dara T\\u00fby\\u00ea - Der Maulbeerbaum\\\", feministische Stimmen zu Krieg und G\\u00e4rten, mit Terminen.\",\n\t\t\t\t\"path\" : \"\\\/wp-content\\\/uploads\\\/2025\\\/10\\\/\",\n\t\t\t\t\"video\" : null,\n\t\t\t\t\"autoplay\" : null,\n\t\t\t\t\"youtube\" : null,\n\t\t\t\t\"youtubelabel\" : \"Video abspielen\",\n\t\t\t\t\"brightness\" : 100,\n\t\t\t\t\"crop\" : null,\n\t\t\t\t\"background\" : true,\n\t\t\t\t\"scale\" : 1\t\t\t\t}\n\t\t\t<\/script>\n\n\t\t\t<div class=\"height-container\" style=\"padding-bottom:46.875%;\" v-if=\"sizes\">\n\t\t\t\t\t\t\t\t<lazy-media :inline=\"true\" :alt=\"alt\" :sizes=\"sizes\" :scale=\"scale\" :brightness=\"brightness\" :path=\"path\" :video=\"video\" :autoplay=\"autoplay\" :youtube=\"youtube\" :crop=\"crop\" :youtubelabel=\"youtubelabel\" :background=\"background\" media-id=\"desc_media_69f14da3cebd7\"><\/lazy-media>\n\t\t\t\t\t\t\t<\/div>\n\n\t\t\t\t\t\t\t<figcaption class=\"sr-only\" ref=\"body\" id=\"desc_media_69f14da3cebd7\">\n\t\t\t\t\t\t\t\t\t\t\t<div>Freifl&auml;che &bdquo;Dara T&ucirc;y&ecirc; &ndash; \u062f\u0631\u062e\u062a \u062a\u0648\u062a &ndash; Der Maulbeerbaum&ldquo; in BERLIN GLOBAL im Humboldt Forum<\/div>\n\t\t\t\t\t\t\t\t\t\t\t\t\t\t\t\t\t\t\t\t\t<div class=\"insignificant\">\u00a9 Flamingo e.V., Stadtmuseum Berlin | Gestaltung: Groupe Dejour<\/div>\n\t\t\t\t\t\t\t\t\t<\/figcaption>\n\t\t\t\t\t<\/figure>\n\t<\/lazy-media-inline>\n\t\t\t\t<\/div>\n\t\t\t<\/div>\n\t\t<\/div>\n\t<\/a>\n\t<\/calendarteaser>\n<\/li>\n\n\n<li class=\"col-xs-12 teaser-wrapper col-padding-remove\">\n\t<calendarteaser key=\"1556725355\" rawitem='{&quot;postId&quot;:155672,&quot;title&quot;:&quot;Wenn ich K\\u00f6nig*in w\\u00e4re...&quot;,&quot;excerpt&quot;:&quot;&quot;,&quot;slug&quot;:&quot;wenn-ich-koenigin-waere&quot;,&quot;post_date&quot;:&quot;2025-11-12T18:21&quot;,&quot;type&quot;:&quot;event-period&quot;,&quot;permalink&quot;:&quot;https:\\\/\\\/www.humboldtforum.org\\\/de\\\/programm\\\/laufzeitangebot\\\/ausstellung\\\/wenn-ich-koenigin-waere-155672\\\/&quot;,&quot;genre&quot;:[391],&quot;genre_details&quot;:[{&quot;text&quot;:&quot;Ausstellung&quot;,&quot;id&quot;:391,&quot;icon&quot;:null,&quot;parent&quot;:0}],&quot;stakeholder&quot;:[400],&quot;stakeholder_details&quot;:[{&quot;text&quot;:&quot;Kulturprojekte Berlin \\\/ Stadtmuseum Berlin&quot;,&quot;id&quot;:400,&quot;icon&quot;:null,&quot;parent&quot;:0}],&quot;targetgroup&quot;:[383,455],&quot;targetgroup_details&quot;:[{&quot;text&quot;:&quot;Erwachsene&quot;,&quot;id&quot;:383,&quot;icon&quot;:null,&quot;parent&quot;:0},{&quot;text&quot;:&quot;Jugendliche&quot;,&quot;id&quot;:455,&quot;icon&quot;:null,&quot;parent&quot;:0}],&quot;language&quot;:[384,385],&quot;language_details&quot;:[{&quot;text&quot;:&quot;Deutsch&quot;,&quot;id&quot;:384,&quot;icon&quot;:null,&quot;parent&quot;:0},{&quot;text&quot;:&quot;Englisch&quot;,&quot;id&quot;:385,&quot;icon&quot;:null,&quot;parent&quot;:0}],&quot;accessability&quot;:[430,780],&quot;accessability_details&quot;:[{&quot;text&quot;:&quot;Rollstuhlgerecht&quot;,&quot;id&quot;:430,&quot;icon&quot;:null,&quot;parent&quot;:0},{&quot;text&quot;:&quot;Untertitel&quot;,&quot;id&quot;:780,&quot;icon&quot;:null,&quot;parent&quot;:0}],&quot;age&quot;:[1601],&quot;age_details&quot;:[{&quot;text&quot;:&quot;ab 12 Jahre&quot;,&quot;id&quot;:1601,&quot;icon&quot;:null,&quot;parent&quot;:0}],&quot;icon_overwrite&quot;:&quot;&quot;,&quot;acf&quot;:{&quot;noindex&quot;:false,&quot;keywords&quot;:&quot;&quot;,&quot;shorturl&quot;:&quot;&quot;,&quot;planning&quot;:{&quot;price&quot;:&quot;9 EUR \\\/ 0 EUR&quot;,&quot;status&quot;:&quot;BUY&quot;,&quot;info&quot;:&quot;Die Freifl\\u00e4che ist Teil der Ausstellung BERLIN GLOBAL &quot;,&quot;shop&quot;:&quot;https:\\\/\\\/tickets.humboldtforum.org\\\/#\\\/tickets\\\/time?museum_id=1&amp;exhibition_id=1&amp;group=day&amp;date=2025-11-30&quot;,&quot;can_purchase&quot;:true},&quot;use_opening_hours_of_the_house&quot;:false,&quot;periods&quot;:[{&quot;label&quot;:&quot;&quot;,&quot;dates&quot;:[{&quot;start&quot;:&quot;202511300000&quot;,&quot;end&quot;:&quot;202708300000&quot;,&quot;has_end&quot;:true,&quot;start_HRFSHORT&quot;:&quot;30.11.25&quot;,&quot;start_HRFSHORT_WD&quot;:&quot;So 30.11.2025&quot;,&quot;end_HRFSHORT&quot;:&quot;30.08.27&quot;}],&quot;monday&quot;:[{&quot;start&quot;:&quot;10:30&quot;,&quot;end&quot;:&quot;18:30&quot;,&quot;closed&quot;:false}],&quot;tuesday&quot;:[{&quot;start&quot;:null,&quot;end&quot;:null,&quot;closed&quot;:true}],&quot;wednesday&quot;:[{&quot;start&quot;:&quot;10:30&quot;,&quot;end&quot;:&quot;18:30&quot;,&quot;closed&quot;:false}],&quot;thursday&quot;:[{&quot;start&quot;:&quot;10:30&quot;,&quot;end&quot;:&quot;18:30&quot;,&quot;closed&quot;:false}],&quot;friday&quot;:[{&quot;start&quot;:&quot;10:30&quot;,&quot;end&quot;:&quot;18:30&quot;,&quot;closed&quot;:false}],&quot;saturday&quot;:[{&quot;start&quot;:&quot;10:30&quot;,&quot;end&quot;:&quot;18:30&quot;,&quot;closed&quot;:false}],&quot;sunday&quot;:[{&quot;start&quot;:&quot;10:30&quot;,&quot;end&quot;:&quot;18:30&quot;,&quot;closed&quot;:false}],&quot;info&quot;:&quot;&quot;,&quot;description&quot;:&quot;&quot;}],&quot;display_as_single&quot;:false,&quot;subline&quot;:&quot;Junge Visionen aus Neuk\\u00f6lln&quot;,&quot;tickettext&quot;:&quot;Bitte buchen Sie Ihr Ticket vorab online oder an der Kasse im Foyer.&quot;,&quot;additional_info&quot;:{&quot;icon&quot;:&quot;icon-pin&quot;,&quot;text&quot;:&quot;BERLIN GLOBAL, 1. OG \\u2013\\u00a0Raum \\&quot;Verflechtung\\&quot;&quot;},&quot;highlight_header&quot;:false,&quot;featured_images&quot;:[155673],&quot;use_video_in_teasers&quot;:false,&quot;hyphenation&quot;:true,&quot;tipp&quot;:false,&quot;joker&quot;:false,&quot;live&quot;:false,&quot;hide_event_in_program&quot;:false,&quot;events&quot;:[155693,157479,159927],&quot;period_exception&quot;:[]},&quot;period_list&quot;:&quot;&lt;strong&gt;\\u00d6ffnungszeiten&lt;\\\/strong&gt;\\nMo, Mi, Do, Fr, Sa, So: 10:30 \\u2013 18:30 Uhr\\nDi: geschlossen\\n\\n&quot;,&quot;period_exception&quot;:&quot;&quot;,&quot;date&quot;:{&quot;infinite&quot;:false,&quot;from_DATE&quot;:202511300000,&quot;from&quot;:1764498600,&quot;from_TIME&quot;:&quot;10:30&quot;,&quot;to&quot;:1819650600,&quot;to_DATE&quot;:202708300000,&quot;to_TIME&quot;:&quot;18:30&quot;,&quot;from_HRFSHORT&quot;:&quot;30. Nov 2025&quot;,&quot;from_HRFSHORT_WD&quot;:&quot;So 30.11.2025&quot;,&quot;from_HRF&quot;:&quot;So, 30. November 2025&quot;,&quot;to_HRF&quot;:&quot;Mo, 30. August 2027&quot;,&quot;to_HRFSHORT&quot;:&quot;30. Aug 2027&quot;,&quot;to_HRFSHORT_WD&quot;:&quot;Mo 30.08.2027&quot;,&quot;from_to_HRF&quot;:&quot;So, 30. November 2025 \\u2013 Mo, 30. August 2027&quot;,&quot;from_to_HRFSHORT&quot;:&quot;30. Nov 2025 \\u2013 30. Aug 2027&quot;,&quot;NXX&quot;:&quot;202604290015&quot;,&quot;NLAST&quot;:&quot;202708301830&quot;,&quot;NX&quot;:&quot;20260429&quot;},&quot;alert&quot;:null,&quot;partof&quot;:[],&quot;marketing_topic&quot;:&quot;&quot;}' inline-template>\n\t<a href=\"https:\/\/www.humboldtforum.org\/de\/programm\/laufzeitangebot\/ausstellung\/wenn-ich-koenigin-waere-155672\/\" class=\"teaser teaser-event-period teaser-event-standard\">\n\t\t<div class=\"row\">\n\t\t\t<div class=\"col-xs-12 col-sm-6 col-md-5 col-sm-offset-1 col-md-offset-2 first-sm teaser-event-text Infos\">\n\t\t\t\t<div class=\"teaser-event-standard-text\">\n\t\t\t\t\t<div class=\"margin-bottom-atom\">\n\t\t\t\t\t\t<div class=\"subline clamp-1\" v-html=\"maingenre\"><\/div>\n\t\t\t\t\t\t\t\t\t\t\t<\/div>\n\t\t\t\t\n\t\t\t\t\t<strong class=\"margin-bottom-atom h5\">Wenn ich K\u00f6nig*in w\u00e4re&#8230;<\/strong>\n\n\t\t\t\t\t\t\t\t\t\t\t<div class=\"\">Junge Visionen aus Neuk\u00f6lln<\/div>\n\t\t\t\t\t\t\t\t\t<\/div>\n\t\t\t\t<div class=\"teaser-bottom border-bottom\">\n\t\t\t\t<calendardateline :rawitem='item' :show-icon=\"true\"><\/calendardateline>\n\t\t\t\t\t<hr>\n\t\t\t\t<\/div>\n\t\t\t<\/div>\n\t\t\t<div class=\"col-xs-12 col-sm-4 col-md-3 teaser-event-image bottom-xs first-xs\">\n\t\t\t\t<div class=\"teaser-image teaser-image-no-alternate\">\n\t\t\t\t\t\t\t\t\t\t\t\n\t<lazy-media-inline inline-template>\n\t\t<figure itemscope itemtype=\"http:\/\/schema.org\/ImageObject\" class=\"lazy-media-inline \" role=\"group\" id=\"media_69f14da3cf63b\" aria-labelledby=\"desc_media_69f14da3cf63b\">\n\t\t\t<script type=\"application\/json\" ref=\"data\">\n\t\t\t\t{\n\t\t\t\t\"sizes\" : {\"medium\":{\"file\":\"SHF_eb00257434-300x141.jpg\",\"width\":300,\"height\":141,\"mime-type\":\"image\\\/jpeg\",\"filesize\":8929},\"large\":{\"file\":\"SHF_eb00257434-1024x480.jpg\",\"width\":1024,\"height\":480,\"mime-type\":\"image\\\/jpeg\",\"filesize\":45556},\"thumbnail\":{\"file\":\"SHF_eb00257434-150x150.jpg\",\"width\":150,\"height\":150,\"mime-type\":\"image\\\/jpeg\",\"filesize\":4721},\"medium_large\":{\"file\":\"SHF_eb00257434-768x360.jpg\",\"width\":768,\"height\":360,\"mime-type\":\"image\\\/jpeg\",\"filesize\":31559},\"small\":{\"file\":\"SHF_eb00257434-440x206.jpg\",\"width\":440,\"height\":206,\"mime-type\":\"image\\\/jpeg\",\"filesize\":14482},\"semi\":{\"file\":\"SHF_eb00257434-580x272.jpg\",\"width\":580,\"height\":272,\"mime-type\":\"image\\\/jpeg\",\"filesize\":21469},\"mobile\":{\"file\":\"SHF_eb00257434-720x338.jpg\",\"width\":720,\"height\":338,\"mime-type\":\"image\\\/jpeg\",\"filesize\":28681},\"original\":{\"file\":\"SHF_eb00257434.jpg\",\"width\":1280,\"height\":600}},\n\t\t\t\t\"alt\" : \"Plakat mit dem Text \\\"Wenn ich K\\u00f6nig*in w\\u00e4re... Junge Visionen aus Neuk\\u00f6lln\\\" und Datumshinweisen. Bunter Hintergrund.\",\n\t\t\t\t\"path\" : \"\\\/wp-content\\\/uploads\\\/2025\\\/11\\\/\",\n\t\t\t\t\"video\" : null,\n\t\t\t\t\"autoplay\" : null,\n\t\t\t\t\"youtube\" : null,\n\t\t\t\t\"youtubelabel\" : \"Video abspielen\",\n\t\t\t\t\"brightness\" : 100,\n\t\t\t\t\"crop\" : null,\n\t\t\t\t\"background\" : true,\n\t\t\t\t\"scale\" : 1\t\t\t\t}\n\t\t\t<\/script>\n\n\t\t\t<div class=\"height-container\" style=\"padding-bottom:46.875%;\" v-if=\"sizes\">\n\t\t\t\t\t\t\t\t<lazy-media :inline=\"true\" :alt=\"alt\" :sizes=\"sizes\" :scale=\"scale\" :brightness=\"brightness\" :path=\"path\" :video=\"video\" :autoplay=\"autoplay\" :youtube=\"youtube\" :crop=\"crop\" :youtubelabel=\"youtubelabel\" :background=\"background\" media-id=\"desc_media_69f14da3cf63b\"><\/lazy-media>\n\t\t\t\t\t\t\t<\/div>\n\n\t\t\t\t\t\t\t<figcaption class=\"sr-only\" ref=\"body\" id=\"desc_media_69f14da3cf63b\">\n\t\t\t\t\t\t\t\t\t\t\t\t\t\t\t\t<div>Wenn ich K&ouml;nig*in w&auml;re&#8230; Eine Freifl&auml;che der B&uuml;rgerstiftung Neuk&ouml;lln <\/div>\n\t\t\t\t\t\t\t\t\t\t\t\t\t\t\t\t<div class=\"insignificant\">\u00a9 Stadtmuseum Berlin | Gestaltung: Groupe Dejour<\/div>\n\t\t\t\t\t\t\t\t\t<\/figcaption>\n\t\t\t\t\t<\/figure>\n\t<\/lazy-media-inline>\n\t\t\t\t<\/div>\n\t\t\t<\/div>\n\t\t<\/div>\n\t<\/a>\n\t<\/calendarteaser>\n<\/li>\n\n\n<li class=\"col-xs-12 teaser-wrapper col-padding-remove\">\n\t<calendarteaser key=\"16315020995\" rawitem='{&quot;postId&quot;:163150,&quot;title&quot;:&quot;Time Machine Infinitum. Queeres migrantisches Berlin&quot;,&quot;excerpt&quot;:&quot;&quot;,&quot;slug&quot;:&quot;time-machine-infinitum&quot;,&quot;post_date&quot;:&quot;2026-04-20T15:13&quot;,&quot;type&quot;:&quot;event-period&quot;,&quot;permalink&quot;:&quot;https:\\\/\\\/www.humboldtforum.org\\\/de\\\/programm\\\/laufzeitangebot\\\/ausstellung\\\/time-machine-infinitum-163150\\\/&quot;,&quot;genre&quot;:[391],&quot;genre_details&quot;:[{&quot;text&quot;:&quot;Ausstellung&quot;,&quot;id&quot;:391,&quot;icon&quot;:null,&quot;parent&quot;:0}],&quot;stakeholder&quot;:[400],&quot;stakeholder_details&quot;:[{&quot;text&quot;:&quot;Kulturprojekte Berlin \\\/ Stadtmuseum Berlin&quot;,&quot;id&quot;:400,&quot;icon&quot;:null,&quot;parent&quot;:0}],&quot;language&quot;:[384,385],&quot;language_details&quot;:[{&quot;text&quot;:&quot;Deutsch&quot;,&quot;id&quot;:384,&quot;icon&quot;:null,&quot;parent&quot;:0},{&quot;text&quot;:&quot;Englisch&quot;,&quot;id&quot;:385,&quot;icon&quot;:null,&quot;parent&quot;:0}],&quot;accessability&quot;:[430],&quot;accessability_details&quot;:[{&quot;text&quot;:&quot;Rollstuhlgerecht&quot;,&quot;id&quot;:430,&quot;icon&quot;:null,&quot;parent&quot;:0}],&quot;age&quot;:[1601],&quot;age_details&quot;:[{&quot;text&quot;:&quot;ab 12 Jahre&quot;,&quot;id&quot;:1601,&quot;icon&quot;:null,&quot;parent&quot;:0}],&quot;icon_overwrite&quot;:&quot;&quot;,&quot;acf&quot;:{&quot;noindex&quot;:false,&quot;keywords&quot;:&quot;&quot;,&quot;shorturl&quot;:&quot;&quot;,&quot;planning&quot;:{&quot;price&quot;:&quot;9 EUR \\\/ 0 EUR&quot;,&quot;status&quot;:&quot;BUY&quot;,&quot;info&quot;:&quot;Die Freifl\\u00e4che ist Teil der Ausstellung BERLIN GLOBAL&quot;,&quot;shop&quot;:&quot;https:\\\/\\\/tickets.humboldtforum.org\\\/#\\\/tickets\\\/time?museum_id=1&amp;exhibition_id=1&amp;group=day&amp;date=2026-04-20&quot;,&quot;can_purchase&quot;:true},&quot;use_opening_hours_of_the_house&quot;:false,&quot;periods&quot;:[{&quot;label&quot;:&quot;&quot;,&quot;dates&quot;:[{&quot;start&quot;:&quot;202606130000&quot;,&quot;end&quot;:&quot;202801310000&quot;,&quot;has_end&quot;:true,&quot;start_HRFSHORT&quot;:&quot;13.06.26&quot;,&quot;start_HRFSHORT_WD&quot;:&quot;Sa 13.06.2026&quot;,&quot;end_HRFSHORT&quot;:&quot;31.01.28&quot;}],&quot;monday&quot;:[{&quot;start&quot;:&quot;10:30&quot;,&quot;end&quot;:&quot;18:30&quot;,&quot;closed&quot;:false}],&quot;tuesday&quot;:[{&quot;start&quot;:null,&quot;end&quot;:null,&quot;closed&quot;:true}],&quot;wednesday&quot;:[{&quot;start&quot;:&quot;10:30&quot;,&quot;end&quot;:&quot;18:30&quot;,&quot;closed&quot;:false}],&quot;thursday&quot;:[{&quot;start&quot;:&quot;10:30&quot;,&quot;end&quot;:&quot;18:30&quot;,&quot;closed&quot;:false}],&quot;friday&quot;:[{&quot;start&quot;:&quot;10:30&quot;,&quot;end&quot;:&quot;18:30&quot;,&quot;closed&quot;:false}],&quot;saturday&quot;:[{&quot;start&quot;:&quot;10:30&quot;,&quot;end&quot;:&quot;18:30&quot;,&quot;closed&quot;:false}],&quot;sunday&quot;:[{&quot;start&quot;:&quot;10:30&quot;,&quot;end&quot;:&quot;18:30&quot;,&quot;closed&quot;:false}],&quot;info&quot;:&quot;&quot;,&quot;description&quot;:&quot;&quot;}],&quot;display_as_single&quot;:false,&quot;subline&quot;:&quot;Eine Freifl\\u00e4che von Noam Gorbat, Omar Nicolas und Sama Ahmadi in der Ausstellung BERLIN GLOBAL&quot;,&quot;tickettext&quot;:&quot;Bitte buchen Sie Ihr Ticket vorab online oder an der Kasse im Foyer.&quot;,&quot;additional_info&quot;:{&quot;icon&quot;:&quot;icon-ort&quot;,&quot;text&quot;:&quot;BERLIN GLOBAL, 1. OG \\u2013 Raum \\&quot;Vergn\\u00fcgen\\&quot;&quot;},&quot;highlight_header&quot;:false,&quot;use_video_in_teasers&quot;:false,&quot;hyphenation&quot;:true,&quot;tipp&quot;:false,&quot;joker&quot;:false,&quot;live&quot;:false,&quot;hide_event_in_program&quot;:false,&quot;events&quot;:[163169],&quot;featured_images&quot;:[163394],&quot;period_exception&quot;:[]},&quot;period_list&quot;:&quot;&lt;strong&gt;\\u00d6ffnungszeiten&lt;\\\/strong&gt;\\nMo, Mi, Do, Fr, Sa, So: 10:30 \\u2013 18:30 Uhr\\nDi: geschlossen\\n\\n&quot;,&quot;period_exception&quot;:&quot;&quot;,&quot;date&quot;:{&quot;infinite&quot;:false,&quot;from_DATE&quot;:202606130000,&quot;from&quot;:1781346600,&quot;from_TIME&quot;:&quot;10:30&quot;,&quot;to&quot;:1832956200,&quot;to_DATE&quot;:202801310000,&quot;to_TIME&quot;:&quot;18:30&quot;,&quot;from_HRFSHORT&quot;:&quot;13. Jun 2026&quot;,&quot;from_HRFSHORT_WD&quot;:&quot;Sa 13.06.2026&quot;,&quot;from_HRF&quot;:&quot;Sa, 13. Juni 2026&quot;,&quot;to_HRF&quot;:&quot;Mo, 31. Januar 2028&quot;,&quot;to_HRFSHORT&quot;:&quot;31. Jan 2028&quot;,&quot;to_HRFSHORT_WD&quot;:&quot;Mo 31.01.2028&quot;,&quot;from_to_HRF&quot;:&quot;Sa, 13. Juni 2026 \\u2013 Mo, 31. Januar 2028&quot;,&quot;from_to_HRFSHORT&quot;:&quot;13. Jun 2026 \\u2013 31. Jan 2028&quot;,&quot;NXX&quot;:&quot;202606130015&quot;,&quot;NLAST&quot;:&quot;202801311830&quot;,&quot;NX&quot;:&quot;20260613&quot;},&quot;alert&quot;:null,&quot;partof&quot;:[],&quot;marketing_topic&quot;:&quot;&quot;}' inline-template>\n\t<a href=\"https:\/\/www.humboldtforum.org\/de\/programm\/laufzeitangebot\/ausstellung\/time-machine-infinitum-163150\/\" class=\"teaser teaser-event-period teaser-event-standard\">\n\t\t<div class=\"row\">\n\t\t\t<div class=\"col-xs-12 col-sm-6 col-md-5 col-sm-offset-1 col-md-offset-2 first-sm teaser-event-text Infos\">\n\t\t\t\t<div class=\"teaser-event-standard-text\">\n\t\t\t\t\t<div class=\"margin-bottom-atom\">\n\t\t\t\t\t\t<div class=\"subline clamp-1\" v-html=\"maingenre\"><\/div>\n\t\t\t\t\t\t\t\t\t\t\t<\/div>\n\t\t\t\t\n\t\t\t\t\t<strong class=\"margin-bottom-atom h5\">Time Machine Infinitum. Queeres migrantisches Berlin<\/strong>\n\n\t\t\t\t\t\t\t\t\t\t\t<div class=\"\">Eine Freifl\u00e4che von Noam Gorbat, Omar Nicolas und Sama Ahmadi in der Ausstellung BERLIN GLOBAL<\/div>\n\t\t\t\t\t\t\t\t\t<\/div>\n\t\t\t\t<div class=\"teaser-bottom border-bottom\">\n\t\t\t\t<calendardateline :rawitem='item' :show-icon=\"true\"><\/calendardateline>\n\t\t\t\t\t<hr>\n\t\t\t\t<\/div>\n\t\t\t<\/div>\n\t\t\t<div class=\"col-xs-12 col-sm-4 col-md-3 teaser-event-image bottom-xs first-xs\">\n\t\t\t\t<div class=\"teaser-image teaser-image-no-alternate\">\n\t\t\t\t\t\t\t\t\t\t\t\n\t<lazy-media-inline inline-template>\n\t\t<figure itemscope itemtype=\"http:\/\/schema.org\/ImageObject\" class=\"lazy-media-inline \" role=\"group\" id=\"media_69f14da3d01b7\" aria-labelledby=\"desc_media_69f14da3d01b7\">\n\t\t\t<script type=\"application\/json\" ref=\"data\">\n\t\t\t\t{\n\t\t\t\t\"sizes\" : {\"medium\":{\"file\":\"SHF_eb00265978-300x141.jpg\",\"width\":300,\"height\":141,\"mime-type\":\"image\\\/jpeg\",\"filesize\":8778},\"large\":{\"file\":\"SHF_eb00265978-1024x480.jpg\",\"width\":1024,\"height\":480,\"mime-type\":\"image\\\/jpeg\",\"filesize\":53996},\"thumbnail\":{\"file\":\"SHF_eb00265978-150x150.jpg\",\"width\":150,\"height\":150,\"mime-type\":\"image\\\/jpeg\",\"filesize\":7958},\"medium_large\":{\"file\":\"SHF_eb00265978-768x360.jpg\",\"width\":768,\"height\":360,\"mime-type\":\"image\\\/jpeg\",\"filesize\":35002},\"small\":{\"file\":\"SHF_eb00265978-440x206.jpg\",\"width\":440,\"height\":206,\"mime-type\":\"image\\\/jpeg\",\"filesize\":16768},\"semi\":{\"file\":\"SHF_eb00265978-580x272.jpg\",\"width\":580,\"height\":272,\"mime-type\":\"image\\\/jpeg\",\"filesize\":25764},\"mobile\":{\"file\":\"SHF_eb00265978-720x338.jpg\",\"width\":720,\"height\":338,\"mime-type\":\"image\\\/jpeg\",\"filesize\":33829},\"original\":{\"file\":\"SHF_eb00265978.jpg\",\"width\":1280,\"height\":600}},\n\t\t\t\t\"alt\" : \"Ausstellungsplakat f\\u00fcr \\\"Time Machine Infinitum\\\" - Queeres Migrantes Berlin, 13.06.2026 bis 31.01.2028.\",\n\t\t\t\t\"path\" : \"\\\/wp-content\\\/uploads\\\/2026\\\/04\\\/\",\n\t\t\t\t\"video\" : null,\n\t\t\t\t\"autoplay\" : null,\n\t\t\t\t\"youtube\" : null,\n\t\t\t\t\"youtubelabel\" : \"Video abspielen\",\n\t\t\t\t\"brightness\" : 100,\n\t\t\t\t\"crop\" : {\"top\":\"6.67\",\"left\":\"49.90\"},\n\t\t\t\t\"background\" : true,\n\t\t\t\t\"scale\" : 2\t\t\t\t}\n\t\t\t<\/script>\n\n\t\t\t<div class=\"height-container\" style=\"padding-bottom:46.875%;\" v-if=\"sizes\">\n\t\t\t\t\t\t\t\t<lazy-media :inline=\"true\" :alt=\"alt\" :sizes=\"sizes\" :scale=\"scale\" :brightness=\"brightness\" :path=\"path\" :video=\"video\" :autoplay=\"autoplay\" :youtube=\"youtube\" :crop=\"crop\" :youtubelabel=\"youtubelabel\" :background=\"background\" media-id=\"desc_media_69f14da3d01b7\"><\/lazy-media>\n\t\t\t\t\t\t\t<\/div>\n\n\t\t\t\t\t\t\t<figcaption class=\"sr-only\" ref=\"body\" id=\"desc_media_69f14da3d01b7\">\n\t\t\t\t\t\t\t\t\t\t\t\t\t\t\t\t<div>Freifl&auml;che &bdquo;Time Machine Infinitum. Queeres migrantisches Berlin&ldquo; bei BERLIN GLOBAL im Humboldt Forum <\/div>\n\t\t\t\t\t\t\t\t\t\t\t\t\t\t\t\t<div class=\"insignificant\">\u00a9 Noam Gorbat, Omar Nicolas, Sama Ahmadi | Stiftung Stadtmuseum Berlin, Design: Groupe Dejour<\/div>\n\t\t\t\t\t\t\t\t\t<\/figcaption>\n\t\t\t\t\t<\/figure>\n\t<\/lazy-media-inline>\n\t\t\t\t<\/div>\n\t\t\t<\/div>\n\t\t<\/div>\n\t<\/a>\n\t<\/calendarteaser>\n<\/li>\n\n\t\t\t\t<\/ul>\n\t\t\t<\/div>\n\t\t\t\t<\/lazy-component>\n<\/section>\n\n\n\n<section class=\"block block-media-quotes\" >\n\t<div class=\"container-fluid\">\n\t\t<div class=\"row center-xs\">\n\t\t\t<div class=\"col-xs-12 col-sm-10 col-md-8\">\n\t\t\t\t<div class=\"swiper-outside\">\n\t\t\t\t\t<swiper :options=\"{lazy: true,pagination: {el: '.swiper-pagination', dynamicBullets: true, type: 'bullets'}}\">\n\t\t\t\t\t\t\t\t\t\t\t\t\t<swiper-slide>\n\t\t\t\t\t\t\t\t<blockquote>\n\t\t\t\t\t\t\t\t\t<h3 class=\"Zitat\">Diese Art Partizipation ist etwas Neues, sie erlaubt es, von einem gro\u00dfen Wurf zu reden.<\/h3>\n\t\t\t\t\t\t\t\t\t\t\t\t\t\t\t\t\t\t\t<span class=\"Copyright\">DIE ZEIT<\/span>\n\t\t\t\t\t\t\t\t\t\t\t\t\t\t\t\t\t<\/blockquote>\n\t\t\t\t\t\t\t<\/swiper-slide>\n\t\t\t\t\t\t\t\t\t\t\t\t\t<swiper-slide>\n\t\t\t\t\t\t\t\t<blockquote>\n\t\t\t\t\t\t\t\t\t<h3 class=\"Zitat\">Die neue Berlin-Ausstellung im Humboldt Forum packt Berlin beim Schopf und sch\u00fcttelt es einmal gr\u00fcndlich durch.<\/h3>\n\t\t\t\t\t\t\t\t\t\t\t\t\t\t\t\t\t\t\t<span class=\"Copyright\">Berliner Zeitung<\/span>\n\t\t\t\t\t\t\t\t\t\t\t\t\t\t\t\t\t<\/blockquote>\n\t\t\t\t\t\t\t<\/swiper-slide>\n\t\t\t\t\t\t\t\t\t\t\t\t\t<swiper-slide>\n\t\t\t\t\t\t\t\t<blockquote>\n\t\t\t\t\t\t\t\t\t<h3 class=\"Zitat\">Das hat Charme, das wird j\u00fcngere G\u00e4ste besonders anziehen.<\/h3>\n\t\t\t\t\t\t\t\t\t\t\t\t\t\t\t\t\t\t\t<span class=\"Copyright\">rbb<\/span>\n\t\t\t\t\t\t\t\t\t\t\t\t\t\t\t\t\t<\/blockquote>\n\t\t\t\t\t\t\t<\/swiper-slide>\n\t\t\t\t\t\t\t\t\t\t\t<div class=\"swiper-pagination\" slot=\"pagination\"><\/div>\n\t\t\t\t<\/swiper>\n\t\t\t<\/div>\n\t\t<\/div>\n\t<\/div>\n<\/section>\n\n\n<section class=\"block block-CTA block-CTA-long leftgradient\">\n\t<div class=\"container-fluid\">\n\t\t<div class=\"row center-xs\">\n\t\t\t<div class=\"col-xs-12\">\n\t\t\t\t<div class=\"box\">\n\t\t\t\t\t<a href=\"https:\/\/guide.humboldtforum.org\/explore\/tours\/10\" aria-label=\"Berlin Global Medienguide Tour\" class=\"teaser teaser-cta-wide \">\n\t\t\t\t\t\t<div class=\"teaser-image\">\n\t\t\t\t\t\t\t\n\t<lazy-media-inline inline-template>\n\t\t<figure itemscope itemtype=\"http:\/\/schema.org\/ImageObject\" class=\"lazy-media-inline \" role=\"group\" id=\"media_69f14da3d3d00\" aria-labelledby=\"desc_media_69f14da3d3d00\">\n\t\t\t<script type=\"application\/json\" ref=\"data\">\n\t\t\t\t{\n\t\t\t\t\"sizes\" : {\"medium\":{\"file\":\"SHF_eb00112643_Moodshot-1-300x200.jpg\",\"width\":300,\"height\":200,\"mime-type\":\"image\\\/jpeg\",\"filesize\":9881},\"large\":{\"file\":\"SHF_eb00112643_Moodshot-1-1024x683.jpg\",\"width\":1024,\"height\":683,\"mime-type\":\"image\\\/jpeg\",\"filesize\":54149},\"thumbnail\":{\"file\":\"SHF_eb00112643_Moodshot-1-150x150.jpg\",\"width\":150,\"height\":150,\"mime-type\":\"image\\\/jpeg\",\"filesize\":5217},\"medium_large\":{\"file\":\"SHF_eb00112643_Moodshot-1-768x512.jpg\",\"width\":768,\"height\":512,\"mime-type\":\"image\\\/jpeg\",\"filesize\":35748},\"small\":{\"file\":\"SHF_eb00112643_Moodshot-1-440x294.jpg\",\"width\":440,\"height\":294,\"mime-type\":\"image\\\/jpeg\",\"filesize\":16510},\"semi\":{\"file\":\"SHF_eb00112643_Moodshot-1-580x387.jpg\",\"width\":580,\"height\":387,\"mime-type\":\"image\\\/jpeg\",\"filesize\":24572},\"mobile\":{\"file\":\"SHF_eb00112643_Moodshot-1-720x480.jpg\",\"width\":720,\"height\":480,\"mime-type\":\"image\\\/jpeg\",\"filesize\":32585},\"hd\":{\"file\":\"SHF_eb00112643_Moodshot-1-1280x854.jpg\",\"width\":1280,\"height\":854,\"mime-type\":\"image\\\/jpeg\",\"filesize\":74662},\"full\":{\"file\":\"SHF_eb00112643_Moodshot-1-1920x1281.jpg\",\"width\":1920,\"height\":1281,\"mime-type\":\"image\\\/jpeg\",\"filesize\":134816},\"xxl\":{\"file\":\"SHF_eb00112643_Moodshot-1-4048x2700.jpg\",\"width\":4048,\"height\":2700,\"mime-type\":\"image\\\/jpeg\",\"filesize\":436040},\"1536x1536\":{\"file\":\"SHF_eb00112643_Moodshot-1-1536x1025.jpg\",\"width\":1536,\"height\":1025,\"mime-type\":\"image\\\/jpeg\",\"filesize\":97473},\"2048x2048\":{\"file\":\"SHF_eb00112643_Moodshot-1-2048x1366.jpg\",\"width\":2048,\"height\":1366,\"mime-type\":\"image\\\/jpeg\",\"filesize\":148350},\"original\":{\"file\":\"SHF_eb00112643_Moodshot-1.jpg\",\"width\":8290,\"height\":5530}},\n\t\t\t\t\"alt\" : \"Hand h\\u00e4lt Smartphone mit der Anzeige \\\"BERLIN GLOBAL\\\" vor einer urbanen Kulisse.\",\n\t\t\t\t\"path\" : \"\\\/wp-content\\\/uploads\\\/2020\\\/10\\\/\",\n\t\t\t\t\"video\" : null,\n\t\t\t\t\"autoplay\" : null,\n\t\t\t\t\"youtube\" : null,\n\t\t\t\t\"youtubelabel\" : \"Video abspielen\",\n\t\t\t\t\"brightness\" : \"90\",\n\t\t\t\t\"crop\" : null,\n\t\t\t\t\"background\" : true,\n\t\t\t\t\"scale\" : 1\t\t\t\t}\n\t\t\t<\/script>\n\n\t\t\t<div class=\"height-container\" style=\"padding-bottom:66.70687575392%;\" v-if=\"sizes\">\n\t\t\t\t\t\t\t\t<lazy-media :inline=\"true\" :alt=\"alt\" :sizes=\"sizes\" :scale=\"scale\" :brightness=\"brightness\" :path=\"path\" :video=\"video\" :autoplay=\"autoplay\" :youtube=\"youtube\" :crop=\"crop\" :youtubelabel=\"youtubelabel\" :background=\"background\" media-id=\"desc_media_69f14da3d3d00\"><\/lazy-media>\n\t\t\t\t\t\t\t<\/div>\n\n\t\t\t\t\t\t\t<figcaption class=\"sr-only\" ref=\"body\" id=\"desc_media_69f14da3d3d00\">\n\t\t\t\t\t\t\t\t\t\t\t\t\t\t\t\t\t\t\t\t\t<div class=\"insignificant\">\u00a9 Stiftung Humboldt Forum im Berliner Schloss \/ Andreas K\u00f6nig<\/div>\n\t\t\t\t\t\t\t\t\t<\/figcaption>\n\t\t\t\t\t<\/figure>\n\t<\/lazy-media-inline>\n\t\t\t\t\t\t<\/div>\n\t\t\t\t\t\t<div class=\"teaser-content \">\n\t\t\t\t\t\t\t<div>\n\t\t\t\t\t\t\t\t\t\t\t\t\t\t\t\t<div class=\"teaser-header\"><span class=\"h3\">Berlin Global Medienguide Tour<\/span><\/div>\n\t\t\t\t\t\t\t\t\t\t\t\t\t\t\t\t<button tabindex=\"-1\" class=\"border\">Hier Klicken<\/button>\n\t\t\t\t\t\t\t<\/div>\n\t\t\t\t\t\t<\/div>\n\t\t\t\t\t<\/a>\n\t\t\t\t<\/div>\n\t\t\t<\/div>\n\t\t<\/div>\n\t<\/div>\n<\/section>\n\n\n<section class=\"block block-copy\" >\n    <div class=\"container-fluid\">\n\t\t<div class=\"row \">\n            <div class=\"col-xs-12 col-md-offset-2 col-md-8\">\n                <div class=\"box\">\n                    <div class=\"copy\"><p>&nbsp;<\/p>\n<p>&nbsp;<\/p>\n<\/div>\n                <\/div>\n            <\/div>\n\t\t<\/div>\n\t\t    <\/div>\n<\/section>\n\n<section class=\"block block-button\">\n    <div class=\"container-fluid\">\n\t\t<div class=\"row\">\n            <div class=\"col-xs-12 col-md-offset-2 col-md-8\">\n                <div class=\"box text-align-center\">\n                 \t\t<a href=\"https:\/\/www.stadtmuseum.de\/museum\/berlin-global\" class=\"button-extern\" role=\"button\" target=\"_blank\">\n\t\t<span class=\"button-label\">Zur Website der Ausstellung<\/span>\n\t<\/a>\n                <\/div>\n            <\/div>\n        <\/div>\n    <\/div>\n<\/section>\n\n<section class=\"block block-copy block-no-margin\" >\n    <div class=\"container-fluid\">\n\t\t<div class=\"row \">\n            <div class=\"col-xs-12 col-md-offset-2 col-md-8\">\n                <div class=\"box\">\n                    <div class=\"copy\"><p>Berlin Global ist eine Koproduktion von <a href=\"https:\/\/www.humboldtforum.org\/de\/kulturprojekte-berlin-und-stadtmuseum-berlin\/\">Kulturprojekte Berlin und dem Stadtmuseum Berlin<\/a>.<\/p>\n<\/div>\n                <\/div>\n            <\/div>\n\t\t<\/div>\n\t\t    <\/div>\n<\/section>\n\n<section class=\"block block-logos\" >\n    <div class=\"container-fluid\">\n\t\t<div class=\"row\">\n\t\t\t<div class=\"col-xs-12 col-sm-8 col-sm-offset-2\">\n\t\t\t\t<div class=\"box\">\n\t\t\t\t\t<div class=\"row  middle-xs\">\n\t\t\t\t\t\t\n\t\t\t\t\t\t<div class=\"col-xs-4 col-sm-3 col-sm-2\">\n\t\t\t\t\t\t\t<div class=\"box margin-sixth-top\">\n\t\t\t\t\t\t\t\t<img decoding=\"async\" alt=\"Kulturprojekte Berlin (KPB)\" src=\"https:\/\/www.humboldtforum.org\/wp-content\/uploads\/2020\/04\/KPB_Wort-Bildmarke_3zeilig.png\" style=\"display: inline-block; width: 100%\" \/>\n\t\t\t\t\t\t\t<\/div>\n\t\t\t\t\t\t<\/div>\n\t\t\t\t\t\t\n\t\t\t\t\t\t<div class=\"col-xs-4 col-sm-3 col-sm-2\">\n\t\t\t\t\t\t\t<div class=\"box margin-sixth-top\">\n\t\t\t\t\t\t\t\t<img decoding=\"async\" alt=\"Stiftung Stadtmuseum Berlin (SSB)\" src=\"https:\/\/www.humboldtforum.org\/wp-content\/uploads\/2020\/04\/Stiftung_Stadtmuseum-Berlin_Logo.jpg\" style=\"display: inline-block; width: 80%\" \/>\n\t\t\t\t\t\t\t<\/div>\n\t\t\t\t\t\t<\/div>\n\t\t\t\t\t\t\n\t\t\t\t\t\t<div class=\"col-xs-4 col-sm-3 col-sm-2\">\n\t\t\t\t\t\t\t<div class=\"box margin-sixth-top\">\n\t\t\t\t\t\t\t\t<img decoding=\"async\" alt=\"Senatsverwaltung f\u00fcr Kultur und Europa\" src=\"https:\/\/www.humboldtforum.org\/wp-content\/uploads\/2020\/06\/B_SEN_KuEu_Logo_DE_H_PT_RGB.png\" style=\"display: inline-block; width: 130%\" \/>\n\t\t\t\t\t\t\t<\/div>\n\t\t\t\t\t\t<\/div>\n\t\t\t\t\t\t\t\t\t\t\t<\/div>\n\t\t\t\t<\/div>\n\t\t\t<\/div>\n        <\/div>\n    <\/div>\n<\/section>\n\n\n<section class=\"block block-copy\" >\n    <div class=\"container-fluid\">\n\t\t<div class=\"row \">\n            <div class=\"col-xs-12 col-md-offset-2 col-md-8\">\n                <div class=\"box\">\n                    <div class=\"copy\"><p><center><span class=\"anleser\" style=\"font-weight: bolder;\"><strong>\u25a0<\/strong><\/span><\/center><\/p>\n<\/div>\n                <\/div>\n            <\/div>\n\t\t<\/div>\n\t\t    <\/div>\n<\/section>","protected":false},"template":"","genre":[391],"digital":[],"topic":[],"stakeholder":[400],"editorial":[402,403,646],"editorialfilter":[],"targetgroup":[383],"language":[384,385],"accessability":[430],"age":[],"school":[],"groupsize":[],"place":[405],"class_list":["post-14140","event-permanent","type-event-permanent","status-publish","has-post-thumbnail","hentry","genre-ausstellung","stakeholder-kulturprojekte-berlin-stadtmuseum-berlin","editorial-interaktiv","editorial-verbindend","editorial-vielstimmig","targetgroup-erwachsene","language-deutsch","language-englisch","accessability-rollstuhlgerecht","place-berlin-ausstellung-1-og"],"acf":[],"_links":{"self":[{"href":"https:\/\/www.humboldtforum.org\/de\/wp-json\/wp\/v2\/event-permanent\/14140","targetHints":{"allow":["GET"]}}],"collection":[{"href":"https:\/\/www.humboldtforum.org\/de\/wp-json\/wp\/v2\/event-permanent"}],"about":[{"href":"https:\/\/www.humboldtforum.org\/de\/wp-json\/wp\/v2\/types\/event-permanent"}],"version-history":[{"count":12,"href":"https:\/\/www.humboldtforum.org\/de\/wp-json\/wp\/v2\/event-permanent\/14140\/revisions"}],"predecessor-version":[{"id":163473,"href":"https:\/\/www.humboldtforum.org\/de\/wp-json\/wp\/v2\/event-permanent\/14140\/revisions\/163473"}],"wp:featuredmedia":[{"embeddable":true,"href":"https:\/\/www.humboldtforum.org\/de\/wp-json\/wp\/v2\/media\/66324"}],"wp:attachment":[{"href":"https:\/\/www.humboldtforum.org\/de\/wp-json\/wp\/v2\/media?parent=14140"}],"wp:term":[{"taxonomy":"genre","embeddable":true,"href":"https:\/\/www.humboldtforum.org\/de\/wp-json\/wp\/v2\/genre?post=14140"},{"taxonomy":"digital","embeddable":true,"href":"https:\/\/www.humboldtforum.org\/de\/wp-json\/wp\/v2\/digital?post=14140"},{"taxonomy":"topic","embeddable":true,"href":"https:\/\/www.humboldtforum.org\/de\/wp-json\/wp\/v2\/topic?post=14140"},{"taxonomy":"stakeholder","embeddable":true,"href":"https:\/\/www.humboldtforum.org\/de\/wp-json\/wp\/v2\/stakeholder?post=14140"},{"taxonomy":"editorial","embeddable":true,"href":"https:\/\/www.humboldtforum.org\/de\/wp-json\/wp\/v2\/editorial?post=14140"},{"taxonomy":"editorialfilter","embeddable":true,"href":"https:\/\/www.humboldtforum.org\/de\/wp-json\/wp\/v2\/editorialfilter?post=14140"},{"taxonomy":"targetgroup","embeddable":true,"href":"https:\/\/www.humboldtforum.org\/de\/wp-json\/wp\/v2\/targetgroup?post=14140"},{"taxonomy":"language","embeddable":true,"href":"https:\/\/www.humboldtforum.org\/de\/wp-json\/wp\/v2\/language?post=14140"},{"taxonomy":"accessability","embeddable":true,"href":"https:\/\/www.humboldtforum.org\/de\/wp-json\/wp\/v2\/accessability?post=14140"},{"taxonomy":"age","embeddable":true,"href":"https:\/\/www.humboldtforum.org\/de\/wp-json\/wp\/v2\/age?post=14140"},{"taxonomy":"school","embeddable":true,"href":"https:\/\/www.humboldtforum.org\/de\/wp-json\/wp\/v2\/school?post=14140"},{"taxonomy":"groupsize","embeddable":true,"href":"https:\/\/www.humboldtforum.org\/de\/wp-json\/wp\/v2\/groupsize?post=14140"},{"taxonomy":"place","embeddable":true,"href":"https:\/\/www.humboldtforum.org\/de\/wp-json\/wp\/v2\/place?post=14140"}],"curies":[{"name":"wp","href":"https:\/\/api.w.org\/{rel}","templated":true}]}}