{"id":46447,"date":"2022-07-26T09:13:34","date_gmt":"2022-07-26T07:13:34","guid":{"rendered":"https:\/\/www.humboldtforum.org\/?post_type=event-permanent&#038;p=46447"},"modified":"2026-02-24T16:07:42","modified_gmt":"2026-02-24T15:07:42","slug":"naga-land","status":"publish","type":"event-permanent","link":"https:\/\/www.humboldtforum.org\/de\/programm\/dauerangebot\/ausstellung\/naga-land-46447\/","title":{"rendered":"Naga Land"},"content":{"rendered":"<section class=\"block block-copy\" >\n    <div class=\"container-fluid\">\n\t\t<div class=\"row \">\n            <div class=\"col-xs-12 col-md-offset-2 col-md-8\">\n                <div class=\"box\">\n                    <div class=\"copy\"><p>\u00dcberall auf der Welt k\u00e4mpfen Minderheiten f\u00fcr kulturelle Selbstbestimmung oder politische Autonomie. Eine solche Minderheit sind die Naga \u2013 ein \u00dcberbegriff f\u00fcr mehr als 30 verschiedene Gesellschaftsgruppen, die sich trotz vieler Gemeinsamkeiten in ihrer Kultur und Sprache wie auch in ihrem Selbstverst\u00e4ndnis unterscheiden. Die Mehrheit der etwa drei Millionen Menschen lebt heute im Bundesstaat Nagaland im Nordosten Indiens.<\/p>\n<p>Seit dem Ende der britischen Kolonialherrschaft k\u00e4mpfen die Naga um die Autonomie vom indischen Festland und um kulturelle Selbstbestimmung. Erst in dieser Zeit ist das Bestreben nach einer gemeinsamen Identit\u00e4t aufgekommen. Das Christentum ist die wichtigste Religion in Nagaland und hat die Kultur stark beeinflusst.<\/p>\n<p>Was bedeutet es also, heute ein Naga zu sein? Die Ausstellung\u00a0<em>Naga Land. Stimmen aus Nordostindien<\/em>\u00a0beleuchtet verschiedene Aspekte der heutigen Naga-Gesellschaft und ihrer kulturellen I<span class=\"inline-comment-marker valid\" data-ref=\"51bfbb69-42a4-43c1-a0aa-7c9f83e8924f\">dentit\u00e4t<\/span>. Sie bringt die historische Naga-Sammlung des Ethnologischen Museums in Berlin mit zeitgen\u00f6ssischer Fotografie, Mode und visueller Kunst aus der Region zusammen. Denn bereits seit dem 19. Jahrhundert stehen die Naga im Blickpunkt des europ\u00e4ischen Forschungsinteresses.<\/p>\n<p>Zu dem interdisziplin\u00e4ren Kurator*innenteam der kollaborativen Ausstellung der Staatlichen Museen zu Berlin, der Stiftung Humboldt Forum im\u00a0<span class=\"w-term-highlight\">Berliner Schloss<\/span>\u00a0und des Botanischen Museums Berlin geh\u00f6rt die Naga-K\u00fcnstlerin Zubeni Lotha. Sie setzt sich mit dem\u00a0<span class=\"inline-comment-marker valid\" data-ref=\"abbcb47c-21ab-4441-be81-8f84df0a277d\">konstruierten<\/span>\u00a0Bild der Naga in der historischen westlichen Fotografie auseinander. Die neue Klanginstallation\u00a0<em>I will not weep<\/em>\u00a0der Naga K\u00fcnstlerin Senti Toy Threadgill im H\u00f6rraum des Humboldt Forums reflektiert ebenfalls das gegenw\u00e4rtige Nagaland, seine koloniale Vergangenheit und aktuelle politische Situation.<\/p>\n<\/div>\n                <\/div>\n            <\/div>\n\t\t<\/div>\n\t\t    <\/div>\n<\/section>\n\n<section class=\"block block-media\">\n\t\t<div class=\"container-fluid\">\n\t\t<div class=\"row\">\n\t\t\t<div class=\"col-xs-12 col-md-12\">\n\t\t\t\t<h5>Naga Land. Stimmen aus Nordostindien &#8211; Perspektiven auf die Ausstellung<\/h5>\n\t\t\t<\/div>\n\t\t<\/div>\n\t<\/div>\n\t\t<div class=\"container-fluid\">\n\t\t<div class=\"row\">\n\t\t\t<div class=\"col-xs-12 col-md-12\">\n\t\t\t\n\t<lazy-media-inline inline-template>\n\t\t<figure itemscope itemtype=\"http:\/\/schema.org\/ImageObject\" class=\"lazy-media-inline \" role=\"group\" id=\"media_69ef01d78d375\" aria-labelledby=\"desc_media_69ef01d78d375\">\n\t\t\t<script type=\"application\/json\" ref=\"data\">\n\t\t\t\t{\n\t\t\t\t\"sizes\" : {\"medium\":{\"file\":\"Video_Naga_Land-300x169.jpg\",\"width\":300,\"height\":169,\"mime-type\":\"image\\\/jpeg\",\"filesize\":10262},\"large\":{\"file\":\"Video_Naga_Land-1024x578.jpg\",\"width\":1024,\"height\":578,\"mime-type\":\"image\\\/jpeg\",\"filesize\":59524},\"thumbnail\":{\"file\":\"Video_Naga_Land-150x150.jpg\",\"width\":150,\"height\":150,\"mime-type\":\"image\\\/jpeg\",\"filesize\":6891},\"medium_large\":{\"file\":\"Video_Naga_Land-768x434.jpg\",\"width\":768,\"height\":434,\"mime-type\":\"image\\\/jpeg\",\"filesize\":39875},\"small\":{\"file\":\"Video_Naga_Land-440x248.jpg\",\"width\":440,\"height\":248,\"mime-type\":\"image\\\/jpeg\",\"filesize\":18002},\"semi\":{\"file\":\"Video_Naga_Land-580x328.jpg\",\"width\":580,\"height\":328,\"mime-type\":\"image\\\/jpeg\",\"filesize\":26817},\"mobile\":{\"file\":\"Video_Naga_Land-720x407.jpg\",\"width\":720,\"height\":407,\"mime-type\":\"image\\\/jpeg\",\"filesize\":36620},\"original\":{\"file\":\"Video_Naga_Land.jpg\",\"width\":1220,\"height\":689}},\n\t\t\t\t\"alt\" : \"Anzeige der Ausstellung \\\"Naga Land. Stimmen aus Nordostindien\\\" im Humboldt Forum, 17.9.2022\\u201316.3.2026.\",\n\t\t\t\t\"path\" : \"\\\/wp-content\\\/uploads\\\/2022\\\/07\\\/\",\n\t\t\t\t\"video\" : null,\n\t\t\t\t\"autoplay\" : null,\n\t\t\t\t\"youtube\" : \"https:\\\/\\\/www.youtube.com\\\/watch?v=_GOMxjPynS4\",\n\t\t\t\t\"youtubelabel\" : \"Video abspielen\",\n\t\t\t\t\"brightness\" : \"70\",\n\t\t\t\t\"crop\" : null,\n\t\t\t\t\"background\" : false,\n\t\t\t\t\"scale\" : 1\t\t\t\t}\n\t\t\t<\/script>\n\n\t\t\t<div class=\"height-container\" style=\"padding-bottom:56.475409836066%;\" v-if=\"sizes\">\n\t\t\t\t\t\t\t\t<lazy-media :inline=\"true\" :alt=\"alt\" :sizes=\"sizes\" :scale=\"scale\" :brightness=\"brightness\" :path=\"path\" :video=\"video\" :autoplay=\"autoplay\" :youtube=\"youtube\" :crop=\"crop\" :youtubelabel=\"youtubelabel\" :background=\"background\" media-id=\"desc_media_69ef01d78d375\"><\/lazy-media>\n\t\t\t\t\t\t\t<\/div>\n\n\t\t\t\t\t\t\t<figcaption class=\"\" id=\"desc_media_69ef01d78d375\">\n\t\t\t\t\t<div class=\"lazy-media-info-body-content\">\n\t\t\t\t\t\t\t\t\t\t\t\t\t\t\t\t\t\t\t\t\t\t\t\t\t<div class=\"insignificant\">\u00a9 Stiftung Humboldt Forum im Berliner Schloss, Luxoom Medienprojekte GmbH, 2026<\/div>\n\t\t\t\t\t\t\t\t\t\t\t<\/div>\n\t\t\t\t<\/figcaption>\n\t\t\t\t\t\t\t\t\t<\/figure>\n\t<\/lazy-media-inline>\n\t\t\t<\/div>\n\t\t<\/div>\n\t<\/div>\n<\/section>\n\n<section class=\"block block-media\">\n\t\t<div class=\"container-fluid\">\n\t\t<div class=\"row\">\n\t\t\t<div class=\"col-xs-10 col-md-6 col-xs-offset-1 col-md-offset-3\">\n\t\t\t\t<h5>Naga Land<\/h5>\n\t\t\t<\/div>\n\t\t<\/div>\n\t<\/div>\n\t\t<div class=\"container-fluid\">\n\t\t<div class=\"row\">\n\t\t\t<div class=\"col-xs-10 col-md-6 col-xs-offset-1 col-md-offset-3\">\n\t\t\t\n\t<lazy-media-inline inline-template>\n\t\t<figure itemscope itemtype=\"http:\/\/schema.org\/ImageObject\" class=\"lazy-media-inline \" role=\"group\" id=\"media_69ef01d78e1d2\" aria-labelledby=\"desc_media_69ef01d78e1d2\">\n\t\t\t<script type=\"application\/json\" ref=\"data\">\n\t\t\t\t{\n\t\t\t\t\"sizes\" : {\"medium\":{\"file\":\"SHF_eb00061695_A07-126-300x200.jpg\",\"width\":300,\"height\":200,\"mime-type\":\"image\\\/jpeg\",\"filesize\":15708},\"large\":{\"file\":\"SHF_eb00061695_A07-126-1024x682.jpg\",\"width\":1024,\"height\":682,\"mime-type\":\"image\\\/jpeg\",\"filesize\":122910},\"thumbnail\":{\"file\":\"SHF_eb00061695_A07-126-150x150.jpg\",\"width\":150,\"height\":150,\"mime-type\":\"image\\\/jpeg\",\"filesize\":6726},\"medium_large\":{\"file\":\"SHF_eb00061695_A07-126-768x512.jpg\",\"width\":768,\"height\":512,\"mime-type\":\"image\\\/jpeg\",\"filesize\":76450},\"small\":{\"file\":\"SHF_eb00061695_A07-126-440x293.jpg\",\"width\":440,\"height\":293,\"mime-type\":\"image\\\/jpeg\",\"filesize\":29941},\"semi\":{\"file\":\"SHF_eb00061695_A07-126-580x387.jpg\",\"width\":580,\"height\":387,\"mime-type\":\"image\\\/jpeg\",\"filesize\":47917},\"mobile\":{\"file\":\"SHF_eb00061695_A07-126-720x480.jpg\",\"width\":720,\"height\":480,\"mime-type\":\"image\\\/jpeg\",\"filesize\":68271},\"original\":{\"file\":\"SHF_eb00061695_A07-126.jpg\",\"width\":1280,\"height\":853}},\n\t\t\t\t\"alt\" : \"In einem Raum mit roten St\\u00fchlen und Wanddeko steht ein Stativ, w\\u00e4hrend eine Person sitzt.\",\n\t\t\t\t\"path\" : \"\\\/wp-content\\\/uploads\\\/2022\\\/07\\\/\",\n\t\t\t\t\"video\" : null,\n\t\t\t\t\"autoplay\" : null,\n\t\t\t\t\"youtube\" : \"https:\\\/\\\/youtube.com\\\/watch?v=gqOy1dL7bTs\",\n\t\t\t\t\"youtubelabel\" : \"Video abspielen\",\n\t\t\t\t\"brightness\" : \"70\",\n\t\t\t\t\"crop\" : null,\n\t\t\t\t\"background\" : false,\n\t\t\t\t\"scale\" : 1\t\t\t\t}\n\t\t\t<\/script>\n\n\t\t\t<div class=\"height-container\" style=\"padding-bottom:66.640625%;\" v-if=\"sizes\">\n\t\t\t\t\t\t\t\t<lazy-media :inline=\"true\" :alt=\"alt\" :sizes=\"sizes\" :scale=\"scale\" :brightness=\"brightness\" :path=\"path\" :video=\"video\" :autoplay=\"autoplay\" :youtube=\"youtube\" :crop=\"crop\" :youtubelabel=\"youtubelabel\" :background=\"background\" media-id=\"desc_media_69ef01d78e1d2\"><\/lazy-media>\n\t\t\t\t\t\t\t<\/div>\n\n\t\t\t\t\t\t\t<figcaption class=\"\" id=\"desc_media_69ef01d78e1d2\">\n\t\t\t\t\t<div class=\"lazy-media-info-body-content\">\n\t\t\t\t\t\t\t\t\t\t\t\t\t\t\t\t\t\t\t<div>Zubeni Lotha <\/div>\n\t\t\t\t\t\t\t\t\t\t\t\t\t\t\t\t\t\t\t<div class=\"insignificant\">\u00a9 Zubeni Lotha<\/div>\n\t\t\t\t\t\t\t\t\t\t\t<\/div>\n\t\t\t\t<\/figcaption>\n\t\t\t\t\t\t\t\t\t<\/figure>\n\t<\/lazy-media-inline>\n\t\t\t<\/div>\n\t\t<\/div>\n\t<\/div>\n<\/section>\n\n<section class=\"block block-teaser col-3 \" style=\"\">\n\t<lazy-component :fixed-min-height=\"400\">\n\t\n\t\t\t\t\t<div class=\"container-fluid\">\n\t\t\t\t<div class=\"row bottom-xs\">\n\t\t\t\t\t<div class=\"col-xs-12 col-md-8\">\n\t\t\t\t\t\t<h4>Programm<\/h4>\t\t\t\t\t\t\t\t\t\t\t\t\t\t\t\t\t\t\t<\/div>\n\t\t\t\t\t<div class=\"col-xs-12 col-md-4 start-xs end-md margin-bottom-sixth\">\n\t\t\t\t\t\t\t\t\t\t\t<\/div>\n\t\t\t\t<\/div>\n\t\t\t\t<ul class=\"row\"> <li class=\"col-xs-12 col-sm-6 col-md-4  teaser-wrapper col-padding-remove\">\n\t<calendarteaser key=\"4650819977\" rawitem='{&quot;postId&quot;:46508,&quot;title&quot;:&quot;Naganess&quot;,&quot;excerpt&quot;:&quot;&quot;,&quot;slug&quot;:&quot;naganess&quot;,&quot;post_date&quot;:&quot;2022-07-26T12:35&quot;,&quot;type&quot;:&quot;event&quot;,&quot;permalink&quot;:&quot;https:\\\/\\\/www.humboldtforum.org\\\/de\\\/programm\\\/termin\\\/fuehrung\\\/naganess-46508\\\/&quot;,&quot;genre&quot;:[821],&quot;genre_details&quot;:[{&quot;text&quot;:&quot;F\\u00fchrung&quot;,&quot;id&quot;:821,&quot;icon&quot;:null,&quot;parent&quot;:0}],&quot;topic&quot;:[782],&quot;topic_details&quot;:[{&quot;text&quot;:&quot;Kolonialismus und Kolonialit\\u00e4t&quot;,&quot;id&quot;:782,&quot;icon&quot;:null,&quot;parent&quot;:0}],&quot;stakeholder&quot;:[530,382],&quot;stakeholder_details&quot;:[{&quot;text&quot;:&quot;Staatliche Museen zu Berlin&quot;,&quot;id&quot;:530,&quot;icon&quot;:null,&quot;parent&quot;:0},{&quot;text&quot;:&quot;Stiftung Humboldt Forum im Berliner Schloss&quot;,&quot;id&quot;:382,&quot;icon&quot;:null,&quot;parent&quot;:0}],&quot;targetgroup&quot;:[383],&quot;targetgroup_details&quot;:[{&quot;text&quot;:&quot;Erwachsene&quot;,&quot;id&quot;:383,&quot;icon&quot;:null,&quot;parent&quot;:0}],&quot;language&quot;:[384],&quot;language_details&quot;:[{&quot;text&quot;:&quot;Deutsch&quot;,&quot;id&quot;:384,&quot;icon&quot;:null,&quot;parent&quot;:0}],&quot;age&quot;:[1321],&quot;age_details&quot;:[{&quot;text&quot;:&quot;ab 16 Jahre&quot;,&quot;id&quot;:1321,&quot;icon&quot;:null,&quot;parent&quot;:0}],&quot;groupsize&quot;:[1047],&quot;groupsize_details&quot;:[{&quot;text&quot;:&quot;max. 20 Personen&quot;,&quot;id&quot;:1047,&quot;icon&quot;:null,&quot;parent&quot;:0}],&quot;place&quot;:[532],&quot;place_details&quot;:{&quot;place&quot;:&quot;Humboldt Forum&quot;,&quot;map&quot;:&quot;Humboldt Forum, Schlossplatz, Berlin&quot;,&quot;room&quot;:&quot;3. OG&quot;},&quot;icon_overwrite&quot;:&quot;&quot;,&quot;acf&quot;:{&quot;noindex&quot;:false,&quot;keywords&quot;:&quot;&quot;,&quot;hashtag&quot;:&quot;HumboldtForum&quot;,&quot;shorturl&quot;:&quot;&quot;,&quot;belongsto&quot;:false,&quot;planning&quot;:{&quot;price&quot;:&quot;9 EUR zzgl. Eintritt&quot;,&quot;admission&quot;:&quot;&quot;,&quot;pause&quot;:&quot;&quot;,&quot;duration&quot;:&quot;&quot;},&quot;subline&quot;:&quot;Fremd- und Selbstbilder&quot;,&quot;additional_info&quot;:{&quot;icon&quot;:&quot;0&quot;,&quot;text&quot;:&quot;&quot;},&quot;highlight_header&quot;:false,&quot;featured_images&quot;:[48231],&quot;use_video_in_teasers&quot;:false,&quot;hyphenation&quot;:true,&quot;tipp&quot;:false,&quot;joker&quot;:true,&quot;live&quot;:false,&quot;hide_event_in_program&quot;:false,&quot;times&quot;:[],&quot;alert_text&quot;:&quot;DE&quot;,&quot;gomus_id&quot;:&quot;&quot;,&quot;hm_id&quot;:&quot;&quot;},&quot;date&quot;:{&quot;NX&quot;:null,&quot;NXX&quot;:null,&quot;NLAST&quot;:&quot;202603081300&quot;,&quot;from_DATE&quot;:&quot;20260208 15:00&quot;,&quot;from&quot;:1770555600,&quot;to&quot;:1772974800,&quot;to_DATE&quot;:&quot;20260308 15:00&quot;,&quot;from_HRFSHORT&quot;:&quot; 8. Feb 2026&quot;,&quot;from_HRFSHORT_WD&quot;:&quot;So 08.02.2026&quot;,&quot;to_HRFSHORT&quot;:&quot; 8. M\\u00e4r 2026&quot;,&quot;to_HRFSHORT_WD&quot;:&quot;So 08.03.2026&quot;,&quot;from_HRF&quot;:&quot;So,  8. Februar 2026&quot;,&quot;to_HRF&quot;:&quot;So,  8. M\\u00e4rz 2026&quot;,&quot;from_to_HRF&quot;:&quot;So,  8. Februar \\u2013 So,  8. M\\u00e4rz 2026&quot;,&quot;from_to_HRFSHORT&quot;:&quot; 8. Feb \\u2013  8. M\\u00e4r 2026&quot;},&quot;alert&quot;:&quot;DE&quot;,&quot;partof&quot;:[],&quot;marketing_topic&quot;:{&quot;title&quot;:&quot;Kolonialismus und Kolonialit\\u00e4t&quot;,&quot;0&quot;:&quot;topic&quot;}}' inline-template>\n\t<a href=\"https:\/\/www.humboldtforum.org\/de\/programm\/termin\/fuehrung\/naganess-46508\/\" class=\"teaser teaser-event teaser-event-standard\">\n\t\t<div class=\"row\">\n\t\t\t<div class=\"col-xs-12 teaser-event-image\">\n\t\t\t\t<div class=\"teaser-image teaser-image-no-alternate\">\n\t\t\t\t\t\t\t\t\t\t\t\t\t<span class=\"alert\">DE<\/span>\n\t\t\t\t\t\t\t\t\t\t\t\n\t<lazy-media-inline inline-template>\n\t\t<figure itemscope itemtype=\"http:\/\/schema.org\/ImageObject\" class=\"lazy-media-inline \" role=\"group\" id=\"media_69ef01d7a62c3\" aria-labelledby=\"desc_media_69ef01d7a62c3\">\n\t\t\t<script type=\"application\/json\" ref=\"data\">\n\t\t\t\t{\n\t\t\t\t\"sizes\" : {\"medium\":{\"file\":\"SHF_eb00109953_A07-224-212x300.jpg\",\"width\":212,\"height\":300,\"mime-type\":\"image\\\/jpeg\",\"filesize\":15693},\"large\":{\"file\":\"SHF_eb00109953_A07-224-724x1024.jpg\",\"width\":724,\"height\":1024,\"mime-type\":\"image\\\/jpeg\",\"filesize\":108991},\"thumbnail\":{\"file\":\"SHF_eb00109953_A07-224-150x150.jpg\",\"width\":150,\"height\":150,\"mime-type\":\"image\\\/jpeg\",\"filesize\":7439},\"medium_large\":{\"file\":\"SHF_eb00109953_A07-224-768x1086.jpg\",\"width\":768,\"height\":1086,\"mime-type\":\"image\\\/jpeg\",\"filesize\":119700},\"small\":{\"file\":\"SHF_eb00109953_A07-224-311x440.jpg\",\"width\":311,\"height\":440,\"mime-type\":\"image\\\/jpeg\",\"filesize\":28461},\"semi\":{\"file\":\"SHF_eb00109953_A07-224-410x580.jpg\",\"width\":410,\"height\":580,\"mime-type\":\"image\\\/jpeg\",\"filesize\":45001},\"mobile\":{\"file\":\"SHF_eb00109953_A07-224-509x720.jpg\",\"width\":509,\"height\":720,\"mime-type\":\"image\\\/jpeg\",\"filesize\":62748},\"original\":{\"file\":\"SHF_eb00109953_A07-224.jpg\",\"width\":905,\"height\":1280}},\n\t\t\t\t\"alt\" : \"Frau in rotem Blazer und gestreiftem Kleid vor kunstvoll bemalter Wand mit Mustern.\",\n\t\t\t\t\"path\" : \"\\\/wp-content\\\/uploads\\\/2022\\\/08\\\/\",\n\t\t\t\t\"video\" : null,\n\t\t\t\t\"autoplay\" : null,\n\t\t\t\t\"youtube\" : null,\n\t\t\t\t\"youtubelabel\" : \"Video abspielen\",\n\t\t\t\t\"brightness\" : 100,\n\t\t\t\t\"crop\" : {\"top\":\"42.42\",\"left\":\"53.87\"},\n\t\t\t\t\"background\" : true,\n\t\t\t\t\"scale\" : 2\t\t\t\t}\n\t\t\t<\/script>\n\n\t\t\t<div class=\"height-container\" style=\"padding-bottom:141.4364640884%;\" v-if=\"sizes\">\n\t\t\t\t\t\t\t\t<lazy-media :inline=\"true\" :alt=\"alt\" :sizes=\"sizes\" :scale=\"scale\" :brightness=\"brightness\" :path=\"path\" :video=\"video\" :autoplay=\"autoplay\" :youtube=\"youtube\" :crop=\"crop\" :youtubelabel=\"youtubelabel\" :background=\"background\" media-id=\"desc_media_69ef01d7a62c3\"><\/lazy-media>\n\t\t\t\t\t\t\t<\/div>\n\n\t\t\t\t\t\t\t<figcaption class=\"sr-only\" ref=\"body\" id=\"desc_media_69ef01d7a62c3\">\n\t\t\t\t\t\t\t\t\t\t\t<div>Mangko Akir Collection<\/div>\n\t\t\t\t\t\t\t\t\t\t\t\t\t\t\t\t\t\t\t\t\t<div class=\"insignificant\">\u00a9 Imchatsung Imchen<\/div>\n\t\t\t\t\t\t\t\t\t<\/figcaption>\n\t\t\t\t\t<\/figure>\n\t<\/lazy-media-inline>\n\t\t\t\t<\/div>\n\t\t\t<\/div>\n\t\t\t<div class=\"col-xs-12 teaser-event-text Infos\">\n\t\t\t\t<div class=\"teaser-event-standard-text\">\n\t\t\t\t\t<div class=\"margin-bottom-atom\">\n\t\t\t\t\t\t<div class=\"subline clamp-1\" v-html=\"maingenre\"><\/div>\n\t\t\t\t\t\t\t\t\t\t\t\t\t<div class=\"insignificant clamp-2\">Kolonialismus und Kolonialit\u00e4t<\/div>\n\t\t\t\t\t\t\t\t\t\t\t<\/div>\n\t\t\t\t\n\t\t\t\t\t<strong class=\"margin-bottom-atom\">Naganess<\/strong>\n\n\t\t\t\t\t\t\t\t\t\t\t<div class=\"\">Fremd- und Selbstbilder<\/div>\n\t\t\t\t\t\t\t\t\t<\/div>\n\t\t\t\t<div class=\"teaser-bottom border-bottom\">\n\t\t\t\t<calendardateline :rawitem='item' :show-icon=\"true\"><\/calendardateline>\n\t\t\t\t\t<hr>\n\t\t\t\t<\/div>\n\t\t\t<\/div>\n\t\t<\/div>\n\t<\/a>\n\t<\/calendarteaser>\n<\/li>\n\n<li class=\"col-xs-12 col-sm-6 col-md-4  teaser-wrapper col-padding-remove\">\n\t<calendarteaser key=\"529992764\" rawitem='{&quot;postId&quot;:52999,&quot;title&quot;:&quot;Naganess&quot;,&quot;excerpt&quot;:&quot;&quot;,&quot;slug&quot;:&quot;naganess-englisch&quot;,&quot;post_date&quot;:&quot;2022-09-14T10:06&quot;,&quot;type&quot;:&quot;event&quot;,&quot;permalink&quot;:&quot;https:\\\/\\\/www.humboldtforum.org\\\/de\\\/programm\\\/termin\\\/fuehrung\\\/naganess-englisch-52999\\\/&quot;,&quot;genre&quot;:[821],&quot;genre_details&quot;:[{&quot;text&quot;:&quot;F\\u00fchrung&quot;,&quot;id&quot;:821,&quot;icon&quot;:null,&quot;parent&quot;:0}],&quot;topic&quot;:[782],&quot;topic_details&quot;:[{&quot;text&quot;:&quot;Kolonialismus und Kolonialit\\u00e4t&quot;,&quot;id&quot;:782,&quot;icon&quot;:null,&quot;parent&quot;:0}],&quot;stakeholder&quot;:[530,382],&quot;stakeholder_details&quot;:[{&quot;text&quot;:&quot;Staatliche Museen zu Berlin&quot;,&quot;id&quot;:530,&quot;icon&quot;:null,&quot;parent&quot;:0},{&quot;text&quot;:&quot;Stiftung Humboldt Forum im Berliner Schloss&quot;,&quot;id&quot;:382,&quot;icon&quot;:null,&quot;parent&quot;:0}],&quot;targetgroup&quot;:[383],&quot;targetgroup_details&quot;:[{&quot;text&quot;:&quot;Erwachsene&quot;,&quot;id&quot;:383,&quot;icon&quot;:null,&quot;parent&quot;:0}],&quot;language&quot;:[384,385],&quot;language_details&quot;:[{&quot;text&quot;:&quot;Deutsch&quot;,&quot;id&quot;:384,&quot;icon&quot;:null,&quot;parent&quot;:0},{&quot;text&quot;:&quot;Englisch&quot;,&quot;id&quot;:385,&quot;icon&quot;:null,&quot;parent&quot;:0}],&quot;age&quot;:[1321],&quot;age_details&quot;:[{&quot;text&quot;:&quot;ab 16 Jahre&quot;,&quot;id&quot;:1321,&quot;icon&quot;:null,&quot;parent&quot;:0}],&quot;groupsize&quot;:[1047],&quot;groupsize_details&quot;:[{&quot;text&quot;:&quot;max. 20 Personen&quot;,&quot;id&quot;:1047,&quot;icon&quot;:null,&quot;parent&quot;:0}],&quot;place&quot;:[532],&quot;place_details&quot;:{&quot;place&quot;:&quot;Humboldt Forum&quot;,&quot;map&quot;:&quot;Humboldt Forum, Schlossplatz, Berlin&quot;,&quot;room&quot;:&quot;3. OG&quot;},&quot;icon_overwrite&quot;:&quot;&quot;,&quot;acf&quot;:{&quot;noindex&quot;:false,&quot;keywords&quot;:&quot;&quot;,&quot;hashtag&quot;:&quot;HumboldtForum&quot;,&quot;shorturl&quot;:&quot;&quot;,&quot;belongsto&quot;:false,&quot;planning&quot;:{&quot;price&quot;:&quot;9 EUR zzgl. Eintritt&quot;,&quot;admission&quot;:&quot;&quot;,&quot;pause&quot;:&quot;&quot;,&quot;duration&quot;:&quot;&quot;},&quot;subline&quot;:&quot;Fremd- und Selbstbilder&quot;,&quot;additional_info&quot;:{&quot;icon&quot;:&quot;0&quot;,&quot;text&quot;:&quot;&quot;},&quot;highlight_header&quot;:false,&quot;featured_images&quot;:[48231],&quot;use_video_in_teasers&quot;:false,&quot;hyphenation&quot;:true,&quot;tipp&quot;:false,&quot;joker&quot;:true,&quot;live&quot;:false,&quot;hide_event_in_program&quot;:false,&quot;times&quot;:[],&quot;alert_text&quot;:&quot;EN&quot;,&quot;gomus_id&quot;:&quot;&quot;,&quot;hm_id&quot;:&quot;&quot;},&quot;date&quot;:{&quot;NX&quot;:null,&quot;NXX&quot;:null,&quot;NLAST&quot;:&quot;202603081100&quot;,&quot;from_DATE&quot;:&quot;20260208 13:00&quot;,&quot;from&quot;:1770548400,&quot;to&quot;:1772967600,&quot;to_DATE&quot;:&quot;20260308 13:00&quot;,&quot;from_HRFSHORT&quot;:&quot; 8. Feb 2026&quot;,&quot;from_HRFSHORT_WD&quot;:&quot;So 08.02.2026&quot;,&quot;to_HRFSHORT&quot;:&quot; 8. M\\u00e4r 2026&quot;,&quot;to_HRFSHORT_WD&quot;:&quot;So 08.03.2026&quot;,&quot;from_HRF&quot;:&quot;So,  8. Februar 2026&quot;,&quot;to_HRF&quot;:&quot;So,  8. M\\u00e4rz 2026&quot;,&quot;from_to_HRF&quot;:&quot;So,  8. Februar \\u2013 So,  8. M\\u00e4rz 2026&quot;,&quot;from_to_HRFSHORT&quot;:&quot; 8. Feb \\u2013  8. M\\u00e4r 2026&quot;},&quot;alert&quot;:&quot;EN&quot;,&quot;partof&quot;:[],&quot;marketing_topic&quot;:{&quot;title&quot;:&quot;Kolonialismus und Kolonialit\\u00e4t&quot;,&quot;0&quot;:&quot;topic&quot;}}' inline-template>\n\t<a href=\"https:\/\/www.humboldtforum.org\/de\/programm\/termin\/fuehrung\/naganess-englisch-52999\/\" class=\"teaser teaser-event teaser-event-standard\">\n\t\t<div class=\"row\">\n\t\t\t<div class=\"col-xs-12 teaser-event-image\">\n\t\t\t\t<div class=\"teaser-image teaser-image-no-alternate\">\n\t\t\t\t\t\t\t\t\t\t\t\t\t<span class=\"alert\">EN<\/span>\n\t\t\t\t\t\t\t\t\t\t\t\n\t<lazy-media-inline inline-template>\n\t\t<figure itemscope itemtype=\"http:\/\/schema.org\/ImageObject\" class=\"lazy-media-inline \" role=\"group\" id=\"media_69ef01d7a6d1a\" aria-labelledby=\"desc_media_69ef01d7a6d1a\">\n\t\t\t<script type=\"application\/json\" ref=\"data\">\n\t\t\t\t{\n\t\t\t\t\"sizes\" : {\"medium\":{\"file\":\"SHF_eb00109953_A07-224-212x300.jpg\",\"width\":212,\"height\":300,\"mime-type\":\"image\\\/jpeg\",\"filesize\":15693},\"large\":{\"file\":\"SHF_eb00109953_A07-224-724x1024.jpg\",\"width\":724,\"height\":1024,\"mime-type\":\"image\\\/jpeg\",\"filesize\":108991},\"thumbnail\":{\"file\":\"SHF_eb00109953_A07-224-150x150.jpg\",\"width\":150,\"height\":150,\"mime-type\":\"image\\\/jpeg\",\"filesize\":7439},\"medium_large\":{\"file\":\"SHF_eb00109953_A07-224-768x1086.jpg\",\"width\":768,\"height\":1086,\"mime-type\":\"image\\\/jpeg\",\"filesize\":119700},\"small\":{\"file\":\"SHF_eb00109953_A07-224-311x440.jpg\",\"width\":311,\"height\":440,\"mime-type\":\"image\\\/jpeg\",\"filesize\":28461},\"semi\":{\"file\":\"SHF_eb00109953_A07-224-410x580.jpg\",\"width\":410,\"height\":580,\"mime-type\":\"image\\\/jpeg\",\"filesize\":45001},\"mobile\":{\"file\":\"SHF_eb00109953_A07-224-509x720.jpg\",\"width\":509,\"height\":720,\"mime-type\":\"image\\\/jpeg\",\"filesize\":62748},\"original\":{\"file\":\"SHF_eb00109953_A07-224.jpg\",\"width\":905,\"height\":1280}},\n\t\t\t\t\"alt\" : \"Frau in rotem Blazer und gestreiftem Kleid vor kunstvoll bemalter Wand mit Mustern.\",\n\t\t\t\t\"path\" : \"\\\/wp-content\\\/uploads\\\/2022\\\/08\\\/\",\n\t\t\t\t\"video\" : null,\n\t\t\t\t\"autoplay\" : null,\n\t\t\t\t\"youtube\" : null,\n\t\t\t\t\"youtubelabel\" : \"Video abspielen\",\n\t\t\t\t\"brightness\" : 100,\n\t\t\t\t\"crop\" : {\"top\":\"42.42\",\"left\":\"53.87\"},\n\t\t\t\t\"background\" : true,\n\t\t\t\t\"scale\" : 2\t\t\t\t}\n\t\t\t<\/script>\n\n\t\t\t<div class=\"height-container\" style=\"padding-bottom:141.4364640884%;\" v-if=\"sizes\">\n\t\t\t\t\t\t\t\t<lazy-media :inline=\"true\" :alt=\"alt\" :sizes=\"sizes\" :scale=\"scale\" :brightness=\"brightness\" :path=\"path\" :video=\"video\" :autoplay=\"autoplay\" :youtube=\"youtube\" :crop=\"crop\" :youtubelabel=\"youtubelabel\" :background=\"background\" media-id=\"desc_media_69ef01d7a6d1a\"><\/lazy-media>\n\t\t\t\t\t\t\t<\/div>\n\n\t\t\t\t\t\t\t<figcaption class=\"sr-only\" ref=\"body\" id=\"desc_media_69ef01d7a6d1a\">\n\t\t\t\t\t\t\t\t\t\t\t<div>Mangko Akir Collection<\/div>\n\t\t\t\t\t\t\t\t\t\t\t\t\t\t\t\t\t\t\t\t\t<div class=\"insignificant\">\u00a9 Imchatsung Imchen<\/div>\n\t\t\t\t\t\t\t\t\t<\/figcaption>\n\t\t\t\t\t<\/figure>\n\t<\/lazy-media-inline>\n\t\t\t\t<\/div>\n\t\t\t<\/div>\n\t\t\t<div class=\"col-xs-12 teaser-event-text Infos\">\n\t\t\t\t<div class=\"teaser-event-standard-text\">\n\t\t\t\t\t<div class=\"margin-bottom-atom\">\n\t\t\t\t\t\t<div class=\"subline clamp-1\" v-html=\"maingenre\"><\/div>\n\t\t\t\t\t\t\t\t\t\t\t\t\t<div class=\"insignificant clamp-2\">Kolonialismus und Kolonialit\u00e4t<\/div>\n\t\t\t\t\t\t\t\t\t\t\t<\/div>\n\t\t\t\t\n\t\t\t\t\t<strong class=\"margin-bottom-atom\">Naganess<\/strong>\n\n\t\t\t\t\t\t\t\t\t\t\t<div class=\"\">Fremd- und Selbstbilder<\/div>\n\t\t\t\t\t\t\t\t\t<\/div>\n\t\t\t\t<div class=\"teaser-bottom border-bottom\">\n\t\t\t\t<calendardateline :rawitem='item' :show-icon=\"true\"><\/calendardateline>\n\t\t\t\t\t<hr>\n\t\t\t\t<\/div>\n\t\t\t<\/div>\n\t\t<\/div>\n\t<\/a>\n\t<\/calendarteaser>\n<\/li>\n\n<\/ul>\n\t\t\t<\/div>\n\t\t\t\t<\/lazy-component>\n<\/section>\n\n","protected":false},"template":"","genre":[391],"digital":[],"topic":[782],"stakeholder":[530,382],"editorial":[],"editorialfilter":[],"targetgroup":[383],"language":[],"accessability":[],"age":[],"school":[],"groupsize":[],"place":[],"class_list":["post-46447","event-permanent","type-event-permanent","status-publish","has-post-thumbnail","hentry","genre-ausstellung","topic-kolonialismus-und-kolonialitat","stakeholder-staatliche-museen-zu-berlin","stakeholder-stiftung-humboldt-forum-im-berliner-schloss","targetgroup-erwachsene"],"acf":[],"_links":{"self":[{"href":"https:\/\/www.humboldtforum.org\/de\/wp-json\/wp\/v2\/event-permanent\/46447","targetHints":{"allow":["GET"]}}],"collection":[{"href":"https:\/\/www.humboldtforum.org\/de\/wp-json\/wp\/v2\/event-permanent"}],"about":[{"href":"https:\/\/www.humboldtforum.org\/de\/wp-json\/wp\/v2\/types\/event-permanent"}],"version-history":[{"count":12,"href":"https:\/\/www.humboldtforum.org\/de\/wp-json\/wp\/v2\/event-permanent\/46447\/revisions"}],"predecessor-version":[{"id":160154,"href":"https:\/\/www.humboldtforum.org\/de\/wp-json\/wp\/v2\/event-permanent\/46447\/revisions\/160154"}],"wp:featuredmedia":[{"embeddable":true,"href":"https:\/\/www.humboldtforum.org\/de\/wp-json\/wp\/v2\/media\/46450"}],"wp:attachment":[{"href":"https:\/\/www.humboldtforum.org\/de\/wp-json\/wp\/v2\/media?parent=46447"}],"wp:term":[{"taxonomy":"genre","embeddable":true,"href":"https:\/\/www.humboldtforum.org\/de\/wp-json\/wp\/v2\/genre?post=46447"},{"taxonomy":"digital","embeddable":true,"href":"https:\/\/www.humboldtforum.org\/de\/wp-json\/wp\/v2\/digital?post=46447"},{"taxonomy":"topic","embeddable":true,"href":"https:\/\/www.humboldtforum.org\/de\/wp-json\/wp\/v2\/topic?post=46447"},{"taxonomy":"stakeholder","embeddable":true,"href":"https:\/\/www.humboldtforum.org\/de\/wp-json\/wp\/v2\/stakeholder?post=46447"},{"taxonomy":"editorial","embeddable":true,"href":"https:\/\/www.humboldtforum.org\/de\/wp-json\/wp\/v2\/editorial?post=46447"},{"taxonomy":"editorialfilter","embeddable":true,"href":"https:\/\/www.humboldtforum.org\/de\/wp-json\/wp\/v2\/editorialfilter?post=46447"},{"taxonomy":"targetgroup","embeddable":true,"href":"https:\/\/www.humboldtforum.org\/de\/wp-json\/wp\/v2\/targetgroup?post=46447"},{"taxonomy":"language","embeddable":true,"href":"https:\/\/www.humboldtforum.org\/de\/wp-json\/wp\/v2\/language?post=46447"},{"taxonomy":"accessability","embeddable":true,"href":"https:\/\/www.humboldtforum.org\/de\/wp-json\/wp\/v2\/accessability?post=46447"},{"taxonomy":"age","embeddable":true,"href":"https:\/\/www.humboldtforum.org\/de\/wp-json\/wp\/v2\/age?post=46447"},{"taxonomy":"school","embeddable":true,"href":"https:\/\/www.humboldtforum.org\/de\/wp-json\/wp\/v2\/school?post=46447"},{"taxonomy":"groupsize","embeddable":true,"href":"https:\/\/www.humboldtforum.org\/de\/wp-json\/wp\/v2\/groupsize?post=46447"},{"taxonomy":"place","embeddable":true,"href":"https:\/\/www.humboldtforum.org\/de\/wp-json\/wp\/v2\/place?post=46447"}],"curies":[{"name":"wp","href":"https:\/\/api.w.org\/{rel}","templated":true}]}}