{"id":46522,"date":"2022-07-26T13:04:16","date_gmt":"2022-07-26T11:04:16","guid":{"rendered":"https:\/\/www.humboldtforum.org\/?post_type=event-permanent&#038;p=46522"},"modified":"2024-01-16T16:33:19","modified_gmt":"2024-01-16T15:33:19","slug":"ahnen-goettinnen-und-helden","status":"publish","type":"event-permanent","link":"https:\/\/www.humboldtforum.org\/de\/programm\/dauerangebot\/ausstellung\/ahnen-goettinnen-und-helden-46522\/","title":{"rendered":"Ahnen, G\u00f6ttinnen und Helden\u00a0"},"content":{"rendered":"<section class=\"block block-copy\" >\n    <div class=\"container-fluid\">\n\t\t<div class=\"row \">\n            <div class=\"col-xs-12 col-md-offset-2 col-md-8\">\n                <div class=\"box\">\n                    <div class=\"copy\"><p>Seit jeher schufen Menschen Objekte, denen sie \u00fcbermenschliche Kr\u00e4fte zuschrieben.\u00a0Darstellungen von\u00a0<span class=\"inline-comment-marker valid\" data-ref=\"a2cb999f-a12e-4a94-9517-503f90314241\">Ahnen<\/span>, G\u00f6ttinnen und Helden halfen dabei, pers\u00f6nliche oder kollektive Krisen zu meistern. \u00dcber Jahrtausende und Kontinente hinweg entstand so eine gestalterische Vielfalt, die bis heute fasziniert.<\/p>\n<p>Doch k\u00f6nnen die Kr\u00e4fte einer Figur im Ausstellungsraum fortbestehen \u2013 losgel\u00f6st\u00a0von\u00a0ihren kulturellen, religi\u00f6sen und politischen Kontexten? Welche Werte und Tugenden spiegeln sie? Und was verbindet alle Objekte miteinander?<\/p>\n<p>Die Ausstellung geht diesen Fragen nach und thematisiert auch die Definitionsmacht von Museen. Ausgangspunkt sind die Sammlungen aus dem Ethnologischen Museum und der Skulpturensammlung sowie des Museums f\u00fcr Byzantinische Kunst der Staatlichen Museen zu Berlin. Anhand von 45 ausgew\u00e4hlten Objekten\u00a0aus dem 4.\u00a0bis zum 19. Jahrhundert zeigt die Pr\u00e4sentation,\u00a0dass\u00a0museale Ordnungssysteme und Inszenierungen ma\u00dfgeblich dazu beitragen, wie die Werke wahrgenommen und bewertet werden.<\/p>\n<p>W\u00e4hrend die einen Objekte zu Kunstwerken erhoben wurden, galten andere in dieser Ausstellung gezeigte Werke eher als rituelle Objekte. Koloniale Denkmuster waren daf\u00fcr verantwortlich, die Kulturen zu hierarchisieren, und museale Ordnungssysteme sorgten f\u00fcr starre Klassifizierungen. Solche Einordnungen verstellten den Blick auf kulturelle Zusammenh\u00e4nge und Hintergr\u00fcnde.<\/p>\n<p>Die Ausstellung versucht diese Ordnungen\u00a0<span class=\"inline-comment-marker valid\" data-ref=\"a75b9a0b-bf16-46a2-b4d6-ff56c982e191\">aufzubrechen<\/span>, die Gemeinsamkeiten hervorzuheben und den urspr\u00fcnglichen Bedeutungskontexten auf den Grund zu gehen. Die Gewalt kolonialer Aneignungen spiegelt sich in den bis heute l\u00fcckenhaften Provenienzen einiger Werke\u00a0\u2013\u00a0diese Leerstellen sollen in der Pr\u00e4sentation sichtbar gemacht werden.<\/p>\n<p>&nbsp;<\/p>\n<\/div>\n                <\/div>\n            <\/div>\n\t\t<\/div>\n\t\t    <\/div>\n<\/section>\n\n<section class=\"block block-media\">\n\t\t<div class=\"container-fluid\">\n\t\t<div class=\"row\">\n\t\t\t<div class=\"col-xs-10 col-md-6 col-xs-offset-1 col-md-offset-3\">\n\t\t\t\t<h5>Ahnen, G\u00f6ttinnen und Helden<\/h5>\n\t\t\t<\/div>\n\t\t<\/div>\n\t<\/div>\n\t\t<div class=\"container-fluid\">\n\t\t<div class=\"row\">\n\t\t\t<div class=\"col-xs-10 col-md-6 col-xs-offset-1 col-md-offset-3\">\n\t\t\t\n\t<lazy-media-inline inline-template>\n\t\t<figure itemscope itemtype=\"http:\/\/schema.org\/ImageObject\" class=\"lazy-media-inline \" role=\"group\" id=\"media_69f25a805ddb0\" aria-labelledby=\"desc_media_69f25a805ddb0\">\n\t\t\t<script type=\"application\/json\" ref=\"data\">\n\t\t\t\t{\n\t\t\t\t\"sizes\" : {\"medium\":{\"file\":\"SHF_eb00106847-1-234x300.jpg\",\"width\":234,\"height\":300,\"mime-type\":\"image\\\/jpeg\",\"filesize\":10001},\"large\":{\"file\":\"SHF_eb00106847-1-800x1024.jpg\",\"width\":800,\"height\":1024,\"mime-type\":\"image\\\/jpeg\",\"filesize\":65488},\"thumbnail\":{\"file\":\"SHF_eb00106847-1-150x150.jpg\",\"width\":150,\"height\":150,\"mime-type\":\"image\\\/jpeg\",\"filesize\":4174},\"medium_large\":{\"file\":\"SHF_eb00106847-1-768x983.jpg\",\"width\":768,\"height\":983,\"mime-type\":\"image\\\/jpeg\",\"filesize\":61667},\"small\":{\"file\":\"SHF_eb00106847-1-344x440.jpg\",\"width\":344,\"height\":440,\"mime-type\":\"image\\\/jpeg\",\"filesize\":17903},\"semi\":{\"file\":\"SHF_eb00106847-1-453x580.jpg\",\"width\":453,\"height\":580,\"mime-type\":\"image\\\/jpeg\",\"filesize\":27405},\"mobile\":{\"file\":\"SHF_eb00106847-1-563x720.jpg\",\"width\":563,\"height\":720,\"mime-type\":\"image\\\/jpeg\",\"filesize\":38497},\"original\":{\"file\":\"SHF_eb00106847-1.jpg\",\"width\":1000,\"height\":1280}},\n\t\t\t\t\"alt\" : \"Skulptur einer elegant gekleideten Frau mit entspanntem Ausdruck, auf einem kunstvollen Sockel.\",\n\t\t\t\t\"path\" : \"\\\/wp-content\\\/uploads\\\/2022\\\/07\\\/\",\n\t\t\t\t\"video\" : null,\n\t\t\t\t\"autoplay\" : null,\n\t\t\t\t\"youtube\" : \"https:\\\/\\\/youtube.com\\\/watch?v=OoOq_rDpEY8\",\n\t\t\t\t\"youtubelabel\" : \"Video abspielen\",\n\t\t\t\t\"brightness\" : \"70\",\n\t\t\t\t\"crop\" : {\"top\":\"9.62\",\"left\":\"50.00\"},\n\t\t\t\t\"background\" : true,\n\t\t\t\t\"scale\" : 2\t\t\t\t}\n\t\t\t<\/script>\n\n\t\t\t<div class=\"height-container\" style=\"padding-bottom:128%;\" v-if=\"sizes\">\n\t\t\t\t\t\t\t\t<lazy-media :inline=\"true\" :alt=\"alt\" :sizes=\"sizes\" :scale=\"scale\" :brightness=\"brightness\" :path=\"path\" :video=\"video\" :autoplay=\"autoplay\" :youtube=\"youtube\" :crop=\"crop\" :youtubelabel=\"youtubelabel\" :background=\"background\" media-id=\"desc_media_69f25a805ddb0\"><\/lazy-media>\n\t\t\t\t\t\t\t<\/div>\n\n\t\t\t\t\t\t\t<figcaption class=\"\" id=\"desc_media_69f25a805ddb0\">\n\t\t\t\t\t<div class=\"lazy-media-info-body-content\">\n\t\t\t\t\t\t\t\t\t\t\t\t\t<div>Maria auf der Weltkugel (Immaculata Conceptio)<\/div>\n\t\t\t\t\t\t\t\t\t\t\t\t\t\t\t\t\t\t\t<div>Urheber nicht dokumentiert, Pfarrkirche in Gerolsheim, (Deutschland), Mitte 18. Jh., Lindenholz\nStaatliche Museen zu Berlin, Skulpturensammlung und Museum f&uuml;r Byzantinische Kunst, Inv.-Nr. 5561 <\/div>\n\t\t\t\t\t\t\t\t\t\t\t\t\t\t\t\t\t\t\t<div class=\"insignificant\">\u00a9 Staatliche Museen zu Berlin, Skulpturensammlung und Museum f\u00fcr Byzantinische Kunst, digitale Reproduktion: Antje Voigt<\/div>\n\t\t\t\t\t\t\t\t\t\t\t<\/div>\n\t\t\t\t<\/figcaption>\n\t\t\t\t\t\t\t\t\t<\/figure>\n\t<\/lazy-media-inline>\n\t\t\t<\/div>\n\t\t<\/div>\n\t<\/div>\n<\/section>\n\n<section class=\"block block-teaser col-1 \" style=\"\">\n\t<lazy-component :fixed-min-height=\"400\">\n\t\n\t\t\t\t\t<div class=\"container-fluid\">\n\t\t\t\t<div class=\"row bottom-xs\">\n\t\t\t\t\t<div class=\"col-xs-12 col-sm-10 col-md-8 col-sm-offset-1 col-md-offset-2\">\n\t\t\t\t\t\t<h4>Ausstellungskatalog &#038; Programm<\/h4>\t\t\t\t\t\t\t\t\t\t\t\t\t\t\t\t\t\t\t<\/div>\n\t\t\t\t\t<div class=\"col-xs-12 col-sm-10 col-md-8 col-sm-offset-1 col-md-offset-2 start-xs end-md margin-bottom-sixth\">\n\t\t\t\t\t\t\t\t\t\t\t<\/div>\n\t\t\t\t<\/div>\n\t\t\t\t<ul class=\"row\">\n\t\t\t\n<li class=\"col-xs-12 teaser-wrapper col-padding-remove\">\n\t<calendarteaser key=\"7210611666\" rawitem='{&quot;postId&quot;:72106,&quot;title&quot;:&quot;Ahnen, G\\u00f6ttinnen und Helden. Skulpturen aus Asien, Afrika und Europa&quot;,&quot;excerpt&quot;:&quot;&quot;,&quot;slug&quot;:&quot;ahnen-goettinnen-und-helden-skulpturen-aus-asien-afrika-und-europa&quot;,&quot;post_date&quot;:&quot;2023-02-16T14:14&quot;,&quot;type&quot;:&quot;event-publication&quot;,&quot;permalink&quot;:&quot;https:\\\/\\\/www.humboldtforum.org\\\/de\\\/programm\\\/publikation\\\/publikation\\\/ahnen-goettinnen-und-helden-skulpturen-aus-asien-afrika-und-europa-72106\\\/&quot;,&quot;genre&quot;:[739],&quot;genre_details&quot;:[{&quot;text&quot;:&quot;Publikation&quot;,&quot;id&quot;:739,&quot;icon&quot;:null,&quot;parent&quot;:0}],&quot;stakeholder&quot;:[382],&quot;stakeholder_details&quot;:[{&quot;text&quot;:&quot;Stiftung Humboldt Forum im Berliner Schloss&quot;,&quot;id&quot;:382,&quot;icon&quot;:null,&quot;parent&quot;:0}],&quot;language&quot;:[384],&quot;language_details&quot;:[{&quot;text&quot;:&quot;Deutsch&quot;,&quot;id&quot;:384,&quot;icon&quot;:null,&quot;parent&quot;:0}],&quot;icon_overwrite&quot;:&quot;&quot;,&quot;acf&quot;:{&quot;noindex&quot;:false,&quot;keywords&quot;:&quot;&quot;,&quot;belongsto&quot;:false,&quot;shorturl&quot;:&quot;&quot;,&quot;planning&quot;:{&quot;price&quot;:&quot;22.- Euro&quot;,&quot;status&quot;:&quot;CTA&quot;,&quot;info&quot;:&quot;Buch kaufen&quot;,&quot;shop&quot;:&quot;https:\\\/\\\/shop.humboldtforum.org\\\/products\\\/buch-ahnen-gottinnen-und-helden-de&quot;,&quot;can_purchase&quot;:false},&quot;subline&quot;:&quot;Herausgegeben von der Stiftung Humboldt Forum im Berliner Schloss&quot;,&quot;additional_info&quot;:{&quot;icon&quot;:&quot;0&quot;,&quot;text&quot;:&quot;&quot;},&quot;highlight_header&quot;:false,&quot;use_video_in_teasers&quot;:false,&quot;hyphenation&quot;:true,&quot;tipp&quot;:false,&quot;joker&quot;:false,&quot;live&quot;:false,&quot;hide_event_in_program&quot;:false,&quot;featured_images&quot;:[72292],&quot;infotext&quot;:&quot;Deutscher Kunstverlag, 2023&quot;,&quot;announcement&quot;:&quot;DE | 22,00 EUR&quot;},&quot;date&quot;:[],&quot;alert&quot;:null,&quot;partof&quot;:[],&quot;marketing_topic&quot;:&quot;&quot;}' inline-template>\n\t<a href=\"https:\/\/www.humboldtforum.org\/de\/programm\/publikation\/publikation\/ahnen-goettinnen-und-helden-skulpturen-aus-asien-afrika-und-europa-72106\/\" class=\"teaser teaser-event-publication teaser-event-standard\">\n\t\t<div class=\"row\">\n\t\t\t<div class=\"col-xs-12 col-sm-6 col-md-5 col-sm-offset-1 col-md-offset-2 first-sm teaser-event-text Infos\">\n\t\t\t\t<div class=\"teaser-event-standard-text\">\n\t\t\t\t\t<div class=\"margin-bottom-atom\">\n\t\t\t\t\t\t<div class=\"subline clamp-1\" v-html=\"maingenre\"><\/div>\n\t\t\t\t\t\t\t\t\t\t\t<\/div>\n\t\t\t\t\n\t\t\t\t\t<strong class=\"margin-bottom-atom h5\">Ahnen, G\u00f6ttinnen und Helden. Skulpturen aus Asien, Afrika und Europa<\/strong>\n\n\t\t\t\t\t\t\t\t\t\t\t<div class=\"\">Herausgegeben von der Stiftung Humboldt Forum im Berliner Schloss<\/div>\n\t\t\t\t\t\t\t\t\t<\/div>\n\t\t\t\t<div class=\"teaser-bottom border-bottom\">\n\t\t\t\t<calendardateline :rawitem='item' :show-icon=\"true\"><\/calendardateline>\n\t\t\t\t\t<hr>\n\t\t\t\t<\/div>\n\t\t\t<\/div>\n\t\t\t<div class=\"col-xs-12 col-sm-4 col-md-3 teaser-event-image bottom-xs first-xs\">\n\t\t\t\t<div class=\"teaser-image teaser-image-no-alternate\">\n\t\t\t\t\t\t\t\t\t\t\t\n\t<lazy-media-inline inline-template>\n\t\t<figure itemscope itemtype=\"http:\/\/schema.org\/ImageObject\" class=\"lazy-media-inline \" role=\"group\" id=\"media_69f25a806de52\" aria-labelledby=\"desc_media_69f25a806de52\">\n\t\t\t<script type=\"application\/json\" ref=\"data\">\n\t\t\t\t{\n\t\t\t\t\"sizes\" : {\"medium\":{\"file\":\"ahninnen2000b-300x182.jpg\",\"width\":300,\"height\":182,\"mime-type\":\"image\\\/jpeg\",\"filesize\":5460},\"large\":{\"file\":\"ahninnen2000b-1024x620.jpg\",\"width\":1024,\"height\":620,\"mime-type\":\"image\\\/jpeg\",\"filesize\":40144},\"thumbnail\":{\"file\":\"ahninnen2000b-150x150.jpg\",\"width\":150,\"height\":150,\"mime-type\":\"image\\\/jpeg\",\"filesize\":3914},\"medium_large\":{\"file\":\"ahninnen2000b-768x465.jpg\",\"width\":768,\"height\":465,\"mime-type\":\"image\\\/jpeg\",\"filesize\":24727},\"small\":{\"file\":\"ahninnen2000b-440x267.jpg\",\"width\":440,\"height\":267,\"mime-type\":\"image\\\/jpeg\",\"filesize\":9548},\"semi\":{\"file\":\"ahninnen2000b-580x351.jpg\",\"width\":580,\"height\":351,\"mime-type\":\"image\\\/jpeg\",\"filesize\":15175},\"mobile\":{\"file\":\"ahninnen2000b-720x436.jpg\",\"width\":720,\"height\":436,\"mime-type\":\"image\\\/jpeg\",\"filesize\":21926},\"hd\":{\"file\":\"ahninnen2000b-1280x775.jpg\",\"width\":1280,\"height\":775,\"mime-type\":\"image\\\/jpeg\",\"filesize\":59517},\"1536x1536\":{\"file\":\"ahninnen2000b-1536x930.jpg\",\"width\":1536,\"height\":930,\"mime-type\":\"image\\\/jpeg\",\"filesize\":80739},\"original\":{\"file\":\"ahninnen2000b.jpg\",\"width\":1547,\"height\":937}},\n\t\t\t\t\"alt\" : \"Buchcover \\\"Ahnen, G\\u00f6ttinnen und Helden\\\" mit unterschiedlichen Skulpturen.\",\n\t\t\t\t\"path\" : \"\\\/wp-content\\\/uploads\\\/2023\\\/02\\\/\",\n\t\t\t\t\"video\" : null,\n\t\t\t\t\"autoplay\" : null,\n\t\t\t\t\"youtube\" : null,\n\t\t\t\t\"youtubelabel\" : \"Video abspielen\",\n\t\t\t\t\"brightness\" : 100,\n\t\t\t\t\"crop\" : null,\n\t\t\t\t\"background\" : true,\n\t\t\t\t\"scale\" : 1\t\t\t\t}\n\t\t\t<\/script>\n\n\t\t\t<div class=\"height-container\" style=\"padding-bottom:60.568842921784%;\" v-if=\"sizes\">\n\t\t\t\t\t\t\t\t<lazy-media :inline=\"true\" :alt=\"alt\" :sizes=\"sizes\" :scale=\"scale\" :brightness=\"brightness\" :path=\"path\" :video=\"video\" :autoplay=\"autoplay\" :youtube=\"youtube\" :crop=\"crop\" :youtubelabel=\"youtubelabel\" :background=\"background\" media-id=\"desc_media_69f25a806de52\"><\/lazy-media>\n\t\t\t\t\t\t\t<\/div>\n\n\t\t\t\t\t\t\t<figcaption class=\"sr-only\" ref=\"body\" id=\"desc_media_69f25a806de52\">\n\t\t\t\t\t\t\t\t\t\t\t\t\t\t\t\t\t\t\t\t\t<div class=\"insignificant\">\u00a9 Stiftung Humboldt Forum im Berliner Schloss<\/div>\n\t\t\t\t\t\t\t\t\t<\/figcaption>\n\t\t\t\t\t<\/figure>\n\t<\/lazy-media-inline>\n\t\t\t\t<\/div>\n\t\t\t<\/div>\n\t\t<\/div>\n\t<\/a>\n\t<\/calendarteaser>\n<\/li>\n\n\t\t\t\t<\/ul>\n\t\t\t<\/div>\n\t\t\t\t<\/lazy-component>\n<\/section>\n\n\n\n<section class=\"block block-CTA block-CTA-long leftgradient\">\n\t<div class=\"container-fluid\">\n\t\t<div class=\"row center-xs\">\n\t\t\t<div class=\"col-xs-12\">\n\t\t\t\t<div class=\"box\">\n\t\t\t\t\t<a href=\"https:\/\/www.humboldtforum.org\/de\/newsletter-2\/\" aria-label=\"Bleiben Sie auf dem Laufenden!\" class=\"teaser teaser-cta-wide \">\n\t\t\t\t\t\t<div class=\"teaser-image\">\n\t\t\t\t\t\t\t\n\t<lazy-media-inline inline-template>\n\t\t<figure itemscope itemtype=\"http:\/\/schema.org\/ImageObject\" class=\"lazy-media-inline \" role=\"group\" id=\"media_69f25a806fb90\" aria-labelledby=\"desc_media_69f25a806fb90\">\n\t\t\t<script type=\"application\/json\" ref=\"data\">\n\t\t\t\t{\n\t\t\t\t\"sizes\" : {\"medium\":{\"file\":\"HF_eb00061823-scaled-300x200.jpg\",\"width\":300,\"height\":200,\"mime-type\":\"image\\\/jpeg\",\"filesize\":19186},\"large\":{\"file\":\"HF_eb00061823-scaled-1024x683.jpg\",\"width\":1024,\"height\":683,\"mime-type\":\"image\\\/jpeg\",\"filesize\":138597},\"thumbnail\":{\"file\":\"HF_eb00061823-scaled-150x150.jpg\",\"width\":150,\"height\":150,\"mime-type\":\"image\\\/jpeg\",\"filesize\":8513},\"medium_large\":{\"file\":\"HF_eb00061823-scaled-768x512.jpg\",\"width\":768,\"height\":512,\"mime-type\":\"image\\\/jpeg\",\"filesize\":86200},\"small\":{\"file\":\"HF_eb00061823-scaled-440x293.jpg\",\"width\":440,\"height\":293,\"mime-type\":\"image\\\/jpeg\",\"filesize\":35525},\"semi\":{\"file\":\"HF_eb00061823-scaled-580x387.jpg\",\"width\":580,\"height\":387,\"mime-type\":\"image\\\/jpeg\",\"filesize\":55724},\"mobile\":{\"file\":\"HF_eb00061823-scaled-720x480.jpg\",\"width\":720,\"height\":480,\"mime-type\":\"image\\\/jpeg\",\"filesize\":77971},\"hd\":{\"file\":\"HF_eb00061823-scaled-1280x854.jpg\",\"width\":1280,\"height\":854,\"mime-type\":\"image\\\/jpeg\",\"filesize\":202477},\"full\":{\"file\":\"HF_eb00061823-scaled-1920x1280.jpg\",\"width\":1920,\"height\":1280,\"mime-type\":\"image\\\/jpeg\",\"filesize\":386736},\"1536x1536\":{\"file\":\"HF_eb00061823-scaled-1536x1024.jpg\",\"width\":1536,\"height\":1024,\"mime-type\":\"image\\\/jpeg\",\"filesize\":266197},\"2048x2048\":{\"file\":\"HF_eb00061823-scaled-2048x1366.jpg\",\"width\":2048,\"height\":1366,\"mime-type\":\"image\\\/jpeg\",\"filesize\":430206},\"original\":{\"file\":\"HF_eb00061823-scaled.jpg\",\"width\":2560,\"height\":1707}},\n\t\t\t\t\"alt\" : \"Blick in das beleuchtete Foyer von der Galerie im ersten Stock mit Besuchenden, Infopoint und Medienturm\",\n\t\t\t\t\"path\" : \"\\\/wp-content\\\/uploads\\\/2020\\\/04\\\/\",\n\t\t\t\t\"video\" : null,\n\t\t\t\t\"autoplay\" : null,\n\t\t\t\t\"youtube\" : null,\n\t\t\t\t\"youtubelabel\" : \"Video abspielen\",\n\t\t\t\t\"brightness\" : \"70\",\n\t\t\t\t\"crop\" : {\"top\":\"90.37\",\"left\":\"39.93\"},\n\t\t\t\t\"background\" : true,\n\t\t\t\t\"scale\" : 2\t\t\t\t}\n\t\t\t<\/script>\n\n\t\t\t<div class=\"height-container\" style=\"padding-bottom:66.6796875%;\" v-if=\"sizes\">\n\t\t\t\t\t\t\t\t<lazy-media :inline=\"true\" :alt=\"alt\" :sizes=\"sizes\" :scale=\"scale\" :brightness=\"brightness\" :path=\"path\" :video=\"video\" :autoplay=\"autoplay\" :youtube=\"youtube\" :crop=\"crop\" :youtubelabel=\"youtubelabel\" :background=\"background\" media-id=\"desc_media_69f25a806fb90\"><\/lazy-media>\n\t\t\t\t\t\t\t<\/div>\n\n\t\t\t\t\t\t\t<figcaption class=\"sr-only\" ref=\"body\" id=\"desc_media_69f25a806fb90\">\n\t\t\t\t\t\t\t\t\t\t\t<div>Blick in das Foyer, November 2019.<\/div>\n\t\t\t\t\t\t\t\t\t\t\t\t\t\t\t\t\t\t\t\t\t<div class=\"insignificant\">\u00a9 Stiftung Humboldt Forum im Berliner Schloss \/ David von Becker<\/div>\n\t\t\t\t\t\t\t\t\t<\/figcaption>\n\t\t\t\t\t<\/figure>\n\t<\/lazy-media-inline>\n\t\t\t\t\t\t<\/div>\n\t\t\t\t\t\t<div class=\"teaser-content \">\n\t\t\t\t\t\t\t<div>\n\t\t\t\t\t\t\t\t\t\t\t\t\t\t\t\t<div class=\"teaser-header\"><span class=\"h3\">Bleiben Sie auf dem Laufenden!<\/span><\/div>\n\t\t\t\t\t\t\t\t<div class=\"teaser-subline\"><span class=\"font-decoration\">Abonnieren Sie unseren Newsletter.<\/span><\/div>\t\t\t\t\t\t\t\t<button tabindex=\"-1\" class=\"border\">Hier klicken<\/button>\n\t\t\t\t\t\t\t<\/div>\n\t\t\t\t\t\t<\/div>\n\t\t\t\t\t<\/a>\n\t\t\t\t<\/div>\n\t\t\t<\/div>\n\t\t<\/div>\n\t<\/div>\n<\/section>\n","protected":false},"template":"","genre":[391],"digital":[],"topic":[],"stakeholder":[530,382],"editorial":[],"editorialfilter":[],"targetgroup":[],"language":[],"accessability":[],"age":[],"school":[],"groupsize":[],"place":[532],"class_list":["post-46522","event-permanent","type-event-permanent","status-publish","has-post-thumbnail","hentry","genre-ausstellung","stakeholder-staatliche-museen-zu-berlin","stakeholder-stiftung-humboldt-forum-im-berliner-schloss","place-3-og"],"acf":[],"_links":{"self":[{"href":"https:\/\/www.humboldtforum.org\/de\/wp-json\/wp\/v2\/event-permanent\/46522","targetHints":{"allow":["GET"]}}],"collection":[{"href":"https:\/\/www.humboldtforum.org\/de\/wp-json\/wp\/v2\/event-permanent"}],"about":[{"href":"https:\/\/www.humboldtforum.org\/de\/wp-json\/wp\/v2\/types\/event-permanent"}],"version-history":[{"count":12,"href":"https:\/\/www.humboldtforum.org\/de\/wp-json\/wp\/v2\/event-permanent\/46522\/revisions"}],"predecessor-version":[{"id":119833,"href":"https:\/\/www.humboldtforum.org\/de\/wp-json\/wp\/v2\/event-permanent\/46522\/revisions\/119833"}],"wp:featuredmedia":[{"embeddable":true,"href":"https:\/\/www.humboldtforum.org\/de\/wp-json\/wp\/v2\/media\/46514"}],"wp:attachment":[{"href":"https:\/\/www.humboldtforum.org\/de\/wp-json\/wp\/v2\/media?parent=46522"}],"wp:term":[{"taxonomy":"genre","embeddable":true,"href":"https:\/\/www.humboldtforum.org\/de\/wp-json\/wp\/v2\/genre?post=46522"},{"taxonomy":"digital","embeddable":true,"href":"https:\/\/www.humboldtforum.org\/de\/wp-json\/wp\/v2\/digital?post=46522"},{"taxonomy":"topic","embeddable":true,"href":"https:\/\/www.humboldtforum.org\/de\/wp-json\/wp\/v2\/topic?post=46522"},{"taxonomy":"stakeholder","embeddable":true,"href":"https:\/\/www.humboldtforum.org\/de\/wp-json\/wp\/v2\/stakeholder?post=46522"},{"taxonomy":"editorial","embeddable":true,"href":"https:\/\/www.humboldtforum.org\/de\/wp-json\/wp\/v2\/editorial?post=46522"},{"taxonomy":"editorialfilter","embeddable":true,"href":"https:\/\/www.humboldtforum.org\/de\/wp-json\/wp\/v2\/editorialfilter?post=46522"},{"taxonomy":"targetgroup","embeddable":true,"href":"https:\/\/www.humboldtforum.org\/de\/wp-json\/wp\/v2\/targetgroup?post=46522"},{"taxonomy":"language","embeddable":true,"href":"https:\/\/www.humboldtforum.org\/de\/wp-json\/wp\/v2\/language?post=46522"},{"taxonomy":"accessability","embeddable":true,"href":"https:\/\/www.humboldtforum.org\/de\/wp-json\/wp\/v2\/accessability?post=46522"},{"taxonomy":"age","embeddable":true,"href":"https:\/\/www.humboldtforum.org\/de\/wp-json\/wp\/v2\/age?post=46522"},{"taxonomy":"school","embeddable":true,"href":"https:\/\/www.humboldtforum.org\/de\/wp-json\/wp\/v2\/school?post=46522"},{"taxonomy":"groupsize","embeddable":true,"href":"https:\/\/www.humboldtforum.org\/de\/wp-json\/wp\/v2\/groupsize?post=46522"},{"taxonomy":"place","embeddable":true,"href":"https:\/\/www.humboldtforum.org\/de\/wp-json\/wp\/v2\/place?post=46522"}],"curies":[{"name":"wp","href":"https:\/\/api.w.org\/{rel}","templated":true}]}}