{"id":46537,"date":"2022-07-26T15:14:19","date_gmt":"2022-07-26T13:14:19","guid":{"rendered":"https:\/\/www.humboldtforum.org\/?post_type=event-permanent&#038;p=46537"},"modified":"2026-02-12T17:04:48","modified_gmt":"2026-02-12T16:04:48","slug":"tsuu-zeder","status":"publish","type":"event-permanent","link":"https:\/\/www.humboldtforum.org\/de\/programm\/dauerangebot\/ausstellung\/tsuu-zeder-46537\/","title":{"rendered":"Ts&#8217;uu &#8211; Zeder"},"content":{"rendered":"<section class=\"block block-copy\" >\n    <div class=\"container-fluid\">\n\t\t<div class=\"row \">\n            <div class=\"col-xs-12 col-md-offset-2 col-md-8\">\n                <div class=\"box\">\n                    <div class=\"copy\"><p>\u201e&#8230;when the trees are gone, we&#8217;ll just be like everybody else.\u201c &#8211; Gidansda Guujaaw, K\u00fcnstler und ehemaliger Pr\u00e4sident der Haida Nation<\/p>\n<p>Seit Jahrtausenden sind in den kanadischen K\u00fcstenregenw\u00e4ldern Menschen und Land untrennbar miteinander verbunden. Ein Beispiel hierf\u00fcr ist die besondere Bedeutung der Zedernb\u00e4ume f\u00fcr die dort lebenden First Nations: Zedern spenden den Rohstoff f\u00fcr\u00a0eine Vielzahl von Alltagsgegenst\u00e4nden und zeremoniellen Objekten.\u00a0Sie spielen eine zentrale Rolle in \u00fcberlieferten Erz\u00e4hlungen, Traditionen und Zeremonien.<\/p>\n<p>Ausgehend vom \u201eRiesen-Lebensbaum\u201c (western red cedar) und der \u201eNootka-Scheinzypresse\u201c (yellow cedar)\u00a0erz\u00e4hlt die Ausstellung \u00fcber das Verh\u00e4ltnis von Mensch und Umwelt. Acht Kapitel beleuchten exemplarisch die Beziehungen zwischen K\u00fcstenregenwald, First Nations und Euro-Kanadiern, die Auswirkungen der\u00a0Kolonialisierung\u00a0und das Wiedererstarken der First Nations.<\/p>\n<p>Ein Schwerpunkt liegt dabei auf der j\u00fcngeren Geschichte: Die Kolonialisierung durch die Europ\u00e4er ab dem 18. Jahrhundert f\u00fchrte zur systematischen Vertreibung der First Nations und zur Beschneidung ihrer Rechte. Gleichzeitig zerst\u00f6rte die Entwicklung der industriellen Forstwirtschaft gro\u00dfe Teile des Lebensraums K\u00fcstenregenwald. Beides hatte und hat noch immer weitreichende Auswirkungen auf die Kulturen der First Nations und auf ihre Beziehung zur Zeder. Eine besondere Rolle kommt der Zeder daher heute f\u00fcr das Wiedererstarken der First Nations sowie deren Selbstverst\u00e4ndnis zu: Sei es in den Widerstandsbewegungen gegen die Forstwirtschaft; einer Land- und Ressourcennutzung, die auf auf traditionellem \u00f6kologischen Wissen basiert; oder in der Wiederaneignung von kulturellen Praktiken und Traditionen.<\/p>\n<p>Die in Kooperation mit dem Haida Gwaii Museum in British Columbia entwickelte Ausstellung pr\u00e4sentiert \u00fcber 130 Exponate, darunter Werkzeuge zur Bearbeitung des Holzes, Medieninstallationen, kulturhistorische und naturkundliche Exponate sowie zeitgen\u00f6ssische Kunstwerke. Fester Bestandteil des Raumes sind zudem zwei Wappenpf\u00e4hle aus Zeder aus dem Bestand des Ethnologischen Museums der Staatlichen Museen zu Berlin. Die Vielfalt der gezeigten Objekte und der transdisziplin\u00e4re Ansatz erlauben es, die mit der Zeder verbundenen Themen und Fragen auf mehreren Ebenen zu verhandeln.<\/p>\n<p><em>Ts&#8217;uu &#8211; Zeder<\/em> ist eine Ausstellung der Stiftung Humboldt Forum im Berliner Schloss in Zusammenarbeit mit dem Haida Gwaii Museum at <u>K<\/u>ay Llnagaay in British Columbia, Kanada. Mit fachlicher Beratung des Ethnologischen Museums der Staatlichen Museen zu Berlin \u2013 Preu\u00dfischer Kulturbesitz.<\/p>\n<\/div>\n                <\/div>\n            <\/div>\n\t\t<\/div>\n\t\t    <\/div>\n<\/section>\n\n<section class=\"block block-media\">\n\t\t<div class=\"container-fluid\">\n\t\t<div class=\"row\">\n\t\t\t<div class=\"col-xs-12 col-md-12\">\n\t\t\t\t<h5>Ts&#8217;uu &#8211; Zeder<\/h5>\n\t\t\t<\/div>\n\t\t<\/div>\n\t<\/div>\n\t\t<div class=\"container-fluid\">\n\t\t<div class=\"row\">\n\t\t\t<div class=\"col-xs-12 col-md-12\">\n\t\t\t\n\t<lazy-media-inline inline-template>\n\t\t<figure itemscope itemtype=\"http:\/\/schema.org\/ImageObject\" class=\"lazy-media-inline \" role=\"group\" id=\"media_69ef9d8297c93\" aria-labelledby=\"desc_media_69ef9d8297c93\">\n\t\t\t<script type=\"application\/json\" ref=\"data\">\n\t\t\t\t{\n\t\t\t\t\"sizes\" : {\"medium\":{\"file\":\"SHF_eb00061444_A11-041_Verwandlungsmaske-Klappmaske-fuer-den-Tanz-300x213.jpg\",\"width\":300,\"height\":213,\"mime-type\":\"image\\\/jpeg\",\"filesize\":12711},\"large\":{\"file\":\"SHF_eb00061444_A11-041_Verwandlungsmaske-Klappmaske-fuer-den-Tanz-1024x726.jpg\",\"width\":1024,\"height\":726,\"mime-type\":\"image\\\/jpeg\",\"filesize\":94912},\"thumbnail\":{\"file\":\"SHF_eb00061444_A11-041_Verwandlungsmaske-Klappmaske-fuer-den-Tanz-150x150.jpg\",\"width\":150,\"height\":150,\"mime-type\":\"image\\\/jpeg\",\"filesize\":6375},\"medium_large\":{\"file\":\"SHF_eb00061444_A11-041_Verwandlungsmaske-Klappmaske-fuer-den-Tanz-768x544.jpg\",\"width\":768,\"height\":544,\"mime-type\":\"image\\\/jpeg\",\"filesize\":59109},\"small\":{\"file\":\"SHF_eb00061444_A11-041_Verwandlungsmaske-Klappmaske-fuer-den-Tanz-440x312.jpg\",\"width\":440,\"height\":312,\"mime-type\":\"image\\\/jpeg\",\"filesize\":23545},\"semi\":{\"file\":\"SHF_eb00061444_A11-041_Verwandlungsmaske-Klappmaske-fuer-den-Tanz-580x411.jpg\",\"width\":580,\"height\":411,\"mime-type\":\"image\\\/jpeg\",\"filesize\":37214},\"mobile\":{\"file\":\"SHF_eb00061444_A11-041_Verwandlungsmaske-Klappmaske-fuer-den-Tanz-720x510.jpg\",\"width\":720,\"height\":510,\"mime-type\":\"image\\\/jpeg\",\"filesize\":52957},\"original\":{\"file\":\"SHF_eb00061444_A11-041_Verwandlungsmaske-Klappmaske-fuer-den-Tanz.jpg\",\"width\":1280,\"height\":907}},\n\t\t\t\t\"alt\" : \"Traditionelle Maske der nordwestlichen K\\u00fcstenamerikaner, bunt mit Tiermotiven und kunstvollen Mustern bemalt.\",\n\t\t\t\t\"path\" : \"\\\/wp-content\\\/uploads\\\/2022\\\/07\\\/\",\n\t\t\t\t\"video\" : null,\n\t\t\t\t\"autoplay\" : null,\n\t\t\t\t\"youtube\" : \"https:\\\/\\\/youtube.com\\\/watch?v=5EQ4kfc7Us0\",\n\t\t\t\t\"youtubelabel\" : \"Video abspielen\",\n\t\t\t\t\"brightness\" : \"70\",\n\t\t\t\t\"crop\" : null,\n\t\t\t\t\"background\" : false,\n\t\t\t\t\"scale\" : 1\t\t\t\t}\n\t\t\t<\/script>\n\n\t\t\t<div class=\"height-container\" style=\"padding-bottom:70.859375%;\" v-if=\"sizes\">\n\t\t\t\t\t\t\t\t<lazy-media :inline=\"true\" :alt=\"alt\" :sizes=\"sizes\" :scale=\"scale\" :brightness=\"brightness\" :path=\"path\" :video=\"video\" :autoplay=\"autoplay\" :youtube=\"youtube\" :crop=\"crop\" :youtubelabel=\"youtubelabel\" :background=\"background\" media-id=\"desc_media_69ef9d8297c93\"><\/lazy-media>\n\t\t\t\t\t\t\t<\/div>\n\n\t\t\t\t\t\t\t<figcaption class=\"\" id=\"desc_media_69ef9d8297c93\">\n\t\t\t\t\t<div class=\"lazy-media-info-body-content\">\n\t\t\t\t\t\t\t\t\t\t\t\t\t\t\t\t\t\t\t<div>Adlerdarstellung, im aufgeklapptem Zustand doppelk&ouml;pfiges Schlangenmonster Sisiutl <\/div>\n\t\t\t\t\t\t\t\t\t\t\t\t\t\t\t\t\t\t\t<div class=\"insignificant\">\u00a9 Staatliche Museen zu Berlin, Ethnologisches Museum, digitale Reproduktion\/Animation: Lars Malareck<\/div>\n\t\t\t\t\t\t\t\t\t\t\t<\/div>\n\t\t\t\t<\/figcaption>\n\t\t\t\t\t\t\t\t\t<\/figure>\n\t<\/lazy-media-inline>\n\t\t\t<\/div>\n\t\t<\/div>\n\t<\/div>\n<\/section>\n\n<section class=\"block block-teaser col-1 \" style=\"\">\n\t<lazy-component :fixed-min-height=\"400\">\n\t\n\t\t\t\t\t<div class=\"container-fluid\">\n\t\t\t\t<div class=\"row bottom-xs\">\n\t\t\t\t\t<div class=\"col-xs-12 col-sm-10 col-md-8 col-sm-offset-1 col-md-offset-2\">\n\t\t\t\t\t\t<h4>Programm<\/h4>\t\t\t\t\t\t\t\t\t\t\t\t\t\t\t\t\t\t\t<\/div>\n\t\t\t\t\t<div class=\"col-xs-12 col-sm-10 col-md-8 col-sm-offset-1 col-md-offset-2 start-xs end-md margin-bottom-sixth\">\n\t\t\t\t\t\t<a href=\"https:\/\/www.humboldtforum.org\/de\/programm\/?belongsto=46537&#038;archive=1\" class=\"normalcase small noborder\" role=\"button\">Alle anzeigen (1)<\/a>\t\t\t\t\t<\/div>\n\t\t\t\t<\/div>\n\t\t\t\t<ul class=\"row\">\n\t\t\t\n<li class=\"col-xs-12 teaser-wrapper col-padding-remove\">\n\t<calendarteaser key=\"465358248\" rawitem='{&quot;postId&quot;:46535,&quot;title&quot;:&quot;Von Klima, B\\u00e4umen und Menschen&quot;,&quot;excerpt&quot;:&quot;&quot;,&quot;slug&quot;:&quot;von-klima-zedern-und-menschen&quot;,&quot;post_date&quot;:&quot;2022-07-26T15:01&quot;,&quot;type&quot;:&quot;event&quot;,&quot;permalink&quot;:&quot;https:\\\/\\\/www.humboldtforum.org\\\/de\\\/programm\\\/termin\\\/fuehrung\\\/von-klima-zedern-und-menschen-46535\\\/&quot;,&quot;genre&quot;:[821],&quot;genre_details&quot;:[{&quot;text&quot;:&quot;F\\u00fchrung&quot;,&quot;id&quot;:821,&quot;icon&quot;:null,&quot;parent&quot;:0}],&quot;topic&quot;:[782],&quot;topic_details&quot;:[{&quot;text&quot;:&quot;Kolonialismus und Kolonialit\\u00e4t&quot;,&quot;id&quot;:782,&quot;icon&quot;:null,&quot;parent&quot;:0}],&quot;stakeholder&quot;:[530,382],&quot;stakeholder_details&quot;:[{&quot;text&quot;:&quot;Staatliche Museen zu Berlin&quot;,&quot;id&quot;:530,&quot;icon&quot;:null,&quot;parent&quot;:0},{&quot;text&quot;:&quot;Stiftung Humboldt Forum im Berliner Schloss&quot;,&quot;id&quot;:382,&quot;icon&quot;:null,&quot;parent&quot;:0}],&quot;targetgroup&quot;:[383,455],&quot;targetgroup_details&quot;:[{&quot;text&quot;:&quot;Erwachsene&quot;,&quot;id&quot;:383,&quot;icon&quot;:null,&quot;parent&quot;:0},{&quot;text&quot;:&quot;Jugendliche&quot;,&quot;id&quot;:455,&quot;icon&quot;:null,&quot;parent&quot;:0}],&quot;language&quot;:[384],&quot;language_details&quot;:[{&quot;text&quot;:&quot;Deutsch&quot;,&quot;id&quot;:384,&quot;icon&quot;:null,&quot;parent&quot;:0}],&quot;age&quot;:[1321],&quot;age_details&quot;:[{&quot;text&quot;:&quot;ab 16 Jahre&quot;,&quot;id&quot;:1321,&quot;icon&quot;:null,&quot;parent&quot;:0}],&quot;groupsize&quot;:[1059],&quot;groupsize_details&quot;:[{&quot;text&quot;:&quot;max. 15 Personen&quot;,&quot;id&quot;:1059,&quot;icon&quot;:null,&quot;parent&quot;:0}],&quot;place&quot;:[531],&quot;place_details&quot;:{&quot;place&quot;:&quot;Humboldt Forum&quot;,&quot;map&quot;:&quot;Humboldt Forum, Schlossplatz, Berlin&quot;,&quot;room&quot;:&quot;2. OG&quot;},&quot;icon_overwrite&quot;:&quot;&quot;,&quot;acf&quot;:{&quot;noindex&quot;:false,&quot;keywords&quot;:&quot;&quot;,&quot;hashtag&quot;:&quot;HumboldtForum&quot;,&quot;shorturl&quot;:&quot;&quot;,&quot;belongsto&quot;:[46537],&quot;planning&quot;:{&quot;price&quot;:&quot;10 EUR \\\/ erm\\u00e4\\u00dfigt 5 EUR pro Person&quot;,&quot;admission&quot;:&quot;&quot;,&quot;pause&quot;:&quot;&quot;,&quot;duration&quot;:&quot;90&quot;},&quot;subline&quot;:&quot;Tandemf\\u00fchrung zur Ausstellung Ts\\u2019uu \\u2013 Zeder. Von B\\u00e4umen und Menschen&quot;,&quot;additional_info&quot;:{&quot;icon&quot;:&quot;0&quot;,&quot;text&quot;:&quot;&quot;},&quot;highlight_header&quot;:false,&quot;featured_images&quot;:[46533],&quot;use_video_in_teasers&quot;:false,&quot;hyphenation&quot;:true,&quot;tipp&quot;:false,&quot;joker&quot;:false,&quot;live&quot;:false,&quot;hide_event_in_program&quot;:false,&quot;alert_text&quot;:&quot;DE&quot;,&quot;times&quot;:[],&quot;gomus_id&quot;:&quot;&quot;,&quot;hm_id&quot;:&quot;&quot;},&quot;date&quot;:{&quot;NX&quot;:null,&quot;NXX&quot;:null,&quot;NLAST&quot;:&quot;202404271300&quot;,&quot;from_DATE&quot;:&quot;20231111 16:00&quot;,&quot;from&quot;:1699711200,&quot;to&quot;:1714222800,&quot;to_DATE&quot;:&quot;20240427 16:00&quot;,&quot;from_HRFSHORT&quot;:&quot;11. Nov 2023&quot;,&quot;from_HRFSHORT_WD&quot;:&quot;Sa 11.11.2023&quot;,&quot;to_HRFSHORT&quot;:&quot;27. Apr 2024&quot;,&quot;to_HRFSHORT_WD&quot;:&quot;Sa 27.04.2024&quot;,&quot;from_HRF&quot;:&quot;Sa, 11. November 2023&quot;,&quot;to_HRF&quot;:&quot;Sa, 27. April 2024&quot;,&quot;from_to_HRF&quot;:&quot;Sa, 11. November 2023 \\u2013 Sa, 27. April 2024&quot;,&quot;from_to_HRFSHORT&quot;:&quot;11. Nov 2023 \\u2013 27. Apr 2024&quot;},&quot;alert&quot;:&quot;DE&quot;,&quot;partof&quot;:[],&quot;marketing_topic&quot;:{&quot;title&quot;:&quot;Ts&#8217;uu &#8211; Zeder&quot;,&quot;ID&quot;:46537,&quot;reason&quot;:&quot;belongsto&quot;}}' inline-template>\n\t<a href=\"https:\/\/www.humboldtforum.org\/de\/programm\/termin\/fuehrung\/von-klima-zedern-und-menschen-46535\/\" class=\"teaser teaser-event teaser-event-standard\">\n\t\t<div class=\"row\">\n\t\t\t<div class=\"col-xs-12 col-sm-6 col-md-5 col-sm-offset-1 col-md-offset-2 first-sm teaser-event-text Infos\">\n\t\t\t\t<div class=\"teaser-event-standard-text\">\n\t\t\t\t\t<div class=\"margin-bottom-atom\">\n\t\t\t\t\t\t<div class=\"subline clamp-1\" v-html=\"maingenre\"><\/div>\n\t\t\t\t\t\t\t\t\t\t\t\t\t<div class=\"insignificant clamp-2\">Ts&#8217;uu &#8211; Zeder<\/div>\n\t\t\t\t\t\t\t\t\t\t\t<\/div>\n\t\t\t\t\n\t\t\t\t\t<strong class=\"margin-bottom-atom h5\">Von Klima, B\u00e4umen und Menschen<\/strong>\n\n\t\t\t\t\t\t\t\t\t\t\t<div class=\"\">Tandemf\u00fchrung zur Ausstellung Ts\u2019uu \u2013 Zeder. Von B\u00e4umen und Menschen<\/div>\n\t\t\t\t\t\t\t\t\t<\/div>\n\t\t\t\t<div class=\"teaser-bottom border-bottom\">\n\t\t\t\t<calendardateline :rawitem='item' :show-icon=\"true\"><\/calendardateline>\n\t\t\t\t\t<hr>\n\t\t\t\t<\/div>\n\t\t\t<\/div>\n\t\t\t<div class=\"col-xs-12 col-sm-4 col-md-3 teaser-event-image bottom-xs first-xs\">\n\t\t\t\t<div class=\"teaser-image teaser-image-no-alternate\">\n\t\t\t\t\t\t\t\t\t\t\t\t\t<span class=\"alert\">DE<\/span>\n\t\t\t\t\t\t\t\t\t\t\t\n\t<lazy-media-inline inline-template>\n\t\t<figure itemscope itemtype=\"http:\/\/schema.org\/ImageObject\" class=\"lazy-media-inline \" role=\"group\" id=\"media_69ef9d83c40f0\" aria-labelledby=\"desc_media_69ef9d83c40f0\">\n\t\t\t<script type=\"application\/json\" ref=\"data\">\n\t\t\t\t{\n\t\t\t\t\"sizes\" : {\"medium\":{\"file\":\"SHF_eb00132892_A11-215-300x200.jpg\",\"width\":300,\"height\":200,\"mime-type\":\"image\\\/jpeg\",\"filesize\":11637},\"large\":{\"file\":\"SHF_eb00132892_A11-215-1024x684.jpg\",\"width\":1024,\"height\":684,\"mime-type\":\"image\\\/jpeg\",\"filesize\":101048},\"thumbnail\":{\"file\":\"SHF_eb00132892_A11-215-150x150.jpg\",\"width\":150,\"height\":150,\"mime-type\":\"image\\\/jpeg\",\"filesize\":5040},\"medium_large\":{\"file\":\"SHF_eb00132892_A11-215-768x513.jpg\",\"width\":768,\"height\":513,\"mime-type\":\"image\\\/jpeg\",\"filesize\":61481},\"small\":{\"file\":\"SHF_eb00132892_A11-215-440x294.jpg\",\"width\":440,\"height\":294,\"mime-type\":\"image\\\/jpeg\",\"filesize\":22742},\"semi\":{\"file\":\"SHF_eb00132892_A11-215-580x387.jpg\",\"width\":580,\"height\":387,\"mime-type\":\"image\\\/jpeg\",\"filesize\":37311},\"mobile\":{\"file\":\"SHF_eb00132892_A11-215-720x481.jpg\",\"width\":720,\"height\":481,\"mime-type\":\"image\\\/jpeg\",\"filesize\":54543},\"original\":{\"file\":\"SHF_eb00132892_A11-215.jpg\",\"width\":1280,\"height\":855}},\n\t\t\t\t\"alt\" : \"Spiegelung eines bewaldeten H\\u00fcgels links, rechts eine kahle Fl\\u00e4che, die den Kontrast zwischen Natur und W\\u00fcstung verdeutlicht.\",\n\t\t\t\t\"path\" : \"\\\/wp-content\\\/uploads\\\/2022\\\/07\\\/\",\n\t\t\t\t\"video\" : null,\n\t\t\t\t\"autoplay\" : null,\n\t\t\t\t\"youtube\" : null,\n\t\t\t\t\"youtubelabel\" : \"Video abspielen\",\n\t\t\t\t\"brightness\" : 100,\n\t\t\t\t\"crop\" : null,\n\t\t\t\t\"background\" : true,\n\t\t\t\t\"scale\" : 1\t\t\t\t}\n\t\t\t<\/script>\n\n\t\t\t<div class=\"height-container\" style=\"padding-bottom:66.796875%;\" v-if=\"sizes\">\n\t\t\t\t\t\t\t\t<lazy-media :inline=\"true\" :alt=\"alt\" :sizes=\"sizes\" :scale=\"scale\" :brightness=\"brightness\" :path=\"path\" :video=\"video\" :autoplay=\"autoplay\" :youtube=\"youtube\" :crop=\"crop\" :youtubelabel=\"youtubelabel\" :background=\"background\" media-id=\"desc_media_69ef9d83c40f0\"><\/lazy-media>\n\t\t\t\t\t\t\t<\/div>\n\n\t\t\t\t\t\t\t<figcaption class=\"sr-only\" ref=\"body\" id=\"desc_media_69ef9d83c40f0\">\n\t\t\t\t\t\t\t\t\t\t\t<div>Kahlschlag alter W&auml;lder auf South Moresby Island, Haida Gwaii, British Columbia, Kanada<\/div>\n\t\t\t\t\t\t\t\t\t\t\t\t\t\t\t\t\t\t\t\t\t<div class=\"insignificant\">\u00a9  Joel Rogers<\/div>\n\t\t\t\t\t\t\t\t\t<\/figcaption>\n\t\t\t\t\t<\/figure>\n\t<\/lazy-media-inline>\n\t\t\t\t<\/div>\n\t\t\t<\/div>\n\t\t<\/div>\n\t<\/a>\n\t<\/calendarteaser>\n<\/li>\n\n\t\t\t\t<\/ul>\n\t\t\t<\/div>\n\t\t\t\t<\/lazy-component>\n<\/section>\n\n\n\n<section class=\"block block-CTA block-CTA-long leftgradient\">\n\t<div class=\"container-fluid\">\n\t\t<div class=\"row center-xs\">\n\t\t\t<div class=\"col-xs-12\">\n\t\t\t\t<div class=\"box\">\n\t\t\t\t\t<a href=\"https:\/\/www.humboldtforum.org\/de\/newsletter-2\/\" aria-label=\"Bleiben Sie auf dem Laufenden!\" class=\"teaser teaser-cta-wide \">\n\t\t\t\t\t\t<div class=\"teaser-image\">\n\t\t\t\t\t\t\t\n\t<lazy-media-inline inline-template>\n\t\t<figure itemscope itemtype=\"http:\/\/schema.org\/ImageObject\" class=\"lazy-media-inline \" role=\"group\" id=\"media_69ef9d83c6f15\" aria-labelledby=\"desc_media_69ef9d83c6f15\">\n\t\t\t<script type=\"application\/json\" ref=\"data\">\n\t\t\t\t{\n\t\t\t\t\"sizes\" : {\"medium\":{\"file\":\"HF_eb00061823-scaled-300x200.jpg\",\"width\":300,\"height\":200,\"mime-type\":\"image\\\/jpeg\",\"filesize\":19186},\"large\":{\"file\":\"HF_eb00061823-scaled-1024x683.jpg\",\"width\":1024,\"height\":683,\"mime-type\":\"image\\\/jpeg\",\"filesize\":138597},\"thumbnail\":{\"file\":\"HF_eb00061823-scaled-150x150.jpg\",\"width\":150,\"height\":150,\"mime-type\":\"image\\\/jpeg\",\"filesize\":8513},\"medium_large\":{\"file\":\"HF_eb00061823-scaled-768x512.jpg\",\"width\":768,\"height\":512,\"mime-type\":\"image\\\/jpeg\",\"filesize\":86200},\"small\":{\"file\":\"HF_eb00061823-scaled-440x293.jpg\",\"width\":440,\"height\":293,\"mime-type\":\"image\\\/jpeg\",\"filesize\":35525},\"semi\":{\"file\":\"HF_eb00061823-scaled-580x387.jpg\",\"width\":580,\"height\":387,\"mime-type\":\"image\\\/jpeg\",\"filesize\":55724},\"mobile\":{\"file\":\"HF_eb00061823-scaled-720x480.jpg\",\"width\":720,\"height\":480,\"mime-type\":\"image\\\/jpeg\",\"filesize\":77971},\"hd\":{\"file\":\"HF_eb00061823-scaled-1280x854.jpg\",\"width\":1280,\"height\":854,\"mime-type\":\"image\\\/jpeg\",\"filesize\":202477},\"full\":{\"file\":\"HF_eb00061823-scaled-1920x1280.jpg\",\"width\":1920,\"height\":1280,\"mime-type\":\"image\\\/jpeg\",\"filesize\":386736},\"1536x1536\":{\"file\":\"HF_eb00061823-scaled-1536x1024.jpg\",\"width\":1536,\"height\":1024,\"mime-type\":\"image\\\/jpeg\",\"filesize\":266197},\"2048x2048\":{\"file\":\"HF_eb00061823-scaled-2048x1366.jpg\",\"width\":2048,\"height\":1366,\"mime-type\":\"image\\\/jpeg\",\"filesize\":430206},\"original\":{\"file\":\"HF_eb00061823-scaled.jpg\",\"width\":2560,\"height\":1707}},\n\t\t\t\t\"alt\" : \"Blick in das beleuchtete Foyer von der Galerie im ersten Stock mit Besuchenden, Infopoint und Medienturm\",\n\t\t\t\t\"path\" : \"\\\/wp-content\\\/uploads\\\/2020\\\/04\\\/\",\n\t\t\t\t\"video\" : null,\n\t\t\t\t\"autoplay\" : null,\n\t\t\t\t\"youtube\" : null,\n\t\t\t\t\"youtubelabel\" : \"Video abspielen\",\n\t\t\t\t\"brightness\" : \"70\",\n\t\t\t\t\"crop\" : {\"top\":\"90.37\",\"left\":\"39.93\"},\n\t\t\t\t\"background\" : true,\n\t\t\t\t\"scale\" : 2\t\t\t\t}\n\t\t\t<\/script>\n\n\t\t\t<div class=\"height-container\" style=\"padding-bottom:66.6796875%;\" v-if=\"sizes\">\n\t\t\t\t\t\t\t\t<lazy-media :inline=\"true\" :alt=\"alt\" :sizes=\"sizes\" :scale=\"scale\" :brightness=\"brightness\" :path=\"path\" :video=\"video\" :autoplay=\"autoplay\" :youtube=\"youtube\" :crop=\"crop\" :youtubelabel=\"youtubelabel\" :background=\"background\" media-id=\"desc_media_69ef9d83c6f15\"><\/lazy-media>\n\t\t\t\t\t\t\t<\/div>\n\n\t\t\t\t\t\t\t<figcaption class=\"sr-only\" ref=\"body\" id=\"desc_media_69ef9d83c6f15\">\n\t\t\t\t\t\t\t\t\t\t\t<div>Blick in das Foyer, November 2019.<\/div>\n\t\t\t\t\t\t\t\t\t\t\t\t\t\t\t\t\t\t\t\t\t<div class=\"insignificant\">\u00a9 Stiftung Humboldt Forum im Berliner Schloss \/ David von Becker<\/div>\n\t\t\t\t\t\t\t\t\t<\/figcaption>\n\t\t\t\t\t<\/figure>\n\t<\/lazy-media-inline>\n\t\t\t\t\t\t<\/div>\n\t\t\t\t\t\t<div class=\"teaser-content \">\n\t\t\t\t\t\t\t<div>\n\t\t\t\t\t\t\t\t\t\t\t\t\t\t\t\t<div class=\"teaser-header\"><span class=\"h3\">Bleiben Sie auf dem Laufenden!<\/span><\/div>\n\t\t\t\t\t\t\t\t<div class=\"teaser-subline\"><span class=\"font-decoration\">Abonnieren Sie unseren Newsletter.<\/span><\/div>\t\t\t\t\t\t\t\t<button tabindex=\"-1\" class=\"border\">Hier klicken<\/button>\n\t\t\t\t\t\t\t<\/div>\n\t\t\t\t\t\t<\/div>\n\t\t\t\t\t<\/a>\n\t\t\t\t<\/div>\n\t\t\t<\/div>\n\t\t<\/div>\n\t<\/div>\n<\/section>\n","protected":false},"template":"","genre":[391],"digital":[],"topic":[782],"stakeholder":[530,382],"editorial":[],"editorialfilter":[],"targetgroup":[383,455],"language":[],"accessability":[],"age":[],"school":[],"groupsize":[],"place":[],"class_list":["post-46537","event-permanent","type-event-permanent","status-publish","has-post-thumbnail","hentry","genre-ausstellung","topic-kolonialismus-und-kolonialitat","stakeholder-staatliche-museen-zu-berlin","stakeholder-stiftung-humboldt-forum-im-berliner-schloss","targetgroup-erwachsene","targetgroup-jugendliche"],"acf":[],"_links":{"self":[{"href":"https:\/\/www.humboldtforum.org\/de\/wp-json\/wp\/v2\/event-permanent\/46537","targetHints":{"allow":["GET"]}}],"collection":[{"href":"https:\/\/www.humboldtforum.org\/de\/wp-json\/wp\/v2\/event-permanent"}],"about":[{"href":"https:\/\/www.humboldtforum.org\/de\/wp-json\/wp\/v2\/types\/event-permanent"}],"version-history":[{"count":11,"href":"https:\/\/www.humboldtforum.org\/de\/wp-json\/wp\/v2\/event-permanent\/46537\/revisions"}],"predecessor-version":[{"id":128208,"href":"https:\/\/www.humboldtforum.org\/de\/wp-json\/wp\/v2\/event-permanent\/46537\/revisions\/128208"}],"wp:featuredmedia":[{"embeddable":true,"href":"https:\/\/www.humboldtforum.org\/de\/wp-json\/wp\/v2\/media\/46484"}],"wp:attachment":[{"href":"https:\/\/www.humboldtforum.org\/de\/wp-json\/wp\/v2\/media?parent=46537"}],"wp:term":[{"taxonomy":"genre","embeddable":true,"href":"https:\/\/www.humboldtforum.org\/de\/wp-json\/wp\/v2\/genre?post=46537"},{"taxonomy":"digital","embeddable":true,"href":"https:\/\/www.humboldtforum.org\/de\/wp-json\/wp\/v2\/digital?post=46537"},{"taxonomy":"topic","embeddable":true,"href":"https:\/\/www.humboldtforum.org\/de\/wp-json\/wp\/v2\/topic?post=46537"},{"taxonomy":"stakeholder","embeddable":true,"href":"https:\/\/www.humboldtforum.org\/de\/wp-json\/wp\/v2\/stakeholder?post=46537"},{"taxonomy":"editorial","embeddable":true,"href":"https:\/\/www.humboldtforum.org\/de\/wp-json\/wp\/v2\/editorial?post=46537"},{"taxonomy":"editorialfilter","embeddable":true,"href":"https:\/\/www.humboldtforum.org\/de\/wp-json\/wp\/v2\/editorialfilter?post=46537"},{"taxonomy":"targetgroup","embeddable":true,"href":"https:\/\/www.humboldtforum.org\/de\/wp-json\/wp\/v2\/targetgroup?post=46537"},{"taxonomy":"language","embeddable":true,"href":"https:\/\/www.humboldtforum.org\/de\/wp-json\/wp\/v2\/language?post=46537"},{"taxonomy":"accessability","embeddable":true,"href":"https:\/\/www.humboldtforum.org\/de\/wp-json\/wp\/v2\/accessability?post=46537"},{"taxonomy":"age","embeddable":true,"href":"https:\/\/www.humboldtforum.org\/de\/wp-json\/wp\/v2\/age?post=46537"},{"taxonomy":"school","embeddable":true,"href":"https:\/\/www.humboldtforum.org\/de\/wp-json\/wp\/v2\/school?post=46537"},{"taxonomy":"groupsize","embeddable":true,"href":"https:\/\/www.humboldtforum.org\/de\/wp-json\/wp\/v2\/groupsize?post=46537"},{"taxonomy":"place","embeddable":true,"href":"https:\/\/www.humboldtforum.org\/de\/wp-json\/wp\/v2\/place?post=46537"}],"curies":[{"name":"wp","href":"https:\/\/api.w.org\/{rel}","templated":true}]}}