{"id":159388,"date":"2026-02-11T18:45:47","date_gmt":"2026-02-11T17:45:47","guid":{"rendered":"https:\/\/www.humboldtforum.org\/?post_type=event-publication&#038;p=159388"},"modified":"2026-04-15T15:32:47","modified_gmt":"2026-04-15T13:32:47","slug":"madeleine-thien-die-handwerker","status":"publish","type":"event-publication","link":"https:\/\/www.humboldtforum.org\/de\/programm\/publikation\/publikation\/madeleine-thien-die-handwerker-159388\/","title":{"rendered":"Madeleine Thien: Die Handwerker"},"content":{"rendered":"<section class=\"block block-copy block-no-margin\" >\n    <div class=\"container-fluid\">\n\t\t<div class=\"row \">\n            <div class=\"col-xs-12 col-md-offset-2 col-md-8\">\n                <div class=\"box\">\n                    <div class=\"copy\"><p>Die kanadische Schriftstellerin Madeleine Thien betrachtet das Fragment einer Wandmalerei mit \u201eDrei Uigurischen Prinzen\u201c aus einer der Bezeklik H\u00f6hlen der N\u00f6rdlichen Seidenstra\u00dfe, der heutigen autonomen Region Xinjiang-Uigur in China. Diese ber\u00fchmteste Stifterdarstellung der uigurisch-buddhistischen Kunst kam nach der zweiten deutschen Turfan-Expedition (1904-1905) in die Berliner Museen. Ihren pr\u00e4chtigen Farben und ausdrucksstarken Linien begegnet Thien mit einem literarischen Text. Sie versetzt uns in das t\u00e4gliche Leben der Maler, die die H\u00f6hlen im 10. Jahrhundert mit ebenso lebensnahen Wandgem\u00e4lden ausgestattet haben, und fragt: Gibt es eine autonome Republik der Kunst, die Zeiten und Orte \u00fcberdauert?<\/p>\n<p>Herausgegeben von der Stiftung Humboldt Forum im Berliner Schloss<br \/>\nDiaphanes, Klappenbroschur, <span data-olk-copy-source=\"MessageBody\">56 Seiten, 11 x 17 cm, ISBN 978-3-0358-0812-4<\/span><\/p>\n<p>&nbsp;<\/p>\n<p>&nbsp;<\/p>\n<\/div>\n                <\/div>\n            <\/div>\n\t\t<\/div>\n\t\t    <\/div>\n<\/section>\n\n<section class=\"block block-standard-image-copy rev2nd\"> \n\t<div class=\"container-fluid\">\n\t\t<div class=\"row middle-sm\">\n\t\t\t<div class=\"col-xs-10 col-sm-6 margin-bottom-sixth\" data-motion-parallax='{\"child\":\".image-wrapper\",\"mask\":\".lazy-media\",\"tween\":{\"yPercent\": [-15,15]}}'>\n\t\t\t\t\n\t<lazy-media-inline inline-template>\n\t\t<figure itemscope itemtype=\"http:\/\/schema.org\/ImageObject\" class=\"lazy-media-inline \" role=\"group\" id=\"media_69f2c8f920a89\" aria-labelledby=\"desc_media_69f2c8f920a89\">\n\t\t\t<script type=\"application\/json\" ref=\"data\">\n\t\t\t\t{\n\t\t\t\t\"sizes\" : {\"medium\":{\"file\":\"SHF_eb00125934-300x294.jpg\",\"width\":300,\"height\":294,\"mime-type\":\"image\\\/jpeg\",\"filesize\":19860},\"large\":{\"file\":\"SHF_eb00125934-1024x1002.jpg\",\"width\":1024,\"height\":1002,\"mime-type\":\"image\\\/jpeg\",\"filesize\":206851},\"thumbnail\":{\"file\":\"SHF_eb00125934-150x150.jpg\",\"width\":150,\"height\":150,\"mime-type\":\"image\\\/jpeg\",\"filesize\":5906},\"medium_large\":{\"file\":\"SHF_eb00125934-768x751.jpg\",\"width\":768,\"height\":751,\"mime-type\":\"image\\\/jpeg\",\"filesize\":118826},\"small\":{\"file\":\"SHF_eb00125934-440x430.jpg\",\"width\":440,\"height\":430,\"mime-type\":\"image\\\/jpeg\",\"filesize\":40282},\"semi\":{\"file\":\"SHF_eb00125934-580x567.jpg\",\"width\":580,\"height\":567,\"mime-type\":\"image\\\/jpeg\",\"filesize\":68779},\"mobile\":{\"file\":\"SHF_eb00125934-720x704.jpg\",\"width\":720,\"height\":704,\"mime-type\":\"image\\\/jpeg\",\"filesize\":104962},\"hd\":{\"file\":\"SHF_eb00125934-1280x1252.jpg\",\"width\":1280,\"height\":1252,\"mime-type\":\"image\\\/jpeg\",\"filesize\":313668},\"1536x1536\":{\"file\":\"SHF_eb00125934-1536x1503.jpg\",\"width\":1536,\"height\":1503,\"mime-type\":\"image\\\/jpeg\",\"filesize\":434569},\"original\":{\"file\":\"SHF_eb00125934.jpg\",\"width\":1848,\"height\":1808}},\n\t\t\t\t\"alt\" : \"Drei M\\u00e4nner in roten Gew\\u00e4ndern und Kopfbedeckungen stehen nebeneinander vor einer dekorativen Kulisse.\",\n\t\t\t\t\"path\" : \"\\\/wp-content\\\/uploads\\\/2023\\\/08\\\/\",\n\t\t\t\t\"video\" : null,\n\t\t\t\t\"autoplay\" : null,\n\t\t\t\t\"youtube\" : null,\n\t\t\t\t\"youtubelabel\" : \"Video abspielen\",\n\t\t\t\t\"brightness\" : 100,\n\t\t\t\t\"crop\" : null,\n\t\t\t\t\"background\" : false,\n\t\t\t\t\"scale\" : 1\t\t\t\t}\n\t\t\t<\/script>\n\n\t\t\t<div class=\"height-container\" style=\"padding-bottom:97.835497835498%;\" v-if=\"sizes\">\n\t\t\t\t\t\t\t\t<lazy-media :inline=\"true\" :alt=\"alt\" :sizes=\"sizes\" :scale=\"scale\" :brightness=\"brightness\" :path=\"path\" :video=\"video\" :autoplay=\"autoplay\" :youtube=\"youtube\" :crop=\"crop\" :youtubelabel=\"youtubelabel\" :background=\"background\" media-id=\"desc_media_69f2c8f920a89\"><\/lazy-media>\n\t\t\t\t\t\t\t<\/div>\n\n\t\t\t\t\t\t\t<div class=\"lazy-media-info-container-fluid\">\n\t\t\t\t<div class=\"lazy-media-info-row end-xs\">\n\t\t\t\t\t<div class=\"lazy-media-info-col\">\n\t\t\t\t\t\t<div class=\"lazy-media-info\" aria-expanded=\"false\" :aria-expanded=\"isOpen ? 'true' : 'false'\">\n\t\t\t\t\t\t\t<button class=\"lazy-media-info-head button-tiny\" :class=\"{'button-active': isOpen}\" @click=\"toggle\" ref=\"head\"><span class=\"button-label insignificant\">Bildinfo<\/span><\/button>\n\t\t\t\t\t\t\t<figcaption class=\"lazy-media-info-body\" ref=\"body\" id=\"desc_media_69f2c8f920a89\">\n\t\t\t\t\t\t\t\t<div class=\"lazy-media-info-body-content\">\n\t\t\t\t\t\t\t\t\t\t\t\t\t\t\t\t\t\t\t<div>Drei uigurische Prinzen, III 6876 a, Wandmalerei, Farben auf Lehm, H&ouml;hle 20 (Gr&uuml;nwedel Nummerierung 9), Bezeklik, Xinjiang, China, 10.\/11. Jahrhundert, 59,5 x 62,4 cm<\/div>\n\t\t\t\t\t\t\t\t\t\t\t\t\t\t\t\t\t\t\t\t\t\t\t\t\t\t\t\t\t\t\t\t\t\t\t\t\t<div class=\"insignificant\">\u00a9 Staatliche Museen zu Berlin, Museum f\u00fcr Asiatische Kunst<\/div>\n\t\t\t\t\t\t\t\t\t\t\t\t\t\t\t\t\t<\/div>\n\t\t\t\t\t\t\t<\/figcaption>\n\t\t\t\t\t\t\t<div class=\"lazy-media-info-head-border\"><\/div>\n\t\t\t\t\t\t<\/div>\n\t\t\t\t\t<\/div>\n\t\t\t\t<\/div>\n\t\t\t<\/div>\n\t\t\t\t\t\t\t\t\t<\/figure>\n\t<\/lazy-media-inline>\n\t\t\t<\/div>\n\t\t\t<div class=\"col-xs-10 col-sm-6 col-md-5 copy margin-bottom-half\"><p>Diese besonders gut erhaltene und daher ber\u00fchmteste Stifterdarstellung der uigurisch-buddhistischen Kunst gelangte mit der Sammlung der zweiten Turfan-Expedition (Oktober 1904 \u2013 Dezember 1905) nach Berlin. Deutsche Forscher waren nach Xinjiang gereist, wo sie buddhistische Kunstwerke und Manuskripte sammelten und nach Deutschland verbrachten. Die Funde lieferten bedeutende Erkenntnisse zur Kulturgeschichte der Region, werden heute jedoch im Rahmen der Debatte um koloniale Aneignung kritisch hinterfragt.<\/p>\n<p>Die Malerei zeigt drei M\u00e4nner mit uigurischen H\u00fcten und sorgf\u00e4ltig geflochtenem, langen schwarzen Haar. Die seitlich geschlitzten Gew\u00e4nder geben den Blick auf schwarze Reitstiefel frei. Ihre Kleidung verweist auf einen Lebensstil, der trotz Sesshaftigkeit stark von nomadischer Tradition gepr\u00e4gt blieb.<\/p>\n<\/div>\n\t\t<\/div>\n\t<\/div>\n<\/section>\n\n\n<section class=\"block block-accordion\">\n\t<div class=\"container-fluid\">\n\t\t<div class=\"row\">\n\t\t\t<div class=\"col-xs-12 col-md-offset-2 col-md-8\">\n\t\t\t\t<div class=\"box\">\n\t\t\t\t\t\t\t\t\t\t\t<block-accordion inline-template>\n\t\t\t\t\t\t\t<div class=\"accordion\">\n\t\t\t\t\t\t\t\t\t\t\t\t\t\t\t<block-accordion-item inline-template item-headline=\"Madeleine Thien\">\n\t\t\t\t\t\t\t\t<div ref=\"item\" data-id=\"MadeleineThien\" class=\"block-accordion-item active vue-initialize\" aria-expanded=\"true\" :aria-expanded=\"active ? 'true' : 'false'\">\n\t\t\t\t\t\t\t\t\t<button class=\"accordion-button-with-icon block-accordion-item-head\" :class=\"{'button-active': active}\" ref=\"head\" aria-controls=\"acc_69f2c8f92d2da\" id=\"acc_title_69f2c8f92d2df\" @click=\"toggle\" @keydown=\"key\">\n\t\t\t\t\t\t\t\t\t<div><span class=\"button-label\">Madeleine Thien<\/span><\/div><span class=\"button-icon icon-plus\" aria-hidden=\"true\"><\/span>\n\t\t\t\t\t\t\t\t<\/button>\n\t\t\t\t\t\t\t\t\t<div ref=\"body\" class=\"block-accordion-item-content\" id=\"acc_69f2c8f92d2da\" role=\"region\">\n\t\t\t\t\t\t\t\t\t\t<div class=\"wrapper copy\">\n\t\t\t\t\t\t\t\t\t\t\t<p><strong>Madeleine Thien<\/strong> wurde in Vancouver, British Columbia, geboren. Ihr vielf\u00e4ltiges Werk umfasst Romane, Kurzgeschichten, ein Kinderbuch sowie zahlreiche Essays. Zentral f\u00fcr ihr Schreiben ist die Frage, wie sich vor dem Hintergrund von Migration, Trauma und der Suche nach Identit\u00e4t und Zugeh\u00f6rigkeit die eigene und gemeinsame Geschichte neu erz\u00e4hlen l\u00e4sst. Ihr Werk wurde in mehr als 25 Sprachen \u00fcbersetzt und gewann die renommiertesten Literaturpreise Kanadas sowie zahlreiche weitere Auszeichnungen. Madeleine Thien lebt in Montreal, Kanada.<\/p>\n\n\t\t\t\t\t\t\t\t\t\t\t\t\t\t\t\t\t\t\t\t\t\t\t\t\t\t\t\t\t\t\t\t\t\n\t\t\t\t\t\t\t\t\t\t\t<div class=\"row\">\n\t\t\t\t\t\t\t\t\t\t\t\t<div class=\"col-xs-9 col-md-9\">\n\t\t\t\t\t\t\t\t\t\t\t\t\t<div class=\"box\">\n\t\t\t\t\t\t\t\t\t\t\t\t\t\t\n\t<lazy-media-inline inline-template>\n\t\t<figure itemscope itemtype=\"http:\/\/schema.org\/ImageObject\" class=\"lazy-media-inline \" role=\"group\" id=\"media_69f2c8f92dc15\" aria-labelledby=\"desc_media_69f2c8f92dc15\">\n\t\t\t<script type=\"application\/json\" ref=\"data\">\n\t\t\t\t{\n\t\t\t\t\"sizes\" : {\"medium\":{\"file\":\"SHF_eb00207959-300x200.jpg\",\"width\":300,\"height\":200,\"mime-type\":\"image\\\/jpeg\",\"filesize\":12299},\"thumbnail\":{\"file\":\"SHF_eb00207959-150x150.jpg\",\"width\":150,\"height\":150,\"mime-type\":\"image\\\/jpeg\",\"filesize\":5855},\"medium_large\":{\"file\":\"SHF_eb00207959-768x512.jpg\",\"width\":768,\"height\":512,\"mime-type\":\"image\\\/jpeg\",\"filesize\":48712},\"small\":{\"file\":\"SHF_eb00207959-440x293.jpg\",\"width\":440,\"height\":293,\"mime-type\":\"image\\\/jpeg\",\"filesize\":21266},\"semi\":{\"file\":\"SHF_eb00207959-580x387.jpg\",\"width\":580,\"height\":387,\"mime-type\":\"image\\\/jpeg\",\"filesize\":32531},\"mobile\":{\"file\":\"SHF_eb00207959-720x480.jpg\",\"width\":720,\"height\":480,\"mime-type\":\"image\\\/jpeg\",\"filesize\":44198},\"original\":{\"file\":\"SHF_eb00207959.jpg\",\"width\":1000,\"height\":667}},\n\t\t\t\t\"alt\" : \"Frau l\\u00e4chelt in einem Museum vor kunstvollen Wandtafeln und interagiert mit den Besuchern.\",\n\t\t\t\t\"path\" : \"\\\/wp-content\\\/uploads\\\/2026\\\/02\\\/\",\n\t\t\t\t\"video\" : null,\n\t\t\t\t\"autoplay\" : null,\n\t\t\t\t\"youtube\" : null,\n\t\t\t\t\"youtubelabel\" : \"Video abspielen\",\n\t\t\t\t\"brightness\" : 100,\n\t\t\t\t\"crop\" : null,\n\t\t\t\t\"background\" : false,\n\t\t\t\t\"scale\" : 1\t\t\t\t}\n\t\t\t<\/script>\n\n\t\t\t<div class=\"height-container\" style=\"padding-bottom:66.7%;\" v-if=\"sizes\">\n\t\t\t\t\t\t\t\t<lazy-media :inline=\"true\" :alt=\"alt\" :sizes=\"sizes\" :scale=\"scale\" :brightness=\"brightness\" :path=\"path\" :video=\"video\" :autoplay=\"autoplay\" :youtube=\"youtube\" :crop=\"crop\" :youtubelabel=\"youtubelabel\" :background=\"background\" media-id=\"desc_media_69f2c8f92dc15\"><\/lazy-media>\n\t\t\t\t\t\t\t<\/div>\n\n\t\t\t\t\t\t\t<figcaption class=\"\" id=\"desc_media_69f2c8f92dc15\">\n\t\t\t\t\t<div class=\"lazy-media-info-body-content\">\n\t\t\t\t\t\t\t\t\t\t\t\t\t\t\t\t\t\t\t<div>Madeleine Thien im Humboldt Forum <\/div>\n\t\t\t\t\t\t\t\t\t\t\t\t\t\t\t\t\t\t\t<div class=\"insignificant\">\u00a9 Staatliche Museen zu Berlin, Museum f\u00fcr Asiatische Kunst \/ Stiftung Humboldt Forum im Berliner Schloss, Foto: Frank Sperling<\/div>\n\t\t\t\t\t\t\t\t\t\t\t<\/div>\n\t\t\t\t<\/figcaption>\n\t\t\t\t\t\t\t\t\t<\/figure>\n\t<\/lazy-media-inline>\n\t\t\t\t\t\t\t\t\t\t\t\t\t<\/div>\n\t\t\t\t\t\t\t\t\t\t\t\t<\/div>\n\t\t\t\t\t\t\t\t\t\t\t<\/div>\n\n\t\t\t\t\t\t\t\t\t\t\t\t\t\t\t\t\t\t\t\t\t<\/div>\n\t\t\t\t\t\t\t\t\t<\/div>\n\t\t\t\t\t\t\t\t<\/div>\n\t\t\t\t\t\t\t\t<\/block-accordion-item>\n\t\t\t\t\t\t\t\t\t\t\t\t\t<\/div>\n\t\t\t\t\t\t<\/block-accordion>\n\t\t\t\t\t\t\t\t\t<\/div>\n\t\t\t<\/div>\n\t\t<\/div>\n\t<\/div>\n<\/section>\n\n\n<section class=\"block block-teaser col-3 \" style=\"\">\n\t<lazy-component :fixed-min-height=\"400\">\n\t\n\t\t\t\t\t<div class=\"container-fluid\">\n\t\t\t\t<div class=\"row bottom-xs\">\n\t\t\t\t\t<div class=\"col-xs-12 col-md-8\">\n\t\t\t\t\t\t<h4>Geh\u00f6rt zu<\/h4>\t\t\t\t\t\t\t\t\t\t\t\t\t\t\t\t\t\t\t<\/div>\n\t\t\t\t\t<div class=\"col-xs-12 col-md-4 start-xs end-md margin-bottom-sixth\">\n\t\t\t\t\t\t\t\t\t\t\t<\/div>\n\t\t\t\t<\/div>\n\t\t\t\t<ul class=\"row\"> <li class=\"col-xs-12 col-sm-6 col-md-4  teaser-wrapper col-padding-remove\">\n\t<div class=\"box\">\n\t\t<calendarteaser key=\"5861910047\" rawitem='{&quot;postId&quot;:58619,&quot;title&quot;:&quot;Objekte widersprechen&quot;,&quot;excerpt&quot;:&quot;&quot;,&quot;slug&quot;:&quot;objekte-widersprechen&quot;,&quot;type&quot;:&quot;event-sequence&quot;,&quot;post_date&quot;:&quot;2022-10-21T08:46&quot;,&quot;permalink&quot;:&quot;https:\\\/\\\/www.humboldtforum.org\\\/de\\\/programm\\\/event-reihe\\\/literatur\\\/objekte-widersprechen-58619\\\/&quot;,&quot;genre&quot;:[423],&quot;genre_details&quot;:[{&quot;text&quot;:&quot;Literatur&quot;,&quot;id&quot;:423,&quot;icon&quot;:null,&quot;parent&quot;:0}],&quot;stakeholder&quot;:[382],&quot;stakeholder_details&quot;:[{&quot;text&quot;:&quot;Stiftung Humboldt Forum im Berliner Schloss&quot;,&quot;id&quot;:382,&quot;icon&quot;:null,&quot;parent&quot;:0}],&quot;icon_overwrite&quot;:&quot;&quot;,&quot;acf&quot;:{&quot;noindex&quot;:false,&quot;keywords&quot;:&quot;&quot;,&quot;belongsto&quot;:false,&quot;shorturl&quot;:&quot;Objektewidersprechen&quot;,&quot;subline&quot;:&quot;Internationale Schriftsteller*innen sprechen von-durch-mit einem Objekt&quot;,&quot;additional_info&quot;:{&quot;icon&quot;:&quot;0&quot;,&quot;text&quot;:&quot;&quot;},&quot;highlight_header&quot;:true,&quot;use_video_in_teasers&quot;:false,&quot;hyphenation&quot;:true,&quot;manual_period&quot;:false,&quot;tipp&quot;:false,&quot;joker&quot;:false,&quot;live&quot;:false,&quot;hide_event_in_program&quot;:false,&quot;featured_images&quot;:[160869],&quot;events&quot;:[58632,129070,144947,147209,158689,160799,162813],&quot;overwrite_date&quot;:&quot;Veranstaltungsreihe&quot;,&quot;highlight_header_image&quot;:161556,&quot;has_mobile_format&quot;:false},&quot;date&quot;:{&quot;NLAST&quot;:&quot;202605181900&quot;,&quot;NX&quot;:&quot;20260518&quot;,&quot;NXX&quot;:&quot;202605181900&quot;,&quot;from_DATE&quot;:&quot;20221118 19:00&quot;,&quot;from&quot;:1668790800,&quot;to&quot;:1779120000,&quot;to_DATE&quot;:&quot;20260518 19:00&quot;,&quot;from_HRFSHORT&quot;:&quot;18. Nov 2022&quot;,&quot;from_HRFSHORT_WD&quot;:&quot;Fr 18.11.2022&quot;,&quot;to_HRFSHORT&quot;:&quot;18. Mai 2026&quot;,&quot;to_HRFSHORT_WD&quot;:&quot;Mo 18.05.2026&quot;,&quot;from_HRF&quot;:&quot;Fr, 18. November 2022&quot;,&quot;to_HRF&quot;:&quot;Mo, 18. Mai 2026&quot;,&quot;from_to_HRF&quot;:&quot;Fr, 18. November 2022 \\u2013 Mo, 18. Mai 2026&quot;,&quot;from_to_HRFSHORT&quot;:&quot;18. Nov 2022 \\u2013 18. Mai 2026&quot;},&quot;alert&quot;:&quot;Highlight&quot;,&quot;partof&quot;:[],&quot;marketing_topic&quot;:&quot;&quot;}' inline-template>\n\t\t<a href=\"https:\/\/www.humboldtforum.org\/de\/programm\/event-reihe\/literatur\/objekte-widersprechen-58619\/\" class=\"teaser teaser-page teaser-event-sequence teaser-event-highlight\">\n\t\t\t<div class=\"teaser-image teaser-image-full footer-gradient\">\n\t\t\t\t\n\t<lazy-media-inline inline-template>\n\t\t<figure itemscope itemtype=\"http:\/\/schema.org\/ImageObject\" class=\"lazy-media-inline \" role=\"group\" id=\"media_69f2c8f96d057\" aria-labelledby=\"desc_media_69f2c8f96d057\">\n\t\t\t<script type=\"application\/json\" ref=\"data\">\n\t\t\t\t{\n\t\t\t\t\"sizes\" : {\"medium\":{\"file\":\"SHF_eb00248873-300x200.jpg\",\"width\":300,\"height\":200,\"mime-type\":\"image\\\/jpeg\",\"filesize\":12632},\"large\":{\"file\":\"SHF_eb00248873-1024x682.jpg\",\"width\":1024,\"height\":682,\"mime-type\":\"image\\\/jpeg\",\"filesize\":79631},\"thumbnail\":{\"file\":\"SHF_eb00248873-150x150.jpg\",\"width\":150,\"height\":150,\"mime-type\":\"image\\\/jpeg\",\"filesize\":6248},\"medium_large\":{\"file\":\"SHF_eb00248873-768x512.jpg\",\"width\":768,\"height\":512,\"mime-type\":\"image\\\/jpeg\",\"filesize\":51796},\"small\":{\"file\":\"SHF_eb00248873-440x293.jpg\",\"width\":440,\"height\":293,\"mime-type\":\"image\\\/jpeg\",\"filesize\":22642},\"semi\":{\"file\":\"SHF_eb00248873-580x387.jpg\",\"width\":580,\"height\":387,\"mime-type\":\"image\\\/jpeg\",\"filesize\":34184},\"mobile\":{\"file\":\"SHF_eb00248873-720x480.jpg\",\"width\":720,\"height\":480,\"mime-type\":\"image\\\/jpeg\",\"filesize\":46510},\"hd\":{\"file\":\"SHF_eb00248873-1280x853.jpg\",\"width\":1280,\"height\":853,\"mime-type\":\"image\\\/jpeg\",\"filesize\":111061},\"full\":{\"file\":\"SHF_eb00248873-1920x1280.jpg\",\"width\":1920,\"height\":1280,\"mime-type\":\"image\\\/jpeg\",\"filesize\":204923},\"1536x1536\":{\"file\":\"SHF_eb00248873-1536x1024.jpg\",\"width\":1536,\"height\":1024,\"mime-type\":\"image\\\/jpeg\",\"filesize\":146289},\"original\":{\"file\":\"SHF_eb00248873.jpg\",\"width\":2000,\"height\":1333}},\n\t\t\t\t\"alt\" : \"Zwei Frauen sitzen an einem Tisch, diskutieren und sind von Publikum umgeben, mit B\\u00fcchern und Wasserkaraffen auf dem Tisch.\",\n\t\t\t\t\"path\" : \"\\\/wp-content\\\/uploads\\\/2022\\\/10\\\/\",\n\t\t\t\t\"video\" : null,\n\t\t\t\t\"autoplay\" : null,\n\t\t\t\t\"youtube\" : null,\n\t\t\t\t\"youtubelabel\" : \"Video abspielen\",\n\t\t\t\t\"brightness\" : 100,\n\t\t\t\t\"crop\" : {\"top\":\"39.70\",\"left\":\"50.10\"},\n\t\t\t\t\"background\" : true,\n\t\t\t\t\"scale\" : 3\t\t\t\t}\n\t\t\t<\/script>\n\n\t\t\t<div class=\"height-container\" style=\"padding-bottom:66.65%;\" v-if=\"sizes\">\n\t\t\t\t\t\t\t\t<lazy-media :inline=\"true\" :alt=\"alt\" :sizes=\"sizes\" :scale=\"scale\" :brightness=\"brightness\" :path=\"path\" :video=\"video\" :autoplay=\"autoplay\" :youtube=\"youtube\" :crop=\"crop\" :youtubelabel=\"youtubelabel\" :background=\"background\" media-id=\"desc_media_69f2c8f96d057\"><\/lazy-media>\n\t\t\t\t\t\t\t<\/div>\n\n\t\t\t\t\t\t\t<figcaption class=\"sr-only\" ref=\"body\" id=\"desc_media_69f2c8f96d057\">\n\t\t\t\t\t\t\t\t\t\t\t\t\t\t\t\t<div>Objekte widersprechen Veranstaltung &quot;Sharp as a Story&quot; mit Cristina Rivera Garza, 2025 <\/div>\n\t\t\t\t\t\t\t\t\t\t\t\t\t\t\t\t<div class=\"insignificant\">\u00a9 Stiftung Humboldt Forum im Berliner Schloss, Foto: Johannes Berger<\/div>\n\t\t\t\t\t\t\t\t\t<\/figcaption>\n\t\t\t\t\t<\/figure>\n\t<\/lazy-media-inline>\n\t\t\t\t\t\t\t<\/div>\n\t\t\t<div class=\"teaser-header teaser-header-bottom\"><div>\n\t\t\t\t<div class=\"margin-bottom-atom\">\n\t\t\t\t\t<div class=\"subline clamp-1\" v-html=\"maingenre\"><\/div>\n\t\t\t\t\t\t\t\t\t<\/div>\n\t\t\t\t<h4 class=\"h3 clamp-4\">Objekte widersprechen<\/h4>\n\t\t\t\t<div class=\"Untertitel margin-bottom-atom\">\n\t\t\t\t\t\t\t\t\t\t<p class=\"Infos clamp-2\">\n\t\t\t\t\t\t\t\t\t\t\t\t\tInternationale Schriftsteller*innen sprechen von-durch-mit einem Objekt\t\t\t\t\t\t\t\t\t\t\t<\/p>\n\t\t\t\t\t\t\t\t\t\t<p class=\"Infos\">\n\t\t\t\t\t\t<calendardateline :rawitem='item' :show-icon=\"false\"><\/calendardateline>\n\t\t\t\t\t<\/p>\n\t\t\t\t<\/div>\n\t\t\t<\/div><\/div>\n\t\t<\/a>\n\t\t<\/calendarteaser>\n\t<\/div>\n<\/li>\n<\/ul>\n\t\t\t<\/div>\n\t\t\t\t<\/lazy-component>\n<\/section>\n\n","protected":false},"template":"","genre":[739],"digital":[],"topic":[],"stakeholder":[382],"editorial":[],"editorialfilter":[],"targetgroup":[],"language":[384],"accessability":[],"school":[],"class_list":["post-159388","event-publication","type-event-publication","status-publish","hentry","genre-publikation","stakeholder-stiftung-humboldt-forum-im-berliner-schloss","language-deutsch"],"acf":[],"_links":{"self":[{"href":"https:\/\/www.humboldtforum.org\/de\/wp-json\/wp\/v2\/event-publication\/159388","targetHints":{"allow":["GET"]}}],"collection":[{"href":"https:\/\/www.humboldtforum.org\/de\/wp-json\/wp\/v2\/event-publication"}],"about":[{"href":"https:\/\/www.humboldtforum.org\/de\/wp-json\/wp\/v2\/types\/event-publication"}],"version-history":[{"count":9,"href":"https:\/\/www.humboldtforum.org\/de\/wp-json\/wp\/v2\/event-publication\/159388\/revisions"}],"predecessor-version":[{"id":159407,"href":"https:\/\/www.humboldtforum.org\/de\/wp-json\/wp\/v2\/event-publication\/159388\/revisions\/159407"}],"wp:attachment":[{"href":"https:\/\/www.humboldtforum.org\/de\/wp-json\/wp\/v2\/media?parent=159388"}],"wp:term":[{"taxonomy":"genre","embeddable":true,"href":"https:\/\/www.humboldtforum.org\/de\/wp-json\/wp\/v2\/genre?post=159388"},{"taxonomy":"digital","embeddable":true,"href":"https:\/\/www.humboldtforum.org\/de\/wp-json\/wp\/v2\/digital?post=159388"},{"taxonomy":"topic","embeddable":true,"href":"https:\/\/www.humboldtforum.org\/de\/wp-json\/wp\/v2\/topic?post=159388"},{"taxonomy":"stakeholder","embeddable":true,"href":"https:\/\/www.humboldtforum.org\/de\/wp-json\/wp\/v2\/stakeholder?post=159388"},{"taxonomy":"editorial","embeddable":true,"href":"https:\/\/www.humboldtforum.org\/de\/wp-json\/wp\/v2\/editorial?post=159388"},{"taxonomy":"editorialfilter","embeddable":true,"href":"https:\/\/www.humboldtforum.org\/de\/wp-json\/wp\/v2\/editorialfilter?post=159388"},{"taxonomy":"targetgroup","embeddable":true,"href":"https:\/\/www.humboldtforum.org\/de\/wp-json\/wp\/v2\/targetgroup?post=159388"},{"taxonomy":"language","embeddable":true,"href":"https:\/\/www.humboldtforum.org\/de\/wp-json\/wp\/v2\/language?post=159388"},{"taxonomy":"accessability","embeddable":true,"href":"https:\/\/www.humboldtforum.org\/de\/wp-json\/wp\/v2\/accessability?post=159388"},{"taxonomy":"school","embeddable":true,"href":"https:\/\/www.humboldtforum.org\/de\/wp-json\/wp\/v2\/school?post=159388"}],"curies":[{"name":"wp","href":"https:\/\/api.w.org\/{rel}","templated":true}]}}