{"id":159678,"date":"2026-02-18T17:00:35","date_gmt":"2026-02-18T16:00:35","guid":{"rendered":"https:\/\/www.humboldtforum.org\/?post_type=event-publication&#038;p=159678"},"modified":"2026-04-29T08:56:18","modified_gmt":"2026-04-29T06:56:18","slug":"maaza-mengiste-von-allgemeinem-interesse","status":"publish","type":"event-publication","link":"https:\/\/www.humboldtforum.org\/de\/programm\/publikation\/publikation\/maaza-mengiste-von-allgemeinem-interesse-159678\/","title":{"rendered":"Maaza Mengiste. Von allgemeinem Interesse"},"content":{"rendered":"<section class=\"block block-copy\" >\n    <div class=\"container-fluid\">\n\t\t<div class=\"row \">\n            <div class=\"col-xs-12 col-md-offset-2 col-md-8\">\n                <div class=\"box\">\n                    <div class=\"copy\"><p>Die britische \u00c4thiopienexpedition 1868 und das Niederbrennen der Bergfestung Magdala haben die \u00e4thiopische Schriftstellerin und Fotografin Maaza Mengiste zu ihrer Erz\u00e4hlung \u201eVon allgemeinem Interesse\u201c inspiriert. Mengiste, die derzeit in New York lebt, denkt \u00fcber die Reise eines pr\u00e4chtigen und kunstvoll gefertigten k\u00f6niglichen Mantels aus \u00c4thiopien nach. Es ist ein Weg aus den Wirren der Schlacht, durch Feuer, ein Weg \u00fcber die Berge, \u00fcber das Wasser \u2013 bis nach Berlin. Mengistes Werk holt Stimmen und Geschichten ans Licht, die bisher ausgeklammert wurden, Leerstellen, die unerkl\u00e4rlich scheinen, Bilder, Gegenst\u00e4nde und Orte, die von einer unbew\u00e4ltigten Vergangenheit durchzogen sind.<\/p>\n<p>Herausgegeben von der Stiftung Humboldt Forum im Berliner Schloss<br \/>\nDiaphanes, Klappenbroschur, ISBN 978-3-0358-0867-4<\/p>\n<\/div>\n                <\/div>\n            <\/div>\n\t\t<\/div>\n\t\t    <\/div>\n<\/section>\n\n<section class=\"block block-standard-image-copy rev2nd\"> \n\t<div class=\"container-fluid\">\n\t\t<div class=\"row middle-sm\">\n\t\t\t<div class=\"col-xs-10 col-sm-6 margin-bottom-sixth\" data-motion-parallax='{\"child\":\".image-wrapper\",\"mask\":\".lazy-media\",\"tween\":{\"yPercent\": [-15,15]}}'>\n\t\t\t\t\n\t<lazy-media-inline inline-template>\n\t\t<figure itemscope itemtype=\"http:\/\/schema.org\/ImageObject\" class=\"lazy-media-inline lazy-max-height-exception\" role=\"group\" id=\"media_69f4f1281beab\" aria-labelledby=\"desc_media_69f4f1281beab\">\n\t\t\t<script type=\"application\/json\" ref=\"data\">\n\t\t\t\t{\n\t\t\t\t\"sizes\" : {\"medium\":{\"file\":\"SHF_eb00223488-225x300.jpg\",\"width\":225,\"height\":300,\"mime-type\":\"image\\\/jpeg\",\"filesize\":12518},\"large\":{\"file\":\"SHF_eb00223488-768x1024.jpg\",\"width\":768,\"height\":1024,\"mime-type\":\"image\\\/jpeg\",\"filesize\":139788},\"thumbnail\":{\"file\":\"SHF_eb00223488-150x150.jpg\",\"width\":150,\"height\":150,\"mime-type\":\"image\\\/jpeg\",\"filesize\":4215},\"medium_large\":{\"file\":\"SHF_eb00223488-768x1024.jpg\",\"width\":768,\"height\":1024,\"mime-type\":\"image\\\/jpeg\",\"filesize\":139788},\"small\":{\"file\":\"SHF_eb00223488-330x440.jpg\",\"width\":330,\"height\":440,\"mime-type\":\"image\\\/jpeg\",\"filesize\":25503},\"semi\":{\"file\":\"SHF_eb00223488-435x580.jpg\",\"width\":435,\"height\":580,\"mime-type\":\"image\\\/jpeg\",\"filesize\":44370},\"mobile\":{\"file\":\"SHF_eb00223488-540x720.jpg\",\"width\":540,\"height\":720,\"mime-type\":\"image\\\/jpeg\",\"filesize\":69156},\"original\":{\"file\":\"SHF_eb00223488.jpg\",\"width\":900,\"height\":1200}},\n\t\t\t\t\"alt\" : \"Pr\\u00e4chtige, gold- und farbenfrohe Kapuze oder Umhang vor schwarzem Hintergrund.\",\n\t\t\t\t\"path\" : \"\\\/wp-content\\\/uploads\\\/2024\\\/05\\\/\",\n\t\t\t\t\"video\" : null,\n\t\t\t\t\"autoplay\" : null,\n\t\t\t\t\"youtube\" : null,\n\t\t\t\t\"youtubelabel\" : \"Video abspielen\",\n\t\t\t\t\"brightness\" : 100,\n\t\t\t\t\"crop\" : {\"top\":\"23.62\",\"left\":\"49.62\"},\n\t\t\t\t\"background\" : true,\n\t\t\t\t\"scale\" : 2\t\t\t\t}\n\t\t\t<\/script>\n\n\t\t\t<div class=\"height-container\" style=\"padding-bottom:133.33333333333%;\" v-if=\"sizes\">\n\t\t\t\t\t\t\t\t<lazy-media :inline=\"true\" :alt=\"alt\" :sizes=\"sizes\" :scale=\"scale\" :brightness=\"brightness\" :path=\"path\" :video=\"video\" :autoplay=\"autoplay\" :youtube=\"youtube\" :crop=\"crop\" :youtubelabel=\"youtubelabel\" :background=\"background\" media-id=\"desc_media_69f4f1281beab\"><\/lazy-media>\n\t\t\t\t\t\t\t<\/div>\n\n\t\t\t\t\t\t\t<div class=\"lazy-media-info-container-fluid\">\n\t\t\t\t<div class=\"lazy-media-info-row end-xs\">\n\t\t\t\t\t<div class=\"lazy-media-info-col\">\n\t\t\t\t\t\t<div class=\"lazy-media-info\" aria-expanded=\"false\" :aria-expanded=\"isOpen ? 'true' : 'false'\">\n\t\t\t\t\t\t\t<button class=\"lazy-media-info-head button-tiny\" :class=\"{'button-active': isOpen}\" @click=\"toggle\" ref=\"head\"><span class=\"button-label insignificant\">Bildinfo<\/span><\/button>\n\t\t\t\t\t\t\t<figcaption class=\"lazy-media-info-body\" ref=\"body\" id=\"desc_media_69f4f1281beab\">\n\t\t\t\t\t\t\t\t<div class=\"lazy-media-info-body-content\">\n\t\t\t\t\t\t\t\t\t\t\t\t\t\t\t\t\t\t\t<div>Kr&ouml;nungsmantel angeeignet durch Karl Heinrich Saalm&uuml;ller in Abessinien (heutiges &Auml;thiopien)<\/div>\n\t\t\t\t\t\t\t\t\t\t\t\t\t\t\t\t\t\t\t\t\t\t\t\t\t\t\t\t\t\t\t\t\t\t\t\t\t<div class=\"insignificant\">\u00a9 Staatliche Museen zu Berlin, Ethnologisches Museum, Foto: Claudia Obrocki<\/div>\n\t\t\t\t\t\t\t\t\t\t\t\t\t\t\t\t\t<\/div>\n\t\t\t\t\t\t\t<\/figcaption>\n\t\t\t\t\t\t\t<div class=\"lazy-media-info-head-border\"><\/div>\n\t\t\t\t\t\t<\/div>\n\t\t\t\t\t<\/div>\n\t\t\t\t<\/div>\n\t\t\t<\/div>\n\t\t\t\t\t\t\t\t\t<\/figure>\n\t<\/lazy-media-inline>\n\t\t\t<\/div>\n\t\t\t<div class=\"col-xs-10 col-sm-6 col-md-5 copy margin-bottom-half\"><p>Der\u00a0Umhang\u00a0ist ein herausragendes Zeugnis \u00e4thiopischer Hofkunst des 19. Jahrhunderts. Kaiser\u00a0Tewodros II. lie\u00df mehrere dieser prunkvollen Umh\u00e4nge anfertigen. Urspr\u00fcnglich als diplomatisches Geschenk f\u00fcr Queen Victoria vorgesehen, verschenkte er sie nach einer Verschlechterung der Beziehungen zum britischen Empire an bedeutende Damen seines Hofes.\u00a0Zwei davon gingen an die \u00e4thiopischen Ehefrauen der Missionare\u00a0Karl Saalm\u00fcller\u00a0und\u00a0Theophilus Waldmeier.\u00a0Waldmeier\u00a0starb in Beirut. Der Verbleib des\u00a0Umhangs\u00a0seiner Frau ist unbekannt. Saalm\u00fcller\u00a0\u00fcberlie\u00df\u00a0den\u00a0Umhang seinem\u00a0Bruder J. Heinrich Saalm\u00fcller in Heldenburg, der ihn 1874 an das damalige\u00a0K\u00f6nigliche\u00a0Museum f\u00fcr V\u00f6lkerkunde verkaufte.<\/p>\n<p>Prunkumhang<br \/>\nUmhang\u00a0aus Seide, Gold, Silber und Baumwolle<br \/>\n\u00c4thiopien<br \/>\nMitte 19. Jahrhundert<br \/>\nEthnologisches Museum \u2013 Staatliche Museen zu Berlin, Stiftung Preu\u00dfischer Kulturbesitz<br \/>\nInventarnummer: III A 566<\/p>\n<\/div>\n\t\t<\/div>\n\t<\/div>\n<\/section>\n\n\n<section class=\"block block-accordion\">\n\t<div class=\"container-fluid\">\n\t\t<div class=\"row\">\n\t\t\t<div class=\"col-xs-12 col-md-offset-2 col-md-8\">\n\t\t\t\t<div class=\"box\">\n\t\t\t\t\t\t\t\t\t\t\t<block-accordion inline-template>\n\t\t\t\t\t\t\t<div class=\"accordion\">\n\t\t\t\t\t\t\t\t\t\t\t\t\t\t\t<block-accordion-item inline-template item-headline=\"Maaza Mengiste\">\n\t\t\t\t\t\t\t\t<div ref=\"item\" data-id=\"MaazaMengiste\" class=\"block-accordion-item active vue-initialize\" aria-expanded=\"true\" :aria-expanded=\"active ? 'true' : 'false'\">\n\t\t\t\t\t\t\t\t\t<button class=\"accordion-button-with-icon block-accordion-item-head\" :class=\"{'button-active': active}\" ref=\"head\" aria-controls=\"acc_69f4f12822d4e\" id=\"acc_title_69f4f12822d51\" @click=\"toggle\" @keydown=\"key\">\n\t\t\t\t\t\t\t\t\t<div><span class=\"button-label\">Maaza Mengiste<\/span><\/div><span class=\"button-icon icon-plus\" aria-hidden=\"true\"><\/span>\n\t\t\t\t\t\t\t\t<\/button>\n\t\t\t\t\t\t\t\t\t<div ref=\"body\" class=\"block-accordion-item-content\" id=\"acc_69f4f12822d4e\" role=\"region\">\n\t\t\t\t\t\t\t\t\t\t<div class=\"wrapper copy\">\n\t\t\t\t\t\t\t\t\t\t\t<p><strong>Maaza Mengiste<\/strong> ist Romanautorin, Essayistin und Fotografin. Ihr Deb\u00fct <em>Unter den Augen des L\u00f6wen<\/em> wurde vom Guardian zu einem der zehn besten zeitgen\u00f6ssischen afrikanischen B\u00fccher gew\u00e4hlt. Ihr Roman <em>Der Schattenk\u00f6nig<\/em> stand 2020 auf der Shortlist f\u00fcr den Booker Prize. Mengiste ist Gr\u00fcnderin von Project3541, eines kollektiven Erinnerungsprojekts \u00fcber den Italienisch-\u00c4thiopischen Krieg 1935-1941, das die statische Natur eines Archivs \u00fcberwinden m\u00f6chte.<\/p>\n\n\t\t\t\t\t\t\t\t\t\t\t\t\t\t\t\t\t\t\t\t\t\t\t\t\t\t\t\t\t\t\t\t\t\n\t\t\t\t\t\t\t\t\t\t\t<div class=\"row\">\n\t\t\t\t\t\t\t\t\t\t\t\t<div class=\"col-xs-9 col-md-9\">\n\t\t\t\t\t\t\t\t\t\t\t\t\t<div class=\"box\">\n\t\t\t\t\t\t\t\t\t\t\t\t\t\t\n\t<lazy-media-inline inline-template>\n\t\t<figure itemscope itemtype=\"http:\/\/schema.org\/ImageObject\" class=\"lazy-media-inline \" role=\"group\" id=\"media_69f4f128233ea\" aria-labelledby=\"desc_media_69f4f128233ea\">\n\t\t\t<script type=\"application\/json\" ref=\"data\">\n\t\t\t\t{\n\t\t\t\t\"sizes\" : {\"medium\":{\"file\":\"SHF_eb00225956-300x200.jpg\",\"width\":300,\"height\":200,\"mime-type\":\"image\\\/jpeg\",\"filesize\":10203},\"thumbnail\":{\"file\":\"SHF_eb00225956-150x150.jpg\",\"width\":150,\"height\":150,\"mime-type\":\"image\\\/jpeg\",\"filesize\":5103},\"medium_large\":{\"file\":\"SHF_eb00225956-768x511.jpg\",\"width\":768,\"height\":511,\"mime-type\":\"image\\\/jpeg\",\"filesize\":39015},\"small\":{\"file\":\"SHF_eb00225956-440x293.jpg\",\"width\":440,\"height\":293,\"mime-type\":\"image\\\/jpeg\",\"filesize\":17480},\"semi\":{\"file\":\"SHF_eb00225956-580x386.jpg\",\"width\":580,\"height\":386,\"mime-type\":\"image\\\/jpeg\",\"filesize\":26039},\"mobile\":{\"file\":\"SHF_eb00225956-720x480.jpg\",\"width\":720,\"height\":480,\"mime-type\":\"image\\\/jpeg\",\"filesize\":35307},\"original\":{\"file\":\"SHF_eb00225956.jpg\",\"width\":1000,\"height\":666}},\n\t\t\t\t\"alt\" : \"Zwei Frauen im Gespr\\u00e4ch auf einer B\\u00fchne; eine l\\u00e4chelt, die andere gestikuliert. Hintergrund in sanften Farben.\",\n\t\t\t\t\"path\" : \"\\\/wp-content\\\/uploads\\\/2026\\\/02\\\/\",\n\t\t\t\t\"video\" : null,\n\t\t\t\t\"autoplay\" : null,\n\t\t\t\t\"youtube\" : null,\n\t\t\t\t\"youtubelabel\" : \"Video abspielen\",\n\t\t\t\t\"brightness\" : 100,\n\t\t\t\t\"crop\" : null,\n\t\t\t\t\"background\" : false,\n\t\t\t\t\"scale\" : 1\t\t\t\t}\n\t\t\t<\/script>\n\n\t\t\t<div class=\"height-container\" style=\"padding-bottom:66.6%;\" v-if=\"sizes\">\n\t\t\t\t\t\t\t\t<lazy-media :inline=\"true\" :alt=\"alt\" :sizes=\"sizes\" :scale=\"scale\" :brightness=\"brightness\" :path=\"path\" :video=\"video\" :autoplay=\"autoplay\" :youtube=\"youtube\" :crop=\"crop\" :youtubelabel=\"youtubelabel\" :background=\"background\" media-id=\"desc_media_69f4f128233ea\"><\/lazy-media>\n\t\t\t\t\t\t\t<\/div>\n\n\t\t\t\t\t\t\t<figcaption class=\"\" id=\"desc_media_69f4f128233ea\">\n\t\t\t\t\t<div class=\"lazy-media-info-body-content\">\n\t\t\t\t\t\t\t\t\t\t\t\t\t\t\t\t\t\t\t<div>Maaza Mengiste im Gespr&auml;ch mit Priya Basil im Humboldt Forum <\/div>\n\t\t\t\t\t\t\t\t\t\t\t\t\t\t\t\t\t\t\t<div class=\"insignificant\">\u00a9 Johannes Berger<\/div>\n\t\t\t\t\t\t\t\t\t\t\t<\/div>\n\t\t\t\t<\/figcaption>\n\t\t\t\t\t\t\t\t\t<\/figure>\n\t<\/lazy-media-inline>\n\t\t\t\t\t\t\t\t\t\t\t\t\t<\/div>\n\t\t\t\t\t\t\t\t\t\t\t\t<\/div>\n\t\t\t\t\t\t\t\t\t\t\t<\/div>\n\n\t\t\t\t\t\t\t\t\t\t\t\t\t\t\t\t\t\t\t\t\t<\/div>\n\t\t\t\t\t\t\t\t\t<\/div>\n\t\t\t\t\t\t\t\t<\/div>\n\t\t\t\t\t\t\t\t<\/block-accordion-item>\n\t\t\t\t\t\t\t\t\t\t\t\t\t<\/div>\n\t\t\t\t\t\t<\/block-accordion>\n\t\t\t\t\t\t\t\t\t<\/div>\n\t\t\t<\/div>\n\t\t<\/div>\n\t<\/div>\n<\/section>\n\n\n<section class=\"block block-teaser col-3 \" style=\"\">\n\t<lazy-component :fixed-min-height=\"400\">\n\t\n\t\t\t\t\t<div class=\"container-fluid\">\n\t\t\t\t<div class=\"row bottom-xs\">\n\t\t\t\t\t<div class=\"col-xs-12 col-md-8\">\n\t\t\t\t\t\t<h4>Geh\u00f6rt zu<\/h4>\t\t\t\t\t\t\t\t\t\t\t\t\t\t\t\t\t\t\t<\/div>\n\t\t\t\t\t<div class=\"col-xs-12 col-md-4 start-xs end-md margin-bottom-sixth\">\n\t\t\t\t\t\t\t\t\t\t\t<\/div>\n\t\t\t\t<\/div>\n\t\t\t\t<ul class=\"row\"> <li class=\"col-xs-12 col-sm-6 col-md-4  teaser-wrapper col-padding-remove\">\n\t<div class=\"box\">\n\t\t<calendarteaser key=\"586192993\" rawitem='{&quot;postId&quot;:58619,&quot;title&quot;:&quot;Objekte widersprechen&quot;,&quot;excerpt&quot;:&quot;&quot;,&quot;slug&quot;:&quot;objekte-widersprechen&quot;,&quot;type&quot;:&quot;event-sequence&quot;,&quot;post_date&quot;:&quot;2022-10-21T08:46&quot;,&quot;permalink&quot;:&quot;https:\\\/\\\/www.humboldtforum.org\\\/de\\\/programm\\\/event-reihe\\\/literatur\\\/objekte-widersprechen-58619\\\/&quot;,&quot;genre&quot;:[423],&quot;genre_details&quot;:[{&quot;text&quot;:&quot;Literatur&quot;,&quot;id&quot;:423,&quot;icon&quot;:null,&quot;parent&quot;:0}],&quot;stakeholder&quot;:[382],&quot;stakeholder_details&quot;:[{&quot;text&quot;:&quot;Stiftung Humboldt Forum im Berliner Schloss&quot;,&quot;id&quot;:382,&quot;icon&quot;:null,&quot;parent&quot;:0}],&quot;icon_overwrite&quot;:&quot;&quot;,&quot;acf&quot;:{&quot;noindex&quot;:false,&quot;keywords&quot;:&quot;&quot;,&quot;belongsto&quot;:false,&quot;shorturl&quot;:&quot;Objektewidersprechen&quot;,&quot;subline&quot;:&quot;Internationale Schriftsteller*innen sprechen von-durch-mit einem Objekt&quot;,&quot;additional_info&quot;:{&quot;icon&quot;:&quot;0&quot;,&quot;text&quot;:&quot;&quot;},&quot;highlight_header&quot;:true,&quot;use_video_in_teasers&quot;:false,&quot;hyphenation&quot;:true,&quot;manual_period&quot;:false,&quot;tipp&quot;:false,&quot;joker&quot;:false,&quot;live&quot;:false,&quot;hide_event_in_program&quot;:false,&quot;featured_images&quot;:[160869],&quot;events&quot;:[58632,129070,144947,147209,158689,160799,162813],&quot;overwrite_date&quot;:&quot;Veranstaltungsreihe&quot;,&quot;highlight_header_image&quot;:161556,&quot;has_mobile_format&quot;:false},&quot;date&quot;:{&quot;NLAST&quot;:&quot;202605181900&quot;,&quot;NX&quot;:&quot;20260518&quot;,&quot;NXX&quot;:&quot;202605181900&quot;,&quot;from_DATE&quot;:&quot;20221118 19:00&quot;,&quot;from&quot;:1668790800,&quot;to&quot;:1779120000,&quot;to_DATE&quot;:&quot;20260518 19:00&quot;,&quot;from_HRFSHORT&quot;:&quot;18. Nov 2022&quot;,&quot;from_HRFSHORT_WD&quot;:&quot;Fr 18.11.2022&quot;,&quot;to_HRFSHORT&quot;:&quot;18. Mai 2026&quot;,&quot;to_HRFSHORT_WD&quot;:&quot;Mo 18.05.2026&quot;,&quot;from_HRF&quot;:&quot;Fr, 18. November 2022&quot;,&quot;to_HRF&quot;:&quot;Mo, 18. Mai 2026&quot;,&quot;from_to_HRF&quot;:&quot;Fr, 18. November 2022 \\u2013 Mo, 18. Mai 2026&quot;,&quot;from_to_HRFSHORT&quot;:&quot;18. Nov 2022 \\u2013 18. Mai 2026&quot;},&quot;alert&quot;:&quot;Highlight&quot;,&quot;partof&quot;:[],&quot;marketing_topic&quot;:&quot;&quot;}' inline-template>\n\t\t<a href=\"https:\/\/www.humboldtforum.org\/de\/programm\/event-reihe\/literatur\/objekte-widersprechen-58619\/\" class=\"teaser teaser-page teaser-event-sequence teaser-event-highlight\">\n\t\t\t<div class=\"teaser-image teaser-image-full footer-gradient\">\n\t\t\t\t\n\t<lazy-media-inline inline-template>\n\t\t<figure itemscope itemtype=\"http:\/\/schema.org\/ImageObject\" class=\"lazy-media-inline \" role=\"group\" id=\"media_69f4f1284c64b\" aria-labelledby=\"desc_media_69f4f1284c64b\">\n\t\t\t<script type=\"application\/json\" ref=\"data\">\n\t\t\t\t{\n\t\t\t\t\"sizes\" : {\"medium\":{\"file\":\"SHF_eb00248873-300x200.jpg\",\"width\":300,\"height\":200,\"mime-type\":\"image\\\/jpeg\",\"filesize\":12632},\"large\":{\"file\":\"SHF_eb00248873-1024x682.jpg\",\"width\":1024,\"height\":682,\"mime-type\":\"image\\\/jpeg\",\"filesize\":79631},\"thumbnail\":{\"file\":\"SHF_eb00248873-150x150.jpg\",\"width\":150,\"height\":150,\"mime-type\":\"image\\\/jpeg\",\"filesize\":6248},\"medium_large\":{\"file\":\"SHF_eb00248873-768x512.jpg\",\"width\":768,\"height\":512,\"mime-type\":\"image\\\/jpeg\",\"filesize\":51796},\"small\":{\"file\":\"SHF_eb00248873-440x293.jpg\",\"width\":440,\"height\":293,\"mime-type\":\"image\\\/jpeg\",\"filesize\":22642},\"semi\":{\"file\":\"SHF_eb00248873-580x387.jpg\",\"width\":580,\"height\":387,\"mime-type\":\"image\\\/jpeg\",\"filesize\":34184},\"mobile\":{\"file\":\"SHF_eb00248873-720x480.jpg\",\"width\":720,\"height\":480,\"mime-type\":\"image\\\/jpeg\",\"filesize\":46510},\"hd\":{\"file\":\"SHF_eb00248873-1280x853.jpg\",\"width\":1280,\"height\":853,\"mime-type\":\"image\\\/jpeg\",\"filesize\":111061},\"full\":{\"file\":\"SHF_eb00248873-1920x1280.jpg\",\"width\":1920,\"height\":1280,\"mime-type\":\"image\\\/jpeg\",\"filesize\":204923},\"1536x1536\":{\"file\":\"SHF_eb00248873-1536x1024.jpg\",\"width\":1536,\"height\":1024,\"mime-type\":\"image\\\/jpeg\",\"filesize\":146289},\"original\":{\"file\":\"SHF_eb00248873.jpg\",\"width\":2000,\"height\":1333}},\n\t\t\t\t\"alt\" : \"Zwei Frauen sitzen an einem Tisch, diskutieren und sind von Publikum umgeben, mit B\\u00fcchern und Wasserkaraffen auf dem Tisch.\",\n\t\t\t\t\"path\" : \"\\\/wp-content\\\/uploads\\\/2022\\\/10\\\/\",\n\t\t\t\t\"video\" : null,\n\t\t\t\t\"autoplay\" : null,\n\t\t\t\t\"youtube\" : null,\n\t\t\t\t\"youtubelabel\" : \"Video abspielen\",\n\t\t\t\t\"brightness\" : 100,\n\t\t\t\t\"crop\" : {\"top\":\"39.70\",\"left\":\"50.10\"},\n\t\t\t\t\"background\" : true,\n\t\t\t\t\"scale\" : 3\t\t\t\t}\n\t\t\t<\/script>\n\n\t\t\t<div class=\"height-container\" style=\"padding-bottom:66.65%;\" v-if=\"sizes\">\n\t\t\t\t\t\t\t\t<lazy-media :inline=\"true\" :alt=\"alt\" :sizes=\"sizes\" :scale=\"scale\" :brightness=\"brightness\" :path=\"path\" :video=\"video\" :autoplay=\"autoplay\" :youtube=\"youtube\" :crop=\"crop\" :youtubelabel=\"youtubelabel\" :background=\"background\" media-id=\"desc_media_69f4f1284c64b\"><\/lazy-media>\n\t\t\t\t\t\t\t<\/div>\n\n\t\t\t\t\t\t\t<figcaption class=\"sr-only\" ref=\"body\" id=\"desc_media_69f4f1284c64b\">\n\t\t\t\t\t\t\t\t\t\t\t\t\t\t\t\t<div>Objekte widersprechen Veranstaltung &quot;Sharp as a Story&quot; mit Cristina Rivera Garza, 2025 <\/div>\n\t\t\t\t\t\t\t\t\t\t\t\t\t\t\t\t<div class=\"insignificant\">\u00a9 Stiftung Humboldt Forum im Berliner Schloss, Foto: Johannes Berger<\/div>\n\t\t\t\t\t\t\t\t\t<\/figcaption>\n\t\t\t\t\t<\/figure>\n\t<\/lazy-media-inline>\n\t\t\t\t\t\t\t<\/div>\n\t\t\t<div class=\"teaser-header teaser-header-bottom\"><div>\n\t\t\t\t<div class=\"margin-bottom-atom\">\n\t\t\t\t\t<div class=\"subline clamp-1\" v-html=\"maingenre\"><\/div>\n\t\t\t\t\t\t\t\t\t<\/div>\n\t\t\t\t<h4 class=\"h3 clamp-4\">Objekte widersprechen<\/h4>\n\t\t\t\t<div class=\"Untertitel margin-bottom-atom\">\n\t\t\t\t\t\t\t\t\t\t<p class=\"Infos clamp-2\">\n\t\t\t\t\t\t\t\t\t\t\t\t\tInternationale Schriftsteller*innen sprechen von-durch-mit einem Objekt\t\t\t\t\t\t\t\t\t\t\t<\/p>\n\t\t\t\t\t\t\t\t\t\t<p class=\"Infos\">\n\t\t\t\t\t\t<calendardateline :rawitem='item' :show-icon=\"false\"><\/calendardateline>\n\t\t\t\t\t<\/p>\n\t\t\t\t<\/div>\n\t\t\t<\/div><\/div>\n\t\t<\/a>\n\t\t<\/calendarteaser>\n\t<\/div>\n<\/li>\n<\/ul>\n\t\t\t<\/div>\n\t\t\t\t<\/lazy-component>\n<\/section>\n\n","protected":false},"template":"","genre":[739],"digital":[],"topic":[],"stakeholder":[382],"editorial":[],"editorialfilter":[],"targetgroup":[],"language":[384],"accessability":[],"school":[],"class_list":["post-159678","event-publication","type-event-publication","status-publish","hentry","genre-publikation","stakeholder-stiftung-humboldt-forum-im-berliner-schloss","language-deutsch"],"acf":[],"_links":{"self":[{"href":"https:\/\/www.humboldtforum.org\/de\/wp-json\/wp\/v2\/event-publication\/159678","targetHints":{"allow":["GET"]}}],"collection":[{"href":"https:\/\/www.humboldtforum.org\/de\/wp-json\/wp\/v2\/event-publication"}],"about":[{"href":"https:\/\/www.humboldtforum.org\/de\/wp-json\/wp\/v2\/types\/event-publication"}],"version-history":[{"count":11,"href":"https:\/\/www.humboldtforum.org\/de\/wp-json\/wp\/v2\/event-publication\/159678\/revisions"}],"predecessor-version":[{"id":159722,"href":"https:\/\/www.humboldtforum.org\/de\/wp-json\/wp\/v2\/event-publication\/159678\/revisions\/159722"}],"wp:attachment":[{"href":"https:\/\/www.humboldtforum.org\/de\/wp-json\/wp\/v2\/media?parent=159678"}],"wp:term":[{"taxonomy":"genre","embeddable":true,"href":"https:\/\/www.humboldtforum.org\/de\/wp-json\/wp\/v2\/genre?post=159678"},{"taxonomy":"digital","embeddable":true,"href":"https:\/\/www.humboldtforum.org\/de\/wp-json\/wp\/v2\/digital?post=159678"},{"taxonomy":"topic","embeddable":true,"href":"https:\/\/www.humboldtforum.org\/de\/wp-json\/wp\/v2\/topic?post=159678"},{"taxonomy":"stakeholder","embeddable":true,"href":"https:\/\/www.humboldtforum.org\/de\/wp-json\/wp\/v2\/stakeholder?post=159678"},{"taxonomy":"editorial","embeddable":true,"href":"https:\/\/www.humboldtforum.org\/de\/wp-json\/wp\/v2\/editorial?post=159678"},{"taxonomy":"editorialfilter","embeddable":true,"href":"https:\/\/www.humboldtforum.org\/de\/wp-json\/wp\/v2\/editorialfilter?post=159678"},{"taxonomy":"targetgroup","embeddable":true,"href":"https:\/\/www.humboldtforum.org\/de\/wp-json\/wp\/v2\/targetgroup?post=159678"},{"taxonomy":"language","embeddable":true,"href":"https:\/\/www.humboldtforum.org\/de\/wp-json\/wp\/v2\/language?post=159678"},{"taxonomy":"accessability","embeddable":true,"href":"https:\/\/www.humboldtforum.org\/de\/wp-json\/wp\/v2\/accessability?post=159678"},{"taxonomy":"school","embeddable":true,"href":"https:\/\/www.humboldtforum.org\/de\/wp-json\/wp\/v2\/school?post=159678"}],"curies":[{"name":"wp","href":"https:\/\/api.w.org\/{rel}","templated":true}]}}