{"id":14203,"date":"2020-10-23T16:33:13","date_gmt":"2020-10-23T14:33:13","guid":{"rendered":"https:\/\/www.humboldtforum.org\/?post_type=event-sequence&#038;p=14203"},"modified":"2026-04-22T10:55:58","modified_gmt":"2026-04-22T08:55:58","slug":"orts-termin","status":"publish","type":"event-sequence","link":"https:\/\/www.humboldtforum.org\/de\/programm\/event-reihe\/diskurs\/orts-termin-14203\/","title":{"rendered":"ORTS-Termin"},"content":{"rendered":"<section class=\"block block-copy\" >\n    <div class=\"container-fluid\">\n\t\t<div class=\"row \">\n            <div class=\"col-xs-12 col-md-offset-2 col-md-8\">\n                <div class=\"box\">\n                    <div class=\"copy\"><p><span class=\"p1 anleser\" style=\"font-weight: bolder\">Ein Ort im steten Wandel \u2013 vom \u201ePreu\u00dfenschloss\u201c, Aufmarschplatz, Palast der Republik, der Kulturbaustelle bis hin zum Humboldt Forum.<\/span><\/p>\n<p class=\"p1\">An kaum einem anderen Ort in Berlin haben sich in den letzten 800 Jahren gesellschaftliche, st\u00e4dtebauliche, politische und kulturelle Entwicklungen so verdichtet wie auf dem sogenannten Schlossplatz. Die Veranstaltungsreihe ORTS-Termin legt ihren Fokus bereits seit 2016 auf die vielschichtige Geschichte und Architektur des Ortes, an dem sich heute das Humboldt Forum befindet. Sie l\u00e4dt zum Dialog ein, um \u00fcber die facettenreiche Geschichte und Rolle dieses politisch wichtigen Standortes offen zu diskutieren.<\/p>\n<p>&nbsp;<\/p>\n<\/div>\n                <\/div>\n            <\/div>\n\t\t<\/div>\n\t\t    <\/div>\n<\/section>\n\n<section class=\"block block-teaser col-lane33 \" style=\"\">\n\t<lazy-component :fixed-min-height=\"400\">\n\t\n\t\t\t\t\t<teaser-lane-with-buttons inline-template tracking-label=\"Veranstaltungen\">\n\t\t\t\t<div class=\"teaser-lane-with-buttons\">\n\t\t\t\t\t<div class=\"container-fluid\">\n\t\t\t\t\t\t<div class=\"row bottom-xs\">\n\t\t\t\t\t\t\t<div class=\"col-xs-12 col-md-8\">\n\t\t\t\t\t\t\t\t\t\t\t\t\t\t\t\t\t<h4>Veranstaltungen<\/h4>\t\t\t\t\t\t\t\t\t\t\t\t\t\t\t\t\t\t\t\t\t\t\t\t<\/div>\n\t\t\t\t\t\t\t<div class=\"col-xs-12 col-md-4 start-xs end-md margin-bottom-sixth teaser-lane-buttons-wrapper teaser-lane-buttons-wrapper-with-tax\">\n\t\t\t\t\t\t\t\t<a href=\"https:\/\/www.humboldtforum.org\/de\/programm\/?belongsto=14203&#038;archive=1\" class=\"normalcase small noborder\" role=\"button\">Alle anzeigen (16)<\/a>\t\t\t\t\t\t\t\t<teaser-lane-buttons :visible_prev=\"visible_prev\" :visible_next=\"visible_next\" @prev=\"prev\" @next=\"next\"><\/teaser-lane-buttons>\n\t\t\t\t\t\t\t<\/div>\n\t\t\t\t\t\t<\/div>\n\t\t\t\t\t<\/div>\n\t\t\t\t\t<div class=\"teaser-lane-wrapper\">\n\t\t\t\t\t\t<ul class=\"teaser-lane\">\n\t\t\t\t\t\t\t\t\t\t\t\t\t\t<li class=\"teaser-lane-slide col-xs-9 col-sm-4 col-md-4 teaser-wrapper col-padding-remove\">\n\t<calendarteaser key=\"1633076196\" rawitem='{&quot;postId&quot;:163307,&quot;title&quot;:&quot;Zukunftsbilder im Fluss&quot;,&quot;excerpt&quot;:&quot;&quot;,&quot;slug&quot;:&quot;zukunftsbilder-im-fluss&quot;,&quot;post_date&quot;:&quot;2026-04-21T13:15&quot;,&quot;type&quot;:&quot;event&quot;,&quot;permalink&quot;:&quot;https:\\\/\\\/www.humboldtforum.org\\\/de\\\/programm\\\/termin\\\/gespraech\\\/zukunftsbilder-im-fluss-163307\\\/&quot;,&quot;genre&quot;:[1078],&quot;genre_details&quot;:[{&quot;text&quot;:&quot;Gespr\\u00e4ch&quot;,&quot;id&quot;:1078,&quot;icon&quot;:null,&quot;parent&quot;:0}],&quot;stakeholder&quot;:[382],&quot;stakeholder_details&quot;:[{&quot;text&quot;:&quot;Stiftung Humboldt Forum im Berliner Schloss&quot;,&quot;id&quot;:382,&quot;icon&quot;:null,&quot;parent&quot;:0}],&quot;place&quot;:[424],&quot;place_details&quot;:{&quot;place&quot;:&quot;Humboldt Forum&quot;,&quot;map&quot;:&quot;Humboldt Forum, Schlossplatz, Berlin&quot;,&quot;room&quot;:&quot;Saal 3, EG&quot;},&quot;icon_overwrite&quot;:&quot;&quot;,&quot;acf&quot;:{&quot;noindex&quot;:false,&quot;keywords&quot;:&quot;&quot;,&quot;hashtag&quot;:&quot;HumboldtForum&quot;,&quot;belongsto&quot;:[14203],&quot;shorturl&quot;:&quot;&quot;,&quot;times&quot;:[{&quot;start&quot;:&quot;20260611 19:00&quot;,&quot;end&quot;:&quot;21:00&quot;,&quot;status&quot;:&quot;BUY&quot;,&quot;info&quot;:&quot;8 EUR \\\/ erm\\u00e4\\u00dfigt 4 EUR&quot;,&quot;shop&quot;:&quot;https:\\\/\\\/tickets.humboldtforum.org\\\/#\\\/product\\\/event\\\/266?date=2026-06-11&amp;date_id=28389&amp;lang=de&quot;,&quot;i&quot;:0,&quot;start_hour&quot;:&quot;19:00&quot;,&quot;start_HRF&quot;:&quot;Do, 11. Juni 2026&quot;,&quot;_date&quot;:{&quot;date&quot;:&quot;2026-06-11 21:00:00.000000&quot;,&quot;timezone_type&quot;:3,&quot;timezone&quot;:&quot;Europe\\\/Berlin&quot;},&quot;_fromdate&quot;:&quot;20260611 19:00&quot;,&quot;start_TS&quot;:1781197200,&quot;start_HRFSHORT&quot;:&quot;11.06.26&quot;,&quot;start_HRFSHORT_WD&quot;:&quot;Do 11.06.2026&quot;,&quot;end_TS&quot;:1781204400,&quot;can_purchase&quot;:true}],&quot;planning&quot;:{&quot;price&quot;:&quot;8 EUR \\\/ erm\\u00e4\\u00dfigt 4 EUR&quot;,&quot;admission&quot;:&quot;&quot;,&quot;pause&quot;:&quot;&quot;,&quot;duration&quot;:&quot;120&quot;},&quot;subline&quot;:&quot;Wohin mit der Berliner Spreeinsel?&quot;,&quot;additional_info&quot;:{&quot;icon&quot;:&quot;0&quot;,&quot;text&quot;:&quot;&quot;},&quot;highlight_header&quot;:false,&quot;featured_images&quot;:[163308],&quot;use_video_in_teasers&quot;:false,&quot;hyphenation&quot;:true,&quot;tipp&quot;:false,&quot;joker&quot;:false,&quot;live&quot;:false,&quot;hide_event_in_program&quot;:false,&quot;gomus_id&quot;:&quot;&quot;,&quot;hm_id&quot;:&quot;&quot;},&quot;date&quot;:{&quot;NX&quot;:&quot;20260611&quot;,&quot;NXX&quot;:&quot;202606111900&quot;,&quot;NLAST&quot;:&quot;202606111500&quot;,&quot;from_DATE&quot;:&quot;20260611 19:00&quot;,&quot;from&quot;:1781190000,&quot;to&quot;:1781190000,&quot;to_DATE&quot;:&quot;20260611 19:00&quot;,&quot;from_HRFSHORT&quot;:&quot;11. Jun 2026&quot;,&quot;from_HRFSHORT_WD&quot;:&quot;Do 11.06.2026&quot;,&quot;to_HRFSHORT&quot;:&quot;11. Jun 2026&quot;,&quot;to_HRFSHORT_WD&quot;:&quot;Do 11.06.2026&quot;,&quot;from_HRF&quot;:&quot;Do, 11. Juni 2026&quot;,&quot;to_HRF&quot;:&quot;Do, 11. Juni 2026&quot;,&quot;from_to_HRF&quot;:&quot;Do, 11. Juni \\u2013 Do, 11. Juni 2026&quot;,&quot;from_to_HRFSHORT&quot;:&quot;11. Jun \\u2013 11. Jun 2026&quot;},&quot;alert&quot;:null,&quot;partof&quot;:[&quot;14203&quot;],&quot;marketing_topic&quot;:{&quot;title&quot;:&quot;ORTS-Termin&quot;,&quot;ID&quot;:&quot;14203&quot;,&quot;reason&quot;:&quot;sequence&quot;}}' inline-template>\n\t<a href=\"https:\/\/www.humboldtforum.org\/de\/programm\/termin\/gespraech\/zukunftsbilder-im-fluss-163307\/\" class=\"teaser teaser-event teaser-event-standard\">\n\t\t<div class=\"row\">\n\t\t\t<div class=\"col-xs-12 teaser-event-image\">\n\t\t\t\t<div class=\"teaser-image teaser-image-no-alternate\">\n\t\t\t\t\t\t\t\t\t\t\t\n\t<lazy-media-inline inline-template>\n\t\t<figure itemscope itemtype=\"http:\/\/schema.org\/ImageObject\" class=\"lazy-media-inline \" role=\"group\" id=\"media_69f4605073d8f\" aria-labelledby=\"desc_media_69f4605073d8f\">\n\t\t\t<script type=\"application\/json\" ref=\"data\">\n\t\t\t\t{\n\t\t\t\t\"sizes\" : {\"medium\":{\"file\":\"SHF_eb00203259-300x199.jpg\",\"width\":300,\"height\":199,\"mime-type\":\"image\\\/jpeg\",\"filesize\":23514},\"large\":{\"file\":\"SHF_eb00203259-1024x680.jpg\",\"width\":1024,\"height\":680,\"mime-type\":\"image\\\/jpeg\",\"filesize\":191946},\"thumbnail\":{\"file\":\"SHF_eb00203259-150x150.jpg\",\"width\":150,\"height\":150,\"mime-type\":\"image\\\/jpeg\",\"filesize\":9915},\"medium_large\":{\"file\":\"SHF_eb00203259-768x510.jpg\",\"width\":768,\"height\":510,\"mime-type\":\"image\\\/jpeg\",\"filesize\":121310},\"small\":{\"file\":\"SHF_eb00203259-440x292.jpg\",\"width\":440,\"height\":292,\"mime-type\":\"image\\\/jpeg\",\"filesize\":46467},\"semi\":{\"file\":\"SHF_eb00203259-580x385.jpg\",\"width\":580,\"height\":385,\"mime-type\":\"image\\\/jpeg\",\"filesize\":75446},\"mobile\":{\"file\":\"SHF_eb00203259-720x478.jpg\",\"width\":720,\"height\":478,\"mime-type\":\"image\\\/jpeg\",\"filesize\":107940},\"original\":{\"file\":\"SHF_eb00203259.jpg\",\"width\":1280,\"height\":850}},\n\t\t\t\t\"alt\" : \"Luftaufnahme der Stadt mit dem Berliner Dom, Fl\\u00fcssen und modernen Geb\\u00e4uden.\",\n\t\t\t\t\"path\" : \"\\\/wp-content\\\/uploads\\\/2026\\\/04\\\/\",\n\t\t\t\t\"video\" : null,\n\t\t\t\t\"autoplay\" : null,\n\t\t\t\t\"youtube\" : null,\n\t\t\t\t\"youtubelabel\" : \"Video abspielen\",\n\t\t\t\t\"brightness\" : 100,\n\t\t\t\t\"crop\" : null,\n\t\t\t\t\"background\" : true,\n\t\t\t\t\"scale\" : 1\t\t\t\t}\n\t\t\t<\/script>\n\n\t\t\t<div class=\"height-container\" style=\"padding-bottom:66.40625%;\" v-if=\"sizes\">\n\t\t\t\t\t\t\t\t<lazy-media :inline=\"true\" :alt=\"alt\" :sizes=\"sizes\" :scale=\"scale\" :brightness=\"brightness\" :path=\"path\" :video=\"video\" :autoplay=\"autoplay\" :youtube=\"youtube\" :crop=\"crop\" :youtubelabel=\"youtubelabel\" :background=\"background\" media-id=\"desc_media_69f4605073d8f\"><\/lazy-media>\n\t\t\t\t\t\t\t<\/div>\n\n\t\t\t\t\t\t\t<figcaption class=\"sr-only\" ref=\"body\" id=\"desc_media_69f4605073d8f\">\n\t\t\t\t\t\t\t\t\t\t\t<div>Blick auf die Museumsinsel und die Baustelle auf dem Schlossplatz aus der Vogelperspektive<\/div>\n\t\t\t\t\t\t\t\t\t\t\t\t\t\t\t\t\t\t\t\t\t<div class=\"insignificant\">\u00a9 euroluftbild.de \/ Robert Grahn<\/div>\n\t\t\t\t\t\t\t\t\t<\/figcaption>\n\t\t\t\t\t<\/figure>\n\t<\/lazy-media-inline>\n\t\t\t\t<\/div>\n\t\t\t<\/div>\n\t\t\t<div class=\"col-xs-12 teaser-event-text Infos\">\n\t\t\t\t<div class=\"teaser-event-standard-text\">\n\t\t\t\t\t<div class=\"margin-bottom-atom\">\n\t\t\t\t\t\t<div class=\"subline clamp-1\" v-html=\"maingenre\"><\/div>\n\t\t\t\t\t\t\t\t\t\t\t\t\t<div class=\"insignificant clamp-2\">ORTS-Termin<\/div>\n\t\t\t\t\t\t\t\t\t\t\t<\/div>\n\t\t\t\t\n\t\t\t\t\t<strong class=\"margin-bottom-atom\">Zukunftsbilder im Fluss<\/strong>\n\n\t\t\t\t\t\t\t\t\t\t\t<div class=\"\">Wohin mit der Berliner Spreeinsel?<\/div>\n\t\t\t\t\t\t\t\t\t<\/div>\n\t\t\t\t<div class=\"teaser-bottom border-bottom\">\n\t\t\t\t<calendardateline :rawitem='item' :show-icon=\"true\"><\/calendardateline>\n\t\t\t\t\t<hr>\n\t\t\t\t<\/div>\n\t\t\t<\/div>\n\t\t<\/div>\n\t<\/a>\n\t<\/calendarteaser>\n<\/li>\n\n<li class=\"teaser-lane-slide col-xs-9 col-sm-4 col-md-4 teaser-wrapper col-padding-remove\">\n\t<calendarteaser key=\"15727316124\" rawitem='{&quot;postId&quot;:157273,&quot;title&quot;:&quot;Federf\\u00fchrend&quot;,&quot;excerpt&quot;:&quot;&quot;,&quot;slug&quot;:&quot;federfuehrend&quot;,&quot;post_date&quot;:&quot;2025-12-22T15:09&quot;,&quot;type&quot;:&quot;event&quot;,&quot;permalink&quot;:&quot;https:\\\/\\\/www.humboldtforum.org\\\/de\\\/programm\\\/termin\\\/gespraech\\\/federfuehrend-157273\\\/&quot;,&quot;genre&quot;:[1078,1144],&quot;genre_details&quot;:[{&quot;text&quot;:&quot;Gespr\\u00e4ch&quot;,&quot;id&quot;:1078,&quot;icon&quot;:null,&quot;parent&quot;:0},{&quot;text&quot;:&quot;Lesung&quot;,&quot;id&quot;:1144,&quot;icon&quot;:null,&quot;parent&quot;:0}],&quot;topic&quot;:[431],&quot;topic_details&quot;:[{&quot;text&quot;:&quot;Geschichte und Architektur des Ortes&quot;,&quot;id&quot;:431,&quot;icon&quot;:null,&quot;parent&quot;:0}],&quot;stakeholder&quot;:[382],&quot;stakeholder_details&quot;:[{&quot;text&quot;:&quot;Stiftung Humboldt Forum im Berliner Schloss&quot;,&quot;id&quot;:382,&quot;icon&quot;:null,&quot;parent&quot;:0}],&quot;targetgroup&quot;:[383,1080],&quot;targetgroup_details&quot;:[{&quot;text&quot;:&quot;Erwachsene&quot;,&quot;id&quot;:383,&quot;icon&quot;:null,&quot;parent&quot;:0},{&quot;text&quot;:&quot;Gruppen&quot;,&quot;id&quot;:1080,&quot;icon&quot;:null,&quot;parent&quot;:0}],&quot;language&quot;:[384],&quot;language_details&quot;:[{&quot;text&quot;:&quot;Deutsch&quot;,&quot;id&quot;:384,&quot;icon&quot;:null,&quot;parent&quot;:0}],&quot;age&quot;:[451],&quot;age_details&quot;:[{&quot;text&quot;:&quot;ab 14 Jahre&quot;,&quot;id&quot;:451,&quot;icon&quot;:null,&quot;parent&quot;:0}],&quot;place&quot;:[424],&quot;place_details&quot;:{&quot;place&quot;:&quot;Humboldt Forum&quot;,&quot;map&quot;:&quot;Humboldt Forum, Schlossplatz, Berlin&quot;,&quot;room&quot;:&quot;Saal 3, EG&quot;},&quot;icon_overwrite&quot;:&quot;&quot;,&quot;acf&quot;:{&quot;noindex&quot;:false,&quot;keywords&quot;:&quot;&quot;,&quot;hashtag&quot;:&quot;HumboldtForum&quot;,&quot;belongsto&quot;:[14203],&quot;shorturl&quot;:&quot;&quot;,&quot;times&quot;:[],&quot;planning&quot;:{&quot;price&quot;:&quot;8 EUR \\\/ erm\\u00e4\\u00dfigt 4 EUR&quot;,&quot;admission&quot;:&quot;&quot;,&quot;pause&quot;:&quot;&quot;,&quot;duration&quot;:&quot;&quot;},&quot;subline&quot;:&quot;Hohenzollerinnen und ihre Netzwerke&quot;,&quot;tickettext&quot;:&quot;Bitte buchen Sie Ihr Ticket vorab online oder an der Kasse im Foyer. &quot;,&quot;additional_info&quot;:{&quot;icon&quot;:&quot;0&quot;,&quot;text&quot;:&quot;&quot;},&quot;highlight_header&quot;:false,&quot;featured_images&quot;:[157283],&quot;use_video_in_teasers&quot;:false,&quot;hyphenation&quot;:true,&quot;tipp&quot;:false,&quot;joker&quot;:false,&quot;live&quot;:false,&quot;hide_event_in_program&quot;:false,&quot;gomus_id&quot;:&quot;&quot;,&quot;hm_id&quot;:&quot;&quot;},&quot;date&quot;:{&quot;NX&quot;:null,&quot;NXX&quot;:null,&quot;NLAST&quot;:&quot;202602191700&quot;,&quot;from_DATE&quot;:&quot;20260219 19:00&quot;,&quot;from&quot;:1771520400,&quot;to&quot;:1771520400,&quot;to_DATE&quot;:&quot;20260219 19:00&quot;,&quot;from_HRFSHORT&quot;:&quot;19. Feb 2026&quot;,&quot;from_HRFSHORT_WD&quot;:&quot;Do 19.02.2026&quot;,&quot;to_HRFSHORT&quot;:&quot;19. Feb 2026&quot;,&quot;to_HRFSHORT_WD&quot;:&quot;Do 19.02.2026&quot;,&quot;from_HRF&quot;:&quot;Do, 19. Februar 2026&quot;,&quot;to_HRF&quot;:&quot;Do, 19. Februar 2026&quot;,&quot;from_to_HRF&quot;:&quot;Do, 19. Februar \\u2013 Do, 19. Februar 2026&quot;,&quot;from_to_HRFSHORT&quot;:&quot;19. Feb \\u2013 19. Feb 2026&quot;},&quot;alert&quot;:null,&quot;partof&quot;:[&quot;14203&quot;],&quot;marketing_topic&quot;:{&quot;title&quot;:&quot;ORTS-Termin&quot;,&quot;ID&quot;:&quot;14203&quot;,&quot;reason&quot;:&quot;sequence&quot;}}' inline-template>\n\t<a href=\"https:\/\/www.humboldtforum.org\/de\/programm\/termin\/gespraech\/federfuehrend-157273\/\" class=\"teaser teaser-event teaser-event-standard\">\n\t\t<div class=\"row\">\n\t\t\t<div class=\"col-xs-12 teaser-event-image\">\n\t\t\t\t<div class=\"teaser-image teaser-image-no-alternate\">\n\t\t\t\t\t\t\t\t\t\t\t\n\t<lazy-media-inline inline-template>\n\t\t<figure itemscope itemtype=\"http:\/\/schema.org\/ImageObject\" class=\"lazy-media-inline \" role=\"group\" id=\"media_69f460507602d\" aria-labelledby=\"desc_media_69f460507602d\">\n\t\t\t<script type=\"application\/json\" ref=\"data\">\n\t\t\t\t{\n\t\t\t\t\"sizes\" : {\"medium\":{\"file\":\"SHF_eb00259171-206x300.jpg\",\"width\":206,\"height\":300,\"mime-type\":\"image\\\/jpeg\",\"filesize\":25970},\"large\":{\"file\":\"SHF_eb00259171-702x1024.jpg\",\"width\":702,\"height\":1024,\"mime-type\":\"image\\\/jpeg\",\"filesize\":236753},\"thumbnail\":{\"file\":\"SHF_eb00259171-150x150.jpg\",\"width\":150,\"height\":150,\"mime-type\":\"image\\\/jpeg\",\"filesize\":9686},\"medium_large\":{\"file\":\"SHF_eb00259171-768x1121.jpg\",\"width\":768,\"height\":1121,\"mime-type\":\"image\\\/jpeg\",\"filesize\":278183},\"small\":{\"file\":\"SHF_eb00259171-301x440.jpg\",\"width\":301,\"height\":440,\"mime-type\":\"image\\\/jpeg\",\"filesize\":51532},\"semi\":{\"file\":\"SHF_eb00259171-397x580.jpg\",\"width\":397,\"height\":580,\"mime-type\":\"image\\\/jpeg\",\"filesize\":85501},\"mobile\":{\"file\":\"SHF_eb00259171-493x720.jpg\",\"width\":493,\"height\":720,\"mime-type\":\"image\\\/jpeg\",\"filesize\":125152},\"hd\":{\"file\":\"SHF_eb00259171-877x1280.jpg\",\"width\":877,\"height\":1280,\"mime-type\":\"image\\\/jpeg\",\"filesize\":353102},\"full\":{\"file\":\"SHF_eb00259171-1315x1920.jpg\",\"width\":1315,\"height\":1920,\"mime-type\":\"image\\\/jpeg\",\"filesize\":730022},\"xxl\":{\"file\":\"SHF_eb00259171-2773x4048.jpg\",\"width\":2773,\"height\":4048,\"mime-type\":\"image\\\/jpeg\",\"filesize\":2640532},\"1536x1536\":{\"file\":\"SHF_eb00259171-1052x1536.jpg\",\"width\":1052,\"height\":1536,\"mime-type\":\"image\\\/jpeg\",\"filesize\":490360},\"2048x2048\":{\"file\":\"SHF_eb00259171-1403x2048.jpg\",\"width\":1403,\"height\":2048,\"mime-type\":\"image\\\/jpeg\",\"filesize\":817701},\"original\":{\"file\":\"SHF_eb00259171.jpg\",\"width\":4008,\"height\":5850}},\n\t\t\t\t\"alt\" : \"\",\n\t\t\t\t\"path\" : \"\\\/wp-content\\\/uploads\\\/2025\\\/12\\\/\",\n\t\t\t\t\"video\" : null,\n\t\t\t\t\"autoplay\" : null,\n\t\t\t\t\"youtube\" : null,\n\t\t\t\t\"youtubelabel\" : \"Video abspielen\",\n\t\t\t\t\"brightness\" : 100,\n\t\t\t\t\"crop\" : {\"top\":\"53.38\",\"left\":\"35.71\"},\n\t\t\t\t\"background\" : true,\n\t\t\t\t\"scale\" : 2\t\t\t\t}\n\t\t\t<\/script>\n\n\t\t\t<div class=\"height-container\" style=\"padding-bottom:145.95808383234%;\" v-if=\"sizes\">\n\t\t\t\t\t\t\t\t<lazy-media :inline=\"true\" :alt=\"alt\" :sizes=\"sizes\" :scale=\"scale\" :brightness=\"brightness\" :path=\"path\" :video=\"video\" :autoplay=\"autoplay\" :youtube=\"youtube\" :crop=\"crop\" :youtubelabel=\"youtubelabel\" :background=\"background\" media-id=\"desc_media_69f460507602d\"><\/lazy-media>\n\t\t\t\t\t\t\t<\/div>\n\n\t\t\t\t\t\t\t<figcaption class=\"sr-only\" ref=\"body\" id=\"desc_media_69f460507602d\">\n\t\t\t\t\t\t\t\t\t\t\t\t\t\t\t\t<div>Schreibende Frau im Mittelalter <\/div>\n\t\t\t\t\t\t\t\t\t\t\t\t\t\t\t\t<div class=\"insignificant\">\u00a9 Courtesy British Library, Harley MS 4431, f.4<\/div>\n\t\t\t\t\t\t\t\t\t<\/figcaption>\n\t\t\t\t\t<\/figure>\n\t<\/lazy-media-inline>\n\t\t\t\t<\/div>\n\t\t\t<\/div>\n\t\t\t<div class=\"col-xs-12 teaser-event-text Infos\">\n\t\t\t\t<div class=\"teaser-event-standard-text\">\n\t\t\t\t\t<div class=\"margin-bottom-atom\">\n\t\t\t\t\t\t<div class=\"subline clamp-1\" v-html=\"maingenre\"><\/div>\n\t\t\t\t\t\t\t\t\t\t\t\t\t<div class=\"insignificant clamp-2\">ORTS-Termin<\/div>\n\t\t\t\t\t\t\t\t\t\t\t<\/div>\n\t\t\t\t\n\t\t\t\t\t<strong class=\"margin-bottom-atom\">Federf\u00fchrend<\/strong>\n\n\t\t\t\t\t\t\t\t\t\t\t<div class=\"\">Hohenzollerinnen und ihre Netzwerke<\/div>\n\t\t\t\t\t\t\t\t\t<\/div>\n\t\t\t\t<div class=\"teaser-bottom border-bottom\">\n\t\t\t\t<calendardateline :rawitem='item' :show-icon=\"true\"><\/calendardateline>\n\t\t\t\t\t<hr>\n\t\t\t\t<\/div>\n\t\t\t<\/div>\n\t\t<\/div>\n\t<\/a>\n\t<\/calendarteaser>\n<\/li>\n\n<li class=\"teaser-lane-slide col-xs-9 col-sm-4 col-md-4 teaser-wrapper col-padding-remove\">\n\t<calendarteaser key=\"1536977478\" rawitem='{&quot;postId&quot;:153697,&quot;title&quot;:&quot;Die DDR ver\\\/erben&quot;,&quot;excerpt&quot;:&quot;&quot;,&quot;slug&quot;:&quot;die-ddr-ver-erben&quot;,&quot;post_date&quot;:&quot;2025-10-13T10:35&quot;,&quot;type&quot;:&quot;event&quot;,&quot;permalink&quot;:&quot;https:\\\/\\\/www.humboldtforum.org\\\/de\\\/programm\\\/termin\\\/gespraech\\\/die-ddr-ver-erben-153697\\\/&quot;,&quot;genre&quot;:[1078],&quot;genre_details&quot;:[{&quot;text&quot;:&quot;Gespr\\u00e4ch&quot;,&quot;id&quot;:1078,&quot;icon&quot;:null,&quot;parent&quot;:0}],&quot;stakeholder&quot;:[382],&quot;stakeholder_details&quot;:[{&quot;text&quot;:&quot;Stiftung Humboldt Forum im Berliner Schloss&quot;,&quot;id&quot;:382,&quot;icon&quot;:null,&quot;parent&quot;:0}],&quot;targetgroup&quot;:[383,455],&quot;targetgroup_details&quot;:[{&quot;text&quot;:&quot;Erwachsene&quot;,&quot;id&quot;:383,&quot;icon&quot;:null,&quot;parent&quot;:0},{&quot;text&quot;:&quot;Jugendliche&quot;,&quot;id&quot;:455,&quot;icon&quot;:null,&quot;parent&quot;:0}],&quot;language&quot;:[384],&quot;language_details&quot;:[{&quot;text&quot;:&quot;Deutsch&quot;,&quot;id&quot;:384,&quot;icon&quot;:null,&quot;parent&quot;:0}],&quot;age&quot;:[451],&quot;age_details&quot;:[{&quot;text&quot;:&quot;ab 14 Jahre&quot;,&quot;id&quot;:451,&quot;icon&quot;:null,&quot;parent&quot;:0}],&quot;place&quot;:[424],&quot;place_details&quot;:{&quot;place&quot;:&quot;Humboldt Forum&quot;,&quot;map&quot;:&quot;Humboldt Forum, Schlossplatz, Berlin&quot;,&quot;room&quot;:&quot;Saal 3, EG&quot;},&quot;icon_overwrite&quot;:&quot;&quot;,&quot;acf&quot;:{&quot;noindex&quot;:false,&quot;keywords&quot;:&quot;&quot;,&quot;hashtag&quot;:&quot;HumboldtForum&quot;,&quot;belongsto&quot;:[14203],&quot;shorturl&quot;:&quot;&quot;,&quot;times&quot;:[],&quot;planning&quot;:{&quot;price&quot;:&quot;8 EUR, erm\\u00e4\\u00dfigt 4 EUR&quot;,&quot;admission&quot;:&quot;&quot;,&quot;pause&quot;:&quot;&quot;,&quot;duration&quot;:&quot;&quot;},&quot;subline&quot;:&quot;Familien, Dinge und ihre Geschichten&quot;,&quot;tickettext&quot;:&quot;Bitte buchen Sie Ihr Ticket vorab online oder an der Kasse im Foyer. &quot;,&quot;additional_info&quot;:{&quot;icon&quot;:&quot;0&quot;,&quot;text&quot;:&quot;&quot;},&quot;highlight_header&quot;:false,&quot;use_video_in_teasers&quot;:false,&quot;hyphenation&quot;:false,&quot;tipp&quot;:true,&quot;joker&quot;:false,&quot;live&quot;:false,&quot;hide_event_in_program&quot;:false,&quot;gomus_id&quot;:&quot;&quot;,&quot;featured_images&quot;:[153699],&quot;hm_id&quot;:&quot;&quot;},&quot;date&quot;:{&quot;NX&quot;:null,&quot;NXX&quot;:null,&quot;NLAST&quot;:&quot;202511061700&quot;,&quot;from_DATE&quot;:&quot;20251106 19:00&quot;,&quot;from&quot;:1762448400,&quot;to&quot;:1762448400,&quot;to_DATE&quot;:&quot;20251106 19:00&quot;,&quot;from_HRFSHORT&quot;:&quot; 6. Nov 2025&quot;,&quot;from_HRFSHORT_WD&quot;:&quot;Do 06.11.2025&quot;,&quot;to_HRFSHORT&quot;:&quot; 6. Nov 2025&quot;,&quot;to_HRFSHORT_WD&quot;:&quot;Do 06.11.2025&quot;,&quot;from_HRF&quot;:&quot;Do,  6. November 2025&quot;,&quot;to_HRF&quot;:&quot;Do,  6. November 2025&quot;,&quot;from_to_HRF&quot;:&quot;Do,  6. November \\u2013 Do,  6. November 2025&quot;,&quot;from_to_HRFSHORT&quot;:&quot; 6. Nov \\u2013  6. Nov 2025&quot;},&quot;alert&quot;:&quot;Tipp&quot;,&quot;partof&quot;:[14203],&quot;marketing_topic&quot;:{&quot;title&quot;:&quot;ORTS-Termin&quot;,&quot;ID&quot;:14203,&quot;reason&quot;:&quot;sequence&quot;}}' inline-template>\n\t<a href=\"https:\/\/www.humboldtforum.org\/de\/programm\/termin\/gespraech\/die-ddr-ver-erben-153697\/\" class=\"teaser teaser-event teaser-event-standard\">\n\t\t<div class=\"row\">\n\t\t\t<div class=\"col-xs-12 teaser-event-image\">\n\t\t\t\t<div class=\"teaser-image teaser-image-no-alternate\">\n\t\t\t\t\t\t\t\t\t\t\t\t\t<span class=\"alert\">Tipp<\/span>\n\t\t\t\t\t\t\t\t\t\t\t\n\t<lazy-media-inline inline-template>\n\t\t<figure itemscope itemtype=\"http:\/\/schema.org\/ImageObject\" class=\"lazy-media-inline \" role=\"group\" id=\"media_69f4605078056\" aria-labelledby=\"desc_media_69f4605078056\">\n\t\t\t<script type=\"application\/json\" ref=\"data\">\n\t\t\t\t{\n\t\t\t\t\"sizes\" : {\"medium\":{\"file\":\"SHF_eb00226611-300x200.jpg\",\"width\":300,\"height\":200,\"mime-type\":\"image\\\/jpeg\",\"filesize\":13473},\"large\":{\"file\":\"SHF_eb00226611-1024x682.jpg\",\"width\":1024,\"height\":682,\"mime-type\":\"image\\\/jpeg\",\"filesize\":84362},\"thumbnail\":{\"file\":\"SHF_eb00226611-150x150.jpg\",\"width\":150,\"height\":150,\"mime-type\":\"image\\\/jpeg\",\"filesize\":7196},\"medium_large\":{\"file\":\"SHF_eb00226611-768x512.jpg\",\"width\":768,\"height\":512,\"mime-type\":\"image\\\/jpeg\",\"filesize\":55140},\"small\":{\"file\":\"SHF_eb00226611-440x293.jpg\",\"width\":440,\"height\":293,\"mime-type\":\"image\\\/jpeg\",\"filesize\":24040},\"semi\":{\"file\":\"SHF_eb00226611-580x387.jpg\",\"width\":580,\"height\":387,\"mime-type\":\"image\\\/jpeg\",\"filesize\":36765},\"mobile\":{\"file\":\"SHF_eb00226611-720x480.jpg\",\"width\":720,\"height\":480,\"mime-type\":\"image\\\/jpeg\",\"filesize\":50191},\"original\":{\"file\":\"SHF_eb00226611.jpg\",\"width\":1280,\"height\":853}},\n\t\t\t\t\"alt\" : \"Besuchende beim Thementag \\\"Ohne Ende Palast. Erinnerungen an den Palast der Republik\\\" im Humboldt Forum am 15. Juni 2024\",\n\t\t\t\t\"path\" : \"\\\/wp-content\\\/uploads\\\/2025\\\/10\\\/\",\n\t\t\t\t\"video\" : null,\n\t\t\t\t\"autoplay\" : null,\n\t\t\t\t\"youtube\" : null,\n\t\t\t\t\"youtubelabel\" : \"Video abspielen\",\n\t\t\t\t\"brightness\" : 100,\n\t\t\t\t\"crop\" : {\"top\":\"35.50\",\"left\":\"49.81\"},\n\t\t\t\t\"background\" : true,\n\t\t\t\t\"scale\" : 2\t\t\t\t}\n\t\t\t<\/script>\n\n\t\t\t<div class=\"height-container\" style=\"padding-bottom:66.640625%;\" v-if=\"sizes\">\n\t\t\t\t\t\t\t\t<lazy-media :inline=\"true\" :alt=\"alt\" :sizes=\"sizes\" :scale=\"scale\" :brightness=\"brightness\" :path=\"path\" :video=\"video\" :autoplay=\"autoplay\" :youtube=\"youtube\" :crop=\"crop\" :youtubelabel=\"youtubelabel\" :background=\"background\" media-id=\"desc_media_69f4605078056\"><\/lazy-media>\n\t\t\t\t\t\t\t<\/div>\n\n\t\t\t\t\t\t\t<figcaption class=\"sr-only\" ref=\"body\" id=\"desc_media_69f4605078056\">\n\t\t\t\t\t\t\t\t\t\t\t\t\t\t\t\t<div>Besuchende beim Thementag &quot;Ohne Ende Palast. Erinnerungen an den Palast der Republik&quot; im Humboldt Forum am 15. Juni 2024 <\/div>\n\t\t\t\t\t\t\t\t\t\t\t\t\t\t\t\t<div class=\"insignificant\">\u00a9 Stiftung Humboldt Forum im Berliner Schloss, Foto: Stefanie Loos<\/div>\n\t\t\t\t\t\t\t\t\t<\/figcaption>\n\t\t\t\t\t<\/figure>\n\t<\/lazy-media-inline>\n\t\t\t\t<\/div>\n\t\t\t<\/div>\n\t\t\t<div class=\"col-xs-12 teaser-event-text Infos\">\n\t\t\t\t<div class=\"teaser-event-standard-text\">\n\t\t\t\t\t<div class=\"margin-bottom-atom\">\n\t\t\t\t\t\t<div class=\"subline clamp-1\" v-html=\"maingenre\"><\/div>\n\t\t\t\t\t\t\t\t\t\t\t\t\t<div class=\"insignificant clamp-2\">ORTS-Termin<\/div>\n\t\t\t\t\t\t\t\t\t\t\t<\/div>\n\t\t\t\t\n\t\t\t\t\t<strong class=\"margin-bottom-atom\">Die DDR ver\/erben<\/strong>\n\n\t\t\t\t\t\t\t\t\t\t\t<div class=\"\">Familien, Dinge und ihre Geschichten<\/div>\n\t\t\t\t\t\t\t\t\t<\/div>\n\t\t\t\t<div class=\"teaser-bottom border-bottom\">\n\t\t\t\t<calendardateline :rawitem='item' :show-icon=\"true\"><\/calendardateline>\n\t\t\t\t\t<hr>\n\t\t\t\t<\/div>\n\t\t\t<\/div>\n\t\t<\/div>\n\t<\/a>\n\t<\/calendarteaser>\n<\/li>\n\n<li class=\"teaser-lane-slide col-xs-9 col-sm-4 col-md-4 teaser-wrapper col-padding-remove\">\n\t<calendarteaser key=\"14975914887\" rawitem='{&quot;postId&quot;:149759,&quot;title&quot;:&quot;Kein Preu\\u00dfen ohne Polen!\\u00a0&quot;,&quot;excerpt&quot;:&quot;&quot;,&quot;slug&quot;:&quot;kein-preusen-ohne-polen&quot;,&quot;post_date&quot;:&quot;2025-07-25T14:29&quot;,&quot;type&quot;:&quot;event&quot;,&quot;permalink&quot;:&quot;https:\\\/\\\/www.humboldtforum.org\\\/de\\\/programm\\\/termin\\\/gespraech\\\/kein-preusen-ohne-polen-149759\\\/&quot;,&quot;genre&quot;:[1078],&quot;genre_details&quot;:[{&quot;text&quot;:&quot;Gespr\\u00e4ch&quot;,&quot;id&quot;:1078,&quot;icon&quot;:null,&quot;parent&quot;:0}],&quot;stakeholder&quot;:[382],&quot;stakeholder_details&quot;:[{&quot;text&quot;:&quot;Stiftung Humboldt Forum im Berliner Schloss&quot;,&quot;id&quot;:382,&quot;icon&quot;:null,&quot;parent&quot;:0}],&quot;targetgroup&quot;:[383,455],&quot;targetgroup_details&quot;:[{&quot;text&quot;:&quot;Erwachsene&quot;,&quot;id&quot;:383,&quot;icon&quot;:null,&quot;parent&quot;:0},{&quot;text&quot;:&quot;Jugendliche&quot;,&quot;id&quot;:455,&quot;icon&quot;:null,&quot;parent&quot;:0}],&quot;language&quot;:[384],&quot;language_details&quot;:[{&quot;text&quot;:&quot;Deutsch&quot;,&quot;id&quot;:384,&quot;icon&quot;:null,&quot;parent&quot;:0}],&quot;age&quot;:[451],&quot;age_details&quot;:[{&quot;text&quot;:&quot;ab 14 Jahre&quot;,&quot;id&quot;:451,&quot;icon&quot;:null,&quot;parent&quot;:0}],&quot;place&quot;:[424],&quot;place_details&quot;:{&quot;place&quot;:&quot;Humboldt Forum&quot;,&quot;map&quot;:&quot;Humboldt Forum, Schlossplatz, Berlin&quot;,&quot;room&quot;:&quot;Saal 3, EG&quot;},&quot;icon_overwrite&quot;:&quot;&quot;,&quot;acf&quot;:{&quot;noindex&quot;:false,&quot;keywords&quot;:&quot;&quot;,&quot;hashtag&quot;:&quot;HumboldtForum&quot;,&quot;belongsto&quot;:[14203],&quot;shorturl&quot;:&quot;&quot;,&quot;times&quot;:[],&quot;planning&quot;:{&quot;price&quot;:&quot;8 EUR, erm\\u00e4\\u00dfigt 4 EUR&quot;,&quot;admission&quot;:&quot;&quot;,&quot;pause&quot;:&quot;&quot;,&quot;duration&quot;:&quot;&quot;},&quot;subline&quot;:&quot;500 Jahre Preu\\u00dfen und die deutsch-polnischen Beziehungen&quot;,&quot;tickettext&quot;:&quot;Bitte buchen Sie Ihr Ticket vorab online oder an der Kasse im Foyer. &quot;,&quot;additional_info&quot;:{&quot;icon&quot;:&quot;0&quot;,&quot;text&quot;:&quot;&quot;},&quot;highlight_header&quot;:false,&quot;use_video_in_teasers&quot;:false,&quot;hyphenation&quot;:false,&quot;tipp&quot;:false,&quot;joker&quot;:false,&quot;live&quot;:false,&quot;hide_event_in_program&quot;:false,&quot;gomus_id&quot;:&quot;&quot;,&quot;hm_id&quot;:&quot;&quot;,&quot;featured_images&quot;:[149839]},&quot;date&quot;:{&quot;NX&quot;:null,&quot;NXX&quot;:null,&quot;NLAST&quot;:&quot;202509111500&quot;,&quot;from_DATE&quot;:&quot;20250911 19:00&quot;,&quot;from&quot;:1757602800,&quot;to&quot;:1757602800,&quot;to_DATE&quot;:&quot;20250911 19:00&quot;,&quot;from_HRFSHORT&quot;:&quot;11. Sep 2025&quot;,&quot;from_HRFSHORT_WD&quot;:&quot;Do 11.09.2025&quot;,&quot;to_HRFSHORT&quot;:&quot;11. Sep 2025&quot;,&quot;to_HRFSHORT_WD&quot;:&quot;Do 11.09.2025&quot;,&quot;from_HRF&quot;:&quot;Do, 11. September 2025&quot;,&quot;to_HRF&quot;:&quot;Do, 11. September 2025&quot;,&quot;from_to_HRF&quot;:&quot;Do, 11. September \\u2013 Do, 11. September 2025&quot;,&quot;from_to_HRFSHORT&quot;:&quot;11. Sep \\u2013 11. Sep 2025&quot;},&quot;alert&quot;:null,&quot;partof&quot;:[&quot;14203&quot;],&quot;marketing_topic&quot;:{&quot;title&quot;:&quot;ORTS-Termin&quot;,&quot;ID&quot;:&quot;14203&quot;,&quot;reason&quot;:&quot;sequence&quot;}}' inline-template>\n\t<a href=\"https:\/\/www.humboldtforum.org\/de\/programm\/termin\/gespraech\/kein-preusen-ohne-polen-149759\/\" class=\"teaser teaser-event teaser-event-standard\">\n\t\t<div class=\"row\">\n\t\t\t<div class=\"col-xs-12 teaser-event-image\">\n\t\t\t\t<div class=\"teaser-image teaser-image-no-alternate\">\n\t\t\t\t\t\t\t\t\t\t\t\n\t<lazy-media-inline inline-template>\n\t\t<figure itemscope itemtype=\"http:\/\/schema.org\/ImageObject\" class=\"lazy-media-inline \" role=\"group\" id=\"media_69f460507a590\" aria-labelledby=\"desc_media_69f460507a590\">\n\t\t\t<script type=\"application\/json\" ref=\"data\">\n\t\t\t\t{\n\t\t\t\t\"sizes\" : {\"medium\":{\"file\":\"SHF_eb00250498-1-300x150.jpg\",\"width\":300,\"height\":150,\"mime-type\":\"image\\\/jpeg\",\"filesize\":18671},\"large\":{\"file\":\"SHF_eb00250498-1-1024x510.jpg\",\"width\":1024,\"height\":510,\"mime-type\":\"image\\\/jpeg\",\"filesize\":177936},\"thumbnail\":{\"file\":\"SHF_eb00250498-1-150x150.jpg\",\"width\":150,\"height\":150,\"mime-type\":\"image\\\/jpeg\",\"filesize\":9596},\"medium_large\":{\"file\":\"SHF_eb00250498-1-768x383.jpg\",\"width\":768,\"height\":383,\"mime-type\":\"image\\\/jpeg\",\"filesize\":104513},\"small\":{\"file\":\"SHF_eb00250498-1-440x219.jpg\",\"width\":440,\"height\":219,\"mime-type\":\"image\\\/jpeg\",\"filesize\":37271},\"semi\":{\"file\":\"SHF_eb00250498-1-580x289.jpg\",\"width\":580,\"height\":289,\"mime-type\":\"image\\\/jpeg\",\"filesize\":62507},\"mobile\":{\"file\":\"SHF_eb00250498-1-720x359.jpg\",\"width\":720,\"height\":359,\"mime-type\":\"image\\\/jpeg\",\"filesize\":92715},\"hd\":{\"file\":\"SHF_eb00250498-1-1280x638.jpg\",\"width\":1280,\"height\":638,\"mime-type\":\"image\\\/jpeg\",\"filesize\":267677},\"full\":{\"file\":\"SHF_eb00250498-1-1920x957.jpg\",\"width\":1920,\"height\":957,\"mime-type\":\"image\\\/jpeg\",\"filesize\":542378},\"1536x1536\":{\"file\":\"SHF_eb00250498-1-1536x766.jpg\",\"width\":1536,\"height\":766,\"mime-type\":\"image\\\/jpeg\",\"filesize\":370300},\"2048x2048\":{\"file\":\"SHF_eb00250498-1-2048x1021.jpg\",\"width\":2048,\"height\":1021,\"mime-type\":\"image\\\/jpeg\",\"filesize\":604686},\"original\":{\"file\":\"SHF_eb00250498-1.jpg\",\"width\":2257,\"height\":1125}},\n\t\t\t\t\"alt\" : \"Historische Szene mit Personen in festlicher Kleidung, die an einer Zeremonie oder Feier teilnehmen.\",\n\t\t\t\t\"path\" : \"\\\/wp-content\\\/uploads\\\/2025\\\/07\\\/\",\n\t\t\t\t\"video\" : null,\n\t\t\t\t\"autoplay\" : null,\n\t\t\t\t\"youtube\" : null,\n\t\t\t\t\"youtubelabel\" : \"Video abspielen\",\n\t\t\t\t\"brightness\" : 100,\n\t\t\t\t\"crop\" : null,\n\t\t\t\t\"background\" : true,\n\t\t\t\t\"scale\" : 2\t\t\t\t}\n\t\t\t<\/script>\n\n\t\t\t<div class=\"height-container\" style=\"padding-bottom:49.844926894107%;\" v-if=\"sizes\">\n\t\t\t\t\t\t\t\t<lazy-media :inline=\"true\" :alt=\"alt\" :sizes=\"sizes\" :scale=\"scale\" :brightness=\"brightness\" :path=\"path\" :video=\"video\" :autoplay=\"autoplay\" :youtube=\"youtube\" :crop=\"crop\" :youtubelabel=\"youtubelabel\" :background=\"background\" media-id=\"desc_media_69f460507a590\"><\/lazy-media>\n\t\t\t\t\t\t\t<\/div>\n\n\t\t\t\t\t\t\t<figcaption class=\"sr-only\" ref=\"body\" id=\"desc_media_69f460507a590\">\n\t\t\t\t\t\t\t\t\t\t\t<div>Motiv: Preu&szlig;ische Huldigung von Jan Matejko, 1882, Grafik: Andreas Dimmler<\/div>\n\t\t\t\t\t\t\t\t\t\t\t\t\t\t\t\t\t\t\t\t\t<div class=\"insignificant\">\u00a9 RECS<\/div>\n\t\t\t\t\t\t\t\t\t<\/figcaption>\n\t\t\t\t\t<\/figure>\n\t<\/lazy-media-inline>\n\t\t\t\t<\/div>\n\t\t\t<\/div>\n\t\t\t<div class=\"col-xs-12 teaser-event-text Infos\">\n\t\t\t\t<div class=\"teaser-event-standard-text\">\n\t\t\t\t\t<div class=\"margin-bottom-atom\">\n\t\t\t\t\t\t<div class=\"subline clamp-1\" v-html=\"maingenre\"><\/div>\n\t\t\t\t\t\t\t\t\t\t\t\t\t<div class=\"insignificant clamp-2\">ORTS-Termin<\/div>\n\t\t\t\t\t\t\t\t\t\t\t<\/div>\n\t\t\t\t\n\t\t\t\t\t<strong class=\"margin-bottom-atom\">Kein Preu\u00dfen ohne Polen!\u00a0<\/strong>\n\n\t\t\t\t\t\t\t\t\t\t\t<div class=\"\">500 Jahre Preu\u00dfen und die deutsch-polnischen Beziehungen<\/div>\n\t\t\t\t\t\t\t\t\t<\/div>\n\t\t\t\t<div class=\"teaser-bottom border-bottom\">\n\t\t\t\t<calendardateline :rawitem='item' :show-icon=\"true\"><\/calendardateline>\n\t\t\t\t\t<hr>\n\t\t\t\t<\/div>\n\t\t\t<\/div>\n\t\t<\/div>\n\t<\/a>\n\t<\/calendarteaser>\n<\/li>\n\n<li class=\"teaser-lane-slide col-xs-9 col-sm-4 col-md-4 teaser-wrapper col-padding-remove\">\n\t<calendarteaser key=\"14728722201\" rawitem='{&quot;postId&quot;:147287,&quot;title&quot;:&quot;Polen und Deutschland \\u2013 Eine Berliner Verflechtungsgeschichte&quot;,&quot;excerpt&quot;:&quot;&quot;,&quot;slug&quot;:&quot;polen-und-deutschland-eine-berliner-verflechtungsgeschichte&quot;,&quot;post_date&quot;:&quot;2025-06-02T11:19&quot;,&quot;type&quot;:&quot;event&quot;,&quot;permalink&quot;:&quot;https:\\\/\\\/www.humboldtforum.org\\\/de\\\/programm\\\/termin\\\/gespraech\\\/polen-und-deutschland-eine-berliner-verflechtungsgeschichte-147287\\\/&quot;,&quot;genre&quot;:[1078],&quot;genre_details&quot;:[{&quot;text&quot;:&quot;Gespr\\u00e4ch&quot;,&quot;id&quot;:1078,&quot;icon&quot;:null,&quot;parent&quot;:0}],&quot;stakeholder&quot;:[400,382],&quot;stakeholder_details&quot;:[{&quot;text&quot;:&quot;Kulturprojekte Berlin \\\/ Stadtmuseum Berlin&quot;,&quot;id&quot;:400,&quot;icon&quot;:null,&quot;parent&quot;:0},{&quot;text&quot;:&quot;Stiftung Humboldt Forum im Berliner Schloss&quot;,&quot;id&quot;:382,&quot;icon&quot;:null,&quot;parent&quot;:0}],&quot;targetgroup&quot;:[383,455],&quot;targetgroup_details&quot;:[{&quot;text&quot;:&quot;Erwachsene&quot;,&quot;id&quot;:383,&quot;icon&quot;:null,&quot;parent&quot;:0},{&quot;text&quot;:&quot;Jugendliche&quot;,&quot;id&quot;:455,&quot;icon&quot;:null,&quot;parent&quot;:0}],&quot;language&quot;:[384],&quot;language_details&quot;:[{&quot;text&quot;:&quot;Deutsch&quot;,&quot;id&quot;:384,&quot;icon&quot;:null,&quot;parent&quot;:0}],&quot;age&quot;:[1321],&quot;age_details&quot;:[{&quot;text&quot;:&quot;ab 16 Jahre&quot;,&quot;id&quot;:1321,&quot;icon&quot;:null,&quot;parent&quot;:0}],&quot;icon_overwrite&quot;:&quot;&quot;,&quot;acf&quot;:{&quot;noindex&quot;:false,&quot;keywords&quot;:&quot;&quot;,&quot;hashtag&quot;:&quot;HumboldtForum&quot;,&quot;belongsto&quot;:[14203],&quot;shorturl&quot;:&quot;&quot;,&quot;times&quot;:[],&quot;planning&quot;:{&quot;price&quot;:&quot;8 EUR, erm\\u00e4\\u00dfigt 4 EUR&quot;,&quot;admission&quot;:&quot;&quot;,&quot;pause&quot;:&quot;&quot;,&quot;duration&quot;:&quot;&quot;},&quot;subline&quot;:&quot;ORTS-Termin trifft BERLIN GLOBAL&quot;,&quot;additional_info&quot;:{&quot;icon&quot;:&quot;icon-ort&quot;,&quot;text&quot;:&quot;BERLIN GLOBAL Ausstellung und Saal 3&quot;},&quot;highlight_header&quot;:false,&quot;featured_images&quot;:[147294],&quot;use_video_in_teasers&quot;:false,&quot;hyphenation&quot;:true,&quot;tipp&quot;:true,&quot;joker&quot;:false,&quot;live&quot;:false,&quot;hide_event_in_program&quot;:false,&quot;gomus_id&quot;:&quot;&quot;,&quot;hm_id&quot;:&quot;&quot;},&quot;date&quot;:{&quot;NX&quot;:null,&quot;NXX&quot;:null,&quot;NLAST&quot;:&quot;202506261400&quot;,&quot;from_DATE&quot;:&quot;20250626 18:00&quot;,&quot;from&quot;:1750946400,&quot;to&quot;:1750946400,&quot;to_DATE&quot;:&quot;20250626 18:00&quot;,&quot;from_HRFSHORT&quot;:&quot;26. Jun 2025&quot;,&quot;from_HRFSHORT_WD&quot;:&quot;Do 26.06.2025&quot;,&quot;to_HRFSHORT&quot;:&quot;26. Jun 2025&quot;,&quot;to_HRFSHORT_WD&quot;:&quot;Do 26.06.2025&quot;,&quot;from_HRF&quot;:&quot;Do, 26. Juni 2025&quot;,&quot;to_HRF&quot;:&quot;Do, 26. Juni 2025&quot;,&quot;from_to_HRF&quot;:&quot;Do, 26. Juni \\u2013 Do, 26. Juni 2025&quot;,&quot;from_to_HRFSHORT&quot;:&quot;26. Jun \\u2013 26. Jun 2025&quot;},&quot;alert&quot;:&quot;Tipp&quot;,&quot;partof&quot;:[&quot;14203&quot;],&quot;marketing_topic&quot;:{&quot;title&quot;:&quot;ORTS-Termin&quot;,&quot;ID&quot;:&quot;14203&quot;,&quot;reason&quot;:&quot;sequence&quot;}}' inline-template>\n\t<a href=\"https:\/\/www.humboldtforum.org\/de\/programm\/termin\/gespraech\/polen-und-deutschland-eine-berliner-verflechtungsgeschichte-147287\/\" class=\"teaser teaser-event teaser-event-standard\">\n\t\t<div class=\"row\">\n\t\t\t<div class=\"col-xs-12 teaser-event-image\">\n\t\t\t\t<div class=\"teaser-image teaser-image-no-alternate\">\n\t\t\t\t\t\t\t\t\t\t\t\t\t<span class=\"alert\">Tipp<\/span>\n\t\t\t\t\t\t\t\t\t\t\t\n\t<lazy-media-inline inline-template>\n\t\t<figure itemscope itemtype=\"http:\/\/schema.org\/ImageObject\" class=\"lazy-media-inline \" role=\"group\" id=\"media_69f460507c580\" aria-labelledby=\"desc_media_69f460507c580\">\n\t\t\t<script type=\"application\/json\" ref=\"data\">\n\t\t\t\t{\n\t\t\t\t\"sizes\" : {\"medium\":{\"file\":\"SHF_eb00248059-300x224.jpg\",\"width\":300,\"height\":224,\"mime-type\":\"image\\\/jpeg\",\"filesize\":11322},\"large\":{\"file\":\"SHF_eb00248059-1024x764.jpg\",\"width\":1024,\"height\":764,\"mime-type\":\"image\\\/jpeg\",\"filesize\":86886},\"thumbnail\":{\"file\":\"SHF_eb00248059-150x150.jpg\",\"width\":150,\"height\":150,\"mime-type\":\"image\\\/jpeg\",\"filesize\":5491},\"medium_large\":{\"file\":\"SHF_eb00248059-768x573.jpg\",\"width\":768,\"height\":573,\"mime-type\":\"image\\\/jpeg\",\"filesize\":52969},\"small\":{\"file\":\"SHF_eb00248059-440x328.jpg\",\"width\":440,\"height\":328,\"mime-type\":\"image\\\/jpeg\",\"filesize\":21017},\"semi\":{\"file\":\"SHF_eb00248059-580x433.jpg\",\"width\":580,\"height\":433,\"mime-type\":\"image\\\/jpeg\",\"filesize\":33698},\"mobile\":{\"file\":\"SHF_eb00248059-720x537.jpg\",\"width\":720,\"height\":537,\"mime-type\":\"image\\\/jpeg\",\"filesize\":47884},\"hd\":{\"file\":\"SHF_eb00248059-1280x955.jpg\",\"width\":1280,\"height\":955,\"mime-type\":\"image\\\/jpeg\",\"filesize\":127249},\"1536x1536\":{\"file\":\"SHF_eb00248059-1536x1146.jpg\",\"width\":1536,\"height\":1146,\"mime-type\":\"image\\\/jpeg\",\"filesize\":172947},\"original\":{\"file\":\"SHF_eb00248059.jpg\",\"width\":1662,\"height\":1240}},\n\t\t\t\t\"alt\" : \"Wei\\u00dfe Tasse mit Untertasse und roten Zuckerst\\u00fccken vor einer verschwommenen Stadtansicht in Rot-Wei\\u00df.\",\n\t\t\t\t\"path\" : \"\\\/wp-content\\\/uploads\\\/2025\\\/06\\\/\",\n\t\t\t\t\"video\" : null,\n\t\t\t\t\"autoplay\" : null,\n\t\t\t\t\"youtube\" : null,\n\t\t\t\t\"youtubelabel\" : \"Video abspielen\",\n\t\t\t\t\"brightness\" : 100,\n\t\t\t\t\"crop\" : {\"top\":\"50.00\",\"left\":\"50.00\"},\n\t\t\t\t\"background\" : true,\n\t\t\t\t\"scale\" : 2\t\t\t\t}\n\t\t\t<\/script>\n\n\t\t\t<div class=\"height-container\" style=\"padding-bottom:74.608904933815%;\" v-if=\"sizes\">\n\t\t\t\t\t\t\t\t<lazy-media :inline=\"true\" :alt=\"alt\" :sizes=\"sizes\" :scale=\"scale\" :brightness=\"brightness\" :path=\"path\" :video=\"video\" :autoplay=\"autoplay\" :youtube=\"youtube\" :crop=\"crop\" :youtubelabel=\"youtubelabel\" :background=\"background\" media-id=\"desc_media_69f460507c580\"><\/lazy-media>\n\t\t\t\t\t\t\t<\/div>\n\n\t\t\t\t\t\t\t<figcaption class=\"sr-only\" ref=\"body\" id=\"desc_media_69f460507c580\">\n\t\t\t\t\t\t\t\t\t\t\t<div>Flyer f&uuml;r die Veranstaltung &quot;Polen und Deutschland &ndash; Eine Berliner Verflechtungsgeschichte&quot;<\/div>\n\t\t\t\t\t\t\t\t\t\t\t\t\t\t\t\t\t\t\t\t\t<div class=\"insignificant\">\u00a9 Anna Krenz, Fotos: Stadtmuseum Berlin \/ Groupe Dejour; Wikipedia \/ A. Savin, Borzpoz CC0 1.0\r\n<\/div>\n\t\t\t\t\t\t\t\t\t<\/figcaption>\n\t\t\t\t\t<\/figure>\n\t<\/lazy-media-inline>\n\t\t\t\t<\/div>\n\t\t\t<\/div>\n\t\t\t<div class=\"col-xs-12 teaser-event-text Infos\">\n\t\t\t\t<div class=\"teaser-event-standard-text\">\n\t\t\t\t\t<div class=\"margin-bottom-atom\">\n\t\t\t\t\t\t<div class=\"subline clamp-1\" v-html=\"maingenre\"><\/div>\n\t\t\t\t\t\t\t\t\t\t\t\t\t<div class=\"insignificant clamp-2\">ORTS-Termin<\/div>\n\t\t\t\t\t\t\t\t\t\t\t<\/div>\n\t\t\t\t\n\t\t\t\t\t<strong class=\"margin-bottom-atom\">Polen und Deutschland \u2013 Eine Berliner Verflechtungsgeschichte<\/strong>\n\n\t\t\t\t\t\t\t\t\t\t\t<div class=\"\">ORTS-Termin trifft BERLIN GLOBAL<\/div>\n\t\t\t\t\t\t\t\t\t<\/div>\n\t\t\t\t<div class=\"teaser-bottom border-bottom\">\n\t\t\t\t<calendardateline :rawitem='item' :show-icon=\"true\"><\/calendardateline>\n\t\t\t\t\t<hr>\n\t\t\t\t<\/div>\n\t\t\t<\/div>\n\t\t<\/div>\n\t<\/a>\n\t<\/calendarteaser>\n<\/li>\n\n<li class=\"teaser-lane-slide col-xs-9 col-sm-4 col-md-4 teaser-wrapper col-padding-remove\">\n\t<calendarteaser key=\"1423693975\" rawitem='{&quot;postId&quot;:142369,&quot;title&quot;:&quot;Gef\\u00e4hrlich gef\\u00e4hrdet - Neuaneignung von Orten mit DDR-Geschichte&quot;,&quot;excerpt&quot;:&quot;&quot;,&quot;slug&quot;:&quot;gefaehrlich-gefaehrdet-neuaneignung-von-orten-mit-ddr-geschichte&quot;,&quot;post_date&quot;:&quot;2025-01-20T17:32&quot;,&quot;type&quot;:&quot;event&quot;,&quot;permalink&quot;:&quot;https:\\\/\\\/www.humboldtforum.org\\\/de\\\/programm\\\/termin\\\/gespraech\\\/gefaehrlich-gefaehrdet-neuaneignung-von-orten-mit-ddr-geschichte-142369\\\/&quot;,&quot;genre&quot;:[1078],&quot;genre_details&quot;:[{&quot;text&quot;:&quot;Gespr\\u00e4ch&quot;,&quot;id&quot;:1078,&quot;icon&quot;:null,&quot;parent&quot;:0}],&quot;stakeholder&quot;:[382],&quot;stakeholder_details&quot;:[{&quot;text&quot;:&quot;Stiftung Humboldt Forum im Berliner Schloss&quot;,&quot;id&quot;:382,&quot;icon&quot;:null,&quot;parent&quot;:0}],&quot;language&quot;:[384],&quot;language_details&quot;:[{&quot;text&quot;:&quot;Deutsch&quot;,&quot;id&quot;:384,&quot;icon&quot;:null,&quot;parent&quot;:0}],&quot;place&quot;:[424],&quot;place_details&quot;:{&quot;place&quot;:&quot;Humboldt Forum&quot;,&quot;map&quot;:&quot;Humboldt Forum, Schlossplatz, Berlin&quot;,&quot;room&quot;:&quot;Saal 3, EG&quot;},&quot;icon_overwrite&quot;:&quot;&quot;,&quot;acf&quot;:{&quot;noindex&quot;:false,&quot;keywords&quot;:&quot;&quot;,&quot;hashtag&quot;:&quot;HumboldtForum&quot;,&quot;belongsto&quot;:[141278,14203],&quot;shorturl&quot;:&quot;&quot;,&quot;times&quot;:[],&quot;planning&quot;:{&quot;price&quot;:&quot;8 EUR, erm. 4 EUR&quot;,&quot;admission&quot;:&quot;&quot;,&quot;pause&quot;:&quot;&quot;,&quot;duration&quot;:&quot;&quot;},&quot;additional_info&quot;:{&quot;icon&quot;:&quot;0&quot;,&quot;text&quot;:&quot;&quot;},&quot;highlight_header&quot;:false,&quot;use_video_in_teasers&quot;:false,&quot;hyphenation&quot;:true,&quot;tipp&quot;:false,&quot;joker&quot;:false,&quot;live&quot;:false,&quot;hide_event_in_program&quot;:false,&quot;gomus_id&quot;:&quot;&quot;,&quot;hm_id&quot;:&quot;&quot;,&quot;subline&quot;:&quot;Eine Podiumsdiskussion moderiert von Shelly Kupferberg mit Gabi Dolff-Bonek\\u00e4mper, Charlotte Gneu\\u00df, Klaus Lederer und Edda Schlager&quot;,&quot;featured_images&quot;:[142397]},&quot;date&quot;:{&quot;NX&quot;:null,&quot;NXX&quot;:null,&quot;NLAST&quot;:&quot;202502131700&quot;,&quot;from_DATE&quot;:&quot;20250213 19:00&quot;,&quot;from&quot;:1739466000,&quot;to&quot;:1739466000,&quot;to_DATE&quot;:&quot;20250213 19:00&quot;,&quot;from_HRFSHORT&quot;:&quot;13. Feb 2025&quot;,&quot;from_HRFSHORT_WD&quot;:&quot;Do 13.02.2025&quot;,&quot;to_HRFSHORT&quot;:&quot;13. Feb 2025&quot;,&quot;to_HRFSHORT_WD&quot;:&quot;Do 13.02.2025&quot;,&quot;from_HRF&quot;:&quot;Do, 13. Februar 2025&quot;,&quot;to_HRF&quot;:&quot;Do, 13. Februar 2025&quot;,&quot;from_to_HRF&quot;:&quot;Do, 13. Februar \\u2013 Do, 13. Februar 2025&quot;,&quot;from_to_HRFSHORT&quot;:&quot;13. Feb \\u2013 13. Feb 2025&quot;},&quot;alert&quot;:null,&quot;partof&quot;:[&quot;14203&quot;],&quot;marketing_topic&quot;:{&quot;title&quot;:&quot;ORTS-Termin&quot;,&quot;ID&quot;:&quot;14203&quot;,&quot;reason&quot;:&quot;sequence&quot;}}' inline-template>\n\t<a href=\"https:\/\/www.humboldtforum.org\/de\/programm\/termin\/gespraech\/gefaehrlich-gefaehrdet-neuaneignung-von-orten-mit-ddr-geschichte-142369\/\" class=\"teaser teaser-event teaser-event-standard\">\n\t\t<div class=\"row\">\n\t\t\t<div class=\"col-xs-12 teaser-event-image\">\n\t\t\t\t<div class=\"teaser-image teaser-image-no-alternate\">\n\t\t\t\t\t\t\t\t\t\t\t\n\t<lazy-media-inline inline-template>\n\t\t<figure itemscope itemtype=\"http:\/\/schema.org\/ImageObject\" class=\"lazy-media-inline \" role=\"group\" id=\"media_69f460507e4a1\" aria-labelledby=\"desc_media_69f460507e4a1\">\n\t\t\t<script type=\"application\/json\" ref=\"data\">\n\t\t\t\t{\n\t\t\t\t\"sizes\" : {\"medium\":{\"file\":\"SHF_eb00241239-300x169.jpg\",\"width\":300,\"height\":169,\"mime-type\":\"image\\\/jpeg\",\"filesize\":14198},\"large\":{\"file\":\"SHF_eb00241239-1024x576.jpg\",\"width\":1024,\"height\":576,\"mime-type\":\"image\\\/jpeg\",\"filesize\":93217},\"thumbnail\":{\"file\":\"SHF_eb00241239-150x150.jpg\",\"width\":150,\"height\":150,\"mime-type\":\"image\\\/jpeg\",\"filesize\":6786},\"medium_large\":{\"file\":\"SHF_eb00241239-768x432.jpg\",\"width\":768,\"height\":432,\"mime-type\":\"image\\\/jpeg\",\"filesize\":58696},\"small\":{\"file\":\"SHF_eb00241239-440x248.jpg\",\"width\":440,\"height\":248,\"mime-type\":\"image\\\/jpeg\",\"filesize\":24798},\"semi\":{\"file\":\"SHF_eb00241239-580x326.jpg\",\"width\":580,\"height\":326,\"mime-type\":\"image\\\/jpeg\",\"filesize\":38310},\"mobile\":{\"file\":\"SHF_eb00241239-720x405.jpg\",\"width\":720,\"height\":405,\"mime-type\":\"image\\\/jpeg\",\"filesize\":53209},\"hd\":{\"file\":\"SHF_eb00241239-1280x720.jpg\",\"width\":1280,\"height\":720,\"mime-type\":\"image\\\/jpeg\",\"filesize\":139915},\"1536x1536\":{\"file\":\"SHF_eb00241239-1536x864.jpg\",\"width\":1536,\"height\":864,\"mime-type\":\"image\\\/jpeg\",\"filesize\":196632},\"original\":{\"file\":\"SHF_eb00241239.jpg\",\"width\":1920,\"height\":1080}},\n\t\t\t\t\"alt\" : \"Gelbes Warnschild mit schwarzem Dreieck und Hinweis \\u201eGef\\u00e4hrlich, gef\\u00e4hrdet\\u201c an einem Zaun.\",\n\t\t\t\t\"path\" : \"\\\/wp-content\\\/uploads\\\/2025\\\/01\\\/\",\n\t\t\t\t\"video\" : null,\n\t\t\t\t\"autoplay\" : null,\n\t\t\t\t\"youtube\" : null,\n\t\t\t\t\"youtubelabel\" : \"Video abspielen\",\n\t\t\t\t\"brightness\" : 100,\n\t\t\t\t\"crop\" : {\"top\":\"50.00\",\"left\":\"50.00\"},\n\t\t\t\t\"background\" : true,\n\t\t\t\t\"scale\" : 2\t\t\t\t}\n\t\t\t<\/script>\n\n\t\t\t<div class=\"height-container\" style=\"padding-bottom:56.25%;\" v-if=\"sizes\">\n\t\t\t\t\t\t\t\t<lazy-media :inline=\"true\" :alt=\"alt\" :sizes=\"sizes\" :scale=\"scale\" :brightness=\"brightness\" :path=\"path\" :video=\"video\" :autoplay=\"autoplay\" :youtube=\"youtube\" :crop=\"crop\" :youtubelabel=\"youtubelabel\" :background=\"background\" media-id=\"desc_media_69f460507e4a1\"><\/lazy-media>\n\t\t\t\t\t\t\t<\/div>\n\n\t\t\t\t\t\t\t<figcaption class=\"sr-only\" ref=\"body\" id=\"desc_media_69f460507e4a1\">\n\t\t\t\t\t\t\t\t\t\t\t<div>Verbotsschild an einem Bauzaun f&uuml;r das Symposium &quot;Gef&auml;hrlich gef&auml;hrdet &#8211; Neuaneignung von Orten mit DDR-Geschichte&quot;<\/div>\n\t\t\t\t\t\t\t\t\t\t\t\t\t\t\t\t\t\t\t\t\t<div class=\"insignificant\">\u00a9 Stiftung Humboldt Forum im Berliner Schloss, Foto: Chanhee Lee \/ Unsplash<\/div>\n\t\t\t\t\t\t\t\t\t<\/figcaption>\n\t\t\t\t\t<\/figure>\n\t<\/lazy-media-inline>\n\t\t\t\t<\/div>\n\t\t\t<\/div>\n\t\t\t<div class=\"col-xs-12 teaser-event-text Infos\">\n\t\t\t\t<div class=\"teaser-event-standard-text\">\n\t\t\t\t\t<div class=\"margin-bottom-atom\">\n\t\t\t\t\t\t<div class=\"subline clamp-1\" v-html=\"maingenre\"><\/div>\n\t\t\t\t\t\t\t\t\t\t\t\t\t<div class=\"insignificant clamp-2\">ORTS-Termin<\/div>\n\t\t\t\t\t\t\t\t\t\t\t<\/div>\n\t\t\t\t\n\t\t\t\t\t<strong class=\"margin-bottom-atom\">Gef\u00e4hrlich gef\u00e4hrdet &#8211; Neuaneignung von Orten mit DDR-Geschichte<\/strong>\n\n\t\t\t\t\t\t\t\t\t\t\t<div class=\"\">Eine Podiumsdiskussion moderiert von Shelly Kupferberg mit Gabi Dolff-Bonek\u00e4mper, Charlotte Gneu\u00df, Klaus Lederer und Edda Schlager<\/div>\n\t\t\t\t\t\t\t\t\t<\/div>\n\t\t\t\t<div class=\"teaser-bottom border-bottom\">\n\t\t\t\t<calendardateline :rawitem='item' :show-icon=\"true\"><\/calendardateline>\n\t\t\t\t\t<hr>\n\t\t\t\t<\/div>\n\t\t\t<\/div>\n\t\t<\/div>\n\t<\/a>\n\t<\/calendarteaser>\n<\/li>\n\n<li class=\"teaser-lane-slide col-xs-9 col-sm-4 col-md-4 teaser-wrapper col-padding-remove\">\n\t<calendarteaser key=\"1403203964\" rawitem='{&quot;postId&quot;:140320,&quot;title&quot;:&quot;Die koloniale Weltsicht Wilhelms II.&quot;,&quot;excerpt&quot;:&quot;&quot;,&quot;slug&quot;:&quot;die-koloniale-weltsicht-wilhelms-ii&quot;,&quot;post_date&quot;:&quot;2024-11-25T12:09&quot;,&quot;type&quot;:&quot;event&quot;,&quot;permalink&quot;:&quot;https:\\\/\\\/www.humboldtforum.org\\\/de\\\/programm\\\/termin\\\/gespraech\\\/die-koloniale-weltsicht-wilhelms-ii-140320\\\/&quot;,&quot;genre&quot;:[1078],&quot;genre_details&quot;:[{&quot;text&quot;:&quot;Gespr\\u00e4ch&quot;,&quot;id&quot;:1078,&quot;icon&quot;:null,&quot;parent&quot;:0}],&quot;stakeholder&quot;:[382],&quot;stakeholder_details&quot;:[{&quot;text&quot;:&quot;Stiftung Humboldt Forum im Berliner Schloss&quot;,&quot;id&quot;:382,&quot;icon&quot;:null,&quot;parent&quot;:0}],&quot;targetgroup&quot;:[383,455],&quot;targetgroup_details&quot;:[{&quot;text&quot;:&quot;Erwachsene&quot;,&quot;id&quot;:383,&quot;icon&quot;:null,&quot;parent&quot;:0},{&quot;text&quot;:&quot;Jugendliche&quot;,&quot;id&quot;:455,&quot;icon&quot;:null,&quot;parent&quot;:0}],&quot;language&quot;:[384,385],&quot;language_details&quot;:[{&quot;text&quot;:&quot;Deutsch&quot;,&quot;id&quot;:384,&quot;icon&quot;:null,&quot;parent&quot;:0},{&quot;text&quot;:&quot;Englisch&quot;,&quot;id&quot;:385,&quot;icon&quot;:null,&quot;parent&quot;:0}],&quot;age&quot;:[451],&quot;age_details&quot;:[{&quot;text&quot;:&quot;ab 14 Jahre&quot;,&quot;id&quot;:451,&quot;icon&quot;:null,&quot;parent&quot;:0}],&quot;place&quot;:[424],&quot;place_details&quot;:{&quot;place&quot;:&quot;Humboldt Forum&quot;,&quot;map&quot;:&quot;Humboldt Forum, Schlossplatz, Berlin&quot;,&quot;room&quot;:&quot;Saal 3, EG&quot;},&quot;icon_overwrite&quot;:&quot;&quot;,&quot;acf&quot;:{&quot;noindex&quot;:false,&quot;keywords&quot;:&quot;&quot;,&quot;hashtag&quot;:&quot;HumboldtForum&quot;,&quot;belongsto&quot;:[14203],&quot;shorturl&quot;:&quot;&quot;,&quot;times&quot;:[],&quot;planning&quot;:{&quot;price&quot;:&quot;5 \\u20ac, erm\\u00e4\\u00dfigt 2,50 \\u20ac&quot;,&quot;admission&quot;:&quot;&quot;,&quot;pause&quot;:&quot;&quot;,&quot;duration&quot;:&quot;&quot;},&quot;subline&quot;:&quot;Objekte aus der Wohnung des Kaisers im Berliner Schloss&quot;,&quot;tickettext&quot;:&quot;Bitte buchen Sie Ihr Ticket vorab online oder an der Kasse im Foyer.&quot;,&quot;infotext&quot;:&quot;Die Veranstaltung findet auf Englisch mit \\u00dcbersetzung ins Deutsche statt.&quot;,&quot;additional_info&quot;:{&quot;icon&quot;:&quot;0&quot;,&quot;text&quot;:&quot;&quot;},&quot;highlight_header&quot;:false,&quot;featured_images&quot;:[140395],&quot;use_video_in_teasers&quot;:false,&quot;hyphenation&quot;:false,&quot;tipp&quot;:false,&quot;joker&quot;:false,&quot;live&quot;:false,&quot;hide_event_in_program&quot;:false,&quot;gomus_id&quot;:&quot;&quot;,&quot;hm_id&quot;:&quot;&quot;},&quot;date&quot;:{&quot;NX&quot;:null,&quot;NXX&quot;:null,&quot;NLAST&quot;:&quot;202412121700&quot;,&quot;from_DATE&quot;:&quot;20241212 19:00&quot;,&quot;from&quot;:1734022800,&quot;to&quot;:1734022800,&quot;to_DATE&quot;:&quot;20241212 19:00&quot;,&quot;from_HRFSHORT&quot;:&quot;12. Dez 2024&quot;,&quot;from_HRFSHORT_WD&quot;:&quot;Do 12.12.2024&quot;,&quot;to_HRFSHORT&quot;:&quot;12. Dez 2024&quot;,&quot;to_HRFSHORT_WD&quot;:&quot;Do 12.12.2024&quot;,&quot;from_HRF&quot;:&quot;Do, 12. Dezember 2024&quot;,&quot;to_HRF&quot;:&quot;Do, 12. Dezember 2024&quot;,&quot;from_to_HRF&quot;:&quot;Do, 12. Dezember \\u2013 Do, 12. Dezember 2024&quot;,&quot;from_to_HRFSHORT&quot;:&quot;12. Dez \\u2013 12. Dez 2024&quot;},&quot;alert&quot;:null,&quot;partof&quot;:[&quot;14203&quot;],&quot;marketing_topic&quot;:{&quot;title&quot;:&quot;ORTS-Termin&quot;,&quot;ID&quot;:&quot;14203&quot;,&quot;reason&quot;:&quot;sequence&quot;}}' inline-template>\n\t<a href=\"https:\/\/www.humboldtforum.org\/de\/programm\/termin\/gespraech\/die-koloniale-weltsicht-wilhelms-ii-140320\/\" class=\"teaser teaser-event teaser-event-standard\">\n\t\t<div class=\"row\">\n\t\t\t<div class=\"col-xs-12 teaser-event-image\">\n\t\t\t\t<div class=\"teaser-image teaser-image-no-alternate\">\n\t\t\t\t\t\t\t\t\t\t\t\n\t<lazy-media-inline inline-template>\n\t\t<figure itemscope itemtype=\"http:\/\/schema.org\/ImageObject\" class=\"lazy-media-inline \" role=\"group\" id=\"media_69f4605080ae1\" aria-labelledby=\"desc_media_69f4605080ae1\">\n\t\t\t<script type=\"application\/json\" ref=\"data\">\n\t\t\t\t{\n\t\t\t\t\"sizes\" : {\"medium\":{\"file\":\"SHF_eb00236249_Bibliothek-Huis-Doorn_Ausschnitt-1-300x183.jpg\",\"width\":300,\"height\":183,\"mime-type\":\"image\\\/jpeg\",\"filesize\":18005},\"large\":{\"file\":\"SHF_eb00236249_Bibliothek-Huis-Doorn_Ausschnitt-1-1024x623.jpg\",\"width\":1024,\"height\":623,\"mime-type\":\"image\\\/jpeg\",\"filesize\":154503},\"thumbnail\":{\"file\":\"SHF_eb00236249_Bibliothek-Huis-Doorn_Ausschnitt-1-150x150.jpg\",\"width\":150,\"height\":150,\"mime-type\":\"image\\\/jpeg\",\"filesize\":8463},\"medium_large\":{\"file\":\"SHF_eb00236249_Bibliothek-Huis-Doorn_Ausschnitt-1-768x468.jpg\",\"width\":768,\"height\":468,\"mime-type\":\"image\\\/jpeg\",\"filesize\":95177},\"small\":{\"file\":\"SHF_eb00236249_Bibliothek-Huis-Doorn_Ausschnitt-1-440x268.jpg\",\"width\":440,\"height\":268,\"mime-type\":\"image\\\/jpeg\",\"filesize\":35389},\"semi\":{\"file\":\"SHF_eb00236249_Bibliothek-Huis-Doorn_Ausschnitt-1-580x353.jpg\",\"width\":580,\"height\":353,\"mime-type\":\"image\\\/jpeg\",\"filesize\":58133},\"mobile\":{\"file\":\"SHF_eb00236249_Bibliothek-Huis-Doorn_Ausschnitt-1-720x438.jpg\",\"width\":720,\"height\":438,\"mime-type\":\"image\\\/jpeg\",\"filesize\":84589},\"hd\":{\"file\":\"SHF_eb00236249_Bibliothek-Huis-Doorn_Ausschnitt-1-1280x779.jpg\",\"width\":1280,\"height\":779,\"mime-type\":\"image\\\/jpeg\",\"filesize\":226304},\"original\":{\"file\":\"SHF_eb00236249_Bibliothek-Huis-Doorn_Ausschnitt-1.jpg\",\"width\":1370,\"height\":834}},\n\t\t\t\t\"alt\" : \"Historisches B\\u00fcro mit B\\u00fccherregalen, Skulpturen und einem Tisch voller Dokumente und Fotos. Elegante Ausstattung.\",\n\t\t\t\t\"path\" : \"\\\/wp-content\\\/uploads\\\/2024\\\/11\\\/\",\n\t\t\t\t\"video\" : null,\n\t\t\t\t\"autoplay\" : null,\n\t\t\t\t\"youtube\" : null,\n\t\t\t\t\"youtubelabel\" : \"Video abspielen\",\n\t\t\t\t\"brightness\" : 100,\n\t\t\t\t\"crop\" : {\"top\":\"84.76\",\"left\":\"49.17\"},\n\t\t\t\t\"background\" : true,\n\t\t\t\t\"scale\" : 2\t\t\t\t}\n\t\t\t<\/script>\n\n\t\t\t<div class=\"height-container\" style=\"padding-bottom:60.875912408759%;\" v-if=\"sizes\">\n\t\t\t\t\t\t\t\t<lazy-media :inline=\"true\" :alt=\"alt\" :sizes=\"sizes\" :scale=\"scale\" :brightness=\"brightness\" :path=\"path\" :video=\"video\" :autoplay=\"autoplay\" :youtube=\"youtube\" :crop=\"crop\" :youtubelabel=\"youtubelabel\" :background=\"background\" media-id=\"desc_media_69f4605080ae1\"><\/lazy-media>\n\t\t\t\t\t\t\t<\/div>\n\n\t\t\t\t\t\t\t<figcaption class=\"sr-only\" ref=\"body\" id=\"desc_media_69f4605080ae1\">\n\t\t\t\t\t\t\t\t\t\t\t<div>Museum Huis Doorn, Bibliothek mit Schreibtisch Wilhelm II.<\/div>\n\t\t\t\t\t\t\t\t\t\t\t\t\t\t\t\t\t\t\t\t\t<div class=\"insignificant\">\u00a9 Theo Scholten, driejuni.nl<\/div>\n\t\t\t\t\t\t\t\t\t<\/figcaption>\n\t\t\t\t\t<\/figure>\n\t<\/lazy-media-inline>\n\t\t\t\t<\/div>\n\t\t\t<\/div>\n\t\t\t<div class=\"col-xs-12 teaser-event-text Infos\">\n\t\t\t\t<div class=\"teaser-event-standard-text\">\n\t\t\t\t\t<div class=\"margin-bottom-atom\">\n\t\t\t\t\t\t<div class=\"subline clamp-1\" v-html=\"maingenre\"><\/div>\n\t\t\t\t\t\t\t\t\t\t\t\t\t<div class=\"insignificant clamp-2\">ORTS-Termin<\/div>\n\t\t\t\t\t\t\t\t\t\t\t<\/div>\n\t\t\t\t\n\t\t\t\t\t<strong class=\"margin-bottom-atom\">Die koloniale Weltsicht Wilhelms II.<\/strong>\n\n\t\t\t\t\t\t\t\t\t\t\t<div class=\"\">Objekte aus der Wohnung des Kaisers im Berliner Schloss<\/div>\n\t\t\t\t\t\t\t\t\t<\/div>\n\t\t\t\t<div class=\"teaser-bottom border-bottom\">\n\t\t\t\t<calendardateline :rawitem='item' :show-icon=\"true\"><\/calendardateline>\n\t\t\t\t\t<hr>\n\t\t\t\t<\/div>\n\t\t\t<\/div>\n\t\t<\/div>\n\t<\/a>\n\t<\/calendarteaser>\n<\/li>\n\n<li class=\"teaser-lane-slide col-xs-9 col-sm-4 col-md-4 teaser-wrapper col-padding-remove\">\n\t<calendarteaser key=\"13578121412\" rawitem='{&quot;postId&quot;:135781,&quot;title&quot;:&quot;Palast als Beute?&quot;,&quot;excerpt&quot;:&quot;&quot;,&quot;slug&quot;:&quot;palast-als-beute&quot;,&quot;post_date&quot;:&quot;2024-09-02T14:29&quot;,&quot;type&quot;:&quot;event&quot;,&quot;permalink&quot;:&quot;https:\\\/\\\/www.humboldtforum.org\\\/de\\\/programm\\\/termin\\\/gespraech\\\/palast-als-beute-135781\\\/&quot;,&quot;genre&quot;:[1078],&quot;genre_details&quot;:[{&quot;text&quot;:&quot;Gespr\\u00e4ch&quot;,&quot;id&quot;:1078,&quot;icon&quot;:null,&quot;parent&quot;:0}],&quot;stakeholder&quot;:[382],&quot;stakeholder_details&quot;:[{&quot;text&quot;:&quot;Stiftung Humboldt Forum im Berliner Schloss&quot;,&quot;id&quot;:382,&quot;icon&quot;:null,&quot;parent&quot;:0}],&quot;targetgroup&quot;:[383,455],&quot;targetgroup_details&quot;:[{&quot;text&quot;:&quot;Erwachsene&quot;,&quot;id&quot;:383,&quot;icon&quot;:null,&quot;parent&quot;:0},{&quot;text&quot;:&quot;Jugendliche&quot;,&quot;id&quot;:455,&quot;icon&quot;:null,&quot;parent&quot;:0}],&quot;language&quot;:[384],&quot;language_details&quot;:[{&quot;text&quot;:&quot;Deutsch&quot;,&quot;id&quot;:384,&quot;icon&quot;:null,&quot;parent&quot;:0}],&quot;age&quot;:[1321],&quot;age_details&quot;:[{&quot;text&quot;:&quot;ab 16 Jahre&quot;,&quot;id&quot;:1321,&quot;icon&quot;:null,&quot;parent&quot;:0}],&quot;place&quot;:[1558],&quot;place_details&quot;:{&quot;place&quot;:&quot;Mechanische Arena im Foyer&quot;,&quot;map&quot;:&quot;Humboldt Forum, Schlossplatz, Berlin&quot;,&quot;room&quot;:&quot;&quot;},&quot;icon_overwrite&quot;:&quot;&quot;,&quot;acf&quot;:{&quot;noindex&quot;:false,&quot;keywords&quot;:&quot;&quot;,&quot;hashtag&quot;:&quot;HumboldtForum&quot;,&quot;belongsto&quot;:[14203,116558],&quot;shorturl&quot;:&quot;&quot;,&quot;times&quot;:[],&quot;planning&quot;:{&quot;price&quot;:&quot;5 EUR, erm\\u00e4\\u00dfigt 2,50 EUR&quot;,&quot;admission&quot;:&quot;&quot;,&quot;pause&quot;:&quot;&quot;,&quot;duration&quot;:&quot;&quot;},&quot;subline&quot;:&quot;Alternativen nach dem Mauerfall&quot;,&quot;tickettext&quot;:&quot;Bitte buchen Sie Ihr Ticket vorab online oder an der Kasse im Foyer.&quot;,&quot;additional_info&quot;:{&quot;icon&quot;:&quot;0&quot;,&quot;text&quot;:&quot;&quot;},&quot;highlight_header&quot;:false,&quot;featured_images&quot;:[135779],&quot;use_video_in_teasers&quot;:false,&quot;hyphenation&quot;:true,&quot;tipp&quot;:true,&quot;joker&quot;:false,&quot;live&quot;:false,&quot;hide_event_in_program&quot;:false,&quot;gomus_id&quot;:&quot;&quot;,&quot;hm_id&quot;:&quot;&quot;},&quot;date&quot;:{&quot;NX&quot;:null,&quot;NXX&quot;:null,&quot;NLAST&quot;:&quot;202409191500&quot;,&quot;from_DATE&quot;:&quot;20240919 19:00&quot;,&quot;from&quot;:1726758000,&quot;to&quot;:1726758000,&quot;to_DATE&quot;:&quot;20240919 19:00&quot;,&quot;from_HRFSHORT&quot;:&quot;19. Sep 2024&quot;,&quot;from_HRFSHORT_WD&quot;:&quot;Do 19.09.2024&quot;,&quot;to_HRFSHORT&quot;:&quot;19. Sep 2024&quot;,&quot;to_HRFSHORT_WD&quot;:&quot;Do 19.09.2024&quot;,&quot;from_HRF&quot;:&quot;Do, 19. September 2024&quot;,&quot;to_HRF&quot;:&quot;Do, 19. September 2024&quot;,&quot;from_to_HRF&quot;:&quot;Do, 19. September \\u2013 Do, 19. September 2024&quot;,&quot;from_to_HRFSHORT&quot;:&quot;19. Sep \\u2013 19. Sep 2024&quot;},&quot;alert&quot;:&quot;Tipp&quot;,&quot;partof&quot;:[&quot;14203&quot;],&quot;marketing_topic&quot;:{&quot;title&quot;:&quot;ORTS-Termin&quot;,&quot;ID&quot;:&quot;14203&quot;,&quot;reason&quot;:&quot;sequence&quot;}}' inline-template>\n\t<a href=\"https:\/\/www.humboldtforum.org\/de\/programm\/termin\/gespraech\/palast-als-beute-135781\/\" class=\"teaser teaser-event teaser-event-standard\">\n\t\t<div class=\"row\">\n\t\t\t<div class=\"col-xs-12 teaser-event-image\">\n\t\t\t\t<div class=\"teaser-image teaser-image-no-alternate\">\n\t\t\t\t\t\t\t\t\t\t\t\t\t<span class=\"alert\">Tipp<\/span>\n\t\t\t\t\t\t\t\t\t\t\t\n\t<lazy-media-inline inline-template>\n\t\t<figure itemscope itemtype=\"http:\/\/schema.org\/ImageObject\" class=\"lazy-media-inline \" role=\"group\" id=\"media_69f4605082fb4\" aria-labelledby=\"desc_media_69f4605082fb4\">\n\t\t\t<script type=\"application\/json\" ref=\"data\">\n\t\t\t\t{\n\t\t\t\t\"sizes\" : {\"medium\":{\"file\":\"SHF_eb00214761-300x192.jpg\",\"width\":300,\"height\":192,\"mime-type\":\"image\\\/jpeg\",\"filesize\":15390},\"large\":{\"file\":\"SHF_eb00214761-1024x657.jpg\",\"width\":1024,\"height\":657,\"mime-type\":\"image\\\/jpeg\",\"filesize\":129761},\"thumbnail\":{\"file\":\"SHF_eb00214761-150x150.jpg\",\"width\":150,\"height\":150,\"mime-type\":\"image\\\/jpeg\",\"filesize\":7016},\"medium_large\":{\"file\":\"SHF_eb00214761-768x493.jpg\",\"width\":768,\"height\":493,\"mime-type\":\"image\\\/jpeg\",\"filesize\":79330},\"small\":{\"file\":\"SHF_eb00214761-440x282.jpg\",\"width\":440,\"height\":282,\"mime-type\":\"image\\\/jpeg\",\"filesize\":30129},\"semi\":{\"file\":\"SHF_eb00214761-580x372.jpg\",\"width\":580,\"height\":372,\"mime-type\":\"image\\\/jpeg\",\"filesize\":48884},\"mobile\":{\"file\":\"SHF_eb00214761-720x462.jpg\",\"width\":720,\"height\":462,\"mime-type\":\"image\\\/jpeg\",\"filesize\":70362},\"hd\":{\"file\":\"SHF_eb00214761-1280x821.jpg\",\"width\":1280,\"height\":821,\"mime-type\":\"image\\\/jpeg\",\"filesize\":189527},\"full\":{\"file\":\"SHF_eb00214761-1920x1232.jpg\",\"width\":1920,\"height\":1232,\"mime-type\":\"image\\\/jpeg\",\"filesize\":378228},\"1536x1536\":{\"file\":\"SHF_eb00214761-1536x985.jpg\",\"width\":1536,\"height\":985,\"mime-type\":\"image\\\/jpeg\",\"filesize\":259661},\"original\":{\"file\":\"SHF_eb00214761.jpg\",\"width\":2000,\"height\":1283}},\n\t\t\t\t\"alt\" : \"Industriehalle mit Blick auf den Innenraum, sichtbare Stahlkonstruktion und ungenutzte Fl\\u00e4chen.\",\n\t\t\t\t\"path\" : \"\\\/wp-content\\\/uploads\\\/2024\\\/09\\\/\",\n\t\t\t\t\"video\" : null,\n\t\t\t\t\"autoplay\" : null,\n\t\t\t\t\"youtube\" : null,\n\t\t\t\t\"youtubelabel\" : \"Video abspielen\",\n\t\t\t\t\"brightness\" : 100,\n\t\t\t\t\"crop\" : {\"top\":\"37.19\",\"left\":\"49.93\"},\n\t\t\t\t\"background\" : true,\n\t\t\t\t\"scale\" : 2\t\t\t\t}\n\t\t\t<\/script>\n\n\t\t\t<div class=\"height-container\" style=\"padding-bottom:64.15%;\" v-if=\"sizes\">\n\t\t\t\t\t\t\t\t<lazy-media :inline=\"true\" :alt=\"alt\" :sizes=\"sizes\" :scale=\"scale\" :brightness=\"brightness\" :path=\"path\" :video=\"video\" :autoplay=\"autoplay\" :youtube=\"youtube\" :crop=\"crop\" :youtubelabel=\"youtubelabel\" :background=\"background\" media-id=\"desc_media_69f4605082fb4\"><\/lazy-media>\n\t\t\t\t\t\t\t<\/div>\n\n\t\t\t\t\t\t\t<figcaption class=\"sr-only\" ref=\"body\" id=\"desc_media_69f4605082fb4\">\n\t\t\t\t\t\t\t\t\t\t\t<div>Palast der Republik mit entkerntem Inneren<\/div>\n\t\t\t\t\t\t\t\t\t\t\t\t\t\t\t\t\t\t\t\t\t<div class=\"insignificant\">\u00a9 david baltzer \/ bildbuehne.de<\/div>\n\t\t\t\t\t\t\t\t\t<\/figcaption>\n\t\t\t\t\t<\/figure>\n\t<\/lazy-media-inline>\n\t\t\t\t<\/div>\n\t\t\t<\/div>\n\t\t\t<div class=\"col-xs-12 teaser-event-text Infos\">\n\t\t\t\t<div class=\"teaser-event-standard-text\">\n\t\t\t\t\t<div class=\"margin-bottom-atom\">\n\t\t\t\t\t\t<div class=\"subline clamp-1\" v-html=\"maingenre\"><\/div>\n\t\t\t\t\t\t\t\t\t\t\t\t\t<div class=\"insignificant clamp-2\">ORTS-Termin<\/div>\n\t\t\t\t\t\t\t\t\t\t\t<\/div>\n\t\t\t\t\n\t\t\t\t\t<strong class=\"margin-bottom-atom\">Palast als Beute?<\/strong>\n\n\t\t\t\t\t\t\t\t\t\t\t<div class=\"\">Alternativen nach dem Mauerfall<\/div>\n\t\t\t\t\t\t\t\t\t<\/div>\n\t\t\t\t<div class=\"teaser-bottom border-bottom\">\n\t\t\t\t<calendardateline :rawitem='item' :show-icon=\"true\"><\/calendardateline>\n\t\t\t\t\t<hr>\n\t\t\t\t<\/div>\n\t\t\t<\/div>\n\t\t<\/div>\n\t<\/a>\n\t<\/calendarteaser>\n<\/li>\n\n<li class=\"teaser-lane-slide col-xs-12 col-sm-6 col-md-4 teaser-wrapper col-padding-remove\">\n\t<div class=\"box\">\n\t\t<calendarteaser key=\"1288326970\" rawitem='{&quot;postId&quot;:128832,&quot;title&quot;:&quot;Ein Haus f\\u00fcr alle?&quot;,&quot;excerpt&quot;:&quot;&quot;,&quot;slug&quot;:&quot;ein-haus-fuer-alle&quot;,&quot;post_date&quot;:&quot;2024-05-06T09:31&quot;,&quot;type&quot;:&quot;event&quot;,&quot;permalink&quot;:&quot;https:\\\/\\\/www.humboldtforum.org\\\/de\\\/programm\\\/termin\\\/gespraech\\\/ein-haus-fuer-alle-128832\\\/&quot;,&quot;genre&quot;:[1078],&quot;genre_details&quot;:[{&quot;text&quot;:&quot;Gespr\\u00e4ch&quot;,&quot;id&quot;:1078,&quot;icon&quot;:null,&quot;parent&quot;:0}],&quot;stakeholder&quot;:[382],&quot;stakeholder_details&quot;:[{&quot;text&quot;:&quot;Stiftung Humboldt Forum im Berliner Schloss&quot;,&quot;id&quot;:382,&quot;icon&quot;:null,&quot;parent&quot;:0}],&quot;targetgroup&quot;:[383,455],&quot;targetgroup_details&quot;:[{&quot;text&quot;:&quot;Erwachsene&quot;,&quot;id&quot;:383,&quot;icon&quot;:null,&quot;parent&quot;:0},{&quot;text&quot;:&quot;Jugendliche&quot;,&quot;id&quot;:455,&quot;icon&quot;:null,&quot;parent&quot;:0}],&quot;language&quot;:[384],&quot;language_details&quot;:[{&quot;text&quot;:&quot;Deutsch&quot;,&quot;id&quot;:384,&quot;icon&quot;:null,&quot;parent&quot;:0}],&quot;place&quot;:[424],&quot;place_details&quot;:{&quot;place&quot;:&quot;Humboldt Forum&quot;,&quot;map&quot;:&quot;Humboldt Forum, Schlossplatz, Berlin&quot;,&quot;room&quot;:&quot;Saal 3, EG&quot;},&quot;icon_overwrite&quot;:&quot;&quot;,&quot;acf&quot;:{&quot;noindex&quot;:false,&quot;keywords&quot;:&quot;&quot;,&quot;hashtag&quot;:&quot;HumboldtForum&quot;,&quot;belongsto&quot;:[14203,116558],&quot;shorturl&quot;:&quot;&quot;,&quot;times&quot;:[],&quot;planning&quot;:{&quot;price&quot;:&quot;5 EUR, erm\\u00e4\\u00dfigt 2,50 EUR&quot;,&quot;admission&quot;:&quot;&quot;,&quot;pause&quot;:&quot;&quot;,&quot;duration&quot;:&quot;90&quot;},&quot;additional_info&quot;:{&quot;icon&quot;:&quot;0&quot;,&quot;text&quot;:&quot;&quot;},&quot;highlight_header&quot;:true,&quot;use_video_in_teasers&quot;:false,&quot;hyphenation&quot;:true,&quot;tipp&quot;:false,&quot;joker&quot;:false,&quot;live&quot;:false,&quot;hide_event_in_program&quot;:false,&quot;gomus_id&quot;:&quot;&quot;,&quot;hm_id&quot;:&quot;&quot;,&quot;subline&quot;:&quot;Programm im Palast der Republik&quot;,&quot;tickettext&quot;:&quot;Bitte buchen Sie Ihr Ticket vorab online oder an der Kasse im Foyer.&quot;,&quot;featured_images&quot;:[128820],&quot;highlight_header_image&quot;:128820,&quot;has_mobile_format&quot;:false},&quot;date&quot;:{&quot;NX&quot;:null,&quot;NXX&quot;:null,&quot;NLAST&quot;:&quot;202406061500&quot;,&quot;from_DATE&quot;:&quot;20240606 19:00&quot;,&quot;from&quot;:1717686000,&quot;to&quot;:1717686000,&quot;to_DATE&quot;:&quot;20240606 19:00&quot;,&quot;from_HRFSHORT&quot;:&quot; 6. Jun 2024&quot;,&quot;from_HRFSHORT_WD&quot;:&quot;Do 06.06.2024&quot;,&quot;to_HRFSHORT&quot;:&quot; 6. Jun 2024&quot;,&quot;to_HRFSHORT_WD&quot;:&quot;Do 06.06.2024&quot;,&quot;from_HRF&quot;:&quot;Do,  6. Juni 2024&quot;,&quot;to_HRF&quot;:&quot;Do,  6. Juni 2024&quot;,&quot;from_to_HRF&quot;:&quot;Do,  6. Juni \\u2013 Do,  6. Juni 2024&quot;,&quot;from_to_HRFSHORT&quot;:&quot; 6. Jun \\u2013  6. Jun 2024&quot;},&quot;alert&quot;:&quot;Highlight&quot;,&quot;partof&quot;:[&quot;14203&quot;],&quot;marketing_topic&quot;:{&quot;title&quot;:&quot;ORTS-Termin&quot;,&quot;ID&quot;:&quot;14203&quot;,&quot;reason&quot;:&quot;sequence&quot;}}' inline-template>\n\t\t<a href=\"https:\/\/www.humboldtforum.org\/de\/programm\/termin\/gespraech\/ein-haus-fuer-alle-128832\/\" class=\"teaser teaser-page teaser-event teaser-event-highlight\">\n\t\t\t<div class=\"teaser-image teaser-image-full footer-gradient\">\n\t\t\t\t\n\t<lazy-media-inline inline-template>\n\t\t<figure itemscope itemtype=\"http:\/\/schema.org\/ImageObject\" class=\"lazy-media-inline \" role=\"group\" id=\"media_69f4605085451\" aria-labelledby=\"desc_media_69f4605085451\">\n\t\t\t<script type=\"application\/json\" ref=\"data\">\n\t\t\t\t{\n\t\t\t\t\"sizes\" : {\"medium\":{\"file\":\"SHF_eb00215207-300x201.jpg\",\"width\":300,\"height\":201,\"mime-type\":\"image\\\/jpeg\",\"filesize\":20935},\"large\":{\"file\":\"SHF_eb00215207-1024x687.jpg\",\"width\":1024,\"height\":687,\"mime-type\":\"image\\\/jpeg\",\"filesize\":135389},\"thumbnail\":{\"file\":\"SHF_eb00215207-150x150.jpg\",\"width\":150,\"height\":150,\"mime-type\":\"image\\\/jpeg\",\"filesize\":9823},\"medium_large\":{\"file\":\"SHF_eb00215207-768x515.jpg\",\"width\":768,\"height\":515,\"mime-type\":\"image\\\/jpeg\",\"filesize\":90172},\"small\":{\"file\":\"SHF_eb00215207-440x295.jpg\",\"width\":440,\"height\":295,\"mime-type\":\"image\\\/jpeg\",\"filesize\":38265},\"semi\":{\"file\":\"SHF_eb00215207-580x389.jpg\",\"width\":580,\"height\":389,\"mime-type\":\"image\\\/jpeg\",\"filesize\":59012},\"mobile\":{\"file\":\"SHF_eb00215207-720x483.jpg\",\"width\":720,\"height\":483,\"mime-type\":\"image\\\/jpeg\",\"filesize\":81652},\"original\":{\"file\":\"SHF_eb00215207.jpg\",\"width\":1280,\"height\":859}},\n\t\t\t\t\"alt\" : \"Ein voller Konzertsaal mit vielen Menschen auf der B\\u00fchne und Musikinstrumenten im Vordergrund.\",\n\t\t\t\t\"path\" : \"\\\/wp-content\\\/uploads\\\/2024\\\/05\\\/\",\n\t\t\t\t\"video\" : null,\n\t\t\t\t\"autoplay\" : null,\n\t\t\t\t\"youtube\" : null,\n\t\t\t\t\"youtubelabel\" : \"Video abspielen\",\n\t\t\t\t\"brightness\" : 100,\n\t\t\t\t\"crop\" : {\"top\":\"79.58\",\"left\":\"53.40\"},\n\t\t\t\t\"background\" : true,\n\t\t\t\t\"scale\" : 3\t\t\t\t}\n\t\t\t<\/script>\n\n\t\t\t<div class=\"height-container\" style=\"padding-bottom:67.109375%;\" v-if=\"sizes\">\n\t\t\t\t\t\t\t\t<lazy-media :inline=\"true\" :alt=\"alt\" :sizes=\"sizes\" :scale=\"scale\" :brightness=\"brightness\" :path=\"path\" :video=\"video\" :autoplay=\"autoplay\" :youtube=\"youtube\" :crop=\"crop\" :youtubelabel=\"youtubelabel\" :background=\"background\" media-id=\"desc_media_69f4605085451\"><\/lazy-media>\n\t\t\t\t\t\t\t<\/div>\n\n\t\t\t\t\t\t\t<figcaption class=\"sr-only\" ref=\"body\" id=\"desc_media_69f4605085451\">\n\t\t\t\t\t\t\t\t\t\t\t<div>Auftritt einer FDJ Singegruppe (Oktoberclub?) im Gro&szlig;en Saal des Palasts der Republik, Blick von der B&uuml;hne ins Publikum<\/div>\n\t\t\t\t\t\t\t\t\t\t\t\t\t\t\t\t\t\t\t\t\t<div class=\"insignificant\">\u00a9 Deutsches Historisches Museum \/ digitale Reproduktion: Stiftung Humboldt Forum im Berliner Schloss<\/div>\n\t\t\t\t\t\t\t\t\t<\/figcaption>\n\t\t\t\t\t<\/figure>\n\t<\/lazy-media-inline>\n\t\t\t\t\t\t\t<\/div>\n\t\t\t<div class=\"teaser-header teaser-header-bottom\"><div>\n\t\t\t\t<div class=\"margin-bottom-atom\">\n\t\t\t\t\t<div class=\"subline clamp-1\" v-html=\"maingenre\"><\/div>\n\t\t\t\t\t\t\t\t\t\t\t<div class=\"Infos clamp-1\">ORTS-Termin<\/div>\n\t\t\t\t\t\t\t\t\t<\/div>\n\t\t\t\t<h4 class=\"h3 clamp-4\">Ein Haus f\u00fcr alle?<\/h4>\n\t\t\t\t<div class=\"Untertitel margin-bottom-atom\">\n\t\t\t\t\t\t\t\t\t\t<p class=\"Infos clamp-2\">\n\t\t\t\t\t\t\t\t\t\t\t\t\tProgramm im Palast der Republik\t\t\t\t\t\t\t\t\t\t\t<\/p>\n\t\t\t\t\t\t\t\t\t\t<p class=\"Infos\">\n\t\t\t\t\t\t<calendardateline :rawitem='item' :show-icon=\"false\"><\/calendardateline>\n\t\t\t\t\t<\/p>\n\t\t\t\t<\/div>\n\t\t\t<\/div><\/div>\n\t\t<\/a>\n\t\t<\/calendarteaser>\n\t<\/div>\n<\/li>\n<li class=\"teaser-lane-slide col-xs-9 col-sm-4 col-md-4 teaser-wrapper col-padding-remove\">\n\t<calendarteaser key=\"10697616909\" rawitem='{&quot;postId&quot;:106976,&quot;title&quot;:&quot;Der brandenburgische Kolonialismus in Westafrika&quot;,&quot;excerpt&quot;:&quot;&quot;,&quot;slug&quot;:&quot;der-brandenburgische-kolonialismus-in-westafrika&quot;,&quot;post_date&quot;:&quot;2023-10-31T14:18&quot;,&quot;type&quot;:&quot;event&quot;,&quot;permalink&quot;:&quot;https:\\\/\\\/www.humboldtforum.org\\\/de\\\/programm\\\/termin\\\/diskurs\\\/der-brandenburgische-kolonialismus-in-westafrika-106976\\\/&quot;,&quot;genre&quot;:[392],&quot;genre_details&quot;:[{&quot;text&quot;:&quot;Diskurs&quot;,&quot;id&quot;:392,&quot;icon&quot;:null,&quot;parent&quot;:0}],&quot;stakeholder&quot;:[382],&quot;stakeholder_details&quot;:[{&quot;text&quot;:&quot;Stiftung Humboldt Forum im Berliner Schloss&quot;,&quot;id&quot;:382,&quot;icon&quot;:null,&quot;parent&quot;:0}],&quot;language&quot;:[384],&quot;language_details&quot;:[{&quot;text&quot;:&quot;Deutsch&quot;,&quot;id&quot;:384,&quot;icon&quot;:null,&quot;parent&quot;:0}],&quot;age&quot;:[451],&quot;age_details&quot;:[{&quot;text&quot;:&quot;ab 14 Jahre&quot;,&quot;id&quot;:451,&quot;icon&quot;:null,&quot;parent&quot;:0}],&quot;place&quot;:[404,424],&quot;place_details&quot;:{&quot;place&quot;:&quot;Humboldt Forum&quot;,&quot;map&quot;:&quot;Humboldt Forum, Schlossplatz, Berlin&quot;,&quot;room&quot;:&quot;Saal 3, EG&quot;},&quot;icon_overwrite&quot;:&quot;&quot;,&quot;acf&quot;:{&quot;noindex&quot;:false,&quot;keywords&quot;:&quot;&quot;,&quot;hashtag&quot;:&quot;HumboldtForum&quot;,&quot;belongsto&quot;:[14203],&quot;shorturl&quot;:&quot;&quot;,&quot;times&quot;:[],&quot;planning&quot;:{&quot;price&quot;:&quot;5 EUR, erm. 2,50 EUR&quot;,&quot;admission&quot;:&quot;&quot;,&quot;pause&quot;:&quot;&quot;,&quot;duration&quot;:&quot;120&quot;},&quot;additional_info&quot;:{&quot;icon&quot;:&quot;0&quot;,&quot;text&quot;:&quot;&quot;},&quot;highlight_header&quot;:false,&quot;use_video_in_teasers&quot;:false,&quot;hyphenation&quot;:false,&quot;tipp&quot;:false,&quot;joker&quot;:false,&quot;live&quot;:false,&quot;hide_event_in_program&quot;:false,&quot;gomus_id&quot;:&quot;&quot;,&quot;hm_id&quot;:&quot;&quot;,&quot;featured_images&quot;:[109470],&quot;subline&quot;:&quot;Ein kritischer Blick auf die \\&quot;Guineische Reise-Beschreibung\\&quot; von 1694\\t&quot;},&quot;date&quot;:{&quot;NX&quot;:null,&quot;NXX&quot;:null,&quot;NLAST&quot;:&quot;202311231700&quot;,&quot;from_DATE&quot;:&quot;20231123 19:00&quot;,&quot;from&quot;:1700758800,&quot;to&quot;:1700758800,&quot;to_DATE&quot;:&quot;20231123 19:00&quot;,&quot;from_HRFSHORT&quot;:&quot;23. Nov 2023&quot;,&quot;from_HRFSHORT_WD&quot;:&quot;Do 23.11.2023&quot;,&quot;to_HRFSHORT&quot;:&quot;23. Nov 2023&quot;,&quot;to_HRFSHORT_WD&quot;:&quot;Do 23.11.2023&quot;,&quot;from_HRF&quot;:&quot;Do, 23. November 2023&quot;,&quot;to_HRF&quot;:&quot;Do, 23. November 2023&quot;,&quot;from_to_HRF&quot;:&quot;Do, 23. November \\u2013 Do, 23. November 2023&quot;,&quot;from_to_HRFSHORT&quot;:&quot;23. Nov \\u2013 23. Nov 2023&quot;},&quot;alert&quot;:null,&quot;partof&quot;:[14203],&quot;marketing_topic&quot;:{&quot;title&quot;:&quot;ORTS-Termin&quot;,&quot;ID&quot;:14203,&quot;reason&quot;:&quot;sequence&quot;}}' inline-template>\n\t<a href=\"https:\/\/www.humboldtforum.org\/de\/programm\/termin\/diskurs\/der-brandenburgische-kolonialismus-in-westafrika-106976\/\" class=\"teaser teaser-event teaser-event-standard\">\n\t\t<div class=\"row\">\n\t\t\t<div class=\"col-xs-12 teaser-event-image\">\n\t\t\t\t<div class=\"teaser-image teaser-image-no-alternate\">\n\t\t\t\t\t\t\t\t\t\t\t\n\t<lazy-media-inline inline-template>\n\t\t<figure itemscope itemtype=\"http:\/\/schema.org\/ImageObject\" class=\"lazy-media-inline \" role=\"group\" id=\"media_69f4605087f74\" aria-labelledby=\"desc_media_69f4605087f74\">\n\t\t\t<script type=\"application\/json\" ref=\"data\">\n\t\t\t\t{\n\t\t\t\t\"sizes\" : {\"medium\":{\"file\":\"SHF_eb00208673-1-300x200.jpg\",\"width\":300,\"height\":200,\"mime-type\":\"image\\\/jpeg\",\"filesize\":9273},\"large\":{\"file\":\"SHF_eb00208673-1-1024x683.jpg\",\"width\":1024,\"height\":683,\"mime-type\":\"image\\\/jpeg\",\"filesize\":77986},\"thumbnail\":{\"file\":\"SHF_eb00208673-1-150x150.jpg\",\"width\":150,\"height\":150,\"mime-type\":\"image\\\/jpeg\",\"filesize\":4793},\"medium_large\":{\"file\":\"SHF_eb00208673-1-768x512.jpg\",\"width\":768,\"height\":512,\"mime-type\":\"image\\\/jpeg\",\"filesize\":45912},\"small\":{\"file\":\"SHF_eb00208673-1-440x293.jpg\",\"width\":440,\"height\":293,\"mime-type\":\"image\\\/jpeg\",\"filesize\":17108},\"semi\":{\"file\":\"SHF_eb00208673-1-580x387.jpg\",\"width\":580,\"height\":387,\"mime-type\":\"image\\\/jpeg\",\"filesize\":27927},\"mobile\":{\"file\":\"SHF_eb00208673-1-720x480.jpg\",\"width\":720,\"height\":480,\"mime-type\":\"image\\\/jpeg\",\"filesize\":40790},\"hd\":{\"file\":\"SHF_eb00208673-1-1280x853.jpg\",\"width\":1280,\"height\":853,\"mime-type\":\"image\\\/jpeg\",\"filesize\":118482},\"original\":{\"file\":\"SHF_eb00208673-1.jpg\",\"width\":1500,\"height\":1000}},\n\t\t\t\t\"alt\" : \"Aufgeschlagenes Buch mit dem Titel \\u201eDeutsche Reisebeschreibung\\u201c auf der ersten Seite.\",\n\t\t\t\t\"path\" : \"\\\/wp-content\\\/uploads\\\/2023\\\/10\\\/\",\n\t\t\t\t\"video\" : null,\n\t\t\t\t\"autoplay\" : null,\n\t\t\t\t\"youtube\" : null,\n\t\t\t\t\"youtubelabel\" : \"Video abspielen\",\n\t\t\t\t\"brightness\" : 100,\n\t\t\t\t\"crop\" : {\"top\":\"50.62\",\"left\":\"49.79\"},\n\t\t\t\t\"background\" : true,\n\t\t\t\t\"scale\" : 3\t\t\t\t}\n\t\t\t<\/script>\n\n\t\t\t<div class=\"height-container\" style=\"padding-bottom:66.666666666667%;\" v-if=\"sizes\">\n\t\t\t\t\t\t\t\t<lazy-media :inline=\"true\" :alt=\"alt\" :sizes=\"sizes\" :scale=\"scale\" :brightness=\"brightness\" :path=\"path\" :video=\"video\" :autoplay=\"autoplay\" :youtube=\"youtube\" :crop=\"crop\" :youtubelabel=\"youtubelabel\" :background=\"background\" media-id=\"desc_media_69f4605087f74\"><\/lazy-media>\n\t\t\t\t\t\t\t<\/div>\n\n\t\t\t\t\t\t\t<figcaption class=\"sr-only\" ref=\"body\" id=\"desc_media_69f4605087f74\">\n\t\t\t\t\t\t\t\t\t\t\t\t\t\t\t\t<div>Aufgeschlagene Seite des Buchs &quot;Orientalische Reise-Beschreibung des Brandenburgischen Adelichen Pilgers Otto von der Gr&ouml;ben: nebst der Brandenburgischen Schifffahrt nach Guinea und der Verrichtung zu Morea, Unter ihrem Titel.&quot; Marienwerder, 1694. <\/div>\n\t\t\t\t\t\t\t\t\t\t\t\t\t\t\t\t<div class=\"insignificant\">\u00a9 SLB Potsdam, CC BY-NC-SA<\/div>\n\t\t\t\t\t\t\t\t\t<\/figcaption>\n\t\t\t\t\t<\/figure>\n\t<\/lazy-media-inline>\n\t\t\t\t<\/div>\n\t\t\t<\/div>\n\t\t\t<div class=\"col-xs-12 teaser-event-text Infos\">\n\t\t\t\t<div class=\"teaser-event-standard-text\">\n\t\t\t\t\t<div class=\"margin-bottom-atom\">\n\t\t\t\t\t\t<div class=\"subline clamp-1\" v-html=\"maingenre\"><\/div>\n\t\t\t\t\t\t\t\t\t\t\t\t\t<div class=\"insignificant clamp-2\">ORTS-Termin<\/div>\n\t\t\t\t\t\t\t\t\t\t\t<\/div>\n\t\t\t\t\n\t\t\t\t\t<strong class=\"margin-bottom-atom\">Der brandenburgische Kolonialismus in Westafrika<\/strong>\n\n\t\t\t\t\t\t\t\t\t\t\t<div class=\"\">Ein kritischer Blick auf die &#8222;Guineische Reise-Beschreibung&#8220; von 1694\t<\/div>\n\t\t\t\t\t\t\t\t\t<\/div>\n\t\t\t\t<div class=\"teaser-bottom border-bottom\">\n\t\t\t\t<calendardateline :rawitem='item' :show-icon=\"true\"><\/calendardateline>\n\t\t\t\t\t<hr>\n\t\t\t\t<\/div>\n\t\t\t<\/div>\n\t\t<\/div>\n\t<\/a>\n\t<\/calendarteaser>\n<\/li>\n\n<li class=\"teaser-lane-slide col-xs-9 col-sm-4 col-md-4 teaser-wrapper col-padding-remove\">\n\t<calendarteaser key=\"8182721357\" rawitem='{&quot;postId&quot;:81827,&quot;title&quot;:&quot;Der Kaiser, das Berliner Schloss und der deutsche Kolonialismus&quot;,&quot;excerpt&quot;:&quot;&quot;,&quot;slug&quot;:&quot;der-kaiser-das-berliner-schloss-und-der-deutsche-kolonialismus&quot;,&quot;post_date&quot;:&quot;2023-05-08T15:26&quot;,&quot;type&quot;:&quot;event&quot;,&quot;permalink&quot;:&quot;https:\\\/\\\/www.humboldtforum.org\\\/de\\\/programm\\\/termin\\\/diskurs\\\/der-kaiser-das-berliner-schloss-und-der-deutsche-kolonialismus-81827\\\/&quot;,&quot;genre&quot;:[392],&quot;genre_details&quot;:[{&quot;text&quot;:&quot;Diskurs&quot;,&quot;id&quot;:392,&quot;icon&quot;:null,&quot;parent&quot;:0}],&quot;stakeholder&quot;:[382],&quot;stakeholder_details&quot;:[{&quot;text&quot;:&quot;Stiftung Humboldt Forum im Berliner Schloss&quot;,&quot;id&quot;:382,&quot;icon&quot;:null,&quot;parent&quot;:0}],&quot;language&quot;:[384],&quot;language_details&quot;:[{&quot;text&quot;:&quot;Deutsch&quot;,&quot;id&quot;:384,&quot;icon&quot;:null,&quot;parent&quot;:0}],&quot;age&quot;:[451],&quot;age_details&quot;:[{&quot;text&quot;:&quot;ab 14 Jahre&quot;,&quot;id&quot;:451,&quot;icon&quot;:null,&quot;parent&quot;:0}],&quot;place&quot;:[404,424],&quot;place_details&quot;:{&quot;place&quot;:&quot;Humboldt Forum&quot;,&quot;map&quot;:&quot;Humboldt Forum, Schlossplatz, Berlin&quot;,&quot;room&quot;:&quot;Saal 3, EG&quot;},&quot;icon_overwrite&quot;:&quot;&quot;,&quot;acf&quot;:{&quot;noindex&quot;:false,&quot;keywords&quot;:&quot;&quot;,&quot;hashtag&quot;:&quot;HumboldtForum&quot;,&quot;belongsto&quot;:[14203],&quot;shorturl&quot;:&quot;&quot;,&quot;times&quot;:[],&quot;planning&quot;:{&quot;price&quot;:&quot;5 EUR, erm. 2,50 EUR&quot;,&quot;admission&quot;:&quot;&quot;,&quot;pause&quot;:&quot;&quot;,&quot;duration&quot;:&quot;90&quot;},&quot;additional_info&quot;:{&quot;icon&quot;:&quot;0&quot;,&quot;text&quot;:&quot;&quot;},&quot;highlight_header&quot;:false,&quot;use_video_in_teasers&quot;:false,&quot;hyphenation&quot;:true,&quot;tipp&quot;:true,&quot;joker&quot;:false,&quot;live&quot;:false,&quot;hide_event_in_program&quot;:false,&quot;gomus_id&quot;:&quot;&quot;,&quot;hm_id&quot;:&quot;&quot;,&quot;featured_images&quot;:[81869]},&quot;date&quot;:{&quot;NX&quot;:null,&quot;NXX&quot;:null,&quot;NLAST&quot;:&quot;202306081500&quot;,&quot;from_DATE&quot;:&quot;20230608 19:00&quot;,&quot;from&quot;:1686236400,&quot;to&quot;:1686236400,&quot;to_DATE&quot;:&quot;20230608 19:00&quot;,&quot;from_HRFSHORT&quot;:&quot; 8. Jun 2023&quot;,&quot;from_HRFSHORT_WD&quot;:&quot;Do 08.06.2023&quot;,&quot;to_HRFSHORT&quot;:&quot; 8. Jun 2023&quot;,&quot;to_HRFSHORT_WD&quot;:&quot;Do 08.06.2023&quot;,&quot;from_HRF&quot;:&quot;Do,  8. Juni 2023&quot;,&quot;to_HRF&quot;:&quot;Do,  8. Juni 2023&quot;,&quot;from_to_HRF&quot;:&quot;Do,  8. Juni \\u2013 Do,  8. Juni 2023&quot;,&quot;from_to_HRFSHORT&quot;:&quot; 8. Jun \\u2013  8. Jun 2023&quot;},&quot;alert&quot;:&quot;Tipp&quot;,&quot;partof&quot;:[14203],&quot;marketing_topic&quot;:{&quot;title&quot;:&quot;ORTS-Termin&quot;,&quot;ID&quot;:14203,&quot;reason&quot;:&quot;sequence&quot;}}' inline-template>\n\t<a href=\"https:\/\/www.humboldtforum.org\/de\/programm\/termin\/diskurs\/der-kaiser-das-berliner-schloss-und-der-deutsche-kolonialismus-81827\/\" class=\"teaser teaser-event teaser-event-standard\">\n\t\t<div class=\"row\">\n\t\t\t<div class=\"col-xs-12 teaser-event-image\">\n\t\t\t\t<div class=\"teaser-image teaser-image-no-alternate\">\n\t\t\t\t\t\t\t\t\t\t\t\t\t<span class=\"alert\">Tipp<\/span>\n\t\t\t\t\t\t\t\t\t\t\t\n\t<lazy-media-inline inline-template>\n\t\t<figure itemscope itemtype=\"http:\/\/schema.org\/ImageObject\" class=\"lazy-media-inline \" role=\"group\" id=\"media_69f460508a20a\" aria-labelledby=\"desc_media_69f460508a20a\">\n\t\t\t<script type=\"application\/json\" ref=\"data\">\n\t\t\t\t{\n\t\t\t\t\"sizes\" : {\"medium\":{\"file\":\"SHF_eb00193595-224x300.jpg\",\"width\":224,\"height\":300,\"mime-type\":\"image\\\/jpeg\",\"filesize\":17447},\"large\":{\"file\":\"SHF_eb00193595-763x1024.jpg\",\"width\":763,\"height\":1024,\"mime-type\":\"image\\\/jpeg\",\"filesize\":197790},\"thumbnail\":{\"file\":\"SHF_eb00193595-150x150.jpg\",\"width\":150,\"height\":150,\"mime-type\":\"image\\\/jpeg\",\"filesize\":7196},\"medium_large\":{\"file\":\"SHF_eb00193595-768x1031.jpg\",\"width\":768,\"height\":1031,\"mime-type\":\"image\\\/jpeg\",\"filesize\":200458},\"small\":{\"file\":\"SHF_eb00193595-328x440.jpg\",\"width\":328,\"height\":440,\"mime-type\":\"image\\\/jpeg\",\"filesize\":35886},\"semi\":{\"file\":\"SHF_eb00193595-432x580.jpg\",\"width\":432,\"height\":580,\"mime-type\":\"image\\\/jpeg\",\"filesize\":61898},\"mobile\":{\"file\":\"SHF_eb00193595-537x720.jpg\",\"width\":537,\"height\":720,\"mime-type\":\"image\\\/jpeg\",\"filesize\":95996},\"hd\":{\"file\":\"SHF_eb00193595-954x1280.jpg\",\"width\":954,\"height\":1280,\"mime-type\":\"image\\\/jpeg\",\"filesize\":317842},\"full\":{\"file\":\"SHF_eb00193595-1431x1920.jpg\",\"width\":1431,\"height\":1920,\"mime-type\":\"image\\\/jpeg\",\"filesize\":752074},\"1536x1536\":{\"file\":\"SHF_eb00193595-1145x1536.jpg\",\"width\":1145,\"height\":1536,\"mime-type\":\"image\\\/jpeg\",\"filesize\":469487},\"2048x2048\":{\"file\":\"SHF_eb00193595-1526x2048.jpg\",\"width\":1526,\"height\":2048,\"mime-type\":\"image\\\/jpeg\",\"filesize\":860236},\"original\":{\"file\":\"SHF_eb00193595.jpg\",\"width\":3000,\"height\":4026}},\n\t\t\t\t\"alt\" : \"Farbenfrohe Illustration eines Mannes mit vielen Armen, der verschiedene Objekte h\\u00e4lt, umgeben von T\\u00e4nzern im Hintergrund.\",\n\t\t\t\t\"path\" : \"\\\/wp-content\\\/uploads\\\/2023\\\/05\\\/\",\n\t\t\t\t\"video\" : null,\n\t\t\t\t\"autoplay\" : null,\n\t\t\t\t\"youtube\" : null,\n\t\t\t\t\"youtubelabel\" : \"Video abspielen\",\n\t\t\t\t\"brightness\" : 100,\n\t\t\t\t\"crop\" : {\"top\":\"25.00\",\"left\":\"50.00\"},\n\t\t\t\t\"background\" : true,\n\t\t\t\t\"scale\" : 3\t\t\t\t}\n\t\t\t<\/script>\n\n\t\t\t<div class=\"height-container\" style=\"padding-bottom:134.2%;\" v-if=\"sizes\">\n\t\t\t\t\t\t\t\t<lazy-media :inline=\"true\" :alt=\"alt\" :sizes=\"sizes\" :scale=\"scale\" :brightness=\"brightness\" :path=\"path\" :video=\"video\" :autoplay=\"autoplay\" :youtube=\"youtube\" :crop=\"crop\" :youtubelabel=\"youtubelabel\" :background=\"background\" media-id=\"desc_media_69f460508a20a\"><\/lazy-media>\n\t\t\t\t\t\t\t<\/div>\n\n\t\t\t\t\t\t\t<figcaption class=\"sr-only\" ref=\"body\" id=\"desc_media_69f460508a20a\">\n\t\t\t\t\t\t\t\t\t\t\t<div>Zeitgen&ouml;ssische Karikatur auf Kaiser Wilhelm II. von Jean Veber in der franz&ouml;sischen Zeitschrift Le Rire vom 26. November 1898.<\/div>\n\t\t\t\t\t\t\t\t\t\t\t\t\t\t\t\t\t\t\t\t\t<div class=\"insignificant\">\u00a9 Private Collection \/ Stefano Bianchetti \/ Bridgeman Images<\/div>\n\t\t\t\t\t\t\t\t\t<\/figcaption>\n\t\t\t\t\t<\/figure>\n\t<\/lazy-media-inline>\n\t\t\t\t<\/div>\n\t\t\t<\/div>\n\t\t\t<div class=\"col-xs-12 teaser-event-text Infos\">\n\t\t\t\t<div class=\"teaser-event-standard-text\">\n\t\t\t\t\t<div class=\"margin-bottom-atom\">\n\t\t\t\t\t\t<div class=\"subline clamp-1\" v-html=\"maingenre\"><\/div>\n\t\t\t\t\t\t\t\t\t\t\t\t\t<div class=\"insignificant clamp-2\">ORTS-Termin<\/div>\n\t\t\t\t\t\t\t\t\t\t\t<\/div>\n\t\t\t\t\n\t\t\t\t\t<strong class=\"margin-bottom-atom\">Der Kaiser, das Berliner Schloss und der deutsche Kolonialismus<\/strong>\n\n\t\t\t\t\t\t\t\t\t\t\t<div class=\"\"><\/div>\n\t\t\t\t\t\t\t\t\t<\/div>\n\t\t\t\t<div class=\"teaser-bottom border-bottom\">\n\t\t\t\t<calendardateline :rawitem='item' :show-icon=\"true\"><\/calendardateline>\n\t\t\t\t\t<hr>\n\t\t\t\t<\/div>\n\t\t\t<\/div>\n\t\t<\/div>\n\t<\/a>\n\t<\/calendarteaser>\n<\/li>\n\n<li class=\"teaser-lane-slide col-xs-9 col-sm-4 col-md-4 teaser-wrapper col-padding-remove\">\n\t<calendarteaser key=\"613776010\" rawitem='{&quot;postId&quot;:61377,&quot;title&quot;:&quot;Auftrag: Kunst.&quot;,&quot;excerpt&quot;:&quot;&quot;,&quot;slug&quot;:&quot;auftrag-kunst&quot;,&quot;post_date&quot;:&quot;2022-11-09T12:11&quot;,&quot;type&quot;:&quot;event&quot;,&quot;permalink&quot;:&quot;https:\\\/\\\/www.humboldtforum.org\\\/de\\\/programm\\\/termin\\\/diskurs\\\/auftrag-kunst-61377\\\/&quot;,&quot;genre&quot;:[392],&quot;genre_details&quot;:[{&quot;text&quot;:&quot;Diskurs&quot;,&quot;id&quot;:392,&quot;icon&quot;:null,&quot;parent&quot;:0}],&quot;topic&quot;:[431],&quot;topic_details&quot;:[{&quot;text&quot;:&quot;Geschichte und Architektur des Ortes&quot;,&quot;id&quot;:431,&quot;icon&quot;:null,&quot;parent&quot;:0}],&quot;stakeholder&quot;:[382],&quot;stakeholder_details&quot;:[{&quot;text&quot;:&quot;Stiftung Humboldt Forum im Berliner Schloss&quot;,&quot;id&quot;:382,&quot;icon&quot;:null,&quot;parent&quot;:0}],&quot;language&quot;:[384],&quot;language_details&quot;:[{&quot;text&quot;:&quot;Deutsch&quot;,&quot;id&quot;:384,&quot;icon&quot;:null,&quot;parent&quot;:0}],&quot;place&quot;:[424],&quot;place_details&quot;:{&quot;place&quot;:&quot;Humboldt Forum&quot;,&quot;map&quot;:&quot;Humboldt Forum, Schlossplatz, Berlin&quot;,&quot;room&quot;:&quot;Saal 3, EG&quot;},&quot;icon_overwrite&quot;:&quot;&quot;,&quot;acf&quot;:{&quot;hashtag&quot;:&quot;HumboldtForum&quot;,&quot;noindex&quot;:false,&quot;keywords&quot;:&quot;&quot;,&quot;shorturl&quot;:&quot;&quot;,&quot;times&quot;:[],&quot;planning&quot;:{&quot;price&quot;:&quot;5 \\u20ac \\\/ erm\\u00e4\\u00dfigt 2,50 \\u20ac&quot;,&quot;admission&quot;:&quot;&quot;,&quot;pause&quot;:&quot;&quot;,&quot;duration&quot;:&quot;120&quot;},&quot;subline&quot;:&quot;Kunst am Bau im Humboldt Forum&quot;,&quot;additional_info&quot;:{&quot;icon&quot;:&quot;0&quot;,&quot;text&quot;:&quot;&quot;},&quot;highlight_header&quot;:false,&quot;use_video_in_teasers&quot;:false,&quot;hyphenation&quot;:true,&quot;tipp&quot;:true,&quot;joker&quot;:false,&quot;live&quot;:false,&quot;hide_event_in_program&quot;:false,&quot;featured_images&quot;:[61384],&quot;belongsto&quot;:[14203]},&quot;date&quot;:{&quot;NX&quot;:null,&quot;NXX&quot;:null,&quot;NLAST&quot;:&quot;202212121700&quot;,&quot;from_DATE&quot;:&quot;20221212 19:00&quot;,&quot;from&quot;:1670864400,&quot;to&quot;:1670864400,&quot;to_DATE&quot;:&quot;20221212 19:00&quot;,&quot;from_HRFSHORT&quot;:&quot;12. Dez 2022&quot;,&quot;from_HRFSHORT_WD&quot;:&quot;Mo 12.12.2022&quot;,&quot;to_HRFSHORT&quot;:&quot;12. Dez 2022&quot;,&quot;to_HRFSHORT_WD&quot;:&quot;Mo 12.12.2022&quot;,&quot;from_HRF&quot;:&quot;Mo, 12. Dezember 2022&quot;,&quot;to_HRF&quot;:&quot;Mo, 12. Dezember 2022&quot;,&quot;from_to_HRF&quot;:&quot;Mo, 12. Dezember \\u2013 Mo, 12. Dezember 2022&quot;,&quot;from_to_HRFSHORT&quot;:&quot;12. Dez \\u2013 12. Dez 2022&quot;},&quot;alert&quot;:&quot;Tipp&quot;,&quot;partof&quot;:[&quot;14203&quot;],&quot;marketing_topic&quot;:{&quot;title&quot;:&quot;ORTS-Termin&quot;,&quot;ID&quot;:&quot;14203&quot;,&quot;reason&quot;:&quot;sequence&quot;}}' inline-template>\n\t<a href=\"https:\/\/www.humboldtforum.org\/de\/programm\/termin\/diskurs\/auftrag-kunst-61377\/\" class=\"teaser teaser-event teaser-event-standard\">\n\t\t<div class=\"row\">\n\t\t\t<div class=\"col-xs-12 teaser-event-image\">\n\t\t\t\t<div class=\"teaser-image teaser-image-no-alternate\">\n\t\t\t\t\t\t\t\t\t\t\t\t\t<span class=\"alert\">Tipp<\/span>\n\t\t\t\t\t\t\t\t\t\t\t\n\t<lazy-media-inline inline-template>\n\t\t<figure itemscope itemtype=\"http:\/\/schema.org\/ImageObject\" class=\"lazy-media-inline \" role=\"group\" id=\"media_69f460508c32b\" aria-labelledby=\"desc_media_69f460508c32b\">\n\t\t\t<script type=\"application\/json\" ref=\"data\">\n\t\t\t\t{\n\t\t\t\t\"sizes\" : {\"medium\":{\"file\":\"SHF_eb00108495_Einbringung-Kunst-am-Bau-Trantenroth-300x200.jpg\",\"width\":300,\"height\":200,\"mime-type\":\"image\\\/jpeg\",\"filesize\":11339},\"large\":{\"file\":\"SHF_eb00108495_Einbringung-Kunst-am-Bau-Trantenroth-1024x682.jpg\",\"width\":1024,\"height\":682,\"mime-type\":\"image\\\/jpeg\",\"filesize\":69035},\"thumbnail\":{\"file\":\"SHF_eb00108495_Einbringung-Kunst-am-Bau-Trantenroth-150x150.jpg\",\"width\":150,\"height\":150,\"mime-type\":\"image\\\/jpeg\",\"filesize\":5252},\"medium_large\":{\"file\":\"SHF_eb00108495_Einbringung-Kunst-am-Bau-Trantenroth-768x512.jpg\",\"width\":768,\"height\":512,\"mime-type\":\"image\\\/jpeg\",\"filesize\":45201},\"small\":{\"file\":\"SHF_eb00108495_Einbringung-Kunst-am-Bau-Trantenroth-440x293.jpg\",\"width\":440,\"height\":293,\"mime-type\":\"image\\\/jpeg\",\"filesize\":20159},\"semi\":{\"file\":\"SHF_eb00108495_Einbringung-Kunst-am-Bau-Trantenroth-580x387.jpg\",\"width\":580,\"height\":387,\"mime-type\":\"image\\\/jpeg\",\"filesize\":30426},\"mobile\":{\"file\":\"SHF_eb00108495_Einbringung-Kunst-am-Bau-Trantenroth-720x480.jpg\",\"width\":720,\"height\":480,\"mime-type\":\"image\\\/jpeg\",\"filesize\":41034},\"original\":{\"file\":\"SHF_eb00108495_Einbringung-Kunst-am-Bau-Trantenroth.jpg\",\"width\":1280,\"height\":853}},\n\t\t\t\t\"alt\" : \"Handwerker steht auf einer Leiter und arbeitet an einer Wand mit bunten Paneelen.\",\n\t\t\t\t\"path\" : \"\\\/wp-content\\\/uploads\\\/2022\\\/11\\\/\",\n\t\t\t\t\"video\" : null,\n\t\t\t\t\"autoplay\" : null,\n\t\t\t\t\"youtube\" : null,\n\t\t\t\t\"youtubelabel\" : \"Video abspielen\",\n\t\t\t\t\"brightness\" : 100,\n\t\t\t\t\"crop\" : null,\n\t\t\t\t\"background\" : true,\n\t\t\t\t\"scale\" : 3\t\t\t\t}\n\t\t\t<\/script>\n\n\t\t\t<div class=\"height-container\" style=\"padding-bottom:66.640625%;\" v-if=\"sizes\">\n\t\t\t\t\t\t\t\t<lazy-media :inline=\"true\" :alt=\"alt\" :sizes=\"sizes\" :scale=\"scale\" :brightness=\"brightness\" :path=\"path\" :video=\"video\" :autoplay=\"autoplay\" :youtube=\"youtube\" :crop=\"crop\" :youtubelabel=\"youtubelabel\" :background=\"background\" media-id=\"desc_media_69f460508c32b\"><\/lazy-media>\n\t\t\t\t\t\t\t<\/div>\n\n\t\t\t\t\t\t\t<figcaption class=\"sr-only\" ref=\"body\" id=\"desc_media_69f460508c32b\">\n\t\t\t\t\t\t\t\t\t\t\t\t\t\t\t\t\t\t\t\t\t<div class=\"insignificant\">\u00a9 Tim Trantenroth, Ohne Titel, 2020 \/ Stiftung Humboldt Forum im Berliner Schloss, Foto: GIULIANI | VON GIESE<\/div>\n\t\t\t\t\t\t\t\t\t<\/figcaption>\n\t\t\t\t\t<\/figure>\n\t<\/lazy-media-inline>\n\t\t\t\t<\/div>\n\t\t\t<\/div>\n\t\t\t<div class=\"col-xs-12 teaser-event-text Infos\">\n\t\t\t\t<div class=\"teaser-event-standard-text\">\n\t\t\t\t\t<div class=\"margin-bottom-atom\">\n\t\t\t\t\t\t<div class=\"subline clamp-1\" v-html=\"maingenre\"><\/div>\n\t\t\t\t\t\t\t\t\t\t\t\t\t<div class=\"insignificant clamp-2\">ORTS-Termin<\/div>\n\t\t\t\t\t\t\t\t\t\t\t<\/div>\n\t\t\t\t\n\t\t\t\t\t<strong class=\"margin-bottom-atom\">Auftrag: Kunst.<\/strong>\n\n\t\t\t\t\t\t\t\t\t\t\t<div class=\"\">Kunst am Bau im Humboldt Forum<\/div>\n\t\t\t\t\t\t\t\t\t<\/div>\n\t\t\t\t<div class=\"teaser-bottom border-bottom\">\n\t\t\t\t<calendardateline :rawitem='item' :show-icon=\"true\"><\/calendardateline>\n\t\t\t\t\t<hr>\n\t\t\t\t<\/div>\n\t\t\t<\/div>\n\t\t<\/div>\n\t<\/a>\n\t<\/calendarteaser>\n<\/li>\n\n<li class=\"teaser-lane-slide col-xs-9 col-sm-4 col-md-4 teaser-wrapper col-padding-remove\">\n\t<calendarteaser key=\"405433379\" rawitem='{&quot;postId&quot;:40543,&quot;title&quot;:&quot;Palast-Treff&quot;,&quot;excerpt&quot;:&quot;&quot;,&quot;slug&quot;:&quot;world-cafe-palast-treff-2&quot;,&quot;post_date&quot;:&quot;2022-03-24T14:48&quot;,&quot;type&quot;:&quot;event&quot;,&quot;permalink&quot;:&quot;https:\\\/\\\/www.humboldtforum.org\\\/de\\\/programm\\\/termin\\\/gespraech\\\/world-cafe-palast-treff-2-40543\\\/&quot;,&quot;genre&quot;:[1078],&quot;genre_details&quot;:[{&quot;text&quot;:&quot;Gespr\\u00e4ch&quot;,&quot;id&quot;:1078,&quot;icon&quot;:null,&quot;parent&quot;:0}],&quot;topic&quot;:[431],&quot;topic_details&quot;:[{&quot;text&quot;:&quot;Geschichte und Architektur des Ortes&quot;,&quot;id&quot;:431,&quot;icon&quot;:null,&quot;parent&quot;:0}],&quot;stakeholder&quot;:[382],&quot;stakeholder_details&quot;:[{&quot;text&quot;:&quot;Stiftung Humboldt Forum im Berliner Schloss&quot;,&quot;id&quot;:382,&quot;icon&quot;:null,&quot;parent&quot;:0}],&quot;editorialfilter&quot;:[1385],&quot;editorialfilter_details&quot;:[{&quot;text&quot;:&quot;Palast der Republik&quot;,&quot;id&quot;:1385,&quot;icon&quot;:null,&quot;parent&quot;:0}],&quot;targetgroup&quot;:[383,455],&quot;targetgroup_details&quot;:[{&quot;text&quot;:&quot;Erwachsene&quot;,&quot;id&quot;:383,&quot;icon&quot;:null,&quot;parent&quot;:0},{&quot;text&quot;:&quot;Jugendliche&quot;,&quot;id&quot;:455,&quot;icon&quot;:null,&quot;parent&quot;:0}],&quot;language&quot;:[384],&quot;language_details&quot;:[{&quot;text&quot;:&quot;Deutsch&quot;,&quot;id&quot;:384,&quot;icon&quot;:null,&quot;parent&quot;:0}],&quot;accessability&quot;:[430],&quot;accessability_details&quot;:[{&quot;text&quot;:&quot;Rollstuhlgerecht&quot;,&quot;id&quot;:430,&quot;icon&quot;:null,&quot;parent&quot;:0}],&quot;age&quot;:[451],&quot;age_details&quot;:[{&quot;text&quot;:&quot;ab 14 Jahre&quot;,&quot;id&quot;:451,&quot;icon&quot;:null,&quot;parent&quot;:0}],&quot;place&quot;:[1179],&quot;place_details&quot;:{&quot;place&quot;:&quot;Humboldt Forum&quot;,&quot;map&quot;:&quot;Humboldt Forum, Schlossplatz, Berlin&quot;,&quot;room&quot;:&quot;Saal 1, EG&quot;},&quot;icon_overwrite&quot;:&quot;&quot;,&quot;acf&quot;:{&quot;noindex&quot;:false,&quot;keywords&quot;:&quot;&quot;,&quot;belongsto&quot;:[14203],&quot;shorturl&quot;:&quot;&quot;,&quot;hashtag&quot;:&quot;HumboldtForum&quot;,&quot;times&quot;:[],&quot;planning&quot;:{&quot;price&quot;:&quot;5 \\u20ac \\\/ 2,50 erm\\u00e4\\u00dfigt&quot;,&quot;admission&quot;:&quot;&quot;,&quot;pause&quot;:&quot;&quot;,&quot;duration&quot;:&quot;90&quot;},&quot;subline&quot;:&quot;Tischgespr\\u00e4che \\u00fcber einen verschwundenen Ort&quot;,&quot;additional_info&quot;:{&quot;icon&quot;:&quot;0&quot;,&quot;text&quot;:&quot;&quot;},&quot;highlight_header&quot;:false,&quot;featured_images&quot;:[51378],&quot;use_video_in_teasers&quot;:false,&quot;hyphenation&quot;:true,&quot;tipp&quot;:false,&quot;joker&quot;:false,&quot;live&quot;:false,&quot;hide_event_in_program&quot;:false},&quot;date&quot;:{&quot;NX&quot;:null,&quot;NXX&quot;:null,&quot;NLAST&quot;:&quot;202210031200&quot;,&quot;from_DATE&quot;:&quot;20221003 16:00&quot;,&quot;from&quot;:1664798400,&quot;to&quot;:1664798400,&quot;to_DATE&quot;:&quot;20221003 16:00&quot;,&quot;from_HRFSHORT&quot;:&quot; 3. Okt 2022&quot;,&quot;from_HRFSHORT_WD&quot;:&quot;Mo 03.10.2022&quot;,&quot;to_HRFSHORT&quot;:&quot; 3. Okt 2022&quot;,&quot;to_HRFSHORT_WD&quot;:&quot;Mo 03.10.2022&quot;,&quot;from_HRF&quot;:&quot;Mo,  3. Oktober 2022&quot;,&quot;to_HRF&quot;:&quot;Mo,  3. Oktober 2022&quot;,&quot;from_to_HRF&quot;:&quot;Mo,  3. Oktober \\u2013 Mo,  3. Oktober 2022&quot;,&quot;from_to_HRFSHORT&quot;:&quot; 3. Okt \\u2013  3. Okt 2022&quot;},&quot;alert&quot;:null,&quot;partof&quot;:[14203],&quot;marketing_topic&quot;:{&quot;title&quot;:&quot;ORTS-Termin&quot;,&quot;ID&quot;:14203,&quot;reason&quot;:&quot;sequence&quot;}}' inline-template>\n\t<a href=\"https:\/\/www.humboldtforum.org\/de\/programm\/termin\/gespraech\/world-cafe-palast-treff-2-40543\/\" class=\"teaser teaser-event teaser-event-standard\">\n\t\t<div class=\"row\">\n\t\t\t<div class=\"col-xs-12 teaser-event-image\">\n\t\t\t\t<div class=\"teaser-image teaser-image-no-alternate\">\n\t\t\t\t\t\t\t\t\t\t\t\n\t<lazy-media-inline inline-template>\n\t\t<figure itemscope itemtype=\"http:\/\/schema.org\/ImageObject\" class=\"lazy-media-inline \" role=\"group\" id=\"media_69f460508e9c9\" aria-labelledby=\"desc_media_69f460508e9c9\">\n\t\t\t<script type=\"application\/json\" ref=\"data\">\n\t\t\t\t{\n\t\t\t\t\"sizes\" : {\"medium\":{\"file\":\"SHF_eb00135405_Themenwochenende-Palast-der-Republik-300x200.jpg\",\"width\":300,\"height\":200,\"mime-type\":\"image\\\/jpeg\",\"filesize\":14364},\"large\":{\"file\":\"SHF_eb00135405_Themenwochenende-Palast-der-Republik-1024x683.jpg\",\"width\":1024,\"height\":683,\"mime-type\":\"image\\\/jpeg\",\"filesize\":84481},\"thumbnail\":{\"file\":\"SHF_eb00135405_Themenwochenende-Palast-der-Republik-150x150.jpg\",\"width\":150,\"height\":150,\"mime-type\":\"image\\\/jpeg\",\"filesize\":7530},\"medium_large\":{\"file\":\"SHF_eb00135405_Themenwochenende-Palast-der-Republik-768x512.jpg\",\"width\":768,\"height\":512,\"mime-type\":\"image\\\/jpeg\",\"filesize\":56402},\"small\":{\"file\":\"SHF_eb00135405_Themenwochenende-Palast-der-Republik-440x294.jpg\",\"width\":440,\"height\":294,\"mime-type\":\"image\\\/jpeg\",\"filesize\":25293},\"semi\":{\"file\":\"SHF_eb00135405_Themenwochenende-Palast-der-Republik-580x387.jpg\",\"width\":580,\"height\":387,\"mime-type\":\"image\\\/jpeg\",\"filesize\":37979},\"mobile\":{\"file\":\"SHF_eb00135405_Themenwochenende-Palast-der-Republik-720x480.jpg\",\"width\":720,\"height\":480,\"mime-type\":\"image\\\/jpeg\",\"filesize\":51348},\"original\":{\"file\":\"SHF_eb00135405_Themenwochenende-Palast-der-Republik.jpg\",\"width\":1280,\"height\":854}},\n\t\t\t\t\"alt\" : \"Eine Gruppe von Menschen sitzt an einem Tisch, w\\u00e4hrend ein Mann mit einer Zeitung spricht und diskutiert.\",\n\t\t\t\t\"path\" : \"\\\/wp-content\\\/uploads\\\/2022\\\/03\\\/\",\n\t\t\t\t\"video\" : null,\n\t\t\t\t\"autoplay\" : null,\n\t\t\t\t\"youtube\" : null,\n\t\t\t\t\"youtubelabel\" : \"Video abspielen\",\n\t\t\t\t\"brightness\" : 100,\n\t\t\t\t\"crop\" : null,\n\t\t\t\t\"background\" : true,\n\t\t\t\t\"scale\" : 3\t\t\t\t}\n\t\t\t<\/script>\n\n\t\t\t<div class=\"height-container\" style=\"padding-bottom:66.71875%;\" v-if=\"sizes\">\n\t\t\t\t\t\t\t\t<lazy-media :inline=\"true\" :alt=\"alt\" :sizes=\"sizes\" :scale=\"scale\" :brightness=\"brightness\" :path=\"path\" :video=\"video\" :autoplay=\"autoplay\" :youtube=\"youtube\" :crop=\"crop\" :youtubelabel=\"youtubelabel\" :background=\"background\" media-id=\"desc_media_69f460508e9c9\"><\/lazy-media>\n\t\t\t\t\t\t\t<\/div>\n\n\t\t\t\t\t\t\t<figcaption class=\"sr-only\" ref=\"body\" id=\"desc_media_69f460508e9c9\">\n\t\t\t\t\t\t\t\t\t\t\t<div>Auftaktwochenende Palast der Republik. Berlin, 30.04.2022<\/div>\n\t\t\t\t\t\t\t\t\t\t\t\t\t\t\t\t<div>Tischgespr&auml;che &quot;World-Caf&eacute;: Palast-Treff&quot; im Rahmen des Thementags Palast der Republik <\/div>\n\t\t\t\t\t\t\t\t\t\t\t\t\t\t\t\t<div class=\"insignificant\">\u00a9 Stiftung Humboldt Forum im Berliner Schloss \/Foto: Thomas Trutschel\/photothek.de<\/div>\n\t\t\t\t\t\t\t\t\t<\/figcaption>\n\t\t\t\t\t<\/figure>\n\t<\/lazy-media-inline>\n\t\t\t\t<\/div>\n\t\t\t<\/div>\n\t\t\t<div class=\"col-xs-12 teaser-event-text Infos\">\n\t\t\t\t<div class=\"teaser-event-standard-text\">\n\t\t\t\t\t<div class=\"margin-bottom-atom\">\n\t\t\t\t\t\t<div class=\"subline clamp-1\" v-html=\"maingenre\"><\/div>\n\t\t\t\t\t\t\t\t\t\t\t\t\t<div class=\"insignificant clamp-2\">ORTS-Termin<\/div>\n\t\t\t\t\t\t\t\t\t\t\t<\/div>\n\t\t\t\t\n\t\t\t\t\t<strong class=\"margin-bottom-atom\">Palast-Treff<\/strong>\n\n\t\t\t\t\t\t\t\t\t\t\t<div class=\"\">Tischgespr\u00e4che \u00fcber einen verschwundenen Ort<\/div>\n\t\t\t\t\t\t\t\t\t<\/div>\n\t\t\t\t<div class=\"teaser-bottom border-bottom\">\n\t\t\t\t<calendardateline :rawitem='item' :show-icon=\"true\"><\/calendardateline>\n\t\t\t\t\t<hr>\n\t\t\t\t<\/div>\n\t\t\t<\/div>\n\t\t<\/div>\n\t<\/a>\n\t<\/calendarteaser>\n<\/li>\n\n<li class=\"teaser-lane-slide col-xs-9 col-sm-4 col-md-4 teaser-wrapper col-padding-remove\">\n\t<calendarteaser key=\"4295621627\" rawitem='{&quot;postId&quot;:42956,&quot;title&quot;:&quot;Das Schloss der Republik&quot;,&quot;excerpt&quot;:&quot;Diese Veranstaltung der Reihe ORTS-Termin bietet eine herzliche Einladung zum Mitdiskutieren.&quot;,&quot;slug&quot;:&quot;das-schloss-der-republik&quot;,&quot;post_date&quot;:&quot;2022-05-12T09:40&quot;,&quot;type&quot;:&quot;event&quot;,&quot;permalink&quot;:&quot;https:\\\/\\\/www.humboldtforum.org\\\/de\\\/programm\\\/termin\\\/diskurs\\\/das-schloss-der-republik-42956\\\/&quot;,&quot;genre&quot;:[392],&quot;genre_details&quot;:[{&quot;text&quot;:&quot;Diskurs&quot;,&quot;id&quot;:392,&quot;icon&quot;:null,&quot;parent&quot;:0}],&quot;topic&quot;:[431],&quot;topic_details&quot;:[{&quot;text&quot;:&quot;Geschichte und Architektur des Ortes&quot;,&quot;id&quot;:431,&quot;icon&quot;:null,&quot;parent&quot;:0}],&quot;stakeholder&quot;:[382],&quot;stakeholder_details&quot;:[{&quot;text&quot;:&quot;Stiftung Humboldt Forum im Berliner Schloss&quot;,&quot;id&quot;:382,&quot;icon&quot;:null,&quot;parent&quot;:0}],&quot;targetgroup&quot;:[383,455],&quot;targetgroup_details&quot;:[{&quot;text&quot;:&quot;Erwachsene&quot;,&quot;id&quot;:383,&quot;icon&quot;:null,&quot;parent&quot;:0},{&quot;text&quot;:&quot;Jugendliche&quot;,&quot;id&quot;:455,&quot;icon&quot;:null,&quot;parent&quot;:0}],&quot;language&quot;:[384],&quot;language_details&quot;:[{&quot;text&quot;:&quot;Deutsch&quot;,&quot;id&quot;:384,&quot;icon&quot;:null,&quot;parent&quot;:0}],&quot;accessability&quot;:[430],&quot;accessability_details&quot;:[{&quot;text&quot;:&quot;Rollstuhlgerecht&quot;,&quot;id&quot;:430,&quot;icon&quot;:null,&quot;parent&quot;:0}],&quot;place&quot;:[424],&quot;place_details&quot;:{&quot;place&quot;:&quot;Humboldt Forum&quot;,&quot;map&quot;:&quot;Humboldt Forum, Schlossplatz, Berlin&quot;,&quot;room&quot;:&quot;Saal 3, EG&quot;},&quot;icon_overwrite&quot;:&quot;&quot;,&quot;acf&quot;:{&quot;hashtag&quot;:&quot;HumboldtForum&quot;,&quot;noindex&quot;:false,&quot;keywords&quot;:&quot;&quot;,&quot;shorturl&quot;:&quot;&quot;,&quot;times&quot;:[],&quot;planning&quot;:{&quot;price&quot;:&quot;5 EUR, erm. 2,50 EUR&quot;,&quot;admission&quot;:&quot;&quot;,&quot;pause&quot;:&quot;&quot;,&quot;duration&quot;:&quot;90&quot;},&quot;subline&quot;:&quot;Aneignung von Orten der Macht&quot;,&quot;shorttext&quot;:&quot;Diese Veranstaltung der Reihe ORTS-Termin bietet eine herzliche Einladung zum Mitdiskutieren.&quot;,&quot;additional_info&quot;:{&quot;icon&quot;:&quot;0&quot;,&quot;text&quot;:&quot;&quot;},&quot;highlight_header&quot;:false,&quot;featured_images&quot;:[42959],&quot;use_video_in_teasers&quot;:false,&quot;hyphenation&quot;:true,&quot;tipp&quot;:false,&quot;joker&quot;:false,&quot;live&quot;:false,&quot;hide_event_in_program&quot;:false,&quot;tickettext&quot;:&quot;Buchen Sie Ihr Ticket vorab online oder an der Kasse im Foyer.&quot;,&quot;belongsto&quot;:[14203]},&quot;date&quot;:{&quot;NX&quot;:null,&quot;NXX&quot;:null,&quot;NLAST&quot;:&quot;202206271500&quot;,&quot;from_DATE&quot;:&quot;20220627 19:00&quot;,&quot;from&quot;:1656342000,&quot;to&quot;:1656342000,&quot;to_DATE&quot;:&quot;20220627 19:00&quot;,&quot;from_HRFSHORT&quot;:&quot;27. Jun 2022&quot;,&quot;from_HRFSHORT_WD&quot;:&quot;Mo 27.06.2022&quot;,&quot;to_HRFSHORT&quot;:&quot;27. Jun 2022&quot;,&quot;to_HRFSHORT_WD&quot;:&quot;Mo 27.06.2022&quot;,&quot;from_HRF&quot;:&quot;Mo, 27. Juni 2022&quot;,&quot;to_HRF&quot;:&quot;Mo, 27. Juni 2022&quot;,&quot;from_to_HRF&quot;:&quot;Mo, 27. Juni \\u2013 Mo, 27. Juni 2022&quot;,&quot;from_to_HRFSHORT&quot;:&quot;27. Jun \\u2013 27. Jun 2022&quot;},&quot;alert&quot;:null,&quot;partof&quot;:[14203],&quot;marketing_topic&quot;:{&quot;title&quot;:&quot;ORTS-Termin&quot;,&quot;ID&quot;:14203,&quot;reason&quot;:&quot;sequence&quot;}}' inline-template>\n\t<a href=\"https:\/\/www.humboldtforum.org\/de\/programm\/termin\/diskurs\/das-schloss-der-republik-42956\/\" class=\"teaser teaser-event teaser-event-standard\">\n\t\t<div class=\"row\">\n\t\t\t<div class=\"col-xs-12 teaser-event-image\">\n\t\t\t\t<div class=\"teaser-image teaser-image-no-alternate\">\n\t\t\t\t\t\t\t\t\t\t\t\n\t<lazy-media-inline inline-template>\n\t\t<figure itemscope itemtype=\"http:\/\/schema.org\/ImageObject\" class=\"lazy-media-inline \" role=\"group\" id=\"media_69f4605090d30\" aria-labelledby=\"desc_media_69f4605090d30\">\n\t\t\t<script type=\"application\/json\" ref=\"data\">\n\t\t\t\t{\n\t\t\t\t\"sizes\" : {\"medium\":{\"file\":\"SHF_eb00038811_crop-1-300x178.jpg\",\"width\":300,\"height\":178,\"mime-type\":\"image\\\/jpeg\"},\"large\":{\"file\":\"SHF_eb00038811_crop-1-1024x609.jpg\",\"width\":1024,\"height\":609,\"mime-type\":\"image\\\/jpeg\"},\"thumbnail\":{\"file\":\"SHF_eb00038811_crop-1-150x150.jpg\",\"width\":150,\"height\":150,\"mime-type\":\"image\\\/jpeg\"},\"medium_large\":{\"file\":\"SHF_eb00038811_crop-1-768x457.jpg\",\"width\":768,\"height\":457,\"mime-type\":\"image\\\/jpeg\"},\"small\":{\"file\":\"SHF_eb00038811_crop-1-440x262.jpg\",\"width\":440,\"height\":262,\"mime-type\":\"image\\\/jpeg\"},\"semi\":{\"file\":\"SHF_eb00038811_crop-1-580x345.jpg\",\"width\":580,\"height\":345,\"mime-type\":\"image\\\/jpeg\"},\"mobile\":{\"file\":\"SHF_eb00038811_crop-1-720x428.jpg\",\"width\":720,\"height\":428,\"mime-type\":\"image\\\/jpeg\"},\"hd\":{\"file\":\"SHF_eb00038811_crop-1-1280x761.jpg\",\"width\":1280,\"height\":761,\"mime-type\":\"image\\\/jpeg\"},\"full\":{\"file\":\"SHF_eb00038811_crop-1-1920x1142.jpg\",\"width\":1920,\"height\":1142,\"mime-type\":\"image\\\/jpeg\"},\"1536x1536\":{\"file\":\"SHF_eb00038811_crop-1-1536x914.jpg\",\"width\":1536,\"height\":914,\"mime-type\":\"image\\\/jpeg\"},\"2048x2048\":{\"file\":\"SHF_eb00038811_crop-1-2048x1218.jpg\",\"width\":2048,\"height\":1218,\"mime-type\":\"image\\\/jpeg\"},\"original\":{\"file\":\"SHF_eb00038811_crop-1.jpg\",\"width\":3814,\"height\":2269}},\n\t\t\t\t\"alt\" : \"Schwarze T\\u00fcr mit metallenen Gitterelementen und verschiedenen Beschilderungen daneben.\",\n\t\t\t\t\"path\" : \"\\\/wp-content\\\/uploads\\\/2022\\\/05\\\/\",\n\t\t\t\t\"video\" : null,\n\t\t\t\t\"autoplay\" : null,\n\t\t\t\t\"youtube\" : null,\n\t\t\t\t\"youtubelabel\" : \"Video abspielen\",\n\t\t\t\t\"brightness\" : 100,\n\t\t\t\t\"crop\" : null,\n\t\t\t\t\"background\" : true,\n\t\t\t\t\"scale\" : 3\t\t\t\t}\n\t\t\t<\/script>\n\n\t\t\t<div class=\"height-container\" style=\"padding-bottom:59.491347666492%;\" v-if=\"sizes\">\n\t\t\t\t\t\t\t\t<lazy-media :inline=\"true\" :alt=\"alt\" :sizes=\"sizes\" :scale=\"scale\" :brightness=\"brightness\" :path=\"path\" :video=\"video\" :autoplay=\"autoplay\" :youtube=\"youtube\" :crop=\"crop\" :youtubelabel=\"youtubelabel\" :background=\"background\" media-id=\"desc_media_69f4605090d30\"><\/lazy-media>\n\t\t\t\t\t\t\t<\/div>\n\n\t\t\t\t\t\t\t<figcaption class=\"sr-only\" ref=\"body\" id=\"desc_media_69f4605090d30\">\n\t\t\t\t\t\t\t\t\t\t\t<div>Deutsches Reich Freistaat Preussen &#8211; Brandenburg Provinz (Province) &#8211; Berlin: Institute der Berliner Universitaet sind neue Bewohner im Berliner Schloss (Eingang zum Quergebaeude vom Schlueterhof) <\/div>\n\t\t\t\t\t\t\t\t\t\t\t\t\t\t\t\t\t\t\t\t\t<div class=\"insignificant\">\u00a9 Aufnahme: Zander &#038; Labisch \r\nOriginalaufnahme im Archiv von ullstein bild<\/div>\n\t\t\t\t\t\t\t\t\t<\/figcaption>\n\t\t\t\t\t<\/figure>\n\t<\/lazy-media-inline>\n\t\t\t\t<\/div>\n\t\t\t<\/div>\n\t\t\t<div class=\"col-xs-12 teaser-event-text Infos\">\n\t\t\t\t<div class=\"teaser-event-standard-text\">\n\t\t\t\t\t<div class=\"margin-bottom-atom\">\n\t\t\t\t\t\t<div class=\"subline clamp-1\" v-html=\"maingenre\"><\/div>\n\t\t\t\t\t\t\t\t\t\t\t\t\t<div class=\"insignificant clamp-2\">ORTS-Termin<\/div>\n\t\t\t\t\t\t\t\t\t\t\t<\/div>\n\t\t\t\t\n\t\t\t\t\t<strong class=\"margin-bottom-atom\">Das Schloss der Republik<\/strong>\n\n\t\t\t\t\t\t\t\t\t\t\t<div class=\"\">Aneignung von Orten der Macht<\/div>\n\t\t\t\t\t\t\t\t\t<\/div>\n\t\t\t\t<div class=\"teaser-bottom border-bottom\">\n\t\t\t\t<calendardateline :rawitem='item' :show-icon=\"true\"><\/calendardateline>\n\t\t\t\t\t<hr>\n\t\t\t\t<\/div>\n\t\t\t<\/div>\n\t\t<\/div>\n\t<\/a>\n\t<\/calendarteaser>\n<\/li>\n\n<li class=\"teaser-lane-slide col-xs-9 col-sm-4 col-md-4 teaser-wrapper col-padding-remove\">\n\t<calendarteaser key=\"350646374\" rawitem='{&quot;postId&quot;:35064,&quot;title&quot;:&quot;VERKUPPELT&quot;,&quot;excerpt&quot;:&quot;Ein\\u00a0goldenes\\u00a0Kreuz\\u00a0auf einer Kulturinstitution? Und das in einer s\\u00e4kularen, diversen Gesellschaft von heute? Diese Veranstaltung der Reihe ORTS-Termin bietet eine herzliche Einladung zum Mitdiskutieren.&quot;,&quot;slug&quot;:&quot;verkuppelt&quot;,&quot;post_date&quot;:&quot;2021-11-15T19:18&quot;,&quot;type&quot;:&quot;event&quot;,&quot;permalink&quot;:&quot;https:\\\/\\\/www.humboldtforum.org\\\/de\\\/programm\\\/termin\\\/diskurs\\\/verkuppelt-35064\\\/&quot;,&quot;genre&quot;:[392],&quot;genre_details&quot;:[{&quot;text&quot;:&quot;Diskurs&quot;,&quot;id&quot;:392,&quot;icon&quot;:null,&quot;parent&quot;:0}],&quot;topic&quot;:[431],&quot;topic_details&quot;:[{&quot;text&quot;:&quot;Geschichte und Architektur des Ortes&quot;,&quot;id&quot;:431,&quot;icon&quot;:null,&quot;parent&quot;:0}],&quot;stakeholder&quot;:[382],&quot;stakeholder_details&quot;:[{&quot;text&quot;:&quot;Stiftung Humboldt Forum im Berliner Schloss&quot;,&quot;id&quot;:382,&quot;icon&quot;:null,&quot;parent&quot;:0}],&quot;targetgroup&quot;:[383],&quot;targetgroup_details&quot;:[{&quot;text&quot;:&quot;Erwachsene&quot;,&quot;id&quot;:383,&quot;icon&quot;:null,&quot;parent&quot;:0}],&quot;language&quot;:[384],&quot;language_details&quot;:[{&quot;text&quot;:&quot;Deutsch&quot;,&quot;id&quot;:384,&quot;icon&quot;:null,&quot;parent&quot;:0}],&quot;accessability&quot;:[430],&quot;accessability_details&quot;:[{&quot;text&quot;:&quot;Rollstuhlgerecht&quot;,&quot;id&quot;:430,&quot;icon&quot;:null,&quot;parent&quot;:0}],&quot;place&quot;:[883],&quot;place_details&quot;:{&quot;place&quot;:&quot;Humboldt Forum&quot;,&quot;map&quot;:&quot;Humboldt Forum, Schlossplatz, Berlin&quot;,&quot;room&quot;:&quot;Saal 2, EG&quot;},&quot;icon_overwrite&quot;:&quot;&quot;,&quot;acf&quot;:{&quot;hashtag&quot;:&quot;HumboldtForum&quot;,&quot;noindex&quot;:false,&quot;keywords&quot;:&quot;&quot;,&quot;shorturl&quot;:&quot;&quot;,&quot;times&quot;:[],&quot;planning&quot;:{&quot;price&quot;:&quot;5 EUR, erm. 2,50 EUR&quot;,&quot;admission&quot;:&quot;&quot;,&quot;pause&quot;:&quot;&quot;,&quot;duration&quot;:&quot;90&quot;},&quot;subline&quot;:&quot;Die Sache mit dem Kreuz und der Inschrift&quot;,&quot;subline_feature&quot;:&quot;&quot;,&quot;marketing_text&quot;:&quot;&quot;,&quot;shorttext&quot;:&quot;Ein\\u00a0goldenes\\u00a0Kreuz\\u00a0auf einer Kulturinstitution? Und das in einer s\\u00e4kularen, diversen Gesellschaft von heute? Diese Veranstaltung der Reihe ORTS-Termin bietet eine herzliche Einladung zum Mitdiskutieren.&quot;,&quot;longtext&quot;:&quot;&quot;,&quot;additional_info&quot;:{&quot;icon&quot;:&quot;0&quot;,&quot;text&quot;:&quot;&quot;},&quot;highlight_header&quot;:false,&quot;featured_images&quot;:[8457],&quot;video&quot;:false,&quot;use_video_in_teasers&quot;:false,&quot;hyphenation&quot;:true,&quot;tipp&quot;:false,&quot;alert_text&quot;:&quot;&quot;,&quot;joker&quot;:false,&quot;live&quot;:false,&quot;overwrite_date&quot;:&quot;&quot;,&quot;hide_event_in_program&quot;:false,&quot;tickettext&quot;:&quot;Buchen Sie Ihr Ticket vorab online oder an der Kasse im Foyer.&quot;,&quot;belongsto&quot;:[14203]},&quot;date&quot;:{&quot;NX&quot;:null,&quot;NXX&quot;:null,&quot;NLAST&quot;:&quot;202112021700&quot;,&quot;from_DATE&quot;:&quot;20211202 19:00&quot;,&quot;from&quot;:1638464400,&quot;to&quot;:1638464400,&quot;to_DATE&quot;:&quot;20211202 19:00&quot;,&quot;from_HRFSHORT&quot;:&quot; 2. Dez 2021&quot;,&quot;from_HRFSHORT_WD&quot;:&quot;Do 02.12.2021&quot;,&quot;to_HRFSHORT&quot;:&quot; 2. Dez 2021&quot;,&quot;to_HRFSHORT_WD&quot;:&quot;Do 02.12.2021&quot;,&quot;from_HRF&quot;:&quot;Do,  2. Dezember 2021&quot;,&quot;to_HRF&quot;:&quot;Do,  2. Dezember 2021&quot;,&quot;from_to_HRF&quot;:&quot;Do,  2. Dezember \\u2013 Do,  2. Dezember 2021&quot;,&quot;from_to_HRFSHORT&quot;:&quot; 2. Dez \\u2013  2. Dez 2021&quot;},&quot;alert&quot;:null,&quot;partof&quot;:[&quot;14203&quot;],&quot;marketing_topic&quot;:{&quot;title&quot;:&quot;ORTS-Termin&quot;,&quot;ID&quot;:&quot;14203&quot;,&quot;reason&quot;:&quot;sequence&quot;}}' inline-template>\n\t<a href=\"https:\/\/www.humboldtforum.org\/de\/programm\/termin\/diskurs\/verkuppelt-35064\/\" class=\"teaser teaser-event teaser-event-standard\">\n\t\t<div class=\"row\">\n\t\t\t<div class=\"col-xs-12 teaser-event-image\">\n\t\t\t\t<div class=\"teaser-image teaser-image-no-alternate\">\n\t\t\t\t\t\t\t\t\t\t\t\n\t<lazy-media-inline inline-template>\n\t\t<figure itemscope itemtype=\"http:\/\/schema.org\/ImageObject\" class=\"lazy-media-inline \" role=\"group\" id=\"media_69f460509314e\" aria-labelledby=\"desc_media_69f460509314e\">\n\t\t\t<script type=\"application\/json\" ref=\"data\">\n\t\t\t\t{\n\t\t\t\t\"sizes\" : {\"medium\":{\"file\":\"Humboldt_Kreuz_Post-it-300x300.jpg\",\"width\":300,\"height\":300,\"mime-type\":\"image\\\/jpeg\"},\"thumbnail\":{\"file\":\"Humboldt_Kreuz_Post-it-150x150.jpg\",\"width\":150,\"height\":150,\"mime-type\":\"image\\\/jpeg\"},\"medium_large\":{\"file\":\"Humboldt_Kreuz_Post-it-768x768.jpg\",\"width\":768,\"height\":768,\"mime-type\":\"image\\\/jpeg\"},\"small\":{\"file\":\"Humboldt_Kreuz_Post-it-440x440.jpg\",\"width\":440,\"height\":440,\"mime-type\":\"image\\\/jpeg\"},\"semi\":{\"file\":\"Humboldt_Kreuz_Post-it-580x580.jpg\",\"width\":580,\"height\":580,\"mime-type\":\"image\\\/jpeg\"},\"mobile\":{\"file\":\"Humboldt_Kreuz_Post-it-720x720.jpg\",\"width\":720,\"height\":720,\"mime-type\":\"image\\\/jpeg\"},\"original\":{\"file\":\"Humboldt_Kreuz_Post-it.jpg\",\"width\":1000,\"height\":1000}},\n\t\t\t\t\"alt\" : \"Zeichnung einer Kuppel mit Kreuz, umgeben von buntem Text und einem Bauger\\u00fcst im Hintergrund.\",\n\t\t\t\t\"path\" : \"\\\/wp-content\\\/uploads\\\/2020\\\/05\\\/\",\n\t\t\t\t\"video\" : null,\n\t\t\t\t\"autoplay\" : null,\n\t\t\t\t\"youtube\" : null,\n\t\t\t\t\"youtubelabel\" : \"Video abspielen\",\n\t\t\t\t\"brightness\" : 100,\n\t\t\t\t\"crop\" : {\"top\":\"50.00\",\"left\":\"50.00\"},\n\t\t\t\t\"background\" : true,\n\t\t\t\t\"scale\" : 3\t\t\t\t}\n\t\t\t<\/script>\n\n\t\t\t<div class=\"height-container\" style=\"padding-bottom:100%;\" v-if=\"sizes\">\n\t\t\t\t\t\t\t\t<lazy-media :inline=\"true\" :alt=\"alt\" :sizes=\"sizes\" :scale=\"scale\" :brightness=\"brightness\" :path=\"path\" :video=\"video\" :autoplay=\"autoplay\" :youtube=\"youtube\" :crop=\"crop\" :youtubelabel=\"youtubelabel\" :background=\"background\" media-id=\"desc_media_69f460509314e\"><\/lazy-media>\n\t\t\t\t\t\t\t<\/div>\n\n\t\t\t\t\t\t\t<figcaption class=\"sr-only\" ref=\"body\" id=\"desc_media_69f460509314e\">\n\t\t\t\t\t\t\t\t\t\t\t\t\t\t\t\t\t\t\t\t\t<div class=\"insignificant\">\u00a9 Stiftung Humboldt Forum im Berliner Schloss \/ Stephan Falk; \u00a9 Stiftung Preu\u00dfische Schl\u00f6sser und G\u00e4rten Berlin-Brandenburg \/ Daniel Lindner<\/div>\n\t\t\t\t\t\t\t\t\t<\/figcaption>\n\t\t\t\t\t<\/figure>\n\t<\/lazy-media-inline>\n\t\t\t\t<\/div>\n\t\t\t<\/div>\n\t\t\t<div class=\"col-xs-12 teaser-event-text Infos\">\n\t\t\t\t<div class=\"teaser-event-standard-text\">\n\t\t\t\t\t<div class=\"margin-bottom-atom\">\n\t\t\t\t\t\t<div class=\"subline clamp-1\" v-html=\"maingenre\"><\/div>\n\t\t\t\t\t\t\t\t\t\t\t\t\t<div class=\"insignificant clamp-2\">ORTS-Termin<\/div>\n\t\t\t\t\t\t\t\t\t\t\t<\/div>\n\t\t\t\t\n\t\t\t\t\t<strong class=\"margin-bottom-atom\">VERKUPPELT<\/strong>\n\n\t\t\t\t\t\t\t\t\t\t\t<div class=\"\">Die Sache mit dem Kreuz und der Inschrift<\/div>\n\t\t\t\t\t\t\t\t\t<\/div>\n\t\t\t\t<div class=\"teaser-bottom border-bottom\">\n\t\t\t\t<calendardateline :rawitem='item' :show-icon=\"true\"><\/calendardateline>\n\t\t\t\t\t<hr>\n\t\t\t\t<\/div>\n\t\t\t<\/div>\n\t\t<\/div>\n\t<\/a>\n\t<\/calendarteaser>\n<\/li>\n\n<li class=\"teaser-lane-slide col-xs-9 col-sm-4 col-md-4 teaser-wrapper col-padding-remove\">\n\t<calendarteaser key=\"141958543\" rawitem='{&quot;postId&quot;:14195,&quot;title&quot;:&quot;Tasten, Sehen, H\\u00f6ren&quot;,&quot;excerpt&quot;:&quot;Der Beauftragte der Bundesregierung f\\u00fcr die Belange von Menschen mit Behinderungen, J\\u00fcrgen Dusel, diskutiert mit der Beraterin Friedrun Portele-Anyangbe \\u00fcber Inklusion im Kultur- und Museumsbereich und ganz konkret im Humboldt Forum.&quot;,&quot;slug&quot;:&quot;vom-kloster-zum-humboldt-forum&quot;,&quot;post_date&quot;:&quot;2020-10-23T16:23&quot;,&quot;type&quot;:&quot;event&quot;,&quot;permalink&quot;:&quot;https:\\\/\\\/www.humboldtforum.org\\\/de\\\/programm\\\/termin\\\/diskurs\\\/vom-kloster-zum-humboldt-forum-14195\\\/&quot;,&quot;genre&quot;:[392,423],&quot;genre_details&quot;:[{&quot;text&quot;:&quot;Diskurs&quot;,&quot;id&quot;:392,&quot;icon&quot;:null,&quot;parent&quot;:0},{&quot;text&quot;:&quot;Literatur&quot;,&quot;id&quot;:423,&quot;icon&quot;:null,&quot;parent&quot;:0}],&quot;digital&quot;:[742],&quot;digital_details&quot;:[{&quot;text&quot;:&quot;Livestream&quot;,&quot;id&quot;:742,&quot;icon&quot;:null,&quot;parent&quot;:0}],&quot;topic&quot;:[431],&quot;topic_details&quot;:[{&quot;text&quot;:&quot;Geschichte und Architektur des Ortes&quot;,&quot;id&quot;:431,&quot;icon&quot;:null,&quot;parent&quot;:0}],&quot;stakeholder&quot;:[382],&quot;stakeholder_details&quot;:[{&quot;text&quot;:&quot;Stiftung Humboldt Forum im Berliner Schloss&quot;,&quot;id&quot;:382,&quot;icon&quot;:null,&quot;parent&quot;:0}],&quot;editorialfilter&quot;:[483],&quot;editorialfilter_details&quot;:[{&quot;text&quot;:&quot;inklusiv&quot;,&quot;id&quot;:483,&quot;icon&quot;:null,&quot;parent&quot;:0}],&quot;targetgroup&quot;:[383],&quot;targetgroup_details&quot;:[{&quot;text&quot;:&quot;Erwachsene&quot;,&quot;id&quot;:383,&quot;icon&quot;:null,&quot;parent&quot;:0}],&quot;language&quot;:[384,671,1037,748],&quot;language_details&quot;:[{&quot;text&quot;:&quot;Deutsch&quot;,&quot;id&quot;:384,&quot;icon&quot;:null,&quot;parent&quot;:0},{&quot;text&quot;:&quot;Deutsche Geb\\u00e4rdensprache&quot;,&quot;id&quot;:671,&quot;icon&quot;:null,&quot;parent&quot;:0},{&quot;text&quot;:&quot;Einfache Sprache&quot;,&quot;id&quot;:1037,&quot;icon&quot;:null,&quot;parent&quot;:0},{&quot;text&quot;:&quot;Live-Untertitelung&quot;,&quot;id&quot;:748,&quot;icon&quot;:null,&quot;parent&quot;:0}],&quot;accessability&quot;:[1038],&quot;accessability_details&quot;:[{&quot;text&quot;:&quot;Einfache Sprache&quot;,&quot;id&quot;:1038,&quot;icon&quot;:null,&quot;parent&quot;:0}],&quot;place&quot;:[498],&quot;place_details&quot;:{&quot;place&quot;:&quot;Humboldt Forum&quot;,&quot;map&quot;:&quot;Humboldt Forum, Schlossplatz, Berlin&quot;,&quot;room&quot;:&quot;Online-Veranstaltung&quot;},&quot;icon_overwrite&quot;:&quot;&quot;,&quot;acf&quot;:{&quot;hashtag&quot;:&quot;HumboldtForum&quot;,&quot;planning&quot;:{&quot;price&quot;:&quot;Eintritt frei, Online-Veranstaltung&quot;,&quot;admission&quot;:&quot;&quot;,&quot;pause&quot;:&quot;ca. 90 Min&quot;,&quot;duration&quot;:&quot;&quot;},&quot;subline&quot;:&quot;Ein inklusives Buch und mehr&quot;,&quot;subline_feature&quot;:&quot;&quot;,&quot;marketing_text&quot;:&quot;Ein inklusives Buch und mehr&quot;,&quot;longtext&quot;:&quot;&quot;,&quot;highlight_header&quot;:false,&quot;featured_images&quot;:[18140],&quot;video&quot;:false,&quot;tipp&quot;:false,&quot;alert_text&quot;:&quot;&quot;,&quot;joker&quot;:false,&quot;live&quot;:true,&quot;announcement&quot;:&quot;&quot;,&quot;shorturl&quot;:&quot;tasten&quot;,&quot;hyphenation&quot;:true,&quot;yt&quot;:&quot;https:\\\/\\\/www.youtube.com\\\/watch?v=pNDAopwcoX8&quot;,&quot;overwrite_date&quot;:&quot;&quot;,&quot;times&quot;:[],&quot;noindex&quot;:false,&quot;keywords&quot;:&quot;&quot;,&quot;shorttext&quot;:&quot;Der Beauftragte der Bundesregierung f\\u00fcr die Belange von Menschen mit Behinderungen, J\\u00fcrgen Dusel, diskutiert mit der Beraterin Friedrun Portele-Anyangbe \\u00fcber Inklusion im Kultur- und Museumsbereich und ganz konkret im Humboldt Forum.&quot;,&quot;additional_info&quot;:{&quot;icon&quot;:&quot;0&quot;,&quot;text&quot;:&quot;&quot;},&quot;use_video_in_teasers&quot;:false,&quot;hide_event_in_program&quot;:false,&quot;belongsto&quot;:[14203]},&quot;date&quot;:{&quot;NX&quot;:null,&quot;NXX&quot;:null,&quot;NLAST&quot;:&quot;202104221500&quot;,&quot;from_DATE&quot;:&quot;20210422 19:00&quot;,&quot;from&quot;:1619103600,&quot;to&quot;:1619103600,&quot;to_DATE&quot;:&quot;20210422 19:00&quot;,&quot;from_HRFSHORT&quot;:&quot;22. Apr 2021&quot;,&quot;from_HRFSHORT_WD&quot;:&quot;Do 22.04.2021&quot;,&quot;to_HRFSHORT&quot;:&quot;22. Apr 2021&quot;,&quot;to_HRFSHORT_WD&quot;:&quot;Do 22.04.2021&quot;,&quot;from_HRF&quot;:&quot;Do, 22. April 2021&quot;,&quot;to_HRF&quot;:&quot;Do, 22. April 2021&quot;,&quot;from_to_HRF&quot;:&quot;Do, 22. April \\u2013 Do, 22. April 2021&quot;,&quot;from_to_HRFSHORT&quot;:&quot;22. Apr \\u2013 22. Apr 2021&quot;},&quot;alert&quot;:&quot;Livestream&quot;,&quot;partof&quot;:[&quot;14203&quot;],&quot;marketing_topic&quot;:{&quot;title&quot;:&quot;ORTS-Termin&quot;,&quot;ID&quot;:&quot;14203&quot;,&quot;reason&quot;:&quot;sequence&quot;}}' inline-template>\n\t<a href=\"https:\/\/www.humboldtforum.org\/de\/programm\/termin\/diskurs\/vom-kloster-zum-humboldt-forum-14195\/\" class=\"teaser teaser-event teaser-event-standard\">\n\t\t<div class=\"row\">\n\t\t\t<div class=\"col-xs-12 teaser-event-image\">\n\t\t\t\t<div class=\"teaser-image teaser-image-no-alternate\">\n\t\t\t\t\t\t\t\t\t\t\t\t\t<calendardateline :rawitem='item' :show-icon=\"true\" template=\"alert\" force-date=\"Livestream\"><\/calendardateline>\n\t\t\t\t\t\t\t\t\t\t\t\n\t<lazy-media-inline inline-template>\n\t\t<figure itemscope itemtype=\"http:\/\/schema.org\/ImageObject\" class=\"lazy-media-inline \" role=\"group\" id=\"media_69f460509556b\" aria-labelledby=\"desc_media_69f460509556b\">\n\t\t\t<script type=\"application\/json\" ref=\"data\">\n\t\t\t\t{\n\t\t\t\t\"sizes\" : {\"medium\":{\"file\":\"Tastlbuch-0-01-07-24-300x169.jpg\",\"width\":300,\"height\":169,\"mime-type\":\"image\\\/jpeg\"},\"large\":{\"file\":\"Tastlbuch-0-01-07-24-1024x576.jpg\",\"width\":1024,\"height\":576,\"mime-type\":\"image\\\/jpeg\"},\"thumbnail\":{\"file\":\"Tastlbuch-0-01-07-24-150x150.jpg\",\"width\":150,\"height\":150,\"mime-type\":\"image\\\/jpeg\"},\"medium_large\":{\"file\":\"Tastlbuch-0-01-07-24-768x432.jpg\",\"width\":768,\"height\":432,\"mime-type\":\"image\\\/jpeg\"},\"small\":{\"file\":\"Tastlbuch-0-01-07-24-440x248.jpg\",\"width\":440,\"height\":248,\"mime-type\":\"image\\\/jpeg\"},\"semi\":{\"file\":\"Tastlbuch-0-01-07-24-580x326.jpg\",\"width\":580,\"height\":326,\"mime-type\":\"image\\\/jpeg\"},\"mobile\":{\"file\":\"Tastlbuch-0-01-07-24-720x405.jpg\",\"width\":720,\"height\":405,\"mime-type\":\"image\\\/jpeg\"},\"hd\":{\"file\":\"Tastlbuch-0-01-07-24-1280x720.jpg\",\"width\":1280,\"height\":720,\"mime-type\":\"image\\\/jpeg\"},\"full\":{\"file\":\"Tastlbuch-0-01-07-24-1920x1080.jpg\",\"width\":1920,\"height\":1080,\"mime-type\":\"image\\\/jpeg\"},\"1536x1536\":{\"file\":\"Tastlbuch-0-01-07-24-1536x864.jpg\",\"width\":1536,\"height\":864,\"mime-type\":\"image\\\/jpeg\"},\"original\":{\"file\":\"Tastlbuch-0-01-07-24.jpg\",\"width\":2000,\"height\":1125}},\n\t\t\t\t\"alt\" : \"Buchseite mit Abbildung der Kugelleuchten des Palasts der Republiks\",\n\t\t\t\t\"path\" : \"\\\/wp-content\\\/uploads\\\/2020\\\/12\\\/\",\n\t\t\t\t\"video\" : null,\n\t\t\t\t\"autoplay\" : null,\n\t\t\t\t\"youtube\" : null,\n\t\t\t\t\"youtubelabel\" : \"Video abspielen\",\n\t\t\t\t\"brightness\" : 100,\n\t\t\t\t\"crop\" : {\"top\":\"50.00\",\"left\":\"50.00\"},\n\t\t\t\t\"background\" : true,\n\t\t\t\t\"scale\" : 3\t\t\t\t}\n\t\t\t<\/script>\n\n\t\t\t<div class=\"height-container\" style=\"padding-bottom:56.25%;\" v-if=\"sizes\">\n\t\t\t\t\t\t\t\t<lazy-media :inline=\"true\" :alt=\"alt\" :sizes=\"sizes\" :scale=\"scale\" :brightness=\"brightness\" :path=\"path\" :video=\"video\" :autoplay=\"autoplay\" :youtube=\"youtube\" :crop=\"crop\" :youtubelabel=\"youtubelabel\" :background=\"background\" media-id=\"desc_media_69f460509556b\"><\/lazy-media>\n\t\t\t\t\t\t\t<\/div>\n\n\t\t\t\t\t\t\t<figcaption class=\"sr-only\" ref=\"body\" id=\"desc_media_69f460509556b\">\n\t\t\t\t\t\t\t\t\t\t\t<div>Im Tastbuch finden sich spannende Details in Taktildruck.<\/div>\n\t\t\t\t\t\t\t\t\t\t\t\t\t\t\t\t\t\t\t\t\t<div class=\"insignificant\">\u00a9 Stiftung Humboldt Forum im Berliner Schloss \/ inkl. Design GmbH \/ Foto: Andreas K\u00f6nig<\/div>\n\t\t\t\t\t\t\t\t\t<\/figcaption>\n\t\t\t\t\t<\/figure>\n\t<\/lazy-media-inline>\n\t\t\t\t<\/div>\n\t\t\t<\/div>\n\t\t\t<div class=\"col-xs-12 teaser-event-text Infos\">\n\t\t\t\t<div class=\"teaser-event-standard-text\">\n\t\t\t\t\t<div class=\"margin-bottom-atom\">\n\t\t\t\t\t\t<div class=\"subline clamp-1\" v-html=\"maingenre\"><\/div>\n\t\t\t\t\t\t\t\t\t\t\t\t\t<div class=\"insignificant clamp-2\">ORTS-Termin<\/div>\n\t\t\t\t\t\t\t\t\t\t\t<\/div>\n\t\t\t\t\n\t\t\t\t\t<strong class=\"margin-bottom-atom\">Tasten, Sehen, H\u00f6ren<\/strong>\n\n\t\t\t\t\t\t\t\t\t\t\t<div class=\"\">Ein inklusives Buch und mehr<\/div>\n\t\t\t\t\t\t\t\t\t<\/div>\n\t\t\t\t<div class=\"teaser-bottom border-bottom\">\n\t\t\t\t<calendardateline :rawitem='item' :show-icon=\"true\"><\/calendardateline>\n\t\t\t\t\t<hr>\n\t\t\t\t<\/div>\n\t\t\t<\/div>\n\t\t<\/div>\n\t<\/a>\n\t<\/calendarteaser>\n<\/li>\n\n\t\t\t\t\t\t<\/ul>\n\t\t\t\t\t<\/div>\n\t\t\t\t<\/div>\n\t\t\t<\/teaser-lane-with-buttons>\n\t\t\t\t<\/lazy-component>\n<\/section>\n\n\n\n<section class=\"block block-teaser col-lane33 \" style=\"\">\n\t<lazy-component :fixed-min-height=\"400\">\n\t\n\t\t\t\t\t<teaser-lane-with-buttons inline-template tracking-label=\"Veranstaltungsreihen\">\n\t\t\t\t<div class=\"teaser-lane-with-buttons\">\n\t\t\t\t\t<div class=\"container-fluid\">\n\t\t\t\t\t\t<div class=\"row bottom-xs\">\n\t\t\t\t\t\t\t<div class=\"col-xs-12 col-md-8\">\n\t\t\t\t\t\t\t\t\t\t\t\t\t\t\t\t\t<h4>Veranstaltungsreihen<\/h4>\t\t\t\t\t\t\t\t\t\t\t\t\t\t\t\t\t\t\t\t\t\t\t\t<\/div>\n\t\t\t\t\t\t\t<div class=\"col-xs-12 col-md-4 start-xs end-md margin-bottom-sixth teaser-lane-buttons-wrapper \">\n\t\t\t\t\t\t\t\t\t\t\t\t\t\t\t\t<teaser-lane-buttons :visible_prev=\"visible_prev\" :visible_next=\"visible_next\" @prev=\"prev\" @next=\"next\"><\/teaser-lane-buttons>\n\t\t\t\t\t\t\t<\/div>\n\t\t\t\t\t\t<\/div>\n\t\t\t\t\t<\/div>\n\t\t\t\t\t<div class=\"teaser-lane-wrapper\">\n\t\t\t\t\t\t<ul class=\"teaser-lane\">\n\t\t\t\t\t\t\t\t\t\t\t\t\t\t<li class=\"teaser-lane-slide col-xs-9 col-sm-4 col-md-4 teaser-wrapper col-padding-remove\">\n\t<calendarteaser key=\"1418811343\" rawitem='{&quot;postId&quot;:14188,&quot;title&quot;:&quot;99 Fragen&quot;,&quot;excerpt&quot;:&quot;&quot;,&quot;slug&quot;:&quot;99-fragen&quot;,&quot;type&quot;:&quot;event-sequence&quot;,&quot;post_date&quot;:&quot;2020-10-23T16:09&quot;,&quot;permalink&quot;:&quot;https:\\\/\\\/www.humboldtforum.org\\\/de\\\/programm\\\/event-reihe\\\/diskurs\\\/99-fragen-14188\\\/&quot;,&quot;genre&quot;:[392,564],&quot;genre_details&quot;:[{&quot;text&quot;:&quot;Diskurs&quot;,&quot;id&quot;:392,&quot;icon&quot;:null,&quot;parent&quot;:0},{&quot;text&quot;:&quot;Wissenschaft&quot;,&quot;id&quot;:564,&quot;icon&quot;:null,&quot;parent&quot;:0}],&quot;topic&quot;:[782],&quot;topic_details&quot;:[{&quot;text&quot;:&quot;Kolonialismus und Kolonialit\\u00e4t&quot;,&quot;id&quot;:782,&quot;icon&quot;:null,&quot;parent&quot;:0}],&quot;stakeholder&quot;:[382],&quot;stakeholder_details&quot;:[{&quot;text&quot;:&quot;Stiftung Humboldt Forum im Berliner Schloss&quot;,&quot;id&quot;:382,&quot;icon&quot;:null,&quot;parent&quot;:0}],&quot;icon_overwrite&quot;:&quot;&quot;,&quot;acf&quot;:{&quot;belongsto&quot;:false,&quot;shorturl&quot;:&quot;99fragen&quot;,&quot;highlight_header&quot;:false,&quot;featured_images&quot;:[17911],&quot;tipp&quot;:false,&quot;joker&quot;:false,&quot;live&quot;:false,&quot;announcement&quot;:&quot;Eine forschungsorientierte Programmplattform&quot;,&quot;hyphenation&quot;:true,&quot;yt&quot;:&quot;&quot;,&quot;noindex&quot;:false,&quot;keywords&quot;:&quot;&quot;,&quot;additional_info&quot;:{&quot;icon&quot;:&quot;0&quot;,&quot;text&quot;:&quot;&quot;},&quot;use_video_in_teasers&quot;:false,&quot;manual_period&quot;:false,&quot;hide_event_in_program&quot;:false,&quot;has_mobile_format&quot;:false,&quot;overwrite_date&quot;:&quot;Eine forschungsorientierte Programmplattform&quot;,&quot;events&quot;:[127815]},&quot;date&quot;:{&quot;NLAST&quot;:&quot;202404251900&quot;,&quot;NX&quot;:null,&quot;NXX&quot;:null,&quot;from_DATE&quot;:&quot;20240425 19:00&quot;,&quot;from&quot;:1714057200,&quot;to&quot;:1714057200,&quot;to_DATE&quot;:&quot;20240425 19:00&quot;,&quot;from_HRFSHORT&quot;:&quot;25. Apr 2024&quot;,&quot;from_HRFSHORT_WD&quot;:&quot;Do 25.04.2024&quot;,&quot;to_HRFSHORT&quot;:&quot;25. Apr 2024&quot;,&quot;to_HRFSHORT_WD&quot;:&quot;Do 25.04.2024&quot;,&quot;from_HRF&quot;:&quot;Do, 25. April 2024&quot;,&quot;to_HRF&quot;:&quot;Do, 25. April 2024&quot;,&quot;from_to_HRF&quot;:&quot;Do, 25. April \\u2013 Do, 25. April 2024&quot;,&quot;from_to_HRFSHORT&quot;:&quot;25. Apr \\u2013 25. Apr 2024&quot;},&quot;alert&quot;:null,&quot;partof&quot;:[false],&quot;marketing_topic&quot;:&quot;&quot;}' inline-template>\n\t<a href=\"https:\/\/www.humboldtforum.org\/de\/programm\/event-reihe\/diskurs\/99-fragen-14188\/\" class=\"teaser teaser-event-sequence teaser-event-standard\">\n\t\t<div class=\"row\">\n\t\t\t<div class=\"col-xs-12 teaser-event-image\">\n\t\t\t\t<div class=\"teaser-image teaser-image-no-alternate\">\n\t\t\t\t\t\t\t\t\t\t\t\n\t<lazy-media-inline inline-template>\n\t\t<figure itemscope itemtype=\"http:\/\/schema.org\/ImageObject\" class=\"lazy-media-inline \" role=\"group\" id=\"media_69f4605102abf\" aria-labelledby=\"desc_media_69f4605102abf\">\n\t\t\t<script type=\"application\/json\" ref=\"data\">\n\t\t\t\t{\n\t\t\t\t\"sizes\" : {\"medium\":{\"file\":\"201130_LOS_55_Webteaser_Studio3_99Fragen2-300x180.jpg\",\"width\":300,\"height\":180,\"mime-type\":\"image\\\/jpeg\"},\"large\":{\"file\":\"201130_LOS_55_Webteaser_Studio3_99Fragen2-1024x613.jpg\",\"width\":1024,\"height\":613,\"mime-type\":\"image\\\/jpeg\"},\"thumbnail\":{\"file\":\"201130_LOS_55_Webteaser_Studio3_99Fragen2-150x150.jpg\",\"width\":150,\"height\":150,\"mime-type\":\"image\\\/jpeg\"},\"medium_large\":{\"file\":\"201130_LOS_55_Webteaser_Studio3_99Fragen2-768x460.jpg\",\"width\":768,\"height\":460,\"mime-type\":\"image\\\/jpeg\"},\"small\":{\"file\":\"201130_LOS_55_Webteaser_Studio3_99Fragen2-440x264.jpg\",\"width\":440,\"height\":264,\"mime-type\":\"image\\\/jpeg\"},\"semi\":{\"file\":\"201130_LOS_55_Webteaser_Studio3_99Fragen2-580x347.jpg\",\"width\":580,\"height\":347,\"mime-type\":\"image\\\/jpeg\"},\"mobile\":{\"file\":\"201130_LOS_55_Webteaser_Studio3_99Fragen2-720x431.jpg\",\"width\":720,\"height\":431,\"mime-type\":\"image\\\/jpeg\"},\"hd\":{\"file\":\"201130_LOS_55_Webteaser_Studio3_99Fragen2-1280x767.jpg\",\"width\":1280,\"height\":767,\"mime-type\":\"image\\\/jpeg\"},\"full\":{\"file\":\"201130_LOS_55_Webteaser_Studio3_99Fragen2-1920x1150.jpg\",\"width\":1920,\"height\":1150,\"mime-type\":\"image\\\/jpeg\"},\"1536x1536\":{\"file\":\"201130_LOS_55_Webteaser_Studio3_99Fragen2-1536x920.jpg\",\"width\":1536,\"height\":920,\"mime-type\":\"image\\\/jpeg\"},\"original\":{\"file\":\"201130_LOS_55_Webteaser_Studio3_99Fragen2.jpg\",\"width\":2000,\"height\":1198}},\n\t\t\t\t\"alt\" : \"Ein Ausstellungsraum mit geneigtem Quadrat, in welchem sich die Zahl \\\"99\\\" und zwei weitere Fotos befinden, in der Mitte\",\n\t\t\t\t\"path\" : \"\\\/wp-content\\\/uploads\\\/2020\\\/10\\\/\",\n\t\t\t\t\"video\" : null,\n\t\t\t\t\"autoplay\" : null,\n\t\t\t\t\"youtube\" : null,\n\t\t\t\t\"youtubelabel\" : \"Video abspielen\",\n\t\t\t\t\"brightness\" : 100,\n\t\t\t\t\"crop\" : {\"top\":\"50.00\",\"left\":\"50.00\"},\n\t\t\t\t\"background\" : true,\n\t\t\t\t\"scale\" : 2\t\t\t\t}\n\t\t\t<\/script>\n\n\t\t\t<div class=\"height-container\" style=\"padding-bottom:59.9%;\" v-if=\"sizes\">\n\t\t\t\t\t\t\t\t<lazy-media :inline=\"true\" :alt=\"alt\" :sizes=\"sizes\" :scale=\"scale\" :brightness=\"brightness\" :path=\"path\" :video=\"video\" :autoplay=\"autoplay\" :youtube=\"youtube\" :crop=\"crop\" :youtubelabel=\"youtubelabel\" :background=\"background\" media-id=\"desc_media_69f4605102abf\"><\/lazy-media>\n\t\t\t\t\t\t\t<\/div>\n\n\t\t\t\t\t\t\t<figcaption class=\"sr-only\" ref=\"body\" id=\"desc_media_69f4605102abf\">\n\t\t\t\t\t\t\t\t\t\t\t\t\t\t\t\t\t\t\t\t\t<div class=\"insignificant\">\u00a9 Stiftung Humboldt Forum im Berliner Schloss \/ Collage: Stiftung Humboldt Forum im Berliner Schloss \/ Giuliani | von Giese; Staatliche Museen zu Berlin, Ethnologisches Museum \/ Waltraud Schneider-Sch\u00fctz; Staatliche Museen zu Berlin, Ethnologisches Museum\r\n<\/div>\n\t\t\t\t\t\t\t\t\t<\/figcaption>\n\t\t\t\t\t<\/figure>\n\t<\/lazy-media-inline>\n\t\t\t\t<\/div>\n\t\t\t<\/div>\n\t\t\t<div class=\"col-xs-12 teaser-event-text Infos\">\n\t\t\t\t<div class=\"teaser-event-standard-text\">\n\t\t\t\t\t<div class=\"margin-bottom-atom\">\n\t\t\t\t\t\t<div class=\"subline clamp-1\" v-html=\"maingenre\"><\/div>\n\t\t\t\t\t\t\t\t\t\t\t<\/div>\n\t\t\t\t\n\t\t\t\t\t<strong class=\"margin-bottom-atom\">99 Fragen<\/strong>\n\n\t\t\t\t\t\t\t\t\t\t\t<div class=\"\"><\/div>\n\t\t\t\t\t\t\t\t\t<\/div>\n\t\t\t\t<div class=\"teaser-bottom border-bottom\">\n\t\t\t\t<calendardateline :rawitem='item' :show-icon=\"true\"><\/calendardateline>\n\t\t\t\t\t<hr>\n\t\t\t\t<\/div>\n\t\t\t<\/div>\n\t\t<\/div>\n\t<\/a>\n\t<\/calendarteaser>\n<\/li>\n\n<li class=\"teaser-lane-slide col-xs-9 col-sm-4 col-md-4 teaser-wrapper col-padding-remove\">\n\t<calendarteaser key=\"1535512139\" rawitem='{&quot;postId&quot;:15355,&quot;title&quot;:&quot;MitWissenschaft&quot;,&quot;excerpt&quot;:&quot;&quot;,&quot;slug&quot;:&quot;mitwissenschaft&quot;,&quot;type&quot;:&quot;event-sequence&quot;,&quot;post_date&quot;:&quot;2020-11-19T16:44&quot;,&quot;permalink&quot;:&quot;https:\\\/\\\/www.humboldtforum.org\\\/de\\\/programm\\\/event-reihe\\\/wissenschaft\\\/mitwissenschaft-15355\\\/&quot;,&quot;genre&quot;:[564],&quot;genre_details&quot;:[{&quot;text&quot;:&quot;Wissenschaft&quot;,&quot;id&quot;:564,&quot;icon&quot;:null,&quot;parent&quot;:0}],&quot;stakeholder&quot;:[409,382],&quot;stakeholder_details&quot;:[{&quot;text&quot;:&quot;Humboldt-Universit\\u00e4t zu Berlin&quot;,&quot;id&quot;:409,&quot;icon&quot;:null,&quot;parent&quot;:0},{&quot;text&quot;:&quot;Stiftung Humboldt Forum im Berliner Schloss&quot;,&quot;id&quot;:382,&quot;icon&quot;:null,&quot;parent&quot;:0}],&quot;targetgroup&quot;:[383],&quot;targetgroup_details&quot;:[{&quot;text&quot;:&quot;Erwachsene&quot;,&quot;id&quot;:383,&quot;icon&quot;:null,&quot;parent&quot;:0}],&quot;icon_overwrite&quot;:&quot;&quot;,&quot;acf&quot;:{&quot;belongsto&quot;:false,&quot;shorturl&quot;:&quot;mitwissenschaft&quot;,&quot;subline&quot;:&quot;WeltSprachen \\u2013 SprachWelten&quot;,&quot;marketing_text&quot;:&quot;WeltSprachen \\u2013 SprachWelten&quot;,&quot;shorttext&quot;:&quot;Die Vortragsreihe versteht sich als eine Fortsetzung von Alexander von Humboldts Kosmos-Vorlesungen. In diesen betrachtete der Forscher um 1820 die Welt aus einer globalen wissenschaftlichen Perspektive.&quot;,&quot;highlight_header&quot;:false,&quot;featured_images&quot;:[138702],&quot;events&quot;:[34503,24760,22601,21568,14206,138509,139437,139520,140592],&quot;tipp&quot;:false,&quot;joker&quot;:false,&quot;live&quot;:false,&quot;announcement&quot;:&quot;Gespr\\u00e4chsreihe&quot;,&quot;hyphenation&quot;:false,&quot;overwrite_date&quot;:&quot;Gespr\\u00e4chsreihe&quot;,&quot;yt&quot;:&quot;&quot;,&quot;noindex&quot;:false,&quot;keywords&quot;:&quot;&quot;,&quot;additional_info&quot;:{&quot;icon&quot;:&quot;0&quot;,&quot;text&quot;:&quot;&quot;},&quot;use_video_in_teasers&quot;:false,&quot;manual_period&quot;:false,&quot;hide_event_in_program&quot;:false},&quot;date&quot;:{&quot;NLAST&quot;:&quot;202505221900&quot;,&quot;NX&quot;:null,&quot;NXX&quot;:null,&quot;from_DATE&quot;:&quot;20210429 19:00&quot;,&quot;from&quot;:1619708400,&quot;to&quot;:1747926000,&quot;to_DATE&quot;:&quot;20250522 19:00&quot;,&quot;from_HRFSHORT&quot;:&quot;29. Apr 2021&quot;,&quot;from_HRFSHORT_WD&quot;:&quot;Do 29.04.2021&quot;,&quot;to_HRFSHORT&quot;:&quot;22. Mai 2025&quot;,&quot;to_HRFSHORT_WD&quot;:&quot;Do 22.05.2025&quot;,&quot;from_HRF&quot;:&quot;Do, 29. April 2021&quot;,&quot;to_HRF&quot;:&quot;Do, 22. Mai 2025&quot;,&quot;from_to_HRF&quot;:&quot;Do, 29. April 2021 \\u2013 Do, 22. Mai 2025&quot;,&quot;from_to_HRFSHORT&quot;:&quot;29. Apr 2021 \\u2013 22. Mai 2025&quot;},&quot;alert&quot;:null,&quot;partof&quot;:[false],&quot;marketing_topic&quot;:&quot;&quot;}' inline-template>\n\t<a href=\"https:\/\/www.humboldtforum.org\/de\/programm\/event-reihe\/wissenschaft\/mitwissenschaft-15355\/\" class=\"teaser teaser-event-sequence teaser-event-standard\">\n\t\t<div class=\"row\">\n\t\t\t<div class=\"col-xs-12 teaser-event-image\">\n\t\t\t\t<div class=\"teaser-image teaser-image-no-alternate\">\n\t\t\t\t\t\t\t\t\t\t\t\n\t<lazy-media-inline inline-template>\n\t\t<figure itemscope itemtype=\"http:\/\/schema.org\/ImageObject\" class=\"lazy-media-inline \" role=\"group\" id=\"media_69f46051037f2\" aria-labelledby=\"desc_media_69f46051037f2\">\n\t\t\t<script type=\"application\/json\" ref=\"data\">\n\t\t\t\t{\n\t\t\t\t\"sizes\" : {\"medium\":{\"file\":\"SHF_eb00228789-1-300x176.jpg\",\"width\":300,\"height\":176,\"mime-type\":\"image\\\/jpeg\",\"filesize\":12280},\"large\":{\"file\":\"SHF_eb00228789-1-1024x600.jpg\",\"width\":1024,\"height\":600,\"mime-type\":\"image\\\/jpeg\",\"filesize\":116717},\"thumbnail\":{\"file\":\"SHF_eb00228789-1-150x150.jpg\",\"width\":150,\"height\":150,\"mime-type\":\"image\\\/jpeg\",\"filesize\":6476},\"medium_large\":{\"file\":\"SHF_eb00228789-1-768x450.jpg\",\"width\":768,\"height\":450,\"mime-type\":\"image\\\/jpeg\",\"filesize\":69351},\"small\":{\"file\":\"SHF_eb00228789-1-440x258.jpg\",\"width\":440,\"height\":258,\"mime-type\":\"image\\\/jpeg\",\"filesize\":25059},\"semi\":{\"file\":\"SHF_eb00228789-1-580x340.jpg\",\"width\":580,\"height\":340,\"mime-type\":\"image\\\/jpeg\",\"filesize\":41215},\"mobile\":{\"file\":\"SHF_eb00228789-1-720x422.jpg\",\"width\":720,\"height\":422,\"mime-type\":\"image\\\/jpeg\",\"filesize\":61331},\"hd\":{\"file\":\"SHF_eb00228789-1-1280x749.jpg\",\"width\":1280,\"height\":749,\"mime-type\":\"image\\\/jpeg\",\"filesize\":175720},\"full\":{\"file\":\"SHF_eb00228789-1-1920x1124.jpg\",\"width\":1920,\"height\":1124,\"mime-type\":\"image\\\/jpeg\",\"filesize\":358673},\"1536x1536\":{\"file\":\"SHF_eb00228789-1-1536x899.jpg\",\"width\":1536,\"height\":899,\"mime-type\":\"image\\\/jpeg\",\"filesize\":244315},\"2048x2048\":{\"file\":\"SHF_eb00228789-1-2048x1199.jpg\",\"width\":2048,\"height\":1199,\"mime-type\":\"image\\\/jpeg\",\"filesize\":397666},\"original\":{\"file\":\"SHF_eb00228789-1.jpg\",\"width\":3040,\"height\":1780}},\n\t\t\t\t\"alt\" : \"Zwei Personen sitzen entspannt auf einer Decke vor einem Zelt und unterhalten sich im Freien.\",\n\t\t\t\t\"path\" : \"\\\/wp-content\\\/uploads\\\/2020\\\/11\\\/\",\n\t\t\t\t\"video\" : null,\n\t\t\t\t\"autoplay\" : null,\n\t\t\t\t\"youtube\" : null,\n\t\t\t\t\"youtubelabel\" : \"Video abspielen\",\n\t\t\t\t\"brightness\" : 100,\n\t\t\t\t\"crop\" : {\"top\":\"42.84\",\"left\":\"45.10\"},\n\t\t\t\t\"background\" : true,\n\t\t\t\t\"scale\" : 2\t\t\t\t}\n\t\t\t<\/script>\n\n\t\t\t<div class=\"height-container\" style=\"padding-bottom:58.552631578947%;\" v-if=\"sizes\">\n\t\t\t\t\t\t\t\t<lazy-media :inline=\"true\" :alt=\"alt\" :sizes=\"sizes\" :scale=\"scale\" :brightness=\"brightness\" :path=\"path\" :video=\"video\" :autoplay=\"autoplay\" :youtube=\"youtube\" :crop=\"crop\" :youtubelabel=\"youtubelabel\" :background=\"background\" media-id=\"desc_media_69f46051037f2\"><\/lazy-media>\n\t\t\t\t\t\t\t<\/div>\n\n\t\t\t\t\t\t\t<figcaption class=\"sr-only\" ref=\"body\" id=\"desc_media_69f46051037f2\">\n\t\t\t\t\t\t\t\t\t\t\t\t\t\t\t\t\t\t\t\t\t<div class=\"insignificant\">\u00a9 Stiftung Humboldt Forum im Berliner Schloss, Foto: ELAR \/ Tsendee Yunger<\/div>\n\t\t\t\t\t\t\t\t\t<\/figcaption>\n\t\t\t\t\t<\/figure>\n\t<\/lazy-media-inline>\n\t\t\t\t<\/div>\n\t\t\t<\/div>\n\t\t\t<div class=\"col-xs-12 teaser-event-text Infos\">\n\t\t\t\t<div class=\"teaser-event-standard-text\">\n\t\t\t\t\t<div class=\"margin-bottom-atom\">\n\t\t\t\t\t\t<div class=\"subline clamp-1\" v-html=\"maingenre\"><\/div>\n\t\t\t\t\t\t\t\t\t\t\t<\/div>\n\t\t\t\t\n\t\t\t\t\t<strong class=\"margin-bottom-atom\">MitWissenschaft<\/strong>\n\n\t\t\t\t\t\t\t\t\t\t\t<div class=\"\">WeltSprachen \u2013 SprachWelten<\/div>\n\t\t\t\t\t\t\t\t\t<\/div>\n\t\t\t\t<div class=\"teaser-bottom border-bottom\">\n\t\t\t\t<calendardateline :rawitem='item' :show-icon=\"true\"><\/calendardateline>\n\t\t\t\t\t<hr>\n\t\t\t\t<\/div>\n\t\t\t<\/div>\n\t\t<\/div>\n\t<\/a>\n\t<\/calendarteaser>\n<\/li>\n\n\t\t\t\t\t\t<\/ul>\n\t\t\t\t\t<\/div>\n\t\t\t\t<\/div>\n\t\t\t<\/teaser-lane-with-buttons>\n\t\t\t\t<\/lazy-component>\n<\/section>\n\n","protected":false},"template":"","genre":[392],"digital":[],"topic":[431],"stakeholder":[595],"editorial":[],"editorialfilter":[],"targetgroup":[585],"language":[],"accessability":[],"age":[],"school":[],"groupsize":[],"place":[],"class_list":["post-14203","event-sequence","type-event-sequence","status-publish","has-post-thumbnail","hentry","genre-diskurs","topic-geschichte-und-architektur-des-ortes","stakeholder-stiftung-humboldt-forum-im-berliner-schloss-en","targetgroup-adults"],"acf":[],"_links":{"self":[{"href":"https:\/\/www.humboldtforum.org\/de\/wp-json\/wp\/v2\/event-sequence\/14203","targetHints":{"allow":["GET"]}}],"collection":[{"href":"https:\/\/www.humboldtforum.org\/de\/wp-json\/wp\/v2\/event-sequence"}],"about":[{"href":"https:\/\/www.humboldtforum.org\/de\/wp-json\/wp\/v2\/types\/event-sequence"}],"version-history":[{"count":4,"href":"https:\/\/www.humboldtforum.org\/de\/wp-json\/wp\/v2\/event-sequence\/14203\/revisions"}],"predecessor-version":[{"id":139245,"href":"https:\/\/www.humboldtforum.org\/de\/wp-json\/wp\/v2\/event-sequence\/14203\/revisions\/139245"}],"wp:featuredmedia":[{"embeddable":true,"href":"https:\/\/www.humboldtforum.org\/de\/wp-json\/wp\/v2\/media\/20865"}],"wp:attachment":[{"href":"https:\/\/www.humboldtforum.org\/de\/wp-json\/wp\/v2\/media?parent=14203"}],"wp:term":[{"taxonomy":"genre","embeddable":true,"href":"https:\/\/www.humboldtforum.org\/de\/wp-json\/wp\/v2\/genre?post=14203"},{"taxonomy":"digital","embeddable":true,"href":"https:\/\/www.humboldtforum.org\/de\/wp-json\/wp\/v2\/digital?post=14203"},{"taxonomy":"topic","embeddable":true,"href":"https:\/\/www.humboldtforum.org\/de\/wp-json\/wp\/v2\/topic?post=14203"},{"taxonomy":"stakeholder","embeddable":true,"href":"https:\/\/www.humboldtforum.org\/de\/wp-json\/wp\/v2\/stakeholder?post=14203"},{"taxonomy":"editorial","embeddable":true,"href":"https:\/\/www.humboldtforum.org\/de\/wp-json\/wp\/v2\/editorial?post=14203"},{"taxonomy":"editorialfilter","embeddable":true,"href":"https:\/\/www.humboldtforum.org\/de\/wp-json\/wp\/v2\/editorialfilter?post=14203"},{"taxonomy":"targetgroup","embeddable":true,"href":"https:\/\/www.humboldtforum.org\/de\/wp-json\/wp\/v2\/targetgroup?post=14203"},{"taxonomy":"language","embeddable":true,"href":"https:\/\/www.humboldtforum.org\/de\/wp-json\/wp\/v2\/language?post=14203"},{"taxonomy":"accessability","embeddable":true,"href":"https:\/\/www.humboldtforum.org\/de\/wp-json\/wp\/v2\/accessability?post=14203"},{"taxonomy":"age","embeddable":true,"href":"https:\/\/www.humboldtforum.org\/de\/wp-json\/wp\/v2\/age?post=14203"},{"taxonomy":"school","embeddable":true,"href":"https:\/\/www.humboldtforum.org\/de\/wp-json\/wp\/v2\/school?post=14203"},{"taxonomy":"groupsize","embeddable":true,"href":"https:\/\/www.humboldtforum.org\/de\/wp-json\/wp\/v2\/groupsize?post=14203"},{"taxonomy":"place","embeddable":true,"href":"https:\/\/www.humboldtforum.org\/de\/wp-json\/wp\/v2\/place?post=14203"}],"curies":[{"name":"wp","href":"https:\/\/api.w.org\/{rel}","templated":true}]}}