{"id":144108,"date":"2025-03-11T15:33:32","date_gmt":"2025-03-11T14:33:32","guid":{"rendered":"https:\/\/www.humboldtforum.org\/?post_type=event-sequence&#038;p=144108"},"modified":"2026-01-13T21:34:16","modified_gmt":"2026-01-13T20:34:16","slug":"internationaler-tag-der-provenienzfroschung","status":"publish","type":"event-sequence","link":"https:\/\/www.humboldtforum.org\/de\/programm\/event-reihe\/gespraech\/internationaler-tag-der-provenienzfroschung-144108\/","title":{"rendered":"Internationaler Tag der Provenienzforschung"},"content":{"rendered":"<section class=\"block block-copy\" >\n    <div class=\"container-fluid\">\n\t\t<div class=\"row \">\n            <div class=\"col-xs-12 col-md-offset-2 col-md-8\">\n                <div class=\"box\">\n                    <div class=\"copy\"><p>Am 9. April 2025 findet der 7. Tag der Provenienzforschung statt \u2013 ein Aktionstag, der Museen, Bibliotheken, Archive und Forschungseinrichtungen in Deutschland und international verbindet. Ziel ist es, die \u00d6ffentlichkeit f\u00fcr die Bedeutung der Herkunftsrecherche von Sammlungsobjekten zu sensibilisieren und die oft komplexen Wege der Objekte in Museen und wissenschaftlichen Sammlungen transparent zu machen. Besonders im Fokus stehen Fragen nach unrechtm\u00e4\u00dfigem Erwerb, historischen Unrechtskontexten und der Verantwortung heutiger Institutionen im Umgang mit diesen Objekten.<\/p>\n<p>Auch im Humboldt Forum wird dieser besondere Tag mit einem vielf\u00e4ltigen Programm begangen. Besucher*<em>innen erhalten die Gelegenheit, tiefere Einblicke in die Arbeit der Provenienzforschung zu gewinnen. In F\u00fchrungen, Gespr\u00e4chen und interaktiven Formaten k\u00f6nnen sie mit Wissenschaftler*<\/em>innen in direkten Austausch treten und mehr \u00fcber die Methoden und Herausforderungen dieser Forschungsdisziplin erfahren.<\/p>\n<p>Ein besonderer Schwerpunkt im Humboldt Forum liegt auf der postkolonialen Provenienzforschung. Viele der pr\u00e4sentierten Objekte stammen aus kolonialen Kontexten und werfen Fragen nach ihrer Herkunft, ihren urspr\u00fcnglichen Besitzer*innen und den Bedingungen ihres Erwerbs auf. Wie werden diese Objekte erforscht? Welche Kooperationen bestehen mit Herkunftsgesellschaften? Und welche Wege gibt es f\u00fcr den zuk\u00fcnftigen Umgang mit diesen Sammlungsst\u00fccken?<\/p>\n<p>Der Tag der Provenienzforschung ist eine einmalige Gelegenheit, mit Expert*innen ins Gespr\u00e4ch zu kommen, Forschungsprozesse besser zu verstehen und sich aktiv an der Debatte um den Umgang mit Kulturgut aus problematischen Kontexten zu beteiligen. Nutzen Sie diesen besonderen Tag, um hinter die Kulissen der Forschung zu blicken und gemeinsam \u00fcber die Vergangenheit und Zukunft von Museumssammlungen zu diskutieren.<\/p>\n<\/div>\n                <\/div>\n            <\/div>\n\t\t<\/div>\n\t\t    <\/div>\n<\/section>\n\n<section class=\"block block-teaser col-multitimes \" style=\"\">\n\t<lazy-component :fixed-min-height=\"400\">\n\t\n\t\t\t\t\t<div class=\"container-fluid\">\n\t\t\t\t<div class=\"row bottom-xs\">\n\t\t\t\t\t<div class=\"col-xs-12 col-md-8\">\n\t\t\t\t\t\t<h4>Programm<\/h4>\t\t\t\t\t\t\t\t\t\t\t\t\t\t\t\t\t\t\t<\/div>\n\t\t\t\t\t<div class=\"col-xs-12 col-md-4 start-xs end-md margin-bottom-sixth\">\n\t\t\t\t\t\t\t\t\t\t\t<\/div>\n\t\t\t\t<\/div>\n\t\t\t\t<ul class=\"row\"> <li class=\"col-xs-6 col-sm-4 col-md-3 teaser-wrapper col-padding-remove\">\n\t<calendarteaser key=\"14423215185\" rawitem='{&quot;postId&quot;:144232,&quot;title&quot;:&quot;#spurensuche \\u2013 Provenienzspaziergang&quot;,&quot;excerpt&quot;:&quot;&quot;,&quot;slug&quot;:&quot;spurensuche-provenienzspaziergang&quot;,&quot;post_date&quot;:&quot;2025-03-14T10:19&quot;,&quot;type&quot;:&quot;event&quot;,&quot;permalink&quot;:&quot;https:\\\/\\\/www.humboldtforum.org\\\/de\\\/programm\\\/termin\\\/fuehrung\\\/spurensuche-provenienzspaziergang-144232\\\/&quot;,&quot;genre&quot;:[821],&quot;genre_details&quot;:[{&quot;text&quot;:&quot;F\\u00fchrung&quot;,&quot;id&quot;:821,&quot;icon&quot;:null,&quot;parent&quot;:0}],&quot;language&quot;:[384],&quot;language_details&quot;:[{&quot;text&quot;:&quot;Deutsch&quot;,&quot;id&quot;:384,&quot;icon&quot;:null,&quot;parent&quot;:0}],&quot;icon_overwrite&quot;:&quot;&quot;,&quot;acf&quot;:{&quot;noindex&quot;:false,&quot;keywords&quot;:&quot;&quot;,&quot;belongsto&quot;:false,&quot;shorturl&quot;:&quot;&quot;,&quot;hashtag&quot;:&quot;HumboldtForum&quot;,&quot;planning&quot;:{&quot;price&quot;:&quot;kostenfrei&quot;,&quot;admission&quot;:&quot;&quot;,&quot;pause&quot;:&quot;&quot;,&quot;duration&quot;:&quot;80&quot;},&quot;additional_info&quot;:{&quot;icon&quot;:&quot;icon-ort&quot;,&quot;text&quot;:&quot;Treffpunkt: Seiteneingang Verwaltungsgeb\\u00e4ude des DHM, Hinter dem Gie\\u00dfhaus 3 (gegen\\u00fcber Haus Bastian \\u2013 Zentrum f\\u00fcr kulturelle Bildung)&quot;},&quot;highlight_header&quot;:false,&quot;use_video_in_teasers&quot;:false,&quot;hyphenation&quot;:true,&quot;tipp&quot;:false,&quot;joker&quot;:false,&quot;live&quot;:false,&quot;hide_event_in_program&quot;:false,&quot;gomus_id&quot;:&quot;&quot;,&quot;hm_id&quot;:&quot;&quot;,&quot;times&quot;:[],&quot;infotext&quot;:&quot;Der Rundgang ist nicht barrierefrei.&quot;,&quot;featured_images&quot;:[144235]},&quot;date&quot;:{&quot;NX&quot;:null,&quot;NXX&quot;:null,&quot;NLAST&quot;:&quot;202504091000&quot;,&quot;from_DATE&quot;:&quot;20250409 14:00&quot;,&quot;from&quot;:1744192800,&quot;to&quot;:1744192800,&quot;to_DATE&quot;:&quot;20250409 14:00&quot;,&quot;from_HRFSHORT&quot;:&quot; 9. Apr 2025&quot;,&quot;from_HRFSHORT_WD&quot;:&quot;Mi 09.04.2025&quot;,&quot;to_HRFSHORT&quot;:&quot; 9. Apr 2025&quot;,&quot;to_HRFSHORT_WD&quot;:&quot;Mi 09.04.2025&quot;,&quot;from_HRF&quot;:&quot;Mi,  9. April 2025&quot;,&quot;to_HRF&quot;:&quot;Mi,  9. April 2025&quot;,&quot;from_to_HRF&quot;:&quot;Mi,  9. April \\u2013 Mi,  9. April 2025&quot;,&quot;from_to_HRFSHORT&quot;:&quot; 9. Apr \\u2013  9. Apr 2025&quot;},&quot;alert&quot;:null,&quot;partof&quot;:[false],&quot;marketing_topic&quot;:{&quot;title&quot;:&quot;Internationaler Tag der Provenienzforschung&quot;,&quot;ID&quot;:false,&quot;reason&quot;:&quot;sequence&quot;}}' inline-template>\n\t<a href=\"https:\/\/www.humboldtforum.org\/de\/programm\/termin\/fuehrung\/spurensuche-provenienzspaziergang-144232\/\" class=\"teaser teaser-event teaser-event-standard\">\n\t\t<div class=\"row row-stretch\">\n\t\t\t<div class=\"col-xs-12\">\n\t\t\t\t<div class=\"teaser-event-image\">\n\t\t\t\t\t<div class=\"teaser-image teaser-image-no-alternate\">\n\t\t\t\t\t\t\t\t\t\t\t\t\t\n\t<lazy-media-inline inline-template>\n\t\t<figure itemscope itemtype=\"http:\/\/schema.org\/ImageObject\" class=\"lazy-media-inline \" role=\"group\" id=\"media_69efdb4513b1a\" aria-labelledby=\"desc_media_69efdb4513b1a\">\n\t\t\t<script type=\"application\/json\" ref=\"data\">\n\t\t\t\t{\n\t\t\t\t\"sizes\" : {\"medium\":{\"file\":\"SHF_eb00211601-300x200.jpg\",\"width\":300,\"height\":200,\"mime-type\":\"image\\\/jpeg\",\"filesize\":15189},\"large\":{\"file\":\"SHF_eb00211601-1024x683.jpg\",\"width\":1024,\"height\":683,\"mime-type\":\"image\\\/jpeg\",\"filesize\":117617},\"thumbnail\":{\"file\":\"SHF_eb00211601-150x150.jpg\",\"width\":150,\"height\":150,\"mime-type\":\"image\\\/jpeg\",\"filesize\":6817},\"medium_large\":{\"file\":\"SHF_eb00211601-768x512.jpg\",\"width\":768,\"height\":512,\"mime-type\":\"image\\\/jpeg\",\"filesize\":74015},\"small\":{\"file\":\"SHF_eb00211601-440x294.jpg\",\"width\":440,\"height\":294,\"mime-type\":\"image\\\/jpeg\",\"filesize\":29234},\"semi\":{\"file\":\"SHF_eb00211601-580x387.jpg\",\"width\":580,\"height\":387,\"mime-type\":\"image\\\/jpeg\",\"filesize\":46581},\"mobile\":{\"file\":\"SHF_eb00211601-720x480.jpg\",\"width\":720,\"height\":480,\"mime-type\":\"image\\\/jpeg\",\"filesize\":66496},\"original\":{\"file\":\"SHF_eb00211601.jpg\",\"width\":1280,\"height\":854}},\n\t\t\t\t\"alt\" : \"Blick auf die Nord- und Ostfassade des Humboldt Forums\",\n\t\t\t\t\"path\" : \"\\\/wp-content\\\/uploads\\\/2025\\\/03\\\/\",\n\t\t\t\t\"video\" : null,\n\t\t\t\t\"autoplay\" : null,\n\t\t\t\t\"youtube\" : null,\n\t\t\t\t\"youtubelabel\" : \"Video abspielen\",\n\t\t\t\t\"brightness\" : 100,\n\t\t\t\t\"crop\" : null,\n\t\t\t\t\"background\" : true,\n\t\t\t\t\"scale\" : 1\t\t\t\t}\n\t\t\t<\/script>\n\n\t\t\t<div class=\"height-container\" style=\"padding-bottom:66.71875%;\" v-if=\"sizes\">\n\t\t\t\t\t\t\t\t<lazy-media :inline=\"true\" :alt=\"alt\" :sizes=\"sizes\" :scale=\"scale\" :brightness=\"brightness\" :path=\"path\" :video=\"video\" :autoplay=\"autoplay\" :youtube=\"youtube\" :crop=\"crop\" :youtubelabel=\"youtubelabel\" :background=\"background\" media-id=\"desc_media_69efdb4513b1a\"><\/lazy-media>\n\t\t\t\t\t\t\t<\/div>\n\n\t\t\t\t\t\t\t<figcaption class=\"sr-only\" ref=\"body\" id=\"desc_media_69efdb4513b1a\">\n\t\t\t\t\t\t\t\t\t\t\t\t\t\t\t\t<div>Blick auf die Nord- und Ostfassade des Humboldt Forums\n <\/div>\n\t\t\t\t\t\t\t\t\t\t\t\t\t\t\t\t<div class=\"insignificant\">\u00a9 Stiftung Humboldt Forum im Berliner Schloss, Foto: Andreas K\u00f6nig<\/div>\n\t\t\t\t\t\t\t\t\t<\/figcaption>\n\t\t\t\t\t<\/figure>\n\t<\/lazy-media-inline>\n\t\t\t\t\t<\/div>\n\t\t\t\t<\/div>\n\t\t\t\t<div class=\"teaser-event-text Infos\">\n\t\t\t\t\t<div class=\"margin-bottom-sixth\">\n\t\t\t\t\t\t<div class=\"margin-bottom-atom\">\n\t\t\t\t\t\t\t<div class=\"subline clamp-1\" v-html=\"maingenre\"><\/div>\n\t\t\t\t\t\t\t\t\t\t\t\t\t\t\t<div class=\"insignificant clamp-2\">Internationaler Tag der Provenienzforschung<\/div>\n\t\t\t\t\t\t\t\t\t\t\t\t\t<\/div>\n\t\t\t\t\t\n\t\t\t\t\t\t<strong class=\"margin-bottom-atom\">#spurensuche \u2013 Provenienzspaziergang<\/strong>\n\n\t\t\t\t\t\t\t\t\t\t\t\t\t<div class=\"\"><\/div>\n\t\t\t\t\t\t\t\t\t\t\t<\/div>\n\t\t\t\t<\/div>\n\t\t\t<\/div>\n\t\t\t<div class=\"col-xs-12 Infos\">\n\t\t\t\t<div class=\"border-bottom \">\n\t\t\t\t\t\t\t\t\t\t\t<calendardateline :rawitem='item' :show-icon=\"true\"><\/calendardateline>\n\t\t\t\t\t\t<div class=\"margin-bottom-atom\"><hr><\/div>\n\t\t\t\t\t\t<div class=\"event-times-fadeout center-xs\">&nbsp;<\/div>\n\t\t\t\t\t\t\t\t\t\t\n\t\t\t\t<\/div>\n\t\t\t<\/div>\n\t\t<\/div>\n\t<\/a>\n\t<\/calendarteaser>\n<\/li>\n<li class=\"col-xs-6 col-sm-4 col-md-3 teaser-wrapper col-padding-remove\">\n\t<calendarteaser key=\"14424918361\" rawitem='{&quot;postId&quot;:144249,&quot;title&quot;:&quot;Verborgene Pfade und entstehende Netzwerke&quot;,&quot;excerpt&quot;:&quot;&quot;,&quot;slug&quot;:&quot;spuren-netzwerke-verflechtungen&quot;,&quot;post_date&quot;:&quot;2025-03-14T11:53&quot;,&quot;type&quot;:&quot;event&quot;,&quot;permalink&quot;:&quot;https:\\\/\\\/www.humboldtforum.org\\\/de\\\/programm\\\/termin\\\/diskurs\\\/spuren-netzwerke-verflechtungen-144249\\\/&quot;,&quot;genre&quot;:[392],&quot;genre_details&quot;:[{&quot;text&quot;:&quot;Diskurs&quot;,&quot;id&quot;:392,&quot;icon&quot;:null,&quot;parent&quot;:0}],&quot;stakeholder&quot;:[382],&quot;stakeholder_details&quot;:[{&quot;text&quot;:&quot;Stiftung Humboldt Forum im Berliner Schloss&quot;,&quot;id&quot;:382,&quot;icon&quot;:null,&quot;parent&quot;:0}],&quot;place&quot;:[1558],&quot;place_details&quot;:{&quot;place&quot;:&quot;Mechanische Arena im Foyer&quot;,&quot;map&quot;:&quot;Humboldt Forum, Schlossplatz, Berlin&quot;,&quot;room&quot;:&quot;&quot;},&quot;icon_overwrite&quot;:&quot;&quot;,&quot;acf&quot;:{&quot;noindex&quot;:false,&quot;keywords&quot;:&quot;&quot;,&quot;belongsto&quot;:[145202],&quot;shorturl&quot;:&quot;&quot;,&quot;hashtag&quot;:&quot;HumboldtForum&quot;,&quot;times&quot;:[],&quot;planning&quot;:{&quot;price&quot;:&quot;kostenfrei&quot;,&quot;admission&quot;:&quot;&quot;,&quot;pause&quot;:&quot;&quot;,&quot;duration&quot;:&quot;&quot;},&quot;additional_info&quot;:{&quot;icon&quot;:&quot;icon-sprachen&quot;,&quot;text&quot;:&quot;Die Veranstaltung wird in Deutsch, Franz\\u00f6sisch und Englisch mit Simultan\\u00fcbersetzung durchgef\\u00fchrt und per Livestream \\u00fcbertragen.&quot;},&quot;highlight_header&quot;:false,&quot;use_video_in_teasers&quot;:false,&quot;hyphenation&quot;:true,&quot;tipp&quot;:true,&quot;joker&quot;:false,&quot;live&quot;:false,&quot;hide_event_in_program&quot;:false,&quot;gomus_id&quot;:&quot;&quot;,&quot;hm_id&quot;:&quot;&quot;,&quot;subline&quot;:&quot;Provenienzforschung zwischen Erinnerung und Verantwortung&quot;,&quot;featured_images&quot;:[144263]},&quot;date&quot;:{&quot;NX&quot;:null,&quot;NXX&quot;:null,&quot;NLAST&quot;:&quot;202504091230&quot;,&quot;from_DATE&quot;:&quot;20250409 16:30&quot;,&quot;from&quot;:1744201800,&quot;to&quot;:1744201800,&quot;to_DATE&quot;:&quot;20250409 16:30&quot;,&quot;from_HRFSHORT&quot;:&quot; 9. Apr 2025&quot;,&quot;from_HRFSHORT_WD&quot;:&quot;Mi 09.04.2025&quot;,&quot;to_HRFSHORT&quot;:&quot; 9. Apr 2025&quot;,&quot;to_HRFSHORT_WD&quot;:&quot;Mi 09.04.2025&quot;,&quot;from_HRF&quot;:&quot;Mi,  9. April 2025&quot;,&quot;to_HRF&quot;:&quot;Mi,  9. April 2025&quot;,&quot;from_to_HRF&quot;:&quot;Mi,  9. April \\u2013 Mi,  9. April 2025&quot;,&quot;from_to_HRFSHORT&quot;:&quot; 9. Apr \\u2013  9. Apr 2025&quot;},&quot;alert&quot;:&quot;Tipp&quot;,&quot;partof&quot;:[&quot;145202&quot;],&quot;marketing_topic&quot;:{&quot;title&quot;:&quot;G\\u00e4stezimmer&quot;,&quot;ID&quot;:&quot;145202&quot;,&quot;reason&quot;:&quot;sequence&quot;}}' inline-template>\n\t<a href=\"https:\/\/www.humboldtforum.org\/de\/programm\/termin\/diskurs\/spuren-netzwerke-verflechtungen-144249\/\" class=\"teaser teaser-event teaser-event-standard\">\n\t\t<div class=\"row row-stretch\">\n\t\t\t<div class=\"col-xs-12\">\n\t\t\t\t<div class=\"teaser-event-image\">\n\t\t\t\t\t<div class=\"teaser-image teaser-image-no-alternate\">\n\t\t\t\t\t\t\t\t\t\t\t\t\t\t\t<span class=\"alert\">Tipp<\/span>\n\t\t\t\t\t\t\t\t\t\t\t\t\t\n\t<lazy-media-inline inline-template>\n\t\t<figure itemscope itemtype=\"http:\/\/schema.org\/ImageObject\" class=\"lazy-media-inline \" role=\"group\" id=\"media_69efdb45146ef\" aria-labelledby=\"desc_media_69efdb45146ef\">\n\t\t\t<script type=\"application\/json\" ref=\"data\">\n\t\t\t\t{\n\t\t\t\t\"sizes\" : {\"medium\":{\"file\":\"SHF_eb00245813a-300x200.jpg\",\"width\":300,\"height\":200,\"mime-type\":\"image\\\/jpeg\",\"filesize\":11863},\"large\":{\"file\":\"SHF_eb00245813a-1024x683.jpg\",\"width\":1024,\"height\":683,\"mime-type\":\"image\\\/jpeg\",\"filesize\":79264},\"thumbnail\":{\"file\":\"SHF_eb00245813a-150x150.jpg\",\"width\":150,\"height\":150,\"mime-type\":\"image\\\/jpeg\",\"filesize\":5616},\"medium_large\":{\"file\":\"SHF_eb00245813a-768x512.jpg\",\"width\":768,\"height\":512,\"mime-type\":\"image\\\/jpeg\",\"filesize\":48778},\"small\":{\"file\":\"SHF_eb00245813a-440x293.jpg\",\"width\":440,\"height\":293,\"mime-type\":\"image\\\/jpeg\",\"filesize\":20636},\"semi\":{\"file\":\"SHF_eb00245813a-580x387.jpg\",\"width\":580,\"height\":387,\"mime-type\":\"image\\\/jpeg\",\"filesize\":31603},\"mobile\":{\"file\":\"SHF_eb00245813a-720x480.jpg\",\"width\":720,\"height\":480,\"mime-type\":\"image\\\/jpeg\",\"filesize\":44170},\"hd\":{\"file\":\"SHF_eb00245813a-1280x853.jpg\",\"width\":1280,\"height\":853,\"mime-type\":\"image\\\/jpeg\",\"filesize\":116639},\"original\":{\"file\":\"SHF_eb00245813a.jpg\",\"width\":1500,\"height\":1000}},\n\t\t\t\t\"alt\" : \"Mamis\\u00ec (Ehefrauen des Vodun Mamiwata) bei einem Besuch der Ausstellung \\u201eArts of Benin\\u201c, Cotonou, 2022. Im Fenster im Vordergrund: Masken der m\\u00fctterlichen Kr\\u00e4fte der G\\u00e8l\\u00e8d\\u00e8 des K\\u00fcnstlers Kifouli Dossou.\",\n\t\t\t\t\"path\" : \"\\\/wp-content\\\/uploads\\\/2025\\\/03\\\/\",\n\t\t\t\t\"video\" : null,\n\t\t\t\t\"autoplay\" : null,\n\t\t\t\t\"youtube\" : null,\n\t\t\t\t\"youtubelabel\" : \"Video abspielen\",\n\t\t\t\t\"brightness\" : 100,\n\t\t\t\t\"crop\" : null,\n\t\t\t\t\"background\" : true,\n\t\t\t\t\"scale\" : 1\t\t\t\t}\n\t\t\t<\/script>\n\n\t\t\t<div class=\"height-container\" style=\"padding-bottom:66.666666666667%;\" v-if=\"sizes\">\n\t\t\t\t\t\t\t\t<lazy-media :inline=\"true\" :alt=\"alt\" :sizes=\"sizes\" :scale=\"scale\" :brightness=\"brightness\" :path=\"path\" :video=\"video\" :autoplay=\"autoplay\" :youtube=\"youtube\" :crop=\"crop\" :youtubelabel=\"youtubelabel\" :background=\"background\" media-id=\"desc_media_69efdb45146ef\"><\/lazy-media>\n\t\t\t\t\t\t\t<\/div>\n\n\t\t\t\t\t\t\t<figcaption class=\"sr-only\" ref=\"body\" id=\"desc_media_69efdb45146ef\">\n\t\t\t\t\t\t\t\t\t\t\t\t\t\t\t\t<div>Mamis&igrave; (Ehefrauen des Vodun Mamiwata) bei einem Besuch der Ausstellung &bdquo;Arts of Benin&ldquo;, Cotonou, 2022. Im Fenster im Vordergrund: Masken der m&uuml;tterlichen Kr&auml;fte der G&egrave;l&egrave;d&egrave; des K&uuml;nstlers Kifouli Dossou.  <\/div>\n\t\t\t\t\t\t\t\t\t\t\t\t\t\t\t\t<div class=\"insignificant\">\u00a9 Manoel Lauriano, 2022<\/div>\n\t\t\t\t\t\t\t\t\t<\/figcaption>\n\t\t\t\t\t<\/figure>\n\t<\/lazy-media-inline>\n\t\t\t\t\t<\/div>\n\t\t\t\t<\/div>\n\t\t\t\t<div class=\"teaser-event-text Infos\">\n\t\t\t\t\t<div class=\"margin-bottom-sixth\">\n\t\t\t\t\t\t<div class=\"margin-bottom-atom\">\n\t\t\t\t\t\t\t<div class=\"subline clamp-1\" v-html=\"maingenre\"><\/div>\n\t\t\t\t\t\t\t\t\t\t\t\t\t\t\t<div class=\"insignificant clamp-2\">G\u00e4stezimmer<\/div>\n\t\t\t\t\t\t\t\t\t\t\t\t\t<\/div>\n\t\t\t\t\t\n\t\t\t\t\t\t<strong class=\"margin-bottom-atom\">Verborgene Pfade und entstehende Netzwerke<\/strong>\n\n\t\t\t\t\t\t\t\t\t\t\t\t\t<div class=\"\">Provenienzforschung zwischen Erinnerung und Verantwortung<\/div>\n\t\t\t\t\t\t\t\t\t\t\t<\/div>\n\t\t\t\t<\/div>\n\t\t\t<\/div>\n\t\t\t<div class=\"col-xs-12 Infos\">\n\t\t\t\t<div class=\"border-bottom \">\n\t\t\t\t\t\t\t\t\t\t\t<calendardateline :rawitem='item' :show-icon=\"true\"><\/calendardateline>\n\t\t\t\t\t\t<div class=\"margin-bottom-atom\"><hr><\/div>\n\t\t\t\t\t\t<div class=\"event-times-fadeout center-xs\">&nbsp;<\/div>\n\t\t\t\t\t\t\t\t\t\t\n\t\t\t\t<\/div>\n\t\t\t<\/div>\n\t\t<\/div>\n\t<\/a>\n\t<\/calendarteaser>\n<\/li>\n<li class=\"col-xs-6 col-sm-4 col-md-3 teaser-wrapper col-padding-remove\">\n\t<calendarteaser key=\"14336610927\" rawitem='{&quot;postId&quot;:143366,&quot;title&quot;:&quot;Restitution. Eine lange Geschichte?&quot;,&quot;excerpt&quot;:&quot;&quot;,&quot;slug&quot;:&quot;restitution-eine-lange-geschichte&quot;,&quot;post_date&quot;:&quot;2025-02-18T13:10&quot;,&quot;type&quot;:&quot;event&quot;,&quot;permalink&quot;:&quot;https:\\\/\\\/www.humboldtforum.org\\\/de\\\/programm\\\/termin\\\/fuehrung\\\/restitution-eine-lange-geschichte-143366\\\/&quot;,&quot;genre&quot;:[821],&quot;genre_details&quot;:[{&quot;text&quot;:&quot;F\\u00fchrung&quot;,&quot;id&quot;:821,&quot;icon&quot;:null,&quot;parent&quot;:0}],&quot;stakeholder&quot;:[530],&quot;stakeholder_details&quot;:[{&quot;text&quot;:&quot;Staatliche Museen zu Berlin&quot;,&quot;id&quot;:530,&quot;icon&quot;:null,&quot;parent&quot;:0}],&quot;groupsize&quot;:[1500],&quot;groupsize_details&quot;:[{&quot;text&quot;:&quot;max. 30 Personen&quot;,&quot;id&quot;:1500,&quot;icon&quot;:null,&quot;parent&quot;:0}],&quot;icon_overwrite&quot;:&quot;&quot;,&quot;acf&quot;:{&quot;noindex&quot;:false,&quot;keywords&quot;:&quot;&quot;,&quot;hashtag&quot;:&quot;HumboldtForum&quot;,&quot;belongsto&quot;:false,&quot;shorturl&quot;:&quot;&quot;,&quot;times&quot;:[],&quot;planning&quot;:{&quot;price&quot;:&quot;kostenfrei&quot;,&quot;admission&quot;:&quot;&quot;,&quot;pause&quot;:&quot;&quot;,&quot;duration&quot;:&quot;60&quot;},&quot;additional_info&quot;:{&quot;icon&quot;:&quot;icon-ort&quot;,&quot;text&quot;:&quot;2. OG, Treffpunkt F&quot;},&quot;highlight_header&quot;:false,&quot;featured_images&quot;:[143367],&quot;use_video_in_teasers&quot;:false,&quot;hyphenation&quot;:true,&quot;tipp&quot;:false,&quot;joker&quot;:false,&quot;live&quot;:false,&quot;hide_event_in_program&quot;:false,&quot;gomus_id&quot;:&quot;&quot;,&quot;hm_id&quot;:&quot;&quot;},&quot;date&quot;:{&quot;NX&quot;:null,&quot;NXX&quot;:null,&quot;NLAST&quot;:&quot;202504101400&quot;,&quot;from_DATE&quot;:&quot;20250315 14:00&quot;,&quot;from&quot;:1742040000,&quot;to&quot;:1744293600,&quot;to_DATE&quot;:&quot;20250410 17:00&quot;,&quot;from_HRFSHORT&quot;:&quot;15. M\\u00e4r 2025&quot;,&quot;from_HRFSHORT_WD&quot;:&quot;Sa 15.03.2025&quot;,&quot;to_HRFSHORT&quot;:&quot;10. Apr 2025&quot;,&quot;to_HRFSHORT_WD&quot;:&quot;Do 10.04.2025&quot;,&quot;from_HRF&quot;:&quot;Sa, 15. M\\u00e4rz 2025&quot;,&quot;to_HRF&quot;:&quot;Do, 10. April 2025&quot;,&quot;from_to_HRF&quot;:&quot;Sa, 15. M\\u00e4rz \\u2013 Do, 10. April 2025&quot;,&quot;from_to_HRFSHORT&quot;:&quot;15. M\\u00e4r \\u2013 10. Apr 2025&quot;},&quot;alert&quot;:null,&quot;partof&quot;:[false],&quot;marketing_topic&quot;:{&quot;title&quot;:&quot;Internationaler Tag der Provenienzforschung&quot;,&quot;ID&quot;:false,&quot;reason&quot;:&quot;sequence&quot;}}' inline-template>\n\t<a href=\"https:\/\/www.humboldtforum.org\/de\/programm\/termin\/fuehrung\/restitution-eine-lange-geschichte-143366\/\" class=\"teaser teaser-event teaser-event-standard\">\n\t\t<div class=\"row row-stretch\">\n\t\t\t<div class=\"col-xs-12\">\n\t\t\t\t<div class=\"teaser-event-image\">\n\t\t\t\t\t<div class=\"teaser-image teaser-image-no-alternate\">\n\t\t\t\t\t\t\t\t\t\t\t\t\t\n\t<lazy-media-inline inline-template>\n\t\t<figure itemscope itemtype=\"http:\/\/schema.org\/ImageObject\" class=\"lazy-media-inline \" role=\"group\" id=\"media_69efdb4515123\" aria-labelledby=\"desc_media_69efdb4515123\">\n\t\t\t<script type=\"application\/json\" ref=\"data\">\n\t\t\t\t{\n\t\t\t\t\"sizes\" : {\"medium\":{\"file\":\"SHF_eb00244820-300x200.jpg\",\"width\":300,\"height\":200,\"mime-type\":\"image\\\/jpeg\",\"filesize\":14206},\"large\":{\"file\":\"SHF_eb00244820-1024x683.jpg\",\"width\":1024,\"height\":683,\"mime-type\":\"image\\\/jpeg\",\"filesize\":97578},\"thumbnail\":{\"file\":\"SHF_eb00244820-150x150.jpg\",\"width\":150,\"height\":150,\"mime-type\":\"image\\\/jpeg\",\"filesize\":6290},\"medium_large\":{\"file\":\"SHF_eb00244820-768x512.jpg\",\"width\":768,\"height\":512,\"mime-type\":\"image\\\/jpeg\",\"filesize\":61340},\"small\":{\"file\":\"SHF_eb00244820-440x293.jpg\",\"width\":440,\"height\":293,\"mime-type\":\"image\\\/jpeg\",\"filesize\":25522},\"semi\":{\"file\":\"SHF_eb00244820-580x387.jpg\",\"width\":580,\"height\":387,\"mime-type\":\"image\\\/jpeg\",\"filesize\":39906},\"mobile\":{\"file\":\"SHF_eb00244820-720x480.jpg\",\"width\":720,\"height\":480,\"mime-type\":\"image\\\/jpeg\",\"filesize\":55282},\"hd\":{\"file\":\"SHF_eb00244820-1280x854.jpg\",\"width\":1280,\"height\":854,\"mime-type\":\"image\\\/jpeg\",\"filesize\":140962},\"full\":{\"file\":\"SHF_eb00244820-1920x1280.jpg\",\"width\":1920,\"height\":1280,\"mime-type\":\"image\\\/jpeg\",\"filesize\":287219},\"1536x1536\":{\"file\":\"SHF_eb00244820-1536x1024.jpg\",\"width\":1536,\"height\":1024,\"mime-type\":\"image\\\/jpeg\",\"filesize\":192882},\"2048x2048\":{\"file\":\"SHF_eb00244820-2048x1366.jpg\",\"width\":2048,\"height\":1366,\"mime-type\":\"image\\\/jpeg\",\"filesize\":324193},\"original\":{\"file\":\"SHF_eb00244820.jpg\",\"width\":2500,\"height\":1667}},\n\t\t\t\t\"alt\" : \"Besucher bestaunen eine Ausstellung mit Texten und einer Kunstinstallation im Hintergrund.\",\n\t\t\t\t\"path\" : \"\\\/wp-content\\\/uploads\\\/2025\\\/02\\\/\",\n\t\t\t\t\"video\" : null,\n\t\t\t\t\"autoplay\" : null,\n\t\t\t\t\"youtube\" : null,\n\t\t\t\t\"youtubelabel\" : \"Video abspielen\",\n\t\t\t\t\"brightness\" : 100,\n\t\t\t\t\"crop\" : {\"top\":\"50.00\",\"left\":\"50.00\"},\n\t\t\t\t\"background\" : true,\n\t\t\t\t\"scale\" : 2\t\t\t\t}\n\t\t\t<\/script>\n\n\t\t\t<div class=\"height-container\" style=\"padding-bottom:66.68%;\" v-if=\"sizes\">\n\t\t\t\t\t\t\t\t<lazy-media :inline=\"true\" :alt=\"alt\" :sizes=\"sizes\" :scale=\"scale\" :brightness=\"brightness\" :path=\"path\" :video=\"video\" :autoplay=\"autoplay\" :youtube=\"youtube\" :crop=\"crop\" :youtubelabel=\"youtubelabel\" :background=\"background\" media-id=\"desc_media_69efdb4515123\"><\/lazy-media>\n\t\t\t\t\t\t\t<\/div>\n\n\t\t\t\t\t\t\t<figcaption class=\"sr-only\" ref=\"body\" id=\"desc_media_69efdb4515123\">\n\t\t\t\t\t\t\t\t\t\t\t<div>Faksimiles aus der Namibiasammlung im Ethnologischen Museum.<\/div>\n\t\t\t\t\t\t\t\t\t\t\t\t\t\t\t\t\t\t\t\t\t<div class=\"insignificant\">\u00a9 Staatliche Museen zu Berlin \/ Frank Sperling<\/div>\n\t\t\t\t\t\t\t\t\t<\/figcaption>\n\t\t\t\t\t<\/figure>\n\t<\/lazy-media-inline>\n\t\t\t\t\t<\/div>\n\t\t\t\t<\/div>\n\t\t\t\t<div class=\"teaser-event-text Infos\">\n\t\t\t\t\t<div class=\"margin-bottom-sixth\">\n\t\t\t\t\t\t<div class=\"margin-bottom-atom\">\n\t\t\t\t\t\t\t<div class=\"subline clamp-1\" v-html=\"maingenre\"><\/div>\n\t\t\t\t\t\t\t\t\t\t\t\t\t\t\t<div class=\"insignificant clamp-2\">Internationaler Tag der Provenienzforschung<\/div>\n\t\t\t\t\t\t\t\t\t\t\t\t\t<\/div>\n\t\t\t\t\t\n\t\t\t\t\t\t<strong class=\"margin-bottom-atom\">Restitution. Eine lange Geschichte?<\/strong>\n\n\t\t\t\t\t\t\t\t\t\t\t\t\t<div class=\"\"><\/div>\n\t\t\t\t\t\t\t\t\t\t\t<\/div>\n\t\t\t\t<\/div>\n\t\t\t<\/div>\n\t\t\t<div class=\"col-xs-12 Infos\">\n\t\t\t\t<div class=\"border-bottom \">\n\t\t\t\t\t\t\t\t\t\t\t<calendardateline :rawitem='item' :show-icon=\"true\"><\/calendardateline>\n\t\t\t\t\t\t<div class=\"margin-bottom-atom\"><hr><\/div>\n\t\t\t\t\t\t<div class=\"event-times-fadeout center-xs\">&nbsp;<\/div>\n\t\t\t\t\t\t\t\t\t\t\n\t\t\t\t<\/div>\n\t\t\t<\/div>\n\t\t<\/div>\n\t<\/a>\n\t<\/calendarteaser>\n<\/li>\n<li class=\"col-xs-6 col-sm-4 col-md-3 teaser-wrapper col-padding-remove\">\n\t<calendarteaser key=\"12651118317\" rawitem='{&quot;postId&quot;:126511,&quot;title&quot;:&quot;macht || beziehungen&quot;,&quot;excerpt&quot;:&quot;&quot;,&quot;slug&quot;:&quot;macht-beziehungen&quot;,&quot;post_date&quot;:&quot;2024-03-19T12:19&quot;,&quot;type&quot;:&quot;event&quot;,&quot;permalink&quot;:&quot;https:\\\/\\\/www.humboldtforum.org\\\/de\\\/programm\\\/termin\\\/fuehrung\\\/macht-beziehungen-126511\\\/&quot;,&quot;genre&quot;:[821],&quot;genre_details&quot;:[{&quot;text&quot;:&quot;F\\u00fchrung&quot;,&quot;id&quot;:821,&quot;icon&quot;:null,&quot;parent&quot;:0}],&quot;stakeholder&quot;:[530],&quot;stakeholder_details&quot;:[{&quot;text&quot;:&quot;Staatliche Museen zu Berlin&quot;,&quot;id&quot;:530,&quot;icon&quot;:null,&quot;parent&quot;:0}],&quot;targetgroup&quot;:[383,455],&quot;targetgroup_details&quot;:[{&quot;text&quot;:&quot;Erwachsene&quot;,&quot;id&quot;:383,&quot;icon&quot;:null,&quot;parent&quot;:0},{&quot;text&quot;:&quot;Jugendliche&quot;,&quot;id&quot;:455,&quot;icon&quot;:null,&quot;parent&quot;:0}],&quot;language&quot;:[384],&quot;language_details&quot;:[{&quot;text&quot;:&quot;Deutsch&quot;,&quot;id&quot;:384,&quot;icon&quot;:null,&quot;parent&quot;:0}],&quot;age&quot;:[451],&quot;age_details&quot;:[{&quot;text&quot;:&quot;ab 14 Jahre&quot;,&quot;id&quot;:451,&quot;icon&quot;:null,&quot;parent&quot;:0}],&quot;groupsize&quot;:[1049],&quot;groupsize_details&quot;:[{&quot;text&quot;:&quot;max. 25 Personen&quot;,&quot;id&quot;:1049,&quot;icon&quot;:null,&quot;parent&quot;:0}],&quot;place&quot;:[1681],&quot;place_details&quot;:{&quot;place&quot;:&quot;Ethnologisches Museum, 2. OG&quot;,&quot;map&quot;:&quot;Humboldt Forum, Schlossplatz, Berlin&quot;,&quot;room&quot;:&quot;&quot;},&quot;icon_overwrite&quot;:&quot;&quot;,&quot;acf&quot;:{&quot;noindex&quot;:false,&quot;keywords&quot;:&quot;&quot;,&quot;hashtag&quot;:&quot;HumboldtForum&quot;,&quot;belongsto&quot;:[46021],&quot;shorturl&quot;:&quot;&quot;,&quot;times&quot;:[],&quot;planning&quot;:{&quot;price&quot;:&quot;kostenfrei&quot;,&quot;admission&quot;:&quot;&quot;,&quot;pause&quot;:&quot;&quot;,&quot;duration&quot;:&quot;60&quot;},&quot;subline&quot;:&quot;Ausstellungsgespr\\u00e4ch zur Provenienzforschung&quot;,&quot;additional_info&quot;:{&quot;icon&quot;:&quot;icon-ort&quot;,&quot;text&quot;:&quot;Ethnologisches Museum, 2. OG, Treffpunkt F&quot;},&quot;highlight_header&quot;:false,&quot;use_video_in_teasers&quot;:false,&quot;hyphenation&quot;:true,&quot;tipp&quot;:false,&quot;joker&quot;:false,&quot;live&quot;:false,&quot;hide_event_in_program&quot;:false,&quot;gomus_id&quot;:&quot;&quot;,&quot;hm_id&quot;:&quot;&quot;,&quot;featured_images&quot;:[126631]},&quot;date&quot;:{&quot;NX&quot;:null,&quot;NXX&quot;:null,&quot;NLAST&quot;:&quot;202509270700&quot;,&quot;from_DATE&quot;:&quot;20240410 15:30&quot;,&quot;from&quot;:1712748600,&quot;to&quot;:1758956400,&quot;to_DATE&quot;:&quot;20250927 11:00&quot;,&quot;from_HRFSHORT&quot;:&quot;10. Apr 2024&quot;,&quot;from_HRFSHORT_WD&quot;:&quot;Mi 10.04.2024&quot;,&quot;to_HRFSHORT&quot;:&quot;27. Sep 2025&quot;,&quot;to_HRFSHORT_WD&quot;:&quot;Sa 27.09.2025&quot;,&quot;from_HRF&quot;:&quot;Mi, 10. April 2024&quot;,&quot;to_HRF&quot;:&quot;Sa, 27. September 2025&quot;,&quot;from_to_HRF&quot;:&quot;Mi, 10. April 2024 \\u2013 Sa, 27. September 2025&quot;,&quot;from_to_HRFSHORT&quot;:&quot;10. Apr 2024 \\u2013 27. Sep 2025&quot;},&quot;alert&quot;:null,&quot;partof&quot;:[],&quot;marketing_topic&quot;:{&quot;title&quot;:&quot;Ethnologische Sammlungen und Asiatische Kunst&quot;,&quot;ID&quot;:46021,&quot;reason&quot;:&quot;belongsto&quot;}}' inline-template>\n\t<a href=\"https:\/\/www.humboldtforum.org\/de\/programm\/termin\/fuehrung\/macht-beziehungen-126511\/\" class=\"teaser teaser-event teaser-event-standard\">\n\t\t<div class=\"row row-stretch\">\n\t\t\t<div class=\"col-xs-12\">\n\t\t\t\t<div class=\"teaser-event-image\">\n\t\t\t\t\t<div class=\"teaser-image teaser-image-no-alternate\">\n\t\t\t\t\t\t\t\t\t\t\t\t\t\n\t<lazy-media-inline inline-template>\n\t\t<figure itemscope itemtype=\"http:\/\/schema.org\/ImageObject\" class=\"lazy-media-inline \" role=\"group\" id=\"media_69efdb4515bac\" aria-labelledby=\"desc_media_69efdb4515bac\">\n\t\t\t<script type=\"application\/json\" ref=\"data\">\n\t\t\t\t{\n\t\t\t\t\"sizes\" : {\"medium\":{\"file\":\"SHF_eb00219236-300x204.jpg\",\"width\":300,\"height\":204,\"mime-type\":\"image\\\/jpeg\",\"filesize\":25375},\"large\":{\"file\":\"SHF_eb00219236-1024x697.jpg\",\"width\":1024,\"height\":697,\"mime-type\":\"image\\\/jpeg\",\"filesize\":210123},\"thumbnail\":{\"file\":\"SHF_eb00219236-150x150.jpg\",\"width\":150,\"height\":150,\"mime-type\":\"image\\\/jpeg\",\"filesize\":10280},\"medium_large\":{\"file\":\"SHF_eb00219236-768x523.jpg\",\"width\":768,\"height\":523,\"mime-type\":\"image\\\/jpeg\",\"filesize\":134051},\"small\":{\"file\":\"SHF_eb00219236-440x299.jpg\",\"width\":440,\"height\":299,\"mime-type\":\"image\\\/jpeg\",\"filesize\":51636},\"semi\":{\"file\":\"SHF_eb00219236-580x395.jpg\",\"width\":580,\"height\":395,\"mime-type\":\"image\\\/jpeg\",\"filesize\":84442},\"mobile\":{\"file\":\"SHF_eb00219236-720x490.jpg\",\"width\":720,\"height\":490,\"mime-type\":\"image\\\/jpeg\",\"filesize\":120425},\"original\":{\"file\":\"SHF_eb00219236.jpg\",\"width\":1092,\"height\":743}},\n\t\t\t\t\"alt\" : \"Kunstwerk mit historischen Karten und bunten, stilisierten Figuren in modernen, grafischen Rahmen.\",\n\t\t\t\t\"path\" : \"\\\/wp-content\\\/uploads\\\/2024\\\/03\\\/\",\n\t\t\t\t\"video\" : null,\n\t\t\t\t\"autoplay\" : null,\n\t\t\t\t\"youtube\" : null,\n\t\t\t\t\"youtubelabel\" : \"Video abspielen\",\n\t\t\t\t\"brightness\" : 100,\n\t\t\t\t\"crop\" : {\"top\":\"15.90\",\"left\":\"18.15\"},\n\t\t\t\t\"background\" : true,\n\t\t\t\t\"scale\" : 2\t\t\t\t}\n\t\t\t<\/script>\n\n\t\t\t<div class=\"height-container\" style=\"padding-bottom:68.040293040293%;\" v-if=\"sizes\">\n\t\t\t\t\t\t\t\t<lazy-media :inline=\"true\" :alt=\"alt\" :sizes=\"sizes\" :scale=\"scale\" :brightness=\"brightness\" :path=\"path\" :video=\"video\" :autoplay=\"autoplay\" :youtube=\"youtube\" :crop=\"crop\" :youtubelabel=\"youtubelabel\" :background=\"background\" media-id=\"desc_media_69efdb4515bac\"><\/lazy-media>\n\t\t\t\t\t\t\t<\/div>\n\n\t\t\t\t\t\t\t<figcaption class=\"sr-only\" ref=\"body\" id=\"desc_media_69efdb4515bac\">\n\t\t\t\t\t\t\t\t\t\t\t<div>Begleitheft &bdquo;machtIbeziehungen&ldquo;, Seite 41, Karte<\/div>\n\t\t\t\t\t\t\t\t\t\t\t\t\t\t\t\t\t\t\t\t\t<div class=\"insignificant\">\u00a9 Begleitheft \u201emachtIbeziehungen\u201c, Seite 41, Staatliche Museen zu Berlin \u2013 Stiftung Preu\u00dfische Kulturbesitz, 2021 <\/div>\n\t\t\t\t\t\t\t\t\t<\/figcaption>\n\t\t\t\t\t<\/figure>\n\t<\/lazy-media-inline>\n\t\t\t\t\t<\/div>\n\t\t\t\t<\/div>\n\t\t\t\t<div class=\"teaser-event-text Infos\">\n\t\t\t\t\t<div class=\"margin-bottom-sixth\">\n\t\t\t\t\t\t<div class=\"margin-bottom-atom\">\n\t\t\t\t\t\t\t<div class=\"subline clamp-1\" v-html=\"maingenre\"><\/div>\n\t\t\t\t\t\t\t\t\t\t\t\t\t\t\t<div class=\"insignificant clamp-2\">Ethnologische Sammlungen und Asiatische Kunst<\/div>\n\t\t\t\t\t\t\t\t\t\t\t\t\t<\/div>\n\t\t\t\t\t\n\t\t\t\t\t\t<strong class=\"margin-bottom-atom\">macht || beziehungen<\/strong>\n\n\t\t\t\t\t\t\t\t\t\t\t\t\t<div class=\"\">Ausstellungsgespr\u00e4ch zur Provenienzforschung<\/div>\n\t\t\t\t\t\t\t\t\t\t\t<\/div>\n\t\t\t\t<\/div>\n\t\t\t<\/div>\n\t\t\t<div class=\"col-xs-12 Infos\">\n\t\t\t\t<div class=\"border-bottom \">\n\t\t\t\t\t\t\t\t\t\t\t<calendardateline :rawitem='item' :show-icon=\"true\"><\/calendardateline>\n\t\t\t\t\t\t<div class=\"margin-bottom-atom\"><hr><\/div>\n\t\t\t\t\t\t<div class=\"event-times-fadeout center-xs\">&nbsp;<\/div>\n\t\t\t\t\t\t\t\t\t\t\n\t\t\t\t<\/div>\n\t\t\t<\/div>\n\t\t<\/div>\n\t<\/a>\n\t<\/calendarteaser>\n<\/li>\n<li class=\"col-xs-6 col-sm-4 col-md-3 teaser-wrapper col-padding-remove\">\n\t<calendarteaser key=\"14376911090\" rawitem='{&quot;postId&quot;:143769,&quot;title&quot;:&quot;Unku \\u2013 eine Berliner Sintiza&quot;,&quot;excerpt&quot;:&quot;&quot;,&quot;slug&quot;:&quot;unku-eine-berliner-sintiza&quot;,&quot;post_date&quot;:&quot;2025-03-05T12:56&quot;,&quot;type&quot;:&quot;event&quot;,&quot;permalink&quot;:&quot;https:\\\/\\\/www.humboldtforum.org\\\/de\\\/programm\\\/termin\\\/gespraech\\\/unku-eine-berliner-sintiza-143769\\\/&quot;,&quot;genre&quot;:[1078],&quot;genre_details&quot;:[{&quot;text&quot;:&quot;Gespr\\u00e4ch&quot;,&quot;id&quot;:1078,&quot;icon&quot;:null,&quot;parent&quot;:0}],&quot;stakeholder&quot;:[400],&quot;stakeholder_details&quot;:[{&quot;text&quot;:&quot;Kulturprojekte Berlin \\\/ Stadtmuseum Berlin&quot;,&quot;id&quot;:400,&quot;icon&quot;:null,&quot;parent&quot;:0}],&quot;language&quot;:[384],&quot;language_details&quot;:[{&quot;text&quot;:&quot;Deutsch&quot;,&quot;id&quot;:384,&quot;icon&quot;:null,&quot;parent&quot;:0}],&quot;age&quot;:[1601],&quot;age_details&quot;:[{&quot;text&quot;:&quot;ab 12 Jahre&quot;,&quot;id&quot;:1601,&quot;icon&quot;:null,&quot;parent&quot;:0}],&quot;icon_overwrite&quot;:&quot;&quot;,&quot;acf&quot;:{&quot;noindex&quot;:false,&quot;keywords&quot;:&quot;&quot;,&quot;hashtag&quot;:&quot;HumboldtForum&quot;,&quot;belongsto&quot;:false,&quot;shorturl&quot;:&quot;&quot;,&quot;times&quot;:[],&quot;planning&quot;:{&quot;price&quot;:&quot;kostenfrei&quot;,&quot;admission&quot;:&quot;&quot;,&quot;pause&quot;:&quot;&quot;,&quot;duration&quot;:&quot;&quot;},&quot;subline&quot;:&quot;Ein Abend zu Erna Lauenburger. Musikalische Lesung und Gespr\\u00e4ch&quot;,&quot;tickettext&quot;:&quot;Bitte buchen Sie vorab ein kostenfreies Ticket online oder vor Ort an den Kassen im Humboldt Forum&quot;,&quot;additional_info&quot;:{&quot;icon&quot;:&quot;icon-ort&quot;,&quot;text&quot;:&quot;Berlin Global, 1. OG, Raum \\&quot;Krieg\\&quot; und Saal 5&quot;},&quot;highlight_header&quot;:false,&quot;use_video_in_teasers&quot;:false,&quot;hyphenation&quot;:true,&quot;tipp&quot;:false,&quot;joker&quot;:false,&quot;live&quot;:false,&quot;hide_event_in_program&quot;:false,&quot;gomus_id&quot;:&quot;&quot;,&quot;hm_id&quot;:&quot;&quot;,&quot;featured_images&quot;:[143772]},&quot;date&quot;:{&quot;NX&quot;:null,&quot;NXX&quot;:null,&quot;NLAST&quot;:&quot;202504091430&quot;,&quot;from_DATE&quot;:&quot;20250409 18:30&quot;,&quot;from&quot;:1744209000,&quot;to&quot;:1744209000,&quot;to_DATE&quot;:&quot;20250409 18:30&quot;,&quot;from_HRFSHORT&quot;:&quot; 9. Apr 2025&quot;,&quot;from_HRFSHORT_WD&quot;:&quot;Mi 09.04.2025&quot;,&quot;to_HRFSHORT&quot;:&quot; 9. Apr 2025&quot;,&quot;to_HRFSHORT_WD&quot;:&quot;Mi 09.04.2025&quot;,&quot;from_HRF&quot;:&quot;Mi,  9. April 2025&quot;,&quot;to_HRF&quot;:&quot;Mi,  9. April 2025&quot;,&quot;from_to_HRF&quot;:&quot;Mi,  9. April \\u2013 Mi,  9. April 2025&quot;,&quot;from_to_HRFSHORT&quot;:&quot; 9. Apr \\u2013  9. Apr 2025&quot;},&quot;alert&quot;:null,&quot;partof&quot;:[false],&quot;marketing_topic&quot;:{&quot;title&quot;:&quot;Internationaler Tag der Provenienzforschung&quot;,&quot;ID&quot;:false,&quot;reason&quot;:&quot;sequence&quot;}}' inline-template>\n\t<a href=\"https:\/\/www.humboldtforum.org\/de\/programm\/termin\/gespraech\/unku-eine-berliner-sintiza-143769\/\" class=\"teaser teaser-event teaser-event-standard\">\n\t\t<div class=\"row row-stretch\">\n\t\t\t<div class=\"col-xs-12\">\n\t\t\t\t<div class=\"teaser-event-image\">\n\t\t\t\t\t<div class=\"teaser-image teaser-image-no-alternate\">\n\t\t\t\t\t\t\t\t\t\t\t\t\t\n\t<lazy-media-inline inline-template>\n\t\t<figure itemscope itemtype=\"http:\/\/schema.org\/ImageObject\" class=\"lazy-media-inline \" role=\"group\" id=\"media_69efdb4516548\" aria-labelledby=\"desc_media_69efdb4516548\">\n\t\t\t<script type=\"application\/json\" ref=\"data\">\n\t\t\t\t{\n\t\t\t\t\"sizes\" : {\"medium\":{\"file\":\"SHF_eb00245687-300x169.jpg\",\"width\":300,\"height\":169,\"mime-type\":\"image\\\/jpeg\",\"filesize\":10340},\"large\":{\"file\":\"SHF_eb00245687-1024x576.jpg\",\"width\":1024,\"height\":576,\"mime-type\":\"image\\\/jpeg\",\"filesize\":77404},\"thumbnail\":{\"file\":\"SHF_eb00245687-150x150.jpg\",\"width\":150,\"height\":150,\"mime-type\":\"image\\\/jpeg\",\"filesize\":5523},\"medium_large\":{\"file\":\"SHF_eb00245687-768x432.jpg\",\"width\":768,\"height\":432,\"mime-type\":\"image\\\/jpeg\",\"filesize\":48308},\"small\":{\"file\":\"SHF_eb00245687-440x248.jpg\",\"width\":440,\"height\":248,\"mime-type\":\"image\\\/jpeg\",\"filesize\":18491},\"semi\":{\"file\":\"SHF_eb00245687-580x326.jpg\",\"width\":580,\"height\":326,\"mime-type\":\"image\\\/jpeg\",\"filesize\":30343},\"mobile\":{\"file\":\"SHF_eb00245687-720x405.jpg\",\"width\":720,\"height\":405,\"mime-type\":\"image\\\/jpeg\",\"filesize\":43426},\"hd\":{\"file\":\"SHF_eb00245687-1280x720.jpg\",\"width\":1280,\"height\":720,\"mime-type\":\"image\\\/jpeg\",\"filesize\":113312},\"1536x1536\":{\"file\":\"SHF_eb00245687-1536x864.jpg\",\"width\":1536,\"height\":864,\"mime-type\":\"image\\\/jpeg\",\"filesize\":147168},\"original\":{\"file\":\"SHF_eb00245687.jpg\",\"width\":1920,\"height\":1080}},\n\t\t\t\t\"alt\" : \"Eine Person betrachtet das Denkmal f\\u00fcr die Sinti und Roma, die im Nationalsozialismus ermordet wurden.\",\n\t\t\t\t\"path\" : \"\\\/wp-content\\\/uploads\\\/2025\\\/03\\\/\",\n\t\t\t\t\"video\" : null,\n\t\t\t\t\"autoplay\" : null,\n\t\t\t\t\"youtube\" : null,\n\t\t\t\t\"youtubelabel\" : \"Video abspielen\",\n\t\t\t\t\"brightness\" : 100,\n\t\t\t\t\"crop\" : {\"top\":\"50.00\",\"left\":\"50.00\"},\n\t\t\t\t\"background\" : true,\n\t\t\t\t\"scale\" : 2\t\t\t\t}\n\t\t\t<\/script>\n\n\t\t\t<div class=\"height-container\" style=\"padding-bottom:56.25%;\" v-if=\"sizes\">\n\t\t\t\t\t\t\t\t<lazy-media :inline=\"true\" :alt=\"alt\" :sizes=\"sizes\" :scale=\"scale\" :brightness=\"brightness\" :path=\"path\" :video=\"video\" :autoplay=\"autoplay\" :youtube=\"youtube\" :crop=\"crop\" :youtubelabel=\"youtubelabel\" :background=\"background\" media-id=\"desc_media_69efdb4516548\"><\/lazy-media>\n\t\t\t\t\t\t\t<\/div>\n\n\t\t\t\t\t\t\t<figcaption class=\"sr-only\" ref=\"body\" id=\"desc_media_69efdb4516548\">\n\t\t\t\t\t\t\t\t\t\t\t<div>Margitta Steinbach am Mahnmal im Tiergarten<\/div>\n\t\t\t\t\t\t\t\t\t\t\t\t\t\t\t\t\t\t\t\t\t<div class=\"insignificant\">\u00a9 Stadtmuseum Berlin | Filmstill: Quiet City Films<\/div>\n\t\t\t\t\t\t\t\t\t<\/figcaption>\n\t\t\t\t\t<\/figure>\n\t<\/lazy-media-inline>\n\t\t\t\t\t<\/div>\n\t\t\t\t<\/div>\n\t\t\t\t<div class=\"teaser-event-text Infos\">\n\t\t\t\t\t<div class=\"margin-bottom-sixth\">\n\t\t\t\t\t\t<div class=\"margin-bottom-atom\">\n\t\t\t\t\t\t\t<div class=\"subline clamp-1\" v-html=\"maingenre\"><\/div>\n\t\t\t\t\t\t\t\t\t\t\t\t\t\t\t<div class=\"insignificant clamp-2\">Internationaler Tag der Provenienzforschung<\/div>\n\t\t\t\t\t\t\t\t\t\t\t\t\t<\/div>\n\t\t\t\t\t\n\t\t\t\t\t\t<strong class=\"margin-bottom-atom\">Unku \u2013 eine Berliner Sintiza<\/strong>\n\n\t\t\t\t\t\t\t\t\t\t\t\t\t<div class=\"\">Ein Abend zu Erna Lauenburger. Musikalische Lesung und Gespr\u00e4ch<\/div>\n\t\t\t\t\t\t\t\t\t\t\t<\/div>\n\t\t\t\t<\/div>\n\t\t\t<\/div>\n\t\t\t<div class=\"col-xs-12 Infos\">\n\t\t\t\t<div class=\"border-bottom \">\n\t\t\t\t\t\t\t\t\t\t\t<calendardateline :rawitem='item' :show-icon=\"true\"><\/calendardateline>\n\t\t\t\t\t\t<div class=\"margin-bottom-atom\"><hr><\/div>\n\t\t\t\t\t\t<div class=\"event-times-fadeout center-xs\">&nbsp;<\/div>\n\t\t\t\t\t\t\t\t\t\t\n\t\t\t\t<\/div>\n\t\t\t<\/div>\n\t\t<\/div>\n\t<\/a>\n\t<\/calendarteaser>\n<\/li>\n<\/ul>\n\t\t\t<\/div>\n\t\t\t\t<\/lazy-component>\n<\/section>\n\n\n\n<section class=\"block block-CTA block-CTA-long leftgradient\">\n\t<div class=\"container-fluid\">\n\t\t<div class=\"row center-xs\">\n\t\t\t<div class=\"col-xs-12\">\n\t\t\t\t<div class=\"box\">\n\t\t\t\t\t<a href=\"https:\/\/www.humboldtforum.org\/de\/programm\/dauerangebot\/ausstellung\/2022-ethnologisches-museum-und-museum-fuer-asiatische-kunst-46021\/\" aria-label=\"\" class=\"teaser teaser-cta-wide \">\n\t\t\t\t\t\t<div class=\"teaser-image\">\n\t\t\t\t\t\t\t\n\t<lazy-media-inline inline-template>\n\t\t<figure itemscope itemtype=\"http:\/\/schema.org\/ImageObject\" class=\"lazy-media-inline \" role=\"group\" id=\"media_69efdb45183a9\" aria-labelledby=\"desc_media_69efdb45183a9\">\n\t\t\t<script type=\"application\/json\" ref=\"data\">\n\t\t\t\t{\n\t\t\t\t\"sizes\" : {\"medium\":{\"file\":\"SHF_eb00158094_Key-Visual-SMB-300x157.jpg\",\"width\":300,\"height\":157,\"mime-type\":\"image\\\/jpeg\",\"filesize\":5666},\"large\":{\"file\":\"SHF_eb00158094_Key-Visual-SMB-1024x536.jpg\",\"width\":1024,\"height\":536,\"mime-type\":\"image\\\/jpeg\",\"filesize\":32341},\"thumbnail\":{\"file\":\"SHF_eb00158094_Key-Visual-SMB-150x150.jpg\",\"width\":150,\"height\":150,\"mime-type\":\"image\\\/jpeg\",\"filesize\":4994},\"medium_large\":{\"file\":\"SHF_eb00158094_Key-Visual-SMB-768x402.jpg\",\"width\":768,\"height\":402,\"mime-type\":\"image\\\/jpeg\",\"filesize\":20951},\"small\":{\"file\":\"SHF_eb00158094_Key-Visual-SMB-440x230.jpg\",\"width\":440,\"height\":230,\"mime-type\":\"image\\\/jpeg\",\"filesize\":9474},\"semi\":{\"file\":\"SHF_eb00158094_Key-Visual-SMB-580x304.jpg\",\"width\":580,\"height\":304,\"mime-type\":\"image\\\/jpeg\",\"filesize\":13901},\"mobile\":{\"file\":\"SHF_eb00158094_Key-Visual-SMB-720x377.jpg\",\"width\":720,\"height\":377,\"mime-type\":\"image\\\/jpeg\",\"filesize\":19038},\"original\":{\"file\":\"SHF_eb00158094_Key-Visual-SMB.jpg\",\"width\":1200,\"height\":628}},\n\t\t\t\t\"alt\" : \"Skulptur einer G\\u00f6ttin vor pinkem Hintergrund, umrahmt von einem wei\\u00dfen Rechteck.\",\n\t\t\t\t\"path\" : \"\\\/wp-content\\\/uploads\\\/2022\\\/12\\\/\",\n\t\t\t\t\"video\" : null,\n\t\t\t\t\"autoplay\" : null,\n\t\t\t\t\"youtube\" : null,\n\t\t\t\t\"youtubelabel\" : \"Video abspielen\",\n\t\t\t\t\"brightness\" : \"80\",\n\t\t\t\t\"crop\" : {\"top\":\"21.21\",\"left\":\"50.16\"},\n\t\t\t\t\"background\" : true,\n\t\t\t\t\"scale\" : 2\t\t\t\t}\n\t\t\t<\/script>\n\n\t\t\t<div class=\"height-container\" style=\"padding-bottom:52.333333333333%;\" v-if=\"sizes\">\n\t\t\t\t\t\t\t\t<lazy-media :inline=\"true\" :alt=\"alt\" :sizes=\"sizes\" :scale=\"scale\" :brightness=\"brightness\" :path=\"path\" :video=\"video\" :autoplay=\"autoplay\" :youtube=\"youtube\" :crop=\"crop\" :youtubelabel=\"youtubelabel\" :background=\"background\" media-id=\"desc_media_69efdb45183a9\"><\/lazy-media>\n\t\t\t\t\t\t\t<\/div>\n\n\t\t\t\t\t\t\t<figcaption class=\"sr-only\" ref=\"body\" id=\"desc_media_69efdb45183a9\">\n\t\t\t\t\t\t\t\t\t\t\t\t\t\t\t\t\t\t\t\t\t<div class=\"insignificant\">\u00a9 Stiftung Humboldt Forum im Berliner Schloss \/ Staatliche Museen zu Berlin, Museum f\u00fcr Asiatische Kunst und Ethnologisches Museum, Fotos: Claudia Obrocki; Martin Franken; Philipp Jester \/ Jens Blank<\/div>\n\t\t\t\t\t\t\t\t\t<\/figcaption>\n\t\t\t\t\t<\/figure>\n\t<\/lazy-media-inline>\n\t\t\t\t\t\t<\/div>\n\t\t\t\t\t\t<div class=\"teaser-content \">\n\t\t\t\t\t\t\t<div>\n\t\t\t\t\t\t\t\t<div class=\"teaser-overline subline\">Besuchen Sie die Sammlungen in der 2. und 3. Etage<\/div>\t\t\t\t\t\t\t\t<div class=\"teaser-header\"><span class=\"h3\"><\/span><\/div>\n\t\t\t\t\t\t\t\t\t\t\t\t\t\t\t\t<button tabindex=\"-1\" class=\"border\">Ethnologische Sammlungen und Asiatische Kunst<\/button>\n\t\t\t\t\t\t\t<\/div>\n\t\t\t\t\t\t<\/div>\n\t\t\t\t\t<\/a>\n\t\t\t\t<\/div>\n\t\t\t<\/div>\n\t\t<\/div>\n\t<\/div>\n<\/section>\n\n\n<section class=\"block block-CTA block-CTA-long leftgradient\">\n\t<div class=\"container-fluid\">\n\t\t<div class=\"row center-xs\">\n\t\t\t<div class=\"col-xs-12\">\n\t\t\t\t<div class=\"box\">\n\t\t\t\t\t<a href=\"https:\/\/www.humboldtforum.org\/de\/newsletter-2\/\" aria-label=\"Bleiben Sie auf dem Laufenden!\" class=\"teaser teaser-cta-wide \">\n\t\t\t\t\t\t<div class=\"teaser-image\">\n\t\t\t\t\t\t\t\n\t<lazy-media-inline inline-template>\n\t\t<figure itemscope itemtype=\"http:\/\/schema.org\/ImageObject\" class=\"lazy-media-inline \" role=\"group\" id=\"media_69efdb451918f\" aria-labelledby=\"desc_media_69efdb451918f\">\n\t\t\t<script type=\"application\/json\" ref=\"data\">\n\t\t\t\t{\n\t\t\t\t\"sizes\" : {\"medium\":{\"file\":\"HF_eb00061823-scaled-300x200.jpg\",\"width\":300,\"height\":200,\"mime-type\":\"image\\\/jpeg\",\"filesize\":19186},\"large\":{\"file\":\"HF_eb00061823-scaled-1024x683.jpg\",\"width\":1024,\"height\":683,\"mime-type\":\"image\\\/jpeg\",\"filesize\":138597},\"thumbnail\":{\"file\":\"HF_eb00061823-scaled-150x150.jpg\",\"width\":150,\"height\":150,\"mime-type\":\"image\\\/jpeg\",\"filesize\":8513},\"medium_large\":{\"file\":\"HF_eb00061823-scaled-768x512.jpg\",\"width\":768,\"height\":512,\"mime-type\":\"image\\\/jpeg\",\"filesize\":86200},\"small\":{\"file\":\"HF_eb00061823-scaled-440x293.jpg\",\"width\":440,\"height\":293,\"mime-type\":\"image\\\/jpeg\",\"filesize\":35525},\"semi\":{\"file\":\"HF_eb00061823-scaled-580x387.jpg\",\"width\":580,\"height\":387,\"mime-type\":\"image\\\/jpeg\",\"filesize\":55724},\"mobile\":{\"file\":\"HF_eb00061823-scaled-720x480.jpg\",\"width\":720,\"height\":480,\"mime-type\":\"image\\\/jpeg\",\"filesize\":77971},\"hd\":{\"file\":\"HF_eb00061823-scaled-1280x854.jpg\",\"width\":1280,\"height\":854,\"mime-type\":\"image\\\/jpeg\",\"filesize\":202477},\"full\":{\"file\":\"HF_eb00061823-scaled-1920x1280.jpg\",\"width\":1920,\"height\":1280,\"mime-type\":\"image\\\/jpeg\",\"filesize\":386736},\"1536x1536\":{\"file\":\"HF_eb00061823-scaled-1536x1024.jpg\",\"width\":1536,\"height\":1024,\"mime-type\":\"image\\\/jpeg\",\"filesize\":266197},\"2048x2048\":{\"file\":\"HF_eb00061823-scaled-2048x1366.jpg\",\"width\":2048,\"height\":1366,\"mime-type\":\"image\\\/jpeg\",\"filesize\":430206},\"original\":{\"file\":\"HF_eb00061823-scaled.jpg\",\"width\":2560,\"height\":1707}},\n\t\t\t\t\"alt\" : \"Blick in das beleuchtete Foyer von der Galerie im ersten Stock mit Besuchenden, Infopoint und Medienturm\",\n\t\t\t\t\"path\" : \"\\\/wp-content\\\/uploads\\\/2020\\\/04\\\/\",\n\t\t\t\t\"video\" : null,\n\t\t\t\t\"autoplay\" : null,\n\t\t\t\t\"youtube\" : null,\n\t\t\t\t\"youtubelabel\" : \"Video abspielen\",\n\t\t\t\t\"brightness\" : \"70\",\n\t\t\t\t\"crop\" : {\"top\":\"90.37\",\"left\":\"39.93\"},\n\t\t\t\t\"background\" : true,\n\t\t\t\t\"scale\" : 2\t\t\t\t}\n\t\t\t<\/script>\n\n\t\t\t<div class=\"height-container\" style=\"padding-bottom:66.6796875%;\" v-if=\"sizes\">\n\t\t\t\t\t\t\t\t<lazy-media :inline=\"true\" :alt=\"alt\" :sizes=\"sizes\" :scale=\"scale\" :brightness=\"brightness\" :path=\"path\" :video=\"video\" :autoplay=\"autoplay\" :youtube=\"youtube\" :crop=\"crop\" :youtubelabel=\"youtubelabel\" :background=\"background\" media-id=\"desc_media_69efdb451918f\"><\/lazy-media>\n\t\t\t\t\t\t\t<\/div>\n\n\t\t\t\t\t\t\t<figcaption class=\"sr-only\" ref=\"body\" id=\"desc_media_69efdb451918f\">\n\t\t\t\t\t\t\t\t\t\t\t<div>Blick in das Foyer, November 2019.<\/div>\n\t\t\t\t\t\t\t\t\t\t\t\t\t\t\t\t\t\t\t\t\t<div class=\"insignificant\">\u00a9 Stiftung Humboldt Forum im Berliner Schloss \/ David von Becker<\/div>\n\t\t\t\t\t\t\t\t\t<\/figcaption>\n\t\t\t\t\t<\/figure>\n\t<\/lazy-media-inline>\n\t\t\t\t\t\t<\/div>\n\t\t\t\t\t\t<div class=\"teaser-content \">\n\t\t\t\t\t\t\t<div>\n\t\t\t\t\t\t\t\t\t\t\t\t\t\t\t\t<div class=\"teaser-header\"><span class=\"h3\">Bleiben Sie auf dem Laufenden!<\/span><\/div>\n\t\t\t\t\t\t\t\t<div class=\"teaser-subline\"><span class=\"font-decoration\">Abonnieren Sie unseren Newsletter.<\/span><\/div>\t\t\t\t\t\t\t\t<button tabindex=\"-1\" class=\"border\">Hier klicken<\/button>\n\t\t\t\t\t\t\t<\/div>\n\t\t\t\t\t\t<\/div>\n\t\t\t\t\t<\/a>\n\t\t\t\t<\/div>\n\t\t\t<\/div>\n\t\t<\/div>\n\t<\/div>\n<\/section>\n","protected":false},"template":"","genre":[1078],"digital":[],"topic":[],"stakeholder":[],"editorial":[],"editorialfilter":[],"targetgroup":[],"language":[],"accessability":[],"age":[],"school":[],"groupsize":[],"place":[],"class_list":["post-144108","event-sequence","type-event-sequence","status-publish","hentry","genre-gespraech"],"acf":[],"_links":{"self":[{"href":"https:\/\/www.humboldtforum.org\/de\/wp-json\/wp\/v2\/event-sequence\/144108","targetHints":{"allow":["GET"]}}],"collection":[{"href":"https:\/\/www.humboldtforum.org\/de\/wp-json\/wp\/v2\/event-sequence"}],"about":[{"href":"https:\/\/www.humboldtforum.org\/de\/wp-json\/wp\/v2\/types\/event-sequence"}],"version-history":[{"count":7,"href":"https:\/\/www.humboldtforum.org\/de\/wp-json\/wp\/v2\/event-sequence\/144108\/revisions"}],"predecessor-version":[{"id":144495,"href":"https:\/\/www.humboldtforum.org\/de\/wp-json\/wp\/v2\/event-sequence\/144108\/revisions\/144495"}],"wp:attachment":[{"href":"https:\/\/www.humboldtforum.org\/de\/wp-json\/wp\/v2\/media?parent=144108"}],"wp:term":[{"taxonomy":"genre","embeddable":true,"href":"https:\/\/www.humboldtforum.org\/de\/wp-json\/wp\/v2\/genre?post=144108"},{"taxonomy":"digital","embeddable":true,"href":"https:\/\/www.humboldtforum.org\/de\/wp-json\/wp\/v2\/digital?post=144108"},{"taxonomy":"topic","embeddable":true,"href":"https:\/\/www.humboldtforum.org\/de\/wp-json\/wp\/v2\/topic?post=144108"},{"taxonomy":"stakeholder","embeddable":true,"href":"https:\/\/www.humboldtforum.org\/de\/wp-json\/wp\/v2\/stakeholder?post=144108"},{"taxonomy":"editorial","embeddable":true,"href":"https:\/\/www.humboldtforum.org\/de\/wp-json\/wp\/v2\/editorial?post=144108"},{"taxonomy":"editorialfilter","embeddable":true,"href":"https:\/\/www.humboldtforum.org\/de\/wp-json\/wp\/v2\/editorialfilter?post=144108"},{"taxonomy":"targetgroup","embeddable":true,"href":"https:\/\/www.humboldtforum.org\/de\/wp-json\/wp\/v2\/targetgroup?post=144108"},{"taxonomy":"language","embeddable":true,"href":"https:\/\/www.humboldtforum.org\/de\/wp-json\/wp\/v2\/language?post=144108"},{"taxonomy":"accessability","embeddable":true,"href":"https:\/\/www.humboldtforum.org\/de\/wp-json\/wp\/v2\/accessability?post=144108"},{"taxonomy":"age","embeddable":true,"href":"https:\/\/www.humboldtforum.org\/de\/wp-json\/wp\/v2\/age?post=144108"},{"taxonomy":"school","embeddable":true,"href":"https:\/\/www.humboldtforum.org\/de\/wp-json\/wp\/v2\/school?post=144108"},{"taxonomy":"groupsize","embeddable":true,"href":"https:\/\/www.humboldtforum.org\/de\/wp-json\/wp\/v2\/groupsize?post=144108"},{"taxonomy":"place","embeddable":true,"href":"https:\/\/www.humboldtforum.org\/de\/wp-json\/wp\/v2\/place?post=144108"}],"curies":[{"name":"wp","href":"https:\/\/api.w.org\/{rel}","templated":true}]}}