{"id":170402,"date":"2026-09-01T16:54:39","date_gmt":"2026-09-01T14:54:39","guid":{"rendered":"https:\/\/www.humboldtforum.org\/?post_type=event-sequence&#038;p=170402"},"modified":"2026-09-01T16:54:42","modified_gmt":"2026-09-01T14:54:42","slug":"resident-music-collective","status":"publish","type":"event-sequence","link":"https:\/\/www.humboldtforum.org\/de\/programm\/event-reihe\/konzert\/resident-music-collective-170402\/","title":{"rendered":"Resident Music Collective"},"content":{"rendered":"<section class=\"block block-copy block-no-margin\" >\n    <div class=\"container-fluid\">\n\t\t<div class=\"row \">\n            <div class=\"col-xs-12 col-md-offset-2 col-md-8\">\n                <div class=\"box\">\n                    <div class=\"copy\"><\/div>\n                <\/div>\n            <\/div>\n\t\t<\/div>\n\t\t    <\/div>\n<\/section>\n\n<section class=\"block block-copy\" >\n    <div class=\"container-fluid\">\n\t\t<div class=\"row \">\n            <div class=\"col-xs-12 col-md-offset-2 col-md-8\">\n                <div class=\"box\">\n                    <div class=\"copy\"><p>Das Resident Music Collective wurde 2021 zur Er\u00f6ffnung des Humboldt Forums in Berlin gegr\u00fcndet. Seitdem bringt das Ensemble Musiker*innen mit unterschiedlichen kulturellen und musikalischen Hintergr\u00fcnden zusammen. Im gemeinsamen Austausch entstehen neue k\u00fcnstlerische Ans\u00e4tze und Konzertformate. In seinen Produktionen setzt sich das Kollektiv mit Impulsen aus Ausstellungen und aktuellen gesellschaftlichen Themen auseinander.\u00a0Musik verbindet sich dabei mit Tanz, Performance und Live-Elektronik.<\/p>\n<\/div>\n                <\/div>\n            <\/div>\n\t\t<\/div>\n\t\t    <\/div>\n<\/section>\n\n\n<section class=\"block block-gallery\">\n\t<div class=\"container-fluid\">\n\t\t<div class=\"row center-xs\">\n\t\t\t<div class=\"col-xs-12\">\n\t\t\t\t<div class=\"box text-align-left\">\n\t\t\t\t\t<block-gallery inline-template>\n\t\t\t\t\t\t<div :class=\"{ firstLoaded: firstLoaded }\">\n\t\t\t\t\t\t\t<script type=\"application\/json\" ref=\"data\">\n\t\t\t\t\t\t\t{\n\t\t\t\t\t\t\t\t\"images\" : [{\"id\":0,\"width\":6000,\"height\":4000,\"alt\":\"Musiker treten auf: einer im Anzug, der andere in wei&szlig;em Outfit, umgeben von Publikum in einem modernen Raum.\",\"title\":\"\",\"description\":\"\",\"label\":\"Veranstaltung &quot;Mit Pauken und Pal&auml;sten&quot; - Das Resident Music Collective spielt Musik zum Programm &quot;Hin und weg. Der Palast der Republik ist Gegenwart&quot; am 28.03.2024\",\"copyright\":\"Stiftung Humboldt Forum im Berliner Schloss\\\/ Foto: Frank Sperling\",\"path\":\"\\\/wp-content\\\/uploads\\\/2025\\\/01\\\/\",\"sizes\":{\"medium\":{\"file\":\"SHF_eb00220248-1-300x200.jpg\",\"width\":300,\"height\":200,\"mime-type\":\"image\\\/jpeg\",\"filesize\":15306},\"large\":{\"file\":\"SHF_eb00220248-1-1024x683.jpg\",\"width\":1024,\"height\":683,\"mime-type\":\"image\\\/jpeg\",\"filesize\":95051},\"thumbnail\":{\"file\":\"SHF_eb00220248-1-150x150.jpg\",\"width\":150,\"height\":150,\"mime-type\":\"image\\\/jpeg\",\"filesize\":7632},\"medium_large\":{\"file\":\"SHF_eb00220248-1-768x512.jpg\",\"width\":768,\"height\":512,\"mime-type\":\"image\\\/jpeg\",\"filesize\":60324},\"small\":{\"file\":\"SHF_eb00220248-1-440x293.jpg\",\"width\":440,\"height\":293,\"mime-type\":\"image\\\/jpeg\",\"filesize\":26948},\"semi\":{\"file\":\"SHF_eb00220248-1-580x387.jpg\",\"width\":580,\"height\":387,\"mime-type\":\"image\\\/jpeg\",\"filesize\":40692},\"mobile\":{\"file\":\"SHF_eb00220248-1-720x480.jpg\",\"width\":720,\"height\":480,\"mime-type\":\"image\\\/jpeg\",\"filesize\":54662},\"hd\":{\"file\":\"SHF_eb00220248-1-1280x853.jpg\",\"width\":1280,\"height\":853,\"mime-type\":\"image\\\/jpeg\",\"filesize\":138591},\"full\":{\"file\":\"SHF_eb00220248-1-1920x1280.jpg\",\"width\":1920,\"height\":1280,\"mime-type\":\"image\\\/jpeg\",\"filesize\":294179},\"xxl\":{\"file\":\"SHF_eb00220248-1-4048x2699.jpg\",\"width\":4048,\"height\":2699,\"mime-type\":\"image\\\/jpeg\",\"filesize\":1442215},\"1536x1536\":{\"file\":\"SHF_eb00220248-1-1536x1024.jpg\",\"width\":1536,\"height\":1024,\"mime-type\":\"image\\\/jpeg\",\"filesize\":191096},\"2048x2048\":{\"file\":\"SHF_eb00220248-1-2048x1365.jpg\",\"width\":2048,\"height\":1365,\"mime-type\":\"image\\\/jpeg\",\"filesize\":334642},\"original\":{\"file\":\"SHF_eb00220248-1.jpg\",\"width\":6000,\"height\":4000}}},{\"id\":1,\"width\":1280,\"height\":853,\"alt\":\"Frau singt leidenschaftlich ins Mikrofon, umgeben von Zuschauern in einem Veranstaltungsraum.\",\"title\":\"\",\"description\":\"&quot;Sternenstaub&quot; - Osterkonzert des Resident Music Collective am 07.04.2023, Gesang: Ganna Gryniva\",\"label\":\"&quot;Sternenstaub&quot; - Osterkonzert des Resident Music Collective am 07.04.2023, Gesang: Ganna Gryniva\",\"copyright\":\"Stiftung Humboldt Forum im Berliner Schloss\\\/ Foto: Stefanie Loos\",\"path\":\"\\\/wp-content\\\/uploads\\\/2023\\\/02\\\/\",\"sizes\":{\"medium\":{\"file\":\"SHF_eb00191559-300x200.jpg\",\"width\":300,\"height\":200,\"mime-type\":\"image\\\/jpeg\",\"filesize\":12600},\"large\":{\"file\":\"SHF_eb00191559-1024x682.jpg\",\"width\":1024,\"height\":682,\"mime-type\":\"image\\\/jpeg\",\"filesize\":74075},\"thumbnail\":{\"file\":\"SHF_eb00191559-150x150.jpg\",\"width\":150,\"height\":150,\"mime-type\":\"image\\\/jpeg\",\"filesize\":6264},\"medium_large\":{\"file\":\"SHF_eb00191559-768x512.jpg\",\"width\":768,\"height\":512,\"mime-type\":\"image\\\/jpeg\",\"filesize\":48886},\"small\":{\"file\":\"SHF_eb00191559-440x293.jpg\",\"width\":440,\"height\":293,\"mime-type\":\"image\\\/jpeg\",\"filesize\":21974},\"semi\":{\"file\":\"SHF_eb00191559-580x387.jpg\",\"width\":580,\"height\":387,\"mime-type\":\"image\\\/jpeg\",\"filesize\":33370},\"mobile\":{\"file\":\"SHF_eb00191559-720x480.jpg\",\"width\":720,\"height\":480,\"mime-type\":\"image\\\/jpeg\",\"filesize\":44553},\"original\":{\"file\":\"SHF_eb00191559.jpg\",\"width\":1280,\"height\":853}}},{\"id\":2,\"width\":6000,\"height\":4000,\"alt\":\"Musiker live auf der B&uuml;hne mit Gesang und Instrumenten in einem Konzertsaal. Stimmungsvoll und kreativ.\",\"title\":\"\",\"description\":\"\",\"label\":\"&quot;Sternenstaub&quot; - Osterkonzert des Resident Music Collective am 07.04.2023\\r\\n\",\"copyright\":\"Stiftung Humboldt Forum im Berliner Schloss, Foto: Stefanie Loos\\r\\n\",\"path\":\"\\\/wp-content\\\/uploads\\\/2025\\\/05\\\/\",\"sizes\":{\"medium\":{\"file\":\"SHF_eb00191560-300x200.jpg\",\"width\":300,\"height\":200,\"mime-type\":\"image\\\/jpeg\",\"filesize\":13984},\"large\":{\"file\":\"SHF_eb00191560-1024x683.jpg\",\"width\":1024,\"height\":683,\"mime-type\":\"image\\\/jpeg\",\"filesize\":96906},\"thumbnail\":{\"file\":\"SHF_eb00191560-150x150.jpg\",\"width\":150,\"height\":150,\"mime-type\":\"image\\\/jpeg\",\"filesize\":6606},\"medium_large\":{\"file\":\"SHF_eb00191560-768x512.jpg\",\"width\":768,\"height\":512,\"mime-type\":\"image\\\/jpeg\",\"filesize\":61784},\"small\":{\"file\":\"SHF_eb00191560-440x293.jpg\",\"width\":440,\"height\":293,\"mime-type\":\"image\\\/jpeg\",\"filesize\":25944},\"semi\":{\"file\":\"SHF_eb00191560-580x387.jpg\",\"width\":580,\"height\":387,\"mime-type\":\"image\\\/jpeg\",\"filesize\":40714},\"mobile\":{\"file\":\"SHF_eb00191560-720x480.jpg\",\"width\":720,\"height\":480,\"mime-type\":\"image\\\/jpeg\",\"filesize\":55728},\"hd\":{\"file\":\"SHF_eb00191560-1280x853.jpg\",\"width\":1280,\"height\":853,\"mime-type\":\"image\\\/jpeg\",\"filesize\":136821},\"full\":{\"file\":\"SHF_eb00191560-1920x1280.jpg\",\"width\":1920,\"height\":1280,\"mime-type\":\"image\\\/jpeg\",\"filesize\":253213},\"xxl\":{\"file\":\"SHF_eb00191560-4048x2699.jpg\",\"width\":4048,\"height\":2699,\"mime-type\":\"image\\\/jpeg\",\"filesize\":807189},\"1536x1536\":{\"file\":\"SHF_eb00191560-1536x1024.jpg\",\"width\":1536,\"height\":1024,\"mime-type\":\"image\\\/jpeg\",\"filesize\":179710},\"2048x2048\":{\"file\":\"SHF_eb00191560-2048x1365.jpg\",\"width\":2048,\"height\":1365,\"mime-type\":\"image\\\/jpeg\",\"filesize\":280851},\"original\":{\"file\":\"SHF_eb00191560.jpg\",\"width\":6000,\"height\":4000}}},{\"id\":3,\"width\":6000,\"height\":4000,\"alt\":\"Ein Musiker mit lockigem Haar spielt in einem Konzertumfeld ein Trommelinstrument.\",\"title\":\"\",\"description\":\"\",\"label\":\"&quot;Sternenstaub&quot; - Osterkonzert des Resident Music Collective am 07.04.2023\",\"copyright\":\"Stiftung Humboldt Forum im Berliner Schloss, Foto: Stefanie Loos\\r\\n\",\"path\":\"\\\/wp-content\\\/uploads\\\/2025\\\/05\\\/\",\"sizes\":{\"medium\":{\"file\":\"SHF_eb00191605-300x200.jpg\",\"width\":300,\"height\":200,\"mime-type\":\"image\\\/jpeg\",\"filesize\":11828},\"large\":{\"file\":\"SHF_eb00191605-1024x683.jpg\",\"width\":1024,\"height\":683,\"mime-type\":\"image\\\/jpeg\",\"filesize\":83899},\"thumbnail\":{\"file\":\"SHF_eb00191605-150x150.jpg\",\"width\":150,\"height\":150,\"mime-type\":\"image\\\/jpeg\",\"filesize\":6102},\"medium_large\":{\"file\":\"SHF_eb00191605-768x512.jpg\",\"width\":768,\"height\":512,\"mime-type\":\"image\\\/jpeg\",\"filesize\":52219},\"small\":{\"file\":\"SHF_eb00191605-440x293.jpg\",\"width\":440,\"height\":293,\"mime-type\":\"image\\\/jpeg\",\"filesize\":21397},\"semi\":{\"file\":\"SHF_eb00191605-580x387.jpg\",\"width\":580,\"height\":387,\"mime-type\":\"image\\\/jpeg\",\"filesize\":33690},\"mobile\":{\"file\":\"SHF_eb00191605-720x480.jpg\",\"width\":720,\"height\":480,\"mime-type\":\"image\\\/jpeg\",\"filesize\":46944},\"hd\":{\"file\":\"SHF_eb00191605-1280x853.jpg\",\"width\":1280,\"height\":853,\"mime-type\":\"image\\\/jpeg\",\"filesize\":120388},\"full\":{\"file\":\"SHF_eb00191605-1920x1280.jpg\",\"width\":1920,\"height\":1280,\"mime-type\":\"image\\\/jpeg\",\"filesize\":234327},\"xxl\":{\"file\":\"SHF_eb00191605-4048x2699.jpg\",\"width\":4048,\"height\":2699,\"mime-type\":\"image\\\/jpeg\",\"filesize\":806302},\"1536x1536\":{\"file\":\"SHF_eb00191605-1536x1024.jpg\",\"width\":1536,\"height\":1024,\"mime-type\":\"image\\\/jpeg\",\"filesize\":162164},\"2048x2048\":{\"file\":\"SHF_eb00191605-2048x1365.jpg\",\"width\":2048,\"height\":1365,\"mime-type\":\"image\\\/jpeg\",\"filesize\":261855},\"original\":{\"file\":\"SHF_eb00191605.jpg\",\"width\":6000,\"height\":4000}}},{\"id\":4,\"width\":7931,\"height\":5290,\"alt\":\"Musiker spielt vor einer bunten, abstrakten Hintergrundprojektion. Atmosph&auml;rische B&uuml;hnenpr&auml;sentation.\",\"title\":\"\",\"description\":\"\",\"label\":\"Veranstaltung &quot;Mit Pauken und Pal&auml;sten&quot; - Das Resident Music Collective spielt Musik zum Programm &quot;Hin und weg. Der Palast der Republik ist Gegenwart&quot; am 28.03.2024\",\"copyright\":\"Stiftung Humboldt Forum im Berliner Schloss, Foto: Frank Sperling\\r\\n\",\"path\":\"\\\/wp-content\\\/uploads\\\/2025\\\/05\\\/\",\"sizes\":{\"medium\":{\"file\":\"SHF_eb00220195-300x200.jpg\",\"width\":300,\"height\":200,\"mime-type\":\"image\\\/jpeg\",\"filesize\":20483},\"large\":{\"file\":\"SHF_eb00220195-1024x683.jpg\",\"width\":1024,\"height\":683,\"mime-type\":\"image\\\/jpeg\",\"filesize\":138676},\"thumbnail\":{\"file\":\"SHF_eb00220195-150x150.jpg\",\"width\":150,\"height\":150,\"mime-type\":\"image\\\/jpeg\",\"filesize\":10149},\"medium_large\":{\"file\":\"SHF_eb00220195-768x512.jpg\",\"width\":768,\"height\":512,\"mime-type\":\"image\\\/jpeg\",\"filesize\":87733},\"small\":{\"file\":\"SHF_eb00220195-440x293.jpg\",\"width\":440,\"height\":293,\"mime-type\":\"image\\\/jpeg\",\"filesize\":37386},\"semi\":{\"file\":\"SHF_eb00220195-580x387.jpg\",\"width\":580,\"height\":387,\"mime-type\":\"image\\\/jpeg\",\"filesize\":57687},\"mobile\":{\"file\":\"SHF_eb00220195-720x480.jpg\",\"width\":720,\"height\":480,\"mime-type\":\"image\\\/jpeg\",\"filesize\":79492},\"hd\":{\"file\":\"SHF_eb00220195-1280x854.jpg\",\"width\":1280,\"height\":854,\"mime-type\":\"image\\\/jpeg\",\"filesize\":198592},\"full\":{\"file\":\"SHF_eb00220195-1920x1281.jpg\",\"width\":1920,\"height\":1281,\"mime-type\":\"image\\\/jpeg\",\"filesize\":394876},\"xxl\":{\"file\":\"SHF_eb00220195-4048x2700.jpg\",\"width\":4048,\"height\":2700,\"mime-type\":\"image\\\/jpeg\",\"filesize\":1670015},\"1536x1536\":{\"file\":\"SHF_eb00220195-1536x1025.jpg\",\"width\":1536,\"height\":1025,\"mime-type\":\"image\\\/jpeg\",\"filesize\":269106},\"2048x2048\":{\"file\":\"SHF_eb00220195-2048x1366.jpg\",\"width\":2048,\"height\":1366,\"mime-type\":\"image\\\/jpeg\",\"filesize\":442226},\"original\":{\"file\":\"SHF_eb00220195.jpg\",\"width\":7931,\"height\":5290}}},{\"id\":5,\"width\":1280,\"height\":854,\"alt\":\"Live-Musikauff&uuml;hrung des Resident Music Collectives mit Band auf der B&uuml;hne, das Publikum sitzt in ged&auml;mpftem Licht auf bunten K&auml;sten.\",\"title\":\"\",\"description\":\"\",\"label\":\"Konzert &quot;Klangverwandtschaften \\\/ Sonic Affinities&quot; des Resident Music Collective an den Thementagen &quot;Care oder Chaos?&quot; im Rahmen von &quot;Beziehungsweise Familie \\\/ Family Matters&quot; am 04.10.2025\\n\",\"copyright\":\"Stiftung Humboldt Forum im Berliner Schloss, Foto: Frank Sperling\",\"path\":\"\\\/wp-content\\\/uploads\\\/2026\\\/09\\\/\",\"sizes\":{\"medium\":{\"file\":\"SHF_eb00255344-300x200.jpg\",\"width\":300,\"height\":200,\"mime-type\":\"image\\\/jpeg\",\"filesize\":13691},\"large\":{\"file\":\"SHF_eb00255344-1024x683.jpg\",\"width\":1024,\"height\":683,\"mime-type\":\"image\\\/jpeg\",\"filesize\":98334},\"thumbnail\":{\"file\":\"SHF_eb00255344-150x150.jpg\",\"width\":150,\"height\":150,\"mime-type\":\"image\\\/jpeg\",\"filesize\":6681},\"medium_large\":{\"file\":\"SHF_eb00255344-768x512.jpg\",\"width\":768,\"height\":512,\"mime-type\":\"image\\\/jpeg\",\"filesize\":62594},\"small\":{\"file\":\"SHF_eb00255344-440x294.jpg\",\"width\":440,\"height\":294,\"mime-type\":\"image\\\/jpeg\",\"filesize\":25418},\"semi\":{\"file\":\"SHF_eb00255344-580x387.jpg\",\"width\":580,\"height\":387,\"mime-type\":\"image\\\/jpeg\",\"filesize\":40074},\"mobile\":{\"file\":\"SHF_eb00255344-720x480.jpg\",\"width\":720,\"height\":480,\"mime-type\":\"image\\\/jpeg\",\"filesize\":56035},\"original\":{\"file\":\"SHF_eb00255344.jpg\",\"width\":1280,\"height\":854}}},{\"id\":6,\"width\":1280,\"height\":853,\"alt\":\"Musiker spielt auf einem Xylophon, w&auml;hrend im Hintergrund eine farbenfrohe audiovisuelle Show stattfindet.\",\"title\":\"\",\"description\":\"\",\"label\":\"Veranstaltung &quot;Mit Pauken und Pal&auml;sten&quot; - Das Resident Music Collective spielt Musik zum Programm &quot;Hin und weg. Der Palast der Republik ist Gegenwart&quot; am 28.03.2024\",\"copyright\":\"Stiftung Humboldt Forum im Berliner Schloss \\\/ Foto: Frank Sperling\",\"path\":\"\\\/wp-content\\\/uploads\\\/2024\\\/02\\\/\",\"sizes\":{\"medium\":{\"file\":\"SHF_eb00220197-300x200.jpg\",\"width\":300,\"height\":200,\"mime-type\":\"image\\\/jpeg\",\"filesize\":19679},\"large\":{\"file\":\"SHF_eb00220197-1024x682.jpg\",\"width\":1024,\"height\":682,\"mime-type\":\"image\\\/jpeg\",\"filesize\":117728},\"thumbnail\":{\"file\":\"SHF_eb00220197-150x150.jpg\",\"width\":150,\"height\":150,\"mime-type\":\"image\\\/jpeg\",\"filesize\":9508},\"medium_large\":{\"file\":\"SHF_eb00220197-768x512.jpg\",\"width\":768,\"height\":512,\"mime-type\":\"image\\\/jpeg\",\"filesize\":77722},\"small\":{\"file\":\"SHF_eb00220197-440x293.jpg\",\"width\":440,\"height\":293,\"mime-type\":\"image\\\/jpeg\",\"filesize\":34557},\"semi\":{\"file\":\"SHF_eb00220197-580x387.jpg\",\"width\":580,\"height\":387,\"mime-type\":\"image\\\/jpeg\",\"filesize\":52302},\"mobile\":{\"file\":\"SHF_eb00220197-720x480.jpg\",\"width\":720,\"height\":480,\"mime-type\":\"image\\\/jpeg\",\"filesize\":70878},\"original\":{\"file\":\"SHF_eb00220197.jpg\",\"width\":1280,\"height\":853}}},{\"id\":7,\"width\":6000,\"height\":4000,\"alt\":\"Musiker begeistert mit Gitarre auf der B&uuml;hne, Publikum im Hintergrund, stimmungsvolle Beleuchtung.\",\"title\":\"\",\"description\":\"\",\"label\":\"Veranstaltung &quot;Mit Pauken und Pal&auml;sten&quot; - Das Resident Music Collective spielt Musik zum Programm &quot;Hin und weg. Der Palast der Republik ist Gegenwart&quot; am 28.03.2024\",\"copyright\":\"Stiftung Humboldt Forum im Berliner Schloss, Foto: Frank Sperling\\r\\n\",\"path\":\"\\\/wp-content\\\/uploads\\\/2025\\\/05\\\/\",\"sizes\":{\"medium\":{\"file\":\"SHF_eb00220209-300x200.jpg\",\"width\":300,\"height\":200,\"mime-type\":\"image\\\/jpeg\",\"filesize\":13759},\"large\":{\"file\":\"SHF_eb00220209-1024x683.jpg\",\"width\":1024,\"height\":683,\"mime-type\":\"image\\\/jpeg\",\"filesize\":92455},\"thumbnail\":{\"file\":\"SHF_eb00220209-150x150.jpg\",\"width\":150,\"height\":150,\"mime-type\":\"image\\\/jpeg\",\"filesize\":6680},\"medium_large\":{\"file\":\"SHF_eb00220209-768x512.jpg\",\"width\":768,\"height\":512,\"mime-type\":\"image\\\/jpeg\",\"filesize\":55908},\"small\":{\"file\":\"SHF_eb00220209-440x293.jpg\",\"width\":440,\"height\":293,\"mime-type\":\"image\\\/jpeg\",\"filesize\":24064},\"semi\":{\"file\":\"SHF_eb00220209-580x387.jpg\",\"width\":580,\"height\":387,\"mime-type\":\"image\\\/jpeg\",\"filesize\":36579},\"mobile\":{\"file\":\"SHF_eb00220209-720x480.jpg\",\"width\":720,\"height\":480,\"mime-type\":\"image\\\/jpeg\",\"filesize\":50391},\"hd\":{\"file\":\"SHF_eb00220209-1280x853.jpg\",\"width\":1280,\"height\":853,\"mime-type\":\"image\\\/jpeg\",\"filesize\":140713},\"full\":{\"file\":\"SHF_eb00220209-1920x1280.jpg\",\"width\":1920,\"height\":1280,\"mime-type\":\"image\\\/jpeg\",\"filesize\":324955},\"xxl\":{\"file\":\"SHF_eb00220209-4048x2699.jpg\",\"width\":4048,\"height\":2699,\"mime-type\":\"image\\\/jpeg\",\"filesize\":1723460},\"1536x1536\":{\"file\":\"SHF_eb00220209-1536x1024.jpg\",\"width\":1536,\"height\":1024,\"mime-type\":\"image\\\/jpeg\",\"filesize\":201653},\"2048x2048\":{\"file\":\"SHF_eb00220209-2048x1365.jpg\",\"width\":2048,\"height\":1365,\"mime-type\":\"image\\\/jpeg\",\"filesize\":373663},\"original\":{\"file\":\"SHF_eb00220209.jpg\",\"width\":6000,\"height\":4000}}},{\"id\":8,\"width\":5811,\"height\":3874,\"alt\":\"Ein Musiker spielt auf einer traditionellen Trommel bei einer Auff&uuml;hrung, umgeben von Publikum und bunten Lichtern im Hintergrund.\",\"title\":\"\",\"description\":\"\",\"label\":\"Veranstaltung &quot;Mit Pauken und Pal&auml;sten&quot; - Das Resident Music Collective spielt Musik zum Programm &quot;Hin und weg. Der Palast der Republik ist Gegenwart&quot; am 28.03.2024\",\"copyright\":\"Stiftung Humboldt Forum im Berliner Schloss, Foto: Frank Sperling\",\"path\":\"\\\/wp-content\\\/uploads\\\/2025\\\/05\\\/\",\"sizes\":{\"medium\":{\"file\":\"SHF_eb00220210-300x200.jpg\",\"width\":300,\"height\":200,\"mime-type\":\"image\\\/jpeg\",\"filesize\":18263},\"large\":{\"file\":\"SHF_eb00220210-1024x683.jpg\",\"width\":1024,\"height\":683,\"mime-type\":\"image\\\/jpeg\",\"filesize\":127118},\"thumbnail\":{\"file\":\"SHF_eb00220210-150x150.jpg\",\"width\":150,\"height\":150,\"mime-type\":\"image\\\/jpeg\",\"filesize\":8292},\"medium_large\":{\"file\":\"SHF_eb00220210-768x512.jpg\",\"width\":768,\"height\":512,\"mime-type\":\"image\\\/jpeg\",\"filesize\":80585},\"small\":{\"file\":\"SHF_eb00220210-440x293.jpg\",\"width\":440,\"height\":293,\"mime-type\":\"image\\\/jpeg\",\"filesize\":33908},\"semi\":{\"file\":\"SHF_eb00220210-580x387.jpg\",\"width\":580,\"height\":387,\"mime-type\":\"image\\\/jpeg\",\"filesize\":52720},\"mobile\":{\"file\":\"SHF_eb00220210-720x480.jpg\",\"width\":720,\"height\":480,\"mime-type\":\"image\\\/jpeg\",\"filesize\":72904},\"hd\":{\"file\":\"SHF_eb00220210-1280x853.jpg\",\"width\":1280,\"height\":853,\"mime-type\":\"image\\\/jpeg\",\"filesize\":179806},\"full\":{\"file\":\"SHF_eb00220210-1920x1280.jpg\",\"width\":1920,\"height\":1280,\"mime-type\":\"image\\\/jpeg\",\"filesize\":346908},\"xxl\":{\"file\":\"SHF_eb00220210-4048x2699.jpg\",\"width\":4048,\"height\":2699,\"mime-type\":\"image\\\/jpeg\",\"filesize\":1392941},\"1536x1536\":{\"file\":\"SHF_eb00220210-1536x1024.jpg\",\"width\":1536,\"height\":1024,\"mime-type\":\"image\\\/jpeg\",\"filesize\":239679},\"2048x2048\":{\"file\":\"SHF_eb00220210-2048x1365.jpg\",\"width\":2048,\"height\":1365,\"mime-type\":\"image\\\/jpeg\",\"filesize\":388909},\"original\":{\"file\":\"SHF_eb00220210.jpg\",\"width\":5811,\"height\":3874}}},{\"id\":9,\"width\":1280,\"height\":854,\"alt\":\"Ein K&uuml;nstler in stylischer Kleidung und Sonnenbrille tritt auf, w&auml;hrend das Publikum im bunten Licht zusieht.\",\"title\":\"\",\"description\":\"Veranstaltung &quot;Mit Pauken und Pal&auml;sten&quot; - Das Resident Music Collective spielt Musik zum Programm &quot;Hin und weg. \",\"label\":\"\",\"copyright\":\"Stiftung Humboldt Forum im Berliner Schloss, Foto: Frank Sperling\",\"path\":\"\\\/wp-content\\\/uploads\\\/2026\\\/08\\\/\",\"sizes\":{\"medium\":{\"file\":\"SHF_eb00220313-300x200.jpg\",\"width\":300,\"height\":200,\"mime-type\":\"image\\\/jpeg\",\"filesize\":15100},\"large\":{\"file\":\"SHF_eb00220313-1024x683.jpg\",\"width\":1024,\"height\":683,\"mime-type\":\"image\\\/jpeg\",\"filesize\":90144},\"thumbnail\":{\"file\":\"SHF_eb00220313-150x150.jpg\",\"width\":150,\"height\":150,\"mime-type\":\"image\\\/jpeg\",\"filesize\":7564},\"medium_large\":{\"file\":\"SHF_eb00220313-768x512.jpg\",\"width\":768,\"height\":512,\"mime-type\":\"image\\\/jpeg\",\"filesize\":58518},\"small\":{\"file\":\"SHF_eb00220313-440x294.jpg\",\"width\":440,\"height\":294,\"mime-type\":\"image\\\/jpeg\",\"filesize\":26397},\"semi\":{\"file\":\"SHF_eb00220313-580x387.jpg\",\"width\":580,\"height\":387,\"mime-type\":\"image\\\/jpeg\",\"filesize\":39624},\"mobile\":{\"file\":\"SHF_eb00220313-720x480.jpg\",\"width\":720,\"height\":480,\"mime-type\":\"image\\\/jpeg\",\"filesize\":52920},\"original\":{\"file\":\"SHF_eb00220313.jpg\",\"width\":1280,\"height\":854}}}]\t\t\t\t\t\t\t}\n\t\t\t\t\t\t\t<\/script>\n\n\t\t\t\t\t\t\t<swiper :options=\"options\" @slide-change=\"track\">\n\t\t\t\t\t\t\t\t<div class=\"swiper-slide\" :key=\"image.id\" v-for=\"image in images\">\n\t\t\t\t\t\t\t\t\t<block-gallery-item inline-template :image=\"image\">\n\t\t\t\t\t\t\t\t\t\t<figure class=\"swiper-slide-image-wrapper\" ref=\"parent\">\n\t\t\t\t\t\t\t\t\t\t\t<div class=\"width-container\" ref=\"container\" :style=\"style\">\n\t\t\t\t\t\t\t\t\t\t\t\t<div data-swiper-parallax-x=\"50%\">\n\t\t\t\t\t\t\t\t\t\t\t\t<img :src=\"image.src\" :alt=\"image.alt\" v-if=\"image.id < 2\">\n\t\t\t\t\t\t\t\t\t\t\t\t<img class=\"swiper-lazy\" :data-src=\"image.src\" :alt=\"image.alt\" v-else>\n\t\t\t\t\t\t\t\t\t\t\t\t<\/div>\n\t\t\t\t\t\t\t\t\t\t\t<\/div>\n\t\t\t\t\t\t\t\t\t\t<\/figure>\n\t\t\t\t\t\t\t\t\t<\/block-gallery-item>\n\n\t\t\t\t\t\t\t\t\t<figcaption>\n\t\t\t\t\t\t\t\t\t\t<div class=\"lazy-media-info-body-content\">\n\t\t\t\t\t\t\t\t\t\t\t<div v-if=\"image.label\" v-html=\"image.label\"><\/div>\n\t\t\t\t\t\t\t\t\t\t\t<div v-else-if=\"image.description\" v-html=\"image.description\"><\/div>\n\t\t\t\t\t\t\t\t\t\t\t<div class=\"insignificant\" v-if=\"image.copyright\" v-html=\"'\u00a9 '+image.copyright\"><\/div>\n\t\t\t\t\t\t\t\t\t\t<\/div>\n\t\t\t\t\t\t\t\t\t<\/figcaption>\n\t\t\t\t\t\t\t\t<\/div>\n\n\t\t\t\t\t\t\t\t<div class=\"swiper-pagination\"  slot=\"pagination\"><\/div>\n\n\t\t\t\t\t\t\t\t<button class=\"icon-round swiper-button-prev\" slot=\"button-prev\" aria-label=\"Vorheriges Bild\">\n\t\t\t\t\t\t\t\t\t<span class=\"icon-next\" aria-hidden=\"true\"><\/span>\n\t\t\t\t\t\t\t\t<\/button>\n\n\t\t\t\t\t\t\t\t<button class=\"icon-round swiper-button-next\" slot=\"button-next\" aria-label=\"N\u00e4chstes Bild\">\n\t\t\t\t\t\t\t\t\t<span class=\"icon-next\" aria-hidden=\"true\"><\/span>\n\t\t\t\t\t\t\t\t<\/button>\n\t\t\t\t\t\t\t<\/swiper>\n\t\t\t\t\t\t<\/div>\n\t\t\t\t\t<\/block-gallery>\n\t\t\t\t<\/div>\n\t\t\t<\/div>\n\t\t<\/div>\n\t<\/div>\n<\/section>\n\n<section class=\"block block-copy\" >\n    <div class=\"container-fluid\">\n\t\t<div class=\"row \">\n            <div class=\"col-xs-12 col-md-offset-2 col-md-8\">\n                <div class=\"box\">\n                    <div class=\"copy\"><p>Die Musiker*innen und ihre Instrumente aus verschiedenen Regionen der Welt gestalten ein Konzert, das Begegnungen erm\u00f6glicht und unterschiedliche Perspektiven h\u00f6rbar macht. Das Publikum ist eingeladen, sich frei im Raum zu bewegen und seinen eigenen Zugang zum Klangerlebnis zu finden.<\/p>\n<\/div>\n                <\/div>\n            <\/div>\n\t\t<\/div>\n\t\t    <\/div>\n<\/section>\n\n<section class=\"block block-teaser col-1 has-bg\" style=\"--teaser-bg:#f4f4f4\">\n\t<lazy-component :fixed-min-height=\"400\">\n\t\n\t\t\t\t\t<div class=\"container-fluid\">\n\t\t\t\t<div class=\"row bottom-xs\">\n\t\t\t\t\t<div class=\"col-xs-12 col-sm-10 col-md-8 col-sm-offset-1 col-md-offset-2\">\n\t\t\t\t\t\t<h4>Konzerte<\/h4>\t\t\t\t\t\t\t\t\t\t\t\t\t\t\t\t\t\t\t<\/div>\n\t\t\t\t\t<div class=\"col-xs-12 col-sm-10 col-md-8 col-sm-offset-1 col-md-offset-2 start-xs end-md margin-bottom-sixth\">\n\t\t\t\t\t\t<a href=\"https:\/\/www.humboldtforum.org\/de\/programm\/?belongsto=170402&#038;archive=1\" class=\"normalcase small noborder\" role=\"button\">Alle anzeigen (4)<\/a>\t\t\t\t\t<\/div>\n\t\t\t\t<\/div>\n\t\t\t\t<ul class=\"row\">\n\t\t\t\n<li class=\"col-xs-12 teaser-wrapper col-padding-remove\">\n\t<calendarteaser key=\"1513584868\" rawitem='{&quot;postId&quot;:151358,&quot;title&quot;:&quot;Klangverwandtschaften&quot;,&quot;excerpt&quot;:&quot;&quot;,&quot;slug&quot;:&quot;klangverwandschaften&quot;,&quot;post_date&quot;:&quot;2025-09-05T16:46&quot;,&quot;type&quot;:&quot;event&quot;,&quot;permalink&quot;:&quot;https:\\\/\\\/www.humboldtforum.org\\\/de\\\/programm\\\/termin\\\/konzert\\\/klangverwandschaften-151358\\\/&quot;,&quot;genre&quot;:[393],&quot;genre_details&quot;:[{&quot;text&quot;:&quot;Konzert&quot;,&quot;id&quot;:393,&quot;icon&quot;:null,&quot;parent&quot;:0}],&quot;place&quot;:[1179],&quot;place_details&quot;:{&quot;place&quot;:&quot;Humboldt Forum&quot;,&quot;map&quot;:&quot;Humboldt Forum, Schlossplatz, Berlin&quot;,&quot;room&quot;:&quot;Saal 1, EG&quot;},&quot;icon_overwrite&quot;:&quot;&quot;,&quot;acf&quot;:{&quot;noindex&quot;:false,&quot;keywords&quot;:&quot;&quot;,&quot;hashtag&quot;:&quot;HumboldtForum&quot;,&quot;belongsto&quot;:[170402],&quot;shorturl&quot;:&quot;&quot;,&quot;times&quot;:[{&quot;start&quot;:&quot;20261024 19:00&quot;,&quot;end&quot;:&quot;21:00&quot;,&quot;status&quot;:&quot;BUY&quot;,&quot;info&quot;:&quot;20 EUR \\\/ erm\\u00e4\\u00dfigt 10 EUR &quot;,&quot;shop&quot;:&quot;https:\\\/\\\/tickets.humboldtforum.org\\\/#\\\/product\\\/event\\\/627?date=2026-10-24&amp;date_id=30295&amp;lang=de&quot;,&quot;i&quot;:3,&quot;start_hour&quot;:&quot;19:00&quot;,&quot;start_HRF&quot;:&quot;Sa, 24. Oktober 2026&quot;,&quot;_date&quot;:{&quot;date&quot;:&quot;2026-10-24 21:00:00.000000&quot;,&quot;timezone_type&quot;:3,&quot;timezone&quot;:&quot;Europe\\\/Berlin&quot;},&quot;_fromdate&quot;:&quot;20261024 19:00&quot;,&quot;start_TS&quot;:1792861200,&quot;start_HRFSHORT&quot;:&quot;24.10.26&quot;,&quot;start_HRFSHORT_WD&quot;:&quot;Sa 24.10.2026&quot;,&quot;end_TS&quot;:1792868400,&quot;can_purchase&quot;:true},{&quot;start&quot;:&quot;20261025 11:00&quot;,&quot;end&quot;:&quot;13:00&quot;,&quot;status&quot;:&quot;BUY&quot;,&quot;info&quot;:&quot;20 EUR \\\/ erm\\u00e4\\u00dfigt 10 EUR &quot;,&quot;shop&quot;:&quot;https:\\\/\\\/tickets.humboldtforum.org\\\/#\\\/product\\\/event\\\/627?date=2026-10-25&amp;date_id=30296&amp;lang=de&quot;,&quot;i&quot;:4,&quot;start_hour&quot;:&quot;11:00&quot;,&quot;start_HRF&quot;:&quot;So, 25. Oktober 2026&quot;,&quot;_date&quot;:{&quot;date&quot;:&quot;2026-10-25 13:00:00.000000&quot;,&quot;timezone_type&quot;:3,&quot;timezone&quot;:&quot;Europe\\\/Berlin&quot;},&quot;_fromdate&quot;:&quot;20261025 11:00&quot;,&quot;start_TS&quot;:1792922400,&quot;start_HRFSHORT&quot;:&quot;25.10.26&quot;,&quot;start_HRFSHORT_WD&quot;:&quot;So 25.10.2026&quot;,&quot;end_TS&quot;:1792929600,&quot;can_purchase&quot;:true}],&quot;planning&quot;:{&quot;price&quot;:&quot;20 EUR \\\/ erm\\u00e4\\u00dfigt 10 EUR &quot;,&quot;admission&quot;:&quot;&quot;,&quot;pause&quot;:&quot;&quot;,&quot;duration&quot;:&quot;&quot;},&quot;subline&quot;:&quot;Das Resident Music Collective spielt Musik zum Thema Familie&quot;,&quot;additional_info&quot;:{&quot;icon&quot;:&quot;icon-gruppen&quot;,&quot;text&quot;:&quot;Das Konzert ist f\\u00fcr alle Menschen ab 3 geeignet.&quot;},&quot;highlight_header&quot;:false,&quot;use_video_in_teasers&quot;:false,&quot;hyphenation&quot;:true,&quot;tipp&quot;:false,&quot;joker&quot;:false,&quot;live&quot;:false,&quot;hide_event_in_program&quot;:false,&quot;gomus_id&quot;:&quot;&quot;,&quot;featured_images&quot;:[170486],&quot;hm_id&quot;:&quot;&quot;,&quot;highlight_header_image&quot;:151360,&quot;has_mobile_format&quot;:false},&quot;date&quot;:{&quot;NX&quot;:&quot;20261024&quot;,&quot;NXX&quot;:&quot;202610241900&quot;,&quot;NLAST&quot;:&quot;202610250800&quot;,&quot;from_DATE&quot;:&quot;20260403 19:00&quot;,&quot;from&quot;:1775228400,&quot;to&quot;:1792915200,&quot;to_DATE&quot;:&quot;20261025 11:00&quot;,&quot;from_HRFSHORT&quot;:&quot; 3. Apr 2026&quot;,&quot;from_HRFSHORT_WD&quot;:&quot;Fr 03.04.2026&quot;,&quot;to_HRFSHORT&quot;:&quot;25. Okt 2026&quot;,&quot;to_HRFSHORT_WD&quot;:&quot;So 25.10.2026&quot;,&quot;from_HRF&quot;:&quot;Fr,  3. April 2026&quot;,&quot;to_HRF&quot;:&quot;So, 25. Oktober 2026&quot;,&quot;from_to_HRF&quot;:&quot;Fr,  3. April \\u2013 So, 25. Oktober 2026&quot;,&quot;from_to_HRFSHORT&quot;:&quot; 3. Apr \\u2013 25. Okt 2026&quot;},&quot;alert&quot;:null,&quot;partof&quot;:[&quot;170402&quot;],&quot;marketing_topic&quot;:{&quot;title&quot;:&quot;Resident Music Collective&quot;,&quot;ID&quot;:&quot;170402&quot;,&quot;reason&quot;:&quot;sequence&quot;}}' inline-template>\n\t<a href=\"https:\/\/www.humboldtforum.org\/de\/programm\/termin\/konzert\/klangverwandschaften-151358\/\" class=\"teaser teaser-event teaser-event-standard\">\n\t\t<div class=\"row\">\n\t\t\t<div class=\"col-xs-12 col-sm-6 col-md-5 col-sm-offset-1 col-md-offset-2 first-sm teaser-event-text Infos\">\n\t\t\t\t<div class=\"teaser-event-standard-text\">\n\t\t\t\t\t<div class=\"margin-bottom-atom\">\n\t\t\t\t\t\t<div class=\"subline clamp-1\" v-html=\"maingenre\"><\/div>\n\t\t\t\t\t\t\t\t\t\t\t\t\t<div class=\"insignificant clamp-2\">Resident Music Collective<\/div>\n\t\t\t\t\t\t\t\t\t\t\t<\/div>\n\t\t\t\t\n\t\t\t\t\t<strong class=\"margin-bottom-atom h5\">Klangverwandtschaften<\/strong>\n\n\t\t\t\t\t\t\t\t\t\t\t<div class=\"\">Das Resident Music Collective spielt Musik zum Thema Familie<\/div>\n\t\t\t\t\t\t\t\t\t<\/div>\n\t\t\t\t<div class=\"teaser-bottom border-bottom\">\n\t\t\t\t<calendardateline :rawitem='item' :show-icon=\"true\"><\/calendardateline>\n\t\t\t\t\t<hr>\n\t\t\t\t<\/div>\n\t\t\t<\/div>\n\t\t\t<div class=\"col-xs-12 col-sm-4 col-md-3 teaser-event-image bottom-xs first-xs\">\n\t\t\t\t<div class=\"teaser-image teaser-image-no-alternate\">\n\t\t\t\t\t\t\t\t\t\t\t\n\t<lazy-media-inline inline-template>\n\t\t<figure itemscope itemtype=\"http:\/\/schema.org\/ImageObject\" class=\"lazy-media-inline \" role=\"group\" id=\"media_6a9acd06901e3\" aria-labelledby=\"desc_media_6a9acd06901e3\">\n\t\t\t<script type=\"application\/json\" ref=\"data\">\n\t\t\t\t{\n\t\t\t\t\"sizes\" : {\"medium\":{\"file\":\"SHF_eb00261543-300x176.jpg\",\"width\":300,\"height\":176,\"mime-type\":\"image\\\/jpeg\",\"filesize\":7507},\"large\":{\"file\":\"SHF_eb00261543-1024x599.jpg\",\"width\":1024,\"height\":599,\"mime-type\":\"image\\\/jpeg\",\"filesize\":46597},\"thumbnail\":{\"file\":\"SHF_eb00261543-150x150.jpg\",\"width\":150,\"height\":150,\"mime-type\":\"image\\\/jpeg\",\"filesize\":4826},\"medium_large\":{\"file\":\"SHF_eb00261543-768x449.jpg\",\"width\":768,\"height\":449,\"mime-type\":\"image\\\/jpeg\",\"filesize\":30114},\"small\":{\"file\":\"SHF_eb00261543-440x257.jpg\",\"width\":440,\"height\":257,\"mime-type\":\"image\\\/jpeg\",\"filesize\":13337},\"semi\":{\"file\":\"SHF_eb00261543-580x339.jpg\",\"width\":580,\"height\":339,\"mime-type\":\"image\\\/jpeg\",\"filesize\":19893},\"mobile\":{\"file\":\"SHF_eb00261543-720x421.jpg\",\"width\":720,\"height\":421,\"mime-type\":\"image\\\/jpeg\",\"filesize\":27336},\"original\":{\"file\":\"SHF_eb00261543.jpg\",\"width\":1280,\"height\":749}},\n\t\t\t\t\"alt\" : \"L\\u00e4chelnder Musiker spielt Gitarre auf der B\\u00fchne, im Hintergrund sind schemenhafte Zuschauer zu sehen.\",\n\t\t\t\t\"path\" : \"\\\/wp-content\\\/uploads\\\/2026\\\/08\\\/\",\n\t\t\t\t\"video\" : null,\n\t\t\t\t\"autoplay\" : null,\n\t\t\t\t\"youtube\" : null,\n\t\t\t\t\"youtubelabel\" : \"Video abspielen\",\n\t\t\t\t\"brightness\" : 100,\n\t\t\t\t\"crop\" : {\"top\":\"25.71\",\"left\":\"53.87\"},\n\t\t\t\t\"background\" : true,\n\t\t\t\t\"scale\" : 2\t\t\t\t}\n\t\t\t<\/script>\n\n\t\t\t<div class=\"height-container\" style=\"padding-bottom:58.515625%;\" v-if=\"sizes\">\n\t\t\t\t\t\t\t\t<lazy-media :inline=\"true\" :alt=\"alt\" :sizes=\"sizes\" :scale=\"scale\" :brightness=\"brightness\" :path=\"path\" :video=\"video\" :autoplay=\"autoplay\" :youtube=\"youtube\" :crop=\"crop\" :youtubelabel=\"youtubelabel\" :background=\"background\" media-id=\"desc_media_6a9acd06901e3\"><\/lazy-media>\n\t\t\t\t\t\t\t<\/div>\n\n\t\t\t\t\t\t\t<figcaption class=\"sr-only\" ref=\"body\" id=\"desc_media_6a9acd06901e3\">\n\t\t\t\t\t\t\t\t\t\t\t\t\t\t\t\t<div>Veranstaltung &quot;Mit Pauken und Pal&auml;sten&quot; &#8211; Das Resident Music Collective spielt Musik zum Programm &quot;Hin und weg. Der Palast der Republik ist Gegenwart&quot; <\/div>\n\t\t\t\t\t\t\t\t\t\t\t\t\t\t\t\t<div class=\"insignificant\">\u00a9 Stiftung Humboldt Forum im Berliner Schloss, Foto: Frank Sperling\r\n<\/div>\n\t\t\t\t\t\t\t\t\t<\/figcaption>\n\t\t\t\t\t<\/figure>\n\t<\/lazy-media-inline>\n\t\t\t\t<\/div>\n\t\t\t<\/div>\n\t\t<\/div>\n\t<\/a>\n\t<\/calendarteaser>\n<\/li>\n\n\n<li class=\"col-xs-12 teaser-wrapper col-padding-remove\">\n\t<calendarteaser key=\"14711419804\" rawitem='{&quot;postId&quot;:147114,&quot;title&quot;:&quot;Resident Music Collective&quot;,&quot;excerpt&quot;:&quot;&quot;,&quot;slug&quot;:&quot;resident-music-collective&quot;,&quot;post_date&quot;:&quot;2025-05-28T12:03&quot;,&quot;type&quot;:&quot;event&quot;,&quot;permalink&quot;:&quot;https:\\\/\\\/www.humboldtforum.org\\\/de\\\/programm\\\/termin\\\/konzert\\\/resident-music-collective-147114\\\/&quot;,&quot;genre&quot;:[393],&quot;genre_details&quot;:[{&quot;text&quot;:&quot;Konzert&quot;,&quot;id&quot;:393,&quot;icon&quot;:null,&quot;parent&quot;:0}],&quot;stakeholder&quot;:[382],&quot;stakeholder_details&quot;:[{&quot;text&quot;:&quot;Stiftung Humboldt Forum im Berliner Schloss&quot;,&quot;id&quot;:382,&quot;icon&quot;:null,&quot;parent&quot;:0}],&quot;place&quot;:[510],&quot;place_details&quot;:{&quot;place&quot;:&quot;Humboldt Forum&quot;,&quot;map&quot;:&quot;Humboldt Forum, Schlossplatz, Berlin&quot;,&quot;room&quot;:&quot;Schl\\u00fcterhof&quot;},&quot;icon_overwrite&quot;:&quot;&quot;,&quot;acf&quot;:{&quot;noindex&quot;:false,&quot;keywords&quot;:&quot;&quot;,&quot;hashtag&quot;:&quot;HumboldtForum&quot;,&quot;belongsto&quot;:[146649,146134,170402],&quot;shorturl&quot;:&quot;&quot;,&quot;times&quot;:[],&quot;planning&quot;:{&quot;price&quot;:&quot;&quot;,&quot;admission&quot;:&quot;&quot;,&quot;pause&quot;:&quot;&quot;,&quot;duration&quot;:&quot;&quot;},&quot;subline&quot;:&quot;Abschlusskonzert der Global Cultural Assembly&quot;,&quot;additional_info&quot;:{&quot;icon&quot;:&quot;0&quot;,&quot;text&quot;:&quot;&quot;},&quot;highlight_header&quot;:false,&quot;featured_images&quot;:[129114],&quot;use_video_in_teasers&quot;:false,&quot;hyphenation&quot;:true,&quot;tipp&quot;:false,&quot;joker&quot;:false,&quot;live&quot;:false,&quot;hide_event_in_program&quot;:false,&quot;gomus_id&quot;:&quot;&quot;,&quot;hm_id&quot;:&quot;&quot;},&quot;date&quot;:{&quot;NX&quot;:null,&quot;NXX&quot;:null,&quot;NLAST&quot;:&quot;202506211400&quot;,&quot;from_DATE&quot;:&quot;20250621 18:00&quot;,&quot;from&quot;:1750514400,&quot;to&quot;:1750514400,&quot;to_DATE&quot;:&quot;20250621 18:00&quot;,&quot;from_HRFSHORT&quot;:&quot;21. Jun 2025&quot;,&quot;from_HRFSHORT_WD&quot;:&quot;Sa 21.06.2025&quot;,&quot;to_HRFSHORT&quot;:&quot;21. Jun 2025&quot;,&quot;to_HRFSHORT_WD&quot;:&quot;Sa 21.06.2025&quot;,&quot;from_HRF&quot;:&quot;Sa, 21. Juni 2025&quot;,&quot;to_HRF&quot;:&quot;Sa, 21. Juni 2025&quot;,&quot;from_to_HRF&quot;:&quot;Sa, 21. Juni \\u2013 Sa, 21. Juni 2025&quot;,&quot;from_to_HRFSHORT&quot;:&quot;21. Jun \\u2013 21. Jun 2025&quot;},&quot;alert&quot;:null,&quot;partof&quot;:[170402],&quot;marketing_topic&quot;:{&quot;title&quot;:&quot;Resident Music Collective&quot;,&quot;ID&quot;:170402,&quot;reason&quot;:&quot;sequence&quot;}}' inline-template>\n\t<a href=\"https:\/\/www.humboldtforum.org\/de\/programm\/termin\/konzert\/resident-music-collective-147114\/\" class=\"teaser teaser-event teaser-event-standard\">\n\t\t<div class=\"row\">\n\t\t\t<div class=\"col-xs-12 col-sm-6 col-md-5 col-sm-offset-1 col-md-offset-2 first-sm teaser-event-text Infos\">\n\t\t\t\t<div class=\"teaser-event-standard-text\">\n\t\t\t\t\t<div class=\"margin-bottom-atom\">\n\t\t\t\t\t\t<div class=\"subline clamp-1\" v-html=\"maingenre\"><\/div>\n\t\t\t\t\t\t\t\t\t\t\t\t\t<div class=\"insignificant clamp-2\">Resident Music Collective<\/div>\n\t\t\t\t\t\t\t\t\t\t\t<\/div>\n\t\t\t\t\n\t\t\t\t\t<strong class=\"margin-bottom-atom h5\">Resident Music Collective<\/strong>\n\n\t\t\t\t\t\t\t\t\t\t\t<div class=\"\">Abschlusskonzert der Global Cultural Assembly<\/div>\n\t\t\t\t\t\t\t\t\t<\/div>\n\t\t\t\t<div class=\"teaser-bottom border-bottom\">\n\t\t\t\t<calendardateline :rawitem='item' :show-icon=\"true\"><\/calendardateline>\n\t\t\t\t\t<hr>\n\t\t\t\t<\/div>\n\t\t\t<\/div>\n\t\t\t<div class=\"col-xs-12 col-sm-4 col-md-3 teaser-event-image bottom-xs first-xs\">\n\t\t\t\t<div class=\"teaser-image teaser-image-no-alternate\">\n\t\t\t\t\t\t\t\t\t\t\t\n\t<lazy-media-inline inline-template>\n\t\t<figure itemscope itemtype=\"http:\/\/schema.org\/ImageObject\" class=\"lazy-media-inline \" role=\"group\" id=\"media_6a9acd0691dfc\" aria-labelledby=\"desc_media_6a9acd0691dfc\">\n\t\t\t<script type=\"application\/json\" ref=\"data\">\n\t\t\t\t{\n\t\t\t\t\"sizes\" : {\"medium\":{\"file\":\"SHF_eb00201766-300x200.jpg\",\"width\":300,\"height\":200,\"mime-type\":\"image\\\/jpeg\",\"filesize\":21404},\"large\":{\"file\":\"SHF_eb00201766-1024x683.jpg\",\"width\":1024,\"height\":683,\"mime-type\":\"image\\\/jpeg\",\"filesize\":139471},\"thumbnail\":{\"file\":\"SHF_eb00201766-150x150.jpg\",\"width\":150,\"height\":150,\"mime-type\":\"image\\\/jpeg\",\"filesize\":9782},\"medium_large\":{\"file\":\"SHF_eb00201766-768x512.jpg\",\"width\":768,\"height\":512,\"mime-type\":\"image\\\/jpeg\",\"filesize\":91074},\"small\":{\"file\":\"SHF_eb00201766-440x293.jpg\",\"width\":440,\"height\":293,\"mime-type\":\"image\\\/jpeg\",\"filesize\":39430},\"semi\":{\"file\":\"SHF_eb00201766-580x387.jpg\",\"width\":580,\"height\":387,\"mime-type\":\"image\\\/jpeg\",\"filesize\":60644},\"mobile\":{\"file\":\"SHF_eb00201766-720x480.jpg\",\"width\":720,\"height\":480,\"mime-type\":\"image\\\/jpeg\",\"filesize\":82546},\"hd\":{\"file\":\"SHF_eb00201766-1280x854.jpg\",\"width\":1280,\"height\":854,\"mime-type\":\"image\\\/jpeg\",\"filesize\":192219},\"full\":{\"file\":\"SHF_eb00201766-1920x1281.jpg\",\"width\":1920,\"height\":1281,\"mime-type\":\"image\\\/jpeg\",\"filesize\":342267},\"1536x1536\":{\"file\":\"SHF_eb00201766-1536x1025.jpg\",\"width\":1536,\"height\":1025,\"mime-type\":\"image\\\/jpeg\",\"filesize\":250161},\"original\":{\"file\":\"SHF_eb00201766.jpg\",\"width\":2000,\"height\":1334}},\n\t\t\t\t\"alt\" : \"Menschen tanzen fr\\u00f6hlich in einem lebhaften Au\\u00dfenbereich mit S\\u00e4ulen und \\u00fcppigen Pflanzen.\",\n\t\t\t\t\"path\" : \"\\\/wp-content\\\/uploads\\\/2024\\\/05\\\/\",\n\t\t\t\t\"video\" : null,\n\t\t\t\t\"autoplay\" : null,\n\t\t\t\t\"youtube\" : null,\n\t\t\t\t\"youtubelabel\" : \"Video abspielen\",\n\t\t\t\t\"brightness\" : 100,\n\t\t\t\t\"crop\" : {\"top\":\"50.00\",\"left\":\"50.00\"},\n\t\t\t\t\"background\" : true,\n\t\t\t\t\"scale\" : 2\t\t\t\t}\n\t\t\t<\/script>\n\n\t\t\t<div class=\"height-container\" style=\"padding-bottom:66.7%;\" v-if=\"sizes\">\n\t\t\t\t\t\t\t\t<lazy-media :inline=\"true\" :alt=\"alt\" :sizes=\"sizes\" :scale=\"scale\" :brightness=\"brightness\" :path=\"path\" :video=\"video\" :autoplay=\"autoplay\" :youtube=\"youtube\" :crop=\"crop\" :youtubelabel=\"youtubelabel\" :background=\"background\" media-id=\"desc_media_6a9acd0691dfc\"><\/lazy-media>\n\t\t\t\t\t\t\t<\/div>\n\n\t\t\t\t\t\t\t<figcaption class=\"sr-only\" ref=\"body\" id=\"desc_media_6a9acd0691dfc\">\n\t\t\t\t\t\t\t\t\t\t\t<div>Besucher*innen bei Durchl&uuml;ften &ndash; Open Air im Schl&uuml;terhof 2023<\/div>\n\t\t\t\t\t\t\t\t\t\t\t\t\t\t\t\t\t\t\t\t\t<div class=\"insignificant\">\u00a9 Stiftung Humboldt Forum im Berliner Schloss \/ Foto: Frank Sperling<\/div>\n\t\t\t\t\t\t\t\t\t<\/figcaption>\n\t\t\t\t\t<\/figure>\n\t<\/lazy-media-inline>\n\t\t\t\t<\/div>\n\t\t\t<\/div>\n\t\t<\/div>\n\t<\/a>\n\t<\/calendarteaser>\n<\/li>\n\n\n<li class=\"col-xs-12 teaser-wrapper col-padding-remove\">\n\t<calendarteaser key=\"701656693\" rawitem='{&quot;postId&quot;:70165,&quot;title&quot;:&quot;Sternenstaub&quot;,&quot;excerpt&quot;:&quot;&quot;,&quot;slug&quot;:&quot;sternenstaub&quot;,&quot;post_date&quot;:&quot;2023-02-07T17:58&quot;,&quot;type&quot;:&quot;event&quot;,&quot;permalink&quot;:&quot;https:\\\/\\\/www.humboldtforum.org\\\/de\\\/programm\\\/termin\\\/konzert\\\/sternenstaub-70165\\\/&quot;,&quot;genre&quot;:[393],&quot;genre_details&quot;:[{&quot;text&quot;:&quot;Konzert&quot;,&quot;id&quot;:393,&quot;icon&quot;:null,&quot;parent&quot;:0}],&quot;stakeholder&quot;:[382],&quot;stakeholder_details&quot;:[{&quot;text&quot;:&quot;Stiftung Humboldt Forum im Berliner Schloss&quot;,&quot;id&quot;:382,&quot;icon&quot;:null,&quot;parent&quot;:0}],&quot;place&quot;:[1179],&quot;place_details&quot;:{&quot;place&quot;:&quot;Humboldt Forum&quot;,&quot;map&quot;:&quot;Humboldt Forum, Schlossplatz, Berlin&quot;,&quot;room&quot;:&quot;Saal 1, EG&quot;},&quot;icon_overwrite&quot;:&quot;&quot;,&quot;acf&quot;:{&quot;noindex&quot;:false,&quot;keywords&quot;:&quot;&quot;,&quot;belongsto&quot;:[170402],&quot;shorturl&quot;:&quot;&quot;,&quot;hashtag&quot;:&quot;HumboldtForum&quot;,&quot;planning&quot;:{&quot;price&quot;:&quot;16 EUR, erm\\u00e4\\u00dfigt 8 EUR&quot;,&quot;admission&quot;:&quot;&quot;,&quot;pause&quot;:&quot;&quot;,&quot;duration&quot;:&quot;&quot;},&quot;subline&quot;:&quot;Das Resident Music Collective spielt Musik zwischen Leben und Tod&quot;,&quot;additional_info&quot;:{&quot;icon&quot;:&quot;0&quot;,&quot;text&quot;:&quot;&quot;},&quot;highlight_header&quot;:true,&quot;use_video_in_teasers&quot;:false,&quot;hyphenation&quot;:true,&quot;tipp&quot;:false,&quot;joker&quot;:false,&quot;live&quot;:false,&quot;hide_event_in_program&quot;:false,&quot;gomus_id&quot;:&quot;&quot;,&quot;hm_id&quot;:&quot;&quot;,&quot;featured_images&quot;:[72904],&quot;times&quot;:[],&quot;tickettext&quot;:&quot;Bitte buchen Sie Ihr Ticket vorab online oder an der Kasse im Foyer.&quot;,&quot;highlight_header_image&quot;:120926,&quot;has_mobile_format&quot;:true,&quot;infotext&quot;:&quot;Die Ticketbuchung wird jeweils im Vormonat der Veranstaltung freigeschaltet.&quot;,&quot;highlight_header_image_mobile&quot;:120682},&quot;date&quot;:{&quot;NX&quot;:null,&quot;NXX&quot;:null,&quot;NLAST&quot;:&quot;202504191500&quot;,&quot;from_DATE&quot;:&quot;20250417 19:00&quot;,&quot;from&quot;:1744902000,&quot;to&quot;:1745074800,&quot;to_DATE&quot;:&quot;20250419 19:00&quot;,&quot;from_HRFSHORT&quot;:&quot;17. Apr 2025&quot;,&quot;from_HRFSHORT_WD&quot;:&quot;Do 17.04.2025&quot;,&quot;to_HRFSHORT&quot;:&quot;19. Apr 2025&quot;,&quot;to_HRFSHORT_WD&quot;:&quot;Sa 19.04.2025&quot;,&quot;from_HRF&quot;:&quot;Do, 17. April 2025&quot;,&quot;to_HRF&quot;:&quot;Sa, 19. April 2025&quot;,&quot;from_to_HRF&quot;:&quot;Do, 17. April \\u2013 Sa, 19. April 2025&quot;,&quot;from_to_HRFSHORT&quot;:&quot;17. Apr \\u2013 19. Apr 2025&quot;},&quot;alert&quot;:&quot;Highlight&quot;,&quot;partof&quot;:[170402],&quot;marketing_topic&quot;:{&quot;title&quot;:&quot;Resident Music Collective&quot;,&quot;ID&quot;:170402,&quot;reason&quot;:&quot;sequence&quot;}}' inline-template>\n\t<a href=\"https:\/\/www.humboldtforum.org\/de\/programm\/termin\/konzert\/sternenstaub-70165\/\" class=\"teaser teaser-event teaser-event-standard\">\n\t\t<div class=\"row\">\n\t\t\t<div class=\"col-xs-12 col-sm-6 col-md-5 col-sm-offset-1 col-md-offset-2 first-sm teaser-event-text Infos\">\n\t\t\t\t<div class=\"teaser-event-standard-text\">\n\t\t\t\t\t<div class=\"margin-bottom-atom\">\n\t\t\t\t\t\t<div class=\"subline clamp-1\" v-html=\"maingenre\"><\/div>\n\t\t\t\t\t\t\t\t\t\t\t\t\t<div class=\"insignificant clamp-2\">Resident Music Collective<\/div>\n\t\t\t\t\t\t\t\t\t\t\t<\/div>\n\t\t\t\t\n\t\t\t\t\t<strong class=\"margin-bottom-atom h5\">Sternenstaub<\/strong>\n\n\t\t\t\t\t\t\t\t\t\t\t<div class=\"\">Das Resident Music Collective spielt Musik zwischen Leben und Tod<\/div>\n\t\t\t\t\t\t\t\t\t<\/div>\n\t\t\t\t<div class=\"teaser-bottom border-bottom\">\n\t\t\t\t<calendardateline :rawitem='item' :show-icon=\"true\"><\/calendardateline>\n\t\t\t\t\t<hr>\n\t\t\t\t<\/div>\n\t\t\t<\/div>\n\t\t\t<div class=\"col-xs-12 col-sm-4 col-md-3 teaser-event-image bottom-xs first-xs\">\n\t\t\t\t<div class=\"teaser-image teaser-image-no-alternate\">\n\t\t\t\t\t\t\t\t\t\t\t\t\t<span class=\"alert\">Highlight<\/span>\n\t\t\t\t\t\t\t\t\t\t\t\n\t<lazy-media-inline inline-template>\n\t\t<figure itemscope itemtype=\"http:\/\/schema.org\/ImageObject\" class=\"lazy-media-inline \" role=\"group\" id=\"media_6a9acd0693ad2\" aria-labelledby=\"desc_media_6a9acd0693ad2\">\n\t\t\t<script type=\"application\/json\" ref=\"data\">\n\t\t\t\t{\n\t\t\t\t\"sizes\" : {\"medium\":{\"file\":\"SHF_eb00215462-176x300.jpg\",\"width\":176,\"height\":300,\"mime-type\":\"image\\\/jpeg\",\"filesize\":8770},\"large\":{\"file\":\"SHF_eb00215462-600x1024.jpg\",\"width\":600,\"height\":1024,\"mime-type\":\"image\\\/jpeg\",\"filesize\":58514},\"thumbnail\":{\"file\":\"SHF_eb00215462-150x150.jpg\",\"width\":150,\"height\":150,\"mime-type\":\"image\\\/jpeg\",\"filesize\":5201},\"medium_large\":{\"file\":\"SHF_eb00215462-768x1312.jpg\",\"width\":768,\"height\":1312,\"mime-type\":\"image\\\/jpeg\",\"filesize\":85900},\"small\":{\"file\":\"SHF_eb00215462-258x440.jpg\",\"width\":258,\"height\":440,\"mime-type\":\"image\\\/jpeg\",\"filesize\":15936},\"semi\":{\"file\":\"SHF_eb00215462-340x580.jpg\",\"width\":340,\"height\":580,\"mime-type\":\"image\\\/jpeg\",\"filesize\":24567},\"mobile\":{\"file\":\"SHF_eb00215462-422x720.jpg\",\"width\":422,\"height\":720,\"mime-type\":\"image\\\/jpeg\",\"filesize\":34097},\"hd\":{\"file\":\"SHF_eb00215462-749x1280.jpg\",\"width\":749,\"height\":1280,\"mime-type\":\"image\\\/jpeg\",\"filesize\":82536},\"full\":{\"file\":\"SHF_eb00215462-1124x1920.jpg\",\"width\":1124,\"height\":1920,\"mime-type\":\"image\\\/jpeg\",\"filesize\":160529},\"1536x1536\":{\"file\":\"SHF_eb00215462-899x1536.jpg\",\"width\":899,\"height\":1536,\"mime-type\":\"image\\\/jpeg\",\"filesize\":111226},\"2048x2048\":{\"file\":\"SHF_eb00215462-1199x2048.jpg\",\"width\":1199,\"height\":2048,\"mime-type\":\"image\\\/jpeg\",\"filesize\":178350},\"original\":{\"file\":\"SHF_eb00215462.jpg\",\"width\":1780,\"height\":3040}},\n\t\t\t\t\"alt\" : \"Musiker auf der B\\u00fchne: Einer spielt Instrumente, w\\u00e4hrend der andere sitzt und in bunten Lichtern zuschaut.\",\n\t\t\t\t\"path\" : \"\\\/wp-content\\\/uploads\\\/2023\\\/02\\\/\",\n\t\t\t\t\"video\" : null,\n\t\t\t\t\"autoplay\" : null,\n\t\t\t\t\"youtube\" : null,\n\t\t\t\t\"youtubelabel\" : \"Video abspielen\",\n\t\t\t\t\"brightness\" : 100,\n\t\t\t\t\"crop\" : {\"top\":\"40.57\",\"left\":\"50.17\"},\n\t\t\t\t\"background\" : true,\n\t\t\t\t\"scale\" : 2\t\t\t\t}\n\t\t\t<\/script>\n\n\t\t\t<div class=\"height-container\" style=\"padding-bottom:170.78651685393%;\" v-if=\"sizes\">\n\t\t\t\t\t\t\t\t<lazy-media :inline=\"true\" :alt=\"alt\" :sizes=\"sizes\" :scale=\"scale\" :brightness=\"brightness\" :path=\"path\" :video=\"video\" :autoplay=\"autoplay\" :youtube=\"youtube\" :crop=\"crop\" :youtubelabel=\"youtubelabel\" :background=\"background\" media-id=\"desc_media_6a9acd0693ad2\"><\/lazy-media>\n\t\t\t\t\t\t\t<\/div>\n\n\t\t\t\t\t\t\t<figcaption class=\"sr-only\" ref=\"body\" id=\"desc_media_6a9acd0693ad2\">\n\t\t\t\t\t\t\t\t\t\t\t\t\t\t\t\t\t\t\t\t\t<div class=\"insignificant\">\u00a9 Stiftung Humboldt Forum im Berliner Schloss, Foto: Stefanie Loos<\/div>\n\t\t\t\t\t\t\t\t\t<\/figcaption>\n\t\t\t\t\t<\/figure>\n\t<\/lazy-media-inline>\n\t\t\t\t<\/div>\n\t\t\t<\/div>\n\t\t<\/div>\n\t<\/a>\n\t<\/calendarteaser>\n<\/li>\n\n\n<li class=\"col-xs-12 teaser-wrapper col-padding-remove\">\n\t<calendarteaser key=\"12207720280\" rawitem='{&quot;postId&quot;:122077,&quot;title&quot;:&quot;Mit Pauken und Pal\\u00e4sten&quot;,&quot;excerpt&quot;:&quot;&quot;,&quot;slug&quot;:&quot;mit-pauken-und-palaesten&quot;,&quot;post_date&quot;:&quot;2024-02-12T15:38&quot;,&quot;type&quot;:&quot;event&quot;,&quot;permalink&quot;:&quot;https:\\\/\\\/www.humboldtforum.org\\\/de\\\/programm\\\/termin\\\/konzert\\\/mit-pauken-und-palaesten-122077\\\/&quot;,&quot;genre&quot;:[393],&quot;genre_details&quot;:[{&quot;text&quot;:&quot;Konzert&quot;,&quot;id&quot;:393,&quot;icon&quot;:null,&quot;parent&quot;:0}],&quot;stakeholder&quot;:[382],&quot;stakeholder_details&quot;:[{&quot;text&quot;:&quot;Stiftung Humboldt Forum im Berliner Schloss&quot;,&quot;id&quot;:382,&quot;icon&quot;:null,&quot;parent&quot;:0}],&quot;language&quot;:[384,385],&quot;language_details&quot;:[{&quot;text&quot;:&quot;Deutsch&quot;,&quot;id&quot;:384,&quot;icon&quot;:null,&quot;parent&quot;:0},{&quot;text&quot;:&quot;Englisch&quot;,&quot;id&quot;:385,&quot;icon&quot;:null,&quot;parent&quot;:0}],&quot;age&quot;:[1601],&quot;age_details&quot;:[{&quot;text&quot;:&quot;ab 12 Jahre&quot;,&quot;id&quot;:1601,&quot;icon&quot;:null,&quot;parent&quot;:0}],&quot;place&quot;:[1179],&quot;place_details&quot;:{&quot;place&quot;:&quot;Humboldt Forum&quot;,&quot;map&quot;:&quot;Humboldt Forum, Schlossplatz, Berlin&quot;,&quot;room&quot;:&quot;Saal 1, EG&quot;},&quot;icon_overwrite&quot;:&quot;&quot;,&quot;acf&quot;:{&quot;noindex&quot;:false,&quot;keywords&quot;:&quot;&quot;,&quot;hashtag&quot;:&quot;HumboldtForum&quot;,&quot;belongsto&quot;:[116558,170402],&quot;shorturl&quot;:&quot;&quot;,&quot;times&quot;:[],&quot;planning&quot;:{&quot;price&quot;:&quot;12 EUR, erm\\u00e4\\u00dfigt 6 EUR&quot;,&quot;admission&quot;:&quot;&quot;,&quot;pause&quot;:&quot;&quot;,&quot;duration&quot;:&quot;&quot;},&quot;subline&quot;:&quot;Das Resident Music Collective spielt Musik zum Programm \\&quot;Hin und weg. Der Palast der Republik ist Gegenwart\\&quot;\\t&quot;,&quot;additional_info&quot;:{&quot;icon&quot;:&quot;0&quot;,&quot;text&quot;:&quot;&quot;},&quot;highlight_header&quot;:true,&quot;featured_images&quot;:[117701],&quot;use_video_in_teasers&quot;:false,&quot;hyphenation&quot;:true,&quot;tipp&quot;:false,&quot;joker&quot;:false,&quot;live&quot;:false,&quot;hide_event_in_program&quot;:false,&quot;gomus_id&quot;:&quot;&quot;,&quot;hm_id&quot;:&quot;&quot;,&quot;highlight_header_image&quot;:125512,&quot;has_mobile_format&quot;:true,&quot;highlight_header_image_mobile&quot;:125510},&quot;date&quot;:{&quot;NX&quot;:null,&quot;NXX&quot;:null,&quot;NLAST&quot;:&quot;202412151700&quot;,&quot;from_DATE&quot;:&quot;20241213 19:00&quot;,&quot;from&quot;:1734109200,&quot;to&quot;:1734282000,&quot;to_DATE&quot;:&quot;20241215 19:00&quot;,&quot;from_HRFSHORT&quot;:&quot;13. Dez 2024&quot;,&quot;from_HRFSHORT_WD&quot;:&quot;Fr 13.12.2024&quot;,&quot;to_HRFSHORT&quot;:&quot;15. Dez 2024&quot;,&quot;to_HRFSHORT_WD&quot;:&quot;So 15.12.2024&quot;,&quot;from_HRF&quot;:&quot;Fr, 13. Dezember 2024&quot;,&quot;to_HRF&quot;:&quot;So, 15. Dezember 2024&quot;,&quot;from_to_HRF&quot;:&quot;Fr, 13. Dezember \\u2013 So, 15. Dezember 2024&quot;,&quot;from_to_HRFSHORT&quot;:&quot;13. Dez \\u2013 15. Dez 2024&quot;},&quot;alert&quot;:&quot;Highlight&quot;,&quot;partof&quot;:[170402],&quot;marketing_topic&quot;:{&quot;title&quot;:&quot;Resident Music Collective&quot;,&quot;ID&quot;:170402,&quot;reason&quot;:&quot;sequence&quot;}}' inline-template>\n\t<a href=\"https:\/\/www.humboldtforum.org\/de\/programm\/termin\/konzert\/mit-pauken-und-palaesten-122077\/\" class=\"teaser teaser-event teaser-event-standard\">\n\t\t<div class=\"row\">\n\t\t\t<div class=\"col-xs-12 col-sm-6 col-md-5 col-sm-offset-1 col-md-offset-2 first-sm teaser-event-text Infos\">\n\t\t\t\t<div class=\"teaser-event-standard-text\">\n\t\t\t\t\t<div class=\"margin-bottom-atom\">\n\t\t\t\t\t\t<div class=\"subline clamp-1\" v-html=\"maingenre\"><\/div>\n\t\t\t\t\t\t\t\t\t\t\t\t\t<div class=\"insignificant clamp-2\">Resident Music Collective<\/div>\n\t\t\t\t\t\t\t\t\t\t\t<\/div>\n\t\t\t\t\n\t\t\t\t\t<strong class=\"margin-bottom-atom h5\">Mit Pauken und Pal\u00e4sten<\/strong>\n\n\t\t\t\t\t\t\t\t\t\t\t<div class=\"\">Das Resident Music Collective spielt Musik zum Programm &#8222;Hin und weg. Der Palast der Republik ist Gegenwart&#8220;\t<\/div>\n\t\t\t\t\t\t\t\t\t<\/div>\n\t\t\t\t<div class=\"teaser-bottom border-bottom\">\n\t\t\t\t<calendardateline :rawitem='item' :show-icon=\"true\"><\/calendardateline>\n\t\t\t\t\t<hr>\n\t\t\t\t<\/div>\n\t\t\t<\/div>\n\t\t\t<div class=\"col-xs-12 col-sm-4 col-md-3 teaser-event-image bottom-xs first-xs\">\n\t\t\t\t<div class=\"teaser-image teaser-image-no-alternate\">\n\t\t\t\t\t\t\t\t\t\t\t\t\t<span class=\"alert\">Highlight<\/span>\n\t\t\t\t\t\t\t\t\t\t\t\n\t<lazy-media-inline inline-template>\n\t\t<figure itemscope itemtype=\"http:\/\/schema.org\/ImageObject\" class=\"lazy-media-inline \" role=\"group\" id=\"media_6a9acd0695fcb\" aria-labelledby=\"desc_media_6a9acd0695fcb\">\n\t\t\t<script type=\"application\/json\" ref=\"data\">\n\t\t\t\t{\n\t\t\t\t\"sizes\" : {\"medium\":{\"file\":\"SHF_eb00217888-176x300.jpg\",\"width\":176,\"height\":300,\"mime-type\":\"image\\\/jpeg\",\"filesize\":11318},\"large\":{\"file\":\"SHF_eb00217888-600x1024.jpg\",\"width\":600,\"height\":1024,\"mime-type\":\"image\\\/jpeg\",\"filesize\":90323},\"thumbnail\":{\"file\":\"SHF_eb00217888-150x150.jpg\",\"width\":150,\"height\":150,\"mime-type\":\"image\\\/jpeg\",\"filesize\":6479},\"medium_large\":{\"file\":\"SHF_eb00217888-768x1312.jpg\",\"width\":768,\"height\":1312,\"mime-type\":\"image\\\/jpeg\",\"filesize\":133808},\"small\":{\"file\":\"SHF_eb00217888-258x440.jpg\",\"width\":258,\"height\":440,\"mime-type\":\"image\\\/jpeg\",\"filesize\":22082},\"semi\":{\"file\":\"SHF_eb00217888-340x580.jpg\",\"width\":340,\"height\":580,\"mime-type\":\"image\\\/jpeg\",\"filesize\":35604},\"mobile\":{\"file\":\"SHF_eb00217888-422x720.jpg\",\"width\":422,\"height\":720,\"mime-type\":\"image\\\/jpeg\",\"filesize\":50568},\"hd\":{\"file\":\"SHF_eb00217888-749x1280.jpg\",\"width\":749,\"height\":1280,\"mime-type\":\"image\\\/jpeg\",\"filesize\":128654},\"full\":{\"file\":\"SHF_eb00217888-1124x1920.jpg\",\"width\":1124,\"height\":1920,\"mime-type\":\"image\\\/jpeg\",\"filesize\":244290},\"1536x1536\":{\"file\":\"SHF_eb00217888-899x1536.jpg\",\"width\":899,\"height\":1536,\"mime-type\":\"image\\\/jpeg\",\"filesize\":172691},\"2048x2048\":{\"file\":\"SHF_eb00217888-1199x2048.jpg\",\"width\":1199,\"height\":2048,\"mime-type\":\"image\\\/jpeg\",\"filesize\":270300},\"original\":{\"file\":\"SHF_eb00217888.jpg\",\"width\":1780,\"height\":3040}},\n\t\t\t\t\"alt\" : \"Musiker spielt auf der B\\u00fchne Xylophon, umgeben von Mikrofonen und einem Publikum im Hintergrund.\",\n\t\t\t\t\"path\" : \"\\\/wp-content\\\/uploads\\\/2024\\\/02\\\/\",\n\t\t\t\t\"video\" : null,\n\t\t\t\t\"autoplay\" : null,\n\t\t\t\t\"youtube\" : null,\n\t\t\t\t\"youtubelabel\" : \"Video abspielen\",\n\t\t\t\t\"brightness\" : 100,\n\t\t\t\t\"crop\" : {\"top\":\"47.36\",\"left\":\"47.67\"},\n\t\t\t\t\"background\" : true,\n\t\t\t\t\"scale\" : 2\t\t\t\t}\n\t\t\t<\/script>\n\n\t\t\t<div class=\"height-container\" style=\"padding-bottom:170.78651685393%;\" v-if=\"sizes\">\n\t\t\t\t\t\t\t\t<lazy-media :inline=\"true\" :alt=\"alt\" :sizes=\"sizes\" :scale=\"scale\" :brightness=\"brightness\" :path=\"path\" :video=\"video\" :autoplay=\"autoplay\" :youtube=\"youtube\" :crop=\"crop\" :youtubelabel=\"youtubelabel\" :background=\"background\" media-id=\"desc_media_6a9acd0695fcb\"><\/lazy-media>\n\t\t\t\t\t\t\t<\/div>\n\n\t\t\t\t\t\t\t<figcaption class=\"sr-only\" ref=\"body\" id=\"desc_media_6a9acd0695fcb\">\n\t\t\t\t\t\t\t\t\t\t\t\t\t\t\t\t\t\t\t\t\t<div class=\"insignificant\">\u00a9 Stiftung Humboldt Forum im Berliner Schloss, Foto: Stefanie Loos<\/div>\n\t\t\t\t\t\t\t\t\t<\/figcaption>\n\t\t\t\t\t<\/figure>\n\t<\/lazy-media-inline>\n\t\t\t\t<\/div>\n\t\t\t<\/div>\n\t\t<\/div>\n\t<\/a>\n\t<\/calendarteaser>\n<\/li>\n\n\t\t\t\t<\/ul>\n\t\t\t<\/div>\n\t\t\t\t<\/lazy-component>\n<\/section>\n\n","protected":false},"template":"","genre":[393],"digital":[],"topic":[],"stakeholder":[],"editorial":[],"editorialfilter":[],"targetgroup":[],"language":[],"accessability":[],"age":[],"school":[],"groupsize":[],"place":[],"class_list":["post-170402","event-sequence","type-event-sequence","status-publish","hentry","genre-konzert"],"acf":[],"_links":{"self":[{"href":"https:\/\/www.humboldtforum.org\/de\/wp-json\/wp\/v2\/event-sequence\/170402","targetHints":{"allow":["GET"]}}],"collection":[{"href":"https:\/\/www.humboldtforum.org\/de\/wp-json\/wp\/v2\/event-sequence"}],"about":[{"href":"https:\/\/www.humboldtforum.org\/de\/wp-json\/wp\/v2\/types\/event-sequence"}],"version-history":[{"count":12,"href":"https:\/\/www.humboldtforum.org\/de\/wp-json\/wp\/v2\/event-sequence\/170402\/revisions"}],"predecessor-version":[{"id":170735,"href":"https:\/\/www.humboldtforum.org\/de\/wp-json\/wp\/v2\/event-sequence\/170402\/revisions\/170735"}],"wp:attachment":[{"href":"https:\/\/www.humboldtforum.org\/de\/wp-json\/wp\/v2\/media?parent=170402"}],"wp:term":[{"taxonomy":"genre","embeddable":true,"href":"https:\/\/www.humboldtforum.org\/de\/wp-json\/wp\/v2\/genre?post=170402"},{"taxonomy":"digital","embeddable":true,"href":"https:\/\/www.humboldtforum.org\/de\/wp-json\/wp\/v2\/digital?post=170402"},{"taxonomy":"topic","embeddable":true,"href":"https:\/\/www.humboldtforum.org\/de\/wp-json\/wp\/v2\/topic?post=170402"},{"taxonomy":"stakeholder","embeddable":true,"href":"https:\/\/www.humboldtforum.org\/de\/wp-json\/wp\/v2\/stakeholder?post=170402"},{"taxonomy":"editorial","embeddable":true,"href":"https:\/\/www.humboldtforum.org\/de\/wp-json\/wp\/v2\/editorial?post=170402"},{"taxonomy":"editorialfilter","embeddable":true,"href":"https:\/\/www.humboldtforum.org\/de\/wp-json\/wp\/v2\/editorialfilter?post=170402"},{"taxonomy":"targetgroup","embeddable":true,"href":"https:\/\/www.humboldtforum.org\/de\/wp-json\/wp\/v2\/targetgroup?post=170402"},{"taxonomy":"language","embeddable":true,"href":"https:\/\/www.humboldtforum.org\/de\/wp-json\/wp\/v2\/language?post=170402"},{"taxonomy":"accessability","embeddable":true,"href":"https:\/\/www.humboldtforum.org\/de\/wp-json\/wp\/v2\/accessability?post=170402"},{"taxonomy":"age","embeddable":true,"href":"https:\/\/www.humboldtforum.org\/de\/wp-json\/wp\/v2\/age?post=170402"},{"taxonomy":"school","embeddable":true,"href":"https:\/\/www.humboldtforum.org\/de\/wp-json\/wp\/v2\/school?post=170402"},{"taxonomy":"groupsize","embeddable":true,"href":"https:\/\/www.humboldtforum.org\/de\/wp-json\/wp\/v2\/groupsize?post=170402"},{"taxonomy":"place","embeddable":true,"href":"https:\/\/www.humboldtforum.org\/de\/wp-json\/wp\/v2\/place?post=170402"}],"curies":[{"name":"wp","href":"https:\/\/api.w.org\/{rel}","templated":true}]}}