{"id":24435,"date":"2021-06-17T11:17:11","date_gmt":"2021-06-17T09:17:11","guid":{"rendered":"https:\/\/www.humboldtforum.org\/?post_type=event-sequence&#038;p=24435"},"modified":"2021-10-22T12:02:23","modified_gmt":"2021-10-22T10:02:23","slug":"filmreihe-schrecklich-schoen","status":"publish","type":"event-sequence","link":"https:\/\/www.humboldtforum.org\/de\/programm\/event-reihe\/film-video\/filmreihe-schrecklich-schoen-24435\/","title":{"rendered":"Filmreihe schrecklich sch\u00f6n"},"content":{"rendered":"<section class=\"block block-copy\" >\n    <div class=\"container-fluid\">\n\t\t<div class=\"row margin-bottom-sixth\">\n            <div class=\"col-xs-12 col-md-offset-2 col-md-8\">\n                <div class=\"box\">\n                    <div class=\"copy\"><p><span class=\"western anleser\" style=\"font-weight: bolder;\">Der Elefant ist eine imposante Erscheinung \u2013 kein Wunder, dass er in Filmen immer wieder als Projektionsfl\u00e4che f\u00fcr die Sehns\u00fcchte des Menschen herhalten musste. Kaum ein Tier wurde unterschiedlicher gecastet.<\/span><\/p>\n<p>Sein Ged\u00e4chtnis ist sprichw\u00f6rtlich, sein Kommunikationssystem ausgefeilt, seine Rollen sind vielf\u00e4ltig: Die Filmreihe\u00a0<em>schrecklich sch\u00f6n<\/em> zeigt anhand ausgew\u00e4hlter Filmbeispiele, wie der Elefant, der durch TV und Film bekannte und beliebte \u201eDickh\u00e4uter\u201c immer auch Projektions- und Identifikationsfigur des Menschen und seiner Sehns\u00fcchte war. Eine Rolle, f\u00fcr die das markante Tier nicht selten als die Verk\u00f6rperung bestehender und \u00fcberkommener Klischees eines authentischen, starken, wilden, unbezwingbaren Afrikas herhielt \u2013 als einem anderen, fremden, exotischen aber umso faszinierenden Ort. Von <em>African\u00a0Queen<\/em>\u00a0bis\u00a0<em>Elephant Boy<\/em>, von\u00a0<em>Hatari!<\/em>\u00a0zu\u00a0<em>Light of Asia<\/em>: Die von Elefanten- und Filmkennern aus vier Kontinenten kommentierte Filmreihe pr\u00e4sentiert den Elefanten als filmischen Protagonisten in den verschiedensten Konfigurationen \u2013 mal klischeebeladen, mal darum ringend, die Klischees hinter sich zu lassen.<\/p>\n<\/div>\n                <\/div>\n            <\/div>\n\t\t<\/div>\n\t\t\t\t\t<div class=\"row margin-bottom-sixth\">\n\t\t\t\t<div class=\"col-xs-12 col-md-offset-2 col-md-8\">\n\t\t\t\t\t<div class=\"box\">\n\t\t\t\t\t\t<read-more inline-template>\n\t\t\t\t\t\t\t<div class=\"copy margin-bottom-sixth\">\n\t\t\t\t\t\t\t\t<div ref=\"body\" style=\"height:0;overflow: hidden;display: none;\">\n\t\t\t\t\t\t\t\t\t<div class=\"margin-bottom-sixth\"><p>Das\u00a0Programm<strong>\u00a0<\/strong>umfasst insgesamt rund 20\u00a0Spiel-, Animations- und Dokumentarfilme, orientiert an den Themen der Ausstellung und mit dem Schwerpunkt Elefant und Mensch. Die Filme sind Klassiker, historische Entdeckungen und aktuelle Produktionen aus Europa, Nordamerika, Afrika und Asien. Rund die H\u00e4lfte der Filme richtet sich an ein Familienpublikum und damit explizit auch an Kinder und Jugendliche. Jeder Film wird im Original mit Untertiteln und\/oder Live-\u00dcbersetzungen vorgef\u00fchrt. Jede Vorstellung beginnt mit einer f\u00fcnf- bis zehnmin\u00fctigen speziell produzierten\u00a0<em>Eye-to-Eye<\/em>-Einf\u00fchrung von Menschen mit einem besonderen Bezug zum jeweiligen Film. Neben internationalen Filmexpert*innen haben wir beispielsweise einen s\u00fcdafrikanischen Ranger eingeladen, den Film einzuf\u00fchren, der in \u201aseinem\u2018 Nationalreservat gedreht wurde. Oder: eine tamilische Verk\u00e4uferin aus Berlin hat sich <em>Chandani und ihr Elefant<\/em> angesehen und reflektiert \u00fcber biographische Parallelen zwischen sich und der Protagonistin.<\/p>\n<p>Die <em>Filmreihe schrecklich sch\u00f6n<\/em> wird kuratiert von Dorothee Wenner.<\/p>\n<\/div>\n\t\t\t\t\t\t\t\t<\/div>\n\t\t\t\t\t\t\t\t<a ref=\"toggleButton\" class=\"Button\" @click=\"toggle\">\n\t\t\t\t\t\t\t\t\t<span v-if=\"!active\">mehr lesen<\/span>\n\t\t\t\t\t\t\t\t\t<span v-else>weniger lesen<\/span>\n\t\t\t\t\t\t\t\t<\/a>\n\t\t\t\t\t\t\t<\/div>\n\t\t\t\t\t\t<\/read-mode>\n\t\t\t\t\t<\/div>\n\t\t\t\t<\/div>\n\t\t\t<\/div>\n\t\t    <\/div>\n<\/section>\n\n<section class=\"block block-teaser col-4 \" style=\"\">\n\t<lazy-component :fixed-min-height=\"400\">\n\t\n\t\t\t\t\t<div class=\"container-fluid\">\n\t\t\t\t<div class=\"row bottom-xs\">\n\t\t\t\t\t<div class=\"col-xs-12 col-md-8\">\n\t\t\t\t\t\t<h4>Die Filme <\/h4>\t\t\t\t\t\t\t<p class=\"Teaser-copy margin-bottom-sixth\">Weitere Filme und Termine ab Dezember folgen in K\u00fcrze<\/p>\t\t\t\t\t\t\t\t\t\t\t\t<\/div>\n\t\t\t\t\t<div class=\"col-xs-12 col-md-4 start-xs end-md margin-bottom-sixth\">\n\t\t\t\t\t\t<a href=\"https:\/\/www.humboldtforum.org\/de\/programm\/?belongsto=24435&#038;archive=1\" class=\"normalcase small noborder\" role=\"button\">Alle anzeigen (21)<\/a>\t\t\t\t\t<\/div>\n\t\t\t\t<\/div>\n\t\t\t\t<ul class=\"row\"> <li class=\"col-xs-6 col-sm-4 col-md-3 teaser-wrapper col-padding-remove\">\n\t<calendarteaser key=\"35810263\" rawitem='{&quot;postId&quot;:35810,&quot;title&quot;:&quot;Safari&quot;,&quot;excerpt&quot;:&quot;Ulrich Seidl begleitet deutsche und \\u00f6sterreichische Jagdtouristen in die afrikanische Weiten, beobachtet sie aus der Distanz im postkolonialen Luxusurlaub. Sie schie\\u00dfen Zebras, Gnus, Giraffen, aber keine Elefanten, obwohl einer der Touristen sagt, es w\\u00fcrde ihn schon reizen, einen zu erlegen. Ein verst\\u00f6render und provokanter Film, der die Sehnsucht nach dem Tod als touristische Grenzerfahrung zeigt..&quot;,&quot;slug&quot;:&quot;safari-2&quot;,&quot;post_date&quot;:&quot;2021-12-15T12:17&quot;,&quot;type&quot;:&quot;event&quot;,&quot;permalink&quot;:&quot;https:\\\/\\\/www.humboldtforum.org\\\/de\\\/programm\\\/termin\\\/film-video\\\/safari-2-35810\\\/&quot;,&quot;genre&quot;:[729],&quot;genre_details&quot;:[{&quot;text&quot;:&quot;Film\\\/Video&quot;,&quot;id&quot;:729,&quot;icon&quot;:null,&quot;parent&quot;:0}],&quot;stakeholder&quot;:[382],&quot;stakeholder_details&quot;:[{&quot;text&quot;:&quot;Stiftung Humboldt Forum im Berliner Schloss&quot;,&quot;id&quot;:382,&quot;icon&quot;:null,&quot;parent&quot;:0}],&quot;language&quot;:[384],&quot;language_details&quot;:[{&quot;text&quot;:&quot;Deutsch&quot;,&quot;id&quot;:384,&quot;icon&quot;:null,&quot;parent&quot;:0}],&quot;place&quot;:[883],&quot;place_details&quot;:{&quot;place&quot;:&quot;Humboldt Forum&quot;,&quot;map&quot;:&quot;Humboldt Forum, Schlossplatz, Berlin&quot;,&quot;room&quot;:&quot;Saal 2, EG&quot;},&quot;icon_overwrite&quot;:&quot;&quot;,&quot;acf&quot;:{&quot;hashtag&quot;:&quot;HumboldtForum&quot;,&quot;belongsto&quot;:[24435],&quot;noindex&quot;:false,&quot;keywords&quot;:&quot;&quot;,&quot;shorturl&quot;:&quot;&quot;,&quot;times&quot;:[],&quot;planning&quot;:{&quot;price&quot;:&quot;5 EUR, erm\\u00e4\\u00dfigt 2,50 EUR&quot;,&quot;admission&quot;:&quot;&quot;,&quot;pause&quot;:&quot;&quot;,&quot;duration&quot;:&quot;&quot;},&quot;subline&quot;:&quot;von Ulrich Seidl&quot;,&quot;subline_feature&quot;:&quot;&quot;,&quot;marketing_text&quot;:&quot;&quot;,&quot;shorttext&quot;:&quot;Ulrich Seidl begleitet deutsche und \\u00f6sterreichische Jagdtouristen in die afrikanische Weiten, beobachtet sie aus der Distanz im postkolonialen Luxusurlaub. Sie schie\\u00dfen Zebras, Gnus, Giraffen, aber keine Elefanten, obwohl einer der Touristen sagt, es w\\u00fcrde ihn schon reizen, einen zu erlegen. Ein verst\\u00f6render und provokanter Film, der die Sehnsucht nach dem Tod als touristische Grenzerfahrung zeigt..&quot;,&quot;longtext&quot;:&quot;&quot;,&quot;tickettext&quot;:&quot;Informationen zum Ticketing folgen in K\\u00fcrze.&quot;,&quot;additional_info&quot;:{&quot;icon&quot;:&quot;icon-live-fill&quot;,&quot;text&quot;:&quot;Dokumentarische Form, \\u00d6sterreich 2016, 91 min, Deutsch&quot;},&quot;highlight_header&quot;:false,&quot;featured_images&quot;:[36782],&quot;video&quot;:false,&quot;use_video_in_teasers&quot;:false,&quot;hyphenation&quot;:false,&quot;tipp&quot;:false,&quot;alert_text&quot;:&quot;&quot;,&quot;joker&quot;:false,&quot;live&quot;:false,&quot;overwrite_date&quot;:&quot;&quot;,&quot;hide_event_in_program&quot;:false},&quot;date&quot;:{&quot;NX&quot;:null,&quot;NXX&quot;:null,&quot;NLAST&quot;:&quot;202201191700&quot;,&quot;from_DATE&quot;:&quot;20220119 19:00&quot;,&quot;from&quot;:1642611600,&quot;to&quot;:1642611600,&quot;to_DATE&quot;:&quot;20220119 19:00&quot;,&quot;from_HRFSHORT&quot;:&quot;19. Jan 2022&quot;,&quot;from_HRFSHORT_WD&quot;:&quot;Mi 19.01.2022&quot;,&quot;to_HRFSHORT&quot;:&quot;19. Jan 2022&quot;,&quot;to_HRFSHORT_WD&quot;:&quot;Mi 19.01.2022&quot;,&quot;from_HRF&quot;:&quot;Mi, 19. Januar 2022&quot;,&quot;to_HRF&quot;:&quot;Mi, 19. Januar 2022&quot;,&quot;from_to_HRF&quot;:&quot;Mi, 19. Januar \\u2013 Mi, 19. Januar 2022&quot;,&quot;from_to_HRFSHORT&quot;:&quot;19. Jan \\u2013 19. Jan 2022&quot;},&quot;alert&quot;:null,&quot;partof&quot;:[24435],&quot;marketing_topic&quot;:{&quot;title&quot;:&quot;Filmreihe schrecklich sch\\u00f6n&quot;,&quot;ID&quot;:24435,&quot;reason&quot;:&quot;sequence&quot;}}' inline-template>\n\t<a href=\"https:\/\/www.humboldtforum.org\/de\/programm\/termin\/film-video\/safari-2-35810\/\" class=\"teaser teaser-event teaser-event-standard\">\n\t\t<div class=\"row\">\n\t\t\t<div class=\"col-xs-12 teaser-event-image\">\n\t\t\t\t<div class=\"teaser-image teaser-image-no-alternate\">\n\t\t\t\t\t\t\t\t\t\t\t\n\t<lazy-media-inline inline-template>\n\t\t<figure itemscope itemtype=\"http:\/\/schema.org\/ImageObject\" class=\"lazy-media-inline \" role=\"group\" id=\"media_69f2df7ea04a9\" aria-labelledby=\"desc_media_69f2df7ea04a9\">\n\t\t\t<script type=\"application\/json\" ref=\"data\">\n\t\t\t\t{\n\t\t\t\t\"sizes\" : {\"medium\":{\"file\":\"SHF_eb00129757-300x200.jpg\",\"width\":300,\"height\":200,\"mime-type\":\"image\\\/jpeg\"},\"large\":{\"file\":\"SHF_eb00129757-1024x682.jpg\",\"width\":1024,\"height\":682,\"mime-type\":\"image\\\/jpeg\"},\"thumbnail\":{\"file\":\"SHF_eb00129757-150x150.jpg\",\"width\":150,\"height\":150,\"mime-type\":\"image\\\/jpeg\"},\"medium_large\":{\"file\":\"SHF_eb00129757-768x512.jpg\",\"width\":768,\"height\":512,\"mime-type\":\"image\\\/jpeg\"},\"small\":{\"file\":\"SHF_eb00129757-440x293.jpg\",\"width\":440,\"height\":293,\"mime-type\":\"image\\\/jpeg\"},\"semi\":{\"file\":\"SHF_eb00129757-580x387.jpg\",\"width\":580,\"height\":387,\"mime-type\":\"image\\\/jpeg\"},\"mobile\":{\"file\":\"SHF_eb00129757-720x480.jpg\",\"width\":720,\"height\":480,\"mime-type\":\"image\\\/jpeg\"},\"hd\":{\"file\":\"SHF_eb00129757-1280x853.jpg\",\"width\":1280,\"height\":853,\"mime-type\":\"image\\\/jpeg\"},\"1536x1536\":{\"file\":\"SHF_eb00129757-1536x1024.jpg\",\"width\":1536,\"height\":1024,\"mime-type\":\"image\\\/jpeg\"},\"original\":{\"file\":\"SHF_eb00129757.jpg\",\"width\":1772,\"height\":1181}},\n\t\t\t\t\"alt\" : \"Ein \\u00e4lteres Paar in Safari-Kleidung sitzt vor pr\\u00e4parierten Tieren in einem Raum mit Jalousien.\",\n\t\t\t\t\"path\" : \"\\\/wp-content\\\/uploads\\\/2021\\\/12\\\/\",\n\t\t\t\t\"video\" : null,\n\t\t\t\t\"autoplay\" : null,\n\t\t\t\t\"youtube\" : null,\n\t\t\t\t\"youtubelabel\" : \"Video abspielen\",\n\t\t\t\t\"brightness\" : 100,\n\t\t\t\t\"crop\" : {\"top\":\"70.69\",\"left\":\"50.33\"},\n\t\t\t\t\"background\" : true,\n\t\t\t\t\"scale\" : 2\t\t\t\t}\n\t\t\t<\/script>\n\n\t\t\t<div class=\"height-container\" style=\"padding-bottom:66.647855530474%;\" v-if=\"sizes\">\n\t\t\t\t\t\t\t\t<lazy-media :inline=\"true\" :alt=\"alt\" :sizes=\"sizes\" :scale=\"scale\" :brightness=\"brightness\" :path=\"path\" :video=\"video\" :autoplay=\"autoplay\" :youtube=\"youtube\" :crop=\"crop\" :youtubelabel=\"youtubelabel\" :background=\"background\" media-id=\"desc_media_69f2df7ea04a9\"><\/lazy-media>\n\t\t\t\t\t\t\t<\/div>\n\n\t\t\t\t\t\t\t<figcaption class=\"sr-only\" ref=\"body\" id=\"desc_media_69f2df7ea04a9\">\n\t\t\t\t\t\t\t\t\t\t\t\t\t\t\t\t\t\t\t\t\t<div class=\"insignificant\">\u00a9 Ulrich Seidl<\/div>\n\t\t\t\t\t\t\t\t\t<\/figcaption>\n\t\t\t\t\t<\/figure>\n\t<\/lazy-media-inline>\n\t\t\t\t<\/div>\n\t\t\t<\/div>\n\t\t\t<div class=\"col-xs-12 teaser-event-text Infos\">\n\t\t\t\t<div class=\"teaser-event-standard-text\">\n\t\t\t\t\t<div class=\"margin-bottom-atom\">\n\t\t\t\t\t\t<div class=\"subline clamp-1\" v-html=\"maingenre\"><\/div>\n\t\t\t\t\t\t\t\t\t\t\t\t\t<div class=\"insignificant clamp-2\">Filmreihe schrecklich sch\u00f6n<\/div>\n\t\t\t\t\t\t\t\t\t\t\t<\/div>\n\t\t\t\t\n\t\t\t\t\t<strong class=\"margin-bottom-atom\">Safari<\/strong>\n\n\t\t\t\t\t\t\t\t\t\t\t<div class=\"\">von Ulrich Seidl<\/div>\n\t\t\t\t\t\t\t\t\t<\/div>\n\t\t\t\t<div class=\"teaser-bottom border-bottom\">\n\t\t\t\t<calendardateline :rawitem='item' :show-icon=\"true\"><\/calendardateline>\n\t\t\t\t\t<hr>\n\t\t\t\t<\/div>\n\t\t\t<\/div>\n\t\t<\/div>\n\t<\/a>\n\t<\/calendarteaser>\n<\/li>\n\n<li class=\"col-xs-6 col-sm-4 col-md-3 teaser-wrapper col-padding-remove\">\n\t<calendarteaser key=\"3580821489\" rawitem='{&quot;postId&quot;:35808,&quot;title&quot;:&quot;Babar - Der Film&quot;,&quot;excerpt&quot;:&quot;Am Vorabend der gro\\u00dfen Jahresparade im Elefantenland erz\\u00e4hlt K\\u00f6nig Babar seinen vier Kindern, wie er als junger Elefant das Dorf ihrer Mutter - damals noch ein kleines Elefantenm\\u00e4dchen - vor dem Rhinozerosk\\u00f6nig und seiner Armee besch\\u00fctzte und den Krieg zwischen den Dickh\\u00e4utern beenden konnte.&quot;,&quot;slug&quot;:&quot;babar-der-film&quot;,&quot;post_date&quot;:&quot;2021-12-15T11:46&quot;,&quot;type&quot;:&quot;event&quot;,&quot;permalink&quot;:&quot;https:\\\/\\\/www.humboldtforum.org\\\/de\\\/programm\\\/termin\\\/film-video\\\/babar-der-film-35808\\\/&quot;,&quot;genre&quot;:[729],&quot;genre_details&quot;:[{&quot;text&quot;:&quot;Film\\\/Video&quot;,&quot;id&quot;:729,&quot;icon&quot;:null,&quot;parent&quot;:0}],&quot;stakeholder&quot;:[382],&quot;stakeholder_details&quot;:[{&quot;text&quot;:&quot;Stiftung Humboldt Forum im Berliner Schloss&quot;,&quot;id&quot;:382,&quot;icon&quot;:null,&quot;parent&quot;:0}],&quot;targetgroup&quot;:[454],&quot;targetgroup_details&quot;:[{&quot;text&quot;:&quot;Kinder und Familien&quot;,&quot;id&quot;:454,&quot;icon&quot;:null,&quot;parent&quot;:0}],&quot;language&quot;:[384],&quot;language_details&quot;:[{&quot;text&quot;:&quot;Deutsch&quot;,&quot;id&quot;:384,&quot;icon&quot;:null,&quot;parent&quot;:0}],&quot;accessability&quot;:[430],&quot;accessability_details&quot;:[{&quot;text&quot;:&quot;Rollstuhlgerecht&quot;,&quot;id&quot;:430,&quot;icon&quot;:null,&quot;parent&quot;:0}],&quot;place&quot;:[883],&quot;place_details&quot;:{&quot;place&quot;:&quot;Humboldt Forum&quot;,&quot;map&quot;:&quot;Humboldt Forum, Schlossplatz, Berlin&quot;,&quot;room&quot;:&quot;Saal 2, EG&quot;},&quot;icon_overwrite&quot;:&quot;&quot;,&quot;acf&quot;:{&quot;hashtag&quot;:&quot;HumboldtForum&quot;,&quot;belongsto&quot;:[24435],&quot;noindex&quot;:false,&quot;keywords&quot;:&quot;&quot;,&quot;shorturl&quot;:&quot;&quot;,&quot;times&quot;:[],&quot;planning&quot;:{&quot;price&quot;:&quot;5 EUR, erm\\u00e4\\u00dfigt 2,50 EUR&quot;,&quot;admission&quot;:&quot;&quot;,&quot;pause&quot;:&quot;&quot;,&quot;duration&quot;:&quot;&quot;},&quot;subline&quot;:&quot;von Alan Bunce&quot;,&quot;subline_feature&quot;:&quot;&quot;,&quot;marketing_text&quot;:&quot;&quot;,&quot;shorttext&quot;:&quot;Am Vorabend der gro\\u00dfen Jahresparade im Elefantenland erz\\u00e4hlt K\\u00f6nig Babar seinen vier Kindern, wie er als junger Elefant das Dorf ihrer Mutter - damals noch ein kleines Elefantenm\\u00e4dchen - vor dem Rhinozerosk\\u00f6nig und seiner Armee besch\\u00fctzte und den Krieg zwischen den Dickh\\u00e4utern beenden konnte.&quot;,&quot;longtext&quot;:&quot;&quot;,&quot;tickettext&quot;:&quot;Informationen zum Ticketing folgen in K\\u00fcrze.&quot;,&quot;additional_info&quot;:{&quot;icon&quot;:&quot;icon-live-fill&quot;,&quot;text&quot;:&quot;Animationsfilm, Kanada\\\/ Frankreich 1989, 70 min, Englisch, deutsch eingesprochen&quot;},&quot;highlight_header&quot;:false,&quot;featured_images&quot;:[24721],&quot;video&quot;:false,&quot;use_video_in_teasers&quot;:false,&quot;hyphenation&quot;:false,&quot;tipp&quot;:false,&quot;alert_text&quot;:&quot;&quot;,&quot;joker&quot;:false,&quot;live&quot;:false,&quot;overwrite_date&quot;:&quot;&quot;,&quot;hide_event_in_program&quot;:false,&quot;infotext&quot;:&quot;empf. ab 6 Jahren&quot;},&quot;date&quot;:{&quot;NX&quot;:null,&quot;NXX&quot;:null,&quot;NLAST&quot;:&quot;202201161400&quot;,&quot;from_DATE&quot;:&quot;20220116 16:00&quot;,&quot;from&quot;:1642341600,&quot;to&quot;:1642341600,&quot;to_DATE&quot;:&quot;20220116 16:00&quot;,&quot;from_HRFSHORT&quot;:&quot;16. Jan 2022&quot;,&quot;from_HRFSHORT_WD&quot;:&quot;So 16.01.2022&quot;,&quot;to_HRFSHORT&quot;:&quot;16. Jan 2022&quot;,&quot;to_HRFSHORT_WD&quot;:&quot;So 16.01.2022&quot;,&quot;from_HRF&quot;:&quot;So, 16. Januar 2022&quot;,&quot;to_HRF&quot;:&quot;So, 16. Januar 2022&quot;,&quot;from_to_HRF&quot;:&quot;So, 16. Januar \\u2013 So, 16. Januar 2022&quot;,&quot;from_to_HRFSHORT&quot;:&quot;16. Jan \\u2013 16. Jan 2022&quot;},&quot;alert&quot;:null,&quot;partof&quot;:[24435],&quot;marketing_topic&quot;:{&quot;title&quot;:&quot;Filmreihe schrecklich sch\\u00f6n&quot;,&quot;ID&quot;:24435,&quot;reason&quot;:&quot;sequence&quot;}}' inline-template>\n\t<a href=\"https:\/\/www.humboldtforum.org\/de\/programm\/termin\/film-video\/babar-der-film-35808\/\" class=\"teaser teaser-event teaser-event-standard\">\n\t\t<div class=\"row\">\n\t\t\t<div class=\"col-xs-12 teaser-event-image\">\n\t\t\t\t<div class=\"teaser-image teaser-image-no-alternate\">\n\t\t\t\t\t\t\t\t\t\t\t\n\t<lazy-media-inline inline-template>\n\t\t<figure itemscope itemtype=\"http:\/\/schema.org\/ImageObject\" class=\"lazy-media-inline \" role=\"group\" id=\"media_69f2df7ea2693\" aria-labelledby=\"desc_media_69f2df7ea2693\">\n\t\t\t<script type=\"application\/json\" ref=\"data\">\n\t\t\t\t{\n\t\t\t\t\"sizes\" : {\"medium\":{\"file\":\"SHF_eb00110734_Key-Visual-Schrecklich-scho\\u0308n-300x180.jpg\",\"width\":300,\"height\":180,\"mime-type\":\"image\\\/jpeg\"},\"large\":{\"file\":\"SHF_eb00110734_Key-Visual-Schrecklich-scho\\u0308n-1024x613.jpg\",\"width\":1024,\"height\":613,\"mime-type\":\"image\\\/jpeg\"},\"thumbnail\":{\"file\":\"SHF_eb00110734_Key-Visual-Schrecklich-scho\\u0308n-150x150.jpg\",\"width\":150,\"height\":150,\"mime-type\":\"image\\\/jpeg\"},\"medium_large\":{\"file\":\"SHF_eb00110734_Key-Visual-Schrecklich-scho\\u0308n-768x460.jpg\",\"width\":768,\"height\":460,\"mime-type\":\"image\\\/jpeg\"},\"small\":{\"file\":\"SHF_eb00110734_Key-Visual-Schrecklich-scho\\u0308n-440x264.jpg\",\"width\":440,\"height\":264,\"mime-type\":\"image\\\/jpeg\"},\"semi\":{\"file\":\"SHF_eb00110734_Key-Visual-Schrecklich-scho\\u0308n-580x347.jpg\",\"width\":580,\"height\":347,\"mime-type\":\"image\\\/jpeg\"},\"mobile\":{\"file\":\"SHF_eb00110734_Key-Visual-Schrecklich-scho\\u0308n-720x431.jpg\",\"width\":720,\"height\":431,\"mime-type\":\"image\\\/jpeg\"},\"hd\":{\"file\":\"SHF_eb00110734_Key-Visual-Schrecklich-scho\\u0308n-1280x767.jpg\",\"width\":1280,\"height\":767,\"mime-type\":\"image\\\/jpeg\"},\"full\":{\"file\":\"SHF_eb00110734_Key-Visual-Schrecklich-scho\\u0308n-1920x1150.jpg\",\"width\":1920,\"height\":1150,\"mime-type\":\"image\\\/jpeg\"},\"1536x1536\":{\"file\":\"SHF_eb00110734_Key-Visual-Schrecklich-scho\\u0308n-1536x920.jpg\",\"width\":1536,\"height\":920,\"mime-type\":\"image\\\/jpeg\"},\"original\":{\"file\":\"SHF_eb00110734_Key-Visual-Schrecklich-scho\\u0308n.jpg\",\"width\":2000,\"height\":1198}},\n\t\t\t\t\"alt\" : \"Abstrakte Komposition mit einem Auge auf goldenem Hintergrund, umgeben von strukturiertem Schwarz.\",\n\t\t\t\t\"path\" : \"\\\/wp-content\\\/uploads\\\/2021\\\/06\\\/\",\n\t\t\t\t\"video\" : null,\n\t\t\t\t\"autoplay\" : null,\n\t\t\t\t\"youtube\" : null,\n\t\t\t\t\"youtubelabel\" : \"Video abspielen\",\n\t\t\t\t\"brightness\" : 100,\n\t\t\t\t\"crop\" : {\"top\":\"50.00\",\"left\":\"50.00\"},\n\t\t\t\t\"background\" : true,\n\t\t\t\t\"scale\" : 2\t\t\t\t}\n\t\t\t<\/script>\n\n\t\t\t<div class=\"height-container\" style=\"padding-bottom:59.9%;\" v-if=\"sizes\">\n\t\t\t\t\t\t\t\t<lazy-media :inline=\"true\" :alt=\"alt\" :sizes=\"sizes\" :scale=\"scale\" :brightness=\"brightness\" :path=\"path\" :video=\"video\" :autoplay=\"autoplay\" :youtube=\"youtube\" :crop=\"crop\" :youtubelabel=\"youtubelabel\" :background=\"background\" media-id=\"desc_media_69f2df7ea2693\"><\/lazy-media>\n\t\t\t\t\t\t\t<\/div>\n\n\t\t\t\t\t\t\t<figcaption class=\"sr-only\" ref=\"body\" id=\"desc_media_69f2df7ea2693\">\n\t\t\t\t\t\t\t\t\t\t\t<div>Key Visual<\/div>\n\t\t\t\t\t\t\t\t\t\t\t\t\t\t\t\t\t\t\t\t\t<div class=\"insignificant\">\u00a9 Stiftung Humboldt Forum im Berliner Schloss; Getty Images \/ Parimal Bansode; bpk \/ Museum f\u00fcr Asiatische Kunst, SMB \/ Ute Franz-Scarciglia; bpk \/ Museum f\u00fcr Islamische Kunst, SMB \/ J\u00fcrgen Liepe; Getty Images \/ Stockbyte<\/div>\n\t\t\t\t\t\t\t\t\t<\/figcaption>\n\t\t\t\t\t<\/figure>\n\t<\/lazy-media-inline>\n\t\t\t\t<\/div>\n\t\t\t<\/div>\n\t\t\t<div class=\"col-xs-12 teaser-event-text Infos\">\n\t\t\t\t<div class=\"teaser-event-standard-text\">\n\t\t\t\t\t<div class=\"margin-bottom-atom\">\n\t\t\t\t\t\t<div class=\"subline clamp-1\" v-html=\"maingenre\"><\/div>\n\t\t\t\t\t\t\t\t\t\t\t\t\t<div class=\"insignificant clamp-2\">Filmreihe schrecklich sch\u00f6n<\/div>\n\t\t\t\t\t\t\t\t\t\t\t<\/div>\n\t\t\t\t\n\t\t\t\t\t<strong class=\"margin-bottom-atom\">Babar &#8211; Der Film<\/strong>\n\n\t\t\t\t\t\t\t\t\t\t\t<div class=\"\">von Alan Bunce<\/div>\n\t\t\t\t\t\t\t\t\t<\/div>\n\t\t\t\t<div class=\"teaser-bottom border-bottom\">\n\t\t\t\t<calendardateline :rawitem='item' :show-icon=\"true\"><\/calendardateline>\n\t\t\t\t\t<hr>\n\t\t\t\t<\/div>\n\t\t\t<\/div>\n\t\t<\/div>\n\t<\/a>\n\t<\/calendarteaser>\n<\/li>\n\n<li class=\"col-xs-6 col-sm-4 col-md-3 teaser-wrapper col-padding-remove\">\n\t<calendarteaser key=\"357929117\" rawitem='{&quot;postId&quot;:35792,&quot;title&quot;:&quot;African Queen&quot;,&quot;excerpt&quot;:&quot;In diesem sagenumwobenen Klassiker mit Katherine Hepburn und Humphrey Bogart, der ein ungew\\u00f6hnlicher Genremix aus einer Liebesgeschichte, aus Abenteuer - und Kriegsfilm ist, spielen Elefanten nur eine kleine, aber extrem wichtige Nebenrolle.&quot;,&quot;slug&quot;:&quot;african-queen&quot;,&quot;post_date&quot;:&quot;2021-12-14T15:14&quot;,&quot;type&quot;:&quot;event&quot;,&quot;permalink&quot;:&quot;https:\\\/\\\/www.humboldtforum.org\\\/de\\\/programm\\\/termin\\\/film-video\\\/african-queen-35792\\\/&quot;,&quot;genre&quot;:[729],&quot;genre_details&quot;:[{&quot;text&quot;:&quot;Film\\\/Video&quot;,&quot;id&quot;:729,&quot;icon&quot;:null,&quot;parent&quot;:0}],&quot;stakeholder&quot;:[382],&quot;stakeholder_details&quot;:[{&quot;text&quot;:&quot;Stiftung Humboldt Forum im Berliner Schloss&quot;,&quot;id&quot;:382,&quot;icon&quot;:null,&quot;parent&quot;:0}],&quot;targetgroup&quot;:[383],&quot;targetgroup_details&quot;:[{&quot;text&quot;:&quot;Erwachsene&quot;,&quot;id&quot;:383,&quot;icon&quot;:null,&quot;parent&quot;:0}],&quot;language&quot;:[385],&quot;language_details&quot;:[{&quot;text&quot;:&quot;Englisch&quot;,&quot;id&quot;:385,&quot;icon&quot;:null,&quot;parent&quot;:0}],&quot;place&quot;:[883],&quot;place_details&quot;:{&quot;place&quot;:&quot;Humboldt Forum&quot;,&quot;map&quot;:&quot;Humboldt Forum, Schlossplatz, Berlin&quot;,&quot;room&quot;:&quot;Saal 2, EG&quot;},&quot;icon_overwrite&quot;:&quot;&quot;,&quot;acf&quot;:{&quot;hashtag&quot;:&quot;HumboldtForum&quot;,&quot;belongsto&quot;:[24435],&quot;noindex&quot;:false,&quot;keywords&quot;:&quot;&quot;,&quot;shorturl&quot;:&quot;&quot;,&quot;times&quot;:[],&quot;planning&quot;:{&quot;price&quot;:&quot;5 EUR, erm\\u00e4\\u00dfigt 2,50 EUR&quot;,&quot;admission&quot;:&quot;&quot;,&quot;pause&quot;:&quot;&quot;,&quot;duration&quot;:&quot;&quot;},&quot;subline&quot;:&quot;von John Huston&quot;,&quot;subline_feature&quot;:&quot;&quot;,&quot;marketing_text&quot;:&quot;&quot;,&quot;shorttext&quot;:&quot;In diesem sagenumwobenen Klassiker mit Katherine Hepburn und Humphrey Bogart, der ein ungew\\u00f6hnlicher Genremix aus einer Liebesgeschichte, aus Abenteuer - und Kriegsfilm ist, spielen Elefanten nur eine kleine, aber extrem wichtige Nebenrolle.&quot;,&quot;longtext&quot;:&quot;&quot;,&quot;tickettext&quot;:&quot;Informationen zum Ticketing folgen in K\\u00fcrze.&quot;,&quot;additional_info&quot;:{&quot;icon&quot;:&quot;icon-live-fill&quot;,&quot;text&quot;:&quot;Spielfilm, USA\\\/Gro\\u00dfbritannien 1951, 105 min., Englisch\\\/ Deutsch\\\/ Swahili mit dt. Untertiteln&quot;},&quot;highlight_header&quot;:false,&quot;featured_images&quot;:[35763],&quot;video&quot;:false,&quot;use_video_in_teasers&quot;:false,&quot;hyphenation&quot;:false,&quot;tipp&quot;:false,&quot;alert_text&quot;:&quot;&quot;,&quot;joker&quot;:false,&quot;live&quot;:false,&quot;overwrite_date&quot;:&quot;&quot;,&quot;hide_event_in_program&quot;:false,&quot;infotext&quot;:&quot;F\\u00fcr Erwachsene&quot;},&quot;date&quot;:{&quot;NX&quot;:null,&quot;NXX&quot;:null,&quot;NLAST&quot;:&quot;202201121700&quot;,&quot;from_DATE&quot;:&quot;20220112 19:00&quot;,&quot;from&quot;:1642006800,&quot;to&quot;:1642006800,&quot;to_DATE&quot;:&quot;20220112 19:00&quot;,&quot;from_HRFSHORT&quot;:&quot;12. Jan 2022&quot;,&quot;from_HRFSHORT_WD&quot;:&quot;Mi 12.01.2022&quot;,&quot;to_HRFSHORT&quot;:&quot;12. Jan 2022&quot;,&quot;to_HRFSHORT_WD&quot;:&quot;Mi 12.01.2022&quot;,&quot;from_HRF&quot;:&quot;Mi, 12. Januar 2022&quot;,&quot;to_HRF&quot;:&quot;Mi, 12. Januar 2022&quot;,&quot;from_to_HRF&quot;:&quot;Mi, 12. Januar \\u2013 Mi, 12. Januar 2022&quot;,&quot;from_to_HRFSHORT&quot;:&quot;12. Jan \\u2013 12. Jan 2022&quot;},&quot;alert&quot;:null,&quot;partof&quot;:[24435],&quot;marketing_topic&quot;:{&quot;title&quot;:&quot;Filmreihe schrecklich sch\\u00f6n&quot;,&quot;ID&quot;:24435,&quot;reason&quot;:&quot;sequence&quot;}}' inline-template>\n\t<a href=\"https:\/\/www.humboldtforum.org\/de\/programm\/termin\/film-video\/african-queen-35792\/\" class=\"teaser teaser-event teaser-event-standard\">\n\t\t<div class=\"row\">\n\t\t\t<div class=\"col-xs-12 teaser-event-image\">\n\t\t\t\t<div class=\"teaser-image teaser-image-no-alternate\">\n\t\t\t\t\t\t\t\t\t\t\t\n\t<lazy-media-inline inline-template>\n\t\t<figure itemscope itemtype=\"http:\/\/schema.org\/ImageObject\" class=\"lazy-media-inline \" role=\"group\" id=\"media_69f2df7ea4799\" aria-labelledby=\"desc_media_69f2df7ea4799\">\n\t\t\t<script type=\"application\/json\" ref=\"data\">\n\t\t\t\t{\n\t\t\t\t\"sizes\" : {\"medium\":{\"file\":\"SHF_eb00107644-300x225.jpg\",\"width\":300,\"height\":225,\"mime-type\":\"image\\\/jpeg\"},\"large\":{\"file\":\"SHF_eb00107644-1024x768.jpg\",\"width\":1024,\"height\":768,\"mime-type\":\"image\\\/jpeg\"},\"thumbnail\":{\"file\":\"SHF_eb00107644-150x150.jpg\",\"width\":150,\"height\":150,\"mime-type\":\"image\\\/jpeg\"},\"medium_large\":{\"file\":\"SHF_eb00107644-768x576.jpg\",\"width\":768,\"height\":576,\"mime-type\":\"image\\\/jpeg\"},\"small\":{\"file\":\"SHF_eb00107644-440x330.jpg\",\"width\":440,\"height\":330,\"mime-type\":\"image\\\/jpeg\"},\"semi\":{\"file\":\"SHF_eb00107644-580x435.jpg\",\"width\":580,\"height\":435,\"mime-type\":\"image\\\/jpeg\"},\"mobile\":{\"file\":\"SHF_eb00107644-720x540.jpg\",\"width\":720,\"height\":540,\"mime-type\":\"image\\\/jpeg\"},\"hd\":{\"file\":\"SHF_eb00107644-1280x960.jpg\",\"width\":1280,\"height\":960,\"mime-type\":\"image\\\/jpeg\"},\"full\":{\"file\":\"SHF_eb00107644-1920x1440.jpg\",\"width\":1920,\"height\":1440,\"mime-type\":\"image\\\/jpeg\"},\"1536x1536\":{\"file\":\"SHF_eb00107644-1536x1152.jpg\",\"width\":1536,\"height\":1152,\"mime-type\":\"image\\\/jpeg\"},\"original\":{\"file\":\"SHF_eb00107644.jpg\",\"width\":2048,\"height\":1536}},\n\t\t\t\t\"alt\" : \"Ein Paar k\\u00fcsst sich z\\u00e4rtlich im Freien, umgeben von \\u00fcppiger Natur, in einer warmen, emotionalen Atmosph\\u00e4re.\",\n\t\t\t\t\"path\" : \"\\\/wp-content\\\/uploads\\\/2021\\\/12\\\/\",\n\t\t\t\t\"video\" : null,\n\t\t\t\t\"autoplay\" : null,\n\t\t\t\t\"youtube\" : null,\n\t\t\t\t\"youtubelabel\" : \"Video abspielen\",\n\t\t\t\t\"brightness\" : 100,\n\t\t\t\t\"crop\" : {\"top\":\"50.00\",\"left\":\"50.00\"},\n\t\t\t\t\"background\" : true,\n\t\t\t\t\"scale\" : 2\t\t\t\t}\n\t\t\t<\/script>\n\n\t\t\t<div class=\"height-container\" style=\"padding-bottom:75%;\" v-if=\"sizes\">\n\t\t\t\t\t\t\t\t<lazy-media :inline=\"true\" :alt=\"alt\" :sizes=\"sizes\" :scale=\"scale\" :brightness=\"brightness\" :path=\"path\" :video=\"video\" :autoplay=\"autoplay\" :youtube=\"youtube\" :crop=\"crop\" :youtubelabel=\"youtubelabel\" :background=\"background\" media-id=\"desc_media_69f2df7ea4799\"><\/lazy-media>\n\t\t\t\t\t\t\t<\/div>\n\n\t\t\t\t\t\t\t<figcaption class=\"sr-only\" ref=\"body\" id=\"desc_media_69f2df7ea4799\">\n\t\t\t\t\t\t\t\t\t\t\t<div>Filmstill aus John Huston &quot;The African Queen&quot;, USA 1951. Humphrey Bogart als Charlie Allnutt und Katharine Hepburn als Rose Sayer<\/div>\n\t\t\t\t\t\t\t\t\t\t\t\t\t\t\t\t\t\t\t\t\t<div class=\"insignificant\">\u00a9 By Kind Permission of Romulus Films Ltd.<\/div>\n\t\t\t\t\t\t\t\t\t<\/figcaption>\n\t\t\t\t\t<\/figure>\n\t<\/lazy-media-inline>\n\t\t\t\t<\/div>\n\t\t\t<\/div>\n\t\t\t<div class=\"col-xs-12 teaser-event-text Infos\">\n\t\t\t\t<div class=\"teaser-event-standard-text\">\n\t\t\t\t\t<div class=\"margin-bottom-atom\">\n\t\t\t\t\t\t<div class=\"subline clamp-1\" v-html=\"maingenre\"><\/div>\n\t\t\t\t\t\t\t\t\t\t\t\t\t<div class=\"insignificant clamp-2\">Filmreihe schrecklich sch\u00f6n<\/div>\n\t\t\t\t\t\t\t\t\t\t\t<\/div>\n\t\t\t\t\n\t\t\t\t\t<strong class=\"margin-bottom-atom\">African Queen<\/strong>\n\n\t\t\t\t\t\t\t\t\t\t\t<div class=\"\">von John Huston<\/div>\n\t\t\t\t\t\t\t\t\t<\/div>\n\t\t\t\t<div class=\"teaser-bottom border-bottom\">\n\t\t\t\t<calendardateline :rawitem='item' :show-icon=\"true\"><\/calendardateline>\n\t\t\t\t\t<hr>\n\t\t\t\t<\/div>\n\t\t\t<\/div>\n\t\t<\/div>\n\t<\/a>\n\t<\/calendarteaser>\n<\/li>\n\n<li class=\"col-xs-6 col-sm-4 col-md-3 teaser-wrapper col-padding-remove\">\n\t<calendarteaser key=\"317429853\" rawitem='{&quot;postId&quot;:31742,&quot;title&quot;:&quot;Chandani und ihr Elefant&quot;,&quot;excerpt&quot;:&quot;&quot;,&quot;slug&quot;:&quot;chandani-und-ihr-elefant&quot;,&quot;post_date&quot;:&quot;2021-09-16T22:56&quot;,&quot;type&quot;:&quot;event&quot;,&quot;permalink&quot;:&quot;https:\\\/\\\/www.humboldtforum.org\\\/de\\\/programm\\\/termin\\\/film-video\\\/chandani-und-ihr-elefant-31742\\\/&quot;,&quot;genre&quot;:[729],&quot;genre_details&quot;:[{&quot;text&quot;:&quot;Film\\\/Video&quot;,&quot;id&quot;:729,&quot;icon&quot;:null,&quot;parent&quot;:0}],&quot;stakeholder&quot;:[382],&quot;stakeholder_details&quot;:[{&quot;text&quot;:&quot;Stiftung Humboldt Forum im Berliner Schloss&quot;,&quot;id&quot;:382,&quot;icon&quot;:null,&quot;parent&quot;:0}],&quot;targetgroup&quot;:[454],&quot;targetgroup_details&quot;:[{&quot;text&quot;:&quot;Kinder und Familien&quot;,&quot;id&quot;:454,&quot;icon&quot;:null,&quot;parent&quot;:0}],&quot;language&quot;:[384,1155],&quot;language_details&quot;:[{&quot;text&quot;:&quot;Deutsch&quot;,&quot;id&quot;:384,&quot;icon&quot;:null,&quot;parent&quot;:0},{&quot;text&quot;:&quot;Sinhala&quot;,&quot;id&quot;:1155,&quot;icon&quot;:null,&quot;parent&quot;:0}],&quot;place&quot;:[883],&quot;place_details&quot;:{&quot;place&quot;:&quot;Humboldt Forum&quot;,&quot;map&quot;:&quot;Humboldt Forum, Schlossplatz, Berlin&quot;,&quot;room&quot;:&quot;Saal 2, EG&quot;},&quot;icon_overwrite&quot;:&quot;&quot;,&quot;acf&quot;:{&quot;hashtag&quot;:&quot;HumboldtForum&quot;,&quot;noindex&quot;:false,&quot;keywords&quot;:&quot;&quot;,&quot;shorturl&quot;:&quot;&quot;,&quot;times&quot;:[],&quot;planning&quot;:{&quot;price&quot;:&quot;5 EUR, erm\\u00e4\\u00dfigt 2,50 EUR&quot;,&quot;admission&quot;:&quot;&quot;,&quot;pause&quot;:&quot;&quot;,&quot;duration&quot;:&quot;&quot;},&quot;subline&quot;:&quot;von Arne Birkenstock&quot;,&quot;subline_feature&quot;:&quot;&quot;,&quot;marketing_text&quot;:&quot;&quot;,&quot;shorttext&quot;:&quot;&quot;,&quot;longtext&quot;:&quot;&quot;,&quot;additional_info&quot;:{&quot;icon&quot;:&quot;icon-live-fill&quot;,&quot;text&quot;:&quot;Dokumentarische Form, Deutschland, 2009\\\/10, 90 Minuten, Sprachfassung: Sinhala, Deutsch synchronisiert &quot;},&quot;highlight_header&quot;:false,&quot;featured_images&quot;:[32046],&quot;video&quot;:false,&quot;use_video_in_teasers&quot;:false,&quot;hyphenation&quot;:true,&quot;tipp&quot;:false,&quot;alert_text&quot;:&quot;&quot;,&quot;joker&quot;:false,&quot;live&quot;:false,&quot;overwrite_date&quot;:&quot;&quot;,&quot;hide_event_in_program&quot;:false,&quot;tickettext&quot;:&quot;Informationen zum Ticketing folgen in K\\u00fcrze.&quot;,&quot;infotext&quot;:&quot;empfohlen ab 6 Jahren&quot;,&quot;belongsto&quot;:[24435]},&quot;date&quot;:{&quot;NX&quot;:null,&quot;NXX&quot;:null,&quot;NLAST&quot;:&quot;202201091400&quot;,&quot;from_DATE&quot;:&quot;20211107 16:00&quot;,&quot;from&quot;:1636293600,&quot;to&quot;:1641736800,&quot;to_DATE&quot;:&quot;20220109 16:00&quot;,&quot;from_HRFSHORT&quot;:&quot; 7. Nov 2021&quot;,&quot;from_HRFSHORT_WD&quot;:&quot;So 07.11.2021&quot;,&quot;to_HRFSHORT&quot;:&quot; 9. Jan 2022&quot;,&quot;to_HRFSHORT_WD&quot;:&quot;So 09.01.2022&quot;,&quot;from_HRF&quot;:&quot;So,  7. November 2021&quot;,&quot;to_HRF&quot;:&quot;So,  9. Januar 2022&quot;,&quot;from_to_HRF&quot;:&quot;So,  7. November 2021 \\u2013 So,  9. Januar 2022&quot;,&quot;from_to_HRFSHORT&quot;:&quot; 7. Nov 2021 \\u2013  9. Jan 2022&quot;},&quot;alert&quot;:null,&quot;partof&quot;:[24435],&quot;marketing_topic&quot;:{&quot;title&quot;:&quot;Filmreihe schrecklich sch\\u00f6n&quot;,&quot;ID&quot;:24435,&quot;reason&quot;:&quot;sequence&quot;}}' inline-template>\n\t<a href=\"https:\/\/www.humboldtforum.org\/de\/programm\/termin\/film-video\/chandani-und-ihr-elefant-31742\/\" class=\"teaser teaser-event teaser-event-standard\">\n\t\t<div class=\"row\">\n\t\t\t<div class=\"col-xs-12 teaser-event-image\">\n\t\t\t\t<div class=\"teaser-image teaser-image-no-alternate\">\n\t\t\t\t\t\t\t\t\t\t\t\n\t<lazy-media-inline inline-template>\n\t\t<figure itemscope itemtype=\"http:\/\/schema.org\/ImageObject\" class=\"lazy-media-inline \" role=\"group\" id=\"media_69f2df7ea67ae\" aria-labelledby=\"desc_media_69f2df7ea67ae\">\n\t\t\t<script type=\"application\/json\" ref=\"data\">\n\t\t\t\t{\n\t\t\t\t\"sizes\" : {\"medium\":{\"file\":\"SHF_eb00118563-300x200.jpg\",\"width\":300,\"height\":200,\"mime-type\":\"image\\\/jpeg\"},\"large\":{\"file\":\"SHF_eb00118563-1024x682.jpg\",\"width\":1024,\"height\":682,\"mime-type\":\"image\\\/jpeg\"},\"thumbnail\":{\"file\":\"SHF_eb00118563-150x150.jpg\",\"width\":150,\"height\":150,\"mime-type\":\"image\\\/jpeg\"},\"medium_large\":{\"file\":\"SHF_eb00118563-768x511.jpg\",\"width\":768,\"height\":511,\"mime-type\":\"image\\\/jpeg\"},\"small\":{\"file\":\"SHF_eb00118563-440x293.jpg\",\"width\":440,\"height\":293,\"mime-type\":\"image\\\/jpeg\"},\"semi\":{\"file\":\"SHF_eb00118563-580x386.jpg\",\"width\":580,\"height\":386,\"mime-type\":\"image\\\/jpeg\"},\"mobile\":{\"file\":\"SHF_eb00118563-720x479.jpg\",\"width\":720,\"height\":479,\"mime-type\":\"image\\\/jpeg\"},\"hd\":{\"file\":\"SHF_eb00118563-1280x852.jpg\",\"width\":1280,\"height\":852,\"mime-type\":\"image\\\/jpeg\"},\"full\":{\"file\":\"SHF_eb00118563-1920x1278.jpg\",\"width\":1920,\"height\":1278,\"mime-type\":\"image\\\/jpeg\"},\"1536x1536\":{\"file\":\"SHF_eb00118563-1536x1022.jpg\",\"width\":1536,\"height\":1022,\"mime-type\":\"image\\\/jpeg\"},\"original\":{\"file\":\"SHF_eb00118563.jpg\",\"width\":2048,\"height\":1363}},\n\t\t\t\t\"alt\" : \"Eine Person sitzt am Ufer und beobachtet einen Elefanten, der im Wasser steht. \\u00dcppige Vegetation umgibt die Szene.\",\n\t\t\t\t\"path\" : \"\\\/wp-content\\\/uploads\\\/2021\\\/09\\\/\",\n\t\t\t\t\"video\" : null,\n\t\t\t\t\"autoplay\" : null,\n\t\t\t\t\"youtube\" : null,\n\t\t\t\t\"youtubelabel\" : \"Video abspielen\",\n\t\t\t\t\"brightness\" : 100,\n\t\t\t\t\"crop\" : {\"top\":\"43.75\",\"left\":\"37.47\"},\n\t\t\t\t\"background\" : true,\n\t\t\t\t\"scale\" : 2\t\t\t\t}\n\t\t\t<\/script>\n\n\t\t\t<div class=\"height-container\" style=\"padding-bottom:66.552734375%;\" v-if=\"sizes\">\n\t\t\t\t\t\t\t\t<lazy-media :inline=\"true\" :alt=\"alt\" :sizes=\"sizes\" :scale=\"scale\" :brightness=\"brightness\" :path=\"path\" :video=\"video\" :autoplay=\"autoplay\" :youtube=\"youtube\" :crop=\"crop\" :youtubelabel=\"youtubelabel\" :background=\"background\" media-id=\"desc_media_69f2df7ea67ae\"><\/lazy-media>\n\t\t\t\t\t\t\t<\/div>\n\n\t\t\t\t\t\t\t<figcaption class=\"sr-only\" ref=\"body\" id=\"desc_media_69f2df7ea67ae\">\n\t\t\t\t\t\t\t\t\t\t\t\t\t\t\t\t\t\t\t\t\t<div class=\"insignificant\">\u00a9 2009 Fruitmarket &#038; Tradewind Pictures \/ Benny Rebel\r\n<\/div>\n\t\t\t\t\t\t\t\t\t<\/figcaption>\n\t\t\t\t\t<\/figure>\n\t<\/lazy-media-inline>\n\t\t\t\t<\/div>\n\t\t\t<\/div>\n\t\t\t<div class=\"col-xs-12 teaser-event-text Infos\">\n\t\t\t\t<div class=\"teaser-event-standard-text\">\n\t\t\t\t\t<div class=\"margin-bottom-atom\">\n\t\t\t\t\t\t<div class=\"subline clamp-1\" v-html=\"maingenre\"><\/div>\n\t\t\t\t\t\t\t\t\t\t\t\t\t<div class=\"insignificant clamp-2\">Filmreihe schrecklich sch\u00f6n<\/div>\n\t\t\t\t\t\t\t\t\t\t\t<\/div>\n\t\t\t\t\n\t\t\t\t\t<strong class=\"margin-bottom-atom\">Chandani und ihr Elefant<\/strong>\n\n\t\t\t\t\t\t\t\t\t\t\t<div class=\"\">von Arne Birkenstock<\/div>\n\t\t\t\t\t\t\t\t\t<\/div>\n\t\t\t\t<div class=\"teaser-bottom border-bottom\">\n\t\t\t\t<calendardateline :rawitem='item' :show-icon=\"true\"><\/calendardateline>\n\t\t\t\t\t<hr>\n\t\t\t\t<\/div>\n\t\t\t<\/div>\n\t\t<\/div>\n\t<\/a>\n\t<\/calendarteaser>\n<\/li>\n\n<li class=\"col-xs-6 col-sm-4 col-md-3 teaser-wrapper col-padding-remove\">\n\t<calendarteaser key=\"3548018660\" rawitem='{&quot;postId&quot;:35480,&quot;title&quot;:&quot;White hunter, black heart (Wei\\u00dfer J\\u00e4ger, schwarzes Herz)&quot;,&quot;excerpt&quot;:&quot;Wie sein \\&quot;Alter Ego\\&quot; John Huston, dem Regisseur des Hollywood-Klassikers \\&quot;The African Queen\\&quot;, ist Clint Eastwood in diesem Film besessen von dem Wunsch, einen Elefanten zu erlegen. Die dramatische Geschichte ist beides: Ein US-amerikanischer &#039;landmark&#039; Safari-Film der 90er Jahre und eine kritische Auseinandersetzung mit Hollywood-Traditionen, die afrikanische L\\u00e4nder als Projektionsfl\\u00e4chen benutzen. Dem Elefanten als tierischer \\&quot;Charakterdarsteller\\&quot; wird in diesem Film die ganz gro\\u00dfe B\\u00fchne \\u00fcberlassen.&quot;,&quot;slug&quot;:&quot;white-hunter-black-heart-2&quot;,&quot;post_date&quot;:&quot;2021-11-25T16:27&quot;,&quot;type&quot;:&quot;event&quot;,&quot;permalink&quot;:&quot;https:\\\/\\\/www.humboldtforum.org\\\/de\\\/programm\\\/termin\\\/film-video\\\/white-hunter-black-heart-2-35480\\\/&quot;,&quot;genre&quot;:[729],&quot;genre_details&quot;:[{&quot;text&quot;:&quot;Film\\\/Video&quot;,&quot;id&quot;:729,&quot;icon&quot;:null,&quot;parent&quot;:0}],&quot;stakeholder&quot;:[382],&quot;stakeholder_details&quot;:[{&quot;text&quot;:&quot;Stiftung Humboldt Forum im Berliner Schloss&quot;,&quot;id&quot;:382,&quot;icon&quot;:null,&quot;parent&quot;:0}],&quot;targetgroup&quot;:[383],&quot;targetgroup_details&quot;:[{&quot;text&quot;:&quot;Erwachsene&quot;,&quot;id&quot;:383,&quot;icon&quot;:null,&quot;parent&quot;:0}],&quot;language&quot;:[384,385],&quot;language_details&quot;:[{&quot;text&quot;:&quot;Deutsch&quot;,&quot;id&quot;:384,&quot;icon&quot;:null,&quot;parent&quot;:0},{&quot;text&quot;:&quot;Englisch&quot;,&quot;id&quot;:385,&quot;icon&quot;:null,&quot;parent&quot;:0}],&quot;place&quot;:[883],&quot;place_details&quot;:{&quot;place&quot;:&quot;Humboldt Forum&quot;,&quot;map&quot;:&quot;Humboldt Forum, Schlossplatz, Berlin&quot;,&quot;room&quot;:&quot;Saal 2, EG&quot;},&quot;icon_overwrite&quot;:&quot;&quot;,&quot;acf&quot;:{&quot;hashtag&quot;:&quot;HumboldtForum&quot;,&quot;belongsto&quot;:[24435],&quot;noindex&quot;:false,&quot;keywords&quot;:&quot;&quot;,&quot;shorturl&quot;:&quot;&quot;,&quot;times&quot;:[],&quot;planning&quot;:{&quot;price&quot;:&quot;5 EUR, erm\\u00e4\\u00dfigt 2,50 EUR&quot;,&quot;admission&quot;:&quot;&quot;,&quot;pause&quot;:&quot;&quot;,&quot;duration&quot;:&quot;&quot;},&quot;subline&quot;:&quot;von Clint Eastwood&quot;,&quot;subline_feature&quot;:&quot;&quot;,&quot;marketing_text&quot;:&quot;Eye to Eye Einf\\u00fchrung von Vinzenz Hediger, Professor f\\u00fcr Filmwissenschaft Goethe&quot;,&quot;shorttext&quot;:&quot;Wie sein \\&quot;Alter Ego\\&quot; John Huston, dem Regisseur des Hollywood-Klassikers \\&quot;The African Queen\\&quot;, ist Clint Eastwood in diesem Film besessen von dem Wunsch, einen Elefanten zu erlegen. Die dramatische Geschichte ist beides: Ein US-amerikanischer &#039;landmark&#039; Safari-Film der 90er Jahre und eine kritische Auseinandersetzung mit Hollywood-Traditionen, die afrikanische L\\u00e4nder als Projektionsfl\\u00e4chen benutzen. Dem Elefanten als tierischer \\&quot;Charakterdarsteller\\&quot; wird in diesem Film die ganz gro\\u00dfe B\\u00fchne \\u00fcberlassen.&quot;,&quot;longtext&quot;:&quot;&quot;,&quot;tickettext&quot;:&quot;Informationen zum Ticketing folgen in K\\u00fcrze.&quot;,&quot;additional_info&quot;:{&quot;icon&quot;:&quot;icon-live-fill&quot;,&quot;text&quot;:&quot;Spielfilm, USA 1990, 110 min., Englisch mit deutschen Untertiteln&quot;},&quot;highlight_header&quot;:false,&quot;featured_images&quot;:[35771],&quot;video&quot;:false,&quot;use_video_in_teasers&quot;:false,&quot;hyphenation&quot;:true,&quot;tipp&quot;:false,&quot;alert_text&quot;:&quot;&quot;,&quot;joker&quot;:false,&quot;live&quot;:false,&quot;overwrite_date&quot;:&quot;&quot;,&quot;hide_event_in_program&quot;:false,&quot;infotext&quot;:&quot;empfohlen ab 12 Jahren&quot;},&quot;date&quot;:{&quot;NX&quot;:null,&quot;NXX&quot;:null,&quot;NLAST&quot;:&quot;202201051700&quot;,&quot;from_DATE&quot;:&quot;20220105 19:00&quot;,&quot;from&quot;:1641402000,&quot;to&quot;:1641402000,&quot;to_DATE&quot;:&quot;20220105 19:00&quot;,&quot;from_HRFSHORT&quot;:&quot; 5. Jan 2022&quot;,&quot;from_HRFSHORT_WD&quot;:&quot;Mi 05.01.2022&quot;,&quot;to_HRFSHORT&quot;:&quot; 5. Jan 2022&quot;,&quot;to_HRFSHORT_WD&quot;:&quot;Mi 05.01.2022&quot;,&quot;from_HRF&quot;:&quot;Mi,  5. Januar 2022&quot;,&quot;to_HRF&quot;:&quot;Mi,  5. Januar 2022&quot;,&quot;from_to_HRF&quot;:&quot;Mi,  5. Januar \\u2013 Mi,  5. Januar 2022&quot;,&quot;from_to_HRFSHORT&quot;:&quot; 5. Jan \\u2013  5. Jan 2022&quot;},&quot;alert&quot;:null,&quot;partof&quot;:[24435],&quot;marketing_topic&quot;:{&quot;title&quot;:&quot;Filmreihe schrecklich sch\\u00f6n&quot;,&quot;ID&quot;:24435,&quot;reason&quot;:&quot;sequence&quot;}}' inline-template>\n\t<a href=\"https:\/\/www.humboldtforum.org\/de\/programm\/termin\/film-video\/white-hunter-black-heart-2-35480\/\" class=\"teaser teaser-event teaser-event-standard\">\n\t\t<div class=\"row\">\n\t\t\t<div class=\"col-xs-12 teaser-event-image\">\n\t\t\t\t<div class=\"teaser-image teaser-image-no-alternate\">\n\t\t\t\t\t\t\t\t\t\t\t\n\t<lazy-media-inline inline-template>\n\t\t<figure itemscope itemtype=\"http:\/\/schema.org\/ImageObject\" class=\"lazy-media-inline \" role=\"group\" id=\"media_69f2df7ea834a\" aria-labelledby=\"desc_media_69f2df7ea834a\">\n\t\t\t<script type=\"application\/json\" ref=\"data\">\n\t\t\t\t{\n\t\t\t\t\"sizes\" : {\"medium\":{\"file\":\"SHF_eb00119881-200x300.jpg\",\"width\":200,\"height\":300,\"mime-type\":\"image\\\/jpeg\"},\"large\":{\"file\":\"SHF_eb00119881-683x1024.jpg\",\"width\":683,\"height\":1024,\"mime-type\":\"image\\\/jpeg\"},\"thumbnail\":{\"file\":\"SHF_eb00119881-150x150.jpg\",\"width\":150,\"height\":150,\"mime-type\":\"image\\\/jpeg\"},\"medium_large\":{\"file\":\"SHF_eb00119881-768x1152.jpg\",\"width\":768,\"height\":1152,\"mime-type\":\"image\\\/jpeg\"},\"small\":{\"file\":\"SHF_eb00119881-293x440.jpg\",\"width\":293,\"height\":440,\"mime-type\":\"image\\\/jpeg\"},\"semi\":{\"file\":\"SHF_eb00119881-387x580.jpg\",\"width\":387,\"height\":580,\"mime-type\":\"image\\\/jpeg\"},\"mobile\":{\"file\":\"SHF_eb00119881-480x720.jpg\",\"width\":480,\"height\":720,\"mime-type\":\"image\\\/jpeg\"},\"hd\":{\"file\":\"SHF_eb00119881-853x1280.jpg\",\"width\":853,\"height\":1280,\"mime-type\":\"image\\\/jpeg\"},\"full\":{\"file\":\"SHF_eb00119881-1280x1920.jpg\",\"width\":1280,\"height\":1920,\"mime-type\":\"image\\\/jpeg\"},\"1536x1536\":{\"file\":\"SHF_eb00119881-1024x1536.jpg\",\"width\":1024,\"height\":1536,\"mime-type\":\"image\\\/jpeg\"},\"original\":{\"file\":\"SHF_eb00119881.jpg\",\"width\":1365,\"height\":2048}},\n\t\t\t\t\"alt\" : \"Clint Eastwood mit Gewehr, bereit zur Jagd, aus dem Film \\u201eWei\\u00dfer J\\u00e4ger, schwarzes Herz\\u201c.\",\n\t\t\t\t\"path\" : \"\\\/wp-content\\\/uploads\\\/2021\\\/12\\\/\",\n\t\t\t\t\"video\" : null,\n\t\t\t\t\"autoplay\" : null,\n\t\t\t\t\"youtube\" : null,\n\t\t\t\t\"youtubelabel\" : \"Video abspielen\",\n\t\t\t\t\"brightness\" : 100,\n\t\t\t\t\"crop\" : {\"top\":\"38.75\",\"left\":\"48.23\"},\n\t\t\t\t\"background\" : true,\n\t\t\t\t\"scale\" : 2\t\t\t\t}\n\t\t\t<\/script>\n\n\t\t\t<div class=\"height-container\" style=\"padding-bottom:150.03663003663%;\" v-if=\"sizes\">\n\t\t\t\t\t\t\t\t<lazy-media :inline=\"true\" :alt=\"alt\" :sizes=\"sizes\" :scale=\"scale\" :brightness=\"brightness\" :path=\"path\" :video=\"video\" :autoplay=\"autoplay\" :youtube=\"youtube\" :crop=\"crop\" :youtubelabel=\"youtubelabel\" :background=\"background\" media-id=\"desc_media_69f2df7ea834a\"><\/lazy-media>\n\t\t\t\t\t\t\t<\/div>\n\n\t\t\t\t\t\t\t<figcaption class=\"sr-only\" ref=\"body\" id=\"desc_media_69f2df7ea834a\">\n\t\t\t\t\t\t\t\t\t\t\t<div>&quot;White Hunter, Black Heart&quot;, USA, 1990.<\/div>\n\t\t\t\t\t\t\t\t\t\t\t\t\t\t\t\t\t\t\t\t\t<div class=\"insignificant\">\u00a9 2021 Warner Bros. Ent. All Rights Reserved<\/div>\n\t\t\t\t\t\t\t\t\t<\/figcaption>\n\t\t\t\t\t<\/figure>\n\t<\/lazy-media-inline>\n\t\t\t\t<\/div>\n\t\t\t<\/div>\n\t\t\t<div class=\"col-xs-12 teaser-event-text Infos\">\n\t\t\t\t<div class=\"teaser-event-standard-text\">\n\t\t\t\t\t<div class=\"margin-bottom-atom\">\n\t\t\t\t\t\t<div class=\"subline clamp-1\" v-html=\"maingenre\"><\/div>\n\t\t\t\t\t\t\t\t\t\t\t\t\t<div class=\"insignificant clamp-2\">Filmreihe schrecklich sch\u00f6n<\/div>\n\t\t\t\t\t\t\t\t\t\t\t<\/div>\n\t\t\t\t\n\t\t\t\t\t<strong class=\"margin-bottom-atom\">White hunter, black heart (Wei\u00dfer J\u00e4ger, schwarzes Herz)<\/strong>\n\n\t\t\t\t\t\t\t\t\t\t\t<div class=\"\">Eye to Eye Einf\u00fchrung von Vinzenz Hediger, Professor f\u00fcr Filmwissenschaft Goethe<\/div>\n\t\t\t\t\t\t\t\t\t<\/div>\n\t\t\t\t<div class=\"teaser-bottom border-bottom\">\n\t\t\t\t<calendardateline :rawitem='item' :show-icon=\"true\"><\/calendardateline>\n\t\t\t\t\t<hr>\n\t\t\t\t<\/div>\n\t\t\t<\/div>\n\t\t<\/div>\n\t<\/a>\n\t<\/calendarteaser>\n<\/li>\n\n<li class=\"col-xs-6 col-sm-4 col-md-3 teaser-wrapper col-padding-remove\">\n\t<calendarteaser key=\"3575911082\" rawitem='{&quot;postId&quot;:35759,&quot;title&quot;:&quot;Hatari!&quot;,&quot;excerpt&quot;:&quot;Es sind harte, knurrige Kerle, die in Tanganjika, dem heutigen Tansania, wilde Tiere fangen um sie an westliche Zoos zu verkaufen.&quot;,&quot;slug&quot;:&quot;hatari&quot;,&quot;post_date&quot;:&quot;2021-12-14T11:12&quot;,&quot;type&quot;:&quot;event&quot;,&quot;permalink&quot;:&quot;https:\\\/\\\/www.humboldtforum.org\\\/de\\\/programm\\\/termin\\\/film-video\\\/hatari-35759\\\/&quot;,&quot;genre&quot;:[729],&quot;genre_details&quot;:[{&quot;text&quot;:&quot;Film\\\/Video&quot;,&quot;id&quot;:729,&quot;icon&quot;:null,&quot;parent&quot;:0}],&quot;stakeholder&quot;:[382],&quot;stakeholder_details&quot;:[{&quot;text&quot;:&quot;Stiftung Humboldt Forum im Berliner Schloss&quot;,&quot;id&quot;:382,&quot;icon&quot;:null,&quot;parent&quot;:0}],&quot;targetgroup&quot;:[454],&quot;targetgroup_details&quot;:[{&quot;text&quot;:&quot;Kinder und Familien&quot;,&quot;id&quot;:454,&quot;icon&quot;:null,&quot;parent&quot;:0}],&quot;language&quot;:[384],&quot;language_details&quot;:[{&quot;text&quot;:&quot;Deutsch&quot;,&quot;id&quot;:384,&quot;icon&quot;:null,&quot;parent&quot;:0}],&quot;accessability&quot;:[430],&quot;accessability_details&quot;:[{&quot;text&quot;:&quot;Rollstuhlgerecht&quot;,&quot;id&quot;:430,&quot;icon&quot;:null,&quot;parent&quot;:0}],&quot;place&quot;:[883],&quot;place_details&quot;:{&quot;place&quot;:&quot;Humboldt Forum&quot;,&quot;map&quot;:&quot;Humboldt Forum, Schlossplatz, Berlin&quot;,&quot;room&quot;:&quot;Saal 2, EG&quot;},&quot;icon_overwrite&quot;:&quot;&quot;,&quot;acf&quot;:{&quot;hashtag&quot;:&quot;HumboldtForum&quot;,&quot;belongsto&quot;:[24435],&quot;noindex&quot;:false,&quot;keywords&quot;:&quot;&quot;,&quot;shorturl&quot;:&quot;&quot;,&quot;times&quot;:[],&quot;planning&quot;:{&quot;price&quot;:&quot;&quot;,&quot;admission&quot;:&quot;&quot;,&quot;pause&quot;:&quot;&quot;,&quot;duration&quot;:&quot;&quot;},&quot;subline&quot;:&quot;&quot;,&quot;subline_feature&quot;:&quot;von Howard Hawks&quot;,&quot;marketing_text&quot;:&quot;&quot;,&quot;shorttext&quot;:&quot;Es sind harte, knurrige Kerle, die in Tanganjika, dem heutigen Tansania, wilde Tiere fangen um sie an westliche Zoos zu verkaufen.&quot;,&quot;longtext&quot;:&quot;&quot;,&quot;tickettext&quot;:&quot;Buchen Sie Ihr Ticket vorab online oder an der Kasse im Foyer.&quot;,&quot;additional_info&quot;:{&quot;icon&quot;:&quot;icon-live-fill&quot;,&quot;text&quot;:&quot;Spielfilm, USA, 1962, 159 Minuten, Englisch mit deutschen Untertiteln&quot;},&quot;highlight_header&quot;:false,&quot;featured_images&quot;:[35761],&quot;video&quot;:false,&quot;use_video_in_teasers&quot;:false,&quot;hyphenation&quot;:false,&quot;tipp&quot;:false,&quot;alert_text&quot;:&quot;ABGESAGT&quot;,&quot;joker&quot;:false,&quot;live&quot;:false,&quot;overwrite_date&quot;:&quot;&quot;,&quot;hide_event_in_program&quot;:false,&quot;infotext&quot;:&quot;Empfohlen ab 12 Jahren&quot;},&quot;date&quot;:{&quot;NX&quot;:null,&quot;NXX&quot;:null,&quot;NLAST&quot;:&quot;202201021400&quot;,&quot;from_DATE&quot;:&quot;20220102 16:00&quot;,&quot;from&quot;:1641132000,&quot;to&quot;:1641132000,&quot;to_DATE&quot;:&quot;20220102 16:00&quot;,&quot;from_HRFSHORT&quot;:&quot; 2. Jan 2022&quot;,&quot;from_HRFSHORT_WD&quot;:&quot;So 02.01.2022&quot;,&quot;to_HRFSHORT&quot;:&quot; 2. Jan 2022&quot;,&quot;to_HRFSHORT_WD&quot;:&quot;So 02.01.2022&quot;,&quot;from_HRF&quot;:&quot;So,  2. Januar 2022&quot;,&quot;to_HRF&quot;:&quot;So,  2. Januar 2022&quot;,&quot;from_to_HRF&quot;:&quot;So,  2. Januar \\u2013 So,  2. Januar 2022&quot;,&quot;from_to_HRFSHORT&quot;:&quot; 2. Jan \\u2013  2. Jan 2022&quot;},&quot;alert&quot;:&quot;ABGESAGT&quot;,&quot;partof&quot;:[24435],&quot;marketing_topic&quot;:{&quot;title&quot;:&quot;Filmreihe schrecklich sch\\u00f6n&quot;,&quot;ID&quot;:24435,&quot;reason&quot;:&quot;sequence&quot;}}' inline-template>\n\t<a href=\"https:\/\/www.humboldtforum.org\/de\/programm\/termin\/film-video\/hatari-35759\/\" class=\"teaser teaser-event teaser-event-standard\">\n\t\t<div class=\"row\">\n\t\t\t<div class=\"col-xs-12 teaser-event-image\">\n\t\t\t\t<div class=\"teaser-image teaser-image-no-alternate\">\n\t\t\t\t\t\t\t\t\t\t\t\t\t<span class=\"alert\">ABGESAGT<\/span>\n\t\t\t\t\t\t\t\t\t\t\t\n\t<lazy-media-inline inline-template>\n\t\t<figure itemscope itemtype=\"http:\/\/schema.org\/ImageObject\" class=\"lazy-media-inline \" role=\"group\" id=\"media_69f2df7ea9ed3\" aria-labelledby=\"desc_media_69f2df7ea9ed3\">\n\t\t\t<script type=\"application\/json\" ref=\"data\">\n\t\t\t\t{\n\t\t\t\t\"sizes\" : {\"medium\":{\"file\":\"SHF_eb00107643-300x169.jpg\",\"width\":300,\"height\":169,\"mime-type\":\"image\\\/jpeg\"},\"large\":{\"file\":\"SHF_eb00107643-1024x576.jpg\",\"width\":1024,\"height\":576,\"mime-type\":\"image\\\/jpeg\"},\"thumbnail\":{\"file\":\"SHF_eb00107643-150x150.jpg\",\"width\":150,\"height\":150,\"mime-type\":\"image\\\/jpeg\"},\"medium_large\":{\"file\":\"SHF_eb00107643-768x432.jpg\",\"width\":768,\"height\":432,\"mime-type\":\"image\\\/jpeg\"},\"small\":{\"file\":\"SHF_eb00107643-440x248.jpg\",\"width\":440,\"height\":248,\"mime-type\":\"image\\\/jpeg\"},\"semi\":{\"file\":\"SHF_eb00107643-580x326.jpg\",\"width\":580,\"height\":326,\"mime-type\":\"image\\\/jpeg\"},\"mobile\":{\"file\":\"SHF_eb00107643-720x405.jpg\",\"width\":720,\"height\":405,\"mime-type\":\"image\\\/jpeg\"},\"hd\":{\"file\":\"SHF_eb00107643-1280x720.jpg\",\"width\":1280,\"height\":720,\"mime-type\":\"image\\\/jpeg\"},\"full\":{\"file\":\"SHF_eb00107643-1920x1080.jpg\",\"width\":1920,\"height\":1080,\"mime-type\":\"image\\\/jpeg\"},\"1536x1536\":{\"file\":\"SHF_eb00107643-1536x864.jpg\",\"width\":1536,\"height\":864,\"mime-type\":\"image\\\/jpeg\"},\"original\":{\"file\":\"SHF_eb00107643.jpg\",\"width\":2048,\"height\":1152}},\n\t\t\t\t\"alt\" : \"Menschen umringen einen kleinen Elefanten, w\\u00e4hrend eine Frau ihn liebevoll anspricht. Im Hintergrund stehen B\\u00e4ume.\",\n\t\t\t\t\"path\" : \"\\\/wp-content\\\/uploads\\\/2021\\\/12\\\/\",\n\t\t\t\t\"video\" : null,\n\t\t\t\t\"autoplay\" : null,\n\t\t\t\t\"youtube\" : null,\n\t\t\t\t\"youtubelabel\" : \"Video abspielen\",\n\t\t\t\t\"brightness\" : 100,\n\t\t\t\t\"crop\" : {\"top\":\"50.00\",\"left\":\"50.00\"},\n\t\t\t\t\"background\" : true,\n\t\t\t\t\"scale\" : 2\t\t\t\t}\n\t\t\t<\/script>\n\n\t\t\t<div class=\"height-container\" style=\"padding-bottom:56.25%;\" v-if=\"sizes\">\n\t\t\t\t\t\t\t\t<lazy-media :inline=\"true\" :alt=\"alt\" :sizes=\"sizes\" :scale=\"scale\" :brightness=\"brightness\" :path=\"path\" :video=\"video\" :autoplay=\"autoplay\" :youtube=\"youtube\" :crop=\"crop\" :youtubelabel=\"youtubelabel\" :background=\"background\" media-id=\"desc_media_69f2df7ea9ed3\"><\/lazy-media>\n\t\t\t\t\t\t\t<\/div>\n\n\t\t\t\t\t\t\t<figcaption class=\"sr-only\" ref=\"body\" id=\"desc_media_69f2df7ea9ed3\">\n\t\t\t\t\t\t\t\t\t\t\t<div>Filmstill aus Howard Hawks &quot;Hatari!&quot;, USA 1962. Szene mit G&eacute;rard Blain, Hardy Kr&uuml;ger, Red Buttons, John Wayne und Elsa Martinelli<\/div>\n\t\t\t\t\t\t\t\t\t\t\t\t\t\t\t\t\t\t\t\t\t<div class=\"insignificant\">\u00a9 Paramount Pictures Corp.<\/div>\n\t\t\t\t\t\t\t\t\t<\/figcaption>\n\t\t\t\t\t<\/figure>\n\t<\/lazy-media-inline>\n\t\t\t\t<\/div>\n\t\t\t<\/div>\n\t\t\t<div class=\"col-xs-12 teaser-event-text Infos\">\n\t\t\t\t<div class=\"teaser-event-standard-text\">\n\t\t\t\t\t<div class=\"margin-bottom-atom\">\n\t\t\t\t\t\t<div class=\"subline clamp-1\" v-html=\"maingenre\"><\/div>\n\t\t\t\t\t\t\t\t\t\t\t\t\t<div class=\"insignificant clamp-2\">Filmreihe schrecklich sch\u00f6n<\/div>\n\t\t\t\t\t\t\t\t\t\t\t<\/div>\n\t\t\t\t\n\t\t\t\t\t<strong class=\"margin-bottom-atom\">Hatari!<\/strong>\n\n\t\t\t\t\t\t\t\t\t\t\t<div class=\"\"><\/div>\n\t\t\t\t\t\t\t\t\t<\/div>\n\t\t\t\t<div class=\"teaser-bottom border-bottom\">\n\t\t\t\t<calendardateline :rawitem='item' :show-icon=\"true\"><\/calendardateline>\n\t\t\t\t\t<hr>\n\t\t\t\t<\/div>\n\t\t\t<\/div>\n\t\t<\/div>\n\t<\/a>\n\t<\/calendarteaser>\n<\/li>\n\n<li class=\"col-xs-6 col-sm-4 col-md-3 teaser-wrapper col-padding-remove\">\n\t<calendarteaser key=\"3239720791\" rawitem='{&quot;postId&quot;:32397,&quot;title&quot;:&quot;Animals are beautiful people&quot;,&quot;excerpt&quot;:&quot;Die Tiere der Kalahari, der Namibischen W\\u00fcste und im Okovango Delta werden in diesem Film mit viel Musik und Parallelen zu menschlichem Verhalten vorgestellt. Elefanten geh\\u00f6ren nat\\u00fcrlich dazu.&quot;,&quot;slug&quot;:&quot;animals-are-beautiful-people&quot;,&quot;post_date&quot;:&quot;2021-09-23T15:11&quot;,&quot;type&quot;:&quot;event&quot;,&quot;permalink&quot;:&quot;https:\\\/\\\/www.humboldtforum.org\\\/de\\\/programm\\\/termin\\\/film-video\\\/animals-are-beautiful-people-32397\\\/&quot;,&quot;genre&quot;:[729],&quot;genre_details&quot;:[{&quot;text&quot;:&quot;Film\\\/Video&quot;,&quot;id&quot;:729,&quot;icon&quot;:null,&quot;parent&quot;:0}],&quot;stakeholder&quot;:[382],&quot;stakeholder_details&quot;:[{&quot;text&quot;:&quot;Stiftung Humboldt Forum im Berliner Schloss&quot;,&quot;id&quot;:382,&quot;icon&quot;:null,&quot;parent&quot;:0}],&quot;targetgroup&quot;:[454],&quot;targetgroup_details&quot;:[{&quot;text&quot;:&quot;Kinder und Familien&quot;,&quot;id&quot;:454,&quot;icon&quot;:null,&quot;parent&quot;:0}],&quot;language&quot;:[384],&quot;language_details&quot;:[{&quot;text&quot;:&quot;Deutsch&quot;,&quot;id&quot;:384,&quot;icon&quot;:null,&quot;parent&quot;:0}],&quot;accessability&quot;:[430],&quot;accessability_details&quot;:[{&quot;text&quot;:&quot;Rollstuhlgerecht&quot;,&quot;id&quot;:430,&quot;icon&quot;:null,&quot;parent&quot;:0}],&quot;place&quot;:[883],&quot;place_details&quot;:{&quot;place&quot;:&quot;Humboldt Forum&quot;,&quot;map&quot;:&quot;Humboldt Forum, Schlossplatz, Berlin&quot;,&quot;room&quot;:&quot;Saal 2, EG&quot;},&quot;icon_overwrite&quot;:&quot;&quot;,&quot;acf&quot;:{&quot;hashtag&quot;:&quot;HumboldtForum&quot;,&quot;belongsto&quot;:[24435],&quot;noindex&quot;:false,&quot;keywords&quot;:&quot;&quot;,&quot;shorturl&quot;:&quot;&quot;,&quot;times&quot;:[],&quot;planning&quot;:{&quot;price&quot;:&quot;5 EUR, erm. 2,50 EUR&quot;,&quot;admission&quot;:&quot;&quot;,&quot;pause&quot;:&quot;&quot;,&quot;duration&quot;:&quot;&quot;},&quot;subline&quot;:&quot;Die lustige Welt der Tiere&quot;,&quot;subline_feature&quot;:&quot;von Jamie Uys&quot;,&quot;marketing_text&quot;:&quot;&quot;,&quot;shorttext&quot;:&quot;Die Tiere der Kalahari, der Namibischen W\\u00fcste und im Okovango Delta werden in diesem Film mit viel Musik und Parallelen zu menschlichem Verhalten vorgestellt. Elefanten geh\\u00f6ren nat\\u00fcrlich dazu.&quot;,&quot;longtext&quot;:&quot;&quot;,&quot;tickettext&quot;:&quot;Buchen Sie Ihr Ticket vorab online oder an der Kasse im Foyer.&quot;,&quot;additional_info&quot;:{&quot;icon&quot;:&quot;icon-live-fill&quot;,&quot;text&quot;:&quot;Dokumentarische Form, S\\u00fcdafrika, 1974, 92 Minuten, deutsche Fassung&quot;},&quot;highlight_header&quot;:false,&quot;featured_images&quot;:[35664],&quot;video&quot;:false,&quot;use_video_in_teasers&quot;:false,&quot;hyphenation&quot;:false,&quot;tipp&quot;:false,&quot;alert_text&quot;:&quot;&quot;,&quot;joker&quot;:false,&quot;live&quot;:false,&quot;overwrite_date&quot;:&quot;&quot;,&quot;hide_event_in_program&quot;:false,&quot;infotext&quot;:&quot;Empfohlen ab 12 Jahren&quot;},&quot;date&quot;:{&quot;NX&quot;:null,&quot;NXX&quot;:null,&quot;NLAST&quot;:&quot;202112221600&quot;,&quot;from_DATE&quot;:&quot;20211024 16:00&quot;,&quot;from&quot;:1635076800,&quot;to&quot;:1640188800,&quot;to_DATE&quot;:&quot;20211222 19:00&quot;,&quot;from_HRFSHORT&quot;:&quot;24. Okt 2021&quot;,&quot;from_HRFSHORT_WD&quot;:&quot;So 24.10.2021&quot;,&quot;to_HRFSHORT&quot;:&quot;22. Dez 2021&quot;,&quot;to_HRFSHORT_WD&quot;:&quot;Mi 22.12.2021&quot;,&quot;from_HRF&quot;:&quot;So, 24. Oktober 2021&quot;,&quot;to_HRF&quot;:&quot;Mi, 22. Dezember 2021&quot;,&quot;from_to_HRF&quot;:&quot;So, 24. Oktober \\u2013 Mi, 22. Dezember 2021&quot;,&quot;from_to_HRFSHORT&quot;:&quot;24. Okt \\u2013 22. Dez 2021&quot;},&quot;alert&quot;:null,&quot;partof&quot;:[24435],&quot;marketing_topic&quot;:{&quot;title&quot;:&quot;Filmreihe schrecklich sch\\u00f6n&quot;,&quot;ID&quot;:24435,&quot;reason&quot;:&quot;sequence&quot;}}' inline-template>\n\t<a href=\"https:\/\/www.humboldtforum.org\/de\/programm\/termin\/film-video\/animals-are-beautiful-people-32397\/\" class=\"teaser teaser-event teaser-event-standard\">\n\t\t<div class=\"row\">\n\t\t\t<div class=\"col-xs-12 teaser-event-image\">\n\t\t\t\t<div class=\"teaser-image teaser-image-no-alternate\">\n\t\t\t\t\t\t\t\t\t\t\t\n\t<lazy-media-inline inline-template>\n\t\t<figure itemscope itemtype=\"http:\/\/schema.org\/ImageObject\" class=\"lazy-media-inline \" role=\"group\" id=\"media_69f2df7eac160\" aria-labelledby=\"desc_media_69f2df7eac160\">\n\t\t\t<script type=\"application\/json\" ref=\"data\">\n\t\t\t\t{\n\t\t\t\t\"sizes\" : {\"medium\":{\"file\":\"SHF_eb00119880-208x300.jpg\",\"width\":208,\"height\":300,\"mime-type\":\"image\\\/jpeg\"},\"large\":{\"file\":\"SHF_eb00119880-710x1024.jpg\",\"width\":710,\"height\":1024,\"mime-type\":\"image\\\/jpeg\"},\"thumbnail\":{\"file\":\"SHF_eb00119880-150x150.jpg\",\"width\":150,\"height\":150,\"mime-type\":\"image\\\/jpeg\"},\"medium_large\":{\"file\":\"SHF_eb00119880-768x1108.jpg\",\"width\":768,\"height\":1108,\"mime-type\":\"image\\\/jpeg\"},\"small\":{\"file\":\"SHF_eb00119880-305x440.jpg\",\"width\":305,\"height\":440,\"mime-type\":\"image\\\/jpeg\"},\"semi\":{\"file\":\"SHF_eb00119880-402x580.jpg\",\"width\":402,\"height\":580,\"mime-type\":\"image\\\/jpeg\"},\"mobile\":{\"file\":\"SHF_eb00119880-499x720.jpg\",\"width\":499,\"height\":720,\"mime-type\":\"image\\\/jpeg\"},\"hd\":{\"file\":\"SHF_eb00119880-887x1280.jpg\",\"width\":887,\"height\":1280,\"mime-type\":\"image\\\/jpeg\"},\"full\":{\"file\":\"SHF_eb00119880-1330x1920.jpg\",\"width\":1330,\"height\":1920,\"mime-type\":\"image\\\/jpeg\"},\"1536x1536\":{\"file\":\"SHF_eb00119880-1064x1536.jpg\",\"width\":1064,\"height\":1536,\"mime-type\":\"image\\\/jpeg\"},\"original\":{\"file\":\"SHF_eb00119880.jpg\",\"width\":1419,\"height\":2048}},\n\t\t\t\t\"alt\" : \"Filmplakat mit einem h\\u00e4ngenden Affen sowie Giraffen und Elefanten; Titel: \\\"Tiere sind sch\\u00f6ne Menschen\\\".\",\n\t\t\t\t\"path\" : \"\\\/wp-content\\\/uploads\\\/2021\\\/09\\\/\",\n\t\t\t\t\"video\" : null,\n\t\t\t\t\"autoplay\" : null,\n\t\t\t\t\"youtube\" : null,\n\t\t\t\t\"youtubelabel\" : \"Video abspielen\",\n\t\t\t\t\"brightness\" : 100,\n\t\t\t\t\"crop\" : {\"top\":\"16.12\",\"left\":\"48.94\"},\n\t\t\t\t\"background\" : true,\n\t\t\t\t\"scale\" : 2\t\t\t\t}\n\t\t\t<\/script>\n\n\t\t\t<div class=\"height-container\" style=\"padding-bottom:144.32699083862%;\" v-if=\"sizes\">\n\t\t\t\t\t\t\t\t<lazy-media :inline=\"true\" :alt=\"alt\" :sizes=\"sizes\" :scale=\"scale\" :brightness=\"brightness\" :path=\"path\" :video=\"video\" :autoplay=\"autoplay\" :youtube=\"youtube\" :crop=\"crop\" :youtubelabel=\"youtubelabel\" :background=\"background\" media-id=\"desc_media_69f2df7eac160\"><\/lazy-media>\n\t\t\t\t\t\t\t<\/div>\n\n\t\t\t\t\t\t\t<figcaption class=\"sr-only\" ref=\"body\" id=\"desc_media_69f2df7eac160\">\n\t\t\t\t\t\t\t\t\t\t\t<div>Animals Are Beautiful People, S&uuml;dafrika, 1974.<\/div>\n\t\t\t\t\t\t\t\t\t\t\t\t\t\t\t\t\t\t\t\t\t<div class=\"insignificant\">\u00a9 Animals are Beautiful People \u00a92021 Warner Bros. Ent. All Rights Reserved<\/div>\n\t\t\t\t\t\t\t\t\t<\/figcaption>\n\t\t\t\t\t<\/figure>\n\t<\/lazy-media-inline>\n\t\t\t\t<\/div>\n\t\t\t<\/div>\n\t\t\t<div class=\"col-xs-12 teaser-event-text Infos\">\n\t\t\t\t<div class=\"teaser-event-standard-text\">\n\t\t\t\t\t<div class=\"margin-bottom-atom\">\n\t\t\t\t\t\t<div class=\"subline clamp-1\" v-html=\"maingenre\"><\/div>\n\t\t\t\t\t\t\t\t\t\t\t\t\t<div class=\"insignificant clamp-2\">Filmreihe schrecklich sch\u00f6n<\/div>\n\t\t\t\t\t\t\t\t\t\t\t<\/div>\n\t\t\t\t\n\t\t\t\t\t<strong class=\"margin-bottom-atom\">Animals are beautiful people<\/strong>\n\n\t\t\t\t\t\t\t\t\t\t\t<div class=\"\">Die lustige Welt der Tiere<\/div>\n\t\t\t\t\t\t\t\t\t<\/div>\n\t\t\t\t<div class=\"teaser-bottom border-bottom\">\n\t\t\t\t<calendardateline :rawitem='item' :show-icon=\"true\"><\/calendardateline>\n\t\t\t\t\t<hr>\n\t\t\t\t<\/div>\n\t\t\t<\/div>\n\t\t<\/div>\n\t<\/a>\n\t<\/calendarteaser>\n<\/li>\n\n<li class=\"col-xs-6 col-sm-4 col-md-3 teaser-wrapper col-padding-remove\">\n\t<calendarteaser key=\"3529717610\" rawitem='{&quot;postId&quot;:35297,&quot;title&quot;:&quot;Doppelprogramm: \\u201eLaxmi&#039;s Blessings\\u201c und \\u201eElefanten\\u201c&quot;,&quot;excerpt&quot;:&quot;Zwei sehr unterschiedliche Dokumentarfilme beobachten das Verh\\u00e4ltnis zwischen Elefanten und Menschen.&quot;,&quot;slug&quot;:&quot;doppelprogramm-laxmis-blessings-und-elefanten&quot;,&quot;post_date&quot;:&quot;2021-11-23T13:47&quot;,&quot;type&quot;:&quot;event&quot;,&quot;permalink&quot;:&quot;https:\\\/\\\/www.humboldtforum.org\\\/de\\\/programm\\\/termin\\\/film-video\\\/doppelprogramm-laxmis-blessings-und-elefanten-35297\\\/&quot;,&quot;genre&quot;:[729],&quot;genre_details&quot;:[{&quot;text&quot;:&quot;Film\\\/Video&quot;,&quot;id&quot;:729,&quot;icon&quot;:null,&quot;parent&quot;:0}],&quot;stakeholder&quot;:[382],&quot;stakeholder_details&quot;:[{&quot;text&quot;:&quot;Stiftung Humboldt Forum im Berliner Schloss&quot;,&quot;id&quot;:382,&quot;icon&quot;:null,&quot;parent&quot;:0}],&quot;targetgroup&quot;:[383],&quot;targetgroup_details&quot;:[{&quot;text&quot;:&quot;Erwachsene&quot;,&quot;id&quot;:383,&quot;icon&quot;:null,&quot;parent&quot;:0}],&quot;language&quot;:[385,1041],&quot;language_details&quot;:[{&quot;text&quot;:&quot;Englisch&quot;,&quot;id&quot;:385,&quot;icon&quot;:null,&quot;parent&quot;:0},{&quot;text&quot;:&quot;Hindi&quot;,&quot;id&quot;:1041,&quot;icon&quot;:null,&quot;parent&quot;:0}],&quot;accessability&quot;:[780],&quot;accessability_details&quot;:[{&quot;text&quot;:&quot;Untertitel&quot;,&quot;id&quot;:780,&quot;icon&quot;:null,&quot;parent&quot;:0}],&quot;place&quot;:[883],&quot;place_details&quot;:{&quot;place&quot;:&quot;Humboldt Forum&quot;,&quot;map&quot;:&quot;Humboldt Forum, Schlossplatz, Berlin&quot;,&quot;room&quot;:&quot;Saal 2, EG&quot;},&quot;icon_overwrite&quot;:&quot;&quot;,&quot;acf&quot;:{&quot;hashtag&quot;:&quot;HumboldtForum&quot;,&quot;belongsto&quot;:[24435],&quot;noindex&quot;:false,&quot;keywords&quot;:&quot;&quot;,&quot;shorturl&quot;:&quot;&quot;,&quot;times&quot;:[],&quot;planning&quot;:{&quot;price&quot;:&quot;5 EUR, erm\\u00e4\\u00dfigt 2,50 EUR&quot;,&quot;admission&quot;:&quot;&quot;,&quot;pause&quot;:&quot;&quot;,&quot;duration&quot;:&quot;&quot;},&quot;subline&quot;:&quot;Filme von Karin Slater &amp; Karl Kels&quot;,&quot;subline_feature&quot;:&quot;&quot;,&quot;marketing_text&quot;:&quot;Zwei sehr unterschiedliche Dokumentarfilme zum Verh\\u00e4ltnis Elefant \\u2013 Mensch&quot;,&quot;shorttext&quot;:&quot;Zwei sehr unterschiedliche Dokumentarfilme beobachten das Verh\\u00e4ltnis zwischen Elefanten und Menschen.&quot;,&quot;longtext&quot;:&quot;&quot;,&quot;tickettext&quot;:&quot;Buchen Sie Ihr Ticket vorab online oder an der Kasse im Foyer.&quot;,&quot;additional_info&quot;:{&quot;icon&quot;:&quot;icon-live-fill&quot;,&quot;text&quot;:&quot;\\u201eLaxmi&#039;s Blessings\\u201c von Karin Slater: Dokumentarische Form, S\\u00fcdafrika 2007, 23 Minuten, Hindi mit englischen Untertiteln &lt;\\\/br&gt; &lt;\\\/br&gt;\\u201eElefanten\\u201c von Karl Kels: Dokumentarische Form, Deutschland\\\/\\u00d6sterreich 2001, 62 Minuten, Stummfilm&quot;},&quot;highlight_header&quot;:false,&quot;featured_images&quot;:[35298,35300],&quot;video&quot;:false,&quot;use_video_in_teasers&quot;:false,&quot;hyphenation&quot;:true,&quot;tipp&quot;:false,&quot;alert_text&quot;:&quot;&quot;,&quot;joker&quot;:false,&quot;live&quot;:false,&quot;overwrite_date&quot;:&quot;&quot;,&quot;hide_event_in_program&quot;:false},&quot;date&quot;:{&quot;NX&quot;:null,&quot;NXX&quot;:null,&quot;NLAST&quot;:&quot;202112151700&quot;,&quot;from_DATE&quot;:&quot;20211215 19:00&quot;,&quot;from&quot;:1639587600,&quot;to&quot;:1639587600,&quot;to_DATE&quot;:&quot;20211215 19:00&quot;,&quot;from_HRFSHORT&quot;:&quot;15. Dez 2021&quot;,&quot;from_HRFSHORT_WD&quot;:&quot;Mi 15.12.2021&quot;,&quot;to_HRFSHORT&quot;:&quot;15. Dez 2021&quot;,&quot;to_HRFSHORT_WD&quot;:&quot;Mi 15.12.2021&quot;,&quot;from_HRF&quot;:&quot;Mi, 15. Dezember 2021&quot;,&quot;to_HRF&quot;:&quot;Mi, 15. Dezember 2021&quot;,&quot;from_to_HRF&quot;:&quot;Mi, 15. Dezember \\u2013 Mi, 15. Dezember 2021&quot;,&quot;from_to_HRFSHORT&quot;:&quot;15. Dez \\u2013 15. Dez 2021&quot;},&quot;alert&quot;:null,&quot;partof&quot;:[24435],&quot;marketing_topic&quot;:{&quot;title&quot;:&quot;Filmreihe schrecklich sch\\u00f6n&quot;,&quot;ID&quot;:24435,&quot;reason&quot;:&quot;sequence&quot;}}' inline-template>\n\t<a href=\"https:\/\/www.humboldtforum.org\/de\/programm\/termin\/film-video\/doppelprogramm-laxmis-blessings-und-elefanten-35297\/\" class=\"teaser teaser-event teaser-event-standard\">\n\t\t<div class=\"row\">\n\t\t\t<div class=\"col-xs-12 teaser-event-image\">\n\t\t\t\t<div class=\"teaser-image teaser-image-no-alternate\">\n\t\t\t\t\t\t\t\t\t\t\t\n\t<lazy-media-inline inline-template>\n\t\t<figure itemscope itemtype=\"http:\/\/schema.org\/ImageObject\" class=\"lazy-media-inline \" role=\"group\" id=\"media_69f2df7eae2ad\" aria-labelledby=\"desc_media_69f2df7eae2ad\">\n\t\t\t<script type=\"application\/json\" ref=\"data\">\n\t\t\t\t{\n\t\t\t\t\"sizes\" : {\"medium\":{\"file\":\"SHF_eb00128096-300x225.jpg\",\"width\":300,\"height\":225,\"mime-type\":\"image\\\/jpeg\"},\"large\":{\"file\":\"SHF_eb00128096-1024x768.jpg\",\"width\":1024,\"height\":768,\"mime-type\":\"image\\\/jpeg\"},\"thumbnail\":{\"file\":\"SHF_eb00128096-150x150.jpg\",\"width\":150,\"height\":150,\"mime-type\":\"image\\\/jpeg\"},\"medium_large\":{\"file\":\"SHF_eb00128096-768x576.jpg\",\"width\":768,\"height\":576,\"mime-type\":\"image\\\/jpeg\"},\"small\":{\"file\":\"SHF_eb00128096-440x330.jpg\",\"width\":440,\"height\":330,\"mime-type\":\"image\\\/jpeg\"},\"semi\":{\"file\":\"SHF_eb00128096-580x435.jpg\",\"width\":580,\"height\":435,\"mime-type\":\"image\\\/jpeg\"},\"mobile\":{\"file\":\"SHF_eb00128096-720x540.jpg\",\"width\":720,\"height\":540,\"mime-type\":\"image\\\/jpeg\"},\"hd\":{\"file\":\"SHF_eb00128096-1280x960.jpg\",\"width\":1280,\"height\":960,\"mime-type\":\"image\\\/jpeg\"},\"full\":{\"file\":\"SHF_eb00128096-1920x1440.jpg\",\"width\":1920,\"height\":1440,\"mime-type\":\"image\\\/jpeg\"},\"1536x1536\":{\"file\":\"SHF_eb00128096-1536x1152.jpg\",\"width\":1536,\"height\":1152,\"mime-type\":\"image\\\/jpeg\"},\"original\":{\"file\":\"SHF_eb00128096.jpg\",\"width\":2048,\"height\":1536}},\n\t\t\t\t\"alt\" : \"Frau filmt einen Elefanten in einem Tempel, w\\u00e4hrend ein Mann im Hintergrund sitzt.\",\n\t\t\t\t\"path\" : \"\\\/wp-content\\\/uploads\\\/2021\\\/11\\\/\",\n\t\t\t\t\"video\" : null,\n\t\t\t\t\"autoplay\" : null,\n\t\t\t\t\"youtube\" : null,\n\t\t\t\t\"youtubelabel\" : \"Video abspielen\",\n\t\t\t\t\"brightness\" : 100,\n\t\t\t\t\"crop\" : {\"top\":\"50.00\",\"left\":\"50.00\"},\n\t\t\t\t\"background\" : true,\n\t\t\t\t\"scale\" : 2\t\t\t\t}\n\t\t\t<\/script>\n\n\t\t\t<div class=\"height-container\" style=\"padding-bottom:75%;\" v-if=\"sizes\">\n\t\t\t\t\t\t\t\t<lazy-media :inline=\"true\" :alt=\"alt\" :sizes=\"sizes\" :scale=\"scale\" :brightness=\"brightness\" :path=\"path\" :video=\"video\" :autoplay=\"autoplay\" :youtube=\"youtube\" :crop=\"crop\" :youtubelabel=\"youtubelabel\" :background=\"background\" media-id=\"desc_media_69f2df7eae2ad\"><\/lazy-media>\n\t\t\t\t\t\t\t<\/div>\n\n\t\t\t\t\t\t\t<figcaption class=\"sr-only\" ref=\"body\" id=\"desc_media_69f2df7eae2ad\">\n\t\t\t\t\t\t\t\t\t\t\t<div>Filmstill aus dem Dokumentarfilm &quot;Laxmi&rsquo;s Blessings&quot; von Karin Slater. Karin Slater mit der Kamera und der Mahout Raja<\/div>\n\t\t\t\t\t\t\t\t\t\t\t\t\t\t\t\t\t\t\t\t\t<div class=\"insignificant\">\u00a9 Steven Bartlo<\/div>\n\t\t\t\t\t\t\t\t\t<\/figcaption>\n\t\t\t\t\t<\/figure>\n\t<\/lazy-media-inline>\n\t\t\t\t<\/div>\n\t\t\t<\/div>\n\t\t\t<div class=\"col-xs-12 teaser-event-text Infos\">\n\t\t\t\t<div class=\"teaser-event-standard-text\">\n\t\t\t\t\t<div class=\"margin-bottom-atom\">\n\t\t\t\t\t\t<div class=\"subline clamp-1\" v-html=\"maingenre\"><\/div>\n\t\t\t\t\t\t\t\t\t\t\t\t\t<div class=\"insignificant clamp-2\">Filmreihe schrecklich sch\u00f6n<\/div>\n\t\t\t\t\t\t\t\t\t\t\t<\/div>\n\t\t\t\t\n\t\t\t\t\t<strong class=\"margin-bottom-atom\">Doppelprogramm: \u201eLaxmi&#8217;s Blessings\u201c und \u201eElefanten\u201c<\/strong>\n\n\t\t\t\t\t\t\t\t\t\t\t<div class=\"\">Zwei sehr unterschiedliche Dokumentarfilme zum Verh\u00e4ltnis Elefant \u2013 Mensch<\/div>\n\t\t\t\t\t\t\t\t\t<\/div>\n\t\t\t\t<div class=\"teaser-bottom border-bottom\">\n\t\t\t\t<calendardateline :rawitem='item' :show-icon=\"true\"><\/calendardateline>\n\t\t\t\t\t<hr>\n\t\t\t\t<\/div>\n\t\t\t<\/div>\n\t\t<\/div>\n\t<\/a>\n\t<\/calendarteaser>\n<\/li>\n\n<li class=\"col-xs-6 col-sm-4 col-md-3 teaser-wrapper col-padding-remove\">\n\t<calendarteaser key=\"3260815188\" rawitem='{&quot;postId&quot;:32608,&quot;title&quot;:&quot;Kein Platz f\\u00fcr wilde Tiere&quot;,&quot;excerpt&quot;:&quot;Wie kein anderer hat Professor Bernhard Grzimek \\u2013 Zoologe, Zoodirektor, Filmemacher und Autor \\u2013 das Afrika-Bild der westdeutschen Nachkriegszeit gepr\\u00e4gt. Auf der Berlinale 1956 wurde Kein Platz f\\u00fcr wilde Tiere mit dem Goldenen B\\u00e4ren als bester Dokumentarfilm ausgezeichnet.&quot;,&quot;slug&quot;:&quot;kein-platz-fuer-wilde-tiere&quot;,&quot;post_date&quot;:&quot;2021-09-27T17:33&quot;,&quot;type&quot;:&quot;event&quot;,&quot;permalink&quot;:&quot;https:\\\/\\\/www.humboldtforum.org\\\/de\\\/programm\\\/termin\\\/film-video\\\/kein-platz-fuer-wilde-tiere-32608\\\/&quot;,&quot;genre&quot;:[729],&quot;genre_details&quot;:[{&quot;text&quot;:&quot;Film\\\/Video&quot;,&quot;id&quot;:729,&quot;icon&quot;:null,&quot;parent&quot;:0}],&quot;targetgroup&quot;:[454],&quot;targetgroup_details&quot;:[{&quot;text&quot;:&quot;Kinder und Familien&quot;,&quot;id&quot;:454,&quot;icon&quot;:null,&quot;parent&quot;:0}],&quot;language&quot;:[384],&quot;language_details&quot;:[{&quot;text&quot;:&quot;Deutsch&quot;,&quot;id&quot;:384,&quot;icon&quot;:null,&quot;parent&quot;:0}],&quot;place&quot;:[883],&quot;place_details&quot;:{&quot;place&quot;:&quot;Humboldt Forum&quot;,&quot;map&quot;:&quot;Humboldt Forum, Schlossplatz, Berlin&quot;,&quot;room&quot;:&quot;Saal 2, EG&quot;},&quot;icon_overwrite&quot;:&quot;&quot;,&quot;acf&quot;:{&quot;hashtag&quot;:&quot;HumboldtForum&quot;,&quot;belongsto&quot;:[24435],&quot;noindex&quot;:false,&quot;keywords&quot;:&quot;&quot;,&quot;shorturl&quot;:&quot;&quot;,&quot;times&quot;:[],&quot;planning&quot;:{&quot;price&quot;:&quot;5 EUR, erm\\u00e4\\u00dfigt 2,50 EUR&quot;,&quot;admission&quot;:&quot;&quot;,&quot;pause&quot;:&quot;&quot;,&quot;duration&quot;:&quot;&quot;},&quot;subline&quot;:&quot;von Bernhard Grzimek &amp; Michael Grzimek&quot;,&quot;subline_feature&quot;:&quot;&quot;,&quot;marketing_text&quot;:&quot;&quot;,&quot;shorttext&quot;:&quot;Wie kein anderer hat Professor Bernhard Grzimek \\u2013 Zoologe, Zoodirektor, Filmemacher und Autor \\u2013 das Afrika-Bild der westdeutschen Nachkriegszeit gepr\\u00e4gt. Auf der Berlinale 1956 wurde Kein Platz f\\u00fcr wilde Tiere mit dem Goldenen B\\u00e4ren als bester Dokumentarfilm ausgezeichnet.&quot;,&quot;longtext&quot;:&quot;&quot;,&quot;tickettext&quot;:&quot;Informationen zum Ticketing folgen in K\\u00fcrze.&quot;,&quot;infotext&quot;:&quot;empfohlen ab 10 Jahren&quot;,&quot;additional_info&quot;:{&quot;icon&quot;:&quot;icon-live-fill&quot;,&quot;text&quot;:&quot;Dokumentarische Form, BRD, 1956, 81 Minuten&quot;},&quot;highlight_header&quot;:false,&quot;featured_images&quot;:[24721],&quot;video&quot;:false,&quot;use_video_in_teasers&quot;:false,&quot;hyphenation&quot;:true,&quot;tipp&quot;:false,&quot;alert_text&quot;:&quot;&quot;,&quot;joker&quot;:false,&quot;live&quot;:false,&quot;overwrite_date&quot;:&quot;&quot;,&quot;hide_event_in_program&quot;:false},&quot;date&quot;:{&quot;NX&quot;:null,&quot;NXX&quot;:null,&quot;NLAST&quot;:&quot;202112121400&quot;,&quot;from_DATE&quot;:&quot;20211212 16:00&quot;,&quot;from&quot;:1639317600,&quot;to&quot;:1639317600,&quot;to_DATE&quot;:&quot;20211212 16:00&quot;,&quot;from_HRFSHORT&quot;:&quot;12. Dez 2021&quot;,&quot;from_HRFSHORT_WD&quot;:&quot;So 12.12.2021&quot;,&quot;to_HRFSHORT&quot;:&quot;12. Dez 2021&quot;,&quot;to_HRFSHORT_WD&quot;:&quot;So 12.12.2021&quot;,&quot;from_HRF&quot;:&quot;So, 12. Dezember 2021&quot;,&quot;to_HRF&quot;:&quot;So, 12. Dezember 2021&quot;,&quot;from_to_HRF&quot;:&quot;So, 12. Dezember \\u2013 So, 12. Dezember 2021&quot;,&quot;from_to_HRFSHORT&quot;:&quot;12. Dez \\u2013 12. Dez 2021&quot;},&quot;alert&quot;:null,&quot;partof&quot;:[24435],&quot;marketing_topic&quot;:{&quot;title&quot;:&quot;Filmreihe schrecklich sch\\u00f6n&quot;,&quot;ID&quot;:24435,&quot;reason&quot;:&quot;sequence&quot;}}' inline-template>\n\t<a href=\"https:\/\/www.humboldtforum.org\/de\/programm\/termin\/film-video\/kein-platz-fuer-wilde-tiere-32608\/\" class=\"teaser teaser-event teaser-event-standard\">\n\t\t<div class=\"row\">\n\t\t\t<div class=\"col-xs-12 teaser-event-image\">\n\t\t\t\t<div class=\"teaser-image teaser-image-no-alternate\">\n\t\t\t\t\t\t\t\t\t\t\t\n\t<lazy-media-inline inline-template>\n\t\t<figure itemscope itemtype=\"http:\/\/schema.org\/ImageObject\" class=\"lazy-media-inline \" role=\"group\" id=\"media_69f2df7eafe96\" aria-labelledby=\"desc_media_69f2df7eafe96\">\n\t\t\t<script type=\"application\/json\" ref=\"data\">\n\t\t\t\t{\n\t\t\t\t\"sizes\" : {\"medium\":{\"file\":\"SHF_eb00110734_Key-Visual-Schrecklich-scho\\u0308n-300x180.jpg\",\"width\":300,\"height\":180,\"mime-type\":\"image\\\/jpeg\"},\"large\":{\"file\":\"SHF_eb00110734_Key-Visual-Schrecklich-scho\\u0308n-1024x613.jpg\",\"width\":1024,\"height\":613,\"mime-type\":\"image\\\/jpeg\"},\"thumbnail\":{\"file\":\"SHF_eb00110734_Key-Visual-Schrecklich-scho\\u0308n-150x150.jpg\",\"width\":150,\"height\":150,\"mime-type\":\"image\\\/jpeg\"},\"medium_large\":{\"file\":\"SHF_eb00110734_Key-Visual-Schrecklich-scho\\u0308n-768x460.jpg\",\"width\":768,\"height\":460,\"mime-type\":\"image\\\/jpeg\"},\"small\":{\"file\":\"SHF_eb00110734_Key-Visual-Schrecklich-scho\\u0308n-440x264.jpg\",\"width\":440,\"height\":264,\"mime-type\":\"image\\\/jpeg\"},\"semi\":{\"file\":\"SHF_eb00110734_Key-Visual-Schrecklich-scho\\u0308n-580x347.jpg\",\"width\":580,\"height\":347,\"mime-type\":\"image\\\/jpeg\"},\"mobile\":{\"file\":\"SHF_eb00110734_Key-Visual-Schrecklich-scho\\u0308n-720x431.jpg\",\"width\":720,\"height\":431,\"mime-type\":\"image\\\/jpeg\"},\"hd\":{\"file\":\"SHF_eb00110734_Key-Visual-Schrecklich-scho\\u0308n-1280x767.jpg\",\"width\":1280,\"height\":767,\"mime-type\":\"image\\\/jpeg\"},\"full\":{\"file\":\"SHF_eb00110734_Key-Visual-Schrecklich-scho\\u0308n-1920x1150.jpg\",\"width\":1920,\"height\":1150,\"mime-type\":\"image\\\/jpeg\"},\"1536x1536\":{\"file\":\"SHF_eb00110734_Key-Visual-Schrecklich-scho\\u0308n-1536x920.jpg\",\"width\":1536,\"height\":920,\"mime-type\":\"image\\\/jpeg\"},\"original\":{\"file\":\"SHF_eb00110734_Key-Visual-Schrecklich-scho\\u0308n.jpg\",\"width\":2000,\"height\":1198}},\n\t\t\t\t\"alt\" : \"Abstrakte Komposition mit einem Auge auf goldenem Hintergrund, umgeben von strukturiertem Schwarz.\",\n\t\t\t\t\"path\" : \"\\\/wp-content\\\/uploads\\\/2021\\\/06\\\/\",\n\t\t\t\t\"video\" : null,\n\t\t\t\t\"autoplay\" : null,\n\t\t\t\t\"youtube\" : null,\n\t\t\t\t\"youtubelabel\" : \"Video abspielen\",\n\t\t\t\t\"brightness\" : 100,\n\t\t\t\t\"crop\" : {\"top\":\"50.00\",\"left\":\"50.00\"},\n\t\t\t\t\"background\" : true,\n\t\t\t\t\"scale\" : 2\t\t\t\t}\n\t\t\t<\/script>\n\n\t\t\t<div class=\"height-container\" style=\"padding-bottom:59.9%;\" v-if=\"sizes\">\n\t\t\t\t\t\t\t\t<lazy-media :inline=\"true\" :alt=\"alt\" :sizes=\"sizes\" :scale=\"scale\" :brightness=\"brightness\" :path=\"path\" :video=\"video\" :autoplay=\"autoplay\" :youtube=\"youtube\" :crop=\"crop\" :youtubelabel=\"youtubelabel\" :background=\"background\" media-id=\"desc_media_69f2df7eafe96\"><\/lazy-media>\n\t\t\t\t\t\t\t<\/div>\n\n\t\t\t\t\t\t\t<figcaption class=\"sr-only\" ref=\"body\" id=\"desc_media_69f2df7eafe96\">\n\t\t\t\t\t\t\t\t\t\t\t<div>Key Visual<\/div>\n\t\t\t\t\t\t\t\t\t\t\t\t\t\t\t\t\t\t\t\t\t<div class=\"insignificant\">\u00a9 Stiftung Humboldt Forum im Berliner Schloss; Getty Images \/ Parimal Bansode; bpk \/ Museum f\u00fcr Asiatische Kunst, SMB \/ Ute Franz-Scarciglia; bpk \/ Museum f\u00fcr Islamische Kunst, SMB \/ J\u00fcrgen Liepe; Getty Images \/ Stockbyte<\/div>\n\t\t\t\t\t\t\t\t\t<\/figcaption>\n\t\t\t\t\t<\/figure>\n\t<\/lazy-media-inline>\n\t\t\t\t<\/div>\n\t\t\t<\/div>\n\t\t\t<div class=\"col-xs-12 teaser-event-text Infos\">\n\t\t\t\t<div class=\"teaser-event-standard-text\">\n\t\t\t\t\t<div class=\"margin-bottom-atom\">\n\t\t\t\t\t\t<div class=\"subline clamp-1\" v-html=\"maingenre\"><\/div>\n\t\t\t\t\t\t\t\t\t\t\t\t\t<div class=\"insignificant clamp-2\">Filmreihe schrecklich sch\u00f6n<\/div>\n\t\t\t\t\t\t\t\t\t\t\t<\/div>\n\t\t\t\t\n\t\t\t\t\t<strong class=\"margin-bottom-atom\">Kein Platz f\u00fcr wilde Tiere<\/strong>\n\n\t\t\t\t\t\t\t\t\t\t\t<div class=\"\">von Bernhard Grzimek &#038; Michael Grzimek<\/div>\n\t\t\t\t\t\t\t\t\t<\/div>\n\t\t\t\t<div class=\"teaser-bottom border-bottom\">\n\t\t\t\t<calendardateline :rawitem='item' :show-icon=\"true\"><\/calendardateline>\n\t\t\t\t\t<hr>\n\t\t\t\t<\/div>\n\t\t\t<\/div>\n\t\t<\/div>\n\t<\/a>\n\t<\/calendarteaser>\n<\/li>\n\n<li class=\"col-xs-6 col-sm-4 col-md-3 teaser-wrapper col-padding-remove\">\n\t<calendarteaser key=\"3260420522\" rawitem='{&quot;postId&quot;:32604,&quot;title&quot;:&quot;Genesis 2.0&quot;,&quot;excerpt&quot;:&quot;Je schneller der Permafrost auf den Neusibirischen Inseln schmilzt, umso h\\u00e4ufiger finden russische Sammler dort Sto\\u00dfz\\u00e4hne von Mammuts, manchmal sogar schockgefrorenes genetisches Material&quot;,&quot;slug&quot;:&quot;genesis-2-0&quot;,&quot;post_date&quot;:&quot;2021-09-27T17:19&quot;,&quot;type&quot;:&quot;event&quot;,&quot;permalink&quot;:&quot;https:\\\/\\\/www.humboldtforum.org\\\/de\\\/programm\\\/termin\\\/film-video\\\/genesis-2-0-32604\\\/&quot;,&quot;genre&quot;:[729],&quot;genre_details&quot;:[{&quot;text&quot;:&quot;Film\\\/Video&quot;,&quot;id&quot;:729,&quot;icon&quot;:null,&quot;parent&quot;:0}],&quot;stakeholder&quot;:[382],&quot;stakeholder_details&quot;:[{&quot;text&quot;:&quot;Stiftung Humboldt Forum im Berliner Schloss&quot;,&quot;id&quot;:382,&quot;icon&quot;:null,&quot;parent&quot;:0}],&quot;targetgroup&quot;:[383],&quot;targetgroup_details&quot;:[{&quot;text&quot;:&quot;Erwachsene&quot;,&quot;id&quot;:383,&quot;icon&quot;:null,&quot;parent&quot;:0}],&quot;language&quot;:[385,1271,1176,868],&quot;language_details&quot;:[{&quot;text&quot;:&quot;Englisch&quot;,&quot;id&quot;:385,&quot;icon&quot;:null,&quot;parent&quot;:0},{&quot;text&quot;:&quot;Jakutisch&quot;,&quot;id&quot;:1271,&quot;icon&quot;:null,&quot;parent&quot;:0},{&quot;text&quot;:&quot;Koreanisch&quot;,&quot;id&quot;:1176,&quot;icon&quot;:null,&quot;parent&quot;:0},{&quot;text&quot;:&quot;Russisch&quot;,&quot;id&quot;:868,&quot;icon&quot;:null,&quot;parent&quot;:0}],&quot;place&quot;:[883],&quot;place_details&quot;:{&quot;place&quot;:&quot;Humboldt Forum&quot;,&quot;map&quot;:&quot;Humboldt Forum, Schlossplatz, Berlin&quot;,&quot;room&quot;:&quot;Saal 2, EG&quot;},&quot;icon_overwrite&quot;:&quot;&quot;,&quot;acf&quot;:{&quot;hashtag&quot;:&quot;HumboldtForum&quot;,&quot;belongsto&quot;:[24435],&quot;noindex&quot;:false,&quot;keywords&quot;:&quot;&quot;,&quot;shorturl&quot;:&quot;&quot;,&quot;times&quot;:[],&quot;planning&quot;:{&quot;price&quot;:&quot;5 EUR, erm\\u00e4\\u00dfigt 2,50 EUR&quot;,&quot;admission&quot;:&quot;&quot;,&quot;pause&quot;:&quot;&quot;,&quot;duration&quot;:&quot;&quot;},&quot;subline&quot;:&quot;von Christian Frei &amp; Maxim Arbugaev&quot;,&quot;subline_feature&quot;:&quot;&quot;,&quot;marketing_text&quot;:&quot;&quot;,&quot;shorttext&quot;:&quot;Je schneller der Permafrost auf den Neusibirischen Inseln schmilzt, umso h\\u00e4ufiger finden russische Sammler dort Sto\\u00dfz\\u00e4hne von Mammuts, manchmal sogar schockgefrorenes genetisches Material&quot;,&quot;longtext&quot;:&quot;&quot;,&quot;tickettext&quot;:&quot;Informationen zum Ticketing folgen in K\\u00fcrze.&quot;,&quot;additional_info&quot;:{&quot;icon&quot;:&quot;icon-live-fill&quot;,&quot;text&quot;:&quot;Dokumentarische Form, Schweiz 2018, 112 Minuten&quot;},&quot;highlight_header&quot;:false,&quot;featured_images&quot;:[32605],&quot;video&quot;:false,&quot;use_video_in_teasers&quot;:false,&quot;hyphenation&quot;:true,&quot;tipp&quot;:false,&quot;alert_text&quot;:&quot;&quot;,&quot;joker&quot;:false,&quot;live&quot;:false,&quot;overwrite_date&quot;:&quot;&quot;,&quot;hide_event_in_program&quot;:false},&quot;date&quot;:{&quot;NX&quot;:null,&quot;NXX&quot;:null,&quot;NLAST&quot;:&quot;202112081700&quot;,&quot;from_DATE&quot;:&quot;20211208 19:00&quot;,&quot;from&quot;:1638982800,&quot;to&quot;:1638982800,&quot;to_DATE&quot;:&quot;20211208 19:00&quot;,&quot;from_HRFSHORT&quot;:&quot; 8. Dez 2021&quot;,&quot;from_HRFSHORT_WD&quot;:&quot;Mi 08.12.2021&quot;,&quot;to_HRFSHORT&quot;:&quot; 8. Dez 2021&quot;,&quot;to_HRFSHORT_WD&quot;:&quot;Mi 08.12.2021&quot;,&quot;from_HRF&quot;:&quot;Mi,  8. Dezember 2021&quot;,&quot;to_HRF&quot;:&quot;Mi,  8. Dezember 2021&quot;,&quot;from_to_HRF&quot;:&quot;Mi,  8. Dezember \\u2013 Mi,  8. Dezember 2021&quot;,&quot;from_to_HRFSHORT&quot;:&quot; 8. Dez \\u2013  8. Dez 2021&quot;},&quot;alert&quot;:null,&quot;partof&quot;:[24435],&quot;marketing_topic&quot;:{&quot;title&quot;:&quot;Filmreihe schrecklich sch\\u00f6n&quot;,&quot;ID&quot;:24435,&quot;reason&quot;:&quot;sequence&quot;}}' inline-template>\n\t<a href=\"https:\/\/www.humboldtforum.org\/de\/programm\/termin\/film-video\/genesis-2-0-32604\/\" class=\"teaser teaser-event teaser-event-standard\">\n\t\t<div class=\"row\">\n\t\t\t<div class=\"col-xs-12 teaser-event-image\">\n\t\t\t\t<div class=\"teaser-image teaser-image-no-alternate\">\n\t\t\t\t\t\t\t\t\t\t\t\n\t<lazy-media-inline inline-template>\n\t\t<figure itemscope itemtype=\"http:\/\/schema.org\/ImageObject\" class=\"lazy-media-inline \" role=\"group\" id=\"media_69f2df7eb1cc4\" aria-labelledby=\"desc_media_69f2df7eb1cc4\">\n\t\t\t<script type=\"application\/json\" ref=\"data\">\n\t\t\t\t{\n\t\t\t\t\"sizes\" : {\"medium\":{\"file\":\"SHF_eb00119688-300x169.jpg\",\"width\":300,\"height\":169,\"mime-type\":\"image\\\/jpeg\"},\"large\":{\"file\":\"SHF_eb00119688-1024x576.jpg\",\"width\":1024,\"height\":576,\"mime-type\":\"image\\\/jpeg\"},\"thumbnail\":{\"file\":\"SHF_eb00119688-150x150.jpg\",\"width\":150,\"height\":150,\"mime-type\":\"image\\\/jpeg\"},\"medium_large\":{\"file\":\"SHF_eb00119688-768x432.jpg\",\"width\":768,\"height\":432,\"mime-type\":\"image\\\/jpeg\"},\"small\":{\"file\":\"SHF_eb00119688-440x248.jpg\",\"width\":440,\"height\":248,\"mime-type\":\"image\\\/jpeg\"},\"semi\":{\"file\":\"SHF_eb00119688-580x326.jpg\",\"width\":580,\"height\":326,\"mime-type\":\"image\\\/jpeg\"},\"mobile\":{\"file\":\"SHF_eb00119688-720x405.jpg\",\"width\":720,\"height\":405,\"mime-type\":\"image\\\/jpeg\"},\"hd\":{\"file\":\"SHF_eb00119688-1280x720.jpg\",\"width\":1280,\"height\":720,\"mime-type\":\"image\\\/jpeg\"},\"full\":{\"file\":\"SHF_eb00119688-1920x1080.jpg\",\"width\":1920,\"height\":1080,\"mime-type\":\"image\\\/jpeg\"},\"1536x1536\":{\"file\":\"SHF_eb00119688-1536x864.jpg\",\"width\":1536,\"height\":864,\"mime-type\":\"image\\\/jpeg\"},\"original\":{\"file\":\"SHF_eb00119688.jpg\",\"width\":2048,\"height\":1152}},\n\t\t\t\t\"alt\" : \"Ein Mann f\\u00e4hrt mit einem Schlitten durch eine weite, gr\\u00fcne Landschaft.\",\n\t\t\t\t\"path\" : \"\\\/wp-content\\\/uploads\\\/2021\\\/09\\\/\",\n\t\t\t\t\"video\" : null,\n\t\t\t\t\"autoplay\" : null,\n\t\t\t\t\"youtube\" : null,\n\t\t\t\t\"youtubelabel\" : \"Video abspielen\",\n\t\t\t\t\"brightness\" : 100,\n\t\t\t\t\"crop\" : {\"top\":\"27.69\",\"left\":\"49.65\"},\n\t\t\t\t\"background\" : true,\n\t\t\t\t\"scale\" : 2\t\t\t\t}\n\t\t\t<\/script>\n\n\t\t\t<div class=\"height-container\" style=\"padding-bottom:56.25%;\" v-if=\"sizes\">\n\t\t\t\t\t\t\t\t<lazy-media :inline=\"true\" :alt=\"alt\" :sizes=\"sizes\" :scale=\"scale\" :brightness=\"brightness\" :path=\"path\" :video=\"video\" :autoplay=\"autoplay\" :youtube=\"youtube\" :crop=\"crop\" :youtubelabel=\"youtubelabel\" :background=\"background\" media-id=\"desc_media_69f2df7eb1cc4\"><\/lazy-media>\n\t\t\t\t\t\t\t<\/div>\n\n\t\t\t\t\t\t\t<figcaption class=\"sr-only\" ref=\"body\" id=\"desc_media_69f2df7eb1cc4\">\n\t\t\t\t\t\t\t\t\t\t\t<div>So genannte Mammut-J&auml;ger auf den Neusibirischen Inseln, Filmstill aus Genesis 2.0, Dokumentarfilm von Christian Frei und Maxim Arbugaev<\/div>\n\t\t\t\t\t\t\t\t\t\t\t\t\t\t\t\t\t\t\t\t\t<div class=\"insignificant\">\u00a9 2018 Rise And Shine Cinema\r\n<\/div>\n\t\t\t\t\t\t\t\t\t<\/figcaption>\n\t\t\t\t\t<\/figure>\n\t<\/lazy-media-inline>\n\t\t\t\t<\/div>\n\t\t\t<\/div>\n\t\t\t<div class=\"col-xs-12 teaser-event-text Infos\">\n\t\t\t\t<div class=\"teaser-event-standard-text\">\n\t\t\t\t\t<div class=\"margin-bottom-atom\">\n\t\t\t\t\t\t<div class=\"subline clamp-1\" v-html=\"maingenre\"><\/div>\n\t\t\t\t\t\t\t\t\t\t\t\t\t<div class=\"insignificant clamp-2\">Filmreihe schrecklich sch\u00f6n<\/div>\n\t\t\t\t\t\t\t\t\t\t\t<\/div>\n\t\t\t\t\n\t\t\t\t\t<strong class=\"margin-bottom-atom\">Genesis 2.0<\/strong>\n\n\t\t\t\t\t\t\t\t\t\t\t<div class=\"\">von Christian Frei &#038; Maxim Arbugaev<\/div>\n\t\t\t\t\t\t\t\t\t<\/div>\n\t\t\t\t<div class=\"teaser-bottom border-bottom\">\n\t\t\t\t<calendardateline :rawitem='item' :show-icon=\"true\"><\/calendardateline>\n\t\t\t\t\t<hr>\n\t\t\t\t<\/div>\n\t\t\t<\/div>\n\t\t<\/div>\n\t<\/a>\n\t<\/calendarteaser>\n<\/li>\n\n<li class=\"col-xs-6 col-sm-4 col-md-3 teaser-wrapper col-padding-remove\">\n\t<calendarteaser key=\"3524118477\" rawitem='{&quot;postId&quot;:35241,&quot;title&quot;:&quot;The Elephant Queen&quot;,&quot;excerpt&quot;:&quot;Athena, die 50-j\\u00e4hrige Anf\\u00fchrerin und Matriarchin einer gro\\u00dfen Elefantenherde, muss schwierige Entscheidungen treffen: eine D\\u00fcrreperiode zwingt die Tiere zu einer gef\\u00e4hrlichen Wanderung&quot;,&quot;slug&quot;:&quot;the-elephant-queen&quot;,&quot;post_date&quot;:&quot;2021-11-22T11:26&quot;,&quot;type&quot;:&quot;event&quot;,&quot;permalink&quot;:&quot;https:\\\/\\\/www.humboldtforum.org\\\/de\\\/programm\\\/termin\\\/film-video\\\/the-elephant-queen-35241\\\/&quot;,&quot;genre&quot;:[729],&quot;genre_details&quot;:[{&quot;text&quot;:&quot;Film\\\/Video&quot;,&quot;id&quot;:729,&quot;icon&quot;:null,&quot;parent&quot;:0}],&quot;targetgroup&quot;:[454],&quot;targetgroup_details&quot;:[{&quot;text&quot;:&quot;Kinder und Familien&quot;,&quot;id&quot;:454,&quot;icon&quot;:null,&quot;parent&quot;:0}],&quot;language&quot;:[384,385],&quot;language_details&quot;:[{&quot;text&quot;:&quot;Deutsch&quot;,&quot;id&quot;:384,&quot;icon&quot;:null,&quot;parent&quot;:0},{&quot;text&quot;:&quot;Englisch&quot;,&quot;id&quot;:385,&quot;icon&quot;:null,&quot;parent&quot;:0}],&quot;place&quot;:[883],&quot;place_details&quot;:{&quot;place&quot;:&quot;Humboldt Forum&quot;,&quot;map&quot;:&quot;Humboldt Forum, Schlossplatz, Berlin&quot;,&quot;room&quot;:&quot;Saal 2, EG&quot;},&quot;icon_overwrite&quot;:&quot;&quot;,&quot;acf&quot;:{&quot;hashtag&quot;:&quot;HumboldtForum&quot;,&quot;belongsto&quot;:[24435],&quot;noindex&quot;:false,&quot;keywords&quot;:&quot;&quot;,&quot;shorturl&quot;:&quot;&quot;,&quot;times&quot;:[],&quot;planning&quot;:{&quot;price&quot;:&quot;5 EUR, erm\\u00e4\\u00dfigt 2,50 EUR&quot;,&quot;admission&quot;:&quot;&quot;,&quot;pause&quot;:&quot;&quot;,&quot;duration&quot;:&quot;&quot;},&quot;subline&quot;:&quot;von Victoria Stone &amp; Mark Deeble&quot;,&quot;subline_feature&quot;:&quot;&quot;,&quot;marketing_text&quot;:&quot;&quot;,&quot;shorttext&quot;:&quot;Athena, die 50-j\\u00e4hrige Anf\\u00fchrerin und Matriarchin einer gro\\u00dfen Elefantenherde, muss schwierige Entscheidungen treffen: eine D\\u00fcrreperiode zwingt die Tiere zu einer gef\\u00e4hrlichen Wanderung&quot;,&quot;longtext&quot;:&quot;&quot;,&quot;tickettext&quot;:&quot;Informationen zum Ticketing folgen in K\\u00fcrze.&quot;,&quot;infotext&quot;:&quot;empfohlen ab 6 Jahren&quot;,&quot;additional_info&quot;:{&quot;icon&quot;:&quot;icon-live-fill&quot;,&quot;text&quot;:&quot;Dokumentarische Form, Kenia\\\/USA, 2018, 96 Minuten&quot;},&quot;highlight_header&quot;:false,&quot;featured_images&quot;:[35598],&quot;video&quot;:false,&quot;use_video_in_teasers&quot;:false,&quot;hyphenation&quot;:true,&quot;tipp&quot;:false,&quot;alert_text&quot;:&quot;&quot;,&quot;joker&quot;:false,&quot;live&quot;:false,&quot;overwrite_date&quot;:&quot;&quot;,&quot;hide_event_in_program&quot;:false},&quot;date&quot;:{&quot;NX&quot;:null,&quot;NXX&quot;:null,&quot;NLAST&quot;:&quot;202112051400&quot;,&quot;from_DATE&quot;:&quot;20211205 16:00&quot;,&quot;from&quot;:1638712800,&quot;to&quot;:1638712800,&quot;to_DATE&quot;:&quot;20211205 16:00&quot;,&quot;from_HRFSHORT&quot;:&quot; 5. Dez 2021&quot;,&quot;from_HRFSHORT_WD&quot;:&quot;So 05.12.2021&quot;,&quot;to_HRFSHORT&quot;:&quot; 5. Dez 2021&quot;,&quot;to_HRFSHORT_WD&quot;:&quot;So 05.12.2021&quot;,&quot;from_HRF&quot;:&quot;So,  5. Dezember 2021&quot;,&quot;to_HRF&quot;:&quot;So,  5. Dezember 2021&quot;,&quot;from_to_HRF&quot;:&quot;So,  5. Dezember \\u2013 So,  5. Dezember 2021&quot;,&quot;from_to_HRFSHORT&quot;:&quot; 5. Dez \\u2013  5. Dez 2021&quot;},&quot;alert&quot;:null,&quot;partof&quot;:[24435],&quot;marketing_topic&quot;:{&quot;title&quot;:&quot;Filmreihe schrecklich sch\\u00f6n&quot;,&quot;ID&quot;:24435,&quot;reason&quot;:&quot;sequence&quot;}}' inline-template>\n\t<a href=\"https:\/\/www.humboldtforum.org\/de\/programm\/termin\/film-video\/the-elephant-queen-35241\/\" class=\"teaser teaser-event teaser-event-standard\">\n\t\t<div class=\"row\">\n\t\t\t<div class=\"col-xs-12 teaser-event-image\">\n\t\t\t\t<div class=\"teaser-image teaser-image-no-alternate\">\n\t\t\t\t\t\t\t\t\t\t\t\n\t<lazy-media-inline inline-template>\n\t\t<figure itemscope itemtype=\"http:\/\/schema.org\/ImageObject\" class=\"lazy-media-inline \" role=\"group\" id=\"media_69f2df7eb381c\" aria-labelledby=\"desc_media_69f2df7eb381c\">\n\t\t\t<script type=\"application\/json\" ref=\"data\">\n\t\t\t\t{\n\t\t\t\t\"sizes\" : {\"medium\":{\"file\":\"The_Elephant_Queen_Unit_Photo_01-300x162.jpg\",\"width\":300,\"height\":162,\"mime-type\":\"image\\\/jpeg\"},\"large\":{\"file\":\"The_Elephant_Queen_Unit_Photo_01-1024x553.jpg\",\"width\":1024,\"height\":553,\"mime-type\":\"image\\\/jpeg\"},\"thumbnail\":{\"file\":\"The_Elephant_Queen_Unit_Photo_01-150x150.jpg\",\"width\":150,\"height\":150,\"mime-type\":\"image\\\/jpeg\"},\"medium_large\":{\"file\":\"The_Elephant_Queen_Unit_Photo_01-768x415.jpg\",\"width\":768,\"height\":415,\"mime-type\":\"image\\\/jpeg\"},\"small\":{\"file\":\"The_Elephant_Queen_Unit_Photo_01-440x238.jpg\",\"width\":440,\"height\":238,\"mime-type\":\"image\\\/jpeg\"},\"semi\":{\"file\":\"The_Elephant_Queen_Unit_Photo_01-580x313.jpg\",\"width\":580,\"height\":313,\"mime-type\":\"image\\\/jpeg\"},\"mobile\":{\"file\":\"The_Elephant_Queen_Unit_Photo_01-720x389.jpg\",\"width\":720,\"height\":389,\"mime-type\":\"image\\\/jpeg\"},\"hd\":{\"file\":\"The_Elephant_Queen_Unit_Photo_01-1280x692.jpg\",\"width\":1280,\"height\":692,\"mime-type\":\"image\\\/jpeg\"},\"full\":{\"file\":\"The_Elephant_Queen_Unit_Photo_01-1920x1038.jpg\",\"width\":1920,\"height\":1038,\"mime-type\":\"image\\\/jpeg\"},\"1536x1536\":{\"file\":\"The_Elephant_Queen_Unit_Photo_01-1536x830.jpg\",\"width\":1536,\"height\":830,\"mime-type\":\"image\\\/jpeg\"},\"original\":{\"file\":\"The_Elephant_Queen_Unit_Photo_01.jpg\",\"width\":2000,\"height\":1081}},\n\t\t\t\t\"alt\" : \"The Elephant Queen\",\n\t\t\t\t\"path\" : \"\\\/wp-content\\\/uploads\\\/2021\\\/12\\\/\",\n\t\t\t\t\"video\" : null,\n\t\t\t\t\"autoplay\" : null,\n\t\t\t\t\"youtube\" : null,\n\t\t\t\t\"youtubelabel\" : \"Video abspielen\",\n\t\t\t\t\"brightness\" : 100,\n\t\t\t\t\"crop\" : null,\n\t\t\t\t\"background\" : true,\n\t\t\t\t\"scale\" : 2\t\t\t\t}\n\t\t\t<\/script>\n\n\t\t\t<div class=\"height-container\" style=\"padding-bottom:54.05%;\" v-if=\"sizes\">\n\t\t\t\t\t\t\t\t<lazy-media :inline=\"true\" :alt=\"alt\" :sizes=\"sizes\" :scale=\"scale\" :brightness=\"brightness\" :path=\"path\" :video=\"video\" :autoplay=\"autoplay\" :youtube=\"youtube\" :crop=\"crop\" :youtubelabel=\"youtubelabel\" :background=\"background\" media-id=\"desc_media_69f2df7eb381c\"><\/lazy-media>\n\t\t\t\t\t\t\t<\/div>\n\n\t\t\t\t\t\t\t<figcaption class=\"sr-only\" ref=\"body\" id=\"desc_media_69f2df7eb381c\">\n\t\t\t\t\t\t\t\t\t\t\t<div>The Elephant Queen<\/div>\n\t\t\t\t\t\t\t\t\t\t\t\t\t\t\t\t\t\t\t\t\t<div class=\"insignificant\">\u00a9 Apple TV<\/div>\n\t\t\t\t\t\t\t\t\t<\/figcaption>\n\t\t\t\t\t<\/figure>\n\t<\/lazy-media-inline>\n\t\t\t\t<\/div>\n\t\t\t<\/div>\n\t\t\t<div class=\"col-xs-12 teaser-event-text Infos\">\n\t\t\t\t<div class=\"teaser-event-standard-text\">\n\t\t\t\t\t<div class=\"margin-bottom-atom\">\n\t\t\t\t\t\t<div class=\"subline clamp-1\" v-html=\"maingenre\"><\/div>\n\t\t\t\t\t\t\t\t\t\t\t\t\t<div class=\"insignificant clamp-2\">Filmreihe schrecklich sch\u00f6n<\/div>\n\t\t\t\t\t\t\t\t\t\t\t<\/div>\n\t\t\t\t\n\t\t\t\t\t<strong class=\"margin-bottom-atom\">The Elephant Queen<\/strong>\n\n\t\t\t\t\t\t\t\t\t\t\t<div class=\"\">von Victoria Stone &#038; Mark Deeble<\/div>\n\t\t\t\t\t\t\t\t\t<\/div>\n\t\t\t\t<div class=\"teaser-bottom border-bottom\">\n\t\t\t\t<calendardateline :rawitem='item' :show-icon=\"true\"><\/calendardateline>\n\t\t\t\t\t<hr>\n\t\t\t\t<\/div>\n\t\t\t<\/div>\n\t\t<\/div>\n\t<\/a>\n\t<\/calendarteaser>\n<\/li>\n\n<li class=\"col-xs-6 col-sm-4 col-md-3 teaser-wrapper col-padding-remove\">\n\t<calendarteaser key=\"3260310409\" rawitem='{&quot;postId&quot;:32603,&quot;title&quot;:&quot;F\\u00e4hrtenlese&quot;,&quot;excerpt&quot;:&quot;Am Beispiel\\u00a0der in Deutschland beliebtesten\\u00a0US-amerikanischen Tierserie aus den 1960er Jahren rekonstruiert der Berliner Biologe und Publizist Cord Riechelmann, wie sich Hollywoods Drehbuchautoren und Produzenten von zeitgen\\u00f6ssischer Tierverhaltensforschung sowie den Arbeitsbedingungen f\\u00fcr Wissenschaftler in Afrika inspirieren lie\\u00dfen.&quot;,&quot;slug&quot;:&quot;faehrtenlese&quot;,&quot;post_date&quot;:&quot;2021-09-27T17:03&quot;,&quot;type&quot;:&quot;event&quot;,&quot;permalink&quot;:&quot;https:\\\/\\\/www.humboldtforum.org\\\/de\\\/programm\\\/termin\\\/diskurs\\\/faehrtenlese-32603\\\/&quot;,&quot;genre&quot;:[392,729],&quot;genre_details&quot;:[{&quot;text&quot;:&quot;Diskurs&quot;,&quot;id&quot;:392,&quot;icon&quot;:null,&quot;parent&quot;:0},{&quot;text&quot;:&quot;Film\\\/Video&quot;,&quot;id&quot;:729,&quot;icon&quot;:null,&quot;parent&quot;:0}],&quot;stakeholder&quot;:[382],&quot;stakeholder_details&quot;:[{&quot;text&quot;:&quot;Stiftung Humboldt Forum im Berliner Schloss&quot;,&quot;id&quot;:382,&quot;icon&quot;:null,&quot;parent&quot;:0}],&quot;targetgroup&quot;:[383],&quot;targetgroup_details&quot;:[{&quot;text&quot;:&quot;Erwachsene&quot;,&quot;id&quot;:383,&quot;icon&quot;:null,&quot;parent&quot;:0}],&quot;language&quot;:[384],&quot;language_details&quot;:[{&quot;text&quot;:&quot;Deutsch&quot;,&quot;id&quot;:384,&quot;icon&quot;:null,&quot;parent&quot;:0}],&quot;place&quot;:[883],&quot;place_details&quot;:{&quot;place&quot;:&quot;Humboldt Forum&quot;,&quot;map&quot;:&quot;Humboldt Forum, Schlossplatz, Berlin&quot;,&quot;room&quot;:&quot;Saal 2, EG&quot;},&quot;icon_overwrite&quot;:&quot;&quot;,&quot;acf&quot;:{&quot;hashtag&quot;:&quot;HumboldtForum&quot;,&quot;belongsto&quot;:[24435],&quot;noindex&quot;:false,&quot;keywords&quot;:&quot;&quot;,&quot;shorturl&quot;:&quot;&quot;,&quot;times&quot;:[],&quot;planning&quot;:{&quot;price&quot;:&quot;5 EUR, erm\\u00e4\\u00dfigt 2,50 EUR&quot;,&quot;admission&quot;:&quot;&quot;,&quot;pause&quot;:&quot;&quot;,&quot;duration&quot;:&quot;&quot;},&quot;subline&quot;:&quot;Filmabend mit Cord Riechelmann&quot;,&quot;subline_feature&quot;:&quot;moderiert von Dorothee Wenner&quot;,&quot;marketing_text&quot;:&quot;&quot;,&quot;shorttext&quot;:&quot;Am Beispiel\\u00a0der in Deutschland beliebtesten\\u00a0US-amerikanischen Tierserie aus den 1960er Jahren rekonstruiert der Berliner Biologe und Publizist Cord Riechelmann, wie sich Hollywoods Drehbuchautoren und Produzenten von zeitgen\\u00f6ssischer Tierverhaltensforschung sowie den Arbeitsbedingungen f\\u00fcr Wissenschaftler in Afrika inspirieren lie\\u00dfen.&quot;,&quot;longtext&quot;:&quot;&quot;,&quot;tickettext&quot;:&quot;Buchen Sie Ihr Ticket vorab online oder an der Kasse im Foyer.&quot;,&quot;additional_info&quot;:{&quot;icon&quot;:&quot;0&quot;,&quot;text&quot;:&quot;&quot;},&quot;highlight_header&quot;:false,&quot;featured_images&quot;:[24721],&quot;video&quot;:false,&quot;use_video_in_teasers&quot;:false,&quot;hyphenation&quot;:true,&quot;tipp&quot;:false,&quot;alert_text&quot;:&quot;&quot;,&quot;joker&quot;:false,&quot;live&quot;:false,&quot;overwrite_date&quot;:&quot;&quot;,&quot;hide_event_in_program&quot;:false},&quot;date&quot;:{&quot;NX&quot;:null,&quot;NXX&quot;:null,&quot;NLAST&quot;:&quot;202112011700&quot;,&quot;from_DATE&quot;:&quot;20211201 19:00&quot;,&quot;from&quot;:1638378000,&quot;to&quot;:1638378000,&quot;to_DATE&quot;:&quot;20211201 19:00&quot;,&quot;from_HRFSHORT&quot;:&quot; 1. Dez 2021&quot;,&quot;from_HRFSHORT_WD&quot;:&quot;Mi 01.12.2021&quot;,&quot;to_HRFSHORT&quot;:&quot; 1. Dez 2021&quot;,&quot;to_HRFSHORT_WD&quot;:&quot;Mi 01.12.2021&quot;,&quot;from_HRF&quot;:&quot;Mi,  1. Dezember 2021&quot;,&quot;to_HRF&quot;:&quot;Mi,  1. Dezember 2021&quot;,&quot;from_to_HRF&quot;:&quot;Mi,  1. Dezember \\u2013 Mi,  1. Dezember 2021&quot;,&quot;from_to_HRFSHORT&quot;:&quot; 1. Dez \\u2013  1. Dez 2021&quot;},&quot;alert&quot;:null,&quot;partof&quot;:[24435],&quot;marketing_topic&quot;:{&quot;title&quot;:&quot;Filmreihe schrecklich sch\\u00f6n&quot;,&quot;ID&quot;:24435,&quot;reason&quot;:&quot;sequence&quot;}}' inline-template>\n\t<a href=\"https:\/\/www.humboldtforum.org\/de\/programm\/termin\/diskurs\/faehrtenlese-32603\/\" class=\"teaser teaser-event teaser-event-standard\">\n\t\t<div class=\"row\">\n\t\t\t<div class=\"col-xs-12 teaser-event-image\">\n\t\t\t\t<div class=\"teaser-image teaser-image-no-alternate\">\n\t\t\t\t\t\t\t\t\t\t\t\n\t<lazy-media-inline inline-template>\n\t\t<figure itemscope itemtype=\"http:\/\/schema.org\/ImageObject\" class=\"lazy-media-inline \" role=\"group\" id=\"media_69f2df7eb5368\" aria-labelledby=\"desc_media_69f2df7eb5368\">\n\t\t\t<script type=\"application\/json\" ref=\"data\">\n\t\t\t\t{\n\t\t\t\t\"sizes\" : {\"medium\":{\"file\":\"SHF_eb00110734_Key-Visual-Schrecklich-scho\\u0308n-300x180.jpg\",\"width\":300,\"height\":180,\"mime-type\":\"image\\\/jpeg\"},\"large\":{\"file\":\"SHF_eb00110734_Key-Visual-Schrecklich-scho\\u0308n-1024x613.jpg\",\"width\":1024,\"height\":613,\"mime-type\":\"image\\\/jpeg\"},\"thumbnail\":{\"file\":\"SHF_eb00110734_Key-Visual-Schrecklich-scho\\u0308n-150x150.jpg\",\"width\":150,\"height\":150,\"mime-type\":\"image\\\/jpeg\"},\"medium_large\":{\"file\":\"SHF_eb00110734_Key-Visual-Schrecklich-scho\\u0308n-768x460.jpg\",\"width\":768,\"height\":460,\"mime-type\":\"image\\\/jpeg\"},\"small\":{\"file\":\"SHF_eb00110734_Key-Visual-Schrecklich-scho\\u0308n-440x264.jpg\",\"width\":440,\"height\":264,\"mime-type\":\"image\\\/jpeg\"},\"semi\":{\"file\":\"SHF_eb00110734_Key-Visual-Schrecklich-scho\\u0308n-580x347.jpg\",\"width\":580,\"height\":347,\"mime-type\":\"image\\\/jpeg\"},\"mobile\":{\"file\":\"SHF_eb00110734_Key-Visual-Schrecklich-scho\\u0308n-720x431.jpg\",\"width\":720,\"height\":431,\"mime-type\":\"image\\\/jpeg\"},\"hd\":{\"file\":\"SHF_eb00110734_Key-Visual-Schrecklich-scho\\u0308n-1280x767.jpg\",\"width\":1280,\"height\":767,\"mime-type\":\"image\\\/jpeg\"},\"full\":{\"file\":\"SHF_eb00110734_Key-Visual-Schrecklich-scho\\u0308n-1920x1150.jpg\",\"width\":1920,\"height\":1150,\"mime-type\":\"image\\\/jpeg\"},\"1536x1536\":{\"file\":\"SHF_eb00110734_Key-Visual-Schrecklich-scho\\u0308n-1536x920.jpg\",\"width\":1536,\"height\":920,\"mime-type\":\"image\\\/jpeg\"},\"original\":{\"file\":\"SHF_eb00110734_Key-Visual-Schrecklich-scho\\u0308n.jpg\",\"width\":2000,\"height\":1198}},\n\t\t\t\t\"alt\" : \"Abstrakte Komposition mit einem Auge auf goldenem Hintergrund, umgeben von strukturiertem Schwarz.\",\n\t\t\t\t\"path\" : \"\\\/wp-content\\\/uploads\\\/2021\\\/06\\\/\",\n\t\t\t\t\"video\" : null,\n\t\t\t\t\"autoplay\" : null,\n\t\t\t\t\"youtube\" : null,\n\t\t\t\t\"youtubelabel\" : \"Video abspielen\",\n\t\t\t\t\"brightness\" : 100,\n\t\t\t\t\"crop\" : {\"top\":\"50.00\",\"left\":\"50.00\"},\n\t\t\t\t\"background\" : true,\n\t\t\t\t\"scale\" : 2\t\t\t\t}\n\t\t\t<\/script>\n\n\t\t\t<div class=\"height-container\" style=\"padding-bottom:59.9%;\" v-if=\"sizes\">\n\t\t\t\t\t\t\t\t<lazy-media :inline=\"true\" :alt=\"alt\" :sizes=\"sizes\" :scale=\"scale\" :brightness=\"brightness\" :path=\"path\" :video=\"video\" :autoplay=\"autoplay\" :youtube=\"youtube\" :crop=\"crop\" :youtubelabel=\"youtubelabel\" :background=\"background\" media-id=\"desc_media_69f2df7eb5368\"><\/lazy-media>\n\t\t\t\t\t\t\t<\/div>\n\n\t\t\t\t\t\t\t<figcaption class=\"sr-only\" ref=\"body\" id=\"desc_media_69f2df7eb5368\">\n\t\t\t\t\t\t\t\t\t\t\t<div>Key Visual<\/div>\n\t\t\t\t\t\t\t\t\t\t\t\t\t\t\t\t\t\t\t\t\t<div class=\"insignificant\">\u00a9 Stiftung Humboldt Forum im Berliner Schloss; Getty Images \/ Parimal Bansode; bpk \/ Museum f\u00fcr Asiatische Kunst, SMB \/ Ute Franz-Scarciglia; bpk \/ Museum f\u00fcr Islamische Kunst, SMB \/ J\u00fcrgen Liepe; Getty Images \/ Stockbyte<\/div>\n\t\t\t\t\t\t\t\t\t<\/figcaption>\n\t\t\t\t\t<\/figure>\n\t<\/lazy-media-inline>\n\t\t\t\t<\/div>\n\t\t\t<\/div>\n\t\t\t<div class=\"col-xs-12 teaser-event-text Infos\">\n\t\t\t\t<div class=\"teaser-event-standard-text\">\n\t\t\t\t\t<div class=\"margin-bottom-atom\">\n\t\t\t\t\t\t<div class=\"subline clamp-1\" v-html=\"maingenre\"><\/div>\n\t\t\t\t\t\t\t\t\t\t\t\t\t<div class=\"insignificant clamp-2\">Filmreihe schrecklich sch\u00f6n<\/div>\n\t\t\t\t\t\t\t\t\t\t\t<\/div>\n\t\t\t\t\n\t\t\t\t\t<strong class=\"margin-bottom-atom\">F\u00e4hrtenlese<\/strong>\n\n\t\t\t\t\t\t\t\t\t\t\t<div class=\"\">Filmabend mit Cord Riechelmann<\/div>\n\t\t\t\t\t\t\t\t\t<\/div>\n\t\t\t\t<div class=\"teaser-bottom border-bottom\">\n\t\t\t\t<calendardateline :rawitem='item' :show-icon=\"true\"><\/calendardateline>\n\t\t\t\t\t<hr>\n\t\t\t\t<\/div>\n\t\t\t<\/div>\n\t\t<\/div>\n\t<\/a>\n\t<\/calendarteaser>\n<\/li>\n\n<li class=\"col-xs-6 col-sm-4 col-md-3 teaser-wrapper col-padding-remove\">\n\t<calendarteaser key=\"317508886\" rawitem='{&quot;postId&quot;:31750,&quot;title&quot;:&quot;Chang&quot;,&quot;excerpt&quot;:&quot;&quot;,&quot;slug&quot;:&quot;chang&quot;,&quot;post_date&quot;:&quot;2021-09-16T23:20&quot;,&quot;type&quot;:&quot;event&quot;,&quot;permalink&quot;:&quot;https:\\\/\\\/www.humboldtforum.org\\\/de\\\/programm\\\/termin\\\/film-video\\\/chang-31750\\\/&quot;,&quot;genre&quot;:[729],&quot;genre_details&quot;:[{&quot;text&quot;:&quot;Film\\\/Video&quot;,&quot;id&quot;:729,&quot;icon&quot;:null,&quot;parent&quot;:0}],&quot;stakeholder&quot;:[382],&quot;stakeholder_details&quot;:[{&quot;text&quot;:&quot;Stiftung Humboldt Forum im Berliner Schloss&quot;,&quot;id&quot;:382,&quot;icon&quot;:null,&quot;parent&quot;:0}],&quot;targetgroup&quot;:[383,455],&quot;targetgroup_details&quot;:[{&quot;text&quot;:&quot;Erwachsene&quot;,&quot;id&quot;:383,&quot;icon&quot;:null,&quot;parent&quot;:0},{&quot;text&quot;:&quot;Jugendliche&quot;,&quot;id&quot;:455,&quot;icon&quot;:null,&quot;parent&quot;:0}],&quot;language&quot;:[385],&quot;language_details&quot;:[{&quot;text&quot;:&quot;Englisch&quot;,&quot;id&quot;:385,&quot;icon&quot;:null,&quot;parent&quot;:0}],&quot;accessability&quot;:[780],&quot;accessability_details&quot;:[{&quot;text&quot;:&quot;Untertitel&quot;,&quot;id&quot;:780,&quot;icon&quot;:null,&quot;parent&quot;:0}],&quot;place&quot;:[883],&quot;place_details&quot;:{&quot;place&quot;:&quot;Humboldt Forum&quot;,&quot;map&quot;:&quot;Humboldt Forum, Schlossplatz, Berlin&quot;,&quot;room&quot;:&quot;Saal 2, EG&quot;},&quot;icon_overwrite&quot;:&quot;&quot;,&quot;acf&quot;:{&quot;hashtag&quot;:&quot;HumboldtForum&quot;,&quot;noindex&quot;:false,&quot;keywords&quot;:&quot;&quot;,&quot;shorturl&quot;:&quot;&quot;,&quot;times&quot;:[],&quot;planning&quot;:{&quot;price&quot;:&quot;5 EUR, erm\\u00e4\\u00dfigt 2,50 EUR&quot;,&quot;admission&quot;:&quot;&quot;,&quot;pause&quot;:&quot;&quot;,&quot;duration&quot;:&quot;&quot;},&quot;subline&quot;:&quot;von Merian C. Cooper &amp; Ernest B. Schoedsack&quot;,&quot;subline_feature&quot;:&quot;&quot;,&quot;marketing_text&quot;:&quot;&quot;,&quot;shorttext&quot;:&quot;&quot;,&quot;longtext&quot;:&quot;&quot;,&quot;additional_info&quot;:{&quot;icon&quot;:&quot;icon-live-fill&quot;,&quot;text&quot;:&quot;Ethnographischer Spielfilm (stumm), USA 1927, 69 Minuten, restaurierte Fassung mit Musik&quot;},&quot;highlight_header&quot;:false,&quot;featured_images&quot;:[32049],&quot;video&quot;:false,&quot;use_video_in_teasers&quot;:false,&quot;hyphenation&quot;:true,&quot;tipp&quot;:false,&quot;alert_text&quot;:&quot;&quot;,&quot;joker&quot;:false,&quot;live&quot;:false,&quot;overwrite_date&quot;:&quot;&quot;,&quot;hide_event_in_program&quot;:false,&quot;tickettext&quot;:&quot;Buchen Sie Ihr Ticket vorab online oder an der Kasse im Foyer.&quot;,&quot;belongsto&quot;:[24435],&quot;infotext&quot;:&quot;Empfohlen ab 12 Jahren&quot;},&quot;date&quot;:{&quot;NX&quot;:null,&quot;NXX&quot;:null,&quot;NLAST&quot;:&quot;202111281400&quot;,&quot;from_DATE&quot;:&quot;20211128 16:00&quot;,&quot;from&quot;:1638108000,&quot;to&quot;:1638108000,&quot;to_DATE&quot;:&quot;20211128 16:00&quot;,&quot;from_HRFSHORT&quot;:&quot;28. Nov 2021&quot;,&quot;from_HRFSHORT_WD&quot;:&quot;So 28.11.2021&quot;,&quot;to_HRFSHORT&quot;:&quot;28. Nov 2021&quot;,&quot;to_HRFSHORT_WD&quot;:&quot;So 28.11.2021&quot;,&quot;from_HRF&quot;:&quot;So, 28. November 2021&quot;,&quot;to_HRF&quot;:&quot;So, 28. November 2021&quot;,&quot;from_to_HRF&quot;:&quot;So, 28. November \\u2013 So, 28. November 2021&quot;,&quot;from_to_HRFSHORT&quot;:&quot;28. Nov \\u2013 28. Nov 2021&quot;},&quot;alert&quot;:null,&quot;partof&quot;:[24435],&quot;marketing_topic&quot;:{&quot;title&quot;:&quot;Filmreihe schrecklich sch\\u00f6n&quot;,&quot;ID&quot;:24435,&quot;reason&quot;:&quot;sequence&quot;}}' inline-template>\n\t<a href=\"https:\/\/www.humboldtforum.org\/de\/programm\/termin\/film-video\/chang-31750\/\" class=\"teaser teaser-event teaser-event-standard\">\n\t\t<div class=\"row\">\n\t\t\t<div class=\"col-xs-12 teaser-event-image\">\n\t\t\t\t<div class=\"teaser-image teaser-image-no-alternate\">\n\t\t\t\t\t\t\t\t\t\t\t\n\t<lazy-media-inline inline-template>\n\t\t<figure itemscope itemtype=\"http:\/\/schema.org\/ImageObject\" class=\"lazy-media-inline \" role=\"group\" id=\"media_69f2df7eb6ec0\" aria-labelledby=\"desc_media_69f2df7eb6ec0\">\n\t\t\t<script type=\"application\/json\" ref=\"data\">\n\t\t\t\t{\n\t\t\t\t\"sizes\" : {\"medium\":{\"file\":\"SHF_eb00118515-300x205.jpg\",\"width\":300,\"height\":205,\"mime-type\":\"image\\\/jpeg\"},\"large\":{\"file\":\"SHF_eb00118515-1024x699.jpg\",\"width\":1024,\"height\":699,\"mime-type\":\"image\\\/jpeg\"},\"thumbnail\":{\"file\":\"SHF_eb00118515-150x150.jpg\",\"width\":150,\"height\":150,\"mime-type\":\"image\\\/jpeg\"},\"medium_large\":{\"file\":\"SHF_eb00118515-768x524.jpg\",\"width\":768,\"height\":524,\"mime-type\":\"image\\\/jpeg\"},\"small\":{\"file\":\"SHF_eb00118515-440x300.jpg\",\"width\":440,\"height\":300,\"mime-type\":\"image\\\/jpeg\"},\"semi\":{\"file\":\"SHF_eb00118515-580x396.jpg\",\"width\":580,\"height\":396,\"mime-type\":\"image\\\/jpeg\"},\"mobile\":{\"file\":\"SHF_eb00118515-720x491.jpg\",\"width\":720,\"height\":491,\"mime-type\":\"image\\\/jpeg\"},\"hd\":{\"file\":\"SHF_eb00118515-1280x873.jpg\",\"width\":1280,\"height\":873,\"mime-type\":\"image\\\/jpeg\"},\"full\":{\"file\":\"SHF_eb00118515-1920x1310.jpg\",\"width\":1920,\"height\":1310,\"mime-type\":\"image\\\/jpeg\"},\"1536x1536\":{\"file\":\"SHF_eb00118515-1536x1048.jpg\",\"width\":1536,\"height\":1048,\"mime-type\":\"image\\\/jpeg\"},\"original\":{\"file\":\"SHF_eb00118515.jpg\",\"width\":2048,\"height\":1397}},\n\t\t\t\t\"alt\" : \"Ein Mann spielt mit einem kleinen Elefanten unter einer Holzstruktur in einer nat\\u00fcrlichen Umgebung.\",\n\t\t\t\t\"path\" : \"\\\/wp-content\\\/uploads\\\/2021\\\/09\\\/\",\n\t\t\t\t\"video\" : null,\n\t\t\t\t\"autoplay\" : null,\n\t\t\t\t\"youtube\" : null,\n\t\t\t\t\"youtubelabel\" : \"Video abspielen\",\n\t\t\t\t\"brightness\" : 100,\n\t\t\t\t\"crop\" : {\"top\":\"65.90\",\"left\":\"44.86\"},\n\t\t\t\t\"background\" : true,\n\t\t\t\t\"scale\" : 2\t\t\t\t}\n\t\t\t<\/script>\n\n\t\t\t<div class=\"height-container\" style=\"padding-bottom:68.212890625%;\" v-if=\"sizes\">\n\t\t\t\t\t\t\t\t<lazy-media :inline=\"true\" :alt=\"alt\" :sizes=\"sizes\" :scale=\"scale\" :brightness=\"brightness\" :path=\"path\" :video=\"video\" :autoplay=\"autoplay\" :youtube=\"youtube\" :crop=\"crop\" :youtubelabel=\"youtubelabel\" :background=\"background\" media-id=\"desc_media_69f2df7eb6ec0\"><\/lazy-media>\n\t\t\t\t\t\t\t<\/div>\n\n\t\t\t\t\t\t\t<figcaption class=\"sr-only\" ref=\"body\" id=\"desc_media_69f2df7eb6ec0\">\n\t\t\t\t\t\t\t\t\t\t\t<div>Hauptdarsteller Kruh mit dem Elefantenkalb (Chang) am Set zu den Dreharbeiten von Chang: A Drama of the Wilderness, USA 1927, Setfoto\r\n<\/div>\n\t\t\t\t\t\t\t\t\t\t\t\t\t\t\t\t\t\t\t\t\t<div class=\"insignificant\">\u00a9 Milestone Film &#038; Video<\/div>\n\t\t\t\t\t\t\t\t\t<\/figcaption>\n\t\t\t\t\t<\/figure>\n\t<\/lazy-media-inline>\n\t\t\t\t<\/div>\n\t\t\t<\/div>\n\t\t\t<div class=\"col-xs-12 teaser-event-text Infos\">\n\t\t\t\t<div class=\"teaser-event-standard-text\">\n\t\t\t\t\t<div class=\"margin-bottom-atom\">\n\t\t\t\t\t\t<div class=\"subline clamp-1\" v-html=\"maingenre\"><\/div>\n\t\t\t\t\t\t\t\t\t\t\t\t\t<div class=\"insignificant clamp-2\">Filmreihe schrecklich sch\u00f6n<\/div>\n\t\t\t\t\t\t\t\t\t\t\t<\/div>\n\t\t\t\t\n\t\t\t\t\t<strong class=\"margin-bottom-atom\">Chang<\/strong>\n\n\t\t\t\t\t\t\t\t\t\t\t<div class=\"\">von Merian C. Cooper &#038; Ernest B. Schoedsack<\/div>\n\t\t\t\t\t\t\t\t\t<\/div>\n\t\t\t\t<div class=\"teaser-bottom border-bottom\">\n\t\t\t\t<calendardateline :rawitem='item' :show-icon=\"true\"><\/calendardateline>\n\t\t\t\t\t<hr>\n\t\t\t\t<\/div>\n\t\t\t<\/div>\n\t\t<\/div>\n\t<\/a>\n\t<\/calendarteaser>\n<\/li>\n\n<li class=\"col-xs-6 col-sm-4 col-md-3 teaser-wrapper col-padding-remove\">\n\t<calendarteaser key=\"3260110808\" rawitem='{&quot;postId&quot;:32601,&quot;title&quot;:&quot;The King of the White Elephant&quot;,&quot;excerpt&quot;:&quot;Dieser Meilenstein thail\\u00e4ndischer Filmgeschichte entstand kurz nach Beginn des Zweiten Weltkriegs und ist im Gewand eines Historiendramas als eindringlicher Friedensappell entstanden&quot;,&quot;slug&quot;:&quot;the-king-of-the-white-elephant&quot;,&quot;post_date&quot;:&quot;2021-09-27T16:46&quot;,&quot;type&quot;:&quot;event&quot;,&quot;permalink&quot;:&quot;https:\\\/\\\/www.humboldtforum.org\\\/de\\\/programm\\\/termin\\\/film-video\\\/the-king-of-the-white-elephant-32601\\\/&quot;,&quot;genre&quot;:[729],&quot;genre_details&quot;:[{&quot;text&quot;:&quot;Film\\\/Video&quot;,&quot;id&quot;:729,&quot;icon&quot;:null,&quot;parent&quot;:0}],&quot;stakeholder&quot;:[382],&quot;stakeholder_details&quot;:[{&quot;text&quot;:&quot;Stiftung Humboldt Forum im Berliner Schloss&quot;,&quot;id&quot;:382,&quot;icon&quot;:null,&quot;parent&quot;:0}],&quot;targetgroup&quot;:[383],&quot;targetgroup_details&quot;:[{&quot;text&quot;:&quot;Erwachsene&quot;,&quot;id&quot;:383,&quot;icon&quot;:null,&quot;parent&quot;:0}],&quot;language&quot;:[384,385,1163],&quot;language_details&quot;:[{&quot;text&quot;:&quot;Deutsch&quot;,&quot;id&quot;:384,&quot;icon&quot;:null,&quot;parent&quot;:0},{&quot;text&quot;:&quot;Englisch&quot;,&quot;id&quot;:385,&quot;icon&quot;:null,&quot;parent&quot;:0},{&quot;text&quot;:&quot;Thai&quot;,&quot;id&quot;:1163,&quot;icon&quot;:null,&quot;parent&quot;:0}],&quot;place&quot;:[883],&quot;place_details&quot;:{&quot;place&quot;:&quot;Humboldt Forum&quot;,&quot;map&quot;:&quot;Humboldt Forum, Schlossplatz, Berlin&quot;,&quot;room&quot;:&quot;Saal 2, EG&quot;},&quot;icon_overwrite&quot;:&quot;&quot;,&quot;acf&quot;:{&quot;hashtag&quot;:&quot;HumboldtForum&quot;,&quot;belongsto&quot;:[24435],&quot;noindex&quot;:false,&quot;keywords&quot;:&quot;&quot;,&quot;shorturl&quot;:&quot;&quot;,&quot;times&quot;:[],&quot;planning&quot;:{&quot;price&quot;:&quot;5 EUR, erm\\u00e4\\u00dfigt 2,50 EUR&quot;,&quot;admission&quot;:&quot;&quot;,&quot;pause&quot;:&quot;&quot;,&quot;duration&quot;:&quot;&quot;},&quot;subline&quot;:&quot;Der K\\u00f6nig des wei\\u00dfen Elefanten&quot;,&quot;subline_feature&quot;:&quot;von Sundh Vasudhara&quot;,&quot;marketing_text&quot;:&quot;&quot;,&quot;shorttext&quot;:&quot;Dieser Meilenstein thail\\u00e4ndischer Filmgeschichte entstand kurz nach Beginn des Zweiten Weltkriegs und ist im Gewand eines Historiendramas als eindringlicher Friedensappell entstanden&quot;,&quot;longtext&quot;:&quot;&quot;,&quot;additional_info&quot;:{&quot;icon&quot;:&quot;icon-live-fill&quot;,&quot;text&quot;:&quot;Spielfilm, Thailand 1940, 100 Minuten, schwarz\\\/wei\\u00df, restaurierte Fassung, Englisch mit thail\\u00e4ndischen Untertiteln, Deutsch eingesprochen&quot;},&quot;highlight_header&quot;:false,&quot;featured_images&quot;:[35231],&quot;video&quot;:false,&quot;use_video_in_teasers&quot;:false,&quot;hyphenation&quot;:true,&quot;tipp&quot;:false,&quot;alert_text&quot;:&quot;&quot;,&quot;joker&quot;:false,&quot;live&quot;:false,&quot;overwrite_date&quot;:&quot;&quot;,&quot;hide_event_in_program&quot;:false,&quot;tickettext&quot;:&quot;Buchen Sie Ihr Ticket vorab online oder an der Kasse im Foyer.&quot;},&quot;date&quot;:{&quot;NX&quot;:null,&quot;NXX&quot;:null,&quot;NLAST&quot;:&quot;202111241700&quot;,&quot;from_DATE&quot;:&quot;20211124 19:00&quot;,&quot;from&quot;:1637773200,&quot;to&quot;:1637773200,&quot;to_DATE&quot;:&quot;20211124 19:00&quot;,&quot;from_HRFSHORT&quot;:&quot;24. Nov 2021&quot;,&quot;from_HRFSHORT_WD&quot;:&quot;Mi 24.11.2021&quot;,&quot;to_HRFSHORT&quot;:&quot;24. Nov 2021&quot;,&quot;to_HRFSHORT_WD&quot;:&quot;Mi 24.11.2021&quot;,&quot;from_HRF&quot;:&quot;Mi, 24. November 2021&quot;,&quot;to_HRF&quot;:&quot;Mi, 24. November 2021&quot;,&quot;from_to_HRF&quot;:&quot;Mi, 24. November \\u2013 Mi, 24. November 2021&quot;,&quot;from_to_HRFSHORT&quot;:&quot;24. Nov \\u2013 24. Nov 2021&quot;},&quot;alert&quot;:null,&quot;partof&quot;:[24435],&quot;marketing_topic&quot;:{&quot;title&quot;:&quot;Filmreihe schrecklich sch\\u00f6n&quot;,&quot;ID&quot;:24435,&quot;reason&quot;:&quot;sequence&quot;}}' inline-template>\n\t<a href=\"https:\/\/www.humboldtforum.org\/de\/programm\/termin\/film-video\/the-king-of-the-white-elephant-32601\/\" class=\"teaser teaser-event teaser-event-standard\">\n\t\t<div class=\"row\">\n\t\t\t<div class=\"col-xs-12 teaser-event-image\">\n\t\t\t\t<div class=\"teaser-image teaser-image-no-alternate\">\n\t\t\t\t\t\t\t\t\t\t\t\n\t<lazy-media-inline inline-template>\n\t\t<figure itemscope itemtype=\"http:\/\/schema.org\/ImageObject\" class=\"lazy-media-inline \" role=\"group\" id=\"media_69f2df7eb8d5a\" aria-labelledby=\"desc_media_69f2df7eb8d5a\">\n\t\t\t<script type=\"application\/json\" ref=\"data\">\n\t\t\t\t{\n\t\t\t\t\"sizes\" : {\"medium\":{\"file\":\"SHF_eb00119878-300x192.jpg\",\"width\":300,\"height\":192,\"mime-type\":\"image\\\/jpeg\"},\"large\":{\"file\":\"SHF_eb00119878-1024x656.jpg\",\"width\":1024,\"height\":656,\"mime-type\":\"image\\\/jpeg\"},\"thumbnail\":{\"file\":\"SHF_eb00119878-150x150.jpg\",\"width\":150,\"height\":150,\"mime-type\":\"image\\\/jpeg\"},\"medium_large\":{\"file\":\"SHF_eb00119878-768x492.jpg\",\"width\":768,\"height\":492,\"mime-type\":\"image\\\/jpeg\"},\"small\":{\"file\":\"SHF_eb00119878-440x282.jpg\",\"width\":440,\"height\":282,\"mime-type\":\"image\\\/jpeg\"},\"semi\":{\"file\":\"SHF_eb00119878-580x371.jpg\",\"width\":580,\"height\":371,\"mime-type\":\"image\\\/jpeg\"},\"mobile\":{\"file\":\"SHF_eb00119878-720x461.jpg\",\"width\":720,\"height\":461,\"mime-type\":\"image\\\/jpeg\"},\"original\":{\"file\":\"SHF_eb00119878.jpg\",\"width\":1190,\"height\":762}},\n\t\t\t\t\"alt\" : \"Historisches Bild eines Elefanten mit Menschen und Fahnen, umgeben von Soldaten.\",\n\t\t\t\t\"path\" : \"\\\/wp-content\\\/uploads\\\/2021\\\/09\\\/\",\n\t\t\t\t\"video\" : null,\n\t\t\t\t\"autoplay\" : null,\n\t\t\t\t\"youtube\" : null,\n\t\t\t\t\"youtubelabel\" : \"Video abspielen\",\n\t\t\t\t\"brightness\" : 100,\n\t\t\t\t\"crop\" : {\"top\":\"36.83\",\"left\":\"52.08\"},\n\t\t\t\t\"background\" : true,\n\t\t\t\t\"scale\" : 2\t\t\t\t}\n\t\t\t<\/script>\n\n\t\t\t<div class=\"height-container\" style=\"padding-bottom:64.033613445378%;\" v-if=\"sizes\">\n\t\t\t\t\t\t\t\t<lazy-media :inline=\"true\" :alt=\"alt\" :sizes=\"sizes\" :scale=\"scale\" :brightness=\"brightness\" :path=\"path\" :video=\"video\" :autoplay=\"autoplay\" :youtube=\"youtube\" :crop=\"crop\" :youtubelabel=\"youtubelabel\" :background=\"background\" media-id=\"desc_media_69f2df7eb8d5a\"><\/lazy-media>\n\t\t\t\t\t\t\t<\/div>\n\n\t\t\t\t\t\t\t<figcaption class=\"sr-only\" ref=\"body\" id=\"desc_media_69f2df7eb8d5a\">\n\t\t\t\t\t\t\t\t\t\t\t\t\t\t\t\t\t\t\t\t\t<div class=\"insignificant\">\u00a9 Film Archive (Public Organization), Thailand<\/div>\n\t\t\t\t\t\t\t\t\t<\/figcaption>\n\t\t\t\t\t<\/figure>\n\t<\/lazy-media-inline>\n\t\t\t\t<\/div>\n\t\t\t<\/div>\n\t\t\t<div class=\"col-xs-12 teaser-event-text Infos\">\n\t\t\t\t<div class=\"teaser-event-standard-text\">\n\t\t\t\t\t<div class=\"margin-bottom-atom\">\n\t\t\t\t\t\t<div class=\"subline clamp-1\" v-html=\"maingenre\"><\/div>\n\t\t\t\t\t\t\t\t\t\t\t\t\t<div class=\"insignificant clamp-2\">Filmreihe schrecklich sch\u00f6n<\/div>\n\t\t\t\t\t\t\t\t\t\t\t<\/div>\n\t\t\t\t\n\t\t\t\t\t<strong class=\"margin-bottom-atom\">The King of the White Elephant<\/strong>\n\n\t\t\t\t\t\t\t\t\t\t\t<div class=\"\">Der K\u00f6nig des wei\u00dfen Elefanten<\/div>\n\t\t\t\t\t\t\t\t\t<\/div>\n\t\t\t\t<div class=\"teaser-bottom border-bottom\">\n\t\t\t\t<calendardateline :rawitem='item' :show-icon=\"true\"><\/calendardateline>\n\t\t\t\t\t<hr>\n\t\t\t\t<\/div>\n\t\t\t<\/div>\n\t\t<\/div>\n\t<\/a>\n\t<\/calendarteaser>\n<\/li>\n\n<li class=\"col-xs-6 col-sm-4 col-md-3 teaser-wrapper col-padding-remove\">\n\t<calendarteaser key=\"309262934\" rawitem='{&quot;postId&quot;:30926,&quot;title&quot;:&quot;Elephant Boy&quot;,&quot;excerpt&quot;:&quot;&quot;,&quot;slug&quot;:&quot;elephant-boy&quot;,&quot;post_date&quot;:&quot;2021-08-31T11:19&quot;,&quot;type&quot;:&quot;event&quot;,&quot;permalink&quot;:&quot;https:\\\/\\\/www.humboldtforum.org\\\/de\\\/programm\\\/termin\\\/film-video\\\/elephant-boy-30926\\\/&quot;,&quot;genre&quot;:[729],&quot;genre_details&quot;:[{&quot;text&quot;:&quot;Film\\\/Video&quot;,&quot;id&quot;:729,&quot;icon&quot;:null,&quot;parent&quot;:0}],&quot;stakeholder&quot;:[382],&quot;stakeholder_details&quot;:[{&quot;text&quot;:&quot;Stiftung Humboldt Forum im Berliner Schloss&quot;,&quot;id&quot;:382,&quot;icon&quot;:null,&quot;parent&quot;:0}],&quot;targetgroup&quot;:[454],&quot;targetgroup_details&quot;:[{&quot;text&quot;:&quot;Kinder und Familien&quot;,&quot;id&quot;:454,&quot;icon&quot;:null,&quot;parent&quot;:0}],&quot;language&quot;:[384,385],&quot;language_details&quot;:[{&quot;text&quot;:&quot;Deutsch&quot;,&quot;id&quot;:384,&quot;icon&quot;:null,&quot;parent&quot;:0},{&quot;text&quot;:&quot;Englisch&quot;,&quot;id&quot;:385,&quot;icon&quot;:null,&quot;parent&quot;:0}],&quot;accessability&quot;:[780],&quot;accessability_details&quot;:[{&quot;text&quot;:&quot;Untertitel&quot;,&quot;id&quot;:780,&quot;icon&quot;:null,&quot;parent&quot;:0}],&quot;place&quot;:[883],&quot;place_details&quot;:{&quot;place&quot;:&quot;Humboldt Forum&quot;,&quot;map&quot;:&quot;Humboldt Forum, Schlossplatz, Berlin&quot;,&quot;room&quot;:&quot;Saal 2, EG&quot;},&quot;icon_overwrite&quot;:&quot;&quot;,&quot;acf&quot;:{&quot;hashtag&quot;:&quot;HumboldtForum&quot;,&quot;noindex&quot;:false,&quot;keywords&quot;:&quot;&quot;,&quot;shorturl&quot;:&quot;&quot;,&quot;times&quot;:[],&quot;planning&quot;:{&quot;price&quot;:&quot;5 EUR, erm\\u00e4\\u00dfigt 2,50 EUR&quot;,&quot;admission&quot;:&quot;&quot;,&quot;pause&quot;:&quot;&quot;,&quot;duration&quot;:&quot;&quot;},&quot;subline&quot;:&quot;Der Elefantenjunge&quot;,&quot;subline_feature&quot;:&quot;von Robert Flaherty, Zoltan Korda&quot;,&quot;marketing_text&quot;:&quot;&quot;,&quot;shorttext&quot;:&quot;&quot;,&quot;longtext&quot;:&quot;&quot;,&quot;additional_info&quot;:{&quot;icon&quot;:&quot;icon-live-fill&quot;,&quot;text&quot;:&quot;Spielfilm, Gro\\u00dfbritannien 1937, 80 Minuten, Englisch mit deutschen Untertiteln&quot;},&quot;highlight_header&quot;:false,&quot;featured_images&quot;:[32562],&quot;video&quot;:false,&quot;use_video_in_teasers&quot;:false,&quot;hyphenation&quot;:true,&quot;tipp&quot;:false,&quot;alert_text&quot;:&quot;&quot;,&quot;joker&quot;:false,&quot;live&quot;:false,&quot;overwrite_date&quot;:&quot;&quot;,&quot;hide_event_in_program&quot;:false,&quot;infotext&quot;:&quot;empfohlen ab 8 Jahren&quot;,&quot;tickettext&quot;:&quot;Bitte buchen Sie Ihr Ticket vorab online oder an der Kasse im Foyer.&quot;,&quot;belongsto&quot;:[24435]},&quot;date&quot;:{&quot;NX&quot;:null,&quot;NXX&quot;:null,&quot;NLAST&quot;:&quot;202111141300&quot;,&quot;from_DATE&quot;:&quot;20211010 16:00&quot;,&quot;from&quot;:1633867200,&quot;to&quot;:1636894800,&quot;to_DATE&quot;:&quot;20211114 16:00&quot;,&quot;from_HRFSHORT&quot;:&quot;10. Okt 2021&quot;,&quot;from_HRFSHORT_WD&quot;:&quot;So 10.10.2021&quot;,&quot;to_HRFSHORT&quot;:&quot;14. Nov 2021&quot;,&quot;to_HRFSHORT_WD&quot;:&quot;So 14.11.2021&quot;,&quot;from_HRF&quot;:&quot;So, 10. Oktober 2021&quot;,&quot;to_HRF&quot;:&quot;So, 14. November 2021&quot;,&quot;from_to_HRF&quot;:&quot;So, 10. Oktober \\u2013 So, 14. November 2021&quot;,&quot;from_to_HRFSHORT&quot;:&quot;10. Okt \\u2013 14. Nov 2021&quot;},&quot;alert&quot;:null,&quot;partof&quot;:[24435],&quot;marketing_topic&quot;:{&quot;title&quot;:&quot;Filmreihe schrecklich sch\\u00f6n&quot;,&quot;ID&quot;:24435,&quot;reason&quot;:&quot;sequence&quot;}}' inline-template>\n\t<a href=\"https:\/\/www.humboldtforum.org\/de\/programm\/termin\/film-video\/elephant-boy-30926\/\" class=\"teaser teaser-event teaser-event-standard\">\n\t\t<div class=\"row\">\n\t\t\t<div class=\"col-xs-12 teaser-event-image\">\n\t\t\t\t<div class=\"teaser-image teaser-image-no-alternate\">\n\t\t\t\t\t\t\t\t\t\t\t\n\t<lazy-media-inline inline-template>\n\t\t<figure itemscope itemtype=\"http:\/\/schema.org\/ImageObject\" class=\"lazy-media-inline \" role=\"group\" id=\"media_69f2df7ebad5f\" aria-labelledby=\"desc_media_69f2df7ebad5f\">\n\t\t\t<script type=\"application\/json\" ref=\"data\">\n\t\t\t\t{\n\t\t\t\t\"sizes\" : {\"medium\":{\"file\":\"SHF_eb00119727-1-300x238.jpg\",\"width\":300,\"height\":238,\"mime-type\":\"image\\\/jpeg\"},\"large\":{\"file\":\"SHF_eb00119727-1-1024x812.jpg\",\"width\":1024,\"height\":812,\"mime-type\":\"image\\\/jpeg\"},\"thumbnail\":{\"file\":\"SHF_eb00119727-1-150x150.jpg\",\"width\":150,\"height\":150,\"mime-type\":\"image\\\/jpeg\"},\"medium_large\":{\"file\":\"SHF_eb00119727-1-768x609.jpg\",\"width\":768,\"height\":609,\"mime-type\":\"image\\\/jpeg\"},\"small\":{\"file\":\"SHF_eb00119727-1-440x349.jpg\",\"width\":440,\"height\":349,\"mime-type\":\"image\\\/jpeg\"},\"semi\":{\"file\":\"SHF_eb00119727-1-580x460.jpg\",\"width\":580,\"height\":460,\"mime-type\":\"image\\\/jpeg\"},\"mobile\":{\"file\":\"SHF_eb00119727-1-720x571.jpg\",\"width\":720,\"height\":571,\"mime-type\":\"image\\\/jpeg\"},\"original\":{\"file\":\"SHF_eb00119727-1.jpg\",\"width\":1200,\"height\":952}},\n\t\t\t\t\"alt\" : \"Ein Mann reitet auf einem Elefanten, l\\u00e4chelt und lenkt mit einem Stock die Aufmerksamkeit des Tieres.\",\n\t\t\t\t\"path\" : \"\\\/wp-content\\\/uploads\\\/2021\\\/08\\\/\",\n\t\t\t\t\"video\" : null,\n\t\t\t\t\"autoplay\" : null,\n\t\t\t\t\"youtube\" : null,\n\t\t\t\t\"youtubelabel\" : \"Video abspielen\",\n\t\t\t\t\"brightness\" : 100,\n\t\t\t\t\"crop\" : {\"top\":\"26.79\",\"left\":\"72.62\"},\n\t\t\t\t\"background\" : true,\n\t\t\t\t\"scale\" : 2\t\t\t\t}\n\t\t\t<\/script>\n\n\t\t\t<div class=\"height-container\" style=\"padding-bottom:79.333333333333%;\" v-if=\"sizes\">\n\t\t\t\t\t\t\t\t<lazy-media :inline=\"true\" :alt=\"alt\" :sizes=\"sizes\" :scale=\"scale\" :brightness=\"brightness\" :path=\"path\" :video=\"video\" :autoplay=\"autoplay\" :youtube=\"youtube\" :crop=\"crop\" :youtubelabel=\"youtubelabel\" :background=\"background\" media-id=\"desc_media_69f2df7ebad5f\"><\/lazy-media>\n\t\t\t\t\t\t\t<\/div>\n\n\t\t\t\t\t\t\t<figcaption class=\"sr-only\" ref=\"body\" id=\"desc_media_69f2df7ebad5f\">\n\t\t\t\t\t\t\t\t\t\t\t<div>Der kleine Toomai (Sabu) auf seinem Elefanten Kala Mag. Filmstill aus Elephant Boy von Zoltan Korda und Robert Flaherty, 1937<\/div>\n\t\t\t\t\t\t\t\t\t\t\t\t\t\t\t\t\t\t\t\t\t<div class=\"insignificant\">\u00a9 Images courtesy of Park Circus \/ ITV\r\n<\/div>\n\t\t\t\t\t\t\t\t\t<\/figcaption>\n\t\t\t\t\t<\/figure>\n\t<\/lazy-media-inline>\n\t\t\t\t<\/div>\n\t\t\t<\/div>\n\t\t\t<div class=\"col-xs-12 teaser-event-text Infos\">\n\t\t\t\t<div class=\"teaser-event-standard-text\">\n\t\t\t\t\t<div class=\"margin-bottom-atom\">\n\t\t\t\t\t\t<div class=\"subline clamp-1\" v-html=\"maingenre\"><\/div>\n\t\t\t\t\t\t\t\t\t\t\t\t\t<div class=\"insignificant clamp-2\">Filmreihe schrecklich sch\u00f6n<\/div>\n\t\t\t\t\t\t\t\t\t\t\t<\/div>\n\t\t\t\t\n\t\t\t\t\t<strong class=\"margin-bottom-atom\">Elephant Boy<\/strong>\n\n\t\t\t\t\t\t\t\t\t\t\t<div class=\"\">Der Elefantenjunge<\/div>\n\t\t\t\t\t\t\t\t\t<\/div>\n\t\t\t\t<div class=\"teaser-bottom border-bottom\">\n\t\t\t\t<calendardateline :rawitem='item' :show-icon=\"true\"><\/calendardateline>\n\t\t\t\t\t<hr>\n\t\t\t\t<\/div>\n\t\t\t<\/div>\n\t\t<\/div>\n\t<\/a>\n\t<\/calendarteaser>\n<\/li>\n\n<li class=\"col-xs-6 col-sm-4 col-md-3 teaser-wrapper col-padding-remove\">\n\t<calendarteaser key=\"3256821968\" rawitem='{&quot;postId&quot;:32568,&quot;title&quot;:&quot;Der Elefant im Wohnzimmer&quot;,&quot;excerpt&quot;:&quot;&quot;,&quot;slug&quot;:&quot;der-elefant-im-wohnzimmer&quot;,&quot;post_date&quot;:&quot;2021-09-27T11:26&quot;,&quot;type&quot;:&quot;event&quot;,&quot;permalink&quot;:&quot;https:\\\/\\\/www.humboldtforum.org\\\/de\\\/programm\\\/termin\\\/diskurs\\\/der-elefant-im-wohnzimmer-32568\\\/&quot;,&quot;genre&quot;:[392,729],&quot;genre_details&quot;:[{&quot;text&quot;:&quot;Diskurs&quot;,&quot;id&quot;:392,&quot;icon&quot;:null,&quot;parent&quot;:0},{&quot;text&quot;:&quot;Film\\\/Video&quot;,&quot;id&quot;:729,&quot;icon&quot;:null,&quot;parent&quot;:0}],&quot;stakeholder&quot;:[382],&quot;stakeholder_details&quot;:[{&quot;text&quot;:&quot;Stiftung Humboldt Forum im Berliner Schloss&quot;,&quot;id&quot;:382,&quot;icon&quot;:null,&quot;parent&quot;:0}],&quot;targetgroup&quot;:[383],&quot;targetgroup_details&quot;:[{&quot;text&quot;:&quot;Erwachsene&quot;,&quot;id&quot;:383,&quot;icon&quot;:null,&quot;parent&quot;:0}],&quot;language&quot;:[384],&quot;language_details&quot;:[{&quot;text&quot;:&quot;Deutsch&quot;,&quot;id&quot;:384,&quot;icon&quot;:null,&quot;parent&quot;:0}],&quot;place&quot;:[883],&quot;place_details&quot;:{&quot;place&quot;:&quot;Humboldt Forum&quot;,&quot;map&quot;:&quot;Humboldt Forum, Schlossplatz, Berlin&quot;,&quot;room&quot;:&quot;Saal 2, EG&quot;},&quot;icon_overwrite&quot;:&quot;&quot;,&quot;acf&quot;:{&quot;hashtag&quot;:&quot;HumboldtForum&quot;,&quot;belongsto&quot;:[24435],&quot;noindex&quot;:false,&quot;keywords&quot;:&quot;&quot;,&quot;shorturl&quot;:&quot;&quot;,&quot;times&quot;:[],&quot;planning&quot;:{&quot;price&quot;:&quot;5 EUR, erm\\u00e4\\u00dfigt 2,50 EUR&quot;,&quot;admission&quot;:&quot;&quot;,&quot;pause&quot;:&quot;&quot;,&quot;duration&quot;:&quot;&quot;},&quot;subline&quot;:&quot;Verhalten \\u2013 Verbreitung \\u2013 Verfilmung&quot;,&quot;subline_feature&quot;:&quot;Vortrag mit Fotos und Ausschnitten aus Amateurvideos von Helmut H\\u00f6ge&quot;,&quot;marketing_text&quot;:&quot;&quot;,&quot;shorttext&quot;:&quot;&quot;,&quot;longtext&quot;:&quot;&quot;,&quot;tickettext&quot;:&quot;Informationen zum Ticketing folgen in K\\u00fcrze.&quot;,&quot;additional_info&quot;:{&quot;icon&quot;:&quot;0&quot;,&quot;text&quot;:&quot;&quot;},&quot;highlight_header&quot;:false,&quot;featured_images&quot;:[34777],&quot;video&quot;:false,&quot;use_video_in_teasers&quot;:false,&quot;hyphenation&quot;:true,&quot;tipp&quot;:false,&quot;alert_text&quot;:&quot;&quot;,&quot;joker&quot;:false,&quot;live&quot;:false,&quot;overwrite_date&quot;:&quot;&quot;,&quot;hide_event_in_program&quot;:false},&quot;date&quot;:{&quot;NX&quot;:null,&quot;NXX&quot;:null,&quot;NLAST&quot;:&quot;202111101700&quot;,&quot;from_DATE&quot;:&quot;20211110 19:00&quot;,&quot;from&quot;:1636563600,&quot;to&quot;:1636563600,&quot;to_DATE&quot;:&quot;20211110 19:00&quot;,&quot;from_HRFSHORT&quot;:&quot;10. Nov 2021&quot;,&quot;from_HRFSHORT_WD&quot;:&quot;Mi 10.11.2021&quot;,&quot;to_HRFSHORT&quot;:&quot;10. Nov 2021&quot;,&quot;to_HRFSHORT_WD&quot;:&quot;Mi 10.11.2021&quot;,&quot;from_HRF&quot;:&quot;Mi, 10. November 2021&quot;,&quot;to_HRF&quot;:&quot;Mi, 10. November 2021&quot;,&quot;from_to_HRF&quot;:&quot;Mi, 10. November \\u2013 Mi, 10. November 2021&quot;,&quot;from_to_HRFSHORT&quot;:&quot;10. Nov \\u2013 10. Nov 2021&quot;},&quot;alert&quot;:null,&quot;partof&quot;:[24435],&quot;marketing_topic&quot;:{&quot;title&quot;:&quot;Filmreihe schrecklich sch\\u00f6n&quot;,&quot;ID&quot;:24435,&quot;reason&quot;:&quot;sequence&quot;}}' inline-template>\n\t<a href=\"https:\/\/www.humboldtforum.org\/de\/programm\/termin\/diskurs\/der-elefant-im-wohnzimmer-32568\/\" class=\"teaser teaser-event teaser-event-standard\">\n\t\t<div class=\"row\">\n\t\t\t<div class=\"col-xs-12 teaser-event-image\">\n\t\t\t\t<div class=\"teaser-image teaser-image-no-alternate\">\n\t\t\t\t\t\t\t\t\t\t\t\n\t<lazy-media-inline inline-template>\n\t\t<figure itemscope itemtype=\"http:\/\/schema.org\/ImageObject\" class=\"lazy-media-inline \" role=\"group\" id=\"media_69f2df7ebcc0e\" aria-labelledby=\"desc_media_69f2df7ebcc0e\">\n\t\t\t<script type=\"application\/json\" ref=\"data\">\n\t\t\t\t{\n\t\t\t\t\"sizes\" : {\"medium\":{\"file\":\"SHF_eb00128322-300x200.jpg\",\"width\":300,\"height\":200,\"mime-type\":\"image\\\/jpeg\"},\"large\":{\"file\":\"SHF_eb00128322-1024x683.jpg\",\"width\":1024,\"height\":683,\"mime-type\":\"image\\\/jpeg\"},\"thumbnail\":{\"file\":\"SHF_eb00128322-150x150.jpg\",\"width\":150,\"height\":150,\"mime-type\":\"image\\\/jpeg\"},\"medium_large\":{\"file\":\"SHF_eb00128322-768x512.jpg\",\"width\":768,\"height\":512,\"mime-type\":\"image\\\/jpeg\"},\"small\":{\"file\":\"SHF_eb00128322-440x293.jpg\",\"width\":440,\"height\":293,\"mime-type\":\"image\\\/jpeg\"},\"semi\":{\"file\":\"SHF_eb00128322-580x387.jpg\",\"width\":580,\"height\":387,\"mime-type\":\"image\\\/jpeg\"},\"mobile\":{\"file\":\"SHF_eb00128322-720x480.jpg\",\"width\":720,\"height\":480,\"mime-type\":\"image\\\/jpeg\"},\"hd\":{\"file\":\"SHF_eb00128322-1280x853.jpg\",\"width\":1280,\"height\":853,\"mime-type\":\"image\\\/jpeg\"},\"original\":{\"file\":\"SHF_eb00128322.jpg\",\"width\":1500,\"height\":1000}},\n\t\t\t\t\"alt\" : \"Zwei Elefanten im Wasser, Menschen stehen auf ihnen, umgeben von einer idyllischen Landschaft bei Sonnenuntergang.\",\n\t\t\t\t\"path\" : \"\\\/wp-content\\\/uploads\\\/2021\\\/11\\\/\",\n\t\t\t\t\"video\" : null,\n\t\t\t\t\"autoplay\" : null,\n\t\t\t\t\"youtube\" : null,\n\t\t\t\t\"youtubelabel\" : \"Video abspielen\",\n\t\t\t\t\"brightness\" : 100,\n\t\t\t\t\"crop\" : null,\n\t\t\t\t\"background\" : true,\n\t\t\t\t\"scale\" : 2\t\t\t\t}\n\t\t\t<\/script>\n\n\t\t\t<div class=\"height-container\" style=\"padding-bottom:66.666666666667%;\" v-if=\"sizes\">\n\t\t\t\t\t\t\t\t<lazy-media :inline=\"true\" :alt=\"alt\" :sizes=\"sizes\" :scale=\"scale\" :brightness=\"brightness\" :path=\"path\" :video=\"video\" :autoplay=\"autoplay\" :youtube=\"youtube\" :crop=\"crop\" :youtubelabel=\"youtubelabel\" :background=\"background\" media-id=\"desc_media_69f2df7ebcc0e\"><\/lazy-media>\n\t\t\t\t\t\t\t<\/div>\n\n\t\t\t\t\t\t\t<figcaption class=\"sr-only\" ref=\"body\" id=\"desc_media_69f2df7ebcc0e\">\n\t\t\t\t\t\t\t\t\t\t\t\t\t\t\t\t<div>Auf social media-Kan&auml;len posten Touristen, Ranger, Tierpfleger tagt&auml;glich \r\nspektakul&auml;re Bilder und Amateurvideos mit Elefanten. Wer f&uuml;hrt bei diesem \r\nmedialen Spektakel Regie? Einige Antworten gibt der Vortrag von Helmut H&ouml;ge. <\/div>\n\t\t\t\t\t\t\t\t\t\t\t\t\t\t\t\t<div class=\"insignificant\">\u00a9 \u00a9 pexels open source<\/div>\n\t\t\t\t\t\t\t\t\t<\/figcaption>\n\t\t\t\t\t<\/figure>\n\t<\/lazy-media-inline>\n\t\t\t\t<\/div>\n\t\t\t<\/div>\n\t\t\t<div class=\"col-xs-12 teaser-event-text Infos\">\n\t\t\t\t<div class=\"teaser-event-standard-text\">\n\t\t\t\t\t<div class=\"margin-bottom-atom\">\n\t\t\t\t\t\t<div class=\"subline clamp-1\" v-html=\"maingenre\"><\/div>\n\t\t\t\t\t\t\t\t\t\t\t\t\t<div class=\"insignificant clamp-2\">Filmreihe schrecklich sch\u00f6n<\/div>\n\t\t\t\t\t\t\t\t\t\t\t<\/div>\n\t\t\t\t\n\t\t\t\t\t<strong class=\"margin-bottom-atom\">Der Elefant im Wohnzimmer<\/strong>\n\n\t\t\t\t\t\t\t\t\t\t\t<div class=\"\">Verhalten \u2013 Verbreitung \u2013 Verfilmung<\/div>\n\t\t\t\t\t\t\t\t\t<\/div>\n\t\t\t\t<div class=\"teaser-bottom border-bottom\">\n\t\t\t\t<calendardateline :rawitem='item' :show-icon=\"true\"><\/calendardateline>\n\t\t\t\t\t<hr>\n\t\t\t\t<\/div>\n\t\t\t<\/div>\n\t\t<\/div>\n\t<\/a>\n\t<\/calendarteaser>\n<\/li>\n\n<li class=\"col-xs-6 col-sm-4 col-md-3 teaser-wrapper col-padding-remove\">\n\t<calendarteaser key=\"325697009\" rawitem='{&quot;postId&quot;:32569,&quot;title&quot;:&quot;Die Leuchte Asiens\\\/The Light of Asia&quot;,&quot;excerpt&quot;:&quot;Der Maharadscha von Jaipur stellte dem deutsch-indischen Regieteam f\\u00fcr diesen Monumentalfilm, der die Lebensgeschichte des Gautama Buddha erz\\u00e4hlt, seinen Palast und seine pr\\u00e4chtigen Palast-Elefanten zur Verf\\u00fcgung. Die Kombination aus orientalischem M\\u00e4rchen und religi\\u00f6sem Passionsfilm, eingebettet in einen Reisebericht, gilt als ein Vorl\\u00e4ufer des Bollywood-Kinos und war zu seiner Zeit sowohl in Indien wie in Deutschland ein gro\\u00dfer Erfolg. \\u00a0&quot;,&quot;slug&quot;:&quot;die-leuchte-asiens&quot;,&quot;post_date&quot;:&quot;2021-09-27T12:57&quot;,&quot;type&quot;:&quot;event&quot;,&quot;permalink&quot;:&quot;https:\\\/\\\/www.humboldtforum.org\\\/de\\\/programm\\\/termin\\\/film-video\\\/die-leuchte-asiens-32569\\\/&quot;,&quot;genre&quot;:[729],&quot;genre_details&quot;:[{&quot;text&quot;:&quot;Film\\\/Video&quot;,&quot;id&quot;:729,&quot;icon&quot;:null,&quot;parent&quot;:0}],&quot;stakeholder&quot;:[382],&quot;stakeholder_details&quot;:[{&quot;text&quot;:&quot;Stiftung Humboldt Forum im Berliner Schloss&quot;,&quot;id&quot;:382,&quot;icon&quot;:null,&quot;parent&quot;:0}],&quot;targetgroup&quot;:[383],&quot;targetgroup_details&quot;:[{&quot;text&quot;:&quot;Erwachsene&quot;,&quot;id&quot;:383,&quot;icon&quot;:null,&quot;parent&quot;:0}],&quot;language&quot;:[384,385],&quot;language_details&quot;:[{&quot;text&quot;:&quot;Deutsch&quot;,&quot;id&quot;:384,&quot;icon&quot;:null,&quot;parent&quot;:0},{&quot;text&quot;:&quot;Englisch&quot;,&quot;id&quot;:385,&quot;icon&quot;:null,&quot;parent&quot;:0}],&quot;accessability&quot;:[780],&quot;accessability_details&quot;:[{&quot;text&quot;:&quot;Untertitel&quot;,&quot;id&quot;:780,&quot;icon&quot;:null,&quot;parent&quot;:0}],&quot;place&quot;:[883],&quot;place_details&quot;:{&quot;place&quot;:&quot;Humboldt Forum&quot;,&quot;map&quot;:&quot;Humboldt Forum, Schlossplatz, Berlin&quot;,&quot;room&quot;:&quot;Saal 2, EG&quot;},&quot;icon_overwrite&quot;:&quot;&quot;,&quot;acf&quot;:{&quot;hashtag&quot;:&quot;HumboldtForum&quot;,&quot;belongsto&quot;:[24435],&quot;noindex&quot;:false,&quot;keywords&quot;:&quot;&quot;,&quot;shorturl&quot;:&quot;&quot;,&quot;times&quot;:[],&quot;planning&quot;:{&quot;price&quot;:&quot;5 EUR, erm\\u00e4\\u00dfigt 2,50 EUR&quot;,&quot;admission&quot;:&quot;&quot;,&quot;pause&quot;:&quot;&quot;,&quot;duration&quot;:&quot;&quot;},&quot;subline&quot;:&quot;Prem Sanyas\\\/The Light of Asia&quot;,&quot;subline_feature&quot;:&quot;von Franz Osten\\\/Himansu Rai&quot;,&quot;marketing_text&quot;:&quot;&quot;,&quot;shorttext&quot;:&quot;Der Maharadscha von Jaipur stellte dem deutsch-indischen Regieteam f\\u00fcr diesen Monumentalfilm, der die Lebensgeschichte des Gautama Buddha erz\\u00e4hlt, seinen Palast und seine pr\\u00e4chtigen Palast-Elefanten zur Verf\\u00fcgung. Die Kombination aus orientalischem M\\u00e4rchen und religi\\u00f6sem Passionsfilm, eingebettet in einen Reisebericht, gilt als ein Vorl\\u00e4ufer des Bollywood-Kinos und war zu seiner Zeit sowohl in Indien wie in Deutschland ein gro\\u00dfer Erfolg. \\u00a0&quot;,&quot;longtext&quot;:&quot;&quot;,&quot;tickettext&quot;:&quot;Buchen Sie Ihr Ticket vorab online oder an der Kasse im Foyer.&quot;,&quot;additional_info&quot;:{&quot;icon&quot;:&quot;icon-live-fill&quot;,&quot;text&quot;:&quot;Indien\\\/Deutschland 1925, 98 Minuten, Stummfilm in restaurierter Fassung mit Soundtrack, englische Zwischentitel mit deutschen Untertiteln&quot;},&quot;highlight_header&quot;:false,&quot;featured_images&quot;:[32570],&quot;video&quot;:false,&quot;use_video_in_teasers&quot;:false,&quot;hyphenation&quot;:true,&quot;tipp&quot;:false,&quot;alert_text&quot;:&quot;&quot;,&quot;joker&quot;:false,&quot;live&quot;:false,&quot;overwrite_date&quot;:&quot;&quot;,&quot;hide_event_in_program&quot;:false},&quot;date&quot;:{&quot;NX&quot;:null,&quot;NXX&quot;:null,&quot;NLAST&quot;:&quot;202111031700&quot;,&quot;from_DATE&quot;:&quot;20211103 19:00&quot;,&quot;from&quot;:1635958800,&quot;to&quot;:1635958800,&quot;to_DATE&quot;:&quot;20211103 19:00&quot;,&quot;from_HRFSHORT&quot;:&quot; 3. Nov 2021&quot;,&quot;from_HRFSHORT_WD&quot;:&quot;Mi 03.11.2021&quot;,&quot;to_HRFSHORT&quot;:&quot; 3. Nov 2021&quot;,&quot;to_HRFSHORT_WD&quot;:&quot;Mi 03.11.2021&quot;,&quot;from_HRF&quot;:&quot;Mi,  3. November 2021&quot;,&quot;to_HRF&quot;:&quot;Mi,  3. November 2021&quot;,&quot;from_to_HRF&quot;:&quot;Mi,  3. November \\u2013 Mi,  3. November 2021&quot;,&quot;from_to_HRFSHORT&quot;:&quot; 3. Nov \\u2013  3. Nov 2021&quot;},&quot;alert&quot;:null,&quot;partof&quot;:[24435],&quot;marketing_topic&quot;:{&quot;title&quot;:&quot;Filmreihe schrecklich sch\\u00f6n&quot;,&quot;ID&quot;:24435,&quot;reason&quot;:&quot;sequence&quot;}}' inline-template>\n\t<a href=\"https:\/\/www.humboldtforum.org\/de\/programm\/termin\/film-video\/die-leuchte-asiens-32569\/\" class=\"teaser teaser-event teaser-event-standard\">\n\t\t<div class=\"row\">\n\t\t\t<div class=\"col-xs-12 teaser-event-image\">\n\t\t\t\t<div class=\"teaser-image teaser-image-no-alternate\">\n\t\t\t\t\t\t\t\t\t\t\t\n\t<lazy-media-inline inline-template>\n\t\t<figure itemscope itemtype=\"http:\/\/schema.org\/ImageObject\" class=\"lazy-media-inline \" role=\"group\" id=\"media_69f2df7ebebdf\" aria-labelledby=\"desc_media_69f2df7ebebdf\">\n\t\t\t<script type=\"application\/json\" ref=\"data\">\n\t\t\t\t{\n\t\t\t\t\"sizes\" : {\"medium\":{\"file\":\"SHF_eb00119717-300x228.jpg\",\"width\":300,\"height\":228,\"mime-type\":\"image\\\/jpeg\"},\"large\":{\"file\":\"SHF_eb00119717-1024x779.jpg\",\"width\":1024,\"height\":779,\"mime-type\":\"image\\\/jpeg\"},\"thumbnail\":{\"file\":\"SHF_eb00119717-150x150.jpg\",\"width\":150,\"height\":150,\"mime-type\":\"image\\\/jpeg\"},\"medium_large\":{\"file\":\"SHF_eb00119717-768x584.jpg\",\"width\":768,\"height\":584,\"mime-type\":\"image\\\/jpeg\"},\"small\":{\"file\":\"SHF_eb00119717-440x335.jpg\",\"width\":440,\"height\":335,\"mime-type\":\"image\\\/jpeg\"},\"semi\":{\"file\":\"SHF_eb00119717-580x441.jpg\",\"width\":580,\"height\":441,\"mime-type\":\"image\\\/jpeg\"},\"mobile\":{\"file\":\"SHF_eb00119717-720x547.jpg\",\"width\":720,\"height\":547,\"mime-type\":\"image\\\/jpeg\"},\"hd\":{\"file\":\"SHF_eb00119717-1280x973.jpg\",\"width\":1280,\"height\":973,\"mime-type\":\"image\\\/jpeg\"},\"full\":{\"file\":\"SHF_eb00119717-1920x1460.jpg\",\"width\":1920,\"height\":1460,\"mime-type\":\"image\\\/jpeg\"},\"1536x1536\":{\"file\":\"SHF_eb00119717-1536x1168.jpg\",\"width\":1536,\"height\":1168,\"mime-type\":\"image\\\/jpeg\"},\"original\":{\"file\":\"SHF_eb00119717.jpg\",\"width\":2048,\"height\":1557}},\n\t\t\t\t\"alt\" : \"Ein prachtvoll geschm\\u00fcckter Elefant mit Reiter vor einem historischen Geb\\u00e4ude. Schwarz-Wei\\u00df-Fotografie.\",\n\t\t\t\t\"path\" : \"\\\/wp-content\\\/uploads\\\/2021\\\/09\\\/\",\n\t\t\t\t\"video\" : null,\n\t\t\t\t\"autoplay\" : null,\n\t\t\t\t\"youtube\" : null,\n\t\t\t\t\"youtubelabel\" : \"Video abspielen\",\n\t\t\t\t\"brightness\" : 100,\n\t\t\t\t\"crop\" : {\"top\":\"31.60\",\"left\":\"46.79\"},\n\t\t\t\t\"background\" : true,\n\t\t\t\t\"scale\" : 2\t\t\t\t}\n\t\t\t<\/script>\n\n\t\t\t<div class=\"height-container\" style=\"padding-bottom:76.025390625%;\" v-if=\"sizes\">\n\t\t\t\t\t\t\t\t<lazy-media :inline=\"true\" :alt=\"alt\" :sizes=\"sizes\" :scale=\"scale\" :brightness=\"brightness\" :path=\"path\" :video=\"video\" :autoplay=\"autoplay\" :youtube=\"youtube\" :crop=\"crop\" :youtubelabel=\"youtubelabel\" :background=\"background\" media-id=\"desc_media_69f2df7ebebdf\"><\/lazy-media>\n\t\t\t\t\t\t\t<\/div>\n\n\t\t\t\t\t\t\t<figcaption class=\"sr-only\" ref=\"body\" id=\"desc_media_69f2df7ebebdf\">\n\t\t\t\t\t\t\t\t\t\t\t<div>Elefant mit Sattel. Filmstill aus Die Leuchte Asiens von Franz Osten, 1925<\/div>\n\t\t\t\t\t\t\t\t\t\t\t\t\t\t\t\t\t\t\t\t\t<div class=\"insignificant\">\u00a9 DFF &#8211; Deutsches Filminstitut &#038; Filmmuseum, Frankfurt<\/div>\n\t\t\t\t\t\t\t\t\t<\/figcaption>\n\t\t\t\t\t<\/figure>\n\t<\/lazy-media-inline>\n\t\t\t\t<\/div>\n\t\t\t<\/div>\n\t\t\t<div class=\"col-xs-12 teaser-event-text Infos\">\n\t\t\t\t<div class=\"teaser-event-standard-text\">\n\t\t\t\t\t<div class=\"margin-bottom-atom\">\n\t\t\t\t\t\t<div class=\"subline clamp-1\" v-html=\"maingenre\"><\/div>\n\t\t\t\t\t\t\t\t\t\t\t\t\t<div class=\"insignificant clamp-2\">Filmreihe schrecklich sch\u00f6n<\/div>\n\t\t\t\t\t\t\t\t\t\t\t<\/div>\n\t\t\t\t\n\t\t\t\t\t<strong class=\"margin-bottom-atom\">Die Leuchte Asiens\/The Light of Asia<\/strong>\n\n\t\t\t\t\t\t\t\t\t\t\t<div class=\"\">Prem Sanyas\/The Light of Asia<\/div>\n\t\t\t\t\t\t\t\t\t<\/div>\n\t\t\t\t<div class=\"teaser-bottom border-bottom\">\n\t\t\t\t<calendardateline :rawitem='item' :show-icon=\"true\"><\/calendardateline>\n\t\t\t\t\t<hr>\n\t\t\t\t<\/div>\n\t\t\t<\/div>\n\t\t<\/div>\n\t<\/a>\n\t<\/calendarteaser>\n<\/li>\n\n<li class=\"col-xs-6 col-sm-4 col-md-3 teaser-wrapper col-padding-remove\">\n\t<calendarteaser key=\"315989046\" rawitem='{&quot;postId&quot;:31598,&quot;title&quot;:&quot;Bal Ganesh&quot;,&quot;excerpt&quot;:&quot;&quot;,&quot;slug&quot;:&quot;bal-ganesh&quot;,&quot;post_date&quot;:&quot;2021-09-15T22:04&quot;,&quot;type&quot;:&quot;event&quot;,&quot;permalink&quot;:&quot;https:\\\/\\\/www.humboldtforum.org\\\/de\\\/programm\\\/termin\\\/film-video\\\/bal-ganesh-31598\\\/&quot;,&quot;genre&quot;:[729],&quot;genre_details&quot;:[{&quot;text&quot;:&quot;Film\\\/Video&quot;,&quot;id&quot;:729,&quot;icon&quot;:null,&quot;parent&quot;:0}],&quot;stakeholder&quot;:[382],&quot;stakeholder_details&quot;:[{&quot;text&quot;:&quot;Stiftung Humboldt Forum im Berliner Schloss&quot;,&quot;id&quot;:382,&quot;icon&quot;:null,&quot;parent&quot;:0}],&quot;targetgroup&quot;:[454],&quot;targetgroup_details&quot;:[{&quot;text&quot;:&quot;Kinder und Familien&quot;,&quot;id&quot;:454,&quot;icon&quot;:null,&quot;parent&quot;:0}],&quot;language&quot;:[385],&quot;language_details&quot;:[{&quot;text&quot;:&quot;Englisch&quot;,&quot;id&quot;:385,&quot;icon&quot;:null,&quot;parent&quot;:0}],&quot;place&quot;:[883],&quot;place_details&quot;:{&quot;place&quot;:&quot;Humboldt Forum&quot;,&quot;map&quot;:&quot;Humboldt Forum, Schlossplatz, Berlin&quot;,&quot;room&quot;:&quot;Saal 2, EG&quot;},&quot;icon_overwrite&quot;:&quot;&quot;,&quot;acf&quot;:{&quot;hashtag&quot;:&quot;HumboldtForum&quot;,&quot;noindex&quot;:false,&quot;keywords&quot;:&quot;&quot;,&quot;shorturl&quot;:&quot;&quot;,&quot;times&quot;:[],&quot;planning&quot;:{&quot;price&quot;:&quot;5 EUR, erm. 2,50 EUR&quot;,&quot;admission&quot;:&quot;&quot;,&quot;pause&quot;:&quot;&quot;,&quot;duration&quot;:&quot;&quot;},&quot;subline&quot;:&quot;von Pankaj Sharma&quot;,&quot;subline_feature&quot;:&quot;&quot;,&quot;marketing_text&quot;:&quot;&quot;,&quot;shorttext&quot;:&quot;&quot;,&quot;longtext&quot;:&quot;&quot;,&quot;additional_info&quot;:{&quot;icon&quot;:&quot;icon-live-fill&quot;,&quot;text&quot;:&quot;Animationsfilm, Indien, 2007, 105 Minuten&quot;},&quot;highlight_header&quot;:false,&quot;featured_images&quot;:[24721],&quot;video&quot;:false,&quot;use_video_in_teasers&quot;:false,&quot;hyphenation&quot;:true,&quot;tipp&quot;:false,&quot;alert_text&quot;:&quot;&quot;,&quot;joker&quot;:false,&quot;live&quot;:false,&quot;overwrite_date&quot;:&quot;&quot;,&quot;hide_event_in_program&quot;:false,&quot;tickettext&quot;:&quot;Buchen Sie Ihr Ticket vorab online oder an der Kasse im Foyer.&quot;,&quot;belongsto&quot;:[24435],&quot;infotext&quot;:&quot;Empfohlen ab 6 Jahren&quot;},&quot;date&quot;:{&quot;NX&quot;:null,&quot;NXX&quot;:null,&quot;NLAST&quot;:&quot;202110171200&quot;,&quot;from_DATE&quot;:&quot;20211017 16:00&quot;,&quot;from&quot;:1634472000,&quot;to&quot;:1634472000,&quot;to_DATE&quot;:&quot;20211017 16:00&quot;,&quot;from_HRFSHORT&quot;:&quot;17. Okt 2021&quot;,&quot;from_HRFSHORT_WD&quot;:&quot;So 17.10.2021&quot;,&quot;to_HRFSHORT&quot;:&quot;17. Okt 2021&quot;,&quot;to_HRFSHORT_WD&quot;:&quot;So 17.10.2021&quot;,&quot;from_HRF&quot;:&quot;So, 17. Oktober 2021&quot;,&quot;to_HRF&quot;:&quot;So, 17. Oktober 2021&quot;,&quot;from_to_HRF&quot;:&quot;So, 17. Oktober \\u2013 So, 17. Oktober 2021&quot;,&quot;from_to_HRFSHORT&quot;:&quot;17. Okt \\u2013 17. Okt 2021&quot;},&quot;alert&quot;:null,&quot;partof&quot;:[24435],&quot;marketing_topic&quot;:{&quot;title&quot;:&quot;Filmreihe schrecklich sch\\u00f6n&quot;,&quot;ID&quot;:24435,&quot;reason&quot;:&quot;sequence&quot;}}' inline-template>\n\t<a href=\"https:\/\/www.humboldtforum.org\/de\/programm\/termin\/film-video\/bal-ganesh-31598\/\" class=\"teaser teaser-event teaser-event-standard\">\n\t\t<div class=\"row\">\n\t\t\t<div class=\"col-xs-12 teaser-event-image\">\n\t\t\t\t<div class=\"teaser-image teaser-image-no-alternate\">\n\t\t\t\t\t\t\t\t\t\t\t\n\t<lazy-media-inline inline-template>\n\t\t<figure itemscope itemtype=\"http:\/\/schema.org\/ImageObject\" class=\"lazy-media-inline \" role=\"group\" id=\"media_69f2df7ec0861\" aria-labelledby=\"desc_media_69f2df7ec0861\">\n\t\t\t<script type=\"application\/json\" ref=\"data\">\n\t\t\t\t{\n\t\t\t\t\"sizes\" : {\"medium\":{\"file\":\"SHF_eb00110734_Key-Visual-Schrecklich-scho\\u0308n-300x180.jpg\",\"width\":300,\"height\":180,\"mime-type\":\"image\\\/jpeg\"},\"large\":{\"file\":\"SHF_eb00110734_Key-Visual-Schrecklich-scho\\u0308n-1024x613.jpg\",\"width\":1024,\"height\":613,\"mime-type\":\"image\\\/jpeg\"},\"thumbnail\":{\"file\":\"SHF_eb00110734_Key-Visual-Schrecklich-scho\\u0308n-150x150.jpg\",\"width\":150,\"height\":150,\"mime-type\":\"image\\\/jpeg\"},\"medium_large\":{\"file\":\"SHF_eb00110734_Key-Visual-Schrecklich-scho\\u0308n-768x460.jpg\",\"width\":768,\"height\":460,\"mime-type\":\"image\\\/jpeg\"},\"small\":{\"file\":\"SHF_eb00110734_Key-Visual-Schrecklich-scho\\u0308n-440x264.jpg\",\"width\":440,\"height\":264,\"mime-type\":\"image\\\/jpeg\"},\"semi\":{\"file\":\"SHF_eb00110734_Key-Visual-Schrecklich-scho\\u0308n-580x347.jpg\",\"width\":580,\"height\":347,\"mime-type\":\"image\\\/jpeg\"},\"mobile\":{\"file\":\"SHF_eb00110734_Key-Visual-Schrecklich-scho\\u0308n-720x431.jpg\",\"width\":720,\"height\":431,\"mime-type\":\"image\\\/jpeg\"},\"hd\":{\"file\":\"SHF_eb00110734_Key-Visual-Schrecklich-scho\\u0308n-1280x767.jpg\",\"width\":1280,\"height\":767,\"mime-type\":\"image\\\/jpeg\"},\"full\":{\"file\":\"SHF_eb00110734_Key-Visual-Schrecklich-scho\\u0308n-1920x1150.jpg\",\"width\":1920,\"height\":1150,\"mime-type\":\"image\\\/jpeg\"},\"1536x1536\":{\"file\":\"SHF_eb00110734_Key-Visual-Schrecklich-scho\\u0308n-1536x920.jpg\",\"width\":1536,\"height\":920,\"mime-type\":\"image\\\/jpeg\"},\"original\":{\"file\":\"SHF_eb00110734_Key-Visual-Schrecklich-scho\\u0308n.jpg\",\"width\":2000,\"height\":1198}},\n\t\t\t\t\"alt\" : \"Abstrakte Komposition mit einem Auge auf goldenem Hintergrund, umgeben von strukturiertem Schwarz.\",\n\t\t\t\t\"path\" : \"\\\/wp-content\\\/uploads\\\/2021\\\/06\\\/\",\n\t\t\t\t\"video\" : null,\n\t\t\t\t\"autoplay\" : null,\n\t\t\t\t\"youtube\" : null,\n\t\t\t\t\"youtubelabel\" : \"Video abspielen\",\n\t\t\t\t\"brightness\" : 100,\n\t\t\t\t\"crop\" : {\"top\":\"50.00\",\"left\":\"50.00\"},\n\t\t\t\t\"background\" : true,\n\t\t\t\t\"scale\" : 2\t\t\t\t}\n\t\t\t<\/script>\n\n\t\t\t<div class=\"height-container\" style=\"padding-bottom:59.9%;\" v-if=\"sizes\">\n\t\t\t\t\t\t\t\t<lazy-media :inline=\"true\" :alt=\"alt\" :sizes=\"sizes\" :scale=\"scale\" :brightness=\"brightness\" :path=\"path\" :video=\"video\" :autoplay=\"autoplay\" :youtube=\"youtube\" :crop=\"crop\" :youtubelabel=\"youtubelabel\" :background=\"background\" media-id=\"desc_media_69f2df7ec0861\"><\/lazy-media>\n\t\t\t\t\t\t\t<\/div>\n\n\t\t\t\t\t\t\t<figcaption class=\"sr-only\" ref=\"body\" id=\"desc_media_69f2df7ec0861\">\n\t\t\t\t\t\t\t\t\t\t\t<div>Key Visual<\/div>\n\t\t\t\t\t\t\t\t\t\t\t\t\t\t\t\t\t\t\t\t\t<div class=\"insignificant\">\u00a9 Stiftung Humboldt Forum im Berliner Schloss; Getty Images \/ Parimal Bansode; bpk \/ Museum f\u00fcr Asiatische Kunst, SMB \/ Ute Franz-Scarciglia; bpk \/ Museum f\u00fcr Islamische Kunst, SMB \/ J\u00fcrgen Liepe; Getty Images \/ Stockbyte<\/div>\n\t\t\t\t\t\t\t\t\t<\/figcaption>\n\t\t\t\t\t<\/figure>\n\t<\/lazy-media-inline>\n\t\t\t\t<\/div>\n\t\t\t<\/div>\n\t\t\t<div class=\"col-xs-12 teaser-event-text Infos\">\n\t\t\t\t<div class=\"teaser-event-standard-text\">\n\t\t\t\t\t<div class=\"margin-bottom-atom\">\n\t\t\t\t\t\t<div class=\"subline clamp-1\" v-html=\"maingenre\"><\/div>\n\t\t\t\t\t\t\t\t\t\t\t\t\t<div class=\"insignificant clamp-2\">Filmreihe schrecklich sch\u00f6n<\/div>\n\t\t\t\t\t\t\t\t\t\t\t<\/div>\n\t\t\t\t\n\t\t\t\t\t<strong class=\"margin-bottom-atom\">Bal Ganesh<\/strong>\n\n\t\t\t\t\t\t\t\t\t\t\t<div class=\"\">von Pankaj Sharma<\/div>\n\t\t\t\t\t\t\t\t\t<\/div>\n\t\t\t\t<div class=\"teaser-bottom border-bottom\">\n\t\t\t\t<calendardateline :rawitem='item' :show-icon=\"true\"><\/calendardateline>\n\t\t\t\t\t<hr>\n\t\t\t\t<\/div>\n\t\t\t<\/div>\n\t\t<\/div>\n\t<\/a>\n\t<\/calendarteaser>\n<\/li>\n\n<li class=\"col-xs-6 col-sm-4 col-md-3 teaser-wrapper col-padding-remove\">\n\t<calendarteaser key=\"315951051\" rawitem='{&quot;postId&quot;:31595,&quot;title&quot;:&quot;The Elephant Man&quot;,&quot;excerpt&quot;:&quot;&quot;,&quot;slug&quot;:&quot;the-elephant-man&quot;,&quot;post_date&quot;:&quot;2021-09-15T21:47&quot;,&quot;type&quot;:&quot;event&quot;,&quot;permalink&quot;:&quot;https:\\\/\\\/www.humboldtforum.org\\\/de\\\/programm\\\/termin\\\/film-video\\\/the-elephant-man-31595\\\/&quot;,&quot;genre&quot;:[729],&quot;genre_details&quot;:[{&quot;text&quot;:&quot;Film\\\/Video&quot;,&quot;id&quot;:729,&quot;icon&quot;:null,&quot;parent&quot;:0}],&quot;stakeholder&quot;:[382],&quot;stakeholder_details&quot;:[{&quot;text&quot;:&quot;Stiftung Humboldt Forum im Berliner Schloss&quot;,&quot;id&quot;:382,&quot;icon&quot;:null,&quot;parent&quot;:0}],&quot;targetgroup&quot;:[383],&quot;targetgroup_details&quot;:[{&quot;text&quot;:&quot;Erwachsene&quot;,&quot;id&quot;:383,&quot;icon&quot;:null,&quot;parent&quot;:0}],&quot;language&quot;:[385],&quot;language_details&quot;:[{&quot;text&quot;:&quot;Englisch&quot;,&quot;id&quot;:385,&quot;icon&quot;:null,&quot;parent&quot;:0}],&quot;place&quot;:[883],&quot;place_details&quot;:{&quot;place&quot;:&quot;Humboldt Forum&quot;,&quot;map&quot;:&quot;Humboldt Forum, Schlossplatz, Berlin&quot;,&quot;room&quot;:&quot;Saal 2, EG&quot;},&quot;icon_overwrite&quot;:&quot;&quot;,&quot;acf&quot;:{&quot;hashtag&quot;:&quot;HumboldtForum&quot;,&quot;noindex&quot;:false,&quot;keywords&quot;:&quot;&quot;,&quot;shorturl&quot;:&quot;&quot;,&quot;times&quot;:[],&quot;planning&quot;:{&quot;price&quot;:&quot;5 EUR, erm. 2,50 EUR&quot;,&quot;admission&quot;:&quot;&quot;,&quot;pause&quot;:&quot;&quot;,&quot;duration&quot;:&quot;&quot;},&quot;subline&quot;:&quot;Der Elefantenmensch &quot;,&quot;subline_feature&quot;:&quot;von David Lynch&quot;,&quot;marketing_text&quot;:&quot;&quot;,&quot;shorttext&quot;:&quot;&quot;,&quot;longtext&quot;:&quot;&quot;,&quot;additional_info&quot;:{&quot;icon&quot;:&quot;icon-live-fill&quot;,&quot;text&quot;:&quot;Spielfilm, USA, 1980, 124 Minuten, Englisch mit deutschen Untertiteln&quot;},&quot;highlight_header&quot;:false,&quot;featured_images&quot;:[24721],&quot;video&quot;:false,&quot;use_video_in_teasers&quot;:false,&quot;hyphenation&quot;:true,&quot;tipp&quot;:false,&quot;alert_text&quot;:&quot;&quot;,&quot;joker&quot;:false,&quot;live&quot;:false,&quot;overwrite_date&quot;:&quot;&quot;,&quot;hide_event_in_program&quot;:false,&quot;tickettext&quot;:&quot;Buchen Sie Ihr Ticket vorab online oder an der Kasse im Foyer.&quot;,&quot;belongsto&quot;:[24435]},&quot;date&quot;:{&quot;NX&quot;:null,&quot;NXX&quot;:null,&quot;NLAST&quot;:&quot;202110131500&quot;,&quot;from_DATE&quot;:&quot;20211013 19:00&quot;,&quot;from&quot;:1634137200,&quot;to&quot;:1634137200,&quot;to_DATE&quot;:&quot;20211013 19:00&quot;,&quot;from_HRFSHORT&quot;:&quot;13. Okt 2021&quot;,&quot;from_HRFSHORT_WD&quot;:&quot;Mi 13.10.2021&quot;,&quot;to_HRFSHORT&quot;:&quot;13. Okt 2021&quot;,&quot;to_HRFSHORT_WD&quot;:&quot;Mi 13.10.2021&quot;,&quot;from_HRF&quot;:&quot;Mi, 13. Oktober 2021&quot;,&quot;to_HRF&quot;:&quot;Mi, 13. Oktober 2021&quot;,&quot;from_to_HRF&quot;:&quot;Mi, 13. Oktober \\u2013 Mi, 13. Oktober 2021&quot;,&quot;from_to_HRFSHORT&quot;:&quot;13. Okt \\u2013 13. Okt 2021&quot;},&quot;alert&quot;:null,&quot;partof&quot;:[24435],&quot;marketing_topic&quot;:{&quot;title&quot;:&quot;Filmreihe schrecklich sch\\u00f6n&quot;,&quot;ID&quot;:24435,&quot;reason&quot;:&quot;sequence&quot;}}' inline-template>\n\t<a href=\"https:\/\/www.humboldtforum.org\/de\/programm\/termin\/film-video\/the-elephant-man-31595\/\" class=\"teaser teaser-event teaser-event-standard\">\n\t\t<div class=\"row\">\n\t\t\t<div class=\"col-xs-12 teaser-event-image\">\n\t\t\t\t<div class=\"teaser-image teaser-image-no-alternate\">\n\t\t\t\t\t\t\t\t\t\t\t\n\t<lazy-media-inline inline-template>\n\t\t<figure itemscope itemtype=\"http:\/\/schema.org\/ImageObject\" class=\"lazy-media-inline \" role=\"group\" id=\"media_69f2df7ec215c\" aria-labelledby=\"desc_media_69f2df7ec215c\">\n\t\t\t<script type=\"application\/json\" ref=\"data\">\n\t\t\t\t{\n\t\t\t\t\"sizes\" : {\"medium\":{\"file\":\"SHF_eb00110734_Key-Visual-Schrecklich-scho\\u0308n-300x180.jpg\",\"width\":300,\"height\":180,\"mime-type\":\"image\\\/jpeg\"},\"large\":{\"file\":\"SHF_eb00110734_Key-Visual-Schrecklich-scho\\u0308n-1024x613.jpg\",\"width\":1024,\"height\":613,\"mime-type\":\"image\\\/jpeg\"},\"thumbnail\":{\"file\":\"SHF_eb00110734_Key-Visual-Schrecklich-scho\\u0308n-150x150.jpg\",\"width\":150,\"height\":150,\"mime-type\":\"image\\\/jpeg\"},\"medium_large\":{\"file\":\"SHF_eb00110734_Key-Visual-Schrecklich-scho\\u0308n-768x460.jpg\",\"width\":768,\"height\":460,\"mime-type\":\"image\\\/jpeg\"},\"small\":{\"file\":\"SHF_eb00110734_Key-Visual-Schrecklich-scho\\u0308n-440x264.jpg\",\"width\":440,\"height\":264,\"mime-type\":\"image\\\/jpeg\"},\"semi\":{\"file\":\"SHF_eb00110734_Key-Visual-Schrecklich-scho\\u0308n-580x347.jpg\",\"width\":580,\"height\":347,\"mime-type\":\"image\\\/jpeg\"},\"mobile\":{\"file\":\"SHF_eb00110734_Key-Visual-Schrecklich-scho\\u0308n-720x431.jpg\",\"width\":720,\"height\":431,\"mime-type\":\"image\\\/jpeg\"},\"hd\":{\"file\":\"SHF_eb00110734_Key-Visual-Schrecklich-scho\\u0308n-1280x767.jpg\",\"width\":1280,\"height\":767,\"mime-type\":\"image\\\/jpeg\"},\"full\":{\"file\":\"SHF_eb00110734_Key-Visual-Schrecklich-scho\\u0308n-1920x1150.jpg\",\"width\":1920,\"height\":1150,\"mime-type\":\"image\\\/jpeg\"},\"1536x1536\":{\"file\":\"SHF_eb00110734_Key-Visual-Schrecklich-scho\\u0308n-1536x920.jpg\",\"width\":1536,\"height\":920,\"mime-type\":\"image\\\/jpeg\"},\"original\":{\"file\":\"SHF_eb00110734_Key-Visual-Schrecklich-scho\\u0308n.jpg\",\"width\":2000,\"height\":1198}},\n\t\t\t\t\"alt\" : \"Abstrakte Komposition mit einem Auge auf goldenem Hintergrund, umgeben von strukturiertem Schwarz.\",\n\t\t\t\t\"path\" : \"\\\/wp-content\\\/uploads\\\/2021\\\/06\\\/\",\n\t\t\t\t\"video\" : null,\n\t\t\t\t\"autoplay\" : null,\n\t\t\t\t\"youtube\" : null,\n\t\t\t\t\"youtubelabel\" : \"Video abspielen\",\n\t\t\t\t\"brightness\" : 100,\n\t\t\t\t\"crop\" : {\"top\":\"50.00\",\"left\":\"50.00\"},\n\t\t\t\t\"background\" : true,\n\t\t\t\t\"scale\" : 2\t\t\t\t}\n\t\t\t<\/script>\n\n\t\t\t<div class=\"height-container\" style=\"padding-bottom:59.9%;\" v-if=\"sizes\">\n\t\t\t\t\t\t\t\t<lazy-media :inline=\"true\" :alt=\"alt\" :sizes=\"sizes\" :scale=\"scale\" :brightness=\"brightness\" :path=\"path\" :video=\"video\" :autoplay=\"autoplay\" :youtube=\"youtube\" :crop=\"crop\" :youtubelabel=\"youtubelabel\" :background=\"background\" media-id=\"desc_media_69f2df7ec215c\"><\/lazy-media>\n\t\t\t\t\t\t\t<\/div>\n\n\t\t\t\t\t\t\t<figcaption class=\"sr-only\" ref=\"body\" id=\"desc_media_69f2df7ec215c\">\n\t\t\t\t\t\t\t\t\t\t\t<div>Key Visual<\/div>\n\t\t\t\t\t\t\t\t\t\t\t\t\t\t\t\t\t\t\t\t\t<div class=\"insignificant\">\u00a9 Stiftung Humboldt Forum im Berliner Schloss; Getty Images \/ Parimal Bansode; bpk \/ Museum f\u00fcr Asiatische Kunst, SMB \/ Ute Franz-Scarciglia; bpk \/ Museum f\u00fcr Islamische Kunst, SMB \/ J\u00fcrgen Liepe; Getty Images \/ Stockbyte<\/div>\n\t\t\t\t\t\t\t\t\t<\/figcaption>\n\t\t\t\t\t<\/figure>\n\t<\/lazy-media-inline>\n\t\t\t\t<\/div>\n\t\t\t<\/div>\n\t\t\t<div class=\"col-xs-12 teaser-event-text Infos\">\n\t\t\t\t<div class=\"teaser-event-standard-text\">\n\t\t\t\t\t<div class=\"margin-bottom-atom\">\n\t\t\t\t\t\t<div class=\"subline clamp-1\" v-html=\"maingenre\"><\/div>\n\t\t\t\t\t\t\t\t\t\t\t\t\t<div class=\"insignificant clamp-2\">Filmreihe schrecklich sch\u00f6n<\/div>\n\t\t\t\t\t\t\t\t\t\t\t<\/div>\n\t\t\t\t\n\t\t\t\t\t<strong class=\"margin-bottom-atom\">The Elephant Man<\/strong>\n\n\t\t\t\t\t\t\t\t\t\t\t<div class=\"\">Der Elefantenmensch <\/div>\n\t\t\t\t\t\t\t\t\t<\/div>\n\t\t\t\t<div class=\"teaser-bottom border-bottom\">\n\t\t\t\t<calendardateline :rawitem='item' :show-icon=\"true\"><\/calendardateline>\n\t\t\t\t\t<hr>\n\t\t\t\t<\/div>\n\t\t\t<\/div>\n\t\t<\/div>\n\t<\/a>\n\t<\/calendarteaser>\n<\/li>\n\n<li class=\"col-xs-6 col-sm-4 col-md-3 teaser-wrapper col-padding-remove\">\n\t<calendarteaser key=\"3263213529\" rawitem='{&quot;postId&quot;:32632,&quot;title&quot;:&quot;Sisters of the Wilderness&quot;,&quot;excerpt&quot;:&quot;Der Film begleitet f\\u00fcnf junge Frauen auf einer Wanderung durch den \\u00e4ltesten Nationalpark S\\u00fcdafrikas. Obwohl sie in dessen unmittelbarer Nachbarschaft aufgewachsen sind, kannten sie \\u2013 wie die meisten Schwarzen ihres Landes \\u2013 seine \\u00fcberw\\u00e4ltigende Natur bis dahin nur aus dem TV.&quot;,&quot;slug&quot;:&quot;sisters-of-the-wilderness-2&quot;,&quot;post_date&quot;:&quot;2021-09-28T10:06&quot;,&quot;type&quot;:&quot;event&quot;,&quot;permalink&quot;:&quot;https:\\\/\\\/www.humboldtforum.org\\\/de\\\/programm\\\/termin\\\/film-video\\\/sisters-of-the-wilderness-2-32632\\\/&quot;,&quot;genre&quot;:[729],&quot;genre_details&quot;:[{&quot;text&quot;:&quot;Film\\\/Video&quot;,&quot;id&quot;:729,&quot;icon&quot;:null,&quot;parent&quot;:0}],&quot;stakeholder&quot;:[382],&quot;stakeholder_details&quot;:[{&quot;text&quot;:&quot;Stiftung Humboldt Forum im Berliner Schloss&quot;,&quot;id&quot;:382,&quot;icon&quot;:null,&quot;parent&quot;:0}],&quot;language&quot;:[385,1149],&quot;language_details&quot;:[{&quot;text&quot;:&quot;Englisch&quot;,&quot;id&quot;:385,&quot;icon&quot;:null,&quot;parent&quot;:0},{&quot;text&quot;:&quot;Zulu&quot;,&quot;id&quot;:1149,&quot;icon&quot;:null,&quot;parent&quot;:0}],&quot;accessability&quot;:[780],&quot;accessability_details&quot;:[{&quot;text&quot;:&quot;Untertitel&quot;,&quot;id&quot;:780,&quot;icon&quot;:null,&quot;parent&quot;:0}],&quot;place&quot;:[883],&quot;place_details&quot;:{&quot;place&quot;:&quot;Humboldt Forum&quot;,&quot;map&quot;:&quot;Humboldt Forum, Schlossplatz, Berlin&quot;,&quot;room&quot;:&quot;Saal 2, EG&quot;},&quot;icon_overwrite&quot;:&quot;&quot;,&quot;acf&quot;:{&quot;hashtag&quot;:&quot;HumboldtForum&quot;,&quot;noindex&quot;:false,&quot;keywords&quot;:&quot;&quot;,&quot;shorturl&quot;:&quot;&quot;,&quot;times&quot;:[],&quot;planning&quot;:{&quot;price&quot;:&quot;5 EUR, erm\\u00e4\\u00dfigt 2,50 EUR&quot;,&quot;admission&quot;:&quot;&quot;,&quot;pause&quot;:&quot;&quot;,&quot;duration&quot;:&quot;&quot;},&quot;subline&quot;:&quot;von Karin Slater&quot;,&quot;subline_feature&quot;:&quot;&quot;,&quot;marketing_text&quot;:&quot;&quot;,&quot;shorttext&quot;:&quot;Der Film begleitet f\\u00fcnf junge Frauen auf einer Wanderung durch den \\u00e4ltesten Nationalpark S\\u00fcdafrikas. Obwohl sie in dessen unmittelbarer Nachbarschaft aufgewachsen sind, kannten sie \\u2013 wie die meisten Schwarzen ihres Landes \\u2013 seine \\u00fcberw\\u00e4ltigende Natur bis dahin nur aus dem TV.&quot;,&quot;longtext&quot;:&quot;&quot;,&quot;additional_info&quot;:{&quot;icon&quot;:&quot;icon-live-fill&quot;,&quot;text&quot;:&quot;Dokumentarische Form, S\\u00fcdafrika 2018, 90 Minuten, Englisch und Zulu mit englischen Untertiteln&quot;},&quot;highlight_header&quot;:false,&quot;featured_images&quot;:[32373],&quot;video&quot;:false,&quot;use_video_in_teasers&quot;:false,&quot;hyphenation&quot;:true,&quot;tipp&quot;:false,&quot;alert_text&quot;:&quot;&quot;,&quot;joker&quot;:false,&quot;live&quot;:false,&quot;announcement&quot;:&quot;&quot;,&quot;overwrite_date&quot;:&quot;&quot;,&quot;hide_event_in_program&quot;:false,&quot;tickettext&quot;:&quot;Bitte buchen Sie Ihr Ticket vorab online oder an der Kasse im Foyer.&quot;,&quot;belongsto&quot;:[24435],&quot;infotext&quot;:&quot;Empfohlen ab 14 Jahren&quot;},&quot;date&quot;:{&quot;NX&quot;:null,&quot;NXX&quot;:null,&quot;NLAST&quot;:&quot;202110061500&quot;,&quot;from_DATE&quot;:&quot;20211006 19:00&quot;,&quot;from&quot;:1633532400,&quot;to&quot;:1633532400,&quot;to_DATE&quot;:&quot;20211006 19:00&quot;,&quot;from_HRFSHORT&quot;:&quot; 6. Okt 2021&quot;,&quot;from_HRFSHORT_WD&quot;:&quot;Mi 06.10.2021&quot;,&quot;to_HRFSHORT&quot;:&quot; 6. Okt 2021&quot;,&quot;to_HRFSHORT_WD&quot;:&quot;Mi 06.10.2021&quot;,&quot;from_HRF&quot;:&quot;Mi,  6. Oktober 2021&quot;,&quot;to_HRF&quot;:&quot;Mi,  6. Oktober 2021&quot;,&quot;from_to_HRF&quot;:&quot;Mi,  6. Oktober \\u2013 Mi,  6. Oktober 2021&quot;,&quot;from_to_HRFSHORT&quot;:&quot; 6. Okt \\u2013  6. Okt 2021&quot;},&quot;alert&quot;:null,&quot;partof&quot;:[24435],&quot;marketing_topic&quot;:{&quot;title&quot;:&quot;Filmreihe schrecklich sch\\u00f6n&quot;,&quot;ID&quot;:24435,&quot;reason&quot;:&quot;sequence&quot;}}' inline-template>\n\t<a href=\"https:\/\/www.humboldtforum.org\/de\/programm\/termin\/film-video\/sisters-of-the-wilderness-2-32632\/\" class=\"teaser teaser-event teaser-event-standard\">\n\t\t<div class=\"row\">\n\t\t\t<div class=\"col-xs-12 teaser-event-image\">\n\t\t\t\t<div class=\"teaser-image teaser-image-no-alternate\">\n\t\t\t\t\t\t\t\t\t\t\t\n\t<lazy-media-inline inline-template>\n\t\t<figure itemscope itemtype=\"http:\/\/schema.org\/ImageObject\" class=\"lazy-media-inline \" role=\"group\" id=\"media_69f2df7ec452c\" aria-labelledby=\"desc_media_69f2df7ec452c\">\n\t\t\t<script type=\"application\/json\" ref=\"data\">\n\t\t\t\t{\n\t\t\t\t\"sizes\" : {\"medium\":{\"file\":\"SHF_eb00116628-300x169.jpg\",\"width\":300,\"height\":169,\"mime-type\":\"image\\\/jpeg\"},\"large\":{\"file\":\"SHF_eb00116628-1024x576.jpg\",\"width\":1024,\"height\":576,\"mime-type\":\"image\\\/jpeg\"},\"thumbnail\":{\"file\":\"SHF_eb00116628-150x150.jpg\",\"width\":150,\"height\":150,\"mime-type\":\"image\\\/jpeg\"},\"medium_large\":{\"file\":\"SHF_eb00116628-768x432.jpg\",\"width\":768,\"height\":432,\"mime-type\":\"image\\\/jpeg\"},\"small\":{\"file\":\"SHF_eb00116628-440x248.jpg\",\"width\":440,\"height\":248,\"mime-type\":\"image\\\/jpeg\"},\"semi\":{\"file\":\"SHF_eb00116628-580x326.jpg\",\"width\":580,\"height\":326,\"mime-type\":\"image\\\/jpeg\"},\"mobile\":{\"file\":\"SHF_eb00116628-720x405.jpg\",\"width\":720,\"height\":405,\"mime-type\":\"image\\\/jpeg\"},\"hd\":{\"file\":\"SHF_eb00116628-1280x720.jpg\",\"width\":1280,\"height\":720,\"mime-type\":\"image\\\/jpeg\"},\"full\":{\"file\":\"SHF_eb00116628-1920x1080.jpg\",\"width\":1920,\"height\":1080,\"mime-type\":\"image\\\/jpeg\"},\"1536x1536\":{\"file\":\"SHF_eb00116628-1536x864.jpg\",\"width\":1536,\"height\":864,\"mime-type\":\"image\\\/jpeg\"},\"original\":{\"file\":\"SHF_eb00116628.jpg\",\"width\":2048,\"height\":1152}},\n\t\t\t\t\"alt\" : \"Vier Frauen mit Rucks\\u00e4cken stehen in der Natur und deuten beim Sonnenuntergang auf etwas in der Ferne.\",\n\t\t\t\t\"path\" : \"\\\/wp-content\\\/uploads\\\/2021\\\/09\\\/\",\n\t\t\t\t\"video\" : null,\n\t\t\t\t\"autoplay\" : null,\n\t\t\t\t\"youtube\" : null,\n\t\t\t\t\"youtubelabel\" : \"Video abspielen\",\n\t\t\t\t\"brightness\" : 100,\n\t\t\t\t\"crop\" : {\"top\":\"50.00\",\"left\":\"50.00\"},\n\t\t\t\t\"background\" : true,\n\t\t\t\t\"scale\" : 2\t\t\t\t}\n\t\t\t<\/script>\n\n\t\t\t<div class=\"height-container\" style=\"padding-bottom:56.25%;\" v-if=\"sizes\">\n\t\t\t\t\t\t\t\t<lazy-media :inline=\"true\" :alt=\"alt\" :sizes=\"sizes\" :scale=\"scale\" :brightness=\"brightness\" :path=\"path\" :video=\"video\" :autoplay=\"autoplay\" :youtube=\"youtube\" :crop=\"crop\" :youtubelabel=\"youtubelabel\" :background=\"background\" media-id=\"desc_media_69f2df7ec452c\"><\/lazy-media>\n\t\t\t\t\t\t\t<\/div>\n\n\t\t\t\t\t\t\t<figcaption class=\"sr-only\" ref=\"body\" id=\"desc_media_69f2df7ec452c\">\n\t\t\t\t\t\t\t\t\t\t\t<div>From the film: Sisters of the Wilderness by Director \/ Cinematographer: Karin Slater\r\n<\/div>\n\t\t\t\t\t\t\t\t\t\t\t\t\t\t\t\t\t\t\t\t\t<div class=\"insignificant\">\u00a9 2021. One Nature Limited. All Rights Reserved.<\/div>\n\t\t\t\t\t\t\t\t\t<\/figcaption>\n\t\t\t\t\t<\/figure>\n\t<\/lazy-media-inline>\n\t\t\t\t<\/div>\n\t\t\t<\/div>\n\t\t\t<div class=\"col-xs-12 teaser-event-text Infos\">\n\t\t\t\t<div class=\"teaser-event-standard-text\">\n\t\t\t\t\t<div class=\"margin-bottom-atom\">\n\t\t\t\t\t\t<div class=\"subline clamp-1\" v-html=\"maingenre\"><\/div>\n\t\t\t\t\t\t\t\t\t\t\t\t\t<div class=\"insignificant clamp-2\">Filmreihe schrecklich sch\u00f6n<\/div>\n\t\t\t\t\t\t\t\t\t\t\t<\/div>\n\t\t\t\t\n\t\t\t\t\t<strong class=\"margin-bottom-atom\">Sisters of the Wilderness<\/strong>\n\n\t\t\t\t\t\t\t\t\t\t\t<div class=\"\">von Karin Slater<\/div>\n\t\t\t\t\t\t\t\t\t<\/div>\n\t\t\t\t<div class=\"teaser-bottom border-bottom\">\n\t\t\t\t<calendardateline :rawitem='item' :show-icon=\"true\"><\/calendardateline>\n\t\t\t\t\t<hr>\n\t\t\t\t<\/div>\n\t\t\t<\/div>\n\t\t<\/div>\n\t<\/a>\n\t<\/calendarteaser>\n<\/li>\n\n<li class=\"col-xs-6 col-sm-4 col-md-3 teaser-wrapper col-padding-remove\">\n\t<calendarteaser key=\"312081370\" rawitem='{&quot;postId&quot;:31208,&quot;title&quot;:&quot;Sisters of the Wilderness&quot;,&quot;excerpt&quot;:&quot;Der Film begleitet f\\u00fcnf junge Frauen auf einer Wanderung durch den \\u00e4ltesten Nationalpark S\\u00fcdafrikas. Obwohl sie in dessen unmittelbarer Nachbarschaft aufgewachsen sind, kannten sie \\u2013 wie die meisten Schwarzen ihres Landes \\u2013 seine \\u00fcberw\\u00e4ltigende Natur bis dahin nur aus dem TV.&quot;,&quot;slug&quot;:&quot;sisters-of-the-wilderness&quot;,&quot;post_date&quot;:&quot;2021-09-08T12:13&quot;,&quot;type&quot;:&quot;event&quot;,&quot;permalink&quot;:&quot;https:\\\/\\\/www.humboldtforum.org\\\/de\\\/programm\\\/termin\\\/film-video\\\/sisters-of-the-wilderness-31208\\\/&quot;,&quot;genre&quot;:[729],&quot;genre_details&quot;:[{&quot;text&quot;:&quot;Film\\\/Video&quot;,&quot;id&quot;:729,&quot;icon&quot;:null,&quot;parent&quot;:0}],&quot;stakeholder&quot;:[382],&quot;stakeholder_details&quot;:[{&quot;text&quot;:&quot;Stiftung Humboldt Forum im Berliner Schloss&quot;,&quot;id&quot;:382,&quot;icon&quot;:null,&quot;parent&quot;:0}],&quot;language&quot;:[385,1149],&quot;language_details&quot;:[{&quot;text&quot;:&quot;Englisch&quot;,&quot;id&quot;:385,&quot;icon&quot;:null,&quot;parent&quot;:0},{&quot;text&quot;:&quot;Zulu&quot;,&quot;id&quot;:1149,&quot;icon&quot;:null,&quot;parent&quot;:0}],&quot;accessability&quot;:[780],&quot;accessability_details&quot;:[{&quot;text&quot;:&quot;Untertitel&quot;,&quot;id&quot;:780,&quot;icon&quot;:null,&quot;parent&quot;:0}],&quot;place&quot;:[883],&quot;place_details&quot;:{&quot;place&quot;:&quot;Humboldt Forum&quot;,&quot;map&quot;:&quot;Humboldt Forum, Schlossplatz, Berlin&quot;,&quot;room&quot;:&quot;Saal 2, EG&quot;},&quot;icon_overwrite&quot;:&quot;&quot;,&quot;acf&quot;:{&quot;hashtag&quot;:&quot;HumboldtForum&quot;,&quot;noindex&quot;:false,&quot;keywords&quot;:&quot;&quot;,&quot;shorturl&quot;:&quot;&quot;,&quot;times&quot;:[],&quot;planning&quot;:{&quot;price&quot;:&quot;5 EUR, erm\\u00e4\\u00dfigt 2,50 EUR&quot;,&quot;admission&quot;:&quot;&quot;,&quot;pause&quot;:&quot;&quot;,&quot;duration&quot;:&quot;&quot;},&quot;subline&quot;:&quot;von Karin Slater&quot;,&quot;subline_feature&quot;:&quot;&quot;,&quot;marketing_text&quot;:&quot;&quot;,&quot;shorttext&quot;:&quot;Der Film begleitet f\\u00fcnf junge Frauen auf einer Wanderung durch den \\u00e4ltesten Nationalpark S\\u00fcdafrikas. Obwohl sie in dessen unmittelbarer Nachbarschaft aufgewachsen sind, kannten sie \\u2013 wie die meisten Schwarzen ihres Landes \\u2013 seine \\u00fcberw\\u00e4ltigende Natur bis dahin nur aus dem TV.&quot;,&quot;longtext&quot;:&quot;&quot;,&quot;additional_info&quot;:{&quot;icon&quot;:&quot;icon-live-fill&quot;,&quot;text&quot;:&quot;Dokumentarische Form, S\\u00fcdafrika 2018, 90 Minuten, Englisch und Zulu mit englischen Untertiteln&quot;},&quot;highlight_header&quot;:false,&quot;featured_images&quot;:[32373],&quot;video&quot;:false,&quot;use_video_in_teasers&quot;:false,&quot;hyphenation&quot;:true,&quot;tipp&quot;:false,&quot;alert_text&quot;:&quot;&quot;,&quot;joker&quot;:false,&quot;live&quot;:false,&quot;announcement&quot;:&quot;&quot;,&quot;overwrite_date&quot;:&quot;&quot;,&quot;hide_event_in_program&quot;:false,&quot;tickettext&quot;:&quot;Bitte buchen Sie Ihr Ticket vorab online oder an der Kasse im Foyer.&quot;,&quot;belongsto&quot;:[24435],&quot;infotext&quot;:&quot;Empfohlen ab 14 Jahren&quot;},&quot;date&quot;:{&quot;NX&quot;:null,&quot;NXX&quot;:null,&quot;NLAST&quot;:&quot;202110031200&quot;,&quot;from_DATE&quot;:&quot;20211003 16:00&quot;,&quot;from&quot;:1633262400,&quot;to&quot;:1633262400,&quot;to_DATE&quot;:&quot;20211003 16:00&quot;,&quot;from_HRFSHORT&quot;:&quot; 3. Okt 2021&quot;,&quot;from_HRFSHORT_WD&quot;:&quot;So 03.10.2021&quot;,&quot;to_HRFSHORT&quot;:&quot; 3. Okt 2021&quot;,&quot;to_HRFSHORT_WD&quot;:&quot;So 03.10.2021&quot;,&quot;from_HRF&quot;:&quot;So,  3. Oktober 2021&quot;,&quot;to_HRF&quot;:&quot;So,  3. Oktober 2021&quot;,&quot;from_to_HRF&quot;:&quot;So,  3. Oktober \\u2013 So,  3. Oktober 2021&quot;,&quot;from_to_HRFSHORT&quot;:&quot; 3. Okt \\u2013  3. Okt 2021&quot;},&quot;alert&quot;:null,&quot;partof&quot;:[24435],&quot;marketing_topic&quot;:{&quot;title&quot;:&quot;Filmreihe schrecklich sch\\u00f6n&quot;,&quot;ID&quot;:24435,&quot;reason&quot;:&quot;sequence&quot;}}' inline-template>\n\t<a href=\"https:\/\/www.humboldtforum.org\/de\/programm\/termin\/film-video\/sisters-of-the-wilderness-31208\/\" class=\"teaser teaser-event teaser-event-standard\">\n\t\t<div class=\"row\">\n\t\t\t<div class=\"col-xs-12 teaser-event-image\">\n\t\t\t\t<div class=\"teaser-image teaser-image-no-alternate\">\n\t\t\t\t\t\t\t\t\t\t\t\n\t<lazy-media-inline inline-template>\n\t\t<figure itemscope itemtype=\"http:\/\/schema.org\/ImageObject\" class=\"lazy-media-inline \" role=\"group\" id=\"media_69f2df7ec5e43\" aria-labelledby=\"desc_media_69f2df7ec5e43\">\n\t\t\t<script type=\"application\/json\" ref=\"data\">\n\t\t\t\t{\n\t\t\t\t\"sizes\" : {\"medium\":{\"file\":\"SHF_eb00116628-300x169.jpg\",\"width\":300,\"height\":169,\"mime-type\":\"image\\\/jpeg\"},\"large\":{\"file\":\"SHF_eb00116628-1024x576.jpg\",\"width\":1024,\"height\":576,\"mime-type\":\"image\\\/jpeg\"},\"thumbnail\":{\"file\":\"SHF_eb00116628-150x150.jpg\",\"width\":150,\"height\":150,\"mime-type\":\"image\\\/jpeg\"},\"medium_large\":{\"file\":\"SHF_eb00116628-768x432.jpg\",\"width\":768,\"height\":432,\"mime-type\":\"image\\\/jpeg\"},\"small\":{\"file\":\"SHF_eb00116628-440x248.jpg\",\"width\":440,\"height\":248,\"mime-type\":\"image\\\/jpeg\"},\"semi\":{\"file\":\"SHF_eb00116628-580x326.jpg\",\"width\":580,\"height\":326,\"mime-type\":\"image\\\/jpeg\"},\"mobile\":{\"file\":\"SHF_eb00116628-720x405.jpg\",\"width\":720,\"height\":405,\"mime-type\":\"image\\\/jpeg\"},\"hd\":{\"file\":\"SHF_eb00116628-1280x720.jpg\",\"width\":1280,\"height\":720,\"mime-type\":\"image\\\/jpeg\"},\"full\":{\"file\":\"SHF_eb00116628-1920x1080.jpg\",\"width\":1920,\"height\":1080,\"mime-type\":\"image\\\/jpeg\"},\"1536x1536\":{\"file\":\"SHF_eb00116628-1536x864.jpg\",\"width\":1536,\"height\":864,\"mime-type\":\"image\\\/jpeg\"},\"original\":{\"file\":\"SHF_eb00116628.jpg\",\"width\":2048,\"height\":1152}},\n\t\t\t\t\"alt\" : \"Vier Frauen mit Rucks\\u00e4cken stehen in der Natur und deuten beim Sonnenuntergang auf etwas in der Ferne.\",\n\t\t\t\t\"path\" : \"\\\/wp-content\\\/uploads\\\/2021\\\/09\\\/\",\n\t\t\t\t\"video\" : null,\n\t\t\t\t\"autoplay\" : null,\n\t\t\t\t\"youtube\" : null,\n\t\t\t\t\"youtubelabel\" : \"Video abspielen\",\n\t\t\t\t\"brightness\" : 100,\n\t\t\t\t\"crop\" : {\"top\":\"50.00\",\"left\":\"50.00\"},\n\t\t\t\t\"background\" : true,\n\t\t\t\t\"scale\" : 2\t\t\t\t}\n\t\t\t<\/script>\n\n\t\t\t<div class=\"height-container\" style=\"padding-bottom:56.25%;\" v-if=\"sizes\">\n\t\t\t\t\t\t\t\t<lazy-media :inline=\"true\" :alt=\"alt\" :sizes=\"sizes\" :scale=\"scale\" :brightness=\"brightness\" :path=\"path\" :video=\"video\" :autoplay=\"autoplay\" :youtube=\"youtube\" :crop=\"crop\" :youtubelabel=\"youtubelabel\" :background=\"background\" media-id=\"desc_media_69f2df7ec5e43\"><\/lazy-media>\n\t\t\t\t\t\t\t<\/div>\n\n\t\t\t\t\t\t\t<figcaption class=\"sr-only\" ref=\"body\" id=\"desc_media_69f2df7ec5e43\">\n\t\t\t\t\t\t\t\t\t\t\t<div>From the film: Sisters of the Wilderness by Director \/ Cinematographer: Karin Slater\r\n<\/div>\n\t\t\t\t\t\t\t\t\t\t\t\t\t\t\t\t\t\t\t\t\t<div class=\"insignificant\">\u00a9 2021. One Nature Limited. All Rights Reserved.<\/div>\n\t\t\t\t\t\t\t\t\t<\/figcaption>\n\t\t\t\t\t<\/figure>\n\t<\/lazy-media-inline>\n\t\t\t\t<\/div>\n\t\t\t<\/div>\n\t\t\t<div class=\"col-xs-12 teaser-event-text Infos\">\n\t\t\t\t<div class=\"teaser-event-standard-text\">\n\t\t\t\t\t<div class=\"margin-bottom-atom\">\n\t\t\t\t\t\t<div class=\"subline clamp-1\" v-html=\"maingenre\"><\/div>\n\t\t\t\t\t\t\t\t\t\t\t\t\t<div class=\"insignificant clamp-2\">Filmreihe schrecklich sch\u00f6n<\/div>\n\t\t\t\t\t\t\t\t\t\t\t<\/div>\n\t\t\t\t\n\t\t\t\t\t<strong class=\"margin-bottom-atom\">Sisters of the Wilderness<\/strong>\n\n\t\t\t\t\t\t\t\t\t\t\t<div class=\"\">von Karin Slater<\/div>\n\t\t\t\t\t\t\t\t\t<\/div>\n\t\t\t\t<div class=\"teaser-bottom border-bottom\">\n\t\t\t\t<calendardateline :rawitem='item' :show-icon=\"true\"><\/calendardateline>\n\t\t\t\t\t<hr>\n\t\t\t\t<\/div>\n\t\t\t<\/div>\n\t\t<\/div>\n\t<\/a>\n\t<\/calendarteaser>\n<\/li>\n\n<\/ul>\n\t\t\t<\/div>\n\t\t\t\t<\/lazy-component>\n<\/section>\n\n","protected":false},"template":"","genre":[729],"digital":[],"topic":[],"stakeholder":[382],"editorial":[],"editorialfilter":[],"targetgroup":[],"language":[],"accessability":[],"age":[],"school":[],"groupsize":[],"place":[883],"class_list":["post-24435","event-sequence","type-event-sequence","status-publish","has-post-thumbnail","hentry","genre-film-video","stakeholder-stiftung-humboldt-forum-im-berliner-schloss","place-saal-2-eg"],"acf":[],"_links":{"self":[{"href":"https:\/\/www.humboldtforum.org\/de\/wp-json\/wp\/v2\/event-sequence\/24435","targetHints":{"allow":["GET"]}}],"collection":[{"href":"https:\/\/www.humboldtforum.org\/de\/wp-json\/wp\/v2\/event-sequence"}],"about":[{"href":"https:\/\/www.humboldtforum.org\/de\/wp-json\/wp\/v2\/types\/event-sequence"}],"version-history":[{"count":0,"href":"https:\/\/www.humboldtforum.org\/de\/wp-json\/wp\/v2\/event-sequence\/24435\/revisions"}],"wp:featuredmedia":[{"embeddable":true,"href":"https:\/\/www.humboldtforum.org\/de\/wp-json\/wp\/v2\/media\/21516"}],"wp:attachment":[{"href":"https:\/\/www.humboldtforum.org\/de\/wp-json\/wp\/v2\/media?parent=24435"}],"wp:term":[{"taxonomy":"genre","embeddable":true,"href":"https:\/\/www.humboldtforum.org\/de\/wp-json\/wp\/v2\/genre?post=24435"},{"taxonomy":"digital","embeddable":true,"href":"https:\/\/www.humboldtforum.org\/de\/wp-json\/wp\/v2\/digital?post=24435"},{"taxonomy":"topic","embeddable":true,"href":"https:\/\/www.humboldtforum.org\/de\/wp-json\/wp\/v2\/topic?post=24435"},{"taxonomy":"stakeholder","embeddable":true,"href":"https:\/\/www.humboldtforum.org\/de\/wp-json\/wp\/v2\/stakeholder?post=24435"},{"taxonomy":"editorial","embeddable":true,"href":"https:\/\/www.humboldtforum.org\/de\/wp-json\/wp\/v2\/editorial?post=24435"},{"taxonomy":"editorialfilter","embeddable":true,"href":"https:\/\/www.humboldtforum.org\/de\/wp-json\/wp\/v2\/editorialfilter?post=24435"},{"taxonomy":"targetgroup","embeddable":true,"href":"https:\/\/www.humboldtforum.org\/de\/wp-json\/wp\/v2\/targetgroup?post=24435"},{"taxonomy":"language","embeddable":true,"href":"https:\/\/www.humboldtforum.org\/de\/wp-json\/wp\/v2\/language?post=24435"},{"taxonomy":"accessability","embeddable":true,"href":"https:\/\/www.humboldtforum.org\/de\/wp-json\/wp\/v2\/accessability?post=24435"},{"taxonomy":"age","embeddable":true,"href":"https:\/\/www.humboldtforum.org\/de\/wp-json\/wp\/v2\/age?post=24435"},{"taxonomy":"school","embeddable":true,"href":"https:\/\/www.humboldtforum.org\/de\/wp-json\/wp\/v2\/school?post=24435"},{"taxonomy":"groupsize","embeddable":true,"href":"https:\/\/www.humboldtforum.org\/de\/wp-json\/wp\/v2\/groupsize?post=24435"},{"taxonomy":"place","embeddable":true,"href":"https:\/\/www.humboldtforum.org\/de\/wp-json\/wp\/v2\/place?post=24435"}],"curies":[{"name":"wp","href":"https:\/\/api.w.org\/{rel}","templated":true}]}}