{"id":24437,"date":"2021-06-17T11:23:25","date_gmt":"2021-06-17T09:23:25","guid":{"rendered":"https:\/\/www.humboldtforum.org\/?post_type=event-sequence&#038;p=24437"},"modified":"2021-09-27T15:46:38","modified_gmt":"2021-09-27T13:46:38","slug":"fuehrungen-und-workshops-schrecklich-schoen","status":"publish","type":"event-sequence","link":"https:\/\/www.humboldtforum.org\/de\/programm\/event-reihe\/bildung\/fuehrungen-und-workshops-schrecklich-schoen-24437\/","title":{"rendered":"F\u00fchrungen und Workshops schrecklich sch\u00f6n"},"content":{"rendered":"<section class=\"block block-copy\" >\n    <div class=\"container-fluid\">\n\t\t<div class=\"row margin-bottom-sixth\">\n            <div class=\"col-xs-12 col-md-offset-2 col-md-8\">\n                <div class=\"box\">\n                    <div class=\"copy\"><p><span class=\"anleser\" style=\"font-weight: bolder;\">Wie f\u00fchlt sich Elfenbein eigentlich an? K\u00f6nnen Menschen die geheime Sprache der Elefanten f\u00fchlen? Und was hat das Artensterben der Elefanten und die Jagd auf Elfenbein mit mir zu tun? Antworten auf diese und viele weitere Fragen gibt das vielf\u00e4ltige Bildungs- und Vermittlungsprogramm, das sich an Besucher*innen mit unterschiedlichen Interessen und Bed\u00fcrfnissen richtet. <\/span><\/p>\n<p>Die \u00f6ffentlichen und buchbaren F\u00fchrungen in verschiedenen Sprachen setzen den Themenkomplex <em>Elefant-Mensch-Elfenbein<\/em> in ethische, globale und postkoloniale Zusammenh\u00e4nge und\u00a0<span style=\"color: #172b4d;\">erm\u00f6glichen Menschen jeden Alters den Zugang zum Thema und seiner Fragestellungen.\u00a0<\/span>F\u00fcnfmal die Woche finden \u00f6ffentliche F\u00fchrungen statt, ein begleiteter H\u00f6r- und Tastrundgang stellt das Material in den Mittelpunkt, Gruppen erhalten in einst\u00fcndigen F\u00fchrungen einen \u00dcberblick. F\u00fcr Schulklassen gibt es Workshops, in denen sich die Teilnehmer*innen intensiv mit dem Thema auseinandersetzen.<\/p>\n<\/div>\n                <\/div>\n            <\/div>\n\t\t<\/div>\n\t\t\t\t\t<div class=\"row margin-bottom-sixth\">\n\t\t\t\t<div class=\"col-xs-12 col-md-offset-2 col-md-8\">\n\t\t\t\t\t<div class=\"box\">\n\t\t\t\t\t\t<read-more inline-template>\n\t\t\t\t\t\t\t<div class=\"copy margin-bottom-sixth\">\n\t\t\t\t\t\t\t\t<div ref=\"body\" style=\"height:0;overflow: hidden;display: none;\">\n\t\t\t\t\t\t\t\t\t<div class=\"margin-bottom-sixth\"><p>Ein Schwerpunkt des Programms liegt mit der H\u00f6r- und Tastf\u00fchrung auf dem Material Elfenbein und seinen besonderen Eigenschaften. Bei dem Workshop\u00a0<em>Mach Dich stark f\u00fcr Elefanten!<\/em>\u00a0steht der Konflikt zwischen Elefant und Mensch im Mittelpunkt sowie die Frage, wie Verbraucher*innen durch ihr Bewusstsein und ihr Konsum- und Reiseverhalten zur Entsch\u00e4rfung des Konflikts beitragen k\u00f6nnen.<\/p>\n<p>Der Rundgang verf\u00fcgt \u00fcber ein Leit- und Orientierungssystem, das sich an Menschen richtet, die seheingeschr\u00e4nkt oder blind sind. Integrierte Tast- und Vermittlungsstationen erlauben, Elfenbein in seiner haptischen Dimension zu erfahren, indem ausgew\u00e4hlte Objekte ertastet werden k\u00f6nnen. Auch die Unterschiede der Elefantenarten in Beschaffenheit der Ohren, R\u00fccken und Sto\u00dfz\u00e4hne sind tastbar und vieles mehr.<\/p>\n<\/div>\n\t\t\t\t\t\t\t\t<\/div>\n\t\t\t\t\t\t\t\t<a ref=\"toggleButton\" class=\"Button\" @click=\"toggle\">\n\t\t\t\t\t\t\t\t\t<span v-if=\"!active\">mehr lesen<\/span>\n\t\t\t\t\t\t\t\t\t<span v-else>weniger lesen<\/span>\n\t\t\t\t\t\t\t\t<\/a>\n\t\t\t\t\t\t\t<\/div>\n\t\t\t\t\t\t<\/read-mode>\n\t\t\t\t\t<\/div>\n\t\t\t\t<\/div>\n\t\t\t<\/div>\n\t\t    <\/div>\n<\/section>\n\n<section class=\"block block-headline block-no-margin \" >\n\t<div class=\"container-fluid\">\n\t\t<div class=\"row\">\n\t\t\t\t\t\t\t<div class=\"col-xs-12 col-md-offset-2 col-md-8\">\n\t\t\t\t\t<div class=\"box\">\n\t\t\t\t\t\t<h2 class=\".h4\">\u00dcbersicht<\/h2>\n\t\t\t\t\t<\/div>\n\t\t\t\t<\/div>\n\t\t\t\t\t<\/div>\n\t<\/div>\n<\/section>\n\n\n\n\n<section class=\"block block-copy block-no-margin\" >\n    <div class=\"container-fluid\">\n\t\t<div class=\"row \">\n            <div class=\"col-xs-12 col-md-offset-2 col-md-8\">\n                <div class=\"box\">\n                    <div class=\"copy\"><p align=\"left\">Die Angebote f\u00fcr Gruppen k\u00f6nnen in deutscher und englischer Sprache, auf Anfrage auch in weiteren Sprachen gebucht werden.<\/p>\n<p align=\"left\">\n<\/div>\n                <\/div>\n            <\/div>\n\t\t<\/div>\n\t\t    <\/div>\n<\/section>\n\n\n<section class=\"block block-accordion\">\n\t<div class=\"container-fluid\">\n\t\t<div class=\"row\">\n\t\t\t<div class=\"col-xs-12 col-md-offset-2 col-md-8\">\n\t\t\t\t<div class=\"box\">\n\t\t\t\t\t\t\t\t\t\t\t<block-accordion inline-template>\n\t\t\t\t\t\t\t<div class=\"accordion\">\n\t\t\t\t\t\t\t\t\t\t\t\t\t\t\t<block-accordion-item inline-template item-headline=\"\u00dcberblicksf\u00fchrung (60 Min.)\">\n\t\t\t\t\t\t\t\t<div ref=\"item\" data-id=\"berblicksfhrung60Min\" class=\"block-accordion-item vue-initialize\" aria-expanded=\"false\" :aria-expanded=\"active ? 'true' : 'false'\">\n\t\t\t\t\t\t\t\t\t<button class=\"accordion-button-with-icon block-accordion-item-head\" :class=\"{'button-active': active}\" ref=\"head\" aria-controls=\"acc_69f2f4d8cda42\" id=\"acc_title_69f2f4d8cda45\" @click=\"toggle\" @keydown=\"key\">\n\t\t\t\t\t\t\t\t\t<div><span class=\"button-label\">\u00dcberblicksf\u00fchrung (60 Min.)<\/span><\/div><span class=\"button-icon icon-plus\" aria-hidden=\"true\"><\/span>\n\t\t\t\t\t\t\t\t<\/button>\n\t\t\t\t\t\t\t\t\t<div ref=\"body\" class=\"block-accordion-item-content\" id=\"acc_69f2f4d8cda42\" role=\"region\">\n\t\t\t\t\t\t\t\t\t\t<div class=\"wrapper copy\">\n\t\t\t\t\t\t\t\t\t\t\t<p>Die \u00dcberblicksf\u00fchrung stellt die Kapitel der Ausstellung anhand ausgew\u00e4hlter Objekte vor und l\u00e4dt die Besucher*innen dazu ein, die taktilen Eigenschaften des Materials kennenzulernen und sich im Forum der Vielstimmigkeit, dem Zentrum der Ausstellung, mit den streitbaren Positionen vertraut zu machen und sie in ethische, globale und postkoloniale Zusammenh\u00e4nge zu setzen.<\/p>\n\n\t\t\t\t\t\t\t\t\t\t\t\t\t\t\t\t\t\t\t\t\t\t\t\t\t\t\t\t\t\t\t\t\t\n\t\t\t\t\t\t\t\t\t\t\t<div class=\"row\">\n\t\t\t\t\t\t\t\t\t\t\t\t<div class=\"col-xs-9 col-md-9\">\n\t\t\t\t\t\t\t\t\t\t\t\t\t<div class=\"box\">\n\t\t\t\t\t\t\t\t\t\t\t\t\t\t\t\t\t\t\t\t\t\t\t\t\t\t\t<\/div>\n\t\t\t\t\t\t\t\t\t\t\t\t<\/div>\n\t\t\t\t\t\t\t\t\t\t\t<\/div>\n\n\t\t\t\t\t\t\t\t\t\t\t\t\t\t\t\t\t\t\t\t\t<\/div>\n\t\t\t\t\t\t\t\t\t<\/div>\n\t\t\t\t\t\t\t\t<\/div>\n\t\t\t\t\t\t\t\t<\/block-accordion-item>\n\t\t\t\t\t\t\t\t\t\t\t\t\t\t<block-accordion-item inline-template item-headline=\"H\u00f6r- und Tastf\u00fchrung (90 Min.)\">\n\t\t\t\t\t\t\t\t<div ref=\"item\" data-id=\"Hr-undTastfhrung90Min\" class=\"block-accordion-item vue-initialize\" aria-expanded=\"false\" :aria-expanded=\"active ? 'true' : 'false'\">\n\t\t\t\t\t\t\t\t\t<button class=\"accordion-button-with-icon block-accordion-item-head\" :class=\"{'button-active': active}\" ref=\"head\" aria-controls=\"acc_69f2f4d8cdd64\" id=\"acc_title_69f2f4d8cdd66\" @click=\"toggle\" @keydown=\"key\">\n\t\t\t\t\t\t\t\t\t<div><span class=\"button-label\">H\u00f6r- und Tastf\u00fchrung (90 Min.)<\/span><\/div><span class=\"button-icon icon-plus\" aria-hidden=\"true\"><\/span>\n\t\t\t\t\t\t\t\t<\/button>\n\t\t\t\t\t\t\t\t\t<div ref=\"body\" class=\"block-accordion-item-content\" id=\"acc_69f2f4d8cdd64\" role=\"region\">\n\t\t\t\t\t\t\t\t\t\t<div class=\"wrapper copy\">\n\t\t\t\t\t\t\t\t\t\t\t<p class=\"western\" align=\"left\">Wie klingen Musikinstrumente aus Elfenbein und welche Geschichten und Mythen ranken sich um Elefanten? Wie schwer ist ein Sto\u00dfzahn? Antworten gibt die H\u00f6r- und Tastf\u00fchrung \u2013 ein haptischer, akustischer und emotionaler Rundgang\u00a0<span class=\"inline-comment-marker\" data-ref=\"3c4c6942-38ba-4946-b534-f83c09cb5408\">im Spannungsfeld<\/span> von Tier, Mensch und Natur.<\/p>\n<p align=\"left\">Die H\u00f6r- und Tastf\u00fchrung wird nur in deutscher Sprache angeboten.<\/p>\n\n\t\t\t\t\t\t\t\t\t\t\t\t\t\t\t\t\t\t\t\t\t\t\t\t\t\t\t\t\t\t\t\t\t\n\t\t\t\t\t\t\t\t\t\t\t<div class=\"row\">\n\t\t\t\t\t\t\t\t\t\t\t\t<div class=\"col-xs-9 col-md-9\">\n\t\t\t\t\t\t\t\t\t\t\t\t\t<div class=\"box\">\n\t\t\t\t\t\t\t\t\t\t\t\t\t\t\t\t\t\t\t\t\t\t\t\t\t\t\t<\/div>\n\t\t\t\t\t\t\t\t\t\t\t\t<\/div>\n\t\t\t\t\t\t\t\t\t\t\t<\/div>\n\n\t\t\t\t\t\t\t\t\t\t\t\t\t\t\t\t\t\t\t\t\t<\/div>\n\t\t\t\t\t\t\t\t\t<\/div>\n\t\t\t\t\t\t\t\t<\/div>\n\t\t\t\t\t\t\t\t<\/block-accordion-item>\n\t\t\t\t\t\t\t\t\t\t\t\t\t\t<block-accordion-item inline-template item-headline=\"Interaktive F\u00fchrung (90 Min.)\">\n\t\t\t\t\t\t\t\t<div ref=\"item\" data-id=\"InteraktiveFhrung90Min\" class=\"block-accordion-item vue-initialize\" aria-expanded=\"false\" :aria-expanded=\"active ? 'true' : 'false'\">\n\t\t\t\t\t\t\t\t\t<button class=\"accordion-button-with-icon block-accordion-item-head\" :class=\"{'button-active': active}\" ref=\"head\" aria-controls=\"acc_69f2f4d8ce100\" id=\"acc_title_69f2f4d8ce102\" @click=\"toggle\" @keydown=\"key\">\n\t\t\t\t\t\t\t\t\t<div><span class=\"button-label\">Interaktive F\u00fchrung (90 Min.)<\/span><\/div><span class=\"button-icon icon-plus\" aria-hidden=\"true\"><\/span>\n\t\t\t\t\t\t\t\t<\/button>\n\t\t\t\t\t\t\t\t\t<div ref=\"body\" class=\"block-accordion-item-content\" id=\"acc_69f2f4d8ce100\" role=\"region\">\n\t\t\t\t\t\t\t\t\t\t<div class=\"wrapper copy\">\n\t\t\t\t\t\t\t\t\t\t\t<p class=\"western\" align=\"left\"><strong>7. bis 10. Klasse<\/strong><\/p>\n<p>Die Sch\u00fcler*innen befassen sich mit Fragen zu Geschichte und Provenienz der Exponate. Sie arbeiten anhand eines Bogens und pr\u00e4sentieren ihre Ergebnisse in der Ausstellung. Neben den Exponaten steht das <em>Forum der Vielstimmigkeit<\/em> im Fokus, das Expert*innen zu Wort\u00a0kommen\u00a0l\u00e4sst. Deren\u00a0Positionen ordnen die Sch\u00fcler*innen in ethische, umweltpolitische und postkoloniale Zusammenh\u00e4nge\u00a0ein.<\/p>\n\n\t\t\t\t\t\t\t\t\t\t\t\t\t\t\t\t\t\t\t\t\t\t\t\t\t\t\t\t\t\t\t\t\t\n\t\t\t\t\t\t\t\t\t\t\t<div class=\"row\">\n\t\t\t\t\t\t\t\t\t\t\t\t<div class=\"col-xs-9 col-md-9\">\n\t\t\t\t\t\t\t\t\t\t\t\t\t<div class=\"box\">\n\t\t\t\t\t\t\t\t\t\t\t\t\t\t\t\t\t\t\t\t\t\t\t\t\t\t\t<\/div>\n\t\t\t\t\t\t\t\t\t\t\t\t<\/div>\n\t\t\t\t\t\t\t\t\t\t\t<\/div>\n\n\t\t\t\t\t\t\t\t\t\t\t\t\t\t\t\t\t\t\t\t\t<\/div>\n\t\t\t\t\t\t\t\t\t<\/div>\n\t\t\t\t\t\t\t\t<\/div>\n\t\t\t\t\t\t\t\t<\/block-accordion-item>\n\t\t\t\t\t\t\t\t\t\t\t\t\t\t<block-accordion-item inline-template item-headline=\"Mach Dich stark fu\u0308r Elefanten! Ein kreativer und handlungsorientierter Workshop (120 Min.)\">\n\t\t\t\t\t\t\t\t<div ref=\"item\" data-id=\"MachDichstarkfurElefantenEinkreativerundhandlungsorientierterWorkshop120Min\" class=\"block-accordion-item vue-initialize\" aria-expanded=\"false\" :aria-expanded=\"active ? 'true' : 'false'\">\n\t\t\t\t\t\t\t\t\t<button class=\"accordion-button-with-icon block-accordion-item-head\" :class=\"{'button-active': active}\" ref=\"head\" aria-controls=\"acc_69f2f4d8ce38a\" id=\"acc_title_69f2f4d8ce38b\" @click=\"toggle\" @keydown=\"key\">\n\t\t\t\t\t\t\t\t\t<div><span class=\"button-label\">Mach Dich stark fu\u0308r Elefanten! Ein kreativer und handlungsorientierter Workshop (120 Min.)<\/span><\/div><span class=\"button-icon icon-plus\" aria-hidden=\"true\"><\/span>\n\t\t\t\t\t\t\t\t<\/button>\n\t\t\t\t\t\t\t\t\t<div ref=\"body\" class=\"block-accordion-item-content\" id=\"acc_69f2f4d8ce38a\" role=\"region\">\n\t\t\t\t\t\t\t\t\t\t<div class=\"wrapper copy\">\n\t\t\t\t\t\t\t\t\t\t\t<p class=\"western\" align=\"left\"><strong>4. bis 6. Klasse<\/strong><\/p>\n<p class=\"western\" align=\"left\"><span class=\"inline-comment-marker\" data-ref=\"f6e275c3-a6e8-4a1e-a362-ba4d7bdbd96e\">Die Sch\u00fcler*innen befassen sich intensiv mit dem Material Elfenbein, Fragen des Tierschutzes und des internationalen Elfenbeinhandels.\u00a0<\/span><span class=\"inline-comment-marker\" data-ref=\"f6e275c3-a6e8-4a1e-a362-ba4d7bdbd96e\">Sie diskutieren L\u00f6sungen und Strategien, Elefanten zu schu\u0308tzen und illegalen Elfenbeinhandel zu stoppen. Au\u00dferdem gestalten sie ein Plakat mit ihren Forderungen und Zielen.<\/span><\/p>\n\n\t\t\t\t\t\t\t\t\t\t\t\t\t\t\t\t\t\t\t\t\t\t\t\t\t\t\t\t\t\t\t\t\t\n\t\t\t\t\t\t\t\t\t\t\t<div class=\"row\">\n\t\t\t\t\t\t\t\t\t\t\t\t<div class=\"col-xs-9 col-md-9\">\n\t\t\t\t\t\t\t\t\t\t\t\t\t<div class=\"box\">\n\t\t\t\t\t\t\t\t\t\t\t\t\t\t\t\t\t\t\t\t\t\t\t\t\t\t\t<\/div>\n\t\t\t\t\t\t\t\t\t\t\t\t<\/div>\n\t\t\t\t\t\t\t\t\t\t\t<\/div>\n\n\t\t\t\t\t\t\t\t\t\t\t\t\t\t\t\t\t\t\t\t\t<\/div>\n\t\t\t\t\t\t\t\t\t<\/div>\n\t\t\t\t\t\t\t\t<\/div>\n\t\t\t\t\t\t\t\t<\/block-accordion-item>\n\t\t\t\t\t\t\t\t\t\t\t\t\t\t<block-accordion-item inline-template item-headline=\"Mach Dich stark fu\u0308r Elefanten! Ein handlungsorientierter Workshop des globalen Lernens (120 Min.)\">\n\t\t\t\t\t\t\t\t<div ref=\"item\" data-id=\"MachDichstarkfurElefantenEinhandlungsorientierterWorkshopdesglobalenLernens120Min\" class=\"block-accordion-item vue-initialize\" aria-expanded=\"false\" :aria-expanded=\"active ? 'true' : 'false'\">\n\t\t\t\t\t\t\t\t\t<button class=\"accordion-button-with-icon block-accordion-item-head\" :class=\"{'button-active': active}\" ref=\"head\" aria-controls=\"acc_69f2f4d8ce5d3\" id=\"acc_title_69f2f4d8ce5d4\" @click=\"toggle\" @keydown=\"key\">\n\t\t\t\t\t\t\t\t\t<div><span class=\"button-label\">Mach Dich stark fu\u0308r Elefanten! Ein handlungsorientierter Workshop des globalen Lernens (120 Min.)<\/span><\/div><span class=\"button-icon icon-plus\" aria-hidden=\"true\"><\/span>\n\t\t\t\t\t\t\t\t<\/button>\n\t\t\t\t\t\t\t\t\t<div ref=\"body\" class=\"block-accordion-item-content\" id=\"acc_69f2f4d8ce5d3\" role=\"region\">\n\t\t\t\t\t\t\t\t\t\t<div class=\"wrapper copy\">\n\t\t\t\t\t\t\t\t\t\t\t<p class=\"western\" align=\"left\"><strong>7. bis 10. Klasse<\/strong><\/p>\n<p class=\"western\" align=\"left\">Was hat das Artensterben der Elefanten und die Jagd auf Elfenbein mit mir zu tun? Im Sinne des globalen Lernens geht der Workshop dieser Frage nach und versucht Antworten und L\u00f6sungen zu finden. Nach einer F\u00fchrung durch die Ausstellung, arbeiten die Sch\u00fcler*innen in Arbeitsgruppen zu unterschiedlichen ethischen und umweltpolitischen Fragen mit unterschiedlichen Materialien, darunter sind Weltkarten, Konsumartikel, die Palm\u00f6l enthalten, konfiszierte Elfenbein-Souvenirs vom Zoll, Instagram-Bilder mit Wildtieren, kurze Filmausschnitte und Texte.<\/p>\n\n\t\t\t\t\t\t\t\t\t\t\t\t\t\t\t\t\t\t\t\t\t\t\t\t\t\t\t\t\t\t\t\t\t\n\t\t\t\t\t\t\t\t\t\t\t<div class=\"row\">\n\t\t\t\t\t\t\t\t\t\t\t\t<div class=\"col-xs-9 col-md-9\">\n\t\t\t\t\t\t\t\t\t\t\t\t\t<div class=\"box\">\n\t\t\t\t\t\t\t\t\t\t\t\t\t\t\t\t\t\t\t\t\t\t\t\t\t\t\t<\/div>\n\t\t\t\t\t\t\t\t\t\t\t\t<\/div>\n\t\t\t\t\t\t\t\t\t\t\t<\/div>\n\n\t\t\t\t\t\t\t\t\t\t\t\t\t\t\t\t\t\t\t\t\t<\/div>\n\t\t\t\t\t\t\t\t\t<\/div>\n\t\t\t\t\t\t\t\t<\/div>\n\t\t\t\t\t\t\t\t<\/block-accordion-item>\n\t\t\t\t\t\t\t\t\t\t\t\t\t<\/div>\n\t\t\t\t\t\t<\/block-accordion>\n\t\t\t\t\t\t\t\t\t<\/div>\n\t\t\t<\/div>\n\t\t<\/div>\n\t<\/div>\n<\/section>\n\n\n\n\n\n\n","protected":false},"template":"","genre":[835],"digital":[],"topic":[],"stakeholder":[382],"editorial":[],"editorialfilter":[],"targetgroup":[383],"language":[],"accessability":[],"age":[],"school":[],"groupsize":[],"place":[],"class_list":["post-24437","event-sequence","type-event-sequence","status-publish","has-post-thumbnail","hentry","genre-bildung","stakeholder-stiftung-humboldt-forum-im-berliner-schloss","targetgroup-erwachsene"],"acf":[],"_links":{"self":[{"href":"https:\/\/www.humboldtforum.org\/de\/wp-json\/wp\/v2\/event-sequence\/24437","targetHints":{"allow":["GET"]}}],"collection":[{"href":"https:\/\/www.humboldtforum.org\/de\/wp-json\/wp\/v2\/event-sequence"}],"about":[{"href":"https:\/\/www.humboldtforum.org\/de\/wp-json\/wp\/v2\/types\/event-sequence"}],"version-history":[{"count":0,"href":"https:\/\/www.humboldtforum.org\/de\/wp-json\/wp\/v2\/event-sequence\/24437\/revisions"}],"wp:featuredmedia":[{"embeddable":true,"href":"https:\/\/www.humboldtforum.org\/de\/wp-json\/wp\/v2\/media\/24433"}],"wp:attachment":[{"href":"https:\/\/www.humboldtforum.org\/de\/wp-json\/wp\/v2\/media?parent=24437"}],"wp:term":[{"taxonomy":"genre","embeddable":true,"href":"https:\/\/www.humboldtforum.org\/de\/wp-json\/wp\/v2\/genre?post=24437"},{"taxonomy":"digital","embeddable":true,"href":"https:\/\/www.humboldtforum.org\/de\/wp-json\/wp\/v2\/digital?post=24437"},{"taxonomy":"topic","embeddable":true,"href":"https:\/\/www.humboldtforum.org\/de\/wp-json\/wp\/v2\/topic?post=24437"},{"taxonomy":"stakeholder","embeddable":true,"href":"https:\/\/www.humboldtforum.org\/de\/wp-json\/wp\/v2\/stakeholder?post=24437"},{"taxonomy":"editorial","embeddable":true,"href":"https:\/\/www.humboldtforum.org\/de\/wp-json\/wp\/v2\/editorial?post=24437"},{"taxonomy":"editorialfilter","embeddable":true,"href":"https:\/\/www.humboldtforum.org\/de\/wp-json\/wp\/v2\/editorialfilter?post=24437"},{"taxonomy":"targetgroup","embeddable":true,"href":"https:\/\/www.humboldtforum.org\/de\/wp-json\/wp\/v2\/targetgroup?post=24437"},{"taxonomy":"language","embeddable":true,"href":"https:\/\/www.humboldtforum.org\/de\/wp-json\/wp\/v2\/language?post=24437"},{"taxonomy":"accessability","embeddable":true,"href":"https:\/\/www.humboldtforum.org\/de\/wp-json\/wp\/v2\/accessability?post=24437"},{"taxonomy":"age","embeddable":true,"href":"https:\/\/www.humboldtforum.org\/de\/wp-json\/wp\/v2\/age?post=24437"},{"taxonomy":"school","embeddable":true,"href":"https:\/\/www.humboldtforum.org\/de\/wp-json\/wp\/v2\/school?post=24437"},{"taxonomy":"groupsize","embeddable":true,"href":"https:\/\/www.humboldtforum.org\/de\/wp-json\/wp\/v2\/groupsize?post=24437"},{"taxonomy":"place","embeddable":true,"href":"https:\/\/www.humboldtforum.org\/de\/wp-json\/wp\/v2\/place?post=24437"}],"curies":[{"name":"wp","href":"https:\/\/api.w.org\/{rel}","templated":true}]}}