{"id":34592,"date":"2021-11-01T11:45:45","date_gmt":"2021-11-01T10:45:45","guid":{"rendered":"https:\/\/www.humboldtforum.org\/?post_type=event-sequence&#038;p=34592"},"modified":"2022-10-05T10:18:23","modified_gmt":"2022-10-05T08:18:23","slug":"afrikamera-aktuelles-kino-aus-afrika","status":"publish","type":"event-sequence","link":"https:\/\/www.humboldtforum.org\/de\/programm\/event-reihe\/festival\/afrikamera-aktuelles-kino-aus-afrika-34592\/","title":{"rendered":"AFRIKAMERA"},"content":{"rendered":"<section class=\"block block-copy\" >\n    <div class=\"container-fluid\">\n\t\t<div class=\"row \">\n            <div class=\"col-xs-12 col-md-offset-2 col-md-8\">\n                <div class=\"box\">\n                    <div class=\"copy\"><p><span class=\"anleser\" style=\"font-weight: bolder;\">Seit 2007 bereichert AFRIKAMERA die Berliner Festivallandschaft mit der Vielfalt des aktuellen Kinos aus Afrika. Unter dem Motto \u201eUrban Africa, Urban Movies\u201c stellt das Team erstmals auch ein Programm im Humboldt Forum vor \u2013 mit Screenings, Publikumsgespr\u00e4chen, interkultureller Filmbildung, einer VR-Lounge und einem \u201eCin\u00e9-Slam\u201c.<\/span><\/p>\n<p>Hierf\u00fcr arbeitet das Filmfestival unter der Leitung von Alex Moussa Sawadogo mit den gro\u00dfen afrikanischen Festivals von Marrakesch bis Durban zusammen und hat jetzt neben dem Arsenal einen zweiten Spielort.<\/p>\n<p>Erleben Sie im Humboldt Forum vom 17. bis 21. November 2021 aktuelle Kinofilme und Kurzfilme, Deutschlandpremieren festivalpr\u00e4mierter Produktionen aus Namibia und der Demokratischen Republik Kongo und speziell kuratierte Formate wie ein \u201eCine-Slam-Konzert\u201c mit Ausschnitten aus Klassikern des Burkinischen Kinos. Ein Jugendprogramm stellt Fragen nach Identit\u00e4t und Zugeh\u00f6rigkeit.<\/p>\n<p>Schon tags\u00fcber l\u00e4dt die Virtual-Reality-Lounge <em>Urban Africa, Urban Movies in VR<\/em>\u00a0in aktuellen Produktionen aus Dakar, Lagos, Accra, Nairobi und Johannesburg zum Eintauchen ein.<\/p>\n<\/div>\n                <\/div>\n            <\/div>\n\t\t<\/div>\n\t\t    <\/div>\n<\/section>\n\n<section class=\"block block-headline block-no-margin \" >\n\t<div class=\"container-fluid\">\n\t\t<div class=\"row\">\n\t\t\t\t\t\t\t<div class=\"col-xs-12 col-md-offset-2 col-md-8\">\n\t\t\t\t\t<div class=\"box\">\n\t\t\t\t\t\t<h2 class=\".h4\">Programm\u00fcberblick<\/h2>\n\t\t\t\t\t<\/div>\n\t\t\t\t<\/div>\n\t\t\t\t\t<\/div>\n\t<\/div>\n<\/section>\n\n\n\n\n\n<section class=\"block block-accordion\">\n\t<div class=\"container-fluid\">\n\t\t<div class=\"row\">\n\t\t\t<div class=\"col-xs-12 col-md-offset-2 col-md-8\">\n\t\t\t\t<div class=\"box\">\n\t\t\t\t\t\t\t\t\t\t\t<block-accordion inline-template>\n\t\t\t\t\t\t\t<div class=\"accordion\">\n\t\t\t\t\t\t\t\t\t\t\t\t\t\t\t<block-accordion-item inline-template item-headline=\"Mittwoch, 17.11.2021\">\n\t\t\t\t\t\t\t\t<div ref=\"item\" data-id=\"Mittwoch17112021\" class=\"block-accordion-item vue-initialize\" aria-expanded=\"false\" :aria-expanded=\"active ? 'true' : 'false'\">\n\t\t\t\t\t\t\t\t\t<button class=\"accordion-button-with-icon block-accordion-item-head\" :class=\"{'button-active': active}\" ref=\"head\" aria-controls=\"acc_69f316d89ba72\" id=\"acc_title_69f316d89ba73\" @click=\"toggle\" @keydown=\"key\">\n\t\t\t\t\t\t\t\t\t<div><span class=\"button-label\">Mittwoch, 17.11.2021<\/span><\/div><span class=\"button-icon icon-plus\" aria-hidden=\"true\"><\/span>\n\t\t\t\t\t\t\t\t<\/button>\n\t\t\t\t\t\t\t\t\t<div ref=\"body\" class=\"block-accordion-item-content\" id=\"acc_69f316d89ba72\" role=\"region\">\n\t\t\t\t\t\t\t\t\t\t<div class=\"wrapper copy\">\n\t\t\t\t\t\t\t\t\t\t\t<h5>16-23 Uhr<\/h5>\n<p><a href=\"https:\/\/www.humboldtforum.org\/de\/programm\/event\/film-video\/africa-in-vr-urban-africa-urban-movies-34590\/\"><strong>VR-Lounge:<\/strong> <strong>Urban Africa, Urban Movies \u2013 Africa in VR<br \/>\n<\/strong><\/a>Eintritt frei<\/p>\n<p>Begleitend zum Programm von AFRIKAMERA werden f\u00fcnf VR-Produktionen pr\u00e4sentiert, die sich auf sehr unterschiedliche k\u00fcnstlerische Art und Weise mit dem Leben in den Metropolen Nairobi, Accra, Lagos, Dakar und Johannesburg auseinandersetzen.<\/p>\n<h5>18-20 Uhr<\/h5>\n<p><strong><a href=\"https:\/\/www.humboldtforum.org\/de\/programm\/termin\/festival\/cine-slam-34522\/\">CIN\u00c9 SLAM (LIVE)\u00a0<\/a><br \/>\nDoueslik \/ Yelcouni \/ Oussou \/ Zampaligre<\/strong><\/p>\n<p>Zur Er\u00f6ffnung des Programms von AFRIKAMERA interpretieren der burkinische Slammer, Dichter und Schauspieler Doueslik gemeinsam mit den Musikern Erick Yelcouni und Oussou Filmsequenzen aus 50 Jahren Filmgeschichte des burkinischen Kinos von den 1970er Jahren bis heute mit Live-Musik und Poetry.<\/p>\n<p>Im Anschluss an den Slam spricht der Filmwissenschaftler Aboubacar Sanogo mit dem Filmkurator Rabih El-Khoury zur Bedeutung westafrikanischer Filmkunst und des burkinischen Kinos.<\/p>\n<h5>\u00a020:30-22:50 Uhr<\/h5>\n<p><a href=\"https:\/\/www.humboldtforum.org\/de\/programm\/termin\/film-video\/rumba-rules-new-genealogies-34568\/\"><strong>Rumba Rules, New Genealogies<br \/>\n<\/strong><\/a>von Sammy Baloji, David N. Bernatchez<\/p>\n<p>DR Kongo, Kanada, Belgien, Frankreich I 2020 I 108 min I OmE<br \/>\nDeutschlandpremiere<\/p>\n<p>Der Dokumentarfilm Rumba Rules, New Genealogies ist ein eindr\u00fccklicher, polyphoner filmischer Essay \u00fcber die Rumba-Szene der Demokratischen Republik Kongo und zugleich ein mitrei\u00dfendes Portr\u00e4t der Metropole Kinshasa.<\/p>\n\n\t\t\t\t\t\t\t\t\t\t\t\t\t\t\t\t\t\t\t\t\t\t\t\t\t\t\t\t\t\t\t\t\t\n\t\t\t\t\t\t\t\t\t\t\t<div class=\"row\">\n\t\t\t\t\t\t\t\t\t\t\t\t<div class=\"col-xs-9 col-md-9\">\n\t\t\t\t\t\t\t\t\t\t\t\t\t<div class=\"box\">\n\t\t\t\t\t\t\t\t\t\t\t\t\t\t\t\t\t\t\t\t\t\t\t\t\t\t\t<\/div>\n\t\t\t\t\t\t\t\t\t\t\t\t<\/div>\n\t\t\t\t\t\t\t\t\t\t\t<\/div>\n\n\t\t\t\t\t\t\t\t\t\t\t\t\t\t\t\t\t\t\t\t\t<\/div>\n\t\t\t\t\t\t\t\t\t<\/div>\n\t\t\t\t\t\t\t\t<\/div>\n\t\t\t\t\t\t\t\t<\/block-accordion-item>\n\t\t\t\t\t\t\t\t\t\t\t\t\t\t<block-accordion-item inline-template item-headline=\"Donnerstag, 18.11.2021 \">\n\t\t\t\t\t\t\t\t<div ref=\"item\" data-id=\"Donnerstag18112021\" class=\"block-accordion-item vue-initialize\" aria-expanded=\"false\" :aria-expanded=\"active ? 'true' : 'false'\">\n\t\t\t\t\t\t\t\t\t<button class=\"accordion-button-with-icon block-accordion-item-head\" :class=\"{'button-active': active}\" ref=\"head\" aria-controls=\"acc_69f316d89bdf7\" id=\"acc_title_69f316d89bdf8\" @click=\"toggle\" @keydown=\"key\">\n\t\t\t\t\t\t\t\t\t<div><span class=\"button-label\">Donnerstag, 18.11.2021 <\/span><\/div><span class=\"button-icon icon-plus\" aria-hidden=\"true\"><\/span>\n\t\t\t\t\t\t\t\t<\/button>\n\t\t\t\t\t\t\t\t\t<div ref=\"body\" class=\"block-accordion-item-content\" id=\"acc_69f316d89bdf7\" role=\"region\">\n\t\t\t\t\t\t\t\t\t\t<div class=\"wrapper copy\">\n\t\t\t\t\t\t\t\t\t\t\t<h5>10:00-20:30 Uhr<\/h5>\n<p><a href=\"https:\/\/www.humboldtforum.org\/de\/programm\/event\/film-video\/africa-in-vr-urban-africa-urban-movies-34590\/\"><strong>VR-Lounge:<\/strong> <strong>Urban Africa, Urban Movies \u2013 Africa in VR<br \/>\n<\/strong><\/a>Eintritt frei<\/p>\n<p>Begleitend zum Programm von AFRIKAMERA werden f\u00fcnf VR-Produktionen pr\u00e4sentiert, die sich auf sehr unterschiedliche k\u00fcnstlerische Art und Weise mit dem Leben in den Metropolen Nairobi, Accra, Lagos, Dakar und Johannesburg auseinandersetzen.<\/p>\n<h5>18-19:45 Uhr<\/h5>\n<p><a href=\"https:\/\/www.humboldtforum.org\/de\/programm\/termin\/festival\/afrikamera-shorts-34587\/\"><strong>AFRIKAMERA SHORTS<br \/>\n<\/strong><\/a>Kurzfilmprogramm<br \/>\n\u00c4gypten \/ \u00c4thiopien, Kenia, Sudan \/ Burkina Faso 2019-21 I 69 min<\/p>\n<p>Mit dem Programm AFRIKAMERA SHORTS pr\u00e4sentiert das Festival eine Auswahl herausragender, aktueller Kurzfilmproduktionen aus Burkina Faso, dem Sudan sowie aus \u00c4gypten.<\/p>\n<h5>20:30-22:30 Uhr<\/h5>\n<p><a href=\"https:\/\/www.humboldtforum.org\/de\/programm\/termin\/film-video\/landofthebravefilm-34588\/\"><strong>#LANDoftheBRAVEfilm<br \/>\n<\/strong><\/a>von Tim Huebschle<br \/>\nNamibia I 2019 I 95 min I OmU<br \/>\nDeutschlandpremiere<\/p>\n<p>Meisie Willemse arbeitet im Rotlichtviertel von Windhoek als Ermittlerin. W\u00e4hrend sie einer betrunkenen Prostituierten helfen m\u00f6chte, wird sie niedergeschlagen und ihrer Dienstwaffe beraubt. Im Zuge der Ermittlungen ger\u00e4t sie mit ihrem Partner Shivute in einen Strudel unvorhergesehener Ereignisse. In diesem Thriller l\u00e4sst der deutsch-namibische Regisseur Tim Huebschle hinter dem spannenden Plot die Verletzungen durch die Abgr\u00fcnde der j\u00fcngeren kolonialen Vergangenheit aufscheinen.<\/p>\n\n\t\t\t\t\t\t\t\t\t\t\t\t\t\t\t\t\t\t\t\t\t\t\t\t\t\t\t\t\t\t\t\t\t\n\t\t\t\t\t\t\t\t\t\t\t<div class=\"row\">\n\t\t\t\t\t\t\t\t\t\t\t\t<div class=\"col-xs-9 col-md-9\">\n\t\t\t\t\t\t\t\t\t\t\t\t\t<div class=\"box\">\n\t\t\t\t\t\t\t\t\t\t\t\t\t\t\t\t\t\t\t\t\t\t\t\t\t\t\t<\/div>\n\t\t\t\t\t\t\t\t\t\t\t\t<\/div>\n\t\t\t\t\t\t\t\t\t\t\t<\/div>\n\n\t\t\t\t\t\t\t\t\t\t\t\t\t\t\t\t\t\t\t\t\t<\/div>\n\t\t\t\t\t\t\t\t\t<\/div>\n\t\t\t\t\t\t\t\t<\/div>\n\t\t\t\t\t\t\t\t<\/block-accordion-item>\n\t\t\t\t\t\t\t\t\t\t\t\t\t\t<block-accordion-item inline-template item-headline=\"Freitag, 19.11.2021 \">\n\t\t\t\t\t\t\t\t<div ref=\"item\" data-id=\"Freitag19112021\" class=\"block-accordion-item vue-initialize\" aria-expanded=\"false\" :aria-expanded=\"active ? 'true' : 'false'\">\n\t\t\t\t\t\t\t\t\t<button class=\"accordion-button-with-icon block-accordion-item-head\" :class=\"{'button-active': active}\" ref=\"head\" aria-controls=\"acc_69f316d89c082\" id=\"acc_title_69f316d89c084\" @click=\"toggle\" @keydown=\"key\">\n\t\t\t\t\t\t\t\t\t<div><span class=\"button-label\">Freitag, 19.11.2021 <\/span><\/div><span class=\"button-icon icon-plus\" aria-hidden=\"true\"><\/span>\n\t\t\t\t\t\t\t\t<\/button>\n\t\t\t\t\t\t\t\t\t<div ref=\"body\" class=\"block-accordion-item-content\" id=\"acc_69f316d89c082\" role=\"region\">\n\t\t\t\t\t\t\t\t\t\t<div class=\"wrapper copy\">\n\t\t\t\t\t\t\t\t\t\t\t<h5>10-22 Uhr<\/h5>\n<p><a href=\"https:\/\/www.humboldtforum.org\/de\/programm\/event\/film-video\/africa-in-vr-urban-africa-urban-movies-34590\/\"><strong>VR-Lounge:<\/strong> <strong>Urban Africa, Urban Movies \u2013 Africa in VR<br \/>\n<\/strong><\/a>Eintritt frei<\/p>\n<p>Begleitend zum Programm von AFRIKAMERA werden f\u00fcnf VR-Produktionen pr\u00e4sentiert, die sich auf sehr unterschiedliche k\u00fcnstlerische Art und Weise mit dem Leben in den Metropolen Nairobi, Accra, Lagos, Dakar und Johannesburg auseinandersetzen.<\/p>\n\n\t\t\t\t\t\t\t\t\t\t\t\t\t\t\t\t\t\t\t\t\t\t\t\t\t\t\t\t\t\t\t\t\t\n\t\t\t\t\t\t\t\t\t\t\t<div class=\"row\">\n\t\t\t\t\t\t\t\t\t\t\t\t<div class=\"col-xs-9 col-md-9\">\n\t\t\t\t\t\t\t\t\t\t\t\t\t<div class=\"box\">\n\t\t\t\t\t\t\t\t\t\t\t\t\t\t\t\t\t\t\t\t\t\t\t\t\t\t\t<\/div>\n\t\t\t\t\t\t\t\t\t\t\t\t<\/div>\n\t\t\t\t\t\t\t\t\t\t\t<\/div>\n\n\t\t\t\t\t\t\t\t\t\t\t\t\t\t\t\t\t\t\t\t\t<\/div>\n\t\t\t\t\t\t\t\t\t<\/div>\n\t\t\t\t\t\t\t\t<\/div>\n\t\t\t\t\t\t\t\t<\/block-accordion-item>\n\t\t\t\t\t\t\t\t\t\t\t\t\t\t<block-accordion-item inline-template item-headline=\"Samstag, 20.11.2021 \">\n\t\t\t\t\t\t\t\t<div ref=\"item\" data-id=\"Samstag20112021\" class=\"block-accordion-item vue-initialize\" aria-expanded=\"false\" :aria-expanded=\"active ? 'true' : 'false'\">\n\t\t\t\t\t\t\t\t\t<button class=\"accordion-button-with-icon block-accordion-item-head\" :class=\"{'button-active': active}\" ref=\"head\" aria-controls=\"acc_69f316d89c2d2\" id=\"acc_title_69f316d89c2d3\" @click=\"toggle\" @keydown=\"key\">\n\t\t\t\t\t\t\t\t\t<div><span class=\"button-label\">Samstag, 20.11.2021 <\/span><\/div><span class=\"button-icon icon-plus\" aria-hidden=\"true\"><\/span>\n\t\t\t\t\t\t\t\t<\/button>\n\t\t\t\t\t\t\t\t\t<div ref=\"body\" class=\"block-accordion-item-content\" id=\"acc_69f316d89c2d2\" role=\"region\">\n\t\t\t\t\t\t\t\t\t\t<div class=\"wrapper copy\">\n\t\t\t\t\t\t\t\t\t\t\t<h5>10-22 Uhr<\/h5>\n<p><a href=\"https:\/\/www.humboldtforum.org\/de\/programm\/event\/film-video\/africa-in-vr-urban-africa-urban-movies-34590\/\"><strong>VR-Lounge:<\/strong> <strong>Urban Africa, Urban Movies \u2013 Africa in VR<br \/>\n<\/strong><\/a>Eintritt frei<\/p>\n<p>Begleitend zum Programm von AFRIKAMERA werden f\u00fcnf VR-Produktionen pr\u00e4sentiert, die sich auf sehr unterschiedliche k\u00fcnstlerische Art und Weise mit dem Leben in den Metropolen Nairobi, Accra, Lagos, Dakar und Johannesburg auseinandersetzen.<\/p>\n\n\t\t\t\t\t\t\t\t\t\t\t\t\t\t\t\t\t\t\t\t\t\t\t\t\t\t\t\t\t\t\t\t\t\n\t\t\t\t\t\t\t\t\t\t\t<div class=\"row\">\n\t\t\t\t\t\t\t\t\t\t\t\t<div class=\"col-xs-9 col-md-9\">\n\t\t\t\t\t\t\t\t\t\t\t\t\t<div class=\"box\">\n\t\t\t\t\t\t\t\t\t\t\t\t\t\t\t\t\t\t\t\t\t\t\t\t\t\t\t<\/div>\n\t\t\t\t\t\t\t\t\t\t\t\t<\/div>\n\t\t\t\t\t\t\t\t\t\t\t<\/div>\n\n\t\t\t\t\t\t\t\t\t\t\t\t\t\t\t\t\t\t\t\t\t<\/div>\n\t\t\t\t\t\t\t\t\t<\/div>\n\t\t\t\t\t\t\t\t<\/div>\n\t\t\t\t\t\t\t\t<\/block-accordion-item>\n\t\t\t\t\t\t\t\t\t\t\t\t\t\t<block-accordion-item inline-template item-headline=\"Sonntag, 21.11.2021 \">\n\t\t\t\t\t\t\t\t<div ref=\"item\" data-id=\"Sonntag21112021\" class=\"block-accordion-item vue-initialize\" aria-expanded=\"false\" :aria-expanded=\"active ? 'true' : 'false'\">\n\t\t\t\t\t\t\t\t\t<button class=\"accordion-button-with-icon block-accordion-item-head\" :class=\"{'button-active': active}\" ref=\"head\" aria-controls=\"acc_69f316d89c5b1\" id=\"acc_title_69f316d89c5b2\" @click=\"toggle\" @keydown=\"key\">\n\t\t\t\t\t\t\t\t\t<div><span class=\"button-label\">Sonntag, 21.11.2021 <\/span><\/div><span class=\"button-icon icon-plus\" aria-hidden=\"true\"><\/span>\n\t\t\t\t\t\t\t\t<\/button>\n\t\t\t\t\t\t\t\t\t<div ref=\"body\" class=\"block-accordion-item-content\" id=\"acc_69f316d89c5b1\" role=\"region\">\n\t\t\t\t\t\t\t\t\t\t<div class=\"wrapper copy\">\n\t\t\t\t\t\t\t\t\t\t\t<h5>10-22 Uhr<\/h5>\n<p><a href=\"https:\/\/www.humboldtforum.org\/de\/programm\/event\/film-video\/africa-in-vr-urban-africa-urban-movies-34590\/\"><strong>VR-Lounge:<\/strong> <strong>Urban Africa, Urban Movies \u2013 Africa in VR<br \/>\n<\/strong><\/a>Eintritt frei<\/p>\n<p>Begleitend zum Programm von AFRIKAMERA werden f\u00fcnf VR-Produktionen pr\u00e4sentiert, die sich auf sehr unterschiedliche k\u00fcnstlerische Art und Weise mit dem Leben in den Metropolen Nairobi, Accra, Lagos, Dakar und Johannesburg auseinandersetzen.<\/p>\n<h5>16-19 Uhr<\/h5>\n<p><a href=\"https:\/\/www.humboldtforum.org\/de\/programm\/termin\/film-video\/petit-jo-enfant-des-rues-34540\/\"><strong>Jugendfilm: Petit Jo <b>\u2013<\/b> enfant des Rues<br \/>\n<\/strong><\/a>von Daniel Kamwa<br \/>\nS\u00fcdafrika, Kamerun I 2019 I 118 min I OmU<\/p>\n<p>mit Vermittlungsprogramm, in Anwesenheit des Regisseurs Daniel Kamwa und Hauptdarstellers Barr\u00e9 Gobon<\/p>\n<p><em>Petit Jo &#8211; enfant des rues<\/em> erz\u00e4hlt die Geschichte eines mixed-race Waisenjungen in Kamerun, der sich trotz einiger Schicksalsschl\u00e4ge nicht vom Weg abbringen l\u00e4sst.<\/p>\n\n\t\t\t\t\t\t\t\t\t\t\t\t\t\t\t\t\t\t\t\t\t\t\t\t\t\t\t\t\t\t\t\t\t\n\t\t\t\t\t\t\t\t\t\t\t<div class=\"row\">\n\t\t\t\t\t\t\t\t\t\t\t\t<div class=\"col-xs-9 col-md-9\">\n\t\t\t\t\t\t\t\t\t\t\t\t\t<div class=\"box\">\n\t\t\t\t\t\t\t\t\t\t\t\t\t\t\t\t\t\t\t\t\t\t\t\t\t\t\t<\/div>\n\t\t\t\t\t\t\t\t\t\t\t\t<\/div>\n\t\t\t\t\t\t\t\t\t\t\t<\/div>\n\n\t\t\t\t\t\t\t\t\t\t\t\t\t\t\t\t\t\t\t\t\t<\/div>\n\t\t\t\t\t\t\t\t\t<\/div>\n\t\t\t\t\t\t\t\t<\/div>\n\t\t\t\t\t\t\t\t<\/block-accordion-item>\n\t\t\t\t\t\t\t\t\t\t\t\t\t<\/div>\n\t\t\t\t\t\t<\/block-accordion>\n\t\t\t\t\t\t\t\t\t<\/div>\n\t\t\t<\/div>\n\t\t<\/div>\n\t<\/div>\n<\/section>\n\n\n<section class=\"block block-teaser col-4 \" style=\"\">\n\t<lazy-component :fixed-min-height=\"400\">\n\t\n\t\t\t\t\t<div class=\"container-fluid\">\n\t\t\t\t<div class=\"row bottom-xs\">\n\t\t\t\t\t<div class=\"col-xs-12 col-md-8\">\n\t\t\t\t\t\t<h4>AFRIKAMERA im Humboldt Forum<\/h4>\t\t\t\t\t\t\t\t\t\t\t\t\t\t\t\t\t\t\t<\/div>\n\t\t\t\t\t<div class=\"col-xs-12 col-md-4 start-xs end-md margin-bottom-sixth\">\n\t\t\t\t\t\t\t\t\t\t\t<\/div>\n\t\t\t\t<\/div>\n\t\t\t\t<ul class=\"row\"> <li class=\"col-xs-6 col-sm-4 col-md-3 teaser-wrapper col-padding-remove\">\n\t<calendarteaser key=\"3452219316\" rawitem='{&quot;postId&quot;:34522,&quot;title&quot;:&quot;CIN\\u00c9 SLAM&quot;,&quot;excerpt&quot;:&quot;Slam meets Film, Word trifft Bild: Zur Er\\u00f6ffnung von\\u00a0AFRIKAMERA im Humboldt Forum interpretieren der burkinische Slammer, Dichter und Schauspieler Doueslik gemeinsam mit den Musikern Erick Yelcouni und Oussou Filmsequenzen aus 50 Jahren Filmgeschichte des burkinischen Kinos \\u2013 eine Weltpremiere.&quot;,&quot;slug&quot;:&quot;cine-slam&quot;,&quot;post_date&quot;:&quot;2021-10-28T11:54&quot;,&quot;type&quot;:&quot;event&quot;,&quot;permalink&quot;:&quot;https:\\\/\\\/www.humboldtforum.org\\\/de\\\/programm\\\/termin\\\/festival\\\/cine-slam-34522\\\/&quot;,&quot;genre&quot;:[845,729,393],&quot;genre_details&quot;:[{&quot;text&quot;:&quot;Festival&quot;,&quot;id&quot;:845,&quot;icon&quot;:null,&quot;parent&quot;:0},{&quot;text&quot;:&quot;Film\\\/Video&quot;,&quot;id&quot;:729,&quot;icon&quot;:null,&quot;parent&quot;:0},{&quot;text&quot;:&quot;Konzert&quot;,&quot;id&quot;:393,&quot;icon&quot;:null,&quot;parent&quot;:0}],&quot;stakeholder&quot;:[382],&quot;stakeholder_details&quot;:[{&quot;text&quot;:&quot;Stiftung Humboldt Forum im Berliner Schloss&quot;,&quot;id&quot;:382,&quot;icon&quot;:null,&quot;parent&quot;:0}],&quot;targetgroup&quot;:[383],&quot;targetgroup_details&quot;:[{&quot;text&quot;:&quot;Erwachsene&quot;,&quot;id&quot;:383,&quot;icon&quot;:null,&quot;parent&quot;:0}],&quot;language&quot;:[384,789],&quot;language_details&quot;:[{&quot;text&quot;:&quot;Deutsch&quot;,&quot;id&quot;:384,&quot;icon&quot;:null,&quot;parent&quot;:0},{&quot;text&quot;:&quot;Franz\\u00f6sisch&quot;,&quot;id&quot;:789,&quot;icon&quot;:null,&quot;parent&quot;:0}],&quot;place&quot;:[883],&quot;place_details&quot;:{&quot;place&quot;:&quot;Humboldt Forum&quot;,&quot;map&quot;:&quot;Humboldt Forum, Schlossplatz, Berlin&quot;,&quot;room&quot;:&quot;Saal 2, EG&quot;},&quot;icon_overwrite&quot;:&quot;&quot;,&quot;acf&quot;:{&quot;hashtag&quot;:&quot;HumboldtForum&quot;,&quot;noindex&quot;:false,&quot;keywords&quot;:&quot;&quot;,&quot;shorturl&quot;:&quot;&quot;,&quot;times&quot;:[],&quot;planning&quot;:{&quot;price&quot;:&quot;7,50 EUR, erm\\u00e4\\u00dfigt 3,25 EUR&quot;,&quot;admission&quot;:&quot;&quot;,&quot;pause&quot;:&quot;&quot;,&quot;duration&quot;:&quot;&quot;},&quot;subline&quot;:&quot;Doueslik | Yelcouni | Oussou | Zampaligre&quot;,&quot;subline_feature&quot;:&quot;&quot;,&quot;marketing_text&quot;:&quot;Slam meets Film, Word trifft Bild in einer Weltpremiere&quot;,&quot;shorttext&quot;:&quot;Slam meets Film, Word trifft Bild: Zur Er\\u00f6ffnung von\\u00a0AFRIKAMERA im Humboldt Forum interpretieren der burkinische Slammer, Dichter und Schauspieler Doueslik gemeinsam mit den Musikern Erick Yelcouni und Oussou Filmsequenzen aus 50 Jahren Filmgeschichte des burkinischen Kinos \\u2013 eine Weltpremiere.&quot;,&quot;longtext&quot;:&quot;&quot;,&quot;tickettext&quot;:&quot;Ticketbuchung ab 01.11.2021 online oder an der Kasse im Foyer.&quot;,&quot;additional_info&quot;:{&quot;icon&quot;:&quot;icon-sprachen&quot;,&quot;text&quot;:&quot;Franz\\u00f6sisch mit Simultan\\u00fcbersetzung ins Deutsche&quot;},&quot;highlight_header&quot;:false,&quot;featured_images&quot;:[34582,34584],&quot;video&quot;:false,&quot;use_video_in_teasers&quot;:false,&quot;hyphenation&quot;:true,&quot;tipp&quot;:false,&quot;alert_text&quot;:&quot;&quot;,&quot;joker&quot;:false,&quot;live&quot;:false,&quot;overwrite_date&quot;:&quot;&quot;,&quot;hide_event_in_program&quot;:false,&quot;belongsto&quot;:[55517]},&quot;date&quot;:{&quot;NX&quot;:null,&quot;NXX&quot;:null,&quot;NLAST&quot;:&quot;202111171600&quot;,&quot;from_DATE&quot;:&quot;20211117 18:00&quot;,&quot;from&quot;:1637164800,&quot;to&quot;:1637164800,&quot;to_DATE&quot;:&quot;20211117 18:00&quot;,&quot;from_HRFSHORT&quot;:&quot;17. Nov 2021&quot;,&quot;from_HRFSHORT_WD&quot;:&quot;Mi 17.11.2021&quot;,&quot;to_HRFSHORT&quot;:&quot;17. Nov 2021&quot;,&quot;to_HRFSHORT_WD&quot;:&quot;Mi 17.11.2021&quot;,&quot;from_HRF&quot;:&quot;Mi, 17. November 2021&quot;,&quot;to_HRF&quot;:&quot;Mi, 17. November 2021&quot;,&quot;from_to_HRF&quot;:&quot;Mi, 17. November \\u2013 Mi, 17. November 2021&quot;,&quot;from_to_HRFSHORT&quot;:&quot;17. Nov \\u2013 17. Nov 2021&quot;},&quot;alert&quot;:null,&quot;partof&quot;:[&quot;34592&quot;,&quot;55517&quot;],&quot;marketing_topic&quot;:{&quot;title&quot;:&quot;AFRIKAMERA&quot;,&quot;ID&quot;:&quot;34592&quot;,&quot;reason&quot;:&quot;sequence&quot;}}' inline-template>\n\t<a href=\"https:\/\/www.humboldtforum.org\/de\/programm\/termin\/festival\/cine-slam-34522\/\" class=\"teaser teaser-event teaser-event-standard\">\n\t\t<div class=\"row\">\n\t\t\t<div class=\"col-xs-12 teaser-event-image\">\n\t\t\t\t<div class=\"teaser-image teaser-image-no-alternate\">\n\t\t\t\t\t\t\t\t\t\t\t\n\t<lazy-media-inline inline-template>\n\t\t<figure itemscope itemtype=\"http:\/\/schema.org\/ImageObject\" class=\"lazy-media-inline \" role=\"group\" id=\"media_69f316d8c56a9\" aria-labelledby=\"desc_media_69f316d8c56a9\">\n\t\t\t<script type=\"application\/json\" ref=\"data\">\n\t\t\t\t{\n\t\t\t\t\"sizes\" : {\"medium\":{\"file\":\"SHF_eb00120475-300x200.jpg\",\"width\":300,\"height\":200,\"mime-type\":\"image\\\/jpeg\"},\"large\":{\"file\":\"SHF_eb00120475-1024x684.jpg\",\"width\":1024,\"height\":684,\"mime-type\":\"image\\\/jpeg\"},\"thumbnail\":{\"file\":\"SHF_eb00120475-150x150.jpg\",\"width\":150,\"height\":150,\"mime-type\":\"image\\\/jpeg\"},\"medium_large\":{\"file\":\"SHF_eb00120475-768x513.jpg\",\"width\":768,\"height\":513,\"mime-type\":\"image\\\/jpeg\"},\"small\":{\"file\":\"SHF_eb00120475-440x294.jpg\",\"width\":440,\"height\":294,\"mime-type\":\"image\\\/jpeg\"},\"semi\":{\"file\":\"SHF_eb00120475-580x387.jpg\",\"width\":580,\"height\":387,\"mime-type\":\"image\\\/jpeg\"},\"mobile\":{\"file\":\"SHF_eb00120475-720x481.jpg\",\"width\":720,\"height\":481,\"mime-type\":\"image\\\/jpeg\"},\"hd\":{\"file\":\"SHF_eb00120475-1280x854.jpg\",\"width\":1280,\"height\":854,\"mime-type\":\"image\\\/jpeg\"},\"full\":{\"file\":\"SHF_eb00120475-1920x1282.jpg\",\"width\":1920,\"height\":1282,\"mime-type\":\"image\\\/jpeg\"},\"1536x1536\":{\"file\":\"SHF_eb00120475-1536x1025.jpg\",\"width\":1536,\"height\":1025,\"mime-type\":\"image\\\/jpeg\"},\"original\":{\"file\":\"SHF_eb00120475.jpg\",\"width\":2048,\"height\":1367}},\n\t\t\t\t\"alt\" : \"Mann auf der B\\u00fchne spricht ins Mikrofon und gestikuliert, im Hintergrund Backstein und eine Leinwand.\",\n\t\t\t\t\"path\" : \"\\\/wp-content\\\/uploads\\\/2021\\\/10\\\/\",\n\t\t\t\t\"video\" : null,\n\t\t\t\t\"autoplay\" : null,\n\t\t\t\t\"youtube\" : null,\n\t\t\t\t\"youtubelabel\" : \"Video abspielen\",\n\t\t\t\t\"brightness\" : 100,\n\t\t\t\t\"crop\" : {\"top\":\"50.00\",\"left\":\"50.00\"},\n\t\t\t\t\"background\" : true,\n\t\t\t\t\"scale\" : 2\t\t\t\t}\n\t\t\t<\/script>\n\n\t\t\t<div class=\"height-container\" style=\"padding-bottom:66.748046875%;\" v-if=\"sizes\">\n\t\t\t\t\t\t\t\t<lazy-media :inline=\"true\" :alt=\"alt\" :sizes=\"sizes\" :scale=\"scale\" :brightness=\"brightness\" :path=\"path\" :video=\"video\" :autoplay=\"autoplay\" :youtube=\"youtube\" :crop=\"crop\" :youtubelabel=\"youtubelabel\" :background=\"background\" media-id=\"desc_media_69f316d8c56a9\"><\/lazy-media>\n\t\t\t\t\t\t\t<\/div>\n\n\t\t\t\t\t\t\t<figcaption class=\"sr-only\" ref=\"body\" id=\"desc_media_69f316d8c56a9\">\n\t\t\t\t\t\t\t\t\t\t\t<div>Cin&eacute; Slam Nomwind&eacute; V. Sawadogo\t<\/div>\n\t\t\t\t\t\t\t\t\t\t\t\t\t\t\t\t\t\t\t\t\t<div class=\"insignificant\">\u00a9 Afrikamera \/ Nomwinde\u0301 V. Sawadogo\r\n<\/div>\n\t\t\t\t\t\t\t\t\t<\/figcaption>\n\t\t\t\t\t<\/figure>\n\t<\/lazy-media-inline>\n\t\t\t\t<\/div>\n\t\t\t<\/div>\n\t\t\t<div class=\"col-xs-12 teaser-event-text Infos\">\n\t\t\t\t<div class=\"teaser-event-standard-text\">\n\t\t\t\t\t<div class=\"margin-bottom-atom\">\n\t\t\t\t\t\t<div class=\"subline clamp-1\" v-html=\"maingenre\"><\/div>\n\t\t\t\t\t\t\t\t\t\t\t\t\t<div class=\"insignificant clamp-2\">AFRIKAMERA<\/div>\n\t\t\t\t\t\t\t\t\t\t\t<\/div>\n\t\t\t\t\n\t\t\t\t\t<strong class=\"margin-bottom-atom\">CIN\u00c9 SLAM<\/strong>\n\n\t\t\t\t\t\t\t\t\t\t\t<div class=\"\">Slam meets Film, Word trifft Bild in einer Weltpremiere<\/div>\n\t\t\t\t\t\t\t\t\t<\/div>\n\t\t\t\t<div class=\"teaser-bottom border-bottom\">\n\t\t\t\t<calendardateline :rawitem='item' :show-icon=\"true\"><\/calendardateline>\n\t\t\t\t\t<hr>\n\t\t\t\t<\/div>\n\t\t\t<\/div>\n\t\t<\/div>\n\t<\/a>\n\t<\/calendarteaser>\n<\/li>\n\n<li class=\"col-xs-6 col-sm-4 col-md-3 teaser-wrapper col-padding-remove\">\n\t<calendarteaser key=\"3456811881\" rawitem='{&quot;postId&quot;:34568,&quot;title&quot;:&quot;Rumba Rules, New Genealogies&quot;,&quot;excerpt&quot;:&quot;Hinter den Kulissen der Musikszene von Kinshasa: Der Dokumentarfilm \\u201eRumba Rules, New Genealogies \\u201c von David N. Bernatchez und Sammy Baloji bietet einen unterhaltsamen und ungeschminkten Einblick.&quot;,&quot;slug&quot;:&quot;rumba-rules-new-genealogies&quot;,&quot;post_date&quot;:&quot;2021-10-28T16:52&quot;,&quot;type&quot;:&quot;event&quot;,&quot;permalink&quot;:&quot;https:\\\/\\\/www.humboldtforum.org\\\/de\\\/programm\\\/termin\\\/film-video\\\/rumba-rules-new-genealogies-34568\\\/&quot;,&quot;genre&quot;:[729],&quot;genre_details&quot;:[{&quot;text&quot;:&quot;Film\\\/Video&quot;,&quot;id&quot;:729,&quot;icon&quot;:null,&quot;parent&quot;:0}],&quot;stakeholder&quot;:[382],&quot;stakeholder_details&quot;:[{&quot;text&quot;:&quot;Stiftung Humboldt Forum im Berliner Schloss&quot;,&quot;id&quot;:382,&quot;icon&quot;:null,&quot;parent&quot;:0}],&quot;targetgroup&quot;:[383],&quot;targetgroup_details&quot;:[{&quot;text&quot;:&quot;Erwachsene&quot;,&quot;id&quot;:383,&quot;icon&quot;:null,&quot;parent&quot;:0}],&quot;language&quot;:[385,1225],&quot;language_details&quot;:[{&quot;text&quot;:&quot;Englisch&quot;,&quot;id&quot;:385,&quot;icon&quot;:null,&quot;parent&quot;:0},{&quot;text&quot;:&quot;Lingala&quot;,&quot;id&quot;:1225,&quot;icon&quot;:null,&quot;parent&quot;:0}],&quot;accessability&quot;:[780],&quot;accessability_details&quot;:[{&quot;text&quot;:&quot;Untertitel&quot;,&quot;id&quot;:780,&quot;icon&quot;:null,&quot;parent&quot;:0}],&quot;place&quot;:[883],&quot;place_details&quot;:{&quot;place&quot;:&quot;Humboldt Forum&quot;,&quot;map&quot;:&quot;Humboldt Forum, Schlossplatz, Berlin&quot;,&quot;room&quot;:&quot;Saal 2, EG&quot;},&quot;icon_overwrite&quot;:&quot;&quot;,&quot;acf&quot;:{&quot;hashtag&quot;:&quot;HumboldtForum&quot;,&quot;noindex&quot;:false,&quot;keywords&quot;:&quot;&quot;,&quot;shorturl&quot;:&quot;&quot;,&quot;times&quot;:[],&quot;planning&quot;:{&quot;price&quot;:&quot;5 EUR, erm\\u00e4\\u00dfigt 2,50 EUR&quot;,&quot;admission&quot;:&quot;&quot;,&quot;pause&quot;:&quot;&quot;,&quot;duration&quot;:&quot;&quot;},&quot;subline&quot;:&quot;von Sammy Baloji und David N. Bernatchez &quot;,&quot;subline_feature&quot;:&quot;Deutschlandpremiere&quot;,&quot;marketing_text&quot;:&quot;Hinter den Kulissen der Musikszene von Kinshasa&quot;,&quot;shorttext&quot;:&quot;Hinter den Kulissen der Musikszene von Kinshasa: Der Dokumentarfilm \\u201eRumba Rules, New Genealogies \\u201c von David N. Bernatchez und Sammy Baloji bietet einen unterhaltsamen und ungeschminkten Einblick.&quot;,&quot;longtext&quot;:&quot;&quot;,&quot;tickettext&quot;:&quot;Buchen Sie Ihr Ticket vorab online oder an der Kasse im Foyer.&quot;,&quot;infotext&quot;:&quot;Filmvorf\\u00fchrung und im Anschluss Publikumsgespr\\u00e4ch mit David N. Bernatchez&quot;,&quot;additional_info&quot;:{&quot;icon&quot;:&quot;icon-live-fill&quot;,&quot;text&quot;:&quot;DR Kongo, Kanada, Belgien, Frankreich I 2020 I 108 min I Sprache: Lingala\\u00a0I\\u00a0Englische Untertitel&quot;},&quot;highlight_header&quot;:false,&quot;featured_images&quot;:[34601,34610],&quot;video&quot;:false,&quot;use_video_in_teasers&quot;:false,&quot;hyphenation&quot;:true,&quot;tipp&quot;:false,&quot;alert_text&quot;:&quot;&quot;,&quot;joker&quot;:false,&quot;live&quot;:false,&quot;overwrite_date&quot;:&quot;&quot;,&quot;hide_event_in_program&quot;:false,&quot;belongsto&quot;:[55517]},&quot;date&quot;:{&quot;NX&quot;:null,&quot;NXX&quot;:null,&quot;NLAST&quot;:&quot;202111171830&quot;,&quot;from_DATE&quot;:&quot;20211117 20:30&quot;,&quot;from&quot;:1637173800,&quot;to&quot;:1637173800,&quot;to_DATE&quot;:&quot;20211117 20:30&quot;,&quot;from_HRFSHORT&quot;:&quot;17. Nov 2021&quot;,&quot;from_HRFSHORT_WD&quot;:&quot;Mi 17.11.2021&quot;,&quot;to_HRFSHORT&quot;:&quot;17. Nov 2021&quot;,&quot;to_HRFSHORT_WD&quot;:&quot;Mi 17.11.2021&quot;,&quot;from_HRF&quot;:&quot;Mi, 17. November 2021&quot;,&quot;to_HRF&quot;:&quot;Mi, 17. November 2021&quot;,&quot;from_to_HRF&quot;:&quot;Mi, 17. November \\u2013 Mi, 17. November 2021&quot;,&quot;from_to_HRFSHORT&quot;:&quot;17. Nov \\u2013 17. Nov 2021&quot;},&quot;alert&quot;:null,&quot;partof&quot;:[&quot;34592&quot;,&quot;55517&quot;],&quot;marketing_topic&quot;:{&quot;title&quot;:&quot;AFRIKAMERA&quot;,&quot;ID&quot;:&quot;34592&quot;,&quot;reason&quot;:&quot;sequence&quot;}}' inline-template>\n\t<a href=\"https:\/\/www.humboldtforum.org\/de\/programm\/termin\/film-video\/rumba-rules-new-genealogies-34568\/\" class=\"teaser teaser-event teaser-event-standard\">\n\t\t<div class=\"row\">\n\t\t\t<div class=\"col-xs-12 teaser-event-image\">\n\t\t\t\t<div class=\"teaser-image teaser-image-no-alternate\">\n\t\t\t\t\t\t\t\t\t\t\t\n\t<lazy-media-inline inline-template>\n\t\t<figure itemscope itemtype=\"http:\/\/schema.org\/ImageObject\" class=\"lazy-media-inline \" role=\"group\" id=\"media_69f316d8c60c0\" aria-labelledby=\"desc_media_69f316d8c60c0\">\n\t\t\t<script type=\"application\/json\" ref=\"data\">\n\t\t\t\t{\n\t\t\t\t\"sizes\" : {\"medium\":{\"file\":\"SHF_eb00120512-300x169.jpg\",\"width\":300,\"height\":169,\"mime-type\":\"image\\\/jpeg\"},\"large\":{\"file\":\"SHF_eb00120512-1024x576.jpg\",\"width\":1024,\"height\":576,\"mime-type\":\"image\\\/jpeg\"},\"thumbnail\":{\"file\":\"SHF_eb00120512-150x150.jpg\",\"width\":150,\"height\":150,\"mime-type\":\"image\\\/jpeg\"},\"medium_large\":{\"file\":\"SHF_eb00120512-768x432.jpg\",\"width\":768,\"height\":432,\"mime-type\":\"image\\\/jpeg\"},\"small\":{\"file\":\"SHF_eb00120512-440x248.jpg\",\"width\":440,\"height\":248,\"mime-type\":\"image\\\/jpeg\"},\"semi\":{\"file\":\"SHF_eb00120512-580x326.jpg\",\"width\":580,\"height\":326,\"mime-type\":\"image\\\/jpeg\"},\"mobile\":{\"file\":\"SHF_eb00120512-720x405.jpg\",\"width\":720,\"height\":405,\"mime-type\":\"image\\\/jpeg\"},\"hd\":{\"file\":\"SHF_eb00120512-1280x720.jpg\",\"width\":1280,\"height\":720,\"mime-type\":\"image\\\/jpeg\"},\"full\":{\"file\":\"SHF_eb00120512-1920x1080.jpg\",\"width\":1920,\"height\":1080,\"mime-type\":\"image\\\/jpeg\"},\"1536x1536\":{\"file\":\"SHF_eb00120512-1536x864.jpg\",\"width\":1536,\"height\":864,\"mime-type\":\"image\\\/jpeg\"},\"original\":{\"file\":\"SHF_eb00120512.jpg\",\"width\":2048,\"height\":1152}},\n\t\t\t\t\"alt\" : \"Gruppe von M\\u00e4nnern auf einer B\\u00fchne, die in bunten Outfits eine musikalische Darbietung zeigen.\",\n\t\t\t\t\"path\" : \"\\\/wp-content\\\/uploads\\\/2021\\\/10\\\/\",\n\t\t\t\t\"video\" : null,\n\t\t\t\t\"autoplay\" : null,\n\t\t\t\t\"youtube\" : null,\n\t\t\t\t\"youtubelabel\" : \"Video abspielen\",\n\t\t\t\t\"brightness\" : 100,\n\t\t\t\t\"crop\" : {\"top\":\"50.00\",\"left\":\"50.00\"},\n\t\t\t\t\"background\" : true,\n\t\t\t\t\"scale\" : 2\t\t\t\t}\n\t\t\t<\/script>\n\n\t\t\t<div class=\"height-container\" style=\"padding-bottom:56.25%;\" v-if=\"sizes\">\n\t\t\t\t\t\t\t\t<lazy-media :inline=\"true\" :alt=\"alt\" :sizes=\"sizes\" :scale=\"scale\" :brightness=\"brightness\" :path=\"path\" :video=\"video\" :autoplay=\"autoplay\" :youtube=\"youtube\" :crop=\"crop\" :youtubelabel=\"youtubelabel\" :background=\"background\" media-id=\"desc_media_69f316d8c60c0\"><\/lazy-media>\n\t\t\t\t\t\t\t<\/div>\n\n\t\t\t\t\t\t\t<figcaption class=\"sr-only\" ref=\"body\" id=\"desc_media_69f316d8c60c0\">\n\t\t\t\t\t\t\t\t\t\t\t<div>Repet Fin, Filmausschnitt aus dem Dokumentarfilm &bdquo;Rumba Rules, New Genealogies&ldquo; von David N. Bernatchez und Sammy Baloji<\/div>\n\t\t\t\t\t\t\t\t\t\t\t\t\t\t\t\t\t\t\t\t\t<div class=\"insignificant\">\u00a9 Twenty Nine Studio &#038; Production<\/div>\n\t\t\t\t\t\t\t\t\t<\/figcaption>\n\t\t\t\t\t<\/figure>\n\t<\/lazy-media-inline>\n\t\t\t\t<\/div>\n\t\t\t<\/div>\n\t\t\t<div class=\"col-xs-12 teaser-event-text Infos\">\n\t\t\t\t<div class=\"teaser-event-standard-text\">\n\t\t\t\t\t<div class=\"margin-bottom-atom\">\n\t\t\t\t\t\t<div class=\"subline clamp-1\" v-html=\"maingenre\"><\/div>\n\t\t\t\t\t\t\t\t\t\t\t\t\t<div class=\"insignificant clamp-2\">AFRIKAMERA<\/div>\n\t\t\t\t\t\t\t\t\t\t\t<\/div>\n\t\t\t\t\n\t\t\t\t\t<strong class=\"margin-bottom-atom\">Rumba Rules, New Genealogies<\/strong>\n\n\t\t\t\t\t\t\t\t\t\t\t<div class=\"\">Hinter den Kulissen der Musikszene von Kinshasa<\/div>\n\t\t\t\t\t\t\t\t\t<\/div>\n\t\t\t\t<div class=\"teaser-bottom border-bottom\">\n\t\t\t\t<calendardateline :rawitem='item' :show-icon=\"true\"><\/calendardateline>\n\t\t\t\t\t<hr>\n\t\t\t\t<\/div>\n\t\t\t<\/div>\n\t\t<\/div>\n\t<\/a>\n\t<\/calendarteaser>\n<\/li>\n\n<li class=\"col-xs-6 col-sm-4 col-md-3 teaser-wrapper col-padding-remove\">\n\t<calendarteaser key=\"345875038\" rawitem='{&quot;postId&quot;:34587,&quot;title&quot;:&quot;AFRIKAMERA SHORTS&quot;,&quot;excerpt&quot;:&quot;Mit\\u00a0AFRIKAMERA SHORTS\\u00a0pr\\u00e4sentiert Festivalleiter Alex Moussa Sawadogo eine Auswahl herausragender, aktueller Kurzfilmproduktionen aus Burkina Faso, dem Sudan sowie aus \\u00c4gypten.&quot;,&quot;slug&quot;:&quot;afrikamera-shorts&quot;,&quot;post_date&quot;:&quot;2021-10-29T13:55&quot;,&quot;type&quot;:&quot;event&quot;,&quot;permalink&quot;:&quot;https:\\\/\\\/www.humboldtforum.org\\\/de\\\/programm\\\/termin\\\/festival\\\/afrikamera-shorts-34587\\\/&quot;,&quot;genre&quot;:[845,729],&quot;genre_details&quot;:[{&quot;text&quot;:&quot;Festival&quot;,&quot;id&quot;:845,&quot;icon&quot;:null,&quot;parent&quot;:0},{&quot;text&quot;:&quot;Film\\\/Video&quot;,&quot;id&quot;:729,&quot;icon&quot;:null,&quot;parent&quot;:0}],&quot;stakeholder&quot;:[382],&quot;stakeholder_details&quot;:[{&quot;text&quot;:&quot;Stiftung Humboldt Forum im Berliner Schloss&quot;,&quot;id&quot;:382,&quot;icon&quot;:null,&quot;parent&quot;:0}],&quot;targetgroup&quot;:[383,455],&quot;targetgroup_details&quot;:[{&quot;text&quot;:&quot;Erwachsene&quot;,&quot;id&quot;:383,&quot;icon&quot;:null,&quot;parent&quot;:0},{&quot;text&quot;:&quot;Jugendliche&quot;,&quot;id&quot;:455,&quot;icon&quot;:null,&quot;parent&quot;:0}],&quot;language&quot;:[388,384,1227,385,789,1229],&quot;language_details&quot;:[{&quot;text&quot;:&quot;Arabisch&quot;,&quot;id&quot;:388,&quot;icon&quot;:null,&quot;parent&quot;:0},{&quot;text&quot;:&quot;Deutsch&quot;,&quot;id&quot;:384,&quot;icon&quot;:null,&quot;parent&quot;:0},{&quot;text&quot;:&quot;Dioula&quot;,&quot;id&quot;:1227,&quot;icon&quot;:null,&quot;parent&quot;:0},{&quot;text&quot;:&quot;Englisch&quot;,&quot;id&quot;:385,&quot;icon&quot;:null,&quot;parent&quot;:0},{&quot;text&quot;:&quot;Franz\\u00f6sisch&quot;,&quot;id&quot;:789,&quot;icon&quot;:null,&quot;parent&quot;:0},{&quot;text&quot;:&quot;Moor\\u00e9&quot;,&quot;id&quot;:1229,&quot;icon&quot;:null,&quot;parent&quot;:0}],&quot;accessability&quot;:[780],&quot;accessability_details&quot;:[{&quot;text&quot;:&quot;Untertitel&quot;,&quot;id&quot;:780,&quot;icon&quot;:null,&quot;parent&quot;:0}],&quot;place&quot;:[883],&quot;place_details&quot;:{&quot;place&quot;:&quot;Humboldt Forum&quot;,&quot;map&quot;:&quot;Humboldt Forum, Schlossplatz, Berlin&quot;,&quot;room&quot;:&quot;Saal 2, EG&quot;},&quot;icon_overwrite&quot;:&quot;&quot;,&quot;acf&quot;:{&quot;hashtag&quot;:&quot;HumboldtForum&quot;,&quot;noindex&quot;:false,&quot;keywords&quot;:&quot;&quot;,&quot;shorturl&quot;:&quot;&quot;,&quot;times&quot;:[],&quot;planning&quot;:{&quot;price&quot;:&quot;5 EUR, erm\\u00e4\\u00dfigt 2,50 EUR&quot;,&quot;admission&quot;:&quot;&quot;,&quot;pause&quot;:&quot;&quot;,&quot;duration&quot;:&quot;&quot;},&quot;subline&quot;:&quot;Kurzfilmprogramm&quot;,&quot;subline_feature&quot;:&quot;&quot;,&quot;marketing_text&quot;:&quot;Eine Auswahl herausragender, aktueller Kurzfilmproduktionen&quot;,&quot;shorttext&quot;:&quot;Mit\\u00a0AFRIKAMERA SHORTS\\u00a0pr\\u00e4sentiert Festivalleiter Alex Moussa Sawadogo eine Auswahl herausragender, aktueller Kurzfilmproduktionen aus Burkina Faso, dem Sudan sowie aus \\u00c4gypten.&quot;,&quot;longtext&quot;:&quot;&quot;,&quot;additional_info&quot;:{&quot;icon&quot;:&quot;icon-live-fill&quot;,&quot;text&quot;:&quot;\\u00c4gypten | \\u00c4thiopien, Kenia, Sudan, Burkina Faso | 2019-21 I 69 min&quot;},&quot;highlight_header&quot;:false,&quot;featured_images&quot;:[34614,34612,34616],&quot;video&quot;:false,&quot;use_video_in_teasers&quot;:false,&quot;hyphenation&quot;:true,&quot;tipp&quot;:false,&quot;alert_text&quot;:&quot;&quot;,&quot;joker&quot;:false,&quot;live&quot;:false,&quot;overwrite_date&quot;:&quot;&quot;,&quot;hide_event_in_program&quot;:false,&quot;tickettext&quot;:&quot;Buchen Sie Ihr Ticket vorab online oder an der Kasse im Foyer.&quot;,&quot;infotext&quot;:&quot;Sprachinfos zu den einzelnen Filmen unten im Text.&quot;,&quot;belongsto&quot;:[55517]},&quot;date&quot;:{&quot;NX&quot;:null,&quot;NXX&quot;:null,&quot;NLAST&quot;:&quot;202111181600&quot;,&quot;from_DATE&quot;:&quot;20211118 18:00&quot;,&quot;from&quot;:1637251200,&quot;to&quot;:1637251200,&quot;to_DATE&quot;:&quot;20211118 18:00&quot;,&quot;from_HRFSHORT&quot;:&quot;18. Nov 2021&quot;,&quot;from_HRFSHORT_WD&quot;:&quot;Do 18.11.2021&quot;,&quot;to_HRFSHORT&quot;:&quot;18. Nov 2021&quot;,&quot;to_HRFSHORT_WD&quot;:&quot;Do 18.11.2021&quot;,&quot;from_HRF&quot;:&quot;Do, 18. November 2021&quot;,&quot;to_HRF&quot;:&quot;Do, 18. November 2021&quot;,&quot;from_to_HRF&quot;:&quot;Do, 18. November \\u2013 Do, 18. November 2021&quot;,&quot;from_to_HRFSHORT&quot;:&quot;18. Nov \\u2013 18. Nov 2021&quot;},&quot;alert&quot;:null,&quot;partof&quot;:[55517,34592],&quot;marketing_topic&quot;:{&quot;title&quot;:&quot;AFRIKAMERA&quot;,&quot;ID&quot;:55517,&quot;reason&quot;:&quot;sequence&quot;}}' inline-template>\n\t<a href=\"https:\/\/www.humboldtforum.org\/de\/programm\/termin\/festival\/afrikamera-shorts-34587\/\" class=\"teaser teaser-event teaser-event-standard\">\n\t\t<div class=\"row\">\n\t\t\t<div class=\"col-xs-12 teaser-event-image\">\n\t\t\t\t<div class=\"teaser-image teaser-image-no-alternate\">\n\t\t\t\t\t\t\t\t\t\t\t\n\t<lazy-media-inline inline-template>\n\t\t<figure itemscope itemtype=\"http:\/\/schema.org\/ImageObject\" class=\"lazy-media-inline \" role=\"group\" id=\"media_69f316d8c6a3c\" aria-labelledby=\"desc_media_69f316d8c6a3c\">\n\t\t\t<script type=\"application\/json\" ref=\"data\">\n\t\t\t\t{\n\t\t\t\t\"sizes\" : {\"medium\":{\"file\":\"SHF_eb00120481-300x169.jpg\",\"width\":300,\"height\":169,\"mime-type\":\"image\\\/jpeg\"},\"large\":{\"file\":\"SHF_eb00120481-1024x576.jpg\",\"width\":1024,\"height\":576,\"mime-type\":\"image\\\/jpeg\"},\"thumbnail\":{\"file\":\"SHF_eb00120481-150x150.jpg\",\"width\":150,\"height\":150,\"mime-type\":\"image\\\/jpeg\"},\"medium_large\":{\"file\":\"SHF_eb00120481-768x432.jpg\",\"width\":768,\"height\":432,\"mime-type\":\"image\\\/jpeg\"},\"small\":{\"file\":\"SHF_eb00120481-440x248.jpg\",\"width\":440,\"height\":248,\"mime-type\":\"image\\\/jpeg\"},\"semi\":{\"file\":\"SHF_eb00120481-580x326.jpg\",\"width\":580,\"height\":326,\"mime-type\":\"image\\\/jpeg\"},\"mobile\":{\"file\":\"SHF_eb00120481-720x405.jpg\",\"width\":720,\"height\":405,\"mime-type\":\"image\\\/jpeg\"},\"hd\":{\"file\":\"SHF_eb00120481-1280x720.jpg\",\"width\":1280,\"height\":720,\"mime-type\":\"image\\\/jpeg\"},\"1536x1536\":{\"file\":\"SHF_eb00120481-1536x864.jpg\",\"width\":1536,\"height\":864,\"mime-type\":\"image\\\/jpeg\"},\"original\":{\"file\":\"SHF_eb00120481.jpg\",\"width\":1920,\"height\":1080}},\n\t\t\t\t\"alt\" : \"Zwei Personen schauen sich den Motor eines rauchenden Autos in einer gr\\u00fcnen Umgebung an.\",\n\t\t\t\t\"path\" : \"\\\/wp-content\\\/uploads\\\/2021\\\/10\\\/\",\n\t\t\t\t\"video\" : null,\n\t\t\t\t\"autoplay\" : null,\n\t\t\t\t\"youtube\" : null,\n\t\t\t\t\"youtubelabel\" : \"Video abspielen\",\n\t\t\t\t\"brightness\" : 100,\n\t\t\t\t\"crop\" : {\"top\":\"50.00\",\"left\":\"50.00\"},\n\t\t\t\t\"background\" : true,\n\t\t\t\t\"scale\" : 2\t\t\t\t}\n\t\t\t<\/script>\n\n\t\t\t<div class=\"height-container\" style=\"padding-bottom:56.25%;\" v-if=\"sizes\">\n\t\t\t\t\t\t\t\t<lazy-media :inline=\"true\" :alt=\"alt\" :sizes=\"sizes\" :scale=\"scale\" :brightness=\"brightness\" :path=\"path\" :video=\"video\" :autoplay=\"autoplay\" :youtube=\"youtube\" :crop=\"crop\" :youtubelabel=\"youtubelabel\" :background=\"background\" media-id=\"desc_media_69f316d8c6a3c\"><\/lazy-media>\n\t\t\t\t\t\t\t<\/div>\n\n\t\t\t\t\t\t\t<figcaption class=\"sr-only\" ref=\"body\" id=\"desc_media_69f316d8c6a3c\">\n\t\t\t\t\t\t\t\t\t\t\t<div>Kurzdokumentation &quot;Journey to Kenya&quot; von Ibrahim Ahmad, AFRIKAMERA SHORTS<\/div>\n\t\t\t\t\t\t\t\t\t\t\t\t\t\t\t\t\t\t\t\t\t<div class=\"insignificant\">\u00a9 AFRIKAMERA 2021<\/div>\n\t\t\t\t\t\t\t\t\t<\/figcaption>\n\t\t\t\t\t<\/figure>\n\t<\/lazy-media-inline>\n\t\t\t\t<\/div>\n\t\t\t<\/div>\n\t\t\t<div class=\"col-xs-12 teaser-event-text Infos\">\n\t\t\t\t<div class=\"teaser-event-standard-text\">\n\t\t\t\t\t<div class=\"margin-bottom-atom\">\n\t\t\t\t\t\t<div class=\"subline clamp-1\" v-html=\"maingenre\"><\/div>\n\t\t\t\t\t\t\t\t\t\t\t\t\t<div class=\"insignificant clamp-2\">AFRIKAMERA<\/div>\n\t\t\t\t\t\t\t\t\t\t\t<\/div>\n\t\t\t\t\n\t\t\t\t\t<strong class=\"margin-bottom-atom\">AFRIKAMERA SHORTS<\/strong>\n\n\t\t\t\t\t\t\t\t\t\t\t<div class=\"\">Eine Auswahl herausragender, aktueller Kurzfilmproduktionen<\/div>\n\t\t\t\t\t\t\t\t\t<\/div>\n\t\t\t\t<div class=\"teaser-bottom border-bottom\">\n\t\t\t\t<calendardateline :rawitem='item' :show-icon=\"true\"><\/calendardateline>\n\t\t\t\t\t<hr>\n\t\t\t\t<\/div>\n\t\t\t<\/div>\n\t\t<\/div>\n\t<\/a>\n\t<\/calendarteaser>\n<\/li>\n\n<li class=\"col-xs-6 col-sm-4 col-md-3 teaser-wrapper col-padding-remove\">\n\t<calendarteaser key=\"3458814232\" rawitem='{&quot;postId&quot;:34588,&quot;title&quot;:&quot;#LANDoftheBRAVEfilm&quot;,&quot;excerpt&quot;:&quot;Der Thriller des deutsch-namibischen Regisseurs Tim Huebschle gibt Einblicke in das schwierige Zusammenleben in der postkolonialen Gesellschaft. Im Anschluss an den Film findet ein Zoom-Gespr\\u00e4ch mit dem Regisseur statt.&quot;,&quot;slug&quot;:&quot;landofthebravefilm&quot;,&quot;post_date&quot;:&quot;2021-10-29T14:30&quot;,&quot;type&quot;:&quot;event&quot;,&quot;permalink&quot;:&quot;https:\\\/\\\/www.humboldtforum.org\\\/de\\\/programm\\\/termin\\\/film-video\\\/landofthebravefilm-34588\\\/&quot;,&quot;genre&quot;:[729],&quot;genre_details&quot;:[{&quot;text&quot;:&quot;Film\\\/Video&quot;,&quot;id&quot;:729,&quot;icon&quot;:null,&quot;parent&quot;:0}],&quot;stakeholder&quot;:[382],&quot;stakeholder_details&quot;:[{&quot;text&quot;:&quot;Stiftung Humboldt Forum im Berliner Schloss&quot;,&quot;id&quot;:382,&quot;icon&quot;:null,&quot;parent&quot;:0}],&quot;targetgroup&quot;:[383],&quot;targetgroup_details&quot;:[{&quot;text&quot;:&quot;Erwachsene&quot;,&quot;id&quot;:383,&quot;icon&quot;:null,&quot;parent&quot;:0}],&quot;language&quot;:[1231,385],&quot;language_details&quot;:[{&quot;text&quot;:&quot;Afrikaans&quot;,&quot;id&quot;:1231,&quot;icon&quot;:null,&quot;parent&quot;:0},{&quot;text&quot;:&quot;Englisch&quot;,&quot;id&quot;:385,&quot;icon&quot;:null,&quot;parent&quot;:0}],&quot;accessability&quot;:[780],&quot;accessability_details&quot;:[{&quot;text&quot;:&quot;Untertitel&quot;,&quot;id&quot;:780,&quot;icon&quot;:null,&quot;parent&quot;:0}],&quot;place&quot;:[883],&quot;place_details&quot;:{&quot;place&quot;:&quot;Humboldt Forum&quot;,&quot;map&quot;:&quot;Humboldt Forum, Schlossplatz, Berlin&quot;,&quot;room&quot;:&quot;Saal 2, EG&quot;},&quot;icon_overwrite&quot;:&quot;&quot;,&quot;acf&quot;:{&quot;hashtag&quot;:&quot;HumboldtForum&quot;,&quot;noindex&quot;:false,&quot;keywords&quot;:&quot;&quot;,&quot;shorturl&quot;:&quot;&quot;,&quot;times&quot;:[],&quot;planning&quot;:{&quot;price&quot;:&quot;5 EUR, erm\\u00e4\\u00dfigt 2,50 EUR&quot;,&quot;admission&quot;:&quot;&quot;,&quot;pause&quot;:&quot;&quot;,&quot;duration&quot;:&quot;&quot;},&quot;subline&quot;:&quot;von Tim Huebschle &quot;,&quot;subline_feature&quot;:&quot;Deutschlandpremiere&quot;,&quot;marketing_text&quot;:&quot;&quot;,&quot;shorttext&quot;:&quot;Der Thriller des deutsch-namibischen Regisseurs Tim Huebschle gibt Einblicke in das schwierige Zusammenleben in der postkolonialen Gesellschaft. Im Anschluss an den Film findet ein Zoom-Gespr\\u00e4ch mit dem Regisseur statt.&quot;,&quot;longtext&quot;:&quot;&quot;,&quot;additional_info&quot;:{&quot;icon&quot;:&quot;icon-live-fill&quot;,&quot;text&quot;:&quot;Namibia I 2019 I 95 min I OmU&quot;},&quot;highlight_header&quot;:false,&quot;featured_images&quot;:[34626,34628],&quot;video&quot;:false,&quot;use_video_in_teasers&quot;:false,&quot;hyphenation&quot;:false,&quot;tipp&quot;:false,&quot;alert_text&quot;:&quot;&quot;,&quot;joker&quot;:false,&quot;live&quot;:false,&quot;overwrite_date&quot;:&quot;&quot;,&quot;hide_event_in_program&quot;:false,&quot;tickettext&quot;:&quot;Buchen Sie Ihr Ticket vorab online oder an der Kasse im Foyer.&quot;,&quot;belongsto&quot;:[55517]},&quot;date&quot;:{&quot;NX&quot;:null,&quot;NXX&quot;:null,&quot;NLAST&quot;:&quot;202111181830&quot;,&quot;from_DATE&quot;:&quot;20211118 20:30&quot;,&quot;from&quot;:1637260200,&quot;to&quot;:1637260200,&quot;to_DATE&quot;:&quot;20211118 20:30&quot;,&quot;from_HRFSHORT&quot;:&quot;18. Nov 2021&quot;,&quot;from_HRFSHORT_WD&quot;:&quot;Do 18.11.2021&quot;,&quot;to_HRFSHORT&quot;:&quot;18. Nov 2021&quot;,&quot;to_HRFSHORT_WD&quot;:&quot;Do 18.11.2021&quot;,&quot;from_HRF&quot;:&quot;Do, 18. November 2021&quot;,&quot;to_HRF&quot;:&quot;Do, 18. November 2021&quot;,&quot;from_to_HRF&quot;:&quot;Do, 18. November \\u2013 Do, 18. November 2021&quot;,&quot;from_to_HRFSHORT&quot;:&quot;18. Nov \\u2013 18. Nov 2021&quot;},&quot;alert&quot;:null,&quot;partof&quot;:[55517,34592],&quot;marketing_topic&quot;:{&quot;title&quot;:&quot;AFRIKAMERA&quot;,&quot;ID&quot;:55517,&quot;reason&quot;:&quot;sequence&quot;}}' inline-template>\n\t<a href=\"https:\/\/www.humboldtforum.org\/de\/programm\/termin\/film-video\/landofthebravefilm-34588\/\" class=\"teaser teaser-event teaser-event-standard\">\n\t\t<div class=\"row\">\n\t\t\t<div class=\"col-xs-12 teaser-event-image\">\n\t\t\t\t<div class=\"teaser-image teaser-image-no-alternate\">\n\t\t\t\t\t\t\t\t\t\t\t\n\t<lazy-media-inline inline-template>\n\t\t<figure itemscope itemtype=\"http:\/\/schema.org\/ImageObject\" class=\"lazy-media-inline \" role=\"group\" id=\"media_69f316d8c7463\" aria-labelledby=\"desc_media_69f316d8c7463\">\n\t\t\t<script type=\"application\/json\" ref=\"data\">\n\t\t\t\t{\n\t\t\t\t\"sizes\" : {\"medium\":{\"file\":\"SHF_eb00120482-300x200.jpg\",\"width\":300,\"height\":200,\"mime-type\":\"image\\\/jpeg\"},\"large\":{\"file\":\"SHF_eb00120482-1024x683.jpg\",\"width\":1024,\"height\":683,\"mime-type\":\"image\\\/jpeg\"},\"thumbnail\":{\"file\":\"SHF_eb00120482-150x150.jpg\",\"width\":150,\"height\":150,\"mime-type\":\"image\\\/jpeg\"},\"medium_large\":{\"file\":\"SHF_eb00120482-768x512.jpg\",\"width\":768,\"height\":512,\"mime-type\":\"image\\\/jpeg\"},\"small\":{\"file\":\"SHF_eb00120482-440x293.jpg\",\"width\":440,\"height\":293,\"mime-type\":\"image\\\/jpeg\"},\"semi\":{\"file\":\"SHF_eb00120482-580x387.jpg\",\"width\":580,\"height\":387,\"mime-type\":\"image\\\/jpeg\"},\"mobile\":{\"file\":\"SHF_eb00120482-720x480.jpg\",\"width\":720,\"height\":480,\"mime-type\":\"image\\\/jpeg\"},\"hd\":{\"file\":\"SHF_eb00120482-1280x853.jpg\",\"width\":1280,\"height\":853,\"mime-type\":\"image\\\/jpeg\"},\"1536x1536\":{\"file\":\"SHF_eb00120482-1536x1024.jpg\",\"width\":1536,\"height\":1024,\"mime-type\":\"image\\\/jpeg\"},\"original\":{\"file\":\"SHF_eb00120482.jpg\",\"width\":1920,\"height\":1280}},\n\t\t\t\t\"alt\" : \"Ein Mann im Anzug kniet neben einer Person auf der Stra\\u00dfe, beleuchtet von n\\u00e4chtlicher Stadtbeleuchtung.\",\n\t\t\t\t\"path\" : \"\\\/wp-content\\\/uploads\\\/2021\\\/10\\\/\",\n\t\t\t\t\"video\" : null,\n\t\t\t\t\"autoplay\" : null,\n\t\t\t\t\"youtube\" : null,\n\t\t\t\t\"youtubelabel\" : \"Video abspielen\",\n\t\t\t\t\"brightness\" : 100,\n\t\t\t\t\"crop\" : {\"top\":\"43.17\",\"left\":\"39.14\"},\n\t\t\t\t\"background\" : true,\n\t\t\t\t\"scale\" : 2\t\t\t\t}\n\t\t\t<\/script>\n\n\t\t\t<div class=\"height-container\" style=\"padding-bottom:66.666666666667%;\" v-if=\"sizes\">\n\t\t\t\t\t\t\t\t<lazy-media :inline=\"true\" :alt=\"alt\" :sizes=\"sizes\" :scale=\"scale\" :brightness=\"brightness\" :path=\"path\" :video=\"video\" :autoplay=\"autoplay\" :youtube=\"youtube\" :crop=\"crop\" :youtubelabel=\"youtubelabel\" :background=\"background\" media-id=\"desc_media_69f316d8c7463\"><\/lazy-media>\n\t\t\t\t\t\t\t<\/div>\n\n\t\t\t\t\t\t\t<figcaption class=\"sr-only\" ref=\"body\" id=\"desc_media_69f316d8c7463\">\n\t\t\t\t\t\t\t\t\t\t\t<div>Thriller &quot;LANDoftheBRAVEfilm&quot; von Tim Huebschle<\/div>\n\t\t\t\t\t\t\t\t\t\t\t\t\t\t\t\t\t\t\t\t\t<div class=\"insignificant\">\u00a9 Willem Vrey<\/div>\n\t\t\t\t\t\t\t\t\t<\/figcaption>\n\t\t\t\t\t<\/figure>\n\t<\/lazy-media-inline>\n\t\t\t\t<\/div>\n\t\t\t<\/div>\n\t\t\t<div class=\"col-xs-12 teaser-event-text Infos\">\n\t\t\t\t<div class=\"teaser-event-standard-text\">\n\t\t\t\t\t<div class=\"margin-bottom-atom\">\n\t\t\t\t\t\t<div class=\"subline clamp-1\" v-html=\"maingenre\"><\/div>\n\t\t\t\t\t\t\t\t\t\t\t\t\t<div class=\"insignificant clamp-2\">AFRIKAMERA<\/div>\n\t\t\t\t\t\t\t\t\t\t\t<\/div>\n\t\t\t\t\n\t\t\t\t\t<strong class=\"margin-bottom-atom\">#LANDoftheBRAVEfilm<\/strong>\n\n\t\t\t\t\t\t\t\t\t\t\t<div class=\"\">von Tim Huebschle <\/div>\n\t\t\t\t\t\t\t\t\t<\/div>\n\t\t\t\t<div class=\"teaser-bottom border-bottom\">\n\t\t\t\t<calendardateline :rawitem='item' :show-icon=\"true\"><\/calendardateline>\n\t\t\t\t\t<hr>\n\t\t\t\t<\/div>\n\t\t\t<\/div>\n\t\t<\/div>\n\t<\/a>\n\t<\/calendarteaser>\n<\/li>\n\n<li class=\"col-xs-6 col-sm-4 col-md-3 teaser-wrapper col-padding-remove\">\n\t<calendarteaser key=\"3454014830\" rawitem='{&quot;postId&quot;:34540,&quot;title&quot;:&quot;Petit Jo \\u2013 enfant des rues&quot;,&quot;excerpt&quot;:&quot;Der Film\\u00a0Petit Jo \\u2013 enfant des rues\\u00a0erz\\u00e4hlt die Geschichte eines mixed-race Waisenjungen in Yaound\\u00e9 auf der Suche nach seiner Identit\\u00e4t.&quot;,&quot;slug&quot;:&quot;petit-jo-enfant-des-rues&quot;,&quot;post_date&quot;:&quot;2021-10-28T12:46&quot;,&quot;type&quot;:&quot;event&quot;,&quot;permalink&quot;:&quot;https:\\\/\\\/www.humboldtforum.org\\\/de\\\/programm\\\/termin\\\/film-video\\\/petit-jo-enfant-des-rues-34540\\\/&quot;,&quot;genre&quot;:[729],&quot;genre_details&quot;:[{&quot;text&quot;:&quot;Film\\\/Video&quot;,&quot;id&quot;:729,&quot;icon&quot;:null,&quot;parent&quot;:0}],&quot;stakeholder&quot;:[382],&quot;stakeholder_details&quot;:[{&quot;text&quot;:&quot;Stiftung Humboldt Forum im Berliner Schloss&quot;,&quot;id&quot;:382,&quot;icon&quot;:null,&quot;parent&quot;:0}],&quot;targetgroup&quot;:[454],&quot;targetgroup_details&quot;:[{&quot;text&quot;:&quot;Kinder und Familien&quot;,&quot;id&quot;:454,&quot;icon&quot;:null,&quot;parent&quot;:0}],&quot;language&quot;:[384,789],&quot;language_details&quot;:[{&quot;text&quot;:&quot;Deutsch&quot;,&quot;id&quot;:384,&quot;icon&quot;:null,&quot;parent&quot;:0},{&quot;text&quot;:&quot;Franz\\u00f6sisch&quot;,&quot;id&quot;:789,&quot;icon&quot;:null,&quot;parent&quot;:0}],&quot;accessability&quot;:[430,780],&quot;accessability_details&quot;:[{&quot;text&quot;:&quot;Rollstuhlgerecht&quot;,&quot;id&quot;:430,&quot;icon&quot;:null,&quot;parent&quot;:0},{&quot;text&quot;:&quot;Untertitel&quot;,&quot;id&quot;:780,&quot;icon&quot;:null,&quot;parent&quot;:0}],&quot;place&quot;:[883],&quot;place_details&quot;:{&quot;place&quot;:&quot;Humboldt Forum&quot;,&quot;map&quot;:&quot;Humboldt Forum, Schlossplatz, Berlin&quot;,&quot;room&quot;:&quot;Saal 2, EG&quot;},&quot;icon_overwrite&quot;:&quot;&quot;,&quot;acf&quot;:{&quot;hashtag&quot;:&quot;HumboldtForum&quot;,&quot;noindex&quot;:false,&quot;keywords&quot;:&quot;&quot;,&quot;shorturl&quot;:&quot;&quot;,&quot;times&quot;:[],&quot;planning&quot;:{&quot;price&quot;:&quot;5 EUR, erm\\u00e4\\u00dfigt 2,50 EUR&quot;,&quot;admission&quot;:&quot;&quot;,&quot;pause&quot;:&quot;&quot;,&quot;duration&quot;:&quot;&quot;},&quot;subline&quot;:&quot;von Daniel Kamwa&quot;,&quot;subline_feature&quot;:&quot;Jugendfilm&quot;,&quot;marketing_text&quot;:&quot;Eine Deutschlandpremiere in Anwesenheit des Regisseurs und Hauptdarstellers&quot;,&quot;shorttext&quot;:&quot;Der Film\\u00a0Petit Jo \\u2013 enfant des rues\\u00a0erz\\u00e4hlt die Geschichte eines mixed-race Waisenjungen in Yaound\\u00e9 auf der Suche nach seiner Identit\\u00e4t.&quot;,&quot;longtext&quot;:&quot;&quot;,&quot;tickettext&quot;:&quot;Tickets buchbar ab 01.11.2021 online oder an der Kasse im Foyer&quot;,&quot;infotext&quot;:&quot;S\\u00fcdafrika, Kamerun I 2019 I 118 Minuten I Franz\\u00f6sisch mit deutschen Untertiteln&quot;,&quot;additional_info&quot;:{&quot;icon&quot;:&quot;icon-uhr&quot;,&quot;text&quot;:&quot;Filmvorf\\u00fchrung mit Publikumsgespr\\u00e4ch&quot;},&quot;highlight_header&quot;:false,&quot;featured_images&quot;:[34597],&quot;video&quot;:false,&quot;use_video_in_teasers&quot;:false,&quot;hyphenation&quot;:true,&quot;tipp&quot;:false,&quot;alert_text&quot;:&quot;&quot;,&quot;joker&quot;:false,&quot;live&quot;:false,&quot;overwrite_date&quot;:&quot;&quot;,&quot;hide_event_in_program&quot;:false,&quot;belongsto&quot;:[55517]},&quot;date&quot;:{&quot;NX&quot;:null,&quot;NXX&quot;:null,&quot;NLAST&quot;:&quot;202111211400&quot;,&quot;from_DATE&quot;:&quot;20211121 16:00&quot;,&quot;from&quot;:1637503200,&quot;to&quot;:1637503200,&quot;to_DATE&quot;:&quot;20211121 16:00&quot;,&quot;from_HRFSHORT&quot;:&quot;21. Nov 2021&quot;,&quot;from_HRFSHORT_WD&quot;:&quot;So 21.11.2021&quot;,&quot;to_HRFSHORT&quot;:&quot;21. Nov 2021&quot;,&quot;to_HRFSHORT_WD&quot;:&quot;So 21.11.2021&quot;,&quot;from_HRF&quot;:&quot;So, 21. November 2021&quot;,&quot;to_HRF&quot;:&quot;So, 21. November 2021&quot;,&quot;from_to_HRF&quot;:&quot;So, 21. November \\u2013 So, 21. November 2021&quot;,&quot;from_to_HRFSHORT&quot;:&quot;21. Nov \\u2013 21. Nov 2021&quot;},&quot;alert&quot;:null,&quot;partof&quot;:[55517,34592],&quot;marketing_topic&quot;:{&quot;title&quot;:&quot;AFRIKAMERA&quot;,&quot;ID&quot;:55517,&quot;reason&quot;:&quot;sequence&quot;}}' inline-template>\n\t<a href=\"https:\/\/www.humboldtforum.org\/de\/programm\/termin\/film-video\/petit-jo-enfant-des-rues-34540\/\" class=\"teaser teaser-event teaser-event-standard\">\n\t\t<div class=\"row\">\n\t\t\t<div class=\"col-xs-12 teaser-event-image\">\n\t\t\t\t<div class=\"teaser-image teaser-image-no-alternate\">\n\t\t\t\t\t\t\t\t\t\t\t\n\t<lazy-media-inline inline-template>\n\t\t<figure itemscope itemtype=\"http:\/\/schema.org\/ImageObject\" class=\"lazy-media-inline \" role=\"group\" id=\"media_69f316d8c7e34\" aria-labelledby=\"desc_media_69f316d8c7e34\">\n\t\t\t<script type=\"application\/json\" ref=\"data\">\n\t\t\t\t{\n\t\t\t\t\"sizes\" : {\"medium\":{\"file\":\"SHF_eb00120507-300x138.jpg\",\"width\":300,\"height\":138,\"mime-type\":\"image\\\/jpeg\"},\"large\":{\"file\":\"SHF_eb00120507-1024x471.jpg\",\"width\":1024,\"height\":471,\"mime-type\":\"image\\\/jpeg\"},\"thumbnail\":{\"file\":\"SHF_eb00120507-150x150.jpg\",\"width\":150,\"height\":150,\"mime-type\":\"image\\\/jpeg\"},\"medium_large\":{\"file\":\"SHF_eb00120507-768x353.jpg\",\"width\":768,\"height\":353,\"mime-type\":\"image\\\/jpeg\"},\"small\":{\"file\":\"SHF_eb00120507-440x202.jpg\",\"width\":440,\"height\":202,\"mime-type\":\"image\\\/jpeg\"},\"semi\":{\"file\":\"SHF_eb00120507-580x267.jpg\",\"width\":580,\"height\":267,\"mime-type\":\"image\\\/jpeg\"},\"mobile\":{\"file\":\"SHF_eb00120507-720x331.jpg\",\"width\":720,\"height\":331,\"mime-type\":\"image\\\/jpeg\"},\"hd\":{\"file\":\"SHF_eb00120507-1280x588.jpg\",\"width\":1280,\"height\":588,\"mime-type\":\"image\\\/jpeg\"},\"1536x1536\":{\"file\":\"SHF_eb00120507-1536x706.jpg\",\"width\":1536,\"height\":706,\"mime-type\":\"image\\\/jpeg\"},\"original\":{\"file\":\"SHF_eb00120507.jpg\",\"width\":1654,\"height\":760}},\n\t\t\t\t\"alt\" : \"Ein \\u00e4lterer Mann mit Hut tr\\u00e4gt ein Baby auf einem belebten Markt mit bunten Stoffen im Hintergrund.\",\n\t\t\t\t\"path\" : \"\\\/wp-content\\\/uploads\\\/2021\\\/10\\\/\",\n\t\t\t\t\"video\" : null,\n\t\t\t\t\"autoplay\" : null,\n\t\t\t\t\"youtube\" : null,\n\t\t\t\t\"youtubelabel\" : \"Video abspielen\",\n\t\t\t\t\"brightness\" : 100,\n\t\t\t\t\"crop\" : {\"top\":\"37.18\",\"left\":\"35.82\"},\n\t\t\t\t\"background\" : true,\n\t\t\t\t\"scale\" : 2\t\t\t\t}\n\t\t\t<\/script>\n\n\t\t\t<div class=\"height-container\" style=\"padding-bottom:45.949214026602%;\" v-if=\"sizes\">\n\t\t\t\t\t\t\t\t<lazy-media :inline=\"true\" :alt=\"alt\" :sizes=\"sizes\" :scale=\"scale\" :brightness=\"brightness\" :path=\"path\" :video=\"video\" :autoplay=\"autoplay\" :youtube=\"youtube\" :crop=\"crop\" :youtubelabel=\"youtubelabel\" :background=\"background\" media-id=\"desc_media_69f316d8c7e34\"><\/lazy-media>\n\t\t\t\t\t\t\t<\/div>\n\n\t\t\t\t\t\t\t<figcaption class=\"sr-only\" ref=\"body\" id=\"desc_media_69f316d8c7e34\">\n\t\t\t\t\t\t\t\t\t\t\t<div>Filmausschnitt aus &quot;Petit Jo &#8211; enfant des rues&quot; von Daniel Kamwa<\/div>\n\t\t\t\t\t\t\t\t\t\t\t\t\t\t\t\t\t\t\t\t\t<div class=\"insignificant\">\u00a9 Julien Bullat<\/div>\n\t\t\t\t\t\t\t\t\t<\/figcaption>\n\t\t\t\t\t<\/figure>\n\t<\/lazy-media-inline>\n\t\t\t\t<\/div>\n\t\t\t<\/div>\n\t\t\t<div class=\"col-xs-12 teaser-event-text Infos\">\n\t\t\t\t<div class=\"teaser-event-standard-text\">\n\t\t\t\t\t<div class=\"margin-bottom-atom\">\n\t\t\t\t\t\t<div class=\"subline clamp-1\" v-html=\"maingenre\"><\/div>\n\t\t\t\t\t\t\t\t\t\t\t\t\t<div class=\"insignificant clamp-2\">AFRIKAMERA<\/div>\n\t\t\t\t\t\t\t\t\t\t\t<\/div>\n\t\t\t\t\n\t\t\t\t\t<strong class=\"margin-bottom-atom\">Petit Jo \u2013 enfant des rues<\/strong>\n\n\t\t\t\t\t\t\t\t\t\t\t<div class=\"\">Eine Deutschlandpremiere in Anwesenheit des Regisseurs und Hauptdarstellers<\/div>\n\t\t\t\t\t\t\t\t\t<\/div>\n\t\t\t\t<div class=\"teaser-bottom border-bottom\">\n\t\t\t\t<calendardateline :rawitem='item' :show-icon=\"true\"><\/calendardateline>\n\t\t\t\t\t<hr>\n\t\t\t\t<\/div>\n\t\t\t<\/div>\n\t\t<\/div>\n\t<\/a>\n\t<\/calendarteaser>\n<\/li>\n\n<li class=\"col-xs-6 col-sm-4 col-md-3 teaser-wrapper col-padding-remove\">\n\t<calendarteaser key=\"3459013016\" rawitem='{&quot;postId&quot;:34590,&quot;title&quot;:&quot;Africa in VR \\u2013 Urban Africa, Urban Movies&quot;,&quot;excerpt&quot;:&quot;Die Virtual Reality-Lounge im Humboldt Forum zeigt begleitend zum Festivalprogramm aktuelle Produktionen aus Dakar, Lagos, Accra, Nairobi und Johannesburg.&quot;,&quot;slug&quot;:&quot;africa-in-vr-urban-africa-urban-movies&quot;,&quot;post_date&quot;:&quot;2021-11-01T10:39&quot;,&quot;type&quot;:&quot;event-multi&quot;,&quot;permalink&quot;:&quot;https:\\\/\\\/www.humboldtforum.org\\\/de\\\/programm\\\/event\\\/film-video\\\/africa-in-vr-urban-africa-urban-movies-34590\\\/&quot;,&quot;genre&quot;:[729],&quot;genre_details&quot;:[{&quot;text&quot;:&quot;Film\\\/Video&quot;,&quot;id&quot;:729,&quot;icon&quot;:null,&quot;parent&quot;:0}],&quot;stakeholder&quot;:[382],&quot;stakeholder_details&quot;:[{&quot;text&quot;:&quot;Stiftung Humboldt Forum im Berliner Schloss&quot;,&quot;id&quot;:382,&quot;icon&quot;:null,&quot;parent&quot;:0}],&quot;targetgroup&quot;:[383,455],&quot;targetgroup_details&quot;:[{&quot;text&quot;:&quot;Erwachsene&quot;,&quot;id&quot;:383,&quot;icon&quot;:null,&quot;parent&quot;:0},{&quot;text&quot;:&quot;Jugendliche&quot;,&quot;id&quot;:455,&quot;icon&quot;:null,&quot;parent&quot;:0}],&quot;language&quot;:[385,789],&quot;language_details&quot;:[{&quot;text&quot;:&quot;Englisch&quot;,&quot;id&quot;:385,&quot;icon&quot;:null,&quot;parent&quot;:0},{&quot;text&quot;:&quot;Franz\\u00f6sisch&quot;,&quot;id&quot;:789,&quot;icon&quot;:null,&quot;parent&quot;:0}],&quot;place&quot;:[1124],&quot;place_details&quot;:{&quot;place&quot;:&quot;Humboldt Forum&quot;,&quot;map&quot;:&quot;Humboldt Forum, Schlossplatz, Berlin&quot;,&quot;room&quot;:&quot;Kleines Foyer, EG&quot;},&quot;icon_overwrite&quot;:&quot;&quot;,&quot;acf&quot;:{&quot;noindex&quot;:false,&quot;keywords&quot;:&quot;&quot;,&quot;belongsto&quot;:false,&quot;shorturl&quot;:&quot;&quot;,&quot;times&quot;:[],&quot;planning&quot;:{&quot;price&quot;:&quot;kostenfrei&quot;,&quot;admission&quot;:&quot;&quot;,&quot;pause&quot;:&quot;&quot;,&quot;duration&quot;:&quot;&quot;,&quot;status&quot;:&quot;BUY&quot;,&quot;info&quot;:&quot;&quot;,&quot;shop&quot;:&quot;&quot;,&quot;can_purchase&quot;:false},&quot;subline&quot;:&quot;&quot;,&quot;subline_feature&quot;:&quot;Aktuelle Produktionen aus Dakar, Lagos, Accra, Nairobi und Johannesburg&quot;,&quot;marketing_text&quot;:&quot;&quot;,&quot;shorttext&quot;:&quot;Die Virtual Reality-Lounge im Humboldt Forum zeigt begleitend zum Festivalprogramm aktuelle Produktionen aus Dakar, Lagos, Accra, Nairobi und Johannesburg.&quot;,&quot;longtext&quot;:&quot;&quot;,&quot;tickettext&quot;:&quot;kein Ticket n\\u00f6tig&quot;,&quot;infotext&quot;:&quot;Der Eintritt zur VR-Lounge ist frei, die Nutzung der einzelnen VR-Stationen limitiert. Es kann zu Wartezeiten kommen. &quot;,&quot;additional_info&quot;:{&quot;icon&quot;:&quot;icon-contact&quot;,&quot;text&quot;:&quot;Englisch und Franz\\u00f6sisch mit englischer Geb\\u00e4dernsprachendolmetschung&quot;},&quot;highlight_header&quot;:false,&quot;featured_images&quot;:[34407],&quot;video&quot;:false,&quot;use_video_in_teasers&quot;:false,&quot;hyphenation&quot;:false,&quot;tipp&quot;:false,&quot;alert_text&quot;:&quot;&quot;,&quot;joker&quot;:false,&quot;live&quot;:false,&quot;overwrite_date&quot;:&quot;&quot;,&quot;hide_event_in_program&quot;:false},&quot;date&quot;:{&quot;NX&quot;:null,&quot;NXX&quot;:null,&quot;NLAST&quot;:&quot;202111210800&quot;,&quot;from_DATE&quot;:&quot;20211117 16:00&quot;,&quot;from&quot;:1637157600,&quot;to&quot;:1637481600,&quot;to_DATE&quot;:&quot;20211121 10:00&quot;,&quot;from_HRFSHORT&quot;:&quot;17. Nov 2021&quot;,&quot;from_HRFSHORT_WD&quot;:&quot;Mi 17.11.2021&quot;,&quot;to_HRFSHORT&quot;:&quot;21. Nov 2021&quot;,&quot;to_HRFSHORT_WD&quot;:&quot;So 21.11.2021&quot;,&quot;from_HRF&quot;:&quot;Mi, 17. November 2021&quot;,&quot;to_HRF&quot;:&quot;So, 21. November 2021&quot;,&quot;from_to_HRF&quot;:&quot;Mi, 17. November \\u2013 So, 21. November 2021&quot;,&quot;from_to_HRFSHORT&quot;:&quot;17. Nov \\u2013 21. Nov 2021&quot;},&quot;alert&quot;:null,&quot;partof&quot;:[false],&quot;marketing_topic&quot;:{&quot;title&quot;:&quot;AFRIKAMERA&quot;,&quot;ID&quot;:false,&quot;reason&quot;:&quot;sequence&quot;}}' inline-template>\n\t<a href=\"https:\/\/www.humboldtforum.org\/de\/programm\/event\/film-video\/africa-in-vr-urban-africa-urban-movies-34590\/\" class=\"teaser teaser-event-multi teaser-event-standard\">\n\t\t<div class=\"row\">\n\t\t\t<div class=\"col-xs-12 teaser-event-image\">\n\t\t\t\t<div class=\"teaser-image teaser-image-no-alternate\">\n\t\t\t\t\t\t\t\t\t\t\t\n\t<lazy-media-inline inline-template>\n\t\t<figure itemscope itemtype=\"http:\/\/schema.org\/ImageObject\" class=\"lazy-media-inline \" role=\"group\" id=\"media_69f316d8c877b\" aria-labelledby=\"desc_media_69f316d8c877b\">\n\t\t\t<script type=\"application\/json\" ref=\"data\">\n\t\t\t\t{\n\t\t\t\t\"sizes\" : {\"medium\":{\"file\":\"HF-2021_074-Afrikamera-Webteaser-3840x2300px-300x180.jpg\",\"width\":300,\"height\":180,\"mime-type\":\"image\\\/jpeg\"},\"large\":{\"file\":\"HF-2021_074-Afrikamera-Webteaser-3840x2300px-1024x613.jpg\",\"width\":1024,\"height\":613,\"mime-type\":\"image\\\/jpeg\"},\"thumbnail\":{\"file\":\"HF-2021_074-Afrikamera-Webteaser-3840x2300px-150x150.jpg\",\"width\":150,\"height\":150,\"mime-type\":\"image\\\/jpeg\"},\"medium_large\":{\"file\":\"HF-2021_074-Afrikamera-Webteaser-3840x2300px-768x460.jpg\",\"width\":768,\"height\":460,\"mime-type\":\"image\\\/jpeg\"},\"small\":{\"file\":\"HF-2021_074-Afrikamera-Webteaser-3840x2300px-440x264.jpg\",\"width\":440,\"height\":264,\"mime-type\":\"image\\\/jpeg\"},\"semi\":{\"file\":\"HF-2021_074-Afrikamera-Webteaser-3840x2300px-580x347.jpg\",\"width\":580,\"height\":347,\"mime-type\":\"image\\\/jpeg\"},\"mobile\":{\"file\":\"HF-2021_074-Afrikamera-Webteaser-3840x2300px-720x431.jpg\",\"width\":720,\"height\":431,\"mime-type\":\"image\\\/jpeg\"},\"hd\":{\"file\":\"HF-2021_074-Afrikamera-Webteaser-3840x2300px-1280x767.jpg\",\"width\":1280,\"height\":767,\"mime-type\":\"image\\\/jpeg\"},\"full\":{\"file\":\"HF-2021_074-Afrikamera-Webteaser-3840x2300px-1920x1150.jpg\",\"width\":1920,\"height\":1150,\"mime-type\":\"image\\\/jpeg\"},\"1536x1536\":{\"file\":\"HF-2021_074-Afrikamera-Webteaser-3840x2300px-1536x920.jpg\",\"width\":1536,\"height\":920,\"mime-type\":\"image\\\/jpeg\"},\"2048x2048\":{\"file\":\"HF-2021_074-Afrikamera-Webteaser-3840x2300px-2048x1227.jpg\",\"width\":2048,\"height\":1227,\"mime-type\":\"image\\\/jpeg\"},\"original\":{\"file\":\"HF-2021_074-Afrikamera-Webteaser-3840x2300px.jpg\",\"width\":3840,\"height\":2300}},\n\t\t\t\t\"alt\" : \"Ein Filmstreifen mit buntem Hintergrund zeigt silhouettenhafte Figuren beim Tanzen und Musizieren.\",\n\t\t\t\t\"path\" : \"\\\/wp-content\\\/uploads\\\/2021\\\/10\\\/\",\n\t\t\t\t\"video\" : null,\n\t\t\t\t\"autoplay\" : null,\n\t\t\t\t\"youtube\" : null,\n\t\t\t\t\"youtubelabel\" : \"Video abspielen\",\n\t\t\t\t\"brightness\" : 100,\n\t\t\t\t\"crop\" : {\"top\":\"49.68\",\"left\":\"50.72\"},\n\t\t\t\t\"background\" : true,\n\t\t\t\t\"scale\" : 2\t\t\t\t}\n\t\t\t<\/script>\n\n\t\t\t<div class=\"height-container\" style=\"padding-bottom:59.895833333333%;\" v-if=\"sizes\">\n\t\t\t\t\t\t\t\t<lazy-media :inline=\"true\" :alt=\"alt\" :sizes=\"sizes\" :scale=\"scale\" :brightness=\"brightness\" :path=\"path\" :video=\"video\" :autoplay=\"autoplay\" :youtube=\"youtube\" :crop=\"crop\" :youtubelabel=\"youtubelabel\" :background=\"background\" media-id=\"desc_media_69f316d8c877b\"><\/lazy-media>\n\t\t\t\t\t\t\t<\/div>\n\n\t\t\t\t\t\t\t<figcaption class=\"sr-only\" ref=\"body\" id=\"desc_media_69f316d8c877b\">\n\t\t\t\t\t\t\t\t\t\t\t\t\t\t\t\t\t\t\t\t\t<div class=\"insignificant\">\u00a9 AFRIKAMERA 2021<\/div>\n\t\t\t\t\t\t\t\t\t<\/figcaption>\n\t\t\t\t\t<\/figure>\n\t<\/lazy-media-inline>\n\t\t\t\t<\/div>\n\t\t\t<\/div>\n\t\t\t<div class=\"col-xs-12 teaser-event-text Infos\">\n\t\t\t\t<div class=\"teaser-event-standard-text\">\n\t\t\t\t\t<div class=\"margin-bottom-atom\">\n\t\t\t\t\t\t<div class=\"subline clamp-1\" v-html=\"maingenre\"><\/div>\n\t\t\t\t\t\t\t\t\t\t\t\t\t<div class=\"insignificant clamp-2\">AFRIKAMERA<\/div>\n\t\t\t\t\t\t\t\t\t\t\t<\/div>\n\t\t\t\t\n\t\t\t\t\t<strong class=\"margin-bottom-atom\">Africa in VR \u2013 Urban Africa, Urban Movies<\/strong>\n\n\t\t\t\t\t\t\t\t\t\t\t<div class=\"\"><\/div>\n\t\t\t\t\t\t\t\t\t<\/div>\n\t\t\t\t<div class=\"teaser-bottom border-bottom\">\n\t\t\t\t<calendardateline :rawitem='item' :show-icon=\"true\"><\/calendardateline>\n\t\t\t\t\t<hr>\n\t\t\t\t<\/div>\n\t\t\t<\/div>\n\t\t<\/div>\n\t<\/a>\n\t<\/calendarteaser>\n<\/li>\n\n<\/ul>\n\t\t\t<\/div>\n\t\t\t\t<\/lazy-component>\n<\/section>\n\n\n\n<section class=\"block block-button\">\n    <div class=\"container-fluid\">\n\t\t<div class=\"row\">\n            <div class=\"col-xs-12 col-md-offset-2 col-md-8\">\n                <div class=\"box text-align-center\">\n                 \t\t<a href=\"https:\/\/www.afrikamera.de\/\" class=\"button-extern\" role=\"button\" target=\"_blank\">\n\t\t<span class=\"button-label\">Zum Gesamtprogramm AFRIKAMERA<\/span>\n\t<\/a>\n                <\/div>\n            <\/div>\n        <\/div>\n    <\/div>\n<\/section>\n\n<section class=\"block block-button\">\n    <div class=\"container-fluid\">\n\t\t<div class=\"row\">\n            <div class=\"col-xs-12 col-md-offset-2 col-md-8\">\n                <div class=\"box text-align-center\">\n                 \t\t<a href=\"https:\/\/www.arsenal-berlin.de\/home.html\" class=\"button-extern\" role=\"button\" target=\"_blank\">\n\t\t<span class=\"button-label\">Zum Programm im Arsenal<\/span>\n\t<\/a>\n                <\/div>\n            <\/div>\n        <\/div>\n    <\/div>\n<\/section>","protected":false},"template":"","genre":[845,729],"digital":[],"topic":[],"stakeholder":[382],"editorial":[],"editorialfilter":[],"targetgroup":[],"language":[],"accessability":[],"age":[],"school":[],"groupsize":[],"place":[],"class_list":["post-34592","event-sequence","type-event-sequence","status-publish","has-post-thumbnail","hentry","genre-festival","genre-film-video","stakeholder-stiftung-humboldt-forum-im-berliner-schloss"],"acf":[],"_links":{"self":[{"href":"https:\/\/www.humboldtforum.org\/de\/wp-json\/wp\/v2\/event-sequence\/34592","targetHints":{"allow":["GET"]}}],"collection":[{"href":"https:\/\/www.humboldtforum.org\/de\/wp-json\/wp\/v2\/event-sequence"}],"about":[{"href":"https:\/\/www.humboldtforum.org\/de\/wp-json\/wp\/v2\/types\/event-sequence"}],"version-history":[{"count":2,"href":"https:\/\/www.humboldtforum.org\/de\/wp-json\/wp\/v2\/event-sequence\/34592\/revisions"}],"predecessor-version":[{"id":55600,"href":"https:\/\/www.humboldtforum.org\/de\/wp-json\/wp\/v2\/event-sequence\/34592\/revisions\/55600"}],"wp:featuredmedia":[{"embeddable":true,"href":"https:\/\/www.humboldtforum.org\/de\/wp-json\/wp\/v2\/media\/34407"}],"wp:attachment":[{"href":"https:\/\/www.humboldtforum.org\/de\/wp-json\/wp\/v2\/media?parent=34592"}],"wp:term":[{"taxonomy":"genre","embeddable":true,"href":"https:\/\/www.humboldtforum.org\/de\/wp-json\/wp\/v2\/genre?post=34592"},{"taxonomy":"digital","embeddable":true,"href":"https:\/\/www.humboldtforum.org\/de\/wp-json\/wp\/v2\/digital?post=34592"},{"taxonomy":"topic","embeddable":true,"href":"https:\/\/www.humboldtforum.org\/de\/wp-json\/wp\/v2\/topic?post=34592"},{"taxonomy":"stakeholder","embeddable":true,"href":"https:\/\/www.humboldtforum.org\/de\/wp-json\/wp\/v2\/stakeholder?post=34592"},{"taxonomy":"editorial","embeddable":true,"href":"https:\/\/www.humboldtforum.org\/de\/wp-json\/wp\/v2\/editorial?post=34592"},{"taxonomy":"editorialfilter","embeddable":true,"href":"https:\/\/www.humboldtforum.org\/de\/wp-json\/wp\/v2\/editorialfilter?post=34592"},{"taxonomy":"targetgroup","embeddable":true,"href":"https:\/\/www.humboldtforum.org\/de\/wp-json\/wp\/v2\/targetgroup?post=34592"},{"taxonomy":"language","embeddable":true,"href":"https:\/\/www.humboldtforum.org\/de\/wp-json\/wp\/v2\/language?post=34592"},{"taxonomy":"accessability","embeddable":true,"href":"https:\/\/www.humboldtforum.org\/de\/wp-json\/wp\/v2\/accessability?post=34592"},{"taxonomy":"age","embeddable":true,"href":"https:\/\/www.humboldtforum.org\/de\/wp-json\/wp\/v2\/age?post=34592"},{"taxonomy":"school","embeddable":true,"href":"https:\/\/www.humboldtforum.org\/de\/wp-json\/wp\/v2\/school?post=34592"},{"taxonomy":"groupsize","embeddable":true,"href":"https:\/\/www.humboldtforum.org\/de\/wp-json\/wp\/v2\/groupsize?post=34592"},{"taxonomy":"place","embeddable":true,"href":"https:\/\/www.humboldtforum.org\/de\/wp-json\/wp\/v2\/place?post=34592"}],"curies":[{"name":"wp","href":"https:\/\/api.w.org\/{rel}","templated":true}]}}