{"id":37600,"date":"2022-02-02T11:35:25","date_gmt":"2022-02-02T10:35:25","guid":{"rendered":"https:\/\/www.humboldtforum.org\/?post_type=event-sequence&#038;p=37600"},"modified":"2022-02-28T15:43:46","modified_gmt":"2022-02-28T14:43:46","slug":"kizobazoba","status":"publish","type":"event-sequence","link":"https:\/\/www.humboldtforum.org\/de\/programm\/event-reihe\/film-video\/kizobazoba-37600\/","title":{"rendered":"KIZOBAZOBA!"},"content":{"rendered":"<section class=\"block block-copy\" >\n    <div class=\"container-fluid\">\n\t\t<div class=\"row \">\n            <div class=\"col-xs-12 col-md-offset-2 col-md-8\">\n                <div class=\"box\">\n                    <div class=\"copy\"><p><strong>KIZOBAZOBA ist ein Lingala-Wort und bedeutet \u00fcbersetzt: <em>Mach das Beste aus dem, was es gibt!<\/em>\u00a0Als Alltagsphilosophie ist es unser Motto f\u00fcr eine kreative Begegnung, in der es um Visionen f\u00fcr das Kino als kulturellen und sozialen Ort im 21. Jahrhundert geht. Wir laden ein zur Begegnung mit Kinoschaffenden aus sieben afrikanischen L\u00e4ndern, mit Cine-Lectures und Filmvorf\u00fchrungen.\u00a0<\/strong><\/p>\n<p>Seit Sommer 2020 organisiert das Humboldt Forum gemeinsam mit f\u00fcnf afrikanischen Kino-Initiativen einen virtuellen <em>think tank<\/em>: das Cinema Spaces Network (CSN). Im M\u00e4rz 2022 kommen die Mitglieder zusammen, um dem Berliner Publikum sich, ihre Arbeit, erste Projekte und ihre Visionen vorzustellen. Vom 2.-7. M\u00e4rz 2022 dreht sich alles um die Frage, was Kino 2022 kann, k\u00f6nnte und sein m\u00f6chte \u2013 zum Beispiel in Kinshasa, in Khartum, im s\u00fcdafrikanischen Eastern Cape, im kenianischen Pop-up-Kino am Lake Elementaita oder in Burkina Fasos Kulturmetropole Bobo-Dioulasso.<\/p>\n<h5><strong>Transkultureller Austausch<\/strong><\/h5>\n<p>Das Humboldt Forum funktioniert f\u00fcr das Cinema Spaces Network als Plattform f\u00fcr einen transkulturellen Wissens- und Kulturaustausch. Jeden Abend um 19.00 Uhr pr\u00e4sentieren die Mitglieder in Saal 2 Filme, die in einem besonderen Verh\u00e4ltnis zu der Kino-Arbeit in ihrer Region stehen.<\/p>\n<p>Den Auftakt macht am 2. M\u00e4rz BAAMUM NAFI (NAFI\u2019S FATHER) von Mamadou Dia \u2013 Senegals Oscar-Kandidat im Wettbewerb um den Besten Internationalen Film 2021. Jeweils um 17.00 Uhr laden die CSN-Mitglieder zu Cine-Lectures ein. In diesen interaktiven Vortr\u00e4gen geht es um unterschiedliche Konzepte, wie Kinos zu neuen kulturellen und sozialen Zentren werden k\u00f6nnen &#8211; im urbanen wie im l\u00e4ndlichen Raum. Tags\u00fcber finden im Humboldt Forum und \u00fcber Berlin verteilt Workshops und Seminare statt, die Raum f\u00fcr Begegnungen mit Professionellen und Interessierten aus verschiedenen Filmbranchen schaffen.<\/p>\n<\/div>\n                <\/div>\n            <\/div>\n\t\t<\/div>\n\t\t    <\/div>\n<\/section>\n\n<section class=\"block block-media\">\n\t\t<div class=\"container-fluid\">\n\t\t<div class=\"row\">\n\t\t\t<div class=\"col-xs-12 col-md-12\">\n\t\t\t\n\t<lazy-media-inline inline-template>\n\t\t<figure itemscope itemtype=\"http:\/\/schema.org\/ImageObject\" class=\"lazy-media-inline \" role=\"group\" id=\"media_69f59a57e72fa\" aria-labelledby=\"desc_media_69f59a57e72fa\">\n\t\t\t<script type=\"application\/json\" ref=\"data\">\n\t\t\t\t{\n\t\t\t\t\"sizes\" : {\"medium\":{\"file\":\"SHF_eb00129009-300x200.jpg\",\"width\":300,\"height\":200,\"mime-type\":\"image\\\/jpeg\"},\"large\":{\"file\":\"SHF_eb00129009-1024x684.jpg\",\"width\":1024,\"height\":684,\"mime-type\":\"image\\\/jpeg\"},\"thumbnail\":{\"file\":\"SHF_eb00129009-150x150.jpg\",\"width\":150,\"height\":150,\"mime-type\":\"image\\\/jpeg\"},\"medium_large\":{\"file\":\"SHF_eb00129009-768x513.jpg\",\"width\":768,\"height\":513,\"mime-type\":\"image\\\/jpeg\"},\"small\":{\"file\":\"SHF_eb00129009-440x294.jpg\",\"width\":440,\"height\":294,\"mime-type\":\"image\\\/jpeg\"},\"semi\":{\"file\":\"SHF_eb00129009-580x387.jpg\",\"width\":580,\"height\":387,\"mime-type\":\"image\\\/jpeg\"},\"mobile\":{\"file\":\"SHF_eb00129009-720x481.jpg\",\"width\":720,\"height\":481,\"mime-type\":\"image\\\/jpeg\"},\"hd\":{\"file\":\"SHF_eb00129009-1280x855.jpg\",\"width\":1280,\"height\":855,\"mime-type\":\"image\\\/jpeg\"},\"full\":{\"file\":\"SHF_eb00129009-1920x1282.jpg\",\"width\":1920,\"height\":1282,\"mime-type\":\"image\\\/jpeg\"},\"xxl\":{\"file\":\"SHF_eb00129009-4048x2702.jpg\",\"width\":4048,\"height\":2702,\"mime-type\":\"image\\\/jpeg\"},\"1536x1536\":{\"file\":\"SHF_eb00129009-1536x1025.jpg\",\"width\":1536,\"height\":1025,\"mime-type\":\"image\\\/jpeg\"},\"2048x2048\":{\"file\":\"SHF_eb00129009-2048x1367.jpg\",\"width\":2048,\"height\":1367,\"mime-type\":\"image\\\/jpeg\"},\"original\":{\"file\":\"SHF_eb00129009.jpg\",\"width\":5716,\"height\":3816}},\n\t\t\t\t\"alt\" : \"Freiluftkino mit Leinwand, Licht und Strohballen in l\\u00e4ndlicher Umgebung bei D\\u00e4mmerung.\",\n\t\t\t\t\"path\" : \"\\\/wp-content\\\/uploads\\\/2022\\\/02\\\/\",\n\t\t\t\t\"video\" : null,\n\t\t\t\t\"autoplay\" : \"https:\\\/\\\/www.humboldtforum.org\\\/wp-content\\\/uploads\\\/2022\\\/02\\\/16zu9KIZOBAZOBA_Logoloop_on_white.mp4\",\n\t\t\t\t\"youtube\" : null,\n\t\t\t\t\"youtubelabel\" : \"Video abspielen\",\n\t\t\t\t\"brightness\" : \"100\",\n\t\t\t\t\"crop\" : null,\n\t\t\t\t\"background\" : false,\n\t\t\t\t\"scale\" : 1\t\t\t\t}\n\t\t\t<\/script>\n\n\t\t\t<div class=\"height-container\" style=\"padding-bottom:66.759972008397%;\" v-if=\"sizes\">\n\t\t\t\t\t\t\t\t<lazy-media :inline=\"true\" :alt=\"alt\" :sizes=\"sizes\" :scale=\"scale\" :brightness=\"brightness\" :path=\"path\" :video=\"video\" :autoplay=\"autoplay\" :youtube=\"youtube\" :crop=\"crop\" :youtubelabel=\"youtubelabel\" :background=\"background\" media-id=\"desc_media_69f59a57e72fa\"><\/lazy-media>\n\t\t\t\t\t\t\t<\/div>\n\n\t\t\t\t\t\t\t<figcaption class=\"\" id=\"desc_media_69f59a57e72fa\">\n\t\t\t\t\t<div class=\"lazy-media-info-body-content\">\n\t\t\t\t\t\t\t\t\t\t\t\t\t<div>Vorbereitung einer Filmvorf&uuml;hrung im Rahmen von Manyatta Screenings am Lake Elementaita in Kenia<\/div>\n\t\t\t\t\t\t\t\t\t\t\t\t\t\t\t\t\t\t\t\t\t\t\t\t\t<div class=\"insignificant\">\u00a9 Manyatta Screenings<\/div>\n\t\t\t\t\t\t\t\t\t\t\t<\/div>\n\t\t\t\t<\/figcaption>\n\t\t\t\t\t\t\t\t\t<\/figure>\n\t<\/lazy-media-inline>\n\t\t\t<\/div>\n\t\t<\/div>\n\t<\/div>\n<\/section>\n\n<section class=\"block block-headline block-no-margin \" >\n\t<div class=\"container-fluid\">\n\t\t<div class=\"row\">\n\t\t\t\t\t\t\t<div class=\"col-xs-12 col-md-offset-2 col-md-8\">\n\t\t\t\t\t<div class=\"box\">\n\t\t\t\t\t\t<h2 class=\".h4\">PROGRAMM\u00dcBERBLICK<\/h2>\n\t\t\t\t\t<\/div>\n\t\t\t\t<\/div>\n\t\t\t\t\t<\/div>\n\t<\/div>\n<\/section>\n\n\n\n\n\n<section class=\"block block-accordion\">\n\t<div class=\"container-fluid\">\n\t\t<div class=\"row\">\n\t\t\t<div class=\"col-xs-12 col-md-offset-2 col-md-8\">\n\t\t\t\t<div class=\"box\">\n\t\t\t\t\t\t\t\t\t\t\t<block-accordion inline-template>\n\t\t\t\t\t\t\t<div class=\"accordion\">\n\t\t\t\t\t\t\t\t\t\t\t\t\t\t\t<block-accordion-item inline-template item-headline=\"02.03.2022 Cine Guimbi, Burkina Faso\">\n\t\t\t\t\t\t\t\t<div ref=\"item\" data-id=\"02032022CineGuimbiBurkinaFaso\" class=\"block-accordion-item vue-initialize\" aria-expanded=\"false\" :aria-expanded=\"active ? 'true' : 'false'\">\n\t\t\t\t\t\t\t\t\t<button class=\"accordion-button-with-icon block-accordion-item-head\" :class=\"{'button-active': active}\" ref=\"head\" aria-controls=\"acc_69f59a57eeccf\" id=\"acc_title_69f59a57eecd4\" @click=\"toggle\" @keydown=\"key\">\n\t\t\t\t\t\t\t\t\t<div><span class=\"button-label\">02.03.2022 Cine Guimbi, Burkina Faso<\/span><\/div><span class=\"button-icon icon-plus\" aria-hidden=\"true\"><\/span>\n\t\t\t\t\t\t\t\t<\/button>\n\t\t\t\t\t\t\t\t\t<div ref=\"body\" class=\"block-accordion-item-content\" id=\"acc_69f59a57eeccf\" role=\"region\">\n\t\t\t\t\t\t\t\t\t\t<div class=\"wrapper copy\">\n\t\t\t\t\t\t\t\t\t\t\t<p>17:00 Cine-Lecture mit Berni Goldblat: PHOENIX FROM ASHES<\/p>\n<p>19:00 Film: BAAMUM NAFI (NAFI\u2019S FATHER), Mamadou Dia, Senegal, 2019, 109 min.<\/p>\n\n\t\t\t\t\t\t\t\t\t\t\t\t\t\t\t\t\t\t\t\t\t\t\t\t\t\t\t\t\t\t\t\t\t\n\t\t\t\t\t\t\t\t\t\t\t<div class=\"row\">\n\t\t\t\t\t\t\t\t\t\t\t\t<div class=\"col-xs-9 col-md-9\">\n\t\t\t\t\t\t\t\t\t\t\t\t\t<div class=\"box\">\n\t\t\t\t\t\t\t\t\t\t\t\t\t\t\t\t\t\t\t\t\t\t\t\t\t\t\t<\/div>\n\t\t\t\t\t\t\t\t\t\t\t\t<\/div>\n\t\t\t\t\t\t\t\t\t\t\t<\/div>\n\n\t\t\t\t\t\t\t\t\t\t\t\t\t\t\t\t\t\t\t\t\t<\/div>\n\t\t\t\t\t\t\t\t\t<\/div>\n\t\t\t\t\t\t\t\t<\/div>\n\t\t\t\t\t\t\t\t<\/block-accordion-item>\n\t\t\t\t\t\t\t\t\t\t\t\t\t\t<block-accordion-item inline-template item-headline=\"03.03.2022 The Nest Collective, Kenya\">\n\t\t\t\t\t\t\t\t<div ref=\"item\" data-id=\"03032022TheNestCollectiveKenya\" class=\"block-accordion-item vue-initialize\" aria-expanded=\"false\" :aria-expanded=\"active ? 'true' : 'false'\">\n\t\t\t\t\t\t\t\t\t<button class=\"accordion-button-with-icon block-accordion-item-head\" :class=\"{'button-active': active}\" ref=\"head\" aria-controls=\"acc_69f59a57eefe0\" id=\"acc_title_69f59a57eefe1\" @click=\"toggle\" @keydown=\"key\">\n\t\t\t\t\t\t\t\t\t<div><span class=\"button-label\">03.03.2022 The Nest Collective, Kenya<\/span><\/div><span class=\"button-icon icon-plus\" aria-hidden=\"true\"><\/span>\n\t\t\t\t\t\t\t\t<\/button>\n\t\t\t\t\t\t\t\t\t<div ref=\"body\" class=\"block-accordion-item-content\" id=\"acc_69f59a57eefe0\" role=\"region\">\n\t\t\t\t\t\t\t\t\t\t<div class=\"wrapper copy\">\n\t\t\t\t\t\t\t\t\t\t\t<p>19:00 Film-Performance mit Njoki Ngumi: WE WERE ALL ROOTING FOR YOU!, 90 min.<\/p>\n<p>&nbsp;<\/p>\n\n\t\t\t\t\t\t\t\t\t\t\t\t\t\t\t\t\t\t\t\t\t\t\t\t\t\t\t\t\t\t\t\t\t\n\t\t\t\t\t\t\t\t\t\t\t<div class=\"row\">\n\t\t\t\t\t\t\t\t\t\t\t\t<div class=\"col-xs-9 col-md-9\">\n\t\t\t\t\t\t\t\t\t\t\t\t\t<div class=\"box\">\n\t\t\t\t\t\t\t\t\t\t\t\t\t\t\t\t\t\t\t\t\t\t\t\t\t\t\t<\/div>\n\t\t\t\t\t\t\t\t\t\t\t\t<\/div>\n\t\t\t\t\t\t\t\t\t\t\t<\/div>\n\n\t\t\t\t\t\t\t\t\t\t\t\t\t\t\t\t\t\t\t\t\t<\/div>\n\t\t\t\t\t\t\t\t\t<\/div>\n\t\t\t\t\t\t\t\t<\/div>\n\t\t\t\t\t\t\t\t<\/block-accordion-item>\n\t\t\t\t\t\t\t\t\t\t\t\t\t\t<block-accordion-item inline-template item-headline=\"04.03.2022 Cine na Biso, Democratic Republic of Congo\">\n\t\t\t\t\t\t\t\t<div ref=\"item\" data-id=\"04032022CinenaBisoDemocraticRepublicofCongo\" class=\"block-accordion-item vue-initialize\" aria-expanded=\"false\" :aria-expanded=\"active ? 'true' : 'false'\">\n\t\t\t\t\t\t\t\t\t<button class=\"accordion-button-with-icon block-accordion-item-head\" :class=\"{'button-active': active}\" ref=\"head\" aria-controls=\"acc_69f59a57ef20a\" id=\"acc_title_69f59a57ef20b\" @click=\"toggle\" @keydown=\"key\">\n\t\t\t\t\t\t\t\t\t<div><span class=\"button-label\">04.03.2022 Cine na Biso, Democratic Republic of Congo<\/span><\/div><span class=\"button-icon icon-plus\" aria-hidden=\"true\"><\/span>\n\t\t\t\t\t\t\t\t<\/button>\n\t\t\t\t\t\t\t\t\t<div ref=\"body\" class=\"block-accordion-item-content\" id=\"acc_69f59a57ef20a\" role=\"region\">\n\t\t\t\t\t\t\t\t\t\t<div class=\"wrapper copy\">\n\t\t\t\t\t\t\t\t\t\t\t<p>17:00 Cine-Lecture mit Tshoper Kabambi: LIGHT IN THE HEART OF DARKNESS<\/p>\n<p>19:00 Film: LA VIE EST BELLE, Mweze Ngangura &amp; Benoi\u0302t Lamy, Belgium \/ Democratic Republic of Congo, 1987, 83 min.<\/p>\n\n\t\t\t\t\t\t\t\t\t\t\t\t\t\t\t\t\t\t\t\t\t\t\t\t\t\t\t\t\t\t\t\t\t\n\t\t\t\t\t\t\t\t\t\t\t<div class=\"row\">\n\t\t\t\t\t\t\t\t\t\t\t\t<div class=\"col-xs-9 col-md-9\">\n\t\t\t\t\t\t\t\t\t\t\t\t\t<div class=\"box\">\n\t\t\t\t\t\t\t\t\t\t\t\t\t\t\t\t\t\t\t\t\t\t\t\t\t\t\t<\/div>\n\t\t\t\t\t\t\t\t\t\t\t\t<\/div>\n\t\t\t\t\t\t\t\t\t\t\t<\/div>\n\n\t\t\t\t\t\t\t\t\t\t\t\t\t\t\t\t\t\t\t\t\t<\/div>\n\t\t\t\t\t\t\t\t\t<\/div>\n\t\t\t\t\t\t\t\t<\/div>\n\t\t\t\t\t\t\t\t<\/block-accordion-item>\n\t\t\t\t\t\t\t\t\t\t\t\t\t\t<block-accordion-item inline-template item-headline=\"05.03.2022 Manyatta Screenings, Kenya\">\n\t\t\t\t\t\t\t\t<div ref=\"item\" data-id=\"05032022ManyattaScreeningsKenya\" class=\"block-accordion-item vue-initialize\" aria-expanded=\"false\" :aria-expanded=\"active ? 'true' : 'false'\">\n\t\t\t\t\t\t\t\t\t<button class=\"accordion-button-with-icon block-accordion-item-head\" :class=\"{'button-active': active}\" ref=\"head\" aria-controls=\"acc_69f59a57ef4b5\" id=\"acc_title_69f59a57ef4b7\" @click=\"toggle\" @keydown=\"key\">\n\t\t\t\t\t\t\t\t\t<div><span class=\"button-label\">05.03.2022 Manyatta Screenings, Kenya<\/span><\/div><span class=\"button-icon icon-plus\" aria-hidden=\"true\"><\/span>\n\t\t\t\t\t\t\t\t<\/button>\n\t\t\t\t\t\t\t\t\t<div ref=\"body\" class=\"block-accordion-item-content\" id=\"acc_69f59a57ef4b5\" role=\"region\">\n\t\t\t\t\t\t\t\t\t\t<div class=\"wrapper copy\">\n\t\t\t\t\t\t\t\t\t\t\t<p>17:00 Cine-Lecture mit Fibby Kioria \/ Hawa Essuman: SHOW THE RIGHT FILM<\/p>\n<p>19:00 Film: KATI KATI, Mbithi Masya, Kenya, 2016, 75 min.<\/p>\n\n\t\t\t\t\t\t\t\t\t\t\t\t\t\t\t\t\t\t\t\t\t\t\t\t\t\t\t\t\t\t\t\t\t\n\t\t\t\t\t\t\t\t\t\t\t<div class=\"row\">\n\t\t\t\t\t\t\t\t\t\t\t\t<div class=\"col-xs-9 col-md-9\">\n\t\t\t\t\t\t\t\t\t\t\t\t\t<div class=\"box\">\n\t\t\t\t\t\t\t\t\t\t\t\t\t\t\t\t\t\t\t\t\t\t\t\t\t\t\t<\/div>\n\t\t\t\t\t\t\t\t\t\t\t\t<\/div>\n\t\t\t\t\t\t\t\t\t\t\t<\/div>\n\n\t\t\t\t\t\t\t\t\t\t\t\t\t\t\t\t\t\t\t\t\t<\/div>\n\t\t\t\t\t\t\t\t\t<\/div>\n\t\t\t\t\t\t\t\t<\/div>\n\t\t\t\t\t\t\t\t<\/block-accordion-item>\n\t\t\t\t\t\t\t\t\t\t\t\t\t\t<block-accordion-item inline-template item-headline=\"06.03.2022 Sudanese Filmmaking Association, Sudan\">\n\t\t\t\t\t\t\t\t<div ref=\"item\" data-id=\"06032022SudaneseFilmmakingAssociationSudan\" class=\"block-accordion-item vue-initialize\" aria-expanded=\"false\" :aria-expanded=\"active ? 'true' : 'false'\">\n\t\t\t\t\t\t\t\t\t<button class=\"accordion-button-with-icon block-accordion-item-head\" :class=\"{'button-active': active}\" ref=\"head\" aria-controls=\"acc_69f59a57ef721\" id=\"acc_title_69f59a57ef722\" @click=\"toggle\" @keydown=\"key\">\n\t\t\t\t\t\t\t\t\t<div><span class=\"button-label\">06.03.2022 Sudanese Filmmaking Association, Sudan<\/span><\/div><span class=\"button-icon icon-plus\" aria-hidden=\"true\"><\/span>\n\t\t\t\t\t\t\t\t<\/button>\n\t\t\t\t\t\t\t\t\t<div ref=\"body\" class=\"block-accordion-item-content\" id=\"acc_69f59a57ef721\" role=\"region\">\n\t\t\t\t\t\t\t\t\t\t<div class=\"wrapper copy\">\n\t\t\t\t\t\t\t\t\t\t\t<p>17:00 Cine-Lecture mit Mohamed Awad Farah: TALKING ABOUT THE REVOLUTION<\/p>\n<p>19:00 Film: TALKING ABOUT TREES (BANC D\u2019ATTENTE), Suhaib Gasmelbari, Sudan \/ France \/ Chad, 2019, 93 min.<\/p>\n\n\t\t\t\t\t\t\t\t\t\t\t\t\t\t\t\t\t\t\t\t\t\t\t\t\t\t\t\t\t\t\t\t\t\n\t\t\t\t\t\t\t\t\t\t\t<div class=\"row\">\n\t\t\t\t\t\t\t\t\t\t\t\t<div class=\"col-xs-9 col-md-9\">\n\t\t\t\t\t\t\t\t\t\t\t\t\t<div class=\"box\">\n\t\t\t\t\t\t\t\t\t\t\t\t\t\t\t\t\t\t\t\t\t\t\t\t\t\t\t<\/div>\n\t\t\t\t\t\t\t\t\t\t\t\t<\/div>\n\t\t\t\t\t\t\t\t\t\t\t<\/div>\n\n\t\t\t\t\t\t\t\t\t\t\t\t\t\t\t\t\t\t\t\t\t<\/div>\n\t\t\t\t\t\t\t\t\t<\/div>\n\t\t\t\t\t\t\t\t<\/div>\n\t\t\t\t\t\t\t\t<\/block-accordion-item>\n\t\t\t\t\t\t\t\t\t\t\t\t\t\t<block-accordion-item inline-template item-headline=\"07.03.2022 Sunshine Cinema, South Africa\">\n\t\t\t\t\t\t\t\t<div ref=\"item\" data-id=\"07032022SunshineCinemaSouthAfrica\" class=\"block-accordion-item vue-initialize\" aria-expanded=\"false\" :aria-expanded=\"active ? 'true' : 'false'\">\n\t\t\t\t\t\t\t\t\t<button class=\"accordion-button-with-icon block-accordion-item-head\" :class=\"{'button-active': active}\" ref=\"head\" aria-controls=\"acc_69f59a57ef951\" id=\"acc_title_69f59a57ef952\" @click=\"toggle\" @keydown=\"key\">\n\t\t\t\t\t\t\t\t\t<div><span class=\"button-label\">07.03.2022 Sunshine Cinema, South Africa<\/span><\/div><span class=\"button-icon icon-plus\" aria-hidden=\"true\"><\/span>\n\t\t\t\t\t\t\t\t<\/button>\n\t\t\t\t\t\t\t\t\t<div ref=\"body\" class=\"block-accordion-item-content\" id=\"acc_69f59a57ef951\" role=\"region\">\n\t\t\t\t\t\t\t\t\t\t<div class=\"wrapper copy\">\n\t\t\t\t\t\t\t\t\t\t\t<p>17:00 Cine-Lecture mit Sydelle Willow Smith: SOUTH AFRICAN SENSIBILITIES<\/p>\n<p>19:00 Film: COME BACK, AFRICA!, Lionel Rogosin, South Africa \/ USA, 1958, 86 min.<\/p>\n\n\t\t\t\t\t\t\t\t\t\t\t\t\t\t\t\t\t\t\t\t\t\t\t\t\t\t\t\t\t\t\t\t\t\n\t\t\t\t\t\t\t\t\t\t\t<div class=\"row\">\n\t\t\t\t\t\t\t\t\t\t\t\t<div class=\"col-xs-9 col-md-9\">\n\t\t\t\t\t\t\t\t\t\t\t\t\t<div class=\"box\">\n\t\t\t\t\t\t\t\t\t\t\t\t\t\t\t\t\t\t\t\t\t\t\t\t\t\t\t<\/div>\n\t\t\t\t\t\t\t\t\t\t\t\t<\/div>\n\t\t\t\t\t\t\t\t\t\t\t<\/div>\n\n\t\t\t\t\t\t\t\t\t\t\t\t\t\t\t\t\t\t\t\t\t<\/div>\n\t\t\t\t\t\t\t\t\t<\/div>\n\t\t\t\t\t\t\t\t<\/div>\n\t\t\t\t\t\t\t\t<\/block-accordion-item>\n\t\t\t\t\t\t\t\t\t\t\t\t\t<\/div>\n\t\t\t\t\t\t<\/block-accordion>\n\t\t\t\t\t\t\t\t\t<\/div>\n\t\t\t<\/div>\n\t\t<\/div>\n\t<\/div>\n<\/section>\n\n\n<section class=\"block block-teaser col-4 \" style=\"\">\n\t<lazy-component :fixed-min-height=\"400\">\n\t\n\t\t\t\t\t<div class=\"container-fluid\">\n\t\t\t\t<div class=\"row bottom-xs\">\n\t\t\t\t\t<div class=\"col-xs-12 col-md-8\">\n\t\t\t\t\t\t<h4>KIZOBAZOBA! im Humboldt Forum<\/h4>\t\t\t\t\t\t\t\t\t\t\t\t\t\t\t\t\t\t\t<\/div>\n\t\t\t\t\t<div class=\"col-xs-12 col-md-4 start-xs end-md margin-bottom-sixth\">\n\t\t\t\t\t\t\t\t\t\t\t<\/div>\n\t\t\t\t<\/div>\n\t\t\t\t<ul class=\"row\"> <li class=\"col-xs-6 col-sm-4 col-md-3 teaser-wrapper col-padding-remove\">\n\t<calendarteaser key=\"3763110462\" rawitem='{&quot;postId&quot;:37631,&quot;title&quot;:&quot;PHOENIX FROM ASHES&quot;,&quot;excerpt&quot;:&quot;&quot;,&quot;slug&quot;:&quot;phoenix-from-ashes&quot;,&quot;post_date&quot;:&quot;2022-02-03T08:51&quot;,&quot;type&quot;:&quot;event&quot;,&quot;permalink&quot;:&quot;https:\\\/\\\/www.humboldtforum.org\\\/de\\\/programm\\\/termin\\\/film-video\\\/phoenix-from-ashes-37631\\\/&quot;,&quot;genre&quot;:[729,1078],&quot;genre_details&quot;:[{&quot;text&quot;:&quot;Film\\\/Video&quot;,&quot;id&quot;:729,&quot;icon&quot;:null,&quot;parent&quot;:0},{&quot;text&quot;:&quot;Gespr\\u00e4ch&quot;,&quot;id&quot;:1078,&quot;icon&quot;:null,&quot;parent&quot;:0}],&quot;topic&quot;:[782],&quot;topic_details&quot;:[{&quot;text&quot;:&quot;Kolonialismus und Kolonialit\\u00e4t&quot;,&quot;id&quot;:782,&quot;icon&quot;:null,&quot;parent&quot;:0}],&quot;stakeholder&quot;:[382],&quot;stakeholder_details&quot;:[{&quot;text&quot;:&quot;Stiftung Humboldt Forum im Berliner Schloss&quot;,&quot;id&quot;:382,&quot;icon&quot;:null,&quot;parent&quot;:0}],&quot;targetgroup&quot;:[383],&quot;targetgroup_details&quot;:[{&quot;text&quot;:&quot;Erwachsene&quot;,&quot;id&quot;:383,&quot;icon&quot;:null,&quot;parent&quot;:0}],&quot;language&quot;:[385],&quot;language_details&quot;:[{&quot;text&quot;:&quot;Englisch&quot;,&quot;id&quot;:385,&quot;icon&quot;:null,&quot;parent&quot;:0}],&quot;accessability&quot;:[430],&quot;accessability_details&quot;:[{&quot;text&quot;:&quot;Rollstuhlgerecht&quot;,&quot;id&quot;:430,&quot;icon&quot;:null,&quot;parent&quot;:0}],&quot;age&quot;:[1264],&quot;age_details&quot;:[{&quot;text&quot;:&quot;Erwachsene&quot;,&quot;id&quot;:1264,&quot;icon&quot;:null,&quot;parent&quot;:0}],&quot;place&quot;:[883],&quot;place_details&quot;:{&quot;place&quot;:&quot;Humboldt Forum&quot;,&quot;map&quot;:&quot;Humboldt Forum, Schlossplatz, Berlin&quot;,&quot;room&quot;:&quot;Saal 2, EG&quot;},&quot;icon_overwrite&quot;:&quot;&quot;,&quot;acf&quot;:{&quot;noindex&quot;:false,&quot;keywords&quot;:&quot;&quot;,&quot;hashtag&quot;:&quot;HumboldtForum&quot;,&quot;belongsto&quot;:[37600],&quot;shorturl&quot;:&quot;&quot;,&quot;times&quot;:[],&quot;planning&quot;:{&quot;price&quot;:&quot;Eintritt frei&quot;,&quot;admission&quot;:&quot;&quot;,&quot;pause&quot;:&quot;&quot;,&quot;duration&quot;:&quot;&quot;},&quot;subline&quot;:&quot;Cine-Lecture und Publikumsgespr\\u00e4ch&quot;,&quot;subline_feature&quot;:&quot;&quot;,&quot;marketing_text&quot;:&quot;&quot;,&quot;shorttext&quot;:&quot;&quot;,&quot;longtext&quot;:&quot;&quot;,&quot;additional_info&quot;:{&quot;icon&quot;:&quot;icon-contact&quot;,&quot;text&quot;:&quot;Englisch mit deutscher Simultan\\u00fcbersetzung&quot;},&quot;highlight_header&quot;:false,&quot;featured_images&quot;:[37638],&quot;video&quot;:false,&quot;use_video_in_teasers&quot;:false,&quot;hyphenation&quot;:true,&quot;tipp&quot;:false,&quot;alert_text&quot;:&quot;&quot;,&quot;joker&quot;:false,&quot;live&quot;:false,&quot;overwrite_date&quot;:&quot;&quot;,&quot;hide_event_in_program&quot;:false,&quot;infotext&quot;:&quot;17:00-17:50: Cine-Lecture, danach Publikumsgespr\\u00e4ch&quot;},&quot;date&quot;:{&quot;NX&quot;:null,&quot;NXX&quot;:null,&quot;NLAST&quot;:&quot;202203021500&quot;,&quot;from_DATE&quot;:&quot;20220302 17:00&quot;,&quot;from&quot;:1646233200,&quot;to&quot;:1646233200,&quot;to_DATE&quot;:&quot;20220302 17:00&quot;,&quot;from_HRFSHORT&quot;:&quot; 2. M\\u00e4r 2022&quot;,&quot;from_HRFSHORT_WD&quot;:&quot;Mi 02.03.2022&quot;,&quot;to_HRFSHORT&quot;:&quot; 2. M\\u00e4r 2022&quot;,&quot;to_HRFSHORT_WD&quot;:&quot;Mi 02.03.2022&quot;,&quot;from_HRF&quot;:&quot;Mi,  2. M\\u00e4rz 2022&quot;,&quot;to_HRF&quot;:&quot;Mi,  2. M\\u00e4rz 2022&quot;,&quot;from_to_HRF&quot;:&quot;Mi,  2. M\\u00e4rz \\u2013 Mi,  2. M\\u00e4rz 2022&quot;,&quot;from_to_HRFSHORT&quot;:&quot; 2. M\\u00e4r \\u2013  2. M\\u00e4r 2022&quot;},&quot;alert&quot;:null,&quot;partof&quot;:[37600],&quot;marketing_topic&quot;:{&quot;title&quot;:&quot;KIZOBAZOBA!&quot;,&quot;ID&quot;:37600,&quot;reason&quot;:&quot;sequence&quot;}}' inline-template>\n\t<a href=\"https:\/\/www.humboldtforum.org\/de\/programm\/termin\/film-video\/phoenix-from-ashes-37631\/\" class=\"teaser teaser-event teaser-event-standard\">\n\t\t<div class=\"row\">\n\t\t\t<div class=\"col-xs-12 teaser-event-image\">\n\t\t\t\t<div class=\"teaser-image teaser-image-no-alternate\">\n\t\t\t\t\t\t\t\t\t\t\t\n\t<lazy-media-inline inline-template>\n\t\t<figure itemscope itemtype=\"http:\/\/schema.org\/ImageObject\" class=\"lazy-media-inline \" role=\"group\" id=\"media_69f59a585b786\" aria-labelledby=\"desc_media_69f59a585b786\">\n\t\t\t<script type=\"application\/json\" ref=\"data\">\n\t\t\t\t{\n\t\t\t\t\"sizes\" : {\"medium\":{\"file\":\"SHF_eb00108661-300x170.jpg\",\"width\":300,\"height\":170,\"mime-type\":\"image\\\/jpeg\"},\"large\":{\"file\":\"SHF_eb00108661-1024x580.jpg\",\"width\":1024,\"height\":580,\"mime-type\":\"image\\\/jpeg\"},\"thumbnail\":{\"file\":\"SHF_eb00108661-150x150.jpg\",\"width\":150,\"height\":150,\"mime-type\":\"image\\\/jpeg\"},\"medium_large\":{\"file\":\"SHF_eb00108661-768x435.jpg\",\"width\":768,\"height\":435,\"mime-type\":\"image\\\/jpeg\"},\"small\":{\"file\":\"SHF_eb00108661-440x249.jpg\",\"width\":440,\"height\":249,\"mime-type\":\"image\\\/jpeg\"},\"semi\":{\"file\":\"SHF_eb00108661-580x329.jpg\",\"width\":580,\"height\":329,\"mime-type\":\"image\\\/jpeg\"},\"mobile\":{\"file\":\"SHF_eb00108661-720x408.jpg\",\"width\":720,\"height\":408,\"mime-type\":\"image\\\/jpeg\"},\"hd\":{\"file\":\"SHF_eb00108661-1280x725.jpg\",\"width\":1280,\"height\":725,\"mime-type\":\"image\\\/jpeg\"},\"1536x1536\":{\"file\":\"SHF_eb00108661-1536x870.jpg\",\"width\":1536,\"height\":870,\"mime-type\":\"image\\\/jpeg\"},\"original\":{\"file\":\"SHF_eb00108661.jpg\",\"width\":1906,\"height\":1080}},\n\t\t\t\t\"alt\" : \"Moderne Architektur mit gew\\u00f6lbtem Dach, umgeben von Palmen und Menschen bei Sonnenuntergang.\",\n\t\t\t\t\"path\" : \"\\\/wp-content\\\/uploads\\\/2022\\\/02\\\/\",\n\t\t\t\t\"video\" : null,\n\t\t\t\t\"autoplay\" : null,\n\t\t\t\t\"youtube\" : null,\n\t\t\t\t\"youtubelabel\" : \"Video abspielen\",\n\t\t\t\t\"brightness\" : 100,\n\t\t\t\t\"crop\" : {\"top\":\"85.82\",\"left\":\"50.82\"},\n\t\t\t\t\"background\" : true,\n\t\t\t\t\"scale\" : 2\t\t\t\t}\n\t\t\t<\/script>\n\n\t\t\t<div class=\"height-container\" style=\"padding-bottom:56.663168940189%;\" v-if=\"sizes\">\n\t\t\t\t\t\t\t\t<lazy-media :inline=\"true\" :alt=\"alt\" :sizes=\"sizes\" :scale=\"scale\" :brightness=\"brightness\" :path=\"path\" :video=\"video\" :autoplay=\"autoplay\" :youtube=\"youtube\" :crop=\"crop\" :youtubelabel=\"youtubelabel\" :background=\"background\" media-id=\"desc_media_69f59a585b786\"><\/lazy-media>\n\t\t\t\t\t\t\t<\/div>\n\n\t\t\t\t\t\t\t<figcaption class=\"sr-only\" ref=\"body\" id=\"desc_media_69f59a585b786\">\n\t\t\t\t\t\t\t\t\t\t\t<div>Rendering des Cine Guimbi in Burkina Faso der ASCBF<\/div>\n\t\t\t\t\t\t\t\t\t\t\t\t\t\t\t\t\t\t\t\t\t<div class=\"insignificant\">\u00a9 ASCBF (Association de Soutien du Cin\u00e9ma Burkina Faso)\r\n<\/div>\n\t\t\t\t\t\t\t\t\t<\/figcaption>\n\t\t\t\t\t<\/figure>\n\t<\/lazy-media-inline>\n\t\t\t\t<\/div>\n\t\t\t<\/div>\n\t\t\t<div class=\"col-xs-12 teaser-event-text Infos\">\n\t\t\t\t<div class=\"teaser-event-standard-text\">\n\t\t\t\t\t<div class=\"margin-bottom-atom\">\n\t\t\t\t\t\t<div class=\"subline clamp-1\" v-html=\"maingenre\"><\/div>\n\t\t\t\t\t\t\t\t\t\t\t\t\t<div class=\"insignificant clamp-2\">KIZOBAZOBA!<\/div>\n\t\t\t\t\t\t\t\t\t\t\t<\/div>\n\t\t\t\t\n\t\t\t\t\t<strong class=\"margin-bottom-atom\">PHOENIX FROM ASHES<\/strong>\n\n\t\t\t\t\t\t\t\t\t\t\t<div class=\"\">Cine-Lecture und Publikumsgespr\u00e4ch<\/div>\n\t\t\t\t\t\t\t\t\t<\/div>\n\t\t\t\t<div class=\"teaser-bottom border-bottom\">\n\t\t\t\t<calendardateline :rawitem='item' :show-icon=\"true\"><\/calendardateline>\n\t\t\t\t\t<hr>\n\t\t\t\t<\/div>\n\t\t\t<\/div>\n\t\t<\/div>\n\t<\/a>\n\t<\/calendarteaser>\n<\/li>\n\n<li class=\"col-xs-6 col-sm-4 col-md-3 teaser-wrapper col-padding-remove\">\n\t<calendarteaser key=\"3764916332\" rawitem='{&quot;postId&quot;:37649,&quot;title&quot;:&quot;BAAMUM NAFI (NAFI\\u2019S FATHER)&quot;,&quot;excerpt&quot;:&quot;&quot;,&quot;slug&quot;:&quot;baamum-nafi-nafis-father&quot;,&quot;post_date&quot;:&quot;2022-02-02T13:59&quot;,&quot;type&quot;:&quot;event&quot;,&quot;permalink&quot;:&quot;https:\\\/\\\/www.humboldtforum.org\\\/de\\\/programm\\\/termin\\\/film-video\\\/baamum-nafi-nafis-father-37649\\\/&quot;,&quot;genre&quot;:[729],&quot;genre_details&quot;:[{&quot;text&quot;:&quot;Film\\\/Video&quot;,&quot;id&quot;:729,&quot;icon&quot;:null,&quot;parent&quot;:0}],&quot;topic&quot;:[782],&quot;topic_details&quot;:[{&quot;text&quot;:&quot;Kolonialismus und Kolonialit\\u00e4t&quot;,&quot;id&quot;:782,&quot;icon&quot;:null,&quot;parent&quot;:0}],&quot;stakeholder&quot;:[382],&quot;stakeholder_details&quot;:[{&quot;text&quot;:&quot;Stiftung Humboldt Forum im Berliner Schloss&quot;,&quot;id&quot;:382,&quot;icon&quot;:null,&quot;parent&quot;:0}],&quot;targetgroup&quot;:[383,455],&quot;targetgroup_details&quot;:[{&quot;text&quot;:&quot;Erwachsene&quot;,&quot;id&quot;:383,&quot;icon&quot;:null,&quot;parent&quot;:0},{&quot;text&quot;:&quot;Jugendliche&quot;,&quot;id&quot;:455,&quot;icon&quot;:null,&quot;parent&quot;:0}],&quot;language&quot;:[384,385],&quot;language_details&quot;:[{&quot;text&quot;:&quot;Deutsch&quot;,&quot;id&quot;:384,&quot;icon&quot;:null,&quot;parent&quot;:0},{&quot;text&quot;:&quot;Englisch&quot;,&quot;id&quot;:385,&quot;icon&quot;:null,&quot;parent&quot;:0}],&quot;accessability&quot;:[430],&quot;accessability_details&quot;:[{&quot;text&quot;:&quot;Rollstuhlgerecht&quot;,&quot;id&quot;:430,&quot;icon&quot;:null,&quot;parent&quot;:0}],&quot;age&quot;:[451,1264],&quot;age_details&quot;:[{&quot;text&quot;:&quot;ab 14 Jahre&quot;,&quot;id&quot;:451,&quot;icon&quot;:null,&quot;parent&quot;:0},{&quot;text&quot;:&quot;Erwachsene&quot;,&quot;id&quot;:1264,&quot;icon&quot;:null,&quot;parent&quot;:0}],&quot;place&quot;:[883],&quot;place_details&quot;:{&quot;place&quot;:&quot;Humboldt Forum&quot;,&quot;map&quot;:&quot;Humboldt Forum, Schlossplatz, Berlin&quot;,&quot;room&quot;:&quot;Saal 2, EG&quot;},&quot;icon_overwrite&quot;:&quot;&quot;,&quot;acf&quot;:{&quot;belongsto&quot;:[37600],&quot;noindex&quot;:false,&quot;keywords&quot;:&quot;&quot;,&quot;hashtag&quot;:&quot;HumboldtForum&quot;,&quot;shorturl&quot;:&quot;&quot;,&quot;times&quot;:[],&quot;planning&quot;:{&quot;price&quot;:&quot;5 EUR, erm\\u00e4\\u00dfigt 2,50 EUR&quot;,&quot;admission&quot;:&quot;&quot;,&quot;pause&quot;:&quot;&quot;,&quot;duration&quot;:&quot;&quot;},&quot;subline&quot;:&quot;von Mamadou Dia&quot;,&quot;additional_info&quot;:{&quot;icon&quot;:&quot;icon-live-fill&quot;,&quot;text&quot;:&quot;Senegal 2019, 109 min., Englisch\\\/Fulfulde, deutsche Untertitel&quot;},&quot;highlight_header&quot;:false,&quot;featured_images&quot;:[37651],&quot;use_video_in_teasers&quot;:false,&quot;hyphenation&quot;:true,&quot;tipp&quot;:false,&quot;joker&quot;:false,&quot;live&quot;:false,&quot;hide_event_in_program&quot;:false,&quot;infotext&quot;:&quot;empf. ab 14 Jahren&quot;},&quot;date&quot;:{&quot;NX&quot;:null,&quot;NXX&quot;:null,&quot;NLAST&quot;:&quot;202203021700&quot;,&quot;from_DATE&quot;:&quot;20220302 19:00&quot;,&quot;from&quot;:1646240400,&quot;to&quot;:1646240400,&quot;to_DATE&quot;:&quot;20220302 19:00&quot;,&quot;from_HRFSHORT&quot;:&quot; 2. M\\u00e4r 2022&quot;,&quot;from_HRFSHORT_WD&quot;:&quot;Mi 02.03.2022&quot;,&quot;to_HRFSHORT&quot;:&quot; 2. M\\u00e4r 2022&quot;,&quot;to_HRFSHORT_WD&quot;:&quot;Mi 02.03.2022&quot;,&quot;from_HRF&quot;:&quot;Mi,  2. M\\u00e4rz 2022&quot;,&quot;to_HRF&quot;:&quot;Mi,  2. M\\u00e4rz 2022&quot;,&quot;from_to_HRF&quot;:&quot;Mi,  2. M\\u00e4rz \\u2013 Mi,  2. M\\u00e4rz 2022&quot;,&quot;from_to_HRFSHORT&quot;:&quot; 2. M\\u00e4r \\u2013  2. M\\u00e4r 2022&quot;},&quot;alert&quot;:null,&quot;partof&quot;:[37600],&quot;marketing_topic&quot;:{&quot;title&quot;:&quot;KIZOBAZOBA!&quot;,&quot;ID&quot;:37600,&quot;reason&quot;:&quot;sequence&quot;}}' inline-template>\n\t<a href=\"https:\/\/www.humboldtforum.org\/de\/programm\/termin\/film-video\/baamum-nafi-nafis-father-37649\/\" class=\"teaser teaser-event teaser-event-standard\">\n\t\t<div class=\"row\">\n\t\t\t<div class=\"col-xs-12 teaser-event-image\">\n\t\t\t\t<div class=\"teaser-image teaser-image-no-alternate\">\n\t\t\t\t\t\t\t\t\t\t\t\n\t<lazy-media-inline inline-template>\n\t\t<figure itemscope itemtype=\"http:\/\/schema.org\/ImageObject\" class=\"lazy-media-inline \" role=\"group\" id=\"media_69f59a585c581\" aria-labelledby=\"desc_media_69f59a585c581\">\n\t\t\t<script type=\"application\/json\" ref=\"data\">\n\t\t\t\t{\n\t\t\t\t\"sizes\" : {\"medium\":{\"file\":\"SHF_eb00129024-300x169.jpg\",\"width\":300,\"height\":169,\"mime-type\":\"image\\\/jpeg\"},\"large\":{\"file\":\"SHF_eb00129024-1024x579.jpg\",\"width\":1024,\"height\":579,\"mime-type\":\"image\\\/jpeg\"},\"thumbnail\":{\"file\":\"SHF_eb00129024-150x150.jpg\",\"width\":150,\"height\":150,\"mime-type\":\"image\\\/jpeg\"},\"medium_large\":{\"file\":\"SHF_eb00129024-768x434.jpg\",\"width\":768,\"height\":434,\"mime-type\":\"image\\\/jpeg\"},\"small\":{\"file\":\"SHF_eb00129024-440x249.jpg\",\"width\":440,\"height\":249,\"mime-type\":\"image\\\/jpeg\"},\"semi\":{\"file\":\"SHF_eb00129024-580x328.jpg\",\"width\":580,\"height\":328,\"mime-type\":\"image\\\/jpeg\"},\"mobile\":{\"file\":\"SHF_eb00129024-720x407.jpg\",\"width\":720,\"height\":407,\"mime-type\":\"image\\\/jpeg\"},\"hd\":{\"file\":\"SHF_eb00129024-1280x723.jpg\",\"width\":1280,\"height\":723,\"mime-type\":\"image\\\/jpeg\"},\"full\":{\"file\":\"SHF_eb00129024-1920x1085.jpg\",\"width\":1920,\"height\":1085,\"mime-type\":\"image\\\/jpeg\"},\"1536x1536\":{\"file\":\"SHF_eb00129024-1536x868.jpg\",\"width\":1536,\"height\":868,\"mime-type\":\"image\\\/jpeg\"},\"original\":{\"file\":\"SHF_eb00129024.jpg\",\"width\":2048,\"height\":1157}},\n\t\t\t\t\"alt\" : \"Mann in traditioneller Kleidung sitzt, w\\u00e4hrend eine Frau ihn von hinten ber\\u00fchrt. Gem\\u00fctliche Atmosph\\u00e4re im Innenraum.\",\n\t\t\t\t\"path\" : \"\\\/wp-content\\\/uploads\\\/2022\\\/02\\\/\",\n\t\t\t\t\"video\" : null,\n\t\t\t\t\"autoplay\" : null,\n\t\t\t\t\"youtube\" : null,\n\t\t\t\t\"youtubelabel\" : \"Video abspielen\",\n\t\t\t\t\"brightness\" : 100,\n\t\t\t\t\"crop\" : null,\n\t\t\t\t\"background\" : true,\n\t\t\t\t\"scale\" : 2\t\t\t\t}\n\t\t\t<\/script>\n\n\t\t\t<div class=\"height-container\" style=\"padding-bottom:56.494140625%;\" v-if=\"sizes\">\n\t\t\t\t\t\t\t\t<lazy-media :inline=\"true\" :alt=\"alt\" :sizes=\"sizes\" :scale=\"scale\" :brightness=\"brightness\" :path=\"path\" :video=\"video\" :autoplay=\"autoplay\" :youtube=\"youtube\" :crop=\"crop\" :youtubelabel=\"youtubelabel\" :background=\"background\" media-id=\"desc_media_69f59a585c581\"><\/lazy-media>\n\t\t\t\t\t\t\t<\/div>\n\n\t\t\t\t\t\t\t<figcaption class=\"sr-only\" ref=\"body\" id=\"desc_media_69f59a585c581\">\n\t\t\t\t\t\t\t\t\t\t\t<div>Filmstill Baamum Nafi (Nafi&#039;s Father)<\/div>\n\t\t\t\t\t\t\t\t\t\t\t\t\t\t\t\t\t\t\t\t\t<div class=\"insignificant\">\u00a9 The Festival Agency<\/div>\n\t\t\t\t\t\t\t\t\t<\/figcaption>\n\t\t\t\t\t<\/figure>\n\t<\/lazy-media-inline>\n\t\t\t\t<\/div>\n\t\t\t<\/div>\n\t\t\t<div class=\"col-xs-12 teaser-event-text Infos\">\n\t\t\t\t<div class=\"teaser-event-standard-text\">\n\t\t\t\t\t<div class=\"margin-bottom-atom\">\n\t\t\t\t\t\t<div class=\"subline clamp-1\" v-html=\"maingenre\"><\/div>\n\t\t\t\t\t\t\t\t\t\t\t\t\t<div class=\"insignificant clamp-2\">KIZOBAZOBA!<\/div>\n\t\t\t\t\t\t\t\t\t\t\t<\/div>\n\t\t\t\t\n\t\t\t\t\t<strong class=\"margin-bottom-atom\">BAAMUM NAFI (NAFI\u2019S FATHER)<\/strong>\n\n\t\t\t\t\t\t\t\t\t\t\t<div class=\"\">von Mamadou Dia<\/div>\n\t\t\t\t\t\t\t\t\t<\/div>\n\t\t\t\t<div class=\"teaser-bottom border-bottom\">\n\t\t\t\t<calendardateline :rawitem='item' :show-icon=\"true\"><\/calendardateline>\n\t\t\t\t\t<hr>\n\t\t\t\t<\/div>\n\t\t\t<\/div>\n\t\t<\/div>\n\t<\/a>\n\t<\/calendarteaser>\n<\/li>\n\n<li class=\"col-xs-6 col-sm-4 col-md-3 teaser-wrapper col-padding-remove\">\n\t<calendarteaser key=\"376855103\" rawitem='{&quot;postId&quot;:37685,&quot;title&quot;:&quot;WE WERE ALL ROOTING FOR YOU!&quot;,&quot;excerpt&quot;:&quot;&quot;,&quot;slug&quot;:&quot;we-were-all-rooting-for-you&quot;,&quot;post_date&quot;:&quot;2022-02-02T14:51&quot;,&quot;type&quot;:&quot;event&quot;,&quot;permalink&quot;:&quot;https:\\\/\\\/www.humboldtforum.org\\\/de\\\/programm\\\/termin\\\/performance\\\/we-were-all-rooting-for-you-37685\\\/&quot;,&quot;genre&quot;:[930],&quot;genre_details&quot;:[{&quot;text&quot;:&quot;Performance&quot;,&quot;id&quot;:930,&quot;icon&quot;:null,&quot;parent&quot;:0}],&quot;topic&quot;:[782],&quot;topic_details&quot;:[{&quot;text&quot;:&quot;Kolonialismus und Kolonialit\\u00e4t&quot;,&quot;id&quot;:782,&quot;icon&quot;:null,&quot;parent&quot;:0}],&quot;stakeholder&quot;:[382],&quot;stakeholder_details&quot;:[{&quot;text&quot;:&quot;Stiftung Humboldt Forum im Berliner Schloss&quot;,&quot;id&quot;:382,&quot;icon&quot;:null,&quot;parent&quot;:0}],&quot;targetgroup&quot;:[383,455],&quot;targetgroup_details&quot;:[{&quot;text&quot;:&quot;Erwachsene&quot;,&quot;id&quot;:383,&quot;icon&quot;:null,&quot;parent&quot;:0},{&quot;text&quot;:&quot;Jugendliche&quot;,&quot;id&quot;:455,&quot;icon&quot;:null,&quot;parent&quot;:0}],&quot;language&quot;:[385],&quot;language_details&quot;:[{&quot;text&quot;:&quot;Englisch&quot;,&quot;id&quot;:385,&quot;icon&quot;:null,&quot;parent&quot;:0}],&quot;accessability&quot;:[430],&quot;accessability_details&quot;:[{&quot;text&quot;:&quot;Rollstuhlgerecht&quot;,&quot;id&quot;:430,&quot;icon&quot;:null,&quot;parent&quot;:0}],&quot;age&quot;:[451,1264],&quot;age_details&quot;:[{&quot;text&quot;:&quot;ab 14 Jahre&quot;,&quot;id&quot;:451,&quot;icon&quot;:null,&quot;parent&quot;:0},{&quot;text&quot;:&quot;Erwachsene&quot;,&quot;id&quot;:1264,&quot;icon&quot;:null,&quot;parent&quot;:0}],&quot;place&quot;:[883],&quot;place_details&quot;:{&quot;place&quot;:&quot;Humboldt Forum&quot;,&quot;map&quot;:&quot;Humboldt Forum, Schlossplatz, Berlin&quot;,&quot;room&quot;:&quot;Saal 2, EG&quot;},&quot;icon_overwrite&quot;:&quot;&quot;,&quot;acf&quot;:{&quot;belongsto&quot;:[37600],&quot;noindex&quot;:false,&quot;keywords&quot;:&quot;&quot;,&quot;hashtag&quot;:&quot;HumboldtForum&quot;,&quot;shorturl&quot;:&quot;&quot;,&quot;times&quot;:[],&quot;planning&quot;:{&quot;price&quot;:&quot;5 EUR, erm\\u00e4\\u00dfigt 2,50 EUR&quot;,&quot;admission&quot;:&quot;&quot;,&quot;pause&quot;:&quot;&quot;,&quot;duration&quot;:&quot;&quot;},&quot;subline&quot;:&quot;von The Nest Collective&quot;,&quot;additional_info&quot;:{&quot;icon&quot;:&quot;icon-live-fill&quot;,&quot;text&quot;:&quot;Film Performance from Njoki Ngumi, The Nest Collective, Kenya Duration ca. 90 min.&quot;},&quot;highlight_header&quot;:false,&quot;featured_images&quot;:[37686],&quot;use_video_in_teasers&quot;:false,&quot;hyphenation&quot;:true,&quot;tipp&quot;:false,&quot;joker&quot;:false,&quot;live&quot;:false,&quot;hide_event_in_program&quot;:false,&quot;tickettext&quot;:&quot;&quot;,&quot;infotext&quot;:&quot;empf. ab 14 Jahren&quot;},&quot;date&quot;:{&quot;NX&quot;:null,&quot;NXX&quot;:null,&quot;NLAST&quot;:&quot;202203031700&quot;,&quot;from_DATE&quot;:&quot;20220303 19:00&quot;,&quot;from&quot;:1646326800,&quot;to&quot;:1646326800,&quot;to_DATE&quot;:&quot;20220303 19:00&quot;,&quot;from_HRFSHORT&quot;:&quot; 3. M\\u00e4r 2022&quot;,&quot;from_HRFSHORT_WD&quot;:&quot;Do 03.03.2022&quot;,&quot;to_HRFSHORT&quot;:&quot; 3. M\\u00e4r 2022&quot;,&quot;to_HRFSHORT_WD&quot;:&quot;Do 03.03.2022&quot;,&quot;from_HRF&quot;:&quot;Do,  3. M\\u00e4rz 2022&quot;,&quot;to_HRF&quot;:&quot;Do,  3. M\\u00e4rz 2022&quot;,&quot;from_to_HRF&quot;:&quot;Do,  3. M\\u00e4rz \\u2013 Do,  3. M\\u00e4rz 2022&quot;,&quot;from_to_HRFSHORT&quot;:&quot; 3. M\\u00e4r \\u2013  3. M\\u00e4r 2022&quot;},&quot;alert&quot;:null,&quot;partof&quot;:[37600],&quot;marketing_topic&quot;:{&quot;title&quot;:&quot;KIZOBAZOBA!&quot;,&quot;ID&quot;:37600,&quot;reason&quot;:&quot;sequence&quot;}}' inline-template>\n\t<a href=\"https:\/\/www.humboldtforum.org\/de\/programm\/termin\/performance\/we-were-all-rooting-for-you-37685\/\" class=\"teaser teaser-event teaser-event-standard\">\n\t\t<div class=\"row\">\n\t\t\t<div class=\"col-xs-12 teaser-event-image\">\n\t\t\t\t<div class=\"teaser-image teaser-image-no-alternate\">\n\t\t\t\t\t\t\t\t\t\t\t\n\t<lazy-media-inline inline-template>\n\t\t<figure itemscope itemtype=\"http:\/\/schema.org\/ImageObject\" class=\"lazy-media-inline \" role=\"group\" id=\"media_69f59a585d2a0\" aria-labelledby=\"desc_media_69f59a585d2a0\">\n\t\t\t<script type=\"application\/json\" ref=\"data\">\n\t\t\t\t{\n\t\t\t\t\"sizes\" : {\"medium\":{\"file\":\"SHF_eb00129149-300x200.jpg\",\"width\":300,\"height\":200,\"mime-type\":\"image\\\/jpeg\"},\"large\":{\"file\":\"SHF_eb00129149-1024x683.jpg\",\"width\":1024,\"height\":683,\"mime-type\":\"image\\\/jpeg\"},\"thumbnail\":{\"file\":\"SHF_eb00129149-150x150.jpg\",\"width\":150,\"height\":150,\"mime-type\":\"image\\\/jpeg\"},\"medium_large\":{\"file\":\"SHF_eb00129149-768x512.jpg\",\"width\":768,\"height\":512,\"mime-type\":\"image\\\/jpeg\"},\"small\":{\"file\":\"SHF_eb00129149-440x293.jpg\",\"width\":440,\"height\":293,\"mime-type\":\"image\\\/jpeg\"},\"semi\":{\"file\":\"SHF_eb00129149-580x387.jpg\",\"width\":580,\"height\":387,\"mime-type\":\"image\\\/jpeg\"},\"mobile\":{\"file\":\"SHF_eb00129149-720x480.jpg\",\"width\":720,\"height\":480,\"mime-type\":\"image\\\/jpeg\"},\"hd\":{\"file\":\"SHF_eb00129149-1280x853.jpg\",\"width\":1280,\"height\":853,\"mime-type\":\"image\\\/jpeg\"},\"full\":{\"file\":\"SHF_eb00129149-1920x1280.jpg\",\"width\":1920,\"height\":1280,\"mime-type\":\"image\\\/jpeg\"},\"1536x1536\":{\"file\":\"SHF_eb00129149-1536x1024.jpg\",\"width\":1536,\"height\":1024,\"mime-type\":\"image\\\/jpeg\"},\"original\":{\"file\":\"SHF_eb00129149.jpg\",\"width\":2048,\"height\":1365}},\n\t\t\t\t\"alt\" : \"Konzertszene mit einem S\\u00e4nger vor einer gro\\u00dfen, k\\u00fcnstlerischen Projektion und einem begeisterten Publikum, das Funken spr\\u00fcht.\",\n\t\t\t\t\"path\" : \"\\\/wp-content\\\/uploads\\\/2022\\\/02\\\/\",\n\t\t\t\t\"video\" : null,\n\t\t\t\t\"autoplay\" : null,\n\t\t\t\t\"youtube\" : null,\n\t\t\t\t\"youtubelabel\" : \"Video abspielen\",\n\t\t\t\t\"brightness\" : 100,\n\t\t\t\t\"crop\" : null,\n\t\t\t\t\"background\" : true,\n\t\t\t\t\"scale\" : 2\t\t\t\t}\n\t\t\t<\/script>\n\n\t\t\t<div class=\"height-container\" style=\"padding-bottom:66.650390625%;\" v-if=\"sizes\">\n\t\t\t\t\t\t\t\t<lazy-media :inline=\"true\" :alt=\"alt\" :sizes=\"sizes\" :scale=\"scale\" :brightness=\"brightness\" :path=\"path\" :video=\"video\" :autoplay=\"autoplay\" :youtube=\"youtube\" :crop=\"crop\" :youtubelabel=\"youtubelabel\" :background=\"background\" media-id=\"desc_media_69f59a585d2a0\"><\/lazy-media>\n\t\t\t\t\t\t\t<\/div>\n\n\t\t\t\t\t\t\t<figcaption class=\"sr-only\" ref=\"body\" id=\"desc_media_69f59a585d2a0\">\n\t\t\t\t\t\t\t\t\t\t\t\t\t\t\t\t\t\t\t\t\t<div class=\"insignificant\">\u00a9 The Nest Collective<\/div>\n\t\t\t\t\t\t\t\t\t<\/figcaption>\n\t\t\t\t\t<\/figure>\n\t<\/lazy-media-inline>\n\t\t\t\t<\/div>\n\t\t\t<\/div>\n\t\t\t<div class=\"col-xs-12 teaser-event-text Infos\">\n\t\t\t\t<div class=\"teaser-event-standard-text\">\n\t\t\t\t\t<div class=\"margin-bottom-atom\">\n\t\t\t\t\t\t<div class=\"subline clamp-1\" v-html=\"maingenre\"><\/div>\n\t\t\t\t\t\t\t\t\t\t\t\t\t<div class=\"insignificant clamp-2\">KIZOBAZOBA!<\/div>\n\t\t\t\t\t\t\t\t\t\t\t<\/div>\n\t\t\t\t\n\t\t\t\t\t<strong class=\"margin-bottom-atom\">WE WERE ALL ROOTING FOR YOU!<\/strong>\n\n\t\t\t\t\t\t\t\t\t\t\t<div class=\"\">von The Nest Collective<\/div>\n\t\t\t\t\t\t\t\t\t<\/div>\n\t\t\t\t<div class=\"teaser-bottom border-bottom\">\n\t\t\t\t<calendardateline :rawitem='item' :show-icon=\"true\"><\/calendardateline>\n\t\t\t\t\t<hr>\n\t\t\t\t<\/div>\n\t\t\t<\/div>\n\t\t<\/div>\n\t<\/a>\n\t<\/calendarteaser>\n<\/li>\n\n<li class=\"col-xs-6 col-sm-4 col-md-3 teaser-wrapper col-padding-remove\">\n\t<calendarteaser key=\"376427224\" rawitem='{&quot;postId&quot;:37642,&quot;title&quot;:&quot;LIGHT IN THE HEART OF DARKNESS&quot;,&quot;excerpt&quot;:&quot;&quot;,&quot;slug&quot;:&quot;light-in-the-heart-of-darkness&quot;,&quot;post_date&quot;:&quot;2022-02-03T08:57&quot;,&quot;type&quot;:&quot;event&quot;,&quot;permalink&quot;:&quot;https:\\\/\\\/www.humboldtforum.org\\\/de\\\/programm\\\/termin\\\/film-video\\\/light-in-the-heart-of-darkness-37642\\\/&quot;,&quot;genre&quot;:[729,1078],&quot;genre_details&quot;:[{&quot;text&quot;:&quot;Film\\\/Video&quot;,&quot;id&quot;:729,&quot;icon&quot;:null,&quot;parent&quot;:0},{&quot;text&quot;:&quot;Gespr\\u00e4ch&quot;,&quot;id&quot;:1078,&quot;icon&quot;:null,&quot;parent&quot;:0}],&quot;topic&quot;:[782],&quot;topic_details&quot;:[{&quot;text&quot;:&quot;Kolonialismus und Kolonialit\\u00e4t&quot;,&quot;id&quot;:782,&quot;icon&quot;:null,&quot;parent&quot;:0}],&quot;stakeholder&quot;:[382],&quot;stakeholder_details&quot;:[{&quot;text&quot;:&quot;Stiftung Humboldt Forum im Berliner Schloss&quot;,&quot;id&quot;:382,&quot;icon&quot;:null,&quot;parent&quot;:0}],&quot;targetgroup&quot;:[383],&quot;targetgroup_details&quot;:[{&quot;text&quot;:&quot;Erwachsene&quot;,&quot;id&quot;:383,&quot;icon&quot;:null,&quot;parent&quot;:0}],&quot;language&quot;:[789],&quot;language_details&quot;:[{&quot;text&quot;:&quot;Franz\\u00f6sisch&quot;,&quot;id&quot;:789,&quot;icon&quot;:null,&quot;parent&quot;:0}],&quot;accessability&quot;:[430],&quot;accessability_details&quot;:[{&quot;text&quot;:&quot;Rollstuhlgerecht&quot;,&quot;id&quot;:430,&quot;icon&quot;:null,&quot;parent&quot;:0}],&quot;age&quot;:[1264],&quot;age_details&quot;:[{&quot;text&quot;:&quot;Erwachsene&quot;,&quot;id&quot;:1264,&quot;icon&quot;:null,&quot;parent&quot;:0}],&quot;place&quot;:[883],&quot;place_details&quot;:{&quot;place&quot;:&quot;Humboldt Forum&quot;,&quot;map&quot;:&quot;Humboldt Forum, Schlossplatz, Berlin&quot;,&quot;room&quot;:&quot;Saal 2, EG&quot;},&quot;icon_overwrite&quot;:&quot;&quot;,&quot;acf&quot;:{&quot;noindex&quot;:false,&quot;keywords&quot;:&quot;&quot;,&quot;hashtag&quot;:&quot;HumboldtForum&quot;,&quot;belongsto&quot;:[37600],&quot;shorturl&quot;:&quot;&quot;,&quot;times&quot;:[],&quot;planning&quot;:{&quot;price&quot;:&quot;Eintritt frei&quot;,&quot;admission&quot;:&quot;&quot;,&quot;pause&quot;:&quot;&quot;,&quot;duration&quot;:&quot;&quot;},&quot;subline&quot;:&quot;Cine-Lecture und Publikumsgespr\\u00e4ch&quot;,&quot;additional_info&quot;:{&quot;icon&quot;:&quot;icon-contact&quot;,&quot;text&quot;:&quot;Franz\\u00f6sisch mit englischer Simultan\\u00fcbersetzung&quot;},&quot;highlight_header&quot;:false,&quot;featured_images&quot;:[37643],&quot;use_video_in_teasers&quot;:false,&quot;hyphenation&quot;:true,&quot;tipp&quot;:false,&quot;joker&quot;:false,&quot;live&quot;:false,&quot;hide_event_in_program&quot;:false,&quot;infotext&quot;:&quot;17:00-17:50: Cine-Lecture, danach Publikumsgespr\\u00e4ch&quot;},&quot;date&quot;:{&quot;NX&quot;:null,&quot;NXX&quot;:null,&quot;NLAST&quot;:&quot;202203041500&quot;,&quot;from_DATE&quot;:&quot;20220304 17:00&quot;,&quot;from&quot;:1646406000,&quot;to&quot;:1646406000,&quot;to_DATE&quot;:&quot;20220304 17:00&quot;,&quot;from_HRFSHORT&quot;:&quot; 4. M\\u00e4r 2022&quot;,&quot;from_HRFSHORT_WD&quot;:&quot;Fr 04.03.2022&quot;,&quot;to_HRFSHORT&quot;:&quot; 4. M\\u00e4r 2022&quot;,&quot;to_HRFSHORT_WD&quot;:&quot;Fr 04.03.2022&quot;,&quot;from_HRF&quot;:&quot;Fr,  4. M\\u00e4rz 2022&quot;,&quot;to_HRF&quot;:&quot;Fr,  4. M\\u00e4rz 2022&quot;,&quot;from_to_HRF&quot;:&quot;Fr,  4. M\\u00e4rz \\u2013 Fr,  4. M\\u00e4rz 2022&quot;,&quot;from_to_HRFSHORT&quot;:&quot; 4. M\\u00e4r \\u2013  4. M\\u00e4r 2022&quot;},&quot;alert&quot;:null,&quot;partof&quot;:[37600],&quot;marketing_topic&quot;:{&quot;title&quot;:&quot;KIZOBAZOBA!&quot;,&quot;ID&quot;:37600,&quot;reason&quot;:&quot;sequence&quot;}}' inline-template>\n\t<a href=\"https:\/\/www.humboldtforum.org\/de\/programm\/termin\/film-video\/light-in-the-heart-of-darkness-37642\/\" class=\"teaser teaser-event teaser-event-standard\">\n\t\t<div class=\"row\">\n\t\t\t<div class=\"col-xs-12 teaser-event-image\">\n\t\t\t\t<div class=\"teaser-image teaser-image-no-alternate\">\n\t\t\t\t\t\t\t\t\t\t\t\n\t<lazy-media-inline inline-template>\n\t\t<figure itemscope itemtype=\"http:\/\/schema.org\/ImageObject\" class=\"lazy-media-inline \" role=\"group\" id=\"media_69f59a585dfc6\" aria-labelledby=\"desc_media_69f59a585dfc6\">\n\t\t\t<script type=\"application\/json\" ref=\"data\">\n\t\t\t\t{\n\t\t\t\t\"sizes\" : {\"medium\":{\"file\":\"SHF_eb00129008-300x200.jpeg\",\"width\":300,\"height\":200,\"mime-type\":\"image\\\/jpeg\"},\"large\":{\"file\":\"SHF_eb00129008-1024x683.jpeg\",\"width\":1024,\"height\":683,\"mime-type\":\"image\\\/jpeg\"},\"thumbnail\":{\"file\":\"SHF_eb00129008-150x150.jpeg\",\"width\":150,\"height\":150,\"mime-type\":\"image\\\/jpeg\"},\"medium_large\":{\"file\":\"SHF_eb00129008-768x512.jpeg\",\"width\":768,\"height\":512,\"mime-type\":\"image\\\/jpeg\"},\"small\":{\"file\":\"SHF_eb00129008-440x293.jpeg\",\"width\":440,\"height\":293,\"mime-type\":\"image\\\/jpeg\"},\"semi\":{\"file\":\"SHF_eb00129008-580x387.jpeg\",\"width\":580,\"height\":387,\"mime-type\":\"image\\\/jpeg\"},\"mobile\":{\"file\":\"SHF_eb00129008-720x480.jpeg\",\"width\":720,\"height\":480,\"mime-type\":\"image\\\/jpeg\"},\"original\":{\"file\":\"SHF_eb00129008.jpeg\",\"width\":1080,\"height\":720}},\n\t\t\t\t\"alt\" : \"Menschen sitzen im Dunkeln auf roten St\\u00fchlen und blicken auf einen Bildschirm bei einer n\\u00e4chtlichen Veranstaltung.\",\n\t\t\t\t\"path\" : \"\\\/wp-content\\\/uploads\\\/2022\\\/02\\\/\",\n\t\t\t\t\"video\" : null,\n\t\t\t\t\"autoplay\" : null,\n\t\t\t\t\"youtube\" : null,\n\t\t\t\t\"youtubelabel\" : \"Video abspielen\",\n\t\t\t\t\"brightness\" : 100,\n\t\t\t\t\"crop\" : null,\n\t\t\t\t\"background\" : true,\n\t\t\t\t\"scale\" : 2\t\t\t\t}\n\t\t\t<\/script>\n\n\t\t\t<div class=\"height-container\" style=\"padding-bottom:66.666666666667%;\" v-if=\"sizes\">\n\t\t\t\t\t\t\t\t<lazy-media :inline=\"true\" :alt=\"alt\" :sizes=\"sizes\" :scale=\"scale\" :brightness=\"brightness\" :path=\"path\" :video=\"video\" :autoplay=\"autoplay\" :youtube=\"youtube\" :crop=\"crop\" :youtubelabel=\"youtubelabel\" :background=\"background\" media-id=\"desc_media_69f59a585dfc6\"><\/lazy-media>\n\t\t\t\t\t\t\t<\/div>\n\n\t\t\t\t\t\t\t<figcaption class=\"sr-only\" ref=\"body\" id=\"desc_media_69f59a585dfc6\">\n\t\t\t\t\t\t\t\t\t\t\t<div>Filmvorf&uuml;hrung im Rahmen der Kinoinitiative Cin&eacute; na Biso<\/div>\n\t\t\t\t\t\t\t\t\t\t\t\t\t\t\t\t\t\t\t\t\t<div class=\"insignificant\">\u00a9 Cine na Biso<\/div>\n\t\t\t\t\t\t\t\t\t<\/figcaption>\n\t\t\t\t\t<\/figure>\n\t<\/lazy-media-inline>\n\t\t\t\t<\/div>\n\t\t\t<\/div>\n\t\t\t<div class=\"col-xs-12 teaser-event-text Infos\">\n\t\t\t\t<div class=\"teaser-event-standard-text\">\n\t\t\t\t\t<div class=\"margin-bottom-atom\">\n\t\t\t\t\t\t<div class=\"subline clamp-1\" v-html=\"maingenre\"><\/div>\n\t\t\t\t\t\t\t\t\t\t\t\t\t<div class=\"insignificant clamp-2\">KIZOBAZOBA!<\/div>\n\t\t\t\t\t\t\t\t\t\t\t<\/div>\n\t\t\t\t\n\t\t\t\t\t<strong class=\"margin-bottom-atom\">LIGHT IN THE HEART OF DARKNESS<\/strong>\n\n\t\t\t\t\t\t\t\t\t\t\t<div class=\"\">Cine-Lecture und Publikumsgespr\u00e4ch<\/div>\n\t\t\t\t\t\t\t\t\t<\/div>\n\t\t\t\t<div class=\"teaser-bottom border-bottom\">\n\t\t\t\t<calendardateline :rawitem='item' :show-icon=\"true\"><\/calendardateline>\n\t\t\t\t\t<hr>\n\t\t\t\t<\/div>\n\t\t\t<\/div>\n\t\t<\/div>\n\t<\/a>\n\t<\/calendarteaser>\n<\/li>\n\n<li class=\"col-xs-6 col-sm-4 col-md-3 teaser-wrapper col-padding-remove\">\n\t<calendarteaser key=\"3769717861\" rawitem='{&quot;postId&quot;:37697,&quot;title&quot;:&quot;LA VIE EST BELLE&quot;,&quot;excerpt&quot;:&quot;&quot;,&quot;slug&quot;:&quot;la-vie-est-belle&quot;,&quot;post_date&quot;:&quot;2022-02-02T15:09&quot;,&quot;type&quot;:&quot;event&quot;,&quot;permalink&quot;:&quot;https:\\\/\\\/www.humboldtforum.org\\\/de\\\/programm\\\/termin\\\/film-video\\\/la-vie-est-belle-37697\\\/&quot;,&quot;genre&quot;:[729],&quot;genre_details&quot;:[{&quot;text&quot;:&quot;Film\\\/Video&quot;,&quot;id&quot;:729,&quot;icon&quot;:null,&quot;parent&quot;:0}],&quot;topic&quot;:[782],&quot;topic_details&quot;:[{&quot;text&quot;:&quot;Kolonialismus und Kolonialit\\u00e4t&quot;,&quot;id&quot;:782,&quot;icon&quot;:null,&quot;parent&quot;:0}],&quot;stakeholder&quot;:[382],&quot;stakeholder_details&quot;:[{&quot;text&quot;:&quot;Stiftung Humboldt Forum im Berliner Schloss&quot;,&quot;id&quot;:382,&quot;icon&quot;:null,&quot;parent&quot;:0}],&quot;targetgroup&quot;:[383,455],&quot;targetgroup_details&quot;:[{&quot;text&quot;:&quot;Erwachsene&quot;,&quot;id&quot;:383,&quot;icon&quot;:null,&quot;parent&quot;:0},{&quot;text&quot;:&quot;Jugendliche&quot;,&quot;id&quot;:455,&quot;icon&quot;:null,&quot;parent&quot;:0}],&quot;language&quot;:[789,1225],&quot;language_details&quot;:[{&quot;text&quot;:&quot;Franz\\u00f6sisch&quot;,&quot;id&quot;:789,&quot;icon&quot;:null,&quot;parent&quot;:0},{&quot;text&quot;:&quot;Lingala&quot;,&quot;id&quot;:1225,&quot;icon&quot;:null,&quot;parent&quot;:0}],&quot;accessability&quot;:[430],&quot;accessability_details&quot;:[{&quot;text&quot;:&quot;Rollstuhlgerecht&quot;,&quot;id&quot;:430,&quot;icon&quot;:null,&quot;parent&quot;:0}],&quot;age&quot;:[1264,1261],&quot;age_details&quot;:[{&quot;text&quot;:&quot;Erwachsene&quot;,&quot;id&quot;:1264,&quot;icon&quot;:null,&quot;parent&quot;:0},{&quot;text&quot;:&quot;Jugendliche&quot;,&quot;id&quot;:1261,&quot;icon&quot;:null,&quot;parent&quot;:0}],&quot;place&quot;:[883],&quot;place_details&quot;:{&quot;place&quot;:&quot;Humboldt Forum&quot;,&quot;map&quot;:&quot;Humboldt Forum, Schlossplatz, Berlin&quot;,&quot;room&quot;:&quot;Saal 2, EG&quot;},&quot;icon_overwrite&quot;:&quot;&quot;,&quot;acf&quot;:{&quot;belongsto&quot;:[37600],&quot;noindex&quot;:false,&quot;keywords&quot;:&quot;&quot;,&quot;hashtag&quot;:&quot;HumboldtForum&quot;,&quot;shorturl&quot;:&quot;&quot;,&quot;times&quot;:[],&quot;planning&quot;:{&quot;price&quot;:&quot;5 EUR, erm\\u00e4\\u00dfigt 2,50 EUR&quot;,&quot;admission&quot;:&quot;&quot;,&quot;pause&quot;:&quot;&quot;,&quot;duration&quot;:&quot;&quot;},&quot;subline&quot;:&quot;von Mweze Ngangura, Benoit Lamy&quot;,&quot;additional_info&quot;:{&quot;icon&quot;:&quot;icon-live-fill&quot;,&quot;text&quot;:&quot;DRC 1987, 83min., Lingala\\\/Franz\\u00f6sisch, englische Untertitel, Spielfilm&quot;},&quot;highlight_header&quot;:false,&quot;featured_images&quot;:[37643],&quot;use_video_in_teasers&quot;:false,&quot;hyphenation&quot;:true,&quot;tipp&quot;:false,&quot;joker&quot;:false,&quot;live&quot;:false,&quot;hide_event_in_program&quot;:false,&quot;infotext&quot;:&quot;empf. ab 10 Jahren&quot;},&quot;date&quot;:{&quot;NX&quot;:null,&quot;NXX&quot;:null,&quot;NLAST&quot;:&quot;202203041700&quot;,&quot;from_DATE&quot;:&quot;20220304 19:00&quot;,&quot;from&quot;:1646413200,&quot;to&quot;:1646413200,&quot;to_DATE&quot;:&quot;20220304 19:00&quot;,&quot;from_HRFSHORT&quot;:&quot; 4. M\\u00e4r 2022&quot;,&quot;from_HRFSHORT_WD&quot;:&quot;Fr 04.03.2022&quot;,&quot;to_HRFSHORT&quot;:&quot; 4. M\\u00e4r 2022&quot;,&quot;to_HRFSHORT_WD&quot;:&quot;Fr 04.03.2022&quot;,&quot;from_HRF&quot;:&quot;Fr,  4. M\\u00e4rz 2022&quot;,&quot;to_HRF&quot;:&quot;Fr,  4. M\\u00e4rz 2022&quot;,&quot;from_to_HRF&quot;:&quot;Fr,  4. M\\u00e4rz \\u2013 Fr,  4. M\\u00e4rz 2022&quot;,&quot;from_to_HRFSHORT&quot;:&quot; 4. M\\u00e4r \\u2013  4. M\\u00e4r 2022&quot;},&quot;alert&quot;:null,&quot;partof&quot;:[37600],&quot;marketing_topic&quot;:{&quot;title&quot;:&quot;KIZOBAZOBA!&quot;,&quot;ID&quot;:37600,&quot;reason&quot;:&quot;sequence&quot;}}' inline-template>\n\t<a href=\"https:\/\/www.humboldtforum.org\/de\/programm\/termin\/film-video\/la-vie-est-belle-37697\/\" class=\"teaser teaser-event teaser-event-standard\">\n\t\t<div class=\"row\">\n\t\t\t<div class=\"col-xs-12 teaser-event-image\">\n\t\t\t\t<div class=\"teaser-image teaser-image-no-alternate\">\n\t\t\t\t\t\t\t\t\t\t\t\n\t<lazy-media-inline inline-template>\n\t\t<figure itemscope itemtype=\"http:\/\/schema.org\/ImageObject\" class=\"lazy-media-inline \" role=\"group\" id=\"media_69f59a585ec0b\" aria-labelledby=\"desc_media_69f59a585ec0b\">\n\t\t\t<script type=\"application\/json\" ref=\"data\">\n\t\t\t\t{\n\t\t\t\t\"sizes\" : {\"medium\":{\"file\":\"SHF_eb00129008-300x200.jpeg\",\"width\":300,\"height\":200,\"mime-type\":\"image\\\/jpeg\"},\"large\":{\"file\":\"SHF_eb00129008-1024x683.jpeg\",\"width\":1024,\"height\":683,\"mime-type\":\"image\\\/jpeg\"},\"thumbnail\":{\"file\":\"SHF_eb00129008-150x150.jpeg\",\"width\":150,\"height\":150,\"mime-type\":\"image\\\/jpeg\"},\"medium_large\":{\"file\":\"SHF_eb00129008-768x512.jpeg\",\"width\":768,\"height\":512,\"mime-type\":\"image\\\/jpeg\"},\"small\":{\"file\":\"SHF_eb00129008-440x293.jpeg\",\"width\":440,\"height\":293,\"mime-type\":\"image\\\/jpeg\"},\"semi\":{\"file\":\"SHF_eb00129008-580x387.jpeg\",\"width\":580,\"height\":387,\"mime-type\":\"image\\\/jpeg\"},\"mobile\":{\"file\":\"SHF_eb00129008-720x480.jpeg\",\"width\":720,\"height\":480,\"mime-type\":\"image\\\/jpeg\"},\"original\":{\"file\":\"SHF_eb00129008.jpeg\",\"width\":1080,\"height\":720}},\n\t\t\t\t\"alt\" : \"Menschen sitzen im Dunkeln auf roten St\\u00fchlen und blicken auf einen Bildschirm bei einer n\\u00e4chtlichen Veranstaltung.\",\n\t\t\t\t\"path\" : \"\\\/wp-content\\\/uploads\\\/2022\\\/02\\\/\",\n\t\t\t\t\"video\" : null,\n\t\t\t\t\"autoplay\" : null,\n\t\t\t\t\"youtube\" : null,\n\t\t\t\t\"youtubelabel\" : \"Video abspielen\",\n\t\t\t\t\"brightness\" : 100,\n\t\t\t\t\"crop\" : null,\n\t\t\t\t\"background\" : true,\n\t\t\t\t\"scale\" : 2\t\t\t\t}\n\t\t\t<\/script>\n\n\t\t\t<div class=\"height-container\" style=\"padding-bottom:66.666666666667%;\" v-if=\"sizes\">\n\t\t\t\t\t\t\t\t<lazy-media :inline=\"true\" :alt=\"alt\" :sizes=\"sizes\" :scale=\"scale\" :brightness=\"brightness\" :path=\"path\" :video=\"video\" :autoplay=\"autoplay\" :youtube=\"youtube\" :crop=\"crop\" :youtubelabel=\"youtubelabel\" :background=\"background\" media-id=\"desc_media_69f59a585ec0b\"><\/lazy-media>\n\t\t\t\t\t\t\t<\/div>\n\n\t\t\t\t\t\t\t<figcaption class=\"sr-only\" ref=\"body\" id=\"desc_media_69f59a585ec0b\">\n\t\t\t\t\t\t\t\t\t\t\t<div>Filmvorf&uuml;hrung im Rahmen der Kinoinitiative Cin&eacute; na Biso<\/div>\n\t\t\t\t\t\t\t\t\t\t\t\t\t\t\t\t\t\t\t\t\t<div class=\"insignificant\">\u00a9 Cine na Biso<\/div>\n\t\t\t\t\t\t\t\t\t<\/figcaption>\n\t\t\t\t\t<\/figure>\n\t<\/lazy-media-inline>\n\t\t\t\t<\/div>\n\t\t\t<\/div>\n\t\t\t<div class=\"col-xs-12 teaser-event-text Infos\">\n\t\t\t\t<div class=\"teaser-event-standard-text\">\n\t\t\t\t\t<div class=\"margin-bottom-atom\">\n\t\t\t\t\t\t<div class=\"subline clamp-1\" v-html=\"maingenre\"><\/div>\n\t\t\t\t\t\t\t\t\t\t\t\t\t<div class=\"insignificant clamp-2\">KIZOBAZOBA!<\/div>\n\t\t\t\t\t\t\t\t\t\t\t<\/div>\n\t\t\t\t\n\t\t\t\t\t<strong class=\"margin-bottom-atom\">LA VIE EST BELLE<\/strong>\n\n\t\t\t\t\t\t\t\t\t\t\t<div class=\"\">von Mweze Ngangura, Benoit Lamy<\/div>\n\t\t\t\t\t\t\t\t\t<\/div>\n\t\t\t\t<div class=\"teaser-bottom border-bottom\">\n\t\t\t\t<calendardateline :rawitem='item' :show-icon=\"true\"><\/calendardateline>\n\t\t\t\t\t<hr>\n\t\t\t\t<\/div>\n\t\t\t<\/div>\n\t\t<\/div>\n\t<\/a>\n\t<\/calendarteaser>\n<\/li>\n\n<li class=\"col-xs-6 col-sm-4 col-md-3 teaser-wrapper col-padding-remove\">\n\t<calendarteaser key=\"3765620206\" rawitem='{&quot;postId&quot;:37656,&quot;title&quot;:&quot;MANYATTA SCREENINGS&quot;,&quot;excerpt&quot;:&quot;&quot;,&quot;slug&quot;:&quot;manyatta-screenings&quot;,&quot;post_date&quot;:&quot;2022-02-02T17:42&quot;,&quot;type&quot;:&quot;event&quot;,&quot;permalink&quot;:&quot;https:\\\/\\\/www.humboldtforum.org\\\/de\\\/programm\\\/termin\\\/film-video\\\/manyatta-screenings-37656\\\/&quot;,&quot;genre&quot;:[729,1078],&quot;genre_details&quot;:[{&quot;text&quot;:&quot;Film\\\/Video&quot;,&quot;id&quot;:729,&quot;icon&quot;:null,&quot;parent&quot;:0},{&quot;text&quot;:&quot;Gespr\\u00e4ch&quot;,&quot;id&quot;:1078,&quot;icon&quot;:null,&quot;parent&quot;:0}],&quot;topic&quot;:[782],&quot;topic_details&quot;:[{&quot;text&quot;:&quot;Kolonialismus und Kolonialit\\u00e4t&quot;,&quot;id&quot;:782,&quot;icon&quot;:null,&quot;parent&quot;:0}],&quot;stakeholder&quot;:[382],&quot;stakeholder_details&quot;:[{&quot;text&quot;:&quot;Stiftung Humboldt Forum im Berliner Schloss&quot;,&quot;id&quot;:382,&quot;icon&quot;:null,&quot;parent&quot;:0}],&quot;targetgroup&quot;:[383],&quot;targetgroup_details&quot;:[{&quot;text&quot;:&quot;Erwachsene&quot;,&quot;id&quot;:383,&quot;icon&quot;:null,&quot;parent&quot;:0}],&quot;language&quot;:[385],&quot;language_details&quot;:[{&quot;text&quot;:&quot;Englisch&quot;,&quot;id&quot;:385,&quot;icon&quot;:null,&quot;parent&quot;:0}],&quot;accessability&quot;:[430],&quot;accessability_details&quot;:[{&quot;text&quot;:&quot;Rollstuhlgerecht&quot;,&quot;id&quot;:430,&quot;icon&quot;:null,&quot;parent&quot;:0}],&quot;age&quot;:[1264],&quot;age_details&quot;:[{&quot;text&quot;:&quot;Erwachsene&quot;,&quot;id&quot;:1264,&quot;icon&quot;:null,&quot;parent&quot;:0}],&quot;place&quot;:[883],&quot;place_details&quot;:{&quot;place&quot;:&quot;Humboldt Forum&quot;,&quot;map&quot;:&quot;Humboldt Forum, Schlossplatz, Berlin&quot;,&quot;room&quot;:&quot;Saal 2, EG&quot;},&quot;icon_overwrite&quot;:&quot;&quot;,&quot;acf&quot;:{&quot;noindex&quot;:false,&quot;keywords&quot;:&quot;&quot;,&quot;hashtag&quot;:&quot;HumboldtForum&quot;,&quot;belongsto&quot;:[37600],&quot;shorturl&quot;:&quot;&quot;,&quot;times&quot;:[],&quot;planning&quot;:{&quot;price&quot;:&quot;Eintritt frei&quot;,&quot;admission&quot;:&quot;&quot;,&quot;pause&quot;:&quot;&quot;,&quot;duration&quot;:&quot;&quot;},&quot;subline&quot;:&quot;Cine-Lecture und Publikumsgespr\\u00e4ch&quot;,&quot;additional_info&quot;:{&quot;icon&quot;:&quot;icon-contact&quot;,&quot;text&quot;:&quot;Englisch mit deutscher Simultan\\u00fcbersetzung&quot;},&quot;highlight_header&quot;:false,&quot;featured_images&quot;:[37664],&quot;use_video_in_teasers&quot;:false,&quot;hyphenation&quot;:true,&quot;tipp&quot;:false,&quot;joker&quot;:false,&quot;live&quot;:false,&quot;hide_event_in_program&quot;:false,&quot;infotext&quot;:&quot;17:00-17:50: Cine-Lecture, danach Publikumsgespr\\u00e4ch&quot;},&quot;date&quot;:{&quot;NX&quot;:null,&quot;NXX&quot;:null,&quot;NLAST&quot;:&quot;202203051500&quot;,&quot;from_DATE&quot;:&quot;20220305 17:00&quot;,&quot;from&quot;:1646492400,&quot;to&quot;:1646492400,&quot;to_DATE&quot;:&quot;20220305 17:00&quot;,&quot;from_HRFSHORT&quot;:&quot; 5. M\\u00e4r 2022&quot;,&quot;from_HRFSHORT_WD&quot;:&quot;Sa 05.03.2022&quot;,&quot;to_HRFSHORT&quot;:&quot; 5. M\\u00e4r 2022&quot;,&quot;to_HRFSHORT_WD&quot;:&quot;Sa 05.03.2022&quot;,&quot;from_HRF&quot;:&quot;Sa,  5. M\\u00e4rz 2022&quot;,&quot;to_HRF&quot;:&quot;Sa,  5. M\\u00e4rz 2022&quot;,&quot;from_to_HRF&quot;:&quot;Sa,  5. M\\u00e4rz \\u2013 Sa,  5. M\\u00e4rz 2022&quot;,&quot;from_to_HRFSHORT&quot;:&quot; 5. M\\u00e4r \\u2013  5. M\\u00e4r 2022&quot;},&quot;alert&quot;:null,&quot;partof&quot;:[37600],&quot;marketing_topic&quot;:{&quot;title&quot;:&quot;KIZOBAZOBA!&quot;,&quot;ID&quot;:37600,&quot;reason&quot;:&quot;sequence&quot;}}' inline-template>\n\t<a href=\"https:\/\/www.humboldtforum.org\/de\/programm\/termin\/film-video\/manyatta-screenings-37656\/\" class=\"teaser teaser-event teaser-event-standard\">\n\t\t<div class=\"row\">\n\t\t\t<div class=\"col-xs-12 teaser-event-image\">\n\t\t\t\t<div class=\"teaser-image teaser-image-no-alternate\">\n\t\t\t\t\t\t\t\t\t\t\t\n\t<lazy-media-inline inline-template>\n\t\t<figure itemscope itemtype=\"http:\/\/schema.org\/ImageObject\" class=\"lazy-media-inline \" role=\"group\" id=\"media_69f59a585f82a\" aria-labelledby=\"desc_media_69f59a585f82a\">\n\t\t\t<script type=\"application\/json\" ref=\"data\">\n\t\t\t\t{\n\t\t\t\t\"sizes\" : {\"medium\":{\"file\":\"SHF_eb00129009-300x200.jpg\",\"width\":300,\"height\":200,\"mime-type\":\"image\\\/jpeg\"},\"large\":{\"file\":\"SHF_eb00129009-1024x684.jpg\",\"width\":1024,\"height\":684,\"mime-type\":\"image\\\/jpeg\"},\"thumbnail\":{\"file\":\"SHF_eb00129009-150x150.jpg\",\"width\":150,\"height\":150,\"mime-type\":\"image\\\/jpeg\"},\"medium_large\":{\"file\":\"SHF_eb00129009-768x513.jpg\",\"width\":768,\"height\":513,\"mime-type\":\"image\\\/jpeg\"},\"small\":{\"file\":\"SHF_eb00129009-440x294.jpg\",\"width\":440,\"height\":294,\"mime-type\":\"image\\\/jpeg\"},\"semi\":{\"file\":\"SHF_eb00129009-580x387.jpg\",\"width\":580,\"height\":387,\"mime-type\":\"image\\\/jpeg\"},\"mobile\":{\"file\":\"SHF_eb00129009-720x481.jpg\",\"width\":720,\"height\":481,\"mime-type\":\"image\\\/jpeg\"},\"hd\":{\"file\":\"SHF_eb00129009-1280x855.jpg\",\"width\":1280,\"height\":855,\"mime-type\":\"image\\\/jpeg\"},\"full\":{\"file\":\"SHF_eb00129009-1920x1282.jpg\",\"width\":1920,\"height\":1282,\"mime-type\":\"image\\\/jpeg\"},\"xxl\":{\"file\":\"SHF_eb00129009-4048x2702.jpg\",\"width\":4048,\"height\":2702,\"mime-type\":\"image\\\/jpeg\"},\"1536x1536\":{\"file\":\"SHF_eb00129009-1536x1025.jpg\",\"width\":1536,\"height\":1025,\"mime-type\":\"image\\\/jpeg\"},\"2048x2048\":{\"file\":\"SHF_eb00129009-2048x1367.jpg\",\"width\":2048,\"height\":1367,\"mime-type\":\"image\\\/jpeg\"},\"original\":{\"file\":\"SHF_eb00129009.jpg\",\"width\":5716,\"height\":3816}},\n\t\t\t\t\"alt\" : \"Freiluftkino mit Leinwand, Licht und Strohballen in l\\u00e4ndlicher Umgebung bei D\\u00e4mmerung.\",\n\t\t\t\t\"path\" : \"\\\/wp-content\\\/uploads\\\/2022\\\/02\\\/\",\n\t\t\t\t\"video\" : null,\n\t\t\t\t\"autoplay\" : null,\n\t\t\t\t\"youtube\" : null,\n\t\t\t\t\"youtubelabel\" : \"Video abspielen\",\n\t\t\t\t\"brightness\" : 100,\n\t\t\t\t\"crop\" : null,\n\t\t\t\t\"background\" : true,\n\t\t\t\t\"scale\" : 2\t\t\t\t}\n\t\t\t<\/script>\n\n\t\t\t<div class=\"height-container\" style=\"padding-bottom:66.759972008397%;\" v-if=\"sizes\">\n\t\t\t\t\t\t\t\t<lazy-media :inline=\"true\" :alt=\"alt\" :sizes=\"sizes\" :scale=\"scale\" :brightness=\"brightness\" :path=\"path\" :video=\"video\" :autoplay=\"autoplay\" :youtube=\"youtube\" :crop=\"crop\" :youtubelabel=\"youtubelabel\" :background=\"background\" media-id=\"desc_media_69f59a585f82a\"><\/lazy-media>\n\t\t\t\t\t\t\t<\/div>\n\n\t\t\t\t\t\t\t<figcaption class=\"sr-only\" ref=\"body\" id=\"desc_media_69f59a585f82a\">\n\t\t\t\t\t\t\t\t\t\t\t<div>Vorbereitung einer Filmvorf&uuml;hrung im Rahmen von Manyatta Screenings am Lake Elementaita in Kenia<\/div>\n\t\t\t\t\t\t\t\t\t\t\t\t\t\t\t\t\t\t\t\t\t<div class=\"insignificant\">\u00a9 Manyatta Screenings<\/div>\n\t\t\t\t\t\t\t\t\t<\/figcaption>\n\t\t\t\t\t<\/figure>\n\t<\/lazy-media-inline>\n\t\t\t\t<\/div>\n\t\t\t<\/div>\n\t\t\t<div class=\"col-xs-12 teaser-event-text Infos\">\n\t\t\t\t<div class=\"teaser-event-standard-text\">\n\t\t\t\t\t<div class=\"margin-bottom-atom\">\n\t\t\t\t\t\t<div class=\"subline clamp-1\" v-html=\"maingenre\"><\/div>\n\t\t\t\t\t\t\t\t\t\t\t\t\t<div class=\"insignificant clamp-2\">KIZOBAZOBA!<\/div>\n\t\t\t\t\t\t\t\t\t\t\t<\/div>\n\t\t\t\t\n\t\t\t\t\t<strong class=\"margin-bottom-atom\">MANYATTA SCREENINGS<\/strong>\n\n\t\t\t\t\t\t\t\t\t\t\t<div class=\"\">Cine-Lecture und Publikumsgespr\u00e4ch<\/div>\n\t\t\t\t\t\t\t\t\t<\/div>\n\t\t\t\t<div class=\"teaser-bottom border-bottom\">\n\t\t\t\t<calendardateline :rawitem='item' :show-icon=\"true\"><\/calendardateline>\n\t\t\t\t\t<hr>\n\t\t\t\t<\/div>\n\t\t\t<\/div>\n\t\t<\/div>\n\t<\/a>\n\t<\/calendarteaser>\n<\/li>\n\n<li class=\"col-xs-6 col-sm-4 col-md-3 teaser-wrapper col-padding-remove\">\n\t<calendarteaser key=\"377017615\" rawitem='{&quot;postId&quot;:37701,&quot;title&quot;:&quot;KATI KATI&quot;,&quot;excerpt&quot;:&quot;&quot;,&quot;slug&quot;:&quot;kati-kati&quot;,&quot;post_date&quot;:&quot;2022-02-02T15:24&quot;,&quot;type&quot;:&quot;event&quot;,&quot;permalink&quot;:&quot;https:\\\/\\\/www.humboldtforum.org\\\/de\\\/programm\\\/termin\\\/film-video\\\/kati-kati-37701\\\/&quot;,&quot;genre&quot;:[729],&quot;genre_details&quot;:[{&quot;text&quot;:&quot;Film\\\/Video&quot;,&quot;id&quot;:729,&quot;icon&quot;:null,&quot;parent&quot;:0}],&quot;topic&quot;:[782],&quot;topic_details&quot;:[{&quot;text&quot;:&quot;Kolonialismus und Kolonialit\\u00e4t&quot;,&quot;id&quot;:782,&quot;icon&quot;:null,&quot;parent&quot;:0}],&quot;stakeholder&quot;:[382],&quot;stakeholder_details&quot;:[{&quot;text&quot;:&quot;Stiftung Humboldt Forum im Berliner Schloss&quot;,&quot;id&quot;:382,&quot;icon&quot;:null,&quot;parent&quot;:0}],&quot;targetgroup&quot;:[383,455],&quot;targetgroup_details&quot;:[{&quot;text&quot;:&quot;Erwachsene&quot;,&quot;id&quot;:383,&quot;icon&quot;:null,&quot;parent&quot;:0},{&quot;text&quot;:&quot;Jugendliche&quot;,&quot;id&quot;:455,&quot;icon&quot;:null,&quot;parent&quot;:0}],&quot;language&quot;:[385],&quot;language_details&quot;:[{&quot;text&quot;:&quot;Englisch&quot;,&quot;id&quot;:385,&quot;icon&quot;:null,&quot;parent&quot;:0}],&quot;accessability&quot;:[430],&quot;accessability_details&quot;:[{&quot;text&quot;:&quot;Rollstuhlgerecht&quot;,&quot;id&quot;:430,&quot;icon&quot;:null,&quot;parent&quot;:0}],&quot;age&quot;:[1264,1261],&quot;age_details&quot;:[{&quot;text&quot;:&quot;Erwachsene&quot;,&quot;id&quot;:1264,&quot;icon&quot;:null,&quot;parent&quot;:0},{&quot;text&quot;:&quot;Jugendliche&quot;,&quot;id&quot;:1261,&quot;icon&quot;:null,&quot;parent&quot;:0}],&quot;place&quot;:[883],&quot;place_details&quot;:{&quot;place&quot;:&quot;Humboldt Forum&quot;,&quot;map&quot;:&quot;Humboldt Forum, Schlossplatz, Berlin&quot;,&quot;room&quot;:&quot;Saal 2, EG&quot;},&quot;icon_overwrite&quot;:&quot;&quot;,&quot;acf&quot;:{&quot;belongsto&quot;:[37600],&quot;noindex&quot;:false,&quot;keywords&quot;:&quot;&quot;,&quot;hashtag&quot;:&quot;HumboldtForum&quot;,&quot;shorturl&quot;:&quot;&quot;,&quot;times&quot;:[],&quot;planning&quot;:{&quot;price&quot;:&quot;5 EUR, erm\\u00e4\\u00dfigt 2,50 EUR&quot;,&quot;admission&quot;:&quot;&quot;,&quot;pause&quot;:&quot;&quot;,&quot;duration&quot;:&quot;&quot;},&quot;subline&quot;:&quot;von Mbithi Masya&quot;,&quot;additional_info&quot;:{&quot;icon&quot;:&quot;icon-live-fill&quot;,&quot;text&quot;:&quot;Kenia 2016, 75 min., Swahili &amp; Englisch, dt. Untertitel, Spielfilm&quot;},&quot;highlight_header&quot;:false,&quot;featured_images&quot;:[37702],&quot;use_video_in_teasers&quot;:false,&quot;hyphenation&quot;:true,&quot;tipp&quot;:false,&quot;joker&quot;:false,&quot;live&quot;:false,&quot;hide_event_in_program&quot;:false,&quot;infotext&quot;:&quot;empf. ab 12 Jahren&quot;},&quot;date&quot;:{&quot;NX&quot;:null,&quot;NXX&quot;:null,&quot;NLAST&quot;:&quot;202203051700&quot;,&quot;from_DATE&quot;:&quot;20220305 19:00&quot;,&quot;from&quot;:1646499600,&quot;to&quot;:1646499600,&quot;to_DATE&quot;:&quot;20220305 19:00&quot;,&quot;from_HRFSHORT&quot;:&quot; 5. M\\u00e4r 2022&quot;,&quot;from_HRFSHORT_WD&quot;:&quot;Sa 05.03.2022&quot;,&quot;to_HRFSHORT&quot;:&quot; 5. M\\u00e4r 2022&quot;,&quot;to_HRFSHORT_WD&quot;:&quot;Sa 05.03.2022&quot;,&quot;from_HRF&quot;:&quot;Sa,  5. M\\u00e4rz 2022&quot;,&quot;to_HRF&quot;:&quot;Sa,  5. M\\u00e4rz 2022&quot;,&quot;from_to_HRF&quot;:&quot;Sa,  5. M\\u00e4rz \\u2013 Sa,  5. M\\u00e4rz 2022&quot;,&quot;from_to_HRFSHORT&quot;:&quot; 5. M\\u00e4r \\u2013  5. M\\u00e4r 2022&quot;},&quot;alert&quot;:null,&quot;partof&quot;:[37600],&quot;marketing_topic&quot;:{&quot;title&quot;:&quot;KIZOBAZOBA!&quot;,&quot;ID&quot;:37600,&quot;reason&quot;:&quot;sequence&quot;}}' inline-template>\n\t<a href=\"https:\/\/www.humboldtforum.org\/de\/programm\/termin\/film-video\/kati-kati-37701\/\" class=\"teaser teaser-event teaser-event-standard\">\n\t\t<div class=\"row\">\n\t\t\t<div class=\"col-xs-12 teaser-event-image\">\n\t\t\t\t<div class=\"teaser-image teaser-image-no-alternate\">\n\t\t\t\t\t\t\t\t\t\t\t\n\t<lazy-media-inline inline-template>\n\t\t<figure itemscope itemtype=\"http:\/\/schema.org\/ImageObject\" class=\"lazy-media-inline \" role=\"group\" id=\"media_69f59a5860405\" aria-labelledby=\"desc_media_69f59a5860405\">\n\t\t\t<script type=\"application\/json\" ref=\"data\">\n\t\t\t\t{\n\t\t\t\t\"sizes\" : {\"medium\":{\"file\":\"SHF_eb00130819-300x162.jpg\",\"width\":300,\"height\":162,\"mime-type\":\"image\\\/jpeg\"},\"large\":{\"file\":\"SHF_eb00130819-1024x554.jpg\",\"width\":1024,\"height\":554,\"mime-type\":\"image\\\/jpeg\"},\"thumbnail\":{\"file\":\"SHF_eb00130819-150x150.jpg\",\"width\":150,\"height\":150,\"mime-type\":\"image\\\/jpeg\"},\"medium_large\":{\"file\":\"SHF_eb00130819-768x415.jpg\",\"width\":768,\"height\":415,\"mime-type\":\"image\\\/jpeg\"},\"small\":{\"file\":\"SHF_eb00130819-440x238.jpg\",\"width\":440,\"height\":238,\"mime-type\":\"image\\\/jpeg\"},\"semi\":{\"file\":\"SHF_eb00130819-580x314.jpg\",\"width\":580,\"height\":314,\"mime-type\":\"image\\\/jpeg\"},\"mobile\":{\"file\":\"SHF_eb00130819-720x389.jpg\",\"width\":720,\"height\":389,\"mime-type\":\"image\\\/jpeg\"},\"hd\":{\"file\":\"SHF_eb00130819-1280x692.jpg\",\"width\":1280,\"height\":692,\"mime-type\":\"image\\\/jpeg\"},\"full\":{\"file\":\"SHF_eb00130819-1920x1038.jpg\",\"width\":1920,\"height\":1038,\"mime-type\":\"image\\\/jpeg\"},\"1536x1536\":{\"file\":\"SHF_eb00130819-1536x830.jpg\",\"width\":1536,\"height\":830,\"mime-type\":\"image\\\/jpeg\"},\"original\":{\"file\":\"SHF_eb00130819.jpg\",\"width\":1998,\"height\":1080}},\n\t\t\t\t\"alt\" : \"Zwei M\\u00e4nner stehen sich in einer weiten, kahlen Landschaft unter einem bew\\u00f6lkten Himmel gegen\\u00fcber.\",\n\t\t\t\t\"path\" : \"\\\/wp-content\\\/uploads\\\/2022\\\/02\\\/\",\n\t\t\t\t\"video\" : null,\n\t\t\t\t\"autoplay\" : null,\n\t\t\t\t\"youtube\" : null,\n\t\t\t\t\"youtubelabel\" : \"Video abspielen\",\n\t\t\t\t\"brightness\" : 100,\n\t\t\t\t\"crop\" : null,\n\t\t\t\t\"background\" : true,\n\t\t\t\t\"scale\" : 2\t\t\t\t}\n\t\t\t<\/script>\n\n\t\t\t<div class=\"height-container\" style=\"padding-bottom:54.054054054054%;\" v-if=\"sizes\">\n\t\t\t\t\t\t\t\t<lazy-media :inline=\"true\" :alt=\"alt\" :sizes=\"sizes\" :scale=\"scale\" :brightness=\"brightness\" :path=\"path\" :video=\"video\" :autoplay=\"autoplay\" :youtube=\"youtube\" :crop=\"crop\" :youtubelabel=\"youtubelabel\" :background=\"background\" media-id=\"desc_media_69f59a5860405\"><\/lazy-media>\n\t\t\t\t\t\t\t<\/div>\n\n\t\t\t\t\t\t\t<figcaption class=\"sr-only\" ref=\"body\" id=\"desc_media_69f59a5860405\">\n\t\t\t\t\t\t\t\t\t\t\t<div>Filmstill aus dem Spielfilm KATI KATI von Mbithi Masya, Kenia\/ Deutschland (2016)<\/div>\n\t\t\t\t\t\t\t\t\t\t\t\t\t\t\t\t\t\t\t\t\t<div class=\"insignificant\">\u00a9 The Festival Agency\/ Rushlake Media GmbH<\/div>\n\t\t\t\t\t\t\t\t\t<\/figcaption>\n\t\t\t\t\t<\/figure>\n\t<\/lazy-media-inline>\n\t\t\t\t<\/div>\n\t\t\t<\/div>\n\t\t\t<div class=\"col-xs-12 teaser-event-text Infos\">\n\t\t\t\t<div class=\"teaser-event-standard-text\">\n\t\t\t\t\t<div class=\"margin-bottom-atom\">\n\t\t\t\t\t\t<div class=\"subline clamp-1\" v-html=\"maingenre\"><\/div>\n\t\t\t\t\t\t\t\t\t\t\t\t\t<div class=\"insignificant clamp-2\">KIZOBAZOBA!<\/div>\n\t\t\t\t\t\t\t\t\t\t\t<\/div>\n\t\t\t\t\n\t\t\t\t\t<strong class=\"margin-bottom-atom\">KATI KATI<\/strong>\n\n\t\t\t\t\t\t\t\t\t\t\t<div class=\"\">von Mbithi Masya<\/div>\n\t\t\t\t\t\t\t\t\t<\/div>\n\t\t\t\t<div class=\"teaser-bottom border-bottom\">\n\t\t\t\t<calendardateline :rawitem='item' :show-icon=\"true\"><\/calendardateline>\n\t\t\t\t\t<hr>\n\t\t\t\t<\/div>\n\t\t\t<\/div>\n\t\t<\/div>\n\t<\/a>\n\t<\/calendarteaser>\n<\/li>\n\n<li class=\"col-xs-6 col-sm-4 col-md-3 teaser-wrapper col-padding-remove\">\n\t<calendarteaser key=\"376745275\" rawitem='{&quot;postId&quot;:37674,&quot;title&quot;:&quot;TALKING ABOUT THE REVOLUTION&quot;,&quot;excerpt&quot;:&quot;&quot;,&quot;slug&quot;:&quot;talking-about-the-revolution&quot;,&quot;post_date&quot;:&quot;2022-02-02T17:10&quot;,&quot;type&quot;:&quot;event&quot;,&quot;permalink&quot;:&quot;https:\\\/\\\/www.humboldtforum.org\\\/de\\\/programm\\\/termin\\\/film-video\\\/talking-about-the-revolution-37674\\\/&quot;,&quot;genre&quot;:[729,1078],&quot;genre_details&quot;:[{&quot;text&quot;:&quot;Film\\\/Video&quot;,&quot;id&quot;:729,&quot;icon&quot;:null,&quot;parent&quot;:0},{&quot;text&quot;:&quot;Gespr\\u00e4ch&quot;,&quot;id&quot;:1078,&quot;icon&quot;:null,&quot;parent&quot;:0}],&quot;topic&quot;:[782],&quot;topic_details&quot;:[{&quot;text&quot;:&quot;Kolonialismus und Kolonialit\\u00e4t&quot;,&quot;id&quot;:782,&quot;icon&quot;:null,&quot;parent&quot;:0}],&quot;stakeholder&quot;:[382],&quot;stakeholder_details&quot;:[{&quot;text&quot;:&quot;Stiftung Humboldt Forum im Berliner Schloss&quot;,&quot;id&quot;:382,&quot;icon&quot;:null,&quot;parent&quot;:0}],&quot;targetgroup&quot;:[383],&quot;targetgroup_details&quot;:[{&quot;text&quot;:&quot;Erwachsene&quot;,&quot;id&quot;:383,&quot;icon&quot;:null,&quot;parent&quot;:0}],&quot;language&quot;:[385],&quot;language_details&quot;:[{&quot;text&quot;:&quot;Englisch&quot;,&quot;id&quot;:385,&quot;icon&quot;:null,&quot;parent&quot;:0}],&quot;accessability&quot;:[430],&quot;accessability_details&quot;:[{&quot;text&quot;:&quot;Rollstuhlgerecht&quot;,&quot;id&quot;:430,&quot;icon&quot;:null,&quot;parent&quot;:0}],&quot;age&quot;:[1264],&quot;age_details&quot;:[{&quot;text&quot;:&quot;Erwachsene&quot;,&quot;id&quot;:1264,&quot;icon&quot;:null,&quot;parent&quot;:0}],&quot;place&quot;:[883],&quot;place_details&quot;:{&quot;place&quot;:&quot;Humboldt Forum&quot;,&quot;map&quot;:&quot;Humboldt Forum, Schlossplatz, Berlin&quot;,&quot;room&quot;:&quot;Saal 2, EG&quot;},&quot;icon_overwrite&quot;:&quot;&quot;,&quot;acf&quot;:{&quot;noindex&quot;:false,&quot;keywords&quot;:&quot;&quot;,&quot;hashtag&quot;:&quot;HumboldtForum&quot;,&quot;belongsto&quot;:[37600],&quot;shorturl&quot;:&quot;&quot;,&quot;times&quot;:[],&quot;planning&quot;:{&quot;price&quot;:&quot;Eintritt frei&quot;,&quot;admission&quot;:&quot;&quot;,&quot;pause&quot;:&quot;&quot;,&quot;duration&quot;:&quot;&quot;},&quot;subline&quot;:&quot;Cine-Lecture und Publikumsgespr\\u00e4ch&quot;,&quot;subline_feature&quot;:&quot;&quot;,&quot;marketing_text&quot;:&quot;&quot;,&quot;shorttext&quot;:&quot;&quot;,&quot;longtext&quot;:&quot;&quot;,&quot;additional_info&quot;:{&quot;icon&quot;:&quot;icon-contact&quot;,&quot;text&quot;:&quot;Englisch mit deutscher Simultan\\u00fcbersetzung&quot;},&quot;highlight_header&quot;:false,&quot;featured_images&quot;:[37680],&quot;video&quot;:false,&quot;use_video_in_teasers&quot;:false,&quot;hyphenation&quot;:true,&quot;tipp&quot;:false,&quot;alert_text&quot;:&quot;&quot;,&quot;joker&quot;:false,&quot;live&quot;:false,&quot;overwrite_date&quot;:&quot;&quot;,&quot;hide_event_in_program&quot;:false,&quot;infotext&quot;:&quot;17:00-17:50: Cine-Lecture, danach Publikumsgespr\\u00e4ch&quot;},&quot;date&quot;:{&quot;NX&quot;:null,&quot;NXX&quot;:null,&quot;NLAST&quot;:&quot;202203061500&quot;,&quot;from_DATE&quot;:&quot;20220306 17:00&quot;,&quot;from&quot;:1646578800,&quot;to&quot;:1646578800,&quot;to_DATE&quot;:&quot;20220306 17:00&quot;,&quot;from_HRFSHORT&quot;:&quot; 6. M\\u00e4r 2022&quot;,&quot;from_HRFSHORT_WD&quot;:&quot;So 06.03.2022&quot;,&quot;to_HRFSHORT&quot;:&quot; 6. M\\u00e4r 2022&quot;,&quot;to_HRFSHORT_WD&quot;:&quot;So 06.03.2022&quot;,&quot;from_HRF&quot;:&quot;So,  6. M\\u00e4rz 2022&quot;,&quot;to_HRF&quot;:&quot;So,  6. M\\u00e4rz 2022&quot;,&quot;from_to_HRF&quot;:&quot;So,  6. M\\u00e4rz \\u2013 So,  6. M\\u00e4rz 2022&quot;,&quot;from_to_HRFSHORT&quot;:&quot; 6. M\\u00e4r \\u2013  6. M\\u00e4r 2022&quot;},&quot;alert&quot;:null,&quot;partof&quot;:[37600],&quot;marketing_topic&quot;:{&quot;title&quot;:&quot;KIZOBAZOBA!&quot;,&quot;ID&quot;:37600,&quot;reason&quot;:&quot;sequence&quot;}}' inline-template>\n\t<a href=\"https:\/\/www.humboldtforum.org\/de\/programm\/termin\/film-video\/talking-about-the-revolution-37674\/\" class=\"teaser teaser-event teaser-event-standard\">\n\t\t<div class=\"row\">\n\t\t\t<div class=\"col-xs-12 teaser-event-image\">\n\t\t\t\t<div class=\"teaser-image teaser-image-no-alternate\">\n\t\t\t\t\t\t\t\t\t\t\t\n\t<lazy-media-inline inline-template>\n\t\t<figure itemscope itemtype=\"http:\/\/schema.org\/ImageObject\" class=\"lazy-media-inline \" role=\"group\" id=\"media_69f59a5860f1e\" aria-labelledby=\"desc_media_69f59a5860f1e\">\n\t\t\t<script type=\"application\/json\" ref=\"data\">\n\t\t\t\t{\n\t\t\t\t\"sizes\" : {\"medium\":{\"file\":\"SHF_eb00129010-300x168.jpg\",\"width\":300,\"height\":168,\"mime-type\":\"image\\\/jpeg\"},\"thumbnail\":{\"file\":\"SHF_eb00129010-150x150.jpg\",\"width\":150,\"height\":150,\"mime-type\":\"image\\\/jpeg\"},\"medium_large\":{\"file\":\"SHF_eb00129010-768x429.jpg\",\"width\":768,\"height\":429,\"mime-type\":\"image\\\/jpeg\"},\"small\":{\"file\":\"SHF_eb00129010-440x246.jpg\",\"width\":440,\"height\":246,\"mime-type\":\"image\\\/jpeg\"},\"semi\":{\"file\":\"SHF_eb00129010-580x324.jpg\",\"width\":580,\"height\":324,\"mime-type\":\"image\\\/jpeg\"},\"mobile\":{\"file\":\"SHF_eb00129010-720x402.jpg\",\"width\":720,\"height\":402,\"mime-type\":\"image\\\/jpeg\"},\"original\":{\"file\":\"SHF_eb00129010.jpg\",\"width\":838,\"height\":468}},\n\t\t\t\t\"alt\" : \"Eine Menschenmenge feiert auf der Stra\\u00dfe, mit Fahnen und Emotionen, w\\u00e4hrend ein Fahrzeug hindurchf\\u00e4hrt.\",\n\t\t\t\t\"path\" : \"\\\/wp-content\\\/uploads\\\/2022\\\/02\\\/\",\n\t\t\t\t\"video\" : null,\n\t\t\t\t\"autoplay\" : null,\n\t\t\t\t\"youtube\" : null,\n\t\t\t\t\"youtubelabel\" : \"Video abspielen\",\n\t\t\t\t\"brightness\" : 100,\n\t\t\t\t\"crop\" : null,\n\t\t\t\t\"background\" : true,\n\t\t\t\t\"scale\" : 2\t\t\t\t}\n\t\t\t<\/script>\n\n\t\t\t<div class=\"height-container\" style=\"padding-bottom:55.847255369928%;\" v-if=\"sizes\">\n\t\t\t\t\t\t\t\t<lazy-media :inline=\"true\" :alt=\"alt\" :sizes=\"sizes\" :scale=\"scale\" :brightness=\"brightness\" :path=\"path\" :video=\"video\" :autoplay=\"autoplay\" :youtube=\"youtube\" :crop=\"crop\" :youtubelabel=\"youtubelabel\" :background=\"background\" media-id=\"desc_media_69f59a5860f1e\"><\/lazy-media>\n\t\t\t\t\t\t\t<\/div>\n\n\t\t\t\t\t\t\t<figcaption class=\"sr-only\" ref=\"body\" id=\"desc_media_69f59a5860f1e\">\n\t\t\t\t\t\t\t\t\t\t\t<div>Zug h&auml;lt in einer revoltierenden Menschenmenge in Atbara, Sudan<\/div>\n\t\t\t\t\t\t\t\t\t\t\t\t\t\t\t\t\t\t\t\t\t<div class=\"insignificant\">\u00a9 Sudanese Filmmaking Association<\/div>\n\t\t\t\t\t\t\t\t\t<\/figcaption>\n\t\t\t\t\t<\/figure>\n\t<\/lazy-media-inline>\n\t\t\t\t<\/div>\n\t\t\t<\/div>\n\t\t\t<div class=\"col-xs-12 teaser-event-text Infos\">\n\t\t\t\t<div class=\"teaser-event-standard-text\">\n\t\t\t\t\t<div class=\"margin-bottom-atom\">\n\t\t\t\t\t\t<div class=\"subline clamp-1\" v-html=\"maingenre\"><\/div>\n\t\t\t\t\t\t\t\t\t\t\t\t\t<div class=\"insignificant clamp-2\">KIZOBAZOBA!<\/div>\n\t\t\t\t\t\t\t\t\t\t\t<\/div>\n\t\t\t\t\n\t\t\t\t\t<strong class=\"margin-bottom-atom\">TALKING ABOUT THE REVOLUTION<\/strong>\n\n\t\t\t\t\t\t\t\t\t\t\t<div class=\"\">Cine-Lecture und Publikumsgespr\u00e4ch<\/div>\n\t\t\t\t\t\t\t\t\t<\/div>\n\t\t\t\t<div class=\"teaser-bottom border-bottom\">\n\t\t\t\t<calendardateline :rawitem='item' :show-icon=\"true\"><\/calendardateline>\n\t\t\t\t\t<hr>\n\t\t\t\t<\/div>\n\t\t\t<\/div>\n\t\t<\/div>\n\t<\/a>\n\t<\/calendarteaser>\n<\/li>\n\n<li class=\"col-xs-6 col-sm-4 col-md-3 teaser-wrapper col-padding-remove\">\n\t<calendarteaser key=\"3770818936\" rawitem='{&quot;postId&quot;:37708,&quot;title&quot;:&quot;TALKING ABOUT TREES&quot;,&quot;excerpt&quot;:&quot;&quot;,&quot;slug&quot;:&quot;talking-about-trees&quot;,&quot;post_date&quot;:&quot;2022-02-02T16:06&quot;,&quot;type&quot;:&quot;event&quot;,&quot;permalink&quot;:&quot;https:\\\/\\\/www.humboldtforum.org\\\/de\\\/programm\\\/termin\\\/film-video\\\/talking-about-trees-37708\\\/&quot;,&quot;genre&quot;:[729],&quot;genre_details&quot;:[{&quot;text&quot;:&quot;Film\\\/Video&quot;,&quot;id&quot;:729,&quot;icon&quot;:null,&quot;parent&quot;:0}],&quot;topic&quot;:[782],&quot;topic_details&quot;:[{&quot;text&quot;:&quot;Kolonialismus und Kolonialit\\u00e4t&quot;,&quot;id&quot;:782,&quot;icon&quot;:null,&quot;parent&quot;:0}],&quot;stakeholder&quot;:[382],&quot;stakeholder_details&quot;:[{&quot;text&quot;:&quot;Stiftung Humboldt Forum im Berliner Schloss&quot;,&quot;id&quot;:382,&quot;icon&quot;:null,&quot;parent&quot;:0}],&quot;targetgroup&quot;:[383,455],&quot;targetgroup_details&quot;:[{&quot;text&quot;:&quot;Erwachsene&quot;,&quot;id&quot;:383,&quot;icon&quot;:null,&quot;parent&quot;:0},{&quot;text&quot;:&quot;Jugendliche&quot;,&quot;id&quot;:455,&quot;icon&quot;:null,&quot;parent&quot;:0}],&quot;language&quot;:[388,385,868],&quot;language_details&quot;:[{&quot;text&quot;:&quot;Arabisch&quot;,&quot;id&quot;:388,&quot;icon&quot;:null,&quot;parent&quot;:0},{&quot;text&quot;:&quot;Englisch&quot;,&quot;id&quot;:385,&quot;icon&quot;:null,&quot;parent&quot;:0},{&quot;text&quot;:&quot;Russisch&quot;,&quot;id&quot;:868,&quot;icon&quot;:null,&quot;parent&quot;:0}],&quot;accessability&quot;:[430,780],&quot;accessability_details&quot;:[{&quot;text&quot;:&quot;Rollstuhlgerecht&quot;,&quot;id&quot;:430,&quot;icon&quot;:null,&quot;parent&quot;:0},{&quot;text&quot;:&quot;Untertitel&quot;,&quot;id&quot;:780,&quot;icon&quot;:null,&quot;parent&quot;:0}],&quot;age&quot;:[1264,1261],&quot;age_details&quot;:[{&quot;text&quot;:&quot;Erwachsene&quot;,&quot;id&quot;:1264,&quot;icon&quot;:null,&quot;parent&quot;:0},{&quot;text&quot;:&quot;Jugendliche&quot;,&quot;id&quot;:1261,&quot;icon&quot;:null,&quot;parent&quot;:0}],&quot;place&quot;:[883],&quot;place_details&quot;:{&quot;place&quot;:&quot;Humboldt Forum&quot;,&quot;map&quot;:&quot;Humboldt Forum, Schlossplatz, Berlin&quot;,&quot;room&quot;:&quot;Saal 2, EG&quot;},&quot;icon_overwrite&quot;:&quot;&quot;,&quot;acf&quot;:{&quot;belongsto&quot;:[37600],&quot;noindex&quot;:false,&quot;keywords&quot;:&quot;&quot;,&quot;hashtag&quot;:&quot;HumboldtForum&quot;,&quot;shorturl&quot;:&quot;&quot;,&quot;times&quot;:[],&quot;planning&quot;:{&quot;price&quot;:&quot;5 EUR, erm\\u00e4\\u00dfigt 2,50 EUR&quot;,&quot;admission&quot;:&quot;&quot;,&quot;pause&quot;:&quot;&quot;,&quot;duration&quot;:&quot;&quot;},&quot;subline&quot;:&quot;von Suhaib Gasmelbari&quot;,&quot;additional_info&quot;:{&quot;icon&quot;:&quot;icon-live-fill&quot;,&quot;text&quot;:&quot;Sudan\\\/ Tschad 2019, 93 min., Arabisch\\\/ Englisch\\\/ Russisch, deutsche Untertitel&quot;},&quot;highlight_header&quot;:false,&quot;featured_images&quot;:[37709],&quot;use_video_in_teasers&quot;:false,&quot;hyphenation&quot;:true,&quot;tipp&quot;:false,&quot;joker&quot;:false,&quot;live&quot;:false,&quot;hide_event_in_program&quot;:false,&quot;tickettext&quot;:&quot;&quot;,&quot;infotext&quot;:&quot;empf. ab 12 Jahren&quot;},&quot;date&quot;:{&quot;NX&quot;:null,&quot;NXX&quot;:null,&quot;NLAST&quot;:&quot;202203061700&quot;,&quot;from_DATE&quot;:&quot;20220306 19:00&quot;,&quot;from&quot;:1646586000,&quot;to&quot;:1646586000,&quot;to_DATE&quot;:&quot;20220306 19:00&quot;,&quot;from_HRFSHORT&quot;:&quot; 6. M\\u00e4r 2022&quot;,&quot;from_HRFSHORT_WD&quot;:&quot;So 06.03.2022&quot;,&quot;to_HRFSHORT&quot;:&quot; 6. M\\u00e4r 2022&quot;,&quot;to_HRFSHORT_WD&quot;:&quot;So 06.03.2022&quot;,&quot;from_HRF&quot;:&quot;So,  6. M\\u00e4rz 2022&quot;,&quot;to_HRF&quot;:&quot;So,  6. M\\u00e4rz 2022&quot;,&quot;from_to_HRF&quot;:&quot;So,  6. M\\u00e4rz \\u2013 So,  6. M\\u00e4rz 2022&quot;,&quot;from_to_HRFSHORT&quot;:&quot; 6. M\\u00e4r \\u2013  6. M\\u00e4r 2022&quot;},&quot;alert&quot;:null,&quot;partof&quot;:[37600],&quot;marketing_topic&quot;:{&quot;title&quot;:&quot;KIZOBAZOBA!&quot;,&quot;ID&quot;:37600,&quot;reason&quot;:&quot;sequence&quot;}}' inline-template>\n\t<a href=\"https:\/\/www.humboldtforum.org\/de\/programm\/termin\/film-video\/talking-about-trees-37708\/\" class=\"teaser teaser-event teaser-event-standard\">\n\t\t<div class=\"row\">\n\t\t\t<div class=\"col-xs-12 teaser-event-image\">\n\t\t\t\t<div class=\"teaser-image teaser-image-no-alternate\">\n\t\t\t\t\t\t\t\t\t\t\t\n\t<lazy-media-inline inline-template>\n\t\t<figure itemscope itemtype=\"http:\/\/schema.org\/ImageObject\" class=\"lazy-media-inline \" role=\"group\" id=\"media_69f59a5861969\" aria-labelledby=\"desc_media_69f59a5861969\">\n\t\t\t<script type=\"application\/json\" ref=\"data\">\n\t\t\t\t{\n\t\t\t\t\"sizes\" : {\"medium\":{\"file\":\"SHF_eb00129030-300x169.jpg\",\"width\":300,\"height\":169,\"mime-type\":\"image\\\/jpeg\"},\"large\":{\"file\":\"SHF_eb00129030-1024x576.jpg\",\"width\":1024,\"height\":576,\"mime-type\":\"image\\\/jpeg\"},\"thumbnail\":{\"file\":\"SHF_eb00129030-150x150.jpg\",\"width\":150,\"height\":150,\"mime-type\":\"image\\\/jpeg\"},\"medium_large\":{\"file\":\"SHF_eb00129030-768x432.jpg\",\"width\":768,\"height\":432,\"mime-type\":\"image\\\/jpeg\"},\"small\":{\"file\":\"SHF_eb00129030-440x248.jpg\",\"width\":440,\"height\":248,\"mime-type\":\"image\\\/jpeg\"},\"semi\":{\"file\":\"SHF_eb00129030-580x326.jpg\",\"width\":580,\"height\":326,\"mime-type\":\"image\\\/jpeg\"},\"mobile\":{\"file\":\"SHF_eb00129030-720x405.jpg\",\"width\":720,\"height\":405,\"mime-type\":\"image\\\/jpeg\"},\"hd\":{\"file\":\"SHF_eb00129030-1280x720.jpg\",\"width\":1280,\"height\":720,\"mime-type\":\"image\\\/jpeg\"},\"1536x1536\":{\"file\":\"SHF_eb00129030-1536x864.jpg\",\"width\":1536,\"height\":864,\"mime-type\":\"image\\\/jpeg\"},\"original\":{\"file\":\"SHF_eb00129030.jpg\",\"width\":1920,\"height\":1080}},\n\t\t\t\t\"alt\" : \"Ein Mann sitzt auf einer Bank, w\\u00e4hrend ein Kamel ihn beobachtet, umgeben von leeren St\\u00fchlen.\",\n\t\t\t\t\"path\" : \"\\\/wp-content\\\/uploads\\\/2022\\\/02\\\/\",\n\t\t\t\t\"video\" : null,\n\t\t\t\t\"autoplay\" : null,\n\t\t\t\t\"youtube\" : null,\n\t\t\t\t\"youtubelabel\" : \"Video abspielen\",\n\t\t\t\t\"brightness\" : 100,\n\t\t\t\t\"crop\" : null,\n\t\t\t\t\"background\" : true,\n\t\t\t\t\"scale\" : 2\t\t\t\t}\n\t\t\t<\/script>\n\n\t\t\t<div class=\"height-container\" style=\"padding-bottom:56.25%;\" v-if=\"sizes\">\n\t\t\t\t\t\t\t\t<lazy-media :inline=\"true\" :alt=\"alt\" :sizes=\"sizes\" :scale=\"scale\" :brightness=\"brightness\" :path=\"path\" :video=\"video\" :autoplay=\"autoplay\" :youtube=\"youtube\" :crop=\"crop\" :youtubelabel=\"youtubelabel\" :background=\"background\" media-id=\"desc_media_69f59a5861969\"><\/lazy-media>\n\t\t\t\t\t\t\t<\/div>\n\n\t\t\t\t\t\t\t<figcaption class=\"sr-only\" ref=\"body\" id=\"desc_media_69f59a5861969\">\n\t\t\t\t\t\t\t\t\t\t\t<div>Filmstill Talking about Trees<\/div>\n\t\t\t\t\t\t\t\t\t\t\t\t\t\t\t\t\t\t\t\t\t<div class=\"insignificant\">\u00a9 Made in Germany<\/div>\n\t\t\t\t\t\t\t\t\t<\/figcaption>\n\t\t\t\t\t<\/figure>\n\t<\/lazy-media-inline>\n\t\t\t\t<\/div>\n\t\t\t<\/div>\n\t\t\t<div class=\"col-xs-12 teaser-event-text Infos\">\n\t\t\t\t<div class=\"teaser-event-standard-text\">\n\t\t\t\t\t<div class=\"margin-bottom-atom\">\n\t\t\t\t\t\t<div class=\"subline clamp-1\" v-html=\"maingenre\"><\/div>\n\t\t\t\t\t\t\t\t\t\t\t\t\t<div class=\"insignificant clamp-2\">KIZOBAZOBA!<\/div>\n\t\t\t\t\t\t\t\t\t\t\t<\/div>\n\t\t\t\t\n\t\t\t\t\t<strong class=\"margin-bottom-atom\">TALKING ABOUT TREES<\/strong>\n\n\t\t\t\t\t\t\t\t\t\t\t<div class=\"\">von Suhaib Gasmelbari<\/div>\n\t\t\t\t\t\t\t\t\t<\/div>\n\t\t\t\t<div class=\"teaser-bottom border-bottom\">\n\t\t\t\t<calendardateline :rawitem='item' :show-icon=\"true\"><\/calendardateline>\n\t\t\t\t\t<hr>\n\t\t\t\t<\/div>\n\t\t\t<\/div>\n\t\t<\/div>\n\t<\/a>\n\t<\/calendarteaser>\n<\/li>\n\n<li class=\"col-xs-6 col-sm-4 col-md-3 teaser-wrapper col-padding-remove\">\n\t<calendarteaser key=\"3769017998\" rawitem='{&quot;postId&quot;:37690,&quot;title&quot;:&quot;SOUTH AFRICAN SENSIBILITIES&quot;,&quot;excerpt&quot;:&quot;&quot;,&quot;slug&quot;:&quot;south-african-sensibilities&quot;,&quot;post_date&quot;:&quot;2022-02-03T09:11&quot;,&quot;type&quot;:&quot;event&quot;,&quot;permalink&quot;:&quot;https:\\\/\\\/www.humboldtforum.org\\\/de\\\/programm\\\/termin\\\/film-video\\\/south-african-sensibilities-37690\\\/&quot;,&quot;genre&quot;:[729,1078],&quot;genre_details&quot;:[{&quot;text&quot;:&quot;Film\\\/Video&quot;,&quot;id&quot;:729,&quot;icon&quot;:null,&quot;parent&quot;:0},{&quot;text&quot;:&quot;Gespr\\u00e4ch&quot;,&quot;id&quot;:1078,&quot;icon&quot;:null,&quot;parent&quot;:0}],&quot;topic&quot;:[782],&quot;topic_details&quot;:[{&quot;text&quot;:&quot;Kolonialismus und Kolonialit\\u00e4t&quot;,&quot;id&quot;:782,&quot;icon&quot;:null,&quot;parent&quot;:0}],&quot;stakeholder&quot;:[382],&quot;stakeholder_details&quot;:[{&quot;text&quot;:&quot;Stiftung Humboldt Forum im Berliner Schloss&quot;,&quot;id&quot;:382,&quot;icon&quot;:null,&quot;parent&quot;:0}],&quot;targetgroup&quot;:[383],&quot;targetgroup_details&quot;:[{&quot;text&quot;:&quot;Erwachsene&quot;,&quot;id&quot;:383,&quot;icon&quot;:null,&quot;parent&quot;:0}],&quot;language&quot;:[385],&quot;language_details&quot;:[{&quot;text&quot;:&quot;Englisch&quot;,&quot;id&quot;:385,&quot;icon&quot;:null,&quot;parent&quot;:0}],&quot;accessability&quot;:[430],&quot;accessability_details&quot;:[{&quot;text&quot;:&quot;Rollstuhlgerecht&quot;,&quot;id&quot;:430,&quot;icon&quot;:null,&quot;parent&quot;:0}],&quot;age&quot;:[1264],&quot;age_details&quot;:[{&quot;text&quot;:&quot;Erwachsene&quot;,&quot;id&quot;:1264,&quot;icon&quot;:null,&quot;parent&quot;:0}],&quot;place&quot;:[883],&quot;place_details&quot;:{&quot;place&quot;:&quot;Humboldt Forum&quot;,&quot;map&quot;:&quot;Humboldt Forum, Schlossplatz, Berlin&quot;,&quot;room&quot;:&quot;Saal 2, EG&quot;},&quot;icon_overwrite&quot;:&quot;&quot;,&quot;acf&quot;:{&quot;noindex&quot;:false,&quot;keywords&quot;:&quot;&quot;,&quot;hashtag&quot;:&quot;HumboldtForum&quot;,&quot;belongsto&quot;:[37600],&quot;shorturl&quot;:&quot;&quot;,&quot;times&quot;:[],&quot;planning&quot;:{&quot;price&quot;:&quot;Eintritt frei&quot;,&quot;admission&quot;:&quot;&quot;,&quot;pause&quot;:&quot;&quot;,&quot;duration&quot;:&quot;&quot;},&quot;subline&quot;:&quot;Cine-Lecture und Publikumsgespr\\u00e4ch&quot;,&quot;subline_feature&quot;:&quot;&quot;,&quot;marketing_text&quot;:&quot;&quot;,&quot;shorttext&quot;:&quot;&quot;,&quot;longtext&quot;:&quot;&quot;,&quot;additional_info&quot;:{&quot;icon&quot;:&quot;icon-contact&quot;,&quot;text&quot;:&quot;Englisch mit deutscher Simultan\\u00fcbersetzung&quot;},&quot;highlight_header&quot;:false,&quot;featured_images&quot;:[37693],&quot;video&quot;:false,&quot;use_video_in_teasers&quot;:false,&quot;hyphenation&quot;:true,&quot;tipp&quot;:false,&quot;alert_text&quot;:&quot;&quot;,&quot;joker&quot;:false,&quot;live&quot;:false,&quot;overwrite_date&quot;:&quot;&quot;,&quot;hide_event_in_program&quot;:false,&quot;infotext&quot;:&quot;17:00-17:50: Cine-Lecture, danach Publikumsgespr\\u00e4ch&quot;},&quot;date&quot;:{&quot;NX&quot;:null,&quot;NXX&quot;:null,&quot;NLAST&quot;:&quot;202203071500&quot;,&quot;from_DATE&quot;:&quot;20220307 17:00&quot;,&quot;from&quot;:1646665200,&quot;to&quot;:1646665200,&quot;to_DATE&quot;:&quot;20220307 17:00&quot;,&quot;from_HRFSHORT&quot;:&quot; 7. M\\u00e4r 2022&quot;,&quot;from_HRFSHORT_WD&quot;:&quot;Mo 07.03.2022&quot;,&quot;to_HRFSHORT&quot;:&quot; 7. M\\u00e4r 2022&quot;,&quot;to_HRFSHORT_WD&quot;:&quot;Mo 07.03.2022&quot;,&quot;from_HRF&quot;:&quot;Mo,  7. M\\u00e4rz 2022&quot;,&quot;to_HRF&quot;:&quot;Mo,  7. M\\u00e4rz 2022&quot;,&quot;from_to_HRF&quot;:&quot;Mo,  7. M\\u00e4rz \\u2013 Mo,  7. M\\u00e4rz 2022&quot;,&quot;from_to_HRFSHORT&quot;:&quot; 7. M\\u00e4r \\u2013  7. M\\u00e4r 2022&quot;},&quot;alert&quot;:null,&quot;partof&quot;:[37600],&quot;marketing_topic&quot;:{&quot;title&quot;:&quot;KIZOBAZOBA!&quot;,&quot;ID&quot;:37600,&quot;reason&quot;:&quot;sequence&quot;}}' inline-template>\n\t<a href=\"https:\/\/www.humboldtforum.org\/de\/programm\/termin\/film-video\/south-african-sensibilities-37690\/\" class=\"teaser teaser-event teaser-event-standard\">\n\t\t<div class=\"row\">\n\t\t\t<div class=\"col-xs-12 teaser-event-image\">\n\t\t\t\t<div class=\"teaser-image teaser-image-no-alternate\">\n\t\t\t\t\t\t\t\t\t\t\t\n\t<lazy-media-inline inline-template>\n\t\t<figure itemscope itemtype=\"http:\/\/schema.org\/ImageObject\" class=\"lazy-media-inline \" role=\"group\" id=\"media_69f59a586240b\" aria-labelledby=\"desc_media_69f59a586240b\">\n\t\t\t<script type=\"application\/json\" ref=\"data\">\n\t\t\t\t{\n\t\t\t\t\"sizes\" : {\"medium\":{\"file\":\"SHF_eb00129021-300x200.jpg\",\"width\":300,\"height\":200,\"mime-type\":\"image\\\/jpeg\"},\"large\":{\"file\":\"SHF_eb00129021-1024x683.jpg\",\"width\":1024,\"height\":683,\"mime-type\":\"image\\\/jpeg\"},\"thumbnail\":{\"file\":\"SHF_eb00129021-150x150.jpg\",\"width\":150,\"height\":150,\"mime-type\":\"image\\\/jpeg\"},\"medium_large\":{\"file\":\"SHF_eb00129021-768x512.jpg\",\"width\":768,\"height\":512,\"mime-type\":\"image\\\/jpeg\"},\"small\":{\"file\":\"SHF_eb00129021-440x293.jpg\",\"width\":440,\"height\":293,\"mime-type\":\"image\\\/jpeg\"},\"semi\":{\"file\":\"SHF_eb00129021-580x387.jpg\",\"width\":580,\"height\":387,\"mime-type\":\"image\\\/jpeg\"},\"mobile\":{\"file\":\"SHF_eb00129021-720x480.jpg\",\"width\":720,\"height\":480,\"mime-type\":\"image\\\/jpeg\"},\"hd\":{\"file\":\"SHF_eb00129021-1280x854.jpg\",\"width\":1280,\"height\":854,\"mime-type\":\"image\\\/jpeg\"},\"full\":{\"file\":\"SHF_eb00129021-1920x1281.jpg\",\"width\":1920,\"height\":1281,\"mime-type\":\"image\\\/jpeg\"},\"1536x1536\":{\"file\":\"SHF_eb00129021-1536x1025.jpg\",\"width\":1536,\"height\":1025,\"mime-type\":\"image\\\/jpeg\"},\"original\":{\"file\":\"SHF_eb00129021.jpg\",\"width\":2048,\"height\":1366}},\n\t\t\t\t\"alt\" : \"Zwei Personen auf einem Feldweg: Eine spricht ins Mikrofon, die andere tr\\u00e4gt einen Lautsprecher.\",\n\t\t\t\t\"path\" : \"\\\/wp-content\\\/uploads\\\/2022\\\/02\\\/\",\n\t\t\t\t\"video\" : null,\n\t\t\t\t\"autoplay\" : null,\n\t\t\t\t\"youtube\" : null,\n\t\t\t\t\"youtubelabel\" : \"Video abspielen\",\n\t\t\t\t\"brightness\" : 100,\n\t\t\t\t\"crop\" : {\"top\":\"15.70\",\"left\":\"48.12\"},\n\t\t\t\t\"background\" : true,\n\t\t\t\t\"scale\" : 2\t\t\t\t}\n\t\t\t<\/script>\n\n\t\t\t<div class=\"height-container\" style=\"padding-bottom:66.69921875%;\" v-if=\"sizes\">\n\t\t\t\t\t\t\t\t<lazy-media :inline=\"true\" :alt=\"alt\" :sizes=\"sizes\" :scale=\"scale\" :brightness=\"brightness\" :path=\"path\" :video=\"video\" :autoplay=\"autoplay\" :youtube=\"youtube\" :crop=\"crop\" :youtubelabel=\"youtubelabel\" :background=\"background\" media-id=\"desc_media_69f59a586240b\"><\/lazy-media>\n\t\t\t\t\t\t\t<\/div>\n\n\t\t\t\t\t\t\t<figcaption class=\"sr-only\" ref=\"body\" id=\"desc_media_69f59a586240b\">\n\t\t\t\t\t\t\t\t\t\t\t<div>Zwei Sunshine Cinema Botschafter engagieren sich f&uuml;r Filmprojekte im l&auml;ndlichen Raum S&uuml;dafrikas<\/div>\n\t\t\t\t\t\t\t\t\t\t\t\t\t\t\t\t\t\t\t\t\t<div class=\"insignificant\">\u00a9 Sunshine Cinema\r\n<\/div>\n\t\t\t\t\t\t\t\t\t<\/figcaption>\n\t\t\t\t\t<\/figure>\n\t<\/lazy-media-inline>\n\t\t\t\t<\/div>\n\t\t\t<\/div>\n\t\t\t<div class=\"col-xs-12 teaser-event-text Infos\">\n\t\t\t\t<div class=\"teaser-event-standard-text\">\n\t\t\t\t\t<div class=\"margin-bottom-atom\">\n\t\t\t\t\t\t<div class=\"subline clamp-1\" v-html=\"maingenre\"><\/div>\n\t\t\t\t\t\t\t\t\t\t\t\t\t<div class=\"insignificant clamp-2\">KIZOBAZOBA!<\/div>\n\t\t\t\t\t\t\t\t\t\t\t<\/div>\n\t\t\t\t\n\t\t\t\t\t<strong class=\"margin-bottom-atom\">SOUTH AFRICAN SENSIBILITIES<\/strong>\n\n\t\t\t\t\t\t\t\t\t\t\t<div class=\"\">Cine-Lecture und Publikumsgespr\u00e4ch<\/div>\n\t\t\t\t\t\t\t\t\t<\/div>\n\t\t\t\t<div class=\"teaser-bottom border-bottom\">\n\t\t\t\t<calendardateline :rawitem='item' :show-icon=\"true\"><\/calendardateline>\n\t\t\t\t\t<hr>\n\t\t\t\t<\/div>\n\t\t\t<\/div>\n\t\t<\/div>\n\t<\/a>\n\t<\/calendarteaser>\n<\/li>\n\n<li class=\"col-xs-6 col-sm-4 col-md-3 teaser-wrapper col-padding-remove\">\n\t<calendarteaser key=\"377167464\" rawitem='{&quot;postId&quot;:37716,&quot;title&quot;:&quot;COME BACK, AFRICA!&quot;,&quot;excerpt&quot;:&quot;&quot;,&quot;slug&quot;:&quot;come-back-africa&quot;,&quot;post_date&quot;:&quot;2022-02-02T16:57&quot;,&quot;type&quot;:&quot;event&quot;,&quot;permalink&quot;:&quot;https:\\\/\\\/www.humboldtforum.org\\\/de\\\/programm\\\/termin\\\/film-video\\\/come-back-africa-37716\\\/&quot;,&quot;genre&quot;:[729],&quot;genre_details&quot;:[{&quot;text&quot;:&quot;Film\\\/Video&quot;,&quot;id&quot;:729,&quot;icon&quot;:null,&quot;parent&quot;:0}],&quot;topic&quot;:[782],&quot;topic_details&quot;:[{&quot;text&quot;:&quot;Kolonialismus und Kolonialit\\u00e4t&quot;,&quot;id&quot;:782,&quot;icon&quot;:null,&quot;parent&quot;:0}],&quot;stakeholder&quot;:[382],&quot;stakeholder_details&quot;:[{&quot;text&quot;:&quot;Stiftung Humboldt Forum im Berliner Schloss&quot;,&quot;id&quot;:382,&quot;icon&quot;:null,&quot;parent&quot;:0}],&quot;targetgroup&quot;:[383,455],&quot;targetgroup_details&quot;:[{&quot;text&quot;:&quot;Erwachsene&quot;,&quot;id&quot;:383,&quot;icon&quot;:null,&quot;parent&quot;:0},{&quot;text&quot;:&quot;Jugendliche&quot;,&quot;id&quot;:455,&quot;icon&quot;:null,&quot;parent&quot;:0}],&quot;language&quot;:[1231,385],&quot;language_details&quot;:[{&quot;text&quot;:&quot;Afrikaans&quot;,&quot;id&quot;:1231,&quot;icon&quot;:null,&quot;parent&quot;:0},{&quot;text&quot;:&quot;Englisch&quot;,&quot;id&quot;:385,&quot;icon&quot;:null,&quot;parent&quot;:0}],&quot;accessability&quot;:[430,780],&quot;accessability_details&quot;:[{&quot;text&quot;:&quot;Rollstuhlgerecht&quot;,&quot;id&quot;:430,&quot;icon&quot;:null,&quot;parent&quot;:0},{&quot;text&quot;:&quot;Untertitel&quot;,&quot;id&quot;:780,&quot;icon&quot;:null,&quot;parent&quot;:0}],&quot;age&quot;:[451,1264,1261],&quot;age_details&quot;:[{&quot;text&quot;:&quot;ab 14 Jahre&quot;,&quot;id&quot;:451,&quot;icon&quot;:null,&quot;parent&quot;:0},{&quot;text&quot;:&quot;Erwachsene&quot;,&quot;id&quot;:1264,&quot;icon&quot;:null,&quot;parent&quot;:0},{&quot;text&quot;:&quot;Jugendliche&quot;,&quot;id&quot;:1261,&quot;icon&quot;:null,&quot;parent&quot;:0}],&quot;place&quot;:[883],&quot;place_details&quot;:{&quot;place&quot;:&quot;Humboldt Forum&quot;,&quot;map&quot;:&quot;Humboldt Forum, Schlossplatz, Berlin&quot;,&quot;room&quot;:&quot;Saal 2, EG&quot;},&quot;icon_overwrite&quot;:&quot;&quot;,&quot;acf&quot;:{&quot;belongsto&quot;:[37600],&quot;noindex&quot;:false,&quot;keywords&quot;:&quot;&quot;,&quot;hashtag&quot;:&quot;HumboldtForum&quot;,&quot;shorturl&quot;:&quot;&quot;,&quot;times&quot;:[],&quot;planning&quot;:{&quot;price&quot;:&quot;5 EUR, erm\\u00e4\\u00dfigt 2,50 EUR&quot;,&quot;admission&quot;:&quot;&quot;,&quot;pause&quot;:&quot;&quot;,&quot;duration&quot;:&quot;&quot;},&quot;subline&quot;:&quot;von Lionel Rogosin&quot;,&quot;additional_info&quot;:{&quot;icon&quot;:&quot;icon-live-fill&quot;,&quot;text&quot;:&quot;S\\u00fcdafrika\\\/ USA 1958,  schwarz\\\/wei\\u00df, 86 min., Englisch\\\/ Afrikaans mit dt. UT&quot;},&quot;highlight_header&quot;:false,&quot;featured_images&quot;:[37717],&quot;use_video_in_teasers&quot;:false,&quot;hyphenation&quot;:true,&quot;tipp&quot;:false,&quot;joker&quot;:false,&quot;live&quot;:false,&quot;hide_event_in_program&quot;:false,&quot;tickettext&quot;:&quot;&quot;,&quot;infotext&quot;:&quot;empf. ab 14 Jahren&quot;},&quot;date&quot;:{&quot;NX&quot;:null,&quot;NXX&quot;:null,&quot;NLAST&quot;:&quot;202203071700&quot;,&quot;from_DATE&quot;:&quot;20220307 19:00&quot;,&quot;from&quot;:1646672400,&quot;to&quot;:1646672400,&quot;to_DATE&quot;:&quot;20220307 19:00&quot;,&quot;from_HRFSHORT&quot;:&quot; 7. M\\u00e4r 2022&quot;,&quot;from_HRFSHORT_WD&quot;:&quot;Mo 07.03.2022&quot;,&quot;to_HRFSHORT&quot;:&quot; 7. M\\u00e4r 2022&quot;,&quot;to_HRFSHORT_WD&quot;:&quot;Mo 07.03.2022&quot;,&quot;from_HRF&quot;:&quot;Mo,  7. M\\u00e4rz 2022&quot;,&quot;to_HRF&quot;:&quot;Mo,  7. M\\u00e4rz 2022&quot;,&quot;from_to_HRF&quot;:&quot;Mo,  7. M\\u00e4rz \\u2013 Mo,  7. M\\u00e4rz 2022&quot;,&quot;from_to_HRFSHORT&quot;:&quot; 7. M\\u00e4r \\u2013  7. M\\u00e4r 2022&quot;},&quot;alert&quot;:null,&quot;partof&quot;:[37600],&quot;marketing_topic&quot;:{&quot;title&quot;:&quot;KIZOBAZOBA!&quot;,&quot;ID&quot;:37600,&quot;reason&quot;:&quot;sequence&quot;}}' inline-template>\n\t<a href=\"https:\/\/www.humboldtforum.org\/de\/programm\/termin\/film-video\/come-back-africa-37716\/\" class=\"teaser teaser-event teaser-event-standard\">\n\t\t<div class=\"row\">\n\t\t\t<div class=\"col-xs-12 teaser-event-image\">\n\t\t\t\t<div class=\"teaser-image teaser-image-no-alternate\">\n\t\t\t\t\t\t\t\t\t\t\t\n\t<lazy-media-inline inline-template>\n\t\t<figure itemscope itemtype=\"http:\/\/schema.org\/ImageObject\" class=\"lazy-media-inline \" role=\"group\" id=\"media_69f59a5862e41\" aria-labelledby=\"desc_media_69f59a5862e41\">\n\t\t\t<script type=\"application\/json\" ref=\"data\">\n\t\t\t\t{\n\t\t\t\t\"sizes\" : {\"medium\":{\"file\":\"SHF_eb00129032-300x220.jpg\",\"width\":300,\"height\":220,\"mime-type\":\"image\\\/jpeg\"},\"large\":{\"file\":\"SHF_eb00129032-1024x750.jpg\",\"width\":1024,\"height\":750,\"mime-type\":\"image\\\/jpeg\"},\"thumbnail\":{\"file\":\"SHF_eb00129032-150x150.jpg\",\"width\":150,\"height\":150,\"mime-type\":\"image\\\/jpeg\"},\"medium_large\":{\"file\":\"SHF_eb00129032-768x562.jpg\",\"width\":768,\"height\":562,\"mime-type\":\"image\\\/jpeg\"},\"small\":{\"file\":\"SHF_eb00129032-440x322.jpg\",\"width\":440,\"height\":322,\"mime-type\":\"image\\\/jpeg\"},\"semi\":{\"file\":\"SHF_eb00129032-580x425.jpg\",\"width\":580,\"height\":425,\"mime-type\":\"image\\\/jpeg\"},\"mobile\":{\"file\":\"SHF_eb00129032-720x527.jpg\",\"width\":720,\"height\":527,\"mime-type\":\"image\\\/jpeg\"},\"hd\":{\"file\":\"SHF_eb00129032-1280x937.jpg\",\"width\":1280,\"height\":937,\"mime-type\":\"image\\\/jpeg\"},\"full\":{\"file\":\"SHF_eb00129032-1920x1405.jpg\",\"width\":1920,\"height\":1405,\"mime-type\":\"image\\\/jpeg\"},\"1536x1536\":{\"file\":\"SHF_eb00129032-1536x1124.jpg\",\"width\":1536,\"height\":1124,\"mime-type\":\"image\\\/jpeg\"},\"original\":{\"file\":\"SHF_eb00129032.jpg\",\"width\":2048,\"height\":1499}},\n\t\t\t\t\"alt\" : \"Schwarz-wei\\u00df Foto einer lebhaften Stra\\u00dfe mit Passanten vor einem Kino mit dem Schriftzug \\u201eMETRO\\u201c.\",\n\t\t\t\t\"path\" : \"\\\/wp-content\\\/uploads\\\/2022\\\/02\\\/\",\n\t\t\t\t\"video\" : null,\n\t\t\t\t\"autoplay\" : null,\n\t\t\t\t\"youtube\" : null,\n\t\t\t\t\"youtubelabel\" : \"Video abspielen\",\n\t\t\t\t\"brightness\" : 100,\n\t\t\t\t\"crop\" : null,\n\t\t\t\t\"background\" : true,\n\t\t\t\t\"scale\" : 2\t\t\t\t}\n\t\t\t<\/script>\n\n\t\t\t<div class=\"height-container\" style=\"padding-bottom:73.193359375%;\" v-if=\"sizes\">\n\t\t\t\t\t\t\t\t<lazy-media :inline=\"true\" :alt=\"alt\" :sizes=\"sizes\" :scale=\"scale\" :brightness=\"brightness\" :path=\"path\" :video=\"video\" :autoplay=\"autoplay\" :youtube=\"youtube\" :crop=\"crop\" :youtubelabel=\"youtubelabel\" :background=\"background\" media-id=\"desc_media_69f59a5862e41\"><\/lazy-media>\n\t\t\t\t\t\t\t<\/div>\n\n\t\t\t\t\t\t\t<figcaption class=\"sr-only\" ref=\"body\" id=\"desc_media_69f59a5862e41\">\n\t\t\t\t\t\t\t\t\t\t\t<div>Filmstill Come back, Africa<\/div>\n\t\t\t\t\t\t\t\t\t\t\t\t\t\t\t\t\t\t\t\t\t<div class=\"insignificant\">\u00a9 Arsenal Distribution<\/div>\n\t\t\t\t\t\t\t\t\t<\/figcaption>\n\t\t\t\t\t<\/figure>\n\t<\/lazy-media-inline>\n\t\t\t\t<\/div>\n\t\t\t<\/div>\n\t\t\t<div class=\"col-xs-12 teaser-event-text Infos\">\n\t\t\t\t<div class=\"teaser-event-standard-text\">\n\t\t\t\t\t<div class=\"margin-bottom-atom\">\n\t\t\t\t\t\t<div class=\"subline clamp-1\" v-html=\"maingenre\"><\/div>\n\t\t\t\t\t\t\t\t\t\t\t\t\t<div class=\"insignificant clamp-2\">KIZOBAZOBA!<\/div>\n\t\t\t\t\t\t\t\t\t\t\t<\/div>\n\t\t\t\t\n\t\t\t\t\t<strong class=\"margin-bottom-atom\">COME BACK, AFRICA!<\/strong>\n\n\t\t\t\t\t\t\t\t\t\t\t<div class=\"\">von Lionel Rogosin<\/div>\n\t\t\t\t\t\t\t\t\t<\/div>\n\t\t\t\t<div class=\"teaser-bottom border-bottom\">\n\t\t\t\t<calendardateline :rawitem='item' :show-icon=\"true\"><\/calendardateline>\n\t\t\t\t\t<hr>\n\t\t\t\t<\/div>\n\t\t\t<\/div>\n\t\t<\/div>\n\t<\/a>\n\t<\/calendarteaser>\n<\/li>\n\n<\/ul>\n\t\t\t<\/div>\n\t\t\t\t<\/lazy-component>\n<\/section>\n\n\n\n<section class=\"block block-button\">\n    <div class=\"container-fluid\">\n\t\t<div class=\"row\">\n            <div class=\"col-xs-12 col-md-offset-2 col-md-8\">\n                <div class=\"box text-align-center\">\n                 \t\t<a href=\"https:\/\/cinemaspacesnetwork.net\/\" class=\"button-extern\" role=\"button\" target=\"_blank\">\n\t\t<span class=\"button-label\">Zum Cinema Spaces Network<\/span>\n\t<\/a>\n                <\/div>\n            <\/div>\n        <\/div>\n    <\/div>\n<\/section>\n\n","protected":false},"template":"","genre":[729],"digital":[],"topic":[],"stakeholder":[382],"editorial":[],"editorialfilter":[],"targetgroup":[],"language":[],"accessability":[],"age":[],"school":[],"groupsize":[],"place":[],"class_list":["post-37600","event-sequence","type-event-sequence","status-publish","has-post-thumbnail","hentry","genre-film-video","stakeholder-stiftung-humboldt-forum-im-berliner-schloss"],"acf":[],"_links":{"self":[{"href":"https:\/\/www.humboldtforum.org\/de\/wp-json\/wp\/v2\/event-sequence\/37600","targetHints":{"allow":["GET"]}}],"collection":[{"href":"https:\/\/www.humboldtforum.org\/de\/wp-json\/wp\/v2\/event-sequence"}],"about":[{"href":"https:\/\/www.humboldtforum.org\/de\/wp-json\/wp\/v2\/types\/event-sequence"}],"version-history":[{"count":0,"href":"https:\/\/www.humboldtforum.org\/de\/wp-json\/wp\/v2\/event-sequence\/37600\/revisions"}],"wp:featuredmedia":[{"embeddable":true,"href":"https:\/\/www.humboldtforum.org\/de\/wp-json\/wp\/v2\/media\/37602"}],"wp:attachment":[{"href":"https:\/\/www.humboldtforum.org\/de\/wp-json\/wp\/v2\/media?parent=37600"}],"wp:term":[{"taxonomy":"genre","embeddable":true,"href":"https:\/\/www.humboldtforum.org\/de\/wp-json\/wp\/v2\/genre?post=37600"},{"taxonomy":"digital","embeddable":true,"href":"https:\/\/www.humboldtforum.org\/de\/wp-json\/wp\/v2\/digital?post=37600"},{"taxonomy":"topic","embeddable":true,"href":"https:\/\/www.humboldtforum.org\/de\/wp-json\/wp\/v2\/topic?post=37600"},{"taxonomy":"stakeholder","embeddable":true,"href":"https:\/\/www.humboldtforum.org\/de\/wp-json\/wp\/v2\/stakeholder?post=37600"},{"taxonomy":"editorial","embeddable":true,"href":"https:\/\/www.humboldtforum.org\/de\/wp-json\/wp\/v2\/editorial?post=37600"},{"taxonomy":"editorialfilter","embeddable":true,"href":"https:\/\/www.humboldtforum.org\/de\/wp-json\/wp\/v2\/editorialfilter?post=37600"},{"taxonomy":"targetgroup","embeddable":true,"href":"https:\/\/www.humboldtforum.org\/de\/wp-json\/wp\/v2\/targetgroup?post=37600"},{"taxonomy":"language","embeddable":true,"href":"https:\/\/www.humboldtforum.org\/de\/wp-json\/wp\/v2\/language?post=37600"},{"taxonomy":"accessability","embeddable":true,"href":"https:\/\/www.humboldtforum.org\/de\/wp-json\/wp\/v2\/accessability?post=37600"},{"taxonomy":"age","embeddable":true,"href":"https:\/\/www.humboldtforum.org\/de\/wp-json\/wp\/v2\/age?post=37600"},{"taxonomy":"school","embeddable":true,"href":"https:\/\/www.humboldtforum.org\/de\/wp-json\/wp\/v2\/school?post=37600"},{"taxonomy":"groupsize","embeddable":true,"href":"https:\/\/www.humboldtforum.org\/de\/wp-json\/wp\/v2\/groupsize?post=37600"},{"taxonomy":"place","embeddable":true,"href":"https:\/\/www.humboldtforum.org\/de\/wp-json\/wp\/v2\/place?post=37600"}],"curies":[{"name":"wp","href":"https:\/\/api.w.org\/{rel}","templated":true}]}}