{"id":58619,"date":"2022-10-21T08:46:44","date_gmt":"2022-10-21T06:46:44","guid":{"rendered":"https:\/\/www.humboldtforum.org\/?post_type=event-sequence&#038;p=58619"},"modified":"2026-03-25T16:31:29","modified_gmt":"2026-03-25T15:31:29","slug":"objekte-widersprechen","status":"publish","type":"event-sequence","link":"https:\/\/www.humboldtforum.org\/de\/programm\/event-reihe\/literatur\/objekte-widersprechen-58619\/","title":{"rendered":"Objekte widersprechen"},"content":{"rendered":"<section class=\"block block-copy block-no-margin\" >\n    <div class=\"container-fluid\">\n\t\t<div class=\"row \">\n            <div class=\"col-xs-12 col-md-offset-2 col-md-8\">\n                <div class=\"box\">\n                    <div class=\"copy\"><p><em>Objekte widersprechen<\/em> ist ein Projekt \u00fcber das Potenzial der Literatur, neue Geschichten und Beziehungen in Museumsobjekten zu erwecken. Internationale Autor*innen werden eingeladen, die Sammlungen im Humboldt Forum zu durchsuchen, ein Objekt auszuw\u00e4hlen und dar\u00fcber zu schreiben &#8211; wie immer sie wollen. Priya Basil, die Kuratorin des Projekts, hat f\u00fcr diesen Ansatz den Begriff &#8222;Fabulographie&#8220; eingef\u00fchrt: Es geht darum, kreativ mit L\u00fccken, Leerstellen und (Un-)Wahrheiten rund um die Objekte zu arbeiten, um narrative und imaginative Landschaften zu er\u00f6ffnen, die zu lange durch das Museum kontrolliert und begrenzt wurden.<\/p>\n<p><em>Objekte widersprechen<\/em> ist sich bewusst, dass Museumssammlungen untrennbar mit gewaltt\u00e4tigen kolonialen Geschichten und anhaltenden Praktiken der Beherrschung verbunden sind.<\/p>\n<p>Das Projekt strebt nach Wissen, das kolonialen Br\u00fcchen widersteht, sie \u00fcberlebt und sie \u00fcberwindet; es wird durch lebendige Verbindungen zwischen Menschen, Orten und Dingen belebt. Wie weit k\u00f6nnen uns Geschichten beim Verstehen, Erleben und Vorstellen anderer Welten bringen? Lassen Sie es uns herausfinden, wenn Objekte Widerworte geben.<\/p>\n<p>&nbsp;<\/p>\n<p>&nbsp;<\/p>\n<\/div>\n                <\/div>\n            <\/div>\n\t\t<\/div>\n\t\t    <\/div>\n<\/section>\n\n<section class=\"block block-teaser col-1 has-bg\" style=\"--teaser-bg:#e8e8e8\">\n\t<lazy-component :fixed-min-height=\"400\">\n\t\n\t\t\t\t\t<div class=\"container-fluid\">\n\t\t\t\t<div class=\"row bottom-xs\">\n\t\t\t\t\t<div class=\"col-xs-12 col-sm-10 col-md-8 col-sm-offset-1 col-md-offset-2\">\n\t\t\t\t\t\t<h4>kommende Veranstaltungen<\/h4>\t\t\t\t\t\t\t\t\t\t\t\t\t\t\t\t\t\t\t<\/div>\n\t\t\t\t\t<div class=\"col-xs-12 col-sm-10 col-md-8 col-sm-offset-1 col-md-offset-2 start-xs end-md margin-bottom-sixth\">\n\t\t\t\t\t\t<a href=\"https:\/\/www.humboldtforum.org\/de\/programm\/?belongsto=58619&#038;archive=1\" class=\"normalcase small noborder\" role=\"button\">Alle anzeigen (1)<\/a>\t\t\t\t\t<\/div>\n\t\t\t\t<\/div>\n\t\t\t\t<ul class=\"row\">\n\t\t\t\n<li class=\"col-xs-12 teaser-wrapper col-padding-remove\">\n\t<calendarteaser key=\"16079911304\" rawitem='{&quot;postId&quot;:160799,&quot;title&quot;:&quot;Von allgemeinem Interesse&quot;,&quot;excerpt&quot;:&quot;&quot;,&quot;slug&quot;:&quot;von-allgemeinem-interesse-von-maaza-mengiste&quot;,&quot;post_date&quot;:&quot;2026-03-09T12:41&quot;,&quot;type&quot;:&quot;event&quot;,&quot;permalink&quot;:&quot;https:\\\/\\\/www.humboldtforum.org\\\/de\\\/programm\\\/termin\\\/literatur\\\/von-allgemeinem-interesse-von-maaza-mengiste-160799\\\/&quot;,&quot;genre&quot;:[423],&quot;genre_details&quot;:[{&quot;text&quot;:&quot;Literatur&quot;,&quot;id&quot;:423,&quot;icon&quot;:null,&quot;parent&quot;:0}],&quot;stakeholder&quot;:[382],&quot;stakeholder_details&quot;:[{&quot;text&quot;:&quot;Stiftung Humboldt Forum im Berliner Schloss&quot;,&quot;id&quot;:382,&quot;icon&quot;:null,&quot;parent&quot;:0}],&quot;language&quot;:[385],&quot;language_details&quot;:[{&quot;text&quot;:&quot;Englisch&quot;,&quot;id&quot;:385,&quot;icon&quot;:null,&quot;parent&quot;:0}],&quot;place&quot;:[1558],&quot;place_details&quot;:{&quot;place&quot;:&quot;Mechanische Arena im Foyer&quot;,&quot;map&quot;:&quot;Humboldt Forum, Schlossplatz, Berlin&quot;,&quot;room&quot;:&quot;&quot;},&quot;icon_overwrite&quot;:&quot;&quot;,&quot;acf&quot;:{&quot;noindex&quot;:false,&quot;keywords&quot;:&quot;&quot;,&quot;hashtag&quot;:&quot;HumboldtForum&quot;,&quot;belongsto&quot;:[58619],&quot;shorturl&quot;:&quot;&quot;,&quot;times&quot;:[{&quot;start&quot;:&quot;20260518 19:00&quot;,&quot;end&quot;:&quot;21:00&quot;,&quot;status&quot;:&quot;BUY&quot;,&quot;info&quot;:&quot;12 EUR \\\/ 6 EUR erm\\u00e4\\u00dfigt&quot;,&quot;shop&quot;:&quot;https:\\\/\\\/tickets.humboldtforum.org\\\/#\\\/product\\\/event\\\/334?date=2026-05-18&amp;date_id=28015&amp;lang=de&quot;,&quot;i&quot;:0,&quot;start_hour&quot;:&quot;19:00&quot;,&quot;start_HRF&quot;:&quot;Mo, 18. Mai 2026&quot;,&quot;_date&quot;:{&quot;date&quot;:&quot;2026-05-18 21:00:00.000000&quot;,&quot;timezone_type&quot;:3,&quot;timezone&quot;:&quot;Europe\\\/Berlin&quot;},&quot;_fromdate&quot;:&quot;20260518 19:00&quot;,&quot;start_TS&quot;:1779123600,&quot;start_HRFSHORT&quot;:&quot;18.05.26&quot;,&quot;start_HRFSHORT_WD&quot;:&quot;Mo 18.05.2026&quot;,&quot;end_TS&quot;:1779130800,&quot;can_purchase&quot;:true}],&quot;planning&quot;:{&quot;price&quot;:&quot;12 EUR \\\/ 6 EUR erm\\u00e4\\u00dfigt&quot;,&quot;admission&quot;:&quot;&quot;,&quot;pause&quot;:&quot;&quot;,&quot;duration&quot;:&quot;&quot;},&quot;subline&quot;:&quot;Buchvorstellung und Film-Essay-Vorf\\u00fchrung mit Maaza Mengiste&quot;,&quot;tickettext&quot;:&quot;Tickets k\\u00f6nnen online oder an der Kasse im Foyer gebucht werden. &quot;,&quot;additional_info&quot;:{&quot;icon&quot;:&quot;0&quot;,&quot;text&quot;:&quot;&quot;},&quot;highlight_header&quot;:false,&quot;featured_images&quot;:[161133],&quot;use_video_in_teasers&quot;:false,&quot;hyphenation&quot;:true,&quot;tipp&quot;:false,&quot;joker&quot;:false,&quot;live&quot;:false,&quot;hide_event_in_program&quot;:false,&quot;gomus_id&quot;:&quot;&quot;,&quot;hm_id&quot;:&quot;&quot;},&quot;date&quot;:{&quot;NX&quot;:&quot;20260518&quot;,&quot;NXX&quot;:&quot;202605181900&quot;,&quot;NLAST&quot;:&quot;202605181500&quot;,&quot;from_DATE&quot;:&quot;20260518 19:00&quot;,&quot;from&quot;:1779116400,&quot;to&quot;:1779116400,&quot;to_DATE&quot;:&quot;20260518 19:00&quot;,&quot;from_HRFSHORT&quot;:&quot;18. Mai 2026&quot;,&quot;from_HRFSHORT_WD&quot;:&quot;Mo 18.05.2026&quot;,&quot;to_HRFSHORT&quot;:&quot;18. Mai 2026&quot;,&quot;to_HRFSHORT_WD&quot;:&quot;Mo 18.05.2026&quot;,&quot;from_HRF&quot;:&quot;Mo, 18. Mai 2026&quot;,&quot;to_HRF&quot;:&quot;Mo, 18. Mai 2026&quot;,&quot;from_to_HRF&quot;:&quot;Mo, 18. Mai \\u2013 Mo, 18. Mai 2026&quot;,&quot;from_to_HRFSHORT&quot;:&quot;18. Mai \\u2013 18. Mai 2026&quot;},&quot;alert&quot;:null,&quot;partof&quot;:[&quot;58619&quot;],&quot;marketing_topic&quot;:{&quot;title&quot;:&quot;Objekte widersprechen&quot;,&quot;ID&quot;:&quot;58619&quot;,&quot;reason&quot;:&quot;sequence&quot;}}' inline-template>\n\t<a href=\"https:\/\/www.humboldtforum.org\/de\/programm\/termin\/literatur\/von-allgemeinem-interesse-von-maaza-mengiste-160799\/\" class=\"teaser teaser-event teaser-event-standard\">\n\t\t<div class=\"row\">\n\t\t\t<div class=\"col-xs-12 col-sm-6 col-md-5 col-sm-offset-1 col-md-offset-2 first-sm teaser-event-text Infos\">\n\t\t\t\t<div class=\"teaser-event-standard-text\">\n\t\t\t\t\t<div class=\"margin-bottom-atom\">\n\t\t\t\t\t\t<div class=\"subline clamp-1\" v-html=\"maingenre\"><\/div>\n\t\t\t\t\t\t\t\t\t\t\t\t\t<div class=\"insignificant clamp-2\">Objekte widersprechen<\/div>\n\t\t\t\t\t\t\t\t\t\t\t<\/div>\n\t\t\t\t\n\t\t\t\t\t<strong class=\"margin-bottom-atom h5\">Von allgemeinem Interesse<\/strong>\n\n\t\t\t\t\t\t\t\t\t\t\t<div class=\"\">Buchvorstellung und Film-Essay-Vorf\u00fchrung mit Maaza Mengiste<\/div>\n\t\t\t\t\t\t\t\t\t<\/div>\n\t\t\t\t<div class=\"teaser-bottom border-bottom\">\n\t\t\t\t<calendardateline :rawitem='item' :show-icon=\"true\"><\/calendardateline>\n\t\t\t\t\t<hr>\n\t\t\t\t<\/div>\n\t\t\t<\/div>\n\t\t\t<div class=\"col-xs-12 col-sm-4 col-md-3 teaser-event-image bottom-xs first-xs\">\n\t\t\t\t<div class=\"teaser-image teaser-image-no-alternate\">\n\t\t\t\t\t\t\t\t\t\t\t\n\t<lazy-media-inline inline-template>\n\t\t<figure itemscope itemtype=\"http:\/\/schema.org\/ImageObject\" class=\"lazy-media-inline \" role=\"group\" id=\"media_69f402ba6995c\" aria-labelledby=\"desc_media_69f402ba6995c\">\n\t\t\t<script type=\"application\/json\" ref=\"data\">\n\t\t\t\t{\n\t\t\t\t\"sizes\" : {\"medium\":{\"file\":\"SHF_eb00264323-200x300.jpg\",\"width\":200,\"height\":300,\"mime-type\":\"image\\\/jpeg\",\"filesize\":15767},\"large\":{\"file\":\"SHF_eb00264323-683x1024.jpg\",\"width\":683,\"height\":1024,\"mime-type\":\"image\\\/jpeg\",\"filesize\":107183},\"thumbnail\":{\"file\":\"SHF_eb00264323-150x150.jpg\",\"width\":150,\"height\":150,\"mime-type\":\"image\\\/jpeg\",\"filesize\":7710},\"medium_large\":{\"file\":\"SHF_eb00264323-768x1152.jpg\",\"width\":768,\"height\":1152,\"mime-type\":\"image\\\/jpeg\",\"filesize\":131441},\"small\":{\"file\":\"SHF_eb00264323-293x440.jpg\",\"width\":293,\"height\":440,\"mime-type\":\"image\\\/jpeg\",\"filesize\":27940},\"semi\":{\"file\":\"SHF_eb00264323-387x580.jpg\",\"width\":387,\"height\":580,\"mime-type\":\"image\\\/jpeg\",\"filesize\":42703},\"mobile\":{\"file\":\"SHF_eb00264323-480x720.jpg\",\"width\":480,\"height\":720,\"mime-type\":\"image\\\/jpeg\",\"filesize\":59213},\"hd\":{\"file\":\"SHF_eb00264323-853x1280.jpg\",\"width\":853,\"height\":1280,\"mime-type\":\"image\\\/jpeg\",\"filesize\":160337},\"full\":{\"file\":\"SHF_eb00264323-1280x1920.jpg\",\"width\":1280,\"height\":1920,\"mime-type\":\"image\\\/jpeg\",\"filesize\":352495},\"xxl\":{\"file\":\"SHF_eb00264323-2699x4048.jpg\",\"width\":2699,\"height\":4048,\"mime-type\":\"image\\\/jpeg\",\"filesize\":1893837},\"1536x1536\":{\"file\":\"SHF_eb00264323-1024x1536.jpg\",\"width\":1024,\"height\":1536,\"mime-type\":\"image\\\/jpeg\",\"filesize\":225221},\"2048x2048\":{\"file\":\"SHF_eb00264323-1365x2048.jpg\",\"width\":1365,\"height\":2048,\"mime-type\":\"image\\\/jpeg\",\"filesize\":404141},\"original\":{\"file\":\"SHF_eb00264323.jpg\",\"width\":4338,\"height\":6507}},\n\t\t\t\t\"alt\" : \"\",\n\t\t\t\t\"path\" : \"\\\/wp-content\\\/uploads\\\/2026\\\/03\\\/\",\n\t\t\t\t\"video\" : null,\n\t\t\t\t\"autoplay\" : null,\n\t\t\t\t\"youtube\" : null,\n\t\t\t\t\"youtubelabel\" : \"Video abspielen\",\n\t\t\t\t\"brightness\" : 100,\n\t\t\t\t\"crop\" : {\"top\":\"16.37\",\"left\":\"44.93\"},\n\t\t\t\t\"background\" : true,\n\t\t\t\t\"scale\" : 2\t\t\t\t}\n\t\t\t<\/script>\n\n\t\t\t<div class=\"height-container\" style=\"padding-bottom:150%;\" v-if=\"sizes\">\n\t\t\t\t\t\t\t\t<lazy-media :inline=\"true\" :alt=\"alt\" :sizes=\"sizes\" :scale=\"scale\" :brightness=\"brightness\" :path=\"path\" :video=\"video\" :autoplay=\"autoplay\" :youtube=\"youtube\" :crop=\"crop\" :youtubelabel=\"youtubelabel\" :background=\"background\" media-id=\"desc_media_69f402ba6995c\"><\/lazy-media>\n\t\t\t\t\t\t\t<\/div>\n\n\t\t\t\t\t\t\t<figcaption class=\"sr-only\" ref=\"body\" id=\"desc_media_69f402ba6995c\">\n\t\t\t\t\t\t\t\t\t\t\t<div>Portrait der Autorin Maaza Mengiste<\/div>\n\t\t\t\t\t\t\t\t\t\t\t\t\t\t\t\t\t\t\t\t\t<div class=\"insignificant\">\u00a9 Annette Hornischer \/ American Academy in Berlin<\/div>\n\t\t\t\t\t\t\t\t\t<\/figcaption>\n\t\t\t\t\t<\/figure>\n\t<\/lazy-media-inline>\n\t\t\t\t<\/div>\n\t\t\t<\/div>\n\t\t<\/div>\n\t<\/a>\n\t<\/calendarteaser>\n<\/li>\n\n\t\t\t\t<\/ul>\n\t\t\t<\/div>\n\t\t\t\t<\/lazy-component>\n<\/section>\n\n\n\n<section class=\"block block-teaser col-lane33 has-bg\" style=\"--teaser-bg:#e8e8e8\">\n\t<lazy-component :fixed-min-height=\"400\">\n\t\n\t\t\t\t\t<teaser-lane-with-buttons inline-template tracking-label=\"Publikationen\">\n\t\t\t\t<div class=\"teaser-lane-with-buttons\">\n\t\t\t\t\t<div class=\"container-fluid\">\n\t\t\t\t\t\t<div class=\"row bottom-xs\">\n\t\t\t\t\t\t\t<div class=\"col-xs-12 col-md-8\">\n\t\t\t\t\t\t\t\t\t\t\t\t\t\t\t\t\t<h4>Publikationen<\/h4>\t\t\t\t\t\t\t\t\t\t\t\t\t\t\t\t\t\t\t\t\t\t\t\t<\/div>\n\t\t\t\t\t\t\t<div class=\"col-xs-12 col-md-4 start-xs end-md margin-bottom-sixth teaser-lane-buttons-wrapper teaser-lane-buttons-wrapper-with-tax\">\n\t\t\t\t\t\t\t\t<a href=\"https:\/\/www.humboldtforum.org\/de\/programm\/?belongsto=58619&#038;archive=1\" class=\"normalcase small noborder\" role=\"button\">Alle anzeigen (7)<\/a>\t\t\t\t\t\t\t\t<teaser-lane-buttons :visible_prev=\"visible_prev\" :visible_next=\"visible_next\" @prev=\"prev\" @next=\"next\"><\/teaser-lane-buttons>\n\t\t\t\t\t\t\t<\/div>\n\t\t\t\t\t\t<\/div>\n\t\t\t\t\t<\/div>\n\t\t\t\t\t<div class=\"teaser-lane-wrapper\">\n\t\t\t\t\t\t<ul class=\"teaser-lane\">\n\t\t\t\t\t\t\t\t\t\t\t\t\t\t<li class=\"teaser-lane-slide col-xs-9 col-sm-4 col-md-4 teaser-wrapper col-padding-remove\">\n\t<calendarteaser key=\"16281318551\" rawitem='{&quot;postId&quot;:162813,&quot;title&quot;:&quot;Whiti Hereaka: He Heru. Ein Kamm&quot;,&quot;excerpt&quot;:&quot;&quot;,&quot;slug&quot;:&quot;whiti-hereaka-he-heru-ein-kamm&quot;,&quot;post_date&quot;:&quot;2026-04-15T13:50&quot;,&quot;type&quot;:&quot;event-publication&quot;,&quot;permalink&quot;:&quot;https:\\\/\\\/www.humboldtforum.org\\\/de\\\/programm\\\/publikation\\\/publikation\\\/whiti-hereaka-he-heru-ein-kamm-162813\\\/&quot;,&quot;genre&quot;:[739],&quot;genre_details&quot;:[{&quot;text&quot;:&quot;Publikation&quot;,&quot;id&quot;:739,&quot;icon&quot;:null,&quot;parent&quot;:0}],&quot;stakeholder&quot;:[382],&quot;stakeholder_details&quot;:[{&quot;text&quot;:&quot;Stiftung Humboldt Forum im Berliner Schloss&quot;,&quot;id&quot;:382,&quot;icon&quot;:null,&quot;parent&quot;:0}],&quot;language&quot;:[384],&quot;language_details&quot;:[{&quot;text&quot;:&quot;Deutsch&quot;,&quot;id&quot;:384,&quot;icon&quot;:null,&quot;parent&quot;:0}],&quot;icon_overwrite&quot;:&quot;&quot;,&quot;acf&quot;:{&quot;noindex&quot;:false,&quot;keywords&quot;:&quot;&quot;,&quot;belongsto&quot;:[58619],&quot;shorturl&quot;:&quot;&quot;,&quot;planning&quot;:{&quot;price&quot;:&quot;10 \\u20ac&quot;,&quot;status&quot;:&quot;BUY&quot;,&quot;info&quot;:&quot;&quot;,&quot;shop&quot;:&quot;&quot;,&quot;can_purchase&quot;:false},&quot;additional_info&quot;:{&quot;icon&quot;:&quot;0&quot;,&quot;text&quot;:&quot;&quot;},&quot;highlight_header&quot;:false,&quot;use_video_in_teasers&quot;:false,&quot;hyphenation&quot;:true,&quot;tipp&quot;:false,&quot;joker&quot;:false,&quot;live&quot;:false,&quot;hide_event_in_program&quot;:false,&quot;subline&quot;:&quot;Ein Schmuckst\\u00fcck f\\u00fcr den heiligsten Teil des K\\u00f6rpers. Aus dem Englischen von Johanna Schindler Mit einem Vorwort von Priya Basil&quot;,&quot;featured_images&quot;:[162815],&quot;infotext&quot;:&quot;In K\\u00fcrze erh\\u00e4ltlich im Shop des Humboldt Forums und online&quot;,&quot;announcement&quot;:&quot;DE | 10 EUR&quot;},&quot;date&quot;:[],&quot;alert&quot;:null,&quot;partof&quot;:[58619],&quot;marketing_topic&quot;:{&quot;title&quot;:&quot;Objekte widersprechen&quot;,&quot;ID&quot;:58619,&quot;reason&quot;:&quot;sequence&quot;}}' inline-template>\n\t<a href=\"https:\/\/www.humboldtforum.org\/de\/programm\/publikation\/publikation\/whiti-hereaka-he-heru-ein-kamm-162813\/\" class=\"teaser teaser-event-publication teaser-event-standard\">\n\t\t<div class=\"row\">\n\t\t\t<div class=\"col-xs-12 teaser-event-image\">\n\t\t\t\t<div class=\"teaser-image teaser-image-no-alternate\">\n\t\t\t\t\t\t\t\t\t\t\t\n\t<lazy-media-inline inline-template>\n\t\t<figure itemscope itemtype=\"http:\/\/schema.org\/ImageObject\" class=\"lazy-media-inline \" role=\"group\" id=\"media_69f402ba749c7\" aria-labelledby=\"desc_media_69f402ba749c7\">\n\t\t\t<script type=\"application\/json\" ref=\"data\">\n\t\t\t\t{\n\t\t\t\t\"sizes\" : {\"medium\":{\"file\":\"SHF_eb00247406_Cover_Hereaka_DE-300x237.jpg\",\"width\":300,\"height\":237,\"mime-type\":\"image\\\/jpeg\",\"filesize\":3720},\"large\":{\"file\":\"SHF_eb00247406_Cover_Hereaka_DE-1024x809.jpg\",\"width\":1024,\"height\":809,\"mime-type\":\"image\\\/jpeg\",\"filesize\":25181},\"thumbnail\":{\"file\":\"SHF_eb00247406_Cover_Hereaka_DE-150x150.jpg\",\"width\":150,\"height\":150,\"mime-type\":\"image\\\/jpeg\",\"filesize\":2055},\"medium_large\":{\"file\":\"SHF_eb00247406_Cover_Hereaka_DE-768x607.jpg\",\"width\":768,\"height\":607,\"mime-type\":\"image\\\/jpeg\",\"filesize\":14829},\"small\":{\"file\":\"SHF_eb00247406_Cover_Hereaka_DE-440x348.jpg\",\"width\":440,\"height\":348,\"mime-type\":\"image\\\/jpeg\",\"filesize\":6322},\"semi\":{\"file\":\"SHF_eb00247406_Cover_Hereaka_DE-580x458.jpg\",\"width\":580,\"height\":458,\"mime-type\":\"image\\\/jpeg\",\"filesize\":10372},\"mobile\":{\"file\":\"SHF_eb00247406_Cover_Hereaka_DE-720x569.jpg\",\"width\":720,\"height\":569,\"mime-type\":\"image\\\/jpeg\",\"filesize\":14099},\"hd\":{\"file\":\"SHF_eb00247406_Cover_Hereaka_DE-1280x1011.jpg\",\"width\":1280,\"height\":1011,\"mime-type\":\"image\\\/jpeg\",\"filesize\":35697},\"full\":{\"file\":\"SHF_eb00247406_Cover_Hereaka_DE-1920x1517.jpg\",\"width\":1920,\"height\":1517,\"mime-type\":\"image\\\/jpeg\",\"filesize\":69531},\"xxl\":{\"file\":\"SHF_eb00247406_Cover_Hereaka_DE-4048x3199.jpg\",\"width\":4048,\"height\":3199,\"mime-type\":\"image\\\/jpeg\",\"filesize\":260194},\"1536x1536\":{\"file\":\"SHF_eb00247406_Cover_Hereaka_DE-1536x1214.jpg\",\"width\":1536,\"height\":1214,\"mime-type\":\"image\\\/jpeg\",\"filesize\":47693},\"2048x2048\":{\"file\":\"SHF_eb00247406_Cover_Hereaka_DE-2048x1618.jpg\",\"width\":2048,\"height\":1618,\"mime-type\":\"image\\\/jpeg\",\"filesize\":79888},\"original\":{\"file\":\"SHF_eb00247406_Cover_Hereaka_DE.jpg\",\"width\":5110,\"height\":4038}},\n\t\t\t\t\"alt\" : \"Buchcover mit dem Titel \\\"He Heru Ein Kamm\\\" von Whiti Hereaka in gr\\u00fcnen und blauen Farbt\\u00f6nen.\",\n\t\t\t\t\"path\" : \"\\\/wp-content\\\/uploads\\\/2026\\\/04\\\/\",\n\t\t\t\t\"video\" : null,\n\t\t\t\t\"autoplay\" : null,\n\t\t\t\t\"youtube\" : null,\n\t\t\t\t\"youtubelabel\" : \"Video abspielen\",\n\t\t\t\t\"brightness\" : 100,\n\t\t\t\t\"crop\" : null,\n\t\t\t\t\"background\" : true,\n\t\t\t\t\"scale\" : 1\t\t\t\t}\n\t\t\t<\/script>\n\n\t\t\t<div class=\"height-container\" style=\"padding-bottom:79.021526418787%;\" v-if=\"sizes\">\n\t\t\t\t\t\t\t\t<lazy-media :inline=\"true\" :alt=\"alt\" :sizes=\"sizes\" :scale=\"scale\" :brightness=\"brightness\" :path=\"path\" :video=\"video\" :autoplay=\"autoplay\" :youtube=\"youtube\" :crop=\"crop\" :youtubelabel=\"youtubelabel\" :background=\"background\" media-id=\"desc_media_69f402ba749c7\"><\/lazy-media>\n\t\t\t\t\t\t\t<\/div>\n\n\t\t\t\t\t\t\t<figcaption class=\"sr-only\" ref=\"body\" id=\"desc_media_69f402ba749c7\">\n\t\t\t\t\t\t\t\t\t\t\t<div>Whiti Hereaka: He Heru. Ein Kamm. Deutsche Ausgabe<\/div>\n\t\t\t\t\t\t\t\t\t\t\t\t\t\t\t\t\t\t\t\t\t<div class=\"insignificant\">\u00a9 DIAPHANES 2026<\/div>\n\t\t\t\t\t\t\t\t\t<\/figcaption>\n\t\t\t\t\t<\/figure>\n\t<\/lazy-media-inline>\n\t\t\t\t<\/div>\n\t\t\t<\/div>\n\t\t\t<div class=\"col-xs-12 teaser-event-text Infos\">\n\t\t\t\t<div class=\"teaser-event-standard-text\">\n\t\t\t\t\t<div class=\"margin-bottom-atom\">\n\t\t\t\t\t\t<div class=\"subline clamp-1\" v-html=\"maingenre\"><\/div>\n\t\t\t\t\t\t\t\t\t\t\t\t\t<div class=\"insignificant clamp-2\">Objekte widersprechen<\/div>\n\t\t\t\t\t\t\t\t\t\t\t<\/div>\n\t\t\t\t\n\t\t\t\t\t<strong class=\"margin-bottom-atom\">Whiti Hereaka: He Heru. Ein Kamm<\/strong>\n\n\t\t\t\t\t\t\t\t\t\t\t<div class=\"\">Ein Schmuckst\u00fcck f\u00fcr den heiligsten Teil des K\u00f6rpers. Aus dem Englischen von Johanna Schindler Mit einem Vorwort von Priya Basil<\/div>\n\t\t\t\t\t\t\t\t\t<\/div>\n\t\t\t\t<div class=\"teaser-bottom border-bottom\">\n\t\t\t\t<calendardateline :rawitem='item' :show-icon=\"true\"><\/calendardateline>\n\t\t\t\t\t<hr>\n\t\t\t\t<\/div>\n\t\t\t<\/div>\n\t\t<\/div>\n\t<\/a>\n\t<\/calendarteaser>\n<\/li>\n\n<li class=\"teaser-lane-slide col-xs-9 col-sm-4 col-md-4 teaser-wrapper col-padding-remove\">\n\t<calendarteaser key=\"1596783555\" rawitem='{&quot;postId&quot;:159678,&quot;title&quot;:&quot;Maaza Mengiste. Von allgemeinem Interesse&quot;,&quot;excerpt&quot;:&quot;&quot;,&quot;slug&quot;:&quot;maaza-mengiste-von-allgemeinem-interesse&quot;,&quot;post_date&quot;:&quot;2026-02-18T17:00&quot;,&quot;type&quot;:&quot;event-publication&quot;,&quot;permalink&quot;:&quot;https:\\\/\\\/www.humboldtforum.org\\\/de\\\/programm\\\/publikation\\\/publikation\\\/maaza-mengiste-von-allgemeinem-interesse-159678\\\/&quot;,&quot;genre&quot;:[739],&quot;genre_details&quot;:[{&quot;text&quot;:&quot;Publikation&quot;,&quot;id&quot;:739,&quot;icon&quot;:null,&quot;parent&quot;:0}],&quot;stakeholder&quot;:[382],&quot;stakeholder_details&quot;:[{&quot;text&quot;:&quot;Stiftung Humboldt Forum im Berliner Schloss&quot;,&quot;id&quot;:382,&quot;icon&quot;:null,&quot;parent&quot;:0}],&quot;language&quot;:[384],&quot;language_details&quot;:[{&quot;text&quot;:&quot;Deutsch&quot;,&quot;id&quot;:384,&quot;icon&quot;:null,&quot;parent&quot;:0}],&quot;icon_overwrite&quot;:&quot;&quot;,&quot;acf&quot;:{&quot;noindex&quot;:false,&quot;keywords&quot;:&quot;&quot;,&quot;belongsto&quot;:[58619],&quot;shorturl&quot;:&quot;&quot;,&quot;planning&quot;:{&quot;price&quot;:&quot;10 \\u20ac&quot;,&quot;status&quot;:&quot;BUY&quot;,&quot;info&quot;:&quot;&quot;,&quot;shop&quot;:&quot;&quot;,&quot;can_purchase&quot;:false},&quot;subline&quot;:&quot;Aus dem Englischen von Aziza Kasumov und Nikolaus G. Schneider. Mit einem Vorwort von Priya Basil&quot;,&quot;additional_info&quot;:{&quot;icon&quot;:&quot;0&quot;,&quot;text&quot;:&quot;&quot;},&quot;highlight_header&quot;:false,&quot;use_video_in_teasers&quot;:false,&quot;hyphenation&quot;:true,&quot;tipp&quot;:false,&quot;joker&quot;:false,&quot;live&quot;:false,&quot;hide_event_in_program&quot;:false,&quot;infotext&quot;:&quot;In K\\u00fcrze erh\\u00e4ltlich im Shop des Humboldt Forums und online&quot;,&quot;featured_images&quot;:[163563],&quot;announcement&quot;:&quot;DE | 10 EUR&quot;},&quot;date&quot;:[],&quot;alert&quot;:null,&quot;partof&quot;:[58619],&quot;marketing_topic&quot;:{&quot;title&quot;:&quot;Objekte widersprechen&quot;,&quot;ID&quot;:58619,&quot;reason&quot;:&quot;sequence&quot;}}' inline-template>\n\t<a href=\"https:\/\/www.humboldtforum.org\/de\/programm\/publikation\/publikation\/maaza-mengiste-von-allgemeinem-interesse-159678\/\" class=\"teaser teaser-event-publication teaser-event-standard\">\n\t\t<div class=\"row\">\n\t\t\t<div class=\"col-xs-12 teaser-event-image\">\n\t\t\t\t<div class=\"teaser-image teaser-image-no-alternate\">\n\t\t\t\t\t\t\t\t\t\t\t\n\t<lazy-media-inline inline-template>\n\t\t<figure itemscope itemtype=\"http:\/\/schema.org\/ImageObject\" class=\"lazy-media-inline \" role=\"group\" id=\"media_69f402ba769e2\" aria-labelledby=\"desc_media_69f402ba769e2\">\n\t\t\t<script type=\"application\/json\" ref=\"data\">\n\t\t\t\t{\n\t\t\t\t\"sizes\" : {\"medium\":{\"file\":\"SHF_eb00266533-300x237.jpg\",\"width\":300,\"height\":237,\"mime-type\":\"image\\\/jpeg\",\"filesize\":3954},\"large\":{\"file\":\"SHF_eb00266533-1024x809.jpg\",\"width\":1024,\"height\":809,\"mime-type\":\"image\\\/jpeg\",\"filesize\":26675},\"thumbnail\":{\"file\":\"SHF_eb00266533-150x150.jpg\",\"width\":150,\"height\":150,\"mime-type\":\"image\\\/jpeg\",\"filesize\":2160},\"medium_large\":{\"file\":\"SHF_eb00266533-768x607.jpg\",\"width\":768,\"height\":607,\"mime-type\":\"image\\\/jpeg\",\"filesize\":16370},\"small\":{\"file\":\"SHF_eb00266533-440x348.jpg\",\"width\":440,\"height\":348,\"mime-type\":\"image\\\/jpeg\",\"filesize\":6679},\"semi\":{\"file\":\"SHF_eb00266533-580x458.jpg\",\"width\":580,\"height\":458,\"mime-type\":\"image\\\/jpeg\",\"filesize\":11215},\"mobile\":{\"file\":\"SHF_eb00266533-720x569.jpg\",\"width\":720,\"height\":569,\"mime-type\":\"image\\\/jpeg\",\"filesize\":15195},\"hd\":{\"file\":\"SHF_eb00266533-1280x1011.jpg\",\"width\":1280,\"height\":1011,\"mime-type\":\"image\\\/jpeg\",\"filesize\":38025},\"full\":{\"file\":\"SHF_eb00266533-1920x1517.jpg\",\"width\":1920,\"height\":1517,\"mime-type\":\"image\\\/jpeg\",\"filesize\":73861},\"xxl\":{\"file\":\"SHF_eb00266533-4048x3199.jpg\",\"width\":4048,\"height\":3199,\"mime-type\":\"image\\\/jpeg\",\"filesize\":271738},\"1536x1536\":{\"file\":\"SHF_eb00266533-1536x1214.jpg\",\"width\":1536,\"height\":1214,\"mime-type\":\"image\\\/jpeg\",\"filesize\":51122},\"2048x2048\":{\"file\":\"SHF_eb00266533-2048x1618.jpg\",\"width\":2048,\"height\":1618,\"mime-type\":\"image\\\/jpeg\",\"filesize\":83230},\"original\":{\"file\":\"SHF_eb00266533.jpg\",\"width\":5110,\"height\":4038}},\n\t\t\t\t\"alt\" : \"Buchcover von Maaza Mengiste: \\u201eVon allgemeinem Interesse\\u201c, geometrisches Design in Pink und Gelb.\",\n\t\t\t\t\"path\" : \"\\\/wp-content\\\/uploads\\\/2026\\\/02\\\/\",\n\t\t\t\t\"video\" : null,\n\t\t\t\t\"autoplay\" : null,\n\t\t\t\t\"youtube\" : null,\n\t\t\t\t\"youtubelabel\" : \"Video abspielen\",\n\t\t\t\t\"brightness\" : 100,\n\t\t\t\t\"crop\" : null,\n\t\t\t\t\"background\" : true,\n\t\t\t\t\"scale\" : 1\t\t\t\t}\n\t\t\t<\/script>\n\n\t\t\t<div class=\"height-container\" style=\"padding-bottom:79.021526418787%;\" v-if=\"sizes\">\n\t\t\t\t\t\t\t\t<lazy-media :inline=\"true\" :alt=\"alt\" :sizes=\"sizes\" :scale=\"scale\" :brightness=\"brightness\" :path=\"path\" :video=\"video\" :autoplay=\"autoplay\" :youtube=\"youtube\" :crop=\"crop\" :youtubelabel=\"youtubelabel\" :background=\"background\" media-id=\"desc_media_69f402ba769e2\"><\/lazy-media>\n\t\t\t\t\t\t\t<\/div>\n\n\t\t\t\t\t\t\t<figcaption class=\"sr-only\" ref=\"body\" id=\"desc_media_69f402ba769e2\">\n\t\t\t\t\t\t\t\t\t\t\t\t\t\t\t\t<div>Maaza Mengiste. Von allgemeinem Interesse, deutsche Ausgabe <\/div>\n\t\t\t\t\t\t\t\t\t\t\t\t\t\t\t\t<div class=\"insignificant\">\u00a9 DIAPHANES 2026<\/div>\n\t\t\t\t\t\t\t\t\t<\/figcaption>\n\t\t\t\t\t<\/figure>\n\t<\/lazy-media-inline>\n\t\t\t\t<\/div>\n\t\t\t<\/div>\n\t\t\t<div class=\"col-xs-12 teaser-event-text Infos\">\n\t\t\t\t<div class=\"teaser-event-standard-text\">\n\t\t\t\t\t<div class=\"margin-bottom-atom\">\n\t\t\t\t\t\t<div class=\"subline clamp-1\" v-html=\"maingenre\"><\/div>\n\t\t\t\t\t\t\t\t\t\t\t\t\t<div class=\"insignificant clamp-2\">Objekte widersprechen<\/div>\n\t\t\t\t\t\t\t\t\t\t\t<\/div>\n\t\t\t\t\n\t\t\t\t\t<strong class=\"margin-bottom-atom\">Maaza Mengiste. Von allgemeinem Interesse<\/strong>\n\n\t\t\t\t\t\t\t\t\t\t\t<div class=\"\">Aus dem Englischen von Aziza Kasumov und Nikolaus G. Schneider. Mit einem Vorwort von Priya Basil<\/div>\n\t\t\t\t\t\t\t\t\t<\/div>\n\t\t\t\t<div class=\"teaser-bottom border-bottom\">\n\t\t\t\t<calendardateline :rawitem='item' :show-icon=\"true\"><\/calendardateline>\n\t\t\t\t\t<hr>\n\t\t\t\t<\/div>\n\t\t\t<\/div>\n\t\t<\/div>\n\t<\/a>\n\t<\/calendarteaser>\n<\/li>\n\n<li class=\"teaser-lane-slide col-xs-9 col-sm-4 col-md-4 teaser-wrapper col-padding-remove\">\n\t<calendarteaser key=\"15938810533\" rawitem='{&quot;postId&quot;:159388,&quot;title&quot;:&quot;Madeleine Thien: Die Handwerker&quot;,&quot;excerpt&quot;:&quot;&quot;,&quot;slug&quot;:&quot;madeleine-thien-die-handwerker&quot;,&quot;post_date&quot;:&quot;2026-02-11T18:45&quot;,&quot;type&quot;:&quot;event-publication&quot;,&quot;permalink&quot;:&quot;https:\\\/\\\/www.humboldtforum.org\\\/de\\\/programm\\\/publikation\\\/publikation\\\/madeleine-thien-die-handwerker-159388\\\/&quot;,&quot;genre&quot;:[739],&quot;genre_details&quot;:[{&quot;text&quot;:&quot;Publikation&quot;,&quot;id&quot;:739,&quot;icon&quot;:null,&quot;parent&quot;:0}],&quot;stakeholder&quot;:[382],&quot;stakeholder_details&quot;:[{&quot;text&quot;:&quot;Stiftung Humboldt Forum im Berliner Schloss&quot;,&quot;id&quot;:382,&quot;icon&quot;:null,&quot;parent&quot;:0}],&quot;language&quot;:[384],&quot;language_details&quot;:[{&quot;text&quot;:&quot;Deutsch&quot;,&quot;id&quot;:384,&quot;icon&quot;:null,&quot;parent&quot;:0}],&quot;icon_overwrite&quot;:&quot;&quot;,&quot;acf&quot;:{&quot;noindex&quot;:false,&quot;keywords&quot;:&quot;&quot;,&quot;belongsto&quot;:[58619],&quot;shorturl&quot;:&quot;&quot;,&quot;planning&quot;:{&quot;price&quot;:&quot;8 \\u20ac&quot;,&quot;status&quot;:&quot;CTA&quot;,&quot;info&quot;:&quot;Buch kaufen&quot;,&quot;shop&quot;:&quot;https:\\\/\\\/shop.humboldtforum.org\\\/collections\\\/alle-produkte\\\/products\\\/madeleine-thien-die-handwerker&quot;,&quot;can_purchase&quot;:false},&quot;additional_info&quot;:{&quot;icon&quot;:&quot;0&quot;,&quot;text&quot;:&quot;&quot;},&quot;highlight_header&quot;:false,&quot;use_video_in_teasers&quot;:false,&quot;hyphenation&quot;:true,&quot;tipp&quot;:false,&quot;joker&quot;:false,&quot;live&quot;:false,&quot;hide_event_in_program&quot;:false,&quot;subline&quot;:&quot;Aus dem Englischen von Anette Grube. Mit einem Vorwort von Priya Basil&quot;,&quot;featured_images&quot;:[159400],&quot;infotext&quot;:&quot;Erh\\u00e4ltlich im Shop des Humboldt Forums und online&quot;,&quot;announcement&quot;:&quot;DE | 8 EUR&quot;},&quot;date&quot;:[],&quot;alert&quot;:null,&quot;partof&quot;:[58619],&quot;marketing_topic&quot;:{&quot;title&quot;:&quot;Objekte widersprechen&quot;,&quot;ID&quot;:58619,&quot;reason&quot;:&quot;sequence&quot;}}' inline-template>\n\t<a href=\"https:\/\/www.humboldtforum.org\/de\/programm\/publikation\/publikation\/madeleine-thien-die-handwerker-159388\/\" class=\"teaser teaser-event-publication teaser-event-standard\">\n\t\t<div class=\"row\">\n\t\t\t<div class=\"col-xs-12 teaser-event-image\">\n\t\t\t\t<div class=\"teaser-image teaser-image-no-alternate\">\n\t\t\t\t\t\t\t\t\t\t\t\n\t<lazy-media-inline inline-template>\n\t\t<figure itemscope itemtype=\"http:\/\/schema.org\/ImageObject\" class=\"lazy-media-inline \" role=\"group\" id=\"media_69f402ba786ef\" aria-labelledby=\"desc_media_69f402ba786ef\">\n\t\t\t<script type=\"application\/json\" ref=\"data\">\n\t\t\t\t{\n\t\t\t\t\"sizes\" : {\"medium\":{\"file\":\"SHF_eb00247406_Cover_Thien_DE-1-300x237.jpg\",\"width\":300,\"height\":237,\"mime-type\":\"image\\\/jpeg\",\"filesize\":3936},\"large\":{\"file\":\"SHF_eb00247406_Cover_Thien_DE-1-1024x809.jpg\",\"width\":1024,\"height\":809,\"mime-type\":\"image\\\/jpeg\",\"filesize\":25626},\"thumbnail\":{\"file\":\"SHF_eb00247406_Cover_Thien_DE-1-150x150.jpg\",\"width\":150,\"height\":150,\"mime-type\":\"image\\\/jpeg\",\"filesize\":2134},\"medium_large\":{\"file\":\"SHF_eb00247406_Cover_Thien_DE-1-768x607.jpg\",\"width\":768,\"height\":607,\"mime-type\":\"image\\\/jpeg\",\"filesize\":15716},\"small\":{\"file\":\"SHF_eb00247406_Cover_Thien_DE-1-440x348.jpg\",\"width\":440,\"height\":348,\"mime-type\":\"image\\\/jpeg\",\"filesize\":6361},\"semi\":{\"file\":\"SHF_eb00247406_Cover_Thien_DE-1-580x458.jpg\",\"width\":580,\"height\":458,\"mime-type\":\"image\\\/jpeg\",\"filesize\":10512},\"mobile\":{\"file\":\"SHF_eb00247406_Cover_Thien_DE-1-720x569.jpg\",\"width\":720,\"height\":569,\"mime-type\":\"image\\\/jpeg\",\"filesize\":14460},\"hd\":{\"file\":\"SHF_eb00247406_Cover_Thien_DE-1-1280x1012.jpg\",\"width\":1280,\"height\":1012,\"mime-type\":\"image\\\/jpeg\",\"filesize\":37326},\"full\":{\"file\":\"SHF_eb00247406_Cover_Thien_DE-1-1920x1517.jpg\",\"width\":1920,\"height\":1517,\"mime-type\":\"image\\\/jpeg\",\"filesize\":72698},\"xxl\":{\"file\":\"SHF_eb00247406_Cover_Thien_DE-1-4048x3199.jpg\",\"width\":4048,\"height\":3199,\"mime-type\":\"image\\\/jpeg\",\"filesize\":268584},\"1536x1536\":{\"file\":\"SHF_eb00247406_Cover_Thien_DE-1-1536x1214.jpg\",\"width\":1536,\"height\":1214,\"mime-type\":\"image\\\/jpeg\",\"filesize\":50548},\"2048x2048\":{\"file\":\"SHF_eb00247406_Cover_Thien_DE-1-2048x1618.jpg\",\"width\":2048,\"height\":1618,\"mime-type\":\"image\\\/jpeg\",\"filesize\":80853},\"original\":{\"file\":\"SHF_eb00247406_Cover_Thien_DE-1.jpg\",\"width\":5102,\"height\":4032}},\n\t\t\t\t\"alt\" : \"Cover des Buches \\\"Die Handwerker\\\" von Madeleine Thien, mit geometrischen Formen in Rot- und Lila-T\\u00f6nen.\",\n\t\t\t\t\"path\" : \"\\\/wp-content\\\/uploads\\\/2026\\\/02\\\/\",\n\t\t\t\t\"video\" : null,\n\t\t\t\t\"autoplay\" : null,\n\t\t\t\t\"youtube\" : null,\n\t\t\t\t\"youtubelabel\" : \"Video abspielen\",\n\t\t\t\t\"brightness\" : 100,\n\t\t\t\t\"crop\" : null,\n\t\t\t\t\"background\" : true,\n\t\t\t\t\"scale\" : 1\t\t\t\t}\n\t\t\t<\/script>\n\n\t\t\t<div class=\"height-container\" style=\"padding-bottom:79.027832222658%;\" v-if=\"sizes\">\n\t\t\t\t\t\t\t\t<lazy-media :inline=\"true\" :alt=\"alt\" :sizes=\"sizes\" :scale=\"scale\" :brightness=\"brightness\" :path=\"path\" :video=\"video\" :autoplay=\"autoplay\" :youtube=\"youtube\" :crop=\"crop\" :youtubelabel=\"youtubelabel\" :background=\"background\" media-id=\"desc_media_69f402ba786ef\"><\/lazy-media>\n\t\t\t\t\t\t\t<\/div>\n\n\t\t\t\t\t\t\t<figcaption class=\"sr-only\" ref=\"body\" id=\"desc_media_69f402ba786ef\">\n\t\t\t\t\t\t\t\t\t\t\t\t\t\t\t\t<div>Madeleine Thien: Die Handwerker. Deutsche Ausgabe <\/div>\n\t\t\t\t\t\t\t\t\t\t\t\t\t\t\t\t<div class=\"insignificant\">\u00a9 DIAPHANES 2025<\/div>\n\t\t\t\t\t\t\t\t\t<\/figcaption>\n\t\t\t\t\t<\/figure>\n\t<\/lazy-media-inline>\n\t\t\t\t<\/div>\n\t\t\t<\/div>\n\t\t\t<div class=\"col-xs-12 teaser-event-text Infos\">\n\t\t\t\t<div class=\"teaser-event-standard-text\">\n\t\t\t\t\t<div class=\"margin-bottom-atom\">\n\t\t\t\t\t\t<div class=\"subline clamp-1\" v-html=\"maingenre\"><\/div>\n\t\t\t\t\t\t\t\t\t\t\t\t\t<div class=\"insignificant clamp-2\">Objekte widersprechen<\/div>\n\t\t\t\t\t\t\t\t\t\t\t<\/div>\n\t\t\t\t\n\t\t\t\t\t<strong class=\"margin-bottom-atom\">Madeleine Thien: Die Handwerker<\/strong>\n\n\t\t\t\t\t\t\t\t\t\t\t<div class=\"\">Aus dem Englischen von Anette Grube. Mit einem Vorwort von Priya Basil<\/div>\n\t\t\t\t\t\t\t\t\t<\/div>\n\t\t\t\t<div class=\"teaser-bottom border-bottom\">\n\t\t\t\t<calendardateline :rawitem='item' :show-icon=\"true\"><\/calendardateline>\n\t\t\t\t\t<hr>\n\t\t\t\t<\/div>\n\t\t\t<\/div>\n\t\t<\/div>\n\t<\/a>\n\t<\/calendarteaser>\n<\/li>\n\n<li class=\"teaser-lane-slide col-xs-9 col-sm-4 col-md-4 teaser-wrapper col-padding-remove\">\n\t<calendarteaser key=\"15937518194\" rawitem='{&quot;postId&quot;:159375,&quot;title&quot;:&quot;Rawi Hage: Der Ruf&quot;,&quot;excerpt&quot;:&quot;&quot;,&quot;slug&quot;:&quot;rawi-hage-der-ruf&quot;,&quot;post_date&quot;:&quot;2026-02-11T17:32&quot;,&quot;type&quot;:&quot;event-publication&quot;,&quot;permalink&quot;:&quot;https:\\\/\\\/www.humboldtforum.org\\\/de\\\/programm\\\/publikation\\\/publikation\\\/rawi-hage-der-ruf-159375\\\/&quot;,&quot;genre&quot;:[739],&quot;genre_details&quot;:[{&quot;text&quot;:&quot;Publikation&quot;,&quot;id&quot;:739,&quot;icon&quot;:null,&quot;parent&quot;:0}],&quot;stakeholder&quot;:[382],&quot;stakeholder_details&quot;:[{&quot;text&quot;:&quot;Stiftung Humboldt Forum im Berliner Schloss&quot;,&quot;id&quot;:382,&quot;icon&quot;:null,&quot;parent&quot;:0}],&quot;language&quot;:[384],&quot;language_details&quot;:[{&quot;text&quot;:&quot;Deutsch&quot;,&quot;id&quot;:384,&quot;icon&quot;:null,&quot;parent&quot;:0}],&quot;icon_overwrite&quot;:&quot;&quot;,&quot;acf&quot;:{&quot;noindex&quot;:false,&quot;keywords&quot;:&quot;&quot;,&quot;belongsto&quot;:[58619],&quot;shorturl&quot;:&quot;&quot;,&quot;planning&quot;:{&quot;price&quot;:&quot;8 \\u20ac&quot;,&quot;status&quot;:&quot;CTA&quot;,&quot;info&quot;:&quot;Buch kaufen&quot;,&quot;shop&quot;:&quot;https:\\\/\\\/shop.humboldtforum.org\\\/collections\\\/alle-produkte\\\/products\\\/rawi-hage-der-ruf&quot;,&quot;can_purchase&quot;:false},&quot;additional_info&quot;:{&quot;icon&quot;:&quot;0&quot;,&quot;text&quot;:&quot;&quot;},&quot;highlight_header&quot;:false,&quot;use_video_in_teasers&quot;:false,&quot;hyphenation&quot;:true,&quot;tipp&quot;:false,&quot;joker&quot;:false,&quot;live&quot;:false,&quot;hide_event_in_program&quot;:false,&quot;featured_images&quot;:[159373],&quot;infotext&quot;:&quot;Erh\\u00e4ltlich im Shop des Humboldt Forums und online&quot;,&quot;subline&quot;:&quot;Aus dem Englischen von Bernhard Robben. Mit einem Vorwort von Priya Basil&quot;,&quot;announcement&quot;:&quot;DE | 8 EUR&quot;},&quot;date&quot;:[],&quot;alert&quot;:null,&quot;partof&quot;:[58619],&quot;marketing_topic&quot;:{&quot;title&quot;:&quot;Objekte widersprechen&quot;,&quot;ID&quot;:58619,&quot;reason&quot;:&quot;sequence&quot;}}' inline-template>\n\t<a href=\"https:\/\/www.humboldtforum.org\/de\/programm\/publikation\/publikation\/rawi-hage-der-ruf-159375\/\" class=\"teaser teaser-event-publication teaser-event-standard\">\n\t\t<div class=\"row\">\n\t\t\t<div class=\"col-xs-12 teaser-event-image\">\n\t\t\t\t<div class=\"teaser-image teaser-image-no-alternate\">\n\t\t\t\t\t\t\t\t\t\t\t\n\t<lazy-media-inline inline-template>\n\t\t<figure itemscope itemtype=\"http:\/\/schema.org\/ImageObject\" class=\"lazy-media-inline \" role=\"group\" id=\"media_69f402ba7a2ee\" aria-labelledby=\"desc_media_69f402ba7a2ee\">\n\t\t\t<script type=\"application\/json\" ref=\"data\">\n\t\t\t\t{\n\t\t\t\t\"sizes\" : {\"medium\":{\"file\":\"SHF_eb00247406_Cover_DE-300x237.jpg\",\"width\":300,\"height\":237,\"mime-type\":\"image\\\/jpeg\",\"filesize\":3637},\"large\":{\"file\":\"SHF_eb00247406_Cover_DE-1024x809.jpg\",\"width\":1024,\"height\":809,\"mime-type\":\"image\\\/jpeg\",\"filesize\":23785},\"thumbnail\":{\"file\":\"SHF_eb00247406_Cover_DE-150x150.jpg\",\"width\":150,\"height\":150,\"mime-type\":\"image\\\/jpeg\",\"filesize\":2056},\"medium_large\":{\"file\":\"SHF_eb00247406_Cover_DE-768x607.jpg\",\"width\":768,\"height\":607,\"mime-type\":\"image\\\/jpeg\",\"filesize\":14497},\"small\":{\"file\":\"SHF_eb00247406_Cover_DE-440x348.jpg\",\"width\":440,\"height\":348,\"mime-type\":\"image\\\/jpeg\",\"filesize\":5953},\"semi\":{\"file\":\"SHF_eb00247406_Cover_DE-580x458.jpg\",\"width\":580,\"height\":458,\"mime-type\":\"image\\\/jpeg\",\"filesize\":9833},\"mobile\":{\"file\":\"SHF_eb00247406_Cover_DE-720x569.jpg\",\"width\":720,\"height\":569,\"mime-type\":\"image\\\/jpeg\",\"filesize\":13535},\"hd\":{\"file\":\"SHF_eb00247406_Cover_DE-1280x1012.jpg\",\"width\":1280,\"height\":1012,\"mime-type\":\"image\\\/jpeg\",\"filesize\":35360},\"full\":{\"file\":\"SHF_eb00247406_Cover_DE-1920x1517.jpg\",\"width\":1920,\"height\":1517,\"mime-type\":\"image\\\/jpeg\",\"filesize\":66947},\"xxl\":{\"file\":\"SHF_eb00247406_Cover_DE-4048x3199.jpg\",\"width\":4048,\"height\":3199,\"mime-type\":\"image\\\/jpeg\",\"filesize\":255628},\"1536x1536\":{\"file\":\"SHF_eb00247406_Cover_DE-1536x1214.jpg\",\"width\":1536,\"height\":1214,\"mime-type\":\"image\\\/jpeg\",\"filesize\":46319},\"2048x2048\":{\"file\":\"SHF_eb00247406_Cover_DE-2048x1618.jpg\",\"width\":2048,\"height\":1618,\"mime-type\":\"image\\\/jpeg\",\"filesize\":76512},\"original\":{\"file\":\"SHF_eb00247406_Cover_DE.jpg\",\"width\":5102,\"height\":4032}},\n\t\t\t\t\"alt\" : \"Buchcover von \\\"Der Ruf\\\" von Rawi Hage in Blau- und Gelbt\\u00f6nen, minimalistisch gestaltet.\",\n\t\t\t\t\"path\" : \"\\\/wp-content\\\/uploads\\\/2026\\\/02\\\/\",\n\t\t\t\t\"video\" : null,\n\t\t\t\t\"autoplay\" : null,\n\t\t\t\t\"youtube\" : null,\n\t\t\t\t\"youtubelabel\" : \"Video abspielen\",\n\t\t\t\t\"brightness\" : 100,\n\t\t\t\t\"crop\" : null,\n\t\t\t\t\"background\" : true,\n\t\t\t\t\"scale\" : 1\t\t\t\t}\n\t\t\t<\/script>\n\n\t\t\t<div class=\"height-container\" style=\"padding-bottom:79.027832222658%;\" v-if=\"sizes\">\n\t\t\t\t\t\t\t\t<lazy-media :inline=\"true\" :alt=\"alt\" :sizes=\"sizes\" :scale=\"scale\" :brightness=\"brightness\" :path=\"path\" :video=\"video\" :autoplay=\"autoplay\" :youtube=\"youtube\" :crop=\"crop\" :youtubelabel=\"youtubelabel\" :background=\"background\" media-id=\"desc_media_69f402ba7a2ee\"><\/lazy-media>\n\t\t\t\t\t\t\t<\/div>\n\n\t\t\t\t\t\t\t<figcaption class=\"sr-only\" ref=\"body\" id=\"desc_media_69f402ba7a2ee\">\n\t\t\t\t\t\t\t\t\t\t\t\t\t\t\t\t<div>Rawi Hage: Der Ruf. Deutsche Ausgabe <\/div>\n\t\t\t\t\t\t\t\t\t\t\t\t\t\t\t\t<div class=\"insignificant\">\u00a9 DIAPHANES 2025<\/div>\n\t\t\t\t\t\t\t\t\t<\/figcaption>\n\t\t\t\t\t<\/figure>\n\t<\/lazy-media-inline>\n\t\t\t\t<\/div>\n\t\t\t<\/div>\n\t\t\t<div class=\"col-xs-12 teaser-event-text Infos\">\n\t\t\t\t<div class=\"teaser-event-standard-text\">\n\t\t\t\t\t<div class=\"margin-bottom-atom\">\n\t\t\t\t\t\t<div class=\"subline clamp-1\" v-html=\"maingenre\"><\/div>\n\t\t\t\t\t\t\t\t\t\t\t\t\t<div class=\"insignificant clamp-2\">Objekte widersprechen<\/div>\n\t\t\t\t\t\t\t\t\t\t\t<\/div>\n\t\t\t\t\n\t\t\t\t\t<strong class=\"margin-bottom-atom\">Rawi Hage: Der Ruf<\/strong>\n\n\t\t\t\t\t\t\t\t\t\t\t<div class=\"\">Aus dem Englischen von Bernhard Robben. Mit einem Vorwort von Priya Basil<\/div>\n\t\t\t\t\t\t\t\t\t<\/div>\n\t\t\t\t<div class=\"teaser-bottom border-bottom\">\n\t\t\t\t<calendardateline :rawitem='item' :show-icon=\"true\"><\/calendardateline>\n\t\t\t\t\t<hr>\n\t\t\t\t<\/div>\n\t\t\t<\/div>\n\t\t<\/div>\n\t<\/a>\n\t<\/calendarteaser>\n<\/li>\n\n<li class=\"teaser-lane-slide col-xs-9 col-sm-4 col-md-4 teaser-wrapper col-padding-remove\">\n\t<calendarteaser key=\"1480787937\" rawitem='{&quot;postId&quot;:148078,&quot;title&quot;:&quot;Meena Kandasamy: Eine Weise, eine Kriegerin&quot;,&quot;excerpt&quot;:&quot;&quot;,&quot;slug&quot;:&quot;meena-kandasamy-eine-weise-eine-kriegerin&quot;,&quot;post_date&quot;:&quot;2025-06-17T18:34&quot;,&quot;type&quot;:&quot;event-publication&quot;,&quot;permalink&quot;:&quot;https:\\\/\\\/www.humboldtforum.org\\\/de\\\/programm\\\/publikation\\\/publikation\\\/meena-kandasamy-eine-weise-eine-kriegerin-148078\\\/&quot;,&quot;genre&quot;:[739],&quot;genre_details&quot;:[{&quot;text&quot;:&quot;Publikation&quot;,&quot;id&quot;:739,&quot;icon&quot;:null,&quot;parent&quot;:0}],&quot;language&quot;:[384],&quot;language_details&quot;:[{&quot;text&quot;:&quot;Deutsch&quot;,&quot;id&quot;:384,&quot;icon&quot;:null,&quot;parent&quot;:0}],&quot;icon_overwrite&quot;:&quot;&quot;,&quot;acf&quot;:{&quot;noindex&quot;:false,&quot;keywords&quot;:&quot;&quot;,&quot;belongsto&quot;:[58619],&quot;shorturl&quot;:&quot;&quot;,&quot;planning&quot;:{&quot;price&quot;:&quot;12 \\u20ac &quot;,&quot;status&quot;:&quot;CTA&quot;,&quot;info&quot;:&quot;Buch kaufen&quot;,&quot;shop&quot;:&quot;https:\\\/\\\/shop.humboldtforum.org\\\/products\\\/meena-kandasamy-eine-weise-eine-kriegerin&quot;,&quot;can_purchase&quot;:false},&quot;subline&quot;:&quot;Aus dem Englischen von Milena Adam. Mit einem Vorwort von Priya Basil&quot;,&quot;additional_info&quot;:{&quot;icon&quot;:&quot;0&quot;,&quot;text&quot;:&quot;&quot;},&quot;highlight_header&quot;:false,&quot;use_video_in_teasers&quot;:false,&quot;hyphenation&quot;:true,&quot;tipp&quot;:false,&quot;joker&quot;:false,&quot;live&quot;:false,&quot;hide_event_in_program&quot;:false,&quot;infotext&quot;:&quot;Ab sofort erh\\u00e4ltlich im Shop des Humboldt Forums und in K\\u00fcrze online bestellbar&quot;,&quot;featured_images&quot;:[148087],&quot;announcement&quot;:&quot;DE | 12 EUR&quot;},&quot;date&quot;:[],&quot;alert&quot;:null,&quot;partof&quot;:[58619],&quot;marketing_topic&quot;:{&quot;title&quot;:&quot;Objekte widersprechen&quot;,&quot;ID&quot;:58619,&quot;reason&quot;:&quot;sequence&quot;}}' inline-template>\n\t<a href=\"https:\/\/www.humboldtforum.org\/de\/programm\/publikation\/publikation\/meena-kandasamy-eine-weise-eine-kriegerin-148078\/\" class=\"teaser teaser-event-publication teaser-event-standard\">\n\t\t<div class=\"row\">\n\t\t\t<div class=\"col-xs-12 teaser-event-image\">\n\t\t\t\t<div class=\"teaser-image teaser-image-no-alternate\">\n\t\t\t\t\t\t\t\t\t\t\t\n\t<lazy-media-inline inline-template>\n\t\t<figure itemscope itemtype=\"http:\/\/schema.org\/ImageObject\" class=\"lazy-media-inline \" role=\"group\" id=\"media_69f402ba7bfa3\" aria-labelledby=\"desc_media_69f402ba7bfa3\">\n\t\t\t<script type=\"application\/json\" ref=\"data\">\n\t\t\t\t{\n\t\t\t\t\"sizes\" : {\"medium\":{\"file\":\"SHF_eb00247406_Kan_DE-300x237.jpg\",\"width\":300,\"height\":237,\"mime-type\":\"image\\\/jpeg\",\"filesize\":3811},\"large\":{\"file\":\"SHF_eb00247406_Kan_DE-1024x809.jpg\",\"width\":1024,\"height\":809,\"mime-type\":\"image\\\/jpeg\",\"filesize\":25460},\"thumbnail\":{\"file\":\"SHF_eb00247406_Kan_DE-150x150.jpg\",\"width\":150,\"height\":150,\"mime-type\":\"image\\\/jpeg\",\"filesize\":2087},\"medium_large\":{\"file\":\"SHF_eb00247406_Kan_DE-768x607.jpg\",\"width\":768,\"height\":607,\"mime-type\":\"image\\\/jpeg\",\"filesize\":15362},\"small\":{\"file\":\"SHF_eb00247406_Kan_DE-440x348.jpg\",\"width\":440,\"height\":348,\"mime-type\":\"image\\\/jpeg\",\"filesize\":6472},\"semi\":{\"file\":\"SHF_eb00247406_Kan_DE-580x458.jpg\",\"width\":580,\"height\":458,\"mime-type\":\"image\\\/jpeg\",\"filesize\":10409},\"mobile\":{\"file\":\"SHF_eb00247406_Kan_DE-720x569.jpg\",\"width\":720,\"height\":569,\"mime-type\":\"image\\\/jpeg\",\"filesize\":14619},\"hd\":{\"file\":\"SHF_eb00247406_Kan_DE-1280x1012.jpg\",\"width\":1280,\"height\":1012,\"mime-type\":\"image\\\/jpeg\",\"filesize\":37326},\"full\":{\"file\":\"SHF_eb00247406_Kan_DE-1920x1517.jpg\",\"width\":1920,\"height\":1517,\"mime-type\":\"image\\\/jpeg\",\"filesize\":71957},\"xxl\":{\"file\":\"SHF_eb00247406_Kan_DE-4048x3199.jpg\",\"width\":4048,\"height\":3199,\"mime-type\":\"image\\\/jpeg\",\"filesize\":265948},\"1536x1536\":{\"file\":\"SHF_eb00247406_Kan_DE-1536x1214.jpg\",\"width\":1536,\"height\":1214,\"mime-type\":\"image\\\/jpeg\",\"filesize\":49130},\"2048x2048\":{\"file\":\"SHF_eb00247406_Kan_DE-2048x1618.jpg\",\"width\":2048,\"height\":1618,\"mime-type\":\"image\\\/jpeg\",\"filesize\":82191},\"original\":{\"file\":\"SHF_eb00247406_Kan_DE.jpg\",\"width\":5102,\"height\":4032}},\n\t\t\t\t\"alt\" : \"Cover des Buchs \\\"Eine Weise, eine Kriegerin\\\" von Meena Kandasamy, mit geometrischen Mustern in sanften Farben.\",\n\t\t\t\t\"path\" : \"\\\/wp-content\\\/uploads\\\/2025\\\/06\\\/\",\n\t\t\t\t\"video\" : null,\n\t\t\t\t\"autoplay\" : null,\n\t\t\t\t\"youtube\" : null,\n\t\t\t\t\"youtubelabel\" : \"Video abspielen\",\n\t\t\t\t\"brightness\" : 100,\n\t\t\t\t\"crop\" : null,\n\t\t\t\t\"background\" : true,\n\t\t\t\t\"scale\" : 1\t\t\t\t}\n\t\t\t<\/script>\n\n\t\t\t<div class=\"height-container\" style=\"padding-bottom:79.027832222658%;\" v-if=\"sizes\">\n\t\t\t\t\t\t\t\t<lazy-media :inline=\"true\" :alt=\"alt\" :sizes=\"sizes\" :scale=\"scale\" :brightness=\"brightness\" :path=\"path\" :video=\"video\" :autoplay=\"autoplay\" :youtube=\"youtube\" :crop=\"crop\" :youtubelabel=\"youtubelabel\" :background=\"background\" media-id=\"desc_media_69f402ba7bfa3\"><\/lazy-media>\n\t\t\t\t\t\t\t<\/div>\n\n\t\t\t\t\t\t\t<figcaption class=\"sr-only\" ref=\"body\" id=\"desc_media_69f402ba7bfa3\">\n\t\t\t\t\t\t\t\t\t\t\t\t\t\t\t\t<div>Meena Kandasamy: Eine Weise, eine Kriegerin, Deutsche Ausgabe <\/div>\n\t\t\t\t\t\t\t\t\t\t\t\t\t\t\t\t<div class=\"insignificant\">\u00a9 DIAPHANES 2025<\/div>\n\t\t\t\t\t\t\t\t\t<\/figcaption>\n\t\t\t\t\t<\/figure>\n\t<\/lazy-media-inline>\n\t\t\t\t<\/div>\n\t\t\t<\/div>\n\t\t\t<div class=\"col-xs-12 teaser-event-text Infos\">\n\t\t\t\t<div class=\"teaser-event-standard-text\">\n\t\t\t\t\t<div class=\"margin-bottom-atom\">\n\t\t\t\t\t\t<div class=\"subline clamp-1\" v-html=\"maingenre\"><\/div>\n\t\t\t\t\t\t\t\t\t\t\t\t\t<div class=\"insignificant clamp-2\">Objekte widersprechen<\/div>\n\t\t\t\t\t\t\t\t\t\t\t<\/div>\n\t\t\t\t\n\t\t\t\t\t<strong class=\"margin-bottom-atom\">Meena Kandasamy: Eine Weise, eine Kriegerin<\/strong>\n\n\t\t\t\t\t\t\t\t\t\t\t<div class=\"\">Aus dem Englischen von Milena Adam. Mit einem Vorwort von Priya Basil<\/div>\n\t\t\t\t\t\t\t\t\t<\/div>\n\t\t\t\t<div class=\"teaser-bottom border-bottom\">\n\t\t\t\t<calendardateline :rawitem='item' :show-icon=\"true\"><\/calendardateline>\n\t\t\t\t\t<hr>\n\t\t\t\t<\/div>\n\t\t\t<\/div>\n\t\t<\/div>\n\t<\/a>\n\t<\/calendarteaser>\n<\/li>\n\n<li class=\"teaser-lane-slide col-xs-9 col-sm-4 col-md-4 teaser-wrapper col-padding-remove\">\n\t<calendarteaser key=\"14803012532\" rawitem='{&quot;postId&quot;:148030,&quot;title&quot;:&quot;Priya Basil: Eingeschlossen \\\/ Ausgeschlossen&quot;,&quot;excerpt&quot;:&quot;&quot;,&quot;slug&quot;:&quot;priya-basil-eingeschlossen-ausgeschlossen&quot;,&quot;post_date&quot;:&quot;2025-06-17T12:18&quot;,&quot;type&quot;:&quot;event-publication&quot;,&quot;permalink&quot;:&quot;https:\\\/\\\/www.humboldtforum.org\\\/de\\\/programm\\\/publikation\\\/publikation\\\/priya-basil-eingeschlossen-ausgeschlossen-148030\\\/&quot;,&quot;genre&quot;:[739],&quot;genre_details&quot;:[{&quot;text&quot;:&quot;Publikation&quot;,&quot;id&quot;:739,&quot;icon&quot;:null,&quot;parent&quot;:0}],&quot;stakeholder&quot;:[382],&quot;stakeholder_details&quot;:[{&quot;text&quot;:&quot;Stiftung Humboldt Forum im Berliner Schloss&quot;,&quot;id&quot;:382,&quot;icon&quot;:null,&quot;parent&quot;:0}],&quot;language&quot;:[384],&quot;language_details&quot;:[{&quot;text&quot;:&quot;Deutsch&quot;,&quot;id&quot;:384,&quot;icon&quot;:null,&quot;parent&quot;:0}],&quot;icon_overwrite&quot;:&quot;&quot;,&quot;acf&quot;:{&quot;noindex&quot;:false,&quot;keywords&quot;:&quot;&quot;,&quot;belongsto&quot;:[58619],&quot;shorturl&quot;:&quot;&quot;,&quot;planning&quot;:{&quot;price&quot;:&quot;8 \\u20ac &quot;,&quot;status&quot;:&quot;CTA&quot;,&quot;info&quot;:&quot;Buch kaufen&quot;,&quot;shop&quot;:&quot;https:\\\/\\\/shop.humboldtforum.org\\\/products\\\/priya-basil-eingeschlossen-ausgeschlossen&quot;,&quot;can_purchase&quot;:false},&quot;subline&quot;:&quot;Aus dem Englischen von Beatrice Fa\\u00dfbender. Mit einem Vorwort von Hartmut Dorgerloh&quot;,&quot;infotext&quot;:&quot;Ab sofort erh\\u00e4ltlich im Shop des Humboldt Forums und in K\\u00fcrze online bestellbar&quot;,&quot;additional_info&quot;:{&quot;icon&quot;:&quot;0&quot;,&quot;text&quot;:&quot;&quot;},&quot;highlight_header&quot;:false,&quot;use_video_in_teasers&quot;:false,&quot;hyphenation&quot;:true,&quot;tipp&quot;:false,&quot;joker&quot;:false,&quot;live&quot;:false,&quot;hide_event_in_program&quot;:false,&quot;featured_images&quot;:[148037],&quot;announcement&quot;:&quot;DE | 8 EUR&quot;},&quot;date&quot;:[],&quot;alert&quot;:null,&quot;partof&quot;:[58619],&quot;marketing_topic&quot;:{&quot;title&quot;:&quot;Objekte widersprechen&quot;,&quot;ID&quot;:58619,&quot;reason&quot;:&quot;sequence&quot;}}' inline-template>\n\t<a href=\"https:\/\/www.humboldtforum.org\/de\/programm\/publikation\/publikation\/priya-basil-eingeschlossen-ausgeschlossen-148030\/\" class=\"teaser teaser-event-publication teaser-event-standard\">\n\t\t<div class=\"row\">\n\t\t\t<div class=\"col-xs-12 teaser-event-image\">\n\t\t\t\t<div class=\"teaser-image teaser-image-no-alternate\">\n\t\t\t\t\t\t\t\t\t\t\t\n\t<lazy-media-inline inline-template>\n\t\t<figure itemscope itemtype=\"http:\/\/schema.org\/ImageObject\" class=\"lazy-media-inline \" role=\"group\" id=\"media_69f402ba7e8b8\" aria-labelledby=\"desc_media_69f402ba7e8b8\">\n\t\t\t<script type=\"application\/json\" ref=\"data\">\n\t\t\t\t{\n\t\t\t\t\"sizes\" : {\"medium\":{\"file\":\"SHF_eb00247406_Ba_DE-300x237.jpg\",\"width\":300,\"height\":237,\"mime-type\":\"image\\\/jpeg\",\"filesize\":3686},\"large\":{\"file\":\"SHF_eb00247406_Ba_DE-1024x809.jpg\",\"width\":1024,\"height\":809,\"mime-type\":\"image\\\/jpeg\",\"filesize\":24889},\"thumbnail\":{\"file\":\"SHF_eb00247406_Ba_DE-150x150.jpg\",\"width\":150,\"height\":150,\"mime-type\":\"image\\\/jpeg\",\"filesize\":2004},\"medium_large\":{\"file\":\"SHF_eb00247406_Ba_DE-768x607.jpg\",\"width\":768,\"height\":607,\"mime-type\":\"image\\\/jpeg\",\"filesize\":14994},\"small\":{\"file\":\"SHF_eb00247406_Ba_DE-440x348.jpg\",\"width\":440,\"height\":348,\"mime-type\":\"image\\\/jpeg\",\"filesize\":6138},\"semi\":{\"file\":\"SHF_eb00247406_Ba_DE-580x458.jpg\",\"width\":580,\"height\":458,\"mime-type\":\"image\\\/jpeg\",\"filesize\":10142},\"mobile\":{\"file\":\"SHF_eb00247406_Ba_DE-720x569.jpg\",\"width\":720,\"height\":569,\"mime-type\":\"image\\\/jpeg\",\"filesize\":14372},\"hd\":{\"file\":\"SHF_eb00247406_Ba_DE-1280x1012.jpg\",\"width\":1280,\"height\":1012,\"mime-type\":\"image\\\/jpeg\",\"filesize\":36300},\"full\":{\"file\":\"SHF_eb00247406_Ba_DE-1920x1517.jpg\",\"width\":1920,\"height\":1517,\"mime-type\":\"image\\\/jpeg\",\"filesize\":70626},\"xxl\":{\"file\":\"SHF_eb00247406_Ba_DE-4048x3199.jpg\",\"width\":4048,\"height\":3199,\"mime-type\":\"image\\\/jpeg\",\"filesize\":263405},\"1536x1536\":{\"file\":\"SHF_eb00247406_Ba_DE-1536x1214.jpg\",\"width\":1536,\"height\":1214,\"mime-type\":\"image\\\/jpeg\",\"filesize\":48365},\"2048x2048\":{\"file\":\"SHF_eb00247406_Ba_DE-2048x1618.jpg\",\"width\":2048,\"height\":1618,\"mime-type\":\"image\\\/jpeg\",\"filesize\":80304},\"original\":{\"file\":\"SHF_eb00247406_Ba_DE.jpg\",\"width\":5102,\"height\":4032}},\n\t\t\t\t\"alt\" : \"Buchcover von Priya Basil mit dem Titel \\\"Eingeschlossen\\\/Ausgeschlossen\\\" im pastellfarbenen Design.\",\n\t\t\t\t\"path\" : \"\\\/wp-content\\\/uploads\\\/2025\\\/06\\\/\",\n\t\t\t\t\"video\" : null,\n\t\t\t\t\"autoplay\" : null,\n\t\t\t\t\"youtube\" : null,\n\t\t\t\t\"youtubelabel\" : \"Video abspielen\",\n\t\t\t\t\"brightness\" : 100,\n\t\t\t\t\"crop\" : null,\n\t\t\t\t\"background\" : true,\n\t\t\t\t\"scale\" : 1\t\t\t\t}\n\t\t\t<\/script>\n\n\t\t\t<div class=\"height-container\" style=\"padding-bottom:79.027832222658%;\" v-if=\"sizes\">\n\t\t\t\t\t\t\t\t<lazy-media :inline=\"true\" :alt=\"alt\" :sizes=\"sizes\" :scale=\"scale\" :brightness=\"brightness\" :path=\"path\" :video=\"video\" :autoplay=\"autoplay\" :youtube=\"youtube\" :crop=\"crop\" :youtubelabel=\"youtubelabel\" :background=\"background\" media-id=\"desc_media_69f402ba7e8b8\"><\/lazy-media>\n\t\t\t\t\t\t\t<\/div>\n\n\t\t\t\t\t\t\t<figcaption class=\"sr-only\" ref=\"body\" id=\"desc_media_69f402ba7e8b8\">\n\t\t\t\t\t\t\t\t\t\t\t\t\t\t\t\t<div>Priya Basil: Eingeschlossen \/ Ausgeschlossen. Deutsche Ausgabe <\/div>\n\t\t\t\t\t\t\t\t\t\t\t\t\t\t\t\t<div class=\"insignificant\">\u00a9 2025 DIAPHANES<\/div>\n\t\t\t\t\t\t\t\t\t<\/figcaption>\n\t\t\t\t\t<\/figure>\n\t<\/lazy-media-inline>\n\t\t\t\t<\/div>\n\t\t\t<\/div>\n\t\t\t<div class=\"col-xs-12 teaser-event-text Infos\">\n\t\t\t\t<div class=\"teaser-event-standard-text\">\n\t\t\t\t\t<div class=\"margin-bottom-atom\">\n\t\t\t\t\t\t<div class=\"subline clamp-1\" v-html=\"maingenre\"><\/div>\n\t\t\t\t\t\t\t\t\t\t\t\t\t<div class=\"insignificant clamp-2\">Objekte widersprechen<\/div>\n\t\t\t\t\t\t\t\t\t\t\t<\/div>\n\t\t\t\t\n\t\t\t\t\t<strong class=\"margin-bottom-atom\">Priya Basil: Eingeschlossen \/ Ausgeschlossen<\/strong>\n\n\t\t\t\t\t\t\t\t\t\t\t<div class=\"\">Aus dem Englischen von Beatrice Fa\u00dfbender. Mit einem Vorwort von Hartmut Dorgerloh<\/div>\n\t\t\t\t\t\t\t\t\t<\/div>\n\t\t\t\t<div class=\"teaser-bottom border-bottom\">\n\t\t\t\t<calendardateline :rawitem='item' :show-icon=\"true\"><\/calendardateline>\n\t\t\t\t\t<hr>\n\t\t\t\t<\/div>\n\t\t\t<\/div>\n\t\t<\/div>\n\t<\/a>\n\t<\/calendarteaser>\n<\/li>\n\n<li class=\"teaser-lane-slide col-xs-9 col-sm-4 col-md-4 teaser-wrapper col-padding-remove\">\n\t<calendarteaser key=\"1473309252\" rawitem='{&quot;postId&quot;:147330,&quot;title&quot;:&quot;L\\u00e9onora Miano: Damen auf dem Thron&quot;,&quot;excerpt&quot;:&quot;&quot;,&quot;slug&quot;:&quot;leonora-miano-damen-auf-dem-thron&quot;,&quot;post_date&quot;:&quot;2025-06-04T11:01&quot;,&quot;type&quot;:&quot;event-publication&quot;,&quot;permalink&quot;:&quot;https:\\\/\\\/www.humboldtforum.org\\\/de\\\/programm\\\/publikation\\\/publikation\\\/leonora-miano-damen-auf-dem-thron-147330\\\/&quot;,&quot;genre&quot;:[739],&quot;genre_details&quot;:[{&quot;text&quot;:&quot;Publikation&quot;,&quot;id&quot;:739,&quot;icon&quot;:null,&quot;parent&quot;:0}],&quot;language&quot;:[384],&quot;language_details&quot;:[{&quot;text&quot;:&quot;Deutsch&quot;,&quot;id&quot;:384,&quot;icon&quot;:null,&quot;parent&quot;:0}],&quot;icon_overwrite&quot;:&quot;&quot;,&quot;acf&quot;:{&quot;noindex&quot;:false,&quot;keywords&quot;:&quot;&quot;,&quot;belongsto&quot;:[58619],&quot;shorturl&quot;:&quot;&quot;,&quot;planning&quot;:{&quot;price&quot;:&quot;8 \\u20ac&quot;,&quot;status&quot;:&quot;CTA&quot;,&quot;info&quot;:&quot;Buch kaufen&quot;,&quot;shop&quot;:&quot;https:\\\/\\\/shop.humboldtforum.org\\\/products\\\/leonora-miano-damen-auf-dem-thron&quot;,&quot;can_purchase&quot;:false},&quot;subline&quot;:&quot;Aus dem Franz\\u00f6sischen von Claudia Hamm. Mit einem Vorwort von Priya Basil&quot;,&quot;additional_info&quot;:{&quot;icon&quot;:&quot;0&quot;,&quot;text&quot;:&quot;&quot;},&quot;highlight_header&quot;:false,&quot;use_video_in_teasers&quot;:false,&quot;hyphenation&quot;:true,&quot;tipp&quot;:false,&quot;joker&quot;:false,&quot;live&quot;:false,&quot;hide_event_in_program&quot;:false,&quot;featured_images&quot;:[147359],&quot;infotext&quot;:&quot;Ab sofort erh\\u00e4ltlich im Shop des Humboldt Forums und in K\\u00fcrze online bestellbar&quot;,&quot;announcement&quot;:&quot;DE | 8 EUR&quot;},&quot;date&quot;:[],&quot;alert&quot;:null,&quot;partof&quot;:[58619],&quot;marketing_topic&quot;:{&quot;title&quot;:&quot;Objekte widersprechen&quot;,&quot;ID&quot;:58619,&quot;reason&quot;:&quot;sequence&quot;}}' inline-template>\n\t<a href=\"https:\/\/www.humboldtforum.org\/de\/programm\/publikation\/publikation\/leonora-miano-damen-auf-dem-thron-147330\/\" class=\"teaser teaser-event-publication teaser-event-standard\">\n\t\t<div class=\"row\">\n\t\t\t<div class=\"col-xs-12 teaser-event-image\">\n\t\t\t\t<div class=\"teaser-image teaser-image-no-alternate\">\n\t\t\t\t\t\t\t\t\t\t\t\n\t<lazy-media-inline inline-template>\n\t\t<figure itemscope itemtype=\"http:\/\/schema.org\/ImageObject\" class=\"lazy-media-inline \" role=\"group\" id=\"media_69f402ba80951\" aria-labelledby=\"desc_media_69f402ba80951\">\n\t\t\t<script type=\"application\/json\" ref=\"data\">\n\t\t\t\t{\n\t\t\t\t\"sizes\" : {\"medium\":{\"file\":\"SHF_eb00247406-300x237.jpg\",\"width\":300,\"height\":237,\"mime-type\":\"image\\\/jpeg\",\"filesize\":3742},\"large\":{\"file\":\"SHF_eb00247406-1024x809.jpg\",\"width\":1024,\"height\":809,\"mime-type\":\"image\\\/jpeg\",\"filesize\":25085},\"thumbnail\":{\"file\":\"SHF_eb00247406-150x150.jpg\",\"width\":150,\"height\":150,\"mime-type\":\"image\\\/jpeg\",\"filesize\":2070},\"medium_large\":{\"file\":\"SHF_eb00247406-768x607.jpg\",\"width\":768,\"height\":607,\"mime-type\":\"image\\\/jpeg\",\"filesize\":15045},\"small\":{\"file\":\"SHF_eb00247406-440x348.jpg\",\"width\":440,\"height\":348,\"mime-type\":\"image\\\/jpeg\",\"filesize\":6287},\"semi\":{\"file\":\"SHF_eb00247406-580x458.jpg\",\"width\":580,\"height\":458,\"mime-type\":\"image\\\/jpeg\",\"filesize\":10364},\"mobile\":{\"file\":\"SHF_eb00247406-720x569.jpg\",\"width\":720,\"height\":569,\"mime-type\":\"image\\\/jpeg\",\"filesize\":14360},\"hd\":{\"file\":\"SHF_eb00247406-1280x1012.jpg\",\"width\":1280,\"height\":1012,\"mime-type\":\"image\\\/jpeg\",\"filesize\":36191},\"full\":{\"file\":\"SHF_eb00247406-1920x1517.jpg\",\"width\":1920,\"height\":1517,\"mime-type\":\"image\\\/jpeg\",\"filesize\":70785},\"xxl\":{\"file\":\"SHF_eb00247406-4048x3199.jpg\",\"width\":4048,\"height\":3199,\"mime-type\":\"image\\\/jpeg\",\"filesize\":261853},\"1536x1536\":{\"file\":\"SHF_eb00247406-1536x1214.jpg\",\"width\":1536,\"height\":1214,\"mime-type\":\"image\\\/jpeg\",\"filesize\":48420},\"2048x2048\":{\"file\":\"SHF_eb00247406-2048x1618.jpg\",\"width\":2048,\"height\":1618,\"mime-type\":\"image\\\/jpeg\",\"filesize\":79878},\"original\":{\"file\":\"SHF_eb00247406.jpg\",\"width\":5102,\"height\":4032}},\n\t\t\t\t\"alt\" : \"Buchcover von L\\u00e9onora Miano \\\"Damen auf dem Thron\\\" im pastellfarbenen Design mit Titel und Autorennamen.\",\n\t\t\t\t\"path\" : \"\\\/wp-content\\\/uploads\\\/2025\\\/06\\\/\",\n\t\t\t\t\"video\" : null,\n\t\t\t\t\"autoplay\" : null,\n\t\t\t\t\"youtube\" : null,\n\t\t\t\t\"youtubelabel\" : \"Video abspielen\",\n\t\t\t\t\"brightness\" : 100,\n\t\t\t\t\"crop\" : null,\n\t\t\t\t\"background\" : true,\n\t\t\t\t\"scale\" : 1\t\t\t\t}\n\t\t\t<\/script>\n\n\t\t\t<div class=\"height-container\" style=\"padding-bottom:79.027832222658%;\" v-if=\"sizes\">\n\t\t\t\t\t\t\t\t<lazy-media :inline=\"true\" :alt=\"alt\" :sizes=\"sizes\" :scale=\"scale\" :brightness=\"brightness\" :path=\"path\" :video=\"video\" :autoplay=\"autoplay\" :youtube=\"youtube\" :crop=\"crop\" :youtubelabel=\"youtubelabel\" :background=\"background\" media-id=\"desc_media_69f402ba80951\"><\/lazy-media>\n\t\t\t\t\t\t\t<\/div>\n\n\t\t\t\t\t\t\t<figcaption class=\"sr-only\" ref=\"body\" id=\"desc_media_69f402ba80951\">\n\t\t\t\t\t\t\t\t\t\t\t\t\t\t\t\t<div>L&eacute;onora Miano: Damen auf dem Thron &#8211; Objekte widersprechen. Deutsche Ausgabe <\/div>\n\t\t\t\t\t\t\t\t\t\t\t\t\t\t\t\t<div class=\"insignificant\">\u00a9 2025 DIAPHANES<\/div>\n\t\t\t\t\t\t\t\t\t<\/figcaption>\n\t\t\t\t\t<\/figure>\n\t<\/lazy-media-inline>\n\t\t\t\t<\/div>\n\t\t\t<\/div>\n\t\t\t<div class=\"col-xs-12 teaser-event-text Infos\">\n\t\t\t\t<div class=\"teaser-event-standard-text\">\n\t\t\t\t\t<div class=\"margin-bottom-atom\">\n\t\t\t\t\t\t<div class=\"subline clamp-1\" v-html=\"maingenre\"><\/div>\n\t\t\t\t\t\t\t\t\t\t\t\t\t<div class=\"insignificant clamp-2\">Objekte widersprechen<\/div>\n\t\t\t\t\t\t\t\t\t\t\t<\/div>\n\t\t\t\t\n\t\t\t\t\t<strong class=\"margin-bottom-atom\">L\u00e9onora Miano: Damen auf dem Thron<\/strong>\n\n\t\t\t\t\t\t\t\t\t\t\t<div class=\"\">Aus dem Franz\u00f6sischen von Claudia Hamm. Mit einem Vorwort von Priya Basil<\/div>\n\t\t\t\t\t\t\t\t\t<\/div>\n\t\t\t\t<div class=\"teaser-bottom border-bottom\">\n\t\t\t\t<calendardateline :rawitem='item' :show-icon=\"true\"><\/calendardateline>\n\t\t\t\t\t<hr>\n\t\t\t\t<\/div>\n\t\t\t<\/div>\n\t\t<\/div>\n\t<\/a>\n\t<\/calendarteaser>\n<\/li>\n\n\t\t\t\t\t\t<\/ul>\n\t\t\t\t\t<\/div>\n\t\t\t\t<\/div>\n\t\t\t<\/teaser-lane-with-buttons>\n\t\t\t\t<\/lazy-component>\n<\/section>\n\n\n\n<section class=\"block block-teaser col-lane33 \" style=\"\">\n\t<lazy-component :fixed-min-height=\"400\">\n\t\n\t\t\t\t\t<teaser-lane-with-buttons inline-template tracking-label=\"vergangene Veranstaltungen\">\n\t\t\t\t<div class=\"teaser-lane-with-buttons\">\n\t\t\t\t\t<div class=\"container-fluid\">\n\t\t\t\t\t\t<div class=\"row bottom-xs\">\n\t\t\t\t\t\t\t<div class=\"col-xs-12 col-md-8\">\n\t\t\t\t\t\t\t\t\t\t\t\t\t\t\t\t\t<h4>vergangene Veranstaltungen<\/h4>\t\t\t\t\t\t\t\t\t\t\t\t\t\t\t\t\t\t\t\t\t\t\t\t<\/div>\n\t\t\t\t\t\t\t<div class=\"col-xs-12 col-md-4 start-xs end-md margin-bottom-sixth teaser-lane-buttons-wrapper teaser-lane-buttons-wrapper-with-tax\">\n\t\t\t\t\t\t\t\t<a href=\"https:\/\/www.humboldtforum.org\/de\/programm\/?belongsto=58619&#038;archive=1\" class=\"normalcase small noborder\" role=\"button\">Alle anzeigen (8)<\/a>\t\t\t\t\t\t\t\t<teaser-lane-buttons :visible_prev=\"visible_prev\" :visible_next=\"visible_next\" @prev=\"prev\" @next=\"next\"><\/teaser-lane-buttons>\n\t\t\t\t\t\t\t<\/div>\n\t\t\t\t\t\t<\/div>\n\t\t\t\t\t<\/div>\n\t\t\t\t\t<div class=\"teaser-lane-wrapper\">\n\t\t\t\t\t\t<ul class=\"teaser-lane\">\n\t\t\t\t\t\t\t\t\t\t\t\t\t\t<li class=\"teaser-lane-slide col-xs-9 col-sm-4 col-md-4 teaser-wrapper col-padding-remove\">\n\t<calendarteaser key=\"15868911546\" rawitem='{&quot;postId&quot;:158689,&quot;title&quot;:&quot;Dort wo keine T\\u00fcr ist&quot;,&quot;excerpt&quot;:&quot;&quot;,&quot;slug&quot;:&quot;dort-wo-keine-tuer-ist&quot;,&quot;post_date&quot;:&quot;2026-01-29T10:39&quot;,&quot;type&quot;:&quot;event&quot;,&quot;permalink&quot;:&quot;https:\\\/\\\/www.humboldtforum.org\\\/de\\\/programm\\\/termin\\\/literatur\\\/dort-wo-keine-tuer-ist-158689\\\/&quot;,&quot;genre&quot;:[423],&quot;genre_details&quot;:[{&quot;text&quot;:&quot;Literatur&quot;,&quot;id&quot;:423,&quot;icon&quot;:null,&quot;parent&quot;:0}],&quot;stakeholder&quot;:[382],&quot;stakeholder_details&quot;:[{&quot;text&quot;:&quot;Stiftung Humboldt Forum im Berliner Schloss&quot;,&quot;id&quot;:382,&quot;icon&quot;:null,&quot;parent&quot;:0}],&quot;language&quot;:[385],&quot;language_details&quot;:[{&quot;text&quot;:&quot;Englisch&quot;,&quot;id&quot;:385,&quot;icon&quot;:null,&quot;parent&quot;:0}],&quot;place&quot;:[1558],&quot;place_details&quot;:{&quot;place&quot;:&quot;Mechanische Arena im Foyer&quot;,&quot;map&quot;:&quot;Humboldt Forum, Schlossplatz, Berlin&quot;,&quot;room&quot;:&quot;&quot;},&quot;icon_overwrite&quot;:&quot;&quot;,&quot;acf&quot;:{&quot;noindex&quot;:false,&quot;keywords&quot;:&quot;&quot;,&quot;hashtag&quot;:&quot;HumboldtForum&quot;,&quot;belongsto&quot;:[58619],&quot;shorturl&quot;:&quot;&quot;,&quot;times&quot;:[],&quot;planning&quot;:{&quot;price&quot;:&quot;12 EUR \\\/ erm\\u00e4\\u00dfigt 6 EUR&quot;,&quot;admission&quot;:&quot;&quot;,&quot;pause&quot;:&quot;&quot;,&quot;duration&quot;:&quot;&quot;},&quot;subline&quot;:&quot;Ein Gespr\\u00e4ch mit Logan February&quot;,&quot;additional_info&quot;:{&quot;icon&quot;:&quot;0&quot;,&quot;text&quot;:&quot;&quot;},&quot;highlight_header&quot;:false,&quot;use_video_in_teasers&quot;:false,&quot;hyphenation&quot;:true,&quot;tipp&quot;:false,&quot;joker&quot;:false,&quot;live&quot;:false,&quot;hide_event_in_program&quot;:false,&quot;gomus_id&quot;:&quot;&quot;,&quot;featured_images&quot;:[158104],&quot;hm_id&quot;:&quot;&quot;},&quot;date&quot;:{&quot;NX&quot;:null,&quot;NXX&quot;:null,&quot;NLAST&quot;:&quot;202604231500&quot;,&quot;from_DATE&quot;:&quot;20260423 19:00&quot;,&quot;from&quot;:1776956400,&quot;to&quot;:1776956400,&quot;to_DATE&quot;:&quot;20260423 19:00&quot;,&quot;from_HRFSHORT&quot;:&quot;23. Apr 2026&quot;,&quot;from_HRFSHORT_WD&quot;:&quot;Do 23.04.2026&quot;,&quot;to_HRFSHORT&quot;:&quot;23. Apr 2026&quot;,&quot;to_HRFSHORT_WD&quot;:&quot;Do 23.04.2026&quot;,&quot;from_HRF&quot;:&quot;Do, 23. April 2026&quot;,&quot;to_HRF&quot;:&quot;Do, 23. April 2026&quot;,&quot;from_to_HRF&quot;:&quot;Do, 23. April \\u2013 Do, 23. April 2026&quot;,&quot;from_to_HRFSHORT&quot;:&quot;23. Apr \\u2013 23. Apr 2026&quot;},&quot;alert&quot;:null,&quot;partof&quot;:[&quot;58619&quot;],&quot;marketing_topic&quot;:{&quot;title&quot;:&quot;Objekte widersprechen&quot;,&quot;ID&quot;:&quot;58619&quot;,&quot;reason&quot;:&quot;sequence&quot;}}' inline-template>\n\t<a href=\"https:\/\/www.humboldtforum.org\/de\/programm\/termin\/literatur\/dort-wo-keine-tuer-ist-158689\/\" class=\"teaser teaser-event teaser-event-standard\">\n\t\t<div class=\"row\">\n\t\t\t<div class=\"col-xs-12 teaser-event-image\">\n\t\t\t\t<div class=\"teaser-image teaser-image-no-alternate\">\n\t\t\t\t\t\t\t\t\t\t\t\n\t<lazy-media-inline inline-template>\n\t\t<figure itemscope itemtype=\"http:\/\/schema.org\/ImageObject\" class=\"lazy-media-inline \" role=\"group\" id=\"media_69f402bb98743\" aria-labelledby=\"desc_media_69f402bb98743\">\n\t\t\t<script type=\"application\/json\" ref=\"data\">\n\t\t\t\t{\n\t\t\t\t\"sizes\" : {\"medium\":{\"file\":\"SHF_eb00258825-300x200.jpg\",\"width\":300,\"height\":200,\"mime-type\":\"image\\\/jpeg\",\"filesize\":7817},\"large\":{\"file\":\"SHF_eb00258825-1024x683.jpg\",\"width\":1024,\"height\":683,\"mime-type\":\"image\\\/jpeg\",\"filesize\":49989},\"thumbnail\":{\"file\":\"SHF_eb00258825-150x150.jpg\",\"width\":150,\"height\":150,\"mime-type\":\"image\\\/jpeg\",\"filesize\":4707},\"medium_large\":{\"file\":\"SHF_eb00258825-768x512.jpg\",\"width\":768,\"height\":512,\"mime-type\":\"image\\\/jpeg\",\"filesize\":31363},\"small\":{\"file\":\"SHF_eb00258825-440x293.jpg\",\"width\":440,\"height\":293,\"mime-type\":\"image\\\/jpeg\",\"filesize\":13502},\"semi\":{\"file\":\"SHF_eb00258825-580x387.jpg\",\"width\":580,\"height\":387,\"mime-type\":\"image\\\/jpeg\",\"filesize\":20529},\"mobile\":{\"file\":\"SHF_eb00258825-720x480.jpg\",\"width\":720,\"height\":480,\"mime-type\":\"image\\\/jpeg\",\"filesize\":28344},\"hd\":{\"file\":\"SHF_eb00258825-1280x853.jpg\",\"width\":1280,\"height\":853,\"mime-type\":\"image\\\/jpeg\",\"filesize\":73516},\"full\":{\"file\":\"SHF_eb00258825-1920x1280.jpg\",\"width\":1920,\"height\":1280,\"mime-type\":\"image\\\/jpeg\",\"filesize\":162857},\"xxl\":{\"file\":\"SHF_eb00258825-4048x2699.jpg\",\"width\":4048,\"height\":2699,\"mime-type\":\"image\\\/jpeg\",\"filesize\":887988},\"1536x1536\":{\"file\":\"SHF_eb00258825-1536x1024.jpg\",\"width\":1536,\"height\":1024,\"mime-type\":\"image\\\/jpeg\",\"filesize\":103339},\"2048x2048\":{\"file\":\"SHF_eb00258825-2048x1365.jpg\",\"width\":2048,\"height\":1365,\"mime-type\":\"image\\\/jpeg\",\"filesize\":187114},\"original\":{\"file\":\"SHF_eb00258825.jpg\",\"width\":6000,\"height\":4000}},\n\t\t\t\t\"alt\" : \"\",\n\t\t\t\t\"path\" : \"\\\/wp-content\\\/uploads\\\/2026\\\/01\\\/\",\n\t\t\t\t\"video\" : null,\n\t\t\t\t\"autoplay\" : null,\n\t\t\t\t\"youtube\" : null,\n\t\t\t\t\"youtubelabel\" : \"Video abspielen\",\n\t\t\t\t\"brightness\" : 100,\n\t\t\t\t\"crop\" : {\"top\":\"18.40\",\"left\":\"45.50\"},\n\t\t\t\t\"background\" : true,\n\t\t\t\t\"scale\" : 2\t\t\t\t}\n\t\t\t<\/script>\n\n\t\t\t<div class=\"height-container\" style=\"padding-bottom:66.666666666667%;\" v-if=\"sizes\">\n\t\t\t\t\t\t\t\t<lazy-media :inline=\"true\" :alt=\"alt\" :sizes=\"sizes\" :scale=\"scale\" :brightness=\"brightness\" :path=\"path\" :video=\"video\" :autoplay=\"autoplay\" :youtube=\"youtube\" :crop=\"crop\" :youtubelabel=\"youtubelabel\" :background=\"background\" media-id=\"desc_media_69f402bb98743\"><\/lazy-media>\n\t\t\t\t\t\t\t<\/div>\n\n\t\t\t\t\t\t\t<figcaption class=\"sr-only\" ref=\"body\" id=\"desc_media_69f402bb98743\">\n\t\t\t\t\t\t\t\t\t\t\t\t\t\t\t\t<div>Logan February bei einem Gespr&auml;ch in der mechanischen Arena bei der Transkontinentale 2025 <\/div>\n\t\t\t\t\t\t\t\t\t\t\t\t\t\t\t\t<div class=\"insignificant\">\u00a9 Stiftung Humboldt Forum im Berliner Schloss, Foto: Stefanie Loos<\/div>\n\t\t\t\t\t\t\t\t\t<\/figcaption>\n\t\t\t\t\t<\/figure>\n\t<\/lazy-media-inline>\n\t\t\t\t<\/div>\n\t\t\t<\/div>\n\t\t\t<div class=\"col-xs-12 teaser-event-text Infos\">\n\t\t\t\t<div class=\"teaser-event-standard-text\">\n\t\t\t\t\t<div class=\"margin-bottom-atom\">\n\t\t\t\t\t\t<div class=\"subline clamp-1\" v-html=\"maingenre\"><\/div>\n\t\t\t\t\t\t\t\t\t\t\t\t\t<div class=\"insignificant clamp-2\">Objekte widersprechen<\/div>\n\t\t\t\t\t\t\t\t\t\t\t<\/div>\n\t\t\t\t\n\t\t\t\t\t<strong class=\"margin-bottom-atom\">Dort wo keine T\u00fcr ist<\/strong>\n\n\t\t\t\t\t\t\t\t\t\t\t<div class=\"\">Ein Gespr\u00e4ch mit Logan February<\/div>\n\t\t\t\t\t\t\t\t\t<\/div>\n\t\t\t\t<div class=\"teaser-bottom border-bottom\">\n\t\t\t\t<calendardateline :rawitem='item' :show-icon=\"true\"><\/calendardateline>\n\t\t\t\t\t<hr>\n\t\t\t\t<\/div>\n\t\t\t<\/div>\n\t\t<\/div>\n\t<\/a>\n\t<\/calendarteaser>\n<\/li>\n\n<li class=\"teaser-lane-slide col-xs-9 col-sm-4 col-md-4 teaser-wrapper col-padding-remove\">\n\t<calendarteaser key=\"14720919346\" rawitem='{&quot;postId&quot;:147209,&quot;title&quot;:&quot;Schwebende Gew\\u00e4sser&quot;,&quot;excerpt&quot;:&quot;&quot;,&quot;slug&quot;:&quot;die-entfesselung-der-welt&quot;,&quot;post_date&quot;:&quot;2025-05-30T11:43&quot;,&quot;type&quot;:&quot;event&quot;,&quot;permalink&quot;:&quot;https:\\\/\\\/www.humboldtforum.org\\\/de\\\/programm\\\/termin\\\/literatur\\\/die-entfesselung-der-welt-147209\\\/&quot;,&quot;genre&quot;:[423],&quot;genre_details&quot;:[{&quot;text&quot;:&quot;Literatur&quot;,&quot;id&quot;:423,&quot;icon&quot;:null,&quot;parent&quot;:0}],&quot;stakeholder&quot;:[382],&quot;stakeholder_details&quot;:[{&quot;text&quot;:&quot;Stiftung Humboldt Forum im Berliner Schloss&quot;,&quot;id&quot;:382,&quot;icon&quot;:null,&quot;parent&quot;:0}],&quot;targetgroup&quot;:[383,455],&quot;targetgroup_details&quot;:[{&quot;text&quot;:&quot;Erwachsene&quot;,&quot;id&quot;:383,&quot;icon&quot;:null,&quot;parent&quot;:0},{&quot;text&quot;:&quot;Jugendliche&quot;,&quot;id&quot;:455,&quot;icon&quot;:null,&quot;parent&quot;:0}],&quot;place&quot;:[1558],&quot;place_details&quot;:{&quot;place&quot;:&quot;Mechanische Arena im Foyer&quot;,&quot;map&quot;:&quot;Humboldt Forum, Schlossplatz, Berlin&quot;,&quot;room&quot;:&quot;&quot;},&quot;icon_overwrite&quot;:&quot;&quot;,&quot;acf&quot;:{&quot;noindex&quot;:false,&quot;keywords&quot;:&quot;&quot;,&quot;hashtag&quot;:&quot;HumboldtForum&quot;,&quot;belongsto&quot;:[58619],&quot;shorturl&quot;:&quot;&quot;,&quot;times&quot;:[],&quot;planning&quot;:{&quot;price&quot;:&quot;12 EUR, erm\\u00e4\\u00dfigt 6 EUR&quot;,&quot;admission&quot;:&quot;&quot;,&quot;pause&quot;:&quot;&quot;,&quot;duration&quot;:&quot;&quot;},&quot;additional_info&quot;:{&quot;icon&quot;:&quot;icon-sprachen&quot;,&quot;text&quot;:&quot;Englisch mit Simultan\\u00fcbersetzung ins Spanische und Deutsche&quot;},&quot;highlight_header&quot;:false,&quot;use_video_in_teasers&quot;:false,&quot;hyphenation&quot;:true,&quot;tipp&quot;:false,&quot;joker&quot;:false,&quot;live&quot;:false,&quot;hide_event_in_program&quot;:false,&quot;gomus_id&quot;:&quot;&quot;,&quot;hm_id&quot;:&quot;&quot;,&quot;featured_images&quot;:[161277],&quot;subline&quot;:&quot;von Eliana Hern\\u00e1ndez-Pach\\u00f3n und den Musikerinnen Berenice Llorens und Marina Cyrino&quot;,&quot;tickettext&quot;:&quot;Bitte buchen Sie Ihr Ticket vorab online oder an der Kasse im Foyer. &quot;},&quot;date&quot;:{&quot;NX&quot;:null,&quot;NXX&quot;:null,&quot;NLAST&quot;:&quot;202509181500&quot;,&quot;from_DATE&quot;:&quot;20250918 19:00&quot;,&quot;from&quot;:1758207600,&quot;to&quot;:1758207600,&quot;to_DATE&quot;:&quot;20250918 19:00&quot;,&quot;from_HRFSHORT&quot;:&quot;18. Sep 2025&quot;,&quot;from_HRFSHORT_WD&quot;:&quot;Do 18.09.2025&quot;,&quot;to_HRFSHORT&quot;:&quot;18. Sep 2025&quot;,&quot;to_HRFSHORT_WD&quot;:&quot;Do 18.09.2025&quot;,&quot;from_HRF&quot;:&quot;Do, 18. September 2025&quot;,&quot;to_HRF&quot;:&quot;Do, 18. September 2025&quot;,&quot;from_to_HRF&quot;:&quot;Do, 18. September \\u2013 Do, 18. September 2025&quot;,&quot;from_to_HRFSHORT&quot;:&quot;18. Sep \\u2013 18. Sep 2025&quot;},&quot;alert&quot;:null,&quot;partof&quot;:[&quot;58619&quot;],&quot;marketing_topic&quot;:{&quot;title&quot;:&quot;Objekte widersprechen&quot;,&quot;ID&quot;:&quot;58619&quot;,&quot;reason&quot;:&quot;sequence&quot;}}' inline-template>\n\t<a href=\"https:\/\/www.humboldtforum.org\/de\/programm\/termin\/literatur\/die-entfesselung-der-welt-147209\/\" class=\"teaser teaser-event teaser-event-standard\">\n\t\t<div class=\"row\">\n\t\t\t<div class=\"col-xs-12 teaser-event-image\">\n\t\t\t\t<div class=\"teaser-image teaser-image-no-alternate\">\n\t\t\t\t\t\t\t\t\t\t\t\n\t<lazy-media-inline inline-template>\n\t\t<figure itemscope itemtype=\"http:\/\/schema.org\/ImageObject\" class=\"lazy-media-inline \" role=\"group\" id=\"media_69f402bb9a6e9\" aria-labelledby=\"desc_media_69f402bb9a6e9\">\n\t\t\t<script type=\"application\/json\" ref=\"data\">\n\t\t\t\t{\n\t\t\t\t\"sizes\" : {\"medium\":{\"file\":\"SHF_eb00247604-1-293x300.jpg\",\"width\":293,\"height\":300,\"mime-type\":\"image\\\/jpeg\",\"filesize\":10463},\"thumbnail\":{\"file\":\"SHF_eb00247604-1-150x150.jpg\",\"width\":150,\"height\":150,\"mime-type\":\"image\\\/jpeg\",\"filesize\":4060},\"small\":{\"file\":\"SHF_eb00247604-1-430x440.jpg\",\"width\":430,\"height\":440,\"mime-type\":\"image\\\/jpeg\",\"filesize\":18598},\"semi\":{\"file\":\"SHF_eb00247604-1-567x580.jpg\",\"width\":567,\"height\":580,\"mime-type\":\"image\\\/jpeg\",\"filesize\":28085},\"original\":{\"file\":\"SHF_eb00247604-1.jpg\",\"width\":667,\"height\":682}},\n\t\t\t\t\"alt\" : \"Portr\\u00e4t einer Frau mit langen Haaren, die in Schwarz-Wei\\u00df selbstbewusst mit gekreuzten Armen posiert.\",\n\t\t\t\t\"path\" : \"\\\/wp-content\\\/uploads\\\/2025\\\/05\\\/\",\n\t\t\t\t\"video\" : null,\n\t\t\t\t\"autoplay\" : null,\n\t\t\t\t\"youtube\" : null,\n\t\t\t\t\"youtubelabel\" : \"Video abspielen\",\n\t\t\t\t\"brightness\" : 100,\n\t\t\t\t\"crop\" : {\"top\":\"27.28\",\"left\":\"49.82\"},\n\t\t\t\t\"background\" : true,\n\t\t\t\t\"scale\" : 2\t\t\t\t}\n\t\t\t<\/script>\n\n\t\t\t<div class=\"height-container\" style=\"padding-bottom:102.24887556222%;\" v-if=\"sizes\">\n\t\t\t\t\t\t\t\t<lazy-media :inline=\"true\" :alt=\"alt\" :sizes=\"sizes\" :scale=\"scale\" :brightness=\"brightness\" :path=\"path\" :video=\"video\" :autoplay=\"autoplay\" :youtube=\"youtube\" :crop=\"crop\" :youtubelabel=\"youtubelabel\" :background=\"background\" media-id=\"desc_media_69f402bb9a6e9\"><\/lazy-media>\n\t\t\t\t\t\t\t<\/div>\n\n\t\t\t\t\t\t\t<figcaption class=\"sr-only\" ref=\"body\" id=\"desc_media_69f402bb9a6e9\">\n\t\t\t\t\t\t\t\t\t\t\t\t\t\t\t\t<div>Die kolumbianische Autorin Eliana Hern&aacute;ndez Pach&oacute;n <\/div>\n\t\t\t\t\t\t\t\t\t\t\t\t\t\t\t\t<div class=\"insignificant\">\u00a9 Dirk Skiba<\/div>\n\t\t\t\t\t\t\t\t\t<\/figcaption>\n\t\t\t\t\t<\/figure>\n\t<\/lazy-media-inline>\n\t\t\t\t<\/div>\n\t\t\t<\/div>\n\t\t\t<div class=\"col-xs-12 teaser-event-text Infos\">\n\t\t\t\t<div class=\"teaser-event-standard-text\">\n\t\t\t\t\t<div class=\"margin-bottom-atom\">\n\t\t\t\t\t\t<div class=\"subline clamp-1\" v-html=\"maingenre\"><\/div>\n\t\t\t\t\t\t\t\t\t\t\t\t\t<div class=\"insignificant clamp-2\">Objekte widersprechen<\/div>\n\t\t\t\t\t\t\t\t\t\t\t<\/div>\n\t\t\t\t\n\t\t\t\t\t<strong class=\"margin-bottom-atom\">Schwebende Gew\u00e4sser<\/strong>\n\n\t\t\t\t\t\t\t\t\t\t\t<div class=\"\">von Eliana Hern\u00e1ndez-Pach\u00f3n und den Musikerinnen Berenice Llorens und Marina Cyrino<\/div>\n\t\t\t\t\t\t\t\t\t<\/div>\n\t\t\t\t<div class=\"teaser-bottom border-bottom\">\n\t\t\t\t<calendardateline :rawitem='item' :show-icon=\"true\"><\/calendardateline>\n\t\t\t\t\t<hr>\n\t\t\t\t<\/div>\n\t\t\t<\/div>\n\t\t<\/div>\n\t<\/a>\n\t<\/calendarteaser>\n<\/li>\n\n<li class=\"teaser-lane-slide col-xs-9 col-sm-4 col-md-4 teaser-wrapper col-padding-remove\">\n\t<calendarteaser key=\"1449471842\" rawitem='{&quot;postId&quot;:144947,&quot;title&quot;:&quot;Scharf wie eine Geschichte&quot;,&quot;excerpt&quot;:&quot;&quot;,&quot;slug&quot;:&quot;scharf-wie-eine-geschichte&quot;,&quot;post_date&quot;:&quot;2025-03-27T15:47&quot;,&quot;type&quot;:&quot;event&quot;,&quot;permalink&quot;:&quot;https:\\\/\\\/www.humboldtforum.org\\\/de\\\/programm\\\/termin\\\/literatur\\\/scharf-wie-eine-geschichte-144947\\\/&quot;,&quot;genre&quot;:[423],&quot;genre_details&quot;:[{&quot;text&quot;:&quot;Literatur&quot;,&quot;id&quot;:423,&quot;icon&quot;:null,&quot;parent&quot;:0}],&quot;stakeholder&quot;:[382],&quot;stakeholder_details&quot;:[{&quot;text&quot;:&quot;Stiftung Humboldt Forum im Berliner Schloss&quot;,&quot;id&quot;:382,&quot;icon&quot;:null,&quot;parent&quot;:0}],&quot;place&quot;:[1558],&quot;place_details&quot;:{&quot;place&quot;:&quot;Mechanische Arena im Foyer&quot;,&quot;map&quot;:&quot;Humboldt Forum, Schlossplatz, Berlin&quot;,&quot;room&quot;:&quot;&quot;},&quot;icon_overwrite&quot;:&quot;&quot;,&quot;acf&quot;:{&quot;noindex&quot;:false,&quot;keywords&quot;:&quot;&quot;,&quot;hashtag&quot;:&quot;HumboldtForum&quot;,&quot;belongsto&quot;:[58619],&quot;shorturl&quot;:&quot;&quot;,&quot;times&quot;:[],&quot;planning&quot;:{&quot;price&quot;:&quot;12 EUR, erm\\u00e4\\u00dfigt 6 EUR&quot;,&quot;admission&quot;:&quot;&quot;,&quot;pause&quot;:&quot;&quot;,&quot;duration&quot;:&quot;&quot;},&quot;subline&quot;:&quot; Gespr\\u00e4ch mit Cristina Rivera Garza &quot;,&quot;additional_info&quot;:{&quot;icon&quot;:&quot;icon-sprachen&quot;,&quot;text&quot;:&quot;Englisch, Simultan\\u00fcbersetzung Spanisch, Franz\\u00f6sisch&quot;},&quot;highlight_header&quot;:false,&quot;featured_images&quot;:[161284],&quot;use_video_in_teasers&quot;:false,&quot;hyphenation&quot;:true,&quot;tipp&quot;:false,&quot;joker&quot;:false,&quot;live&quot;:false,&quot;hide_event_in_program&quot;:false,&quot;gomus_id&quot;:&quot;&quot;,&quot;hm_id&quot;:&quot;&quot;},&quot;date&quot;:{&quot;NX&quot;:null,&quot;NXX&quot;:null,&quot;NLAST&quot;:&quot;202506191500&quot;,&quot;from_DATE&quot;:&quot;20250619 19:00&quot;,&quot;from&quot;:1750345200,&quot;to&quot;:1750345200,&quot;to_DATE&quot;:&quot;20250619 19:00&quot;,&quot;from_HRFSHORT&quot;:&quot;19. Jun 2025&quot;,&quot;from_HRFSHORT_WD&quot;:&quot;Do 19.06.2025&quot;,&quot;to_HRFSHORT&quot;:&quot;19. Jun 2025&quot;,&quot;to_HRFSHORT_WD&quot;:&quot;Do 19.06.2025&quot;,&quot;from_HRF&quot;:&quot;Do, 19. Juni 2025&quot;,&quot;to_HRF&quot;:&quot;Do, 19. Juni 2025&quot;,&quot;from_to_HRF&quot;:&quot;Do, 19. Juni \\u2013 Do, 19. Juni 2025&quot;,&quot;from_to_HRFSHORT&quot;:&quot;19. Jun \\u2013 19. Jun 2025&quot;},&quot;alert&quot;:null,&quot;partof&quot;:[&quot;58619&quot;],&quot;marketing_topic&quot;:{&quot;title&quot;:&quot;Objekte widersprechen&quot;,&quot;ID&quot;:&quot;58619&quot;,&quot;reason&quot;:&quot;sequence&quot;}}' inline-template>\n\t<a href=\"https:\/\/www.humboldtforum.org\/de\/programm\/termin\/literatur\/scharf-wie-eine-geschichte-144947\/\" class=\"teaser teaser-event teaser-event-standard\">\n\t\t<div class=\"row\">\n\t\t\t<div class=\"col-xs-12 teaser-event-image\">\n\t\t\t\t<div class=\"teaser-image teaser-image-no-alternate\">\n\t\t\t\t\t\t\t\t\t\t\t\n\t<lazy-media-inline inline-template>\n\t\t<figure itemscope itemtype=\"http:\/\/schema.org\/ImageObject\" class=\"lazy-media-inline \" role=\"group\" id=\"media_69f402bb9c8bd\" aria-labelledby=\"desc_media_69f402bb9c8bd\">\n\t\t\t<script type=\"application\/json\" ref=\"data\">\n\t\t\t\t{\n\t\t\t\t\"sizes\" : {\"medium\":{\"file\":\"SHF_eb00244600-2-300x164.jpg\",\"width\":300,\"height\":164,\"mime-type\":\"image\\\/jpeg\",\"filesize\":6897},\"large\":{\"file\":\"SHF_eb00244600-2-1024x561.jpg\",\"width\":1024,\"height\":561,\"mime-type\":\"image\\\/jpeg\",\"filesize\":61764},\"thumbnail\":{\"file\":\"SHF_eb00244600-2-150x150.jpg\",\"width\":150,\"height\":150,\"mime-type\":\"image\\\/jpeg\",\"filesize\":5183},\"medium_large\":{\"file\":\"SHF_eb00244600-2-768x420.jpg\",\"width\":768,\"height\":420,\"mime-type\":\"image\\\/jpeg\",\"filesize\":34668},\"small\":{\"file\":\"SHF_eb00244600-2-440x241.jpg\",\"width\":440,\"height\":241,\"mime-type\":\"image\\\/jpeg\",\"filesize\":12824},\"semi\":{\"file\":\"SHF_eb00244600-2-580x317.jpg\",\"width\":580,\"height\":317,\"mime-type\":\"image\\\/jpeg\",\"filesize\":20466},\"mobile\":{\"file\":\"SHF_eb00244600-2-720x394.jpg\",\"width\":720,\"height\":394,\"mime-type\":\"image\\\/jpeg\",\"filesize\":30363},\"hd\":{\"file\":\"SHF_eb00244600-2-1280x701.jpg\",\"width\":1280,\"height\":701,\"mime-type\":\"image\\\/jpeg\",\"filesize\":98884},\"1536x1536\":{\"file\":\"SHF_eb00244600-2-1536x841.jpg\",\"width\":1536,\"height\":841,\"mime-type\":\"image\\\/jpeg\",\"filesize\":147375},\"original\":{\"file\":\"SHF_eb00244600-2.jpg\",\"width\":1551,\"height\":849}},\n\t\t\t\t\"alt\" : \"\",\n\t\t\t\t\"path\" : \"\\\/wp-content\\\/uploads\\\/2025\\\/03\\\/\",\n\t\t\t\t\"video\" : null,\n\t\t\t\t\"autoplay\" : null,\n\t\t\t\t\"youtube\" : null,\n\t\t\t\t\"youtubelabel\" : \"Video abspielen\",\n\t\t\t\t\"brightness\" : 100,\n\t\t\t\t\"crop\" : null,\n\t\t\t\t\"background\" : true,\n\t\t\t\t\"scale\" : 2\t\t\t\t}\n\t\t\t<\/script>\n\n\t\t\t<div class=\"height-container\" style=\"padding-bottom:54.738878143133%;\" v-if=\"sizes\">\n\t\t\t\t\t\t\t\t<lazy-media :inline=\"true\" :alt=\"alt\" :sizes=\"sizes\" :scale=\"scale\" :brightness=\"brightness\" :path=\"path\" :video=\"video\" :autoplay=\"autoplay\" :youtube=\"youtube\" :crop=\"crop\" :youtubelabel=\"youtubelabel\" :background=\"background\" media-id=\"desc_media_69f402bb9c8bd\"><\/lazy-media>\n\t\t\t\t\t\t\t<\/div>\n\n\t\t\t\t\t\t\t<figcaption class=\"sr-only\" ref=\"body\" id=\"desc_media_69f402bb9c8bd\">\n\t\t\t\t\t\t\t\t\t\t\t\t\t\t\t\t<div>Die mexikanische Historikerin und Schriftstellerin Cristina Rivera Garza <\/div>\n\t\t\t\t\t\t\t\t\t\t\t\t\t\t\t\t<div class=\"insignificant\">\u00a9 Annette Hornischer<\/div>\n\t\t\t\t\t\t\t\t\t<\/figcaption>\n\t\t\t\t\t<\/figure>\n\t<\/lazy-media-inline>\n\t\t\t\t<\/div>\n\t\t\t<\/div>\n\t\t\t<div class=\"col-xs-12 teaser-event-text Infos\">\n\t\t\t\t<div class=\"teaser-event-standard-text\">\n\t\t\t\t\t<div class=\"margin-bottom-atom\">\n\t\t\t\t\t\t<div class=\"subline clamp-1\" v-html=\"maingenre\"><\/div>\n\t\t\t\t\t\t\t\t\t\t\t\t\t<div class=\"insignificant clamp-2\">Objekte widersprechen<\/div>\n\t\t\t\t\t\t\t\t\t\t\t<\/div>\n\t\t\t\t\n\t\t\t\t\t<strong class=\"margin-bottom-atom\">Scharf wie eine Geschichte<\/strong>\n\n\t\t\t\t\t\t\t\t\t\t\t<div class=\"\"> Gespr\u00e4ch mit Cristina Rivera Garza <\/div>\n\t\t\t\t\t\t\t\t\t<\/div>\n\t\t\t\t<div class=\"teaser-bottom border-bottom\">\n\t\t\t\t<calendardateline :rawitem='item' :show-icon=\"true\"><\/calendardateline>\n\t\t\t\t\t<hr>\n\t\t\t\t<\/div>\n\t\t\t<\/div>\n\t\t<\/div>\n\t<\/a>\n\t<\/calendarteaser>\n<\/li>\n\n<li class=\"teaser-lane-slide col-xs-9 col-sm-4 col-md-4 teaser-wrapper col-padding-remove\">\n\t<calendarteaser key=\"13639610537\" rawitem='{&quot;postId&quot;:136396,&quot;title&quot;:&quot;He Heru. Ein Kamm&quot;,&quot;excerpt&quot;:&quot;&quot;,&quot;slug&quot;:&quot;he-heru-ein-kamm&quot;,&quot;post_date&quot;:&quot;2024-09-12T15:07&quot;,&quot;type&quot;:&quot;event&quot;,&quot;permalink&quot;:&quot;https:\\\/\\\/www.humboldtforum.org\\\/de\\\/programm\\\/termin\\\/literatur\\\/he-heru-ein-kamm-136396\\\/&quot;,&quot;genre&quot;:[423],&quot;genre_details&quot;:[{&quot;text&quot;:&quot;Literatur&quot;,&quot;id&quot;:423,&quot;icon&quot;:null,&quot;parent&quot;:0}],&quot;stakeholder&quot;:[382],&quot;stakeholder_details&quot;:[{&quot;text&quot;:&quot;Stiftung Humboldt Forum im Berliner Schloss&quot;,&quot;id&quot;:382,&quot;icon&quot;:null,&quot;parent&quot;:0}],&quot;language&quot;:[385],&quot;language_details&quot;:[{&quot;text&quot;:&quot;Englisch&quot;,&quot;id&quot;:385,&quot;icon&quot;:null,&quot;parent&quot;:0}],&quot;place&quot;:[1558],&quot;place_details&quot;:{&quot;place&quot;:&quot;Mechanische Arena im Foyer&quot;,&quot;map&quot;:&quot;Humboldt Forum, Schlossplatz, Berlin&quot;,&quot;room&quot;:&quot;&quot;},&quot;icon_overwrite&quot;:&quot;&quot;,&quot;acf&quot;:{&quot;noindex&quot;:false,&quot;keywords&quot;:&quot;&quot;,&quot;hashtag&quot;:&quot;HumboldtForum&quot;,&quot;belongsto&quot;:[58619],&quot;shorturl&quot;:&quot;&quot;,&quot;times&quot;:[],&quot;planning&quot;:{&quot;price&quot;:&quot;8 EUR, erm\\u00e4\\u00dfigt 4 EUR&quot;,&quot;admission&quot;:&quot;&quot;,&quot;pause&quot;:&quot;&quot;,&quot;duration&quot;:&quot;150&quot;},&quot;subline&quot;:&quot;Ein Schmuckst\\u00fcck f\\u00fcr den heiligsten Teil des K\\u00f6rpers, von Whiti Hereaka &quot;,&quot;additional_info&quot;:{&quot;icon&quot;:&quot;icon-contact&quot;,&quot;text&quot;:&quot;&quot;},&quot;highlight_header&quot;:false,&quot;featured_images&quot;:[136400,136402],&quot;use_video_in_teasers&quot;:false,&quot;hyphenation&quot;:false,&quot;tipp&quot;:false,&quot;joker&quot;:false,&quot;live&quot;:false,&quot;hide_event_in_program&quot;:false,&quot;gomus_id&quot;:&quot;&quot;,&quot;hm_id&quot;:&quot;&quot;,&quot;tickettext&quot;:&quot;Bitte buchen Sie Ihr Ticket vorab online oder an der Kasse im Foyer.&quot;,&quot;highlight_header_image&quot;:139103,&quot;has_mobile_format&quot;:true,&quot;highlight_header_image_mobile&quot;:139101},&quot;date&quot;:{&quot;NX&quot;:null,&quot;NXX&quot;:null,&quot;NLAST&quot;:&quot;202410241500&quot;,&quot;from_DATE&quot;:&quot;20241024 19:00&quot;,&quot;from&quot;:1729782000,&quot;to&quot;:1729782000,&quot;to_DATE&quot;:&quot;20241024 19:00&quot;,&quot;from_HRFSHORT&quot;:&quot;24. Okt 2024&quot;,&quot;from_HRFSHORT_WD&quot;:&quot;Do 24.10.2024&quot;,&quot;to_HRFSHORT&quot;:&quot;24. Okt 2024&quot;,&quot;to_HRFSHORT_WD&quot;:&quot;Do 24.10.2024&quot;,&quot;from_HRF&quot;:&quot;Do, 24. Oktober 2024&quot;,&quot;to_HRF&quot;:&quot;Do, 24. Oktober 2024&quot;,&quot;from_to_HRF&quot;:&quot;Do, 24. Oktober \\u2013 Do, 24. Oktober 2024&quot;,&quot;from_to_HRFSHORT&quot;:&quot;24. Okt \\u2013 24. Okt 2024&quot;},&quot;alert&quot;:null,&quot;partof&quot;:[58619],&quot;marketing_topic&quot;:{&quot;title&quot;:&quot;Objekte widersprechen&quot;,&quot;ID&quot;:58619,&quot;reason&quot;:&quot;sequence&quot;}}' inline-template>\n\t<a href=\"https:\/\/www.humboldtforum.org\/de\/programm\/termin\/literatur\/he-heru-ein-kamm-136396\/\" class=\"teaser teaser-event teaser-event-standard\">\n\t\t<div class=\"row\">\n\t\t\t<div class=\"col-xs-12 teaser-event-image\">\n\t\t\t\t<div class=\"teaser-image teaser-image-no-alternate\">\n\t\t\t\t\t\t\t\t\t\t\t\n\t<lazy-media-inline inline-template>\n\t\t<figure itemscope itemtype=\"http:\/\/schema.org\/ImageObject\" class=\"lazy-media-inline \" role=\"group\" id=\"media_69f402bb9e65b\" aria-labelledby=\"desc_media_69f402bb9e65b\">\n\t\t\t<script type=\"application\/json\" ref=\"data\">\n\t\t\t\t{\n\t\t\t\t\"sizes\" : {\"medium\":{\"file\":\"SHF_eb00230262-200x300.jpg\",\"width\":200,\"height\":300,\"mime-type\":\"image\\\/jpeg\",\"filesize\":13877},\"large\":{\"file\":\"SHF_eb00230262-683x1024.jpg\",\"width\":683,\"height\":1024,\"mime-type\":\"image\\\/jpeg\",\"filesize\":110594},\"thumbnail\":{\"file\":\"SHF_eb00230262-150x150.jpg\",\"width\":150,\"height\":150,\"mime-type\":\"image\\\/jpeg\",\"filesize\":6720},\"medium_large\":{\"file\":\"SHF_eb00230262-768x1152.jpg\",\"width\":768,\"height\":1152,\"mime-type\":\"image\\\/jpeg\",\"filesize\":134529},\"small\":{\"file\":\"SHF_eb00230262-293x440.jpg\",\"width\":293,\"height\":440,\"mime-type\":\"image\\\/jpeg\",\"filesize\":26386},\"semi\":{\"file\":\"SHF_eb00230262-387x580.jpg\",\"width\":387,\"height\":580,\"mime-type\":\"image\\\/jpeg\",\"filesize\":42597},\"mobile\":{\"file\":\"SHF_eb00230262-480x720.jpg\",\"width\":480,\"height\":720,\"mime-type\":\"image\\\/jpeg\",\"filesize\":60667},\"hd\":{\"file\":\"SHF_eb00230262-853x1280.jpg\",\"width\":853,\"height\":1280,\"mime-type\":\"image\\\/jpeg\",\"filesize\":161526},\"full\":{\"file\":\"SHF_eb00230262-1280x1920.jpg\",\"width\":1280,\"height\":1920,\"mime-type\":\"image\\\/jpeg\",\"filesize\":325069},\"xxl\":{\"file\":\"SHF_eb00230262-2699x4048.jpg\",\"width\":2699,\"height\":4048,\"mime-type\":\"image\\\/jpeg\",\"filesize\":1193085},\"1536x1536\":{\"file\":\"SHF_eb00230262-1024x1536.jpg\",\"width\":1024,\"height\":1536,\"mime-type\":\"image\\\/jpeg\",\"filesize\":220702},\"2048x2048\":{\"file\":\"SHF_eb00230262-1365x2048.jpg\",\"width\":1365,\"height\":2048,\"mime-type\":\"image\\\/jpeg\",\"filesize\":362928},\"original\":{\"file\":\"SHF_eb00230262.jpg\",\"width\":4480,\"height\":6720}},\n\t\t\t\t\"alt\" : \"L\\u00e4chelnde Person mit blonden, lockigen Haaren in Jeansjacke und buntem Rock, posiert mit verschr\\u00e4nkten Armen.\",\n\t\t\t\t\"path\" : \"\\\/wp-content\\\/uploads\\\/2024\\\/09\\\/\",\n\t\t\t\t\"video\" : null,\n\t\t\t\t\"autoplay\" : null,\n\t\t\t\t\"youtube\" : null,\n\t\t\t\t\"youtubelabel\" : \"Video abspielen\",\n\t\t\t\t\"brightness\" : 100,\n\t\t\t\t\"crop\" : {\"top\":\"27.67\",\"left\":\"54.13\"},\n\t\t\t\t\"background\" : true,\n\t\t\t\t\"scale\" : 2\t\t\t\t}\n\t\t\t<\/script>\n\n\t\t\t<div class=\"height-container\" style=\"padding-bottom:150%;\" v-if=\"sizes\">\n\t\t\t\t\t\t\t\t<lazy-media :inline=\"true\" :alt=\"alt\" :sizes=\"sizes\" :scale=\"scale\" :brightness=\"brightness\" :path=\"path\" :video=\"video\" :autoplay=\"autoplay\" :youtube=\"youtube\" :crop=\"crop\" :youtubelabel=\"youtubelabel\" :background=\"background\" media-id=\"desc_media_69f402bb9e65b\"><\/lazy-media>\n\t\t\t\t\t\t\t<\/div>\n\n\t\t\t\t\t\t\t<figcaption class=\"sr-only\" ref=\"body\" id=\"desc_media_69f402bb9e65b\">\n\t\t\t\t\t\t\t\t\t\t\t<div>Objekte widersprechen: Autorin Whiti Hereaka<\/div>\n\t\t\t\t\t\t\t\t\t\t\t\t\t\t\t\t\t\t\t\t\t<div class=\"insignificant\">\u00a9 Tabitha Arthur Photography<\/div>\n\t\t\t\t\t\t\t\t\t<\/figcaption>\n\t\t\t\t\t<\/figure>\n\t<\/lazy-media-inline>\n\t\t\t\t<\/div>\n\t\t\t<\/div>\n\t\t\t<div class=\"col-xs-12 teaser-event-text Infos\">\n\t\t\t\t<div class=\"teaser-event-standard-text\">\n\t\t\t\t\t<div class=\"margin-bottom-atom\">\n\t\t\t\t\t\t<div class=\"subline clamp-1\" v-html=\"maingenre\"><\/div>\n\t\t\t\t\t\t\t\t\t\t\t\t\t<div class=\"insignificant clamp-2\">Objekte widersprechen<\/div>\n\t\t\t\t\t\t\t\t\t\t\t<\/div>\n\t\t\t\t\n\t\t\t\t\t<strong class=\"margin-bottom-atom\">He Heru. Ein Kamm<\/strong>\n\n\t\t\t\t\t\t\t\t\t\t\t<div class=\"\">Ein Schmuckst\u00fcck f\u00fcr den heiligsten Teil des K\u00f6rpers, von Whiti Hereaka <\/div>\n\t\t\t\t\t\t\t\t\t<\/div>\n\t\t\t\t<div class=\"teaser-bottom border-bottom\">\n\t\t\t\t<calendardateline :rawitem='item' :show-icon=\"true\"><\/calendardateline>\n\t\t\t\t\t<hr>\n\t\t\t\t<\/div>\n\t\t\t<\/div>\n\t\t<\/div>\n\t<\/a>\n\t<\/calendarteaser>\n<\/li>\n\n<li class=\"teaser-lane-slide col-xs-9 col-sm-4 col-md-4 teaser-wrapper col-padding-remove\">\n\t<calendarteaser key=\"1290705975\" rawitem='{&quot;postId&quot;:129070,&quot;title&quot;:&quot;Von allgemeinem Interesse&quot;,&quot;excerpt&quot;:&quot;&quot;,&quot;slug&quot;:&quot;von-allgemeinem-interesse&quot;,&quot;post_date&quot;:&quot;2024-05-13T13:58&quot;,&quot;type&quot;:&quot;event&quot;,&quot;permalink&quot;:&quot;https:\\\/\\\/www.humboldtforum.org\\\/de\\\/programm\\\/termin\\\/literatur\\\/von-allgemeinem-interesse-129070\\\/&quot;,&quot;genre&quot;:[423],&quot;genre_details&quot;:[{&quot;text&quot;:&quot;Literatur&quot;,&quot;id&quot;:423,&quot;icon&quot;:null,&quot;parent&quot;:0}],&quot;stakeholder&quot;:[382],&quot;stakeholder_details&quot;:[{&quot;text&quot;:&quot;Stiftung Humboldt Forum im Berliner Schloss&quot;,&quot;id&quot;:382,&quot;icon&quot;:null,&quot;parent&quot;:0}],&quot;language&quot;:[384,385],&quot;language_details&quot;:[{&quot;text&quot;:&quot;Deutsch&quot;,&quot;id&quot;:384,&quot;icon&quot;:null,&quot;parent&quot;:0},{&quot;text&quot;:&quot;Englisch&quot;,&quot;id&quot;:385,&quot;icon&quot;:null,&quot;parent&quot;:0}],&quot;place&quot;:[1558],&quot;place_details&quot;:{&quot;place&quot;:&quot;Mechanische Arena im Foyer&quot;,&quot;map&quot;:&quot;Humboldt Forum, Schlossplatz, Berlin&quot;,&quot;room&quot;:&quot;&quot;},&quot;icon_overwrite&quot;:&quot;&quot;,&quot;acf&quot;:{&quot;noindex&quot;:false,&quot;keywords&quot;:&quot;&quot;,&quot;hashtag&quot;:&quot;HumboldtForum&quot;,&quot;belongsto&quot;:[58619],&quot;shorturl&quot;:&quot;&quot;,&quot;times&quot;:[],&quot;planning&quot;:{&quot;price&quot;:&quot;8 EUR, erm\\u00e4\\u00dfigt 4 EUR&quot;,&quot;admission&quot;:&quot;&quot;,&quot;pause&quot;:&quot;&quot;,&quot;duration&quot;:&quot;120&quot;},&quot;subline&quot;:&quot;Maaza Mengistes multimediale Erz\\u00e4hlung \\u00fcber einen Kr\\u00f6nungsmantel aus \\u00c4thiopien&quot;,&quot;additional_info&quot;:{&quot;icon&quot;:&quot;icon-contact&quot;,&quot;text&quot;:&quot;Englisch mit \\u00dcbersetzung ins Deutsche&quot;},&quot;highlight_header&quot;:false,&quot;featured_images&quot;:[129073,129071],&quot;use_video_in_teasers&quot;:false,&quot;hyphenation&quot;:false,&quot;tipp&quot;:true,&quot;joker&quot;:false,&quot;live&quot;:false,&quot;hide_event_in_program&quot;:false,&quot;gomus_id&quot;:&quot;&quot;,&quot;hm_id&quot;:&quot;&quot;,&quot;tickettext&quot;:&quot;Bitte buchen Sie Ihr Ticket vorab online oder an der Kasse im Foyer.&quot;},&quot;date&quot;:{&quot;NX&quot;:null,&quot;NXX&quot;:null,&quot;NLAST&quot;:&quot;202406071500&quot;,&quot;from_DATE&quot;:&quot;20240607 19:00&quot;,&quot;from&quot;:1717772400,&quot;to&quot;:1717772400,&quot;to_DATE&quot;:&quot;20240607 19:00&quot;,&quot;from_HRFSHORT&quot;:&quot; 7. Jun 2024&quot;,&quot;from_HRFSHORT_WD&quot;:&quot;Fr 07.06.2024&quot;,&quot;to_HRFSHORT&quot;:&quot; 7. Jun 2024&quot;,&quot;to_HRFSHORT_WD&quot;:&quot;Fr 07.06.2024&quot;,&quot;from_HRF&quot;:&quot;Fr,  7. Juni 2024&quot;,&quot;to_HRF&quot;:&quot;Fr,  7. Juni 2024&quot;,&quot;from_to_HRF&quot;:&quot;Fr,  7. Juni \\u2013 Fr,  7. Juni 2024&quot;,&quot;from_to_HRFSHORT&quot;:&quot; 7. Jun \\u2013  7. Jun 2024&quot;},&quot;alert&quot;:&quot;Tipp&quot;,&quot;partof&quot;:[&quot;58619&quot;],&quot;marketing_topic&quot;:{&quot;title&quot;:&quot;Objekte widersprechen&quot;,&quot;ID&quot;:&quot;58619&quot;,&quot;reason&quot;:&quot;sequence&quot;}}' inline-template>\n\t<a href=\"https:\/\/www.humboldtforum.org\/de\/programm\/termin\/literatur\/von-allgemeinem-interesse-129070\/\" class=\"teaser teaser-event teaser-event-standard\">\n\t\t<div class=\"row\">\n\t\t\t<div class=\"col-xs-12 teaser-event-image\">\n\t\t\t\t<div class=\"teaser-image teaser-image-no-alternate\">\n\t\t\t\t\t\t\t\t\t\t\t\t\t<span class=\"alert\">Tipp<\/span>\n\t\t\t\t\t\t\t\t\t\t\t\n\t<lazy-media-inline inline-template>\n\t\t<figure itemscope itemtype=\"http:\/\/schema.org\/ImageObject\" class=\"lazy-media-inline \" role=\"group\" id=\"media_69f402bba0acb\" aria-labelledby=\"desc_media_69f402bba0acb\">\n\t\t\t<script type=\"application\/json\" ref=\"data\">\n\t\t\t\t{\n\t\t\t\t\"sizes\" : {\"medium\":{\"file\":\"SHF_eb00223551-225x300.jpg\",\"width\":225,\"height\":300,\"mime-type\":\"image\\\/jpeg\",\"filesize\":11308},\"large\":{\"file\":\"SHF_eb00223551-768x1024.jpg\",\"width\":768,\"height\":1024,\"mime-type\":\"image\\\/jpeg\",\"filesize\":106641},\"thumbnail\":{\"file\":\"SHF_eb00223551-150x150.jpg\",\"width\":150,\"height\":150,\"mime-type\":\"image\\\/jpeg\",\"filesize\":4498},\"medium_large\":{\"file\":\"SHF_eb00223551-768x1025.jpg\",\"width\":768,\"height\":1025,\"mime-type\":\"image\\\/jpeg\",\"filesize\":107186},\"small\":{\"file\":\"SHF_eb00223551-330x440.jpg\",\"width\":330,\"height\":440,\"mime-type\":\"image\\\/jpeg\",\"filesize\":21290},\"semi\":{\"file\":\"SHF_eb00223551-435x580.jpg\",\"width\":435,\"height\":580,\"mime-type\":\"image\\\/jpeg\",\"filesize\":35328},\"mobile\":{\"file\":\"SHF_eb00223551-540x720.jpg\",\"width\":540,\"height\":720,\"mime-type\":\"image\\\/jpeg\",\"filesize\":52933},\"hd\":{\"file\":\"SHF_eb00223551-959x1280.jpg\",\"width\":959,\"height\":1280,\"mime-type\":\"image\\\/jpeg\",\"filesize\":163714},\"full\":{\"file\":\"SHF_eb00223551-1439x1920.jpg\",\"width\":1439,\"height\":1920,\"mime-type\":\"image\\\/jpeg\",\"filesize\":347640},\"1536x1536\":{\"file\":\"SHF_eb00223551-1151x1536.jpg\",\"width\":1151,\"height\":1536,\"mime-type\":\"image\\\/jpeg\",\"filesize\":230153},\"2048x2048\":{\"file\":\"SHF_eb00223551-1535x2048.jpg\",\"width\":1535,\"height\":2048,\"mime-type\":\"image\\\/jpeg\",\"filesize\":390920},\"original\":{\"file\":\"SHF_eb00223551.jpg\",\"width\":1874,\"height\":2500}},\n\t\t\t\t\"alt\" : \"Frau mit kurzen grauen Haaren, tr\\u00e4gt einen gelben Pullover und hat die Arme verschr\\u00e4nkt, vor einem gr\\u00fcnen Hintergrund.\",\n\t\t\t\t\"path\" : \"\\\/wp-content\\\/uploads\\\/2024\\\/05\\\/\",\n\t\t\t\t\"video\" : null,\n\t\t\t\t\"autoplay\" : null,\n\t\t\t\t\"youtube\" : null,\n\t\t\t\t\"youtubelabel\" : \"Video abspielen\",\n\t\t\t\t\"brightness\" : 100,\n\t\t\t\t\"crop\" : {\"top\":\"22.15\",\"left\":\"55.51\"},\n\t\t\t\t\"background\" : true,\n\t\t\t\t\"scale\" : 2\t\t\t\t}\n\t\t\t<\/script>\n\n\t\t\t<div class=\"height-container\" style=\"padding-bottom:133.40448239061%;\" v-if=\"sizes\">\n\t\t\t\t\t\t\t\t<lazy-media :inline=\"true\" :alt=\"alt\" :sizes=\"sizes\" :scale=\"scale\" :brightness=\"brightness\" :path=\"path\" :video=\"video\" :autoplay=\"autoplay\" :youtube=\"youtube\" :crop=\"crop\" :youtubelabel=\"youtubelabel\" :background=\"background\" media-id=\"desc_media_69f402bba0acb\"><\/lazy-media>\n\t\t\t\t\t\t\t<\/div>\n\n\t\t\t\t\t\t\t<figcaption class=\"sr-only\" ref=\"body\" id=\"desc_media_69f402bba0acb\">\n\t\t\t\t\t\t\t\t\t\t\t<div>Die Autorin Maaza Mengiste<\/div>\n\t\t\t\t\t\t\t\t\t\t\t\t\t\t\t\t\t\t\t\t\t<div class=\"insignificant\">\u00a9 Nina Subin<\/div>\n\t\t\t\t\t\t\t\t\t<\/figcaption>\n\t\t\t\t\t<\/figure>\n\t<\/lazy-media-inline>\n\t\t\t\t<\/div>\n\t\t\t<\/div>\n\t\t\t<div class=\"col-xs-12 teaser-event-text Infos\">\n\t\t\t\t<div class=\"teaser-event-standard-text\">\n\t\t\t\t\t<div class=\"margin-bottom-atom\">\n\t\t\t\t\t\t<div class=\"subline clamp-1\" v-html=\"maingenre\"><\/div>\n\t\t\t\t\t\t\t\t\t\t\t\t\t<div class=\"insignificant clamp-2\">Objekte widersprechen<\/div>\n\t\t\t\t\t\t\t\t\t\t\t<\/div>\n\t\t\t\t\n\t\t\t\t\t<strong class=\"margin-bottom-atom\">Von allgemeinem Interesse<\/strong>\n\n\t\t\t\t\t\t\t\t\t\t\t<div class=\"\">Maaza Mengistes multimediale Erz\u00e4hlung \u00fcber einen Kr\u00f6nungsmantel aus \u00c4thiopien<\/div>\n\t\t\t\t\t\t\t\t\t<\/div>\n\t\t\t\t<div class=\"teaser-bottom border-bottom\">\n\t\t\t\t<calendardateline :rawitem='item' :show-icon=\"true\"><\/calendardateline>\n\t\t\t\t\t<hr>\n\t\t\t\t<\/div>\n\t\t\t<\/div>\n\t\t<\/div>\n\t<\/a>\n\t<\/calendarteaser>\n<\/li>\n\n<li class=\"teaser-lane-slide col-xs-9 col-sm-4 col-md-4 teaser-wrapper col-padding-remove\">\n\t<calendarteaser key=\"9776410243\" rawitem='{&quot;postId&quot;:97764,&quot;title&quot;:&quot;Fragmente&quot;,&quot;excerpt&quot;:&quot;&quot;,&quot;slug&quot;:&quot;fragmente&quot;,&quot;post_date&quot;:&quot;2023-08-31T12:48&quot;,&quot;type&quot;:&quot;event&quot;,&quot;permalink&quot;:&quot;https:\\\/\\\/www.humboldtforum.org\\\/de\\\/programm\\\/termin\\\/literatur\\\/fragmente-97764\\\/&quot;,&quot;genre&quot;:[423],&quot;genre_details&quot;:[{&quot;text&quot;:&quot;Literatur&quot;,&quot;id&quot;:423,&quot;icon&quot;:null,&quot;parent&quot;:0}],&quot;stakeholder&quot;:[382],&quot;stakeholder_details&quot;:[{&quot;text&quot;:&quot;Stiftung Humboldt Forum im Berliner Schloss&quot;,&quot;id&quot;:382,&quot;icon&quot;:null,&quot;parent&quot;:0}],&quot;targetgroup&quot;:[383,455],&quot;targetgroup_details&quot;:[{&quot;text&quot;:&quot;Erwachsene&quot;,&quot;id&quot;:383,&quot;icon&quot;:null,&quot;parent&quot;:0},{&quot;text&quot;:&quot;Jugendliche&quot;,&quot;id&quot;:455,&quot;icon&quot;:null,&quot;parent&quot;:0}],&quot;language&quot;:[385],&quot;language_details&quot;:[{&quot;text&quot;:&quot;Englisch&quot;,&quot;id&quot;:385,&quot;icon&quot;:null,&quot;parent&quot;:0}],&quot;place&quot;:[532],&quot;place_details&quot;:{&quot;place&quot;:&quot;Humboldt Forum&quot;,&quot;map&quot;:&quot;Humboldt Forum, Schlossplatz, Berlin&quot;,&quot;room&quot;:&quot;3. OG&quot;},&quot;icon_overwrite&quot;:&quot;&quot;,&quot;acf&quot;:{&quot;noindex&quot;:false,&quot;keywords&quot;:&quot;&quot;,&quot;hashtag&quot;:&quot;HumboldtForum&quot;,&quot;belongsto&quot;:[58619],&quot;shorturl&quot;:&quot;&quot;,&quot;times&quot;:[],&quot;planning&quot;:{&quot;price&quot;:&quot;8 EUR \\\/ 4 EUR erm\\u00e4\\u00dfigt&quot;,&quot;admission&quot;:&quot;&quot;,&quot;pause&quot;:&quot;&quot;,&quot;duration&quot;:&quot;&quot;},&quot;subline&quot;:&quot;Texte zu Objekten im Museum f\\u00fcr Asiatsiche Kunst von Madeleine Thien and Rawi Hage&quot;,&quot;additional_info&quot;:{&quot;icon&quot;:&quot;0&quot;,&quot;text&quot;:&quot;&quot;},&quot;highlight_header&quot;:false,&quot;use_video_in_teasers&quot;:false,&quot;hyphenation&quot;:true,&quot;tipp&quot;:false,&quot;joker&quot;:false,&quot;live&quot;:false,&quot;hide_event_in_program&quot;:false,&quot;gomus_id&quot;:&quot;&quot;,&quot;featured_images&quot;:[97792,97796],&quot;hm_id&quot;:&quot;&quot;},&quot;date&quot;:{&quot;NX&quot;:null,&quot;NXX&quot;:null,&quot;NLAST&quot;:&quot;202310131500&quot;,&quot;from_DATE&quot;:&quot;20231013 19:00&quot;,&quot;from&quot;:1697209200,&quot;to&quot;:1697209200,&quot;to_DATE&quot;:&quot;20231013 19:00&quot;,&quot;from_HRFSHORT&quot;:&quot;13. Okt 2023&quot;,&quot;from_HRFSHORT_WD&quot;:&quot;Fr 13.10.2023&quot;,&quot;to_HRFSHORT&quot;:&quot;13. Okt 2023&quot;,&quot;to_HRFSHORT_WD&quot;:&quot;Fr 13.10.2023&quot;,&quot;from_HRF&quot;:&quot;Fr, 13. Oktober 2023&quot;,&quot;to_HRF&quot;:&quot;Fr, 13. Oktober 2023&quot;,&quot;from_to_HRF&quot;:&quot;Fr, 13. Oktober \\u2013 Fr, 13. Oktober 2023&quot;,&quot;from_to_HRFSHORT&quot;:&quot;13. Okt \\u2013 13. Okt 2023&quot;},&quot;alert&quot;:null,&quot;partof&quot;:[58619],&quot;marketing_topic&quot;:{&quot;title&quot;:&quot;Objekte widersprechen&quot;,&quot;ID&quot;:58619,&quot;reason&quot;:&quot;sequence&quot;}}' inline-template>\n\t<a href=\"https:\/\/www.humboldtforum.org\/de\/programm\/termin\/literatur\/fragmente-97764\/\" class=\"teaser teaser-event teaser-event-standard\">\n\t\t<div class=\"row\">\n\t\t\t<div class=\"col-xs-12 teaser-event-image\">\n\t\t\t\t<div class=\"teaser-image teaser-image-no-alternate\">\n\t\t\t\t\t\t\t\t\t\t\t\n\t<lazy-media-inline inline-template>\n\t\t<figure itemscope itemtype=\"http:\/\/schema.org\/ImageObject\" class=\"lazy-media-inline \" role=\"group\" id=\"media_69f402bba2c89\" aria-labelledby=\"desc_media_69f402bba2c89\">\n\t\t\t<script type=\"application\/json\" ref=\"data\">\n\t\t\t\t{\n\t\t\t\t\"sizes\" : {\"medium\":{\"file\":\"SHF_eb00202094-216x300.jpg\",\"width\":216,\"height\":300,\"mime-type\":\"image\\\/jpeg\",\"filesize\":14250},\"large\":{\"file\":\"SHF_eb00202094-736x1024.jpg\",\"width\":736,\"height\":1024,\"mime-type\":\"image\\\/jpeg\",\"filesize\":196702},\"thumbnail\":{\"file\":\"SHF_eb00202094-150x150.jpg\",\"width\":150,\"height\":150,\"mime-type\":\"image\\\/jpeg\",\"filesize\":6062},\"medium_large\":{\"file\":\"SHF_eb00202094-768x1068.jpg\",\"width\":768,\"height\":1068,\"mime-type\":\"image\\\/jpeg\",\"filesize\":216688},\"small\":{\"file\":\"SHF_eb00202094-316x440.jpg\",\"width\":316,\"height\":440,\"mime-type\":\"image\\\/jpeg\",\"filesize\":30581},\"semi\":{\"file\":\"SHF_eb00202094-417x580.jpg\",\"width\":417,\"height\":580,\"mime-type\":\"image\\\/jpeg\",\"filesize\":56471},\"mobile\":{\"file\":\"SHF_eb00202094-518x720.jpg\",\"width\":518,\"height\":720,\"mime-type\":\"image\\\/jpeg\",\"filesize\":90554},\"hd\":{\"file\":\"SHF_eb00202094-920x1280.jpg\",\"width\":920,\"height\":1280,\"mime-type\":\"image\\\/jpeg\",\"filesize\":320069},\"full\":{\"file\":\"SHF_eb00202094-1381x1920.jpg\",\"width\":1381,\"height\":1920,\"mime-type\":\"image\\\/jpeg\",\"filesize\":740601},\"1536x1536\":{\"file\":\"SHF_eb00202094-1105x1536.jpg\",\"width\":1105,\"height\":1536,\"mime-type\":\"image\\\/jpeg\",\"filesize\":472082},\"2048x2048\":{\"file\":\"SHF_eb00202094-1473x2048.jpg\",\"width\":1473,\"height\":2048,\"mime-type\":\"image\\\/jpeg\",\"filesize\":832132},\"original\":{\"file\":\"SHF_eb00202094.jpg\",\"width\":1485,\"height\":2065}},\n\t\t\t\t\"alt\" : \"Schwarz-Wei\\u00df-Portr\\u00e4t einer Frau mit langen, glatten Haaren, die ernst in die Kamera blickt.\",\n\t\t\t\t\"path\" : \"\\\/wp-content\\\/uploads\\\/2023\\\/08\\\/\",\n\t\t\t\t\"video\" : null,\n\t\t\t\t\"autoplay\" : null,\n\t\t\t\t\"youtube\" : null,\n\t\t\t\t\"youtubelabel\" : \"Video abspielen\",\n\t\t\t\t\"brightness\" : 100,\n\t\t\t\t\"crop\" : {\"top\":\"35.00\",\"left\":\"50.00\"},\n\t\t\t\t\"background\" : true,\n\t\t\t\t\"scale\" : 2\t\t\t\t}\n\t\t\t<\/script>\n\n\t\t\t<div class=\"height-container\" style=\"padding-bottom:139.05723905724%;\" v-if=\"sizes\">\n\t\t\t\t\t\t\t\t<lazy-media :inline=\"true\" :alt=\"alt\" :sizes=\"sizes\" :scale=\"scale\" :brightness=\"brightness\" :path=\"path\" :video=\"video\" :autoplay=\"autoplay\" :youtube=\"youtube\" :crop=\"crop\" :youtubelabel=\"youtubelabel\" :background=\"background\" media-id=\"desc_media_69f402bba2c89\"><\/lazy-media>\n\t\t\t\t\t\t\t<\/div>\n\n\t\t\t\t\t\t\t<figcaption class=\"sr-only\" ref=\"body\" id=\"desc_media_69f402bba2c89\">\n\t\t\t\t\t\t\t\t\t\t\t<div>Madeleine Thien<\/div>\n\t\t\t\t\t\t\t\t\t\t\t\t\t\t\t\t\t\t\t\t\t<div class=\"insignificant\">\u00a9 Rawi Hage<\/div>\n\t\t\t\t\t\t\t\t\t<\/figcaption>\n\t\t\t\t\t<\/figure>\n\t<\/lazy-media-inline>\n\t\t\t\t<\/div>\n\t\t\t<\/div>\n\t\t\t<div class=\"col-xs-12 teaser-event-text Infos\">\n\t\t\t\t<div class=\"teaser-event-standard-text\">\n\t\t\t\t\t<div class=\"margin-bottom-atom\">\n\t\t\t\t\t\t<div class=\"subline clamp-1\" v-html=\"maingenre\"><\/div>\n\t\t\t\t\t\t\t\t\t\t\t\t\t<div class=\"insignificant clamp-2\">Objekte widersprechen<\/div>\n\t\t\t\t\t\t\t\t\t\t\t<\/div>\n\t\t\t\t\n\t\t\t\t\t<strong class=\"margin-bottom-atom\">Fragmente<\/strong>\n\n\t\t\t\t\t\t\t\t\t\t\t<div class=\"\">Texte zu Objekten im Museum f\u00fcr Asiatsiche Kunst von Madeleine Thien and Rawi Hage<\/div>\n\t\t\t\t\t\t\t\t\t<\/div>\n\t\t\t\t<div class=\"teaser-bottom border-bottom\">\n\t\t\t\t<calendardateline :rawitem='item' :show-icon=\"true\"><\/calendardateline>\n\t\t\t\t\t<hr>\n\t\t\t\t<\/div>\n\t\t\t<\/div>\n\t\t<\/div>\n\t<\/a>\n\t<\/calendarteaser>\n<\/li>\n\n<li class=\"teaser-lane-slide col-xs-9 col-sm-4 col-md-4 teaser-wrapper col-padding-remove\">\n\t<calendarteaser key=\"7830620531\" rawitem='{&quot;postId&quot;:78306,&quot;title&quot;:&quot;Damen auf dem Thron&quot;,&quot;excerpt&quot;:&quot;&quot;,&quot;slug&quot;:&quot;damen-auf-dem-thron&quot;,&quot;post_date&quot;:&quot;2023-04-11T14:51&quot;,&quot;type&quot;:&quot;event&quot;,&quot;permalink&quot;:&quot;https:\\\/\\\/www.humboldtforum.org\\\/de\\\/programm\\\/termin\\\/literatur\\\/damen-auf-dem-thron-78306\\\/&quot;,&quot;genre&quot;:[423],&quot;genre_details&quot;:[{&quot;text&quot;:&quot;Literatur&quot;,&quot;id&quot;:423,&quot;icon&quot;:null,&quot;parent&quot;:0}],&quot;stakeholder&quot;:[382],&quot;stakeholder_details&quot;:[{&quot;text&quot;:&quot;Stiftung Humboldt Forum im Berliner Schloss&quot;,&quot;id&quot;:382,&quot;icon&quot;:null,&quot;parent&quot;:0}],&quot;language&quot;:[385,789],&quot;language_details&quot;:[{&quot;text&quot;:&quot;Englisch&quot;,&quot;id&quot;:385,&quot;icon&quot;:null,&quot;parent&quot;:0},{&quot;text&quot;:&quot;Franz\\u00f6sisch&quot;,&quot;id&quot;:789,&quot;icon&quot;:null,&quot;parent&quot;:0}],&quot;age&quot;:[1321],&quot;age_details&quot;:[{&quot;text&quot;:&quot;ab 16 Jahre&quot;,&quot;id&quot;:1321,&quot;icon&quot;:null,&quot;parent&quot;:0}],&quot;place&quot;:[1558],&quot;place_details&quot;:{&quot;place&quot;:&quot;Mechanische Arena im Foyer&quot;,&quot;map&quot;:&quot;Humboldt Forum, Schlossplatz, Berlin&quot;,&quot;room&quot;:&quot;&quot;},&quot;icon_overwrite&quot;:&quot;&quot;,&quot;acf&quot;:{&quot;noindex&quot;:false,&quot;keywords&quot;:&quot;&quot;,&quot;hashtag&quot;:&quot;HumboldtForum&quot;,&quot;belongsto&quot;:[58619],&quot;shorturl&quot;:&quot;&quot;,&quot;times&quot;:[],&quot;planning&quot;:{&quot;price&quot;:&quot;8 EUR \\\/ erm\\u00e4\\u00dfigt 4 EUR&quot;,&quot;admission&quot;:&quot;&quot;,&quot;pause&quot;:&quot;&quot;,&quot;duration&quot;:&quot;90&quot;},&quot;subline&quot;:&quot;L\\u00e9onora Miano liest und diskutiert ihren Text \\u00fcber den Thron \\&quot;Mandu Yenu\\&quot;&quot;,&quot;additional_info&quot;:{&quot;icon&quot;:&quot;icon-bullet_active&quot;,&quot;text&quot;:&quot;Franz\\u00f6sisch und Englisch mit \\u00dcbersetzung ins Deutsche&quot;},&quot;highlight_header&quot;:false,&quot;use_video_in_teasers&quot;:false,&quot;hyphenation&quot;:true,&quot;tipp&quot;:true,&quot;joker&quot;:false,&quot;live&quot;:false,&quot;hide_event_in_program&quot;:false,&quot;gomus_id&quot;:&quot;&quot;,&quot;hm_id&quot;:&quot;&quot;,&quot;featured_images&quot;:[78324,78320]},&quot;date&quot;:{&quot;NX&quot;:null,&quot;NXX&quot;:null,&quot;NLAST&quot;:&quot;202305261500&quot;,&quot;from_DATE&quot;:&quot;20230526 19:00&quot;,&quot;from&quot;:1685113200,&quot;to&quot;:1685113200,&quot;to_DATE&quot;:&quot;20230526 19:00&quot;,&quot;from_HRFSHORT&quot;:&quot;26. Mai 2023&quot;,&quot;from_HRFSHORT_WD&quot;:&quot;Fr 26.05.2023&quot;,&quot;to_HRFSHORT&quot;:&quot;26. Mai 2023&quot;,&quot;to_HRFSHORT_WD&quot;:&quot;Fr 26.05.2023&quot;,&quot;from_HRF&quot;:&quot;Fr, 26. Mai 2023&quot;,&quot;to_HRF&quot;:&quot;Fr, 26. Mai 2023&quot;,&quot;from_to_HRF&quot;:&quot;Fr, 26. Mai \\u2013 Fr, 26. Mai 2023&quot;,&quot;from_to_HRFSHORT&quot;:&quot;26. Mai \\u2013 26. Mai 2023&quot;},&quot;alert&quot;:&quot;Tipp&quot;,&quot;partof&quot;:[58619],&quot;marketing_topic&quot;:{&quot;title&quot;:&quot;Objekte widersprechen&quot;,&quot;ID&quot;:58619,&quot;reason&quot;:&quot;sequence&quot;}}' inline-template>\n\t<a href=\"https:\/\/www.humboldtforum.org\/de\/programm\/termin\/literatur\/damen-auf-dem-thron-78306\/\" class=\"teaser teaser-event teaser-event-standard\">\n\t\t<div class=\"row\">\n\t\t\t<div class=\"col-xs-12 teaser-event-image\">\n\t\t\t\t<div class=\"teaser-image teaser-image-no-alternate\">\n\t\t\t\t\t\t\t\t\t\t\t\t\t<span class=\"alert\">Tipp<\/span>\n\t\t\t\t\t\t\t\t\t\t\t\n\t<lazy-media-inline inline-template>\n\t\t<figure itemscope itemtype=\"http:\/\/schema.org\/ImageObject\" class=\"lazy-media-inline \" role=\"group\" id=\"media_69f402bba4c3a\" aria-labelledby=\"desc_media_69f402bba4c3a\">\n\t\t\t<script type=\"application\/json\" ref=\"data\">\n\t\t\t\t{\n\t\t\t\t\"sizes\" : {\"medium\":{\"file\":\"SHF_eb00191027-300x212.jpg\",\"width\":300,\"height\":212,\"mime-type\":\"image\\\/jpeg\",\"filesize\":13068},\"large\":{\"file\":\"SHF_eb00191027-1024x724.jpg\",\"width\":1024,\"height\":724,\"mime-type\":\"image\\\/jpeg\",\"filesize\":87074},\"thumbnail\":{\"file\":\"SHF_eb00191027-150x150.jpg\",\"width\":150,\"height\":150,\"mime-type\":\"image\\\/jpeg\",\"filesize\":6247},\"medium_large\":{\"file\":\"SHF_eb00191027-768x543.jpg\",\"width\":768,\"height\":543,\"mime-type\":\"image\\\/jpeg\",\"filesize\":55072},\"small\":{\"file\":\"SHF_eb00191027-440x311.jpg\",\"width\":440,\"height\":311,\"mime-type\":\"image\\\/jpeg\",\"filesize\":23041},\"semi\":{\"file\":\"SHF_eb00191027-580x410.jpg\",\"width\":580,\"height\":410,\"mime-type\":\"image\\\/jpeg\",\"filesize\":36109},\"mobile\":{\"file\":\"SHF_eb00191027-720x509.jpg\",\"width\":720,\"height\":509,\"mime-type\":\"image\\\/jpeg\",\"filesize\":49998},\"hd\":{\"file\":\"SHF_eb00191027-1280x905.jpg\",\"width\":1280,\"height\":905,\"mime-type\":\"image\\\/jpeg\",\"filesize\":124013},\"full\":{\"file\":\"SHF_eb00191027-1920x1357.jpg\",\"width\":1920,\"height\":1357,\"mime-type\":\"image\\\/jpeg\",\"filesize\":240330},\"1536x1536\":{\"file\":\"SHF_eb00191027-1536x1086.jpg\",\"width\":1536,\"height\":1086,\"mime-type\":\"image\\\/jpeg\",\"filesize\":166384},\"2048x2048\":{\"file\":\"SHF_eb00191027-2048x1448.jpg\",\"width\":2048,\"height\":1448,\"mime-type\":\"image\\\/jpeg\",\"filesize\":267006},\"original\":{\"file\":\"SHF_eb00191027.jpg\",\"width\":3000,\"height\":2121}},\n\t\t\t\t\"alt\" : \"Portr\\u00e4t einer Frau mit geflochtenem Haar in einem gestreiften Kleid vor einer lamellierten Wand.\",\n\t\t\t\t\"path\" : \"\\\/wp-content\\\/uploads\\\/2023\\\/04\\\/\",\n\t\t\t\t\"video\" : null,\n\t\t\t\t\"autoplay\" : null,\n\t\t\t\t\"youtube\" : null,\n\t\t\t\t\"youtubelabel\" : \"Video abspielen\",\n\t\t\t\t\"brightness\" : 100,\n\t\t\t\t\"crop\" : null,\n\t\t\t\t\"background\" : true,\n\t\t\t\t\"scale\" : 2\t\t\t\t}\n\t\t\t<\/script>\n\n\t\t\t<div class=\"height-container\" style=\"padding-bottom:70.7%;\" v-if=\"sizes\">\n\t\t\t\t\t\t\t\t<lazy-media :inline=\"true\" :alt=\"alt\" :sizes=\"sizes\" :scale=\"scale\" :brightness=\"brightness\" :path=\"path\" :video=\"video\" :autoplay=\"autoplay\" :youtube=\"youtube\" :crop=\"crop\" :youtubelabel=\"youtubelabel\" :background=\"background\" media-id=\"desc_media_69f402bba4c3a\"><\/lazy-media>\n\t\t\t\t\t\t\t<\/div>\n\n\t\t\t\t\t\t\t<figcaption class=\"sr-only\" ref=\"body\" id=\"desc_media_69f402bba4c3a\">\n\t\t\t\t\t\t\t\t\t\t\t<div>L&eacute;onora Miano<\/div>\n\t\t\t\t\t\t\t\t\t\t\t\t\t\t\t\t\t\t\t\t\t<div class=\"insignificant\">\u00a9 Elom 20ce<\/div>\n\t\t\t\t\t\t\t\t\t<\/figcaption>\n\t\t\t\t\t<\/figure>\n\t<\/lazy-media-inline>\n\t\t\t\t<\/div>\n\t\t\t<\/div>\n\t\t\t<div class=\"col-xs-12 teaser-event-text Infos\">\n\t\t\t\t<div class=\"teaser-event-standard-text\">\n\t\t\t\t\t<div class=\"margin-bottom-atom\">\n\t\t\t\t\t\t<div class=\"subline clamp-1\" v-html=\"maingenre\"><\/div>\n\t\t\t\t\t\t\t\t\t\t\t\t\t<div class=\"insignificant clamp-2\">Objekte widersprechen<\/div>\n\t\t\t\t\t\t\t\t\t\t\t<\/div>\n\t\t\t\t\n\t\t\t\t\t<strong class=\"margin-bottom-atom\">Damen auf dem Thron<\/strong>\n\n\t\t\t\t\t\t\t\t\t\t\t<div class=\"\">L\u00e9onora Miano liest und diskutiert ihren Text \u00fcber den Thron &#8222;Mandu Yenu&#8220;<\/div>\n\t\t\t\t\t\t\t\t\t<\/div>\n\t\t\t\t<div class=\"teaser-bottom border-bottom\">\n\t\t\t\t<calendardateline :rawitem='item' :show-icon=\"true\"><\/calendardateline>\n\t\t\t\t\t<hr>\n\t\t\t\t<\/div>\n\t\t\t<\/div>\n\t\t<\/div>\n\t<\/a>\n\t<\/calendarteaser>\n<\/li>\n\n<li class=\"teaser-lane-slide col-xs-9 col-sm-4 col-md-4 teaser-wrapper col-padding-remove\">\n\t<calendarteaser key=\"5863213866\" rawitem='{&quot;postId&quot;:58632,&quot;title&quot;:&quot;manifest. manifestation.&quot;,&quot;excerpt&quot;:&quot;&quot;,&quot;slug&quot;:&quot;manifest-manifestation&quot;,&quot;post_date&quot;:&quot;2022-10-21T08:47&quot;,&quot;type&quot;:&quot;event&quot;,&quot;permalink&quot;:&quot;https:\\\/\\\/www.humboldtforum.org\\\/de\\\/programm\\\/termin\\\/literatur\\\/manifest-manifestation-58632\\\/&quot;,&quot;genre&quot;:[423],&quot;genre_details&quot;:[{&quot;text&quot;:&quot;Literatur&quot;,&quot;id&quot;:423,&quot;icon&quot;:null,&quot;parent&quot;:0}],&quot;stakeholder&quot;:[382],&quot;stakeholder_details&quot;:[{&quot;text&quot;:&quot;Stiftung Humboldt Forum im Berliner Schloss&quot;,&quot;id&quot;:382,&quot;icon&quot;:null,&quot;parent&quot;:0}],&quot;language&quot;:[385],&quot;language_details&quot;:[{&quot;text&quot;:&quot;Englisch&quot;,&quot;id&quot;:385,&quot;icon&quot;:null,&quot;parent&quot;:0}],&quot;age&quot;:[451],&quot;age_details&quot;:[{&quot;text&quot;:&quot;ab 14 Jahre&quot;,&quot;id&quot;:451,&quot;icon&quot;:null,&quot;parent&quot;:0}],&quot;place&quot;:[1558],&quot;place_details&quot;:{&quot;place&quot;:&quot;Mechanische Arena im Foyer&quot;,&quot;map&quot;:&quot;Humboldt Forum, Schlossplatz, Berlin&quot;,&quot;room&quot;:&quot;&quot;},&quot;icon_overwrite&quot;:&quot;&quot;,&quot;acf&quot;:{&quot;hashtag&quot;:&quot;HumboldtForum&quot;,&quot;noindex&quot;:false,&quot;keywords&quot;:&quot;&quot;,&quot;shorturl&quot;:&quot;&quot;,&quot;times&quot;:[],&quot;planning&quot;:{&quot;price&quot;:&quot;8 EUR \\\/ erm\\u00e4\\u00dfigt 4 EUR&quot;,&quot;admission&quot;:&quot;&quot;,&quot;pause&quot;:&quot;&quot;,&quot;duration&quot;:&quot;120&quot;},&quot;subline&quot;:&quot;Meena Kandasamy liest und diskutiert ihren Text \\u00fcber das Mithuna Liebespaar&quot;,&quot;additional_info&quot;:{&quot;icon&quot;:&quot;icon-bullet_active&quot;,&quot;text&quot;:&quot;Englisch mit Synchron\\u00fcbersetzung ins Deutsche&quot;},&quot;highlight_header&quot;:false,&quot;featured_images&quot;:[58635,58627],&quot;use_video_in_teasers&quot;:false,&quot;hyphenation&quot;:true,&quot;tipp&quot;:true,&quot;joker&quot;:false,&quot;live&quot;:false,&quot;hide_event_in_program&quot;:false,&quot;alert_text&quot;:&quot;EN&quot;,&quot;belongsto&quot;:[58619],&quot;gomus_id&quot;:&quot;&quot;,&quot;hm_id&quot;:&quot;&quot;},&quot;date&quot;:{&quot;NX&quot;:null,&quot;NXX&quot;:null,&quot;NLAST&quot;:&quot;202211181700&quot;,&quot;from_DATE&quot;:&quot;20221118 19:00&quot;,&quot;from&quot;:1668790800,&quot;to&quot;:1668790800,&quot;to_DATE&quot;:&quot;20221118 19:00&quot;,&quot;from_HRFSHORT&quot;:&quot;18. Nov 2022&quot;,&quot;from_HRFSHORT_WD&quot;:&quot;Fr 18.11.2022&quot;,&quot;to_HRFSHORT&quot;:&quot;18. Nov 2022&quot;,&quot;to_HRFSHORT_WD&quot;:&quot;Fr 18.11.2022&quot;,&quot;from_HRF&quot;:&quot;Fr, 18. November 2022&quot;,&quot;to_HRF&quot;:&quot;Fr, 18. November 2022&quot;,&quot;from_to_HRF&quot;:&quot;Fr, 18. November \\u2013 Fr, 18. November 2022&quot;,&quot;from_to_HRFSHORT&quot;:&quot;18. Nov \\u2013 18. Nov 2022&quot;},&quot;alert&quot;:&quot;Tipp&quot;,&quot;partof&quot;:[&quot;58619&quot;],&quot;marketing_topic&quot;:{&quot;title&quot;:&quot;Objekte widersprechen&quot;,&quot;ID&quot;:&quot;58619&quot;,&quot;reason&quot;:&quot;sequence&quot;}}' inline-template>\n\t<a href=\"https:\/\/www.humboldtforum.org\/de\/programm\/termin\/literatur\/manifest-manifestation-58632\/\" class=\"teaser teaser-event teaser-event-standard\">\n\t\t<div class=\"row\">\n\t\t\t<div class=\"col-xs-12 teaser-event-image\">\n\t\t\t\t<div class=\"teaser-image teaser-image-no-alternate\">\n\t\t\t\t\t\t\t\t\t\t\t\t\t<span class=\"alert\">Tipp<\/span>\n\t\t\t\t\t\t\t\t\t\t\t\n\t<lazy-media-inline inline-template>\n\t\t<figure itemscope itemtype=\"http:\/\/schema.org\/ImageObject\" class=\"lazy-media-inline \" role=\"group\" id=\"media_69f402bba6174\" aria-labelledby=\"desc_media_69f402bba6174\">\n\t\t\t<script type=\"application\/json\" ref=\"data\">\n\t\t\t\t{\n\t\t\t\t\"sizes\" : {\"medium\":{\"file\":\"SHF_eb00129172-200x300.jpg\",\"width\":200,\"height\":300,\"mime-type\":\"image\\\/jpeg\",\"filesize\":13633},\"large\":{\"file\":\"SHF_eb00129172-682x1024.jpg\",\"width\":682,\"height\":1024,\"mime-type\":\"image\\\/jpeg\",\"filesize\":90768},\"thumbnail\":{\"file\":\"SHF_eb00129172-150x150.jpg\",\"width\":150,\"height\":150,\"mime-type\":\"image\\\/jpeg\",\"filesize\":6328},\"medium_large\":{\"file\":\"SHF_eb00129172-768x1152.jpg\",\"width\":768,\"height\":1152,\"mime-type\":\"image\\\/jpeg\",\"filesize\":109386},\"small\":{\"file\":\"SHF_eb00129172-293x440.jpg\",\"width\":293,\"height\":440,\"mime-type\":\"image\\\/jpeg\",\"filesize\":24435},\"semi\":{\"file\":\"SHF_eb00129172-387x580.jpg\",\"width\":387,\"height\":580,\"mime-type\":\"image\\\/jpeg\",\"filesize\":37768},\"mobile\":{\"file\":\"SHF_eb00129172-480x720.jpg\",\"width\":480,\"height\":720,\"mime-type\":\"image\\\/jpeg\",\"filesize\":52170},\"original\":{\"file\":\"SHF_eb00129172.jpg\",\"width\":853,\"height\":1280}},\n\t\t\t\t\"alt\" : \"Frau mit langen schwarzen Haaren in blauem Saree vor unscharfem Hintergrund aus St\\u00fctzmauern und B\\u00e4umen.\",\n\t\t\t\t\"path\" : \"\\\/wp-content\\\/uploads\\\/2022\\\/10\\\/\",\n\t\t\t\t\"video\" : null,\n\t\t\t\t\"autoplay\" : null,\n\t\t\t\t\"youtube\" : null,\n\t\t\t\t\"youtubelabel\" : \"Video abspielen\",\n\t\t\t\t\"brightness\" : 100,\n\t\t\t\t\"crop\" : null,\n\t\t\t\t\"background\" : true,\n\t\t\t\t\"scale\" : 2\t\t\t\t}\n\t\t\t<\/script>\n\n\t\t\t<div class=\"height-container\" style=\"padding-bottom:150.05861664713%;\" v-if=\"sizes\">\n\t\t\t\t\t\t\t\t<lazy-media :inline=\"true\" :alt=\"alt\" :sizes=\"sizes\" :scale=\"scale\" :brightness=\"brightness\" :path=\"path\" :video=\"video\" :autoplay=\"autoplay\" :youtube=\"youtube\" :crop=\"crop\" :youtubelabel=\"youtubelabel\" :background=\"background\" media-id=\"desc_media_69f402bba6174\"><\/lazy-media>\n\t\t\t\t\t\t\t<\/div>\n\n\t\t\t\t\t\t\t<figcaption class=\"sr-only\" ref=\"body\" id=\"desc_media_69f402bba6174\">\n\t\t\t\t\t\t\t\t\t\t\t\t\t\t\t\t<div>Meena Kandasamy <\/div>\n\t\t\t\t\t\t\t\t\t\t\t\t\t\t\t\t<div class=\"insignificant\">\u00a9 Meena Kandasamy<\/div>\n\t\t\t\t\t\t\t\t\t<\/figcaption>\n\t\t\t\t\t<\/figure>\n\t<\/lazy-media-inline>\n\t\t\t\t<\/div>\n\t\t\t<\/div>\n\t\t\t<div class=\"col-xs-12 teaser-event-text Infos\">\n\t\t\t\t<div class=\"teaser-event-standard-text\">\n\t\t\t\t\t<div class=\"margin-bottom-atom\">\n\t\t\t\t\t\t<div class=\"subline clamp-1\" v-html=\"maingenre\"><\/div>\n\t\t\t\t\t\t\t\t\t\t\t\t\t<div class=\"insignificant clamp-2\">Objekte widersprechen<\/div>\n\t\t\t\t\t\t\t\t\t\t\t<\/div>\n\t\t\t\t\n\t\t\t\t\t<strong class=\"margin-bottom-atom\">manifest. manifestation.<\/strong>\n\n\t\t\t\t\t\t\t\t\t\t\t<div class=\"\">Meena Kandasamy liest und diskutiert ihren Text \u00fcber das Mithuna Liebespaar<\/div>\n\t\t\t\t\t\t\t\t\t<\/div>\n\t\t\t\t<div class=\"teaser-bottom border-bottom\">\n\t\t\t\t<calendardateline :rawitem='item' :show-icon=\"true\"><\/calendardateline>\n\t\t\t\t\t<hr>\n\t\t\t\t<\/div>\n\t\t\t<\/div>\n\t\t<\/div>\n\t<\/a>\n\t<\/calendarteaser>\n<\/li>\n\n\t\t\t\t\t\t<\/ul>\n\t\t\t\t\t<\/div>\n\t\t\t\t<\/div>\n\t\t\t<\/teaser-lane-with-buttons>\n\t\t\t\t<\/lazy-component>\n<\/section>\n\n","protected":false},"template":"","genre":[423],"digital":[],"topic":[],"stakeholder":[382],"editorial":[],"editorialfilter":[],"targetgroup":[],"language":[],"accessability":[],"age":[],"school":[],"groupsize":[],"place":[],"class_list":["post-58619","event-sequence","type-event-sequence","status-publish","has-post-thumbnail","hentry","genre-literatur","stakeholder-stiftung-humboldt-forum-im-berliner-schloss"],"acf":[],"_links":{"self":[{"href":"https:\/\/www.humboldtforum.org\/de\/wp-json\/wp\/v2\/event-sequence\/58619","targetHints":{"allow":["GET"]}}],"collection":[{"href":"https:\/\/www.humboldtforum.org\/de\/wp-json\/wp\/v2\/event-sequence"}],"about":[{"href":"https:\/\/www.humboldtforum.org\/de\/wp-json\/wp\/v2\/types\/event-sequence"}],"version-history":[{"count":12,"href":"https:\/\/www.humboldtforum.org\/de\/wp-json\/wp\/v2\/event-sequence\/58619\/revisions"}],"predecessor-version":[{"id":161288,"href":"https:\/\/www.humboldtforum.org\/de\/wp-json\/wp\/v2\/event-sequence\/58619\/revisions\/161288"}],"wp:featuredmedia":[{"embeddable":true,"href":"https:\/\/www.humboldtforum.org\/de\/wp-json\/wp\/v2\/media\/58627"}],"wp:attachment":[{"href":"https:\/\/www.humboldtforum.org\/de\/wp-json\/wp\/v2\/media?parent=58619"}],"wp:term":[{"taxonomy":"genre","embeddable":true,"href":"https:\/\/www.humboldtforum.org\/de\/wp-json\/wp\/v2\/genre?post=58619"},{"taxonomy":"digital","embeddable":true,"href":"https:\/\/www.humboldtforum.org\/de\/wp-json\/wp\/v2\/digital?post=58619"},{"taxonomy":"topic","embeddable":true,"href":"https:\/\/www.humboldtforum.org\/de\/wp-json\/wp\/v2\/topic?post=58619"},{"taxonomy":"stakeholder","embeddable":true,"href":"https:\/\/www.humboldtforum.org\/de\/wp-json\/wp\/v2\/stakeholder?post=58619"},{"taxonomy":"editorial","embeddable":true,"href":"https:\/\/www.humboldtforum.org\/de\/wp-json\/wp\/v2\/editorial?post=58619"},{"taxonomy":"editorialfilter","embeddable":true,"href":"https:\/\/www.humboldtforum.org\/de\/wp-json\/wp\/v2\/editorialfilter?post=58619"},{"taxonomy":"targetgroup","embeddable":true,"href":"https:\/\/www.humboldtforum.org\/de\/wp-json\/wp\/v2\/targetgroup?post=58619"},{"taxonomy":"language","embeddable":true,"href":"https:\/\/www.humboldtforum.org\/de\/wp-json\/wp\/v2\/language?post=58619"},{"taxonomy":"accessability","embeddable":true,"href":"https:\/\/www.humboldtforum.org\/de\/wp-json\/wp\/v2\/accessability?post=58619"},{"taxonomy":"age","embeddable":true,"href":"https:\/\/www.humboldtforum.org\/de\/wp-json\/wp\/v2\/age?post=58619"},{"taxonomy":"school","embeddable":true,"href":"https:\/\/www.humboldtforum.org\/de\/wp-json\/wp\/v2\/school?post=58619"},{"taxonomy":"groupsize","embeddable":true,"href":"https:\/\/www.humboldtforum.org\/de\/wp-json\/wp\/v2\/groupsize?post=58619"},{"taxonomy":"place","embeddable":true,"href":"https:\/\/www.humboldtforum.org\/de\/wp-json\/wp\/v2\/place?post=58619"}],"curies":[{"name":"wp","href":"https:\/\/api.w.org\/{rel}","templated":true}]}}