{"id":61315,"date":"2022-11-10T13:48:18","date_gmt":"2022-11-10T12:48:18","guid":{"rendered":"https:\/\/www.humboldtforum.org\/?post_type=event-sequence&#038;p=61315"},"modified":"2025-08-11T11:40:28","modified_gmt":"2025-08-11T09:40:28","slug":"spaeti","status":"publish","type":"event-sequence","link":"https:\/\/www.humboldtforum.org\/de\/programm\/event-reihe\/sonstige\/spaeti-61315\/","title":{"rendered":"SP\u00c4TI"},"content":{"rendered":"<section class=\"block block-copy\" >\n    <div class=\"container-fluid\">\n\t\t<div class=\"row \">\n            <div class=\"col-xs-12 col-md-offset-2 col-md-8\">\n                <div class=\"box\">\n                    <div class=\"copy\"><p>Unterwegs kurz anhalten, schnell noch Getr\u00e4nke, Chips oder wichtige Dinge des t\u00e4glichen Bedarfs kaufen und auf Nachbarn treffen. Sp\u00e4tis sind weit mehr als kleine Verkaufsstellen. Es sind sozio-kulturelle Orte, die nicht nur mit un\u00fcblichen \u00d6ffnungszeiten, sondern mit bunten, oft unerwarteten Angeboten und Begegnungen punkten. Ein gut sortierter Sp\u00e4ti geh\u00f6rt in jeden Kiez \u2013 so auch ins Humboldt Forum.<\/p>\n<p>Unser SP\u00c4TI \u00f6ffnet alle zwei Wochen freitags im gro\u00dfen Foyer, schert sich wenig um die offiziellen \u00d6ffnungszeiten und hat neben den obligatorischen Getr\u00e4nken Gespr\u00e4che und Musik im Sortiment. Hier geben K\u00fcnstler*innen erste Einblicke in ihre Arbeiten, spielen Musiker*innen neue Kompositionen oder pr\u00e4sentieren Designer*innen innovative Entw\u00fcrfe. SP\u00c4TI ist eine kleine B\u00fchne des Unvollendeten, der ungew\u00f6hnlichen Konzepte und der ungeplanten Zusammenkunft. Sie wollen eigentlich nur ein Wegbier? Im SP\u00c4TI erhalten Sie ein paar neue Ideen und Gespr\u00e4che dazu \u2013 ohne Anmeldung und kostenfrei.<\/p>\n<\/div>\n                <\/div>\n            <\/div>\n\t\t<\/div>\n\t\t    <\/div>\n<\/section>\n\n\n\n\n<section class=\"block block-teaser col-lane \" style=\"\">\n\t<lazy-component :fixed-min-height=\"400\">\n\t\n\t\t\t\t\t<teaser-lane-with-buttons inline-template tracking-label=\"vergangene Veranstaltungen\">\n\t\t\t\t<div class=\"teaser-lane-with-buttons\">\n\t\t\t\t\t<div class=\"container-fluid\">\n\t\t\t\t\t\t<div class=\"row bottom-xs\">\n\t\t\t\t\t\t\t<div class=\"col-xs-12 col-md-8\">\n\t\t\t\t\t\t\t\t\t\t\t\t\t\t\t\t\t<h4>vergangene Veranstaltungen<\/h4>\t\t\t\t\t\t\t\t\t\t\t\t\t\t\t\t\t\t\t\t\t\t\t\t<\/div>\n\t\t\t\t\t\t\t<div class=\"col-xs-12 col-md-4 start-xs end-md margin-bottom-sixth teaser-lane-buttons-wrapper teaser-lane-buttons-wrapper-with-tax\">\n\t\t\t\t\t\t\t\t<a href=\"https:\/\/www.humboldtforum.org\/de\/programm\/?belongsto=61315&#038;archive=1\" class=\"normalcase small noborder\" role=\"button\">Alle anzeigen (30)<\/a>\t\t\t\t\t\t\t\t<teaser-lane-buttons :visible_prev=\"visible_prev\" :visible_next=\"visible_next\" @prev=\"prev\" @next=\"next\"><\/teaser-lane-buttons>\n\t\t\t\t\t\t\t<\/div>\n\t\t\t\t\t\t<\/div>\n\t\t\t\t\t<\/div>\n\t\t\t\t\t<div class=\"teaser-lane-wrapper\">\n\t\t\t\t\t\t<ul class=\"teaser-lane\">\n\t\t\t\t\t\t\t\t\t\t\t\t\t\t<li class=\"teaser-lane-slide col-xs-9 col-sm-4 col-md-3 teaser-wrapper col-padding-remove\">\n\t<calendarteaser key=\"15634115591\" rawitem='{&quot;postId&quot;:156341,&quot;title&quot;:&quot;WHO CARED&quot;,&quot;excerpt&quot;:&quot;&quot;,&quot;slug&quot;:&quot;who-cared-generationen-gespraeche-ueber-heimat-und-care-migration&quot;,&quot;post_date&quot;:&quot;2025-11-26T10:27&quot;,&quot;type&quot;:&quot;event&quot;,&quot;permalink&quot;:&quot;https:\\\/\\\/www.humboldtforum.org\\\/de\\\/programm\\\/termin\\\/gespraech\\\/who-cared-generationen-gespraeche-ueber-heimat-und-care-migration-156341\\\/&quot;,&quot;genre&quot;:[1078],&quot;genre_details&quot;:[{&quot;text&quot;:&quot;Gespr\\u00e4ch&quot;,&quot;id&quot;:1078,&quot;icon&quot;:null,&quot;parent&quot;:0}],&quot;stakeholder&quot;:[382],&quot;stakeholder_details&quot;:[{&quot;text&quot;:&quot;Stiftung Humboldt Forum im Berliner Schloss&quot;,&quot;id&quot;:382,&quot;icon&quot;:null,&quot;parent&quot;:0}],&quot;language&quot;:[384],&quot;language_details&quot;:[{&quot;text&quot;:&quot;Deutsch&quot;,&quot;id&quot;:384,&quot;icon&quot;:null,&quot;parent&quot;:0}],&quot;place&quot;:[1558],&quot;place_details&quot;:{&quot;place&quot;:&quot;Mechanische Arena im Foyer&quot;,&quot;map&quot;:&quot;Humboldt Forum, Schlossplatz, Berlin&quot;,&quot;room&quot;:&quot;&quot;},&quot;icon_overwrite&quot;:&quot;&quot;,&quot;acf&quot;:{&quot;noindex&quot;:false,&quot;keywords&quot;:&quot;&quot;,&quot;hashtag&quot;:&quot;HumboldtForum&quot;,&quot;belongsto&quot;:[61315,148458],&quot;shorturl&quot;:&quot;&quot;,&quot;planning&quot;:{&quot;price&quot;:&quot;kostenfrei&quot;,&quot;admission&quot;:&quot;&quot;,&quot;pause&quot;:&quot;&quot;,&quot;duration&quot;:&quot;&quot;},&quot;additional_info&quot;:{&quot;icon&quot;:&quot;0&quot;,&quot;text&quot;:&quot;&quot;},&quot;highlight_header&quot;:false,&quot;use_video_in_teasers&quot;:false,&quot;hyphenation&quot;:true,&quot;tipp&quot;:false,&quot;joker&quot;:false,&quot;live&quot;:false,&quot;hide_event_in_program&quot;:false,&quot;gomus_id&quot;:&quot;&quot;,&quot;times&quot;:[],&quot;featured_images&quot;:[156351,156349],&quot;hm_id&quot;:&quot;&quot;,&quot;subline&quot;:&quot;Generationen-Gespr\\u00e4che \\u00fcber Heimat und Care-Migration&quot;},&quot;date&quot;:{&quot;NX&quot;:null,&quot;NXX&quot;:null,&quot;NLAST&quot;:&quot;202604241230&quot;,&quot;from_DATE&quot;:&quot;20260424 16:30&quot;,&quot;from&quot;:1777033800,&quot;to&quot;:1777033800,&quot;to_DATE&quot;:&quot;20260424 16:30&quot;,&quot;from_HRFSHORT&quot;:&quot;24. Apr 2026&quot;,&quot;from_HRFSHORT_WD&quot;:&quot;Fr 24.04.2026&quot;,&quot;to_HRFSHORT&quot;:&quot;24. Apr 2026&quot;,&quot;to_HRFSHORT_WD&quot;:&quot;Fr 24.04.2026&quot;,&quot;from_HRF&quot;:&quot;Fr, 24. April 2026&quot;,&quot;to_HRF&quot;:&quot;Fr, 24. April 2026&quot;,&quot;from_to_HRF&quot;:&quot;Fr, 24. April \\u2013 Fr, 24. April 2026&quot;,&quot;from_to_HRFSHORT&quot;:&quot;24. Apr \\u2013 24. Apr 2026&quot;},&quot;alert&quot;:null,&quot;partof&quot;:[61315],&quot;marketing_topic&quot;:{&quot;title&quot;:&quot;SP\\u00c4TI&quot;,&quot;ID&quot;:61315,&quot;reason&quot;:&quot;sequence&quot;}}' inline-template>\n\t<a href=\"https:\/\/www.humboldtforum.org\/de\/programm\/termin\/gespraech\/who-cared-generationen-gespraeche-ueber-heimat-und-care-migration-156341\/\" class=\"teaser teaser-event teaser-event-standard\">\n\t\t<div class=\"row\">\n\t\t\t<div class=\"col-xs-12 teaser-event-image\">\n\t\t\t\t<div class=\"teaser-image teaser-image-no-alternate\">\n\t\t\t\t\t\t\t\t\t\t\t\n\t<lazy-media-inline inline-template>\n\t\t<figure itemscope itemtype=\"http:\/\/schema.org\/ImageObject\" class=\"lazy-media-inline \" role=\"group\" id=\"media_69edbba1dafb6\" aria-labelledby=\"desc_media_69edbba1dafb6\">\n\t\t\t<script type=\"application\/json\" ref=\"data\">\n\t\t\t\t{\n\t\t\t\t\"sizes\" : {\"medium\":{\"file\":\"SHF_eb00258063-240x300.jpg\",\"width\":240,\"height\":300,\"mime-type\":\"image\\\/jpeg\",\"filesize\":13187},\"large\":{\"file\":\"SHF_eb00258063-819x1024.jpg\",\"width\":819,\"height\":1024,\"mime-type\":\"image\\\/jpeg\",\"filesize\":69208},\"thumbnail\":{\"file\":\"SHF_eb00258063-150x150.jpg\",\"width\":150,\"height\":150,\"mime-type\":\"image\\\/jpeg\",\"filesize\":6157},\"medium_large\":{\"file\":\"SHF_eb00258063-768x960.jpg\",\"width\":768,\"height\":960,\"mime-type\":\"image\\\/jpeg\",\"filesize\":63016},\"small\":{\"file\":\"SHF_eb00258063-352x440.jpg\",\"width\":352,\"height\":440,\"mime-type\":\"image\\\/jpeg\",\"filesize\":22045},\"semi\":{\"file\":\"SHF_eb00258063-464x580.jpg\",\"width\":464,\"height\":580,\"mime-type\":\"image\\\/jpeg\",\"filesize\":31983},\"mobile\":{\"file\":\"SHF_eb00258063-576x720.jpg\",\"width\":576,\"height\":720,\"mime-type\":\"image\\\/jpeg\",\"filesize\":42262},\"hd\":{\"file\":\"SHF_eb00258063-1024x1280.jpg\",\"width\":1024,\"height\":1280,\"mime-type\":\"image\\\/jpeg\",\"filesize\":95939},\"full\":{\"file\":\"SHF_eb00258063-1536x1920.jpg\",\"width\":1536,\"height\":1920,\"mime-type\":\"image\\\/jpeg\",\"filesize\":177568},\"1536x1536\":{\"file\":\"SHF_eb00258063-1229x1536.jpg\",\"width\":1229,\"height\":1536,\"mime-type\":\"image\\\/jpeg\",\"filesize\":125865},\"2048x2048\":{\"file\":\"SHF_eb00258063-1638x2048.jpg\",\"width\":1638,\"height\":2048,\"mime-type\":\"image\\\/jpeg\",\"filesize\":196537},\"original\":{\"file\":\"SHF_eb00258063.jpg\",\"width\":2160,\"height\":2700}},\n\t\t\t\t\"alt\" : \"Eine Gruppe von Frauen in Uniform steht zusammen, dar\\u00fcber der Schriftzug \\u201eWHO CARED\\u201c.\",\n\t\t\t\t\"path\" : \"\\\/wp-content\\\/uploads\\\/2025\\\/11\\\/\",\n\t\t\t\t\"video\" : null,\n\t\t\t\t\"autoplay\" : null,\n\t\t\t\t\"youtube\" : null,\n\t\t\t\t\"youtubelabel\" : \"Video abspielen\",\n\t\t\t\t\"brightness\" : 100,\n\t\t\t\t\"crop\" : {\"top\":\"83.06\",\"left\":\"49.42\"},\n\t\t\t\t\"background\" : true,\n\t\t\t\t\"scale\" : 2\t\t\t\t}\n\t\t\t<\/script>\n\n\t\t\t<div class=\"height-container\" style=\"padding-bottom:125%;\" v-if=\"sizes\">\n\t\t\t\t\t\t\t\t<lazy-media :inline=\"true\" :alt=\"alt\" :sizes=\"sizes\" :scale=\"scale\" :brightness=\"brightness\" :path=\"path\" :video=\"video\" :autoplay=\"autoplay\" :youtube=\"youtube\" :crop=\"crop\" :youtubelabel=\"youtubelabel\" :background=\"background\" media-id=\"desc_media_69edbba1dafb6\"><\/lazy-media>\n\t\t\t\t\t\t\t<\/div>\n\n\t\t\t\t\t\t\t<figcaption class=\"sr-only\" ref=\"body\" id=\"desc_media_69edbba1dafb6\">\n\t\t\t\t\t\t\t\t\t\t\t<div>WHO CARED Visual \/ Sp&auml;ti 09.01.2026<\/div>\n\t\t\t\t\t\t\t\t\t\t\t\t\t\t\t\t\t\t\t\t\t<div class=\"insignificant\">\u00a9 WHO CARED \/ Masala Movement e. V.<\/div>\n\t\t\t\t\t\t\t\t\t<\/figcaption>\n\t\t\t\t\t<\/figure>\n\t<\/lazy-media-inline>\n\t\t\t\t<\/div>\n\t\t\t<\/div>\n\t\t\t<div class=\"col-xs-12 teaser-event-text Infos\">\n\t\t\t\t<div class=\"teaser-event-standard-text\">\n\t\t\t\t\t<div class=\"margin-bottom-atom\">\n\t\t\t\t\t\t<div class=\"subline clamp-1\" v-html=\"maingenre\"><\/div>\n\t\t\t\t\t\t\t\t\t\t\t\t\t<div class=\"insignificant clamp-2\">SP\u00c4TI<\/div>\n\t\t\t\t\t\t\t\t\t\t\t<\/div>\n\t\t\t\t\n\t\t\t\t\t<strong class=\"margin-bottom-atom\">WHO CARED<\/strong>\n\n\t\t\t\t\t\t\t\t\t\t\t<div class=\"\">Generationen-Gespr\u00e4che \u00fcber Heimat und Care-Migration<\/div>\n\t\t\t\t\t\t\t\t\t<\/div>\n\t\t\t\t<div class=\"teaser-bottom border-bottom\">\n\t\t\t\t<calendardateline :rawitem='item' :show-icon=\"true\"><\/calendardateline>\n\t\t\t\t\t<hr>\n\t\t\t\t<\/div>\n\t\t\t<\/div>\n\t\t<\/div>\n\t<\/a>\n\t<\/calendarteaser>\n<\/li>\n\n<li class=\"teaser-lane-slide col-xs-9 col-sm-4 col-md-3 teaser-wrapper col-padding-remove\">\n\t<calendarteaser key=\"1611835626\" rawitem='{&quot;postId&quot;:161183,&quot;title&quot;:&quot;Kunst, Freiheit und Schutz - Gespr\\u00e4ch mit Artists at Risk und Bar\\u0131\\u015f Seyitvan&quot;,&quot;excerpt&quot;:&quot;&quot;,&quot;slug&quot;:&quot;kunst-freiheit-und-schuetz-gespraech-mit-artists-at-risk-und-baris-seyitvan&quot;,&quot;post_date&quot;:&quot;2026-03-18T11:22&quot;,&quot;type&quot;:&quot;event&quot;,&quot;permalink&quot;:&quot;https:\\\/\\\/www.humboldtforum.org\\\/de\\\/programm\\\/termin\\\/gespraech\\\/kunst-freiheit-und-schuetz-gespraech-mit-artists-at-risk-und-baris-seyitvan-161183\\\/&quot;,&quot;genre&quot;:[1078],&quot;genre_details&quot;:[{&quot;text&quot;:&quot;Gespr\\u00e4ch&quot;,&quot;id&quot;:1078,&quot;icon&quot;:null,&quot;parent&quot;:0}],&quot;stakeholder&quot;:[382],&quot;stakeholder_details&quot;:[{&quot;text&quot;:&quot;Stiftung Humboldt Forum im Berliner Schloss&quot;,&quot;id&quot;:382,&quot;icon&quot;:null,&quot;parent&quot;:0}],&quot;place&quot;:[1558],&quot;place_details&quot;:{&quot;place&quot;:&quot;Mechanische Arena im Foyer&quot;,&quot;map&quot;:&quot;Humboldt Forum, Schlossplatz, Berlin&quot;,&quot;room&quot;:&quot;&quot;},&quot;icon_overwrite&quot;:&quot;&quot;,&quot;acf&quot;:{&quot;noindex&quot;:false,&quot;keywords&quot;:&quot;&quot;,&quot;hashtag&quot;:&quot;HumboldtForum&quot;,&quot;belongsto&quot;:[61315],&quot;shorturl&quot;:&quot;&quot;,&quot;times&quot;:[],&quot;planning&quot;:{&quot;price&quot;:&quot;kostenfrei&quot;,&quot;admission&quot;:&quot;&quot;,&quot;pause&quot;:&quot;&quot;,&quot;duration&quot;:&quot;&quot;},&quot;subline&quot;:&quot;mit DJ Alissa Zaddi&quot;,&quot;additional_info&quot;:{&quot;icon&quot;:&quot;0&quot;,&quot;text&quot;:&quot;&quot;},&quot;highlight_header&quot;:false,&quot;featured_images&quot;:[161184],&quot;use_video_in_teasers&quot;:false,&quot;hyphenation&quot;:true,&quot;tipp&quot;:false,&quot;joker&quot;:false,&quot;live&quot;:false,&quot;hide_event_in_program&quot;:false,&quot;gomus_id&quot;:&quot;&quot;,&quot;hm_id&quot;:&quot;&quot;},&quot;date&quot;:{&quot;NX&quot;:null,&quot;NXX&quot;:null,&quot;NLAST&quot;:&quot;202603271430&quot;,&quot;from_DATE&quot;:&quot;20260327 16:30&quot;,&quot;from&quot;:1774621800,&quot;to&quot;:1774621800,&quot;to_DATE&quot;:&quot;20260327 16:30&quot;,&quot;from_HRFSHORT&quot;:&quot;27. M\\u00e4r 2026&quot;,&quot;from_HRFSHORT_WD&quot;:&quot;Fr 27.03.2026&quot;,&quot;to_HRFSHORT&quot;:&quot;27. M\\u00e4r 2026&quot;,&quot;to_HRFSHORT_WD&quot;:&quot;Fr 27.03.2026&quot;,&quot;from_HRF&quot;:&quot;Fr, 27. M\\u00e4rz 2026&quot;,&quot;to_HRF&quot;:&quot;Fr, 27. M\\u00e4rz 2026&quot;,&quot;from_to_HRF&quot;:&quot;Fr, 27. M\\u00e4rz \\u2013 Fr, 27. M\\u00e4rz 2026&quot;,&quot;from_to_HRFSHORT&quot;:&quot;27. M\\u00e4r \\u2013 27. M\\u00e4r 2026&quot;},&quot;alert&quot;:null,&quot;partof&quot;:[61315],&quot;marketing_topic&quot;:{&quot;title&quot;:&quot;SP\\u00c4TI&quot;,&quot;ID&quot;:61315,&quot;reason&quot;:&quot;sequence&quot;}}' inline-template>\n\t<a href=\"https:\/\/www.humboldtforum.org\/de\/programm\/termin\/gespraech\/kunst-freiheit-und-schuetz-gespraech-mit-artists-at-risk-und-baris-seyitvan-161183\/\" class=\"teaser teaser-event teaser-event-standard\">\n\t\t<div class=\"row\">\n\t\t\t<div class=\"col-xs-12 teaser-event-image\">\n\t\t\t\t<div class=\"teaser-image teaser-image-no-alternate\">\n\t\t\t\t\t\t\t\t\t\t\t\n\t<lazy-media-inline inline-template>\n\t\t<figure itemscope itemtype=\"http:\/\/schema.org\/ImageObject\" class=\"lazy-media-inline \" role=\"group\" id=\"media_69edbba1dcc0a\" aria-labelledby=\"desc_media_69edbba1dcc0a\">\n\t\t\t<script type=\"application\/json\" ref=\"data\">\n\t\t\t\t{\n\t\t\t\t\"sizes\" : {\"medium\":{\"file\":\"SHF_eb00264322-300x200.jpg\",\"width\":300,\"height\":200,\"mime-type\":\"image\\\/jpeg\",\"filesize\":13282},\"large\":{\"file\":\"SHF_eb00264322-1024x683.jpg\",\"width\":1024,\"height\":683,\"mime-type\":\"image\\\/jpeg\",\"filesize\":93407},\"thumbnail\":{\"file\":\"SHF_eb00264322-150x150.jpg\",\"width\":150,\"height\":150,\"mime-type\":\"image\\\/jpeg\",\"filesize\":6038},\"medium_large\":{\"file\":\"SHF_eb00264322-768x512.jpg\",\"width\":768,\"height\":512,\"mime-type\":\"image\\\/jpeg\",\"filesize\":59623},\"small\":{\"file\":\"SHF_eb00264322-440x294.jpg\",\"width\":440,\"height\":294,\"mime-type\":\"image\\\/jpeg\",\"filesize\":24613},\"semi\":{\"file\":\"SHF_eb00264322-580x387.jpg\",\"width\":580,\"height\":387,\"mime-type\":\"image\\\/jpeg\",\"filesize\":38801},\"mobile\":{\"file\":\"SHF_eb00264322-720x480.jpg\",\"width\":720,\"height\":480,\"mime-type\":\"image\\\/jpeg\",\"filesize\":53614},\"original\":{\"file\":\"SHF_eb00264322.jpg\",\"width\":1280,\"height\":854}},\n\t\t\t\t\"alt\" : \"Ein Mann steht barfu\\u00df in einem Raum, h\\u00e4lt einen Topf mit einer Pflanze, w\\u00e4hrend Kunstwerke an der Wand h\\u00e4ngen.\",\n\t\t\t\t\"path\" : \"\\\/wp-content\\\/uploads\\\/2026\\\/03\\\/\",\n\t\t\t\t\"video\" : null,\n\t\t\t\t\"autoplay\" : null,\n\t\t\t\t\"youtube\" : null,\n\t\t\t\t\"youtubelabel\" : \"Video abspielen\",\n\t\t\t\t\"brightness\" : 100,\n\t\t\t\t\"crop\" : {\"top\":\"21.49\",\"left\":\"49.91\"},\n\t\t\t\t\"background\" : true,\n\t\t\t\t\"scale\" : 2\t\t\t\t}\n\t\t\t<\/script>\n\n\t\t\t<div class=\"height-container\" style=\"padding-bottom:66.71875%;\" v-if=\"sizes\">\n\t\t\t\t\t\t\t\t<lazy-media :inline=\"true\" :alt=\"alt\" :sizes=\"sizes\" :scale=\"scale\" :brightness=\"brightness\" :path=\"path\" :video=\"video\" :autoplay=\"autoplay\" :youtube=\"youtube\" :crop=\"crop\" :youtubelabel=\"youtubelabel\" :background=\"background\" media-id=\"desc_media_69edbba1dcc0a\"><\/lazy-media>\n\t\t\t\t\t\t\t<\/div>\n\n\t\t\t\t\t\t\t<figcaption class=\"sr-only\" ref=\"body\" id=\"desc_media_69edbba1dcc0a\">\n\t\t\t\t\t\t\t\t\t\t\t<div>Bar\u0131\u015f Seyitvan, Artists at Risk Pavilion, Pre-Opening, Venedig Biennale 2024<\/div>\n\t\t\t\t\t\t\t\t\t\t\t\t\t\t\t\t\t\t\t\t\t<div class=\"insignificant\">\u00a9 ReCompose<\/div>\n\t\t\t\t\t\t\t\t\t<\/figcaption>\n\t\t\t\t\t<\/figure>\n\t<\/lazy-media-inline>\n\t\t\t\t<\/div>\n\t\t\t<\/div>\n\t\t\t<div class=\"col-xs-12 teaser-event-text Infos\">\n\t\t\t\t<div class=\"teaser-event-standard-text\">\n\t\t\t\t\t<div class=\"margin-bottom-atom\">\n\t\t\t\t\t\t<div class=\"subline clamp-1\" v-html=\"maingenre\"><\/div>\n\t\t\t\t\t\t\t\t\t\t\t\t\t<div class=\"insignificant clamp-2\">SP\u00c4TI<\/div>\n\t\t\t\t\t\t\t\t\t\t\t<\/div>\n\t\t\t\t\n\t\t\t\t\t<strong class=\"margin-bottom-atom\">Kunst, Freiheit und Schutz &#8211; Gespr\u00e4ch mit Artists at Risk und Bar\u0131\u015f Seyitvan<\/strong>\n\n\t\t\t\t\t\t\t\t\t\t\t<div class=\"\">mit DJ Alissa Zaddi<\/div>\n\t\t\t\t\t\t\t\t\t<\/div>\n\t\t\t\t<div class=\"teaser-bottom border-bottom\">\n\t\t\t\t<calendardateline :rawitem='item' :show-icon=\"true\"><\/calendardateline>\n\t\t\t\t\t<hr>\n\t\t\t\t<\/div>\n\t\t\t<\/div>\n\t\t<\/div>\n\t<\/a>\n\t<\/calendarteaser>\n<\/li>\n\n<li class=\"teaser-lane-slide col-xs-9 col-sm-4 col-md-3 teaser-wrapper col-padding-remove\">\n\t<calendarteaser key=\"1580484934\" rawitem='{&quot;postId&quot;:158048,&quot;title&quot;:&quot;Nachbar - Nomade&quot;,&quot;excerpt&quot;:&quot;&quot;,&quot;slug&quot;:&quot;nachbar-nomade&quot;,&quot;post_date&quot;:&quot;2026-01-16T13:21&quot;,&quot;type&quot;:&quot;event&quot;,&quot;permalink&quot;:&quot;https:\\\/\\\/www.humboldtforum.org\\\/de\\\/programm\\\/termin\\\/gespraech\\\/nachbar-nomade-158048\\\/&quot;,&quot;genre&quot;:[1078],&quot;genre_details&quot;:[{&quot;text&quot;:&quot;Gespr\\u00e4ch&quot;,&quot;id&quot;:1078,&quot;icon&quot;:null,&quot;parent&quot;:0}],&quot;stakeholder&quot;:[382],&quot;stakeholder_details&quot;:[{&quot;text&quot;:&quot;Stiftung Humboldt Forum im Berliner Schloss&quot;,&quot;id&quot;:382,&quot;icon&quot;:null,&quot;parent&quot;:0}],&quot;language&quot;:[385],&quot;language_details&quot;:[{&quot;text&quot;:&quot;Englisch&quot;,&quot;id&quot;:385,&quot;icon&quot;:null,&quot;parent&quot;:0}],&quot;place&quot;:[1558],&quot;place_details&quot;:{&quot;place&quot;:&quot;Mechanische Arena im Foyer&quot;,&quot;map&quot;:&quot;Humboldt Forum, Schlossplatz, Berlin&quot;,&quot;room&quot;:&quot;&quot;},&quot;icon_overwrite&quot;:&quot;&quot;,&quot;acf&quot;:{&quot;noindex&quot;:false,&quot;keywords&quot;:&quot;&quot;,&quot;hashtag&quot;:&quot;HumboldtForum&quot;,&quot;belongsto&quot;:[61315,148458],&quot;shorturl&quot;:&quot;&quot;,&quot;times&quot;:[],&quot;planning&quot;:{&quot;price&quot;:&quot;kostenfrei&quot;,&quot;admission&quot;:&quot;&quot;,&quot;pause&quot;:&quot;&quot;,&quot;duration&quot;:&quot;&quot;},&quot;additional_info&quot;:{&quot;icon&quot;:&quot;0&quot;,&quot;text&quot;:&quot;&quot;},&quot;highlight_header&quot;:false,&quot;featured_images&quot;:[158104],&quot;use_video_in_teasers&quot;:false,&quot;hyphenation&quot;:true,&quot;tipp&quot;:true,&quot;joker&quot;:false,&quot;live&quot;:false,&quot;hide_event_in_program&quot;:false,&quot;gomus_id&quot;:&quot;&quot;,&quot;hm_id&quot;:&quot;&quot;,&quot;subline&quot;:&quot;Presence Out of Place&quot;},&quot;date&quot;:{&quot;NX&quot;:null,&quot;NXX&quot;:null,&quot;NLAST&quot;:&quot;202601301430&quot;,&quot;from_DATE&quot;:&quot;20260130 16:30&quot;,&quot;from&quot;:1769783400,&quot;to&quot;:1769783400,&quot;to_DATE&quot;:&quot;20260130 16:30&quot;,&quot;from_HRFSHORT&quot;:&quot;30. Jan 2026&quot;,&quot;from_HRFSHORT_WD&quot;:&quot;Fr 30.01.2026&quot;,&quot;to_HRFSHORT&quot;:&quot;30. Jan 2026&quot;,&quot;to_HRFSHORT_WD&quot;:&quot;Fr 30.01.2026&quot;,&quot;from_HRF&quot;:&quot;Fr, 30. Januar 2026&quot;,&quot;to_HRF&quot;:&quot;Fr, 30. Januar 2026&quot;,&quot;from_to_HRF&quot;:&quot;Fr, 30. Januar \\u2013 Fr, 30. Januar 2026&quot;,&quot;from_to_HRFSHORT&quot;:&quot;30. Jan \\u2013 30. Jan 2026&quot;},&quot;alert&quot;:&quot;Tipp&quot;,&quot;partof&quot;:[61315],&quot;marketing_topic&quot;:{&quot;title&quot;:&quot;SP\\u00c4TI&quot;,&quot;ID&quot;:61315,&quot;reason&quot;:&quot;sequence&quot;}}' inline-template>\n\t<a href=\"https:\/\/www.humboldtforum.org\/de\/programm\/termin\/gespraech\/nachbar-nomade-158048\/\" class=\"teaser teaser-event teaser-event-standard\">\n\t\t<div class=\"row\">\n\t\t\t<div class=\"col-xs-12 teaser-event-image\">\n\t\t\t\t<div class=\"teaser-image teaser-image-no-alternate\">\n\t\t\t\t\t\t\t\t\t\t\t\t\t<span class=\"alert\">Tipp<\/span>\n\t\t\t\t\t\t\t\t\t\t\t\n\t<lazy-media-inline inline-template>\n\t\t<figure itemscope itemtype=\"http:\/\/schema.org\/ImageObject\" class=\"lazy-media-inline \" role=\"group\" id=\"media_69edbba1de867\" aria-labelledby=\"desc_media_69edbba1de867\">\n\t\t\t<script type=\"application\/json\" ref=\"data\">\n\t\t\t\t{\n\t\t\t\t\"sizes\" : {\"medium\":{\"file\":\"SHF_eb00258825-300x200.jpg\",\"width\":300,\"height\":200,\"mime-type\":\"image\\\/jpeg\",\"filesize\":7817},\"large\":{\"file\":\"SHF_eb00258825-1024x683.jpg\",\"width\":1024,\"height\":683,\"mime-type\":\"image\\\/jpeg\",\"filesize\":49989},\"thumbnail\":{\"file\":\"SHF_eb00258825-150x150.jpg\",\"width\":150,\"height\":150,\"mime-type\":\"image\\\/jpeg\",\"filesize\":4707},\"medium_large\":{\"file\":\"SHF_eb00258825-768x512.jpg\",\"width\":768,\"height\":512,\"mime-type\":\"image\\\/jpeg\",\"filesize\":31363},\"small\":{\"file\":\"SHF_eb00258825-440x293.jpg\",\"width\":440,\"height\":293,\"mime-type\":\"image\\\/jpeg\",\"filesize\":13502},\"semi\":{\"file\":\"SHF_eb00258825-580x387.jpg\",\"width\":580,\"height\":387,\"mime-type\":\"image\\\/jpeg\",\"filesize\":20529},\"mobile\":{\"file\":\"SHF_eb00258825-720x480.jpg\",\"width\":720,\"height\":480,\"mime-type\":\"image\\\/jpeg\",\"filesize\":28344},\"hd\":{\"file\":\"SHF_eb00258825-1280x853.jpg\",\"width\":1280,\"height\":853,\"mime-type\":\"image\\\/jpeg\",\"filesize\":73516},\"full\":{\"file\":\"SHF_eb00258825-1920x1280.jpg\",\"width\":1920,\"height\":1280,\"mime-type\":\"image\\\/jpeg\",\"filesize\":162857},\"xxl\":{\"file\":\"SHF_eb00258825-4048x2699.jpg\",\"width\":4048,\"height\":2699,\"mime-type\":\"image\\\/jpeg\",\"filesize\":887988},\"1536x1536\":{\"file\":\"SHF_eb00258825-1536x1024.jpg\",\"width\":1536,\"height\":1024,\"mime-type\":\"image\\\/jpeg\",\"filesize\":103339},\"2048x2048\":{\"file\":\"SHF_eb00258825-2048x1365.jpg\",\"width\":2048,\"height\":1365,\"mime-type\":\"image\\\/jpeg\",\"filesize\":187114},\"original\":{\"file\":\"SHF_eb00258825.jpg\",\"width\":6000,\"height\":4000}},\n\t\t\t\t\"alt\" : \"\",\n\t\t\t\t\"path\" : \"\\\/wp-content\\\/uploads\\\/2026\\\/01\\\/\",\n\t\t\t\t\"video\" : null,\n\t\t\t\t\"autoplay\" : null,\n\t\t\t\t\"youtube\" : null,\n\t\t\t\t\"youtubelabel\" : \"Video abspielen\",\n\t\t\t\t\"brightness\" : 100,\n\t\t\t\t\"crop\" : {\"top\":\"18.40\",\"left\":\"45.50\"},\n\t\t\t\t\"background\" : true,\n\t\t\t\t\"scale\" : 2\t\t\t\t}\n\t\t\t<\/script>\n\n\t\t\t<div class=\"height-container\" style=\"padding-bottom:66.666666666667%;\" v-if=\"sizes\">\n\t\t\t\t\t\t\t\t<lazy-media :inline=\"true\" :alt=\"alt\" :sizes=\"sizes\" :scale=\"scale\" :brightness=\"brightness\" :path=\"path\" :video=\"video\" :autoplay=\"autoplay\" :youtube=\"youtube\" :crop=\"crop\" :youtubelabel=\"youtubelabel\" :background=\"background\" media-id=\"desc_media_69edbba1de867\"><\/lazy-media>\n\t\t\t\t\t\t\t<\/div>\n\n\t\t\t\t\t\t\t<figcaption class=\"sr-only\" ref=\"body\" id=\"desc_media_69edbba1de867\">\n\t\t\t\t\t\t\t\t\t\t\t\t\t\t\t\t<div>Logan February bei einem Gespr&auml;ch in der mechanischen Arena bei der Transkontinentale 2025 <\/div>\n\t\t\t\t\t\t\t\t\t\t\t\t\t\t\t\t<div class=\"insignificant\">\u00a9 Stiftung Humboldt Forum im Berliner Schloss, Foto: Stefanie Loos<\/div>\n\t\t\t\t\t\t\t\t\t<\/figcaption>\n\t\t\t\t\t<\/figure>\n\t<\/lazy-media-inline>\n\t\t\t\t<\/div>\n\t\t\t<\/div>\n\t\t\t<div class=\"col-xs-12 teaser-event-text Infos\">\n\t\t\t\t<div class=\"teaser-event-standard-text\">\n\t\t\t\t\t<div class=\"margin-bottom-atom\">\n\t\t\t\t\t\t<div class=\"subline clamp-1\" v-html=\"maingenre\"><\/div>\n\t\t\t\t\t\t\t\t\t\t\t\t\t<div class=\"insignificant clamp-2\">SP\u00c4TI<\/div>\n\t\t\t\t\t\t\t\t\t\t\t<\/div>\n\t\t\t\t\n\t\t\t\t\t<strong class=\"margin-bottom-atom\">Nachbar &#8211; Nomade<\/strong>\n\n\t\t\t\t\t\t\t\t\t\t\t<div class=\"\">Presence Out of Place<\/div>\n\t\t\t\t\t\t\t\t\t<\/div>\n\t\t\t\t<div class=\"teaser-bottom border-bottom\">\n\t\t\t\t<calendardateline :rawitem='item' :show-icon=\"true\"><\/calendardateline>\n\t\t\t\t\t<hr>\n\t\t\t\t<\/div>\n\t\t\t<\/div>\n\t\t<\/div>\n\t<\/a>\n\t<\/calendarteaser>\n<\/li>\n\n<li class=\"teaser-lane-slide col-xs-9 col-sm-4 col-md-3 teaser-wrapper col-padding-remove\">\n\t<calendarteaser key=\"1559452409\" rawitem='{&quot;postId&quot;:155945,&quot;title&quot;:&quot;Frauen in der Geschichte sichtbar machen&quot;,&quot;excerpt&quot;:&quot;&quot;,&quot;slug&quot;:&quot;frauen-in-der-geschichte-sichtbar-machen&quot;,&quot;post_date&quot;:&quot;2025-11-19T13:05&quot;,&quot;type&quot;:&quot;event&quot;,&quot;permalink&quot;:&quot;https:\\\/\\\/www.humboldtforum.org\\\/de\\\/programm\\\/termin\\\/gespraech\\\/frauen-in-der-geschichte-sichtbar-machen-155945\\\/&quot;,&quot;genre&quot;:[1078],&quot;genre_details&quot;:[{&quot;text&quot;:&quot;Gespr\\u00e4ch&quot;,&quot;id&quot;:1078,&quot;icon&quot;:null,&quot;parent&quot;:0}],&quot;language&quot;:[386],&quot;language_details&quot;:[{&quot;text&quot;:&quot;Spanisch&quot;,&quot;id&quot;:386,&quot;icon&quot;:null,&quot;parent&quot;:0}],&quot;place&quot;:[1558],&quot;place_details&quot;:{&quot;place&quot;:&quot;Mechanische Arena im Foyer&quot;,&quot;map&quot;:&quot;Humboldt Forum, Schlossplatz, Berlin&quot;,&quot;room&quot;:&quot;&quot;},&quot;icon_overwrite&quot;:&quot;&quot;,&quot;acf&quot;:{&quot;noindex&quot;:false,&quot;keywords&quot;:&quot;&quot;,&quot;hashtag&quot;:&quot;HumboldtForum&quot;,&quot;belongsto&quot;:[61315],&quot;shorturl&quot;:&quot;&quot;,&quot;times&quot;:[],&quot;planning&quot;:{&quot;price&quot;:&quot;kostenfrei&quot;,&quot;admission&quot;:&quot;&quot;,&quot;pause&quot;:&quot;&quot;,&quot;duration&quot;:&quot;&quot;},&quot;subline&quot;:&quot;Das Projekt WIRKSAM auf der Albrechtsburg Mei\\u00dfen und im Humboldt Forum&quot;,&quot;additional_info&quot;:{&quot;icon&quot;:&quot;0&quot;,&quot;text&quot;:&quot;&quot;},&quot;highlight_header&quot;:false,&quot;use_video_in_teasers&quot;:false,&quot;hyphenation&quot;:true,&quot;tipp&quot;:true,&quot;joker&quot;:false,&quot;live&quot;:false,&quot;hide_event_in_program&quot;:false,&quot;gomus_id&quot;:&quot;&quot;,&quot;featured_images&quot;:[155972],&quot;highlight_header_image&quot;:155970,&quot;has_mobile_format&quot;:false,&quot;hm_id&quot;:&quot;&quot;},&quot;date&quot;:{&quot;NX&quot;:null,&quot;NXX&quot;:null,&quot;NLAST&quot;:&quot;202511281430&quot;,&quot;from_DATE&quot;:&quot;20251128 16:30&quot;,&quot;from&quot;:1764340200,&quot;to&quot;:1764340200,&quot;to_DATE&quot;:&quot;20251128 16:30&quot;,&quot;from_HRFSHORT&quot;:&quot;28. Nov 2025&quot;,&quot;from_HRFSHORT_WD&quot;:&quot;Fr 28.11.2025&quot;,&quot;to_HRFSHORT&quot;:&quot;28. Nov 2025&quot;,&quot;to_HRFSHORT_WD&quot;:&quot;Fr 28.11.2025&quot;,&quot;from_HRF&quot;:&quot;Fr, 28. November 2025&quot;,&quot;to_HRF&quot;:&quot;Fr, 28. November 2025&quot;,&quot;from_to_HRF&quot;:&quot;Fr, 28. November \\u2013 Fr, 28. November 2025&quot;,&quot;from_to_HRFSHORT&quot;:&quot;28. Nov \\u2013 28. Nov 2025&quot;},&quot;alert&quot;:&quot;Tipp&quot;,&quot;partof&quot;:[61315],&quot;marketing_topic&quot;:{&quot;title&quot;:&quot;SP\\u00c4TI&quot;,&quot;ID&quot;:61315,&quot;reason&quot;:&quot;sequence&quot;}}' inline-template>\n\t<a href=\"https:\/\/www.humboldtforum.org\/de\/programm\/termin\/gespraech\/frauen-in-der-geschichte-sichtbar-machen-155945\/\" class=\"teaser teaser-event teaser-event-standard\">\n\t\t<div class=\"row\">\n\t\t\t<div class=\"col-xs-12 teaser-event-image\">\n\t\t\t\t<div class=\"teaser-image teaser-image-no-alternate\">\n\t\t\t\t\t\t\t\t\t\t\t\t\t<span class=\"alert\">Tipp<\/span>\n\t\t\t\t\t\t\t\t\t\t\t\n\t<lazy-media-inline inline-template>\n\t\t<figure itemscope itemtype=\"http:\/\/schema.org\/ImageObject\" class=\"lazy-media-inline \" role=\"group\" id=\"media_69edbba1e0616\" aria-labelledby=\"desc_media_69edbba1e0616\">\n\t\t\t<script type=\"application\/json\" ref=\"data\">\n\t\t\t\t{\n\t\t\t\t\"sizes\" : {\"medium\":{\"file\":\"SHF_eb00257759-1-300x251.jpg\",\"width\":300,\"height\":251,\"mime-type\":\"image\\\/jpeg\",\"filesize\":16003},\"large\":{\"file\":\"SHF_eb00257759-1-1024x857.jpg\",\"width\":1024,\"height\":857,\"mime-type\":\"image\\\/jpeg\",\"filesize\":111543},\"thumbnail\":{\"file\":\"SHF_eb00257759-1-150x150.jpg\",\"width\":150,\"height\":150,\"mime-type\":\"image\\\/jpeg\",\"filesize\":6343},\"medium_large\":{\"file\":\"SHF_eb00257759-1-768x643.jpg\",\"width\":768,\"height\":643,\"mime-type\":\"image\\\/jpeg\",\"filesize\":71678},\"small\":{\"file\":\"SHF_eb00257759-1-440x368.jpg\",\"width\":440,\"height\":368,\"mime-type\":\"image\\\/jpeg\",\"filesize\":28769},\"semi\":{\"file\":\"SHF_eb00257759-1-580x485.jpg\",\"width\":580,\"height\":485,\"mime-type\":\"image\\\/jpeg\",\"filesize\":45754},\"mobile\":{\"file\":\"SHF_eb00257759-1-720x602.jpg\",\"width\":720,\"height\":602,\"mime-type\":\"image\\\/jpeg\",\"filesize\":64818},\"hd\":{\"file\":\"SHF_eb00257759-1-1280x1071.jpg\",\"width\":1280,\"height\":1071,\"mime-type\":\"image\\\/jpeg\",\"filesize\":158535},\"full\":{\"file\":\"SHF_eb00257759-1-1920x1606.jpg\",\"width\":1920,\"height\":1606,\"mime-type\":\"image\\\/jpeg\",\"filesize\":285105},\"1536x1536\":{\"file\":\"SHF_eb00257759-1-1536x1285.jpg\",\"width\":1536,\"height\":1285,\"mime-type\":\"image\\\/jpeg\",\"filesize\":205821},\"2048x2048\":{\"file\":\"SHF_eb00257759-1-2048x1713.jpg\",\"width\":2048,\"height\":1713,\"mime-type\":\"image\\\/jpeg\",\"filesize\":313240},\"original\":{\"file\":\"SHF_eb00257759-1.jpg\",\"width\":3000,\"height\":2510}},\n\t\t\t\t\"alt\" : \"Zwei beeindruckende Skulpturen in einem modernen Ausstellungsraum: eine m\\u00e4nnliche und eine weibliche Figur.\",\n\t\t\t\t\"path\" : \"\\\/wp-content\\\/uploads\\\/2025\\\/11\\\/\",\n\t\t\t\t\"video\" : null,\n\t\t\t\t\"autoplay\" : null,\n\t\t\t\t\"youtube\" : null,\n\t\t\t\t\"youtubelabel\" : \"Video abspielen\",\n\t\t\t\t\"brightness\" : 100,\n\t\t\t\t\"crop\" : {\"top\":\"35.44\",\"left\":\"50.03\"},\n\t\t\t\t\"background\" : true,\n\t\t\t\t\"scale\" : 2\t\t\t\t}\n\t\t\t<\/script>\n\n\t\t\t<div class=\"height-container\" style=\"padding-bottom:83.666666666667%;\" v-if=\"sizes\">\n\t\t\t\t\t\t\t\t<lazy-media :inline=\"true\" :alt=\"alt\" :sizes=\"sizes\" :scale=\"scale\" :brightness=\"brightness\" :path=\"path\" :video=\"video\" :autoplay=\"autoplay\" :youtube=\"youtube\" :crop=\"crop\" :youtubelabel=\"youtubelabel\" :background=\"background\" media-id=\"desc_media_69edbba1e0616\"><\/lazy-media>\n\t\t\t\t\t\t\t<\/div>\n\n\t\t\t\t\t\t\t<figcaption class=\"sr-only\" ref=\"body\" id=\"desc_media_69edbba1e0616\">\n\t\t\t\t\t\t\t\t\t\t\t<div>Ansicht der Intervention Systemrelevant &#8211; Frauen in Herrscherfamilien im Programmcluster Beziehungsweise Familie, Sophie von Hannover<\/div>\n\t\t\t\t\t\t\t\t\t\t\t\t\t\t\t\t\t\t\t\t\t<div class=\"insignificant\">\u00a9 Stiftung Preu\u00dfische Schl\u00f6sser und G\u00e4rten Berlin-Brandenburg \/ Stiftung Humboldt Forum im Berliner Schloss, Foto: Alfred Hagemann<\/div>\n\t\t\t\t\t\t\t\t\t<\/figcaption>\n\t\t\t\t\t<\/figure>\n\t<\/lazy-media-inline>\n\t\t\t\t<\/div>\n\t\t\t<\/div>\n\t\t\t<div class=\"col-xs-12 teaser-event-text Infos\">\n\t\t\t\t<div class=\"teaser-event-standard-text\">\n\t\t\t\t\t<div class=\"margin-bottom-atom\">\n\t\t\t\t\t\t<div class=\"subline clamp-1\" v-html=\"maingenre\"><\/div>\n\t\t\t\t\t\t\t\t\t\t\t\t\t<div class=\"insignificant clamp-2\">SP\u00c4TI<\/div>\n\t\t\t\t\t\t\t\t\t\t\t<\/div>\n\t\t\t\t\n\t\t\t\t\t<strong class=\"margin-bottom-atom\">Frauen in der Geschichte sichtbar machen<\/strong>\n\n\t\t\t\t\t\t\t\t\t\t\t<div class=\"\">Das Projekt WIRKSAM auf der Albrechtsburg Mei\u00dfen und im Humboldt Forum<\/div>\n\t\t\t\t\t\t\t\t\t<\/div>\n\t\t\t\t<div class=\"teaser-bottom border-bottom\">\n\t\t\t\t<calendardateline :rawitem='item' :show-icon=\"true\"><\/calendardateline>\n\t\t\t\t\t<hr>\n\t\t\t\t<\/div>\n\t\t\t<\/div>\n\t\t<\/div>\n\t<\/a>\n\t<\/calendarteaser>\n<\/li>\n\n<li class=\"teaser-lane-slide col-xs-9 col-sm-4 col-md-3 teaser-wrapper col-padding-remove\">\n\t<calendarteaser key=\"15418021306\" rawitem='{&quot;postId&quot;:154180,&quot;title&quot;:&quot;Der Zauber des Ken\\u00e9&quot;,&quot;excerpt&quot;:&quot;&quot;,&quot;slug&quot;:&quot;der-zauber-des-kene&quot;,&quot;post_date&quot;:&quot;2025-10-16T19:29&quot;,&quot;type&quot;:&quot;event&quot;,&quot;permalink&quot;:&quot;https:\\\/\\\/www.humboldtforum.org\\\/de\\\/programm\\\/termin\\\/gespraech\\\/der-zauber-des-kene-154180\\\/&quot;,&quot;genre&quot;:[1078],&quot;genre_details&quot;:[{&quot;text&quot;:&quot;Gespr\\u00e4ch&quot;,&quot;id&quot;:1078,&quot;icon&quot;:null,&quot;parent&quot;:0}],&quot;stakeholder&quot;:[382],&quot;stakeholder_details&quot;:[{&quot;text&quot;:&quot;Stiftung Humboldt Forum im Berliner Schloss&quot;,&quot;id&quot;:382,&quot;icon&quot;:null,&quot;parent&quot;:0}],&quot;targetgroup&quot;:[383,455],&quot;targetgroup_details&quot;:[{&quot;text&quot;:&quot;Erwachsene&quot;,&quot;id&quot;:383,&quot;icon&quot;:null,&quot;parent&quot;:0},{&quot;text&quot;:&quot;Jugendliche&quot;,&quot;id&quot;:455,&quot;icon&quot;:null,&quot;parent&quot;:0}],&quot;language&quot;:[386],&quot;language_details&quot;:[{&quot;text&quot;:&quot;Spanisch&quot;,&quot;id&quot;:386,&quot;icon&quot;:null,&quot;parent&quot;:0}],&quot;place&quot;:[1558],&quot;place_details&quot;:{&quot;place&quot;:&quot;Mechanische Arena im Foyer&quot;,&quot;map&quot;:&quot;Humboldt Forum, Schlossplatz, Berlin&quot;,&quot;room&quot;:&quot;&quot;},&quot;icon_overwrite&quot;:&quot;&quot;,&quot;acf&quot;:{&quot;noindex&quot;:false,&quot;keywords&quot;:&quot;&quot;,&quot;hashtag&quot;:&quot;HumboldtForum&quot;,&quot;belongsto&quot;:[61315],&quot;shorturl&quot;:&quot;&quot;,&quot;times&quot;:[],&quot;planning&quot;:{&quot;price&quot;:&quot;kostenfrei&quot;,&quot;admission&quot;:&quot;&quot;,&quot;pause&quot;:&quot;&quot;,&quot;duration&quot;:&quot;&quot;},&quot;additional_info&quot;:{&quot;icon&quot;:&quot;0&quot;,&quot;text&quot;:&quot;&quot;},&quot;highlight_header&quot;:false,&quot;featured_images&quot;:[154172],&quot;use_video_in_teasers&quot;:false,&quot;hyphenation&quot;:false,&quot;tipp&quot;:true,&quot;joker&quot;:false,&quot;live&quot;:false,&quot;hide_event_in_program&quot;:false,&quot;gomus_id&quot;:&quot;&quot;,&quot;subline&quot;:&quot;Visionen, Kl\\u00e4nge und Ges\\u00e4nge in der Kunst der Shipibo&quot;,&quot;hm_id&quot;:&quot;&quot;},&quot;date&quot;:{&quot;NX&quot;:null,&quot;NXX&quot;:null,&quot;NLAST&quot;:&quot;202511071430&quot;,&quot;from_DATE&quot;:&quot;20251107 16:30&quot;,&quot;from&quot;:1762525800,&quot;to&quot;:1762525800,&quot;to_DATE&quot;:&quot;20251107 16:30&quot;,&quot;from_HRFSHORT&quot;:&quot; 7. Nov 2025&quot;,&quot;from_HRFSHORT_WD&quot;:&quot;Fr 07.11.2025&quot;,&quot;to_HRFSHORT&quot;:&quot; 7. Nov 2025&quot;,&quot;to_HRFSHORT_WD&quot;:&quot;Fr 07.11.2025&quot;,&quot;from_HRF&quot;:&quot;Fr,  7. November 2025&quot;,&quot;to_HRF&quot;:&quot;Fr,  7. November 2025&quot;,&quot;from_to_HRF&quot;:&quot;Fr,  7. November \\u2013 Fr,  7. November 2025&quot;,&quot;from_to_HRFSHORT&quot;:&quot; 7. Nov \\u2013  7. Nov 2025&quot;},&quot;alert&quot;:&quot;Tipp&quot;,&quot;partof&quot;:[61315],&quot;marketing_topic&quot;:{&quot;title&quot;:&quot;SP\\u00c4TI&quot;,&quot;ID&quot;:61315,&quot;reason&quot;:&quot;sequence&quot;}}' inline-template>\n\t<a href=\"https:\/\/www.humboldtforum.org\/de\/programm\/termin\/gespraech\/der-zauber-des-kene-154180\/\" class=\"teaser teaser-event teaser-event-standard\">\n\t\t<div class=\"row\">\n\t\t\t<div class=\"col-xs-12 teaser-event-image\">\n\t\t\t\t<div class=\"teaser-image teaser-image-no-alternate\">\n\t\t\t\t\t\t\t\t\t\t\t\t\t<span class=\"alert\">Tipp<\/span>\n\t\t\t\t\t\t\t\t\t\t\t\n\t<lazy-media-inline inline-template>\n\t\t<figure itemscope itemtype=\"http:\/\/schema.org\/ImageObject\" class=\"lazy-media-inline \" role=\"group\" id=\"media_69edbba1e286c\" aria-labelledby=\"desc_media_69edbba1e286c\">\n\t\t\t<script type=\"application\/json\" ref=\"data\">\n\t\t\t\t{\n\t\t\t\t\"sizes\" : {\"medium\":{\"file\":\"SHF_eb00255747-300x200.jpg\",\"width\":300,\"height\":200,\"mime-type\":\"image\\\/jpeg\",\"filesize\":16990},\"large\":{\"file\":\"SHF_eb00255747-1024x682.jpg\",\"width\":1024,\"height\":682,\"mime-type\":\"image\\\/jpeg\",\"filesize\":104068},\"thumbnail\":{\"file\":\"SHF_eb00255747-150x150.jpg\",\"width\":150,\"height\":150,\"mime-type\":\"image\\\/jpeg\",\"filesize\":8007},\"medium_large\":{\"file\":\"SHF_eb00255747-768x512.jpg\",\"width\":768,\"height\":512,\"mime-type\":\"image\\\/jpeg\",\"filesize\":68867},\"small\":{\"file\":\"SHF_eb00255747-440x293.jpg\",\"width\":440,\"height\":293,\"mime-type\":\"image\\\/jpeg\",\"filesize\":30382},\"semi\":{\"file\":\"SHF_eb00255747-580x387.jpg\",\"width\":580,\"height\":387,\"mime-type\":\"image\\\/jpeg\",\"filesize\":46515},\"mobile\":{\"file\":\"SHF_eb00255747-720x480.jpg\",\"width\":720,\"height\":480,\"mime-type\":\"image\\\/jpeg\",\"filesize\":62682},\"original\":{\"file\":\"SHF_eb00255747.jpg\",\"width\":1280,\"height\":853}},\n\t\t\t\t\"alt\" : \"Traditionell gekleidete Frau mit bemalter Haut und zierlichem Schmuck steht in einer lebhaften, bunten Gasse.\",\n\t\t\t\t\"path\" : \"\\\/wp-content\\\/uploads\\\/2025\\\/10\\\/\",\n\t\t\t\t\"video\" : null,\n\t\t\t\t\"autoplay\" : null,\n\t\t\t\t\"youtube\" : null,\n\t\t\t\t\"youtubelabel\" : \"Video abspielen\",\n\t\t\t\t\"brightness\" : 100,\n\t\t\t\t\"crop\" : {\"top\":\"19.18\",\"left\":\"47.63\"},\n\t\t\t\t\"background\" : true,\n\t\t\t\t\"scale\" : 2\t\t\t\t}\n\t\t\t<\/script>\n\n\t\t\t<div class=\"height-container\" style=\"padding-bottom:66.640625%;\" v-if=\"sizes\">\n\t\t\t\t\t\t\t\t<lazy-media :inline=\"true\" :alt=\"alt\" :sizes=\"sizes\" :scale=\"scale\" :brightness=\"brightness\" :path=\"path\" :video=\"video\" :autoplay=\"autoplay\" :youtube=\"youtube\" :crop=\"crop\" :youtubelabel=\"youtubelabel\" :background=\"background\" media-id=\"desc_media_69edbba1e286c\"><\/lazy-media>\n\t\t\t\t\t\t\t<\/div>\n\n\t\t\t\t\t\t\t<figcaption class=\"sr-only\" ref=\"body\" id=\"desc_media_69edbba1e286c\">\n\t\t\t\t\t\t\t\t\t\t\t<div>Portr&auml;t Olinda Silvano, amazonische K&uuml;nstlerin aus der Gemeinschaft der Shipibo-Conibo<\/div>\n\t\t\t\t\t\t\t\t\t\t\t\t\t\t\t\t\t\t\t\t\t<div class=\"insignificant\">\u00a9 Miski Mazzini<\/div>\n\t\t\t\t\t\t\t\t\t<\/figcaption>\n\t\t\t\t\t<\/figure>\n\t<\/lazy-media-inline>\n\t\t\t\t<\/div>\n\t\t\t<\/div>\n\t\t\t<div class=\"col-xs-12 teaser-event-text Infos\">\n\t\t\t\t<div class=\"teaser-event-standard-text\">\n\t\t\t\t\t<div class=\"margin-bottom-atom\">\n\t\t\t\t\t\t<div class=\"subline clamp-1\" v-html=\"maingenre\"><\/div>\n\t\t\t\t\t\t\t\t\t\t\t\t\t<div class=\"insignificant clamp-2\">SP\u00c4TI<\/div>\n\t\t\t\t\t\t\t\t\t\t\t<\/div>\n\t\t\t\t\n\t\t\t\t\t<strong class=\"margin-bottom-atom\">Der Zauber des Ken\u00e9<\/strong>\n\n\t\t\t\t\t\t\t\t\t\t\t<div class=\"\">Visionen, Kl\u00e4nge und Ges\u00e4nge in der Kunst der Shipibo<\/div>\n\t\t\t\t\t\t\t\t\t<\/div>\n\t\t\t\t<div class=\"teaser-bottom border-bottom\">\n\t\t\t\t<calendardateline :rawitem='item' :show-icon=\"true\"><\/calendardateline>\n\t\t\t\t\t<hr>\n\t\t\t\t<\/div>\n\t\t\t<\/div>\n\t\t<\/div>\n\t<\/a>\n\t<\/calendarteaser>\n<\/li>\n\n<li class=\"teaser-lane-slide col-xs-9 col-sm-4 col-md-3 teaser-wrapper col-padding-remove\">\n\t<calendarteaser key=\"15398421289\" rawitem='{&quot;postId&quot;:153984,&quot;title&quot;:&quot;Crecemos porque nos juntamos&quot;,&quot;excerpt&quot;:&quot;&quot;,&quot;slug&quot;:&quot;crecemos-porque-nos-juntamos&quot;,&quot;post_date&quot;:&quot;2025-10-14T17:36&quot;,&quot;type&quot;:&quot;event&quot;,&quot;permalink&quot;:&quot;https:\\\/\\\/www.humboldtforum.org\\\/de\\\/programm\\\/termin\\\/gespraech\\\/crecemos-porque-nos-juntamos-153984\\\/&quot;,&quot;genre&quot;:[1078],&quot;genre_details&quot;:[{&quot;text&quot;:&quot;Gespr\\u00e4ch&quot;,&quot;id&quot;:1078,&quot;icon&quot;:null,&quot;parent&quot;:0}],&quot;stakeholder&quot;:[382],&quot;stakeholder_details&quot;:[{&quot;text&quot;:&quot;Stiftung Humboldt Forum im Berliner Schloss&quot;,&quot;id&quot;:382,&quot;icon&quot;:null,&quot;parent&quot;:0}],&quot;targetgroup&quot;:[383,455],&quot;targetgroup_details&quot;:[{&quot;text&quot;:&quot;Erwachsene&quot;,&quot;id&quot;:383,&quot;icon&quot;:null,&quot;parent&quot;:0},{&quot;text&quot;:&quot;Jugendliche&quot;,&quot;id&quot;:455,&quot;icon&quot;:null,&quot;parent&quot;:0}],&quot;language&quot;:[384,386],&quot;language_details&quot;:[{&quot;text&quot;:&quot;Deutsch&quot;,&quot;id&quot;:384,&quot;icon&quot;:null,&quot;parent&quot;:0},{&quot;text&quot;:&quot;Spanisch&quot;,&quot;id&quot;:386,&quot;icon&quot;:null,&quot;parent&quot;:0}],&quot;place&quot;:[1558],&quot;place_details&quot;:{&quot;place&quot;:&quot;Mechanische Arena im Foyer&quot;,&quot;map&quot;:&quot;Humboldt Forum, Schlossplatz, Berlin&quot;,&quot;room&quot;:&quot;&quot;},&quot;icon_overwrite&quot;:&quot;&quot;,&quot;acf&quot;:{&quot;noindex&quot;:false,&quot;keywords&quot;:&quot;&quot;,&quot;hashtag&quot;:&quot;HumboldtForum&quot;,&quot;belongsto&quot;:[61315],&quot;shorturl&quot;:&quot;&quot;,&quot;times&quot;:[],&quot;planning&quot;:{&quot;price&quot;:&quot;kostenfrei&quot;,&quot;admission&quot;:&quot;&quot;,&quot;pause&quot;:&quot;&quot;,&quot;duration&quot;:&quot;&quot;},&quot;subline&quot;:&quot;Buchpr\\u00e4sentation und Gespr\\u00e4ch&quot;,&quot;tickettext&quot;:&quot;kein Ticket erforderlich&quot;,&quot;additional_info&quot;:{&quot;icon&quot;:&quot;0&quot;,&quot;text&quot;:&quot;&quot;},&quot;highlight_header&quot;:false,&quot;featured_images&quot;:[153982],&quot;use_video_in_teasers&quot;:false,&quot;hyphenation&quot;:true,&quot;tipp&quot;:false,&quot;joker&quot;:false,&quot;live&quot;:false,&quot;hide_event_in_program&quot;:false,&quot;gomus_id&quot;:&quot;&quot;,&quot;hm_id&quot;:&quot;&quot;},&quot;date&quot;:{&quot;NX&quot;:null,&quot;NXX&quot;:null,&quot;NLAST&quot;:&quot;202510241230&quot;,&quot;from_DATE&quot;:&quot;20251024 16:30&quot;,&quot;from&quot;:1761309000,&quot;to&quot;:1761309000,&quot;to_DATE&quot;:&quot;20251024 16:30&quot;,&quot;from_HRFSHORT&quot;:&quot;24. Okt 2025&quot;,&quot;from_HRFSHORT_WD&quot;:&quot;Fr 24.10.2025&quot;,&quot;to_HRFSHORT&quot;:&quot;24. Okt 2025&quot;,&quot;to_HRFSHORT_WD&quot;:&quot;Fr 24.10.2025&quot;,&quot;from_HRF&quot;:&quot;Fr, 24. Oktober 2025&quot;,&quot;to_HRF&quot;:&quot;Fr, 24. Oktober 2025&quot;,&quot;from_to_HRF&quot;:&quot;Fr, 24. Oktober \\u2013 Fr, 24. Oktober 2025&quot;,&quot;from_to_HRFSHORT&quot;:&quot;24. Okt \\u2013 24. Okt 2025&quot;},&quot;alert&quot;:null,&quot;partof&quot;:[61315],&quot;marketing_topic&quot;:{&quot;title&quot;:&quot;SP\\u00c4TI&quot;,&quot;ID&quot;:61315,&quot;reason&quot;:&quot;sequence&quot;}}' inline-template>\n\t<a href=\"https:\/\/www.humboldtforum.org\/de\/programm\/termin\/gespraech\/crecemos-porque-nos-juntamos-153984\/\" class=\"teaser teaser-event teaser-event-standard\">\n\t\t<div class=\"row\">\n\t\t\t<div class=\"col-xs-12 teaser-event-image\">\n\t\t\t\t<div class=\"teaser-image teaser-image-no-alternate\">\n\t\t\t\t\t\t\t\t\t\t\t\n\t<lazy-media-inline inline-template>\n\t\t<figure itemscope itemtype=\"http:\/\/schema.org\/ImageObject\" class=\"lazy-media-inline \" role=\"group\" id=\"media_69edbba1e49c3\" aria-labelledby=\"desc_media_69edbba1e49c3\">\n\t\t\t<script type=\"application\/json\" ref=\"data\">\n\t\t\t\t{\n\t\t\t\t\"sizes\" : {\"medium\":{\"file\":\"SHF_eb00255741-300x169.jpg\",\"width\":300,\"height\":169,\"mime-type\":\"image\\\/jpeg\",\"filesize\":16072},\"large\":{\"file\":\"SHF_eb00255741-1024x576.jpg\",\"width\":1024,\"height\":576,\"mime-type\":\"image\\\/jpeg\",\"filesize\":122215},\"thumbnail\":{\"file\":\"SHF_eb00255741-150x150.jpg\",\"width\":150,\"height\":150,\"mime-type\":\"image\\\/jpeg\",\"filesize\":6753},\"medium_large\":{\"file\":\"SHF_eb00255741-768x432.jpg\",\"width\":768,\"height\":432,\"mime-type\":\"image\\\/jpeg\",\"filesize\":73959},\"small\":{\"file\":\"SHF_eb00255741-440x248.jpg\",\"width\":440,\"height\":248,\"mime-type\":\"image\\\/jpeg\",\"filesize\":29339},\"semi\":{\"file\":\"SHF_eb00255741-580x326.jpg\",\"width\":580,\"height\":326,\"mime-type\":\"image\\\/jpeg\",\"filesize\":46780},\"mobile\":{\"file\":\"SHF_eb00255741-720x405.jpg\",\"width\":720,\"height\":405,\"mime-type\":\"image\\\/jpeg\",\"filesize\":66814},\"hd\":{\"file\":\"SHF_eb00255741-1280x720.jpg\",\"width\":1280,\"height\":720,\"mime-type\":\"image\\\/jpeg\",\"filesize\":185543},\"full\":{\"file\":\"SHF_eb00255741-1920x1080.jpg\",\"width\":1920,\"height\":1080,\"mime-type\":\"image\\\/jpeg\",\"filesize\":365348},\"1536x1536\":{\"file\":\"SHF_eb00255741-1536x864.jpg\",\"width\":1536,\"height\":864,\"mime-type\":\"image\\\/jpeg\",\"filesize\":247449},\"2048x2048\":{\"file\":\"SHF_eb00255741-2048x1152.jpg\",\"width\":2048,\"height\":1152,\"mime-type\":\"image\\\/jpeg\",\"filesize\":405308},\"original\":{\"file\":\"SHF_eb00255741.jpg\",\"width\":2560,\"height\":1440}},\n\t\t\t\t\"alt\" : \"Teilnehmer pr\\u00e4sentieren kunstvolle Textilien und zeichnen im Freien unter einem gro\\u00dfen Baum, w\\u00e4hrend andere aufmerksam zuh\\u00f6ren.\",\n\t\t\t\t\"path\" : \"\\\/wp-content\\\/uploads\\\/2025\\\/10\\\/\",\n\t\t\t\t\"video\" : null,\n\t\t\t\t\"autoplay\" : null,\n\t\t\t\t\"youtube\" : null,\n\t\t\t\t\"youtubelabel\" : \"Video abspielen\",\n\t\t\t\t\"brightness\" : 100,\n\t\t\t\t\"crop\" : null,\n\t\t\t\t\"background\" : true,\n\t\t\t\t\"scale\" : 2\t\t\t\t}\n\t\t\t<\/script>\n\n\t\t\t<div class=\"height-container\" style=\"padding-bottom:56.25%;\" v-if=\"sizes\">\n\t\t\t\t\t\t\t\t<lazy-media :inline=\"true\" :alt=\"alt\" :sizes=\"sizes\" :scale=\"scale\" :brightness=\"brightness\" :path=\"path\" :video=\"video\" :autoplay=\"autoplay\" :youtube=\"youtube\" :crop=\"crop\" :youtubelabel=\"youtubelabel\" :background=\"background\" media-id=\"desc_media_69edbba1e49c3\"><\/lazy-media>\n\t\t\t\t\t\t\t<\/div>\n\n\t\t\t\t\t\t\t<figcaption class=\"sr-only\" ref=\"body\" id=\"desc_media_69edbba1e49c3\">\n\t\t\t\t\t\t\t\t\t\t\t<div>Pr&auml;sentation des Buches &bdquo;We Grow Because We Come Together&ldquo; von der Uni&oacute;n Textiles Semillas w&auml;hrend des Treffens Asamblea Mismear.<\/div>\n\t\t\t\t\t\t\t\t\t\t\t\t\t\t\t\t\t\t\t\t\t<div class=\"insignificant\">\u00a9 Uni\u00f3n Textiles Semillas \/ Foto: Atilio Orellana<\/div>\n\t\t\t\t\t\t\t\t\t<\/figcaption>\n\t\t\t\t\t<\/figure>\n\t<\/lazy-media-inline>\n\t\t\t\t<\/div>\n\t\t\t<\/div>\n\t\t\t<div class=\"col-xs-12 teaser-event-text Infos\">\n\t\t\t\t<div class=\"teaser-event-standard-text\">\n\t\t\t\t\t<div class=\"margin-bottom-atom\">\n\t\t\t\t\t\t<div class=\"subline clamp-1\" v-html=\"maingenre\"><\/div>\n\t\t\t\t\t\t\t\t\t\t\t\t\t<div class=\"insignificant clamp-2\">SP\u00c4TI<\/div>\n\t\t\t\t\t\t\t\t\t\t\t<\/div>\n\t\t\t\t\n\t\t\t\t\t<strong class=\"margin-bottom-atom\">Crecemos porque nos juntamos<\/strong>\n\n\t\t\t\t\t\t\t\t\t\t\t<div class=\"\">Buchpr\u00e4sentation und Gespr\u00e4ch<\/div>\n\t\t\t\t\t\t\t\t\t<\/div>\n\t\t\t\t<div class=\"teaser-bottom border-bottom\">\n\t\t\t\t<calendardateline :rawitem='item' :show-icon=\"true\"><\/calendardateline>\n\t\t\t\t\t<hr>\n\t\t\t\t<\/div>\n\t\t\t<\/div>\n\t\t<\/div>\n\t<\/a>\n\t<\/calendarteaser>\n<\/li>\n\n<li class=\"teaser-lane-slide col-xs-9 col-sm-4 col-md-3 teaser-wrapper col-padding-remove\">\n\t<calendarteaser key=\"15142221571\" rawitem='{&quot;postId&quot;:151422,&quot;title&quot;:&quot;Museum goes Stadtraum: Umwelt kreativ entdecken&quot;,&quot;excerpt&quot;:&quot;&quot;,&quot;slug&quot;:&quot;museum-goes-stadtraum-umwelt-kreativ-entdecken&quot;,&quot;post_date&quot;:&quot;2025-09-08T13:46&quot;,&quot;type&quot;:&quot;event&quot;,&quot;permalink&quot;:&quot;https:\\\/\\\/www.humboldtforum.org\\\/de\\\/programm\\\/termin\\\/gespraech\\\/museum-goes-stadtraum-umwelt-kreativ-entdecken-151422\\\/&quot;,&quot;genre&quot;:[1078],&quot;genre_details&quot;:[{&quot;text&quot;:&quot;Gespr\\u00e4ch&quot;,&quot;id&quot;:1078,&quot;icon&quot;:null,&quot;parent&quot;:0}],&quot;stakeholder&quot;:[382],&quot;stakeholder_details&quot;:[{&quot;text&quot;:&quot;Stiftung Humboldt Forum im Berliner Schloss&quot;,&quot;id&quot;:382,&quot;icon&quot;:null,&quot;parent&quot;:0}],&quot;place&quot;:[957],&quot;place_details&quot;:{&quot;place&quot;:&quot;Humboldt Forum&quot;,&quot;map&quot;:&quot;Humboldt Forum, Schlossplatz, Berlin&quot;,&quot;room&quot;:&quot;Foyer&quot;},&quot;icon_overwrite&quot;:&quot;&quot;,&quot;acf&quot;:{&quot;noindex&quot;:false,&quot;keywords&quot;:&quot;&quot;,&quot;hashtag&quot;:&quot;HumboldtForum&quot;,&quot;belongsto&quot;:[61315],&quot;shorturl&quot;:&quot;&quot;,&quot;times&quot;:[],&quot;planning&quot;:{&quot;price&quot;:&quot;&quot;,&quot;admission&quot;:&quot;&quot;,&quot;pause&quot;:&quot;&quot;,&quot;duration&quot;:&quot;&quot;},&quot;subline&quot;:&quot;Wie das Ethnologische Museum mit Kreativit\\u00e4t und Herz die Umweltbildung neu belebt&quot;,&quot;additional_info&quot;:{&quot;icon&quot;:&quot;0&quot;,&quot;text&quot;:&quot;&quot;},&quot;highlight_header&quot;:false,&quot;use_video_in_teasers&quot;:false,&quot;hyphenation&quot;:true,&quot;tipp&quot;:true,&quot;joker&quot;:false,&quot;live&quot;:false,&quot;hide_event_in_program&quot;:false,&quot;gomus_id&quot;:&quot;&quot;,&quot;featured_images&quot;:[151717,151729],&quot;hm_id&quot;:&quot;&quot;},&quot;date&quot;:{&quot;NX&quot;:null,&quot;NXX&quot;:null,&quot;NLAST&quot;:&quot;202510101300&quot;,&quot;from_DATE&quot;:&quot;20251010 17:00&quot;,&quot;from&quot;:1760101200,&quot;to&quot;:1760101200,&quot;to_DATE&quot;:&quot;20251010 17:00&quot;,&quot;from_HRFSHORT&quot;:&quot;10. Okt 2025&quot;,&quot;from_HRFSHORT_WD&quot;:&quot;Fr 10.10.2025&quot;,&quot;to_HRFSHORT&quot;:&quot;10. Okt 2025&quot;,&quot;to_HRFSHORT_WD&quot;:&quot;Fr 10.10.2025&quot;,&quot;from_HRF&quot;:&quot;Fr, 10. Oktober 2025&quot;,&quot;to_HRF&quot;:&quot;Fr, 10. Oktober 2025&quot;,&quot;from_to_HRF&quot;:&quot;Fr, 10. Oktober \\u2013 Fr, 10. Oktober 2025&quot;,&quot;from_to_HRFSHORT&quot;:&quot;10. Okt \\u2013 10. Okt 2025&quot;},&quot;alert&quot;:&quot;Tipp&quot;,&quot;partof&quot;:[61315],&quot;marketing_topic&quot;:{&quot;title&quot;:&quot;SP\\u00c4TI&quot;,&quot;ID&quot;:61315,&quot;reason&quot;:&quot;sequence&quot;}}' inline-template>\n\t<a href=\"https:\/\/www.humboldtforum.org\/de\/programm\/termin\/gespraech\/museum-goes-stadtraum-umwelt-kreativ-entdecken-151422\/\" class=\"teaser teaser-event teaser-event-standard\">\n\t\t<div class=\"row\">\n\t\t\t<div class=\"col-xs-12 teaser-event-image\">\n\t\t\t\t<div class=\"teaser-image teaser-image-no-alternate\">\n\t\t\t\t\t\t\t\t\t\t\t\t\t<span class=\"alert\">Tipp<\/span>\n\t\t\t\t\t\t\t\t\t\t\t\n\t<lazy-media-inline inline-template>\n\t\t<figure itemscope itemtype=\"http:\/\/schema.org\/ImageObject\" class=\"lazy-media-inline \" role=\"group\" id=\"media_69edbba1e6624\" aria-labelledby=\"desc_media_69edbba1e6624\">\n\t\t\t<script type=\"application\/json\" ref=\"data\">\n\t\t\t\t{\n\t\t\t\t\"sizes\" : {\"medium\":{\"file\":\"SHF_eb00254071-300x278.jpg\",\"width\":300,\"height\":278,\"mime-type\":\"image\\\/jpeg\",\"filesize\":30925},\"large\":{\"file\":\"SHF_eb00254071-1024x948.jpg\",\"width\":1024,\"height\":948,\"mime-type\":\"image\\\/jpeg\",\"filesize\":270002},\"thumbnail\":{\"file\":\"SHF_eb00254071-150x150.jpg\",\"width\":150,\"height\":150,\"mime-type\":\"image\\\/jpeg\",\"filesize\":9630},\"medium_large\":{\"file\":\"SHF_eb00254071-768x711.jpg\",\"width\":768,\"height\":711,\"mime-type\":\"image\\\/jpeg\",\"filesize\":164823},\"small\":{\"file\":\"SHF_eb00254071-440x407.jpg\",\"width\":440,\"height\":407,\"mime-type\":\"image\\\/jpeg\",\"filesize\":61134},\"semi\":{\"file\":\"SHF_eb00254071-580x537.jpg\",\"width\":580,\"height\":537,\"mime-type\":\"image\\\/jpeg\",\"filesize\":101163},\"mobile\":{\"file\":\"SHF_eb00254071-720x667.jpg\",\"width\":720,\"height\":667,\"mime-type\":\"image\\\/jpeg\",\"filesize\":147674},\"hd\":{\"file\":\"SHF_eb00254071-1280x1185.jpg\",\"width\":1280,\"height\":1185,\"mime-type\":\"image\\\/jpeg\",\"filesize\":392117},\"full\":{\"file\":\"SHF_eb00254071-1920x1778.jpg\",\"width\":1920,\"height\":1778,\"mime-type\":\"image\\\/jpeg\",\"filesize\":753808},\"xxl\":{\"file\":\"SHF_eb00254071-4048x3748.jpg\",\"width\":4048,\"height\":3748,\"mime-type\":\"image\\\/jpeg\",\"filesize\":2371923},\"1536x1536\":{\"file\":\"SHF_eb00254071-1536x1422.jpg\",\"width\":1536,\"height\":1422,\"mime-type\":\"image\\\/jpeg\",\"filesize\":527713},\"2048x2048\":{\"file\":\"SHF_eb00254071-2048x1896.jpg\",\"width\":2048,\"height\":1896,\"mime-type\":\"image\\\/jpeg\",\"filesize\":833171},\"original\":{\"file\":\"SHF_eb00254071.jpg\",\"width\":4320,\"height\":4000}},\n\t\t\t\t\"alt\" : \"Familie mit Kindern im Freien, eine Frau h\\u00e4lt ein Teleskop, im Hintergrund eine dekorative Holzkonstruktion.\",\n\t\t\t\t\"path\" : \"\\\/wp-content\\\/uploads\\\/2025\\\/09\\\/\",\n\t\t\t\t\"video\" : null,\n\t\t\t\t\"autoplay\" : null,\n\t\t\t\t\"youtube\" : null,\n\t\t\t\t\"youtubelabel\" : \"Video abspielen\",\n\t\t\t\t\"brightness\" : 100,\n\t\t\t\t\"crop\" : {\"top\":\"50.00\",\"left\":\"50.00\"},\n\t\t\t\t\"background\" : true,\n\t\t\t\t\"scale\" : 2\t\t\t\t}\n\t\t\t<\/script>\n\n\t\t\t<div class=\"height-container\" style=\"padding-bottom:92.592592592593%;\" v-if=\"sizes\">\n\t\t\t\t\t\t\t\t<lazy-media :inline=\"true\" :alt=\"alt\" :sizes=\"sizes\" :scale=\"scale\" :brightness=\"brightness\" :path=\"path\" :video=\"video\" :autoplay=\"autoplay\" :youtube=\"youtube\" :crop=\"crop\" :youtubelabel=\"youtubelabel\" :background=\"background\" media-id=\"desc_media_69edbba1e6624\"><\/lazy-media>\n\t\t\t\t\t\t\t<\/div>\n\n\t\t\t\t\t\t\t<figcaption class=\"sr-only\" ref=\"body\" id=\"desc_media_69edbba1e6624\">\n\t\t\t\t\t\t\t\t\t\t\t\t\t\t\t\t<div>Exkursion in einen Gemeinschaftsgarten <\/div>\n\t\t\t\t\t\t\t\t\t\t\t\t\t\t\t\t<div class=\"insignificant\">\u00a9 Staatliche Museen zu Berlin, Ethnologisches Museum, Foto: Sarah Klemisch<\/div>\n\t\t\t\t\t\t\t\t\t<\/figcaption>\n\t\t\t\t\t<\/figure>\n\t<\/lazy-media-inline>\n\t\t\t\t<\/div>\n\t\t\t<\/div>\n\t\t\t<div class=\"col-xs-12 teaser-event-text Infos\">\n\t\t\t\t<div class=\"teaser-event-standard-text\">\n\t\t\t\t\t<div class=\"margin-bottom-atom\">\n\t\t\t\t\t\t<div class=\"subline clamp-1\" v-html=\"maingenre\"><\/div>\n\t\t\t\t\t\t\t\t\t\t\t\t\t<div class=\"insignificant clamp-2\">SP\u00c4TI<\/div>\n\t\t\t\t\t\t\t\t\t\t\t<\/div>\n\t\t\t\t\n\t\t\t\t\t<strong class=\"margin-bottom-atom\">Museum goes Stadtraum: Umwelt kreativ entdecken<\/strong>\n\n\t\t\t\t\t\t\t\t\t\t\t<div class=\"\">Wie das Ethnologische Museum mit Kreativit\u00e4t und Herz die Umweltbildung neu belebt<\/div>\n\t\t\t\t\t\t\t\t\t<\/div>\n\t\t\t\t<div class=\"teaser-bottom border-bottom\">\n\t\t\t\t<calendardateline :rawitem='item' :show-icon=\"true\"><\/calendardateline>\n\t\t\t\t\t<hr>\n\t\t\t\t<\/div>\n\t\t\t<\/div>\n\t\t<\/div>\n\t<\/a>\n\t<\/calendarteaser>\n<\/li>\n\n<li class=\"teaser-lane-slide col-xs-9 col-sm-4 col-md-3 teaser-wrapper col-padding-remove\">\n\t<calendarteaser key=\"14459919448\" rawitem='{&quot;postId&quot;:144599,&quot;title&quot;:&quot;The Vanishing M\\u0101ori Show pr\\u00e4sentiert \\u2013 &#039;Eine gemeinsame Reflexion&#039;&quot;,&quot;excerpt&quot;:&quot;&quot;,&quot;slug&quot;:&quot;the-vanishing-maori-show-praesentiert-eine-gemeinsame-reflexion&quot;,&quot;post_date&quot;:&quot;2025-03-21T13:02&quot;,&quot;type&quot;:&quot;event&quot;,&quot;permalink&quot;:&quot;https:\\\/\\\/www.humboldtforum.org\\\/de\\\/programm\\\/termin\\\/gespraech\\\/the-vanishing-maori-show-praesentiert-eine-gemeinsame-reflexion-144599\\\/&quot;,&quot;genre&quot;:[1078],&quot;genre_details&quot;:[{&quot;text&quot;:&quot;Gespr\\u00e4ch&quot;,&quot;id&quot;:1078,&quot;icon&quot;:null,&quot;parent&quot;:0}],&quot;stakeholder&quot;:[382],&quot;stakeholder_details&quot;:[{&quot;text&quot;:&quot;Stiftung Humboldt Forum im Berliner Schloss&quot;,&quot;id&quot;:382,&quot;icon&quot;:null,&quot;parent&quot;:0}],&quot;language&quot;:[385],&quot;language_details&quot;:[{&quot;text&quot;:&quot;Englisch&quot;,&quot;id&quot;:385,&quot;icon&quot;:null,&quot;parent&quot;:0}],&quot;place&quot;:[1558],&quot;place_details&quot;:{&quot;place&quot;:&quot;Mechanische Arena im Foyer&quot;,&quot;map&quot;:&quot;Humboldt Forum, Schlossplatz, Berlin&quot;,&quot;room&quot;:&quot;&quot;},&quot;icon_overwrite&quot;:&quot;&quot;,&quot;acf&quot;:{&quot;noindex&quot;:false,&quot;keywords&quot;:&quot;&quot;,&quot;hashtag&quot;:&quot;HumboldtForum&quot;,&quot;belongsto&quot;:[61315],&quot;shorturl&quot;:&quot;&quot;,&quot;times&quot;:[],&quot;planning&quot;:{&quot;price&quot;:&quot;kostenfrei&quot;,&quot;admission&quot;:&quot;&quot;,&quot;pause&quot;:&quot;&quot;,&quot;duration&quot;:&quot;&quot;},&quot;subline&quot;:&quot;Kunst, Storytelling und Performance mit George Nuku&quot;,&quot;additional_info&quot;:{&quot;icon&quot;:&quot;0&quot;,&quot;text&quot;:&quot;&quot;},&quot;highlight_header&quot;:false,&quot;use_video_in_teasers&quot;:false,&quot;hyphenation&quot;:true,&quot;tipp&quot;:false,&quot;joker&quot;:false,&quot;live&quot;:false,&quot;hide_event_in_program&quot;:false,&quot;gomus_id&quot;:&quot;&quot;,&quot;hm_id&quot;:&quot;&quot;,&quot;featured_images&quot;:[144611],&quot;highlight_header_image&quot;:144611,&quot;has_mobile_format&quot;:false},&quot;date&quot;:{&quot;NX&quot;:null,&quot;NXX&quot;:null,&quot;NLAST&quot;:&quot;202504111230&quot;,&quot;from_DATE&quot;:&quot;20250411 16:30&quot;,&quot;from&quot;:1744374600,&quot;to&quot;:1744374600,&quot;to_DATE&quot;:&quot;20250411 16:30&quot;,&quot;from_HRFSHORT&quot;:&quot;11. Apr 2025&quot;,&quot;from_HRFSHORT_WD&quot;:&quot;Fr 11.04.2025&quot;,&quot;to_HRFSHORT&quot;:&quot;11. Apr 2025&quot;,&quot;to_HRFSHORT_WD&quot;:&quot;Fr 11.04.2025&quot;,&quot;from_HRF&quot;:&quot;Fr, 11. April 2025&quot;,&quot;to_HRF&quot;:&quot;Fr, 11. April 2025&quot;,&quot;from_to_HRF&quot;:&quot;Fr, 11. April \\u2013 Fr, 11. April 2025&quot;,&quot;from_to_HRFSHORT&quot;:&quot;11. Apr \\u2013 11. Apr 2025&quot;},&quot;alert&quot;:null,&quot;partof&quot;:[61315],&quot;marketing_topic&quot;:{&quot;title&quot;:&quot;SP\\u00c4TI&quot;,&quot;ID&quot;:61315,&quot;reason&quot;:&quot;sequence&quot;}}' inline-template>\n\t<a href=\"https:\/\/www.humboldtforum.org\/de\/programm\/termin\/gespraech\/the-vanishing-maori-show-praesentiert-eine-gemeinsame-reflexion-144599\/\" class=\"teaser teaser-event teaser-event-standard\">\n\t\t<div class=\"row\">\n\t\t\t<div class=\"col-xs-12 teaser-event-image\">\n\t\t\t\t<div class=\"teaser-image teaser-image-no-alternate\">\n\t\t\t\t\t\t\t\t\t\t\t\n\t<lazy-media-inline inline-template>\n\t\t<figure itemscope itemtype=\"http:\/\/schema.org\/ImageObject\" class=\"lazy-media-inline \" role=\"group\" id=\"media_69edbba1e863a\" aria-labelledby=\"desc_media_69edbba1e863a\">\n\t\t\t<script type=\"application\/json\" ref=\"data\">\n\t\t\t\t{\n\t\t\t\t\"sizes\" : {\"medium\":{\"file\":\"SHF_eb00245878-300x178.jpg\",\"width\":300,\"height\":178,\"mime-type\":\"image\\\/jpeg\",\"filesize\":13572},\"large\":{\"file\":\"SHF_eb00245878-1024x606.jpg\",\"width\":1024,\"height\":606,\"mime-type\":\"image\\\/jpeg\",\"filesize\":91350},\"thumbnail\":{\"file\":\"SHF_eb00245878-150x150.jpg\",\"width\":150,\"height\":150,\"mime-type\":\"image\\\/jpeg\",\"filesize\":7641},\"medium_large\":{\"file\":\"SHF_eb00245878-768x455.jpg\",\"width\":768,\"height\":455,\"mime-type\":\"image\\\/jpeg\",\"filesize\":59267},\"small\":{\"file\":\"SHF_eb00245878-440x261.jpg\",\"width\":440,\"height\":261,\"mime-type\":\"image\\\/jpeg\",\"filesize\":24794},\"semi\":{\"file\":\"SHF_eb00245878-580x343.jpg\",\"width\":580,\"height\":343,\"mime-type\":\"image\\\/jpeg\",\"filesize\":38311},\"mobile\":{\"file\":\"SHF_eb00245878-720x426.jpg\",\"width\":720,\"height\":426,\"mime-type\":\"image\\\/jpeg\",\"filesize\":53876},\"hd\":{\"file\":\"SHF_eb00245878-1280x758.jpg\",\"width\":1280,\"height\":758,\"mime-type\":\"image\\\/jpeg\",\"filesize\":127158},\"original\":{\"file\":\"SHF_eb00245878.jpg\",\"width\":1329,\"height\":787}},\n\t\t\t\t\"alt\" : \"Mann mit auff\\u00e4lligen Gesichts-Tattoos in halbformeller Jacke vor einem kunstvollen Hintergrund.\",\n\t\t\t\t\"path\" : \"\\\/wp-content\\\/uploads\\\/2025\\\/03\\\/\",\n\t\t\t\t\"video\" : null,\n\t\t\t\t\"autoplay\" : null,\n\t\t\t\t\"youtube\" : null,\n\t\t\t\t\"youtubelabel\" : \"Video abspielen\",\n\t\t\t\t\"brightness\" : 100,\n\t\t\t\t\"crop\" : {\"top\":\"50.00\",\"left\":\"50.00\"},\n\t\t\t\t\"background\" : true,\n\t\t\t\t\"scale\" : 2\t\t\t\t}\n\t\t\t<\/script>\n\n\t\t\t<div class=\"height-container\" style=\"padding-bottom:59.217456734387%;\" v-if=\"sizes\">\n\t\t\t\t\t\t\t\t<lazy-media :inline=\"true\" :alt=\"alt\" :sizes=\"sizes\" :scale=\"scale\" :brightness=\"brightness\" :path=\"path\" :video=\"video\" :autoplay=\"autoplay\" :youtube=\"youtube\" :crop=\"crop\" :youtubelabel=\"youtubelabel\" :background=\"background\" media-id=\"desc_media_69edbba1e863a\"><\/lazy-media>\n\t\t\t\t\t\t\t<\/div>\n\n\t\t\t\t\t\t\t<figcaption class=\"sr-only\" ref=\"body\" id=\"desc_media_69edbba1e863a\">\n\t\t\t\t\t\t\t\t\t\t\t<div>Der M\u0101ori-K&uuml;nstler George Nuku <\/div>\n\t\t\t\t\t\t\t\t\t\t\t\t\t\t\t\t\t\t\t\t\t<div class=\"insignificant\">\u00a9 Kunsthistorisches Museum Wien<\/div>\n\t\t\t\t\t\t\t\t\t<\/figcaption>\n\t\t\t\t\t<\/figure>\n\t<\/lazy-media-inline>\n\t\t\t\t<\/div>\n\t\t\t<\/div>\n\t\t\t<div class=\"col-xs-12 teaser-event-text Infos\">\n\t\t\t\t<div class=\"teaser-event-standard-text\">\n\t\t\t\t\t<div class=\"margin-bottom-atom\">\n\t\t\t\t\t\t<div class=\"subline clamp-1\" v-html=\"maingenre\"><\/div>\n\t\t\t\t\t\t\t\t\t\t\t\t\t<div class=\"insignificant clamp-2\">SP\u00c4TI<\/div>\n\t\t\t\t\t\t\t\t\t\t\t<\/div>\n\t\t\t\t\n\t\t\t\t\t<strong class=\"margin-bottom-atom\">The Vanishing M\u0101ori Show pr\u00e4sentiert \u2013 &#8218;Eine gemeinsame Reflexion&#8216;<\/strong>\n\n\t\t\t\t\t\t\t\t\t\t\t<div class=\"\">Kunst, Storytelling und Performance mit George Nuku<\/div>\n\t\t\t\t\t\t\t\t\t<\/div>\n\t\t\t\t<div class=\"teaser-bottom border-bottom\">\n\t\t\t\t<calendardateline :rawitem='item' :show-icon=\"true\"><\/calendardateline>\n\t\t\t\t\t<hr>\n\t\t\t\t<\/div>\n\t\t\t<\/div>\n\t\t<\/div>\n\t<\/a>\n\t<\/calendarteaser>\n<\/li>\n\n<li class=\"teaser-lane-slide col-xs-9 col-sm-4 col-md-3 teaser-wrapper col-padding-remove\">\n\t<calendarteaser key=\"144096746\" rawitem='{&quot;postId&quot;:144096,&quot;title&quot;:&quot;Return To Source&quot;,&quot;excerpt&quot;:&quot;&quot;,&quot;slug&quot;:&quot;return-to-source&quot;,&quot;post_date&quot;:&quot;2025-03-11T15:05&quot;,&quot;type&quot;:&quot;event&quot;,&quot;permalink&quot;:&quot;https:\\\/\\\/www.humboldtforum.org\\\/de\\\/programm\\\/termin\\\/gespraech\\\/return-to-source-144096\\\/&quot;,&quot;genre&quot;:[1078],&quot;genre_details&quot;:[{&quot;text&quot;:&quot;Gespr\\u00e4ch&quot;,&quot;id&quot;:1078,&quot;icon&quot;:null,&quot;parent&quot;:0}],&quot;stakeholder&quot;:[382],&quot;stakeholder_details&quot;:[{&quot;text&quot;:&quot;Stiftung Humboldt Forum im Berliner Schloss&quot;,&quot;id&quot;:382,&quot;icon&quot;:null,&quot;parent&quot;:0}],&quot;language&quot;:[385],&quot;language_details&quot;:[{&quot;text&quot;:&quot;Englisch&quot;,&quot;id&quot;:385,&quot;icon&quot;:null,&quot;parent&quot;:0}],&quot;place&quot;:[1558],&quot;place_details&quot;:{&quot;place&quot;:&quot;Mechanische Arena im Foyer&quot;,&quot;map&quot;:&quot;Humboldt Forum, Schlossplatz, Berlin&quot;,&quot;room&quot;:&quot;&quot;},&quot;icon_overwrite&quot;:&quot;&quot;,&quot;acf&quot;:{&quot;noindex&quot;:false,&quot;keywords&quot;:&quot;&quot;,&quot;hashtag&quot;:&quot;HumboldtForum&quot;,&quot;belongsto&quot;:[61315],&quot;shorturl&quot;:&quot;&quot;,&quot;times&quot;:[],&quot;planning&quot;:{&quot;price&quot;:&quot;kostenfrei&quot;,&quot;admission&quot;:&quot;&quot;,&quot;pause&quot;:&quot;&quot;,&quot;duration&quot;:&quot;&quot;},&quot;subline&quot;:&quot;Listening Session mit Oscar Ngu Atanga&quot;,&quot;additional_info&quot;:{&quot;icon&quot;:&quot;0&quot;,&quot;text&quot;:&quot;&quot;},&quot;highlight_header&quot;:false,&quot;featured_images&quot;:[144097],&quot;use_video_in_teasers&quot;:false,&quot;hyphenation&quot;:true,&quot;tipp&quot;:true,&quot;joker&quot;:false,&quot;live&quot;:false,&quot;hide_event_in_program&quot;:false,&quot;gomus_id&quot;:&quot;&quot;,&quot;hm_id&quot;:&quot;&quot;},&quot;date&quot;:{&quot;NX&quot;:null,&quot;NXX&quot;:null,&quot;NLAST&quot;:&quot;202503281430&quot;,&quot;from_DATE&quot;:&quot;20250328 16:30&quot;,&quot;from&quot;:1743172200,&quot;to&quot;:1743172200,&quot;to_DATE&quot;:&quot;20250328 16:30&quot;,&quot;from_HRFSHORT&quot;:&quot;28. M\\u00e4r 2025&quot;,&quot;from_HRFSHORT_WD&quot;:&quot;Fr 28.03.2025&quot;,&quot;to_HRFSHORT&quot;:&quot;28. M\\u00e4r 2025&quot;,&quot;to_HRFSHORT_WD&quot;:&quot;Fr 28.03.2025&quot;,&quot;from_HRF&quot;:&quot;Fr, 28. M\\u00e4rz 2025&quot;,&quot;to_HRF&quot;:&quot;Fr, 28. M\\u00e4rz 2025&quot;,&quot;from_to_HRF&quot;:&quot;Fr, 28. M\\u00e4rz \\u2013 Fr, 28. M\\u00e4rz 2025&quot;,&quot;from_to_HRFSHORT&quot;:&quot;28. M\\u00e4r \\u2013 28. M\\u00e4r 2025&quot;},&quot;alert&quot;:&quot;Tipp&quot;,&quot;partof&quot;:[61315],&quot;marketing_topic&quot;:{&quot;title&quot;:&quot;SP\\u00c4TI&quot;,&quot;ID&quot;:61315,&quot;reason&quot;:&quot;sequence&quot;}}' inline-template>\n\t<a href=\"https:\/\/www.humboldtforum.org\/de\/programm\/termin\/gespraech\/return-to-source-144096\/\" class=\"teaser teaser-event teaser-event-standard\">\n\t\t<div class=\"row\">\n\t\t\t<div class=\"col-xs-12 teaser-event-image\">\n\t\t\t\t<div class=\"teaser-image teaser-image-no-alternate\">\n\t\t\t\t\t\t\t\t\t\t\t\t\t<span class=\"alert\">Tipp<\/span>\n\t\t\t\t\t\t\t\t\t\t\t\n\t<lazy-media-inline inline-template>\n\t\t<figure itemscope itemtype=\"http:\/\/schema.org\/ImageObject\" class=\"lazy-media-inline \" role=\"group\" id=\"media_69edbba1e9fa7\" aria-labelledby=\"desc_media_69edbba1e9fa7\">\n\t\t\t<script type=\"application\/json\" ref=\"data\">\n\t\t\t\t{\n\t\t\t\t\"sizes\" : {\"medium\":{\"file\":\"SHF_eb00245737-300x199.jpg\",\"width\":300,\"height\":199,\"mime-type\":\"image\\\/jpeg\",\"filesize\":13502},\"large\":{\"file\":\"SHF_eb00245737-1024x679.jpg\",\"width\":1024,\"height\":679,\"mime-type\":\"image\\\/jpeg\",\"filesize\":85779},\"thumbnail\":{\"file\":\"SHF_eb00245737-150x150.jpg\",\"width\":150,\"height\":150,\"mime-type\":\"image\\\/jpeg\",\"filesize\":7087},\"medium_large\":{\"file\":\"SHF_eb00245737-768x509.jpg\",\"width\":768,\"height\":509,\"mime-type\":\"image\\\/jpeg\",\"filesize\":52814},\"small\":{\"file\":\"SHF_eb00245737-440x292.jpg\",\"width\":440,\"height\":292,\"mime-type\":\"image\\\/jpeg\",\"filesize\":23235},\"semi\":{\"file\":\"SHF_eb00245737-580x385.jpg\",\"width\":580,\"height\":385,\"mime-type\":\"image\\\/jpeg\",\"filesize\":35238},\"mobile\":{\"file\":\"SHF_eb00245737-720x477.jpg\",\"width\":720,\"height\":477,\"mime-type\":\"image\\\/jpeg\",\"filesize\":47802},\"hd\":{\"file\":\"SHF_eb00245737-1280x849.jpg\",\"width\":1280,\"height\":849,\"mime-type\":\"image\\\/jpeg\",\"filesize\":130595},\"full\":{\"file\":\"SHF_eb00245737-1920x1273.jpg\",\"width\":1920,\"height\":1273,\"mime-type\":\"image\\\/jpeg\",\"filesize\":304601},\"1536x1536\":{\"file\":\"SHF_eb00245737-1536x1018.jpg\",\"width\":1536,\"height\":1018,\"mime-type\":\"image\\\/jpeg\",\"filesize\":188819},\"2048x2048\":{\"file\":\"SHF_eb00245737-2048x1358.jpg\",\"width\":2048,\"height\":1358,\"mime-type\":\"image\\\/jpeg\",\"filesize\":350737},\"original\":{\"file\":\"SHF_eb00245737.jpg\",\"width\":3130,\"height\":2075}},\n\t\t\t\t\"alt\" : \"Ein Musiker arbeitet im Studio mit Synthesizern und Kabeln.\",\n\t\t\t\t\"path\" : \"\\\/wp-content\\\/uploads\\\/2025\\\/03\\\/\",\n\t\t\t\t\"video\" : null,\n\t\t\t\t\"autoplay\" : null,\n\t\t\t\t\"youtube\" : null,\n\t\t\t\t\"youtubelabel\" : \"Video abspielen\",\n\t\t\t\t\"brightness\" : 100,\n\t\t\t\t\"crop\" : {\"top\":\"50.00\",\"left\":\"50.00\"},\n\t\t\t\t\"background\" : true,\n\t\t\t\t\"scale\" : 2\t\t\t\t}\n\t\t\t<\/script>\n\n\t\t\t<div class=\"height-container\" style=\"padding-bottom:66.29392971246%;\" v-if=\"sizes\">\n\t\t\t\t\t\t\t\t<lazy-media :inline=\"true\" :alt=\"alt\" :sizes=\"sizes\" :scale=\"scale\" :brightness=\"brightness\" :path=\"path\" :video=\"video\" :autoplay=\"autoplay\" :youtube=\"youtube\" :crop=\"crop\" :youtubelabel=\"youtubelabel\" :background=\"background\" media-id=\"desc_media_69edbba1e9fa7\"><\/lazy-media>\n\t\t\t\t\t\t\t<\/div>\n\n\t\t\t\t\t\t\t<figcaption class=\"sr-only\" ref=\"body\" id=\"desc_media_69edbba1e9fa7\">\n\t\t\t\t\t\t\t\t\t\t\t<div>Der Medienk&uuml;nstler Oscar Atanga im Studio<\/div>\n\t\t\t\t\t\t\t\t\t\t\t\t\t\t\t\t\t\t\t\t\t<div class=\"insignificant\">\u00a9 Egl\u0117 \u0160\u010diukait\u0117<\/div>\n\t\t\t\t\t\t\t\t\t<\/figcaption>\n\t\t\t\t\t<\/figure>\n\t<\/lazy-media-inline>\n\t\t\t\t<\/div>\n\t\t\t<\/div>\n\t\t\t<div class=\"col-xs-12 teaser-event-text Infos\">\n\t\t\t\t<div class=\"teaser-event-standard-text\">\n\t\t\t\t\t<div class=\"margin-bottom-atom\">\n\t\t\t\t\t\t<div class=\"subline clamp-1\" v-html=\"maingenre\"><\/div>\n\t\t\t\t\t\t\t\t\t\t\t\t\t<div class=\"insignificant clamp-2\">SP\u00c4TI<\/div>\n\t\t\t\t\t\t\t\t\t\t\t<\/div>\n\t\t\t\t\n\t\t\t\t\t<strong class=\"margin-bottom-atom\">Return To Source<\/strong>\n\n\t\t\t\t\t\t\t\t\t\t\t<div class=\"\">Listening Session mit Oscar Ngu Atanga<\/div>\n\t\t\t\t\t\t\t\t\t<\/div>\n\t\t\t\t<div class=\"teaser-bottom border-bottom\">\n\t\t\t\t<calendardateline :rawitem='item' :show-icon=\"true\"><\/calendardateline>\n\t\t\t\t\t<hr>\n\t\t\t\t<\/div>\n\t\t\t<\/div>\n\t\t<\/div>\n\t<\/a>\n\t<\/calendarteaser>\n<\/li>\n\n<li class=\"teaser-lane-slide col-xs-9 col-sm-4 col-md-3 teaser-wrapper col-padding-remove\">\n\t<calendarteaser key=\"14204617158\" rawitem='{&quot;postId&quot;:142046,&quot;title&quot;:&quot;Berliner Afrika-Rekonferenz&quot;,&quot;excerpt&quot;:&quot;&quot;,&quot;slug&quot;:&quot;berliner-afrika-rekonferenz&quot;,&quot;post_date&quot;:&quot;2025-01-15T11:21&quot;,&quot;type&quot;:&quot;event&quot;,&quot;permalink&quot;:&quot;https:\\\/\\\/www.humboldtforum.org\\\/de\\\/programm\\\/termin\\\/gespraech\\\/berliner-afrika-rekonferenz-142046\\\/&quot;,&quot;genre&quot;:[1078],&quot;genre_details&quot;:[{&quot;text&quot;:&quot;Gespr\\u00e4ch&quot;,&quot;id&quot;:1078,&quot;icon&quot;:null,&quot;parent&quot;:0}],&quot;targetgroup&quot;:[383,455],&quot;targetgroup_details&quot;:[{&quot;text&quot;:&quot;Erwachsene&quot;,&quot;id&quot;:383,&quot;icon&quot;:null,&quot;parent&quot;:0},{&quot;text&quot;:&quot;Jugendliche&quot;,&quot;id&quot;:455,&quot;icon&quot;:null,&quot;parent&quot;:0}],&quot;language&quot;:[384],&quot;language_details&quot;:[{&quot;text&quot;:&quot;Deutsch&quot;,&quot;id&quot;:384,&quot;icon&quot;:null,&quot;parent&quot;:0}],&quot;age&quot;:[1601],&quot;age_details&quot;:[{&quot;text&quot;:&quot;ab 12 Jahre&quot;,&quot;id&quot;:1601,&quot;icon&quot;:null,&quot;parent&quot;:0}],&quot;place&quot;:[1558],&quot;place_details&quot;:{&quot;place&quot;:&quot;Mechanische Arena im Foyer&quot;,&quot;map&quot;:&quot;Humboldt Forum, Schlossplatz, Berlin&quot;,&quot;room&quot;:&quot;&quot;},&quot;icon_overwrite&quot;:&quot;&quot;,&quot;acf&quot;:{&quot;noindex&quot;:false,&quot;keywords&quot;:&quot;&quot;,&quot;hashtag&quot;:&quot;HumboldtForum&quot;,&quot;belongsto&quot;:[61315],&quot;shorturl&quot;:&quot;&quot;,&quot;times&quot;:[],&quot;planning&quot;:{&quot;price&quot;:&quot;kostenfrei&quot;,&quot;admission&quot;:&quot;&quot;,&quot;pause&quot;:&quot;&quot;,&quot;duration&quot;:&quot;&quot;},&quot;additional_info&quot;:{&quot;icon&quot;:&quot;0&quot;,&quot;text&quot;:&quot;&quot;},&quot;highlight_header&quot;:false,&quot;use_video_in_teasers&quot;:false,&quot;hyphenation&quot;:true,&quot;tipp&quot;:true,&quot;joker&quot;:false,&quot;live&quot;:false,&quot;hide_event_in_program&quot;:false,&quot;gomus_id&quot;:&quot;&quot;,&quot;hm_id&quot;:&quot;&quot;,&quot;featured_images&quot;:[142051],&quot;tickettext&quot;:&quot;kein Ticket erforderlich&quot;,&quot;subline&quot;:&quot;Performance und Werkstattgespr\\u00e4ch&quot;},&quot;date&quot;:{&quot;NX&quot;:null,&quot;NXX&quot;:null,&quot;NLAST&quot;:&quot;202501311430&quot;,&quot;from_DATE&quot;:&quot;20250131 16:30&quot;,&quot;from&quot;:1738333800,&quot;to&quot;:1738333800,&quot;to_DATE&quot;:&quot;20250131 16:30&quot;,&quot;from_HRFSHORT&quot;:&quot;31. Jan 2025&quot;,&quot;from_HRFSHORT_WD&quot;:&quot;Fr 31.01.2025&quot;,&quot;to_HRFSHORT&quot;:&quot;31. Jan 2025&quot;,&quot;to_HRFSHORT_WD&quot;:&quot;Fr 31.01.2025&quot;,&quot;from_HRF&quot;:&quot;Fr, 31. Januar 2025&quot;,&quot;to_HRF&quot;:&quot;Fr, 31. Januar 2025&quot;,&quot;from_to_HRF&quot;:&quot;Fr, 31. Januar \\u2013 Fr, 31. Januar 2025&quot;,&quot;from_to_HRFSHORT&quot;:&quot;31. Jan \\u2013 31. Jan 2025&quot;},&quot;alert&quot;:&quot;Tipp&quot;,&quot;partof&quot;:[61315],&quot;marketing_topic&quot;:{&quot;title&quot;:&quot;SP\\u00c4TI&quot;,&quot;ID&quot;:61315,&quot;reason&quot;:&quot;sequence&quot;}}' inline-template>\n\t<a href=\"https:\/\/www.humboldtforum.org\/de\/programm\/termin\/gespraech\/berliner-afrika-rekonferenz-142046\/\" class=\"teaser teaser-event teaser-event-standard\">\n\t\t<div class=\"row\">\n\t\t\t<div class=\"col-xs-12 teaser-event-image\">\n\t\t\t\t<div class=\"teaser-image teaser-image-no-alternate\">\n\t\t\t\t\t\t\t\t\t\t\t\t\t<span class=\"alert\">Tipp<\/span>\n\t\t\t\t\t\t\t\t\t\t\t\n\t<lazy-media-inline inline-template>\n\t\t<figure itemscope itemtype=\"http:\/\/schema.org\/ImageObject\" class=\"lazy-media-inline \" role=\"group\" id=\"media_69edbba1eb908\" aria-labelledby=\"desc_media_69edbba1eb908\">\n\t\t\t<script type=\"application\/json\" ref=\"data\">\n\t\t\t\t{\n\t\t\t\t\"sizes\" : {\"medium\":{\"file\":\"SHF_eb00208651-300x200.jpg\",\"width\":300,\"height\":200,\"mime-type\":\"image\\\/jpeg\",\"filesize\":20309},\"large\":{\"file\":\"SHF_eb00208651-1024x683.jpg\",\"width\":1024,\"height\":683,\"mime-type\":\"image\\\/jpeg\",\"filesize\":141397},\"thumbnail\":{\"file\":\"SHF_eb00208651-150x150.jpg\",\"width\":150,\"height\":150,\"mime-type\":\"image\\\/jpeg\",\"filesize\":9429},\"medium_large\":{\"file\":\"SHF_eb00208651-768x512.jpg\",\"width\":768,\"height\":512,\"mime-type\":\"image\\\/jpeg\",\"filesize\":87624},\"small\":{\"file\":\"SHF_eb00208651-440x293.jpg\",\"width\":440,\"height\":293,\"mime-type\":\"image\\\/jpeg\",\"filesize\":36856},\"semi\":{\"file\":\"SHF_eb00208651-580x387.jpg\",\"width\":580,\"height\":387,\"mime-type\":\"image\\\/jpeg\",\"filesize\":56892},\"mobile\":{\"file\":\"SHF_eb00208651-720x480.jpg\",\"width\":720,\"height\":480,\"mime-type\":\"image\\\/jpeg\",\"filesize\":79013},\"hd\":{\"file\":\"SHF_eb00208651-1280x853.jpg\",\"width\":1280,\"height\":853,\"mime-type\":\"image\\\/jpeg\",\"filesize\":208906},\"full\":{\"file\":\"SHF_eb00208651-1920x1280.jpg\",\"width\":1920,\"height\":1280,\"mime-type\":\"image\\\/jpeg\",\"filesize\":453438},\"xxl\":{\"file\":\"SHF_eb00208651-4048x2699.jpg\",\"width\":4048,\"height\":2699,\"mime-type\":\"image\\\/jpeg\",\"filesize\":2039091},\"1536x1536\":{\"file\":\"SHF_eb00208651-1536x1024.jpg\",\"width\":1536,\"height\":1024,\"mime-type\":\"image\\\/jpeg\",\"filesize\":292042},\"2048x2048\":{\"file\":\"SHF_eb00208651-2048x1365.jpg\",\"width\":2048,\"height\":1365,\"mime-type\":\"image\\\/jpeg\",\"filesize\":518026},\"original\":{\"file\":\"SHF_eb00208651.jpg\",\"width\":5119,\"height\":3413}},\n\t\t\t\t\"alt\" : \"Person in traditioneller Kleidung und Maske in einem Museum mit afrikanischen Artefakten.\",\n\t\t\t\t\"path\" : \"\\\/wp-content\\\/uploads\\\/2025\\\/01\\\/\",\n\t\t\t\t\"video\" : null,\n\t\t\t\t\"autoplay\" : null,\n\t\t\t\t\"youtube\" : null,\n\t\t\t\t\"youtubelabel\" : \"Video abspielen\",\n\t\t\t\t\"brightness\" : 100,\n\t\t\t\t\"crop\" : null,\n\t\t\t\t\"background\" : true,\n\t\t\t\t\"scale\" : 2\t\t\t\t}\n\t\t\t<\/script>\n\n\t\t\t<div class=\"height-container\" style=\"padding-bottom:66.673178355147%;\" v-if=\"sizes\">\n\t\t\t\t\t\t\t\t<lazy-media :inline=\"true\" :alt=\"alt\" :sizes=\"sizes\" :scale=\"scale\" :brightness=\"brightness\" :path=\"path\" :video=\"video\" :autoplay=\"autoplay\" :youtube=\"youtube\" :crop=\"crop\" :youtubelabel=\"youtubelabel\" :background=\"background\" media-id=\"desc_media_69edbba1eb908\"><\/lazy-media>\n\t\t\t\t\t\t\t<\/div>\n\n\t\t\t\t\t\t\t<figcaption class=\"sr-only\" ref=\"body\" id=\"desc_media_69edbba1eb908\">\n\t\t\t\t\t\t\t\t\t\t\t\t\t\t\t\t\t\t\t\t\t<div class=\"insignificant\">\u00a9 Frank Sperling \/ Stiftung Humboldt Forum im Berliner Schloss<\/div>\n\t\t\t\t\t\t\t\t\t<\/figcaption>\n\t\t\t\t\t<\/figure>\n\t<\/lazy-media-inline>\n\t\t\t\t<\/div>\n\t\t\t<\/div>\n\t\t\t<div class=\"col-xs-12 teaser-event-text Infos\">\n\t\t\t\t<div class=\"teaser-event-standard-text\">\n\t\t\t\t\t<div class=\"margin-bottom-atom\">\n\t\t\t\t\t\t<div class=\"subline clamp-1\" v-html=\"maingenre\"><\/div>\n\t\t\t\t\t\t\t\t\t\t\t\t\t<div class=\"insignificant clamp-2\">SP\u00c4TI<\/div>\n\t\t\t\t\t\t\t\t\t\t\t<\/div>\n\t\t\t\t\n\t\t\t\t\t<strong class=\"margin-bottom-atom\">Berliner Afrika-Rekonferenz<\/strong>\n\n\t\t\t\t\t\t\t\t\t\t\t<div class=\"\">Performance und Werkstattgespr\u00e4ch<\/div>\n\t\t\t\t\t\t\t\t\t<\/div>\n\t\t\t\t<div class=\"teaser-bottom border-bottom\">\n\t\t\t\t<calendardateline :rawitem='item' :show-icon=\"true\"><\/calendardateline>\n\t\t\t\t\t<hr>\n\t\t\t\t<\/div>\n\t\t\t<\/div>\n\t\t<\/div>\n\t<\/a>\n\t<\/calendarteaser>\n<\/li>\n\n<li class=\"teaser-lane-slide col-xs-9 col-sm-4 col-md-3 teaser-wrapper col-padding-remove\">\n\t<calendarteaser key=\"13938510534\" rawitem='{&quot;postId&quot;:139385,&quot;title&quot;:&quot;SP\\u00c4TI Palast der Erinnerung. Die Macht der Bilder&quot;,&quot;excerpt&quot;:&quot;&quot;,&quot;slug&quot;:&quot;spaeti-palast-der-erinnerung-die-macht-der-bilder&quot;,&quot;post_date&quot;:&quot;2024-11-04T14:58&quot;,&quot;type&quot;:&quot;event&quot;,&quot;permalink&quot;:&quot;https:\\\/\\\/www.humboldtforum.org\\\/de\\\/programm\\\/termin\\\/gespraech\\\/spaeti-palast-der-erinnerung-die-macht-der-bilder-139385\\\/&quot;,&quot;genre&quot;:[1078],&quot;genre_details&quot;:[{&quot;text&quot;:&quot;Gespr\\u00e4ch&quot;,&quot;id&quot;:1078,&quot;icon&quot;:null,&quot;parent&quot;:0}],&quot;targetgroup&quot;:[383,455],&quot;targetgroup_details&quot;:[{&quot;text&quot;:&quot;Erwachsene&quot;,&quot;id&quot;:383,&quot;icon&quot;:null,&quot;parent&quot;:0},{&quot;text&quot;:&quot;Jugendliche&quot;,&quot;id&quot;:455,&quot;icon&quot;:null,&quot;parent&quot;:0}],&quot;language&quot;:[384],&quot;language_details&quot;:[{&quot;text&quot;:&quot;Deutsch&quot;,&quot;id&quot;:384,&quot;icon&quot;:null,&quot;parent&quot;:0}],&quot;age&quot;:[1601],&quot;age_details&quot;:[{&quot;text&quot;:&quot;ab 12 Jahre&quot;,&quot;id&quot;:1601,&quot;icon&quot;:null,&quot;parent&quot;:0}],&quot;place&quot;:[1558],&quot;place_details&quot;:{&quot;place&quot;:&quot;Mechanische Arena im Foyer&quot;,&quot;map&quot;:&quot;Humboldt Forum, Schlossplatz, Berlin&quot;,&quot;room&quot;:&quot;&quot;},&quot;icon_overwrite&quot;:&quot;&quot;,&quot;acf&quot;:{&quot;noindex&quot;:false,&quot;keywords&quot;:&quot;&quot;,&quot;hashtag&quot;:&quot;HumboldtForum&quot;,&quot;belongsto&quot;:[61315,129313,116558],&quot;shorturl&quot;:&quot;&quot;,&quot;times&quot;:[],&quot;planning&quot;:{&quot;price&quot;:&quot;kostenfrei&quot;,&quot;admission&quot;:&quot;&quot;,&quot;pause&quot;:&quot;&quot;,&quot;duration&quot;:&quot;&quot;},&quot;additional_info&quot;:{&quot;icon&quot;:&quot;0&quot;,&quot;text&quot;:&quot;&quot;},&quot;highlight_header&quot;:false,&quot;use_video_in_teasers&quot;:false,&quot;hyphenation&quot;:true,&quot;tipp&quot;:true,&quot;joker&quot;:false,&quot;live&quot;:false,&quot;hide_event_in_program&quot;:false,&quot;gomus_id&quot;:&quot;&quot;,&quot;hm_id&quot;:&quot;&quot;,&quot;featured_images&quot;:[130894],&quot;tickettext&quot;:&quot;kein Ticket erforderlich&quot;},&quot;date&quot;:{&quot;NX&quot;:null,&quot;NXX&quot;:null,&quot;NLAST&quot;:&quot;202411221430&quot;,&quot;from_DATE&quot;:&quot;20241122 16:30&quot;,&quot;from&quot;:1732285800,&quot;to&quot;:1732285800,&quot;to_DATE&quot;:&quot;20241122 16:30&quot;,&quot;from_HRFSHORT&quot;:&quot;22. Nov 2024&quot;,&quot;from_HRFSHORT_WD&quot;:&quot;Fr 22.11.2024&quot;,&quot;to_HRFSHORT&quot;:&quot;22. Nov 2024&quot;,&quot;to_HRFSHORT_WD&quot;:&quot;Fr 22.11.2024&quot;,&quot;from_HRF&quot;:&quot;Fr, 22. November 2024&quot;,&quot;to_HRF&quot;:&quot;Fr, 22. November 2024&quot;,&quot;from_to_HRF&quot;:&quot;Fr, 22. November \\u2013 Fr, 22. November 2024&quot;,&quot;from_to_HRFSHORT&quot;:&quot;22. Nov \\u2013 22. Nov 2024&quot;},&quot;alert&quot;:&quot;Tipp&quot;,&quot;partof&quot;:[61315],&quot;marketing_topic&quot;:{&quot;title&quot;:&quot;SP\\u00c4TI&quot;,&quot;ID&quot;:61315,&quot;reason&quot;:&quot;sequence&quot;}}' inline-template>\n\t<a href=\"https:\/\/www.humboldtforum.org\/de\/programm\/termin\/gespraech\/spaeti-palast-der-erinnerung-die-macht-der-bilder-139385\/\" class=\"teaser teaser-event teaser-event-standard\">\n\t\t<div class=\"row\">\n\t\t\t<div class=\"col-xs-12 teaser-event-image\">\n\t\t\t\t<div class=\"teaser-image teaser-image-no-alternate\">\n\t\t\t\t\t\t\t\t\t\t\t\t\t<span class=\"alert\">Tipp<\/span>\n\t\t\t\t\t\t\t\t\t\t\t\n\t<lazy-media-inline inline-template>\n\t\t<figure itemscope itemtype=\"http:\/\/schema.org\/ImageObject\" class=\"lazy-media-inline \" role=\"group\" id=\"media_69edbba1ed763\" aria-labelledby=\"desc_media_69edbba1ed763\">\n\t\t\t<script type=\"application\/json\" ref=\"data\">\n\t\t\t\t{\n\t\t\t\t\"sizes\" : {\"medium\":{\"file\":\"SHF_eb00223333-300x225.jpg\",\"width\":300,\"height\":225,\"mime-type\":\"image\\\/jpeg\",\"filesize\":20390},\"large\":{\"file\":\"SHF_eb00223333-1024x768.jpg\",\"width\":1024,\"height\":768,\"mime-type\":\"image\\\/jpeg\",\"filesize\":133191},\"thumbnail\":{\"file\":\"SHF_eb00223333-150x150.jpg\",\"width\":150,\"height\":150,\"mime-type\":\"image\\\/jpeg\",\"filesize\":8535},\"medium_large\":{\"file\":\"SHF_eb00223333-768x576.jpg\",\"width\":768,\"height\":576,\"mime-type\":\"image\\\/jpeg\",\"filesize\":88214},\"small\":{\"file\":\"SHF_eb00223333-440x330.jpg\",\"width\":440,\"height\":330,\"mime-type\":\"image\\\/jpeg\",\"filesize\":37136},\"semi\":{\"file\":\"SHF_eb00223333-580x435.jpg\",\"width\":580,\"height\":435,\"mime-type\":\"image\\\/jpeg\",\"filesize\":57387},\"mobile\":{\"file\":\"SHF_eb00223333-720x540.jpg\",\"width\":720,\"height\":540,\"mime-type\":\"image\\\/jpeg\",\"filesize\":79735},\"original\":{\"file\":\"SHF_eb00223333.jpg\",\"width\":1280,\"height\":960}},\n\t\t\t\t\"alt\" : \"Frau mit VR-Brille in einem eleganten Restaurant, umgeben von modernen M\\u00f6beln und kunstvollen Lichtinstallationen.\",\n\t\t\t\t\"path\" : \"\\\/wp-content\\\/uploads\\\/2024\\\/06\\\/\",\n\t\t\t\t\"video\" : null,\n\t\t\t\t\"autoplay\" : null,\n\t\t\t\t\"youtube\" : null,\n\t\t\t\t\"youtubelabel\" : \"Video abspielen\",\n\t\t\t\t\"brightness\" : 100,\n\t\t\t\t\"crop\" : {\"top\":\"57.93\",\"left\":\"49.40\"},\n\t\t\t\t\"background\" : true,\n\t\t\t\t\"scale\" : 2\t\t\t\t}\n\t\t\t<\/script>\n\n\t\t\t<div class=\"height-container\" style=\"padding-bottom:75%;\" v-if=\"sizes\">\n\t\t\t\t\t\t\t\t<lazy-media :inline=\"true\" :alt=\"alt\" :sizes=\"sizes\" :scale=\"scale\" :brightness=\"brightness\" :path=\"path\" :video=\"video\" :autoplay=\"autoplay\" :youtube=\"youtube\" :crop=\"crop\" :youtubelabel=\"youtubelabel\" :background=\"background\" media-id=\"desc_media_69edbba1ed763\"><\/lazy-media>\n\t\t\t\t\t\t\t<\/div>\n\n\t\t\t\t\t\t\t<figcaption class=\"sr-only\" ref=\"body\" id=\"desc_media_69edbba1ed763\">\n\t\t\t\t\t\t\t\t\t\t\t\t\t\t\t\t<div>Die CyberR&auml;uber zeigen im Humboldt Forum den &bdquo;Palast der Erinnerung&ldquo; <\/div>\n\t\t\t\t\t\t\t\t\t\t\t\t\t\t\t\t<div class=\"insignificant\">\u00a9 Cyber R\u00e4uber<\/div>\n\t\t\t\t\t\t\t\t\t<\/figcaption>\n\t\t\t\t\t<\/figure>\n\t<\/lazy-media-inline>\n\t\t\t\t<\/div>\n\t\t\t<\/div>\n\t\t\t<div class=\"col-xs-12 teaser-event-text Infos\">\n\t\t\t\t<div class=\"teaser-event-standard-text\">\n\t\t\t\t\t<div class=\"margin-bottom-atom\">\n\t\t\t\t\t\t<div class=\"subline clamp-1\" v-html=\"maingenre\"><\/div>\n\t\t\t\t\t\t\t\t\t\t\t\t\t<div class=\"insignificant clamp-2\">SP\u00c4TI<\/div>\n\t\t\t\t\t\t\t\t\t\t\t<\/div>\n\t\t\t\t\n\t\t\t\t\t<strong class=\"margin-bottom-atom\">SP\u00c4TI Palast der Erinnerung. Die Macht der Bilder<\/strong>\n\n\t\t\t\t\t\t\t\t\t\t\t<div class=\"\"><\/div>\n\t\t\t\t\t\t\t\t\t<\/div>\n\t\t\t\t<div class=\"teaser-bottom border-bottom\">\n\t\t\t\t<calendardateline :rawitem='item' :show-icon=\"true\"><\/calendardateline>\n\t\t\t\t\t<hr>\n\t\t\t\t<\/div>\n\t\t\t<\/div>\n\t\t<\/div>\n\t<\/a>\n\t<\/calendarteaser>\n<\/li>\n\n<li class=\"teaser-lane-slide col-xs-9 col-sm-4 col-md-3 teaser-wrapper col-padding-remove\">\n\t<calendarteaser key=\"13543116180\" rawitem='{&quot;postId&quot;:135431,&quot;title&quot;:&quot;Die Spree und wir&quot;,&quot;excerpt&quot;:&quot;&quot;,&quot;slug&quot;:&quot;die-spree-und-wir&quot;,&quot;post_date&quot;:&quot;2024-08-26T16:27&quot;,&quot;type&quot;:&quot;event&quot;,&quot;permalink&quot;:&quot;https:\\\/\\\/www.humboldtforum.org\\\/de\\\/programm\\\/termin\\\/gespraech\\\/die-spree-und-wir-135431\\\/&quot;,&quot;genre&quot;:[1078],&quot;genre_details&quot;:[{&quot;text&quot;:&quot;Gespr\\u00e4ch&quot;,&quot;id&quot;:1078,&quot;icon&quot;:null,&quot;parent&quot;:0}],&quot;stakeholder&quot;:[409],&quot;stakeholder_details&quot;:[{&quot;text&quot;:&quot;Humboldt-Universit\\u00e4t zu Berlin&quot;,&quot;id&quot;:409,&quot;icon&quot;:null,&quot;parent&quot;:0}],&quot;targetgroup&quot;:[383,455],&quot;targetgroup_details&quot;:[{&quot;text&quot;:&quot;Erwachsene&quot;,&quot;id&quot;:383,&quot;icon&quot;:null,&quot;parent&quot;:0},{&quot;text&quot;:&quot;Jugendliche&quot;,&quot;id&quot;:455,&quot;icon&quot;:null,&quot;parent&quot;:0}],&quot;language&quot;:[384],&quot;language_details&quot;:[{&quot;text&quot;:&quot;Deutsch&quot;,&quot;id&quot;:384,&quot;icon&quot;:null,&quot;parent&quot;:0}],&quot;age&quot;:[1601],&quot;age_details&quot;:[{&quot;text&quot;:&quot;ab 12 Jahre&quot;,&quot;id&quot;:1601,&quot;icon&quot;:null,&quot;parent&quot;:0}],&quot;place&quot;:[1558],&quot;place_details&quot;:{&quot;place&quot;:&quot;Mechanische Arena im Foyer&quot;,&quot;map&quot;:&quot;Humboldt Forum, Schlossplatz, Berlin&quot;,&quot;room&quot;:&quot;&quot;},&quot;icon_overwrite&quot;:&quot;&quot;,&quot;acf&quot;:{&quot;noindex&quot;:false,&quot;keywords&quot;:&quot;&quot;,&quot;hashtag&quot;:&quot;HumboldtForum&quot;,&quot;belongsto&quot;:[14144,61315],&quot;shorturl&quot;:&quot;&quot;,&quot;times&quot;:[],&quot;planning&quot;:{&quot;price&quot;:&quot;kostenfrei&quot;,&quot;admission&quot;:&quot;&quot;,&quot;pause&quot;:&quot;&quot;,&quot;duration&quot;:&quot;&quot;},&quot;subline&quot;:&quot;Von unserem Verh\\u00e4ltnis zu einem Berliner Gew\\u00e4sser&quot;,&quot;additional_info&quot;:{&quot;icon&quot;:&quot;0&quot;,&quot;text&quot;:&quot;&quot;},&quot;highlight_header&quot;:false,&quot;use_video_in_teasers&quot;:false,&quot;hyphenation&quot;:true,&quot;tipp&quot;:false,&quot;joker&quot;:false,&quot;live&quot;:false,&quot;hide_event_in_program&quot;:false,&quot;gomus_id&quot;:&quot;&quot;,&quot;hm_id&quot;:&quot;&quot;,&quot;featured_images&quot;:[135444],&quot;tickettext&quot;:&quot;kein Ticket erforderlich&quot;},&quot;date&quot;:{&quot;NX&quot;:null,&quot;NXX&quot;:null,&quot;NLAST&quot;:&quot;202409271400&quot;,&quot;from_DATE&quot;:&quot;20240927 18:00&quot;,&quot;from&quot;:1727445600,&quot;to&quot;:1727445600,&quot;to_DATE&quot;:&quot;20240927 18:00&quot;,&quot;from_HRFSHORT&quot;:&quot;27. Sep 2024&quot;,&quot;from_HRFSHORT_WD&quot;:&quot;Fr 27.09.2024&quot;,&quot;to_HRFSHORT&quot;:&quot;27. Sep 2024&quot;,&quot;to_HRFSHORT_WD&quot;:&quot;Fr 27.09.2024&quot;,&quot;from_HRF&quot;:&quot;Fr, 27. September 2024&quot;,&quot;to_HRF&quot;:&quot;Fr, 27. September 2024&quot;,&quot;from_to_HRF&quot;:&quot;Fr, 27. September \\u2013 Fr, 27. September 2024&quot;,&quot;from_to_HRFSHORT&quot;:&quot;27. Sep \\u2013 27. Sep 2024&quot;},&quot;alert&quot;:null,&quot;partof&quot;:[61315],&quot;marketing_topic&quot;:{&quot;title&quot;:&quot;SP\\u00c4TI&quot;,&quot;ID&quot;:61315,&quot;reason&quot;:&quot;sequence&quot;}}' inline-template>\n\t<a href=\"https:\/\/www.humboldtforum.org\/de\/programm\/termin\/gespraech\/die-spree-und-wir-135431\/\" class=\"teaser teaser-event teaser-event-standard\">\n\t\t<div class=\"row\">\n\t\t\t<div class=\"col-xs-12 teaser-event-image\">\n\t\t\t\t<div class=\"teaser-image teaser-image-no-alternate\">\n\t\t\t\t\t\t\t\t\t\t\t\n\t<lazy-media-inline inline-template>\n\t\t<figure itemscope itemtype=\"http:\/\/schema.org\/ImageObject\" class=\"lazy-media-inline \" role=\"group\" id=\"media_69edbba1efb3a\" aria-labelledby=\"desc_media_69edbba1efb3a\">\n\t\t\t<script type=\"application\/json\" ref=\"data\">\n\t\t\t\t{\n\t\t\t\t\"sizes\" : {\"medium\":{\"file\":\"SHF_eb00230095-300x300.jpg\",\"width\":300,\"height\":300,\"mime-type\":\"image\\\/jpeg\",\"filesize\":24039},\"large\":{\"file\":\"SHF_eb00230095-1024x1024.jpg\",\"width\":1024,\"height\":1024,\"mime-type\":\"image\\\/jpeg\",\"filesize\":217372},\"thumbnail\":{\"file\":\"SHF_eb00230095-150x150.jpg\",\"width\":150,\"height\":150,\"mime-type\":\"image\\\/jpeg\",\"filesize\":7421},\"medium_large\":{\"file\":\"SHF_eb00230095-768x768.jpg\",\"width\":768,\"height\":768,\"mime-type\":\"image\\\/jpeg\",\"filesize\":129244},\"small\":{\"file\":\"SHF_eb00230095-440x440.jpg\",\"width\":440,\"height\":440,\"mime-type\":\"image\\\/jpeg\",\"filesize\":47311},\"semi\":{\"file\":\"SHF_eb00230095-580x580.jpg\",\"width\":580,\"height\":580,\"mime-type\":\"image\\\/jpeg\",\"filesize\":78648},\"mobile\":{\"file\":\"SHF_eb00230095-720x720.jpg\",\"width\":720,\"height\":720,\"mime-type\":\"image\\\/jpeg\",\"filesize\":115111},\"hd\":{\"file\":\"SHF_eb00230095-1280x1280.jpg\",\"width\":1280,\"height\":1280,\"mime-type\":\"image\\\/jpeg\",\"filesize\":322557},\"full\":{\"file\":\"SHF_eb00230095-1920x1920.jpg\",\"width\":1920,\"height\":1920,\"mime-type\":\"image\\\/jpeg\",\"filesize\":642828},\"1536x1536\":{\"file\":\"SHF_eb00230095-1536x1536.jpg\",\"width\":1536,\"height\":1536,\"mime-type\":\"image\\\/jpeg\",\"filesize\":440645},\"2048x2048\":{\"file\":\"SHF_eb00230095-2048x2048.jpg\",\"width\":2048,\"height\":2048,\"mime-type\":\"image\\\/jpeg\",\"filesize\":714817},\"original\":{\"file\":\"SHF_eb00230095.jpg\",\"width\":2938,\"height\":2938}},\n\t\t\t\t\"alt\" : \"Blick auf ein Freibad mit Sonnenliegen, wo Menschen an einem warmen Tag Sonne und Wasser genie\\u00dfen.\",\n\t\t\t\t\"path\" : \"\\\/wp-content\\\/uploads\\\/2024\\\/08\\\/\",\n\t\t\t\t\"video\" : null,\n\t\t\t\t\"autoplay\" : null,\n\t\t\t\t\"youtube\" : null,\n\t\t\t\t\"youtubelabel\" : \"Video abspielen\",\n\t\t\t\t\"brightness\" : 100,\n\t\t\t\t\"crop\" : {\"top\":\"50.00\",\"left\":\"50.00\"},\n\t\t\t\t\"background\" : true,\n\t\t\t\t\"scale\" : 2\t\t\t\t}\n\t\t\t<\/script>\n\n\t\t\t<div class=\"height-container\" style=\"padding-bottom:100%;\" v-if=\"sizes\">\n\t\t\t\t\t\t\t\t<lazy-media :inline=\"true\" :alt=\"alt\" :sizes=\"sizes\" :scale=\"scale\" :brightness=\"brightness\" :path=\"path\" :video=\"video\" :autoplay=\"autoplay\" :youtube=\"youtube\" :crop=\"crop\" :youtubelabel=\"youtubelabel\" :background=\"background\" media-id=\"desc_media_69edbba1efb3a\"><\/lazy-media>\n\t\t\t\t\t\t\t<\/div>\n\n\t\t\t\t\t\t\t<figcaption class=\"sr-only\" ref=\"body\" id=\"desc_media_69edbba1efb3a\">\n\t\t\t\t\t\t\t\t\t\t\t<div>Die Spree in Berlin, im Vordergrund das Badeschiff<\/div>\n\t\t\t\t\t\t\t\t\t\t\t\t\t\t\t\t\t\t\t\t\t<div class=\"insignificant\">\u00a9 Alana Harris \/ Unsplash<\/div>\n\t\t\t\t\t\t\t\t\t<\/figcaption>\n\t\t\t\t\t<\/figure>\n\t<\/lazy-media-inline>\n\t\t\t\t<\/div>\n\t\t\t<\/div>\n\t\t\t<div class=\"col-xs-12 teaser-event-text Infos\">\n\t\t\t\t<div class=\"teaser-event-standard-text\">\n\t\t\t\t\t<div class=\"margin-bottom-atom\">\n\t\t\t\t\t\t<div class=\"subline clamp-1\" v-html=\"maingenre\"><\/div>\n\t\t\t\t\t\t\t\t\t\t\t\t\t<div class=\"insignificant clamp-2\">SP\u00c4TI<\/div>\n\t\t\t\t\t\t\t\t\t\t\t<\/div>\n\t\t\t\t\n\t\t\t\t\t<strong class=\"margin-bottom-atom\">Die Spree und wir<\/strong>\n\n\t\t\t\t\t\t\t\t\t\t\t<div class=\"\">Von unserem Verh\u00e4ltnis zu einem Berliner Gew\u00e4sser<\/div>\n\t\t\t\t\t\t\t\t\t<\/div>\n\t\t\t\t<div class=\"teaser-bottom border-bottom\">\n\t\t\t\t<calendardateline :rawitem='item' :show-icon=\"true\"><\/calendardateline>\n\t\t\t\t\t<hr>\n\t\t\t\t<\/div>\n\t\t\t<\/div>\n\t\t<\/div>\n\t<\/a>\n\t<\/calendarteaser>\n<\/li>\n\n<li class=\"teaser-lane-slide col-xs-9 col-sm-4 col-md-3 teaser-wrapper col-padding-remove\">\n\t<calendarteaser key=\"1298926582\" rawitem='{&quot;postId&quot;:129892,&quot;title&quot;:&quot;PANTOPIA \\u2013\\u00a0die Welt h\\u00f6ren&quot;,&quot;excerpt&quot;:&quot;&quot;,&quot;slug&quot;:&quot;pantopia-die-welt-hoeren&quot;,&quot;post_date&quot;:&quot;2024-05-22T13:48&quot;,&quot;type&quot;:&quot;event&quot;,&quot;permalink&quot;:&quot;https:\\\/\\\/www.humboldtforum.org\\\/de\\\/programm\\\/termin\\\/gespraech\\\/pantopia-die-welt-hoeren-129892\\\/&quot;,&quot;genre&quot;:[1078],&quot;genre_details&quot;:[{&quot;text&quot;:&quot;Gespr\\u00e4ch&quot;,&quot;id&quot;:1078,&quot;icon&quot;:null,&quot;parent&quot;:0}],&quot;stakeholder&quot;:[382],&quot;stakeholder_details&quot;:[{&quot;text&quot;:&quot;Stiftung Humboldt Forum im Berliner Schloss&quot;,&quot;id&quot;:382,&quot;icon&quot;:null,&quot;parent&quot;:0}],&quot;targetgroup&quot;:[383,455],&quot;targetgroup_details&quot;:[{&quot;text&quot;:&quot;Erwachsene&quot;,&quot;id&quot;:383,&quot;icon&quot;:null,&quot;parent&quot;:0},{&quot;text&quot;:&quot;Jugendliche&quot;,&quot;id&quot;:455,&quot;icon&quot;:null,&quot;parent&quot;:0}],&quot;language&quot;:[384,385],&quot;language_details&quot;:[{&quot;text&quot;:&quot;Deutsch&quot;,&quot;id&quot;:384,&quot;icon&quot;:null,&quot;parent&quot;:0},{&quot;text&quot;:&quot;Englisch&quot;,&quot;id&quot;:385,&quot;icon&quot;:null,&quot;parent&quot;:0}],&quot;accessability&quot;:[1716],&quot;accessability_details&quot;:[{&quot;text&quot;:&quot;F\\u00fcr Menschen mit Sehbehinderung&quot;,&quot;id&quot;:1716,&quot;icon&quot;:null,&quot;parent&quot;:0}],&quot;age&quot;:[1601],&quot;age_details&quot;:[{&quot;text&quot;:&quot;ab 12 Jahre&quot;,&quot;id&quot;:1601,&quot;icon&quot;:null,&quot;parent&quot;:0}],&quot;place&quot;:[1558],&quot;place_details&quot;:{&quot;place&quot;:&quot;Mechanische Arena im Foyer&quot;,&quot;map&quot;:&quot;Humboldt Forum, Schlossplatz, Berlin&quot;,&quot;room&quot;:&quot;&quot;},&quot;icon_overwrite&quot;:&quot;&quot;,&quot;acf&quot;:{&quot;noindex&quot;:false,&quot;keywords&quot;:&quot;&quot;,&quot;hashtag&quot;:&quot;HumboldtForum&quot;,&quot;belongsto&quot;:[61315],&quot;shorturl&quot;:&quot;&quot;,&quot;times&quot;:[],&quot;planning&quot;:{&quot;price&quot;:&quot;kostenfrei&quot;,&quot;admission&quot;:&quot;&quot;,&quot;pause&quot;:&quot;&quot;,&quot;duration&quot;:&quot;&quot;},&quot;additional_info&quot;:{&quot;icon&quot;:&quot;0&quot;,&quot;text&quot;:&quot;&quot;},&quot;highlight_header&quot;:false,&quot;featured_images&quot;:[129900],&quot;use_video_in_teasers&quot;:false,&quot;hyphenation&quot;:true,&quot;tipp&quot;:false,&quot;joker&quot;:false,&quot;live&quot;:false,&quot;hide_event_in_program&quot;:false,&quot;gomus_id&quot;:&quot;&quot;,&quot;hm_id&quot;:&quot;&quot;},&quot;date&quot;:{&quot;NX&quot;:null,&quot;NXX&quot;:null,&quot;NLAST&quot;:&quot;202406211230&quot;,&quot;from_DATE&quot;:&quot;20240621 16:30&quot;,&quot;from&quot;:1718973000,&quot;to&quot;:1718973000,&quot;to_DATE&quot;:&quot;20240621 16:30&quot;,&quot;from_HRFSHORT&quot;:&quot;21. Jun 2024&quot;,&quot;from_HRFSHORT_WD&quot;:&quot;Fr 21.06.2024&quot;,&quot;to_HRFSHORT&quot;:&quot;21. Jun 2024&quot;,&quot;to_HRFSHORT_WD&quot;:&quot;Fr 21.06.2024&quot;,&quot;from_HRF&quot;:&quot;Fr, 21. Juni 2024&quot;,&quot;to_HRF&quot;:&quot;Fr, 21. Juni 2024&quot;,&quot;from_to_HRF&quot;:&quot;Fr, 21. Juni \\u2013 Fr, 21. Juni 2024&quot;,&quot;from_to_HRFSHORT&quot;:&quot;21. Jun \\u2013 21. Jun 2024&quot;},&quot;alert&quot;:null,&quot;partof&quot;:[&quot;61315&quot;],&quot;marketing_topic&quot;:{&quot;title&quot;:&quot;SP\\u00c4TI&quot;,&quot;ID&quot;:&quot;61315&quot;,&quot;reason&quot;:&quot;sequence&quot;}}' inline-template>\n\t<a href=\"https:\/\/www.humboldtforum.org\/de\/programm\/termin\/gespraech\/pantopia-die-welt-hoeren-129892\/\" class=\"teaser teaser-event teaser-event-standard\">\n\t\t<div class=\"row\">\n\t\t\t<div class=\"col-xs-12 teaser-event-image\">\n\t\t\t\t<div class=\"teaser-image teaser-image-no-alternate\">\n\t\t\t\t\t\t\t\t\t\t\t\n\t<lazy-media-inline inline-template>\n\t\t<figure itemscope itemtype=\"http:\/\/schema.org\/ImageObject\" class=\"lazy-media-inline \" role=\"group\" id=\"media_69edbba1f1bc6\" aria-labelledby=\"desc_media_69edbba1f1bc6\">\n\t\t\t<script type=\"application\/json\" ref=\"data\">\n\t\t\t\t{\n\t\t\t\t\"sizes\" : {\"medium\":{\"file\":\"SHF_eb00224143-1-300x130.jpg\",\"width\":300,\"height\":130,\"mime-type\":\"image\\\/jpeg\",\"filesize\":11549},\"large\":{\"file\":\"SHF_eb00224143-1-1024x444.jpg\",\"width\":1024,\"height\":444,\"mime-type\":\"image\\\/jpeg\",\"filesize\":94182},\"thumbnail\":{\"file\":\"SHF_eb00224143-1-150x150.jpg\",\"width\":150,\"height\":150,\"mime-type\":\"image\\\/jpeg\",\"filesize\":7621},\"medium_large\":{\"file\":\"SHF_eb00224143-1-768x333.jpg\",\"width\":768,\"height\":333,\"mime-type\":\"image\\\/jpeg\",\"filesize\":58660},\"small\":{\"file\":\"SHF_eb00224143-1-440x191.jpg\",\"width\":440,\"height\":191,\"mime-type\":\"image\\\/jpeg\",\"filesize\":22026},\"semi\":{\"file\":\"SHF_eb00224143-1-580x251.jpg\",\"width\":580,\"height\":251,\"mime-type\":\"image\\\/jpeg\",\"filesize\":35974},\"mobile\":{\"file\":\"SHF_eb00224143-1-720x312.jpg\",\"width\":720,\"height\":312,\"mime-type\":\"image\\\/jpeg\",\"filesize\":52511},\"hd\":{\"file\":\"SHF_eb00224143-1-1280x555.jpg\",\"width\":1280,\"height\":555,\"mime-type\":\"image\\\/jpeg\",\"filesize\":135620},\"full\":{\"file\":\"SHF_eb00224143-1-1920x832.jpg\",\"width\":1920,\"height\":832,\"mime-type\":\"image\\\/jpeg\",\"filesize\":253321},\"1536x1536\":{\"file\":\"SHF_eb00224143-1-1536x666.jpg\",\"width\":1536,\"height\":666,\"mime-type\":\"image\\\/jpeg\",\"filesize\":180273},\"2048x2048\":{\"file\":\"SHF_eb00224143-1-2048x887.jpg\",\"width\":2048,\"height\":887,\"mime-type\":\"image\\\/jpeg\",\"filesize\":276005},\"original\":{\"file\":\"SHF_eb00224143-1.jpg\",\"width\":3000,\"height\":1300}},\n\t\t\t\t\"alt\" : \"Bunt gestaltete Weltkarte mit dem Schriftzug \\\"PANTOPIA MUSIC\\\" in der Mitte.\",\n\t\t\t\t\"path\" : \"\\\/wp-content\\\/uploads\\\/2024\\\/05\\\/\",\n\t\t\t\t\"video\" : null,\n\t\t\t\t\"autoplay\" : null,\n\t\t\t\t\"youtube\" : null,\n\t\t\t\t\"youtubelabel\" : \"Video abspielen\",\n\t\t\t\t\"brightness\" : 100,\n\t\t\t\t\"crop\" : null,\n\t\t\t\t\"background\" : true,\n\t\t\t\t\"scale\" : 2\t\t\t\t}\n\t\t\t<\/script>\n\n\t\t\t<div class=\"height-container\" style=\"padding-bottom:43.333333333333%;\" v-if=\"sizes\">\n\t\t\t\t\t\t\t\t<lazy-media :inline=\"true\" :alt=\"alt\" :sizes=\"sizes\" :scale=\"scale\" :brightness=\"brightness\" :path=\"path\" :video=\"video\" :autoplay=\"autoplay\" :youtube=\"youtube\" :crop=\"crop\" :youtubelabel=\"youtubelabel\" :background=\"background\" media-id=\"desc_media_69edbba1f1bc6\"><\/lazy-media>\n\t\t\t\t\t\t\t<\/div>\n\n\t\t\t\t\t\t\t<figcaption class=\"sr-only\" ref=\"body\" id=\"desc_media_69edbba1f1bc6\">\n\t\t\t\t\t\t\t\t\t\t\t\t\t\t\t\t\t\t\t\t\t<div class=\"insignificant\">\u00a9 www.pantopia-music.org \/ Marc Sinan<\/div>\n\t\t\t\t\t\t\t\t\t<\/figcaption>\n\t\t\t\t\t<\/figure>\n\t<\/lazy-media-inline>\n\t\t\t\t<\/div>\n\t\t\t<\/div>\n\t\t\t<div class=\"col-xs-12 teaser-event-text Infos\">\n\t\t\t\t<div class=\"teaser-event-standard-text\">\n\t\t\t\t\t<div class=\"margin-bottom-atom\">\n\t\t\t\t\t\t<div class=\"subline clamp-1\" v-html=\"maingenre\"><\/div>\n\t\t\t\t\t\t\t\t\t\t\t\t\t<div class=\"insignificant clamp-2\">SP\u00c4TI<\/div>\n\t\t\t\t\t\t\t\t\t\t\t<\/div>\n\t\t\t\t\n\t\t\t\t\t<strong class=\"margin-bottom-atom\">PANTOPIA \u2013\u00a0die Welt h\u00f6ren<\/strong>\n\n\t\t\t\t\t\t\t\t\t\t\t<div class=\"\"><\/div>\n\t\t\t\t\t\t\t\t\t<\/div>\n\t\t\t\t<div class=\"teaser-bottom border-bottom\">\n\t\t\t\t<calendardateline :rawitem='item' :show-icon=\"true\"><\/calendardateline>\n\t\t\t\t\t<hr>\n\t\t\t\t<\/div>\n\t\t\t<\/div>\n\t\t<\/div>\n\t<\/a>\n\t<\/calendarteaser>\n<\/li>\n\n<li class=\"teaser-lane-slide col-xs-9 col-sm-4 col-md-3 teaser-wrapper col-padding-remove\">\n\t<calendarteaser key=\"1275199293\" rawitem='{&quot;postId&quot;:127519,&quot;title&quot;:&quot;Climate moves us&quot;,&quot;excerpt&quot;:&quot;&quot;,&quot;slug&quot;:&quot;climate-moves-us&quot;,&quot;post_date&quot;:&quot;2024-04-03T13:25&quot;,&quot;type&quot;:&quot;event&quot;,&quot;permalink&quot;:&quot;https:\\\/\\\/www.humboldtforum.org\\\/de\\\/programm\\\/termin\\\/performance\\\/climate-moves-us-127519\\\/&quot;,&quot;genre&quot;:[930,523],&quot;genre_details&quot;:[{&quot;text&quot;:&quot;Performance&quot;,&quot;id&quot;:930,&quot;icon&quot;:null,&quot;parent&quot;:0},{&quot;text&quot;:&quot;Tanz&quot;,&quot;id&quot;:523,&quot;icon&quot;:null,&quot;parent&quot;:0}],&quot;stakeholder&quot;:[382],&quot;stakeholder_details&quot;:[{&quot;text&quot;:&quot;Stiftung Humboldt Forum im Berliner Schloss&quot;,&quot;id&quot;:382,&quot;icon&quot;:null,&quot;parent&quot;:0}],&quot;targetgroup&quot;:[383,455],&quot;targetgroup_details&quot;:[{&quot;text&quot;:&quot;Erwachsene&quot;,&quot;id&quot;:383,&quot;icon&quot;:null,&quot;parent&quot;:0},{&quot;text&quot;:&quot;Jugendliche&quot;,&quot;id&quot;:455,&quot;icon&quot;:null,&quot;parent&quot;:0}],&quot;language&quot;:[384],&quot;language_details&quot;:[{&quot;text&quot;:&quot;Deutsch&quot;,&quot;id&quot;:384,&quot;icon&quot;:null,&quot;parent&quot;:0}],&quot;age&quot;:[1601],&quot;age_details&quot;:[{&quot;text&quot;:&quot;ab 12 Jahre&quot;,&quot;id&quot;:1601,&quot;icon&quot;:null,&quot;parent&quot;:0}],&quot;place&quot;:[1558],&quot;place_details&quot;:{&quot;place&quot;:&quot;Mechanische Arena im Foyer&quot;,&quot;map&quot;:&quot;Humboldt Forum, Schlossplatz, Berlin&quot;,&quot;room&quot;:&quot;&quot;},&quot;icon_overwrite&quot;:&quot;&quot;,&quot;acf&quot;:{&quot;noindex&quot;:false,&quot;keywords&quot;:&quot;&quot;,&quot;hashtag&quot;:&quot;HumboldtForum&quot;,&quot;belongsto&quot;:[61315],&quot;shorturl&quot;:&quot;&quot;,&quot;times&quot;:[],&quot;planning&quot;:{&quot;price&quot;:&quot;Kostenfrei&quot;,&quot;admission&quot;:&quot;&quot;,&quot;pause&quot;:&quot;&quot;,&quot;duration&quot;:&quot;&quot;},&quot;subline&quot;:&quot;Eine kollektive Performance&quot;,&quot;additional_info&quot;:{&quot;icon&quot;:&quot;0&quot;,&quot;text&quot;:&quot;&quot;},&quot;highlight_header&quot;:false,&quot;featured_images&quot;:[127520],&quot;use_video_in_teasers&quot;:false,&quot;hyphenation&quot;:true,&quot;hm_id&quot;:&quot;&quot;,&quot;tipp&quot;:false,&quot;joker&quot;:false,&quot;live&quot;:false,&quot;hide_event_in_program&quot;:false,&quot;gomus_id&quot;:&quot;&quot;,&quot;highlight_header_image&quot;:127520,&quot;has_mobile_format&quot;:false},&quot;date&quot;:{&quot;NX&quot;:null,&quot;NXX&quot;:null,&quot;NLAST&quot;:&quot;202404261400&quot;,&quot;from_DATE&quot;:&quot;20240426 18:00&quot;,&quot;from&quot;:1714140000,&quot;to&quot;:1714140000,&quot;to_DATE&quot;:&quot;20240426 18:00&quot;,&quot;from_HRFSHORT&quot;:&quot;26. Apr 2024&quot;,&quot;from_HRFSHORT_WD&quot;:&quot;Fr 26.04.2024&quot;,&quot;to_HRFSHORT&quot;:&quot;26. Apr 2024&quot;,&quot;to_HRFSHORT_WD&quot;:&quot;Fr 26.04.2024&quot;,&quot;from_HRF&quot;:&quot;Fr, 26. April 2024&quot;,&quot;to_HRF&quot;:&quot;Fr, 26. April 2024&quot;,&quot;from_to_HRF&quot;:&quot;Fr, 26. April \\u2013 Fr, 26. April 2024&quot;,&quot;from_to_HRFSHORT&quot;:&quot;26. Apr \\u2013 26. Apr 2024&quot;},&quot;alert&quot;:null,&quot;partof&quot;:[&quot;61315&quot;],&quot;marketing_topic&quot;:{&quot;title&quot;:&quot;SP\\u00c4TI&quot;,&quot;ID&quot;:&quot;61315&quot;,&quot;reason&quot;:&quot;sequence&quot;}}' inline-template>\n\t<a href=\"https:\/\/www.humboldtforum.org\/de\/programm\/termin\/performance\/climate-moves-us-127519\/\" class=\"teaser teaser-event teaser-event-standard\">\n\t\t<div class=\"row\">\n\t\t\t<div class=\"col-xs-12 teaser-event-image\">\n\t\t\t\t<div class=\"teaser-image teaser-image-no-alternate\">\n\t\t\t\t\t\t\t\t\t\t\t\n\t<lazy-media-inline inline-template>\n\t\t<figure itemscope itemtype=\"http:\/\/schema.org\/ImageObject\" class=\"lazy-media-inline \" role=\"group\" id=\"media_69edbba1f3deb\" aria-labelledby=\"desc_media_69edbba1f3deb\">\n\t\t\t<script type=\"application\/json\" ref=\"data\">\n\t\t\t\t{\n\t\t\t\t\"sizes\" : {\"medium\":{\"file\":\"SHF_eb00220138-300x100.jpg\",\"width\":300,\"height\":100,\"mime-type\":\"image\\\/jpeg\",\"filesize\":8620},\"large\":{\"file\":\"SHF_eb00220138-1024x341.jpg\",\"width\":1024,\"height\":341,\"mime-type\":\"image\\\/jpeg\",\"filesize\":66841},\"thumbnail\":{\"file\":\"SHF_eb00220138-150x150.jpg\",\"width\":150,\"height\":150,\"mime-type\":\"image\\\/jpeg\",\"filesize\":5553},\"medium_large\":{\"file\":\"SHF_eb00220138-768x256.jpg\",\"width\":768,\"height\":256,\"mime-type\":\"image\\\/jpeg\",\"filesize\":40748},\"small\":{\"file\":\"SHF_eb00220138-440x147.jpg\",\"width\":440,\"height\":147,\"mime-type\":\"image\\\/jpeg\",\"filesize\":16117},\"semi\":{\"file\":\"SHF_eb00220138-580x193.jpg\",\"width\":580,\"height\":193,\"mime-type\":\"image\\\/jpeg\",\"filesize\":25781},\"mobile\":{\"file\":\"SHF_eb00220138-720x240.jpg\",\"width\":720,\"height\":240,\"mime-type\":\"image\\\/jpeg\",\"filesize\":36507},\"hd\":{\"file\":\"SHF_eb00220138-1280x426.jpg\",\"width\":1280,\"height\":426,\"mime-type\":\"image\\\/jpeg\",\"filesize\":96829},\"full\":{\"file\":\"SHF_eb00220138-1920x639.jpg\",\"width\":1920,\"height\":639,\"mime-type\":\"image\\\/jpeg\",\"filesize\":182243},\"1536x1536\":{\"file\":\"SHF_eb00220138-1536x511.jpg\",\"width\":1536,\"height\":511,\"mime-type\":\"image\\\/jpeg\",\"filesize\":129382},\"original\":{\"file\":\"SHF_eb00220138.jpg\",\"width\":2000,\"height\":666}},\n\t\t\t\t\"alt\" : \"Szene mit schneebedecktem Boden, umgeben von B\\u00e4umen und verdeckten Objekten, in den Farben der ungarischen Flagge.\",\n\t\t\t\t\"path\" : \"\\\/wp-content\\\/uploads\\\/2024\\\/04\\\/\",\n\t\t\t\t\"video\" : null,\n\t\t\t\t\"autoplay\" : null,\n\t\t\t\t\"youtube\" : null,\n\t\t\t\t\"youtubelabel\" : \"Video abspielen\",\n\t\t\t\t\"brightness\" : 100,\n\t\t\t\t\"crop\" : {\"top\":\"54.86\",\"left\":\"49.76\"},\n\t\t\t\t\"background\" : true,\n\t\t\t\t\"scale\" : 2\t\t\t\t}\n\t\t\t<\/script>\n\n\t\t\t<div class=\"height-container\" style=\"padding-bottom:33.3%;\" v-if=\"sizes\">\n\t\t\t\t\t\t\t\t<lazy-media :inline=\"true\" :alt=\"alt\" :sizes=\"sizes\" :scale=\"scale\" :brightness=\"brightness\" :path=\"path\" :video=\"video\" :autoplay=\"autoplay\" :youtube=\"youtube\" :crop=\"crop\" :youtubelabel=\"youtubelabel\" :background=\"background\" media-id=\"desc_media_69edbba1f3deb\"><\/lazy-media>\n\t\t\t\t\t\t\t<\/div>\n\n\t\t\t\t\t\t\t<figcaption class=\"sr-only\" ref=\"body\" id=\"desc_media_69edbba1f3deb\">\n\t\t\t\t\t\t\t\t\t\t\t\t\t\t\t\t\t\t\t\t\t<div class=\"insignificant\">\u00a9 Fondazione Feltrinelli<\/div>\n\t\t\t\t\t\t\t\t\t<\/figcaption>\n\t\t\t\t\t<\/figure>\n\t<\/lazy-media-inline>\n\t\t\t\t<\/div>\n\t\t\t<\/div>\n\t\t\t<div class=\"col-xs-12 teaser-event-text Infos\">\n\t\t\t\t<div class=\"teaser-event-standard-text\">\n\t\t\t\t\t<div class=\"margin-bottom-atom\">\n\t\t\t\t\t\t<div class=\"subline clamp-1\" v-html=\"maingenre\"><\/div>\n\t\t\t\t\t\t\t\t\t\t\t\t\t<div class=\"insignificant clamp-2\">SP\u00c4TI<\/div>\n\t\t\t\t\t\t\t\t\t\t\t<\/div>\n\t\t\t\t\n\t\t\t\t\t<strong class=\"margin-bottom-atom\">Climate moves us<\/strong>\n\n\t\t\t\t\t\t\t\t\t\t\t<div class=\"\">Eine kollektive Performance<\/div>\n\t\t\t\t\t\t\t\t\t<\/div>\n\t\t\t\t<div class=\"teaser-bottom border-bottom\">\n\t\t\t\t<calendardateline :rawitem='item' :show-icon=\"true\"><\/calendardateline>\n\t\t\t\t\t<hr>\n\t\t\t\t<\/div>\n\t\t\t<\/div>\n\t\t<\/div>\n\t<\/a>\n\t<\/calendarteaser>\n<\/li>\n\n\t\t\t\t\t\t<\/ul>\n\t\t\t\t\t<\/div>\n\t\t\t\t<\/div>\n\t\t\t<\/teaser-lane-with-buttons>\n\t\t\t\t<\/lazy-component>\n<\/section>\n\n\n\n<section class=\"block block-CTA block-CTA-long leftgradient\">\n\t<div class=\"container-fluid\">\n\t\t<div class=\"row center-xs\">\n\t\t\t<div class=\"col-xs-12\">\n\t\t\t\t<div class=\"box\">\n\t\t\t\t\t<a href=\"https:\/\/www.humboldtforum.org\/de\/newsletter-2\/\" aria-label=\"Bleiben Sie auf dem Laufenden!\" class=\"teaser teaser-cta-wide \">\n\t\t\t\t\t\t<div class=\"teaser-image\">\n\t\t\t\t\t\t\t\n\t<lazy-media-inline inline-template>\n\t\t<figure itemscope itemtype=\"http:\/\/schema.org\/ImageObject\" class=\"lazy-media-inline \" role=\"group\" id=\"media_69edbba202311\" aria-labelledby=\"desc_media_69edbba202311\">\n\t\t\t<script type=\"application\/json\" ref=\"data\">\n\t\t\t\t{\n\t\t\t\t\"sizes\" : {\"medium\":{\"file\":\"HF_eb00061823-scaled-300x200.jpg\",\"width\":300,\"height\":200,\"mime-type\":\"image\\\/jpeg\",\"filesize\":19186},\"large\":{\"file\":\"HF_eb00061823-scaled-1024x683.jpg\",\"width\":1024,\"height\":683,\"mime-type\":\"image\\\/jpeg\",\"filesize\":138597},\"thumbnail\":{\"file\":\"HF_eb00061823-scaled-150x150.jpg\",\"width\":150,\"height\":150,\"mime-type\":\"image\\\/jpeg\",\"filesize\":8513},\"medium_large\":{\"file\":\"HF_eb00061823-scaled-768x512.jpg\",\"width\":768,\"height\":512,\"mime-type\":\"image\\\/jpeg\",\"filesize\":86200},\"small\":{\"file\":\"HF_eb00061823-scaled-440x293.jpg\",\"width\":440,\"height\":293,\"mime-type\":\"image\\\/jpeg\",\"filesize\":35525},\"semi\":{\"file\":\"HF_eb00061823-scaled-580x387.jpg\",\"width\":580,\"height\":387,\"mime-type\":\"image\\\/jpeg\",\"filesize\":55724},\"mobile\":{\"file\":\"HF_eb00061823-scaled-720x480.jpg\",\"width\":720,\"height\":480,\"mime-type\":\"image\\\/jpeg\",\"filesize\":77971},\"hd\":{\"file\":\"HF_eb00061823-scaled-1280x854.jpg\",\"width\":1280,\"height\":854,\"mime-type\":\"image\\\/jpeg\",\"filesize\":202477},\"full\":{\"file\":\"HF_eb00061823-scaled-1920x1280.jpg\",\"width\":1920,\"height\":1280,\"mime-type\":\"image\\\/jpeg\",\"filesize\":386736},\"1536x1536\":{\"file\":\"HF_eb00061823-scaled-1536x1024.jpg\",\"width\":1536,\"height\":1024,\"mime-type\":\"image\\\/jpeg\",\"filesize\":266197},\"2048x2048\":{\"file\":\"HF_eb00061823-scaled-2048x1366.jpg\",\"width\":2048,\"height\":1366,\"mime-type\":\"image\\\/jpeg\",\"filesize\":430206},\"original\":{\"file\":\"HF_eb00061823-scaled.jpg\",\"width\":2560,\"height\":1707}},\n\t\t\t\t\"alt\" : \"Blick in das beleuchtete Foyer von der Galerie im ersten Stock mit Besuchenden, Infopoint und Medienturm\",\n\t\t\t\t\"path\" : \"\\\/wp-content\\\/uploads\\\/2020\\\/04\\\/\",\n\t\t\t\t\"video\" : null,\n\t\t\t\t\"autoplay\" : null,\n\t\t\t\t\"youtube\" : null,\n\t\t\t\t\"youtubelabel\" : \"Video abspielen\",\n\t\t\t\t\"brightness\" : \"70\",\n\t\t\t\t\"crop\" : {\"top\":\"90.37\",\"left\":\"39.93\"},\n\t\t\t\t\"background\" : true,\n\t\t\t\t\"scale\" : 2\t\t\t\t}\n\t\t\t<\/script>\n\n\t\t\t<div class=\"height-container\" style=\"padding-bottom:66.6796875%;\" v-if=\"sizes\">\n\t\t\t\t\t\t\t\t<lazy-media :inline=\"true\" :alt=\"alt\" :sizes=\"sizes\" :scale=\"scale\" :brightness=\"brightness\" :path=\"path\" :video=\"video\" :autoplay=\"autoplay\" :youtube=\"youtube\" :crop=\"crop\" :youtubelabel=\"youtubelabel\" :background=\"background\" media-id=\"desc_media_69edbba202311\"><\/lazy-media>\n\t\t\t\t\t\t\t<\/div>\n\n\t\t\t\t\t\t\t<figcaption class=\"sr-only\" ref=\"body\" id=\"desc_media_69edbba202311\">\n\t\t\t\t\t\t\t\t\t\t\t<div>Blick in das Foyer, November 2019.<\/div>\n\t\t\t\t\t\t\t\t\t\t\t\t\t\t\t\t\t\t\t\t\t<div class=\"insignificant\">\u00a9 Stiftung Humboldt Forum im Berliner Schloss \/ David von Becker<\/div>\n\t\t\t\t\t\t\t\t\t<\/figcaption>\n\t\t\t\t\t<\/figure>\n\t<\/lazy-media-inline>\n\t\t\t\t\t\t<\/div>\n\t\t\t\t\t\t<div class=\"teaser-content \">\n\t\t\t\t\t\t\t<div>\n\t\t\t\t\t\t\t\t\t\t\t\t\t\t\t\t<div class=\"teaser-header\"><span class=\"h3\">Bleiben Sie auf dem Laufenden!<\/span><\/div>\n\t\t\t\t\t\t\t\t<div class=\"teaser-subline\"><span class=\"font-decoration\">Abonnieren Sie unseren Newsletter.<\/span><\/div>\t\t\t\t\t\t\t\t<button tabindex=\"-1\" class=\"border\">Hier klicken<\/button>\n\t\t\t\t\t\t\t<\/div>\n\t\t\t\t\t\t<\/div>\n\t\t\t\t\t<\/a>\n\t\t\t\t<\/div>\n\t\t\t<\/div>\n\t\t<\/div>\n\t<\/div>\n<\/section>\n","protected":false},"template":"","genre":[379],"digital":[],"topic":[],"stakeholder":[382],"editorial":[],"editorialfilter":[],"targetgroup":[],"language":[384,385],"accessability":[],"age":[],"school":[],"groupsize":[],"place":[957],"class_list":["post-61315","event-sequence","type-event-sequence","status-publish","has-post-thumbnail","hentry","genre-sonstige","stakeholder-stiftung-humboldt-forum-im-berliner-schloss","language-deutsch","language-englisch","place-foyer"],"acf":[],"_links":{"self":[{"href":"https:\/\/www.humboldtforum.org\/de\/wp-json\/wp\/v2\/event-sequence\/61315","targetHints":{"allow":["GET"]}}],"collection":[{"href":"https:\/\/www.humboldtforum.org\/de\/wp-json\/wp\/v2\/event-sequence"}],"about":[{"href":"https:\/\/www.humboldtforum.org\/de\/wp-json\/wp\/v2\/types\/event-sequence"}],"version-history":[{"count":12,"href":"https:\/\/www.humboldtforum.org\/de\/wp-json\/wp\/v2\/event-sequence\/61315\/revisions"}],"predecessor-version":[{"id":150386,"href":"https:\/\/www.humboldtforum.org\/de\/wp-json\/wp\/v2\/event-sequence\/61315\/revisions\/150386"}],"wp:featuredmedia":[{"embeddable":true,"href":"https:\/\/www.humboldtforum.org\/de\/wp-json\/wp\/v2\/media\/61611"}],"wp:attachment":[{"href":"https:\/\/www.humboldtforum.org\/de\/wp-json\/wp\/v2\/media?parent=61315"}],"wp:term":[{"taxonomy":"genre","embeddable":true,"href":"https:\/\/www.humboldtforum.org\/de\/wp-json\/wp\/v2\/genre?post=61315"},{"taxonomy":"digital","embeddable":true,"href":"https:\/\/www.humboldtforum.org\/de\/wp-json\/wp\/v2\/digital?post=61315"},{"taxonomy":"topic","embeddable":true,"href":"https:\/\/www.humboldtforum.org\/de\/wp-json\/wp\/v2\/topic?post=61315"},{"taxonomy":"stakeholder","embeddable":true,"href":"https:\/\/www.humboldtforum.org\/de\/wp-json\/wp\/v2\/stakeholder?post=61315"},{"taxonomy":"editorial","embeddable":true,"href":"https:\/\/www.humboldtforum.org\/de\/wp-json\/wp\/v2\/editorial?post=61315"},{"taxonomy":"editorialfilter","embeddable":true,"href":"https:\/\/www.humboldtforum.org\/de\/wp-json\/wp\/v2\/editorialfilter?post=61315"},{"taxonomy":"targetgroup","embeddable":true,"href":"https:\/\/www.humboldtforum.org\/de\/wp-json\/wp\/v2\/targetgroup?post=61315"},{"taxonomy":"language","embeddable":true,"href":"https:\/\/www.humboldtforum.org\/de\/wp-json\/wp\/v2\/language?post=61315"},{"taxonomy":"accessability","embeddable":true,"href":"https:\/\/www.humboldtforum.org\/de\/wp-json\/wp\/v2\/accessability?post=61315"},{"taxonomy":"age","embeddable":true,"href":"https:\/\/www.humboldtforum.org\/de\/wp-json\/wp\/v2\/age?post=61315"},{"taxonomy":"school","embeddable":true,"href":"https:\/\/www.humboldtforum.org\/de\/wp-json\/wp\/v2\/school?post=61315"},{"taxonomy":"groupsize","embeddable":true,"href":"https:\/\/www.humboldtforum.org\/de\/wp-json\/wp\/v2\/groupsize?post=61315"},{"taxonomy":"place","embeddable":true,"href":"https:\/\/www.humboldtforum.org\/de\/wp-json\/wp\/v2\/place?post=61315"}],"curies":[{"name":"wp","href":"https:\/\/api.w.org\/{rel}","templated":true}]}}