{"id":116424,"date":"2023-12-11T11:39:29","date_gmt":"2023-12-11T10:39:29","guid":{"rendered":"https:\/\/www.humboldtforum.org\/?post_type=event&#038;p=116424"},"modified":"2023-12-18T10:29:49","modified_gmt":"2023-12-18T09:29:49","slug":"studio-9-der-tag-mit-anne-rabe-jagoda-marinic-und-nikolaus-blome","status":"publish","type":"event","link":"https:\/\/www.humboldtforum.org\/de\/programm\/termin\/gespraech\/studio-9-der-tag-mit-anne-rabe-jagoda-marinic-und-nikolaus-blome-116424\/","title":{"rendered":"Studio 9. Der Tag mit Anne Rabe, Jagoda Marini\u0107 und Nikolaus Blome"},"content":{"rendered":"<section class=\"block block-copy\" >\n    <div class=\"container-fluid\">\n\t\t<div class=\"row \">\n            <div class=\"col-xs-12 col-md-offset-2 col-md-8\">\n                <div class=\"box\">\n                    <div class=\"copy\"><p>Was war wichtig in 2023? Wor\u00fcber hat das Land gestritten, wor\u00fcber haben wir gelacht? Welche Krisen halten uns weiter gefangen? Was waren die sch\u00f6nen Momente? Mit gleich drei G\u00e4sten schauen wir zur\u00fcck auf das Jahr:<\/p>\n<p><strong>Anne Rabe<\/strong><br \/>\nSchriftstellerin (\u201eDie M\u00f6glichkeit von Gl\u00fcck\u201c)<\/p>\n<p><strong>Jagoda Marini\u0107<\/strong><br \/>\nKolumnistin u.a. f\u00fcr \u201estern\u201c, S\u00fcddeutsche Zeitung sowie die \u201etageszeitung und Host des Podcasts \u201eFreiheit deluxe\u201c<\/p>\n<p><strong>Nikolaus Blome<\/strong><br \/>\nPolitikchef von RTL &amp; ntv<\/p>\n<p>&nbsp;<\/p>\n<\/div>\n                <\/div>\n            <\/div>\n\t\t<\/div>\n\t\t    <\/div>\n<\/section>\n\n<section class=\"block block-teaser col-1 has-bg\" style=\"--teaser-bg:#f2f2f2\">\n\t<lazy-component :fixed-min-height=\"400\">\n\t\n\t\t\t\t\t<div class=\"container-fluid\">\n\t\t\t\t<div class=\"row bottom-xs\">\n\t\t\t\t\t<div class=\"col-xs-12 col-sm-10 col-md-8 col-sm-offset-1 col-md-offset-2\">\n\t\t\t\t\t\t<h4>Geh\u00f6rt zu<\/h4>\t\t\t\t\t\t\t\t\t\t\t\t\t\t\t\t\t\t\t<\/div>\n\t\t\t\t\t<div class=\"col-xs-12 col-sm-10 col-md-8 col-sm-offset-1 col-md-offset-2 start-xs end-md margin-bottom-sixth\">\n\t\t\t\t\t\t\t\t\t\t\t<\/div>\n\t\t\t\t<\/div>\n\t\t\t\t<ul class=\"row\">\n\t\t\t\n<li class=\"col-xs-12 teaser-wrapper col-padding-remove\">\n\t<calendarteaser key=\"5799614724\" rawitem='{&quot;postId&quot;:57996,&quot;title&quot;:&quot;Studio 9. Der Tag mit ...&quot;,&quot;excerpt&quot;:&quot;&quot;,&quot;slug&quot;:&quot;studio-9-der-tag-mit&quot;,&quot;type&quot;:&quot;event-sequence&quot;,&quot;post_date&quot;:&quot;2022-10-22T09:52&quot;,&quot;permalink&quot;:&quot;https:\\\/\\\/www.humboldtforum.org\\\/de\\\/programm\\\/event-reihe\\\/gespraech\\\/studio-9-der-tag-mit-57996\\\/&quot;,&quot;genre&quot;:[1078],&quot;genre_details&quot;:[{&quot;text&quot;:&quot;Gespr\\u00e4ch&quot;,&quot;id&quot;:1078,&quot;icon&quot;:null,&quot;parent&quot;:0}],&quot;stakeholder&quot;:[409,400,530,382],&quot;stakeholder_details&quot;:[{&quot;text&quot;:&quot;Humboldt-Universit\\u00e4t zu Berlin&quot;,&quot;id&quot;:409,&quot;icon&quot;:null,&quot;parent&quot;:0},{&quot;text&quot;:&quot;Kulturprojekte Berlin \\\/ Stadtmuseum Berlin&quot;,&quot;id&quot;:400,&quot;icon&quot;:null,&quot;parent&quot;:0},{&quot;text&quot;:&quot;Staatliche Museen zu Berlin&quot;,&quot;id&quot;:530,&quot;icon&quot;:null,&quot;parent&quot;:0},{&quot;text&quot;:&quot;Stiftung Humboldt Forum im Berliner Schloss&quot;,&quot;id&quot;:382,&quot;icon&quot;:null,&quot;parent&quot;:0}],&quot;language&quot;:[384],&quot;language_details&quot;:[{&quot;text&quot;:&quot;Deutsch&quot;,&quot;id&quot;:384,&quot;icon&quot;:null,&quot;parent&quot;:0}],&quot;place&quot;:[1558],&quot;place_details&quot;:{&quot;place&quot;:&quot;Mechanische Arena im Foyer&quot;,&quot;map&quot;:&quot;Humboldt Forum, Schlossplatz, Berlin&quot;,&quot;room&quot;:&quot;&quot;},&quot;icon_overwrite&quot;:&quot;&quot;,&quot;acf&quot;:{&quot;noindex&quot;:false,&quot;keywords&quot;:&quot;&quot;,&quot;belongsto&quot;:false,&quot;shorturl&quot;:&quot;studio9&quot;,&quot;subline&quot;:&quot;Deutschlandfunk Kultur sendet live aus dem Humboldt Forum&quot;,&quot;additional_info&quot;:{&quot;icon&quot;:&quot;icon-serientermin&quot;,&quot;text&quot;:&quot;von 11.50 Uhr bis 13 Uhr (Beginn der Live-Sendung um 12.05 Uhr)&quot;},&quot;highlight_header&quot;:false,&quot;featured_images&quot;:[58816],&quot;use_video_in_teasers&quot;:false,&quot;hyphenation&quot;:true,&quot;manual_period&quot;:true,&quot;tipp&quot;:false,&quot;joker&quot;:false,&quot;live&quot;:false,&quot;hide_event_in_program&quot;:false,&quot;tickettext&quot;:&quot;kostenfrei&quot;,&quot;events&quot;:[58032,60639,61183,63127,65907,65891,67134,67653,72423,73125,130835,131872,132409,133197,133857,141042,144559,145807,145870,146142,147667,148011,148327,149227,149233,151201,151816,151794,153515,154547,155664,156514,156469,156994,157789,160715,160997,161293,162381,162765],&quot;overwrite_date&quot;:&quot; Veranstaltungsreihe&quot;,&quot;announcement&quot;:&quot;Veranstaltungsreihe&quot;},&quot;date&quot;:{&quot;NLAST&quot;:&quot;202704290000&quot;,&quot;NX&quot;:&quot;20270429&quot;,&quot;from_DATE&quot;:&quot;20260429 19:22&quot;,&quot;from&quot;:1777476120,&quot;to&quot;:1808942400,&quot;to_DATE&quot;:&quot;20270429 00:00&quot;,&quot;from_HRFSHORT&quot;:&quot;29. Apr 2026&quot;,&quot;from_HRFSHORT_WD&quot;:&quot;Mi 29.04.2026&quot;,&quot;to_HRFSHORT&quot;:&quot;28. Apr 2027&quot;,&quot;to_HRFSHORT_WD&quot;:&quot;Mi 28.04.2027&quot;,&quot;from_HRF&quot;:&quot;Mi, 29. April 2026&quot;,&quot;to_HRF&quot;:&quot;Mi, 28. April 2027&quot;,&quot;from_to_HRF&quot;:&quot;Mi, 29. April 2026 \\u2013 Mi, 28. April 2027&quot;,&quot;from_to_HRFSHORT&quot;:&quot;29. Apr 2026 \\u2013 28. Apr 2027&quot;},&quot;alert&quot;:null,&quot;partof&quot;:[],&quot;marketing_topic&quot;:&quot;&quot;}' inline-template>\n\t<a href=\"https:\/\/www.humboldtforum.org\/de\/programm\/event-reihe\/gespraech\/studio-9-der-tag-mit-57996\/\" class=\"teaser teaser-event-sequence teaser-event-standard\">\n\t\t<div class=\"row\">\n\t\t\t<div class=\"col-xs-12 col-sm-6 col-md-5 col-sm-offset-1 col-md-offset-2 first-sm teaser-event-text Infos\">\n\t\t\t\t<div class=\"teaser-event-standard-text\">\n\t\t\t\t\t<div class=\"margin-bottom-atom\">\n\t\t\t\t\t\t<div class=\"subline clamp-1\" v-html=\"maingenre\"><\/div>\n\t\t\t\t\t\t\t\t\t\t\t<\/div>\n\t\t\t\t\n\t\t\t\t\t<strong class=\"margin-bottom-atom h5\">Studio 9. Der Tag mit &#8230;<\/strong>\n\n\t\t\t\t\t\t\t\t\t\t\t<div class=\"\">Deutschlandfunk Kultur sendet live aus dem Humboldt Forum<\/div>\n\t\t\t\t\t\t\t\t\t<\/div>\n\t\t\t\t<div class=\"teaser-bottom border-bottom\">\n\t\t\t\t<calendardateline :rawitem='item' :show-icon=\"true\"><\/calendardateline>\n\t\t\t\t\t<hr>\n\t\t\t\t<\/div>\n\t\t\t<\/div>\n\t\t\t<div class=\"col-xs-12 col-sm-4 col-md-3 teaser-event-image bottom-xs first-xs\">\n\t\t\t\t<div class=\"teaser-image teaser-image-no-alternate\">\n\t\t\t\t\t\t\t\t\t\t\t\n\t<lazy-media-inline inline-template>\n\t\t<figure itemscope itemtype=\"http:\/\/schema.org\/ImageObject\" class=\"lazy-media-inline \" role=\"group\" id=\"media_69f25a8f10c68\" aria-labelledby=\"desc_media_69f25a8f10c68\">\n\t\t\t<script type=\"application\/json\" ref=\"data\">\n\t\t\t\t{\n\t\t\t\t\"sizes\" : {\"medium\":{\"file\":\"Dlf-Kultur_Offenes-Studio-Humboldt_Forum-Webseite-5000x2195-1-300x132.jpg\",\"width\":300,\"height\":132,\"mime-type\":\"image\\\/jpeg\",\"filesize\":4916},\"large\":{\"file\":\"Dlf-Kultur_Offenes-Studio-Humboldt_Forum-Webseite-5000x2195-1-1024x450.jpg\",\"width\":1024,\"height\":450,\"mime-type\":\"image\\\/jpeg\",\"filesize\":25921},\"thumbnail\":{\"file\":\"Dlf-Kultur_Offenes-Studio-Humboldt_Forum-Webseite-5000x2195-1-150x150.jpg\",\"width\":150,\"height\":150,\"mime-type\":\"image\\\/jpeg\",\"filesize\":4242},\"medium_large\":{\"file\":\"Dlf-Kultur_Offenes-Studio-Humboldt_Forum-Webseite-5000x2195-1-768x337.jpg\",\"width\":768,\"height\":337,\"mime-type\":\"image\\\/jpeg\",\"filesize\":17001},\"small\":{\"file\":\"Dlf-Kultur_Offenes-Studio-Humboldt_Forum-Webseite-5000x2195-1-440x193.jpg\",\"width\":440,\"height\":193,\"mime-type\":\"image\\\/jpeg\",\"filesize\":8002},\"semi\":{\"file\":\"Dlf-Kultur_Offenes-Studio-Humboldt_Forum-Webseite-5000x2195-1-580x255.jpg\",\"width\":580,\"height\":255,\"mime-type\":\"image\\\/jpeg\",\"filesize\":11243},\"mobile\":{\"file\":\"Dlf-Kultur_Offenes-Studio-Humboldt_Forum-Webseite-5000x2195-1-720x316.jpg\",\"width\":720,\"height\":316,\"mime-type\":\"image\\\/jpeg\",\"filesize\":15240},\"hd\":{\"file\":\"Dlf-Kultur_Offenes-Studio-Humboldt_Forum-Webseite-5000x2195-1-1280x562.jpg\",\"width\":1280,\"height\":562,\"mime-type\":\"image\\\/jpeg\",\"filesize\":36986},\"full\":{\"file\":\"Dlf-Kultur_Offenes-Studio-Humboldt_Forum-Webseite-5000x2195-1-1920x843.jpg\",\"width\":1920,\"height\":843,\"mime-type\":\"image\\\/jpeg\",\"filesize\":76415},\"xxl\":{\"file\":\"Dlf-Kultur_Offenes-Studio-Humboldt_Forum-Webseite-5000x2195-1-4048x1777.jpg\",\"width\":4048,\"height\":1777,\"mime-type\":\"image\\\/jpeg\",\"filesize\":360962},\"1536x1536\":{\"file\":\"Dlf-Kultur_Offenes-Studio-Humboldt_Forum-Webseite-5000x2195-1-1536x674.jpg\",\"width\":1536,\"height\":674,\"mime-type\":\"image\\\/jpeg\",\"filesize\":50970},\"2048x2048\":{\"file\":\"Dlf-Kultur_Offenes-Studio-Humboldt_Forum-Webseite-5000x2195-1-2048x899.jpg\",\"width\":2048,\"height\":899,\"mime-type\":\"image\\\/jpeg\",\"filesize\":86997},\"original\":{\"file\":\"Dlf-Kultur_Offenes-Studio-Humboldt_Forum-Webseite-5000x2195-1.jpg\",\"width\":5000,\"height\":2195}},\n\t\t\t\t\"alt\" : \"Ein Mann im Anzug mit Glatze l\\u00e4chelt vor einer neutralen Wand.\",\n\t\t\t\t\"path\" : \"\\\/wp-content\\\/uploads\\\/2022\\\/10\\\/\",\n\t\t\t\t\"video\" : null,\n\t\t\t\t\"autoplay\" : null,\n\t\t\t\t\"youtube\" : null,\n\t\t\t\t\"youtubelabel\" : \"Video abspielen\",\n\t\t\t\t\"brightness\" : 100,\n\t\t\t\t\"crop\" : {\"top\":\"27.76\",\"left\":\"70.02\"},\n\t\t\t\t\"background\" : true,\n\t\t\t\t\"scale\" : 2\t\t\t\t}\n\t\t\t<\/script>\n\n\t\t\t<div class=\"height-container\" style=\"padding-bottom:43.9%;\" v-if=\"sizes\">\n\t\t\t\t\t\t\t\t<lazy-media :inline=\"true\" :alt=\"alt\" :sizes=\"sizes\" :scale=\"scale\" :brightness=\"brightness\" :path=\"path\" :video=\"video\" :autoplay=\"autoplay\" :youtube=\"youtube\" :crop=\"crop\" :youtubelabel=\"youtubelabel\" :background=\"background\" media-id=\"desc_media_69f25a8f10c68\"><\/lazy-media>\n\t\t\t\t\t\t\t<\/div>\n\n\t\t\t\t\t\t\t<figcaption class=\"sr-only\" ref=\"body\" id=\"desc_media_69f25a8f10c68\">\n\t\t\t\t\t\t\t\t\t\t\t\t\t\t\t\t<div>Korbinian Frenzel <\/div>\n\t\t\t\t\t\t\t\t\t\t\t\t\t\t<\/figcaption>\n\t\t\t\t\t<\/figure>\n\t<\/lazy-media-inline>\n\t\t\t\t<\/div>\n\t\t\t<\/div>\n\t\t<\/div>\n\t<\/a>\n\t<\/calendarteaser>\n<\/li>\n\n\t\t\t\t<\/ul>\n\t\t\t<\/div>\n\t\t\t\t<\/lazy-component>\n<\/section>\n\n\n\n<section class=\"block block-CTA block-CTA-long leftgradient\">\n\t<div class=\"container-fluid\">\n\t\t<div class=\"row center-xs\">\n\t\t\t<div class=\"col-xs-12\">\n\t\t\t\t<div class=\"box\">\n\t\t\t\t\t<a href=\"https:\/\/www.humboldtforum.org\/de\/newsletter-2\/\" aria-label=\"Bleiben Sie auf dem Laufenden!\" class=\"teaser teaser-cta-wide \">\n\t\t\t\t\t\t<div class=\"teaser-image\">\n\t\t\t\t\t\t\t\n\t<lazy-media-inline inline-template>\n\t\t<figure itemscope itemtype=\"http:\/\/schema.org\/ImageObject\" class=\"lazy-media-inline \" role=\"group\" id=\"media_69f25a8f129c8\" aria-labelledby=\"desc_media_69f25a8f129c8\">\n\t\t\t<script type=\"application\/json\" ref=\"data\">\n\t\t\t\t{\n\t\t\t\t\"sizes\" : {\"medium\":{\"file\":\"HF_eb00061823-scaled-300x200.jpg\",\"width\":300,\"height\":200,\"mime-type\":\"image\\\/jpeg\",\"filesize\":19186},\"large\":{\"file\":\"HF_eb00061823-scaled-1024x683.jpg\",\"width\":1024,\"height\":683,\"mime-type\":\"image\\\/jpeg\",\"filesize\":138597},\"thumbnail\":{\"file\":\"HF_eb00061823-scaled-150x150.jpg\",\"width\":150,\"height\":150,\"mime-type\":\"image\\\/jpeg\",\"filesize\":8513},\"medium_large\":{\"file\":\"HF_eb00061823-scaled-768x512.jpg\",\"width\":768,\"height\":512,\"mime-type\":\"image\\\/jpeg\",\"filesize\":86200},\"small\":{\"file\":\"HF_eb00061823-scaled-440x293.jpg\",\"width\":440,\"height\":293,\"mime-type\":\"image\\\/jpeg\",\"filesize\":35525},\"semi\":{\"file\":\"HF_eb00061823-scaled-580x387.jpg\",\"width\":580,\"height\":387,\"mime-type\":\"image\\\/jpeg\",\"filesize\":55724},\"mobile\":{\"file\":\"HF_eb00061823-scaled-720x480.jpg\",\"width\":720,\"height\":480,\"mime-type\":\"image\\\/jpeg\",\"filesize\":77971},\"hd\":{\"file\":\"HF_eb00061823-scaled-1280x854.jpg\",\"width\":1280,\"height\":854,\"mime-type\":\"image\\\/jpeg\",\"filesize\":202477},\"full\":{\"file\":\"HF_eb00061823-scaled-1920x1280.jpg\",\"width\":1920,\"height\":1280,\"mime-type\":\"image\\\/jpeg\",\"filesize\":386736},\"1536x1536\":{\"file\":\"HF_eb00061823-scaled-1536x1024.jpg\",\"width\":1536,\"height\":1024,\"mime-type\":\"image\\\/jpeg\",\"filesize\":266197},\"2048x2048\":{\"file\":\"HF_eb00061823-scaled-2048x1366.jpg\",\"width\":2048,\"height\":1366,\"mime-type\":\"image\\\/jpeg\",\"filesize\":430206},\"original\":{\"file\":\"HF_eb00061823-scaled.jpg\",\"width\":2560,\"height\":1707}},\n\t\t\t\t\"alt\" : \"Blick in das beleuchtete Foyer von der Galerie im ersten Stock mit Besuchenden, Infopoint und Medienturm\",\n\t\t\t\t\"path\" : \"\\\/wp-content\\\/uploads\\\/2020\\\/04\\\/\",\n\t\t\t\t\"video\" : null,\n\t\t\t\t\"autoplay\" : null,\n\t\t\t\t\"youtube\" : null,\n\t\t\t\t\"youtubelabel\" : \"Video abspielen\",\n\t\t\t\t\"brightness\" : \"70\",\n\t\t\t\t\"crop\" : {\"top\":\"90.37\",\"left\":\"39.93\"},\n\t\t\t\t\"background\" : true,\n\t\t\t\t\"scale\" : 2\t\t\t\t}\n\t\t\t<\/script>\n\n\t\t\t<div class=\"height-container\" style=\"padding-bottom:66.6796875%;\" v-if=\"sizes\">\n\t\t\t\t\t\t\t\t<lazy-media :inline=\"true\" :alt=\"alt\" :sizes=\"sizes\" :scale=\"scale\" :brightness=\"brightness\" :path=\"path\" :video=\"video\" :autoplay=\"autoplay\" :youtube=\"youtube\" :crop=\"crop\" :youtubelabel=\"youtubelabel\" :background=\"background\" media-id=\"desc_media_69f25a8f129c8\"><\/lazy-media>\n\t\t\t\t\t\t\t<\/div>\n\n\t\t\t\t\t\t\t<figcaption class=\"sr-only\" ref=\"body\" id=\"desc_media_69f25a8f129c8\">\n\t\t\t\t\t\t\t\t\t\t\t<div>Blick in das Foyer, November 2019.<\/div>\n\t\t\t\t\t\t\t\t\t\t\t\t\t\t\t\t\t\t\t\t\t<div class=\"insignificant\">\u00a9 Stiftung Humboldt Forum im Berliner Schloss \/ David von Becker<\/div>\n\t\t\t\t\t\t\t\t\t<\/figcaption>\n\t\t\t\t\t<\/figure>\n\t<\/lazy-media-inline>\n\t\t\t\t\t\t<\/div>\n\t\t\t\t\t\t<div class=\"teaser-content \">\n\t\t\t\t\t\t\t<div>\n\t\t\t\t\t\t\t\t\t\t\t\t\t\t\t\t<div class=\"teaser-header\"><span class=\"h3\">Bleiben Sie auf dem Laufenden!<\/span><\/div>\n\t\t\t\t\t\t\t\t<div class=\"teaser-subline\"><span class=\"font-decoration\">Abonnieren Sie unseren Newsletter.<\/span><\/div>\t\t\t\t\t\t\t\t<button tabindex=\"-1\" class=\"border\">Hier klicken<\/button>\n\t\t\t\t\t\t\t<\/div>\n\t\t\t\t\t\t<\/div>\n\t\t\t\t\t<\/a>\n\t\t\t\t<\/div>\n\t\t\t<\/div>\n\t\t<\/div>\n\t<\/div>\n<\/section>\n","protected":false},"template":"","genre":[1078],"digital":[],"topic":[782],"stakeholder":[530,382],"editorial":[],"editorialfilter":[],"targetgroup":[],"language":[384],"accessability":[],"age":[],"school":[],"groupsize":[],"place":[1558],"class_list":["post-116424","event","type-event","status-publish","has-post-thumbnail","hentry","genre-gespraech","topic-kolonialismus-und-kolonialitat","stakeholder-staatliche-museen-zu-berlin","stakeholder-stiftung-humboldt-forum-im-berliner-schloss","language-deutsch","place-mechanische-arena-im-foyer"],"acf":[],"_links":{"self":[{"href":"https:\/\/www.humboldtforum.org\/de\/wp-json\/wp\/v2\/event\/116424","targetHints":{"allow":["GET"]}}],"collection":[{"href":"https:\/\/www.humboldtforum.org\/de\/wp-json\/wp\/v2\/event"}],"about":[{"href":"https:\/\/www.humboldtforum.org\/de\/wp-json\/wp\/v2\/types\/event"}],"version-history":[{"count":12,"href":"https:\/\/www.humboldtforum.org\/de\/wp-json\/wp\/v2\/event\/116424\/revisions"}],"predecessor-version":[{"id":117199,"href":"https:\/\/www.humboldtforum.org\/de\/wp-json\/wp\/v2\/event\/116424\/revisions\/117199"}],"wp:featuredmedia":[{"embeddable":true,"href":"https:\/\/www.humboldtforum.org\/de\/wp-json\/wp\/v2\/media\/59601"}],"wp:attachment":[{"href":"https:\/\/www.humboldtforum.org\/de\/wp-json\/wp\/v2\/media?parent=116424"}],"wp:term":[{"taxonomy":"genre","embeddable":true,"href":"https:\/\/www.humboldtforum.org\/de\/wp-json\/wp\/v2\/genre?post=116424"},{"taxonomy":"digital","embeddable":true,"href":"https:\/\/www.humboldtforum.org\/de\/wp-json\/wp\/v2\/digital?post=116424"},{"taxonomy":"topic","embeddable":true,"href":"https:\/\/www.humboldtforum.org\/de\/wp-json\/wp\/v2\/topic?post=116424"},{"taxonomy":"stakeholder","embeddable":true,"href":"https:\/\/www.humboldtforum.org\/de\/wp-json\/wp\/v2\/stakeholder?post=116424"},{"taxonomy":"editorial","embeddable":true,"href":"https:\/\/www.humboldtforum.org\/de\/wp-json\/wp\/v2\/editorial?post=116424"},{"taxonomy":"editorialfilter","embeddable":true,"href":"https:\/\/www.humboldtforum.org\/de\/wp-json\/wp\/v2\/editorialfilter?post=116424"},{"taxonomy":"targetgroup","embeddable":true,"href":"https:\/\/www.humboldtforum.org\/de\/wp-json\/wp\/v2\/targetgroup?post=116424"},{"taxonomy":"language","embeddable":true,"href":"https:\/\/www.humboldtforum.org\/de\/wp-json\/wp\/v2\/language?post=116424"},{"taxonomy":"accessability","embeddable":true,"href":"https:\/\/www.humboldtforum.org\/de\/wp-json\/wp\/v2\/accessability?post=116424"},{"taxonomy":"age","embeddable":true,"href":"https:\/\/www.humboldtforum.org\/de\/wp-json\/wp\/v2\/age?post=116424"},{"taxonomy":"school","embeddable":true,"href":"https:\/\/www.humboldtforum.org\/de\/wp-json\/wp\/v2\/school?post=116424"},{"taxonomy":"groupsize","embeddable":true,"href":"https:\/\/www.humboldtforum.org\/de\/wp-json\/wp\/v2\/groupsize?post=116424"},{"taxonomy":"place","embeddable":true,"href":"https:\/\/www.humboldtforum.org\/de\/wp-json\/wp\/v2\/place?post=116424"}],"curies":[{"name":"wp","href":"https:\/\/api.w.org\/{rel}","templated":true}]}}