{"id":120333,"date":"2024-01-23T12:54:40","date_gmt":"2024-01-23T11:54:40","guid":{"rendered":"https:\/\/www.humboldtforum.org\/?post_type=event&#038;p=120333"},"modified":"2024-02-12T13:21:07","modified_gmt":"2024-02-12T12:21:07","slug":"der-sohn-des-lebens","status":"publish","type":"event","link":"https:\/\/www.humboldtforum.org\/de\/programm\/termin\/konzert\/der-sohn-des-lebens-120333\/","title":{"rendered":"Der Sohn des Lebens"},"content":{"rendered":"<section class=\"block block-copy\" >\n    <div class=\"container-fluid\">\n\t\t<div class=\"row margin-bottom-sixth\">\n            <div class=\"col-xs-12 col-md-offset-2 col-md-8\">\n                <div class=\"box\">\n                    <div class=\"copy\"><p><strong>Paul Ben-Haim (1897 \u2013 1984): Streichquartett op. 21<\/strong><\/p>\n<p>Con moto sereno<br \/>\nMolto vivace<br \/>\nLarge e molto sostenuto<br \/>\nRondo-Finale. Allegretto commodo<\/p>\n<p><strong>14.00 Uhr Raum 306<\/strong> Orient und Okzident<br \/>\nSatz 2 und 4<\/p>\n<p><strong>14.30 Uhr Raum 320<\/strong> China und Europa<br \/>\nSatz 3 und 4<\/p>\n<p><strong>15.00 Uhr Raum 320 <\/strong><br \/>\nSatz 2 und 4<\/p>\n<p><strong>15.30 Uhr Raum 306 <\/strong><br \/>\nSatz 3 und 4<\/p>\n<p><strong>Besetzung<\/strong>:<br \/>\nErez Ofer, Violine<br \/>\nNadine Contini, Violine<br \/>\nAlejandro Regueira Caumel, Viola<br \/>\nHans-Jakob Eschenburg, Violoncello<\/p>\n<p>Ein vertr\u00e4umtes Miteinander von vier gleichrangigen Stimmen und doch \u00fcber weite Strecken ein suchendes Gespr\u00e4ch in spr\u00f6den Quart- und Quintmelodien: Das Streichquartett op. 21 von Paul Ben-Haim l\u00e4sst aufhorchen und gibt zugleich R\u00e4tsel auf. Beim Gebrauch der beiden Intervalle Quarte und Quinte vermeidet der Komponist die Terz, die gemeinhin das Tongeschlecht definiert und tonaler Musik \u2013 wozu das 1937 komponierte Werk geh\u00f6rt \u2013 eine Richtung gibt.<\/p>\n<p>Paul Ben-Haim wurde 1897 als Paul Frankenburger in M\u00fcnchen geboren. Nach dem Abitur in M\u00fcnchen studierte er von 1915 bis 1920 an der Akademie der Tonkunst seiner Heimatstadt bei Friedrich Klose und Walter Courvoisier Komposition sowie bei Berthold Kellermann Klavier. Seine musikalische Laufbahn begann er als Assistenzdirigent von Hans Knappertsbusch und von Bruno Walter am Bayerischen Staatstheater. Ab 1924 war er Kapellmeister in Augsburg, eine Stelle, die er 1931 wegen zunehmender antisemitischer Anfeindungen verlor. Bereits 1933 emigrierte Paul Frankenburger aus Deutschland und lebte seitdem als Komponist und Dirigent in Tel Aviv. In Pal\u00e4stina lernte er Hebr\u00e4isch und w\u00e4hlte den Nachnamen Ben-Haim : \u201eSohn des Lebens\u201c.<\/p>\n<\/div>\n                <\/div>\n            <\/div>\n\t\t<\/div>\n\t\t\t\t\t<div class=\"row margin-bottom-sixth\">\n\t\t\t\t<div class=\"col-xs-12 col-md-offset-2 col-md-8\">\n\t\t\t\t\t<div class=\"box\">\n\t\t\t\t\t\t<read-more inline-template>\n\t\t\t\t\t\t\t<div class=\"copy margin-bottom-sixth\">\n\t\t\t\t\t\t\t\t<div ref=\"body\" style=\"height:0;overflow: hidden;display: none;\">\n\t\t\t\t\t\t\t\t\t<div class=\"margin-bottom-sixth\"><h3>Der Einschnitt<\/h3>\n<p>Bereits vor seiner Emigration nach Pal\u00e4stina hatte Paul Frankenburger mehr als 80 Klavierlieder in der Nachfolge von Franz Schubert, Johannes Brahms, Hugo Wolf und Gustav Mahler komponiert. Auch die fr\u00fche Kammermusik und die Chorwerke reihten sich stilistisch zwischen Mahler, Reger und Strauss ein. Unmittelbar nach der Ankunft im Nahen Osten stellte Paul Ben-Haim fest, dass er f\u00fcr seine an deutscher Romantik ausgerichtete Musik kein Interesse finden w\u00fcrde. Erstaunlich schnell und flexibel reagierte er auf die neuen Herausforderungen, so dass sich die Musik Paul Ben-Haims von jener Paul Frankenburgers grunds\u00e4tzlich unterschied. Waren in Deutschland Texte von Johann Wolfgang Goethe, Eduard M\u00f6rike, Heinrich Heine, Friedrich Nietzsche, Christian Morgenstern, Joseph von Eichendorff oder Hugo von Hofmannsthal sein t\u00e4glicher Umgang, so zogen in Pal\u00e4stina sephardische Melodien, biblische Texte und Gedichte zeitgen\u00f6ssischer j\u00fcdischer Schriftsteller in seine Kompositionen ein. Die jemenitische S\u00e4ngerin Bracha Zephira lehrte ihn j\u00fcdische und arabische Lieder zu verstehen, so dass das Studium von deren Melodik und Rhythmik fortan seine Werke beeinflusste.<\/p>\n<h3>Ein Streichquartett spricht B\u00e4nde<\/h3>\n<p>Das erste in Pal\u00e4stina entstandene Werk war nach vier Jahren pianistischer und dirigentischer T\u00e4tigkeit das Streichquartett op. 21. Der neue Tonfall spiegelte die un\u00fcberh\u00f6rbare Entfernung von den deutschen Traditionen. \u201eStatt Polyphonie finden sich hier parallel verschobene Kl\u00e4nge, statt Chromatik Diatonik, statt Entwicklung Reihung. Paul Ben-Haim suchte damals nach einer neuen Synthese westlicher und \u00f6stlicher Musikstile.\u201c (Albrecht D\u00fcmling) Sogleich avancierte das neue Streichquartett zu einem der popul\u00e4rsten in Pal\u00e4stina entstandenen Kammermusikwerke. Zugleich verf\u00fcgte der Komponist, dass all seine Musik, die er vor 1933 geschrieben hatte, zu vernichten sei &#8211; was gl\u00fccklicherweise nicht geschah und von ihm selber sp\u00e4ter relativiert wurde.<\/p>\n<p>Bereits im einzigen Streichquartett erweist sich sinnstiftend, was in den beiden Sinfonien (1940 und 1945), der Klaviersonatine op. 38 (1946) sowie dem sinfonisch konzipierten Klavierkonzert op. 41 (1949) manifest wird: Orientalische Melodik verschmilzt mit Einfl\u00fcssen des franz\u00f6sischen Impressionismus, Tanzrhythmen treffen auf tr\u00e4umerisches Innehalten. Gebetsartige Sequenzen werden abgel\u00f6st von Passagen perkussiver Dramatik. Das gilt vor allem f\u00fcr das Finale des Quartetts, wo j\u00fcdische Themen und Tanzrhythmen die Substanz bilden. Zart-traurige Zwischenspiele unterbrechen j\u00e4h die Ausgelassenheit, um anschlie\u00dfend die Eintr\u00fcbungen immer wieder abzusch\u00fctteln \u2013 bis hin zum verzweifelt-trotzigen Schluss, der anmutet, als sei etwas Wertvolles zerbrochen.<\/p>\n<p>Dem voraus gehen zwei S\u00e4tze: ein Scherzo in erregtem Galopp, das mehrere Unterbrechungen mit elegischem Unterton erf\u00e4hrt, zuletzt gar gespenstische Dimensionen annimmt, bevor die Musik mit Mendelssohnscher Eleganz gleichsam in einem Sommernachtstraum zerstiebt. Und ein Largo molto e sostenuto, dessen Grundpuls aus extrem langsamen Viertelnoten besteht (40 Schl\u00e4ge pro Minute, mithin wesentlich langsamer als der Ruhepuls eines Menschen). Auch dieser gro\u00dfe Gesang kommt nicht ohne heftige Aufgipfelung in der Mitte aus. Die vorherrschende melodische Richtung in allen vier S\u00e4tzen ist eine permanente Abw\u00e4rtsbewegung \u2013 seit 500 Jahren in der musikalischen Rhetorik f\u00fcr nicht unbedingt zuversichtliche Botschaften bekannt.<\/p>\n<p>Das Streichquartett l\u00e4\u00dft die bittere Z\u00e4sur der erzwungenen Emigration anklingen. Die erste Sinfonie Paul Ben-Haims, 1940 entstanden, wei\u00df bereits um die Katastrophe der systematischen Judenverfolgung und um die Schrecken des Zweiten Weltkriegs. Gehetzte Marschrhythmen, brutale Einschl\u00e4ge des Schlagwerks zeichnen dort das Grauen. Aber auch klingende Sinnbilder des Trostes und der Hoffnung finden Platz in der Sinfonie. Europ\u00e4ische Idiome verschmelzen mit israelischen und arabischen, geistliche mit weltlicher Musik, Volksmusik mit Kunstmusik.<\/p>\n<p>Weit \u00fcber die k\u00fcnstlerische Idee hinaus verfolgt Paul Ben-Haim ein gesellschaftliches Ideal \u2013 ein gleichberechtigtes Miteinander in Pal\u00e4stina, wo Menschen verschiedener Herkunft und Kultur voneinander profitieren und miteinander agieren k\u00f6nnen. Dieses Ethos qualifiziert Paul Ben-Haim zu einem der Gr\u00fcnderv\u00e4ter des israelischen Musiklebens. Zahlreiche Sch\u00fcler, unter ihnen Tzvi Avni, Ben-Zion Orgad, Ami Maayani und Noam Sheriff, treten in seine Fu\u00dfstapfen. 1972 erhielt Ben-Haim das Bundesverdienstkreuz, 1984 starb er in Tel Aviv.<\/p>\n<p><em>Steffen Georgi, Konzertdramaturg des RSB<\/em><\/p>\n<p>Das Mikrokonzert #2 ist Teil einer Reihe von Konzerten, bei denen Musiker*innen des Rundfunk-Sinfonieorchesters Berlin sich in den Dialog mit den Ausstellungen begeben. Das Humboldt Forum und das RSB veranstalten die Mikrokonzerte gemeinsam jeweils an Museumssonntagen bis Juni 2024 &#8211; im Rahmen des 100. Jubil\u00e4ums des RSB.<\/p>\n<p>&nbsp;<\/p>\n<\/div>\n\t\t\t\t\t\t\t\t<\/div>\n\t\t\t\t\t\t\t\t<a ref=\"toggleButton\" class=\"Button\" @click=\"toggle\">\n\t\t\t\t\t\t\t\t\t<span v-if=\"!active\">mehr lesen<\/span>\n\t\t\t\t\t\t\t\t\t<span v-else>weniger lesen<\/span>\n\t\t\t\t\t\t\t\t<\/a>\n\t\t\t\t\t\t\t<\/div>\n\t\t\t\t\t\t<\/read-mode>\n\t\t\t\t\t<\/div>\n\t\t\t\t<\/div>\n\t\t\t<\/div>\n\t\t    <\/div>\n<\/section>\n\n<section class=\"block block-teaser col-1 has-bg\" style=\"--teaser-bg:#f2f2f2\">\n\t<lazy-component :fixed-min-height=\"400\">\n\t\n\t\t\t\t\t<div class=\"container-fluid\">\n\t\t\t\t<div class=\"row bottom-xs\">\n\t\t\t\t\t<div class=\"col-xs-12 col-sm-10 col-md-8 col-sm-offset-1 col-md-offset-2\">\n\t\t\t\t\t\t<h4>geh\u00f6rt zu<\/h4>\t\t\t\t\t\t\t\t\t\t\t\t\t\t\t\t\t\t\t<\/div>\n\t\t\t\t\t<div class=\"col-xs-12 col-sm-10 col-md-8 col-sm-offset-1 col-md-offset-2 start-xs end-md margin-bottom-sixth\">\n\t\t\t\t\t\t\t\t\t\t\t<\/div>\n\t\t\t\t<\/div>\n\t\t\t\t<ul class=\"row\">\n\t\t\t\n<li class=\"col-xs-12 teaser-wrapper col-padding-remove\">\n\t<calendarteaser key=\"1193837890\" rawitem='{&quot;postId&quot;:119383,&quot;title&quot;:&quot;Mikrokonzerte des Rundfunk-Sinfonieorchesters Berlin&quot;,&quot;excerpt&quot;:&quot;&quot;,&quot;slug&quot;:&quot;mikrokonzerte-des-rundfunk-sinfonieorchesters-berlin&quot;,&quot;type&quot;:&quot;event-sequence&quot;,&quot;post_date&quot;:&quot;2024-01-10T15:25&quot;,&quot;permalink&quot;:&quot;https:\\\/\\\/www.humboldtforum.org\\\/de\\\/programm\\\/event-reihe\\\/konzert\\\/mikrokonzerte-des-rundfunk-sinfonieorchesters-berlin-119383\\\/&quot;,&quot;genre&quot;:[393],&quot;genre_details&quot;:[{&quot;text&quot;:&quot;Konzert&quot;,&quot;id&quot;:393,&quot;icon&quot;:null,&quot;parent&quot;:0}],&quot;stakeholder&quot;:[382],&quot;stakeholder_details&quot;:[{&quot;text&quot;:&quot;Stiftung Humboldt Forum im Berliner Schloss&quot;,&quot;id&quot;:382,&quot;icon&quot;:null,&quot;parent&quot;:0}],&quot;targetgroup&quot;:[383,455,454],&quot;targetgroup_details&quot;:[{&quot;text&quot;:&quot;Erwachsene&quot;,&quot;id&quot;:383,&quot;icon&quot;:null,&quot;parent&quot;:0},{&quot;text&quot;:&quot;Jugendliche&quot;,&quot;id&quot;:455,&quot;icon&quot;:null,&quot;parent&quot;:0},{&quot;text&quot;:&quot;Kinder und Familien&quot;,&quot;id&quot;:454,&quot;icon&quot;:null,&quot;parent&quot;:0}],&quot;language&quot;:[422],&quot;language_details&quot;:[{&quot;text&quot;:&quot;Keine Sprachkenntnisse erforderlich&quot;,&quot;id&quot;:422,&quot;icon&quot;:null,&quot;parent&quot;:0}],&quot;place&quot;:[404],&quot;place_details&quot;:{&quot;place&quot;:&quot;Humboldt Forum&quot;,&quot;map&quot;:&quot;Humboldt Forum, Schlossplatz, Berlin&quot;,&quot;room&quot;:&quot;&quot;},&quot;icon_overwrite&quot;:&quot;&quot;,&quot;acf&quot;:{&quot;noindex&quot;:false,&quot;keywords&quot;:&quot;&quot;,&quot;shorturl&quot;:&quot;mikrokonzerte&quot;,&quot;belongsto&quot;:false,&quot;additional_info&quot;:{&quot;icon&quot;:&quot;0&quot;,&quot;text&quot;:&quot;&quot;},&quot;highlight_header&quot;:false,&quot;use_video_in_teasers&quot;:false,&quot;hyphenation&quot;:true,&quot;manual_period&quot;:false,&quot;tipp&quot;:false,&quot;joker&quot;:false,&quot;live&quot;:false,&quot;hide_event_in_program&quot;:false,&quot;featured_images&quot;:[119420],&quot;announcement&quot;:&quot;Veranstaltungsreihe&quot;,&quot;overwrite_date&quot;:&quot;Veranstaltungsreihe&quot;,&quot;events&quot;:[141036,154588,156510,157394,158848,160047,161796]},&quot;date&quot;:{&quot;NLAST&quot;:&quot;202604121500&quot;,&quot;NX&quot;:null,&quot;NXX&quot;:null,&quot;from_DATE&quot;:&quot;20250105 14:00&quot;,&quot;from&quot;:1736078400,&quot;to&quot;:1775995200,&quot;to_DATE&quot;:&quot;20260412 15:00&quot;,&quot;from_HRFSHORT&quot;:&quot; 5. Jan 2025&quot;,&quot;from_HRFSHORT_WD&quot;:&quot;So 05.01.2025&quot;,&quot;to_HRFSHORT&quot;:&quot;12. Apr 2026&quot;,&quot;to_HRFSHORT_WD&quot;:&quot;So 12.04.2026&quot;,&quot;from_HRF&quot;:&quot;So,  5. Januar 2025&quot;,&quot;to_HRF&quot;:&quot;So, 12. April 2026&quot;,&quot;from_to_HRF&quot;:&quot;So,  5. Januar 2025 \\u2013 So, 12. April 2026&quot;,&quot;from_to_HRFSHORT&quot;:&quot; 5. Jan 2025 \\u2013 12. Apr 2026&quot;},&quot;alert&quot;:null,&quot;partof&quot;:[],&quot;marketing_topic&quot;:&quot;&quot;}' inline-template>\n\t<a href=\"https:\/\/www.humboldtforum.org\/de\/programm\/event-reihe\/konzert\/mikrokonzerte-des-rundfunk-sinfonieorchesters-berlin-119383\/\" class=\"teaser teaser-event-sequence teaser-event-standard\">\n\t\t<div class=\"row\">\n\t\t\t<div class=\"col-xs-12 col-sm-6 col-md-5 col-sm-offset-1 col-md-offset-2 first-sm teaser-event-text Infos\">\n\t\t\t\t<div class=\"teaser-event-standard-text\">\n\t\t\t\t\t<div class=\"margin-bottom-atom\">\n\t\t\t\t\t\t<div class=\"subline clamp-1\" v-html=\"maingenre\"><\/div>\n\t\t\t\t\t\t\t\t\t\t\t<\/div>\n\t\t\t\t\n\t\t\t\t\t<strong class=\"margin-bottom-atom h5\">Mikrokonzerte des Rundfunk-Sinfonieorchesters Berlin<\/strong>\n\n\t\t\t\t\t\t\t\t\t<\/div>\n\t\t\t\t<div class=\"teaser-bottom border-bottom\">\n\t\t\t\t<calendardateline :rawitem='item' :show-icon=\"true\"><\/calendardateline>\n\t\t\t\t\t<hr>\n\t\t\t\t<\/div>\n\t\t\t<\/div>\n\t\t\t<div class=\"col-xs-12 col-sm-4 col-md-3 teaser-event-image bottom-xs first-xs\">\n\t\t\t\t<div class=\"teaser-image teaser-image-no-alternate\">\n\t\t\t\t\t\t\t\t\t\t\t\n\t<lazy-media-inline inline-template>\n\t\t<figure itemscope itemtype=\"http:\/\/schema.org\/ImageObject\" class=\"lazy-media-inline \" role=\"group\" id=\"media_69ee84e5cd759\" aria-labelledby=\"desc_media_69ee84e5cd759\">\n\t\t\t<script type=\"application\/json\" ref=\"data\">\n\t\t\t\t{\n\t\t\t\t\"sizes\" : {\"medium\":{\"file\":\"RSB_Landingpage-300x180.jpg\",\"width\":300,\"height\":180,\"mime-type\":\"image\\\/jpeg\",\"filesize\":10245},\"large\":{\"file\":\"RSB_Landingpage-1024x613.jpg\",\"width\":1024,\"height\":613,\"mime-type\":\"image\\\/jpeg\",\"filesize\":59365},\"thumbnail\":{\"file\":\"RSB_Landingpage-150x150.jpg\",\"width\":150,\"height\":150,\"mime-type\":\"image\\\/jpeg\",\"filesize\":5161},\"medium_large\":{\"file\":\"RSB_Landingpage-768x460.jpg\",\"width\":768,\"height\":460,\"mime-type\":\"image\\\/jpeg\",\"filesize\":39190},\"small\":{\"file\":\"RSB_Landingpage-440x264.jpg\",\"width\":440,\"height\":264,\"mime-type\":\"image\\\/jpeg\",\"filesize\":17909},\"semi\":{\"file\":\"RSB_Landingpage-580x347.jpg\",\"width\":580,\"height\":347,\"mime-type\":\"image\\\/jpeg\",\"filesize\":26860},\"mobile\":{\"file\":\"RSB_Landingpage-720x431.jpg\",\"width\":720,\"height\":431,\"mime-type\":\"image\\\/jpeg\",\"filesize\":35275},\"hd\":{\"file\":\"RSB_Landingpage-1280x767.jpg\",\"width\":1280,\"height\":767,\"mime-type\":\"image\\\/jpeg\",\"filesize\":81678},\"full\":{\"file\":\"RSB_Landingpage-1920x1150.jpg\",\"width\":1920,\"height\":1150,\"mime-type\":\"image\\\/jpeg\",\"filesize\":151128},\"1536x1536\":{\"file\":\"RSB_Landingpage-1536x920.jpg\",\"width\":1536,\"height\":920,\"mime-type\":\"image\\\/jpeg\",\"filesize\":106579},\"2048x2048\":{\"file\":\"RSB_Landingpage-2048x1227.jpg\",\"width\":2048,\"height\":1227,\"mime-type\":\"image\\\/jpeg\",\"filesize\":163391},\"original\":{\"file\":\"RSB_Landingpage.jpg\",\"width\":3840,\"height\":2300}},\n\t\t\t\t\"alt\" : \"Muster aus bunten, geometrischen Icons, die Sport und Fitness darstellen, auf hellblauem Hintergrund.\",\n\t\t\t\t\"path\" : \"\\\/wp-content\\\/uploads\\\/2024\\\/01\\\/\",\n\t\t\t\t\"video\" : null,\n\t\t\t\t\"autoplay\" : null,\n\t\t\t\t\"youtube\" : null,\n\t\t\t\t\"youtubelabel\" : \"Video abspielen\",\n\t\t\t\t\"brightness\" : 100,\n\t\t\t\t\"crop\" : {\"top\":\"50.00\",\"left\":\"50.00\"},\n\t\t\t\t\"background\" : true,\n\t\t\t\t\"scale\" : 2\t\t\t\t}\n\t\t\t<\/script>\n\n\t\t\t<div class=\"height-container\" style=\"padding-bottom:59.895833333333%;\" v-if=\"sizes\">\n\t\t\t\t\t\t\t\t<lazy-media :inline=\"true\" :alt=\"alt\" :sizes=\"sizes\" :scale=\"scale\" :brightness=\"brightness\" :path=\"path\" :video=\"video\" :autoplay=\"autoplay\" :youtube=\"youtube\" :crop=\"crop\" :youtubelabel=\"youtubelabel\" :background=\"background\" media-id=\"desc_media_69ee84e5cd759\"><\/lazy-media>\n\t\t\t\t\t\t\t<\/div>\n\n\t\t\t\t\t\t\t<figcaption class=\"sr-only\" ref=\"body\" id=\"desc_media_69ee84e5cd759\">\n\t\t\t\t\t\t\t\t\t\t\t\t\t\t\t\t<div>Keyvisual Mikrokonzert-Reihe <\/div>\n\t\t\t\t\t\t\t\t\t\t\t\t\t\t\t\t<div class=\"insignificant\">\u00a9 \u00c1lvaro Vali\u00f1o<\/div>\n\t\t\t\t\t\t\t\t\t<\/figcaption>\n\t\t\t\t\t<\/figure>\n\t<\/lazy-media-inline>\n\t\t\t\t<\/div>\n\t\t\t<\/div>\n\t\t<\/div>\n\t<\/a>\n\t<\/calendarteaser>\n<\/li>\n\n\t\t\t\t<\/ul>\n\t\t\t<\/div>\n\t\t\t\t<\/lazy-component>\n<\/section>\n\n\n\n<section class=\"block block-headline block-no-margin \" >\n\t<div class=\"container-fluid\">\n\t\t<div class=\"row\">\n\t\t\t\t\t\t\t<div class=\"col-xs-12 col-md-offset-2 col-md-8\">\n\t\t\t\t\t<div class=\"box\">\n\t\t\t\t\t\t<h2 class=\".h4\">Beteiligte<\/h2>\n\t\t\t\t\t<\/div>\n\t\t\t\t<\/div>\n\t\t\t\t\t<\/div>\n\t<\/div>\n<\/section>\n\n\n\n\n\n<section class=\"block block-accordion\">\n\t<div class=\"container-fluid\">\n\t\t<div class=\"row\">\n\t\t\t<div class=\"col-xs-12 col-md-offset-2 col-md-8\">\n\t\t\t\t<div class=\"box\">\n\t\t\t\t\t\t\t\t\t\t\t<block-accordion inline-template>\n\t\t\t\t\t\t\t<div class=\"accordion\">\n\t\t\t\t\t\t\t\t\t\t\t\t\t\t\t<block-accordion-item inline-template item-headline=\"Erez Ofer, Violine\">\n\t\t\t\t\t\t\t\t<div ref=\"item\" data-id=\"ErezOferVioline\" class=\"block-accordion-item active vue-initialize\" aria-expanded=\"true\" :aria-expanded=\"active ? 'true' : 'false'\">\n\t\t\t\t\t\t\t\t\t<button class=\"accordion-button-with-icon block-accordion-item-head\" :class=\"{'button-active': active}\" ref=\"head\" aria-controls=\"acc_69ee84e5d639e\" id=\"acc_title_69ee84e5d63a1\" @click=\"toggle\" @keydown=\"key\">\n\t\t\t\t\t\t\t\t\t<div><span class=\"button-label\">Erez Ofer, Violine<\/span><\/div><span class=\"button-icon icon-plus\" aria-hidden=\"true\"><\/span>\n\t\t\t\t\t\t\t\t<\/button>\n\t\t\t\t\t\t\t\t\t<div ref=\"body\" class=\"block-accordion-item-content\" id=\"acc_69ee84e5d639e\" role=\"region\">\n\t\t\t\t\t\t\t\t\t\t<div class=\"wrapper copy\">\n\t\t\t\t\t\t\t\t\t\t\t<p>Der in Israel geborene Geiger Erez Ofer ist seit 2002 Erster Konzertmeister des Rundfunk-Sinfonieorchesters Berlin. Seine musikalische Laufbahn wird flankiert von mehreren wichtigen Wettbewerbserfolgen: 1. Preis beim ARD-Wettbewerb in M\u00fcnchen, Goldmedaille beim Zino-Francescatti-Wettbewerb in Frankreich, 1. Preis beim Israelischen Rundfunk-Wettbewerb, Silbermedaille beim weltber\u00fchmten K\u00f6nigin-Elisabeth-Wettbewerb in Belgien und Paganini-Preistr\u00e4ger an der Universit\u00e4t von Indiana sowie Preistr\u00e4ger beim Tibor-Varga-Wettbewerb. Trotz seines Engagements beim RSB bleibt Erez Ofer weiterhin ein aktiver Solist und Kammermusiker. Als Solist verpflichteten ihn u.a. das Philadelphia Orchestra, das Israel Philharmonic, das Symphonieorchester des Bayerischen Rundfunks, das Belgische Nationalorchester, das Orchestre Philharmonique de Monte-Carlo und die Jerusalem Symphony. Zwischen 1993 und 1998 war Erez Ofer Konzertmeister des Symphonieorchesters des Bayerischen Rundfunks unter Lorin Maazel und des Philadelphia Orchestra unter Wolfgang Sawallisch. Erez Ofer spielt eine Violine von Domenico Montagnana aus dem Jahre 1729.<\/p>\n\n\t\t\t\t\t\t\t\t\t\t\t\t\t\t\t\t\t\t\t\t\t\t\t\t\t\t\t\t\t\t\t\t\t\n\t\t\t\t\t\t\t\t\t\t\t<div class=\"row\">\n\t\t\t\t\t\t\t\t\t\t\t\t<div class=\"col-xs-9 col-md-9\">\n\t\t\t\t\t\t\t\t\t\t\t\t\t<div class=\"box\">\n\t\t\t\t\t\t\t\t\t\t\t\t\t\t\n\t<lazy-media-inline inline-template>\n\t\t<figure itemscope itemtype=\"http:\/\/schema.org\/ImageObject\" class=\"lazy-media-inline \" role=\"group\" id=\"media_69ee84e5d6b57\" aria-labelledby=\"desc_media_69ee84e5d6b57\">\n\t\t\t<script type=\"application\/json\" ref=\"data\">\n\t\t\t\t{\n\t\t\t\t\"sizes\" : {\"medium\":{\"file\":\"SHF_eb00215554-300x300.jpg\",\"width\":300,\"height\":300,\"mime-type\":\"image\\\/jpeg\",\"filesize\":8262},\"large\":{\"file\":\"SHF_eb00215554-1024x1024.jpg\",\"width\":1024,\"height\":1024,\"mime-type\":\"image\\\/jpeg\",\"filesize\":54779},\"thumbnail\":{\"file\":\"SHF_eb00215554-150x150.jpg\",\"width\":150,\"height\":150,\"mime-type\":\"image\\\/jpeg\",\"filesize\":3311},\"medium_large\":{\"file\":\"SHF_eb00215554-768x768.jpg\",\"width\":768,\"height\":768,\"mime-type\":\"image\\\/jpeg\",\"filesize\":34103},\"small\":{\"file\":\"SHF_eb00215554-440x440.jpg\",\"width\":440,\"height\":440,\"mime-type\":\"image\\\/jpeg\",\"filesize\":14465},\"semi\":{\"file\":\"SHF_eb00215554-580x580.jpg\",\"width\":580,\"height\":580,\"mime-type\":\"image\\\/jpeg\",\"filesize\":22157},\"mobile\":{\"file\":\"SHF_eb00215554-720x720.jpg\",\"width\":720,\"height\":720,\"mime-type\":\"image\\\/jpeg\",\"filesize\":30494},\"original\":{\"file\":\"SHF_eb00215554.jpg\",\"width\":1280,\"height\":1280}},\n\t\t\t\t\"alt\" : \"Mann mit Glatze l\\u00e4chelt und h\\u00e4lt eine Violine vor einem dunklen Hintergrund.\",\n\t\t\t\t\"path\" : \"\\\/wp-content\\\/uploads\\\/2024\\\/01\\\/\",\n\t\t\t\t\"video\" : null,\n\t\t\t\t\"autoplay\" : null,\n\t\t\t\t\"youtube\" : null,\n\t\t\t\t\"youtubelabel\" : \"Video abspielen\",\n\t\t\t\t\"brightness\" : 100,\n\t\t\t\t\"crop\" : null,\n\t\t\t\t\"background\" : false,\n\t\t\t\t\"scale\" : 1\t\t\t\t}\n\t\t\t<\/script>\n\n\t\t\t<div class=\"height-container\" style=\"padding-bottom:100%;\" v-if=\"sizes\">\n\t\t\t\t\t\t\t\t<lazy-media :inline=\"true\" :alt=\"alt\" :sizes=\"sizes\" :scale=\"scale\" :brightness=\"brightness\" :path=\"path\" :video=\"video\" :autoplay=\"autoplay\" :youtube=\"youtube\" :crop=\"crop\" :youtubelabel=\"youtubelabel\" :background=\"background\" media-id=\"desc_media_69ee84e5d6b57\"><\/lazy-media>\n\t\t\t\t\t\t\t<\/div>\n\n\t\t\t\t\t\t\t<figcaption class=\"\" id=\"desc_media_69ee84e5d6b57\">\n\t\t\t\t\t<div class=\"lazy-media-info-body-content\">\n\t\t\t\t\t\t\t\t\t\t\t\t\t<div>Portr&auml;t des Violinisten Erez Ofer<\/div>\n\t\t\t\t\t\t\t\t\t\t\t\t\t\t\t\t\t\t\t\t\t\t\t\t\t<div class=\"insignificant\">\u00a9 RSB<\/div>\n\t\t\t\t\t\t\t\t\t\t\t<\/div>\n\t\t\t\t<\/figcaption>\n\t\t\t\t\t\t\t\t\t<\/figure>\n\t<\/lazy-media-inline>\n\t\t\t\t\t\t\t\t\t\t\t\t\t<\/div>\n\t\t\t\t\t\t\t\t\t\t\t\t<\/div>\n\t\t\t\t\t\t\t\t\t\t\t<\/div>\n\n\t\t\t\t\t\t\t\t\t\t\t\t\t\t\t\t\t\t\t\t\t<\/div>\n\t\t\t\t\t\t\t\t\t<\/div>\n\t\t\t\t\t\t\t\t<\/div>\n\t\t\t\t\t\t\t\t<\/block-accordion-item>\n\t\t\t\t\t\t\t\t\t\t\t\t\t\t<block-accordion-item inline-template item-headline=\"Nadine Contini, Violine\">\n\t\t\t\t\t\t\t\t<div ref=\"item\" data-id=\"NadineContiniVioline\" class=\"block-accordion-item active vue-initialize\" aria-expanded=\"true\" :aria-expanded=\"active ? 'true' : 'false'\">\n\t\t\t\t\t\t\t\t\t<button class=\"accordion-button-with-icon block-accordion-item-head\" :class=\"{'button-active': active}\" ref=\"head\" aria-controls=\"acc_69ee84e5d6e74\" id=\"acc_title_69ee84e5d6e76\" @click=\"toggle\" @keydown=\"key\">\n\t\t\t\t\t\t\t\t\t<div><span class=\"button-label\">Nadine Contini, Violine<\/span><\/div><span class=\"button-icon icon-plus\" aria-hidden=\"true\"><\/span>\n\t\t\t\t\t\t\t\t<\/button>\n\t\t\t\t\t\t\t\t\t<div ref=\"body\" class=\"block-accordion-item-content\" id=\"acc_69ee84e5d6e74\" role=\"region\">\n\t\t\t\t\t\t\t\t\t\t<div class=\"wrapper copy\">\n\t\t\t\t\t\t\t\t\t\t\t<p>Nadine Contini, Stimmf\u00fchrerin der 2. Violinen, ist seit M\u00e4rz 2005 Mitglied des Rundfunk-Sinfonieorchesters Berlin. Sie wurde 1979 in Saarbr\u00fccken geboren und ihren ersten Violinunterricht erhielt sie im Alter von 5 Jahren bei Frau Christa Schmitt-Rink. Danach war sie Sch\u00fclerin von Ulrieke Dierick. 1996 wurde sie in die Pfl\u00fcger-Stiftung Freiburg und die Spohr-Akademie zur F\u00f6rderung hochbegabter junger Geiger aufgenommen, wo sie von Wolfgang Marschner und Ariane Math\u00e4us ausgebildet wurde. Im Jahr 2000 begann sie ihr Studium an der Musikhochschule \u201eHanns Eisler\u201c in Berlin bei Antje Weithaas, welches sie 2008 mit dem Konzertexamen abschloss. Sie besuchte Meisterkurse bei Antje Weithaas, Wolfgang Marschner, Christian Tetzlaff, Guy Braunstein und Boris Pergamenschikov.<\/p>\n<p>Nadine Contini ist Preistr\u00e4gerin zahlreicher Wettbewerbe: 1998 wurde sie mit einem 1. Bundespreis \u201eJugend musiziert\u201c ausgezeichnet. Dar\u00fcber hinaus erhielt sie u.a. einen 2. Preis beim Internationalen Max Reger Wettbewerb sowie einen Sonderpreis f\u00fcr die beste Interpretation eines Solowerkes von Max Reger. 2004 gewann sie den Wettbewerb der Ibolyka-Gyarfas-Stiftung. Kulturf\u00f6rderpreise wurden ihr durch die Casino Gesellschaft Saarbr\u00fccken und den Saarl\u00e4ndischen Rundfunk verliehen. Au\u00dferdem war sie Preistr\u00e4gerin und Stipendiatin der Deutschen Stiftung Musikleben. Als Solistin spielte sie u.a. mit dem Landesjugendorchester des Saarlandes, dem Cairo Chamber Orchestra, dem Cairo Opera Orchestra, der Deutschen Spohr Philharmonie, dem Symphonieorchester des Saarl\u00e4ndischen Rundfunks im Rahmen der Konzerte Junger K\u00fcnstler, der Max Bruch Philharmonie und den Brandenburger Symphonikern. Nadine Contini spielt eine Violine des Geigenbaumeisters Stefan-Peter Greiner aus Bonn und engagiert sich als Mentorin in der Orchesterakademie des Rundfunk-Sinfonieorchesters Berlin.<\/p>\n\n\t\t\t\t\t\t\t\t\t\t\t\t\t\t\t\t\t\t\t\t\t\t\t\t\t\t\t\t\t\t\t\t\t\n\t\t\t\t\t\t\t\t\t\t\t<div class=\"row\">\n\t\t\t\t\t\t\t\t\t\t\t\t<div class=\"col-xs-9 col-md-9\">\n\t\t\t\t\t\t\t\t\t\t\t\t\t<div class=\"box\">\n\t\t\t\t\t\t\t\t\t\t\t\t\t\t\n\t<lazy-media-inline inline-template>\n\t\t<figure itemscope itemtype=\"http:\/\/schema.org\/ImageObject\" class=\"lazy-media-inline \" role=\"group\" id=\"media_69ee84e5d73bf\" aria-labelledby=\"desc_media_69ee84e5d73bf\">\n\t\t\t<script type=\"application\/json\" ref=\"data\">\n\t\t\t\t{\n\t\t\t\t\"sizes\" : {\"medium\":{\"file\":\"SHF_eb00215555-300x300.jpg\",\"width\":300,\"height\":300,\"mime-type\":\"image\\\/jpeg\",\"filesize\":15757},\"large\":{\"file\":\"SHF_eb00215555-1024x1024.jpg\",\"width\":1024,\"height\":1024,\"mime-type\":\"image\\\/jpeg\",\"filesize\":115407},\"thumbnail\":{\"file\":\"SHF_eb00215555-150x150.jpg\",\"width\":150,\"height\":150,\"mime-type\":\"image\\\/jpeg\",\"filesize\":5658},\"medium_large\":{\"file\":\"SHF_eb00215555-768x768.jpg\",\"width\":768,\"height\":768,\"mime-type\":\"image\\\/jpeg\",\"filesize\":72509},\"small\":{\"file\":\"SHF_eb00215555-440x440.jpg\",\"width\":440,\"height\":440,\"mime-type\":\"image\\\/jpeg\",\"filesize\":29088},\"semi\":{\"file\":\"SHF_eb00215555-580x580.jpg\",\"width\":580,\"height\":580,\"mime-type\":\"image\\\/jpeg\",\"filesize\":46178},\"mobile\":{\"file\":\"SHF_eb00215555-720x720.jpg\",\"width\":720,\"height\":720,\"mime-type\":\"image\\\/jpeg\",\"filesize\":65060},\"original\":{\"file\":\"SHF_eb00215555.jpg\",\"width\":1280,\"height\":1280}},\n\t\t\t\t\"alt\" : \"Portr\\u00e4t einer l\\u00e4chelnden Frau mit Violine in eleganter schwarzer Bluse vor einem harmonischen Hintergrund.\",\n\t\t\t\t\"path\" : \"\\\/wp-content\\\/uploads\\\/2024\\\/01\\\/\",\n\t\t\t\t\"video\" : null,\n\t\t\t\t\"autoplay\" : null,\n\t\t\t\t\"youtube\" : null,\n\t\t\t\t\"youtubelabel\" : \"Video abspielen\",\n\t\t\t\t\"brightness\" : 100,\n\t\t\t\t\"crop\" : null,\n\t\t\t\t\"background\" : false,\n\t\t\t\t\"scale\" : 1\t\t\t\t}\n\t\t\t<\/script>\n\n\t\t\t<div class=\"height-container\" style=\"padding-bottom:100%;\" v-if=\"sizes\">\n\t\t\t\t\t\t\t\t<lazy-media :inline=\"true\" :alt=\"alt\" :sizes=\"sizes\" :scale=\"scale\" :brightness=\"brightness\" :path=\"path\" :video=\"video\" :autoplay=\"autoplay\" :youtube=\"youtube\" :crop=\"crop\" :youtubelabel=\"youtubelabel\" :background=\"background\" media-id=\"desc_media_69ee84e5d73bf\"><\/lazy-media>\n\t\t\t\t\t\t\t<\/div>\n\n\t\t\t\t\t\t\t<figcaption class=\"\" id=\"desc_media_69ee84e5d73bf\">\n\t\t\t\t\t<div class=\"lazy-media-info-body-content\">\n\t\t\t\t\t\t\t\t\t\t\t\t\t<div>Portr&auml;t der Violinistin Nadine Contini\n<\/div>\n\t\t\t\t\t\t\t\t\t\t\t\t\t\t\t\t\t\t\t\t\t\t\t\t\t<div class=\"insignificant\">\u00a9 Bettina St\u00f6\u00df<\/div>\n\t\t\t\t\t\t\t\t\t\t\t<\/div>\n\t\t\t\t<\/figcaption>\n\t\t\t\t\t\t\t\t\t<\/figure>\n\t<\/lazy-media-inline>\n\t\t\t\t\t\t\t\t\t\t\t\t\t<\/div>\n\t\t\t\t\t\t\t\t\t\t\t\t<\/div>\n\t\t\t\t\t\t\t\t\t\t\t<\/div>\n\n\t\t\t\t\t\t\t\t\t\t\t\t\t\t\t\t\t\t\t\t\t<\/div>\n\t\t\t\t\t\t\t\t\t<\/div>\n\t\t\t\t\t\t\t\t<\/div>\n\t\t\t\t\t\t\t\t<\/block-accordion-item>\n\t\t\t\t\t\t\t\t\t\t\t\t\t\t<block-accordion-item inline-template item-headline=\"Alejandro Regueira Caumel, Bratsche\">\n\t\t\t\t\t\t\t\t<div ref=\"item\" data-id=\"AlejandroRegueiraCaumelBratsche\" class=\"block-accordion-item active vue-initialize\" aria-expanded=\"true\" :aria-expanded=\"active ? 'true' : 'false'\">\n\t\t\t\t\t\t\t\t\t<button class=\"accordion-button-with-icon block-accordion-item-head\" :class=\"{'button-active': active}\" ref=\"head\" aria-controls=\"acc_69ee84e5d7689\" id=\"acc_title_69ee84e5d768a\" @click=\"toggle\" @keydown=\"key\">\n\t\t\t\t\t\t\t\t\t<div><span class=\"button-label\">Alejandro Regueira Caumel, Bratsche<\/span><\/div><span class=\"button-icon icon-plus\" aria-hidden=\"true\"><\/span>\n\t\t\t\t\t\t\t\t<\/button>\n\t\t\t\t\t\t\t\t\t<div ref=\"body\" class=\"block-accordion-item-content\" id=\"acc_69ee84e5d7689\" role=\"region\">\n\t\t\t\t\t\t\t\t\t\t<div class=\"wrapper copy\">\n\t\t\t\t\t\t\t\t\t\t\t<p>Alejandro Regueira Caumel, geboren 1991 in M\u00e1laga\/Spanien, begann als Sechsj\u00e4hriger mit dem Geigen- und Klavierspiel. In Madrid studierte er bei Anna Baget und wechselte 2008 als Bratschist zu Dionisio Rodr\u00edguez. 2009 kam er nach Deutschland und studierte an der Hochschule f\u00fcr Musik \u201eHanns Eisler\u201c bei Pauline Sachse und Tabea Zimmermann. Meisterklassen bei Wilfried Strehle, Andreas Willwohl, Roberto D\u00edaz, Felix Schwartz und Jean Sulem erg\u00e4nzten seine Ausbildung.<\/p>\n<p>Einen besonderen Schwerpunkt in seiner bisherigen Laufbahn stellt die Kammermusik dar. So nahm er am Kammermusik-Festival der \u201eKronberg Academy\u201c und an der \u201eSeiji Ozawa<\/p>\n<p>International Academy Switzerland\u201c teil, trat wiederholt mit dem Frielinghaus Ensemble auf und ist regelm\u00e4\u00dfig bei Kammermusik Festivals wie dem \u201eFestival Ribeira Sacra\u201c oder im Nikolaisaal Potsdam zu h\u00f6ren. Au\u00dferdem gewann er erste Preise bei verschiedenen Wettbewerben, darunter beim \u201eConcurso Ib\u00e9rico de M\u00fasica de C\u00e1mara con Arpa\u201c (im Duo mit der Harfenistin Maud Edenwald), beim XII. Internationalen Wettbewerb f\u00fcr Viola und Cello \u201eVilla de Llanes\u201c, beim \u201eConcurso Mar\u00eda Cristina\u201c f\u00fcr junge Solisten und beim Wettbewerb von \u201eJeunesses Musicales\u201c in Spanien.<\/p>\n<p>Alejandro Regueira Caumel sammelte Orchestererfahrung als Mitglied des Gustav-Mahler-Jugendorchesters und des Spanischen Nationalen Jugendorchesters, sowie durch Aushilfet\u00e4tigkeiten bei den Berliner Philharmonikern und als Solobratscher bei den Bamberger Symphonikern, bei der NDR Radiophilharmonie Hannover, im NDR Elbphilharmonie Orchester, im Philharmonia Orchestra London, im Orquestra de la Comunitat Valenciana und im Orquesta Nacional de Espa\u00f1a.<\/p>\n<p>Von 2010 bis 2012 war er Akademist beim Rundfunk-Sinfonieorchester Berlin und ist seit 2015 dessen Solobratscher.<\/p>\n\n\t\t\t\t\t\t\t\t\t\t\t\t\t\t\t\t\t\t\t\t\t\t\t\t\t\t\t\t\t\t\t\t\t\n\t\t\t\t\t\t\t\t\t\t\t<div class=\"row\">\n\t\t\t\t\t\t\t\t\t\t\t\t<div class=\"col-xs-9 col-md-9\">\n\t\t\t\t\t\t\t\t\t\t\t\t\t<div class=\"box\">\n\t\t\t\t\t\t\t\t\t\t\t\t\t\t\n\t<lazy-media-inline inline-template>\n\t\t<figure itemscope itemtype=\"http:\/\/schema.org\/ImageObject\" class=\"lazy-media-inline \" role=\"group\" id=\"media_69ee84e5d7c08\" aria-labelledby=\"desc_media_69ee84e5d7c08\">\n\t\t\t<script type=\"application\/json\" ref=\"data\">\n\t\t\t\t{\n\t\t\t\t\"sizes\" : {\"medium\":{\"file\":\"SHF_eb00215553-300x300.jpg\",\"width\":300,\"height\":300,\"mime-type\":\"image\\\/jpeg\",\"filesize\":17029},\"large\":{\"file\":\"SHF_eb00215553-1024x1024.jpg\",\"width\":1024,\"height\":1024,\"mime-type\":\"image\\\/jpeg\",\"filesize\":127195},\"thumbnail\":{\"file\":\"SHF_eb00215553-150x150.jpg\",\"width\":150,\"height\":150,\"mime-type\":\"image\\\/jpeg\",\"filesize\":6176},\"medium_large\":{\"file\":\"SHF_eb00215553-768x768.jpg\",\"width\":768,\"height\":768,\"mime-type\":\"image\\\/jpeg\",\"filesize\":77964},\"small\":{\"file\":\"SHF_eb00215553-440x440.jpg\",\"width\":440,\"height\":440,\"mime-type\":\"image\\\/jpeg\",\"filesize\":30996},\"semi\":{\"file\":\"SHF_eb00215553-580x580.jpg\",\"width\":580,\"height\":580,\"mime-type\":\"image\\\/jpeg\",\"filesize\":49235},\"mobile\":{\"file\":\"SHF_eb00215553-720x720.jpg\",\"width\":720,\"height\":720,\"mime-type\":\"image\\\/jpeg\",\"filesize\":69842},\"original\":{\"file\":\"SHF_eb00215553.jpg\",\"width\":1280,\"height\":1280}},\n\t\t\t\t\"alt\" : \"Junger Mann mit dunklen Haaren, der eine Violine h\\u00e4lt und l\\u00e4chelt, vor einem warmen Holz-Hintergrund.\",\n\t\t\t\t\"path\" : \"\\\/wp-content\\\/uploads\\\/2024\\\/01\\\/\",\n\t\t\t\t\"video\" : null,\n\t\t\t\t\"autoplay\" : null,\n\t\t\t\t\"youtube\" : null,\n\t\t\t\t\"youtubelabel\" : \"Video abspielen\",\n\t\t\t\t\"brightness\" : 100,\n\t\t\t\t\"crop\" : null,\n\t\t\t\t\"background\" : false,\n\t\t\t\t\"scale\" : 1\t\t\t\t}\n\t\t\t<\/script>\n\n\t\t\t<div class=\"height-container\" style=\"padding-bottom:100%;\" v-if=\"sizes\">\n\t\t\t\t\t\t\t\t<lazy-media :inline=\"true\" :alt=\"alt\" :sizes=\"sizes\" :scale=\"scale\" :brightness=\"brightness\" :path=\"path\" :video=\"video\" :autoplay=\"autoplay\" :youtube=\"youtube\" :crop=\"crop\" :youtubelabel=\"youtubelabel\" :background=\"background\" media-id=\"desc_media_69ee84e5d7c08\"><\/lazy-media>\n\t\t\t\t\t\t\t<\/div>\n\n\t\t\t\t\t\t\t<figcaption class=\"\" id=\"desc_media_69ee84e5d7c08\">\n\t\t\t\t\t<div class=\"lazy-media-info-body-content\">\n\t\t\t\t\t\t\t\t\t\t\t\t\t<div>Portr&auml;t des Solobratschisten Alejandro Regueira Caumel<\/div>\n\t\t\t\t\t\t\t\t\t\t\t\t\t\t\t\t\t\t\t\t\t\t\t\t\t<div class=\"insignificant\">\u00a9 Bettina St\u00f6\u00df<\/div>\n\t\t\t\t\t\t\t\t\t\t\t<\/div>\n\t\t\t\t<\/figcaption>\n\t\t\t\t\t\t\t\t\t<\/figure>\n\t<\/lazy-media-inline>\n\t\t\t\t\t\t\t\t\t\t\t\t\t<\/div>\n\t\t\t\t\t\t\t\t\t\t\t\t<\/div>\n\t\t\t\t\t\t\t\t\t\t\t<\/div>\n\n\t\t\t\t\t\t\t\t\t\t\t\t\t\t\t\t\t\t\t\t\t<\/div>\n\t\t\t\t\t\t\t\t\t<\/div>\n\t\t\t\t\t\t\t\t<\/div>\n\t\t\t\t\t\t\t\t<\/block-accordion-item>\n\t\t\t\t\t\t\t\t\t\t\t\t\t\t<block-accordion-item inline-template item-headline=\"Hans-Jakob Eschenburg - Violoncello\">\n\t\t\t\t\t\t\t\t<div ref=\"item\" data-id=\"Hans-JakobEschenburg-Violoncello\" class=\"block-accordion-item active vue-initialize\" aria-expanded=\"true\" :aria-expanded=\"active ? 'true' : 'false'\">\n\t\t\t\t\t\t\t\t\t<button class=\"accordion-button-with-icon block-accordion-item-head\" :class=\"{'button-active': active}\" ref=\"head\" aria-controls=\"acc_69ee84e5d7e75\" id=\"acc_title_69ee84e5d7e76\" @click=\"toggle\" @keydown=\"key\">\n\t\t\t\t\t\t\t\t\t<div><span class=\"button-label\">Hans-Jakob Eschenburg &#8211; Violoncello<\/span><\/div><span class=\"button-icon icon-plus\" aria-hidden=\"true\"><\/span>\n\t\t\t\t\t\t\t\t<\/button>\n\t\t\t\t\t\t\t\t\t<div ref=\"body\" class=\"block-accordion-item-content\" id=\"acc_69ee84e5d7e75\" role=\"region\">\n\t\t\t\t\t\t\t\t\t\t<div class=\"wrapper copy\">\n\t\t\t\t\t\t\t\t\t\t\t<p>Hans-Jakob Eschenburg erhielt ersten Violoncello-Unterricht am Konservatorium Rostock. Nach dem Studium bei Josef Schwab an der Hochschule f\u00fcr Musik \u201eHanns Eisler\u201c Berlin war er von 1984 bis 1988 Erster Solocellist des Rundfunk-Sinfonieorchesters Leipzig.<\/p>\n<p>Mit dem renommierten Petersen-Quartett, dessen Gr\u00fcndungsmitglied er war und dem er bis zum Jahr 2000 angeh\u00f6rte, gewann er mehrere internationale Wettbewerbe (Prag, Evian, Florenz, M\u00fcnchen) und gastierte auf den gro\u00dfen Konzertpodien und bei zahlreichen Festivals in Europa, Nord- und S\u00fcdamerika, Asien und Australien. Mehrere der zahlreichen CD-Aufnahmen des Petersen-Quartetts wurden mit internationalen Preisen ausgezeichnet.<\/p>\n<p>Seit 1999 ist Hans-Jakob Eschenburg Erster Solocellist des Rundfunk-Sinfonieorchesters Berlin. Die gleiche Position hatte er im Kammerorchester \u201eCarl Philipp Emanuel Bach\u201c inne. Er tritt immer wieder als Solist und Kammermusiker in Erscheinung, u.a. als Mitglied verschiedener Kammermusikensembles, wie dem Gideon-Klein-Trio. Hans-Jakob Eschenburg lehrt im Rahmen einer Honorar-Professur an der Hochschule f\u00fcr Musik \u201eHanns Eisler\u201c Berlin. Auch engagiert er sich als Mentor der Orchesterakademie des Rundfunk-Sinfonieorchesters Berlin.<\/p>\n\n\t\t\t\t\t\t\t\t\t\t\t\t\t\t\t\t\t\t\t\t\t\t\t\t\t\t\t\t\t\t\t\t\t\n\t\t\t\t\t\t\t\t\t\t\t<div class=\"row\">\n\t\t\t\t\t\t\t\t\t\t\t\t<div class=\"col-xs-9 col-md-9\">\n\t\t\t\t\t\t\t\t\t\t\t\t\t<div class=\"box\">\n\t\t\t\t\t\t\t\t\t\t\t\t\t\t\n\t<lazy-media-inline inline-template>\n\t\t<figure itemscope itemtype=\"http:\/\/schema.org\/ImageObject\" class=\"lazy-media-inline \" role=\"group\" id=\"media_69ee84e5d8459\" aria-labelledby=\"desc_media_69ee84e5d8459\">\n\t\t\t<script type=\"application\/json\" ref=\"data\">\n\t\t\t\t{\n\t\t\t\t\"sizes\" : {\"medium\":{\"file\":\"SHF_eb00215556-300x300.jpg\",\"width\":300,\"height\":300,\"mime-type\":\"image\\\/jpeg\",\"filesize\":15135},\"large\":{\"file\":\"SHF_eb00215556-1024x1024.jpg\",\"width\":1024,\"height\":1024,\"mime-type\":\"image\\\/jpeg\",\"filesize\":111348},\"thumbnail\":{\"file\":\"SHF_eb00215556-150x150.jpg\",\"width\":150,\"height\":150,\"mime-type\":\"image\\\/jpeg\",\"filesize\":5417},\"medium_large\":{\"file\":\"SHF_eb00215556-768x768.jpg\",\"width\":768,\"height\":768,\"mime-type\":\"image\\\/jpeg\",\"filesize\":69295},\"small\":{\"file\":\"SHF_eb00215556-440x440.jpg\",\"width\":440,\"height\":440,\"mime-type\":\"image\\\/jpeg\",\"filesize\":27718},\"semi\":{\"file\":\"SHF_eb00215556-580x580.jpg\",\"width\":580,\"height\":580,\"mime-type\":\"image\\\/jpeg\",\"filesize\":43982},\"mobile\":{\"file\":\"SHF_eb00215556-720x720.jpg\",\"width\":720,\"height\":720,\"mime-type\":\"image\\\/jpeg\",\"filesize\":61972},\"original\":{\"file\":\"SHF_eb00215556.jpg\",\"width\":1280,\"height\":1280}},\n\t\t\t\t\"alt\" : \"Portr\\u00e4t eines l\\u00e4chelnden Mannes mit Brille in blauem Jacket, der mit einer Hand auf einem Instrument ruht.\",\n\t\t\t\t\"path\" : \"\\\/wp-content\\\/uploads\\\/2024\\\/01\\\/\",\n\t\t\t\t\"video\" : null,\n\t\t\t\t\"autoplay\" : null,\n\t\t\t\t\"youtube\" : null,\n\t\t\t\t\"youtubelabel\" : \"Video abspielen\",\n\t\t\t\t\"brightness\" : 100,\n\t\t\t\t\"crop\" : null,\n\t\t\t\t\"background\" : false,\n\t\t\t\t\"scale\" : 1\t\t\t\t}\n\t\t\t<\/script>\n\n\t\t\t<div class=\"height-container\" style=\"padding-bottom:100%;\" v-if=\"sizes\">\n\t\t\t\t\t\t\t\t<lazy-media :inline=\"true\" :alt=\"alt\" :sizes=\"sizes\" :scale=\"scale\" :brightness=\"brightness\" :path=\"path\" :video=\"video\" :autoplay=\"autoplay\" :youtube=\"youtube\" :crop=\"crop\" :youtubelabel=\"youtubelabel\" :background=\"background\" media-id=\"desc_media_69ee84e5d8459\"><\/lazy-media>\n\t\t\t\t\t\t\t<\/div>\n\n\t\t\t\t\t\t\t<figcaption class=\"\" id=\"desc_media_69ee84e5d8459\">\n\t\t\t\t\t<div class=\"lazy-media-info-body-content\">\n\t\t\t\t\t\t\t\t\t\t\t\t\t<div>Portr&auml;t des Solocellisten Professor Hans-Jakob Eschenburg\n<\/div>\n\t\t\t\t\t\t\t\t\t\t\t\t\t\t\t\t\t\t\t\t\t\t\t\t\t<div class=\"insignificant\">\u00a9 Bettina St\u00f6\u00df<\/div>\n\t\t\t\t\t\t\t\t\t\t\t<\/div>\n\t\t\t\t<\/figcaption>\n\t\t\t\t\t\t\t\t\t<\/figure>\n\t<\/lazy-media-inline>\n\t\t\t\t\t\t\t\t\t\t\t\t\t<\/div>\n\t\t\t\t\t\t\t\t\t\t\t\t<\/div>\n\t\t\t\t\t\t\t\t\t\t\t<\/div>\n\n\t\t\t\t\t\t\t\t\t\t\t\t\t\t\t\t\t\t\t\t\t<\/div>\n\t\t\t\t\t\t\t\t\t<\/div>\n\t\t\t\t\t\t\t\t<\/div>\n\t\t\t\t\t\t\t\t<\/block-accordion-item>\n\t\t\t\t\t\t\t\t\t\t\t\t\t<\/div>\n\t\t\t\t\t\t<\/block-accordion>\n\t\t\t\t\t\t\t\t\t<\/div>\n\t\t\t<\/div>\n\t\t<\/div>\n\t<\/div>\n<\/section>\n\n\n<section class=\"block block-copy block-no-margin\" >\n    <div class=\"container-fluid\">\n\t\t<div class=\"row \">\n            <div class=\"col-xs-12 col-md-offset-2 col-md-8\">\n                <div class=\"box\">\n                    <div class=\"copy\"><p>Die Mikrokonzerte sind Teil einer Reihe von Gratis-Konzerten, bei denen Musiker*innen des RSB sich in den Dialog mit dem Ort und den Ausstellungen begeben. Das Humboldt Forum und das Rundfunk-Sinfonieorchester Berlin veranstalten die Mikrokonzerte gemeinsam im Rahmen des 100. Jubil\u00e4ums des RSB. Weitere Termine:<\/p>\n<p>So. 3. M\u00e4rz, 14.00-16.00 Uhr<br \/>\nSo. 7. April, 14.00-16.00 Uhr<br \/>\nSo. 2. Juni, 14.00-16.00 Uhr<\/p>\n<p>&nbsp;<\/p>\n<\/div>\n                <\/div>\n            <\/div>\n\t\t<\/div>\n\t\t    <\/div>\n<\/section>\n\n<section class=\"block block-CTA block-CTA-long leftgradient\">\n\t<div class=\"container-fluid\">\n\t\t<div class=\"row center-xs\">\n\t\t\t<div class=\"col-xs-12\">\n\t\t\t\t<div class=\"box\">\n\t\t\t\t\t<a href=\"https:\/\/www.humboldtforum.org\/de\/newsletter-2\/\" aria-label=\"Bleiben Sie auf dem Laufenden!\" class=\"teaser teaser-cta-wide \">\n\t\t\t\t\t\t<div class=\"teaser-image\">\n\t\t\t\t\t\t\t\n\t<lazy-media-inline inline-template>\n\t\t<figure itemscope itemtype=\"http:\/\/schema.org\/ImageObject\" class=\"lazy-media-inline \" role=\"group\" id=\"media_69ee84e5da714\" aria-labelledby=\"desc_media_69ee84e5da714\">\n\t\t\t<script type=\"application\/json\" ref=\"data\">\n\t\t\t\t{\n\t\t\t\t\"sizes\" : {\"medium\":{\"file\":\"HF_eb00061823-scaled-300x200.jpg\",\"width\":300,\"height\":200,\"mime-type\":\"image\\\/jpeg\",\"filesize\":19186},\"large\":{\"file\":\"HF_eb00061823-scaled-1024x683.jpg\",\"width\":1024,\"height\":683,\"mime-type\":\"image\\\/jpeg\",\"filesize\":138597},\"thumbnail\":{\"file\":\"HF_eb00061823-scaled-150x150.jpg\",\"width\":150,\"height\":150,\"mime-type\":\"image\\\/jpeg\",\"filesize\":8513},\"medium_large\":{\"file\":\"HF_eb00061823-scaled-768x512.jpg\",\"width\":768,\"height\":512,\"mime-type\":\"image\\\/jpeg\",\"filesize\":86200},\"small\":{\"file\":\"HF_eb00061823-scaled-440x293.jpg\",\"width\":440,\"height\":293,\"mime-type\":\"image\\\/jpeg\",\"filesize\":35525},\"semi\":{\"file\":\"HF_eb00061823-scaled-580x387.jpg\",\"width\":580,\"height\":387,\"mime-type\":\"image\\\/jpeg\",\"filesize\":55724},\"mobile\":{\"file\":\"HF_eb00061823-scaled-720x480.jpg\",\"width\":720,\"height\":480,\"mime-type\":\"image\\\/jpeg\",\"filesize\":77971},\"hd\":{\"file\":\"HF_eb00061823-scaled-1280x854.jpg\",\"width\":1280,\"height\":854,\"mime-type\":\"image\\\/jpeg\",\"filesize\":202477},\"full\":{\"file\":\"HF_eb00061823-scaled-1920x1280.jpg\",\"width\":1920,\"height\":1280,\"mime-type\":\"image\\\/jpeg\",\"filesize\":386736},\"1536x1536\":{\"file\":\"HF_eb00061823-scaled-1536x1024.jpg\",\"width\":1536,\"height\":1024,\"mime-type\":\"image\\\/jpeg\",\"filesize\":266197},\"2048x2048\":{\"file\":\"HF_eb00061823-scaled-2048x1366.jpg\",\"width\":2048,\"height\":1366,\"mime-type\":\"image\\\/jpeg\",\"filesize\":430206},\"original\":{\"file\":\"HF_eb00061823-scaled.jpg\",\"width\":2560,\"height\":1707}},\n\t\t\t\t\"alt\" : \"Blick in das beleuchtete Foyer von der Galerie im ersten Stock mit Besuchenden, Infopoint und Medienturm\",\n\t\t\t\t\"path\" : \"\\\/wp-content\\\/uploads\\\/2020\\\/04\\\/\",\n\t\t\t\t\"video\" : null,\n\t\t\t\t\"autoplay\" : null,\n\t\t\t\t\"youtube\" : null,\n\t\t\t\t\"youtubelabel\" : \"Video abspielen\",\n\t\t\t\t\"brightness\" : \"70\",\n\t\t\t\t\"crop\" : {\"top\":\"90.37\",\"left\":\"39.93\"},\n\t\t\t\t\"background\" : true,\n\t\t\t\t\"scale\" : 2\t\t\t\t}\n\t\t\t<\/script>\n\n\t\t\t<div class=\"height-container\" style=\"padding-bottom:66.6796875%;\" v-if=\"sizes\">\n\t\t\t\t\t\t\t\t<lazy-media :inline=\"true\" :alt=\"alt\" :sizes=\"sizes\" :scale=\"scale\" :brightness=\"brightness\" :path=\"path\" :video=\"video\" :autoplay=\"autoplay\" :youtube=\"youtube\" :crop=\"crop\" :youtubelabel=\"youtubelabel\" :background=\"background\" media-id=\"desc_media_69ee84e5da714\"><\/lazy-media>\n\t\t\t\t\t\t\t<\/div>\n\n\t\t\t\t\t\t\t<figcaption class=\"sr-only\" ref=\"body\" id=\"desc_media_69ee84e5da714\">\n\t\t\t\t\t\t\t\t\t\t\t<div>Blick in das Foyer, November 2019.<\/div>\n\t\t\t\t\t\t\t\t\t\t\t\t\t\t\t\t\t\t\t\t\t<div class=\"insignificant\">\u00a9 Stiftung Humboldt Forum im Berliner Schloss \/ David von Becker<\/div>\n\t\t\t\t\t\t\t\t\t<\/figcaption>\n\t\t\t\t\t<\/figure>\n\t<\/lazy-media-inline>\n\t\t\t\t\t\t<\/div>\n\t\t\t\t\t\t<div class=\"teaser-content \">\n\t\t\t\t\t\t\t<div>\n\t\t\t\t\t\t\t\t\t\t\t\t\t\t\t\t<div class=\"teaser-header\"><span class=\"h3\">Bleiben Sie auf dem Laufenden!<\/span><\/div>\n\t\t\t\t\t\t\t\t<div class=\"teaser-subline\"><span class=\"font-decoration\">Abonnieren Sie unseren Newsletter.<\/span><\/div>\t\t\t\t\t\t\t\t<button tabindex=\"-1\" class=\"border\">Hier klicken<\/button>\n\t\t\t\t\t\t\t<\/div>\n\t\t\t\t\t\t<\/div>\n\t\t\t\t\t<\/a>\n\t\t\t\t<\/div>\n\t\t\t<\/div>\n\t\t<\/div>\n\t<\/div>\n<\/section>\n","protected":false},"template":"","genre":[393],"digital":[],"topic":[],"stakeholder":[382],"editorial":[],"editorialfilter":[],"targetgroup":[],"language":[422],"accessability":[],"age":[],"school":[],"groupsize":[],"place":[404],"class_list":["post-120333","event","type-event","status-publish","hentry","genre-konzert","stakeholder-stiftung-humboldt-forum-im-berliner-schloss","language-keine-sprachkenntnisse-erforderlich","place-humboldt-forum"],"acf":[],"_links":{"self":[{"href":"https:\/\/www.humboldtforum.org\/de\/wp-json\/wp\/v2\/event\/120333","targetHints":{"allow":["GET"]}}],"collection":[{"href":"https:\/\/www.humboldtforum.org\/de\/wp-json\/wp\/v2\/event"}],"about":[{"href":"https:\/\/www.humboldtforum.org\/de\/wp-json\/wp\/v2\/types\/event"}],"version-history":[{"count":12,"href":"https:\/\/www.humboldtforum.org\/de\/wp-json\/wp\/v2\/event\/120333\/revisions"}],"predecessor-version":[{"id":122564,"href":"https:\/\/www.humboldtforum.org\/de\/wp-json\/wp\/v2\/event\/120333\/revisions\/122564"}],"wp:attachment":[{"href":"https:\/\/www.humboldtforum.org\/de\/wp-json\/wp\/v2\/media?parent=120333"}],"wp:term":[{"taxonomy":"genre","embeddable":true,"href":"https:\/\/www.humboldtforum.org\/de\/wp-json\/wp\/v2\/genre?post=120333"},{"taxonomy":"digital","embeddable":true,"href":"https:\/\/www.humboldtforum.org\/de\/wp-json\/wp\/v2\/digital?post=120333"},{"taxonomy":"topic","embeddable":true,"href":"https:\/\/www.humboldtforum.org\/de\/wp-json\/wp\/v2\/topic?post=120333"},{"taxonomy":"stakeholder","embeddable":true,"href":"https:\/\/www.humboldtforum.org\/de\/wp-json\/wp\/v2\/stakeholder?post=120333"},{"taxonomy":"editorial","embeddable":true,"href":"https:\/\/www.humboldtforum.org\/de\/wp-json\/wp\/v2\/editorial?post=120333"},{"taxonomy":"editorialfilter","embeddable":true,"href":"https:\/\/www.humboldtforum.org\/de\/wp-json\/wp\/v2\/editorialfilter?post=120333"},{"taxonomy":"targetgroup","embeddable":true,"href":"https:\/\/www.humboldtforum.org\/de\/wp-json\/wp\/v2\/targetgroup?post=120333"},{"taxonomy":"language","embeddable":true,"href":"https:\/\/www.humboldtforum.org\/de\/wp-json\/wp\/v2\/language?post=120333"},{"taxonomy":"accessability","embeddable":true,"href":"https:\/\/www.humboldtforum.org\/de\/wp-json\/wp\/v2\/accessability?post=120333"},{"taxonomy":"age","embeddable":true,"href":"https:\/\/www.humboldtforum.org\/de\/wp-json\/wp\/v2\/age?post=120333"},{"taxonomy":"school","embeddable":true,"href":"https:\/\/www.humboldtforum.org\/de\/wp-json\/wp\/v2\/school?post=120333"},{"taxonomy":"groupsize","embeddable":true,"href":"https:\/\/www.humboldtforum.org\/de\/wp-json\/wp\/v2\/groupsize?post=120333"},{"taxonomy":"place","embeddable":true,"href":"https:\/\/www.humboldtforum.org\/de\/wp-json\/wp\/v2\/place?post=120333"}],"curies":[{"name":"wp","href":"https:\/\/api.w.org\/{rel}","templated":true}]}}