{"id":124694,"date":"2024-03-01T09:50:57","date_gmt":"2024-03-01T08:50:57","guid":{"rendered":"https:\/\/www.humboldtforum.org\/?post_type=event&#038;p=124694"},"modified":"2024-03-01T09:51:02","modified_gmt":"2024-03-01T08:51:02","slug":"logoskop-vierundzwanzig","status":"publish","type":"event","link":"https:\/\/www.humboldtforum.org\/de\/programm\/termin\/literatur\/logoskop-vierundzwanzig-124694\/","title":{"rendered":"#Logoskop vierundzwanzig"},"content":{"rendered":"<section class=\"block block-copy\" >\n    <div class=\"container-fluid\">\n\t\t<div class=\"row \">\n            <div class=\"col-xs-12 col-md-offset-2 col-md-8\">\n                <div class=\"box\">\n                    <div class=\"copy\"><p>Im \u201eLogoskop\u201c treffen sich monatlich Poesie und Wissenschaft. Diesmal erkunden die Slampoet*innen Vivienne Pabst und Yannick Steinkellner gemeinsam die Ausstellung Nach der Natur mit live vorgetragenen Texten. Die Besucher*innen sind eingeladen, sie auf ihrem wortgewandten Rundgang zu begleiten.<\/p>\n<p class=\"p1\"><em>Kuratiert von Bas B\u00f6ttcher<\/em><\/p>\n<p>&nbsp;<\/p>\n<\/div>\n                <\/div>\n            <\/div>\n\t\t<\/div>\n\t\t    <\/div>\n<\/section>\n\n<section class=\"block block-standard-image-copy rev2nd\"> \n\t<div class=\"container-fluid\">\n\t\t<div class=\"row middle-sm\">\n\t\t\t<div class=\"col-xs-10 col-sm-6 margin-bottom-sixth\" data-motion-parallax='{\"child\":\".image-wrapper\",\"mask\":\".lazy-media\",\"tween\":{\"yPercent\": [-15,15]}}'>\n\t\t\t\t\n\t<lazy-media-inline inline-template>\n\t\t<figure itemscope itemtype=\"http:\/\/schema.org\/ImageObject\" class=\"lazy-media-inline \" role=\"group\" id=\"media_69edd26f2eeb1\" aria-labelledby=\"desc_media_69edd26f2eeb1\">\n\t\t\t<script type=\"application\/json\" ref=\"data\">\n\t\t\t\t{\n\t\t\t\t\"sizes\" : {\"medium\":{\"file\":\"vivienne_pabst__foto_anna_spindelndreier-300x200.jpg\",\"width\":300,\"height\":200,\"mime-type\":\"image\\\/jpeg\",\"filesize\":15077},\"large\":{\"file\":\"vivienne_pabst__foto_anna_spindelndreier-1024x683.jpg\",\"width\":1024,\"height\":683,\"mime-type\":\"image\\\/jpeg\",\"filesize\":107613},\"thumbnail\":{\"file\":\"vivienne_pabst__foto_anna_spindelndreier-150x150.jpg\",\"width\":150,\"height\":150,\"mime-type\":\"image\\\/jpeg\",\"filesize\":6925},\"medium_large\":{\"file\":\"vivienne_pabst__foto_anna_spindelndreier-768x512.jpg\",\"width\":768,\"height\":512,\"mime-type\":\"image\\\/jpeg\",\"filesize\":67161},\"small\":{\"file\":\"vivienne_pabst__foto_anna_spindelndreier-440x293.jpg\",\"width\":440,\"height\":293,\"mime-type\":\"image\\\/jpeg\",\"filesize\":27425},\"semi\":{\"file\":\"vivienne_pabst__foto_anna_spindelndreier-580x387.jpg\",\"width\":580,\"height\":387,\"mime-type\":\"image\\\/jpeg\",\"filesize\":43124},\"mobile\":{\"file\":\"vivienne_pabst__foto_anna_spindelndreier-720x480.jpg\",\"width\":720,\"height\":480,\"mime-type\":\"image\\\/jpeg\",\"filesize\":60858},\"original\":{\"file\":\"vivienne_pabst__foto_anna_spindelndreier.jpg\",\"width\":1200,\"height\":800}},\n\t\t\t\t\"alt\" : \"Junge Frau in blumigem Hemd steht vor einer gr\\u00fcnen Landschaft, strahlt mit Sonnenlicht im Hintergrund.\",\n\t\t\t\t\"path\" : \"\\\/wp-content\\\/uploads\\\/2024\\\/03\\\/\",\n\t\t\t\t\"video\" : null,\n\t\t\t\t\"autoplay\" : null,\n\t\t\t\t\"youtube\" : null,\n\t\t\t\t\"youtubelabel\" : \"Video abspielen\",\n\t\t\t\t\"brightness\" : 100,\n\t\t\t\t\"crop\" : {\"top\":\"25.68\",\"left\":\"46.85\"},\n\t\t\t\t\"background\" : true,\n\t\t\t\t\"scale\" : 2\t\t\t\t}\n\t\t\t<\/script>\n\n\t\t\t<div class=\"height-container\" style=\"padding-bottom:66.666666666667%;\" v-if=\"sizes\">\n\t\t\t\t\t\t\t\t<lazy-media :inline=\"true\" :alt=\"alt\" :sizes=\"sizes\" :scale=\"scale\" :brightness=\"brightness\" :path=\"path\" :video=\"video\" :autoplay=\"autoplay\" :youtube=\"youtube\" :crop=\"crop\" :youtubelabel=\"youtubelabel\" :background=\"background\" media-id=\"desc_media_69edd26f2eeb1\"><\/lazy-media>\n\t\t\t\t\t\t\t<\/div>\n\n\t\t\t\t\t\t\t<div class=\"lazy-media-info-container-fluid\">\n\t\t\t\t<div class=\"lazy-media-info-row end-xs\">\n\t\t\t\t\t<div class=\"lazy-media-info-col\">\n\t\t\t\t\t\t<div class=\"lazy-media-info\" aria-expanded=\"false\" :aria-expanded=\"isOpen ? 'true' : 'false'\">\n\t\t\t\t\t\t\t<button class=\"lazy-media-info-head button-tiny\" :class=\"{'button-active': isOpen}\" @click=\"toggle\" ref=\"head\"><span class=\"button-label insignificant\">Bildinfo<\/span><\/button>\n\t\t\t\t\t\t\t<figcaption class=\"lazy-media-info-body\" ref=\"body\" id=\"desc_media_69edd26f2eeb1\">\n\t\t\t\t\t\t\t\t<div class=\"lazy-media-info-body-content\">\n\t\t\t\t\t\t\t\t\t\t\t\t\t\t\t\t\t\t\t\t\t\t\t\t\t\t\t\t<div>Vivienne Pabst <\/div>\n\t\t\t\t\t\t\t\t\t\t\t\t\t\t\t\t\t\t\t\t\t\t\t\t\t\t\t\t<div class=\"insignificant\">\u00a9 Anna Spindelndreie<\/div>\n\t\t\t\t\t\t\t\t\t\t\t\t\t\t\t\t\t<\/div>\n\t\t\t\t\t\t\t<\/figcaption>\n\t\t\t\t\t\t\t<div class=\"lazy-media-info-head-border\"><\/div>\n\t\t\t\t\t\t<\/div>\n\t\t\t\t\t<\/div>\n\t\t\t\t<\/div>\n\t\t\t<\/div>\n\t\t\t\t\t\t\t\t\t<\/figure>\n\t<\/lazy-media-inline>\n\t\t\t<\/div>\n\t\t\t<div class=\"col-xs-10 col-sm-6 col-md-5 copy margin-bottom-half\"><p><strong>Vivienne Pabst<\/strong><\/p>\n<p>Vivienne Pabst wurde 2007 in Strausberg geboren und ist damit die j\u00fcngste Autorin, die jemals beim Logoskop im Humboldt Labor dabei war. Schon immer wurde ihr Leben tagt\u00e4glich durch Fantasie bestimmt und vor allem das Geschichtenerz\u00e4hlen fand fr\u00fch einen Platz in ihrem Herzen.<br \/>\nMit 16 Jahren ver\u00f6ffentlichte Vivienne Pabst bereits ihr erstes Buch. Das kleine Format \u201eMika und Flopp auf Sternenritt\u201c wurde von Alexander von Knorre illustriert und von Bas B\u00f6ttcher lektoriert. Die Bundesvereinigung Kulturelle Kinder- und Jugendbildung pr\u00e4sentierte Vivienne Pabst als Vertreterin der neuen Generation von jungen K\u00fcnstlerinnen im Rahmen der Kampagne Mach ma mit!<br \/>\nVivienne ist Mitglied der Schreibwerkstatt Marzahn, wo sie am Gruppenschreibprojekt Storytausch teilnimmt. Im letzten Jahr entstand daraus der Fantasyroman Volkesland \u2013 Aufbruch ins Unbekannte \u2013 geschrieben von Markus Heitz und der Schreibwerkstatt Marzahn. Es brach mit 600 Seiten deutlich den vorherigen Rekord an Gesamtseitenzahlen und wurde erstmalig sogar mit einer ISBN-Nummer ver\u00f6ffentlicht. Neben dem Schreiben arbeitet Vivienne Pabst auch interdisziplin\u00e4r in den Bereichen Bildende Kunst und Theater.<\/p>\n<p>&nbsp;<\/p>\n<\/div>\n\t\t<\/div>\n\t<\/div>\n<\/section>\n\n<section class=\"block block-standard-image-copy rev2nd\"> \n\t<div class=\"container-fluid\">\n\t\t<div class=\"row middle-sm\">\n\t\t\t<div class=\"col-xs-10 col-sm-6 margin-bottom-sixth\" data-motion-parallax='{\"child\":\".image-wrapper\",\"mask\":\".lazy-media\",\"tween\":{\"yPercent\": [-15,15]}}'>\n\t\t\t\t\n\t<lazy-media-inline inline-template>\n\t\t<figure itemscope itemtype=\"http:\/\/schema.org\/ImageObject\" class=\"lazy-media-inline \" role=\"group\" id=\"media_69edd26f2fcb3\" aria-labelledby=\"desc_media_69edd26f2fcb3\">\n\t\t\t<script type=\"application\/json\" ref=\"data\">\n\t\t\t\t{\n\t\t\t\t\"sizes\" : {\"medium\":{\"file\":\"Yannick_Steinkellner__Foto_Fabian_Stuertz-300x200.jpg\",\"width\":300,\"height\":200,\"mime-type\":\"image\\\/jpeg\",\"filesize\":14234},\"large\":{\"file\":\"Yannick_Steinkellner__Foto_Fabian_Stuertz-1024x684.jpg\",\"width\":1024,\"height\":684,\"mime-type\":\"image\\\/jpeg\",\"filesize\":99395},\"thumbnail\":{\"file\":\"Yannick_Steinkellner__Foto_Fabian_Stuertz-150x150.jpg\",\"width\":150,\"height\":150,\"mime-type\":\"image\\\/jpeg\",\"filesize\":6534},\"medium_large\":{\"file\":\"Yannick_Steinkellner__Foto_Fabian_Stuertz-768x513.jpg\",\"width\":768,\"height\":513,\"mime-type\":\"image\\\/jpeg\",\"filesize\":62565},\"small\":{\"file\":\"Yannick_Steinkellner__Foto_Fabian_Stuertz-440x294.jpg\",\"width\":440,\"height\":294,\"mime-type\":\"image\\\/jpeg\",\"filesize\":25667},\"semi\":{\"file\":\"Yannick_Steinkellner__Foto_Fabian_Stuertz-580x388.jpg\",\"width\":580,\"height\":388,\"mime-type\":\"image\\\/jpeg\",\"filesize\":39853},\"mobile\":{\"file\":\"Yannick_Steinkellner__Foto_Fabian_Stuertz-720x481.jpg\",\"width\":720,\"height\":481,\"mime-type\":\"image\\\/jpeg\",\"filesize\":56342},\"hd\":{\"file\":\"Yannick_Steinkellner__Foto_Fabian_Stuertz-1280x855.jpg\",\"width\":1280,\"height\":855,\"mime-type\":\"image\\\/jpeg\",\"filesize\":142101},\"1536x1536\":{\"file\":\"Yannick_Steinkellner__Foto_Fabian_Stuertz-1536x1026.jpg\",\"width\":1536,\"height\":1026,\"mime-type\":\"image\\\/jpeg\",\"filesize\":186664},\"original\":{\"file\":\"Yannick_Steinkellner__Foto_Fabian_Stuertz.jpg\",\"width\":1920,\"height\":1283}},\n\t\t\t\t\"alt\" : \"Junger Mann sitzt auf dem Boden, z\\u00fcndet eine Zigarette an, umgeben von Ballons und Konfetti, in Schwarz-Wei\\u00df.\",\n\t\t\t\t\"path\" : \"\\\/wp-content\\\/uploads\\\/2024\\\/03\\\/\",\n\t\t\t\t\"video\" : null,\n\t\t\t\t\"autoplay\" : null,\n\t\t\t\t\"youtube\" : null,\n\t\t\t\t\"youtubelabel\" : \"Video abspielen\",\n\t\t\t\t\"brightness\" : 100,\n\t\t\t\t\"crop\" : {\"top\":\"25.05\",\"left\":\"46.04\"},\n\t\t\t\t\"background\" : true,\n\t\t\t\t\"scale\" : 2\t\t\t\t}\n\t\t\t<\/script>\n\n\t\t\t<div class=\"height-container\" style=\"padding-bottom:66.822916666667%;\" v-if=\"sizes\">\n\t\t\t\t\t\t\t\t<lazy-media :inline=\"true\" :alt=\"alt\" :sizes=\"sizes\" :scale=\"scale\" :brightness=\"brightness\" :path=\"path\" :video=\"video\" :autoplay=\"autoplay\" :youtube=\"youtube\" :crop=\"crop\" :youtubelabel=\"youtubelabel\" :background=\"background\" media-id=\"desc_media_69edd26f2fcb3\"><\/lazy-media>\n\t\t\t\t\t\t\t<\/div>\n\n\t\t\t\t\t\t\t<div class=\"lazy-media-info-container-fluid\">\n\t\t\t\t<div class=\"lazy-media-info-row end-xs\">\n\t\t\t\t\t<div class=\"lazy-media-info-col\">\n\t\t\t\t\t\t<div class=\"lazy-media-info\" aria-expanded=\"false\" :aria-expanded=\"isOpen ? 'true' : 'false'\">\n\t\t\t\t\t\t\t<button class=\"lazy-media-info-head button-tiny\" :class=\"{'button-active': isOpen}\" @click=\"toggle\" ref=\"head\"><span class=\"button-label insignificant\">Bildinfo<\/span><\/button>\n\t\t\t\t\t\t\t<figcaption class=\"lazy-media-info-body\" ref=\"body\" id=\"desc_media_69edd26f2fcb3\">\n\t\t\t\t\t\t\t\t<div class=\"lazy-media-info-body-content\">\n\t\t\t\t\t\t\t\t\t\t\t\t\t\t\t\t\t\t\t\t\t\t\t\t\t\t\t\t<div>Yannick Steinkellner <\/div>\n\t\t\t\t\t\t\t\t\t\t\t\t\t\t\t\t\t\t\t\t\t\t\t\t\t\t\t\t<div class=\"insignificant\">\u00a9 Fabian Stuertz<\/div>\n\t\t\t\t\t\t\t\t\t\t\t\t\t\t\t\t\t<\/div>\n\t\t\t\t\t\t\t<\/figcaption>\n\t\t\t\t\t\t\t<div class=\"lazy-media-info-head-border\"><\/div>\n\t\t\t\t\t\t<\/div>\n\t\t\t\t\t<\/div>\n\t\t\t\t<\/div>\n\t\t\t<\/div>\n\t\t\t\t\t\t\t\t\t<\/figure>\n\t<\/lazy-media-inline>\n\t\t\t<\/div>\n\t\t\t<div class=\"col-xs-10 col-sm-6 col-md-5 copy margin-bottom-half\"><p><strong>Yannick Steinkellner<\/strong><\/p>\n<p>Yannick Steinkellner wurde 1992 in Wolfsberg (\u00d6sterreich) geboren und lebt seit 2016 in Deutschland. Seine Texte trug er bisher auf Bu\u0308hnen im gesamten deutschsprachigen Raum sowie auf Literatur- und Spoken Word-Festivals in Polen und Kroatien vor. Als Mitbegr\u00fcnder des Slam-Vereins Steiermark PLuS (2014) gewann er 2015 den Landesmeistertitel im Poetry Slam von Steiermark &amp; K\u00e4rnten. Im Jahr 2018 gr\u00fcndete er u.a. mit Jean-Philippe Kindler das Poetry Slam-Magazin bu\u0308hnen.texte. Gemeinsam mit Christoph Steiner und Agnes Maier veranstaltet er seit 2019 zudem unter dem Label Slam Kollektiv Poetry Slams in der Steiermark. Im Ruhrgebiet arbeitet er auch f\u00fcr die Poetry Slam-Agentur WortLautRuhr. Yannick lebt in Bochum und Graz.<\/p>\n<p>&nbsp;<\/p>\n<\/div>\n\t\t<\/div>\n\t<\/div>\n<\/section>\n\n<section class=\"block block-teaser col-1 has-bg\" style=\"--teaser-bg:#f2f2f2\">\n\t<lazy-component :fixed-min-height=\"400\">\n\t\n\t\t\t\t\t<div class=\"container-fluid\">\n\t\t\t\t<div class=\"row bottom-xs\">\n\t\t\t\t\t<div class=\"col-xs-12 col-sm-10 col-md-8 col-sm-offset-1 col-md-offset-2\">\n\t\t\t\t\t\t<h4>geh\u00f6rt zu<\/h4>\t\t\t\t\t\t\t\t\t\t\t\t\t\t\t\t\t\t\t<\/div>\n\t\t\t\t\t<div class=\"col-xs-12 col-sm-10 col-md-8 col-sm-offset-1 col-md-offset-2 start-xs end-md margin-bottom-sixth\">\n\t\t\t\t\t\t\t\t\t\t\t<\/div>\n\t\t\t\t<\/div>\n\t\t\t\t<ul class=\"row\">\n\t\t\t\n<li class=\"col-xs-12 teaser-wrapper col-padding-remove\">\n\t<calendarteaser key=\"12283420710\" rawitem='{&quot;postId&quot;:122834,&quot;title&quot;:&quot;#Logoskop&quot;,&quot;excerpt&quot;:&quot;&quot;,&quot;slug&quot;:&quot;logoskop&quot;,&quot;type&quot;:&quot;event-sequence&quot;,&quot;post_date&quot;:&quot;2024-02-15T12:48&quot;,&quot;permalink&quot;:&quot;https:\\\/\\\/www.humboldtforum.org\\\/de\\\/programm\\\/event-reihe\\\/literatur\\\/logoskop-122834\\\/&quot;,&quot;genre&quot;:[423],&quot;genre_details&quot;:[{&quot;text&quot;:&quot;Literatur&quot;,&quot;id&quot;:423,&quot;icon&quot;:null,&quot;parent&quot;:0}],&quot;stakeholder&quot;:[409],&quot;stakeholder_details&quot;:[{&quot;text&quot;:&quot;Humboldt-Universit\\u00e4t zu Berlin&quot;,&quot;id&quot;:409,&quot;icon&quot;:null,&quot;parent&quot;:0}],&quot;age&quot;:[451],&quot;age_details&quot;:[{&quot;text&quot;:&quot;ab 14 Jahre&quot;,&quot;id&quot;:451,&quot;icon&quot;:null,&quot;parent&quot;:0}],&quot;groupsize&quot;:[1049],&quot;groupsize_details&quot;:[{&quot;text&quot;:&quot;max. 25 Personen&quot;,&quot;id&quot;:1049,&quot;icon&quot;:null,&quot;parent&quot;:0}],&quot;place&quot;:[413],&quot;place_details&quot;:{&quot;place&quot;:&quot;Humboldt Forum&quot;,&quot;map&quot;:&quot;Humboldt Forum, Schlossplatz, Berlin&quot;,&quot;room&quot;:&quot;Humboldt Labor, 1. OG&quot;},&quot;icon_overwrite&quot;:&quot;&quot;,&quot;acf&quot;:{&quot;noindex&quot;:false,&quot;keywords&quot;:&quot;&quot;,&quot;belongsto&quot;:[148667],&quot;shorturl&quot;:&quot;&quot;,&quot;subline&quot;:&quot;Dichtung und Wissenschaft im Humboldt Labor&quot;,&quot;additional_info&quot;:{&quot;icon&quot;:&quot;0&quot;,&quot;text&quot;:&quot;&quot;},&quot;highlight_header&quot;:false,&quot;use_video_in_teasers&quot;:false,&quot;hyphenation&quot;:true,&quot;manual_period&quot;:false,&quot;tipp&quot;:false,&quot;joker&quot;:false,&quot;live&quot;:false,&quot;hide_event_in_program&quot;:false,&quot;featured_images&quot;:[158158],&quot;tickettext&quot;:&quot;Kostenfrei, Ticket erforderlich&quot;,&quot;events&quot;:[120269,117862,109871,104864,97379,84992,78090,76831,75019,73727,55288,47639,49447,46766,44231,42748,42294,41393,38641,35170,34774,33351,36549,127906,129582,134454,137424,138804,140214,141546,142753,143518,145838,146845,148730,152541,154957,155805,157338,157706,159188,160708,160712],&quot;overwrite_date&quot;:&quot;Veranstaltungsreihe&quot;},&quot;date&quot;:{&quot;NLAST&quot;:&quot;202605201800&quot;,&quot;NX&quot;:&quot;20260520&quot;,&quot;NXX&quot;:&quot;202605201800&quot;,&quot;from_DATE&quot;:&quot;20211020 18:00&quot;,&quot;from&quot;:1634738400,&quot;to&quot;:1779285600,&quot;to_DATE&quot;:&quot;20260520 18:00&quot;,&quot;from_HRFSHORT&quot;:&quot;20. Okt 2021&quot;,&quot;from_HRFSHORT_WD&quot;:&quot;Mi 20.10.2021&quot;,&quot;to_HRFSHORT&quot;:&quot;20. Mai 2026&quot;,&quot;to_HRFSHORT_WD&quot;:&quot;Mi 20.05.2026&quot;,&quot;from_HRF&quot;:&quot;Mi, 20. Oktober 2021&quot;,&quot;to_HRF&quot;:&quot;Mi, 20. Mai 2026&quot;,&quot;from_to_HRF&quot;:&quot;Mi, 20. Oktober 2021 \\u2013 Mi, 20. Mai 2026&quot;,&quot;from_to_HRFSHORT&quot;:&quot;20. Okt 2021 \\u2013 20. Mai 2026&quot;},&quot;alert&quot;:null,&quot;partof&quot;:[],&quot;marketing_topic&quot;:&quot;&quot;}' inline-template>\n\t<a href=\"https:\/\/www.humboldtforum.org\/de\/programm\/event-reihe\/literatur\/logoskop-122834\/\" class=\"teaser teaser-event-sequence teaser-event-standard\">\n\t\t<div class=\"row\">\n\t\t\t<div class=\"col-xs-12 col-sm-6 col-md-5 col-sm-offset-1 col-md-offset-2 first-sm teaser-event-text Infos\">\n\t\t\t\t<div class=\"teaser-event-standard-text\">\n\t\t\t\t\t<div class=\"margin-bottom-atom\">\n\t\t\t\t\t\t<div class=\"subline clamp-1\" v-html=\"maingenre\"><\/div>\n\t\t\t\t\t\t\t\t\t\t\t<\/div>\n\t\t\t\t\n\t\t\t\t\t<strong class=\"margin-bottom-atom h5\">#Logoskop<\/strong>\n\n\t\t\t\t\t\t\t\t\t\t\t<div class=\"\">Dichtung und Wissenschaft im Humboldt Labor<\/div>\n\t\t\t\t\t\t\t\t\t<\/div>\n\t\t\t\t<div class=\"teaser-bottom border-bottom\">\n\t\t\t\t<calendardateline :rawitem='item' :show-icon=\"true\"><\/calendardateline>\n\t\t\t\t\t<hr>\n\t\t\t\t<\/div>\n\t\t\t<\/div>\n\t\t\t<div class=\"col-xs-12 col-sm-4 col-md-3 teaser-event-image bottom-xs first-xs\">\n\t\t\t\t<div class=\"teaser-image teaser-image-no-alternate\">\n\t\t\t\t\t\t\t\t\t\t\t\n\t<lazy-media-inline inline-template>\n\t\t<figure itemscope itemtype=\"http:\/\/schema.org\/ImageObject\" class=\"lazy-media-inline \" role=\"group\" id=\"media_69edd2703ce49\" aria-labelledby=\"desc_media_69edd2703ce49\">\n\t\t\t<script type=\"application\/json\" ref=\"data\">\n\t\t\t\t{\n\t\t\t\t\"sizes\" : {\"medium\":{\"file\":\"SHF_eb00258461-300x200.jpg\",\"width\":300,\"height\":200,\"mime-type\":\"image\\\/jpeg\",\"filesize\":8986},\"large\":{\"file\":\"SHF_eb00258461-1024x683.jpg\",\"width\":1024,\"height\":683,\"mime-type\":\"image\\\/jpeg\",\"filesize\":65601},\"thumbnail\":{\"file\":\"SHF_eb00258461-150x150.jpg\",\"width\":150,\"height\":150,\"mime-type\":\"image\\\/jpeg\",\"filesize\":5556},\"medium_large\":{\"file\":\"SHF_eb00258461-768x512.jpg\",\"width\":768,\"height\":512,\"mime-type\":\"image\\\/jpeg\",\"filesize\":38869},\"small\":{\"file\":\"SHF_eb00258461-440x293.jpg\",\"width\":440,\"height\":293,\"mime-type\":\"image\\\/jpeg\",\"filesize\":15795},\"semi\":{\"file\":\"SHF_eb00258461-580x387.jpg\",\"width\":580,\"height\":387,\"mime-type\":\"image\\\/jpeg\",\"filesize\":24761},\"mobile\":{\"file\":\"SHF_eb00258461-720x480.jpg\",\"width\":720,\"height\":480,\"mime-type\":\"image\\\/jpeg\",\"filesize\":34846},\"hd\":{\"file\":\"SHF_eb00258461-1280x853.jpg\",\"width\":1280,\"height\":853,\"mime-type\":\"image\\\/jpeg\",\"filesize\":100522},\"full\":{\"file\":\"SHF_eb00258461-1920x1280.jpg\",\"width\":1920,\"height\":1280,\"mime-type\":\"image\\\/jpeg\",\"filesize\":222852},\"xxl\":{\"file\":\"SHF_eb00258461-4048x2699.jpg\",\"width\":4048,\"height\":2699,\"mime-type\":\"image\\\/jpeg\",\"filesize\":1079893},\"1536x1536\":{\"file\":\"SHF_eb00258461-1536x1024.jpg\",\"width\":1536,\"height\":1024,\"mime-type\":\"image\\\/jpeg\",\"filesize\":142551},\"2048x2048\":{\"file\":\"SHF_eb00258461-2048x1365.jpg\",\"width\":2048,\"height\":1365,\"mime-type\":\"image\\\/jpeg\",\"filesize\":253879},\"original\":{\"file\":\"SHF_eb00258461.jpg\",\"width\":6000,\"height\":4000}},\n\t\t\t\t\"alt\" : \"Junger Mann spricht am Mikrofon mit Notizen vor einem textlastigen Wasser-Hintergrund.\",\n\t\t\t\t\"path\" : \"\\\/wp-content\\\/uploads\\\/2024\\\/02\\\/\",\n\t\t\t\t\"video\" : null,\n\t\t\t\t\"autoplay\" : null,\n\t\t\t\t\"youtube\" : null,\n\t\t\t\t\"youtubelabel\" : \"Video abspielen\",\n\t\t\t\t\"brightness\" : 100,\n\t\t\t\t\"crop\" : {\"top\":\"32.37\",\"left\":\"53.43\"},\n\t\t\t\t\"background\" : true,\n\t\t\t\t\"scale\" : 2\t\t\t\t}\n\t\t\t<\/script>\n\n\t\t\t<div class=\"height-container\" style=\"padding-bottom:66.666666666667%;\" v-if=\"sizes\">\n\t\t\t\t\t\t\t\t<lazy-media :inline=\"true\" :alt=\"alt\" :sizes=\"sizes\" :scale=\"scale\" :brightness=\"brightness\" :path=\"path\" :video=\"video\" :autoplay=\"autoplay\" :youtube=\"youtube\" :crop=\"crop\" :youtubelabel=\"youtubelabel\" :background=\"background\" media-id=\"desc_media_69edd2703ce49\"><\/lazy-media>\n\t\t\t\t\t\t\t<\/div>\n\n\t\t\t\t\t\t\t<figcaption class=\"sr-only\" ref=\"body\" id=\"desc_media_69edd2703ce49\">\n\t\t\t\t\t\t\t\t\t\t\t\t\t\t\t\t<div>Performance &quot;#Logoskop Special Teachers&#039; Night &#8211; Dichtung und Wissenschaft mit Clara Nielsen und Noah Klaus&quot; zur Teachers&#039; Night 2025 <\/div>\n\t\t\t\t\t\t\t\t\t\t\t\t\t\t\t\t<div class=\"insignificant\">\u00a9 Humboldt-Universit\u00e4t zu Berlin \/ Stiftung Humboldt Forum im Berliner Schloss, Foto: Frank Sperling<\/div>\n\t\t\t\t\t\t\t\t\t<\/figcaption>\n\t\t\t\t\t<\/figure>\n\t<\/lazy-media-inline>\n\t\t\t\t<\/div>\n\t\t\t<\/div>\n\t\t<\/div>\n\t<\/a>\n\t<\/calendarteaser>\n<\/li>\n\n\n<li class=\"col-xs-12 teaser-wrapper col-padding-remove\">\n\t<calendarteaser key=\"1414414332\" rawitem='{&quot;postId&quot;:14144,&quot;title&quot;:&quot;Nach der Natur&quot;,&quot;excerpt&quot;:&quot;&quot;,&quot;slug&quot;:&quot;nach-der-natur&quot;,&quot;post_date&quot;:&quot;2020-10-23T09:05&quot;,&quot;type&quot;:&quot;event-permanent&quot;,&quot;permalink&quot;:&quot;https:\\\/\\\/www.humboldtforum.org\\\/de\\\/programm\\\/dauerangebot\\\/ausstellung\\\/nach-der-natur-14144\\\/&quot;,&quot;genre&quot;:[391],&quot;genre_details&quot;:[{&quot;text&quot;:&quot;Ausstellung&quot;,&quot;id&quot;:391,&quot;icon&quot;:null,&quot;parent&quot;:0}],&quot;stakeholder&quot;:[409],&quot;stakeholder_details&quot;:[{&quot;text&quot;:&quot;Humboldt-Universit\\u00e4t zu Berlin&quot;,&quot;id&quot;:409,&quot;icon&quot;:null,&quot;parent&quot;:0}],&quot;editorial&quot;:[537,402,538],&quot;editorial_details&quot;:[{&quot;text&quot;:&quot;experimentell&quot;,&quot;id&quot;:537,&quot;icon&quot;:null,&quot;parent&quot;:0},{&quot;text&quot;:&quot;interaktiv&quot;,&quot;id&quot;:402,&quot;icon&quot;:null,&quot;parent&quot;:0},{&quot;text&quot;:&quot;wissenschaftlich&quot;,&quot;id&quot;:538,&quot;icon&quot;:null,&quot;parent&quot;:0}],&quot;targetgroup&quot;:[383],&quot;targetgroup_details&quot;:[{&quot;text&quot;:&quot;Erwachsene&quot;,&quot;id&quot;:383,&quot;icon&quot;:null,&quot;parent&quot;:0}],&quot;language&quot;:[384,385],&quot;language_details&quot;:[{&quot;text&quot;:&quot;Deutsch&quot;,&quot;id&quot;:384,&quot;icon&quot;:null,&quot;parent&quot;:0},{&quot;text&quot;:&quot;Englisch&quot;,&quot;id&quot;:385,&quot;icon&quot;:null,&quot;parent&quot;:0}],&quot;accessability&quot;:[430],&quot;accessability_details&quot;:[{&quot;text&quot;:&quot;Rollstuhlgerecht&quot;,&quot;id&quot;:430,&quot;icon&quot;:null,&quot;parent&quot;:0}],&quot;place&quot;:[413],&quot;place_details&quot;:{&quot;place&quot;:&quot;Humboldt Forum&quot;,&quot;map&quot;:&quot;Humboldt Forum, Schlossplatz, Berlin&quot;,&quot;room&quot;:&quot;Humboldt Labor, 1. OG&quot;},&quot;icon_overwrite&quot;:&quot;&quot;,&quot;acf&quot;:{&quot;shorturl&quot;:&quot;nachdernatur&quot;,&quot;planning&quot;:{&quot;price&quot;:&quot;Eintritt frei&quot;,&quot;status&quot;:&quot;TIMEFRAME&quot;,&quot;info&quot;:&quot;Eintritt frei&quot;,&quot;shop&quot;:&quot;&quot;,&quot;can_purchase&quot;:false},&quot;periods&quot;:[{&quot;label&quot;:&quot;&quot;,&quot;dates&quot;:[{&quot;start&quot;:&quot;202301020000&quot;,&quot;end&quot;:&quot;202212310000&quot;,&quot;has_end&quot;:false,&quot;start_HRFSHORT&quot;:&quot;02.01.23&quot;,&quot;start_HRFSHORT_WD&quot;:&quot;Mo 02.01.2023&quot;}],&quot;monday&quot;:[{&quot;start&quot;:&quot;10:30&quot;,&quot;end&quot;:&quot;18:30&quot;,&quot;closed&quot;:false}],&quot;tuesday&quot;:[{&quot;start&quot;:null,&quot;end&quot;:null,&quot;closed&quot;:true}],&quot;wednesday&quot;:[{&quot;start&quot;:&quot;10:30&quot;,&quot;end&quot;:&quot;18:30&quot;,&quot;closed&quot;:false}],&quot;thursday&quot;:[{&quot;start&quot;:&quot;10:30&quot;,&quot;end&quot;:&quot;18:30&quot;,&quot;closed&quot;:false}],&quot;friday&quot;:[{&quot;start&quot;:&quot;10:30&quot;,&quot;end&quot;:&quot;18:30&quot;,&quot;closed&quot;:false}],&quot;saturday&quot;:[{&quot;start&quot;:&quot;10:30&quot;,&quot;end&quot;:&quot;18:30&quot;,&quot;closed&quot;:false}],&quot;sunday&quot;:[{&quot;start&quot;:&quot;10:30&quot;,&quot;end&quot;:&quot;18:30&quot;,&quot;closed&quot;:false}],&quot;info&quot;:&quot;&quot;,&quot;description&quot;:&quot;&quot;}],&quot;subline&quot;:&quot;Er\\u00f6ffnungsausstellung des Humboldt Labors&quot;,&quot;marketing_text&quot;:&quot;Er\\u00f6ffnungsausstellung des Humboldt Labors&quot;,&quot;highlight_header&quot;:true,&quot;highlight_header_image&quot;:139474,&quot;has_mobile_format&quot;:true,&quot;highlight_header_image_mobile&quot;:139472,&quot;tipp&quot;:false,&quot;joker&quot;:false,&quot;live&quot;:false,&quot;display_as_single&quot;:false,&quot;hyphenation&quot;:false,&quot;yt&quot;:&quot;&quot;,&quot;noindex&quot;:false,&quot;keywords&quot;:&quot;&quot;,&quot;use_opening_hours_of_the_house&quot;:true,&quot;tickettext&quot;:&quot;Zeitfenster-Ticket erforderlich&quot;,&quot;additional_info&quot;:{&quot;icon&quot;:&quot;0&quot;,&quot;text&quot;:&quot;&quot;},&quot;use_video_in_teasers&quot;:false,&quot;hide_event_in_program&quot;:false,&quot;events&quot;:{&quot;1&quot;:126061,&quot;2&quot;:127906,&quot;3&quot;:129582,&quot;4&quot;:130000,&quot;5&quot;:130296,&quot;6&quot;:82911,&quot;7&quot;:131926,&quot;8&quot;:134454,&quot;9&quot;:134887,&quot;10&quot;:135431,&quot;11&quot;:136118,&quot;12&quot;:97155,&quot;13&quot;:136616,&quot;14&quot;:137424,&quot;15&quot;:138791,&quot;16&quot;:138804,&quot;17&quot;:139315,&quot;18&quot;:139452,&quot;19&quot;:139910,&quot;20&quot;:140214,&quot;21&quot;:141546,&quot;22&quot;:142753,&quot;23&quot;:143518,&quot;24&quot;:143797,&quot;25&quot;:145838,&quot;26&quot;:145876,&quot;27&quot;:146845},&quot;period_exception&quot;:[{&quot;label&quot;:&quot;&quot;,&quot;date&quot;:&quot;202406260000&quot;,&quot;closed&quot;:true,&quot;start&quot;:&quot;15:00&quot;,&quot;end&quot;:&quot;20:00&quot;,&quot;date_HRFSHORT&quot;:&quot;26.06.24&quot;},{&quot;label&quot;:&quot;&quot;,&quot;date&quot;:&quot;202406270000&quot;,&quot;closed&quot;:true,&quot;start&quot;:null,&quot;end&quot;:null,&quot;date_HRFSHORT&quot;:&quot;27.06.24&quot;},{&quot;label&quot;:&quot;&quot;,&quot;date&quot;:&quot;202406280000&quot;,&quot;closed&quot;:true,&quot;start&quot;:null,&quot;end&quot;:null,&quot;date_HRFSHORT&quot;:&quot;28.06.24&quot;},{&quot;label&quot;:&quot;&quot;,&quot;date&quot;:&quot;202409200000&quot;,&quot;closed&quot;:false,&quot;start&quot;:&quot;10:30&quot;,&quot;end&quot;:&quot;16:00&quot;,&quot;date_HRFSHORT&quot;:&quot;20.09.24&quot;},{&quot;label&quot;:&quot;&quot;,&quot;date&quot;:&quot;202410160000&quot;,&quot;closed&quot;:false,&quot;start&quot;:&quot;10:30&quot;,&quot;end&quot;:&quot;14:00&quot;,&quot;date_HRFSHORT&quot;:&quot;16.10.24&quot;},{&quot;label&quot;:&quot;&quot;,&quot;date&quot;:&quot;202512240000&quot;,&quot;closed&quot;:true,&quot;start&quot;:null,&quot;end&quot;:null,&quot;date_HRFSHORT&quot;:&quot;24.12.25&quot;},{&quot;label&quot;:&quot;&quot;,&quot;date&quot;:&quot;202512250000&quot;,&quot;closed&quot;:false,&quot;start&quot;:&quot;12:00&quot;,&quot;end&quot;:&quot;18:00&quot;,&quot;date_HRFSHORT&quot;:&quot;25.12.25&quot;},{&quot;label&quot;:&quot;&quot;,&quot;date&quot;:&quot;202512260000&quot;,&quot;closed&quot;:false,&quot;start&quot;:&quot;12:00&quot;,&quot;end&quot;:&quot;18:00&quot;,&quot;date_HRFSHORT&quot;:&quot;26.12.25&quot;},{&quot;label&quot;:&quot;&quot;,&quot;date&quot;:&quot;202512300000&quot;,&quot;closed&quot;:false,&quot;start&quot;:&quot;10:30&quot;,&quot;end&quot;:&quot;18:30&quot;,&quot;date_HRFSHORT&quot;:&quot;30.12.25&quot;},{&quot;label&quot;:&quot;&quot;,&quot;date&quot;:&quot;202512310000&quot;,&quot;closed&quot;:false,&quot;start&quot;:&quot;10:30&quot;,&quot;end&quot;:&quot;16:30&quot;,&quot;date_HRFSHORT&quot;:&quot;31.12.25&quot;},{&quot;label&quot;:&quot;&quot;,&quot;date&quot;:&quot;202601010000&quot;,&quot;closed&quot;:false,&quot;start&quot;:&quot;12:00&quot;,&quot;end&quot;:&quot;18:00&quot;,&quot;date_HRFSHORT&quot;:&quot;01.01.26&quot;}],&quot;overwrite_date&quot;:&quot;Bis 22.6.2025&quot;,&quot;alert_text&quot;:&quot;Bis 22.6.2025&quot;},&quot;period_list&quot;:&quot;&lt;strong&gt;\\u00d6ffnungszeiten&lt;\\\/strong&gt;\\nMo, Mi, Do, Fr, Sa, So: 10:30 \\u2013 18:30 Uhr\\nDi: geschlossen\\n\\n&quot;,&quot;period_exception&quot;:&quot;&quot;,&quot;date&quot;:{&quot;infinite&quot;:true,&quot;from_DATE&quot;:202301020000,&quot;from&quot;:1672655400,&quot;from_TIME&quot;:&quot;10:30&quot;,&quot;to&quot;:1808796180,&quot;to_DATE&quot;:202704260853,&quot;to_TIME&quot;:&quot;18:30&quot;,&quot;from_HRFSHORT&quot;:&quot; 2. Jan 2023&quot;,&quot;from_HRFSHORT_WD&quot;:&quot;Mo 02.01.2023&quot;,&quot;from_HRF&quot;:&quot;Mo,  2. Januar 2023&quot;,&quot;to_HRF&quot;:&quot;Di, 27. April 2027&quot;,&quot;to_HRFSHORT&quot;:&quot;27. Apr 2027&quot;,&quot;to_HRFSHORT_WD&quot;:&quot;Di 27.04.2027&quot;,&quot;from_to_HRF&quot;:&quot;Mo,  2. Januar 2023 \\u2013 Di, 27. April 2027&quot;,&quot;from_to_HRFSHORT&quot;:&quot; 2. Jan 2023 \\u2013 27. Apr 2027&quot;,&quot;NXX&quot;:&quot;202604260853&quot;,&quot;NLAST&quot;:&quot;202704270323&quot;,&quot;NX&quot;:&quot;20260426&quot;},&quot;alert&quot;:&quot;Highlight&quot;,&quot;partof&quot;:[],&quot;marketing_topic&quot;:&quot;&quot;}' inline-template>\n\t<a href=\"https:\/\/www.humboldtforum.org\/de\/programm\/dauerangebot\/ausstellung\/nach-der-natur-14144\/\" class=\"teaser teaser-event-permanent teaser-event-standard\">\n\t\t<div class=\"row\">\n\t\t\t<div class=\"col-xs-12 col-sm-6 col-md-5 col-sm-offset-1 col-md-offset-2 first-sm teaser-event-text Infos\">\n\t\t\t\t<div class=\"teaser-event-standard-text\">\n\t\t\t\t\t<div class=\"margin-bottom-atom\">\n\t\t\t\t\t\t<div class=\"subline clamp-1\" v-html=\"maingenre\"><\/div>\n\t\t\t\t\t\t\t\t\t\t\t<\/div>\n\t\t\t\t\n\t\t\t\t\t<strong class=\"margin-bottom-atom h5\">Nach der Natur<\/strong>\n\n\t\t\t\t\t\t\t\t\t\t\t<div class=\"\">Er\u00f6ffnungsausstellung des Humboldt Labors<\/div>\n\t\t\t\t\t\t\t\t\t<\/div>\n\t\t\t\t<div class=\"teaser-bottom border-bottom\">\n\t\t\t\t<calendardateline :rawitem='item' :show-icon=\"true\"><\/calendardateline>\n\t\t\t\t\t<hr>\n\t\t\t\t<\/div>\n\t\t\t<\/div>\n\t\t\t<div class=\"col-xs-12 col-sm-4 col-md-3 teaser-event-image bottom-xs first-xs\">\n\t\t\t\t<div class=\"teaser-image teaser-image-no-alternate\">\n\t\t\t\t\t\t\t\t\t\t\t\t\t<span class=\"alert\">Highlight<\/span>\n\t\t\t\t\t\t\t\t\t\t\t\n\t<lazy-media-inline inline-template>\n\t\t<figure itemscope itemtype=\"http:\/\/schema.org\/ImageObject\" class=\"lazy-media-inline \" role=\"group\" id=\"media_69edd2703d963\" aria-labelledby=\"desc_media_69edd2703d963\">\n\t\t\t<script type=\"application\/json\" ref=\"data\">\n\t\t\t\t{\n\t\t\t\t\"sizes\" : {\"medium\":{\"file\":\"SHF_eb00233700-176x300.jpg\",\"width\":176,\"height\":300,\"mime-type\":\"image\\\/jpeg\",\"filesize\":14578},\"large\":{\"file\":\"SHF_eb00233700-600x1024.jpg\",\"width\":600,\"height\":1024,\"mime-type\":\"image\\\/jpeg\",\"filesize\":118556},\"thumbnail\":{\"file\":\"SHF_eb00233700-150x150.jpg\",\"width\":150,\"height\":150,\"mime-type\":\"image\\\/jpeg\",\"filesize\":7808},\"medium_large\":{\"file\":\"SHF_eb00233700-768x1311.jpg\",\"width\":768,\"height\":1311,\"mime-type\":\"image\\\/jpeg\",\"filesize\":175678},\"small\":{\"file\":\"SHF_eb00233700-258x440.jpg\",\"width\":258,\"height\":440,\"mime-type\":\"image\\\/jpeg\",\"filesize\":28834},\"semi\":{\"file\":\"SHF_eb00233700-340x580.jpg\",\"width\":340,\"height\":580,\"mime-type\":\"image\\\/jpeg\",\"filesize\":46307},\"mobile\":{\"file\":\"SHF_eb00233700-422x720.jpg\",\"width\":422,\"height\":720,\"mime-type\":\"image\\\/jpeg\",\"filesize\":66378},\"hd\":{\"file\":\"SHF_eb00233700-750x1280.jpg\",\"width\":750,\"height\":1280,\"mime-type\":\"image\\\/jpeg\",\"filesize\":169475},\"full\":{\"file\":\"SHF_eb00233700-1124x1920.jpg\",\"width\":1124,\"height\":1920,\"mime-type\":\"image\\\/jpeg\",\"filesize\":318585},\"1536x1536\":{\"file\":\"SHF_eb00233700-899x1536.jpg\",\"width\":899,\"height\":1536,\"mime-type\":\"image\\\/jpeg\",\"filesize\":226343},\"2048x2048\":{\"file\":\"SHF_eb00233700-1199x2048.jpg\",\"width\":1199,\"height\":2048,\"mime-type\":\"image\\\/jpeg\",\"filesize\":350861},\"original\":{\"file\":\"SHF_eb00233700.jpg\",\"width\":1464,\"height\":2500}},\n\t\t\t\t\"alt\" : \"Fischschwarm im Wasser, umgeben von Flaschen, vor blauem Hintergrund.\",\n\t\t\t\t\"path\" : \"\\\/wp-content\\\/uploads\\\/2024\\\/11\\\/\",\n\t\t\t\t\"video\" : null,\n\t\t\t\t\"autoplay\" : null,\n\t\t\t\t\"youtube\" : null,\n\t\t\t\t\"youtubelabel\" : \"Video abspielen\",\n\t\t\t\t\"brightness\" : 100,\n\t\t\t\t\"crop\" : null,\n\t\t\t\t\"background\" : true,\n\t\t\t\t\"scale\" : 2\t\t\t\t}\n\t\t\t<\/script>\n\n\t\t\t<div class=\"height-container\" style=\"padding-bottom:170.7650273224%;\" v-if=\"sizes\">\n\t\t\t\t\t\t\t\t<lazy-media :inline=\"true\" :alt=\"alt\" :sizes=\"sizes\" :scale=\"scale\" :brightness=\"brightness\" :path=\"path\" :video=\"video\" :autoplay=\"autoplay\" :youtube=\"youtube\" :crop=\"crop\" :youtubelabel=\"youtubelabel\" :background=\"background\" media-id=\"desc_media_69edd2703d963\"><\/lazy-media>\n\t\t\t\t\t\t\t<\/div>\n\n\t\t\t\t\t\t\t<figcaption class=\"sr-only\" ref=\"body\" id=\"desc_media_69edd2703d963\">\n\t\t\t\t\t\t\t\t\t\t\t<div>Humboldt Labor Webteaser hoch 1780x3040px, Nach der Natur<\/div>\n\t\t\t\t\t\t\t\t\t\t\t\t\t\t\t\t\t\t\t\t\t<div class=\"insignificant\">\u00a9 Stiftung Humboldt Forum im Berliner Schloss, Fotos: iStockphoto \/ armiblue; solarseven<\/div>\n\t\t\t\t\t\t\t\t\t<\/figcaption>\n\t\t\t\t\t<\/figure>\n\t<\/lazy-media-inline>\n\t\t\t\t<\/div>\n\t\t\t<\/div>\n\t\t<\/div>\n\t<\/a>\n\t<\/calendarteaser>\n<\/li>\n\n\t\t\t\t<\/ul>\n\t\t\t<\/div>\n\t\t\t\t<\/lazy-component>\n<\/section>\n\n\n\n<section class=\"block block-CTA block-CTA-long leftgradient\">\n\t<div class=\"container-fluid\">\n\t\t<div class=\"row center-xs\">\n\t\t\t<div class=\"col-xs-12\">\n\t\t\t\t<div class=\"box\">\n\t\t\t\t\t<a href=\"https:\/\/www.humboldtforum.org\/de\/newsletter-2\/\" aria-label=\"Bleiben Sie auf dem Laufenden!\" class=\"teaser teaser-cta-wide \">\n\t\t\t\t\t\t<div class=\"teaser-image\">\n\t\t\t\t\t\t\t\n\t<lazy-media-inline inline-template>\n\t\t<figure itemscope itemtype=\"http:\/\/schema.org\/ImageObject\" class=\"lazy-media-inline \" role=\"group\" id=\"media_69edd2703f64f\" aria-labelledby=\"desc_media_69edd2703f64f\">\n\t\t\t<script type=\"application\/json\" ref=\"data\">\n\t\t\t\t{\n\t\t\t\t\"sizes\" : {\"medium\":{\"file\":\"HF_eb00061823-scaled-300x200.jpg\",\"width\":300,\"height\":200,\"mime-type\":\"image\\\/jpeg\",\"filesize\":19186},\"large\":{\"file\":\"HF_eb00061823-scaled-1024x683.jpg\",\"width\":1024,\"height\":683,\"mime-type\":\"image\\\/jpeg\",\"filesize\":138597},\"thumbnail\":{\"file\":\"HF_eb00061823-scaled-150x150.jpg\",\"width\":150,\"height\":150,\"mime-type\":\"image\\\/jpeg\",\"filesize\":8513},\"medium_large\":{\"file\":\"HF_eb00061823-scaled-768x512.jpg\",\"width\":768,\"height\":512,\"mime-type\":\"image\\\/jpeg\",\"filesize\":86200},\"small\":{\"file\":\"HF_eb00061823-scaled-440x293.jpg\",\"width\":440,\"height\":293,\"mime-type\":\"image\\\/jpeg\",\"filesize\":35525},\"semi\":{\"file\":\"HF_eb00061823-scaled-580x387.jpg\",\"width\":580,\"height\":387,\"mime-type\":\"image\\\/jpeg\",\"filesize\":55724},\"mobile\":{\"file\":\"HF_eb00061823-scaled-720x480.jpg\",\"width\":720,\"height\":480,\"mime-type\":\"image\\\/jpeg\",\"filesize\":77971},\"hd\":{\"file\":\"HF_eb00061823-scaled-1280x854.jpg\",\"width\":1280,\"height\":854,\"mime-type\":\"image\\\/jpeg\",\"filesize\":202477},\"full\":{\"file\":\"HF_eb00061823-scaled-1920x1280.jpg\",\"width\":1920,\"height\":1280,\"mime-type\":\"image\\\/jpeg\",\"filesize\":386736},\"1536x1536\":{\"file\":\"HF_eb00061823-scaled-1536x1024.jpg\",\"width\":1536,\"height\":1024,\"mime-type\":\"image\\\/jpeg\",\"filesize\":266197},\"2048x2048\":{\"file\":\"HF_eb00061823-scaled-2048x1366.jpg\",\"width\":2048,\"height\":1366,\"mime-type\":\"image\\\/jpeg\",\"filesize\":430206},\"original\":{\"file\":\"HF_eb00061823-scaled.jpg\",\"width\":2560,\"height\":1707}},\n\t\t\t\t\"alt\" : \"Blick in das beleuchtete Foyer von der Galerie im ersten Stock mit Besuchenden, Infopoint und Medienturm\",\n\t\t\t\t\"path\" : \"\\\/wp-content\\\/uploads\\\/2020\\\/04\\\/\",\n\t\t\t\t\"video\" : null,\n\t\t\t\t\"autoplay\" : null,\n\t\t\t\t\"youtube\" : null,\n\t\t\t\t\"youtubelabel\" : \"Video abspielen\",\n\t\t\t\t\"brightness\" : \"70\",\n\t\t\t\t\"crop\" : {\"top\":\"90.37\",\"left\":\"39.93\"},\n\t\t\t\t\"background\" : true,\n\t\t\t\t\"scale\" : 2\t\t\t\t}\n\t\t\t<\/script>\n\n\t\t\t<div class=\"height-container\" style=\"padding-bottom:66.6796875%;\" v-if=\"sizes\">\n\t\t\t\t\t\t\t\t<lazy-media :inline=\"true\" :alt=\"alt\" :sizes=\"sizes\" :scale=\"scale\" :brightness=\"brightness\" :path=\"path\" :video=\"video\" :autoplay=\"autoplay\" :youtube=\"youtube\" :crop=\"crop\" :youtubelabel=\"youtubelabel\" :background=\"background\" media-id=\"desc_media_69edd2703f64f\"><\/lazy-media>\n\t\t\t\t\t\t\t<\/div>\n\n\t\t\t\t\t\t\t<figcaption class=\"sr-only\" ref=\"body\" id=\"desc_media_69edd2703f64f\">\n\t\t\t\t\t\t\t\t\t\t\t<div>Blick in das Foyer, November 2019.<\/div>\n\t\t\t\t\t\t\t\t\t\t\t\t\t\t\t\t\t\t\t\t\t<div class=\"insignificant\">\u00a9 Stiftung Humboldt Forum im Berliner Schloss \/ David von Becker<\/div>\n\t\t\t\t\t\t\t\t\t<\/figcaption>\n\t\t\t\t\t<\/figure>\n\t<\/lazy-media-inline>\n\t\t\t\t\t\t<\/div>\n\t\t\t\t\t\t<div class=\"teaser-content \">\n\t\t\t\t\t\t\t<div>\n\t\t\t\t\t\t\t\t\t\t\t\t\t\t\t\t<div class=\"teaser-header\"><span class=\"h3\">Bleiben Sie auf dem Laufenden!<\/span><\/div>\n\t\t\t\t\t\t\t\t<div class=\"teaser-subline\"><span class=\"font-decoration\">Abonnieren Sie unseren Newsletter.<\/span><\/div>\t\t\t\t\t\t\t\t<button tabindex=\"-1\" class=\"border\">Hier klicken<\/button>\n\t\t\t\t\t\t\t<\/div>\n\t\t\t\t\t\t<\/div>\n\t\t\t\t\t<\/a>\n\t\t\t\t<\/div>\n\t\t\t<\/div>\n\t\t<\/div>\n\t<\/div>\n<\/section>\n","protected":false},"template":"","genre":[423],"digital":[],"topic":[],"stakeholder":[409],"editorial":[],"editorialfilter":[],"targetgroup":[383,455],"language":[384],"accessability":[],"age":[451],"school":[],"groupsize":[1049],"place":[413],"class_list":["post-124694","event","type-event","status-publish","hentry","genre-literatur","stakeholder-humboldt-universitaet-zu-berlin","targetgroup-erwachsene","targetgroup-jugendliche","language-deutsch","age-ab-14-jahre","groupsize-max-25-personen","place-humboldt-labor-1-og"],"acf":[],"_links":{"self":[{"href":"https:\/\/www.humboldtforum.org\/de\/wp-json\/wp\/v2\/event\/124694","targetHints":{"allow":["GET"]}}],"collection":[{"href":"https:\/\/www.humboldtforum.org\/de\/wp-json\/wp\/v2\/event"}],"about":[{"href":"https:\/\/www.humboldtforum.org\/de\/wp-json\/wp\/v2\/types\/event"}],"version-history":[{"count":12,"href":"https:\/\/www.humboldtforum.org\/de\/wp-json\/wp\/v2\/event\/124694\/revisions"}],"predecessor-version":[{"id":124712,"href":"https:\/\/www.humboldtforum.org\/de\/wp-json\/wp\/v2\/event\/124694\/revisions\/124712"}],"wp:attachment":[{"href":"https:\/\/www.humboldtforum.org\/de\/wp-json\/wp\/v2\/media?parent=124694"}],"wp:term":[{"taxonomy":"genre","embeddable":true,"href":"https:\/\/www.humboldtforum.org\/de\/wp-json\/wp\/v2\/genre?post=124694"},{"taxonomy":"digital","embeddable":true,"href":"https:\/\/www.humboldtforum.org\/de\/wp-json\/wp\/v2\/digital?post=124694"},{"taxonomy":"topic","embeddable":true,"href":"https:\/\/www.humboldtforum.org\/de\/wp-json\/wp\/v2\/topic?post=124694"},{"taxonomy":"stakeholder","embeddable":true,"href":"https:\/\/www.humboldtforum.org\/de\/wp-json\/wp\/v2\/stakeholder?post=124694"},{"taxonomy":"editorial","embeddable":true,"href":"https:\/\/www.humboldtforum.org\/de\/wp-json\/wp\/v2\/editorial?post=124694"},{"taxonomy":"editorialfilter","embeddable":true,"href":"https:\/\/www.humboldtforum.org\/de\/wp-json\/wp\/v2\/editorialfilter?post=124694"},{"taxonomy":"targetgroup","embeddable":true,"href":"https:\/\/www.humboldtforum.org\/de\/wp-json\/wp\/v2\/targetgroup?post=124694"},{"taxonomy":"language","embeddable":true,"href":"https:\/\/www.humboldtforum.org\/de\/wp-json\/wp\/v2\/language?post=124694"},{"taxonomy":"accessability","embeddable":true,"href":"https:\/\/www.humboldtforum.org\/de\/wp-json\/wp\/v2\/accessability?post=124694"},{"taxonomy":"age","embeddable":true,"href":"https:\/\/www.humboldtforum.org\/de\/wp-json\/wp\/v2\/age?post=124694"},{"taxonomy":"school","embeddable":true,"href":"https:\/\/www.humboldtforum.org\/de\/wp-json\/wp\/v2\/school?post=124694"},{"taxonomy":"groupsize","embeddable":true,"href":"https:\/\/www.humboldtforum.org\/de\/wp-json\/wp\/v2\/groupsize?post=124694"},{"taxonomy":"place","embeddable":true,"href":"https:\/\/www.humboldtforum.org\/de\/wp-json\/wp\/v2\/place?post=124694"}],"curies":[{"name":"wp","href":"https:\/\/api.w.org\/{rel}","templated":true}]}}