{"id":129892,"date":"2024-05-22T13:48:22","date_gmt":"2024-05-22T11:48:22","guid":{"rendered":"https:\/\/www.humboldtforum.org\/?post_type=event&#038;p=129892"},"modified":"2024-06-18T20:18:26","modified_gmt":"2024-06-18T18:18:26","slug":"pantopia-die-welt-hoeren","status":"publish","type":"event","link":"https:\/\/www.humboldtforum.org\/de\/programm\/termin\/gespraech\/pantopia-die-welt-hoeren-129892\/","title":{"rendered":"PANTOPIA \u2013\u00a0die Welt h\u00f6ren"},"content":{"rendered":"<section class=\"block block-copy\" >\n    <div class=\"container-fluid\">\n\t\t<div class=\"row margin-bottom-sixth\">\n            <div class=\"col-xs-12 col-md-offset-2 col-md-8\">\n                <div class=\"box\">\n                    <div class=\"copy\"><div class=\"content-wrapper\">\n<p>Eine neue Plattform f\u00fcr musikalische Begegnungen \u2013 mit diesem Ziel haben Musiker*innen aus diversen Kulturen seit vier Jahren zusammengearbeitet. Nun stellen sie das Projekt und die dazugeh\u00f6rige Website <a class=\"external-link\" href=\"https:\/\/pantopia-music.org\/\" rel=\"nofollow\">Pantopia Music (pantopia-music.org)<\/a> im Humboldt Forum vor. Das Publikum ist eingeladen ins Gespr\u00e4ch zu kommen und sich Tracks oder Alben von der Plattform zu w\u00fcnschen.<\/p>\n<p>PUNE, <span class=\"notion-enable-hover\" data-token-index=\"0\">DJ, Produzent und Mitbegr\u00fcnder des Danzee Collective, stellt in drei kurzen Listening-Sessions Tracks aus den verschiedenen Alben vor.\u00a0<\/span><\/p>\n<p>Miguel Buenrostro, in Berlin lebender Kurator aus Mexiko, spricht mit Maurice Mengel, Leiter der Abteilung Medien des Ethnologischen Museums und Museums f\u00fcr Asiatische Kunst, \u00fcber das im Humboldt Forum aufbewahrte Berliner Phonogramm-Archiv und m\u00f6gliche musikalische Dialoge zwischen transkultureller Gegenwart und ethnomusikologischer Geschichte.<\/p>\n<\/div>\n<p>Moderation: Jan Linders<\/p>\n<p><strong>16:30 Uhr: Listening-Session 1<\/strong><\/p>\n<p><strong>17:00 Uhr: Talk 1<\/strong><\/p>\n<p><strong>17:30 Uhr: Listening-Session 2<\/strong><\/p>\n<p><strong>18:00 Uhr: Talk 2<\/strong><\/p>\n<p><strong>18:30 Uhr: Listening-Session 3<\/strong><\/p>\n<p>&nbsp;<\/p>\n<\/div>\n                <\/div>\n            <\/div>\n\t\t<\/div>\n\t\t\t\t\t<div class=\"row margin-bottom-sixth\">\n\t\t\t\t<div class=\"col-xs-12 col-md-offset-2 col-md-8\">\n\t\t\t\t\t<div class=\"box\">\n\t\t\t\t\t\t<read-more inline-template>\n\t\t\t\t\t\t\t<div class=\"copy margin-bottom-sixth\">\n\t\t\t\t\t\t\t\t<div ref=\"body\" style=\"height:0;overflow: hidden;display: none;\">\n\t\t\t\t\t\t\t\t\t<div class=\"margin-bottom-sixth\"><h5>Selbstdarstellung des Projekts<\/h5>\n<p>&#8222;Das Projekt PANTOPIA MUSIC erforscht und publiziert gegenw\u00e4rtige transtraditionelle Musikformen. Es stellt einer ethnisch, kolonial und zentralistisch gepr\u00e4gten Wahrnehmung von Musik neue Formen der Darstellung, Vermittlung und Produktion von gegenw\u00e4rtigen, traditionellen und transtraditionellen musikalischen Werken entgegen. Die Summe der m\u00f6glichen musikalischen Utopien sollen unter dem Schirm von PANTOPIA MUSIC sowohl online als auch onsite einen gemeinsamen Ort finden.<\/p>\n<p>PANTOPIA MUSIC produziert digitale Alben f\u00fcr globale Musik der Gegenwart und rahmt diese mit zahlreichen Medien digital ein. Pr\u00e4sentiert werden sowohl Archivmaterialien als auch Neukompositionen, welche im Zusammenhang mit dem Projekt entstehen. Unterst\u00fctzt wird dieses Vorhaben durch die enge Zusammenarbeit mit namhaften Archiven und der Kooperation mit zahlreichen Radiostationen, die sich an vielen Orten der Welt der Pflege spezifischer Musikkulturen widmen. Au\u00dferdem arbeitet PANTOPIA MUSIC eng mit Kurator:innen und Musiker:innen aus unterschiedlichen Orten zusammen, welche nicht nur ein Gesp\u00fcr f\u00fcr die jeweiligen, lokalen Musikszenen mitbringen, sondern auch einen Dialog mit der \u00d6ffentlichkeit initiieren k\u00f6nnen.<\/p>\n<div class=\"content-wrapper\">\n<p>PANTOPIA MUSIC\u00a0ist ein Projekt des Badischen Staatstheaters Karlsruhe und des Ethnologischen Museums der Staatlichen Museen zu Berlin in Kooperation mit der Stiftung Humboldt Forum Berlin und der Marc Sinan Company. Gef\u00f6rdert im Programm &#8222;Kultur Digital&#8220; der Kulturstiftung des Bundes.<\/p>\n<\/div>\n<\/div>\n\t\t\t\t\t\t\t\t<\/div>\n\t\t\t\t\t\t\t\t<a ref=\"toggleButton\" class=\"Button\" @click=\"toggle\">\n\t\t\t\t\t\t\t\t\t<span v-if=\"!active\">mehr lesen<\/span>\n\t\t\t\t\t\t\t\t\t<span v-else>weniger lesen<\/span>\n\t\t\t\t\t\t\t\t<\/a>\n\t\t\t\t\t\t\t<\/div>\n\t\t\t\t\t\t<\/read-mode>\n\t\t\t\t\t<\/div>\n\t\t\t\t<\/div>\n\t\t\t<\/div>\n\t\t    <\/div>\n<\/section>\n\n<section class=\"block block-headline block-no-margin \" >\n\t<div class=\"container-fluid\">\n\t\t<div class=\"row\">\n\t\t\t\t\t\t\t<div class=\"col-xs-12 col-md-offset-2 col-md-8\">\n\t\t\t\t\t<div class=\"box\">\n\t\t\t\t\t\t<h2 class=\".h4\">Biografien<\/h2>\n\t\t\t\t\t<\/div>\n\t\t\t\t<\/div>\n\t\t\t\t\t<\/div>\n\t<\/div>\n<\/section>\n\n\n\n\n\n<section class=\"block block-accordion\">\n\t<div class=\"container-fluid\">\n\t\t<div class=\"row\">\n\t\t\t<div class=\"col-xs-12 col-md-offset-2 col-md-8\">\n\t\t\t\t<div class=\"box\">\n\t\t\t\t\t\t\t\t\t\t\t<block-accordion inline-template>\n\t\t\t\t\t\t\t<div class=\"accordion\">\n\t\t\t\t\t\t\t\t\t\t\t\t\t\t\t<block-accordion-item inline-template item-headline=\"PUNE\">\n\t\t\t\t\t\t\t\t<div ref=\"item\" data-id=\"PUNE\" class=\"block-accordion-item vue-initialize\" aria-expanded=\"false\" :aria-expanded=\"active ? 'true' : 'false'\">\n\t\t\t\t\t\t\t\t\t<button class=\"accordion-button-with-icon block-accordion-item-head\" :class=\"{'button-active': active}\" ref=\"head\" aria-controls=\"acc_69eda27c9717f\" id=\"acc_title_69eda27c97181\" @click=\"toggle\" @keydown=\"key\">\n\t\t\t\t\t\t\t\t\t<div><span class=\"button-label\">PUNE<\/span><\/div><span class=\"button-icon icon-plus\" aria-hidden=\"true\"><\/span>\n\t\t\t\t\t\t\t\t<\/button>\n\t\t\t\t\t\t\t\t\t<div ref=\"body\" class=\"block-accordion-item-content\" id=\"acc_69eda27c9717f\" role=\"region\">\n\t\t\t\t\t\t\t\t\t\t<div class=\"wrapper copy\">\n\t\t\t\t\t\t\t\t\t\t\t<p><a href=\"https:\/\/www.instagram.com\/_pune_\/\" target=\"_blank\" rel=\"noopener\">PUNE<\/a> ist ein DJ, Produzent und Mitbegr\u00fcnder des Danzee Collective. Er lebt seit 2017 in Berlin und spielt und produziert 90er Garage House aus den Tiefen von Neuk\u00f6lln mit seinen Vinyl-Only-Sets, die Drum-Breaks mit starken Befreiungsvocals beinhalten. UOCRA (2020), ver\u00f6ffentlicht von Andras Records (WLS), festigt seine Sound-Identit\u00e4t mit einer vibrierenden kosmischen Acid-House-Stimmung. GANBARE ist seine neueste Ver\u00f6ffentlichung, auf der er seine Vielseitigkeit zeigt, indem er Stile wie Acid Bass mit Dub-Techno verschmilzt.<\/p>\n<p><a href=\"https:\/\/linktr.ee\/_pune_\" target=\"_blank\" rel=\"noopener\">linktr.ee<\/a><\/p>\n\n\t\t\t\t\t\t\t\t\t\t\t\t\t\t\t\t\t\t\t\t\t\t\t\t\t\t\t\t\t\t\t\t\t\n\t\t\t\t\t\t\t\t\t\t\t<div class=\"row\">\n\t\t\t\t\t\t\t\t\t\t\t\t<div class=\"col-xs-9 col-md-9\">\n\t\t\t\t\t\t\t\t\t\t\t\t\t<div class=\"box\">\n\t\t\t\t\t\t\t\t\t\t\t\t\t\t\t\t\t\t\t\t\t\t\t\t\t\t\t<\/div>\n\t\t\t\t\t\t\t\t\t\t\t\t<\/div>\n\t\t\t\t\t\t\t\t\t\t\t<\/div>\n\n\t\t\t\t\t\t\t\t\t\t\t\t\t\t\t\t\t\t\t\t\t<\/div>\n\t\t\t\t\t\t\t\t\t<\/div>\n\t\t\t\t\t\t\t\t<\/div>\n\t\t\t\t\t\t\t\t<\/block-accordion-item>\n\t\t\t\t\t\t\t\t\t\t\t\t\t\t<block-accordion-item inline-template item-headline=\"Miguel Buenrosto\">\n\t\t\t\t\t\t\t\t<div ref=\"item\" data-id=\"MiguelBuenrosto\" class=\"block-accordion-item vue-initialize\" aria-expanded=\"false\" :aria-expanded=\"active ? 'true' : 'false'\">\n\t\t\t\t\t\t\t\t\t<button class=\"accordion-button-with-icon block-accordion-item-head\" :class=\"{'button-active': active}\" ref=\"head\" aria-controls=\"acc_69eda27c974ad\" id=\"acc_title_69eda27c974ae\" @click=\"toggle\" @keydown=\"key\">\n\t\t\t\t\t\t\t\t\t<div><span class=\"button-label\">Miguel Buenrosto<\/span><\/div><span class=\"button-icon icon-plus\" aria-hidden=\"true\"><\/span>\n\t\t\t\t\t\t\t\t<\/button>\n\t\t\t\t\t\t\t\t\t<div ref=\"body\" class=\"block-accordion-item-content\" id=\"acc_69eda27c974ad\" role=\"region\">\n\t\t\t\t\t\t\t\t\t\t<div class=\"wrapper copy\">\n\t\t\t\t\t\t\t\t\t\t\t<p>Miguel Buenrostro (1984) ist ein K\u00fcnstler aus Tijuana, Mexiko, der in Berlin lebt. Seine Arbeit reflektiert den Zustand der Grenze als Ort der Wissensproduktion und der Vernetzung. Er arbeitet mit H\u00f6rpraktiken, Kino und performativen Gesten im \u00f6ffentlichen Raum. Seine Arbeiten wurden auf der Biennale Architettura di Venezia, der Mexi-Cali Biennale, dem Bauhaus Museum, Weimar, dem Mus\u00e9e National de la Rd Congo, der Konsthall C, Stockholm und dem Museo Casa Lago, CDMX gezeigt. Seine Filme wurden bei verschiedenen internationalen Filmfestivals, Ausstellungen und \u00f6ffentlichen Vorf\u00fchrungen gezeigt. Seine Vortr\u00e4ge und Performances wurden im Southern California Institute of Architecture, der RICS Academy in Br\u00fcssel, Belgien und der Anna Amalia Bibliothek in Weimar, Deutschland, pr\u00e4sentiert. Miguel ist Mitbegr\u00fcnder von \u201eNuevo Norte\u201c, einem Workshop in Zusammenarbeit mit lokalen Initiativen, die die Politik der Migration, der Grenzen und der neoliberalen Agenden in Nord- und S\u00fcdamerika untersuchen. Er ist auch Teil des Planetary Listening, einer Gruppe von internationalen, interdisziplin\u00e4ren K\u00fcnstlern und Forschern, die sich 2021 in Berlin zusammenfand, um gemeinsam \u00fcber Fragen wie diese nachzudenken: Was k\u00f6nnte es bedeuten, \u00fcber das Menschliche hinaus zu h\u00f6ren?<\/p>\n<p><a class=\"external-link\" href=\"https:\/\/pantopia-music.org\/artist\/miguel-buenrostro\/\" target=\"_blank\" rel=\"nofollow noopener\">Miguel Buenrostro | Pantopia Music (pantopia-music.org)<\/a><\/p>\n<p><a class=\"external-link\" href=\"https:\/\/miguelbuenrostro.net\/\" target=\"_blank\" rel=\"nofollow noopener\">miguelbuenrostro<\/a><\/p>\n\n\t\t\t\t\t\t\t\t\t\t\t\t\t\t\t\t\t\t\t\t\t\t\t\t\t\t\t\t\t\t\t\t\t\n\t\t\t\t\t\t\t\t\t\t\t<div class=\"row\">\n\t\t\t\t\t\t\t\t\t\t\t\t<div class=\"col-xs-9 col-md-9\">\n\t\t\t\t\t\t\t\t\t\t\t\t\t<div class=\"box\">\n\t\t\t\t\t\t\t\t\t\t\t\t\t\t\t\t\t\t\t\t\t\t\t\t\t\t\t<\/div>\n\t\t\t\t\t\t\t\t\t\t\t\t<\/div>\n\t\t\t\t\t\t\t\t\t\t\t<\/div>\n\n\t\t\t\t\t\t\t\t\t\t\t\t\t\t\t\t\t\t\t\t\t<\/div>\n\t\t\t\t\t\t\t\t\t<\/div>\n\t\t\t\t\t\t\t\t<\/div>\n\t\t\t\t\t\t\t\t<\/block-accordion-item>\n\t\t\t\t\t\t\t\t\t\t\t\t\t\t<block-accordion-item inline-template item-headline=\"Maurice Mengel\">\n\t\t\t\t\t\t\t\t<div ref=\"item\" data-id=\"MauriceMengel\" class=\"block-accordion-item vue-initialize\" aria-expanded=\"false\" :aria-expanded=\"active ? 'true' : 'false'\">\n\t\t\t\t\t\t\t\t\t<button class=\"accordion-button-with-icon block-accordion-item-head\" :class=\"{'button-active': active}\" ref=\"head\" aria-controls=\"acc_69eda27c976ff\" id=\"acc_title_69eda27c97700\" @click=\"toggle\" @keydown=\"key\">\n\t\t\t\t\t\t\t\t\t<div><span class=\"button-label\">Maurice Mengel<\/span><\/div><span class=\"button-icon icon-plus\" aria-hidden=\"true\"><\/span>\n\t\t\t\t\t\t\t\t<\/button>\n\t\t\t\t\t\t\t\t\t<div ref=\"body\" class=\"block-accordion-item-content\" id=\"acc_69eda27c976ff\" role=\"region\">\n\t\t\t\t\t\t\t\t\t\t<div class=\"wrapper copy\">\n\t\t\t\t\t\t\t\t\t\t\t<p>Maurice Mengel ist Leiter der Abteilung Medien: Musikethnologie, Berliner-Phonogramm-Archiv und Visuelle Anthropologie des Ethnologisches Museums und des Museums f\u00fcr Asiatische Kunst der Staatlichen Museen zu Berlin.<\/p>\n\n\t\t\t\t\t\t\t\t\t\t\t\t\t\t\t\t\t\t\t\t\t\t\t\t\t\t\t\t\t\t\t\t\t\n\t\t\t\t\t\t\t\t\t\t\t<div class=\"row\">\n\t\t\t\t\t\t\t\t\t\t\t\t<div class=\"col-xs-9 col-md-9\">\n\t\t\t\t\t\t\t\t\t\t\t\t\t<div class=\"box\">\n\t\t\t\t\t\t\t\t\t\t\t\t\t\t\t\t\t\t\t\t\t\t\t\t\t\t\t<\/div>\n\t\t\t\t\t\t\t\t\t\t\t\t<\/div>\n\t\t\t\t\t\t\t\t\t\t\t<\/div>\n\n\t\t\t\t\t\t\t\t\t\t\t\t\t\t\t\t\t\t\t\t\t<\/div>\n\t\t\t\t\t\t\t\t\t<\/div>\n\t\t\t\t\t\t\t\t<\/div>\n\t\t\t\t\t\t\t\t<\/block-accordion-item>\n\t\t\t\t\t\t\t\t\t\t\t\t\t<\/div>\n\t\t\t\t\t\t<\/block-accordion>\n\t\t\t\t\t\t\t\t\t<\/div>\n\t\t\t<\/div>\n\t\t<\/div>\n\t<\/div>\n<\/section>\n\n\n<section class=\"block block-headline block-no-margin \" >\n\t<div class=\"container-fluid\">\n\t\t<div class=\"row\">\n\t\t\t\t\t\t\t<div class=\"col-xs-12 col-md-offset-2 col-md-8\">\n\t\t\t\t\t<div class=\"box\">\n\t\t\t\t\t\t<h2 class=\".h4\">Partner<\/h2>\n\t\t\t\t\t<\/div>\n\t\t\t\t<\/div>\n\t\t\t\t\t<\/div>\n\t<\/div>\n<\/section>\n\n\n\n\n<section class=\"block block-logos\" >\n    <div class=\"container-fluid\">\n\t\t<div class=\"row\">\n\t\t\t<div class=\"col-xs-12 col-sm-8 col-sm-offset-2\">\n\t\t\t\t<div class=\"box\">\n\t\t\t\t\t<div class=\"row  middle-xs\">\n\t\t\t\t\t\t\n\t\t\t\t\t\t<div class=\"col-xs-4 col-sm-3 col-sm-2\">\n\t\t\t\t\t\t\t<div class=\"box margin-sixth-top\">\n\t\t\t\t\t\t\t\t<img decoding=\"async\" alt=\"PANTOPIA Music\" src=\"https:\/\/www.humboldtforum.org\/wp-content\/uploads\/2024\/05\/SHF_eb00224142.png\" style=\"display: inline-block; width: 100%\" \/>\n\t\t\t\t\t\t\t<\/div>\n\t\t\t\t\t\t<\/div>\n\t\t\t\t\t\t\t\t\t\t\t<\/div>\n\t\t\t\t<\/div>\n\t\t\t<\/div>\n        <\/div>\n    <\/div>\n<\/section>\n\n\n<section class=\"block block-teaser col-1 has-bg\" style=\"--teaser-bg:#f2f2f2\">\n\t<lazy-component :fixed-min-height=\"400\">\n\t\n\t\t\t\t\t<div class=\"container-fluid\">\n\t\t\t\t<div class=\"row bottom-xs\">\n\t\t\t\t\t<div class=\"col-xs-12 col-sm-10 col-md-8 col-sm-offset-1 col-md-offset-2\">\n\t\t\t\t\t\t<h4>geh\u00f6rt zu<\/h4>\t\t\t\t\t\t\t\t\t\t\t\t\t\t\t\t\t\t\t<\/div>\n\t\t\t\t\t<div class=\"col-xs-12 col-sm-10 col-md-8 col-sm-offset-1 col-md-offset-2 start-xs end-md margin-bottom-sixth\">\n\t\t\t\t\t\t\t\t\t\t\t<\/div>\n\t\t\t\t<\/div>\n\t\t\t\t<ul class=\"row\">\n\t\t\t\n<li class=\"col-xs-12 teaser-wrapper col-padding-remove\">\n\t<calendarteaser key=\"613152299\" rawitem='{&quot;postId&quot;:61315,&quot;title&quot;:&quot;SP\\u00c4TI&quot;,&quot;excerpt&quot;:&quot;&quot;,&quot;slug&quot;:&quot;spaeti&quot;,&quot;type&quot;:&quot;event-sequence&quot;,&quot;post_date&quot;:&quot;2022-11-10T13:48&quot;,&quot;permalink&quot;:&quot;https:\\\/\\\/www.humboldtforum.org\\\/de\\\/programm\\\/event-reihe\\\/sonstige\\\/spaeti-61315\\\/&quot;,&quot;genre&quot;:[379],&quot;genre_details&quot;:[{&quot;text&quot;:&quot;Sonstige&quot;,&quot;id&quot;:379,&quot;icon&quot;:null,&quot;parent&quot;:0}],&quot;stakeholder&quot;:[382],&quot;stakeholder_details&quot;:[{&quot;text&quot;:&quot;Stiftung Humboldt Forum im Berliner Schloss&quot;,&quot;id&quot;:382,&quot;icon&quot;:null,&quot;parent&quot;:0}],&quot;language&quot;:[384,385],&quot;language_details&quot;:[{&quot;text&quot;:&quot;Deutsch&quot;,&quot;id&quot;:384,&quot;icon&quot;:null,&quot;parent&quot;:0},{&quot;text&quot;:&quot;Englisch&quot;,&quot;id&quot;:385,&quot;icon&quot;:null,&quot;parent&quot;:0}],&quot;place&quot;:[957],&quot;place_details&quot;:{&quot;place&quot;:&quot;Humboldt Forum&quot;,&quot;map&quot;:&quot;Humboldt Forum, Schlossplatz, Berlin&quot;,&quot;room&quot;:&quot;Foyer&quot;},&quot;icon_overwrite&quot;:&quot;&quot;,&quot;acf&quot;:{&quot;noindex&quot;:false,&quot;keywords&quot;:&quot;&quot;,&quot;belongsto&quot;:false,&quot;shorturl&quot;:&quot;spaeti&quot;,&quot;additional_info&quot;:{&quot;icon&quot;:&quot;icon-serientermin&quot;,&quot;text&quot;:&quot;zwei Mal im Monat im Foyer&quot;},&quot;highlight_header&quot;:false,&quot;featured_images&quot;:[61611],&quot;use_video_in_teasers&quot;:false,&quot;hyphenation&quot;:true,&quot;manual_period&quot;:true,&quot;tipp&quot;:false,&quot;joker&quot;:false,&quot;live&quot;:false,&quot;hide_event_in_program&quot;:false,&quot;tickettext&quot;:&quot;kostenfrei&quot;,&quot;events&quot;:[58355,62468,67286,123647,127519,127859,129892,135431,144096,144599,151422,153984,154180,155945,156341,158048,161183],&quot;overwrite_date&quot;:&quot;Veranstaltungsreihe&quot;,&quot;announcement&quot;:&quot;Veranstaltungsreihe&quot;},&quot;date&quot;:{&quot;NLAST&quot;:&quot;202704260000&quot;,&quot;NX&quot;:&quot;20270426&quot;,&quot;from_DATE&quot;:&quot;20260426 05:28&quot;,&quot;from&quot;:1777166880,&quot;to&quot;:1808683200,&quot;to_DATE&quot;:&quot;20270426 00:00&quot;,&quot;from_HRFSHORT&quot;:&quot;26. Apr 2026&quot;,&quot;from_HRFSHORT_WD&quot;:&quot;So 26.04.2026&quot;,&quot;to_HRFSHORT&quot;:&quot;25. Apr 2027&quot;,&quot;to_HRFSHORT_WD&quot;:&quot;So 25.04.2027&quot;,&quot;from_HRF&quot;:&quot;So, 26. April 2026&quot;,&quot;to_HRF&quot;:&quot;So, 25. April 2027&quot;,&quot;from_to_HRF&quot;:&quot;So, 26. April 2026 \\u2013 So, 25. April 2027&quot;,&quot;from_to_HRFSHORT&quot;:&quot;26. Apr 2026 \\u2013 25. Apr 2027&quot;},&quot;alert&quot;:null,&quot;partof&quot;:[],&quot;marketing_topic&quot;:&quot;&quot;}' inline-template>\n\t<a href=\"https:\/\/www.humboldtforum.org\/de\/programm\/event-reihe\/sonstige\/spaeti-61315\/\" class=\"teaser teaser-event-sequence teaser-event-standard\">\n\t\t<div class=\"row\">\n\t\t\t<div class=\"col-xs-12 col-sm-6 col-md-5 col-sm-offset-1 col-md-offset-2 first-sm teaser-event-text Infos\">\n\t\t\t\t<div class=\"teaser-event-standard-text\">\n\t\t\t\t\t<div class=\"margin-bottom-atom\">\n\t\t\t\t\t\t<div class=\"subline clamp-1\" v-html=\"maingenre\"><\/div>\n\t\t\t\t\t\t\t\t\t\t\t<\/div>\n\t\t\t\t\n\t\t\t\t\t<strong class=\"margin-bottom-atom h5\">SP\u00c4TI<\/strong>\n\n\t\t\t\t\t\t\t\t\t<\/div>\n\t\t\t\t<div class=\"teaser-bottom border-bottom\">\n\t\t\t\t<calendardateline :rawitem='item' :show-icon=\"true\"><\/calendardateline>\n\t\t\t\t\t<hr>\n\t\t\t\t<\/div>\n\t\t\t<\/div>\n\t\t\t<div class=\"col-xs-12 col-sm-4 col-md-3 teaser-event-image bottom-xs first-xs\">\n\t\t\t\t<div class=\"teaser-image teaser-image-no-alternate\">\n\t\t\t\t\t\t\t\t\t\t\t\n\t<lazy-media-inline inline-template>\n\t\t<figure itemscope itemtype=\"http:\/\/schema.org\/ImageObject\" class=\"lazy-media-inline \" role=\"group\" id=\"media_69eda27ca727e\" aria-labelledby=\"desc_media_69eda27ca727e\">\n\t\t\t<script type=\"application\/json\" ref=\"data\">\n\t\t\t\t{\n\t\t\t\t\"sizes\" : {\"medium\":{\"file\":\"HF_Spati_Schildmontage_221110-215x300.jpg\",\"width\":215,\"height\":300,\"mime-type\":\"image\\\/jpeg\",\"filesize\":22291},\"large\":{\"file\":\"HF_Spati_Schildmontage_221110-733x1024.jpg\",\"width\":733,\"height\":1024,\"mime-type\":\"image\\\/jpeg\",\"filesize\":196369},\"thumbnail\":{\"file\":\"HF_Spati_Schildmontage_221110-150x150.jpg\",\"width\":150,\"height\":150,\"mime-type\":\"image\\\/jpeg\",\"filesize\":9076},\"medium_large\":{\"file\":\"HF_Spati_Schildmontage_221110-768x1073.jpg\",\"width\":768,\"height\":1073,\"mime-type\":\"image\\\/jpeg\",\"filesize\":214032},\"small\":{\"file\":\"HF_Spati_Schildmontage_221110-315x440.jpg\",\"width\":315,\"height\":440,\"mime-type\":\"image\\\/jpeg\",\"filesize\":44323},\"semi\":{\"file\":\"HF_Spati_Schildmontage_221110-415x580.jpg\",\"width\":415,\"height\":580,\"mime-type\":\"image\\\/jpeg\",\"filesize\":72063},\"mobile\":{\"file\":\"HF_Spati_Schildmontage_221110-516x720.jpg\",\"width\":516,\"height\":720,\"mime-type\":\"image\\\/jpeg\",\"filesize\":105210},\"hd\":{\"file\":\"HF_Spati_Schildmontage_221110-917x1280.jpg\",\"width\":917,\"height\":1280,\"mime-type\":\"image\\\/jpeg\",\"filesize\":289751},\"1536x1536\":{\"file\":\"HF_Spati_Schildmontage_221110-1100x1536.jpg\",\"width\":1100,\"height\":1536,\"mime-type\":\"image\\\/jpeg\",\"filesize\":394011},\"original\":{\"file\":\"HF_Spati_Schildmontage_221110.jpg\",\"width\":1324,\"height\":1849}},\n\t\t\t\t\"alt\" : \"Eingang eines historischen Geb\\u00e4udes mit dem Schild \\\"Sp\\u00e4tkauf\\\" und Passanten im Vordergrund.\",\n\t\t\t\t\"path\" : \"\\\/wp-content\\\/uploads\\\/2022\\\/11\\\/\",\n\t\t\t\t\"video\" : null,\n\t\t\t\t\"autoplay\" : null,\n\t\t\t\t\"youtube\" : null,\n\t\t\t\t\"youtubelabel\" : \"Video abspielen\",\n\t\t\t\t\"brightness\" : 100,\n\t\t\t\t\"crop\" : {\"top\":\"70.49\",\"left\":\"51.62\"},\n\t\t\t\t\"background\" : true,\n\t\t\t\t\"scale\" : 2\t\t\t\t}\n\t\t\t<\/script>\n\n\t\t\t<div class=\"height-container\" style=\"padding-bottom:139.65256797583%;\" v-if=\"sizes\">\n\t\t\t\t\t\t\t\t<lazy-media :inline=\"true\" :alt=\"alt\" :sizes=\"sizes\" :scale=\"scale\" :brightness=\"brightness\" :path=\"path\" :video=\"video\" :autoplay=\"autoplay\" :youtube=\"youtube\" :crop=\"crop\" :youtubelabel=\"youtubelabel\" :background=\"background\" media-id=\"desc_media_69eda27ca727e\"><\/lazy-media>\n\t\t\t\t\t\t\t<\/div>\n\n\t\t\t\t\t\t\t<figcaption class=\"sr-only\" ref=\"body\" id=\"desc_media_69eda27ca727e\">\n\t\t\t\t\t\t\t\t\t\t\t\t\t\t\t\t\t\t\t\t\t<div class=\"insignificant\">\u00a9 Stiftung Humboldt Forum im Berliner Schloss, Foto: Alexander Schippel<\/div>\n\t\t\t\t\t\t\t\t\t<\/figcaption>\n\t\t\t\t\t<\/figure>\n\t<\/lazy-media-inline>\n\t\t\t\t<\/div>\n\t\t\t<\/div>\n\t\t<\/div>\n\t<\/a>\n\t<\/calendarteaser>\n<\/li>\n\n\t\t\t\t<\/ul>\n\t\t\t<\/div>\n\t\t\t\t<\/lazy-component>\n<\/section>\n\n\n\n<section class=\"block block-CTA block-CTA-long leftgradient\">\n\t<div class=\"container-fluid\">\n\t\t<div class=\"row center-xs\">\n\t\t\t<div class=\"col-xs-12\">\n\t\t\t\t<div class=\"box\">\n\t\t\t\t\t<a href=\"https:\/\/www.humboldtforum.org\/de\/newsletter-2\/\" aria-label=\"Bleiben Sie auf dem Laufenden!\" class=\"teaser teaser-cta-wide \">\n\t\t\t\t\t\t<div class=\"teaser-image\">\n\t\t\t\t\t\t\t\n\t<lazy-media-inline inline-template>\n\t\t<figure itemscope itemtype=\"http:\/\/schema.org\/ImageObject\" class=\"lazy-media-inline \" role=\"group\" id=\"media_69eda27ca8c67\" aria-labelledby=\"desc_media_69eda27ca8c67\">\n\t\t\t<script type=\"application\/json\" ref=\"data\">\n\t\t\t\t{\n\t\t\t\t\"sizes\" : {\"medium\":{\"file\":\"HF_eb00061823-scaled-300x200.jpg\",\"width\":300,\"height\":200,\"mime-type\":\"image\\\/jpeg\",\"filesize\":19186},\"large\":{\"file\":\"HF_eb00061823-scaled-1024x683.jpg\",\"width\":1024,\"height\":683,\"mime-type\":\"image\\\/jpeg\",\"filesize\":138597},\"thumbnail\":{\"file\":\"HF_eb00061823-scaled-150x150.jpg\",\"width\":150,\"height\":150,\"mime-type\":\"image\\\/jpeg\",\"filesize\":8513},\"medium_large\":{\"file\":\"HF_eb00061823-scaled-768x512.jpg\",\"width\":768,\"height\":512,\"mime-type\":\"image\\\/jpeg\",\"filesize\":86200},\"small\":{\"file\":\"HF_eb00061823-scaled-440x293.jpg\",\"width\":440,\"height\":293,\"mime-type\":\"image\\\/jpeg\",\"filesize\":35525},\"semi\":{\"file\":\"HF_eb00061823-scaled-580x387.jpg\",\"width\":580,\"height\":387,\"mime-type\":\"image\\\/jpeg\",\"filesize\":55724},\"mobile\":{\"file\":\"HF_eb00061823-scaled-720x480.jpg\",\"width\":720,\"height\":480,\"mime-type\":\"image\\\/jpeg\",\"filesize\":77971},\"hd\":{\"file\":\"HF_eb00061823-scaled-1280x854.jpg\",\"width\":1280,\"height\":854,\"mime-type\":\"image\\\/jpeg\",\"filesize\":202477},\"full\":{\"file\":\"HF_eb00061823-scaled-1920x1280.jpg\",\"width\":1920,\"height\":1280,\"mime-type\":\"image\\\/jpeg\",\"filesize\":386736},\"1536x1536\":{\"file\":\"HF_eb00061823-scaled-1536x1024.jpg\",\"width\":1536,\"height\":1024,\"mime-type\":\"image\\\/jpeg\",\"filesize\":266197},\"2048x2048\":{\"file\":\"HF_eb00061823-scaled-2048x1366.jpg\",\"width\":2048,\"height\":1366,\"mime-type\":\"image\\\/jpeg\",\"filesize\":430206},\"original\":{\"file\":\"HF_eb00061823-scaled.jpg\",\"width\":2560,\"height\":1707}},\n\t\t\t\t\"alt\" : \"Blick in das beleuchtete Foyer von der Galerie im ersten Stock mit Besuchenden, Infopoint und Medienturm\",\n\t\t\t\t\"path\" : \"\\\/wp-content\\\/uploads\\\/2020\\\/04\\\/\",\n\t\t\t\t\"video\" : null,\n\t\t\t\t\"autoplay\" : null,\n\t\t\t\t\"youtube\" : null,\n\t\t\t\t\"youtubelabel\" : \"Video abspielen\",\n\t\t\t\t\"brightness\" : \"70\",\n\t\t\t\t\"crop\" : {\"top\":\"90.37\",\"left\":\"39.93\"},\n\t\t\t\t\"background\" : true,\n\t\t\t\t\"scale\" : 2\t\t\t\t}\n\t\t\t<\/script>\n\n\t\t\t<div class=\"height-container\" style=\"padding-bottom:66.6796875%;\" v-if=\"sizes\">\n\t\t\t\t\t\t\t\t<lazy-media :inline=\"true\" :alt=\"alt\" :sizes=\"sizes\" :scale=\"scale\" :brightness=\"brightness\" :path=\"path\" :video=\"video\" :autoplay=\"autoplay\" :youtube=\"youtube\" :crop=\"crop\" :youtubelabel=\"youtubelabel\" :background=\"background\" media-id=\"desc_media_69eda27ca8c67\"><\/lazy-media>\n\t\t\t\t\t\t\t<\/div>\n\n\t\t\t\t\t\t\t<figcaption class=\"sr-only\" ref=\"body\" id=\"desc_media_69eda27ca8c67\">\n\t\t\t\t\t\t\t\t\t\t\t<div>Blick in das Foyer, November 2019.<\/div>\n\t\t\t\t\t\t\t\t\t\t\t\t\t\t\t\t\t\t\t\t\t<div class=\"insignificant\">\u00a9 Stiftung Humboldt Forum im Berliner Schloss \/ David von Becker<\/div>\n\t\t\t\t\t\t\t\t\t<\/figcaption>\n\t\t\t\t\t<\/figure>\n\t<\/lazy-media-inline>\n\t\t\t\t\t\t<\/div>\n\t\t\t\t\t\t<div class=\"teaser-content \">\n\t\t\t\t\t\t\t<div>\n\t\t\t\t\t\t\t\t\t\t\t\t\t\t\t\t<div class=\"teaser-header\"><span class=\"h3\">Bleiben Sie auf dem Laufenden!<\/span><\/div>\n\t\t\t\t\t\t\t\t<div class=\"teaser-subline\"><span class=\"font-decoration\">Abonnieren Sie unseren Newsletter.<\/span><\/div>\t\t\t\t\t\t\t\t<button tabindex=\"-1\" class=\"border\">Hier klicken<\/button>\n\t\t\t\t\t\t\t<\/div>\n\t\t\t\t\t\t<\/div>\n\t\t\t\t\t<\/a>\n\t\t\t\t<\/div>\n\t\t\t<\/div>\n\t\t<\/div>\n\t<\/div>\n<\/section>\n","protected":false},"template":"","genre":[1078],"digital":[],"topic":[],"stakeholder":[382],"editorial":[],"editorialfilter":[],"targetgroup":[383,455],"language":[384,385],"accessability":[1716],"age":[1601],"school":[],"groupsize":[],"place":[1558],"class_list":["post-129892","event","type-event","status-publish","hentry","genre-gespraech","stakeholder-stiftung-humboldt-forum-im-berliner-schloss","targetgroup-erwachsene","targetgroup-jugendliche","language-deutsch","language-englisch","accessability-fuer-menschen-mit-sehbehinderung","age-ab-12-jahre","place-mechanische-arena-im-foyer"],"acf":[],"_links":{"self":[{"href":"https:\/\/www.humboldtforum.org\/de\/wp-json\/wp\/v2\/event\/129892","targetHints":{"allow":["GET"]}}],"collection":[{"href":"https:\/\/www.humboldtforum.org\/de\/wp-json\/wp\/v2\/event"}],"about":[{"href":"https:\/\/www.humboldtforum.org\/de\/wp-json\/wp\/v2\/types\/event"}],"version-history":[{"count":12,"href":"https:\/\/www.humboldtforum.org\/de\/wp-json\/wp\/v2\/event\/129892\/revisions"}],"predecessor-version":[{"id":131972,"href":"https:\/\/www.humboldtforum.org\/de\/wp-json\/wp\/v2\/event\/129892\/revisions\/131972"}],"wp:attachment":[{"href":"https:\/\/www.humboldtforum.org\/de\/wp-json\/wp\/v2\/media?parent=129892"}],"wp:term":[{"taxonomy":"genre","embeddable":true,"href":"https:\/\/www.humboldtforum.org\/de\/wp-json\/wp\/v2\/genre?post=129892"},{"taxonomy":"digital","embeddable":true,"href":"https:\/\/www.humboldtforum.org\/de\/wp-json\/wp\/v2\/digital?post=129892"},{"taxonomy":"topic","embeddable":true,"href":"https:\/\/www.humboldtforum.org\/de\/wp-json\/wp\/v2\/topic?post=129892"},{"taxonomy":"stakeholder","embeddable":true,"href":"https:\/\/www.humboldtforum.org\/de\/wp-json\/wp\/v2\/stakeholder?post=129892"},{"taxonomy":"editorial","embeddable":true,"href":"https:\/\/www.humboldtforum.org\/de\/wp-json\/wp\/v2\/editorial?post=129892"},{"taxonomy":"editorialfilter","embeddable":true,"href":"https:\/\/www.humboldtforum.org\/de\/wp-json\/wp\/v2\/editorialfilter?post=129892"},{"taxonomy":"targetgroup","embeddable":true,"href":"https:\/\/www.humboldtforum.org\/de\/wp-json\/wp\/v2\/targetgroup?post=129892"},{"taxonomy":"language","embeddable":true,"href":"https:\/\/www.humboldtforum.org\/de\/wp-json\/wp\/v2\/language?post=129892"},{"taxonomy":"accessability","embeddable":true,"href":"https:\/\/www.humboldtforum.org\/de\/wp-json\/wp\/v2\/accessability?post=129892"},{"taxonomy":"age","embeddable":true,"href":"https:\/\/www.humboldtforum.org\/de\/wp-json\/wp\/v2\/age?post=129892"},{"taxonomy":"school","embeddable":true,"href":"https:\/\/www.humboldtforum.org\/de\/wp-json\/wp\/v2\/school?post=129892"},{"taxonomy":"groupsize","embeddable":true,"href":"https:\/\/www.humboldtforum.org\/de\/wp-json\/wp\/v2\/groupsize?post=129892"},{"taxonomy":"place","embeddable":true,"href":"https:\/\/www.humboldtforum.org\/de\/wp-json\/wp\/v2\/place?post=129892"}],"curies":[{"name":"wp","href":"https:\/\/api.w.org\/{rel}","templated":true}]}}