{"id":131228,"date":"2024-06-11T13:50:56","date_gmt":"2024-06-11T11:50:56","guid":{"rendered":"https:\/\/www.humboldtforum.org\/?post_type=event&#038;p=131228"},"modified":"2025-11-12T15:40:46","modified_gmt":"2025-11-12T14:40:46","slug":"teachers-night-im-humboldt-forum","status":"publish","type":"event","link":"https:\/\/www.humboldtforum.org\/de\/programm\/termin\/bildung\/teachers-night-im-humboldt-forum-131228\/","title":{"rendered":"Teachers&#8216; Night im Humboldt Forum"},"content":{"rendered":"<section class=\"block block-header-headline\" >\n    <div class=\"container-fluid\">\n        <div class=\"row\">\n\t\t\t\n                            <div class=\"col-xs-12 col-md-offset-2 col-md-8\">\n                    <div class=\"box\">\n                        <h1>Kulturelle Bildung im Humboldt Forum ist vielf\u00e4ltig, verbindend und macht Spa\u00df!<\/h1>\n                    <\/div>\n                <\/div>\n                    <\/div>\n    <\/div>\n<\/section>\n\n\n\n\n\n<section class=\"block block-anchor-nav\" aria-hidden=\"true\">\n\t<div class=\"container-fluid\">\n\t\t<div class=\"row\">\n\t\t\t<div class=\"col-xs-12 col-md-offset-2 col-md-8\">\n\t\t\t\t<block-anchor-nav inline-template>\n\t\t\t\t\t<div>\n\t\t\t\t\t\t<div class=\"anchor-nav-relative\" :class=\"{'isSticky': sticky}\" ref=\"view\">\n\t\t\t\t\t\t\t<div class=\"anchor-nav-title\" @click=\"toggle\" ref=\"head\">Auf dieser Seite<\/div>\n\t\t\t\t\t\t\t<div class=\"anchor-nav\" ref=\"body\">\n\t\t\t\t\t\t\t\t<ul class=\"anchor-nav-list\">\n\t\t\t\t\t\t\t\t\t\t\t\t\t\t\t\t\t\t\t<li class=\"anchor-nav-list-item\">\n\t\t\t\t\t\t\t\t\t\t\t<button @click=\"select('Zeitlicher Ablauf')\">\n\t\t\t\t\t\t\t\t\t\t\t\t<span class=\"button-icon icon-bullet_normal\" aria-hidden=\"true\"><\/span>\n\t\t\t\t\t\t\t\t\t\t\t\t<span class=\"button-label\">Zeitlicher Ablauf<\/span>\n\t\t\t\t\t\t\t\t\t\t\t<\/button>\n\t\t\t\t\t\t\t\t\t\t<\/li>\n\t\t\t\t\t\t\t\t\t\t\t\t\t\t\t\t\t\t\t<li class=\"anchor-nav-list-item\">\n\t\t\t\t\t\t\t\t\t\t\t<button @click=\"select('Kurzf\u00fchrungen')\">\n\t\t\t\t\t\t\t\t\t\t\t\t<span class=\"button-icon icon-bullet_normal\" aria-hidden=\"true\"><\/span>\n\t\t\t\t\t\t\t\t\t\t\t\t<span class=\"button-label\">Kurzf\u00fchrungen<\/span>\n\t\t\t\t\t\t\t\t\t\t\t<\/button>\n\t\t\t\t\t\t\t\t\t\t<\/li>\n\t\t\t\t\t\t\t\t\t\t\t\t\t\t\t\t\t\t\t<li class=\"anchor-nav-list-item\">\n\t\t\t\t\t\t\t\t\t\t\t<button @click=\"select('Performances')\">\n\t\t\t\t\t\t\t\t\t\t\t\t<span class=\"button-icon icon-bullet_normal\" aria-hidden=\"true\"><\/span>\n\t\t\t\t\t\t\t\t\t\t\t\t<span class=\"button-label\">Performances<\/span>\n\t\t\t\t\t\t\t\t\t\t\t<\/button>\n\t\t\t\t\t\t\t\t\t\t<\/li>\n\t\t\t\t\t\t\t\t\t\t\t\t\t\t\t\t\t\t\t<li class=\"anchor-nav-list-item\">\n\t\t\t\t\t\t\t\t\t\t\t<button @click=\"select('Drop-Ins')\">\n\t\t\t\t\t\t\t\t\t\t\t\t<span class=\"button-icon icon-bullet_normal\" aria-hidden=\"true\"><\/span>\n\t\t\t\t\t\t\t\t\t\t\t\t<span class=\"button-label\">Drop-Ins<\/span>\n\t\t\t\t\t\t\t\t\t\t\t<\/button>\n\t\t\t\t\t\t\t\t\t\t<\/li>\n\t\t\t\t\t\t\t\t\t\t\t\t\t\t\t\t\t\t\t<li class=\"anchor-nav-list-item\">\n\t\t\t\t\t\t\t\t\t\t\t<button @click=\"select('Praxisseminare')\">\n\t\t\t\t\t\t\t\t\t\t\t\t<span class=\"button-icon icon-bullet_normal\" aria-hidden=\"true\"><\/span>\n\t\t\t\t\t\t\t\t\t\t\t\t<span class=\"button-label\">Praxisseminare<\/span>\n\t\t\t\t\t\t\t\t\t\t\t<\/button>\n\t\t\t\t\t\t\t\t\t\t<\/li>\n\t\t\t\t\t\t\t\t\t\t\t\t\t\t\t\t\t\t\t<li class=\"anchor-nav-list-item\">\n\t\t\t\t\t\t\t\t\t\t\t<button @click=\"select('Beteiligte')\">\n\t\t\t\t\t\t\t\t\t\t\t\t<span class=\"button-icon icon-bullet_normal\" aria-hidden=\"true\"><\/span>\n\t\t\t\t\t\t\t\t\t\t\t\t<span class=\"button-label\">Beteiligte<\/span>\n\t\t\t\t\t\t\t\t\t\t\t<\/button>\n\t\t\t\t\t\t\t\t\t\t<\/li>\n\t\t\t\t\t\t\t\t\t\t\t\t\t\t\t\t\t<\/ul>\n\t\t\t\t\t\t\t<\/div>\n\t\t\t\t\t\t<\/div>\n\n\t\t\t\t\t\t<div class=\"anchor-nav-accordion\" aria-expanded=\"false\" :class=\"{'isSticky': sticky}\"  :aria-expanded=\"active ? 'true' : 'false'\">\n\t\t\t\t\t\t\t<div class=\"container-fluid\">\n\t\t\t\t\t\t\t\t<div class=\"row\">\n\t\t\t\t\t\t\t\t\t<div class=\"col-xs-12 col-md-offset-2 col-md-8\">\n\t\t\t\t\t\t\t\t\t\t<button class=\"anchor-nav-title\" @click=\"toggle\" ref=\"head\"><span class=\"button-label\">Auf dieser Seite<\/span><span class=\"button-icon icon-arrow_standart\" aria-hidden=\"true\"><\/span><\/button>\n\t\t\t\t\t\t\t\t\t\t<div class=\"anchor-nav\" ref=\"body\">\n\t\t\t\t\t\t\t\t\t\t\t<ul class=\"anchor-nav-list\">\n\t\t\t\t\t\t\t\t\t\t\t\t\t\t\t\t\t\t\t\t\t\t\t\t\t<li class=\"anchor-nav-list-item\">\n\t\t\t\t\t\t\t\t\t\t\t\t\t\t<button @click=\"select('Zeitlicher Ablauf')\">\n\t\t\t\t\t\t\t\t\t\t\t\t\t\t\t<span class=\"button-icon icon-bullet_normal\" aria-hidden=\"true\"><\/span>\n\t\t\t\t\t\t\t\t\t\t\t\t\t\t\t<span class=\"button-label\">Zeitlicher Ablauf<\/span>\n\t\t\t\t\t\t\t\t\t\t\t\t\t\t<\/button>\n\t\t\t\t\t\t\t\t\t\t\t\t\t<\/li>\n\t\t\t\t\t\t\t\t\t\t\t\t\t\t\t\t\t\t\t\t\t\t\t\t\t<li class=\"anchor-nav-list-item\">\n\t\t\t\t\t\t\t\t\t\t\t\t\t\t<button @click=\"select('Kurzf\u00fchrungen')\">\n\t\t\t\t\t\t\t\t\t\t\t\t\t\t\t<span class=\"button-icon icon-bullet_normal\" aria-hidden=\"true\"><\/span>\n\t\t\t\t\t\t\t\t\t\t\t\t\t\t\t<span class=\"button-label\">Kurzf\u00fchrungen<\/span>\n\t\t\t\t\t\t\t\t\t\t\t\t\t\t<\/button>\n\t\t\t\t\t\t\t\t\t\t\t\t\t<\/li>\n\t\t\t\t\t\t\t\t\t\t\t\t\t\t\t\t\t\t\t\t\t\t\t\t\t<li class=\"anchor-nav-list-item\">\n\t\t\t\t\t\t\t\t\t\t\t\t\t\t<button @click=\"select('Performances')\">\n\t\t\t\t\t\t\t\t\t\t\t\t\t\t\t<span class=\"button-icon icon-bullet_normal\" aria-hidden=\"true\"><\/span>\n\t\t\t\t\t\t\t\t\t\t\t\t\t\t\t<span class=\"button-label\">Performances<\/span>\n\t\t\t\t\t\t\t\t\t\t\t\t\t\t<\/button>\n\t\t\t\t\t\t\t\t\t\t\t\t\t<\/li>\n\t\t\t\t\t\t\t\t\t\t\t\t\t\t\t\t\t\t\t\t\t\t\t\t\t<li class=\"anchor-nav-list-item\">\n\t\t\t\t\t\t\t\t\t\t\t\t\t\t<button @click=\"select('Drop-Ins')\">\n\t\t\t\t\t\t\t\t\t\t\t\t\t\t\t<span class=\"button-icon icon-bullet_normal\" aria-hidden=\"true\"><\/span>\n\t\t\t\t\t\t\t\t\t\t\t\t\t\t\t<span class=\"button-label\">Drop-Ins<\/span>\n\t\t\t\t\t\t\t\t\t\t\t\t\t\t<\/button>\n\t\t\t\t\t\t\t\t\t\t\t\t\t<\/li>\n\t\t\t\t\t\t\t\t\t\t\t\t\t\t\t\t\t\t\t\t\t\t\t\t\t<li class=\"anchor-nav-list-item\">\n\t\t\t\t\t\t\t\t\t\t\t\t\t\t<button @click=\"select('Praxisseminare')\">\n\t\t\t\t\t\t\t\t\t\t\t\t\t\t\t<span class=\"button-icon icon-bullet_normal\" aria-hidden=\"true\"><\/span>\n\t\t\t\t\t\t\t\t\t\t\t\t\t\t\t<span class=\"button-label\">Praxisseminare<\/span>\n\t\t\t\t\t\t\t\t\t\t\t\t\t\t<\/button>\n\t\t\t\t\t\t\t\t\t\t\t\t\t<\/li>\n\t\t\t\t\t\t\t\t\t\t\t\t\t\t\t\t\t\t\t\t\t\t\t\t\t<li class=\"anchor-nav-list-item\">\n\t\t\t\t\t\t\t\t\t\t\t\t\t\t<button @click=\"select('Beteiligte')\">\n\t\t\t\t\t\t\t\t\t\t\t\t\t\t\t<span class=\"button-icon icon-bullet_normal\" aria-hidden=\"true\"><\/span>\n\t\t\t\t\t\t\t\t\t\t\t\t\t\t\t<span class=\"button-label\">Beteiligte<\/span>\n\t\t\t\t\t\t\t\t\t\t\t\t\t\t<\/button>\n\t\t\t\t\t\t\t\t\t\t\t\t\t<\/li>\n\t\t\t\t\t\t\t\t\t\t\t\t\t\t\t\t\t\t\t\t\t\t\t<\/ul>\n\t\t\t\t\t\t\t\t\t\t<\/div>\n\t\t\t\t\t\t\t\t\t<\/div>\n\t\t\t\t\t\t\t\t<\/div>\n\t\t\t\t\t\t\t<\/div>\n\t\t\t\t\t\t<\/div>\n\t\t\t\t\t<\/div>\n\t\t\t\t<\/block-anchor-nav>\n\t\t\t<\/div>\n\t\t<\/div>\n\t<\/div>\n<\/section>\n\n<section class=\"block block-copy\" >\n    <div class=\"container-fluid\">\n\t\t<div class=\"row \">\n            <div class=\"col-xs-12 col-md-offset-2 col-md-8\">\n                <div class=\"box\">\n                    <div class=\"copy\"><p><span style=\"color: #172b4d\">Lehrkr\u00e4fte, Erzieher*innen und alle Interessierten sind herzlich eingeladen, die vielf\u00e4ltigen Angebote kultureller Bildung im Humboldt Forum kennenzulernen. Nach dem erfolgreichen Auftakt der ersten Teachers\u2019 Night im vergangenen Jahr \u00f6ffnet das Forum erneut seine T\u00fcren f\u00fcr einen inspirierenden Abend: Kompakte F\u00fchrungen, Performances und praxisnahe Kurzseminare geben Einblicke in die Vermittlungsangebote f\u00fcr Kitas und Schulen sowie in unser Fortbildungsprogramm. Beim anschlie\u00dfenden Get-together schaffen Musik, Dichtung und Wissenschaft den Rahmen f\u00fcr Austausch, Vernetzung und neue Impulse.<\/span><\/p>\n<\/div>\n                <\/div>\n            <\/div>\n\t\t<\/div>\n\t\t    <\/div>\n<\/section>\n\n<section class=\"block block-headline block-no-margin \"  id='zeitlicher-ablauf' data-anchor='Zeitlicher Ablauf'>\n\t<div class=\"container-fluid\">\n\t\t<div class=\"row\">\n\t\t\t\t\t\t\t<div class=\"col-xs-12 col-md-offset-2 col-md-8\">\n\t\t\t\t\t<div class=\"box\">\n\t\t\t\t\t\t<h2 class=\".h2\">Zeitlicher Ablauf<\/h2>\n\t\t\t\t\t<\/div>\n\t\t\t\t<\/div>\n\t\t\t\t\t<\/div>\n\t<\/div>\n<\/section>\n\n\n\n\n<section class=\"block block-schedule\">\n\t<div class=\"container-fluid\">\n\t\t<div class=\"row\">\n\t\t\t\t\t\t<div class=\"col-xs-12 col-sm-8 col-sm-offset-2 schedule-all margin-bottom-third\">\n\t\t\t\t<div class=\"schedule-linebox\"><\/div>\n\t\t\t\t<div class=\"box\">\n\t\t\t\t\t\t\t\t\t<div class=\"schedule-container margin-bottom-two-thirds\">\n\t\t\t\t\t\t<h6 class=\"margin-bottom-atom\"><img loading=\"lazy\" decoding=\"async\" width=\"18\" height=\"18\" class=\"schedule-bullet\" src=\"\/assets\/icons\/bullet.svg\">ab 16:30<\/h6>\n\t\t\t\t\t\t<h3>Anmeldung<\/h3>\n\n\t\t\t\t\t\t\t\t\t\t\t<\/div>\n\t\t\t\t\t\t\t\t\t<div class=\"schedule-container margin-bottom-two-thirds\">\n\t\t\t\t\t\t<h6 class=\"margin-bottom-atom\"><img loading=\"lazy\" decoding=\"async\" width=\"18\" height=\"18\" class=\"schedule-bullet\" src=\"\/assets\/icons\/bullet.svg\">ab 17 Uhr<\/h6>\n\t\t\t\t\t\t<h3>Begr\u00fc\u00dfung in den Werkr\u00e4umen, 1. OG  <\/h3>\n\n\t\t\t\t\t\t\t\t\t\t\t<\/div>\n\t\t\t\t\t\t\t\t\t<div class=\"schedule-container margin-bottom-two-thirds\">\n\t\t\t\t\t\t<h6 class=\"margin-bottom-atom\"><img loading=\"lazy\" decoding=\"async\" width=\"18\" height=\"18\" class=\"schedule-bullet\" src=\"\/assets\/icons\/bullet.svg\">ab 17:20 Uhr<\/h6>\n\t\t\t\t\t\t<h3>Kurz- und Impulsf\u00fchrungen &amp; Performances<\/h3>\n\n\t\t\t\t\t\t\t\t\t\t\t\t\t<read-more inline-template>\n\t\t\t\t\t\t\t\t<div>\n\t\t\t\t\t\t\t\t\t<div ref=\"body\" style=\"height:0;overflow: hidden;display: none;\">\n\t\t\t\t\t\t\t\t\t\t<div class=\"schedule-container-more margin-bottom-third\">\n\t\t\t\t\t\t\t\t\t\t\t\t\t\t\t\t\t\t\t\t\t\t\t<div class=\"copy\"><p>im <span class=\"w-term-highlight\">Schlosskeller<\/span>, in den Ausstellungen <em>Beziehungsweise Familie<\/em> (EG), <em>On Water. WasserWissen in Berlin<\/em>, BERLIN GLOBAL (1. OG), dem Ethnologischen Museum (2. OG), dem Museum f\u00fcr Asiatische Kunst (3. OG), den tempor\u00e4ren Ausstellungen <em>Geschichte(n) Tansanias. Einblicke und Ausblicke<\/em> und <em>Feliciano Lana. Die Geschichte der <span class=\"w-term-highlight\">Wei\u00df<\/span>en<\/em> (3. OG)<\/p>\n<\/div>\n\t\t\t\t\t\t\t\t\t\t\t\t\t\t\t\t\t\t\t\t\t\t\n\t\t\t\t\t\t\t\t\t\t\t\t\t\t\t\t\t\t\t\t\t<\/div>\n\t\t\t\t\t\t\t\t\t<\/div>\n\t\t\t\t\t\t\t\t\t<div class=\"copy\">\n\t\t\t\t\t\t\t\t\t\t<a ref=\"toggleButton\" class=\"Button\" @click=\"toggle\">\n\t\t\t\t\t\t\t\t\t\t\t<span v-if=\"!active\">mehr lesen<\/span>\n\t\t\t\t\t\t\t\t\t\t\t<span v-else>weniger lesen<\/span>\n\t\t\t\t\t\t\t\t\t\t<\/a>\n\t\t\t\t\t\t\t\t\t<\/div>\n\t\t\t\t\t\t\t\t<\/div>\n\t\t\t\t\t\t\t<\/read-mode>\n\t\t\t\t\t\t\t\t\t\t\t<\/div>\n\t\t\t\t\t\t\t\t\t<div class=\"schedule-container margin-bottom-two-thirds\">\n\t\t\t\t\t\t<h6 class=\"margin-bottom-atom\"><img loading=\"lazy\" decoding=\"async\" width=\"18\" height=\"18\" class=\"schedule-bullet\" src=\"\/assets\/icons\/bullet.svg\">17:30\u201319:30 Uhr<\/h6>\n\t\t\t\t\t\t<h3>Drop-Ins und Praxisseminare im WELTSTUDIO und in den Werkr\u00e4umen (1. OG) <\/h3>\n\n\t\t\t\t\t\t\t\t\t\t\t<\/div>\n\t\t\t\t\t\t\t\t\t<div class=\"schedule-container margin-bottom-two-thirds\">\n\t\t\t\t\t\t<h6 class=\"margin-bottom-atom\"><img loading=\"lazy\" decoding=\"async\" width=\"18\" height=\"18\" class=\"schedule-bullet\" src=\"\/assets\/icons\/bullet.svg\">ab 18:30 Uhr<\/h6>\n\t\t\t\t\t\t<h3>Getr\u00e4nke &amp; Brezel, Werkr\u00e4ume (1. OG)<\/h3>\n\n\t\t\t\t\t\t\t\t\t\t\t<\/div>\n\t\t\t\t\t\t\t\t\t<div class=\"schedule-container margin-bottom-two-thirds\">\n\t\t\t\t\t\t<h6 class=\"margin-bottom-atom\"><img loading=\"lazy\" decoding=\"async\" width=\"18\" height=\"18\" class=\"schedule-bullet\" src=\"\/assets\/icons\/bullet.svg\">ab 19 Uhr<\/h6>\n\t\t\t\t\t\t<h3>DJ-Set Scampylama Sound, Werkr\u00e4ume (1. OG) <\/h3>\n\n\t\t\t\t\t\t\t\t\t\t\t<\/div>\n\t\t\t\t\t\t\t\t\t<div class=\"schedule-container margin-bottom-two-thirds\">\n\t\t\t\t\t\t<h6 class=\"margin-bottom-atom\"><img loading=\"lazy\" decoding=\"async\" width=\"18\" height=\"18\" class=\"schedule-bullet\" src=\"\/assets\/icons\/bullet.svg\">19:30\u201320:30 Uhr<\/h6>\n\t\t\t\t\t\t<h3>#Logoskop Special \u201eTeachers\u2019 Night\u201c mit Clara Nielsen und Noah Klaus<\/h3>\n\n\t\t\t\t\t\t\t\t\t\t\t<\/div>\n\t\t\t\t\t\t\t\t\t<div class=\"schedule-container margin-bottom-two-thirds\">\n\t\t\t\t\t\t<h6 class=\"margin-bottom-atom\"><img loading=\"lazy\" decoding=\"async\" width=\"18\" height=\"18\" class=\"schedule-bullet\" src=\"\/assets\/icons\/bullet.svg\">bis 21 Uhr<\/h6>\n\t\t\t\t\t\t<h3>Get together in den Werkr\u00e4umen (1. OG) <\/h3>\n\n\t\t\t\t\t\t\t\t\t\t\t<\/div>\n\t\t\t\t\t\t\t\t<br>\n\t\t\t\t<img loading=\"lazy\" decoding=\"async\" width=\"18\" height=\"18\" class=\"schedule-bullet schedule-bullet-end\" src=\"\/assets\/icons\/bullet.svg\">\n\t\t\t<\/div><\/div>\n\t\t<\/div>\n\t<\/div>\n<\/section>\n\n<section class=\"block block-button\">\n    <div class=\"container-fluid\">\n\t\t<div class=\"row\">\n            <div class=\"col-xs-12 col-md-offset-2 col-md-8\">\n                <div class=\"box text-align-center\">\n                 \t\t<a href=\"https:\/\/www.humboldtforum.org\/wp-content\/uploads\/2025\/11\/TeachersNight_25_Timetable.pdf\" class=\"button-extern\" role=\"button\" target=\"_blank\">\n\t\t<span class=\"button-label\">Programm\u00fcbersicht (PDF)<\/span>\n\t<\/a>\n                <\/div>\n            <\/div>\n        <\/div>\n    <\/div>\n<\/section>\n\n<section class=\"block block-header\" >\n\t<block-header inline-template>\n\t\t<figure role=\"group\" aria-labelledby=\"desc_m_69f766e52be54\">\n\n\t\t\t<script type=\"application\/json\" ref=\"data\">\n\t\t\t\t{\n\t\t\t\t\"sizes_d\" : {\"medium\":{\"file\":\"SHF_eb00233560-300x200.jpg\",\"width\":300,\"height\":200,\"mime-type\":\"image\\\/jpeg\",\"filesize\":15549},\"large\":{\"file\":\"SHF_eb00233560-1024x682.jpg\",\"width\":1024,\"height\":682,\"mime-type\":\"image\\\/jpeg\",\"filesize\":91034},\"thumbnail\":{\"file\":\"SHF_eb00233560-150x150.jpg\",\"width\":150,\"height\":150,\"mime-type\":\"image\\\/jpeg\",\"filesize\":7257},\"medium_large\":{\"file\":\"SHF_eb00233560-768x512.jpg\",\"width\":768,\"height\":512,\"mime-type\":\"image\\\/jpeg\",\"filesize\":59847},\"small\":{\"file\":\"SHF_eb00233560-440x293.jpg\",\"width\":440,\"height\":293,\"mime-type\":\"image\\\/jpeg\",\"filesize\":27122},\"semi\":{\"file\":\"SHF_eb00233560-580x387.jpg\",\"width\":580,\"height\":387,\"mime-type\":\"image\\\/jpeg\",\"filesize\":40262},\"mobile\":{\"file\":\"SHF_eb00233560-720x480.jpg\",\"width\":720,\"height\":480,\"mime-type\":\"image\\\/jpeg\",\"filesize\":54329},\"original\":{\"file\":\"SHF_eb00233560.jpg\",\"width\":1280,\"height\":853}},\n\t\t\t\t\"alt_d\" : \"Frau spricht mit Mikrofon vor Publikum in einem modernen Konferenzraum.\",\n\t\t\t\t\"path_d\" : \"\\\/wp-content\\\/uploads\\\/2025\\\/07\\\/\",\n\t\t\t\t\"autoplay_d\" : null,\n\t\t\t\t\"crop_d\" : {\"top\":\"35.52\",\"left\":\"60.39\"},\n\t\t\t\t\"background_d\" : true,\n\t\t\t\t\"scale_d\" : 2,\n\n\t\t\t\t\"sizes_m\" : [],\n\t\t\t\t\"alt_m\" : null,\n\t\t\t\t\"path_m\" : null,\n\t\t\t\t\"autoplay_m\" : null,\n\t\t\t\t\"crop_m\" : null,\n\t\t\t\t\"background_m\" : true,\n\t\t\t\t\"scale_m\" : 1,\n\n\t\t\t\t\"has_mobile_format\" : false,\n\t\t\t\t\"has_ad\" : false,\n\t\t\t\t\"audio_description_yt\" : null\t\t\t\t}\n\t\t\t<\/script>\n\t\t\t<div class=\"height-container\" style=\"padding-bottom:66.640625%;\" v-if=\"sizes\" data-motion-parallax='{\"child\":\".image-wrapper\",\"mask\":\".lazy-media\",\"tween\":{\"yPercent\": [-15,15]}}'>\n\t\t\t\t<lazy-media :inline=\"true\" :scale=\"scale\" :alt=\"alt\" :sizes=\"sizes\" :brightness=\"brightness\" :path=\"path\" :video=\"video\" :autoplay=\"autoplay\" :youtube=\"youtube\" :crop=\"crop\" :youtubelabel=\"youtubelabel\" :background=\"background\" media-id=\"desc_m_69f766e52be54\"><\/lazy-media>\n\t\t\t\t<button class=\"autoplay-audio-description-btn icon-background icon-audio-describtions\" @click=\"audioDescriptionPlay\" v-if=\"hasAudioDescription\" aria-label=\"Audiodeskription aufrufen\"><\/button>\n\t\t\t<\/div>\n\t\t\t\t\t\t<div class=\"lazy-media-info-container-fluid\">\n\t\t\t\t<div class=\"lazy-media-info-row end-xs\">\n\t\t\t\t\t<div class=\"lazy-media-info-col\">\n\t\t\t\t\t\t<div class=\"lazy-media-info\" aria-expanded=\"false\" :aria-expanded=\"isOpen ? 'true' : 'false'\">\n\t\t\t\t\t\t\t<button class=\"lazy-media-info-head button-tiny insignificant\" :class=\"{'button-active': isOpen}\" @click=\"toggle\" ref=\"head\"><span class=\"button-label insignificant\">Bildinfo<\/span><\/button>\n\t\t\t\t\t\t\t<figcaption class=\"lazy-media-info-body\" ref=\"body\" id=\"desc_m_69f766e52be54\">\n\t\t\t\t\t\t\t\t<div class=\"lazy-media-info-body-content\">\n\t\t\t\t\t\t\t\t\t<div>#Logoskop Special &quot;Teachers&#039; Night&quot; &#8211; Dichtung und Wissenschaft mit Lea Streisand und Bas B&ouml;ttcher. Performance w&auml;hrend der Teachers&#039; Night 2024.<\/div>\t\t\t\t\t\t\t\t\t\t\t\t\t\t\t\t\t\t<div class=\"insignificant\">\u00a9 Staatlichen Museen zu Berlin, Foto: Pierre Adenis<\/div>\t\t\t\t\t\t\t\t<\/div>\n\t\t\t\t\t\t\t<\/figcaption>\n\t\t\t\t\t\t\t<div class=\"lazy-media-info-head-border\"><\/div>\n\t\t\t\t\t\t<\/div>\n\t\t\t\t\t<\/div>\n\t\t\t\t<\/div>\n\t\t\t<\/div>\n\t\t\t\t\t<\/figure>\n\t<\/block-header>\n<\/section>\n\n<section class=\"block block-headline \" >\n\t<div class=\"container-fluid\">\n\t\t<div class=\"row\">\n\t\t\t\t\t\t\t<div class=\"col-xs-12 col-md-offset-2 col-md-8\">\n\t\t\t\t\t<div class=\"box\">\n\t\t\t\t\t\t<h2 class=\".h2\">Programm<\/h2>\n\t\t\t\t\t<\/div>\n\t\t\t\t<\/div>\n\t\t\t\t\t<\/div>\n\t<\/div>\n<\/section>\n\n\n\n\n<section class=\"block block-headline block-no-margin \"  id='kurzfuehrungen' data-anchor='Kurzf\u00fchrungen'>\n\t<div class=\"container-fluid\">\n\t\t<div class=\"row\">\n\t\t\t\t\t\t\t<div class=\"col-xs-12 col-md-offset-2 col-md-8\">\n\t\t\t\t\t<div class=\"box\">\n\t\t\t\t\t\t<h2 class=\".h4\">Kurzf\u00fchrungen (30 Min.)<\/h2>\n\t\t\t\t\t<\/div>\n\t\t\t\t<\/div>\n\t\t\t\t\t<\/div>\n\t<\/div>\n<\/section>\n\n\n\n\n\n<section class=\"block block-accordion\">\n\t<div class=\"container-fluid\">\n\t\t<div class=\"row\">\n\t\t\t<div class=\"col-xs-12 col-md-offset-2 col-md-8\">\n\t\t\t\t<div class=\"box\">\n\t\t\t\t\t\t\t\t\t\t\t<block-accordion inline-template>\n\t\t\t\t\t\t\t<div class=\"accordion\">\n\t\t\t\t\t\t\t\t\t\t\t\t\t\t\t<block-accordion-item inline-template item-headline=\"On Water. WasserWissen in Berlin   \">\n\t\t\t\t\t\t\t\t<div ref=\"item\" data-id=\"OnWaterWasserWisseninBerlin\" class=\"block-accordion-item vue-initialize\" aria-expanded=\"false\" :aria-expanded=\"active ? 'true' : 'false'\">\n\t\t\t\t\t\t\t\t\t<button class=\"accordion-button-with-icon block-accordion-item-head\" :class=\"{'button-active': active}\" ref=\"head\" aria-controls=\"acc_69f766e5470f9\" id=\"acc_title_69f766e5470fb\" @click=\"toggle\" @keydown=\"key\">\n\t\t\t\t\t\t\t\t\t<div><span class=\"button-label\">On Water. WasserWissen in Berlin   <\/span><\/div><span class=\"button-icon icon-plus\" aria-hidden=\"true\"><\/span>\n\t\t\t\t\t\t\t\t<\/button>\n\t\t\t\t\t\t\t\t\t<div ref=\"body\" class=\"block-accordion-item-content\" id=\"acc_69f766e5470f9\" role=\"region\">\n\t\t\t\t\t\t\t\t\t\t<div class=\"wrapper copy\">\n\t\t\t\t\t\t\t\t\t\t\t<p>Wie klingt es, wenn ein Baum trinkt? Wie gehen Menschen weltweit mit zunehmender Trockenheit um? Was macht eine Pfu\u0308tzenforscherin? Und wie untersucht man Wasser auf dem Mars? Die Ausstellung <em>On Water. WasserWissen<\/em> in Berlin zeigt Forschungsprojekte von Berliner Wissenschaftler*innen zum Thema Wasser. In einem 30-\u00adminu\u0308tigen Rundgang, der vom Meer u\u0308ber einen ku\u0308nstlichen Eisberg bis zu den Sternen reicht, erfahren Schu\u0308ler*innen von der Vielfalt wissenschaftlichen Forschens am nassen Element, dem Wasser als Medium fu\u0308r Migration und Mobilita\u0308t sowie den wasserbezogenen Herausforderungen in Zeiten der Klimakrise.<\/p>\n\n\t\t\t\t\t\t\t\t\t\t\t\t\t\t\t\t\t\t\t\t\t\t\t\t\t\t\t\t\t\t\t\t\t\n\t\t\t\t\t\t\t\t\t\t\t<div class=\"row\">\n\t\t\t\t\t\t\t\t\t\t\t\t<div class=\"col-xs-9 col-md-9\">\n\t\t\t\t\t\t\t\t\t\t\t\t\t<div class=\"box\">\n\t\t\t\t\t\t\t\t\t\t\t\t\t\t\t\t\t\t\t\t\t\t\t\t\t\t\t<\/div>\n\t\t\t\t\t\t\t\t\t\t\t\t<\/div>\n\t\t\t\t\t\t\t\t\t\t\t<\/div>\n\n\t\t\t\t\t\t\t\t\t\t\t\t\t\t\t\t\t\t\t\t\t<\/div>\n\t\t\t\t\t\t\t\t\t<\/div>\n\t\t\t\t\t\t\t\t<\/div>\n\t\t\t\t\t\t\t\t<\/block-accordion-item>\n\t\t\t\t\t\t\t\t\t\t\t\t\t\t<block-accordion-item inline-template item-headline=\"Geschichte(n) Tansanias\">\n\t\t\t\t\t\t\t\t<div ref=\"item\" data-id=\"GeschichtenTansanias\" class=\"block-accordion-item vue-initialize\" aria-expanded=\"false\" :aria-expanded=\"active ? 'true' : 'false'\">\n\t\t\t\t\t\t\t\t\t<button class=\"accordion-button-with-icon block-accordion-item-head\" :class=\"{'button-active': active}\" ref=\"head\" aria-controls=\"acc_69f766e547576\" id=\"acc_title_69f766e547579\" @click=\"toggle\" @keydown=\"key\">\n\t\t\t\t\t\t\t\t\t<div><span class=\"button-label\">Geschichte(n) Tansanias<\/span><\/div><span class=\"button-icon icon-plus\" aria-hidden=\"true\"><\/span>\n\t\t\t\t\t\t\t\t<\/button>\n\t\t\t\t\t\t\t\t\t<div ref=\"body\" class=\"block-accordion-item-content\" id=\"acc_69f766e547576\" role=\"region\">\n\t\t\t\t\t\t\t\t\t\t<div class=\"wrapper copy\">\n\t\t\t\t\t\t\t\t\t\t\t<p>Die Ausstellung <a href=\"https:\/\/www.humboldtforum.org\/de\/programm\/dauerangebot\/ausstellung\/geschichten-tansanias-136691\/\" target=\"_blank\" rel=\"noopener\"><em>Geschichte(n) Tansanias<\/em><\/a> wurde in Zusammenarbeit mit dem National Museum of Tanzania und im Gespr\u00e4ch mit Vertreter*innen verschiedener Communities in Tansania entwickelt. Sie erz\u00e4hlt die komplexen und zeitlich weit zur\u00fcckreichenden Geschichten der Gesellschaften und Menschen, die auf dem Gebiet des heutigen Staates Tansania lebten und thematisiert auch den europ\u00e4ischen Kolonialismus. Mehr als 10.000 \u201aObjekte\u2018, die in dieser Zeit nach Berlin gebracht wurden, befinden sich heute im Ethnologischen Museum. Welche Geschichten erz\u00e4hlen diese Kulturg\u00fcter? Wer sollte diese Geschichten erz\u00e4hlen? Welche Geschichten bleiben unerz\u00e4hlt oder ungeh\u00f6rt \u2013 und warum? Die Kurzf\u00fchrung gibt Einblicke in die Entstehung der Ausstellung und die Herkunftsgeschichten von Exponaten, sie thematisiert Fragen der R\u00fcckgabe und beleuchtet den Umgang mit <em>cultural belongings<\/em> in Museen heute.<\/p>\n\n\t\t\t\t\t\t\t\t\t\t\t\t\t\t\t\t\t\t\t\t\t\t\t\t\t\t\t\t\t\t\t\t\t\n\t\t\t\t\t\t\t\t\t\t\t<div class=\"row\">\n\t\t\t\t\t\t\t\t\t\t\t\t<div class=\"col-xs-9 col-md-9\">\n\t\t\t\t\t\t\t\t\t\t\t\t\t<div class=\"box\">\n\t\t\t\t\t\t\t\t\t\t\t\t\t\t\t\t\t\t\t\t\t\t\t\t\t\t\t<\/div>\n\t\t\t\t\t\t\t\t\t\t\t\t<\/div>\n\t\t\t\t\t\t\t\t\t\t\t<\/div>\n\n\t\t\t\t\t\t\t\t\t\t\t\t\t\t\t\t\t\t\t\t\t<\/div>\n\t\t\t\t\t\t\t\t\t<\/div>\n\t\t\t\t\t\t\t\t<\/div>\n\t\t\t\t\t\t\t\t<\/block-accordion-item>\n\t\t\t\t\t\t\t\t\t\t\t\t\t\t<block-accordion-item inline-template item-headline=\"Feliciano Lana. Die Geschichte der Wei\u00dfen\">\n\t\t\t\t\t\t\t\t<div ref=\"item\" data-id=\"FelicianoLanaDieGeschichtederWeien\" class=\"block-accordion-item vue-initialize\" aria-expanded=\"false\" :aria-expanded=\"active ? 'true' : 'false'\">\n\t\t\t\t\t\t\t\t\t<button class=\"accordion-button-with-icon block-accordion-item-head\" :class=\"{'button-active': active}\" ref=\"head\" aria-controls=\"acc_69f766e54792c\" id=\"acc_title_69f766e54792e\" @click=\"toggle\" @keydown=\"key\">\n\t\t\t\t\t\t\t\t\t<div><span class=\"button-label\">Feliciano Lana. Die Geschichte der Wei\u00dfen<\/span><\/div><span class=\"button-icon icon-plus\" aria-hidden=\"true\"><\/span>\n\t\t\t\t\t\t\t\t<\/button>\n\t\t\t\t\t\t\t\t\t<div ref=\"body\" class=\"block-accordion-item-content\" id=\"acc_69f766e54792c\" role=\"region\">\n\t\t\t\t\t\t\t\t\t\t<div class=\"wrapper copy\">\n\t\t\t\t\t\t\t\t\t\t\t<p>Die Bilderserie <a href=\"https:\/\/www.humboldtforum.org\/de\/programm\/laufzeitangebot\/ausstellung\/feliciano-lana-143965\/\" target=\"_blank\" rel=\"noopener\"><em>Die Geschichte der <span class=\"w-term-highlight\">Wei\u00df<\/span>en<\/em><\/a> des Indigenen K\u00fcnstlers Feliciano Lana (1937-2020) erz\u00e4hlt vom Kontakt zwischen <span class=\"w-term-highlight\">Wei\u00df<\/span>en und Indigenen im Kontext der brasilianischen Kolonialgeschichte. Sie erz\u00e4hlt von eingeschleppten Krankheiten, von den Auswirkungen missionarischer T\u00e4tigkeiten oder den Konflikten im Zusammenhang mit Abbau von Gold und der Gewinnung von Kautschuk \u2013 aber auch von Momenten kultureller Selbstbehauptung.<\/p>\n<p>Im gemeinsamen Rundgang durch die Ausstellung n\u00e4hern wir uns den Themen der Ausstellung Schritt f\u00fcr Schritt. Dabei zeigen wir auf, wie sich Lanas Arbeit f\u00fcr die p\u00e4dagogische Arbeit mit Sch\u00fcler*innen nutzen l\u00e4sst: als Einstieg in die Auseinandersetzung mit globalgeschichtlichen Zusammenh\u00e4ngen, als Impuls f\u00fcr Perspektivwechsel \u2013 und als Einladung, Geschichte machtkritisch zu hinterfragen.<\/p>\n<p>&nbsp;<\/p>\n\n\t\t\t\t\t\t\t\t\t\t\t\t\t\t\t\t\t\t\t\t\t\t\t\t\t\t\t\t\t\t\t\t\t\n\t\t\t\t\t\t\t\t\t\t\t<div class=\"row\">\n\t\t\t\t\t\t\t\t\t\t\t\t<div class=\"col-xs-9 col-md-9\">\n\t\t\t\t\t\t\t\t\t\t\t\t\t<div class=\"box\">\n\t\t\t\t\t\t\t\t\t\t\t\t\t\t\t\t\t\t\t\t\t\t\t\t\t\t\t<\/div>\n\t\t\t\t\t\t\t\t\t\t\t\t<\/div>\n\t\t\t\t\t\t\t\t\t\t\t<\/div>\n\n\t\t\t\t\t\t\t\t\t\t\t\t\t\t\t\t\t\t\t\t\t<\/div>\n\t\t\t\t\t\t\t\t\t<\/div>\n\t\t\t\t\t\t\t\t<\/div>\n\t\t\t\t\t\t\t\t<\/block-accordion-item>\n\t\t\t\t\t\t\t\t\t\t\t\t\t\t<block-accordion-item inline-template item-headline=\"Beziehungsweise Familie\">\n\t\t\t\t\t\t\t\t<div ref=\"item\" data-id=\"BeziehungsweiseFamilie\" class=\"block-accordion-item vue-initialize\" aria-expanded=\"false\" :aria-expanded=\"active ? 'true' : 'false'\">\n\t\t\t\t\t\t\t\t\t<button class=\"accordion-button-with-icon block-accordion-item-head\" :class=\"{'button-active': active}\" ref=\"head\" aria-controls=\"acc_69f766e547c66\" id=\"acc_title_69f766e547c68\" @click=\"toggle\" @keydown=\"key\">\n\t\t\t\t\t\t\t\t\t<div><span class=\"button-label\">Beziehungsweise Familie<\/span><\/div><span class=\"button-icon icon-plus\" aria-hidden=\"true\"><\/span>\n\t\t\t\t\t\t\t\t<\/button>\n\t\t\t\t\t\t\t\t\t<div ref=\"body\" class=\"block-accordion-item-content\" id=\"acc_69f766e547c66\" role=\"region\">\n\t\t\t\t\t\t\t\t\t\t<div class=\"wrapper copy\">\n\t\t\t\t\t\t\t\t\t\t\t<p>Was bedeutet es, verwandt zu sein \u2013 in unterschiedlichen Zeiten und Kulturen? Die Expressf\u00fchrung nimmt diese Frage zum Anlass und l\u00e4dt zu einer interaktiven Auseinandersetzung der unterschiedlichen Themeninseln in der Ausstellung ein: Von der interaktiven Familienaufstellung zu pers\u00f6nlichen Erz\u00e4hlungen \u00fcber Kosenamen bis hin zum pers\u00f6nlichen Schl\u00fcsselmoment wird das eigene Verst\u00e4ndnis von Familie erprobt und vielleicht sogar erweitert.<\/p>\n<p><em><a href=\"https:\/\/www.humboldtforum.org\/de\/programm\/laufzeitangebot\/ausstellung\/beziehungsweise-familie-148458\/\" target=\"_blank\" rel=\"noopener\">Zur Ausstellung<\/a><\/em><\/p>\n\n\t\t\t\t\t\t\t\t\t\t\t\t\t\t\t\t\t\t\t\t\t\t\t\t\t\t\t\t\t\t\t\t\t\n\t\t\t\t\t\t\t\t\t\t\t<div class=\"row\">\n\t\t\t\t\t\t\t\t\t\t\t\t<div class=\"col-xs-9 col-md-9\">\n\t\t\t\t\t\t\t\t\t\t\t\t\t<div class=\"box\">\n\t\t\t\t\t\t\t\t\t\t\t\t\t\t\t\t\t\t\t\t\t\t\t\t\t\t\t<\/div>\n\t\t\t\t\t\t\t\t\t\t\t\t<\/div>\n\t\t\t\t\t\t\t\t\t\t\t<\/div>\n\n\t\t\t\t\t\t\t\t\t\t\t\t\t\t\t\t\t\t\t\t\t<\/div>\n\t\t\t\t\t\t\t\t\t<\/div>\n\t\t\t\t\t\t\t\t<\/div>\n\t\t\t\t\t\t\t\t<\/block-accordion-item>\n\t\t\t\t\t\t\t\t\t\t\t\t\t\t<block-accordion-item inline-template item-headline=\"Sprint durch die Ausstellung BERLIN GLOBAL\">\n\t\t\t\t\t\t\t\t<div ref=\"item\" data-id=\"SprintdurchdieAusstellungBERLINGLOBAL\" class=\"block-accordion-item vue-initialize\" aria-expanded=\"false\" :aria-expanded=\"active ? 'true' : 'false'\">\n\t\t\t\t\t\t\t\t\t<button class=\"accordion-button-with-icon block-accordion-item-head\" :class=\"{'button-active': active}\" ref=\"head\" aria-controls=\"acc_69f766e547f7f\" id=\"acc_title_69f766e547f81\" @click=\"toggle\" @keydown=\"key\">\n\t\t\t\t\t\t\t\t\t<div><span class=\"button-label\">Sprint durch die Ausstellung BERLIN GLOBAL<\/span><\/div><span class=\"button-icon icon-plus\" aria-hidden=\"true\"><\/span>\n\t\t\t\t\t\t\t\t<\/button>\n\t\t\t\t\t\t\t\t\t<div ref=\"body\" class=\"block-accordion-item-content\" id=\"acc_69f766e547f7f\" role=\"region\">\n\t\t\t\t\t\t\t\t\t\t<div class=\"wrapper copy\">\n\t\t\t\t\t\t\t\t\t\t\t<p>Gemeinsam am \u201eRad der Geschichte\u201c drehen, in der begehbaren Discokugel tanzen oder durch die Fernrohre aus den Fenstern des Humboldt Forums die\u00a0<span class=\"w-term-highlight\">Geschichte des Ortes<\/span> entdecken: Die kompakte Impulsf\u00fchrung pr\u00e4sentiert das historisch und gegenw\u00e4rtig global vernetzte Berlin dialogisch und interaktiv.<\/p>\n<p><a href=\"https:\/\/www.humboldtforum.org\/de\/programm\/dauerangebot\/ausstellung\/berlin-global-14140\/\" target=\"_blank\" rel=\"noopener\"><em>Zur Ausstellung<\/em><\/a><\/p>\n\n\t\t\t\t\t\t\t\t\t\t\t\t\t\t\t\t\t\t\t\t\t\t\t\t\t\t\t\t\t\t\t\t\t\n\t\t\t\t\t\t\t\t\t\t\t<div class=\"row\">\n\t\t\t\t\t\t\t\t\t\t\t\t<div class=\"col-xs-9 col-md-9\">\n\t\t\t\t\t\t\t\t\t\t\t\t\t<div class=\"box\">\n\t\t\t\t\t\t\t\t\t\t\t\t\t\t\t\t\t\t\t\t\t\t\t\t\t\t\t<\/div>\n\t\t\t\t\t\t\t\t\t\t\t\t<\/div>\n\t\t\t\t\t\t\t\t\t\t\t<\/div>\n\n\t\t\t\t\t\t\t\t\t\t\t\t\t\t\t\t\t\t\t\t\t<\/div>\n\t\t\t\t\t\t\t\t\t<\/div>\n\t\t\t\t\t\t\t\t<\/div>\n\t\t\t\t\t\t\t\t<\/block-accordion-item>\n\t\t\t\t\t\t\t\t\t\t\t\t\t\t<block-accordion-item inline-template item-headline=\"Kolonialit\u00e4ten des\u00a0Ortes\u00a0 \u00a0\u00a0\">\n\t\t\t\t\t\t\t\t<div ref=\"item\" data-id=\"KolonialittendesOrtes\" class=\"block-accordion-item vue-initialize\" aria-expanded=\"false\" :aria-expanded=\"active ? 'true' : 'false'\">\n\t\t\t\t\t\t\t\t\t<button class=\"accordion-button-with-icon block-accordion-item-head\" :class=\"{'button-active': active}\" ref=\"head\" aria-controls=\"acc_69f766e5482cc\" id=\"acc_title_69f766e5482cd\" @click=\"toggle\" @keydown=\"key\">\n\t\t\t\t\t\t\t\t\t<div><span class=\"button-label\">Kolonialit\u00e4ten des\u00a0Ortes\u00a0 \u00a0\u00a0<\/span><\/div><span class=\"button-icon icon-plus\" aria-hidden=\"true\"><\/span>\n\t\t\t\t\t\t\t\t<\/button>\n\t\t\t\t\t\t\t\t\t<div ref=\"body\" class=\"block-accordion-item-content\" id=\"acc_69f766e5482cc\" role=\"region\">\n\t\t\t\t\t\t\t\t\t\t<div class=\"wrapper copy\">\n\t\t\t\t\t\t\t\t\t\t\t<p>Mit der Ausstellung ethnologischer Sammlungen im rekonstruierten Geb\u00e4ude des <span class=\"w-term-highlight\">Berliner Schlosses<\/span> trat auch der deutsche Erbteil des europ\u00e4ischen Kolonialismus kontrovers ins \u00f6ffentliche Bewusstsein. Die Kurzf\u00fchrung stellt historische <span class=\"w-term-highlight\">Spuren<\/span> der <span class=\"w-term-highlight\">Geschichte des Ortes<\/span> vor, \u00fcber die sich koloniale Erbschaften aus Geschichte und Gegenwart bei einem Rundgang \u00fcber verschiedene Etagen vielschichtig vermitteln lassen.<\/p>\n\n\t\t\t\t\t\t\t\t\t\t\t\t\t\t\t\t\t\t\t\t\t\t\t\t\t\t\t\t\t\t\t\t\t\n\t\t\t\t\t\t\t\t\t\t\t<div class=\"row\">\n\t\t\t\t\t\t\t\t\t\t\t\t<div class=\"col-xs-9 col-md-9\">\n\t\t\t\t\t\t\t\t\t\t\t\t\t<div class=\"box\">\n\t\t\t\t\t\t\t\t\t\t\t\t\t\t\t\t\t\t\t\t\t\t\t\t\t\t\t<\/div>\n\t\t\t\t\t\t\t\t\t\t\t\t<\/div>\n\t\t\t\t\t\t\t\t\t\t\t<\/div>\n\n\t\t\t\t\t\t\t\t\t\t\t\t\t\t\t\t\t\t\t\t\t<\/div>\n\t\t\t\t\t\t\t\t\t<\/div>\n\t\t\t\t\t\t\t\t<\/div>\n\t\t\t\t\t\t\t\t<\/block-accordion-item>\n\t\t\t\t\t\t\t\t\t\t\t\t\t\t<block-accordion-item inline-template item-headline=\"Schlosskeller\">\n\t\t\t\t\t\t\t\t<div ref=\"item\" data-id=\"Schlosskeller\" class=\"block-accordion-item vue-initialize\" aria-expanded=\"false\" :aria-expanded=\"active ? 'true' : 'false'\">\n\t\t\t\t\t\t\t\t\t<button class=\"accordion-button-with-icon block-accordion-item-head\" :class=\"{'button-active': active}\" ref=\"head\" aria-controls=\"acc_69f766e54863e\" id=\"acc_title_69f766e548640\" @click=\"toggle\" @keydown=\"key\">\n\t\t\t\t\t\t\t\t\t<div><span class=\"button-label\">Schlosskeller<\/span><\/div><span class=\"button-icon icon-plus\" aria-hidden=\"true\"><\/span>\n\t\t\t\t\t\t\t\t<\/button>\n\t\t\t\t\t\t\t\t\t<div ref=\"body\" class=\"block-accordion-item-content\" id=\"acc_69f766e54863e\" role=\"region\">\n\t\t\t\t\t\t\t\t\t\t<div class=\"wrapper copy\">\n\t\t\t\t\t\t\t\t\t\t\t<p>Was wissen wir \u00fcber das Leben an diesem Ort vom Mittelalter bis in die Gegenwart? Wof\u00fcr wurden die Kellerr\u00e4ume einst genutzt und welche Arbeiten waren unten notwendig, damit das Leben oben \u2013 im\u00a0<span class=\"w-term-highlight\">Kloster<\/span>, Schloss oder Museum \u2013 funktionierte? Die Kurzf\u00fchrung gibt einen Einblick in die R\u00e4umlichkeiten des arch\u00e4ologischen Kellers unter dem Humboldt Forum und in die verschiedenen Epochen, von denen die \u00dcberreste, die Ausstellungsst\u00fccke und die digitalen Angebote dort erz\u00e4hlen.<\/p>\n<p><a href=\"https:\/\/www.humboldtforum.org\/de\/programm\/dauerangebot\/ausstellung\/schlosskeller-14132\/\" target=\"_blank\" rel=\"noopener\"><em>Zur Ausstellung<\/em><\/a><\/p>\n\n\t\t\t\t\t\t\t\t\t\t\t\t\t\t\t\t\t\t\t\t\t\t\t\t\t\t\t\t\t\t\t\t\t\n\t\t\t\t\t\t\t\t\t\t\t<div class=\"row\">\n\t\t\t\t\t\t\t\t\t\t\t\t<div class=\"col-xs-9 col-md-9\">\n\t\t\t\t\t\t\t\t\t\t\t\t\t<div class=\"box\">\n\t\t\t\t\t\t\t\t\t\t\t\t\t\t\t\t\t\t\t\t\t\t\t\t\t\t\t<\/div>\n\t\t\t\t\t\t\t\t\t\t\t\t<\/div>\n\t\t\t\t\t\t\t\t\t\t\t<\/div>\n\n\t\t\t\t\t\t\t\t\t\t\t\t\t\t\t\t\t\t\t\t\t<\/div>\n\t\t\t\t\t\t\t\t\t<\/div>\n\t\t\t\t\t\t\t\t<\/div>\n\t\t\t\t\t\t\t\t<\/block-accordion-item>\n\t\t\t\t\t\t\t\t\t\t\t\t\t<\/div>\n\t\t\t\t\t\t<\/block-accordion>\n\t\t\t\t\t\t\t\t\t<\/div>\n\t\t\t<\/div>\n\t\t<\/div>\n\t<\/div>\n<\/section>\n\n\n\n<section class=\"block block-gallery\">\n\t<div class=\"container-fluid\">\n\t\t<div class=\"row center-xs\">\n\t\t\t<div class=\"col-xs-12\">\n\t\t\t\t<div class=\"box text-align-left\">\n\t\t\t\t\t<block-gallery inline-template>\n\t\t\t\t\t\t<div :class=\"{ firstLoaded: firstLoaded }\">\n\t\t\t\t\t\t\t<script type=\"application\/json\" ref=\"data\">\n\t\t\t\t\t\t\t{\n\t\t\t\t\t\t\t\t\"images\" : [{\"id\":0,\"width\":1280,\"height\":854,\"alt\":\"Demonstration mit einem Schild &quot;WASSER F&Uuml;R ALLE&quot;, umgeben von urbaner Kulisse und Menschen.\",\"title\":\"\",\"description\":\"\",\"label\":\"Wasser f&uuml;r Alle: Aktivist:innen auf dem Weltwassertag am 22.3.2025 in Berlin\",\"copyright\":\"Humboldt-Universit\\u00e4t zu Berlin \\\/ Foto: Philipp Plum\",\"path\":\"\\\/wp-content\\\/uploads\\\/2025\\\/07\\\/\",\"sizes\":{\"medium\":{\"file\":\"SHF_eb00248502-300x200.jpg\",\"width\":300,\"height\":200,\"mime-type\":\"image\\\/jpeg\",\"filesize\":15164},\"large\":{\"file\":\"SHF_eb00248502-1024x683.jpg\",\"width\":1024,\"height\":683,\"mime-type\":\"image\\\/jpeg\",\"filesize\":86847},\"thumbnail\":{\"file\":\"SHF_eb00248502-150x150.jpg\",\"width\":150,\"height\":150,\"mime-type\":\"image\\\/jpeg\",\"filesize\":6984},\"medium_large\":{\"file\":\"SHF_eb00248502-768x512.jpg\",\"width\":768,\"height\":512,\"mime-type\":\"image\\\/jpeg\",\"filesize\":57480},\"small\":{\"file\":\"SHF_eb00248502-440x294.jpg\",\"width\":440,\"height\":294,\"mime-type\":\"image\\\/jpeg\",\"filesize\":26250},\"semi\":{\"file\":\"SHF_eb00248502-580x387.jpg\",\"width\":580,\"height\":387,\"mime-type\":\"image\\\/jpeg\",\"filesize\":39266},\"mobile\":{\"file\":\"SHF_eb00248502-720x480.jpg\",\"width\":720,\"height\":480,\"mime-type\":\"image\\\/jpeg\",\"filesize\":52574},\"original\":{\"file\":\"SHF_eb00248502.jpg\",\"width\":1280,\"height\":854}}},{\"id\":1,\"width\":1280,\"height\":854,\"alt\":\"Moderne Innenraumgestaltung mit Sitzm&ouml;beln, Kunstinstallationen und interagierenden Menschen.\",\"title\":\"\",\"description\":\"\",\"label\":\"Er&ouml;ffnung der Ausstellung &quot;Geschichte(n) Tansanias&quot; \",\"copyright\":\"Charity Atukunda, Gloria Kiconco und Liz Kobusinge \\\/ Stiftung Humboldt Forum im Berliner Schloss \\\/ Szenografie: APC Architectural Pioneering Consultants \\\/ Studio Gr\\u00fcnder Kirfel, Foto: Frank Sperling\",\"path\":\"\\\/wp-content\\\/uploads\\\/2025\\\/06\\\/\",\"sizes\":{\"medium\":{\"file\":\"SHF_eb00236698-300x200.jpg\",\"width\":300,\"height\":200,\"mime-type\":\"image\\\/jpeg\",\"filesize\":17764},\"large\":{\"file\":\"SHF_eb00236698-1024x683.jpg\",\"width\":1024,\"height\":683,\"mime-type\":\"image\\\/jpeg\",\"filesize\":114214},\"thumbnail\":{\"file\":\"SHF_eb00236698-150x150.jpg\",\"width\":150,\"height\":150,\"mime-type\":\"image\\\/jpeg\",\"filesize\":8186},\"medium_large\":{\"file\":\"SHF_eb00236698-768x512.jpg\",\"width\":768,\"height\":512,\"mime-type\":\"image\\\/jpeg\",\"filesize\":74071},\"small\":{\"file\":\"SHF_eb00236698-440x294.jpg\",\"width\":440,\"height\":294,\"mime-type\":\"image\\\/jpeg\",\"filesize\":32009},\"semi\":{\"file\":\"SHF_eb00236698-580x387.jpg\",\"width\":580,\"height\":387,\"mime-type\":\"image\\\/jpeg\",\"filesize\":49233},\"mobile\":{\"file\":\"SHF_eb00236698-720x480.jpg\",\"width\":720,\"height\":480,\"mime-type\":\"image\\\/jpeg\",\"filesize\":66953},\"original\":{\"file\":\"SHF_eb00236698.jpg\",\"width\":1280,\"height\":854}}},{\"id\":2,\"width\":1500,\"height\":1133,\"alt\":\"Feliciano Lana: Geschichte des SPI (brutale Patrone)\",\"title\":\"\",\"description\":\"Feliciano Lana, 2019, ohne Titel, Aquarell auf Papier\",\"label\":\"\",\"copyright\":\"Feliciano Lana \\\/ Staatliche Museen zu Berlin, Ethnologisches Museum \\\/ digitale Reproduktion: Thiago da Costa Oliveira & Claudio Aparecido Tavares\",\"path\":\"\\\/wp-content\\\/uploads\\\/2025\\\/04\\\/\",\"sizes\":{\"medium\":{\"file\":\"SHF_eb00219031-300x227.jpg\",\"width\":300,\"height\":227,\"mime-type\":\"image\\\/jpeg\",\"filesize\":14188},\"large\":{\"file\":\"SHF_eb00219031-1024x773.jpg\",\"width\":1024,\"height\":773,\"mime-type\":\"image\\\/jpeg\",\"filesize\":116985},\"thumbnail\":{\"file\":\"SHF_eb00219031-150x150.jpg\",\"width\":150,\"height\":150,\"mime-type\":\"image\\\/jpeg\",\"filesize\":6488},\"medium_large\":{\"file\":\"SHF_eb00219031-768x580.jpg\",\"width\":768,\"height\":580,\"mime-type\":\"image\\\/jpeg\",\"filesize\":69298},\"small\":{\"file\":\"SHF_eb00219031-440x332.jpg\",\"width\":440,\"height\":332,\"mime-type\":\"image\\\/jpeg\",\"filesize\":26202},\"semi\":{\"file\":\"SHF_eb00219031-580x438.jpg\",\"width\":580,\"height\":438,\"mime-type\":\"image\\\/jpeg\",\"filesize\":42211},\"mobile\":{\"file\":\"SHF_eb00219031-720x544.jpg\",\"width\":720,\"height\":544,\"mime-type\":\"image\\\/jpeg\",\"filesize\":60940},\"hd\":{\"file\":\"SHF_eb00219031-1280x967.jpg\",\"width\":1280,\"height\":967,\"mime-type\":\"image\\\/jpeg\",\"filesize\":177528},\"original\":{\"file\":\"SHF_eb00219031.jpg\",\"width\":1500,\"height\":1133}}},{\"id\":3,\"width\":1280,\"height\":793,\"alt\":\"Vier Personen interagieren mit einem interaktiven Tisch, der historische Themen pr&auml;sentiert.\",\"title\":\"\",\"description\":\"\",\"label\":\"Besucher*innen der Ausstellung BERLIN GLOBAL drehen am Rad der Geschichte, einem Display-Tisch, im Raum Revolution\",\"copyright\":\"Kulturprojekte Berlin und Stiftung Stadtmuseum Berlin \\\/ Stiftung Humboldt Forum im Berliner Schloss, Foto: David von Becker\",\"path\":\"\\\/wp-content\\\/uploads\\\/2025\\\/07\\\/\",\"sizes\":{\"medium\":{\"file\":\"SHF_eb00112166-300x186.jpg\",\"width\":300,\"height\":186,\"mime-type\":\"image\\\/jpeg\",\"filesize\":10605},\"large\":{\"file\":\"SHF_eb00112166-1024x634.jpg\",\"width\":1024,\"height\":634,\"mime-type\":\"image\\\/jpeg\",\"filesize\":62070},\"thumbnail\":{\"file\":\"SHF_eb00112166-150x150.jpg\",\"width\":150,\"height\":150,\"mime-type\":\"image\\\/jpeg\",\"filesize\":5227},\"medium_large\":{\"file\":\"SHF_eb00112166-768x476.jpg\",\"width\":768,\"height\":476,\"mime-type\":\"image\\\/jpeg\",\"filesize\":39878},\"small\":{\"file\":\"SHF_eb00112166-440x273.jpg\",\"width\":440,\"height\":273,\"mime-type\":\"image\\\/jpeg\",\"filesize\":18166},\"semi\":{\"file\":\"SHF_eb00112166-580x359.jpg\",\"width\":580,\"height\":359,\"mime-type\":\"image\\\/jpeg\",\"filesize\":26463},\"mobile\":{\"file\":\"SHF_eb00112166-720x446.jpg\",\"width\":720,\"height\":446,\"mime-type\":\"image\\\/jpeg\",\"filesize\":35964},\"original\":{\"file\":\"SHF_eb00112166.jpg\",\"width\":1280,\"height\":793}}},{\"id\":4,\"width\":600,\"height\":496,\"alt\":\"Modell eines Schiffs in einer gl&auml;sernen Vitrine, umgeben von einer digitalen Projektion.\",\"title\":\"\",\"description\":\"Das als Spur zur Geschichte des Ortes im Humboldt Forum ausgestellte Silberschiff. \",\"label\":\"\",\"copyright\":\"Modell der HMS Victory aus dem Berliner Schloss, HM 5063 \\\/ Stiftung Hohenzollernscher Kunstbesitz \\\/ \\u00a9 Stiftung Preu\\u00dfische Schl\\u00f6sser und G\\u00e4rten Berlin-Brandenburg \\\/ Stiftung Humboldt Forum im Berliner Schloss, Foto: Alexander Schippel\",\"path\":\"\\\/wp-content\\\/uploads\\\/2023\\\/09\\\/\",\"sizes\":{\"medium\":{\"file\":\"SHF_eb00129298_HMS-Victory-300x248.jpg\",\"width\":300,\"height\":248,\"mime-type\":\"image\\\/jpeg\",\"filesize\":21503},\"thumbnail\":{\"file\":\"SHF_eb00129298_HMS-Victory-150x150.jpg\",\"width\":150,\"height\":150,\"mime-type\":\"image\\\/jpeg\",\"filesize\":7478},\"small\":{\"file\":\"SHF_eb00129298_HMS-Victory-440x364.jpg\",\"width\":440,\"height\":364,\"mime-type\":\"image\\\/jpeg\",\"filesize\":40511},\"semi\":{\"file\":\"SHF_eb00129298_HMS-Victory-580x479.jpg\",\"width\":580,\"height\":479,\"mime-type\":\"image\\\/jpeg\",\"filesize\":66222},\"original\":{\"file\":\"SHF_eb00129298_HMS-Victory.jpg\",\"width\":600,\"height\":496}}},{\"id\":5,\"width\":1280,\"height\":853,\"alt\":\"Interaktive Ausstellung mit digitalem Bodenprojektor und Besuchern in einem modernen Museum.\",\"title\":\"\",\"description\":\"\",\"label\":\"Besucher*innen an einem Medientisch im Schlosskeller zur Er&ouml;ffnung des Humboldt Forums im Juli 2021\",\"copyright\":\"Stiftung Humboldt Forum im Berliner Schloss \\\/ ART+COM, Foto: Stefanie Loos\",\"path\":\"\\\/wp-content\\\/uploads\\\/2025\\\/07\\\/\",\"sizes\":{\"medium\":{\"file\":\"SHF_eb00118219_Eroeffnung-Humboldt-Forum-im-Berliner-Schloss-300x200.jpg\",\"width\":300,\"height\":200,\"mime-type\":\"image\\\/jpeg\",\"filesize\":15969},\"large\":{\"file\":\"SHF_eb00118219_Eroeffnung-Humboldt-Forum-im-Berliner-Schloss-1024x682.jpg\",\"width\":1024,\"height\":682,\"mime-type\":\"image\\\/jpeg\",\"filesize\":123874},\"thumbnail\":{\"file\":\"SHF_eb00118219_Eroeffnung-Humboldt-Forum-im-Berliner-Schloss-150x150.jpg\",\"width\":150,\"height\":150,\"mime-type\":\"image\\\/jpeg\",\"filesize\":7730},\"medium_large\":{\"file\":\"SHF_eb00118219_Eroeffnung-Humboldt-Forum-im-Berliner-Schloss-768x512.jpg\",\"width\":768,\"height\":512,\"mime-type\":\"image\\\/jpeg\",\"filesize\":77846},\"small\":{\"file\":\"SHF_eb00118219_Eroeffnung-Humboldt-Forum-im-Berliner-Schloss-440x293.jpg\",\"width\":440,\"height\":293,\"mime-type\":\"image\\\/jpeg\",\"filesize\":30536},\"semi\":{\"file\":\"SHF_eb00118219_Eroeffnung-Humboldt-Forum-im-Berliner-Schloss-580x387.jpg\",\"width\":580,\"height\":387,\"mime-type\":\"image\\\/jpeg\",\"filesize\":48844},\"mobile\":{\"file\":\"SHF_eb00118219_Eroeffnung-Humboldt-Forum-im-Berliner-Schloss-720x480.jpg\",\"width\":720,\"height\":480,\"mime-type\":\"image\\\/jpeg\",\"filesize\":69637},\"original\":{\"file\":\"SHF_eb00118219_Eroeffnung-Humboldt-Forum-im-Berliner-Schloss.jpg\",\"width\":1280,\"height\":853}}}]\t\t\t\t\t\t\t}\n\t\t\t\t\t\t\t<\/script>\n\n\t\t\t\t\t\t\t<swiper :options=\"options\" @slide-change=\"track\">\n\t\t\t\t\t\t\t\t<div class=\"swiper-slide\" :key=\"image.id\" v-for=\"image in images\">\n\t\t\t\t\t\t\t\t\t<block-gallery-item inline-template :image=\"image\">\n\t\t\t\t\t\t\t\t\t\t<figure class=\"swiper-slide-image-wrapper\" ref=\"parent\">\n\t\t\t\t\t\t\t\t\t\t\t<div class=\"width-container\" ref=\"container\" :style=\"style\">\n\t\t\t\t\t\t\t\t\t\t\t\t<div data-swiper-parallax-x=\"50%\">\n\t\t\t\t\t\t\t\t\t\t\t\t<img :src=\"image.src\" :alt=\"image.alt\" v-if=\"image.id < 2\">\n\t\t\t\t\t\t\t\t\t\t\t\t<img class=\"swiper-lazy\" :data-src=\"image.src\" :alt=\"image.alt\" v-else>\n\t\t\t\t\t\t\t\t\t\t\t\t<\/div>\n\t\t\t\t\t\t\t\t\t\t\t<\/div>\n\t\t\t\t\t\t\t\t\t\t<\/figure>\n\t\t\t\t\t\t\t\t\t<\/block-gallery-item>\n\n\t\t\t\t\t\t\t\t\t<figcaption>\n\t\t\t\t\t\t\t\t\t\t<div class=\"lazy-media-info-body-content\">\n\t\t\t\t\t\t\t\t\t\t\t<div v-html=\"image.label\"><\/div>\n\t\t\t\t\t\t\t\t\t\t\t<div v-html=\"image.description\"><\/div>\n\t\t\t\t\t\t\t\t\t\t\t<div class=\"insignificant\" v-if=\"image.copyright\" v-html=\"'\u00a9 '+image.copyright\"><\/div>\n\t\t\t\t\t\t\t\t\t\t<\/div>\n\t\t\t\t\t\t\t\t\t<\/figcaption>\n\t\t\t\t\t\t\t\t<\/div>\n\n\t\t\t\t\t\t\t\t<div class=\"swiper-pagination\"  slot=\"pagination\"><\/div>\n\n\t\t\t\t\t\t\t\t<button class=\"icon-round swiper-button-prev\" slot=\"button-prev\" aria-label=\"Vorheriges Bild\">\n\t\t\t\t\t\t\t\t\t<span class=\"icon-next\" aria-hidden=\"true\"><\/span>\n\t\t\t\t\t\t\t\t<\/button>\n\n\t\t\t\t\t\t\t\t<button class=\"icon-round swiper-button-next\" slot=\"button-next\" aria-label=\"N\u00e4chstes Bild\">\n\t\t\t\t\t\t\t\t\t<span class=\"icon-next\" aria-hidden=\"true\"><\/span>\n\t\t\t\t\t\t\t\t<\/button>\n\t\t\t\t\t\t\t<\/swiper>\n\t\t\t\t\t\t<\/div>\n\t\t\t\t\t<\/block-gallery>\n\t\t\t\t<\/div>\n\t\t\t<\/div>\n\t\t<\/div>\n\t<\/div>\n<\/section>\n\n<section class=\"block block-headline block-no-margin \"  id='performances' data-anchor='Performances'>\n\t<div class=\"container-fluid\">\n\t\t<div class=\"row\">\n\t\t\t\t\t\t\t<div class=\"col-xs-12 col-md-offset-2 col-md-8\">\n\t\t\t\t\t<div class=\"box\">\n\t\t\t\t\t\t<h2 class=\".h4\">Performances (60 Min.)<\/h2>\n\t\t\t\t\t<\/div>\n\t\t\t\t<\/div>\n\t\t\t\t\t<\/div>\n\t<\/div>\n<\/section>\n\n\n\n\n\n<section class=\"block block-accordion\">\n\t<div class=\"container-fluid\">\n\t\t<div class=\"row\">\n\t\t\t<div class=\"col-xs-12 col-md-offset-2 col-md-8\">\n\t\t\t\t<div class=\"box\">\n\t\t\t\t\t\t\t\t\t\t\t<block-accordion inline-template>\n\t\t\t\t\t\t\t<div class=\"accordion\">\n\t\t\t\t\t\t\t\t\t\t\t\t\t\t\t<block-accordion-item inline-template item-headline=\"Berlin Africa Reconference\">\n\t\t\t\t\t\t\t\t<div ref=\"item\" data-id=\"BerlinAfricaReconference\" class=\"block-accordion-item vue-initialize\" aria-expanded=\"false\" :aria-expanded=\"active ? 'true' : 'false'\">\n\t\t\t\t\t\t\t\t\t<button class=\"accordion-button-with-icon block-accordion-item-head\" :class=\"{'button-active': active}\" ref=\"head\" aria-controls=\"acc_69f766e54f449\" id=\"acc_title_69f766e54f44c\" @click=\"toggle\" @keydown=\"key\">\n\t\t\t\t\t\t\t\t\t<div><span class=\"button-label\">Berlin Africa Reconference<\/span><\/div><span class=\"button-icon icon-plus\" aria-hidden=\"true\"><\/span>\n\t\t\t\t\t\t\t\t<\/button>\n\t\t\t\t\t\t\t\t\t<div ref=\"body\" class=\"block-accordion-item-content\" id=\"acc_69f766e54f449\" role=\"region\">\n\t\t\t\t\t\t\t\t\t\t<div class=\"wrapper copy\">\n\t\t\t\t\t\t\t\t\t\t\t<p>Eine partizipative F\u00fchrung durch die Afrika-Ausstellungen im Ethnologischen Museum, die den Schatten von 140 Jahren Kolonialismus nachsp\u00fcrt und die Frage aufwirft: Wie kann echte Gerechtigkeit entstehen, wenn die Wunden der Vergangenheit noch bluten? Die&nbsp;performativen F\u00fchrung von David Dibiah ruft nach R\u00fcckgabe, Gerechtigkeit und Wiederaneignung des afrikanischen Kontinents und bezieht das Publikum durch Musik, Tanz und szenisches Spiel direkt ein in wichtige Fragen unserer Gegenwart.<\/p>\n\n\t\t\t\t\t\t\t\t\t\t\t\t\t\t\t\t\t\t\t\t\t\t\t\t\t\t\t\t\t\t\t\t\t\n\t\t\t\t\t\t\t\t\t\t\t<div class=\"row\">\n\t\t\t\t\t\t\t\t\t\t\t\t<div class=\"col-xs-9 col-md-9\">\n\t\t\t\t\t\t\t\t\t\t\t\t\t<div class=\"box\">\n\t\t\t\t\t\t\t\t\t\t\t\t\t\t\t\t\t\t\t\t\t\t\t\t\t\t\t<\/div>\n\t\t\t\t\t\t\t\t\t\t\t\t<\/div>\n\t\t\t\t\t\t\t\t\t\t\t<\/div>\n\n\t\t\t\t\t\t\t\t\t\t\t\t\t\t\t\t\t\t\t\t\t<\/div>\n\t\t\t\t\t\t\t\t\t<\/div>\n\t\t\t\t\t\t\t\t<\/div>\n\t\t\t\t\t\t\t\t<\/block-accordion-item>\n\t\t\t\t\t\t\t\t\t\t\t\t\t\t<block-accordion-item inline-template item-headline=\"Tanzende Generationen \u2013 Macht Wind im Museum!\u00a0\">\n\t\t\t\t\t\t\t\t<div ref=\"item\" data-id=\"TanzendeGenerationenMachtWindimMuseum\" class=\"block-accordion-item vue-initialize\" aria-expanded=\"false\" :aria-expanded=\"active ? 'true' : 'false'\">\n\t\t\t\t\t\t\t\t\t<button class=\"accordion-button-with-icon block-accordion-item-head\" :class=\"{'button-active': active}\" ref=\"head\" aria-controls=\"acc_69f766e54f80c\" id=\"acc_title_69f766e54f80d\" @click=\"toggle\" @keydown=\"key\">\n\t\t\t\t\t\t\t\t\t<div><span class=\"button-label\">Tanzende Generationen \u2013 Macht Wind im Museum!\u00a0<\/span><\/div><span class=\"button-icon icon-plus\" aria-hidden=\"true\"><\/span>\n\t\t\t\t\t\t\t\t<\/button>\n\t\t\t\t\t\t\t\t\t<div ref=\"body\" class=\"block-accordion-item-content\" id=\"acc_69f766e54f80c\" role=\"region\">\n\t\t\t\t\t\t\t\t\t\t<div class=\"wrapper copy\">\n\t\t\t\t\t\t\t\t\t\t\t<p>Gemeinsam erkundet ihr, wie Tanz \u00fcber Generationen hinweg weitergegeben wird \u2013 als lebendiges Erbe, das verbindet und begeistert. In dieser interaktiven Familienf\u00fchrung lernt ihr spannende Objekte aus Vergangenheit und Gegenwart kennen und bringt mit F\u00e4chern Bewegung ins Museum f\u00fcr Asiatische Kunst. Beim Tanzen, Lauschen und Ausprobieren erlebt ihr, wie Geschichten, K\u00f6rper und Bewegung zusammenfinden. Lasst euch gemeinsam inspirieren!<\/p>\n\n\t\t\t\t\t\t\t\t\t\t\t\t\t\t\t\t\t\t\t\t\t\t\t\t\t\t\t\t\t\t\t\t\t\n\t\t\t\t\t\t\t\t\t\t\t<div class=\"row\">\n\t\t\t\t\t\t\t\t\t\t\t\t<div class=\"col-xs-9 col-md-9\">\n\t\t\t\t\t\t\t\t\t\t\t\t\t<div class=\"box\">\n\t\t\t\t\t\t\t\t\t\t\t\t\t\t\t\t\t\t\t\t\t\t\t\t\t\t\t<\/div>\n\t\t\t\t\t\t\t\t\t\t\t\t<\/div>\n\t\t\t\t\t\t\t\t\t\t\t<\/div>\n\n\t\t\t\t\t\t\t\t\t\t\t\t\t\t\t\t\t\t\t\t\t<\/div>\n\t\t\t\t\t\t\t\t\t<\/div>\n\t\t\t\t\t\t\t\t<\/div>\n\t\t\t\t\t\t\t\t<\/block-accordion-item>\n\t\t\t\t\t\t\t\t\t\t\t\t\t\t<block-accordion-item inline-template item-headline=\"#Logoskop Special Teachers\u2019 Night \u2013 Dichtung und Wissenschaft mit Clara Nielsen und Noah Klaus\">\n\t\t\t\t\t\t\t\t<div ref=\"item\" data-id=\"LogoskopSpecialTeachersNightDichtungundWissenschaftmitClaraNielsenundNoahKlaus\" class=\"block-accordion-item vue-initialize\" aria-expanded=\"false\" :aria-expanded=\"active ? 'true' : 'false'\">\n\t\t\t\t\t\t\t\t\t<button class=\"accordion-button-with-icon block-accordion-item-head\" :class=\"{'button-active': active}\" ref=\"head\" aria-controls=\"acc_69f766e54faec\" id=\"acc_title_69f766e54faee\" @click=\"toggle\" @keydown=\"key\">\n\t\t\t\t\t\t\t\t\t<div><span class=\"button-label\">#Logoskop Special Teachers\u2019 Night \u2013 Dichtung und Wissenschaft mit Clara Nielsen und Noah Klaus<\/span><\/div><span class=\"button-icon icon-plus\" aria-hidden=\"true\"><\/span>\n\t\t\t\t\t\t\t\t<\/button>\n\t\t\t\t\t\t\t\t\t<div ref=\"body\" class=\"block-accordion-item-content\" id=\"acc_69f766e54faec\" role=\"region\">\n\t\t\t\t\t\t\t\t\t\t<div class=\"wrapper copy\">\n\t\t\t\t\t\t\t\t\t\t\t<p>Bereits seit 2021 tritt im Humboldt Labor einmal im Monat die Kunstfreiheit an, um den Blick der Wissenschaft aufzumischen. Mit Mikrofon und Verst\u00e4rkeranlage ausgestattet tragen die Slam-Poet*innen Clara Nielsen und Noah Klaus anl\u00e4sslich der Teachers&#8216; Night ausgew\u00e4hlte Texte an Objekten der neu er\u00f6ffneten Ausstellung &#8222;On Water. WasserWissen in Berlin&#8220; vor. Die von Bas B\u00f6ttcher, einem Urgestein der Spoken Word-Szene, kuratierte Reihe l\u00e4dt zu einem \u201everballistischen Rundflug\u201c durch die Wissenschaftsausstellung zum Thema Wasser ein.<\/p>\n<p><a href=\"https:\/\/www.humboldtforum.org\/de\/programm\/event-reihe\/literatur\/logoskop-122834\/\" target=\"_blank\" rel=\"noopener\"><em>Weitere Infos<\/em><\/a><\/p>\n\n\t\t\t\t\t\t\t\t\t\t\t\t\t\t\t\t\t\t\t\t\t\t\t\t\t\t\t\t\t\t\t\t\t\n\t\t\t\t\t\t\t\t\t\t\t<div class=\"row\">\n\t\t\t\t\t\t\t\t\t\t\t\t<div class=\"col-xs-9 col-md-9\">\n\t\t\t\t\t\t\t\t\t\t\t\t\t<div class=\"box\">\n\t\t\t\t\t\t\t\t\t\t\t\t\t\t\t\t\t\t\t\t\t\t\t\t\t\t\t<\/div>\n\t\t\t\t\t\t\t\t\t\t\t\t<\/div>\n\t\t\t\t\t\t\t\t\t\t\t<\/div>\n\n\t\t\t\t\t\t\t\t\t\t\t\t\t\t\t\t\t\t\t\t\t<\/div>\n\t\t\t\t\t\t\t\t\t<\/div>\n\t\t\t\t\t\t\t\t<\/div>\n\t\t\t\t\t\t\t\t<\/block-accordion-item>\n\t\t\t\t\t\t\t\t\t\t\t\t\t<\/div>\n\t\t\t\t\t\t<\/block-accordion>\n\t\t\t\t\t\t\t\t\t<\/div>\n\t\t\t<\/div>\n\t\t<\/div>\n\t<\/div>\n<\/section>\n\n\n\n<section class=\"block block-gallery\">\n\t<div class=\"container-fluid\">\n\t\t<div class=\"row center-xs\">\n\t\t\t<div class=\"col-xs-12\">\n\t\t\t\t<div class=\"box text-align-left\">\n\t\t\t\t\t<block-gallery inline-template>\n\t\t\t\t\t\t<div :class=\"{ firstLoaded: firstLoaded }\">\n\t\t\t\t\t\t\t<script type=\"application\/json\" ref=\"data\">\n\t\t\t\t\t\t\t{\n\t\t\t\t\t\t\t\t\"images\" : [{\"id\":0,\"width\":1280,\"height\":853,\"alt\":\"Person in schwarzer Kleidung mit F&auml;cher in dynamischer Pose vor Buddha-Statue in minimalistischer Galerie.\",\"title\":\"\",\"description\":\"\",\"label\":\"Yuko Matsuyama w&auml;hrend der Performance &bdquo;Un-sichtbare H&auml;nde&ldquo;\",\"copyright\":\"Museum f\\u00fcr Asiatische Kunst, Foto: Frank Sperling\",\"path\":\"\\\/wp-content\\\/uploads\\\/2023\\\/08\\\/\",\"sizes\":{\"medium\":{\"file\":\"SHF_eb00208541-300x200.jpg\",\"width\":300,\"height\":200,\"mime-type\":\"image\\\/jpeg\",\"filesize\":8569},\"large\":{\"file\":\"SHF_eb00208541-1024x682.jpg\",\"width\":1024,\"height\":682,\"mime-type\":\"image\\\/jpeg\",\"filesize\":45068},\"thumbnail\":{\"file\":\"SHF_eb00208541-150x150.jpg\",\"width\":150,\"height\":150,\"mime-type\":\"image\\\/jpeg\",\"filesize\":4947},\"medium_large\":{\"file\":\"SHF_eb00208541-768x512.jpg\",\"width\":768,\"height\":512,\"mime-type\":\"image\\\/jpeg\",\"filesize\":30216},\"small\":{\"file\":\"SHF_eb00208541-440x293.jpg\",\"width\":440,\"height\":293,\"mime-type\":\"image\\\/jpeg\",\"filesize\":14150},\"semi\":{\"file\":\"SHF_eb00208541-580x387.jpg\",\"width\":580,\"height\":387,\"mime-type\":\"image\\\/jpeg\",\"filesize\":20558},\"mobile\":{\"file\":\"SHF_eb00208541-720x480.jpg\",\"width\":720,\"height\":480,\"mime-type\":\"image\\\/jpeg\",\"filesize\":27852},\"original\":{\"file\":\"SHF_eb00208541.jpg\",\"width\":1280,\"height\":853}}},{\"id\":1,\"width\":1500,\"height\":999,\"alt\":\"Eine Person spricht vor Publikum, umgeben von Projektionen einer bunten, lebhaften Unterwasserwelt.\",\"title\":\"\",\"description\":\"Logoskop Veranstaltung im Humboldt Labor\",\"label\":\"\",\"copyright\":\"Humboldt-Universit\\u00e4t zu Berlin \\\/ schnellebuntebilder, Foto: Nadine Zilliges\\r\\n\",\"path\":\"\\\/wp-content\\\/uploads\\\/2024\\\/02\\\/\",\"sizes\":{\"medium\":{\"file\":\"SHF_eb00148953-300x200.jpg\",\"width\":300,\"height\":200,\"mime-type\":\"image\\\/jpeg\",\"filesize\":11769},\"large\":{\"file\":\"SHF_eb00148953-1024x682.jpg\",\"width\":1024,\"height\":682,\"mime-type\":\"image\\\/jpeg\",\"filesize\":86137},\"thumbnail\":{\"file\":\"SHF_eb00148953-150x150.jpg\",\"width\":150,\"height\":150,\"mime-type\":\"image\\\/jpeg\",\"filesize\":5593},\"medium_large\":{\"file\":\"SHF_eb00148953-768x511.jpg\",\"width\":768,\"height\":511,\"mime-type\":\"image\\\/jpeg\",\"filesize\":52594},\"small\":{\"file\":\"SHF_eb00148953-440x293.jpg\",\"width\":440,\"height\":293,\"mime-type\":\"image\\\/jpeg\",\"filesize\":21370},\"semi\":{\"file\":\"SHF_eb00148953-580x386.jpg\",\"width\":580,\"height\":386,\"mime-type\":\"image\\\/jpeg\",\"filesize\":33499},\"mobile\":{\"file\":\"SHF_eb00148953-720x480.jpg\",\"width\":720,\"height\":480,\"mime-type\":\"image\\\/jpeg\",\"filesize\":47191},\"hd\":{\"file\":\"SHF_eb00148953-1280x852.jpg\",\"width\":1280,\"height\":852,\"mime-type\":\"image\\\/jpeg\",\"filesize\":128586},\"original\":{\"file\":\"SHF_eb00148953.jpg\",\"width\":1500,\"height\":999}}},{\"id\":2,\"width\":1280,\"height\":853,\"alt\":\"Mann im Milit&auml;routfit spricht mit einem Megafon, w&auml;hrend Zuschauer in einem Ausstellungsraum lauschen.\",\"title\":\"\",\"description\":\"GCA\\\/ GCC Performance &quot;It Lies in Public Spaces&quot;\",\"label\":\"\",\"copyright\":\"Stiftung Humboldt Forum im Berliner Schloss, Foto: Frank Sperling\",\"path\":\"\\\/wp-content\\\/uploads\\\/2024\\\/06\\\/\",\"sizes\":{\"medium\":{\"file\":\"SHF_eb00208625-300x200.jpg\",\"width\":300,\"height\":200,\"mime-type\":\"image\\\/jpeg\",\"filesize\":13706},\"large\":{\"file\":\"SHF_eb00208625-1024x682.jpg\",\"width\":1024,\"height\":682,\"mime-type\":\"image\\\/jpeg\",\"filesize\":77290},\"thumbnail\":{\"file\":\"SHF_eb00208625-150x150.jpg\",\"width\":150,\"height\":150,\"mime-type\":\"image\\\/jpeg\",\"filesize\":6835},\"medium_large\":{\"file\":\"SHF_eb00208625-768x512.jpg\",\"width\":768,\"height\":512,\"mime-type\":\"image\\\/jpeg\",\"filesize\":51269},\"small\":{\"file\":\"SHF_eb00208625-440x293.jpg\",\"width\":440,\"height\":293,\"mime-type\":\"image\\\/jpeg\",\"filesize\":23577},\"semi\":{\"file\":\"SHF_eb00208625-580x387.jpg\",\"width\":580,\"height\":387,\"mime-type\":\"image\\\/jpeg\",\"filesize\":35104},\"mobile\":{\"file\":\"SHF_eb00208625-720x480.jpg\",\"width\":720,\"height\":480,\"mime-type\":\"image\\\/jpeg\",\"filesize\":46446},\"original\":{\"file\":\"SHF_eb00208625.jpg\",\"width\":1280,\"height\":853}}}]\t\t\t\t\t\t\t}\n\t\t\t\t\t\t\t<\/script>\n\n\t\t\t\t\t\t\t<swiper :options=\"options\" @slide-change=\"track\">\n\t\t\t\t\t\t\t\t<div class=\"swiper-slide\" :key=\"image.id\" v-for=\"image in images\">\n\t\t\t\t\t\t\t\t\t<block-gallery-item inline-template :image=\"image\">\n\t\t\t\t\t\t\t\t\t\t<figure class=\"swiper-slide-image-wrapper\" ref=\"parent\">\n\t\t\t\t\t\t\t\t\t\t\t<div class=\"width-container\" ref=\"container\" :style=\"style\">\n\t\t\t\t\t\t\t\t\t\t\t\t<div data-swiper-parallax-x=\"50%\">\n\t\t\t\t\t\t\t\t\t\t\t\t<img :src=\"image.src\" :alt=\"image.alt\" v-if=\"image.id < 2\">\n\t\t\t\t\t\t\t\t\t\t\t\t<img class=\"swiper-lazy\" :data-src=\"image.src\" :alt=\"image.alt\" v-else>\n\t\t\t\t\t\t\t\t\t\t\t\t<\/div>\n\t\t\t\t\t\t\t\t\t\t\t<\/div>\n\t\t\t\t\t\t\t\t\t\t<\/figure>\n\t\t\t\t\t\t\t\t\t<\/block-gallery-item>\n\n\t\t\t\t\t\t\t\t\t<figcaption>\n\t\t\t\t\t\t\t\t\t\t<div class=\"lazy-media-info-body-content\">\n\t\t\t\t\t\t\t\t\t\t\t<div v-html=\"image.label\"><\/div>\n\t\t\t\t\t\t\t\t\t\t\t<div v-html=\"image.description\"><\/div>\n\t\t\t\t\t\t\t\t\t\t\t<div class=\"insignificant\" v-if=\"image.copyright\" v-html=\"'\u00a9 '+image.copyright\"><\/div>\n\t\t\t\t\t\t\t\t\t\t<\/div>\n\t\t\t\t\t\t\t\t\t<\/figcaption>\n\t\t\t\t\t\t\t\t<\/div>\n\n\t\t\t\t\t\t\t\t<div class=\"swiper-pagination\"  slot=\"pagination\"><\/div>\n\n\t\t\t\t\t\t\t\t<button class=\"icon-round swiper-button-prev\" slot=\"button-prev\" aria-label=\"Vorheriges Bild\">\n\t\t\t\t\t\t\t\t\t<span class=\"icon-next\" aria-hidden=\"true\"><\/span>\n\t\t\t\t\t\t\t\t<\/button>\n\n\t\t\t\t\t\t\t\t<button class=\"icon-round swiper-button-next\" slot=\"button-next\" aria-label=\"N\u00e4chstes Bild\">\n\t\t\t\t\t\t\t\t\t<span class=\"icon-next\" aria-hidden=\"true\"><\/span>\n\t\t\t\t\t\t\t\t<\/button>\n\t\t\t\t\t\t\t<\/swiper>\n\t\t\t\t\t\t<\/div>\n\t\t\t\t\t<\/block-gallery>\n\t\t\t\t<\/div>\n\t\t\t<\/div>\n\t\t<\/div>\n\t<\/div>\n<\/section>\n\n<section class=\"block block-headline block-no-margin \"  id='drop-ins' data-anchor='Drop-Ins'>\n\t<div class=\"container-fluid\">\n\t\t<div class=\"row\">\n\t\t\t\t\t\t\t<div class=\"col-xs-12 col-md-offset-2 col-md-8\">\n\t\t\t\t\t<div class=\"box\">\n\t\t\t\t\t\t<h2 class=\".h4\">Drop-Ins<\/h2>\n\t\t\t\t\t<\/div>\n\t\t\t\t<\/div>\n\t\t\t\t\t<\/div>\n\t<\/div>\n<\/section>\n\n\n\n\n\n<section class=\"block block-accordion\">\n\t<div class=\"container-fluid\">\n\t\t<div class=\"row\">\n\t\t\t<div class=\"col-xs-12 col-md-offset-2 col-md-8\">\n\t\t\t\t<div class=\"box\">\n\t\t\t\t\t\t\t\t\t\t\t<block-accordion inline-template>\n\t\t\t\t\t\t\t<div class=\"accordion\">\n\t\t\t\t\t\t\t\t\t\t\t\t\t\t\t<block-accordion-item inline-template item-headline=\"Speed-Dating der Vermittlungsformate im WELTSTUDIO von BERLIN GLOBAL\">\n\t\t\t\t\t\t\t\t<div ref=\"item\" data-id=\"Speed-DatingderVermittlungsformateimWELTSTUDIOvonBERLINGLOBAL\" class=\"block-accordion-item vue-initialize\" aria-expanded=\"false\" :aria-expanded=\"active ? 'true' : 'false'\">\n\t\t\t\t\t\t\t\t\t<button class=\"accordion-button-with-icon block-accordion-item-head\" :class=\"{'button-active': active}\" ref=\"head\" aria-controls=\"acc_69f766e5550e9\" id=\"acc_title_69f766e5550eb\" @click=\"toggle\" @keydown=\"key\">\n\t\t\t\t\t\t\t\t\t<div><span class=\"button-label\">Speed-Dating der Vermittlungsformate im WELTSTUDIO von BERLIN GLOBAL<\/span><\/div><span class=\"button-icon icon-plus\" aria-hidden=\"true\"><\/span>\n\t\t\t\t\t\t\t\t<\/button>\n\t\t\t\t\t\t\t\t\t<div ref=\"body\" class=\"block-accordion-item-content\" id=\"acc_69f766e5550e9\" role=\"region\">\n\t\t\t\t\t\t\t\t\t\t<div class=\"wrapper copy\">\n\t\t\t\t\t\t\t\t\t\t\t<p>Beim <strong>Speed-Dating der Vermittlungsformate<\/strong> im WELTSTUDIO von BERLIN GLOBAL erleben Sie kompakte Einblicke in die vielf\u00e4ltigen Bildungsangebote \u2013 mit sofortigem Ausprobieren der didaktischen Materialien!<\/p>\n<ul>\n<li><strong>UN-Kinderrechte entdecken:<\/strong> Probieren Sie Methoden und Materialien aus, die Kinderrechte greifbar und diskutierbar machen.<\/li>\n<li><strong>Vernetzt mit der Welt:<\/strong> Erleben Sie, wie Grundschulkinder ihre Verbindungen zur Welt sichtbar machen \u2013 mit kreativen Aufgaben und biografischem Erz\u00e4hlen.<\/li>\n<li><strong>Meine Verbindungen in unsere Welt:<\/strong> Gestalten Sie Tandem-Poster, die pers\u00f6nliche Perspektiven und globale Themen kreativ verbinden.<\/li>\n<li><strong>Interaktive Kartenwelt:<\/strong> Erkunden Sie spielerisch mit Kugelbahn und Webstuhl, wie individuelle Geschichten in globale Zusammenh\u00e4nge eingebettet sind.<\/li>\n<\/ul>\n<p>Steigen Sie jederzeit ein, kommen Sie mit uns und Ihren Kolleg;innen ins Gespr\u00e4ch, probieren Sie aus \u2013 und lernen Sie das WELTSTUDIO als Begegnungs- und Lernort kennen!<\/p>\n<p><strong>Ort:<\/strong> im WELTSTUDIO (BERLIN GLOBAL)<\/p>\n<p><strong>Zeit:<\/strong> ab 17:20 Uhr laufend bis ca. 20:30 Uhr<\/p>\n\n\t\t\t\t\t\t\t\t\t\t\t\t\t\t\t\t\t\t\t\t\t\t\t\t\t\t\t\t\t\t\t\t\t\n\t\t\t\t\t\t\t\t\t\t\t<div class=\"row\">\n\t\t\t\t\t\t\t\t\t\t\t\t<div class=\"col-xs-9 col-md-9\">\n\t\t\t\t\t\t\t\t\t\t\t\t\t<div class=\"box\">\n\t\t\t\t\t\t\t\t\t\t\t\t\t\t\t\t\t\t\t\t\t\t\t\t\t\t\t<\/div>\n\t\t\t\t\t\t\t\t\t\t\t\t<\/div>\n\t\t\t\t\t\t\t\t\t\t\t<\/div>\n\n\t\t\t\t\t\t\t\t\t\t\t\t\t\t\t\t\t\t\t\t\t<\/div>\n\t\t\t\t\t\t\t\t\t<\/div>\n\t\t\t\t\t\t\t\t<\/div>\n\t\t\t\t\t\t\t\t<\/block-accordion-item>\n\t\t\t\t\t\t\t\t\t\t\t\t\t\t<block-accordion-item inline-template item-headline=\"Future or Fiction? Virtual Reality f\u00fcr Schulklassen\u00a0\">\n\t\t\t\t\t\t\t\t<div ref=\"item\" data-id=\"FutureorFictionVirtualRealityfrSchulklassen\" class=\"block-accordion-item vue-initialize\" aria-expanded=\"false\" :aria-expanded=\"active ? 'true' : 'false'\">\n\t\t\t\t\t\t\t\t\t<button class=\"accordion-button-with-icon block-accordion-item-head\" :class=\"{'button-active': active}\" ref=\"head\" aria-controls=\"acc_69f766e55544e\" id=\"acc_title_69f766e555450\" @click=\"toggle\" @keydown=\"key\">\n\t\t\t\t\t\t\t\t\t<div><span class=\"button-label\">Future or Fiction? Virtual Reality f\u00fcr Schulklassen\u00a0<\/span><\/div><span class=\"button-icon icon-plus\" aria-hidden=\"true\"><\/span>\n\t\t\t\t\t\t\t\t<\/button>\n\t\t\t\t\t\t\t\t\t<div ref=\"body\" class=\"block-accordion-item-content\" id=\"acc_69f766e55544e\" role=\"region\">\n\t\t\t\t\t\t\t\t\t\t<div class=\"wrapper copy\">\n\t\t\t\t\t\t\t\t\t\t\t<p>Was w\u00e4re, wenn niemand mehr arbeiten m\u00fcsste? Aliens auf der Erde landen w\u00fcrden? Tiere nicht mehr eingesperrt werden d\u00fcrften? Alle Satelliten ausfallen w\u00fcrden? Im buchbaren Schulworkshop <a href=\"https:\/\/www.humboldtforum.org\/de\/programm\/angebot\/workshop\/augmented-reality-expedition-29997\/\" target=\"_blank\" rel=\"noopener\"><em>Future or Fiction?<\/em><\/a> stellen die Sch\u00fcler*innen Gewohntes und Allt\u00e4gliches infrage und denken \u00fcber Konsequenzen nach. In Kleingruppen diskutieren sie je nach Altersstufe unterschiedliche Fragestellungen und gestalten ihre Ideen anschlie\u00dfend als virtuelle Welten mit der Software <em>Delightex<\/em>. Das Drop-In gibt Einblick in das Material des Workshops und bietet die M\u00f6glichkeit die eingesetzte Hard- und Software selbst auszuprobieren.<\/p>\n<p><em>max. Anzahl TN: 34<\/em><\/p>\n\n\t\t\t\t\t\t\t\t\t\t\t\t\t\t\t\t\t\t\t\t\t\t\t\t\t\t\t\t\t\t\t\t\t\n\t\t\t\t\t\t\t\t\t\t\t<div class=\"row\">\n\t\t\t\t\t\t\t\t\t\t\t\t<div class=\"col-xs-9 col-md-9\">\n\t\t\t\t\t\t\t\t\t\t\t\t\t<div class=\"box\">\n\t\t\t\t\t\t\t\t\t\t\t\t\t\t\t\t\t\t\t\t\t\t\t\t\t\t\t<\/div>\n\t\t\t\t\t\t\t\t\t\t\t\t<\/div>\n\t\t\t\t\t\t\t\t\t\t\t<\/div>\n\n\t\t\t\t\t\t\t\t\t\t\t\t\t\t\t\t\t\t\t\t\t<\/div>\n\t\t\t\t\t\t\t\t\t<\/div>\n\t\t\t\t\t\t\t\t<\/div>\n\t\t\t\t\t\t\t\t<\/block-accordion-item>\n\t\t\t\t\t\t\t\t\t\t\t\t\t\t<block-accordion-item inline-template item-headline=\"Wissenschaft macht Schule \u2013 Bildungsangebote des Humboldt Labors (Infostand)\">\n\t\t\t\t\t\t\t\t<div ref=\"item\" data-id=\"WissenschaftmachtSchuleBildungsangebotedesHumboldtLaborsInfostand\" class=\"block-accordion-item vue-initialize\" aria-expanded=\"false\" :aria-expanded=\"active ? 'true' : 'false'\">\n\t\t\t\t\t\t\t\t\t<button class=\"accordion-button-with-icon block-accordion-item-head\" :class=\"{'button-active': active}\" ref=\"head\" aria-controls=\"acc_69f766e5556e2\" id=\"acc_title_69f766e5556e3\" @click=\"toggle\" @keydown=\"key\">\n\t\t\t\t\t\t\t\t\t<div><span class=\"button-label\">Wissenschaft macht Schule \u2013 Bildungsangebote des Humboldt Labors (Infostand)<\/span><\/div><span class=\"button-icon icon-plus\" aria-hidden=\"true\"><\/span>\n\t\t\t\t\t\t\t\t<\/button>\n\t\t\t\t\t\t\t\t\t<div ref=\"body\" class=\"block-accordion-item-content\" id=\"acc_69f766e5556e2\" role=\"region\">\n\t\t\t\t\t\t\t\t\t\t<div class=\"wrapper copy\">\n\t\t\t\t\t\t\t\t\t\t\t<p>Vermittler*innen des Humboldt Labors stellen die Angebote des Humboldt Labors und seiner Ausstellung <em>On Water. WasserWissen in Berlin<\/em>\u00a0f\u00fcr Schulen vor: F\u00fchrungsangebote f\u00fcr SEK I und II, Workshops, sowie Kooperationen mit der wissenschaftlichen Forschung und Lehre an der Humboldt-Universit\u00e4t zu Berlin.<\/p>\n\n\t\t\t\t\t\t\t\t\t\t\t\t\t\t\t\t\t\t\t\t\t\t\t\t\t\t\t\t\t\t\t\t\t\n\t\t\t\t\t\t\t\t\t\t\t<div class=\"row\">\n\t\t\t\t\t\t\t\t\t\t\t\t<div class=\"col-xs-9 col-md-9\">\n\t\t\t\t\t\t\t\t\t\t\t\t\t<div class=\"box\">\n\t\t\t\t\t\t\t\t\t\t\t\t\t\t\t\t\t\t\t\t\t\t\t\t\t\t\t<\/div>\n\t\t\t\t\t\t\t\t\t\t\t\t<\/div>\n\t\t\t\t\t\t\t\t\t\t\t<\/div>\n\n\t\t\t\t\t\t\t\t\t\t\t\t\t\t\t\t\t\t\t\t\t<\/div>\n\t\t\t\t\t\t\t\t\t<\/div>\n\t\t\t\t\t\t\t\t<\/div>\n\t\t\t\t\t\t\t\t<\/block-accordion-item>\n\t\t\t\t\t\t\t\t\t\t\t\t\t\t<block-accordion-item inline-template item-headline=\"Humboldting! Sch\u00fcler*innen forschen\">\n\t\t\t\t\t\t\t\t<div ref=\"item\" data-id=\"HumboldtingSchlerinnenforschen\" class=\"block-accordion-item vue-initialize\" aria-expanded=\"false\" :aria-expanded=\"active ? 'true' : 'false'\">\n\t\t\t\t\t\t\t\t\t<button class=\"accordion-button-with-icon block-accordion-item-head\" :class=\"{'button-active': active}\" ref=\"head\" aria-controls=\"acc_69f766e5559c1\" id=\"acc_title_69f766e5559c3\" @click=\"toggle\" @keydown=\"key\">\n\t\t\t\t\t\t\t\t\t<div><span class=\"button-label\">Humboldting! Sch\u00fcler*innen forschen<\/span><\/div><span class=\"button-icon icon-plus\" aria-hidden=\"true\"><\/span>\n\t\t\t\t\t\t\t\t<\/button>\n\t\t\t\t\t\t\t\t\t<div ref=\"body\" class=\"block-accordion-item-content\" id=\"acc_69f766e5559c1\" role=\"region\">\n\t\t\t\t\t\t\t\t\t\t<div class=\"wrapper copy\">\n\t\t\t\t\t\t\t\t\t\t\t<p>Sch\u00fcler*innen des Thomas-Mann-Gymnasiums besch\u00e4ftigen sich seit nun vier Jahren mit dem Humboldt Forum. Sie stellen Beispiele ihrer Arbeit vor und berichten von ihren Erfahrungen mit dem Humboldt Forum.<br \/>\nIm Rahmen ihrer k\u00fcnstlerischen Forschung sind bereits viele Projekte und Pr\u00e4sentationen entstanden. Sie haben die Wohnungen der Leiter und Leiterinnen untersucht, haben sich mit den ausgestellten &#8218;Sammlungen&#8216; besch\u00e4ftigt, haben das Service-Personal interviewt, sich mit dem Wert von Dingen auseinandergesetzt und herausgefunden, wie man im Museum spielen kann. Entstanden sind Performances, eine Ausstellung, ein Audio-Walk, Raumgestaltungen, eine Schnitzeljagt durch das Humboldt Forum und viele spannende Begegnungen. Erfahren Sie aus erster Hand, was f\u00fcr Erfahrungen die Sch\u00fcler*innen gemacht haben!<\/p>\n\n\t\t\t\t\t\t\t\t\t\t\t\t\t\t\t\t\t\t\t\t\t\t\t\t\t\t\t\t\t\t\t\t\t\n\t\t\t\t\t\t\t\t\t\t\t<div class=\"row\">\n\t\t\t\t\t\t\t\t\t\t\t\t<div class=\"col-xs-9 col-md-9\">\n\t\t\t\t\t\t\t\t\t\t\t\t\t<div class=\"box\">\n\t\t\t\t\t\t\t\t\t\t\t\t\t\t\t\t\t\t\t\t\t\t\t\t\t\t\t<\/div>\n\t\t\t\t\t\t\t\t\t\t\t\t<\/div>\n\t\t\t\t\t\t\t\t\t\t\t<\/div>\n\n\t\t\t\t\t\t\t\t\t\t\t\t\t\t\t\t\t\t\t\t\t<\/div>\n\t\t\t\t\t\t\t\t\t<\/div>\n\t\t\t\t\t\t\t\t<\/div>\n\t\t\t\t\t\t\t\t<\/block-accordion-item>\n\t\t\t\t\t\t\t\t\t\t\t\t\t<\/div>\n\t\t\t\t\t\t<\/block-accordion>\n\t\t\t\t\t\t\t\t\t<\/div>\n\t\t\t<\/div>\n\t\t<\/div>\n\t<\/div>\n<\/section>\n\n\n\n<section class=\"block block-gallery\">\n\t<div class=\"container-fluid\">\n\t\t<div class=\"row center-xs\">\n\t\t\t<div class=\"col-xs-12\">\n\t\t\t\t<div class=\"box text-align-left\">\n\t\t\t\t\t<block-gallery inline-template>\n\t\t\t\t\t\t<div :class=\"{ firstLoaded: firstLoaded }\">\n\t\t\t\t\t\t\t<script type=\"application\/json\" ref=\"data\">\n\t\t\t\t\t\t\t{\n\t\t\t\t\t\t\t\t\"images\" : [{\"id\":0,\"width\":1280,\"height\":853,\"alt\":\"Zwei Frauen arbeiten an einem Webstuhl mit bunten Garnen in einem hellen Raum.\",\"title\":\"\",\"description\":\"\",\"label\":\"&quot;Meine Verbindung mit Berlin und der Welt&quot; Drop-In WELTSTUDIO w&auml;hrend der Teachers&#039; Night 2024.\",\"copyright\":\"Staatlichen Museen zu Berlin, Foto: Pierre Adenis\",\"path\":\"\\\/wp-content\\\/uploads\\\/2024\\\/06\\\/\",\"sizes\":{\"medium\":{\"file\":\"SHF_eb00233553-300x200.jpg\",\"width\":300,\"height\":200,\"mime-type\":\"image\\\/jpeg\",\"filesize\":18692},\"large\":{\"file\":\"SHF_eb00233553-1024x682.jpg\",\"width\":1024,\"height\":682,\"mime-type\":\"image\\\/jpeg\",\"filesize\":135152},\"thumbnail\":{\"file\":\"SHF_eb00233553-150x150.jpg\",\"width\":150,\"height\":150,\"mime-type\":\"image\\\/jpeg\",\"filesize\":8647},\"medium_large\":{\"file\":\"SHF_eb00233553-768x512.jpg\",\"width\":768,\"height\":512,\"mime-type\":\"image\\\/jpeg\",\"filesize\":85984},\"small\":{\"file\":\"SHF_eb00233553-440x293.jpg\",\"width\":440,\"height\":293,\"mime-type\":\"image\\\/jpeg\",\"filesize\":35016},\"semi\":{\"file\":\"SHF_eb00233553-580x387.jpg\",\"width\":580,\"height\":387,\"mime-type\":\"image\\\/jpeg\",\"filesize\":55301},\"mobile\":{\"file\":\"SHF_eb00233553-720x480.jpg\",\"width\":720,\"height\":480,\"mime-type\":\"image\\\/jpeg\",\"filesize\":77353},\"original\":{\"file\":\"SHF_eb00233553.jpg\",\"width\":1280,\"height\":853}}},{\"id\":1,\"width\":1280,\"height\":854,\"alt\":\"M&auml;dchen bedient ein Tablet, w&auml;hrend im Hintergrund eine Gruppe von Menschen besch&auml;ftigt ist.\",\"title\":\"\",\"description\":\"\",\"label\":\"Jugendliche beim Gestalten und Programmieren virtueller Welten mit der Software Delightex im Workshop &bdquo;Future or Fiction?&quot;\",\"copyright\":\"Stiftung Humboldt Forum im Berliner Schloss, Foto: Frank Sperling\",\"path\":\"\\\/wp-content\\\/uploads\\\/2025\\\/07\\\/\",\"sizes\":{\"medium\":{\"file\":\"SHF_eb00236823-300x200.jpg\",\"width\":300,\"height\":200,\"mime-type\":\"image\\\/jpeg\",\"filesize\":14643},\"large\":{\"file\":\"SHF_eb00236823-1024x683.jpg\",\"width\":1024,\"height\":683,\"mime-type\":\"image\\\/jpeg\",\"filesize\":80695},\"thumbnail\":{\"file\":\"SHF_eb00236823-150x150.jpg\",\"width\":150,\"height\":150,\"mime-type\":\"image\\\/jpeg\",\"filesize\":7569},\"medium_large\":{\"file\":\"SHF_eb00236823-768x512.jpg\",\"width\":768,\"height\":512,\"mime-type\":\"image\\\/jpeg\",\"filesize\":53639},\"small\":{\"file\":\"SHF_eb00236823-440x294.jpg\",\"width\":440,\"height\":294,\"mime-type\":\"image\\\/jpeg\",\"filesize\":24922},\"semi\":{\"file\":\"SHF_eb00236823-580x387.jpg\",\"width\":580,\"height\":387,\"mime-type\":\"image\\\/jpeg\",\"filesize\":36747},\"mobile\":{\"file\":\"SHF_eb00236823-720x480.jpg\",\"width\":720,\"height\":480,\"mime-type\":\"image\\\/jpeg\",\"filesize\":48827},\"original\":{\"file\":\"SHF_eb00236823.jpg\",\"width\":1280,\"height\":854}}},{\"id\":2,\"width\":1280,\"height\":853,\"alt\":\"Frauen stehen an einem Tisch und h&ouml;ren einer Rednerin zu, w&auml;hrend ein Bildschirm Informationen zeigt.\",\"title\":\"\",\"description\":\"\",\"label\":\"&quot;Wissenschaft macht Schule. Angebote der HU im Humboldt Labor.&quot; Drop-In des Humboldt Labors w&auml;hrend der Teachers&#039; Night 2024.\",\"copyright\":\"Staatlichen Museen zu Berlin, Foto: Pierre Adenis \",\"path\":\"\\\/wp-content\\\/uploads\\\/2025\\\/07\\\/\",\"sizes\":{\"medium\":{\"file\":\"SHF_eb00233557_Wissenschaft-macht-Schule.-Drop-In-der-HU-300x200.jpg\",\"width\":300,\"height\":200,\"mime-type\":\"image\\\/jpeg\",\"filesize\":16833},\"large\":{\"file\":\"SHF_eb00233557_Wissenschaft-macht-Schule.-Drop-In-der-HU-1024x682.jpg\",\"width\":1024,\"height\":682,\"mime-type\":\"image\\\/jpeg\",\"filesize\":110789},\"thumbnail\":{\"file\":\"SHF_eb00233557_Wissenschaft-macht-Schule.-Drop-In-der-HU-150x150.jpg\",\"width\":150,\"height\":150,\"mime-type\":\"image\\\/jpeg\",\"filesize\":8215},\"medium_large\":{\"file\":\"SHF_eb00233557_Wissenschaft-macht-Schule.-Drop-In-der-HU-768x512.jpg\",\"width\":768,\"height\":512,\"mime-type\":\"image\\\/jpeg\",\"filesize\":71743},\"small\":{\"file\":\"SHF_eb00233557_Wissenschaft-macht-Schule.-Drop-In-der-HU-440x293.jpg\",\"width\":440,\"height\":293,\"mime-type\":\"image\\\/jpeg\",\"filesize\":30685},\"semi\":{\"file\":\"SHF_eb00233557_Wissenschaft-macht-Schule.-Drop-In-der-HU-580x387.jpg\",\"width\":580,\"height\":387,\"mime-type\":\"image\\\/jpeg\",\"filesize\":46991},\"mobile\":{\"file\":\"SHF_eb00233557_Wissenschaft-macht-Schule.-Drop-In-der-HU-720x480.jpg\",\"width\":720,\"height\":480,\"mime-type\":\"image\\\/jpeg\",\"filesize\":64817},\"original\":{\"file\":\"SHF_eb00233557_Wissenschaft-macht-Schule.-Drop-In-der-HU.jpg\",\"width\":1280,\"height\":853}}},{\"id\":3,\"width\":853,\"height\":1280,\"alt\":\"Zwei Frauen sitzen an einem Tisch, eine tr&auml;gt ein Levi&#039;s T-Shirt, beide blicken nachdenklich in die Ferne.\",\"title\":\"\",\"description\":\"\",\"label\":\"Portr&auml;t der taiwanesischen K&uuml;nstlerinnen Yu-Ying (Yoyo) Kung (links) und Yu-Chin (Corinne) Hsiao (rechts) - Vorabbilder f&uuml;r Humboldting Unit 6\",\"copyright\":\"Cheng-Ting Chen\",\"path\":\"\\\/wp-content\\\/uploads\\\/2025\\\/07\\\/\",\"sizes\":{\"medium\":{\"file\":\"SHF_eb00216318-200x300.jpg\",\"width\":200,\"height\":300,\"mime-type\":\"image\\\/jpeg\",\"filesize\":9865},\"large\":{\"file\":\"SHF_eb00216318-682x1024.jpg\",\"width\":682,\"height\":1024,\"mime-type\":\"image\\\/jpeg\",\"filesize\":58740},\"thumbnail\":{\"file\":\"SHF_eb00216318-150x150.jpg\",\"width\":150,\"height\":150,\"mime-type\":\"image\\\/jpeg\",\"filesize\":4974},\"medium_large\":{\"file\":\"SHF_eb00216318-768x1152.jpg\",\"width\":768,\"height\":1152,\"mime-type\":\"image\\\/jpeg\",\"filesize\":70769},\"small\":{\"file\":\"SHF_eb00216318-293x440.jpg\",\"width\":293,\"height\":440,\"mime-type\":\"image\\\/jpeg\",\"filesize\":17082},\"semi\":{\"file\":\"SHF_eb00216318-387x580.jpg\",\"width\":387,\"height\":580,\"mime-type\":\"image\\\/jpeg\",\"filesize\":25704},\"mobile\":{\"file\":\"SHF_eb00216318-480x720.jpg\",\"width\":480,\"height\":720,\"mime-type\":\"image\\\/jpeg\",\"filesize\":34744},\"original\":{\"file\":\"SHF_eb00216318.jpg\",\"width\":853,\"height\":1280}}}]\t\t\t\t\t\t\t}\n\t\t\t\t\t\t\t<\/script>\n\n\t\t\t\t\t\t\t<swiper :options=\"options\" @slide-change=\"track\">\n\t\t\t\t\t\t\t\t<div class=\"swiper-slide\" :key=\"image.id\" v-for=\"image in images\">\n\t\t\t\t\t\t\t\t\t<block-gallery-item inline-template :image=\"image\">\n\t\t\t\t\t\t\t\t\t\t<figure class=\"swiper-slide-image-wrapper\" ref=\"parent\">\n\t\t\t\t\t\t\t\t\t\t\t<div class=\"width-container\" ref=\"container\" :style=\"style\">\n\t\t\t\t\t\t\t\t\t\t\t\t<div data-swiper-parallax-x=\"50%\">\n\t\t\t\t\t\t\t\t\t\t\t\t<img :src=\"image.src\" :alt=\"image.alt\" v-if=\"image.id < 2\">\n\t\t\t\t\t\t\t\t\t\t\t\t<img class=\"swiper-lazy\" :data-src=\"image.src\" :alt=\"image.alt\" v-else>\n\t\t\t\t\t\t\t\t\t\t\t\t<\/div>\n\t\t\t\t\t\t\t\t\t\t\t<\/div>\n\t\t\t\t\t\t\t\t\t\t<\/figure>\n\t\t\t\t\t\t\t\t\t<\/block-gallery-item>\n\n\t\t\t\t\t\t\t\t\t<figcaption>\n\t\t\t\t\t\t\t\t\t\t<div class=\"lazy-media-info-body-content\">\n\t\t\t\t\t\t\t\t\t\t\t<div v-html=\"image.label\"><\/div>\n\t\t\t\t\t\t\t\t\t\t\t<div v-html=\"image.description\"><\/div>\n\t\t\t\t\t\t\t\t\t\t\t<div class=\"insignificant\" v-if=\"image.copyright\" v-html=\"'\u00a9 '+image.copyright\"><\/div>\n\t\t\t\t\t\t\t\t\t\t<\/div>\n\t\t\t\t\t\t\t\t\t<\/figcaption>\n\t\t\t\t\t\t\t\t<\/div>\n\n\t\t\t\t\t\t\t\t<div class=\"swiper-pagination\"  slot=\"pagination\"><\/div>\n\n\t\t\t\t\t\t\t\t<button class=\"icon-round swiper-button-prev\" slot=\"button-prev\" aria-label=\"Vorheriges Bild\">\n\t\t\t\t\t\t\t\t\t<span class=\"icon-next\" aria-hidden=\"true\"><\/span>\n\t\t\t\t\t\t\t\t<\/button>\n\n\t\t\t\t\t\t\t\t<button class=\"icon-round swiper-button-next\" slot=\"button-next\" aria-label=\"N\u00e4chstes Bild\">\n\t\t\t\t\t\t\t\t\t<span class=\"icon-next\" aria-hidden=\"true\"><\/span>\n\t\t\t\t\t\t\t\t<\/button>\n\t\t\t\t\t\t\t<\/swiper>\n\t\t\t\t\t\t<\/div>\n\t\t\t\t\t<\/block-gallery>\n\t\t\t\t<\/div>\n\t\t\t<\/div>\n\t\t<\/div>\n\t<\/div>\n<\/section>\n\n<section class=\"block block-headline block-no-margin \"  id='praxisseminare' data-anchor='Praxisseminare'>\n\t<div class=\"container-fluid\">\n\t\t<div class=\"row\">\n\t\t\t\t\t\t\t<div class=\"col-xs-12 col-md-offset-2 col-md-8\">\n\t\t\t\t\t<div class=\"box\">\n\t\t\t\t\t\t<h2 class=\".h4\">Praxisseminare (30 Min.)<\/h2>\n\t\t\t\t\t<\/div>\n\t\t\t\t<\/div>\n\t\t\t\t\t<\/div>\n\t<\/div>\n<\/section>\n\n\n\n\n\n<section class=\"block block-accordion\">\n\t<div class=\"container-fluid\">\n\t\t<div class=\"row\">\n\t\t\t<div class=\"col-xs-12 col-md-offset-2 col-md-8\">\n\t\t\t\t<div class=\"box\">\n\t\t\t\t\t\t\t\t\t\t\t<block-accordion inline-template>\n\t\t\t\t\t\t\t<div class=\"accordion\">\n\t\t\t\t\t\t\t\t\t\t\t\t\t\t\t<block-accordion-item inline-template item-headline=\"Junge Stimmen \u2013 Podcastprojekte mit der Klasse\">\n\t\t\t\t\t\t\t\t<div ref=\"item\" data-id=\"JungeStimmenPodcastprojektemitderKlasse\" class=\"block-accordion-item vue-initialize\" aria-expanded=\"false\" :aria-expanded=\"active ? 'true' : 'false'\">\n\t\t\t\t\t\t\t\t\t<button class=\"accordion-button-with-icon block-accordion-item-head\" :class=\"{'button-active': active}\" ref=\"head\" aria-controls=\"acc_69f766e562612\" id=\"acc_title_69f766e562614\" @click=\"toggle\" @keydown=\"key\">\n\t\t\t\t\t\t\t\t\t<div><span class=\"button-label\">Junge Stimmen \u2013 Podcastprojekte mit der Klasse<\/span><\/div><span class=\"button-icon icon-plus\" aria-hidden=\"true\"><\/span>\n\t\t\t\t\t\t\t\t<\/button>\n\t\t\t\t\t\t\t\t\t<div ref=\"body\" class=\"block-accordion-item-content\" id=\"acc_69f766e562612\" role=\"region\">\n\t\t\t\t\t\t\t\t\t\t<div class=\"wrapper copy\">\n\t\t\t\t\t\t\t\t\t\t\t<p>In einem Impulsworkshop im Medienstudio zeigen Musemsmitarbeiter*innen, wie Lehrkr\u00e4fte gemeinsam mit ihren Klassen eigene Podcastprojekte umsetzen k\u00f6nnen \u2013 ganz ohne Vorwissen. Vermittler*innen geben einen praxisnahen Einblick in Tools, Methoden und kreative Ideen rund ums Medium Podcast.<\/p>\n<p>In Anlehnung an das buchbare Format <a href=\"https:\/\/www.humboldtforum.org\/de\/programm\/angebot\/workshop\/junge-stimmen-aus-berlin-30090\/\" target=\"_blank\" rel=\"noopener\"><em>Junge Stimmen<\/em><\/a> aus dem WELTSTUDIO erfahren Sie, wie Ihre Sch\u00fcler*innen zu echten Stimmen der Stadt werden: authentisch, reflektiert, laut, leise \u2013 und immer h\u00f6renswert.<\/p>\n<p><strong>Wo?<\/strong> Medienstudios im 1. OG\/WELTSTUDIO (BERLIN GLOBAL)<\/p>\n<p><strong>Wann?<\/strong> 17:20 Uhr, 18 Uhr, 19 Uhr<\/p>\n<p><strong>Max. Teilnehmende:<\/strong> 17:20 Uhr max 7 pro Kabine\u00a0 (14 Personen insgesamt), 18 Uhr max 7 Personen, 19 Uhr max 7 Personen pro Session (Anmeldung Zettelboard)<\/p>\n\n\t\t\t\t\t\t\t\t\t\t\t\t\t\t\t\t\t\t\t\t\t\t\t\t\t\t\t\t\t\t\t\t\t\n\t\t\t\t\t\t\t\t\t\t\t<div class=\"row\">\n\t\t\t\t\t\t\t\t\t\t\t\t<div class=\"col-xs-9 col-md-9\">\n\t\t\t\t\t\t\t\t\t\t\t\t\t<div class=\"box\">\n\t\t\t\t\t\t\t\t\t\t\t\t\t\t\t\t\t\t\t\t\t\t\t\t\t\t\t<\/div>\n\t\t\t\t\t\t\t\t\t\t\t\t<\/div>\n\t\t\t\t\t\t\t\t\t\t\t<\/div>\n\n\t\t\t\t\t\t\t\t\t\t\t\t\t\t\t\t\t\t\t\t\t<\/div>\n\t\t\t\t\t\t\t\t\t<\/div>\n\t\t\t\t\t\t\t\t<\/div>\n\t\t\t\t\t\t\t\t<\/block-accordion-item>\n\t\t\t\t\t\t\t\t\t\t\t\t\t\t<block-accordion-item inline-template item-headline=\"Fantasievolle Formen gie\u00dfen oder fr\u00f6hliche Gesichter legen. Angebote f\u00fcr Kitas und Grundschulen\">\n\t\t\t\t\t\t\t\t<div ref=\"item\" data-id=\"FantasievolleFormengieenoderfrhlicheGesichterlegenAngebotefrKitasundGrundschulen\" class=\"block-accordion-item vue-initialize\" aria-expanded=\"false\" :aria-expanded=\"active ? 'true' : 'false'\">\n\t\t\t\t\t\t\t\t\t<button class=\"accordion-button-with-icon block-accordion-item-head\" :class=\"{'button-active': active}\" ref=\"head\" aria-controls=\"acc_69f766e562987\" id=\"acc_title_69f766e562988\" @click=\"toggle\" @keydown=\"key\">\n\t\t\t\t\t\t\t\t\t<div><span class=\"button-label\">Fantasievolle Formen gie\u00dfen oder fr\u00f6hliche Gesichter legen. Angebote f\u00fcr Kitas und Grundschulen<\/span><\/div><span class=\"button-icon icon-plus\" aria-hidden=\"true\"><\/span>\n\t\t\t\t\t\t\t\t<\/button>\n\t\t\t\t\t\t\t\t\t<div ref=\"body\" class=\"block-accordion-item-content\" id=\"acc_69f766e562987\" role=\"region\">\n\t\t\t\t\t\t\t\t\t\t<div class=\"wrapper copy\">\n\t\t\t\t\t\t\t\t\t\t\t<p>Wie k\u00f6nnen komplexe Ausstellungsthemen an Kita- und Grundschulkinder vermittelt werden? Wie erleichtert der Umgang mit unterschiedlichen Materialien und Tools den Zugang? Das Praxis-Seminar gibt Einblicke in verschiedene Kreativtechniken, Ans\u00e4tze und Methoden: Im Workshop <a href=\"https:\/\/www.humboldtforum.org\/de\/programm\/angebot\/workshop\/adler-loewe-krone-2-75178\/\" target=\"_blank\" rel=\"noopener\"><em>Adler, L\u00f6we, Krone<\/em><\/a>\u00a0besch\u00e4ftigen sich die Kinder mit der Fassade des Humboldt Forums, lernen das Positiv-Negativ-Verfahren kennen, mit dem der Fassadenschmuck des <span class=\"w-term-highlight\">Berliner Schlosses<\/span> kopiert wurde, und entwerfen mit Modelliermasse und Gie\u00dfgips eigene Formen und Abg\u00fcsse. Bei den Erlebnisrundg\u00e4ngen in <a href=\"https:\/\/www.humboldtforum.org\/de\/programm\/laufzeitangebot\/ausstellung\/beziehungsweise-familie-148458\/\" target=\"_blank\" rel=\"noopener\"><em>Beziehungsweise Familie<\/em><\/a> sind die Kinder dazu eingeladen, an den vielen interaktiven Themeninseln der Ausstellung \u00fcber ihre Gef\u00fchle, Ansichten und W\u00fcnsche zu sprechen. An welches Familienfest erinnern sie sich? Was \u00e4rgert sie bei gemeinsamen Mahlzeiten? Um wen oder was k\u00fcmmern und sorgen sie sich zu Hause? Die Emotionskl\u00f6tze, bei denen unterschiedliche Gesichtsausdr\u00fccke gelegt werden k\u00f6nnen, bieten ein Tool, um ins Gespr\u00e4ch zu kommen und Gef\u00fchle zu benennen.<\/p>\n\n\t\t\t\t\t\t\t\t\t\t\t\t\t\t\t\t\t\t\t\t\t\t\t\t\t\t\t\t\t\t\t\t\t\n\t\t\t\t\t\t\t\t\t\t\t<div class=\"row\">\n\t\t\t\t\t\t\t\t\t\t\t\t<div class=\"col-xs-9 col-md-9\">\n\t\t\t\t\t\t\t\t\t\t\t\t\t<div class=\"box\">\n\t\t\t\t\t\t\t\t\t\t\t\t\t\t\t\t\t\t\t\t\t\t\t\t\t\t\t<\/div>\n\t\t\t\t\t\t\t\t\t\t\t\t<\/div>\n\t\t\t\t\t\t\t\t\t\t\t<\/div>\n\n\t\t\t\t\t\t\t\t\t\t\t\t\t\t\t\t\t\t\t\t\t<\/div>\n\t\t\t\t\t\t\t\t\t<\/div>\n\t\t\t\t\t\t\t\t<\/div>\n\t\t\t\t\t\t\t\t<\/block-accordion-item>\n\t\t\t\t\t\t\t\t\t\t\t\t\t\t<block-accordion-item inline-template item-headline=\"&quot;Forum von Anfang an&quot; \u2013 Angebote f\u00fcr Kitakinder ab 3 Jahren\u00a0\">\n\t\t\t\t\t\t\t\t<div ref=\"item\" data-id=\"ForumvonAnfanganAngebotefrKitakinderab3Jahren\" class=\"block-accordion-item vue-initialize\" aria-expanded=\"false\" :aria-expanded=\"active ? 'true' : 'false'\">\n\t\t\t\t\t\t\t\t\t<button class=\"accordion-button-with-icon block-accordion-item-head\" :class=\"{'button-active': active}\" ref=\"head\" aria-controls=\"acc_69f766e562d7b\" id=\"acc_title_69f766e562d7d\" @click=\"toggle\" @keydown=\"key\">\n\t\t\t\t\t\t\t\t\t<div><span class=\"button-label\">&#8222;Forum von Anfang an&#8220; \u2013 Angebote f\u00fcr Kitakinder ab 3 Jahren\u00a0<\/span><\/div><span class=\"button-icon icon-plus\" aria-hidden=\"true\"><\/span>\n\t\t\t\t\t\t\t\t<\/button>\n\t\t\t\t\t\t\t\t\t<div ref=\"body\" class=\"block-accordion-item-content\" id=\"acc_69f766e562d7b\" role=\"region\">\n\t\t\t\t\t\t\t\t\t\t<div class=\"wrapper copy\">\n\t\t\t\t\t\t\t\t\t\t\t<p>Wie findet man sich im Humboldt Forum zurecht? Wie viele Stufen f\u00fchren bis ganz nach oben? Warum gibt es hier so viele Steinmenschen und wie kommen die Schnecken in den Boden? Im Rahmen des Projektes <em>Forum von Anfang an &#8211; Kitakinder erkunden<\/em>, das die Stiftung Humboldt Forum in Kooperation mit Fr\u00f6bel e.V. durchf\u00fchrt, werden gemeinsam mit drei Berliner Kitas Themen, Herangehensweisen und Methoden entwickelt, die ausgehend von der Lebenswelt und den Interessen sehr junger Kinder neue Zug\u00e4nge schaffen. Werfen Sie einen Blick hinter die Kulissen und tauschen Sie sich \u00fcber neue, partizipativ entwickelte Formate und Methoden f\u00fcr Kinder ab 3 Jahren im Humboldt Forum aus.<\/p>\n<p><em>max. Anzahl TN: 20<\/em><\/p>\n\n\t\t\t\t\t\t\t\t\t\t\t\t\t\t\t\t\t\t\t\t\t\t\t\t\t\t\t\t\t\t\t\t\t\n\t\t\t\t\t\t\t\t\t\t\t<div class=\"row\">\n\t\t\t\t\t\t\t\t\t\t\t\t<div class=\"col-xs-9 col-md-9\">\n\t\t\t\t\t\t\t\t\t\t\t\t\t<div class=\"box\">\n\t\t\t\t\t\t\t\t\t\t\t\t\t\t\t\t\t\t\t\t\t\t\t\t\t\t\t<\/div>\n\t\t\t\t\t\t\t\t\t\t\t\t<\/div>\n\t\t\t\t\t\t\t\t\t\t\t<\/div>\n\n\t\t\t\t\t\t\t\t\t\t\t\t\t\t\t\t\t\t\t\t\t<\/div>\n\t\t\t\t\t\t\t\t\t<\/div>\n\t\t\t\t\t\t\t\t<\/div>\n\t\t\t\t\t\t\t\t<\/block-accordion-item>\n\t\t\t\t\t\t\t\t\t\t\t\t\t\t<block-accordion-item inline-template item-headline=\"Schutzwesen \u2013 Superkr\u00e4fte der Natur!\u00a0\">\n\t\t\t\t\t\t\t\t<div ref=\"item\" data-id=\"SchutzwesenSuperkrftederNatur\" class=\"block-accordion-item vue-initialize\" aria-expanded=\"false\" :aria-expanded=\"active ? 'true' : 'false'\">\n\t\t\t\t\t\t\t\t\t<button class=\"accordion-button-with-icon block-accordion-item-head\" :class=\"{'button-active': active}\" ref=\"head\" aria-controls=\"acc_69f766e56316d\" id=\"acc_title_69f766e56316f\" @click=\"toggle\" @keydown=\"key\">\n\t\t\t\t\t\t\t\t\t<div><span class=\"button-label\">Schutzwesen \u2013 Superkr\u00e4fte der Natur!\u00a0<\/span><\/div><span class=\"button-icon icon-plus\" aria-hidden=\"true\"><\/span>\n\t\t\t\t\t\t\t\t<\/button>\n\t\t\t\t\t\t\t\t\t<div ref=\"body\" class=\"block-accordion-item-content\" id=\"acc_69f766e56316d\" role=\"region\">\n\t\t\t\t\t\t\t\t\t\t<div class=\"wrapper copy\">\n\t\t\t\t\t\t\t\t\t\t\t<p>Das immersive Panorama der K\u00fcnstlerin Yorleny Cardozo Pe\u00f1a veranschaulicht lebendig die Flora und Fauna im kolumbianischen Gebirgsmassiv sowie jahrtausendealte W\u00e4chterfiguren. In einem k\u00fcnstlerischen Labor erforschen die Sch\u00fcler*innen die Superkr\u00e4fte der Tiere, betrachten Insekten und Pflanzen mit digitalen Mikroskopen, lernen die lebenswichtige Bedeutung der Artenvielfalt kennen und gestalten ein eigenes, dreidimensionales Schutzwesen.<\/p>\n<p>Der Workshop ist entstanden als Teil einer Zusammenarbeit zwischen dem Instituto Colombiano de Antropolog\u00eda e Historia (ICANH) sowie <a class=\"external-link\" href=\"https:\/\/comuse.org\/projekt\/schutzwesen-superkraefte-der-natur-ein-kuenstlerisches-forschungslabor-zum-thema-artenschutz-fuer-kinder-aus-san-agustin-und-berlin\" rel=\"nofollow\">CoMuse<\/a>, dem Kollaborativen Museum am Ethnologischen Museum und dem Museum f\u00fcr Asiatische Kunst in Berlin. Er m\u00f6chte die Kinder bef\u00e4higen, ihre eigenen \u201eSuperkr\u00e4fte\u201c zu entdecken, um sich nicht ohnm\u00e4chtig angesichts von Klimawandel und Artensterben zu f\u00fchlen.<\/p>\n\n\t\t\t\t\t\t\t\t\t\t\t\t\t\t\t\t\t\t\t\t\t\t\t\t\t\t\t\t\t\t\t\t\t\n\t\t\t\t\t\t\t\t\t\t\t<div class=\"row\">\n\t\t\t\t\t\t\t\t\t\t\t\t<div class=\"col-xs-9 col-md-9\">\n\t\t\t\t\t\t\t\t\t\t\t\t\t<div class=\"box\">\n\t\t\t\t\t\t\t\t\t\t\t\t\t\t\t\t\t\t\t\t\t\t\t\t\t\t\t<\/div>\n\t\t\t\t\t\t\t\t\t\t\t\t<\/div>\n\t\t\t\t\t\t\t\t\t\t\t<\/div>\n\n\t\t\t\t\t\t\t\t\t\t\t\t\t\t\t\t\t\t\t\t\t<\/div>\n\t\t\t\t\t\t\t\t\t<\/div>\n\t\t\t\t\t\t\t\t<\/div>\n\t\t\t\t\t\t\t\t<\/block-accordion-item>\n\t\t\t\t\t\t\t\t\t\t\t\t\t\t<block-accordion-item inline-template item-headline=\"Kolonialismus vermitteln\u00a0\">\n\t\t\t\t\t\t\t\t<div ref=\"item\" data-id=\"Kolonialismusvermitteln\" class=\"block-accordion-item vue-initialize\" aria-expanded=\"false\" :aria-expanded=\"active ? 'true' : 'false'\">\n\t\t\t\t\t\t\t\t\t<button class=\"accordion-button-with-icon block-accordion-item-head\" :class=\"{'button-active': active}\" ref=\"head\" aria-controls=\"acc_69f766e563537\" id=\"acc_title_69f766e563539\" @click=\"toggle\" @keydown=\"key\">\n\t\t\t\t\t\t\t\t\t<div><span class=\"button-label\">Kolonialismus vermitteln\u00a0<\/span><\/div><span class=\"button-icon icon-plus\" aria-hidden=\"true\"><\/span>\n\t\t\t\t\t\t\t\t<\/button>\n\t\t\t\t\t\t\t\t\t<div ref=\"body\" class=\"block-accordion-item-content\" id=\"acc_69f766e563537\" role=\"region\">\n\t\t\t\t\t\t\t\t\t\t<div class=\"wrapper copy\">\n\t\t\t\t\t\t\t\t\t\t\t<p>Kolonialismus ist ein wichtiges Thema im Humboldt Forum. Auch im Schulunterricht wird Kolonialismus immer mehr thematisiert. Zur Teachers&#8216; Night bieten wir Einblicke in ausgew\u00e4hlte Bildungsangebote, die sich mit unterschiedlichen Aspekten des komplexen Themas besch\u00e4ftigen. Im Vordergrund stehen zwei Formate: Der Workshop <a href=\"https:\/\/www.humboldtforum.org\/de\/programm\/angebot\/workshop\/ungehoerte-geschichte-145161\/\" target=\"_blank\" rel=\"noopener\"><em>Ungeh\u00f6rte Geschichte?<\/em><\/a>, der Sch\u00fcler*innen an Hand von Aquarellen des Indigenen K\u00fcnstlers Feliciano Lana an Brasiliens Kolonialgeschichte heranf\u00fchrt sowie der Workshop <a href=\"https:\/\/www.humboldtforum.org\/de\/programm\/angebot\/workshop\/weltbilder-48255\/\" target=\"_blank\" rel=\"noopener\"><em>(Welt)bilder<\/em><\/a>, der historische koloniale und zeitgen\u00f6ssische Fotografien unter die Lupe nimmt. Das gemeinsame Erproben von ausgew\u00e4hlten Methoden stellt Verbindungen zur Praxis im Schulunterricht her und gibt Anregungen f\u00fcr die Unterrichtsgestaltung.<\/p>\n<p><em>Max. Anzahl TN: 15<\/em><\/p>\n\n\t\t\t\t\t\t\t\t\t\t\t\t\t\t\t\t\t\t\t\t\t\t\t\t\t\t\t\t\t\t\t\t\t\n\t\t\t\t\t\t\t\t\t\t\t<div class=\"row\">\n\t\t\t\t\t\t\t\t\t\t\t\t<div class=\"col-xs-9 col-md-9\">\n\t\t\t\t\t\t\t\t\t\t\t\t\t<div class=\"box\">\n\t\t\t\t\t\t\t\t\t\t\t\t\t\t\t\t\t\t\t\t\t\t\t\t\t\t\t<\/div>\n\t\t\t\t\t\t\t\t\t\t\t\t<\/div>\n\t\t\t\t\t\t\t\t\t\t\t<\/div>\n\n\t\t\t\t\t\t\t\t\t\t\t\t\t\t\t\t\t\t\t\t\t<\/div>\n\t\t\t\t\t\t\t\t\t<\/div>\n\t\t\t\t\t\t\t\t<\/div>\n\t\t\t\t\t\t\t\t<\/block-accordion-item>\n\t\t\t\t\t\t\t\t\t\t\t\t\t\t<block-accordion-item inline-template item-headline=\"Verflochtene Erinnerungen\u00a0\">\n\t\t\t\t\t\t\t\t<div ref=\"item\" data-id=\"VerflochteneErinnerungen\" class=\"block-accordion-item vue-initialize\" aria-expanded=\"false\" :aria-expanded=\"active ? 'true' : 'false'\">\n\t\t\t\t\t\t\t\t\t<button class=\"accordion-button-with-icon block-accordion-item-head\" :class=\"{'button-active': active}\" ref=\"head\" aria-controls=\"acc_69f766e5638bc\" id=\"acc_title_69f766e5638be\" @click=\"toggle\" @keydown=\"key\">\n\t\t\t\t\t\t\t\t\t<div><span class=\"button-label\">Verflochtene Erinnerungen\u00a0<\/span><\/div><span class=\"button-icon icon-plus\" aria-hidden=\"true\"><\/span>\n\t\t\t\t\t\t\t\t<\/button>\n\t\t\t\t\t\t\t\t\t<div ref=\"body\" class=\"block-accordion-item-content\" id=\"acc_69f766e5638bc\" role=\"region\">\n\t\t\t\t\t\t\t\t\t\t<div class=\"wrapper copy\">\n\t\t\t\t\t\t\t\t\t\t\t<p>Der buchbare Workshop <a href=\"https:\/\/www.humboldtforum.org\/de\/programm\/angebot\/workshop\/verflochtene-erinnerungen-148641\/\" target=\"_blank\" rel=\"noopener\"><em>Verflochtene Erinnerungen<\/em><\/a> bietet Sch\u00fcler*innen die M\u00f6glichkeit, sich multiperspektivisch mit Erinnerungen an die Shoah und an die Verbrechen des Kolonialismus auseinanderzusetzen. Mit theaterp\u00e4dagogischen Methoden erkunden sie Horizonte einer solidarischen Erinnerungskultur in ihrer durch Diversit\u00e4t gepr\u00e4gten Gegenwart und setzen eigene Antworten szenisch um.<\/p>\n<p>Das Praxisseminar stellt Elemente des Workshops vor und gibt Einblicke in seine Entstehungsgeschichte, an der Kolleg*innen aus Namibia, Ruanda, Israel und der Karibik zusammen mit Akteuren der diversen Berliner Stadtgesellschaft beteiligt waren.<\/p>\n<p><em>max. Anzahl TN: 15<\/em><\/p>\n\n\t\t\t\t\t\t\t\t\t\t\t\t\t\t\t\t\t\t\t\t\t\t\t\t\t\t\t\t\t\t\t\t\t\n\t\t\t\t\t\t\t\t\t\t\t<div class=\"row\">\n\t\t\t\t\t\t\t\t\t\t\t\t<div class=\"col-xs-9 col-md-9\">\n\t\t\t\t\t\t\t\t\t\t\t\t\t<div class=\"box\">\n\t\t\t\t\t\t\t\t\t\t\t\t\t\t\t\t\t\t\t\t\t\t\t\t\t\t\t<\/div>\n\t\t\t\t\t\t\t\t\t\t\t\t<\/div>\n\t\t\t\t\t\t\t\t\t\t\t<\/div>\n\n\t\t\t\t\t\t\t\t\t\t\t\t\t\t\t\t\t\t\t\t\t<\/div>\n\t\t\t\t\t\t\t\t\t<\/div>\n\t\t\t\t\t\t\t\t<\/div>\n\t\t\t\t\t\t\t\t<\/block-accordion-item>\n\t\t\t\t\t\t\t\t\t\t\t\t\t\t<block-accordion-item inline-template item-headline=\"Junge Vision\u00e4r*innen: Einblicke in die Arbeit von und mit Sch\u00fcler*innen (SHF)\u00a0\">\n\t\t\t\t\t\t\t\t<div ref=\"item\" data-id=\"JungeVisionrinnenEinblickeindieArbeitvonundmitSchlerinnenSHF\" class=\"block-accordion-item vue-initialize\" aria-expanded=\"false\" :aria-expanded=\"active ? 'true' : 'false'\">\n\t\t\t\t\t\t\t\t\t<button class=\"accordion-button-with-icon block-accordion-item-head\" :class=\"{'button-active': active}\" ref=\"head\" aria-controls=\"acc_69f766e563c92\" id=\"acc_title_69f766e563c94\" @click=\"toggle\" @keydown=\"key\">\n\t\t\t\t\t\t\t\t\t<div><span class=\"button-label\">Junge Vision\u00e4r*innen: Einblicke in die Arbeit von und mit Sch\u00fcler*innen (SHF)\u00a0<\/span><\/div><span class=\"button-icon icon-plus\" aria-hidden=\"true\"><\/span>\n\t\t\t\t\t\t\t\t<\/button>\n\t\t\t\t\t\t\t\t\t<div ref=\"body\" class=\"block-accordion-item-content\" id=\"acc_69f766e563c92\" role=\"region\">\n\t\t\t\t\t\t\t\t\t\t<div class=\"wrapper copy\">\n\t\t\t\t\t\t\t\t\t\t\t<p>Darf ich meinen Garten mit Buddhas dekorieren? Wem geh\u00f6rt der Ausdruck Namaste? Woher kommt der Boho-Style und darf ich ihn tragen?<br \/>\nIn diesem Mini-Seminar gibt das sich im Aufbau befindende Sch\u00fcler*innengremium &#8222;Junge Vision\u00e4r*innen&#8220; Einblicke in ihre Auseinandersetzung mit dem Thema kulturelle Aneignung im Rahmen eines zuk\u00fcnftigen Ausstellungsprojektes. Mit selbst entwickelten \u00dcbungen machen sie komplexe Fragen erfahrbar und laden zur Auseinandersetzung ein:<\/p>\n<ul>\n<li>Kann man Kultur \u00fcberhaupt besitzen?<\/li>\n<li>Was bedeutet Kulturtransfer?<\/li>\n<li>Wo beginnt kulturelle Aneignung?<\/li>\n<\/ul>\n<p>Freuen Sie sich auf spielerische Reflexionen und einen lebendigen Dialog im generationen\u00fcbergreifenden Austausch.<\/p>\n<p><em>Max Anzahl TN: 15<\/em><\/p>\n\n\t\t\t\t\t\t\t\t\t\t\t\t\t\t\t\t\t\t\t\t\t\t\t\t\t\t\t\t\t\t\t\t\t\n\t\t\t\t\t\t\t\t\t\t\t<div class=\"row\">\n\t\t\t\t\t\t\t\t\t\t\t\t<div class=\"col-xs-9 col-md-9\">\n\t\t\t\t\t\t\t\t\t\t\t\t\t<div class=\"box\">\n\t\t\t\t\t\t\t\t\t\t\t\t\t\t\t\t\t\t\t\t\t\t\t\t\t\t\t<\/div>\n\t\t\t\t\t\t\t\t\t\t\t\t<\/div>\n\t\t\t\t\t\t\t\t\t\t\t<\/div>\n\n\t\t\t\t\t\t\t\t\t\t\t\t\t\t\t\t\t\t\t\t\t<\/div>\n\t\t\t\t\t\t\t\t\t<\/div>\n\t\t\t\t\t\t\t\t<\/div>\n\t\t\t\t\t\t\t\t<\/block-accordion-item>\n\t\t\t\t\t\t\t\t\t\t\t\t\t<\/div>\n\t\t\t\t\t\t<\/block-accordion>\n\t\t\t\t\t\t\t\t\t<\/div>\n\t\t\t<\/div>\n\t\t<\/div>\n\t<\/div>\n<\/section>\n\n\n\n<section class=\"block block-gallery\">\n\t<div class=\"container-fluid\">\n\t\t<div class=\"row center-xs\">\n\t\t\t<div class=\"col-xs-12\">\n\t\t\t\t<div class=\"box text-align-left\">\n\t\t\t\t\t<block-gallery inline-template>\n\t\t\t\t\t\t<div :class=\"{ firstLoaded: firstLoaded }\">\n\t\t\t\t\t\t\t<script type=\"application\/json\" ref=\"data\">\n\t\t\t\t\t\t\t{\n\t\t\t\t\t\t\t\t\"images\" : [{\"id\":0,\"width\":1280,\"height\":853,\"alt\":\"Zwei Frauen pr&auml;sentieren vor einem Publikum in einem modernen Raum mit einem Bildschirm im Hintergrund.\",\"title\":\"\",\"description\":\"\",\"label\":\"Waldwesen und Steinskulpturen. Angebote f&uuml;r Kita und Grundschule.&quot;\\nSeminar w&auml;hrend der Teachers&#039; Night 2024.\",\"copyright\":\"Stiftung Humboldt Forum im Berliner Schloss, Foto: Pierre Adenis\",\"path\":\"\\\/wp-content\\\/uploads\\\/2025\\\/07\\\/\",\"sizes\":{\"medium\":{\"file\":\"SHF_eb00236942-300x200.jpg\",\"width\":300,\"height\":200,\"mime-type\":\"image\\\/jpeg\",\"filesize\":14457},\"large\":{\"file\":\"SHF_eb00236942-1024x682.jpg\",\"width\":1024,\"height\":682,\"mime-type\":\"image\\\/jpeg\",\"filesize\":83440},\"thumbnail\":{\"file\":\"SHF_eb00236942-150x150.jpg\",\"width\":150,\"height\":150,\"mime-type\":\"image\\\/jpeg\",\"filesize\":6673},\"medium_large\":{\"file\":\"SHF_eb00236942-768x512.jpg\",\"width\":768,\"height\":512,\"mime-type\":\"image\\\/jpeg\",\"filesize\":55097},\"small\":{\"file\":\"SHF_eb00236942-440x293.jpg\",\"width\":440,\"height\":293,\"mime-type\":\"image\\\/jpeg\",\"filesize\":24938},\"semi\":{\"file\":\"SHF_eb00236942-580x387.jpg\",\"width\":580,\"height\":387,\"mime-type\":\"image\\\/jpeg\",\"filesize\":37639},\"mobile\":{\"file\":\"SHF_eb00236942-720x480.jpg\",\"width\":720,\"height\":480,\"mime-type\":\"image\\\/jpeg\",\"filesize\":50017},\"original\":{\"file\":\"SHF_eb00236942.jpg\",\"width\":1280,\"height\":853}}},{\"id\":1,\"width\":860,\"height\":1280,\"alt\":\"H&auml;nde von Teilnehmern ber&uuml;hren eine beleuchtete Statue auf einem Tisch, um deren Details zu entdecken.\",\"title\":\"\",\"description\":\"\",\"label\":\"Forum von Anfang an &ndash; Kitakinder erkunden, Methodenerprobung Treppenhalle\",\"copyright\":\"Stiftung Humboldt Forum im Berliner Schloss, Foto: Annika Kunz\",\"path\":\"\\\/wp-content\\\/uploads\\\/2025\\\/07\\\/\",\"sizes\":{\"medium\":{\"file\":\"SHF_eb00249762-202x300.jpg\",\"width\":202,\"height\":300,\"mime-type\":\"image\\\/jpeg\",\"filesize\":15172},\"large\":{\"file\":\"SHF_eb00249762-688x1024.jpg\",\"width\":688,\"height\":1024,\"mime-type\":\"image\\\/jpeg\",\"filesize\":89086},\"thumbnail\":{\"file\":\"SHF_eb00249762-150x150.jpg\",\"width\":150,\"height\":150,\"mime-type\":\"image\\\/jpeg\",\"filesize\":6730},\"medium_large\":{\"file\":\"SHF_eb00249762-768x1143.jpg\",\"width\":768,\"height\":1143,\"mime-type\":\"image\\\/jpeg\",\"filesize\":105843},\"small\":{\"file\":\"SHF_eb00249762-296x440.jpg\",\"width\":296,\"height\":440,\"mime-type\":\"image\\\/jpeg\",\"filesize\":26230},\"semi\":{\"file\":\"SHF_eb00249762-390x580.jpg\",\"width\":390,\"height\":580,\"mime-type\":\"image\\\/jpeg\",\"filesize\":40045},\"mobile\":{\"file\":\"SHF_eb00249762-484x720.jpg\",\"width\":484,\"height\":720,\"mime-type\":\"image\\\/jpeg\",\"filesize\":54503},\"original\":{\"file\":\"SHF_eb00249762.jpg\",\"width\":860,\"height\":1280}}},{\"id\":2,\"width\":2000,\"height\":1333,\"alt\":\"Eine Frau zeigt ein kunstvolles Diorama mit einer Landschaft und mystischen Elementen in einem hellen Raum.\",\"title\":\"\",\"description\":\"\",\"label\":\"Yorleny Cardozo Pe&ntilde;a vor ihrer k&uuml;nstlerischen Intervention &quot;Die Stimme der Berge \\\/ La voz de la Monta&ntilde;a&quot;\",\"copyright\":\"Staatliche Museen zu Berlin, Foto: Pierre Adenis\",\"path\":\"\\\/wp-content\\\/uploads\\\/2025\\\/06\\\/\",\"sizes\":{\"medium\":{\"file\":\"SHF_eb00248690-300x200.jpg\",\"width\":300,\"height\":200,\"mime-type\":\"image\\\/jpeg\",\"filesize\":16850},\"large\":{\"file\":\"SHF_eb00248690-1024x682.jpg\",\"width\":1024,\"height\":682,\"mime-type\":\"image\\\/jpeg\",\"filesize\":127439},\"thumbnail\":{\"file\":\"SHF_eb00248690-150x150.jpg\",\"width\":150,\"height\":150,\"mime-type\":\"image\\\/jpeg\",\"filesize\":7515},\"medium_large\":{\"file\":\"SHF_eb00248690-768x512.jpg\",\"width\":768,\"height\":512,\"mime-type\":\"image\\\/jpeg\",\"filesize\":79269},\"small\":{\"file\":\"SHF_eb00248690-440x293.jpg\",\"width\":440,\"height\":293,\"mime-type\":\"image\\\/jpeg\",\"filesize\":32078},\"semi\":{\"file\":\"SHF_eb00248690-580x387.jpg\",\"width\":580,\"height\":387,\"mime-type\":\"image\\\/jpeg\",\"filesize\":50806},\"mobile\":{\"file\":\"SHF_eb00248690-720x480.jpg\",\"width\":720,\"height\":480,\"mime-type\":\"image\\\/jpeg\",\"filesize\":71413},\"hd\":{\"file\":\"SHF_eb00248690-1280x853.jpg\",\"width\":1280,\"height\":853,\"mime-type\":\"image\\\/jpeg\",\"filesize\":181789},\"full\":{\"file\":\"SHF_eb00248690-1920x1280.jpg\",\"width\":1920,\"height\":1280,\"mime-type\":\"image\\\/jpeg\",\"filesize\":344326},\"1536x1536\":{\"file\":\"SHF_eb00248690-1536x1024.jpg\",\"width\":1536,\"height\":1024,\"mime-type\":\"image\\\/jpeg\",\"filesize\":241479},\"original\":{\"file\":\"SHF_eb00248690.jpg\",\"width\":2000,\"height\":1333}}},{\"id\":3,\"width\":1280,\"height\":960,\"alt\":\"Ausstellung historischer Kost&uuml;me und Kunstobjekte in Vitrinen vor dunklem Hintergrund.\",\"title\":\"\",\"description\":\"\",\"label\":\"Ansicht des Ausstellungsbereichs &bdquo;Orient und Okzident&ldquo; des Ethnologischen\\nMuseums im Humboldt Forum\",\"copyright\":\"Staatliche Museen zu Berlin, Ethnologisches Museum \\\/ Stiftung Humboldt Forum im Berliner Schloss, Foto: Alexander Schippel\",\"path\":\"\\\/wp-content\\\/uploads\\\/2022\\\/09\\\/\",\"sizes\":{\"medium\":{\"file\":\"SHF_eb00151250-300x225.jpg\",\"width\":300,\"height\":225,\"mime-type\":\"image\\\/jpeg\",\"filesize\":11830},\"large\":{\"file\":\"SHF_eb00151250-1024x768.jpg\",\"width\":1024,\"height\":768,\"mime-type\":\"image\\\/jpeg\",\"filesize\":78654},\"thumbnail\":{\"file\":\"SHF_eb00151250-150x150.jpg\",\"width\":150,\"height\":150,\"mime-type\":\"image\\\/jpeg\",\"filesize\":5290},\"medium_large\":{\"file\":\"SHF_eb00151250-768x576.jpg\",\"width\":768,\"height\":576,\"mime-type\":\"image\\\/jpeg\",\"filesize\":51110},\"small\":{\"file\":\"SHF_eb00151250-440x330.jpg\",\"width\":440,\"height\":330,\"mime-type\":\"image\\\/jpeg\",\"filesize\":21478},\"semi\":{\"file\":\"SHF_eb00151250-580x435.jpg\",\"width\":580,\"height\":435,\"mime-type\":\"image\\\/jpeg\",\"filesize\":33151},\"mobile\":{\"file\":\"SHF_eb00151250-720x540.jpg\",\"width\":720,\"height\":540,\"mime-type\":\"image\\\/jpeg\",\"filesize\":45760},\"original\":{\"file\":\"SHF_eb00151250.jpg\",\"width\":1280,\"height\":960}}},{\"id\":4,\"width\":1280,\"height\":853,\"alt\":\"Eine Person pr&auml;sentiert auf einem Bildschirm, w&auml;hrend die anderen im Besprechungsraum interessiert zuh&ouml;ren.\",\"title\":\"\",\"description\":\"\",\"label\":\"&quot;Kolonialismus vermitteln: Angebote f&uuml;r Schulklassen zum Thema Kolonialismus&quot; Seminar w&auml;hrend der Teachers&#039; Night 2024.\",\"copyright\":\"Stiftung Humboldt Forum im Berliner Schloss, Foto: Pierre Adenis\",\"path\":\"\\\/wp-content\\\/uploads\\\/2025\\\/07\\\/\",\"sizes\":{\"medium\":{\"file\":\"SHF_eb00236946-300x200.jpg\",\"width\":300,\"height\":200,\"mime-type\":\"image\\\/jpeg\",\"filesize\":14688},\"large\":{\"file\":\"SHF_eb00236946-1024x682.jpg\",\"width\":1024,\"height\":682,\"mime-type\":\"image\\\/jpeg\",\"filesize\":89002},\"thumbnail\":{\"file\":\"SHF_eb00236946-150x150.jpg\",\"width\":150,\"height\":150,\"mime-type\":\"image\\\/jpeg\",\"filesize\":6506},\"medium_large\":{\"file\":\"SHF_eb00236946-768x512.jpg\",\"width\":768,\"height\":512,\"mime-type\":\"image\\\/jpeg\",\"filesize\":58586},\"small\":{\"file\":\"SHF_eb00236946-440x293.jpg\",\"width\":440,\"height\":293,\"mime-type\":\"image\\\/jpeg\",\"filesize\":25971},\"semi\":{\"file\":\"SHF_eb00236946-580x387.jpg\",\"width\":580,\"height\":387,\"mime-type\":\"image\\\/jpeg\",\"filesize\":39370},\"mobile\":{\"file\":\"SHF_eb00236946-720x480.jpg\",\"width\":720,\"height\":480,\"mime-type\":\"image\\\/jpeg\",\"filesize\":53145},\"original\":{\"file\":\"SHF_eb00236946.jpg\",\"width\":1280,\"height\":853}}}]\t\t\t\t\t\t\t}\n\t\t\t\t\t\t\t<\/script>\n\n\t\t\t\t\t\t\t<swiper :options=\"options\" @slide-change=\"track\">\n\t\t\t\t\t\t\t\t<div class=\"swiper-slide\" :key=\"image.id\" v-for=\"image in images\">\n\t\t\t\t\t\t\t\t\t<block-gallery-item inline-template :image=\"image\">\n\t\t\t\t\t\t\t\t\t\t<figure class=\"swiper-slide-image-wrapper\" ref=\"parent\">\n\t\t\t\t\t\t\t\t\t\t\t<div class=\"width-container\" ref=\"container\" :style=\"style\">\n\t\t\t\t\t\t\t\t\t\t\t\t<div data-swiper-parallax-x=\"50%\">\n\t\t\t\t\t\t\t\t\t\t\t\t<img :src=\"image.src\" :alt=\"image.alt\" v-if=\"image.id < 2\">\n\t\t\t\t\t\t\t\t\t\t\t\t<img class=\"swiper-lazy\" :data-src=\"image.src\" :alt=\"image.alt\" v-else>\n\t\t\t\t\t\t\t\t\t\t\t\t<\/div>\n\t\t\t\t\t\t\t\t\t\t\t<\/div>\n\t\t\t\t\t\t\t\t\t\t<\/figure>\n\t\t\t\t\t\t\t\t\t<\/block-gallery-item>\n\n\t\t\t\t\t\t\t\t\t<figcaption>\n\t\t\t\t\t\t\t\t\t\t<div class=\"lazy-media-info-body-content\">\n\t\t\t\t\t\t\t\t\t\t\t<div v-html=\"image.label\"><\/div>\n\t\t\t\t\t\t\t\t\t\t\t<div v-html=\"image.description\"><\/div>\n\t\t\t\t\t\t\t\t\t\t\t<div class=\"insignificant\" v-if=\"image.copyright\" v-html=\"'\u00a9 '+image.copyright\"><\/div>\n\t\t\t\t\t\t\t\t\t\t<\/div>\n\t\t\t\t\t\t\t\t\t<\/figcaption>\n\t\t\t\t\t\t\t\t<\/div>\n\n\t\t\t\t\t\t\t\t<div class=\"swiper-pagination\"  slot=\"pagination\"><\/div>\n\n\t\t\t\t\t\t\t\t<button class=\"icon-round swiper-button-prev\" slot=\"button-prev\" aria-label=\"Vorheriges Bild\">\n\t\t\t\t\t\t\t\t\t<span class=\"icon-next\" aria-hidden=\"true\"><\/span>\n\t\t\t\t\t\t\t\t<\/button>\n\n\t\t\t\t\t\t\t\t<button class=\"icon-round swiper-button-next\" slot=\"button-next\" aria-label=\"N\u00e4chstes Bild\">\n\t\t\t\t\t\t\t\t\t<span class=\"icon-next\" aria-hidden=\"true\"><\/span>\n\t\t\t\t\t\t\t\t<\/button>\n\t\t\t\t\t\t\t<\/swiper>\n\t\t\t\t\t\t<\/div>\n\t\t\t\t\t<\/block-gallery>\n\t\t\t\t<\/div>\n\t\t\t<\/div>\n\t\t<\/div>\n\t<\/div>\n<\/section>\n\n<section class=\"block block-headline block-no-margin \"  id='beteiligte' data-anchor='Beteiligte'>\n\t<div class=\"container-fluid\">\n\t\t<div class=\"row\">\n\t\t\t\t\t\t\t<div class=\"col-xs-12 col-md-offset-2 col-md-8\">\n\t\t\t\t\t<div class=\"box\">\n\t\t\t\t\t\t<h2 class=\".h4\">Beteiligte<\/h2>\n\t\t\t\t\t<\/div>\n\t\t\t\t<\/div>\n\t\t\t\t\t<\/div>\n\t<\/div>\n<\/section>\n\n\n\n\n\n<section class=\"block block-accordion\">\n\t<div class=\"container-fluid\">\n\t\t<div class=\"row\">\n\t\t\t<div class=\"col-xs-12 col-md-offset-2 col-md-8\">\n\t\t\t\t<div class=\"box\">\n\t\t\t\t\t\t\t\t\t\t\t<block-accordion inline-template>\n\t\t\t\t\t\t\t<div class=\"accordion\">\n\t\t\t\t\t\t\t\t\t\t\t\t\t\t\t<block-accordion-item inline-template item-headline=\"David Dibiah\">\n\t\t\t\t\t\t\t\t<div ref=\"item\" data-id=\"DavidDibiah\" class=\"block-accordion-item vue-initialize\" aria-expanded=\"false\" :aria-expanded=\"active ? 'true' : 'false'\">\n\t\t\t\t\t\t\t\t\t<button class=\"accordion-button-with-icon block-accordion-item-head\" :class=\"{'button-active': active}\" ref=\"head\" aria-controls=\"acc_69f766e5691ad\" id=\"acc_title_69f766e5691af\" @click=\"toggle\" @keydown=\"key\">\n\t\t\t\t\t\t\t\t\t<div><span class=\"button-label\">David Dibiah<\/span><\/div><span class=\"button-icon icon-plus\" aria-hidden=\"true\"><\/span>\n\t\t\t\t\t\t\t\t<\/button>\n\t\t\t\t\t\t\t\t\t<div ref=\"body\" class=\"block-accordion-item-content\" id=\"acc_69f766e5691ad\" role=\"region\">\n\t\t\t\t\t\t\t\t\t\t<div class=\"wrapper copy\">\n\t\t\t\t\t\t\t\t\t\t\t<p>David Dibiah ist ein interdisziplin\u00e4rer K\u00fcnstler aus Berlin, dessen Arbeit Performance, Grafikdesign, Musik und Bildung verbindet. Als Absolvent im Bereich Grafikdesign und seit 2010 Mitglied des Vereins Berliner K\u00fcnstler pr\u00e4gt Dibiah die Berliner Kulturszene ma\u00dfgeblich.<\/p>\n<p>Zu seinen bemerkenswerten Werken z\u00e4hlt It Lies in Public Spaces, aufgef\u00fchrt im Humboldt Forum, das koloniale Hinterlassenschaften kritisch durch Rap, Gebet und Poesie beleuchtet. Aktuell arbeitet er an Berlin Reconference, einer Performance, die sich mit 140 Jahren Kolonialismus auseinandersetzt und mit Erz\u00e4hlkunst, Musik und Philosophie nach Wegen zu Gerechtigkeit und Restitution sucht.<\/p>\n<p>Neben seiner k\u00fcnstlerischen T\u00e4tigkeit unterrichtet Dibiah Kunst an den Berliner Jugendkunstschulen und arbeitet seit 2001 als Guide an den Staatlichen Museen zu Berlin, wo er ein tieferes Verst\u00e4ndnis f\u00fcr Kunst und Kultur vermittelt. Sein Werk fordert bestehende Narrative heraus und inspiriert kommende Generationen.<\/p>\n\n\t\t\t\t\t\t\t\t\t\t\t\t\t\t\t\t\t\t\t\t\t\t\t\t\t\t\t\t\t\t\t\t\t\n\t\t\t\t\t\t\t\t\t\t\t<div class=\"row\">\n\t\t\t\t\t\t\t\t\t\t\t\t<div class=\"col-xs-9 col-md-9\">\n\t\t\t\t\t\t\t\t\t\t\t\t\t<div class=\"box\">\n\t\t\t\t\t\t\t\t\t\t\t\t\t\t\n\t<lazy-media-inline inline-template>\n\t\t<figure itemscope itemtype=\"http:\/\/schema.org\/ImageObject\" class=\"lazy-media-inline \" role=\"group\" id=\"media_69f766e569951\" aria-labelledby=\"desc_media_69f766e569951\">\n\t\t\t<script type=\"application\/json\" ref=\"data\">\n\t\t\t\t{\n\t\t\t\t\"sizes\" : {\"medium\":{\"file\":\"SHF_eb00208631-300x200.jpg\",\"width\":300,\"height\":200,\"mime-type\":\"image\\\/jpeg\",\"filesize\":14998},\"large\":{\"file\":\"SHF_eb00208631-1024x683.jpg\",\"width\":1024,\"height\":683,\"mime-type\":\"image\\\/jpeg\",\"filesize\":92060},\"thumbnail\":{\"file\":\"SHF_eb00208631-150x150.jpg\",\"width\":150,\"height\":150,\"mime-type\":\"image\\\/jpeg\",\"filesize\":7923},\"medium_large\":{\"file\":\"SHF_eb00208631-768x512.jpg\",\"width\":768,\"height\":512,\"mime-type\":\"image\\\/jpeg\",\"filesize\":58463},\"small\":{\"file\":\"SHF_eb00208631-440x293.jpg\",\"width\":440,\"height\":293,\"mime-type\":\"image\\\/jpeg\",\"filesize\":26274},\"semi\":{\"file\":\"SHF_eb00208631-580x387.jpg\",\"width\":580,\"height\":387,\"mime-type\":\"image\\\/jpeg\",\"filesize\":39343},\"mobile\":{\"file\":\"SHF_eb00208631-720x480.jpg\",\"width\":720,\"height\":480,\"mime-type\":\"image\\\/jpeg\",\"filesize\":53129},\"hd\":{\"file\":\"SHF_eb00208631-1280x853.jpg\",\"width\":1280,\"height\":853,\"mime-type\":\"image\\\/jpeg\",\"filesize\":132461},\"full\":{\"file\":\"SHF_eb00208631-1920x1280.jpg\",\"width\":1920,\"height\":1280,\"mime-type\":\"image\\\/jpeg\",\"filesize\":273892},\"xxl\":{\"file\":\"SHF_eb00208631-4048x2699.jpg\",\"width\":4048,\"height\":2699,\"mime-type\":\"image\\\/jpeg\",\"filesize\":1328011},\"1536x1536\":{\"file\":\"SHF_eb00208631-1536x1024.jpg\",\"width\":1536,\"height\":1024,\"mime-type\":\"image\\\/jpeg\",\"filesize\":180569},\"2048x2048\":{\"file\":\"SHF_eb00208631-2048x1365.jpg\",\"width\":2048,\"height\":1365,\"mime-type\":\"image\\\/jpeg\",\"filesize\":311033},\"original\":{\"file\":\"SHF_eb00208631.jpg\",\"width\":6000,\"height\":4000}},\n\t\t\t\t\"alt\" : \"David Dibiah mit Mikrofon\",\n\t\t\t\t\"path\" : \"\\\/wp-content\\\/uploads\\\/2024\\\/06\\\/\",\n\t\t\t\t\"video\" : null,\n\t\t\t\t\"autoplay\" : null,\n\t\t\t\t\"youtube\" : null,\n\t\t\t\t\"youtubelabel\" : \"Video abspielen\",\n\t\t\t\t\"brightness\" : 100,\n\t\t\t\t\"crop\" : null,\n\t\t\t\t\"background\" : false,\n\t\t\t\t\"scale\" : 1\t\t\t\t}\n\t\t\t<\/script>\n\n\t\t\t<div class=\"height-container\" style=\"padding-bottom:66.666666666667%;\" v-if=\"sizes\">\n\t\t\t\t\t\t\t\t<lazy-media :inline=\"true\" :alt=\"alt\" :sizes=\"sizes\" :scale=\"scale\" :brightness=\"brightness\" :path=\"path\" :video=\"video\" :autoplay=\"autoplay\" :youtube=\"youtube\" :crop=\"crop\" :youtubelabel=\"youtubelabel\" :background=\"background\" media-id=\"desc_media_69f766e569951\"><\/lazy-media>\n\t\t\t\t\t\t\t<\/div>\n\n\t\t\t\t\t\t\t<figcaption class=\"\" id=\"desc_media_69f766e569951\">\n\t\t\t\t\t<div class=\"lazy-media-info-body-content\">\n\t\t\t\t\t\t\t\t\t\t\t\t\t\t\t\t\t\t\t<div>David Dibiah bei Performance &quot;It Lies in Public Spaces&quot; <\/div>\n\t\t\t\t\t\t\t\t\t\t\t\t\t\t\t\t\t\t\t<div class=\"insignificant\">\u00a9 Stiftung Humboldt Forum im Berliner Schloss, Foto: Frank Sperling<\/div>\n\t\t\t\t\t\t\t\t\t\t\t<\/div>\n\t\t\t\t<\/figcaption>\n\t\t\t\t\t\t\t\t\t<\/figure>\n\t<\/lazy-media-inline>\n\t\t\t\t\t\t\t\t\t\t\t\t\t<\/div>\n\t\t\t\t\t\t\t\t\t\t\t\t<\/div>\n\t\t\t\t\t\t\t\t\t\t\t<\/div>\n\n\t\t\t\t\t\t\t\t\t\t\t\t\t\t\t\t\t\t\t\t\t<\/div>\n\t\t\t\t\t\t\t\t\t<\/div>\n\t\t\t\t\t\t\t\t<\/div>\n\t\t\t\t\t\t\t\t<\/block-accordion-item>\n\t\t\t\t\t\t\t\t\t\t\t\t\t\t<block-accordion-item inline-template item-headline=\"Patrick Helber\">\n\t\t\t\t\t\t\t\t<div ref=\"item\" data-id=\"PatrickHelber\" class=\"block-accordion-item vue-initialize\" aria-expanded=\"false\" :aria-expanded=\"active ? 'true' : 'false'\">\n\t\t\t\t\t\t\t\t\t<button class=\"accordion-button-with-icon block-accordion-item-head\" :class=\"{'button-active': active}\" ref=\"head\" aria-controls=\"acc_69f766e569c8d\" id=\"acc_title_69f766e569c8f\" @click=\"toggle\" @keydown=\"key\">\n\t\t\t\t\t\t\t\t\t<div><span class=\"button-label\">Patrick Helber<\/span><\/div><span class=\"button-icon icon-plus\" aria-hidden=\"true\"><\/span>\n\t\t\t\t\t\t\t\t<\/button>\n\t\t\t\t\t\t\t\t\t<div ref=\"body\" class=\"block-accordion-item-content\" id=\"acc_69f766e569c8d\" role=\"region\">\n\t\t\t\t\t\t\t\t\t\t<div class=\"wrapper copy\">\n\t\t\t\t\t\t\t\t\t\t\t<p>Patrick Helber hat in T\u00fcbingen und Dublin Geschichte und Politikwissenschaft studiert und 2014 in Neuerer und Neuester Geschichte in Heidelberg promoviert. In seinem Buch \u201eDancehall und Homophobie\u201c geht es um postkoloniale Perspektiven auf die Geschichte und Kultur Jamaikas. Er lebt in Berlin und arbeitet im Ethnologischen Museum als Kurator f\u00fcr Bildung und Vermittlung. Zuvor war er im Deutschen Historischen Museum und am Museum Neuk\u00f6lln besch\u00e4ftigt. In seiner Freizeit moderiert er eine Radiosendung \u00fcber karibische Popkultur und legt unter dem Namen\u00a0<em>Scampylama Sound\u00a0<\/em>seit 2003 Reggae und Dancehall auf Vinyl auf.<\/p>\n\n\t\t\t\t\t\t\t\t\t\t\t\t\t\t\t\t\t\t\t\t\t\t\t\t\t\t\t\t\t\t\t\t\t\n\t\t\t\t\t\t\t\t\t\t\t<div class=\"row\">\n\t\t\t\t\t\t\t\t\t\t\t\t<div class=\"col-xs-9 col-md-9\">\n\t\t\t\t\t\t\t\t\t\t\t\t\t<div class=\"box\">\n\t\t\t\t\t\t\t\t\t\t\t\t\t\t\n\t<lazy-media-inline inline-template>\n\t\t<figure itemscope itemtype=\"http:\/\/schema.org\/ImageObject\" class=\"lazy-media-inline \" role=\"group\" id=\"media_69f766e56a27b\" aria-labelledby=\"desc_media_69f766e56a27b\">\n\t\t\t<script type=\"application\/json\" ref=\"data\">\n\t\t\t\t{\n\t\t\t\t\"sizes\" : {\"medium\":{\"file\":\"SHF_eb00241578-300x200.jpg\",\"width\":300,\"height\":200,\"mime-type\":\"image\\\/jpeg\",\"filesize\":6458},\"large\":{\"file\":\"SHF_eb00241578-1024x683.jpg\",\"width\":1024,\"height\":683,\"mime-type\":\"image\\\/jpeg\",\"filesize\":53462},\"thumbnail\":{\"file\":\"SHF_eb00241578-150x150.jpg\",\"width\":150,\"height\":150,\"mime-type\":\"image\\\/jpeg\",\"filesize\":4171},\"medium_large\":{\"file\":\"SHF_eb00241578-768x512.jpg\",\"width\":768,\"height\":512,\"mime-type\":\"image\\\/jpeg\",\"filesize\":29749},\"small\":{\"file\":\"SHF_eb00241578-440x293.jpg\",\"width\":440,\"height\":293,\"mime-type\":\"image\\\/jpeg\",\"filesize\":11285},\"semi\":{\"file\":\"SHF_eb00241578-580x387.jpg\",\"width\":580,\"height\":387,\"mime-type\":\"image\\\/jpeg\",\"filesize\":17608},\"mobile\":{\"file\":\"SHF_eb00241578-720x480.jpg\",\"width\":720,\"height\":480,\"mime-type\":\"image\\\/jpeg\",\"filesize\":25900},\"hd\":{\"file\":\"SHF_eb00241578-1280x853.jpg\",\"width\":1280,\"height\":853,\"mime-type\":\"image\\\/jpeg\",\"filesize\":84405},\"full\":{\"file\":\"SHF_eb00241578-1920x1280.jpg\",\"width\":1920,\"height\":1280,\"mime-type\":\"image\\\/jpeg\",\"filesize\":186702},\"1536x1536\":{\"file\":\"SHF_eb00241578-1536x1024.jpg\",\"width\":1536,\"height\":1024,\"mime-type\":\"image\\\/jpeg\",\"filesize\":120816},\"2048x2048\":{\"file\":\"SHF_eb00241578-2048x1365.jpg\",\"width\":2048,\"height\":1365,\"mime-type\":\"image\\\/jpeg\",\"filesize\":212827},\"original\":{\"file\":\"SHF_eb00241578.jpg\",\"width\":3543,\"height\":2362}},\n\t\t\t\t\"alt\" : \"Portr\\u00e4t von Patrick Helber\",\n\t\t\t\t\"path\" : \"\\\/wp-content\\\/uploads\\\/2024\\\/06\\\/\",\n\t\t\t\t\"video\" : null,\n\t\t\t\t\"autoplay\" : null,\n\t\t\t\t\"youtube\" : null,\n\t\t\t\t\"youtubelabel\" : \"Video abspielen\",\n\t\t\t\t\"brightness\" : 100,\n\t\t\t\t\"crop\" : null,\n\t\t\t\t\"background\" : false,\n\t\t\t\t\"scale\" : 1\t\t\t\t}\n\t\t\t<\/script>\n\n\t\t\t<div class=\"height-container\" style=\"padding-bottom:66.666666666667%;\" v-if=\"sizes\">\n\t\t\t\t\t\t\t\t<lazy-media :inline=\"true\" :alt=\"alt\" :sizes=\"sizes\" :scale=\"scale\" :brightness=\"brightness\" :path=\"path\" :video=\"video\" :autoplay=\"autoplay\" :youtube=\"youtube\" :crop=\"crop\" :youtubelabel=\"youtubelabel\" :background=\"background\" media-id=\"desc_media_69f766e56a27b\"><\/lazy-media>\n\t\t\t\t\t\t\t<\/div>\n\n\t\t\t\t\t\t\t<figcaption class=\"\" id=\"desc_media_69f766e56a27b\">\n\t\t\t\t\t<div class=\"lazy-media-info-body-content\">\n\t\t\t\t\t\t\t\t\t\t\t\t\t\t\t\t\t\t\t<div>Der Historiker und Kurator Patrick Helber <\/div>\n\t\t\t\t\t\t\t\t\t\t\t\t\t\t\t\t\t\t\t<div class=\"insignificant\">\u00a9 Staatliche Museen zu Berlin, Foto: Juliane Eirich<\/div>\n\t\t\t\t\t\t\t\t\t\t\t<\/div>\n\t\t\t\t<\/figcaption>\n\t\t\t\t\t\t\t\t\t<\/figure>\n\t<\/lazy-media-inline>\n\t\t\t\t\t\t\t\t\t\t\t\t\t<\/div>\n\t\t\t\t\t\t\t\t\t\t\t\t<\/div>\n\t\t\t\t\t\t\t\t\t\t\t<\/div>\n\n\t\t\t\t\t\t\t\t\t\t\t\t\t\t\t\t\t\t\t\t\t<\/div>\n\t\t\t\t\t\t\t\t\t<\/div>\n\t\t\t\t\t\t\t\t<\/div>\n\t\t\t\t\t\t\t\t<\/block-accordion-item>\n\t\t\t\t\t\t\t\t\t\t\t\t\t\t<block-accordion-item inline-template item-headline=\"Noah Klaus\">\n\t\t\t\t\t\t\t\t<div ref=\"item\" data-id=\"NoahKlaus\" class=\"block-accordion-item vue-initialize\" aria-expanded=\"false\" :aria-expanded=\"active ? 'true' : 'false'\">\n\t\t\t\t\t\t\t\t\t<button class=\"accordion-button-with-icon block-accordion-item-head\" :class=\"{'button-active': active}\" ref=\"head\" aria-controls=\"acc_69f766e56a585\" id=\"acc_title_69f766e56a587\" @click=\"toggle\" @keydown=\"key\">\n\t\t\t\t\t\t\t\t\t<div><span class=\"button-label\">Noah Klaus<\/span><\/div><span class=\"button-icon icon-plus\" aria-hidden=\"true\"><\/span>\n\t\t\t\t\t\t\t\t<\/button>\n\t\t\t\t\t\t\t\t\t<div ref=\"body\" class=\"block-accordion-item-content\" id=\"acc_69f766e56a585\" role=\"region\">\n\t\t\t\t\t\t\t\t\t\t<div class=\"wrapper copy\">\n\t\t\t\t\t\t\t\t\t\t\t<p>Noah Klaus (*1993) lebt seit 2012 in Berlin und arbeitet dort als Lehrer, Lektor und B\u00fchnenautor. Er ist festes Mitglied der Leseb\u00fchne <em>Zentralkomitee Deluxe<\/em> und tritt regelm\u00e4\u00dfig auf Kleinkunst- und Poetry-Slam-B\u00fchnen im gesamten deutschsprachigen Raum auf \u2013 sowohl als Performer als auch als Moderator. Dar\u00fcber hinaus leitet er Schreibworkshops f\u00fcr Jugendliche und war mehrfach bei Poetry-Slam-Meisterschaften vertreten.<\/p>\n<p>Seit 2025 betreibt er einen YouTube-Kanal zur deutschen Sprache, der bereits im ersten Monat \u00fcber eine Viertelmillion Aufrufe erreichte.<\/p>\n\n\t\t\t\t\t\t\t\t\t\t\t\t\t\t\t\t\t\t\t\t\t\t\t\t\t\t\t\t\t\t\t\t\t\n\t\t\t\t\t\t\t\t\t\t\t<div class=\"row\">\n\t\t\t\t\t\t\t\t\t\t\t\t<div class=\"col-xs-9 col-md-9\">\n\t\t\t\t\t\t\t\t\t\t\t\t\t<div class=\"box\">\n\t\t\t\t\t\t\t\t\t\t\t\t\t\t\n\t<lazy-media-inline inline-template>\n\t\t<figure itemscope itemtype=\"http:\/\/schema.org\/ImageObject\" class=\"lazy-media-inline \" role=\"group\" id=\"media_69f766e56ad96\" aria-labelledby=\"desc_media_69f766e56ad96\">\n\t\t\t<script type=\"application\/json\" ref=\"data\">\n\t\t\t\t{\n\t\t\t\t\"sizes\" : {\"medium\":{\"file\":\"SHF_eb00255888-300x178.jpg\",\"width\":300,\"height\":178,\"mime-type\":\"image\\\/jpeg\",\"filesize\":5911},\"large\":{\"file\":\"SHF_eb00255888-1024x607.jpg\",\"width\":1024,\"height\":607,\"mime-type\":\"image\\\/jpeg\",\"filesize\":36041},\"thumbnail\":{\"file\":\"SHF_eb00255888-150x150.jpg\",\"width\":150,\"height\":150,\"mime-type\":\"image\\\/jpeg\",\"filesize\":3956},\"medium_large\":{\"file\":\"SHF_eb00255888-768x455.jpg\",\"width\":768,\"height\":455,\"mime-type\":\"image\\\/jpeg\",\"filesize\":23039},\"small\":{\"file\":\"SHF_eb00255888-440x261.jpg\",\"width\":440,\"height\":261,\"mime-type\":\"image\\\/jpeg\",\"filesize\":9959},\"semi\":{\"file\":\"SHF_eb00255888-580x344.jpg\",\"width\":580,\"height\":344,\"mime-type\":\"image\\\/jpeg\",\"filesize\":15097},\"mobile\":{\"file\":\"SHF_eb00255888-720x427.jpg\",\"width\":720,\"height\":427,\"mime-type\":\"image\\\/jpeg\",\"filesize\":20808},\"hd\":{\"file\":\"SHF_eb00255888-1280x759.jpg\",\"width\":1280,\"height\":759,\"mime-type\":\"image\\\/jpeg\",\"filesize\":51981},\"original\":{\"file\":\"SHF_eb00255888.jpg\",\"width\":1400,\"height\":830}},\n\t\t\t\t\"alt\" : \"Mann mit erhobenen H\\u00e4nden am Mikrofon vor violettem Hintergrund, mit nachdenklichem Gesichtsausdruck.\",\n\t\t\t\t\"path\" : \"\\\/wp-content\\\/uploads\\\/2024\\\/06\\\/\",\n\t\t\t\t\"video\" : null,\n\t\t\t\t\"autoplay\" : null,\n\t\t\t\t\"youtube\" : null,\n\t\t\t\t\"youtubelabel\" : \"Video abspielen\",\n\t\t\t\t\"brightness\" : 100,\n\t\t\t\t\"crop\" : null,\n\t\t\t\t\"background\" : false,\n\t\t\t\t\"scale\" : 1\t\t\t\t}\n\t\t\t<\/script>\n\n\t\t\t<div class=\"height-container\" style=\"padding-bottom:59.285714285714%;\" v-if=\"sizes\">\n\t\t\t\t\t\t\t\t<lazy-media :inline=\"true\" :alt=\"alt\" :sizes=\"sizes\" :scale=\"scale\" :brightness=\"brightness\" :path=\"path\" :video=\"video\" :autoplay=\"autoplay\" :youtube=\"youtube\" :crop=\"crop\" :youtubelabel=\"youtubelabel\" :background=\"background\" media-id=\"desc_media_69f766e56ad96\"><\/lazy-media>\n\t\t\t\t\t\t\t<\/div>\n\n\t\t\t\t\t\t\t<figcaption class=\"\" id=\"desc_media_69f766e56ad96\">\n\t\t\t\t\t<div class=\"lazy-media-info-body-content\">\n\t\t\t\t\t\t\t\t\t\t\t\t\t<div>Noah Klaus<\/div>\n\t\t\t\t\t\t\t\t\t\t\t\t\t\t\t\t\t\t\t\t\t\t\t\t\t<div class=\"insignificant\">\u00a9 Foto: Privat<\/div>\n\t\t\t\t\t\t\t\t\t\t\t<\/div>\n\t\t\t\t<\/figcaption>\n\t\t\t\t\t\t\t\t\t<\/figure>\n\t<\/lazy-media-inline>\n\t\t\t\t\t\t\t\t\t\t\t\t\t<\/div>\n\t\t\t\t\t\t\t\t\t\t\t\t<\/div>\n\t\t\t\t\t\t\t\t\t\t\t<\/div>\n\n\t\t\t\t\t\t\t\t\t\t\t\t\t\t\t\t\t\t\t\t\t<\/div>\n\t\t\t\t\t\t\t\t\t<\/div>\n\t\t\t\t\t\t\t\t<\/div>\n\t\t\t\t\t\t\t\t<\/block-accordion-item>\n\t\t\t\t\t\t\t\t\t\t\t\t\t\t<block-accordion-item inline-template item-headline=\"Hans-Werner Klohe\">\n\t\t\t\t\t\t\t\t<div ref=\"item\" data-id=\"Hans-WernerKlohe\" class=\"block-accordion-item vue-initialize\" aria-expanded=\"false\" :aria-expanded=\"active ? 'true' : 'false'\">\n\t\t\t\t\t\t\t\t\t<button class=\"accordion-button-with-icon block-accordion-item-head\" :class=\"{'button-active': active}\" ref=\"head\" aria-controls=\"acc_69f766e56b03b\" id=\"acc_title_69f766e56b03d\" @click=\"toggle\" @keydown=\"key\">\n\t\t\t\t\t\t\t\t\t<div><span class=\"button-label\">Hans-Werner Klohe<\/span><\/div><span class=\"button-icon icon-plus\" aria-hidden=\"true\"><\/span>\n\t\t\t\t\t\t\t\t<\/button>\n\t\t\t\t\t\t\t\t\t<div ref=\"body\" class=\"block-accordion-item-content\" id=\"acc_69f766e56b03b\" role=\"region\">\n\t\t\t\t\t\t\t\t\t\t<div class=\"wrapper copy\">\n\t\t\t\t\t\t\t\t\t\t\t<p>Hans-Werner Klohe ist Kunsthistoriker und Kunstvermittler. Er studierte Kunstgeschichte S\u00fcdasiens sowie Kunstgeschichte im globalen Kontext mit dem Schwerpunkt Ostasien an der Freien Universit\u00e4t Berlin. Er promovierte im Fach Zentralasienstudien (Bereich Tibetologie) an der Humboldt-Universit\u00e4t zu Berlin. Sein Hauptinteresse gilt der buddhistischen Kunst Indiens, Tibets und der Himalaya-Region.<\/p>\n\n\t\t\t\t\t\t\t\t\t\t\t\t\t\t\t\t\t\t\t\t\t\t\t\t\t\t\t\t\t\t\t\t\t\n\t\t\t\t\t\t\t\t\t\t\t<div class=\"row\">\n\t\t\t\t\t\t\t\t\t\t\t\t<div class=\"col-xs-9 col-md-9\">\n\t\t\t\t\t\t\t\t\t\t\t\t\t<div class=\"box\">\n\t\t\t\t\t\t\t\t\t\t\t\t\t\t\n\t<lazy-media-inline inline-template>\n\t\t<figure itemscope itemtype=\"http:\/\/schema.org\/ImageObject\" class=\"lazy-media-inline \" role=\"group\" id=\"media_69f766e56b6f5\" aria-labelledby=\"desc_media_69f766e56b6f5\">\n\t\t\t<script type=\"application\/json\" ref=\"data\">\n\t\t\t\t{\n\t\t\t\t\"sizes\" : {\"medium\":{\"file\":\"SHF_eb00208602-300x200.jpg\",\"width\":300,\"height\":200,\"mime-type\":\"image\\\/jpeg\",\"filesize\":12774},\"large\":{\"file\":\"SHF_eb00208602-1024x683.jpg\",\"width\":1024,\"height\":683,\"mime-type\":\"image\\\/jpeg\",\"filesize\":77142},\"thumbnail\":{\"file\":\"SHF_eb00208602-150x150.jpg\",\"width\":150,\"height\":150,\"mime-type\":\"image\\\/jpeg\",\"filesize\":5638},\"medium_large\":{\"file\":\"SHF_eb00208602-768x512.jpg\",\"width\":768,\"height\":512,\"mime-type\":\"image\\\/jpeg\",\"filesize\":50952},\"small\":{\"file\":\"SHF_eb00208602-440x293.jpg\",\"width\":440,\"height\":293,\"mime-type\":\"image\\\/jpeg\",\"filesize\":22897},\"semi\":{\"file\":\"SHF_eb00208602-580x387.jpg\",\"width\":580,\"height\":387,\"mime-type\":\"image\\\/jpeg\",\"filesize\":34305},\"mobile\":{\"file\":\"SHF_eb00208602-720x480.jpg\",\"width\":720,\"height\":480,\"mime-type\":\"image\\\/jpeg\",\"filesize\":45964},\"hd\":{\"file\":\"SHF_eb00208602-1280x853.jpg\",\"width\":1280,\"height\":853,\"mime-type\":\"image\\\/jpeg\",\"filesize\":107578},\"full\":{\"file\":\"SHF_eb00208602-1920x1280.jpg\",\"width\":1920,\"height\":1280,\"mime-type\":\"image\\\/jpeg\",\"filesize\":206853},\"xxl\":{\"file\":\"SHF_eb00208602-4048x2699.jpg\",\"width\":4048,\"height\":2699,\"mime-type\":\"image\\\/jpeg\",\"filesize\":965410},\"1536x1536\":{\"file\":\"SHF_eb00208602-1536x1024.jpg\",\"width\":1536,\"height\":1024,\"mime-type\":\"image\\\/jpeg\",\"filesize\":142786},\"2048x2048\":{\"file\":\"SHF_eb00208602-2048x1365.jpg\",\"width\":2048,\"height\":1365,\"mime-type\":\"image\\\/jpeg\",\"filesize\":231841},\"original\":{\"file\":\"SHF_eb00208602.jpg\",\"width\":5679,\"height\":3786}},\n\t\t\t\t\"alt\" : \"Portr\\u00e4t von Hans-Werner Klohe\",\n\t\t\t\t\"path\" : \"\\\/wp-content\\\/uploads\\\/2024\\\/06\\\/\",\n\t\t\t\t\"video\" : null,\n\t\t\t\t\"autoplay\" : null,\n\t\t\t\t\"youtube\" : null,\n\t\t\t\t\"youtubelabel\" : \"Video abspielen\",\n\t\t\t\t\"brightness\" : 100,\n\t\t\t\t\"crop\" : null,\n\t\t\t\t\"background\" : false,\n\t\t\t\t\"scale\" : 1\t\t\t\t}\n\t\t\t<\/script>\n\n\t\t\t<div class=\"height-container\" style=\"padding-bottom:66.666666666667%;\" v-if=\"sizes\">\n\t\t\t\t\t\t\t\t<lazy-media :inline=\"true\" :alt=\"alt\" :sizes=\"sizes\" :scale=\"scale\" :brightness=\"brightness\" :path=\"path\" :video=\"video\" :autoplay=\"autoplay\" :youtube=\"youtube\" :crop=\"crop\" :youtubelabel=\"youtubelabel\" :background=\"background\" media-id=\"desc_media_69f766e56b6f5\"><\/lazy-media>\n\t\t\t\t\t\t\t<\/div>\n\n\t\t\t\t\t\t\t<figcaption class=\"\" id=\"desc_media_69f766e56b6f5\">\n\t\t\t\t\t<div class=\"lazy-media-info-body-content\">\n\t\t\t\t\t\t\t\t\t\t\t\t\t\t\t\t\t\t\t<div>Hans-Werner Klohe bei der Performance &quot;Un-sichtbare H&auml;nde&quot; <\/div>\n\t\t\t\t\t\t\t\t\t\t\t\t\t\t\t\t\t\t\t<div class=\"insignificant\">\u00a9 Staatliche Museen zu Berlin, Museum f\u00fcr Asiatische Kunst \/ Stiftung Humboldt Forum im Berliner Schloss, Foto: Frank Sperling<\/div>\n\t\t\t\t\t\t\t\t\t\t\t<\/div>\n\t\t\t\t<\/figcaption>\n\t\t\t\t\t\t\t\t\t<\/figure>\n\t<\/lazy-media-inline>\n\t\t\t\t\t\t\t\t\t\t\t\t\t<\/div>\n\t\t\t\t\t\t\t\t\t\t\t\t<\/div>\n\t\t\t\t\t\t\t\t\t\t\t<\/div>\n\n\t\t\t\t\t\t\t\t\t\t\t\t\t\t\t\t\t\t\t\t\t<\/div>\n\t\t\t\t\t\t\t\t\t<\/div>\n\t\t\t\t\t\t\t\t<\/div>\n\t\t\t\t\t\t\t\t<\/block-accordion-item>\n\t\t\t\t\t\t\t\t\t\t\t\t\t\t<block-accordion-item inline-template item-headline=\"Yuko Matsuyama\">\n\t\t\t\t\t\t\t\t<div ref=\"item\" data-id=\"YukoMatsuyama\" class=\"block-accordion-item vue-initialize\" aria-expanded=\"false\" :aria-expanded=\"active ? 'true' : 'false'\">\n\t\t\t\t\t\t\t\t\t<button class=\"accordion-button-with-icon block-accordion-item-head\" :class=\"{'button-active': active}\" ref=\"head\" aria-controls=\"acc_69f766e56b908\" id=\"acc_title_69f766e56b909\" @click=\"toggle\" @keydown=\"key\">\n\t\t\t\t\t\t\t\t\t<div><span class=\"button-label\">Yuko Matsuyama<\/span><\/div><span class=\"button-icon icon-plus\" aria-hidden=\"true\"><\/span>\n\t\t\t\t\t\t\t\t<\/button>\n\t\t\t\t\t\t\t\t\t<div ref=\"body\" class=\"block-accordion-item-content\" id=\"acc_69f766e56b908\" role=\"region\">\n\t\t\t\t\t\t\t\t\t\t<div class=\"wrapper copy\">\n\t\t\t\t\t\t\t\t\t\t\t<p>Yuko Matsuyama ist eine K\u00fcnstlerin, die an der Schnittstelle zwischen Klang und Bewegung arbeitet. Seit 2010 ist sie artist in residence im Haus Schwarzenberg in Berlin Mitte. 2017 absolvierte sie ihren MA in Choreografie am HTZ Berlin. Sie recherchiert zu Tanz und Tonalit\u00e4t des leeren Raumes.<\/p>\n\n\t\t\t\t\t\t\t\t\t\t\t\t\t\t\t\t\t\t\t\t\t\t\t\t\t\t\t\t\t\t\t\t\t\n\t\t\t\t\t\t\t\t\t\t\t<div class=\"row\">\n\t\t\t\t\t\t\t\t\t\t\t\t<div class=\"col-xs-9 col-md-9\">\n\t\t\t\t\t\t\t\t\t\t\t\t\t<div class=\"box\">\n\t\t\t\t\t\t\t\t\t\t\t\t\t\t\n\t<lazy-media-inline inline-template>\n\t\t<figure itemscope itemtype=\"http:\/\/schema.org\/ImageObject\" class=\"lazy-media-inline \" role=\"group\" id=\"media_69f766e56bd86\" aria-labelledby=\"desc_media_69f766e56bd86\">\n\t\t\t<script type=\"application\/json\" ref=\"data\">\n\t\t\t\t{\n\t\t\t\t\"sizes\" : {\"medium\":{\"file\":\"SHF_eb00202349-193x300.jpg\",\"width\":193,\"height\":300,\"mime-type\":\"image\\\/jpeg\",\"filesize\":6522},\"thumbnail\":{\"file\":\"SHF_eb00202349-150x150.jpg\",\"width\":150,\"height\":150,\"mime-type\":\"image\\\/jpeg\",\"filesize\":3930},\"small\":{\"file\":\"SHF_eb00202349-282x440.jpg\",\"width\":282,\"height\":440,\"mime-type\":\"image\\\/jpeg\",\"filesize\":10743},\"semi\":{\"file\":\"SHF_eb00202349-372x580.jpg\",\"width\":372,\"height\":580,\"mime-type\":\"image\\\/jpeg\",\"filesize\":15990},\"mobile\":{\"file\":\"SHF_eb00202349-462x720.jpg\",\"width\":462,\"height\":720,\"mime-type\":\"image\\\/jpeg\",\"filesize\":21468},\"original\":{\"file\":\"SHF_eb00202349.jpg\",\"width\":554,\"height\":863}},\n\t\t\t\t\"alt\" : \"Portr\\u00e4t der K\\u00fcnstlerin Yuko Matsuyama\",\n\t\t\t\t\"path\" : \"\\\/wp-content\\\/uploads\\\/2024\\\/06\\\/\",\n\t\t\t\t\"video\" : null,\n\t\t\t\t\"autoplay\" : null,\n\t\t\t\t\"youtube\" : null,\n\t\t\t\t\"youtubelabel\" : \"Video abspielen\",\n\t\t\t\t\"brightness\" : 100,\n\t\t\t\t\"crop\" : null,\n\t\t\t\t\"background\" : false,\n\t\t\t\t\"scale\" : 1\t\t\t\t}\n\t\t\t<\/script>\n\n\t\t\t<div class=\"height-container\" style=\"padding-bottom:155.7761732852%;\" v-if=\"sizes\">\n\t\t\t\t\t\t\t\t<lazy-media :inline=\"true\" :alt=\"alt\" :sizes=\"sizes\" :scale=\"scale\" :brightness=\"brightness\" :path=\"path\" :video=\"video\" :autoplay=\"autoplay\" :youtube=\"youtube\" :crop=\"crop\" :youtubelabel=\"youtubelabel\" :background=\"background\" media-id=\"desc_media_69f766e56bd86\"><\/lazy-media>\n\t\t\t\t\t\t\t<\/div>\n\n\t\t\t\t\t\t\t<figcaption class=\"\" id=\"desc_media_69f766e56bd86\">\n\t\t\t\t\t<div class=\"lazy-media-info-body-content\">\n\t\t\t\t\t\t\t\t\t\t\t\t\t\t\t\t\t\t\t<div>Portr&auml;t von Yuko Matsuyama <\/div>\n\t\t\t\t\t\t\t\t\t\t\t\t\t\t\t\t\t\t\t<div class=\"insignificant\">\u00a9 Henryk Weiffenbach<\/div>\n\t\t\t\t\t\t\t\t\t\t\t<\/div>\n\t\t\t\t<\/figcaption>\n\t\t\t\t\t\t\t\t\t<\/figure>\n\t<\/lazy-media-inline>\n\t\t\t\t\t\t\t\t\t\t\t\t\t<\/div>\n\t\t\t\t\t\t\t\t\t\t\t\t<\/div>\n\t\t\t\t\t\t\t\t\t\t\t<\/div>\n\n\t\t\t\t\t\t\t\t\t\t\t\t\t\t\t\t\t\t\t\t\t<\/div>\n\t\t\t\t\t\t\t\t\t<\/div>\n\t\t\t\t\t\t\t\t<\/div>\n\t\t\t\t\t\t\t\t<\/block-accordion-item>\n\t\t\t\t\t\t\t\t\t\t\t\t\t\t<block-accordion-item inline-template item-headline=\"Clara Nielsen\">\n\t\t\t\t\t\t\t\t<div ref=\"item\" data-id=\"ClaraNielsen\" class=\"block-accordion-item vue-initialize\" aria-expanded=\"false\" :aria-expanded=\"active ? 'true' : 'false'\">\n\t\t\t\t\t\t\t\t\t<button class=\"accordion-button-with-icon block-accordion-item-head\" :class=\"{'button-active': active}\" ref=\"head\" aria-controls=\"acc_69f766e56bfe7\" id=\"acc_title_69f766e56bfe8\" @click=\"toggle\" @keydown=\"key\">\n\t\t\t\t\t\t\t\t\t<div><span class=\"button-label\">Clara Nielsen<\/span><\/div><span class=\"button-icon icon-plus\" aria-hidden=\"true\"><\/span>\n\t\t\t\t\t\t\t\t<\/button>\n\t\t\t\t\t\t\t\t\t<div ref=\"body\" class=\"block-accordion-item-content\" id=\"acc_69f766e56bfe7\" role=\"region\">\n\t\t\t\t\t\t\t\t\t\t<div class=\"wrapper copy\">\n\t\t\t\t\t\t\t\t\t\t\t<p>Clara Nielsen (Jahrgang 1987, geboren in Kiel) lebt in Regensburg und ist seit 2007 fester Bestandteil der Poetry-Slam-Szene. Seitdem steht sie regelm\u00e4\u00dfig auf B\u00fchnen im gesamten deutschsprachigen Raum. Im Jahr 2011 war sie Mitglied der Slam-Nationalmannschaft, die im Rahmen der Frauenfu\u00dfball-Weltmeisterschaft des DFB auftrat.<\/p>\n<p>Einladungen des Goethe-Instituts f\u00fchrten sie nach Rom und Lissabon. Zudem performte sie unter anderem gemeinsam mit den Bamberger Symphonikern, der Big Band Convention Ostbayern sowie dem Uni Jazz Orchester Regensburg.<\/p>\n<p>2012 ver\u00f6ffentlichte sie im Berliner Periplaneta Verlag ihr erstes Buch mit dem Titel <em>Windschattengew\u00e4chs<\/em>. Zusammen mit Nora Gomringer gab sie die Anthologie <em>Lautst\u00e4rke ist weiblich<\/em> heraus \u2013 eine Sammlung weiblicher Stimmen aus der Poetry-Slam-Community, die 2017 im Satyr Verlag erschien.<\/p>\n\n\t\t\t\t\t\t\t\t\t\t\t\t\t\t\t\t\t\t\t\t\t\t\t\t\t\t\t\t\t\t\t\t\t\n\t\t\t\t\t\t\t\t\t\t\t<div class=\"row\">\n\t\t\t\t\t\t\t\t\t\t\t\t<div class=\"col-xs-9 col-md-9\">\n\t\t\t\t\t\t\t\t\t\t\t\t\t<div class=\"box\">\n\t\t\t\t\t\t\t\t\t\t\t\t\t\t\n\t<lazy-media-inline inline-template>\n\t\t<figure itemscope itemtype=\"http:\/\/schema.org\/ImageObject\" class=\"lazy-media-inline \" role=\"group\" id=\"media_69f766e56c480\" aria-labelledby=\"desc_media_69f766e56c480\">\n\t\t\t<script type=\"application\/json\" ref=\"data\">\n\t\t\t\t{\n\t\t\t\t\"sizes\" : {\"medium\":{\"file\":\"SHF_eb00255889-300x169.jpg\",\"width\":300,\"height\":169,\"mime-type\":\"image\\\/jpeg\",\"filesize\":9434},\"large\":{\"file\":\"SHF_eb00255889-1024x576.jpg\",\"width\":1024,\"height\":576,\"mime-type\":\"image\\\/jpeg\",\"filesize\":56950},\"thumbnail\":{\"file\":\"SHF_eb00255889-150x150.jpg\",\"width\":150,\"height\":150,\"mime-type\":\"image\\\/jpeg\",\"filesize\":5179},\"medium_large\":{\"file\":\"SHF_eb00255889-768x432.jpg\",\"width\":768,\"height\":432,\"mime-type\":\"image\\\/jpeg\",\"filesize\":36591},\"small\":{\"file\":\"SHF_eb00255889-440x248.jpg\",\"width\":440,\"height\":248,\"mime-type\":\"image\\\/jpeg\",\"filesize\":15977},\"semi\":{\"file\":\"SHF_eb00255889-580x326.jpg\",\"width\":580,\"height\":326,\"mime-type\":\"image\\\/jpeg\",\"filesize\":24238},\"mobile\":{\"file\":\"SHF_eb00255889-720x405.jpg\",\"width\":720,\"height\":405,\"mime-type\":\"image\\\/jpeg\",\"filesize\":33431},\"original\":{\"file\":\"SHF_eb00255889.jpg\",\"width\":1280,\"height\":720}},\n\t\t\t\t\"alt\" : \"Nahaufnahme einer Person mit braunen Haaren und lebhaften Augen, die direkt in die Kamera blickt.\",\n\t\t\t\t\"path\" : \"\\\/wp-content\\\/uploads\\\/2024\\\/06\\\/\",\n\t\t\t\t\"video\" : null,\n\t\t\t\t\"autoplay\" : null,\n\t\t\t\t\"youtube\" : null,\n\t\t\t\t\"youtubelabel\" : \"Video abspielen\",\n\t\t\t\t\"brightness\" : 100,\n\t\t\t\t\"crop\" : null,\n\t\t\t\t\"background\" : false,\n\t\t\t\t\"scale\" : 1\t\t\t\t}\n\t\t\t<\/script>\n\n\t\t\t<div class=\"height-container\" style=\"padding-bottom:56.25%;\" v-if=\"sizes\">\n\t\t\t\t\t\t\t\t<lazy-media :inline=\"true\" :alt=\"alt\" :sizes=\"sizes\" :scale=\"scale\" :brightness=\"brightness\" :path=\"path\" :video=\"video\" :autoplay=\"autoplay\" :youtube=\"youtube\" :crop=\"crop\" :youtubelabel=\"youtubelabel\" :background=\"background\" media-id=\"desc_media_69f766e56c480\"><\/lazy-media>\n\t\t\t\t\t\t\t<\/div>\n\n\t\t\t\t\t\t\t<figcaption class=\"\" id=\"desc_media_69f766e56c480\">\n\t\t\t\t\t<div class=\"lazy-media-info-body-content\">\n\t\t\t\t\t\t\t\t\t\t\t\t\t<div>Clara Nielsen<\/div>\n\t\t\t\t\t\t\t\t\t\t\t\t\t\t\t\t\t\t\t\t\t\t\t\t\t<div class=\"insignificant\">\u00a9 Foto: Fabian Hartmann<\/div>\n\t\t\t\t\t\t\t\t\t\t\t<\/div>\n\t\t\t\t<\/figcaption>\n\t\t\t\t\t\t\t\t\t<\/figure>\n\t<\/lazy-media-inline>\n\t\t\t\t\t\t\t\t\t\t\t\t\t<\/div>\n\t\t\t\t\t\t\t\t\t\t\t\t<\/div>\n\t\t\t\t\t\t\t\t\t\t\t<\/div>\n\n\t\t\t\t\t\t\t\t\t\t\t\t\t\t\t\t\t\t\t\t\t<\/div>\n\t\t\t\t\t\t\t\t\t<\/div>\n\t\t\t\t\t\t\t\t<\/div>\n\t\t\t\t\t\t\t\t<\/block-accordion-item>\n\t\t\t\t\t\t\t\t\t\t\t\t\t<\/div>\n\t\t\t\t\t\t<\/block-accordion>\n\t\t\t\t\t\t\t\t\t<\/div>\n\t\t\t<\/div>\n\t\t<\/div>\n\t<\/div>\n<\/section>\n\n\n<section class=\"block block-CTA block-CTA-long leftgradient\">\n\t<div class=\"container-fluid\">\n\t\t<div class=\"row center-xs\">\n\t\t\t<div class=\"col-xs-12\">\n\t\t\t\t<div class=\"box\">\n\t\t\t\t\t<a href=\"https:\/\/www.humboldtforum.org\/de\/newsletter-2\/\" aria-label=\"Bleiben Sie auf dem Laufenden!\" class=\"teaser teaser-cta-wide \">\n\t\t\t\t\t\t<div class=\"teaser-image\">\n\t\t\t\t\t\t\t\n\t<lazy-media-inline inline-template>\n\t\t<figure itemscope itemtype=\"http:\/\/schema.org\/ImageObject\" class=\"lazy-media-inline \" role=\"group\" id=\"media_69f766e56e2f4\" aria-labelledby=\"desc_media_69f766e56e2f4\">\n\t\t\t<script type=\"application\/json\" ref=\"data\">\n\t\t\t\t{\n\t\t\t\t\"sizes\" : {\"medium\":{\"file\":\"HF_eb00061823-scaled-300x200.jpg\",\"width\":300,\"height\":200,\"mime-type\":\"image\\\/jpeg\",\"filesize\":19186},\"large\":{\"file\":\"HF_eb00061823-scaled-1024x683.jpg\",\"width\":1024,\"height\":683,\"mime-type\":\"image\\\/jpeg\",\"filesize\":138597},\"thumbnail\":{\"file\":\"HF_eb00061823-scaled-150x150.jpg\",\"width\":150,\"height\":150,\"mime-type\":\"image\\\/jpeg\",\"filesize\":8513},\"medium_large\":{\"file\":\"HF_eb00061823-scaled-768x512.jpg\",\"width\":768,\"height\":512,\"mime-type\":\"image\\\/jpeg\",\"filesize\":86200},\"small\":{\"file\":\"HF_eb00061823-scaled-440x293.jpg\",\"width\":440,\"height\":293,\"mime-type\":\"image\\\/jpeg\",\"filesize\":35525},\"semi\":{\"file\":\"HF_eb00061823-scaled-580x387.jpg\",\"width\":580,\"height\":387,\"mime-type\":\"image\\\/jpeg\",\"filesize\":55724},\"mobile\":{\"file\":\"HF_eb00061823-scaled-720x480.jpg\",\"width\":720,\"height\":480,\"mime-type\":\"image\\\/jpeg\",\"filesize\":77971},\"hd\":{\"file\":\"HF_eb00061823-scaled-1280x854.jpg\",\"width\":1280,\"height\":854,\"mime-type\":\"image\\\/jpeg\",\"filesize\":202477},\"full\":{\"file\":\"HF_eb00061823-scaled-1920x1280.jpg\",\"width\":1920,\"height\":1280,\"mime-type\":\"image\\\/jpeg\",\"filesize\":386736},\"1536x1536\":{\"file\":\"HF_eb00061823-scaled-1536x1024.jpg\",\"width\":1536,\"height\":1024,\"mime-type\":\"image\\\/jpeg\",\"filesize\":266197},\"2048x2048\":{\"file\":\"HF_eb00061823-scaled-2048x1366.jpg\",\"width\":2048,\"height\":1366,\"mime-type\":\"image\\\/jpeg\",\"filesize\":430206},\"original\":{\"file\":\"HF_eb00061823-scaled.jpg\",\"width\":2560,\"height\":1707}},\n\t\t\t\t\"alt\" : \"Blick in das beleuchtete Foyer von der Galerie im ersten Stock mit Besuchenden, Infopoint und Medienturm\",\n\t\t\t\t\"path\" : \"\\\/wp-content\\\/uploads\\\/2020\\\/04\\\/\",\n\t\t\t\t\"video\" : null,\n\t\t\t\t\"autoplay\" : null,\n\t\t\t\t\"youtube\" : null,\n\t\t\t\t\"youtubelabel\" : \"Video abspielen\",\n\t\t\t\t\"brightness\" : \"70\",\n\t\t\t\t\"crop\" : {\"top\":\"90.37\",\"left\":\"39.93\"},\n\t\t\t\t\"background\" : true,\n\t\t\t\t\"scale\" : 2\t\t\t\t}\n\t\t\t<\/script>\n\n\t\t\t<div class=\"height-container\" style=\"padding-bottom:66.6796875%;\" v-if=\"sizes\">\n\t\t\t\t\t\t\t\t<lazy-media :inline=\"true\" :alt=\"alt\" :sizes=\"sizes\" :scale=\"scale\" :brightness=\"brightness\" :path=\"path\" :video=\"video\" :autoplay=\"autoplay\" :youtube=\"youtube\" :crop=\"crop\" :youtubelabel=\"youtubelabel\" :background=\"background\" media-id=\"desc_media_69f766e56e2f4\"><\/lazy-media>\n\t\t\t\t\t\t\t<\/div>\n\n\t\t\t\t\t\t\t<figcaption class=\"sr-only\" ref=\"body\" id=\"desc_media_69f766e56e2f4\">\n\t\t\t\t\t\t\t\t\t\t\t<div>Blick in das Foyer, November 2019.<\/div>\n\t\t\t\t\t\t\t\t\t\t\t\t\t\t\t\t\t\t\t\t\t<div class=\"insignificant\">\u00a9 Stiftung Humboldt Forum im Berliner Schloss \/ David von Becker<\/div>\n\t\t\t\t\t\t\t\t\t<\/figcaption>\n\t\t\t\t\t<\/figure>\n\t<\/lazy-media-inline>\n\t\t\t\t\t\t<\/div>\n\t\t\t\t\t\t<div class=\"teaser-content \">\n\t\t\t\t\t\t\t<div>\n\t\t\t\t\t\t\t\t\t\t\t\t\t\t\t\t<div class=\"teaser-header\"><span class=\"h3\">Bleiben Sie auf dem Laufenden!<\/span><\/div>\n\t\t\t\t\t\t\t\t<div class=\"teaser-subline\"><span class=\"font-decoration\">Abonnieren Sie unseren Newsletter.<\/span><\/div>\t\t\t\t\t\t\t\t<button tabindex=\"-1\" class=\"border\">Hier klicken<\/button>\n\t\t\t\t\t\t\t<\/div>\n\t\t\t\t\t\t<\/div>\n\t\t\t\t\t<\/a>\n\t\t\t\t<\/div>\n\t\t\t<\/div>\n\t\t<\/div>\n\t<\/div>\n<\/section>\n","protected":false},"template":"","genre":[835],"digital":[],"topic":[],"stakeholder":[],"editorial":[],"editorialfilter":[],"targetgroup":[],"language":[384],"accessability":[],"age":[],"school":[910],"groupsize":[],"place":[404],"class_list":["post-131228","event","type-event","status-publish","hentry","genre-bildung","language-deutsch","school-paedagoginnen","place-humboldt-forum"],"acf":[],"_links":{"self":[{"href":"https:\/\/www.humboldtforum.org\/de\/wp-json\/wp\/v2\/event\/131228","targetHints":{"allow":["GET"]}}],"collection":[{"href":"https:\/\/www.humboldtforum.org\/de\/wp-json\/wp\/v2\/event"}],"about":[{"href":"https:\/\/www.humboldtforum.org\/de\/wp-json\/wp\/v2\/types\/event"}],"version-history":[{"count":12,"href":"https:\/\/www.humboldtforum.org\/de\/wp-json\/wp\/v2\/event\/131228\/revisions"}],"predecessor-version":[{"id":155650,"href":"https:\/\/www.humboldtforum.org\/de\/wp-json\/wp\/v2\/event\/131228\/revisions\/155650"}],"wp:attachment":[{"href":"https:\/\/www.humboldtforum.org\/de\/wp-json\/wp\/v2\/media?parent=131228"}],"wp:term":[{"taxonomy":"genre","embeddable":true,"href":"https:\/\/www.humboldtforum.org\/de\/wp-json\/wp\/v2\/genre?post=131228"},{"taxonomy":"digital","embeddable":true,"href":"https:\/\/www.humboldtforum.org\/de\/wp-json\/wp\/v2\/digital?post=131228"},{"taxonomy":"topic","embeddable":true,"href":"https:\/\/www.humboldtforum.org\/de\/wp-json\/wp\/v2\/topic?post=131228"},{"taxonomy":"stakeholder","embeddable":true,"href":"https:\/\/www.humboldtforum.org\/de\/wp-json\/wp\/v2\/stakeholder?post=131228"},{"taxonomy":"editorial","embeddable":true,"href":"https:\/\/www.humboldtforum.org\/de\/wp-json\/wp\/v2\/editorial?post=131228"},{"taxonomy":"editorialfilter","embeddable":true,"href":"https:\/\/www.humboldtforum.org\/de\/wp-json\/wp\/v2\/editorialfilter?post=131228"},{"taxonomy":"targetgroup","embeddable":true,"href":"https:\/\/www.humboldtforum.org\/de\/wp-json\/wp\/v2\/targetgroup?post=131228"},{"taxonomy":"language","embeddable":true,"href":"https:\/\/www.humboldtforum.org\/de\/wp-json\/wp\/v2\/language?post=131228"},{"taxonomy":"accessability","embeddable":true,"href":"https:\/\/www.humboldtforum.org\/de\/wp-json\/wp\/v2\/accessability?post=131228"},{"taxonomy":"age","embeddable":true,"href":"https:\/\/www.humboldtforum.org\/de\/wp-json\/wp\/v2\/age?post=131228"},{"taxonomy":"school","embeddable":true,"href":"https:\/\/www.humboldtforum.org\/de\/wp-json\/wp\/v2\/school?post=131228"},{"taxonomy":"groupsize","embeddable":true,"href":"https:\/\/www.humboldtforum.org\/de\/wp-json\/wp\/v2\/groupsize?post=131228"},{"taxonomy":"place","embeddable":true,"href":"https:\/\/www.humboldtforum.org\/de\/wp-json\/wp\/v2\/place?post=131228"}],"curies":[{"name":"wp","href":"https:\/\/api.w.org\/{rel}","templated":true}]}}