{"id":131228,"date":"2026-07-27T15:07:38","date_gmt":"2026-07-27T13:07:38","guid":{"rendered":"https:\/\/www.humboldtforum.org\/?post_type=event&#038;p=131228"},"modified":"2026-09-01T10:02:18","modified_gmt":"2026-09-01T08:02:18","slug":"teachers-night-im-humboldt-forum","status":"publish","type":"event","link":"https:\/\/www.humboldtforum.org\/de\/programm\/termin\/bildung\/teachers-night-im-humboldt-forum-131228\/","title":{"rendered":"Teachers&#8216; Night im Humboldt Forum"},"content":{"rendered":"<section class=\"block block-copy\" >\n    <div class=\"container-fluid\">\n\t\t<div class=\"row \">\n            <div class=\"col-xs-12 col-md-offset-2 col-md-8\">\n                <div class=\"box\">\n                    <div class=\"copy\"><p data-local-id=\"1c0360319796\" data-prosemirror-content-type=\"node\" data-prosemirror-node-name=\"paragraph\" data-prosemirror-node-block=\"true\" data-pm-slice=\"1 1 []\">Erleben Sie die Kulturelle Bildung des Humboldt Forums in ihrer ganzen Vielfalt: Entdecken Sie praxisnah bei <a href=\"https:\/\/www.humboldtforum.org\/de\/programm\/dauerangebot\/ausstellung\/berlin-global-14140\/\"><em>BERLIN GLOBAL<\/em><\/a>, wie aus den Ideen und Stimmen Ihrer Sch\u00fcler*innen ein authentischer Podcast entsteht, der ihre Perspektiven h\u00f6rbar macht. Erkunden Sie in <em><a href=\"https:\/\/www.humboldtforum.org\/de\/programm\/laufzeitangebot\/ausstellung\/on-water-wasserwissen-in-berlin-148667\/\">On Water. WasserWissen in Berlin<\/a><\/em> verborgene Perspektiven auf Wasser und lernen Sie die Lebenswelten von Kindern aus Papua-Neuguinea kennen. Die Ausstellungen BERLIN GLOBAL und On Water. WasserWissen in Berlin sind an diesem Abend exklusiv bis 20 und 20:30 Uhr ge\u00f6ffnet.<\/p>\n<p data-local-id=\"1c0360319796\" data-prosemirror-content-type=\"node\" data-prosemirror-node-name=\"paragraph\" data-prosemirror-node-block=\"true\" data-pm-slice=\"1 1 []\">Erfahren Sie von Jugendlichen im <a href=\"https:\/\/www.humboldtforum.org\/de\/programm\/termin\/workshop\/culture-camp-159905\/\">Culture Club<\/a>, wie sie sich aktiv in die Gestaltung und Erstellung der im Fr\u00fchjahr n\u00e4chsten Jahres geplanten Ausstellung zum Thema Popkultur eingebracht haben. Erkunden Sie, welche kolonialen Spuren es heute noch im Humboldt Forum gibt und wie das Berliner Schloss mit der Weltpolitik verwoben war. Zudem erwartet Sie die partizipative Performance \u201eThe Words They Used\u201d und vieles mehr.<\/p>\n<p data-local-id=\"59c1c65b92a0\" data-prosemirror-content-type=\"node\" data-prosemirror-node-name=\"paragraph\" data-prosemirror-node-block=\"true\">Beim anschlie\u00dfenden Get-together haben Sie die M\u00f6glichkeit, mit Kolleg*innen und Fachleuten ins Gespr\u00e4ch zu kommen und exklusiv einen Blick auf unser kommendes Jahresthema <em><strong data-prosemirror-content-type=\"mark\" data-prosemirror-mark-name=\"strong\">Mein. Dein. Unser?!<\/strong><\/em> (Er\u00f6ffnung: 27. November 2027) zu werfen. Mit diesem neuen Programmschwerpunkt nimmt das Humboldt Forum ab Herbst 2026 den Umgang mit Natur- und Kulturerbe aus globalen und lokalen Perspektiven in den Blick.<\/p>\n<p><strong>Zur dritten Teachers&#8216; Night k\u00f6nnen Sie sich ab 27. August 2026 anmelden.<\/strong><\/p>\n<\/div>\n                <\/div>\n            <\/div>\n\t\t<\/div>\n\t\t    <\/div>\n<\/section>\n\n<section class=\"block block-headline block-no-margin \"  id='zeitlicher-ablauf' data-anchor='Zeitlicher Ablauf'>\n\t<div class=\"container-fluid\">\n\t\t<div class=\"row\">\n\t\t\t\t\t\t\t<div class=\"col-xs-12 col-md-offset-2 col-md-8\">\n\t\t\t\t\t<div class=\"box\">\n\t\t\t\t\t\t<h2 class=\".h4\">Zeitlicher Ablauf<\/h2>\n\t\t\t\t\t<\/div>\n\t\t\t\t<\/div>\n\t\t\t\t\t<\/div>\n\t<\/div>\n<\/section>\n\n\n\n\n<section class=\"block block-schedule\">\n\t<div class=\"container-fluid\">\n\t\t<div class=\"row\">\n\t\t\t\t\t\t<div class=\"col-xs-12 col-sm-8 col-sm-offset-2 schedule-all margin-bottom-third\">\n\t\t\t\t<div class=\"schedule-linebox\"><\/div>\n\t\t\t\t<div class=\"box\">\n\t\t\t\t\t\t\t\t\t<div class=\"schedule-container margin-bottom-two-thirds\">\n\t\t\t\t\t\t<h6 class=\"margin-bottom-atom\"><img loading=\"lazy\" decoding=\"async\" width=\"18\" height=\"18\" class=\"schedule-bullet\" src=\"\/assets\/icons\/bullet.svg\">ab 16:30 Uhr<\/h6>\n\t\t\t\t\t\t<h3>Anmeldung<\/h3>\n\n\t\t\t\t\t\t\t\t\t\t\t<\/div>\n\t\t\t\t\t\t\t\t\t<div class=\"schedule-container margin-bottom-two-thirds\">\n\t\t\t\t\t\t<h6 class=\"margin-bottom-atom\"><img loading=\"lazy\" decoding=\"async\" width=\"18\" height=\"18\" class=\"schedule-bullet\" src=\"\/assets\/icons\/bullet.svg\">ab 17 Uhr<\/h6>\n\t\t\t\t\t\t<h3>Begr\u00fc\u00dfung in den Werkr\u00e4umen (1. OG)<\/h3>\n\n\t\t\t\t\t\t\t\t\t\t\t<\/div>\n\t\t\t\t\t\t\t\t\t<div class=\"schedule-container margin-bottom-two-thirds\">\n\t\t\t\t\t\t<h6 class=\"margin-bottom-atom\"><img loading=\"lazy\" decoding=\"async\" width=\"18\" height=\"18\" class=\"schedule-bullet\" src=\"\/assets\/icons\/bullet.svg\">ab 17:20 Uhr <\/h6>\n\t\t\t\t\t\t<h3>Kurz- und Impulsf\u00fchrungen &#038; Performances <\/h3>\n\n\t\t\t\t\t\t\t\t\t\t\t\t\t<read-more inline-template>\n\t\t\t\t\t\t\t\t<div>\n\t\t\t\t\t\t\t\t\t<div ref=\"body\" style=\"height:0;overflow: hidden;display: none;\">\n\t\t\t\t\t\t\t\t\t\t<div class=\"schedule-container-more margin-bottom-third\">\n\t\t\t\t\t\t\t\t\t\t\t\t\t\t\t\t\t\t\t\t\t\t\t<div class=\"copy\"><p>in den Ausstellungen <a href=\"https:\/\/www.humboldtforum.org\/de\/programm\/dauerangebot\/ausstellung\/berlin-global-14140\/\">BERLIN GLOBAL<\/a> (1. OG), <a href=\"https:\/\/www.humboldtforum.org\/de\/programm\/laufzeitangebot\/ausstellung\/on-water-wasserwissen-in-berlin-148667\/\"><em>On Water. WasserWissen in Berlin<\/em><\/a>, dem <a href=\"https:\/\/www.humboldtforum.org\/de\/programm\/dauerangebot\/ausstellung\/ethnologische-sammlungen-und-asiatische-kunst-46021\/\">Ethnologischen Museum<\/a> (2. OG), in der tempor\u00e4ren Ausstellung <a href=\"https:\/\/www.humboldtforum.org\/de\/programm\/dauerangebot\/ausstellung\/geschichten-tansanias-136691\/\"><em>Geschichte(n) Tansanias. Einblicke und Ausblicke<\/em><\/a> und zur <a href=\"https:\/\/www.humboldtforum.org\/de\/programm\/feature\/geschichte-des-ortes-31309\/\">Geschichte des Ortes <\/a><\/p>\n<\/div>\n\t\t\t\t\t\t\t\t\t\t\t\t\t\t\t\t\t\t\t\t\t\t\n\t\t\t\t\t\t\t\t\t\t\t\t\t\t\t\t\t\t\t\t\t<\/div>\n\t\t\t\t\t\t\t\t\t<\/div>\n\t\t\t\t\t\t\t\t\t<div class=\"copy\">\n\t\t\t\t\t\t\t\t\t\t<a ref=\"toggleButton\" class=\"Button\" @click=\"toggle\">\n\t\t\t\t\t\t\t\t\t\t\t<span v-if=\"!active\">mehr lesen<\/span>\n\t\t\t\t\t\t\t\t\t\t\t<span v-else>weniger lesen<\/span>\n\t\t\t\t\t\t\t\t\t\t<\/a>\n\t\t\t\t\t\t\t\t\t<\/div>\n\t\t\t\t\t\t\t\t<\/div>\n\t\t\t\t\t\t\t<\/read-mode>\n\t\t\t\t\t\t\t\t\t\t\t<\/div>\n\t\t\t\t\t\t\t\t\t<div class=\"schedule-container margin-bottom-two-thirds\">\n\t\t\t\t\t\t<h6 class=\"margin-bottom-atom\"><img loading=\"lazy\" decoding=\"async\" width=\"18\" height=\"18\" class=\"schedule-bullet\" src=\"\/assets\/icons\/bullet.svg\">17:20 &#8211; 20 Uhr <\/h6>\n\t\t\t\t\t\t<h3>Drop-Ins und Praxisseminare im WELTSTUDIO, dem Seminarraum (HU-Labor) und in den Werkr\u00e4umen (1. OG)<\/h3>\n\n\t\t\t\t\t\t\t\t\t\t\t<\/div>\n\t\t\t\t\t\t\t\t\t<div class=\"schedule-container margin-bottom-two-thirds\">\n\t\t\t\t\t\t<h6 class=\"margin-bottom-atom\"><img loading=\"lazy\" decoding=\"async\" width=\"18\" height=\"18\" class=\"schedule-bullet\" src=\"\/assets\/icons\/bullet.svg\">18:30 Uhr<\/h6>\n\t\t\t\t\t\t<h3>Getr\u00e4nke und Brezeln<\/h3>\n\n\t\t\t\t\t\t\t\t\t\t\t<\/div>\n\t\t\t\t\t\t\t\t\t<div class=\"schedule-container margin-bottom-two-thirds\">\n\t\t\t\t\t\t<h6 class=\"margin-bottom-atom\"><img loading=\"lazy\" decoding=\"async\" width=\"18\" height=\"18\" class=\"schedule-bullet\" src=\"\/assets\/icons\/bullet.svg\">19:30 &#8211; 20:30 Uhr<\/h6>\n\t\t\t\t\t\t<h3>#Logoskop achtundvierzig. Dichtung und Wissenschaft mit Markus K\u00f6hle und Marie-Claire Tjombe (HU-Labor)<\/h3>\n\n\t\t\t\t\t\t\t\t\t\t\t<\/div>\n\t\t\t\t\t\t\t\t\t<div class=\"schedule-container margin-bottom-two-thirds\">\n\t\t\t\t\t\t<h6 class=\"margin-bottom-atom\"><img loading=\"lazy\" decoding=\"async\" width=\"18\" height=\"18\" class=\"schedule-bullet\" src=\"\/assets\/icons\/bullet.svg\">ab 19:30 Uhr<\/h6>\n\t\t\t\t\t\t<h3>DJ-Set Scampylama Sound, Werkr\u00e4ume (1. OG)\u00a0<\/h3>\n\n\t\t\t\t\t\t\t\t\t\t\t<\/div>\n\t\t\t\t\t\t\t\t\t<div class=\"schedule-container margin-bottom-two-thirds\">\n\t\t\t\t\t\t<h6 class=\"margin-bottom-atom\"><img loading=\"lazy\" decoding=\"async\" width=\"18\" height=\"18\" class=\"schedule-bullet\" src=\"\/assets\/icons\/bullet.svg\">bis 21 Uhr<\/h6>\n\t\t\t\t\t\t<h3>Get together in den Werkr\u00e4umen (1. OG)\u00a0<\/h3>\n\n\t\t\t\t\t\t\t\t\t\t\t<\/div>\n\t\t\t\t\t\t\t\t<br>\n\t\t\t\t<img loading=\"lazy\" decoding=\"async\" width=\"18\" height=\"18\" class=\"schedule-bullet schedule-bullet-end\" src=\"\/assets\/icons\/bullet.svg\">\n\t\t\t<\/div><\/div>\n\t\t<\/div>\n\t<\/div>\n<\/section>\n\n\n\n<section class=\"block block-button\">\n    <div class=\"container-fluid\">\n\t\t<div class=\"row\">\n            <div class=\"col-xs-12 col-md-offset-2 col-md-8\">\n                <div class=\"box text-align-center\">\n                 \t\t<a href=\"https:\/\/www.humboldtforum.org\/wp-content\/uploads\/2026\/08\/TeachersNight26_Timetable_A4_finalfinal.pdf\" class=\"button-extern\" role=\"button\" target=\"_blank\">\n\t\t<span class=\"button-label\">Zum Kurzprogramm der Teachers&#8216; Night<\/span>\n\t<\/a>\n                <\/div>\n            <\/div>\n        <\/div>\n    <\/div>\n<\/section>\n\n<section class=\"block block-header\" >\n\t<block-header inline-template>\n\t\t<figure role=\"group\" aria-labelledby=\"desc_m_6a9808125d30d\">\n\n\t\t\t<script type=\"application\/json\" ref=\"data\">\n\t\t\t\t{\n\t\t\t\t\"sizes_d\" : {\"medium\":{\"file\":\"SHF_eb00233560-300x200.jpg\",\"width\":300,\"height\":200,\"mime-type\":\"image\\\/jpeg\",\"filesize\":15549},\"large\":{\"file\":\"SHF_eb00233560-1024x682.jpg\",\"width\":1024,\"height\":682,\"mime-type\":\"image\\\/jpeg\",\"filesize\":91034},\"thumbnail\":{\"file\":\"SHF_eb00233560-150x150.jpg\",\"width\":150,\"height\":150,\"mime-type\":\"image\\\/jpeg\",\"filesize\":7257},\"medium_large\":{\"file\":\"SHF_eb00233560-768x512.jpg\",\"width\":768,\"height\":512,\"mime-type\":\"image\\\/jpeg\",\"filesize\":59847},\"small\":{\"file\":\"SHF_eb00233560-440x293.jpg\",\"width\":440,\"height\":293,\"mime-type\":\"image\\\/jpeg\",\"filesize\":27122},\"semi\":{\"file\":\"SHF_eb00233560-580x387.jpg\",\"width\":580,\"height\":387,\"mime-type\":\"image\\\/jpeg\",\"filesize\":40262},\"mobile\":{\"file\":\"SHF_eb00233560-720x480.jpg\",\"width\":720,\"height\":480,\"mime-type\":\"image\\\/jpeg\",\"filesize\":54329},\"original\":{\"file\":\"SHF_eb00233560.jpg\",\"width\":1280,\"height\":853}},\n\t\t\t\t\"alt_d\" : \"Frau spricht mit Mikrofon vor Publikum in einem modernen Konferenzraum.\",\n\t\t\t\t\"path_d\" : \"\\\/wp-content\\\/uploads\\\/2025\\\/07\\\/\",\n\t\t\t\t\"autoplay_d\" : null,\n\t\t\t\t\"crop_d\" : {\"top\":\"35.52\",\"left\":\"60.39\"},\n\t\t\t\t\"background_d\" : true,\n\t\t\t\t\"scale_d\" : 2,\n\n\t\t\t\t\"sizes_m\" : [],\n\t\t\t\t\"alt_m\" : null,\n\t\t\t\t\"path_m\" : null,\n\t\t\t\t\"autoplay_m\" : null,\n\t\t\t\t\"crop_m\" : null,\n\t\t\t\t\"background_m\" : true,\n\t\t\t\t\"scale_m\" : 1,\n\n\t\t\t\t\"has_mobile_format\" : false,\n\t\t\t\t\"has_ad\" : false,\n\t\t\t\t\"audio_description_yt\" : null\t\t\t\t}\n\t\t\t<\/script>\n\t\t\t<div class=\"height-container\" style=\"padding-bottom:66.640625%;\" v-if=\"sizes\" data-motion-parallax='{\"child\":\".image-wrapper\",\"mask\":\".lazy-media\",\"tween\":{\"yPercent\": [-15,15]}}'>\n\t\t\t\t<lazy-media :inline=\"true\" :scale=\"scale\" :alt=\"alt\" :sizes=\"sizes\" :brightness=\"brightness\" :path=\"path\" :video=\"video\" :autoplay=\"autoplay\" :youtube=\"youtube\" :crop=\"crop\" :youtubelabel=\"youtubelabel\" :background=\"background\" media-id=\"desc_m_6a9808125d30d\"><\/lazy-media>\n\t\t\t\t<button class=\"autoplay-audio-description-btn icon-background icon-audio-describtions\" @click=\"audioDescriptionPlay\" v-if=\"hasAudioDescription\" aria-label=\"Audiodeskription aufrufen\"><\/button>\n\t\t\t<\/div>\n\t\t\t\t\t\t<div class=\"lazy-media-info-container-fluid\">\n\t\t\t\t<div class=\"lazy-media-info-row end-xs\">\n\t\t\t\t\t<div class=\"lazy-media-info-col\">\n\t\t\t\t\t\t<div class=\"lazy-media-info\" aria-expanded=\"false\" :aria-expanded=\"isOpen ? 'true' : 'false'\">\n\t\t\t\t\t\t\t<button class=\"lazy-media-info-head button-tiny insignificant\" :class=\"{'button-active': isOpen}\" @click=\"toggle\" ref=\"head\"><span class=\"button-label insignificant\">Bildinfo<\/span><\/button>\n\t\t\t\t\t\t\t<figcaption class=\"lazy-media-info-body\" ref=\"body\" id=\"desc_m_6a9808125d30d\">\n\t\t\t\t\t\t\t\t<div class=\"lazy-media-info-body-content\">\n\t\t\t\t\t\t\t\t\t<div>#Logoskop Special &quot;Teachers&#039; Night&quot; &#8211; Dichtung und Wissenschaft mit Lea Streisand und Bas B&ouml;ttcher. Performance w&auml;hrend der Teachers&#039; Night 2024.<\/div>\t\t\t\t\t\t\t\t\t<div class=\"insignificant\">\u00a9 Staatlichen Museen zu Berlin, Foto: Pierre Adenis<\/div>\t\t\t\t\t\t\t\t<\/div>\n\t\t\t\t\t\t\t<\/figcaption>\n\t\t\t\t\t\t\t<div class=\"lazy-media-info-head-border\"><\/div>\n\t\t\t\t\t\t<\/div>\n\t\t\t\t\t<\/div>\n\t\t\t\t<\/div>\n\t\t\t<\/div>\n\t\t\t\t\t<\/figure>\n\t<\/block-header>\n<\/section>\n\n<section class=\"block block-headline block-no-margin \" >\n\t<div class=\"container-fluid\">\n\t\t<div class=\"row\">\n\t\t\t\t\t\t\t<div class=\"col-xs-12 col-md-offset-2 col-md-8\">\n\t\t\t\t\t<div class=\"box\">\n\t\t\t\t\t\t<h2 class=\".h4\">Kurzf\u00fchrungen (30 Min.) \u00a0<\/h2>\n\t\t\t\t\t<\/div>\n\t\t\t\t<\/div>\n\t\t\t\t\t<\/div>\n\t<\/div>\n<\/section>\n\n\n\n\n\n<section class=\"block block-accordion\">\n\t<div class=\"container-fluid\">\n\t\t<div class=\"row\">\n\t\t\t<div class=\"col-xs-12 col-md-offset-2 col-md-8\">\n\t\t\t\t<div class=\"box\">\n\t\t\t\t\t\t\t\t\t\t\t<block-accordion inline-template>\n\t\t\t\t\t\t\t<div class=\"accordion\">\n\t\t\t\t\t\t\t\t\t\t\t\t\t\t\t<block-accordion-item inline-template item-headline=\"On\u00a0Water. WasserWissen in Berlin\">\n\t\t\t\t\t\t\t\t<div ref=\"item\" data-id=\"OnWaterWasserWisseninBerlin\" class=\"block-accordion-item vue-initialize\" aria-expanded=\"false\" :aria-expanded=\"active ? 'true' : 'false'\">\n\t\t\t\t\t\t\t\t\t<button class=\"accordion-button-with-icon block-accordion-item-head\" :class=\"{'button-active': active}\" ref=\"head\" aria-controls=\"acc_6a98081267ca6\" id=\"acc_title_6a98081267ca7\" @click=\"toggle\" @keydown=\"key\">\n\t\t\t\t\t\t\t\t\t<div><span class=\"button-label\">On\u00a0Water. WasserWissen in Berlin<\/span><\/div><span class=\"button-icon icon-plus\" aria-hidden=\"true\"><\/span>\n\t\t\t\t\t\t\t\t<\/button>\n\t\t\t\t\t\t\t\t\t<div ref=\"body\" class=\"block-accordion-item-content\" id=\"acc_6a98081267ca6\" role=\"region\">\n\t\t\t\t\t\t\t\t\t\t<div class=\"wrapper copy\">\n\t\t\t\t\t\t\t\t\t\t\t<p data-local-id=\"9a2bc4d9190c\" data-prosemirror-content-type=\"node\" data-prosemirror-node-name=\"paragraph\" data-prosemirror-node-block=\"true\" data-pm-slice=\"1 1 []\"><strong>Uhrzeit-Start: 17:20 Uhr, 18 Uhr<\/strong><\/p>\n<p data-local-id=\"9a2bc4d9190c\" data-prosemirror-content-type=\"node\" data-prosemirror-node-name=\"paragraph\" data-prosemirror-node-block=\"true\" data-pm-slice=\"1 1 []\">Wie klingt es, wenn ein Baum trinkt? Wie gehen Menschen weltweit mit zunehmender Trockenheit um? Was macht eine Pf\u00fctzenforscherin? Und wie untersucht man Wasser auf dem Mars? Die Ausstellung <a href=\"https:\/\/www.humboldtforum.org\/de\/programm\/laufzeitangebot\/ausstellung\/on-water-wasserwissen-in-berlin-148667\/\"><em>On Water. WasserWissen<\/em><\/a> in Berlin zeigt Forschungsprojekte von Berliner Wissenschaftler*innen zum Thema Wasser. Die Kurzf\u00fchrung gibt Einblicke in die Ausstellung und vermittelt die Vielfalt wissenschaftlichen Forschens rund um das nasse Element, die Bedeutung von Wasser als Medium f\u00fcr Migration und Mobilit\u00e4t sowie die wasserbezogenen Herausforderungen in Zeiten der Klimakrise. Der Rundgang f\u00fchrt vom Meer \u00fcber einen k\u00fcnstlichen Eisberg bis zu den Sternen.<\/p>\n<p data-local-id=\"372fb56286ff\" data-prosemirror-content-type=\"node\" data-prosemirror-node-name=\"paragraph\" data-prosemirror-node-block=\"true\" data-pm-slice=\"1 1 []\"><strong>Gruppentreffpunkt<\/strong>: Eingang Humboldt Labor (1. OG)<\/p>\n\n\t\t\t\t\t\t\t\t\t\t\t\t\t\t\t\t\t\t\t\t\t\t\t\t\t\t\t\t\t\t\t\t\t\t\t\t\t\t\t\t\t\t\t\t\n\t\t\t\t\t\t\t\t\t\t\t<div class=\"row\">\n\t\t\t\t\t\t\t\t\t\t\t\t<div class=\"col-xs-12 col-sm-6\">\n\t\t\t\t\t\t\t\t\t\t\t\t\t<div class=\"box\">\n\t\t\t\t\t\t\t\t\t\t\t\t\t\t\n\t<lazy-media-inline inline-template>\n\t\t<figure itemscope itemtype=\"http:\/\/schema.org\/ImageObject\" class=\"lazy-media-inline \" role=\"group\" id=\"media_6a980812682dc\" aria-labelledby=\"desc_media_6a980812682dc\">\n\t\t\t<script type=\"application\/json\" ref=\"data\">\n\t\t\t\t{\n\t\t\t\t\"sizes\" : {\"medium\":{\"file\":\"SHF_eb00272935-300x200.jpg\",\"width\":300,\"height\":200,\"mime-type\":\"image\\\/jpeg\",\"filesize\":16639},\"large\":{\"file\":\"SHF_eb00272935-1024x683.jpg\",\"width\":1024,\"height\":683,\"mime-type\":\"image\\\/jpeg\",\"filesize\":112969},\"thumbnail\":{\"file\":\"SHF_eb00272935-150x150.jpg\",\"width\":150,\"height\":150,\"mime-type\":\"image\\\/jpeg\",\"filesize\":7886},\"medium_large\":{\"file\":\"SHF_eb00272935-768x512.jpg\",\"width\":768,\"height\":512,\"mime-type\":\"image\\\/jpeg\",\"filesize\":73307},\"small\":{\"file\":\"SHF_eb00272935-440x294.jpg\",\"width\":440,\"height\":294,\"mime-type\":\"image\\\/jpeg\",\"filesize\":30517},\"semi\":{\"file\":\"SHF_eb00272935-580x387.jpg\",\"width\":580,\"height\":387,\"mime-type\":\"image\\\/jpeg\",\"filesize\":47916},\"mobile\":{\"file\":\"SHF_eb00272935-720x480.jpg\",\"width\":720,\"height\":480,\"mime-type\":\"image\\\/jpeg\",\"filesize\":65916},\"original\":{\"file\":\"SHF_eb00272935.jpg\",\"width\":1280,\"height\":854}},\n\t\t\t\t\"alt\" : \"Gruppe von Menschen in einem Ausstellungsraum, w\\u00e4hrend eine Vortragende \\u00fcber Gletscher spricht, mit einer Projektion im Hintergrund.\",\n\t\t\t\t\"path\" : \"\\\/wp-content\\\/uploads\\\/2026\\\/07\\\/\",\n\t\t\t\t\"video\" : null,\n\t\t\t\t\"autoplay\" : null,\n\t\t\t\t\"youtube\" : null,\n\t\t\t\t\"youtubelabel\" : \"Video abspielen\",\n\t\t\t\t\"brightness\" : 100,\n\t\t\t\t\"crop\" : null,\n\t\t\t\t\"background\" : false,\n\t\t\t\t\"scale\" : 1\t\t\t\t}\n\t\t\t<\/script>\n\n\t\t\t<div class=\"height-container\" style=\"padding-bottom:66.71875%;\" v-if=\"sizes\">\n\t\t\t\t\t\t\t\t<lazy-media :inline=\"true\" :alt=\"alt\" :sizes=\"sizes\" :scale=\"scale\" :brightness=\"brightness\" :path=\"path\" :video=\"video\" :autoplay=\"autoplay\" :youtube=\"youtube\" :crop=\"crop\" :youtubelabel=\"youtubelabel\" :background=\"background\" media-id=\"desc_media_6a980812682dc\"><\/lazy-media>\n\t\t\t\t\t\t\t<\/div>\n\n\t\t\t\t\t\t\t<figcaption class=\"\" id=\"desc_media_6a980812682dc\">\n\t\t\t\t\t<div class=\"lazy-media-info-body-content\">\n\t\t\t\t\t\t\t\t\t\t\t\t\t<div>Rundgang mit Kuratorin Anna-Lisa Dieter durch die Ausstellung &bdquo;On Water. WasserWissen in Berlin&ldquo;\n <\/div>\n\t\t\t\t\t\t\t\t\t\t\t\t\t\t\t\t\t\t\t<div class=\"insignificant\">\u00a9 Humboldt-Universit\u00e4t zu Berlin, Foto: Philipp Plum<\/div>\n\t\t\t\t\t\t\t\t\t\t\t<\/div>\n\t\t\t\t<\/figcaption>\n\t\t\t\t\t\t\t\t\t<\/figure>\n\t<\/lazy-media-inline>\n\t\t\t\t\t\t\t\t\t\t\t\t\t<\/div>\n\t\t\t\t\t\t\t\t\t\t\t\t<\/div>\n\t\t\t\t\t\t\t\t\t\t\t<\/div>\n\n\t\t\t\t\t\t\t\t\t\t\t\t\t\t\t\t\t\t\t\t\t<\/div>\n\t\t\t\t\t\t\t\t\t<\/div>\n\t\t\t\t\t\t\t\t<\/div>\n\t\t\t\t\t\t\t\t<\/block-accordion-item>\n\t\t\t\t\t\t\t\t\t\t\t\t\t\t<block-accordion-item inline-template item-headline=\"Geschichte(n) Tansanias. Einblicke und Ausblicke\">\n\t\t\t\t\t\t\t\t<div ref=\"item\" data-id=\"GeschichtenTansaniasEinblickeundAusblicke\" class=\"block-accordion-item vue-initialize\" aria-expanded=\"false\" :aria-expanded=\"active ? 'true' : 'false'\">\n\t\t\t\t\t\t\t\t\t<button class=\"accordion-button-with-icon block-accordion-item-head\" :class=\"{'button-active': active}\" ref=\"head\" aria-controls=\"acc_6a980812685a3\" id=\"acc_title_6a980812685a4\" @click=\"toggle\" @keydown=\"key\">\n\t\t\t\t\t\t\t\t\t<div><span class=\"button-label\">Geschichte(n) Tansanias. Einblicke und Ausblicke<\/span><\/div><span class=\"button-icon icon-plus\" aria-hidden=\"true\"><\/span>\n\t\t\t\t\t\t\t\t<\/button>\n\t\t\t\t\t\t\t\t\t<div ref=\"body\" class=\"block-accordion-item-content\" id=\"acc_6a980812685a3\" role=\"region\">\n\t\t\t\t\t\t\t\t\t\t<div class=\"wrapper copy\">\n\t\t\t\t\t\t\t\t\t\t\t<p data-local-id=\"e4bc99629ce8\" data-prosemirror-content-type=\"node\" data-prosemirror-node-name=\"paragraph\" data-prosemirror-node-block=\"true\" data-pm-slice=\"1 1 []\"><strong>Uhrzeit-Start: 17:20 Uhr<\/strong><\/p>\n<p data-local-id=\"97d23234736f\" data-prosemirror-content-type=\"node\" data-prosemirror-node-name=\"paragraph\" data-prosemirror-node-block=\"true\">Die Ausstellung <a href=\"https:\/\/www.humboldtforum.org\/de\/programm\/dauerangebot\/ausstellung\/geschichten-tansanias-136691\/\"><em>Geschichte(n) Tansanias<\/em><\/a> wurde in Zusammenarbeit mit dem National Museum of Tanzania und im Gespr\u00e4ch mit Vertreter*innen verschiedener Communities in Tansania entwickelt. Sie erz\u00e4hlt die komplexen und zeitlich weit zur\u00fcckreichenden Geschichten der Gesellschaften und Menschen, die auf dem Gebiet des heutigen Staates Tansania lebten und thematisiert auch den europ\u00e4ischen Kolonialismus. Mehr als 10.000 &#8222;Objekte&#8220;, die in dieser Zeit nach Berlin gebracht wurden, befinden sich heute im Ethnologischen Museum. Welche Geschichten erz\u00e4hlen diese Kulturg\u00fcter? Wer sollte diese Geschichten erz\u00e4hlen? Welche Geschichten bleiben unerz\u00e4hlt oder ungeh\u00f6rt \u2013 und warum? Die Kurzf\u00fchrung gibt Einblicke in die Entstehung der Ausstellung und die Herkunftsgeschichten von Exponaten, sie thematisiert Fragen der R\u00fcckgabe und beleuchtet den Umgang mit <em data-prosemirror-content-type=\"mark\" data-prosemirror-mark-name=\"em\">cultural belongings<\/em> in Museen heute.<\/p>\n<p data-local-id=\"b2a5e9a40610\" data-prosemirror-content-type=\"node\" data-prosemirror-node-name=\"paragraph\" data-prosemirror-node-block=\"true\"><strong>Gruppentreffpunkt<\/strong>: F (2. OG)<\/p>\n\n\t\t\t\t\t\t\t\t\t\t\t\t\t\t\t\t\t\t\t\t\t\t\t\t\t\t\t\t\t\t\t\t\t\t\t\t\t\t\t\t\t\t\t\t\n\t\t\t\t\t\t\t\t\t\t\t<div class=\"row\">\n\t\t\t\t\t\t\t\t\t\t\t\t<div class=\"col-xs-12 col-sm-6\">\n\t\t\t\t\t\t\t\t\t\t\t\t\t<div class=\"box\">\n\t\t\t\t\t\t\t\t\t\t\t\t\t\t\n\t<lazy-media-inline inline-template>\n\t\t<figure itemscope itemtype=\"http:\/\/schema.org\/ImageObject\" class=\"lazy-media-inline \" role=\"group\" id=\"media_6a980812689f1\" aria-labelledby=\"desc_media_6a980812689f1\">\n\t\t\t<script type=\"application\/json\" ref=\"data\">\n\t\t\t\t{\n\t\t\t\t\"sizes\" : {\"medium\":{\"file\":\"SHF_eb00236698-300x200.jpg\",\"width\":300,\"height\":200,\"mime-type\":\"image\\\/jpeg\",\"filesize\":17935},\"large\":{\"file\":\"SHF_eb00236698-1024x683.jpg\",\"width\":1024,\"height\":683,\"mime-type\":\"image\\\/jpeg\",\"filesize\":121676},\"thumbnail\":{\"file\":\"SHF_eb00236698-150x150.jpg\",\"width\":150,\"height\":150,\"mime-type\":\"image\\\/jpeg\",\"filesize\":8236},\"medium_large\":{\"file\":\"SHF_eb00236698-768x512.jpg\",\"width\":768,\"height\":512,\"mime-type\":\"image\\\/jpeg\",\"filesize\":76697},\"small\":{\"file\":\"SHF_eb00236698-440x293.jpg\",\"width\":440,\"height\":293,\"mime-type\":\"image\\\/jpeg\",\"filesize\":32613},\"semi\":{\"file\":\"SHF_eb00236698-580x387.jpg\",\"width\":580,\"height\":387,\"mime-type\":\"image\\\/jpeg\",\"filesize\":50495},\"mobile\":{\"file\":\"SHF_eb00236698-720x480.jpg\",\"width\":720,\"height\":480,\"mime-type\":\"image\\\/jpeg\",\"filesize\":69307},\"hd\":{\"file\":\"SHF_eb00236698-1280x854.jpg\",\"width\":1280,\"height\":854,\"mime-type\":\"image\\\/jpeg\",\"filesize\":175859},\"full\":{\"file\":\"SHF_eb00236698-1920x1281.jpg\",\"width\":1920,\"height\":1281,\"mime-type\":\"image\\\/jpeg\",\"filesize\":366595},\"xxl\":{\"file\":\"SHF_eb00236698-4048x2700.jpg\",\"width\":4048,\"height\":2700,\"mime-type\":\"image\\\/jpeg\",\"filesize\":1830491},\"1536x1536\":{\"file\":\"SHF_eb00236698-1536x1024.jpg\",\"width\":1536,\"height\":1024,\"mime-type\":\"image\\\/jpeg\",\"filesize\":240648},\"2048x2048\":{\"file\":\"SHF_eb00236698-2048x1366.jpg\",\"width\":2048,\"height\":1366,\"mime-type\":\"image\\\/jpeg\",\"filesize\":414975},\"original\":{\"file\":\"SHF_eb00236698.jpg\",\"width\":7945,\"height\":5299}},\n\t\t\t\t\"alt\" : \"Innenraum mit modernem Kunstdesign, Menschen unterhalten sich, Kunstwerke im Hintergrund ausgestellt.\",\n\t\t\t\t\"path\" : \"\\\/wp-content\\\/uploads\\\/2026\\\/07\\\/\",\n\t\t\t\t\"video\" : null,\n\t\t\t\t\"autoplay\" : null,\n\t\t\t\t\"youtube\" : null,\n\t\t\t\t\"youtubelabel\" : \"Video abspielen\",\n\t\t\t\t\"brightness\" : 100,\n\t\t\t\t\"crop\" : null,\n\t\t\t\t\"background\" : false,\n\t\t\t\t\"scale\" : 1\t\t\t\t}\n\t\t\t<\/script>\n\n\t\t\t<div class=\"height-container\" style=\"padding-bottom:66.696035242291%;\" v-if=\"sizes\">\n\t\t\t\t\t\t\t\t<lazy-media :inline=\"true\" :alt=\"alt\" :sizes=\"sizes\" :scale=\"scale\" :brightness=\"brightness\" :path=\"path\" :video=\"video\" :autoplay=\"autoplay\" :youtube=\"youtube\" :crop=\"crop\" :youtubelabel=\"youtubelabel\" :background=\"background\" media-id=\"desc_media_6a980812689f1\"><\/lazy-media>\n\t\t\t\t\t\t\t<\/div>\n\n\t\t\t\t\t\t\t<figcaption class=\"\" id=\"desc_media_6a980812689f1\">\n\t\t\t\t\t<div class=\"lazy-media-info-body-content\">\n\t\t\t\t\t\t\t\t\t\t\t\t\t<div>Er&ouml;ffnung der Ausstellung &quot;Geschichte(n) Tansanias&quot; <\/div>\n\t\t\t\t\t\t\t\t\t\t\t\t\t\t\t\t\t\t\t<div class=\"insignificant\">\u00a9 Charity Atukunda, Gloria Kiconco und Liz Kobusinge \/ Stiftung Humboldt Forum im Berliner Schloss \/ Szenografie: APC Architectural Pioneering Consultants \/ Studio Gr\u00fcnder Kirfel, Foto: Frank Sperling<\/div>\n\t\t\t\t\t\t\t\t\t\t\t<\/div>\n\t\t\t\t<\/figcaption>\n\t\t\t\t\t\t\t\t\t<\/figure>\n\t<\/lazy-media-inline>\n\t\t\t\t\t\t\t\t\t\t\t\t\t<\/div>\n\t\t\t\t\t\t\t\t\t\t\t\t<\/div>\n\t\t\t\t\t\t\t\t\t\t\t<\/div>\n\n\t\t\t\t\t\t\t\t\t\t\t\t\t\t\t\t\t\t\t\t\t<\/div>\n\t\t\t\t\t\t\t\t\t<\/div>\n\t\t\t\t\t\t\t\t<\/div>\n\t\t\t\t\t\t\t\t<\/block-accordion-item>\n\t\t\t\t\t\t\t\t\t\t\t\t\t\t<block-accordion-item inline-template item-headline=\"Weltpolitik und Berliner Schloss \">\n\t\t\t\t\t\t\t\t<div ref=\"item\" data-id=\"WeltpolitikundBerlinerSchloss\" class=\"block-accordion-item vue-initialize\" aria-expanded=\"false\" :aria-expanded=\"active ? 'true' : 'false'\">\n\t\t\t\t\t\t\t\t\t<button class=\"accordion-button-with-icon block-accordion-item-head\" :class=\"{'button-active': active}\" ref=\"head\" aria-controls=\"acc_6a98081268bbe\" id=\"acc_title_6a98081268bc0\" @click=\"toggle\" @keydown=\"key\">\n\t\t\t\t\t\t\t\t\t<div><span class=\"button-label\">Weltpolitik und Berliner Schloss <\/span><\/div><span class=\"button-icon icon-plus\" aria-hidden=\"true\"><\/span>\n\t\t\t\t\t\t\t\t<\/button>\n\t\t\t\t\t\t\t\t\t<div ref=\"body\" class=\"block-accordion-item-content\" id=\"acc_6a98081268bbe\" role=\"region\">\n\t\t\t\t\t\t\t\t\t\t<div class=\"wrapper copy\">\n\t\t\t\t\t\t\t\t\t\t\t<p data-local-id=\"e4bc99629ce8\" data-prosemirror-content-type=\"node\" data-prosemirror-node-name=\"paragraph\" data-prosemirror-node-block=\"true\" data-pm-slice=\"1 1 []\"><strong>Uhrzeit-Start: 17:20 Uhr<\/strong><\/p>\n<p data-local-id=\"94a41e96d5ae\" data-prosemirror-content-type=\"node\" data-prosemirror-node-name=\"paragraph\" data-prosemirror-node-block=\"true\" data-pm-slice=\"1 1 []\">Welche kolonialen Spuren finden sich heute im Humboldt Forum? Und welche politische und kulturelle Rolle hatte das Berliner Schloss vom 16. Jahrhundert bis ins 20. Jahrhundert? Die Kurzf\u00fchrung bietet einen anschaulichen Einstieg in ein vielschichtiges und weithin diskutiertes Thema und stellt mit Bezug zur Berliner Afrika-Konferenz von 1884 heraus, wie sich unter Kaiser Wilhelm II. der Anspruch auf Weltpolitik zeigte.<\/p>\n<p data-local-id=\"b2a5e9a40610\" data-prosemirror-content-type=\"node\" data-prosemirror-node-name=\"paragraph\" data-prosemirror-node-block=\"true\"><strong>Gruppentreffpunkt<\/strong>: G (2. OG)<\/p>\n\n\t\t\t\t\t\t\t\t\t\t\t\t\t\t\t\t\t\t\t\t\t\t\t\t\t\t\t\t\t\t\t\t\t\t\t\t\t\t\t\t\t\t\t\t\n\t\t\t\t\t\t\t\t\t\t\t<div class=\"row\">\n\t\t\t\t\t\t\t\t\t\t\t\t<div class=\"col-xs-9 col-md-9\">\n\t\t\t\t\t\t\t\t\t\t\t\t\t<div class=\"box\">\n\t\t\t\t\t\t\t\t\t\t\t\t\t\t\t\t\t\t\t\t\t\t\t\t\t\t\t<\/div>\n\t\t\t\t\t\t\t\t\t\t\t\t<\/div>\n\t\t\t\t\t\t\t\t\t\t\t<\/div>\n\n\t\t\t\t\t\t\t\t\t\t\t\t\t\t\t\t\t\t\t\t\t<\/div>\n\t\t\t\t\t\t\t\t\t<\/div>\n\t\t\t\t\t\t\t\t<\/div>\n\t\t\t\t\t\t\t\t<\/block-accordion-item>\n\t\t\t\t\t\t\t\t\t\t\t\t\t\t<block-accordion-item inline-template item-headline=\"Impulsf\u00fchrung durch BERLIN GLOBAL\">\n\t\t\t\t\t\t\t\t<div ref=\"item\" data-id=\"ImpulsfhrungdurchBERLINGLOBAL\" class=\"block-accordion-item vue-initialize\" aria-expanded=\"false\" :aria-expanded=\"active ? 'true' : 'false'\">\n\t\t\t\t\t\t\t\t\t<button class=\"accordion-button-with-icon block-accordion-item-head\" :class=\"{'button-active': active}\" ref=\"head\" aria-controls=\"acc_6a98081268dd2\" id=\"acc_title_6a98081268dd4\" @click=\"toggle\" @keydown=\"key\">\n\t\t\t\t\t\t\t\t\t<div><span class=\"button-label\">Impulsf\u00fchrung durch BERLIN GLOBAL<\/span><\/div><span class=\"button-icon icon-plus\" aria-hidden=\"true\"><\/span>\n\t\t\t\t\t\t\t\t<\/button>\n\t\t\t\t\t\t\t\t\t<div ref=\"body\" class=\"block-accordion-item-content\" id=\"acc_6a98081268dd2\" role=\"region\">\n\t\t\t\t\t\t\t\t\t\t<div class=\"wrapper copy\">\n\t\t\t\t\t\t\t\t\t\t\t<p data-local-id=\"e4bc99629ce8\" data-prosemirror-content-type=\"node\" data-prosemirror-node-name=\"paragraph\" data-prosemirror-node-block=\"true\" data-pm-slice=\"1 1 []\"><strong>Uhrzeit-Start: 17:20 Uhr<\/strong><\/p>\n<p data-local-id=\"51e57b95e8b3\" data-prosemirror-content-type=\"node\" data-prosemirror-node-name=\"paragraph\" data-prosemirror-node-block=\"true\" data-pm-slice=\"1 1 []\">Gemeinsam am \u201eRad der Geschichte\u201c drehen, in der begehbaren Discokugel tanzen oder durch die Fernrohre aus den Fenstern des Humboldt Forums die\u00a0Geschichte des Ortes entdecken: Die kompakte Impulsf\u00fchrung pr\u00e4sentiert das historisch und gegenw\u00e4rtig global vernetzte Berlin dialogisch und interaktiv.<\/p>\n<p data-local-id=\"b2a5e9a40610\" data-prosemirror-content-type=\"node\" data-prosemirror-node-name=\"paragraph\" data-prosemirror-node-block=\"true\"><strong>Gruppentreffpunkt<\/strong>: An B\u00e4nken vor <a href=\"https:\/\/www.humboldtforum.org\/de\/programm\/dauerangebot\/ausstellung\/berlin-global-14140\/\">BERLIN GLOBAL<\/a> (1. OG)<\/p>\n\n\t\t\t\t\t\t\t\t\t\t\t\t\t\t\t\t\t\t\t\t\t\t\t\t\t\t\t\t\t\t\t\t\t\t\t\t\t\t\t\t\t\t\t\t\n\t\t\t\t\t\t\t\t\t\t\t<div class=\"row\">\n\t\t\t\t\t\t\t\t\t\t\t\t<div class=\"col-xs-12 col-sm-6\">\n\t\t\t\t\t\t\t\t\t\t\t\t\t<div class=\"box\">\n\t\t\t\t\t\t\t\t\t\t\t\t\t\t\n\t<lazy-media-inline inline-template>\n\t\t<figure itemscope itemtype=\"http:\/\/schema.org\/ImageObject\" class=\"lazy-media-inline \" role=\"group\" id=\"media_6a980812691a8\" aria-labelledby=\"desc_media_6a980812691a8\">\n\t\t\t<script type=\"application\/json\" ref=\"data\">\n\t\t\t\t{\n\t\t\t\t\"sizes\" : {\"medium\":{\"file\":\"SHF_eb00135593_Themenwochenende-Palast-der-Republik-300x200.jpg\",\"width\":300,\"height\":200,\"mime-type\":\"image\\\/jpeg\",\"filesize\":10784},\"large\":{\"file\":\"SHF_eb00135593_Themenwochenende-Palast-der-Republik-1024x683.jpg\",\"width\":1024,\"height\":683,\"mime-type\":\"image\\\/jpeg\",\"filesize\":59865},\"thumbnail\":{\"file\":\"SHF_eb00135593_Themenwochenende-Palast-der-Republik-150x150.jpg\",\"width\":150,\"height\":150,\"mime-type\":\"image\\\/jpeg\",\"filesize\":5956},\"medium_large\":{\"file\":\"SHF_eb00135593_Themenwochenende-Palast-der-Republik-768x512.jpg\",\"width\":768,\"height\":512,\"mime-type\":\"image\\\/jpeg\",\"filesize\":39842},\"small\":{\"file\":\"SHF_eb00135593_Themenwochenende-Palast-der-Republik-440x293.jpg\",\"width\":440,\"height\":293,\"mime-type\":\"image\\\/jpeg\",\"filesize\":18416},\"semi\":{\"file\":\"SHF_eb00135593_Themenwochenende-Palast-der-Republik-580x387.jpg\",\"width\":580,\"height\":387,\"mime-type\":\"image\\\/jpeg\",\"filesize\":27564},\"mobile\":{\"file\":\"SHF_eb00135593_Themenwochenende-Palast-der-Republik-720x480.jpg\",\"width\":720,\"height\":480,\"mime-type\":\"image\\\/jpeg\",\"filesize\":36492},\"hd\":{\"file\":\"SHF_eb00135593_Themenwochenende-Palast-der-Republik-1280x854.jpg\",\"width\":1280,\"height\":854,\"mime-type\":\"image\\\/jpeg\",\"filesize\":82516},\"full\":{\"file\":\"SHF_eb00135593_Themenwochenende-Palast-der-Republik-1920x1281.jpg\",\"width\":1920,\"height\":1281,\"mime-type\":\"image\\\/jpeg\",\"filesize\":155033},\"xxl\":{\"file\":\"SHF_eb00135593_Themenwochenende-Palast-der-Republik-4048x2700.jpg\",\"width\":4048,\"height\":2700,\"mime-type\":\"image\\\/jpeg\",\"filesize\":739801},\"1536x1536\":{\"file\":\"SHF_eb00135593_Themenwochenende-Palast-der-Republik-1536x1024.jpg\",\"width\":1536,\"height\":1024,\"mime-type\":\"image\\\/jpeg\",\"filesize\":108187},\"2048x2048\":{\"file\":\"SHF_eb00135593_Themenwochenende-Palast-der-Republik-2048x1366.jpg\",\"width\":2048,\"height\":1366,\"mime-type\":\"image\\\/jpeg\",\"filesize\":173016},\"original\":{\"file\":\"SHF_eb00135593_Themenwochenende-Palast-der-Republik.jpg\",\"width\":6393,\"height\":4264}},\n\t\t\t\t\"alt\" : \"Eine Gruppe von Personen interagiert mit einem runden, interaktiven Geschichtsdisplay in einem Ausstellungsraum.\",\n\t\t\t\t\"path\" : \"\\\/wp-content\\\/uploads\\\/2026\\\/07\\\/\",\n\t\t\t\t\"video\" : null,\n\t\t\t\t\"autoplay\" : null,\n\t\t\t\t\"youtube\" : null,\n\t\t\t\t\"youtubelabel\" : \"Video abspielen\",\n\t\t\t\t\"brightness\" : 100,\n\t\t\t\t\"crop\" : null,\n\t\t\t\t\"background\" : false,\n\t\t\t\t\"scale\" : 1\t\t\t\t}\n\t\t\t<\/script>\n\n\t\t\t<div class=\"height-container\" style=\"padding-bottom:66.697950883779%;\" v-if=\"sizes\">\n\t\t\t\t\t\t\t\t<lazy-media :inline=\"true\" :alt=\"alt\" :sizes=\"sizes\" :scale=\"scale\" :brightness=\"brightness\" :path=\"path\" :video=\"video\" :autoplay=\"autoplay\" :youtube=\"youtube\" :crop=\"crop\" :youtubelabel=\"youtubelabel\" :background=\"background\" media-id=\"desc_media_6a980812691a8\"><\/lazy-media>\n\t\t\t\t\t\t\t<\/div>\n\n\t\t\t\t\t\t\t<figcaption class=\"\" id=\"desc_media_6a980812691a8\">\n\t\t\t\t\t<div class=\"lazy-media-info-body-content\">\n\t\t\t\t\t\t\t\t\t\t\t\t\t<div>&quot;Revolution, Freiraum, Vergn&uuml;gen&quot; &#8211; F&uuml;hrung durch Berlin Global <\/div>\n\t\t\t\t\t\t\t\t\t\t\t\t\t\t\t\t\t\t\t<div class=\"insignificant\">\u00a9 Stiftung Standmuseum Berlin und Kulturprojekte Berlin \/ Stiftung Humboldt Forum im Berliner Schloss, Foto: Thomas Trutschel \/ photothek.de<\/div>\n\t\t\t\t\t\t\t\t\t\t\t<\/div>\n\t\t\t\t<\/figcaption>\n\t\t\t\t\t\t\t\t\t<\/figure>\n\t<\/lazy-media-inline>\n\t\t\t\t\t\t\t\t\t\t\t\t\t<\/div>\n\t\t\t\t\t\t\t\t\t\t\t\t<\/div>\n\t\t\t\t\t\t\t\t\t\t\t<\/div>\n\n\t\t\t\t\t\t\t\t\t\t\t\t\t\t\t\t\t\t\t\t\t<\/div>\n\t\t\t\t\t\t\t\t\t<\/div>\n\t\t\t\t\t\t\t\t<\/div>\n\t\t\t\t\t\t\t\t<\/block-accordion-item>\n\t\t\t\t\t\t\t\t\t\t\t\t\t\t<block-accordion-item inline-template item-headline=\"Mit Vergn\u00fcgen in BERLIN GLOBAL   \">\n\t\t\t\t\t\t\t\t<div ref=\"item\" data-id=\"MitVergngeninBERLINGLOBAL\" class=\"block-accordion-item vue-initialize\" aria-expanded=\"false\" :aria-expanded=\"active ? 'true' : 'false'\">\n\t\t\t\t\t\t\t\t\t<button class=\"accordion-button-with-icon block-accordion-item-head\" :class=\"{'button-active': active}\" ref=\"head\" aria-controls=\"acc_6a98081269364\" id=\"acc_title_6a98081269366\" @click=\"toggle\" @keydown=\"key\">\n\t\t\t\t\t\t\t\t\t<div><span class=\"button-label\">Mit Vergn\u00fcgen in BERLIN GLOBAL   <\/span><\/div><span class=\"button-icon icon-plus\" aria-hidden=\"true\"><\/span>\n\t\t\t\t\t\t\t\t<\/button>\n\t\t\t\t\t\t\t\t\t<div ref=\"body\" class=\"block-accordion-item-content\" id=\"acc_6a98081269364\" role=\"region\">\n\t\t\t\t\t\t\t\t\t\t<div class=\"wrapper copy\">\n\t\t\t\t\t\t\t\t\t\t\t<p data-local-id=\"e4bc99629ce8\" data-prosemirror-content-type=\"node\" data-prosemirror-node-name=\"paragraph\" data-prosemirror-node-block=\"true\" data-pm-slice=\"1 1 []\"><strong>Uhrzeit-Start: 18 Uhr<\/strong><\/p>\n<p data-local-id=\"0a3ec7dea324\" data-prosemirror-content-type=\"node\" data-prosemirror-node-name=\"paragraph\" data-prosemirror-node-block=\"true\" data-pm-slice=\"1 1 []\">In diesem kurzen Rundgang vergn\u00fcgen Sie sich in der Ausstellung <a href=\"https:\/\/www.humboldtforum.org\/de\/programm\/dauerangebot\/ausstellung\/berlin-global-14140\/\">BERLIN GLOBAL<\/a>. Treten Sie durch die T\u00fcr des legend\u00e4ren Clubs Tresor in die Berliner Feierkultur ein, schmecken Sie Berlin an Geschmacksstation und schauen Sie durch die Guckl\u00f6cher eines Kaiserpanoramas, dem Vorl\u00e4ufer des Kinos um 1900.<\/p>\n<p data-local-id=\"5b508ca62c12\" data-prosemirror-content-type=\"node\" data-prosemirror-node-name=\"paragraph\" data-prosemirror-node-block=\"true\">Zum Abschluss hei\u00dft es: Kopfh\u00f6rer auf- und tanzen Sie selbst eine Runde in unserer Silent Disco.<\/p>\n<p data-local-id=\"b2a5e9a40610\" data-prosemirror-content-type=\"node\" data-prosemirror-node-name=\"paragraph\" data-prosemirror-node-block=\"true\"><strong>Gruppentreffpunkt<\/strong>: An B\u00e4nken vor BERLIN GLOBAL (1. OG)<\/p>\n\n\t\t\t\t\t\t\t\t\t\t\t\t\t\t\t\t\t\t\t\t\t\t\t\t\t\t\t\t\t\t\t\t\t\t\t\t\t\t\t\t\t\t\t\t\n\t\t\t\t\t\t\t\t\t\t\t<div class=\"row\">\n\t\t\t\t\t\t\t\t\t\t\t\t<div class=\"col-xs-9 col-md-9\">\n\t\t\t\t\t\t\t\t\t\t\t\t\t<div class=\"box\">\n\t\t\t\t\t\t\t\t\t\t\t\t\t\t\t\t\t\t\t\t\t\t\t\t\t\t\t<\/div>\n\t\t\t\t\t\t\t\t\t\t\t\t<\/div>\n\t\t\t\t\t\t\t\t\t\t\t<\/div>\n\n\t\t\t\t\t\t\t\t\t\t\t\t\t\t\t\t\t\t\t\t\t<\/div>\n\t\t\t\t\t\t\t\t\t<\/div>\n\t\t\t\t\t\t\t\t<\/div>\n\t\t\t\t\t\t\t\t<\/block-accordion-item>\n\t\t\t\t\t\t\t\t\t\t\t\t\t\t<block-accordion-item inline-template item-headline=\"In BERLIN GLOBAL am Rad der Geschichte drehen\">\n\t\t\t\t\t\t\t\t<div ref=\"item\" data-id=\"InBERLINGLOBALamRadderGeschichtedrehen\" class=\"block-accordion-item vue-initialize\" aria-expanded=\"false\" :aria-expanded=\"active ? 'true' : 'false'\">\n\t\t\t\t\t\t\t\t\t<button class=\"accordion-button-with-icon block-accordion-item-head\" :class=\"{'button-active': active}\" ref=\"head\" aria-controls=\"acc_6a9808126958e\" id=\"acc_title_6a98081269590\" @click=\"toggle\" @keydown=\"key\">\n\t\t\t\t\t\t\t\t\t<div><span class=\"button-label\">In BERLIN GLOBAL am Rad der Geschichte drehen<\/span><\/div><span class=\"button-icon icon-plus\" aria-hidden=\"true\"><\/span>\n\t\t\t\t\t\t\t\t<\/button>\n\t\t\t\t\t\t\t\t\t<div ref=\"body\" class=\"block-accordion-item-content\" id=\"acc_6a9808126958e\" role=\"region\">\n\t\t\t\t\t\t\t\t\t\t<div class=\"wrapper copy\">\n\t\t\t\t\t\t\t\t\t\t\t<p data-local-id=\"e4bc99629ce8\" data-prosemirror-content-type=\"node\" data-prosemirror-node-name=\"paragraph\" data-prosemirror-node-block=\"true\" data-pm-slice=\"1 1 []\"><strong>Uhrzeit-Start<\/strong>: 19:30 Uhr<\/p>\n<p data-local-id=\"dee8f5d7064d\" data-prosemirror-content-type=\"node\" data-prosemirror-node-name=\"paragraph\" data-prosemirror-node-block=\"true\" data-pm-slice=\"1 1 []\">Revolutionen geh\u00f6ren zu Berlin: Immer wieder haben Menschen hier protestiert, Ver\u00e4nderungen gefordert und Geschichte bewegt. Entdecken Sie gemeinsam mit einer Guide die zentralen Momente politischer Umbr\u00fcche in der Stadt. Drehen Sie gemeinsam am Rad der Geschichte und lassen Sie die Revolutionen 1848, 1918 und 1989 Revue passieren. Historische Plakate, Protestinstrumente und pers\u00f6nliche Stimmen zeigen, wie Menschen f\u00fcr Ver\u00e4nderungen k\u00e4mpften.<\/p>\n<p data-local-id=\"b2a5e9a40610\" data-prosemirror-content-type=\"node\" data-prosemirror-node-name=\"paragraph\" data-prosemirror-node-block=\"true\"><strong>Gruppentreffpunkt<\/strong>: An B\u00e4nken vor <a href=\"https:\/\/www.humboldtforum.org\/de\/programm\/dauerangebot\/ausstellung\/berlin-global-14140\/\">BERLIN GLOBAL<\/a> (1. OG)<\/p>\n\n\t\t\t\t\t\t\t\t\t\t\t\t\t\t\t\t\t\t\t\t\t\t\t\t\t\t\t\t\t\t\t\t\t\t\t\t\t\t\t\t\t\t\t\t\n\t\t\t\t\t\t\t\t\t\t\t<div class=\"row\">\n\t\t\t\t\t\t\t\t\t\t\t\t<div class=\"col-xs-12 col-sm-6\">\n\t\t\t\t\t\t\t\t\t\t\t\t\t<div class=\"box\">\n\t\t\t\t\t\t\t\t\t\t\t\t\t\t\n\t<lazy-media-inline inline-template>\n\t\t<figure itemscope itemtype=\"http:\/\/schema.org\/ImageObject\" class=\"lazy-media-inline \" role=\"group\" id=\"media_6a98081269691\" aria-labelledby=\"desc_media_6a98081269691\">\n\t\t\t<script type=\"application\/json\" ref=\"data\">\n\t\t\t\t{\n\t\t\t\t\"sizes\" : {\"medium\":{\"file\":\"SHF_eb00135593_Themenwochenende-Palast-der-Republik-300x200.jpg\",\"width\":300,\"height\":200,\"mime-type\":\"image\\\/jpeg\",\"filesize\":10784},\"large\":{\"file\":\"SHF_eb00135593_Themenwochenende-Palast-der-Republik-1024x683.jpg\",\"width\":1024,\"height\":683,\"mime-type\":\"image\\\/jpeg\",\"filesize\":59865},\"thumbnail\":{\"file\":\"SHF_eb00135593_Themenwochenende-Palast-der-Republik-150x150.jpg\",\"width\":150,\"height\":150,\"mime-type\":\"image\\\/jpeg\",\"filesize\":5956},\"medium_large\":{\"file\":\"SHF_eb00135593_Themenwochenende-Palast-der-Republik-768x512.jpg\",\"width\":768,\"height\":512,\"mime-type\":\"image\\\/jpeg\",\"filesize\":39842},\"small\":{\"file\":\"SHF_eb00135593_Themenwochenende-Palast-der-Republik-440x293.jpg\",\"width\":440,\"height\":293,\"mime-type\":\"image\\\/jpeg\",\"filesize\":18416},\"semi\":{\"file\":\"SHF_eb00135593_Themenwochenende-Palast-der-Republik-580x387.jpg\",\"width\":580,\"height\":387,\"mime-type\":\"image\\\/jpeg\",\"filesize\":27564},\"mobile\":{\"file\":\"SHF_eb00135593_Themenwochenende-Palast-der-Republik-720x480.jpg\",\"width\":720,\"height\":480,\"mime-type\":\"image\\\/jpeg\",\"filesize\":36492},\"hd\":{\"file\":\"SHF_eb00135593_Themenwochenende-Palast-der-Republik-1280x854.jpg\",\"width\":1280,\"height\":854,\"mime-type\":\"image\\\/jpeg\",\"filesize\":82516},\"full\":{\"file\":\"SHF_eb00135593_Themenwochenende-Palast-der-Republik-1920x1281.jpg\",\"width\":1920,\"height\":1281,\"mime-type\":\"image\\\/jpeg\",\"filesize\":155033},\"xxl\":{\"file\":\"SHF_eb00135593_Themenwochenende-Palast-der-Republik-4048x2700.jpg\",\"width\":4048,\"height\":2700,\"mime-type\":\"image\\\/jpeg\",\"filesize\":739801},\"1536x1536\":{\"file\":\"SHF_eb00135593_Themenwochenende-Palast-der-Republik-1536x1024.jpg\",\"width\":1536,\"height\":1024,\"mime-type\":\"image\\\/jpeg\",\"filesize\":108187},\"2048x2048\":{\"file\":\"SHF_eb00135593_Themenwochenende-Palast-der-Republik-2048x1366.jpg\",\"width\":2048,\"height\":1366,\"mime-type\":\"image\\\/jpeg\",\"filesize\":173016},\"original\":{\"file\":\"SHF_eb00135593_Themenwochenende-Palast-der-Republik.jpg\",\"width\":6393,\"height\":4264}},\n\t\t\t\t\"alt\" : \"Eine Gruppe von Personen interagiert mit einem runden, interaktiven Geschichtsdisplay in einem Ausstellungsraum.\",\n\t\t\t\t\"path\" : \"\\\/wp-content\\\/uploads\\\/2026\\\/07\\\/\",\n\t\t\t\t\"video\" : null,\n\t\t\t\t\"autoplay\" : null,\n\t\t\t\t\"youtube\" : null,\n\t\t\t\t\"youtubelabel\" : \"Video abspielen\",\n\t\t\t\t\"brightness\" : 100,\n\t\t\t\t\"crop\" : null,\n\t\t\t\t\"background\" : false,\n\t\t\t\t\"scale\" : 1\t\t\t\t}\n\t\t\t<\/script>\n\n\t\t\t<div class=\"height-container\" style=\"padding-bottom:66.697950883779%;\" v-if=\"sizes\">\n\t\t\t\t\t\t\t\t<lazy-media :inline=\"true\" :alt=\"alt\" :sizes=\"sizes\" :scale=\"scale\" :brightness=\"brightness\" :path=\"path\" :video=\"video\" :autoplay=\"autoplay\" :youtube=\"youtube\" :crop=\"crop\" :youtubelabel=\"youtubelabel\" :background=\"background\" media-id=\"desc_media_6a98081269691\"><\/lazy-media>\n\t\t\t\t\t\t\t<\/div>\n\n\t\t\t\t\t\t\t<figcaption class=\"\" id=\"desc_media_6a98081269691\">\n\t\t\t\t\t<div class=\"lazy-media-info-body-content\">\n\t\t\t\t\t\t\t\t\t\t\t\t\t<div>&quot;Revolution, Freiraum, Vergn&uuml;gen&quot; &#8211; F&uuml;hrung durch Berlin Global <\/div>\n\t\t\t\t\t\t\t\t\t\t\t\t\t\t\t\t\t\t\t<div class=\"insignificant\">\u00a9 Stiftung Standmuseum Berlin und Kulturprojekte Berlin \/ Stiftung Humboldt Forum im Berliner Schloss, Foto: Thomas Trutschel \/ photothek.de<\/div>\n\t\t\t\t\t\t\t\t\t\t\t<\/div>\n\t\t\t\t<\/figcaption>\n\t\t\t\t\t\t\t\t\t<\/figure>\n\t<\/lazy-media-inline>\n\t\t\t\t\t\t\t\t\t\t\t\t\t<\/div>\n\t\t\t\t\t\t\t\t\t\t\t\t<\/div>\n\t\t\t\t\t\t\t\t\t\t\t<\/div>\n\n\t\t\t\t\t\t\t\t\t\t\t\t\t\t\t\t\t\t\t\t\t<\/div>\n\t\t\t\t\t\t\t\t\t<\/div>\n\t\t\t\t\t\t\t\t<\/div>\n\t\t\t\t\t\t\t\t<\/block-accordion-item>\n\t\t\t\t\t\t\t\t\t\t\t\t\t<\/div>\n\t\t\t\t\t\t<\/block-accordion>\n\t\t\t\t\t\t\t\t\t<\/div>\n\t\t\t<\/div>\n\t\t<\/div>\n\t<\/div>\n<\/section>\n\n\n<section class=\"block block-headline block-no-margin \"  id='performances' data-anchor='Performances'>\n\t<div class=\"container-fluid\">\n\t\t<div class=\"row\">\n\t\t\t\t\t\t\t<div class=\"col-xs-12 col-md-offset-2 col-md-8\">\n\t\t\t\t\t<div class=\"box\">\n\t\t\t\t\t\t<h2 class=\".h4\">Performances<\/h2>\n\t\t\t\t\t<\/div>\n\t\t\t\t<\/div>\n\t\t\t\t\t<\/div>\n\t<\/div>\n<\/section>\n\n\n\n\n\n<section class=\"block block-accordion\">\n\t<div class=\"container-fluid\">\n\t\t<div class=\"row\">\n\t\t\t<div class=\"col-xs-12 col-md-offset-2 col-md-8\">\n\t\t\t\t<div class=\"box\">\n\t\t\t\t\t\t\t\t\t\t\t<block-accordion inline-template>\n\t\t\t\t\t\t\t<div class=\"accordion\">\n\t\t\t\t\t\t\t\t\t\t\t\t\t\t\t<block-accordion-item inline-template item-headline=\"The WORDS THEY USED\">\n\t\t\t\t\t\t\t\t<div ref=\"item\" data-id=\"TheWORDSTHEYUSED\" class=\"block-accordion-item vue-initialize\" aria-expanded=\"false\" :aria-expanded=\"active ? 'true' : 'false'\">\n\t\t\t\t\t\t\t\t\t<button class=\"accordion-button-with-icon block-accordion-item-head\" :class=\"{'button-active': active}\" ref=\"head\" aria-controls=\"acc_6a9808126cff0\" id=\"acc_title_6a9808126cff2\" @click=\"toggle\" @keydown=\"key\">\n\t\t\t\t\t\t\t\t\t<div><span class=\"button-label\">The WORDS THEY USED<\/span><\/div><span class=\"button-icon icon-plus\" aria-hidden=\"true\"><\/span>\n\t\t\t\t\t\t\t\t<\/button>\n\t\t\t\t\t\t\t\t\t<div ref=\"body\" class=\"block-accordion-item-content\" id=\"acc_6a9808126cff0\" role=\"region\">\n\t\t\t\t\t\t\t\t\t\t<div class=\"wrapper copy\">\n\t\t\t\t\t\t\t\t\t\t\t<p data-local-id=\"c5199d90e504\" data-prosemirror-content-type=\"node\" data-prosemirror-node-name=\"heading\" data-prosemirror-node-block=\"true\" data-pm-slice=\"1 1 []\"><strong>17:20 &#8211; bis 18:30 Uhr<\/strong><\/p>\n<p data-local-id=\"17a0e2f8ee52\" data-prosemirror-content-type=\"node\" data-prosemirror-node-name=\"paragraph\" data-prosemirror-node-block=\"true\">Partizipative Tatort-Performance<\/p>\n<p data-local-id=\"400fa2059963\" data-prosemirror-content-type=\"node\" data-prosemirror-node-name=\"paragraph\" data-prosemirror-node-block=\"true\">Ein Tatort. Mitten im Museum. Die Ermittlungen laufen noch. Das Publikum wird zu Zeug*innen einer Ermittlung, in der W\u00f6rter zu Grenzen, Grenzen zu Gesetzen und Gesetze zu Gewalt werden. Der Fall ist nicht abgeschlossen.<\/p>\n<p data-local-id=\"b7e482e2cfe6\" data-prosemirror-content-type=\"node\" data-prosemirror-node-name=\"paragraph\" data-prosemirror-node-block=\"true\"><strong>Gruppentreffpunkt<\/strong>: F (2. OG)<\/p>\n\n\t\t\t\t\t\t\t\t\t\t\t\t\t\t\t\t\t\t\t\t\t\t\t\t\t\t\t\t\t\t\t\t\t\t\t\t\t\t\t\t\t\t\t\t\n\t\t\t\t\t\t\t\t\t\t\t<div class=\"row\">\n\t\t\t\t\t\t\t\t\t\t\t\t<div class=\"col-xs-9 col-md-9\">\n\t\t\t\t\t\t\t\t\t\t\t\t\t<div class=\"box\">\n\t\t\t\t\t\t\t\t\t\t\t\t\t\t\t\t\t\t\t\t\t\t\t\t\t\t\t<\/div>\n\t\t\t\t\t\t\t\t\t\t\t\t<\/div>\n\t\t\t\t\t\t\t\t\t\t\t<\/div>\n\n\t\t\t\t\t\t\t\t\t\t\t\t\t\t\t\t\t\t\t\t\t<\/div>\n\t\t\t\t\t\t\t\t\t<\/div>\n\t\t\t\t\t\t\t\t<\/div>\n\t\t\t\t\t\t\t\t<\/block-accordion-item>\n\t\t\t\t\t\t\t\t\t\t\t\t\t\t<block-accordion-item inline-template item-headline=\"#Logoskop achtundvierzig. Dichtung und Wissenschaft mit Markus K\u00f6hle und Marie-Claire Tjombe\">\n\t\t\t\t\t\t\t\t<div ref=\"item\" data-id=\"LogoskopachtundvierzigDichtungundWissenschaftmitMarkusKhleundMarie-ClaireTjombe\" class=\"block-accordion-item vue-initialize\" aria-expanded=\"false\" :aria-expanded=\"active ? 'true' : 'false'\">\n\t\t\t\t\t\t\t\t\t<button class=\"accordion-button-with-icon block-accordion-item-head\" :class=\"{'button-active': active}\" ref=\"head\" aria-controls=\"acc_6a9808126d2a5\" id=\"acc_title_6a9808126d2a7\" @click=\"toggle\" @keydown=\"key\">\n\t\t\t\t\t\t\t\t\t<div><span class=\"button-label\">#Logoskop achtundvierzig. Dichtung und Wissenschaft mit Markus K\u00f6hle und Marie-Claire Tjombe<\/span><\/div><span class=\"button-icon icon-plus\" aria-hidden=\"true\"><\/span>\n\t\t\t\t\t\t\t\t<\/button>\n\t\t\t\t\t\t\t\t\t<div ref=\"body\" class=\"block-accordion-item-content\" id=\"acc_6a9808126d2a5\" role=\"region\">\n\t\t\t\t\t\t\t\t\t\t<div class=\"wrapper copy\">\n\t\t\t\t\t\t\t\t\t\t\t<p data-local-id=\"c5199d90e504\" data-prosemirror-content-type=\"node\" data-prosemirror-node-name=\"heading\" data-prosemirror-node-block=\"true\" data-pm-slice=\"1 1 []\"><strong>18:30 &#8211; bis 20 Uhr<\/strong><\/p>\n<p data-local-id=\"ec45f501711b\" data-prosemirror-content-type=\"node\" data-prosemirror-node-name=\"paragraph\" data-prosemirror-node-block=\"true\" data-pm-slice=\"1 1 []\">Wenn die Wissenschaft K\u00f6nigin im Humboldt Labor ist, dann ist das <a href=\"https:\/\/www.humboldtforum.org\/de\/programm\/event-reihe\/literatur\/logoskop-122834\/\">#Logoskop<\/a> ihr Hofnarr. Seit 2021 tritt im Ausstellungsraum der Humboldt-Universit\u00e4t zu Berlin monatlich die Kunstfreiheit an, um mit den Mitteln der Literatur den Blick der Wissenschaft aufzumischen. Mit Mikrofon und Verst\u00e4rkeranlage ausgestattet wandern je zwei Slam-Poet*innen durch die Ausstellung und tragen Texte vor.<\/p>\n<p data-local-id=\"5e432785cc29\" data-prosemirror-content-type=\"node\" data-prosemirror-node-name=\"paragraph\" data-prosemirror-node-block=\"true\"><a href=\"https:\/\/www.humboldtforum.org\/de\/programm\/termin\/literatur\/logoskop-achtundvierzig-168427\/\">Diesmal mit dabei<\/a>: Die Slampoet*innen Markus K\u00f6hle und Marie-Claire Tjombe. Gemeinsam kommentieren sie die Ausstellung \u201eOn Water\u201c mit live vorgetragenen Texten. Die Besucher*innen sind eingeladen, sie auf ihrem wortgewandten Rundgang zu begleiten.<\/p>\n<p data-local-id=\"b7e482e2cfe6\" data-prosemirror-content-type=\"node\" data-prosemirror-node-name=\"paragraph\" data-prosemirror-node-block=\"true\"><strong>Gruppentreffpunkt<\/strong>: Eingang Humboldt Labor<\/p>\n\n\t\t\t\t\t\t\t\t\t\t\t\t\t\t\t\t\t\t\t\t\t\t\t\t\t\t\t\t\t\t\t\t\t\t\t\t\t\t\t\t\t\t\t\t\n\t\t\t\t\t\t\t\t\t\t\t<div class=\"row\">\n\t\t\t\t\t\t\t\t\t\t\t\t<div class=\"col-xs-12 col-sm-6\">\n\t\t\t\t\t\t\t\t\t\t\t\t\t<div class=\"box\">\n\t\t\t\t\t\t\t\t\t\t\t\t\t\t\n\t<lazy-media-inline inline-template>\n\t\t<figure itemscope itemtype=\"http:\/\/schema.org\/ImageObject\" class=\"lazy-media-inline \" role=\"group\" id=\"media_6a9808126d7e7\" aria-labelledby=\"desc_media_6a9808126d7e7\">\n\t\t\t<script type=\"application\/json\" ref=\"data\">\n\t\t\t\t{\n\t\t\t\t\"sizes\" : {\"medium\":{\"file\":\"SHF_eb00269726-1-300x200.jpg\",\"width\":300,\"height\":200,\"mime-type\":\"image\\\/jpeg\",\"filesize\":10445},\"large\":{\"file\":\"SHF_eb00269726-1-1024x683.jpg\",\"width\":1024,\"height\":683,\"mime-type\":\"image\\\/jpeg\",\"filesize\":70185},\"thumbnail\":{\"file\":\"SHF_eb00269726-1-150x150.jpg\",\"width\":150,\"height\":150,\"mime-type\":\"image\\\/jpeg\",\"filesize\":5332},\"medium_large\":{\"file\":\"SHF_eb00269726-1-768x512.jpg\",\"width\":768,\"height\":512,\"mime-type\":\"image\\\/jpeg\",\"filesize\":44635},\"small\":{\"file\":\"SHF_eb00269726-1-440x294.jpg\",\"width\":440,\"height\":294,\"mime-type\":\"image\\\/jpeg\",\"filesize\":18835},\"semi\":{\"file\":\"SHF_eb00269726-1-580x387.jpg\",\"width\":580,\"height\":387,\"mime-type\":\"image\\\/jpeg\",\"filesize\":29144},\"mobile\":{\"file\":\"SHF_eb00269726-1-720x480.jpg\",\"width\":720,\"height\":480,\"mime-type\":\"image\\\/jpeg\",\"filesize\":40299},\"original\":{\"file\":\"SHF_eb00269726-1.jpg\",\"width\":1280,\"height\":854}},\n\t\t\t\t\"alt\" : \"Marie-Claire Tjombe spricht leidenschaftlich ins Mikrofon, w\\u00e4hrend sie ein Papier in der Hand h\\u00e4lt. B\\u00fchnenlicht im Hintergrund.\",\n\t\t\t\t\"path\" : \"\\\/wp-content\\\/uploads\\\/2026\\\/07\\\/\",\n\t\t\t\t\"video\" : null,\n\t\t\t\t\"autoplay\" : null,\n\t\t\t\t\"youtube\" : null,\n\t\t\t\t\"youtubelabel\" : \"Video abspielen\",\n\t\t\t\t\"brightness\" : 100,\n\t\t\t\t\"crop\" : null,\n\t\t\t\t\"background\" : false,\n\t\t\t\t\"scale\" : 1\t\t\t\t}\n\t\t\t<\/script>\n\n\t\t\t<div class=\"height-container\" style=\"padding-bottom:66.71875%;\" v-if=\"sizes\">\n\t\t\t\t\t\t\t\t<lazy-media :inline=\"true\" :alt=\"alt\" :sizes=\"sizes\" :scale=\"scale\" :brightness=\"brightness\" :path=\"path\" :video=\"video\" :autoplay=\"autoplay\" :youtube=\"youtube\" :crop=\"crop\" :youtubelabel=\"youtubelabel\" :background=\"background\" media-id=\"desc_media_6a9808126d7e7\"><\/lazy-media>\n\t\t\t\t\t\t\t<\/div>\n\n\t\t\t\t\t\t\t<figcaption class=\"\" id=\"desc_media_6a9808126d7e7\">\n\t\t\t\t\t<div class=\"lazy-media-info-body-content\">\n\t\t\t\t\t\t\t\t\t\t\t\t\t<div>Portr&auml;t der Slampoetin und amtierenden S&auml;chsischen Meisterin im Poetry Slam Marie-Claire Tjombe <\/div>\n\t\t\t\t\t\t\t\t\t\t\t\t\t\t\t\t\t\t\t<div class=\"insignificant\">\u00a9 \u00a9 Marie-Claire Tjombe\r\n<\/div>\n\t\t\t\t\t\t\t\t\t\t\t<\/div>\n\t\t\t\t<\/figcaption>\n\t\t\t\t\t\t\t\t\t<\/figure>\n\t<\/lazy-media-inline>\n\t\t\t\t\t\t\t\t\t\t\t\t\t<\/div>\n\t\t\t\t\t\t\t\t\t\t\t\t<\/div>\n\t\t\t\t\t\t\t\t\t\t\t<\/div>\n\n\t\t\t\t\t\t\t\t\t\t\t\t\t\t\t\t\t\t\t\t\t<\/div>\n\t\t\t\t\t\t\t\t\t<\/div>\n\t\t\t\t\t\t\t\t<\/div>\n\t\t\t\t\t\t\t\t<\/block-accordion-item>\n\t\t\t\t\t\t\t\t\t\t\t\t\t<\/div>\n\t\t\t\t\t\t<\/block-accordion>\n\t\t\t\t\t\t\t\t\t<\/div>\n\t\t\t<\/div>\n\t\t<\/div>\n\t<\/div>\n<\/section>\n\n\n<section class=\"block block-headline block-no-margin \"  id='drop-ins' data-anchor='Drop-Ins'>\n\t<div class=\"container-fluid\">\n\t\t<div class=\"row\">\n\t\t\t\t\t\t\t<div class=\"col-xs-12 col-md-offset-2 col-md-8\">\n\t\t\t\t\t<div class=\"box\">\n\t\t\t\t\t\t<h2 class=\".h4\">Drop-Ins<\/h2>\n\t\t\t\t\t<\/div>\n\t\t\t\t<\/div>\n\t\t\t\t\t<\/div>\n\t<\/div>\n<\/section>\n\n\n\n\n\n<section class=\"block block-accordion\">\n\t<div class=\"container-fluid\">\n\t\t<div class=\"row\">\n\t\t\t<div class=\"col-xs-12 col-md-offset-2 col-md-8\">\n\t\t\t\t<div class=\"box\">\n\t\t\t\t\t\t\t\t\t\t\t<block-accordion inline-template>\n\t\t\t\t\t\t\t<div class=\"accordion\">\n\t\t\t\t\t\t\t\t\t\t\t\t\t\t\t<block-accordion-item inline-template item-headline=\"Speed-Dating der Vermittlungsformate im WELTSTUDIO\">\n\t\t\t\t\t\t\t\t<div ref=\"item\" data-id=\"Speed-DatingderVermittlungsformateimWELTSTUDIO\" class=\"block-accordion-item vue-initialize\" aria-expanded=\"false\" :aria-expanded=\"active ? 'true' : 'false'\">\n\t\t\t\t\t\t\t\t\t<button class=\"accordion-button-with-icon block-accordion-item-head\" :class=\"{'button-active': active}\" ref=\"head\" aria-controls=\"acc_6a9808127029f\" id=\"acc_title_6a980812702a1\" @click=\"toggle\" @keydown=\"key\">\n\t\t\t\t\t\t\t\t\t<div><span class=\"button-label\">Speed-Dating der Vermittlungsformate im WELTSTUDIO<\/span><\/div><span class=\"button-icon icon-plus\" aria-hidden=\"true\"><\/span>\n\t\t\t\t\t\t\t\t<\/button>\n\t\t\t\t\t\t\t\t\t<div ref=\"body\" class=\"block-accordion-item-content\" id=\"acc_6a9808127029f\" role=\"region\">\n\t\t\t\t\t\t\t\t\t\t<div class=\"wrapper copy\">\n\t\t\t\t\t\t\t\t\t\t\t<p data-local-id=\"a5ac1b48b263\" data-prosemirror-content-type=\"node\" data-prosemirror-node-name=\"paragraph\" data-prosemirror-node-block=\"true\"><strong>17:20 &#8211; 20 Uhr<\/strong><\/p>\n<p data-local-id=\"81b060ea069a\" data-prosemirror-content-type=\"node\" data-prosemirror-node-name=\"paragraph\" data-prosemirror-node-block=\"true\">Im WELTSTUDIO von <a href=\"https:\/\/www.humboldtforum.org\/de\/programm\/dauerangebot\/ausstellung\/berlin-global-14140\/\">BERLIN GLOBAL<\/a> erleben Sie kompakte Einblicke in die vielf\u00e4ltigen Bildungsangebote \u2013 mit sofortigem Ausprobieren der didaktischen Materialien!<\/p>\n<ul class=\"ak-ul\" data-local-id=\"419fe9d5-8a88-4582-ab04-554368ebab2d\" data-prosemirror-content-type=\"node\" data-prosemirror-node-name=\"bulletList\" data-prosemirror-node-block=\"true\">\n<li data-local-id=\"eaccbe43-5682-4b20-8070-3aa048279e51\" data-prosemirror-content-type=\"node\" data-prosemirror-node-name=\"listItem\" data-prosemirror-node-block=\"true\">\n<p data-local-id=\"ec270eae17cc\" data-prosemirror-content-type=\"node\" data-prosemirror-node-name=\"paragraph\" data-prosemirror-node-block=\"true\"><strong data-prosemirror-content-type=\"mark\" data-prosemirror-mark-name=\"strong\">UN-Kinderrechte entdecken:<\/strong> Probieren Sie Methoden und Materialien aus, die Kinderrechte greifbar und diskutierbar machen.<\/p>\n<\/li>\n<li data-local-id=\"eaccbe43-5682-4b20-8070-3aa048279e51\" data-prosemirror-content-type=\"node\" data-prosemirror-node-name=\"listItem\" data-prosemirror-node-block=\"true\">\n<p data-local-id=\"ec270eae17cc\" data-prosemirror-content-type=\"node\" data-prosemirror-node-name=\"paragraph\" data-prosemirror-node-block=\"true\"><strong data-prosemirror-content-type=\"mark\" data-prosemirror-mark-name=\"strong\">Vernetzt mit der Welt:<\/strong> Erleben Sie, wie Grundschulkinder ihre Verbindungen zur Welt sichtbar machen \u2013 mit kreativen Aufgaben und biografischem Erz\u00e4hlen.<\/p>\n<\/li>\n<li data-local-id=\"93290790-011f-422d-9845-9338eae06b81\" data-prosemirror-content-type=\"node\" data-prosemirror-node-name=\"listItem\" data-prosemirror-node-block=\"true\">\n<p data-local-id=\"2d2cc1534498\" data-prosemirror-content-type=\"node\" data-prosemirror-node-name=\"paragraph\" data-prosemirror-node-block=\"true\"><strong data-prosemirror-content-type=\"mark\" data-prosemirror-mark-name=\"strong\">Meine Verbindungen in unsere Welt:<\/strong> Gestalten Sie Tandem-Poster, die pers\u00f6nliche Perspektiven und globale Themen kreativ verbinden.<\/p>\n<\/li>\n<li data-local-id=\"f108dc8d-1458-4412-913e-0bc16c3f6a8d\" data-prosemirror-content-type=\"node\" data-prosemirror-node-name=\"listItem\" data-prosemirror-node-block=\"true\">\n<p data-local-id=\"6bbdfc2e643e\" data-prosemirror-content-type=\"node\" data-prosemirror-node-name=\"paragraph\" data-prosemirror-node-block=\"true\"><strong data-prosemirror-content-type=\"mark\" data-prosemirror-mark-name=\"strong\">Interaktive Kartenwelt:<\/strong> Erkunden Sie spielerisch mit Kugelbahn und Webstuhl, wie individuelle Geschichten in globale Zusammenh\u00e4nge eingebettet sind.<\/p>\n<\/li>\n<\/ul>\n<p data-local-id=\"7ae83dd9f27f\" data-prosemirror-content-type=\"node\" data-prosemirror-node-name=\"paragraph\" data-prosemirror-node-block=\"true\">Steigen Sie jederzeit ein, kommen Sie mit uns und Ihren Kolleg*innen ins Gespr\u00e4ch, probieren Sie aus \u2013 und lernen Sie das WELTSTUDIO als Begegnungs- und Lernort kennen!<\/p>\n\n\t\t\t\t\t\t\t\t\t\t\t\t\t\t\t\t\t\t\t\t\t\t\t\t\t\t\t\t\t\t\t\t\t\t\t\t\t\t\t\t\t\t\t\t\n\t\t\t\t\t\t\t\t\t\t\t<div class=\"row\">\n\t\t\t\t\t\t\t\t\t\t\t\t<div class=\"col-xs-12 col-sm-6\">\n\t\t\t\t\t\t\t\t\t\t\t\t\t<div class=\"box\">\n\t\t\t\t\t\t\t\t\t\t\t\t\t\t\n\t<lazy-media-inline inline-template>\n\t\t<figure itemscope itemtype=\"http:\/\/schema.org\/ImageObject\" class=\"lazy-media-inline \" role=\"group\" id=\"media_6a98081270849\" aria-labelledby=\"desc_media_6a98081270849\">\n\t\t\t<script type=\"application\/json\" ref=\"data\">\n\t\t\t\t{\n\t\t\t\t\"sizes\" : {\"medium\":{\"file\":\"SHF_eb00233559-300x200.jpg\",\"width\":300,\"height\":200,\"mime-type\":\"image\\\/jpeg\",\"filesize\":19281},\"large\":{\"file\":\"SHF_eb00233559-1024x683.jpg\",\"width\":1024,\"height\":683,\"mime-type\":\"image\\\/jpeg\",\"filesize\":128366},\"thumbnail\":{\"file\":\"SHF_eb00233559-150x150.jpg\",\"width\":150,\"height\":150,\"mime-type\":\"image\\\/jpeg\",\"filesize\":8498},\"medium_large\":{\"file\":\"SHF_eb00233559-768x512.jpg\",\"width\":768,\"height\":512,\"mime-type\":\"image\\\/jpeg\",\"filesize\":81969},\"small\":{\"file\":\"SHF_eb00233559-440x293.jpg\",\"width\":440,\"height\":293,\"mime-type\":\"image\\\/jpeg\",\"filesize\":35024},\"semi\":{\"file\":\"SHF_eb00233559-580x387.jpg\",\"width\":580,\"height\":387,\"mime-type\":\"image\\\/jpeg\",\"filesize\":53647},\"mobile\":{\"file\":\"SHF_eb00233559-720x480.jpg\",\"width\":720,\"height\":480,\"mime-type\":\"image\\\/jpeg\",\"filesize\":74235},\"hd\":{\"file\":\"SHF_eb00233559-1280x853.jpg\",\"width\":1280,\"height\":853,\"mime-type\":\"image\\\/jpeg\",\"filesize\":181960},\"full\":{\"file\":\"SHF_eb00233559-1920x1280.jpg\",\"width\":1920,\"height\":1280,\"mime-type\":\"image\\\/jpeg\",\"filesize\":357382},\"xxl\":{\"file\":\"SHF_eb00233559-4048x2699.jpg\",\"width\":4048,\"height\":2699,\"mime-type\":\"image\\\/jpeg\",\"filesize\":1494307},\"1536x1536\":{\"file\":\"SHF_eb00233559-1536x1024.jpg\",\"width\":1536,\"height\":1024,\"mime-type\":\"image\\\/jpeg\",\"filesize\":244659},\"2048x2048\":{\"file\":\"SHF_eb00233559-2048x1365.jpg\",\"width\":2048,\"height\":1365,\"mime-type\":\"image\\\/jpeg\",\"filesize\":401760},\"original\":{\"file\":\"SHF_eb00233559.jpg\",\"width\":5988,\"height\":3992}},\n\t\t\t\t\"alt\" : \"Gruppe von Frauen in einem kreativen Workshop, umgeben von Bastelmaterialien und einer Pr\\u00e4sentation.\",\n\t\t\t\t\"path\" : \"\\\/wp-content\\\/uploads\\\/2026\\\/07\\\/\",\n\t\t\t\t\"video\" : null,\n\t\t\t\t\"autoplay\" : null,\n\t\t\t\t\"youtube\" : null,\n\t\t\t\t\"youtubelabel\" : \"Video abspielen\",\n\t\t\t\t\"brightness\" : 100,\n\t\t\t\t\"crop\" : null,\n\t\t\t\t\"background\" : false,\n\t\t\t\t\"scale\" : 1\t\t\t\t}\n\t\t\t<\/script>\n\n\t\t\t<div class=\"height-container\" style=\"padding-bottom:66.666666666667%;\" v-if=\"sizes\">\n\t\t\t\t\t\t\t\t<lazy-media :inline=\"true\" :alt=\"alt\" :sizes=\"sizes\" :scale=\"scale\" :brightness=\"brightness\" :path=\"path\" :video=\"video\" :autoplay=\"autoplay\" :youtube=\"youtube\" :crop=\"crop\" :youtubelabel=\"youtubelabel\" :background=\"background\" media-id=\"desc_media_6a98081270849\"><\/lazy-media>\n\t\t\t\t\t\t\t<\/div>\n\n\t\t\t\t\t\t\t<figcaption class=\"\" id=\"desc_media_6a98081270849\">\n\t\t\t\t\t<div class=\"lazy-media-info-body-content\">\n\t\t\t\t\t\t\t\t\t\t\t\t\t<div>Drop-In &quot;Meine Verbindung mit Berlin und der Welt&quot; im WELTSTUDIO in Berlin Global w&auml;hrend der Teachers&#039; Night 2024<\/div>\n\t\t\t\t\t\t\t\t\t\t\t\t\t\t\t\t\t\t\t<div class=\"insignificant\">\u00a9 Staatlichen Museen zu Berlin, Foto: Pierre Adenis<\/div>\n\t\t\t\t\t\t\t\t\t\t\t<\/div>\n\t\t\t\t<\/figcaption>\n\t\t\t\t\t\t\t\t\t<\/figure>\n\t<\/lazy-media-inline>\n\t\t\t\t\t\t\t\t\t\t\t\t\t<\/div>\n\t\t\t\t\t\t\t\t\t\t\t\t<\/div>\n\t\t\t\t\t\t\t\t\t\t\t<\/div>\n\n\t\t\t\t\t\t\t\t\t\t\t\t\t\t\t\t\t\t\t\t\t<\/div>\n\t\t\t\t\t\t\t\t\t<\/div>\n\t\t\t\t\t\t\t\t<\/div>\n\t\t\t\t\t\t\t\t<\/block-accordion-item>\n\t\t\t\t\t\t\t\t\t\t\t\t\t\t<block-accordion-item inline-template item-headline=\"WasserWissen \/ Bildungsangebote des Humboldt Labors\">\n\t\t\t\t\t\t\t\t<div ref=\"item\" data-id=\"WasserWissenBildungsangebotedesHumboldtLabors\" class=\"block-accordion-item vue-initialize\" aria-expanded=\"false\" :aria-expanded=\"active ? 'true' : 'false'\">\n\t\t\t\t\t\t\t\t\t<button class=\"accordion-button-with-icon block-accordion-item-head\" :class=\"{'button-active': active}\" ref=\"head\" aria-controls=\"acc_6a98081270ab8\" id=\"acc_title_6a98081270aba\" @click=\"toggle\" @keydown=\"key\">\n\t\t\t\t\t\t\t\t\t<div><span class=\"button-label\">WasserWissen \/ Bildungsangebote des Humboldt Labors<\/span><\/div><span class=\"button-icon icon-plus\" aria-hidden=\"true\"><\/span>\n\t\t\t\t\t\t\t\t<\/button>\n\t\t\t\t\t\t\t\t\t<div ref=\"body\" class=\"block-accordion-item-content\" id=\"acc_6a98081270ab8\" role=\"region\">\n\t\t\t\t\t\t\t\t\t\t<div class=\"wrapper copy\">\n\t\t\t\t\t\t\t\t\t\t\t<p data-local-id=\"a5ac1b48b263\" data-prosemirror-content-type=\"node\" data-prosemirror-node-name=\"paragraph\" data-prosemirror-node-block=\"true\"><strong>18 &#8211; 19:30 Uhr<\/strong><\/p>\n<p data-local-id=\"544b23d6091d\" data-prosemirror-content-type=\"node\" data-prosemirror-node-name=\"paragraph\" data-prosemirror-node-block=\"true\" data-pm-slice=\"1 1 []\">Vermittler*innen des Humboldt Labors stellen die Angebote des Humboldt Labors und seiner Ausstellung <em><a href=\"https:\/\/www.humboldtforum.org\/de\/programm\/laufzeitangebot\/ausstellung\/on-water-wasserwissen-in-berlin-148667\/\">On Water. WasserWissen<\/a><\/em> in Berlin f\u00fcr Schulen vor: F\u00fchrungen f\u00fcr Schulklassen sowie zwei Workshops, die sich auf spielerische und performative Weise mit Wasser, Wasserwesen, Verantwortung und den Rechten der Spree besch\u00e4ftigen.<\/p>\n<p data-local-id=\"84c9807295ba\" data-prosemirror-content-type=\"node\" data-prosemirror-node-name=\"paragraph\" data-prosemirror-node-block=\"true\" data-pm-slice=\"1 1 []\"><strong>Ort<\/strong>: Werkr\u00e4ume 1.OG im Humboldtforum<\/p>\n\n\t\t\t\t\t\t\t\t\t\t\t\t\t\t\t\t\t\t\t\t\t\t\t\t\t\t\t\t\t\t\t\t\t\t\t\t\t\t\t\t\t\t\t\t\n\t\t\t\t\t\t\t\t\t\t\t<div class=\"row\">\n\t\t\t\t\t\t\t\t\t\t\t\t<div class=\"col-xs-12 col-sm-6\">\n\t\t\t\t\t\t\t\t\t\t\t\t\t<div class=\"box\">\n\t\t\t\t\t\t\t\t\t\t\t\t\t\t\n\t<lazy-media-inline inline-template>\n\t\t<figure itemscope itemtype=\"http:\/\/schema.org\/ImageObject\" class=\"lazy-media-inline \" role=\"group\" id=\"media_6a98081270f3d\" aria-labelledby=\"desc_media_6a98081270f3d\">\n\t\t\t<script type=\"application\/json\" ref=\"data\">\n\t\t\t\t{\n\t\t\t\t\"sizes\" : {\"medium\":{\"file\":\"SHF_eb00233557_Wissenschaft-macht-Schule.-Drop-In-der-HU-300x200.jpg\",\"width\":300,\"height\":200,\"mime-type\":\"image\\\/jpeg\",\"filesize\":17064},\"large\":{\"file\":\"SHF_eb00233557_Wissenschaft-macht-Schule.-Drop-In-der-HU-1024x683.jpg\",\"width\":1024,\"height\":683,\"mime-type\":\"image\\\/jpeg\",\"filesize\":121050},\"thumbnail\":{\"file\":\"SHF_eb00233557_Wissenschaft-macht-Schule.-Drop-In-der-HU-150x150.jpg\",\"width\":150,\"height\":150,\"mime-type\":\"image\\\/jpeg\",\"filesize\":8267},\"medium_large\":{\"file\":\"SHF_eb00233557_Wissenschaft-macht-Schule.-Drop-In-der-HU-768x512.jpg\",\"width\":768,\"height\":512,\"mime-type\":\"image\\\/jpeg\",\"filesize\":75304},\"small\":{\"file\":\"SHF_eb00233557_Wissenschaft-macht-Schule.-Drop-In-der-HU-440x293.jpg\",\"width\":440,\"height\":293,\"mime-type\":\"image\\\/jpeg\",\"filesize\":31324},\"semi\":{\"file\":\"SHF_eb00233557_Wissenschaft-macht-Schule.-Drop-In-der-HU-580x387.jpg\",\"width\":580,\"height\":387,\"mime-type\":\"image\\\/jpeg\",\"filesize\":48485},\"mobile\":{\"file\":\"SHF_eb00233557_Wissenschaft-macht-Schule.-Drop-In-der-HU-720x480.jpg\",\"width\":720,\"height\":480,\"mime-type\":\"image\\\/jpeg\",\"filesize\":67783},\"hd\":{\"file\":\"SHF_eb00233557_Wissenschaft-macht-Schule.-Drop-In-der-HU-1280x853.jpg\",\"width\":1280,\"height\":853,\"mime-type\":\"image\\\/jpeg\",\"filesize\":174976},\"full\":{\"file\":\"SHF_eb00233557_Wissenschaft-macht-Schule.-Drop-In-der-HU-1920x1280.jpg\",\"width\":1920,\"height\":1280,\"mime-type\":\"image\\\/jpeg\",\"filesize\":363873},\"xxl\":{\"file\":\"SHF_eb00233557_Wissenschaft-macht-Schule.-Drop-In-der-HU-4048x2699.jpg\",\"width\":4048,\"height\":2699,\"mime-type\":\"image\\\/jpeg\",\"filesize\":1707507},\"1536x1536\":{\"file\":\"SHF_eb00233557_Wissenschaft-macht-Schule.-Drop-In-der-HU-1536x1024.jpg\",\"width\":1536,\"height\":1024,\"mime-type\":\"image\\\/jpeg\",\"filesize\":240088},\"2048x2048\":{\"file\":\"SHF_eb00233557_Wissenschaft-macht-Schule.-Drop-In-der-HU-2048x1365.jpg\",\"width\":2048,\"height\":1365,\"mime-type\":\"image\\\/jpeg\",\"filesize\":412919},\"original\":{\"file\":\"SHF_eb00233557_Wissenschaft-macht-Schule.-Drop-In-der-HU.jpg\",\"width\":5988,\"height\":3992}},\n\t\t\t\t\"alt\" : \"Frau pr\\u00e4sentiert vor einem Bildschirm, drei Zuh\\u00f6rerinnen lauschen interessiert. Moderne Umgebung.\",\n\t\t\t\t\"path\" : \"\\\/wp-content\\\/uploads\\\/2026\\\/07\\\/\",\n\t\t\t\t\"video\" : null,\n\t\t\t\t\"autoplay\" : null,\n\t\t\t\t\"youtube\" : null,\n\t\t\t\t\"youtubelabel\" : \"Video abspielen\",\n\t\t\t\t\"brightness\" : 100,\n\t\t\t\t\"crop\" : null,\n\t\t\t\t\"background\" : false,\n\t\t\t\t\"scale\" : 1\t\t\t\t}\n\t\t\t<\/script>\n\n\t\t\t<div class=\"height-container\" style=\"padding-bottom:66.666666666667%;\" v-if=\"sizes\">\n\t\t\t\t\t\t\t\t<lazy-media :inline=\"true\" :alt=\"alt\" :sizes=\"sizes\" :scale=\"scale\" :brightness=\"brightness\" :path=\"path\" :video=\"video\" :autoplay=\"autoplay\" :youtube=\"youtube\" :crop=\"crop\" :youtubelabel=\"youtubelabel\" :background=\"background\" media-id=\"desc_media_6a98081270f3d\"><\/lazy-media>\n\t\t\t\t\t\t\t<\/div>\n\n\t\t\t\t\t\t\t<figcaption class=\"\" id=\"desc_media_6a98081270f3d\">\n\t\t\t\t\t<div class=\"lazy-media-info-body-content\">\n\t\t\t\t\t\t\t\t\t\t\t\t\t<div>Drop-In &quot;Wissenschaft macht Schule. Angebote der HU im Humboldt Labor&quot; w&auml;hrend der Teachers&#039; Night 2024<\/div>\n\t\t\t\t\t\t\t\t\t\t\t\t\t\t\t\t\t\t\t<div class=\"insignificant\">\u00a9 Staatlichen Museen zu Berlin, Foto: Pierre Adenis<\/div>\n\t\t\t\t\t\t\t\t\t\t\t<\/div>\n\t\t\t\t<\/figcaption>\n\t\t\t\t\t\t\t\t\t<\/figure>\n\t<\/lazy-media-inline>\n\t\t\t\t\t\t\t\t\t\t\t\t\t<\/div>\n\t\t\t\t\t\t\t\t\t\t\t\t<\/div>\n\t\t\t\t\t\t\t\t\t\t\t<\/div>\n\n\t\t\t\t\t\t\t\t\t\t\t\t\t\t\t\t\t\t\t\t\t<\/div>\n\t\t\t\t\t\t\t\t\t<\/div>\n\t\t\t\t\t\t\t\t<\/div>\n\t\t\t\t\t\t\t\t<\/block-accordion-item>\n\t\t\t\t\t\t\t\t\t\t\t\t\t\t<block-accordion-item inline-template item-headline=\"Sprechstunde Teachers&#039; Night \">\n\t\t\t\t\t\t\t\t<div ref=\"item\" data-id=\"SprechstundeTeachersNight\" class=\"block-accordion-item vue-initialize\" aria-expanded=\"false\" :aria-expanded=\"active ? 'true' : 'false'\">\n\t\t\t\t\t\t\t\t\t<button class=\"accordion-button-with-icon block-accordion-item-head\" :class=\"{'button-active': active}\" ref=\"head\" aria-controls=\"acc_6a98081271125\" id=\"acc_title_6a98081271127\" @click=\"toggle\" @keydown=\"key\">\n\t\t\t\t\t\t\t\t\t<div><span class=\"button-label\">Sprechstunde Teachers&#8216; Night <\/span><\/div><span class=\"button-icon icon-plus\" aria-hidden=\"true\"><\/span>\n\t\t\t\t\t\t\t\t<\/button>\n\t\t\t\t\t\t\t\t\t<div ref=\"body\" class=\"block-accordion-item-content\" id=\"acc_6a98081271125\" role=\"region\">\n\t\t\t\t\t\t\t\t\t\t<div class=\"wrapper copy\">\n\t\t\t\t\t\t\t\t\t\t\t<p data-local-id=\"a5ac1b48b263\" data-prosemirror-content-type=\"node\" data-prosemirror-node-name=\"paragraph\" data-prosemirror-node-block=\"true\"><strong>19:30 &#8211; 20 Uhr<\/strong><\/p>\n<p data-local-id=\"4c3ce0738f12\" data-prosemirror-content-type=\"node\" data-prosemirror-node-name=\"paragraph\" data-prosemirror-node-block=\"true\" data-pm-slice=\"1 1 []\">Sie haben W\u00fcnsche, Fragen, Ideen, Kritik? Sprechen Sie mit uns! Kolleg*innen der Bildung und Vermittlung stehen Rede und Antwort und nehmen Ihre Hinweise f\u00fcr die k\u00fcnftige Programmarbeit auf.<\/p>\n<p data-local-id=\"99f23eec84f9\" data-prosemirror-content-type=\"node\" data-prosemirror-node-name=\"paragraph\" data-prosemirror-node-block=\"true\">Wir nutzen die Teachers\u2018 Night um gemeinsam auf die Angebote des Humboldt Forums und deren Potenziale f\u00fcr die schulische Bildungsarbeit zu blicken. Welche Formate oder Vermittlungsans\u00e4tze sprechen Sie besonders an? Welche Themen bewegen Sie und Ihre Sch\u00fcler*innen? Welche Materialien oder Angebote w\u00fcnschen Sie sich f\u00fcr Ihre Unterrichtsplanung?<\/p>\n<p data-local-id=\"d98924249605\" data-prosemirror-content-type=\"node\" data-prosemirror-node-name=\"paragraph\" data-prosemirror-node-block=\"true\">Ihre R\u00fcckmeldungen helfen dabei, das Bildungs- und Vermittlungsprogramm des Humboldt Forums noch st\u00e4rker an den Anforderungen schulischer Praxis auszurichten und gemeinsam Lernr\u00e4ume zu gestalten, die Neugier, Dialog und gesellschaftliche Teilhabe f\u00f6rdern. Wir freuen uns auf Ihre Ideen, Anregungen und Impulse!<\/p>\n<p data-local-id=\"31d7e9f71e2d\" data-prosemirror-content-type=\"node\" data-prosemirror-node-name=\"paragraph\" data-prosemirror-node-block=\"true\"><strong>Ort<\/strong>: Spielecke, Werkr\u00e4ume<\/p>\n\n\t\t\t\t\t\t\t\t\t\t\t\t\t\t\t\t\t\t\t\t\t\t\t\t\t\t\t\t\t\t\t\t\t\t\t\t\t\t\t\t\t\t\t\t\n\t\t\t\t\t\t\t\t\t\t\t<div class=\"row\">\n\t\t\t\t\t\t\t\t\t\t\t\t<div class=\"col-xs-12 col-sm-6\">\n\t\t\t\t\t\t\t\t\t\t\t\t\t<div class=\"box\">\n\t\t\t\t\t\t\t\t\t\t\t\t\t\t\n\t<lazy-media-inline inline-template>\n\t\t<figure itemscope itemtype=\"http:\/\/schema.org\/ImageObject\" class=\"lazy-media-inline \" role=\"group\" id=\"media_6a9808127172b\" aria-labelledby=\"desc_media_6a9808127172b\">\n\t\t\t<script type=\"application\/json\" ref=\"data\">\n\t\t\t\t{\n\t\t\t\t\"sizes\" : {\"medium\":{\"file\":\"SHF_eb00258420-300x200.jpg\",\"width\":300,\"height\":200,\"mime-type\":\"image\\\/jpeg\",\"filesize\":12883},\"large\":{\"file\":\"SHF_eb00258420-1024x683.jpg\",\"width\":1024,\"height\":683,\"mime-type\":\"image\\\/jpeg\",\"filesize\":73791},\"thumbnail\":{\"file\":\"SHF_eb00258420-150x150.jpg\",\"width\":150,\"height\":150,\"mime-type\":\"image\\\/jpeg\",\"filesize\":6580},\"medium_large\":{\"file\":\"SHF_eb00258420-768x512.jpg\",\"width\":768,\"height\":512,\"mime-type\":\"image\\\/jpeg\",\"filesize\":47134},\"small\":{\"file\":\"SHF_eb00258420-440x293.jpg\",\"width\":440,\"height\":293,\"mime-type\":\"image\\\/jpeg\",\"filesize\":21695},\"semi\":{\"file\":\"SHF_eb00258420-580x387.jpg\",\"width\":580,\"height\":387,\"mime-type\":\"image\\\/jpeg\",\"filesize\":32281},\"mobile\":{\"file\":\"SHF_eb00258420-720x480.jpg\",\"width\":720,\"height\":480,\"mime-type\":\"image\\\/jpeg\",\"filesize\":42951},\"hd\":{\"file\":\"SHF_eb00258420-1280x853.jpg\",\"width\":1280,\"height\":853,\"mime-type\":\"image\\\/jpeg\",\"filesize\":107024},\"full\":{\"file\":\"SHF_eb00258420-1920x1280.jpg\",\"width\":1920,\"height\":1280,\"mime-type\":\"image\\\/jpeg\",\"filesize\":235227},\"xxl\":{\"file\":\"SHF_eb00258420-4048x2699.jpg\",\"width\":4048,\"height\":2699,\"mime-type\":\"image\\\/jpeg\",\"filesize\":1341186},\"1536x1536\":{\"file\":\"SHF_eb00258420-1536x1024.jpg\",\"width\":1536,\"height\":1024,\"mime-type\":\"image\\\/jpeg\",\"filesize\":148610},\"2048x2048\":{\"file\":\"SHF_eb00258420-2048x1365.jpg\",\"width\":2048,\"height\":1365,\"mime-type\":\"image\\\/jpeg\",\"filesize\":269969},\"original\":{\"file\":\"SHF_eb00258420.jpg\",\"width\":6000,\"height\":4000}},\n\t\t\t\t\"alt\" : \"Zwei Personen schauen sich ein buntes Arbeitsblatt mit farbigen Feldern und Notizen w\\u00e4hrend einer Gruppenaktivit\\u00e4t an.\",\n\t\t\t\t\"path\" : \"\\\/wp-content\\\/uploads\\\/2026\\\/07\\\/\",\n\t\t\t\t\"video\" : null,\n\t\t\t\t\"autoplay\" : null,\n\t\t\t\t\"youtube\" : null,\n\t\t\t\t\"youtubelabel\" : \"Video abspielen\",\n\t\t\t\t\"brightness\" : 100,\n\t\t\t\t\"crop\" : null,\n\t\t\t\t\"background\" : false,\n\t\t\t\t\"scale\" : 1\t\t\t\t}\n\t\t\t<\/script>\n\n\t\t\t<div class=\"height-container\" style=\"padding-bottom:66.666666666667%;\" v-if=\"sizes\">\n\t\t\t\t\t\t\t\t<lazy-media :inline=\"true\" :alt=\"alt\" :sizes=\"sizes\" :scale=\"scale\" :brightness=\"brightness\" :path=\"path\" :video=\"video\" :autoplay=\"autoplay\" :youtube=\"youtube\" :crop=\"crop\" :youtubelabel=\"youtubelabel\" :background=\"background\" media-id=\"desc_media_6a9808127172b\"><\/lazy-media>\n\t\t\t\t\t\t\t<\/div>\n\n\t\t\t\t\t\t\t<figcaption class=\"\" id=\"desc_media_6a9808127172b\">\n\t\t\t\t\t<div class=\"lazy-media-info-body-content\">\n\t\t\t\t\t\t\t\t\t\t\t\t\t<div>\tPraxisseminar in den Werkr&auml;umen zur Teachers&#039; Night 2025 <\/div>\n\t\t\t\t\t\t\t\t\t\t\t\t\t\t\t\t\t\t\t<div class=\"insignificant\">\u00a9 Stiftung Humboldt Forum im Berliner Schloss, Foto: Frank Sperling<\/div>\n\t\t\t\t\t\t\t\t\t\t\t<\/div>\n\t\t\t\t<\/figcaption>\n\t\t\t\t\t\t\t\t\t<\/figure>\n\t<\/lazy-media-inline>\n\t\t\t\t\t\t\t\t\t\t\t\t\t<\/div>\n\t\t\t\t\t\t\t\t\t\t\t\t<\/div>\n\t\t\t\t\t\t\t\t\t\t\t<\/div>\n\n\t\t\t\t\t\t\t\t\t\t\t\t\t\t\t\t\t\t\t\t\t<\/div>\n\t\t\t\t\t\t\t\t\t<\/div>\n\t\t\t\t\t\t\t\t<\/div>\n\t\t\t\t\t\t\t\t<\/block-accordion-item>\n\t\t\t\t\t\t\t\t\t\t\t\t\t<\/div>\n\t\t\t\t\t\t<\/block-accordion>\n\t\t\t\t\t\t\t\t\t<\/div>\n\t\t\t<\/div>\n\t\t<\/div>\n\t<\/div>\n<\/section>\n\n\n<section class=\"block block-headline block-no-margin \"  id='praxisseminare-30-min' data-anchor='Praxisseminare (30 Min.)'>\n\t<div class=\"container-fluid\">\n\t\t<div class=\"row\">\n\t\t\t\t\t\t\t<div class=\"col-xs-12 col-md-offset-2 col-md-8\">\n\t\t\t\t\t<div class=\"box\">\n\t\t\t\t\t\t<h2 class=\".h4\">Praxisseminare (30 Min.)<\/h2>\n\t\t\t\t\t<\/div>\n\t\t\t\t<\/div>\n\t\t\t\t\t<\/div>\n\t<\/div>\n<\/section>\n\n\n\n\n\n<section class=\"block block-accordion\">\n\t<div class=\"container-fluid\">\n\t\t<div class=\"row\">\n\t\t\t<div class=\"col-xs-12 col-md-offset-2 col-md-8\">\n\t\t\t\t<div class=\"box\">\n\t\t\t\t\t\t\t\t\t\t\t<block-accordion inline-template>\n\t\t\t\t\t\t\t<div class=\"accordion\">\n\t\t\t\t\t\t\t\t\t\t\t\t\t\t\t<block-accordion-item inline-template item-headline=\"\u201eJunge Stimmen- Podcastprojekte mit der Klasse\u201d\u00a0\">\n\t\t\t\t\t\t\t\t<div ref=\"item\" data-id=\"JungeStimmen-PodcastprojektemitderKlasse\" class=\"block-accordion-item vue-initialize\" aria-expanded=\"false\" :aria-expanded=\"active ? 'true' : 'false'\">\n\t\t\t\t\t\t\t\t\t<button class=\"accordion-button-with-icon block-accordion-item-head\" :class=\"{'button-active': active}\" ref=\"head\" aria-controls=\"acc_6a98081275399\" id=\"acc_title_6a9808127539b\" @click=\"toggle\" @keydown=\"key\">\n\t\t\t\t\t\t\t\t\t<div><span class=\"button-label\">\u201eJunge Stimmen- Podcastprojekte mit der Klasse\u201d\u00a0<\/span><\/div><span class=\"button-icon icon-plus\" aria-hidden=\"true\"><\/span>\n\t\t\t\t\t\t\t\t<\/button>\n\t\t\t\t\t\t\t\t\t<div ref=\"body\" class=\"block-accordion-item-content\" id=\"acc_6a98081275399\" role=\"region\">\n\t\t\t\t\t\t\t\t\t\t<div class=\"wrapper copy\">\n\t\t\t\t\t\t\t\t\t\t\t<p data-local-id=\"2ef0317e9390\" data-prosemirror-content-type=\"node\" data-prosemirror-node-name=\"paragraph\" data-prosemirror-node-block=\"true\" data-pm-slice=\"1 1 []\"><strong>Uhrzeit-Start: 17:20 Uhr, 19:00 Uhr<\/strong><\/p>\n<p data-local-id=\"c50ac1b582d1\" data-prosemirror-content-type=\"node\" data-prosemirror-node-name=\"paragraph\" data-prosemirror-node-block=\"true\">In einem Impulsworkshop im Medienstudio von <a href=\"https:\/\/www.humboldtforum.org\/de\/programm\/dauerangebot\/ausstellung\/berlin-global-14140\/\">BERLIN GLOBAL<\/a> zeigen Musemsmitarbeiter:innen, wie Lehrkr\u00e4fte gemeinsam mit ihren Klassen eigene Podcastprojekte umsetzen k\u00f6nnen &#8211; ganz ohne Vorwissen. Vermittler*innen geben einen praxisnahen Einblick in Tools, Methoden und kreative Ideen rund ums Medium Podcast.<\/p>\n<p data-local-id=\"c3aa58c23bca\" data-prosemirror-content-type=\"node\" data-prosemirror-node-name=\"paragraph\" data-prosemirror-node-block=\"true\">In Anlehnung an das buchbare Format <strong data-prosemirror-content-type=\"mark\" data-prosemirror-mark-name=\"strong\">\u201eJunge Stimmen\u201c<\/strong> aus dem WELTSTUDIO erfahren Sie, wie Ihre Sch\u00fcler:innen zu echten Stimmen der Stadt werden: authentisch, reflektiert, laut, leise \u2013 und immer h\u00f6renswert.<\/p>\n<p data-local-id=\"6f7b83a83222\" data-prosemirror-content-type=\"node\" data-prosemirror-node-name=\"paragraph\" data-prosemirror-node-block=\"true\"><strong>Ort<\/strong>: Medienstudios\/WELTSTUDIO in\u00a0 BERLIN GLOBAL (1. OG)<\/p>\n<p data-local-id=\"ccf8dd66fe32\" data-prosemirror-content-type=\"node\" data-prosemirror-node-name=\"paragraph\" data-prosemirror-node-block=\"true\"><strong>Treffpunkt<\/strong>: An B\u00e4nken vor Eingang BERLIN GLOBAL<\/p>\n\n\t\t\t\t\t\t\t\t\t\t\t\t\t\t\t\t\t\t\t\t\t\t\t\t\t\t\t\t\t\t\t\t\t\t\t\t\t\t\t\t\t\t\t\t\n\t\t\t\t\t\t\t\t\t\t\t<div class=\"row\">\n\t\t\t\t\t\t\t\t\t\t\t\t<div class=\"col-xs-9 col-md-9\">\n\t\t\t\t\t\t\t\t\t\t\t\t\t<div class=\"box\">\n\t\t\t\t\t\t\t\t\t\t\t\t\t\t\t\t\t\t\t\t\t\t\t\t\t\t\t<\/div>\n\t\t\t\t\t\t\t\t\t\t\t\t<\/div>\n\t\t\t\t\t\t\t\t\t\t\t<\/div>\n\n\t\t\t\t\t\t\t\t\t\t\t\t\t\t\t\t\t\t\t\t\t<\/div>\n\t\t\t\t\t\t\t\t\t<\/div>\n\t\t\t\t\t\t\t\t<\/div>\n\t\t\t\t\t\t\t\t<\/block-accordion-item>\n\t\t\t\t\t\t\t\t\t\t\t\t\t\t<block-accordion-item inline-template item-headline=\"Kreative Tools f\u00fcr Kitas und Grundschulen\">\n\t\t\t\t\t\t\t\t<div ref=\"item\" data-id=\"KreativeToolsfrKitasundGrundschulen\" class=\"block-accordion-item vue-initialize\" aria-expanded=\"false\" :aria-expanded=\"active ? 'true' : 'false'\">\n\t\t\t\t\t\t\t\t\t<button class=\"accordion-button-with-icon block-accordion-item-head\" :class=\"{'button-active': active}\" ref=\"head\" aria-controls=\"acc_6a98081275657\" id=\"acc_title_6a98081275658\" @click=\"toggle\" @keydown=\"key\">\n\t\t\t\t\t\t\t\t\t<div><span class=\"button-label\">Kreative Tools f\u00fcr Kitas und Grundschulen<\/span><\/div><span class=\"button-icon icon-plus\" aria-hidden=\"true\"><\/span>\n\t\t\t\t\t\t\t\t<\/button>\n\t\t\t\t\t\t\t\t\t<div ref=\"body\" class=\"block-accordion-item-content\" id=\"acc_6a98081275657\" role=\"region\">\n\t\t\t\t\t\t\t\t\t\t<div class=\"wrapper copy\">\n\t\t\t\t\t\t\t\t\t\t\t<p data-local-id=\"245b992f5dd1\" data-prosemirror-content-type=\"node\" data-prosemirror-node-name=\"paragraph\" data-prosemirror-node-block=\"true\" data-pm-slice=\"1 1 []\"><strong>18 &#8211; 18:30 Uhr<\/strong><\/p>\n<p data-local-id=\"9f5a74c43556\" data-prosemirror-content-type=\"node\" data-prosemirror-node-name=\"paragraph\" data-prosemirror-node-block=\"true\">Wie k\u00f6nnen komplexe Ausstellungsthemen anschaulich vermittelt werden? Wie erleichtert der Umgang mit unterschiedlichen Materialien und Tools den Zugang? Und wie kann die Lebenswelt von jungen Kindern einbezogen werden? Das Praxisseminar gibt Einblicke in anregende Kreativtechniken und Materialien, die f\u00fcr den Einsatz mit Kita- und Grundschulkindern entwickelt wurden und die Lust am Forschen zu Themen wie Arch\u00e4ologie, Geschichte und Gesellschaft f\u00f6rdern.<\/p>\n<p data-local-id=\"cbfb7262ab5d\" data-prosemirror-content-type=\"node\" data-prosemirror-node-name=\"paragraph\" data-prosemirror-node-block=\"true\"><strong>Ort<\/strong>: Werkraum 1<\/p>\n\n\t\t\t\t\t\t\t\t\t\t\t\t\t\t\t\t\t\t\t\t\t\t\t\t\t\t\t\t\t\t\t\t\t\t\t\t\t\t\t\t\t\t\t\t\n\t\t\t\t\t\t\t\t\t\t\t<div class=\"row\">\n\t\t\t\t\t\t\t\t\t\t\t\t<div class=\"col-xs-12 col-sm-6\">\n\t\t\t\t\t\t\t\t\t\t\t\t\t<div class=\"box\">\n\t\t\t\t\t\t\t\t\t\t\t\t\t\t\n\t<lazy-media-inline inline-template>\n\t\t<figure itemscope itemtype=\"http:\/\/schema.org\/ImageObject\" class=\"lazy-media-inline \" role=\"group\" id=\"media_6a98081275b44\" aria-labelledby=\"desc_media_6a98081275b44\">\n\t\t\t<script type=\"application\/json\" ref=\"data\">\n\t\t\t\t{\n\t\t\t\t\"sizes\" : {\"medium\":{\"file\":\"SHF_eb00256186-300x200.jpg\",\"width\":300,\"height\":200,\"mime-type\":\"image\\\/jpeg\",\"filesize\":13018},\"large\":{\"file\":\"SHF_eb00256186-1024x682.jpg\",\"width\":1024,\"height\":682,\"mime-type\":\"image\\\/jpeg\",\"filesize\":70220},\"thumbnail\":{\"file\":\"SHF_eb00256186-150x150.jpg\",\"width\":150,\"height\":150,\"mime-type\":\"image\\\/jpeg\",\"filesize\":6294},\"medium_large\":{\"file\":\"SHF_eb00256186-768x512.jpg\",\"width\":768,\"height\":512,\"mime-type\":\"image\\\/jpeg\",\"filesize\":46990},\"small\":{\"file\":\"SHF_eb00256186-440x293.jpg\",\"width\":440,\"height\":293,\"mime-type\":\"image\\\/jpeg\",\"filesize\":22063},\"semi\":{\"file\":\"SHF_eb00256186-580x387.jpg\",\"width\":580,\"height\":387,\"mime-type\":\"image\\\/jpeg\",\"filesize\":32542},\"mobile\":{\"file\":\"SHF_eb00256186-720x480.jpg\",\"width\":720,\"height\":480,\"mime-type\":\"image\\\/jpeg\",\"filesize\":43043},\"original\":{\"file\":\"SHF_eb00256186.jpg\",\"width\":1280,\"height\":853}},\n\t\t\t\t\"alt\" : \"Eine Person betrachtet einen kleinen historischen Gegenstand, umgeben von Fotografien auf einem Tisch.\",\n\t\t\t\t\"path\" : \"\\\/wp-content\\\/uploads\\\/2026\\\/07\\\/\",\n\t\t\t\t\"video\" : null,\n\t\t\t\t\"autoplay\" : null,\n\t\t\t\t\"youtube\" : null,\n\t\t\t\t\"youtubelabel\" : \"Video abspielen\",\n\t\t\t\t\"brightness\" : 100,\n\t\t\t\t\"crop\" : null,\n\t\t\t\t\"background\" : false,\n\t\t\t\t\"scale\" : 1\t\t\t\t}\n\t\t\t<\/script>\n\n\t\t\t<div class=\"height-container\" style=\"padding-bottom:66.640625%;\" v-if=\"sizes\">\n\t\t\t\t\t\t\t\t<lazy-media :inline=\"true\" :alt=\"alt\" :sizes=\"sizes\" :scale=\"scale\" :brightness=\"brightness\" :path=\"path\" :video=\"video\" :autoplay=\"autoplay\" :youtube=\"youtube\" :crop=\"crop\" :youtubelabel=\"youtubelabel\" :background=\"background\" media-id=\"desc_media_6a98081275b44\"><\/lazy-media>\n\t\t\t\t\t\t\t<\/div>\n\n\t\t\t\t\t\t\t<figcaption class=\"\" id=\"desc_media_6a98081275b44\">\n\t\t\t\t\t<div class=\"lazy-media-info-body-content\">\n\t\t\t\t\t\t\t\t\t\t\t\t\t<div>Fachtag &quot;Sprachen und kulturelle Vielfalt in Familie und Kita&quot; mit Fr&ouml;bel e.V.  <\/div>\n\t\t\t\t\t\t\t\t\t\t\t\t\t\t\t\t\t\t\t<div class=\"insignificant\">\u00a9 Stiftung Humboldt Forum im Berliner Schloss, Foto: Stefanie Loos<\/div>\n\t\t\t\t\t\t\t\t\t\t\t<\/div>\n\t\t\t\t<\/figcaption>\n\t\t\t\t\t\t\t\t\t<\/figure>\n\t<\/lazy-media-inline>\n\t\t\t\t\t\t\t\t\t\t\t\t\t<\/div>\n\t\t\t\t\t\t\t\t\t\t\t\t<\/div>\n\t\t\t\t\t\t\t\t\t\t\t<\/div>\n\n\t\t\t\t\t\t\t\t\t\t\t\t\t\t\t\t\t\t\t\t\t<\/div>\n\t\t\t\t\t\t\t\t\t<\/div>\n\t\t\t\t\t\t\t\t<\/div>\n\t\t\t\t\t\t\t\t<\/block-accordion-item>\n\t\t\t\t\t\t\t\t\t\t\t\t\t\t<block-accordion-item inline-template item-headline=\"Sch\u00fcler*innen als Ausstellungs-Expert*innen\">\n\t\t\t\t\t\t\t\t<div ref=\"item\" data-id=\"SchlerinnenalsAusstellungs-Expertinnen\" class=\"block-accordion-item vue-initialize\" aria-expanded=\"false\" :aria-expanded=\"active ? 'true' : 'false'\">\n\t\t\t\t\t\t\t\t\t<button class=\"accordion-button-with-icon block-accordion-item-head\" :class=\"{'button-active': active}\" ref=\"head\" aria-controls=\"acc_6a98081275d04\" id=\"acc_title_6a98081275d06\" @click=\"toggle\" @keydown=\"key\">\n\t\t\t\t\t\t\t\t\t<div><span class=\"button-label\">Sch\u00fcler*innen als Ausstellungs-Expert*innen<\/span><\/div><span class=\"button-icon icon-plus\" aria-hidden=\"true\"><\/span>\n\t\t\t\t\t\t\t\t<\/button>\n\t\t\t\t\t\t\t\t\t<div ref=\"body\" class=\"block-accordion-item-content\" id=\"acc_6a98081275d04\" role=\"region\">\n\t\t\t\t\t\t\t\t\t\t<div class=\"wrapper copy\">\n\t\t\t\t\t\t\t\t\t\t\t<p data-local-id=\"245b992f5dd1\" data-prosemirror-content-type=\"node\" data-prosemirror-node-name=\"paragraph\" data-prosemirror-node-block=\"true\" data-pm-slice=\"1 1 []\"><strong>ab 18 Uhr<\/strong><\/p>\n<p data-local-id=\"fcae452fe8da\" data-prosemirror-content-type=\"node\" data-prosemirror-node-name=\"paragraph\" data-prosemirror-node-block=\"true\" data-pm-slice=\"1 1 []\">Wie kann ein Ausstellungsbesuch mehr sein als Zuschauen und Zuh\u00f6ren? In diesem Praxisseminar kommen Sie mit erfahrenen Vermittler*innen ins Gespr\u00e4ch und \u00fcberlegen, wie Sch\u00fcler*innen Ausstellungen aktiv, kritisch und ausgehend von ihrer eigenen Lebenswelt erkunden k\u00f6nnen. Als Beispiel dient unser Workshop \u201eJuniorkurator*innen\u201c. Hier nehmen Jugendliche die Ausstellung <a href=\"https:\/\/www.humboldtforum.org\/de\/programm\/dauerangebot\/ausstellung\/berlin-global-14140\/\">BERLIN GLOBAL<\/a> an mehreren Projekttagen kritisch unter die Lupe, w\u00e4hlen Lieblingsobjekte und Geschichten aus, benennen aber auch Leerstellen, die sie in einem gemeinsame Ausstellungsjournal mit eigenen Fotografien und Rezensionen festhalten. Gemeinsam fragen wir: Wie k\u00f6nnen Sch\u00fcler*innen selbst Fragen an eine Ausstellung stellen- und dabei ein St\u00fcck weit zu Kuratorinnen werden.<\/p>\n<p data-local-id=\"cbfb7262ab5d\" data-prosemirror-content-type=\"node\" data-prosemirror-node-name=\"paragraph\" data-prosemirror-node-block=\"true\"><strong>Ort<\/strong>: An B\u00e4nken vor Eingang BERLIN GLOBAL<\/p>\n\n\t\t\t\t\t\t\t\t\t\t\t\t\t\t\t\t\t\t\t\t\t\t\t\t\t\t\t\t\t\t\t\t\t\t\t\t\t\t\t\t\t\t\t\t\n\t\t\t\t\t\t\t\t\t\t\t<div class=\"row\">\n\t\t\t\t\t\t\t\t\t\t\t\t<div class=\"col-xs-9 col-md-9\">\n\t\t\t\t\t\t\t\t\t\t\t\t\t<div class=\"box\">\n\t\t\t\t\t\t\t\t\t\t\t\t\t\t\t\t\t\t\t\t\t\t\t\t\t\t\t<\/div>\n\t\t\t\t\t\t\t\t\t\t\t\t<\/div>\n\t\t\t\t\t\t\t\t\t\t\t<\/div>\n\n\t\t\t\t\t\t\t\t\t\t\t\t\t\t\t\t\t\t\t\t\t<\/div>\n\t\t\t\t\t\t\t\t\t<\/div>\n\t\t\t\t\t\t\t\t<\/div>\n\t\t\t\t\t\t\t\t<\/block-accordion-item>\n\t\t\t\t\t\t\t\t\t\t\t\t\t\t<block-accordion-item inline-template item-headline=\"Ausstellungen mit Jugendlichen entwickeln: Erfahrungen aus dem Culture Club\">\n\t\t\t\t\t\t\t\t<div ref=\"item\" data-id=\"AusstellungenmitJugendlichenentwickelnErfahrungenausdemCultureClub\" class=\"block-accordion-item vue-initialize\" aria-expanded=\"false\" :aria-expanded=\"active ? 'true' : 'false'\">\n\t\t\t\t\t\t\t\t\t<button class=\"accordion-button-with-icon block-accordion-item-head\" :class=\"{'button-active': active}\" ref=\"head\" aria-controls=\"acc_6a98081275ec7\" id=\"acc_title_6a98081275ec8\" @click=\"toggle\" @keydown=\"key\">\n\t\t\t\t\t\t\t\t\t<div><span class=\"button-label\">Ausstellungen mit Jugendlichen entwickeln: Erfahrungen aus dem Culture Club<\/span><\/div><span class=\"button-icon icon-plus\" aria-hidden=\"true\"><\/span>\n\t\t\t\t\t\t\t\t<\/button>\n\t\t\t\t\t\t\t\t\t<div ref=\"body\" class=\"block-accordion-item-content\" id=\"acc_6a98081275ec7\" role=\"region\">\n\t\t\t\t\t\t\t\t\t\t<div class=\"wrapper copy\">\n\t\t\t\t\t\t\t\t\t\t\t<p data-local-id=\"a7d12792c749\" data-prosemirror-content-type=\"node\" data-prosemirror-node-name=\"paragraph\" data-prosemirror-node-block=\"true\" data-pm-slice=\"1 1 []\"><strong>18 &#8211; 18:30 Uhr<\/strong><\/p>\n<p data-local-id=\"958ee9f662d4\" data-prosemirror-content-type=\"node\" data-prosemirror-node-name=\"paragraph\" data-prosemirror-node-block=\"true\" data-pm-slice=\"1 1 []\">Wie eine fachkuratierte Ausstellungen unter Beteiligung von Jugendlichen entstehen kann, erprobt derzeit ein Ausstellungsprojekt der Stiftung Humboldt Forum mit dem Arbeitstitel \u201cPopkultur\u201d. Seit Herbst 2025 begleitet eine feste Gruppe Jugendlicher im eigens gegr\u00fcndeten <strong data-prosemirror-content-type=\"mark\" data-prosemirror-mark-name=\"strong\">Culture Club<\/strong> die Entwicklung der Ausstellung. In regelm\u00e4\u00dfigen Treffen mit dem kuratorischen Team diskutieren die Jugendlichen zentrale Fragestellungen der Ausstellung und bringen ihre Perspektiven, Erfahrungen und Ideen ein. Dabei stehen inhaltliche ebenso wie gestalterische Aspekte im Fokus. Ideen und Perspektiven der Jugendlichen flie\u00dfen unmittelbar in die Ausstellungsentwicklung ein. Im Rahmen der Teachers&#8216; Night geben die Mitglieder des Culture Clubs Einblicke in ihre Aktivit\u00e4ten und Erfahrungen.<\/p>\n<p data-local-id=\"958ee9f662d4\" data-prosemirror-content-type=\"node\" data-prosemirror-node-name=\"paragraph\" data-prosemirror-node-block=\"true\" data-pm-slice=\"1 1 []\"><strong>Ort<\/strong>: Werkraum 4<\/p>\n\n\t\t\t\t\t\t\t\t\t\t\t\t\t\t\t\t\t\t\t\t\t\t\t\t\t\t\t\t\t\t\t\t\t\t\t\t\t\t\t\t\t\t\t\t\n\t\t\t\t\t\t\t\t\t\t\t<div class=\"row\">\n\t\t\t\t\t\t\t\t\t\t\t\t<div class=\"col-xs-12 col-sm-6\">\n\t\t\t\t\t\t\t\t\t\t\t\t\t<div class=\"box\">\n\t\t\t\t\t\t\t\t\t\t\t\t\t\t\n\t<lazy-media-inline inline-template>\n\t\t<figure itemscope itemtype=\"http:\/\/schema.org\/ImageObject\" class=\"lazy-media-inline \" role=\"group\" id=\"media_6a98081276398\" aria-labelledby=\"desc_media_6a98081276398\">\n\t\t\t<script type=\"application\/json\" ref=\"data\">\n\t\t\t\t{\n\t\t\t\t\"sizes\" : {\"medium\":{\"file\":\"SHF_eb00268886-300x225.jpg\",\"width\":300,\"height\":225,\"mime-type\":\"image\\\/jpeg\",\"filesize\":14705},\"large\":{\"file\":\"SHF_eb00268886-1024x768.jpg\",\"width\":1024,\"height\":768,\"mime-type\":\"image\\\/jpeg\",\"filesize\":103806},\"thumbnail\":{\"file\":\"SHF_eb00268886-150x150.jpg\",\"width\":150,\"height\":150,\"mime-type\":\"image\\\/jpeg\",\"filesize\":6731},\"medium_large\":{\"file\":\"SHF_eb00268886-768x576.jpg\",\"width\":768,\"height\":576,\"mime-type\":\"image\\\/jpeg\",\"filesize\":63590},\"small\":{\"file\":\"SHF_eb00268886-440x330.jpg\",\"width\":440,\"height\":330,\"mime-type\":\"image\\\/jpeg\",\"filesize\":26334},\"semi\":{\"file\":\"SHF_eb00268886-580x435.jpg\",\"width\":580,\"height\":435,\"mime-type\":\"image\\\/jpeg\",\"filesize\":40987},\"mobile\":{\"file\":\"SHF_eb00268886-720x540.jpg\",\"width\":720,\"height\":540,\"mime-type\":\"image\\\/jpeg\",\"filesize\":57487},\"hd\":{\"file\":\"SHF_eb00268886-1280x960.jpg\",\"width\":1280,\"height\":960,\"mime-type\":\"image\\\/jpeg\",\"filesize\":150096},\"full\":{\"file\":\"SHF_eb00268886-1920x1440.jpg\",\"width\":1920,\"height\":1440,\"mime-type\":\"image\\\/jpeg\",\"filesize\":301250},\"xxl\":{\"file\":\"SHF_eb00268886-4048x3036.jpg\",\"width\":4048,\"height\":3036,\"mime-type\":\"image\\\/jpeg\",\"filesize\":1117692},\"1536x1536\":{\"file\":\"SHF_eb00268886-1536x1152.jpg\",\"width\":1536,\"height\":1152,\"mime-type\":\"image\\\/jpeg\",\"filesize\":205808},\"2048x2048\":{\"file\":\"SHF_eb00268886-2048x1536.jpg\",\"width\":2048,\"height\":1536,\"mime-type\":\"image\\\/jpeg\",\"filesize\":348494},\"original\":{\"file\":\"SHF_eb00268886.jpg\",\"width\":4096,\"height\":3072}},\n\t\t\t\t\"alt\" : \"Eine Gruppe von f\\u00fcnf Personen sitzt an einem runden Tisch und diskutiert kreativ, umgeben von Zeichenmaterial.\",\n\t\t\t\t\"path\" : \"\\\/wp-content\\\/uploads\\\/2026\\\/07\\\/\",\n\t\t\t\t\"video\" : null,\n\t\t\t\t\"autoplay\" : null,\n\t\t\t\t\"youtube\" : null,\n\t\t\t\t\"youtubelabel\" : \"Video abspielen\",\n\t\t\t\t\"brightness\" : 100,\n\t\t\t\t\"crop\" : null,\n\t\t\t\t\"background\" : false,\n\t\t\t\t\"scale\" : 1\t\t\t\t}\n\t\t\t<\/script>\n\n\t\t\t<div class=\"height-container\" style=\"padding-bottom:75%;\" v-if=\"sizes\">\n\t\t\t\t\t\t\t\t<lazy-media :inline=\"true\" :alt=\"alt\" :sizes=\"sizes\" :scale=\"scale\" :brightness=\"brightness\" :path=\"path\" :video=\"video\" :autoplay=\"autoplay\" :youtube=\"youtube\" :crop=\"crop\" :youtubelabel=\"youtubelabel\" :background=\"background\" media-id=\"desc_media_6a98081276398\"><\/lazy-media>\n\t\t\t\t\t\t\t<\/div>\n\n\t\t\t\t\t\t\t<figcaption class=\"\" id=\"desc_media_6a98081276398\">\n\t\t\t\t\t<div class=\"lazy-media-info-body-content\">\n\t\t\t\t\t\t\t\t\t\t\t\t\t<div>Workshop im Rahmen des Ausstellungsprojekts &quot;Popkultur&quot; <\/div>\n\t\t\t\t\t\t\t\t\t\t\t\t\t\t\t\t\t\t\t<div class=\"insignificant\">\u00a9 Stiftung Humboldt Forum im Berliner Schloss, Foto: Aditya Sah<\/div>\n\t\t\t\t\t\t\t\t\t\t\t<\/div>\n\t\t\t\t<\/figcaption>\n\t\t\t\t\t\t\t\t\t<\/figure>\n\t<\/lazy-media-inline>\n\t\t\t\t\t\t\t\t\t\t\t\t\t<\/div>\n\t\t\t\t\t\t\t\t\t\t\t\t<\/div>\n\t\t\t\t\t\t\t\t\t\t\t<\/div>\n\n\t\t\t\t\t\t\t\t\t\t\t\t\t\t\t\t\t\t\t\t\t<\/div>\n\t\t\t\t\t\t\t\t\t<\/div>\n\t\t\t\t\t\t\t\t<\/div>\n\t\t\t\t\t\t\t\t<\/block-accordion-item>\n\t\t\t\t\t\t\t\t\t\t\t\t\t\t<block-accordion-item inline-template item-headline=\"Wie Kinder leben\">\n\t\t\t\t\t\t\t\t<div ref=\"item\" data-id=\"WieKinderleben\" class=\"block-accordion-item vue-initialize\" aria-expanded=\"false\" :aria-expanded=\"active ? 'true' : 'false'\">\n\t\t\t\t\t\t\t\t\t<button class=\"accordion-button-with-icon block-accordion-item-head\" :class=\"{'button-active': active}\" ref=\"head\" aria-controls=\"acc_6a9808127652b\" id=\"acc_title_6a9808127652d\" @click=\"toggle\" @keydown=\"key\">\n\t\t\t\t\t\t\t\t\t<div><span class=\"button-label\">Wie Kinder leben<\/span><\/div><span class=\"button-icon icon-plus\" aria-hidden=\"true\"><\/span>\n\t\t\t\t\t\t\t\t<\/button>\n\t\t\t\t\t\t\t\t\t<div ref=\"body\" class=\"block-accordion-item-content\" id=\"acc_6a9808127652b\" role=\"region\">\n\t\t\t\t\t\t\t\t\t\t<div class=\"wrapper copy\">\n\t\t\t\t\t\t\t\t\t\t\t<p data-local-id=\"a7d12792c749\" data-prosemirror-content-type=\"node\" data-prosemirror-node-name=\"paragraph\" data-prosemirror-node-block=\"true\" data-pm-slice=\"1 1 []\"><strong>18 &#8211; 18:30 Uhr<\/strong><\/p>\n<p data-local-id=\"76794ad1a2c0\" data-prosemirror-content-type=\"node\" data-prosemirror-node-name=\"paragraph\" data-prosemirror-node-block=\"true\" data-pm-slice=\"1 1 []\">Im Workshop tauchen Kita-Kinder ab 5 Jahren in die Lebenswelten von Kindern aus Papua-Neuguinea und Venezuela ein: In kurzen, selbst produzierten Filmclips zeigen uns Kinder aus diesen Regionen, wie sie essen, spielen, Schmuck und Ger\u00e4te herstellen und zuhause mithelfen. Welche Unterschiede, aber auch Gemeinsamkeiten lassen sich zum Alltag der Kinder in Berlin finden? Im zweiten Teil des Workshops erm\u00f6glichen Hands-on-Angebote in den Ausstellungen des Museums, wie ein begehbares Boot aus dem Pazifik oder ein interaktiver Regenwald, einen spielerischen Zugang zu den Lebenswelten der Kinder aus Amazonien und der S\u00fcdsee.<\/p>\n<p data-local-id=\"958ee9f662d4\" data-prosemirror-content-type=\"node\" data-prosemirror-node-name=\"paragraph\" data-prosemirror-node-block=\"true\" data-pm-slice=\"1 1 []\"><strong>Ort<\/strong>: Werkraum 3<\/p>\n\n\t\t\t\t\t\t\t\t\t\t\t\t\t\t\t\t\t\t\t\t\t\t\t\t\t\t\t\t\t\t\t\t\t\t\t\t\t\t\t\t\t\t\t\t\n\t\t\t\t\t\t\t\t\t\t\t<div class=\"row\">\n\t\t\t\t\t\t\t\t\t\t\t\t<div class=\"col-xs-12 col-sm-6\">\n\t\t\t\t\t\t\t\t\t\t\t\t\t<div class=\"box\">\n\t\t\t\t\t\t\t\t\t\t\t\t\t\t\n\t<lazy-media-inline inline-template>\n\t\t<figure itemscope itemtype=\"http:\/\/schema.org\/ImageObject\" class=\"lazy-media-inline \" role=\"group\" id=\"media_6a98081276985\" aria-labelledby=\"desc_media_6a98081276985\">\n\t\t\t<script type=\"application\/json\" ref=\"data\">\n\t\t\t\t{\n\t\t\t\t\"sizes\" : {\"medium\":{\"file\":\"SHF_eb00258932-300x169.jpg\",\"width\":300,\"height\":169,\"mime-type\":\"image\\\/jpeg\",\"filesize\":20325},\"large\":{\"file\":\"SHF_eb00258932-1024x576.jpg\",\"width\":1024,\"height\":576,\"mime-type\":\"image\\\/jpeg\",\"filesize\":183913},\"thumbnail\":{\"file\":\"SHF_eb00258932-150x150.jpg\",\"width\":150,\"height\":150,\"mime-type\":\"image\\\/jpeg\",\"filesize\":9833},\"medium_large\":{\"file\":\"SHF_eb00258932-768x432.jpg\",\"width\":768,\"height\":432,\"mime-type\":\"image\\\/jpeg\",\"filesize\":112686},\"small\":{\"file\":\"SHF_eb00258932-440x248.jpg\",\"width\":440,\"height\":248,\"mime-type\":\"image\\\/jpeg\",\"filesize\":41004},\"semi\":{\"file\":\"SHF_eb00258932-580x326.jpg\",\"width\":580,\"height\":326,\"mime-type\":\"image\\\/jpeg\",\"filesize\":68382},\"mobile\":{\"file\":\"SHF_eb00258932-720x405.jpg\",\"width\":720,\"height\":405,\"mime-type\":\"image\\\/jpeg\",\"filesize\":100600},\"hd\":{\"file\":\"SHF_eb00258932-1280x720.jpg\",\"width\":1280,\"height\":720,\"mime-type\":\"image\\\/jpeg\",\"filesize\":271263},\"full\":{\"file\":\"SHF_eb00258932-1920x1080.jpg\",\"width\":1920,\"height\":1080,\"mime-type\":\"image\\\/jpeg\",\"filesize\":530941},\"1536x1536\":{\"file\":\"SHF_eb00258932-1536x864.jpg\",\"width\":1536,\"height\":864,\"mime-type\":\"image\\\/jpeg\",\"filesize\":360064},\"2048x2048\":{\"file\":\"SHF_eb00258932-2048x1152.jpg\",\"width\":2048,\"height\":1152,\"mime-type\":\"image\\\/jpeg\",\"filesize\":565829},\"original\":{\"file\":\"SHF_eb00258932.jpg\",\"width\":3840,\"height\":2160}},\n\t\t\t\t\"alt\" : \"Ein Junge in blauer Kleidung sitzt im Wald vor einem Baumstamm, umgeben von Pflanzen und Wasser.\",\n\t\t\t\t\"path\" : \"\\\/wp-content\\\/uploads\\\/2026\\\/02\\\/\",\n\t\t\t\t\"video\" : null,\n\t\t\t\t\"autoplay\" : null,\n\t\t\t\t\"youtube\" : null,\n\t\t\t\t\"youtubelabel\" : \"Video abspielen\",\n\t\t\t\t\"brightness\" : 100,\n\t\t\t\t\"crop\" : {\"top\":\"22.47\",\"left\":\"43.08\"},\n\t\t\t\t\"background\" : true,\n\t\t\t\t\"scale\" : 2\t\t\t\t}\n\t\t\t<\/script>\n\n\t\t\t<div class=\"height-container\" style=\"padding-bottom:56.25%;\" v-if=\"sizes\">\n\t\t\t\t\t\t\t\t<lazy-media :inline=\"true\" :alt=\"alt\" :sizes=\"sizes\" :scale=\"scale\" :brightness=\"brightness\" :path=\"path\" :video=\"video\" :autoplay=\"autoplay\" :youtube=\"youtube\" :crop=\"crop\" :youtubelabel=\"youtubelabel\" :background=\"background\" media-id=\"desc_media_6a98081276985\"><\/lazy-media>\n\t\t\t\t\t\t\t<\/div>\n\n\t\t\t\t\t\t\t<figcaption class=\"\" id=\"desc_media_6a98081276985\">\n\t\t\t\t\t<div class=\"lazy-media-info-body-content\">\n\t\t\t\t\t\t\t\t\t\t\t\t\t<div>Filmstill aus dem Kinderfilm &quot;Wir machen einen Ye&rsquo;kwana- Einbaum&quot; <\/div>\n\t\t\t\t\t\t\t\t\t\t\t\t\t\t\t\t\t\t\t<div class=\"insignificant\">\u00a9 Kuyujani Producci\u00f3n Audiovisual, Foto: Kuyujani Lopez.<\/div>\n\t\t\t\t\t\t\t\t\t\t\t<\/div>\n\t\t\t\t<\/figcaption>\n\t\t\t\t\t\t\t\t\t<\/figure>\n\t<\/lazy-media-inline>\n\t\t\t\t\t\t\t\t\t\t\t\t\t<\/div>\n\t\t\t\t\t\t\t\t\t\t\t\t<\/div>\n\t\t\t\t\t\t\t\t\t\t\t<\/div>\n\n\t\t\t\t\t\t\t\t\t\t\t\t\t\t\t\t\t\t\t\t\t<\/div>\n\t\t\t\t\t\t\t\t\t<\/div>\n\t\t\t\t\t\t\t\t<\/div>\n\t\t\t\t\t\t\t\t<\/block-accordion-item>\n\t\t\t\t\t\t\t\t\t\t\t\t\t\t<block-accordion-item inline-template item-headline=\"Schutzwesen. Superkr\u00e4fte der Natur\">\n\t\t\t\t\t\t\t\t<div ref=\"item\" data-id=\"SchutzwesenSuperkrftederNatur\" class=\"block-accordion-item vue-initialize\" aria-expanded=\"false\" :aria-expanded=\"active ? 'true' : 'false'\">\n\t\t\t\t\t\t\t\t\t<button class=\"accordion-button-with-icon block-accordion-item-head\" :class=\"{'button-active': active}\" ref=\"head\" aria-controls=\"acc_6a98081276b50\" id=\"acc_title_6a98081276b51\" @click=\"toggle\" @keydown=\"key\">\n\t\t\t\t\t\t\t\t\t<div><span class=\"button-label\">Schutzwesen. Superkr\u00e4fte der Natur<\/span><\/div><span class=\"button-icon icon-plus\" aria-hidden=\"true\"><\/span>\n\t\t\t\t\t\t\t\t<\/button>\n\t\t\t\t\t\t\t\t\t<div ref=\"body\" class=\"block-accordion-item-content\" id=\"acc_6a98081276b50\" role=\"region\">\n\t\t\t\t\t\t\t\t\t\t<div class=\"wrapper copy\">\n\t\t\t\t\t\t\t\t\t\t\t<p data-local-id=\"a7d12792c749\" data-prosemirror-content-type=\"node\" data-prosemirror-node-name=\"paragraph\" data-prosemirror-node-block=\"true\" data-pm-slice=\"1 1 []\"><strong>19 &#8211; 19:30 Uhr<\/strong><\/p>\n<p data-local-id=\"c3ffd7444473\" data-prosemirror-content-type=\"node\" data-prosemirror-node-name=\"paragraph\" data-prosemirror-node-block=\"true\" data-pm-slice=\"1 1 []\">Das immersive Panorama der K\u00fcnstlerin Yorleny Cardozo Pe\u00f1a veranschaulicht lebendig die Flora und Fauna im kolumbianischen Gebirgsmassiv sowie jahrtausendealte W\u00e4chterfiguren. In einem k\u00fcnstlerischen Labor erforschen die Sch\u00fcler*innen die Superkr\u00e4fte der Tiere, betrachten Insekten und Pflanzen mit digitalen Mikroskopen, lernen die lebenswichtige Bedeutung der Artenvielfalt kennen und gestalten ein eigenes, dreidimensionales Schutzwesen.<\/p>\n<p data-local-id=\"57035c2aef73\" data-prosemirror-content-type=\"node\" data-prosemirror-node-name=\"paragraph\" data-prosemirror-node-block=\"true\">Der Workshop ist entstanden als Teil einer Zusammenarbeit zwischen dem Instituto Colombiano de Antropolog\u00eda e Historia (ICANH) sowie <a href=\"https:\/\/comuse.org\/projekt\/schutzwesen-superkraefte-der-natur-ein-kuenstlerisches-forschungslabor-zum-thema-artenschutz-fuer-kinder-aus-san-agustin-und-berlin\" data-prosemirror-content-type=\"mark\" data-prosemirror-mark-name=\"link\"><u data-prosemirror-content-type=\"mark\" data-prosemirror-mark-name=\"underline\">CoMuse<\/u><\/a>, dem Kollaborativen Museum am <a href=\"https:\/\/www.humboldtforum.org\/de\/programm\/dauerangebot\/ausstellung\/ethnologische-sammlungen-und-asiatische-kunst-46021\/\">Ethnologischen Museum und dem Museum f\u00fcr Asiatische Kunst<\/a> in Berlin. Er m\u00f6chte die Kinder bef\u00e4higen, ihre eigenen \u201eSuperkr\u00e4fte\u201c zu entdecken, um sich nicht ohnm\u00e4chtig angesichts von Klimawandel und Artensterben zu f\u00fchlen.<\/p>\n<p data-local-id=\"958ee9f662d4\" data-prosemirror-content-type=\"node\" data-prosemirror-node-name=\"paragraph\" data-prosemirror-node-block=\"true\" data-pm-slice=\"1 1 []\"><strong>Ort<\/strong>: Werkraum 3<\/p>\n\n\t\t\t\t\t\t\t\t\t\t\t\t\t\t\t\t\t\t\t\t\t\t\t\t\t\t\t\t\t\t\t\t\t\t\t\t\t\t\t\t\t\t\t\t\n\t\t\t\t\t\t\t\t\t\t\t<div class=\"row\">\n\t\t\t\t\t\t\t\t\t\t\t\t<div class=\"col-xs-12 col-sm-6\">\n\t\t\t\t\t\t\t\t\t\t\t\t\t<div class=\"box\">\n\t\t\t\t\t\t\t\t\t\t\t\t\t\t\n\t<lazy-media-inline inline-template>\n\t\t<figure itemscope itemtype=\"http:\/\/schema.org\/ImageObject\" class=\"lazy-media-inline \" role=\"group\" id=\"media_6a98081276ec0\" aria-labelledby=\"desc_media_6a98081276ec0\">\n\t\t\t<script type=\"application\/json\" ref=\"data\">\n\t\t\t\t{\n\t\t\t\t\"sizes\" : {\"medium\":{\"file\":\"SHF_eb00248690-2-300x200.jpg\",\"width\":300,\"height\":200,\"mime-type\":\"image\\\/jpeg\",\"filesize\":16922},\"large\":{\"file\":\"SHF_eb00248690-2-1024x683.jpg\",\"width\":1024,\"height\":683,\"mime-type\":\"image\\\/jpeg\",\"filesize\":134844},\"thumbnail\":{\"file\":\"SHF_eb00248690-2-150x150.jpg\",\"width\":150,\"height\":150,\"mime-type\":\"image\\\/jpeg\",\"filesize\":7969},\"medium_large\":{\"file\":\"SHF_eb00248690-2-768x512.jpg\",\"width\":768,\"height\":512,\"mime-type\":\"image\\\/jpeg\",\"filesize\":82036},\"small\":{\"file\":\"SHF_eb00248690-2-440x293.jpg\",\"width\":440,\"height\":293,\"mime-type\":\"image\\\/jpeg\",\"filesize\":32539},\"semi\":{\"file\":\"SHF_eb00248690-2-580x387.jpg\",\"width\":580,\"height\":387,\"mime-type\":\"image\\\/jpeg\",\"filesize\":51910},\"mobile\":{\"file\":\"SHF_eb00248690-2-720x480.jpg\",\"width\":720,\"height\":480,\"mime-type\":\"image\\\/jpeg\",\"filesize\":73621},\"hd\":{\"file\":\"SHF_eb00248690-2-1280x853.jpg\",\"width\":1280,\"height\":853,\"mime-type\":\"image\\\/jpeg\",\"filesize\":196839},\"full\":{\"file\":\"SHF_eb00248690-2-1920x1280.jpg\",\"width\":1920,\"height\":1280,\"mime-type\":\"image\\\/jpeg\",\"filesize\":396517},\"xxl\":{\"file\":\"SHF_eb00248690-2-4048x2698.jpg\",\"width\":4048,\"height\":2698,\"mime-type\":\"image\\\/jpeg\",\"filesize\":1574223},\"1536x1536\":{\"file\":\"SHF_eb00248690-2-1536x1024.jpg\",\"width\":1536,\"height\":1024,\"mime-type\":\"image\\\/jpeg\",\"filesize\":267920},\"2048x2048\":{\"file\":\"SHF_eb00248690-2-2048x1365.jpg\",\"width\":2048,\"height\":1365,\"mime-type\":\"image\\\/jpeg\",\"filesize\":446123},\"original\":{\"file\":\"SHF_eb00248690-2.jpg\",\"width\":5470,\"height\":3646}},\n\t\t\t\t\"alt\" : \"Kunstinstallation mit dekorativem Hintergrund aus Natur und arch\\u00e4ologischen Elementen, w\\u00e4hrend eine Person spricht.\",\n\t\t\t\t\"path\" : \"\\\/wp-content\\\/uploads\\\/2026\\\/07\\\/\",\n\t\t\t\t\"video\" : null,\n\t\t\t\t\"autoplay\" : null,\n\t\t\t\t\"youtube\" : null,\n\t\t\t\t\"youtubelabel\" : \"Video abspielen\",\n\t\t\t\t\"brightness\" : 100,\n\t\t\t\t\"crop\" : null,\n\t\t\t\t\"background\" : true,\n\t\t\t\t\"scale\" : 2\t\t\t\t}\n\t\t\t<\/script>\n\n\t\t\t<div class=\"height-container\" style=\"padding-bottom:66.654478976234%;\" v-if=\"sizes\">\n\t\t\t\t\t\t\t\t<lazy-media :inline=\"true\" :alt=\"alt\" :sizes=\"sizes\" :scale=\"scale\" :brightness=\"brightness\" :path=\"path\" :video=\"video\" :autoplay=\"autoplay\" :youtube=\"youtube\" :crop=\"crop\" :youtubelabel=\"youtubelabel\" :background=\"background\" media-id=\"desc_media_6a98081276ec0\"><\/lazy-media>\n\t\t\t\t\t\t\t<\/div>\n\n\t\t\t\t\t\t\t<figcaption class=\"\" id=\"desc_media_6a98081276ec0\">\n\t\t\t\t\t<div class=\"lazy-media-info-body-content\">\n\t\t\t\t\t\t\t\t\t\t\t\t\t<div>Yorleny Cardozo Pe&ntilde;a vor ihrer k&uuml;nstlerischen Intervention &quot;Die Stimme der Berge \/ La voz de la Monta&ntilde;a&quot; <\/div>\n\t\t\t\t\t\t\t\t\t\t\t\t\t\t\t\t\t\t\t<div class=\"insignificant\">\u00a9 Staatliche Museen zu Berlin, Foto: Pierre Adenis<\/div>\n\t\t\t\t\t\t\t\t\t\t\t<\/div>\n\t\t\t\t<\/figcaption>\n\t\t\t\t\t\t\t\t\t<\/figure>\n\t<\/lazy-media-inline>\n\t\t\t\t\t\t\t\t\t\t\t\t\t<\/div>\n\t\t\t\t\t\t\t\t\t\t\t\t<\/div>\n\t\t\t\t\t\t\t\t\t\t\t<\/div>\n\n\t\t\t\t\t\t\t\t\t\t\t\t\t\t\t\t\t\t\t\t\t<\/div>\n\t\t\t\t\t\t\t\t\t<\/div>\n\t\t\t\t\t\t\t\t<\/div>\n\t\t\t\t\t\t\t\t<\/block-accordion-item>\n\t\t\t\t\t\t\t\t\t\t\t\t\t\t<block-accordion-item inline-template item-headline=\"Arch\u00e4ologie meets Schule\">\n\t\t\t\t\t\t\t\t<div ref=\"item\" data-id=\"ArchologiemeetsSchule\" class=\"block-accordion-item vue-initialize\" aria-expanded=\"false\" :aria-expanded=\"active ? 'true' : 'false'\">\n\t\t\t\t\t\t\t\t\t<button class=\"accordion-button-with-icon block-accordion-item-head\" :class=\"{'button-active': active}\" ref=\"head\" aria-controls=\"acc_6a98081277064\" id=\"acc_title_6a98081277066\" @click=\"toggle\" @keydown=\"key\">\n\t\t\t\t\t\t\t\t\t<div><span class=\"button-label\">Arch\u00e4ologie meets Schule<\/span><\/div><span class=\"button-icon icon-plus\" aria-hidden=\"true\"><\/span>\n\t\t\t\t\t\t\t\t<\/button>\n\t\t\t\t\t\t\t\t\t<div ref=\"body\" class=\"block-accordion-item-content\" id=\"acc_6a98081277064\" role=\"region\">\n\t\t\t\t\t\t\t\t\t\t<div class=\"wrapper copy\">\n\t\t\t\t\t\t\t\t\t\t\t<p data-local-id=\"a7d12792c749\" data-prosemirror-content-type=\"node\" data-prosemirror-node-name=\"paragraph\" data-prosemirror-node-block=\"true\" data-pm-slice=\"1 1 []\"><strong>19 &#8211; 19:30 Uhr<\/strong><\/p>\n<p data-local-id=\"69d913d50d1c\" data-prosemirror-content-type=\"node\" data-prosemirror-node-name=\"paragraph\" data-prosemirror-node-block=\"true\" data-pm-slice=\"1 1 []\">Was erz\u00e4hlt Arch\u00e4ologie \u00fcber die Entwicklung einer Stadt? Welche Akteure, Ideen und Weichenstellungen waren und sind dabei wirksam? Und wie lassen sich diese anschaulich und mit Gegenwartsbezug gemeinsam mit Sch\u00fcler*innen erschlie\u00dfen? Das Praxisseminar stellt Themen und Methoden des Projekttags zum Arch\u00e4ologischen Pfad vor, der in Kooperation zwischen dem PETRI Berlin und der Stiftung Humboldt Forum durchgef\u00fchrt wird.<\/p>\n<p data-local-id=\"958ee9f662d4\" data-prosemirror-content-type=\"node\" data-prosemirror-node-name=\"paragraph\" data-prosemirror-node-block=\"true\" data-pm-slice=\"1 1 []\"><strong>Ort<\/strong>: Werkraum 1<\/p>\n\n\t\t\t\t\t\t\t\t\t\t\t\t\t\t\t\t\t\t\t\t\t\t\t\t\t\t\t\t\t\t\t\t\t\t\t\t\t\t\t\t\t\t\t\t\n\t\t\t\t\t\t\t\t\t\t\t<div class=\"row\">\n\t\t\t\t\t\t\t\t\t\t\t\t<div class=\"col-xs-9 col-md-9\">\n\t\t\t\t\t\t\t\t\t\t\t\t\t<div class=\"box\">\n\t\t\t\t\t\t\t\t\t\t\t\t\t\t\t\t\t\t\t\t\t\t\t\t\t\t\t<\/div>\n\t\t\t\t\t\t\t\t\t\t\t\t<\/div>\n\t\t\t\t\t\t\t\t\t\t\t<\/div>\n\n\t\t\t\t\t\t\t\t\t\t\t\t\t\t\t\t\t\t\t\t\t<\/div>\n\t\t\t\t\t\t\t\t\t<\/div>\n\t\t\t\t\t\t\t\t<\/div>\n\t\t\t\t\t\t\t\t<\/block-accordion-item>\n\t\t\t\t\t\t\t\t\t\t\t\t\t\t<block-accordion-item inline-template item-headline=\"Ausblick Jahresthema \u201cMein. Dein. Unser?! \u201c\">\n\t\t\t\t\t\t\t\t<div ref=\"item\" data-id=\"AusblickJahresthemaMeinDeinUnser\" class=\"block-accordion-item vue-initialize\" aria-expanded=\"false\" :aria-expanded=\"active ? 'true' : 'false'\">\n\t\t\t\t\t\t\t\t\t<button class=\"accordion-button-with-icon block-accordion-item-head\" :class=\"{'button-active': active}\" ref=\"head\" aria-controls=\"acc_6a98081277222\" id=\"acc_title_6a98081277224\" @click=\"toggle\" @keydown=\"key\">\n\t\t\t\t\t\t\t\t\t<div><span class=\"button-label\">Ausblick Jahresthema \u201cMein. Dein. Unser?! \u201c<\/span><\/div><span class=\"button-icon icon-plus\" aria-hidden=\"true\"><\/span>\n\t\t\t\t\t\t\t\t<\/button>\n\t\t\t\t\t\t\t\t\t<div ref=\"body\" class=\"block-accordion-item-content\" id=\"acc_6a98081277222\" role=\"region\">\n\t\t\t\t\t\t\t\t\t\t<div class=\"wrapper copy\">\n\t\t\t\t\t\t\t\t\t\t\t<p data-local-id=\"a7d12792c749\" data-prosemirror-content-type=\"node\" data-prosemirror-node-name=\"paragraph\" data-prosemirror-node-block=\"true\" data-pm-slice=\"1 1 []\"><strong>19 &#8211; 19:30 Uhr<\/strong><\/p>\n<p data-local-id=\"00b85a2e8f26\" data-prosemirror-content-type=\"node\" data-prosemirror-node-name=\"paragraph\" data-prosemirror-node-block=\"true\" data-pm-slice=\"1 1 []\">Welchen Einfluss haben Eigentum und Erbe auf Chancen, Identit\u00e4ten, Verantwortungen und die Zukunft? Was bedeuten Eigentum und Erbe, wenn Ressourcen knapper und Anspr\u00fcche gr\u00f6\u00dfer werden? Wie beeinflussen historische Ungleichheiten den Zugang zu Macht, Raum, Wohlstand und sogar Lebensnotwendigem? Die Welt ist von Verteilungsk\u00e4mpfen gepr\u00e4gt und die Frage nach Eigentum und Erbe darin zentral.<\/p>\n<p data-local-id=\"65f7d41d7609\" data-prosemirror-content-type=\"node\" data-prosemirror-node-name=\"paragraph\" data-prosemirror-node-block=\"true\">\u201cMein. Dein. Unser?!\u201d ist 2028 das Jahresthema im Humboldt Forum und widmet sich in Ausstellungen, Veranstaltungen und Bildungsformaten der Frage nach Eigentum und Erbe. Es geht um den Umgang mit Natur- und Kulturerbe aus globalen und lokalen Perspektiven. Im Fokus stehen Themen wie lebensnotwendige Ressourcen Wasser und Erde, Eigentums- und Besitzkonzepte in verschiedenen Gesellschaften, Stadt und Zusammenleben, kulturelle Aneignung und Praktiken, Herkunft der Sammlungen in Museen und der Umgang mit m\u00f6glichen R\u00fcckgaben. Das Praxisseminar gibt Einblicke in das Jahresthema und die Angebote der Bildung und Vermittlung.<\/p>\n<p data-local-id=\"958ee9f662d4\" data-prosemirror-content-type=\"node\" data-prosemirror-node-name=\"paragraph\" data-prosemirror-node-block=\"true\" data-pm-slice=\"1 1 []\"><strong>Ort<\/strong>: Werkraum 2<\/p>\n\n\t\t\t\t\t\t\t\t\t\t\t\t\t\t\t\t\t\t\t\t\t\t\t\t\t\t\t\t\t\t\t\t\t\t\t\t\t\t\t\t\t\t\t\t\n\t\t\t\t\t\t\t\t\t\t\t<div class=\"row\">\n\t\t\t\t\t\t\t\t\t\t\t\t<div class=\"col-xs-9 col-md-9\">\n\t\t\t\t\t\t\t\t\t\t\t\t\t<div class=\"box\">\n\t\t\t\t\t\t\t\t\t\t\t\t\t\t\t\t\t\t\t\t\t\t\t\t\t\t\t<\/div>\n\t\t\t\t\t\t\t\t\t\t\t\t<\/div>\n\t\t\t\t\t\t\t\t\t\t\t<\/div>\n\n\t\t\t\t\t\t\t\t\t\t\t\t\t\t\t\t\t\t\t\t\t<\/div>\n\t\t\t\t\t\t\t\t\t<\/div>\n\t\t\t\t\t\t\t\t<\/div>\n\t\t\t\t\t\t\t\t<\/block-accordion-item>\n\t\t\t\t\t\t\t\t\t\t\t\t\t\t<block-accordion-item inline-template item-headline=\"Future or Fiction? Virtual Reality f\u00fcr Schulklassen\">\n\t\t\t\t\t\t\t\t<div ref=\"item\" data-id=\"FutureorFictionVirtualRealityfrSchulklassen\" class=\"block-accordion-item vue-initialize\" aria-expanded=\"false\" :aria-expanded=\"active ? 'true' : 'false'\">\n\t\t\t\t\t\t\t\t\t<button class=\"accordion-button-with-icon block-accordion-item-head\" :class=\"{'button-active': active}\" ref=\"head\" aria-controls=\"acc_6a980812773ed\" id=\"acc_title_6a980812773ee\" @click=\"toggle\" @keydown=\"key\">\n\t\t\t\t\t\t\t\t\t<div><span class=\"button-label\">Future or Fiction? Virtual Reality f\u00fcr Schulklassen<\/span><\/div><span class=\"button-icon icon-plus\" aria-hidden=\"true\"><\/span>\n\t\t\t\t\t\t\t\t<\/button>\n\t\t\t\t\t\t\t\t\t<div ref=\"body\" class=\"block-accordion-item-content\" id=\"acc_6a980812773ed\" role=\"region\">\n\t\t\t\t\t\t\t\t\t\t<div class=\"wrapper copy\">\n\t\t\t\t\t\t\t\t\t\t\t<p data-local-id=\"a7d12792c749\" data-prosemirror-content-type=\"node\" data-prosemirror-node-name=\"paragraph\" data-prosemirror-node-block=\"true\" data-pm-slice=\"1 1 []\"><strong>19 &#8211; 19:30 Uhr<\/strong><\/p>\n<p data-local-id=\"ecb06b0eb1e0\" data-prosemirror-content-type=\"node\" data-prosemirror-node-name=\"paragraph\" data-prosemirror-node-block=\"true\" data-pm-slice=\"1 1 []\">Was w\u00e4re, wenn niemand mehr arbeiten m\u00fcsste? Aliens auf der Erde landen w\u00fcrden? Tiere nicht mehr eingesperrt werden d\u00fcrften? Im buchbaren Schulworkshop \u201eFuture or Fiction?\u201c f\u00fcr die 5. bis 10. Klasse stellen die Sch\u00fcler*innen Gewohntes und Allt\u00e4gliches infrage und gestalten ihre Ideen als virtuelle Welten. Das Praxis-Seminar gibt einen Einblick in Ablauf, Material und Methodik des Workshops und bietet die M\u00f6glichkeit, die eingesetzte Hard- und Software selbst zu erproben.<\/p>\n<p data-local-id=\"958ee9f662d4\" data-prosemirror-content-type=\"node\" data-prosemirror-node-name=\"paragraph\" data-prosemirror-node-block=\"true\" data-pm-slice=\"1 1 []\"><strong>Ort<\/strong>: Werkraum 8<\/p>\n\n\t\t\t\t\t\t\t\t\t\t\t\t\t\t\t\t\t\t\t\t\t\t\t\t\t\t\t\t\t\t\t\t\t\t\t\t\t\t\t\t\t\t\t\t\n\t\t\t\t\t\t\t\t\t\t\t<div class=\"row\">\n\t\t\t\t\t\t\t\t\t\t\t\t<div class=\"col-xs-12 col-sm-6\">\n\t\t\t\t\t\t\t\t\t\t\t\t\t<div class=\"box\">\n\t\t\t\t\t\t\t\t\t\t\t\t\t\t\n\t<lazy-media-inline inline-template>\n\t\t<figure itemscope itemtype=\"http:\/\/schema.org\/ImageObject\" class=\"lazy-media-inline \" role=\"group\" id=\"media_6a9808127780c\" aria-labelledby=\"desc_media_6a9808127780c\">\n\t\t\t<script type=\"application\/json\" ref=\"data\">\n\t\t\t\t{\n\t\t\t\t\"sizes\" : {\"medium\":{\"file\":\"SHF_eb00236945-300x200.jpg\",\"width\":300,\"height\":200,\"mime-type\":\"image\\\/jpeg\",\"filesize\":15748},\"large\":{\"file\":\"SHF_eb00236945-1024x683.jpg\",\"width\":1024,\"height\":683,\"mime-type\":\"image\\\/jpeg\",\"filesize\":107290},\"thumbnail\":{\"file\":\"SHF_eb00236945-150x150.jpg\",\"width\":150,\"height\":150,\"mime-type\":\"image\\\/jpeg\",\"filesize\":7663},\"medium_large\":{\"file\":\"SHF_eb00236945-768x512.jpg\",\"width\":768,\"height\":512,\"mime-type\":\"image\\\/jpeg\",\"filesize\":68849},\"small\":{\"file\":\"SHF_eb00236945-440x293.jpg\",\"width\":440,\"height\":293,\"mime-type\":\"image\\\/jpeg\",\"filesize\":28941},\"semi\":{\"file\":\"SHF_eb00236945-580x387.jpg\",\"width\":580,\"height\":387,\"mime-type\":\"image\\\/jpeg\",\"filesize\":44879},\"mobile\":{\"file\":\"SHF_eb00236945-720x480.jpg\",\"width\":720,\"height\":480,\"mime-type\":\"image\\\/jpeg\",\"filesize\":62063},\"hd\":{\"file\":\"SHF_eb00236945-1280x853.jpg\",\"width\":1280,\"height\":853,\"mime-type\":\"image\\\/jpeg\",\"filesize\":151819},\"full\":{\"file\":\"SHF_eb00236945-1920x1280.jpg\",\"width\":1920,\"height\":1280,\"mime-type\":\"image\\\/jpeg\",\"filesize\":290668},\"xxl\":{\"file\":\"SHF_eb00236945-4048x2699.jpg\",\"width\":4048,\"height\":2699,\"mime-type\":\"image\\\/jpeg\",\"filesize\":1192784},\"1536x1536\":{\"file\":\"SHF_eb00236945-1536x1024.jpg\",\"width\":1536,\"height\":1024,\"mime-type\":\"image\\\/jpeg\",\"filesize\":202009},\"2048x2048\":{\"file\":\"SHF_eb00236945-2048x1365.jpg\",\"width\":2048,\"height\":1365,\"mime-type\":\"image\\\/jpeg\",\"filesize\":323761},\"original\":{\"file\":\"SHF_eb00236945.jpg\",\"width\":5988,\"height\":3992}},\n\t\t\t\t\"alt\" : \"Frau pr\\u00e4sentiert in modernem Seminarraum vor Gruppe, w\\u00e4hrend Informationen auf Bildschirm angezeigt werden.\",\n\t\t\t\t\"path\" : \"\\\/wp-content\\\/uploads\\\/2023\\\/10\\\/\",\n\t\t\t\t\"video\" : null,\n\t\t\t\t\"autoplay\" : null,\n\t\t\t\t\"youtube\" : null,\n\t\t\t\t\"youtubelabel\" : \"Video abspielen\",\n\t\t\t\t\"brightness\" : 100,\n\t\t\t\t\"crop\" : {\"top\":\"50.00\",\"left\":\"50.00\"},\n\t\t\t\t\"background\" : true,\n\t\t\t\t\"scale\" : 2\t\t\t\t}\n\t\t\t<\/script>\n\n\t\t\t<div class=\"height-container\" style=\"padding-bottom:66.666666666667%;\" v-if=\"sizes\">\n\t\t\t\t\t\t\t\t<lazy-media :inline=\"true\" :alt=\"alt\" :sizes=\"sizes\" :scale=\"scale\" :brightness=\"brightness\" :path=\"path\" :video=\"video\" :autoplay=\"autoplay\" :youtube=\"youtube\" :crop=\"crop\" :youtubelabel=\"youtubelabel\" :background=\"background\" media-id=\"desc_media_6a9808127780c\"><\/lazy-media>\n\t\t\t\t\t\t\t<\/div>\n\n\t\t\t\t\t\t\t<figcaption class=\"\" id=\"desc_media_6a9808127780c\">\n\t\t\t\t\t<div class=\"lazy-media-info-body-content\">\n\t\t\t\t\t\t\t\t\t\t\t\t\t<div>&quot;Future or Fiction? Virtual Reality f&uuml;r Schulklassen&quot;.\nSeminar w&auml;hrend der Teachers&#039; Night 2024.<\/div>\n\t\t\t\t\t\t\t\t\t\t\t\t\t\t\t\t\t\t\t<div class=\"insignificant\">\u00a9 Stiftung Humboldt Forum im Berliner Schloss, Foto: Pierre Adenis<\/div>\n\t\t\t\t\t\t\t\t\t\t\t<\/div>\n\t\t\t\t<\/figcaption>\n\t\t\t\t\t\t\t\t\t<\/figure>\n\t<\/lazy-media-inline>\n\t\t\t\t\t\t\t\t\t\t\t\t\t<\/div>\n\t\t\t\t\t\t\t\t\t\t\t\t<\/div>\n\t\t\t\t\t\t\t\t\t\t\t<\/div>\n\n\t\t\t\t\t\t\t\t\t\t\t\t\t\t\t\t\t\t\t\t\t<\/div>\n\t\t\t\t\t\t\t\t\t<\/div>\n\t\t\t\t\t\t\t\t<\/div>\n\t\t\t\t\t\t\t\t<\/block-accordion-item>\n\t\t\t\t\t\t\t\t\t\t\t\t\t<\/div>\n\t\t\t\t\t\t<\/block-accordion>\n\t\t\t\t\t\t\t\t\t<\/div>\n\t\t\t<\/div>\n\t\t<\/div>\n\t<\/div>\n<\/section>\n\n\n\n<section class=\"block block-gallery\">\n\t<div class=\"container-fluid\">\n\t\t<div class=\"row center-xs\">\n\t\t\t<div class=\"col-xs-12\">\n\t\t\t\t<div class=\"box text-align-left\">\n\t\t\t\t\t<block-gallery inline-template>\n\t\t\t\t\t\t<div :class=\"{ firstLoaded: firstLoaded }\">\n\t\t\t\t\t\t\t<script type=\"application\/json\" ref=\"data\">\n\t\t\t\t\t\t\t{\n\t\t\t\t\t\t\t\t\"images\" : [{\"id\":0,\"width\":1280,\"height\":853,\"alt\":\"Gruppe von Personen sitzt um einen Tisch, w&auml;hrend auf einem Bildschirm eine Pr&auml;sentation gezeigt wird.\",\"title\":\"\",\"description\":\"\",\"label\":\"\\tSeminar &quot;Future or Fiction? Virtual Reality f&uuml;r Schulklassen&quot; w&auml;hrend der Teachers&#039; Night 2024\",\"copyright\":\"\\tStiftung Humboldt Forum im Berliner Schloss, Foto: Pierre Adenis\",\"path\":\"\\\/wp-content\\\/uploads\\\/2026\\\/07\\\/\",\"sizes\":{\"medium\":{\"file\":\"SHF_eb00236948-300x200.jpg\",\"width\":300,\"height\":200,\"mime-type\":\"image\\\/jpeg\",\"filesize\":16847},\"large\":{\"file\":\"SHF_eb00236948-1024x682.jpg\",\"width\":1024,\"height\":682,\"mime-type\":\"image\\\/jpeg\",\"filesize\":104605},\"thumbnail\":{\"file\":\"SHF_eb00236948-150x150.jpg\",\"width\":150,\"height\":150,\"mime-type\":\"image\\\/jpeg\",\"filesize\":8098},\"medium_large\":{\"file\":\"SHF_eb00236948-768x512.jpg\",\"width\":768,\"height\":512,\"mime-type\":\"image\\\/jpeg\",\"filesize\":68986},\"small\":{\"file\":\"SHF_eb00236948-440x293.jpg\",\"width\":440,\"height\":293,\"mime-type\":\"image\\\/jpeg\",\"filesize\":30648},\"semi\":{\"file\":\"SHF_eb00236948-580x387.jpg\",\"width\":580,\"height\":387,\"mime-type\":\"image\\\/jpeg\",\"filesize\":46139},\"mobile\":{\"file\":\"SHF_eb00236948-720x480.jpg\",\"width\":720,\"height\":480,\"mime-type\":\"image\\\/jpeg\",\"filesize\":62843},\"original\":{\"file\":\"SHF_eb00236948.jpg\",\"width\":1280,\"height\":853}}},{\"id\":1,\"width\":1280,\"height\":853,\"alt\":\"Zwei Frauen pr&auml;sentieren vor einer Gruppe Zuh&ouml;rer, die auf einen Bildschirm mit Bildern schauen.\",\"title\":\"\",\"description\":\"\",\"label\":\"Seminar &quot;Waldwesen und Steinskulpturen. Angebote f&uuml;r Kita und Grundschule&quot; w&auml;hrend der Teachers&#039; Night 2024\",\"copyright\":\"Stiftung Humboldt Forum im Berliner Schloss, Foto: Pierre Adenis\",\"path\":\"\\\/wp-content\\\/uploads\\\/2026\\\/01\\\/\",\"sizes\":{\"medium\":{\"file\":\"SHF_eb00236942-300x200.jpg\",\"width\":300,\"height\":200,\"mime-type\":\"image\\\/jpeg\",\"filesize\":14457},\"large\":{\"file\":\"SHF_eb00236942-1024x682.jpg\",\"width\":1024,\"height\":682,\"mime-type\":\"image\\\/jpeg\",\"filesize\":83440},\"thumbnail\":{\"file\":\"SHF_eb00236942-150x150.jpg\",\"width\":150,\"height\":150,\"mime-type\":\"image\\\/jpeg\",\"filesize\":6673},\"medium_large\":{\"file\":\"SHF_eb00236942-768x512.jpg\",\"width\":768,\"height\":512,\"mime-type\":\"image\\\/jpeg\",\"filesize\":55097},\"small\":{\"file\":\"SHF_eb00236942-440x293.jpg\",\"width\":440,\"height\":293,\"mime-type\":\"image\\\/jpeg\",\"filesize\":24938},\"semi\":{\"file\":\"SHF_eb00236942-580x387.jpg\",\"width\":580,\"height\":387,\"mime-type\":\"image\\\/jpeg\",\"filesize\":37639},\"mobile\":{\"file\":\"SHF_eb00236942-720x480.jpg\",\"width\":720,\"height\":480,\"mime-type\":\"image\\\/jpeg\",\"filesize\":50017},\"original\":{\"file\":\"SHF_eb00236942.jpg\",\"width\":1280,\"height\":853}}}]\t\t\t\t\t\t\t}\n\t\t\t\t\t\t\t<\/script>\n\n\t\t\t\t\t\t\t<swiper :options=\"options\" @slide-change=\"track\">\n\t\t\t\t\t\t\t\t<div class=\"swiper-slide\" :key=\"image.id\" v-for=\"image in images\">\n\t\t\t\t\t\t\t\t\t<block-gallery-item inline-template :image=\"image\">\n\t\t\t\t\t\t\t\t\t\t<figure class=\"swiper-slide-image-wrapper\" ref=\"parent\">\n\t\t\t\t\t\t\t\t\t\t\t<div class=\"width-container\" ref=\"container\" :style=\"style\">\n\t\t\t\t\t\t\t\t\t\t\t\t<div data-swiper-parallax-x=\"50%\">\n\t\t\t\t\t\t\t\t\t\t\t\t<img :src=\"image.src\" :alt=\"image.alt\" v-if=\"image.id < 2\">\n\t\t\t\t\t\t\t\t\t\t\t\t<img class=\"swiper-lazy\" :data-src=\"image.src\" :alt=\"image.alt\" v-else>\n\t\t\t\t\t\t\t\t\t\t\t\t<\/div>\n\t\t\t\t\t\t\t\t\t\t\t<\/div>\n\t\t\t\t\t\t\t\t\t\t<\/figure>\n\t\t\t\t\t\t\t\t\t<\/block-gallery-item>\n\n\t\t\t\t\t\t\t\t\t<figcaption>\n\t\t\t\t\t\t\t\t\t\t<div class=\"lazy-media-info-body-content\">\n\t\t\t\t\t\t\t\t\t\t\t<div v-if=\"image.label\" v-html=\"image.label\"><\/div>\n\t\t\t\t\t\t\t\t\t\t\t<div v-else-if=\"image.description\" v-html=\"image.description\"><\/div>\n\t\t\t\t\t\t\t\t\t\t\t<div class=\"insignificant\" v-if=\"image.copyright\" v-html=\"'\u00a9 '+image.copyright\"><\/div>\n\t\t\t\t\t\t\t\t\t\t<\/div>\n\t\t\t\t\t\t\t\t\t<\/figcaption>\n\t\t\t\t\t\t\t\t<\/div>\n\n\t\t\t\t\t\t\t\t<div class=\"swiper-pagination\"  slot=\"pagination\"><\/div>\n\n\t\t\t\t\t\t\t\t<button class=\"icon-round swiper-button-prev\" slot=\"button-prev\" aria-label=\"Vorheriges Bild\">\n\t\t\t\t\t\t\t\t\t<span class=\"icon-next\" aria-hidden=\"true\"><\/span>\n\t\t\t\t\t\t\t\t<\/button>\n\n\t\t\t\t\t\t\t\t<button class=\"icon-round swiper-button-next\" slot=\"button-next\" aria-label=\"N\u00e4chstes Bild\">\n\t\t\t\t\t\t\t\t\t<span class=\"icon-next\" aria-hidden=\"true\"><\/span>\n\t\t\t\t\t\t\t\t<\/button>\n\t\t\t\t\t\t\t<\/swiper>\n\t\t\t\t\t\t<\/div>\n\t\t\t\t\t<\/block-gallery>\n\t\t\t\t<\/div>\n\t\t\t<\/div>\n\t\t<\/div>\n\t<\/div>\n<\/section>\n\n<section class=\"block block-headline block-no-margin \"  id='beteiligte' data-anchor='Beteiligte'>\n\t<div class=\"container-fluid\">\n\t\t<div class=\"row\">\n\t\t\t\t\t\t\t<div class=\"col-xs-12 col-md-offset-2 col-md-8\">\n\t\t\t\t\t<div class=\"box\">\n\t\t\t\t\t\t<h2 class=\".h4\">Beteiligte<\/h2>\n\t\t\t\t\t<\/div>\n\t\t\t\t<\/div>\n\t\t\t\t\t<\/div>\n\t<\/div>\n<\/section>\n\n\n\n\n\n<section class=\"block block-accordion\">\n\t<div class=\"container-fluid\">\n\t\t<div class=\"row\">\n\t\t\t<div class=\"col-xs-12 col-md-offset-2 col-md-8\">\n\t\t\t\t<div class=\"box\">\n\t\t\t\t\t\t\t\t\t\t\t<block-accordion inline-template>\n\t\t\t\t\t\t\t<div class=\"accordion\">\n\t\t\t\t\t\t\t\t\t\t\t\t\t\t\t<block-accordion-item inline-template item-headline=\"David Dibiah \">\n\t\t\t\t\t\t\t\t<div ref=\"item\" data-id=\"DavidDibiah\" class=\"block-accordion-item vue-initialize\" aria-expanded=\"false\" :aria-expanded=\"active ? 'true' : 'false'\">\n\t\t\t\t\t\t\t\t\t<button class=\"accordion-button-with-icon block-accordion-item-head\" :class=\"{'button-active': active}\" ref=\"head\" aria-controls=\"acc_6a9808127a542\" id=\"acc_title_6a9808127a544\" @click=\"toggle\" @keydown=\"key\">\n\t\t\t\t\t\t\t\t\t<div><span class=\"button-label\">David Dibiah <\/span><\/div><span class=\"button-icon icon-plus\" aria-hidden=\"true\"><\/span>\n\t\t\t\t\t\t\t\t<\/button>\n\t\t\t\t\t\t\t\t\t<div ref=\"body\" class=\"block-accordion-item-content\" id=\"acc_6a9808127a542\" role=\"region\">\n\t\t\t\t\t\t\t\t\t\t<div class=\"wrapper copy\">\n\t\t\t\t\t\t\t\t\t\t\t<p data-local-id=\"94ab533683b5\" data-prosemirror-content-type=\"node\" data-prosemirror-node-name=\"paragraph\" data-prosemirror-node-block=\"true\" data-pm-slice=\"1 1 []\"><strong>David Dibiah<\/strong> ist ein interdisziplin\u00e4rer K\u00fcnstler aus Berlin, dessen Arbeit Performance, Grafikdesign, Musik und Bildung verbindet. Als Absolvent im Bereich Grafikdesign und seit 2010 Mitglied des Vereins Berliner K\u00fcnstler pr\u00e4gt Dibiah die Berliner Kulturszene ma\u00dfgeblich.<\/p>\n<p data-local-id=\"6cfe93066373\" data-prosemirror-content-type=\"node\" data-prosemirror-node-name=\"paragraph\" data-prosemirror-node-block=\"true\">Zu seinen bemerkenswerten Werken z\u00e4hlt It Lies in Public Spaces, aufgef\u00fchrt im Humboldt Forum, das koloniale Hinterlassenschaften kritisch durch Rap, Gebet und Poesie beleuchtet. Aktuell arbeitet er an Berlin Reconference, einer Performance, die sich mit 140 Jahren Kolonialismus auseinandersetzt und mit Erz\u00e4hlkunst, Musik und Philosophie nach Wegen zu Gerechtigkeit und Restitution sucht.<\/p>\n<p data-local-id=\"5d35e3816d9c\" data-prosemirror-content-type=\"node\" data-prosemirror-node-name=\"paragraph\" data-prosemirror-node-block=\"true\">Neben seiner k\u00fcnstlerischen T\u00e4tigkeit unterrichtet Dibiah Kunst an den Berliner Jugendkunstschulen und arbeitet seit 2001 als Guide an den Staatlichen Museen zu Berlin, wo er ein tieferes Verst\u00e4ndnis f\u00fcr Kunst und Kultur vermittelt. Sein Werk fordert bestehende Narrative heraus und inspiriert kommende Generationen.<\/p>\n\n\t\t\t\t\t\t\t\t\t\t\t\t\t\t\t\t\t\t\t\t\t\t\t\t\t\t\t\t\t\t\t\t\t\t\t\t\t\t\t\t\t\t\t\t\n\t\t\t\t\t\t\t\t\t\t\t<div class=\"row\">\n\t\t\t\t\t\t\t\t\t\t\t\t<div class=\"col-xs-9 col-md-9\">\n\t\t\t\t\t\t\t\t\t\t\t\t\t<div class=\"box\">\n\t\t\t\t\t\t\t\t\t\t\t\t\t\t\t\t\t\t\t\t\t\t\t\t\t\t\t<\/div>\n\t\t\t\t\t\t\t\t\t\t\t\t<\/div>\n\t\t\t\t\t\t\t\t\t\t\t<\/div>\n\n\t\t\t\t\t\t\t\t\t\t\t\t\t\t\t\t\t\t\t\t\t<\/div>\n\t\t\t\t\t\t\t\t\t<\/div>\n\t\t\t\t\t\t\t\t<\/div>\n\t\t\t\t\t\t\t\t<\/block-accordion-item>\n\t\t\t\t\t\t\t\t\t\t\t\t\t\t<block-accordion-item inline-template item-headline=\"Patrick Helber\">\n\t\t\t\t\t\t\t\t<div ref=\"item\" data-id=\"PatrickHelber\" class=\"block-accordion-item vue-initialize\" aria-expanded=\"false\" :aria-expanded=\"active ? 'true' : 'false'\">\n\t\t\t\t\t\t\t\t\t<button class=\"accordion-button-with-icon block-accordion-item-head\" :class=\"{'button-active': active}\" ref=\"head\" aria-controls=\"acc_6a9808127a74a\" id=\"acc_title_6a9808127a74b\" @click=\"toggle\" @keydown=\"key\">\n\t\t\t\t\t\t\t\t\t<div><span class=\"button-label\">Patrick Helber<\/span><\/div><span class=\"button-icon icon-plus\" aria-hidden=\"true\"><\/span>\n\t\t\t\t\t\t\t\t<\/button>\n\t\t\t\t\t\t\t\t\t<div ref=\"body\" class=\"block-accordion-item-content\" id=\"acc_6a9808127a74a\" role=\"region\">\n\t\t\t\t\t\t\t\t\t\t<div class=\"wrapper copy\">\n\t\t\t\t\t\t\t\t\t\t\t<p data-local-id=\"253dc6f3339e\" data-prosemirror-content-type=\"node\" data-prosemirror-node-name=\"paragraph\" data-prosemirror-node-block=\"true\" data-pm-slice=\"1 1 []\"><strong>Patrick Helber<\/strong> hat in T\u00fcbingen und Dublin Geschichte und Politikwissenschaft studiert und 2014 in Neuerer und Neuester Geschichte in Heidelberg promoviert. In seinem Buch \u201eDancehall und Homophobie\u201c geht es um postkoloniale Perspektiven auf die Geschichte und Kultur Jamaikas. Er lebt in Berlin und arbeitet im Ethnologischen Museum als Kurator f\u00fcr Bildung und Vermittlung. Zuvor war er im Deutschen Historischen Museum und am Museum Neuk\u00f6lln besch\u00e4ftigt. In seiner Freizeit moderiert er eine Radiosendung \u00fcber karibische Popkultur und legt unter dem Namen <em data-prosemirror-content-type=\"mark\" data-prosemirror-mark-name=\"em\">Scampylama Sound <\/em>seit 2003 Reggae und Dancehall auf Vinyl auf.<\/p>\n\n\t\t\t\t\t\t\t\t\t\t\t\t\t\t\t\t\t\t\t\t\t\t\t\t\t\t\t\t\t\t\t\t\t\t\t\t\t\t\t\t\t\t\t\t\n\t\t\t\t\t\t\t\t\t\t\t<div class=\"row\">\n\t\t\t\t\t\t\t\t\t\t\t\t<div class=\"col-xs-9 col-md-9\">\n\t\t\t\t\t\t\t\t\t\t\t\t\t<div class=\"box\">\n\t\t\t\t\t\t\t\t\t\t\t\t\t\t\t\t\t\t\t\t\t\t\t\t\t\t\t<\/div>\n\t\t\t\t\t\t\t\t\t\t\t\t<\/div>\n\t\t\t\t\t\t\t\t\t\t\t<\/div>\n\n\t\t\t\t\t\t\t\t\t\t\t\t\t\t\t\t\t\t\t\t\t<\/div>\n\t\t\t\t\t\t\t\t\t<\/div>\n\t\t\t\t\t\t\t\t<\/div>\n\t\t\t\t\t\t\t\t<\/block-accordion-item>\n\t\t\t\t\t\t\t\t\t\t\t\t\t\t<block-accordion-item inline-template item-headline=\"Markus K\u00f6hle\">\n\t\t\t\t\t\t\t\t<div ref=\"item\" data-id=\"MarkusKhle\" class=\"block-accordion-item vue-initialize\" aria-expanded=\"false\" :aria-expanded=\"active ? 'true' : 'false'\">\n\t\t\t\t\t\t\t\t\t<button class=\"accordion-button-with-icon block-accordion-item-head\" :class=\"{'button-active': active}\" ref=\"head\" aria-controls=\"acc_6a9808127a906\" id=\"acc_title_6a9808127a907\" @click=\"toggle\" @keydown=\"key\">\n\t\t\t\t\t\t\t\t\t<div><span class=\"button-label\">Markus K\u00f6hle<\/span><\/div><span class=\"button-icon icon-plus\" aria-hidden=\"true\"><\/span>\n\t\t\t\t\t\t\t\t<\/button>\n\t\t\t\t\t\t\t\t\t<div ref=\"body\" class=\"block-accordion-item-content\" id=\"acc_6a9808127a906\" role=\"region\">\n\t\t\t\t\t\t\t\t\t\t<div class=\"wrapper copy\">\n\t\t\t\t\t\t\t\t\t\t\t<p data-local-id=\"414a1eed1647\" data-prosemirror-content-type=\"node\" data-prosemirror-node-name=\"paragraph\" data-prosemirror-node-block=\"true\" data-pm-slice=\"1 1 []\"><strong>Markus K\u00f6hle<\/strong> schreibt, um geh\u00f6rt zu werden.\u00a0Er ist Sprachinstallateur, Literaturzeitschriftenaktivist und Slam-Papa \u00d6sterreichs.\u00a0Er studierte in Innsbruck und Rom Germanistik und Romanistik, war 2004-2006 Forschungsprojektassistent an der Universit\u00e4t Innsbruck.\u00a0Seit 2001 ist er literarisch, literaturkritisch, literaturwissenschaftlich und auch als Literaturveranstalter aktiv.<br data-prosemirror-content-type=\"node\" data-prosemirror-node-name=\"hardBreak\" data-prosemirror-node-inline=\"true\" \/>Seit 2002 veranstaltet er Poetry Slams. Er macht Lesungen, Vortr\u00e4ge und Workshops in Schulen, Universit\u00e4ten und diversen Kulturveranstaltungsorten im In- und Ausland (z.B. \u00d6sterreich Bibliothek Budapest, Jerewan, Wolgograd; Goethe Institut Alexandria, Kolkata, Taschkent; \u00d6sterreichisches Kulturforum Ljubljana, Kairo, Rom; Sommerakademie Zakynthos; Universit\u00e4t Astana, Bukarest, Neu Delhi, Manila, Prag, Shanghai, Stellenbosch, \u2026).<\/p>\n\n\t\t\t\t\t\t\t\t\t\t\t\t\t\t\t\t\t\t\t\t\t\t\t\t\t\t\t\t\t\t\t\t\t\t\t\t\t\t\t\t\t\t\t\t\n\t\t\t\t\t\t\t\t\t\t\t<div class=\"row\">\n\t\t\t\t\t\t\t\t\t\t\t\t<div class=\"col-xs-9 col-md-9\">\n\t\t\t\t\t\t\t\t\t\t\t\t\t<div class=\"box\">\n\t\t\t\t\t\t\t\t\t\t\t\t\t\t\t\t\t\t\t\t\t\t\t\t\t\t\t<\/div>\n\t\t\t\t\t\t\t\t\t\t\t\t<\/div>\n\t\t\t\t\t\t\t\t\t\t\t<\/div>\n\n\t\t\t\t\t\t\t\t\t\t\t\t\t\t\t\t\t\t\t\t\t<\/div>\n\t\t\t\t\t\t\t\t\t<\/div>\n\t\t\t\t\t\t\t\t<\/div>\n\t\t\t\t\t\t\t\t<\/block-accordion-item>\n\t\t\t\t\t\t\t\t\t\t\t\t\t\t<block-accordion-item inline-template item-headline=\"Marie-Claire Tjombe\">\n\t\t\t\t\t\t\t\t<div ref=\"item\" data-id=\"Marie-ClaireTjombe\" class=\"block-accordion-item vue-initialize\" aria-expanded=\"false\" :aria-expanded=\"active ? 'true' : 'false'\">\n\t\t\t\t\t\t\t\t\t<button class=\"accordion-button-with-icon block-accordion-item-head\" :class=\"{'button-active': active}\" ref=\"head\" aria-controls=\"acc_6a9808127aaac\" id=\"acc_title_6a9808127aaad\" @click=\"toggle\" @keydown=\"key\">\n\t\t\t\t\t\t\t\t\t<div><span class=\"button-label\">Marie-Claire Tjombe<\/span><\/div><span class=\"button-icon icon-plus\" aria-hidden=\"true\"><\/span>\n\t\t\t\t\t\t\t\t<\/button>\n\t\t\t\t\t\t\t\t\t<div ref=\"body\" class=\"block-accordion-item-content\" id=\"acc_6a9808127aaac\" role=\"region\">\n\t\t\t\t\t\t\t\t\t\t<div class=\"wrapper copy\">\n\t\t\t\t\t\t\t\t\t\t\t<p data-local-id=\"9de58bd08c71\" data-prosemirror-content-type=\"node\" data-prosemirror-node-name=\"paragraph\" data-prosemirror-node-block=\"true\" data-pm-slice=\"1 1 []\"><strong>Marie-Claire Tjombe<\/strong> ist die amtierende S\u00e4chsische Meisterin im Poetry Slam (2026). Seit November 2024 steht sie auf Poetry-Slam-B\u00fchnen und qualifizierte sich bereits in ihrem ersten B\u00fchnenjahr f\u00fcr die Teilnahme an der Leipziger Stadtmeisterschaft sowie das Finale der S\u00e4chsischen Landesmeisterschaft 2025.<br data-prosemirror-content-type=\"node\" data-prosemirror-node-name=\"hardBreak\" data-prosemirror-node-inline=\"true\" \/>Auch \u00fcber die Grenzen Sachsens hinaus ist sie regelm\u00e4\u00dfig auf B\u00fchnen in ganz Deutschland unterwegs. Dabei versteht sie Poetry Slam als Chance und Privileg, Menschen mit ihren Worten zu ber\u00fchren, zum Nachdenken anzuregen und Hoffnung weiterzugeben.<br data-prosemirror-content-type=\"node\" data-prosemirror-node-name=\"hardBreak\" data-prosemirror-node-inline=\"true\" \/>Die 24-j\u00e4hrige geb\u00fcrtige Leipzigerin verbindet pers\u00f6nliche Erfahrungen mit Reflexion, klarer Haltung und spielerischer Metaphorik. Ihre Texte sind warm und ehrlich, kritisch und zugleich vers\u00f6hnlich. Im Mittelpunkt stehen Identit\u00e4t, mentale Gesundheit, Gemeinschaft und Widerstandskraft sowie das pr\u00e4zise Spiel mit Sprache und Wortbedeutungen.<br data-prosemirror-content-type=\"node\" data-prosemirror-node-name=\"hardBreak\" data-prosemirror-node-inline=\"true\" \/>Wenn sie nicht auf der B\u00fchne steht, studiert sie Lehramt f\u00fcr Deutsch, Ethik und Philosophie f\u00fcr Gymnasien.<\/p>\n\n\t\t\t\t\t\t\t\t\t\t\t\t\t\t\t\t\t\t\t\t\t\t\t\t\t\t\t\t\t\t\t\t\t\t\t\t\t\t\t\t\t\t\t\t\n\t\t\t\t\t\t\t\t\t\t\t<div class=\"row\">\n\t\t\t\t\t\t\t\t\t\t\t\t<div class=\"col-xs-9 col-md-9\">\n\t\t\t\t\t\t\t\t\t\t\t\t\t<div class=\"box\">\n\t\t\t\t\t\t\t\t\t\t\t\t\t\t\t\t\t\t\t\t\t\t\t\t\t\t\t<\/div>\n\t\t\t\t\t\t\t\t\t\t\t\t<\/div>\n\t\t\t\t\t\t\t\t\t\t\t<\/div>\n\n\t\t\t\t\t\t\t\t\t\t\t\t\t\t\t\t\t\t\t\t\t<\/div>\n\t\t\t\t\t\t\t\t\t<\/div>\n\t\t\t\t\t\t\t\t<\/div>\n\t\t\t\t\t\t\t\t<\/block-accordion-item>\n\t\t\t\t\t\t\t\t\t\t\t\t\t<\/div>\n\t\t\t\t\t\t<\/block-accordion>\n\t\t\t\t\t\t\t\t\t<\/div>\n\t\t\t<\/div>\n\t\t<\/div>\n\t<\/div>\n<\/section>\n\n\n<section class=\"block block-header\" >\n\t<block-header inline-template>\n\t\t<figure role=\"group\" aria-labelledby=\"desc_m_6a9808127ad4d\">\n\n\t\t\t<script type=\"application\/json\" ref=\"data\">\n\t\t\t\t{\n\t\t\t\t\"sizes_d\" : {\"medium\":{\"file\":\"SHF_eb00258478-300x200.jpg\",\"width\":300,\"height\":200,\"mime-type\":\"image\\\/jpeg\",\"filesize\":19910},\"large\":{\"file\":\"SHF_eb00258478-1024x683.jpg\",\"width\":1024,\"height\":683,\"mime-type\":\"image\\\/jpeg\",\"filesize\":118915},\"thumbnail\":{\"file\":\"SHF_eb00258478-150x150.jpg\",\"width\":150,\"height\":150,\"mime-type\":\"image\\\/jpeg\",\"filesize\":8987},\"medium_large\":{\"file\":\"SHF_eb00258478-768x512.jpg\",\"width\":768,\"height\":512,\"mime-type\":\"image\\\/jpeg\",\"filesize\":79289},\"small\":{\"file\":\"SHF_eb00258478-440x294.jpg\",\"width\":440,\"height\":294,\"mime-type\":\"image\\\/jpeg\",\"filesize\":35388},\"semi\":{\"file\":\"SHF_eb00258478-580x387.jpg\",\"width\":580,\"height\":387,\"mime-type\":\"image\\\/jpeg\",\"filesize\":53637},\"mobile\":{\"file\":\"SHF_eb00258478-720x480.jpg\",\"width\":720,\"height\":480,\"mime-type\":\"image\\\/jpeg\",\"filesize\":72124},\"original\":{\"file\":\"SHF_eb00258478.jpg\",\"width\":1280,\"height\":854}},\n\t\t\t\t\"alt_d\" : \"Eine Gruppe von Menschen stehen bei der Teacher's Night in einem Raum und unterhalten sich.\",\n\t\t\t\t\"path_d\" : \"\\\/wp-content\\\/uploads\\\/2024\\\/06\\\/\",\n\t\t\t\t\"autoplay_d\" : null,\n\t\t\t\t\"crop_d\" : {\"top\":\"31.01\",\"left\":\"49.88\"},\n\t\t\t\t\"background_d\" : true,\n\t\t\t\t\"scale_d\" : 2,\n\n\t\t\t\t\"sizes_m\" : [],\n\t\t\t\t\"alt_m\" : null,\n\t\t\t\t\"path_m\" : null,\n\t\t\t\t\"autoplay_m\" : null,\n\t\t\t\t\"crop_m\" : null,\n\t\t\t\t\"background_m\" : true,\n\t\t\t\t\"scale_m\" : 1,\n\n\t\t\t\t\"has_mobile_format\" : false,\n\t\t\t\t\"has_ad\" : false,\n\t\t\t\t\"audio_description_yt\" : null\t\t\t\t}\n\t\t\t<\/script>\n\t\t\t<div class=\"height-container\" style=\"padding-bottom:66.71875%;\" v-if=\"sizes\" data-motion-parallax='{\"child\":\".image-wrapper\",\"mask\":\".lazy-media\",\"tween\":{\"yPercent\": [-15,15]}}'>\n\t\t\t\t<lazy-media :inline=\"true\" :scale=\"scale\" :alt=\"alt\" :sizes=\"sizes\" :brightness=\"brightness\" :path=\"path\" :video=\"video\" :autoplay=\"autoplay\" :youtube=\"youtube\" :crop=\"crop\" :youtubelabel=\"youtubelabel\" :background=\"background\" media-id=\"desc_m_6a9808127ad4d\"><\/lazy-media>\n\t\t\t\t<button class=\"autoplay-audio-description-btn icon-background icon-audio-describtions\" @click=\"audioDescriptionPlay\" v-if=\"hasAudioDescription\" aria-label=\"Audiodeskription aufrufen\"><\/button>\n\t\t\t<\/div>\n\t\t\t\t\t\t<div class=\"lazy-media-info-container-fluid\">\n\t\t\t\t<div class=\"lazy-media-info-row end-xs\">\n\t\t\t\t\t<div class=\"lazy-media-info-col\">\n\t\t\t\t\t\t<div class=\"lazy-media-info\" aria-expanded=\"false\" :aria-expanded=\"isOpen ? 'true' : 'false'\">\n\t\t\t\t\t\t\t<button class=\"lazy-media-info-head button-tiny insignificant\" :class=\"{'button-active': isOpen}\" @click=\"toggle\" ref=\"head\"><span class=\"button-label insignificant\">Bildinfo<\/span><\/button>\n\t\t\t\t\t\t\t<figcaption class=\"lazy-media-info-body\" ref=\"body\" id=\"desc_m_6a9808127ad4d\">\n\t\t\t\t\t\t\t\t<div class=\"lazy-media-info-body-content\">\n\t\t\t\t\t\t\t\t\t<div>Teachers&#039; Night 2025 <\/div>\t\t\t\t\t\t\t\t\t<div class=\"insignificant\">\u00a9 Stiftung Humboldt Forum im Berliner Schloss, Foto: Frank Sperling\r\n<\/div>\t\t\t\t\t\t\t\t<\/div>\n\t\t\t\t\t\t\t<\/figcaption>\n\t\t\t\t\t\t\t<div class=\"lazy-media-info-head-border\"><\/div>\n\t\t\t\t\t\t<\/div>\n\t\t\t\t\t<\/div>\n\t\t\t\t<\/div>\n\t\t\t<\/div>\n\t\t\t\t\t<\/figure>\n\t<\/block-header>\n<\/section>","protected":false},"template":"","genre":[835],"digital":[],"topic":[],"stakeholder":[382],"editorial":[],"editorialfilter":[],"targetgroup":[],"language":[384],"accessability":[],"age":[],"school":[910],"groupsize":[],"place":[404],"class_list":["post-131228","event","type-event","status-publish","hentry","genre-bildung","stakeholder-stiftung-humboldt-forum-im-berliner-schloss","language-deutsch","school-paedagoginnen","place-humboldt-forum"],"acf":[],"_links":{"self":[{"href":"https:\/\/www.humboldtforum.org\/de\/wp-json\/wp\/v2\/event\/131228","targetHints":{"allow":["GET"]}}],"collection":[{"href":"https:\/\/www.humboldtforum.org\/de\/wp-json\/wp\/v2\/event"}],"about":[{"href":"https:\/\/www.humboldtforum.org\/de\/wp-json\/wp\/v2\/types\/event"}],"version-history":[{"count":11,"href":"https:\/\/www.humboldtforum.org\/de\/wp-json\/wp\/v2\/event\/131228\/revisions"}],"predecessor-version":[{"id":170707,"href":"https:\/\/www.humboldtforum.org\/de\/wp-json\/wp\/v2\/event\/131228\/revisions\/170707"}],"wp:attachment":[{"href":"https:\/\/www.humboldtforum.org\/de\/wp-json\/wp\/v2\/media?parent=131228"}],"wp:term":[{"taxonomy":"genre","embeddable":true,"href":"https:\/\/www.humboldtforum.org\/de\/wp-json\/wp\/v2\/genre?post=131228"},{"taxonomy":"digital","embeddable":true,"href":"https:\/\/www.humboldtforum.org\/de\/wp-json\/wp\/v2\/digital?post=131228"},{"taxonomy":"topic","embeddable":true,"href":"https:\/\/www.humboldtforum.org\/de\/wp-json\/wp\/v2\/topic?post=131228"},{"taxonomy":"stakeholder","embeddable":true,"href":"https:\/\/www.humboldtforum.org\/de\/wp-json\/wp\/v2\/stakeholder?post=131228"},{"taxonomy":"editorial","embeddable":true,"href":"https:\/\/www.humboldtforum.org\/de\/wp-json\/wp\/v2\/editorial?post=131228"},{"taxonomy":"editorialfilter","embeddable":true,"href":"https:\/\/www.humboldtforum.org\/de\/wp-json\/wp\/v2\/editorialfilter?post=131228"},{"taxonomy":"targetgroup","embeddable":true,"href":"https:\/\/www.humboldtforum.org\/de\/wp-json\/wp\/v2\/targetgroup?post=131228"},{"taxonomy":"language","embeddable":true,"href":"https:\/\/www.humboldtforum.org\/de\/wp-json\/wp\/v2\/language?post=131228"},{"taxonomy":"accessability","embeddable":true,"href":"https:\/\/www.humboldtforum.org\/de\/wp-json\/wp\/v2\/accessability?post=131228"},{"taxonomy":"age","embeddable":true,"href":"https:\/\/www.humboldtforum.org\/de\/wp-json\/wp\/v2\/age?post=131228"},{"taxonomy":"school","embeddable":true,"href":"https:\/\/www.humboldtforum.org\/de\/wp-json\/wp\/v2\/school?post=131228"},{"taxonomy":"groupsize","embeddable":true,"href":"https:\/\/www.humboldtforum.org\/de\/wp-json\/wp\/v2\/groupsize?post=131228"},{"taxonomy":"place","embeddable":true,"href":"https:\/\/www.humboldtforum.org\/de\/wp-json\/wp\/v2\/place?post=131228"}],"curies":[{"name":"wp","href":"https:\/\/api.w.org\/{rel}","templated":true}]}}