{"id":132533,"date":"2024-07-05T15:36:37","date_gmt":"2024-07-05T13:36:37","guid":{"rendered":"https:\/\/www.humboldtforum.org\/?post_type=event&#038;p=132533"},"modified":"2025-04-04T10:49:41","modified_gmt":"2025-04-04T08:49:41","slug":"verflochtene-erinnerungen","status":"publish","type":"event","link":"https:\/\/www.humboldtforum.org\/de\/programm\/termin\/gespraech\/verflochtene-erinnerungen-132533\/","title":{"rendered":"Verflochtene Erinnerung(en)"},"content":{"rendered":"<section class=\"block block-copy\" >\n    <div class=\"container-fluid\">\n\t\t<div class=\"row \">\n            <div class=\"col-xs-12 col-md-offset-2 col-md-8\">\n                <div class=\"box\">\n                    <div class=\"copy\"><p><em>Gespr\u00e4ch mit:<\/em><\/p>\n<p><em>Tuli Mekondjo (K\u00fcnstlerin, Namibia), Assumpta Mugiraneza (IRIBA-Zentrum f\u00fcr multimediales Erbe, Ruanda), Imani Tafari-Ama (Autorin und Kuratorin, Jamaika), Roey Zeevi (P\u00e4dagoge, Israel), Alex Stolze (world e.V., Neustettlin), Andrea Scholz (Ethnologisches Museum, Berlin), Patrick Helber (Ethnologisches Museum, Berlin)<\/em><em>, Marc Wrasse (Stiftung Humboldt Forum im Berliner Schloss), Christian Hajer (Vermittler \/ Stadtplaner)<\/em><\/p>\n<p>Im kollaborativen Projekt \u201eVerflochtene Erinnerung(en)\u201c reflektieren Mitarbeiter*innen des Ethnologischen Museums, der Stiftung Humboldt Forum im Berliner Schloss und Menschen aus Berlin gemeinsam mit internationalen Resident*innen \u00fcber M\u00f6glichkeiten und Perspektiven von Bildungsformaten, die sich multiperspektivisch mit der Erinnerung an die Shoah und an die Verbrechen des Kolonialismus besch\u00e4ftigen. Im Zentrum steht die Frage: Wie kann die Anerkennung von Differenz in ein gesellschaftliches Erinnern \u00fcbersetzt werden, das Raum l\u00e4sst f\u00fcr j\u00fcdische und postkoloniale Stimmen der Gegenwart?<\/p>\n<p>Im Rahmen der Veranstaltungsreihe \u201eG\u00e4stezimmer\u201c geben die Projektbeteiligten Einblick in ihre Arbeit.<\/p>\n<\/div>\n                <\/div>\n            <\/div>\n\t\t<\/div>\n\t\t    <\/div>\n<\/section>\n\n<section class=\"block block-headline block-no-margin \" >\n\t<div class=\"container-fluid\">\n\t\t<div class=\"row\">\n\t\t\t\t\t\t\t<div class=\"col-xs-12 col-md-offset-2 col-md-8\">\n\t\t\t\t\t<div class=\"box\">\n\t\t\t\t\t\t<h2 class=\".h4\">Beteiligte<\/h2>\n\t\t\t\t\t<\/div>\n\t\t\t\t<\/div>\n\t\t\t\t\t<\/div>\n\t<\/div>\n<\/section>\n\n\n\n\n<section class=\"block block-standard-image-copy rev2nd\"> \n\t<div class=\"container-fluid\">\n\t\t<div class=\"row middle-sm\">\n\t\t\t<div class=\"col-xs-10 col-sm-6 margin-bottom-sixth\" data-motion-parallax='{\"child\":\".image-wrapper\",\"mask\":\".lazy-media\",\"tween\":{\"yPercent\": [-15,15]}}'>\n\t\t\t\t\n\t<lazy-media-inline inline-template>\n\t\t<figure itemscope itemtype=\"http:\/\/schema.org\/ImageObject\" class=\"lazy-media-inline lazy-max-height-exception\" role=\"group\" id=\"media_69f17ae0da6ca\" aria-labelledby=\"desc_media_69f17ae0da6ca\">\n\t\t\t<script type=\"application\/json\" ref=\"data\">\n\t\t\t\t{\n\t\t\t\t\"sizes\" : {\"medium\":{\"file\":\"SHF_eb00227001-200x300.jpg\",\"width\":200,\"height\":300,\"mime-type\":\"image\\\/jpeg\",\"filesize\":10425},\"large\":{\"file\":\"SHF_eb00227001-683x1024.jpg\",\"width\":683,\"height\":1024,\"mime-type\":\"image\\\/jpeg\",\"filesize\":67104},\"thumbnail\":{\"file\":\"SHF_eb00227001-150x150.jpg\",\"width\":150,\"height\":150,\"mime-type\":\"image\\\/jpeg\",\"filesize\":5451},\"medium_large\":{\"file\":\"SHF_eb00227001-768x1151.jpg\",\"width\":768,\"height\":1151,\"mime-type\":\"image\\\/jpeg\",\"filesize\":80495},\"small\":{\"file\":\"SHF_eb00227001-294x440.jpg\",\"width\":294,\"height\":440,\"mime-type\":\"image\\\/jpeg\",\"filesize\":18345},\"semi\":{\"file\":\"SHF_eb00227001-387x580.jpg\",\"width\":387,\"height\":580,\"mime-type\":\"image\\\/jpeg\",\"filesize\":28123},\"mobile\":{\"file\":\"SHF_eb00227001-480x720.jpg\",\"width\":480,\"height\":720,\"mime-type\":\"image\\\/jpeg\",\"filesize\":38636},\"hd\":{\"file\":\"SHF_eb00227001-854x1280.jpg\",\"width\":854,\"height\":1280,\"mime-type\":\"image\\\/jpeg\",\"filesize\":95725},\"full\":{\"file\":\"SHF_eb00227001-1281x1920.jpg\",\"width\":1281,\"height\":1920,\"mime-type\":\"image\\\/jpeg\",\"filesize\":185339},\"1536x1536\":{\"file\":\"SHF_eb00227001-1025x1536.jpg\",\"width\":1025,\"height\":1536,\"mime-type\":\"image\\\/jpeg\",\"filesize\":128408},\"2048x2048\":{\"file\":\"SHF_eb00227001-1367x2048.jpg\",\"width\":1367,\"height\":2048,\"mime-type\":\"image\\\/jpeg\",\"filesize\":205855},\"original\":{\"file\":\"SHF_eb00227001.jpg\",\"width\":2000,\"height\":2997}},\n\t\t\t\t\"alt\" : \"Eine nachdenkliche Frau in rotem Hemd sitzt entspannt und h\\u00e4lt Papiere in der Hand.\",\n\t\t\t\t\"path\" : \"\\\/wp-content\\\/uploads\\\/2024\\\/07\\\/\",\n\t\t\t\t\"video\" : null,\n\t\t\t\t\"autoplay\" : null,\n\t\t\t\t\"youtube\" : null,\n\t\t\t\t\"youtubelabel\" : \"Video abspielen\",\n\t\t\t\t\"brightness\" : 100,\n\t\t\t\t\"crop\" : {\"top\":\"50.00\",\"left\":\"50.00\"},\n\t\t\t\t\"background\" : true,\n\t\t\t\t\"scale\" : 2\t\t\t\t}\n\t\t\t<\/script>\n\n\t\t\t<div class=\"height-container\" style=\"padding-bottom:149.85%;\" v-if=\"sizes\">\n\t\t\t\t\t\t\t\t<lazy-media :inline=\"true\" :alt=\"alt\" :sizes=\"sizes\" :scale=\"scale\" :brightness=\"brightness\" :path=\"path\" :video=\"video\" :autoplay=\"autoplay\" :youtube=\"youtube\" :crop=\"crop\" :youtubelabel=\"youtubelabel\" :background=\"background\" media-id=\"desc_media_69f17ae0da6ca\"><\/lazy-media>\n\t\t\t\t\t\t\t<\/div>\n\n\t\t\t\t\t\t\t<div class=\"lazy-media-info-container-fluid\">\n\t\t\t\t<div class=\"lazy-media-info-row end-xs\">\n\t\t\t\t\t<div class=\"lazy-media-info-col\">\n\t\t\t\t\t\t<div class=\"lazy-media-info\" aria-expanded=\"false\" :aria-expanded=\"isOpen ? 'true' : 'false'\">\n\t\t\t\t\t\t\t<button class=\"lazy-media-info-head button-tiny\" :class=\"{'button-active': isOpen}\" @click=\"toggle\" ref=\"head\"><span class=\"button-label insignificant\">Bildinfo<\/span><\/button>\n\t\t\t\t\t\t\t<figcaption class=\"lazy-media-info-body\" ref=\"body\" id=\"desc_media_69f17ae0da6ca\">\n\t\t\t\t\t\t\t\t<div class=\"lazy-media-info-body-content\">\n\t\t\t\t\t\t\t\t\t\t\t\t\t\t\t\t\t\t\t<div>Assumpta Mugiraneza<\/div>\n\t\t\t\t\t\t\t\t\t\t\t\t\t\t\t\t\t\t\t\t\t\t\t\t\t\t\t\t\t\t\t\t\t\t\t\t\t<div class=\"insignificant\">\u00a9 Foto: privat<\/div>\n\t\t\t\t\t\t\t\t\t\t\t\t\t\t\t\t\t<\/div>\n\t\t\t\t\t\t\t<\/figcaption>\n\t\t\t\t\t\t\t<div class=\"lazy-media-info-head-border\"><\/div>\n\t\t\t\t\t\t<\/div>\n\t\t\t\t\t<\/div>\n\t\t\t\t<\/div>\n\t\t\t<\/div>\n\t\t\t\t\t\t\t\t\t<\/figure>\n\t<\/lazy-media-inline>\n\t\t\t<\/div>\n\t\t\t<div class=\"col-xs-10 col-sm-6 col-md-5 copy margin-bottom-half\"><h5>Assumpta Mugiraneza<\/h5>\n<p>Assumpta Mugiraneza ist eine franz\u00f6sisch-ruandische Akademikerin mit Abschl\u00fcssen in Erziehungswissenschaften, Sozialpsychologie und Politikwissenschaft. Seit 1994 konzentriert sich ihre Forschung auf V\u00f6lkermorde und extreme Gewalt, insbesondere durch intensive Diskursanalysen. Seit 2010 ist sie Mitbegr\u00fcnderin und Leiterin des IRIBA-Zentrums f\u00fcr multimediales Erbe. Dieses Zentrum f\u00fcr audiovisuelle Archive aus Ruanda arbeitet an der Schnittstelle zwischen akademischer Forschung und Praxis. Es umfasst Materialien aus \u00fcber einem Jahrhundert und ist frei zug\u00e4nglich.<\/p>\n<p>Sie ist Autorin und Ko-Autorin einer Reihe von Artikeln zu den Themen Hass-Rede, Propaganda, Geschichtsvermittlung und der Rolle von Archiven beim Staatsaufbau und der Dekonstruktion von Hass-Ideologien.<\/p>\n<\/div>\n\t\t<\/div>\n\t<\/div>\n<\/section>\n\n<section class=\"block block-standard-image-copy rev2nd\"> \n\t<div class=\"container-fluid\">\n\t\t<div class=\"row middle-sm\">\n\t\t\t<div class=\"col-xs-10 col-sm-6 margin-bottom-sixth\" data-motion-parallax='{\"child\":\".image-wrapper\",\"mask\":\".lazy-media\",\"tween\":{\"yPercent\": [-15,15]}}'>\n\t\t\t\t\n\t<lazy-media-inline inline-template>\n\t\t<figure itemscope itemtype=\"http:\/\/schema.org\/ImageObject\" class=\"lazy-media-inline lazy-max-height-exception\" role=\"group\" id=\"media_69f17ae0db3fb\" aria-labelledby=\"desc_media_69f17ae0db3fb\">\n\t\t\t<script type=\"application\/json\" ref=\"data\">\n\t\t\t\t{\n\t\t\t\t\"sizes\" : {\"medium\":{\"file\":\"SHF_eb00226998-225x300.jpg\",\"width\":225,\"height\":300,\"mime-type\":\"image\\\/jpeg\",\"filesize\":17889},\"large\":{\"file\":\"SHF_eb00226998-768x1024.jpg\",\"width\":768,\"height\":1024,\"mime-type\":\"image\\\/jpeg\",\"filesize\":164593},\"thumbnail\":{\"file\":\"SHF_eb00226998-150x150.jpg\",\"width\":150,\"height\":150,\"mime-type\":\"image\\\/jpeg\",\"filesize\":7432},\"medium_large\":{\"file\":\"SHF_eb00226998-768x1024.jpg\",\"width\":768,\"height\":1024,\"mime-type\":\"image\\\/jpeg\",\"filesize\":164593},\"small\":{\"file\":\"SHF_eb00226998-330x440.jpg\",\"width\":330,\"height\":440,\"mime-type\":\"image\\\/jpeg\",\"filesize\":35161},\"semi\":{\"file\":\"SHF_eb00226998-435x580.jpg\",\"width\":435,\"height\":580,\"mime-type\":\"image\\\/jpeg\",\"filesize\":58877},\"mobile\":{\"file\":\"SHF_eb00226998-540x720.jpg\",\"width\":540,\"height\":720,\"mime-type\":\"image\\\/jpeg\",\"filesize\":87381},\"hd\":{\"file\":\"SHF_eb00226998-960x1280.jpg\",\"width\":960,\"height\":1280,\"mime-type\":\"image\\\/jpeg\",\"filesize\":241796},\"full\":{\"file\":\"SHF_eb00226998-1440x1920.jpg\",\"width\":1440,\"height\":1920,\"mime-type\":\"image\\\/jpeg\",\"filesize\":471772},\"1536x1536\":{\"file\":\"SHF_eb00226998-1152x1536.jpg\",\"width\":1152,\"height\":1536,\"mime-type\":\"image\\\/jpeg\",\"filesize\":327697},\"original\":{\"file\":\"SHF_eb00226998.jpg\",\"width\":1500,\"height\":2000}},\n\t\t\t\t\"alt\" : \"Ein Mann mit Brille steht vor einer bergigen Landschaft und schaut in die Kamera. Im Hintergrund sind B\\u00e4ume und H\\u00e4user zu sehen.\",\n\t\t\t\t\"path\" : \"\\\/wp-content\\\/uploads\\\/2024\\\/07\\\/\",\n\t\t\t\t\"video\" : null,\n\t\t\t\t\"autoplay\" : null,\n\t\t\t\t\"youtube\" : null,\n\t\t\t\t\"youtubelabel\" : \"Video abspielen\",\n\t\t\t\t\"brightness\" : 100,\n\t\t\t\t\"crop\" : {\"top\":\"50.00\",\"left\":\"50.00\"},\n\t\t\t\t\"background\" : true,\n\t\t\t\t\"scale\" : 2\t\t\t\t}\n\t\t\t<\/script>\n\n\t\t\t<div class=\"height-container\" style=\"padding-bottom:133.33333333333%;\" v-if=\"sizes\">\n\t\t\t\t\t\t\t\t<lazy-media :inline=\"true\" :alt=\"alt\" :sizes=\"sizes\" :scale=\"scale\" :brightness=\"brightness\" :path=\"path\" :video=\"video\" :autoplay=\"autoplay\" :youtube=\"youtube\" :crop=\"crop\" :youtubelabel=\"youtubelabel\" :background=\"background\" media-id=\"desc_media_69f17ae0db3fb\"><\/lazy-media>\n\t\t\t\t\t\t\t<\/div>\n\n\t\t\t\t\t\t\t<div class=\"lazy-media-info-container-fluid\">\n\t\t\t\t<div class=\"lazy-media-info-row end-xs\">\n\t\t\t\t\t<div class=\"lazy-media-info-col\">\n\t\t\t\t\t\t<div class=\"lazy-media-info\" aria-expanded=\"false\" :aria-expanded=\"isOpen ? 'true' : 'false'\">\n\t\t\t\t\t\t\t<button class=\"lazy-media-info-head button-tiny\" :class=\"{'button-active': isOpen}\" @click=\"toggle\" ref=\"head\"><span class=\"button-label insignificant\">Bildinfo<\/span><\/button>\n\t\t\t\t\t\t\t<figcaption class=\"lazy-media-info-body\" ref=\"body\" id=\"desc_media_69f17ae0db3fb\">\n\t\t\t\t\t\t\t\t<div class=\"lazy-media-info-body-content\">\n\t\t\t\t\t\t\t\t\t\t\t\t\t\t\t\t\t\t\t<div>Roey Zeevi<\/div>\n\t\t\t\t\t\t\t\t\t\t\t\t\t\t\t\t\t\t\t\t\t\t\t\t\t\t\t\t\t\t\t\t\t\t\t\t\t<div class=\"insignificant\">\u00a9 Foto: privat<\/div>\n\t\t\t\t\t\t\t\t\t\t\t\t\t\t\t\t\t<\/div>\n\t\t\t\t\t\t\t<\/figcaption>\n\t\t\t\t\t\t\t<div class=\"lazy-media-info-head-border\"><\/div>\n\t\t\t\t\t\t<\/div>\n\t\t\t\t\t<\/div>\n\t\t\t\t<\/div>\n\t\t\t<\/div>\n\t\t\t\t\t\t\t\t\t<\/figure>\n\t<\/lazy-media-inline>\n\t\t\t<\/div>\n\t\t\t<div class=\"col-xs-10 col-sm-6 col-md-5 copy margin-bottom-half\"><h5>Roey Zeevi<\/h5>\n<p>Roey Zeevi studierte Kommunikations- und Kulturwissenschaften. Ein Jahrzehnt lang leitete er Bildungsgruppen in Yad Vashem, bevor er vor sechs Jahren dazu \u00fcberging mit einen Team von P\u00e4dagog*innen landesweite F\u00fchrungen zu organisieren.<\/p>\n<p>Sein Hauptaugenmerk liegt auf der Vermittlung des Gedenkens an den Holocaust, wof\u00fcr er j\u00e4hrlich mit \u00fcber 2000 israelischen Lehrer*innen kooperiert. Mit seinen innovativen Ans\u00e4tzen zur Holocaust-Erziehung versucht er sicherzustellen, dass die tiefgreifenden Lehren der Geschichte Eingang in Bildungseinrichtungen finden.<\/p>\n<\/div>\n\t\t<\/div>\n\t<\/div>\n<\/section>\n\n<section class=\"block block-standard-image-copy rev2nd\"> \n\t<div class=\"container-fluid\">\n\t\t<div class=\"row middle-sm\">\n\t\t\t<div class=\"col-xs-10 col-sm-6 margin-bottom-sixth\" data-motion-parallax='{\"child\":\".image-wrapper\",\"mask\":\".lazy-media\",\"tween\":{\"yPercent\": [-15,15]}}'>\n\t\t\t\t\n\t<lazy-media-inline inline-template>\n\t\t<figure itemscope itemtype=\"http:\/\/schema.org\/ImageObject\" class=\"lazy-media-inline \" role=\"group\" id=\"media_69f17ae0dc101\" aria-labelledby=\"desc_media_69f17ae0dc101\">\n\t\t\t<script type=\"application\/json\" ref=\"data\">\n\t\t\t\t{\n\t\t\t\t\"sizes\" : {\"medium\":{\"file\":\"SHF_eb00226997-300x300.jpg\",\"width\":300,\"height\":300,\"mime-type\":\"image\\\/jpeg\",\"filesize\":18159},\"thumbnail\":{\"file\":\"SHF_eb00226997-150x150.jpg\",\"width\":150,\"height\":150,\"mime-type\":\"image\\\/jpeg\",\"filesize\":6598},\"medium_large\":{\"file\":\"SHF_eb00226997-768x768.jpg\",\"width\":768,\"height\":768,\"mime-type\":\"image\\\/jpeg\",\"filesize\":73601},\"small\":{\"file\":\"SHF_eb00226997-440x440.jpg\",\"width\":440,\"height\":440,\"mime-type\":\"image\\\/jpeg\",\"filesize\":31848},\"semi\":{\"file\":\"SHF_eb00226997-580x580.jpg\",\"width\":580,\"height\":580,\"mime-type\":\"image\\\/jpeg\",\"filesize\":48893},\"mobile\":{\"file\":\"SHF_eb00226997-720x720.jpg\",\"width\":720,\"height\":720,\"mime-type\":\"image\\\/jpeg\",\"filesize\":66734},\"original\":{\"file\":\"SHF_eb00226997.jpg\",\"width\":896,\"height\":896}},\n\t\t\t\t\"alt\" : \"Eine l\\u00e4chelnde Frau mit lockigem Haar in einer Umgebung voller B\\u00fccher.\",\n\t\t\t\t\"path\" : \"\\\/wp-content\\\/uploads\\\/2024\\\/07\\\/\",\n\t\t\t\t\"video\" : null,\n\t\t\t\t\"autoplay\" : null,\n\t\t\t\t\"youtube\" : null,\n\t\t\t\t\"youtubelabel\" : \"Video abspielen\",\n\t\t\t\t\"brightness\" : 100,\n\t\t\t\t\"crop\" : {\"top\":\"50.00\",\"left\":\"50.00\"},\n\t\t\t\t\"background\" : true,\n\t\t\t\t\"scale\" : 2\t\t\t\t}\n\t\t\t<\/script>\n\n\t\t\t<div class=\"height-container\" style=\"padding-bottom:100%;\" v-if=\"sizes\">\n\t\t\t\t\t\t\t\t<lazy-media :inline=\"true\" :alt=\"alt\" :sizes=\"sizes\" :scale=\"scale\" :brightness=\"brightness\" :path=\"path\" :video=\"video\" :autoplay=\"autoplay\" :youtube=\"youtube\" :crop=\"crop\" :youtubelabel=\"youtubelabel\" :background=\"background\" media-id=\"desc_media_69f17ae0dc101\"><\/lazy-media>\n\t\t\t\t\t\t\t<\/div>\n\n\t\t\t\t\t\t\t<div class=\"lazy-media-info-container-fluid\">\n\t\t\t\t<div class=\"lazy-media-info-row end-xs\">\n\t\t\t\t\t<div class=\"lazy-media-info-col\">\n\t\t\t\t\t\t<div class=\"lazy-media-info\" aria-expanded=\"false\" :aria-expanded=\"isOpen ? 'true' : 'false'\">\n\t\t\t\t\t\t\t<button class=\"lazy-media-info-head button-tiny\" :class=\"{'button-active': isOpen}\" @click=\"toggle\" ref=\"head\"><span class=\"button-label insignificant\">Bildinfo<\/span><\/button>\n\t\t\t\t\t\t\t<figcaption class=\"lazy-media-info-body\" ref=\"body\" id=\"desc_media_69f17ae0dc101\">\n\t\t\t\t\t\t\t\t<div class=\"lazy-media-info-body-content\">\n\t\t\t\t\t\t\t\t\t\t\t\t\t\t\t\t\t\t\t<div>Dr. Imani Tafari-Ama<\/div>\n\t\t\t\t\t\t\t\t\t\t\t\t\t\t\t\t\t\t\t\t\t\t\t\t\t\t\t\t\t\t\t\t\t\t\t\t\t<div class=\"insignificant\">\u00a9 Foto: privat<\/div>\n\t\t\t\t\t\t\t\t\t\t\t\t\t\t\t\t\t<\/div>\n\t\t\t\t\t\t\t<\/figcaption>\n\t\t\t\t\t\t\t<div class=\"lazy-media-info-head-border\"><\/div>\n\t\t\t\t\t\t<\/div>\n\t\t\t\t\t<\/div>\n\t\t\t\t<\/div>\n\t\t\t<\/div>\n\t\t\t\t\t\t\t\t\t<\/figure>\n\t<\/lazy-media-inline>\n\t\t\t<\/div>\n\t\t\t<div class=\"col-xs-10 col-sm-6 col-md-5 copy margin-bottom-half\"><h5>Imani Tafari-Ama<\/h5>\n<p>Imani Tafari-Ama verbrachte das akademische Jahr 2023-24 als Fulbright Scholar-in-Residence (SIR) im Fachbereich Anthropologie an der University of Massachusetts in Boston. Dies war ihre zweite SIR-Auszeichnung, nachdem sie von 2017-18 am Fachbereich Anthropologie der Bridgewater State University (BSU) in Massachusetts t\u00e4tig war. Von 2018-23 war Dr. Tafari-Ama Research Fellow am Institute for Gender and Development Studies an der University of the West Indies.<\/p>\n<p>Sie kuratierte u.a. die Ausstellung &#8222;Rum, Sweat and Tears (RST)&#8220; im Flensburger Schifffahrtsmuseum in Deutschland (2016-17) und ver\u00f6ffentlichte mehrere Artikel und B\u00fccher u.a. &#8222;Blood, Bullets and Bodies: Sexual Politics Below Jamaica&#8217;s Poverty Line&#8220;, &#8222;Lead in the Veins&#8220; (Gedichte) und den preisgekr\u00f6nten Roman &#8222;Up for Air: This Half has never been Told!&#8220;.<\/p>\n<\/div>\n\t\t<\/div>\n\t<\/div>\n<\/section>\n\n<section class=\"block block-standard-image-copy rev2nd\"> \n\t<div class=\"container-fluid\">\n\t\t<div class=\"row middle-sm\">\n\t\t\t<div class=\"col-xs-10 col-sm-6 margin-bottom-sixth\" data-motion-parallax='{\"child\":\".image-wrapper\",\"mask\":\".lazy-media\",\"tween\":{\"yPercent\": [-15,15]}}'>\n\t\t\t\t\n\t<lazy-media-inline inline-template>\n\t\t<figure itemscope itemtype=\"http:\/\/schema.org\/ImageObject\" class=\"lazy-media-inline lazy-max-height-exception\" role=\"group\" id=\"media_69f17ae0dcd6a\" aria-labelledby=\"desc_media_69f17ae0dcd6a\">\n\t\t\t<script type=\"application\/json\" ref=\"data\">\n\t\t\t\t{\n\t\t\t\t\"sizes\" : {\"medium\":{\"file\":\"SHF_eb00226999-225x300.jpg\",\"width\":225,\"height\":300,\"mime-type\":\"image\\\/jpeg\",\"filesize\":14280},\"large\":{\"file\":\"SHF_eb00226999-768x1024.jpg\",\"width\":768,\"height\":1024,\"mime-type\":\"image\\\/jpeg\",\"filesize\":122977},\"thumbnail\":{\"file\":\"SHF_eb00226999-150x150.jpg\",\"width\":150,\"height\":150,\"mime-type\":\"image\\\/jpeg\",\"filesize\":6317},\"medium_large\":{\"file\":\"SHF_eb00226999-768x1024.jpg\",\"width\":768,\"height\":1024,\"mime-type\":\"image\\\/jpeg\",\"filesize\":122977},\"small\":{\"file\":\"SHF_eb00226999-330x440.jpg\",\"width\":330,\"height\":440,\"mime-type\":\"image\\\/jpeg\",\"filesize\":27308},\"semi\":{\"file\":\"SHF_eb00226999-435x580.jpg\",\"width\":435,\"height\":580,\"mime-type\":\"image\\\/jpeg\",\"filesize\":44551},\"mobile\":{\"file\":\"SHF_eb00226999-540x720.jpg\",\"width\":540,\"height\":720,\"mime-type\":\"image\\\/jpeg\",\"filesize\":65321},\"hd\":{\"file\":\"SHF_eb00226999-960x1280.jpg\",\"width\":960,\"height\":1280,\"mime-type\":\"image\\\/jpeg\",\"filesize\":183685},\"full\":{\"file\":\"SHF_eb00226999-1440x1920.jpg\",\"width\":1440,\"height\":1920,\"mime-type\":\"image\\\/jpeg\",\"filesize\":380709},\"1536x1536\":{\"file\":\"SHF_eb00226999-1152x1536.jpg\",\"width\":1152,\"height\":1536,\"mime-type\":\"image\\\/jpeg\",\"filesize\":255832},\"original\":{\"file\":\"SHF_eb00226999.jpg\",\"width\":1500,\"height\":2000}},\n\t\t\t\t\"alt\" : \"Portr\\u00e4t einer Frau in traditioneller Kleidung, mit auff\\u00e4lligem Halsband und Kopftuch, in Schwarz-Wei\\u00df.\",\n\t\t\t\t\"path\" : \"\\\/wp-content\\\/uploads\\\/2024\\\/07\\\/\",\n\t\t\t\t\"video\" : null,\n\t\t\t\t\"autoplay\" : null,\n\t\t\t\t\"youtube\" : null,\n\t\t\t\t\"youtubelabel\" : \"Video abspielen\",\n\t\t\t\t\"brightness\" : 100,\n\t\t\t\t\"crop\" : null,\n\t\t\t\t\"background\" : false,\n\t\t\t\t\"scale\" : 1\t\t\t\t}\n\t\t\t<\/script>\n\n\t\t\t<div class=\"height-container\" style=\"padding-bottom:133.33333333333%;\" v-if=\"sizes\">\n\t\t\t\t\t\t\t\t<lazy-media :inline=\"true\" :alt=\"alt\" :sizes=\"sizes\" :scale=\"scale\" :brightness=\"brightness\" :path=\"path\" :video=\"video\" :autoplay=\"autoplay\" :youtube=\"youtube\" :crop=\"crop\" :youtubelabel=\"youtubelabel\" :background=\"background\" media-id=\"desc_media_69f17ae0dcd6a\"><\/lazy-media>\n\t\t\t\t\t\t\t<\/div>\n\n\t\t\t\t\t\t\t<div class=\"lazy-media-info-container-fluid\">\n\t\t\t\t<div class=\"lazy-media-info-row end-xs\">\n\t\t\t\t\t<div class=\"lazy-media-info-col\">\n\t\t\t\t\t\t<div class=\"lazy-media-info\" aria-expanded=\"false\" :aria-expanded=\"isOpen ? 'true' : 'false'\">\n\t\t\t\t\t\t\t<button class=\"lazy-media-info-head button-tiny\" :class=\"{'button-active': isOpen}\" @click=\"toggle\" ref=\"head\"><span class=\"button-label insignificant\">Bildinfo<\/span><\/button>\n\t\t\t\t\t\t\t<figcaption class=\"lazy-media-info-body\" ref=\"body\" id=\"desc_media_69f17ae0dcd6a\">\n\t\t\t\t\t\t\t\t<div class=\"lazy-media-info-body-content\">\n\t\t\t\t\t\t\t\t\t\t\t\t\t\t\t\t\t\t\t<div>Tuli Mekondjo<\/div>\n\t\t\t\t\t\t\t\t\t\t\t\t\t\t\t\t\t\t\t\t\t\t\t\t\t\t\t\t\t\t\t\t\t\t\t\t\t<div class=\"insignificant\">\u00a9 Christian Stiebahl, www.stiebahl.com<\/div>\n\t\t\t\t\t\t\t\t\t\t\t\t\t\t\t\t\t<\/div>\n\t\t\t\t\t\t\t<\/figcaption>\n\t\t\t\t\t\t\t<div class=\"lazy-media-info-head-border\"><\/div>\n\t\t\t\t\t\t<\/div>\n\t\t\t\t\t<\/div>\n\t\t\t\t<\/div>\n\t\t\t<\/div>\n\t\t\t\t\t\t\t\t\t<\/figure>\n\t<\/lazy-media-inline>\n\t\t\t<\/div>\n\t\t\t<div class=\"col-xs-10 col-sm-6 col-md-5 copy margin-bottom-half\"><h5>Tuli Mekondjo<\/h5>\n<p>Tuli Mekondjo\u00a0untersucht in ihrer k\u00fcnstlerischen Praxis die Konstruktion von Identit\u00e4tspolitiken im Schatten der gewaltt\u00e4tigen Vergangenheit Namibias &#8211; als deutsche und sp\u00e4ter s\u00fcdafrikanische Kolonie. Sie verwendet in ihren k\u00fcnstlerischen Arbeiten eine Vielzahl an Materialien und Medien, darunter Naturseide, Stickerei, Fototransfer, Erde, Farbe, Harz und Mahangu (Hirse). Damit schafft sie Bilder und Installationen die sich oft auf historischen Fotografien der Kolonialzeit beziehen und diese in neuer Form reflektieren.<\/p>\n<p>Tuli Mekondjo wurde in Angola als Tochter namibischer Eltern geboren, die sich im Exil der namibischen Befreiungsbewegung SWAPO angeschlossen hatten. Als freischaffende K\u00fcnstlerin realisierte sie zahlreiche Ausstellungen und erhielt u.a. 2024 den prestigetr\u00e4chtigen Villa Romana Art Prize.<\/p>\n<p>Im Jahr 2023 wurden ihre Arbeiten auf der Frieze London, Art Central Hong Kong, EXPO Chicago, ARCO Lisboa und Art Joburg gezeigt. Sie ist in mehreren internationalen Sammlungen vertreten.<\/p>\n<\/div>\n\t\t<\/div>\n\t<\/div>\n<\/section>\n\n<section class=\"block block-standard-image-copy rev2nd\"> \n\t<div class=\"container-fluid\">\n\t\t<div class=\"row middle-sm\">\n\t\t\t<div class=\"col-xs-10 col-sm-6 margin-bottom-sixth\" data-motion-parallax='{\"child\":\".image-wrapper\",\"mask\":\".lazy-media\",\"tween\":{\"yPercent\": [-15,15]}}'>\n\t\t\t\t\n\t<lazy-media-inline inline-template>\n\t\t<figure itemscope itemtype=\"http:\/\/schema.org\/ImageObject\" class=\"lazy-media-inline \" role=\"group\" id=\"media_69f17ae0ddae4\" aria-labelledby=\"desc_media_69f17ae0ddae4\">\n\t\t\t<script type=\"application\/json\" ref=\"data\">\n\t\t\t\t{\n\t\t\t\t\"sizes\" : {\"medium\":{\"file\":\"SHF_eb00227168-300x291.jpg\",\"width\":300,\"height\":291,\"mime-type\":\"image\\\/jpeg\",\"filesize\":25338},\"large\":{\"file\":\"SHF_eb00227168-1024x995.jpg\",\"width\":1024,\"height\":995,\"mime-type\":\"image\\\/jpeg\",\"filesize\":189199},\"thumbnail\":{\"file\":\"SHF_eb00227168-150x150.jpg\",\"width\":150,\"height\":150,\"mime-type\":\"image\\\/jpeg\",\"filesize\":7914},\"medium_large\":{\"file\":\"SHF_eb00227168-768x746.jpg\",\"width\":768,\"height\":746,\"mime-type\":\"image\\\/jpeg\",\"filesize\":120738},\"small\":{\"file\":\"SHF_eb00227168-440x427.jpg\",\"width\":440,\"height\":427,\"mime-type\":\"image\\\/jpeg\",\"filesize\":48123},\"semi\":{\"file\":\"SHF_eb00227168-580x563.jpg\",\"width\":580,\"height\":563,\"mime-type\":\"image\\\/jpeg\",\"filesize\":76844},\"mobile\":{\"file\":\"SHF_eb00227168-720x699.jpg\",\"width\":720,\"height\":699,\"mime-type\":\"image\\\/jpeg\",\"filesize\":108469},\"hd\":{\"file\":\"SHF_eb00227168-1280x1243.jpg\",\"width\":1280,\"height\":1243,\"mime-type\":\"image\\\/jpeg\",\"filesize\":262387},\"original\":{\"file\":\"SHF_eb00227168.jpg\",\"width\":1434,\"height\":1393}},\n\t\t\t\t\"alt\" : \"Ein l\\u00e4chelnder Mann mit gr\\u00fcnem Shirt sitzt vor einer Baumrinde und strahlt Freundlichkeit aus.\",\n\t\t\t\t\"path\" : \"\\\/wp-content\\\/uploads\\\/2024\\\/07\\\/\",\n\t\t\t\t\"video\" : null,\n\t\t\t\t\"autoplay\" : null,\n\t\t\t\t\"youtube\" : null,\n\t\t\t\t\"youtubelabel\" : \"Video abspielen\",\n\t\t\t\t\"brightness\" : 100,\n\t\t\t\t\"crop\" : null,\n\t\t\t\t\"background\" : false,\n\t\t\t\t\"scale\" : 1\t\t\t\t}\n\t\t\t<\/script>\n\n\t\t\t<div class=\"height-container\" style=\"padding-bottom:97.140864714086%;\" v-if=\"sizes\">\n\t\t\t\t\t\t\t\t<lazy-media :inline=\"true\" :alt=\"alt\" :sizes=\"sizes\" :scale=\"scale\" :brightness=\"brightness\" :path=\"path\" :video=\"video\" :autoplay=\"autoplay\" :youtube=\"youtube\" :crop=\"crop\" :youtubelabel=\"youtubelabel\" :background=\"background\" media-id=\"desc_media_69f17ae0ddae4\"><\/lazy-media>\n\t\t\t\t\t\t\t<\/div>\n\n\t\t\t\t\t\t\t<div class=\"lazy-media-info-container-fluid\">\n\t\t\t\t<div class=\"lazy-media-info-row end-xs\">\n\t\t\t\t\t<div class=\"lazy-media-info-col\">\n\t\t\t\t\t\t<div class=\"lazy-media-info\" aria-expanded=\"false\" :aria-expanded=\"isOpen ? 'true' : 'false'\">\n\t\t\t\t\t\t\t<button class=\"lazy-media-info-head button-tiny\" :class=\"{'button-active': isOpen}\" @click=\"toggle\" ref=\"head\"><span class=\"button-label insignificant\">Bildinfo<\/span><\/button>\n\t\t\t\t\t\t\t<figcaption class=\"lazy-media-info-body\" ref=\"body\" id=\"desc_media_69f17ae0ddae4\">\n\t\t\t\t\t\t\t\t<div class=\"lazy-media-info-body-content\">\n\t\t\t\t\t\t\t\t\t\t\t\t\t\t\t\t\t\t\t<div>Christian Hajer<\/div>\n\t\t\t\t\t\t\t\t\t\t\t\t\t\t\t\t\t\t\t\t\t\t\t\t\t\t\t\t\t\t\t\t\t\t\t\t\t<div class=\"insignificant\">\u00a9 Christian Hajer<\/div>\n\t\t\t\t\t\t\t\t\t\t\t\t\t\t\t\t\t<\/div>\n\t\t\t\t\t\t\t<\/figcaption>\n\t\t\t\t\t\t\t<div class=\"lazy-media-info-head-border\"><\/div>\n\t\t\t\t\t\t<\/div>\n\t\t\t\t\t<\/div>\n\t\t\t\t<\/div>\n\t\t\t<\/div>\n\t\t\t\t\t\t\t\t\t<\/figure>\n\t<\/lazy-media-inline>\n\t\t\t<\/div>\n\t\t\t<div class=\"col-xs-10 col-sm-6 col-md-5 copy margin-bottom-half\"><h5>Christian Hajer<\/h5>\n<p>Christian Hajer studierte Landschaftsplanung sowie Stadt- und Regionalplanung in Berlin und Venedig. Bei der \u201eTopographie des Terrors\u201c, dem Bundeskanzleramt, dem Flughafen Tempelhof und dem Humboldt Forum arbeitete er in der Planungskommunikation. Seine aktuellen Interessensgebiete umfassen Klimaanpassung und nachhaltige Stadtentwicklung.<\/p>\n<p>Seit den 1990er Jahren ist er als freier Referent und Berater f\u00fcr internationale Delegationen zu Planungsthemen in Berlin und der Region unterwegs.<\/p>\n<\/div>\n\t\t<\/div>\n\t<\/div>\n<\/section>\n\n<section class=\"block block-standard-image-copy rev2nd\"> \n\t<div class=\"container-fluid\">\n\t\t<div class=\"row middle-sm\">\n\t\t\t<div class=\"col-xs-10 col-sm-6 margin-bottom-sixth\" data-motion-parallax='{\"child\":\".image-wrapper\",\"mask\":\".lazy-media\",\"tween\":{\"yPercent\": [-15,15]}}'>\n\t\t\t\t\n\t<lazy-media-inline inline-template>\n\t\t<figure itemscope itemtype=\"http:\/\/schema.org\/ImageObject\" class=\"lazy-media-inline \" role=\"group\" id=\"media_69f17ae0de9e8\" aria-labelledby=\"desc_media_69f17ae0de9e8\">\n\t\t\t<script type=\"application\/json\" ref=\"data\">\n\t\t\t\t{\n\t\t\t\t\"sizes\" : {\"medium\":{\"file\":\"SHF_eb00132269-1-300x228.jpg\",\"width\":300,\"height\":228,\"mime-type\":\"image\\\/jpeg\",\"filesize\":10875},\"large\":{\"file\":\"SHF_eb00132269-1-1024x777.jpg\",\"width\":1024,\"height\":777,\"mime-type\":\"image\\\/jpeg\",\"filesize\":70191},\"thumbnail\":{\"file\":\"SHF_eb00132269-1-150x150.jpg\",\"width\":150,\"height\":150,\"mime-type\":\"image\\\/jpeg\",\"filesize\":5176},\"medium_large\":{\"file\":\"SHF_eb00132269-1-768x583.jpg\",\"width\":768,\"height\":583,\"mime-type\":\"image\\\/jpeg\",\"filesize\":44071},\"small\":{\"file\":\"SHF_eb00132269-1-440x334.jpg\",\"width\":440,\"height\":334,\"mime-type\":\"image\\\/jpeg\",\"filesize\":18657},\"semi\":{\"file\":\"SHF_eb00132269-1-580x440.jpg\",\"width\":580,\"height\":440,\"mime-type\":\"image\\\/jpeg\",\"filesize\":28400},\"mobile\":{\"file\":\"SHF_eb00132269-1-720x546.jpg\",\"width\":720,\"height\":546,\"mime-type\":\"image\\\/jpeg\",\"filesize\":39866},\"original\":{\"file\":\"SHF_eb00132269-1.jpg\",\"width\":1280,\"height\":971}},\n\t\t\t\t\"alt\" : \"Portr\\u00e4t einer Person mit lockigem Haar, die in einer modernen Umgebung l\\u00e4chelt und in die Ferne schaut.\",\n\t\t\t\t\"path\" : \"\\\/wp-content\\\/uploads\\\/2024\\\/02\\\/\",\n\t\t\t\t\"video\" : null,\n\t\t\t\t\"autoplay\" : null,\n\t\t\t\t\"youtube\" : null,\n\t\t\t\t\"youtubelabel\" : \"Video abspielen\",\n\t\t\t\t\"brightness\" : 100,\n\t\t\t\t\"crop\" : {\"top\":\"33.37\",\"left\":\"56.89\"},\n\t\t\t\t\"background\" : true,\n\t\t\t\t\"scale\" : 2\t\t\t\t}\n\t\t\t<\/script>\n\n\t\t\t<div class=\"height-container\" style=\"padding-bottom:75.859375%;\" v-if=\"sizes\">\n\t\t\t\t\t\t\t\t<lazy-media :inline=\"true\" :alt=\"alt\" :sizes=\"sizes\" :scale=\"scale\" :brightness=\"brightness\" :path=\"path\" :video=\"video\" :autoplay=\"autoplay\" :youtube=\"youtube\" :crop=\"crop\" :youtubelabel=\"youtubelabel\" :background=\"background\" media-id=\"desc_media_69f17ae0de9e8\"><\/lazy-media>\n\t\t\t\t\t\t\t<\/div>\n\n\t\t\t\t\t\t\t<div class=\"lazy-media-info-container-fluid\">\n\t\t\t\t<div class=\"lazy-media-info-row end-xs\">\n\t\t\t\t\t<div class=\"lazy-media-info-col\">\n\t\t\t\t\t\t<div class=\"lazy-media-info\" aria-expanded=\"false\" :aria-expanded=\"isOpen ? 'true' : 'false'\">\n\t\t\t\t\t\t\t<button class=\"lazy-media-info-head button-tiny\" :class=\"{'button-active': isOpen}\" @click=\"toggle\" ref=\"head\"><span class=\"button-label insignificant\">Bildinfo<\/span><\/button>\n\t\t\t\t\t\t\t<figcaption class=\"lazy-media-info-body\" ref=\"body\" id=\"desc_media_69f17ae0de9e8\">\n\t\t\t\t\t\t\t\t<div class=\"lazy-media-info-body-content\">\n\t\t\t\t\t\t\t\t\t\t\t\t\t\t\t\t\t\t\t<div>Dr. Andrea Scholz<\/div>\n\t\t\t\t\t\t\t\t\t\t\t\t\t\t\t\t\t\t\t\t\t\t\t\t\t\t\t\t\t\t\t\t\t\t\t\t\t<div class=\"insignificant\">\u00a9 Staatliche Museen zu Berlin, Ethnologisches Museum \/ Stiftung Humboldt Forum im Berliner Schloss \/ Foto: Janine Schmitz, photothek.de<\/div>\n\t\t\t\t\t\t\t\t\t\t\t\t\t\t\t\t\t<\/div>\n\t\t\t\t\t\t\t<\/figcaption>\n\t\t\t\t\t\t\t<div class=\"lazy-media-info-head-border\"><\/div>\n\t\t\t\t\t\t<\/div>\n\t\t\t\t\t<\/div>\n\t\t\t\t<\/div>\n\t\t\t<\/div>\n\t\t\t\t\t\t\t\t\t<\/figure>\n\t<\/lazy-media-inline>\n\t\t\t<\/div>\n\t\t\t<div class=\"col-xs-10 col-sm-6 col-md-5 copy margin-bottom-half\"><div class=\"read-speaker\">\n<h5>Andrea Scholz<\/h5>\n<p>Andrea Scholz ist Kuratorin f\u00fcr transkulturelle Zusammenarbeit im Ethnologischen Museum und Museum f\u00fcr Asiatische Kunst in Berlin. Sie ist ausgebildete Anthropologin mit dem Schwerpunkt Amazonien und arbeitet seit 10 Jahren in verschiedenen Kooperationsprojekten mit indigenen Gemeinschaften und Bildungsprojekten, haupts\u00e4chlich in Lateinamerika.<\/p>\n<\/div>\n<\/div>\n\t\t<\/div>\n\t<\/div>\n<\/section>\n\n<section class=\"block block-standard-image-copy rev2nd\"> \n\t<div class=\"container-fluid\">\n\t\t<div class=\"row middle-sm\">\n\t\t\t<div class=\"col-xs-10 col-sm-6 margin-bottom-sixth\" data-motion-parallax='{\"child\":\".image-wrapper\",\"mask\":\".lazy-media\",\"tween\":{\"yPercent\": [-15,15]}}'>\n\t\t\t\t\n\t<lazy-media-inline inline-template>\n\t\t<figure itemscope itemtype=\"http:\/\/schema.org\/ImageObject\" class=\"lazy-media-inline lazy-max-height-exception\" role=\"group\" id=\"media_69f17ae0df92a\" aria-labelledby=\"desc_media_69f17ae0df92a\">\n\t\t\t<script type=\"application\/json\" ref=\"data\">\n\t\t\t\t{\n\t\t\t\t\"sizes\" : {\"medium\":{\"file\":\"SHF_eb00193756-225x300.jpg\",\"width\":225,\"height\":300,\"mime-type\":\"image\\\/jpeg\",\"filesize\":16155},\"large\":{\"file\":\"SHF_eb00193756-768x1024.jpg\",\"width\":768,\"height\":1024,\"mime-type\":\"image\\\/jpeg\",\"filesize\":87324},\"thumbnail\":{\"file\":\"SHF_eb00193756-150x150.jpg\",\"width\":150,\"height\":150,\"mime-type\":\"image\\\/jpeg\",\"filesize\":6495},\"medium_large\":{\"file\":\"SHF_eb00193756-768x1024.jpg\",\"width\":768,\"height\":1024,\"mime-type\":\"image\\\/jpeg\",\"filesize\":87324},\"small\":{\"file\":\"SHF_eb00193756-330x440.jpg\",\"width\":330,\"height\":440,\"mime-type\":\"image\\\/jpeg\",\"filesize\":27146},\"semi\":{\"file\":\"SHF_eb00193756-435x580.jpg\",\"width\":435,\"height\":580,\"mime-type\":\"image\\\/jpeg\",\"filesize\":40252},\"mobile\":{\"file\":\"SHF_eb00193756-540x720.jpg\",\"width\":540,\"height\":720,\"mime-type\":\"image\\\/jpeg\",\"filesize\":53726},\"original\":{\"file\":\"SHF_eb00193756.jpg\",\"width\":960,\"height\":1280}},\n\t\t\t\t\"alt\" : \"Mann mit Kopfh\\u00f6rern und Mikrofon an einem Plattenspieler, l\\u00e4chelnd in lila Sportjacke.\",\n\t\t\t\t\"path\" : \"\\\/wp-content\\\/uploads\\\/2023\\\/05\\\/\",\n\t\t\t\t\"video\" : null,\n\t\t\t\t\"autoplay\" : null,\n\t\t\t\t\"youtube\" : null,\n\t\t\t\t\"youtubelabel\" : \"Video abspielen\",\n\t\t\t\t\"brightness\" : 100,\n\t\t\t\t\"crop\" : {\"top\":\"16.11\",\"left\":\"45.88\"},\n\t\t\t\t\"background\" : true,\n\t\t\t\t\"scale\" : 2\t\t\t\t}\n\t\t\t<\/script>\n\n\t\t\t<div class=\"height-container\" style=\"padding-bottom:133.33333333333%;\" v-if=\"sizes\">\n\t\t\t\t\t\t\t\t<lazy-media :inline=\"true\" :alt=\"alt\" :sizes=\"sizes\" :scale=\"scale\" :brightness=\"brightness\" :path=\"path\" :video=\"video\" :autoplay=\"autoplay\" :youtube=\"youtube\" :crop=\"crop\" :youtubelabel=\"youtubelabel\" :background=\"background\" media-id=\"desc_media_69f17ae0df92a\"><\/lazy-media>\n\t\t\t\t\t\t\t<\/div>\n\n\t\t\t\t\t\t\t<div class=\"lazy-media-info-container-fluid\">\n\t\t\t\t<div class=\"lazy-media-info-row end-xs\">\n\t\t\t\t\t<div class=\"lazy-media-info-col\">\n\t\t\t\t\t\t<div class=\"lazy-media-info\" aria-expanded=\"false\" :aria-expanded=\"isOpen ? 'true' : 'false'\">\n\t\t\t\t\t\t\t<button class=\"lazy-media-info-head button-tiny\" :class=\"{'button-active': isOpen}\" @click=\"toggle\" ref=\"head\"><span class=\"button-label insignificant\">Bildinfo<\/span><\/button>\n\t\t\t\t\t\t\t<figcaption class=\"lazy-media-info-body\" ref=\"body\" id=\"desc_media_69f17ae0df92a\">\n\t\t\t\t\t\t\t\t<div class=\"lazy-media-info-body-content\">\n\t\t\t\t\t\t\t\t\t\t\t\t\t\t\t\t\t\t\t<div>Dr. phil. Patrick Helber<\/div>\n\t\t\t\t\t\t\t\t\t\t\t\t\t\t\t\t\t\t\t\t\t\t\t\t\t\t\t\t\t\t\t\t\t\t\t\t\t<div class=\"insignificant\">\u00a9 Peter Merk<\/div>\n\t\t\t\t\t\t\t\t\t\t\t\t\t\t\t\t\t<\/div>\n\t\t\t\t\t\t\t<\/figcaption>\n\t\t\t\t\t\t\t<div class=\"lazy-media-info-head-border\"><\/div>\n\t\t\t\t\t\t<\/div>\n\t\t\t\t\t<\/div>\n\t\t\t\t<\/div>\n\t\t\t<\/div>\n\t\t\t\t\t\t\t\t\t<\/figure>\n\t<\/lazy-media-inline>\n\t\t\t<\/div>\n\t\t\t<div class=\"col-xs-10 col-sm-6 col-md-5 copy margin-bottom-half\"><div class=\"read-speaker\">\n<h5>Patrick Helber<\/h5>\n<p>Patrick Helber hat in T\u00fcbingen und Dublin Geschichte und Politikwis\u00adsenschaft studiert und 2014 in Neuerer und Neuester Geschichte in Heidelberg promoviert. In seinem Buch \u201eDancehall und Homophobie\u201c geht es um postkoloniale Perspektiven auf die Geschichte und Kultur Jamaikas. Er lebt in Berlin, arbeitet im Ethnologischen Museum als wissenschaft\u00adlicher Mitarbeiter im Bereich Bildung und Vermittlung und ist Moderator einer Radiosen\u00addung \u00fcber karibische Popul\u00e4rkultur. Dar\u00fcber hinaus legt Patrick Helber unter dem Namen Scampylama Sound seit 2003 Reggae, Ska und Dancehall auf Vinyl auf.<\/p>\n<\/div>\n<\/div>\n\t\t<\/div>\n\t<\/div>\n<\/section>\n\n<section class=\"block block-standard-image-copy rev2nd\"> \n\t<div class=\"container-fluid\">\n\t\t<div class=\"row middle-sm\">\n\t\t\t<div class=\"col-xs-10 col-sm-6 margin-bottom-sixth\" data-motion-parallax='{\"child\":\".image-wrapper\",\"mask\":\".lazy-media\",\"tween\":{\"yPercent\": [-15,15]}}'>\n\t\t\t\t\n\t<lazy-media-inline inline-template>\n\t\t<figure itemscope itemtype=\"http:\/\/schema.org\/ImageObject\" class=\"lazy-media-inline \" role=\"group\" id=\"media_69f17ae0e0774\" aria-labelledby=\"desc_media_69f17ae0e0774\">\n\t\t\t<script type=\"application\/json\" ref=\"data\">\n\t\t\t\t{\n\t\t\t\t\"sizes\" : {\"medium\":{\"file\":\"SHF_eb00217441-300x200.jpg\",\"width\":300,\"height\":200,\"mime-type\":\"image\\\/jpeg\",\"filesize\":10411},\"large\":{\"file\":\"SHF_eb00217441-1024x683.jpg\",\"width\":1024,\"height\":683,\"mime-type\":\"image\\\/jpeg\",\"filesize\":68272},\"thumbnail\":{\"file\":\"SHF_eb00217441-150x150.jpg\",\"width\":150,\"height\":150,\"mime-type\":\"image\\\/jpeg\",\"filesize\":5902},\"medium_large\":{\"file\":\"SHF_eb00217441-768x512.jpg\",\"width\":768,\"height\":512,\"mime-type\":\"image\\\/jpeg\",\"filesize\":42344},\"small\":{\"file\":\"SHF_eb00217441-440x293.jpg\",\"width\":440,\"height\":293,\"mime-type\":\"image\\\/jpeg\",\"filesize\":18091},\"semi\":{\"file\":\"SHF_eb00217441-580x387.jpg\",\"width\":580,\"height\":387,\"mime-type\":\"image\\\/jpeg\",\"filesize\":27703},\"mobile\":{\"file\":\"SHF_eb00217441-720x480.jpg\",\"width\":720,\"height\":480,\"mime-type\":\"image\\\/jpeg\",\"filesize\":38025},\"hd\":{\"file\":\"SHF_eb00217441-1280x853.jpg\",\"width\":1280,\"height\":853,\"mime-type\":\"image\\\/jpeg\",\"filesize\":99336},\"full\":{\"file\":\"SHF_eb00217441-1920x1280.jpg\",\"width\":1920,\"height\":1280,\"mime-type\":\"image\\\/jpeg\",\"filesize\":199806},\"xxl\":{\"file\":\"SHF_eb00217441-4048x2699.jpg\",\"width\":4048,\"height\":2699,\"mime-type\":\"image\\\/jpeg\",\"filesize\":824316},\"1536x1536\":{\"file\":\"SHF_eb00217441-1536x1024.jpg\",\"width\":1536,\"height\":1024,\"mime-type\":\"image\\\/jpeg\",\"filesize\":135268},\"2048x2048\":{\"file\":\"SHF_eb00217441-2048x1365.jpg\",\"width\":2048,\"height\":1365,\"mime-type\":\"image\\\/jpeg\",\"filesize\":224280},\"original\":{\"file\":\"SHF_eb00217441.jpg\",\"width\":6000,\"height\":4000}},\n\t\t\t\t\"alt\" : \"L\\u00e4chelnder Mann mit lockigem Haar sitzt in einem Caf\\u00e9, umgeben von Pflanzen.\",\n\t\t\t\t\"path\" : \"\\\/wp-content\\\/uploads\\\/2024\\\/02\\\/\",\n\t\t\t\t\"video\" : null,\n\t\t\t\t\"autoplay\" : null,\n\t\t\t\t\"youtube\" : null,\n\t\t\t\t\"youtubelabel\" : \"Video abspielen\",\n\t\t\t\t\"brightness\" : 100,\n\t\t\t\t\"crop\" : {\"top\":\"50.00\",\"left\":\"50.00\"},\n\t\t\t\t\"background\" : true,\n\t\t\t\t\"scale\" : 2\t\t\t\t}\n\t\t\t<\/script>\n\n\t\t\t<div class=\"height-container\" style=\"padding-bottom:66.666666666667%;\" v-if=\"sizes\">\n\t\t\t\t\t\t\t\t<lazy-media :inline=\"true\" :alt=\"alt\" :sizes=\"sizes\" :scale=\"scale\" :brightness=\"brightness\" :path=\"path\" :video=\"video\" :autoplay=\"autoplay\" :youtube=\"youtube\" :crop=\"crop\" :youtubelabel=\"youtubelabel\" :background=\"background\" media-id=\"desc_media_69f17ae0e0774\"><\/lazy-media>\n\t\t\t\t\t\t\t<\/div>\n\n\t\t\t\t\t\t\t<div class=\"lazy-media-info-container-fluid\">\n\t\t\t\t<div class=\"lazy-media-info-row end-xs\">\n\t\t\t\t\t<div class=\"lazy-media-info-col\">\n\t\t\t\t\t\t<div class=\"lazy-media-info\" aria-expanded=\"false\" :aria-expanded=\"isOpen ? 'true' : 'false'\">\n\t\t\t\t\t\t\t<button class=\"lazy-media-info-head button-tiny\" :class=\"{'button-active': isOpen}\" @click=\"toggle\" ref=\"head\"><span class=\"button-label insignificant\">Bildinfo<\/span><\/button>\n\t\t\t\t\t\t\t<figcaption class=\"lazy-media-info-body\" ref=\"body\" id=\"desc_media_69f17ae0e0774\">\n\t\t\t\t\t\t\t\t<div class=\"lazy-media-info-body-content\">\n\t\t\t\t\t\t\t\t\t\t\t\t\t\t\t\t\t\t\t<div>Portrait des Musikers Alex Stolze<\/div>\n\t\t\t\t\t\t\t\t\t\t\t\t\t\t\t\t\t\t\t\t\t\t\t\t\t\t\t\t\t\t\t\t\t\t\t\t\t<div class=\"insignificant\">\u00a9 Alex Stolze<\/div>\n\t\t\t\t\t\t\t\t\t\t\t\t\t\t\t\t\t<\/div>\n\t\t\t\t\t\t\t<\/figcaption>\n\t\t\t\t\t\t\t<div class=\"lazy-media-info-head-border\"><\/div>\n\t\t\t\t\t\t<\/div>\n\t\t\t\t\t<\/div>\n\t\t\t\t<\/div>\n\t\t\t<\/div>\n\t\t\t\t\t\t\t\t\t<\/figure>\n\t<\/lazy-media-inline>\n\t\t\t<\/div>\n\t\t\t<div class=\"col-xs-10 col-sm-6 col-md-5 copy margin-bottom-half\"><h5 class=\"read-speaker\">Alex Stolze<\/h5>\n<p class=\"read-speaker\">Alex Stolze ist ein ostdeutsch-j\u00fcdischer Musiker, Produzent und Songwriter. Seine Kunst spiegelt ein Leben wider, in dem er sich mit seiner j\u00fcdischen Identit\u00e4t und seiner Verbindung zu Israel auseinandersetzt. Er ist in der Bildungsarbeit aktiv und organisiert Veranstaltungen, darunter Musikfestivals und solche mit Bezug zur j\u00fcdischen Gemeinde. Zurzeit ist Alex am Projekt \u201eVerflochtene Erinnerung(en)\u201c beteiligt.<\/p>\n<p>&nbsp;<\/p>\n<\/div>\n\t\t<\/div>\n\t<\/div>\n<\/section>\n\n<section class=\"block block-standard-image-copy rev2nd\"> \n\t<div class=\"container-fluid\">\n\t\t<div class=\"row middle-sm\">\n\t\t\t<div class=\"col-xs-10 col-sm-6 margin-bottom-sixth\" data-motion-parallax='{\"child\":\".image-wrapper\",\"mask\":\".lazy-media\",\"tween\":{\"yPercent\": [-15,15]}}'>\n\t\t\t\t\n\t<lazy-media-inline inline-template>\n\t\t<figure itemscope itemtype=\"http:\/\/schema.org\/ImageObject\" class=\"lazy-media-inline lazy-max-height-exception\" role=\"group\" id=\"media_69f17ae0e13d9\" aria-labelledby=\"desc_media_69f17ae0e13d9\">\n\t\t\t<script type=\"application\/json\" ref=\"data\">\n\t\t\t\t{\n\t\t\t\t\"sizes\" : {\"medium\":{\"file\":\"SHF_eb00227289-275x300.jpg\",\"width\":275,\"height\":300,\"mime-type\":\"image\\\/jpeg\",\"filesize\":12014},\"large\":{\"file\":\"SHF_eb00227289-940x1024.jpg\",\"width\":940,\"height\":1024,\"mime-type\":\"image\\\/jpeg\",\"filesize\":93036},\"thumbnail\":{\"file\":\"SHF_eb00227289-150x150.jpg\",\"width\":150,\"height\":150,\"mime-type\":\"image\\\/jpeg\",\"filesize\":5027},\"medium_large\":{\"file\":\"SHF_eb00227289-768x837.jpg\",\"width\":768,\"height\":837,\"mime-type\":\"image\\\/jpeg\",\"filesize\":62041},\"small\":{\"file\":\"SHF_eb00227289-404x440.jpg\",\"width\":404,\"height\":440,\"mime-type\":\"image\\\/jpeg\",\"filesize\":21244},\"semi\":{\"file\":\"SHF_eb00227289-532x580.jpg\",\"width\":532,\"height\":580,\"mime-type\":\"image\\\/jpeg\",\"filesize\":33046},\"mobile\":{\"file\":\"SHF_eb00227289-661x720.jpg\",\"width\":661,\"height\":720,\"mime-type\":\"image\\\/jpeg\",\"filesize\":47057},\"original\":{\"file\":\"SHF_eb00227289.jpg\",\"width\":1175,\"height\":1280}},\n\t\t\t\t\"alt\" : \"Portr\\u00e4t eines l\\u00e4chelnden Mannes mit Brille, schwarzem Anzug und grauem Hemd vor hellem Hintergrund.\",\n\t\t\t\t\"path\" : \"\\\/wp-content\\\/uploads\\\/2024\\\/07\\\/\",\n\t\t\t\t\"video\" : null,\n\t\t\t\t\"autoplay\" : null,\n\t\t\t\t\"youtube\" : null,\n\t\t\t\t\"youtubelabel\" : \"Video abspielen\",\n\t\t\t\t\"brightness\" : 100,\n\t\t\t\t\"crop\" : null,\n\t\t\t\t\"background\" : false,\n\t\t\t\t\"scale\" : 1\t\t\t\t}\n\t\t\t<\/script>\n\n\t\t\t<div class=\"height-container\" style=\"padding-bottom:108.93617021277%;\" v-if=\"sizes\">\n\t\t\t\t\t\t\t\t<lazy-media :inline=\"true\" :alt=\"alt\" :sizes=\"sizes\" :scale=\"scale\" :brightness=\"brightness\" :path=\"path\" :video=\"video\" :autoplay=\"autoplay\" :youtube=\"youtube\" :crop=\"crop\" :youtubelabel=\"youtubelabel\" :background=\"background\" media-id=\"desc_media_69f17ae0e13d9\"><\/lazy-media>\n\t\t\t\t\t\t\t<\/div>\n\n\t\t\t\t\t\t\t<div class=\"lazy-media-info-container-fluid\">\n\t\t\t\t<div class=\"lazy-media-info-row end-xs\">\n\t\t\t\t\t<div class=\"lazy-media-info-col\">\n\t\t\t\t\t\t<div class=\"lazy-media-info\" aria-expanded=\"false\" :aria-expanded=\"isOpen ? 'true' : 'false'\">\n\t\t\t\t\t\t\t<button class=\"lazy-media-info-head button-tiny\" :class=\"{'button-active': isOpen}\" @click=\"toggle\" ref=\"head\"><span class=\"button-label insignificant\">Bildinfo<\/span><\/button>\n\t\t\t\t\t\t\t<figcaption class=\"lazy-media-info-body\" ref=\"body\" id=\"desc_media_69f17ae0e13d9\">\n\t\t\t\t\t\t\t\t<div class=\"lazy-media-info-body-content\">\n\t\t\t\t\t\t\t\t\t\t\t\t\t\t\t\t\t\t\t<div>Marc Wrasse, Kurator Bildung und Vermittlung<\/div>\n\t\t\t\t\t\t\t\t\t\t\t\t\t\t\t\t\t\t\t\t\t\t\t\t\t\t\t\t\t\t\t\t\t\t\t\t\t<div class=\"insignificant\">\u00a9 Stiftung Humboldt Forum im Berliner Schloss, Foto: David von Becker<\/div>\n\t\t\t\t\t\t\t\t\t\t\t\t\t\t\t\t\t<\/div>\n\t\t\t\t\t\t\t<\/figcaption>\n\t\t\t\t\t\t\t<div class=\"lazy-media-info-head-border\"><\/div>\n\t\t\t\t\t\t<\/div>\n\t\t\t\t\t<\/div>\n\t\t\t\t<\/div>\n\t\t\t<\/div>\n\t\t\t\t\t\t\t\t\t<\/figure>\n\t<\/lazy-media-inline>\n\t\t\t<\/div>\n\t\t\t<div class=\"col-xs-10 col-sm-6 col-md-5 copy margin-bottom-half\"><h5>Marc Wrasse<\/h5>\n<p>Marc Wrasse ist Kurator f\u00fcr Bildung und Vermittlung in der Akademie der Stiftung Humboldt Forum. Aktuell entwickelt er Bildungsformate f\u00fcr eine nachhaltige Auseinandersetzung mit den kolonialen Erbschaften in der Geschichte des Ortes. Zuvor hat er lange f\u00fcr das J\u00fcdische Museum Berlin an der Vermittlung der deutsch-j\u00fcdischen Geschichte, ihren Br\u00fcchen und ihrer Widerstandskraft gearbeitet.<\/p>\n<\/div>\n\t\t<\/div>\n\t<\/div>\n<\/section>\n\n<section class=\"block block-CTA block-CTA-long leftgradient\">\n\t<div class=\"container-fluid\">\n\t\t<div class=\"row center-xs\">\n\t\t\t<div class=\"col-xs-12\">\n\t\t\t\t<div class=\"box\">\n\t\t\t\t\t<a href=\"https:\/\/www.humboldtforum.org\/de\/programm\/dauerangebot\/ausstellung\/2022-ethnologisches-museum-und-museum-fuer-asiatische-kunst-46021\/\" aria-label=\"\" class=\"teaser teaser-cta-wide \">\n\t\t\t\t\t\t<div class=\"teaser-image\">\n\t\t\t\t\t\t\t\n\t<lazy-media-inline inline-template>\n\t\t<figure itemscope itemtype=\"http:\/\/schema.org\/ImageObject\" class=\"lazy-media-inline \" role=\"group\" id=\"media_69f17ae0e35d3\" aria-labelledby=\"desc_media_69f17ae0e35d3\">\n\t\t\t<script type=\"application\/json\" ref=\"data\">\n\t\t\t\t{\n\t\t\t\t\"sizes\" : {\"medium\":{\"file\":\"SHF_eb00158094_Key-Visual-SMB-300x157.jpg\",\"width\":300,\"height\":157,\"mime-type\":\"image\\\/jpeg\",\"filesize\":5666},\"large\":{\"file\":\"SHF_eb00158094_Key-Visual-SMB-1024x536.jpg\",\"width\":1024,\"height\":536,\"mime-type\":\"image\\\/jpeg\",\"filesize\":32341},\"thumbnail\":{\"file\":\"SHF_eb00158094_Key-Visual-SMB-150x150.jpg\",\"width\":150,\"height\":150,\"mime-type\":\"image\\\/jpeg\",\"filesize\":4994},\"medium_large\":{\"file\":\"SHF_eb00158094_Key-Visual-SMB-768x402.jpg\",\"width\":768,\"height\":402,\"mime-type\":\"image\\\/jpeg\",\"filesize\":20951},\"small\":{\"file\":\"SHF_eb00158094_Key-Visual-SMB-440x230.jpg\",\"width\":440,\"height\":230,\"mime-type\":\"image\\\/jpeg\",\"filesize\":9474},\"semi\":{\"file\":\"SHF_eb00158094_Key-Visual-SMB-580x304.jpg\",\"width\":580,\"height\":304,\"mime-type\":\"image\\\/jpeg\",\"filesize\":13901},\"mobile\":{\"file\":\"SHF_eb00158094_Key-Visual-SMB-720x377.jpg\",\"width\":720,\"height\":377,\"mime-type\":\"image\\\/jpeg\",\"filesize\":19038},\"original\":{\"file\":\"SHF_eb00158094_Key-Visual-SMB.jpg\",\"width\":1200,\"height\":628}},\n\t\t\t\t\"alt\" : \"Skulptur einer G\\u00f6ttin vor pinkem Hintergrund, umrahmt von einem wei\\u00dfen Rechteck.\",\n\t\t\t\t\"path\" : \"\\\/wp-content\\\/uploads\\\/2022\\\/12\\\/\",\n\t\t\t\t\"video\" : null,\n\t\t\t\t\"autoplay\" : null,\n\t\t\t\t\"youtube\" : null,\n\t\t\t\t\"youtubelabel\" : \"Video abspielen\",\n\t\t\t\t\"brightness\" : \"80\",\n\t\t\t\t\"crop\" : {\"top\":\"21.21\",\"left\":\"50.16\"},\n\t\t\t\t\"background\" : true,\n\t\t\t\t\"scale\" : 2\t\t\t\t}\n\t\t\t<\/script>\n\n\t\t\t<div class=\"height-container\" style=\"padding-bottom:52.333333333333%;\" v-if=\"sizes\">\n\t\t\t\t\t\t\t\t<lazy-media :inline=\"true\" :alt=\"alt\" :sizes=\"sizes\" :scale=\"scale\" :brightness=\"brightness\" :path=\"path\" :video=\"video\" :autoplay=\"autoplay\" :youtube=\"youtube\" :crop=\"crop\" :youtubelabel=\"youtubelabel\" :background=\"background\" media-id=\"desc_media_69f17ae0e35d3\"><\/lazy-media>\n\t\t\t\t\t\t\t<\/div>\n\n\t\t\t\t\t\t\t<figcaption class=\"sr-only\" ref=\"body\" id=\"desc_media_69f17ae0e35d3\">\n\t\t\t\t\t\t\t\t\t\t\t\t\t\t\t\t\t\t\t\t\t<div class=\"insignificant\">\u00a9 Stiftung Humboldt Forum im Berliner Schloss \/ Staatliche Museen zu Berlin, Museum f\u00fcr Asiatische Kunst und Ethnologisches Museum, Fotos: Claudia Obrocki; Martin Franken; Philipp Jester \/ Jens Blank<\/div>\n\t\t\t\t\t\t\t\t\t<\/figcaption>\n\t\t\t\t\t<\/figure>\n\t<\/lazy-media-inline>\n\t\t\t\t\t\t<\/div>\n\t\t\t\t\t\t<div class=\"teaser-content \">\n\t\t\t\t\t\t\t<div>\n\t\t\t\t\t\t\t\t<div class=\"teaser-overline subline\">Besuchen Sie die Sammlungen in der 2. und 3. Etage<\/div>\t\t\t\t\t\t\t\t<div class=\"teaser-header\"><span class=\"h3\"><\/span><\/div>\n\t\t\t\t\t\t\t\t\t\t\t\t\t\t\t\t<button tabindex=\"-1\" class=\"border\">Ethnologische Sammlungen und Asiatische Kunst<\/button>\n\t\t\t\t\t\t\t<\/div>\n\t\t\t\t\t\t<\/div>\n\t\t\t\t\t<\/a>\n\t\t\t\t<\/div>\n\t\t\t<\/div>\n\t\t<\/div>\n\t<\/div>\n<\/section>\n\n\n<section class=\"block block-CTA block-CTA-long leftgradient\">\n\t<div class=\"container-fluid\">\n\t\t<div class=\"row center-xs\">\n\t\t\t<div class=\"col-xs-12\">\n\t\t\t\t<div class=\"box\">\n\t\t\t\t\t<a href=\"https:\/\/www.humboldtforum.org\/de\/newsletter-2\/\" aria-label=\"Bleiben Sie auf dem Laufenden!\" class=\"teaser teaser-cta-wide \">\n\t\t\t\t\t\t<div class=\"teaser-image\">\n\t\t\t\t\t\t\t\n\t<lazy-media-inline inline-template>\n\t\t<figure itemscope itemtype=\"http:\/\/schema.org\/ImageObject\" class=\"lazy-media-inline \" role=\"group\" id=\"media_69f17ae0e4389\" aria-labelledby=\"desc_media_69f17ae0e4389\">\n\t\t\t<script type=\"application\/json\" ref=\"data\">\n\t\t\t\t{\n\t\t\t\t\"sizes\" : {\"medium\":{\"file\":\"HF_eb00061823-scaled-300x200.jpg\",\"width\":300,\"height\":200,\"mime-type\":\"image\\\/jpeg\",\"filesize\":19186},\"large\":{\"file\":\"HF_eb00061823-scaled-1024x683.jpg\",\"width\":1024,\"height\":683,\"mime-type\":\"image\\\/jpeg\",\"filesize\":138597},\"thumbnail\":{\"file\":\"HF_eb00061823-scaled-150x150.jpg\",\"width\":150,\"height\":150,\"mime-type\":\"image\\\/jpeg\",\"filesize\":8513},\"medium_large\":{\"file\":\"HF_eb00061823-scaled-768x512.jpg\",\"width\":768,\"height\":512,\"mime-type\":\"image\\\/jpeg\",\"filesize\":86200},\"small\":{\"file\":\"HF_eb00061823-scaled-440x293.jpg\",\"width\":440,\"height\":293,\"mime-type\":\"image\\\/jpeg\",\"filesize\":35525},\"semi\":{\"file\":\"HF_eb00061823-scaled-580x387.jpg\",\"width\":580,\"height\":387,\"mime-type\":\"image\\\/jpeg\",\"filesize\":55724},\"mobile\":{\"file\":\"HF_eb00061823-scaled-720x480.jpg\",\"width\":720,\"height\":480,\"mime-type\":\"image\\\/jpeg\",\"filesize\":77971},\"hd\":{\"file\":\"HF_eb00061823-scaled-1280x854.jpg\",\"width\":1280,\"height\":854,\"mime-type\":\"image\\\/jpeg\",\"filesize\":202477},\"full\":{\"file\":\"HF_eb00061823-scaled-1920x1280.jpg\",\"width\":1920,\"height\":1280,\"mime-type\":\"image\\\/jpeg\",\"filesize\":386736},\"1536x1536\":{\"file\":\"HF_eb00061823-scaled-1536x1024.jpg\",\"width\":1536,\"height\":1024,\"mime-type\":\"image\\\/jpeg\",\"filesize\":266197},\"2048x2048\":{\"file\":\"HF_eb00061823-scaled-2048x1366.jpg\",\"width\":2048,\"height\":1366,\"mime-type\":\"image\\\/jpeg\",\"filesize\":430206},\"original\":{\"file\":\"HF_eb00061823-scaled.jpg\",\"width\":2560,\"height\":1707}},\n\t\t\t\t\"alt\" : \"Blick in das beleuchtete Foyer von der Galerie im ersten Stock mit Besuchenden, Infopoint und Medienturm\",\n\t\t\t\t\"path\" : \"\\\/wp-content\\\/uploads\\\/2020\\\/04\\\/\",\n\t\t\t\t\"video\" : null,\n\t\t\t\t\"autoplay\" : null,\n\t\t\t\t\"youtube\" : null,\n\t\t\t\t\"youtubelabel\" : \"Video abspielen\",\n\t\t\t\t\"brightness\" : \"70\",\n\t\t\t\t\"crop\" : {\"top\":\"90.37\",\"left\":\"39.93\"},\n\t\t\t\t\"background\" : true,\n\t\t\t\t\"scale\" : 2\t\t\t\t}\n\t\t\t<\/script>\n\n\t\t\t<div class=\"height-container\" style=\"padding-bottom:66.6796875%;\" v-if=\"sizes\">\n\t\t\t\t\t\t\t\t<lazy-media :inline=\"true\" :alt=\"alt\" :sizes=\"sizes\" :scale=\"scale\" :brightness=\"brightness\" :path=\"path\" :video=\"video\" :autoplay=\"autoplay\" :youtube=\"youtube\" :crop=\"crop\" :youtubelabel=\"youtubelabel\" :background=\"background\" media-id=\"desc_media_69f17ae0e4389\"><\/lazy-media>\n\t\t\t\t\t\t\t<\/div>\n\n\t\t\t\t\t\t\t<figcaption class=\"sr-only\" ref=\"body\" id=\"desc_media_69f17ae0e4389\">\n\t\t\t\t\t\t\t\t\t\t\t<div>Blick in das Foyer, November 2019.<\/div>\n\t\t\t\t\t\t\t\t\t\t\t\t\t\t\t\t\t\t\t\t\t<div class=\"insignificant\">\u00a9 Stiftung Humboldt Forum im Berliner Schloss \/ David von Becker<\/div>\n\t\t\t\t\t\t\t\t\t<\/figcaption>\n\t\t\t\t\t<\/figure>\n\t<\/lazy-media-inline>\n\t\t\t\t\t\t<\/div>\n\t\t\t\t\t\t<div class=\"teaser-content \">\n\t\t\t\t\t\t\t<div>\n\t\t\t\t\t\t\t\t\t\t\t\t\t\t\t\t<div class=\"teaser-header\"><span class=\"h3\">Bleiben Sie auf dem Laufenden!<\/span><\/div>\n\t\t\t\t\t\t\t\t<div class=\"teaser-subline\"><span class=\"font-decoration\">Abonnieren Sie unseren Newsletter.<\/span><\/div>\t\t\t\t\t\t\t\t<button tabindex=\"-1\" class=\"border\">Hier klicken<\/button>\n\t\t\t\t\t\t\t<\/div>\n\t\t\t\t\t\t<\/div>\n\t\t\t\t\t<\/a>\n\t\t\t\t<\/div>\n\t\t\t<\/div>\n\t\t<\/div>\n\t<\/div>\n<\/section>\n","protected":false},"template":"","genre":[1078],"digital":[],"topic":[],"stakeholder":[530,382],"editorial":[],"editorialfilter":[],"targetgroup":[],"language":[384,385],"accessability":[],"age":[],"school":[],"groupsize":[],"place":[1558],"class_list":["post-132533","event","type-event","status-publish","hentry","genre-gespraech","stakeholder-staatliche-museen-zu-berlin","stakeholder-stiftung-humboldt-forum-im-berliner-schloss","language-deutsch","language-englisch","place-mechanische-arena-im-foyer"],"acf":[],"_links":{"self":[{"href":"https:\/\/www.humboldtforum.org\/de\/wp-json\/wp\/v2\/event\/132533","targetHints":{"allow":["GET"]}}],"collection":[{"href":"https:\/\/www.humboldtforum.org\/de\/wp-json\/wp\/v2\/event"}],"about":[{"href":"https:\/\/www.humboldtforum.org\/de\/wp-json\/wp\/v2\/types\/event"}],"version-history":[{"count":12,"href":"https:\/\/www.humboldtforum.org\/de\/wp-json\/wp\/v2\/event\/132533\/revisions"}],"predecessor-version":[{"id":146261,"href":"https:\/\/www.humboldtforum.org\/de\/wp-json\/wp\/v2\/event\/132533\/revisions\/146261"}],"wp:attachment":[{"href":"https:\/\/www.humboldtforum.org\/de\/wp-json\/wp\/v2\/media?parent=132533"}],"wp:term":[{"taxonomy":"genre","embeddable":true,"href":"https:\/\/www.humboldtforum.org\/de\/wp-json\/wp\/v2\/genre?post=132533"},{"taxonomy":"digital","embeddable":true,"href":"https:\/\/www.humboldtforum.org\/de\/wp-json\/wp\/v2\/digital?post=132533"},{"taxonomy":"topic","embeddable":true,"href":"https:\/\/www.humboldtforum.org\/de\/wp-json\/wp\/v2\/topic?post=132533"},{"taxonomy":"stakeholder","embeddable":true,"href":"https:\/\/www.humboldtforum.org\/de\/wp-json\/wp\/v2\/stakeholder?post=132533"},{"taxonomy":"editorial","embeddable":true,"href":"https:\/\/www.humboldtforum.org\/de\/wp-json\/wp\/v2\/editorial?post=132533"},{"taxonomy":"editorialfilter","embeddable":true,"href":"https:\/\/www.humboldtforum.org\/de\/wp-json\/wp\/v2\/editorialfilter?post=132533"},{"taxonomy":"targetgroup","embeddable":true,"href":"https:\/\/www.humboldtforum.org\/de\/wp-json\/wp\/v2\/targetgroup?post=132533"},{"taxonomy":"language","embeddable":true,"href":"https:\/\/www.humboldtforum.org\/de\/wp-json\/wp\/v2\/language?post=132533"},{"taxonomy":"accessability","embeddable":true,"href":"https:\/\/www.humboldtforum.org\/de\/wp-json\/wp\/v2\/accessability?post=132533"},{"taxonomy":"age","embeddable":true,"href":"https:\/\/www.humboldtforum.org\/de\/wp-json\/wp\/v2\/age?post=132533"},{"taxonomy":"school","embeddable":true,"href":"https:\/\/www.humboldtforum.org\/de\/wp-json\/wp\/v2\/school?post=132533"},{"taxonomy":"groupsize","embeddable":true,"href":"https:\/\/www.humboldtforum.org\/de\/wp-json\/wp\/v2\/groupsize?post=132533"},{"taxonomy":"place","embeddable":true,"href":"https:\/\/www.humboldtforum.org\/de\/wp-json\/wp\/v2\/place?post=132533"}],"curies":[{"name":"wp","href":"https:\/\/api.w.org\/{rel}","templated":true}]}}