{"id":134473,"date":"2024-08-08T10:19:54","date_gmt":"2024-08-08T08:19:54","guid":{"rendered":"https:\/\/www.humboldtforum.org\/?post_type=event&#038;p=134473"},"modified":"2024-10-12T09:59:00","modified_gmt":"2024-10-12T07:59:00","slug":"angebote-ab-10-jahren-in-saal-2","status":"publish","type":"event","link":"https:\/\/www.humboldtforum.org\/de\/programm\/termin\/festival\/angebote-ab-10-jahren-in-saal-2-134473\/","title":{"rendered":"Angebote ab 10 Jahren in Saal 2"},"content":{"rendered":"<section class=\"block block-copy\" >\n    <div class=\"container-fluid\">\n\t\t<div class=\"row \">\n            <div class=\"col-xs-12 col-md-offset-2 col-md-8\">\n                <div class=\"box\">\n                    <div class=\"copy\"><p>Gestalte phantasievolle Gem\u00fcsesorten mit KI, produziere Stempel und Schablonen im Laser Cutter, entdecke l\u00e4ngst vergessene Retro-Games, sample und visualisiere experimentelle Kl\u00e4nge, werde dein eigener digitaler Avatar und l\u00f6se im Escape Room R\u00e4tsel aus der Mechanik. Saal 2 im EG des Humboldt Forums bietet ein vielf\u00e4ltiges Mitmach-Programm, bei dem Jugendliche und Erwachsene aktuelle technologische Entwicklungen kennenlernen und selbst kreativ werden k\u00f6nnen.<\/p>\n<h4>Programm\u00fcbersicht<\/h4>\n<ul>\n<li><em>Make it and say it!<\/em> \u2013 Setze ein Statement mit Stempeln und Schablonen aus dem Laser Cutter (Stiftung Humboldt Forum im <span class=\"w-term-highlight\">Berliner Schloss<\/span>)<\/li>\n<li><em>Unendliche Geschichten<\/em> &#8211; erschaffe mit Bastelmaterialien eigene KI-M\u00e4rchenwelten (CyberR\u00e4uber)<\/li>\n<li><em>Future or Fiction?<\/em> \u2013 Gestalte und programmiere deine Zukunftsvision mit CoSpaces (Stiftung Humboldt Forum im <span class=\"w-term-highlight\">Berliner Schloss<\/span>)<\/li>\n<li><em>Scan, create and play!<\/em> \u2013 Scanne 3D und kreiere einen Avatar f\u00fcr dein Game (Stiftung Humboldt Forum im <span class=\"w-term-highlight\">Berliner Schloss<\/span>)<\/li>\n<li><em>GAMEchanics<\/em> \u2013 L\u00f6se im Escape Room R\u00e4tsel aus der Mechanik (Technische Universit\u00e4t Berlin)<\/li>\n<li><em>OUT OF MEMORY ERROR<\/em> \u2013 Retrogames auf dem C64 programmieren und spielen (Computerspielemuseum)<\/li>\n<li><em>Klangwolken<\/em> \u2013 Experimentelles Sounddesign mit Musikapps (App2Music)<\/li>\n<li><em>#hacktheworldabetterplace<\/em> \u2013 Sammle erste Erfahrungen im programmieren und code dein eigenes Spiel (Hacker School)<\/li>\n<li><em>KI: Break the Bias<\/em> \u2013 Programmier deine App f\u00fcr mehr Fairness (Junge T\u00fcftler*innen)<\/li>\n<li><em>Smart-Irrigation<\/em> \u2013 Baue und programmiere ein Bew\u00e4sserungssystem mit Arduino und Scratch (1769 Resilience Lab)<\/li>\n<li><em>KI Atelier<\/em> \u2013 Kreiere fantasievolle Gem\u00fcsesorten und werde Teil eines gro\u00dfen Memorys (Zentral- und Landesbibliothek)<\/li>\n<li><em>Code verstehen<\/em> \u2013 Entdecke Arduino und Python und programmiere Roboter analog (Zentral- und Landesbibliothek)<\/li>\n<li><em>Sphero-Sph\u00e4ren<\/em> \u2013 Erschaffe einen Zauberspruch und lass einen Roboter f\u00fcr dich zaubern (Stadtbibliothek Friedrichshain-Kreuzberg)<\/li>\n<li><em>digimenta<\/em> \u2013 Lass dich von Ph\u00e4nomenen des digitalen Alltags \u00fcberraschen (Stadtbibliothek Mitte)<\/li>\n<li><em>Escape your reality!<\/em> \u2013 Zerschlage fliegende Bl\u00f6cke im Takt und entkomme aus einem Escape Room (Stadtbibliothek Pankow)<\/li>\n<\/ul>\n<p><em>Bitte buchen Sie pro Person ein kostenfreies Ticket f\u00fcr das gew\u00fcnschte Zeitfenster und kommen Sie p\u00fcnktlich zum Veranstaltungsort. 15 Minuten nach Beginn des gebuchten Zeitslots kann der Einlass nicht mehr garantiert werden.<\/em><\/p>\n<\/div>\n                <\/div>\n            <\/div>\n\t\t<\/div>\n\t\t    <\/div>\n<\/section>\n\n<section class=\"block block-teaser col-1 has-bg\" style=\"--teaser-bg:#f2f2f2\">\n\t<lazy-component :fixed-min-height=\"400\">\n\t\n\t\t\t\t\t<div class=\"container-fluid\">\n\t\t\t\t<div class=\"row bottom-xs\">\n\t\t\t\t\t<div class=\"col-xs-12 col-sm-10 col-md-8 col-sm-offset-1 col-md-offset-2\">\n\t\t\t\t\t\t<h4>geh\u00f6rt zu<\/h4>\t\t\t\t\t\t\t\t\t\t\t\t\t\t\t\t\t\t\t<\/div>\n\t\t\t\t\t<div class=\"col-xs-12 col-sm-10 col-md-8 col-sm-offset-1 col-md-offset-2 start-xs end-md margin-bottom-sixth\">\n\t\t\t\t\t\t\t\t\t\t\t<\/div>\n\t\t\t\t<\/div>\n\t\t\t\t<ul class=\"row\">\n\t\t\t\n<li class=\"col-xs-12 teaser-wrapper col-padding-remove\">\n\t<calendarteaser key=\"1344659277\" rawitem='{&quot;postId&quot;:134465,&quot;title&quot;:&quot;Mitmach-Festival zur Code Week&quot;,&quot;excerpt&quot;:&quot;&quot;,&quot;slug&quot;:&quot;mitmach-festival-zur-code-week&quot;,&quot;post_date&quot;:&quot;2024-08-08T10:19&quot;,&quot;type&quot;:&quot;event&quot;,&quot;permalink&quot;:&quot;https:\\\/\\\/www.humboldtforum.org\\\/de\\\/programm\\\/termin\\\/festival\\\/mitmach-festival-zur-code-week-134465\\\/&quot;,&quot;genre&quot;:[845],&quot;genre_details&quot;:[{&quot;text&quot;:&quot;Festival&quot;,&quot;id&quot;:845,&quot;icon&quot;:null,&quot;parent&quot;:0}],&quot;stakeholder&quot;:[382],&quot;stakeholder_details&quot;:[{&quot;text&quot;:&quot;Stiftung Humboldt Forum im Berliner Schloss&quot;,&quot;id&quot;:382,&quot;icon&quot;:null,&quot;parent&quot;:0}],&quot;targetgroup&quot;:[455,454],&quot;targetgroup_details&quot;:[{&quot;text&quot;:&quot;Jugendliche&quot;,&quot;id&quot;:455,&quot;icon&quot;:null,&quot;parent&quot;:0},{&quot;text&quot;:&quot;Kinder und Familien&quot;,&quot;id&quot;:454,&quot;icon&quot;:null,&quot;parent&quot;:0}],&quot;language&quot;:[384,385],&quot;language_details&quot;:[{&quot;text&quot;:&quot;Deutsch&quot;,&quot;id&quot;:384,&quot;icon&quot;:null,&quot;parent&quot;:0},{&quot;text&quot;:&quot;Englisch&quot;,&quot;id&quot;:385,&quot;icon&quot;:null,&quot;parent&quot;:0}],&quot;place&quot;:[957,883,1880,1034],&quot;place_details&quot;:{&quot;place&quot;:&quot;Humboldt Forum&quot;,&quot;map&quot;:&quot;Humboldt Forum, Schlossplatz, Berlin&quot;,&quot;room&quot;:&quot;Foyer, Saal 2, EG, Werkr\\u00e4ume, 1. OG&quot;},&quot;icon_overwrite&quot;:&quot;&quot;,&quot;acf&quot;:{&quot;noindex&quot;:false,&quot;keywords&quot;:&quot;&quot;,&quot;hashtag&quot;:&quot;HumboldtForum&quot;,&quot;belongsto&quot;:false,&quot;shorturl&quot;:&quot;&quot;,&quot;times&quot;:[],&quot;planning&quot;:{&quot;price&quot;:&quot;kostenfrei&quot;,&quot;admission&quot;:&quot;&quot;,&quot;pause&quot;:&quot;&quot;,&quot;duration&quot;:&quot;&quot;},&quot;tickettext&quot;:&quot;Bitte buchen Sie ein Zeitfensterticket f\\u00fcr die Angebote ab 5 Jahren (Werkr\\u00e4ume) oder die Angebote ab 10 Jahren (Saal 2).&quot;,&quot;additional_info&quot;:{&quot;icon&quot;:&quot;icon-alterfreigabe&quot;,&quot;text&quot;:&quot;Ab 5 bzw. 10 Jahren&quot;},&quot;highlight_header&quot;:true,&quot;highlight_header_image&quot;:134461,&quot;has_mobile_format&quot;:false,&quot;use_video_in_teasers&quot;:false,&quot;hyphenation&quot;:true,&quot;tipp&quot;:false,&quot;joker&quot;:false,&quot;live&quot;:false,&quot;hide_event_in_program&quot;:false,&quot;gomus_id&quot;:&quot;&quot;,&quot;hm_id&quot;:&quot;&quot;,&quot;events&quot;:[134468,134473],&quot;redirect&quot;:&quot;https:\\\/\\\/www.humboldtforum.org\\\/de\\\/programm\\\/termin\\\/festival\\\/join-the-digital-family-150771\\\/&quot;},&quot;date&quot;:{&quot;NX&quot;:null,&quot;NXX&quot;:null,&quot;NLAST&quot;:&quot;202410120700&quot;,&quot;from_DATE&quot;:&quot;20241012 11:00&quot;,&quot;from&quot;:1728716400,&quot;to&quot;:1728716400,&quot;to_DATE&quot;:&quot;20241012 11:00&quot;,&quot;from_HRFSHORT&quot;:&quot;12. Okt 2024&quot;,&quot;from_HRFSHORT_WD&quot;:&quot;Sa 12.10.2024&quot;,&quot;to_HRFSHORT&quot;:&quot;12. Okt 2024&quot;,&quot;to_HRFSHORT_WD&quot;:&quot;Sa 12.10.2024&quot;,&quot;from_HRF&quot;:&quot;Sa, 12. Oktober 2024&quot;,&quot;to_HRF&quot;:&quot;Sa, 12. Oktober 2024&quot;,&quot;from_to_HRF&quot;:&quot;Sa, 12. Oktober \\u2013 Sa, 12. Oktober 2024&quot;,&quot;from_to_HRFSHORT&quot;:&quot;12. Okt \\u2013 12. Okt 2024&quot;},&quot;alert&quot;:&quot;Highlight&quot;,&quot;partof&quot;:[],&quot;marketing_topic&quot;:&quot;&quot;}' inline-template>\n\t<a href=\"https:\/\/www.humboldtforum.org\/de\/programm\/termin\/festival\/mitmach-festival-zur-code-week-134465\/\" class=\"teaser teaser-event teaser-event-standard\">\n\t\t<div class=\"row\">\n\t\t\t<div class=\"col-xs-12 col-sm-6 col-md-5 col-sm-offset-1 col-md-offset-2 first-sm teaser-event-text Infos\">\n\t\t\t\t<div class=\"teaser-event-standard-text\">\n\t\t\t\t\t<div class=\"margin-bottom-atom\">\n\t\t\t\t\t\t<div class=\"subline clamp-1\" v-html=\"maingenre\"><\/div>\n\t\t\t\t\t\t\t\t\t\t\t<\/div>\n\t\t\t\t\n\t\t\t\t\t<strong class=\"margin-bottom-atom h5\">Mitmach-Festival zur Code Week<\/strong>\n\n\t\t\t\t\t\t\t\t\t<\/div>\n\t\t\t\t<div class=\"teaser-bottom border-bottom\">\n\t\t\t\t<calendardateline :rawitem='item' :show-icon=\"true\"><\/calendardateline>\n\t\t\t\t\t<hr>\n\t\t\t\t<\/div>\n\t\t\t<\/div>\n\t\t\t<div class=\"col-xs-12 col-sm-4 col-md-3 teaser-event-image bottom-xs first-xs\">\n\t\t\t\t<div class=\"teaser-image teaser-image-no-alternate\">\n\t\t\t\t\t\t\t\t\t\t\t\t\t<span class=\"alert\">Highlight<\/span>\n\t\t\t\t\t\t\t\t\t\t\t\n\t<lazy-media-inline inline-template>\n\t\t<figure itemscope itemtype=\"http:\/\/schema.org\/ImageObject\" class=\"lazy-media-inline \" role=\"group\" id=\"media_69f2e16884aad\" aria-labelledby=\"desc_media_69f2e16884aad\">\n\t\t\t<script type=\"application\/json\" ref=\"data\">\n\t\t\t\t{\n\t\t\t\t\"sizes\" : {\"medium\":{\"file\":\"SHF_eb00208133-300x200.jpg\",\"width\":300,\"height\":200,\"mime-type\":\"image\\\/jpeg\",\"filesize\":16439},\"large\":{\"file\":\"SHF_eb00208133-1024x683.jpg\",\"width\":1024,\"height\":683,\"mime-type\":\"image\\\/jpeg\",\"filesize\":92838},\"thumbnail\":{\"file\":\"SHF_eb00208133-150x150.jpg\",\"width\":150,\"height\":150,\"mime-type\":\"image\\\/jpeg\",\"filesize\":7754},\"medium_large\":{\"file\":\"SHF_eb00208133-768x512.jpg\",\"width\":768,\"height\":512,\"mime-type\":\"image\\\/jpeg\",\"filesize\":61286},\"small\":{\"file\":\"SHF_eb00208133-440x293.jpg\",\"width\":440,\"height\":293,\"mime-type\":\"image\\\/jpeg\",\"filesize\":28272},\"semi\":{\"file\":\"SHF_eb00208133-580x387.jpg\",\"width\":580,\"height\":387,\"mime-type\":\"image\\\/jpeg\",\"filesize\":42101},\"mobile\":{\"file\":\"SHF_eb00208133-720x480.jpg\",\"width\":720,\"height\":480,\"mime-type\":\"image\\\/jpeg\",\"filesize\":56191},\"hd\":{\"file\":\"SHF_eb00208133-1280x854.jpg\",\"width\":1280,\"height\":854,\"mime-type\":\"image\\\/jpeg\",\"filesize\":127494},\"full\":{\"file\":\"SHF_eb00208133-1920x1280.jpg\",\"width\":1920,\"height\":1280,\"mime-type\":\"image\\\/jpeg\",\"filesize\":234852},\"1536x1536\":{\"file\":\"SHF_eb00208133-1536x1024.jpg\",\"width\":1536,\"height\":1024,\"mime-type\":\"image\\\/jpeg\",\"filesize\":166162},\"2048x2048\":{\"file\":\"SHF_eb00208133-2048x1366.jpg\",\"width\":2048,\"height\":1366,\"mime-type\":\"image\\\/jpeg\",\"filesize\":261534},\"original\":{\"file\":\"SHF_eb00208133.jpg\",\"width\":2500,\"height\":1667}},\n\t\t\t\t\"alt\" : \"Zwei Personen diskutieren an einem Tisch, w\\u00e4hrend ein Bildschirm eine 3D-Animation zeigt; im Hintergrund ist eine Menschenmenge.\",\n\t\t\t\t\"path\" : \"\\\/wp-content\\\/uploads\\\/2024\\\/08\\\/\",\n\t\t\t\t\"video\" : null,\n\t\t\t\t\"autoplay\" : null,\n\t\t\t\t\"youtube\" : null,\n\t\t\t\t\"youtubelabel\" : \"Video abspielen\",\n\t\t\t\t\"brightness\" : 100,\n\t\t\t\t\"crop\" : null,\n\t\t\t\t\"background\" : true,\n\t\t\t\t\"scale\" : 1\t\t\t\t}\n\t\t\t<\/script>\n\n\t\t\t<div class=\"height-container\" style=\"padding-bottom:66.68%;\" v-if=\"sizes\">\n\t\t\t\t\t\t\t\t<lazy-media :inline=\"true\" :alt=\"alt\" :sizes=\"sizes\" :scale=\"scale\" :brightness=\"brightness\" :path=\"path\" :video=\"video\" :autoplay=\"autoplay\" :youtube=\"youtube\" :crop=\"crop\" :youtubelabel=\"youtubelabel\" :background=\"background\" media-id=\"desc_media_69f2e16884aad\"><\/lazy-media>\n\t\t\t\t\t\t\t<\/div>\n\n\t\t\t\t\t\t\t<figcaption class=\"sr-only\" ref=\"body\" id=\"desc_media_69f2e16884aad\">\n\t\t\t\t\t\t\t\t\t\t\t<div>&quot;Let&#039;s Code Again!&quot; Mitmach-Festival im Rahmen der Berlin Code Week im Saal 2<\/div>\n\t\t\t\t\t\t\t\t\t\t\t\t\t\t\t\t\t\t\t\t\t<div class=\"insignificant\">\u00a9 Stiftung Humboldt Forum im Berliner Schloss, Foto: Frank Sperling<\/div>\n\t\t\t\t\t\t\t\t\t<\/figcaption>\n\t\t\t\t\t<\/figure>\n\t<\/lazy-media-inline>\n\t\t\t\t<\/div>\n\t\t\t<\/div>\n\t\t<\/div>\n\t<\/a>\n\t<\/calendarteaser>\n<\/li>\n\n\t\t\t\t<\/ul>\n\t\t\t<\/div>\n\t\t\t\t<\/lazy-component>\n<\/section>\n\n\n\n<section class=\"block block-CTA block-CTA-long leftgradient\">\n\t<div class=\"container-fluid\">\n\t\t<div class=\"row center-xs\">\n\t\t\t<div class=\"col-xs-12\">\n\t\t\t\t<div class=\"box\">\n\t\t\t\t\t<a href=\"https:\/\/www.humboldtforum.org\/de\/newsletter-2\/\" aria-label=\"Bleiben Sie auf dem Laufenden!\" class=\"teaser teaser-cta-wide \">\n\t\t\t\t\t\t<div class=\"teaser-image\">\n\t\t\t\t\t\t\t\n\t<lazy-media-inline inline-template>\n\t\t<figure itemscope itemtype=\"http:\/\/schema.org\/ImageObject\" class=\"lazy-media-inline \" role=\"group\" id=\"media_69f2e16886a47\" aria-labelledby=\"desc_media_69f2e16886a47\">\n\t\t\t<script type=\"application\/json\" ref=\"data\">\n\t\t\t\t{\n\t\t\t\t\"sizes\" : {\"medium\":{\"file\":\"HF_eb00061823-scaled-300x200.jpg\",\"width\":300,\"height\":200,\"mime-type\":\"image\\\/jpeg\",\"filesize\":19186},\"large\":{\"file\":\"HF_eb00061823-scaled-1024x683.jpg\",\"width\":1024,\"height\":683,\"mime-type\":\"image\\\/jpeg\",\"filesize\":138597},\"thumbnail\":{\"file\":\"HF_eb00061823-scaled-150x150.jpg\",\"width\":150,\"height\":150,\"mime-type\":\"image\\\/jpeg\",\"filesize\":8513},\"medium_large\":{\"file\":\"HF_eb00061823-scaled-768x512.jpg\",\"width\":768,\"height\":512,\"mime-type\":\"image\\\/jpeg\",\"filesize\":86200},\"small\":{\"file\":\"HF_eb00061823-scaled-440x293.jpg\",\"width\":440,\"height\":293,\"mime-type\":\"image\\\/jpeg\",\"filesize\":35525},\"semi\":{\"file\":\"HF_eb00061823-scaled-580x387.jpg\",\"width\":580,\"height\":387,\"mime-type\":\"image\\\/jpeg\",\"filesize\":55724},\"mobile\":{\"file\":\"HF_eb00061823-scaled-720x480.jpg\",\"width\":720,\"height\":480,\"mime-type\":\"image\\\/jpeg\",\"filesize\":77971},\"hd\":{\"file\":\"HF_eb00061823-scaled-1280x854.jpg\",\"width\":1280,\"height\":854,\"mime-type\":\"image\\\/jpeg\",\"filesize\":202477},\"full\":{\"file\":\"HF_eb00061823-scaled-1920x1280.jpg\",\"width\":1920,\"height\":1280,\"mime-type\":\"image\\\/jpeg\",\"filesize\":386736},\"1536x1536\":{\"file\":\"HF_eb00061823-scaled-1536x1024.jpg\",\"width\":1536,\"height\":1024,\"mime-type\":\"image\\\/jpeg\",\"filesize\":266197},\"2048x2048\":{\"file\":\"HF_eb00061823-scaled-2048x1366.jpg\",\"width\":2048,\"height\":1366,\"mime-type\":\"image\\\/jpeg\",\"filesize\":430206},\"original\":{\"file\":\"HF_eb00061823-scaled.jpg\",\"width\":2560,\"height\":1707}},\n\t\t\t\t\"alt\" : \"Blick in das beleuchtete Foyer von der Galerie im ersten Stock mit Besuchenden, Infopoint und Medienturm\",\n\t\t\t\t\"path\" : \"\\\/wp-content\\\/uploads\\\/2020\\\/04\\\/\",\n\t\t\t\t\"video\" : null,\n\t\t\t\t\"autoplay\" : null,\n\t\t\t\t\"youtube\" : null,\n\t\t\t\t\"youtubelabel\" : \"Video abspielen\",\n\t\t\t\t\"brightness\" : \"70\",\n\t\t\t\t\"crop\" : {\"top\":\"90.37\",\"left\":\"39.93\"},\n\t\t\t\t\"background\" : true,\n\t\t\t\t\"scale\" : 2\t\t\t\t}\n\t\t\t<\/script>\n\n\t\t\t<div class=\"height-container\" style=\"padding-bottom:66.6796875%;\" v-if=\"sizes\">\n\t\t\t\t\t\t\t\t<lazy-media :inline=\"true\" :alt=\"alt\" :sizes=\"sizes\" :scale=\"scale\" :brightness=\"brightness\" :path=\"path\" :video=\"video\" :autoplay=\"autoplay\" :youtube=\"youtube\" :crop=\"crop\" :youtubelabel=\"youtubelabel\" :background=\"background\" media-id=\"desc_media_69f2e16886a47\"><\/lazy-media>\n\t\t\t\t\t\t\t<\/div>\n\n\t\t\t\t\t\t\t<figcaption class=\"sr-only\" ref=\"body\" id=\"desc_media_69f2e16886a47\">\n\t\t\t\t\t\t\t\t\t\t\t<div>Blick in das Foyer, November 2019.<\/div>\n\t\t\t\t\t\t\t\t\t\t\t\t\t\t\t\t\t\t\t\t\t<div class=\"insignificant\">\u00a9 Stiftung Humboldt Forum im Berliner Schloss \/ David von Becker<\/div>\n\t\t\t\t\t\t\t\t\t<\/figcaption>\n\t\t\t\t\t<\/figure>\n\t<\/lazy-media-inline>\n\t\t\t\t\t\t<\/div>\n\t\t\t\t\t\t<div class=\"teaser-content \">\n\t\t\t\t\t\t\t<div>\n\t\t\t\t\t\t\t\t\t\t\t\t\t\t\t\t<div class=\"teaser-header\"><span class=\"h3\">Bleiben Sie auf dem Laufenden!<\/span><\/div>\n\t\t\t\t\t\t\t\t<div class=\"teaser-subline\"><span class=\"font-decoration\">Abonnieren Sie unseren Newsletter.<\/span><\/div>\t\t\t\t\t\t\t\t<button tabindex=\"-1\" class=\"border\">Hier klicken<\/button>\n\t\t\t\t\t\t\t<\/div>\n\t\t\t\t\t\t<\/div>\n\t\t\t\t\t<\/a>\n\t\t\t\t<\/div>\n\t\t\t<\/div>\n\t\t<\/div>\n\t<\/div>\n<\/section>\n","protected":false},"template":"","genre":[845],"digital":[],"topic":[],"stakeholder":[382],"editorial":[],"editorialfilter":[],"targetgroup":[455,454],"language":[384,385],"accessability":[],"age":[1878],"school":[],"groupsize":[],"place":[883],"class_list":["post-134473","event","type-event","status-publish","hentry","genre-festival","stakeholder-stiftung-humboldt-forum-im-berliner-schloss","targetgroup-jugendliche","targetgroup-kinder-und-familien","language-deutsch","language-englisch","age-ab-10-jahre","place-saal-2-eg"],"acf":[],"_links":{"self":[{"href":"https:\/\/www.humboldtforum.org\/de\/wp-json\/wp\/v2\/event\/134473","targetHints":{"allow":["GET"]}}],"collection":[{"href":"https:\/\/www.humboldtforum.org\/de\/wp-json\/wp\/v2\/event"}],"about":[{"href":"https:\/\/www.humboldtforum.org\/de\/wp-json\/wp\/v2\/types\/event"}],"version-history":[{"count":7,"href":"https:\/\/www.humboldtforum.org\/de\/wp-json\/wp\/v2\/event\/134473\/revisions"}],"predecessor-version":[{"id":138696,"href":"https:\/\/www.humboldtforum.org\/de\/wp-json\/wp\/v2\/event\/134473\/revisions\/138696"}],"wp:attachment":[{"href":"https:\/\/www.humboldtforum.org\/de\/wp-json\/wp\/v2\/media?parent=134473"}],"wp:term":[{"taxonomy":"genre","embeddable":true,"href":"https:\/\/www.humboldtforum.org\/de\/wp-json\/wp\/v2\/genre?post=134473"},{"taxonomy":"digital","embeddable":true,"href":"https:\/\/www.humboldtforum.org\/de\/wp-json\/wp\/v2\/digital?post=134473"},{"taxonomy":"topic","embeddable":true,"href":"https:\/\/www.humboldtforum.org\/de\/wp-json\/wp\/v2\/topic?post=134473"},{"taxonomy":"stakeholder","embeddable":true,"href":"https:\/\/www.humboldtforum.org\/de\/wp-json\/wp\/v2\/stakeholder?post=134473"},{"taxonomy":"editorial","embeddable":true,"href":"https:\/\/www.humboldtforum.org\/de\/wp-json\/wp\/v2\/editorial?post=134473"},{"taxonomy":"editorialfilter","embeddable":true,"href":"https:\/\/www.humboldtforum.org\/de\/wp-json\/wp\/v2\/editorialfilter?post=134473"},{"taxonomy":"targetgroup","embeddable":true,"href":"https:\/\/www.humboldtforum.org\/de\/wp-json\/wp\/v2\/targetgroup?post=134473"},{"taxonomy":"language","embeddable":true,"href":"https:\/\/www.humboldtforum.org\/de\/wp-json\/wp\/v2\/language?post=134473"},{"taxonomy":"accessability","embeddable":true,"href":"https:\/\/www.humboldtforum.org\/de\/wp-json\/wp\/v2\/accessability?post=134473"},{"taxonomy":"age","embeddable":true,"href":"https:\/\/www.humboldtforum.org\/de\/wp-json\/wp\/v2\/age?post=134473"},{"taxonomy":"school","embeddable":true,"href":"https:\/\/www.humboldtforum.org\/de\/wp-json\/wp\/v2\/school?post=134473"},{"taxonomy":"groupsize","embeddable":true,"href":"https:\/\/www.humboldtforum.org\/de\/wp-json\/wp\/v2\/groupsize?post=134473"},{"taxonomy":"place","embeddable":true,"href":"https:\/\/www.humboldtforum.org\/de\/wp-json\/wp\/v2\/place?post=134473"}],"curies":[{"name":"wp","href":"https:\/\/api.w.org\/{rel}","templated":true}]}}