{"id":136013,"date":"2024-09-06T17:03:24","date_gmt":"2024-09-06T15:03:24","guid":{"rendered":"https:\/\/www.humboldtforum.org\/?post_type=event&#038;p=136013"},"modified":"2024-10-01T08:41:11","modified_gmt":"2024-10-01T06:41:11","slug":"festival-of-lights-2024","status":"publish","type":"event","link":"https:\/\/www.humboldtforum.org\/de\/programm\/termin\/film-video\/festival-of-lights-2024-136013\/","title":{"rendered":"Festival of Lights 2024"},"content":{"rendered":"<section class=\"block block-copy\" >\n    <div class=\"container-fluid\">\n\t\t<div class=\"row \">\n            <div class=\"col-xs-12 col-md-offset-2 col-md-8\">\n                <div class=\"box\">\n                    <div class=\"copy\"><p><span class=\"anleser\"><span class=\"anleser\">Geliebt, verhasst, bewundert und verschwunden: Wo sich heute das Humboldt Forum befindet, stand der <span class=\"w-term-highlight\">Palast der Republik<\/span>. 35 Jahre nach dem Fall der Mauer \u00f6ffnen die CyberR\u00e4uber allen Besucher*innen des Festival of Lights ihren \u201ePalast der Erinnerungen\u201c auf der Ostafassade des Humboldt Forums.<\/span><\/span><\/p>\n<p>Celebrating Freedom: Am 7. Oktober 1989 feierten im <span class=\"w-term-highlight\">Palast der Republik<\/span> die Spitzen der <span class=\"w-term-highlight\">DDR<\/span> mit internationalen G\u00e4sten das 40. Jubil\u00e4um des Arbeiter- und Bauernstaates. Auf der anderen Seite der Spree protestierten viele B\u00fcrger*innen und forderten mehr Freiheit. Am 23. August 1990 beschloss das erste und letzte frei gew\u00e4hlte Parlament der <span class=\"w-term-highlight\">DDR<\/span> im <span class=\"w-term-highlight\">Volkskammer<\/span>-Saal des Palastes den \u201eBeitritt zum Geltungsbereich des Grundgesetzes\u201c, also die Wiederherstellung der <span class=\"w-term-highlight\">deutschen Einheit<\/span>. Wenig sp\u00e4ter wurde der Palast wegen <span class=\"w-term-highlight\">Asbestbelastung<\/span> geschlossen und 2006 abgerissen.<\/p>\n<p>Zum Festival of Lights 2024 erscheint der <span class=\"w-term-highlight\">Palast der Republik<\/span> wieder \u2013 als Videokunst auf der Ostfassade des Humboldt Forums, das seit 2021 auf dem Standort des <span class=\"w-term-highlight\">Palastes der Republik<\/span> ge\u00f6ffnet ist. Die Fassade \u00f6ffnet sich auf Bilder von einem Palast, aber hat er wirklich so ausgesehen? Welche Form hatte die <span class=\"w-term-highlight\">Gl\u00e4serne Blume<\/span> im Foyer? Wie viele Gr\u00fcnpflanzen wucherten um die S\u00e4ulen? Wo \u00fcberall hingen die ber\u00fchmten Kugelleuchten? Und wer feierte im Gro\u00dfen Saal?<\/p>\n<p>Die Projektion \u201ePalast der Erinnerung\u201c des Medienk\u00fcnstler-Duos CyberR\u00e4uber ist von eben der <span class=\"w-term-highlight\">Wiese<\/span> an der Spree am besten zu erleben, auf der die B\u00fcrger*innen vor 35 Jahren protestierten. Sie ist eine Erweiterung des <a href=\"https:\/\/www.humboldtforum.org\/de\/programm\/laufzeitangebot\/installation\/palast-der-erinnerung-129313\/\" target=\"_blank\" rel=\"noopener\">Mixed Reality Erlebnisses<\/a>, das noch bis Februar 2025 parallel zur Ausstellung <a class=\"external-link\" href=\"https:\/\/www.humboldtforum.org\/de\/programm\/laufzeitangebot\/ausstellung\/hin-und-weg-der-palast-der-republik-ist-gegenwart-116558\/\" rel=\"nofollow\"><em>Hin und Weg. Der Palast der Republik ist Gegenwart<\/em><\/a> im Humboldt Forum zu sehen ist.<\/p>\n<p>&nbsp;<\/p>\n<\/div>\n                <\/div>\n            <\/div>\n\t\t<\/div>\n\t\t    <\/div>\n<\/section>\n\n<section class=\"block block-header\" >\n\t<block-header inline-template>\n\t\t<figure role=\"group\" aria-labelledby=\"desc_m_69f2a7e1e3e1b\">\n\n\t\t\t<script type=\"application\/json\" ref=\"data\">\n\t\t\t\t{\n\t\t\t\t\"sizes_d\" : {\"medium\":{\"file\":\"Unbenannt-300x78.jpg\",\"width\":300,\"height\":78,\"mime-type\":\"image\\\/jpeg\",\"filesize\":9535},\"large\":{\"file\":\"Unbenannt-1024x266.jpg\",\"width\":1024,\"height\":266,\"mime-type\":\"image\\\/jpeg\",\"filesize\":69913},\"thumbnail\":{\"file\":\"Unbenannt-150x150.jpg\",\"width\":150,\"height\":150,\"mime-type\":\"image\\\/jpeg\",\"filesize\":7662},\"medium_large\":{\"file\":\"Unbenannt-768x200.jpg\",\"width\":768,\"height\":200,\"mime-type\":\"image\\\/jpeg\",\"filesize\":44417},\"small\":{\"file\":\"Unbenannt-440x114.jpg\",\"width\":440,\"height\":114,\"mime-type\":\"image\\\/jpeg\",\"filesize\":18202},\"semi\":{\"file\":\"Unbenannt-580x151.jpg\",\"width\":580,\"height\":151,\"mime-type\":\"image\\\/jpeg\",\"filesize\":28610},\"mobile\":{\"file\":\"Unbenannt-720x187.jpg\",\"width\":720,\"height\":187,\"mime-type\":\"image\\\/jpeg\",\"filesize\":40444},\"hd\":{\"file\":\"Unbenannt-1280x333.jpg\",\"width\":1280,\"height\":333,\"mime-type\":\"image\\\/jpeg\",\"filesize\":96284},\"1536x1536\":{\"file\":\"Unbenannt-1536x399.jpg\",\"width\":1536,\"height\":399,\"mime-type\":\"image\\\/jpeg\",\"filesize\":123977},\"original\":{\"file\":\"Unbenannt.jpg\",\"width\":1917,\"height\":498}},\n\t\t\t\t\"alt_d\" : \"Abstrakte Darstellung einer modernen Fabrik mit metallischen Elementen und symmetrischen Strukturen.\",\n\t\t\t\t\"path_d\" : \"\\\/wp-content\\\/uploads\\\/2024\\\/09\\\/\",\n\t\t\t\t\"autoplay_d\" : \"https:\\\/\\\/www.humboldtforum.org\\\/wp-content\\\/uploads\\\/2024\\\/09\\\/SHF_eb00232826.mp4\",\n\t\t\t\t\"crop_d\" : null,\n\t\t\t\t\"background_d\" : true,\n\t\t\t\t\"scale_d\" : 1,\n\n\t\t\t\t\"sizes_m\" : [],\n\t\t\t\t\"alt_m\" : null,\n\t\t\t\t\"path_m\" : null,\n\t\t\t\t\"autoplay_m\" : null,\n\t\t\t\t\"crop_m\" : null,\n\t\t\t\t\"background_m\" : true,\n\t\t\t\t\"scale_m\" : 1,\n\n\t\t\t\t\"has_mobile_format\" : false,\n\t\t\t\t\"has_ad\" : false,\n\t\t\t\t\"audio_description_yt\" : null\t\t\t\t}\n\t\t\t<\/script>\n\t\t\t<div class=\"height-container\" style=\"padding-bottom:25.978090766823%;\" v-if=\"sizes\" data-motion-parallax='{\"child\":\".image-wrapper\",\"mask\":\".lazy-media\",\"tween\":{\"yPercent\": [-15,15]}}'>\n\t\t\t\t<lazy-media :inline=\"true\" :scale=\"scale\" :alt=\"alt\" :sizes=\"sizes\" :brightness=\"brightness\" :path=\"path\" :video=\"video\" :autoplay=\"autoplay\" :youtube=\"youtube\" :crop=\"crop\" :youtubelabel=\"youtubelabel\" :background=\"background\" media-id=\"desc_m_69f2a7e1e3e1b\"><\/lazy-media>\n\t\t\t\t<button class=\"autoplay-audio-description-btn icon-background icon-audio-describtions\" @click=\"audioDescriptionPlay\" v-if=\"hasAudioDescription\" aria-label=\"Audiodeskription aufrufen\"><\/button>\n\t\t\t<\/div>\n\t\t\t\t\t\t<div class=\"lazy-media-info-container-fluid\">\n\t\t\t\t<div class=\"lazy-media-info-row end-xs\">\n\t\t\t\t\t<div class=\"lazy-media-info-col\">\n\t\t\t\t\t\t<div class=\"lazy-media-info\" aria-expanded=\"false\" :aria-expanded=\"isOpen ? 'true' : 'false'\">\n\t\t\t\t\t\t\t<button class=\"lazy-media-info-head button-tiny insignificant\" :class=\"{'button-active': isOpen}\" @click=\"toggle\" ref=\"head\"><span class=\"button-label insignificant\">Bildinfo<\/span><\/button>\n\t\t\t\t\t\t\t<figcaption class=\"lazy-media-info-body\" ref=\"body\" id=\"desc_m_69f2a7e1e3e1b\">\n\t\t\t\t\t\t\t\t<div class=\"lazy-media-info-body-content\">\n\t\t\t\t\t\t\t\t\t<div>Installation &quot;Glas Lampen&quot; \/ Palast der Erinnerung f&uuml;r das Festival of Lights<\/div>\t\t\t\t\t\t\t\t\t\t\t\t\t\t\t\t\t\t<div class=\"insignificant\">\u00a9 Cyberr\u00e4uber<\/div>\t\t\t\t\t\t\t\t<\/div>\n\t\t\t\t\t\t\t<\/figcaption>\n\t\t\t\t\t\t\t<div class=\"lazy-media-info-head-border\"><\/div>\n\t\t\t\t\t\t<\/div>\n\t\t\t\t\t<\/div>\n\t\t\t\t<\/div>\n\t\t\t<\/div>\n\t\t\t\t\t<\/figure>\n\t<\/block-header>\n<\/section>\n\n<section class=\"block block-headline block-no-margin \" >\n\t<div class=\"container-fluid\">\n\t\t<div class=\"row\">\n\t\t\t\t\t\t\t<div class=\"col-xs-12 col-md-offset-2 col-md-8\">\n\t\t\t\t\t<div class=\"box\">\n\t\t\t\t\t\t<h2 class=\".h4\">Beteiligte<\/h2>\n\t\t\t\t\t<\/div>\n\t\t\t\t<\/div>\n\t\t\t\t\t<\/div>\n\t<\/div>\n<\/section>\n\n\n\n\n<section class=\"block block-copy\" >\n    <div class=\"container-fluid\">\n\t\t<div class=\"row \">\n            <div class=\"col-xs-12 col-md-offset-2 col-md-8\">\n                <div class=\"box\">\n                    <div class=\"copy\"><p>Als\u00a0<strong>CyberR\u00e4uber\u00a0<\/strong>arbeiten Marcel Karnapke und Bj\u00f6rn Lengers seit 2016 gemeinsam an der Kunst im digitalen Raum. Mit einer \u201ewohl einzigartigen Mischung aus Technikaffinit\u00e4t, Pioniergeist, Pragmatismus und Liebe zum Theater\u201c (Theater der Zeit) kreieren sie Inszenierungen, Projekte und mit dem &#8222;Palast der Erinnerung&#8220; erstmals eine dauerhafte Installation, die von einer gro\u00dfen Neugierde auf die kreativen M\u00f6glichkeiten von Technologie getrieben und in Galerien, Stadttheatern, auf internationalen Festivals und Museen gezeigt werden.<\/p>\n<\/div>\n                <\/div>\n            <\/div>\n\t\t<\/div>\n\t\t    <\/div>\n<\/section>\n\n<section class=\"block block-teaser col-1 has-bg\" style=\"--teaser-bg:#f2f2f2\">\n\t<lazy-component :fixed-min-height=\"400\">\n\t\n\t\t\t\t\t<div class=\"container-fluid\">\n\t\t\t\t<div class=\"row bottom-xs\">\n\t\t\t\t\t<div class=\"col-xs-12 col-sm-10 col-md-8 col-sm-offset-1 col-md-offset-2\">\n\t\t\t\t\t\t<h4>geh\u00f6rt zu<\/h4>\t\t\t\t\t\t\t\t\t\t\t\t\t\t\t\t\t\t\t<\/div>\n\t\t\t\t\t<div class=\"col-xs-12 col-sm-10 col-md-8 col-sm-offset-1 col-md-offset-2 start-xs end-md margin-bottom-sixth\">\n\t\t\t\t\t\t\t\t\t\t\t<\/div>\n\t\t\t\t<\/div>\n\t\t\t\t<ul class=\"row\">\n\t\t\t\n<li class=\"col-xs-12 teaser-wrapper col-padding-remove\">\n\t<calendarteaser key=\"12931322061\" rawitem='{&quot;postId&quot;:129313,&quot;title&quot;:&quot;Palast der Erinnerung&quot;,&quot;excerpt&quot;:&quot;&quot;,&quot;slug&quot;:&quot;palast-der-erinnerung&quot;,&quot;post_date&quot;:&quot;2024-05-15T10:29&quot;,&quot;type&quot;:&quot;event-period&quot;,&quot;permalink&quot;:&quot;https:\\\/\\\/www.humboldtforum.org\\\/de\\\/programm\\\/laufzeitangebot\\\/installation\\\/palast-der-erinnerung-129313\\\/&quot;,&quot;genre&quot;:[394],&quot;genre_details&quot;:[{&quot;text&quot;:&quot;Installation&quot;,&quot;id&quot;:394,&quot;icon&quot;:null,&quot;parent&quot;:0}],&quot;stakeholder&quot;:[382],&quot;stakeholder_details&quot;:[{&quot;text&quot;:&quot;Stiftung Humboldt Forum im Berliner Schloss&quot;,&quot;id&quot;:382,&quot;icon&quot;:null,&quot;parent&quot;:0}],&quot;language&quot;:[384,385],&quot;language_details&quot;:[{&quot;text&quot;:&quot;Deutsch&quot;,&quot;id&quot;:384,&quot;icon&quot;:null,&quot;parent&quot;:0},{&quot;text&quot;:&quot;Englisch&quot;,&quot;id&quot;:385,&quot;icon&quot;:null,&quot;parent&quot;:0}],&quot;accessability&quot;:[430],&quot;accessability_details&quot;:[{&quot;text&quot;:&quot;Rollstuhlgerecht&quot;,&quot;id&quot;:430,&quot;icon&quot;:null,&quot;parent&quot;:0}],&quot;age&quot;:[1601],&quot;age_details&quot;:[{&quot;text&quot;:&quot;ab 12 Jahre&quot;,&quot;id&quot;:1601,&quot;icon&quot;:null,&quot;parent&quot;:0}],&quot;place&quot;:[1119],&quot;place_details&quot;:{&quot;place&quot;:&quot;Humboldt Forum&quot;,&quot;map&quot;:&quot;Humboldt Forum, Schlossplatz, Berlin&quot;,&quot;room&quot;:&quot;Sonderausstellung 1, EG&quot;},&quot;icon_overwrite&quot;:&quot;&quot;,&quot;acf&quot;:{&quot;noindex&quot;:false,&quot;keywords&quot;:&quot;&quot;,&quot;shorturl&quot;:&quot;&quot;,&quot;planning&quot;:{&quot;price&quot;:&quot;3 Euro&quot;,&quot;status&quot;:&quot;BUY&quot;,&quot;info&quot;:&quot;&quot;,&quot;shop&quot;:&quot;https:\\\/\\\/tickets.humboldtforum.org\\\/#\\\/tickets\\\/time?museum_id=1&amp;exhibition_id=16&amp;group=timeSlot&quot;,&quot;can_purchase&quot;:true},&quot;use_opening_hours_of_the_house&quot;:false,&quot;periods&quot;:[{&quot;label&quot;:&quot;&quot;,&quot;dates&quot;:[{&quot;start&quot;:&quot;202406150000&quot;,&quot;end&quot;:&quot;202502160000&quot;,&quot;has_end&quot;:true,&quot;start_HRFSHORT&quot;:&quot;15.06.24&quot;,&quot;start_HRFSHORT_WD&quot;:&quot;Sa 15.06.2024&quot;,&quot;end_HRFSHORT&quot;:&quot;16.02.25&quot;}],&quot;monday&quot;:[{&quot;start&quot;:&quot;10:30&quot;,&quot;end&quot;:&quot;18:30&quot;,&quot;closed&quot;:false}],&quot;tuesday&quot;:[{&quot;start&quot;:null,&quot;end&quot;:null,&quot;closed&quot;:true}],&quot;wednesday&quot;:[{&quot;start&quot;:&quot;10:30&quot;,&quot;end&quot;:&quot;18:30&quot;,&quot;closed&quot;:false}],&quot;thursday&quot;:[{&quot;start&quot;:&quot;10:30&quot;,&quot;end&quot;:&quot;18:30&quot;,&quot;closed&quot;:false}],&quot;friday&quot;:[{&quot;start&quot;:&quot;10:30&quot;,&quot;end&quot;:&quot;18:30&quot;,&quot;closed&quot;:false}],&quot;saturday&quot;:[{&quot;start&quot;:&quot;10:30&quot;,&quot;end&quot;:&quot;18:30&quot;,&quot;closed&quot;:false}],&quot;sunday&quot;:[{&quot;start&quot;:&quot;10:30&quot;,&quot;end&quot;:&quot;18:30&quot;,&quot;closed&quot;:false}],&quot;info&quot;:&quot;&quot;,&quot;description&quot;:&quot;&quot;}],&quot;display_as_single&quot;:false,&quot;subline&quot;:&quot;Die Macht der Bilder&quot;,&quot;additional_info&quot;:{&quot;icon&quot;:&quot;icon-plus&quot;,&quot;text&quot;:&quot;02.02.2025 - Freier Eintritt zur Installation&quot;},&quot;highlight_header&quot;:true,&quot;highlight_header_image&quot;:129383,&quot;has_mobile_format&quot;:false,&quot;use_video_in_teasers&quot;:false,&quot;hyphenation&quot;:true,&quot;tipp&quot;:false,&quot;joker&quot;:false,&quot;live&quot;:false,&quot;hide_event_in_program&quot;:false,&quot;subline_feature&quot;:&quot;Mixed-Reality-Installation&quot;,&quot;marketing_text&quot;:&quot;Mixed-Reality-Installation&quot;,&quot;events&quot;:[136013,139385],&quot;period_exception&quot;:[]},&quot;period_list&quot;:&quot;&quot;,&quot;period_exception&quot;:&quot;&quot;,&quot;date&quot;:{&quot;infinite&quot;:false,&quot;from_DATE&quot;:202406150000,&quot;from&quot;:1718447400,&quot;from_TIME&quot;:&quot;10:30&quot;,&quot;to&quot;:1739730600,&quot;to_DATE&quot;:202502160000,&quot;to_TIME&quot;:&quot;18:30&quot;,&quot;from_HRFSHORT&quot;:&quot;15. Jun 2024&quot;,&quot;from_HRFSHORT_WD&quot;:&quot;Sa 15.06.2024&quot;,&quot;from_HRF&quot;:&quot;Sa, 15. Juni 2024&quot;,&quot;to_HRF&quot;:&quot;So, 16. Februar 2025&quot;,&quot;to_HRFSHORT&quot;:&quot;16. Feb 2025&quot;,&quot;to_HRFSHORT_WD&quot;:&quot;So 16.02.2025&quot;,&quot;from_to_HRF&quot;:&quot;Sa, 15. Juni 2024 \\u2013 So, 16. Februar 2025&quot;,&quot;from_to_HRFSHORT&quot;:&quot;15. Jun 2024 \\u2013 16. Feb 2025&quot;,&quot;NXX&quot;:null,&quot;NLAST&quot;:&quot;202502161830&quot;},&quot;alert&quot;:&quot;Highlight&quot;,&quot;partof&quot;:[],&quot;marketing_topic&quot;:&quot;&quot;}' inline-template>\n\t<a href=\"https:\/\/www.humboldtforum.org\/de\/programm\/laufzeitangebot\/installation\/palast-der-erinnerung-129313\/\" class=\"teaser teaser-event-period teaser-event-standard\">\n\t\t<div class=\"row\">\n\t\t\t<div class=\"col-xs-12 col-sm-6 col-md-5 col-sm-offset-1 col-md-offset-2 first-sm teaser-event-text Infos\">\n\t\t\t\t<div class=\"teaser-event-standard-text\">\n\t\t\t\t\t<div class=\"margin-bottom-atom\">\n\t\t\t\t\t\t<div class=\"subline clamp-1\" v-html=\"maingenre\"><\/div>\n\t\t\t\t\t\t\t\t\t\t\t<\/div>\n\t\t\t\t\n\t\t\t\t\t<strong class=\"margin-bottom-atom h5\">Palast der Erinnerung<\/strong>\n\n\t\t\t\t\t\t\t\t\t\t\t<div class=\"\">Mixed-Reality-Installation<\/div>\n\t\t\t\t\t\t\t\t\t<\/div>\n\t\t\t\t<div class=\"teaser-bottom border-bottom\">\n\t\t\t\t<calendardateline :rawitem='item' :show-icon=\"true\"><\/calendardateline>\n\t\t\t\t\t<hr>\n\t\t\t\t<\/div>\n\t\t\t<\/div>\n\t\t\t<div class=\"col-xs-12 col-sm-4 col-md-3 teaser-event-image bottom-xs first-xs\">\n\t\t\t\t<div class=\"teaser-image teaser-image-no-alternate\">\n\t\t\t\t\t\t\t\t\t\t\t\t\t<span class=\"alert\">Highlight<\/span>\n\t\t\t\t\t\t\t\t\t\t\t\n\t<lazy-media-inline inline-template>\n\t\t<figure itemscope itemtype=\"http:\/\/schema.org\/ImageObject\" class=\"lazy-media-inline \" role=\"group\" id=\"media_69f2a7e22cb2b\" aria-labelledby=\"desc_media_69f2a7e22cb2b\">\n\t\t\t<script type=\"application\/json\" ref=\"data\">\n\t\t\t\t{\n\t\t\t\t\"sizes\" : {\"medium\":{\"file\":\"SHF_eb00223476-295x300.jpg\",\"width\":295,\"height\":300,\"mime-type\":\"image\\\/jpeg\",\"filesize\":13833},\"large\":{\"file\":\"SHF_eb00223476-1009x1024.jpg\",\"width\":1009,\"height\":1024,\"mime-type\":\"image\\\/jpeg\",\"filesize\":125408},\"thumbnail\":{\"file\":\"SHF_eb00223476-150x150.jpg\",\"width\":150,\"height\":150,\"mime-type\":\"image\\\/jpeg\",\"filesize\":4569},\"medium_large\":{\"file\":\"SHF_eb00223476-768x780.jpg\",\"width\":768,\"height\":780,\"mime-type\":\"image\\\/jpeg\",\"filesize\":77120},\"small\":{\"file\":\"SHF_eb00223476-433x440.jpg\",\"width\":433,\"height\":440,\"mime-type\":\"image\\\/jpeg\",\"filesize\":27214},\"semi\":{\"file\":\"SHF_eb00223476-571x580.jpg\",\"width\":571,\"height\":580,\"mime-type\":\"image\\\/jpeg\",\"filesize\":45435},\"mobile\":{\"file\":\"SHF_eb00223476-709x720.jpg\",\"width\":709,\"height\":720,\"mime-type\":\"image\\\/jpeg\",\"filesize\":66926},\"hd\":{\"file\":\"SHF_eb00223476-1261x1280.jpg\",\"width\":1261,\"height\":1280,\"mime-type\":\"image\\\/jpeg\",\"filesize\":184132},\"full\":{\"file\":\"SHF_eb00223476-1891x1920.jpg\",\"width\":1891,\"height\":1920,\"mime-type\":\"image\\\/jpeg\",\"filesize\":356788},\"1536x1536\":{\"file\":\"SHF_eb00223476-1513x1536.jpg\",\"width\":1513,\"height\":1536,\"mime-type\":\"image\\\/jpeg\",\"filesize\":251069},\"2048x2048\":{\"file\":\"SHF_eb00223476-2017x2048.jpg\",\"width\":2017,\"height\":2048,\"mime-type\":\"image\\\/jpeg\",\"filesize\":398484},\"original\":{\"file\":\"SHF_eb00223476.jpg\",\"width\":2480,\"height\":2518}},\n\t\t\t\t\"alt\" : \"Moderner Architekturstil mit orange-lila Farbverlauf, der Reflexionen und geometrische Formen pr\\u00e4sentiert.\",\n\t\t\t\t\"path\" : \"\\\/wp-content\\\/uploads\\\/2024\\\/05\\\/\",\n\t\t\t\t\"video\" : null,\n\t\t\t\t\"autoplay\" : null,\n\t\t\t\t\"youtube\" : null,\n\t\t\t\t\"youtubelabel\" : \"Video abspielen\",\n\t\t\t\t\"brightness\" : 100,\n\t\t\t\t\"crop\" : {\"top\":\"33.69\",\"left\":\"51.23\"},\n\t\t\t\t\"background\" : true,\n\t\t\t\t\"scale\" : 2\t\t\t\t}\n\t\t\t<\/script>\n\n\t\t\t<div class=\"height-container\" style=\"padding-bottom:101.53225806452%;\" v-if=\"sizes\">\n\t\t\t\t\t\t\t\t<lazy-media :inline=\"true\" :alt=\"alt\" :sizes=\"sizes\" :scale=\"scale\" :brightness=\"brightness\" :path=\"path\" :video=\"video\" :autoplay=\"autoplay\" :youtube=\"youtube\" :crop=\"crop\" :youtubelabel=\"youtubelabel\" :background=\"background\" media-id=\"desc_media_69f2a7e22cb2b\"><\/lazy-media>\n\t\t\t\t\t\t\t<\/div>\n\n\t\t\t\t\t\t\t<figcaption class=\"sr-only\" ref=\"body\" id=\"desc_media_69f2a7e22cb2b\">\n\t\t\t\t\t\t\t\t\t\t\t\t\t\t\t\t\t\t\t\t\t<div class=\"insignificant\">\u00a9 Cyber R\u00e4uber<\/div>\n\t\t\t\t\t\t\t\t\t<\/figcaption>\n\t\t\t\t\t<\/figure>\n\t<\/lazy-media-inline>\n\t\t\t\t<\/div>\n\t\t\t<\/div>\n\t\t<\/div>\n\t<\/a>\n\t<\/calendarteaser>\n<\/li>\n\n\n<li class=\"col-xs-12 teaser-wrapper col-padding-remove\">\n\t<calendarteaser key=\"11655819507\" rawitem='{&quot;postId&quot;:116558,&quot;title&quot;:&quot;Hin und weg. Der Palast der Republik ist Gegenwart&quot;,&quot;excerpt&quot;:&quot;&quot;,&quot;slug&quot;:&quot;hin-und-weg-der-palast-der-republik-ist-gegenwart&quot;,&quot;post_date&quot;:&quot;2023-12-18T15:27&quot;,&quot;type&quot;:&quot;event-period&quot;,&quot;permalink&quot;:&quot;https:\\\/\\\/www.humboldtforum.org\\\/de\\\/programm\\\/laufzeitangebot\\\/ausstellung\\\/hin-und-weg-der-palast-der-republik-ist-gegenwart-116558\\\/&quot;,&quot;genre&quot;:[391,879],&quot;genre_details&quot;:[{&quot;text&quot;:&quot;Ausstellung&quot;,&quot;id&quot;:391,&quot;icon&quot;:null,&quot;parent&quot;:0},{&quot;text&quot;:&quot;Programm&quot;,&quot;id&quot;:879,&quot;icon&quot;:null,&quot;parent&quot;:0}],&quot;language&quot;:[384,385],&quot;language_details&quot;:[{&quot;text&quot;:&quot;Deutsch&quot;,&quot;id&quot;:384,&quot;icon&quot;:null,&quot;parent&quot;:0},{&quot;text&quot;:&quot;Englisch&quot;,&quot;id&quot;:385,&quot;icon&quot;:null,&quot;parent&quot;:0}],&quot;accessability&quot;:[430],&quot;accessability_details&quot;:[{&quot;text&quot;:&quot;Rollstuhlgerecht&quot;,&quot;id&quot;:430,&quot;icon&quot;:null,&quot;parent&quot;:0}],&quot;place&quot;:[1391],&quot;place_details&quot;:{&quot;place&quot;:&quot;Humboldt Forum&quot;,&quot;map&quot;:&quot;Humboldt Forum, Schlossplatz, Berlin&quot;,&quot;room&quot;:&quot;Sonderausstellung 1+2, EG&quot;},&quot;icon_overwrite&quot;:&quot;&quot;,&quot;acf&quot;:{&quot;noindex&quot;:false,&quot;keywords&quot;:&quot;&quot;,&quot;shorturl&quot;:&quot;pdr&quot;,&quot;planning&quot;:{&quot;price&quot;:&quot;12 \\u20ac \\\/ 6 \\u20ac&quot;,&quot;status&quot;:&quot;BUY&quot;,&quot;info&quot;:&quot;&quot;,&quot;shop&quot;:&quot;https:\\\/\\\/tickets.humboldtforum.org\\\/#\\\/tickets\\\/time?museum_id=1&amp;exhibition_id=16&amp;group=day&amp;date=2024-05-17&quot;,&quot;can_purchase&quot;:true},&quot;use_opening_hours_of_the_house&quot;:false,&quot;periods&quot;:[{&quot;label&quot;:&quot;&quot;,&quot;dates&quot;:[{&quot;start&quot;:&quot;202405170000&quot;,&quot;end&quot;:&quot;202502160000&quot;,&quot;has_end&quot;:true,&quot;start_HRFSHORT&quot;:&quot;17.05.24&quot;,&quot;start_HRFSHORT_WD&quot;:&quot;Fr 17.05.2024&quot;,&quot;end_HRFSHORT&quot;:&quot;16.02.25&quot;}],&quot;monday&quot;:[{&quot;start&quot;:&quot;10:30&quot;,&quot;end&quot;:&quot;18:30&quot;,&quot;closed&quot;:false}],&quot;tuesday&quot;:[{&quot;start&quot;:null,&quot;end&quot;:null,&quot;closed&quot;:true}],&quot;wednesday&quot;:[{&quot;start&quot;:&quot;10:30&quot;,&quot;end&quot;:&quot;18:30&quot;,&quot;closed&quot;:false}],&quot;thursday&quot;:[{&quot;start&quot;:&quot;10:30&quot;,&quot;end&quot;:&quot;18:30&quot;,&quot;closed&quot;:false}],&quot;friday&quot;:[{&quot;start&quot;:&quot;10:30&quot;,&quot;end&quot;:&quot;18:30&quot;,&quot;closed&quot;:false}],&quot;saturday&quot;:[{&quot;start&quot;:&quot;10:30&quot;,&quot;end&quot;:&quot;18:30&quot;,&quot;closed&quot;:false}],&quot;sunday&quot;:[{&quot;start&quot;:&quot;10:30&quot;,&quot;end&quot;:&quot;18:30&quot;,&quot;closed&quot;:false}],&quot;info&quot;:&quot;&quot;,&quot;description&quot;:&quot;&quot;}],&quot;display_as_single&quot;:false,&quot;additional_info&quot;:{&quot;icon&quot;:&quot;icon-plus&quot;,&quot;text&quot;:&quot;02.02.2025 - Freier Eintritt zur Ausstellung&quot;},&quot;highlight_header&quot;:true,&quot;use_video_in_teasers&quot;:false,&quot;hyphenation&quot;:true,&quot;tipp&quot;:false,&quot;joker&quot;:false,&quot;live&quot;:false,&quot;hide_event_in_program&quot;:false,&quot;featured_images&quot;:[116564],&quot;highlight_header_image&quot;:121963,&quot;has_mobile_format&quot;:true,&quot;highlight_header_image_mobile&quot;:121972,&quot;events&quot;:{&quot;0&quot;:122077,&quot;1&quot;:124724,&quot;2&quot;:125238,&quot;3&quot;:125248,&quot;4&quot;:125394,&quot;5&quot;:125416,&quot;6&quot;:125424,&quot;7&quot;:125439,&quot;8&quot;:125447,&quot;9&quot;:125456,&quot;10&quot;:125462,&quot;11&quot;:126357,&quot;12&quot;:126364,&quot;13&quot;:126372,&quot;14&quot;:126432,&quot;15&quot;:117014,&quot;17&quot;:127794,&quot;18&quot;:127824,&quot;19&quot;:128041,&quot;20&quot;:129239,&quot;21&quot;:129315,&quot;22&quot;:128832,&quot;23&quot;:86151,&quot;24&quot;:132018,&quot;25&quot;:132493,&quot;27&quot;:133564,&quot;28&quot;:134436,&quot;29&quot;:134443,&quot;30&quot;:135781,&quot;31&quot;:136013,&quot;32&quot;:136448,&quot;33&quot;:136563,&quot;34&quot;:137470,&quot;35&quot;:137497,&quot;36&quot;:137593,&quot;37&quot;:137649,&quot;38&quot;:137835,&quot;39&quot;:137839,&quot;40&quot;:139385,&quot;41&quot;:139582,&quot;42&quot;:140153,&quot;43&quot;:141223,&quot;44&quot;:141278,&quot;45&quot;:141282,&quot;46&quot;:141371,&quot;47&quot;:141393},&quot;video&quot;:124298,&quot;tickettext&quot;:&quot;Tagesticket erforderlich&quot;,&quot;infotext&quot;:&quot;Letzter Einlass 17:30 Uhr&quot;,&quot;period_exception&quot;:[{&quot;label&quot;:&quot;&quot;,&quot;date&quot;:&quot;202412240000&quot;,&quot;closed&quot;:true,&quot;start&quot;:null,&quot;end&quot;:null,&quot;date_HRFSHORT&quot;:&quot;24.12.24&quot;},{&quot;label&quot;:&quot;&quot;,&quot;date&quot;:&quot;202412250000&quot;,&quot;closed&quot;:false,&quot;start&quot;:&quot;12:00&quot;,&quot;end&quot;:&quot;18:00&quot;,&quot;date_HRFSHORT&quot;:&quot;25.12.24&quot;},{&quot;label&quot;:&quot;&quot;,&quot;date&quot;:&quot;202412260000&quot;,&quot;closed&quot;:false,&quot;start&quot;:&quot;12:00&quot;,&quot;end&quot;:&quot;18:00&quot;,&quot;date_HRFSHORT&quot;:&quot;26.12.24&quot;},{&quot;label&quot;:&quot;&quot;,&quot;date&quot;:&quot;202412310000&quot;,&quot;closed&quot;:false,&quot;start&quot;:&quot;10:30&quot;,&quot;end&quot;:&quot;16:30&quot;,&quot;date_HRFSHORT&quot;:&quot;31.12.24&quot;},{&quot;label&quot;:&quot;&quot;,&quot;date&quot;:&quot;202501010000&quot;,&quot;closed&quot;:false,&quot;start&quot;:&quot;12:00&quot;,&quot;end&quot;:&quot;18:00&quot;,&quot;date_HRFSHORT&quot;:&quot;01.01.25&quot;},{&quot;label&quot;:&quot;&quot;,&quot;date&quot;:&quot;202410030000&quot;,&quot;closed&quot;:false,&quot;start&quot;:&quot;10:30&quot;,&quot;end&quot;:&quot;21:00&quot;,&quot;date_HRFSHORT&quot;:&quot;03.10.24&quot;},{&quot;label&quot;:&quot;&quot;,&quot;date&quot;:&quot;202410040000&quot;,&quot;closed&quot;:false,&quot;start&quot;:&quot;10:30&quot;,&quot;end&quot;:&quot;21:00&quot;,&quot;date_HRFSHORT&quot;:&quot;04.10.24&quot;},{&quot;label&quot;:&quot;&quot;,&quot;date&quot;:&quot;202410050000&quot;,&quot;closed&quot;:false,&quot;start&quot;:&quot;10:30&quot;,&quot;end&quot;:&quot;21:00&quot;,&quot;date_HRFSHORT&quot;:&quot;05.10.24&quot;}]},&quot;period_list&quot;:&quot;&quot;,&quot;period_exception&quot;:&quot;&quot;,&quot;date&quot;:{&quot;infinite&quot;:false,&quot;from_DATE&quot;:202405170000,&quot;from&quot;:1715941800,&quot;from_TIME&quot;:&quot;10:30&quot;,&quot;to&quot;:1739730600,&quot;to_DATE&quot;:202502160000,&quot;to_TIME&quot;:&quot;18:30&quot;,&quot;from_HRFSHORT&quot;:&quot;17. Mai 2024&quot;,&quot;from_HRFSHORT_WD&quot;:&quot;Fr 17.05.2024&quot;,&quot;from_HRF&quot;:&quot;Fr, 17. Mai 2024&quot;,&quot;to_HRF&quot;:&quot;So, 16. Februar 2025&quot;,&quot;to_HRFSHORT&quot;:&quot;16. Feb 2025&quot;,&quot;to_HRFSHORT_WD&quot;:&quot;So 16.02.2025&quot;,&quot;from_to_HRF&quot;:&quot;Fr, 17. Mai 2024 \\u2013 So, 16. Februar 2025&quot;,&quot;from_to_HRFSHORT&quot;:&quot;17. Mai 2024 \\u2013 16. Feb 2025&quot;,&quot;NXX&quot;:null,&quot;NLAST&quot;:&quot;202502161830&quot;},&quot;alert&quot;:&quot;Highlight&quot;,&quot;partof&quot;:[],&quot;marketing_topic&quot;:&quot;&quot;}' inline-template>\n\t<a href=\"https:\/\/www.humboldtforum.org\/de\/programm\/laufzeitangebot\/ausstellung\/hin-und-weg-der-palast-der-republik-ist-gegenwart-116558\/\" class=\"teaser teaser-event-period teaser-event-standard\">\n\t\t<div class=\"row\">\n\t\t\t<div class=\"col-xs-12 col-sm-6 col-md-5 col-sm-offset-1 col-md-offset-2 first-sm teaser-event-text Infos\">\n\t\t\t\t<div class=\"teaser-event-standard-text\">\n\t\t\t\t\t<div class=\"margin-bottom-atom\">\n\t\t\t\t\t\t<div class=\"subline clamp-1\" v-html=\"maingenre\"><\/div>\n\t\t\t\t\t\t\t\t\t\t\t<\/div>\n\t\t\t\t\n\t\t\t\t\t<strong class=\"margin-bottom-atom h5\">Hin und weg. Der Palast der Republik ist Gegenwart<\/strong>\n\n\t\t\t\t\t\t\t\t\t<\/div>\n\t\t\t\t<div class=\"teaser-bottom border-bottom\">\n\t\t\t\t<calendardateline :rawitem='item' :show-icon=\"true\"><\/calendardateline>\n\t\t\t\t\t<hr>\n\t\t\t\t<\/div>\n\t\t\t<\/div>\n\t\t\t<div class=\"col-xs-12 col-sm-4 col-md-3 teaser-event-image bottom-xs first-xs\">\n\t\t\t\t<div class=\"teaser-image teaser-image-no-alternate\">\n\t\t\t\t\t\t\t\t\t\t\t\t\t<span class=\"alert\">Highlight<\/span>\n\t\t\t\t\t\t\t\t\t\t\t\n\t<lazy-media-inline inline-template>\n\t\t<figure itemscope itemtype=\"http:\/\/schema.org\/ImageObject\" class=\"lazy-media-inline \" role=\"group\" id=\"media_69f2a7e22da49\" aria-labelledby=\"desc_media_69f2a7e22da49\">\n\t\t\t<script type=\"application\/json\" ref=\"data\">\n\t\t\t\t{\n\t\t\t\t\"sizes\" : {\"medium\":{\"file\":\"SHF_eb00216226-176x300.jpg\",\"width\":176,\"height\":300,\"mime-type\":\"image\\\/jpeg\",\"filesize\":15787},\"large\":{\"file\":\"SHF_eb00216226-599x1024.jpg\",\"width\":599,\"height\":1024,\"mime-type\":\"image\\\/jpeg\",\"filesize\":106669},\"thumbnail\":{\"file\":\"SHF_eb00216226-150x150.jpg\",\"width\":150,\"height\":150,\"mime-type\":\"image\\\/jpeg\",\"filesize\":8255},\"medium_large\":{\"file\":\"SHF_eb00216226-768x1312.jpg\",\"width\":768,\"height\":1312,\"mime-type\":\"image\\\/jpeg\",\"filesize\":157569},\"small\":{\"file\":\"SHF_eb00216226-258x440.jpg\",\"width\":258,\"height\":440,\"mime-type\":\"image\\\/jpeg\",\"filesize\":29161},\"semi\":{\"file\":\"SHF_eb00216226-339x580.jpg\",\"width\":339,\"height\":580,\"mime-type\":\"image\\\/jpeg\",\"filesize\":44726},\"mobile\":{\"file\":\"SHF_eb00216226-421x720.jpg\",\"width\":421,\"height\":720,\"mime-type\":\"image\\\/jpeg\",\"filesize\":61905},\"hd\":{\"file\":\"SHF_eb00216226-749x1280.jpg\",\"width\":749,\"height\":1280,\"mime-type\":\"image\\\/jpeg\",\"filesize\":151325},\"original\":{\"file\":\"SHF_eb00216226.jpg\",\"width\":878,\"height\":1500}},\n\t\t\t\t\"alt\" : \"Modernes Design mit gro\\u00dfem Symbol in der Mitte, stylischen Lampen und zwei Personen im Vordergrund.\",\n\t\t\t\t\"path\" : \"\\\/wp-content\\\/uploads\\\/2024\\\/02\\\/\",\n\t\t\t\t\"video\" : null,\n\t\t\t\t\"autoplay\" : null,\n\t\t\t\t\"youtube\" : null,\n\t\t\t\t\"youtubelabel\" : \"Video abspielen\",\n\t\t\t\t\"brightness\" : 100,\n\t\t\t\t\"crop\" : {\"top\":\"31.60\",\"left\":\"49.69\"},\n\t\t\t\t\"background\" : true,\n\t\t\t\t\"scale\" : 2\t\t\t\t}\n\t\t\t<\/script>\n\n\t\t\t<div class=\"height-container\" style=\"padding-bottom:170.84282460137%;\" v-if=\"sizes\">\n\t\t\t\t\t\t\t\t<lazy-media :inline=\"true\" :alt=\"alt\" :sizes=\"sizes\" :scale=\"scale\" :brightness=\"brightness\" :path=\"path\" :video=\"video\" :autoplay=\"autoplay\" :youtube=\"youtube\" :crop=\"crop\" :youtubelabel=\"youtubelabel\" :background=\"background\" media-id=\"desc_media_69f2a7e22da49\"><\/lazy-media>\n\t\t\t\t\t\t\t<\/div>\n\n\t\t\t\t\t\t\t<figcaption class=\"sr-only\" ref=\"body\" id=\"desc_media_69f2a7e22da49\">\n\t\t\t\t\t\t\t\t\t\t\t\t\t\t\t\t\t\t\t\t\t<div class=\"insignificant\">\u00a9 Stiftung Humboldt Forum im Berliner Schloss, Foto: bpk \/ Gerhard Kiesling<\/div>\n\t\t\t\t\t\t\t\t\t<\/figcaption>\n\t\t\t\t\t<\/figure>\n\t<\/lazy-media-inline>\n\t\t\t\t<\/div>\n\t\t\t<\/div>\n\t\t<\/div>\n\t<\/a>\n\t<\/calendarteaser>\n<\/li>\n\n\n<li class=\"col-xs-12 teaser-wrapper col-padding-remove\">\n\t<calendarteaser key=\"12636413265\" rawitem='{&quot;postId&quot;:126364,&quot;title&quot;:&quot;Transformiert euch!&quot;,&quot;excerpt&quot;:&quot;&quot;,&quot;slug&quot;:&quot;transformiert-euch&quot;,&quot;post_date&quot;:&quot;2024-03-15T15:10&quot;,&quot;type&quot;:&quot;event-multi&quot;,&quot;permalink&quot;:&quot;https:\\\/\\\/www.humboldtforum.org\\\/de\\\/programm\\\/event\\\/thementag\\\/transformiert-euch-126364\\\/&quot;,&quot;genre&quot;:[820],&quot;genre_details&quot;:[{&quot;text&quot;:&quot;Thementag&quot;,&quot;id&quot;:820,&quot;icon&quot;:null,&quot;parent&quot;:0}],&quot;stakeholder&quot;:[382],&quot;stakeholder_details&quot;:[{&quot;text&quot;:&quot;Stiftung Humboldt Forum im Berliner Schloss&quot;,&quot;id&quot;:382,&quot;icon&quot;:null,&quot;parent&quot;:0}],&quot;language&quot;:[384],&quot;language_details&quot;:[{&quot;text&quot;:&quot;Deutsch&quot;,&quot;id&quot;:384,&quot;icon&quot;:null,&quot;parent&quot;:0}],&quot;place&quot;:[957,1558,1179,883],&quot;place_details&quot;:{&quot;place&quot;:&quot;Humboldt Forum&quot;,&quot;map&quot;:&quot;Humboldt Forum, Schlossplatz, Berlin&quot;,&quot;room&quot;:&quot;Foyer, Saal 1, EG, Saal 2, EG&quot;},&quot;icon_overwrite&quot;:&quot;&quot;,&quot;acf&quot;:{&quot;noindex&quot;:false,&quot;keywords&quot;:&quot;&quot;,&quot;belongsto&quot;:[116558],&quot;shorturl&quot;:&quot;&quot;,&quot;times&quot;:[],&quot;planning&quot;:{&quot;price&quot;:&quot;Viele Angebote kostenfrei&quot;,&quot;admission&quot;:&quot;&quot;,&quot;pause&quot;:&quot;&quot;,&quot;duration&quot;:&quot;&quot;,&quot;status&quot;:&quot;BUY&quot;,&quot;info&quot;:&quot;&quot;,&quot;shop&quot;:&quot;&quot;,&quot;can_purchase&quot;:false},&quot;tickettext&quot;:&quot;F\\u00fcr einzelne Veranstaltungen sind Tickets erforderlich. Die Preise sind bei den jeweiligen Programmangeboten vermerkt.&quot;,&quot;additional_info&quot;:{&quot;icon&quot;:&quot;icon-bullet_active&quot;,&quot;text&quot;:&quot;W\\u00e4hrend der Thementage: 50% Erm\\u00e4\\u00dfigung auf das Tagesticket f\\u00fcr die Ausstellung \\&quot;Hin und Weg. Der Palast der Republik ist Gegenwart\\&quot;&quot;},&quot;highlight_header&quot;:true,&quot;use_video_in_teasers&quot;:false,&quot;hyphenation&quot;:true,&quot;tipp&quot;:false,&quot;joker&quot;:false,&quot;live&quot;:false,&quot;hide_event_in_program&quot;:false,&quot;has_mobile_format&quot;:true,&quot;highlight_header_image&quot;:135112,&quot;events&quot;:{&quot;0&quot;:133562,&quot;1&quot;:133564,&quot;2&quot;:133574,&quot;3&quot;:133584,&quot;4&quot;:133585,&quot;5&quot;:133614,&quot;6&quot;:133626,&quot;7&quot;:133743,&quot;8&quot;:133765,&quot;9&quot;:128778,&quot;10&quot;:135618,&quot;11&quot;:135651,&quot;12&quot;:135670,&quot;13&quot;:136013,&quot;14&quot;:136448,&quot;15&quot;:136563,&quot;19&quot;:137470,&quot;20&quot;:137497,&quot;21&quot;:137593,&quot;22&quot;:137649,&quot;23&quot;:137835,&quot;24&quot;:137839},&quot;highlight_header_image_mobile&quot;:135115,&quot;subline&quot;:&quot;\\u00dcber die Zeit nach 1989 sprechen&quot;},&quot;date&quot;:{&quot;NX&quot;:null,&quot;NXX&quot;:null,&quot;NLAST&quot;:&quot;202410060700&quot;,&quot;from_DATE&quot;:&quot;20241003 15:00&quot;,&quot;from&quot;:1727953200,&quot;to&quot;:1728198000,&quot;to_DATE&quot;:&quot;20241006 11:00&quot;,&quot;from_HRFSHORT&quot;:&quot; 3. Okt 2024&quot;,&quot;from_HRFSHORT_WD&quot;:&quot;Do 03.10.2024&quot;,&quot;to_HRFSHORT&quot;:&quot; 6. Okt 2024&quot;,&quot;to_HRFSHORT_WD&quot;:&quot;So 06.10.2024&quot;,&quot;from_HRF&quot;:&quot;Do,  3. Oktober 2024&quot;,&quot;to_HRF&quot;:&quot;So,  6. Oktober 2024&quot;,&quot;from_to_HRF&quot;:&quot;Do,  3. Oktober \\u2013 So,  6. Oktober 2024&quot;,&quot;from_to_HRFSHORT&quot;:&quot; 3. Okt \\u2013  6. Okt 2024&quot;},&quot;alert&quot;:&quot;Highlight&quot;,&quot;partof&quot;:[],&quot;marketing_topic&quot;:{&quot;title&quot;:&quot;Hin und weg. Der Palast der Republik ist Gegenwart&quot;,&quot;ID&quot;:116558,&quot;reason&quot;:&quot;belongsto&quot;}}' inline-template>\n\t<a href=\"https:\/\/www.humboldtforum.org\/de\/programm\/event\/thementag\/transformiert-euch-126364\/\" class=\"teaser teaser-event-multi teaser-event-standard\">\n\t\t<div class=\"row\">\n\t\t\t<div class=\"col-xs-12 col-sm-6 col-md-5 col-sm-offset-1 col-md-offset-2 first-sm teaser-event-text Infos\">\n\t\t\t\t<div class=\"teaser-event-standard-text\">\n\t\t\t\t\t<div class=\"margin-bottom-atom\">\n\t\t\t\t\t\t<div class=\"subline clamp-1\" v-html=\"maingenre\"><\/div>\n\t\t\t\t\t\t\t\t\t\t\t\t\t<div class=\"insignificant clamp-2\">Hin und weg. Der Palast der Republik ist Gegenwart<\/div>\n\t\t\t\t\t\t\t\t\t\t\t<\/div>\n\t\t\t\t\n\t\t\t\t\t<strong class=\"margin-bottom-atom h5\">Transformiert euch!<\/strong>\n\n\t\t\t\t\t\t\t\t\t\t\t<div class=\"\">\u00dcber die Zeit nach 1989 sprechen<\/div>\n\t\t\t\t\t\t\t\t\t<\/div>\n\t\t\t\t<div class=\"teaser-bottom border-bottom\">\n\t\t\t\t<calendardateline :rawitem='item' :show-icon=\"true\"><\/calendardateline>\n\t\t\t\t\t<hr>\n\t\t\t\t<\/div>\n\t\t\t<\/div>\n\t\t\t<div class=\"col-xs-12 col-sm-4 col-md-3 teaser-event-image bottom-xs first-xs\">\n\t\t\t\t<div class=\"teaser-image teaser-image-no-alternate\">\n\t\t\t\t\t\t\t\t\t\t\t\t\t<span class=\"alert\">Highlight<\/span>\n\t\t\t\t\t\t\t\t\t\t\t\n\t<lazy-media-inline inline-template>\n\t\t<figure itemscope itemtype=\"http:\/\/schema.org\/ImageObject\" class=\"lazy-media-inline \" role=\"group\" id=\"media_69f2a7e22e916\" aria-labelledby=\"desc_media_69f2a7e22e916\">\n\t\t\t<script type=\"application\/json\" ref=\"data\">\n\t\t\t\t{\n\t\t\t\t\"sizes\" : {\"medium\":{\"file\":\"SHF_eb00228711-176x300.jpg\",\"width\":176,\"height\":300,\"mime-type\":\"image\\\/jpeg\",\"filesize\":16764},\"large\":{\"file\":\"SHF_eb00228711-600x1024.jpg\",\"width\":600,\"height\":1024,\"mime-type\":\"image\\\/jpeg\",\"filesize\":140024},\"thumbnail\":{\"file\":\"SHF_eb00228711-150x150.jpg\",\"width\":150,\"height\":150,\"mime-type\":\"image\\\/jpeg\",\"filesize\":8837},\"medium_large\":{\"file\":\"SHF_eb00228711-768x1312.jpg\",\"width\":768,\"height\":1312,\"mime-type\":\"image\\\/jpeg\",\"filesize\":211010},\"small\":{\"file\":\"SHF_eb00228711-258x440.jpg\",\"width\":258,\"height\":440,\"mime-type\":\"image\\\/jpeg\",\"filesize\":33278},\"semi\":{\"file\":\"SHF_eb00228711-340x580.jpg\",\"width\":340,\"height\":580,\"mime-type\":\"image\\\/jpeg\",\"filesize\":53974},\"mobile\":{\"file\":\"SHF_eb00228711-422x720.jpg\",\"width\":422,\"height\":720,\"mime-type\":\"image\\\/jpeg\",\"filesize\":77287},\"hd\":{\"file\":\"SHF_eb00228711-749x1280.jpg\",\"width\":749,\"height\":1280,\"mime-type\":\"image\\\/jpeg\",\"filesize\":203401},\"full\":{\"file\":\"SHF_eb00228711-1124x1920.jpg\",\"width\":1124,\"height\":1920,\"mime-type\":\"image\\\/jpeg\",\"filesize\":393586},\"1536x1536\":{\"file\":\"SHF_eb00228711-899x1536.jpg\",\"width\":899,\"height\":1536,\"mime-type\":\"image\\\/jpeg\",\"filesize\":275356},\"original\":{\"file\":\"SHF_eb00228711.jpg\",\"width\":1171,\"height\":2000}},\n\t\t\t\t\"alt\" : \"Graffiti eines Autos, das aus einer zerbrochenen Wand bricht, mit bunten Farben und betonten Details.\",\n\t\t\t\t\"path\" : \"\\\/wp-content\\\/uploads\\\/2024\\\/03\\\/\",\n\t\t\t\t\"video\" : null,\n\t\t\t\t\"autoplay\" : null,\n\t\t\t\t\"youtube\" : null,\n\t\t\t\t\"youtubelabel\" : \"Video abspielen\",\n\t\t\t\t\"brightness\" : 100,\n\t\t\t\t\"crop\" : null,\n\t\t\t\t\"background\" : true,\n\t\t\t\t\"scale\" : 2\t\t\t\t}\n\t\t\t<\/script>\n\n\t\t\t<div class=\"height-container\" style=\"padding-bottom:170.79419299744%;\" v-if=\"sizes\">\n\t\t\t\t\t\t\t\t<lazy-media :inline=\"true\" :alt=\"alt\" :sizes=\"sizes\" :scale=\"scale\" :brightness=\"brightness\" :path=\"path\" :video=\"video\" :autoplay=\"autoplay\" :youtube=\"youtube\" :crop=\"crop\" :youtubelabel=\"youtubelabel\" :background=\"background\" media-id=\"desc_media_69f2a7e22e916\"><\/lazy-media>\n\t\t\t\t\t\t\t<\/div>\n\n\t\t\t\t\t\t\t<figcaption class=\"sr-only\" ref=\"body\" id=\"desc_media_69f2a7e22e916\">\n\t\t\t\t\t\t\t\t\t\t\t\t\t\t\t\t<div>Keyvisual Thementag &#8211; East Side Gallery Berlin: &quot;Test The Best&quot; von Birgit Kinder <\/div>\n\t\t\t\t\t\t\t\t\t\t\t\t\t\t\t\t<div class=\"insignificant\">\u00a9 Stiftung Humboldt Forum im Berliner Schloss, Foto: picture alliance \/ Hubert Link<\/div>\n\t\t\t\t\t\t\t\t\t<\/figcaption>\n\t\t\t\t\t<\/figure>\n\t<\/lazy-media-inline>\n\t\t\t\t<\/div>\n\t\t\t<\/div>\n\t\t<\/div>\n\t<\/a>\n\t<\/calendarteaser>\n<\/li>\n\n\t\t\t\t<\/ul>\n\t\t\t<\/div>\n\t\t\t\t<\/lazy-component>\n<\/section>\n\n\n\n<section class=\"block block-CTA block-CTA-long leftgradient\">\n\t<div class=\"container-fluid\">\n\t\t<div class=\"row center-xs\">\n\t\t\t<div class=\"col-xs-12\">\n\t\t\t\t<div class=\"box\">\n\t\t\t\t\t<a href=\"https:\/\/www.humboldtforum.org\/de\/newsletter-2\/\" aria-label=\"Bleiben Sie auf dem Laufenden!\" class=\"teaser teaser-cta-wide \">\n\t\t\t\t\t\t<div class=\"teaser-image\">\n\t\t\t\t\t\t\t\n\t<lazy-media-inline inline-template>\n\t\t<figure itemscope itemtype=\"http:\/\/schema.org\/ImageObject\" class=\"lazy-media-inline \" role=\"group\" id=\"media_69f2a7e231e51\" aria-labelledby=\"desc_media_69f2a7e231e51\">\n\t\t\t<script type=\"application\/json\" ref=\"data\">\n\t\t\t\t{\n\t\t\t\t\"sizes\" : {\"medium\":{\"file\":\"HF_eb00061823-scaled-300x200.jpg\",\"width\":300,\"height\":200,\"mime-type\":\"image\\\/jpeg\",\"filesize\":19186},\"large\":{\"file\":\"HF_eb00061823-scaled-1024x683.jpg\",\"width\":1024,\"height\":683,\"mime-type\":\"image\\\/jpeg\",\"filesize\":138597},\"thumbnail\":{\"file\":\"HF_eb00061823-scaled-150x150.jpg\",\"width\":150,\"height\":150,\"mime-type\":\"image\\\/jpeg\",\"filesize\":8513},\"medium_large\":{\"file\":\"HF_eb00061823-scaled-768x512.jpg\",\"width\":768,\"height\":512,\"mime-type\":\"image\\\/jpeg\",\"filesize\":86200},\"small\":{\"file\":\"HF_eb00061823-scaled-440x293.jpg\",\"width\":440,\"height\":293,\"mime-type\":\"image\\\/jpeg\",\"filesize\":35525},\"semi\":{\"file\":\"HF_eb00061823-scaled-580x387.jpg\",\"width\":580,\"height\":387,\"mime-type\":\"image\\\/jpeg\",\"filesize\":55724},\"mobile\":{\"file\":\"HF_eb00061823-scaled-720x480.jpg\",\"width\":720,\"height\":480,\"mime-type\":\"image\\\/jpeg\",\"filesize\":77971},\"hd\":{\"file\":\"HF_eb00061823-scaled-1280x854.jpg\",\"width\":1280,\"height\":854,\"mime-type\":\"image\\\/jpeg\",\"filesize\":202477},\"full\":{\"file\":\"HF_eb00061823-scaled-1920x1280.jpg\",\"width\":1920,\"height\":1280,\"mime-type\":\"image\\\/jpeg\",\"filesize\":386736},\"1536x1536\":{\"file\":\"HF_eb00061823-scaled-1536x1024.jpg\",\"width\":1536,\"height\":1024,\"mime-type\":\"image\\\/jpeg\",\"filesize\":266197},\"2048x2048\":{\"file\":\"HF_eb00061823-scaled-2048x1366.jpg\",\"width\":2048,\"height\":1366,\"mime-type\":\"image\\\/jpeg\",\"filesize\":430206},\"original\":{\"file\":\"HF_eb00061823-scaled.jpg\",\"width\":2560,\"height\":1707}},\n\t\t\t\t\"alt\" : \"Blick in das beleuchtete Foyer von der Galerie im ersten Stock mit Besuchenden, Infopoint und Medienturm\",\n\t\t\t\t\"path\" : \"\\\/wp-content\\\/uploads\\\/2020\\\/04\\\/\",\n\t\t\t\t\"video\" : null,\n\t\t\t\t\"autoplay\" : null,\n\t\t\t\t\"youtube\" : null,\n\t\t\t\t\"youtubelabel\" : \"Video abspielen\",\n\t\t\t\t\"brightness\" : \"70\",\n\t\t\t\t\"crop\" : {\"top\":\"90.37\",\"left\":\"39.93\"},\n\t\t\t\t\"background\" : true,\n\t\t\t\t\"scale\" : 2\t\t\t\t}\n\t\t\t<\/script>\n\n\t\t\t<div class=\"height-container\" style=\"padding-bottom:66.6796875%;\" v-if=\"sizes\">\n\t\t\t\t\t\t\t\t<lazy-media :inline=\"true\" :alt=\"alt\" :sizes=\"sizes\" :scale=\"scale\" :brightness=\"brightness\" :path=\"path\" :video=\"video\" :autoplay=\"autoplay\" :youtube=\"youtube\" :crop=\"crop\" :youtubelabel=\"youtubelabel\" :background=\"background\" media-id=\"desc_media_69f2a7e231e51\"><\/lazy-media>\n\t\t\t\t\t\t\t<\/div>\n\n\t\t\t\t\t\t\t<figcaption class=\"sr-only\" ref=\"body\" id=\"desc_media_69f2a7e231e51\">\n\t\t\t\t\t\t\t\t\t\t\t<div>Blick in das Foyer, November 2019.<\/div>\n\t\t\t\t\t\t\t\t\t\t\t\t\t\t\t\t\t\t\t\t\t<div class=\"insignificant\">\u00a9 Stiftung Humboldt Forum im Berliner Schloss \/ David von Becker<\/div>\n\t\t\t\t\t\t\t\t\t<\/figcaption>\n\t\t\t\t\t<\/figure>\n\t<\/lazy-media-inline>\n\t\t\t\t\t\t<\/div>\n\t\t\t\t\t\t<div class=\"teaser-content \">\n\t\t\t\t\t\t\t<div>\n\t\t\t\t\t\t\t\t\t\t\t\t\t\t\t\t<div class=\"teaser-header\"><span class=\"h3\">Bleiben Sie auf dem Laufenden!<\/span><\/div>\n\t\t\t\t\t\t\t\t<div class=\"teaser-subline\"><span class=\"font-decoration\">Abonnieren Sie unseren Newsletter.<\/span><\/div>\t\t\t\t\t\t\t\t<button tabindex=\"-1\" class=\"border\">Hier klicken<\/button>\n\t\t\t\t\t\t\t<\/div>\n\t\t\t\t\t\t<\/div>\n\t\t\t\t\t<\/a>\n\t\t\t\t<\/div>\n\t\t\t<\/div>\n\t\t<\/div>\n\t<\/div>\n<\/section>\n","protected":false},"template":"","genre":[729],"digital":[],"topic":[],"stakeholder":[382],"editorial":[],"editorialfilter":[],"targetgroup":[383,455],"language":[],"accessability":[],"age":[],"school":[],"groupsize":[],"place":[],"class_list":["post-136013","event","type-event","status-publish","hentry","genre-film-video","stakeholder-stiftung-humboldt-forum-im-berliner-schloss","targetgroup-erwachsene","targetgroup-jugendliche"],"acf":[],"_links":{"self":[{"href":"https:\/\/www.humboldtforum.org\/de\/wp-json\/wp\/v2\/event\/136013","targetHints":{"allow":["GET"]}}],"collection":[{"href":"https:\/\/www.humboldtforum.org\/de\/wp-json\/wp\/v2\/event"}],"about":[{"href":"https:\/\/www.humboldtforum.org\/de\/wp-json\/wp\/v2\/types\/event"}],"version-history":[{"count":9,"href":"https:\/\/www.humboldtforum.org\/de\/wp-json\/wp\/v2\/event\/136013\/revisions"}],"predecessor-version":[{"id":137559,"href":"https:\/\/www.humboldtforum.org\/de\/wp-json\/wp\/v2\/event\/136013\/revisions\/137559"}],"wp:attachment":[{"href":"https:\/\/www.humboldtforum.org\/de\/wp-json\/wp\/v2\/media?parent=136013"}],"wp:term":[{"taxonomy":"genre","embeddable":true,"href":"https:\/\/www.humboldtforum.org\/de\/wp-json\/wp\/v2\/genre?post=136013"},{"taxonomy":"digital","embeddable":true,"href":"https:\/\/www.humboldtforum.org\/de\/wp-json\/wp\/v2\/digital?post=136013"},{"taxonomy":"topic","embeddable":true,"href":"https:\/\/www.humboldtforum.org\/de\/wp-json\/wp\/v2\/topic?post=136013"},{"taxonomy":"stakeholder","embeddable":true,"href":"https:\/\/www.humboldtforum.org\/de\/wp-json\/wp\/v2\/stakeholder?post=136013"},{"taxonomy":"editorial","embeddable":true,"href":"https:\/\/www.humboldtforum.org\/de\/wp-json\/wp\/v2\/editorial?post=136013"},{"taxonomy":"editorialfilter","embeddable":true,"href":"https:\/\/www.humboldtforum.org\/de\/wp-json\/wp\/v2\/editorialfilter?post=136013"},{"taxonomy":"targetgroup","embeddable":true,"href":"https:\/\/www.humboldtforum.org\/de\/wp-json\/wp\/v2\/targetgroup?post=136013"},{"taxonomy":"language","embeddable":true,"href":"https:\/\/www.humboldtforum.org\/de\/wp-json\/wp\/v2\/language?post=136013"},{"taxonomy":"accessability","embeddable":true,"href":"https:\/\/www.humboldtforum.org\/de\/wp-json\/wp\/v2\/accessability?post=136013"},{"taxonomy":"age","embeddable":true,"href":"https:\/\/www.humboldtforum.org\/de\/wp-json\/wp\/v2\/age?post=136013"},{"taxonomy":"school","embeddable":true,"href":"https:\/\/www.humboldtforum.org\/de\/wp-json\/wp\/v2\/school?post=136013"},{"taxonomy":"groupsize","embeddable":true,"href":"https:\/\/www.humboldtforum.org\/de\/wp-json\/wp\/v2\/groupsize?post=136013"},{"taxonomy":"place","embeddable":true,"href":"https:\/\/www.humboldtforum.org\/de\/wp-json\/wp\/v2\/place?post=136013"}],"curies":[{"name":"wp","href":"https:\/\/api.w.org\/{rel}","templated":true}]}}