{"id":136602,"date":"2024-09-17T08:55:16","date_gmt":"2024-09-17T06:55:16","guid":{"rendered":"https:\/\/www.humboldtforum.org\/?post_type=event&#038;p=136602"},"modified":"2024-09-17T13:09:08","modified_gmt":"2024-09-17T11:09:08","slug":"kinderbuecher-illustrieren-lernen-workshop-mit-katrin-merle","status":"publish","type":"event","link":"https:\/\/www.humboldtforum.org\/de\/programm\/termin\/workshop\/kinderbuecher-illustrieren-lernen-workshop-mit-katrin-merle-136602\/","title":{"rendered":"Kinderb\u00fccher illustrieren lernen. Workshop mit Katrin Merle"},"content":{"rendered":"<section class=\"block block-copy\" >\n    <div class=\"container-fluid\">\n\t\t<div class=\"row \">\n            <div class=\"col-xs-12 col-md-offset-2 col-md-8\">\n                <div class=\"box\">\n                    <div class=\"copy\"><p>Im Rahmen des Thementags zu Kinderrechten im WELTSTUDIO von BERLIN GLOBAL sind Familien zusammen mit jungen Kindern und auch einzelne Interessierte ab 9 Jahre eingeladen, mit der K\u00fcnstlerin Katrin Merle die Grundlagen der Kinderbuchillustration zu entdecken.<\/p>\n<p>Von der Ideenfindung \u00fcber das Charakterdesign bis hin zur Gestaltung ganzer Szenen: Nach einer Einf\u00fchrung in die Grundlagen des Illustrierens k\u00f6nnen die Teilnehmenden kreativ Fantasie-Figuren zum Leben erwecken.<\/p>\n<p>Sowohl Anf\u00e4nger*innen als auch Fortgeschrittene erhalten dabei wertvolle Einblicke und praktische Tipps in die Welt der Illustration.<\/p>\n<\/div>\n                <\/div>\n            <\/div>\n\t\t<\/div>\n\t\t    <\/div>\n<\/section>\n\n<section class=\"block block-headline block-no-margin \" >\n\t<div class=\"container-fluid\">\n\t\t<div class=\"row\">\n\t\t\t\t\t\t\t<div class=\"col-xs-12 col-md-offset-2 col-md-8\">\n\t\t\t\t\t<div class=\"box\">\n\t\t\t\t\t\t<h2 class=\".h4\">Beteiligte<\/h2>\n\t\t\t\t\t<\/div>\n\t\t\t\t<\/div>\n\t\t\t\t\t<\/div>\n\t<\/div>\n<\/section>\n\n\n\n\n\n<section class=\"block block-accordion\">\n\t<div class=\"container-fluid\">\n\t\t<div class=\"row\">\n\t\t\t<div class=\"col-xs-12 col-md-offset-2 col-md-8\">\n\t\t\t\t<div class=\"box\">\n\t\t\t\t\t\t\t\t\t\t\t<block-accordion inline-template>\n\t\t\t\t\t\t\t<div class=\"accordion\">\n\t\t\t\t\t\t\t\t\t\t\t\t\t\t\t<block-accordion-item inline-template item-headline=\"Katrin Merle\">\n\t\t\t\t\t\t\t\t<div ref=\"item\" data-id=\"KatrinMerle\" class=\"block-accordion-item vue-initialize\" aria-expanded=\"false\" :aria-expanded=\"active ? 'true' : 'false'\">\n\t\t\t\t\t\t\t\t\t<button class=\"accordion-button-with-icon block-accordion-item-head\" :class=\"{'button-active': active}\" ref=\"head\" aria-controls=\"acc_69f4f92ae4606\" id=\"acc_title_69f4f92ae4608\" @click=\"toggle\" @keydown=\"key\">\n\t\t\t\t\t\t\t\t\t<div><span class=\"button-label\">Katrin Merle<\/span><\/div><span class=\"button-icon icon-plus\" aria-hidden=\"true\"><\/span>\n\t\t\t\t\t\t\t\t<\/button>\n\t\t\t\t\t\t\t\t\t<div ref=\"body\" class=\"block-accordion-item-content\" id=\"acc_69f4f92ae4606\" role=\"region\">\n\t\t\t\t\t\t\t\t\t\t<div class=\"wrapper copy\">\n\t\t\t\t\t\t\t\t\t\t\t<p>Die Berliner Illustratorin Katrin Merle arbeitet seit 1995 als freiberufliche Illustratorin. Sie bietet auch Zeichenkurse und Workshops an.<\/p>\n<p><a href=\"https:\/\/katrinmerle.de\/wp\/\" target=\"_blank\" rel=\"noopener\"><em>Zur Webseite<\/em><\/a><\/p>\n<p>&nbsp;<\/p>\n\n\t\t\t\t\t\t\t\t\t\t\t\t\t\t\t\t\t\t\t\t\t\t\t\t\t\t\t\t\t\t\t\t\t\n\t\t\t\t\t\t\t\t\t\t\t<div class=\"row\">\n\t\t\t\t\t\t\t\t\t\t\t\t<div class=\"col-xs-9 col-md-9\">\n\t\t\t\t\t\t\t\t\t\t\t\t\t<div class=\"box\">\n\t\t\t\t\t\t\t\t\t\t\t\t\t\t\n\t<lazy-media-inline inline-template>\n\t\t<figure itemscope itemtype=\"http:\/\/schema.org\/ImageObject\" class=\"lazy-media-inline \" role=\"group\" id=\"media_69f4f92ae4d7f\" aria-labelledby=\"desc_media_69f4f92ae4d7f\">\n\t\t\t<script type=\"application\/json\" ref=\"data\">\n\t\t\t\t{\n\t\t\t\t\"sizes\" : {\"medium\":{\"file\":\"SHF_eb00217272-243x300.jpg\",\"width\":243,\"height\":300,\"mime-type\":\"image\\\/jpeg\",\"filesize\":20406},\"large\":{\"file\":\"SHF_eb00217272-830x1024.jpg\",\"width\":830,\"height\":1024,\"mime-type\":\"image\\\/jpeg\",\"filesize\":144460},\"thumbnail\":{\"file\":\"SHF_eb00217272-150x150.jpg\",\"width\":150,\"height\":150,\"mime-type\":\"image\\\/jpeg\",\"filesize\":7635},\"medium_large\":{\"file\":\"SHF_eb00217272-768x948.jpg\",\"width\":768,\"height\":948,\"mime-type\":\"image\\\/jpeg\",\"filesize\":128519},\"small\":{\"file\":\"SHF_eb00217272-357x440.jpg\",\"width\":357,\"height\":440,\"mime-type\":\"image\\\/jpeg\",\"filesize\":38115},\"semi\":{\"file\":\"SHF_eb00217272-470x580.jpg\",\"width\":470,\"height\":580,\"mime-type\":\"image\\\/jpeg\",\"filesize\":59789},\"mobile\":{\"file\":\"SHF_eb00217272-583x720.jpg\",\"width\":583,\"height\":720,\"mime-type\":\"image\\\/jpeg\",\"filesize\":83611},\"original\":{\"file\":\"SHF_eb00217272.jpg\",\"width\":846,\"height\":1044}},\n\t\t\t\t\"alt\" : \"Frau sitzt auf einem Stuhl und malt in einem Skizzenbuch an einem \\u00f6ffentlichen Ort. Im Hintergrund sind weitere Personen.\",\n\t\t\t\t\"path\" : \"\\\/wp-content\\\/uploads\\\/2024\\\/02\\\/\",\n\t\t\t\t\"video\" : null,\n\t\t\t\t\"autoplay\" : null,\n\t\t\t\t\"youtube\" : null,\n\t\t\t\t\"youtubelabel\" : \"Video abspielen\",\n\t\t\t\t\"brightness\" : 100,\n\t\t\t\t\"crop\" : {\"top\":\"50.00\",\"left\":\"50.00\"},\n\t\t\t\t\"background\" : true,\n\t\t\t\t\"scale\" : 2\t\t\t\t}\n\t\t\t<\/script>\n\n\t\t\t<div class=\"height-container\" style=\"padding-bottom:123.40425531915%;\" v-if=\"sizes\">\n\t\t\t\t\t\t\t\t<lazy-media :inline=\"true\" :alt=\"alt\" :sizes=\"sizes\" :scale=\"scale\" :brightness=\"brightness\" :path=\"path\" :video=\"video\" :autoplay=\"autoplay\" :youtube=\"youtube\" :crop=\"crop\" :youtubelabel=\"youtubelabel\" :background=\"background\" media-id=\"desc_media_69f4f92ae4d7f\"><\/lazy-media>\n\t\t\t\t\t\t\t<\/div>\n\n\t\t\t\t\t\t\t<figcaption class=\"\" id=\"desc_media_69f4f92ae4d7f\">\n\t\t\t\t\t<div class=\"lazy-media-info-body-content\">\n\t\t\t\t\t\t\t\t\t\t\t\t\t<div>Katrin Merle beim Zeichnen<\/div>\n\t\t\t\t\t\t\t\t\t\t\t\t\t\t\t\t\t\t\t\t\t\t\t\t\t<div class=\"insignificant\">\u00a9 privat<\/div>\n\t\t\t\t\t\t\t\t\t\t\t<\/div>\n\t\t\t\t<\/figcaption>\n\t\t\t\t\t\t\t\t\t<\/figure>\n\t<\/lazy-media-inline>\n\t\t\t\t\t\t\t\t\t\t\t\t\t<\/div>\n\t\t\t\t\t\t\t\t\t\t\t\t<\/div>\n\t\t\t\t\t\t\t\t\t\t\t<\/div>\n\n\t\t\t\t\t\t\t\t\t\t\t\t\t\t\t\t\t\t\t\t\t<\/div>\n\t\t\t\t\t\t\t\t\t<\/div>\n\t\t\t\t\t\t\t\t<\/div>\n\t\t\t\t\t\t\t\t<\/block-accordion-item>\n\t\t\t\t\t\t\t\t\t\t\t\t\t<\/div>\n\t\t\t\t\t\t<\/block-accordion>\n\t\t\t\t\t\t\t\t\t<\/div>\n\t\t\t<\/div>\n\t\t<\/div>\n\t<\/div>\n<\/section>\n\n\n<section class=\"block block-headline block-no-margin \" >\n\t<div class=\"container-fluid\">\n\t\t<div class=\"row\">\n\t\t\t\t\t\t\t<div class=\"col-xs-12 col-md-offset-2 col-md-8\">\n\t\t\t\t\t<div class=\"box\">\n\t\t\t\t\t\t<h2 class=\".h4\">Partner<\/h2>\n\t\t\t\t\t<\/div>\n\t\t\t\t<\/div>\n\t\t\t\t\t<\/div>\n\t<\/div>\n<\/section>\n\n\n\n\n<section class=\"block block-copy block-no-margin\" >\n    <div class=\"container-fluid\">\n\t\t<div class=\"row \">\n            <div class=\"col-xs-12 col-md-offset-2 col-md-8\">\n                <div class=\"box\">\n                    <div class=\"copy\"><p>Ein gemeinsames Angebot mit<\/p>\n<\/div>\n                <\/div>\n            <\/div>\n\t\t<\/div>\n\t\t    <\/div>\n<\/section>\n\n<section class=\"block block-logos\" >\n    <div class=\"container-fluid\">\n\t\t<div class=\"row\">\n\t\t\t<div class=\"col-xs-12 col-sm-8 col-sm-offset-2\">\n\t\t\t\t<div class=\"box\">\n\t\t\t\t\t<div class=\"row  middle-xs\">\n\t\t\t\t\t\t\n\t\t\t\t\t\t<div class=\"col-xs-4 col-sm-3 col-sm-2\">\n\t\t\t\t\t\t\t<div class=\"box margin-sixth-top\">\n\t\t\t\t\t\t\t\t<img decoding=\"async\" alt=\"UNICEF\" src=\"https:\/\/www.humboldtforum.org\/wp-content\/uploads\/2023\/09\/UNICEF_fuerjedesKind_Cyan_Vertical_RGB-1.jpg\" style=\"display: inline-block; width: 100%\" \/>\n\t\t\t\t\t\t\t<\/div>\n\t\t\t\t\t\t<\/div>\n\t\t\t\t\t\t\t\t\t\t\t<\/div>\n\t\t\t\t<\/div>\n\t\t\t<\/div>\n        <\/div>\n    <\/div>\n<\/section>\n\n\n<section class=\"block block-teaser col-1 has-bg\" style=\"--teaser-bg:#f2f2f2\">\n\t<lazy-component :fixed-min-height=\"400\">\n\t\n\t\t\t\t\t<div class=\"container-fluid\">\n\t\t\t\t<div class=\"row bottom-xs\">\n\t\t\t\t\t<div class=\"col-xs-12 col-sm-10 col-md-8 col-sm-offset-1 col-md-offset-2\">\n\t\t\t\t\t\t<h4>zugeh\u00f6rig<\/h4>\t\t\t\t\t\t\t\t\t\t\t\t\t\t\t\t\t\t\t<\/div>\n\t\t\t\t\t<div class=\"col-xs-12 col-sm-10 col-md-8 col-sm-offset-1 col-md-offset-2 start-xs end-md margin-bottom-sixth\">\n\t\t\t\t\t\t\t\t\t\t\t<\/div>\n\t\t\t\t<\/div>\n\t\t\t\t<ul class=\"row\">\n\t\t\t\n<li class=\"col-xs-12 teaser-wrapper col-padding-remove\">\n\t<calendarteaser key=\"13659519698\" rawitem='{&quot;postId&quot;:136595,&quot;title&quot;:&quot;Kinderrechten auf der Spur&quot;,&quot;excerpt&quot;:&quot;&quot;,&quot;slug&quot;:&quot;kinderrechten-auf-der-spur&quot;,&quot;post_date&quot;:&quot;2024-09-17T08:58&quot;,&quot;type&quot;:&quot;event&quot;,&quot;permalink&quot;:&quot;https:\\\/\\\/www.humboldtforum.org\\\/de\\\/programm\\\/termin\\\/drop-in\\\/kinderrechten-auf-der-spur-136595\\\/&quot;,&quot;genre&quot;:[839],&quot;genre_details&quot;:[{&quot;text&quot;:&quot;Drop-In&quot;,&quot;id&quot;:839,&quot;icon&quot;:null,&quot;parent&quot;:0}],&quot;stakeholder&quot;:[400],&quot;stakeholder_details&quot;:[{&quot;text&quot;:&quot;Kulturprojekte Berlin \\\/ Stadtmuseum Berlin&quot;,&quot;id&quot;:400,&quot;icon&quot;:null,&quot;parent&quot;:0}],&quot;targetgroup&quot;:[454],&quot;targetgroup_details&quot;:[{&quot;text&quot;:&quot;Kinder und Familien&quot;,&quot;id&quot;:454,&quot;icon&quot;:null,&quot;parent&quot;:0}],&quot;language&quot;:[384,385],&quot;language_details&quot;:[{&quot;text&quot;:&quot;Deutsch&quot;,&quot;id&quot;:384,&quot;icon&quot;:null,&quot;parent&quot;:0},{&quot;text&quot;:&quot;Englisch&quot;,&quot;id&quot;:385,&quot;icon&quot;:null,&quot;parent&quot;:0}],&quot;place&quot;:[1685],&quot;place_details&quot;:{&quot;place&quot;:&quot;Weltstudio, 1. OG&quot;,&quot;map&quot;:&quot;Humboldt Forum, Schlossplatz, Berlin&quot;,&quot;room&quot;:&quot;&quot;},&quot;icon_overwrite&quot;:&quot;&quot;,&quot;acf&quot;:{&quot;noindex&quot;:false,&quot;keywords&quot;:&quot;&quot;,&quot;hashtag&quot;:&quot;HumboldtForum&quot;,&quot;belongsto&quot;:[14140],&quot;shorturl&quot;:&quot;&quot;,&quot;times&quot;:[],&quot;planning&quot;:{&quot;price&quot;:&quot;kostenfrei zzgl. Ausstellungseintritt&quot;,&quot;admission&quot;:&quot;&quot;,&quot;pause&quot;:&quot;&quot;,&quot;duration&quot;:&quot;&quot;},&quot;subline&quot;:&quot;WELTSTUDIO spezial bei BERLIN GLOBAL&quot;,&quot;tickettext&quot;:&quot;Kommen Sie einfach bei Ihrem Ausstellungsbesuch in BERLIN GLOBAL im WELTSTUDIO vorbei! Das Drop-In ist im Ausstellungseintritt enthalten.&quot;,&quot;additional_info&quot;:{&quot;icon&quot;:&quot;0&quot;,&quot;text&quot;:&quot;&quot;},&quot;highlight_header&quot;:false,&quot;featured_images&quot;:[136648,100466],&quot;use_video_in_teasers&quot;:false,&quot;hyphenation&quot;:true,&quot;tipp&quot;:false,&quot;joker&quot;:false,&quot;live&quot;:false,&quot;hide_event_in_program&quot;:false,&quot;gomus_id&quot;:&quot;&quot;,&quot;hm_id&quot;:&quot;&quot;,&quot;events&quot;:[136602,136615]},&quot;date&quot;:{&quot;NX&quot;:null,&quot;NXX&quot;:null,&quot;NLAST&quot;:&quot;202411230900&quot;,&quot;from_DATE&quot;:&quot;20241123 11:00&quot;,&quot;from&quot;:1732352400,&quot;to&quot;:1732352400,&quot;to_DATE&quot;:&quot;20241123 11:00&quot;,&quot;from_HRFSHORT&quot;:&quot;23. Nov 2024&quot;,&quot;from_HRFSHORT_WD&quot;:&quot;Sa 23.11.2024&quot;,&quot;to_HRFSHORT&quot;:&quot;23. Nov 2024&quot;,&quot;to_HRFSHORT_WD&quot;:&quot;Sa 23.11.2024&quot;,&quot;from_HRF&quot;:&quot;Sa, 23. November 2024&quot;,&quot;to_HRF&quot;:&quot;Sa, 23. November 2024&quot;,&quot;from_to_HRF&quot;:&quot;Sa, 23. November \\u2013 Sa, 23. November 2024&quot;,&quot;from_to_HRFSHORT&quot;:&quot;23. Nov \\u2013 23. Nov 2024&quot;},&quot;alert&quot;:null,&quot;partof&quot;:[],&quot;marketing_topic&quot;:{&quot;title&quot;:&quot;BERLIN GLOBAL&quot;,&quot;ID&quot;:14140,&quot;reason&quot;:&quot;belongsto&quot;}}' inline-template>\n\t<a href=\"https:\/\/www.humboldtforum.org\/de\/programm\/termin\/drop-in\/kinderrechten-auf-der-spur-136595\/\" class=\"teaser teaser-event teaser-event-standard\">\n\t\t<div class=\"row\">\n\t\t\t<div class=\"col-xs-12 col-sm-6 col-md-5 col-sm-offset-1 col-md-offset-2 first-sm teaser-event-text Infos\">\n\t\t\t\t<div class=\"teaser-event-standard-text\">\n\t\t\t\t\t<div class=\"margin-bottom-atom\">\n\t\t\t\t\t\t<div class=\"subline clamp-1\" v-html=\"maingenre\"><\/div>\n\t\t\t\t\t\t\t\t\t\t\t\t\t<div class=\"insignificant clamp-2\">BERLIN GLOBAL<\/div>\n\t\t\t\t\t\t\t\t\t\t\t<\/div>\n\t\t\t\t\n\t\t\t\t\t<strong class=\"margin-bottom-atom h5\">Kinderrechten auf der Spur<\/strong>\n\n\t\t\t\t\t\t\t\t\t\t\t<div class=\"\">WELTSTUDIO spezial bei BERLIN GLOBAL<\/div>\n\t\t\t\t\t\t\t\t\t<\/div>\n\t\t\t\t<div class=\"teaser-bottom border-bottom\">\n\t\t\t\t<calendardateline :rawitem='item' :show-icon=\"true\"><\/calendardateline>\n\t\t\t\t\t<hr>\n\t\t\t\t<\/div>\n\t\t\t<\/div>\n\t\t\t<div class=\"col-xs-12 col-sm-4 col-md-3 teaser-event-image bottom-xs first-xs\">\n\t\t\t\t<div class=\"teaser-image teaser-image-no-alternate\">\n\t\t\t\t\t\t\t\t\t\t\t\n\t<lazy-media-inline inline-template>\n\t\t<figure itemscope itemtype=\"http:\/\/schema.org\/ImageObject\" class=\"lazy-media-inline \" role=\"group\" id=\"media_69f4f92b24ec0\" aria-labelledby=\"desc_media_69f4f92b24ec0\">\n\t\t\t<script type=\"application\/json\" ref=\"data\">\n\t\t\t\t{\n\t\t\t\t\"sizes\" : {\"medium\":{\"file\":\"SHF_eb00207799-300x200.jpg\",\"width\":300,\"height\":200,\"mime-type\":\"image\\\/jpeg\",\"filesize\":18719},\"large\":{\"file\":\"SHF_eb00207799-1024x683.jpg\",\"width\":1024,\"height\":683,\"mime-type\":\"image\\\/jpeg\",\"filesize\":107792},\"thumbnail\":{\"file\":\"SHF_eb00207799-150x150.jpg\",\"width\":150,\"height\":150,\"mime-type\":\"image\\\/jpeg\",\"filesize\":8487},\"medium_large\":{\"file\":\"SHF_eb00207799-768x512.jpg\",\"width\":768,\"height\":512,\"mime-type\":\"image\\\/jpeg\",\"filesize\":70691},\"small\":{\"file\":\"SHF_eb00207799-440x293.jpg\",\"width\":440,\"height\":293,\"mime-type\":\"image\\\/jpeg\",\"filesize\":32180},\"semi\":{\"file\":\"SHF_eb00207799-580x387.jpg\",\"width\":580,\"height\":387,\"mime-type\":\"image\\\/jpeg\",\"filesize\":48181},\"mobile\":{\"file\":\"SHF_eb00207799-720x480.jpg\",\"width\":720,\"height\":480,\"mime-type\":\"image\\\/jpeg\",\"filesize\":64488},\"hd\":{\"file\":\"SHF_eb00207799-1280x853.jpg\",\"width\":1280,\"height\":853,\"mime-type\":\"image\\\/jpeg\",\"filesize\":149017},\"1536x1536\":{\"file\":\"SHF_eb00207799-1536x1024.jpg\",\"width\":1536,\"height\":1024,\"mime-type\":\"image\\\/jpeg\",\"filesize\":193702},\"original\":{\"file\":\"SHF_eb00207799.jpg\",\"width\":1920,\"height\":1280}},\n\t\t\t\t\"alt\" : \"Zwei M\\u00e4dchen malen an einem Tisch, umgeben von Farben, Pinseln und Zeichenmaterial in einem kreativen Workshop.\",\n\t\t\t\t\"path\" : \"\\\/wp-content\\\/uploads\\\/2024\\\/09\\\/\",\n\t\t\t\t\"video\" : null,\n\t\t\t\t\"autoplay\" : null,\n\t\t\t\t\"youtube\" : null,\n\t\t\t\t\"youtubelabel\" : \"Video abspielen\",\n\t\t\t\t\"brightness\" : 100,\n\t\t\t\t\"crop\" : null,\n\t\t\t\t\"background\" : true,\n\t\t\t\t\"scale\" : 1\t\t\t\t}\n\t\t\t<\/script>\n\n\t\t\t<div class=\"height-container\" style=\"padding-bottom:66.666666666667%;\" v-if=\"sizes\">\n\t\t\t\t\t\t\t\t<lazy-media :inline=\"true\" :alt=\"alt\" :sizes=\"sizes\" :scale=\"scale\" :brightness=\"brightness\" :path=\"path\" :video=\"video\" :autoplay=\"autoplay\" :youtube=\"youtube\" :crop=\"crop\" :youtubelabel=\"youtubelabel\" :background=\"background\" media-id=\"desc_media_69f4f92b24ec0\"><\/lazy-media>\n\t\t\t\t\t\t\t<\/div>\n\n\t\t\t\t\t\t\t<figcaption class=\"sr-only\" ref=\"body\" id=\"desc_media_69f4f92b24ec0\">\n\t\t\t\t\t\t\t\t\t\t\t<div>Stoffbeutel selbst gestalten im WELTSTUDIO<\/div>\n\t\t\t\t\t\t\t\t\t\t\t\t\t\t\t\t\t\t\t\t\t<div class=\"insignificant\">\u00a9 Stadtmuseum Berlin, Foto: Alexander Rentsch<\/div>\n\t\t\t\t\t\t\t\t\t<\/figcaption>\n\t\t\t\t\t<\/figure>\n\t<\/lazy-media-inline>\n\t\t\t\t<\/div>\n\t\t\t<\/div>\n\t\t<\/div>\n\t<\/a>\n\t<\/calendarteaser>\n<\/li>\n\n\n<li class=\"col-xs-12 teaser-wrapper col-padding-remove\">\n\t<calendarteaser key=\"1366154700\" rawitem='{&quot;postId&quot;:136615,&quot;title&quot;:&quot;Bilderbuchlesung f\\u00fcr Kinder und Familien&quot;,&quot;excerpt&quot;:&quot;&quot;,&quot;slug&quot;:&quot;bilderbuchlesung-fuer-kinder-und-familien&quot;,&quot;post_date&quot;:&quot;2024-09-17T09:20&quot;,&quot;type&quot;:&quot;event&quot;,&quot;permalink&quot;:&quot;https:\\\/\\\/www.humboldtforum.org\\\/de\\\/programm\\\/termin\\\/lesung\\\/bilderbuchlesung-fuer-kinder-und-familien-136615\\\/&quot;,&quot;genre&quot;:[1144],&quot;genre_details&quot;:[{&quot;text&quot;:&quot;Lesung&quot;,&quot;id&quot;:1144,&quot;icon&quot;:null,&quot;parent&quot;:0}],&quot;stakeholder&quot;:[400],&quot;stakeholder_details&quot;:[{&quot;text&quot;:&quot;Kulturprojekte Berlin \\\/ Stadtmuseum Berlin&quot;,&quot;id&quot;:400,&quot;icon&quot;:null,&quot;parent&quot;:0}],&quot;targetgroup&quot;:[454],&quot;targetgroup_details&quot;:[{&quot;text&quot;:&quot;Kinder und Familien&quot;,&quot;id&quot;:454,&quot;icon&quot;:null,&quot;parent&quot;:0}],&quot;language&quot;:[384],&quot;language_details&quot;:[{&quot;text&quot;:&quot;Deutsch&quot;,&quot;id&quot;:384,&quot;icon&quot;:null,&quot;parent&quot;:0}],&quot;age&quot;:[1809],&quot;age_details&quot;:[{&quot;text&quot;:&quot;ab 3 Jahre&quot;,&quot;id&quot;:1809,&quot;icon&quot;:null,&quot;parent&quot;:0}],&quot;place&quot;:[1685],&quot;place_details&quot;:{&quot;place&quot;:&quot;Weltstudio, 1. OG&quot;,&quot;map&quot;:&quot;Humboldt Forum, Schlossplatz, Berlin&quot;,&quot;room&quot;:&quot;&quot;},&quot;icon_overwrite&quot;:&quot;&quot;,&quot;acf&quot;:{&quot;noindex&quot;:false,&quot;keywords&quot;:&quot;&quot;,&quot;hashtag&quot;:&quot;HumboldtForum&quot;,&quot;belongsto&quot;:[136595,14140],&quot;shorturl&quot;:&quot;&quot;,&quot;times&quot;:[],&quot;planning&quot;:{&quot;price&quot;:&quot;Kostenfrei zzgl. Ausstellungseintritt&quot;,&quot;admission&quot;:&quot;&quot;,&quot;pause&quot;:&quot;&quot;,&quot;duration&quot;:&quot;&quot;},&quot;subline&quot;:&quot;WELTSTUDIO spezial: Kinderrechten auf der Spur &quot;,&quot;infotext&quot;:&quot;Diese Veranstaltung richtet sich an ein junges Publikum. Aufgrund der begrenzten Platzkapazit\\u00e4t bitten wir daher um Verst\\u00e4ndnis, dass die Drag Story Hour von Erwachsenen ausschlie\\u00dflich als Begleitung eines Kindes besucht werden darf.&quot;,&quot;additional_info&quot;:{&quot;icon&quot;:&quot;icon-uhr&quot;,&quot;text&quot;:&quot;Das Angebot ist Teil des Thementages \\u201eWELTSTUDIO spezial: Kinderrechten auf der Spur\\u201c. Es kann den ganzen Tag beliebig zwischen 12 und 15 Uhr wahrgenommen werden.\\u00a0&quot;},&quot;highlight_header&quot;:false,&quot;featured_images&quot;:[136617],&quot;use_video_in_teasers&quot;:false,&quot;hyphenation&quot;:true,&quot;tipp&quot;:false,&quot;joker&quot;:false,&quot;live&quot;:false,&quot;hide_event_in_program&quot;:false,&quot;gomus_id&quot;:&quot;&quot;,&quot;hm_id&quot;:&quot;&quot;},&quot;date&quot;:{&quot;NX&quot;:null,&quot;NXX&quot;:null,&quot;NLAST&quot;:&quot;202411231000&quot;,&quot;from_DATE&quot;:&quot;20241123 12:00&quot;,&quot;from&quot;:1732356000,&quot;to&quot;:1732356000,&quot;to_DATE&quot;:&quot;20241123 12:00&quot;,&quot;from_HRFSHORT&quot;:&quot;23. Nov 2024&quot;,&quot;from_HRFSHORT_WD&quot;:&quot;Sa 23.11.2024&quot;,&quot;to_HRFSHORT&quot;:&quot;23. Nov 2024&quot;,&quot;to_HRFSHORT_WD&quot;:&quot;Sa 23.11.2024&quot;,&quot;from_HRF&quot;:&quot;Sa, 23. November 2024&quot;,&quot;to_HRF&quot;:&quot;Sa, 23. November 2024&quot;,&quot;from_to_HRF&quot;:&quot;Sa, 23. November \\u2013 Sa, 23. November 2024&quot;,&quot;from_to_HRFSHORT&quot;:&quot;23. Nov \\u2013 23. Nov 2024&quot;},&quot;alert&quot;:null,&quot;partof&quot;:[],&quot;marketing_topic&quot;:{&quot;title&quot;:&quot;Kinderrechten auf der Spur&quot;,&quot;ID&quot;:136595,&quot;reason&quot;:&quot;belongsto&quot;}}' inline-template>\n\t<a href=\"https:\/\/www.humboldtforum.org\/de\/programm\/termin\/lesung\/bilderbuchlesung-fuer-kinder-und-familien-136615\/\" class=\"teaser teaser-event teaser-event-standard\">\n\t\t<div class=\"row\">\n\t\t\t<div class=\"col-xs-12 col-sm-6 col-md-5 col-sm-offset-1 col-md-offset-2 first-sm teaser-event-text Infos\">\n\t\t\t\t<div class=\"teaser-event-standard-text\">\n\t\t\t\t\t<div class=\"margin-bottom-atom\">\n\t\t\t\t\t\t<div class=\"subline clamp-1\" v-html=\"maingenre\"><\/div>\n\t\t\t\t\t\t\t\t\t\t\t\t\t<div class=\"insignificant clamp-2\">Kinderrechten auf der Spur<\/div>\n\t\t\t\t\t\t\t\t\t\t\t<\/div>\n\t\t\t\t\n\t\t\t\t\t<strong class=\"margin-bottom-atom h5\">Bilderbuchlesung f\u00fcr Kinder und Familien<\/strong>\n\n\t\t\t\t\t\t\t\t\t\t\t<div class=\"\">WELTSTUDIO spezial: Kinderrechten auf der Spur <\/div>\n\t\t\t\t\t\t\t\t\t<\/div>\n\t\t\t\t<div class=\"teaser-bottom border-bottom\">\n\t\t\t\t<calendardateline :rawitem='item' :show-icon=\"true\"><\/calendardateline>\n\t\t\t\t\t<hr>\n\t\t\t\t<\/div>\n\t\t\t<\/div>\n\t\t\t<div class=\"col-xs-12 col-sm-4 col-md-3 teaser-event-image bottom-xs first-xs\">\n\t\t\t\t<div class=\"teaser-image teaser-image-no-alternate\">\n\t\t\t\t\t\t\t\t\t\t\t\n\t<lazy-media-inline inline-template>\n\t\t<figure itemscope itemtype=\"http:\/\/schema.org\/ImageObject\" class=\"lazy-media-inline \" role=\"group\" id=\"media_69f4f92b259a6\" aria-labelledby=\"desc_media_69f4f92b259a6\">\n\t\t\t<script type=\"application\/json\" ref=\"data\">\n\t\t\t\t{\n\t\t\t\t\"sizes\" : {\"medium\":{\"file\":\"SHF_eb00231526-300x200.jpg\",\"width\":300,\"height\":200,\"mime-type\":\"image\\\/jpeg\",\"filesize\":15155},\"large\":{\"file\":\"SHF_eb00231526-1024x683.jpg\",\"width\":1024,\"height\":683,\"mime-type\":\"image\\\/jpeg\",\"filesize\":104398},\"thumbnail\":{\"file\":\"SHF_eb00231526-150x150.jpg\",\"width\":150,\"height\":150,\"mime-type\":\"image\\\/jpeg\",\"filesize\":7076},\"medium_large\":{\"file\":\"SHF_eb00231526-768x512.jpg\",\"width\":768,\"height\":512,\"mime-type\":\"image\\\/jpeg\",\"filesize\":64615},\"small\":{\"file\":\"SHF_eb00231526-440x293.jpg\",\"width\":440,\"height\":293,\"mime-type\":\"image\\\/jpeg\",\"filesize\":27272},\"semi\":{\"file\":\"SHF_eb00231526-580x387.jpg\",\"width\":580,\"height\":387,\"mime-type\":\"image\\\/jpeg\",\"filesize\":41847},\"mobile\":{\"file\":\"SHF_eb00231526-720x480.jpg\",\"width\":720,\"height\":480,\"mime-type\":\"image\\\/jpeg\",\"filesize\":58261},\"hd\":{\"file\":\"SHF_eb00231526-1280x853.jpg\",\"width\":1280,\"height\":853,\"mime-type\":\"image\\\/jpeg\",\"filesize\":155542},\"1536x1536\":{\"file\":\"SHF_eb00231526-1536x1024.jpg\",\"width\":1536,\"height\":1024,\"mime-type\":\"image\\\/jpeg\",\"filesize\":215593},\"original\":{\"file\":\"SHF_eb00231526.jpg\",\"width\":1920,\"height\":1280}},\n\t\t\t\t\"alt\" : \"Bunte Vorlesestunde mit Kindern, die gebannt einer Erz\\u00e4hlerin lauschen.\",\n\t\t\t\t\"path\" : \"\\\/wp-content\\\/uploads\\\/2024\\\/09\\\/\",\n\t\t\t\t\"video\" : null,\n\t\t\t\t\"autoplay\" : null,\n\t\t\t\t\"youtube\" : null,\n\t\t\t\t\"youtubelabel\" : \"Video abspielen\",\n\t\t\t\t\"brightness\" : 100,\n\t\t\t\t\"crop\" : {\"top\":\"20.27\",\"left\":\"30.21\"},\n\t\t\t\t\"background\" : true,\n\t\t\t\t\"scale\" : 2\t\t\t\t}\n\t\t\t<\/script>\n\n\t\t\t<div class=\"height-container\" style=\"padding-bottom:66.666666666667%;\" v-if=\"sizes\">\n\t\t\t\t\t\t\t\t<lazy-media :inline=\"true\" :alt=\"alt\" :sizes=\"sizes\" :scale=\"scale\" :brightness=\"brightness\" :path=\"path\" :video=\"video\" :autoplay=\"autoplay\" :youtube=\"youtube\" :crop=\"crop\" :youtubelabel=\"youtubelabel\" :background=\"background\" media-id=\"desc_media_69f4f92b259a6\"><\/lazy-media>\n\t\t\t\t\t\t\t<\/div>\n\n\t\t\t\t\t\t\t<figcaption class=\"sr-only\" ref=\"body\" id=\"desc_media_69f4f92b259a6\">\n\t\t\t\t\t\t\t\t\t\t\t<div>Drag-Performer:innen lesen im Museum Geschichten &uuml;ber Einf&uuml;hlsamkeit und Vielfalt vor<\/div>\n\t\t\t\t\t\t\t\t\t\t\t\t\t\t\t\t\t\t\t\t\t<div class=\"insignificant\">\u00a9 Stadtmuseum Berlin | Foto: Christian Kielmann<\/div>\n\t\t\t\t\t\t\t\t\t<\/figcaption>\n\t\t\t\t\t<\/figure>\n\t<\/lazy-media-inline>\n\t\t\t\t<\/div>\n\t\t\t<\/div>\n\t\t<\/div>\n\t<\/a>\n\t<\/calendarteaser>\n<\/li>\n\n\n<li class=\"col-xs-12 teaser-wrapper col-padding-remove\">\n\t<calendarteaser key=\"141407002\" rawitem='{&quot;postId&quot;:14140,&quot;title&quot;:&quot;BERLIN GLOBAL&quot;,&quot;excerpt&quot;:&quot;Gestern, heute, morgen: Vieles, was in Berlin passiert, hat Einfluss auf die Welt. Und vieles, was in der Welt passiert, wirkt auf Berlin. BERLIN GLOBAL zeigt auf 4000 Quadratmetern im Humboldt Forum, wie die Stadt und ihre Menschen mit der Welt verbunden sind. &quot;,&quot;slug&quot;:&quot;berlin-global&quot;,&quot;post_date&quot;:&quot;2020-10-23T08:36&quot;,&quot;type&quot;:&quot;event-permanent&quot;,&quot;permalink&quot;:&quot;https:\\\/\\\/www.humboldtforum.org\\\/de\\\/programm\\\/dauerangebot\\\/ausstellung\\\/berlin-global-14140\\\/&quot;,&quot;genre&quot;:[391],&quot;genre_details&quot;:[{&quot;text&quot;:&quot;Ausstellung&quot;,&quot;id&quot;:391,&quot;icon&quot;:null,&quot;parent&quot;:0}],&quot;stakeholder&quot;:[400],&quot;stakeholder_details&quot;:[{&quot;text&quot;:&quot;Kulturprojekte Berlin \\\/ Stadtmuseum Berlin&quot;,&quot;id&quot;:400,&quot;icon&quot;:null,&quot;parent&quot;:0}],&quot;editorial&quot;:[402,403,646],&quot;editorial_details&quot;:[{&quot;text&quot;:&quot;interaktiv&quot;,&quot;id&quot;:402,&quot;icon&quot;:null,&quot;parent&quot;:0},{&quot;text&quot;:&quot;verbindend&quot;,&quot;id&quot;:403,&quot;icon&quot;:null,&quot;parent&quot;:0},{&quot;text&quot;:&quot;vielstimmig&quot;,&quot;id&quot;:646,&quot;icon&quot;:null,&quot;parent&quot;:0}],&quot;targetgroup&quot;:[383],&quot;targetgroup_details&quot;:[{&quot;text&quot;:&quot;Erwachsene&quot;,&quot;id&quot;:383,&quot;icon&quot;:null,&quot;parent&quot;:0}],&quot;language&quot;:[384,385],&quot;language_details&quot;:[{&quot;text&quot;:&quot;Deutsch&quot;,&quot;id&quot;:384,&quot;icon&quot;:null,&quot;parent&quot;:0},{&quot;text&quot;:&quot;Englisch&quot;,&quot;id&quot;:385,&quot;icon&quot;:null,&quot;parent&quot;:0}],&quot;accessability&quot;:[430],&quot;accessability_details&quot;:[{&quot;text&quot;:&quot;Rollstuhlgerecht&quot;,&quot;id&quot;:430,&quot;icon&quot;:null,&quot;parent&quot;:0}],&quot;place&quot;:[405],&quot;place_details&quot;:{&quot;place&quot;:&quot;Humboldt Forum&quot;,&quot;map&quot;:&quot;Humboldt Forum, Schlossplatz, Berlin&quot;,&quot;room&quot;:&quot;Berlin Ausstellung, 1. OG&quot;},&quot;icon_overwrite&quot;:&quot;&quot;,&quot;acf&quot;:{&quot;shorturl&quot;:&quot;berlinglobal&quot;,&quot;planning&quot;:{&quot;price&quot;:&quot;9 EUR \\\/ 0 EUR&quot;,&quot;status&quot;:&quot;BUY&quot;,&quot;info&quot;:&quot;9 EUR, erm. 0 EUR&quot;,&quot;shop&quot;:&quot;https:\\\/\\\/tickets.humboldtforum.org\\\/#\\\/tickets\\\/time?museum_id=1&amp;exhibition_id=1&amp;group=day&quot;,&quot;can_purchase&quot;:true},&quot;periods&quot;:[{&quot;label&quot;:&quot;&quot;,&quot;dates&quot;:[{&quot;start&quot;:&quot;202302130000&quot;,&quot;end&quot;:&quot;204601020000&quot;,&quot;has_end&quot;:false,&quot;start_HRFSHORT&quot;:&quot;13.02.23&quot;,&quot;start_HRFSHORT_WD&quot;:&quot;Mo 13.02.2023&quot;}],&quot;monday&quot;:[{&quot;start&quot;:&quot;10:30&quot;,&quot;end&quot;:&quot;18:30&quot;,&quot;closed&quot;:false}],&quot;tuesday&quot;:[{&quot;start&quot;:&quot;10:00&quot;,&quot;end&quot;:&quot;20:00&quot;,&quot;closed&quot;:true}],&quot;wednesday&quot;:[{&quot;start&quot;:&quot;10:30&quot;,&quot;end&quot;:&quot;18:30&quot;,&quot;closed&quot;:false}],&quot;thursday&quot;:[{&quot;start&quot;:&quot;10:30&quot;,&quot;end&quot;:&quot;18:30&quot;,&quot;closed&quot;:false}],&quot;friday&quot;:[{&quot;start&quot;:&quot;10:30&quot;,&quot;end&quot;:&quot;18:30&quot;,&quot;closed&quot;:false}],&quot;saturday&quot;:[{&quot;start&quot;:&quot;10:30&quot;,&quot;end&quot;:&quot;18:30&quot;,&quot;closed&quot;:false}],&quot;sunday&quot;:[{&quot;start&quot;:&quot;10:30&quot;,&quot;end&quot;:&quot;18:30&quot;,&quot;closed&quot;:false}],&quot;info&quot;:&quot;&quot;,&quot;description&quot;:&quot;&quot;}],&quot;period_exception&quot;:[{&quot;label&quot;:&quot;&quot;,&quot;date&quot;:&quot;202512240000&quot;,&quot;closed&quot;:true,&quot;start&quot;:&quot;10:30&quot;,&quot;end&quot;:&quot;13:30&quot;,&quot;date_HRFSHORT&quot;:&quot;24.12.25&quot;},{&quot;label&quot;:&quot;&quot;,&quot;date&quot;:&quot;202512250000&quot;,&quot;closed&quot;:false,&quot;start&quot;:&quot;12:00&quot;,&quot;end&quot;:&quot;18:00&quot;,&quot;date_HRFSHORT&quot;:&quot;25.12.25&quot;},{&quot;label&quot;:&quot;&quot;,&quot;date&quot;:&quot;202512260000&quot;,&quot;closed&quot;:false,&quot;start&quot;:&quot;12:00&quot;,&quot;end&quot;:&quot;18:00&quot;,&quot;date_HRFSHORT&quot;:&quot;26.12.25&quot;},{&quot;label&quot;:&quot;&quot;,&quot;date&quot;:&quot;202512300000&quot;,&quot;closed&quot;:false,&quot;start&quot;:&quot;10:30&quot;,&quot;end&quot;:&quot;18:30&quot;,&quot;date_HRFSHORT&quot;:&quot;30.12.25&quot;},{&quot;label&quot;:&quot;&quot;,&quot;date&quot;:&quot;202512310000&quot;,&quot;closed&quot;:false,&quot;start&quot;:null,&quot;end&quot;:null,&quot;date_HRFSHORT&quot;:&quot;31.12.25&quot;},{&quot;label&quot;:&quot;&quot;,&quot;date&quot;:&quot;202601010000&quot;,&quot;closed&quot;:false,&quot;start&quot;:&quot;12:00&quot;,&quot;end&quot;:&quot;18:00&quot;,&quot;date_HRFSHORT&quot;:&quot;01.01.26&quot;}],&quot;subline&quot;:&quot;Berlin Ausstellung im Humboldt Forum&quot;,&quot;marketing_text&quot;:&quot;Erfahren Sie, wie die Stadt und ihre Menschen mit der Welt verbunden sind.&quot;,&quot;shorttext&quot;:&quot;Gestern, heute, morgen: Vieles, was in Berlin passiert, hat Einfluss auf die Welt. Und vieles, was in der Welt passiert, wirkt auf Berlin. BERLIN GLOBAL zeigt auf 4000 Quadratmetern im Humboldt Forum, wie die Stadt und ihre Menschen mit der Welt verbunden sind. &quot;,&quot;longtext&quot;:&quot;Gestern, heute, morgen: Vieles, was in Berlin passiert, hat Einfluss auf die Welt. Und vieles, was in der Welt passiert, wirkt auf Berlin. BERLIN GLOBAL zeigt auf 4000 Quadratmetern im Humboldt Forum, wie die Stadt und ihre Menschen mit der Welt verbunden sind. Der Raum Weltdenken hei\\u00dft die Besucher*innen willkommen, der Raum Berlin-Bilder f\\u00fchrt in die Themen der Ausstellung ein. Ihnen folgen die einzelnen Themenr\\u00e4ume: Sie erz\\u00e4hlen von Revolution, Freiraum, Grenzen, Vergn\\u00fcgen, Krieg, Mode und Verflechtung. Aspekte, die sich auch in anderen Metropolen finden lassen, die aber in dieser Kombination typisch f\\u00fcr Berlin sind.&quot;,&quot;highlight_header&quot;:true,&quot;highlight_header_image&quot;:66324,&quot;has_mobile_format&quot;:true,&quot;highlight_header_image_mobile&quot;:66322,&quot;tipp&quot;:false,&quot;joker&quot;:false,&quot;live&quot;:false,&quot;display_as_single&quot;:false,&quot;hyphenation&quot;:true,&quot;noindex&quot;:false,&quot;keywords&quot;:&quot;&quot;,&quot;use_opening_hours_of_the_house&quot;:false,&quot;additional_info&quot;:{&quot;icon&quot;:&quot;icon-bullet_active&quot;,&quot;text&quot;:&quot;Wartungsarbeiten: Vom 4. bis einschlie\\u00dflich 6.5.2026 wird die Ausstellung BERLIN GLOBAL nicht zug\\u00e4nglich sein.&quot;},&quot;use_video_in_teasers&quot;:false,&quot;hide_event_in_program&quot;:false,&quot;infotext&quot;:&quot;letzter Einlass 17:30 Uhr. &quot;,&quot;events&quot;:[126079,126641,128669,128606,128614,132200,132209,132198,132330,132555,132558,119976,135751,135756,135788,135796,135805,135823,136595,136602,136615,137214,136743,137696,136814,120403,140364,147928,148672,149576,153806,154671,157000,157020,157682,157684,158456,142900,158487,161422,163169],&quot;tickettext&quot;:&quot;Besuch von BERLIN GLOBAL auch mit Humboldt Forum Ticket m\\u00f6glich, s. Besuch &gt; Eintritt &amp; Tickets&quot;},&quot;period_list&quot;:&quot;&lt;strong&gt;\\u00d6ffnungszeiten&lt;\\\/strong&gt;\\nMo, Mi, Do, Fr, Sa, So: 10:30 \\u2013 18:30 Uhr\\nDi: geschlossen\\n\\n&quot;,&quot;period_exception&quot;:&quot;&quot;,&quot;date&quot;:{&quot;infinite&quot;:true,&quot;from_DATE&quot;:202302130000,&quot;from&quot;:1676284200,&quot;from_TIME&quot;:&quot;10:30&quot;,&quot;to&quot;:1809264840,&quot;to_DATE&quot;:202705011904,&quot;to_TIME&quot;:&quot;18:30&quot;,&quot;from_HRFSHORT&quot;:&quot;13. Feb 2023&quot;,&quot;from_HRFSHORT_WD&quot;:&quot;Mo 13.02.2023&quot;,&quot;from_HRF&quot;:&quot;Mo, 13. Februar 2023&quot;,&quot;to_HRF&quot;:&quot;So,  2. Mai 2027&quot;,&quot;to_HRFSHORT&quot;:&quot; 2. Mai 2027&quot;,&quot;to_HRFSHORT_WD&quot;:&quot;So 02.05.2027&quot;,&quot;from_to_HRF&quot;:&quot;Mo, 13. Februar 2023 \\u2013 So,  2. Mai 2027&quot;,&quot;from_to_HRFSHORT&quot;:&quot;13. Feb 2023 \\u2013  2. Mai 2027&quot;,&quot;NXX&quot;:&quot;202605011904&quot;,&quot;NLAST&quot;:&quot;202705021334&quot;,&quot;NX&quot;:&quot;20260501&quot;},&quot;alert&quot;:&quot;Highlight&quot;,&quot;partof&quot;:[],&quot;marketing_topic&quot;:&quot;&quot;}' inline-template>\n\t<a href=\"https:\/\/www.humboldtforum.org\/de\/programm\/dauerangebot\/ausstellung\/berlin-global-14140\/\" class=\"teaser teaser-event-permanent teaser-event-standard\">\n\t\t<div class=\"row\">\n\t\t\t<div class=\"col-xs-12 col-sm-6 col-md-5 col-sm-offset-1 col-md-offset-2 first-sm teaser-event-text Infos\">\n\t\t\t\t<div class=\"teaser-event-standard-text\">\n\t\t\t\t\t<div class=\"margin-bottom-atom\">\n\t\t\t\t\t\t<div class=\"subline clamp-1\" v-html=\"maingenre\"><\/div>\n\t\t\t\t\t\t\t\t\t\t\t<\/div>\n\t\t\t\t\n\t\t\t\t\t<strong class=\"margin-bottom-atom h5\">BERLIN GLOBAL<\/strong>\n\n\t\t\t\t\t\t\t\t\t\t\t<div class=\"\">Erfahren Sie, wie die Stadt und ihre Menschen mit der Welt verbunden sind.<\/div>\n\t\t\t\t\t\t\t\t\t<\/div>\n\t\t\t\t<div class=\"teaser-bottom border-bottom\">\n\t\t\t\t<calendardateline :rawitem='item' :show-icon=\"true\"><\/calendardateline>\n\t\t\t\t\t<hr>\n\t\t\t\t<\/div>\n\t\t\t<\/div>\n\t\t\t<div class=\"col-xs-12 col-sm-4 col-md-3 teaser-event-image bottom-xs first-xs\">\n\t\t\t\t<div class=\"teaser-image teaser-image-no-alternate\">\n\t\t\t\t\t\t\t\t\t\t\t\t\t<span class=\"alert\">Highlight<\/span>\n\t\t\t\t\t\t\t\t\t\t\t\n\t<lazy-media-inline inline-template>\n\t\t<figure itemscope itemtype=\"http:\/\/schema.org\/ImageObject\" class=\"lazy-media-inline \" role=\"group\" id=\"media_69f4f92b2636f\" aria-labelledby=\"desc_media_69f4f92b2636f\">\n\t\t\t<script type=\"application\/json\" ref=\"data\">\n\t\t\t\t{\n\t\t\t\t\"sizes\" : {\"medium\":{\"file\":\"BG-Visual-2-176x300.jpg\",\"width\":176,\"height\":300,\"mime-type\":\"image\\\/jpeg\",\"filesize\":10918},\"large\":{\"file\":\"BG-Visual-2-600x1024.jpg\",\"width\":600,\"height\":1024,\"mime-type\":\"image\\\/jpeg\",\"filesize\":51578},\"thumbnail\":{\"file\":\"BG-Visual-2-150x150.jpg\",\"width\":150,\"height\":150,\"mime-type\":\"image\\\/jpeg\",\"filesize\":7184},\"medium_large\":{\"file\":\"BG-Visual-2-768x1312.jpg\",\"width\":768,\"height\":1312,\"mime-type\":\"image\\\/jpeg\",\"filesize\":71401},\"small\":{\"file\":\"BG-Visual-2-258x440.jpg\",\"width\":258,\"height\":440,\"mime-type\":\"image\\\/jpeg\",\"filesize\":17917},\"semi\":{\"file\":\"BG-Visual-2-340x580.jpg\",\"width\":340,\"height\":580,\"mime-type\":\"image\\\/jpeg\",\"filesize\":24870},\"mobile\":{\"file\":\"BG-Visual-2-422x720.jpg\",\"width\":422,\"height\":720,\"mime-type\":\"image\\\/jpeg\",\"filesize\":32315},\"hd\":{\"file\":\"BG-Visual-2-749x1280.jpg\",\"width\":749,\"height\":1280,\"mime-type\":\"image\\\/jpeg\",\"filesize\":68644},\"full\":{\"file\":\"BG-Visual-2-1124x1920.jpg\",\"width\":1124,\"height\":1920,\"mime-type\":\"image\\\/jpeg\",\"filesize\":120736},\"1536x1536\":{\"file\":\"BG-Visual-2-899x1536.jpg\",\"width\":899,\"height\":1536,\"mime-type\":\"image\\\/jpeg\",\"filesize\":87922},\"2048x2048\":{\"file\":\"BG-Visual-2-1199x2048.jpg\",\"width\":1199,\"height\":2048,\"mime-type\":\"image\\\/jpeg\",\"filesize\":131087},\"original\":{\"file\":\"BG-Visual-2.jpg\",\"width\":1780,\"height\":3040}},\n\t\t\t\t\"alt\" : \"Bunte Grafik mit dem Schriftzug \\\"BERLIN GLOBAL\\\" in gro\\u00dfen gelben Buchstaben auf pinkem Hintergrund.\",\n\t\t\t\t\"path\" : \"\\\/wp-content\\\/uploads\\\/2022\\\/12\\\/\",\n\t\t\t\t\"video\" : null,\n\t\t\t\t\"autoplay\" : null,\n\t\t\t\t\"youtube\" : null,\n\t\t\t\t\"youtubelabel\" : \"Video abspielen\",\n\t\t\t\t\"brightness\" : 100,\n\t\t\t\t\"crop\" : {\"top\":\"15.71\",\"left\":\"50.15\"},\n\t\t\t\t\"background\" : true,\n\t\t\t\t\"scale\" : 2\t\t\t\t}\n\t\t\t<\/script>\n\n\t\t\t<div class=\"height-container\" style=\"padding-bottom:170.78651685393%;\" v-if=\"sizes\">\n\t\t\t\t\t\t\t\t<lazy-media :inline=\"true\" :alt=\"alt\" :sizes=\"sizes\" :scale=\"scale\" :brightness=\"brightness\" :path=\"path\" :video=\"video\" :autoplay=\"autoplay\" :youtube=\"youtube\" :crop=\"crop\" :youtubelabel=\"youtubelabel\" :background=\"background\" media-id=\"desc_media_69f4f92b2636f\"><\/lazy-media>\n\t\t\t\t\t\t\t<\/div>\n\n\t\t\t\t\t\t\t<figcaption class=\"sr-only\" ref=\"body\" id=\"desc_media_69f4f92b2636f\">\n\t\t\t\t\t\t\t\t\t\t\t\t\t\t\t\t<div>Key Visual Berlin Global Bisky Kampagne 2022  <\/div>\n\t\t\t\t\t\t\t\t\t\t\t\t\t\t\t\t<div class=\"insignificant\">\u00a9 Stiftung Stadtmuseum Berlin und Kulturprojekte Berlin \/ caromarta Studio<\/div>\n\t\t\t\t\t\t\t\t\t<\/figcaption>\n\t\t\t\t\t<\/figure>\n\t<\/lazy-media-inline>\n\t\t\t\t<\/div>\n\t\t\t<\/div>\n\t\t<\/div>\n\t<\/a>\n\t<\/calendarteaser>\n<\/li>\n\n\t\t\t\t<\/ul>\n\t\t\t<\/div>\n\t\t\t\t<\/lazy-component>\n<\/section>\n\n\n\n<section class=\"block block-CTA block-CTA-long leftgradient\">\n\t<div class=\"container-fluid\">\n\t\t<div class=\"row center-xs\">\n\t\t\t<div class=\"col-xs-12\">\n\t\t\t\t<div class=\"box\">\n\t\t\t\t\t<a href=\"https:\/\/www.humboldtforum.org\/de\/newsletter-2\/\" aria-label=\"Bleiben Sie auf dem Laufenden!\" class=\"teaser teaser-cta-wide \">\n\t\t\t\t\t\t<div class=\"teaser-image\">\n\t\t\t\t\t\t\t\n\t<lazy-media-inline inline-template>\n\t\t<figure itemscope itemtype=\"http:\/\/schema.org\/ImageObject\" class=\"lazy-media-inline \" role=\"group\" id=\"media_69f4f92b280fe\" aria-labelledby=\"desc_media_69f4f92b280fe\">\n\t\t\t<script type=\"application\/json\" ref=\"data\">\n\t\t\t\t{\n\t\t\t\t\"sizes\" : {\"medium\":{\"file\":\"HF_eb00061823-scaled-300x200.jpg\",\"width\":300,\"height\":200,\"mime-type\":\"image\\\/jpeg\",\"filesize\":19186},\"large\":{\"file\":\"HF_eb00061823-scaled-1024x683.jpg\",\"width\":1024,\"height\":683,\"mime-type\":\"image\\\/jpeg\",\"filesize\":138597},\"thumbnail\":{\"file\":\"HF_eb00061823-scaled-150x150.jpg\",\"width\":150,\"height\":150,\"mime-type\":\"image\\\/jpeg\",\"filesize\":8513},\"medium_large\":{\"file\":\"HF_eb00061823-scaled-768x512.jpg\",\"width\":768,\"height\":512,\"mime-type\":\"image\\\/jpeg\",\"filesize\":86200},\"small\":{\"file\":\"HF_eb00061823-scaled-440x293.jpg\",\"width\":440,\"height\":293,\"mime-type\":\"image\\\/jpeg\",\"filesize\":35525},\"semi\":{\"file\":\"HF_eb00061823-scaled-580x387.jpg\",\"width\":580,\"height\":387,\"mime-type\":\"image\\\/jpeg\",\"filesize\":55724},\"mobile\":{\"file\":\"HF_eb00061823-scaled-720x480.jpg\",\"width\":720,\"height\":480,\"mime-type\":\"image\\\/jpeg\",\"filesize\":77971},\"hd\":{\"file\":\"HF_eb00061823-scaled-1280x854.jpg\",\"width\":1280,\"height\":854,\"mime-type\":\"image\\\/jpeg\",\"filesize\":202477},\"full\":{\"file\":\"HF_eb00061823-scaled-1920x1280.jpg\",\"width\":1920,\"height\":1280,\"mime-type\":\"image\\\/jpeg\",\"filesize\":386736},\"1536x1536\":{\"file\":\"HF_eb00061823-scaled-1536x1024.jpg\",\"width\":1536,\"height\":1024,\"mime-type\":\"image\\\/jpeg\",\"filesize\":266197},\"2048x2048\":{\"file\":\"HF_eb00061823-scaled-2048x1366.jpg\",\"width\":2048,\"height\":1366,\"mime-type\":\"image\\\/jpeg\",\"filesize\":430206},\"original\":{\"file\":\"HF_eb00061823-scaled.jpg\",\"width\":2560,\"height\":1707}},\n\t\t\t\t\"alt\" : \"Blick in das beleuchtete Foyer von der Galerie im ersten Stock mit Besuchenden, Infopoint und Medienturm\",\n\t\t\t\t\"path\" : \"\\\/wp-content\\\/uploads\\\/2020\\\/04\\\/\",\n\t\t\t\t\"video\" : null,\n\t\t\t\t\"autoplay\" : null,\n\t\t\t\t\"youtube\" : null,\n\t\t\t\t\"youtubelabel\" : \"Video abspielen\",\n\t\t\t\t\"brightness\" : \"70\",\n\t\t\t\t\"crop\" : {\"top\":\"90.37\",\"left\":\"39.93\"},\n\t\t\t\t\"background\" : true,\n\t\t\t\t\"scale\" : 2\t\t\t\t}\n\t\t\t<\/script>\n\n\t\t\t<div class=\"height-container\" style=\"padding-bottom:66.6796875%;\" v-if=\"sizes\">\n\t\t\t\t\t\t\t\t<lazy-media :inline=\"true\" :alt=\"alt\" :sizes=\"sizes\" :scale=\"scale\" :brightness=\"brightness\" :path=\"path\" :video=\"video\" :autoplay=\"autoplay\" :youtube=\"youtube\" :crop=\"crop\" :youtubelabel=\"youtubelabel\" :background=\"background\" media-id=\"desc_media_69f4f92b280fe\"><\/lazy-media>\n\t\t\t\t\t\t\t<\/div>\n\n\t\t\t\t\t\t\t<figcaption class=\"sr-only\" ref=\"body\" id=\"desc_media_69f4f92b280fe\">\n\t\t\t\t\t\t\t\t\t\t\t<div>Blick in das Foyer, November 2019.<\/div>\n\t\t\t\t\t\t\t\t\t\t\t\t\t\t\t\t\t\t\t\t\t<div class=\"insignificant\">\u00a9 Stiftung Humboldt Forum im Berliner Schloss \/ David von Becker<\/div>\n\t\t\t\t\t\t\t\t\t<\/figcaption>\n\t\t\t\t\t<\/figure>\n\t<\/lazy-media-inline>\n\t\t\t\t\t\t<\/div>\n\t\t\t\t\t\t<div class=\"teaser-content \">\n\t\t\t\t\t\t\t<div>\n\t\t\t\t\t\t\t\t\t\t\t\t\t\t\t\t<div class=\"teaser-header\"><span class=\"h3\">Bleiben Sie auf dem Laufenden!<\/span><\/div>\n\t\t\t\t\t\t\t\t<div class=\"teaser-subline\"><span class=\"font-decoration\">Abonnieren Sie unseren Newsletter.<\/span><\/div>\t\t\t\t\t\t\t\t<button tabindex=\"-1\" class=\"border\">Hier klicken<\/button>\n\t\t\t\t\t\t\t<\/div>\n\t\t\t\t\t\t<\/div>\n\t\t\t\t\t<\/a>\n\t\t\t\t<\/div>\n\t\t\t<\/div>\n\t\t<\/div>\n\t<\/div>\n<\/section>\n","protected":false},"template":"","genre":[837],"digital":[],"topic":[],"stakeholder":[400],"editorial":[],"editorialfilter":[],"targetgroup":[455,454],"language":[384,385],"accessability":[],"age":[],"school":[],"groupsize":[],"place":[1685],"class_list":["post-136602","event","type-event","status-publish","hentry","genre-workshop","stakeholder-kulturprojekte-berlin-stadtmuseum-berlin","targetgroup-jugendliche","targetgroup-kinder-und-familien","language-deutsch","language-englisch","place-weltstudio-1-og"],"acf":[],"_links":{"self":[{"href":"https:\/\/www.humboldtforum.org\/de\/wp-json\/wp\/v2\/event\/136602","targetHints":{"allow":["GET"]}}],"collection":[{"href":"https:\/\/www.humboldtforum.org\/de\/wp-json\/wp\/v2\/event"}],"about":[{"href":"https:\/\/www.humboldtforum.org\/de\/wp-json\/wp\/v2\/types\/event"}],"version-history":[{"count":7,"href":"https:\/\/www.humboldtforum.org\/de\/wp-json\/wp\/v2\/event\/136602\/revisions"}],"predecessor-version":[{"id":136625,"href":"https:\/\/www.humboldtforum.org\/de\/wp-json\/wp\/v2\/event\/136602\/revisions\/136625"}],"wp:attachment":[{"href":"https:\/\/www.humboldtforum.org\/de\/wp-json\/wp\/v2\/media?parent=136602"}],"wp:term":[{"taxonomy":"genre","embeddable":true,"href":"https:\/\/www.humboldtforum.org\/de\/wp-json\/wp\/v2\/genre?post=136602"},{"taxonomy":"digital","embeddable":true,"href":"https:\/\/www.humboldtforum.org\/de\/wp-json\/wp\/v2\/digital?post=136602"},{"taxonomy":"topic","embeddable":true,"href":"https:\/\/www.humboldtforum.org\/de\/wp-json\/wp\/v2\/topic?post=136602"},{"taxonomy":"stakeholder","embeddable":true,"href":"https:\/\/www.humboldtforum.org\/de\/wp-json\/wp\/v2\/stakeholder?post=136602"},{"taxonomy":"editorial","embeddable":true,"href":"https:\/\/www.humboldtforum.org\/de\/wp-json\/wp\/v2\/editorial?post=136602"},{"taxonomy":"editorialfilter","embeddable":true,"href":"https:\/\/www.humboldtforum.org\/de\/wp-json\/wp\/v2\/editorialfilter?post=136602"},{"taxonomy":"targetgroup","embeddable":true,"href":"https:\/\/www.humboldtforum.org\/de\/wp-json\/wp\/v2\/targetgroup?post=136602"},{"taxonomy":"language","embeddable":true,"href":"https:\/\/www.humboldtforum.org\/de\/wp-json\/wp\/v2\/language?post=136602"},{"taxonomy":"accessability","embeddable":true,"href":"https:\/\/www.humboldtforum.org\/de\/wp-json\/wp\/v2\/accessability?post=136602"},{"taxonomy":"age","embeddable":true,"href":"https:\/\/www.humboldtforum.org\/de\/wp-json\/wp\/v2\/age?post=136602"},{"taxonomy":"school","embeddable":true,"href":"https:\/\/www.humboldtforum.org\/de\/wp-json\/wp\/v2\/school?post=136602"},{"taxonomy":"groupsize","embeddable":true,"href":"https:\/\/www.humboldtforum.org\/de\/wp-json\/wp\/v2\/groupsize?post=136602"},{"taxonomy":"place","embeddable":true,"href":"https:\/\/www.humboldtforum.org\/de\/wp-json\/wp\/v2\/place?post=136602"}],"curies":[{"name":"wp","href":"https:\/\/api.w.org\/{rel}","templated":true}]}}