{"id":137854,"date":"2024-10-01T18:28:31","date_gmt":"2024-10-01T16:28:31","guid":{"rendered":"https:\/\/www.humboldtforum.org\/?post_type=event&#038;p=137854"},"modified":"2025-03-27T14:36:53","modified_gmt":"2025-03-27T13:36:53","slug":"mentiras-aplaudidas","status":"publish","type":"event","link":"https:\/\/www.humboldtforum.org\/de\/programm\/termin\/tanz\/mentiras-aplaudidas-137854\/","title":{"rendered":"Mentiras aplaudidas"},"content":{"rendered":"<section class=\"block block-copy\" >\n    <div class=\"container-fluid\">\n\t\t<div class=\"row \">\n            <div class=\"col-xs-12 col-md-offset-2 col-md-8\">\n                <div class=\"box\">\n                    <div class=\"copy\"><p><span class=\"anleser\"><span class=\"anleser\">In \u201eMentiras aplaudidas\u201c aus Mozambik nehmen drei Performer*innen und zwei Musiker das Publikum mit auf eine Reise zu dr\u00e4ngenden Themen, Kulturk\u00e4mpfen, \u00c4ngsten und Ideologien. Die Verbindungslinien reichen von der Geschichte in die Gegenwart und weiter in eine postkoloniale Utopie.<\/span><\/span><\/p>\n<p><em>Mentiras aplaudidas<\/em> betrachtet (Kolonial-)Geschichte und die wirtschaftliche und politische Aufteilung Afrikas vor und seit der Berlin-Konferenz 1884 durch den Filter der historischen Auswirkungen und arbeitet so an einer kritischen Geschichtsschreibung im Gegensatz zu bestehenden Machtsystemen und ihren Narrativen. Der Abend hinterfragt so brillant wie unterhaltsam historische Machterz\u00e4hlungen und wirft dann einen Blick auf die heutige Welt, in der Fake News allt\u00e4glich geworden sind, die das Spiel der Manipulation auf eine n\u00e4chste Ebene katapultieren. Auf welcher Seite der Geschichte stehen wir? Woher kommen wir? Welche Menschen sind wir heute geworden?<\/p>\n<p>Die Performer*innen laden ein, erlerntes Wissen aus verschiedenen Perspektiven zu betrachten, sich mit unterschiedlichen Vorstellungen von Nationalit\u00e4t, kultureller Zugeh\u00f6rigkeit und Identit\u00e4t auseinanderzusetzen und damit auch Geschichtsschreibung neu zu bewerten. Nicht mehr als sogenannt objektive Ansammlung von Daten und Fakten, als lineare Abfolge eindeutiger Ereignisse, sondern im Bewusstsein, dass Geschichtsschreibung immer im politischen Kontext ihrer Autor*innen gelesen werden muss. Sie laden uns ein, unser traditionelles Wissen \u00fcber die menschlichen Zivilisationen aus vielstimmigen Perspektiven zu betrachten, und machen deutlich, dass soziale Systeme in afrikanischen L\u00e4ndern oft anders funktionieren als beispielsweise in Europa.<\/p>\n<p>\u201eWer hat gesagt, dass Pablo Picasso den Kubismus erfunden hat? Und wenn ich Euch sage, dass der Kubismus von afrikanischen Schnitzereien in Masken und Gravuren beeinflusst wurde! \u2026 Gibt es eine andere Wahrheit, auf die Euer Verstand zugreifen kann? W\u00fcrdet Ihr an Intuition glauben, an Instinkte, an Tr\u00e4ume, an \u00fcbernat\u00fcrliche Kr\u00e4fte, an das Universum, an Gef\u00fchle und Mythen?\u201c (Mentiras aplaudidas).<\/p>\n<h5>Panaibra Gabriel Canda<\/h5>\n<p>Panaibra Gabriel Canda, geboren in Maputo, Mozambik, geh\u00f6rt zu den bedeutendsten Choreografen Afrikas, der die postkolonialen Verwerfungen seines Landes so vieldeutig wie kein anderer spiegelt. Er studierte Theater, Tanz und Musik in Mosambik und Portugal. Seit 1993 entwickelt Panaibra eigene k\u00fcnstlerische Arbeiten mit denen er als T\u00e4nzer und Choreograph weltweit tourt und zahlreiche Auszeichnungen erhielt. 1998 gr\u00fcndete er in Maputo das Kulturzentrum CulturArte, ein Produktionsstudio f\u00fcr zeitgen\u00f6ssischen Tanz in Mosambik, in dessen Rahmen zahlreiche k\u00fcnstlerische Projekte entstanden. Als k\u00fcnstlerischer Leiter und Choreograf widmet er sich dort durch Ausbildungsprogramme sehr erfolgreich dem Aufbau der regionalen Tanzszene. Bei seinen zahlreichen Festivalauftritten in Europa zeigt(e) er, wie dynamisch und humorvoll Tanz sein kann. Dabei spielt in seinen Arbeiten die Verbindung von Tanz und gesellschaftspolitischen Aspekten eine entscheidende Rolle.<\/p>\n<p>Panaibra wurde von der renommierten Fachzeitschrift TANZ zusammen mit 30 anderen internationalen K\u00fcnstlern als \u201evielversprechendes Talent f\u00fcr die Zukunft des Tanzes\u201c ausgezeichnet.<\/p>\n<\/div>\n                <\/div>\n            <\/div>\n\t\t<\/div>\n\t\t    <\/div>\n<\/section>\n\n\n<section class=\"block block-gallery\">\n\t<div class=\"container-fluid\">\n\t\t<div class=\"row center-xs\">\n\t\t\t<div class=\"col-xs-12\">\n\t\t\t\t<div class=\"box text-align-left\">\n\t\t\t\t\t<block-gallery inline-template>\n\t\t\t\t\t\t<div :class=\"{ firstLoaded: firstLoaded }\">\n\t\t\t\t\t\t\t<script type=\"application\/json\" ref=\"data\">\n\t\t\t\t\t\t\t{\n\t\t\t\t\t\t\t\t\"images\" : [{\"id\":0,\"width\":5525,\"height\":3683,\"alt\":\"Drei T&auml;nzer in schwarzer Kleidung mit wei&szlig;en Kragen pr&auml;sentieren eine kraftvolle Darbietung auf der B&uuml;hne.\",\"title\":\"\",\"description\":\"Mentiras Aplaudidas \\\/ Er&ouml;ffnung der &quot;Transkontinentale&quot; am 7.11.2024\",\"label\":\"\",\"copyright\":\"Stiftung Humboldt Forum im Berliner Schloss, Foto: Frank Sperling\",\"path\":\"\\\/wp-content\\\/uploads\\\/2024\\\/10\\\/\",\"sizes\":{\"medium\":{\"file\":\"SHF_eb00235104-300x200.jpg\",\"width\":300,\"height\":200,\"mime-type\":\"image\\\/jpeg\",\"filesize\":8632},\"large\":{\"file\":\"SHF_eb00235104-1024x683.jpg\",\"width\":1024,\"height\":683,\"mime-type\":\"image\\\/jpeg\",\"filesize\":52883},\"thumbnail\":{\"file\":\"SHF_eb00235104-150x150.jpg\",\"width\":150,\"height\":150,\"mime-type\":\"image\\\/jpeg\",\"filesize\":5128},\"medium_large\":{\"file\":\"SHF_eb00235104-768x512.jpg\",\"width\":768,\"height\":512,\"mime-type\":\"image\\\/jpeg\",\"filesize\":33978},\"small\":{\"file\":\"SHF_eb00235104-440x293.jpg\",\"width\":440,\"height\":293,\"mime-type\":\"image\\\/jpeg\",\"filesize\":15002},\"semi\":{\"file\":\"SHF_eb00235104-580x387.jpg\",\"width\":580,\"height\":387,\"mime-type\":\"image\\\/jpeg\",\"filesize\":22617},\"mobile\":{\"file\":\"SHF_eb00235104-720x480.jpg\",\"width\":720,\"height\":480,\"mime-type\":\"image\\\/jpeg\",\"filesize\":30829},\"hd\":{\"file\":\"SHF_eb00235104-1280x853.jpg\",\"width\":1280,\"height\":853,\"mime-type\":\"image\\\/jpeg\",\"filesize\":76071},\"full\":{\"file\":\"SHF_eb00235104-1920x1280.jpg\",\"width\":1920,\"height\":1280,\"mime-type\":\"image\\\/jpeg\",\"filesize\":163100},\"xxl\":{\"file\":\"SHF_eb00235104-4048x2698.jpg\",\"width\":4048,\"height\":2698,\"mime-type\":\"image\\\/jpeg\",\"filesize\":953074},\"1536x1536\":{\"file\":\"SHF_eb00235104-1536x1024.jpg\",\"width\":1536,\"height\":1024,\"mime-type\":\"image\\\/jpeg\",\"filesize\":104984},\"2048x2048\":{\"file\":\"SHF_eb00235104-2048x1365.jpg\",\"width\":2048,\"height\":1365,\"mime-type\":\"image\\\/jpeg\",\"filesize\":187472},\"original\":{\"file\":\"SHF_eb00235104.jpg\",\"width\":5525,\"height\":3683}}},{\"id\":1,\"width\":7990,\"height\":5329,\"alt\":\"Zwei T&auml;nzer auf der B&uuml;hne mit Lichteffekten und Nebel w&auml;hrend ihrer Performance.\",\"title\":\"\",\"description\":\"Mentiras Aplaudidas \\\/ Er&ouml;ffnung der &quot;Transkontinentale&quot; am 7.11.2024\",\"label\":\"\",\"copyright\":\"Stiftung Humboldt Forum im Berliner Schloss, Foto: Frank Sperling\",\"path\":\"\\\/wp-content\\\/uploads\\\/2024\\\/10\\\/\",\"sizes\":{\"medium\":{\"file\":\"SHF_eb00235110-300x200.jpg\",\"width\":300,\"height\":200,\"mime-type\":\"image\\\/jpeg\",\"filesize\":11241},\"large\":{\"file\":\"SHF_eb00235110-1024x683.jpg\",\"width\":1024,\"height\":683,\"mime-type\":\"image\\\/jpeg\",\"filesize\":63550},\"thumbnail\":{\"file\":\"SHF_eb00235110-150x150.jpg\",\"width\":150,\"height\":150,\"mime-type\":\"image\\\/jpeg\",\"filesize\":6052},\"medium_large\":{\"file\":\"SHF_eb00235110-768x512.jpg\",\"width\":768,\"height\":512,\"mime-type\":\"image\\\/jpeg\",\"filesize\":41734},\"small\":{\"file\":\"SHF_eb00235110-440x293.jpg\",\"width\":440,\"height\":293,\"mime-type\":\"image\\\/jpeg\",\"filesize\":19301},\"semi\":{\"file\":\"SHF_eb00235110-580x387.jpg\",\"width\":580,\"height\":387,\"mime-type\":\"image\\\/jpeg\",\"filesize\":28636},\"mobile\":{\"file\":\"SHF_eb00235110-720x480.jpg\",\"width\":720,\"height\":480,\"mime-type\":\"image\\\/jpeg\",\"filesize\":38142},\"hd\":{\"file\":\"SHF_eb00235110-1280x854.jpg\",\"width\":1280,\"height\":854,\"mime-type\":\"image\\\/jpeg\",\"filesize\":88516},\"full\":{\"file\":\"SHF_eb00235110-1920x1281.jpg\",\"width\":1920,\"height\":1281,\"mime-type\":\"image\\\/jpeg\",\"filesize\":168132},\"xxl\":{\"file\":\"SHF_eb00235110-4048x2700.jpg\",\"width\":4048,\"height\":2700,\"mime-type\":\"image\\\/jpeg\",\"filesize\":737303},\"1536x1536\":{\"file\":\"SHF_eb00235110-1536x1024.jpg\",\"width\":1536,\"height\":1024,\"mime-type\":\"image\\\/jpeg\",\"filesize\":116219},\"2048x2048\":{\"file\":\"SHF_eb00235110-2048x1366.jpg\",\"width\":2048,\"height\":1366,\"mime-type\":\"image\\\/jpeg\",\"filesize\":186380},\"original\":{\"file\":\"SHF_eb00235110.jpg\",\"width\":7990,\"height\":5329}}},{\"id\":2,\"width\":5997,\"height\":4000,\"alt\":\"Zwei Personen mit Tiermasken interagieren an einem Tisch in einem dunklen Raum.\",\"title\":\"\",\"description\":\"Mentiras Aplaudidas \\\/ Er&ouml;ffnung der &quot;Transkontinentale&quot; am 7.11.2024\",\"label\":\"\",\"copyright\":\"Stiftung Humboldt Forum im Berliner Schloss, Foto: Frank Sperling\",\"path\":\"\\\/wp-content\\\/uploads\\\/2024\\\/10\\\/\",\"sizes\":{\"medium\":{\"file\":\"SHF_eb00235054-300x200.jpg\",\"width\":300,\"height\":200,\"mime-type\":\"image\\\/jpeg\",\"filesize\":7535},\"large\":{\"file\":\"SHF_eb00235054-1024x683.jpg\",\"width\":1024,\"height\":683,\"mime-type\":\"image\\\/jpeg\",\"filesize\":42058},\"thumbnail\":{\"file\":\"SHF_eb00235054-150x150.jpg\",\"width\":150,\"height\":150,\"mime-type\":\"image\\\/jpeg\",\"filesize\":4186},\"medium_large\":{\"file\":\"SHF_eb00235054-768x512.jpg\",\"width\":768,\"height\":512,\"mime-type\":\"image\\\/jpeg\",\"filesize\":27329},\"small\":{\"file\":\"SHF_eb00235054-440x293.jpg\",\"width\":440,\"height\":293,\"mime-type\":\"image\\\/jpeg\",\"filesize\":12500},\"semi\":{\"file\":\"SHF_eb00235054-580x387.jpg\",\"width\":580,\"height\":387,\"mime-type\":\"image\\\/jpeg\",\"filesize\":18450},\"mobile\":{\"file\":\"SHF_eb00235054-720x480.jpg\",\"width\":720,\"height\":480,\"mime-type\":\"image\\\/jpeg\",\"filesize\":24766},\"hd\":{\"file\":\"SHF_eb00235054-1280x854.jpg\",\"width\":1280,\"height\":854,\"mime-type\":\"image\\\/jpeg\",\"filesize\":59086},\"full\":{\"file\":\"SHF_eb00235054-1920x1281.jpg\",\"width\":1920,\"height\":1281,\"mime-type\":\"image\\\/jpeg\",\"filesize\":115819},\"xxl\":{\"file\":\"SHF_eb00235054-4048x2700.jpg\",\"width\":4048,\"height\":2700,\"mime-type\":\"image\\\/jpeg\",\"filesize\":527663},\"1536x1536\":{\"file\":\"SHF_eb00235054-1536x1025.jpg\",\"width\":1536,\"height\":1025,\"mime-type\":\"image\\\/jpeg\",\"filesize\":79254},\"2048x2048\":{\"file\":\"SHF_eb00235054-2048x1366.jpg\",\"width\":2048,\"height\":1366,\"mime-type\":\"image\\\/jpeg\",\"filesize\":129133},\"original\":{\"file\":\"SHF_eb00235054.jpg\",\"width\":5997,\"height\":4000}}},{\"id\":3,\"width\":6000,\"height\":4000,\"alt\":\"Ein S&auml;nger mit Mikrofon, der leidenschaftlich auf einer dunklen B&uuml;hne auftritt.\",\"title\":\"\",\"description\":\"Mentiras Aplaudidas \\\/ Er&ouml;ffnung der &quot;Transkontinentale&quot; am 7.11.2024\",\"label\":\"\",\"copyright\":\"Stiftung Humboldt Forum im Berliner Schloss, Foto: Frank Sperling\",\"path\":\"\\\/wp-content\\\/uploads\\\/2024\\\/10\\\/\",\"sizes\":{\"medium\":{\"file\":\"SHF_eb00235178-300x200.jpg\",\"width\":300,\"height\":200,\"mime-type\":\"image\\\/jpeg\",\"filesize\":5610},\"large\":{\"file\":\"SHF_eb00235178-1024x683.jpg\",\"width\":1024,\"height\":683,\"mime-type\":\"image\\\/jpeg\",\"filesize\":46991},\"thumbnail\":{\"file\":\"SHF_eb00235178-150x150.jpg\",\"width\":150,\"height\":150,\"mime-type\":\"image\\\/jpeg\",\"filesize\":3433},\"medium_large\":{\"file\":\"SHF_eb00235178-768x512.jpg\",\"width\":768,\"height\":512,\"mime-type\":\"image\\\/jpeg\",\"filesize\":25651},\"small\":{\"file\":\"SHF_eb00235178-440x293.jpg\",\"width\":440,\"height\":293,\"mime-type\":\"image\\\/jpeg\",\"filesize\":9906},\"semi\":{\"file\":\"SHF_eb00235178-580x387.jpg\",\"width\":580,\"height\":387,\"mime-type\":\"image\\\/jpeg\",\"filesize\":15631},\"mobile\":{\"file\":\"SHF_eb00235178-720x480.jpg\",\"width\":720,\"height\":480,\"mime-type\":\"image\\\/jpeg\",\"filesize\":22737},\"hd\":{\"file\":\"SHF_eb00235178-1280x853.jpg\",\"width\":1280,\"height\":853,\"mime-type\":\"image\\\/jpeg\",\"filesize\":78201},\"full\":{\"file\":\"SHF_eb00235178-1920x1280.jpg\",\"width\":1920,\"height\":1280,\"mime-type\":\"image\\\/jpeg\",\"filesize\":207131},\"xxl\":{\"file\":\"SHF_eb00235178-4048x2699.jpg\",\"width\":4048,\"height\":2699,\"mime-type\":\"image\\\/jpeg\",\"filesize\":1216845},\"1536x1536\":{\"file\":\"SHF_eb00235178-1536x1024.jpg\",\"width\":1536,\"height\":1024,\"mime-type\":\"image\\\/jpeg\",\"filesize\":119918},\"2048x2048\":{\"file\":\"SHF_eb00235178-2048x1365.jpg\",\"width\":2048,\"height\":1365,\"mime-type\":\"image\\\/jpeg\",\"filesize\":242221},\"original\":{\"file\":\"SHF_eb00235178.jpg\",\"width\":6000,\"height\":4000}}},{\"id\":4,\"width\":4000,\"height\":5997,\"alt\":\"Eine k&uuml;nstlerische Darbietung vor einer Projektion der Erde, mit einer Person in einem kreativen Kost&uuml;m.\",\"title\":\"\",\"description\":\"Mentiras Aplaudidas \\\/ Er&ouml;ffnung der &quot;Transkontinentale&quot; am 7.11.2024\",\"label\":\"\",\"copyright\":\"Stiftung Humboldt Forum im Berliner Schloss, Foto: Frank Sperling\",\"path\":\"\\\/wp-content\\\/uploads\\\/2024\\\/10\\\/\",\"sizes\":{\"medium\":{\"file\":\"SHF_eb00235061-200x300.jpg\",\"width\":200,\"height\":300,\"mime-type\":\"image\\\/jpeg\",\"filesize\":7291},\"large\":{\"file\":\"SHF_eb00235061-683x1024.jpg\",\"width\":683,\"height\":1024,\"mime-type\":\"image\\\/jpeg\",\"filesize\":39887},\"thumbnail\":{\"file\":\"SHF_eb00235061-150x150.jpg\",\"width\":150,\"height\":150,\"mime-type\":\"image\\\/jpeg\",\"filesize\":3837},\"medium_large\":{\"file\":\"SHF_eb00235061-768x1151.jpg\",\"width\":768,\"height\":1151,\"mime-type\":\"image\\\/jpeg\",\"filesize\":47518},\"small\":{\"file\":\"SHF_eb00235061-293x440.jpg\",\"width\":293,\"height\":440,\"mime-type\":\"image\\\/jpeg\",\"filesize\":12160},\"semi\":{\"file\":\"SHF_eb00235061-387x580.jpg\",\"width\":387,\"height\":580,\"mime-type\":\"image\\\/jpeg\",\"filesize\":17999},\"mobile\":{\"file\":\"SHF_eb00235061-480x720.jpg\",\"width\":480,\"height\":720,\"mime-type\":\"image\\\/jpeg\",\"filesize\":23993},\"hd\":{\"file\":\"SHF_eb00235061-854x1280.jpg\",\"width\":854,\"height\":1280,\"mime-type\":\"image\\\/jpeg\",\"filesize\":55952},\"full\":{\"file\":\"SHF_eb00235061-1281x1920.jpg\",\"width\":1281,\"height\":1920,\"mime-type\":\"image\\\/jpeg\",\"filesize\":111180},\"xxl\":{\"file\":\"SHF_eb00235061-2700x4048.jpg\",\"width\":2700,\"height\":4048,\"mime-type\":\"image\\\/jpeg\",\"filesize\":603630},\"1536x1536\":{\"file\":\"SHF_eb00235061-1025x1536.jpg\",\"width\":1025,\"height\":1536,\"mime-type\":\"image\\\/jpeg\",\"filesize\":75253},\"2048x2048\":{\"file\":\"SHF_eb00235061-1366x2048.jpg\",\"width\":1366,\"height\":2048,\"mime-type\":\"image\\\/jpeg\",\"filesize\":124982},\"original\":{\"file\":\"SHF_eb00235061.jpg\",\"width\":4000,\"height\":5997}}},{\"id\":5,\"width\":8029,\"height\":5355,\"alt\":\"Performance-Szene mit einem K&uuml;nstler am Tisch, w&auml;hrend auf einer Leinwand eine Hand und ein Objekt dargestellt sind.\",\"title\":\"\",\"description\":\"Mentiras Aplaudidas \\\/ Er&ouml;ffnung der &quot;Transkontinentale&quot; am 7.11.2024\",\"label\":\"\",\"copyright\":\"Stiftung Humboldt Forum im Berliner Schloss, Foto: Frank Sperling\",\"path\":\"\\\/wp-content\\\/uploads\\\/2024\\\/10\\\/\",\"sizes\":{\"medium\":{\"file\":\"SHF_eb00235131-300x200.jpg\",\"width\":300,\"height\":200,\"mime-type\":\"image\\\/jpeg\",\"filesize\":7902},\"large\":{\"file\":\"SHF_eb00235131-1024x683.jpg\",\"width\":1024,\"height\":683,\"mime-type\":\"image\\\/jpeg\",\"filesize\":49716},\"thumbnail\":{\"file\":\"SHF_eb00235131-150x150.jpg\",\"width\":150,\"height\":150,\"mime-type\":\"image\\\/jpeg\",\"filesize\":4218},\"medium_large\":{\"file\":\"SHF_eb00235131-768x512.jpg\",\"width\":768,\"height\":512,\"mime-type\":\"image\\\/jpeg\",\"filesize\":31327},\"small\":{\"file\":\"SHF_eb00235131-440x293.jpg\",\"width\":440,\"height\":293,\"mime-type\":\"image\\\/jpeg\",\"filesize\":13635},\"semi\":{\"file\":\"SHF_eb00235131-580x387.jpg\",\"width\":580,\"height\":387,\"mime-type\":\"image\\\/jpeg\",\"filesize\":20734},\"mobile\":{\"file\":\"SHF_eb00235131-720x480.jpg\",\"width\":720,\"height\":480,\"mime-type\":\"image\\\/jpeg\",\"filesize\":28136},\"hd\":{\"file\":\"SHF_eb00235131-1280x854.jpg\",\"width\":1280,\"height\":854,\"mime-type\":\"image\\\/jpeg\",\"filesize\":71579},\"full\":{\"file\":\"SHF_eb00235131-1920x1281.jpg\",\"width\":1920,\"height\":1281,\"mime-type\":\"image\\\/jpeg\",\"filesize\":149651},\"xxl\":{\"file\":\"SHF_eb00235131-4048x2700.jpg\",\"width\":4048,\"height\":2700,\"mime-type\":\"image\\\/jpeg\",\"filesize\":746475},\"1536x1536\":{\"file\":\"SHF_eb00235131-1536x1024.jpg\",\"width\":1536,\"height\":1024,\"mime-type\":\"image\\\/jpeg\",\"filesize\":98215},\"2048x2048\":{\"file\":\"SHF_eb00235131-2048x1366.jpg\",\"width\":2048,\"height\":1366,\"mime-type\":\"image\\\/jpeg\",\"filesize\":169045},\"original\":{\"file\":\"SHF_eb00235131.jpg\",\"width\":8029,\"height\":5355}}},{\"id\":6,\"width\":8131,\"height\":5423,\"alt\":\"Mann auf Leinwand w&auml;hrend einer Pr&auml;sentation, mit Datum und E-Mail-Kontakt zum Thema &bdquo;Afrikanische Einheit&ldquo;.\",\"title\":\"\",\"description\":\"Mentiras Aplaudidas \\\/ Er&ouml;ffnung der &quot;Transkontinentale&quot; am 7.11.2024\",\"label\":\"\",\"copyright\":\"Stiftung Humboldt Forum im Berliner Schloss, Foto: Frank Sperling\",\"path\":\"\\\/wp-content\\\/uploads\\\/2024\\\/10\\\/\",\"sizes\":{\"medium\":{\"file\":\"SHF_eb00235112-300x200.jpg\",\"width\":300,\"height\":200,\"mime-type\":\"image\\\/jpeg\",\"filesize\":8678},\"large\":{\"file\":\"SHF_eb00235112-1024x683.jpg\",\"width\":1024,\"height\":683,\"mime-type\":\"image\\\/jpeg\",\"filesize\":58486},\"thumbnail\":{\"file\":\"SHF_eb00235112-150x150.jpg\",\"width\":150,\"height\":150,\"mime-type\":\"image\\\/jpeg\",\"filesize\":4060},\"medium_large\":{\"file\":\"SHF_eb00235112-768x512.jpg\",\"width\":768,\"height\":512,\"mime-type\":\"image\\\/jpeg\",\"filesize\":35952},\"small\":{\"file\":\"SHF_eb00235112-440x293.jpg\",\"width\":440,\"height\":293,\"mime-type\":\"image\\\/jpeg\",\"filesize\":15517},\"semi\":{\"file\":\"SHF_eb00235112-580x387.jpg\",\"width\":580,\"height\":387,\"mime-type\":\"image\\\/jpeg\",\"filesize\":23646},\"mobile\":{\"file\":\"SHF_eb00235112-720x480.jpg\",\"width\":720,\"height\":480,\"mime-type\":\"image\\\/jpeg\",\"filesize\":32476},\"hd\":{\"file\":\"SHF_eb00235112-1280x854.jpg\",\"width\":1280,\"height\":854,\"mime-type\":\"image\\\/jpeg\",\"filesize\":87428},\"full\":{\"file\":\"SHF_eb00235112-1920x1281.jpg\",\"width\":1920,\"height\":1281,\"mime-type\":\"image\\\/jpeg\",\"filesize\":205941},\"xxl\":{\"file\":\"SHF_eb00235112-4048x2700.jpg\",\"width\":4048,\"height\":2700,\"mime-type\":\"image\\\/jpeg\",\"filesize\":1322438},\"1536x1536\":{\"file\":\"SHF_eb00235112-1536x1024.jpg\",\"width\":1536,\"height\":1024,\"mime-type\":\"image\\\/jpeg\",\"filesize\":125105},\"2048x2048\":{\"file\":\"SHF_eb00235112-2048x1366.jpg\",\"width\":2048,\"height\":1366,\"mime-type\":\"image\\\/jpeg\",\"filesize\":238592},\"original\":{\"file\":\"SHF_eb00235112.jpg\",\"width\":8131,\"height\":5423}}},{\"id\":7,\"width\":6000,\"height\":4000,\"alt\":\"T&auml;nzerin in buntem Outfit tanzt auf der B&uuml;hne, umgeben von farbigem Licht und anderen T&auml;nzern.\",\"title\":\"\",\"description\":\"Mentiras Aplaudidas \\\/ Er&ouml;ffnung der &quot;Transkontinentale&quot; am 7.11.2024\",\"label\":\"\",\"copyright\":\"Stiftung Humboldt Forum im Berliner Schloss, Foto: Frank Sperling\",\"path\":\"\\\/wp-content\\\/uploads\\\/2024\\\/10\\\/\",\"sizes\":{\"medium\":{\"file\":\"SHF_eb00235119-300x200.jpg\",\"width\":300,\"height\":200,\"mime-type\":\"image\\\/jpeg\",\"filesize\":14379},\"large\":{\"file\":\"SHF_eb00235119-1024x683.jpg\",\"width\":1024,\"height\":683,\"mime-type\":\"image\\\/jpeg\",\"filesize\":88892},\"thumbnail\":{\"file\":\"SHF_eb00235119-150x150.jpg\",\"width\":150,\"height\":150,\"mime-type\":\"image\\\/jpeg\",\"filesize\":6998},\"medium_large\":{\"file\":\"SHF_eb00235119-768x512.jpg\",\"width\":768,\"height\":512,\"mime-type\":\"image\\\/jpeg\",\"filesize\":57300},\"small\":{\"file\":\"SHF_eb00235119-440x293.jpg\",\"width\":440,\"height\":293,\"mime-type\":\"image\\\/jpeg\",\"filesize\":25435},\"semi\":{\"file\":\"SHF_eb00235119-580x387.jpg\",\"width\":580,\"height\":387,\"mime-type\":\"image\\\/jpeg\",\"filesize\":38224},\"mobile\":{\"file\":\"SHF_eb00235119-720x480.jpg\",\"width\":720,\"height\":480,\"mime-type\":\"image\\\/jpeg\",\"filesize\":52020},\"hd\":{\"file\":\"SHF_eb00235119-1280x853.jpg\",\"width\":1280,\"height\":853,\"mime-type\":\"image\\\/jpeg\",\"filesize\":125524},\"full\":{\"file\":\"SHF_eb00235119-1920x1280.jpg\",\"width\":1920,\"height\":1280,\"mime-type\":\"image\\\/jpeg\",\"filesize\":245102},\"xxl\":{\"file\":\"SHF_eb00235119-4048x2699.jpg\",\"width\":4048,\"height\":2699,\"mime-type\":\"image\\\/jpeg\",\"filesize\":1046060},\"1536x1536\":{\"file\":\"SHF_eb00235119-1536x1024.jpg\",\"width\":1536,\"height\":1024,\"mime-type\":\"image\\\/jpeg\",\"filesize\":167757},\"2048x2048\":{\"file\":\"SHF_eb00235119-2048x1365.jpg\",\"width\":2048,\"height\":1365,\"mime-type\":\"image\\\/jpeg\",\"filesize\":274616},\"original\":{\"file\":\"SHF_eb00235119.jpg\",\"width\":6000,\"height\":4000}}},{\"id\":8,\"width\":6000,\"height\":4000,\"alt\":\"Zwei T&auml;nzer in kreativen Kost&uuml;men auf der B&uuml;hne, umgeben von Obst und einer projizierten Hintergrundszene.\",\"title\":\"\",\"description\":\"Mentiras Aplaudidas \\\/ Er&ouml;ffnung der &quot;Transkontinentale&quot; am 7.11.2024\",\"label\":\"\",\"copyright\":\"Stiftung Humboldt Forum im Berliner Schloss, Foto: Frank Sperling\",\"path\":\"\\\/wp-content\\\/uploads\\\/2024\\\/10\\\/\",\"sizes\":{\"medium\":{\"file\":\"SHF_eb00235129-300x200.jpg\",\"width\":300,\"height\":200,\"mime-type\":\"image\\\/jpeg\",\"filesize\":13821},\"large\":{\"file\":\"SHF_eb00235129-1024x683.jpg\",\"width\":1024,\"height\":683,\"mime-type\":\"image\\\/jpeg\",\"filesize\":96272},\"thumbnail\":{\"file\":\"SHF_eb00235129-150x150.jpg\",\"width\":150,\"height\":150,\"mime-type\":\"image\\\/jpeg\",\"filesize\":7851},\"medium_large\":{\"file\":\"SHF_eb00235129-768x512.jpg\",\"width\":768,\"height\":512,\"mime-type\":\"image\\\/jpeg\",\"filesize\":57797},\"small\":{\"file\":\"SHF_eb00235129-440x293.jpg\",\"width\":440,\"height\":293,\"mime-type\":\"image\\\/jpeg\",\"filesize\":24611},\"semi\":{\"file\":\"SHF_eb00235129-580x387.jpg\",\"width\":580,\"height\":387,\"mime-type\":\"image\\\/jpeg\",\"filesize\":37581},\"mobile\":{\"file\":\"SHF_eb00235129-720x480.jpg\",\"width\":720,\"height\":480,\"mime-type\":\"image\\\/jpeg\",\"filesize\":52330},\"hd\":{\"file\":\"SHF_eb00235129-1280x853.jpg\",\"width\":1280,\"height\":853,\"mime-type\":\"image\\\/jpeg\",\"filesize\":144874},\"full\":{\"file\":\"SHF_eb00235129-1920x1280.jpg\",\"width\":1920,\"height\":1280,\"mime-type\":\"image\\\/jpeg\",\"filesize\":322162},\"xxl\":{\"file\":\"SHF_eb00235129-4048x2699.jpg\",\"width\":4048,\"height\":2699,\"mime-type\":\"image\\\/jpeg\",\"filesize\":1576224},\"1536x1536\":{\"file\":\"SHF_eb00235129-1536x1024.jpg\",\"width\":1536,\"height\":1024,\"mime-type\":\"image\\\/jpeg\",\"filesize\":204953},\"2048x2048\":{\"file\":\"SHF_eb00235129-2048x1365.jpg\",\"width\":2048,\"height\":1365,\"mime-type\":\"image\\\/jpeg\",\"filesize\":368992},\"original\":{\"file\":\"SHF_eb00235129.jpg\",\"width\":6000,\"height\":4000}}},{\"id\":9,\"width\":5430,\"height\":3620,\"alt\":\"Eine Person steht im Mittelpunkt auf der B&uuml;hne, w&auml;hrend im Hintergrund gro&szlig; das Wort &quot;L&uuml;gner?&quot; projiziert wird.\",\"title\":\"\",\"description\":\"Mentiras Aplaudidas \\\/ Er&ouml;ffnung der &quot;Transkontinentale&quot; am 7.11.2024\",\"label\":\"\",\"copyright\":\"Stiftung Humboldt Forum im Berliner Schloss, Foto: Frank Sperling\",\"path\":\"\\\/wp-content\\\/uploads\\\/2024\\\/10\\\/\",\"sizes\":{\"medium\":{\"file\":\"SHF_eb00235173-300x200.jpg\",\"width\":300,\"height\":200,\"mime-type\":\"image\\\/jpeg\",\"filesize\":5796},\"large\":{\"file\":\"SHF_eb00235173-1024x683.jpg\",\"width\":1024,\"height\":683,\"mime-type\":\"image\\\/jpeg\",\"filesize\":35000},\"thumbnail\":{\"file\":\"SHF_eb00235173-150x150.jpg\",\"width\":150,\"height\":150,\"mime-type\":\"image\\\/jpeg\",\"filesize\":3552},\"medium_large\":{\"file\":\"SHF_eb00235173-768x512.jpg\",\"width\":768,\"height\":512,\"mime-type\":\"image\\\/jpeg\",\"filesize\":21450},\"small\":{\"file\":\"SHF_eb00235173-440x293.jpg\",\"width\":440,\"height\":293,\"mime-type\":\"image\\\/jpeg\",\"filesize\":10022},\"semi\":{\"file\":\"SHF_eb00235173-580x387.jpg\",\"width\":580,\"height\":387,\"mime-type\":\"image\\\/jpeg\",\"filesize\":14496},\"mobile\":{\"file\":\"SHF_eb00235173-720x480.jpg\",\"width\":720,\"height\":480,\"mime-type\":\"image\\\/jpeg\",\"filesize\":19597},\"hd\":{\"file\":\"SHF_eb00235173-1280x853.jpg\",\"width\":1280,\"height\":853,\"mime-type\":\"image\\\/jpeg\",\"filesize\":53928},\"full\":{\"file\":\"SHF_eb00235173-1920x1280.jpg\",\"width\":1920,\"height\":1280,\"mime-type\":\"image\\\/jpeg\",\"filesize\":133350},\"xxl\":{\"file\":\"SHF_eb00235173-4048x2699.jpg\",\"width\":4048,\"height\":2699,\"mime-type\":\"image\\\/jpeg\",\"filesize\":828205},\"1536x1536\":{\"file\":\"SHF_eb00235173-1536x1024.jpg\",\"width\":1536,\"height\":1024,\"mime-type\":\"image\\\/jpeg\",\"filesize\":79126},\"2048x2048\":{\"file\":\"SHF_eb00235173-2048x1365.jpg\",\"width\":2048,\"height\":1365,\"mime-type\":\"image\\\/jpeg\",\"filesize\":156187},\"original\":{\"file\":\"SHF_eb00235173.jpg\",\"width\":5430,\"height\":3620}}},{\"id\":10,\"width\":6000,\"height\":4000,\"alt\":\"Zwei Personen in Tiermasken stehen auf einer B&uuml;hne mit bunten Lichtern. Die Masken zeigen einen Hund und einen Vogel.\",\"title\":\"\",\"description\":\"Mentiras Aplaudidas \\\/ Er&ouml;ffnung der &quot;Transkontinentale&quot; am 7.11.2024\",\"label\":\"\",\"copyright\":\"Stiftung Humboldt Forum im Berliner Schloss, Foto: Frank Sperling\",\"path\":\"\\\/wp-content\\\/uploads\\\/2024\\\/10\\\/\",\"sizes\":{\"medium\":{\"file\":\"SHF_eb00235053-300x200.jpg\",\"width\":300,\"height\":200,\"mime-type\":\"image\\\/jpeg\",\"filesize\":12190},\"large\":{\"file\":\"SHF_eb00235053-1024x683.jpg\",\"width\":1024,\"height\":683,\"mime-type\":\"image\\\/jpeg\",\"filesize\":76112},\"thumbnail\":{\"file\":\"SHF_eb00235053-150x150.jpg\",\"width\":150,\"height\":150,\"mime-type\":\"image\\\/jpeg\",\"filesize\":5227},\"medium_large\":{\"file\":\"SHF_eb00235053-768x512.jpg\",\"width\":768,\"height\":512,\"mime-type\":\"image\\\/jpeg\",\"filesize\":47438},\"small\":{\"file\":\"SHF_eb00235053-440x293.jpg\",\"width\":440,\"height\":293,\"mime-type\":\"image\\\/jpeg\",\"filesize\":20774},\"semi\":{\"file\":\"SHF_eb00235053-580x387.jpg\",\"width\":580,\"height\":387,\"mime-type\":\"image\\\/jpeg\",\"filesize\":30964},\"mobile\":{\"file\":\"SHF_eb00235053-720x480.jpg\",\"width\":720,\"height\":480,\"mime-type\":\"image\\\/jpeg\",\"filesize\":42342},\"hd\":{\"file\":\"SHF_eb00235053-1280x853.jpg\",\"width\":1280,\"height\":853,\"mime-type\":\"image\\\/jpeg\",\"filesize\":114040},\"full\":{\"file\":\"SHF_eb00235053-1920x1280.jpg\",\"width\":1920,\"height\":1280,\"mime-type\":\"image\\\/jpeg\",\"filesize\":254348},\"xxl\":{\"file\":\"SHF_eb00235053-4048x2699.jpg\",\"width\":4048,\"height\":2699,\"mime-type\":\"image\\\/jpeg\",\"filesize\":1255709},\"1536x1536\":{\"file\":\"SHF_eb00235053-1536x1024.jpg\",\"width\":1536,\"height\":1024,\"mime-type\":\"image\\\/jpeg\",\"filesize\":162253},\"2048x2048\":{\"file\":\"SHF_eb00235053-2048x1365.jpg\",\"width\":2048,\"height\":1365,\"mime-type\":\"image\\\/jpeg\",\"filesize\":291392},\"original\":{\"file\":\"SHF_eb00235053.jpg\",\"width\":6000,\"height\":4000}}}]\t\t\t\t\t\t\t}\n\t\t\t\t\t\t\t<\/script>\n\n\t\t\t\t\t\t\t<swiper :options=\"options\" @slide-change=\"track\">\n\t\t\t\t\t\t\t\t<div class=\"swiper-slide\" :key=\"image.id\" v-for=\"image in images\">\n\t\t\t\t\t\t\t\t\t<block-gallery-item inline-template :image=\"image\">\n\t\t\t\t\t\t\t\t\t\t<figure class=\"swiper-slide-image-wrapper\" ref=\"parent\">\n\t\t\t\t\t\t\t\t\t\t\t<div class=\"width-container\" ref=\"container\" :style=\"style\">\n\t\t\t\t\t\t\t\t\t\t\t\t<div data-swiper-parallax-x=\"50%\">\n\t\t\t\t\t\t\t\t\t\t\t\t<img :src=\"image.src\" :alt=\"image.alt\" v-if=\"image.id < 2\">\n\t\t\t\t\t\t\t\t\t\t\t\t<img class=\"swiper-lazy\" :data-src=\"image.src\" :alt=\"image.alt\" v-else>\n\t\t\t\t\t\t\t\t\t\t\t\t<\/div>\n\t\t\t\t\t\t\t\t\t\t\t<\/div>\n\t\t\t\t\t\t\t\t\t\t<\/figure>\n\t\t\t\t\t\t\t\t\t<\/block-gallery-item>\n\n\t\t\t\t\t\t\t\t\t<figcaption>\n\t\t\t\t\t\t\t\t\t\t<div class=\"lazy-media-info-body-content\">\n\t\t\t\t\t\t\t\t\t\t\t<div v-html=\"image.label\"><\/div>\n\t\t\t\t\t\t\t\t\t\t\t<div v-html=\"image.description\"><\/div>\n\t\t\t\t\t\t\t\t\t\t\t<div class=\"insignificant\" v-if=\"image.copyright\" v-html=\"'\u00a9 '+image.copyright\"><\/div>\n\t\t\t\t\t\t\t\t\t\t<\/div>\n\t\t\t\t\t\t\t\t\t<\/figcaption>\n\t\t\t\t\t\t\t\t<\/div>\n\n\t\t\t\t\t\t\t\t<div class=\"swiper-pagination\"  slot=\"pagination\"><\/div>\n\n\t\t\t\t\t\t\t\t<button class=\"icon-round swiper-button-prev\" slot=\"button-prev\" aria-label=\"Vorheriges Bild\">\n\t\t\t\t\t\t\t\t\t<span class=\"icon-next\" aria-hidden=\"true\"><\/span>\n\t\t\t\t\t\t\t\t<\/button>\n\n\t\t\t\t\t\t\t\t<button class=\"icon-round swiper-button-next\" slot=\"button-next\" aria-label=\"N\u00e4chstes Bild\">\n\t\t\t\t\t\t\t\t\t<span class=\"icon-next\" aria-hidden=\"true\"><\/span>\n\t\t\t\t\t\t\t\t<\/button>\n\t\t\t\t\t\t\t<\/swiper>\n\t\t\t\t\t\t<\/div>\n\t\t\t\t\t<\/block-gallery>\n\t\t\t\t<\/div>\n\t\t\t<\/div>\n\t\t<\/div>\n\t<\/div>\n<\/section>\n\n<section class=\"block block-headline block-no-margin \" >\n\t<div class=\"container-fluid\">\n\t\t<div class=\"row\">\n\t\t\t\t\t\t\t<div class=\"col-xs-12 col-md-offset-2 col-md-8\">\n\t\t\t\t\t<div class=\"box\">\n\t\t\t\t\t\t<h2 class=\".h4\">Beteiligte<\/h2>\n\t\t\t\t\t<\/div>\n\t\t\t\t<\/div>\n\t\t\t\t\t<\/div>\n\t<\/div>\n<\/section>\n\n\n\n\n<section class=\"block block-copy\" >\n    <div class=\"container-fluid\">\n\t\t<div class=\"row \">\n            <div class=\"col-xs-12 col-md-offset-2 col-md-8\">\n                <div class=\"box\">\n                    <div class=\"copy\"><p>Konzept \/ Choreografie<br \/>\n<strong>Panaibra Gabriel Canda<\/strong><\/p>\n<p>Von und mit<br \/>\n<strong>Am\u00e9lia Socovinho, Jos\u00e9 Jalane, Panaibra Gabriel Canda<\/strong><\/p>\n<p>Musikkonzept \/ Live-Musik Simba<br \/>\n<strong>Sit\u00f2e, D\u00e9rcio Gomate Licht Caldino Jos\u00e9 Alberto<\/strong><\/p>\n<p>Videodesign<br \/>\n<strong>Elton David; Kost\u00fcme Carlota Lagido<\/strong><\/p>\n<p>Produktion \/ Distribution<br \/>\n<strong>Plan B \u2013 Creative Agency for Performing Arts.<\/strong><\/p>\n<p><em>Ein Tanzprojekt von Panaibra Gabriel Canda \/ CulturArte.<\/em><\/p>\n<p><em>In Koproduktion mit dem tanzhaus nrw, der euro-scene Leipzig und Mercat de les Flors Barcelona. Mit Unterst\u00fctzung von crl-central el\u00e9trica\/InResidence Porto, Africa Moment und dem Pumpenhaus M\u00fcnster.<\/em><\/p>\n<\/div>\n                <\/div>\n            <\/div>\n\t\t<\/div>\n\t\t    <\/div>\n<\/section>\n\n<section class=\"block block-teaser col-1 has-bg\" style=\"--teaser-bg:#f2f2f2\">\n\t<lazy-component :fixed-min-height=\"400\">\n\t\n\t\t\t\t\t<div class=\"container-fluid\">\n\t\t\t\t<div class=\"row bottom-xs\">\n\t\t\t\t\t<div class=\"col-xs-12 col-sm-10 col-md-8 col-sm-offset-1 col-md-offset-2\">\n\t\t\t\t\t\t<h4>geh\u00f6rt zu<\/h4>\t\t\t\t\t\t\t\t\t\t\t\t\t\t\t\t\t\t\t<\/div>\n\t\t\t\t\t<div class=\"col-xs-12 col-sm-10 col-md-8 col-sm-offset-1 col-md-offset-2 start-xs end-md margin-bottom-sixth\">\n\t\t\t\t\t\t\t\t\t\t\t<\/div>\n\t\t\t\t<\/div>\n\t\t\t\t<ul class=\"row\">\n\t\t\t\n<li class=\"col-xs-12 teaser-wrapper col-padding-remove\">\n\t<calendarteaser key=\"13777918129\" rawitem='{&quot;postId&quot;:137779,&quot;title&quot;:&quot;Transkontinentale 2024&quot;,&quot;excerpt&quot;:&quot;&quot;,&quot;slug&quot;:&quot;transkontinentale-2024&quot;,&quot;post_date&quot;:&quot;2024-10-01T18:28&quot;,&quot;type&quot;:&quot;event-period&quot;,&quot;permalink&quot;:&quot;https:\\\/\\\/www.humboldtforum.org\\\/de\\\/programm\\\/laufzeitangebot\\\/festival\\\/transkontinentale-2024-137779\\\/&quot;,&quot;genre&quot;:[845],&quot;genre_details&quot;:[{&quot;text&quot;:&quot;Festival&quot;,&quot;id&quot;:845,&quot;icon&quot;:null,&quot;parent&quot;:0}],&quot;stakeholder&quot;:[382],&quot;stakeholder_details&quot;:[{&quot;text&quot;:&quot;Stiftung Humboldt Forum im Berliner Schloss&quot;,&quot;id&quot;:382,&quot;icon&quot;:null,&quot;parent&quot;:0}],&quot;language&quot;:[422],&quot;language_details&quot;:[{&quot;text&quot;:&quot;Keine Sprachkenntnisse erforderlich&quot;,&quot;id&quot;:422,&quot;icon&quot;:null,&quot;parent&quot;:0}],&quot;place&quot;:[957,1558,1179,883,424],&quot;place_details&quot;:{&quot;place&quot;:&quot;Humboldt Forum&quot;,&quot;map&quot;:&quot;Humboldt Forum, Schlossplatz, Berlin&quot;,&quot;room&quot;:&quot;Foyer, Saal 1, EG, Saal 2, EG, Saal 3, EG&quot;},&quot;icon_overwrite&quot;:&quot;&quot;,&quot;acf&quot;:{&quot;noindex&quot;:false,&quot;keywords&quot;:&quot;&quot;,&quot;shorturl&quot;:&quot;&quot;,&quot;planning&quot;:{&quot;price&quot;:&quot;&quot;,&quot;status&quot;:&quot;BUY&quot;,&quot;info&quot;:&quot;Tickets sind \\u00fcber die einzelnen Veranstaltungen buchbar.&quot;,&quot;shop&quot;:&quot;&quot;,&quot;can_purchase&quot;:false},&quot;use_opening_hours_of_the_house&quot;:false,&quot;display_as_single&quot;:false,&quot;subline&quot;:&quot;Tanz, Theater, Performance und Lyrik aus Kamerun, Rep. Kongo, Mosambik, Namibia, Nigeria, Ruanda, S\\u00fcdafrika&quot;,&quot;additional_info&quot;:{&quot;icon&quot;:&quot;0&quot;,&quot;text&quot;:&quot;&quot;},&quot;highlight_header&quot;:true,&quot;use_video_in_teasers&quot;:false,&quot;hyphenation&quot;:true,&quot;tipp&quot;:false,&quot;joker&quot;:false,&quot;live&quot;:false,&quot;hide_event_in_program&quot;:false,&quot;periods&quot;:[{&quot;label&quot;:&quot;&quot;,&quot;dates&quot;:[{&quot;start&quot;:&quot;202411070000&quot;,&quot;end&quot;:&quot;202411100000&quot;,&quot;has_end&quot;:true,&quot;start_HRFSHORT&quot;:&quot;07.11.24&quot;,&quot;start_HRFSHORT_WD&quot;:&quot;Do 07.11.2024&quot;,&quot;end_HRFSHORT&quot;:&quot;10.11.24&quot;}],&quot;monday&quot;:[{&quot;start&quot;:null,&quot;end&quot;:null,&quot;closed&quot;:false}],&quot;tuesday&quot;:[{&quot;start&quot;:null,&quot;end&quot;:null,&quot;closed&quot;:true}],&quot;wednesday&quot;:[{&quot;start&quot;:null,&quot;end&quot;:null,&quot;closed&quot;:false}],&quot;thursday&quot;:[{&quot;start&quot;:null,&quot;end&quot;:null,&quot;closed&quot;:false}],&quot;friday&quot;:[{&quot;start&quot;:null,&quot;end&quot;:null,&quot;closed&quot;:false}],&quot;saturday&quot;:[{&quot;start&quot;:&quot;&quot;,&quot;end&quot;:&quot;&quot;,&quot;closed&quot;:false}],&quot;sunday&quot;:[{&quot;start&quot;:null,&quot;end&quot;:null,&quot;closed&quot;:false}],&quot;info&quot;:&quot;&quot;,&quot;description&quot;:&quot;&quot;}],&quot;highlight_header_image&quot;:138606,&quot;has_mobile_format&quot;:true,&quot;events&quot;:[137854,138304,138369,138424,138447,138621],&quot;highlight_header_image_mobile&quot;:138608,&quot;period_exception&quot;:[]},&quot;period_list&quot;:&quot;&quot;,&quot;period_exception&quot;:&quot;&quot;,&quot;date&quot;:{&quot;infinite&quot;:false,&quot;from_DATE&quot;:202411070000,&quot;from&quot;:1730937600,&quot;from_TIME&quot;:&quot;00:00&quot;,&quot;to&quot;:1731196800,&quot;to_DATE&quot;:202411100000,&quot;to_TIME&quot;:&quot;00:00&quot;,&quot;from_HRFSHORT&quot;:&quot; 7. Nov 2024&quot;,&quot;from_HRFSHORT_WD&quot;:&quot;Do 07.11.2024&quot;,&quot;from_HRF&quot;:&quot;Do,  7. November 2024&quot;,&quot;to_HRF&quot;:&quot;So, 10. November 2024&quot;,&quot;to_HRFSHORT&quot;:&quot;10. Nov 2024&quot;,&quot;to_HRFSHORT_WD&quot;:&quot;So 10.11.2024&quot;,&quot;from_to_HRF&quot;:&quot;Do,  7. November \\u2013 So, 10. November 2024&quot;,&quot;from_to_HRFSHORT&quot;:&quot; 7. Nov \\u2013 10. Nov 2024&quot;,&quot;NXX&quot;:null,&quot;NLAST&quot;:&quot;202411100000&quot;},&quot;alert&quot;:&quot;Highlight&quot;,&quot;partof&quot;:[],&quot;marketing_topic&quot;:&quot;&quot;}' inline-template>\n\t<a href=\"https:\/\/www.humboldtforum.org\/de\/programm\/laufzeitangebot\/festival\/transkontinentale-2024-137779\/\" class=\"teaser teaser-event-period teaser-event-standard\">\n\t\t<div class=\"row\">\n\t\t\t<div class=\"col-xs-12 col-sm-6 col-md-5 col-sm-offset-1 col-md-offset-2 first-sm teaser-event-text Infos\">\n\t\t\t\t<div class=\"teaser-event-standard-text\">\n\t\t\t\t\t<div class=\"margin-bottom-atom\">\n\t\t\t\t\t\t<div class=\"subline clamp-1\" v-html=\"maingenre\"><\/div>\n\t\t\t\t\t\t\t\t\t\t\t<\/div>\n\t\t\t\t\n\t\t\t\t\t<strong class=\"margin-bottom-atom h5\">Transkontinentale 2024<\/strong>\n\n\t\t\t\t\t\t\t\t\t\t\t<div class=\"\">Tanz, Theater, Performance und Lyrik aus Kamerun, Rep. Kongo, Mosambik, Namibia, Nigeria, Ruanda, S\u00fcdafrika<\/div>\n\t\t\t\t\t\t\t\t\t<\/div>\n\t\t\t\t<div class=\"teaser-bottom border-bottom\">\n\t\t\t\t<calendardateline :rawitem='item' :show-icon=\"true\"><\/calendardateline>\n\t\t\t\t\t<hr>\n\t\t\t\t<\/div>\n\t\t\t<\/div>\n\t\t\t<div class=\"col-xs-12 col-sm-4 col-md-3 teaser-event-image bottom-xs first-xs\">\n\t\t\t\t<div class=\"teaser-image teaser-image-no-alternate\">\n\t\t\t\t\t\t\t\t\t\t\t\t\t<span class=\"alert\">Highlight<\/span>\n\t\t\t\t\t\t\t\t\t\t\t\n\t<lazy-media-inline inline-template>\n\t\t<figure itemscope itemtype=\"http:\/\/schema.org\/ImageObject\" class=\"lazy-media-inline \" role=\"group\" id=\"media_69ee303cbde22\" aria-labelledby=\"desc_media_69ee303cbde22\">\n\t\t\t<script type=\"application\/json\" ref=\"data\">\n\t\t\t\t{\n\t\t\t\t\"sizes\" : {\"medium\":{\"file\":\"Transkontinentale_Webteaser_hoch_1780x3040px-176x300.jpg\",\"width\":176,\"height\":300,\"mime-type\":\"image\\\/jpeg\",\"filesize\":14306},\"large\":{\"file\":\"Transkontinentale_Webteaser_hoch_1780x3040px-600x1024.jpg\",\"width\":600,\"height\":1024,\"mime-type\":\"image\\\/jpeg\",\"filesize\":128636},\"thumbnail\":{\"file\":\"Transkontinentale_Webteaser_hoch_1780x3040px-150x150.jpg\",\"width\":150,\"height\":150,\"mime-type\":\"image\\\/jpeg\",\"filesize\":7031},\"medium_large\":{\"file\":\"Transkontinentale_Webteaser_hoch_1780x3040px-768x1312.jpg\",\"width\":768,\"height\":1312,\"mime-type\":\"image\\\/jpeg\",\"filesize\":197433},\"small\":{\"file\":\"Transkontinentale_Webteaser_hoch_1780x3040px-258x440.jpg\",\"width\":258,\"height\":440,\"mime-type\":\"image\\\/jpeg\",\"filesize\":28609},\"semi\":{\"file\":\"Transkontinentale_Webteaser_hoch_1780x3040px-340x580.jpg\",\"width\":340,\"height\":580,\"mime-type\":\"image\\\/jpeg\",\"filesize\":47340},\"mobile\":{\"file\":\"Transkontinentale_Webteaser_hoch_1780x3040px-422x720.jpg\",\"width\":422,\"height\":720,\"mime-type\":\"image\\\/jpeg\",\"filesize\":69149},\"hd\":{\"file\":\"Transkontinentale_Webteaser_hoch_1780x3040px-749x1280.jpg\",\"width\":749,\"height\":1280,\"mime-type\":\"image\\\/jpeg\",\"filesize\":189429},\"full\":{\"file\":\"Transkontinentale_Webteaser_hoch_1780x3040px-1124x1920.jpg\",\"width\":1124,\"height\":1920,\"mime-type\":\"image\\\/jpeg\",\"filesize\":374899},\"1536x1536\":{\"file\":\"Transkontinentale_Webteaser_hoch_1780x3040px-899x1536.jpg\",\"width\":899,\"height\":1536,\"mime-type\":\"image\\\/jpeg\",\"filesize\":258788},\"2048x2048\":{\"file\":\"Transkontinentale_Webteaser_hoch_1780x3040px-1199x2048.jpg\",\"width\":1199,\"height\":2048,\"mime-type\":\"image\\\/jpeg\",\"filesize\":415459},\"original\":{\"file\":\"Transkontinentale_Webteaser_hoch_1780x3040px.jpg\",\"width\":1780,\"height\":3040}},\n\t\t\t\t\"alt\" : \"Eine ausdrucksstarke Person in auff\\u00e4lliger Kleidung, die starke Emotionen mit Rott\\u00f6nen und Oranget\\u00f6nen zeigt.\",\n\t\t\t\t\"path\" : \"\\\/wp-content\\\/uploads\\\/2024\\\/10\\\/\",\n\t\t\t\t\"video\" : null,\n\t\t\t\t\"autoplay\" : null,\n\t\t\t\t\"youtube\" : null,\n\t\t\t\t\"youtubelabel\" : \"Video abspielen\",\n\t\t\t\t\"brightness\" : 100,\n\t\t\t\t\"crop\" : null,\n\t\t\t\t\"background\" : true,\n\t\t\t\t\"scale\" : 1\t\t\t\t}\n\t\t\t<\/script>\n\n\t\t\t<div class=\"height-container\" style=\"padding-bottom:170.78651685393%;\" v-if=\"sizes\">\n\t\t\t\t\t\t\t\t<lazy-media :inline=\"true\" :alt=\"alt\" :sizes=\"sizes\" :scale=\"scale\" :brightness=\"brightness\" :path=\"path\" :video=\"video\" :autoplay=\"autoplay\" :youtube=\"youtube\" :crop=\"crop\" :youtubelabel=\"youtubelabel\" :background=\"background\" media-id=\"desc_media_69ee303cbde22\"><\/lazy-media>\n\t\t\t\t\t\t\t<\/div>\n\n\t\t\t\t\t\t\t<figcaption class=\"sr-only\" ref=\"body\" id=\"desc_media_69ee303cbde22\">\n\t\t\t\t\t\t\t\t\t\t\t\t\t\t\t\t\t\t\t\t\t<div class=\"insignificant\">\u00a9 Stiftung Humboldt Forum im Berliner Schloss, Foto: Sanele Thusi<\/div>\n\t\t\t\t\t\t\t\t\t<\/figcaption>\n\t\t\t\t\t<\/figure>\n\t<\/lazy-media-inline>\n\t\t\t\t<\/div>\n\t\t\t<\/div>\n\t\t<\/div>\n\t<\/a>\n\t<\/calendarteaser>\n<\/li>\n\n\t\t\t\t<\/ul>\n\t\t\t<\/div>\n\t\t\t\t<\/lazy-component>\n<\/section>\n\n\n\n<section class=\"block block-CTA block-CTA-long leftgradient\">\n\t<div class=\"container-fluid\">\n\t\t<div class=\"row center-xs\">\n\t\t\t<div class=\"col-xs-12\">\n\t\t\t\t<div class=\"box\">\n\t\t\t\t\t<a href=\"https:\/\/www.humboldtforum.org\/de\/newsletter-2\/\" aria-label=\"Bleiben Sie auf dem Laufenden!\" class=\"teaser teaser-cta-wide \">\n\t\t\t\t\t\t<div class=\"teaser-image\">\n\t\t\t\t\t\t\t\n\t<lazy-media-inline inline-template>\n\t\t<figure itemscope itemtype=\"http:\/\/schema.org\/ImageObject\" class=\"lazy-media-inline \" role=\"group\" id=\"media_69ee303cbfa91\" aria-labelledby=\"desc_media_69ee303cbfa91\">\n\t\t\t<script type=\"application\/json\" ref=\"data\">\n\t\t\t\t{\n\t\t\t\t\"sizes\" : {\"medium\":{\"file\":\"HF_eb00061823-scaled-300x200.jpg\",\"width\":300,\"height\":200,\"mime-type\":\"image\\\/jpeg\",\"filesize\":19186},\"large\":{\"file\":\"HF_eb00061823-scaled-1024x683.jpg\",\"width\":1024,\"height\":683,\"mime-type\":\"image\\\/jpeg\",\"filesize\":138597},\"thumbnail\":{\"file\":\"HF_eb00061823-scaled-150x150.jpg\",\"width\":150,\"height\":150,\"mime-type\":\"image\\\/jpeg\",\"filesize\":8513},\"medium_large\":{\"file\":\"HF_eb00061823-scaled-768x512.jpg\",\"width\":768,\"height\":512,\"mime-type\":\"image\\\/jpeg\",\"filesize\":86200},\"small\":{\"file\":\"HF_eb00061823-scaled-440x293.jpg\",\"width\":440,\"height\":293,\"mime-type\":\"image\\\/jpeg\",\"filesize\":35525},\"semi\":{\"file\":\"HF_eb00061823-scaled-580x387.jpg\",\"width\":580,\"height\":387,\"mime-type\":\"image\\\/jpeg\",\"filesize\":55724},\"mobile\":{\"file\":\"HF_eb00061823-scaled-720x480.jpg\",\"width\":720,\"height\":480,\"mime-type\":\"image\\\/jpeg\",\"filesize\":77971},\"hd\":{\"file\":\"HF_eb00061823-scaled-1280x854.jpg\",\"width\":1280,\"height\":854,\"mime-type\":\"image\\\/jpeg\",\"filesize\":202477},\"full\":{\"file\":\"HF_eb00061823-scaled-1920x1280.jpg\",\"width\":1920,\"height\":1280,\"mime-type\":\"image\\\/jpeg\",\"filesize\":386736},\"1536x1536\":{\"file\":\"HF_eb00061823-scaled-1536x1024.jpg\",\"width\":1536,\"height\":1024,\"mime-type\":\"image\\\/jpeg\",\"filesize\":266197},\"2048x2048\":{\"file\":\"HF_eb00061823-scaled-2048x1366.jpg\",\"width\":2048,\"height\":1366,\"mime-type\":\"image\\\/jpeg\",\"filesize\":430206},\"original\":{\"file\":\"HF_eb00061823-scaled.jpg\",\"width\":2560,\"height\":1707}},\n\t\t\t\t\"alt\" : \"Blick in das beleuchtete Foyer von der Galerie im ersten Stock mit Besuchenden, Infopoint und Medienturm\",\n\t\t\t\t\"path\" : \"\\\/wp-content\\\/uploads\\\/2020\\\/04\\\/\",\n\t\t\t\t\"video\" : null,\n\t\t\t\t\"autoplay\" : null,\n\t\t\t\t\"youtube\" : null,\n\t\t\t\t\"youtubelabel\" : \"Video abspielen\",\n\t\t\t\t\"brightness\" : \"70\",\n\t\t\t\t\"crop\" : {\"top\":\"90.37\",\"left\":\"39.93\"},\n\t\t\t\t\"background\" : true,\n\t\t\t\t\"scale\" : 2\t\t\t\t}\n\t\t\t<\/script>\n\n\t\t\t<div class=\"height-container\" style=\"padding-bottom:66.6796875%;\" v-if=\"sizes\">\n\t\t\t\t\t\t\t\t<lazy-media :inline=\"true\" :alt=\"alt\" :sizes=\"sizes\" :scale=\"scale\" :brightness=\"brightness\" :path=\"path\" :video=\"video\" :autoplay=\"autoplay\" :youtube=\"youtube\" :crop=\"crop\" :youtubelabel=\"youtubelabel\" :background=\"background\" media-id=\"desc_media_69ee303cbfa91\"><\/lazy-media>\n\t\t\t\t\t\t\t<\/div>\n\n\t\t\t\t\t\t\t<figcaption class=\"sr-only\" ref=\"body\" id=\"desc_media_69ee303cbfa91\">\n\t\t\t\t\t\t\t\t\t\t\t<div>Blick in das Foyer, November 2019.<\/div>\n\t\t\t\t\t\t\t\t\t\t\t\t\t\t\t\t\t\t\t\t\t<div class=\"insignificant\">\u00a9 Stiftung Humboldt Forum im Berliner Schloss \/ David von Becker<\/div>\n\t\t\t\t\t\t\t\t\t<\/figcaption>\n\t\t\t\t\t<\/figure>\n\t<\/lazy-media-inline>\n\t\t\t\t\t\t<\/div>\n\t\t\t\t\t\t<div class=\"teaser-content \">\n\t\t\t\t\t\t\t<div>\n\t\t\t\t\t\t\t\t\t\t\t\t\t\t\t\t<div class=\"teaser-header\"><span class=\"h3\">Bleiben Sie auf dem Laufenden!<\/span><\/div>\n\t\t\t\t\t\t\t\t<div class=\"teaser-subline\"><span class=\"font-decoration\">Abonnieren Sie unseren Newsletter.<\/span><\/div>\t\t\t\t\t\t\t\t<button tabindex=\"-1\" class=\"border\">Hier klicken<\/button>\n\t\t\t\t\t\t\t<\/div>\n\t\t\t\t\t\t<\/div>\n\t\t\t\t\t<\/a>\n\t\t\t\t<\/div>\n\t\t\t<\/div>\n\t\t<\/div>\n\t<\/div>\n<\/section>\n","protected":false},"template":"","genre":[523],"digital":[],"topic":[],"stakeholder":[382],"editorial":[],"editorialfilter":[],"targetgroup":[],"language":[385,1042],"accessability":[],"age":[1601],"school":[],"groupsize":[],"place":[883],"class_list":["post-137854","event","type-event","status-publish","hentry","genre-tanz","stakeholder-stiftung-humboldt-forum-im-berliner-schloss","language-englisch","language-portugiesisch","age-ab-12-jahre","place-saal-2-eg"],"acf":[],"_links":{"self":[{"href":"https:\/\/www.humboldtforum.org\/de\/wp-json\/wp\/v2\/event\/137854","targetHints":{"allow":["GET"]}}],"collection":[{"href":"https:\/\/www.humboldtforum.org\/de\/wp-json\/wp\/v2\/event"}],"about":[{"href":"https:\/\/www.humboldtforum.org\/de\/wp-json\/wp\/v2\/types\/event"}],"version-history":[{"count":11,"href":"https:\/\/www.humboldtforum.org\/de\/wp-json\/wp\/v2\/event\/137854\/revisions"}],"predecessor-version":[{"id":144901,"href":"https:\/\/www.humboldtforum.org\/de\/wp-json\/wp\/v2\/event\/137854\/revisions\/144901"}],"wp:attachment":[{"href":"https:\/\/www.humboldtforum.org\/de\/wp-json\/wp\/v2\/media?parent=137854"}],"wp:term":[{"taxonomy":"genre","embeddable":true,"href":"https:\/\/www.humboldtforum.org\/de\/wp-json\/wp\/v2\/genre?post=137854"},{"taxonomy":"digital","embeddable":true,"href":"https:\/\/www.humboldtforum.org\/de\/wp-json\/wp\/v2\/digital?post=137854"},{"taxonomy":"topic","embeddable":true,"href":"https:\/\/www.humboldtforum.org\/de\/wp-json\/wp\/v2\/topic?post=137854"},{"taxonomy":"stakeholder","embeddable":true,"href":"https:\/\/www.humboldtforum.org\/de\/wp-json\/wp\/v2\/stakeholder?post=137854"},{"taxonomy":"editorial","embeddable":true,"href":"https:\/\/www.humboldtforum.org\/de\/wp-json\/wp\/v2\/editorial?post=137854"},{"taxonomy":"editorialfilter","embeddable":true,"href":"https:\/\/www.humboldtforum.org\/de\/wp-json\/wp\/v2\/editorialfilter?post=137854"},{"taxonomy":"targetgroup","embeddable":true,"href":"https:\/\/www.humboldtforum.org\/de\/wp-json\/wp\/v2\/targetgroup?post=137854"},{"taxonomy":"language","embeddable":true,"href":"https:\/\/www.humboldtforum.org\/de\/wp-json\/wp\/v2\/language?post=137854"},{"taxonomy":"accessability","embeddable":true,"href":"https:\/\/www.humboldtforum.org\/de\/wp-json\/wp\/v2\/accessability?post=137854"},{"taxonomy":"age","embeddable":true,"href":"https:\/\/www.humboldtforum.org\/de\/wp-json\/wp\/v2\/age?post=137854"},{"taxonomy":"school","embeddable":true,"href":"https:\/\/www.humboldtforum.org\/de\/wp-json\/wp\/v2\/school?post=137854"},{"taxonomy":"groupsize","embeddable":true,"href":"https:\/\/www.humboldtforum.org\/de\/wp-json\/wp\/v2\/groupsize?post=137854"},{"taxonomy":"place","embeddable":true,"href":"https:\/\/www.humboldtforum.org\/de\/wp-json\/wp\/v2\/place?post=137854"}],"curies":[{"name":"wp","href":"https:\/\/api.w.org\/{rel}","templated":true}]}}