{"id":139876,"date":"2024-11-12T15:26:13","date_gmt":"2024-11-12T14:26:13","guid":{"rendered":"https:\/\/www.humboldtforum.org\/?post_type=event&#038;p=139876"},"modified":"2025-05-26T15:52:28","modified_gmt":"2025-05-26T13:52:28","slug":"digitale-verwandtschaft-memes-als-bindeglied-in-der-kultur-der-digitalitaet-fuer-menschen-ab-dem-grundschulalter","status":"publish","type":"event","link":"https:\/\/www.humboldtforum.org\/de\/programm\/termin\/wissenschaft\/digitale-verwandtschaft-memes-als-bindeglied-in-der-kultur-der-digitalitaet-fuer-menschen-ab-dem-grundschulalter-139876\/","title":{"rendered":"Digitale Verwandtschaft"},"content":{"rendered":"<section class=\"block block-copy\" >\n    <div class=\"container-fluid\">\n\t\t<div class=\"row \">\n            <div class=\"col-xs-12 col-md-offset-2 col-md-8\">\n                <div class=\"box\">\n                    <div class=\"copy\"><p>Die Kultur der Digitalit\u00e4t (Stalder 2017) erweitert den Begriff der Verwandtschaft: Menschen begegnen sich, indem sie auf digitalisierte Inhalte aufeinander reagieren und immer wieder neue Gemeinschaften bilden, die oft bereits durch Algorithmen vorbestimmt sind. Memes sind Bindeglieder in dieser Gemeinschaftlichkeit: Auf oft humorvolle Weise zeigen sich Menschen mithilfe von Memes (Shifman 2014), auf welche kulturellen Referenzen sie anspielen und inwiefern sie sich zugeh\u00f6rig f\u00fchlen. Das Kompetenzzentrum\u00a0<em>Poetische Bildung digital<\/em>\u00a0von Prof. Anders an der HU kn\u00fcpft an diese Kultur der Digitalit\u00e4t an und unterst\u00fctzt Menschen ab dem Grundschulalter dabei, eigene Zugeh\u00f6rigkeiten zu entwickeln und in der Netzgemeinschaft souver\u00e4n zu werden. In verschiedenen Schulprojekten zeigt sich, dass sich Kinder mithilfe von Memes besonders gern mit anderen zu bedeutsamen Inhalten austauschen und bei der Aushandlung von literarischer Mehrdeutigkeit (Anders 2024) erstaunliche Interpretationsleistungen im Hinblick auf kinderliterarische Texte hervorbringen.<\/p>\n<\/div>\n                <\/div>\n            <\/div>\n\t\t<\/div>\n\t\t    <\/div>\n<\/section>\n\n<section class=\"block block-headline block-no-margin \" >\n\t<div class=\"container-fluid\">\n\t\t<div class=\"row\">\n\t\t\t\t\t\t\t<div class=\"col-xs-12 col-md-offset-2 col-md-8\">\n\t\t\t\t\t<div class=\"box\">\n\t\t\t\t\t\t<h2 class=\".h4\">Beteiligte<\/h2>\n\t\t\t\t\t<\/div>\n\t\t\t\t<\/div>\n\t\t\t\t\t<\/div>\n\t<\/div>\n<\/section>\n\n\n\n\n\n<section class=\"block block-accordion\">\n\t<div class=\"container-fluid\">\n\t\t<div class=\"row\">\n\t\t\t<div class=\"col-xs-12 col-md-offset-2 col-md-8\">\n\t\t\t\t<div class=\"box\">\n\t\t\t\t\t\t\t\t\t\t\t<block-accordion inline-template>\n\t\t\t\t\t\t\t<div class=\"accordion\">\n\t\t\t\t\t\t\t\t\t\t\t\t\t\t\t<block-accordion-item inline-template item-headline=\"Vortrag\">\n\t\t\t\t\t\t\t\t<div ref=\"item\" data-id=\"Vortrag\" class=\"block-accordion-item vue-initialize\" aria-expanded=\"false\" :aria-expanded=\"active ? 'true' : 'false'\">\n\t\t\t\t\t\t\t\t\t<button class=\"accordion-button-with-icon block-accordion-item-head\" :class=\"{'button-active': active}\" ref=\"head\" aria-controls=\"acc_69efdbb320e54\" id=\"acc_title_69efdbb320e5b\" @click=\"toggle\" @keydown=\"key\">\n\t\t\t\t\t\t\t\t\t<div><span class=\"button-label\">Vortrag<\/span><\/div><span class=\"button-icon icon-plus\" aria-hidden=\"true\"><\/span>\n\t\t\t\t\t\t\t\t<\/button>\n\t\t\t\t\t\t\t\t\t<div ref=\"body\" class=\"block-accordion-item-content\" id=\"acc_69efdbb320e54\" role=\"region\">\n\t\t\t\t\t\t\t\t\t\t<div class=\"wrapper copy\">\n\t\t\t\t\t\t\t\t\t\t\t<p>Prof. Dr. Petra Anders (Humboldt-Universit\u00e4t zu Berlin, Institut f\u00fcr Erziehungswissenschaften)<\/p>\n\n\t\t\t\t\t\t\t\t\t\t\t\t\t\t\t\t\t\t\t\t\t\t\t\t\t\t\t\t\t\t\t\t\t\n\t\t\t\t\t\t\t\t\t\t\t<div class=\"row\">\n\t\t\t\t\t\t\t\t\t\t\t\t<div class=\"col-xs-9 col-md-9\">\n\t\t\t\t\t\t\t\t\t\t\t\t\t<div class=\"box\">\n\t\t\t\t\t\t\t\t\t\t\t\t\t\t\t\t\t\t\t\t\t\t\t\t\t\t\t<\/div>\n\t\t\t\t\t\t\t\t\t\t\t\t<\/div>\n\t\t\t\t\t\t\t\t\t\t\t<\/div>\n\n\t\t\t\t\t\t\t\t\t\t\t\t\t\t\t\t\t\t\t\t\t<\/div>\n\t\t\t\t\t\t\t\t\t<\/div>\n\t\t\t\t\t\t\t\t<\/div>\n\t\t\t\t\t\t\t\t<\/block-accordion-item>\n\t\t\t\t\t\t\t\t\t\t\t\t\t\t<block-accordion-item inline-template item-headline=\"Konzeption der Reihe\">\n\t\t\t\t\t\t\t\t<div ref=\"item\" data-id=\"KonzeptionderReihe\" class=\"block-accordion-item vue-initialize\" aria-expanded=\"false\" :aria-expanded=\"active ? 'true' : 'false'\">\n\t\t\t\t\t\t\t\t\t<button class=\"accordion-button-with-icon block-accordion-item-head\" :class=\"{'button-active': active}\" ref=\"head\" aria-controls=\"acc_69efdbb321321\" id=\"acc_title_69efdbb321324\" @click=\"toggle\" @keydown=\"key\">\n\t\t\t\t\t\t\t\t\t<div><span class=\"button-label\">Konzeption der Reihe<\/span><\/div><span class=\"button-icon icon-plus\" aria-hidden=\"true\"><\/span>\n\t\t\t\t\t\t\t\t<\/button>\n\t\t\t\t\t\t\t\t\t<div ref=\"body\" class=\"block-accordion-item-content\" id=\"acc_69efdbb321321\" role=\"region\">\n\t\t\t\t\t\t\t\t\t\t<div class=\"wrapper copy\">\n\t\t\t\t\t\t\t\t\t\t\t<p>Prof. Dr. Daniel Tyradellis\u00a0(Humboldt-Universit\u00e4t zu Berlin)<\/p>\n<p>Dr. Alia Rayyan\u00a0(Humboldt-Universit\u00e4t zu Berlin)<\/p>\n<p>Dr. Laura Goldenbaum\u00a0(Stiftung Humboldt Forum im\u00a0<span class=\"w-term-highlight\">Berliner Schloss<\/span>)<\/p>\n\n\t\t\t\t\t\t\t\t\t\t\t\t\t\t\t\t\t\t\t\t\t\t\t\t\t\t\t\t\t\t\t\t\t\n\t\t\t\t\t\t\t\t\t\t\t<div class=\"row\">\n\t\t\t\t\t\t\t\t\t\t\t\t<div class=\"col-xs-9 col-md-9\">\n\t\t\t\t\t\t\t\t\t\t\t\t\t<div class=\"box\">\n\t\t\t\t\t\t\t\t\t\t\t\t\t\t\t\t\t\t\t\t\t\t\t\t\t\t\t<\/div>\n\t\t\t\t\t\t\t\t\t\t\t\t<\/div>\n\t\t\t\t\t\t\t\t\t\t\t<\/div>\n\n\t\t\t\t\t\t\t\t\t\t\t\t\t\t\t\t\t\t\t\t\t<\/div>\n\t\t\t\t\t\t\t\t\t<\/div>\n\t\t\t\t\t\t\t\t<\/div>\n\t\t\t\t\t\t\t\t<\/block-accordion-item>\n\t\t\t\t\t\t\t\t\t\t\t\t\t<\/div>\n\t\t\t\t\t\t<\/block-accordion>\n\t\t\t\t\t\t\t\t\t<\/div>\n\t\t\t<\/div>\n\t\t<\/div>\n\t<\/div>\n<\/section>\n\n\n<section class=\"block block-standard-image-copy rev2nd\"> \n\t<div class=\"container-fluid\">\n\t\t<div class=\"row middle-sm\">\n\t\t\t<div class=\"col-xs-10 col-sm-6 margin-bottom-sixth\" data-motion-parallax='{\"child\":\".image-wrapper\",\"mask\":\".lazy-media\",\"tween\":{\"yPercent\": [-15,15]}}'>\n\t\t\t\t\n\t<lazy-media-inline inline-template>\n\t\t<figure itemscope itemtype=\"http:\/\/schema.org\/ImageObject\" class=\"lazy-media-inline \" role=\"group\" id=\"media_69efdbb323109\" aria-labelledby=\"desc_media_69efdbb323109\">\n\t\t\t<script type=\"application\/json\" ref=\"data\">\n\t\t\t\t{\n\t\t\t\t\"sizes\" : {\"medium\":{\"file\":\"SHF_eb00234370-300x300.jpg\",\"width\":300,\"height\":300,\"mime-type\":\"image\\\/jpeg\",\"filesize\":10468},\"thumbnail\":{\"file\":\"SHF_eb00234370-150x150.jpg\",\"width\":150,\"height\":150,\"mime-type\":\"image\\\/jpeg\",\"filesize\":4305},\"original\":{\"file\":\"SHF_eb00234370.jpg\",\"width\":400,\"height\":400}},\n\t\t\t\t\"alt\" : \"Frau mit dunklen Haaren in formeller Kleidung l\\u00e4chelt vor urbaner Kulisse.\",\n\t\t\t\t\"path\" : \"\\\/wp-content\\\/uploads\\\/2024\\\/11\\\/\",\n\t\t\t\t\"video\" : null,\n\t\t\t\t\"autoplay\" : null,\n\t\t\t\t\"youtube\" : null,\n\t\t\t\t\"youtubelabel\" : \"Video abspielen\",\n\t\t\t\t\"brightness\" : 100,\n\t\t\t\t\"crop\" : {\"top\":\"50.00\",\"left\":\"50.00\"},\n\t\t\t\t\"background\" : true,\n\t\t\t\t\"scale\" : 2\t\t\t\t}\n\t\t\t<\/script>\n\n\t\t\t<div class=\"height-container\" style=\"padding-bottom:100%;\" v-if=\"sizes\">\n\t\t\t\t\t\t\t\t<lazy-media :inline=\"true\" :alt=\"alt\" :sizes=\"sizes\" :scale=\"scale\" :brightness=\"brightness\" :path=\"path\" :video=\"video\" :autoplay=\"autoplay\" :youtube=\"youtube\" :crop=\"crop\" :youtubelabel=\"youtubelabel\" :background=\"background\" media-id=\"desc_media_69efdbb323109\"><\/lazy-media>\n\t\t\t\t\t\t\t<\/div>\n\n\t\t\t\t\t\t\t<div class=\"lazy-media-info-container-fluid\">\n\t\t\t\t<div class=\"lazy-media-info-row end-xs\">\n\t\t\t\t\t<div class=\"lazy-media-info-col\">\n\t\t\t\t\t\t<div class=\"lazy-media-info\" aria-expanded=\"false\" :aria-expanded=\"isOpen ? 'true' : 'false'\">\n\t\t\t\t\t\t\t<button class=\"lazy-media-info-head button-tiny\" :class=\"{'button-active': isOpen}\" @click=\"toggle\" ref=\"head\"><span class=\"button-label insignificant\">Bildinfo<\/span><\/button>\n\t\t\t\t\t\t\t<figcaption class=\"lazy-media-info-body\" ref=\"body\" id=\"desc_media_69efdbb323109\">\n\t\t\t\t\t\t\t\t<div class=\"lazy-media-info-body-content\">\n\t\t\t\t\t\t\t\t\t\t\t\t\t\t\t\t\t\t\t<div>Petra Anders<\/div>\n\t\t\t\t\t\t\t\t\t\t\t\t\t\t\t\t\t\t\t\t\t\t\t\t\t\t\t\t\t\t\t\t\t\t\t\t\t<div class=\"insignificant\">\u00a9 Peter Rigaud<\/div>\n\t\t\t\t\t\t\t\t\t\t\t\t\t\t\t\t\t<\/div>\n\t\t\t\t\t\t\t<\/figcaption>\n\t\t\t\t\t\t\t<div class=\"lazy-media-info-head-border\"><\/div>\n\t\t\t\t\t\t<\/div>\n\t\t\t\t\t<\/div>\n\t\t\t\t<\/div>\n\t\t\t<\/div>\n\t\t\t\t\t\t\t\t\t<\/figure>\n\t<\/lazy-media-inline>\n\t\t\t<\/div>\n\t\t\t<div class=\"col-xs-10 col-sm-6 col-md-5 copy margin-bottom-half\"><p><strong>Petra Anders<\/strong> studierte von 1992 bis 1999 Deutsch, Geschichte und Philosophie an den Universit\u00e4ten G\u00f6ttingen und Wien. Nach dem Referendariat in Berlin war sie als Studienr\u00e4tin in Brandenburg, Baden-W\u00fcrttemberg und Hamburg t\u00e4tig. 2010 promovierte sie an der Universit\u00e4t Bremen zum Thema \u201ePoetry Slam im Deutschunterricht\u201c.\u00a0Von 2011 bis 2012 war sie Visiting Scholar am Teachers College, Columbia University, New York City (Schwerpunkte: Digital Storytelling, Cultural Studies).\u00a0Ihre Forschungsschwerpunkte sind Film- und Literaturdidaktik sowie Bildung in einer auch digital gestaltbaren Welt. Im April 2022 erhielt sie den Preis f\u00fcr gute Lehre 2021 der Humboldt-Universit\u00e4t zu Berlin.<\/p>\n<\/div>\n\t\t<\/div>\n\t<\/div>\n<\/section>\n\n\n<section class=\"block block-accordion\">\n\t<div class=\"container-fluid\">\n\t\t<div class=\"row\">\n\t\t\t<div class=\"col-xs-12 col-md-offset-2 col-md-8\">\n\t\t\t\t<div class=\"box\">\n\t\t\t\t\t\t\t\t\t\t\t<block-accordion inline-template>\n\t\t\t\t\t\t\t<div class=\"accordion\">\n\t\t\t\t\t\t\t\t\t\t\t\t\t\t\t<block-accordion-item inline-template item-headline=\"Publikationen\">\n\t\t\t\t\t\t\t\t<div ref=\"item\" data-id=\"Publikationen\" class=\"block-accordion-item vue-initialize\" aria-expanded=\"false\" :aria-expanded=\"active ? 'true' : 'false'\">\n\t\t\t\t\t\t\t\t\t<button class=\"accordion-button-with-icon block-accordion-item-head\" :class=\"{'button-active': active}\" ref=\"head\" aria-controls=\"acc_69efdbb32434d\" id=\"acc_title_69efdbb324350\" @click=\"toggle\" @keydown=\"key\">\n\t\t\t\t\t\t\t\t\t<div><span class=\"button-label\">Publikationen<\/span><\/div><span class=\"button-icon icon-plus\" aria-hidden=\"true\"><\/span>\n\t\t\t\t\t\t\t\t<\/button>\n\t\t\t\t\t\t\t\t\t<div ref=\"body\" class=\"block-accordion-item-content\" id=\"acc_69efdbb32434d\" role=\"region\">\n\t\t\t\t\t\t\t\t\t\t<div class=\"wrapper copy\">\n\t\t\t\t\t\t\t\t\t\t\t<p>Anders, Petra (2024): \u201cWhat different people see on the Whiteboard. Mehrdeutigkeit im multimodalen Literaturunterricht in der Digitalit\u00e4t.\u201d In: Kruse, Iris\/Ki\u00dfling, Magdalena (Hg.):\u00a0<em>Mehrdeutigkeit als literaturdidaktische Schl\u00fcsselkategorie,<\/em>\u00a0Leser\u00e4ume.\u00a0<a class=\"external-link\" href=\"https:\/\/urlis.net\/muzovzgy\" rel=\"nofollow\">https:\/\/urlis.net\/muzovzgy<\/a>.<\/p>\n<p>Merlin, Dieter\/Anders, Petra (Hg.) (2023):\u00a0<em>Kulturen des Digitalen als politische Herausforderung<\/em>, MiDu 3\/2023,\u00a0<a class=\"external-link\" href=\"https:\/\/journals.ub.uni-koeln.de\/index.php\/midu\/article\/view\/2011\" rel=\"nofollow\">https:\/\/journals.ub.uni-koeln.de\/index.php\/midu\/article\/view\/2011<\/a>.<\/p>\n<p>Anders, Petra (2021): \u201cDie Kultur der Digitalit\u00e4t und der Deutschunterricht.\u201d In: Hauck-Thum, Uta\/Noller, J\u00f6rg (Hg.):<em>\u00a0Was ist Digitalit\u00e4t? Philosophische und p\u00e4dagogische Perspektiven<\/em>. VS Springer.\u00a0<a class=\"external-link\" href=\"https:\/\/link.springer.com\/content\/pdf\/10.1007%2F978-3-662-62989-5.pdf\" rel=\"nofollow\">https:\/\/link.springer.com\/content\/pdf\/10.1007%2F978-3-662-62989-5.pdf<\/a>, 127-143.<\/p>\n\n\t\t\t\t\t\t\t\t\t\t\t\t\t\t\t\t\t\t\t\t\t\t\t\t\t\t\t\t\t\t\t\t\t\n\t\t\t\t\t\t\t\t\t\t\t<div class=\"row\">\n\t\t\t\t\t\t\t\t\t\t\t\t<div class=\"col-xs-9 col-md-9\">\n\t\t\t\t\t\t\t\t\t\t\t\t\t<div class=\"box\">\n\t\t\t\t\t\t\t\t\t\t\t\t\t\t\t\t\t\t\t\t\t\t\t\t\t\t\t<\/div>\n\t\t\t\t\t\t\t\t\t\t\t\t<\/div>\n\t\t\t\t\t\t\t\t\t\t\t<\/div>\n\n\t\t\t\t\t\t\t\t\t\t\t\t\t\t\t\t\t\t\t\t\t<\/div>\n\t\t\t\t\t\t\t\t\t<\/div>\n\t\t\t\t\t\t\t\t<\/div>\n\t\t\t\t\t\t\t\t<\/block-accordion-item>\n\t\t\t\t\t\t\t\t\t\t\t\t\t<\/div>\n\t\t\t\t\t\t<\/block-accordion>\n\t\t\t\t\t\t\t\t\t<\/div>\n\t\t\t<\/div>\n\t\t<\/div>\n\t<\/div>\n<\/section>\n\n\n<section class=\"block block-copy block-no-margin\" >\n    <div class=\"container-fluid\">\n\t\t<div class=\"row \">\n            <div class=\"col-xs-12 col-md-offset-2 col-md-8\">\n                <div class=\"box\">\n                    <div class=\"copy\"><p>Der Vortrag ist Teil der interdisziplin\u00e4ren Ringvorlesung &#8222;Beziehungsweise Familie&#8220;, die den Auftakt zum gleichnamigen Jahresprogramm 2025-26 des Humboldt Forum bildet.<\/p>\n<p><em>Die Vortragsreihe findet im Rahmen einer Kooperation des Institutionsverbunds im Humboldt Forum statt.<\/em><\/p>\n<p><em>Programmatische Leitung des institutions\u00fcbergreifenden Clusters: Dr. Laura Goldenbaum<\/em><\/p>\n<\/div>\n                <\/div>\n            <\/div>\n\t\t<\/div>\n\t\t    <\/div>\n<\/section>\n\n<section class=\"block block-logos\" >\n    <div class=\"container-fluid\">\n\t\t<div class=\"row\">\n\t\t\t<div class=\"col-xs-12 col-sm-8 col-sm-offset-2\">\n\t\t\t\t<div class=\"box\">\n\t\t\t\t\t<div class=\"row center-xs middle-xs\">\n\t\t\t\t\t\t\n\t\t\t\t\t\t<div class=\"col-xs-4 col-sm-3 col-sm-2\">\n\t\t\t\t\t\t\t<div class=\"box margin-sixth-top\">\n\t\t\t\t\t\t\t\t<img decoding=\"async\" alt=\"Stiftung Humboldt Forum im Berliner Schloss (SHF)\" src=\"https:\/\/www.humboldtforum.org\/wp-content\/uploads\/2020\/04\/SHF_Logo_sRGB.svg\" style=\"display: inline-block; width: 100%\" \/>\n\t\t\t\t\t\t\t<\/div>\n\t\t\t\t\t\t<\/div>\n\t\t\t\t\t\t\n\t\t\t\t\t\t<div class=\"col-xs-4 col-sm-3 col-sm-2\">\n\t\t\t\t\t\t\t<div class=\"box margin-sixth-top\">\n\t\t\t\t\t\t\t\t<img decoding=\"async\" alt=\"Staatliche Museen zu Berlin (SMB)\" src=\"https:\/\/www.humboldtforum.org\/wp-content\/uploads\/2020\/04\/SMB_Logo_Black_sRGB.png\" style=\"display: inline-block; width: 100%\" \/>\n\t\t\t\t\t\t\t<\/div>\n\t\t\t\t\t\t<\/div>\n\t\t\t\t\t\t\n\t\t\t\t\t\t<div class=\"col-xs-4 col-sm-3 col-sm-2\">\n\t\t\t\t\t\t\t<div class=\"box margin-sixth-top\">\n\t\t\t\t\t\t\t\t<img decoding=\"async\" alt=\"Stiftung Stadtmuseum Berlin (SSB)\" src=\"https:\/\/www.humboldtforum.org\/wp-content\/uploads\/2020\/04\/Stiftung_Stadtmuseum-Berlin_Logo.jpg\" style=\"display: inline-block; width: 80%\" \/>\n\t\t\t\t\t\t\t<\/div>\n\t\t\t\t\t\t<\/div>\n\t\t\t\t\t\t\n\t\t\t\t\t\t<div class=\"col-xs-4 col-sm-3 col-sm-2\">\n\t\t\t\t\t\t\t<div class=\"box margin-sixth-top\">\n\t\t\t\t\t\t\t\t<img decoding=\"async\" alt=\"Humboldt-Universit\u00e4t zu Berlin (HU)\" src=\"https:\/\/www.humboldtforum.org\/wp-content\/uploads\/2020\/04\/Huberlin-logo.svg\" style=\"display: inline-block; width: 50%\" \/>\n\t\t\t\t\t\t\t<\/div>\n\t\t\t\t\t\t<\/div>\n\t\t\t\t\t\t\t\t\t\t\t<\/div>\n\t\t\t\t<\/div>\n\t\t\t<\/div>\n        <\/div>\n    <\/div>\n<\/section>\n\n\n<section class=\"block block-teaser col-1 has-bg\" style=\"--teaser-bg:#f4f4f4\">\n\t<lazy-component :fixed-min-height=\"400\">\n\t\n\t\t\t\t\t<div class=\"container-fluid\">\n\t\t\t\t<div class=\"row bottom-xs\">\n\t\t\t\t\t<div class=\"col-xs-12 col-sm-10 col-md-8 col-sm-offset-1 col-md-offset-2\">\n\t\t\t\t\t\t<h4>geh\u00f6rt zu<\/h4>\t\t\t\t\t\t\t\t\t\t\t\t\t\t\t\t\t\t\t<\/div>\n\t\t\t\t\t<div class=\"col-xs-12 col-sm-10 col-md-8 col-sm-offset-1 col-md-offset-2 start-xs end-md margin-bottom-sixth\">\n\t\t\t\t\t\t\t\t\t\t\t<\/div>\n\t\t\t\t<\/div>\n\t\t\t\t<ul class=\"row\">\n\t\t\t\n<li class=\"col-xs-12 teaser-wrapper col-padding-remove\">\n\t<calendarteaser key=\"13980215921\" rawitem='{&quot;postId&quot;:139802,&quot;title&quot;:&quot;Ringvorlesung Beziehungsweise Familie&quot;,&quot;excerpt&quot;:&quot;&quot;,&quot;slug&quot;:&quot;ringvorlesung-beziehungsweise-familie&quot;,&quot;type&quot;:&quot;event-sequence&quot;,&quot;post_date&quot;:&quot;2024-11-11T13:19&quot;,&quot;permalink&quot;:&quot;https:\\\/\\\/www.humboldtforum.org\\\/de\\\/programm\\\/event-reihe\\\/wissenschaft\\\/ringvorlesung-beziehungsweise-familie-139802\\\/&quot;,&quot;genre&quot;:[564],&quot;genre_details&quot;:[{&quot;text&quot;:&quot;Wissenschaft&quot;,&quot;id&quot;:564,&quot;icon&quot;:null,&quot;parent&quot;:0}],&quot;stakeholder&quot;:[382],&quot;stakeholder_details&quot;:[{&quot;text&quot;:&quot;Stiftung Humboldt Forum im Berliner Schloss&quot;,&quot;id&quot;:382,&quot;icon&quot;:null,&quot;parent&quot;:0}],&quot;icon_overwrite&quot;:&quot;&quot;,&quot;acf&quot;:{&quot;noindex&quot;:false,&quot;keywords&quot;:&quot;&quot;,&quot;shorturl&quot;:&quot;ringvorlesung&quot;,&quot;belongsto&quot;:[148458],&quot;subline&quot;:&quot;Eine interdisziplin\\u00e4re Vortragsreihe zum Jahresthema des Humboldt Forums&quot;,&quot;additional_info&quot;:{&quot;icon&quot;:&quot;0&quot;,&quot;text&quot;:&quot;&quot;},&quot;highlight_header&quot;:false,&quot;use_video_in_teasers&quot;:false,&quot;hyphenation&quot;:true,&quot;manual_period&quot;:true,&quot;tipp&quot;:false,&quot;joker&quot;:false,&quot;live&quot;:false,&quot;overwrite_date&quot;:&quot;Bis Juli 2026&quot;,&quot;hide_event_in_program&quot;:false,&quot;featured_images&quot;:[157299],&quot;events&quot;:[139876,139890,141615,141624,141639,141651,142563,147064,157292,158737,158963,160177,160184],&quot;from&quot;:&quot;20241204&quot;,&quot;to&quot;:&quot;20260701&quot;},&quot;date&quot;:{&quot;NLAST&quot;:&quot;202607010800&quot;,&quot;NX&quot;:&quot;20260701&quot;,&quot;from_DATE&quot;:&quot;20241204 08:00&quot;,&quot;from&quot;:1733292000,&quot;to&quot;:1782882000,&quot;to_DATE&quot;:&quot;20260701 08:00&quot;,&quot;from_HRFSHORT&quot;:&quot; 4. Dez 2024&quot;,&quot;from_HRFSHORT_WD&quot;:&quot;Mi 04.12.2024&quot;,&quot;to_HRFSHORT&quot;:&quot; 1. Jul 2026&quot;,&quot;to_HRFSHORT_WD&quot;:&quot;Mi 01.07.2026&quot;,&quot;from_HRF&quot;:&quot;Mi,  4. Dezember 2024&quot;,&quot;to_HRF&quot;:&quot;Mi,  1. Juli 2026&quot;,&quot;from_to_HRF&quot;:&quot;Mi,  4. Dezember 2024 \\u2013 Mi,  1. Juli 2026&quot;,&quot;from_to_HRFSHORT&quot;:&quot; 4. Dez 2024 \\u2013  1. Jul 2026&quot;},&quot;alert&quot;:null,&quot;partof&quot;:[],&quot;marketing_topic&quot;:&quot;&quot;}' inline-template>\n\t<a href=\"https:\/\/www.humboldtforum.org\/de\/programm\/event-reihe\/wissenschaft\/ringvorlesung-beziehungsweise-familie-139802\/\" class=\"teaser teaser-event-sequence teaser-event-standard\">\n\t\t<div class=\"row\">\n\t\t\t<div class=\"col-xs-12 col-sm-6 col-md-5 col-sm-offset-1 col-md-offset-2 first-sm teaser-event-text Infos\">\n\t\t\t\t<div class=\"teaser-event-standard-text\">\n\t\t\t\t\t<div class=\"margin-bottom-atom\">\n\t\t\t\t\t\t<div class=\"subline clamp-1\" v-html=\"maingenre\"><\/div>\n\t\t\t\t\t\t\t\t\t\t\t<\/div>\n\t\t\t\t\n\t\t\t\t\t<strong class=\"margin-bottom-atom h5\">Ringvorlesung Beziehungsweise Familie<\/strong>\n\n\t\t\t\t\t\t\t\t\t\t\t<div class=\"\">Eine interdisziplin\u00e4re Vortragsreihe zum Jahresthema des Humboldt Forums<\/div>\n\t\t\t\t\t\t\t\t\t<\/div>\n\t\t\t\t<div class=\"teaser-bottom border-bottom\">\n\t\t\t\t<calendardateline :rawitem='item' :show-icon=\"true\"><\/calendardateline>\n\t\t\t\t\t<hr>\n\t\t\t\t<\/div>\n\t\t\t<\/div>\n\t\t\t<div class=\"col-xs-12 col-sm-4 col-md-3 teaser-event-image bottom-xs first-xs\">\n\t\t\t\t<div class=\"teaser-image teaser-image-no-alternate\">\n\t\t\t\t\t\t\t\t\t\t\t\n\t<lazy-media-inline inline-template>\n\t\t<figure itemscope itemtype=\"http:\/\/schema.org\/ImageObject\" class=\"lazy-media-inline \" role=\"group\" id=\"media_69efdbb33dd37\" aria-labelledby=\"desc_media_69efdbb33dd37\">\n\t\t\t<script type=\"application\/json\" ref=\"data\">\n\t\t\t\t{\n\t\t\t\t\"sizes\" : {\"medium\":{\"file\":\"SHF_eb00253560-1-300x150.jpg\",\"width\":300,\"height\":150,\"mime-type\":\"image\\\/jpeg\",\"filesize\":9675},\"large\":{\"file\":\"SHF_eb00253560-1-1024x512.jpg\",\"width\":1024,\"height\":512,\"mime-type\":\"image\\\/jpeg\",\"filesize\":69756},\"thumbnail\":{\"file\":\"SHF_eb00253560-1-150x150.jpg\",\"width\":150,\"height\":150,\"mime-type\":\"image\\\/jpeg\",\"filesize\":5310},\"medium_large\":{\"file\":\"SHF_eb00253560-1-768x384.jpg\",\"width\":768,\"height\":384,\"mime-type\":\"image\\\/jpeg\",\"filesize\":42223},\"small\":{\"file\":\"SHF_eb00253560-1-440x220.jpg\",\"width\":440,\"height\":220,\"mime-type\":\"image\\\/jpeg\",\"filesize\":17330},\"semi\":{\"file\":\"SHF_eb00253560-1-580x290.jpg\",\"width\":580,\"height\":290,\"mime-type\":\"image\\\/jpeg\",\"filesize\":27256},\"mobile\":{\"file\":\"SHF_eb00253560-1-720x360.jpg\",\"width\":720,\"height\":360,\"mime-type\":\"image\\\/jpeg\",\"filesize\":38078},\"hd\":{\"file\":\"SHF_eb00253560-1-1280x640.jpg\",\"width\":1280,\"height\":640,\"mime-type\":\"image\\\/jpeg\",\"filesize\":105461},\"full\":{\"file\":\"SHF_eb00253560-1-1920x960.jpg\",\"width\":1920,\"height\":960,\"mime-type\":\"image\\\/jpeg\",\"filesize\":237328},\"1536x1536\":{\"file\":\"SHF_eb00253560-1-1536x768.jpg\",\"width\":1536,\"height\":768,\"mime-type\":\"image\\\/jpeg\",\"filesize\":150126},\"2048x2048\":{\"file\":\"SHF_eb00253560-1-2048x1024.jpg\",\"width\":2048,\"height\":1024,\"mime-type\":\"image\\\/jpeg\",\"filesize\":271090},\"original\":{\"file\":\"SHF_eb00253560-1.jpg\",\"width\":2500,\"height\":1250}},\n\t\t\t\t\"alt\" : \"Drei Jugendliche stehen vor einer bunten Mauer, zwei l\\u00e4cheln, einer umarmt den anderen. Leuchtende Farben.\",\n\t\t\t\t\"path\" : \"\\\/wp-content\\\/uploads\\\/2024\\\/11\\\/\",\n\t\t\t\t\"video\" : null,\n\t\t\t\t\"autoplay\" : null,\n\t\t\t\t\"youtube\" : null,\n\t\t\t\t\"youtubelabel\" : \"Video abspielen\",\n\t\t\t\t\"brightness\" : 100,\n\t\t\t\t\"crop\" : null,\n\t\t\t\t\"background\" : true,\n\t\t\t\t\"scale\" : 1\t\t\t\t}\n\t\t\t<\/script>\n\n\t\t\t<div class=\"height-container\" style=\"padding-bottom:50%;\" v-if=\"sizes\">\n\t\t\t\t\t\t\t\t<lazy-media :inline=\"true\" :alt=\"alt\" :sizes=\"sizes\" :scale=\"scale\" :brightness=\"brightness\" :path=\"path\" :video=\"video\" :autoplay=\"autoplay\" :youtube=\"youtube\" :crop=\"crop\" :youtubelabel=\"youtubelabel\" :background=\"background\" media-id=\"desc_media_69efdbb33dd37\"><\/lazy-media>\n\t\t\t\t\t\t\t<\/div>\n\n\t\t\t\t\t\t\t<figcaption class=\"sr-only\" ref=\"body\" id=\"desc_media_69efdbb33dd37\">\n\t\t\t\t\t\t\t\t\t\t\t<div>Ringvorlesung Beziehungsweise Familie<\/div>\n\t\t\t\t\t\t\t\t\t\t\t\t\t\t\t\t\t\t\t\t\t<div class=\"insignificant\">\u00a9 Stiftung Humboldt Forum im Berliner Schloss \/ Getty Images \/ Dean Davies<\/div>\n\t\t\t\t\t\t\t\t\t<\/figcaption>\n\t\t\t\t\t<\/figure>\n\t<\/lazy-media-inline>\n\t\t\t\t<\/div>\n\t\t\t<\/div>\n\t\t<\/div>\n\t<\/a>\n\t<\/calendarteaser>\n<\/li>\n\n\t\t\t\t<\/ul>\n\t\t\t<\/div>\n\t\t\t\t<\/lazy-component>\n<\/section>\n\n\n\n<section class=\"block block-CTA block-CTA-long leftgradient\">\n\t<div class=\"container-fluid\">\n\t\t<div class=\"row center-xs\">\n\t\t\t<div class=\"col-xs-12\">\n\t\t\t\t<div class=\"box\">\n\t\t\t\t\t<a href=\"https:\/\/www.humboldtforum.org\/de\/newsletter-2\/\" aria-label=\"Bleiben Sie auf dem Laufenden!\" class=\"teaser teaser-cta-wide \">\n\t\t\t\t\t\t<div class=\"teaser-image\">\n\t\t\t\t\t\t\t\n\t<lazy-media-inline inline-template>\n\t\t<figure itemscope itemtype=\"http:\/\/schema.org\/ImageObject\" class=\"lazy-media-inline \" role=\"group\" id=\"media_69efdbb340162\" aria-labelledby=\"desc_media_69efdbb340162\">\n\t\t\t<script type=\"application\/json\" ref=\"data\">\n\t\t\t\t{\n\t\t\t\t\"sizes\" : {\"medium\":{\"file\":\"HF_eb00061823-scaled-300x200.jpg\",\"width\":300,\"height\":200,\"mime-type\":\"image\\\/jpeg\",\"filesize\":19186},\"large\":{\"file\":\"HF_eb00061823-scaled-1024x683.jpg\",\"width\":1024,\"height\":683,\"mime-type\":\"image\\\/jpeg\",\"filesize\":138597},\"thumbnail\":{\"file\":\"HF_eb00061823-scaled-150x150.jpg\",\"width\":150,\"height\":150,\"mime-type\":\"image\\\/jpeg\",\"filesize\":8513},\"medium_large\":{\"file\":\"HF_eb00061823-scaled-768x512.jpg\",\"width\":768,\"height\":512,\"mime-type\":\"image\\\/jpeg\",\"filesize\":86200},\"small\":{\"file\":\"HF_eb00061823-scaled-440x293.jpg\",\"width\":440,\"height\":293,\"mime-type\":\"image\\\/jpeg\",\"filesize\":35525},\"semi\":{\"file\":\"HF_eb00061823-scaled-580x387.jpg\",\"width\":580,\"height\":387,\"mime-type\":\"image\\\/jpeg\",\"filesize\":55724},\"mobile\":{\"file\":\"HF_eb00061823-scaled-720x480.jpg\",\"width\":720,\"height\":480,\"mime-type\":\"image\\\/jpeg\",\"filesize\":77971},\"hd\":{\"file\":\"HF_eb00061823-scaled-1280x854.jpg\",\"width\":1280,\"height\":854,\"mime-type\":\"image\\\/jpeg\",\"filesize\":202477},\"full\":{\"file\":\"HF_eb00061823-scaled-1920x1280.jpg\",\"width\":1920,\"height\":1280,\"mime-type\":\"image\\\/jpeg\",\"filesize\":386736},\"1536x1536\":{\"file\":\"HF_eb00061823-scaled-1536x1024.jpg\",\"width\":1536,\"height\":1024,\"mime-type\":\"image\\\/jpeg\",\"filesize\":266197},\"2048x2048\":{\"file\":\"HF_eb00061823-scaled-2048x1366.jpg\",\"width\":2048,\"height\":1366,\"mime-type\":\"image\\\/jpeg\",\"filesize\":430206},\"original\":{\"file\":\"HF_eb00061823-scaled.jpg\",\"width\":2560,\"height\":1707}},\n\t\t\t\t\"alt\" : \"Blick in das beleuchtete Foyer von der Galerie im ersten Stock mit Besuchenden, Infopoint und Medienturm\",\n\t\t\t\t\"path\" : \"\\\/wp-content\\\/uploads\\\/2020\\\/04\\\/\",\n\t\t\t\t\"video\" : null,\n\t\t\t\t\"autoplay\" : null,\n\t\t\t\t\"youtube\" : null,\n\t\t\t\t\"youtubelabel\" : \"Video abspielen\",\n\t\t\t\t\"brightness\" : \"70\",\n\t\t\t\t\"crop\" : {\"top\":\"90.37\",\"left\":\"39.93\"},\n\t\t\t\t\"background\" : true,\n\t\t\t\t\"scale\" : 2\t\t\t\t}\n\t\t\t<\/script>\n\n\t\t\t<div class=\"height-container\" style=\"padding-bottom:66.6796875%;\" v-if=\"sizes\">\n\t\t\t\t\t\t\t\t<lazy-media :inline=\"true\" :alt=\"alt\" :sizes=\"sizes\" :scale=\"scale\" :brightness=\"brightness\" :path=\"path\" :video=\"video\" :autoplay=\"autoplay\" :youtube=\"youtube\" :crop=\"crop\" :youtubelabel=\"youtubelabel\" :background=\"background\" media-id=\"desc_media_69efdbb340162\"><\/lazy-media>\n\t\t\t\t\t\t\t<\/div>\n\n\t\t\t\t\t\t\t<figcaption class=\"sr-only\" ref=\"body\" id=\"desc_media_69efdbb340162\">\n\t\t\t\t\t\t\t\t\t\t\t<div>Blick in das Foyer, November 2019.<\/div>\n\t\t\t\t\t\t\t\t\t\t\t\t\t\t\t\t\t\t\t\t\t<div class=\"insignificant\">\u00a9 Stiftung Humboldt Forum im Berliner Schloss \/ David von Becker<\/div>\n\t\t\t\t\t\t\t\t\t<\/figcaption>\n\t\t\t\t\t<\/figure>\n\t<\/lazy-media-inline>\n\t\t\t\t\t\t<\/div>\n\t\t\t\t\t\t<div class=\"teaser-content \">\n\t\t\t\t\t\t\t<div>\n\t\t\t\t\t\t\t\t\t\t\t\t\t\t\t\t<div class=\"teaser-header\"><span class=\"h3\">Bleiben Sie auf dem Laufenden!<\/span><\/div>\n\t\t\t\t\t\t\t\t<div class=\"teaser-subline\"><span class=\"font-decoration\">Abonnieren Sie unseren Newsletter.<\/span><\/div>\t\t\t\t\t\t\t\t<button tabindex=\"-1\" class=\"border\">Hier klicken<\/button>\n\t\t\t\t\t\t\t<\/div>\n\t\t\t\t\t\t<\/div>\n\t\t\t\t\t<\/a>\n\t\t\t\t<\/div>\n\t\t\t<\/div>\n\t\t<\/div>\n\t<\/div>\n<\/section>\n","protected":false},"template":"","genre":[564],"digital":[],"topic":[],"stakeholder":[382],"editorial":[],"editorialfilter":[],"targetgroup":[],"language":[384],"accessability":[],"age":[],"school":[],"groupsize":[],"place":[424],"class_list":["post-139876","event","type-event","status-publish","hentry","genre-wissenschaft","stakeholder-stiftung-humboldt-forum-im-berliner-schloss","language-deutsch","place-saal-3-eg"],"acf":[],"_links":{"self":[{"href":"https:\/\/www.humboldtforum.org\/de\/wp-json\/wp\/v2\/event\/139876","targetHints":{"allow":["GET"]}}],"collection":[{"href":"https:\/\/www.humboldtforum.org\/de\/wp-json\/wp\/v2\/event"}],"about":[{"href":"https:\/\/www.humboldtforum.org\/de\/wp-json\/wp\/v2\/types\/event"}],"version-history":[{"count":7,"href":"https:\/\/www.humboldtforum.org\/de\/wp-json\/wp\/v2\/event\/139876\/revisions"}],"predecessor-version":[{"id":140701,"href":"https:\/\/www.humboldtforum.org\/de\/wp-json\/wp\/v2\/event\/139876\/revisions\/140701"}],"wp:attachment":[{"href":"https:\/\/www.humboldtforum.org\/de\/wp-json\/wp\/v2\/media?parent=139876"}],"wp:term":[{"taxonomy":"genre","embeddable":true,"href":"https:\/\/www.humboldtforum.org\/de\/wp-json\/wp\/v2\/genre?post=139876"},{"taxonomy":"digital","embeddable":true,"href":"https:\/\/www.humboldtforum.org\/de\/wp-json\/wp\/v2\/digital?post=139876"},{"taxonomy":"topic","embeddable":true,"href":"https:\/\/www.humboldtforum.org\/de\/wp-json\/wp\/v2\/topic?post=139876"},{"taxonomy":"stakeholder","embeddable":true,"href":"https:\/\/www.humboldtforum.org\/de\/wp-json\/wp\/v2\/stakeholder?post=139876"},{"taxonomy":"editorial","embeddable":true,"href":"https:\/\/www.humboldtforum.org\/de\/wp-json\/wp\/v2\/editorial?post=139876"},{"taxonomy":"editorialfilter","embeddable":true,"href":"https:\/\/www.humboldtforum.org\/de\/wp-json\/wp\/v2\/editorialfilter?post=139876"},{"taxonomy":"targetgroup","embeddable":true,"href":"https:\/\/www.humboldtforum.org\/de\/wp-json\/wp\/v2\/targetgroup?post=139876"},{"taxonomy":"language","embeddable":true,"href":"https:\/\/www.humboldtforum.org\/de\/wp-json\/wp\/v2\/language?post=139876"},{"taxonomy":"accessability","embeddable":true,"href":"https:\/\/www.humboldtforum.org\/de\/wp-json\/wp\/v2\/accessability?post=139876"},{"taxonomy":"age","embeddable":true,"href":"https:\/\/www.humboldtforum.org\/de\/wp-json\/wp\/v2\/age?post=139876"},{"taxonomy":"school","embeddable":true,"href":"https:\/\/www.humboldtforum.org\/de\/wp-json\/wp\/v2\/school?post=139876"},{"taxonomy":"groupsize","embeddable":true,"href":"https:\/\/www.humboldtforum.org\/de\/wp-json\/wp\/v2\/groupsize?post=139876"},{"taxonomy":"place","embeddable":true,"href":"https:\/\/www.humboldtforum.org\/de\/wp-json\/wp\/v2\/place?post=139876"}],"curies":[{"name":"wp","href":"https:\/\/api.w.org\/{rel}","templated":true}]}}