{"id":141282,"date":"2024-12-13T11:05:41","date_gmt":"2024-12-13T10:05:41","guid":{"rendered":"https:\/\/www.humboldtforum.org\/?post_type=event&#038;p=141282"},"modified":"2025-01-14T12:55:08","modified_gmt":"2025-01-14T11:55:08","slug":"namen-die-wir-tragen","status":"publish","type":"event","link":"https:\/\/www.humboldtforum.org\/de\/programm\/termin\/performance\/namen-die-wir-tragen-141282\/","title":{"rendered":"Namen, die wir tragen"},"content":{"rendered":"<section class=\"block block-copy\" >\n    <div class=\"container-fluid\">\n\t\t<div class=\"row \">\n            <div class=\"col-xs-12 col-md-offset-2 col-md-8\">\n                <div class=\"box\">\n                    <div class=\"copy\"><p><strong>Ronny, Jacqueline, Ezra oder Ivan: Der K\u00fcnstler Michikazu Matsune lernt Menschen \u00fcber einen ganz pers\u00f6nlichen Zugang kennen: \u00fcber ihre Vornamen.<\/strong><\/p>\n<p>Manche Namen wecken gro\u00dfe Erwartungen, anderen wird mit Vorurteilen begegnet. Es kommt auch vor, dass sich ein Name mit einer gro\u00dfen Lebensentscheidung \u00e4ndert. Jeder Name hat eine ganz besondere, manchmal sehr intime Geschichte. Diese sind stark von unserem famili\u00e4ren, sozialen, kulturellen und politischen Umfeld gepr\u00e4gt. In einem Workshop mit Menschen aus Bitterfeld-Wolfen hat Matsune eine performative Pr\u00e4sentation \u00fcber die Geschichten hinter den Namen entwickelt. <em>Namen, die wir tragen<\/em> ist ein kollektives Portr\u00e4t einzigartiger Individuen voller unspektakul\u00e4r-spektakul\u00e4rer pers\u00f6nlicher Erz\u00e4hlungen.<\/p>\n<p><strong>Konzept und Projektentwicklung:<\/strong> Michikazu Matsune<\/p>\n<p><strong>Teilnehmer*innen:<\/strong> Jacqueline Huste, Anja Sachenbacher, Jakob Sachenbacher, Sandra Schubert, Anja Topat-Geschke<\/p>\n<p><strong>Dramaturgische Begleitung:<\/strong> Anne Diestelkamp<\/p>\n<p><strong>Redaktion Booklet:<\/strong> Anne Diestelkamp, Franziska Zaida Schrammel<\/p>\n<p><strong>Design Booklet:<\/strong> Aki Namba<\/p>\n<p><strong>Produktionsmanagement:<\/strong> Franziska Zaida Schrammel<\/p>\n<\/div>\n                <\/div>\n            <\/div>\n\t\t<\/div>\n\t\t    <\/div>\n<\/section>\n\n\n<section class=\"block block-accordion\">\n\t<div class=\"container-fluid\">\n\t\t<div class=\"row\">\n\t\t\t<div class=\"col-xs-12 col-md-offset-2 col-md-8\">\n\t\t\t\t<div class=\"box\">\n\t\t\t\t\t\t\t\t\t\t\t<block-accordion inline-template>\n\t\t\t\t\t\t\t<div class=\"accordion\">\n\t\t\t\t\t\t\t\t\t\t\t\t\t\t\t<block-accordion-item inline-template item-headline=\"Bitterfeld-Wolfen?\">\n\t\t\t\t\t\t\t\t<div ref=\"item\" data-id=\"Bitterfeld-Wolfen\" class=\"block-accordion-item vue-initialize\" aria-expanded=\"false\" :aria-expanded=\"active ? 'true' : 'false'\">\n\t\t\t\t\t\t\t\t\t<button class=\"accordion-button-with-icon block-accordion-item-head\" :class=\"{'button-active': active}\" ref=\"head\" aria-controls=\"acc_69f052a9ebbda\" id=\"acc_title_69f052a9ebbde\" @click=\"toggle\" @keydown=\"key\">\n\t\t\t\t\t\t\t\t\t<div><span class=\"button-label\">Bitterfeld-Wolfen?<\/span><\/div><span class=\"button-icon icon-plus\" aria-hidden=\"true\"><\/span>\n\t\t\t\t\t\t\t\t<\/button>\n\t\t\t\t\t\t\t\t\t<div ref=\"body\" class=\"block-accordion-item-content\" id=\"acc_69f052a9ebbda\" role=\"region\">\n\t\t\t\t\t\t\t\t\t\t<div class=\"wrapper copy\">\n\t\t\t\t\t\t\t\t\t\t\t<p>Das Humboldt Forum pr\u00e4sentiert zwei k\u00fcnstlerische Projekte, die gemeinsam mit Bitterfelder*innen und Wolfener*innen entwickelt wurden: Michikazu Matsunes <em>Namen, die wir tragen<\/em> (Performance) und Anke Heelemann <em>neubelichtung \u2013 ein Album mit Bitterfeld-Wolfen<\/em> (Installation).<\/p>\n<p>Bitterfeld-Wolfen ist ein spannendes Beispiel f\u00fcr Schicksal und Chancen einer Region mit Transformationsgeschichte. Dort konzentrieren sich Entwicklungen und Erfahrungen, die auch andere Regionen in Ostdeutschland gemacht haben, die Narben der Auf- und Zusammenbr\u00fcche treten besonders deutlich hervor. Bitterfeld und Wolfen, einst von Braunkohle und der Filmindustrie gepr\u00e4gt, erlebten eine rasante Entwicklung: von Heidelandschaft zur Industriestadt, vom anhaltinischen Dorf zur modernen Industriestadt, dann zum nationalsozialistischen Prestige-Standort und sp\u00e4ter zur sozialistischen Vorzeigestadt. Nach der <span class=\"w-term-highlight\">Wiedervereinigung<\/span> pr\u00e4gen der Ausverkauf und die Demontage der Wolfener Filmfabrik, Arbeitslosigkeit und Wegzug die Stadt. Heute ist Bitterfeld-Wolfen ein Ort des Wandels, an dem die R\u00fcckkehr der Natur, der Umgang mit toxischen Altlasten und die Zukunft der Energie sichtbar werden. Bitterfeld-Wolfen ist Teil einer Landschaft, die wir entweder als problematische Hinterlassenschaften oder als Teil der L\u00f6sung f\u00fcr eine Gesellschaft von morgen begreifen k\u00f6nnen. Wo, wenn nicht hier, k\u00f6nnen Geschichten von Ver\u00e4nderung erz\u00e4hlt werden?<\/p>\n\n\t\t\t\t\t\t\t\t\t\t\t\t\t\t\t\t\t\t\t\t\t\t\t\t\t\t\t\t\t\t\t\t\t\n\t\t\t\t\t\t\t\t\t\t\t<div class=\"row\">\n\t\t\t\t\t\t\t\t\t\t\t\t<div class=\"col-xs-9 col-md-9\">\n\t\t\t\t\t\t\t\t\t\t\t\t\t<div class=\"box\">\n\t\t\t\t\t\t\t\t\t\t\t\t\t\t\t\t\t\t\t\t\t\t\t\t\t\t\t<\/div>\n\t\t\t\t\t\t\t\t\t\t\t\t<\/div>\n\t\t\t\t\t\t\t\t\t\t\t<\/div>\n\n\t\t\t\t\t\t\t\t\t\t\t\t\t\t\t\t\t\t\t\t\t<\/div>\n\t\t\t\t\t\t\t\t\t<\/div>\n\t\t\t\t\t\t\t\t<\/div>\n\t\t\t\t\t\t\t\t<\/block-accordion-item>\n\t\t\t\t\t\t\t\t\t\t\t\t\t<\/div>\n\t\t\t\t\t\t<\/block-accordion>\n\t\t\t\t\t\t\t\t\t<\/div>\n\t\t\t<\/div>\n\t\t<\/div>\n\t<\/div>\n<\/section>\n\n\n\n<section class=\"block block-gallery\">\n\t<div class=\"container-fluid\">\n\t\t<div class=\"row center-xs\">\n\t\t\t<div class=\"col-xs-12\">\n\t\t\t\t<div class=\"box text-align-left\">\n\t\t\t\t\t<block-gallery inline-template>\n\t\t\t\t\t\t<div :class=\"{ firstLoaded: firstLoaded }\">\n\t\t\t\t\t\t\t<script type=\"application\/json\" ref=\"data\">\n\t\t\t\t\t\t\t{\n\t\t\t\t\t\t\t\t\"images\" : [{\"id\":0,\"width\":1023,\"height\":731,\"alt\":\"Schwarzwei&szlig;aufnahme einer Gruppe junger Menschen, die gebannt im Publikum sitzen.\",\"title\":\"\",\"description\":\"\",\"label\":\"Jugendweihe von Jacqueline Huste, Mitte der 1980er Jahre\",\"copyright\":\"Foto: privat \",\"path\":\"\\\/wp-content\\\/uploads\\\/2024\\\/12\\\/\",\"sizes\":{\"medium\":{\"file\":\"SHF_eb00237712-300x214.jpg\",\"width\":300,\"height\":214,\"mime-type\":\"image\\\/jpeg\",\"filesize\":20256},\"thumbnail\":{\"file\":\"SHF_eb00237712-150x150.jpg\",\"width\":150,\"height\":150,\"mime-type\":\"image\\\/jpeg\",\"filesize\":8714},\"medium_large\":{\"file\":\"SHF_eb00237712-768x549.jpg\",\"width\":768,\"height\":549,\"mime-type\":\"image\\\/jpeg\",\"filesize\":78334},\"small\":{\"file\":\"SHF_eb00237712-440x314.jpg\",\"width\":440,\"height\":314,\"mime-type\":\"image\\\/jpeg\",\"filesize\":35623},\"semi\":{\"file\":\"SHF_eb00237712-580x414.jpg\",\"width\":580,\"height\":414,\"mime-type\":\"image\\\/jpeg\",\"filesize\":52948},\"mobile\":{\"file\":\"SHF_eb00237712-720x514.jpg\",\"width\":720,\"height\":514,\"mime-type\":\"image\\\/jpeg\",\"filesize\":71886},\"original\":{\"file\":\"SHF_eb00237712.jpg\",\"width\":1023,\"height\":731}}},{\"id\":1,\"width\":1825,\"height\":1304,\"alt\":\"Drei M&auml;dchen mit lustigen nach oben stehenden Frisuren in einem Zimmer, w&auml;hrend sie Schlafanz&uuml;ge tragen.\",\"title\":\"\",\"description\":\"\",\"label\":\"Anja Topat-Geschke mit Freundinnen, Mitte der 1990er Jahre\",\"copyright\":\"Foto: privat\",\"path\":\"\\\/wp-content\\\/uploads\\\/2024\\\/12\\\/\",\"sizes\":{\"medium\":{\"file\":\"SHF_eb00237705-300x214.jpg\",\"width\":300,\"height\":214,\"mime-type\":\"image\\\/jpeg\",\"filesize\":12665},\"large\":{\"file\":\"SHF_eb00237705-1024x732.jpg\",\"width\":1024,\"height\":732,\"mime-type\":\"image\\\/jpeg\",\"filesize\":78671},\"thumbnail\":{\"file\":\"SHF_eb00237705-150x150.jpg\",\"width\":150,\"height\":150,\"mime-type\":\"image\\\/jpeg\",\"filesize\":5844},\"medium_large\":{\"file\":\"SHF_eb00237705-768x549.jpg\",\"width\":768,\"height\":549,\"mime-type\":\"image\\\/jpeg\",\"filesize\":51763},\"small\":{\"file\":\"SHF_eb00237705-440x314.jpg\",\"width\":440,\"height\":314,\"mime-type\":\"image\\\/jpeg\",\"filesize\":22532},\"semi\":{\"file\":\"SHF_eb00237705-580x414.jpg\",\"width\":580,\"height\":414,\"mime-type\":\"image\\\/jpeg\",\"filesize\":33947},\"mobile\":{\"file\":\"SHF_eb00237705-720x514.jpg\",\"width\":720,\"height\":514,\"mime-type\":\"image\\\/jpeg\",\"filesize\":47159},\"hd\":{\"file\":\"SHF_eb00237705-1280x915.jpg\",\"width\":1280,\"height\":915,\"mime-type\":\"image\\\/jpeg\",\"filesize\":108177},\"1536x1536\":{\"file\":\"SHF_eb00237705-1536x1098.jpg\",\"width\":1536,\"height\":1098,\"mime-type\":\"image\\\/jpeg\",\"filesize\":139090},\"original\":{\"file\":\"SHF_eb00237705.jpg\",\"width\":1825,\"height\":1304}}},{\"id\":2,\"width\":2026,\"height\":1447,\"alt\":\"Gelber Trabant mit Fahrer in urbaner Umgebung, Wohngeb&auml;ude im Hintergrund.\",\"title\":\"\",\"description\":\"\",\"label\":\"Anja Topat-Geschke in einem Trabant Kombi in Wolfen-Nord, Ende der 1990er Jahre\",\"copyright\":\"Foto: privat\",\"path\":\"\\\/wp-content\\\/uploads\\\/2024\\\/12\\\/\",\"sizes\":{\"medium\":{\"file\":\"SHF_eb00237706-300x214.jpg\",\"width\":300,\"height\":214,\"mime-type\":\"image\\\/jpeg\",\"filesize\":13760},\"large\":{\"file\":\"SHF_eb00237706-1024x731.jpg\",\"width\":1024,\"height\":731,\"mime-type\":\"image\\\/jpeg\",\"filesize\":86829},\"thumbnail\":{\"file\":\"SHF_eb00237706-150x150.jpg\",\"width\":150,\"height\":150,\"mime-type\":\"image\\\/jpeg\",\"filesize\":5441},\"medium_large\":{\"file\":\"SHF_eb00237706-768x549.jpg\",\"width\":768,\"height\":549,\"mime-type\":\"image\\\/jpeg\",\"filesize\":57247},\"small\":{\"file\":\"SHF_eb00237706-440x314.jpg\",\"width\":440,\"height\":314,\"mime-type\":\"image\\\/jpeg\",\"filesize\":24591},\"semi\":{\"file\":\"SHF_eb00237706-580x414.jpg\",\"width\":580,\"height\":414,\"mime-type\":\"image\\\/jpeg\",\"filesize\":37590},\"mobile\":{\"file\":\"SHF_eb00237706-720x514.jpg\",\"width\":720,\"height\":514,\"mime-type\":\"image\\\/jpeg\",\"filesize\":51873},\"hd\":{\"file\":\"SHF_eb00237706-1280x914.jpg\",\"width\":1280,\"height\":914,\"mime-type\":\"image\\\/jpeg\",\"filesize\":119631},\"full\":{\"file\":\"SHF_eb00237706-1920x1371.jpg\",\"width\":1920,\"height\":1371,\"mime-type\":\"image\\\/jpeg\",\"filesize\":208958},\"1536x1536\":{\"file\":\"SHF_eb00237706-1536x1097.jpg\",\"width\":1536,\"height\":1097,\"mime-type\":\"image\\\/jpeg\",\"filesize\":153758},\"original\":{\"file\":\"SHF_eb00237706.jpg\",\"width\":2026,\"height\":1447}}},{\"id\":3,\"width\":1687,\"height\":1205,\"alt\":\"Ein M&auml;dchen mit Brille und oranger Jacke h&auml;lt eine Kamera, w&auml;hrend sie an einer Aussichtsplattform &uuml;ber einem Fluss steht.\",\"title\":\"\",\"description\":\"\",\"label\":\"Sandra Schubert mit Fotoapparat bei einem Ausflug, Anfang der 2000er Jahre\",\"copyright\":\"Foto: Frank Schubert\",\"path\":\"\\\/wp-content\\\/uploads\\\/2024\\\/12\\\/\",\"sizes\":{\"medium\":{\"file\":\"SHF_eb00237710-300x214.jpg\",\"width\":300,\"height\":214,\"mime-type\":\"image\\\/jpeg\",\"filesize\":11552},\"large\":{\"file\":\"SHF_eb00237710-1024x731.jpg\",\"width\":1024,\"height\":731,\"mime-type\":\"image\\\/jpeg\",\"filesize\":101224},\"thumbnail\":{\"file\":\"SHF_eb00237710-150x150.jpg\",\"width\":150,\"height\":150,\"mime-type\":\"image\\\/jpeg\",\"filesize\":5402},\"medium_large\":{\"file\":\"SHF_eb00237710-768x549.jpg\",\"width\":768,\"height\":549,\"mime-type\":\"image\\\/jpeg\",\"filesize\":60424},\"small\":{\"file\":\"SHF_eb00237710-440x314.jpg\",\"width\":440,\"height\":314,\"mime-type\":\"image\\\/jpeg\",\"filesize\":21661},\"semi\":{\"file\":\"SHF_eb00237710-580x414.jpg\",\"width\":580,\"height\":414,\"mime-type\":\"image\\\/jpeg\",\"filesize\":35907},\"mobile\":{\"file\":\"SHF_eb00237710-720x514.jpg\",\"width\":720,\"height\":514,\"mime-type\":\"image\\\/jpeg\",\"filesize\":53741},\"hd\":{\"file\":\"SHF_eb00237710-1280x914.jpg\",\"width\":1280,\"height\":914,\"mime-type\":\"image\\\/jpeg\",\"filesize\":145943},\"1536x1536\":{\"file\":\"SHF_eb00237710-1536x1097.jpg\",\"width\":1536,\"height\":1097,\"mime-type\":\"image\\\/jpeg\",\"filesize\":193007},\"original\":{\"file\":\"SHF_eb00237710.jpg\",\"width\":1687,\"height\":1205}}},{\"id\":4,\"width\":2145,\"height\":1532,\"alt\":\"Eine Frau mit kurzen, dunklen Haaren sitzt entspannt vor einer Backsteinmauer und blickt in die Kamera.\",\"title\":\"\",\"description\":\"\",\"label\":\"Anja Sachenbacher in einer Gastst&auml;tte, Ende der 1990er Jahre \",\"copyright\":\"Foto: privat\",\"path\":\"\\\/wp-content\\\/uploads\\\/2024\\\/12\\\/\",\"sizes\":{\"medium\":{\"file\":\"SHF_eb00237704-300x214.jpg\",\"width\":300,\"height\":214,\"mime-type\":\"image\\\/jpeg\",\"filesize\":16528},\"large\":{\"file\":\"SHF_eb00237704-1024x731.jpg\",\"width\":1024,\"height\":731,\"mime-type\":\"image\\\/jpeg\",\"filesize\":112796},\"thumbnail\":{\"file\":\"SHF_eb00237704-150x150.jpg\",\"width\":150,\"height\":150,\"mime-type\":\"image\\\/jpeg\",\"filesize\":6924},\"medium_large\":{\"file\":\"SHF_eb00237704-768x549.jpg\",\"width\":768,\"height\":549,\"mime-type\":\"image\\\/jpeg\",\"filesize\":72466},\"small\":{\"file\":\"SHF_eb00237704-440x314.jpg\",\"width\":440,\"height\":314,\"mime-type\":\"image\\\/jpeg\",\"filesize\":30090},\"semi\":{\"file\":\"SHF_eb00237704-580x414.jpg\",\"width\":580,\"height\":414,\"mime-type\":\"image\\\/jpeg\",\"filesize\":46523},\"mobile\":{\"file\":\"SHF_eb00237704-720x514.jpg\",\"width\":720,\"height\":514,\"mime-type\":\"image\\\/jpeg\",\"filesize\":65585},\"hd\":{\"file\":\"SHF_eb00237704-1280x914.jpg\",\"width\":1280,\"height\":914,\"mime-type\":\"image\\\/jpeg\",\"filesize\":157347},\"full\":{\"file\":\"SHF_eb00237704-1920x1371.jpg\",\"width\":1920,\"height\":1371,\"mime-type\":\"image\\\/jpeg\",\"filesize\":278979},\"1536x1536\":{\"file\":\"SHF_eb00237704-1536x1097.jpg\",\"width\":1536,\"height\":1097,\"mime-type\":\"image\\\/jpeg\",\"filesize\":204704},\"2048x2048\":{\"file\":\"SHF_eb00237704-2048x1463.jpg\",\"width\":2048,\"height\":1463,\"mime-type\":\"image\\\/jpeg\",\"filesize\":304866},\"original\":{\"file\":\"SHF_eb00237704.jpg\",\"width\":2145,\"height\":1532}}},{\"id\":5,\"width\":2084,\"height\":1489,\"alt\":\"M&auml;dchen macht einen Spagat im Wohnzimmer, umgeben von einem Weihnachtsbaum und einem Fernseher.\",\"title\":\"\",\"description\":\"\",\"label\":\"Sandra Schubert im weihnachtlichen Wohnzimmer, Mitte der 1990er Jahre\",\"copyright\":\"Foto: privat\",\"path\":\"\\\/wp-content\\\/uploads\\\/2024\\\/12\\\/\",\"sizes\":{\"medium\":{\"file\":\"SHF_eb00237711-300x214.jpg\",\"width\":300,\"height\":214,\"mime-type\":\"image\\\/jpeg\",\"filesize\":16446},\"large\":{\"file\":\"SHF_eb00237711-1024x732.jpg\",\"width\":1024,\"height\":732,\"mime-type\":\"image\\\/jpeg\",\"filesize\":132212},\"thumbnail\":{\"file\":\"SHF_eb00237711-150x150.jpg\",\"width\":150,\"height\":150,\"mime-type\":\"image\\\/jpeg\",\"filesize\":7111},\"medium_large\":{\"file\":\"SHF_eb00237711-768x549.jpg\",\"width\":768,\"height\":549,\"mime-type\":\"image\\\/jpeg\",\"filesize\":80761},\"small\":{\"file\":\"SHF_eb00237711-440x314.jpg\",\"width\":440,\"height\":314,\"mime-type\":\"image\\\/jpeg\",\"filesize\":31899},\"semi\":{\"file\":\"SHF_eb00237711-580x414.jpg\",\"width\":580,\"height\":414,\"mime-type\":\"image\\\/jpeg\",\"filesize\":50640},\"mobile\":{\"file\":\"SHF_eb00237711-720x514.jpg\",\"width\":720,\"height\":514,\"mime-type\":\"image\\\/jpeg\",\"filesize\":72657},\"hd\":{\"file\":\"SHF_eb00237711-1280x915.jpg\",\"width\":1280,\"height\":915,\"mime-type\":\"image\\\/jpeg\",\"filesize\":193834},\"full\":{\"file\":\"SHF_eb00237711-1920x1372.jpg\",\"width\":1920,\"height\":1372,\"mime-type\":\"image\\\/jpeg\",\"filesize\":377940},\"1536x1536\":{\"file\":\"SHF_eb00237711-1536x1097.jpg\",\"width\":1536,\"height\":1097,\"mime-type\":\"image\\\/jpeg\",\"filesize\":263342},\"2048x2048\":{\"file\":\"SHF_eb00237711-2048x1463.jpg\",\"width\":2048,\"height\":1463,\"mime-type\":\"image\\\/jpeg\",\"filesize\":417117},\"original\":{\"file\":\"SHF_eb00237711.jpg\",\"width\":2084,\"height\":1489}}}]\t\t\t\t\t\t\t}\n\t\t\t\t\t\t\t<\/script>\n\n\t\t\t\t\t\t\t<swiper :options=\"options\" @slide-change=\"track\">\n\t\t\t\t\t\t\t\t<div class=\"swiper-slide\" :key=\"image.id\" v-for=\"image in images\">\n\t\t\t\t\t\t\t\t\t<block-gallery-item inline-template :image=\"image\">\n\t\t\t\t\t\t\t\t\t\t<figure class=\"swiper-slide-image-wrapper\" ref=\"parent\">\n\t\t\t\t\t\t\t\t\t\t\t<div class=\"width-container\" ref=\"container\" :style=\"style\">\n\t\t\t\t\t\t\t\t\t\t\t\t<div data-swiper-parallax-x=\"50%\">\n\t\t\t\t\t\t\t\t\t\t\t\t<img :src=\"image.src\" :alt=\"image.alt\" v-if=\"image.id < 2\">\n\t\t\t\t\t\t\t\t\t\t\t\t<img class=\"swiper-lazy\" :data-src=\"image.src\" :alt=\"image.alt\" v-else>\n\t\t\t\t\t\t\t\t\t\t\t\t<\/div>\n\t\t\t\t\t\t\t\t\t\t\t<\/div>\n\t\t\t\t\t\t\t\t\t\t<\/figure>\n\t\t\t\t\t\t\t\t\t<\/block-gallery-item>\n\n\t\t\t\t\t\t\t\t\t<figcaption>\n\t\t\t\t\t\t\t\t\t\t<div class=\"lazy-media-info-body-content\">\n\t\t\t\t\t\t\t\t\t\t\t<div v-html=\"image.label\"><\/div>\n\t\t\t\t\t\t\t\t\t\t\t<div v-html=\"image.description\"><\/div>\n\t\t\t\t\t\t\t\t\t\t\t<div class=\"insignificant\" v-if=\"image.copyright\" v-html=\"'\u00a9 '+image.copyright\"><\/div>\n\t\t\t\t\t\t\t\t\t\t<\/div>\n\t\t\t\t\t\t\t\t\t<\/figcaption>\n\t\t\t\t\t\t\t\t<\/div>\n\n\t\t\t\t\t\t\t\t<div class=\"swiper-pagination\"  slot=\"pagination\"><\/div>\n\n\t\t\t\t\t\t\t\t<button class=\"icon-round swiper-button-prev\" slot=\"button-prev\" aria-label=\"Vorheriges Bild\">\n\t\t\t\t\t\t\t\t\t<span class=\"icon-next\" aria-hidden=\"true\"><\/span>\n\t\t\t\t\t\t\t\t<\/button>\n\n\t\t\t\t\t\t\t\t<button class=\"icon-round swiper-button-next\" slot=\"button-next\" aria-label=\"N\u00e4chstes Bild\">\n\t\t\t\t\t\t\t\t\t<span class=\"icon-next\" aria-hidden=\"true\"><\/span>\n\t\t\t\t\t\t\t\t<\/button>\n\t\t\t\t\t\t\t<\/swiper>\n\t\t\t\t\t\t<\/div>\n\t\t\t\t\t<\/block-gallery>\n\t\t\t\t<\/div>\n\t\t\t<\/div>\n\t\t<\/div>\n\t<\/div>\n<\/section>\n\n<section class=\"block block-standard-image-copy rev2nd\"> \n\t<div class=\"container-fluid\">\n\t\t<div class=\"row middle-sm\">\n\t\t\t<div class=\"col-xs-10 col-sm-6 margin-bottom-sixth\" data-motion-parallax='{\"child\":\".image-wrapper\",\"mask\":\".lazy-media\",\"tween\":{\"yPercent\": [-15,15]}}'>\n\t\t\t\t\n\t<lazy-media-inline inline-template>\n\t\t<figure itemscope itemtype=\"http:\/\/schema.org\/ImageObject\" class=\"lazy-media-inline \" role=\"group\" id=\"media_69f052a9f1597\" aria-labelledby=\"desc_media_69f052a9f1597\">\n\t\t\t<script type=\"application\/json\" ref=\"data\">\n\t\t\t\t{\n\t\t\t\t\"sizes\" : {\"medium\":{\"file\":\"SHF_eb00237715-300x300.jpg\",\"width\":300,\"height\":300,\"mime-type\":\"image\\\/jpeg\",\"filesize\":11569},\"large\":{\"file\":\"SHF_eb00237715-1024x1024.jpg\",\"width\":1024,\"height\":1024,\"mime-type\":\"image\\\/jpeg\",\"filesize\":82867},\"thumbnail\":{\"file\":\"SHF_eb00237715-150x150.jpg\",\"width\":150,\"height\":150,\"mime-type\":\"image\\\/jpeg\",\"filesize\":4650},\"medium_large\":{\"file\":\"SHF_eb00237715-768x768.jpg\",\"width\":768,\"height\":768,\"mime-type\":\"image\\\/jpeg\",\"filesize\":49175},\"small\":{\"file\":\"SHF_eb00237715-440x440.jpg\",\"width\":440,\"height\":440,\"mime-type\":\"image\\\/jpeg\",\"filesize\":20109},\"semi\":{\"file\":\"SHF_eb00237715-580x580.jpg\",\"width\":580,\"height\":580,\"mime-type\":\"image\\\/jpeg\",\"filesize\":31000},\"mobile\":{\"file\":\"SHF_eb00237715-720x720.jpg\",\"width\":720,\"height\":720,\"mime-type\":\"image\\\/jpeg\",\"filesize\":43935},\"hd\":{\"file\":\"SHF_eb00237715-1280x1280.jpg\",\"width\":1280,\"height\":1280,\"mime-type\":\"image\\\/jpeg\",\"filesize\":127797},\"full\":{\"file\":\"SHF_eb00237715-1920x1920.jpg\",\"width\":1920,\"height\":1920,\"mime-type\":\"image\\\/jpeg\",\"filesize\":309532},\"1536x1536\":{\"file\":\"SHF_eb00237715-1536x1536.jpg\",\"width\":1536,\"height\":1536,\"mime-type\":\"image\\\/jpeg\",\"filesize\":187484},\"2048x2048\":{\"file\":\"SHF_eb00237715-2048x2048.jpg\",\"width\":2048,\"height\":2048,\"mime-type\":\"image\\\/jpeg\",\"filesize\":359895},\"original\":{\"file\":\"SHF_eb00237715.jpg\",\"width\":3883,\"height\":3883}},\n\t\t\t\t\"alt\" : \"Portr\\u00e4t eines Mannes mit Brille, der in einem hellen Raum vor einem verschwommenen Hintergrund sitzt.\",\n\t\t\t\t\"path\" : \"\\\/wp-content\\\/uploads\\\/2024\\\/12\\\/\",\n\t\t\t\t\"video\" : null,\n\t\t\t\t\"autoplay\" : null,\n\t\t\t\t\"youtube\" : null,\n\t\t\t\t\"youtubelabel\" : \"Video abspielen\",\n\t\t\t\t\"brightness\" : 100,\n\t\t\t\t\"crop\" : null,\n\t\t\t\t\"background\" : false,\n\t\t\t\t\"scale\" : 1\t\t\t\t}\n\t\t\t<\/script>\n\n\t\t\t<div class=\"height-container\" style=\"padding-bottom:100%;\" v-if=\"sizes\">\n\t\t\t\t\t\t\t\t<lazy-media :inline=\"true\" :alt=\"alt\" :sizes=\"sizes\" :scale=\"scale\" :brightness=\"brightness\" :path=\"path\" :video=\"video\" :autoplay=\"autoplay\" :youtube=\"youtube\" :crop=\"crop\" :youtubelabel=\"youtubelabel\" :background=\"background\" media-id=\"desc_media_69f052a9f1597\"><\/lazy-media>\n\t\t\t\t\t\t\t<\/div>\n\n\t\t\t\t\t\t\t<div class=\"lazy-media-info-container-fluid\">\n\t\t\t\t<div class=\"lazy-media-info-row end-xs\">\n\t\t\t\t\t<div class=\"lazy-media-info-col\">\n\t\t\t\t\t\t<div class=\"lazy-media-info\" aria-expanded=\"false\" :aria-expanded=\"isOpen ? 'true' : 'false'\">\n\t\t\t\t\t\t\t<button class=\"lazy-media-info-head button-tiny\" :class=\"{'button-active': isOpen}\" @click=\"toggle\" ref=\"head\"><span class=\"button-label insignificant\">Bildinfo<\/span><\/button>\n\t\t\t\t\t\t\t<figcaption class=\"lazy-media-info-body\" ref=\"body\" id=\"desc_media_69f052a9f1597\">\n\t\t\t\t\t\t\t\t<div class=\"lazy-media-info-body-content\">\n\t\t\t\t\t\t\t\t\t\t\t\t\t\t\t\t\t\t\t<div>Portr&auml;t des K&uuml;nstlers Michikazu Matsune<\/div>\n\t\t\t\t\t\t\t\t\t\t\t\t\t\t\t\t\t\t\t\t\t\t\t\t\t\t\t\t\t\t\t\t\t\t\t\t\t<div class=\"insignificant\">\u00a9 Susanna Hofer <\/div>\n\t\t\t\t\t\t\t\t\t\t\t\t\t\t\t\t\t<\/div>\n\t\t\t\t\t\t\t<\/figcaption>\n\t\t\t\t\t\t\t<div class=\"lazy-media-info-head-border\"><\/div>\n\t\t\t\t\t\t<\/div>\n\t\t\t\t\t<\/div>\n\t\t\t\t<\/div>\n\t\t\t<\/div>\n\t\t\t\t\t\t\t\t\t<\/figure>\n\t<\/lazy-media-inline>\n\t\t\t<\/div>\n\t\t\t<div class=\"col-xs-10 col-sm-6 col-md-5 copy margin-bottom-half\"><h5>Michikazu Matsune<\/h5>\n<p>Michikazu Matsune, geboren in Kobe (Japan), lebt und arbeitet seit dem Ende der 1990er Jahre in Wien. Mit seiner dokumentarischen und konzeptionellen Methode untersucht er spielerisch die Spannung zwischen kulturellen Zuschreibungen und sozialen Identifikationen. Sein k\u00fcnstlerisches Schaffen reicht von B\u00fchnenperformances \u00fcber Interventionen in \u00f6ffentlichen und privaten R\u00e4umen. Matsune ist au\u00dferdem der Initiator von Projekten wie <em>Homesick Festival<\/em>, einem einzigartigen Performancefestival, das in privaten Haushalten stattfindet, und <em>The Institute of Sleepless Nights<\/em>, einem praxisbasierten Forschungsprogramm, das sich mit den Problemen des Schlafens befasst. <a class=\"external-link\" href=\"http:\/\/www.michikazumatsune.info\" target=\"_blank\" rel=\"nofollow noopener\">www.michikazumatsune.info<\/a><\/p>\n<\/div>\n\t\t<\/div>\n\t<\/div>\n<\/section>\n\n<section class=\"block block-teaser col-multitimes has-bg\" style=\"--teaser-bg:#f2f2f2\">\n\t<lazy-component :fixed-min-height=\"400\">\n\t\n\t\t\t\t\t<div class=\"container-fluid\">\n\t\t\t\t<div class=\"row bottom-xs\">\n\t\t\t\t\t<div class=\"col-xs-12 col-md-8\">\n\t\t\t\t\t\t<h4>In Kombination mit <\/h4>\t\t\t\t\t\t\t\t\t\t\t\t\t\t\t\t\t\t\t<\/div>\n\t\t\t\t\t<div class=\"col-xs-12 col-md-4 start-xs end-md margin-bottom-sixth\">\n\t\t\t\t\t\t\t\t\t\t\t<\/div>\n\t\t\t\t<\/div>\n\t\t\t\t<ul class=\"row\"> <li class=\"col-xs-6 col-sm-4 col-md-3 teaser-wrapper col-padding-remove\">\n\t<calendarteaser key=\"1413716567\" rawitem='{&quot;postId&quot;:141371,&quot;title&quot;:&quot;neubelichtung&quot;,&quot;excerpt&quot;:&quot;&quot;,&quot;slug&quot;:&quot;neubelichtung&quot;,&quot;post_date&quot;:&quot;2024-12-17T09:53&quot;,&quot;type&quot;:&quot;event&quot;,&quot;permalink&quot;:&quot;https:\\\/\\\/www.humboldtforum.org\\\/de\\\/programm\\\/termin\\\/installation\\\/neubelichtung-141371\\\/&quot;,&quot;genre&quot;:[394],&quot;genre_details&quot;:[{&quot;text&quot;:&quot;Installation&quot;,&quot;id&quot;:394,&quot;icon&quot;:null,&quot;parent&quot;:0}],&quot;stakeholder&quot;:[382],&quot;stakeholder_details&quot;:[{&quot;text&quot;:&quot;Stiftung Humboldt Forum im Berliner Schloss&quot;,&quot;id&quot;:382,&quot;icon&quot;:null,&quot;parent&quot;:0}],&quot;targetgroup&quot;:[383,455],&quot;targetgroup_details&quot;:[{&quot;text&quot;:&quot;Erwachsene&quot;,&quot;id&quot;:383,&quot;icon&quot;:null,&quot;parent&quot;:0},{&quot;text&quot;:&quot;Jugendliche&quot;,&quot;id&quot;:455,&quot;icon&quot;:null,&quot;parent&quot;:0}],&quot;place&quot;:[957],&quot;place_details&quot;:{&quot;place&quot;:&quot;Humboldt Forum&quot;,&quot;map&quot;:&quot;Humboldt Forum, Schlossplatz, Berlin&quot;,&quot;room&quot;:&quot;Foyer&quot;},&quot;icon_overwrite&quot;:&quot;&quot;,&quot;acf&quot;:{&quot;noindex&quot;:false,&quot;keywords&quot;:&quot;&quot;,&quot;hashtag&quot;:&quot;HumboldtForum&quot;,&quot;belongsto&quot;:[141278,116558],&quot;shorturl&quot;:&quot;&quot;,&quot;times&quot;:[],&quot;planning&quot;:{&quot;price&quot;:&quot;kostenfrei&quot;,&quot;admission&quot;:&quot;&quot;,&quot;pause&quot;:&quot;&quot;,&quot;duration&quot;:&quot;&quot;},&quot;additional_info&quot;:{&quot;icon&quot;:&quot;0&quot;,&quot;text&quot;:&quot;&quot;},&quot;highlight_header&quot;:false,&quot;use_video_in_teasers&quot;:false,&quot;hyphenation&quot;:true,&quot;tipp&quot;:false,&quot;joker&quot;:false,&quot;live&quot;:false,&quot;hide_event_in_program&quot;:false,&quot;gomus_id&quot;:&quot;&quot;,&quot;hm_id&quot;:&quot;&quot;,&quot;tickettext&quot;:&quot;kein Ticket erforderlich&quot;,&quot;subline&quot;:&quot;Ein Album mit Bitterfeld-Wolfen&quot;,&quot;featured_images&quot;:[159021],&quot;infotext&quot;:&quot;in Kombination mit: \\&quot;Namen, die wir tragen\\&quot; von Michikazu Matsune&quot;},&quot;date&quot;:{&quot;NX&quot;:null,&quot;NXX&quot;:null,&quot;NLAST&quot;:&quot;202502160830&quot;,&quot;from_DATE&quot;:&quot;20250214 10:30&quot;,&quot;from&quot;:1739521800,&quot;to&quot;:1739694600,&quot;to_DATE&quot;:&quot;20250216 10:30&quot;,&quot;from_HRFSHORT&quot;:&quot;14. Feb 2025&quot;,&quot;from_HRFSHORT_WD&quot;:&quot;Fr 14.02.2025&quot;,&quot;to_HRFSHORT&quot;:&quot;16. Feb 2025&quot;,&quot;to_HRFSHORT_WD&quot;:&quot;So 16.02.2025&quot;,&quot;from_HRF&quot;:&quot;Fr, 14. Februar 2025&quot;,&quot;to_HRF&quot;:&quot;So, 16. Februar 2025&quot;,&quot;from_to_HRF&quot;:&quot;Fr, 14. Februar \\u2013 So, 16. Februar 2025&quot;,&quot;from_to_HRFSHORT&quot;:&quot;14. Feb \\u2013 16. Feb 2025&quot;},&quot;alert&quot;:null,&quot;partof&quot;:[],&quot;marketing_topic&quot;:{&quot;title&quot;:&quot;Auf Wiedersehen, Palast&quot;,&quot;ID&quot;:141278,&quot;reason&quot;:&quot;belongsto&quot;}}' inline-template>\n\t<a href=\"https:\/\/www.humboldtforum.org\/de\/programm\/termin\/installation\/neubelichtung-141371\/\" class=\"teaser teaser-event teaser-event-standard\">\n\t\t<div class=\"row row-stretch\">\n\t\t\t<div class=\"col-xs-12\">\n\t\t\t\t<div class=\"teaser-event-image\">\n\t\t\t\t\t<div class=\"teaser-image teaser-image-no-alternate\">\n\t\t\t\t\t\t\t\t\t\t\t\t\t\n\t<lazy-media-inline inline-template>\n\t\t<figure itemscope itemtype=\"http:\/\/schema.org\/ImageObject\" class=\"lazy-media-inline \" role=\"group\" id=\"media_69f052aa1520a\" aria-labelledby=\"desc_media_69f052aa1520a\">\n\t\t\t<script type=\"application\/json\" ref=\"data\">\n\t\t\t\t{\n\t\t\t\t\"sizes\" : {\"medium\":{\"file\":\"SHF_eb00237709-300x233.jpg\",\"width\":300,\"height\":233,\"mime-type\":\"image\\\/jpeg\",\"filesize\":23298},\"large\":{\"file\":\"SHF_eb00237709-1024x796.jpg\",\"width\":1024,\"height\":796,\"mime-type\":\"image\\\/jpeg\",\"filesize\":156529},\"thumbnail\":{\"file\":\"SHF_eb00237709-150x150.jpg\",\"width\":150,\"height\":150,\"mime-type\":\"image\\\/jpeg\",\"filesize\":9027},\"medium_large\":{\"file\":\"SHF_eb00237709-768x597.jpg\",\"width\":768,\"height\":597,\"mime-type\":\"image\\\/jpeg\",\"filesize\":101919},\"small\":{\"file\":\"SHF_eb00237709-440x342.jpg\",\"width\":440,\"height\":342,\"mime-type\":\"image\\\/jpeg\",\"filesize\":43281},\"semi\":{\"file\":\"SHF_eb00237709-580x451.jpg\",\"width\":580,\"height\":451,\"mime-type\":\"image\\\/jpeg\",\"filesize\":67436},\"mobile\":{\"file\":\"SHF_eb00237709-720x560.jpg\",\"width\":720,\"height\":560,\"mime-type\":\"image\\\/jpeg\",\"filesize\":92737},\"hd\":{\"file\":\"SHF_eb00237709-1280x995.jpg\",\"width\":1280,\"height\":995,\"mime-type\":\"image\\\/jpeg\",\"filesize\":217175},\"full\":{\"file\":\"SHF_eb00237709-1920x1493.jpg\",\"width\":1920,\"height\":1493,\"mime-type\":\"image\\\/jpeg\",\"filesize\":390655},\"1536x1536\":{\"file\":\"SHF_eb00237709-1536x1195.jpg\",\"width\":1536,\"height\":1195,\"mime-type\":\"image\\\/jpeg\",\"filesize\":281605},\"2048x2048\":{\"file\":\"SHF_eb00237709-2048x1593.jpg\",\"width\":2048,\"height\":1593,\"mime-type\":\"image\\\/jpeg\",\"filesize\":428850},\"original\":{\"file\":\"SHF_eb00237709.jpg\",\"width\":2362,\"height\":1837}},\n\t\t\t\t\"alt\" : \"Frau mit verschr\\u00e4nkten Armen vor einem B\\u00fccherregal voller Notizb\\u00fccher und Alben in bunten Farben.\",\n\t\t\t\t\"path\" : \"\\\/wp-content\\\/uploads\\\/2024\\\/12\\\/\",\n\t\t\t\t\"video\" : null,\n\t\t\t\t\"autoplay\" : null,\n\t\t\t\t\"youtube\" : null,\n\t\t\t\t\"youtubelabel\" : \"Video abspielen\",\n\t\t\t\t\"brightness\" : 100,\n\t\t\t\t\"crop\" : {\"top\":\"21.12\",\"left\":\"51.29\"},\n\t\t\t\t\"background\" : true,\n\t\t\t\t\"scale\" : 2\t\t\t\t}\n\t\t\t<\/script>\n\n\t\t\t<div class=\"height-container\" style=\"padding-bottom:77.773073666384%;\" v-if=\"sizes\">\n\t\t\t\t\t\t\t\t<lazy-media :inline=\"true\" :alt=\"alt\" :sizes=\"sizes\" :scale=\"scale\" :brightness=\"brightness\" :path=\"path\" :video=\"video\" :autoplay=\"autoplay\" :youtube=\"youtube\" :crop=\"crop\" :youtubelabel=\"youtubelabel\" :background=\"background\" media-id=\"desc_media_69f052aa1520a\"><\/lazy-media>\n\t\t\t\t\t\t\t<\/div>\n\n\t\t\t\t\t\t\t<figcaption class=\"sr-only\" ref=\"body\" id=\"desc_media_69f052aa1520a\">\n\t\t\t\t\t\t\t\t\t\t\t\t\t\t\t\t<div>Portr&auml;t der K&uuml;nstlerin Anke Heelemann <\/div>\n\t\t\t\t\t\t\t\t\t\t\t\t\t\t\t\t<div class=\"insignificant\">\u00a9 Foto: privat, 2023<\/div>\n\t\t\t\t\t\t\t\t\t<\/figcaption>\n\t\t\t\t\t<\/figure>\n\t<\/lazy-media-inline>\n\t\t\t\t\t<\/div>\n\t\t\t\t<\/div>\n\t\t\t\t<div class=\"teaser-event-text Infos\">\n\t\t\t\t\t<div class=\"margin-bottom-sixth\">\n\t\t\t\t\t\t<div class=\"margin-bottom-atom\">\n\t\t\t\t\t\t\t<div class=\"subline clamp-1\" v-html=\"maingenre\"><\/div>\n\t\t\t\t\t\t\t\t\t\t\t\t\t\t\t<div class=\"insignificant clamp-2\">Auf Wiedersehen, Palast<\/div>\n\t\t\t\t\t\t\t\t\t\t\t\t\t<\/div>\n\t\t\t\t\t\n\t\t\t\t\t\t<strong class=\"margin-bottom-atom\">neubelichtung<\/strong>\n\n\t\t\t\t\t\t\t\t\t\t\t\t\t<div class=\"\">Ein Album mit Bitterfeld-Wolfen<\/div>\n\t\t\t\t\t\t\t\t\t\t\t<\/div>\n\t\t\t\t<\/div>\n\t\t\t<\/div>\n\t\t\t<div class=\"col-xs-12 Infos\">\n\t\t\t\t<div class=\"border-bottom \">\n\t\t\t\t\t\t\t\t\t\t\t<calendardateline :rawitem='item' :show-icon=\"true\"><\/calendardateline>\n\t\t\t\t\t\t<div class=\"margin-bottom-atom\"><hr><\/div>\n\t\t\t\t\t\t<div class=\"event-times-fadeout center-xs\">&nbsp;<\/div>\n\t\t\t\t\t\t\t\t\t\t\n\t\t\t\t<\/div>\n\t\t\t<\/div>\n\t\t<\/div>\n\t<\/a>\n\t<\/calendarteaser>\n<\/li>\n<\/ul>\n\t\t\t<\/div>\n\t\t\t\t<\/lazy-component>\n<\/section>\n\n\n\n<section class=\"block block-headline block-no-margin \" >\n\t<div class=\"container-fluid\">\n\t\t<div class=\"row\">\n\t\t\t\t\t\t\t<div class=\"col-xs-12 col-md-offset-2 col-md-8\">\n\t\t\t\t\t<div class=\"box\">\n\t\t\t\t\t\t<h2 class=\".h4\">Partner<\/h2>\n\t\t\t\t\t<\/div>\n\t\t\t\t<\/div>\n\t\t\t\t\t<\/div>\n\t<\/div>\n<\/section>\n\n\n\n\n<section class=\"block block-copy block-no-margin\" >\n    <div class=\"container-fluid\">\n\t\t<div class=\"row \">\n            <div class=\"col-xs-12 col-md-offset-2 col-md-8\">\n                <div class=\"box\">\n                    <div class=\"copy\"><p><span data-teams=\"true\">Das Projekt wurde 2024 im Rahmen des Festival OSTEN in Bitterfeld-Wolfen entwickelt. Eine Produktion von Studio Matsune, in Koproduktion mit Festival OSTEN\/Kulturpark e.V. und der Stiftung Humboldt Forum im Berliner Schloss. Studio Matsune \/ Verein Violet Lake wird gef\u00f6rdert von der Kulturabteilung der Stadt Wien und dem \u00f6sterreichischen Bundesministerium fu\u0308r Kunst, Kultur, \u00f6ffentlichen Dienst und Sport.<\/span><\/p>\n<\/div>\n                <\/div>\n            <\/div>\n\t\t<\/div>\n\t\t    <\/div>\n<\/section>\n\n<section class=\"block block-logos\" >\n    <div class=\"container-fluid\">\n\t\t<div class=\"row\">\n\t\t\t<div class=\"col-xs-12 col-sm-8 col-sm-offset-2\">\n\t\t\t\t<div class=\"box\">\n\t\t\t\t\t<div class=\"row  middle-xs\">\n\t\t\t\t\t\t\n\t\t\t\t\t\t<div class=\"col-xs-4 col-sm-3 col-sm-2\">\n\t\t\t\t\t\t\t<div class=\"box margin-sixth-top\">\n\t\t\t\t\t\t\t\t<img decoding=\"async\" alt=\"Festival OSTEN\" src=\"https:\/\/www.humboldtforum.org\/wp-content\/uploads\/2024\/04\/SHF_eb00219324.png\" style=\"display: inline-block; width: 100%\" \/>\n\t\t\t\t\t\t\t<\/div>\n\t\t\t\t\t\t<\/div>\n\t\t\t\t\t\t\n\t\t\t\t\t\t<div class=\"col-xs-4 col-sm-3 col-sm-2\">\n\t\t\t\t\t\t\t<div class=\"box margin-sixth-top\">\n\t\t\t\t\t\t\t\t<img decoding=\"async\" alt=\"Stadt Wien\" src=\"https:\/\/www.humboldtforum.org\/wp-content\/uploads\/2024\/12\/SHF_eb00237844.jpg\" style=\"display: inline-block; width: 100%\" \/>\n\t\t\t\t\t\t\t<\/div>\n\t\t\t\t\t\t<\/div>\n\t\t\t\t\t\t\n\t\t\t\t\t\t<div class=\"col-xs-4 col-sm-3 col-sm-2\">\n\t\t\t\t\t\t\t<div class=\"box margin-sixth-top\">\n\t\t\t\t\t\t\t\t<img decoding=\"async\" alt=\"Bundesministerium f\u00fcr Kunst, Sport \u00d6sterreich\" src=\"https:\/\/www.humboldtforum.org\/wp-content\/uploads\/2024\/12\/SHF_eb00237843.jpg\" style=\"display: inline-block; width: 100%\" \/>\n\t\t\t\t\t\t\t<\/div>\n\t\t\t\t\t\t<\/div>\n\t\t\t\t\t\t\t\t\t\t\t<\/div>\n\t\t\t\t<\/div>\n\t\t\t<\/div>\n        <\/div>\n    <\/div>\n<\/section>\n\n\n<section class=\"block block-teaser col-1 has-bg\" style=\"--teaser-bg:#f2f2f2\">\n\t<lazy-component :fixed-min-height=\"400\">\n\t\n\t\t\t\t\t<div class=\"container-fluid\">\n\t\t\t\t<div class=\"row bottom-xs\">\n\t\t\t\t\t<div class=\"col-xs-12 col-sm-10 col-md-8 col-sm-offset-1 col-md-offset-2\">\n\t\t\t\t\t\t<h4>geh\u00f6rt zu<\/h4>\t\t\t\t\t\t\t\t\t\t\t\t\t\t\t\t\t\t\t<\/div>\n\t\t\t\t\t<div class=\"col-xs-12 col-sm-10 col-md-8 col-sm-offset-1 col-md-offset-2 start-xs end-md margin-bottom-sixth\">\n\t\t\t\t\t\t\t\t\t\t\t<\/div>\n\t\t\t\t<\/div>\n\t\t\t\t<ul class=\"row\">\n\t\t\t\n<li class=\"col-xs-12 teaser-wrapper col-padding-remove\">\n\t<calendarteaser key=\"14127813513\" rawitem='{&quot;postId&quot;:141278,&quot;title&quot;:&quot;Auf Wiedersehen, Palast&quot;,&quot;excerpt&quot;:&quot;&quot;,&quot;slug&quot;:&quot;auf-wiedersehen-palast&quot;,&quot;post_date&quot;:&quot;2024-12-13T09:21&quot;,&quot;type&quot;:&quot;event-multi&quot;,&quot;permalink&quot;:&quot;https:\\\/\\\/www.humboldtforum.org\\\/de\\\/programm\\\/event\\\/thementag\\\/auf-wiedersehen-palast-141278\\\/&quot;,&quot;genre&quot;:[820],&quot;genre_details&quot;:[{&quot;text&quot;:&quot;Thementag&quot;,&quot;id&quot;:820,&quot;icon&quot;:null,&quot;parent&quot;:0}],&quot;stakeholder&quot;:[382],&quot;stakeholder_details&quot;:[{&quot;text&quot;:&quot;Stiftung Humboldt Forum im Berliner Schloss&quot;,&quot;id&quot;:382,&quot;icon&quot;:null,&quot;parent&quot;:0}],&quot;targetgroup&quot;:[383,455,454],&quot;targetgroup_details&quot;:[{&quot;text&quot;:&quot;Erwachsene&quot;,&quot;id&quot;:383,&quot;icon&quot;:null,&quot;parent&quot;:0},{&quot;text&quot;:&quot;Jugendliche&quot;,&quot;id&quot;:455,&quot;icon&quot;:null,&quot;parent&quot;:0},{&quot;text&quot;:&quot;Kinder und Familien&quot;,&quot;id&quot;:454,&quot;icon&quot;:null,&quot;parent&quot;:0}],&quot;language&quot;:[384,385],&quot;language_details&quot;:[{&quot;text&quot;:&quot;Deutsch&quot;,&quot;id&quot;:384,&quot;icon&quot;:null,&quot;parent&quot;:0},{&quot;text&quot;:&quot;Englisch&quot;,&quot;id&quot;:385,&quot;icon&quot;:null,&quot;parent&quot;:0}],&quot;place&quot;:[957,1179,883],&quot;place_details&quot;:{&quot;place&quot;:&quot;Humboldt Forum&quot;,&quot;map&quot;:&quot;Humboldt Forum, Schlossplatz, Berlin&quot;,&quot;room&quot;:&quot;Foyer, Saal 1, EG, Saal 2, EG&quot;},&quot;icon_overwrite&quot;:&quot;&quot;,&quot;acf&quot;:{&quot;noindex&quot;:false,&quot;keywords&quot;:&quot;&quot;,&quot;belongsto&quot;:[116558],&quot;shorturl&quot;:&quot;aufwiedersehenpalast&quot;,&quot;times&quot;:[],&quot;planning&quot;:{&quot;price&quot;:&quot;viele Angebote kostenfrei&quot;,&quot;admission&quot;:&quot;&quot;,&quot;pause&quot;:&quot;&quot;,&quot;duration&quot;:&quot;&quot;,&quot;status&quot;:&quot;BUY&quot;,&quot;info&quot;:&quot;&quot;,&quot;shop&quot;:&quot;&quot;,&quot;can_purchase&quot;:false},&quot;additional_info&quot;:{&quot;icon&quot;:&quot;0&quot;,&quot;text&quot;:&quot;&quot;},&quot;highlight_header&quot;:true,&quot;highlight_header_image&quot;:141937,&quot;has_mobile_format&quot;:true,&quot;use_video_in_teasers&quot;:false,&quot;hyphenation&quot;:true,&quot;tipp&quot;:false,&quot;joker&quot;:false,&quot;live&quot;:false,&quot;hide_event_in_program&quot;:false,&quot;events&quot;:{&quot;0&quot;:141282,&quot;1&quot;:141371,&quot;2&quot;:141393,&quot;3&quot;:141531,&quot;4&quot;:124724,&quot;5&quot;:142369,&quot;6&quot;:142438,&quot;7&quot;:142527,&quot;8&quot;:142535,&quot;9&quot;:142554,&quot;10&quot;:97617,&quot;11&quot;:142825,&quot;12&quot;:125424,&quot;13&quot;:126873,&quot;16&quot;:132379},&quot;subline&quot;:&quot;Vom Abbruch und Aufbruch&quot;,&quot;highlight_header_image_mobile&quot;:142023},&quot;date&quot;:{&quot;NX&quot;:null,&quot;NXX&quot;:null,&quot;NLAST&quot;:&quot;202502160830&quot;,&quot;from_DATE&quot;:&quot;20250215 10:30&quot;,&quot;from&quot;:1739608200,&quot;to&quot;:1739694600,&quot;to_DATE&quot;:&quot;20250216 10:30&quot;,&quot;from_HRFSHORT&quot;:&quot;15. Feb 2025&quot;,&quot;from_HRFSHORT_WD&quot;:&quot;Sa 15.02.2025&quot;,&quot;to_HRFSHORT&quot;:&quot;16. Feb 2025&quot;,&quot;to_HRFSHORT_WD&quot;:&quot;So 16.02.2025&quot;,&quot;from_HRF&quot;:&quot;Sa, 15. Februar 2025&quot;,&quot;to_HRF&quot;:&quot;So, 16. Februar 2025&quot;,&quot;from_to_HRF&quot;:&quot;Sa, 15. Februar \\u2013 So, 16. Februar 2025&quot;,&quot;from_to_HRFSHORT&quot;:&quot;15. Feb \\u2013 16. Feb 2025&quot;},&quot;alert&quot;:&quot;Highlight&quot;,&quot;partof&quot;:[],&quot;marketing_topic&quot;:{&quot;title&quot;:&quot;Hin und weg. Der Palast der Republik ist Gegenwart&quot;,&quot;ID&quot;:116558,&quot;reason&quot;:&quot;belongsto&quot;}}' inline-template>\n\t<a href=\"https:\/\/www.humboldtforum.org\/de\/programm\/event\/thementag\/auf-wiedersehen-palast-141278\/\" class=\"teaser teaser-event-multi teaser-event-standard\">\n\t\t<div class=\"row\">\n\t\t\t<div class=\"col-xs-12 col-sm-6 col-md-5 col-sm-offset-1 col-md-offset-2 first-sm teaser-event-text Infos\">\n\t\t\t\t<div class=\"teaser-event-standard-text\">\n\t\t\t\t\t<div class=\"margin-bottom-atom\">\n\t\t\t\t\t\t<div class=\"subline clamp-1\" v-html=\"maingenre\"><\/div>\n\t\t\t\t\t\t\t\t\t\t\t\t\t<div class=\"insignificant clamp-2\">Hin und weg. Der Palast der Republik ist Gegenwart<\/div>\n\t\t\t\t\t\t\t\t\t\t\t<\/div>\n\t\t\t\t\n\t\t\t\t\t<strong class=\"margin-bottom-atom h5\">Auf Wiedersehen, Palast<\/strong>\n\n\t\t\t\t\t\t\t\t\t\t\t<div class=\"\">Vom Abbruch und Aufbruch<\/div>\n\t\t\t\t\t\t\t\t\t<\/div>\n\t\t\t\t<div class=\"teaser-bottom border-bottom\">\n\t\t\t\t<calendardateline :rawitem='item' :show-icon=\"true\"><\/calendardateline>\n\t\t\t\t\t<hr>\n\t\t\t\t<\/div>\n\t\t\t<\/div>\n\t\t\t<div class=\"col-xs-12 col-sm-4 col-md-3 teaser-event-image bottom-xs first-xs\">\n\t\t\t\t<div class=\"teaser-image teaser-image-no-alternate\">\n\t\t\t\t\t\t\t\t\t\t\t\t\t<span class=\"alert\">Highlight<\/span>\n\t\t\t\t\t\t\t\t\t\t\t\n\t<lazy-media-inline inline-template>\n\t\t<figure itemscope itemtype=\"http:\/\/schema.org\/ImageObject\" class=\"lazy-media-inline \" role=\"group\" id=\"media_69f052aa3918e\" aria-labelledby=\"desc_media_69f052aa3918e\">\n\t\t\t<script type=\"application\/json\" ref=\"data\">\n\t\t\t\t{\n\t\t\t\t\"sizes\" : {\"medium\":{\"file\":\"SHF_eb002395391-176x300.jpg\",\"width\":176,\"height\":300,\"mime-type\":\"image\\\/jpeg\",\"filesize\":15862},\"large\":{\"file\":\"SHF_eb002395391-600x1024.jpg\",\"width\":600,\"height\":1024,\"mime-type\":\"image\\\/jpeg\",\"filesize\":138501},\"thumbnail\":{\"file\":\"SHF_eb002395391-150x150.jpg\",\"width\":150,\"height\":150,\"mime-type\":\"image\\\/jpeg\",\"filesize\":8676},\"medium_large\":{\"file\":\"SHF_eb002395391-768x1312.jpg\",\"width\":768,\"height\":1312,\"mime-type\":\"image\\\/jpeg\",\"filesize\":214132},\"small\":{\"file\":\"SHF_eb002395391-258x440.jpg\",\"width\":258,\"height\":440,\"mime-type\":\"image\\\/jpeg\",\"filesize\":31062},\"semi\":{\"file\":\"SHF_eb002395391-340x580.jpg\",\"width\":340,\"height\":580,\"mime-type\":\"image\\\/jpeg\",\"filesize\":50345},\"mobile\":{\"file\":\"SHF_eb002395391-422x720.jpg\",\"width\":422,\"height\":720,\"mime-type\":\"image\\\/jpeg\",\"filesize\":73432},\"hd\":{\"file\":\"SHF_eb002395391-749x1280.jpg\",\"width\":749,\"height\":1280,\"mime-type\":\"image\\\/jpeg\",\"filesize\":205227},\"full\":{\"file\":\"SHF_eb002395391-1124x1920.jpg\",\"width\":1124,\"height\":1920,\"mime-type\":\"image\\\/jpeg\",\"filesize\":411381},\"1536x1536\":{\"file\":\"SHF_eb002395391-899x1536.jpg\",\"width\":899,\"height\":1536,\"mime-type\":\"image\\\/jpeg\",\"filesize\":282629},\"2048x2048\":{\"file\":\"SHF_eb002395391-1199x2048.jpg\",\"width\":1199,\"height\":2048,\"mime-type\":\"image\\\/jpeg\",\"filesize\":457572},\"original\":{\"file\":\"SHF_eb002395391.jpg\",\"width\":1780,\"height\":3040}},\n\t\t\t\t\"alt\" : \"Graues, unvollendetes Geb\\u00e4ude mit orangefarbenem Filter und dem Berliner Fernsehturm im Hintergrund.\",\n\t\t\t\t\"path\" : \"\\\/wp-content\\\/uploads\\\/2024\\\/12\\\/\",\n\t\t\t\t\"video\" : null,\n\t\t\t\t\"autoplay\" : null,\n\t\t\t\t\"youtube\" : null,\n\t\t\t\t\"youtubelabel\" : \"Video abspielen\",\n\t\t\t\t\"brightness\" : 100,\n\t\t\t\t\"crop\" : null,\n\t\t\t\t\"background\" : true,\n\t\t\t\t\"scale\" : 1\t\t\t\t}\n\t\t\t<\/script>\n\n\t\t\t<div class=\"height-container\" style=\"padding-bottom:170.78651685393%;\" v-if=\"sizes\">\n\t\t\t\t\t\t\t\t<lazy-media :inline=\"true\" :alt=\"alt\" :sizes=\"sizes\" :scale=\"scale\" :brightness=\"brightness\" :path=\"path\" :video=\"video\" :autoplay=\"autoplay\" :youtube=\"youtube\" :crop=\"crop\" :youtubelabel=\"youtubelabel\" :background=\"background\" media-id=\"desc_media_69f052aa3918e\"><\/lazy-media>\n\t\t\t\t\t\t\t<\/div>\n\n\t\t\t\t\t\t\t<figcaption class=\"sr-only\" ref=\"body\" id=\"desc_media_69f052aa3918e\">\n\t\t\t\t\t\t\t\t\t\t\t\t\t\t\t\t\t\t\t\t\t<div class=\"insignificant\">\u00a9 Stiftung Humboldt Forum im Berliner Schloss, Foto: picture alliance \/ imageBROKER | Norbert Michalke<\/div>\n\t\t\t\t\t\t\t\t\t<\/figcaption>\n\t\t\t\t\t<\/figure>\n\t<\/lazy-media-inline>\n\t\t\t\t<\/div>\n\t\t\t<\/div>\n\t\t<\/div>\n\t<\/a>\n\t<\/calendarteaser>\n<\/li>\n\n\n<li class=\"col-xs-12 teaser-wrapper col-padding-remove\">\n\t<calendarteaser key=\"116558570\" rawitem='{&quot;postId&quot;:116558,&quot;title&quot;:&quot;Hin und weg. Der Palast der Republik ist Gegenwart&quot;,&quot;excerpt&quot;:&quot;&quot;,&quot;slug&quot;:&quot;hin-und-weg-der-palast-der-republik-ist-gegenwart&quot;,&quot;post_date&quot;:&quot;2023-12-18T15:27&quot;,&quot;type&quot;:&quot;event-period&quot;,&quot;permalink&quot;:&quot;https:\\\/\\\/www.humboldtforum.org\\\/de\\\/programm\\\/laufzeitangebot\\\/ausstellung\\\/hin-und-weg-der-palast-der-republik-ist-gegenwart-116558\\\/&quot;,&quot;genre&quot;:[391,879],&quot;genre_details&quot;:[{&quot;text&quot;:&quot;Ausstellung&quot;,&quot;id&quot;:391,&quot;icon&quot;:null,&quot;parent&quot;:0},{&quot;text&quot;:&quot;Programm&quot;,&quot;id&quot;:879,&quot;icon&quot;:null,&quot;parent&quot;:0}],&quot;language&quot;:[384,385],&quot;language_details&quot;:[{&quot;text&quot;:&quot;Deutsch&quot;,&quot;id&quot;:384,&quot;icon&quot;:null,&quot;parent&quot;:0},{&quot;text&quot;:&quot;Englisch&quot;,&quot;id&quot;:385,&quot;icon&quot;:null,&quot;parent&quot;:0}],&quot;accessability&quot;:[430],&quot;accessability_details&quot;:[{&quot;text&quot;:&quot;Rollstuhlgerecht&quot;,&quot;id&quot;:430,&quot;icon&quot;:null,&quot;parent&quot;:0}],&quot;place&quot;:[1391],&quot;place_details&quot;:{&quot;place&quot;:&quot;Humboldt Forum&quot;,&quot;map&quot;:&quot;Humboldt Forum, Schlossplatz, Berlin&quot;,&quot;room&quot;:&quot;Sonderausstellung 1+2, EG&quot;},&quot;icon_overwrite&quot;:&quot;&quot;,&quot;acf&quot;:{&quot;noindex&quot;:false,&quot;keywords&quot;:&quot;&quot;,&quot;shorturl&quot;:&quot;pdr&quot;,&quot;planning&quot;:{&quot;price&quot;:&quot;12 \\u20ac \\\/ 6 \\u20ac&quot;,&quot;status&quot;:&quot;BUY&quot;,&quot;info&quot;:&quot;&quot;,&quot;shop&quot;:&quot;https:\\\/\\\/tickets.humboldtforum.org\\\/#\\\/tickets\\\/time?museum_id=1&amp;exhibition_id=16&amp;group=day&amp;date=2024-05-17&quot;,&quot;can_purchase&quot;:true},&quot;use_opening_hours_of_the_house&quot;:false,&quot;periods&quot;:[{&quot;label&quot;:&quot;&quot;,&quot;dates&quot;:[{&quot;start&quot;:&quot;202405170000&quot;,&quot;end&quot;:&quot;202502160000&quot;,&quot;has_end&quot;:true,&quot;start_HRFSHORT&quot;:&quot;17.05.24&quot;,&quot;start_HRFSHORT_WD&quot;:&quot;Fr 17.05.2024&quot;,&quot;end_HRFSHORT&quot;:&quot;16.02.25&quot;}],&quot;monday&quot;:[{&quot;start&quot;:&quot;10:30&quot;,&quot;end&quot;:&quot;18:30&quot;,&quot;closed&quot;:false}],&quot;tuesday&quot;:[{&quot;start&quot;:null,&quot;end&quot;:null,&quot;closed&quot;:true}],&quot;wednesday&quot;:[{&quot;start&quot;:&quot;10:30&quot;,&quot;end&quot;:&quot;18:30&quot;,&quot;closed&quot;:false}],&quot;thursday&quot;:[{&quot;start&quot;:&quot;10:30&quot;,&quot;end&quot;:&quot;18:30&quot;,&quot;closed&quot;:false}],&quot;friday&quot;:[{&quot;start&quot;:&quot;10:30&quot;,&quot;end&quot;:&quot;18:30&quot;,&quot;closed&quot;:false}],&quot;saturday&quot;:[{&quot;start&quot;:&quot;10:30&quot;,&quot;end&quot;:&quot;18:30&quot;,&quot;closed&quot;:false}],&quot;sunday&quot;:[{&quot;start&quot;:&quot;10:30&quot;,&quot;end&quot;:&quot;18:30&quot;,&quot;closed&quot;:false}],&quot;info&quot;:&quot;&quot;,&quot;description&quot;:&quot;&quot;}],&quot;display_as_single&quot;:false,&quot;additional_info&quot;:{&quot;icon&quot;:&quot;icon-plus&quot;,&quot;text&quot;:&quot;02.02.2025 - Freier Eintritt zur Ausstellung&quot;},&quot;highlight_header&quot;:true,&quot;use_video_in_teasers&quot;:false,&quot;hyphenation&quot;:true,&quot;tipp&quot;:false,&quot;joker&quot;:false,&quot;live&quot;:false,&quot;hide_event_in_program&quot;:false,&quot;featured_images&quot;:[116564],&quot;highlight_header_image&quot;:121963,&quot;has_mobile_format&quot;:true,&quot;highlight_header_image_mobile&quot;:121972,&quot;events&quot;:{&quot;0&quot;:122077,&quot;1&quot;:124724,&quot;2&quot;:125238,&quot;3&quot;:125248,&quot;4&quot;:125394,&quot;5&quot;:125416,&quot;6&quot;:125424,&quot;7&quot;:125439,&quot;8&quot;:125447,&quot;9&quot;:125456,&quot;10&quot;:125462,&quot;11&quot;:126357,&quot;12&quot;:126364,&quot;13&quot;:126372,&quot;14&quot;:126432,&quot;15&quot;:117014,&quot;17&quot;:127794,&quot;18&quot;:127824,&quot;19&quot;:128041,&quot;20&quot;:129239,&quot;21&quot;:129315,&quot;22&quot;:128832,&quot;23&quot;:86151,&quot;24&quot;:132018,&quot;25&quot;:132493,&quot;27&quot;:133564,&quot;28&quot;:134436,&quot;29&quot;:134443,&quot;30&quot;:135781,&quot;31&quot;:136013,&quot;32&quot;:136448,&quot;33&quot;:136563,&quot;34&quot;:137470,&quot;35&quot;:137497,&quot;36&quot;:137593,&quot;37&quot;:137649,&quot;38&quot;:137835,&quot;39&quot;:137839,&quot;40&quot;:139385,&quot;41&quot;:139582,&quot;42&quot;:140153,&quot;43&quot;:141223,&quot;44&quot;:141278,&quot;45&quot;:141282,&quot;46&quot;:141371,&quot;47&quot;:141393},&quot;video&quot;:124298,&quot;tickettext&quot;:&quot;Tagesticket erforderlich&quot;,&quot;infotext&quot;:&quot;Letzter Einlass 17:30 Uhr&quot;,&quot;period_exception&quot;:[{&quot;label&quot;:&quot;&quot;,&quot;date&quot;:&quot;202412240000&quot;,&quot;closed&quot;:true,&quot;start&quot;:null,&quot;end&quot;:null,&quot;date_HRFSHORT&quot;:&quot;24.12.24&quot;},{&quot;label&quot;:&quot;&quot;,&quot;date&quot;:&quot;202412250000&quot;,&quot;closed&quot;:false,&quot;start&quot;:&quot;12:00&quot;,&quot;end&quot;:&quot;18:00&quot;,&quot;date_HRFSHORT&quot;:&quot;25.12.24&quot;},{&quot;label&quot;:&quot;&quot;,&quot;date&quot;:&quot;202412260000&quot;,&quot;closed&quot;:false,&quot;start&quot;:&quot;12:00&quot;,&quot;end&quot;:&quot;18:00&quot;,&quot;date_HRFSHORT&quot;:&quot;26.12.24&quot;},{&quot;label&quot;:&quot;&quot;,&quot;date&quot;:&quot;202412310000&quot;,&quot;closed&quot;:false,&quot;start&quot;:&quot;10:30&quot;,&quot;end&quot;:&quot;16:30&quot;,&quot;date_HRFSHORT&quot;:&quot;31.12.24&quot;},{&quot;label&quot;:&quot;&quot;,&quot;date&quot;:&quot;202501010000&quot;,&quot;closed&quot;:false,&quot;start&quot;:&quot;12:00&quot;,&quot;end&quot;:&quot;18:00&quot;,&quot;date_HRFSHORT&quot;:&quot;01.01.25&quot;},{&quot;label&quot;:&quot;&quot;,&quot;date&quot;:&quot;202410030000&quot;,&quot;closed&quot;:false,&quot;start&quot;:&quot;10:30&quot;,&quot;end&quot;:&quot;21:00&quot;,&quot;date_HRFSHORT&quot;:&quot;03.10.24&quot;},{&quot;label&quot;:&quot;&quot;,&quot;date&quot;:&quot;202410040000&quot;,&quot;closed&quot;:false,&quot;start&quot;:&quot;10:30&quot;,&quot;end&quot;:&quot;21:00&quot;,&quot;date_HRFSHORT&quot;:&quot;04.10.24&quot;},{&quot;label&quot;:&quot;&quot;,&quot;date&quot;:&quot;202410050000&quot;,&quot;closed&quot;:false,&quot;start&quot;:&quot;10:30&quot;,&quot;end&quot;:&quot;21:00&quot;,&quot;date_HRFSHORT&quot;:&quot;05.10.24&quot;}]},&quot;period_list&quot;:&quot;&quot;,&quot;period_exception&quot;:&quot;&quot;,&quot;date&quot;:{&quot;infinite&quot;:false,&quot;from_DATE&quot;:202405170000,&quot;from&quot;:1715941800,&quot;from_TIME&quot;:&quot;10:30&quot;,&quot;to&quot;:1739730600,&quot;to_DATE&quot;:202502160000,&quot;to_TIME&quot;:&quot;18:30&quot;,&quot;from_HRFSHORT&quot;:&quot;17. Mai 2024&quot;,&quot;from_HRFSHORT_WD&quot;:&quot;Fr 17.05.2024&quot;,&quot;from_HRF&quot;:&quot;Fr, 17. Mai 2024&quot;,&quot;to_HRF&quot;:&quot;So, 16. Februar 2025&quot;,&quot;to_HRFSHORT&quot;:&quot;16. Feb 2025&quot;,&quot;to_HRFSHORT_WD&quot;:&quot;So 16.02.2025&quot;,&quot;from_to_HRF&quot;:&quot;Fr, 17. Mai 2024 \\u2013 So, 16. Februar 2025&quot;,&quot;from_to_HRFSHORT&quot;:&quot;17. Mai 2024 \\u2013 16. Feb 2025&quot;,&quot;NXX&quot;:null,&quot;NLAST&quot;:&quot;202502161830&quot;},&quot;alert&quot;:&quot;Highlight&quot;,&quot;partof&quot;:[],&quot;marketing_topic&quot;:&quot;&quot;}' inline-template>\n\t<a href=\"https:\/\/www.humboldtforum.org\/de\/programm\/laufzeitangebot\/ausstellung\/hin-und-weg-der-palast-der-republik-ist-gegenwart-116558\/\" class=\"teaser teaser-event-period teaser-event-standard\">\n\t\t<div class=\"row\">\n\t\t\t<div class=\"col-xs-12 col-sm-6 col-md-5 col-sm-offset-1 col-md-offset-2 first-sm teaser-event-text Infos\">\n\t\t\t\t<div class=\"teaser-event-standard-text\">\n\t\t\t\t\t<div class=\"margin-bottom-atom\">\n\t\t\t\t\t\t<div class=\"subline clamp-1\" v-html=\"maingenre\"><\/div>\n\t\t\t\t\t\t\t\t\t\t\t<\/div>\n\t\t\t\t\n\t\t\t\t\t<strong class=\"margin-bottom-atom h5\">Hin und weg. Der Palast der Republik ist Gegenwart<\/strong>\n\n\t\t\t\t\t\t\t\t\t<\/div>\n\t\t\t\t<div class=\"teaser-bottom border-bottom\">\n\t\t\t\t<calendardateline :rawitem='item' :show-icon=\"true\"><\/calendardateline>\n\t\t\t\t\t<hr>\n\t\t\t\t<\/div>\n\t\t\t<\/div>\n\t\t\t<div class=\"col-xs-12 col-sm-4 col-md-3 teaser-event-image bottom-xs first-xs\">\n\t\t\t\t<div class=\"teaser-image teaser-image-no-alternate\">\n\t\t\t\t\t\t\t\t\t\t\t\t\t<span class=\"alert\">Highlight<\/span>\n\t\t\t\t\t\t\t\t\t\t\t\n\t<lazy-media-inline inline-template>\n\t\t<figure itemscope itemtype=\"http:\/\/schema.org\/ImageObject\" class=\"lazy-media-inline \" role=\"group\" id=\"media_69f052aa39d71\" aria-labelledby=\"desc_media_69f052aa39d71\">\n\t\t\t<script type=\"application\/json\" ref=\"data\">\n\t\t\t\t{\n\t\t\t\t\"sizes\" : {\"medium\":{\"file\":\"SHF_eb00216226-176x300.jpg\",\"width\":176,\"height\":300,\"mime-type\":\"image\\\/jpeg\",\"filesize\":15787},\"large\":{\"file\":\"SHF_eb00216226-599x1024.jpg\",\"width\":599,\"height\":1024,\"mime-type\":\"image\\\/jpeg\",\"filesize\":106669},\"thumbnail\":{\"file\":\"SHF_eb00216226-150x150.jpg\",\"width\":150,\"height\":150,\"mime-type\":\"image\\\/jpeg\",\"filesize\":8255},\"medium_large\":{\"file\":\"SHF_eb00216226-768x1312.jpg\",\"width\":768,\"height\":1312,\"mime-type\":\"image\\\/jpeg\",\"filesize\":157569},\"small\":{\"file\":\"SHF_eb00216226-258x440.jpg\",\"width\":258,\"height\":440,\"mime-type\":\"image\\\/jpeg\",\"filesize\":29161},\"semi\":{\"file\":\"SHF_eb00216226-339x580.jpg\",\"width\":339,\"height\":580,\"mime-type\":\"image\\\/jpeg\",\"filesize\":44726},\"mobile\":{\"file\":\"SHF_eb00216226-421x720.jpg\",\"width\":421,\"height\":720,\"mime-type\":\"image\\\/jpeg\",\"filesize\":61905},\"hd\":{\"file\":\"SHF_eb00216226-749x1280.jpg\",\"width\":749,\"height\":1280,\"mime-type\":\"image\\\/jpeg\",\"filesize\":151325},\"original\":{\"file\":\"SHF_eb00216226.jpg\",\"width\":878,\"height\":1500}},\n\t\t\t\t\"alt\" : \"Modernes Design mit gro\\u00dfem Symbol in der Mitte, stylischen Lampen und zwei Personen im Vordergrund.\",\n\t\t\t\t\"path\" : \"\\\/wp-content\\\/uploads\\\/2024\\\/02\\\/\",\n\t\t\t\t\"video\" : null,\n\t\t\t\t\"autoplay\" : null,\n\t\t\t\t\"youtube\" : null,\n\t\t\t\t\"youtubelabel\" : \"Video abspielen\",\n\t\t\t\t\"brightness\" : 100,\n\t\t\t\t\"crop\" : {\"top\":\"31.60\",\"left\":\"49.69\"},\n\t\t\t\t\"background\" : true,\n\t\t\t\t\"scale\" : 2\t\t\t\t}\n\t\t\t<\/script>\n\n\t\t\t<div class=\"height-container\" style=\"padding-bottom:170.84282460137%;\" v-if=\"sizes\">\n\t\t\t\t\t\t\t\t<lazy-media :inline=\"true\" :alt=\"alt\" :sizes=\"sizes\" :scale=\"scale\" :brightness=\"brightness\" :path=\"path\" :video=\"video\" :autoplay=\"autoplay\" :youtube=\"youtube\" :crop=\"crop\" :youtubelabel=\"youtubelabel\" :background=\"background\" media-id=\"desc_media_69f052aa39d71\"><\/lazy-media>\n\t\t\t\t\t\t\t<\/div>\n\n\t\t\t\t\t\t\t<figcaption class=\"sr-only\" ref=\"body\" id=\"desc_media_69f052aa39d71\">\n\t\t\t\t\t\t\t\t\t\t\t\t\t\t\t\t\t\t\t\t\t<div class=\"insignificant\">\u00a9 Stiftung Humboldt Forum im Berliner Schloss, Foto: bpk \/ Gerhard Kiesling<\/div>\n\t\t\t\t\t\t\t\t\t<\/figcaption>\n\t\t\t\t\t<\/figure>\n\t<\/lazy-media-inline>\n\t\t\t\t<\/div>\n\t\t\t<\/div>\n\t\t<\/div>\n\t<\/a>\n\t<\/calendarteaser>\n<\/li>\n\n\t\t\t\t<\/ul>\n\t\t\t<\/div>\n\t\t\t\t<\/lazy-component>\n<\/section>\n\n\n\n<section class=\"block block-CTA block-CTA-long leftgradient\">\n\t<div class=\"container-fluid\">\n\t\t<div class=\"row center-xs\">\n\t\t\t<div class=\"col-xs-12\">\n\t\t\t\t<div class=\"box\">\n\t\t\t\t\t<a href=\"https:\/\/www.humboldtforum.org\/de\/newsletter-2\/\" aria-label=\"Bleiben Sie auf dem Laufenden!\" class=\"teaser teaser-cta-wide \">\n\t\t\t\t\t\t<div class=\"teaser-image\">\n\t\t\t\t\t\t\t\n\t<lazy-media-inline inline-template>\n\t\t<figure itemscope itemtype=\"http:\/\/schema.org\/ImageObject\" class=\"lazy-media-inline \" role=\"group\" id=\"media_69f052aa3bb75\" aria-labelledby=\"desc_media_69f052aa3bb75\">\n\t\t\t<script type=\"application\/json\" ref=\"data\">\n\t\t\t\t{\n\t\t\t\t\"sizes\" : {\"medium\":{\"file\":\"HF_eb00061823-scaled-300x200.jpg\",\"width\":300,\"height\":200,\"mime-type\":\"image\\\/jpeg\",\"filesize\":19186},\"large\":{\"file\":\"HF_eb00061823-scaled-1024x683.jpg\",\"width\":1024,\"height\":683,\"mime-type\":\"image\\\/jpeg\",\"filesize\":138597},\"thumbnail\":{\"file\":\"HF_eb00061823-scaled-150x150.jpg\",\"width\":150,\"height\":150,\"mime-type\":\"image\\\/jpeg\",\"filesize\":8513},\"medium_large\":{\"file\":\"HF_eb00061823-scaled-768x512.jpg\",\"width\":768,\"height\":512,\"mime-type\":\"image\\\/jpeg\",\"filesize\":86200},\"small\":{\"file\":\"HF_eb00061823-scaled-440x293.jpg\",\"width\":440,\"height\":293,\"mime-type\":\"image\\\/jpeg\",\"filesize\":35525},\"semi\":{\"file\":\"HF_eb00061823-scaled-580x387.jpg\",\"width\":580,\"height\":387,\"mime-type\":\"image\\\/jpeg\",\"filesize\":55724},\"mobile\":{\"file\":\"HF_eb00061823-scaled-720x480.jpg\",\"width\":720,\"height\":480,\"mime-type\":\"image\\\/jpeg\",\"filesize\":77971},\"hd\":{\"file\":\"HF_eb00061823-scaled-1280x854.jpg\",\"width\":1280,\"height\":854,\"mime-type\":\"image\\\/jpeg\",\"filesize\":202477},\"full\":{\"file\":\"HF_eb00061823-scaled-1920x1280.jpg\",\"width\":1920,\"height\":1280,\"mime-type\":\"image\\\/jpeg\",\"filesize\":386736},\"1536x1536\":{\"file\":\"HF_eb00061823-scaled-1536x1024.jpg\",\"width\":1536,\"height\":1024,\"mime-type\":\"image\\\/jpeg\",\"filesize\":266197},\"2048x2048\":{\"file\":\"HF_eb00061823-scaled-2048x1366.jpg\",\"width\":2048,\"height\":1366,\"mime-type\":\"image\\\/jpeg\",\"filesize\":430206},\"original\":{\"file\":\"HF_eb00061823-scaled.jpg\",\"width\":2560,\"height\":1707}},\n\t\t\t\t\"alt\" : \"Blick in das beleuchtete Foyer von der Galerie im ersten Stock mit Besuchenden, Infopoint und Medienturm\",\n\t\t\t\t\"path\" : \"\\\/wp-content\\\/uploads\\\/2020\\\/04\\\/\",\n\t\t\t\t\"video\" : null,\n\t\t\t\t\"autoplay\" : null,\n\t\t\t\t\"youtube\" : null,\n\t\t\t\t\"youtubelabel\" : \"Video abspielen\",\n\t\t\t\t\"brightness\" : \"70\",\n\t\t\t\t\"crop\" : {\"top\":\"90.37\",\"left\":\"39.93\"},\n\t\t\t\t\"background\" : true,\n\t\t\t\t\"scale\" : 2\t\t\t\t}\n\t\t\t<\/script>\n\n\t\t\t<div class=\"height-container\" style=\"padding-bottom:66.6796875%;\" v-if=\"sizes\">\n\t\t\t\t\t\t\t\t<lazy-media :inline=\"true\" :alt=\"alt\" :sizes=\"sizes\" :scale=\"scale\" :brightness=\"brightness\" :path=\"path\" :video=\"video\" :autoplay=\"autoplay\" :youtube=\"youtube\" :crop=\"crop\" :youtubelabel=\"youtubelabel\" :background=\"background\" media-id=\"desc_media_69f052aa3bb75\"><\/lazy-media>\n\t\t\t\t\t\t\t<\/div>\n\n\t\t\t\t\t\t\t<figcaption class=\"sr-only\" ref=\"body\" id=\"desc_media_69f052aa3bb75\">\n\t\t\t\t\t\t\t\t\t\t\t<div>Blick in das Foyer, November 2019.<\/div>\n\t\t\t\t\t\t\t\t\t\t\t\t\t\t\t\t\t\t\t\t\t<div class=\"insignificant\">\u00a9 Stiftung Humboldt Forum im Berliner Schloss \/ David von Becker<\/div>\n\t\t\t\t\t\t\t\t\t<\/figcaption>\n\t\t\t\t\t<\/figure>\n\t<\/lazy-media-inline>\n\t\t\t\t\t\t<\/div>\n\t\t\t\t\t\t<div class=\"teaser-content \">\n\t\t\t\t\t\t\t<div>\n\t\t\t\t\t\t\t\t\t\t\t\t\t\t\t\t<div class=\"teaser-header\"><span class=\"h3\">Bleiben Sie auf dem Laufenden!<\/span><\/div>\n\t\t\t\t\t\t\t\t<div class=\"teaser-subline\"><span class=\"font-decoration\">Abonnieren Sie unseren Newsletter.<\/span><\/div>\t\t\t\t\t\t\t\t<button tabindex=\"-1\" class=\"border\">Hier klicken<\/button>\n\t\t\t\t\t\t\t<\/div>\n\t\t\t\t\t\t<\/div>\n\t\t\t\t\t<\/a>\n\t\t\t\t<\/div>\n\t\t\t<\/div>\n\t\t<\/div>\n\t<\/div>\n<\/section>\n","protected":false},"template":"","genre":[930],"digital":[],"topic":[],"stakeholder":[382],"editorial":[],"editorialfilter":[],"targetgroup":[383,455],"language":[384],"accessability":[],"age":[],"school":[],"groupsize":[],"place":[1179],"class_list":["post-141282","event","type-event","status-publish","hentry","genre-performance","stakeholder-stiftung-humboldt-forum-im-berliner-schloss","targetgroup-erwachsene","targetgroup-jugendliche","language-deutsch","place-saal-1"],"acf":[],"_links":{"self":[{"href":"https:\/\/www.humboldtforum.org\/de\/wp-json\/wp\/v2\/event\/141282","targetHints":{"allow":["GET"]}}],"collection":[{"href":"https:\/\/www.humboldtforum.org\/de\/wp-json\/wp\/v2\/event"}],"about":[{"href":"https:\/\/www.humboldtforum.org\/de\/wp-json\/wp\/v2\/types\/event"}],"version-history":[{"count":12,"href":"https:\/\/www.humboldtforum.org\/de\/wp-json\/wp\/v2\/event\/141282\/revisions"}],"predecessor-version":[{"id":142008,"href":"https:\/\/www.humboldtforum.org\/de\/wp-json\/wp\/v2\/event\/141282\/revisions\/142008"}],"wp:attachment":[{"href":"https:\/\/www.humboldtforum.org\/de\/wp-json\/wp\/v2\/media?parent=141282"}],"wp:term":[{"taxonomy":"genre","embeddable":true,"href":"https:\/\/www.humboldtforum.org\/de\/wp-json\/wp\/v2\/genre?post=141282"},{"taxonomy":"digital","embeddable":true,"href":"https:\/\/www.humboldtforum.org\/de\/wp-json\/wp\/v2\/digital?post=141282"},{"taxonomy":"topic","embeddable":true,"href":"https:\/\/www.humboldtforum.org\/de\/wp-json\/wp\/v2\/topic?post=141282"},{"taxonomy":"stakeholder","embeddable":true,"href":"https:\/\/www.humboldtforum.org\/de\/wp-json\/wp\/v2\/stakeholder?post=141282"},{"taxonomy":"editorial","embeddable":true,"href":"https:\/\/www.humboldtforum.org\/de\/wp-json\/wp\/v2\/editorial?post=141282"},{"taxonomy":"editorialfilter","embeddable":true,"href":"https:\/\/www.humboldtforum.org\/de\/wp-json\/wp\/v2\/editorialfilter?post=141282"},{"taxonomy":"targetgroup","embeddable":true,"href":"https:\/\/www.humboldtforum.org\/de\/wp-json\/wp\/v2\/targetgroup?post=141282"},{"taxonomy":"language","embeddable":true,"href":"https:\/\/www.humboldtforum.org\/de\/wp-json\/wp\/v2\/language?post=141282"},{"taxonomy":"accessability","embeddable":true,"href":"https:\/\/www.humboldtforum.org\/de\/wp-json\/wp\/v2\/accessability?post=141282"},{"taxonomy":"age","embeddable":true,"href":"https:\/\/www.humboldtforum.org\/de\/wp-json\/wp\/v2\/age?post=141282"},{"taxonomy":"school","embeddable":true,"href":"https:\/\/www.humboldtforum.org\/de\/wp-json\/wp\/v2\/school?post=141282"},{"taxonomy":"groupsize","embeddable":true,"href":"https:\/\/www.humboldtforum.org\/de\/wp-json\/wp\/v2\/groupsize?post=141282"},{"taxonomy":"place","embeddable":true,"href":"https:\/\/www.humboldtforum.org\/de\/wp-json\/wp\/v2\/place?post=141282"}],"curies":[{"name":"wp","href":"https:\/\/api.w.org\/{rel}","templated":true}]}}