{"id":14182,"date":"2020-10-23T15:56:13","date_gmt":"2020-10-23T13:56:13","guid":{"rendered":"https:\/\/www.humboldtforum.org\/?post_type=event&#038;p=14182"},"modified":"2022-08-18T09:27:19","modified_gmt":"2022-08-18T07:27:19","slug":"status-quo","status":"publish","type":"event","link":"https:\/\/www.humboldtforum.org\/de\/programm\/termin\/diskurs\/status-quo-14182\/","title":{"rendered":"Status Quo"},"content":{"rendered":"\n\n<section class=\"block block-copy\" >\n    <div class=\"container-fluid\">\n\t\t<div class=\"row \">\n            <div class=\"col-xs-12 col-md-offset-2 col-md-8\">\n                <div class=\"box\">\n                    <div class=\"copy\"><p><span class=\"anleser\" style=\"font-weight: bolder;\">Die sogenannten ethnologischen Sammlungen sind mit dem europ\u00e4ischen Kolonialismus verflochten und stehen in enger Beziehung zur Kolonialisierung der Welt. Die Museen in Europa haben ein Verst\u00e4ndnis des \u201eAnderen\u201c geformt \u2013 eine Weltsicht, die bis heute Auswirkungen hat.<\/span><\/p>\n<p>Die erste Veranstaltung der Reihe <a href=\"https:\/\/www.humboldtforum.org\/de\/programm\/event-reihe\/diskurs\/99-fragen-14188\/\"><em>99 Fragen<\/em><\/a> stellt die Frage nach dem Status quo ethnologischer Museen und Sammlungen.\u00a0Wo stehen Museen heute? Welche aktuellen Ans\u00e4tze zum Umgang mit der belasteten Geschichte gibt es? Welche Wirkung zeigen die Leitf\u00e4den im Umgang mit der bestehenden Kolonialit\u00e4t? Und wie wird eine neue Definition von Museum erreicht?<\/p>\n<p><strong>Begr\u00fc\u00dfung<\/strong><br \/>\nHartmut Dorgerloh, Generalintendant des Humboldt Forums<\/p>\n<p><strong>Moderation<br \/>\n<\/strong>Prasanna Oommen<\/p>\n<p><strong>\u00a0<\/strong><\/p>\n<\/div>\n                <\/div>\n            <\/div>\n\t\t<\/div>\n\t\t    <\/div>\n<\/section>\n\n<section class=\"block block-headline block-no-margin  hyph-disable\" >\n\t<div class=\"container-fluid\">\n\t\t<div class=\"row\">\n\t\t\t\t\t\t\t<div class=\"col-xs-12 col-md-offset-2 col-md-8\">\n\t\t\t\t\t<div class=\"box\">\n\t\t\t\t\t\t<h2 class=\".h4\">Podium<\/h2>\n\t\t\t\t\t<\/div>\n\t\t\t\t<\/div>\n\t\t\t\t\t<\/div>\n\t<\/div>\n<\/section>\n\n\n\n\n\n<section class=\"block block-accordion\">\n\t<div class=\"container-fluid\">\n\t\t<div class=\"row\">\n\t\t\t<div class=\"col-xs-12 col-md-offset-2 col-md-8\">\n\t\t\t\t<div class=\"box\">\n\t\t\t\t\t\t\t\t\t\t\t<block-accordion inline-template>\n\t\t\t\t\t\t\t<div class=\"accordion\">\n\t\t\t\t\t\t\t\t\t\t\t\t\t\t\t<block-accordion-item inline-template item-headline=\"Wiebke Ahrndt\">\n\t\t\t\t\t\t\t\t<div ref=\"item\" data-id=\"WiebkeAhrndt\" class=\"block-accordion-item vue-initialize\" aria-expanded=\"false\" :aria-expanded=\"active ? 'true' : 'false'\">\n\t\t\t\t\t\t\t\t\t<button class=\"accordion-button-with-icon block-accordion-item-head\" :class=\"{'button-active': active}\" ref=\"head\" aria-controls=\"acc_69ee7dd468639\" id=\"acc_title_69ee7dd46863b\" @click=\"toggle\" @keydown=\"key\">\n\t\t\t\t\t\t\t\t\t<div><span class=\"button-label\">Wiebke Ahrndt<\/span><\/div><span class=\"button-icon icon-plus\" aria-hidden=\"true\"><\/span>\n\t\t\t\t\t\t\t\t<\/button>\n\t\t\t\t\t\t\t\t\t<div ref=\"body\" class=\"block-accordion-item-content\" id=\"acc_69ee7dd468639\" role=\"region\">\n\t\t\t\t\t\t\t\t\t\t<div class=\"wrapper copy\">\n\t\t\t\t\t\t\t\t\t\t\t<p>Wiebke Ahrndt ist seit M\u00e4rz 2002 Direktorin des \u00dcbersee-Museums Bremen. Seit Oktober 2006 hat sie zudem eine Honorarprofessur im Fachbereich Kulturwissenschaften an der Universit\u00e4t Bremen inne. Nach ihrem Studium der Ethnologie und Altamerikanistik in G\u00f6ttingen, Bonn, Los Angeles und Mexiko war sie von 1999 bis 2002 Leiterin der Amerika-Abteilung am Museum der Kulturen Basel. Beim Deutschen Museumsbund (DMB), dessen Vizepr\u00e4sidentin Ahrndt von 2011 bis 2018 war, leitet sie aktuell zwei Arbeitsgruppen, die folgende Richtlinien herausgegeben haben: <em>Richtlinien f\u00fcr deutsche Museen. Pflege von Sammlungen aus kolonialen Kontexten<\/em>\u00a0und\u00a0<em>Empfehlungen f\u00fcr die Pflege von menschlichen \u00dcberrest<\/em>en.<\/p>\n\n\t\t\t\t\t\t\t\t\t\t\t\t\t\t\t\t\t\t\t\t\t\t\t\t\t\t\t\t\t\t\t\t\t\n\t\t\t\t\t\t\t\t\t\t\t<div class=\"row\">\n\t\t\t\t\t\t\t\t\t\t\t\t<div class=\"col-xs-9 col-md-9\">\n\t\t\t\t\t\t\t\t\t\t\t\t\t<div class=\"box\">\n\t\t\t\t\t\t\t\t\t\t\t\t\t\t\t\t\t\t\t\t\t\t\t\t\t\t\t<\/div>\n\t\t\t\t\t\t\t\t\t\t\t\t<\/div>\n\t\t\t\t\t\t\t\t\t\t\t<\/div>\n\n\t\t\t\t\t\t\t\t\t\t\t\t\t\t\t\t\t\t\t\t\t<\/div>\n\t\t\t\t\t\t\t\t\t<\/div>\n\t\t\t\t\t\t\t\t<\/div>\n\t\t\t\t\t\t\t\t<\/block-accordion-item>\n\t\t\t\t\t\t\t\t\t\t\t\t\t\t<block-accordion-item inline-template item-headline=\"Emmanuel Kasarh\u00e9rou\">\n\t\t\t\t\t\t\t\t<div ref=\"item\" data-id=\"EmmanuelKasarhrou\" class=\"block-accordion-item vue-initialize\" aria-expanded=\"false\" :aria-expanded=\"active ? 'true' : 'false'\">\n\t\t\t\t\t\t\t\t\t<button class=\"accordion-button-with-icon block-accordion-item-head\" :class=\"{'button-active': active}\" ref=\"head\" aria-controls=\"acc_69ee7dd468991\" id=\"acc_title_69ee7dd468993\" @click=\"toggle\" @keydown=\"key\">\n\t\t\t\t\t\t\t\t\t<div><span class=\"button-label\">Emmanuel Kasarh\u00e9rou<\/span><\/div><span class=\"button-icon icon-plus\" aria-hidden=\"true\"><\/span>\n\t\t\t\t\t\t\t\t<\/button>\n\t\t\t\t\t\t\t\t\t<div ref=\"body\" class=\"block-accordion-item-content\" id=\"acc_69ee7dd468991\" role=\"region\">\n\t\t\t\t\t\t\t\t\t\t<div class=\"wrapper copy\">\n\t\t\t\t\t\t\t\t\t\t\t<p><span class=\"inline-comment-marker valid active\" data-ref=\"730ee982-4fd3-46f7-8fb3-0157785f7f73\">Emmanuel Kasarh\u00e9rou ist Pr\u00e4sident des Mus\u00e9e du quai Branly <b>\u2013<\/b> Jacques Chirac in Paris. Bereits seit 1985 arbeitet er in verschiedenen Positionen mit Sammlungen aus der Kanak-Kultur. Er war unter anderem Direktor der Kanak Cultural Development Agency <b>\u2013<\/b> Jean-Marie Tjibaou Cultural Centre, Neukaledonien. Als Co-Kurator konzipierte er die Ausstellung <\/span><em><span class=\"inline-comment-marker valid active\" data-ref=\"730ee982-4fd3-46f7-8fb3-0157785f7f73\">Kanak, art is a Statement<\/span><\/em><span class=\"inline-comment-marker valid active\" data-ref=\"730ee982-4fd3-46f7-8fb3-0157785f7f73\">, die 2013 im Mus\u00e9e du quai Branly und 2014 im Jean-Marie Tjibaou Cultural Centre in Noum\u00e9a gezeigt wurde, sowie die Ausstellung\u00a0<\/span><em><span class=\"inline-comment-marker valid active\" data-ref=\"730ee982-4fd3-46f7-8fb3-0157785f7f73\">20 Years of Collection Enrichment. Mus\u00e9e du quai Branly &#8211; Jacques Chirac<\/span><\/em><span class=\"inline-comment-marker valid active\" data-ref=\"730ee982-4fd3-46f7-8fb3-0157785f7f73\">\u00a0im Jahr 2019.<\/span><\/p>\n\n\t\t\t\t\t\t\t\t\t\t\t\t\t\t\t\t\t\t\t\t\t\t\t\t\t\t\t\t\t\t\t\t\t\n\t\t\t\t\t\t\t\t\t\t\t<div class=\"row\">\n\t\t\t\t\t\t\t\t\t\t\t\t<div class=\"col-xs-9 col-md-9\">\n\t\t\t\t\t\t\t\t\t\t\t\t\t<div class=\"box\">\n\t\t\t\t\t\t\t\t\t\t\t\t\t\t\t\t\t\t\t\t\t\t\t\t\t\t\t<\/div>\n\t\t\t\t\t\t\t\t\t\t\t\t<\/div>\n\t\t\t\t\t\t\t\t\t\t\t<\/div>\n\n\t\t\t\t\t\t\t\t\t\t\t\t\t\t\t\t\t\t\t\t\t<\/div>\n\t\t\t\t\t\t\t\t\t<\/div>\n\t\t\t\t\t\t\t\t<\/div>\n\t\t\t\t\t\t\t\t<\/block-accordion-item>\n\t\t\t\t\t\t\t\t\t\t\t\t\t\t<block-accordion-item inline-template item-headline=\"Lars-Christian Koch\">\n\t\t\t\t\t\t\t\t<div ref=\"item\" data-id=\"Lars-ChristianKoch\" class=\"block-accordion-item vue-initialize\" aria-expanded=\"false\" :aria-expanded=\"active ? 'true' : 'false'\">\n\t\t\t\t\t\t\t\t\t<button class=\"accordion-button-with-icon block-accordion-item-head\" :class=\"{'button-active': active}\" ref=\"head\" aria-controls=\"acc_69ee7dd468bec\" id=\"acc_title_69ee7dd468bed\" @click=\"toggle\" @keydown=\"key\">\n\t\t\t\t\t\t\t\t\t<div><span class=\"button-label\">Lars-Christian Koch<\/span><\/div><span class=\"button-icon icon-plus\" aria-hidden=\"true\"><\/span>\n\t\t\t\t\t\t\t\t<\/button>\n\t\t\t\t\t\t\t\t\t<div ref=\"body\" class=\"block-accordion-item-content\" id=\"acc_69ee7dd468bec\" role=\"region\">\n\t\t\t\t\t\t\t\t\t\t<div class=\"wrapper copy\">\n\t\t\t\t\t\t\t\t\t\t\t<p class=\"p1\">Lars-Christian Koch ist Direktor des Ethnologischen Museums und des Museums f\u00fcr Asiatische Kunst in Berlin sowie Direktor f\u00fcr die Sammlungen der Staatlichen Museen zu Berlin im Humboldt Forum. Er ist Professor f\u00fcr Musikethnologie an der Universit\u00e4t zu K\u00f6ln und Honorarprofessor f\u00fcr Musikethnologie an der Universit\u00e4t der K\u00fcnste Berlin. Er f\u00fchrte Feldforschungen in Indien und S\u00fcdkorea durch. Seine Forschung kreist um die Theorie und Praxis nordindischer Raga-Musik, Instrumentenkunde mit einem besonderen Fokus auf Instrumentenbau, buddhistischer Musik, Popmusik und urbaner Kultur sowie historischen Tonaufnahmen.<\/p>\n\n\t\t\t\t\t\t\t\t\t\t\t\t\t\t\t\t\t\t\t\t\t\t\t\t\t\t\t\t\t\t\t\t\t\n\t\t\t\t\t\t\t\t\t\t\t<div class=\"row\">\n\t\t\t\t\t\t\t\t\t\t\t\t<div class=\"col-xs-9 col-md-9\">\n\t\t\t\t\t\t\t\t\t\t\t\t\t<div class=\"box\">\n\t\t\t\t\t\t\t\t\t\t\t\t\t\t\t\t\t\t\t\t\t\t\t\t\t\t\t<\/div>\n\t\t\t\t\t\t\t\t\t\t\t\t<\/div>\n\t\t\t\t\t\t\t\t\t\t\t<\/div>\n\n\t\t\t\t\t\t\t\t\t\t\t\t\t\t\t\t\t\t\t\t\t<\/div>\n\t\t\t\t\t\t\t\t\t<\/div>\n\t\t\t\t\t\t\t\t<\/div>\n\t\t\t\t\t\t\t\t<\/block-accordion-item>\n\t\t\t\t\t\t\t\t\t\t\t\t\t\t<block-accordion-item inline-template item-headline=\"El Hadji Malick Ndiaye\">\n\t\t\t\t\t\t\t\t<div ref=\"item\" data-id=\"ElHadjiMalickNdiaye\" class=\"block-accordion-item vue-initialize\" aria-expanded=\"false\" :aria-expanded=\"active ? 'true' : 'false'\">\n\t\t\t\t\t\t\t\t\t<button class=\"accordion-button-with-icon block-accordion-item-head\" :class=\"{'button-active': active}\" ref=\"head\" aria-controls=\"acc_69ee7dd468e43\" id=\"acc_title_69ee7dd468e44\" @click=\"toggle\" @keydown=\"key\">\n\t\t\t\t\t\t\t\t\t<div><span class=\"button-label\">El Hadji Malick Ndiaye<\/span><\/div><span class=\"button-icon icon-plus\" aria-hidden=\"true\"><\/span>\n\t\t\t\t\t\t\t\t<\/button>\n\t\t\t\t\t\t\t\t\t<div ref=\"body\" class=\"block-accordion-item-content\" id=\"acc_69ee7dd468e43\" role=\"region\">\n\t\t\t\t\t\t\t\t\t\t<div class=\"wrapper copy\">\n\t\t\t\t\t\t\t\t\t\t\t<p class=\"p1\">Hadji Malick Ndiaye ist Kunsthistoriker. Seine Promotion legte er an der Universit\u00e4t Rennes II ab. Derzeit ist er als Forscher an der IFAN Cheikh Anta Diop Universit\u00e4t in Dakar und als Kurator des Th\u00e9odore-Monod-Museums f\u00fcr afrikanische Kunst t\u00e4tig. Zudem ist er Generalsekret\u00e4r von ICOM Senegal, Mitglied des IFAN-Vorstands sowie des Vorstands des Art Council of African Studies Association (ACASA) und k\u00fcnstlerischer Leiter der Biennale f\u00fcr zeitgen\u00f6ssische afrikanische Kunst. Als Theoretiker und Kurator konzentrieren sich seine Publikationen auf moderne\/zeitgen\u00f6ssische Kunst und Weltgeschichte, Kulturpolitik sowie afrikanische Museumsinstitutionen.<\/p>\n\n\t\t\t\t\t\t\t\t\t\t\t\t\t\t\t\t\t\t\t\t\t\t\t\t\t\t\t\t\t\t\t\t\t\n\t\t\t\t\t\t\t\t\t\t\t<div class=\"row\">\n\t\t\t\t\t\t\t\t\t\t\t\t<div class=\"col-xs-9 col-md-9\">\n\t\t\t\t\t\t\t\t\t\t\t\t\t<div class=\"box\">\n\t\t\t\t\t\t\t\t\t\t\t\t\t\t\t\t\t\t\t\t\t\t\t\t\t\t\t<\/div>\n\t\t\t\t\t\t\t\t\t\t\t\t<\/div>\n\t\t\t\t\t\t\t\t\t\t\t<\/div>\n\n\t\t\t\t\t\t\t\t\t\t\t\t\t\t\t\t\t\t\t\t\t<\/div>\n\t\t\t\t\t\t\t\t\t<\/div>\n\t\t\t\t\t\t\t\t<\/div>\n\t\t\t\t\t\t\t\t<\/block-accordion-item>\n\t\t\t\t\t\t\t\t\t\t\t\t\t\t<block-accordion-item inline-template item-headline=\"Prasanna Oommen\">\n\t\t\t\t\t\t\t\t<div ref=\"item\" data-id=\"PrasannaOommen\" class=\"block-accordion-item vue-initialize\" aria-expanded=\"false\" :aria-expanded=\"active ? 'true' : 'false'\">\n\t\t\t\t\t\t\t\t\t<button class=\"accordion-button-with-icon block-accordion-item-head\" :class=\"{'button-active': active}\" ref=\"head\" aria-controls=\"acc_69ee7dd4690bf\" id=\"acc_title_69ee7dd4690c0\" @click=\"toggle\" @keydown=\"key\">\n\t\t\t\t\t\t\t\t\t<div><span class=\"button-label\">Prasanna Oommen<\/span><\/div><span class=\"button-icon icon-plus\" aria-hidden=\"true\"><\/span>\n\t\t\t\t\t\t\t\t<\/button>\n\t\t\t\t\t\t\t\t\t<div ref=\"body\" class=\"block-accordion-item-content\" id=\"acc_69ee7dd4690bf\" role=\"region\">\n\t\t\t\t\t\t\t\t\t\t<div class=\"wrapper copy\">\n\t\t\t\t\t\t\t\t\t\t\t<p>Prasanna Oommen arbeitet seit 20 Jahren als Kommunikationsberaterin, Moderatorin und Autorin in den Bereichen Politik, Zivilgesellschaft, Kultur, Bildung, Digitalisierung und Medien. Sie war Pressesprecherin f\u00fcr verschiedene Institutionen und Unternehmen in Nordrhein-Westfalen und Hessen und ist ehemaliges Vorstandsmitglied und aktives Mitglied der Neuen Deutschen Medienmacher e. V. Von 2019 bis 2020 war sie Mitglied des von der NRW-Landesregierung berufenen Expertengremiums im Rahmen der Ruhrkonferenz. Prasanna Oommen ist ausgebildete klassische T\u00e4nzerin (K\u00f6ln\/Bangalore) und war viele Jahre in der kulturellen Bildung f\u00fcr Kinder und Erwachsene in K\u00f6ln und Bonn t\u00e4tig.<\/p>\n\n\t\t\t\t\t\t\t\t\t\t\t\t\t\t\t\t\t\t\t\t\t\t\t\t\t\t\t\t\t\t\t\t\t\n\t\t\t\t\t\t\t\t\t\t\t<div class=\"row\">\n\t\t\t\t\t\t\t\t\t\t\t\t<div class=\"col-xs-9 col-md-9\">\n\t\t\t\t\t\t\t\t\t\t\t\t\t<div class=\"box\">\n\t\t\t\t\t\t\t\t\t\t\t\t\t\t\t\t\t\t\t\t\t\t\t\t\t\t\t<\/div>\n\t\t\t\t\t\t\t\t\t\t\t\t<\/div>\n\t\t\t\t\t\t\t\t\t\t\t<\/div>\n\n\t\t\t\t\t\t\t\t\t\t\t\t\t\t\t\t\t\t\t\t\t<\/div>\n\t\t\t\t\t\t\t\t\t<\/div>\n\t\t\t\t\t\t\t\t<\/div>\n\t\t\t\t\t\t\t\t<\/block-accordion-item>\n\t\t\t\t\t\t\t\t\t\t\t\t\t<\/div>\n\t\t\t\t\t\t<\/block-accordion>\n\t\t\t\t\t\t\t\t\t<\/div>\n\t\t\t<\/div>\n\t\t<\/div>\n\t<\/div>\n<\/section>\n\n\n<section class=\"block block-nba\">\n    <div class=\"container-fluid\">\n        <div class=\"row\">\n            <div class=\"col-xs-12\">\n                <div class=\"box\">\n\t\t\t\t\t\t\t\t\t\t\t\t\t<a href=\"https:\/\/www.youtube.com\/watch?v=3jOj6OS5Fsk\" class=\"nba-button\" role=\"button\" target=\"_blank\">\n\t\t\t\t\t\t\t\t\t<div class=\"subline\">DE<\/div>\n\t\t\t\t\t\t\t\t\t<div class=\"button-label\">Livestream auf YouTube ansehen<\/div>\n\t\t\t\t\t\t\t\t<\/a>\n\t\t\t\t\t\t\t\t\t\t\t\t\t\t\t<a href=\"https:\/\/www.humboldtforum.org\/en\/programm\/termin\/discourse\/status-quo-20262\/\" class=\"nba-button\" role=\"button\" target=\"_blank\">\n\t\t\t\t\t\t\t\t\t<div class=\"subline\">EN<\/div>\n\t\t\t\t\t\t\t\t\t<div class=\"button-label\">Watch livestream in English<\/div>\n\t\t\t\t\t\t\t\t<\/a>\n\t\t\t\t\t\t\t                <\/div>\n            <\/div>\n        <\/div>\n    <\/div>\n<\/section>\n\n<section class=\"block block-teaser col-lane33 \" style=\"\">\n\t\t\t\t\t\t<teaser-lane-with-buttons inline-template tracking-label=\"\">\n\t\t\t\t<div>\n\t\t\t\t\t<div class=\"container-fluid\">\n\t\t\t\t\t\t<div class=\"row middle-xs\">\n\t\t\t\t\t\t\t<div class=\"col-xs-10 col-sm-8\">\n\t\t\t\t\t\t\t\t\t\t\t\t\t\t\t<\/div>\n\t\t\t\t\t\t\t<div class=\"col-xs-2 col-sm-4 end-xs margin-bottom-sixth\">\n\t\t\t\t\t\t\t\t<teaser-lane-buttons :visible_prev=\"visible_prev\" :visible_next=\"visible_next\" @prev=\"prev\" @next=\"next\"><\/teaser-lane-buttons>\n\t\t\t\t\t\t\t<\/div>\n\t\t\t\t\t\t<\/div>\n\t\t\t\t\t<\/div>\n\t\t\t\t\t<div class=\"teaser-lane-wrapper\">\n\t\t\t\t\t\t<ul class=\"teaser-lane\">\n\t\t\t\t\t\t<li class=\"teaser-lane-slide col-xs-10 col-sm-8 col-md-4 teaser-wrapper col-padding-remove\">\n\t<div class=\"box\">\n\t\t<div class=\"teaser teaser-info\">\n\t\t\t<div class=\"box teaser-info-box\">\n\t\t\t\t<div>\n\t\t\t\t\t\t\t\t\t\t\t<div class=\"teaser-info-image\">\n\t\t\t\t\t\t\t<img decoding=\"async\" class=\"teaser-inline-svg\" alt=\"Piktogramm Mitdiskutieren\" src=\"https:\/\/www.humboldtforum.org\/wp-content\/uploads\/2020\/12\/comment.svg\">\n\t\t\t\t\t\t<\/div>\n\t\t\t\t\t\t\t\t\t\t<div class=\"teaser-header h6\">Mitdiskutieren<\/div>\n\t\t\t\t\t<div class=\"teaser-info-copy Teaser-copy\"><p>W\u00e4hrend der Veranstaltung k\u00f6nnen Sie Ihre Frage ganz einfach online stellen \u2013 direkt in Ihrem Browser auf Ihrem Smartphone, Tablet oder Computer.<\/p>\n<\/div>\n\t\t\t\t<\/div>\n\t\t\t\t\n\t\t\t\t\t\t\t\t\t<div class=\"copy\">\n\t\t\t\t\t\t<a class=\"Button\" href=\"https:\/\/voxr.com\/humboldtforum\"><span>Jetzt Frage stellen<\/span><\/a>\n\t\t\t\t\t<\/div>\n\t\t\t\t\t\t\t<\/div>\n\t\t<\/div>\n\t<\/div>\n<\/li><li class=\"teaser-lane-slide col-xs-10 col-sm-8 col-md-4 teaser-wrapper col-padding-remove\">\n\t<div class=\"box\">\n\t\t<div class=\"teaser teaser-info\">\n\t\t\t<div class=\"box teaser-info-box\">\n\t\t\t\t<div>\n\t\t\t\t\t\t\t\t\t\t\t<div class=\"teaser-info-image\">\n\t\t\t\t\t\t\t<img decoding=\"async\" class=\"teaser-inline-svg\" alt=\"Piktogramm Livestream\" src=\"https:\/\/www.humboldtforum.org\/wp-content\/uploads\/2021\/04\/play.svg\">\n\t\t\t\t\t\t<\/div>\n\t\t\t\t\t\t\t\t\t\t<div class=\"teaser-header h6\">Livestream<\/div>\n\t\t\t\t\t<div class=\"teaser-info-copy Teaser-copy\"><p>Der Livestream startet zehn Minuten vor der Veranstaltung und steht anschlie\u00dfend als Video zur Verf\u00fcgung. Sollte der Livestream nicht starten, k\u00f6nnen Sie die Veranstaltung auch live auf unserem YouTube-Kanal verfolgen.<\/p>\n<\/div>\n\t\t\t\t<\/div>\n\t\t\t\t\n\t\t\t\t\t\t\t\t\t<div class=\"copy\">\n\t\t\t\t\t\t<a class=\"Button\" href=\"https:\/\/www.youtube.com\/channel\/UCmEctwtyMRN_o6cILZDczXw\"><span>Live auf YouTube schauen<\/span><\/a>\n\t\t\t\t\t<\/div>\n\t\t\t\t\t\t\t<\/div>\n\t\t<\/div>\n\t<\/div>\n<\/li><li class=\"teaser-lane-slide col-xs-10 col-sm-8 col-md-4 teaser-wrapper col-padding-remove\">\n\t<div class=\"box\">\n\t\t<div class=\"teaser teaser-info\">\n\t\t\t<div class=\"box teaser-info-box\">\n\t\t\t\t<div>\n\t\t\t\t\t\t\t\t\t\t\t<div class=\"teaser-info-image\">\n\t\t\t\t\t\t\t<img decoding=\"async\" class=\"teaser-inline-svg\" alt=\"Piktogramm YouTube\" src=\"https:\/\/www.humboldtforum.org\/wp-content\/uploads\/2020\/12\/youtube.svg\">\n\t\t\t\t\t\t<\/div>\n\t\t\t\t\t\t\t\t\t\t<div class=\"teaser-header h6\">YouTube<\/div>\n\t\t\t\t\t<div class=\"teaser-info-copy Teaser-copy\"><p>Abonnieren Sie unseren YouTube-Kanal und verpassen Sie nie die neuesten Videos des Humboldt Forums.<\/p>\n<\/div>\n\t\t\t\t<\/div>\n\t\t\t\t\n\t\t\t\t\t\t\t\t\t<div class=\"copy\">\n\t\t\t\t\t\t<a class=\"Button\" href=\"https:\/\/www.youtube.com\/channel\/UCmEctwtyMRN_o6cILZDczXw\"><span>Jetzt abonnieren<\/span><\/a>\n\t\t\t\t\t<\/div>\n\t\t\t\t\t\t\t<\/div>\n\t\t<\/div>\n\t<\/div>\n<\/li><li class=\"teaser-lane-slide col-xs-10 col-sm-8 col-md-4 teaser-wrapper col-padding-remove\">\n\t<div class=\"box\">\n\t\t<div class=\"teaser teaser-info\">\n\t\t\t<div class=\"box teaser-info-box\">\n\t\t\t\t<div>\n\t\t\t\t\t\t\t\t\t\t\t<div class=\"teaser-info-image\">\n\t\t\t\t\t\t\t<img decoding=\"async\" class=\"teaser-inline-svg\" alt=\"Piktogramm Newsletter\" src=\"https:\/\/www.humboldtforum.org\/wp-content\/uploads\/2020\/11\/mail.svg\">\n\t\t\t\t\t\t<\/div>\n\t\t\t\t\t\t\t\t\t\t<div class=\"teaser-header h6\">Newsletter<\/div>\n\t\t\t\t\t<div class=\"teaser-info-copy Teaser-copy\"><p>Mit unserem Newsletter bleiben Sie immer auf dem Laufenden.<\/p>\n<\/div>\n\t\t\t\t<\/div>\n\t\t\t\t\n\t\t\t\t\t\t\t\t\t<div class=\"copy\">\n\t\t\t\t\t\t<a class=\"Button\" href=\"https:\/\/www.humboldtforum.org\/de\/newsletter\/\"><span>Jetzt abonnieren<\/span><\/a>\n\t\t\t\t\t<\/div>\n\t\t\t\t\t\t\t<\/div>\n\t\t<\/div>\n\t<\/div>\n<\/li>\t\t\t\t\t\t<\/ul>\n\t\t\t\t\t<\/div>\n\t\t\t\t<\/div>\n\t\t\t<\/teaser-lane-with-buttons>\n\t\t\t<\/section>\n\n<section class=\"block block-teaser col-lane33 \" style=\"\">\n\t<lazy-component :fixed-min-height=\"400\">\n\t\n\t\t\t\t\t<teaser-lane-with-buttons inline-template tracking-label=\"Teil der Reihe\">\n\t\t\t\t<div class=\"teaser-lane-with-buttons\">\n\t\t\t\t\t<div class=\"container-fluid\">\n\t\t\t\t\t\t<div class=\"row bottom-xs\">\n\t\t\t\t\t\t\t<div class=\"col-xs-12 col-md-8\">\n\t\t\t\t\t\t\t\t\t\t\t\t\t\t\t\t\t<h4>Teil der Reihe<\/h4>\t\t\t\t\t\t\t\t\t\t\t\t\t\t\t\t\t\t\t\t\t\t\t\t<\/div>\n\t\t\t\t\t\t\t<div class=\"col-xs-12 col-md-4 start-xs end-md margin-bottom-sixth teaser-lane-buttons-wrapper \">\n\t\t\t\t\t\t\t\t\t\t\t\t\t\t\t\t<teaser-lane-buttons :visible_prev=\"visible_prev\" :visible_next=\"visible_next\" @prev=\"prev\" @next=\"next\"><\/teaser-lane-buttons>\n\t\t\t\t\t\t\t<\/div>\n\t\t\t\t\t\t<\/div>\n\t\t\t\t\t<\/div>\n\t\t\t\t\t<div class=\"teaser-lane-wrapper\">\n\t\t\t\t\t\t<ul class=\"teaser-lane\">\n\t\t\t\t\t\t\t\t\t\t\t\t\t\t<li class=\"teaser-lane-slide col-xs-9 col-sm-4 col-md-4 teaser-wrapper col-padding-remove\">\n\t<calendarteaser key=\"1418813958\" rawitem='{&quot;postId&quot;:14188,&quot;title&quot;:&quot;99 Fragen&quot;,&quot;excerpt&quot;:&quot;&quot;,&quot;slug&quot;:&quot;99-fragen&quot;,&quot;type&quot;:&quot;event-sequence&quot;,&quot;post_date&quot;:&quot;2020-10-23T16:09&quot;,&quot;permalink&quot;:&quot;https:\\\/\\\/www.humboldtforum.org\\\/de\\\/programm\\\/event-reihe\\\/diskurs\\\/99-fragen-14188\\\/&quot;,&quot;genre&quot;:[392,564],&quot;genre_details&quot;:[{&quot;text&quot;:&quot;Diskurs&quot;,&quot;id&quot;:392,&quot;icon&quot;:null,&quot;parent&quot;:0},{&quot;text&quot;:&quot;Wissenschaft&quot;,&quot;id&quot;:564,&quot;icon&quot;:null,&quot;parent&quot;:0}],&quot;topic&quot;:[782],&quot;topic_details&quot;:[{&quot;text&quot;:&quot;Kolonialismus und Kolonialit\\u00e4t&quot;,&quot;id&quot;:782,&quot;icon&quot;:null,&quot;parent&quot;:0}],&quot;stakeholder&quot;:[382],&quot;stakeholder_details&quot;:[{&quot;text&quot;:&quot;Stiftung Humboldt Forum im Berliner Schloss&quot;,&quot;id&quot;:382,&quot;icon&quot;:null,&quot;parent&quot;:0}],&quot;icon_overwrite&quot;:&quot;&quot;,&quot;acf&quot;:{&quot;belongsto&quot;:false,&quot;shorturl&quot;:&quot;99fragen&quot;,&quot;highlight_header&quot;:false,&quot;featured_images&quot;:[17911],&quot;tipp&quot;:false,&quot;joker&quot;:false,&quot;live&quot;:false,&quot;announcement&quot;:&quot;Eine forschungsorientierte Programmplattform&quot;,&quot;hyphenation&quot;:true,&quot;yt&quot;:&quot;&quot;,&quot;noindex&quot;:false,&quot;keywords&quot;:&quot;&quot;,&quot;additional_info&quot;:{&quot;icon&quot;:&quot;0&quot;,&quot;text&quot;:&quot;&quot;},&quot;use_video_in_teasers&quot;:false,&quot;manual_period&quot;:false,&quot;hide_event_in_program&quot;:false,&quot;has_mobile_format&quot;:false,&quot;overwrite_date&quot;:&quot;Eine forschungsorientierte Programmplattform&quot;,&quot;events&quot;:[127815]},&quot;date&quot;:{&quot;NLAST&quot;:&quot;202404251900&quot;,&quot;NX&quot;:null,&quot;NXX&quot;:null,&quot;from_DATE&quot;:&quot;20240425 19:00&quot;,&quot;from&quot;:1714057200,&quot;to&quot;:1714057200,&quot;to_DATE&quot;:&quot;20240425 19:00&quot;,&quot;from_HRFSHORT&quot;:&quot;25. Apr 2024&quot;,&quot;from_HRFSHORT_WD&quot;:&quot;Do 25.04.2024&quot;,&quot;to_HRFSHORT&quot;:&quot;25. Apr 2024&quot;,&quot;to_HRFSHORT_WD&quot;:&quot;Do 25.04.2024&quot;,&quot;from_HRF&quot;:&quot;Do, 25. April 2024&quot;,&quot;to_HRF&quot;:&quot;Do, 25. April 2024&quot;,&quot;from_to_HRF&quot;:&quot;Do, 25. April \\u2013 Do, 25. April 2024&quot;,&quot;from_to_HRFSHORT&quot;:&quot;25. Apr \\u2013 25. Apr 2024&quot;},&quot;alert&quot;:null,&quot;partof&quot;:[],&quot;marketing_topic&quot;:&quot;&quot;}' inline-template>\n\t<a href=\"https:\/\/www.humboldtforum.org\/de\/programm\/event-reihe\/diskurs\/99-fragen-14188\/\" class=\"teaser teaser-event-sequence teaser-event-standard\">\n\t\t<div class=\"row\">\n\t\t\t<div class=\"col-xs-12 teaser-event-image\">\n\t\t\t\t<div class=\"teaser-image teaser-image-no-alternate\">\n\t\t\t\t\t\t\t\t\t\t\t\n\t<lazy-media-inline inline-template>\n\t\t<figure itemscope itemtype=\"http:\/\/schema.org\/ImageObject\" class=\"lazy-media-inline \" role=\"group\" id=\"media_69ee7dd47acfe\" aria-labelledby=\"desc_media_69ee7dd47acfe\">\n\t\t\t<script type=\"application\/json\" ref=\"data\">\n\t\t\t\t{\n\t\t\t\t\"sizes\" : {\"medium\":{\"file\":\"201130_LOS_55_Webteaser_Studio3_99Fragen2-300x180.jpg\",\"width\":300,\"height\":180,\"mime-type\":\"image\\\/jpeg\"},\"large\":{\"file\":\"201130_LOS_55_Webteaser_Studio3_99Fragen2-1024x613.jpg\",\"width\":1024,\"height\":613,\"mime-type\":\"image\\\/jpeg\"},\"thumbnail\":{\"file\":\"201130_LOS_55_Webteaser_Studio3_99Fragen2-150x150.jpg\",\"width\":150,\"height\":150,\"mime-type\":\"image\\\/jpeg\"},\"medium_large\":{\"file\":\"201130_LOS_55_Webteaser_Studio3_99Fragen2-768x460.jpg\",\"width\":768,\"height\":460,\"mime-type\":\"image\\\/jpeg\"},\"small\":{\"file\":\"201130_LOS_55_Webteaser_Studio3_99Fragen2-440x264.jpg\",\"width\":440,\"height\":264,\"mime-type\":\"image\\\/jpeg\"},\"semi\":{\"file\":\"201130_LOS_55_Webteaser_Studio3_99Fragen2-580x347.jpg\",\"width\":580,\"height\":347,\"mime-type\":\"image\\\/jpeg\"},\"mobile\":{\"file\":\"201130_LOS_55_Webteaser_Studio3_99Fragen2-720x431.jpg\",\"width\":720,\"height\":431,\"mime-type\":\"image\\\/jpeg\"},\"hd\":{\"file\":\"201130_LOS_55_Webteaser_Studio3_99Fragen2-1280x767.jpg\",\"width\":1280,\"height\":767,\"mime-type\":\"image\\\/jpeg\"},\"full\":{\"file\":\"201130_LOS_55_Webteaser_Studio3_99Fragen2-1920x1150.jpg\",\"width\":1920,\"height\":1150,\"mime-type\":\"image\\\/jpeg\"},\"1536x1536\":{\"file\":\"201130_LOS_55_Webteaser_Studio3_99Fragen2-1536x920.jpg\",\"width\":1536,\"height\":920,\"mime-type\":\"image\\\/jpeg\"},\"original\":{\"file\":\"201130_LOS_55_Webteaser_Studio3_99Fragen2.jpg\",\"width\":2000,\"height\":1198}},\n\t\t\t\t\"alt\" : \"Ein Ausstellungsraum mit geneigtem Quadrat, in welchem sich die Zahl \\\"99\\\" und zwei weitere Fotos befinden, in der Mitte\",\n\t\t\t\t\"path\" : \"\\\/wp-content\\\/uploads\\\/2020\\\/10\\\/\",\n\t\t\t\t\"video\" : null,\n\t\t\t\t\"autoplay\" : null,\n\t\t\t\t\"youtube\" : null,\n\t\t\t\t\"youtubelabel\" : \"Video abspielen\",\n\t\t\t\t\"brightness\" : 100,\n\t\t\t\t\"crop\" : {\"top\":\"50.00\",\"left\":\"50.00\"},\n\t\t\t\t\"background\" : true,\n\t\t\t\t\"scale\" : 2\t\t\t\t}\n\t\t\t<\/script>\n\n\t\t\t<div class=\"height-container\" style=\"padding-bottom:59.9%;\" v-if=\"sizes\">\n\t\t\t\t\t\t\t\t<lazy-media :inline=\"true\" :alt=\"alt\" :sizes=\"sizes\" :scale=\"scale\" :brightness=\"brightness\" :path=\"path\" :video=\"video\" :autoplay=\"autoplay\" :youtube=\"youtube\" :crop=\"crop\" :youtubelabel=\"youtubelabel\" :background=\"background\" media-id=\"desc_media_69ee7dd47acfe\"><\/lazy-media>\n\t\t\t\t\t\t\t<\/div>\n\n\t\t\t\t\t\t\t<figcaption class=\"sr-only\" ref=\"body\" id=\"desc_media_69ee7dd47acfe\">\n\t\t\t\t\t\t\t\t\t\t\t\t\t\t\t\t\t\t\t\t\t<div class=\"insignificant\">\u00a9 Stiftung Humboldt Forum im Berliner Schloss \/ Collage: Stiftung Humboldt Forum im Berliner Schloss \/ Giuliani | von Giese; Staatliche Museen zu Berlin, Ethnologisches Museum \/ Waltraud Schneider-Sch\u00fctz; Staatliche Museen zu Berlin, Ethnologisches Museum\r\n<\/div>\n\t\t\t\t\t\t\t\t\t<\/figcaption>\n\t\t\t\t\t<\/figure>\n\t<\/lazy-media-inline>\n\t\t\t\t<\/div>\n\t\t\t<\/div>\n\t\t\t<div class=\"col-xs-12 teaser-event-text Infos\">\n\t\t\t\t<div class=\"teaser-event-standard-text\">\n\t\t\t\t\t<div class=\"margin-bottom-atom\">\n\t\t\t\t\t\t<div class=\"subline clamp-1\" v-html=\"maingenre\"><\/div>\n\t\t\t\t\t\t\t\t\t\t\t<\/div>\n\t\t\t\t\n\t\t\t\t\t<strong class=\"margin-bottom-atom\">99 Fragen<\/strong>\n\n\t\t\t\t\t\t\t\t\t\t\t<div class=\"\"><\/div>\n\t\t\t\t\t\t\t\t\t<\/div>\n\t\t\t\t<div class=\"teaser-bottom border-bottom\">\n\t\t\t\t<calendardateline :rawitem='item' :show-icon=\"true\"><\/calendardateline>\n\t\t\t\t\t<hr>\n\t\t\t\t<\/div>\n\t\t\t<\/div>\n\t\t<\/div>\n\t<\/a>\n\t<\/calendarteaser>\n<\/li>\n\n\t\t\t\t\t\t<\/ul>\n\t\t\t\t\t<\/div>\n\t\t\t\t<\/div>\n\t\t\t<\/teaser-lane-with-buttons>\n\t\t\t\t<\/lazy-component>\n<\/section>\n\n\n\n\n","protected":false},"template":"","genre":[392],"digital":[],"topic":[],"stakeholder":[382],"editorial":[],"editorialfilter":[],"targetgroup":[],"language":[384,385],"accessability":[],"age":[],"school":[],"groupsize":[],"place":[498],"class_list":["post-14182","event","type-event","status-publish","has-post-thumbnail","hentry","genre-diskurs","stakeholder-stiftung-humboldt-forum-im-berliner-schloss","language-deutsch","language-englisch","place-online-veranstaltung"],"acf":[],"_links":{"self":[{"href":"https:\/\/www.humboldtforum.org\/de\/wp-json\/wp\/v2\/event\/14182","targetHints":{"allow":["GET"]}}],"collection":[{"href":"https:\/\/www.humboldtforum.org\/de\/wp-json\/wp\/v2\/event"}],"about":[{"href":"https:\/\/www.humboldtforum.org\/de\/wp-json\/wp\/v2\/types\/event"}],"version-history":[{"count":0,"href":"https:\/\/www.humboldtforum.org\/de\/wp-json\/wp\/v2\/event\/14182\/revisions"}],"wp:featuredmedia":[{"embeddable":true,"href":"https:\/\/www.humboldtforum.org\/de\/wp-json\/wp\/v2\/media\/20338"}],"wp:attachment":[{"href":"https:\/\/www.humboldtforum.org\/de\/wp-json\/wp\/v2\/media?parent=14182"}],"wp:term":[{"taxonomy":"genre","embeddable":true,"href":"https:\/\/www.humboldtforum.org\/de\/wp-json\/wp\/v2\/genre?post=14182"},{"taxonomy":"digital","embeddable":true,"href":"https:\/\/www.humboldtforum.org\/de\/wp-json\/wp\/v2\/digital?post=14182"},{"taxonomy":"topic","embeddable":true,"href":"https:\/\/www.humboldtforum.org\/de\/wp-json\/wp\/v2\/topic?post=14182"},{"taxonomy":"stakeholder","embeddable":true,"href":"https:\/\/www.humboldtforum.org\/de\/wp-json\/wp\/v2\/stakeholder?post=14182"},{"taxonomy":"editorial","embeddable":true,"href":"https:\/\/www.humboldtforum.org\/de\/wp-json\/wp\/v2\/editorial?post=14182"},{"taxonomy":"editorialfilter","embeddable":true,"href":"https:\/\/www.humboldtforum.org\/de\/wp-json\/wp\/v2\/editorialfilter?post=14182"},{"taxonomy":"targetgroup","embeddable":true,"href":"https:\/\/www.humboldtforum.org\/de\/wp-json\/wp\/v2\/targetgroup?post=14182"},{"taxonomy":"language","embeddable":true,"href":"https:\/\/www.humboldtforum.org\/de\/wp-json\/wp\/v2\/language?post=14182"},{"taxonomy":"accessability","embeddable":true,"href":"https:\/\/www.humboldtforum.org\/de\/wp-json\/wp\/v2\/accessability?post=14182"},{"taxonomy":"age","embeddable":true,"href":"https:\/\/www.humboldtforum.org\/de\/wp-json\/wp\/v2\/age?post=14182"},{"taxonomy":"school","embeddable":true,"href":"https:\/\/www.humboldtforum.org\/de\/wp-json\/wp\/v2\/school?post=14182"},{"taxonomy":"groupsize","embeddable":true,"href":"https:\/\/www.humboldtforum.org\/de\/wp-json\/wp\/v2\/groupsize?post=14182"},{"taxonomy":"place","embeddable":true,"href":"https:\/\/www.humboldtforum.org\/de\/wp-json\/wp\/v2\/place?post=14182"}],"curies":[{"name":"wp","href":"https:\/\/api.w.org\/{rel}","templated":true}]}}