{"id":142066,"date":"2025-01-15T11:49:04","date_gmt":"2025-01-15T10:49:04","guid":{"rendered":"https:\/\/www.humboldtforum.org\/?post_type=event&#038;p=142066"},"modified":"2025-01-28T12:56:59","modified_gmt":"2025-01-28T11:56:59","slug":"mit-doppeltem-boden","status":"publish","type":"event","link":"https:\/\/www.humboldtforum.org\/de\/programm\/termin\/konzert\/mit-doppeltem-boden-142066\/","title":{"rendered":"Mit doppeltem Boden"},"content":{"rendered":"<section class=\"block block-copy\" >\n    <div class=\"container-fluid\">\n\t\t<div class=\"row \">\n            <div class=\"col-xs-12 col-md-offset-2 col-md-8\">\n                <div class=\"box\">\n                    <div class=\"copy\"><h3>Neue Musik von Komponisten aus der DDR<\/h3>\n<p class=\"xmsonormal\">Der Palast der Republik ist Gegenwart im Humboldtforum. Und nicht nur er k\u00fcndet von der Kultur- und Kunstszene der vergangenen DDR. Vier Komponisten, Zeitzeugen, deren Musik um 1980 in diesem Geb\u00e4ude und in anderen DDR-Konzerth\u00e4usern erklungen ist \u2013 oder aus vielerlei Gr\u00fcnden auch nicht \u2013, bilden das Programm des Mikrokonzertes im Februar. Zwei Mitglieder des Rundfunk-Sinfonieorchesters Berlin, das einst regelm\u00e4\u00dfig Konzerte im Palast der Republik gegeben hat, stellen also originale DDR-Musik vor \u2013 klingend und im Gespr\u00e4ch.<\/p>\n<p><em>Siegfried Thiele (geb. 1934)<\/em><br \/>\n\u201eZwei Inventionen f\u00fcr Oboe solo\u201c (1976)<\/p>\n<p><em>Georg Katzer (1935 \u2013 2019)<\/em><br \/>\n\u201eAn einen abwesenden Freund\u201c f\u00fcr Violoncello solo (1985)<\/p>\n<p><em>Friedrich Goldmann (1941 \u2013 2009)<\/em><br \/>\n\u201eSolo f\u00fcr Oboe\u201c (1972)<\/p>\n<p><em>Reiner Bredemeyer (1929 &#8211; 1995)<\/em><\/p>\n<p>&#8222;Solo 1&#8220; (1973)<\/p>\n<p>&nbsp;<\/p>\n<p>Moderation: Steffen Georgi<\/p>\n<\/div>\n                <\/div>\n            <\/div>\n\t\t<\/div>\n\t\t    <\/div>\n<\/section>\n\n\n<section class=\"block block-accordion\">\n\t<div class=\"container-fluid\">\n\t\t<div class=\"row\">\n\t\t\t<div class=\"col-xs-12 col-md-offset-2 col-md-8\">\n\t\t\t\t<div class=\"box\">\n\t\t\t\t\t\t\t\t\t\t\t<block-accordion inline-template>\n\t\t\t\t\t\t\t<div class=\"accordion\">\n\t\t\t\t\t\t\t\t\t\t\t\t\t\t\t<block-accordion-item inline-template item-headline=\"Gudrun Vogler, Oboe\">\n\t\t\t\t\t\t\t\t<div ref=\"item\" data-id=\"GudrunVoglerOboe\" class=\"block-accordion-item vue-initialize\" aria-expanded=\"false\" :aria-expanded=\"active ? 'true' : 'false'\">\n\t\t\t\t\t\t\t\t\t<button class=\"accordion-button-with-icon block-accordion-item-head\" :class=\"{'button-active': active}\" ref=\"head\" aria-controls=\"acc_69ee0bae410c3\" id=\"acc_title_69ee0bae410c6\" @click=\"toggle\" @keydown=\"key\">\n\t\t\t\t\t\t\t\t\t<div><span class=\"button-label\">Gudrun Vogler, Oboe<\/span><\/div><span class=\"button-icon icon-plus\" aria-hidden=\"true\"><\/span>\n\t\t\t\t\t\t\t\t<\/button>\n\t\t\t\t\t\t\t\t\t<div ref=\"body\" class=\"block-accordion-item-content\" id=\"acc_69ee0bae410c3\" role=\"region\">\n\t\t\t\t\t\t\t\t\t\t<div class=\"wrapper copy\">\n\t\t\t\t\t\t\t\t\t\t\t<p>Gudrun Vogler ist seit 2002 Oboistin und Englischhornistin im Rundfunk-Sinfonieorchester Berlin.<\/p>\n<p>Von 1988 bis 1992 war sie Solooboistin am Nationaltheater Weimar.<\/p>\n<p>Als zweifache Preistr\u00e4gerin des ARD-Wettbewerbs im Fach Kammermusik mit dem Bl\u00e4serquintett \u201eKammervereinigung Berlin\u201c spielte sie mit diesem bei namhaften Labels CDs ein, konzertierte erst intensiv deutschlandweit und sp\u00e4ter umfassend international.<\/p>\n<p>Im Spezialensemble f\u00fcr Neue Musik \u201eKNM Berlin\u201c, in dem sie von 1992 bis 2019 Mitglied war und mit dem sie u.a. in Buenos Aires, Tokio und Taipeh auftrat, f\u00fchrte sie mit viel Neugier und Freude ihre Rolle als Instrumentalistin, Performerin sowie als kreative und lebendige Interpretin aus.<\/p>\n<p>Seit 2015 engagiert sie sich zus\u00e4tzlich im Musikvermittlungs-Bereich des RSB. Als Musikbotschafterin im Klassenraum teilt sie ihre Begeisterung f\u00fcr klassische Musik an Schulen mit jungen Menschen. In verschiedenen Teams entwickelte sie Konzepte f\u00fcr Kinder- und Jugendkonzerte mit.<\/p>\n<p>Neben konzertanten kammermusikalischen Aktivit\u00e4ten in verschiedenen Besetzungen und in verschiedenen Genres spielt sie seit 2016 erfolgreich und regelm\u00e4\u00dfig als Mitglied in der solistischen Formation \u201eDate for three\u201c.<\/p>\n\n\t\t\t\t\t\t\t\t\t\t\t\t\t\t\t\t\t\t\t\t\t\t\t\t\t\t\t\t\t\t\t\t\t\n\t\t\t\t\t\t\t\t\t\t\t<div class=\"row\">\n\t\t\t\t\t\t\t\t\t\t\t\t<div class=\"col-xs-9 col-md-9\">\n\t\t\t\t\t\t\t\t\t\t\t\t\t<div class=\"box\">\n\t\t\t\t\t\t\t\t\t\t\t\t\t\t\t\t\t\t\t\t\t\t\t\t\t\t\t<\/div>\n\t\t\t\t\t\t\t\t\t\t\t\t<\/div>\n\t\t\t\t\t\t\t\t\t\t\t<\/div>\n\n\t\t\t\t\t\t\t\t\t\t\t\t\t\t\t\t\t\t\t\t\t<\/div>\n\t\t\t\t\t\t\t\t\t<\/div>\n\t\t\t\t\t\t\t\t<\/div>\n\t\t\t\t\t\t\t\t<\/block-accordion-item>\n\t\t\t\t\t\t\t\t\t\t\t\t\t\t<block-accordion-item inline-template item-headline=\"Ringela Riemke, Violoncello\">\n\t\t\t\t\t\t\t\t<div ref=\"item\" data-id=\"RingelaRiemkeVioloncello\" class=\"block-accordion-item vue-initialize\" aria-expanded=\"false\" :aria-expanded=\"active ? 'true' : 'false'\">\n\t\t\t\t\t\t\t\t\t<button class=\"accordion-button-with-icon block-accordion-item-head\" :class=\"{'button-active': active}\" ref=\"head\" aria-controls=\"acc_69ee0bae413ca\" id=\"acc_title_69ee0bae413cb\" @click=\"toggle\" @keydown=\"key\">\n\t\t\t\t\t\t\t\t\t<div><span class=\"button-label\">Ringela Riemke, Violoncello<\/span><\/div><span class=\"button-icon icon-plus\" aria-hidden=\"true\"><\/span>\n\t\t\t\t\t\t\t\t<\/button>\n\t\t\t\t\t\t\t\t\t<div ref=\"body\" class=\"block-accordion-item-content\" id=\"acc_69ee0bae413ca\" role=\"region\">\n\t\t\t\t\t\t\t\t\t\t<div class=\"wrapper copy\">\n\t\t\t\t\t\t\t\t\t\t\t<p>Ringela Riemke, seit 1990 stellvertretende Solocellistin des Rundfunk-Sinfonieorchesters Berlin, studierte an der Hochschule f\u00fcr Musik und Theater \u201eFelix Mendelssohn Bartholdy\u201c in Leipzig bei Wolfgang Weber. Sie war von 1991 bis 2017 Mitglied des KNM Berlin (Kammerensemble Neue Musik Berlin) und spielte mit diesem zahlreiche Konzerte im In- und Ausland (u.a. Cit\u00e9 de la Musique, Wiener Konzerthaus, Berliner Philharmonie, Gewandhaus, Carnegie Hall, Papstpalast Avignon). Die letzte Konzertreise ging nach Asien, in die Taipei Concert Hall.<\/p>\n<p>Zwei der CDs mit Kammermusikwerken von Beat Furrer, die sie mit dem KNM Berlin aufgenommen hat, wurden mit dem Preis der deutschen Schallplattenkritik ausgezeichnet.<\/p>\n<p>Ringela Riemke ist Mentorin der Orchesterakademie des Rundfunk-Sinfonieorchesters Berlin.<\/p>\n\n\t\t\t\t\t\t\t\t\t\t\t\t\t\t\t\t\t\t\t\t\t\t\t\t\t\t\t\t\t\t\t\t\t\n\t\t\t\t\t\t\t\t\t\t\t<div class=\"row\">\n\t\t\t\t\t\t\t\t\t\t\t\t<div class=\"col-xs-9 col-md-9\">\n\t\t\t\t\t\t\t\t\t\t\t\t\t<div class=\"box\">\n\t\t\t\t\t\t\t\t\t\t\t\t\t\t\t\t\t\t\t\t\t\t\t\t\t\t\t<\/div>\n\t\t\t\t\t\t\t\t\t\t\t\t<\/div>\n\t\t\t\t\t\t\t\t\t\t\t<\/div>\n\n\t\t\t\t\t\t\t\t\t\t\t\t\t\t\t\t\t\t\t\t\t<\/div>\n\t\t\t\t\t\t\t\t\t<\/div>\n\t\t\t\t\t\t\t\t<\/div>\n\t\t\t\t\t\t\t\t<\/block-accordion-item>\n\t\t\t\t\t\t\t\t\t\t\t\t\t<\/div>\n\t\t\t\t\t\t<\/block-accordion>\n\t\t\t\t\t\t\t\t\t<\/div>\n\t\t\t<\/div>\n\t\t<\/div>\n\t<\/div>\n<\/section>\n\n\n<section class=\"block block-teaser col-1 has-bg\" style=\"--teaser-bg:#f2f2f2\">\n\t<lazy-component :fixed-min-height=\"400\">\n\t\n\t\t\t\t\t<div class=\"container-fluid\">\n\t\t\t\t<div class=\"row bottom-xs\">\n\t\t\t\t\t<div class=\"col-xs-12 col-sm-10 col-md-8 col-sm-offset-1 col-md-offset-2\">\n\t\t\t\t\t\t<h4>geh\u00f6rt zu<\/h4>\t\t\t\t\t\t\t\t\t\t\t\t\t\t\t\t\t\t\t<\/div>\n\t\t\t\t\t<div class=\"col-xs-12 col-sm-10 col-md-8 col-sm-offset-1 col-md-offset-2 start-xs end-md margin-bottom-sixth\">\n\t\t\t\t\t\t\t\t\t\t\t<\/div>\n\t\t\t\t<\/div>\n\t\t\t\t<ul class=\"row\">\n\t\t\t\n<li class=\"col-xs-12 teaser-wrapper col-padding-remove\">\n\t<calendarteaser key=\"11938318702\" rawitem='{&quot;postId&quot;:119383,&quot;title&quot;:&quot;Mikrokonzerte des Rundfunk-Sinfonieorchesters Berlin&quot;,&quot;excerpt&quot;:&quot;&quot;,&quot;slug&quot;:&quot;mikrokonzerte-des-rundfunk-sinfonieorchesters-berlin&quot;,&quot;type&quot;:&quot;event-sequence&quot;,&quot;post_date&quot;:&quot;2024-01-10T15:25&quot;,&quot;permalink&quot;:&quot;https:\\\/\\\/www.humboldtforum.org\\\/de\\\/programm\\\/event-reihe\\\/konzert\\\/mikrokonzerte-des-rundfunk-sinfonieorchesters-berlin-119383\\\/&quot;,&quot;genre&quot;:[393],&quot;genre_details&quot;:[{&quot;text&quot;:&quot;Konzert&quot;,&quot;id&quot;:393,&quot;icon&quot;:null,&quot;parent&quot;:0}],&quot;stakeholder&quot;:[382],&quot;stakeholder_details&quot;:[{&quot;text&quot;:&quot;Stiftung Humboldt Forum im Berliner Schloss&quot;,&quot;id&quot;:382,&quot;icon&quot;:null,&quot;parent&quot;:0}],&quot;targetgroup&quot;:[383,455,454],&quot;targetgroup_details&quot;:[{&quot;text&quot;:&quot;Erwachsene&quot;,&quot;id&quot;:383,&quot;icon&quot;:null,&quot;parent&quot;:0},{&quot;text&quot;:&quot;Jugendliche&quot;,&quot;id&quot;:455,&quot;icon&quot;:null,&quot;parent&quot;:0},{&quot;text&quot;:&quot;Kinder und Familien&quot;,&quot;id&quot;:454,&quot;icon&quot;:null,&quot;parent&quot;:0}],&quot;language&quot;:[422],&quot;language_details&quot;:[{&quot;text&quot;:&quot;Keine Sprachkenntnisse erforderlich&quot;,&quot;id&quot;:422,&quot;icon&quot;:null,&quot;parent&quot;:0}],&quot;place&quot;:[404],&quot;place_details&quot;:{&quot;place&quot;:&quot;Humboldt Forum&quot;,&quot;map&quot;:&quot;Humboldt Forum, Schlossplatz, Berlin&quot;,&quot;room&quot;:&quot;&quot;},&quot;icon_overwrite&quot;:&quot;&quot;,&quot;acf&quot;:{&quot;noindex&quot;:false,&quot;keywords&quot;:&quot;&quot;,&quot;shorturl&quot;:&quot;mikrokonzerte&quot;,&quot;belongsto&quot;:false,&quot;additional_info&quot;:{&quot;icon&quot;:&quot;0&quot;,&quot;text&quot;:&quot;&quot;},&quot;highlight_header&quot;:false,&quot;use_video_in_teasers&quot;:false,&quot;hyphenation&quot;:true,&quot;manual_period&quot;:false,&quot;tipp&quot;:false,&quot;joker&quot;:false,&quot;live&quot;:false,&quot;hide_event_in_program&quot;:false,&quot;featured_images&quot;:[119420],&quot;announcement&quot;:&quot;Veranstaltungsreihe&quot;,&quot;overwrite_date&quot;:&quot;Veranstaltungsreihe&quot;,&quot;events&quot;:[141036,154588,156510,157394,158848,160047,161796]},&quot;date&quot;:{&quot;NLAST&quot;:&quot;202604121500&quot;,&quot;NX&quot;:null,&quot;NXX&quot;:null,&quot;from_DATE&quot;:&quot;20250105 14:00&quot;,&quot;from&quot;:1736078400,&quot;to&quot;:1775995200,&quot;to_DATE&quot;:&quot;20260412 15:00&quot;,&quot;from_HRFSHORT&quot;:&quot; 5. Jan 2025&quot;,&quot;from_HRFSHORT_WD&quot;:&quot;So 05.01.2025&quot;,&quot;to_HRFSHORT&quot;:&quot;12. Apr 2026&quot;,&quot;to_HRFSHORT_WD&quot;:&quot;So 12.04.2026&quot;,&quot;from_HRF&quot;:&quot;So,  5. Januar 2025&quot;,&quot;to_HRF&quot;:&quot;So, 12. April 2026&quot;,&quot;from_to_HRF&quot;:&quot;So,  5. Januar 2025 \\u2013 So, 12. April 2026&quot;,&quot;from_to_HRFSHORT&quot;:&quot; 5. Jan 2025 \\u2013 12. Apr 2026&quot;},&quot;alert&quot;:null,&quot;partof&quot;:[],&quot;marketing_topic&quot;:&quot;&quot;}' inline-template>\n\t<a href=\"https:\/\/www.humboldtforum.org\/de\/programm\/event-reihe\/konzert\/mikrokonzerte-des-rundfunk-sinfonieorchesters-berlin-119383\/\" class=\"teaser teaser-event-sequence teaser-event-standard\">\n\t\t<div class=\"row\">\n\t\t\t<div class=\"col-xs-12 col-sm-6 col-md-5 col-sm-offset-1 col-md-offset-2 first-sm teaser-event-text Infos\">\n\t\t\t\t<div class=\"teaser-event-standard-text\">\n\t\t\t\t\t<div class=\"margin-bottom-atom\">\n\t\t\t\t\t\t<div class=\"subline clamp-1\" v-html=\"maingenre\"><\/div>\n\t\t\t\t\t\t\t\t\t\t\t<\/div>\n\t\t\t\t\n\t\t\t\t\t<strong class=\"margin-bottom-atom h5\">Mikrokonzerte des Rundfunk-Sinfonieorchesters Berlin<\/strong>\n\n\t\t\t\t\t\t\t\t\t<\/div>\n\t\t\t\t<div class=\"teaser-bottom border-bottom\">\n\t\t\t\t<calendardateline :rawitem='item' :show-icon=\"true\"><\/calendardateline>\n\t\t\t\t\t<hr>\n\t\t\t\t<\/div>\n\t\t\t<\/div>\n\t\t\t<div class=\"col-xs-12 col-sm-4 col-md-3 teaser-event-image bottom-xs first-xs\">\n\t\t\t\t<div class=\"teaser-image teaser-image-no-alternate\">\n\t\t\t\t\t\t\t\t\t\t\t\n\t<lazy-media-inline inline-template>\n\t\t<figure itemscope itemtype=\"http:\/\/schema.org\/ImageObject\" class=\"lazy-media-inline \" role=\"group\" id=\"media_69ee0bae72d5f\" aria-labelledby=\"desc_media_69ee0bae72d5f\">\n\t\t\t<script type=\"application\/json\" ref=\"data\">\n\t\t\t\t{\n\t\t\t\t\"sizes\" : {\"medium\":{\"file\":\"RSB_Landingpage-300x180.jpg\",\"width\":300,\"height\":180,\"mime-type\":\"image\\\/jpeg\",\"filesize\":10245},\"large\":{\"file\":\"RSB_Landingpage-1024x613.jpg\",\"width\":1024,\"height\":613,\"mime-type\":\"image\\\/jpeg\",\"filesize\":59365},\"thumbnail\":{\"file\":\"RSB_Landingpage-150x150.jpg\",\"width\":150,\"height\":150,\"mime-type\":\"image\\\/jpeg\",\"filesize\":5161},\"medium_large\":{\"file\":\"RSB_Landingpage-768x460.jpg\",\"width\":768,\"height\":460,\"mime-type\":\"image\\\/jpeg\",\"filesize\":39190},\"small\":{\"file\":\"RSB_Landingpage-440x264.jpg\",\"width\":440,\"height\":264,\"mime-type\":\"image\\\/jpeg\",\"filesize\":17909},\"semi\":{\"file\":\"RSB_Landingpage-580x347.jpg\",\"width\":580,\"height\":347,\"mime-type\":\"image\\\/jpeg\",\"filesize\":26860},\"mobile\":{\"file\":\"RSB_Landingpage-720x431.jpg\",\"width\":720,\"height\":431,\"mime-type\":\"image\\\/jpeg\",\"filesize\":35275},\"hd\":{\"file\":\"RSB_Landingpage-1280x767.jpg\",\"width\":1280,\"height\":767,\"mime-type\":\"image\\\/jpeg\",\"filesize\":81678},\"full\":{\"file\":\"RSB_Landingpage-1920x1150.jpg\",\"width\":1920,\"height\":1150,\"mime-type\":\"image\\\/jpeg\",\"filesize\":151128},\"1536x1536\":{\"file\":\"RSB_Landingpage-1536x920.jpg\",\"width\":1536,\"height\":920,\"mime-type\":\"image\\\/jpeg\",\"filesize\":106579},\"2048x2048\":{\"file\":\"RSB_Landingpage-2048x1227.jpg\",\"width\":2048,\"height\":1227,\"mime-type\":\"image\\\/jpeg\",\"filesize\":163391},\"original\":{\"file\":\"RSB_Landingpage.jpg\",\"width\":3840,\"height\":2300}},\n\t\t\t\t\"alt\" : \"Muster aus bunten, geometrischen Icons, die Sport und Fitness darstellen, auf hellblauem Hintergrund.\",\n\t\t\t\t\"path\" : \"\\\/wp-content\\\/uploads\\\/2024\\\/01\\\/\",\n\t\t\t\t\"video\" : null,\n\t\t\t\t\"autoplay\" : null,\n\t\t\t\t\"youtube\" : null,\n\t\t\t\t\"youtubelabel\" : \"Video abspielen\",\n\t\t\t\t\"brightness\" : 100,\n\t\t\t\t\"crop\" : {\"top\":\"50.00\",\"left\":\"50.00\"},\n\t\t\t\t\"background\" : true,\n\t\t\t\t\"scale\" : 2\t\t\t\t}\n\t\t\t<\/script>\n\n\t\t\t<div class=\"height-container\" style=\"padding-bottom:59.895833333333%;\" v-if=\"sizes\">\n\t\t\t\t\t\t\t\t<lazy-media :inline=\"true\" :alt=\"alt\" :sizes=\"sizes\" :scale=\"scale\" :brightness=\"brightness\" :path=\"path\" :video=\"video\" :autoplay=\"autoplay\" :youtube=\"youtube\" :crop=\"crop\" :youtubelabel=\"youtubelabel\" :background=\"background\" media-id=\"desc_media_69ee0bae72d5f\"><\/lazy-media>\n\t\t\t\t\t\t\t<\/div>\n\n\t\t\t\t\t\t\t<figcaption class=\"sr-only\" ref=\"body\" id=\"desc_media_69ee0bae72d5f\">\n\t\t\t\t\t\t\t\t\t\t\t\t\t\t\t\t<div>Keyvisual Mikrokonzert-Reihe <\/div>\n\t\t\t\t\t\t\t\t\t\t\t\t\t\t\t\t<div class=\"insignificant\">\u00a9 \u00c1lvaro Vali\u00f1o<\/div>\n\t\t\t\t\t\t\t\t\t<\/figcaption>\n\t\t\t\t\t<\/figure>\n\t<\/lazy-media-inline>\n\t\t\t\t<\/div>\n\t\t\t<\/div>\n\t\t<\/div>\n\t<\/a>\n\t<\/calendarteaser>\n<\/li>\n\n\t\t\t\t<\/ul>\n\t\t\t<\/div>\n\t\t\t\t<\/lazy-component>\n<\/section>\n\n\n\n<section class=\"block block-copy\" >\n    <div class=\"container-fluid\">\n\t\t<div class=\"row \">\n            <div class=\"col-xs-12 col-md-offset-2 col-md-8\">\n                <div class=\"box\">\n                    <div class=\"copy\"><p>Die Mikrokonzerte sind Teil einer Reihe von Konzerten, bei denen Musiker*innen des RSB sich in den Dialog mit dem Ort und den Ausstellungen begeben. Das Humboldt Forum und das Rundfunk-Sinfonieorchester Berlin veranstalten die Mikrokonzerte gemeinsam im Rahmen des 100. Jubil\u00e4ums des RSB.<\/p>\n<\/div>\n                <\/div>\n            <\/div>\n\t\t<\/div>\n\t\t    <\/div>\n<\/section>\n\n<section class=\"block block-logos\" >\n    <div class=\"container-fluid\">\n\t\t<div class=\"row\">\n\t\t\t<div class=\"col-xs-12 col-sm-8 col-sm-offset-2\">\n\t\t\t\t<div class=\"box\">\n\t\t\t\t\t<div class=\"row  middle-xs\">\n\t\t\t\t\t\t\n\t\t\t\t\t\t<div class=\"col-xs-4 col-sm-3 col-sm-2\">\n\t\t\t\t\t\t\t<div class=\"box margin-sixth-top\">\n\t\t\t\t\t\t\t\t<img decoding=\"async\" alt=\"RSB 2\" src=\"https:\/\/www.humboldtforum.org\/wp-content\/uploads\/2024\/03\/SHF_eb00219327.jpg\" style=\"display: inline-block; width: 100%\" \/>\n\t\t\t\t\t\t\t<\/div>\n\t\t\t\t\t\t<\/div>\n\t\t\t\t\t\t\t\t\t\t\t<\/div>\n\t\t\t\t<\/div>\n\t\t\t<\/div>\n        <\/div>\n    <\/div>\n<\/section>\n\n\n<section class=\"block block-CTA block-CTA-long leftgradient\">\n\t<div class=\"container-fluid\">\n\t\t<div class=\"row center-xs\">\n\t\t\t<div class=\"col-xs-12\">\n\t\t\t\t<div class=\"box\">\n\t\t\t\t\t<a href=\"https:\/\/www.humboldtforum.org\/de\/newsletter-2\/\" aria-label=\"Bleiben Sie auf dem Laufenden!\" class=\"teaser teaser-cta-wide \">\n\t\t\t\t\t\t<div class=\"teaser-image\">\n\t\t\t\t\t\t\t\n\t<lazy-media-inline inline-template>\n\t\t<figure itemscope itemtype=\"http:\/\/schema.org\/ImageObject\" class=\"lazy-media-inline \" role=\"group\" id=\"media_69ee0bae76aeb\" aria-labelledby=\"desc_media_69ee0bae76aeb\">\n\t\t\t<script type=\"application\/json\" ref=\"data\">\n\t\t\t\t{\n\t\t\t\t\"sizes\" : {\"medium\":{\"file\":\"HF_eb00061823-scaled-300x200.jpg\",\"width\":300,\"height\":200,\"mime-type\":\"image\\\/jpeg\",\"filesize\":19186},\"large\":{\"file\":\"HF_eb00061823-scaled-1024x683.jpg\",\"width\":1024,\"height\":683,\"mime-type\":\"image\\\/jpeg\",\"filesize\":138597},\"thumbnail\":{\"file\":\"HF_eb00061823-scaled-150x150.jpg\",\"width\":150,\"height\":150,\"mime-type\":\"image\\\/jpeg\",\"filesize\":8513},\"medium_large\":{\"file\":\"HF_eb00061823-scaled-768x512.jpg\",\"width\":768,\"height\":512,\"mime-type\":\"image\\\/jpeg\",\"filesize\":86200},\"small\":{\"file\":\"HF_eb00061823-scaled-440x293.jpg\",\"width\":440,\"height\":293,\"mime-type\":\"image\\\/jpeg\",\"filesize\":35525},\"semi\":{\"file\":\"HF_eb00061823-scaled-580x387.jpg\",\"width\":580,\"height\":387,\"mime-type\":\"image\\\/jpeg\",\"filesize\":55724},\"mobile\":{\"file\":\"HF_eb00061823-scaled-720x480.jpg\",\"width\":720,\"height\":480,\"mime-type\":\"image\\\/jpeg\",\"filesize\":77971},\"hd\":{\"file\":\"HF_eb00061823-scaled-1280x854.jpg\",\"width\":1280,\"height\":854,\"mime-type\":\"image\\\/jpeg\",\"filesize\":202477},\"full\":{\"file\":\"HF_eb00061823-scaled-1920x1280.jpg\",\"width\":1920,\"height\":1280,\"mime-type\":\"image\\\/jpeg\",\"filesize\":386736},\"1536x1536\":{\"file\":\"HF_eb00061823-scaled-1536x1024.jpg\",\"width\":1536,\"height\":1024,\"mime-type\":\"image\\\/jpeg\",\"filesize\":266197},\"2048x2048\":{\"file\":\"HF_eb00061823-scaled-2048x1366.jpg\",\"width\":2048,\"height\":1366,\"mime-type\":\"image\\\/jpeg\",\"filesize\":430206},\"original\":{\"file\":\"HF_eb00061823-scaled.jpg\",\"width\":2560,\"height\":1707}},\n\t\t\t\t\"alt\" : \"Blick in das beleuchtete Foyer von der Galerie im ersten Stock mit Besuchenden, Infopoint und Medienturm\",\n\t\t\t\t\"path\" : \"\\\/wp-content\\\/uploads\\\/2020\\\/04\\\/\",\n\t\t\t\t\"video\" : null,\n\t\t\t\t\"autoplay\" : null,\n\t\t\t\t\"youtube\" : null,\n\t\t\t\t\"youtubelabel\" : \"Video abspielen\",\n\t\t\t\t\"brightness\" : \"70\",\n\t\t\t\t\"crop\" : {\"top\":\"90.37\",\"left\":\"39.93\"},\n\t\t\t\t\"background\" : true,\n\t\t\t\t\"scale\" : 2\t\t\t\t}\n\t\t\t<\/script>\n\n\t\t\t<div class=\"height-container\" style=\"padding-bottom:66.6796875%;\" v-if=\"sizes\">\n\t\t\t\t\t\t\t\t<lazy-media :inline=\"true\" :alt=\"alt\" :sizes=\"sizes\" :scale=\"scale\" :brightness=\"brightness\" :path=\"path\" :video=\"video\" :autoplay=\"autoplay\" :youtube=\"youtube\" :crop=\"crop\" :youtubelabel=\"youtubelabel\" :background=\"background\" media-id=\"desc_media_69ee0bae76aeb\"><\/lazy-media>\n\t\t\t\t\t\t\t<\/div>\n\n\t\t\t\t\t\t\t<figcaption class=\"sr-only\" ref=\"body\" id=\"desc_media_69ee0bae76aeb\">\n\t\t\t\t\t\t\t\t\t\t\t<div>Blick in das Foyer, November 2019.<\/div>\n\t\t\t\t\t\t\t\t\t\t\t\t\t\t\t\t\t\t\t\t\t<div class=\"insignificant\">\u00a9 Stiftung Humboldt Forum im Berliner Schloss \/ David von Becker<\/div>\n\t\t\t\t\t\t\t\t\t<\/figcaption>\n\t\t\t\t\t<\/figure>\n\t<\/lazy-media-inline>\n\t\t\t\t\t\t<\/div>\n\t\t\t\t\t\t<div class=\"teaser-content \">\n\t\t\t\t\t\t\t<div>\n\t\t\t\t\t\t\t\t\t\t\t\t\t\t\t\t<div class=\"teaser-header\"><span class=\"h3\">Bleiben Sie auf dem Laufenden!<\/span><\/div>\n\t\t\t\t\t\t\t\t<div class=\"teaser-subline\"><span class=\"font-decoration\">Abonnieren Sie unseren Newsletter.<\/span><\/div>\t\t\t\t\t\t\t\t<button tabindex=\"-1\" class=\"border\">Hier klicken<\/button>\n\t\t\t\t\t\t\t<\/div>\n\t\t\t\t\t\t<\/div>\n\t\t\t\t\t<\/a>\n\t\t\t\t<\/div>\n\t\t\t<\/div>\n\t\t<\/div>\n\t<\/div>\n<\/section>\n","protected":false},"template":"","genre":[393],"digital":[],"topic":[],"stakeholder":[382],"editorial":[],"editorialfilter":[],"targetgroup":[383,455,454],"language":[384,422],"accessability":[1716],"age":[1525],"school":[],"groupsize":[],"place":[1387,1106],"class_list":["post-142066","event","type-event","status-publish","hentry","genre-konzert","stakeholder-stiftung-humboldt-forum-im-berliner-schloss","targetgroup-erwachsene","targetgroup-jugendliche","targetgroup-kinder-und-familien","language-deutsch","language-keine-sprachkenntnisse-erforderlich","accessability-fuer-menschen-mit-sehbehinderung","age-ab-6-jahre","place-sonderausstellung-2-eg","place-treppenhalle-2-og"],"acf":[],"_links":{"self":[{"href":"https:\/\/www.humboldtforum.org\/de\/wp-json\/wp\/v2\/event\/142066","targetHints":{"allow":["GET"]}}],"collection":[{"href":"https:\/\/www.humboldtforum.org\/de\/wp-json\/wp\/v2\/event"}],"about":[{"href":"https:\/\/www.humboldtforum.org\/de\/wp-json\/wp\/v2\/types\/event"}],"version-history":[{"count":5,"href":"https:\/\/www.humboldtforum.org\/de\/wp-json\/wp\/v2\/event\/142066\/revisions"}],"predecessor-version":[{"id":142642,"href":"https:\/\/www.humboldtforum.org\/de\/wp-json\/wp\/v2\/event\/142066\/revisions\/142642"}],"wp:attachment":[{"href":"https:\/\/www.humboldtforum.org\/de\/wp-json\/wp\/v2\/media?parent=142066"}],"wp:term":[{"taxonomy":"genre","embeddable":true,"href":"https:\/\/www.humboldtforum.org\/de\/wp-json\/wp\/v2\/genre?post=142066"},{"taxonomy":"digital","embeddable":true,"href":"https:\/\/www.humboldtforum.org\/de\/wp-json\/wp\/v2\/digital?post=142066"},{"taxonomy":"topic","embeddable":true,"href":"https:\/\/www.humboldtforum.org\/de\/wp-json\/wp\/v2\/topic?post=142066"},{"taxonomy":"stakeholder","embeddable":true,"href":"https:\/\/www.humboldtforum.org\/de\/wp-json\/wp\/v2\/stakeholder?post=142066"},{"taxonomy":"editorial","embeddable":true,"href":"https:\/\/www.humboldtforum.org\/de\/wp-json\/wp\/v2\/editorial?post=142066"},{"taxonomy":"editorialfilter","embeddable":true,"href":"https:\/\/www.humboldtforum.org\/de\/wp-json\/wp\/v2\/editorialfilter?post=142066"},{"taxonomy":"targetgroup","embeddable":true,"href":"https:\/\/www.humboldtforum.org\/de\/wp-json\/wp\/v2\/targetgroup?post=142066"},{"taxonomy":"language","embeddable":true,"href":"https:\/\/www.humboldtforum.org\/de\/wp-json\/wp\/v2\/language?post=142066"},{"taxonomy":"accessability","embeddable":true,"href":"https:\/\/www.humboldtforum.org\/de\/wp-json\/wp\/v2\/accessability?post=142066"},{"taxonomy":"age","embeddable":true,"href":"https:\/\/www.humboldtforum.org\/de\/wp-json\/wp\/v2\/age?post=142066"},{"taxonomy":"school","embeddable":true,"href":"https:\/\/www.humboldtforum.org\/de\/wp-json\/wp\/v2\/school?post=142066"},{"taxonomy":"groupsize","embeddable":true,"href":"https:\/\/www.humboldtforum.org\/de\/wp-json\/wp\/v2\/groupsize?post=142066"},{"taxonomy":"place","embeddable":true,"href":"https:\/\/www.humboldtforum.org\/de\/wp-json\/wp\/v2\/place?post=142066"}],"curies":[{"name":"wp","href":"https:\/\/api.w.org\/{rel}","templated":true}]}}