{"id":142527,"date":"2025-01-22T11:23:28","date_gmt":"2025-01-22T10:23:28","guid":{"rendered":"https:\/\/www.humboldtforum.org\/?post_type=event&#038;p=142527"},"modified":"2025-02-03T11:31:19","modified_gmt":"2025-02-03T10:31:19","slug":"second-world-music","status":"publish","type":"event","link":"https:\/\/www.humboldtforum.org\/de\/programm\/termin\/gespraech\/second-world-music-142527\/","title":{"rendered":"Second World Music"},"content":{"rendered":"<section class=\"block block-copy\" >\n    <div class=\"container-fluid\">\n\t\t<div class=\"row \">\n            <div class=\"col-xs-12 col-md-offset-2 col-md-8\">\n                <div class=\"box\">\n                    <div class=\"copy\"><p>In der\u00a0<span class=\"w-term-highlight\">DDR<\/span>\u00a0war das Mitsingen von politischen Liedern aus aller Welt eine M\u00f6glichkeit, Internationalismus und Solidarit\u00e4t zu verk\u00f6rpern. Im\u00a0<span class=\"w-term-highlight\">DDR<\/span>-Rundfunk wurden vornehmlich Aufnahmen von formale Vereinbarungen und Musik von Einzelpersonen gespielt. Sp\u00e4ter wurden dann Aufnahmen von\u00a0<span class=\"w-term-highlight\">DDR<\/span>-Musikfestivals wie dem Festival des politischen Liedes (FdpL), das vom Oktoberklub 1970-1990 organisiert wurde, gesendet. Das FdPL, m\u00f6glicherweise das erste Weltmusikfestival, brachte K\u00fcnstler*innen aus allen Kontinenten nach\u00a0<span class=\"w-term-highlight\">Ost-Berlin<\/span>. Festivalveranstaltungen, Aufnahmen und Liederb\u00fccher halfen Singeklubs, ihr Repertoire zu erweitern und lateinamerikanische Lieder wie \u201eVenceremos\u201c wurden besonders h\u00e4ufig gesungen.<\/p>\n<p>W\u00e4hrend des Gespr\u00e4ches &#8222;Second World Music&#8220; reflektieren Festivalorganisator*innen und Oktoberklub-Mitglieder \u00fcber die internationalen Verbindungen und Beziehungen, die durch Lieder gekn\u00fcpft wurden, w\u00e4hrend DJ Yuriy ausgew\u00e4hlte Festivalaufnahmen auflegt, die gemeinsam angeh\u00f6rt werden. Vielleicht singt das Publikum sogar mit und erweckt die Schallkreise der Zweiten Welt wieder zum Leben! Anschlie\u00dfend folgt eine F\u00fchrung in die Ausstellung &#8222;\u00dcber Grenzen&#8220;, um mit ehemaligen Mitarbeiter*innen \u00fcber die internationalen Beziehungen des\u00a0<span class=\"w-term-highlight\">DDR<\/span>-Rundfunks zu sprechen. Nach dem Anh\u00f6ren von Ausschnitten aus dem lateinamerikanischen Programm des\u00a0<span class=\"w-term-highlight\">DDR<\/span>-Rundfunks wird das Publikum eingeladen, einen der vielen \u201eneuen Gesellschaftst\u00e4nze\u201c zu lernen, die in der\u00a0<span class=\"w-term-highlight\">DDR<\/span>\u00a0erfunden und in den 1950er- und 1960er-Jahren \u00fcber das Rundfunksystem verbreitet wurden. Sie sollten die \u201eneue sozialistische Pers\u00f6nlichkeit\u201c f\u00f6rdern und k\u00f6nnen vielleicht auch Ihnen dabei helfen, ein \u201eneues Ich\u201c zu finden.<\/p>\n<\/div>\n                <\/div>\n            <\/div>\n\t\t<\/div>\n\t\t    <\/div>\n<\/section>\n\n\n<section class=\"block block-gallery\">\n\t<div class=\"container-fluid\">\n\t\t<div class=\"row center-xs\">\n\t\t\t<div class=\"col-xs-12\">\n\t\t\t\t<div class=\"box text-align-left\">\n\t\t\t\t\t<block-gallery inline-template>\n\t\t\t\t\t\t<div :class=\"{ firstLoaded: firstLoaded }\">\n\t\t\t\t\t\t\t<script type=\"application\/json\" ref=\"data\">\n\t\t\t\t\t\t\t{\n\t\t\t\t\t\t\t\t\"images\" : [{\"id\":0,\"width\":3000,\"height\":4000,\"alt\":\"Cover einer Schallplatte aus der DDR, auf einem Tisch mit weiteren Platten im Hintergrund.\",\"title\":\"\",\"description\":\"\",\"label\":\"Tonband vom Rundfunk der Deutschen Demokratischen Republik f&uuml;r die Veranstaltung &quot;Second World Music&quot; \",\"copyright\":\"Sydney Hutchinson\",\"path\":\"\\\/wp-content\\\/uploads\\\/2025\\\/01\\\/\",\"sizes\":{\"medium\":{\"file\":\"SHF_eb00243878-rotated-225x300.jpg\",\"width\":225,\"height\":300,\"mime-type\":\"image\\\/jpeg\",\"filesize\":13431},\"large\":{\"file\":\"SHF_eb00243878-rotated-768x1024.jpg\",\"width\":768,\"height\":1024,\"mime-type\":\"image\\\/jpeg\",\"filesize\":91823},\"thumbnail\":{\"file\":\"SHF_eb00243878-rotated-150x150.jpg\",\"width\":150,\"height\":150,\"mime-type\":\"image\\\/jpeg\",\"filesize\":5959},\"medium_large\":{\"file\":\"SHF_eb00243878-rotated-768x1024.jpg\",\"width\":768,\"height\":1024,\"mime-type\":\"image\\\/jpeg\",\"filesize\":91823},\"small\":{\"file\":\"SHF_eb00243878-rotated-330x440.jpg\",\"width\":330,\"height\":440,\"mime-type\":\"image\\\/jpeg\",\"filesize\":23718},\"semi\":{\"file\":\"SHF_eb00243878-rotated-435x580.jpg\",\"width\":435,\"height\":580,\"mime-type\":\"image\\\/jpeg\",\"filesize\":37048},\"mobile\":{\"file\":\"SHF_eb00243878-rotated-540x720.jpg\",\"width\":540,\"height\":720,\"mime-type\":\"image\\\/jpeg\",\"filesize\":51945},\"hd\":{\"file\":\"SHF_eb00243878-rotated-960x1280.jpg\",\"width\":960,\"height\":1280,\"mime-type\":\"image\\\/jpeg\",\"filesize\":134127},\"full\":{\"file\":\"SHF_eb00243878-rotated-1440x1920.jpg\",\"width\":1440,\"height\":1920,\"mime-type\":\"image\\\/jpeg\",\"filesize\":278480},\"1536x1536\":{\"file\":\"SHF_eb00243878-rotated-1152x1536.jpg\",\"width\":1152,\"height\":1536,\"mime-type\":\"image\\\/jpeg\",\"filesize\":185024},\"2048x2048\":{\"file\":\"SHF_eb00243878-rotated-1536x2048.jpg\",\"width\":1536,\"height\":2048,\"mime-type\":\"image\\\/jpeg\",\"filesize\":315136},\"original\":{\"file\":\"SHF_eb00243878-rotated.jpg\",\"width\":3000,\"height\":4000}}},{\"id\":1,\"width\":3000,\"height\":4000,\"alt\":\"F&uuml;nf Ausgaben der Zeitschrift &quot;FZ&quot; mit unterschiedlichen schwarz-wei&szlig;en Coverdesigns und Titeln.\",\"title\":\"\",\"description\":\"\",\"label\":\"Konvolut Tageszeitung vom Festival des politischen Liedes f&uuml;r die Veranstaltung &quot;Second World Music&quot; \",\"copyright\":\"\",\"path\":\"\\\/wp-content\\\/uploads\\\/2025\\\/01\\\/\",\"sizes\":{\"medium\":{\"file\":\"SHF_eb00243882-rotated-225x300.jpg\",\"width\":225,\"height\":300,\"mime-type\":\"image\\\/jpeg\",\"filesize\":17311},\"large\":{\"file\":\"SHF_eb00243882-rotated-768x1024.jpg\",\"width\":768,\"height\":1024,\"mime-type\":\"image\\\/jpeg\",\"filesize\":159947},\"thumbnail\":{\"file\":\"SHF_eb00243882-rotated-150x150.jpg\",\"width\":150,\"height\":150,\"mime-type\":\"image\\\/jpeg\",\"filesize\":7684},\"medium_large\":{\"file\":\"SHF_eb00243882-rotated-768x1024.jpg\",\"width\":768,\"height\":1024,\"mime-type\":\"image\\\/jpeg\",\"filesize\":159947},\"small\":{\"file\":\"SHF_eb00243882-rotated-330x440.jpg\",\"width\":330,\"height\":440,\"mime-type\":\"image\\\/jpeg\",\"filesize\":32885},\"semi\":{\"file\":\"SHF_eb00243882-rotated-435x580.jpg\",\"width\":435,\"height\":580,\"mime-type\":\"image\\\/jpeg\",\"filesize\":55149},\"mobile\":{\"file\":\"SHF_eb00243882-rotated-540x720.jpg\",\"width\":540,\"height\":720,\"mime-type\":\"image\\\/jpeg\",\"filesize\":82868},\"hd\":{\"file\":\"SHF_eb00243882-rotated-960x1280.jpg\",\"width\":960,\"height\":1280,\"mime-type\":\"image\\\/jpeg\",\"filesize\":240162},\"full\":{\"file\":\"SHF_eb00243882-rotated-1440x1920.jpg\",\"width\":1440,\"height\":1920,\"mime-type\":\"image\\\/jpeg\",\"filesize\":491864},\"1536x1536\":{\"file\":\"SHF_eb00243882-rotated-1152x1536.jpg\",\"width\":1152,\"height\":1536,\"mime-type\":\"image\\\/jpeg\",\"filesize\":332938},\"2048x2048\":{\"file\":\"SHF_eb00243882-rotated-1536x2048.jpg\",\"width\":1536,\"height\":2048,\"mime-type\":\"image\\\/jpeg\",\"filesize\":548221},\"original\":{\"file\":\"SHF_eb00243882-rotated.jpg\",\"width\":3000,\"height\":4000}}},{\"id\":2,\"width\":3000,\"height\":4000,\"alt\":\"Auf dem Bild sind ein Tonband und eine gelbe H&uuml;lle des DDR-Rundfunks zu sehen.\",\"title\":\"\",\"description\":\"\",\"label\":\"Tonband vom Rundfunk der Deutschen Demokratischen Republik f&uuml;r die Veranstaltung &quot;Second World Music&quot;\",\"copyright\":\"Sydney Hutchinson\",\"path\":\"\\\/wp-content\\\/uploads\\\/2025\\\/01\\\/\",\"sizes\":{\"medium\":{\"file\":\"SHF_eb00243884-rotated-225x300.jpg\",\"width\":225,\"height\":300,\"mime-type\":\"image\\\/jpeg\",\"filesize\":13674},\"large\":{\"file\":\"SHF_eb00243884-rotated-768x1024.jpg\",\"width\":768,\"height\":1024,\"mime-type\":\"image\\\/jpeg\",\"filesize\":133391},\"thumbnail\":{\"file\":\"SHF_eb00243884-rotated-150x150.jpg\",\"width\":150,\"height\":150,\"mime-type\":\"image\\\/jpeg\",\"filesize\":5831},\"medium_large\":{\"file\":\"SHF_eb00243884-rotated-768x1024.jpg\",\"width\":768,\"height\":1024,\"mime-type\":\"image\\\/jpeg\",\"filesize\":133391},\"small\":{\"file\":\"SHF_eb00243884-rotated-330x440.jpg\",\"width\":330,\"height\":440,\"mime-type\":\"image\\\/jpeg\",\"filesize\":26984},\"semi\":{\"file\":\"SHF_eb00243884-rotated-435x580.jpg\",\"width\":435,\"height\":580,\"mime-type\":\"image\\\/jpeg\",\"filesize\":46002},\"mobile\":{\"file\":\"SHF_eb00243884-rotated-540x720.jpg\",\"width\":540,\"height\":720,\"mime-type\":\"image\\\/jpeg\",\"filesize\":68720},\"hd\":{\"file\":\"SHF_eb00243884-rotated-960x1280.jpg\",\"width\":960,\"height\":1280,\"mime-type\":\"image\\\/jpeg\",\"filesize\":200742},\"full\":{\"file\":\"SHF_eb00243884-rotated-1440x1920.jpg\",\"width\":1440,\"height\":1920,\"mime-type\":\"image\\\/jpeg\",\"filesize\":409512},\"1536x1536\":{\"file\":\"SHF_eb00243884-rotated-1152x1536.jpg\",\"width\":1152,\"height\":1536,\"mime-type\":\"image\\\/jpeg\",\"filesize\":278062},\"2048x2048\":{\"file\":\"SHF_eb00243884-rotated-1536x2048.jpg\",\"width\":1536,\"height\":2048,\"mime-type\":\"image\\\/jpeg\",\"filesize\":457670},\"original\":{\"file\":\"SHF_eb00243884-rotated.jpg\",\"width\":3000,\"height\":4000}}},{\"id\":3,\"width\":3000,\"height\":4000,\"alt\":\"Cover der Zeitschrift FZ 6, minimalistisches Design mit abstrakten Formen und grafischem Layout.\",\"title\":\"\",\"description\":\"\",\"label\":\"Tageszeitung &quot;FZ 6&quot; vom 14. Festival des politischen Liedes (18.02.1984) f&uuml;r die Veranstaltung &quot;Second World Music&quot;\",\"copyright\":\"Sydney Hutchinson\",\"path\":\"\\\/wp-content\\\/uploads\\\/2025\\\/01\\\/\",\"sizes\":{\"medium\":{\"file\":\"SHF_eb00243889-225x300.jpg\",\"width\":225,\"height\":300,\"mime-type\":\"image\\\/jpeg\",\"filesize\":10410},\"large\":{\"file\":\"SHF_eb00243889-768x1024.jpg\",\"width\":768,\"height\":1024,\"mime-type\":\"image\\\/jpeg\",\"filesize\":92076},\"thumbnail\":{\"file\":\"SHF_eb00243889-150x150.jpg\",\"width\":150,\"height\":150,\"mime-type\":\"image\\\/jpeg\",\"filesize\":4763},\"medium_large\":{\"file\":\"SHF_eb00243889-768x1024.jpg\",\"width\":768,\"height\":1024,\"mime-type\":\"image\\\/jpeg\",\"filesize\":92076},\"small\":{\"file\":\"SHF_eb00243889-330x440.jpg\",\"width\":330,\"height\":440,\"mime-type\":\"image\\\/jpeg\",\"filesize\":19797},\"semi\":{\"file\":\"SHF_eb00243889-435x580.jpg\",\"width\":435,\"height\":580,\"mime-type\":\"image\\\/jpeg\",\"filesize\":31563},\"mobile\":{\"file\":\"SHF_eb00243889-540x720.jpg\",\"width\":540,\"height\":720,\"mime-type\":\"image\\\/jpeg\",\"filesize\":46996},\"hd\":{\"file\":\"SHF_eb00243889-960x1280.jpg\",\"width\":960,\"height\":1280,\"mime-type\":\"image\\\/jpeg\",\"filesize\":142027},\"full\":{\"file\":\"SHF_eb00243889-1440x1920.jpg\",\"width\":1440,\"height\":1920,\"mime-type\":\"image\\\/jpeg\",\"filesize\":313662},\"1536x1536\":{\"file\":\"SHF_eb00243889-1152x1536.jpg\",\"width\":1152,\"height\":1536,\"mime-type\":\"image\\\/jpeg\",\"filesize\":200616},\"2048x2048\":{\"file\":\"SHF_eb00243889-1536x2048.jpg\",\"width\":1536,\"height\":2048,\"mime-type\":\"image\\\/jpeg\",\"filesize\":356420},\"original\":{\"file\":\"SHF_eb00243889.jpg\",\"width\":3000,\"height\":4000}}},{\"id\":4,\"width\":3000,\"height\":4000,\"alt\":\"Cover eines Magazins mit dem Titel &quot;Vorstellungen&quot; und Protestbildern f&uuml;r Freiheit in Afrika, u.a. &quot;Mandela f&uuml;r Freiheit&quot;.\",\"title\":\"\",\"description\":\"\",\"label\":\"Tageszeitung &quot;FZ 1&quot; vom 16. Festival des politischen Liedes (17.02.1986) f&uuml;r die Veranstaltung &quot;Second World Music&quot;\",\"copyright\":\"Sydney Hutchinson\",\"path\":\"\\\/wp-content\\\/uploads\\\/2025\\\/01\\\/\",\"sizes\":{\"medium\":{\"file\":\"SHF_eb00243890-225x300.jpg\",\"width\":225,\"height\":300,\"mime-type\":\"image\\\/jpeg\",\"filesize\":19809},\"large\":{\"file\":\"SHF_eb00243890-768x1024.jpg\",\"width\":768,\"height\":1024,\"mime-type\":\"image\\\/jpeg\",\"filesize\":207072},\"thumbnail\":{\"file\":\"SHF_eb00243890-150x150.jpg\",\"width\":150,\"height\":150,\"mime-type\":\"image\\\/jpeg\",\"filesize\":8140},\"medium_large\":{\"file\":\"SHF_eb00243890-768x1024.jpg\",\"width\":768,\"height\":1024,\"mime-type\":\"image\\\/jpeg\",\"filesize\":207072},\"small\":{\"file\":\"SHF_eb00243890-330x440.jpg\",\"width\":330,\"height\":440,\"mime-type\":\"image\\\/jpeg\",\"filesize\":41906},\"semi\":{\"file\":\"SHF_eb00243890-435x580.jpg\",\"width\":435,\"height\":580,\"mime-type\":\"image\\\/jpeg\",\"filesize\":70105},\"mobile\":{\"file\":\"SHF_eb00243890-540x720.jpg\",\"width\":540,\"height\":720,\"mime-type\":\"image\\\/jpeg\",\"filesize\":107136},\"hd\":{\"file\":\"SHF_eb00243890-960x1280.jpg\",\"width\":960,\"height\":1280,\"mime-type\":\"image\\\/jpeg\",\"filesize\":308271},\"full\":{\"file\":\"SHF_eb00243890-1440x1920.jpg\",\"width\":1440,\"height\":1920,\"mime-type\":\"image\\\/jpeg\",\"filesize\":612694},\"1536x1536\":{\"file\":\"SHF_eb00243890-1152x1536.jpg\",\"width\":1152,\"height\":1536,\"mime-type\":\"image\\\/jpeg\",\"filesize\":423975},\"2048x2048\":{\"file\":\"SHF_eb00243890-1536x2048.jpg\",\"width\":1536,\"height\":2048,\"mime-type\":\"image\\\/jpeg\",\"filesize\":679941},\"original\":{\"file\":\"SHF_eb00243890.jpg\",\"width\":3000,\"height\":4000}}},{\"id\":5,\"width\":3000,\"height\":4000,\"alt\":\"Cover der FZ Zeitschrift mit Veranstaltungen, Slogans und Bildern von Menschen auf einem Jahrmarkt.\",\"title\":\"\",\"description\":\"\",\"label\":\"Tageszeitung &quot;FZ 6&quot; vom 13. Festival des politischen Liedes (18.02.1983) f&uuml;r die Veranstaltung &quot;Second World Music&quot;\",\"copyright\":\"Sydney Hutchinson\",\"path\":\"\\\/wp-content\\\/uploads\\\/2025\\\/01\\\/\",\"sizes\":{\"medium\":{\"file\":\"SHF_eb00243891-225x300.jpg\",\"width\":225,\"height\":300,\"mime-type\":\"image\\\/jpeg\",\"filesize\":16670},\"large\":{\"file\":\"SHF_eb00243891-768x1024.jpg\",\"width\":768,\"height\":1024,\"mime-type\":\"image\\\/jpeg\",\"filesize\":131249},\"thumbnail\":{\"file\":\"SHF_eb00243891-150x150.jpg\",\"width\":150,\"height\":150,\"mime-type\":\"image\\\/jpeg\",\"filesize\":7173},\"medium_large\":{\"file\":\"SHF_eb00243891-768x1024.jpg\",\"width\":768,\"height\":1024,\"mime-type\":\"image\\\/jpeg\",\"filesize\":131249},\"small\":{\"file\":\"SHF_eb00243891-330x440.jpg\",\"width\":330,\"height\":440,\"mime-type\":\"image\\\/jpeg\",\"filesize\":31550},\"semi\":{\"file\":\"SHF_eb00243891-435x580.jpg\",\"width\":435,\"height\":580,\"mime-type\":\"image\\\/jpeg\",\"filesize\":50206},\"mobile\":{\"file\":\"SHF_eb00243891-540x720.jpg\",\"width\":540,\"height\":720,\"mime-type\":\"image\\\/jpeg\",\"filesize\":71585},\"hd\":{\"file\":\"SHF_eb00243891-960x1280.jpg\",\"width\":960,\"height\":1280,\"mime-type\":\"image\\\/jpeg\",\"filesize\":193877},\"full\":{\"file\":\"SHF_eb00243891-1440x1920.jpg\",\"width\":1440,\"height\":1920,\"mime-type\":\"image\\\/jpeg\",\"filesize\":401882},\"1536x1536\":{\"file\":\"SHF_eb00243891-1152x1536.jpg\",\"width\":1152,\"height\":1536,\"mime-type\":\"image\\\/jpeg\",\"filesize\":266612},\"2048x2048\":{\"file\":\"SHF_eb00243891-1536x2048.jpg\",\"width\":1536,\"height\":2048,\"mime-type\":\"image\\\/jpeg\",\"filesize\":452241},\"original\":{\"file\":\"SHF_eb00243891.jpg\",\"width\":3000,\"height\":4000}}},{\"id\":6,\"width\":4000,\"height\":3000,\"alt\":\"Historische Dokumente, darunter ein Buch &uuml;ber deutsche demokratische Bewegungen und eine Kassette, liegen auf einem Tisch.\",\"title\":\"\",\"description\":\"\",\"label\":\"Tonband vom Rundfunk der Deutschen Demokratischen Republik f&uuml;r die Veranstaltung &quot;Second World Music&quot;\",\"copyright\":\"Sydney Hutchinson\",\"path\":\"\\\/wp-content\\\/uploads\\\/2025\\\/01\\\/\",\"sizes\":{\"medium\":{\"file\":\"SHF_eb00243892-300x225.jpg\",\"width\":300,\"height\":225,\"mime-type\":\"image\\\/jpeg\",\"filesize\":13688},\"large\":{\"file\":\"SHF_eb00243892-1024x768.jpg\",\"width\":1024,\"height\":768,\"mime-type\":\"image\\\/jpeg\",\"filesize\":117832},\"thumbnail\":{\"file\":\"SHF_eb00243892-150x150.jpg\",\"width\":150,\"height\":150,\"mime-type\":\"image\\\/jpeg\",\"filesize\":5891},\"medium_large\":{\"file\":\"SHF_eb00243892-768x576.jpg\",\"width\":768,\"height\":576,\"mime-type\":\"image\\\/jpeg\",\"filesize\":69695},\"small\":{\"file\":\"SHF_eb00243892-440x330.jpg\",\"width\":440,\"height\":330,\"mime-type\":\"image\\\/jpeg\",\"filesize\":25734},\"semi\":{\"file\":\"SHF_eb00243892-580x435.jpg\",\"width\":580,\"height\":435,\"mime-type\":\"image\\\/jpeg\",\"filesize\":42139},\"mobile\":{\"file\":\"SHF_eb00243892-720x540.jpg\",\"width\":720,\"height\":540,\"mime-type\":\"image\\\/jpeg\",\"filesize\":62364},\"hd\":{\"file\":\"SHF_eb00243892-1280x960.jpg\",\"width\":1280,\"height\":960,\"mime-type\":\"image\\\/jpeg\",\"filesize\":175692},\"full\":{\"file\":\"SHF_eb00243892-1920x1440.jpg\",\"width\":1920,\"height\":1440,\"mime-type\":\"image\\\/jpeg\",\"filesize\":350537},\"1536x1536\":{\"file\":\"SHF_eb00243892-1536x1152.jpg\",\"width\":1536,\"height\":1152,\"mime-type\":\"image\\\/jpeg\",\"filesize\":240251},\"2048x2048\":{\"file\":\"SHF_eb00243892-2048x1536.jpg\",\"width\":2048,\"height\":1536,\"mime-type\":\"image\\\/jpeg\",\"filesize\":390972},\"original\":{\"file\":\"SHF_eb00243892.jpg\",\"width\":4000,\"height\":3000}}}]\t\t\t\t\t\t\t}\n\t\t\t\t\t\t\t<\/script>\n\n\t\t\t\t\t\t\t<swiper :options=\"options\" @slide-change=\"track\">\n\t\t\t\t\t\t\t\t<div class=\"swiper-slide\" :key=\"image.id\" v-for=\"image in images\">\n\t\t\t\t\t\t\t\t\t<block-gallery-item inline-template :image=\"image\">\n\t\t\t\t\t\t\t\t\t\t<figure class=\"swiper-slide-image-wrapper\" ref=\"parent\">\n\t\t\t\t\t\t\t\t\t\t\t<div class=\"width-container\" ref=\"container\" :style=\"style\">\n\t\t\t\t\t\t\t\t\t\t\t\t<div data-swiper-parallax-x=\"50%\">\n\t\t\t\t\t\t\t\t\t\t\t\t<img :src=\"image.src\" :alt=\"image.alt\" v-if=\"image.id < 2\">\n\t\t\t\t\t\t\t\t\t\t\t\t<img class=\"swiper-lazy\" :data-src=\"image.src\" :alt=\"image.alt\" v-else>\n\t\t\t\t\t\t\t\t\t\t\t\t<\/div>\n\t\t\t\t\t\t\t\t\t\t\t<\/div>\n\t\t\t\t\t\t\t\t\t\t<\/figure>\n\t\t\t\t\t\t\t\t\t<\/block-gallery-item>\n\n\t\t\t\t\t\t\t\t\t<figcaption>\n\t\t\t\t\t\t\t\t\t\t<div class=\"lazy-media-info-body-content\">\n\t\t\t\t\t\t\t\t\t\t\t<div v-html=\"image.label\"><\/div>\n\t\t\t\t\t\t\t\t\t\t\t<div v-html=\"image.description\"><\/div>\n\t\t\t\t\t\t\t\t\t\t\t<div class=\"insignificant\" v-if=\"image.copyright\" v-html=\"'\u00a9 '+image.copyright\"><\/div>\n\t\t\t\t\t\t\t\t\t\t<\/div>\n\t\t\t\t\t\t\t\t\t<\/figcaption>\n\t\t\t\t\t\t\t\t<\/div>\n\n\t\t\t\t\t\t\t\t<div class=\"swiper-pagination\"  slot=\"pagination\"><\/div>\n\n\t\t\t\t\t\t\t\t<button class=\"icon-round swiper-button-prev\" slot=\"button-prev\" aria-label=\"Vorheriges Bild\">\n\t\t\t\t\t\t\t\t\t<span class=\"icon-next\" aria-hidden=\"true\"><\/span>\n\t\t\t\t\t\t\t\t<\/button>\n\n\t\t\t\t\t\t\t\t<button class=\"icon-round swiper-button-next\" slot=\"button-next\" aria-label=\"N\u00e4chstes Bild\">\n\t\t\t\t\t\t\t\t\t<span class=\"icon-next\" aria-hidden=\"true\"><\/span>\n\t\t\t\t\t\t\t\t<\/button>\n\t\t\t\t\t\t\t<\/swiper>\n\t\t\t\t\t\t<\/div>\n\t\t\t\t\t<\/block-gallery>\n\t\t\t\t<\/div>\n\t\t\t<\/div>\n\t\t<\/div>\n\t<\/div>\n<\/section>\n\n<section class=\"block block-headline block-no-margin \" >\n\t<div class=\"container-fluid\">\n\t\t<div class=\"row\">\n\t\t\t\t\t\t\t<div class=\"col-xs-12 col-md-offset-2 col-md-8\">\n\t\t\t\t\t<div class=\"box\">\n\t\t\t\t\t\t<h2 class=\".h2\">Beteiligte<\/h2>\n\t\t\t\t\t<\/div>\n\t\t\t\t<\/div>\n\t\t\t\t\t<\/div>\n\t<\/div>\n<\/section>\n\n\n\n\n\n<section class=\"block block-accordion\">\n\t<div class=\"container-fluid\">\n\t\t<div class=\"row\">\n\t\t\t<div class=\"col-xs-12 col-md-offset-2 col-md-8\">\n\t\t\t\t<div class=\"box\">\n\t\t\t\t\t\t\t\t\t\t\t<block-accordion inline-template>\n\t\t\t\t\t\t\t<div class=\"accordion\">\n\t\t\t\t\t\t\t\t\t\t\t\t\t\t\t<block-accordion-item inline-template item-headline=\"Elke\u00a0Bitterhof\">\n\t\t\t\t\t\t\t\t<div ref=\"item\" data-id=\"ElkeBitterhof\" class=\"block-accordion-item vue-initialize\" aria-expanded=\"false\" :aria-expanded=\"active ? 'true' : 'false'\">\n\t\t\t\t\t\t\t\t\t<button class=\"accordion-button-with-icon block-accordion-item-head\" :class=\"{'button-active': active}\" ref=\"head\" aria-controls=\"acc_69f0526f1c027\" id=\"acc_title_69f0526f1c02b\" @click=\"toggle\" @keydown=\"key\">\n\t\t\t\t\t\t\t\t\t<div><span class=\"button-label\">Elke\u00a0Bitterhof<\/span><\/div><span class=\"button-icon icon-plus\" aria-hidden=\"true\"><\/span>\n\t\t\t\t\t\t\t\t<\/button>\n\t\t\t\t\t\t\t\t\t<div ref=\"body\" class=\"block-accordion-item-content\" id=\"acc_69f0526f1c027\" role=\"region\">\n\t\t\t\t\t\t\t\t\t\t<div class=\"wrapper copy\">\n\t\t\t\t\t\t\t\t\t\t\t<p>Nach ihrem Tourismus-Diplom an der Verkehrshochschule Dresden studierte\u00a0Elke\u00a0Bitterhof Gesang an der Musikhochschule \u201cHanns Eisler\u201d in Berlin. Mit der legend\u00e4ren Songgruppe Oktoberklub tourte sie durch 21 L\u00e4nder.\u00a0Au\u00dferdem war sie 15 Jahre als Vize-Chefin vom Festival des politischen Liedes. So stand sie mit Harry Belafonte auf der B\u00fchne, sang neben Ernst Busch und moderierte u.a. Konzerte von Silvio Rodriguez und Mercedes Sosa.\u00a0In der DDR und im wiedervereinigten Deutschland war sie Fernsehmoderatorin und arbeitete danach mehrere Jahre als Redakteurin in der Film- und Fernsehgesellschaft Provobis sowie elf Jahre lang bei der monatlichen MDR-Fernsehsendung \u201cselbstbestimmt.\u201d<\/p>\n<p>Bei ihrem mehrj\u00e4hrigen Aufenthalt in S\u00fcdamerika lehrte sie an der Filmhochschule Santiago und fungierte als Direktorin des Deutsch-Chilenische-Kulturinstituts. 2008 wurde sie in Santiago de Chile in den Vorstand der \u201cWorld Association of Woman and Writers\u201d berufen.\u00a0Zuletzt war sie 2021-2024 Deutschland-Producerin f\u00fcr den katalanischen Fernsehsender TV3, entschied sich aber als freiberufliche Autorin, Moderatorin und S\u00e4ngerin in die kreative Szene zur\u00fcckzukehren.<\/p>\n\n\t\t\t\t\t\t\t\t\t\t\t\t\t\t\t\t\t\t\t\t\t\t\t\t\t\t\t\t\t\t\t\t\t\n\t\t\t\t\t\t\t\t\t\t\t<div class=\"row\">\n\t\t\t\t\t\t\t\t\t\t\t\t<div class=\"col-xs-9 col-md-9\">\n\t\t\t\t\t\t\t\t\t\t\t\t\t<div class=\"box\">\n\t\t\t\t\t\t\t\t\t\t\t\t\t\t\t\t\t\t\t\t\t\t\t\t\t\t\t<\/div>\n\t\t\t\t\t\t\t\t\t\t\t\t<\/div>\n\t\t\t\t\t\t\t\t\t\t\t<\/div>\n\n\t\t\t\t\t\t\t\t\t\t\t\t\t\t\t\t\t\t\t\t\t<\/div>\n\t\t\t\t\t\t\t\t\t<\/div>\n\t\t\t\t\t\t\t\t<\/div>\n\t\t\t\t\t\t\t\t<\/block-accordion-item>\n\t\t\t\t\t\t\t\t\t\t\t\t\t\t<block-accordion-item inline-template item-headline=\"Alexander Neumann\">\n\t\t\t\t\t\t\t\t<div ref=\"item\" data-id=\"AlexanderNeumann\" class=\"block-accordion-item vue-initialize\" aria-expanded=\"false\" :aria-expanded=\"active ? 'true' : 'false'\">\n\t\t\t\t\t\t\t\t\t<button class=\"accordion-button-with-icon block-accordion-item-head\" :class=\"{'button-active': active}\" ref=\"head\" aria-controls=\"acc_69f0526f1c3f9\" id=\"acc_title_69f0526f1c3fa\" @click=\"toggle\" @keydown=\"key\">\n\t\t\t\t\t\t\t\t\t<div><span class=\"button-label\">Alexander Neumann<\/span><\/div><span class=\"button-icon icon-plus\" aria-hidden=\"true\"><\/span>\n\t\t\t\t\t\t\t\t<\/button>\n\t\t\t\t\t\t\t\t\t<div ref=\"body\" class=\"block-accordion-item-content\" id=\"acc_69f0526f1c3f9\" role=\"region\">\n\t\t\t\t\t\t\t\t\t\t<div class=\"wrapper copy\">\n\t\t\t\t\t\t\t\t\t\t\t<p>Alexander Neumann ist in Dresden aufgewachsen,\u00a0hat ab 1968 dort Mathematik studiert und 1976 auf dem Feld der mathematischen Statistik promoviert. Zuletzt arbeitete er in Berlin in einem IT-Unternehmen auf dem Gebiet der Produktionsplanung. Alexander organisierte w\u00e4hrend des Studiums viele Kulturveranstaltungen und setzte das in seiner Freizeit in Berlin fort, vor allem im &#8222;Haus der jungen Talente&#8220;. So kam er 1975 geradlinig zur ehrenamtlichen Mitarbeit beim allj\u00e4hrlichen\u00a0&#8222;Festival des politischen Liedes&#8220; und war dort in unterschiedlichen Verantwortungen (Orgb\u00fcro, Programmgestaltung, Politkirmes) t\u00e4tig. \u00dcber das Jahr wirkte er in weiteren liedorientierten Veranstaltungen, so beim Berliner Liedersommer oder den Folklorefesten im HdjT\u00a01978 bis 1982. Daneben sammelte er selbst auch flei\u00dfig Schallplatten und weiteres Material, vor allem zum engagierten Lied. Derzeit betreut er im Verein &#8222;Lied und soziale Bewegungen e.V.&#8220; ein Archiv zum Festival des politischen Liedes.<\/p>\n\n\t\t\t\t\t\t\t\t\t\t\t\t\t\t\t\t\t\t\t\t\t\t\t\t\t\t\t\t\t\t\t\t\t\n\t\t\t\t\t\t\t\t\t\t\t<div class=\"row\">\n\t\t\t\t\t\t\t\t\t\t\t\t<div class=\"col-xs-9 col-md-9\">\n\t\t\t\t\t\t\t\t\t\t\t\t\t<div class=\"box\">\n\t\t\t\t\t\t\t\t\t\t\t\t\t\t\t\t\t\t\t\t\t\t\t\t\t\t\t<\/div>\n\t\t\t\t\t\t\t\t\t\t\t\t<\/div>\n\t\t\t\t\t\t\t\t\t\t\t<\/div>\n\n\t\t\t\t\t\t\t\t\t\t\t\t\t\t\t\t\t\t\t\t\t<\/div>\n\t\t\t\t\t\t\t\t\t<\/div>\n\t\t\t\t\t\t\t\t<\/div>\n\t\t\t\t\t\t\t\t<\/block-accordion-item>\n\t\t\t\t\t\t\t\t\t\t\t\t\t\t<block-accordion-item inline-template item-headline=\"Sydney Hutchinson\">\n\t\t\t\t\t\t\t\t<div ref=\"item\" data-id=\"SydneyHutchinson\" class=\"block-accordion-item vue-initialize\" aria-expanded=\"false\" :aria-expanded=\"active ? 'true' : 'false'\">\n\t\t\t\t\t\t\t\t\t<button class=\"accordion-button-with-icon block-accordion-item-head\" :class=\"{'button-active': active}\" ref=\"head\" aria-controls=\"acc_69f0526f1c6e3\" id=\"acc_title_69f0526f1c6e6\" @click=\"toggle\" @keydown=\"key\">\n\t\t\t\t\t\t\t\t\t<div><span class=\"button-label\">Sydney Hutchinson<\/span><\/div><span class=\"button-icon icon-plus\" aria-hidden=\"true\"><\/span>\n\t\t\t\t\t\t\t\t<\/button>\n\t\t\t\t\t\t\t\t\t<div ref=\"body\" class=\"block-accordion-item-content\" id=\"acc_69f0526f1c6e3\" role=\"region\">\n\t\t\t\t\t\t\t\t\t\t<div class=\"wrapper copy\">\n\t\t\t\t\t\t\t\t\t\t\t<p>Dr. Sydney Hutchinson ist Ethnomusikologin und Autorin bzw. Herausgeberin von f\u00fcnf B\u00fcchern \u00fcber lateinamerikanische und karibische Musik und T\u00e4nze. Fr\u00fcher hatte sie die Professur f\u00fcr Musikethnologie an der Syracuse University (New York) inne; jetzt ist sie am Institut f\u00fcr Musik- und Medienwissenschaft der Humboldt-Universit\u00e4t t\u00e4tig, wo sie das Projekt \u201eZweite-Welt-Musik: Lateinamerika, die DDR, und der Schallkreis des Sozialismus\u201c leitet.<\/p>\n\n\t\t\t\t\t\t\t\t\t\t\t\t\t\t\t\t\t\t\t\t\t\t\t\t\t\t\t\t\t\t\t\t\t\n\t\t\t\t\t\t\t\t\t\t\t<div class=\"row\">\n\t\t\t\t\t\t\t\t\t\t\t\t<div class=\"col-xs-9 col-md-9\">\n\t\t\t\t\t\t\t\t\t\t\t\t\t<div class=\"box\">\n\t\t\t\t\t\t\t\t\t\t\t\t\t\t\t\t\t\t\t\t\t\t\t\t\t\t\t<\/div>\n\t\t\t\t\t\t\t\t\t\t\t\t<\/div>\n\t\t\t\t\t\t\t\t\t\t\t<\/div>\n\n\t\t\t\t\t\t\t\t\t\t\t\t\t\t\t\t\t\t\t\t\t<\/div>\n\t\t\t\t\t\t\t\t\t<\/div>\n\t\t\t\t\t\t\t\t<\/div>\n\t\t\t\t\t\t\t\t<\/block-accordion-item>\n\t\t\t\t\t\t\t\t\t\t\t\t\t<\/div>\n\t\t\t\t\t\t<\/block-accordion>\n\t\t\t\t\t\t\t\t\t<\/div>\n\t\t\t<\/div>\n\t\t<\/div>\n\t<\/div>\n<\/section>\n\n\n<section class=\"block block-logos\" >\n    <div class=\"container-fluid\">\n\t\t<div class=\"row\">\n\t\t\t<div class=\"col-xs-12 col-sm-8 col-sm-offset-2\">\n\t\t\t\t<div class=\"box\">\n\t\t\t\t\t<div class=\"row  middle-xs\">\n\t\t\t\t\t\t\n\t\t\t\t\t\t<div class=\"col-xs-4 col-sm-3 col-sm-2\">\n\t\t\t\t\t\t\t<div class=\"box margin-sixth-top\">\n\t\t\t\t\t\t\t\t<img decoding=\"async\" alt=\"Staatliche Museen zu Berlin (SMB)\" src=\"https:\/\/www.humboldtforum.org\/wp-content\/uploads\/2020\/04\/SMB_Logo_Black_sRGB.png\" style=\"display: inline-block; width: 100%\" \/>\n\t\t\t\t\t\t\t<\/div>\n\t\t\t\t\t\t<\/div>\n\t\t\t\t\t\t\t\t\t\t\t<\/div>\n\t\t\t\t<\/div>\n\t\t\t<\/div>\n        <\/div>\n    <\/div>\n<\/section>\n\n\n<section class=\"block block-teaser col-1 has-bg\" style=\"--teaser-bg:#f2f2f2\">\n\t<lazy-component :fixed-min-height=\"400\">\n\t\n\t\t\t\t\t<div class=\"container-fluid\">\n\t\t\t\t<div class=\"row bottom-xs\">\n\t\t\t\t\t<div class=\"col-xs-12 col-sm-10 col-md-8 col-sm-offset-1 col-md-offset-2\">\n\t\t\t\t\t\t<h4>geh\u00f6rt zu<\/h4>\t\t\t\t\t\t\t\t\t\t\t\t\t\t\t\t\t\t\t<\/div>\n\t\t\t\t\t<div class=\"col-xs-12 col-sm-10 col-md-8 col-sm-offset-1 col-md-offset-2 start-xs end-md margin-bottom-sixth\">\n\t\t\t\t\t\t\t\t\t\t\t<\/div>\n\t\t\t\t<\/div>\n\t\t\t\t<ul class=\"row\">\n\t\t\t\n<li class=\"col-xs-12 teaser-wrapper col-padding-remove\">\n\t<calendarteaser key=\"11655815205\" rawitem='{&quot;postId&quot;:116558,&quot;title&quot;:&quot;Hin und weg. Der Palast der Republik ist Gegenwart&quot;,&quot;excerpt&quot;:&quot;&quot;,&quot;slug&quot;:&quot;hin-und-weg-der-palast-der-republik-ist-gegenwart&quot;,&quot;post_date&quot;:&quot;2023-12-18T15:27&quot;,&quot;type&quot;:&quot;event-period&quot;,&quot;permalink&quot;:&quot;https:\\\/\\\/www.humboldtforum.org\\\/de\\\/programm\\\/laufzeitangebot\\\/ausstellung\\\/hin-und-weg-der-palast-der-republik-ist-gegenwart-116558\\\/&quot;,&quot;genre&quot;:[391,879],&quot;genre_details&quot;:[{&quot;text&quot;:&quot;Ausstellung&quot;,&quot;id&quot;:391,&quot;icon&quot;:null,&quot;parent&quot;:0},{&quot;text&quot;:&quot;Programm&quot;,&quot;id&quot;:879,&quot;icon&quot;:null,&quot;parent&quot;:0}],&quot;language&quot;:[384,385],&quot;language_details&quot;:[{&quot;text&quot;:&quot;Deutsch&quot;,&quot;id&quot;:384,&quot;icon&quot;:null,&quot;parent&quot;:0},{&quot;text&quot;:&quot;Englisch&quot;,&quot;id&quot;:385,&quot;icon&quot;:null,&quot;parent&quot;:0}],&quot;accessability&quot;:[430],&quot;accessability_details&quot;:[{&quot;text&quot;:&quot;Rollstuhlgerecht&quot;,&quot;id&quot;:430,&quot;icon&quot;:null,&quot;parent&quot;:0}],&quot;place&quot;:[1391],&quot;place_details&quot;:{&quot;place&quot;:&quot;Humboldt Forum&quot;,&quot;map&quot;:&quot;Humboldt Forum, Schlossplatz, Berlin&quot;,&quot;room&quot;:&quot;Sonderausstellung 1+2, EG&quot;},&quot;icon_overwrite&quot;:&quot;&quot;,&quot;acf&quot;:{&quot;noindex&quot;:false,&quot;keywords&quot;:&quot;&quot;,&quot;shorturl&quot;:&quot;pdr&quot;,&quot;planning&quot;:{&quot;price&quot;:&quot;12 \\u20ac \\\/ 6 \\u20ac&quot;,&quot;status&quot;:&quot;BUY&quot;,&quot;info&quot;:&quot;&quot;,&quot;shop&quot;:&quot;https:\\\/\\\/tickets.humboldtforum.org\\\/#\\\/tickets\\\/time?museum_id=1&amp;exhibition_id=16&amp;group=day&amp;date=2024-05-17&quot;,&quot;can_purchase&quot;:true},&quot;use_opening_hours_of_the_house&quot;:false,&quot;periods&quot;:[{&quot;label&quot;:&quot;&quot;,&quot;dates&quot;:[{&quot;start&quot;:&quot;202405170000&quot;,&quot;end&quot;:&quot;202502160000&quot;,&quot;has_end&quot;:true,&quot;start_HRFSHORT&quot;:&quot;17.05.24&quot;,&quot;start_HRFSHORT_WD&quot;:&quot;Fr 17.05.2024&quot;,&quot;end_HRFSHORT&quot;:&quot;16.02.25&quot;}],&quot;monday&quot;:[{&quot;start&quot;:&quot;10:30&quot;,&quot;end&quot;:&quot;18:30&quot;,&quot;closed&quot;:false}],&quot;tuesday&quot;:[{&quot;start&quot;:null,&quot;end&quot;:null,&quot;closed&quot;:true}],&quot;wednesday&quot;:[{&quot;start&quot;:&quot;10:30&quot;,&quot;end&quot;:&quot;18:30&quot;,&quot;closed&quot;:false}],&quot;thursday&quot;:[{&quot;start&quot;:&quot;10:30&quot;,&quot;end&quot;:&quot;18:30&quot;,&quot;closed&quot;:false}],&quot;friday&quot;:[{&quot;start&quot;:&quot;10:30&quot;,&quot;end&quot;:&quot;18:30&quot;,&quot;closed&quot;:false}],&quot;saturday&quot;:[{&quot;start&quot;:&quot;10:30&quot;,&quot;end&quot;:&quot;18:30&quot;,&quot;closed&quot;:false}],&quot;sunday&quot;:[{&quot;start&quot;:&quot;10:30&quot;,&quot;end&quot;:&quot;18:30&quot;,&quot;closed&quot;:false}],&quot;info&quot;:&quot;&quot;,&quot;description&quot;:&quot;&quot;}],&quot;display_as_single&quot;:false,&quot;additional_info&quot;:{&quot;icon&quot;:&quot;icon-plus&quot;,&quot;text&quot;:&quot;02.02.2025 - Freier Eintritt zur Ausstellung&quot;},&quot;highlight_header&quot;:true,&quot;use_video_in_teasers&quot;:false,&quot;hyphenation&quot;:true,&quot;tipp&quot;:false,&quot;joker&quot;:false,&quot;live&quot;:false,&quot;hide_event_in_program&quot;:false,&quot;featured_images&quot;:[116564],&quot;highlight_header_image&quot;:121963,&quot;has_mobile_format&quot;:true,&quot;highlight_header_image_mobile&quot;:121972,&quot;events&quot;:{&quot;0&quot;:122077,&quot;1&quot;:124724,&quot;2&quot;:125238,&quot;3&quot;:125248,&quot;4&quot;:125394,&quot;5&quot;:125416,&quot;6&quot;:125424,&quot;7&quot;:125439,&quot;8&quot;:125447,&quot;9&quot;:125456,&quot;10&quot;:125462,&quot;11&quot;:126357,&quot;12&quot;:126364,&quot;13&quot;:126372,&quot;14&quot;:126432,&quot;15&quot;:117014,&quot;17&quot;:127794,&quot;18&quot;:127824,&quot;19&quot;:128041,&quot;20&quot;:129239,&quot;21&quot;:129315,&quot;22&quot;:128832,&quot;23&quot;:86151,&quot;24&quot;:132018,&quot;25&quot;:132493,&quot;27&quot;:133564,&quot;28&quot;:134436,&quot;29&quot;:134443,&quot;30&quot;:135781,&quot;31&quot;:136013,&quot;32&quot;:136448,&quot;33&quot;:136563,&quot;34&quot;:137470,&quot;35&quot;:137497,&quot;36&quot;:137593,&quot;37&quot;:137649,&quot;38&quot;:137835,&quot;39&quot;:137839,&quot;40&quot;:139385,&quot;41&quot;:139582,&quot;42&quot;:140153,&quot;43&quot;:141223,&quot;44&quot;:141278,&quot;45&quot;:141282,&quot;46&quot;:141371,&quot;47&quot;:141393},&quot;video&quot;:124298,&quot;tickettext&quot;:&quot;Tagesticket erforderlich&quot;,&quot;infotext&quot;:&quot;Letzter Einlass 17:30 Uhr&quot;,&quot;period_exception&quot;:[{&quot;label&quot;:&quot;&quot;,&quot;date&quot;:&quot;202412240000&quot;,&quot;closed&quot;:true,&quot;start&quot;:null,&quot;end&quot;:null,&quot;date_HRFSHORT&quot;:&quot;24.12.24&quot;},{&quot;label&quot;:&quot;&quot;,&quot;date&quot;:&quot;202412250000&quot;,&quot;closed&quot;:false,&quot;start&quot;:&quot;12:00&quot;,&quot;end&quot;:&quot;18:00&quot;,&quot;date_HRFSHORT&quot;:&quot;25.12.24&quot;},{&quot;label&quot;:&quot;&quot;,&quot;date&quot;:&quot;202412260000&quot;,&quot;closed&quot;:false,&quot;start&quot;:&quot;12:00&quot;,&quot;end&quot;:&quot;18:00&quot;,&quot;date_HRFSHORT&quot;:&quot;26.12.24&quot;},{&quot;label&quot;:&quot;&quot;,&quot;date&quot;:&quot;202412310000&quot;,&quot;closed&quot;:false,&quot;start&quot;:&quot;10:30&quot;,&quot;end&quot;:&quot;16:30&quot;,&quot;date_HRFSHORT&quot;:&quot;31.12.24&quot;},{&quot;label&quot;:&quot;&quot;,&quot;date&quot;:&quot;202501010000&quot;,&quot;closed&quot;:false,&quot;start&quot;:&quot;12:00&quot;,&quot;end&quot;:&quot;18:00&quot;,&quot;date_HRFSHORT&quot;:&quot;01.01.25&quot;},{&quot;label&quot;:&quot;&quot;,&quot;date&quot;:&quot;202410030000&quot;,&quot;closed&quot;:false,&quot;start&quot;:&quot;10:30&quot;,&quot;end&quot;:&quot;21:00&quot;,&quot;date_HRFSHORT&quot;:&quot;03.10.24&quot;},{&quot;label&quot;:&quot;&quot;,&quot;date&quot;:&quot;202410040000&quot;,&quot;closed&quot;:false,&quot;start&quot;:&quot;10:30&quot;,&quot;end&quot;:&quot;21:00&quot;,&quot;date_HRFSHORT&quot;:&quot;04.10.24&quot;},{&quot;label&quot;:&quot;&quot;,&quot;date&quot;:&quot;202410050000&quot;,&quot;closed&quot;:false,&quot;start&quot;:&quot;10:30&quot;,&quot;end&quot;:&quot;21:00&quot;,&quot;date_HRFSHORT&quot;:&quot;05.10.24&quot;}]},&quot;period_list&quot;:&quot;&quot;,&quot;period_exception&quot;:&quot;&quot;,&quot;date&quot;:{&quot;infinite&quot;:false,&quot;from_DATE&quot;:202405170000,&quot;from&quot;:1715941800,&quot;from_TIME&quot;:&quot;10:30&quot;,&quot;to&quot;:1739730600,&quot;to_DATE&quot;:202502160000,&quot;to_TIME&quot;:&quot;18:30&quot;,&quot;from_HRFSHORT&quot;:&quot;17. Mai 2024&quot;,&quot;from_HRFSHORT_WD&quot;:&quot;Fr 17.05.2024&quot;,&quot;from_HRF&quot;:&quot;Fr, 17. Mai 2024&quot;,&quot;to_HRF&quot;:&quot;So, 16. Februar 2025&quot;,&quot;to_HRFSHORT&quot;:&quot;16. Feb 2025&quot;,&quot;to_HRFSHORT_WD&quot;:&quot;So 16.02.2025&quot;,&quot;from_to_HRF&quot;:&quot;Fr, 17. Mai 2024 \\u2013 So, 16. Februar 2025&quot;,&quot;from_to_HRFSHORT&quot;:&quot;17. Mai 2024 \\u2013 16. Feb 2025&quot;,&quot;NXX&quot;:null,&quot;NLAST&quot;:&quot;202502161830&quot;},&quot;alert&quot;:&quot;Highlight&quot;,&quot;partof&quot;:[],&quot;marketing_topic&quot;:&quot;&quot;}' inline-template>\n\t<a href=\"https:\/\/www.humboldtforum.org\/de\/programm\/laufzeitangebot\/ausstellung\/hin-und-weg-der-palast-der-republik-ist-gegenwart-116558\/\" class=\"teaser teaser-event-period teaser-event-standard\">\n\t\t<div class=\"row\">\n\t\t\t<div class=\"col-xs-12 col-sm-6 col-md-5 col-sm-offset-1 col-md-offset-2 first-sm teaser-event-text Infos\">\n\t\t\t\t<div class=\"teaser-event-standard-text\">\n\t\t\t\t\t<div class=\"margin-bottom-atom\">\n\t\t\t\t\t\t<div class=\"subline clamp-1\" v-html=\"maingenre\"><\/div>\n\t\t\t\t\t\t\t\t\t\t\t<\/div>\n\t\t\t\t\n\t\t\t\t\t<strong class=\"margin-bottom-atom h5\">Hin und weg. Der Palast der Republik ist Gegenwart<\/strong>\n\n\t\t\t\t\t\t\t\t\t<\/div>\n\t\t\t\t<div class=\"teaser-bottom border-bottom\">\n\t\t\t\t<calendardateline :rawitem='item' :show-icon=\"true\"><\/calendardateline>\n\t\t\t\t\t<hr>\n\t\t\t\t<\/div>\n\t\t\t<\/div>\n\t\t\t<div class=\"col-xs-12 col-sm-4 col-md-3 teaser-event-image bottom-xs first-xs\">\n\t\t\t\t<div class=\"teaser-image teaser-image-no-alternate\">\n\t\t\t\t\t\t\t\t\t\t\t\t\t<span class=\"alert\">Highlight<\/span>\n\t\t\t\t\t\t\t\t\t\t\t\n\t<lazy-media-inline inline-template>\n\t\t<figure itemscope itemtype=\"http:\/\/schema.org\/ImageObject\" class=\"lazy-media-inline \" role=\"group\" id=\"media_69f0526f51805\" aria-labelledby=\"desc_media_69f0526f51805\">\n\t\t\t<script type=\"application\/json\" ref=\"data\">\n\t\t\t\t{\n\t\t\t\t\"sizes\" : {\"medium\":{\"file\":\"SHF_eb00216226-176x300.jpg\",\"width\":176,\"height\":300,\"mime-type\":\"image\\\/jpeg\",\"filesize\":15787},\"large\":{\"file\":\"SHF_eb00216226-599x1024.jpg\",\"width\":599,\"height\":1024,\"mime-type\":\"image\\\/jpeg\",\"filesize\":106669},\"thumbnail\":{\"file\":\"SHF_eb00216226-150x150.jpg\",\"width\":150,\"height\":150,\"mime-type\":\"image\\\/jpeg\",\"filesize\":8255},\"medium_large\":{\"file\":\"SHF_eb00216226-768x1312.jpg\",\"width\":768,\"height\":1312,\"mime-type\":\"image\\\/jpeg\",\"filesize\":157569},\"small\":{\"file\":\"SHF_eb00216226-258x440.jpg\",\"width\":258,\"height\":440,\"mime-type\":\"image\\\/jpeg\",\"filesize\":29161},\"semi\":{\"file\":\"SHF_eb00216226-339x580.jpg\",\"width\":339,\"height\":580,\"mime-type\":\"image\\\/jpeg\",\"filesize\":44726},\"mobile\":{\"file\":\"SHF_eb00216226-421x720.jpg\",\"width\":421,\"height\":720,\"mime-type\":\"image\\\/jpeg\",\"filesize\":61905},\"hd\":{\"file\":\"SHF_eb00216226-749x1280.jpg\",\"width\":749,\"height\":1280,\"mime-type\":\"image\\\/jpeg\",\"filesize\":151325},\"original\":{\"file\":\"SHF_eb00216226.jpg\",\"width\":878,\"height\":1500}},\n\t\t\t\t\"alt\" : \"Modernes Design mit gro\\u00dfem Symbol in der Mitte, stylischen Lampen und zwei Personen im Vordergrund.\",\n\t\t\t\t\"path\" : \"\\\/wp-content\\\/uploads\\\/2024\\\/02\\\/\",\n\t\t\t\t\"video\" : null,\n\t\t\t\t\"autoplay\" : null,\n\t\t\t\t\"youtube\" : null,\n\t\t\t\t\"youtubelabel\" : \"Video abspielen\",\n\t\t\t\t\"brightness\" : 100,\n\t\t\t\t\"crop\" : {\"top\":\"31.60\",\"left\":\"49.69\"},\n\t\t\t\t\"background\" : true,\n\t\t\t\t\"scale\" : 2\t\t\t\t}\n\t\t\t<\/script>\n\n\t\t\t<div class=\"height-container\" style=\"padding-bottom:170.84282460137%;\" v-if=\"sizes\">\n\t\t\t\t\t\t\t\t<lazy-media :inline=\"true\" :alt=\"alt\" :sizes=\"sizes\" :scale=\"scale\" :brightness=\"brightness\" :path=\"path\" :video=\"video\" :autoplay=\"autoplay\" :youtube=\"youtube\" :crop=\"crop\" :youtubelabel=\"youtubelabel\" :background=\"background\" media-id=\"desc_media_69f0526f51805\"><\/lazy-media>\n\t\t\t\t\t\t\t<\/div>\n\n\t\t\t\t\t\t\t<figcaption class=\"sr-only\" ref=\"body\" id=\"desc_media_69f0526f51805\">\n\t\t\t\t\t\t\t\t\t\t\t\t\t\t\t\t\t\t\t\t\t<div class=\"insignificant\">\u00a9 Stiftung Humboldt Forum im Berliner Schloss, Foto: bpk \/ Gerhard Kiesling<\/div>\n\t\t\t\t\t\t\t\t\t<\/figcaption>\n\t\t\t\t\t<\/figure>\n\t<\/lazy-media-inline>\n\t\t\t\t<\/div>\n\t\t\t<\/div>\n\t\t<\/div>\n\t<\/a>\n\t<\/calendarteaser>\n<\/li>\n\n\n<li class=\"col-xs-12 teaser-wrapper col-padding-remove\">\n\t<calendarteaser key=\"1363642474\" rawitem='{&quot;postId&quot;:136364,&quot;title&quot;:&quot;\\u00dcber Grenzen&quot;,&quot;excerpt&quot;:&quot;&quot;,&quot;slug&quot;:&quot;ueber-grenzen&quot;,&quot;post_date&quot;:&quot;2024-09-12T11:02&quot;,&quot;type&quot;:&quot;event-period&quot;,&quot;permalink&quot;:&quot;https:\\\/\\\/www.humboldtforum.org\\\/de\\\/programm\\\/laufzeitangebot\\\/ausstellung\\\/ueber-grenzen-136364\\\/&quot;,&quot;genre&quot;:[391],&quot;genre_details&quot;:[{&quot;text&quot;:&quot;Ausstellung&quot;,&quot;id&quot;:391,&quot;icon&quot;:null,&quot;parent&quot;:0}],&quot;stakeholder&quot;:[530,382],&quot;stakeholder_details&quot;:[{&quot;text&quot;:&quot;Staatliche Museen zu Berlin&quot;,&quot;id&quot;:530,&quot;icon&quot;:null,&quot;parent&quot;:0},{&quot;text&quot;:&quot;Stiftung Humboldt Forum im Berliner Schloss&quot;,&quot;id&quot;:382,&quot;icon&quot;:null,&quot;parent&quot;:0}],&quot;language&quot;:[384,385],&quot;language_details&quot;:[{&quot;text&quot;:&quot;Deutsch&quot;,&quot;id&quot;:384,&quot;icon&quot;:null,&quot;parent&quot;:0},{&quot;text&quot;:&quot;Englisch&quot;,&quot;id&quot;:385,&quot;icon&quot;:null,&quot;parent&quot;:0}],&quot;place&quot;:[532,1894],&quot;place_details&quot;:{&quot;place&quot;:&quot;Humboldt Forum&quot;,&quot;map&quot;:&quot;Humboldt Forum, Schlossplatz, Berlin&quot;,&quot;room&quot;:&quot;3. OG, Raum 304&quot;},&quot;icon_overwrite&quot;:&quot;&quot;,&quot;acf&quot;:{&quot;noindex&quot;:false,&quot;keywords&quot;:&quot;&quot;,&quot;shorturl&quot;:&quot;uebergrenzen&quot;,&quot;planning&quot;:{&quot;price&quot;:&quot;Eintritt frei&quot;,&quot;status&quot;:&quot;JOIN&quot;,&quot;info&quot;:&quot;&quot;,&quot;shop&quot;:&quot;&quot;,&quot;can_purchase&quot;:false},&quot;use_opening_hours_of_the_house&quot;:false,&quot;periods&quot;:[{&quot;label&quot;:&quot;&quot;,&quot;dates&quot;:[{&quot;start&quot;:&quot;202410030000&quot;,&quot;end&quot;:&quot;202503310000&quot;,&quot;has_end&quot;:true,&quot;start_HRFSHORT&quot;:&quot;03.10.24&quot;,&quot;start_HRFSHORT_WD&quot;:&quot;Do 03.10.2024&quot;,&quot;end_HRFSHORT&quot;:&quot;31.03.25&quot;}],&quot;monday&quot;:[{&quot;start&quot;:&quot;10:30&quot;,&quot;end&quot;:&quot;18:30&quot;,&quot;closed&quot;:false}],&quot;tuesday&quot;:[{&quot;start&quot;:null,&quot;end&quot;:null,&quot;closed&quot;:true}],&quot;wednesday&quot;:[{&quot;start&quot;:&quot;10:30&quot;,&quot;end&quot;:&quot;18:30&quot;,&quot;closed&quot;:false}],&quot;thursday&quot;:[{&quot;start&quot;:&quot;10:30&quot;,&quot;end&quot;:&quot;18:30&quot;,&quot;closed&quot;:false}],&quot;friday&quot;:[{&quot;start&quot;:&quot;10:30&quot;,&quot;end&quot;:&quot;18:30&quot;,&quot;closed&quot;:false}],&quot;saturday&quot;:[{&quot;start&quot;:&quot;10:30&quot;,&quot;end&quot;:&quot;18:30&quot;,&quot;closed&quot;:false}],&quot;sunday&quot;:[{&quot;start&quot;:&quot;10:30&quot;,&quot;end&quot;:&quot;18:30&quot;,&quot;closed&quot;:false}],&quot;info&quot;:&quot;&quot;,&quot;description&quot;:&quot;&quot;}],&quot;display_as_single&quot;:false,&quot;subline&quot;:&quot;K\\u00fcnstlerischer Internationalismus in der DDR&quot;,&quot;additional_info&quot;:{&quot;icon&quot;:&quot;0&quot;,&quot;text&quot;:&quot;&quot;},&quot;highlight_header&quot;:true,&quot;highlight_header_image&quot;:136365,&quot;has_mobile_format&quot;:true,&quot;highlight_header_image_mobile&quot;:136367,&quot;use_video_in_teasers&quot;:false,&quot;hyphenation&quot;:true,&quot;tipp&quot;:false,&quot;joker&quot;:false,&quot;live&quot;:false,&quot;hide_event_in_program&quot;:false,&quot;overwrite_date&quot;:&quot;&quot;,&quot;period_exception&quot;:[{&quot;label&quot;:&quot;&quot;,&quot;date&quot;:null,&quot;closed&quot;:false,&quot;start&quot;:null,&quot;end&quot;:null}]},&quot;period_list&quot;:&quot;&quot;,&quot;period_exception&quot;:&quot;&quot;,&quot;date&quot;:{&quot;infinite&quot;:false,&quot;from_DATE&quot;:202410030000,&quot;from&quot;:1727951400,&quot;from_TIME&quot;:&quot;10:30&quot;,&quot;to&quot;:1743445800,&quot;to_DATE&quot;:202503310000,&quot;to_TIME&quot;:&quot;18:30&quot;,&quot;from_HRFSHORT&quot;:&quot; 3. Okt 2024&quot;,&quot;from_HRFSHORT_WD&quot;:&quot;Do 03.10.2024&quot;,&quot;from_HRF&quot;:&quot;Do,  3. Oktober 2024&quot;,&quot;to_HRF&quot;:&quot;Mo, 31. M\\u00e4rz 2025&quot;,&quot;to_HRFSHORT&quot;:&quot;31. M\\u00e4r 2025&quot;,&quot;to_HRFSHORT_WD&quot;:&quot;Mo 31.03.2025&quot;,&quot;from_to_HRF&quot;:&quot;Do,  3. Oktober 2024 \\u2013 Mo, 31. M\\u00e4rz 2025&quot;,&quot;from_to_HRFSHORT&quot;:&quot; 3. Okt 2024 \\u2013 31. M\\u00e4r 2025&quot;,&quot;NXX&quot;:null,&quot;NLAST&quot;:&quot;202503311830&quot;},&quot;alert&quot;:&quot;Highlight&quot;,&quot;partof&quot;:[],&quot;marketing_topic&quot;:&quot;&quot;}' inline-template>\n\t<a href=\"https:\/\/www.humboldtforum.org\/de\/programm\/laufzeitangebot\/ausstellung\/ueber-grenzen-136364\/\" class=\"teaser teaser-event-period teaser-event-standard\">\n\t\t<div class=\"row\">\n\t\t\t<div class=\"col-xs-12 col-sm-6 col-md-5 col-sm-offset-1 col-md-offset-2 first-sm teaser-event-text Infos\">\n\t\t\t\t<div class=\"teaser-event-standard-text\">\n\t\t\t\t\t<div class=\"margin-bottom-atom\">\n\t\t\t\t\t\t<div class=\"subline clamp-1\" v-html=\"maingenre\"><\/div>\n\t\t\t\t\t\t\t\t\t\t\t<\/div>\n\t\t\t\t\n\t\t\t\t\t<strong class=\"margin-bottom-atom h5\">\u00dcber Grenzen<\/strong>\n\n\t\t\t\t\t\t\t\t\t\t\t<div class=\"\">K\u00fcnstlerischer Internationalismus in der DDR<\/div>\n\t\t\t\t\t\t\t\t\t<\/div>\n\t\t\t\t<div class=\"teaser-bottom border-bottom\">\n\t\t\t\t<calendardateline :rawitem='item' :show-icon=\"true\"><\/calendardateline>\n\t\t\t\t\t<hr>\n\t\t\t\t<\/div>\n\t\t\t<\/div>\n\t\t\t<div class=\"col-xs-12 col-sm-4 col-md-3 teaser-event-image bottom-xs first-xs\">\n\t\t\t\t<div class=\"teaser-image teaser-image-no-alternate\">\n\t\t\t\t\t\t\t\t\t\t\t\t\t<span class=\"alert\">Highlight<\/span>\n\t\t\t\t\t\t\t\t\t\t\t\n\t<lazy-media-inline inline-template>\n\t\t<figure itemscope itemtype=\"http:\/\/schema.org\/ImageObject\" class=\"lazy-media-inline \" role=\"group\" id=\"media_69f0526f52742\" aria-labelledby=\"desc_media_69f0526f52742\">\n\t\t\t<script type=\"application\/json\" ref=\"data\">\n\t\t\t\t{\n\t\t\t\t\"sizes\" : {\"medium\":{\"file\":\"SHF_eb00231212-176x300.jpg\",\"width\":176,\"height\":300,\"mime-type\":\"image\\\/jpeg\",\"filesize\":10097},\"large\":{\"file\":\"SHF_eb00231212-600x1024.jpg\",\"width\":600,\"height\":1024,\"mime-type\":\"image\\\/jpeg\",\"filesize\":52197},\"thumbnail\":{\"file\":\"SHF_eb00231212-150x150.jpg\",\"width\":150,\"height\":150,\"mime-type\":\"image\\\/jpeg\",\"filesize\":5279},\"medium_large\":{\"file\":\"SHF_eb00231212-768x1312.jpg\",\"width\":768,\"height\":1312,\"mime-type\":\"image\\\/jpeg\",\"filesize\":75683},\"small\":{\"file\":\"SHF_eb00231212-258x440.jpg\",\"width\":258,\"height\":440,\"mime-type\":\"image\\\/jpeg\",\"filesize\":16565},\"semi\":{\"file\":\"SHF_eb00231212-340x580.jpg\",\"width\":340,\"height\":580,\"mime-type\":\"image\\\/jpeg\",\"filesize\":23773},\"mobile\":{\"file\":\"SHF_eb00231212-422x720.jpg\",\"width\":422,\"height\":720,\"mime-type\":\"image\\\/jpeg\",\"filesize\":31650},\"hd\":{\"file\":\"SHF_eb00231212-749x1280.jpg\",\"width\":749,\"height\":1280,\"mime-type\":\"image\\\/jpeg\",\"filesize\":73060},\"full\":{\"file\":\"SHF_eb00231212-1124x1920.jpg\",\"width\":1124,\"height\":1920,\"mime-type\":\"image\\\/jpeg\",\"filesize\":134165},\"1536x1536\":{\"file\":\"SHF_eb00231212-899x1536.jpg\",\"width\":899,\"height\":1536,\"mime-type\":\"image\\\/jpeg\",\"filesize\":95045},\"2048x2048\":{\"file\":\"SHF_eb00231212-1199x2048.jpg\",\"width\":1199,\"height\":2048,\"mime-type\":\"image\\\/jpeg\",\"filesize\":146866},\"original\":{\"file\":\"SHF_eb00231212.jpg\",\"width\":1780,\"height\":3040}},\n\t\t\t\t\"alt\" : \"Grafische Darstellung dekorativer Metallstreben in Orange und Lila mit verschiedenen geometrischen Formen.\",\n\t\t\t\t\"path\" : \"\\\/wp-content\\\/uploads\\\/2024\\\/09\\\/\",\n\t\t\t\t\"video\" : null,\n\t\t\t\t\"autoplay\" : null,\n\t\t\t\t\"youtube\" : null,\n\t\t\t\t\"youtubelabel\" : \"Video abspielen\",\n\t\t\t\t\"brightness\" : 100,\n\t\t\t\t\"crop\" : null,\n\t\t\t\t\"background\" : true,\n\t\t\t\t\"scale\" : 2\t\t\t\t}\n\t\t\t<\/script>\n\n\t\t\t<div class=\"height-container\" style=\"padding-bottom:170.78651685393%;\" v-if=\"sizes\">\n\t\t\t\t\t\t\t\t<lazy-media :inline=\"true\" :alt=\"alt\" :sizes=\"sizes\" :scale=\"scale\" :brightness=\"brightness\" :path=\"path\" :video=\"video\" :autoplay=\"autoplay\" :youtube=\"youtube\" :crop=\"crop\" :youtubelabel=\"youtubelabel\" :background=\"background\" media-id=\"desc_media_69f0526f52742\"><\/lazy-media>\n\t\t\t\t\t\t\t<\/div>\n\n\t\t\t\t\t\t\t<figcaption class=\"sr-only\" ref=\"body\" id=\"desc_media_69f0526f52742\">\n\t\t\t\t\t\t\t\t\t\t\t\t\t\t\t\t\t\t\t\t\t<div class=\"insignificant\">\u00a9 Su-Ran Sichling, Zaun (altrosa), 2021, Fotografin: Nathalie Bleyl<\/div>\n\t\t\t\t\t\t\t\t\t<\/figcaption>\n\t\t\t\t\t<\/figure>\n\t<\/lazy-media-inline>\n\t\t\t\t<\/div>\n\t\t\t<\/div>\n\t\t<\/div>\n\t<\/a>\n\t<\/calendarteaser>\n<\/li>\n\n\n<li class=\"col-xs-12 teaser-wrapper col-padding-remove\">\n\t<calendarteaser key=\"14127819200\" rawitem='{&quot;postId&quot;:141278,&quot;title&quot;:&quot;Auf Wiedersehen, Palast&quot;,&quot;excerpt&quot;:&quot;&quot;,&quot;slug&quot;:&quot;auf-wiedersehen-palast&quot;,&quot;post_date&quot;:&quot;2024-12-13T09:21&quot;,&quot;type&quot;:&quot;event-multi&quot;,&quot;permalink&quot;:&quot;https:\\\/\\\/www.humboldtforum.org\\\/de\\\/programm\\\/event\\\/thementag\\\/auf-wiedersehen-palast-141278\\\/&quot;,&quot;genre&quot;:[820],&quot;genre_details&quot;:[{&quot;text&quot;:&quot;Thementag&quot;,&quot;id&quot;:820,&quot;icon&quot;:null,&quot;parent&quot;:0}],&quot;stakeholder&quot;:[382],&quot;stakeholder_details&quot;:[{&quot;text&quot;:&quot;Stiftung Humboldt Forum im Berliner Schloss&quot;,&quot;id&quot;:382,&quot;icon&quot;:null,&quot;parent&quot;:0}],&quot;targetgroup&quot;:[383,455,454],&quot;targetgroup_details&quot;:[{&quot;text&quot;:&quot;Erwachsene&quot;,&quot;id&quot;:383,&quot;icon&quot;:null,&quot;parent&quot;:0},{&quot;text&quot;:&quot;Jugendliche&quot;,&quot;id&quot;:455,&quot;icon&quot;:null,&quot;parent&quot;:0},{&quot;text&quot;:&quot;Kinder und Familien&quot;,&quot;id&quot;:454,&quot;icon&quot;:null,&quot;parent&quot;:0}],&quot;language&quot;:[384,385],&quot;language_details&quot;:[{&quot;text&quot;:&quot;Deutsch&quot;,&quot;id&quot;:384,&quot;icon&quot;:null,&quot;parent&quot;:0},{&quot;text&quot;:&quot;Englisch&quot;,&quot;id&quot;:385,&quot;icon&quot;:null,&quot;parent&quot;:0}],&quot;place&quot;:[957,1179,883],&quot;place_details&quot;:{&quot;place&quot;:&quot;Humboldt Forum&quot;,&quot;map&quot;:&quot;Humboldt Forum, Schlossplatz, Berlin&quot;,&quot;room&quot;:&quot;Foyer, Saal 1, EG, Saal 2, EG&quot;},&quot;icon_overwrite&quot;:&quot;&quot;,&quot;acf&quot;:{&quot;noindex&quot;:false,&quot;keywords&quot;:&quot;&quot;,&quot;belongsto&quot;:[116558],&quot;shorturl&quot;:&quot;aufwiedersehenpalast&quot;,&quot;times&quot;:[],&quot;planning&quot;:{&quot;price&quot;:&quot;viele Angebote kostenfrei&quot;,&quot;admission&quot;:&quot;&quot;,&quot;pause&quot;:&quot;&quot;,&quot;duration&quot;:&quot;&quot;,&quot;status&quot;:&quot;BUY&quot;,&quot;info&quot;:&quot;&quot;,&quot;shop&quot;:&quot;&quot;,&quot;can_purchase&quot;:false},&quot;additional_info&quot;:{&quot;icon&quot;:&quot;0&quot;,&quot;text&quot;:&quot;&quot;},&quot;highlight_header&quot;:true,&quot;highlight_header_image&quot;:141937,&quot;has_mobile_format&quot;:true,&quot;use_video_in_teasers&quot;:false,&quot;hyphenation&quot;:true,&quot;tipp&quot;:false,&quot;joker&quot;:false,&quot;live&quot;:false,&quot;hide_event_in_program&quot;:false,&quot;events&quot;:{&quot;0&quot;:141282,&quot;1&quot;:141371,&quot;2&quot;:141393,&quot;3&quot;:141531,&quot;4&quot;:124724,&quot;5&quot;:142369,&quot;6&quot;:142438,&quot;7&quot;:142527,&quot;8&quot;:142535,&quot;9&quot;:142554,&quot;10&quot;:97617,&quot;11&quot;:142825,&quot;12&quot;:125424,&quot;13&quot;:126873,&quot;16&quot;:132379},&quot;subline&quot;:&quot;Vom Abbruch und Aufbruch&quot;,&quot;highlight_header_image_mobile&quot;:142023},&quot;date&quot;:{&quot;NX&quot;:null,&quot;NXX&quot;:null,&quot;NLAST&quot;:&quot;202502160830&quot;,&quot;from_DATE&quot;:&quot;20250215 10:30&quot;,&quot;from&quot;:1739608200,&quot;to&quot;:1739694600,&quot;to_DATE&quot;:&quot;20250216 10:30&quot;,&quot;from_HRFSHORT&quot;:&quot;15. Feb 2025&quot;,&quot;from_HRFSHORT_WD&quot;:&quot;Sa 15.02.2025&quot;,&quot;to_HRFSHORT&quot;:&quot;16. Feb 2025&quot;,&quot;to_HRFSHORT_WD&quot;:&quot;So 16.02.2025&quot;,&quot;from_HRF&quot;:&quot;Sa, 15. Februar 2025&quot;,&quot;to_HRF&quot;:&quot;So, 16. Februar 2025&quot;,&quot;from_to_HRF&quot;:&quot;Sa, 15. Februar \\u2013 So, 16. Februar 2025&quot;,&quot;from_to_HRFSHORT&quot;:&quot;15. Feb \\u2013 16. Feb 2025&quot;},&quot;alert&quot;:&quot;Highlight&quot;,&quot;partof&quot;:[],&quot;marketing_topic&quot;:{&quot;title&quot;:&quot;Hin und weg. Der Palast der Republik ist Gegenwart&quot;,&quot;ID&quot;:116558,&quot;reason&quot;:&quot;belongsto&quot;}}' inline-template>\n\t<a href=\"https:\/\/www.humboldtforum.org\/de\/programm\/event\/thementag\/auf-wiedersehen-palast-141278\/\" class=\"teaser teaser-event-multi teaser-event-standard\">\n\t\t<div class=\"row\">\n\t\t\t<div class=\"col-xs-12 col-sm-6 col-md-5 col-sm-offset-1 col-md-offset-2 first-sm teaser-event-text Infos\">\n\t\t\t\t<div class=\"teaser-event-standard-text\">\n\t\t\t\t\t<div class=\"margin-bottom-atom\">\n\t\t\t\t\t\t<div class=\"subline clamp-1\" v-html=\"maingenre\"><\/div>\n\t\t\t\t\t\t\t\t\t\t\t\t\t<div class=\"insignificant clamp-2\">Hin und weg. Der Palast der Republik ist Gegenwart<\/div>\n\t\t\t\t\t\t\t\t\t\t\t<\/div>\n\t\t\t\t\n\t\t\t\t\t<strong class=\"margin-bottom-atom h5\">Auf Wiedersehen, Palast<\/strong>\n\n\t\t\t\t\t\t\t\t\t\t\t<div class=\"\">Vom Abbruch und Aufbruch<\/div>\n\t\t\t\t\t\t\t\t\t<\/div>\n\t\t\t\t<div class=\"teaser-bottom border-bottom\">\n\t\t\t\t<calendardateline :rawitem='item' :show-icon=\"true\"><\/calendardateline>\n\t\t\t\t\t<hr>\n\t\t\t\t<\/div>\n\t\t\t<\/div>\n\t\t\t<div class=\"col-xs-12 col-sm-4 col-md-3 teaser-event-image bottom-xs first-xs\">\n\t\t\t\t<div class=\"teaser-image teaser-image-no-alternate\">\n\t\t\t\t\t\t\t\t\t\t\t\t\t<span class=\"alert\">Highlight<\/span>\n\t\t\t\t\t\t\t\t\t\t\t\n\t<lazy-media-inline inline-template>\n\t\t<figure itemscope itemtype=\"http:\/\/schema.org\/ImageObject\" class=\"lazy-media-inline \" role=\"group\" id=\"media_69f0526f5365b\" aria-labelledby=\"desc_media_69f0526f5365b\">\n\t\t\t<script type=\"application\/json\" ref=\"data\">\n\t\t\t\t{\n\t\t\t\t\"sizes\" : {\"medium\":{\"file\":\"SHF_eb002395391-176x300.jpg\",\"width\":176,\"height\":300,\"mime-type\":\"image\\\/jpeg\",\"filesize\":15862},\"large\":{\"file\":\"SHF_eb002395391-600x1024.jpg\",\"width\":600,\"height\":1024,\"mime-type\":\"image\\\/jpeg\",\"filesize\":138501},\"thumbnail\":{\"file\":\"SHF_eb002395391-150x150.jpg\",\"width\":150,\"height\":150,\"mime-type\":\"image\\\/jpeg\",\"filesize\":8676},\"medium_large\":{\"file\":\"SHF_eb002395391-768x1312.jpg\",\"width\":768,\"height\":1312,\"mime-type\":\"image\\\/jpeg\",\"filesize\":214132},\"small\":{\"file\":\"SHF_eb002395391-258x440.jpg\",\"width\":258,\"height\":440,\"mime-type\":\"image\\\/jpeg\",\"filesize\":31062},\"semi\":{\"file\":\"SHF_eb002395391-340x580.jpg\",\"width\":340,\"height\":580,\"mime-type\":\"image\\\/jpeg\",\"filesize\":50345},\"mobile\":{\"file\":\"SHF_eb002395391-422x720.jpg\",\"width\":422,\"height\":720,\"mime-type\":\"image\\\/jpeg\",\"filesize\":73432},\"hd\":{\"file\":\"SHF_eb002395391-749x1280.jpg\",\"width\":749,\"height\":1280,\"mime-type\":\"image\\\/jpeg\",\"filesize\":205227},\"full\":{\"file\":\"SHF_eb002395391-1124x1920.jpg\",\"width\":1124,\"height\":1920,\"mime-type\":\"image\\\/jpeg\",\"filesize\":411381},\"1536x1536\":{\"file\":\"SHF_eb002395391-899x1536.jpg\",\"width\":899,\"height\":1536,\"mime-type\":\"image\\\/jpeg\",\"filesize\":282629},\"2048x2048\":{\"file\":\"SHF_eb002395391-1199x2048.jpg\",\"width\":1199,\"height\":2048,\"mime-type\":\"image\\\/jpeg\",\"filesize\":457572},\"original\":{\"file\":\"SHF_eb002395391.jpg\",\"width\":1780,\"height\":3040}},\n\t\t\t\t\"alt\" : \"Graues, unvollendetes Geb\\u00e4ude mit orangefarbenem Filter und dem Berliner Fernsehturm im Hintergrund.\",\n\t\t\t\t\"path\" : \"\\\/wp-content\\\/uploads\\\/2024\\\/12\\\/\",\n\t\t\t\t\"video\" : null,\n\t\t\t\t\"autoplay\" : null,\n\t\t\t\t\"youtube\" : null,\n\t\t\t\t\"youtubelabel\" : \"Video abspielen\",\n\t\t\t\t\"brightness\" : 100,\n\t\t\t\t\"crop\" : null,\n\t\t\t\t\"background\" : true,\n\t\t\t\t\"scale\" : 2\t\t\t\t}\n\t\t\t<\/script>\n\n\t\t\t<div class=\"height-container\" style=\"padding-bottom:170.78651685393%;\" v-if=\"sizes\">\n\t\t\t\t\t\t\t\t<lazy-media :inline=\"true\" :alt=\"alt\" :sizes=\"sizes\" :scale=\"scale\" :brightness=\"brightness\" :path=\"path\" :video=\"video\" :autoplay=\"autoplay\" :youtube=\"youtube\" :crop=\"crop\" :youtubelabel=\"youtubelabel\" :background=\"background\" media-id=\"desc_media_69f0526f5365b\"><\/lazy-media>\n\t\t\t\t\t\t\t<\/div>\n\n\t\t\t\t\t\t\t<figcaption class=\"sr-only\" ref=\"body\" id=\"desc_media_69f0526f5365b\">\n\t\t\t\t\t\t\t\t\t\t\t\t\t\t\t\t\t\t\t\t\t<div class=\"insignificant\">\u00a9 Stiftung Humboldt Forum im Berliner Schloss, Foto: picture alliance \/ imageBROKER | Norbert Michalke<\/div>\n\t\t\t\t\t\t\t\t\t<\/figcaption>\n\t\t\t\t\t<\/figure>\n\t<\/lazy-media-inline>\n\t\t\t\t<\/div>\n\t\t\t<\/div>\n\t\t<\/div>\n\t<\/a>\n\t<\/calendarteaser>\n<\/li>\n\n\t\t\t\t<\/ul>\n\t\t\t<\/div>\n\t\t\t\t<\/lazy-component>\n<\/section>\n\n\n\n<section class=\"block block-CTA block-CTA-long leftgradient\">\n\t<div class=\"container-fluid\">\n\t\t<div class=\"row center-xs\">\n\t\t\t<div class=\"col-xs-12\">\n\t\t\t\t<div class=\"box\">\n\t\t\t\t\t<a href=\"https:\/\/www.humboldtforum.org\/de\/newsletter-2\/\" aria-label=\"Bleiben Sie auf dem Laufenden!\" class=\"teaser teaser-cta-wide \">\n\t\t\t\t\t\t<div class=\"teaser-image\">\n\t\t\t\t\t\t\t\n\t<lazy-media-inline inline-template>\n\t\t<figure itemscope itemtype=\"http:\/\/schema.org\/ImageObject\" class=\"lazy-media-inline \" role=\"group\" id=\"media_69f0526f56245\" aria-labelledby=\"desc_media_69f0526f56245\">\n\t\t\t<script type=\"application\/json\" ref=\"data\">\n\t\t\t\t{\n\t\t\t\t\"sizes\" : {\"medium\":{\"file\":\"HF_eb00061823-scaled-300x200.jpg\",\"width\":300,\"height\":200,\"mime-type\":\"image\\\/jpeg\",\"filesize\":19186},\"large\":{\"file\":\"HF_eb00061823-scaled-1024x683.jpg\",\"width\":1024,\"height\":683,\"mime-type\":\"image\\\/jpeg\",\"filesize\":138597},\"thumbnail\":{\"file\":\"HF_eb00061823-scaled-150x150.jpg\",\"width\":150,\"height\":150,\"mime-type\":\"image\\\/jpeg\",\"filesize\":8513},\"medium_large\":{\"file\":\"HF_eb00061823-scaled-768x512.jpg\",\"width\":768,\"height\":512,\"mime-type\":\"image\\\/jpeg\",\"filesize\":86200},\"small\":{\"file\":\"HF_eb00061823-scaled-440x293.jpg\",\"width\":440,\"height\":293,\"mime-type\":\"image\\\/jpeg\",\"filesize\":35525},\"semi\":{\"file\":\"HF_eb00061823-scaled-580x387.jpg\",\"width\":580,\"height\":387,\"mime-type\":\"image\\\/jpeg\",\"filesize\":55724},\"mobile\":{\"file\":\"HF_eb00061823-scaled-720x480.jpg\",\"width\":720,\"height\":480,\"mime-type\":\"image\\\/jpeg\",\"filesize\":77971},\"hd\":{\"file\":\"HF_eb00061823-scaled-1280x854.jpg\",\"width\":1280,\"height\":854,\"mime-type\":\"image\\\/jpeg\",\"filesize\":202477},\"full\":{\"file\":\"HF_eb00061823-scaled-1920x1280.jpg\",\"width\":1920,\"height\":1280,\"mime-type\":\"image\\\/jpeg\",\"filesize\":386736},\"1536x1536\":{\"file\":\"HF_eb00061823-scaled-1536x1024.jpg\",\"width\":1536,\"height\":1024,\"mime-type\":\"image\\\/jpeg\",\"filesize\":266197},\"2048x2048\":{\"file\":\"HF_eb00061823-scaled-2048x1366.jpg\",\"width\":2048,\"height\":1366,\"mime-type\":\"image\\\/jpeg\",\"filesize\":430206},\"original\":{\"file\":\"HF_eb00061823-scaled.jpg\",\"width\":2560,\"height\":1707}},\n\t\t\t\t\"alt\" : \"Blick in das beleuchtete Foyer von der Galerie im ersten Stock mit Besuchenden, Infopoint und Medienturm\",\n\t\t\t\t\"path\" : \"\\\/wp-content\\\/uploads\\\/2020\\\/04\\\/\",\n\t\t\t\t\"video\" : null,\n\t\t\t\t\"autoplay\" : null,\n\t\t\t\t\"youtube\" : null,\n\t\t\t\t\"youtubelabel\" : \"Video abspielen\",\n\t\t\t\t\"brightness\" : \"70\",\n\t\t\t\t\"crop\" : {\"top\":\"90.37\",\"left\":\"39.93\"},\n\t\t\t\t\"background\" : true,\n\t\t\t\t\"scale\" : 2\t\t\t\t}\n\t\t\t<\/script>\n\n\t\t\t<div class=\"height-container\" style=\"padding-bottom:66.6796875%;\" v-if=\"sizes\">\n\t\t\t\t\t\t\t\t<lazy-media :inline=\"true\" :alt=\"alt\" :sizes=\"sizes\" :scale=\"scale\" :brightness=\"brightness\" :path=\"path\" :video=\"video\" :autoplay=\"autoplay\" :youtube=\"youtube\" :crop=\"crop\" :youtubelabel=\"youtubelabel\" :background=\"background\" media-id=\"desc_media_69f0526f56245\"><\/lazy-media>\n\t\t\t\t\t\t\t<\/div>\n\n\t\t\t\t\t\t\t<figcaption class=\"sr-only\" ref=\"body\" id=\"desc_media_69f0526f56245\">\n\t\t\t\t\t\t\t\t\t\t\t<div>Blick in das Foyer, November 2019.<\/div>\n\t\t\t\t\t\t\t\t\t\t\t\t\t\t\t\t\t\t\t\t\t<div class=\"insignificant\">\u00a9 Stiftung Humboldt Forum im Berliner Schloss \/ David von Becker<\/div>\n\t\t\t\t\t\t\t\t\t<\/figcaption>\n\t\t\t\t\t<\/figure>\n\t<\/lazy-media-inline>\n\t\t\t\t\t\t<\/div>\n\t\t\t\t\t\t<div class=\"teaser-content \">\n\t\t\t\t\t\t\t<div>\n\t\t\t\t\t\t\t\t\t\t\t\t\t\t\t\t<div class=\"teaser-header\"><span class=\"h3\">Bleiben Sie auf dem Laufenden!<\/span><\/div>\n\t\t\t\t\t\t\t\t<div class=\"teaser-subline\"><span class=\"font-decoration\">Abonnieren Sie unseren Newsletter.<\/span><\/div>\t\t\t\t\t\t\t\t<button tabindex=\"-1\" class=\"border\">Hier klicken<\/button>\n\t\t\t\t\t\t\t<\/div>\n\t\t\t\t\t\t<\/div>\n\t\t\t\t\t<\/a>\n\t\t\t\t<\/div>\n\t\t\t<\/div>\n\t\t<\/div>\n\t<\/div>\n<\/section>\n","protected":false},"template":"","genre":[1078],"digital":[],"topic":[],"stakeholder":[530,382],"editorial":[],"editorialfilter":[],"targetgroup":[],"language":[384],"accessability":[],"age":[],"school":[],"groupsize":[],"place":[957],"class_list":["post-142527","event","type-event","status-publish","hentry","genre-gespraech","stakeholder-staatliche-museen-zu-berlin","stakeholder-stiftung-humboldt-forum-im-berliner-schloss","language-deutsch","place-foyer"],"acf":[],"_links":{"self":[{"href":"https:\/\/www.humboldtforum.org\/de\/wp-json\/wp\/v2\/event\/142527","targetHints":{"allow":["GET"]}}],"collection":[{"href":"https:\/\/www.humboldtforum.org\/de\/wp-json\/wp\/v2\/event"}],"about":[{"href":"https:\/\/www.humboldtforum.org\/de\/wp-json\/wp\/v2\/types\/event"}],"version-history":[{"count":7,"href":"https:\/\/www.humboldtforum.org\/de\/wp-json\/wp\/v2\/event\/142527\/revisions"}],"predecessor-version":[{"id":143101,"href":"https:\/\/www.humboldtforum.org\/de\/wp-json\/wp\/v2\/event\/142527\/revisions\/143101"}],"wp:attachment":[{"href":"https:\/\/www.humboldtforum.org\/de\/wp-json\/wp\/v2\/media?parent=142527"}],"wp:term":[{"taxonomy":"genre","embeddable":true,"href":"https:\/\/www.humboldtforum.org\/de\/wp-json\/wp\/v2\/genre?post=142527"},{"taxonomy":"digital","embeddable":true,"href":"https:\/\/www.humboldtforum.org\/de\/wp-json\/wp\/v2\/digital?post=142527"},{"taxonomy":"topic","embeddable":true,"href":"https:\/\/www.humboldtforum.org\/de\/wp-json\/wp\/v2\/topic?post=142527"},{"taxonomy":"stakeholder","embeddable":true,"href":"https:\/\/www.humboldtforum.org\/de\/wp-json\/wp\/v2\/stakeholder?post=142527"},{"taxonomy":"editorial","embeddable":true,"href":"https:\/\/www.humboldtforum.org\/de\/wp-json\/wp\/v2\/editorial?post=142527"},{"taxonomy":"editorialfilter","embeddable":true,"href":"https:\/\/www.humboldtforum.org\/de\/wp-json\/wp\/v2\/editorialfilter?post=142527"},{"taxonomy":"targetgroup","embeddable":true,"href":"https:\/\/www.humboldtforum.org\/de\/wp-json\/wp\/v2\/targetgroup?post=142527"},{"taxonomy":"language","embeddable":true,"href":"https:\/\/www.humboldtforum.org\/de\/wp-json\/wp\/v2\/language?post=142527"},{"taxonomy":"accessability","embeddable":true,"href":"https:\/\/www.humboldtforum.org\/de\/wp-json\/wp\/v2\/accessability?post=142527"},{"taxonomy":"age","embeddable":true,"href":"https:\/\/www.humboldtforum.org\/de\/wp-json\/wp\/v2\/age?post=142527"},{"taxonomy":"school","embeddable":true,"href":"https:\/\/www.humboldtforum.org\/de\/wp-json\/wp\/v2\/school?post=142527"},{"taxonomy":"groupsize","embeddable":true,"href":"https:\/\/www.humboldtforum.org\/de\/wp-json\/wp\/v2\/groupsize?post=142527"},{"taxonomy":"place","embeddable":true,"href":"https:\/\/www.humboldtforum.org\/de\/wp-json\/wp\/v2\/place?post=142527"}],"curies":[{"name":"wp","href":"https:\/\/api.w.org\/{rel}","templated":true}]}}