{"id":145512,"date":"2025-04-24T11:36:33","date_gmt":"2025-04-24T09:36:33","guid":{"rendered":"https:\/\/www.humboldtforum.org\/?post_type=event&#038;p=145512"},"modified":"2025-06-16T17:11:55","modified_gmt":"2025-06-16T15:11:55","slug":"barock-modern-nachhaltig","status":"publish","type":"event","link":"https:\/\/www.humboldtforum.org\/de\/programm\/termin\/konferenz-symposium\/barock-modern-nachhaltig-145512\/","title":{"rendered":"Barock. Modern. Nachhaltig"},"content":{"rendered":"<section class=\"block block-copy block-no-margin\" >\n    <div class=\"container-fluid\">\n\t\t<div class=\"row \">\n            <div class=\"col-xs-12 col-md-offset-2 col-md-8\">\n                <div class=\"box\">\n                    <div class=\"copy\"><p>Bis Mitte Juni 2025 werden auf der Balustrade des Humboldt Forums 19 stilistisch barocke Skulpturen montiert. Mit dieser Ma\u00dfnahme wird der Bau des Humboldt Forums und die Rekonstruktion der historischen Schlossfassade abgeschlossen.<\/p>\n<p>Aus diesem Anlass l\u00e4dt die Stiftung Humboldt Forum im Berliner Schloss zu einem Kolloquium ein. Expert*innen ziehen Bilanz zur Bauma\u00dfnahme und geben einen Ausblick auf zuk\u00fcnftige Herausforderungen beim Erhalt \u2013 darunter Franco Stella, Architekt des Humboldt Forums, Kathrin Lange, Direktorin der Restaurierung bei der Stiftung Preu\u00dfische Schl\u00f6sser und G\u00e4rten und Hans-Dieter Hegner, Vorstand Stiftung Humboldt Forum im Berliner Schloss.<\/p>\n<p>F\u00fcr das Kolloquium ist eine Anmeldung erforderlich. Wir freuen uns auf Ihre Teilnahme!<\/p>\n<\/div>\n                <\/div>\n            <\/div>\n\t\t<\/div>\n\t\t    <\/div>\n<\/section>\n\n<section class=\"block block-button\">\n    <div class=\"container-fluid\">\n\t\t<div class=\"row\">\n            <div class=\"col-xs-12 col-md-offset-2 col-md-8\">\n                <div class=\"box text-align-center\">\n                 \t\t<a href=\"https:\/\/www.humboldtforum.org\/wp-content\/uploads\/2025\/05\/SHF_Kolloquium_Timetable.pdf\" class=\"button-extern\" role=\"button\" target=\"_blank\">\n\t\t<span class=\"button-label\">Programm Kolloquium am 27.6.2025 (PDF, 88 KB)<\/span>\n\t<\/a>\n                <\/div>\n            <\/div>\n        <\/div>\n    <\/div>\n<\/section>\n\n\n<section class=\"block block-accordion\">\n\t<div class=\"container-fluid\">\n\t\t<div class=\"row\">\n\t\t\t<div class=\"col-xs-12 col-md-offset-2 col-md-8\">\n\t\t\t\t<div class=\"box\">\n\t\t\t\t\t\t\t\t\t\t\t<block-accordion inline-template>\n\t\t\t\t\t\t\t<div class=\"accordion\">\n\t\t\t\t\t\t\t\t\t\t\t\t\t\t\t<block-accordion-item inline-template item-headline=\"Begr\u00fc\u00dfung\">\n\t\t\t\t\t\t\t\t<div ref=\"item\" data-id=\"Begrung\" class=\"block-accordion-item vue-initialize\" aria-expanded=\"false\" :aria-expanded=\"active ? 'true' : 'false'\">\n\t\t\t\t\t\t\t\t\t<button class=\"accordion-button-with-icon block-accordion-item-head\" :class=\"{'button-active': active}\" ref=\"head\" aria-controls=\"acc_69f1c5d30fdaa\" id=\"acc_title_69f1c5d30fdae\" @click=\"toggle\" @keydown=\"key\">\n\t\t\t\t\t\t\t\t\t<div><span class=\"button-label\">Begr\u00fc\u00dfung<\/span><\/div><span class=\"button-icon icon-plus\" aria-hidden=\"true\"><\/span>\n\t\t\t\t\t\t\t\t<\/button>\n\t\t\t\t\t\t\t\t\t<div ref=\"body\" class=\"block-accordion-item-content\" id=\"acc_69f1c5d30fdaa\" role=\"region\">\n\t\t\t\t\t\t\t\t\t\t<div class=\"wrapper copy\">\n\t\t\t\t\t\t\t\t\t\t\t<p><strong>12:30<\/strong><br \/>\n<strong>Ankommen, Registrierung<\/strong><\/p>\n<p><strong>13:00<\/strong><br \/>\n<strong>Begr\u00fc\u00dfung durch Prof. Dr. Hartmut Dorgerloh, Generalintendant Humboldt Forum<\/strong><\/p>\n\n\t\t\t\t\t\t\t\t\t\t\t\t\t\t\t\t\t\t\t\t\t\t\t\t\t\t\t\t\t\t\t\t\t\n\t\t\t\t\t\t\t\t\t\t\t<div class=\"row\">\n\t\t\t\t\t\t\t\t\t\t\t\t<div class=\"col-xs-9 col-md-9\">\n\t\t\t\t\t\t\t\t\t\t\t\t\t<div class=\"box\">\n\t\t\t\t\t\t\t\t\t\t\t\t\t\t\t\t\t\t\t\t\t\t\t\t\t\t\t<\/div>\n\t\t\t\t\t\t\t\t\t\t\t\t<\/div>\n\t\t\t\t\t\t\t\t\t\t\t<\/div>\n\n\t\t\t\t\t\t\t\t\t\t\t\t\t\t\t\t\t\t\t\t\t<\/div>\n\t\t\t\t\t\t\t\t\t<\/div>\n\t\t\t\t\t\t\t\t<\/div>\n\t\t\t\t\t\t\t\t<\/block-accordion-item>\n\t\t\t\t\t\t\t\t\t\t\t\t\t\t<block-accordion-item inline-template item-headline=\"Block 1: R\u00fcckblick und Bilanz\">\n\t\t\t\t\t\t\t\t<div ref=\"item\" data-id=\"Block1RckblickundBilanz\" class=\"block-accordion-item vue-initialize\" aria-expanded=\"false\" :aria-expanded=\"active ? 'true' : 'false'\">\n\t\t\t\t\t\t\t\t\t<button class=\"accordion-button-with-icon block-accordion-item-head\" :class=\"{'button-active': active}\" ref=\"head\" aria-controls=\"acc_69f1c5d310276\" id=\"acc_title_69f1c5d310278\" @click=\"toggle\" @keydown=\"key\">\n\t\t\t\t\t\t\t\t\t<div><span class=\"button-label\">Block 1: R\u00fcckblick und Bilanz<\/span><\/div><span class=\"button-icon icon-plus\" aria-hidden=\"true\"><\/span>\n\t\t\t\t\t\t\t\t<\/button>\n\t\t\t\t\t\t\t\t\t<div ref=\"body\" class=\"block-accordion-item-content\" id=\"acc_69f1c5d310276\" role=\"region\">\n\t\t\t\t\t\t\t\t\t\t<div class=\"wrapper copy\">\n\t\t\t\t\t\t\t\t\t\t\t<p>Moderation: Prof. Dr. Hartmut Dorgerloh<\/p>\n<p><strong>13:05<\/strong><br \/>\n<strong>Das Humboldt Forum: der Ankerpunkt in der Stadtentwicklung von Berlin-Mitte<\/strong><br \/>\n<em>Christian Junge, Senatsverwaltung f\u00fcr Stadtentwicklung, Bauen und Wohnen, Leiter der Abteilung II \u2013St\u00e4dtebau und Projekte<\/em><\/p>\n<p><strong>13:25<\/strong><br \/>\n<strong>1000 Hemmnisse, 200 \u00c4nderungen: trotzdem ein erfolgreiches Gro\u00dfprojekt \u2013 Wie geht das?<\/strong><br \/>\n<em>Hans-Dieter Hegner, Vorstand Technik Stiftung Humboldt Forum<\/em><\/p>\n<p><strong>14:00<\/strong><br \/>\n<strong>Diskussion<\/strong><\/p>\n<p><strong>14:15<\/strong><br \/>\n<strong>Die Rekonstruktion der historischen Bauteile: architektonische Regeln und ingenieurtechnische Herausforderungen<\/strong><br \/>\n<em>Prof. Dorgerloh im Gespr\u00e4ch mit Prof. Franco Stella, Architekt, Peter Westermann, Architekt und Detlef Krug, Gesch\u00e4ftsf\u00fchrer Berliner Baumanagement<\/em><\/p>\n<p><strong>15:00<\/strong><br \/>\n<strong>Kaffeepause<\/strong><\/p>\n\n\t\t\t\t\t\t\t\t\t\t\t\t\t\t\t\t\t\t\t\t\t\t\t\t\t\t\t\t\t\t\t\t\t\n\t\t\t\t\t\t\t\t\t\t\t<div class=\"row\">\n\t\t\t\t\t\t\t\t\t\t\t\t<div class=\"col-xs-9 col-md-9\">\n\t\t\t\t\t\t\t\t\t\t\t\t\t<div class=\"box\">\n\t\t\t\t\t\t\t\t\t\t\t\t\t\t\t\t\t\t\t\t\t\t\t\t\t\t\t<\/div>\n\t\t\t\t\t\t\t\t\t\t\t\t<\/div>\n\t\t\t\t\t\t\t\t\t\t\t<\/div>\n\n\t\t\t\t\t\t\t\t\t\t\t\t\t\t\t\t\t\t\t\t\t<\/div>\n\t\t\t\t\t\t\t\t\t<\/div>\n\t\t\t\t\t\t\t\t<\/div>\n\t\t\t\t\t\t\t\t<\/block-accordion-item>\n\t\t\t\t\t\t\t\t\t\t\t\t\t\t<block-accordion-item inline-template item-headline=\"Block 2: Erhalt und Entwicklung\">\n\t\t\t\t\t\t\t\t<div ref=\"item\" data-id=\"Block2ErhaltundEntwicklung\" class=\"block-accordion-item vue-initialize\" aria-expanded=\"false\" :aria-expanded=\"active ? 'true' : 'false'\">\n\t\t\t\t\t\t\t\t\t<button class=\"accordion-button-with-icon block-accordion-item-head\" :class=\"{'button-active': active}\" ref=\"head\" aria-controls=\"acc_69f1c5d31073e\" id=\"acc_title_69f1c5d310740\" @click=\"toggle\" @keydown=\"key\">\n\t\t\t\t\t\t\t\t\t<div><span class=\"button-label\">Block 2: Erhalt und Entwicklung<\/span><\/div><span class=\"button-icon icon-plus\" aria-hidden=\"true\"><\/span>\n\t\t\t\t\t\t\t\t<\/button>\n\t\t\t\t\t\t\t\t\t<div ref=\"body\" class=\"block-accordion-item-content\" id=\"acc_69f1c5d31073e\" role=\"region\">\n\t\t\t\t\t\t\t\t\t\t<div class=\"wrapper copy\">\n\t\t\t\t\t\t\t\t\t\t\t<p>Moderation: Hans-Dieter Hegner<\/p>\n<p><strong>15:30<\/strong><br \/>\n<strong>Moderne Techniken und Nachhaltigkeit in der Natursteinindustrie<\/strong><br \/>\n<em>Hermann Graser, Bamberger Natursteinwerk Hermann Graser<\/em><\/p>\n<p><strong>15:45<br \/>\nNichts erh\u00e4lt sich ohne Pflege \u2013 Erfahrungen mit der Erhaltung von Fassaden und Bildwerken aus Sandstein<\/strong><br \/>\n<em>Hans-Dieter Hegner im Gespr\u00e4ch mit Frank Hoferick, Dipl. Restaurator der Zwingerbauh\u00fctte, Staatsbetrieb S\u00e4chsisches Immobilien- und Baumanagement, Dresden<\/em><br \/>\n<em>Kathrin Lange, Direktorin der Restaurierung, Stiftung Preu\u00dfische Schl\u00f6sser und G\u00e4rten Berlin- Brandenburg, Potsdam<\/em><\/p>\n<p><strong>16:15<\/strong><br \/>\n<strong>Das neue Skulpturenprogramm auf der Balustrade<\/strong><br \/>\n<em>Prof. Dr. Hartmut Dorgerloh, Generalintendant Stiftung Humboldt Forum<\/em><\/p>\n<p><strong>16:35<br \/>\nVorstellung der Figurengruppen<\/strong><br \/>\nKai R\u00f6tger &#8211; Portal 1<br \/>\nSven Schubert &#8211; Portal 2<br \/>\nArtur Hoferick &#8211; Portal 4<br \/>\nAda K\u00f6sler &#8211; Portal 5<br \/>\nValerie Otte &#8211; Eosanderschulter<\/p>\n<p><strong>17:10<br \/>\nDie Geschichte der Rekonstruktion: Was passiert mit der Schlossbauh\u00fctte und den Modellen?<\/strong><br \/>\n<em>Karen Buttler, Wissenschaftliche Mitarbeiterin Stiftung Humboldt Forum, Bereichs Geschichte des Ortes<\/em><\/p>\n<p><strong>17:25<br \/>\nDiskussion<\/strong><\/p>\n<p><strong>17:50<br \/>\nGru\u00dfwort<br \/>\n<\/strong><em>Wilhelm von Boddien, Gesch\u00e4ftsf\u00fchrer des F\u00f6rderverein Berliner Schloss e.V.<\/em><\/p>\n<p><strong>17:55<br \/>\nDank an die Bildhauer und die Expertenkommission<\/strong><br \/>\n<em>Hans-Dieter Hegner, Vorstand Technik Stiftung Humboldt Forum<\/em><\/p>\n<p><strong>18:00<\/strong><br \/>\n<strong>Ende der Veranstaltung<\/strong><\/p>\n\n\t\t\t\t\t\t\t\t\t\t\t\t\t\t\t\t\t\t\t\t\t\t\t\t\t\t\t\t\t\t\t\t\t\n\t\t\t\t\t\t\t\t\t\t\t<div class=\"row\">\n\t\t\t\t\t\t\t\t\t\t\t\t<div class=\"col-xs-9 col-md-9\">\n\t\t\t\t\t\t\t\t\t\t\t\t\t<div class=\"box\">\n\t\t\t\t\t\t\t\t\t\t\t\t\t\t\t\t\t\t\t\t\t\t\t\t\t\t\t<\/div>\n\t\t\t\t\t\t\t\t\t\t\t\t<\/div>\n\t\t\t\t\t\t\t\t\t\t\t<\/div>\n\n\t\t\t\t\t\t\t\t\t\t\t\t\t\t\t\t\t\t\t\t\t<\/div>\n\t\t\t\t\t\t\t\t\t<\/div>\n\t\t\t\t\t\t\t\t<\/div>\n\t\t\t\t\t\t\t\t<\/block-accordion-item>\n\t\t\t\t\t\t\t\t\t\t\t\t\t<\/div>\n\t\t\t\t\t\t<\/block-accordion>\n\t\t\t\t\t\t\t\t\t<\/div>\n\t\t\t<\/div>\n\t\t<\/div>\n\t<\/div>\n<\/section>\n","protected":false},"template":"","genre":[843],"digital":[],"topic":[431],"stakeholder":[382],"editorial":[],"editorialfilter":[],"targetgroup":[],"language":[384],"accessability":[],"age":[],"school":[],"groupsize":[],"place":[1179],"class_list":["post-145512","event","type-event","status-publish","hentry","genre-konferenz-symposium","topic-geschichte-und-architektur-des-ortes","stakeholder-stiftung-humboldt-forum-im-berliner-schloss","language-deutsch","place-saal-1"],"acf":[],"_links":{"self":[{"href":"https:\/\/www.humboldtforum.org\/de\/wp-json\/wp\/v2\/event\/145512","targetHints":{"allow":["GET"]}}],"collection":[{"href":"https:\/\/www.humboldtforum.org\/de\/wp-json\/wp\/v2\/event"}],"about":[{"href":"https:\/\/www.humboldtforum.org\/de\/wp-json\/wp\/v2\/types\/event"}],"version-history":[{"count":12,"href":"https:\/\/www.humboldtforum.org\/de\/wp-json\/wp\/v2\/event\/145512\/revisions"}],"predecessor-version":[{"id":146278,"href":"https:\/\/www.humboldtforum.org\/de\/wp-json\/wp\/v2\/event\/145512\/revisions\/146278"}],"wp:attachment":[{"href":"https:\/\/www.humboldtforum.org\/de\/wp-json\/wp\/v2\/media?parent=145512"}],"wp:term":[{"taxonomy":"genre","embeddable":true,"href":"https:\/\/www.humboldtforum.org\/de\/wp-json\/wp\/v2\/genre?post=145512"},{"taxonomy":"digital","embeddable":true,"href":"https:\/\/www.humboldtforum.org\/de\/wp-json\/wp\/v2\/digital?post=145512"},{"taxonomy":"topic","embeddable":true,"href":"https:\/\/www.humboldtforum.org\/de\/wp-json\/wp\/v2\/topic?post=145512"},{"taxonomy":"stakeholder","embeddable":true,"href":"https:\/\/www.humboldtforum.org\/de\/wp-json\/wp\/v2\/stakeholder?post=145512"},{"taxonomy":"editorial","embeddable":true,"href":"https:\/\/www.humboldtforum.org\/de\/wp-json\/wp\/v2\/editorial?post=145512"},{"taxonomy":"editorialfilter","embeddable":true,"href":"https:\/\/www.humboldtforum.org\/de\/wp-json\/wp\/v2\/editorialfilter?post=145512"},{"taxonomy":"targetgroup","embeddable":true,"href":"https:\/\/www.humboldtforum.org\/de\/wp-json\/wp\/v2\/targetgroup?post=145512"},{"taxonomy":"language","embeddable":true,"href":"https:\/\/www.humboldtforum.org\/de\/wp-json\/wp\/v2\/language?post=145512"},{"taxonomy":"accessability","embeddable":true,"href":"https:\/\/www.humboldtforum.org\/de\/wp-json\/wp\/v2\/accessability?post=145512"},{"taxonomy":"age","embeddable":true,"href":"https:\/\/www.humboldtforum.org\/de\/wp-json\/wp\/v2\/age?post=145512"},{"taxonomy":"school","embeddable":true,"href":"https:\/\/www.humboldtforum.org\/de\/wp-json\/wp\/v2\/school?post=145512"},{"taxonomy":"groupsize","embeddable":true,"href":"https:\/\/www.humboldtforum.org\/de\/wp-json\/wp\/v2\/groupsize?post=145512"},{"taxonomy":"place","embeddable":true,"href":"https:\/\/www.humboldtforum.org\/de\/wp-json\/wp\/v2\/place?post=145512"}],"curies":[{"name":"wp","href":"https:\/\/api.w.org\/{rel}","templated":true}]}}