{"id":145876,"date":"2025-04-30T16:34:12","date_gmt":"2025-04-30T14:34:12","guid":{"rendered":"https:\/\/www.humboldtforum.org\/?post_type=event&#038;p=145876"},"modified":"2025-05-28T11:32:35","modified_gmt":"2025-05-28T09:32:35","slug":"transpositional-geologies","status":"publish","type":"event","link":"https:\/\/www.humboldtforum.org\/de\/programm\/termin\/film-video\/transpositional-geologies-145876\/","title":{"rendered":"Transpositional Geologies"},"content":{"rendered":"<section class=\"block block-copy\" >\n    <div class=\"container-fluid\">\n\t\t<div class=\"row \">\n            <div class=\"col-xs-12 col-md-offset-2 col-md-8\">\n                <div class=\"box\">\n                    <div class=\"copy\"><p>Viele mineralogische Sammlungen bestechen durch ihre Sch\u00f6nheit. Ob Azurit, Malachit oder Duftit \u2013 die vielfarbig schillernden, funkelnden oder bizarr geformten Sammlungsobjekte faszinieren Expert*innen wie Laien. Doch woher stammen die Minerale in den historischen Best\u00e4nden naturkundlicher Sammlungen in Universit\u00e4ten und Museen? Wie und unter welchen Bedingungen wurden sie vor Ort abgebaut und auf welchem Wege gelangten sie in die Sammlungen? Und was sind die Sp\u00e4tfolgen des extraktivistischen Raubbaus an Natur und Mensch, der oft infolge wissenschaftlicher Expeditionen stattfand?<\/p>\n<p>Am Beispiel von Mineralen aus Tsumeb in Namibia \u2013 einem an Mineralen wie Bodensch\u00e4tzen reichen Land \u2013 widmet sich der im Rahmen der Reihe \u201eObjektlabor\u201c stattfindende Abend den in mineralogischen Sammlungen verborgenen Kolonialgeschichten. Und damit auch Fragen kolonialen Leids, teils fragw\u00fcrdiger wissenschaftlicher Forschung und fortw\u00e4hrender Umweltzerst\u00f6rung.<\/p>\n<p>Der Abend anl\u00e4sslich der Vorstellung von Sascha Mikloweits Buch \u201eTranspositional Geologies\u2014Spectres of Coloniality&#8220; beginnt mit seiner Filmarbeit \u201etransposition 001 (Happy Banality of Everything)\u201c. Seit mehreren Jahren arbeitet er mit mineralogischen Sammlungsobjekten aus Tsumeb in Namibia \u2013 einem Ort und Bergbaurevier, zu dem zahlreiche Forschungsexpeditionen aufbrachen und in dem sich die Geschichte des deutschen Kolonialismus vom sp\u00e4ten 19. und fr\u00fchen 20. Jahrhundert bis heute spiegelt. Anschlie\u00dfend diskutieren die Wissenschaftler*innen Paul Basu (Oxford, Gro\u00dfbritannien) und Saima Nakuti Ndahangwapo (Bloemfontein, S\u00fcdafrika) sowie Sammlungsleiter Johannes Giebel (Berlin, Deutschland) \u00fcber die kolonialen Bez\u00fcge mineralogischer Sammlungen und den Umgang mit ihnen.<\/p>\n<p><em>Im Rahmen der Gespr\u00e4chsreihe \u201eOBJEKTLABOR. Sammlungsgespr\u00e4che an der Koordinierungsstelle\u201c<\/em><\/p>\n<p><em>Am Folgetag organisiert die Koordinierungsstelle f\u00fcr wissenschaftliche Universit\u00e4tssammlungen in Deutschland einen Workshop f\u00fcr Kurator*innen, Sammlungs- und Provenienzforscher*innen im Humboldt Labor. Bei Interesse k\u00f6nnen Sie sich hier anmelden:\u00a0<\/em><a class=\"external-link\" href=\"mailto:kontakt@wissenschaftliche-sammlungen.de\" rel=\"nofollow\"><em>kontakt@wissenschaftliche-sammlungen.de<\/em><\/a><em>\u00a0(Stichwort: Workshop Mineralogische Sammlungen)<\/em><\/p>\n<\/div>\n                <\/div>\n            <\/div>\n\t\t<\/div>\n\t\t    <\/div>\n<\/section>\n\n<section class=\"block block-headline block-no-margin \" >\n\t<div class=\"container-fluid\">\n\t\t<div class=\"row\">\n\t\t\t\t\t\t\t<div class=\"col-xs-12 col-md-offset-2 col-md-8\">\n\t\t\t\t\t<div class=\"box\">\n\t\t\t\t\t\t<h2 class=\".h4\">Ablauf<\/h2>\n\t\t\t\t\t<\/div>\n\t\t\t\t<\/div>\n\t\t\t\t\t<\/div>\n\t<\/div>\n<\/section>\n\n\n\n\n<section class=\"block block-copy\" >\n    <div class=\"container-fluid\">\n\t\t<div class=\"row \">\n            <div class=\"col-xs-12 col-md-offset-2 col-md-8\">\n                <div class=\"box\">\n                    <div class=\"copy\"><p><strong>17:30 Uhr:<\/strong> Begr\u00fc\u00dfung<\/p>\n<p><strong>17:45 Uhr:<\/strong> Film | transposition 001 (Happy Banality of Everything)<\/p>\n<p><strong>18:30 Uhr:<\/strong> Performance von Prince Kamaazengi Marenga | transposition 397 (TSUMEB \u2013 A Poem)<\/p>\n<p><strong>18:40 Uhr:<\/strong> Paneldiskussion | transposition 190 (Koloniale Kontexte Mineralogischer Sammlungen):<\/p>\n<p>Einf\u00fchrung von Prof. Dr. Paul Basu (Oxford)<\/p>\n<p>Paneldiskussion mit Prof. Dr. Paul Basu (Oxford), Dr. Johannes Giebel (Berlin) und Dr. Saima Nakuti Ndahangwapo (Bloemfontein\/Windhuk); Moderation: Bastian Herbst<\/p>\n<p><strong>20:00 Uhr:<\/strong> Interaktive Pr\u00e4sentation des Buch &#8222;Transpositional Geologies\u2014Spectres of Coloniality&#8220; mit dem K\u00fcnstler und Herausgeber Sascha Mikloweit bei Getr\u00e4nken; Sound: Irakli Kiziria<\/p>\n<\/div>\n                <\/div>\n            <\/div>\n\t\t<\/div>\n\t\t    <\/div>\n<\/section>\n\n<section class=\"block block-headline block-no-margin \" >\n\t<div class=\"container-fluid\">\n\t\t<div class=\"row\">\n\t\t\t\t\t\t\t<div class=\"col-xs-12 col-md-offset-2 col-md-8\">\n\t\t\t\t\t<div class=\"box\">\n\t\t\t\t\t\t<h2 class=\".h4\">Beteiligte<\/h2>\n\t\t\t\t\t<\/div>\n\t\t\t\t<\/div>\n\t\t\t\t\t<\/div>\n\t<\/div>\n<\/section>\n\n\n\n\n\n<section class=\"block block-accordion\">\n\t<div class=\"container-fluid\">\n\t\t<div class=\"row\">\n\t\t\t<div class=\"col-xs-12 col-md-offset-2 col-md-8\">\n\t\t\t\t<div class=\"box\">\n\t\t\t\t\t\t\t\t\t\t\t<block-accordion inline-template>\n\t\t\t\t\t\t\t<div class=\"accordion\">\n\t\t\t\t\t\t\t\t\t\t\t\t\t\t\t<block-accordion-item inline-template item-headline=\"Prof. Dr. Paul Basu\">\n\t\t\t\t\t\t\t\t<div ref=\"item\" data-id=\"ProfDrPaulBasu\" class=\"block-accordion-item vue-initialize\" aria-expanded=\"false\" :aria-expanded=\"active ? 'true' : 'false'\">\n\t\t\t\t\t\t\t\t\t<button class=\"accordion-button-with-icon block-accordion-item-head\" :class=\"{'button-active': active}\" ref=\"head\" aria-controls=\"acc_69f464aef3c02\" id=\"acc_title_69f464aef3c06\" @click=\"toggle\" @keydown=\"key\">\n\t\t\t\t\t\t\t\t\t<div><span class=\"button-label\">Prof. Dr. Paul Basu<\/span><\/div><span class=\"button-icon icon-plus\" aria-hidden=\"true\"><\/span>\n\t\t\t\t\t\t\t\t<\/button>\n\t\t\t\t\t\t\t\t\t<div ref=\"body\" class=\"block-accordion-item-content\" id=\"acc_69f464aef3c02\" role=\"region\">\n\t\t\t\t\t\t\t\t\t\t<div class=\"wrapper copy\">\n\t\t\t\t\t\t\t\t\t\t\t<p><em>School of Anthropology and Museum Ethnography, University of Oxford, UK<\/em><\/p>\n<p>Paul Basu ist Professor f\u00fcr Anthropologie und Kurator am Pitt Rivers Museum an der Universit\u00e4t von Oxford. Er ist Anthropologe und spezialisiert auf kritische Studien zu Kulturerbe, Museen und materieller Kultur in transkulturellen Kontexten. Er st\u00fctzt sich auf ein breites Spektrum ethnografischer, historischer und partizipatorischer Methoden, um zu erforschen, wie die Vergangenheit in der Gegenwart auf unterschiedliche Weise materialisiert und vermittelt wird und wie sie die Zukunft gestaltet. Pauls Forschung untersucht die komplexe Art und Weise, in der sowohl das nat\u00fcrliche als auch das kulturelle Erbe in sich ver\u00e4ndernde Wertesysteme und geopolitische Konfigurationen verstrickt ist. Im Rahmen seiner Arbeit hat er sich h\u00e4ufig mit kolonialen Archiven und Sammlungen in Bezug auf Westafrika auseinandergesetzt und deren zweideutigen Status als St\u00e4tten epistemischer Gewalt und potenzielle Ressourcen f\u00fcr Gemeinschaften zur Wiedererlangung kultureller Geschichten, Erinnerungen und alternativer Wege des Wissens und des Seins in der Welt untersucht.<\/p>\n\n\t\t\t\t\t\t\t\t\t\t\t\t\t\t\t\t\t\t\t\t\t\t\t\t\t\t\t\t\t\t\t\t\t\n\t\t\t\t\t\t\t\t\t\t\t<div class=\"row\">\n\t\t\t\t\t\t\t\t\t\t\t\t<div class=\"col-xs-9 col-md-9\">\n\t\t\t\t\t\t\t\t\t\t\t\t\t<div class=\"box\">\n\t\t\t\t\t\t\t\t\t\t\t\t\t\t\t\t\t\t\t\t\t\t\t\t\t\t\t<\/div>\n\t\t\t\t\t\t\t\t\t\t\t\t<\/div>\n\t\t\t\t\t\t\t\t\t\t\t<\/div>\n\n\t\t\t\t\t\t\t\t\t\t\t\t\t\t\t\t\t\t\t\t\t<\/div>\n\t\t\t\t\t\t\t\t\t<\/div>\n\t\t\t\t\t\t\t\t<\/div>\n\t\t\t\t\t\t\t\t<\/block-accordion-item>\n\t\t\t\t\t\t\t\t\t\t\t\t\t\t<block-accordion-item inline-template item-headline=\"Dr. R. Johannes Giebel\">\n\t\t\t\t\t\t\t\t<div ref=\"item\" data-id=\"DrRJohannesGiebel\" class=\"block-accordion-item vue-initialize\" aria-expanded=\"false\" :aria-expanded=\"active ? 'true' : 'false'\">\n\t\t\t\t\t\t\t\t\t<button class=\"accordion-button-with-icon block-accordion-item-head\" :class=\"{'button-active': active}\" ref=\"head\" aria-controls=\"acc_69f464aef3f06\" id=\"acc_title_69f464aef3f08\" @click=\"toggle\" @keydown=\"key\">\n\t\t\t\t\t\t\t\t\t<div><span class=\"button-label\">Dr. R. Johannes Giebel<\/span><\/div><span class=\"button-icon icon-plus\" aria-hidden=\"true\"><\/span>\n\t\t\t\t\t\t\t\t<\/button>\n\t\t\t\t\t\t\t\t\t<div ref=\"body\" class=\"block-accordion-item-content\" id=\"acc_69f464aef3f06\" role=\"region\">\n\t\t\t\t\t\t\t\t\t\t<div class=\"wrapper copy\">\n\t\t\t\t\t\t\t\t\t\t\t<p><em>Kurator der Mineralogischen Sammlungen, Technische Universit\u00e4t Berlin<\/em><\/p>\n<p>Johannes Giebel ist wissenschaftlicher Mitarbeiter und Kurator der Mineralogischen Sammlungen an der TU Berlin. Er promovierte in Mineralogie an der Universit\u00e4t T\u00fcbingen (Deutschland) und der University of the Free State (Bloemfontein, S\u00fcdafrika) und absolvierte einen Master in Wirtschaftsgeologie in Bloemfontein und ein Diplom in Geologie und Pal\u00e4ontologie an der Martin-Luther-Universit\u00e4t Halle-Wittenberg (Deutschland). Johannes arbeitete am Staatlichen Museum f\u00fcr Naturkunde in Karlsruhe, wo er f\u00fcr die Reorganisation und Digitalisierung der petrografischen Sammlung verantwortlich war. Seine Forschungsinteressen umfassen interdisziplin\u00e4re Bereiche der Geologie, mit langj\u00e4hrigen Forschungsaktivit\u00e4ten im s\u00fcdlichen Afrika. Durch seine Arbeit mit den Mineralogischen Sammlungen, die einen bedeutenden Anteil namibischer Exemplare enthalten, besch\u00e4ftigt er sich mit dem historischen Hintergrund und dem sachgerechten Umgang mit Mineralien, die unter kolonialen Bedingungen gewonnen wurden.<\/p>\n\n\t\t\t\t\t\t\t\t\t\t\t\t\t\t\t\t\t\t\t\t\t\t\t\t\t\t\t\t\t\t\t\t\t\n\t\t\t\t\t\t\t\t\t\t\t<div class=\"row\">\n\t\t\t\t\t\t\t\t\t\t\t\t<div class=\"col-xs-9 col-md-9\">\n\t\t\t\t\t\t\t\t\t\t\t\t\t<div class=\"box\">\n\t\t\t\t\t\t\t\t\t\t\t\t\t\t\t\t\t\t\t\t\t\t\t\t\t\t\t<\/div>\n\t\t\t\t\t\t\t\t\t\t\t\t<\/div>\n\t\t\t\t\t\t\t\t\t\t\t<\/div>\n\n\t\t\t\t\t\t\t\t\t\t\t\t\t\t\t\t\t\t\t\t\t<\/div>\n\t\t\t\t\t\t\t\t\t<\/div>\n\t\t\t\t\t\t\t\t<\/div>\n\t\t\t\t\t\t\t\t<\/block-accordion-item>\n\t\t\t\t\t\t\t\t\t\t\t\t\t\t<block-accordion-item inline-template item-headline=\"Prince Kamaazengi Marenga I.\">\n\t\t\t\t\t\t\t\t<div ref=\"item\" data-id=\"PrinceKamaazengiMarengaI\" class=\"block-accordion-item vue-initialize\" aria-expanded=\"false\" :aria-expanded=\"active ? 'true' : 'false'\">\n\t\t\t\t\t\t\t\t\t<button class=\"accordion-button-with-icon block-accordion-item-head\" :class=\"{'button-active': active}\" ref=\"head\" aria-controls=\"acc_69f464aef415c\" id=\"acc_title_69f464aef415d\" @click=\"toggle\" @keydown=\"key\">\n\t\t\t\t\t\t\t\t\t<div><span class=\"button-label\">Prince Kamaazengi Marenga I.<\/span><\/div><span class=\"button-icon icon-plus\" aria-hidden=\"true\"><\/span>\n\t\t\t\t\t\t\t\t<\/button>\n\t\t\t\t\t\t\t\t\t<div ref=\"body\" class=\"block-accordion-item-content\" id=\"acc_69f464aef415c\" role=\"region\">\n\t\t\t\t\t\t\t\t\t\t<div class=\"wrapper copy\">\n\t\t\t\t\t\t\t\t\t\t\t<p>Prince Kamaazengi Marenga ist Dichter und Autor in den Bereichen Poesie, Journalismus und Kurzgeschichten. Sein Buch P-O-E-M-S (2019) befasst sich mit den grundlegenden Fragen und Dilemmata rund um die komplexen sozialen Realit\u00e4ten in Namibia sowie dem V\u00f6lkermord. Seine erz\u00e4hlerischen Interessen umfassen Film, Theater und interdisziplin\u00e4re Projekte wie <em>Ovizire-Somgu, From Where Do We Speak?<\/em> Seine Arbeit ist nicht nur eine Reflexion, sondern eine Verk\u00f6rperung des anhaltenden Kampfes und des Geistes des Ovaherero-Volkes. Marenga lebt derzeit in Sedelsberg im Saterland, im Norden Deutschlands.<\/p>\n\n\t\t\t\t\t\t\t\t\t\t\t\t\t\t\t\t\t\t\t\t\t\t\t\t\t\t\t\t\t\t\t\t\t\n\t\t\t\t\t\t\t\t\t\t\t<div class=\"row\">\n\t\t\t\t\t\t\t\t\t\t\t\t<div class=\"col-xs-9 col-md-9\">\n\t\t\t\t\t\t\t\t\t\t\t\t\t<div class=\"box\">\n\t\t\t\t\t\t\t\t\t\t\t\t\t\t\t\t\t\t\t\t\t\t\t\t\t\t\t<\/div>\n\t\t\t\t\t\t\t\t\t\t\t\t<\/div>\n\t\t\t\t\t\t\t\t\t\t\t<\/div>\n\n\t\t\t\t\t\t\t\t\t\t\t\t\t\t\t\t\t\t\t\t\t<\/div>\n\t\t\t\t\t\t\t\t\t<\/div>\n\t\t\t\t\t\t\t\t<\/div>\n\t\t\t\t\t\t\t\t<\/block-accordion-item>\n\t\t\t\t\t\t\t\t\t\t\t\t\t\t<block-accordion-item inline-template item-headline=\"Sascha Mikloweit, MA\">\n\t\t\t\t\t\t\t\t<div ref=\"item\" data-id=\"SaschaMikloweitMA\" class=\"block-accordion-item vue-initialize\" aria-expanded=\"false\" :aria-expanded=\"active ? 'true' : 'false'\">\n\t\t\t\t\t\t\t\t\t<button class=\"accordion-button-with-icon block-accordion-item-head\" :class=\"{'button-active': active}\" ref=\"head\" aria-controls=\"acc_69f464af001d2\" id=\"acc_title_69f464af001d4\" @click=\"toggle\" @keydown=\"key\">\n\t\t\t\t\t\t\t\t\t<div><span class=\"button-label\">Sascha Mikloweit, MA<\/span><\/div><span class=\"button-icon icon-plus\" aria-hidden=\"true\"><\/span>\n\t\t\t\t\t\t\t\t<\/button>\n\t\t\t\t\t\t\t\t\t<div ref=\"body\" class=\"block-accordion-item-content\" id=\"acc_69f464af001d2\" role=\"region\">\n\t\t\t\t\t\t\t\t\t\t<div class=\"wrapper copy\">\n\t\t\t\t\t\t\t\t\t\t\t<p>K\u00fcnstler und Forscher, Berlin\/Br\u00fcssel<\/p>\n<p>Sascha Mikloweit ist ein in Berlin und Br\u00fcssel lebender K\u00fcnstler und Forscher. Seine Arbeit untersucht geologische und kulturelle Verflechtungen durch transdisziplin\u00e4re Methoden und konzentriert sich auf die Materialit\u00e4t, Geschichtsschreibung und soziopolitischen Dimensionen von geowissenschaftlichen Archiven und Abbaust\u00e4tten. Zwischen 2019 und 2024 war Sascha Mikloweit Research Artist-in-Residence am Mineralogischen Museum der Universit\u00e4t Bonn, wo er das Forschungsprojekt &#8222;Transpositional Geologies&#8220; initiierte. Dieses Projekt untersucht das koloniale Erbe, die Geschichte des Rassismus und der Extraktion in Bezug auf die geologische Wissenschaft, mit einem besonderen Fokus auf epistemische Gewalt und Ontologie in geowissenschaftlichen Sammlungen. Von 2025 bis 2027 wird Mikloweit als Research Artist-in-Residence an der Mineralogischen Sammlung der Technischen Universit\u00e4t Berlin arbeiten. Mikloweit hat einen Master of Arts von Central Saint Martins, University of the Arts London und studierte an der Kunstakademie in D\u00fcsseldorf und M\u00fcnster sowie Philosophie und Geschichte an der Universit\u00e4t M\u00fcnster. Seine Forschungen hat er bei Vortr\u00e4gen, Symposien und Workshops vorgestellt und von wichtigen deutschen Kultur- und Forschungsf\u00f6rderern unterst\u00fctzt, darunter die Kunststiftung NRW, die Senatsverwaltung f\u00fcr Kultur und Europa Berlin und das Goethe-Institut Namibia. Seine Arbeiten wurden entwickelt und international ausgestellt, unter anderem an folgenden Orten: Copernicus Science Centre, Warschau, Polen; European Space Agency, ESOC, Darmstadt, Deutschland; Tsumeb Municipality, Namibia; Mineralogisches Museum der Universit\u00e4t Bonn, Deutschland; 7. Liverpool Biennale, Static Gallery, Liverpool, UK; Associa\u00e7\u00e3o Brasileira de Empres\u00e1rios de Divers\u00f5es, S\u00e3o Paulo, Brasilien; Platoon Kunsthalle, Seoul, S\u00fcdkorea.<\/p>\n\n\t\t\t\t\t\t\t\t\t\t\t\t\t\t\t\t\t\t\t\t\t\t\t\t\t\t\t\t\t\t\t\t\t\n\t\t\t\t\t\t\t\t\t\t\t<div class=\"row\">\n\t\t\t\t\t\t\t\t\t\t\t\t<div class=\"col-xs-9 col-md-9\">\n\t\t\t\t\t\t\t\t\t\t\t\t\t<div class=\"box\">\n\t\t\t\t\t\t\t\t\t\t\t\t\t\t\t\t\t\t\t\t\t\t\t\t\t\t\t<\/div>\n\t\t\t\t\t\t\t\t\t\t\t\t<\/div>\n\t\t\t\t\t\t\t\t\t\t\t<\/div>\n\n\t\t\t\t\t\t\t\t\t\t\t\t\t\t\t\t\t\t\t\t\t<\/div>\n\t\t\t\t\t\t\t\t\t<\/div>\n\t\t\t\t\t\t\t\t<\/div>\n\t\t\t\t\t\t\t\t<\/block-accordion-item>\n\t\t\t\t\t\t\t\t\t\t\t\t\t\t<block-accordion-item inline-template item-headline=\"Dr. Saima Nakuti Ndahangwapo\">\n\t\t\t\t\t\t\t\t<div ref=\"item\" data-id=\"DrSaimaNakutiNdahangwapo\" class=\"block-accordion-item vue-initialize\" aria-expanded=\"false\" :aria-expanded=\"active ? 'true' : 'false'\">\n\t\t\t\t\t\t\t\t\t<button class=\"accordion-button-with-icon block-accordion-item-head\" :class=\"{'button-active': active}\" ref=\"head\" aria-controls=\"acc_69f464af00484\" id=\"acc_title_69f464af00485\" @click=\"toggle\" @keydown=\"key\">\n\t\t\t\t\t\t\t\t\t<div><span class=\"button-label\">Dr. Saima Nakuti Ndahangwapo<\/span><\/div><span class=\"button-icon icon-plus\" aria-hidden=\"true\"><\/span>\n\t\t\t\t\t\t\t\t<\/button>\n\t\t\t\t\t\t\t\t\t<div ref=\"body\" class=\"block-accordion-item-content\" id=\"acc_69f464af00484\" role=\"region\">\n\t\t\t\t\t\t\t\t\t\t<div class=\"wrapper copy\">\n\t\t\t\t\t\t\t\t\t\t\t<p><em>Postdoc in der Forschungsgruppe f\u00fcr internationale Studien, University of the Free State, Bloemfontein<\/em><\/p>\n<p>Saima Nakuti Ndahangwapo ist Postdoctoral Fellow der International Studies Group an der University of the Free State, S\u00fcdafrika, und geh\u00f6rt zur Fakult\u00e4t f\u00fcr Geistes- und Sozialwissenschaften der University of Namibia. Sie unterrichtet Geschichtsmodule \u00fcber die deutsche und s\u00fcdafrikanische Kolonialzeit und den Prozess der Dekolonisierung in Namibia. Zu ihren Forschungsinteressen geh\u00f6ren die Geschichte der Diplomatie, des Bergbaus und der Arbeit im s\u00fcdlichen Afrika. Ihre j\u00fcngsten Ver\u00f6ffentlichungen sind: Defending the Investment: R\u00f6ssing Uranium and the Business of Decolonization in Namibia (Basler Afrika Bibliographien Basel, Schweiz, in Vorbereitung); \u201aFollow the Yellowcake Road\u2018: Historical Geographies of Namibian Uranium from the R\u00f6ssing Mine. Historische Sozialforschung 49 (1) (2024): 32-54; (Mit Christopher R. Hill). Technical and Vocational Education and the Place of Indigenous Labour in the Mining Industry of Namibia, 1970-1990, Journal of Southern African Studies, 47:1 (2021): pp.127-142.<\/p>\n\n\t\t\t\t\t\t\t\t\t\t\t\t\t\t\t\t\t\t\t\t\t\t\t\t\t\t\t\t\t\t\t\t\t\n\t\t\t\t\t\t\t\t\t\t\t<div class=\"row\">\n\t\t\t\t\t\t\t\t\t\t\t\t<div class=\"col-xs-9 col-md-9\">\n\t\t\t\t\t\t\t\t\t\t\t\t\t<div class=\"box\">\n\t\t\t\t\t\t\t\t\t\t\t\t\t\t\t\t\t\t\t\t\t\t\t\t\t\t\t<\/div>\n\t\t\t\t\t\t\t\t\t\t\t\t<\/div>\n\t\t\t\t\t\t\t\t\t\t\t<\/div>\n\n\t\t\t\t\t\t\t\t\t\t\t\t\t\t\t\t\t\t\t\t\t<\/div>\n\t\t\t\t\t\t\t\t\t<\/div>\n\t\t\t\t\t\t\t\t<\/div>\n\t\t\t\t\t\t\t\t<\/block-accordion-item>\n\t\t\t\t\t\t\t\t\t\t\t\t\t<\/div>\n\t\t\t\t\t\t<\/block-accordion>\n\t\t\t\t\t\t\t\t\t<\/div>\n\t\t\t<\/div>\n\t\t<\/div>\n\t<\/div>\n<\/section>\n\n\n\n<section class=\"block block-gallery\">\n\t<div class=\"container-fluid\">\n\t\t<div class=\"row center-xs\">\n\t\t\t<div class=\"col-xs-12\">\n\t\t\t\t<div class=\"box text-align-left\">\n\t\t\t\t\t<block-gallery inline-template>\n\t\t\t\t\t\t<div :class=\"{ firstLoaded: firstLoaded }\">\n\t\t\t\t\t\t\t<script type=\"application\/json\" ref=\"data\">\n\t\t\t\t\t\t\t{\n\t\t\t\t\t\t\t\t\"images\" : [{\"id\":0,\"width\":1181,\"height\":1772,\"alt\":\"Dunkler, felsiger Tunnel mit schimmernden W&auml;nden und gew&ouml;lbtem Verlauf, der ins Ungewisse f&uuml;hrt.\",\"title\":\"\",\"description\":\"\",\"label\":\"Transpositional Geologies Field Research Archive: Eingang zur Tsumeb-Mine, Namibia, 2022.\",\"copyright\":\"Transpositional Geologies, Photo: Amanda Holmes\",\"path\":\"\\\/wp-content\\\/uploads\\\/2025\\\/04\\\/\",\"sizes\":{\"medium\":{\"file\":\"SHF_eb00247189-200x300.jpg\",\"width\":200,\"height\":300,\"mime-type\":\"image\\\/jpeg\",\"filesize\":26277},\"large\":{\"file\":\"SHF_eb00247189-682x1024.jpg\",\"width\":682,\"height\":1024,\"mime-type\":\"image\\\/jpeg\",\"filesize\":266062},\"thumbnail\":{\"file\":\"SHF_eb00247189-150x150.jpg\",\"width\":150,\"height\":150,\"mime-type\":\"image\\\/jpeg\",\"filesize\":10656},\"medium_large\":{\"file\":\"SHF_eb00247189-768x1152.jpg\",\"width\":768,\"height\":1152,\"mime-type\":\"image\\\/jpeg\",\"filesize\":326374},\"small\":{\"file\":\"SHF_eb00247189-293x440.jpg\",\"width\":293,\"height\":440,\"mime-type\":\"image\\\/jpeg\",\"filesize\":55010},\"semi\":{\"file\":\"SHF_eb00247189-387x580.jpg\",\"width\":387,\"height\":580,\"mime-type\":\"image\\\/jpeg\",\"filesize\":94618},\"mobile\":{\"file\":\"SHF_eb00247189-480x720.jpg\",\"width\":480,\"height\":720,\"mime-type\":\"image\\\/jpeg\",\"filesize\":140239},\"hd\":{\"file\":\"SHF_eb00247189-853x1280.jpg\",\"width\":853,\"height\":1280,\"mime-type\":\"image\\\/jpeg\",\"filesize\":389662},\"1536x1536\":{\"file\":\"SHF_eb00247189-1024x1536.jpg\",\"width\":1024,\"height\":1536,\"mime-type\":\"image\\\/jpeg\",\"filesize\":520795},\"original\":{\"file\":\"SHF_eb00247189.jpg\",\"width\":1181,\"height\":1772}}},{\"id\":1,\"width\":1772,\"height\":1181,\"alt\":\"Blick auf einen ehemaligen Steinbruch mit steilen Felsen und Pflanzen unter klarem Himmel.\",\"title\":\"\",\"description\":\"\",\"label\":\"transposition 086 (Tsumeb Relay). F&uuml;nfst&uuml;ndige Performance in der ehem. Tagebaumine der Otavi Minen- und Eisenbahngesellschaft (OMEG), Tsumeb, Namibia, 2023. Sascha Mikloweit in Kollaboration mit August Kapolo, Rakker Festus, Festus Alushiya, David David.\",\"copyright\":\"Transpositional Geologies, Sascha Mikloweit. Foto: Manuel Pandalis.\",\"path\":\"\\\/wp-content\\\/uploads\\\/2025\\\/04\\\/\",\"sizes\":{\"medium\":{\"file\":\"SHF_eb00247191-300x200.jpg\",\"width\":300,\"height\":200,\"mime-type\":\"image\\\/jpeg\",\"filesize\":19230},\"large\":{\"file\":\"SHF_eb00247191-1024x682.jpg\",\"width\":1024,\"height\":682,\"mime-type\":\"image\\\/jpeg\",\"filesize\":218016},\"thumbnail\":{\"file\":\"SHF_eb00247191-150x150.jpg\",\"width\":150,\"height\":150,\"mime-type\":\"image\\\/jpeg\",\"filesize\":7822},\"medium_large\":{\"file\":\"SHF_eb00247191-768x512.jpg\",\"width\":768,\"height\":512,\"mime-type\":\"image\\\/jpeg\",\"filesize\":121388},\"small\":{\"file\":\"SHF_eb00247191-440x293.jpg\",\"width\":440,\"height\":293,\"mime-type\":\"image\\\/jpeg\",\"filesize\":40217},\"semi\":{\"file\":\"SHF_eb00247191-580x387.jpg\",\"width\":580,\"height\":387,\"mime-type\":\"image\\\/jpeg\",\"filesize\":70317},\"mobile\":{\"file\":\"SHF_eb00247191-720x480.jpg\",\"width\":720,\"height\":480,\"mime-type\":\"image\\\/jpeg\",\"filesize\":106357},\"hd\":{\"file\":\"SHF_eb00247191-1280x853.jpg\",\"width\":1280,\"height\":853,\"mime-type\":\"image\\\/jpeg\",\"filesize\":334745},\"1536x1536\":{\"file\":\"SHF_eb00247191-1536x1024.jpg\",\"width\":1536,\"height\":1024,\"mime-type\":\"image\\\/jpeg\",\"filesize\":464473},\"original\":{\"file\":\"SHF_eb00247191.jpg\",\"width\":1772,\"height\":1181}}},{\"id\":2,\"width\":1772,\"height\":1181,\"alt\":\"Dokumente und eine Karte liegen auf einem felsigen Boden in einer trockenen Landschaft.\",\"title\":\"\",\"description\":\"\",\"label\":\"transposition 086 (Tsumeb Relay). F&uuml;nfst&uuml;ndige Performance in der ehem. Tagebaumine der Otavi Minen- und Eisenbahngesellschaft (OMEG), Tsumeb, Namibia, 2023. Sascha Mikloweit, 2023, in Kollaboration mit August Kapolo, Rakker Festus, Festus Alushiya, David David. (Detailansicht).\",\"copyright\":\"Transpositional Geologies, Sascha Mikloweit. Foto: Manuel Pandalis.\",\"path\":\"\\\/wp-content\\\/uploads\\\/2025\\\/04\\\/\",\"sizes\":{\"medium\":{\"file\":\"SHF_eb00247192-300x200.jpg\",\"width\":300,\"height\":200,\"mime-type\":\"image\\\/jpeg\",\"filesize\":22768},\"large\":{\"file\":\"SHF_eb00247192-1024x682.jpg\",\"width\":1024,\"height\":682,\"mime-type\":\"image\\\/jpeg\",\"filesize\":278444},\"thumbnail\":{\"file\":\"SHF_eb00247192-150x150.jpg\",\"width\":150,\"height\":150,\"mime-type\":\"image\\\/jpeg\",\"filesize\":9023},\"medium_large\":{\"file\":\"SHF_eb00247192-768x512.jpg\",\"width\":768,\"height\":512,\"mime-type\":\"image\\\/jpeg\",\"filesize\":155169},\"small\":{\"file\":\"SHF_eb00247192-440x293.jpg\",\"width\":440,\"height\":293,\"mime-type\":\"image\\\/jpeg\",\"filesize\":49395},\"semi\":{\"file\":\"SHF_eb00247192-580x387.jpg\",\"width\":580,\"height\":387,\"mime-type\":\"image\\\/jpeg\",\"filesize\":88105},\"mobile\":{\"file\":\"SHF_eb00247192-720x480.jpg\",\"width\":720,\"height\":480,\"mime-type\":\"image\\\/jpeg\",\"filesize\":135726},\"hd\":{\"file\":\"SHF_eb00247192-1280x853.jpg\",\"width\":1280,\"height\":853,\"mime-type\":\"image\\\/jpeg\",\"filesize\":425610},\"1536x1536\":{\"file\":\"SHF_eb00247192-1536x1024.jpg\",\"width\":1536,\"height\":1024,\"mime-type\":\"image\\\/jpeg\",\"filesize\":586559},\"original\":{\"file\":\"SHF_eb00247192.jpg\",\"width\":1772,\"height\":1181}}},{\"id\":3,\"width\":1772,\"height\":1181,\"alt\":\"Text auf einer Glasplatte, der Fragen zu Zahlen und deren Bedeutung im Kontext von Arbeit und Umwelt aufwirft.\",\"title\":\"\",\"description\":\"\",\"label\":\"transposition 741 (We Come and Die as Numbers), Sascha Mikloweit, 2023. Gedicht des namibischen Poeten Simon Zhu Mbako (1950&ndash;1994), &lsquo;We Come and Die as Numbers&rsquo;, eingekratzt in eine leere Vitrine des Mineralogischen Museums der Universit&auml;t Bonn\",\"copyright\":\"Transpositional Geologies, Sascha Mikloweit. Photography: Manuel Pandalis.\",\"path\":\"\\\/wp-content\\\/uploads\\\/2025\\\/04\\\/\",\"sizes\":{\"medium\":{\"file\":\"SHF_eb00247193-300x200.jpg\",\"width\":300,\"height\":200,\"mime-type\":\"image\\\/jpeg\",\"filesize\":18646},\"large\":{\"file\":\"SHF_eb00247193-1024x682.jpg\",\"width\":1024,\"height\":682,\"mime-type\":\"image\\\/jpeg\",\"filesize\":198023},\"thumbnail\":{\"file\":\"SHF_eb00247193-150x150.jpg\",\"width\":150,\"height\":150,\"mime-type\":\"image\\\/jpeg\",\"filesize\":8168},\"medium_large\":{\"file\":\"SHF_eb00247193-768x512.jpg\",\"width\":768,\"height\":512,\"mime-type\":\"image\\\/jpeg\",\"filesize\":115407},\"small\":{\"file\":\"SHF_eb00247193-440x293.jpg\",\"width\":440,\"height\":293,\"mime-type\":\"image\\\/jpeg\",\"filesize\":38992},\"semi\":{\"file\":\"SHF_eb00247193-580x387.jpg\",\"width\":580,\"height\":387,\"mime-type\":\"image\\\/jpeg\",\"filesize\":67297},\"mobile\":{\"file\":\"SHF_eb00247193-720x480.jpg\",\"width\":720,\"height\":480,\"mime-type\":\"image\\\/jpeg\",\"filesize\":101749},\"hd\":{\"file\":\"SHF_eb00247193-1280x853.jpg\",\"width\":1280,\"height\":853,\"mime-type\":\"image\\\/jpeg\",\"filesize\":297902},\"1536x1536\":{\"file\":\"SHF_eb00247193-1536x1024.jpg\",\"width\":1536,\"height\":1024,\"mime-type\":\"image\\\/jpeg\",\"filesize\":410654},\"original\":{\"file\":\"SHF_eb00247193.jpg\",\"width\":1772,\"height\":1181}}},{\"id\":4,\"width\":1181,\"height\":1772,\"alt\":\"Ein Tuch h&auml;ngt an einem Bahnhof, umgeben von Schienen und Natur, unter einem bew&ouml;lkten Himmel.\",\"title\":\"\",\"description\":\"\",\"label\":\"transposition 884 (22&deg;40&#039;56.1&quot;S 14&deg;32&rsquo;15.1&quot;E &bull;&lt;&mdash;&gt;&bull; KM334), Sascha Mikloweit, 2023. Skulpturale Intervention bei km 334 der fr&uuml;heren kolonialen Eisenbahnlinie der Otavi Minen- und Eisenbahngesellschaft (OMEG) von Swakopmund nach Tsumeb mit einem auf Seide gedruckten Bild der namenlosen Gr&auml;ber des Denkmals f&uuml;r den Genozid an den Nama &amp; Ovaherero 1904&ndash;1\",\"copyright\":\"Sascha Mikloweit, Transpositional Geologies \\\/ VG Bild-Kunst Bonn, 2025 \\\/ Foto: Manuel Pandalis\",\"path\":\"\\\/wp-content\\\/uploads\\\/2025\\\/04\\\/\",\"sizes\":{\"medium\":{\"file\":\"SHF_eb00247194-200x300.jpg\",\"width\":200,\"height\":300,\"mime-type\":\"image\\\/jpeg\",\"filesize\":18271},\"large\":{\"file\":\"SHF_eb00247194-682x1024.jpg\",\"width\":682,\"height\":1024,\"mime-type\":\"image\\\/jpeg\",\"filesize\":167686},\"thumbnail\":{\"file\":\"SHF_eb00247194-150x150.jpg\",\"width\":150,\"height\":150,\"mime-type\":\"image\\\/jpeg\",\"filesize\":7698},\"medium_large\":{\"file\":\"SHF_eb00247194-768x1152.jpg\",\"width\":768,\"height\":1152,\"mime-type\":\"image\\\/jpeg\",\"filesize\":203978},\"small\":{\"file\":\"SHF_eb00247194-293x440.jpg\",\"width\":293,\"height\":440,\"mime-type\":\"image\\\/jpeg\",\"filesize\":36696},\"semi\":{\"file\":\"SHF_eb00247194-387x580.jpg\",\"width\":387,\"height\":580,\"mime-type\":\"image\\\/jpeg\",\"filesize\":61618},\"mobile\":{\"file\":\"SHF_eb00247194-480x720.jpg\",\"width\":480,\"height\":720,\"mime-type\":\"image\\\/jpeg\",\"filesize\":89469},\"hd\":{\"file\":\"SHF_eb00247194-853x1280.jpg\",\"width\":853,\"height\":1280,\"mime-type\":\"image\\\/jpeg\",\"filesize\":243495},\"1536x1536\":{\"file\":\"SHF_eb00247194-1024x1536.jpg\",\"width\":1024,\"height\":1536,\"mime-type\":\"image\\\/jpeg\",\"filesize\":328587},\"original\":{\"file\":\"SHF_eb00247194.jpg\",\"width\":1181,\"height\":1772}}}]\t\t\t\t\t\t\t}\n\t\t\t\t\t\t\t<\/script>\n\n\t\t\t\t\t\t\t<swiper :options=\"options\" @slide-change=\"track\">\n\t\t\t\t\t\t\t\t<div class=\"swiper-slide\" :key=\"image.id\" v-for=\"image in images\">\n\t\t\t\t\t\t\t\t\t<block-gallery-item inline-template :image=\"image\">\n\t\t\t\t\t\t\t\t\t\t<figure class=\"swiper-slide-image-wrapper\" ref=\"parent\">\n\t\t\t\t\t\t\t\t\t\t\t<div class=\"width-container\" ref=\"container\" :style=\"style\">\n\t\t\t\t\t\t\t\t\t\t\t\t<div data-swiper-parallax-x=\"50%\">\n\t\t\t\t\t\t\t\t\t\t\t\t<img :src=\"image.src\" :alt=\"image.alt\" v-if=\"image.id < 2\">\n\t\t\t\t\t\t\t\t\t\t\t\t<img class=\"swiper-lazy\" :data-src=\"image.src\" :alt=\"image.alt\" v-else>\n\t\t\t\t\t\t\t\t\t\t\t\t<\/div>\n\t\t\t\t\t\t\t\t\t\t\t<\/div>\n\t\t\t\t\t\t\t\t\t\t<\/figure>\n\t\t\t\t\t\t\t\t\t<\/block-gallery-item>\n\n\t\t\t\t\t\t\t\t\t<figcaption>\n\t\t\t\t\t\t\t\t\t\t<div class=\"lazy-media-info-body-content\">\n\t\t\t\t\t\t\t\t\t\t\t<div v-html=\"image.label\"><\/div>\n\t\t\t\t\t\t\t\t\t\t\t<div v-html=\"image.description\"><\/div>\n\t\t\t\t\t\t\t\t\t\t\t<div class=\"insignificant\" v-if=\"image.copyright\" v-html=\"'\u00a9 '+image.copyright\"><\/div>\n\t\t\t\t\t\t\t\t\t\t<\/div>\n\t\t\t\t\t\t\t\t\t<\/figcaption>\n\t\t\t\t\t\t\t\t<\/div>\n\n\t\t\t\t\t\t\t\t<div class=\"swiper-pagination\"  slot=\"pagination\"><\/div>\n\n\t\t\t\t\t\t\t\t<button class=\"icon-round swiper-button-prev\" slot=\"button-prev\" aria-label=\"Vorheriges Bild\">\n\t\t\t\t\t\t\t\t\t<span class=\"icon-next\" aria-hidden=\"true\"><\/span>\n\t\t\t\t\t\t\t\t<\/button>\n\n\t\t\t\t\t\t\t\t<button class=\"icon-round swiper-button-next\" slot=\"button-next\" aria-label=\"N\u00e4chstes Bild\">\n\t\t\t\t\t\t\t\t\t<span class=\"icon-next\" aria-hidden=\"true\"><\/span>\n\t\t\t\t\t\t\t\t<\/button>\n\t\t\t\t\t\t\t<\/swiper>\n\t\t\t\t\t\t<\/div>\n\t\t\t\t\t<\/block-gallery>\n\t\t\t\t<\/div>\n\t\t\t<\/div>\n\t\t<\/div>\n\t<\/div>\n<\/section>\n\n\n<section class=\"block block-accordion\">\n\t<div class=\"container-fluid\">\n\t\t<div class=\"row\">\n\t\t\t<div class=\"col-xs-12 col-md-offset-2 col-md-8\">\n\t\t\t\t<div class=\"box\">\n\t\t\t\t\t\t\t\t\t\t\t<block-accordion inline-template>\n\t\t\t\t\t\t\t<div class=\"accordion\">\n\t\t\t\t\t\t\t\t\t\t\t\t\t\t\t<block-accordion-item inline-template item-headline=\"Film &quot;transposition 001 (Happy Banality of Everything)&quot;\">\n\t\t\t\t\t\t\t\t<div ref=\"item\" data-id=\"Filmtransposition001HappyBanalityofEverything\" class=\"block-accordion-item vue-initialize\" aria-expanded=\"false\" :aria-expanded=\"active ? 'true' : 'false'\">\n\t\t\t\t\t\t\t\t\t<button class=\"accordion-button-with-icon block-accordion-item-head\" :class=\"{'button-active': active}\" ref=\"head\" aria-controls=\"acc_69f464af03eb6\" id=\"acc_title_69f464af03eb8\" @click=\"toggle\" @keydown=\"key\">\n\t\t\t\t\t\t\t\t\t<div><span class=\"button-label\">Film &#8222;transposition 001 (Happy Banality of Everything)&#8220;<\/span><\/div><span class=\"button-icon icon-plus\" aria-hidden=\"true\"><\/span>\n\t\t\t\t\t\t\t\t<\/button>\n\t\t\t\t\t\t\t\t\t<div ref=\"body\" class=\"block-accordion-item-content\" id=\"acc_69f464af03eb6\" role=\"region\">\n\t\t\t\t\t\t\t\t\t\t<div class=\"wrapper copy\">\n\t\t\t\t\t\t\t\t\t\t\t<p>2022<br \/>\nExperimentalfilm<br \/>\n00:46:01, 4k<br \/>\nFilm von Sascha Mikloweit<br \/>\nAnimation: Holger Risse<br \/>\nTonspur: Irakli Kiziria<\/p>\n<p>Der Film transposition 001 (Happy Banality of Everything) ist ein Ergebnis des dreij\u00e4hrigen Kunstprojekts &#8222;Transpositional Geologies&#8220;, das vom Museum f\u00fcr Mineralogie der Universit\u00e4t Bonn veranstaltet wird. Die Sammlung beherbergt 60.000 Mineralien, die alle akribisch benannt und nach dem Strunz&#8217;schen Klassifizierungssystem katalogisiert sind, das ihrer chemischen Zusammensetzung folgt.<\/p>\n<p>Ausgangspunkt f\u00fcr die Produktion war das umfangreiche Archiv des K\u00fcnstlers Sascha Mikloweit an \u201eObjektbildern\u201c, die mit einem modifizierten Flachbettscanner aus der Sammlung generiert wurden. Nach einem neunmonatigen Trialog zwischen Mikloweit, dem Animationsexperten Holger Risse und dem Komponisten Irakli Kiziria entstand der Film als poetische \u00dcberarbeitung der wissenschaftlichen Sammlung, angetrieben von dem Wunsch des Trios, die unsagbare gewaltt\u00e4tige Geschichte zu vermitteln, die den Mineralien eingeschrieben ist. Die Wirkung ist zugleich verf\u00fchrerisch und zutiefst beunruhigend.<\/p>\n<p><a href=\"https:\/\/transpositional-geologies.org\/archive\/tg-t001\">https:\/\/transpositional-geologies.org\/archive\/tg-t001<\/a><\/p>\n\n\t\t\t\t\t\t\t\t\t\t\t\t\t\t\t\t\t\t\t\t\t\t\t\t\t\t\t\t\t\t\t\t\t\n\t\t\t\t\t\t\t\t\t\t\t<div class=\"row\">\n\t\t\t\t\t\t\t\t\t\t\t\t<div class=\"col-xs-9 col-md-9\">\n\t\t\t\t\t\t\t\t\t\t\t\t\t<div class=\"box\">\n\t\t\t\t\t\t\t\t\t\t\t\t\t\t\t\t\t\t\t\t\t\t\t\t\t\t\t<\/div>\n\t\t\t\t\t\t\t\t\t\t\t\t<\/div>\n\t\t\t\t\t\t\t\t\t\t\t<\/div>\n\n\t\t\t\t\t\t\t\t\t\t\t\t\t\t\t\t\t\t\t\t\t<\/div>\n\t\t\t\t\t\t\t\t\t<\/div>\n\t\t\t\t\t\t\t\t<\/div>\n\t\t\t\t\t\t\t\t<\/block-accordion-item>\n\t\t\t\t\t\t\t\t\t\t\t\t\t\t<block-accordion-item inline-template item-headline=\"Publikation &quot;Transpositional Geologies\u2014Spectres of Coloniality&quot;\">\n\t\t\t\t\t\t\t\t<div ref=\"item\" data-id=\"PublikationTranspositionalGeologiesSpectresofColoniality\" class=\"block-accordion-item vue-initialize\" aria-expanded=\"false\" :aria-expanded=\"active ? 'true' : 'false'\">\n\t\t\t\t\t\t\t\t\t<button class=\"accordion-button-with-icon block-accordion-item-head\" :class=\"{'button-active': active}\" ref=\"head\" aria-controls=\"acc_69f464af041f6\" id=\"acc_title_69f464af041f7\" @click=\"toggle\" @keydown=\"key\">\n\t\t\t\t\t\t\t\t\t<div><span class=\"button-label\">Publikation &#8222;Transpositional Geologies\u2014Spectres of Coloniality&#8220;<\/span><\/div><span class=\"button-icon icon-plus\" aria-hidden=\"true\"><\/span>\n\t\t\t\t\t\t\t\t<\/button>\n\t\t\t\t\t\t\t\t\t<div ref=\"body\" class=\"block-accordion-item-content\" id=\"acc_69f464af041f6\" role=\"region\">\n\t\t\t\t\t\t\t\t\t\t<div class=\"wrapper copy\">\n\t\t\t\t\t\t\t\t\t\t\t<div class=\"product--description\">\n<p>Wer eine institutionelle mineralogische Sammlung betritt, st\u00f6\u00dft in der Regel auf Vitrinen, die nach Klassifizierungssystemen entsprechend der Materialeigenschaften geordnet sind. Jedoch birgt jedes Mineral eine Geschichte der Extraktion, der Zerst\u00f6rung, des Besitzes und der Enteignung sowie deren globale Beziehungen in sich.<\/p>\n<p>Der im Mai 2025 bei Kerber Press erscheinende Band <em>Transpositional Geologies<\/em> verortet solche Sammlungen als Indizes, welche uns in das Nachleben des Kolonialismus f\u00fchren, und er\u00f6ffnet eine sich weiterentwickelnde politische Geologie, die in ihrer Lesart Sammlungsmineralien prim\u00e4r als Kulturobjekte denn als Naturobjekte betrachtet. Basierend auf seiner k\u00fcnstlerischen und kulturellen Arbeit der letzten f\u00fcnf Jahre in Namibia und Deutschland, vereint Sascha Mikloweit internationale Stimmen aus Bereichen wie Anthropologie, Kritische Theorie, Geologie, Geschichte, Museumswissenschaft, Philosophie, Poesie und \u00f6ffentlicher Verwaltung mit den Perspektiven von Boltwoodit, Cerussit oder Smithsonit.<\/p>\n<p>\u201eStein um Stein\u201d l\u00e4dt dieser au\u00dfergew\u00f6hnlich gestaltete Band dazu ein, sich mit einer zunehmend nuancierten Lesart der Geschichte der Geologie zu befassen: mit ihrer epistemischen Gewalt, ihren Auslassungen und ihren rassistischen Regimen, und damit, wie die andauernden R\u00fcckst\u00e4nde ihres kolonialen Erbes fortlaufend unsere heutigen extraktiven Realit\u00e4ten bedingen.<\/p>\n<p>Herausgegeben von Sascha Mikloweit, mit Texten von:<\/p>\n<\/div>\n<p>Saima Ashipala, Paul Basu, Charmaine \/\/Gamxamus, Johannes Giebel, Elizabeth Grosz, Maria-Oo Haihambo, Selby Hearth, Bastian Herbst, Chris Hill, Herbert Jauch, Juuso Kaluvi, Veripuami Nandee Kangumine, Malina Lauterbach, Helmut Maier, Prince Kamaazengi Marenga I, Sascha Mikloweit, Hidipo Nangolo, Paul O\u2019Kane, Jermaine Solunga, Ellison Tjirera, Kuhepa Tjondu, Samo Tom\u0161i\u010d, Kathryn Yusoff<\/p>\n<p>Weitere Informationen:<\/p>\n<p><a class=\"external-link\" href=\"https:\/\/www.kerberverlag.com\/de\/2162\/transpositional-geologies\" rel=\"nofollow\">https:\/\/www.kerberverlag.com\/de\/2162\/transpositional-geologies<\/a><\/p>\n\n\t\t\t\t\t\t\t\t\t\t\t\t\t\t\t\t\t\t\t\t\t\t\t\t\t\t\t\t\t\t\t\t\t\n\t\t\t\t\t\t\t\t\t\t\t<div class=\"row\">\n\t\t\t\t\t\t\t\t\t\t\t\t<div class=\"col-xs-9 col-md-9\">\n\t\t\t\t\t\t\t\t\t\t\t\t\t<div class=\"box\">\n\t\t\t\t\t\t\t\t\t\t\t\t\t\t\n\t<lazy-media-inline inline-template>\n\t\t<figure itemscope itemtype=\"http:\/\/schema.org\/ImageObject\" class=\"lazy-media-inline \" role=\"group\" id=\"media_69f464af047a9\" aria-labelledby=\"desc_media_69f464af047a9\">\n\t\t\t<script type=\"application\/json\" ref=\"data\">\n\t\t\t\t{\n\t\t\t\t\"sizes\" : {\"medium\":{\"file\":\"SHF_eb00247190-261x300.jpg\",\"width\":261,\"height\":300,\"mime-type\":\"image\\\/jpeg\",\"filesize\":27371},\"thumbnail\":{\"file\":\"SHF_eb00247190-150x150.jpg\",\"width\":150,\"height\":150,\"mime-type\":\"image\\\/jpeg\",\"filesize\":8741},\"small\":{\"file\":\"SHF_eb00247190-383x440.jpg\",\"width\":383,\"height\":440,\"mime-type\":\"image\\\/jpeg\",\"filesize\":49332},\"semi\":{\"file\":\"SHF_eb00247190-505x580.jpg\",\"width\":505,\"height\":580,\"mime-type\":\"image\\\/jpeg\",\"filesize\":78505},\"original\":{\"file\":\"SHF_eb00247190.jpg\",\"width\":522,\"height\":600}},\n\t\t\t\t\"alt\" : \"Cover des Buches \\\"Transpositional Geologies\\\" \\u00fcber spektrale Geologien, mit zerbrochenem Glas im Hintergrund.\",\n\t\t\t\t\"path\" : \"\\\/wp-content\\\/uploads\\\/2025\\\/04\\\/\",\n\t\t\t\t\"video\" : null,\n\t\t\t\t\"autoplay\" : null,\n\t\t\t\t\"youtube\" : null,\n\t\t\t\t\"youtubelabel\" : \"Video abspielen\",\n\t\t\t\t\"brightness\" : 100,\n\t\t\t\t\"crop\" : {\"top\":\"50.00\",\"left\":\"50.00\"},\n\t\t\t\t\"background\" : true,\n\t\t\t\t\"scale\" : 2\t\t\t\t}\n\t\t\t<\/script>\n\n\t\t\t<div class=\"height-container\" style=\"padding-bottom:114.94252873563%;\" v-if=\"sizes\">\n\t\t\t\t\t\t\t\t<lazy-media :inline=\"true\" :alt=\"alt\" :sizes=\"sizes\" :scale=\"scale\" :brightness=\"brightness\" :path=\"path\" :video=\"video\" :autoplay=\"autoplay\" :youtube=\"youtube\" :crop=\"crop\" :youtubelabel=\"youtubelabel\" :background=\"background\" media-id=\"desc_media_69f464af047a9\"><\/lazy-media>\n\t\t\t\t\t\t\t<\/div>\n\n\t\t\t\t\t\t\t<figcaption class=\"\" id=\"desc_media_69f464af047a9\">\n\t\t\t\t\t<div class=\"lazy-media-info-body-content\">\n\t\t\t\t\t\t\t\t\t\t\t\t\t<div>Cover der Publikation &quot;Transpositional Geologies. Spectres of Coloniality&quot;<\/div>\n\t\t\t\t\t\t\t\t\t\t\t\t\t\t\t\t\t\t\t\t\t\t\t\t\t<div class=\"insignificant\">\u00a9 Transpositional Geologies \/ Sascha Mikloweit &#038; VG BildKunst \/ Kerber Verlag, 2025 <\/div>\n\t\t\t\t\t\t\t\t\t\t\t<\/div>\n\t\t\t\t<\/figcaption>\n\t\t\t\t\t\t\t\t\t<\/figure>\n\t<\/lazy-media-inline>\n\t\t\t\t\t\t\t\t\t\t\t\t\t<\/div>\n\t\t\t\t\t\t\t\t\t\t\t\t<\/div>\n\t\t\t\t\t\t\t\t\t\t\t<\/div>\n\n\t\t\t\t\t\t\t\t\t\t\t\t\t\t\t\t\t\t\t\t\t<\/div>\n\t\t\t\t\t\t\t\t\t<\/div>\n\t\t\t\t\t\t\t\t<\/div>\n\t\t\t\t\t\t\t\t<\/block-accordion-item>\n\t\t\t\t\t\t\t\t\t\t\t\t\t<\/div>\n\t\t\t\t\t\t<\/block-accordion>\n\t\t\t\t\t\t\t\t\t<\/div>\n\t\t\t<\/div>\n\t\t<\/div>\n\t<\/div>\n<\/section>\n\n\n<section class=\"block block-teaser col-1 has-bg\" style=\"--teaser-bg:#f2f2f2\">\n\t<lazy-component :fixed-min-height=\"400\">\n\t\n\t\t\t\t\t<div class=\"container-fluid\">\n\t\t\t\t<div class=\"row bottom-xs\">\n\t\t\t\t\t<div class=\"col-xs-12 col-sm-10 col-md-8 col-sm-offset-1 col-md-offset-2\">\n\t\t\t\t\t\t<h4>geh\u00f6rt zu<\/h4>\t\t\t\t\t\t\t\t\t\t\t\t\t\t\t\t\t\t\t<\/div>\n\t\t\t\t\t<div class=\"col-xs-12 col-sm-10 col-md-8 col-sm-offset-1 col-md-offset-2 start-xs end-md margin-bottom-sixth\">\n\t\t\t\t\t\t\t\t\t\t\t<\/div>\n\t\t\t\t<\/div>\n\t\t\t\t<ul class=\"row\">\n\t\t\t\n<li class=\"col-xs-12 teaser-wrapper col-padding-remove\">\n\t<calendarteaser key=\"1414414781\" rawitem='{&quot;postId&quot;:14144,&quot;title&quot;:&quot;Nach der Natur&quot;,&quot;excerpt&quot;:&quot;&quot;,&quot;slug&quot;:&quot;nach-der-natur&quot;,&quot;post_date&quot;:&quot;2020-10-23T09:05&quot;,&quot;type&quot;:&quot;event-permanent&quot;,&quot;permalink&quot;:&quot;https:\\\/\\\/www.humboldtforum.org\\\/de\\\/programm\\\/dauerangebot\\\/ausstellung\\\/nach-der-natur-14144\\\/&quot;,&quot;genre&quot;:[391],&quot;genre_details&quot;:[{&quot;text&quot;:&quot;Ausstellung&quot;,&quot;id&quot;:391,&quot;icon&quot;:null,&quot;parent&quot;:0}],&quot;stakeholder&quot;:[409],&quot;stakeholder_details&quot;:[{&quot;text&quot;:&quot;Humboldt-Universit\\u00e4t zu Berlin&quot;,&quot;id&quot;:409,&quot;icon&quot;:null,&quot;parent&quot;:0}],&quot;editorial&quot;:[537,402,538],&quot;editorial_details&quot;:[{&quot;text&quot;:&quot;experimentell&quot;,&quot;id&quot;:537,&quot;icon&quot;:null,&quot;parent&quot;:0},{&quot;text&quot;:&quot;interaktiv&quot;,&quot;id&quot;:402,&quot;icon&quot;:null,&quot;parent&quot;:0},{&quot;text&quot;:&quot;wissenschaftlich&quot;,&quot;id&quot;:538,&quot;icon&quot;:null,&quot;parent&quot;:0}],&quot;targetgroup&quot;:[383],&quot;targetgroup_details&quot;:[{&quot;text&quot;:&quot;Erwachsene&quot;,&quot;id&quot;:383,&quot;icon&quot;:null,&quot;parent&quot;:0}],&quot;language&quot;:[384,385],&quot;language_details&quot;:[{&quot;text&quot;:&quot;Deutsch&quot;,&quot;id&quot;:384,&quot;icon&quot;:null,&quot;parent&quot;:0},{&quot;text&quot;:&quot;Englisch&quot;,&quot;id&quot;:385,&quot;icon&quot;:null,&quot;parent&quot;:0}],&quot;accessability&quot;:[430],&quot;accessability_details&quot;:[{&quot;text&quot;:&quot;Rollstuhlgerecht&quot;,&quot;id&quot;:430,&quot;icon&quot;:null,&quot;parent&quot;:0}],&quot;place&quot;:[413],&quot;place_details&quot;:{&quot;place&quot;:&quot;Humboldt Forum&quot;,&quot;map&quot;:&quot;Humboldt Forum, Schlossplatz, Berlin&quot;,&quot;room&quot;:&quot;Humboldt Labor, 1. OG&quot;},&quot;icon_overwrite&quot;:&quot;&quot;,&quot;acf&quot;:{&quot;shorturl&quot;:&quot;nachdernatur&quot;,&quot;planning&quot;:{&quot;price&quot;:&quot;Eintritt frei&quot;,&quot;status&quot;:&quot;TIMEFRAME&quot;,&quot;info&quot;:&quot;Eintritt frei&quot;,&quot;shop&quot;:&quot;&quot;,&quot;can_purchase&quot;:false},&quot;periods&quot;:[{&quot;label&quot;:&quot;&quot;,&quot;dates&quot;:[{&quot;start&quot;:&quot;202301020000&quot;,&quot;end&quot;:&quot;202212310000&quot;,&quot;has_end&quot;:false,&quot;start_HRFSHORT&quot;:&quot;02.01.23&quot;,&quot;start_HRFSHORT_WD&quot;:&quot;Mo 02.01.2023&quot;}],&quot;monday&quot;:[{&quot;start&quot;:&quot;10:30&quot;,&quot;end&quot;:&quot;18:30&quot;,&quot;closed&quot;:false}],&quot;tuesday&quot;:[{&quot;start&quot;:null,&quot;end&quot;:null,&quot;closed&quot;:true}],&quot;wednesday&quot;:[{&quot;start&quot;:&quot;10:30&quot;,&quot;end&quot;:&quot;18:30&quot;,&quot;closed&quot;:false}],&quot;thursday&quot;:[{&quot;start&quot;:&quot;10:30&quot;,&quot;end&quot;:&quot;18:30&quot;,&quot;closed&quot;:false}],&quot;friday&quot;:[{&quot;start&quot;:&quot;10:30&quot;,&quot;end&quot;:&quot;18:30&quot;,&quot;closed&quot;:false}],&quot;saturday&quot;:[{&quot;start&quot;:&quot;10:30&quot;,&quot;end&quot;:&quot;18:30&quot;,&quot;closed&quot;:false}],&quot;sunday&quot;:[{&quot;start&quot;:&quot;10:30&quot;,&quot;end&quot;:&quot;18:30&quot;,&quot;closed&quot;:false}],&quot;info&quot;:&quot;&quot;,&quot;description&quot;:&quot;&quot;}],&quot;subline&quot;:&quot;Er\\u00f6ffnungsausstellung des Humboldt Labors&quot;,&quot;marketing_text&quot;:&quot;Er\\u00f6ffnungsausstellung des Humboldt Labors&quot;,&quot;highlight_header&quot;:true,&quot;highlight_header_image&quot;:139474,&quot;has_mobile_format&quot;:true,&quot;highlight_header_image_mobile&quot;:139472,&quot;tipp&quot;:false,&quot;joker&quot;:false,&quot;live&quot;:false,&quot;display_as_single&quot;:false,&quot;hyphenation&quot;:false,&quot;yt&quot;:&quot;&quot;,&quot;noindex&quot;:false,&quot;keywords&quot;:&quot;&quot;,&quot;use_opening_hours_of_the_house&quot;:true,&quot;tickettext&quot;:&quot;Zeitfenster-Ticket erforderlich&quot;,&quot;additional_info&quot;:{&quot;icon&quot;:&quot;0&quot;,&quot;text&quot;:&quot;&quot;},&quot;use_video_in_teasers&quot;:false,&quot;hide_event_in_program&quot;:false,&quot;events&quot;:{&quot;1&quot;:126061,&quot;2&quot;:127906,&quot;3&quot;:129582,&quot;4&quot;:130000,&quot;5&quot;:130296,&quot;6&quot;:82911,&quot;7&quot;:131926,&quot;8&quot;:134454,&quot;9&quot;:134887,&quot;10&quot;:135431,&quot;11&quot;:136118,&quot;12&quot;:97155,&quot;13&quot;:136616,&quot;14&quot;:137424,&quot;15&quot;:138791,&quot;16&quot;:138804,&quot;17&quot;:139315,&quot;18&quot;:139452,&quot;19&quot;:139910,&quot;20&quot;:140214,&quot;21&quot;:141546,&quot;22&quot;:142753,&quot;23&quot;:143518,&quot;24&quot;:143797,&quot;25&quot;:145838,&quot;26&quot;:145876,&quot;27&quot;:146845},&quot;period_exception&quot;:[{&quot;label&quot;:&quot;&quot;,&quot;date&quot;:&quot;202406260000&quot;,&quot;closed&quot;:true,&quot;start&quot;:&quot;15:00&quot;,&quot;end&quot;:&quot;20:00&quot;,&quot;date_HRFSHORT&quot;:&quot;26.06.24&quot;},{&quot;label&quot;:&quot;&quot;,&quot;date&quot;:&quot;202406270000&quot;,&quot;closed&quot;:true,&quot;start&quot;:null,&quot;end&quot;:null,&quot;date_HRFSHORT&quot;:&quot;27.06.24&quot;},{&quot;label&quot;:&quot;&quot;,&quot;date&quot;:&quot;202406280000&quot;,&quot;closed&quot;:true,&quot;start&quot;:null,&quot;end&quot;:null,&quot;date_HRFSHORT&quot;:&quot;28.06.24&quot;},{&quot;label&quot;:&quot;&quot;,&quot;date&quot;:&quot;202409200000&quot;,&quot;closed&quot;:false,&quot;start&quot;:&quot;10:30&quot;,&quot;end&quot;:&quot;16:00&quot;,&quot;date_HRFSHORT&quot;:&quot;20.09.24&quot;},{&quot;label&quot;:&quot;&quot;,&quot;date&quot;:&quot;202410160000&quot;,&quot;closed&quot;:false,&quot;start&quot;:&quot;10:30&quot;,&quot;end&quot;:&quot;14:00&quot;,&quot;date_HRFSHORT&quot;:&quot;16.10.24&quot;},{&quot;label&quot;:&quot;&quot;,&quot;date&quot;:&quot;202512240000&quot;,&quot;closed&quot;:true,&quot;start&quot;:null,&quot;end&quot;:null,&quot;date_HRFSHORT&quot;:&quot;24.12.25&quot;},{&quot;label&quot;:&quot;&quot;,&quot;date&quot;:&quot;202512250000&quot;,&quot;closed&quot;:false,&quot;start&quot;:&quot;12:00&quot;,&quot;end&quot;:&quot;18:00&quot;,&quot;date_HRFSHORT&quot;:&quot;25.12.25&quot;},{&quot;label&quot;:&quot;&quot;,&quot;date&quot;:&quot;202512260000&quot;,&quot;closed&quot;:false,&quot;start&quot;:&quot;12:00&quot;,&quot;end&quot;:&quot;18:00&quot;,&quot;date_HRFSHORT&quot;:&quot;26.12.25&quot;},{&quot;label&quot;:&quot;&quot;,&quot;date&quot;:&quot;202512300000&quot;,&quot;closed&quot;:false,&quot;start&quot;:&quot;10:30&quot;,&quot;end&quot;:&quot;18:30&quot;,&quot;date_HRFSHORT&quot;:&quot;30.12.25&quot;},{&quot;label&quot;:&quot;&quot;,&quot;date&quot;:&quot;202512310000&quot;,&quot;closed&quot;:false,&quot;start&quot;:&quot;10:30&quot;,&quot;end&quot;:&quot;16:30&quot;,&quot;date_HRFSHORT&quot;:&quot;31.12.25&quot;},{&quot;label&quot;:&quot;&quot;,&quot;date&quot;:&quot;202601010000&quot;,&quot;closed&quot;:false,&quot;start&quot;:&quot;12:00&quot;,&quot;end&quot;:&quot;18:00&quot;,&quot;date_HRFSHORT&quot;:&quot;01.01.26&quot;}],&quot;overwrite_date&quot;:&quot;Bis 22.6.2025&quot;,&quot;alert_text&quot;:&quot;Bis 22.6.2025&quot;},&quot;period_list&quot;:&quot;&lt;strong&gt;\\u00d6ffnungszeiten&lt;\\\/strong&gt;\\nMo, Mi, Do, Fr, Sa, So: 10:30 \\u2013 18:30 Uhr\\nDi: geschlossen\\n\\n&quot;,&quot;period_exception&quot;:&quot;&quot;,&quot;date&quot;:{&quot;infinite&quot;:true,&quot;from_DATE&quot;:202301020000,&quot;from&quot;:1672655400,&quot;from_TIME&quot;:&quot;10:30&quot;,&quot;to&quot;:1809226800,&quot;to_DATE&quot;:202705010830,&quot;to_TIME&quot;:&quot;18:30&quot;,&quot;from_HRFSHORT&quot;:&quot; 2. Jan 2023&quot;,&quot;from_HRFSHORT_WD&quot;:&quot;Mo 02.01.2023&quot;,&quot;from_HRF&quot;:&quot;Mo,  2. Januar 2023&quot;,&quot;to_HRF&quot;:&quot;So,  2. Mai 2027&quot;,&quot;to_HRFSHORT&quot;:&quot; 2. Mai 2027&quot;,&quot;to_HRFSHORT_WD&quot;:&quot;So 02.05.2027&quot;,&quot;from_to_HRF&quot;:&quot;Mo,  2. Januar 2023 \\u2013 So,  2. Mai 2027&quot;,&quot;from_to_HRFSHORT&quot;:&quot; 2. Jan 2023 \\u2013  2. Mai 2027&quot;,&quot;NXX&quot;:&quot;202605010830&quot;,&quot;NLAST&quot;:&quot;202705020300&quot;,&quot;NX&quot;:&quot;20260501&quot;},&quot;alert&quot;:&quot;Highlight&quot;,&quot;partof&quot;:[],&quot;marketing_topic&quot;:&quot;&quot;}' inline-template>\n\t<a href=\"https:\/\/www.humboldtforum.org\/de\/programm\/dauerangebot\/ausstellung\/nach-der-natur-14144\/\" class=\"teaser teaser-event-permanent teaser-event-standard\">\n\t\t<div class=\"row\">\n\t\t\t<div class=\"col-xs-12 col-sm-6 col-md-5 col-sm-offset-1 col-md-offset-2 first-sm teaser-event-text Infos\">\n\t\t\t\t<div class=\"teaser-event-standard-text\">\n\t\t\t\t\t<div class=\"margin-bottom-atom\">\n\t\t\t\t\t\t<div class=\"subline clamp-1\" v-html=\"maingenre\"><\/div>\n\t\t\t\t\t\t\t\t\t\t\t<\/div>\n\t\t\t\t\n\t\t\t\t\t<strong class=\"margin-bottom-atom h5\">Nach der Natur<\/strong>\n\n\t\t\t\t\t\t\t\t\t\t\t<div class=\"\">Er\u00f6ffnungsausstellung des Humboldt Labors<\/div>\n\t\t\t\t\t\t\t\t\t<\/div>\n\t\t\t\t<div class=\"teaser-bottom border-bottom\">\n\t\t\t\t<calendardateline :rawitem='item' :show-icon=\"true\"><\/calendardateline>\n\t\t\t\t\t<hr>\n\t\t\t\t<\/div>\n\t\t\t<\/div>\n\t\t\t<div class=\"col-xs-12 col-sm-4 col-md-3 teaser-event-image bottom-xs first-xs\">\n\t\t\t\t<div class=\"teaser-image teaser-image-no-alternate\">\n\t\t\t\t\t\t\t\t\t\t\t\t\t<span class=\"alert\">Highlight<\/span>\n\t\t\t\t\t\t\t\t\t\t\t\n\t<lazy-media-inline inline-template>\n\t\t<figure itemscope itemtype=\"http:\/\/schema.org\/ImageObject\" class=\"lazy-media-inline \" role=\"group\" id=\"media_69f464af27dc6\" aria-labelledby=\"desc_media_69f464af27dc6\">\n\t\t\t<script type=\"application\/json\" ref=\"data\">\n\t\t\t\t{\n\t\t\t\t\"sizes\" : {\"medium\":{\"file\":\"SHF_eb00233700-176x300.jpg\",\"width\":176,\"height\":300,\"mime-type\":\"image\\\/jpeg\",\"filesize\":14578},\"large\":{\"file\":\"SHF_eb00233700-600x1024.jpg\",\"width\":600,\"height\":1024,\"mime-type\":\"image\\\/jpeg\",\"filesize\":118556},\"thumbnail\":{\"file\":\"SHF_eb00233700-150x150.jpg\",\"width\":150,\"height\":150,\"mime-type\":\"image\\\/jpeg\",\"filesize\":7808},\"medium_large\":{\"file\":\"SHF_eb00233700-768x1311.jpg\",\"width\":768,\"height\":1311,\"mime-type\":\"image\\\/jpeg\",\"filesize\":175678},\"small\":{\"file\":\"SHF_eb00233700-258x440.jpg\",\"width\":258,\"height\":440,\"mime-type\":\"image\\\/jpeg\",\"filesize\":28834},\"semi\":{\"file\":\"SHF_eb00233700-340x580.jpg\",\"width\":340,\"height\":580,\"mime-type\":\"image\\\/jpeg\",\"filesize\":46307},\"mobile\":{\"file\":\"SHF_eb00233700-422x720.jpg\",\"width\":422,\"height\":720,\"mime-type\":\"image\\\/jpeg\",\"filesize\":66378},\"hd\":{\"file\":\"SHF_eb00233700-750x1280.jpg\",\"width\":750,\"height\":1280,\"mime-type\":\"image\\\/jpeg\",\"filesize\":169475},\"full\":{\"file\":\"SHF_eb00233700-1124x1920.jpg\",\"width\":1124,\"height\":1920,\"mime-type\":\"image\\\/jpeg\",\"filesize\":318585},\"1536x1536\":{\"file\":\"SHF_eb00233700-899x1536.jpg\",\"width\":899,\"height\":1536,\"mime-type\":\"image\\\/jpeg\",\"filesize\":226343},\"2048x2048\":{\"file\":\"SHF_eb00233700-1199x2048.jpg\",\"width\":1199,\"height\":2048,\"mime-type\":\"image\\\/jpeg\",\"filesize\":350861},\"original\":{\"file\":\"SHF_eb00233700.jpg\",\"width\":1464,\"height\":2500}},\n\t\t\t\t\"alt\" : \"Fischschwarm im Wasser, umgeben von Flaschen, vor blauem Hintergrund.\",\n\t\t\t\t\"path\" : \"\\\/wp-content\\\/uploads\\\/2024\\\/11\\\/\",\n\t\t\t\t\"video\" : null,\n\t\t\t\t\"autoplay\" : null,\n\t\t\t\t\"youtube\" : null,\n\t\t\t\t\"youtubelabel\" : \"Video abspielen\",\n\t\t\t\t\"brightness\" : 100,\n\t\t\t\t\"crop\" : null,\n\t\t\t\t\"background\" : true,\n\t\t\t\t\"scale\" : 1\t\t\t\t}\n\t\t\t<\/script>\n\n\t\t\t<div class=\"height-container\" style=\"padding-bottom:170.7650273224%;\" v-if=\"sizes\">\n\t\t\t\t\t\t\t\t<lazy-media :inline=\"true\" :alt=\"alt\" :sizes=\"sizes\" :scale=\"scale\" :brightness=\"brightness\" :path=\"path\" :video=\"video\" :autoplay=\"autoplay\" :youtube=\"youtube\" :crop=\"crop\" :youtubelabel=\"youtubelabel\" :background=\"background\" media-id=\"desc_media_69f464af27dc6\"><\/lazy-media>\n\t\t\t\t\t\t\t<\/div>\n\n\t\t\t\t\t\t\t<figcaption class=\"sr-only\" ref=\"body\" id=\"desc_media_69f464af27dc6\">\n\t\t\t\t\t\t\t\t\t\t\t<div>Humboldt Labor Webteaser hoch 1780x3040px, Nach der Natur<\/div>\n\t\t\t\t\t\t\t\t\t\t\t\t\t\t\t\t\t\t\t\t\t<div class=\"insignificant\">\u00a9 Stiftung Humboldt Forum im Berliner Schloss, Fotos: iStockphoto \/ armiblue; solarseven<\/div>\n\t\t\t\t\t\t\t\t\t<\/figcaption>\n\t\t\t\t\t<\/figure>\n\t<\/lazy-media-inline>\n\t\t\t\t<\/div>\n\t\t\t<\/div>\n\t\t<\/div>\n\t<\/a>\n\t<\/calendarteaser>\n<\/li>\n\n\t\t\t\t<\/ul>\n\t\t\t<\/div>\n\t\t\t\t<\/lazy-component>\n<\/section>\n\n\n\n<section class=\"block block-CTA block-CTA-long leftgradient\">\n\t<div class=\"container-fluid\">\n\t\t<div class=\"row center-xs\">\n\t\t\t<div class=\"col-xs-12\">\n\t\t\t\t<div class=\"box\">\n\t\t\t\t\t<a href=\"https:\/\/www.humboldtforum.org\/de\/newsletter-2\/\" aria-label=\"Bleiben Sie auf dem Laufenden!\" class=\"teaser teaser-cta-wide \">\n\t\t\t\t\t\t<div class=\"teaser-image\">\n\t\t\t\t\t\t\t\n\t<lazy-media-inline inline-template>\n\t\t<figure itemscope itemtype=\"http:\/\/schema.org\/ImageObject\" class=\"lazy-media-inline \" role=\"group\" id=\"media_69f464af29cb5\" aria-labelledby=\"desc_media_69f464af29cb5\">\n\t\t\t<script type=\"application\/json\" ref=\"data\">\n\t\t\t\t{\n\t\t\t\t\"sizes\" : {\"medium\":{\"file\":\"HF_eb00061823-scaled-300x200.jpg\",\"width\":300,\"height\":200,\"mime-type\":\"image\\\/jpeg\",\"filesize\":19186},\"large\":{\"file\":\"HF_eb00061823-scaled-1024x683.jpg\",\"width\":1024,\"height\":683,\"mime-type\":\"image\\\/jpeg\",\"filesize\":138597},\"thumbnail\":{\"file\":\"HF_eb00061823-scaled-150x150.jpg\",\"width\":150,\"height\":150,\"mime-type\":\"image\\\/jpeg\",\"filesize\":8513},\"medium_large\":{\"file\":\"HF_eb00061823-scaled-768x512.jpg\",\"width\":768,\"height\":512,\"mime-type\":\"image\\\/jpeg\",\"filesize\":86200},\"small\":{\"file\":\"HF_eb00061823-scaled-440x293.jpg\",\"width\":440,\"height\":293,\"mime-type\":\"image\\\/jpeg\",\"filesize\":35525},\"semi\":{\"file\":\"HF_eb00061823-scaled-580x387.jpg\",\"width\":580,\"height\":387,\"mime-type\":\"image\\\/jpeg\",\"filesize\":55724},\"mobile\":{\"file\":\"HF_eb00061823-scaled-720x480.jpg\",\"width\":720,\"height\":480,\"mime-type\":\"image\\\/jpeg\",\"filesize\":77971},\"hd\":{\"file\":\"HF_eb00061823-scaled-1280x854.jpg\",\"width\":1280,\"height\":854,\"mime-type\":\"image\\\/jpeg\",\"filesize\":202477},\"full\":{\"file\":\"HF_eb00061823-scaled-1920x1280.jpg\",\"width\":1920,\"height\":1280,\"mime-type\":\"image\\\/jpeg\",\"filesize\":386736},\"1536x1536\":{\"file\":\"HF_eb00061823-scaled-1536x1024.jpg\",\"width\":1536,\"height\":1024,\"mime-type\":\"image\\\/jpeg\",\"filesize\":266197},\"2048x2048\":{\"file\":\"HF_eb00061823-scaled-2048x1366.jpg\",\"width\":2048,\"height\":1366,\"mime-type\":\"image\\\/jpeg\",\"filesize\":430206},\"original\":{\"file\":\"HF_eb00061823-scaled.jpg\",\"width\":2560,\"height\":1707}},\n\t\t\t\t\"alt\" : \"Blick in das beleuchtete Foyer von der Galerie im ersten Stock mit Besuchenden, Infopoint und Medienturm\",\n\t\t\t\t\"path\" : \"\\\/wp-content\\\/uploads\\\/2020\\\/04\\\/\",\n\t\t\t\t\"video\" : null,\n\t\t\t\t\"autoplay\" : null,\n\t\t\t\t\"youtube\" : null,\n\t\t\t\t\"youtubelabel\" : \"Video abspielen\",\n\t\t\t\t\"brightness\" : \"70\",\n\t\t\t\t\"crop\" : {\"top\":\"90.37\",\"left\":\"39.93\"},\n\t\t\t\t\"background\" : true,\n\t\t\t\t\"scale\" : 2\t\t\t\t}\n\t\t\t<\/script>\n\n\t\t\t<div class=\"height-container\" style=\"padding-bottom:66.6796875%;\" v-if=\"sizes\">\n\t\t\t\t\t\t\t\t<lazy-media :inline=\"true\" :alt=\"alt\" :sizes=\"sizes\" :scale=\"scale\" :brightness=\"brightness\" :path=\"path\" :video=\"video\" :autoplay=\"autoplay\" :youtube=\"youtube\" :crop=\"crop\" :youtubelabel=\"youtubelabel\" :background=\"background\" media-id=\"desc_media_69f464af29cb5\"><\/lazy-media>\n\t\t\t\t\t\t\t<\/div>\n\n\t\t\t\t\t\t\t<figcaption class=\"sr-only\" ref=\"body\" id=\"desc_media_69f464af29cb5\">\n\t\t\t\t\t\t\t\t\t\t\t<div>Blick in das Foyer, November 2019.<\/div>\n\t\t\t\t\t\t\t\t\t\t\t\t\t\t\t\t\t\t\t\t\t<div class=\"insignificant\">\u00a9 Stiftung Humboldt Forum im Berliner Schloss \/ David von Becker<\/div>\n\t\t\t\t\t\t\t\t\t<\/figcaption>\n\t\t\t\t\t<\/figure>\n\t<\/lazy-media-inline>\n\t\t\t\t\t\t<\/div>\n\t\t\t\t\t\t<div class=\"teaser-content \">\n\t\t\t\t\t\t\t<div>\n\t\t\t\t\t\t\t\t\t\t\t\t\t\t\t\t<div class=\"teaser-header\"><span class=\"h3\">Bleiben Sie auf dem Laufenden!<\/span><\/div>\n\t\t\t\t\t\t\t\t<div class=\"teaser-subline\"><span class=\"font-decoration\">Abonnieren Sie unseren Newsletter.<\/span><\/div>\t\t\t\t\t\t\t\t<button tabindex=\"-1\" class=\"border\">Hier klicken<\/button>\n\t\t\t\t\t\t\t<\/div>\n\t\t\t\t\t\t<\/div>\n\t\t\t\t\t<\/a>\n\t\t\t\t<\/div>\n\t\t\t<\/div>\n\t\t<\/div>\n\t<\/div>\n<\/section>\n","protected":false},"template":"","genre":[729,1078],"digital":[],"topic":[],"stakeholder":[409],"editorial":[],"editorialfilter":[],"targetgroup":[],"language":[385],"accessability":[],"age":[451],"school":[],"groupsize":[],"place":[413],"class_list":["post-145876","event","type-event","status-publish","hentry","genre-film-video","genre-gespraech","stakeholder-humboldt-universitaet-zu-berlin","language-englisch","age-ab-14-jahre","place-humboldt-labor-1-og"],"acf":[],"_links":{"self":[{"href":"https:\/\/www.humboldtforum.org\/de\/wp-json\/wp\/v2\/event\/145876","targetHints":{"allow":["GET"]}}],"collection":[{"href":"https:\/\/www.humboldtforum.org\/de\/wp-json\/wp\/v2\/event"}],"about":[{"href":"https:\/\/www.humboldtforum.org\/de\/wp-json\/wp\/v2\/types\/event"}],"version-history":[{"count":12,"href":"https:\/\/www.humboldtforum.org\/de\/wp-json\/wp\/v2\/event\/145876\/revisions"}],"predecessor-version":[{"id":147043,"href":"https:\/\/www.humboldtforum.org\/de\/wp-json\/wp\/v2\/event\/145876\/revisions\/147043"}],"wp:attachment":[{"href":"https:\/\/www.humboldtforum.org\/de\/wp-json\/wp\/v2\/media?parent=145876"}],"wp:term":[{"taxonomy":"genre","embeddable":true,"href":"https:\/\/www.humboldtforum.org\/de\/wp-json\/wp\/v2\/genre?post=145876"},{"taxonomy":"digital","embeddable":true,"href":"https:\/\/www.humboldtforum.org\/de\/wp-json\/wp\/v2\/digital?post=145876"},{"taxonomy":"topic","embeddable":true,"href":"https:\/\/www.humboldtforum.org\/de\/wp-json\/wp\/v2\/topic?post=145876"},{"taxonomy":"stakeholder","embeddable":true,"href":"https:\/\/www.humboldtforum.org\/de\/wp-json\/wp\/v2\/stakeholder?post=145876"},{"taxonomy":"editorial","embeddable":true,"href":"https:\/\/www.humboldtforum.org\/de\/wp-json\/wp\/v2\/editorial?post=145876"},{"taxonomy":"editorialfilter","embeddable":true,"href":"https:\/\/www.humboldtforum.org\/de\/wp-json\/wp\/v2\/editorialfilter?post=145876"},{"taxonomy":"targetgroup","embeddable":true,"href":"https:\/\/www.humboldtforum.org\/de\/wp-json\/wp\/v2\/targetgroup?post=145876"},{"taxonomy":"language","embeddable":true,"href":"https:\/\/www.humboldtforum.org\/de\/wp-json\/wp\/v2\/language?post=145876"},{"taxonomy":"accessability","embeddable":true,"href":"https:\/\/www.humboldtforum.org\/de\/wp-json\/wp\/v2\/accessability?post=145876"},{"taxonomy":"age","embeddable":true,"href":"https:\/\/www.humboldtforum.org\/de\/wp-json\/wp\/v2\/age?post=145876"},{"taxonomy":"school","embeddable":true,"href":"https:\/\/www.humboldtforum.org\/de\/wp-json\/wp\/v2\/school?post=145876"},{"taxonomy":"groupsize","embeddable":true,"href":"https:\/\/www.humboldtforum.org\/de\/wp-json\/wp\/v2\/groupsize?post=145876"},{"taxonomy":"place","embeddable":true,"href":"https:\/\/www.humboldtforum.org\/de\/wp-json\/wp\/v2\/place?post=145876"}],"curies":[{"name":"wp","href":"https:\/\/api.w.org\/{rel}","templated":true}]}}