{"id":146861,"date":"2025-05-26T15:58:43","date_gmt":"2025-05-26T13:58:43","guid":{"rendered":"https:\/\/www.humboldtforum.org\/?post_type=event&#038;p=146861"},"modified":"2025-07-01T13:03:57","modified_gmt":"2025-07-01T11:03:57","slug":"cafe-chocolat-abend-mit-batila-the-dream-bus-und-gaesten","status":"publish","type":"event","link":"https:\/\/www.humboldtforum.org\/de\/programm\/termin\/konzert\/cafe-chocolat-abend-mit-batila-the-dream-bus-und-gaesten-146861\/","title":{"rendered":"Caf\u00e9 Chocolat-Abend mit Batila &amp; The DreamBus und G\u00e4sten"},"content":{"rendered":"<section class=\"block block-copy\" >\n    <div class=\"container-fluid\">\n\t\t<div class=\"row \">\n            <div class=\"col-xs-12 col-md-offset-2 col-md-8\">\n                <div class=\"box\">\n                    <div class=\"copy\"><p><span class=\"anleser\">Wie bei jeder DreamBus-Reise werden auch an diesem Abend besondere G\u00e4ste dabei sein \u2013 K\u00fcnstler*innen, die das Caf\u00e9 Chocolat seit seiner Gr\u00fcndung im Jahr 2024 mit gepr\u00e4gt haben: mit Miziguruka (Ruanda), Mariama (Sierra Leone, Berlin), Huguette Tolinga, Nyangombe und Jolez-Bo (DR Kongo) und zum Abschluss DJ Shiru.<\/span><\/p>\n<p>\u201eEin Abend mit Bantu Soul, globalen Rhythmen und diasporischer Feierlaune\u201c &#8230; DURCHL\u00dcFTEN begr\u00fc\u00dft Caf\u00e9 Chocolat mit einer Sonderausgabe seiner Community-orientierten Reihe und pr\u00e4sentiert einen unvergesslichen Abend unter der Leitung von Batila &amp; The Dream Bus \u2013 einem in Berlin ans\u00e4ssigen Kollektivs herausragender internationaler Musiker*innen, die f\u00fcr ihre mitrei\u00dfende Fusion aus Grooves, Melodien und traditionellen Rhythmen bekannt sind.<\/p>\n<p>Der Sound? Bantu Soul \u2013 Musik von Menschen f\u00fcr Menschen \u2013 gepr\u00e4gt von Bandleaderin und Songwriterin Batila, deren kongolesische Wurzeln und tiefe Liebe zur Rumba Congolaise diese reichhaltige und spirituelle Klangreise pr\u00e4gen.<\/p>\n<p>Die Besetzung von The DreamBus umfasst Bandleader Batila (Gesang und Gitarre), Dodo NKishi (Mouse on Mars) am Schlagzeug, Skyline Sun an der Gitarre, Paul Hoyle am Bass, Nane Kahle mit Backgroundgesang, Sam Konzi und Kalle Zeier an den Gitarren, Adam Pawel Dziewialtowski-Gintowt am Schlagzeug und Mauricio Fleury an den Tasten und der Fl\u00f6te. Gemeinsam erzeugen sie eine panafrikanische, diasporische Energie, die sowohl kraftvoll als auch fr\u00f6hlich ist. Weitere Instrumentalisten des Abends sind Eurico Ferreira Mathias am Cello und Pedro Dantas am Schlagzeug.<\/p>\n<p>DURCHL\u00dcFTEN und Caf\u00e9 Chocolat pr\u00e4sentieren einen unvergesslichen Abend voller Musik, Geschichten und Begegnungen!<\/p>\n<p>Instagram:<\/p>\n<p><a href=\"https:\/\/www.instagram.com\/batilasound\/\" target=\"_blank\" rel=\"noopener\">@batilasound<\/a><br \/>\n<a href=\"https:\/\/www.instagram.com\/21cnganga\/\" target=\"_blank\" rel=\"noopener\">@21cnganga<\/a><br \/>\n<a href=\"https:\/\/www.instagram.com\/skyline.sun.mu\u00e5sic\/\" target=\"_blank\" rel=\"noopener\">@skyline.sun.mu\u00e5sic<\/a><br \/>\n<a href=\"https:\/\/www.instagram.com\/paulrhythms_\/\" target=\"_blank\" rel=\"noopener\">@paulrhythms_<\/a><br \/>\n<a href=\"https:\/\/www.instagram.com\/konzisam\/\" target=\"_blank\" rel=\"noopener\">@konzisam<\/a><br \/>\n<a href=\"https:\/\/www.instagram.com\/kallezeier\/\" target=\"_blank\" rel=\"noopener\">@kallezeier<\/a><br \/>\n<a href=\"https:\/\/www.instagram.com\/mauriciofleury_\/\" target=\"_blank\" rel=\"noopener\">@mauriciofleury_<\/a><br \/>\n<a href=\"https:\/\/www.instagram.com\/adampawel\/\" target=\"_blank\" rel=\"noopener\">@adampawel<\/a><br \/>\n<a href=\"https:\/\/www.instagram.com\/nane.kahle\/\" target=\"_blank\" rel=\"noopener\">@nane.kahle<\/a><br \/>\n<a href=\"https:\/\/www.instagram.com\/jolez_bo\/\" target=\"_blank\" rel=\"noopener\">@jolez_bo<\/a><br \/>\n<a href=\"https:\/\/www.instagram.com\/huguettetolinga_officiel\/?locale=it\" target=\"_blank\" rel=\"noopener\">@huguettetolinga_officiel<\/a><br \/>\n<a href=\"https:\/\/www.instagram.com\/FLYINGROOTS\/\" target=\"_blank\" rel=\"noopener\">@FLYINGROOTS<\/a><br \/>\n<a href=\"https:\/\/www.instagram.com\/mari.ama____\/\" target=\"_blank\" rel=\"noopener\">@mari.ama____<\/a><br \/>\n<a href=\"https:\/\/www.instagram.com\/nyangombemusic\/\" target=\"_blank\" rel=\"noopener\">@nyangombemusic<\/a><br \/>\n<a href=\"https:\/\/www.instagram.com\/_pedrinho_dantas_\/\" target=\"_blank\" rel=\"noopener\">@_pedrinho_dantas_<\/a><\/p>\n<p><em><a href=\"https:\/\/www.youtube.com\/watch?v=QLdtfEkKzBk\" target=\"_blank\" rel=\"noopener\">Batila &amp; The Dream Bus bei Youtube ansehen<\/a><\/em><\/p>\n<\/div>\n                <\/div>\n            <\/div>\n\t\t<\/div>\n\t\t    <\/div>\n<\/section>\n\n<section class=\"block block-teaser col-1 has-bg\" style=\"--teaser-bg:#f2f2f2\">\n\t<lazy-component :fixed-min-height=\"400\">\n\t\n\t\t\t\t\t<div class=\"container-fluid\">\n\t\t\t\t<div class=\"row bottom-xs\">\n\t\t\t\t\t<div class=\"col-xs-12 col-sm-10 col-md-8 col-sm-offset-1 col-md-offset-2\">\n\t\t\t\t\t\t<h4>geh\u00f6rt zu<\/h4>\t\t\t\t\t\t\t\t\t\t\t\t\t\t\t\t\t\t\t<\/div>\n\t\t\t\t\t<div class=\"col-xs-12 col-sm-10 col-md-8 col-sm-offset-1 col-md-offset-2 start-xs end-md margin-bottom-sixth\">\n\t\t\t\t\t\t\t\t\t\t\t<\/div>\n\t\t\t\t<\/div>\n\t\t\t\t<ul class=\"row\">\n\t\t\t\n<li class=\"col-xs-12 teaser-wrapper col-padding-remove\">\n\t<calendarteaser key=\"1456575374\" rawitem='{&quot;postId&quot;:145657,&quot;title&quot;:&quot;DURCHL\\u00dcFTEN 2025&quot;,&quot;excerpt&quot;:&quot;&quot;,&quot;slug&quot;:&quot;durchlueften-2025&quot;,&quot;post_date&quot;:&quot;2025-04-24T16:22&quot;,&quot;type&quot;:&quot;event-multi&quot;,&quot;permalink&quot;:&quot;https:\\\/\\\/www.humboldtforum.org\\\/de\\\/programm\\\/event\\\/festival\\\/durchlueften-2025-145657\\\/&quot;,&quot;genre&quot;:[845,393],&quot;genre_details&quot;:[{&quot;text&quot;:&quot;Festival&quot;,&quot;id&quot;:845,&quot;icon&quot;:null,&quot;parent&quot;:0},{&quot;text&quot;:&quot;Konzert&quot;,&quot;id&quot;:393,&quot;icon&quot;:null,&quot;parent&quot;:0}],&quot;stakeholder&quot;:[382],&quot;stakeholder_details&quot;:[{&quot;text&quot;:&quot;Stiftung Humboldt Forum im Berliner Schloss&quot;,&quot;id&quot;:382,&quot;icon&quot;:null,&quot;parent&quot;:0}],&quot;place&quot;:[510],&quot;place_details&quot;:{&quot;place&quot;:&quot;Humboldt Forum&quot;,&quot;map&quot;:&quot;Humboldt Forum, Schlossplatz, Berlin&quot;,&quot;room&quot;:&quot;Schl\\u00fcterhof&quot;},&quot;icon_overwrite&quot;:&quot;&quot;,&quot;acf&quot;:{&quot;noindex&quot;:false,&quot;keywords&quot;:&quot;&quot;,&quot;belongsto&quot;:false,&quot;shorturl&quot;:&quot;durchlueften&quot;,&quot;times&quot;:[],&quot;planning&quot;:{&quot;price&quot;:&quot;&quot;,&quot;admission&quot;:&quot;&quot;,&quot;pause&quot;:&quot;&quot;,&quot;duration&quot;:&quot;&quot;,&quot;status&quot;:&quot;JOIN&quot;,&quot;info&quot;:&quot;&quot;,&quot;shop&quot;:&quot;&quot;,&quot;can_purchase&quot;:false},&quot;subline&quot;:&quot;Internationales Open Air Musik Festival&quot;,&quot;additional_info&quot;:{&quot;icon&quot;:&quot;icon-uhr&quot;,&quot;text&quot;:&quot;Er\\u00f6ffnung am 17.7.2025 um 18:30&quot;},&quot;highlight_header&quot;:true,&quot;highlight_header_image&quot;:147646,&quot;has_mobile_format&quot;:true,&quot;use_video_in_teasers&quot;:false,&quot;hyphenation&quot;:true,&quot;tipp&quot;:false,&quot;joker&quot;:false,&quot;live&quot;:false,&quot;hide_event_in_program&quot;:false,&quot;infotext&quot;:&quot;Bei \\u00dcberf\\u00fcllung des Hofes kann es zu Wartezeiten an den Eing\\u00e4ngen kommen.&quot;,&quot;events&quot;:[146313,146318,146321,146367,146369,146374,146426,146432,146434,146523,146524,146530,146539,146571,146573,146575,146625,146628,146630,146790,146798,146804,146833,146836,146838,146861,146920,146923,146930,146995,146997,147000,147036,147042,147051,147489,147534],&quot;highlight_header_image_mobile&quot;:147648},&quot;date&quot;:{&quot;NX&quot;:null,&quot;NXX&quot;:null,&quot;NLAST&quot;:&quot;202508091500&quot;,&quot;from_DATE&quot;:&quot;20250717 18:30&quot;,&quot;from&quot;:1752762600,&quot;to&quot;:1754751600,&quot;to_DATE&quot;:&quot;20250809 19:00&quot;,&quot;from_HRFSHORT&quot;:&quot;17. Jul 2025&quot;,&quot;from_HRFSHORT_WD&quot;:&quot;Do 17.07.2025&quot;,&quot;to_HRFSHORT&quot;:&quot; 9. Aug 2025&quot;,&quot;to_HRFSHORT_WD&quot;:&quot;Sa 09.08.2025&quot;,&quot;from_HRF&quot;:&quot;Do, 17. Juli 2025&quot;,&quot;to_HRF&quot;:&quot;Sa,  9. August 2025&quot;,&quot;from_to_HRF&quot;:&quot;Do, 17. Juli \\u2013 Sa,  9. August 2025&quot;,&quot;from_to_HRFSHORT&quot;:&quot;17. Jul \\u2013  9. Aug 2025&quot;},&quot;alert&quot;:&quot;Highlight&quot;,&quot;partof&quot;:[],&quot;marketing_topic&quot;:&quot;&quot;}' inline-template>\n\t<a href=\"https:\/\/www.humboldtforum.org\/de\/programm\/event\/festival\/durchlueften-2025-145657\/\" class=\"teaser teaser-event-multi teaser-event-standard\">\n\t\t<div class=\"row\">\n\t\t\t<div class=\"col-xs-12 col-sm-6 col-md-5 col-sm-offset-1 col-md-offset-2 first-sm teaser-event-text Infos\">\n\t\t\t\t<div class=\"teaser-event-standard-text\">\n\t\t\t\t\t<div class=\"margin-bottom-atom\">\n\t\t\t\t\t\t<div class=\"subline clamp-1\" v-html=\"maingenre\"><\/div>\n\t\t\t\t\t\t\t\t\t\t\t<\/div>\n\t\t\t\t\n\t\t\t\t\t<strong class=\"margin-bottom-atom h5\">DURCHL\u00dcFTEN 2025<\/strong>\n\n\t\t\t\t\t\t\t\t\t\t\t<div class=\"\">Internationales Open Air Musik Festival<\/div>\n\t\t\t\t\t\t\t\t\t<\/div>\n\t\t\t\t<div class=\"teaser-bottom border-bottom\">\n\t\t\t\t<calendardateline :rawitem='item' :show-icon=\"true\"><\/calendardateline>\n\t\t\t\t\t<hr>\n\t\t\t\t<\/div>\n\t\t\t<\/div>\n\t\t\t<div class=\"col-xs-12 col-sm-4 col-md-3 teaser-event-image bottom-xs first-xs\">\n\t\t\t\t<div class=\"teaser-image teaser-image-no-alternate\">\n\t\t\t\t\t\t\t\t\t\t\t\t\t<span class=\"alert\">Highlight<\/span>\n\t\t\t\t\t\t\t\t\t\t\t\n\t<lazy-media-inline inline-template>\n\t\t<figure itemscope itemtype=\"http:\/\/schema.org\/ImageObject\" class=\"lazy-media-inline \" role=\"group\" id=\"media_69f3c95a8718e\" aria-labelledby=\"desc_media_69f3c95a8718e\">\n\t\t\t<script type=\"application\/json\" ref=\"data\">\n\t\t\t\t{\n\t\t\t\t\"sizes\" : {\"medium\":{\"file\":\"SHF_eb00248143-176x300.jpg\",\"width\":176,\"height\":300,\"mime-type\":\"image\\\/jpeg\",\"filesize\":6859},\"large\":{\"file\":\"SHF_eb00248143-600x1024.jpg\",\"width\":600,\"height\":1024,\"mime-type\":\"image\\\/jpeg\",\"filesize\":51688},\"thumbnail\":{\"file\":\"SHF_eb00248143-150x150.jpg\",\"width\":150,\"height\":150,\"mime-type\":\"image\\\/jpeg\",\"filesize\":4263},\"medium_large\":{\"file\":\"SHF_eb00248143-768x1312.jpg\",\"width\":768,\"height\":1312,\"mime-type\":\"image\\\/jpeg\",\"filesize\":86135},\"small\":{\"file\":\"SHF_eb00248143-258x440.jpg\",\"width\":258,\"height\":440,\"mime-type\":\"image\\\/jpeg\",\"filesize\":12031},\"semi\":{\"file\":\"SHF_eb00248143-340x580.jpg\",\"width\":340,\"height\":580,\"mime-type\":\"image\\\/jpeg\",\"filesize\":18510},\"mobile\":{\"file\":\"SHF_eb00248143-422x720.jpg\",\"width\":422,\"height\":720,\"mime-type\":\"image\\\/jpeg\",\"filesize\":26558},\"hd\":{\"file\":\"SHF_eb00248143-749x1280.jpg\",\"width\":749,\"height\":1280,\"mime-type\":\"image\\\/jpeg\",\"filesize\":81695},\"full\":{\"file\":\"SHF_eb00248143-1124x1920.jpg\",\"width\":1124,\"height\":1920,\"mime-type\":\"image\\\/jpeg\",\"filesize\":188342},\"1536x1536\":{\"file\":\"SHF_eb00248143-899x1536.jpg\",\"width\":899,\"height\":1536,\"mime-type\":\"image\\\/jpeg\",\"filesize\":119658},\"2048x2048\":{\"file\":\"SHF_eb00248143-1199x2048.jpg\",\"width\":1199,\"height\":2048,\"mime-type\":\"image\\\/jpeg\",\"filesize\":213158},\"original\":{\"file\":\"SHF_eb00248143.jpg\",\"width\":1780,\"height\":3040}},\n\t\t\t\t\"alt\" : \"Person in stylischer Kleidung posiert vor einem leuchtend orangefarbenen Hintergrund.\",\n\t\t\t\t\"path\" : \"\\\/wp-content\\\/uploads\\\/2025\\\/04\\\/\",\n\t\t\t\t\"video\" : null,\n\t\t\t\t\"autoplay\" : null,\n\t\t\t\t\"youtube\" : null,\n\t\t\t\t\"youtubelabel\" : \"Video abspielen\",\n\t\t\t\t\"brightness\" : 100,\n\t\t\t\t\"crop\" : null,\n\t\t\t\t\"background\" : true,\n\t\t\t\t\"scale\" : 1\t\t\t\t}\n\t\t\t<\/script>\n\n\t\t\t<div class=\"height-container\" style=\"padding-bottom:170.78651685393%;\" v-if=\"sizes\">\n\t\t\t\t\t\t\t\t<lazy-media :inline=\"true\" :alt=\"alt\" :sizes=\"sizes\" :scale=\"scale\" :brightness=\"brightness\" :path=\"path\" :video=\"video\" :autoplay=\"autoplay\" :youtube=\"youtube\" :crop=\"crop\" :youtubelabel=\"youtubelabel\" :background=\"background\" media-id=\"desc_media_69f3c95a8718e\"><\/lazy-media>\n\t\t\t\t\t\t\t<\/div>\n\n\t\t\t\t\t\t\t<figcaption class=\"sr-only\" ref=\"body\" id=\"desc_media_69f3c95a8718e\">\n\t\t\t\t\t\t\t\t\t\t\t\t\t\t\t\t<div>Keyvisual with KABEAUSH&Eacute; <\/div>\n\t\t\t\t\t\t\t\t\t\t\t\t\t\t\t\t<div class=\"insignificant\">\u00a9 Stiftung Humboldt Forum im Berliner Schloss, Foto: Edwin Maina\r\n<\/div>\n\t\t\t\t\t\t\t\t\t<\/figcaption>\n\t\t\t\t\t<\/figure>\n\t<\/lazy-media-inline>\n\t\t\t\t<\/div>\n\t\t\t<\/div>\n\t\t<\/div>\n\t<\/a>\n\t<\/calendarteaser>\n<\/li>\n\n\t\t\t\t<\/ul>\n\t\t\t<\/div>\n\t\t\t\t<\/lazy-component>\n<\/section>\n\n\n\n<section class=\"block block-teaser col-lane \" style=\"\">\n\t<lazy-component :fixed-min-height=\"400\">\n\t\n\t\t\t\t\t<teaser-lane-with-buttons inline-template tracking-label=\"weiteres b\u00fchnenprogramm am 1. August\">\n\t\t\t\t<div class=\"teaser-lane-with-buttons\">\n\t\t\t\t\t<div class=\"container-fluid\">\n\t\t\t\t\t\t<div class=\"row bottom-xs\">\n\t\t\t\t\t\t\t<div class=\"col-xs-12 col-md-8\">\n\t\t\t\t\t\t\t\t\t\t\t\t\t\t\t\t\t<h4>weiteres b\u00fchnenprogramm am 1. August<\/h4>\t\t\t\t\t\t\t\t\t\t\t\t\t\t\t\t\t\t\t\t\t\t\t\t<\/div>\n\t\t\t\t\t\t\t<div class=\"col-xs-12 col-md-4 start-xs end-md margin-bottom-sixth teaser-lane-buttons-wrapper \">\n\t\t\t\t\t\t\t\t\t\t\t\t\t\t\t\t<teaser-lane-buttons :visible_prev=\"visible_prev\" :visible_next=\"visible_next\" @prev=\"prev\" @next=\"next\"><\/teaser-lane-buttons>\n\t\t\t\t\t\t\t<\/div>\n\t\t\t\t\t\t<\/div>\n\t\t\t\t\t<\/div>\n\t\t\t\t\t<div class=\"teaser-lane-wrapper\">\n\t\t\t\t\t\t<ul class=\"teaser-lane\">\n\t\t\t\t\t\t\t\t\t\t\t\t\t\t<li class=\"teaser-lane-slide col-xs-9 col-sm-4 col-md-3 teaser-wrapper col-padding-remove\">\n\t<calendarteaser key=\"1475342657\" rawitem='{&quot;postId&quot;:147534,&quot;title&quot;:&quot;Shiru&quot;,&quot;excerpt&quot;:&quot;&quot;,&quot;slug&quot;:&quot;dj-shiru&quot;,&quot;post_date&quot;:&quot;2025-06-05T14:11&quot;,&quot;type&quot;:&quot;event&quot;,&quot;permalink&quot;:&quot;https:\\\/\\\/www.humboldtforum.org\\\/de\\\/programm\\\/termin\\\/dj-set\\\/dj-shiru-147534\\\/&quot;,&quot;genre&quot;:[946],&quot;genre_details&quot;:[{&quot;text&quot;:&quot;DJ Set&quot;,&quot;id&quot;:946,&quot;icon&quot;:null,&quot;parent&quot;:0}],&quot;stakeholder&quot;:[382],&quot;stakeholder_details&quot;:[{&quot;text&quot;:&quot;Stiftung Humboldt Forum im Berliner Schloss&quot;,&quot;id&quot;:382,&quot;icon&quot;:null,&quot;parent&quot;:0}],&quot;targetgroup&quot;:[383],&quot;targetgroup_details&quot;:[{&quot;text&quot;:&quot;Erwachsene&quot;,&quot;id&quot;:383,&quot;icon&quot;:null,&quot;parent&quot;:0}],&quot;place&quot;:[510],&quot;place_details&quot;:{&quot;place&quot;:&quot;Humboldt Forum&quot;,&quot;map&quot;:&quot;Humboldt Forum, Schlossplatz, Berlin&quot;,&quot;room&quot;:&quot;Schl\\u00fcterhof&quot;},&quot;icon_overwrite&quot;:&quot;&quot;,&quot;acf&quot;:{&quot;noindex&quot;:false,&quot;keywords&quot;:&quot;&quot;,&quot;hashtag&quot;:&quot;HumboldtForum&quot;,&quot;belongsto&quot;:[145657],&quot;shorturl&quot;:&quot;&quot;,&quot;times&quot;:[],&quot;planning&quot;:{&quot;price&quot;:&quot;kostenfrei&quot;,&quot;admission&quot;:&quot;&quot;,&quot;pause&quot;:&quot;&quot;,&quot;duration&quot;:&quot;&quot;},&quot;additional_info&quot;:{&quot;icon&quot;:&quot;0&quot;,&quot;text&quot;:&quot;&quot;},&quot;highlight_header&quot;:false,&quot;use_video_in_teasers&quot;:false,&quot;hyphenation&quot;:true,&quot;tipp&quot;:false,&quot;joker&quot;:false,&quot;live&quot;:false,&quot;hide_event_in_program&quot;:false,&quot;gomus_id&quot;:&quot;&quot;,&quot;subline&quot;:&quot;&quot;,&quot;tickettext&quot;:&quot;kein Ticket erforderlich&quot;,&quot;infotext&quot;:&quot;Bei erh\\u00f6htem Besucher*innenaufkommen kann es Wartezeiten bzw. einen Einlassstopp geben.&quot;,&quot;featured_images&quot;:[147536],&quot;hm_id&quot;:&quot;&quot;},&quot;date&quot;:{&quot;NX&quot;:null,&quot;NXX&quot;:null,&quot;NLAST&quot;:&quot;202508011800&quot;,&quot;from_DATE&quot;:&quot;20250801 22:00&quot;,&quot;from&quot;:1754071200,&quot;to&quot;:1754071200,&quot;to_DATE&quot;:&quot;20250801 22:00&quot;,&quot;from_HRFSHORT&quot;:&quot; 1. Aug 2025&quot;,&quot;from_HRFSHORT_WD&quot;:&quot;Fr 01.08.2025&quot;,&quot;to_HRFSHORT&quot;:&quot; 1. Aug 2025&quot;,&quot;to_HRFSHORT_WD&quot;:&quot;Fr 01.08.2025&quot;,&quot;from_HRF&quot;:&quot;Fr,  1. August 2025&quot;,&quot;to_HRF&quot;:&quot;Fr,  1. August 2025&quot;,&quot;from_to_HRF&quot;:&quot;Fr,  1. August \\u2013 Fr,  1. August 2025&quot;,&quot;from_to_HRFSHORT&quot;:&quot; 1. Aug \\u2013  1. Aug 2025&quot;},&quot;alert&quot;:null,&quot;partof&quot;:[],&quot;marketing_topic&quot;:{&quot;title&quot;:&quot;DURCHL\\u00dcFTEN 2025&quot;,&quot;ID&quot;:145657,&quot;reason&quot;:&quot;belongsto&quot;}}' inline-template>\n\t<a href=\"https:\/\/www.humboldtforum.org\/de\/programm\/termin\/dj-set\/dj-shiru-147534\/\" class=\"teaser teaser-event teaser-event-standard\">\n\t\t<div class=\"row\">\n\t\t\t<div class=\"col-xs-12 teaser-event-image\">\n\t\t\t\t<div class=\"teaser-image teaser-image-no-alternate\">\n\t\t\t\t\t\t\t\t\t\t\t\n\t<lazy-media-inline inline-template>\n\t\t<figure itemscope itemtype=\"http:\/\/schema.org\/ImageObject\" class=\"lazy-media-inline \" role=\"group\" id=\"media_69f3c95a9257c\" aria-labelledby=\"desc_media_69f3c95a9257c\">\n\t\t\t<script type=\"application\/json\" ref=\"data\">\n\t\t\t\t{\n\t\t\t\t\"sizes\" : {\"medium\":{\"file\":\"SHF_eb00248064-200x300.jpg\",\"width\":200,\"height\":300,\"mime-type\":\"image\\\/jpeg\",\"filesize\":16573},\"large\":{\"file\":\"SHF_eb00248064-682x1024.jpg\",\"width\":682,\"height\":1024,\"mime-type\":\"image\\\/jpeg\",\"filesize\":94738},\"thumbnail\":{\"file\":\"SHF_eb00248064-150x150.jpg\",\"width\":150,\"height\":150,\"mime-type\":\"image\\\/jpeg\",\"filesize\":7909},\"medium_large\":{\"file\":\"SHF_eb00248064-768x1152.jpg\",\"width\":768,\"height\":1152,\"mime-type\":\"image\\\/jpeg\",\"filesize\":112455},\"small\":{\"file\":\"SHF_eb00248064-293x440.jpg\",\"width\":293,\"height\":440,\"mime-type\":\"image\\\/jpeg\",\"filesize\":29130},\"semi\":{\"file\":\"SHF_eb00248064-387x580.jpg\",\"width\":387,\"height\":580,\"mime-type\":\"image\\\/jpeg\",\"filesize\":43394},\"mobile\":{\"file\":\"SHF_eb00248064-480x720.jpg\",\"width\":480,\"height\":720,\"mime-type\":\"image\\\/jpeg\",\"filesize\":57849},\"original\":{\"file\":\"SHF_eb00248064.jpg\",\"width\":853,\"height\":1280}},\n\t\t\t\t\"alt\" : \"Junge Frau mit lockigem Haar in einem Obststand, tr\\u00e4gt ein wei\\u00dfes T-Shirt und Sonnenbrille, l\\u00e4chelt fr\\u00f6hlich.\",\n\t\t\t\t\"path\" : \"\\\/wp-content\\\/uploads\\\/2025\\\/06\\\/\",\n\t\t\t\t\"video\" : null,\n\t\t\t\t\"autoplay\" : null,\n\t\t\t\t\"youtube\" : null,\n\t\t\t\t\"youtubelabel\" : \"Video abspielen\",\n\t\t\t\t\"brightness\" : 100,\n\t\t\t\t\"crop\" : {\"top\":\"26.77\",\"left\":\"45.61\"},\n\t\t\t\t\"background\" : true,\n\t\t\t\t\"scale\" : 2\t\t\t\t}\n\t\t\t<\/script>\n\n\t\t\t<div class=\"height-container\" style=\"padding-bottom:150.05861664713%;\" v-if=\"sizes\">\n\t\t\t\t\t\t\t\t<lazy-media :inline=\"true\" :alt=\"alt\" :sizes=\"sizes\" :scale=\"scale\" :brightness=\"brightness\" :path=\"path\" :video=\"video\" :autoplay=\"autoplay\" :youtube=\"youtube\" :crop=\"crop\" :youtubelabel=\"youtubelabel\" :background=\"background\" media-id=\"desc_media_69f3c95a9257c\"><\/lazy-media>\n\t\t\t\t\t\t\t<\/div>\n\n\t\t\t\t\t\t\t<figcaption class=\"sr-only\" ref=\"body\" id=\"desc_media_69f3c95a9257c\">\n\t\t\t\t\t\t\t\t\t\t\t<div>DJ Shiru<\/div>\n\t\t\t\t\t\t\t\t\t\t\t\t\t\t\t\t\t\t\t\t\t<div class=\"insignificant\">\u00a9 Koljaaaaa<\/div>\n\t\t\t\t\t\t\t\t\t<\/figcaption>\n\t\t\t\t\t<\/figure>\n\t<\/lazy-media-inline>\n\t\t\t\t<\/div>\n\t\t\t<\/div>\n\t\t\t<div class=\"col-xs-12 teaser-event-text Infos\">\n\t\t\t\t<div class=\"teaser-event-standard-text\">\n\t\t\t\t\t<div class=\"margin-bottom-atom\">\n\t\t\t\t\t\t<div class=\"subline clamp-1\" v-html=\"maingenre\"><\/div>\n\t\t\t\t\t\t\t\t\t\t\t\t\t<div class=\"insignificant clamp-2\">DURCHL\u00dcFTEN 2025<\/div>\n\t\t\t\t\t\t\t\t\t\t\t<\/div>\n\t\t\t\t\n\t\t\t\t\t<strong class=\"margin-bottom-atom\">Shiru<\/strong>\n\n\t\t\t\t\t\t\t\t\t\t\t<div class=\"\"><\/div>\n\t\t\t\t\t\t\t\t\t<\/div>\n\t\t\t\t<div class=\"teaser-bottom border-bottom\">\n\t\t\t\t<calendardateline :rawitem='item' :show-icon=\"true\"><\/calendardateline>\n\t\t\t\t\t<hr>\n\t\t\t\t<\/div>\n\t\t\t<\/div>\n\t\t<\/div>\n\t<\/a>\n\t<\/calendarteaser>\n<\/li>\n\n\t\t\t\t\t\t<\/ul>\n\t\t\t\t\t<\/div>\n\t\t\t\t<\/div>\n\t\t\t<\/teaser-lane-with-buttons>\n\t\t\t\t<\/lazy-component>\n<\/section>\n\n\n\n<section class=\"block block-copy\" >\n    <div class=\"container-fluid\">\n\t\t<div class=\"row \">\n            <div class=\"col-xs-12 col-md-offset-2 col-md-8\">\n                <div class=\"box\">\n                    <div class=\"copy\"><p style=\"margin: 0cm; margin-bottom: .0001pt;\"><em><span style=\"font-family: 'Arial',sans-serif;\">DURCHL\u00dcFTEN hei\u00dft die Caf\u00e9 Chocolat-Community herzlich auf der B\u00fchne willkommen! Caf\u00e9 Chocolat ist eine Live-Musik- und Community-Reihe, die 2024 als F\u00f6rderprojekt ins Leben gerufen wurde, um lokale Talente zu feiern und zu unterst\u00fctzen sowie um Schwarze und PoC-K\u00fcnstler*innen und DJs auf Tour durch die deutschen Diaspora-Communities zu bringen. Im Zentrum der Reihe steht die \u00dcberzeugung: Wenn Communities unterst\u00fctzt und fair behandelt werden, k\u00f6nnen sie aufbl\u00fchen.<\/span><\/em><\/p>\n<\/div>\n                <\/div>\n            <\/div>\n\t\t<\/div>\n\t\t    <\/div>\n<\/section>\n\n<section class=\"block block-CTA block-CTA-long leftgradient\">\n\t<div class=\"container-fluid\">\n\t\t<div class=\"row center-xs\">\n\t\t\t<div class=\"col-xs-12\">\n\t\t\t\t<div class=\"box\">\n\t\t\t\t\t<a href=\"https:\/\/www.humboldtforum.org\/de\/newsletter-2\/\" aria-label=\"Bleiben Sie auf dem Laufenden!\" class=\"teaser teaser-cta-wide \">\n\t\t\t\t\t\t<div class=\"teaser-image\">\n\t\t\t\t\t\t\t\n\t<lazy-media-inline inline-template>\n\t\t<figure itemscope itemtype=\"http:\/\/schema.org\/ImageObject\" class=\"lazy-media-inline \" role=\"group\" id=\"media_69f3c95a94c79\" aria-labelledby=\"desc_media_69f3c95a94c79\">\n\t\t\t<script type=\"application\/json\" ref=\"data\">\n\t\t\t\t{\n\t\t\t\t\"sizes\" : {\"medium\":{\"file\":\"HF_eb00061823-scaled-300x200.jpg\",\"width\":300,\"height\":200,\"mime-type\":\"image\\\/jpeg\",\"filesize\":19186},\"large\":{\"file\":\"HF_eb00061823-scaled-1024x683.jpg\",\"width\":1024,\"height\":683,\"mime-type\":\"image\\\/jpeg\",\"filesize\":138597},\"thumbnail\":{\"file\":\"HF_eb00061823-scaled-150x150.jpg\",\"width\":150,\"height\":150,\"mime-type\":\"image\\\/jpeg\",\"filesize\":8513},\"medium_large\":{\"file\":\"HF_eb00061823-scaled-768x512.jpg\",\"width\":768,\"height\":512,\"mime-type\":\"image\\\/jpeg\",\"filesize\":86200},\"small\":{\"file\":\"HF_eb00061823-scaled-440x293.jpg\",\"width\":440,\"height\":293,\"mime-type\":\"image\\\/jpeg\",\"filesize\":35525},\"semi\":{\"file\":\"HF_eb00061823-scaled-580x387.jpg\",\"width\":580,\"height\":387,\"mime-type\":\"image\\\/jpeg\",\"filesize\":55724},\"mobile\":{\"file\":\"HF_eb00061823-scaled-720x480.jpg\",\"width\":720,\"height\":480,\"mime-type\":\"image\\\/jpeg\",\"filesize\":77971},\"hd\":{\"file\":\"HF_eb00061823-scaled-1280x854.jpg\",\"width\":1280,\"height\":854,\"mime-type\":\"image\\\/jpeg\",\"filesize\":202477},\"full\":{\"file\":\"HF_eb00061823-scaled-1920x1280.jpg\",\"width\":1920,\"height\":1280,\"mime-type\":\"image\\\/jpeg\",\"filesize\":386736},\"1536x1536\":{\"file\":\"HF_eb00061823-scaled-1536x1024.jpg\",\"width\":1536,\"height\":1024,\"mime-type\":\"image\\\/jpeg\",\"filesize\":266197},\"2048x2048\":{\"file\":\"HF_eb00061823-scaled-2048x1366.jpg\",\"width\":2048,\"height\":1366,\"mime-type\":\"image\\\/jpeg\",\"filesize\":430206},\"original\":{\"file\":\"HF_eb00061823-scaled.jpg\",\"width\":2560,\"height\":1707}},\n\t\t\t\t\"alt\" : \"Blick in das beleuchtete Foyer von der Galerie im ersten Stock mit Besuchenden, Infopoint und Medienturm\",\n\t\t\t\t\"path\" : \"\\\/wp-content\\\/uploads\\\/2020\\\/04\\\/\",\n\t\t\t\t\"video\" : null,\n\t\t\t\t\"autoplay\" : null,\n\t\t\t\t\"youtube\" : null,\n\t\t\t\t\"youtubelabel\" : \"Video abspielen\",\n\t\t\t\t\"brightness\" : \"70\",\n\t\t\t\t\"crop\" : {\"top\":\"90.37\",\"left\":\"39.93\"},\n\t\t\t\t\"background\" : true,\n\t\t\t\t\"scale\" : 2\t\t\t\t}\n\t\t\t<\/script>\n\n\t\t\t<div class=\"height-container\" style=\"padding-bottom:66.6796875%;\" v-if=\"sizes\">\n\t\t\t\t\t\t\t\t<lazy-media :inline=\"true\" :alt=\"alt\" :sizes=\"sizes\" :scale=\"scale\" :brightness=\"brightness\" :path=\"path\" :video=\"video\" :autoplay=\"autoplay\" :youtube=\"youtube\" :crop=\"crop\" :youtubelabel=\"youtubelabel\" :background=\"background\" media-id=\"desc_media_69f3c95a94c79\"><\/lazy-media>\n\t\t\t\t\t\t\t<\/div>\n\n\t\t\t\t\t\t\t<figcaption class=\"sr-only\" ref=\"body\" id=\"desc_media_69f3c95a94c79\">\n\t\t\t\t\t\t\t\t\t\t\t<div>Blick in das Foyer, November 2019.<\/div>\n\t\t\t\t\t\t\t\t\t\t\t\t\t\t\t\t\t\t\t\t\t<div class=\"insignificant\">\u00a9 Stiftung Humboldt Forum im Berliner Schloss \/ David von Becker<\/div>\n\t\t\t\t\t\t\t\t\t<\/figcaption>\n\t\t\t\t\t<\/figure>\n\t<\/lazy-media-inline>\n\t\t\t\t\t\t<\/div>\n\t\t\t\t\t\t<div class=\"teaser-content \">\n\t\t\t\t\t\t\t<div>\n\t\t\t\t\t\t\t\t\t\t\t\t\t\t\t\t<div class=\"teaser-header\"><span class=\"h3\">Bleiben Sie auf dem Laufenden!<\/span><\/div>\n\t\t\t\t\t\t\t\t<div class=\"teaser-subline\"><span class=\"font-decoration\">Abonnieren Sie unseren Newsletter.<\/span><\/div>\t\t\t\t\t\t\t\t<button tabindex=\"-1\" class=\"border\">Hier klicken<\/button>\n\t\t\t\t\t\t\t<\/div>\n\t\t\t\t\t\t<\/div>\n\t\t\t\t\t<\/a>\n\t\t\t\t<\/div>\n\t\t\t<\/div>\n\t\t<\/div>\n\t<\/div>\n<\/section>\n","protected":false},"template":"","genre":[393],"digital":[],"topic":[],"stakeholder":[382],"editorial":[],"editorialfilter":[],"targetgroup":[383,455],"language":[],"accessability":[],"age":[],"school":[],"groupsize":[],"place":[510],"class_list":["post-146861","event","type-event","status-publish","hentry","genre-konzert","stakeholder-stiftung-humboldt-forum-im-berliner-schloss","targetgroup-erwachsene","targetgroup-jugendliche","place-schlueterhof"],"acf":[],"_links":{"self":[{"href":"https:\/\/www.humboldtforum.org\/de\/wp-json\/wp\/v2\/event\/146861","targetHints":{"allow":["GET"]}}],"collection":[{"href":"https:\/\/www.humboldtforum.org\/de\/wp-json\/wp\/v2\/event"}],"about":[{"href":"https:\/\/www.humboldtforum.org\/de\/wp-json\/wp\/v2\/types\/event"}],"version-history":[{"count":10,"href":"https:\/\/www.humboldtforum.org\/de\/wp-json\/wp\/v2\/event\/146861\/revisions"}],"predecessor-version":[{"id":148780,"href":"https:\/\/www.humboldtforum.org\/de\/wp-json\/wp\/v2\/event\/146861\/revisions\/148780"}],"wp:attachment":[{"href":"https:\/\/www.humboldtforum.org\/de\/wp-json\/wp\/v2\/media?parent=146861"}],"wp:term":[{"taxonomy":"genre","embeddable":true,"href":"https:\/\/www.humboldtforum.org\/de\/wp-json\/wp\/v2\/genre?post=146861"},{"taxonomy":"digital","embeddable":true,"href":"https:\/\/www.humboldtforum.org\/de\/wp-json\/wp\/v2\/digital?post=146861"},{"taxonomy":"topic","embeddable":true,"href":"https:\/\/www.humboldtforum.org\/de\/wp-json\/wp\/v2\/topic?post=146861"},{"taxonomy":"stakeholder","embeddable":true,"href":"https:\/\/www.humboldtforum.org\/de\/wp-json\/wp\/v2\/stakeholder?post=146861"},{"taxonomy":"editorial","embeddable":true,"href":"https:\/\/www.humboldtforum.org\/de\/wp-json\/wp\/v2\/editorial?post=146861"},{"taxonomy":"editorialfilter","embeddable":true,"href":"https:\/\/www.humboldtforum.org\/de\/wp-json\/wp\/v2\/editorialfilter?post=146861"},{"taxonomy":"targetgroup","embeddable":true,"href":"https:\/\/www.humboldtforum.org\/de\/wp-json\/wp\/v2\/targetgroup?post=146861"},{"taxonomy":"language","embeddable":true,"href":"https:\/\/www.humboldtforum.org\/de\/wp-json\/wp\/v2\/language?post=146861"},{"taxonomy":"accessability","embeddable":true,"href":"https:\/\/www.humboldtforum.org\/de\/wp-json\/wp\/v2\/accessability?post=146861"},{"taxonomy":"age","embeddable":true,"href":"https:\/\/www.humboldtforum.org\/de\/wp-json\/wp\/v2\/age?post=146861"},{"taxonomy":"school","embeddable":true,"href":"https:\/\/www.humboldtforum.org\/de\/wp-json\/wp\/v2\/school?post=146861"},{"taxonomy":"groupsize","embeddable":true,"href":"https:\/\/www.humboldtforum.org\/de\/wp-json\/wp\/v2\/groupsize?post=146861"},{"taxonomy":"place","embeddable":true,"href":"https:\/\/www.humboldtforum.org\/de\/wp-json\/wp\/v2\/place?post=146861"}],"curies":[{"name":"wp","href":"https:\/\/api.w.org\/{rel}","templated":true}]}}