{"id":147042,"date":"2025-05-27T14:41:51","date_gmt":"2025-05-27T12:41:51","guid":{"rendered":"https:\/\/www.humboldtforum.org\/?post_type=event&#038;p=147042"},"modified":"2025-08-04T09:34:34","modified_gmt":"2025-08-04T07:34:34","slug":"son-rompe-pera-mexiko","status":"publish","type":"event","link":"https:\/\/www.humboldtforum.org\/de\/programm\/termin\/konzert\/son-rompe-pera-mexiko-147042\/","title":{"rendered":"Son Rompe Pera (Mexiko)"},"content":{"rendered":"<section class=\"block block-copy\" >\n    <div class=\"container-fluid\">\n\t\t<div class=\"row \">\n            <div class=\"col-xs-12 col-md-offset-2 col-md-8\">\n                <div class=\"box\">\n                    <div class=\"copy\"><p>Die Mitglieder der Band Son Rompe Pera aus Mexiko-Stadt standen bereits als Kinder gemeinsam mit ihrem Vater auf der B\u00fchne und begleiteten ihn musikalisch auf der traditionellen mexikanischen Marimba bei lokalen Veranstaltungen. Heute geh\u00f6ren sie zur Speerspitze der zeitgen\u00f6ssischen internationalen Cumbia-Szene \u2013 was sie in ihrer Jugend gelernt haben, heben sie heute auf eine neue Ebene und loten die M\u00f6glichkeiten der Marimba voll aus.<\/p>\n<p>Ihr einzigartiger Sound ist das Ergebnis eines typischen jugendlichen Aufbegehrens: Als Teenager kehrten sie der Marimba zun\u00e4chst den R\u00fccken und spielten in verschiedenen Punk- und Psychobilly-Bands. Inzwischen haben sie den Kreis geschlossen und verbinden die Marimba mit ihren Rockeinfl\u00fcssen zu einer frischen, kraftvollen Neuinterpretation.<\/p>\n<p><a href=\"https:\/\/sonrompepera.bandcamp.com\/\" target=\"_blank\" rel=\"noopener\"><em>Son Rompe Pera auf Bandcamp<\/em><\/a><\/p>\n<\/div>\n                <\/div>\n            <\/div>\n\t\t<\/div>\n\t\t    <\/div>\n<\/section>\n\n<section class=\"block block-teaser col-1 has-bg\" style=\"--teaser-bg:#f2f2f2\">\n\t<lazy-component :fixed-min-height=\"400\">\n\t\n\t\t\t\t\t<div class=\"container-fluid\">\n\t\t\t\t<div class=\"row bottom-xs\">\n\t\t\t\t\t<div class=\"col-xs-12 col-sm-10 col-md-8 col-sm-offset-1 col-md-offset-2\">\n\t\t\t\t\t\t<h4>geh\u00f6rt zu<\/h4>\t\t\t\t\t\t\t\t\t\t\t\t\t\t\t\t\t\t\t<\/div>\n\t\t\t\t\t<div class=\"col-xs-12 col-sm-10 col-md-8 col-sm-offset-1 col-md-offset-2 start-xs end-md margin-bottom-sixth\">\n\t\t\t\t\t\t\t\t\t\t\t<\/div>\n\t\t\t\t<\/div>\n\t\t\t\t<ul class=\"row\">\n\t\t\t\n<li class=\"col-xs-12 teaser-wrapper col-padding-remove\">\n\t<calendarteaser key=\"1456579634\" rawitem='{&quot;postId&quot;:145657,&quot;title&quot;:&quot;DURCHL\\u00dcFTEN 2025&quot;,&quot;excerpt&quot;:&quot;&quot;,&quot;slug&quot;:&quot;durchlueften-2025&quot;,&quot;post_date&quot;:&quot;2025-04-24T16:22&quot;,&quot;type&quot;:&quot;event-multi&quot;,&quot;permalink&quot;:&quot;https:\\\/\\\/www.humboldtforum.org\\\/de\\\/programm\\\/event\\\/festival\\\/durchlueften-2025-145657\\\/&quot;,&quot;genre&quot;:[845,393],&quot;genre_details&quot;:[{&quot;text&quot;:&quot;Festival&quot;,&quot;id&quot;:845,&quot;icon&quot;:null,&quot;parent&quot;:0},{&quot;text&quot;:&quot;Konzert&quot;,&quot;id&quot;:393,&quot;icon&quot;:null,&quot;parent&quot;:0}],&quot;stakeholder&quot;:[382],&quot;stakeholder_details&quot;:[{&quot;text&quot;:&quot;Stiftung Humboldt Forum im Berliner Schloss&quot;,&quot;id&quot;:382,&quot;icon&quot;:null,&quot;parent&quot;:0}],&quot;place&quot;:[510],&quot;place_details&quot;:{&quot;place&quot;:&quot;Humboldt Forum&quot;,&quot;map&quot;:&quot;Humboldt Forum, Schlossplatz, Berlin&quot;,&quot;room&quot;:&quot;Schl\\u00fcterhof&quot;},&quot;icon_overwrite&quot;:&quot;&quot;,&quot;acf&quot;:{&quot;noindex&quot;:false,&quot;keywords&quot;:&quot;&quot;,&quot;belongsto&quot;:false,&quot;shorturl&quot;:&quot;durchlueften&quot;,&quot;times&quot;:[],&quot;planning&quot;:{&quot;price&quot;:&quot;&quot;,&quot;admission&quot;:&quot;&quot;,&quot;pause&quot;:&quot;&quot;,&quot;duration&quot;:&quot;&quot;,&quot;status&quot;:&quot;JOIN&quot;,&quot;info&quot;:&quot;&quot;,&quot;shop&quot;:&quot;&quot;,&quot;can_purchase&quot;:false},&quot;subline&quot;:&quot;Internationales Open Air Musik Festival&quot;,&quot;additional_info&quot;:{&quot;icon&quot;:&quot;icon-uhr&quot;,&quot;text&quot;:&quot;Er\\u00f6ffnung am 17.7.2025 um 18:30&quot;},&quot;highlight_header&quot;:true,&quot;highlight_header_image&quot;:147646,&quot;has_mobile_format&quot;:true,&quot;use_video_in_teasers&quot;:false,&quot;hyphenation&quot;:true,&quot;tipp&quot;:false,&quot;joker&quot;:false,&quot;live&quot;:false,&quot;hide_event_in_program&quot;:false,&quot;infotext&quot;:&quot;Bei \\u00dcberf\\u00fcllung des Hofes kann es zu Wartezeiten an den Eing\\u00e4ngen kommen.&quot;,&quot;events&quot;:[146313,146318,146321,146367,146369,146374,146426,146432,146434,146523,146524,146530,146539,146571,146573,146575,146625,146628,146630,146790,146798,146804,146833,146836,146838,146861,146920,146923,146930,146995,146997,147000,147036,147042,147051,147489,147534],&quot;highlight_header_image_mobile&quot;:147648},&quot;date&quot;:{&quot;NX&quot;:null,&quot;NXX&quot;:null,&quot;NLAST&quot;:&quot;202508091500&quot;,&quot;from_DATE&quot;:&quot;20250717 18:30&quot;,&quot;from&quot;:1752762600,&quot;to&quot;:1754751600,&quot;to_DATE&quot;:&quot;20250809 19:00&quot;,&quot;from_HRFSHORT&quot;:&quot;17. Jul 2025&quot;,&quot;from_HRFSHORT_WD&quot;:&quot;Do 17.07.2025&quot;,&quot;to_HRFSHORT&quot;:&quot; 9. Aug 2025&quot;,&quot;to_HRFSHORT_WD&quot;:&quot;Sa 09.08.2025&quot;,&quot;from_HRF&quot;:&quot;Do, 17. Juli 2025&quot;,&quot;to_HRF&quot;:&quot;Sa,  9. August 2025&quot;,&quot;from_to_HRF&quot;:&quot;Do, 17. Juli \\u2013 Sa,  9. August 2025&quot;,&quot;from_to_HRFSHORT&quot;:&quot;17. Jul \\u2013  9. Aug 2025&quot;},&quot;alert&quot;:&quot;Highlight&quot;,&quot;partof&quot;:[],&quot;marketing_topic&quot;:&quot;&quot;}' inline-template>\n\t<a href=\"https:\/\/www.humboldtforum.org\/de\/programm\/event\/festival\/durchlueften-2025-145657\/\" class=\"teaser teaser-event-multi teaser-event-standard\">\n\t\t<div class=\"row\">\n\t\t\t<div class=\"col-xs-12 col-sm-6 col-md-5 col-sm-offset-1 col-md-offset-2 first-sm teaser-event-text Infos\">\n\t\t\t\t<div class=\"teaser-event-standard-text\">\n\t\t\t\t\t<div class=\"margin-bottom-atom\">\n\t\t\t\t\t\t<div class=\"subline clamp-1\" v-html=\"maingenre\"><\/div>\n\t\t\t\t\t\t\t\t\t\t\t<\/div>\n\t\t\t\t\n\t\t\t\t\t<strong class=\"margin-bottom-atom h5\">DURCHL\u00dcFTEN 2025<\/strong>\n\n\t\t\t\t\t\t\t\t\t\t\t<div class=\"\">Internationales Open Air Musik Festival<\/div>\n\t\t\t\t\t\t\t\t\t<\/div>\n\t\t\t\t<div class=\"teaser-bottom border-bottom\">\n\t\t\t\t<calendardateline :rawitem='item' :show-icon=\"true\"><\/calendardateline>\n\t\t\t\t\t<hr>\n\t\t\t\t<\/div>\n\t\t\t<\/div>\n\t\t\t<div class=\"col-xs-12 col-sm-4 col-md-3 teaser-event-image bottom-xs first-xs\">\n\t\t\t\t<div class=\"teaser-image teaser-image-no-alternate\">\n\t\t\t\t\t\t\t\t\t\t\t\t\t<span class=\"alert\">Highlight<\/span>\n\t\t\t\t\t\t\t\t\t\t\t\n\t<lazy-media-inline inline-template>\n\t\t<figure itemscope itemtype=\"http:\/\/schema.org\/ImageObject\" class=\"lazy-media-inline \" role=\"group\" id=\"media_69f4120042078\" aria-labelledby=\"desc_media_69f4120042078\">\n\t\t\t<script type=\"application\/json\" ref=\"data\">\n\t\t\t\t{\n\t\t\t\t\"sizes\" : {\"medium\":{\"file\":\"SHF_eb00248143-176x300.jpg\",\"width\":176,\"height\":300,\"mime-type\":\"image\\\/jpeg\",\"filesize\":6859},\"large\":{\"file\":\"SHF_eb00248143-600x1024.jpg\",\"width\":600,\"height\":1024,\"mime-type\":\"image\\\/jpeg\",\"filesize\":51688},\"thumbnail\":{\"file\":\"SHF_eb00248143-150x150.jpg\",\"width\":150,\"height\":150,\"mime-type\":\"image\\\/jpeg\",\"filesize\":4263},\"medium_large\":{\"file\":\"SHF_eb00248143-768x1312.jpg\",\"width\":768,\"height\":1312,\"mime-type\":\"image\\\/jpeg\",\"filesize\":86135},\"small\":{\"file\":\"SHF_eb00248143-258x440.jpg\",\"width\":258,\"height\":440,\"mime-type\":\"image\\\/jpeg\",\"filesize\":12031},\"semi\":{\"file\":\"SHF_eb00248143-340x580.jpg\",\"width\":340,\"height\":580,\"mime-type\":\"image\\\/jpeg\",\"filesize\":18510},\"mobile\":{\"file\":\"SHF_eb00248143-422x720.jpg\",\"width\":422,\"height\":720,\"mime-type\":\"image\\\/jpeg\",\"filesize\":26558},\"hd\":{\"file\":\"SHF_eb00248143-749x1280.jpg\",\"width\":749,\"height\":1280,\"mime-type\":\"image\\\/jpeg\",\"filesize\":81695},\"full\":{\"file\":\"SHF_eb00248143-1124x1920.jpg\",\"width\":1124,\"height\":1920,\"mime-type\":\"image\\\/jpeg\",\"filesize\":188342},\"1536x1536\":{\"file\":\"SHF_eb00248143-899x1536.jpg\",\"width\":899,\"height\":1536,\"mime-type\":\"image\\\/jpeg\",\"filesize\":119658},\"2048x2048\":{\"file\":\"SHF_eb00248143-1199x2048.jpg\",\"width\":1199,\"height\":2048,\"mime-type\":\"image\\\/jpeg\",\"filesize\":213158},\"original\":{\"file\":\"SHF_eb00248143.jpg\",\"width\":1780,\"height\":3040}},\n\t\t\t\t\"alt\" : \"Person in stylischer Kleidung posiert vor einem leuchtend orangefarbenen Hintergrund.\",\n\t\t\t\t\"path\" : \"\\\/wp-content\\\/uploads\\\/2025\\\/04\\\/\",\n\t\t\t\t\"video\" : null,\n\t\t\t\t\"autoplay\" : null,\n\t\t\t\t\"youtube\" : null,\n\t\t\t\t\"youtubelabel\" : \"Video abspielen\",\n\t\t\t\t\"brightness\" : 100,\n\t\t\t\t\"crop\" : null,\n\t\t\t\t\"background\" : true,\n\t\t\t\t\"scale\" : 1\t\t\t\t}\n\t\t\t<\/script>\n\n\t\t\t<div class=\"height-container\" style=\"padding-bottom:170.78651685393%;\" v-if=\"sizes\">\n\t\t\t\t\t\t\t\t<lazy-media :inline=\"true\" :alt=\"alt\" :sizes=\"sizes\" :scale=\"scale\" :brightness=\"brightness\" :path=\"path\" :video=\"video\" :autoplay=\"autoplay\" :youtube=\"youtube\" :crop=\"crop\" :youtubelabel=\"youtubelabel\" :background=\"background\" media-id=\"desc_media_69f4120042078\"><\/lazy-media>\n\t\t\t\t\t\t\t<\/div>\n\n\t\t\t\t\t\t\t<figcaption class=\"sr-only\" ref=\"body\" id=\"desc_media_69f4120042078\">\n\t\t\t\t\t\t\t\t\t\t\t\t\t\t\t\t<div>Keyvisual with KABEAUSH&Eacute; <\/div>\n\t\t\t\t\t\t\t\t\t\t\t\t\t\t\t\t<div class=\"insignificant\">\u00a9 Stiftung Humboldt Forum im Berliner Schloss, Foto: Edwin Maina\r\n<\/div>\n\t\t\t\t\t\t\t\t\t<\/figcaption>\n\t\t\t\t\t<\/figure>\n\t<\/lazy-media-inline>\n\t\t\t\t<\/div>\n\t\t\t<\/div>\n\t\t<\/div>\n\t<\/a>\n\t<\/calendarteaser>\n<\/li>\n\n\t\t\t\t<\/ul>\n\t\t\t<\/div>\n\t\t\t\t<\/lazy-component>\n<\/section>\n\n\n\n<section class=\"block block-teaser col-lane \" style=\"\">\n\t<lazy-component :fixed-min-height=\"400\">\n\t\n\t\t\t\t\t<teaser-lane-with-buttons inline-template tracking-label=\"weiteres B\u00fchnenprogramm am 9. August\">\n\t\t\t\t<div class=\"teaser-lane-with-buttons\">\n\t\t\t\t\t<div class=\"container-fluid\">\n\t\t\t\t\t\t<div class=\"row bottom-xs\">\n\t\t\t\t\t\t\t<div class=\"col-xs-12 col-md-8\">\n\t\t\t\t\t\t\t\t\t\t\t\t\t\t\t\t\t<h4>weiteres B\u00fchnenprogramm am 9. August<\/h4>\t\t\t\t\t\t\t\t\t\t\t\t\t\t\t\t\t\t\t\t\t\t\t\t<\/div>\n\t\t\t\t\t\t\t<div class=\"col-xs-12 col-md-4 start-xs end-md margin-bottom-sixth teaser-lane-buttons-wrapper \">\n\t\t\t\t\t\t\t\t\t\t\t\t\t\t\t\t<teaser-lane-buttons :visible_prev=\"visible_prev\" :visible_next=\"visible_next\" @prev=\"prev\" @next=\"next\"><\/teaser-lane-buttons>\n\t\t\t\t\t\t\t<\/div>\n\t\t\t\t\t\t<\/div>\n\t\t\t\t\t<\/div>\n\t\t\t\t\t<div class=\"teaser-lane-wrapper\">\n\t\t\t\t\t\t<ul class=\"teaser-lane\">\n\t\t\t\t\t\t\t\t\t\t\t\t\t\t<li class=\"teaser-lane-slide col-xs-9 col-sm-4 col-md-3 teaser-wrapper col-padding-remove\">\n\t<calendarteaser key=\"1470368437\" rawitem='{&quot;postId&quot;:147036,&quot;title&quot;:&quot;Gotopo (Venezuela, Berlin)&quot;,&quot;excerpt&quot;:&quot;&quot;,&quot;slug&quot;:&quot;gotopo-venezuela-berlin&quot;,&quot;post_date&quot;:&quot;2025-05-27T14:41&quot;,&quot;type&quot;:&quot;event&quot;,&quot;permalink&quot;:&quot;https:\\\/\\\/www.humboldtforum.org\\\/de\\\/programm\\\/termin\\\/konzert\\\/gotopo-venezuela-berlin-147036\\\/&quot;,&quot;genre&quot;:[393],&quot;genre_details&quot;:[{&quot;text&quot;:&quot;Konzert&quot;,&quot;id&quot;:393,&quot;icon&quot;:null,&quot;parent&quot;:0}],&quot;stakeholder&quot;:[382],&quot;stakeholder_details&quot;:[{&quot;text&quot;:&quot;Stiftung Humboldt Forum im Berliner Schloss&quot;,&quot;id&quot;:382,&quot;icon&quot;:null,&quot;parent&quot;:0}],&quot;targetgroup&quot;:[383,455],&quot;targetgroup_details&quot;:[{&quot;text&quot;:&quot;Erwachsene&quot;,&quot;id&quot;:383,&quot;icon&quot;:null,&quot;parent&quot;:0},{&quot;text&quot;:&quot;Jugendliche&quot;,&quot;id&quot;:455,&quot;icon&quot;:null,&quot;parent&quot;:0}],&quot;place&quot;:[510],&quot;place_details&quot;:{&quot;place&quot;:&quot;Humboldt Forum&quot;,&quot;map&quot;:&quot;Humboldt Forum, Schlossplatz, Berlin&quot;,&quot;room&quot;:&quot;Schl\\u00fcterhof&quot;},&quot;icon_overwrite&quot;:&quot;&quot;,&quot;acf&quot;:{&quot;noindex&quot;:false,&quot;keywords&quot;:&quot;&quot;,&quot;hashtag&quot;:&quot;HumboldtForum&quot;,&quot;belongsto&quot;:[145657],&quot;shorturl&quot;:&quot;&quot;,&quot;times&quot;:[],&quot;planning&quot;:{&quot;price&quot;:&quot;kostenfrei&quot;,&quot;admission&quot;:&quot;&quot;,&quot;pause&quot;:&quot;&quot;,&quot;duration&quot;:&quot;&quot;},&quot;subline&quot;:&quot;Opener&quot;,&quot;tickettext&quot;:&quot;kein Ticket erforderlich&quot;,&quot;infotext&quot;:&quot;Bei erh\\u00f6htem Besucher*innenaufkommen kann es Wartezeiten bzw. einen Einlassstopp geben.&quot;,&quot;additional_info&quot;:{&quot;icon&quot;:&quot;0&quot;,&quot;text&quot;:&quot;&quot;},&quot;highlight_header&quot;:false,&quot;featured_images&quot;:[147027],&quot;use_video_in_teasers&quot;:false,&quot;hyphenation&quot;:false,&quot;tipp&quot;:false,&quot;joker&quot;:false,&quot;live&quot;:false,&quot;hide_event_in_program&quot;:false,&quot;gomus_id&quot;:&quot;&quot;,&quot;hm_id&quot;:&quot;&quot;},&quot;date&quot;:{&quot;NX&quot;:null,&quot;NXX&quot;:null,&quot;NLAST&quot;:&quot;202508091525&quot;,&quot;from_DATE&quot;:&quot;20250809 19:25&quot;,&quot;from&quot;:1754753100,&quot;to&quot;:1754753100,&quot;to_DATE&quot;:&quot;20250809 19:25&quot;,&quot;from_HRFSHORT&quot;:&quot; 9. Aug 2025&quot;,&quot;from_HRFSHORT_WD&quot;:&quot;Sa 09.08.2025&quot;,&quot;to_HRFSHORT&quot;:&quot; 9. Aug 2025&quot;,&quot;to_HRFSHORT_WD&quot;:&quot;Sa 09.08.2025&quot;,&quot;from_HRF&quot;:&quot;Sa,  9. August 2025&quot;,&quot;to_HRF&quot;:&quot;Sa,  9. August 2025&quot;,&quot;from_to_HRF&quot;:&quot;Sa,  9. August \\u2013 Sa,  9. August 2025&quot;,&quot;from_to_HRFSHORT&quot;:&quot; 9. Aug \\u2013  9. Aug 2025&quot;},&quot;alert&quot;:null,&quot;partof&quot;:[],&quot;marketing_topic&quot;:{&quot;title&quot;:&quot;DURCHL\\u00dcFTEN 2025&quot;,&quot;ID&quot;:145657,&quot;reason&quot;:&quot;belongsto&quot;}}' inline-template>\n\t<a href=\"https:\/\/www.humboldtforum.org\/de\/programm\/termin\/konzert\/gotopo-venezuela-berlin-147036\/\" class=\"teaser teaser-event teaser-event-standard\">\n\t\t<div class=\"row\">\n\t\t\t<div class=\"col-xs-12 teaser-event-image\">\n\t\t\t\t<div class=\"teaser-image teaser-image-no-alternate\">\n\t\t\t\t\t\t\t\t\t\t\t\n\t<lazy-media-inline inline-template>\n\t\t<figure itemscope itemtype=\"http:\/\/schema.org\/ImageObject\" class=\"lazy-media-inline \" role=\"group\" id=\"media_69f4120054de5\" aria-labelledby=\"desc_media_69f4120054de5\">\n\t\t\t<script type=\"application\/json\" ref=\"data\">\n\t\t\t\t{\n\t\t\t\t\"sizes\" : {\"medium\":{\"file\":\"SHF_eb00246303-200x300.jpg\",\"width\":200,\"height\":300,\"mime-type\":\"image\\\/jpeg\",\"filesize\":10790},\"large\":{\"file\":\"SHF_eb00246303-684x1024.jpg\",\"width\":684,\"height\":1024,\"mime-type\":\"image\\\/jpeg\",\"filesize\":91994},\"thumbnail\":{\"file\":\"SHF_eb00246303-150x150.jpg\",\"width\":150,\"height\":150,\"mime-type\":\"image\\\/jpeg\",\"filesize\":5045},\"medium_large\":{\"file\":\"SHF_eb00246303-768x1151.jpg\",\"width\":768,\"height\":1151,\"mime-type\":\"image\\\/jpeg\",\"filesize\":113997},\"small\":{\"file\":\"SHF_eb00246303-294x440.jpg\",\"width\":294,\"height\":440,\"mime-type\":\"image\\\/jpeg\",\"filesize\":20300},\"semi\":{\"file\":\"SHF_eb00246303-387x580.jpg\",\"width\":387,\"height\":580,\"mime-type\":\"image\\\/jpeg\",\"filesize\":33179},\"mobile\":{\"file\":\"SHF_eb00246303-481x720.jpg\",\"width\":481,\"height\":720,\"mime-type\":\"image\\\/jpeg\",\"filesize\":48673},\"hd\":{\"file\":\"SHF_eb00246303-854x1280.jpg\",\"width\":854,\"height\":1280,\"mime-type\":\"image\\\/jpeg\",\"filesize\":138904},\"full\":{\"file\":\"SHF_eb00246303-1282x1920.jpg\",\"width\":1282,\"height\":1920,\"mime-type\":\"image\\\/jpeg\",\"filesize\":299074},\"1536x1536\":{\"file\":\"SHF_eb00246303-1025x1536.jpg\",\"width\":1025,\"height\":1536,\"mime-type\":\"image\\\/jpeg\",\"filesize\":195931},\"original\":{\"file\":\"SHF_eb00246303.jpg\",\"width\":1335,\"height\":2000}},\n\t\t\t\t\"alt\" : \"Portr\\u00e4t einer Person mit lockigem Haar, die direkt in die Kamera schaut, in Schwarz-Wei\\u00df mit einem auff\\u00e4lligen Kragen.\",\n\t\t\t\t\"path\" : \"\\\/wp-content\\\/uploads\\\/2025\\\/05\\\/\",\n\t\t\t\t\"video\" : null,\n\t\t\t\t\"autoplay\" : null,\n\t\t\t\t\"youtube\" : null,\n\t\t\t\t\"youtubelabel\" : \"Video abspielen\",\n\t\t\t\t\"brightness\" : 100,\n\t\t\t\t\"crop\" : {\"top\":\"31.27\",\"left\":\"52.08\"},\n\t\t\t\t\"background\" : true,\n\t\t\t\t\"scale\" : 2\t\t\t\t}\n\t\t\t<\/script>\n\n\t\t\t<div class=\"height-container\" style=\"padding-bottom:149.8127340824%;\" v-if=\"sizes\">\n\t\t\t\t\t\t\t\t<lazy-media :inline=\"true\" :alt=\"alt\" :sizes=\"sizes\" :scale=\"scale\" :brightness=\"brightness\" :path=\"path\" :video=\"video\" :autoplay=\"autoplay\" :youtube=\"youtube\" :crop=\"crop\" :youtubelabel=\"youtubelabel\" :background=\"background\" media-id=\"desc_media_69f4120054de5\"><\/lazy-media>\n\t\t\t\t\t\t\t<\/div>\n\n\t\t\t\t\t\t\t<figcaption class=\"sr-only\" ref=\"body\" id=\"desc_media_69f4120054de5\">\n\t\t\t\t\t\t\t\t\t\t\t<div>Die Musikerin Gotopo<\/div>\n\t\t\t\t\t\t\t\t\t\t\t\t\t\t\t\t\t\t\t\t\t<div class=\"insignificant\">\u00a9 Alejandro Restrepo<\/div>\n\t\t\t\t\t\t\t\t\t<\/figcaption>\n\t\t\t\t\t<\/figure>\n\t<\/lazy-media-inline>\n\t\t\t\t<\/div>\n\t\t\t<\/div>\n\t\t\t<div class=\"col-xs-12 teaser-event-text Infos\">\n\t\t\t\t<div class=\"teaser-event-standard-text\">\n\t\t\t\t\t<div class=\"margin-bottom-atom\">\n\t\t\t\t\t\t<div class=\"subline clamp-1\" v-html=\"maingenre\"><\/div>\n\t\t\t\t\t\t\t\t\t\t\t\t\t<div class=\"insignificant clamp-2\">DURCHL\u00dcFTEN 2025<\/div>\n\t\t\t\t\t\t\t\t\t\t\t<\/div>\n\t\t\t\t\n\t\t\t\t\t<strong class=\"margin-bottom-atom\">Gotopo (Venezuela, Berlin)<\/strong>\n\n\t\t\t\t\t\t\t\t\t\t\t<div class=\"\">Opener<\/div>\n\t\t\t\t\t\t\t\t\t<\/div>\n\t\t\t\t<div class=\"teaser-bottom border-bottom\">\n\t\t\t\t<calendardateline :rawitem='item' :show-icon=\"true\"><\/calendardateline>\n\t\t\t\t\t<hr>\n\t\t\t\t<\/div>\n\t\t\t<\/div>\n\t\t<\/div>\n\t<\/a>\n\t<\/calendarteaser>\n<\/li>\n\n<li class=\"teaser-lane-slide col-xs-9 col-sm-4 col-md-3 teaser-wrapper col-padding-remove\">\n\t<calendarteaser key=\"1470515058\" rawitem='{&quot;postId&quot;:147051,&quot;title&quot;:&quot;Selektor Bony (Mexiko, Berlin)&quot;,&quot;excerpt&quot;:&quot;&quot;,&quot;slug&quot;:&quot;dj-selektor-bony-mexiko-berlin&quot;,&quot;post_date&quot;:&quot;2025-05-27T14:42&quot;,&quot;type&quot;:&quot;event&quot;,&quot;permalink&quot;:&quot;https:\\\/\\\/www.humboldtforum.org\\\/de\\\/programm\\\/termin\\\/dj-set\\\/dj-selektor-bony-mexiko-berlin-147051\\\/&quot;,&quot;genre&quot;:[946],&quot;genre_details&quot;:[{&quot;text&quot;:&quot;DJ Set&quot;,&quot;id&quot;:946,&quot;icon&quot;:null,&quot;parent&quot;:0}],&quot;stakeholder&quot;:[382],&quot;stakeholder_details&quot;:[{&quot;text&quot;:&quot;Stiftung Humboldt Forum im Berliner Schloss&quot;,&quot;id&quot;:382,&quot;icon&quot;:null,&quot;parent&quot;:0}],&quot;targetgroup&quot;:[383],&quot;targetgroup_details&quot;:[{&quot;text&quot;:&quot;Erwachsene&quot;,&quot;id&quot;:383,&quot;icon&quot;:null,&quot;parent&quot;:0}],&quot;place&quot;:[510],&quot;place_details&quot;:{&quot;place&quot;:&quot;Humboldt Forum&quot;,&quot;map&quot;:&quot;Humboldt Forum, Schlossplatz, Berlin&quot;,&quot;room&quot;:&quot;Schl\\u00fcterhof&quot;},&quot;icon_overwrite&quot;:&quot;&quot;,&quot;acf&quot;:{&quot;noindex&quot;:false,&quot;keywords&quot;:&quot;&quot;,&quot;hashtag&quot;:&quot;HumboldtForum&quot;,&quot;belongsto&quot;:[145657],&quot;shorturl&quot;:&quot;&quot;,&quot;times&quot;:[],&quot;planning&quot;:{&quot;price&quot;:&quot;kostenfrei&quot;,&quot;admission&quot;:&quot;&quot;,&quot;pause&quot;:&quot;&quot;,&quot;duration&quot;:&quot;&quot;},&quot;subline&quot;:&quot;&quot;,&quot;tickettext&quot;:&quot;kein Ticket erforderlich&quot;,&quot;infotext&quot;:&quot;Bei erh\\u00f6htem Besucher*innenaufkommen kann es Wartezeiten bzw. einen Einlassstopp geben.&quot;,&quot;additional_info&quot;:{&quot;icon&quot;:&quot;0&quot;,&quot;text&quot;:&quot;&quot;},&quot;highlight_header&quot;:false,&quot;featured_images&quot;:[147029],&quot;use_video_in_teasers&quot;:false,&quot;hyphenation&quot;:false,&quot;tipp&quot;:false,&quot;joker&quot;:false,&quot;live&quot;:false,&quot;hide_event_in_program&quot;:false,&quot;gomus_id&quot;:&quot;&quot;,&quot;hm_id&quot;:&quot;&quot;},&quot;date&quot;:{&quot;NX&quot;:null,&quot;NXX&quot;:null,&quot;NLAST&quot;:&quot;202508091745&quot;,&quot;from_DATE&quot;:&quot;20250809 21:45&quot;,&quot;from&quot;:1754761500,&quot;to&quot;:1754761500,&quot;to_DATE&quot;:&quot;20250809 21:45&quot;,&quot;from_HRFSHORT&quot;:&quot; 9. Aug 2025&quot;,&quot;from_HRFSHORT_WD&quot;:&quot;Sa 09.08.2025&quot;,&quot;to_HRFSHORT&quot;:&quot; 9. Aug 2025&quot;,&quot;to_HRFSHORT_WD&quot;:&quot;Sa 09.08.2025&quot;,&quot;from_HRF&quot;:&quot;Sa,  9. August 2025&quot;,&quot;to_HRF&quot;:&quot;Sa,  9. August 2025&quot;,&quot;from_to_HRF&quot;:&quot;Sa,  9. August \\u2013 Sa,  9. August 2025&quot;,&quot;from_to_HRFSHORT&quot;:&quot; 9. Aug \\u2013  9. Aug 2025&quot;},&quot;alert&quot;:null,&quot;partof&quot;:[],&quot;marketing_topic&quot;:{&quot;title&quot;:&quot;DURCHL\\u00dcFTEN 2025&quot;,&quot;ID&quot;:145657,&quot;reason&quot;:&quot;belongsto&quot;}}' inline-template>\n\t<a href=\"https:\/\/www.humboldtforum.org\/de\/programm\/termin\/dj-set\/dj-selektor-bony-mexiko-berlin-147051\/\" class=\"teaser teaser-event teaser-event-standard\">\n\t\t<div class=\"row\">\n\t\t\t<div class=\"col-xs-12 teaser-event-image\">\n\t\t\t\t<div class=\"teaser-image teaser-image-no-alternate\">\n\t\t\t\t\t\t\t\t\t\t\t\n\t<lazy-media-inline inline-template>\n\t\t<figure itemscope itemtype=\"http:\/\/schema.org\/ImageObject\" class=\"lazy-media-inline \" role=\"group\" id=\"media_69f4120055846\" aria-labelledby=\"desc_media_69f4120055846\">\n\t\t\t<script type=\"application\/json\" ref=\"data\">\n\t\t\t\t{\n\t\t\t\t\"sizes\" : {\"medium\":{\"file\":\"SHF_eb00246316-300x188.jpg\",\"width\":300,\"height\":188,\"mime-type\":\"image\\\/jpeg\",\"filesize\":18518},\"large\":{\"file\":\"SHF_eb00246316-1024x643.jpg\",\"width\":1024,\"height\":643,\"mime-type\":\"image\\\/jpeg\",\"filesize\":125958},\"thumbnail\":{\"file\":\"SHF_eb00246316-150x150.jpg\",\"width\":150,\"height\":150,\"mime-type\":\"image\\\/jpeg\",\"filesize\":9404},\"medium_large\":{\"file\":\"SHF_eb00246316-768x482.jpg\",\"width\":768,\"height\":482,\"mime-type\":\"image\\\/jpeg\",\"filesize\":80428},\"small\":{\"file\":\"SHF_eb00246316-440x276.jpg\",\"width\":440,\"height\":276,\"mime-type\":\"image\\\/jpeg\",\"filesize\":33887},\"semi\":{\"file\":\"SHF_eb00246316-580x364.jpg\",\"width\":580,\"height\":364,\"mime-type\":\"image\\\/jpeg\",\"filesize\":52182},\"mobile\":{\"file\":\"SHF_eb00246316-720x452.jpg\",\"width\":720,\"height\":452,\"mime-type\":\"image\\\/jpeg\",\"filesize\":73149},\"hd\":{\"file\":\"SHF_eb00246316-1280x804.jpg\",\"width\":1280,\"height\":804,\"mime-type\":\"image\\\/jpeg\",\"filesize\":177428},\"full\":{\"file\":\"SHF_eb00246316-1920x1206.jpg\",\"width\":1920,\"height\":1206,\"mime-type\":\"image\\\/jpeg\",\"filesize\":331166},\"1536x1536\":{\"file\":\"SHF_eb00246316-1536x964.jpg\",\"width\":1536,\"height\":964,\"mime-type\":\"image\\\/jpeg\",\"filesize\":234698},\"2048x2048\":{\"file\":\"SHF_eb00246316-2048x1286.jpg\",\"width\":2048,\"height\":1286,\"mime-type\":\"image\\\/jpeg\",\"filesize\":365401},\"original\":{\"file\":\"SHF_eb00246316.jpg\",\"width\":3682,\"height\":2312}},\n\t\t\t\t\"alt\" : \"DJ mit Dreads und buntem Hemd legt an Plattenspielern auf, festliche Atmosph\\u00e4re im Hintergrund.\",\n\t\t\t\t\"path\" : \"\\\/wp-content\\\/uploads\\\/2025\\\/05\\\/\",\n\t\t\t\t\"video\" : null,\n\t\t\t\t\"autoplay\" : null,\n\t\t\t\t\"youtube\" : null,\n\t\t\t\t\"youtubelabel\" : \"Video abspielen\",\n\t\t\t\t\"brightness\" : 100,\n\t\t\t\t\"crop\" : {\"top\":\"34.61\",\"left\":\"47.26\"},\n\t\t\t\t\"background\" : true,\n\t\t\t\t\"scale\" : 2\t\t\t\t}\n\t\t\t<\/script>\n\n\t\t\t<div class=\"height-container\" style=\"padding-bottom:62.79196089082%;\" v-if=\"sizes\">\n\t\t\t\t\t\t\t\t<lazy-media :inline=\"true\" :alt=\"alt\" :sizes=\"sizes\" :scale=\"scale\" :brightness=\"brightness\" :path=\"path\" :video=\"video\" :autoplay=\"autoplay\" :youtube=\"youtube\" :crop=\"crop\" :youtubelabel=\"youtubelabel\" :background=\"background\" media-id=\"desc_media_69f4120055846\"><\/lazy-media>\n\t\t\t\t\t\t\t<\/div>\n\n\t\t\t\t\t\t\t<figcaption class=\"sr-only\" ref=\"body\" id=\"desc_media_69f4120055846\">\n\t\t\t\t\t\t\t\t\t\t\t<div>DJ Selektor Bony<\/div>\n\t\t\t\t\t\t\t\t\t\t\t\t\t\t\t\t\t\t\t\t\t<div class=\"insignificant\">\u00a9 Manon Z<\/div>\n\t\t\t\t\t\t\t\t\t<\/figcaption>\n\t\t\t\t\t<\/figure>\n\t<\/lazy-media-inline>\n\t\t\t\t<\/div>\n\t\t\t<\/div>\n\t\t\t<div class=\"col-xs-12 teaser-event-text Infos\">\n\t\t\t\t<div class=\"teaser-event-standard-text\">\n\t\t\t\t\t<div class=\"margin-bottom-atom\">\n\t\t\t\t\t\t<div class=\"subline clamp-1\" v-html=\"maingenre\"><\/div>\n\t\t\t\t\t\t\t\t\t\t\t\t\t<div class=\"insignificant clamp-2\">DURCHL\u00dcFTEN 2025<\/div>\n\t\t\t\t\t\t\t\t\t\t\t<\/div>\n\t\t\t\t\n\t\t\t\t\t<strong class=\"margin-bottom-atom\">Selektor Bony (Mexiko, Berlin)<\/strong>\n\n\t\t\t\t\t\t\t\t\t\t\t<div class=\"\"><\/div>\n\t\t\t\t\t\t\t\t\t<\/div>\n\t\t\t\t<div class=\"teaser-bottom border-bottom\">\n\t\t\t\t<calendardateline :rawitem='item' :show-icon=\"true\"><\/calendardateline>\n\t\t\t\t\t<hr>\n\t\t\t\t<\/div>\n\t\t\t<\/div>\n\t\t<\/div>\n\t<\/a>\n\t<\/calendarteaser>\n<\/li>\n\n\t\t\t\t\t\t<\/ul>\n\t\t\t\t\t<\/div>\n\t\t\t\t<\/div>\n\t\t\t<\/teaser-lane-with-buttons>\n\t\t\t\t<\/lazy-component>\n<\/section>\n\n\n\n<section class=\"block block-CTA block-CTA-long leftgradient\">\n\t<div class=\"container-fluid\">\n\t\t<div class=\"row center-xs\">\n\t\t\t<div class=\"col-xs-12\">\n\t\t\t\t<div class=\"box\">\n\t\t\t\t\t<a href=\"https:\/\/www.humboldtforum.org\/de\/newsletter-2\/\" aria-label=\"Bleiben Sie auf dem Laufenden!\" class=\"teaser teaser-cta-wide \">\n\t\t\t\t\t\t<div class=\"teaser-image\">\n\t\t\t\t\t\t\t\n\t<lazy-media-inline inline-template>\n\t\t<figure itemscope itemtype=\"http:\/\/schema.org\/ImageObject\" class=\"lazy-media-inline \" role=\"group\" id=\"media_69f41200573d1\" aria-labelledby=\"desc_media_69f41200573d1\">\n\t\t\t<script type=\"application\/json\" ref=\"data\">\n\t\t\t\t{\n\t\t\t\t\"sizes\" : {\"medium\":{\"file\":\"HF_eb00061823-scaled-300x200.jpg\",\"width\":300,\"height\":200,\"mime-type\":\"image\\\/jpeg\",\"filesize\":19186},\"large\":{\"file\":\"HF_eb00061823-scaled-1024x683.jpg\",\"width\":1024,\"height\":683,\"mime-type\":\"image\\\/jpeg\",\"filesize\":138597},\"thumbnail\":{\"file\":\"HF_eb00061823-scaled-150x150.jpg\",\"width\":150,\"height\":150,\"mime-type\":\"image\\\/jpeg\",\"filesize\":8513},\"medium_large\":{\"file\":\"HF_eb00061823-scaled-768x512.jpg\",\"width\":768,\"height\":512,\"mime-type\":\"image\\\/jpeg\",\"filesize\":86200},\"small\":{\"file\":\"HF_eb00061823-scaled-440x293.jpg\",\"width\":440,\"height\":293,\"mime-type\":\"image\\\/jpeg\",\"filesize\":35525},\"semi\":{\"file\":\"HF_eb00061823-scaled-580x387.jpg\",\"width\":580,\"height\":387,\"mime-type\":\"image\\\/jpeg\",\"filesize\":55724},\"mobile\":{\"file\":\"HF_eb00061823-scaled-720x480.jpg\",\"width\":720,\"height\":480,\"mime-type\":\"image\\\/jpeg\",\"filesize\":77971},\"hd\":{\"file\":\"HF_eb00061823-scaled-1280x854.jpg\",\"width\":1280,\"height\":854,\"mime-type\":\"image\\\/jpeg\",\"filesize\":202477},\"full\":{\"file\":\"HF_eb00061823-scaled-1920x1280.jpg\",\"width\":1920,\"height\":1280,\"mime-type\":\"image\\\/jpeg\",\"filesize\":386736},\"1536x1536\":{\"file\":\"HF_eb00061823-scaled-1536x1024.jpg\",\"width\":1536,\"height\":1024,\"mime-type\":\"image\\\/jpeg\",\"filesize\":266197},\"2048x2048\":{\"file\":\"HF_eb00061823-scaled-2048x1366.jpg\",\"width\":2048,\"height\":1366,\"mime-type\":\"image\\\/jpeg\",\"filesize\":430206},\"original\":{\"file\":\"HF_eb00061823-scaled.jpg\",\"width\":2560,\"height\":1707}},\n\t\t\t\t\"alt\" : \"Blick in das beleuchtete Foyer von der Galerie im ersten Stock mit Besuchenden, Infopoint und Medienturm\",\n\t\t\t\t\"path\" : \"\\\/wp-content\\\/uploads\\\/2020\\\/04\\\/\",\n\t\t\t\t\"video\" : null,\n\t\t\t\t\"autoplay\" : null,\n\t\t\t\t\"youtube\" : null,\n\t\t\t\t\"youtubelabel\" : \"Video abspielen\",\n\t\t\t\t\"brightness\" : \"70\",\n\t\t\t\t\"crop\" : {\"top\":\"90.37\",\"left\":\"39.93\"},\n\t\t\t\t\"background\" : true,\n\t\t\t\t\"scale\" : 2\t\t\t\t}\n\t\t\t<\/script>\n\n\t\t\t<div class=\"height-container\" style=\"padding-bottom:66.6796875%;\" v-if=\"sizes\">\n\t\t\t\t\t\t\t\t<lazy-media :inline=\"true\" :alt=\"alt\" :sizes=\"sizes\" :scale=\"scale\" :brightness=\"brightness\" :path=\"path\" :video=\"video\" :autoplay=\"autoplay\" :youtube=\"youtube\" :crop=\"crop\" :youtubelabel=\"youtubelabel\" :background=\"background\" media-id=\"desc_media_69f41200573d1\"><\/lazy-media>\n\t\t\t\t\t\t\t<\/div>\n\n\t\t\t\t\t\t\t<figcaption class=\"sr-only\" ref=\"body\" id=\"desc_media_69f41200573d1\">\n\t\t\t\t\t\t\t\t\t\t\t<div>Blick in das Foyer, November 2019.<\/div>\n\t\t\t\t\t\t\t\t\t\t\t\t\t\t\t\t\t\t\t\t\t<div class=\"insignificant\">\u00a9 Stiftung Humboldt Forum im Berliner Schloss \/ David von Becker<\/div>\n\t\t\t\t\t\t\t\t\t<\/figcaption>\n\t\t\t\t\t<\/figure>\n\t<\/lazy-media-inline>\n\t\t\t\t\t\t<\/div>\n\t\t\t\t\t\t<div class=\"teaser-content \">\n\t\t\t\t\t\t\t<div>\n\t\t\t\t\t\t\t\t\t\t\t\t\t\t\t\t<div class=\"teaser-header\"><span class=\"h3\">Bleiben Sie auf dem Laufenden!<\/span><\/div>\n\t\t\t\t\t\t\t\t<div class=\"teaser-subline\"><span class=\"font-decoration\">Abonnieren Sie unseren Newsletter.<\/span><\/div>\t\t\t\t\t\t\t\t<button tabindex=\"-1\" class=\"border\">Hier klicken<\/button>\n\t\t\t\t\t\t\t<\/div>\n\t\t\t\t\t\t<\/div>\n\t\t\t\t\t<\/a>\n\t\t\t\t<\/div>\n\t\t\t<\/div>\n\t\t<\/div>\n\t<\/div>\n<\/section>\n","protected":false},"template":"","genre":[393],"digital":[],"topic":[],"stakeholder":[382],"editorial":[],"editorialfilter":[],"targetgroup":[383,455],"language":[],"accessability":[],"age":[],"school":[],"groupsize":[],"place":[510],"class_list":["post-147042","event","type-event","status-publish","hentry","genre-konzert","stakeholder-stiftung-humboldt-forum-im-berliner-schloss","targetgroup-erwachsene","targetgroup-jugendliche","place-schlueterhof"],"acf":[],"_links":{"self":[{"href":"https:\/\/www.humboldtforum.org\/de\/wp-json\/wp\/v2\/event\/147042","targetHints":{"allow":["GET"]}}],"collection":[{"href":"https:\/\/www.humboldtforum.org\/de\/wp-json\/wp\/v2\/event"}],"about":[{"href":"https:\/\/www.humboldtforum.org\/de\/wp-json\/wp\/v2\/types\/event"}],"version-history":[{"count":2,"href":"https:\/\/www.humboldtforum.org\/de\/wp-json\/wp\/v2\/event\/147042\/revisions"}],"predecessor-version":[{"id":147057,"href":"https:\/\/www.humboldtforum.org\/de\/wp-json\/wp\/v2\/event\/147042\/revisions\/147057"}],"wp:attachment":[{"href":"https:\/\/www.humboldtforum.org\/de\/wp-json\/wp\/v2\/media?parent=147042"}],"wp:term":[{"taxonomy":"genre","embeddable":true,"href":"https:\/\/www.humboldtforum.org\/de\/wp-json\/wp\/v2\/genre?post=147042"},{"taxonomy":"digital","embeddable":true,"href":"https:\/\/www.humboldtforum.org\/de\/wp-json\/wp\/v2\/digital?post=147042"},{"taxonomy":"topic","embeddable":true,"href":"https:\/\/www.humboldtforum.org\/de\/wp-json\/wp\/v2\/topic?post=147042"},{"taxonomy":"stakeholder","embeddable":true,"href":"https:\/\/www.humboldtforum.org\/de\/wp-json\/wp\/v2\/stakeholder?post=147042"},{"taxonomy":"editorial","embeddable":true,"href":"https:\/\/www.humboldtforum.org\/de\/wp-json\/wp\/v2\/editorial?post=147042"},{"taxonomy":"editorialfilter","embeddable":true,"href":"https:\/\/www.humboldtforum.org\/de\/wp-json\/wp\/v2\/editorialfilter?post=147042"},{"taxonomy":"targetgroup","embeddable":true,"href":"https:\/\/www.humboldtforum.org\/de\/wp-json\/wp\/v2\/targetgroup?post=147042"},{"taxonomy":"language","embeddable":true,"href":"https:\/\/www.humboldtforum.org\/de\/wp-json\/wp\/v2\/language?post=147042"},{"taxonomy":"accessability","embeddable":true,"href":"https:\/\/www.humboldtforum.org\/de\/wp-json\/wp\/v2\/accessability?post=147042"},{"taxonomy":"age","embeddable":true,"href":"https:\/\/www.humboldtforum.org\/de\/wp-json\/wp\/v2\/age?post=147042"},{"taxonomy":"school","embeddable":true,"href":"https:\/\/www.humboldtforum.org\/de\/wp-json\/wp\/v2\/school?post=147042"},{"taxonomy":"groupsize","embeddable":true,"href":"https:\/\/www.humboldtforum.org\/de\/wp-json\/wp\/v2\/groupsize?post=147042"},{"taxonomy":"place","embeddable":true,"href":"https:\/\/www.humboldtforum.org\/de\/wp-json\/wp\/v2\/place?post=147042"}],"curies":[{"name":"wp","href":"https:\/\/api.w.org\/{rel}","templated":true}]}}