{"id":150775,"date":"2025-08-26T17:23:31","date_gmt":"2025-08-26T15:23:31","guid":{"rendered":"https:\/\/www.humboldtforum.org\/?post_type=event&#038;p=150775"},"modified":"2025-10-06T10:56:00","modified_gmt":"2025-10-06T08:56:00","slug":"angebote-ab-5-jahren-in-den-werkraeumen","status":"publish","type":"event","link":"https:\/\/www.humboldtforum.org\/de\/programm\/termin\/festival\/angebote-ab-5-jahren-in-den-werkraeumen-150775\/","title":{"rendered":"Angebote ab 5 Jahren in den Werkr\u00e4umen"},"content":{"rendered":"<section class=\"block block-copy\" >\n    <div class=\"container-fluid\">\n\t\t<div class=\"row \">\n            <div class=\"col-xs-12 col-md-offset-2 col-md-8\">\n                <div class=\"box\">\n                    <div class=\"copy\"><p>Trete mit Dash-Robotern im Fu\u00dfball-Familienturnier an, unternehme einen Familienausflug mit dem Sphero Indi, werde Teil der internationalen Open Roberta Familie, und bloxel dir deine eigene Familie im Game-Design.\u00a0In den Werkr\u00e4umen im 1. OG des Humboldt Forums laden viele verschiedene Mitmach-Stationen dazu ein, spielerisch erste Erfahrungen im Programmieren zu sammeln und kindgerechte digitale Tools und Roboter auszuprobieren. F\u00fcr Kinder ab 2 Jahren gibt es Krabbelgang, Rutsche und Riesenbausteine zu entdecken.<\/p>\n<\/div>\n                <\/div>\n            <\/div>\n\t\t<\/div>\n\t\t    <\/div>\n<\/section>\n\n<section class=\"block block-headline block-no-margin \" >\n\t<div class=\"container-fluid\">\n\t\t<div class=\"row\">\n\t\t\t\t\t\t\t<div class=\"col-xs-12 col-md-offset-2 col-md-8\">\n\t\t\t\t\t<div class=\"box\">\n\t\t\t\t\t\t<h2 class=\".h4\">Programm\u00fcbersicht<\/h2>\n\t\t\t\t\t<\/div>\n\t\t\t\t<\/div>\n\t\t\t\t\t<\/div>\n\t<\/div>\n<\/section>\n\n\n\n\n<section class=\"block block-copy\" >\n    <div class=\"container-fluid\">\n\t\t<div class=\"row \">\n            <div class=\"col-xs-12 col-md-offset-2 col-md-8\">\n                <div class=\"box\">\n                    <div class=\"copy\"><ul>\n<li><strong>@Home\u00a0<\/strong>&#8211; Gestalte das ideale Zuhause f\u00fcr dich und deine Familie als virtuelle Welt (Stiftung Humboldt Forum im\u00a0<span class=\"w-term-highlight\">Berliner Schloss<\/span>)<\/li>\n<li><strong>Gemeinsam in der Wiederholungsschleife<\/strong>\u00a0&#8211; Programmieren, hochladen, testen und wieder von vorne\u00a0(Stadtbibliothek Treptow-K\u00f6penick\/ Coderdojo Sch\u00f6neweide)<\/li>\n<li><strong>Ohne Havarie durch die Galaxie<\/strong>\u00a0&#8211; Steuere kleine Roboter sicher durchs All!\u00a0(Stadtbibliothek Charlottenburg-Wilmersdorf)<\/li>\n<li><strong>Der Familienzug rollt ins Abenteuer<\/strong>\u00a0&#8211; Navigiere smarte Z\u00fcge durch eine Stadt voller Farben!\u00a0(Stadtbibliothek Reinickendorf)<\/li>\n<li><strong>Kleine Fahrroboter ganz gro\u00df\u00a0<\/strong>&#8211; Triff die Roboter-Familie und lass die Reifen quietschen!\u00a0(Stadtbibliothek Tempelhof-Sch\u00f6neberg)<\/li>\n<li><strong>Bloxel dir eine Familie<\/strong>\u00a0&#8211; Lege Stein f\u00fcr Stein eine neue Figur f\u00fcr dein Familienspiel!\u00a0(Stadtbibliothek\u00a0Mitte\/ Landesverband Kinder- und Jugendfilm Berlin e.V.)<\/li>\n<li><strong>Der Mitmach-Cup 2025<\/strong>\u00a0&#8211; Zeige deine Ballkontrolle beim gro\u00dfen Roboter-Fu\u00dfballturnier f\u00fcr die ganze Familie!\u00a0(Stadtbibliothek Lichtenberg)<\/li>\n<li><strong>Mit Geschick durchs Verkehrschaos<\/strong>\u00a0&#8211; F\u00fchre den Roboter sicher durch die Stra\u00dfen Berlins und bring ihn zum Freudentanz!\u00a0(Stadtbibliothek Steglitz-Zehlendorf)<\/li>\n<li><strong>Code-Kids\u00a0<\/strong>&#8211; Entdecke Calliope und Ozobot (Stadtbibliothek Pankow)<\/li>\n<li><strong>Sphero Warrior &#8211;\u00a0<\/strong>Gestalte und bezwinge deinen Roboter-Parcour!\n<p>(Stadtbibliothek Friedrichshain-Kreuzberg)<\/li>\n<li><strong>Pixelwappen\u00a0<\/strong>&#8211; Programmiere dein eigenes Pixelsymbol\u00a0(Deutsches Technikmuseum Kids Digilab)<\/li>\n<li><strong>Pok\u00e9mon Family\u00a0<\/strong>&#8211; Hilf dem Roboter, die verlorenen Pok\u00e9mons zu finden\u00a0(Train the Future)<\/li>\n<\/ul>\n<\/div>\n                <\/div>\n            <\/div>\n\t\t<\/div>\n\t\t    <\/div>\n<\/section>\n\n<section class=\"block block-copy\" >\n    <div class=\"container-fluid\">\n\t\t<div class=\"row \">\n            <div class=\"col-xs-12 col-md-offset-2 col-md-8\">\n                <div class=\"box\">\n                    <div class=\"copy\"><p><em>Bitte buchen Sie pro Person (auch f\u00fcr Kleinkinder) ein kostenfreies Ticket f\u00fcr das gew\u00fcnschte Zeitfenster und kommen Sie p\u00fcnktlich zum Veranstaltungsort. 15 Minuten nach Beginn des gebuchten Zeitslots kann der Einlass nicht mehr garantiert werden. Kinder bis 12 Jahre haben grunds\u00e4tzlich nur in Begleitung Erwachsener Zutritt.\u00a0<\/em><\/p>\n<\/div>\n                <\/div>\n            <\/div>\n\t\t<\/div>\n\t\t    <\/div>\n<\/section>\n\n<section class=\"block block-teaser col-1 has-bg\" style=\"--teaser-bg:#f2f2f2\">\n\t<lazy-component :fixed-min-height=\"400\">\n\t\n\t\t\t\t\t<div class=\"container-fluid\">\n\t\t\t\t<div class=\"row bottom-xs\">\n\t\t\t\t\t<div class=\"col-xs-12 col-sm-10 col-md-8 col-sm-offset-1 col-md-offset-2\">\n\t\t\t\t\t\t<h4>geh\u00f6rt zu<\/h4>\t\t\t\t\t\t\t\t\t\t\t\t\t\t\t\t\t\t\t<\/div>\n\t\t\t\t\t<div class=\"col-xs-12 col-sm-10 col-md-8 col-sm-offset-1 col-md-offset-2 start-xs end-md margin-bottom-sixth\">\n\t\t\t\t\t\t\t\t\t\t\t<\/div>\n\t\t\t\t<\/div>\n\t\t\t\t<ul class=\"row\">\n\t\t\t\n<li class=\"col-xs-12 teaser-wrapper col-padding-remove\">\n\t<calendarteaser key=\"15077111785\" rawitem='{&quot;postId&quot;:150771,&quot;title&quot;:&quot;Join the Digital Family!&quot;,&quot;excerpt&quot;:&quot;&quot;,&quot;slug&quot;:&quot;join-the-digital-family&quot;,&quot;post_date&quot;:&quot;2025-08-26T17:20&quot;,&quot;type&quot;:&quot;event&quot;,&quot;permalink&quot;:&quot;https:\\\/\\\/www.humboldtforum.org\\\/de\\\/programm\\\/termin\\\/festival\\\/join-the-digital-family-150771\\\/&quot;,&quot;genre&quot;:[845],&quot;genre_details&quot;:[{&quot;text&quot;:&quot;Festival&quot;,&quot;id&quot;:845,&quot;icon&quot;:null,&quot;parent&quot;:0}],&quot;stakeholder&quot;:[382],&quot;stakeholder_details&quot;:[{&quot;text&quot;:&quot;Stiftung Humboldt Forum im Berliner Schloss&quot;,&quot;id&quot;:382,&quot;icon&quot;:null,&quot;parent&quot;:0}],&quot;targetgroup&quot;:[383,455,454],&quot;targetgroup_details&quot;:[{&quot;text&quot;:&quot;Erwachsene&quot;,&quot;id&quot;:383,&quot;icon&quot;:null,&quot;parent&quot;:0},{&quot;text&quot;:&quot;Jugendliche&quot;,&quot;id&quot;:455,&quot;icon&quot;:null,&quot;parent&quot;:0},{&quot;text&quot;:&quot;Kinder und Familien&quot;,&quot;id&quot;:454,&quot;icon&quot;:null,&quot;parent&quot;:0}],&quot;language&quot;:[384,385],&quot;language_details&quot;:[{&quot;text&quot;:&quot;Deutsch&quot;,&quot;id&quot;:384,&quot;icon&quot;:null,&quot;parent&quot;:0},{&quot;text&quot;:&quot;Englisch&quot;,&quot;id&quot;:385,&quot;icon&quot;:null,&quot;parent&quot;:0}],&quot;accessability&quot;:[430],&quot;accessability_details&quot;:[{&quot;text&quot;:&quot;Rollstuhlgerecht&quot;,&quot;id&quot;:430,&quot;icon&quot;:null,&quot;parent&quot;:0}],&quot;age&quot;:[1753],&quot;age_details&quot;:[{&quot;text&quot;:&quot;ab 5 Jahre&quot;,&quot;id&quot;:1753,&quot;icon&quot;:null,&quot;parent&quot;:0}],&quot;place&quot;:[1558,883,1880,978,1034],&quot;place_details&quot;:{&quot;place&quot;:&quot;Mechanische Arena im Foyer&quot;,&quot;map&quot;:&quot;Humboldt Forum, Schlossplatz, Berlin&quot;,&quot;room&quot;:&quot;Saal 2, EG, Treppenhalle, 1. OG, Werkr\\u00e4ume, 1. OG&quot;},&quot;icon_overwrite&quot;:&quot;&quot;,&quot;acf&quot;:{&quot;noindex&quot;:false,&quot;keywords&quot;:&quot;&quot;,&quot;hashtag&quot;:&quot;HumboldtForum&quot;,&quot;belongsto&quot;:[148458],&quot;shorturl&quot;:&quot;codeweek&quot;,&quot;times&quot;:[],&quot;planning&quot;:{&quot;price&quot;:&quot;kostenfrei mit Zeitslot-Tickets&quot;,&quot;admission&quot;:&quot;&quot;,&quot;pause&quot;:&quot;&quot;,&quot;duration&quot;:&quot;&quot;},&quot;subline&quot;:&quot;Mitmach-Festival zur Code Week&quot;,&quot;additional_info&quot;:{&quot;icon&quot;:&quot;0&quot;,&quot;text&quot;:&quot;&quot;},&quot;highlight_header&quot;:true,&quot;featured_images&quot;:[150772],&quot;use_video_in_teasers&quot;:false,&quot;hyphenation&quot;:true,&quot;tipp&quot;:false,&quot;joker&quot;:false,&quot;live&quot;:false,&quot;hide_event_in_program&quot;:false,&quot;gomus_id&quot;:&quot;&quot;,&quot;events&quot;:[150775,150777],&quot;hm_id&quot;:&quot;&quot;,&quot;tickettext&quot;:&quot;Bitte buchen Sie pro Person ein Ticket (auch f\\u00fcr Kleinkinder und erwachsene Begleitpersonen)&quot;,&quot;has_mobile_format&quot;:true,&quot;highlight_header_image&quot;:153589,&quot;highlight_header_image_mobile&quot;:153587},&quot;date&quot;:{&quot;NX&quot;:null,&quot;NXX&quot;:null,&quot;NLAST&quot;:&quot;202510180700&quot;,&quot;from_DATE&quot;:&quot;20251018 11:00&quot;,&quot;from&quot;:1760770800,&quot;to&quot;:1760770800,&quot;to_DATE&quot;:&quot;20251018 11:00&quot;,&quot;from_HRFSHORT&quot;:&quot;18. Okt 2025&quot;,&quot;from_HRFSHORT_WD&quot;:&quot;Sa 18.10.2025&quot;,&quot;to_HRFSHORT&quot;:&quot;18. Okt 2025&quot;,&quot;to_HRFSHORT_WD&quot;:&quot;Sa 18.10.2025&quot;,&quot;from_HRF&quot;:&quot;Sa, 18. Oktober 2025&quot;,&quot;to_HRF&quot;:&quot;Sa, 18. Oktober 2025&quot;,&quot;from_to_HRF&quot;:&quot;Sa, 18. Oktober \\u2013 Sa, 18. Oktober 2025&quot;,&quot;from_to_HRFSHORT&quot;:&quot;18. Okt \\u2013 18. Okt 2025&quot;},&quot;alert&quot;:&quot;Highlight&quot;,&quot;partof&quot;:[],&quot;marketing_topic&quot;:{&quot;title&quot;:&quot;Beziehungsweise Familie&quot;,&quot;ID&quot;:148458,&quot;reason&quot;:&quot;belongsto&quot;}}' inline-template>\n\t<a href=\"https:\/\/www.humboldtforum.org\/de\/programm\/termin\/festival\/join-the-digital-family-150771\/\" class=\"teaser teaser-event teaser-event-standard\">\n\t\t<div class=\"row\">\n\t\t\t<div class=\"col-xs-12 col-sm-6 col-md-5 col-sm-offset-1 col-md-offset-2 first-sm teaser-event-text Infos\">\n\t\t\t\t<div class=\"teaser-event-standard-text\">\n\t\t\t\t\t<div class=\"margin-bottom-atom\">\n\t\t\t\t\t\t<div class=\"subline clamp-1\" v-html=\"maingenre\"><\/div>\n\t\t\t\t\t\t\t\t\t\t\t\t\t<div class=\"insignificant clamp-2\">Beziehungsweise Familie<\/div>\n\t\t\t\t\t\t\t\t\t\t\t<\/div>\n\t\t\t\t\n\t\t\t\t\t<strong class=\"margin-bottom-atom h5\">Join the Digital Family!<\/strong>\n\n\t\t\t\t\t\t\t\t\t\t\t<div class=\"\">Mitmach-Festival zur Code Week<\/div>\n\t\t\t\t\t\t\t\t\t<\/div>\n\t\t\t\t<div class=\"teaser-bottom border-bottom\">\n\t\t\t\t<calendardateline :rawitem='item' :show-icon=\"true\"><\/calendardateline>\n\t\t\t\t\t<hr>\n\t\t\t\t<\/div>\n\t\t\t<\/div>\n\t\t\t<div class=\"col-xs-12 col-sm-4 col-md-3 teaser-event-image bottom-xs first-xs\">\n\t\t\t\t<div class=\"teaser-image teaser-image-no-alternate\">\n\t\t\t\t\t\t\t\t\t\t\t\t\t<span class=\"alert\">Highlight<\/span>\n\t\t\t\t\t\t\t\t\t\t\t\n\t<lazy-media-inline inline-template>\n\t\t<figure itemscope itemtype=\"http:\/\/schema.org\/ImageObject\" class=\"lazy-media-inline \" role=\"group\" id=\"media_69eeb59eb2b2f\" aria-labelledby=\"desc_media_69eeb59eb2b2f\">\n\t\t\t<script type=\"application\/json\" ref=\"data\">\n\t\t\t\t{\n\t\t\t\t\"sizes\" : {\"medium\":{\"file\":\"Codeweek-2025-Webteaser-hoch-1780x3040px-176x300.jpg\",\"width\":176,\"height\":300,\"mime-type\":\"image\\\/jpeg\",\"filesize\":8465},\"large\":{\"file\":\"Codeweek-2025-Webteaser-hoch-1780x3040px-600x1024.jpg\",\"width\":600,\"height\":1024,\"mime-type\":\"image\\\/jpeg\",\"filesize\":53478},\"thumbnail\":{\"file\":\"Codeweek-2025-Webteaser-hoch-1780x3040px-150x150.jpg\",\"width\":150,\"height\":150,\"mime-type\":\"image\\\/jpeg\",\"filesize\":6294},\"medium_large\":{\"file\":\"Codeweek-2025-Webteaser-hoch-1780x3040px-768x1312.jpg\",\"width\":768,\"height\":1312,\"mime-type\":\"image\\\/jpeg\",\"filesize\":76149},\"small\":{\"file\":\"Codeweek-2025-Webteaser-hoch-1780x3040px-258x440.jpg\",\"width\":258,\"height\":440,\"mime-type\":\"image\\\/jpeg\",\"filesize\":15563},\"semi\":{\"file\":\"Codeweek-2025-Webteaser-hoch-1780x3040px-340x580.jpg\",\"width\":340,\"height\":580,\"mime-type\":\"image\\\/jpeg\",\"filesize\":23446},\"mobile\":{\"file\":\"Codeweek-2025-Webteaser-hoch-1780x3040px-422x720.jpg\",\"width\":422,\"height\":720,\"mime-type\":\"image\\\/jpeg\",\"filesize\":32162},\"hd\":{\"file\":\"Codeweek-2025-Webteaser-hoch-1780x3040px-749x1280.jpg\",\"width\":749,\"height\":1280,\"mime-type\":\"image\\\/jpeg\",\"filesize\":73254},\"full\":{\"file\":\"Codeweek-2025-Webteaser-hoch-1780x3040px-1124x1920.jpg\",\"width\":1124,\"height\":1920,\"mime-type\":\"image\\\/jpeg\",\"filesize\":129550},\"1536x1536\":{\"file\":\"Codeweek-2025-Webteaser-hoch-1780x3040px-899x1536.jpg\",\"width\":899,\"height\":1536,\"mime-type\":\"image\\\/jpeg\",\"filesize\":95227},\"2048x2048\":{\"file\":\"Codeweek-2025-Webteaser-hoch-1780x3040px-1199x2048.jpg\",\"width\":1199,\"height\":2048,\"mime-type\":\"image\\\/jpeg\",\"filesize\":140136},\"original\":{\"file\":\"Codeweek-2025-Webteaser-hoch-1780x3040px.jpg\",\"width\":1780,\"height\":3040}},\n\t\t\t\t\"alt\" : \"Buntes Design mit dem Text \\\"KOMM MACHEN\\\" und einem Oktopus, umgeben von Symbolen auf gr\\u00fcnem Hintergrund.\",\n\t\t\t\t\"path\" : \"\\\/wp-content\\\/uploads\\\/2025\\\/10\\\/\",\n\t\t\t\t\"video\" : null,\n\t\t\t\t\"autoplay\" : null,\n\t\t\t\t\"youtube\" : null,\n\t\t\t\t\"youtubelabel\" : \"Video abspielen\",\n\t\t\t\t\"brightness\" : 100,\n\t\t\t\t\"crop\" : null,\n\t\t\t\t\"background\" : true,\n\t\t\t\t\"scale\" : 1\t\t\t\t}\n\t\t\t<\/script>\n\n\t\t\t<div class=\"height-container\" style=\"padding-bottom:170.78651685393%;\" v-if=\"sizes\">\n\t\t\t\t\t\t\t\t<lazy-media :inline=\"true\" :alt=\"alt\" :sizes=\"sizes\" :scale=\"scale\" :brightness=\"brightness\" :path=\"path\" :video=\"video\" :autoplay=\"autoplay\" :youtube=\"youtube\" :crop=\"crop\" :youtubelabel=\"youtubelabel\" :background=\"background\" media-id=\"desc_media_69eeb59eb2b2f\"><\/lazy-media>\n\t\t\t\t\t\t\t<\/div>\n\n\t\t\t\t\t\t\t<figcaption class=\"sr-only\" ref=\"body\" id=\"desc_media_69eeb59eb2b2f\">\n\t\t\t\t\t\t\t\t\t\t\t<div>Codeweek 2025<\/div>\n\t\t\t\t\t\t\t\t\t\t\t\t\t\t\t\t\t\t\t\t\t<div class=\"insignificant\">\u00a9 Codeweek Germany<\/div>\n\t\t\t\t\t\t\t\t\t<\/figcaption>\n\t\t\t\t\t<\/figure>\n\t<\/lazy-media-inline>\n\t\t\t\t<\/div>\n\t\t\t<\/div>\n\t\t<\/div>\n\t<\/a>\n\t<\/calendarteaser>\n<\/li>\n\n\t\t\t\t<\/ul>\n\t\t\t<\/div>\n\t\t\t\t<\/lazy-component>\n<\/section>\n\n\n\n<section class=\"block block-CTA block-CTA-long leftgradient\">\n\t<div class=\"container-fluid\">\n\t\t<div class=\"row center-xs\">\n\t\t\t<div class=\"col-xs-12\">\n\t\t\t\t<div class=\"box\">\n\t\t\t\t\t<a href=\"https:\/\/www.humboldtforum.org\/de\/newsletter-2\/\" aria-label=\"Bleiben Sie auf dem Laufenden!\" class=\"teaser teaser-cta-wide \">\n\t\t\t\t\t\t<div class=\"teaser-image\">\n\t\t\t\t\t\t\t\n\t<lazy-media-inline inline-template>\n\t\t<figure itemscope itemtype=\"http:\/\/schema.org\/ImageObject\" class=\"lazy-media-inline \" role=\"group\" id=\"media_69eeb59eb45de\" aria-labelledby=\"desc_media_69eeb59eb45de\">\n\t\t\t<script type=\"application\/json\" ref=\"data\">\n\t\t\t\t{\n\t\t\t\t\"sizes\" : {\"medium\":{\"file\":\"HF_eb00061823-scaled-300x200.jpg\",\"width\":300,\"height\":200,\"mime-type\":\"image\\\/jpeg\",\"filesize\":19186},\"large\":{\"file\":\"HF_eb00061823-scaled-1024x683.jpg\",\"width\":1024,\"height\":683,\"mime-type\":\"image\\\/jpeg\",\"filesize\":138597},\"thumbnail\":{\"file\":\"HF_eb00061823-scaled-150x150.jpg\",\"width\":150,\"height\":150,\"mime-type\":\"image\\\/jpeg\",\"filesize\":8513},\"medium_large\":{\"file\":\"HF_eb00061823-scaled-768x512.jpg\",\"width\":768,\"height\":512,\"mime-type\":\"image\\\/jpeg\",\"filesize\":86200},\"small\":{\"file\":\"HF_eb00061823-scaled-440x293.jpg\",\"width\":440,\"height\":293,\"mime-type\":\"image\\\/jpeg\",\"filesize\":35525},\"semi\":{\"file\":\"HF_eb00061823-scaled-580x387.jpg\",\"width\":580,\"height\":387,\"mime-type\":\"image\\\/jpeg\",\"filesize\":55724},\"mobile\":{\"file\":\"HF_eb00061823-scaled-720x480.jpg\",\"width\":720,\"height\":480,\"mime-type\":\"image\\\/jpeg\",\"filesize\":77971},\"hd\":{\"file\":\"HF_eb00061823-scaled-1280x854.jpg\",\"width\":1280,\"height\":854,\"mime-type\":\"image\\\/jpeg\",\"filesize\":202477},\"full\":{\"file\":\"HF_eb00061823-scaled-1920x1280.jpg\",\"width\":1920,\"height\":1280,\"mime-type\":\"image\\\/jpeg\",\"filesize\":386736},\"1536x1536\":{\"file\":\"HF_eb00061823-scaled-1536x1024.jpg\",\"width\":1536,\"height\":1024,\"mime-type\":\"image\\\/jpeg\",\"filesize\":266197},\"2048x2048\":{\"file\":\"HF_eb00061823-scaled-2048x1366.jpg\",\"width\":2048,\"height\":1366,\"mime-type\":\"image\\\/jpeg\",\"filesize\":430206},\"original\":{\"file\":\"HF_eb00061823-scaled.jpg\",\"width\":2560,\"height\":1707}},\n\t\t\t\t\"alt\" : \"Blick in das beleuchtete Foyer von der Galerie im ersten Stock mit Besuchenden, Infopoint und Medienturm\",\n\t\t\t\t\"path\" : \"\\\/wp-content\\\/uploads\\\/2020\\\/04\\\/\",\n\t\t\t\t\"video\" : null,\n\t\t\t\t\"autoplay\" : null,\n\t\t\t\t\"youtube\" : null,\n\t\t\t\t\"youtubelabel\" : \"Video abspielen\",\n\t\t\t\t\"brightness\" : \"70\",\n\t\t\t\t\"crop\" : {\"top\":\"90.37\",\"left\":\"39.93\"},\n\t\t\t\t\"background\" : true,\n\t\t\t\t\"scale\" : 2\t\t\t\t}\n\t\t\t<\/script>\n\n\t\t\t<div class=\"height-container\" style=\"padding-bottom:66.6796875%;\" v-if=\"sizes\">\n\t\t\t\t\t\t\t\t<lazy-media :inline=\"true\" :alt=\"alt\" :sizes=\"sizes\" :scale=\"scale\" :brightness=\"brightness\" :path=\"path\" :video=\"video\" :autoplay=\"autoplay\" :youtube=\"youtube\" :crop=\"crop\" :youtubelabel=\"youtubelabel\" :background=\"background\" media-id=\"desc_media_69eeb59eb45de\"><\/lazy-media>\n\t\t\t\t\t\t\t<\/div>\n\n\t\t\t\t\t\t\t<figcaption class=\"sr-only\" ref=\"body\" id=\"desc_media_69eeb59eb45de\">\n\t\t\t\t\t\t\t\t\t\t\t<div>Blick in das Foyer, November 2019.<\/div>\n\t\t\t\t\t\t\t\t\t\t\t\t\t\t\t\t\t\t\t\t\t<div class=\"insignificant\">\u00a9 Stiftung Humboldt Forum im Berliner Schloss \/ David von Becker<\/div>\n\t\t\t\t\t\t\t\t\t<\/figcaption>\n\t\t\t\t\t<\/figure>\n\t<\/lazy-media-inline>\n\t\t\t\t\t\t<\/div>\n\t\t\t\t\t\t<div class=\"teaser-content \">\n\t\t\t\t\t\t\t<div>\n\t\t\t\t\t\t\t\t\t\t\t\t\t\t\t\t<div class=\"teaser-header\"><span class=\"h3\">Bleiben Sie auf dem Laufenden!<\/span><\/div>\n\t\t\t\t\t\t\t\t<div class=\"teaser-subline\"><span class=\"font-decoration\">Abonnieren Sie unseren Newsletter.<\/span><\/div>\t\t\t\t\t\t\t\t<button tabindex=\"-1\" class=\"border\">Hier klicken<\/button>\n\t\t\t\t\t\t\t<\/div>\n\t\t\t\t\t\t<\/div>\n\t\t\t\t\t<\/a>\n\t\t\t\t<\/div>\n\t\t\t<\/div>\n\t\t<\/div>\n\t<\/div>\n<\/section>\n","protected":false},"template":"","genre":[845],"digital":[],"topic":[],"stakeholder":[],"editorial":[],"editorialfilter":[],"targetgroup":[455,454],"language":[384,385],"accessability":[430],"age":[1753],"school":[],"groupsize":[],"place":[1034],"class_list":["post-150775","event","type-event","status-publish","hentry","genre-festival","targetgroup-jugendliche","targetgroup-kinder-und-familien","language-deutsch","language-englisch","accessability-rollstuhlgerecht","age-ab-5-jahre","place-werkraeume"],"acf":[],"_links":{"self":[{"href":"https:\/\/www.humboldtforum.org\/de\/wp-json\/wp\/v2\/event\/150775","targetHints":{"allow":["GET"]}}],"collection":[{"href":"https:\/\/www.humboldtforum.org\/de\/wp-json\/wp\/v2\/event"}],"about":[{"href":"https:\/\/www.humboldtforum.org\/de\/wp-json\/wp\/v2\/types\/event"}],"version-history":[{"count":3,"href":"https:\/\/www.humboldtforum.org\/de\/wp-json\/wp\/v2\/event\/150775\/revisions"}],"predecessor-version":[{"id":150823,"href":"https:\/\/www.humboldtforum.org\/de\/wp-json\/wp\/v2\/event\/150775\/revisions\/150823"}],"wp:attachment":[{"href":"https:\/\/www.humboldtforum.org\/de\/wp-json\/wp\/v2\/media?parent=150775"}],"wp:term":[{"taxonomy":"genre","embeddable":true,"href":"https:\/\/www.humboldtforum.org\/de\/wp-json\/wp\/v2\/genre?post=150775"},{"taxonomy":"digital","embeddable":true,"href":"https:\/\/www.humboldtforum.org\/de\/wp-json\/wp\/v2\/digital?post=150775"},{"taxonomy":"topic","embeddable":true,"href":"https:\/\/www.humboldtforum.org\/de\/wp-json\/wp\/v2\/topic?post=150775"},{"taxonomy":"stakeholder","embeddable":true,"href":"https:\/\/www.humboldtforum.org\/de\/wp-json\/wp\/v2\/stakeholder?post=150775"},{"taxonomy":"editorial","embeddable":true,"href":"https:\/\/www.humboldtforum.org\/de\/wp-json\/wp\/v2\/editorial?post=150775"},{"taxonomy":"editorialfilter","embeddable":true,"href":"https:\/\/www.humboldtforum.org\/de\/wp-json\/wp\/v2\/editorialfilter?post=150775"},{"taxonomy":"targetgroup","embeddable":true,"href":"https:\/\/www.humboldtforum.org\/de\/wp-json\/wp\/v2\/targetgroup?post=150775"},{"taxonomy":"language","embeddable":true,"href":"https:\/\/www.humboldtforum.org\/de\/wp-json\/wp\/v2\/language?post=150775"},{"taxonomy":"accessability","embeddable":true,"href":"https:\/\/www.humboldtforum.org\/de\/wp-json\/wp\/v2\/accessability?post=150775"},{"taxonomy":"age","embeddable":true,"href":"https:\/\/www.humboldtforum.org\/de\/wp-json\/wp\/v2\/age?post=150775"},{"taxonomy":"school","embeddable":true,"href":"https:\/\/www.humboldtforum.org\/de\/wp-json\/wp\/v2\/school?post=150775"},{"taxonomy":"groupsize","embeddable":true,"href":"https:\/\/www.humboldtforum.org\/de\/wp-json\/wp\/v2\/groupsize?post=150775"},{"taxonomy":"place","embeddable":true,"href":"https:\/\/www.humboldtforum.org\/de\/wp-json\/wp\/v2\/place?post=150775"}],"curies":[{"name":"wp","href":"https:\/\/api.w.org\/{rel}","templated":true}]}}