{"id":151697,"date":"2025-09-16T13:40:13","date_gmt":"2025-09-16T11:40:13","guid":{"rendered":"https:\/\/www.humboldtforum.org\/?post_type=event&#038;p=151697"},"modified":"2025-09-16T13:51:02","modified_gmt":"2025-09-16T11:51:02","slug":"tag-der-restaurierung","status":"publish","type":"event","link":"https:\/\/www.humboldtforum.org\/de\/programm\/termin\/fuehrung\/tag-der-restaurierung-151697\/","title":{"rendered":"Tag der Restaurierung"},"content":{"rendered":"<section class=\"block block-copy\" >\n    <div class=\"container-fluid\">\n\t\t<div class=\"row \">\n            <div class=\"col-xs-12 col-md-offset-2 col-md-8\">\n                <div class=\"box\">\n                    <div class=\"copy\"><p id=\"ChecklisteKommunikationTagderRestaurierung19.10.2025-RestaurierungimDialog:Restaurierungisteinfaszinierendes,aberoftverborgenesBerufsfeldimMuseum.Waswirdwieerhaltenundwerentscheidetdar\u00fcber?DieAusstellungimHumboldtForumbeleuchtetdieverschiedenenAspektedies.1\">Restaurierung im Dialog: Restaurierung ist ein faszinierendes, aber oft verborgenes Berufsfeld im Museum. Was wird wie erhalten und wer entscheidet dar\u00fcber? Die Ausstellung im Humboldt Forum beleuchtet die verschiedenen\u00a0<span class=\"w-term-highlight\">Aspekte<\/span>\u00a0dieser bedeutenden Arbeit.\u00a0Vorgestellt werden zwei\u00a0<span class=\"w-term-highlight\">Wappenpf\u00e4hle<\/span>\u00a0von der Nordwestk\u00fcste Kanadas, ein kunstvolles Lackschr\u00e4nkchen aus der Qing-Dynastie, ein mongolischer Schrein aus dem 20. Jahrhundert und eine Zeremonialpfeife der Omaha (Umo\u207fho\u207f) aus Nebraska.\u00a0Diese f\u00fcnf Exponate und eine Brosch\u00fcre mit vertiefenden Informationen er\u00f6ffnen spannende Einblicke in Fragen und Methoden der Restaurierung.<\/p>\n<p id=\"ChecklisteKommunikationTagderRestaurierung19.10.2025-AmAktionstaggebendieKuratorInnenderAusstellungvertiefteEinblickeindieThemenundbietenF\u00fchrungenindieRestaurierungswerkst\u00e4ttenan..1\"><strong>Am Aktionstag geben die KuratorInnen der Ausstellung vertiefte Einblicke in die Themen und bieten F\u00fchrungen in die Restaurierungswerkst\u00e4tten an.\u00a0<\/strong><\/p>\n<p>13 Uhr: \u201e<span class=\"NormalTextRun SCXW240026395 BCX0\">Die Ausstellung eines mongolischen Reliquienschreins in Berlin und was f\u00fcr mongolische Partner*innen dabei wichtig ist\u201c<\/span>\u00a0(max. 12 Teilnehmer*innen) (Birgit Kantzenbach)<\/p>\n<p>14 Uhr: \u201eWarum wurde erg\u00e4nzt\u201c und \u201eWie kamen sie ins Humboldt\u00a0 Forum\u201c \u2013 die\u00a0<span class=\"w-term-highlight\">Wappenpf\u00e4hle<\/span>\u00a0der Haida und Tsimshian\u00a0<span class=\"w-term-highlight\">First Nation<\/span>. Anschlie\u00dfend Besuch der Restaurierungswerkst\u00e4tten (max. 12 Teilnehmer*innen) (Mira Dallige-Smith, Sebastian Kolberg)<\/p>\n<p>15 Uhr: \u201eWas ist \u00fcberhaupt m\u00f6glich?\u201c \u2013 Ein Kabinettschr\u00e4nkchen in Koromandellacktechnik. Anschlie\u00dfend Besuch der Restaurierungswerkst\u00e4tten (max. 12 Teilnehmer*innen). (Ulrike Stelzer)<\/p>\n<p>16 Uhr: \u201eWie darf sie gesehen werden?\u201c \u2013 eine Zeremonialpfeife der Omaha, anschlie\u00dfend Besuch der Restaurierungswerkst\u00e4tten (max. 12 Teilnehmer*innen). (Mira Dallige-Smith, Sebastian Kolberg, Elisabeth Seyerl-Langkamp)<\/p>\n<\/div>\n                <\/div>\n            <\/div>\n\t\t<\/div>\n\t\t    <\/div>\n<\/section>\n\n<section class=\"block block-headline block-no-margin \" >\n\t<div class=\"container-fluid\">\n\t\t<div class=\"row\">\n\t\t\t\t\t\t\t<div class=\"col-xs-12 col-md-offset-2 col-md-8\">\n\t\t\t\t\t<div class=\"box\">\n\t\t\t\t\t\t<h2 class=\".h4\">Beteiligte<\/h2>\n\t\t\t\t\t<\/div>\n\t\t\t\t<\/div>\n\t\t\t\t\t<\/div>\n\t<\/div>\n<\/section>\n\n\n\n\n<section class=\"block block-copy\" >\n    <div class=\"container-fluid\">\n\t\t<div class=\"row \">\n            <div class=\"col-xs-12 col-md-offset-2 col-md-8\">\n                <div class=\"box\">\n                    <div class=\"copy\"><p>Ein Teil des Kuratorischen Teams der Ausstellung &#8222;Restaurierung im Dialog&#8220;, aus SMB und SHF:<\/p>\n<p>Birgit Kantzenbach, Ulrike Stelzer, Mira Dallige-Smith, Sebastian Kolberg, Elisabeth Seyerl-Langkamp<\/p>\n<\/div>\n                <\/div>\n            <\/div>\n\t\t<\/div>\n\t\t    <\/div>\n<\/section>\n\n<section class=\"block block-teaser col-1 has-bg\" style=\"--teaser-bg:#f2f2f2\">\n\t<lazy-component :fixed-min-height=\"400\">\n\t\n\t\t\t\t\t<div class=\"container-fluid\">\n\t\t\t\t<div class=\"row bottom-xs\">\n\t\t\t\t\t<div class=\"col-xs-12 col-sm-10 col-md-8 col-sm-offset-1 col-md-offset-2\">\n\t\t\t\t\t\t<h4>geh\u00f6rt zu<\/h4>\t\t\t\t\t\t\t\t\t\t\t\t\t\t\t\t\t\t\t<\/div>\n\t\t\t\t\t<div class=\"col-xs-12 col-sm-10 col-md-8 col-sm-offset-1 col-md-offset-2 start-xs end-md margin-bottom-sixth\">\n\t\t\t\t\t\t\t\t\t\t\t<\/div>\n\t\t\t\t<\/div>\n\t\t\t\t<ul class=\"row\">\n\t\t\t\n<li class=\"col-xs-12 teaser-wrapper col-padding-remove\">\n\t<calendarteaser key=\"1444183514\" rawitem='{&quot;postId&quot;:144418,&quot;title&quot;:&quot;Restaurierung im Dialog&quot;,&quot;excerpt&quot;:&quot;&quot;,&quot;slug&quot;:&quot;restaurierung-im-dialog&quot;,&quot;post_date&quot;:&quot;2025-03-21T13:31&quot;,&quot;type&quot;:&quot;event-period&quot;,&quot;permalink&quot;:&quot;https:\\\/\\\/www.humboldtforum.org\\\/de\\\/programm\\\/laufzeitangebot\\\/ausstellung\\\/restaurierung-im-dialog-144418\\\/&quot;,&quot;genre&quot;:[391],&quot;genre_details&quot;:[{&quot;text&quot;:&quot;Ausstellung&quot;,&quot;id&quot;:391,&quot;icon&quot;:null,&quot;parent&quot;:0}],&quot;stakeholder&quot;:[382],&quot;stakeholder_details&quot;:[{&quot;text&quot;:&quot;Stiftung Humboldt Forum im Berliner Schloss&quot;,&quot;id&quot;:382,&quot;icon&quot;:null,&quot;parent&quot;:0}],&quot;targetgroup&quot;:[383,1080,455,454],&quot;targetgroup_details&quot;:[{&quot;text&quot;:&quot;Erwachsene&quot;,&quot;id&quot;:383,&quot;icon&quot;:null,&quot;parent&quot;:0},{&quot;text&quot;:&quot;Gruppen&quot;,&quot;id&quot;:1080,&quot;icon&quot;:null,&quot;parent&quot;:0},{&quot;text&quot;:&quot;Jugendliche&quot;,&quot;id&quot;:455,&quot;icon&quot;:null,&quot;parent&quot;:0},{&quot;text&quot;:&quot;Kinder und Familien&quot;,&quot;id&quot;:454,&quot;icon&quot;:null,&quot;parent&quot;:0}],&quot;language&quot;:[384,385],&quot;language_details&quot;:[{&quot;text&quot;:&quot;Deutsch&quot;,&quot;id&quot;:384,&quot;icon&quot;:null,&quot;parent&quot;:0},{&quot;text&quot;:&quot;Englisch&quot;,&quot;id&quot;:385,&quot;icon&quot;:null,&quot;parent&quot;:0}],&quot;place&quot;:[1682],&quot;place_details&quot;:{&quot;place&quot;:&quot;Museum f\\u00fcr Asiatische Kunst, 3. OG&quot;,&quot;map&quot;:&quot;Humboldt Forum, Schlossplatz, Berlin&quot;,&quot;room&quot;:&quot;&quot;},&quot;icon_overwrite&quot;:&quot;&quot;,&quot;acf&quot;:{&quot;noindex&quot;:false,&quot;keywords&quot;:&quot;&quot;,&quot;shorturl&quot;:&quot;restaurierung&quot;,&quot;planning&quot;:{&quot;price&quot;:&quot;&quot;,&quot;status&quot;:&quot;BUY&quot;,&quot;info&quot;:&quot;Ausstellungsticket erforderlich&quot;,&quot;shop&quot;:&quot;https:\\\/\\\/tickets.humboldtforum.org\\\/#\\\/tickets\\\/time?museum_id=1&amp;exhibition_id=17&amp;group=day&amp;date=2025-10-03&quot;,&quot;can_purchase&quot;:true},&quot;use_opening_hours_of_the_house&quot;:false,&quot;periods&quot;:[{&quot;label&quot;:&quot;&quot;,&quot;dates&quot;:[{&quot;start&quot;:&quot;202505240000&quot;,&quot;end&quot;:&quot;202703080000&quot;,&quot;has_end&quot;:true,&quot;start_HRFSHORT&quot;:&quot;24.05.25&quot;,&quot;start_HRFSHORT_WD&quot;:&quot;Sa 24.05.2025&quot;,&quot;end_HRFSHORT&quot;:&quot;08.03.27&quot;}],&quot;monday&quot;:[{&quot;start&quot;:&quot;10:30&quot;,&quot;end&quot;:&quot;18:30&quot;,&quot;closed&quot;:false}],&quot;tuesday&quot;:[{&quot;start&quot;:null,&quot;end&quot;:null,&quot;closed&quot;:true}],&quot;wednesday&quot;:[{&quot;start&quot;:&quot;10:30&quot;,&quot;end&quot;:&quot;18:30&quot;,&quot;closed&quot;:false}],&quot;thursday&quot;:[{&quot;start&quot;:&quot;10:30&quot;,&quot;end&quot;:&quot;18:30&quot;,&quot;closed&quot;:false}],&quot;friday&quot;:[{&quot;start&quot;:&quot;10:30&quot;,&quot;end&quot;:&quot;18:30&quot;,&quot;closed&quot;:false}],&quot;saturday&quot;:[{&quot;start&quot;:&quot;10:30&quot;,&quot;end&quot;:&quot;18:30&quot;,&quot;closed&quot;:false}],&quot;sunday&quot;:[{&quot;start&quot;:&quot;10:30&quot;,&quot;end&quot;:&quot;18:30&quot;,&quot;closed&quot;:false}],&quot;info&quot;:&quot;&quot;,&quot;description&quot;:&quot;&quot;}],&quot;display_as_single&quot;:false,&quot;additional_info&quot;:{&quot;icon&quot;:&quot;0&quot;,&quot;text&quot;:&quot;&quot;},&quot;highlight_header&quot;:true,&quot;use_video_in_teasers&quot;:false,&quot;hyphenation&quot;:true,&quot;tipp&quot;:false,&quot;joker&quot;:false,&quot;live&quot;:false,&quot;hide_event_in_program&quot;:false,&quot;highlight_header_image&quot;:144527,&quot;has_mobile_format&quot;:true,&quot;highlight_header_image_mobile&quot;:145702,&quot;events&quot;:[151697],&quot;infotext&quot;:&quot;Wartungsarbeiten: Von Mo., 27.4.bis einschlie\\u00dflich Do., 30.4.2026 werden die Ausstellungsfl\\u00e4chen im 3. OG geschlossen sein.&quot;,&quot;period_exception&quot;:[]},&quot;period_list&quot;:&quot;&lt;strong&gt;\\u00d6ffnungszeiten&lt;\\\/strong&gt;\\nMo, Mi, Do, Fr, Sa, So: 10:30 \\u2013 18:30 Uhr\\nDi: geschlossen\\n\\n&quot;,&quot;period_exception&quot;:&quot;&quot;,&quot;date&quot;:{&quot;infinite&quot;:false,&quot;from_DATE&quot;:202505240000,&quot;from&quot;:1748082600,&quot;from_TIME&quot;:&quot;10:30&quot;,&quot;to&quot;:1804530600,&quot;to_DATE&quot;:202703080000,&quot;to_TIME&quot;:&quot;18:30&quot;,&quot;from_HRFSHORT&quot;:&quot;24. Mai 2025&quot;,&quot;from_HRFSHORT_WD&quot;:&quot;Sa 24.05.2025&quot;,&quot;from_HRF&quot;:&quot;Sa, 24. Mai 2025&quot;,&quot;to_HRF&quot;:&quot;Mo,  8. M\\u00e4rz 2027&quot;,&quot;to_HRFSHORT&quot;:&quot; 8. M\\u00e4r 2027&quot;,&quot;to_HRFSHORT_WD&quot;:&quot;Mo 08.03.2027&quot;,&quot;from_to_HRF&quot;:&quot;Sa, 24. Mai 2025 \\u2013 Mo,  8. M\\u00e4rz 2027&quot;,&quot;from_to_HRFSHORT&quot;:&quot;24. Mai 2025 \\u2013  8. M\\u00e4r 2027&quot;,&quot;NXX&quot;:&quot;202604300605&quot;,&quot;NLAST&quot;:&quot;202703081830&quot;,&quot;NX&quot;:&quot;20260430&quot;},&quot;alert&quot;:&quot;Highlight&quot;,&quot;partof&quot;:[],&quot;marketing_topic&quot;:&quot;&quot;}' inline-template>\n\t<a href=\"https:\/\/www.humboldtforum.org\/de\/programm\/laufzeitangebot\/ausstellung\/restaurierung-im-dialog-144418\/\" class=\"teaser teaser-event-period teaser-event-standard\">\n\t\t<div class=\"row\">\n\t\t\t<div class=\"col-xs-12 col-sm-6 col-md-5 col-sm-offset-1 col-md-offset-2 first-sm teaser-event-text Infos\">\n\t\t\t\t<div class=\"teaser-event-standard-text\">\n\t\t\t\t\t<div class=\"margin-bottom-atom\">\n\t\t\t\t\t\t<div class=\"subline clamp-1\" v-html=\"maingenre\"><\/div>\n\t\t\t\t\t\t\t\t\t\t\t<\/div>\n\t\t\t\t\n\t\t\t\t\t<strong class=\"margin-bottom-atom h5\">Restaurierung im Dialog<\/strong>\n\n\t\t\t\t\t\t\t\t\t<\/div>\n\t\t\t\t<div class=\"teaser-bottom border-bottom\">\n\t\t\t\t<calendardateline :rawitem='item' :show-icon=\"true\"><\/calendardateline>\n\t\t\t\t\t<hr>\n\t\t\t\t<\/div>\n\t\t\t<\/div>\n\t\t\t<div class=\"col-xs-12 col-sm-4 col-md-3 teaser-event-image bottom-xs first-xs\">\n\t\t\t\t<div class=\"teaser-image teaser-image-no-alternate\">\n\t\t\t\t\t\t\t\t\t\t\t\t\t<span class=\"alert\">Highlight<\/span>\n\t\t\t\t\t\t\t\t\t\t\t\n\t<lazy-media-inline inline-template>\n\t\t<figure itemscope itemtype=\"http:\/\/schema.org\/ImageObject\" class=\"lazy-media-inline \" role=\"group\" id=\"media_69f2f1112b167\" aria-labelledby=\"desc_media_69f2f1112b167\">\n\t\t\t<script type=\"application\/json\" ref=\"data\">\n\t\t\t\t{\n\t\t\t\t\"sizes\" : {\"medium\":{\"file\":\"SHF_eb00246037-1-176x300.jpg\",\"width\":176,\"height\":300,\"mime-type\":\"image\\\/jpeg\",\"filesize\":6758},\"large\":{\"file\":\"SHF_eb00246037-1-600x1024.jpg\",\"width\":600,\"height\":1024,\"mime-type\":\"image\\\/jpeg\",\"filesize\":58341},\"thumbnail\":{\"file\":\"SHF_eb00246037-1-150x150.jpg\",\"width\":150,\"height\":150,\"mime-type\":\"image\\\/jpeg\",\"filesize\":4240},\"medium_large\":{\"file\":\"SHF_eb00246037-1-768x1311.jpg\",\"width\":768,\"height\":1311,\"mime-type\":\"image\\\/jpeg\",\"filesize\":92989},\"small\":{\"file\":\"SHF_eb00246037-1-258x440.jpg\",\"width\":258,\"height\":440,\"mime-type\":\"image\\\/jpeg\",\"filesize\":12967},\"semi\":{\"file\":\"SHF_eb00246037-1-340x580.jpg\",\"width\":340,\"height\":580,\"mime-type\":\"image\\\/jpeg\",\"filesize\":20964},\"mobile\":{\"file\":\"SHF_eb00246037-1-422x720.jpg\",\"width\":422,\"height\":720,\"mime-type\":\"image\\\/jpeg\",\"filesize\":30615},\"hd\":{\"file\":\"SHF_eb00246037-1-750x1280.jpg\",\"width\":750,\"height\":1280,\"mime-type\":\"image\\\/jpeg\",\"filesize\":89857},\"full\":{\"file\":\"SHF_eb00246037-1-1125x1920.jpg\",\"width\":1125,\"height\":1920,\"mime-type\":\"image\\\/jpeg\",\"filesize\":192929},\"1536x1536\":{\"file\":\"SHF_eb00246037-1-900x1536.jpg\",\"width\":900,\"height\":1536,\"mime-type\":\"image\\\/jpeg\",\"filesize\":126710},\"2048x2048\":{\"file\":\"SHF_eb00246037-1-1200x2048.jpg\",\"width\":1200,\"height\":2048,\"mime-type\":\"image\\\/jpeg\",\"filesize\":216209},\"original\":{\"file\":\"SHF_eb00246037-1.jpg\",\"width\":1500,\"height\":2561}},\n\t\t\t\t\"alt\" : \"Sitzende, stilisierte Buddha-Statue in Gelb auf gr\\u00fcnem Hintergrund.\",\n\t\t\t\t\"path\" : \"\\\/wp-content\\\/uploads\\\/2025\\\/03\\\/\",\n\t\t\t\t\"video\" : null,\n\t\t\t\t\"autoplay\" : null,\n\t\t\t\t\"youtube\" : null,\n\t\t\t\t\"youtubelabel\" : \"Video abspielen\",\n\t\t\t\t\"brightness\" : 100,\n\t\t\t\t\"crop\" : null,\n\t\t\t\t\"background\" : true,\n\t\t\t\t\"scale\" : 1\t\t\t\t}\n\t\t\t<\/script>\n\n\t\t\t<div class=\"height-container\" style=\"padding-bottom:170.73333333333%;\" v-if=\"sizes\">\n\t\t\t\t\t\t\t\t<lazy-media :inline=\"true\" :alt=\"alt\" :sizes=\"sizes\" :scale=\"scale\" :brightness=\"brightness\" :path=\"path\" :video=\"video\" :autoplay=\"autoplay\" :youtube=\"youtube\" :crop=\"crop\" :youtubelabel=\"youtubelabel\" :background=\"background\" media-id=\"desc_media_69f2f1112b167\"><\/lazy-media>\n\t\t\t\t\t\t\t<\/div>\n\n\t\t\t\t\t\t\t<figcaption class=\"sr-only\" ref=\"body\" id=\"desc_media_69f2f1112b167\">\n\t\t\t\t\t\t\t\t\t\t\t\t\t\t\t\t<div>R&ouml;ntgenaufnahme der zentralen Figur des Lamas im Gungervaa (mongolischer Holzschrein) <\/div>\n\t\t\t\t\t\t\t\t\t\t\t\t\t\t\t\t<div class=\"insignificant\">\u00a9 Stiftung Humboldt Forum im Berliner Schloss \/ \u00a9 Staatliche Museen zu Berlin, Ethnologisches Museum, Foto: Christoph Schmidt \/ Gem\u00e4ldegalerie<\/div>\n\t\t\t\t\t\t\t\t\t<\/figcaption>\n\t\t\t\t\t<\/figure>\n\t<\/lazy-media-inline>\n\t\t\t\t<\/div>\n\t\t\t<\/div>\n\t\t<\/div>\n\t<\/a>\n\t<\/calendarteaser>\n<\/li>\n\n\t\t\t\t<\/ul>\n\t\t\t<\/div>\n\t\t\t\t<\/lazy-component>\n<\/section>\n\n\n\n<section class=\"block block-CTA block-CTA-long leftgradient\">\n\t<div class=\"container-fluid\">\n\t\t<div class=\"row center-xs\">\n\t\t\t<div class=\"col-xs-12\">\n\t\t\t\t<div class=\"box\">\n\t\t\t\t\t<a href=\"https:\/\/www.humboldtforum.org\/de\/programm\/dauerangebot\/ausstellung\/2022-ethnologisches-museum-und-museum-fuer-asiatische-kunst-46021\/\" aria-label=\"\" class=\"teaser teaser-cta-wide \">\n\t\t\t\t\t\t<div class=\"teaser-image\">\n\t\t\t\t\t\t\t\n\t<lazy-media-inline inline-template>\n\t\t<figure itemscope itemtype=\"http:\/\/schema.org\/ImageObject\" class=\"lazy-media-inline \" role=\"group\" id=\"media_69f2f11131856\" aria-labelledby=\"desc_media_69f2f11131856\">\n\t\t\t<script type=\"application\/json\" ref=\"data\">\n\t\t\t\t{\n\t\t\t\t\"sizes\" : {\"medium\":{\"file\":\"SHF_eb00158094_Key-Visual-SMB-300x157.jpg\",\"width\":300,\"height\":157,\"mime-type\":\"image\\\/jpeg\",\"filesize\":5666},\"large\":{\"file\":\"SHF_eb00158094_Key-Visual-SMB-1024x536.jpg\",\"width\":1024,\"height\":536,\"mime-type\":\"image\\\/jpeg\",\"filesize\":32341},\"thumbnail\":{\"file\":\"SHF_eb00158094_Key-Visual-SMB-150x150.jpg\",\"width\":150,\"height\":150,\"mime-type\":\"image\\\/jpeg\",\"filesize\":4994},\"medium_large\":{\"file\":\"SHF_eb00158094_Key-Visual-SMB-768x402.jpg\",\"width\":768,\"height\":402,\"mime-type\":\"image\\\/jpeg\",\"filesize\":20951},\"small\":{\"file\":\"SHF_eb00158094_Key-Visual-SMB-440x230.jpg\",\"width\":440,\"height\":230,\"mime-type\":\"image\\\/jpeg\",\"filesize\":9474},\"semi\":{\"file\":\"SHF_eb00158094_Key-Visual-SMB-580x304.jpg\",\"width\":580,\"height\":304,\"mime-type\":\"image\\\/jpeg\",\"filesize\":13901},\"mobile\":{\"file\":\"SHF_eb00158094_Key-Visual-SMB-720x377.jpg\",\"width\":720,\"height\":377,\"mime-type\":\"image\\\/jpeg\",\"filesize\":19038},\"original\":{\"file\":\"SHF_eb00158094_Key-Visual-SMB.jpg\",\"width\":1200,\"height\":628}},\n\t\t\t\t\"alt\" : \"Skulptur einer G\\u00f6ttin vor pinkem Hintergrund, umrahmt von einem wei\\u00dfen Rechteck.\",\n\t\t\t\t\"path\" : \"\\\/wp-content\\\/uploads\\\/2022\\\/12\\\/\",\n\t\t\t\t\"video\" : null,\n\t\t\t\t\"autoplay\" : null,\n\t\t\t\t\"youtube\" : null,\n\t\t\t\t\"youtubelabel\" : \"Video abspielen\",\n\t\t\t\t\"brightness\" : \"80\",\n\t\t\t\t\"crop\" : {\"top\":\"21.21\",\"left\":\"50.16\"},\n\t\t\t\t\"background\" : true,\n\t\t\t\t\"scale\" : 2\t\t\t\t}\n\t\t\t<\/script>\n\n\t\t\t<div class=\"height-container\" style=\"padding-bottom:52.333333333333%;\" v-if=\"sizes\">\n\t\t\t\t\t\t\t\t<lazy-media :inline=\"true\" :alt=\"alt\" :sizes=\"sizes\" :scale=\"scale\" :brightness=\"brightness\" :path=\"path\" :video=\"video\" :autoplay=\"autoplay\" :youtube=\"youtube\" :crop=\"crop\" :youtubelabel=\"youtubelabel\" :background=\"background\" media-id=\"desc_media_69f2f11131856\"><\/lazy-media>\n\t\t\t\t\t\t\t<\/div>\n\n\t\t\t\t\t\t\t<figcaption class=\"sr-only\" ref=\"body\" id=\"desc_media_69f2f11131856\">\n\t\t\t\t\t\t\t\t\t\t\t\t\t\t\t\t\t\t\t\t\t<div class=\"insignificant\">\u00a9 Stiftung Humboldt Forum im Berliner Schloss \/ Staatliche Museen zu Berlin, Museum f\u00fcr Asiatische Kunst und Ethnologisches Museum, Fotos: Claudia Obrocki; Martin Franken; Philipp Jester \/ Jens Blank<\/div>\n\t\t\t\t\t\t\t\t\t<\/figcaption>\n\t\t\t\t\t<\/figure>\n\t<\/lazy-media-inline>\n\t\t\t\t\t\t<\/div>\n\t\t\t\t\t\t<div class=\"teaser-content \">\n\t\t\t\t\t\t\t<div>\n\t\t\t\t\t\t\t\t<div class=\"teaser-overline subline\">Besuchen Sie die Sammlungen in der 2. und 3. Etage<\/div>\t\t\t\t\t\t\t\t<div class=\"teaser-header\"><span class=\"h3\"><\/span><\/div>\n\t\t\t\t\t\t\t\t\t\t\t\t\t\t\t\t<button tabindex=\"-1\" class=\"border\">Ethnologische Sammlungen und Asiatische Kunst<\/button>\n\t\t\t\t\t\t\t<\/div>\n\t\t\t\t\t\t<\/div>\n\t\t\t\t\t<\/a>\n\t\t\t\t<\/div>\n\t\t\t<\/div>\n\t\t<\/div>\n\t<\/div>\n<\/section>\n\n\n<section class=\"block block-CTA block-CTA-long leftgradient\">\n\t<div class=\"container-fluid\">\n\t\t<div class=\"row center-xs\">\n\t\t\t<div class=\"col-xs-12\">\n\t\t\t\t<div class=\"box\">\n\t\t\t\t\t<a href=\"https:\/\/www.humboldtforum.org\/de\/newsletter-2\/\" aria-label=\"Bleiben Sie auf dem Laufenden!\" class=\"teaser teaser-cta-wide \">\n\t\t\t\t\t\t<div class=\"teaser-image\">\n\t\t\t\t\t\t\t\n\t<lazy-media-inline inline-template>\n\t\t<figure itemscope itemtype=\"http:\/\/schema.org\/ImageObject\" class=\"lazy-media-inline \" role=\"group\" id=\"media_69f2f11132615\" aria-labelledby=\"desc_media_69f2f11132615\">\n\t\t\t<script type=\"application\/json\" ref=\"data\">\n\t\t\t\t{\n\t\t\t\t\"sizes\" : {\"medium\":{\"file\":\"HF_eb00061823-scaled-300x200.jpg\",\"width\":300,\"height\":200,\"mime-type\":\"image\\\/jpeg\",\"filesize\":19186},\"large\":{\"file\":\"HF_eb00061823-scaled-1024x683.jpg\",\"width\":1024,\"height\":683,\"mime-type\":\"image\\\/jpeg\",\"filesize\":138597},\"thumbnail\":{\"file\":\"HF_eb00061823-scaled-150x150.jpg\",\"width\":150,\"height\":150,\"mime-type\":\"image\\\/jpeg\",\"filesize\":8513},\"medium_large\":{\"file\":\"HF_eb00061823-scaled-768x512.jpg\",\"width\":768,\"height\":512,\"mime-type\":\"image\\\/jpeg\",\"filesize\":86200},\"small\":{\"file\":\"HF_eb00061823-scaled-440x293.jpg\",\"width\":440,\"height\":293,\"mime-type\":\"image\\\/jpeg\",\"filesize\":35525},\"semi\":{\"file\":\"HF_eb00061823-scaled-580x387.jpg\",\"width\":580,\"height\":387,\"mime-type\":\"image\\\/jpeg\",\"filesize\":55724},\"mobile\":{\"file\":\"HF_eb00061823-scaled-720x480.jpg\",\"width\":720,\"height\":480,\"mime-type\":\"image\\\/jpeg\",\"filesize\":77971},\"hd\":{\"file\":\"HF_eb00061823-scaled-1280x854.jpg\",\"width\":1280,\"height\":854,\"mime-type\":\"image\\\/jpeg\",\"filesize\":202477},\"full\":{\"file\":\"HF_eb00061823-scaled-1920x1280.jpg\",\"width\":1920,\"height\":1280,\"mime-type\":\"image\\\/jpeg\",\"filesize\":386736},\"1536x1536\":{\"file\":\"HF_eb00061823-scaled-1536x1024.jpg\",\"width\":1536,\"height\":1024,\"mime-type\":\"image\\\/jpeg\",\"filesize\":266197},\"2048x2048\":{\"file\":\"HF_eb00061823-scaled-2048x1366.jpg\",\"width\":2048,\"height\":1366,\"mime-type\":\"image\\\/jpeg\",\"filesize\":430206},\"original\":{\"file\":\"HF_eb00061823-scaled.jpg\",\"width\":2560,\"height\":1707}},\n\t\t\t\t\"alt\" : \"Blick in das beleuchtete Foyer von der Galerie im ersten Stock mit Besuchenden, Infopoint und Medienturm\",\n\t\t\t\t\"path\" : \"\\\/wp-content\\\/uploads\\\/2020\\\/04\\\/\",\n\t\t\t\t\"video\" : null,\n\t\t\t\t\"autoplay\" : null,\n\t\t\t\t\"youtube\" : null,\n\t\t\t\t\"youtubelabel\" : \"Video abspielen\",\n\t\t\t\t\"brightness\" : \"70\",\n\t\t\t\t\"crop\" : {\"top\":\"90.37\",\"left\":\"39.93\"},\n\t\t\t\t\"background\" : true,\n\t\t\t\t\"scale\" : 2\t\t\t\t}\n\t\t\t<\/script>\n\n\t\t\t<div class=\"height-container\" style=\"padding-bottom:66.6796875%;\" v-if=\"sizes\">\n\t\t\t\t\t\t\t\t<lazy-media :inline=\"true\" :alt=\"alt\" :sizes=\"sizes\" :scale=\"scale\" :brightness=\"brightness\" :path=\"path\" :video=\"video\" :autoplay=\"autoplay\" :youtube=\"youtube\" :crop=\"crop\" :youtubelabel=\"youtubelabel\" :background=\"background\" media-id=\"desc_media_69f2f11132615\"><\/lazy-media>\n\t\t\t\t\t\t\t<\/div>\n\n\t\t\t\t\t\t\t<figcaption class=\"sr-only\" ref=\"body\" id=\"desc_media_69f2f11132615\">\n\t\t\t\t\t\t\t\t\t\t\t<div>Blick in das Foyer, November 2019.<\/div>\n\t\t\t\t\t\t\t\t\t\t\t\t\t\t\t\t\t\t\t\t\t<div class=\"insignificant\">\u00a9 Stiftung Humboldt Forum im Berliner Schloss \/ David von Becker<\/div>\n\t\t\t\t\t\t\t\t\t<\/figcaption>\n\t\t\t\t\t<\/figure>\n\t<\/lazy-media-inline>\n\t\t\t\t\t\t<\/div>\n\t\t\t\t\t\t<div class=\"teaser-content \">\n\t\t\t\t\t\t\t<div>\n\t\t\t\t\t\t\t\t\t\t\t\t\t\t\t\t<div class=\"teaser-header\"><span class=\"h3\">Bleiben Sie auf dem Laufenden!<\/span><\/div>\n\t\t\t\t\t\t\t\t<div class=\"teaser-subline\"><span class=\"font-decoration\">Abonnieren Sie unseren Newsletter.<\/span><\/div>\t\t\t\t\t\t\t\t<button tabindex=\"-1\" class=\"border\">Hier klicken<\/button>\n\t\t\t\t\t\t\t<\/div>\n\t\t\t\t\t\t<\/div>\n\t\t\t\t\t<\/a>\n\t\t\t\t<\/div>\n\t\t\t<\/div>\n\t\t<\/div>\n\t<\/div>\n<\/section>\n","protected":false},"template":"","genre":[821],"digital":[],"topic":[],"stakeholder":[530,382],"editorial":[],"editorialfilter":[],"targetgroup":[],"language":[384,385],"accessability":[],"age":[1601],"school":[],"groupsize":[],"place":[],"class_list":["post-151697","event","type-event","status-publish","hentry","genre-fuehrung","stakeholder-staatliche-museen-zu-berlin","stakeholder-stiftung-humboldt-forum-im-berliner-schloss","language-deutsch","language-englisch","age-ab-12-jahre"],"acf":[],"_links":{"self":[{"href":"https:\/\/www.humboldtforum.org\/de\/wp-json\/wp\/v2\/event\/151697","targetHints":{"allow":["GET"]}}],"collection":[{"href":"https:\/\/www.humboldtforum.org\/de\/wp-json\/wp\/v2\/event"}],"about":[{"href":"https:\/\/www.humboldtforum.org\/de\/wp-json\/wp\/v2\/types\/event"}],"version-history":[{"count":1,"href":"https:\/\/www.humboldtforum.org\/de\/wp-json\/wp\/v2\/event\/151697\/revisions"}],"predecessor-version":[{"id":151700,"href":"https:\/\/www.humboldtforum.org\/de\/wp-json\/wp\/v2\/event\/151697\/revisions\/151700"}],"wp:attachment":[{"href":"https:\/\/www.humboldtforum.org\/de\/wp-json\/wp\/v2\/media?parent=151697"}],"wp:term":[{"taxonomy":"genre","embeddable":true,"href":"https:\/\/www.humboldtforum.org\/de\/wp-json\/wp\/v2\/genre?post=151697"},{"taxonomy":"digital","embeddable":true,"href":"https:\/\/www.humboldtforum.org\/de\/wp-json\/wp\/v2\/digital?post=151697"},{"taxonomy":"topic","embeddable":true,"href":"https:\/\/www.humboldtforum.org\/de\/wp-json\/wp\/v2\/topic?post=151697"},{"taxonomy":"stakeholder","embeddable":true,"href":"https:\/\/www.humboldtforum.org\/de\/wp-json\/wp\/v2\/stakeholder?post=151697"},{"taxonomy":"editorial","embeddable":true,"href":"https:\/\/www.humboldtforum.org\/de\/wp-json\/wp\/v2\/editorial?post=151697"},{"taxonomy":"editorialfilter","embeddable":true,"href":"https:\/\/www.humboldtforum.org\/de\/wp-json\/wp\/v2\/editorialfilter?post=151697"},{"taxonomy":"targetgroup","embeddable":true,"href":"https:\/\/www.humboldtforum.org\/de\/wp-json\/wp\/v2\/targetgroup?post=151697"},{"taxonomy":"language","embeddable":true,"href":"https:\/\/www.humboldtforum.org\/de\/wp-json\/wp\/v2\/language?post=151697"},{"taxonomy":"accessability","embeddable":true,"href":"https:\/\/www.humboldtforum.org\/de\/wp-json\/wp\/v2\/accessability?post=151697"},{"taxonomy":"age","embeddable":true,"href":"https:\/\/www.humboldtforum.org\/de\/wp-json\/wp\/v2\/age?post=151697"},{"taxonomy":"school","embeddable":true,"href":"https:\/\/www.humboldtforum.org\/de\/wp-json\/wp\/v2\/school?post=151697"},{"taxonomy":"groupsize","embeddable":true,"href":"https:\/\/www.humboldtforum.org\/de\/wp-json\/wp\/v2\/groupsize?post=151697"},{"taxonomy":"place","embeddable":true,"href":"https:\/\/www.humboldtforum.org\/de\/wp-json\/wp\/v2\/place?post=151697"}],"curies":[{"name":"wp","href":"https:\/\/api.w.org\/{rel}","templated":true}]}}