{"id":152541,"date":"2025-09-29T12:59:09","date_gmt":"2025-09-29T10:59:09","guid":{"rendered":"https:\/\/www.humboldtforum.org\/?post_type=event&#038;p=152541"},"modified":"2025-10-06T12:02:05","modified_gmt":"2025-10-06T10:02:05","slug":"logoskop-sechsunddreissig","status":"publish","type":"event","link":"https:\/\/www.humboldtforum.org\/de\/programm\/termin\/literatur\/logoskop-sechsunddreissig-152541\/","title":{"rendered":"#Logoskop sechsunddrei\u00dfig"},"content":{"rendered":"<section class=\"block block-copy\" >\n    <div class=\"container-fluid\">\n\t\t<div class=\"row \">\n            <div class=\"col-xs-12 col-md-offset-2 col-md-8\">\n                <div class=\"box\">\n                    <div class=\"copy\"><p class=\"p1\">Mit der Er\u00f6ffnung der Ausstellung\u00a0<em>On Water \u2013 WasserWissen in Berlin<\/em>\u00a0im Oktober geht endlich auch das Logoskop weiter: In neuem Setting erkunden wieder jeden Monat Poet*innen die Wissenschaftsausstellung im Humboldt Labor.<\/p>\n<p class=\"p1\">Diesmal dabei: Die Slampoet*innen Ruth Fuentes und Bas B\u00f6ttcher.\u00a0Gemeinsam werden sie die Ausstellung &#8222;On Water&#8220;\u00a0mit live vorgetragenen Texten kommentieren. Die Besucher*innen sind auch in der neuen Ausstellung eingeladen, sie auf ihrem wortgewandten Rundgang zu begleiten.<\/p>\n<p class=\"p1\"><em>Kuratiert von Bas B\u00f6ttcher<\/em><\/p>\n<\/div>\n                <\/div>\n            <\/div>\n\t\t<\/div>\n\t\t    <\/div>\n<\/section>\n\n\n<section class=\"block block-accordion\">\n\t<div class=\"container-fluid\">\n\t\t<div class=\"row\">\n\t\t\t<div class=\"col-xs-12 col-md-offset-2 col-md-8\">\n\t\t\t\t<div class=\"box\">\n\t\t\t\t\t\t\t\t\t\t\t<block-accordion inline-template>\n\t\t\t\t\t\t\t<div class=\"accordion\">\n\t\t\t\t\t\t\t\t\t\t\t\t\t\t\t<block-accordion-item inline-template item-headline=\"Ruth Fuentes\">\n\t\t\t\t\t\t\t\t<div ref=\"item\" data-id=\"RuthFuentes\" class=\"block-accordion-item vue-initialize\" aria-expanded=\"false\" :aria-expanded=\"active ? 'true' : 'false'\">\n\t\t\t\t\t\t\t\t\t<button class=\"accordion-button-with-icon block-accordion-item-head\" :class=\"{'button-active': active}\" ref=\"head\" aria-controls=\"acc_69edd66a1ebdd\" id=\"acc_title_69edd66a1ebe1\" @click=\"toggle\" @keydown=\"key\">\n\t\t\t\t\t\t\t\t\t<div><span class=\"button-label\">Ruth Fuentes<\/span><\/div><span class=\"button-icon icon-plus\" aria-hidden=\"true\"><\/span>\n\t\t\t\t\t\t\t\t<\/button>\n\t\t\t\t\t\t\t\t\t<div ref=\"body\" class=\"block-accordion-item-content\" id=\"acc_69edd66a1ebdd\" role=\"region\">\n\t\t\t\t\t\t\t\t\t\t<div class=\"wrapper copy\">\n\t\t\t\t\t\t\t\t\t\t\t<p>Ruth Fuentes wurde 1995 in Kaiserslautern geboren. Bis Januar 2023 absolvierte sie ihr Volontariat bei der taz Panter Stiftung. Zuvor studierte sie Mathematik in Madrid und Heidelberg, wo sie bereits f\u00fcr Studierenden- und Regionalzeitungen schrieb und erste journalistische Erfahrungen sammelte. Seit 2022 verfasst sie im Wechsel mit Aron Boks die taz. FUTURZWEI-Kolumne \u201eStimme meiner Generation\u201c.<\/p>\n<p>Ihre Beitr\u00e4ge bewegen sich thematisch in einem weiten Feld \u2013 vom Nachtleben \u00fcber Skispringen bis hin zu Fragen rund um die Gesellschaft oder die Wasserstoffbombe. Neben ihrer T\u00e4tigkeit als Autorin und Journalistin tritt sie auch als Moderatorin in Erscheinung: So gestaltet sie Veranstaltungen f\u00fcr die taz Panter Stiftung und wirkte zudem beim taz lab 2023 mit. Damit verbindet sie publizistische Arbeit mit \u00f6ffentlicher Pr\u00e4senz und tr\u00e4gt auf unterschiedliche Weise zu aktuellen gesellschaftlichen Debatten bei.<\/p>\n\n\t\t\t\t\t\t\t\t\t\t\t\t\t\t\t\t\t\t\t\t\t\t\t\t\t\t\t\t\t\t\t\t\t\n\t\t\t\t\t\t\t\t\t\t\t<div class=\"row\">\n\t\t\t\t\t\t\t\t\t\t\t\t<div class=\"col-xs-9 col-md-9\">\n\t\t\t\t\t\t\t\t\t\t\t\t\t<div class=\"box\">\n\t\t\t\t\t\t\t\t\t\t\t\t\t\t\t\t\t\t\t\t\t\t\t\t\t\t\t<\/div>\n\t\t\t\t\t\t\t\t\t\t\t\t<\/div>\n\t\t\t\t\t\t\t\t\t\t\t<\/div>\n\n\t\t\t\t\t\t\t\t\t\t\t\t\t\t\t\t\t\t\t\t\t<\/div>\n\t\t\t\t\t\t\t\t\t<\/div>\n\t\t\t\t\t\t\t\t<\/div>\n\t\t\t\t\t\t\t\t<\/block-accordion-item>\n\t\t\t\t\t\t\t\t\t\t\t\t\t\t<block-accordion-item inline-template item-headline=\"Bas B\u00f6ttcher\">\n\t\t\t\t\t\t\t\t<div ref=\"item\" data-id=\"BasBttcher\" class=\"block-accordion-item vue-initialize\" aria-expanded=\"false\" :aria-expanded=\"active ? 'true' : 'false'\">\n\t\t\t\t\t\t\t\t\t<button class=\"accordion-button-with-icon block-accordion-item-head\" :class=\"{'button-active': active}\" ref=\"head\" aria-controls=\"acc_69edd66a1ef68\" id=\"acc_title_69edd66a1ef6b\" @click=\"toggle\" @keydown=\"key\">\n\t\t\t\t\t\t\t\t\t<div><span class=\"button-label\">Bas B\u00f6ttcher<\/span><\/div><span class=\"button-icon icon-plus\" aria-hidden=\"true\"><\/span>\n\t\t\t\t\t\t\t\t<\/button>\n\t\t\t\t\t\t\t\t\t<div ref=\"body\" class=\"block-accordion-item-content\" id=\"acc_69edd66a1ef68\" role=\"region\">\n\t\t\t\t\t\t\t\t\t\t<div class=\"wrapper copy\">\n\t\t\t\t\t\t\t\t\t\t\t<p>Bas B\u00f6ttcher z\u00e4hlt zu den Mitbegr\u00fcndern der deutschsprachigen Spoken-Word-Szene. Er studierte an der Bauhaus-Universit\u00e4t in Weimar und lebt seit 2000 in Berlin. Seine Texte gelten als exemplarisch f\u00fcr zeitgen\u00f6ssische B\u00fchnenlyrik. Sie erscheinen in Schulb\u00fcchern (Schroedel, Cornelsen, Klett) und wichtigen Sammlungen deutscher Dichtung (Der Neue Conrady, Lyrikstimmen u.a.).<\/p>\n<p>Im Verlag Voland &amp; Quist publizierte er au\u00dferdem die drei Gedichtb\u00e4nde Dies ist kein Konzert, Neonomade und Vor\u00fcbergehende Sch\u00f6nheit. Auftritte bestritt Bas B\u00f6ttcher u.a. im gro\u00dfen Saal der Elbphilharmonie und an der Biblioth\u00e8que Nationale de France (Paris) sowie auf den Buchmessen von Peking, Guadalajara, Moskau, S\u00e3o Paulo und Bangkok.<\/p>\n<p>Bas B\u00f6ttcher ist Erfinder und Programmierer verschiedener Medienformate f\u00fcr Lyrik. Er entwickelte den elektronischen Hypertext Looppool als neue Ausdrucksform im Internet. Er lehrte am Deutschen Literaturinstitut in Leipzig, am Deutschen Literaturarchiv Marbach, an der Kulturakademie Baden-W\u00fcrttemberg, an der Universit\u00e4t der K\u00fcnste in Berlin und an Goethe Instituten weltweit.<\/p>\n\n\t\t\t\t\t\t\t\t\t\t\t\t\t\t\t\t\t\t\t\t\t\t\t\t\t\t\t\t\t\t\t\t\t\n\t\t\t\t\t\t\t\t\t\t\t<div class=\"row\">\n\t\t\t\t\t\t\t\t\t\t\t\t<div class=\"col-xs-9 col-md-9\">\n\t\t\t\t\t\t\t\t\t\t\t\t\t<div class=\"box\">\n\t\t\t\t\t\t\t\t\t\t\t\t\t\t\t\t\t\t\t\t\t\t\t\t\t\t\t<\/div>\n\t\t\t\t\t\t\t\t\t\t\t\t<\/div>\n\t\t\t\t\t\t\t\t\t\t\t<\/div>\n\n\t\t\t\t\t\t\t\t\t\t\t\t\t\t\t\t\t\t\t\t\t<\/div>\n\t\t\t\t\t\t\t\t\t<\/div>\n\t\t\t\t\t\t\t\t<\/div>\n\t\t\t\t\t\t\t\t<\/block-accordion-item>\n\t\t\t\t\t\t\t\t\t\t\t\t\t<\/div>\n\t\t\t\t\t\t<\/block-accordion>\n\t\t\t\t\t\t\t\t\t<\/div>\n\t\t\t<\/div>\n\t\t<\/div>\n\t<\/div>\n<\/section>\n\n\n<section class=\"block block-teaser col-1 has-bg\" style=\"--teaser-bg:#f2f2f2\">\n\t<lazy-component :fixed-min-height=\"400\">\n\t\n\t\t\t\t\t<div class=\"container-fluid\">\n\t\t\t\t<div class=\"row bottom-xs\">\n\t\t\t\t\t<div class=\"col-xs-12 col-sm-10 col-md-8 col-sm-offset-1 col-md-offset-2\">\n\t\t\t\t\t\t<h4>geh\u00f6rt zu <\/h4>\t\t\t\t\t\t\t\t\t\t\t\t\t\t\t\t\t\t\t<\/div>\n\t\t\t\t\t<div class=\"col-xs-12 col-sm-10 col-md-8 col-sm-offset-1 col-md-offset-2 start-xs end-md margin-bottom-sixth\">\n\t\t\t\t\t\t\t\t\t\t\t<\/div>\n\t\t\t\t<\/div>\n\t\t\t\t<ul class=\"row\">\n\t\t\t\n<li class=\"col-xs-12 teaser-wrapper col-padding-remove\">\n\t<calendarteaser key=\"1228341625\" rawitem='{&quot;postId&quot;:122834,&quot;title&quot;:&quot;#Logoskop&quot;,&quot;excerpt&quot;:&quot;&quot;,&quot;slug&quot;:&quot;logoskop&quot;,&quot;type&quot;:&quot;event-sequence&quot;,&quot;post_date&quot;:&quot;2024-02-15T12:48&quot;,&quot;permalink&quot;:&quot;https:\\\/\\\/www.humboldtforum.org\\\/de\\\/programm\\\/event-reihe\\\/literatur\\\/logoskop-122834\\\/&quot;,&quot;genre&quot;:[423],&quot;genre_details&quot;:[{&quot;text&quot;:&quot;Literatur&quot;,&quot;id&quot;:423,&quot;icon&quot;:null,&quot;parent&quot;:0}],&quot;stakeholder&quot;:[409],&quot;stakeholder_details&quot;:[{&quot;text&quot;:&quot;Humboldt-Universit\\u00e4t zu Berlin&quot;,&quot;id&quot;:409,&quot;icon&quot;:null,&quot;parent&quot;:0}],&quot;age&quot;:[451],&quot;age_details&quot;:[{&quot;text&quot;:&quot;ab 14 Jahre&quot;,&quot;id&quot;:451,&quot;icon&quot;:null,&quot;parent&quot;:0}],&quot;groupsize&quot;:[1049],&quot;groupsize_details&quot;:[{&quot;text&quot;:&quot;max. 25 Personen&quot;,&quot;id&quot;:1049,&quot;icon&quot;:null,&quot;parent&quot;:0}],&quot;place&quot;:[413],&quot;place_details&quot;:{&quot;place&quot;:&quot;Humboldt Forum&quot;,&quot;map&quot;:&quot;Humboldt Forum, Schlossplatz, Berlin&quot;,&quot;room&quot;:&quot;Humboldt Labor, 1. OG&quot;},&quot;icon_overwrite&quot;:&quot;&quot;,&quot;acf&quot;:{&quot;noindex&quot;:false,&quot;keywords&quot;:&quot;&quot;,&quot;belongsto&quot;:[148667],&quot;shorturl&quot;:&quot;&quot;,&quot;subline&quot;:&quot;Dichtung und Wissenschaft im Humboldt Labor&quot;,&quot;additional_info&quot;:{&quot;icon&quot;:&quot;0&quot;,&quot;text&quot;:&quot;&quot;},&quot;highlight_header&quot;:false,&quot;use_video_in_teasers&quot;:false,&quot;hyphenation&quot;:true,&quot;manual_period&quot;:false,&quot;tipp&quot;:false,&quot;joker&quot;:false,&quot;live&quot;:false,&quot;hide_event_in_program&quot;:false,&quot;featured_images&quot;:[158158],&quot;tickettext&quot;:&quot;Kostenfrei, Ticket erforderlich&quot;,&quot;events&quot;:[120269,117862,109871,104864,97379,84992,78090,76831,75019,73727,55288,47639,49447,46766,44231,42748,42294,41393,38641,35170,34774,33351,36549,127906,129582,134454,137424,138804,140214,141546,142753,143518,145838,146845,148730,152541,154957,155805,157338,157706,159188,160708,160712],&quot;overwrite_date&quot;:&quot;Veranstaltungsreihe&quot;},&quot;date&quot;:{&quot;NLAST&quot;:&quot;202605201800&quot;,&quot;NX&quot;:&quot;20260520&quot;,&quot;NXX&quot;:&quot;202605201800&quot;,&quot;from_DATE&quot;:&quot;20211020 18:00&quot;,&quot;from&quot;:1634738400,&quot;to&quot;:1779285600,&quot;to_DATE&quot;:&quot;20260520 18:00&quot;,&quot;from_HRFSHORT&quot;:&quot;20. Okt 2021&quot;,&quot;from_HRFSHORT_WD&quot;:&quot;Mi 20.10.2021&quot;,&quot;to_HRFSHORT&quot;:&quot;20. Mai 2026&quot;,&quot;to_HRFSHORT_WD&quot;:&quot;Mi 20.05.2026&quot;,&quot;from_HRF&quot;:&quot;Mi, 20. Oktober 2021&quot;,&quot;to_HRF&quot;:&quot;Mi, 20. Mai 2026&quot;,&quot;from_to_HRF&quot;:&quot;Mi, 20. Oktober 2021 \\u2013 Mi, 20. Mai 2026&quot;,&quot;from_to_HRFSHORT&quot;:&quot;20. Okt 2021 \\u2013 20. Mai 2026&quot;},&quot;alert&quot;:null,&quot;partof&quot;:[],&quot;marketing_topic&quot;:&quot;&quot;}' inline-template>\n\t<a href=\"https:\/\/www.humboldtforum.org\/de\/programm\/event-reihe\/literatur\/logoskop-122834\/\" class=\"teaser teaser-event-sequence teaser-event-standard\">\n\t\t<div class=\"row\">\n\t\t\t<div class=\"col-xs-12 col-sm-6 col-md-5 col-sm-offset-1 col-md-offset-2 first-sm teaser-event-text Infos\">\n\t\t\t\t<div class=\"teaser-event-standard-text\">\n\t\t\t\t\t<div class=\"margin-bottom-atom\">\n\t\t\t\t\t\t<div class=\"subline clamp-1\" v-html=\"maingenre\"><\/div>\n\t\t\t\t\t\t\t\t\t\t\t<\/div>\n\t\t\t\t\n\t\t\t\t\t<strong class=\"margin-bottom-atom h5\">#Logoskop<\/strong>\n\n\t\t\t\t\t\t\t\t\t\t\t<div class=\"\">Dichtung und Wissenschaft im Humboldt Labor<\/div>\n\t\t\t\t\t\t\t\t\t<\/div>\n\t\t\t\t<div class=\"teaser-bottom border-bottom\">\n\t\t\t\t<calendardateline :rawitem='item' :show-icon=\"true\"><\/calendardateline>\n\t\t\t\t\t<hr>\n\t\t\t\t<\/div>\n\t\t\t<\/div>\n\t\t\t<div class=\"col-xs-12 col-sm-4 col-md-3 teaser-event-image bottom-xs first-xs\">\n\t\t\t\t<div class=\"teaser-image teaser-image-no-alternate\">\n\t\t\t\t\t\t\t\t\t\t\t\n\t<lazy-media-inline inline-template>\n\t\t<figure itemscope itemtype=\"http:\/\/schema.org\/ImageObject\" class=\"lazy-media-inline \" role=\"group\" id=\"media_69edd66b10c76\" aria-labelledby=\"desc_media_69edd66b10c76\">\n\t\t\t<script type=\"application\/json\" ref=\"data\">\n\t\t\t\t{\n\t\t\t\t\"sizes\" : {\"medium\":{\"file\":\"SHF_eb00258461-300x200.jpg\",\"width\":300,\"height\":200,\"mime-type\":\"image\\\/jpeg\",\"filesize\":8986},\"large\":{\"file\":\"SHF_eb00258461-1024x683.jpg\",\"width\":1024,\"height\":683,\"mime-type\":\"image\\\/jpeg\",\"filesize\":65601},\"thumbnail\":{\"file\":\"SHF_eb00258461-150x150.jpg\",\"width\":150,\"height\":150,\"mime-type\":\"image\\\/jpeg\",\"filesize\":5556},\"medium_large\":{\"file\":\"SHF_eb00258461-768x512.jpg\",\"width\":768,\"height\":512,\"mime-type\":\"image\\\/jpeg\",\"filesize\":38869},\"small\":{\"file\":\"SHF_eb00258461-440x293.jpg\",\"width\":440,\"height\":293,\"mime-type\":\"image\\\/jpeg\",\"filesize\":15795},\"semi\":{\"file\":\"SHF_eb00258461-580x387.jpg\",\"width\":580,\"height\":387,\"mime-type\":\"image\\\/jpeg\",\"filesize\":24761},\"mobile\":{\"file\":\"SHF_eb00258461-720x480.jpg\",\"width\":720,\"height\":480,\"mime-type\":\"image\\\/jpeg\",\"filesize\":34846},\"hd\":{\"file\":\"SHF_eb00258461-1280x853.jpg\",\"width\":1280,\"height\":853,\"mime-type\":\"image\\\/jpeg\",\"filesize\":100522},\"full\":{\"file\":\"SHF_eb00258461-1920x1280.jpg\",\"width\":1920,\"height\":1280,\"mime-type\":\"image\\\/jpeg\",\"filesize\":222852},\"xxl\":{\"file\":\"SHF_eb00258461-4048x2699.jpg\",\"width\":4048,\"height\":2699,\"mime-type\":\"image\\\/jpeg\",\"filesize\":1079893},\"1536x1536\":{\"file\":\"SHF_eb00258461-1536x1024.jpg\",\"width\":1536,\"height\":1024,\"mime-type\":\"image\\\/jpeg\",\"filesize\":142551},\"2048x2048\":{\"file\":\"SHF_eb00258461-2048x1365.jpg\",\"width\":2048,\"height\":1365,\"mime-type\":\"image\\\/jpeg\",\"filesize\":253879},\"original\":{\"file\":\"SHF_eb00258461.jpg\",\"width\":6000,\"height\":4000}},\n\t\t\t\t\"alt\" : \"Junger Mann spricht am Mikrofon mit Notizen vor einem textlastigen Wasser-Hintergrund.\",\n\t\t\t\t\"path\" : \"\\\/wp-content\\\/uploads\\\/2024\\\/02\\\/\",\n\t\t\t\t\"video\" : null,\n\t\t\t\t\"autoplay\" : null,\n\t\t\t\t\"youtube\" : null,\n\t\t\t\t\"youtubelabel\" : \"Video abspielen\",\n\t\t\t\t\"brightness\" : 100,\n\t\t\t\t\"crop\" : {\"top\":\"32.37\",\"left\":\"53.43\"},\n\t\t\t\t\"background\" : true,\n\t\t\t\t\"scale\" : 2\t\t\t\t}\n\t\t\t<\/script>\n\n\t\t\t<div class=\"height-container\" style=\"padding-bottom:66.666666666667%;\" v-if=\"sizes\">\n\t\t\t\t\t\t\t\t<lazy-media :inline=\"true\" :alt=\"alt\" :sizes=\"sizes\" :scale=\"scale\" :brightness=\"brightness\" :path=\"path\" :video=\"video\" :autoplay=\"autoplay\" :youtube=\"youtube\" :crop=\"crop\" :youtubelabel=\"youtubelabel\" :background=\"background\" media-id=\"desc_media_69edd66b10c76\"><\/lazy-media>\n\t\t\t\t\t\t\t<\/div>\n\n\t\t\t\t\t\t\t<figcaption class=\"sr-only\" ref=\"body\" id=\"desc_media_69edd66b10c76\">\n\t\t\t\t\t\t\t\t\t\t\t\t\t\t\t\t<div>Performance &quot;#Logoskop Special Teachers&#039; Night &#8211; Dichtung und Wissenschaft mit Clara Nielsen und Noah Klaus&quot; zur Teachers&#039; Night 2025 <\/div>\n\t\t\t\t\t\t\t\t\t\t\t\t\t\t\t\t<div class=\"insignificant\">\u00a9 Humboldt-Universit\u00e4t zu Berlin \/ Stiftung Humboldt Forum im Berliner Schloss, Foto: Frank Sperling<\/div>\n\t\t\t\t\t\t\t\t\t<\/figcaption>\n\t\t\t\t\t<\/figure>\n\t<\/lazy-media-inline>\n\t\t\t\t<\/div>\n\t\t\t<\/div>\n\t\t<\/div>\n\t<\/a>\n\t<\/calendarteaser>\n<\/li>\n\n\t\t\t\t<\/ul>\n\t\t\t<\/div>\n\t\t\t\t<\/lazy-component>\n<\/section>\n\n","protected":false},"template":"","genre":[423],"digital":[],"topic":[],"stakeholder":[],"editorial":[],"editorialfilter":[],"targetgroup":[],"language":[384],"accessability":[],"age":[451],"school":[],"groupsize":[],"place":[413],"class_list":["post-152541","event","type-event","status-publish","hentry","genre-literatur","language-deutsch","age-ab-14-jahre","place-humboldt-labor-1-og"],"acf":[],"_links":{"self":[{"href":"https:\/\/www.humboldtforum.org\/de\/wp-json\/wp\/v2\/event\/152541","targetHints":{"allow":["GET"]}}],"collection":[{"href":"https:\/\/www.humboldtforum.org\/de\/wp-json\/wp\/v2\/event"}],"about":[{"href":"https:\/\/www.humboldtforum.org\/de\/wp-json\/wp\/v2\/types\/event"}],"version-history":[{"count":9,"href":"https:\/\/www.humboldtforum.org\/de\/wp-json\/wp\/v2\/event\/152541\/revisions"}],"predecessor-version":[{"id":152552,"href":"https:\/\/www.humboldtforum.org\/de\/wp-json\/wp\/v2\/event\/152541\/revisions\/152552"}],"wp:attachment":[{"href":"https:\/\/www.humboldtforum.org\/de\/wp-json\/wp\/v2\/media?parent=152541"}],"wp:term":[{"taxonomy":"genre","embeddable":true,"href":"https:\/\/www.humboldtforum.org\/de\/wp-json\/wp\/v2\/genre?post=152541"},{"taxonomy":"digital","embeddable":true,"href":"https:\/\/www.humboldtforum.org\/de\/wp-json\/wp\/v2\/digital?post=152541"},{"taxonomy":"topic","embeddable":true,"href":"https:\/\/www.humboldtforum.org\/de\/wp-json\/wp\/v2\/topic?post=152541"},{"taxonomy":"stakeholder","embeddable":true,"href":"https:\/\/www.humboldtforum.org\/de\/wp-json\/wp\/v2\/stakeholder?post=152541"},{"taxonomy":"editorial","embeddable":true,"href":"https:\/\/www.humboldtforum.org\/de\/wp-json\/wp\/v2\/editorial?post=152541"},{"taxonomy":"editorialfilter","embeddable":true,"href":"https:\/\/www.humboldtforum.org\/de\/wp-json\/wp\/v2\/editorialfilter?post=152541"},{"taxonomy":"targetgroup","embeddable":true,"href":"https:\/\/www.humboldtforum.org\/de\/wp-json\/wp\/v2\/targetgroup?post=152541"},{"taxonomy":"language","embeddable":true,"href":"https:\/\/www.humboldtforum.org\/de\/wp-json\/wp\/v2\/language?post=152541"},{"taxonomy":"accessability","embeddable":true,"href":"https:\/\/www.humboldtforum.org\/de\/wp-json\/wp\/v2\/accessability?post=152541"},{"taxonomy":"age","embeddable":true,"href":"https:\/\/www.humboldtforum.org\/de\/wp-json\/wp\/v2\/age?post=152541"},{"taxonomy":"school","embeddable":true,"href":"https:\/\/www.humboldtforum.org\/de\/wp-json\/wp\/v2\/school?post=152541"},{"taxonomy":"groupsize","embeddable":true,"href":"https:\/\/www.humboldtforum.org\/de\/wp-json\/wp\/v2\/groupsize?post=152541"},{"taxonomy":"place","embeddable":true,"href":"https:\/\/www.humboldtforum.org\/de\/wp-json\/wp\/v2\/place?post=152541"}],"curies":[{"name":"wp","href":"https:\/\/api.w.org\/{rel}","templated":true}]}}