{"id":153776,"date":"2025-10-15T14:09:38","date_gmt":"2025-10-15T12:09:38","guid":{"rendered":"https:\/\/www.humboldtforum.org\/?post_type=event&#038;p=153776"},"modified":"2025-11-20T14:45:06","modified_gmt":"2025-11-20T13:45:06","slug":"bilderbuchlesung-fuer-kinder-und-familien-2","status":"publish","type":"event","link":"https:\/\/www.humboldtforum.org\/de\/programm\/termin\/lesung\/bilderbuchlesung-fuer-kinder-und-familien-2-153776\/","title":{"rendered":"Bilderbuchlesung f\u00fcr Kinder und Familien"},"content":{"rendered":"<section class=\"block block-copy\" >\n    <div class=\"container-fluid\">\n\t\t<div class=\"row \">\n            <div class=\"col-xs-12 col-md-offset-2 col-md-8\">\n                <div class=\"box\">\n                    <div class=\"copy\"><p>Eine magische Welt voller Glitzer, Fantasie und Freude entfaltet sich, wenn die Drag-Queens\u00a0Kaey\u00a0und\u00a0Vivienne Lovecraft\u00a0mit ihrer faszinierenden Erz\u00e4hlkunst verzaubern.<\/p>\n<p>Alle sind eingeladen, sich in der Lounge bei BERLIN GLOBAL in den gem\u00fctlichen Sitzkissen zu l\u00fcmmeln und den farbenfrohen Geschichten \u00fcber Toleranz und Vielfalt zu lauschen.<\/p>\n<p>Das Angebot ist Teil des Thementages <a href=\"https:\/\/www.humboldtforum.org\/de\/programm\/termin\/drop-in\/spielen-ist-ein-kinderrecht-153754\/\">&#8222;Spielen ist ein Recht. WELTSTUDIO spezial: Familientag&#8220;<\/a>. Es kann den ganzen Tag beliebig zwischen 12 und 15 Uhr wahrgenommen werden.<\/p>\n<p><b data-olk-copy-source=\"MessageBody\">Hinweis:<\/b>\u00a0Diese Veranstaltung ist ein Familien-Event mit begrenztem Platzangebot. Teilnahme nur f\u00fcr Kinder und erwachsene Begleitpersonen. Wir bitten um Ihr Verst\u00e4ndnis.<\/p>\n<p>Gegen diese Lesung hat die AfD eine Demonstration angemeldet. In dem Zusammenhang m\u00f6chte das Stadtmuseum Berlin einiges klarstellen.\u00a0<a title=\"https:\/\/www.stadtmuseum.de\/statement-bilderbuchlesung\" href=\"https:\/\/www.stadtmuseum.de\/statement-bilderbuchlesung\" target=\"_blank\" rel=\"noopener\" data-auth=\"NotApplicable\" data-linkindex=\"0\"><b>Lesen Sie hier das Statement.<\/b><\/a><\/p>\n<p>&nbsp;<\/p>\n<p><em>Das Angebot ist Teil von <a href=\"https:\/\/www.humboldtforum.org\/de\/programm\/laufzeitangebot\/ausstellung\/beziehungsweise-familie-148458\/\">&#8222;Beziehungsweise Familie&#8220;<\/a>.<\/em><\/p>\n<p><em>&#8222;Beziehungsweise Familie&#8220; ist ein Projekt aller am Humboldt Forum t\u00e4tigen Kultur-Institutionen. Daran beteiligt sind die Stiftung Humboldt Forum im <span class=\"w-term-highlight\">Berliner Schloss<\/span>, das Ethnologische Museum und Museum f\u00fcr Asiatische Kunst (Stiftung Preu\u00dfischer Kulturbesitz \/ Staatliche Museen zu Berlin), die Stiftung Stadtmuseum Berlin und die Humboldt-Universit\u00e4t zu Berlin. Sonderausstellungen und Themen-Inseln in den Dauerausstellungen besch\u00e4ftigen sich intensiv mit den Erscheinungsformen famili\u00e4ren Zusammenlebens. Veranstaltungen in den beteiligten Museen begleiten das Projekt.<\/em><\/p>\n<\/div>\n                <\/div>\n            <\/div>\n\t\t<\/div>\n\t\t    <\/div>\n<\/section>\n\n<section class=\"block block-standard-image\">\n\t<div class=\"container-fluid\">\n\t\t<div class=\"row\">\n\t\t\t<div class=\"col-xs-10 col-md-6 col-xs-offset-1 col-md-offset-3\">\n\t\t\t\t\n\t<lazy-media-inline inline-template>\n\t\t<figure itemscope itemtype=\"http:\/\/schema.org\/ImageObject\" class=\"lazy-media-inline \" role=\"group\" id=\"media_69f1780920dc5\" aria-labelledby=\"desc_media_69f1780920dc5\">\n\t\t\t<script type=\"application\/json\" ref=\"data\">\n\t\t\t\t{\n\t\t\t\t\"sizes\" : {\"medium\":{\"file\":\"SHF_eb00254699-1-300x200.jpg\",\"width\":300,\"height\":200,\"mime-type\":\"image\\\/jpeg\",\"filesize\":17800},\"large\":{\"file\":\"SHF_eb00254699-1-1024x683.jpg\",\"width\":1024,\"height\":683,\"mime-type\":\"image\\\/jpeg\",\"filesize\":128904},\"thumbnail\":{\"file\":\"SHF_eb00254699-1-150x150.jpg\",\"width\":150,\"height\":150,\"mime-type\":\"image\\\/jpeg\",\"filesize\":8267},\"medium_large\":{\"file\":\"SHF_eb00254699-1-768x512.jpg\",\"width\":768,\"height\":512,\"mime-type\":\"image\\\/jpeg\",\"filesize\":79579},\"small\":{\"file\":\"SHF_eb00254699-1-440x293.jpg\",\"width\":440,\"height\":293,\"mime-type\":\"image\\\/jpeg\",\"filesize\":32071},\"semi\":{\"file\":\"SHF_eb00254699-1-580x387.jpg\",\"width\":580,\"height\":387,\"mime-type\":\"image\\\/jpeg\",\"filesize\":51018},\"mobile\":{\"file\":\"SHF_eb00254699-1-720x480.jpg\",\"width\":720,\"height\":480,\"mime-type\":\"image\\\/jpeg\",\"filesize\":72183},\"original\":{\"file\":\"SHF_eb00254699-1.jpg\",\"width\":1200,\"height\":800}},\n\t\t\t\t\"alt\" : \"Bunte Sitzgelegenheiten und B\\u00fccher in einem modernen, einladenden Raum mit geschwungenem Design.\",\n\t\t\t\t\"path\" : \"\\\/wp-content\\\/uploads\\\/2025\\\/10\\\/\",\n\t\t\t\t\"video\" : null,\n\t\t\t\t\"autoplay\" : null,\n\t\t\t\t\"youtube\" : null,\n\t\t\t\t\"youtubelabel\" : \"Video abspielen\",\n\t\t\t\t\"brightness\" : 100,\n\t\t\t\t\"crop\" : null,\n\t\t\t\t\"background\" : false,\n\t\t\t\t\"scale\" : 1\t\t\t\t}\n\t\t\t<\/script>\n\n\t\t\t<div class=\"height-container\" style=\"padding-bottom:66.666666666667%;\" v-if=\"sizes\">\n\t\t\t\t\t\t\t\t<lazy-media :inline=\"true\" :alt=\"alt\" :sizes=\"sizes\" :scale=\"scale\" :brightness=\"brightness\" :path=\"path\" :video=\"video\" :autoplay=\"autoplay\" :youtube=\"youtube\" :crop=\"crop\" :youtubelabel=\"youtubelabel\" :background=\"background\" media-id=\"desc_media_69f1780920dc5\"><\/lazy-media>\n\t\t\t\t\t\t\t<\/div>\n\n\t\t\t\t\t\t\t<figcaption class=\"\" id=\"desc_media_69f1780920dc5\">\n\t\t\t\t\t<div class=\"lazy-media-info-body-content\">\n\t\t\t\t\t\t\t\t\t\t\t\t\t\t\t\t\t\t\t<div>Lesen in der Lounge  <\/div>\n\t\t\t\t\t\t\t\t\t\t\t\t\t\t\t\t\t\t\t<div class=\"insignificant\">\u00a9 Stadtmuseum Berlin, Foto: Michael Setzpfandt<\/div>\n\t\t\t\t\t\t\t\t\t\t\t<\/div>\n\t\t\t\t<\/figcaption>\n\t\t\t\t\t\t\t\t\t<\/figure>\n\t<\/lazy-media-inline>\n\t\t\t<\/div>\n\t\t<\/div>\n\t<\/div>\n<\/section>\n\n<section class=\"block block-headline block-no-margin \" >\n\t<div class=\"container-fluid\">\n\t\t<div class=\"row\">\n\t\t\t\t\t\t\t<div class=\"col-xs-12 col-md-offset-2 col-md-8\">\n\t\t\t\t\t<div class=\"box\">\n\t\t\t\t\t\t<h2 class=\".h4\">Beteiligte<\/h2>\n\t\t\t\t\t<\/div>\n\t\t\t\t<\/div>\n\t\t\t\t\t<\/div>\n\t<\/div>\n<\/section>\n\n\n\n\n\n<section class=\"block block-accordion\">\n\t<div class=\"container-fluid\">\n\t\t<div class=\"row\">\n\t\t\t<div class=\"col-xs-12 col-md-offset-2 col-md-8\">\n\t\t\t\t<div class=\"box\">\n\t\t\t\t\t\t\t\t\t\t\t<block-accordion inline-template>\n\t\t\t\t\t\t\t<div class=\"accordion\">\n\t\t\t\t\t\t\t\t\t\t\t\t\t\t\t<block-accordion-item inline-template item-headline=\"Drag Story Hour\">\n\t\t\t\t\t\t\t\t<div ref=\"item\" data-id=\"DragStoryHour\" class=\"block-accordion-item vue-initialize\" aria-expanded=\"false\" :aria-expanded=\"active ? 'true' : 'false'\">\n\t\t\t\t\t\t\t\t\t<button class=\"accordion-button-with-icon block-accordion-item-head\" :class=\"{'button-active': active}\" ref=\"head\" aria-controls=\"acc_69f1780928566\" id=\"acc_title_69f178092856b\" @click=\"toggle\" @keydown=\"key\">\n\t\t\t\t\t\t\t\t\t<div><span class=\"button-label\">Drag Story Hour<\/span><\/div><span class=\"button-icon icon-plus\" aria-hidden=\"true\"><\/span>\n\t\t\t\t\t\t\t\t<\/button>\n\t\t\t\t\t\t\t\t\t<div ref=\"body\" class=\"block-accordion-item-content\" id=\"acc_69f1780928566\" role=\"region\">\n\t\t\t\t\t\t\t\t\t\t<div class=\"wrapper copy\">\n\t\t\t\t\t\t\t\t\t\t\t<p><a class=\"external-link\" href=\"https:\/\/www.dragstoryhour.org\/\" rel=\"nofollow\">Drag Story Hour<\/a>\u00a0ist eine in San Francisco (USA) gegr\u00fcndete Organisation, die sich f\u00fcr Akzeptanz und Liebe einsetzt. Seit 2018 ist sie auch in Berlin mit Veranstaltungen f\u00fcr Kinder und Familien aktiv.<\/p>\n\n\t\t\t\t\t\t\t\t\t\t\t\t\t\t\t\t\t\t\t\t\t\t\t\t\t\t\t\t\t\t\t\t\t\n\t\t\t\t\t\t\t\t\t\t\t<div class=\"row\">\n\t\t\t\t\t\t\t\t\t\t\t\t<div class=\"col-xs-9 col-md-9\">\n\t\t\t\t\t\t\t\t\t\t\t\t\t<div class=\"box\">\n\t\t\t\t\t\t\t\t\t\t\t\t\t\t\t\t\t\t\t\t\t\t\t\t\t\t\t<\/div>\n\t\t\t\t\t\t\t\t\t\t\t\t<\/div>\n\t\t\t\t\t\t\t\t\t\t\t<\/div>\n\n\t\t\t\t\t\t\t\t\t\t\t\t\t\t\t\t\t\t\t\t\t<\/div>\n\t\t\t\t\t\t\t\t\t<\/div>\n\t\t\t\t\t\t\t\t<\/div>\n\t\t\t\t\t\t\t\t<\/block-accordion-item>\n\t\t\t\t\t\t\t\t\t\t\t\t\t<\/div>\n\t\t\t\t\t\t<\/block-accordion>\n\t\t\t\t\t\t\t\t\t<\/div>\n\t\t\t<\/div>\n\t\t<\/div>\n\t<\/div>\n<\/section>\n\n\n<section class=\"block block-headline block-no-margin \" >\n\t<div class=\"container-fluid\">\n\t\t<div class=\"row\">\n\t\t\t\t\t\t\t<div class=\"col-xs-12 col-md-offset-2 col-md-8\">\n\t\t\t\t\t<div class=\"box\">\n\t\t\t\t\t\t<h2 class=\".h4\">Partner<\/h2>\n\t\t\t\t\t<\/div>\n\t\t\t\t<\/div>\n\t\t\t\t\t<\/div>\n\t<\/div>\n<\/section>\n\n\n\n\n<section class=\"block block-logos\" >\n    <div class=\"container-fluid\">\n\t\t<div class=\"row\">\n\t\t\t<div class=\"col-xs-12 col-sm-8 col-sm-offset-2\">\n\t\t\t\t<div class=\"box\">\n\t\t\t\t\t<div class=\"row  middle-xs\">\n\t\t\t\t\t\t\n\t\t\t\t\t\t<div class=\"col-xs-4 col-sm-3 col-sm-2\">\n\t\t\t\t\t\t\t<div class=\"box margin-sixth-top\">\n\t\t\t\t\t\t\t\t<img decoding=\"async\" alt=\"Beziehungsweise Familie\" src=\"https:\/\/www.humboldtforum.org\/wp-content\/uploads\/2025\/10\/SHF_eb00252962.jpg\" style=\"display: inline-block; width: 100%\" \/>\n\t\t\t\t\t\t\t<\/div>\n\t\t\t\t\t\t<\/div>\n\t\t\t\t\t\t\n\t\t\t\t\t\t<div class=\"col-xs-4 col-sm-3 col-sm-2\">\n\t\t\t\t\t\t\t<div class=\"box margin-sixth-top\">\n\t\t\t\t\t\t\t\t<img decoding=\"async\" alt=\"UNICEF\" src=\"https:\/\/www.humboldtforum.org\/wp-content\/uploads\/2023\/09\/UNICEF_fuerjedesKind_Cyan_Vertical_RGB-1.jpg\" style=\"display: inline-block; width: 100%\" \/>\n\t\t\t\t\t\t\t<\/div>\n\t\t\t\t\t\t<\/div>\n\t\t\t\t\t\t\n\t\t\t\t\t\t<div class=\"col-xs-4 col-sm-3 col-sm-2\">\n\t\t\t\t\t\t\t<div class=\"box margin-sixth-top\">\n\t\t\t\t\t\t\t\t<img decoding=\"async\" alt=\"F\u00f6rdern durch Spielmittel e.V.\" src=\"https:\/\/www.humboldtforum.org\/wp-content\/uploads\/2025\/10\/SHF_eb00255744.png\" style=\"display: inline-block; width: 100%\" \/>\n\t\t\t\t\t\t\t<\/div>\n\t\t\t\t\t\t<\/div>\n\t\t\t\t\t\t\t\t\t\t\t<\/div>\n\t\t\t\t<\/div>\n\t\t\t<\/div>\n        <\/div>\n    <\/div>\n<\/section>\n\n\n<section class=\"block block-teaser col-4 \" style=\"\">\n\t<lazy-component :fixed-min-height=\"400\">\n\t\n\t\t\t\t\t<div class=\"container-fluid\">\n\t\t\t\t<div class=\"row bottom-xs\">\n\t\t\t\t\t<div class=\"col-xs-12 col-md-8\">\n\t\t\t\t\t\t<h4>Geh\u00f6rt zu<\/h4>\t\t\t\t\t\t\t\t\t\t\t\t\t\t\t\t\t\t\t<\/div>\n\t\t\t\t\t<div class=\"col-xs-12 col-md-4 start-xs end-md margin-bottom-sixth\">\n\t\t\t\t\t\t\t\t\t\t\t<\/div>\n\t\t\t\t<\/div>\n\t\t\t\t<ul class=\"row\"> <li class=\"col-xs-6 col-sm-4 col-md-3 teaser-wrapper col-padding-remove\">\n\t<calendarteaser key=\"1537548395\" rawitem='{&quot;postId&quot;:153754,&quot;title&quot;:&quot;Spielen ist ein Kinderrecht&quot;,&quot;excerpt&quot;:&quot;&quot;,&quot;slug&quot;:&quot;spielen-ist-ein-kinderrecht&quot;,&quot;post_date&quot;:&quot;2025-10-15T13:56&quot;,&quot;type&quot;:&quot;event&quot;,&quot;permalink&quot;:&quot;https:\\\/\\\/www.humboldtforum.org\\\/de\\\/programm\\\/termin\\\/drop-in\\\/spielen-ist-ein-kinderrecht-153754\\\/&quot;,&quot;genre&quot;:[839],&quot;genre_details&quot;:[{&quot;text&quot;:&quot;Drop-In&quot;,&quot;id&quot;:839,&quot;icon&quot;:null,&quot;parent&quot;:0}],&quot;targetgroup&quot;:[454],&quot;targetgroup_details&quot;:[{&quot;text&quot;:&quot;Kinder und Familien&quot;,&quot;id&quot;:454,&quot;icon&quot;:null,&quot;parent&quot;:0}],&quot;language&quot;:[384,385],&quot;language_details&quot;:[{&quot;text&quot;:&quot;Deutsch&quot;,&quot;id&quot;:384,&quot;icon&quot;:null,&quot;parent&quot;:0},{&quot;text&quot;:&quot;Englisch&quot;,&quot;id&quot;:385,&quot;icon&quot;:null,&quot;parent&quot;:0}],&quot;age&quot;:[452,446],&quot;age_details&quot;:[{&quot;text&quot;:&quot;F\\u00fcr Menschen jeden Alters&quot;,&quot;id&quot;:452,&quot;icon&quot;:null,&quot;parent&quot;:0},{&quot;text&quot;:&quot;Kinder (0-6 Jahre)&quot;,&quot;id&quot;:446,&quot;icon&quot;:null,&quot;parent&quot;:0}],&quot;place&quot;:[405,1031],&quot;place_details&quot;:{&quot;place&quot;:&quot;Humboldt Forum&quot;,&quot;map&quot;:&quot;Humboldt Forum, Schlossplatz, Berlin&quot;,&quot;room&quot;:&quot;Berlin Ausstellung, 1. OG, Weltstudio&quot;},&quot;icon_overwrite&quot;:&quot;&quot;,&quot;acf&quot;:{&quot;noindex&quot;:false,&quot;keywords&quot;:&quot;&quot;,&quot;hashtag&quot;:&quot;HumboldtForum&quot;,&quot;belongsto&quot;:[148458],&quot;shorturl&quot;:&quot;&quot;,&quot;times&quot;:[],&quot;planning&quot;:{&quot;price&quot;:&quot;9 EUR \\\/ erm\\u00e4\\u00dfigt 0 EUR zzgl. Ausstellungseintritt&quot;,&quot;admission&quot;:&quot;&quot;,&quot;pause&quot;:&quot;&quot;,&quot;duration&quot;:&quot;&quot;},&quot;subline&quot;:&quot;WELTSTUDIO spezial: Familientag&quot;,&quot;additional_info&quot;:{&quot;icon&quot;:&quot;icon-ticket&quot;,&quot;text&quot;:&quot;Kinder und Jugendliche unter 18 Jahren frei&quot;},&quot;highlight_header&quot;:false,&quot;featured_images&quot;:[153766,153768],&quot;use_video_in_teasers&quot;:false,&quot;hyphenation&quot;:true,&quot;tipp&quot;:false,&quot;joker&quot;:false,&quot;live&quot;:false,&quot;hide_event_in_program&quot;:false,&quot;gomus_id&quot;:&quot;&quot;,&quot;hm_id&quot;:&quot;&quot;},&quot;date&quot;:{&quot;NX&quot;:null,&quot;NXX&quot;:null,&quot;NLAST&quot;:&quot;202511230900&quot;,&quot;from_DATE&quot;:&quot;20251123 11:00&quot;,&quot;from&quot;:1763888400,&quot;to&quot;:1763888400,&quot;to_DATE&quot;:&quot;20251123 11:00&quot;,&quot;from_HRFSHORT&quot;:&quot;23. Nov 2025&quot;,&quot;from_HRFSHORT_WD&quot;:&quot;So 23.11.2025&quot;,&quot;to_HRFSHORT&quot;:&quot;23. Nov 2025&quot;,&quot;to_HRFSHORT_WD&quot;:&quot;So 23.11.2025&quot;,&quot;from_HRF&quot;:&quot;So, 23. November 2025&quot;,&quot;to_HRF&quot;:&quot;So, 23. November 2025&quot;,&quot;from_to_HRF&quot;:&quot;So, 23. November \\u2013 So, 23. November 2025&quot;,&quot;from_to_HRFSHORT&quot;:&quot;23. Nov \\u2013 23. Nov 2025&quot;},&quot;alert&quot;:null,&quot;partof&quot;:[],&quot;marketing_topic&quot;:{&quot;title&quot;:&quot;Beziehungsweise Familie&quot;,&quot;ID&quot;:148458,&quot;reason&quot;:&quot;belongsto&quot;}}' inline-template>\n\t<a href=\"https:\/\/www.humboldtforum.org\/de\/programm\/termin\/drop-in\/spielen-ist-ein-kinderrecht-153754\/\" class=\"teaser teaser-event teaser-event-standard\">\n\t\t<div class=\"row\">\n\t\t\t<div class=\"col-xs-12 teaser-event-image\">\n\t\t\t\t<div class=\"teaser-image teaser-image-no-alternate\">\n\t\t\t\t\t\t\t\t\t\t\t\n\t<lazy-media-inline inline-template>\n\t\t<figure itemscope itemtype=\"http:\/\/schema.org\/ImageObject\" class=\"lazy-media-inline \" role=\"group\" id=\"media_69f178095aa45\" aria-labelledby=\"desc_media_69f178095aa45\">\n\t\t\t<script type=\"application\/json\" ref=\"data\">\n\t\t\t\t{\n\t\t\t\t\"sizes\" : {\"medium\":{\"file\":\"Design-ohne-Titel-39-300x200.jpg\",\"width\":300,\"height\":200,\"mime-type\":\"image\\\/jpeg\",\"filesize\":18985},\"large\":{\"file\":\"Design-ohne-Titel-39-1024x683.jpg\",\"width\":1024,\"height\":683,\"mime-type\":\"image\\\/jpeg\",\"filesize\":124212},\"thumbnail\":{\"file\":\"Design-ohne-Titel-39-150x150.jpg\",\"width\":150,\"height\":150,\"mime-type\":\"image\\\/jpeg\",\"filesize\":8923},\"medium_large\":{\"file\":\"Design-ohne-Titel-39-768x512.jpg\",\"width\":768,\"height\":512,\"mime-type\":\"image\\\/jpeg\",\"filesize\":80562},\"small\":{\"file\":\"Design-ohne-Titel-39-440x293.jpg\",\"width\":440,\"height\":293,\"mime-type\":\"image\\\/jpeg\",\"filesize\":34146},\"semi\":{\"file\":\"Design-ohne-Titel-39-580x387.jpg\",\"width\":580,\"height\":387,\"mime-type\":\"image\\\/jpeg\",\"filesize\":52927},\"mobile\":{\"file\":\"Design-ohne-Titel-39-720x480.jpg\",\"width\":720,\"height\":480,\"mime-type\":\"image\\\/jpeg\",\"filesize\":72854},\"hd\":{\"file\":\"Design-ohne-Titel-39-1280x853.jpg\",\"width\":1280,\"height\":853,\"mime-type\":\"image\\\/jpeg\",\"filesize\":174502},\"1536x1536\":{\"file\":\"Design-ohne-Titel-39-1536x1024.jpg\",\"width\":1536,\"height\":1024,\"mime-type\":\"image\\\/jpeg\",\"filesize\":228486},\"original\":{\"file\":\"Design-ohne-Titel-39.jpg\",\"width\":1920,\"height\":1280}},\n\t\t\t\t\"alt\" : \"Gruppe mit Kindern im WELTSTUDIO\",\n\t\t\t\t\"path\" : \"\\\/wp-content\\\/uploads\\\/2025\\\/10\\\/\",\n\t\t\t\t\"video\" : null,\n\t\t\t\t\"autoplay\" : null,\n\t\t\t\t\"youtube\" : null,\n\t\t\t\t\"youtubelabel\" : \"Video abspielen\",\n\t\t\t\t\"brightness\" : 100,\n\t\t\t\t\"crop\" : {\"top\":\"43.82\",\"left\":\"21.18\"},\n\t\t\t\t\"background\" : true,\n\t\t\t\t\"scale\" : 2\t\t\t\t}\n\t\t\t<\/script>\n\n\t\t\t<div class=\"height-container\" style=\"padding-bottom:66.666666666667%;\" v-if=\"sizes\">\n\t\t\t\t\t\t\t\t<lazy-media :inline=\"true\" :alt=\"alt\" :sizes=\"sizes\" :scale=\"scale\" :brightness=\"brightness\" :path=\"path\" :video=\"video\" :autoplay=\"autoplay\" :youtube=\"youtube\" :crop=\"crop\" :youtubelabel=\"youtubelabel\" :background=\"background\" media-id=\"desc_media_69f178095aa45\"><\/lazy-media>\n\t\t\t\t\t\t\t<\/div>\n\n\t\t\t\t\t\t\t<figcaption class=\"sr-only\" ref=\"body\" id=\"desc_media_69f178095aa45\">\n\t\t\t\t\t\t\t\t\t\t\t\t\t\t\t\t<div>Aktiv werden im WELTSTUDIO <\/div>\n\t\t\t\t\t\t\t\t\t\t\t\t\t\t\t\t<div class=\"insignificant\">\u00a9 Stadtmuseum Berlin, Foto: Alexander Rentsch<\/div>\n\t\t\t\t\t\t\t\t\t<\/figcaption>\n\t\t\t\t\t<\/figure>\n\t<\/lazy-media-inline>\n\t\t\t\t<\/div>\n\t\t\t<\/div>\n\t\t\t<div class=\"col-xs-12 teaser-event-text Infos\">\n\t\t\t\t<div class=\"teaser-event-standard-text\">\n\t\t\t\t\t<div class=\"margin-bottom-atom\">\n\t\t\t\t\t\t<div class=\"subline clamp-1\" v-html=\"maingenre\"><\/div>\n\t\t\t\t\t\t\t\t\t\t\t\t\t<div class=\"insignificant clamp-2\">Beziehungsweise Familie<\/div>\n\t\t\t\t\t\t\t\t\t\t\t<\/div>\n\t\t\t\t\n\t\t\t\t\t<strong class=\"margin-bottom-atom\">Spielen ist ein Kinderrecht<\/strong>\n\n\t\t\t\t\t\t\t\t\t\t\t<div class=\"\">WELTSTUDIO spezial: Familientag<\/div>\n\t\t\t\t\t\t\t\t\t<\/div>\n\t\t\t\t<div class=\"teaser-bottom border-bottom\">\n\t\t\t\t<calendardateline :rawitem='item' :show-icon=\"true\"><\/calendardateline>\n\t\t\t\t\t<hr>\n\t\t\t\t<\/div>\n\t\t\t<\/div>\n\t\t<\/div>\n\t<\/a>\n\t<\/calendarteaser>\n<\/li>\n\n<li class=\"col-xs-6 col-sm-4 col-md-3 teaser-wrapper col-padding-remove\">\n\t<calendarteaser key=\"1414013317\" rawitem='{&quot;postId&quot;:14140,&quot;title&quot;:&quot;BERLIN GLOBAL&quot;,&quot;excerpt&quot;:&quot;Gestern, heute, morgen: Vieles, was in Berlin passiert, hat Einfluss auf die Welt. Und vieles, was in der Welt passiert, wirkt auf Berlin. BERLIN GLOBAL zeigt auf 4000 Quadratmetern im Humboldt Forum, wie die Stadt und ihre Menschen mit der Welt verbunden sind. &quot;,&quot;slug&quot;:&quot;berlin-global&quot;,&quot;post_date&quot;:&quot;2020-10-23T08:36&quot;,&quot;type&quot;:&quot;event-permanent&quot;,&quot;permalink&quot;:&quot;https:\\\/\\\/www.humboldtforum.org\\\/de\\\/programm\\\/dauerangebot\\\/ausstellung\\\/berlin-global-14140\\\/&quot;,&quot;genre&quot;:[391],&quot;genre_details&quot;:[{&quot;text&quot;:&quot;Ausstellung&quot;,&quot;id&quot;:391,&quot;icon&quot;:null,&quot;parent&quot;:0}],&quot;stakeholder&quot;:[400],&quot;stakeholder_details&quot;:[{&quot;text&quot;:&quot;Kulturprojekte Berlin \\\/ Stadtmuseum Berlin&quot;,&quot;id&quot;:400,&quot;icon&quot;:null,&quot;parent&quot;:0}],&quot;editorial&quot;:[402,403,646],&quot;editorial_details&quot;:[{&quot;text&quot;:&quot;interaktiv&quot;,&quot;id&quot;:402,&quot;icon&quot;:null,&quot;parent&quot;:0},{&quot;text&quot;:&quot;verbindend&quot;,&quot;id&quot;:403,&quot;icon&quot;:null,&quot;parent&quot;:0},{&quot;text&quot;:&quot;vielstimmig&quot;,&quot;id&quot;:646,&quot;icon&quot;:null,&quot;parent&quot;:0}],&quot;targetgroup&quot;:[383],&quot;targetgroup_details&quot;:[{&quot;text&quot;:&quot;Erwachsene&quot;,&quot;id&quot;:383,&quot;icon&quot;:null,&quot;parent&quot;:0}],&quot;language&quot;:[384,385],&quot;language_details&quot;:[{&quot;text&quot;:&quot;Deutsch&quot;,&quot;id&quot;:384,&quot;icon&quot;:null,&quot;parent&quot;:0},{&quot;text&quot;:&quot;Englisch&quot;,&quot;id&quot;:385,&quot;icon&quot;:null,&quot;parent&quot;:0}],&quot;accessability&quot;:[430],&quot;accessability_details&quot;:[{&quot;text&quot;:&quot;Rollstuhlgerecht&quot;,&quot;id&quot;:430,&quot;icon&quot;:null,&quot;parent&quot;:0}],&quot;place&quot;:[405],&quot;place_details&quot;:{&quot;place&quot;:&quot;Humboldt Forum&quot;,&quot;map&quot;:&quot;Humboldt Forum, Schlossplatz, Berlin&quot;,&quot;room&quot;:&quot;Berlin Ausstellung, 1. OG&quot;},&quot;icon_overwrite&quot;:&quot;&quot;,&quot;acf&quot;:{&quot;shorturl&quot;:&quot;berlinglobal&quot;,&quot;planning&quot;:{&quot;price&quot;:&quot;9 EUR \\\/ 0 EUR&quot;,&quot;status&quot;:&quot;BUY&quot;,&quot;info&quot;:&quot;9 EUR, erm. 0 EUR&quot;,&quot;shop&quot;:&quot;https:\\\/\\\/tickets.humboldtforum.org\\\/#\\\/tickets\\\/time?museum_id=1&amp;exhibition_id=1&amp;group=day&quot;,&quot;can_purchase&quot;:true},&quot;periods&quot;:[{&quot;label&quot;:&quot;&quot;,&quot;dates&quot;:[{&quot;start&quot;:&quot;202302130000&quot;,&quot;end&quot;:&quot;204601020000&quot;,&quot;has_end&quot;:false,&quot;start_HRFSHORT&quot;:&quot;13.02.23&quot;,&quot;start_HRFSHORT_WD&quot;:&quot;Mo 13.02.2023&quot;}],&quot;monday&quot;:[{&quot;start&quot;:&quot;10:30&quot;,&quot;end&quot;:&quot;18:30&quot;,&quot;closed&quot;:false}],&quot;tuesday&quot;:[{&quot;start&quot;:&quot;10:00&quot;,&quot;end&quot;:&quot;20:00&quot;,&quot;closed&quot;:true}],&quot;wednesday&quot;:[{&quot;start&quot;:&quot;10:30&quot;,&quot;end&quot;:&quot;18:30&quot;,&quot;closed&quot;:false}],&quot;thursday&quot;:[{&quot;start&quot;:&quot;10:30&quot;,&quot;end&quot;:&quot;18:30&quot;,&quot;closed&quot;:false}],&quot;friday&quot;:[{&quot;start&quot;:&quot;10:30&quot;,&quot;end&quot;:&quot;18:30&quot;,&quot;closed&quot;:false}],&quot;saturday&quot;:[{&quot;start&quot;:&quot;10:30&quot;,&quot;end&quot;:&quot;18:30&quot;,&quot;closed&quot;:false}],&quot;sunday&quot;:[{&quot;start&quot;:&quot;10:30&quot;,&quot;end&quot;:&quot;18:30&quot;,&quot;closed&quot;:false}],&quot;info&quot;:&quot;&quot;,&quot;description&quot;:&quot;&quot;}],&quot;period_exception&quot;:[{&quot;label&quot;:&quot;&quot;,&quot;date&quot;:&quot;202512240000&quot;,&quot;closed&quot;:true,&quot;start&quot;:&quot;10:30&quot;,&quot;end&quot;:&quot;13:30&quot;,&quot;date_HRFSHORT&quot;:&quot;24.12.25&quot;},{&quot;label&quot;:&quot;&quot;,&quot;date&quot;:&quot;202512250000&quot;,&quot;closed&quot;:false,&quot;start&quot;:&quot;12:00&quot;,&quot;end&quot;:&quot;18:00&quot;,&quot;date_HRFSHORT&quot;:&quot;25.12.25&quot;},{&quot;label&quot;:&quot;&quot;,&quot;date&quot;:&quot;202512260000&quot;,&quot;closed&quot;:false,&quot;start&quot;:&quot;12:00&quot;,&quot;end&quot;:&quot;18:00&quot;,&quot;date_HRFSHORT&quot;:&quot;26.12.25&quot;},{&quot;label&quot;:&quot;&quot;,&quot;date&quot;:&quot;202512300000&quot;,&quot;closed&quot;:false,&quot;start&quot;:&quot;10:30&quot;,&quot;end&quot;:&quot;18:30&quot;,&quot;date_HRFSHORT&quot;:&quot;30.12.25&quot;},{&quot;label&quot;:&quot;&quot;,&quot;date&quot;:&quot;202512310000&quot;,&quot;closed&quot;:false,&quot;start&quot;:null,&quot;end&quot;:null,&quot;date_HRFSHORT&quot;:&quot;31.12.25&quot;},{&quot;label&quot;:&quot;&quot;,&quot;date&quot;:&quot;202601010000&quot;,&quot;closed&quot;:false,&quot;start&quot;:&quot;12:00&quot;,&quot;end&quot;:&quot;18:00&quot;,&quot;date_HRFSHORT&quot;:&quot;01.01.26&quot;}],&quot;subline&quot;:&quot;Berlin Ausstellung im Humboldt Forum&quot;,&quot;marketing_text&quot;:&quot;Erfahren Sie, wie die Stadt und ihre Menschen mit der Welt verbunden sind.&quot;,&quot;shorttext&quot;:&quot;Gestern, heute, morgen: Vieles, was in Berlin passiert, hat Einfluss auf die Welt. Und vieles, was in der Welt passiert, wirkt auf Berlin. BERLIN GLOBAL zeigt auf 4000 Quadratmetern im Humboldt Forum, wie die Stadt und ihre Menschen mit der Welt verbunden sind. &quot;,&quot;longtext&quot;:&quot;Gestern, heute, morgen: Vieles, was in Berlin passiert, hat Einfluss auf die Welt. Und vieles, was in der Welt passiert, wirkt auf Berlin. BERLIN GLOBAL zeigt auf 4000 Quadratmetern im Humboldt Forum, wie die Stadt und ihre Menschen mit der Welt verbunden sind. Der Raum Weltdenken hei\\u00dft die Besucher*innen willkommen, der Raum Berlin-Bilder f\\u00fchrt in die Themen der Ausstellung ein. Ihnen folgen die einzelnen Themenr\\u00e4ume: Sie erz\\u00e4hlen von Revolution, Freiraum, Grenzen, Vergn\\u00fcgen, Krieg, Mode und Verflechtung. Aspekte, die sich auch in anderen Metropolen finden lassen, die aber in dieser Kombination typisch f\\u00fcr Berlin sind.&quot;,&quot;highlight_header&quot;:true,&quot;highlight_header_image&quot;:66324,&quot;has_mobile_format&quot;:true,&quot;highlight_header_image_mobile&quot;:66322,&quot;tipp&quot;:false,&quot;joker&quot;:false,&quot;live&quot;:false,&quot;display_as_single&quot;:false,&quot;hyphenation&quot;:true,&quot;noindex&quot;:false,&quot;keywords&quot;:&quot;&quot;,&quot;use_opening_hours_of_the_house&quot;:false,&quot;additional_info&quot;:{&quot;icon&quot;:&quot;icon-bullet_active&quot;,&quot;text&quot;:&quot;Wartungsarbeiten: Vom 4. bis einschlie\\u00dflich 6.5.2026 wird die Ausstellung BERLIN GLOBAL nicht zug\\u00e4nglich sein.&quot;},&quot;use_video_in_teasers&quot;:false,&quot;hide_event_in_program&quot;:false,&quot;infotext&quot;:&quot;letzter Einlass 17:30 Uhr. &quot;,&quot;events&quot;:[126079,126641,128669,128606,128614,132200,132209,132198,132330,132555,132558,119976,135751,135756,135788,135796,135805,135823,136595,136602,136615,137214,136743,137696,136814,120403,140364,147928,148672,149576,153806,154671,157000,157020,157682,157684,158456,142900,158487,161422,163169],&quot;tickettext&quot;:&quot;Besuch von BERLIN GLOBAL auch mit Humboldt Forum Ticket m\\u00f6glich, s. Besuch &gt; Eintritt &amp; Tickets&quot;},&quot;period_list&quot;:&quot;&lt;strong&gt;\\u00d6ffnungszeiten&lt;\\\/strong&gt;\\nMo, Mi, Do, Fr, Sa, So: 10:30 \\u2013 18:30 Uhr\\nDi: geschlossen\\n\\n&quot;,&quot;period_exception&quot;:&quot;&quot;,&quot;date&quot;:{&quot;infinite&quot;:true,&quot;from_DATE&quot;:202302130000,&quot;from&quot;:1676284200,&quot;from_TIME&quot;:&quot;10:30&quot;,&quot;to&quot;:1809035160,&quot;to_DATE&quot;:202704290316,&quot;to_TIME&quot;:&quot;18:30&quot;,&quot;from_HRFSHORT&quot;:&quot;13. Feb 2023&quot;,&quot;from_HRFSHORT_WD&quot;:&quot;Mo 13.02.2023&quot;,&quot;from_HRF&quot;:&quot;Mo, 13. Februar 2023&quot;,&quot;to_HRF&quot;:&quot;Do, 29. April 2027&quot;,&quot;to_HRFSHORT&quot;:&quot;29. Apr 2027&quot;,&quot;to_HRFSHORT_WD&quot;:&quot;Do 29.04.2027&quot;,&quot;from_to_HRF&quot;:&quot;Mo, 13. Februar 2023 \\u2013 Do, 29. April 2027&quot;,&quot;from_to_HRFSHORT&quot;:&quot;13. Feb 2023 \\u2013 29. Apr 2027&quot;,&quot;NXX&quot;:&quot;202604290316&quot;,&quot;NLAST&quot;:&quot;202704292146&quot;,&quot;NX&quot;:&quot;20260429&quot;},&quot;alert&quot;:&quot;Highlight&quot;,&quot;partof&quot;:[],&quot;marketing_topic&quot;:&quot;&quot;}' inline-template>\n\t<a href=\"https:\/\/www.humboldtforum.org\/de\/programm\/dauerangebot\/ausstellung\/berlin-global-14140\/\" class=\"teaser teaser-event-permanent teaser-event-standard\">\n\t\t<div class=\"row\">\n\t\t\t<div class=\"col-xs-12 teaser-event-image\">\n\t\t\t\t<div class=\"teaser-image teaser-image-no-alternate\">\n\t\t\t\t\t\t\t\t\t\t\t\t\t<span class=\"alert\">Highlight<\/span>\n\t\t\t\t\t\t\t\t\t\t\t\n\t<lazy-media-inline inline-template>\n\t\t<figure itemscope itemtype=\"http:\/\/schema.org\/ImageObject\" class=\"lazy-media-inline \" role=\"group\" id=\"media_69f178095b46e\" aria-labelledby=\"desc_media_69f178095b46e\">\n\t\t\t<script type=\"application\/json\" ref=\"data\">\n\t\t\t\t{\n\t\t\t\t\"sizes\" : {\"medium\":{\"file\":\"BG-Visual-2-176x300.jpg\",\"width\":176,\"height\":300,\"mime-type\":\"image\\\/jpeg\",\"filesize\":10918},\"large\":{\"file\":\"BG-Visual-2-600x1024.jpg\",\"width\":600,\"height\":1024,\"mime-type\":\"image\\\/jpeg\",\"filesize\":51578},\"thumbnail\":{\"file\":\"BG-Visual-2-150x150.jpg\",\"width\":150,\"height\":150,\"mime-type\":\"image\\\/jpeg\",\"filesize\":7184},\"medium_large\":{\"file\":\"BG-Visual-2-768x1312.jpg\",\"width\":768,\"height\":1312,\"mime-type\":\"image\\\/jpeg\",\"filesize\":71401},\"small\":{\"file\":\"BG-Visual-2-258x440.jpg\",\"width\":258,\"height\":440,\"mime-type\":\"image\\\/jpeg\",\"filesize\":17917},\"semi\":{\"file\":\"BG-Visual-2-340x580.jpg\",\"width\":340,\"height\":580,\"mime-type\":\"image\\\/jpeg\",\"filesize\":24870},\"mobile\":{\"file\":\"BG-Visual-2-422x720.jpg\",\"width\":422,\"height\":720,\"mime-type\":\"image\\\/jpeg\",\"filesize\":32315},\"hd\":{\"file\":\"BG-Visual-2-749x1280.jpg\",\"width\":749,\"height\":1280,\"mime-type\":\"image\\\/jpeg\",\"filesize\":68644},\"full\":{\"file\":\"BG-Visual-2-1124x1920.jpg\",\"width\":1124,\"height\":1920,\"mime-type\":\"image\\\/jpeg\",\"filesize\":120736},\"1536x1536\":{\"file\":\"BG-Visual-2-899x1536.jpg\",\"width\":899,\"height\":1536,\"mime-type\":\"image\\\/jpeg\",\"filesize\":87922},\"2048x2048\":{\"file\":\"BG-Visual-2-1199x2048.jpg\",\"width\":1199,\"height\":2048,\"mime-type\":\"image\\\/jpeg\",\"filesize\":131087},\"original\":{\"file\":\"BG-Visual-2.jpg\",\"width\":1780,\"height\":3040}},\n\t\t\t\t\"alt\" : \"Bunte Grafik mit dem Schriftzug \\\"BERLIN GLOBAL\\\" in gro\\u00dfen gelben Buchstaben auf pinkem Hintergrund.\",\n\t\t\t\t\"path\" : \"\\\/wp-content\\\/uploads\\\/2022\\\/12\\\/\",\n\t\t\t\t\"video\" : null,\n\t\t\t\t\"autoplay\" : null,\n\t\t\t\t\"youtube\" : null,\n\t\t\t\t\"youtubelabel\" : \"Video abspielen\",\n\t\t\t\t\"brightness\" : 100,\n\t\t\t\t\"crop\" : {\"top\":\"15.71\",\"left\":\"50.15\"},\n\t\t\t\t\"background\" : true,\n\t\t\t\t\"scale\" : 2\t\t\t\t}\n\t\t\t<\/script>\n\n\t\t\t<div class=\"height-container\" style=\"padding-bottom:170.78651685393%;\" v-if=\"sizes\">\n\t\t\t\t\t\t\t\t<lazy-media :inline=\"true\" :alt=\"alt\" :sizes=\"sizes\" :scale=\"scale\" :brightness=\"brightness\" :path=\"path\" :video=\"video\" :autoplay=\"autoplay\" :youtube=\"youtube\" :crop=\"crop\" :youtubelabel=\"youtubelabel\" :background=\"background\" media-id=\"desc_media_69f178095b46e\"><\/lazy-media>\n\t\t\t\t\t\t\t<\/div>\n\n\t\t\t\t\t\t\t<figcaption class=\"sr-only\" ref=\"body\" id=\"desc_media_69f178095b46e\">\n\t\t\t\t\t\t\t\t\t\t\t\t\t\t\t\t<div>Key Visual Berlin Global Bisky Kampagne 2022  <\/div>\n\t\t\t\t\t\t\t\t\t\t\t\t\t\t\t\t<div class=\"insignificant\">\u00a9 Stiftung Stadtmuseum Berlin und Kulturprojekte Berlin \/ caromarta Studio<\/div>\n\t\t\t\t\t\t\t\t\t<\/figcaption>\n\t\t\t\t\t<\/figure>\n\t<\/lazy-media-inline>\n\t\t\t\t<\/div>\n\t\t\t<\/div>\n\t\t\t<div class=\"col-xs-12 teaser-event-text Infos\">\n\t\t\t\t<div class=\"teaser-event-standard-text\">\n\t\t\t\t\t<div class=\"margin-bottom-atom\">\n\t\t\t\t\t\t<div class=\"subline clamp-1\" v-html=\"maingenre\"><\/div>\n\t\t\t\t\t\t\t\t\t\t\t<\/div>\n\t\t\t\t\n\t\t\t\t\t<strong class=\"margin-bottom-atom\">BERLIN GLOBAL<\/strong>\n\n\t\t\t\t\t\t\t\t\t\t\t<div class=\"\">Erfahren Sie, wie die Stadt und ihre Menschen mit der Welt verbunden sind.<\/div>\n\t\t\t\t\t\t\t\t\t<\/div>\n\t\t\t\t<div class=\"teaser-bottom border-bottom\">\n\t\t\t\t<calendardateline :rawitem='item' :show-icon=\"true\"><\/calendardateline>\n\t\t\t\t\t<hr>\n\t\t\t\t<\/div>\n\t\t\t<\/div>\n\t\t<\/div>\n\t<\/a>\n\t<\/calendarteaser>\n<\/li>\n\n<li class=\"col-xs-6 col-sm-4 col-md-3 teaser-wrapper col-padding-remove\">\n\t<calendarteaser key=\"1484583650\" rawitem='{&quot;postId&quot;:148458,&quot;title&quot;:&quot;Beziehungsweise Familie&quot;,&quot;excerpt&quot;:&quot;&quot;,&quot;slug&quot;:&quot;beziehungsweise-familie&quot;,&quot;post_date&quot;:&quot;2025-06-24T12:35&quot;,&quot;type&quot;:&quot;event-period&quot;,&quot;permalink&quot;:&quot;https:\\\/\\\/www.humboldtforum.org\\\/de\\\/programm\\\/laufzeitangebot\\\/ausstellung\\\/beziehungsweise-familie-148458\\\/&quot;,&quot;genre&quot;:[391,879],&quot;genre_details&quot;:[{&quot;text&quot;:&quot;Ausstellung&quot;,&quot;id&quot;:391,&quot;icon&quot;:null,&quot;parent&quot;:0},{&quot;text&quot;:&quot;Programm&quot;,&quot;id&quot;:879,&quot;icon&quot;:null,&quot;parent&quot;:0}],&quot;stakeholder&quot;:[409,400,530,382],&quot;stakeholder_details&quot;:[{&quot;text&quot;:&quot;Humboldt-Universit\\u00e4t zu Berlin&quot;,&quot;id&quot;:409,&quot;icon&quot;:null,&quot;parent&quot;:0},{&quot;text&quot;:&quot;Kulturprojekte Berlin \\\/ Stadtmuseum Berlin&quot;,&quot;id&quot;:400,&quot;icon&quot;:null,&quot;parent&quot;:0},{&quot;text&quot;:&quot;Staatliche Museen zu Berlin&quot;,&quot;id&quot;:530,&quot;icon&quot;:null,&quot;parent&quot;:0},{&quot;text&quot;:&quot;Stiftung Humboldt Forum im Berliner Schloss&quot;,&quot;id&quot;:382,&quot;icon&quot;:null,&quot;parent&quot;:0}],&quot;icon_overwrite&quot;:&quot;&quot;,&quot;acf&quot;:{&quot;noindex&quot;:false,&quot;keywords&quot;:&quot;&quot;,&quot;shorturl&quot;:&quot;familie&quot;,&quot;planning&quot;:{&quot;price&quot;:&quot;14 EUR \\\/ 7 EUR&quot;,&quot;status&quot;:&quot;BUY&quot;,&quot;info&quot;:&quot;&quot;,&quot;shop&quot;:&quot;https:\\\/\\\/tickets.humboldtforum.org\\\/#\\\/tickets\\\/time?museum_id=1&amp;exhibition_id=17&amp;group=day&amp;date=2025-10-03&quot;,&quot;can_purchase&quot;:true},&quot;use_opening_hours_of_the_house&quot;:false,&quot;display_as_single&quot;:false,&quot;additional_info&quot;:{&quot;icon&quot;:&quot;icon-ort&quot;,&quot;text&quot;:&quot;Alle Etagen im Humboldt Forum und im Museum Knoblauchhaus im Nikolaiviertel&quot;},&quot;highlight_header&quot;:true,&quot;use_video_in_teasers&quot;:false,&quot;hyphenation&quot;:true,&quot;tipp&quot;:false,&quot;joker&quot;:false,&quot;live&quot;:false,&quot;hide_event_in_program&quot;:false,&quot;featured_images&quot;:[149331],&quot;periods&quot;:[{&quot;label&quot;:&quot;&quot;,&quot;dates&quot;:[{&quot;start&quot;:&quot;202510030000&quot;,&quot;end&quot;:&quot;202607120000&quot;,&quot;has_end&quot;:true,&quot;start_HRFSHORT&quot;:&quot;03.10.25&quot;,&quot;start_HRFSHORT_WD&quot;:&quot;Fr 03.10.2025&quot;,&quot;end_HRFSHORT&quot;:&quot;12.07.26&quot;}],&quot;monday&quot;:[{&quot;start&quot;:&quot;10:30&quot;,&quot;end&quot;:&quot;18:30&quot;,&quot;closed&quot;:false}],&quot;tuesday&quot;:[{&quot;start&quot;:null,&quot;end&quot;:null,&quot;closed&quot;:true}],&quot;wednesday&quot;:[{&quot;start&quot;:&quot;10:30&quot;,&quot;end&quot;:&quot;18:30&quot;,&quot;closed&quot;:false}],&quot;thursday&quot;:[{&quot;start&quot;:&quot;10:30&quot;,&quot;end&quot;:&quot;18:30&quot;,&quot;closed&quot;:false}],&quot;friday&quot;:[{&quot;start&quot;:&quot;10:30&quot;,&quot;end&quot;:&quot;18:30&quot;,&quot;closed&quot;:false}],&quot;saturday&quot;:[{&quot;start&quot;:&quot;10:30&quot;,&quot;end&quot;:&quot;18:30&quot;,&quot;closed&quot;:false}],&quot;sunday&quot;:[{&quot;start&quot;:&quot;10:30&quot;,&quot;end&quot;:&quot;18:30&quot;,&quot;closed&quot;:false}],&quot;info&quot;:&quot;&quot;,&quot;description&quot;:&quot;&quot;}],&quot;highlight_header_image&quot;:151143,&quot;has_mobile_format&quot;:true,&quot;events&quot;:[149594,149467,149476,149696,149906,150023,150673,150771,151070,150898,150749,150997,150860,151080,150730,150739,151391,151103,139802,151417,151379,151573,151861,150620,152754,152859,153328,152516,151369,153528,153754,154577,154585,154811,155004,155550,155770,156288,156307,156318,156341,156359,156403,157180,157796,157929,158048,158320,159002,151358,160047,160159,161548,161620,161710,162349,162392,162444],&quot;video&quot;:151139,&quot;highlight_header_image_mobile&quot;:151331,&quot;video_brightness&quot;:&quot;100&quot;,&quot;period_exception&quot;:[]},&quot;period_list&quot;:&quot;&lt;strong&gt;\\u00d6ffnungszeiten&lt;\\\/strong&gt;\\nMo, Mi, Do, Fr, Sa, So: 10:30 \\u2013 18:30 Uhr\\nDi: geschlossen\\n\\n&quot;,&quot;period_exception&quot;:&quot;&quot;,&quot;date&quot;:{&quot;infinite&quot;:false,&quot;from_DATE&quot;:202510030000,&quot;from&quot;:1759487400,&quot;from_TIME&quot;:&quot;10:30&quot;,&quot;to&quot;:1783881000,&quot;to_DATE&quot;:202607120000,&quot;to_TIME&quot;:&quot;18:30&quot;,&quot;from_HRFSHORT&quot;:&quot; 3. Okt 2025&quot;,&quot;from_HRFSHORT_WD&quot;:&quot;Fr 03.10.2025&quot;,&quot;from_HRF&quot;:&quot;Fr,  3. Oktober 2025&quot;,&quot;to_HRF&quot;:&quot;So, 12. Juli 2026&quot;,&quot;to_HRFSHORT&quot;:&quot;12. Jul 2026&quot;,&quot;to_HRFSHORT_WD&quot;:&quot;So 12.07.2026&quot;,&quot;from_to_HRF&quot;:&quot;Fr,  3. Oktober 2025 \\u2013 So, 12. Juli 2026&quot;,&quot;from_to_HRFSHORT&quot;:&quot; 3. Okt 2025 \\u2013 12. Jul 2026&quot;,&quot;NXX&quot;:&quot;202604290316&quot;,&quot;NLAST&quot;:&quot;202607121830&quot;,&quot;NX&quot;:&quot;20260429&quot;},&quot;alert&quot;:&quot;Highlight&quot;,&quot;partof&quot;:[],&quot;marketing_topic&quot;:&quot;&quot;}' inline-template>\n\t<a href=\"https:\/\/www.humboldtforum.org\/de\/programm\/laufzeitangebot\/ausstellung\/beziehungsweise-familie-148458\/\" class=\"teaser teaser-event-period teaser-event-standard\">\n\t\t<div class=\"row\">\n\t\t\t<div class=\"col-xs-12 teaser-event-image\">\n\t\t\t\t<div class=\"teaser-image teaser-image-no-alternate\">\n\t\t\t\t\t\t\t\t\t\t\t\t\t<span class=\"alert\">Highlight<\/span>\n\t\t\t\t\t\t\t\t\t\t\t\n\t<lazy-media-inline inline-template>\n\t\t<figure itemscope itemtype=\"http:\/\/schema.org\/ImageObject\" class=\"lazy-media-inline \" role=\"group\" id=\"media_69f178095be0d\" aria-labelledby=\"desc_media_69f178095be0d\">\n\t\t\t<script type=\"application\/json\" ref=\"data\">\n\t\t\t\t{\n\t\t\t\t\"sizes\" : {\"medium\":{\"file\":\"SHF_eb00253556-176x300.jpg\",\"width\":176,\"height\":300,\"mime-type\":\"image\\\/jpeg\",\"filesize\":8824},\"large\":{\"file\":\"SHF_eb00253556-600x1024.jpg\",\"width\":600,\"height\":1024,\"mime-type\":\"image\\\/jpeg\",\"filesize\":63590},\"thumbnail\":{\"file\":\"SHF_eb00253556-150x150.jpg\",\"width\":150,\"height\":150,\"mime-type\":\"image\\\/jpeg\",\"filesize\":4998},\"medium_large\":{\"file\":\"SHF_eb00253556-768x1312.jpg\",\"width\":768,\"height\":1312,\"mime-type\":\"image\\\/jpeg\",\"filesize\":95606},\"small\":{\"file\":\"SHF_eb00253556-258x440.jpg\",\"width\":258,\"height\":440,\"mime-type\":\"image\\\/jpeg\",\"filesize\":16410},\"semi\":{\"file\":\"SHF_eb00253556-340x580.jpg\",\"width\":340,\"height\":580,\"mime-type\":\"image\\\/jpeg\",\"filesize\":25318},\"mobile\":{\"file\":\"SHF_eb00253556-422x720.jpg\",\"width\":422,\"height\":720,\"mime-type\":\"image\\\/jpeg\",\"filesize\":35714},\"hd\":{\"file\":\"SHF_eb00253556-749x1280.jpg\",\"width\":749,\"height\":1280,\"mime-type\":\"image\\\/jpeg\",\"filesize\":92136},\"full\":{\"file\":\"SHF_eb00253556-1124x1920.jpg\",\"width\":1124,\"height\":1920,\"mime-type\":\"image\\\/jpeg\",\"filesize\":180186},\"1536x1536\":{\"file\":\"SHF_eb00253556-899x1536.jpg\",\"width\":899,\"height\":1536,\"mime-type\":\"image\\\/jpeg\",\"filesize\":124765},\"2048x2048\":{\"file\":\"SHF_eb00253556-1199x2048.jpg\",\"width\":1199,\"height\":2048,\"mime-type\":\"image\\\/jpeg\",\"filesize\":199378},\"original\":{\"file\":\"SHF_eb00253556.jpg\",\"width\":1780,\"height\":3040}},\n\t\t\t\t\"alt\" : \"Key Visual Beziehungsweise Familie\",\n\t\t\t\t\"path\" : \"\\\/wp-content\\\/uploads\\\/2025\\\/06\\\/\",\n\t\t\t\t\"video\" : null,\n\t\t\t\t\"autoplay\" : null,\n\t\t\t\t\"youtube\" : null,\n\t\t\t\t\"youtubelabel\" : \"Video abspielen\",\n\t\t\t\t\"brightness\" : 100,\n\t\t\t\t\"crop\" : {\"top\":\"26.77\",\"left\":\"49.25\"},\n\t\t\t\t\"background\" : true,\n\t\t\t\t\"scale\" : 2\t\t\t\t}\n\t\t\t<\/script>\n\n\t\t\t<div class=\"height-container\" style=\"padding-bottom:170.78651685393%;\" v-if=\"sizes\">\n\t\t\t\t\t\t\t\t<lazy-media :inline=\"true\" :alt=\"alt\" :sizes=\"sizes\" :scale=\"scale\" :brightness=\"brightness\" :path=\"path\" :video=\"video\" :autoplay=\"autoplay\" :youtube=\"youtube\" :crop=\"crop\" :youtubelabel=\"youtubelabel\" :background=\"background\" media-id=\"desc_media_69f178095be0d\"><\/lazy-media>\n\t\t\t\t\t\t\t<\/div>\n\n\t\t\t\t\t\t\t<figcaption class=\"sr-only\" ref=\"body\" id=\"desc_media_69f178095be0d\">\n\t\t\t\t\t\t\t\t\t\t\t\t\t\t\t\t<div>Key Visual Beziehungsweise Familie <\/div>\n\t\t\t\t\t\t\t\t\t\t\t\t\t\t\t\t<div class=\"insignificant\">\u00a9 Stiftung Humboldt Forum im Berliner Schloss, Foto: Getty Images, The Image Bank, Karan Kapoor<\/div>\n\t\t\t\t\t\t\t\t\t<\/figcaption>\n\t\t\t\t\t<\/figure>\n\t<\/lazy-media-inline>\n\t\t\t\t<\/div>\n\t\t\t<\/div>\n\t\t\t<div class=\"col-xs-12 teaser-event-text Infos\">\n\t\t\t\t<div class=\"teaser-event-standard-text\">\n\t\t\t\t\t<div class=\"margin-bottom-atom\">\n\t\t\t\t\t\t<div class=\"subline clamp-1\" v-html=\"maingenre\"><\/div>\n\t\t\t\t\t\t\t\t\t\t\t<\/div>\n\t\t\t\t\n\t\t\t\t\t<strong class=\"margin-bottom-atom\">Beziehungsweise Familie<\/strong>\n\n\t\t\t\t\t\t\t\t\t\t\t<div class=\"\"><\/div>\n\t\t\t\t\t\t\t\t\t<\/div>\n\t\t\t\t<div class=\"teaser-bottom border-bottom\">\n\t\t\t\t<calendardateline :rawitem='item' :show-icon=\"true\"><\/calendardateline>\n\t\t\t\t\t<hr>\n\t\t\t\t<\/div>\n\t\t\t<\/div>\n\t\t<\/div>\n\t<\/a>\n\t<\/calendarteaser>\n<\/li>\n\n<\/ul>\n\t\t\t<\/div>\n\t\t\t\t<\/lazy-component>\n<\/section>\n\n\n\n<section class=\"block block-CTA block-CTA-long leftgradient\">\n\t<div class=\"container-fluid\">\n\t\t<div class=\"row center-xs\">\n\t\t\t<div class=\"col-xs-12\">\n\t\t\t\t<div class=\"box\">\n\t\t\t\t\t<a href=\"https:\/\/www.humboldtforum.org\/de\/newsletter-2\/\" aria-label=\"Bleiben Sie auf dem Laufenden!\" class=\"teaser teaser-cta-wide \">\n\t\t\t\t\t\t<div class=\"teaser-image\">\n\t\t\t\t\t\t\t\n\t<lazy-media-inline inline-template>\n\t\t<figure itemscope itemtype=\"http:\/\/schema.org\/ImageObject\" class=\"lazy-media-inline \" role=\"group\" id=\"media_69f178095dfb7\" aria-labelledby=\"desc_media_69f178095dfb7\">\n\t\t\t<script type=\"application\/json\" ref=\"data\">\n\t\t\t\t{\n\t\t\t\t\"sizes\" : {\"medium\":{\"file\":\"HF_eb00061823-scaled-300x200.jpg\",\"width\":300,\"height\":200,\"mime-type\":\"image\\\/jpeg\",\"filesize\":19186},\"large\":{\"file\":\"HF_eb00061823-scaled-1024x683.jpg\",\"width\":1024,\"height\":683,\"mime-type\":\"image\\\/jpeg\",\"filesize\":138597},\"thumbnail\":{\"file\":\"HF_eb00061823-scaled-150x150.jpg\",\"width\":150,\"height\":150,\"mime-type\":\"image\\\/jpeg\",\"filesize\":8513},\"medium_large\":{\"file\":\"HF_eb00061823-scaled-768x512.jpg\",\"width\":768,\"height\":512,\"mime-type\":\"image\\\/jpeg\",\"filesize\":86200},\"small\":{\"file\":\"HF_eb00061823-scaled-440x293.jpg\",\"width\":440,\"height\":293,\"mime-type\":\"image\\\/jpeg\",\"filesize\":35525},\"semi\":{\"file\":\"HF_eb00061823-scaled-580x387.jpg\",\"width\":580,\"height\":387,\"mime-type\":\"image\\\/jpeg\",\"filesize\":55724},\"mobile\":{\"file\":\"HF_eb00061823-scaled-720x480.jpg\",\"width\":720,\"height\":480,\"mime-type\":\"image\\\/jpeg\",\"filesize\":77971},\"hd\":{\"file\":\"HF_eb00061823-scaled-1280x854.jpg\",\"width\":1280,\"height\":854,\"mime-type\":\"image\\\/jpeg\",\"filesize\":202477},\"full\":{\"file\":\"HF_eb00061823-scaled-1920x1280.jpg\",\"width\":1920,\"height\":1280,\"mime-type\":\"image\\\/jpeg\",\"filesize\":386736},\"1536x1536\":{\"file\":\"HF_eb00061823-scaled-1536x1024.jpg\",\"width\":1536,\"height\":1024,\"mime-type\":\"image\\\/jpeg\",\"filesize\":266197},\"2048x2048\":{\"file\":\"HF_eb00061823-scaled-2048x1366.jpg\",\"width\":2048,\"height\":1366,\"mime-type\":\"image\\\/jpeg\",\"filesize\":430206},\"original\":{\"file\":\"HF_eb00061823-scaled.jpg\",\"width\":2560,\"height\":1707}},\n\t\t\t\t\"alt\" : \"Blick in das beleuchtete Foyer von der Galerie im ersten Stock mit Besuchenden, Infopoint und Medienturm\",\n\t\t\t\t\"path\" : \"\\\/wp-content\\\/uploads\\\/2020\\\/04\\\/\",\n\t\t\t\t\"video\" : null,\n\t\t\t\t\"autoplay\" : null,\n\t\t\t\t\"youtube\" : null,\n\t\t\t\t\"youtubelabel\" : \"Video abspielen\",\n\t\t\t\t\"brightness\" : \"70\",\n\t\t\t\t\"crop\" : {\"top\":\"90.37\",\"left\":\"39.93\"},\n\t\t\t\t\"background\" : true,\n\t\t\t\t\"scale\" : 2\t\t\t\t}\n\t\t\t<\/script>\n\n\t\t\t<div class=\"height-container\" style=\"padding-bottom:66.6796875%;\" v-if=\"sizes\">\n\t\t\t\t\t\t\t\t<lazy-media :inline=\"true\" :alt=\"alt\" :sizes=\"sizes\" :scale=\"scale\" :brightness=\"brightness\" :path=\"path\" :video=\"video\" :autoplay=\"autoplay\" :youtube=\"youtube\" :crop=\"crop\" :youtubelabel=\"youtubelabel\" :background=\"background\" media-id=\"desc_media_69f178095dfb7\"><\/lazy-media>\n\t\t\t\t\t\t\t<\/div>\n\n\t\t\t\t\t\t\t<figcaption class=\"sr-only\" ref=\"body\" id=\"desc_media_69f178095dfb7\">\n\t\t\t\t\t\t\t\t\t\t\t<div>Blick in das Foyer, November 2019.<\/div>\n\t\t\t\t\t\t\t\t\t\t\t\t\t\t\t\t\t\t\t\t\t<div class=\"insignificant\">\u00a9 Stiftung Humboldt Forum im Berliner Schloss \/ David von Becker<\/div>\n\t\t\t\t\t\t\t\t\t<\/figcaption>\n\t\t\t\t\t<\/figure>\n\t<\/lazy-media-inline>\n\t\t\t\t\t\t<\/div>\n\t\t\t\t\t\t<div class=\"teaser-content \">\n\t\t\t\t\t\t\t<div>\n\t\t\t\t\t\t\t\t\t\t\t\t\t\t\t\t<div class=\"teaser-header\"><span class=\"h3\">Bleiben Sie auf dem Laufenden!<\/span><\/div>\n\t\t\t\t\t\t\t\t<div class=\"teaser-subline\"><span class=\"font-decoration\">Abonnieren Sie unseren Newsletter.<\/span><\/div>\t\t\t\t\t\t\t\t<button tabindex=\"-1\" class=\"border\">Hier klicken<\/button>\n\t\t\t\t\t\t\t<\/div>\n\t\t\t\t\t\t<\/div>\n\t\t\t\t\t<\/a>\n\t\t\t\t<\/div>\n\t\t\t<\/div>\n\t\t<\/div>\n\t<\/div>\n<\/section>\n","protected":false},"template":"","genre":[1144],"digital":[],"topic":[],"stakeholder":[],"editorial":[],"editorialfilter":[],"targetgroup":[454],"language":[384],"accessability":[],"age":[1809],"school":[],"groupsize":[],"place":[],"class_list":["post-153776","event","type-event","status-publish","hentry","genre-lesung","targetgroup-kinder-und-familien","language-deutsch","age-ab-3-jahre"],"acf":[],"_links":{"self":[{"href":"https:\/\/www.humboldtforum.org\/de\/wp-json\/wp\/v2\/event\/153776","targetHints":{"allow":["GET"]}}],"collection":[{"href":"https:\/\/www.humboldtforum.org\/de\/wp-json\/wp\/v2\/event"}],"about":[{"href":"https:\/\/www.humboldtforum.org\/de\/wp-json\/wp\/v2\/types\/event"}],"version-history":[{"count":12,"href":"https:\/\/www.humboldtforum.org\/de\/wp-json\/wp\/v2\/event\/153776\/revisions"}],"predecessor-version":[{"id":156023,"href":"https:\/\/www.humboldtforum.org\/de\/wp-json\/wp\/v2\/event\/153776\/revisions\/156023"}],"wp:attachment":[{"href":"https:\/\/www.humboldtforum.org\/de\/wp-json\/wp\/v2\/media?parent=153776"}],"wp:term":[{"taxonomy":"genre","embeddable":true,"href":"https:\/\/www.humboldtforum.org\/de\/wp-json\/wp\/v2\/genre?post=153776"},{"taxonomy":"digital","embeddable":true,"href":"https:\/\/www.humboldtforum.org\/de\/wp-json\/wp\/v2\/digital?post=153776"},{"taxonomy":"topic","embeddable":true,"href":"https:\/\/www.humboldtforum.org\/de\/wp-json\/wp\/v2\/topic?post=153776"},{"taxonomy":"stakeholder","embeddable":true,"href":"https:\/\/www.humboldtforum.org\/de\/wp-json\/wp\/v2\/stakeholder?post=153776"},{"taxonomy":"editorial","embeddable":true,"href":"https:\/\/www.humboldtforum.org\/de\/wp-json\/wp\/v2\/editorial?post=153776"},{"taxonomy":"editorialfilter","embeddable":true,"href":"https:\/\/www.humboldtforum.org\/de\/wp-json\/wp\/v2\/editorialfilter?post=153776"},{"taxonomy":"targetgroup","embeddable":true,"href":"https:\/\/www.humboldtforum.org\/de\/wp-json\/wp\/v2\/targetgroup?post=153776"},{"taxonomy":"language","embeddable":true,"href":"https:\/\/www.humboldtforum.org\/de\/wp-json\/wp\/v2\/language?post=153776"},{"taxonomy":"accessability","embeddable":true,"href":"https:\/\/www.humboldtforum.org\/de\/wp-json\/wp\/v2\/accessability?post=153776"},{"taxonomy":"age","embeddable":true,"href":"https:\/\/www.humboldtforum.org\/de\/wp-json\/wp\/v2\/age?post=153776"},{"taxonomy":"school","embeddable":true,"href":"https:\/\/www.humboldtforum.org\/de\/wp-json\/wp\/v2\/school?post=153776"},{"taxonomy":"groupsize","embeddable":true,"href":"https:\/\/www.humboldtforum.org\/de\/wp-json\/wp\/v2\/groupsize?post=153776"},{"taxonomy":"place","embeddable":true,"href":"https:\/\/www.humboldtforum.org\/de\/wp-json\/wp\/v2\/place?post=153776"}],"curies":[{"name":"wp","href":"https:\/\/api.w.org\/{rel}","templated":true}]}}