{"id":154588,"date":"2025-10-23T10:44:25","date_gmt":"2025-10-23T08:44:25","guid":{"rendered":"https:\/\/www.humboldtforum.org\/?post_type=event&#038;p=154588"},"modified":"2025-12-01T16:37:02","modified_gmt":"2025-12-01T15:37:02","slug":"taufrisch","status":"publish","type":"event","link":"https:\/\/www.humboldtforum.org\/de\/programm\/termin\/konzert\/taufrisch-154588\/","title":{"rendered":"Taufrisch"},"content":{"rendered":"<section class=\"block block-copy\" >\n    <div class=\"container-fluid\">\n\t\t<div class=\"row \">\n            <div class=\"col-xs-12 col-md-offset-2 col-md-8\">\n                <div class=\"box\">\n                    <div class=\"copy\"><h5 id=\"ChecklisteKommunikationMikrokonzertRSB12TAUFRISCH-HansK\u00f6ssler\">Hans K\u00f6ssler<\/h5>\n<p><em>Sextett f\u00fcr zwei Violinen, zwei Violen und zwei Violoncelli f-Moll<\/em><\/p>\n<ol>\n<li>Adagio non troppo \u2013 Allegro<\/li>\n<li>Scherzo (Allegro ma non troppo)<\/li>\n<\/ol>\n<h5 id=\"ChecklisteKommunikationMikrokonzertRSB12TAUFRISCH-SofiaGubaidulina\">Sofia Gubaidulina<\/h5>\n<p><em>F\u00fcnf Et\u00fcden f\u00fcr Harfe, Kontrabass und Schlagzeug<\/em><\/p>\n<p>&nbsp;<\/p>\n<p>F\u00fcr das erste Mikrokonzert der Saison 2025\/26 kommen gleich neun Musiker*innen ins Humboldt Forum, die meisten davon Stipendiat*innen der Orchesterakademie des Rundfunk-Sinfonieorchesters Berlin.<\/p>\n<p>In Waldeck im Fichtelgebirge wurde am 1. Januar 1853 der Komponist Hans K\u00f6ssler geboren. Nach seiner Ausbildung in M\u00fcnchen und Dresden verbrachte er 43 Berufsjahre als Hochschullehrer in Budapest, wo er u.a. Zolt\u00e1n Kod\u00e1ly, B\u00e9la Bart\u00f3k, Emmerich K\u00e1lm\u00e1n, Ernst von Dohn\u00e1nyi und Le\u00f3 Weiner in Komposition unterrichtete. Darum kennen ihn manche auch als ungarischen Musiker namens J\u00e1nos Koessler. Unter den etwa 130 eigenen Kompositionen K\u00f6sslers stellt das Streichsextett wegen seiner herausragenden Qualit\u00e4t einen \u00dcberraschungsfund dar. 1902 erschienen, steht es den viel bekannteren Geschwistern aus der Feder von Johannes Brahms in keiner Weise nach.<\/p>\n<p>Am 13. M\u00e4rz 2025 starb die russisch genannte Komponistin Sofia Gubaidulina, sie wurde 93 Jahre alt. Die von der Grand Dame der zeitgen\u00f6ssischen Musik zeitlebens in Anspruch genommene k\u00fcnstlerische Unabh\u00e4ngigkeit zeichnet bereits die F\u00fcnf Et\u00fcden f\u00fcr Harfe, Kontrabass und Schlagzeug aus. Sie wurden uraufgef\u00fchrt &#8222;von befreundeten Musikern im M\u00e4rz 1966 im Moskauer Musikalischen Jugend-Klub, sowjetische Off-Szene sozusagen. Frappierend ist bei diesen f\u00fcnf kurzen Charakterst\u00fccken, wie individuell, frei von Stilnormen, kontrastreich und vielgestaltig sie sind. Selbst die Grenzen zu Jazz und Folklore sind flie\u00dfend. \u2026 Nach \u00fcber einem halben Jahrhundert wirkt diese Musik noch immer taufrisch und zeitlos.\u201c (Eckhard Weber)<\/p>\n<\/div>\n                <\/div>\n            <\/div>\n\t\t<\/div>\n\t\t    <\/div>\n<\/section>\n\n<section class=\"block block-copy\" >\n    <div class=\"container-fluid\">\n\t\t<div class=\"row \">\n            <div class=\"col-xs-12 col-md-offset-2 col-md-8\">\n                <div class=\"box\">\n                    <div class=\"copy\"><h5>Beteiligte<\/h5>\n<p id=\"ChecklisteKommunikationMikrokonzertRSB12TAUFRISCH-CristinaCasak*\"><strong><span data-olk-copy-source=\"MessageBody\">Bohun Seo <\/span> *<\/strong><br \/>\nVioline<\/p>\n<p id=\"ChecklisteKommunikationMikrokonzertRSB12TAUFRISCH-SeogyunNoh*\"><strong>Seogyun Noh *<\/strong><br \/>\nVioline<\/p>\n<p id=\"ChecklisteKommunikationMikrokonzertRSB12TAUFRISCH-GernotAdrion\"><strong>Gernot Adrion<\/strong><br \/>\nViola<\/p>\n<p id=\"ChecklisteKommunikationMikrokonzertRSB12TAUFRISCH-LiviaPat\u00e9*\"><strong>Livia Pat\u00e9 *<\/strong><br \/>\nViola<\/p>\n<p id=\"ChecklisteKommunikationMikrokonzertRSB12TAUFRISCH-DanbinLee*\"><strong>Danbin Lee *<\/strong><br \/>\nVioloncello<\/p>\n<p id=\"ChecklisteKommunikationMikrokonzertRSB12TAUFRISCH-JiWooYoon*\"><strong>Ji Woo Yoon *<\/strong><br \/>\nVioloncello<\/p>\n<p id=\"ChecklisteKommunikationMikrokonzertRSB12TAUFRISCH-MaudEdenwald\"><strong>Maud Edenwald<\/strong><br \/>\nHarfe<\/p>\n<p id=\"ChecklisteKommunikationMikrokonzertRSB12TAUFRISCH-JannisLichtenfels*\"><strong>Jannis Lichtenfels*<\/strong><br \/>\nSchlagzeug<\/p>\n<p id=\"ChecklisteKommunikationMikrokonzertRSB12TAUFRISCH-YuenKiuMarcoYeung*\"><strong>Yuen Kiu Marco Yeung *<\/strong><br \/>\nKontrabass<\/p>\n<p><em>* Stipendiat*innen der Orchesterakademie des Rundfunk-Sinfonieorchesters Berlin<\/em><\/p>\n<p>&nbsp;<\/p>\n<p><strong>Jan Linders (Humboldt Forum), Moderation<\/strong><\/p>\n<\/div>\n                <\/div>\n            <\/div>\n\t\t<\/div>\n\t\t    <\/div>\n<\/section>\n\n\n<section class=\"block block-accordion\">\n\t<div class=\"container-fluid\">\n\t\t<div class=\"row\">\n\t\t\t<div class=\"col-xs-12 col-md-offset-2 col-md-8\">\n\t\t\t\t<div class=\"box\">\n\t\t\t\t\t\t\t\t\t\t\t<block-accordion inline-template>\n\t\t\t\t\t\t\t<div class=\"accordion\">\n\t\t\t\t\t\t\t\t\t\t\t\t\t\t\t<block-accordion-item inline-template item-headline=\"Gernot Adrion\">\n\t\t\t\t\t\t\t\t<div ref=\"item\" data-id=\"GernotAdrion\" class=\"block-accordion-item vue-initialize\" aria-expanded=\"false\" :aria-expanded=\"active ? 'true' : 'false'\">\n\t\t\t\t\t\t\t\t\t<button class=\"accordion-button-with-icon block-accordion-item-head\" :class=\"{'button-active': active}\" ref=\"head\" aria-controls=\"acc_69ee0d8097c6b\" id=\"acc_title_69ee0d8097c6e\" @click=\"toggle\" @keydown=\"key\">\n\t\t\t\t\t\t\t\t\t<div><span class=\"button-label\">Gernot Adrion<\/span><\/div><span class=\"button-icon icon-plus\" aria-hidden=\"true\"><\/span>\n\t\t\t\t\t\t\t\t<\/button>\n\t\t\t\t\t\t\t\t\t<div ref=\"body\" class=\"block-accordion-item-content\" id=\"acc_69ee0d8097c6b\" role=\"region\">\n\t\t\t\t\t\t\t\t\t\t<div class=\"wrapper copy\">\n\t\t\t\t\t\t\t\t\t\t\t<p>Gernot Adrion ist seit 1996 stellvertretender Solobratscher im Rundfunk-Sinfonieorchester Berlin.<\/p>\n<p>Er studierte bis 1995 am Meistersinger-Konservatorium N\u00fcrnberg bei Hans Kohlhase und war Preistr\u00e4ger verschiedener Wettbewerbe, so des Bundeswettbewerbs <em>Jugend musiziert<\/em>, des IHK-Wettbewerbs, des Dr.-Drexel-Wettbewerbs in N\u00fcrnberg und des Deutschen Konservatoriumswettbewerbs in Darmstadt.<\/p>\n<p>Neben seiner p\u00e4dagogischen T\u00e4tigkeit als Mentor der Orchesterakademie des RSB gilt der Kammermusik seine besondere Liebe. Dabei verbindet ihn seit 2006 eine regelm\u00e4\u00dfige Zusammenarbeit mit Susanne Herzog und Hans-Jakob Eschenburg im Gideon-Klein-Trio sowie seit 2012 im Duo mit der Pianistin Yuki Inagawa.<\/p>\n<p>Gernot Adrion spielt eine Bratsche von Petrus Gaggini.<\/p>\n\n\t\t\t\t\t\t\t\t\t\t\t\t\t\t\t\t\t\t\t\t\t\t\t\t\t\t\t\t\t\t\t\t\t\n\t\t\t\t\t\t\t\t\t\t\t<div class=\"row\">\n\t\t\t\t\t\t\t\t\t\t\t\t<div class=\"col-xs-9 col-md-9\">\n\t\t\t\t\t\t\t\t\t\t\t\t\t<div class=\"box\">\n\t\t\t\t\t\t\t\t\t\t\t\t\t\t\t\t\t\t\t\t\t\t\t\t\t\t\t<\/div>\n\t\t\t\t\t\t\t\t\t\t\t\t<\/div>\n\t\t\t\t\t\t\t\t\t\t\t<\/div>\n\n\t\t\t\t\t\t\t\t\t\t\t\t\t\t\t\t\t\t\t\t\t<\/div>\n\t\t\t\t\t\t\t\t\t<\/div>\n\t\t\t\t\t\t\t\t<\/div>\n\t\t\t\t\t\t\t\t<\/block-accordion-item>\n\t\t\t\t\t\t\t\t\t\t\t\t\t\t<block-accordion-item inline-template item-headline=\"Bohun Seo\">\n\t\t\t\t\t\t\t\t<div ref=\"item\" data-id=\"BohunSeo\" class=\"block-accordion-item vue-initialize\" aria-expanded=\"false\" :aria-expanded=\"active ? 'true' : 'false'\">\n\t\t\t\t\t\t\t\t\t<button class=\"accordion-button-with-icon block-accordion-item-head\" :class=\"{'button-active': active}\" ref=\"head\" aria-controls=\"acc_69ee0d8097f56\" id=\"acc_title_69ee0d8097f57\" @click=\"toggle\" @keydown=\"key\">\n\t\t\t\t\t\t\t\t\t<div><span class=\"button-label\">Bohun Seo<\/span><\/div><span class=\"button-icon icon-plus\" aria-hidden=\"true\"><\/span>\n\t\t\t\t\t\t\t\t<\/button>\n\t\t\t\t\t\t\t\t\t<div ref=\"body\" class=\"block-accordion-item-content\" id=\"acc_69ee0d8097f56\" role=\"region\">\n\t\t\t\t\t\t\t\t\t\t<div class=\"wrapper copy\">\n\t\t\t\t\t\t\t\t\t\t\t<p>Bohun Seo wurde in S\u00fcdkorea geboren. Er studierte an der Hochschule f\u00fcr Musik und Tanz K\u00f6ln mit Ye-eun Choi und absolvierte 2025 sein Masterstudium. Von 2024 bis 2025 war er als Praktikant am Staatstheater Darmstadt besch\u00e4ftigt. Als Solist spielte Bohun Seo 2024 mit dem Orchester der Hochschule f\u00fcr Musik und Tanz K\u00f6ln. Derzeit studiert er an der Folkwang Universit\u00e4t der K\u00fcnste Essen mit Alissa Margulis. Seit November 2025 ist er Akademist beim Rundfunk-Sinfonieorchester Berlin.<\/p>\n\n\t\t\t\t\t\t\t\t\t\t\t\t\t\t\t\t\t\t\t\t\t\t\t\t\t\t\t\t\t\t\t\t\t\n\t\t\t\t\t\t\t\t\t\t\t<div class=\"row\">\n\t\t\t\t\t\t\t\t\t\t\t\t<div class=\"col-xs-9 col-md-9\">\n\t\t\t\t\t\t\t\t\t\t\t\t\t<div class=\"box\">\n\t\t\t\t\t\t\t\t\t\t\t\t\t\t\t\t\t\t\t\t\t\t\t\t\t\t\t<\/div>\n\t\t\t\t\t\t\t\t\t\t\t\t<\/div>\n\t\t\t\t\t\t\t\t\t\t\t<\/div>\n\n\t\t\t\t\t\t\t\t\t\t\t\t\t\t\t\t\t\t\t\t\t<\/div>\n\t\t\t\t\t\t\t\t\t<\/div>\n\t\t\t\t\t\t\t\t<\/div>\n\t\t\t\t\t\t\t\t<\/block-accordion-item>\n\t\t\t\t\t\t\t\t\t\t\t\t\t\t<block-accordion-item inline-template item-headline=\"Maud Edenwald\">\n\t\t\t\t\t\t\t\t<div ref=\"item\" data-id=\"MaudEdenwald\" class=\"block-accordion-item vue-initialize\" aria-expanded=\"false\" :aria-expanded=\"active ? 'true' : 'false'\">\n\t\t\t\t\t\t\t\t\t<button class=\"accordion-button-with-icon block-accordion-item-head\" :class=\"{'button-active': active}\" ref=\"head\" aria-controls=\"acc_69ee0d8098197\" id=\"acc_title_69ee0d8098198\" @click=\"toggle\" @keydown=\"key\">\n\t\t\t\t\t\t\t\t\t<div><span class=\"button-label\">Maud Edenwald<\/span><\/div><span class=\"button-icon icon-plus\" aria-hidden=\"true\"><\/span>\n\t\t\t\t\t\t\t\t<\/button>\n\t\t\t\t\t\t\t\t\t<div ref=\"body\" class=\"block-accordion-item-content\" id=\"acc_69ee0d8098197\" role=\"region\">\n\t\t\t\t\t\t\t\t\t\t<div class=\"wrapper copy\">\n\t\t\t\t\t\t\t\t\t\t\t<p>Maud Edenwald ist seit November 2015 Solo-Harfenistin des RSB. 1991 in Versailles, Frankreich geboren, fing ihre Harfenausbildung mit sechs Jahren in Bonn bei Frau Straub-Acoulon an. Sie studierte zun\u00e4chst in Versailles am Conservatoire de R\u00e9gion bei Annie Challan. 2004 kam sie nach Berlin und studierte vier Jahre lang bei Ronith Mues, bevor sie 2008 ein Studium als Jungstudentin in der Klasse von Maria Graf und Gesine Dreyer an der Hochschule f\u00fcr Musik \u201eHanns Eisler\u201c begann. Anschlie\u00dfend folgten von 2009 bis 2015 ein Bachelor- sowie ein Masterstudium. Zus\u00e4tzlich nahm sie an Meisterkursen teil, u.a. mit Jana Bouskova, Isabelle Moretti, Marie-Pierre Langlamet und Christine Icart.<\/p>\n<p>Orchestererfahrung sammelte sie als Mitglied des Bundesjugendorchesters sowie der Jungen Deutschen Philharmonie. Von 2012 bis 2013 war sie Solo-Harfenistin bei der Neubrandenburger Philharmonie, danach Akademistin an der Deutschen Oper Berlin. Anschlie\u00dfend spielte sie als Solo-Harfenistin beim Beethoven Orchester Bonn.<\/p>\n<p>2011 wurde ihr und dem RSB-Solobratscher Alejandro Regueira Caumel von der Jury einstimmig der 1. Preis beim Wettbewerb f\u00fcr Kammermusik mit Harfe in Madrid in der Kategorie Jugend verliehen. 2014 gewannen sie dort den 1. Preis in der Kategorie Erwachsene.<\/p>\n\n\t\t\t\t\t\t\t\t\t\t\t\t\t\t\t\t\t\t\t\t\t\t\t\t\t\t\t\t\t\t\t\t\t\n\t\t\t\t\t\t\t\t\t\t\t<div class=\"row\">\n\t\t\t\t\t\t\t\t\t\t\t\t<div class=\"col-xs-9 col-md-9\">\n\t\t\t\t\t\t\t\t\t\t\t\t\t<div class=\"box\">\n\t\t\t\t\t\t\t\t\t\t\t\t\t\t\t\t\t\t\t\t\t\t\t\t\t\t\t<\/div>\n\t\t\t\t\t\t\t\t\t\t\t\t<\/div>\n\t\t\t\t\t\t\t\t\t\t\t<\/div>\n\n\t\t\t\t\t\t\t\t\t\t\t\t\t\t\t\t\t\t\t\t\t<\/div>\n\t\t\t\t\t\t\t\t\t<\/div>\n\t\t\t\t\t\t\t\t<\/div>\n\t\t\t\t\t\t\t\t<\/block-accordion-item>\n\t\t\t\t\t\t\t\t\t\t\t\t\t\t<block-accordion-item inline-template item-headline=\"Danbin Lee\">\n\t\t\t\t\t\t\t\t<div ref=\"item\" data-id=\"DanbinLee\" class=\"block-accordion-item vue-initialize\" aria-expanded=\"false\" :aria-expanded=\"active ? 'true' : 'false'\">\n\t\t\t\t\t\t\t\t\t<button class=\"accordion-button-with-icon block-accordion-item-head\" :class=\"{'button-active': active}\" ref=\"head\" aria-controls=\"acc_69ee0d809841b\" id=\"acc_title_69ee0d809841c\" @click=\"toggle\" @keydown=\"key\">\n\t\t\t\t\t\t\t\t\t<div><span class=\"button-label\">Danbin Lee<\/span><\/div><span class=\"button-icon icon-plus\" aria-hidden=\"true\"><\/span>\n\t\t\t\t\t\t\t\t<\/button>\n\t\t\t\t\t\t\t\t\t<div ref=\"body\" class=\"block-accordion-item-content\" id=\"acc_69ee0d809841b\" role=\"region\">\n\t\t\t\t\t\t\t\t\t\t<div class=\"wrapper copy\">\n\t\t\t\t\t\t\t\t\t\t\t<p>Die 2003 geborene koreanische Cellistin Danbin Lee gilt als eine der vielversprechendsten jungen Musikerinnen ihrer Generation. Sie wird f\u00fcr ihren ausdrucksvollen Ton, ihre musikalische Reife und ihre feine k\u00fcnstlerische Sensibilit\u00e4t gesch\u00e4tzt. Derzeit studiert sie Master of Music im Fach Violoncello an der Hochschule f\u00fcr Musik Hanns Eisler Berlin bei Professor Troels Svane.<br \/>\nIm Jahr 2025 wurde Lee als Fellow und Solo-Cellistin des Aspen Conducting Academy Orchestra beim Aspen Music Festival and School (USA) ausgew\u00e4hlt. Ihre Teilnahme in Aspen markierte einen wichtigen Meilenstein in ihrer internationalen Laufbahn und zeigte ihr au\u00dfergew\u00f6hnliches Talent sowohl als Solistin als auch als Orchestermusikerin.<br \/>\nSie ist Preistr\u00e4gerin bedeutender internationaler Wettbewerbe, darunter der 1. Preis beim 8. Internationalen Dotzauer-Wettbewerb f\u00fcr junge Cellisten (2022), der 1. Preis beim Antonio Janigro International Cello Competition (Junior Division) sowie der 1. Preis beim David Popper International Cello Competition.<br \/>\nAls Solistin trat Lee mit Orchestern in Europa und Asien auf, darunter dem Torrevieja Symphony Orchestra (Spanien) und dem Dresdner Universit\u00e4ts-Sinfonieorchester (Deutschland), und interpretierte Werke von Tschaikowski, Schostakowitsch, Boccherini und Haydn. Ihre Solorezitals wurden unter anderem beim Hanns Eisler Kammer Musik Festival in Berlin, in der Kumho Art Hall und in der Elim Art Hall in Seoul pr\u00e4sentiert.<br \/>\nAls engagierte Kammermusikerin trat sie bei Festivals wie Music in PyeongChang und dem Mostly Cello Festival mit Jens Peter Maintz auf. Seit 2024 ist sie Mitglied des Arts Council Korea (ARKO) in Europe Ensemble und konzertiert an bedeutenden Orten wie dem Stiftung Mozarteum Wiener Saal in Salzburg.<br \/>\nIhre musikalische Entwicklung wurde durch Meisterkurse bei weltbekannten Cellisten gepr\u00e4gt, darunter Wolfgang Emanuel Schmidt, Wen-Sinn Yang, Danjulo Ishizaka, Jens Peter Maintz, Tsuyoshi Tsutsumi und Mikl\u00f3s Per\u00e9nyi. Besonders pr\u00e4gend waren ihre aktiven Teilnahmen an der Kronberg Academy Cello Masterclasses und dem Kronberg Festival sowie an der Cello Akademie Rutesheim (Deutschland), wo sie ihre k\u00fcnstlerische Ausdruckskraft weiter vertiefte.<br \/>\nMit einer Verbindung aus lyrischer Sensibilit\u00e4t und intellektueller Pr\u00e4zision erweitert Danbin Lee kontinuierlich ihre k\u00fcnstlerischen Horizonte in Europa, Asien und den Vereinigten Staaten und repr\u00e4sentiert eine neue Generation von Cellistinnen, die Musik als universelle Sprache mit der Welt teilen.<\/p>\n\n\t\t\t\t\t\t\t\t\t\t\t\t\t\t\t\t\t\t\t\t\t\t\t\t\t\t\t\t\t\t\t\t\t\n\t\t\t\t\t\t\t\t\t\t\t<div class=\"row\">\n\t\t\t\t\t\t\t\t\t\t\t\t<div class=\"col-xs-9 col-md-9\">\n\t\t\t\t\t\t\t\t\t\t\t\t\t<div class=\"box\">\n\t\t\t\t\t\t\t\t\t\t\t\t\t\t\t\t\t\t\t\t\t\t\t\t\t\t\t<\/div>\n\t\t\t\t\t\t\t\t\t\t\t\t<\/div>\n\t\t\t\t\t\t\t\t\t\t\t<\/div>\n\n\t\t\t\t\t\t\t\t\t\t\t\t\t\t\t\t\t\t\t\t\t<\/div>\n\t\t\t\t\t\t\t\t\t<\/div>\n\t\t\t\t\t\t\t\t<\/div>\n\t\t\t\t\t\t\t\t<\/block-accordion-item>\n\t\t\t\t\t\t\t\t\t\t\t\t\t\t<block-accordion-item inline-template item-headline=\"Jannis Lichtenfels\">\n\t\t\t\t\t\t\t\t<div ref=\"item\" data-id=\"JannisLichtenfels\" class=\"block-accordion-item vue-initialize\" aria-expanded=\"false\" :aria-expanded=\"active ? 'true' : 'false'\">\n\t\t\t\t\t\t\t\t\t<button class=\"accordion-button-with-icon block-accordion-item-head\" :class=\"{'button-active': active}\" ref=\"head\" aria-controls=\"acc_69ee0d80986ae\" id=\"acc_title_69ee0d80986af\" @click=\"toggle\" @keydown=\"key\">\n\t\t\t\t\t\t\t\t\t<div><span class=\"button-label\">Jannis Lichtenfels<\/span><\/div><span class=\"button-icon icon-plus\" aria-hidden=\"true\"><\/span>\n\t\t\t\t\t\t\t\t<\/button>\n\t\t\t\t\t\t\t\t\t<div ref=\"body\" class=\"block-accordion-item-content\" id=\"acc_69ee0d80986ae\" role=\"region\">\n\t\t\t\t\t\t\t\t\t\t<div class=\"wrapper copy\">\n\t\t\t\t\t\t\t\t\t\t\t<p>Jannis Lichtenfels wurde 1999 in Heidelberg geboren. Mit sechs Jahren erhielt er seinen ersten<br \/>\nSchlagzeugunterricht an der st\u00e4dtischen Musikschule Mosbach bei Wessela-Kostowa-Giesecke. Nach dem<br \/>\nAbitur begann er 2018 sein Bachelorstudium an der Hochschule f\u00fcr Musik Saar Saarbr\u00fccken bei Prof.<br \/>\nThomas Keemss, Matthias Wei\u00dfenauer und Martin Hennecke. W\u00e4hrend dieser Zeit konnte er zun\u00e4chst als<br \/>\nPraktikant beim Philharmonischen Orchester der Stadt Trier Erfahrung sammeln, bevor er dort in der<br \/>\ndarauffolgenden Spielzeit 2021\/22 im Zeitvertrag als Schlagzeuger und Pauker t\u00e4tig war. Erg\u00e4nzende<br \/>\nErfahrungen sammelte er auch durch Meisterkurse u.a. bei Franz Lang, Guido Marggrander und Jochen<br \/>\nSchorer. <\/p>\n<p>Nach Abschluss des Bachelorstudiums in Saarbr\u00fccken gewann er Ende 2023 das Probespiel f\u00fcr die<br \/>\nSchlagzeug-Akademie bei den D\u00fcsseldorfer Symphonikern, wo er bis August 2025 als Akademist t\u00e4tig war.<br \/>\nKurz nach Beginn der dortigen Akademiezeit setzte er parallel dazu sein Studium im Master an der Robert-Schumann-Hochschule D\u00fcsseldorf bei Prof. Peter Stracke fort. Seit Beginn der Saison 2025\/26 ist Jannis<br \/>\nLichtenfels Akademist beim Rundfunk-Sinfonieorchester Berlin.<\/p>\n\n\t\t\t\t\t\t\t\t\t\t\t\t\t\t\t\t\t\t\t\t\t\t\t\t\t\t\t\t\t\t\t\t\t\n\t\t\t\t\t\t\t\t\t\t\t<div class=\"row\">\n\t\t\t\t\t\t\t\t\t\t\t\t<div class=\"col-xs-9 col-md-9\">\n\t\t\t\t\t\t\t\t\t\t\t\t\t<div class=\"box\">\n\t\t\t\t\t\t\t\t\t\t\t\t\t\t\t\t\t\t\t\t\t\t\t\t\t\t\t<\/div>\n\t\t\t\t\t\t\t\t\t\t\t\t<\/div>\n\t\t\t\t\t\t\t\t\t\t\t<\/div>\n\n\t\t\t\t\t\t\t\t\t\t\t\t\t\t\t\t\t\t\t\t\t<\/div>\n\t\t\t\t\t\t\t\t\t<\/div>\n\t\t\t\t\t\t\t\t<\/div>\n\t\t\t\t\t\t\t\t<\/block-accordion-item>\n\t\t\t\t\t\t\t\t\t\t\t\t\t\t<block-accordion-item inline-template item-headline=\"Seogyun Noh\">\n\t\t\t\t\t\t\t\t<div ref=\"item\" data-id=\"SeogyunNoh\" class=\"block-accordion-item vue-initialize\" aria-expanded=\"false\" :aria-expanded=\"active ? 'true' : 'false'\">\n\t\t\t\t\t\t\t\t\t<button class=\"accordion-button-with-icon block-accordion-item-head\" :class=\"{'button-active': active}\" ref=\"head\" aria-controls=\"acc_69ee0d80988c9\" id=\"acc_title_69ee0d80988ca\" @click=\"toggle\" @keydown=\"key\">\n\t\t\t\t\t\t\t\t\t<div><span class=\"button-label\">Seogyun Noh<\/span><\/div><span class=\"button-icon icon-plus\" aria-hidden=\"true\"><\/span>\n\t\t\t\t\t\t\t\t<\/button>\n\t\t\t\t\t\t\t\t\t<div ref=\"body\" class=\"block-accordion-item-content\" id=\"acc_69ee0d80988c9\" role=\"region\">\n\t\t\t\t\t\t\t\t\t\t<div class=\"wrapper copy\">\n\t\t\t\t\t\t\t\t\t\t\t<p>Die Violinistin Seogyun Noh wurde in S\u00fcdkorea geboren und studierte Violine an der Korea National University of Arts, wo sie sowohl den Bachelor- als auch den Masterabschluss erwarb. Anschlie\u00dfend war sie Mitglied des Akademie-Programms des KBS-Sinfonieorchesters in Seoul. Derzeit setzt sie ihr Studium im Master of Music an der Hochschule f\u00fcr Musik und Tanz K\u00f6ln in der Klasse von Prof. Yeeun Choi fort. Sie ist Mitglied der Jungen Deutschen Philharmonie und seit Oktober 2025 Akademistin des Rundfunk-Sinfonieorchesters Berlin.<\/p>\n\n\t\t\t\t\t\t\t\t\t\t\t\t\t\t\t\t\t\t\t\t\t\t\t\t\t\t\t\t\t\t\t\t\t\n\t\t\t\t\t\t\t\t\t\t\t<div class=\"row\">\n\t\t\t\t\t\t\t\t\t\t\t\t<div class=\"col-xs-9 col-md-9\">\n\t\t\t\t\t\t\t\t\t\t\t\t\t<div class=\"box\">\n\t\t\t\t\t\t\t\t\t\t\t\t\t\t\t\t\t\t\t\t\t\t\t\t\t\t\t<\/div>\n\t\t\t\t\t\t\t\t\t\t\t\t<\/div>\n\t\t\t\t\t\t\t\t\t\t\t<\/div>\n\n\t\t\t\t\t\t\t\t\t\t\t\t\t\t\t\t\t\t\t\t\t<\/div>\n\t\t\t\t\t\t\t\t\t<\/div>\n\t\t\t\t\t\t\t\t<\/div>\n\t\t\t\t\t\t\t\t<\/block-accordion-item>\n\t\t\t\t\t\t\t\t\t\t\t\t\t\t<block-accordion-item inline-template item-headline=\"Livia Pat\u00e9\">\n\t\t\t\t\t\t\t\t<div ref=\"item\" data-id=\"LiviaPat\" class=\"block-accordion-item vue-initialize\" aria-expanded=\"false\" :aria-expanded=\"active ? 'true' : 'false'\">\n\t\t\t\t\t\t\t\t\t<button class=\"accordion-button-with-icon block-accordion-item-head\" :class=\"{'button-active': active}\" ref=\"head\" aria-controls=\"acc_69ee0d8098b45\" id=\"acc_title_69ee0d8098b46\" @click=\"toggle\" @keydown=\"key\">\n\t\t\t\t\t\t\t\t\t<div><span class=\"button-label\">Livia Pat\u00e9<\/span><\/div><span class=\"button-icon icon-plus\" aria-hidden=\"true\"><\/span>\n\t\t\t\t\t\t\t\t<\/button>\n\t\t\t\t\t\t\t\t\t<div ref=\"body\" class=\"block-accordion-item-content\" id=\"acc_69ee0d8098b45\" role=\"region\">\n\t\t\t\t\t\t\t\t\t\t<div class=\"wrapper copy\">\n\t\t\t\t\t\t\t\t\t\t\t<p>Die Geigerin Livia Pat\u00e9 wurde 2002 in Berlin geboren. Ihre musikalische Laufbahn begann sie im Jahr 2006 mit Geigenunterricht bei Yoko Hoshino. 2012 wurde sie Sch\u00fclerin des C.P.E. Bach-Gymnasiums und Jungstudentin an der Hochschule f\u00fcr Musik Hanns Eisler Berlin, wo sie bei Professor Kittel studierte. 2015 wechselte sie zur Bratsche und setzte ihr Studium bei Professorin Ditte Leser fort. Im selben Jahr wurde sie Mitglied der Deutschen Streicherphilharmonie und trat 2016 der Internationalen Musikakademie Berlin bei.<\/p>\n<p>Ab 2021 studierte Livia Pat\u00e9 bei Professorin Pauline Sachse, zun\u00e4chst in L\u00fcbeck. 2024 folgte sie ihr an die Hochschule f\u00fcr Musik und Theater Leipzig. Parallel dazu wurde sie 2024 Mitglied der Jungen Deutschen Philharmonie und absolvierte ein Erasmus-Semester am Conservatoire National Sup\u00e9rieur de Musique et de Danse de Paris bei Professor David Gaillard (2024\/2025).<\/p>\n<p>Ihr k\u00fcnstlerisches Schaffen umfasst solistische, kammermusikalische und orchestrale Auftritte. Zu den H\u00f6hepunkten z\u00e4hlen Solokonzerte im Rahmen der Internationalen Musikakademie im Konzerthaus Berlin (2017), ein Klavierquartett-Konzert in der Konzertreihe <em>Preludes Concerts<\/em> (2019), solistische Auftritte an der Deutschen Oper Berlin und im Roten Rathaus zur Er\u00f6ffnung des Musikschulkongresses mit Klaus Lederer (2019) sowie ein Konzert mit dem Orchester des Julius-Stern-Instituts unter der Leitung von Christoph Eschenbach (2019). Weitere bedeutende Stationen waren der Kammermusikkurs <em>Making Music Together<\/em>\u00a0an der Kronberg Academy (2020), diverse Kammermusikauftritte mit Quartettunterricht bei Professor Heime M\u00fcller (2022), eine Meisterklasse mit anschlie\u00dfendem Solokonzert mit Orchester in Bad Elster (2023) sowie die Teilnahme am Schleswig-Holstein Musik Festival (2024).<\/p>\n<p>Livia Pat\u00e9 wurde mit zahlreichen Preisen und Stipendien ausgezeichnet, darunter ein Stipendium der Internationalen Musikakademie Berlin (2017), eine F\u00f6rderung durch die Ad Infinitum Foundation (2022), der Nachwuchspreis der Churs\u00e4chsischen Philharmonie (2023) sowie ein Stipendium f\u00fcr soziales Engagement mit 14 Quartettkonzerten im Rahmen von Musethica (2024).<\/p>\n\n\t\t\t\t\t\t\t\t\t\t\t\t\t\t\t\t\t\t\t\t\t\t\t\t\t\t\t\t\t\t\t\t\t\n\t\t\t\t\t\t\t\t\t\t\t<div class=\"row\">\n\t\t\t\t\t\t\t\t\t\t\t\t<div class=\"col-xs-9 col-md-9\">\n\t\t\t\t\t\t\t\t\t\t\t\t\t<div class=\"box\">\n\t\t\t\t\t\t\t\t\t\t\t\t\t\t\t\t\t\t\t\t\t\t\t\t\t\t\t<\/div>\n\t\t\t\t\t\t\t\t\t\t\t\t<\/div>\n\t\t\t\t\t\t\t\t\t\t\t<\/div>\n\n\t\t\t\t\t\t\t\t\t\t\t\t\t\t\t\t\t\t\t\t\t<\/div>\n\t\t\t\t\t\t\t\t\t<\/div>\n\t\t\t\t\t\t\t\t<\/div>\n\t\t\t\t\t\t\t\t<\/block-accordion-item>\n\t\t\t\t\t\t\t\t\t\t\t\t\t\t<block-accordion-item inline-template item-headline=\"Yuen Kiu Marco Yeung\">\n\t\t\t\t\t\t\t\t<div ref=\"item\" data-id=\"YuenKiuMarcoYeung\" class=\"block-accordion-item vue-initialize\" aria-expanded=\"false\" :aria-expanded=\"active ? 'true' : 'false'\">\n\t\t\t\t\t\t\t\t\t<button class=\"accordion-button-with-icon block-accordion-item-head\" :class=\"{'button-active': active}\" ref=\"head\" aria-controls=\"acc_69ee0d8098d90\" id=\"acc_title_69ee0d8098d91\" @click=\"toggle\" @keydown=\"key\">\n\t\t\t\t\t\t\t\t\t<div><span class=\"button-label\">Yuen Kiu Marco Yeung<\/span><\/div><span class=\"button-icon icon-plus\" aria-hidden=\"true\"><\/span>\n\t\t\t\t\t\t\t\t<\/button>\n\t\t\t\t\t\t\t\t\t<div ref=\"body\" class=\"block-accordion-item-content\" id=\"acc_69ee0d8098d90\" role=\"region\">\n\t\t\t\t\t\t\t\t\t\t<div class=\"wrapper copy\">\n\t\t\t\t\t\t\t\t\t\t\t<p>Yuen Kiu Marco Yeung wurde 2002 in Hongkong geboren und erhielt dort im Alter von sechs Jahren seinen ersten Kontrabassunterricht. Nach Gymnasium begann er 2021 sein Bachelorstudium bei Prof. Peter Kubina in Liszt Academy of Music Budapest und 2022 hat er zu der Klasse von Prof. Frithjof-Martin Grabner an der Hochschule f\u00fcr Musik und Theater Leipzig gewechselt. Seit 2025 setzt er sein Masterstudium bei Prof. Michail-Pavlos Semsis an der Hochschule f\u00fcr Musik N\u00fcrnberg fort. Weitere Impulse erhielt er auf Meisterkursen u.a. von Matthew McDonald, Dorin Marc und Dominik Wagner. Seit November 2024 ist er Teil der Orchesterakademie des Rundfunk-Sinfonieorchesters Berlin.<\/p>\n\n\t\t\t\t\t\t\t\t\t\t\t\t\t\t\t\t\t\t\t\t\t\t\t\t\t\t\t\t\t\t\t\t\t\n\t\t\t\t\t\t\t\t\t\t\t<div class=\"row\">\n\t\t\t\t\t\t\t\t\t\t\t\t<div class=\"col-xs-9 col-md-9\">\n\t\t\t\t\t\t\t\t\t\t\t\t\t<div class=\"box\">\n\t\t\t\t\t\t\t\t\t\t\t\t\t\t\t\t\t\t\t\t\t\t\t\t\t\t\t<\/div>\n\t\t\t\t\t\t\t\t\t\t\t\t<\/div>\n\t\t\t\t\t\t\t\t\t\t\t<\/div>\n\n\t\t\t\t\t\t\t\t\t\t\t\t\t\t\t\t\t\t\t\t\t<\/div>\n\t\t\t\t\t\t\t\t\t<\/div>\n\t\t\t\t\t\t\t\t<\/div>\n\t\t\t\t\t\t\t\t<\/block-accordion-item>\n\t\t\t\t\t\t\t\t\t\t\t\t\t\t<block-accordion-item inline-template item-headline=\"Ji Woo Yoon\">\n\t\t\t\t\t\t\t\t<div ref=\"item\" data-id=\"JiWooYoon\" class=\"block-accordion-item vue-initialize\" aria-expanded=\"false\" :aria-expanded=\"active ? 'true' : 'false'\">\n\t\t\t\t\t\t\t\t\t<button class=\"accordion-button-with-icon block-accordion-item-head\" :class=\"{'button-active': active}\" ref=\"head\" aria-controls=\"acc_69ee0d8098fba\" id=\"acc_title_69ee0d8098fbb\" @click=\"toggle\" @keydown=\"key\">\n\t\t\t\t\t\t\t\t\t<div><span class=\"button-label\">Ji Woo Yoon<\/span><\/div><span class=\"button-icon icon-plus\" aria-hidden=\"true\"><\/span>\n\t\t\t\t\t\t\t\t<\/button>\n\t\t\t\t\t\t\t\t\t<div ref=\"body\" class=\"block-accordion-item-content\" id=\"acc_69ee0d8098fba\" role=\"region\">\n\t\t\t\t\t\t\t\t\t\t<div class=\"wrapper copy\">\n\t\t\t\t\t\t\t\t\t\t\t<p>Ji Woo Yoon ist eine koreanisch-australische Cellistin, die nach Abschluss ihres Bachelorstudiums an der Hochschule f\u00fcr Musik, Theater und Medien Hannover bei Prof. Tilmann Wick und Paolo Bonomini derzeit an der Universit\u00e4t der K\u00fcnste Berlin bei Prof. Konstantin Heidrich studiert.<\/p>\n<p>Zu ihren zahlreichen Wettbewerbserfolgen im Ausland z\u00e4hlen: Gewinnerin der Kategorie Streicher beim Valsesia Juniores Musica Wettbewerb 2020 (Italien), 1. Preis beim Melbourne Youth Orchestra Virtuosity Competition und ein Sonderpreis beim J.S. Bach and Great Romantics Competition, beide veranstaltet vom Melbourne Recital Centre.<\/p>\n<p>Sie war Preistr\u00e4gerin des Cello-Probespiels der Tiroler Festspielhaus Erl Akademie 2023. Sie war Praktikantin bei der NDR Radiophilharmonie Hannover und hatte einen Zeitvertrag als Vorspielerin beim G\u00f6ttinger Sinfonieorchester.<\/p>\n<p>Ji Woo liebt die Interaktion mit anderen Musikern, die die gleiche Leidenschaft haben, und findet es aufregend, ihre eigenen Ideen und Interpretationen mit anderen K\u00fcnstlern und dem Publikum zu teilen, wenn sie auf der B\u00fchne steht.<\/p>\n\n\t\t\t\t\t\t\t\t\t\t\t\t\t\t\t\t\t\t\t\t\t\t\t\t\t\t\t\t\t\t\t\t\t\n\t\t\t\t\t\t\t\t\t\t\t<div class=\"row\">\n\t\t\t\t\t\t\t\t\t\t\t\t<div class=\"col-xs-9 col-md-9\">\n\t\t\t\t\t\t\t\t\t\t\t\t\t<div class=\"box\">\n\t\t\t\t\t\t\t\t\t\t\t\t\t\t\t\t\t\t\t\t\t\t\t\t\t\t\t<\/div>\n\t\t\t\t\t\t\t\t\t\t\t\t<\/div>\n\t\t\t\t\t\t\t\t\t\t\t<\/div>\n\n\t\t\t\t\t\t\t\t\t\t\t\t\t\t\t\t\t\t\t\t\t<\/div>\n\t\t\t\t\t\t\t\t\t<\/div>\n\t\t\t\t\t\t\t\t<\/div>\n\t\t\t\t\t\t\t\t<\/block-accordion-item>\n\t\t\t\t\t\t\t\t\t\t\t\t\t<\/div>\n\t\t\t\t\t\t<\/block-accordion>\n\t\t\t\t\t\t\t\t\t<\/div>\n\t\t\t<\/div>\n\t\t<\/div>\n\t<\/div>\n<\/section>\n\n\n<section class=\"block block-teaser col-1 has-bg\" style=\"--teaser-bg:#f2f2f2\">\n\t<lazy-component :fixed-min-height=\"400\">\n\t\n\t\t\t\t\t<div class=\"container-fluid\">\n\t\t\t\t<div class=\"row bottom-xs\">\n\t\t\t\t\t<div class=\"col-xs-12 col-sm-10 col-md-8 col-sm-offset-1 col-md-offset-2\">\n\t\t\t\t\t\t<h4>geh\u00f6rt zu<\/h4>\t\t\t\t\t\t\t\t\t\t\t\t\t\t\t\t\t\t\t<\/div>\n\t\t\t\t\t<div class=\"col-xs-12 col-sm-10 col-md-8 col-sm-offset-1 col-md-offset-2 start-xs end-md margin-bottom-sixth\">\n\t\t\t\t\t\t\t\t\t\t\t<\/div>\n\t\t\t\t<\/div>\n\t\t\t\t<ul class=\"row\">\n\t\t\t\n<li class=\"col-xs-12 teaser-wrapper col-padding-remove\">\n\t<calendarteaser key=\"1193837846\" rawitem='{&quot;postId&quot;:119383,&quot;title&quot;:&quot;Mikrokonzerte des Rundfunk-Sinfonieorchesters Berlin&quot;,&quot;excerpt&quot;:&quot;&quot;,&quot;slug&quot;:&quot;mikrokonzerte-des-rundfunk-sinfonieorchesters-berlin&quot;,&quot;type&quot;:&quot;event-sequence&quot;,&quot;post_date&quot;:&quot;2024-01-10T15:25&quot;,&quot;permalink&quot;:&quot;https:\\\/\\\/www.humboldtforum.org\\\/de\\\/programm\\\/event-reihe\\\/konzert\\\/mikrokonzerte-des-rundfunk-sinfonieorchesters-berlin-119383\\\/&quot;,&quot;genre&quot;:[393],&quot;genre_details&quot;:[{&quot;text&quot;:&quot;Konzert&quot;,&quot;id&quot;:393,&quot;icon&quot;:null,&quot;parent&quot;:0}],&quot;stakeholder&quot;:[382],&quot;stakeholder_details&quot;:[{&quot;text&quot;:&quot;Stiftung Humboldt Forum im Berliner Schloss&quot;,&quot;id&quot;:382,&quot;icon&quot;:null,&quot;parent&quot;:0}],&quot;targetgroup&quot;:[383,455,454],&quot;targetgroup_details&quot;:[{&quot;text&quot;:&quot;Erwachsene&quot;,&quot;id&quot;:383,&quot;icon&quot;:null,&quot;parent&quot;:0},{&quot;text&quot;:&quot;Jugendliche&quot;,&quot;id&quot;:455,&quot;icon&quot;:null,&quot;parent&quot;:0},{&quot;text&quot;:&quot;Kinder und Familien&quot;,&quot;id&quot;:454,&quot;icon&quot;:null,&quot;parent&quot;:0}],&quot;language&quot;:[422],&quot;language_details&quot;:[{&quot;text&quot;:&quot;Keine Sprachkenntnisse erforderlich&quot;,&quot;id&quot;:422,&quot;icon&quot;:null,&quot;parent&quot;:0}],&quot;place&quot;:[404],&quot;place_details&quot;:{&quot;place&quot;:&quot;Humboldt Forum&quot;,&quot;map&quot;:&quot;Humboldt Forum, Schlossplatz, Berlin&quot;,&quot;room&quot;:&quot;&quot;},&quot;icon_overwrite&quot;:&quot;&quot;,&quot;acf&quot;:{&quot;noindex&quot;:false,&quot;keywords&quot;:&quot;&quot;,&quot;shorturl&quot;:&quot;mikrokonzerte&quot;,&quot;belongsto&quot;:false,&quot;additional_info&quot;:{&quot;icon&quot;:&quot;0&quot;,&quot;text&quot;:&quot;&quot;},&quot;highlight_header&quot;:false,&quot;use_video_in_teasers&quot;:false,&quot;hyphenation&quot;:true,&quot;manual_period&quot;:false,&quot;tipp&quot;:false,&quot;joker&quot;:false,&quot;live&quot;:false,&quot;hide_event_in_program&quot;:false,&quot;featured_images&quot;:[119420],&quot;announcement&quot;:&quot;Veranstaltungsreihe&quot;,&quot;overwrite_date&quot;:&quot;Veranstaltungsreihe&quot;,&quot;events&quot;:[141036,154588,156510,157394,158848,160047,161796]},&quot;date&quot;:{&quot;NLAST&quot;:&quot;202604121500&quot;,&quot;NX&quot;:null,&quot;NXX&quot;:null,&quot;from_DATE&quot;:&quot;20250105 14:00&quot;,&quot;from&quot;:1736078400,&quot;to&quot;:1775995200,&quot;to_DATE&quot;:&quot;20260412 15:00&quot;,&quot;from_HRFSHORT&quot;:&quot; 5. Jan 2025&quot;,&quot;from_HRFSHORT_WD&quot;:&quot;So 05.01.2025&quot;,&quot;to_HRFSHORT&quot;:&quot;12. Apr 2026&quot;,&quot;to_HRFSHORT_WD&quot;:&quot;So 12.04.2026&quot;,&quot;from_HRF&quot;:&quot;So,  5. Januar 2025&quot;,&quot;to_HRF&quot;:&quot;So, 12. April 2026&quot;,&quot;from_to_HRF&quot;:&quot;So,  5. Januar 2025 \\u2013 So, 12. April 2026&quot;,&quot;from_to_HRFSHORT&quot;:&quot; 5. Jan 2025 \\u2013 12. Apr 2026&quot;},&quot;alert&quot;:null,&quot;partof&quot;:[],&quot;marketing_topic&quot;:&quot;&quot;}' inline-template>\n\t<a href=\"https:\/\/www.humboldtforum.org\/de\/programm\/event-reihe\/konzert\/mikrokonzerte-des-rundfunk-sinfonieorchesters-berlin-119383\/\" class=\"teaser teaser-event-sequence teaser-event-standard\">\n\t\t<div class=\"row\">\n\t\t\t<div class=\"col-xs-12 col-sm-6 col-md-5 col-sm-offset-1 col-md-offset-2 first-sm teaser-event-text Infos\">\n\t\t\t\t<div class=\"teaser-event-standard-text\">\n\t\t\t\t\t<div class=\"margin-bottom-atom\">\n\t\t\t\t\t\t<div class=\"subline clamp-1\" v-html=\"maingenre\"><\/div>\n\t\t\t\t\t\t\t\t\t\t\t<\/div>\n\t\t\t\t\n\t\t\t\t\t<strong class=\"margin-bottom-atom h5\">Mikrokonzerte des Rundfunk-Sinfonieorchesters Berlin<\/strong>\n\n\t\t\t\t\t\t\t\t\t<\/div>\n\t\t\t\t<div class=\"teaser-bottom border-bottom\">\n\t\t\t\t<calendardateline :rawitem='item' :show-icon=\"true\"><\/calendardateline>\n\t\t\t\t\t<hr>\n\t\t\t\t<\/div>\n\t\t\t<\/div>\n\t\t\t<div class=\"col-xs-12 col-sm-4 col-md-3 teaser-event-image bottom-xs first-xs\">\n\t\t\t\t<div class=\"teaser-image teaser-image-no-alternate\">\n\t\t\t\t\t\t\t\t\t\t\t\n\t<lazy-media-inline inline-template>\n\t\t<figure itemscope itemtype=\"http:\/\/schema.org\/ImageObject\" class=\"lazy-media-inline \" role=\"group\" id=\"media_69ee0d80bd280\" aria-labelledby=\"desc_media_69ee0d80bd280\">\n\t\t\t<script type=\"application\/json\" ref=\"data\">\n\t\t\t\t{\n\t\t\t\t\"sizes\" : {\"medium\":{\"file\":\"RSB_Landingpage-300x180.jpg\",\"width\":300,\"height\":180,\"mime-type\":\"image\\\/jpeg\",\"filesize\":10245},\"large\":{\"file\":\"RSB_Landingpage-1024x613.jpg\",\"width\":1024,\"height\":613,\"mime-type\":\"image\\\/jpeg\",\"filesize\":59365},\"thumbnail\":{\"file\":\"RSB_Landingpage-150x150.jpg\",\"width\":150,\"height\":150,\"mime-type\":\"image\\\/jpeg\",\"filesize\":5161},\"medium_large\":{\"file\":\"RSB_Landingpage-768x460.jpg\",\"width\":768,\"height\":460,\"mime-type\":\"image\\\/jpeg\",\"filesize\":39190},\"small\":{\"file\":\"RSB_Landingpage-440x264.jpg\",\"width\":440,\"height\":264,\"mime-type\":\"image\\\/jpeg\",\"filesize\":17909},\"semi\":{\"file\":\"RSB_Landingpage-580x347.jpg\",\"width\":580,\"height\":347,\"mime-type\":\"image\\\/jpeg\",\"filesize\":26860},\"mobile\":{\"file\":\"RSB_Landingpage-720x431.jpg\",\"width\":720,\"height\":431,\"mime-type\":\"image\\\/jpeg\",\"filesize\":35275},\"hd\":{\"file\":\"RSB_Landingpage-1280x767.jpg\",\"width\":1280,\"height\":767,\"mime-type\":\"image\\\/jpeg\",\"filesize\":81678},\"full\":{\"file\":\"RSB_Landingpage-1920x1150.jpg\",\"width\":1920,\"height\":1150,\"mime-type\":\"image\\\/jpeg\",\"filesize\":151128},\"1536x1536\":{\"file\":\"RSB_Landingpage-1536x920.jpg\",\"width\":1536,\"height\":920,\"mime-type\":\"image\\\/jpeg\",\"filesize\":106579},\"2048x2048\":{\"file\":\"RSB_Landingpage-2048x1227.jpg\",\"width\":2048,\"height\":1227,\"mime-type\":\"image\\\/jpeg\",\"filesize\":163391},\"original\":{\"file\":\"RSB_Landingpage.jpg\",\"width\":3840,\"height\":2300}},\n\t\t\t\t\"alt\" : \"Muster aus bunten, geometrischen Icons, die Sport und Fitness darstellen, auf hellblauem Hintergrund.\",\n\t\t\t\t\"path\" : \"\\\/wp-content\\\/uploads\\\/2024\\\/01\\\/\",\n\t\t\t\t\"video\" : null,\n\t\t\t\t\"autoplay\" : null,\n\t\t\t\t\"youtube\" : null,\n\t\t\t\t\"youtubelabel\" : \"Video abspielen\",\n\t\t\t\t\"brightness\" : 100,\n\t\t\t\t\"crop\" : {\"top\":\"50.00\",\"left\":\"50.00\"},\n\t\t\t\t\"background\" : true,\n\t\t\t\t\"scale\" : 2\t\t\t\t}\n\t\t\t<\/script>\n\n\t\t\t<div class=\"height-container\" style=\"padding-bottom:59.895833333333%;\" v-if=\"sizes\">\n\t\t\t\t\t\t\t\t<lazy-media :inline=\"true\" :alt=\"alt\" :sizes=\"sizes\" :scale=\"scale\" :brightness=\"brightness\" :path=\"path\" :video=\"video\" :autoplay=\"autoplay\" :youtube=\"youtube\" :crop=\"crop\" :youtubelabel=\"youtubelabel\" :background=\"background\" media-id=\"desc_media_69ee0d80bd280\"><\/lazy-media>\n\t\t\t\t\t\t\t<\/div>\n\n\t\t\t\t\t\t\t<figcaption class=\"sr-only\" ref=\"body\" id=\"desc_media_69ee0d80bd280\">\n\t\t\t\t\t\t\t\t\t\t\t\t\t\t\t\t<div>Keyvisual Mikrokonzert-Reihe <\/div>\n\t\t\t\t\t\t\t\t\t\t\t\t\t\t\t\t<div class=\"insignificant\">\u00a9 \u00c1lvaro Vali\u00f1o<\/div>\n\t\t\t\t\t\t\t\t\t<\/figcaption>\n\t\t\t\t\t<\/figure>\n\t<\/lazy-media-inline>\n\t\t\t\t<\/div>\n\t\t\t<\/div>\n\t\t<\/div>\n\t<\/a>\n\t<\/calendarteaser>\n<\/li>\n\n\t\t\t\t<\/ul>\n\t\t\t<\/div>\n\t\t\t\t<\/lazy-component>\n<\/section>\n\n\n\n<section class=\"block block-copy block-no-margin\" >\n    <div class=\"container-fluid\">\n\t\t<div class=\"row \">\n            <div class=\"col-xs-12 col-md-offset-2 col-md-8\">\n                <div class=\"box\">\n                    <div class=\"copy\"><p><em>Die Mikrokonzerte sind Teil einer Reihe von Konzerten, bei denen Musiker*innen des RSB sich in den Dialog mit dem Ort und den Ausstellungen begeben. Das Humboldt Forum und das Rundfunk-Sinfonieorchester Berlin veranstalten die Mikrokonzerte gemeinsam seit der 100. Jubil\u00e4umsspielzeit 2023\/24.<\/em><\/p>\n<\/div>\n                <\/div>\n            <\/div>\n\t\t<\/div>\n\t\t    <\/div>\n<\/section>\n\n<section class=\"block block-logos\" >\n    <div class=\"container-fluid\">\n\t\t<div class=\"row\">\n\t\t\t<div class=\"col-xs-12 col-sm-8 col-sm-offset-2\">\n\t\t\t\t<div class=\"box\">\n\t\t\t\t\t<div class=\"row  middle-xs\">\n\t\t\t\t\t\t\n\t\t\t\t\t\t<div class=\"col-xs-4 col-sm-3 col-sm-2\">\n\t\t\t\t\t\t\t<div class=\"box margin-sixth-top\">\n\t\t\t\t\t\t\t\t<img decoding=\"async\" alt=\"RSB 2\" src=\"https:\/\/www.humboldtforum.org\/wp-content\/uploads\/2024\/03\/SHF_eb00219327.jpg\" style=\"display: inline-block; width: 100%\" \/>\n\t\t\t\t\t\t\t<\/div>\n\t\t\t\t\t\t<\/div>\n\t\t\t\t\t\t\t\t\t\t\t<\/div>\n\t\t\t\t<\/div>\n\t\t\t<\/div>\n        <\/div>\n    <\/div>\n<\/section>\n\n\n<section class=\"block block-CTA block-CTA-long leftgradient\">\n\t<div class=\"container-fluid\">\n\t\t<div class=\"row center-xs\">\n\t\t\t<div class=\"col-xs-12\">\n\t\t\t\t<div class=\"box\">\n\t\t\t\t\t<a href=\"https:\/\/www.humboldtforum.org\/de\/newsletter-2\/\" aria-label=\"Bleiben Sie auf dem Laufenden!\" class=\"teaser teaser-cta-wide \">\n\t\t\t\t\t\t<div class=\"teaser-image\">\n\t\t\t\t\t\t\t\n\t<lazy-media-inline inline-template>\n\t\t<figure itemscope itemtype=\"http:\/\/schema.org\/ImageObject\" class=\"lazy-media-inline \" role=\"group\" id=\"media_69ee0d80c18c9\" aria-labelledby=\"desc_media_69ee0d80c18c9\">\n\t\t\t<script type=\"application\/json\" ref=\"data\">\n\t\t\t\t{\n\t\t\t\t\"sizes\" : {\"medium\":{\"file\":\"HF_eb00061823-scaled-300x200.jpg\",\"width\":300,\"height\":200,\"mime-type\":\"image\\\/jpeg\",\"filesize\":19186},\"large\":{\"file\":\"HF_eb00061823-scaled-1024x683.jpg\",\"width\":1024,\"height\":683,\"mime-type\":\"image\\\/jpeg\",\"filesize\":138597},\"thumbnail\":{\"file\":\"HF_eb00061823-scaled-150x150.jpg\",\"width\":150,\"height\":150,\"mime-type\":\"image\\\/jpeg\",\"filesize\":8513},\"medium_large\":{\"file\":\"HF_eb00061823-scaled-768x512.jpg\",\"width\":768,\"height\":512,\"mime-type\":\"image\\\/jpeg\",\"filesize\":86200},\"small\":{\"file\":\"HF_eb00061823-scaled-440x293.jpg\",\"width\":440,\"height\":293,\"mime-type\":\"image\\\/jpeg\",\"filesize\":35525},\"semi\":{\"file\":\"HF_eb00061823-scaled-580x387.jpg\",\"width\":580,\"height\":387,\"mime-type\":\"image\\\/jpeg\",\"filesize\":55724},\"mobile\":{\"file\":\"HF_eb00061823-scaled-720x480.jpg\",\"width\":720,\"height\":480,\"mime-type\":\"image\\\/jpeg\",\"filesize\":77971},\"hd\":{\"file\":\"HF_eb00061823-scaled-1280x854.jpg\",\"width\":1280,\"height\":854,\"mime-type\":\"image\\\/jpeg\",\"filesize\":202477},\"full\":{\"file\":\"HF_eb00061823-scaled-1920x1280.jpg\",\"width\":1920,\"height\":1280,\"mime-type\":\"image\\\/jpeg\",\"filesize\":386736},\"1536x1536\":{\"file\":\"HF_eb00061823-scaled-1536x1024.jpg\",\"width\":1536,\"height\":1024,\"mime-type\":\"image\\\/jpeg\",\"filesize\":266197},\"2048x2048\":{\"file\":\"HF_eb00061823-scaled-2048x1366.jpg\",\"width\":2048,\"height\":1366,\"mime-type\":\"image\\\/jpeg\",\"filesize\":430206},\"original\":{\"file\":\"HF_eb00061823-scaled.jpg\",\"width\":2560,\"height\":1707}},\n\t\t\t\t\"alt\" : \"Blick in das beleuchtete Foyer von der Galerie im ersten Stock mit Besuchenden, Infopoint und Medienturm\",\n\t\t\t\t\"path\" : \"\\\/wp-content\\\/uploads\\\/2020\\\/04\\\/\",\n\t\t\t\t\"video\" : null,\n\t\t\t\t\"autoplay\" : null,\n\t\t\t\t\"youtube\" : null,\n\t\t\t\t\"youtubelabel\" : \"Video abspielen\",\n\t\t\t\t\"brightness\" : \"70\",\n\t\t\t\t\"crop\" : {\"top\":\"90.37\",\"left\":\"39.93\"},\n\t\t\t\t\"background\" : true,\n\t\t\t\t\"scale\" : 2\t\t\t\t}\n\t\t\t<\/script>\n\n\t\t\t<div class=\"height-container\" style=\"padding-bottom:66.6796875%;\" v-if=\"sizes\">\n\t\t\t\t\t\t\t\t<lazy-media :inline=\"true\" :alt=\"alt\" :sizes=\"sizes\" :scale=\"scale\" :brightness=\"brightness\" :path=\"path\" :video=\"video\" :autoplay=\"autoplay\" :youtube=\"youtube\" :crop=\"crop\" :youtubelabel=\"youtubelabel\" :background=\"background\" media-id=\"desc_media_69ee0d80c18c9\"><\/lazy-media>\n\t\t\t\t\t\t\t<\/div>\n\n\t\t\t\t\t\t\t<figcaption class=\"sr-only\" ref=\"body\" id=\"desc_media_69ee0d80c18c9\">\n\t\t\t\t\t\t\t\t\t\t\t<div>Blick in das Foyer, November 2019.<\/div>\n\t\t\t\t\t\t\t\t\t\t\t\t\t\t\t\t\t\t\t\t\t<div class=\"insignificant\">\u00a9 Stiftung Humboldt Forum im Berliner Schloss \/ David von Becker<\/div>\n\t\t\t\t\t\t\t\t\t<\/figcaption>\n\t\t\t\t\t<\/figure>\n\t<\/lazy-media-inline>\n\t\t\t\t\t\t<\/div>\n\t\t\t\t\t\t<div class=\"teaser-content \">\n\t\t\t\t\t\t\t<div>\n\t\t\t\t\t\t\t\t\t\t\t\t\t\t\t\t<div class=\"teaser-header\"><span class=\"h3\">Bleiben Sie auf dem Laufenden!<\/span><\/div>\n\t\t\t\t\t\t\t\t<div class=\"teaser-subline\"><span class=\"font-decoration\">Abonnieren Sie unseren Newsletter.<\/span><\/div>\t\t\t\t\t\t\t\t<button tabindex=\"-1\" class=\"border\">Hier klicken<\/button>\n\t\t\t\t\t\t\t<\/div>\n\t\t\t\t\t\t<\/div>\n\t\t\t\t\t<\/a>\n\t\t\t\t<\/div>\n\t\t\t<\/div>\n\t\t<\/div>\n\t<\/div>\n<\/section>\n","protected":false},"template":"","genre":[393],"digital":[],"topic":[],"stakeholder":[382],"editorial":[],"editorialfilter":[],"targetgroup":[383,455],"language":[384,422],"accessability":[1716],"age":[],"school":[],"groupsize":[],"place":[1126],"class_list":["post-154588","event","type-event","status-publish","hentry","genre-konzert","stakeholder-stiftung-humboldt-forum-im-berliner-schloss","targetgroup-erwachsene","targetgroup-jugendliche","language-deutsch","language-keine-sprachkenntnisse-erforderlich","accessability-fuer-menschen-mit-sehbehinderung","place-treppenhalle-3-og"],"acf":[],"_links":{"self":[{"href":"https:\/\/www.humboldtforum.org\/de\/wp-json\/wp\/v2\/event\/154588","targetHints":{"allow":["GET"]}}],"collection":[{"href":"https:\/\/www.humboldtforum.org\/de\/wp-json\/wp\/v2\/event"}],"about":[{"href":"https:\/\/www.humboldtforum.org\/de\/wp-json\/wp\/v2\/types\/event"}],"version-history":[{"count":11,"href":"https:\/\/www.humboldtforum.org\/de\/wp-json\/wp\/v2\/event\/154588\/revisions"}],"predecessor-version":[{"id":155532,"href":"https:\/\/www.humboldtforum.org\/de\/wp-json\/wp\/v2\/event\/154588\/revisions\/155532"}],"wp:attachment":[{"href":"https:\/\/www.humboldtforum.org\/de\/wp-json\/wp\/v2\/media?parent=154588"}],"wp:term":[{"taxonomy":"genre","embeddable":true,"href":"https:\/\/www.humboldtforum.org\/de\/wp-json\/wp\/v2\/genre?post=154588"},{"taxonomy":"digital","embeddable":true,"href":"https:\/\/www.humboldtforum.org\/de\/wp-json\/wp\/v2\/digital?post=154588"},{"taxonomy":"topic","embeddable":true,"href":"https:\/\/www.humboldtforum.org\/de\/wp-json\/wp\/v2\/topic?post=154588"},{"taxonomy":"stakeholder","embeddable":true,"href":"https:\/\/www.humboldtforum.org\/de\/wp-json\/wp\/v2\/stakeholder?post=154588"},{"taxonomy":"editorial","embeddable":true,"href":"https:\/\/www.humboldtforum.org\/de\/wp-json\/wp\/v2\/editorial?post=154588"},{"taxonomy":"editorialfilter","embeddable":true,"href":"https:\/\/www.humboldtforum.org\/de\/wp-json\/wp\/v2\/editorialfilter?post=154588"},{"taxonomy":"targetgroup","embeddable":true,"href":"https:\/\/www.humboldtforum.org\/de\/wp-json\/wp\/v2\/targetgroup?post=154588"},{"taxonomy":"language","embeddable":true,"href":"https:\/\/www.humboldtforum.org\/de\/wp-json\/wp\/v2\/language?post=154588"},{"taxonomy":"accessability","embeddable":true,"href":"https:\/\/www.humboldtforum.org\/de\/wp-json\/wp\/v2\/accessability?post=154588"},{"taxonomy":"age","embeddable":true,"href":"https:\/\/www.humboldtforum.org\/de\/wp-json\/wp\/v2\/age?post=154588"},{"taxonomy":"school","embeddable":true,"href":"https:\/\/www.humboldtforum.org\/de\/wp-json\/wp\/v2\/school?post=154588"},{"taxonomy":"groupsize","embeddable":true,"href":"https:\/\/www.humboldtforum.org\/de\/wp-json\/wp\/v2\/groupsize?post=154588"},{"taxonomy":"place","embeddable":true,"href":"https:\/\/www.humboldtforum.org\/de\/wp-json\/wp\/v2\/place?post=154588"}],"curies":[{"name":"wp","href":"https:\/\/api.w.org\/{rel}","templated":true}]}}